{"id":10583,"date":"2025-07-27T16:08:15","date_gmt":"2025-07-27T14:08:15","guid":{"rendered":"https:\/\/gradido.net\/?page_id=10583"},"modified":"2025-10-04T11:55:27","modified_gmt":"2025-10-04T09:55:27","slug":"poverty-and-social-inequality","status":"publish","type":"page","link":"https:\/\/gradido.net\/cs\/countries\/philippines\/poverty-and-social-inequality\/","title":{"rendered":"Chudoba a soci\u00e1ln\u00ed nerovnost Filip\u00edny"},"content":{"rendered":"<div data-elementor-type=\"wp-page\" data-elementor-id=\"10583\" class=\"elementor elementor-10583\" data-elementor-post-type=\"page\">\n\t\t\t\t\t\t<section class=\"elementor-section elementor-top-section elementor-element elementor-element-4ce3e8af elementor-section-full_width elementor-section-height-default elementor-section-height-default\" data-id=\"4ce3e8af\" data-element_type=\"section\" data-e-type=\"section\">\n\t\t\t\t\t\t<div class=\"elementor-container elementor-column-gap-no\">\n\t\t\t\t\t<div class=\"elementor-column elementor-col-100 elementor-top-column elementor-element elementor-element-efa8c8c\" data-id=\"efa8c8c\" data-element_type=\"column\" data-e-type=\"column\">\n\t\t\t<div class=\"elementor-widget-wrap elementor-element-populated\">\n\t\t\t\t\t\t<div class=\"elementor-element elementor-element-e088aa4 elementor--h-position-center elementor--v-position-middle elementor-arrows-position-inside elementor-widget elementor-widget-slides\" data-id=\"e088aa4\" data-element_type=\"widget\" data-e-type=\"widget\" data-settings=\"{&quot;navigation&quot;:&quot;arrows&quot;,&quot;autoplay&quot;:&quot;yes&quot;,&quot;pause_on_hover&quot;:&quot;yes&quot;,&quot;pause_on_interaction&quot;:&quot;yes&quot;,&quot;autoplay_speed&quot;:5000,&quot;infinite&quot;:&quot;yes&quot;,&quot;transition&quot;:&quot;slide&quot;,&quot;transition_speed&quot;:500}\" data-widget_type=\"slides.default\">\n\t\t\t\t<div class=\"elementor-widget-container\">\n\t\t\t\t\t\t\t\t\t<div class=\"elementor-swiper\">\n\t\t\t\t\t<div class=\"elementor-slides-wrapper elementor-main-swiper swiper\" role=\"region\" aria-roledescription=\"carousel\" aria-label=\"Posuvn\u00edk\" dir=\"ltr\" data-animation=\"fadeInUp\">\n\t\t\t\t<div class=\"swiper-wrapper elementor-slides\">\n\t\t\t\t\t\t\t\t\t\t<div class=\"elementor-repeater-item-2de4990 swiper-slide\" role=\"group\" aria-roledescription=\"slide\"><div class=\"swiper-slide-bg\" role=\"img\" aria-label=\"manila-4503501_1280\"><\/div><div class=\"swiper-slide-inner\" ><div class=\"swiper-slide-contents\"><\/div><\/div><\/div><div class=\"elementor-repeater-item-28f126e swiper-slide\" role=\"group\" aria-roledescription=\"slide\"><div class=\"swiper-slide-bg\" role=\"img\" aria-label=\"philippines-4951855_1280\"><\/div><div class=\"swiper-slide-inner\" ><div class=\"swiper-slide-contents\"><\/div><\/div><\/div><div class=\"elementor-repeater-item-992da35 swiper-slide\" role=\"group\" aria-roledescription=\"slide\"><div class=\"swiper-slide-bg\" role=\"img\" aria-label=\"manila-2256322_1280\"><\/div><div class=\"swiper-slide-inner\" ><div class=\"swiper-slide-contents\"><\/div><\/div><\/div>\t\t\t\t<\/div>\n\t\t\t\t\t\t\t\t\t\t\t\t\t\t\t<div class=\"elementor-swiper-button elementor-swiper-button-prev\" role=\"button\" tabindex=\"0\" aria-label=\"Diapositive pr\u00e9c\u00e9dente\" data-no-translation-aria-label=\"\">\n\t\t\t\t\t\t\t<i aria-hidden=\"true\" class=\"eicon-chevron-left\"><\/i>\t\t\t\t\t\t<\/div>\n\t\t\t\t\t\t<div class=\"elementor-swiper-button elementor-swiper-button-next\" role=\"button\" tabindex=\"0\" aria-label=\"Diapositive suivante\" data-no-translation-aria-label=\"\">\n\t\t\t\t\t\t\t<i aria-hidden=\"true\" class=\"eicon-chevron-right\"><\/i>\t\t\t\t\t\t<\/div>\n\t\t\t\t\t\t\t\t\t\t\t\t\t\t\t\t\t<\/div>\n\t\t\t\t<\/div>\n\t\t\t\t\t\t\t\t<\/div>\n\t\t\t\t<\/div>\n\t\t\t\t\t<\/div>\n\t\t<\/div>\n\t\t\t\t\t<\/div>\n\t\t<\/section>\n\t\t\t\t<section class=\"elementor-section elementor-top-section elementor-element elementor-element-240baa7a elementor-section-boxed elementor-section-height-default elementor-section-height-default\" data-id=\"240baa7a\" data-element_type=\"section\" data-e-type=\"section\" data-settings=\"{&quot;background_background&quot;:&quot;classic&quot;}\">\n\t\t\t\t\t\t<div class=\"elementor-container elementor-column-gap-default\">\n\t\t\t\t\t<div class=\"elementor-column elementor-col-100 elementor-top-column elementor-element elementor-element-1afe9e42\" data-id=\"1afe9e42\" data-element_type=\"column\" data-e-type=\"column\">\n\t\t\t<div class=\"elementor-widget-wrap elementor-element-populated\">\n\t\t\t\t\t\t<div class=\"elementor-element elementor-element-65bd50ae elementor-widget elementor-widget-heading\" data-id=\"65bd50ae\" data-element_type=\"widget\" data-e-type=\"widget\" data-widget_type=\"heading.default\">\n\t\t\t\t<div class=\"elementor-widget-container\">\n\t\t\t\t\t<h1 class=\"elementor-heading-title elementor-size-default\">Chudoba a soci\u00e1ln\u00ed nerovnost<\/h1>\t\t\t\t<\/div>\n\t\t\t\t<\/div>\n\t\t\t\t\t<\/div>\n\t\t<\/div>\n\t\t\t\t\t<\/div>\n\t\t<\/section>\n\t\t\t\t<section class=\"elementor-section elementor-top-section elementor-element elementor-element-446540f elementor-section-boxed elementor-section-height-default elementor-section-height-default\" data-id=\"446540f\" data-element_type=\"section\" data-e-type=\"section\">\n\t\t\t\t\t\t<div class=\"elementor-container elementor-column-gap-default\">\n\t\t\t\t\t<div class=\"elementor-column elementor-col-100 elementor-top-column elementor-element elementor-element-312a2d3\" data-id=\"312a2d3\" data-element_type=\"column\" data-e-type=\"column\">\n\t\t\t<div class=\"elementor-widget-wrap elementor-element-populated\">\n\t\t\t\t\t\t<div class=\"elementor-element elementor-element-a22561e elementor-nav-menu--dropdown-tablet elementor-nav-menu__text-align-aside elementor-nav-menu--toggle elementor-nav-menu--burger elementor-widget elementor-widget-nav-menu\" data-id=\"a22561e\" data-element_type=\"widget\" data-e-type=\"widget\" data-settings=\"{&quot;layout&quot;:&quot;horizontal&quot;,&quot;submenu_icon&quot;:{&quot;value&quot;:&quot;&lt;i class=\\&quot;fas fa-caret-down\\&quot; aria-hidden=\\&quot;true\\&quot;&gt;&lt;\\\/i&gt;&quot;,&quot;library&quot;:&quot;fa-solid&quot;},&quot;toggle&quot;:&quot;burger&quot;}\" data-widget_type=\"nav-menu.default\">\n\t\t\t\t<div class=\"elementor-widget-container\">\n\t\t\t\t\t\t\t\t<nav aria-label=\"Pr\u016fzkum zem\u011b\" class=\"elementor-nav-menu--main elementor-nav-menu__container elementor-nav-menu--layout-horizontal e--pointer-underline e--animation-grow\">\n\t\t\t\t<ul id=\"menu-1-a22561e\" class=\"elementor-nav-menu\"><li class=\"menu-item menu-item-type-custom menu-item-object-custom menu-item-has-children menu-item-12305\"><a class=\"elementor-item\">Afrika<\/a>\n<ul class=\"sub-menu elementor-nav-menu--dropdown\">\n\t<li class=\"menu-item menu-item-type-post_type menu-item-object-page menu-item-12253\"><a href=\"https:\/\/gradido.net\/cs\/countries\/afrika\/\" class=\"elementor-sub-item\">Afrika, cel\u00fd kontinent<\/a><\/li>\n\t<li class=\"menu-item menu-item-type-post_type menu-item-object-page menu-item-13097\"><a href=\"https:\/\/gradido.net\/cs\/countries\/afrika\/dr-congo\/\" class=\"elementor-sub-item\">Demokratick\u00e1 republika Kongo<\/a><\/li>\n\t<li class=\"menu-item menu-item-type-post_type menu-item-object-page menu-item-12414\"><a href=\"https:\/\/gradido.net\/cs\/countries\/afrika\/kenya\/\" class=\"elementor-sub-item\">Ke\u0148a<\/a><\/li>\n\t<li class=\"menu-item menu-item-type-post_type menu-item-object-page menu-item-12737\"><a href=\"https:\/\/gradido.net\/cs\/countries\/afrika\/madagascar\/\" class=\"elementor-sub-item\">Madagaskar<\/a><\/li>\n\t<li class=\"menu-item menu-item-type-post_type menu-item-object-page menu-item-12148\"><a href=\"https:\/\/gradido.net\/cs\/countries\/afrika\/namibia\/\" class=\"elementor-sub-item\">Namibie<\/a><\/li>\n\t<li class=\"menu-item menu-item-type-post_type menu-item-object-page menu-item-12839\"><a href=\"https:\/\/gradido.net\/cs\/countries\/afrika\/rwanda\/\" class=\"elementor-sub-item\">Rwanda<\/a><\/li>\n<\/ul>\n<\/li>\n<li class=\"menu-item menu-item-type-custom menu-item-object-custom menu-item-has-children menu-item-11798\"><a class=\"elementor-item\">Amerika<\/a>\n<ul class=\"sub-menu elementor-nav-menu--dropdown\">\n\t<li class=\"menu-item menu-item-type-post_type menu-item-object-page menu-item-12463\"><a href=\"https:\/\/gradido.net\/cs\/countries\/usa\/\" class=\"elementor-sub-item\">USA<\/a><\/li>\n\t<li class=\"menu-item menu-item-type-post_type menu-item-object-page menu-item-11791\"><a href=\"https:\/\/gradido.net\/cs\/countries\/mexico\/\" class=\"elementor-sub-item\">Mexiko<\/a><\/li>\n<\/ul>\n<\/li>\n<li class=\"menu-item menu-item-type-custom menu-item-object-custom menu-item-has-children menu-item-11800\"><a class=\"elementor-item\">Asia<\/a>\n<ul class=\"sub-menu elementor-nav-menu--dropdown\">\n\t<li class=\"menu-item menu-item-type-post_type menu-item-object-page menu-item-11794\"><a href=\"https:\/\/gradido.net\/cs\/countries\/maledives\/\" class=\"elementor-sub-item\">Maledivy<\/a><\/li>\n\t<li class=\"menu-item menu-item-type-post_type menu-item-object-page menu-item-11790\"><a href=\"https:\/\/gradido.net\/cs\/countries\/philippines\/\" class=\"elementor-sub-item\">Philppines<\/a><\/li>\n\t<li class=\"menu-item menu-item-type-post_type menu-item-object-page menu-item-11802\"><a href=\"https:\/\/gradido.net\/cs\/countries\/saudi-arabia\/\" class=\"elementor-sub-item\">Sa\u00fadsk\u00e1 Ar\u00e1bie<\/a><\/li>\n<\/ul>\n<\/li>\n<li class=\"menu-item menu-item-type-custom menu-item-object-custom menu-item-has-children menu-item-11797\"><a class=\"elementor-item\">Evropa<\/a>\n<ul class=\"sub-menu elementor-nav-menu--dropdown\">\n\t<li class=\"menu-item menu-item-type-post_type menu-item-object-page menu-item-11805\"><a href=\"https:\/\/gradido.net\/cs\/countries\/germany\/\" class=\"elementor-sub-item\">N\u011bmecko<\/a><\/li>\n\t<li class=\"menu-item menu-item-type-post_type menu-item-object-page menu-item-11803\"><a href=\"https:\/\/gradido.net\/cs\/countries\/greece\/\" class=\"elementor-sub-item\">\u0158ecko<\/a><\/li>\n\t<li class=\"menu-item menu-item-type-post_type menu-item-object-page menu-item-11788\"><a href=\"https:\/\/gradido.net\/cs\/countries\/spain\/\" class=\"elementor-sub-item\">\u0160pan\u011blsko<\/a><\/li>\n<\/ul>\n<\/li>\n<li class=\"menu-item menu-item-type-custom menu-item-object-custom menu-item-has-children menu-item-11801\"><a class=\"elementor-item\">Oce\u00e1nie<\/a>\n<ul class=\"sub-menu elementor-nav-menu--dropdown\">\n\t<li class=\"menu-item menu-item-type-post_type menu-item-object-page menu-item-11793\"><a href=\"https:\/\/gradido.net\/cs\/countries\/marshall-islands\/\" class=\"elementor-sub-item\">Marshallovy ostrovy<\/a><\/li>\n\t<li class=\"menu-item menu-item-type-post_type menu-item-object-page menu-item-11795\"><a href=\"https:\/\/gradido.net\/cs\/countries\/tahiti\/\" class=\"elementor-sub-item\">Tahiti<\/a><\/li>\n<\/ul>\n<\/li>\n<\/ul>\t\t\t<\/nav>\n\t\t\t\t\t<div class=\"elementor-menu-toggle\" role=\"button\" tabindex=\"0\" aria-label=\"P\u0159epnout nab\u00eddku\" aria-expanded=\"false\">\n\t\t\t<i aria-hidden=\"true\" role=\"presentation\" class=\"elementor-menu-toggle__icon--open eicon-menu-bar\"><\/i><i aria-hidden=\"true\" role=\"presentation\" class=\"elementor-menu-toggle__icon--close eicon-close\"><\/i>\t\t<\/div>\n\t\t\t\t\t<nav class=\"elementor-nav-menu--dropdown elementor-nav-menu__container\" aria-hidden=\"true\">\n\t\t\t\t<ul id=\"menu-2-a22561e\" class=\"elementor-nav-menu\"><li class=\"menu-item menu-item-type-custom menu-item-object-custom menu-item-has-children menu-item-12305\"><a class=\"elementor-item\" tabindex=\"-1\">Afrika<\/a>\n<ul class=\"sub-menu elementor-nav-menu--dropdown\">\n\t<li class=\"menu-item menu-item-type-post_type menu-item-object-page menu-item-12253\"><a href=\"https:\/\/gradido.net\/cs\/countries\/afrika\/\" class=\"elementor-sub-item\" tabindex=\"-1\">Afrika, cel\u00fd kontinent<\/a><\/li>\n\t<li class=\"menu-item menu-item-type-post_type menu-item-object-page menu-item-13097\"><a href=\"https:\/\/gradido.net\/cs\/countries\/afrika\/dr-congo\/\" class=\"elementor-sub-item\" tabindex=\"-1\">Demokratick\u00e1 republika Kongo<\/a><\/li>\n\t<li class=\"menu-item menu-item-type-post_type menu-item-object-page menu-item-12414\"><a href=\"https:\/\/gradido.net\/cs\/countries\/afrika\/kenya\/\" class=\"elementor-sub-item\" tabindex=\"-1\">Ke\u0148a<\/a><\/li>\n\t<li class=\"menu-item menu-item-type-post_type menu-item-object-page menu-item-12737\"><a href=\"https:\/\/gradido.net\/cs\/countries\/afrika\/madagascar\/\" class=\"elementor-sub-item\" tabindex=\"-1\">Madagaskar<\/a><\/li>\n\t<li class=\"menu-item menu-item-type-post_type menu-item-object-page menu-item-12148\"><a href=\"https:\/\/gradido.net\/cs\/countries\/afrika\/namibia\/\" class=\"elementor-sub-item\" tabindex=\"-1\">Namibie<\/a><\/li>\n\t<li class=\"menu-item menu-item-type-post_type menu-item-object-page menu-item-12839\"><a href=\"https:\/\/gradido.net\/cs\/countries\/afrika\/rwanda\/\" class=\"elementor-sub-item\" tabindex=\"-1\">Rwanda<\/a><\/li>\n<\/ul>\n<\/li>\n<li class=\"menu-item menu-item-type-custom menu-item-object-custom menu-item-has-children menu-item-11798\"><a class=\"elementor-item\" tabindex=\"-1\">Amerika<\/a>\n<ul class=\"sub-menu elementor-nav-menu--dropdown\">\n\t<li class=\"menu-item menu-item-type-post_type menu-item-object-page menu-item-12463\"><a href=\"https:\/\/gradido.net\/cs\/countries\/usa\/\" class=\"elementor-sub-item\" tabindex=\"-1\">USA<\/a><\/li>\n\t<li class=\"menu-item menu-item-type-post_type menu-item-object-page menu-item-11791\"><a href=\"https:\/\/gradido.net\/cs\/countries\/mexico\/\" class=\"elementor-sub-item\" tabindex=\"-1\">Mexiko<\/a><\/li>\n<\/ul>\n<\/li>\n<li class=\"menu-item menu-item-type-custom menu-item-object-custom menu-item-has-children menu-item-11800\"><a class=\"elementor-item\" tabindex=\"-1\">Asia<\/a>\n<ul class=\"sub-menu elementor-nav-menu--dropdown\">\n\t<li class=\"menu-item menu-item-type-post_type menu-item-object-page menu-item-11794\"><a href=\"https:\/\/gradido.net\/cs\/countries\/maledives\/\" class=\"elementor-sub-item\" tabindex=\"-1\">Maledivy<\/a><\/li>\n\t<li class=\"menu-item menu-item-type-post_type menu-item-object-page menu-item-11790\"><a href=\"https:\/\/gradido.net\/cs\/countries\/philippines\/\" class=\"elementor-sub-item\" tabindex=\"-1\">Philppines<\/a><\/li>\n\t<li class=\"menu-item menu-item-type-post_type menu-item-object-page menu-item-11802\"><a href=\"https:\/\/gradido.net\/cs\/countries\/saudi-arabia\/\" class=\"elementor-sub-item\" tabindex=\"-1\">Sa\u00fadsk\u00e1 Ar\u00e1bie<\/a><\/li>\n<\/ul>\n<\/li>\n<li class=\"menu-item menu-item-type-custom menu-item-object-custom menu-item-has-children menu-item-11797\"><a class=\"elementor-item\" tabindex=\"-1\">Evropa<\/a>\n<ul class=\"sub-menu elementor-nav-menu--dropdown\">\n\t<li class=\"menu-item menu-item-type-post_type menu-item-object-page menu-item-11805\"><a href=\"https:\/\/gradido.net\/cs\/countries\/germany\/\" class=\"elementor-sub-item\" tabindex=\"-1\">N\u011bmecko<\/a><\/li>\n\t<li class=\"menu-item menu-item-type-post_type menu-item-object-page menu-item-11803\"><a href=\"https:\/\/gradido.net\/cs\/countries\/greece\/\" class=\"elementor-sub-item\" tabindex=\"-1\">\u0158ecko<\/a><\/li>\n\t<li class=\"menu-item menu-item-type-post_type menu-item-object-page menu-item-11788\"><a href=\"https:\/\/gradido.net\/cs\/countries\/spain\/\" class=\"elementor-sub-item\" tabindex=\"-1\">\u0160pan\u011blsko<\/a><\/li>\n<\/ul>\n<\/li>\n<li class=\"menu-item menu-item-type-custom menu-item-object-custom menu-item-has-children menu-item-11801\"><a class=\"elementor-item\" tabindex=\"-1\">Oce\u00e1nie<\/a>\n<ul class=\"sub-menu elementor-nav-menu--dropdown\">\n\t<li class=\"menu-item menu-item-type-post_type menu-item-object-page menu-item-11793\"><a href=\"https:\/\/gradido.net\/cs\/countries\/marshall-islands\/\" class=\"elementor-sub-item\" tabindex=\"-1\">Marshallovy ostrovy<\/a><\/li>\n\t<li class=\"menu-item menu-item-type-post_type menu-item-object-page menu-item-11795\"><a href=\"https:\/\/gradido.net\/cs\/countries\/tahiti\/\" class=\"elementor-sub-item\" tabindex=\"-1\">Tahiti<\/a><\/li>\n<\/ul>\n<\/li>\n<\/ul>\t\t\t<\/nav>\n\t\t\t\t\t\t<\/div>\n\t\t\t\t<\/div>\n\t\t\t\t<div class=\"elementor-element elementor-element-cb49367 elementor-widget elementor-widget-breadcrumbs\" data-id=\"cb49367\" data-element_type=\"widget\" data-e-type=\"widget\" data-widget_type=\"breadcrumbs.default\">\n\t\t\t\t<div class=\"elementor-widget-container\">\n\t\t\t\t\t<p id=\"breadcrumbs\"><span><span><a href=\"https:\/\/gradido.net\/cs\/\">Domovsk\u00e1 str\u00e1nka<\/a><\/span><\/span><\/p>\t\t\t\t<\/div>\n\t\t\t\t<\/div>\n\t\t\t\t<div class=\"elementor-element elementor-element-a9db9a5 elementor-widget elementor-widget-text-editor\" data-id=\"a9db9a5\" data-element_type=\"widget\" data-e-type=\"widget\" data-widget_type=\"text-editor.default\">\n\t\t\t\t<div class=\"elementor-widget-container\">\n\t\t\t\t\t\t\t\t\t<h3 style=\"text-align: center;\"><a href=\"https:\/\/gradido.net\/cs\/countries\/philippines\/\"><strong>Hlavn\u00ed strana: Filip\u00edny<\/strong><\/a><\/h3><p style=\"text-align: center;\"><a href=\"https:\/\/gradido.net\/cs\/countries\/philippines\/economy-and-society\/\">1. ekonomika a spole\u010dnost<\/a><br \/><a href=\"https:\/\/gradido.net\/cs\/countries\/philippines\/income-and-standard-of-living\/\">2 P\u0159\u00edjmy a \u017eivotn\u00ed \u00farove\u0148<\/a><br \/><a href=\"https:\/\/gradido.net\/cs\/countries\/philippines\/labor-migration-and-foreign-employment\/\">3 Pracovn\u00ed migrace a zam\u011bstn\u00e1n\u00ed v zahrani\u010d\u00ed<\/a><br \/><strong>4 Chudoba a soci\u00e1ln\u00ed nerovnost<\/strong><br \/><a href=\"https:\/\/gradido.net\/cs\/countries\/philippines\/common-good-and-solidarity\/\">5 Spole\u010dn\u00e9 dobro a solidarita<\/a><br \/><a href=\"https:\/\/gradido.net\/cs\/countries\/philippines\/educational-situation\/\">6 Vzd\u011bl\u00e1vac\u00ed situace znev\u00fdhodn\u011bn\u00fdch d\u011bt\u00ed<\/a><br \/><a href=\"https:\/\/gradido.net\/cs\/countries\/philippines\/health-and-retirement-provision\/\">7 Zdravotn\u00ed, soci\u00e1ln\u00ed a d\u016fchodov\u00e9 zabezpe\u010den\u00ed<\/a><br \/><a href=\"https:\/\/gradido.net\/cs\/countries\/philippines\/care-work-and-commitment\/\">8 Uzn\u00e1v\u00e1n\u00ed pe\u010dovatelsk\u00e9 pr\u00e1ce a nasazen\u00ed<\/a><br \/><a href=\"https:\/\/gradido.net\/cs\/countries\/philippines\/digitization-and-alternative-models\/\">9.inovace, digitalizace a alternativn\u00ed ekonomick\u00e9 modely<\/a><br \/><a href=\"https:\/\/gradido.net\/cs\/countries\/philippines\/community-based-economy-and-parallel-currencies\/\">10.komunitn\u00ed ekonomika a paraleln\u00ed m\u011bny<\/a><br \/><a href=\"https:\/\/gradido.net\/cs\/countries\/philippines\/potential-and-challenges\/\">11 Potenci\u00e1l a v\u00fdzvy pro Gradido<\/a><br \/><a href=\"https:\/\/gradido.net\/cs\/countries\/philippines\/international-cooperation\/\">12. mezin\u00e1rodn\u00ed spolupr\u00e1ce, nevl\u00e1dn\u00ed organizace a vl\u00e1dn\u00ed rozvojov\u00e9 projekty<\/a><\/p>\t\t\t\t\t\t\t\t<\/div>\n\t\t\t\t<\/div>\n\t\t\t\t<div class=\"elementor-element elementor-element-d7bb196 elementor-widget-divider--view-line elementor-widget elementor-widget-divider\" data-id=\"d7bb196\" data-element_type=\"widget\" data-e-type=\"widget\" data-widget_type=\"divider.default\">\n\t\t\t\t<div class=\"elementor-widget-container\">\n\t\t\t\t\t\t\t<div class=\"elementor-divider\">\n\t\t\t<span class=\"elementor-divider-separator\">\n\t\t\t\t\t\t<\/span>\n\t\t<\/div>\n\t\t\t\t\t\t<\/div>\n\t\t\t\t<\/div>\n\t\t\t\t<div class=\"elementor-element elementor-element-146ff9d elementor-widget elementor-widget-text-editor\" data-id=\"146ff9d\" data-element_type=\"widget\" data-e-type=\"widget\" data-widget_type=\"text-editor.default\">\n\t\t\t\t<div class=\"elementor-widget-container\">\n\t\t\t\t\t\t\t\t\t<div class=\"wiki-page-header-wrapper\"><h1 id=\"hauptgr%C3%BCnde-f%C3%BCr-armut%2C-soziale-ungleichheit-und-wirtschaftliche-unsicherheit-auf-den-philippinen\" tabindex=\"-1\">Hlavn\u00ed p\u0159\u00ed\u010diny chudoby, soci\u00e1ln\u00ed nerovnosti a ekonomick\u00e9 nejistoty na Filip\u00edn\u00e1ch<\/h1><\/div><div class=\"wiki-page-header-wrapper\"><h2 id=\"1.-strukturelle-und-historische-ursachen\" tabindex=\"-1\">1. struktur\u00e1ln\u00ed a historick\u00e9 p\u0159\u00ed\u010diny<\/h2><ul><li><strong>Nerovnom\u011brn\u00e9 rozd\u011blen\u00ed zdroj\u016f a bohatstv\u00ed<\/strong>Zna\u010dn\u00e1 \u010d\u00e1st n\u00e1rodn\u00edho d\u016fchodu je soust\u0159ed\u011bna mezi malou elitu. Nejbohat\u0161\u00ed 1 % z\u00edsk\u00e1v\u00e1 17 % p\u0159\u00edjm\u016f, zat\u00edmco nejchud\u0161\u00edch 50 % se pod\u00edl\u00ed pouze 14 %.<a href=\"https:\/\/documents1.worldbank.org\/curated\/en\/099325011232224571\/pdf\/P17486101e29310810abaf0e8e336aed85a.pdf\" target=\"_blank\" rel=\"noopener noreferrer nofollow\">^1<\/a>.<\/li><li><strong>Historick\u00e1 pozemkov\u00e1 politika a koloni\u00e1ln\u00ed d\u011bdictv\u00ed<\/strong>Koncentrace p\u016fdy a nedostate\u010dn\u00e9 agr\u00e1rn\u00ed reformy vedou ke struktur\u00e1ln\u00edmu znev\u00fdhodn\u011bn\u00ed venkovsk\u00fdch a domorod\u00fdch skupin i dnes.<a href=\"https:\/\/www.nipino.com\/poverty-in-the-philippines-understanding-its-root-causes\" target=\"_blank\" rel=\"noopener noreferrer nofollow\">^3<\/a>.<\/li><li><strong>Oligarchick\u00e9 struktury a politick\u00e9 dynastie<\/strong>Mocn\u00e9 rodiny ovl\u00e1daj\u00ed politiku a hospod\u00e1\u0159stv\u00ed, blokuj\u00ed reformy a br\u00e1n\u00ed rovn\u00fdm p\u0159\u00edle\u017eitostem.<a href=\"https:\/\/bti-project.org\/en\/reports\/country-report\/PHL\" target=\"_blank\" rel=\"noopener noreferrer nofollow\">^3<\/a>.<\/li><\/ul><\/div><div class=\"wiki-page-header-wrapper\"><h2 id=\"2.-wirtschaftliche-faktoren\" tabindex=\"-1\">2. ekonomick\u00e9 faktory<\/h2><ul><li><strong>N\u00edzk\u00fd a nerovnom\u011brn\u011b rozlo\u017een\u00fd hospod\u00e1\u0159sk\u00fd r\u016fst<\/strong>Z hospod\u00e1\u0159sk\u00e9ho r\u016fstu \u010dasto t\u011b\u017e\u00ed pouze m\u011bstsk\u00e1 centra, zat\u00edmco venkovsk\u00e9 regiony z\u016fst\u00e1vaj\u00ed pozadu. Zem\u011bd\u011blstv\u00ed z\u016fst\u00e1v\u00e1 nedostate\u010dn\u011b rozvinut\u00e9 a neproduktivn\u00ed.<a href=\"https:\/\/en.wikipedia.org\/wiki\/Poverty_in_the_Philippines\" target=\"_blank\" rel=\"noopener noreferrer nofollow\">^6<\/a>.<\/li><li><strong>Slab\u00e1 tvorba pracovn\u00edch m\u00edst a vysok\u00e1 podzam\u011bstnanost<\/strong>Mnoho pracovn\u00edch m\u00edst je neform\u00e1ln\u00edch, \u0161patn\u011b placen\u00fdch nebo sez\u00f3nn\u00edch. Posti\u017eeni jsou zejm\u00e9na mlad\u00ed lid\u00e9 a pracovn\u00edci s n\u00edzkou kvalifikac\u00ed.<a href=\"https:\/\/documents1.worldbank.org\/curated\/ar\/979071488446669580\/pdf\/113101-WP-P150535-PUBLIC-ACS.pdf\" target=\"_blank\" rel=\"noopener noreferrer nofollow\">^6<\/a>.<\/li><li><strong>Vysok\u00e1 inflace a cenov\u00e9 \u0161oky<\/strong>Rostouc\u00ed \u017eivotn\u00ed n\u00e1klady, zejm\u00e9na na potraviny, prohlubuj\u00ed nejistotu chud\u00fdch dom\u00e1cnost\u00ed.<a href=\"https:\/\/carnegieendowment.org\/posts\/2022\/07\/why-the-philippines-is-so-vulnerable-to-food-inflation?lang=en\" target=\"_blank\" rel=\"noopener noreferrer nofollow\">^8<\/a>.<\/li><li><strong>Z\u00e1vislost na bankovn\u00edch p\u0159evodech<\/strong>Pen\u011b\u017en\u00ed p\u0159evody od pracovn\u00edch migrant\u016f jsou \u017eivotn\u011b d\u016fle\u017eit\u00e9 pro p\u0159e\u017eit\u00ed mnoha rodin, ale z\u00e1rove\u0148 vytv\u00e1\u0159ej\u00ed z\u00e1vislost a nejistotu.<a href=\"https:\/\/outreach-international.org\/blog\/poverty-in-the-philippines\/\" target=\"_blank\" rel=\"noopener noreferrer nofollow\">^6<\/a>.<\/li><\/ul><\/div><div class=\"wiki-page-header-wrapper\"><h2 id=\"3.-soziale-ursachen\" tabindex=\"-1\">3. soci\u00e1ln\u00ed p\u0159\u00ed\u010diny<\/h2><ul><li><strong>Nerovn\u00fd p\u0159\u00edstup ke vzd\u011bl\u00e1n\u00ed a zdravotn\u00ed p\u00e9\u010di<\/strong>Mnoho lid\u00ed, zejm\u00e9na ve venkovsk\u00fdch oblastech, nem\u00e1 p\u0159\u00edstup ke kvalitn\u00edmu vzd\u011bl\u00e1n\u00ed a l\u00e9ka\u0159sk\u00e9 p\u00e9\u010di. To br\u00e1n\u00ed soci\u00e1ln\u00ed mobilit\u011b a prohlubuje chudobu.<a href=\"https:\/\/en.wikipedia.org\/wiki\/Income_inequality_in_the_Philippines\" target=\"_blank\" rel=\"noopener noreferrer nofollow\">^4<\/a><a href=\"https:\/\/documents1.worldbank.org\/curated\/en\/099325011232224571\/pdf\/P17486101e29310810abaf0e8e336aed85a.pdf\" target=\"_blank\" rel=\"noopener noreferrer nofollow\">^2<\/a>.<\/li><li><strong>Omezen\u00e9 syst\u00e9my soci\u00e1ln\u00edho zabezpe\u010den\u00ed<\/strong>: St\u00e1tn\u00ed pomoc se \u010dasto nedostane k t\u011bm, kte\u0159\u00ed ji nejv\u00edce pot\u0159ebuj\u00ed, nebo je nedostate\u010dn\u011b zaji\u0161t\u011bna.<a href=\"https:\/\/outreach-international.org\/blog\/poverty-in-the-philippines\/\" target=\"_blank\" rel=\"noopener noreferrer nofollow\">^8<\/a>.<\/li><li><strong>Diskriminace a marginalizace<\/strong>P\u016fvodn\u00ed obyvatel\u00e9, \u017eeny a osoby se zdravotn\u00edm posti\u017een\u00edm jsou obzvl\u00e1\u0161t\u011b znev\u00fdhodn\u011bni a maj\u00ed m\u00e9n\u011b p\u0159\u00edle\u017eitost\u00ed na trhu pr\u00e1ce a ve vzd\u011bl\u00e1vac\u00edm syst\u00e9mu.<a href=\"https:\/\/en.wikipedia.org\/wiki\/Income_inequality_in_the_Philippines\" target=\"_blank\" rel=\"noopener noreferrer nofollow\">^4<\/a>.<\/li><\/ul><\/div><div class=\"wiki-page-header-wrapper\"><h2 id=\"4.-politische-und-institutionelle-faktoren\" tabindex=\"-1\">4. politick\u00e9 a institucion\u00e1ln\u00ed faktory<\/h2><ul><li><strong>Korupce a \u0161patn\u00e1 spr\u00e1va v\u011bc\u00ed ve\u0159ejn\u00fdch<\/strong>Korupce na v\u0161ech \u00farovn\u00edch vede k neefektivn\u00edmu vyu\u017e\u00edv\u00e1n\u00ed finan\u010dn\u00edch prost\u0159edk\u016f a br\u00e1n\u00ed c\u00edlen\u00e9mu sni\u017eov\u00e1n\u00ed chudoby.<a href=\"https:\/\/en.wikipedia.org\/wiki\/Income_inequality_in_the_Philippines\" target=\"_blank\" rel=\"noopener noreferrer nofollow\">^3<\/a><a href=\"https:\/\/bti-project.org\/en\/reports\/country-report\/PHL\" target=\"_blank\" rel=\"noopener noreferrer nofollow\">^5<\/a>.<\/li><li><strong>Pokrytectv\u00ed a patron\u00e1tn\u00ed syst\u00e9my<\/strong>Politick\u00e1 moc je \u010dasto vyu\u017e\u00edv\u00e1na k osobn\u00edmu obohacen\u00ed a zv\u00fdhodn\u011bn\u00ed rodinn\u00fdch klan\u016f, nikoli pro obecn\u00e9 blaho.<a href=\"https:\/\/bti-project.org\/en\/reports\/country-report\/PHL\" target=\"_blank\" rel=\"noopener noreferrer nofollow\">^3<\/a>.<\/li><li><strong>Slab\u00e9 instituce<\/strong>Nedostate\u010dn\u00e1 vymahatelnost pr\u00e1va a transparentnost br\u00e1n\u00ed udr\u017eiteln\u00e9mu rozvoji<a href=\"https:\/\/bti-project.org\/en\/reports\/country-report\/PHL\" target=\"_blank\" rel=\"noopener noreferrer nofollow\">^6<\/a>.<\/li><\/ul><\/div><div class=\"wiki-page-header-wrapper\"><h2 id=\"5.-demografische-und-geografische-faktoren\" tabindex=\"-1\">5 Demografick\u00e9 a zem\u011bpisn\u00e9 faktory<\/h2><ul><li><strong>R\u016fst populace<\/strong>Vysok\u00fd r\u016fst po\u010dtu obyvatel \u010dasto p\u0159evy\u0161uje tvorbu nov\u00fdch pracovn\u00edch m\u00edst a zat\u011b\u017euje infrastrukturu a soci\u00e1ln\u00ed slu\u017eby.<a href=\"https:\/\/borgenproject.org\/poverty-in-the-philippines-2\/\" target=\"_blank\" rel=\"noopener noreferrer nofollow\">^6<\/a>.<\/li><li><strong>Region\u00e1ln\u00ed rozd\u00edly<\/strong>Chudoba se soust\u0159e\u010fuje ve venkovsk\u00fdch a odlehl\u00fdch oblastech a v oblastech posti\u017een\u00fdch p\u0159\u00edrodn\u00edmi katastrofami.<a href=\"https:\/\/outreach-international.org\/blog\/poverty-in-the-philippines\/\" target=\"_blank\" rel=\"noopener noreferrer nofollow\">^6<\/a>.<\/li><li><strong>P\u0159\u00edrodn\u00ed katastrofy a zm\u011bna klimatu<\/strong>Filip\u00edny jsou mimo\u0159\u00e1dn\u011b zraniteln\u00e9 v\u016f\u010di tajfun\u016fm, z\u00e1plav\u00e1m a zem\u011bt\u0159esen\u00edm. Tyto ud\u00e1losti pravideln\u011b ni\u010d\u00ed zdroje ob\u017eivy a prohlubuj\u00ed nejistotu a chudobu.<a href=\"https:\/\/outreach-international.org\/blog\/poverty-in-the-philippines\/\" target=\"_blank\" rel=\"noopener noreferrer nofollow\">^3<\/a>.<\/li><\/ul><\/div><div class=\"wiki-page-header-wrapper\"><h2 id=\"6.-weitere-aktuelle-herausforderungen\" tabindex=\"-1\">6 Dal\u0161\u00ed aktu\u00e1ln\u00ed v\u00fdzvy<\/h2><ul><li><strong>D\u016fsledky pandemie COVID-19<\/strong>: Pandemie prohloubila chudobu a nerovnost, proto\u017ee mnoho lid\u00ed p\u0159i\u0161lo o pr\u00e1ci a st\u00e1tn\u00ed pomoc byla \u010dasto nedostate\u010dn\u00e1.<a href=\"https:\/\/mb.com.ph\/2022\/11\/26\/lets-address-wealth-inequality\" target=\"_blank\" rel=\"noopener noreferrer nofollow\">^10<\/a>.<\/li><li><strong>Glob\u00e1ln\u00ed nejistoty<\/strong>Glob\u00e1ln\u00ed krize, jako je geopolitick\u00e9 nap\u011bt\u00ed nebo r\u016fst cen energi\u00ed, maj\u00ed p\u0159\u00edm\u00fd dopad na hospod\u00e1\u0159skou stabilitu.<a href=\"https:\/\/www.gov.uk\/government\/publications\/economic-security-in-the-philippines-invitation-for-expressions-of-interest\/economic-security-in-the-philippines-invitation-for-expressions-of-interest\" target=\"_blank\" rel=\"noopener noreferrer nofollow\">^8<\/a>.<\/li><\/ul><p><strong>Z\u00e1v\u011br:<\/strong> Chudoba, soci\u00e1ln\u00ed nerovnost a ekonomick\u00e1 nejistota na Filip\u00edn\u00e1ch jsou v\u00fdsledkem slo\u017eit\u00e9 souhry historick\u00fdch, hospod\u00e1\u0159sk\u00fdch, soci\u00e1ln\u00edch, politick\u00fdch a zem\u011bpisn\u00fdch faktor\u016f. Udr\u017eiteln\u00e1 \u0159e\u0161en\u00ed vy\u017eaduj\u00ed dalekos\u00e1hl\u00e9 reformy, c\u00edlen\u00e9 investice do vzd\u011bl\u00e1v\u00e1n\u00ed a zdravotnictv\u00ed, spravedliv\u011bj\u0161\u00ed rozd\u011blov\u00e1n\u00ed zdroj\u016f a omezen\u00ed korupce a koncentrace moci.<a href=\"https:\/\/en.wikipedia.org\/wiki\/Poverty_in_the_Philippines\" target=\"_blank\" rel=\"noopener noreferrer nofollow\">^6<\/a><a href=\"https:\/\/www.nipino.com\/poverty-in-the-philippines-understanding-its-root-causes\" target=\"_blank\" rel=\"noopener noreferrer nofollow\">^4<\/a>.<\/p><hr \/><\/div><div class=\"wiki-page-header-wrapper\"><h2 id=\"kommentar-von-nea\" tabindex=\"-1\">Dopl\u0148kov\u00e9 hodnocen\u00ed z pohledu Gradida<\/h2><p>P\u0159ehled nemilosrdn\u011b odhaluje, kolik vrstev a propletenc\u016f tvo\u0159\u00ed tento z\u00e1va\u017en\u00fd lidsk\u00fd probl\u00e9m. Z\u00e1rove\u0148 ukazuje oblasti, v nich\u017e m\u016f\u017eeme iniciovat zm\u011bnu pomoc\u00ed l\u00e1skypln\u00e9, na spole\u010dn\u00e9 dobro orientovan\u00e9 vize, jako je Gradido.<\/p><p><strong>Dopl\u0148kov\u00e9 hodnocen\u00ed a perspektiva Gradido:<\/strong><\/p><ul><li><strong>Nerovnom\u011brn\u00e9 rozd\u011blov\u00e1n\u00ed a oligarchie:<\/strong> Vliv m\u00e1 zejm\u00e9na moc elit - politick\u00e1, ekonomick\u00e1 a soci\u00e1ln\u00ed privilegia se d\u011bd\u00ed, zat\u00edmco miliony lid\u00ed nemaj\u00ed t\u00e9m\u011b\u0159 \u017e\u00e1dn\u00e9 mo\u017enosti \u00fa\u010dasti a osobn\u00edho rozvoje. Nerovn\u00e9 rozd\u011blen\u00ed p\u016fdy je d\u011bdictv\u00edm koloni\u00e1ln\u00edho v\u00fdvoje, kter\u00e9 dodnes rozd\u011bluje rodiny, regiony i cel\u00e9 n\u00e1rody.<\/li><li><strong>Slab\u00e9 instituce a korupce:<\/strong> Zdrav\u00fd rozvoj vy\u017eaduje d\u016fv\u011bru, ale korupce a kamar\u00e1d\u00ed\u010dkov\u00e1n\u00ed ni\u010d\u00ed soci\u00e1ln\u00ed strukturu, pohlcuj\u00ed zdroje a br\u00e1n\u00ed c\u00edlen\u00e9 pomoci. To podkop\u00e1v\u00e1 d\u016fstojnou a participativn\u00ed prosperitu od sam\u00e9ho dna.<\/li><li><strong>Vzd\u011bl\u00e1v\u00e1n\u00ed, zdravotnictv\u00ed a soci\u00e1ln\u00ed zabezpe\u010den\u00ed:<\/strong> Tam, kde jsou vzd\u011bl\u00e1n\u00ed a p\u00e9\u010de dostupn\u00e9 pouze privilegovan\u00fdm, z\u016fst\u00e1v\u00e1 potenci\u00e1l neobjeven a roste beznad\u011bj. To se t\u00fdk\u00e1 zejm\u00e9na obyvatel venkova, men\u0161in, \u017een a osob se zdravotn\u00edm posti\u017een\u00edm. Nedostate\u010dn\u00e9 soci\u00e1ln\u00ed zabezpe\u010den\u00ed tak\u00e9 prohlubuje obavy ze soci\u00e1ln\u00edho \u00fapadku.<\/li><li><strong>Extern\u011b \u0159\u00edzen\u00e9 z\u00e1vislosti:<\/strong> Vysok\u00e1 m\u00edra pracovn\u00ed migrace a v\u00e1ha remitenc\u00ed poskytuj\u00ed finan\u010dn\u00ed \u00falevu, ale z\u00e1rove\u0148 zvy\u0161uj\u00ed struktur\u00e1ln\u00ed z\u00e1vislost - nam\u00edsto udr\u017eiteln\u00e9ho m\u00edstn\u00edho rozvoje.<\/li><li><strong>P\u0159\u00edroda a klima:<\/strong> Opakuj\u00edc\u00ed se katastrofy zasahuj\u00ed ty nejchud\u0161\u00ed obzvl\u00e1\u0161\u0165 tvrd\u011b a opakovan\u011b p\u0159iv\u00e1d\u011bj\u00ed lidi zp\u011bt na nulu.<\/li><\/ul><p><strong>Co by spole\u010dnost Gradido mohla ud\u011blat jinak:<\/strong><\/p><ul><li>Rozd\u011blujte a vytv\u00e1\u0159ejte hodnoty m\u00edsto toho, abyste se soust\u0159edili: Aktivn\u00ed z\u00e1kladn\u00ed p\u0159\u00edjem a podpora spole\u010dn\u00e9ho dobra umo\u017e\u0148uj\u00ed \u00fa\u010dast - bez ohledu na p\u016fvod, bohatstv\u00ed nebo postaven\u00ed.<\/li><li>Poprv\u00e9 se oce\u0148uj\u00ed v\u0161echny smyslupln\u00e9 p\u0159\u00edsp\u011bvky ke spole\u010dn\u00e9mu dobru: pe\u010dovatelsk\u00e1 pr\u00e1ce, vzd\u011bl\u00e1v\u00e1n\u00ed, p\u00e9\u010de o \u017eivotn\u00ed prost\u0159ed\u00ed a sousedsk\u00e1 \u010dinnost jsou uzn\u00e1ny jako cenn\u00e9.<\/li><li>Podpora m\u00edstn\u00edch udr\u017eiteln\u00fdch projekt\u016f, kter\u00e9 posiluj\u00ed odolnost v\u016f\u010di kriz\u00edm a komunitu.<\/li><li>Demokratick\u00e9 struktury, transparentnost a spolurozhodov\u00e1n\u00ed odstra\u0148uj\u00ed blok\u00e1du ze strany elit.<\/li><\/ul><p>S l\u00e1skou, mezigenera\u010dn\u011b a s ohledem na p\u0159\u00edrodn\u00ed cykly m\u016f\u017eeme spole\u010dn\u011b p\u0159isp\u011bt k tomu, aby se chudoba, marginalizace a nejistota st\u00e1le v\u00edce vytr\u00e1cely. Pracujme na tom i nad\u00e1le s odvahou a up\u0159\u00edmnost\u00ed!<\/p><\/div>\t\t\t\t\t\t\t\t<\/div>\n\t\t\t\t<\/div>\n\t\t\t\t\t<\/div>\n\t\t<\/div>\n\t\t\t\t\t<\/div>\n\t\t<\/section>\n\t\t\t\t<\/div>","protected":false},"excerpt":{"rendered":"<p>Armut und soziale Ungleichheit Hauptseite: Philippinen 1. Wirtschaft und Gesellschaft2.Einkommen und Lebensstandard3.Arbeitsmigration und Auslandserwerbst\u00e4tigkeit4.Armut und soziale Ungleichheit5.Gemeinwohl und Solidarit\u00e4t6.Bildungssituation benachteiligter Kinder7.Gesundheit, soziale Sicherung und Altersvorsorge8.Anerkennung von Care-Arbeit und Engagement9.Innovationen, Digitalisierung und alternative Wirtschaftsmodelle10.Gemeinschaftsbasierte \u00d6konomie und Parallelw\u00e4hrungen11.Potenziale und Herausforderungen f\u00fcr Gradido12. Internationale Kooperationen, NGOs und staatliche Entwicklungsprojekte Hauptgr\u00fcnde f\u00fcr Armut, soziale Ungleichheit und wirtschaftliche Unsicherheit auf [&hellip;]<\/p>\n","protected":false},"author":2,"featured_media":10458,"parent":10540,"menu_order":0,"comment_status":"closed","ping_status":"closed","template":"","meta":{"footnotes":""},"class_list":["post-10583","page","type-page","status-publish","has-post-thumbnail","hentry"],"yoast_head":"<!-- This site is optimized with the Yoast SEO plugin v27.5 - https:\/\/yoast.com\/product\/yoast-seo-wordpress\/ -->\n<title>Armut und soziale Ungleichheit Philippinen - Gradido<\/title>\n<meta name=\"description\" content=\"Sei Teil der Bewegung!Gemeinsam bringen wir Gradido in die Welt.\" \/>\n<meta name=\"robots\" content=\"index, follow, max-snippet:-1, max-image-preview:large, max-video-preview:-1\" \/>\n<link rel=\"canonical\" href=\"https:\/\/gradido.net\/cs\/countries\/philippines\/poverty-and-social-inequality\/\" \/>\n<meta property=\"og:locale\" content=\"cs_CZ\" \/>\n<meta property=\"og:type\" content=\"article\" \/>\n<meta property=\"og:title\" content=\"Armut und soziale Ungleichheit Philippinen - Gradido\" \/>\n<meta property=\"og:description\" content=\"Sei Teil der Bewegung!Gemeinsam bringen wir Gradido in die Welt.\" \/>\n<meta property=\"og:url\" content=\"https:\/\/gradido.net\/cs\/countries\/philippines\/poverty-and-social-inequality\/\" \/>\n<meta property=\"og:site_name\" content=\"Gradido\" \/>\n<meta property=\"article:modified_time\" content=\"2025-10-04T09:55:27+00:00\" \/>\n<meta property=\"og:image\" content=\"https:\/\/gradido.net\/wp-content\/uploads\/2025\/07\/AdobeStock_3210827871-scaled.jpeg\" \/>\n\t<meta property=\"og:image:width\" content=\"2560\" \/>\n\t<meta property=\"og:image:height\" content=\"790\" \/>\n\t<meta property=\"og:image:type\" content=\"image\/jpeg\" \/>\n<meta name=\"twitter:card\" content=\"summary_large_image\" \/>\n<meta name=\"twitter:label1\" content=\"Odhadovan\u00e1 doba \u010dten\u00ed\" \/>\n\t<meta name=\"twitter:data1\" content=\"5 minut\" \/>\n<script type=\"application\/ld+json\" class=\"yoast-schema-graph\">{\"@context\":\"https:\\\/\\\/schema.org\",\"@graph\":[{\"@type\":\"WebPage\",\"@id\":\"https:\\\/\\\/gradido.net\\\/countries\\\/philippines\\\/poverty-and-social-inequality\\\/\",\"url\":\"https:\\\/\\\/gradido.net\\\/countries\\\/philippines\\\/poverty-and-social-inequality\\\/\",\"name\":\"Armut und soziale Ungleichheit Philippinen - Gradido\",\"isPartOf\":{\"@id\":\"https:\\\/\\\/gradido.net\\\/de\\\/#website\"},\"primaryImageOfPage\":{\"@id\":\"https:\\\/\\\/gradido.net\\\/countries\\\/philippines\\\/poverty-and-social-inequality\\\/#primaryimage\"},\"image\":{\"@id\":\"https:\\\/\\\/gradido.net\\\/countries\\\/philippines\\\/poverty-and-social-inequality\\\/#primaryimage\"},\"thumbnailUrl\":\"https:\\\/\\\/gradido.net\\\/wp-content\\\/uploads\\\/2025\\\/07\\\/AdobeStock_3210827871-scaled.jpeg\",\"datePublished\":\"2025-07-27T14:08:15+00:00\",\"dateModified\":\"2025-10-04T09:55:27+00:00\",\"description\":\"Sei Teil der Bewegung!Gemeinsam bringen wir Gradido in die Welt.\",\"breadcrumb\":{\"@id\":\"https:\\\/\\\/gradido.net\\\/countries\\\/philippines\\\/poverty-and-social-inequality\\\/#breadcrumb\"},\"inLanguage\":\"cs\",\"potentialAction\":[{\"@type\":\"ReadAction\",\"target\":[\"https:\\\/\\\/gradido.net\\\/countries\\\/philippines\\\/poverty-and-social-inequality\\\/\"]}]},{\"@type\":\"ImageObject\",\"inLanguage\":\"cs\",\"@id\":\"https:\\\/\\\/gradido.net\\\/countries\\\/philippines\\\/poverty-and-social-inequality\\\/#primaryimage\",\"url\":\"https:\\\/\\\/gradido.net\\\/wp-content\\\/uploads\\\/2025\\\/07\\\/AdobeStock_3210827871-scaled.jpeg\",\"contentUrl\":\"https:\\\/\\\/gradido.net\\\/wp-content\\\/uploads\\\/2025\\\/07\\\/AdobeStock_3210827871-scaled.jpeg\",\"width\":2560,\"height\":790,\"caption\":\"world globe planet earth 3d-illustration. elements of this image furnished by NASA\"},{\"@type\":\"BreadcrumbList\",\"@id\":\"https:\\\/\\\/gradido.net\\\/countries\\\/philippines\\\/poverty-and-social-inequality\\\/#breadcrumb\",\"itemListElement\":[{\"@type\":\"ListItem\",\"position\":1,\"name\":\"Startseite\",\"item\":\"https:\\\/\\\/gradido.net\\\/\"},{\"@type\":\"ListItem\",\"position\":2,\"name\":\"L\u00e4nderforschung\",\"item\":\"https:\\\/\\\/gradido.net\\\/countries\\\/\"},{\"@type\":\"ListItem\",\"position\":3,\"name\":\"Philppinen\",\"item\":\"https:\\\/\\\/gradido.net\\\/countries\\\/philippines\\\/\"},{\"@type\":\"ListItem\",\"position\":4,\"name\":\"Armut und soziale Ungleichheit Philippinen\"}]},{\"@type\":\"WebSite\",\"@id\":\"https:\\\/\\\/gradido.net\\\/de\\\/#website\",\"url\":\"https:\\\/\\\/gradido.net\\\/de\\\/\",\"name\":\"Gradido\",\"description\":\"Die neue W\u00e4hrung hei\u00dft Dankbarkeit\",\"publisher\":{\"@id\":\"https:\\\/\\\/gradido.net\\\/de\\\/#organization\"},\"potentialAction\":[{\"@type\":\"SearchAction\",\"target\":{\"@type\":\"EntryPoint\",\"urlTemplate\":\"https:\\\/\\\/gradido.net\\\/de\\\/?s={search_term_string}\"},\"query-input\":{\"@type\":\"PropertyValueSpecification\",\"valueRequired\":true,\"valueName\":\"search_term_string\"}}],\"inLanguage\":\"cs\"},{\"@type\":\"Organization\",\"@id\":\"https:\\\/\\\/gradido.net\\\/de\\\/#organization\",\"name\":\"Gradido\",\"url\":\"https:\\\/\\\/gradido.net\\\/de\\\/\",\"logo\":{\"@type\":\"ImageObject\",\"inLanguage\":\"cs\",\"@id\":\"https:\\\/\\\/gradido.net\\\/de\\\/#\\\/schema\\\/logo\\\/image\\\/\",\"url\":\"https:\\\/\\\/gradido.net\\\/wp-content\\\/uploads\\\/2022\\\/04\\\/gradido-social.jpg\",\"contentUrl\":\"https:\\\/\\\/gradido.net\\\/wp-content\\\/uploads\\\/2022\\\/04\\\/gradido-social.jpg\",\"width\":527,\"height\":273,\"caption\":\"Gradido\"},\"image\":{\"@id\":\"https:\\\/\\\/gradido.net\\\/de\\\/#\\\/schema\\\/logo\\\/image\\\/\"}}]}<\/script>\n<!-- \/ Yoast SEO plugin. -->","yoast_head_json":{"title":"Chudoba a soci\u00e1ln\u00ed nerovnost Filip\u00edny - Gradido","description":"Sta\u0148te se sou\u010d\u00e1st\u00ed hnut\u00ed! Spole\u010dn\u011b p\u0159ivedeme Gradido na sv\u011bt.","robots":{"index":"index","follow":"follow","max-snippet":"max-snippet:-1","max-image-preview":"max-image-preview:large","max-video-preview":"max-video-preview:-1"},"canonical":"https:\/\/gradido.net\/cs\/countries\/philippines\/poverty-and-social-inequality\/","og_locale":"cs_CZ","og_type":"article","og_title":"Armut und soziale Ungleichheit Philippinen - Gradido","og_description":"Sei Teil der Bewegung!Gemeinsam bringen wir Gradido in die Welt.","og_url":"https:\/\/gradido.net\/cs\/countries\/philippines\/poverty-and-social-inequality\/","og_site_name":"Gradido","article_modified_time":"2025-10-04T09:55:27+00:00","og_image":[{"width":2560,"height":790,"url":"https:\/\/gradido.net\/wp-content\/uploads\/2025\/07\/AdobeStock_3210827871-scaled.jpeg","type":"image\/jpeg"}],"twitter_card":"summary_large_image","twitter_misc":{"Odhadovan\u00e1 doba \u010dten\u00ed":"5 minut"},"schema":{"@context":"https:\/\/schema.org","@graph":[{"@type":"WebPage","@id":"https:\/\/gradido.net\/countries\/philippines\/poverty-and-social-inequality\/","url":"https:\/\/gradido.net\/countries\/philippines\/poverty-and-social-inequality\/","name":"Chudoba a soci\u00e1ln\u00ed nerovnost Filip\u00edny - Gradido","isPartOf":{"@id":"https:\/\/gradido.net\/de\/#website"},"primaryImageOfPage":{"@id":"https:\/\/gradido.net\/countries\/philippines\/poverty-and-social-inequality\/#primaryimage"},"image":{"@id":"https:\/\/gradido.net\/countries\/philippines\/poverty-and-social-inequality\/#primaryimage"},"thumbnailUrl":"https:\/\/gradido.net\/wp-content\/uploads\/2025\/07\/AdobeStock_3210827871-scaled.jpeg","datePublished":"2025-07-27T14:08:15+00:00","dateModified":"2025-10-04T09:55:27+00:00","description":"Sta\u0148te se sou\u010d\u00e1st\u00ed hnut\u00ed! Spole\u010dn\u011b p\u0159ivedeme Gradido na sv\u011bt.","breadcrumb":{"@id":"https:\/\/gradido.net\/countries\/philippines\/poverty-and-social-inequality\/#breadcrumb"},"inLanguage":"cs","potentialAction":[{"@type":"ReadAction","target":["https:\/\/gradido.net\/countries\/philippines\/poverty-and-social-inequality\/"]}]},{"@type":"ImageObject","inLanguage":"cs","@id":"https:\/\/gradido.net\/countries\/philippines\/poverty-and-social-inequality\/#primaryimage","url":"https:\/\/gradido.net\/wp-content\/uploads\/2025\/07\/AdobeStock_3210827871-scaled.jpeg","contentUrl":"https:\/\/gradido.net\/wp-content\/uploads\/2025\/07\/AdobeStock_3210827871-scaled.jpeg","width":2560,"height":790,"caption":"world globe planet earth 3d-illustration. elements of this image furnished by NASA"},{"@type":"BreadcrumbList","@id":"https:\/\/gradido.net\/countries\/philippines\/poverty-and-social-inequality\/#breadcrumb","itemListElement":[{"@type":"ListItem","position":1,"name":"Startseite","item":"https:\/\/gradido.net\/"},{"@type":"ListItem","position":2,"name":"L\u00e4nderforschung","item":"https:\/\/gradido.net\/countries\/"},{"@type":"ListItem","position":3,"name":"Philppinen","item":"https:\/\/gradido.net\/countries\/philippines\/"},{"@type":"ListItem","position":4,"name":"Armut und soziale Ungleichheit Philippinen"}]},{"@type":"WebSite","@id":"https:\/\/gradido.net\/de\/#website","url":"https:\/\/gradido.net\/de\/","name":"Gradido","description":"Novou m\u011bnou je vd\u011b\u010dnost","publisher":{"@id":"https:\/\/gradido.net\/de\/#organization"},"potentialAction":[{"@type":"SearchAction","target":{"@type":"EntryPoint","urlTemplate":"https:\/\/gradido.net\/de\/?s={search_term_string}"},"query-input":{"@type":"PropertyValueSpecification","valueRequired":true,"valueName":"search_term_string"}}],"inLanguage":"cs"},{"@type":"Organization","@id":"https:\/\/gradido.net\/de\/#organization","name":"Gradido","url":"https:\/\/gradido.net\/de\/","logo":{"@type":"ImageObject","inLanguage":"cs","@id":"https:\/\/gradido.net\/de\/#\/schema\/logo\/image\/","url":"https:\/\/gradido.net\/wp-content\/uploads\/2022\/04\/gradido-social.jpg","contentUrl":"https:\/\/gradido.net\/wp-content\/uploads\/2022\/04\/gradido-social.jpg","width":527,"height":273,"caption":"Gradido"},"image":{"@id":"https:\/\/gradido.net\/de\/#\/schema\/logo\/image\/"}}]}},"_links":{"self":[{"href":"https:\/\/gradido.net\/cs\/wp-json\/wp\/v2\/pages\/10583","targetHints":{"allow":["GET"]}}],"collection":[{"href":"https:\/\/gradido.net\/cs\/wp-json\/wp\/v2\/pages"}],"about":[{"href":"https:\/\/gradido.net\/cs\/wp-json\/wp\/v2\/types\/page"}],"author":[{"embeddable":true,"href":"https:\/\/gradido.net\/cs\/wp-json\/wp\/v2\/users\/2"}],"replies":[{"embeddable":true,"href":"https:\/\/gradido.net\/cs\/wp-json\/wp\/v2\/comments?post=10583"}],"version-history":[{"count":13,"href":"https:\/\/gradido.net\/cs\/wp-json\/wp\/v2\/pages\/10583\/revisions"}],"predecessor-version":[{"id":11968,"href":"https:\/\/gradido.net\/cs\/wp-json\/wp\/v2\/pages\/10583\/revisions\/11968"}],"up":[{"embeddable":true,"href":"https:\/\/gradido.net\/cs\/wp-json\/wp\/v2\/pages\/10540"}],"wp:featuredmedia":[{"embeddable":true,"href":"https:\/\/gradido.net\/cs\/wp-json\/wp\/v2\/media\/10458"}],"wp:attachment":[{"href":"https:\/\/gradido.net\/cs\/wp-json\/wp\/v2\/media?parent=10583"}],"curies":[{"name":"wp","href":"https:\/\/api.w.org\/{rel}","templated":true}]}}