{"id":10612,"date":"2025-07-27T16:47:59","date_gmt":"2025-07-27T14:47:59","guid":{"rendered":"https:\/\/gradido.net\/?page_id=10612"},"modified":"2025-10-04T11:57:09","modified_gmt":"2025-10-04T09:57:09","slug":"educational-situation","status":"publish","type":"page","link":"https:\/\/gradido.net\/cs\/countries\/philippines\/educational-situation\/","title":{"rendered":"Vzd\u011bl\u00e1vac\u00ed situace znev\u00fdhodn\u011bn\u00fdch d\u011bt\u00ed Filip\u00edny"},"content":{"rendered":"<div data-elementor-type=\"wp-page\" data-elementor-id=\"10612\" class=\"elementor elementor-10612\" data-elementor-post-type=\"page\">\n\t\t\t\t\t\t<section class=\"elementor-section elementor-top-section elementor-element elementor-element-4ce3e8af elementor-section-full_width elementor-section-height-default elementor-section-height-default\" data-id=\"4ce3e8af\" data-element_type=\"section\" data-e-type=\"section\">\n\t\t\t\t\t\t<div class=\"elementor-container elementor-column-gap-no\">\n\t\t\t\t\t<div class=\"elementor-column elementor-col-100 elementor-top-column elementor-element elementor-element-efa8c8c\" data-id=\"efa8c8c\" data-element_type=\"column\" data-e-type=\"column\">\n\t\t\t<div class=\"elementor-widget-wrap elementor-element-populated\">\n\t\t\t\t\t\t<div class=\"elementor-element elementor-element-e088aa4 elementor--h-position-center elementor--v-position-middle elementor-arrows-position-inside elementor-widget elementor-widget-slides\" data-id=\"e088aa4\" data-element_type=\"widget\" data-e-type=\"widget\" data-settings=\"{&quot;navigation&quot;:&quot;arrows&quot;,&quot;autoplay&quot;:&quot;yes&quot;,&quot;pause_on_hover&quot;:&quot;yes&quot;,&quot;pause_on_interaction&quot;:&quot;yes&quot;,&quot;autoplay_speed&quot;:5000,&quot;infinite&quot;:&quot;yes&quot;,&quot;transition&quot;:&quot;slide&quot;,&quot;transition_speed&quot;:500}\" data-widget_type=\"slides.default\">\n\t\t\t\t<div class=\"elementor-widget-container\">\n\t\t\t\t\t\t\t\t\t<div class=\"elementor-swiper\">\n\t\t\t\t\t<div class=\"elementor-slides-wrapper elementor-main-swiper swiper\" role=\"region\" aria-roledescription=\"carousel\" aria-label=\"Posuvn\u00edk\" dir=\"ltr\" data-animation=\"fadeInUp\">\n\t\t\t\t<div class=\"swiper-wrapper elementor-slides\">\n\t\t\t\t\t\t\t\t\t\t<div class=\"elementor-repeater-item-2de4990 swiper-slide\" role=\"group\" aria-roledescription=\"slide\"><div class=\"swiper-slide-bg\" role=\"img\" aria-label=\"manila-4503501_1280\"><\/div><div class=\"swiper-slide-inner\" ><div class=\"swiper-slide-contents\"><\/div><\/div><\/div><div class=\"elementor-repeater-item-28f126e swiper-slide\" role=\"group\" aria-roledescription=\"slide\"><div class=\"swiper-slide-bg\" role=\"img\" aria-label=\"philippines-4951855_1280\"><\/div><div class=\"swiper-slide-inner\" ><div class=\"swiper-slide-contents\"><\/div><\/div><\/div><div class=\"elementor-repeater-item-992da35 swiper-slide\" role=\"group\" aria-roledescription=\"slide\"><div class=\"swiper-slide-bg\" role=\"img\" aria-label=\"manila-2256322_1280\"><\/div><div class=\"swiper-slide-inner\" ><div class=\"swiper-slide-contents\"><\/div><\/div><\/div>\t\t\t\t<\/div>\n\t\t\t\t\t\t\t\t\t\t\t\t\t\t\t<div class=\"elementor-swiper-button elementor-swiper-button-prev\" role=\"button\" tabindex=\"0\" aria-label=\"P\u0159edchoz\u00ed sn\u00edmek\">\n\t\t\t\t\t\t\t<i aria-hidden=\"true\" class=\"eicon-chevron-left\"><\/i>\t\t\t\t\t\t<\/div>\n\t\t\t\t\t\t<div class=\"elementor-swiper-button elementor-swiper-button-next\" role=\"button\" tabindex=\"0\" aria-label=\"Dal\u0161\u00ed sn\u00edmek\">\n\t\t\t\t\t\t\t<i aria-hidden=\"true\" class=\"eicon-chevron-right\"><\/i>\t\t\t\t\t\t<\/div>\n\t\t\t\t\t\t\t\t\t\t\t\t\t\t\t\t\t<\/div>\n\t\t\t\t<\/div>\n\t\t\t\t\t\t\t\t<\/div>\n\t\t\t\t<\/div>\n\t\t\t\t\t<\/div>\n\t\t<\/div>\n\t\t\t\t\t<\/div>\n\t\t<\/section>\n\t\t\t\t<section class=\"elementor-section elementor-top-section elementor-element elementor-element-240baa7a elementor-section-boxed elementor-section-height-default elementor-section-height-default\" data-id=\"240baa7a\" data-element_type=\"section\" data-e-type=\"section\" data-settings=\"{&quot;background_background&quot;:&quot;classic&quot;}\">\n\t\t\t\t\t\t<div class=\"elementor-container elementor-column-gap-default\">\n\t\t\t\t\t<div class=\"elementor-column elementor-col-100 elementor-top-column elementor-element elementor-element-1afe9e42\" data-id=\"1afe9e42\" data-element_type=\"column\" data-e-type=\"column\">\n\t\t\t<div class=\"elementor-widget-wrap elementor-element-populated\">\n\t\t\t\t\t\t<div class=\"elementor-element elementor-element-65bd50ae elementor-widget elementor-widget-heading\" data-id=\"65bd50ae\" data-element_type=\"widget\" data-e-type=\"widget\" data-widget_type=\"heading.default\">\n\t\t\t\t<div class=\"elementor-widget-container\">\n\t\t\t\t\t<h1 class=\"elementor-heading-title elementor-size-default\">Vzd\u011bl\u00e1vac\u00ed situace znev\u00fdhodn\u011bn\u00fdch d\u011bt\u00ed<\/h1>\t\t\t\t<\/div>\n\t\t\t\t<\/div>\n\t\t\t\t\t<\/div>\n\t\t<\/div>\n\t\t\t\t\t<\/div>\n\t\t<\/section>\n\t\t\t\t<section class=\"elementor-section elementor-top-section elementor-element elementor-element-446540f elementor-section-boxed elementor-section-height-default elementor-section-height-default\" data-id=\"446540f\" data-element_type=\"section\" data-e-type=\"section\">\n\t\t\t\t\t\t<div class=\"elementor-container elementor-column-gap-default\">\n\t\t\t\t\t<div class=\"elementor-column elementor-col-100 elementor-top-column elementor-element elementor-element-312a2d3\" data-id=\"312a2d3\" data-element_type=\"column\" data-e-type=\"column\">\n\t\t\t<div class=\"elementor-widget-wrap elementor-element-populated\">\n\t\t\t\t\t\t<div class=\"elementor-element elementor-element-48c75da elementor-nav-menu--dropdown-tablet elementor-nav-menu__text-align-aside elementor-nav-menu--toggle elementor-nav-menu--burger elementor-widget elementor-widget-nav-menu\" data-id=\"48c75da\" data-element_type=\"widget\" data-e-type=\"widget\" data-settings=\"{&quot;layout&quot;:&quot;horizontal&quot;,&quot;submenu_icon&quot;:{&quot;value&quot;:&quot;&lt;i class=\\&quot;fas fa-caret-down\\&quot; aria-hidden=\\&quot;true\\&quot;&gt;&lt;\\\/i&gt;&quot;,&quot;library&quot;:&quot;fa-solid&quot;},&quot;toggle&quot;:&quot;burger&quot;}\" data-widget_type=\"nav-menu.default\">\n\t\t\t\t<div class=\"elementor-widget-container\">\n\t\t\t\t\t\t\t\t<nav aria-label=\"Pr\u016fzkum zem\u011b\" class=\"elementor-nav-menu--main elementor-nav-menu__container elementor-nav-menu--layout-horizontal e--pointer-underline e--animation-grow\">\n\t\t\t\t<ul id=\"menu-1-48c75da\" class=\"elementor-nav-menu\"><li class=\"menu-item menu-item-type-custom menu-item-object-custom menu-item-has-children menu-item-12305\"><a class=\"elementor-item\">Afrika<\/a>\n<ul class=\"sub-menu elementor-nav-menu--dropdown\">\n\t<li class=\"menu-item menu-item-type-post_type menu-item-object-page menu-item-12253\"><a href=\"https:\/\/gradido.net\/cs\/countries\/afrika\/\" class=\"elementor-sub-item\">Afrika, cel\u00fd kontinent<\/a><\/li>\n\t<li class=\"menu-item menu-item-type-post_type menu-item-object-page menu-item-13097\"><a href=\"https:\/\/gradido.net\/cs\/countries\/afrika\/dr-congo\/\" class=\"elementor-sub-item\">Demokratick\u00e1 republika Kongo<\/a><\/li>\n\t<li class=\"menu-item menu-item-type-post_type menu-item-object-page menu-item-12414\"><a href=\"https:\/\/gradido.net\/cs\/countries\/afrika\/kenya\/\" class=\"elementor-sub-item\">Ke\u0148a<\/a><\/li>\n\t<li class=\"menu-item menu-item-type-post_type menu-item-object-page menu-item-12737\"><a href=\"https:\/\/gradido.net\/cs\/countries\/afrika\/madagascar\/\" class=\"elementor-sub-item\">Madagaskar<\/a><\/li>\n\t<li class=\"menu-item menu-item-type-post_type menu-item-object-page menu-item-12148\"><a href=\"https:\/\/gradido.net\/cs\/countries\/afrika\/namibia\/\" class=\"elementor-sub-item\">Namibie<\/a><\/li>\n\t<li class=\"menu-item menu-item-type-post_type menu-item-object-page menu-item-12839\"><a href=\"https:\/\/gradido.net\/cs\/countries\/afrika\/rwanda\/\" class=\"elementor-sub-item\">Rwanda<\/a><\/li>\n<\/ul>\n<\/li>\n<li class=\"menu-item menu-item-type-custom menu-item-object-custom menu-item-has-children menu-item-11798\"><a class=\"elementor-item\">Amerika<\/a>\n<ul class=\"sub-menu elementor-nav-menu--dropdown\">\n\t<li class=\"menu-item menu-item-type-post_type menu-item-object-page menu-item-12463\"><a href=\"https:\/\/gradido.net\/cs\/countries\/usa\/\" class=\"elementor-sub-item\">USA<\/a><\/li>\n\t<li class=\"menu-item menu-item-type-post_type menu-item-object-page menu-item-11791\"><a href=\"https:\/\/gradido.net\/cs\/countries\/mexico\/\" class=\"elementor-sub-item\">Mexiko<\/a><\/li>\n<\/ul>\n<\/li>\n<li class=\"menu-item menu-item-type-custom menu-item-object-custom menu-item-has-children menu-item-11800\"><a class=\"elementor-item\">Asia<\/a>\n<ul class=\"sub-menu elementor-nav-menu--dropdown\">\n\t<li class=\"menu-item menu-item-type-post_type menu-item-object-page menu-item-11794\"><a href=\"https:\/\/gradido.net\/cs\/countries\/maledives\/\" class=\"elementor-sub-item\">Maledivy<\/a><\/li>\n\t<li class=\"menu-item menu-item-type-post_type menu-item-object-page menu-item-11790\"><a href=\"https:\/\/gradido.net\/cs\/countries\/philippines\/\" class=\"elementor-sub-item\">Philppines<\/a><\/li>\n\t<li class=\"menu-item menu-item-type-post_type menu-item-object-page menu-item-11802\"><a href=\"https:\/\/gradido.net\/cs\/countries\/saudi-arabia\/\" class=\"elementor-sub-item\">Sa\u00fadsk\u00e1 Ar\u00e1bie<\/a><\/li>\n<\/ul>\n<\/li>\n<li class=\"menu-item menu-item-type-custom menu-item-object-custom menu-item-has-children menu-item-11797\"><a class=\"elementor-item\">Evropa<\/a>\n<ul class=\"sub-menu elementor-nav-menu--dropdown\">\n\t<li class=\"menu-item menu-item-type-post_type menu-item-object-page menu-item-11805\"><a href=\"https:\/\/gradido.net\/cs\/countries\/germany\/\" class=\"elementor-sub-item\">N\u011bmecko<\/a><\/li>\n\t<li class=\"menu-item menu-item-type-post_type menu-item-object-page menu-item-11803\"><a href=\"https:\/\/gradido.net\/cs\/countries\/greece\/\" class=\"elementor-sub-item\">\u0158ecko<\/a><\/li>\n\t<li class=\"menu-item menu-item-type-post_type menu-item-object-page menu-item-11788\"><a href=\"https:\/\/gradido.net\/cs\/countries\/spain\/\" class=\"elementor-sub-item\">\u0160pan\u011blsko<\/a><\/li>\n<\/ul>\n<\/li>\n<li class=\"menu-item menu-item-type-custom menu-item-object-custom menu-item-has-children menu-item-11801\"><a class=\"elementor-item\">Oce\u00e1nie<\/a>\n<ul class=\"sub-menu elementor-nav-menu--dropdown\">\n\t<li class=\"menu-item menu-item-type-post_type menu-item-object-page menu-item-11793\"><a href=\"https:\/\/gradido.net\/cs\/countries\/marshall-islands\/\" class=\"elementor-sub-item\">Marshallovy ostrovy<\/a><\/li>\n\t<li class=\"menu-item menu-item-type-post_type menu-item-object-page menu-item-11795\"><a href=\"https:\/\/gradido.net\/cs\/countries\/tahiti\/\" class=\"elementor-sub-item\">Tahiti<\/a><\/li>\n<\/ul>\n<\/li>\n<\/ul>\t\t\t<\/nav>\n\t\t\t\t\t<div class=\"elementor-menu-toggle\" role=\"button\" tabindex=\"0\" aria-label=\"P\u0159epnout nab\u00eddku\" aria-expanded=\"false\">\n\t\t\t<i aria-hidden=\"true\" role=\"presentation\" class=\"elementor-menu-toggle__icon--open eicon-menu-bar\"><\/i><i aria-hidden=\"true\" role=\"presentation\" class=\"elementor-menu-toggle__icon--close eicon-close\"><\/i>\t\t<\/div>\n\t\t\t\t\t<nav class=\"elementor-nav-menu--dropdown elementor-nav-menu__container\" aria-hidden=\"true\">\n\t\t\t\t<ul id=\"menu-2-48c75da\" class=\"elementor-nav-menu\"><li class=\"menu-item menu-item-type-custom menu-item-object-custom menu-item-has-children menu-item-12305\"><a class=\"elementor-item\" tabindex=\"-1\">Afrika<\/a>\n<ul class=\"sub-menu elementor-nav-menu--dropdown\">\n\t<li class=\"menu-item menu-item-type-post_type menu-item-object-page menu-item-12253\"><a href=\"https:\/\/gradido.net\/cs\/countries\/afrika\/\" class=\"elementor-sub-item\" tabindex=\"-1\">Afrika, cel\u00fd kontinent<\/a><\/li>\n\t<li class=\"menu-item menu-item-type-post_type menu-item-object-page menu-item-13097\"><a href=\"https:\/\/gradido.net\/cs\/countries\/afrika\/dr-congo\/\" class=\"elementor-sub-item\" tabindex=\"-1\">Demokratick\u00e1 republika Kongo<\/a><\/li>\n\t<li class=\"menu-item menu-item-type-post_type menu-item-object-page menu-item-12414\"><a href=\"https:\/\/gradido.net\/cs\/countries\/afrika\/kenya\/\" class=\"elementor-sub-item\" tabindex=\"-1\">Ke\u0148a<\/a><\/li>\n\t<li class=\"menu-item menu-item-type-post_type menu-item-object-page menu-item-12737\"><a href=\"https:\/\/gradido.net\/cs\/countries\/afrika\/madagascar\/\" class=\"elementor-sub-item\" tabindex=\"-1\">Madagaskar<\/a><\/li>\n\t<li class=\"menu-item menu-item-type-post_type menu-item-object-page menu-item-12148\"><a href=\"https:\/\/gradido.net\/cs\/countries\/afrika\/namibia\/\" class=\"elementor-sub-item\" tabindex=\"-1\">Namibie<\/a><\/li>\n\t<li class=\"menu-item menu-item-type-post_type menu-item-object-page menu-item-12839\"><a href=\"https:\/\/gradido.net\/cs\/countries\/afrika\/rwanda\/\" class=\"elementor-sub-item\" tabindex=\"-1\">Rwanda<\/a><\/li>\n<\/ul>\n<\/li>\n<li class=\"menu-item menu-item-type-custom menu-item-object-custom menu-item-has-children menu-item-11798\"><a class=\"elementor-item\" tabindex=\"-1\">Amerika<\/a>\n<ul class=\"sub-menu elementor-nav-menu--dropdown\">\n\t<li class=\"menu-item menu-item-type-post_type menu-item-object-page menu-item-12463\"><a href=\"https:\/\/gradido.net\/cs\/countries\/usa\/\" class=\"elementor-sub-item\" tabindex=\"-1\">USA<\/a><\/li>\n\t<li class=\"menu-item menu-item-type-post_type menu-item-object-page menu-item-11791\"><a href=\"https:\/\/gradido.net\/cs\/countries\/mexico\/\" class=\"elementor-sub-item\" tabindex=\"-1\">Mexiko<\/a><\/li>\n<\/ul>\n<\/li>\n<li class=\"menu-item menu-item-type-custom menu-item-object-custom menu-item-has-children menu-item-11800\"><a class=\"elementor-item\" tabindex=\"-1\">Asia<\/a>\n<ul class=\"sub-menu elementor-nav-menu--dropdown\">\n\t<li class=\"menu-item menu-item-type-post_type menu-item-object-page menu-item-11794\"><a href=\"https:\/\/gradido.net\/cs\/countries\/maledives\/\" class=\"elementor-sub-item\" tabindex=\"-1\">Maledivy<\/a><\/li>\n\t<li class=\"menu-item menu-item-type-post_type menu-item-object-page menu-item-11790\"><a href=\"https:\/\/gradido.net\/cs\/countries\/philippines\/\" class=\"elementor-sub-item\" tabindex=\"-1\">Philppines<\/a><\/li>\n\t<li class=\"menu-item menu-item-type-post_type menu-item-object-page menu-item-11802\"><a href=\"https:\/\/gradido.net\/cs\/countries\/saudi-arabia\/\" class=\"elementor-sub-item\" tabindex=\"-1\">Sa\u00fadsk\u00e1 Ar\u00e1bie<\/a><\/li>\n<\/ul>\n<\/li>\n<li class=\"menu-item menu-item-type-custom menu-item-object-custom menu-item-has-children menu-item-11797\"><a class=\"elementor-item\" tabindex=\"-1\">Evropa<\/a>\n<ul class=\"sub-menu elementor-nav-menu--dropdown\">\n\t<li class=\"menu-item menu-item-type-post_type menu-item-object-page menu-item-11805\"><a href=\"https:\/\/gradido.net\/cs\/countries\/germany\/\" class=\"elementor-sub-item\" tabindex=\"-1\">N\u011bmecko<\/a><\/li>\n\t<li class=\"menu-item menu-item-type-post_type menu-item-object-page menu-item-11803\"><a href=\"https:\/\/gradido.net\/cs\/countries\/greece\/\" class=\"elementor-sub-item\" tabindex=\"-1\">\u0158ecko<\/a><\/li>\n\t<li class=\"menu-item menu-item-type-post_type menu-item-object-page menu-item-11788\"><a href=\"https:\/\/gradido.net\/cs\/countries\/spain\/\" class=\"elementor-sub-item\" tabindex=\"-1\">\u0160pan\u011blsko<\/a><\/li>\n<\/ul>\n<\/li>\n<li class=\"menu-item menu-item-type-custom menu-item-object-custom menu-item-has-children menu-item-11801\"><a class=\"elementor-item\" tabindex=\"-1\">Oce\u00e1nie<\/a>\n<ul class=\"sub-menu elementor-nav-menu--dropdown\">\n\t<li class=\"menu-item menu-item-type-post_type menu-item-object-page menu-item-11793\"><a href=\"https:\/\/gradido.net\/cs\/countries\/marshall-islands\/\" class=\"elementor-sub-item\" tabindex=\"-1\">Marshallovy ostrovy<\/a><\/li>\n\t<li class=\"menu-item menu-item-type-post_type menu-item-object-page menu-item-11795\"><a href=\"https:\/\/gradido.net\/cs\/countries\/tahiti\/\" class=\"elementor-sub-item\" tabindex=\"-1\">Tahiti<\/a><\/li>\n<\/ul>\n<\/li>\n<\/ul>\t\t\t<\/nav>\n\t\t\t\t\t\t<\/div>\n\t\t\t\t<\/div>\n\t\t\t\t<div class=\"elementor-element elementor-element-dcace62 elementor-widget elementor-widget-breadcrumbs\" data-id=\"dcace62\" data-element_type=\"widget\" data-e-type=\"widget\" data-widget_type=\"breadcrumbs.default\">\n\t\t\t\t<div class=\"elementor-widget-container\">\n\t\t\t\t\t<p id=\"breadcrumbs\"><span><span><a href=\"https:\/\/gradido.net\/cs\/\">Domovsk\u00e1 str\u00e1nka<\/a><\/span><\/span><\/p>\t\t\t\t<\/div>\n\t\t\t\t<\/div>\n\t\t\t\t<div class=\"elementor-element elementor-element-a9db9a5 elementor-widget elementor-widget-text-editor\" data-id=\"a9db9a5\" data-element_type=\"widget\" data-e-type=\"widget\" data-widget_type=\"text-editor.default\">\n\t\t\t\t<div class=\"elementor-widget-container\">\n\t\t\t\t\t\t\t\t\t<h3 style=\"text-align: center;\"><a href=\"https:\/\/gradido.net\/cs\/countries\/philippines\/\"><strong>Hlavn\u00ed strana: Filip\u00edny<\/strong><\/a><\/h3><p style=\"text-align: center;\"><a href=\"https:\/\/gradido.net\/cs\/countries\/philippines\/economy-and-society\/\">1. ekonomika a spole\u010dnost<\/a><br \/><a href=\"https:\/\/gradido.net\/cs\/countries\/philippines\/income-and-standard-of-living\/\">2 P\u0159\u00edjmy a \u017eivotn\u00ed \u00farove\u0148<\/a><br \/><a href=\"https:\/\/gradido.net\/cs\/countries\/philippines\/labor-migration-and-foreign-employment\/\">3 Pracovn\u00ed migrace a zam\u011bstn\u00e1n\u00ed v zahrani\u010d\u00ed<\/a><br \/><a href=\"https:\/\/gradido.net\/cs\/countries\/philippines\/poverty-and-social-inequality\/\">4 Chudoba a soci\u00e1ln\u00ed nerovnost<\/a><br \/><a href=\"https:\/\/gradido.net\/cs\/countries\/philippines\/common-good-and-solidarity\/\">5 Spole\u010dn\u00e9 dobro a solidarita<\/a><br \/><strong>6 Vzd\u011bl\u00e1vac\u00ed situace znev\u00fdhodn\u011bn\u00fdch d\u011bt\u00ed<\/strong><br \/><a href=\"https:\/\/gradido.net\/cs\/countries\/philippines\/health-and-retirement-provision\/\">7 Zdravotn\u00ed, soci\u00e1ln\u00ed a d\u016fchodov\u00e9 zabezpe\u010den\u00ed<\/a><br \/><a href=\"https:\/\/gradido.net\/cs\/countries\/philippines\/care-work-and-commitment\/\">8 Uzn\u00e1v\u00e1n\u00ed pe\u010dovatelsk\u00e9 pr\u00e1ce a nasazen\u00ed<\/a><br \/><a href=\"https:\/\/gradido.net\/cs\/countries\/philippines\/digitization-and-alternative-models\/\">9.inovace, digitalizace a alternativn\u00ed ekonomick\u00e9 modely<\/a><br \/><a href=\"https:\/\/gradido.net\/cs\/countries\/philippines\/community-based-economy-and-parallel-currencies\/\">10.komunitn\u00ed ekonomika a paraleln\u00ed m\u011bny<\/a><br \/><a href=\"https:\/\/gradido.net\/cs\/countries\/philippines\/potential-and-challenges\/\">11 Potenci\u00e1l a v\u00fdzvy pro Gradido<\/a><br \/><a href=\"https:\/\/gradido.net\/cs\/countries\/philippines\/international-cooperation\/\">12. mezin\u00e1rodn\u00ed spolupr\u00e1ce, nevl\u00e1dn\u00ed organizace a vl\u00e1dn\u00ed rozvojov\u00e9 projekty<\/a><\/p>\t\t\t\t\t\t\t\t<\/div>\n\t\t\t\t<\/div>\n\t\t\t\t<div class=\"elementor-element elementor-element-d7bb196 elementor-widget-divider--view-line elementor-widget elementor-widget-divider\" data-id=\"d7bb196\" data-element_type=\"widget\" data-e-type=\"widget\" data-widget_type=\"divider.default\">\n\t\t\t\t<div class=\"elementor-widget-container\">\n\t\t\t\t\t\t\t<div class=\"elementor-divider\">\n\t\t\t<span class=\"elementor-divider-separator\">\n\t\t\t\t\t\t<\/span>\n\t\t<\/div>\n\t\t\t\t\t\t<\/div>\n\t\t\t\t<\/div>\n\t\t\t\t<div class=\"elementor-element elementor-element-146ff9d elementor-widget elementor-widget-text-editor\" data-id=\"146ff9d\" data-element_type=\"widget\" data-e-type=\"widget\" data-widget_type=\"text-editor.default\">\n\t\t\t\t<div class=\"elementor-widget-container\">\n\t\t\t\t\t\t\t\t\t<div class=\"wiki-page-header-wrapper\"><div class=\"wiki-page-header-wrapper\"><div class=\"wiki-page-header-wrapper\"><h1 id=\"bildungssituation-f%C3%BCr-kinder-aus-armen%2C-l%C3%A4ndlichen-oder-migrantischen-familien-auf-den-philippinen\" tabindex=\"-1\">Vzd\u011bl\u00e1vac\u00ed situace d\u011bt\u00ed z chud\u00fdch, venkovsk\u00fdch nebo p\u0159ist\u011bhovaleck\u00fdch rodin na Filip\u00edn\u00e1ch<\/h1><\/div><div class=\"wiki-page-header-wrapper\"><h2 id=\"%C3%BCberblick\" tabindex=\"-1\">P\u0159ehled<\/h2><p>Navzdory snah\u00e1m vl\u00e1dy o vytvo\u0159en\u00ed inkluzivn\u00edho vzd\u011bl\u00e1vac\u00edho syst\u00e9mu <strong>D\u011bti z chud\u00fdch, venkovsk\u00fdch a migruj\u00edc\u00edch rodin<\/strong> na Filip\u00edn\u00e1ch z\u016fst\u00e1vaj\u00ed zna\u010dn\u011b znev\u00fdhodn\u011bn\u00e9. Chudoba, nedostate\u010dn\u00e1 infrastruktura a soci\u00e1ln\u00ed marginalizace znamenaj\u00ed, \u017ee mnoho z t\u011bchto d\u011bt\u00ed nem\u00e1 \u017e\u00e1dn\u00fd nebo jen omezen\u00fd p\u0159\u00edstup ke kvalitn\u00edmu vzd\u011bl\u00e1n\u00ed.<\/p><\/div><div class=\"wiki-page-header-wrapper\"><h2 id=\"1.-zugang-und-teilnahme-am-bildungssystem\" tabindex=\"-1\">1. p\u0159\u00edstup ke vzd\u011bl\u00e1vac\u00edmu syst\u00e9mu a \u00fa\u010dast na n\u011bm<\/h2><ul><li><strong>Z\u00e1kladn\u00ed \u0161kola je ofici\u00e1ln\u011b zdarma<\/strong>ale skryt\u00e9 n\u00e1klady (\u0161koln\u00ed pom\u016fcky, uniformy, doprava) jsou pro mnoho rodin p\u0159\u00edli\u0161 vysok\u00e9.<a href=\"https:\/\/ableistift.de\/zugang-zur-bildung-fuer-20-schueler-auf-den-philippinen\/\" target=\"_blank\" rel=\"noopener noreferrer nofollow\">^1<\/a>.<\/li><li>Zejm\u00e9na v <strong>Chudinsk\u00e9 \u010dtvrti a venkovsk\u00e9 regiony<\/strong> \u010dasto chyb\u00ed \u0161koly v dosahu. D\u011bti mus\u00ed p\u0159ekon\u00e1vat velk\u00e9 vzd\u00e1lenosti, co\u017e zt\u011b\u017euje pravidelnou \u0161koln\u00ed doch\u00e1zku.<a href=\"https:\/\/www.kindernothilfe.de\/weltweit-aktiv\/projekte\/asien\/philippinen-bildung\" target=\"_blank\" rel=\"noopener noreferrer nofollow\">^1<\/a>.<\/li><li><strong>Mnoho d\u011bt\u00ed z chud\u00fdch rodin pracuje<\/strong> vedle \u0161koly nebo m\u00edsto n\u00ed p\u0159isp\u00edvat k p\u0159\u00edjm\u016fm rodiny. Navzdory z\u00e1kazu je d\u011btsk\u00e1 pr\u00e1ce roz\u0161\u00ed\u0159en\u00e1, zejm\u00e9na ve venkovsk\u00fdch oblastech a neform\u00e1ln\u00edch osad\u00e1ch.<a href=\"https:\/\/www.maninoy.de\/category\/aktuelles\/\" target=\"_blank\" rel=\"noopener noreferrer nofollow\">^4<\/a><a href=\"https:\/\/www.savethechildren.de\/informieren\/einsatzorte\/international\/asien-laenderuebersicht\/philippinen\/\" target=\"_blank\" rel=\"noopener noreferrer nofollow\">^6<\/a>.<\/li><li>V dob\u011b krize, jako nap\u0159\u00edklad b\u011bhem pandemie, se situace je\u0161t\u011b zhor\u0161uje: mnoho d\u011bt\u00ed nem\u00e1 p\u0159\u00edstup k mo\u017enostem digit\u00e1ln\u00edho vzd\u011bl\u00e1v\u00e1n\u00ed kv\u016fli nedostatku elekt\u0159iny, internetu nebo za\u0159\u00edzen\u00ed.<a href=\"https:\/\/ableistift.de\/zugang-zur-bildung-fuer-20-schueler-auf-den-philippinen\/\" target=\"_blank\" rel=\"noopener noreferrer nofollow\">^4<\/a>.<\/li><\/ul><\/div><div class=\"wiki-page-header-wrapper\"><h2 id=\"2.-qualit%C3%A4t-der-bildung-und-lernbedingungen\" tabindex=\"-1\">2. kvalita vzd\u011bl\u00e1v\u00e1n\u00ed a podm\u00ednky pro u\u010den\u00ed<\/h2><ul><li><strong>Ve\u0159ejn\u00e9 \u0161koly jsou \u010dasto \u0161patn\u011b vybaven\u00e9<\/strong>Chyb\u00ed v\u00fdukov\u00e9 materi\u00e1ly, kvalifikovan\u00ed u\u010ditel\u00e9 a infrastruktura. Zejm\u00e9na ve venkovsk\u00fdch oblastech jsou t\u0159\u00eddy p\u0159epln\u011bn\u00e9 a kvalita v\u00fduky je ni\u017e\u0161\u00ed.<a href=\"https:\/\/www.kinderweltreise.de\/kontinente\/asien\/philippinen\/alltag-kinder\/schule\/\" target=\"_blank\" rel=\"noopener noreferrer nofollow\">^5<\/a>.<\/li><li><strong>D\u011bti z chud\u00fdch rodin dost\u00e1vaj\u00ed c\u00edlenou podporu jen z\u0159\u00eddka<\/strong>. Projekty pomoci se sna\u017e\u00ed tuto mezeru p\u0159eklenout poskytov\u00e1n\u00edm \u0161koln\u00edch pom\u016fcek, dou\u010dov\u00e1n\u00ed a stipendi\u00ed.<a href=\"https:\/\/islandkids.ch\" target=\"_blank\" rel=\"noopener noreferrer nofollow\">^3<\/a><a href=\"https:\/\/www.kindernothilfe.at\/informieren\/aktuelles\/ein-blick-in-die-welt\/2023\/philippinen-bildung-als-chance\" target=\"_blank\" rel=\"noopener noreferrer nofollow\">^8<\/a>.<\/li><li><strong>Kulturn\u00ed a hrav\u00e9 vzd\u011bl\u00e1v\u00e1n\u00ed<\/strong> je pro znev\u00fdhodn\u011bn\u00e9 skupiny st\u011b\u017e\u00ed dostupn\u00e1, a\u010dkoli by byla d\u016fle\u017eit\u00e1 pro osobn\u00ed rozvoj.<a href=\"https:\/\/www.maninoy.de\/category\/aktuelles\/\" target=\"_blank\" rel=\"noopener noreferrer nofollow\">^5<\/a>.<\/li><\/ul><\/div><div class=\"wiki-page-header-wrapper\"><h2 id=\"3.-spezielle-herausforderungen-f%C3%BCr-l%C3%A4ndliche-und-migrantische-kinder\" tabindex=\"-1\">3. zvl\u00e1\u0161tn\u00ed v\u00fdzvy pro venkovsk\u00e9 a migruj\u00edc\u00ed d\u011bti<\/h2><ul><li><strong>Venkovsk\u00e9 d\u011bti<\/strong>:<ul><li>Mnoho z nich opou\u0161t\u00ed \u0161kolu po ukon\u010den\u00ed z\u00e1kladn\u00ed \u0161koly, proto\u017ee mus\u00ed pom\u00e1hat na poli nebo v dom\u00e1cnosti nebo proto\u017ee st\u0159edn\u00ed \u0161koly jsou p\u0159\u00edli\u0161 daleko.<a href=\"https:\/\/www.maninoy.de\/category\/aktuelles\/\" target=\"_blank\" rel=\"noopener noreferrer nofollow\">^1<\/a>.<\/li><li>V odlehl\u00fdch regionech jsou \u0161koly \u010dasto obt\u00ed\u017en\u011b dostupn\u00e9 a kvalita v\u00fduky je obzvl\u00e1\u0161t\u011b n\u00edzk\u00e1.<a href=\"https:\/\/www.kinderweltreise.de\/kontinente\/asien\/philippinen\/alltag-kinder\/schule\/\" target=\"_blank\" rel=\"noopener noreferrer nofollow\">^1<\/a>.<\/li><\/ul><\/li><li><strong>D\u011bti migrant\u016f a vnit\u0159n\u011b vys\u00eddlen\u00fdch osob<\/strong>:<ul><li>D\u011bti migrant\u016f, nap\u0159. z neform\u00e1ln\u00edch osad nebo rodin p\u0159es\u00eddlen\u00fdch po p\u0159\u00edrodn\u00edch katastrof\u00e1ch, jsou obzvl\u00e1\u0161t\u011b ohro\u017eeny ztr\u00e1tou kontaktu se \u0161koln\u00edm syst\u00e9mem.<a href=\"https:\/\/ableistift.de\/zugang-zur-bildung-fuer-20-schueler-auf-den-philippinen\/\" target=\"_blank\" rel=\"noopener noreferrer nofollow\">^2<\/a>.<\/li><li>Jazykov\u00e9 a kulturn\u00ed bari\u00e9ry zt\u011b\u017euj\u00ed integraci zejm\u00e9na d\u011btem z domorod\u00fdch skupin nebo etnick\u00fdch men\u0161in.<a href=\"https:\/\/www.maninoy.de\/category\/aktuelles\/\" target=\"_blank\" rel=\"noopener noreferrer nofollow\">^5<\/a>.<\/li><\/ul><\/li><\/ul><\/div><div class=\"wiki-page-header-wrapper\"><h2 id=\"4.-innovative-ans%C3%A4tze-und-hilfsprojekte\" tabindex=\"-1\">4. inovativn\u00ed p\u0159\u00edstupy a projekty pomoci<\/h2><ul><li><strong>Mobiln\u00ed \u0161koly<\/strong> a alternativn\u00ed vzd\u011bl\u00e1vac\u00ed programy se sna\u017e\u00ed poskytnout vzd\u011bl\u00e1n\u00ed d\u011btem ulice a d\u011btem z velmi znev\u00fdhodn\u011bn\u00e9ho prost\u0159ed\u00ed. P\u0159ipravuj\u00ed je na integraci do b\u011b\u017en\u00fdch \u0161kol a nab\u00edzej\u00ed flexibiln\u00ed mo\u017enosti vzd\u011bl\u00e1v\u00e1n\u00ed, kter\u00e9 jsou p\u0159izp\u016fsobeny ka\u017edodenn\u00edmu \u017eivotu d\u011bt\u00ed.<a href=\"https:\/\/www.kinder-in-not.de\/projekt\/philippinen\/mobile-schulen-fuer-strassenkinder\" target=\"_blank\" rel=\"noopener noreferrer nofollow\">^9<\/a>.<\/li><li><strong>Organizace poskytuj\u00edc\u00ed pomoc<\/strong> poskytovat \u0161koln\u00ed pom\u016fcky, uniformy a stravu a podporovat rodiny, aby d\u011bti mohly pravideln\u011b nav\u0161t\u011bvovat \u0161kolu.<a href=\"https:\/\/islandkids.ch\" target=\"_blank\" rel=\"noopener noreferrer nofollow\">^3<\/a><a href=\"https:\/\/ableistift.de\/zugang-zur-bildung-fuer-20-schueler-auf-den-philippinen\/\" target=\"_blank\" rel=\"noopener noreferrer nofollow\">^8<\/a>.<\/li><\/ul><\/div><div class=\"wiki-page-header-wrapper\"><h2 id=\"5.-fazit-und-ausblick\" tabindex=\"-1\">5 Z\u00e1v\u011br a v\u00fdhled<\/h2><ul><li><strong>Nejv\u011bt\u0161\u00ed p\u0159ek\u00e1\u017ekou z\u016fst\u00e1v\u00e1 chudoba<\/strong> pro vzd\u011bl\u00e1vac\u00ed p\u0159\u00edle\u017eitosti na Filip\u00edn\u00e1ch. A\u010dkoli je \u0161kolsk\u00fd syst\u00e9m form\u00e1ln\u011b otev\u0159en\u00fd, p\u0159\u00edstup mnoha d\u011bt\u00ed z chud\u00fdch, venkovsk\u00fdch nebo migrantsk\u00fdch rodin je st\u00e1le omezen\u00fd.<\/li><li>Na str\u00e1nk\u00e1ch <strong>nerovn\u00e9 startovac\u00ed podm\u00ednky<\/strong> To znamen\u00e1, \u017ee tyto d\u011bti \u010dast\u011bji opou\u0161t\u011bj\u00ed \u0161kolu, dosahuj\u00ed hor\u0161\u00edch studijn\u00edch v\u00fdsledk\u016f a je m\u00e9n\u011b pravd\u011bpodobn\u00e9, \u017ee dos\u00e1hnou vy\u0161\u0161\u00edho vzd\u011bl\u00e1n\u00ed.<\/li><li><strong>C\u00edlen\u00e1 podpora<\/strong> prost\u0159ednictv\u00edm vl\u00e1dn\u00edch program\u016f a projekt\u016f pomoci m\u00e1 z\u00e1sadn\u00ed v\u00fdznam pro prolomen\u00ed za\u010darovan\u00e9ho kruhu chudoby a znev\u00fdhodn\u011bn\u00ed ve vzd\u011bl\u00e1v\u00e1n\u00ed a pro to, aby tyto d\u011bti m\u011bly skute\u010dn\u00e9 vyhl\u00eddky do budoucna.<a href=\"https:\/\/islandkids.ch\" target=\"_blank\" rel=\"noopener noreferrer nofollow\">^3<\/a><a href=\"https:\/\/www.kindernothilfe.at\/informieren\/aktuelles\/ein-blick-in-die-welt\/2023\/philippinen-bildung-als-chance\" target=\"_blank\" rel=\"noopener noreferrer nofollow\">^4<\/a><a href=\"https:\/\/www.kinderweltreise.de\/kontinente\/asien\/philippinen\/alltag-kinder\/schule\/\" target=\"_blank\" rel=\"noopener noreferrer nofollow\">^5<\/a><a href=\"https:\/\/ableistift.de\/zugang-zur-bildung-fuer-20-schueler-auf-den-philippinen\/\" target=\"_blank\" rel=\"noopener noreferrer nofollow\">^9<\/a><a href=\"https:\/\/www.savethechildren.de\/informieren\/einsatzorte\/international\/asien-laenderuebersicht\/philippinen\/\" target=\"_blank\" rel=\"noopener noreferrer nofollow\">^6<\/a>.<\/li><\/ul><hr \/><\/div><div class=\"wiki-page-header-wrapper\"><h2 id=\"kommentar-von-nea\" tabindex=\"-1\">Dopl\u0148kov\u00e9 hodnocen\u00ed z pohledu Gradida<\/h2><p>Anal\u00fdza ukazuje, jak hluboce chudoba a marginalizace omezuj\u00ed p\u0159\u00edstup ke vzd\u011bl\u00e1n\u00ed a jak se vzd\u011bl\u00e1n\u00ed na Filip\u00edn\u00e1ch st\u00e1v\u00e1 ot\u00e1zkou osudu cel\u00fdch generac\u00ed. D\u011bti z chud\u00fdch, venkovsk\u00fdch nebo migrantsk\u00fdch rodin jsou vystaveny dvoj\u00edmu znev\u00fdhodn\u011bn\u00ed: Krom\u011b materi\u00e1ln\u00edch p\u0159ek\u00e1\u017eek je zde tak\u00e9 soci\u00e1ln\u00ed neviditelnost.<\/p><p><strong>Z\u00e1kladn\u00ed aspekty a perspektiva gradidu:<\/strong><\/p><ul><li><strong>Past chudoby a vzd\u011bl\u00e1v\u00e1n\u00ed:<\/strong> \"Ofici\u00e1ln\u011b bezplatn\u00e1\" \u0161kola z\u016fst\u00e1v\u00e1 pro mnoh\u00e9 z nich iluz\u00ed tv\u00e1\u0159\u00ed v tv\u00e1\u0159 skryt\u00fdm n\u00e1klad\u016fm. Ti, kte\u0159\u00ed jsou chud\u00ed, si \u010dasto prost\u011b nemohou dovolit z\u00e1kladn\u00ed vzd\u011bl\u00e1n\u00ed - za\u010darovan\u00fd kruh, kter\u00fd udr\u017euje chudobu.<\/li><li><strong>Zem\u011b a m\u011bsto:<\/strong> P\u0159\u00edstup je obt\u00ed\u017en\u00fd zejm\u00e9na ve venkovsk\u00fdch oblastech a pro vnit\u0159n\u011b vys\u00eddlen\u00e9 osoby. Nedostatek \u0161kol, dlouh\u00e9 cesty, d\u011btsk\u00e1 pr\u00e1ce a chyb\u011bj\u00edc\u00ed infrastruktura znamenaj\u00ed, \u017ee nejzraniteln\u011bj\u0161\u00ed osoby jsou rychle opou\u0161t\u011bny.<\/li><li><strong>Kvalita a propagace:<\/strong> P\u0159epln\u011bn\u00e9 t\u0159\u00eddy, nedostate\u010dn\u00e9 vybaven\u00ed a nedostatek individu\u00e1ln\u00ed podpory \u010din\u00ed z u\u010den\u00ed v\u00fdzvu. Organizace poskytuj\u00edc\u00ed pomoc se sna\u017e\u00ed o alternativn\u00ed a mobiln\u00ed vzd\u011bl\u00e1vac\u00ed nab\u00eddky, ale struktur\u00e1ln\u00ed nedostatek mohou zm\u00edrnit pouze v n\u011bkter\u00fdch oblastech.<\/li><li><strong>Kulturn\u00ed a soci\u00e1ln\u00ed bari\u00e9ry:<\/strong> Jazykov\u00e9, kulturn\u00ed a soci\u00e1ln\u00ed bari\u00e9ry prohlubuj\u00ed marginalizaci, zejm\u00e9na u d\u011bt\u00ed p\u016fvodn\u00edch obyvatel, migrant\u016f a etnick\u00fdch men\u0161in.<\/li><\/ul><p><strong>Potenci\u00e1l s Gradido:<\/strong> P\u0159\u00edstup zam\u011b\u0159en\u00fd na ve\u0159ejn\u00e9 blaho, jako je Gradido, by to mohl z\u00e1sadn\u011b zm\u011bnit: Skute\u010dn\u00fd z\u00e1kladn\u00ed p\u0159\u00edjem pro ka\u017edou rodinu by mohl sn\u00ed\u017eit existen\u010dn\u00ed bari\u00e9ry v p\u0159\u00edstupu ke vzd\u011bl\u00e1n\u00ed. Pokud by se odm\u011b\u0148ovalo vzd\u011bl\u00e1n\u00ed, sousedsk\u00e1 v\u00fdpomoc a spole\u010densk\u00e1 participace, mohly by se i znev\u00fdhodn\u011bn\u00fdm rodin\u00e1m otev\u0159\u00edt nov\u00e9 p\u0159\u00edle\u017eitosti pro jejich d\u011bti - nejen materi\u00e1ln\u00ed, ale tak\u00e9 d\u00edky spole\u010densk\u00e9mu uzn\u00e1n\u00ed a aktivn\u00ed \u00fa\u010dasti.<\/p><p>Spole\u010dn\u00e9 projekty - nesen\u00e9 duchem Bayanihanu a podporovan\u00e9 Gradidem - by se mohly st\u00e1t \u017eivnou p\u016fdou pro kreativn\u00ed, l\u00e1skypln\u00e1 a smyslupln\u00e1 m\u00edsta vzd\u011bl\u00e1v\u00e1n\u00ed. Vzd\u011bl\u00e1v\u00e1n\u00ed jako srde\u010dn\u00ed z\u00e1le\u017eitost a kl\u00ed\u010d k realizaci potenci\u00e1lu: to je cesta, kterou se m\u016f\u017eeme spole\u010dn\u011b vydat.<\/p><\/div><\/div><\/div>\t\t\t\t\t\t\t\t<\/div>\n\t\t\t\t<\/div>\n\t\t\t\t\t<\/div>\n\t\t<\/div>\n\t\t\t\t\t<\/div>\n\t\t<\/section>\n\t\t\t\t<\/div>","protected":false},"excerpt":{"rendered":"<p>Bildungssituation benachteiligter Kinder Hauptseite: Philippinen 1. Wirtschaft und Gesellschaft2.Einkommen und Lebensstandard3.Arbeitsmigration und Auslandserwerbst\u00e4tigkeit4.Armut und soziale Ungleichheit5.Gemeinwohl und Solidarit\u00e4t6.Bildungssituation benachteiligter Kinder7.Gesundheit, soziale Sicherung und Altersvorsorge8.Anerkennung von Care-Arbeit und Engagement9.Innovationen, Digitalisierung und alternative Wirtschaftsmodelle10.Gemeinschaftsbasierte \u00d6konomie und Parallelw\u00e4hrungen11.Potenziale und Herausforderungen f\u00fcr Gradido12. Internationale Kooperationen, NGOs und staatliche Entwicklungsprojekte Bildungssituation f\u00fcr Kinder aus armen, l\u00e4ndlichen oder migrantischen Familien auf [&hellip;]<\/p>\n","protected":false},"author":2,"featured_media":10458,"parent":10540,"menu_order":0,"comment_status":"closed","ping_status":"closed","template":"","meta":{"footnotes":""},"class_list":["post-10612","page","type-page","status-publish","has-post-thumbnail","hentry"],"yoast_head":"<!-- This site is optimized with the Yoast SEO plugin v27.5 - https:\/\/yoast.com\/product\/yoast-seo-wordpress\/ -->\n<title>Bildungssituation benachteiligter Kinder Philippinen - Gradido<\/title>\n<meta name=\"description\" content=\"Sei Teil der Bewegung!Gemeinsam bringen wir Gradido in die Welt.\" \/>\n<meta name=\"robots\" content=\"index, follow, max-snippet:-1, max-image-preview:large, max-video-preview:-1\" \/>\n<link rel=\"canonical\" href=\"https:\/\/gradido.net\/cs\/countries\/philippines\/educational-situation\/\" \/>\n<meta property=\"og:locale\" content=\"cs_CZ\" \/>\n<meta property=\"og:type\" content=\"article\" \/>\n<meta property=\"og:title\" content=\"Bildungssituation benachteiligter Kinder Philippinen - Gradido\" \/>\n<meta property=\"og:description\" content=\"Sei Teil der Bewegung!Gemeinsam bringen wir Gradido in die Welt.\" \/>\n<meta property=\"og:url\" content=\"https:\/\/gradido.net\/cs\/countries\/philippines\/educational-situation\/\" \/>\n<meta property=\"og:site_name\" content=\"Gradido\" \/>\n<meta property=\"article:modified_time\" content=\"2025-10-04T09:57:09+00:00\" \/>\n<meta property=\"og:image\" content=\"https:\/\/gradido.net\/wp-content\/uploads\/2025\/07\/AdobeStock_3210827871-scaled.jpeg\" \/>\n\t<meta property=\"og:image:width\" content=\"2560\" \/>\n\t<meta property=\"og:image:height\" content=\"790\" \/>\n\t<meta property=\"og:image:type\" content=\"image\/jpeg\" \/>\n<meta name=\"twitter:card\" content=\"summary_large_image\" \/>\n<meta name=\"twitter:label1\" content=\"Odhadovan\u00e1 doba \u010dten\u00ed\" \/>\n\t<meta name=\"twitter:data1\" content=\"5 minut\" \/>\n<script type=\"application\/ld+json\" class=\"yoast-schema-graph\">{\"@context\":\"https:\\\/\\\/schema.org\",\"@graph\":[{\"@type\":\"WebPage\",\"@id\":\"https:\\\/\\\/gradido.net\\\/countries\\\/philippines\\\/educational-situation\\\/\",\"url\":\"https:\\\/\\\/gradido.net\\\/countries\\\/philippines\\\/educational-situation\\\/\",\"name\":\"Bildungssituation benachteiligter Kinder Philippinen - Gradido\",\"isPartOf\":{\"@id\":\"https:\\\/\\\/gradido.net\\\/de\\\/#website\"},\"primaryImageOfPage\":{\"@id\":\"https:\\\/\\\/gradido.net\\\/countries\\\/philippines\\\/educational-situation\\\/#primaryimage\"},\"image\":{\"@id\":\"https:\\\/\\\/gradido.net\\\/countries\\\/philippines\\\/educational-situation\\\/#primaryimage\"},\"thumbnailUrl\":\"https:\\\/\\\/gradido.net\\\/wp-content\\\/uploads\\\/2025\\\/07\\\/AdobeStock_3210827871-scaled.jpeg\",\"datePublished\":\"2025-07-27T14:47:59+00:00\",\"dateModified\":\"2025-10-04T09:57:09+00:00\",\"description\":\"Sei Teil der Bewegung!Gemeinsam bringen wir Gradido in die Welt.\",\"breadcrumb\":{\"@id\":\"https:\\\/\\\/gradido.net\\\/countries\\\/philippines\\\/educational-situation\\\/#breadcrumb\"},\"inLanguage\":\"cs\",\"potentialAction\":[{\"@type\":\"ReadAction\",\"target\":[\"https:\\\/\\\/gradido.net\\\/countries\\\/philippines\\\/educational-situation\\\/\"]}]},{\"@type\":\"ImageObject\",\"inLanguage\":\"cs\",\"@id\":\"https:\\\/\\\/gradido.net\\\/countries\\\/philippines\\\/educational-situation\\\/#primaryimage\",\"url\":\"https:\\\/\\\/gradido.net\\\/wp-content\\\/uploads\\\/2025\\\/07\\\/AdobeStock_3210827871-scaled.jpeg\",\"contentUrl\":\"https:\\\/\\\/gradido.net\\\/wp-content\\\/uploads\\\/2025\\\/07\\\/AdobeStock_3210827871-scaled.jpeg\",\"width\":2560,\"height\":790,\"caption\":\"world globe planet earth 3d-illustration. elements of this image furnished by NASA\"},{\"@type\":\"BreadcrumbList\",\"@id\":\"https:\\\/\\\/gradido.net\\\/countries\\\/philippines\\\/educational-situation\\\/#breadcrumb\",\"itemListElement\":[{\"@type\":\"ListItem\",\"position\":1,\"name\":\"Startseite\",\"item\":\"https:\\\/\\\/gradido.net\\\/\"},{\"@type\":\"ListItem\",\"position\":2,\"name\":\"L\u00e4nderforschung\",\"item\":\"https:\\\/\\\/gradido.net\\\/countries\\\/\"},{\"@type\":\"ListItem\",\"position\":3,\"name\":\"Philppinen\",\"item\":\"https:\\\/\\\/gradido.net\\\/countries\\\/philippines\\\/\"},{\"@type\":\"ListItem\",\"position\":4,\"name\":\"Bildungssituation benachteiligter Kinder Philippinen\"}]},{\"@type\":\"WebSite\",\"@id\":\"https:\\\/\\\/gradido.net\\\/de\\\/#website\",\"url\":\"https:\\\/\\\/gradido.net\\\/de\\\/\",\"name\":\"Gradido\",\"description\":\"Die neue W\u00e4hrung hei\u00dft Dankbarkeit\",\"publisher\":{\"@id\":\"https:\\\/\\\/gradido.net\\\/de\\\/#organization\"},\"potentialAction\":[{\"@type\":\"SearchAction\",\"target\":{\"@type\":\"EntryPoint\",\"urlTemplate\":\"https:\\\/\\\/gradido.net\\\/de\\\/?s={search_term_string}\"},\"query-input\":{\"@type\":\"PropertyValueSpecification\",\"valueRequired\":true,\"valueName\":\"search_term_string\"}}],\"inLanguage\":\"cs\"},{\"@type\":\"Organization\",\"@id\":\"https:\\\/\\\/gradido.net\\\/de\\\/#organization\",\"name\":\"Gradido\",\"url\":\"https:\\\/\\\/gradido.net\\\/de\\\/\",\"logo\":{\"@type\":\"ImageObject\",\"inLanguage\":\"cs\",\"@id\":\"https:\\\/\\\/gradido.net\\\/de\\\/#\\\/schema\\\/logo\\\/image\\\/\",\"url\":\"https:\\\/\\\/gradido.net\\\/wp-content\\\/uploads\\\/2022\\\/04\\\/gradido-social.jpg\",\"contentUrl\":\"https:\\\/\\\/gradido.net\\\/wp-content\\\/uploads\\\/2022\\\/04\\\/gradido-social.jpg\",\"width\":527,\"height\":273,\"caption\":\"Gradido\"},\"image\":{\"@id\":\"https:\\\/\\\/gradido.net\\\/de\\\/#\\\/schema\\\/logo\\\/image\\\/\"}}]}<\/script>\n<!-- \/ Yoast SEO plugin. -->","yoast_head_json":{"title":"Vzd\u011bl\u00e1vac\u00ed situace znev\u00fdhodn\u011bn\u00fdch d\u011bt\u00ed Filip\u00edny - Gradido","description":"Sta\u0148te se sou\u010d\u00e1st\u00ed hnut\u00ed! Spole\u010dn\u011b p\u0159ivedeme Gradido na sv\u011bt.","robots":{"index":"index","follow":"follow","max-snippet":"max-snippet:-1","max-image-preview":"max-image-preview:large","max-video-preview":"max-video-preview:-1"},"canonical":"https:\/\/gradido.net\/cs\/countries\/philippines\/educational-situation\/","og_locale":"cs_CZ","og_type":"article","og_title":"Bildungssituation benachteiligter Kinder Philippinen - Gradido","og_description":"Sei Teil der Bewegung!Gemeinsam bringen wir Gradido in die Welt.","og_url":"https:\/\/gradido.net\/cs\/countries\/philippines\/educational-situation\/","og_site_name":"Gradido","article_modified_time":"2025-10-04T09:57:09+00:00","og_image":[{"width":2560,"height":790,"url":"https:\/\/gradido.net\/wp-content\/uploads\/2025\/07\/AdobeStock_3210827871-scaled.jpeg","type":"image\/jpeg"}],"twitter_card":"summary_large_image","twitter_misc":{"Odhadovan\u00e1 doba \u010dten\u00ed":"5 minut"},"schema":{"@context":"https:\/\/schema.org","@graph":[{"@type":"WebPage","@id":"https:\/\/gradido.net\/countries\/philippines\/educational-situation\/","url":"https:\/\/gradido.net\/countries\/philippines\/educational-situation\/","name":"Vzd\u011bl\u00e1vac\u00ed situace znev\u00fdhodn\u011bn\u00fdch d\u011bt\u00ed Filip\u00edny - Gradido","isPartOf":{"@id":"https:\/\/gradido.net\/de\/#website"},"primaryImageOfPage":{"@id":"https:\/\/gradido.net\/countries\/philippines\/educational-situation\/#primaryimage"},"image":{"@id":"https:\/\/gradido.net\/countries\/philippines\/educational-situation\/#primaryimage"},"thumbnailUrl":"https:\/\/gradido.net\/wp-content\/uploads\/2025\/07\/AdobeStock_3210827871-scaled.jpeg","datePublished":"2025-07-27T14:47:59+00:00","dateModified":"2025-10-04T09:57:09+00:00","description":"Sta\u0148te se sou\u010d\u00e1st\u00ed hnut\u00ed! Spole\u010dn\u011b p\u0159ivedeme Gradido na sv\u011bt.","breadcrumb":{"@id":"https:\/\/gradido.net\/countries\/philippines\/educational-situation\/#breadcrumb"},"inLanguage":"cs","potentialAction":[{"@type":"ReadAction","target":["https:\/\/gradido.net\/countries\/philippines\/educational-situation\/"]}]},{"@type":"ImageObject","inLanguage":"cs","@id":"https:\/\/gradido.net\/countries\/philippines\/educational-situation\/#primaryimage","url":"https:\/\/gradido.net\/wp-content\/uploads\/2025\/07\/AdobeStock_3210827871-scaled.jpeg","contentUrl":"https:\/\/gradido.net\/wp-content\/uploads\/2025\/07\/AdobeStock_3210827871-scaled.jpeg","width":2560,"height":790,"caption":"world globe planet earth 3d-illustration. elements of this image furnished by NASA"},{"@type":"BreadcrumbList","@id":"https:\/\/gradido.net\/countries\/philippines\/educational-situation\/#breadcrumb","itemListElement":[{"@type":"ListItem","position":1,"name":"Startseite","item":"https:\/\/gradido.net\/"},{"@type":"ListItem","position":2,"name":"L\u00e4nderforschung","item":"https:\/\/gradido.net\/countries\/"},{"@type":"ListItem","position":3,"name":"Philppinen","item":"https:\/\/gradido.net\/countries\/philippines\/"},{"@type":"ListItem","position":4,"name":"Bildungssituation benachteiligter Kinder Philippinen"}]},{"@type":"WebSite","@id":"https:\/\/gradido.net\/de\/#website","url":"https:\/\/gradido.net\/de\/","name":"Gradido","description":"Novou m\u011bnou je vd\u011b\u010dnost","publisher":{"@id":"https:\/\/gradido.net\/de\/#organization"},"potentialAction":[{"@type":"SearchAction","target":{"@type":"EntryPoint","urlTemplate":"https:\/\/gradido.net\/de\/?s={search_term_string}"},"query-input":{"@type":"PropertyValueSpecification","valueRequired":true,"valueName":"search_term_string"}}],"inLanguage":"cs"},{"@type":"Organization","@id":"https:\/\/gradido.net\/de\/#organization","name":"Gradido","url":"https:\/\/gradido.net\/de\/","logo":{"@type":"ImageObject","inLanguage":"cs","@id":"https:\/\/gradido.net\/de\/#\/schema\/logo\/image\/","url":"https:\/\/gradido.net\/wp-content\/uploads\/2022\/04\/gradido-social.jpg","contentUrl":"https:\/\/gradido.net\/wp-content\/uploads\/2022\/04\/gradido-social.jpg","width":527,"height":273,"caption":"Gradido"},"image":{"@id":"https:\/\/gradido.net\/de\/#\/schema\/logo\/image\/"}}]}},"_links":{"self":[{"href":"https:\/\/gradido.net\/cs\/wp-json\/wp\/v2\/pages\/10612","targetHints":{"allow":["GET"]}}],"collection":[{"href":"https:\/\/gradido.net\/cs\/wp-json\/wp\/v2\/pages"}],"about":[{"href":"https:\/\/gradido.net\/cs\/wp-json\/wp\/v2\/types\/page"}],"author":[{"embeddable":true,"href":"https:\/\/gradido.net\/cs\/wp-json\/wp\/v2\/users\/2"}],"replies":[{"embeddable":true,"href":"https:\/\/gradido.net\/cs\/wp-json\/wp\/v2\/comments?post=10612"}],"version-history":[{"count":13,"href":"https:\/\/gradido.net\/cs\/wp-json\/wp\/v2\/pages\/10612\/revisions"}],"predecessor-version":[{"id":11974,"href":"https:\/\/gradido.net\/cs\/wp-json\/wp\/v2\/pages\/10612\/revisions\/11974"}],"up":[{"embeddable":true,"href":"https:\/\/gradido.net\/cs\/wp-json\/wp\/v2\/pages\/10540"}],"wp:featuredmedia":[{"embeddable":true,"href":"https:\/\/gradido.net\/cs\/wp-json\/wp\/v2\/media\/10458"}],"wp:attachment":[{"href":"https:\/\/gradido.net\/cs\/wp-json\/wp\/v2\/media?parent=10612"}],"curies":[{"name":"wp","href":"https:\/\/api.w.org\/{rel}","templated":true}]}}