{"id":11335,"date":"2025-08-15T13:52:57","date_gmt":"2025-08-15T11:52:57","guid":{"rendered":"https:\/\/gradido.net\/?page_id=11335"},"modified":"2025-11-09T19:33:20","modified_gmt":"2025-11-09T18:33:20","slug":"pilot-projects-in-german-cities","status":"publish","type":"page","link":"https:\/\/gradido.net\/cs\/countries\/germany\/pilot-projects-in-german-cities\/","title":{"rendered":"N\u011bmecko: Pilotn\u00ed projekty v n\u011bmeck\u00fdch m\u011bstech"},"content":{"rendered":"<div data-elementor-type=\"wp-page\" data-elementor-id=\"11335\" class=\"elementor elementor-11335\" data-elementor-post-type=\"page\">\n\t\t\t\t\t\t<section class=\"elementor-section elementor-top-section elementor-element elementor-element-4ce3e8af elementor-section-full_width elementor-section-height-default elementor-section-height-default\" data-id=\"4ce3e8af\" data-element_type=\"section\" data-e-type=\"section\">\n\t\t\t\t\t\t<div class=\"elementor-container elementor-column-gap-no\">\n\t\t\t\t\t<div class=\"elementor-column elementor-col-100 elementor-top-column elementor-element elementor-element-efa8c8c\" data-id=\"efa8c8c\" data-element_type=\"column\" data-e-type=\"column\">\n\t\t\t<div class=\"elementor-widget-wrap elementor-element-populated\">\n\t\t\t\t\t\t<div class=\"elementor-element elementor-element-e088aa4 elementor--h-position-center elementor--v-position-middle elementor-arrows-position-inside elementor-widget elementor-widget-slides\" data-id=\"e088aa4\" data-element_type=\"widget\" data-e-type=\"widget\" data-settings=\"{&quot;navigation&quot;:&quot;arrows&quot;,&quot;autoplay&quot;:&quot;yes&quot;,&quot;pause_on_hover&quot;:&quot;yes&quot;,&quot;pause_on_interaction&quot;:&quot;yes&quot;,&quot;autoplay_speed&quot;:5000,&quot;infinite&quot;:&quot;yes&quot;,&quot;transition&quot;:&quot;slide&quot;,&quot;transition_speed&quot;:500}\" data-widget_type=\"slides.default\">\n\t\t\t\t<div class=\"elementor-widget-container\">\n\t\t\t\t\t\t\t\t\t<div class=\"elementor-swiper\">\n\t\t\t\t\t<div class=\"elementor-slides-wrapper elementor-main-swiper swiper\" role=\"region\" aria-roledescription=\"carousel\" aria-label=\"Posuvn\u00edk\" dir=\"ltr\" data-animation=\"fadeInUp\">\n\t\t\t\t<div class=\"swiper-wrapper elementor-slides\">\n\t\t\t\t\t\t\t\t\t\t<div class=\"elementor-repeater-item-2de4990 swiper-slide\" role=\"group\" aria-roledescription=\"slide\"><div class=\"swiper-slide-bg\" role=\"img\" aria-label=\"neuschwanstein-2602208_1280\"><\/div><div class=\"swiper-slide-inner\" ><div class=\"swiper-slide-contents\"><\/div><\/div><\/div><div class=\"elementor-repeater-item-28f126e swiper-slide\" role=\"group\" aria-roledescription=\"slide\"><div class=\"swiper-slide-bg\" role=\"img\" aria-label=\"building-6994803_1280\"><\/div><div class=\"swiper-slide-inner\" ><div class=\"swiper-slide-contents\"><\/div><\/div><\/div><div class=\"elementor-repeater-item-992da35 swiper-slide\" role=\"group\" aria-roledescription=\"slide\"><div class=\"swiper-slide-bg\" role=\"img\" aria-label=\"flow-9587488_1280\"><\/div><div class=\"swiper-slide-inner\" ><div class=\"swiper-slide-contents\"><\/div><\/div><\/div><div class=\"elementor-repeater-item-1a67a9d swiper-slide\" role=\"group\" aria-roledescription=\"slide\"><div class=\"swiper-slide-bg\" role=\"img\" aria-label=\"hamburg-4570577_1280\"><\/div><div class=\"swiper-slide-inner\" ><div class=\"swiper-slide-contents\"><\/div><\/div><\/div><div class=\"elementor-repeater-item-2799f50 swiper-slide\" role=\"group\" aria-roledescription=\"slide\"><div class=\"swiper-slide-bg\" role=\"img\" aria-label=\"berlin-8429780_1280\"><\/div><div class=\"swiper-slide-inner\" ><div class=\"swiper-slide-contents\"><\/div><\/div><\/div><div class=\"elementor-repeater-item-22adf08 swiper-slide\" role=\"group\" aria-roledescription=\"slide\"><div class=\"swiper-slide-bg\" role=\"img\" aria-label=\"cologne-cathedral-1846338_1280\"><\/div><div class=\"swiper-slide-inner\" ><div class=\"swiper-slide-contents\"><\/div><\/div><\/div>\t\t\t\t<\/div>\n\t\t\t\t\t\t\t\t\t\t\t\t\t\t\t<div class=\"elementor-swiper-button elementor-swiper-button-prev\" role=\"button\" tabindex=\"0\" aria-label=\"Predch\u00e1dzaj\u00faci sn\u00edmok\" data-no-translation-aria-label=\"\">\n\t\t\t\t\t\t\t<i aria-hidden=\"true\" class=\"eicon-chevron-left\"><\/i>\t\t\t\t\t\t<\/div>\n\t\t\t\t\t\t<div class=\"elementor-swiper-button elementor-swiper-button-next\" role=\"button\" tabindex=\"0\" aria-label=\"\u010eal\u0161ia sn\u00edmka\" data-no-translation-aria-label=\"\">\n\t\t\t\t\t\t\t<i aria-hidden=\"true\" class=\"eicon-chevron-right\"><\/i>\t\t\t\t\t\t<\/div>\n\t\t\t\t\t\t\t\t\t\t\t\t\t\t\t\t\t<\/div>\n\t\t\t\t<\/div>\n\t\t\t\t\t\t\t\t<\/div>\n\t\t\t\t<\/div>\n\t\t\t\t\t<\/div>\n\t\t<\/div>\n\t\t\t\t\t<\/div>\n\t\t<\/section>\n\t\t\t\t<section class=\"elementor-section elementor-top-section elementor-element elementor-element-240baa7a elementor-section-boxed elementor-section-height-default elementor-section-height-default\" data-id=\"240baa7a\" data-element_type=\"section\" data-e-type=\"section\" data-settings=\"{&quot;background_background&quot;:&quot;classic&quot;}\">\n\t\t\t\t\t\t<div class=\"elementor-container elementor-column-gap-default\">\n\t\t\t\t\t<div class=\"elementor-column elementor-col-100 elementor-top-column elementor-element elementor-element-1afe9e42\" data-id=\"1afe9e42\" data-element_type=\"column\" data-e-type=\"column\">\n\t\t\t<div class=\"elementor-widget-wrap elementor-element-populated\">\n\t\t\t\t\t\t<div class=\"elementor-element elementor-element-65bd50ae elementor-widget elementor-widget-heading\" data-id=\"65bd50ae\" data-element_type=\"widget\" data-e-type=\"widget\" data-widget_type=\"heading.default\">\n\t\t\t\t<div class=\"elementor-widget-container\">\n\t\t\t\t\t<h1 class=\"elementor-heading-title elementor-size-default\">Pilotn\u00ed projekty v n\u011bmeck\u00fdch m\u011bstech<\/h1>\t\t\t\t<\/div>\n\t\t\t\t<\/div>\n\t\t\t\t\t<\/div>\n\t\t<\/div>\n\t\t\t\t\t<\/div>\n\t\t<\/section>\n\t\t\t\t<section class=\"elementor-section elementor-top-section elementor-element elementor-element-446540f elementor-section-boxed elementor-section-height-default elementor-section-height-default\" data-id=\"446540f\" data-element_type=\"section\" data-e-type=\"section\">\n\t\t\t\t\t\t<div class=\"elementor-container elementor-column-gap-default\">\n\t\t\t\t\t<div class=\"elementor-column elementor-col-100 elementor-top-column elementor-element elementor-element-312a2d3\" data-id=\"312a2d3\" data-element_type=\"column\" data-e-type=\"column\">\n\t\t\t<div class=\"elementor-widget-wrap elementor-element-populated\">\n\t\t\t\t\t\t<div class=\"elementor-element elementor-element-8071a6f elementor-nav-menu--dropdown-tablet elementor-nav-menu__text-align-aside elementor-nav-menu--toggle elementor-nav-menu--burger elementor-widget elementor-widget-nav-menu\" data-id=\"8071a6f\" data-element_type=\"widget\" data-e-type=\"widget\" data-settings=\"{&quot;layout&quot;:&quot;horizontal&quot;,&quot;submenu_icon&quot;:{&quot;value&quot;:&quot;&lt;i class=\\&quot;fas fa-caret-down\\&quot; aria-hidden=\\&quot;true\\&quot;&gt;&lt;\\\/i&gt;&quot;,&quot;library&quot;:&quot;fa-solid&quot;},&quot;toggle&quot;:&quot;burger&quot;}\" data-widget_type=\"nav-menu.default\">\n\t\t\t\t<div class=\"elementor-widget-container\">\n\t\t\t\t\t\t\t\t<nav aria-label=\"Pr\u016fzkum zem\u011b\" class=\"elementor-nav-menu--main elementor-nav-menu__container elementor-nav-menu--layout-horizontal e--pointer-underline e--animation-grow\">\n\t\t\t\t<ul id=\"menu-1-8071a6f\" class=\"elementor-nav-menu\"><li class=\"menu-item menu-item-type-custom menu-item-object-custom menu-item-has-children menu-item-12305\"><a class=\"elementor-item\">Afrika<\/a>\n<ul class=\"sub-menu elementor-nav-menu--dropdown\">\n\t<li class=\"menu-item menu-item-type-post_type menu-item-object-page menu-item-12253\"><a href=\"https:\/\/gradido.net\/cs\/countries\/afrika\/\" class=\"elementor-sub-item\">Afrika, cel\u00fd kontinent<\/a><\/li>\n\t<li class=\"menu-item menu-item-type-post_type menu-item-object-page menu-item-13097\"><a href=\"https:\/\/gradido.net\/cs\/countries\/afrika\/dr-congo\/\" class=\"elementor-sub-item\">Demokratick\u00e1 republika Kongo<\/a><\/li>\n\t<li class=\"menu-item menu-item-type-post_type menu-item-object-page menu-item-12414\"><a href=\"https:\/\/gradido.net\/cs\/countries\/afrika\/kenya\/\" class=\"elementor-sub-item\">Ke\u0148a<\/a><\/li>\n\t<li class=\"menu-item menu-item-type-post_type menu-item-object-page menu-item-12737\"><a href=\"https:\/\/gradido.net\/cs\/countries\/afrika\/madagascar\/\" class=\"elementor-sub-item\">Madagaskar<\/a><\/li>\n\t<li class=\"menu-item menu-item-type-post_type menu-item-object-page menu-item-12148\"><a href=\"https:\/\/gradido.net\/cs\/countries\/afrika\/namibia\/\" class=\"elementor-sub-item\">Namibie<\/a><\/li>\n\t<li class=\"menu-item menu-item-type-post_type menu-item-object-page menu-item-12839\"><a href=\"https:\/\/gradido.net\/cs\/countries\/afrika\/rwanda\/\" class=\"elementor-sub-item\">Rwanda<\/a><\/li>\n<\/ul>\n<\/li>\n<li class=\"menu-item menu-item-type-custom menu-item-object-custom menu-item-has-children menu-item-11798\"><a class=\"elementor-item\">Amerika<\/a>\n<ul class=\"sub-menu elementor-nav-menu--dropdown\">\n\t<li class=\"menu-item menu-item-type-post_type menu-item-object-page menu-item-12463\"><a href=\"https:\/\/gradido.net\/cs\/countries\/usa\/\" class=\"elementor-sub-item\">USA<\/a><\/li>\n\t<li class=\"menu-item menu-item-type-post_type menu-item-object-page menu-item-11791\"><a href=\"https:\/\/gradido.net\/cs\/countries\/mexico\/\" class=\"elementor-sub-item\">Mexiko<\/a><\/li>\n<\/ul>\n<\/li>\n<li class=\"menu-item menu-item-type-custom menu-item-object-custom menu-item-has-children menu-item-11800\"><a class=\"elementor-item\">Asia<\/a>\n<ul class=\"sub-menu elementor-nav-menu--dropdown\">\n\t<li class=\"menu-item menu-item-type-post_type menu-item-object-page menu-item-11794\"><a href=\"https:\/\/gradido.net\/cs\/countries\/maledives\/\" class=\"elementor-sub-item\">Maledivy<\/a><\/li>\n\t<li class=\"menu-item menu-item-type-post_type menu-item-object-page menu-item-11790\"><a href=\"https:\/\/gradido.net\/cs\/countries\/philippines\/\" class=\"elementor-sub-item\">Philppines<\/a><\/li>\n\t<li class=\"menu-item menu-item-type-post_type menu-item-object-page menu-item-11802\"><a href=\"https:\/\/gradido.net\/cs\/countries\/saudi-arabia\/\" class=\"elementor-sub-item\">Sa\u00fadsk\u00e1 Ar\u00e1bie<\/a><\/li>\n<\/ul>\n<\/li>\n<li class=\"menu-item menu-item-type-custom menu-item-object-custom menu-item-has-children menu-item-11797\"><a class=\"elementor-item\">Evropa<\/a>\n<ul class=\"sub-menu elementor-nav-menu--dropdown\">\n\t<li class=\"menu-item menu-item-type-post_type menu-item-object-page menu-item-11805\"><a href=\"https:\/\/gradido.net\/cs\/countries\/germany\/\" class=\"elementor-sub-item\">N\u011bmecko<\/a><\/li>\n\t<li class=\"menu-item menu-item-type-post_type menu-item-object-page menu-item-11803\"><a href=\"https:\/\/gradido.net\/cs\/countries\/greece\/\" class=\"elementor-sub-item\">\u0158ecko<\/a><\/li>\n\t<li class=\"menu-item menu-item-type-post_type menu-item-object-page menu-item-11788\"><a href=\"https:\/\/gradido.net\/cs\/countries\/spain\/\" class=\"elementor-sub-item\">\u0160pan\u011blsko<\/a><\/li>\n<\/ul>\n<\/li>\n<li class=\"menu-item menu-item-type-custom menu-item-object-custom menu-item-has-children menu-item-11801\"><a class=\"elementor-item\">Oce\u00e1nie<\/a>\n<ul class=\"sub-menu elementor-nav-menu--dropdown\">\n\t<li class=\"menu-item menu-item-type-post_type menu-item-object-page menu-item-11793\"><a href=\"https:\/\/gradido.net\/cs\/countries\/marshall-islands\/\" class=\"elementor-sub-item\">Marshallovy ostrovy<\/a><\/li>\n\t<li class=\"menu-item menu-item-type-post_type menu-item-object-page menu-item-11795\"><a href=\"https:\/\/gradido.net\/cs\/countries\/tahiti\/\" class=\"elementor-sub-item\">Tahiti<\/a><\/li>\n<\/ul>\n<\/li>\n<\/ul>\t\t\t<\/nav>\n\t\t\t\t\t<div class=\"elementor-menu-toggle\" role=\"button\" tabindex=\"0\" aria-label=\"P\u0159epnout nab\u00eddku\" aria-expanded=\"false\">\n\t\t\t<i aria-hidden=\"true\" role=\"presentation\" class=\"elementor-menu-toggle__icon--open eicon-menu-bar\"><\/i><i aria-hidden=\"true\" role=\"presentation\" class=\"elementor-menu-toggle__icon--close eicon-close\"><\/i>\t\t<\/div>\n\t\t\t\t\t<nav class=\"elementor-nav-menu--dropdown elementor-nav-menu__container\" aria-hidden=\"true\">\n\t\t\t\t<ul id=\"menu-2-8071a6f\" class=\"elementor-nav-menu\"><li class=\"menu-item menu-item-type-custom menu-item-object-custom menu-item-has-children menu-item-12305\"><a class=\"elementor-item\" tabindex=\"-1\">Afrika<\/a>\n<ul class=\"sub-menu elementor-nav-menu--dropdown\">\n\t<li class=\"menu-item menu-item-type-post_type menu-item-object-page menu-item-12253\"><a href=\"https:\/\/gradido.net\/cs\/countries\/afrika\/\" class=\"elementor-sub-item\" tabindex=\"-1\">Afrika, cel\u00fd kontinent<\/a><\/li>\n\t<li class=\"menu-item menu-item-type-post_type menu-item-object-page menu-item-13097\"><a href=\"https:\/\/gradido.net\/cs\/countries\/afrika\/dr-congo\/\" class=\"elementor-sub-item\" tabindex=\"-1\">Demokratick\u00e1 republika Kongo<\/a><\/li>\n\t<li class=\"menu-item menu-item-type-post_type menu-item-object-page menu-item-12414\"><a href=\"https:\/\/gradido.net\/cs\/countries\/afrika\/kenya\/\" class=\"elementor-sub-item\" tabindex=\"-1\">Ke\u0148a<\/a><\/li>\n\t<li class=\"menu-item menu-item-type-post_type menu-item-object-page menu-item-12737\"><a href=\"https:\/\/gradido.net\/cs\/countries\/afrika\/madagascar\/\" class=\"elementor-sub-item\" tabindex=\"-1\">Madagaskar<\/a><\/li>\n\t<li class=\"menu-item menu-item-type-post_type menu-item-object-page menu-item-12148\"><a href=\"https:\/\/gradido.net\/cs\/countries\/afrika\/namibia\/\" class=\"elementor-sub-item\" tabindex=\"-1\">Namibie<\/a><\/li>\n\t<li class=\"menu-item menu-item-type-post_type menu-item-object-page menu-item-12839\"><a href=\"https:\/\/gradido.net\/cs\/countries\/afrika\/rwanda\/\" class=\"elementor-sub-item\" tabindex=\"-1\">Rwanda<\/a><\/li>\n<\/ul>\n<\/li>\n<li class=\"menu-item menu-item-type-custom menu-item-object-custom menu-item-has-children menu-item-11798\"><a class=\"elementor-item\" tabindex=\"-1\">Amerika<\/a>\n<ul class=\"sub-menu elementor-nav-menu--dropdown\">\n\t<li class=\"menu-item menu-item-type-post_type menu-item-object-page menu-item-12463\"><a href=\"https:\/\/gradido.net\/cs\/countries\/usa\/\" class=\"elementor-sub-item\" tabindex=\"-1\">USA<\/a><\/li>\n\t<li class=\"menu-item menu-item-type-post_type menu-item-object-page menu-item-11791\"><a href=\"https:\/\/gradido.net\/cs\/countries\/mexico\/\" class=\"elementor-sub-item\" tabindex=\"-1\">Mexiko<\/a><\/li>\n<\/ul>\n<\/li>\n<li class=\"menu-item menu-item-type-custom menu-item-object-custom menu-item-has-children menu-item-11800\"><a class=\"elementor-item\" tabindex=\"-1\">Asia<\/a>\n<ul class=\"sub-menu elementor-nav-menu--dropdown\">\n\t<li class=\"menu-item menu-item-type-post_type menu-item-object-page menu-item-11794\"><a href=\"https:\/\/gradido.net\/cs\/countries\/maledives\/\" class=\"elementor-sub-item\" tabindex=\"-1\">Maledivy<\/a><\/li>\n\t<li class=\"menu-item menu-item-type-post_type menu-item-object-page menu-item-11790\"><a href=\"https:\/\/gradido.net\/cs\/countries\/philippines\/\" class=\"elementor-sub-item\" tabindex=\"-1\">Philppines<\/a><\/li>\n\t<li class=\"menu-item menu-item-type-post_type menu-item-object-page menu-item-11802\"><a href=\"https:\/\/gradido.net\/cs\/countries\/saudi-arabia\/\" class=\"elementor-sub-item\" tabindex=\"-1\">Sa\u00fadsk\u00e1 Ar\u00e1bie<\/a><\/li>\n<\/ul>\n<\/li>\n<li class=\"menu-item menu-item-type-custom menu-item-object-custom menu-item-has-children menu-item-11797\"><a class=\"elementor-item\" tabindex=\"-1\">Evropa<\/a>\n<ul class=\"sub-menu elementor-nav-menu--dropdown\">\n\t<li class=\"menu-item menu-item-type-post_type menu-item-object-page menu-item-11805\"><a href=\"https:\/\/gradido.net\/cs\/countries\/germany\/\" class=\"elementor-sub-item\" tabindex=\"-1\">N\u011bmecko<\/a><\/li>\n\t<li class=\"menu-item menu-item-type-post_type menu-item-object-page menu-item-11803\"><a href=\"https:\/\/gradido.net\/cs\/countries\/greece\/\" class=\"elementor-sub-item\" tabindex=\"-1\">\u0158ecko<\/a><\/li>\n\t<li class=\"menu-item menu-item-type-post_type menu-item-object-page menu-item-11788\"><a href=\"https:\/\/gradido.net\/cs\/countries\/spain\/\" class=\"elementor-sub-item\" tabindex=\"-1\">\u0160pan\u011blsko<\/a><\/li>\n<\/ul>\n<\/li>\n<li class=\"menu-item menu-item-type-custom menu-item-object-custom menu-item-has-children menu-item-11801\"><a class=\"elementor-item\" tabindex=\"-1\">Oce\u00e1nie<\/a>\n<ul class=\"sub-menu elementor-nav-menu--dropdown\">\n\t<li class=\"menu-item menu-item-type-post_type menu-item-object-page menu-item-11793\"><a href=\"https:\/\/gradido.net\/cs\/countries\/marshall-islands\/\" class=\"elementor-sub-item\" tabindex=\"-1\">Marshallovy ostrovy<\/a><\/li>\n\t<li class=\"menu-item menu-item-type-post_type menu-item-object-page menu-item-11795\"><a href=\"https:\/\/gradido.net\/cs\/countries\/tahiti\/\" class=\"elementor-sub-item\" tabindex=\"-1\">Tahiti<\/a><\/li>\n<\/ul>\n<\/li>\n<\/ul>\t\t\t<\/nav>\n\t\t\t\t\t\t<\/div>\n\t\t\t\t<\/div>\n\t\t\t\t<div class=\"elementor-element elementor-element-b31390b elementor-widget elementor-widget-breadcrumbs\" data-id=\"b31390b\" data-element_type=\"widget\" data-e-type=\"widget\" data-widget_type=\"breadcrumbs.default\">\n\t\t\t\t<div class=\"elementor-widget-container\">\n\t\t\t\t\t<p id=\"breadcrumbs\"><span><span><a href=\"https:\/\/gradido.net\/cs\/\">Domovsk\u00e1 str\u00e1nka<\/a><\/span><\/span><\/p>\t\t\t\t<\/div>\n\t\t\t\t<\/div>\n\t\t\t\t<div class=\"elementor-element elementor-element-a9db9a5 elementor-widget elementor-widget-text-editor\" data-id=\"a9db9a5\" data-element_type=\"widget\" data-e-type=\"widget\" data-widget_type=\"text-editor.default\">\n\t\t\t\t<div class=\"elementor-widget-container\">\n\t\t\t\t\t\t\t\t\t<h2 style=\"text-align: center;\"><a href=\"https:\/\/gradido.net\/cs\/countries\/germany\/\"><strong>Hlavn\u00ed strana: N\u011bmecko<\/strong><\/a><\/h2><p style=\"text-align: center;\"><a href=\"https:\/\/gradido.net\/cs\/countries\/germany\/vision-2032-de\/\">Vize-2032-DE - Jak Gradido zm\u011bnilo N\u011bmecko<\/a><br \/><a href=\"https:\/\/gradido.net\/cs\/countries\/germany\/supplementary-assessment-from-a-gradido-perspective\/\">Dopl\u0148kov\u00e9 hodnocen\u00ed z pohledu Gradida<\/a><br \/><strong>Pilotn\u00ed projekty v n\u011bmeck\u00fdch m\u011bstech<\/strong><\/p>\t\t\t\t\t\t\t\t<\/div>\n\t\t\t\t<\/div>\n\t\t\t\t<div class=\"elementor-element elementor-element-d7bb196 elementor-widget-divider--view-line elementor-widget elementor-widget-divider\" data-id=\"d7bb196\" data-element_type=\"widget\" data-e-type=\"widget\" data-widget_type=\"divider.default\">\n\t\t\t\t<div class=\"elementor-widget-container\">\n\t\t\t\t\t\t\t<div class=\"elementor-divider\">\n\t\t\t<span class=\"elementor-divider-separator\">\n\t\t\t\t\t\t<\/span>\n\t\t<\/div>\n\t\t\t\t\t\t<\/div>\n\t\t\t\t<\/div>\n\t\t\t\t<div class=\"elementor-element elementor-element-146ff9d elementor-widget elementor-widget-text-editor\" data-id=\"146ff9d\" data-element_type=\"widget\" data-e-type=\"widget\" data-widget_type=\"text-editor.default\">\n\t\t\t\t<div class=\"elementor-widget-container\">\n\t\t\t\t\t\t\t\t\t<div class=\"wiki-page-header-wrapper\"><div class=\"wiki-page-header-wrapper\"><p data-pm-slice=\"0 0 []\"><em>Obsah odr\u00e1\u017e\u00ed v\u00fdsledky v\u00fdzkumu a anal\u00fdz spole\u010dnosti Perplexity a nep\u0159edstavuje vyj\u00e1d\u0159en\u00ed n\u00e1zoru spole\u010dnosti Gradido. Jejich \u00fa\u010delem je poskytnout informace a podn\u00edtit dal\u0161\u00ed diskusi.<\/em><\/p><h1>Pilotn\u00ed projekty Gradido v n\u011bmeck\u00fdch m\u011bstech: V\u011bdeck\u00e9 hodnocen\u00ed a doporu\u010den\u00ed pro opat\u0159en\u00ed<\/h1><h2>Smysluplnost p\u0159\u00edm\u00e9ho p\u0159\u00edstupu k m\u011bstu<\/h2><h3>P\u0159\u00edzniv\u00e9 r\u00e1mcov\u00e9 podm\u00ednky<\/h3><p>Sou\u010dasn\u00e1 situace n\u011bmeck\u00fdch obc\u00ed vytv\u00e1\u0159\u00ed <strong>mimo\u0159\u00e1dn\u011b p\u0159\u00edzniv\u00e9 podm\u00ednky<\/strong> pro inovativn\u00ed p\u0159\u00edstupy, jako je Gradido. Obecn\u00ed finance jsou v <strong>nejhor\u0161\u00ed krize v pov\u00e1le\u010dn\u00e9 historii<\/strong>: V roce 2024 zaznamenala m\u011bsta a obce rekordn\u00ed schodek ve v\u00fd\u0161i 24,8 miliardy eur, kter\u00fd by se m\u011bl v roce 2025 zv\u00fd\u0161it na v\u00edce ne\u017e 30 miliard eur. <strong>85% n\u011bmeck\u00fdch obc\u00ed<\/strong> nejsou schopny p\u0159edlo\u017eit vyrovnan\u00fd rozpo\u010det.<a href=\"https:\/\/www.marktundmittelstand.de\/finanzen\/kommunen-am-finanziellen-abgrund-droht-der-kollaps-unserer-staedte\">^1<\/a><a href=\"https:\/\/www.bertelsmann-stiftung.de\/de\/themen\/aktuelle-meldungen\/2025\/juli\/kommunale-finanzen-groesstes-defizit-in-der-geschichte-der-bundesrepublik\">^3<\/a><\/p><p>Tento finan\u010dn\u00ed nedostatek vytv\u00e1\u0159\u00ed <strong>obrovsk\u00fd tlak na inovace<\/strong>. Obce jsou nuceny hledat nov\u00e9 cesty, proto\u017ee tradi\u010dn\u00ed \u0159e\u0161en\u00ed selh\u00e1vaj\u00ed. Sc\u00e9n\u00e1\u0159e popsan\u00e9 v dokumentu Obl\u00edben\u00e9 m\u011bsto - z\u00e1chrana podnik\u016f, zlep\u0161en\u00ed obecn\u00edch financ\u00ed, pos\u00edlen\u00ed dobrovolnick\u00e9 pr\u00e1ce - se zab\u00fdvaj\u00ed n\u00e1sleduj\u00edc\u00edmi probl\u00e9my <strong>konkr\u00e9tn\u00ed body bolesti<\/strong> N\u011bmeck\u00e9 obce.<\/p><h3>St\u00e1vaj\u00edc\u00ed otev\u0159enost v\u016f\u010di alternativn\u00edm p\u0159\u00edstup\u016fm<\/h3><p>N\u011bmecko ji\u017e m\u00e1 <strong>46 aktivn\u00edch region\u00e1ln\u00edch m\u011bn<\/strong>od \u00fasp\u011b\u0161n\u00e9ho projektu Chiemgauer (700 000 bankovek v ob\u011bhu, 600 akcepta\u010dn\u00edch m\u00edst) a\u017e po men\u0161\u00ed m\u00edstn\u00ed projekty. Obec Langenegg ve Vorarlbersku je p\u0159\u00edkladem toho, jak Regionalweld v\u00e1\u017ee 680 000 eur ro\u010dn\u011b v obci se 450 dom\u00e1cnostmi a vytv\u00e1\u0159\u00ed 150 pracovn\u00edch m\u00edst.<a href=\"https:\/\/www.focus.de\/politik\/finanzkrise-der-kommunen-kein-geld-fuer-kitas-schulen-klimaschutz-so-steht-es-um-unsere-pleite-gemeinden_id_201366037.html\">^4<\/a><a href=\"https:\/\/antenne.nrw\/nrw\/kommunalfinanzen-in-deutschland-rekorddefizit-in-den-staedten\/\">^6<\/a><\/p><p><strong>Iniciativy Smart City<\/strong> Spolkov\u00e1 vl\u00e1da v sou\u010dasn\u00e9 dob\u011b financuje 73 pilotn\u00edch projekt\u016f \u010d\u00e1stkou 820 milion\u016f eur. Tyto programy ukazuj\u00ed, \u017ee <strong>Z\u00e1kladn\u00ed p\u0159ipravenost<\/strong> politiky a spr\u00e1vy pro syst\u00e9mov\u00e9 inovace, zejm\u00e9na pokud spojuj\u00ed \u00fa\u010dast ob\u010dan\u016f a udr\u017eitelnost.<a href=\"https:\/\/www.staedtetag.de\/publikationen\/weitere-publikationen\/2024\/handreichung-beteiligungskultur-in-der-stadtplanung-und-stadtentwicklung\">^7<\/a><\/p><h2>C\u00edlov\u00e9 skupiny: Optim\u00e1ln\u00ed typy m\u011bst pro pilotn\u00ed projekty Gradido<\/h2><h3>Mal\u00e1 m\u011bsta (5 000-20 000 obyvatel): Nejvy\u0161\u0161\u00ed \u0161ance na \u00fasp\u011bch<\/h3><p><strong>Mal\u00e1 m\u011bsta<\/strong> nab\u00edzej\u00ed <strong>nejide\u00e1ln\u011bj\u0161\u00ed podm\u00ednky<\/strong> pro pilotn\u00ed projekty Gradido:<\/p><ul data-tight=\"true\"><li><p><strong>Spravovateln\u00e9 struktury<\/strong>Kr\u00e1tk\u00e9 komunika\u010dn\u00ed kan\u00e1ly mezi ob\u010dany, spr\u00e1vou a m\u00edstn\u00edmi podniky.<\/p><\/li><li><p><strong>Vysok\u00fd finan\u010dn\u00ed tlak<\/strong>: Krize obecn\u00edch financ\u00ed se dot\u00fdk\u00e1 zejm\u00e9na mal\u00fdch m\u011bst<\/p><\/li><li><p><strong>Siln\u00e1 kultura dobrovolnictv\u00ed<\/strong>40% N\u011bmc\u016f se v\u011bnuje dobrovolnick\u00e9 \u010dinnosti, zejm\u00e9na v men\u0161\u00edch obc\u00edch.<a href=\"https:\/\/www.staedtetag.de\/positionen\/beschluesse\/2025\/241-hauptausschuss-kommunale-finanzkrise\">^8<\/a><\/p><\/li><li><p><strong>Pragmatick\u00e9 rozhodov\u00e1n\u00ed<\/strong>M\u00e9n\u011b byrokratick\u00fdch p\u0159ek\u00e1\u017eek ne\u017e ve velk\u00fdch m\u011bstech.<\/p><\/li><\/ul><p><strong>Konkr\u00e9tn\u00ed v\u00fdchoz\u00ed body<\/strong> z obl\u00edben\u00e9ho dokumentu m\u011bsta:<\/p><ul data-tight=\"true\"><li><p>M\u00edstn\u00ed pizzerie jako multiplik\u00e1tor (n\u00edzkoprahov\u00fd vstup)<\/p><\/li><li><p>Sbor dobrovoln\u00fdch hasi\u010d\u016f jako zaveden\u00e1 dobrovoln\u00e1 struktura<\/p><\/li><li><p>z\u00e1chrana m\u00edstn\u00edch podnik\u016f (p\u0159\u00edklad v\u00fdroby obuvi).<\/p><\/li><\/ul><h3>Struktur\u00e1ln\u011b slab\u00e9 oblasti: Nejvy\u0161\u0161\u00ed ochota inovovat<\/h3><p><strong>Zvl\u00e1\u0161t\u011b vhodn\u00e9<\/strong> jsou obce ve struktur\u00e1ln\u011b slab\u00fdch oblastech:<\/p><ul data-tight=\"true\"><li><p>V\u00fdchodon\u011bmeck\u00e9 obce s <strong>43% ni\u017e\u0161\u00ed \u00farove\u0148 aktiv<\/strong><a href=\"https:\/\/www.dstgb.de\/publikationen\/dokumentationen\/bilanz-2024-und-ausblick-2025\/bilanz-24-25-final.pdf\">^9<\/a><\/p><\/li><li><p>Regiony s <strong>\u00dabytek obyvatelstva<\/strong> a \u00famrt\u00ed podnikatel\u016f<\/p><\/li><li><p>Obce s <strong>Mimo\u0159\u00e1dn\u00e1 rozpo\u010dtov\u00e1 situace<\/strong> nebo pod dohledem obce<\/p><\/li><\/ul><p>Tyto obce maj\u00ed <strong>\"nen\u00ed co ztratit\"<\/strong> a jsou <strong>otev\u0159en\u011bj\u0161\u00ed radik\u00e1ln\u00edm alternativ\u00e1m<\/strong>. P\u0159\u00edklad z Langeneggu ukazuje, \u017ee region\u00e1ln\u00ed m\u011bny mohou <strong>Um\u00edraj\u00edc\u00ed vesnice<\/strong> \u00fasp\u011b\u0161n\u011b.<a href=\"https:\/\/www.bertelsmann-stiftung.de\/fileadmin\/files\/Projekte\/Vielfaeltige_Demokratie_gestalten\/Buergerbeteiligung_in_Kommunen_verankern.pdf\">^4<\/a><\/p><h3>Venkovsk\u00e9 komunity se silnou identitou<\/h3><p><strong>Venkovsk\u00e9 komunity<\/strong> se silnou m\u00edstn\u00ed identitou nab\u00edz\u00ed ide\u00e1ln\u00ed podm\u00ednky:<\/p><ul data-tight=\"true\"><li><p><strong>Vysok\u00e1 hustota klub\u016f<\/strong> a tradi\u010dn\u00ed sousedsk\u00e1 v\u00fdpomoc<\/p><\/li><li><p><strong>Kr\u00e1tk\u00e9 soci\u00e1ln\u00ed s\u00edt\u011b<\/strong> (\"ka\u017ed\u00fd zn\u00e1 ka\u017ed\u00e9ho\")<\/p><\/li><li><p><strong>Siln\u00e1 m\u00edstn\u00ed soudr\u017enost<\/strong> jako z\u00e1klad pro projekty spolupr\u00e1ce<\/p><\/li><li><p><strong>Solid\u00e1rn\u00ed zem\u011bd\u011blstv\u00ed<\/strong> ji\u017e k dispozici jako v\u00fdchoz\u00ed bod<\/p><\/li><\/ul><p>Dokument popisuje <strong>Permakultura a solid\u00e1rn\u00ed zem\u011bd\u011blstv\u00ed<\/strong> ve venkovsk\u00fdch komunit\u00e1ch ji\u017e existuje.<\/p><h2>Faktory \u00fasp\u011bchu p\u0159i zav\u00e1d\u011bn\u00ed syst\u00e9mu Gradido<\/h2><h3>Kritick\u00e9 faktory \u00fasp\u011bchu (podle d\u016fle\u017eitosti)<\/h3><p><strong>1. starosta jako podporovatel<\/strong> (D\u016fle\u017eitost: 9\/10)<\/p><ul data-tight=\"true\"><li><p><strong>Dostupnost: Rare<\/strong> - To je nejd\u016fle\u017eit\u011bj\u0161\u00ed, ale nejobt\u00ed\u017en\u011bj\u0161\u00ed faktor<\/p><\/li><li><p>Starostov\u00e9 mus\u00ed jednat jako <strong>\"Pe\u010dovatel\"<\/strong> a vizion\u00e1\u0159i (jako \"starosta Miteinand\" v dokumentu).<\/p><\/li><li><p>Po\u017eadovan\u00e9 <strong>politick\u00e1 odvaha<\/strong> pro inovativn\u00ed experimenty<\/p><\/li><\/ul><p><strong>2. zvl\u00e1dnuteln\u00e1 velikost komunity<\/strong> (D\u016fle\u017eitost: 9\/10)<\/p><ul data-tight=\"true\"><li><p><strong>Dostupnost: Vysok\u00e1<\/strong> - Mnoho mal\u00fdch obc\u00ed v N\u011bmecku<\/p><\/li><li><p>Umo\u017e\u0148uje <strong>Osobn\u00ed vztahy<\/strong> a <strong>P\u0159\u00edm\u00e1 komunikace<\/strong><\/p><\/li><\/ul><p><strong>3. st\u00e1vaj\u00edc\u00ed dobrovolnick\u00e9 struktury<\/strong> (D\u016fle\u017eitost: 8\/10)<\/p><ul data-tight=\"true\"><li><p><strong>Dostupnost: Vysok\u00e1<\/strong> - N\u011bmecko m\u00e1 silnou klubovou kulturu<\/p><\/li><li><p>28,8 milionu lid\u00ed vykon\u00e1v\u00e1 dobrovolnickou \u010dinnost<a href=\"https:\/\/www.staedtetag.de\/positionen\/beschluesse\/2025\/241-hauptausschuss-kommunale-finanzkrise\">^8<\/a><\/p><\/li><li><p>Hasi\u010di, sportovn\u00ed kluby, sousedsk\u00e1 v\u00fdpomoc jako <strong>Kotevn\u00ed body<\/strong><\/p><\/li><\/ul><p><strong>4. finan\u010dn\u00ed pot\u00ed\u017ee obce<\/strong> (D\u016fle\u017eitost: 8\/10)<\/p><ul data-tight=\"true\"><li><p><strong>Dostupnost: Velmi vysok\u00e1<\/strong> - 85% dot\u010den\u00fdch obc\u00ed<a href=\"#\">^1<\/a><\/p><\/li><li><p>Vytv\u00e1\u0159\u00ed <strong>Tlak na inovace<\/strong> a <strong>Ochota experimentovat<\/strong><\/p><\/li><\/ul><h3>P\u0159ek\u00e1\u017eky a rizika<\/h3><p><strong>Hlavn\u00ed p\u0159ek\u00e1\u017eky:<\/strong><\/p><ol data-tight=\"true\"><li><p><strong>Pr\u00e1vn\u00ed nejistota<\/strong>Obecn\u00ed pr\u00e1vo, rozpo\u010dtov\u00e9 pr\u00e1vo, da\u0148ov\u00e9 pr\u00e1vo<\/p><\/li><li><p><strong>Byrokratick\u00e1 setrva\u010dnost<\/strong>\"V\u017edycky jsme to d\u011blali takhle\"<\/p><\/li><li><p><strong>Averze k politick\u00e9mu riziku<\/strong>: Strach z ne\u00fasp\u011bchu a volebn\u00ed por\u00e1\u017eky<\/p><\/li><li><p><strong>Slo\u017eitost feder\u00e1ln\u00edho syst\u00e9mu<\/strong>: R\u016fzn\u00e9 obecn\u00ed z\u00e1kon\u00edky spolkov\u00fdch zem\u00ed<\/p><\/li><li><p><strong>Odpor lobby<\/strong>Zaveden\u00e9 z\u00e1jmov\u00e9 skupiny (banky, velk\u00e9 obchodn\u00ed spole\u010dnosti).<\/p><\/li><\/ol><p><strong>Rizika:<\/strong><\/p><ul data-tight=\"true\"><li><p><strong>Ne\u00fasp\u011bch pilotn\u00edho projektu<\/strong> diskredituje cel\u00fd koncept<\/p><\/li><li><p><strong>Pozornost m\u00e9di\u00ed<\/strong> m\u016f\u017ee v\u00e9st k politick\u00e9mu tlaku<\/p><\/li><li><p><strong>Pr\u00e1vn\u00ed v\u00fdzvy<\/strong> konkurenty nebo dozorov\u00fdmi org\u00e1ny<\/p><\/li><\/ul><h2>Konkr\u00e9tn\u00ed doporu\u010den\u00ed pro opat\u0159en\u00ed<\/h2><h3>F\u00e1ze 1: Strategick\u00e1 p\u0159\u00edprava (6-12 m\u011bs\u00edc\u016f)<\/h3><p><strong>1. pr\u00e1vn\u00ed ochrana<\/strong><\/p><ul data-tight=\"true\"><li><p><strong>Pr\u00e1vn\u00ed stanovisko<\/strong> o Gradidu v n\u011bmeck\u00e9m obecn\u00edm pr\u00e1vu<\/p><\/li><li><p><strong>Modely spolupr\u00e1ce<\/strong> rozv\u00edjet se zaveden\u00fdmi strukturami (dru\u017estva, sdru\u017een\u00ed).<\/p><\/li><li><p><strong>Pilotn\u00ed pr\u00e1vn\u00ed r\u00e1mec<\/strong> Jedn\u00e1n\u00ed s ministerstvy na st\u00e1tn\u00ed \u00farovni.<\/p><\/li><\/ul><p><strong>2. v\u011bdeck\u00e1 legitimizace<\/strong><\/p><ul data-tight=\"true\"><li><p><strong>Spolupr\u00e1ce s univerzitami<\/strong> pro doprovodn\u00e9 hodnocen\u00ed<\/p><\/li><li><p><strong>Studie proveditelnosti<\/strong> renomovan\u00fdmi institucemi (Bertelsmannova nadace atd.).<\/p><\/li><li><p><strong>Referen\u010dn\u00ed projekty<\/strong> dokument z jin\u00fdch zem\u00ed<\/p><\/li><\/ul><p><strong>3. mapov\u00e1n\u00ed zainteresovan\u00fdch stran<\/strong><\/p><ul data-tight=\"true\"><li><p><strong>Progresivn\u00ed starostov\u00e9<\/strong> ve struktur\u00e1ln\u011b slab\u00fdch oblastech<\/p><\/li><li><p><strong>Sdru\u017een\u00ed obc\u00ed<\/strong> jako multiplik\u00e1tory<\/p><\/li><li><p><strong>Dobrovolnick\u00e9 organizace<\/strong> Vybudovat partnera<\/p><\/li><\/ul><h3>F\u00e1ze 2: Pilotn\u00ed z\u00edsk\u00e1v\u00e1n\u00ed partner\u016f (3-6 m\u011bs\u00edc\u016f)<\/h3><p><strong>C\u00edlen\u00fd p\u0159\u00edstup podle priorit:<\/strong><\/p><p><strong>1. priorita A: obce v nouzi<\/strong><\/p><ul data-tight=\"true\"><li><p><strong>Mimo\u0159\u00e1dn\u00e9 rozpo\u010dtov\u00e9 situace - obce<\/strong> Adresa p\u0159\u00edmo<\/p><\/li><li><p><strong>Argumenta\u010dn\u00ed linie<\/strong>\"Gradido jako dopln\u011bk k renovaci\"<\/p><\/li><li><p><strong>Nab\u00eddka spolupr\u00e1ce<\/strong>Kompletn\u00ed v\u011bdeck\u00fd monitoring a pr\u00e1vn\u00ed ochrana<\/p><\/li><\/ul><p><strong>2. priorita B: Inovativn\u00ed mal\u00e1 m\u011bsta<\/strong><\/p><ul data-tight=\"true\"><li><p><strong>\u00da\u010dastn\u00edci projektu Smart City<\/strong> feder\u00e1ln\u00edho financov\u00e1n\u00ed<\/p><\/li><li><p><strong>V\u00edt\u011bz ceny za udr\u017eitelnost<\/strong> kontakt (nap\u0159. v\u00edt\u011bzov\u00e9 N\u011bmeck\u00e9 ceny za udr\u017eitelnost).<\/p><\/li><li><p><strong>Zd\u016fvodn\u011bn\u00ed<\/strong>Gradido jako \"dal\u0161\u00ed v\u00fdvojov\u00fd krok\" chytr\u00e9ho m\u011bsta<\/p><\/li><\/ul><p><strong>3. priorita C: anga\u017eovan\u00e9 venkovsk\u00e9 komunity<\/strong><\/p><ul data-tight=\"true\"><li><p><strong>V\u00edt\u011bz ceny za obnovu vesnice<\/strong> a <strong>N\u00e1rodn\u00ed sout\u011b\u017e Na\u0161e vesnice<\/strong> \u00da\u010dastn\u00edci<\/p><\/li><li><p><strong>Solid\u00e1rn\u00ed zem\u011bd\u011blsk\u00e1 m\u00edsta<\/strong> jako v\u00fdchoz\u00ed body<\/p><\/li><\/ul><h3>F\u00e1ze 3: N\u00e1vrh pilotn\u00edho projektu (2-4 m\u011bs\u00edce)<\/h3><p><strong>Strategie postupn\u00e9ho zav\u00e1d\u011bn\u00ed:<\/strong><\/p><p><strong>Stupe\u0148 1: \u010cestn\u00e9 Gradido (3 m\u011bs\u00edce)<\/strong><\/p><ul data-tight=\"true\"><li><p>Za\u010dn\u011bte s <strong>Vyznamen\u00e1n\u00ed dobrovoln\u00edk\u016f<\/strong> (20 Gradido\/hodina, jak je uvedeno v dokumentu)<\/p><\/li><li><p><strong>Hasi\u010di, THW, sportovn\u00ed kluby<\/strong> jako prvn\u00ed \u00fa\u010dastn\u00edci<\/p><\/li><li><p><strong>Kav\u00e1rny Gradido<\/strong> pro n\u00edzkoprahov\u00e9 p\u0159ej\u00edmac\u00ed body<\/p><\/li><\/ul><p><strong>\u00darove\u0148 2: M\u00edstn\u00ed hospod\u00e1\u0159stv\u00ed (6 m\u011bs\u00edc\u016f)<\/strong><\/p><ul data-tight=\"true\"><li><p><strong>Dobrovoln\u00e1 \u00fa\u010dast<\/strong> m\u00edstn\u00ed obchody<\/p><\/li><li><p><strong>3% Sleva<\/strong> p\u0159i v\u00fdm\u011bn\u011b Euro\u2192Gradido (osv\u011bd\u010den\u00fd model)<\/p><\/li><li><p><strong>Dny Gradido<\/strong> jako v p\u0159\u00edkladu s pizzeri\u00ed<\/p><\/li><\/ul><p><strong>F\u00e1ze 3: M\u00edstn\u00ed integrace (12 m\u011bs\u00edc\u016f)<\/strong><\/p><ul data-tight=\"true\"><li><p><strong>Obecn\u00ed dotace<\/strong> v\u00fdstup v Gradido<\/p><\/li><li><p><strong>Projekty Spole\u010denstv\u00ed<\/strong> jak realizovat v\u00fdrobu obuvi<\/p><\/li><li><p><strong>\u00dapln\u00e9 uzav\u0159en\u00ed cyklu<\/strong><\/p><\/li><\/ul><h3>F\u00e1ze 4: Profesion\u00e1ln\u00ed komunikace<\/h3><p><strong>Intern\u00ed komunikace:<\/strong><\/p><ul data-tight=\"true\"><li><p><strong>Administrativn\u00ed \u0161kolen\u00ed<\/strong> pro v\u0161echny z\u00fa\u010dastn\u011bn\u00e9 zam\u011bstnance<\/p><\/li><li><p><strong>Setk\u00e1n\u00ed ob\u010dan\u016f<\/strong> s transparentn\u00edmi informacemi<\/p><\/li><li><p><strong>Pr\u016fb\u011b\u017en\u00fd dialog<\/strong> se skeptiky<\/p><\/li><\/ul><p><strong>Extern\u00ed komunikace:<\/strong><\/p><ul data-tight=\"true\"><li><p><strong>Spolupr\u00e1ce s m\u00e9dii<\/strong> s m\u00edstn\u00edmi novinami\/r\u00e1diem<\/p><\/li><li><p><strong>V\u011bdeck\u00e9 publikace<\/strong> pro legitimizaci<\/p><\/li><li><p><strong>V\u00fdm\u011bna osv\u011bd\u010den\u00fdch postup\u016f<\/strong> mezi pilotn\u00edmi obcemi<\/p><\/li><\/ul><p><strong>Prevence kriz\u00ed:<\/strong><\/p><ul data-tight=\"true\"><li><p><strong>Nouzov\u00e9 pl\u00e1ny<\/strong> pro pr\u00e1vn\u00ed nebo medi\u00e1ln\u00ed probl\u00e9my<\/p><\/li><li><p><strong>Sc\u00e9n\u00e1\u0159e odchodu<\/strong> v p\u0159\u00edpad\u011b ne\u00fasp\u011bchu pilotn\u00edho projektu<\/p><\/li><li><p><strong>Pravideln\u00e9 informov\u00e1n\u00ed o \u00fasp\u011bchu<\/strong> v\u0161em z\u00fa\u010dastn\u011bn\u00fdm stran\u00e1m<\/p><\/li><\/ul><h2>Z\u00e1v\u011br a priorita opat\u0159en\u00ed<\/h2><p>P\u0159\u00edm\u00fd p\u0159\u00edstup n\u011bmeck\u00fdch m\u011bst k pilotn\u00edm projekt\u016fm Gradido je nejenom <strong>rozumn\u00e9, ale strategicky optim\u00e1ln\u00ed na\u010dasov\u00e1n\u00ed<\/strong>. Historicky bezprecedentn\u00ed finan\u010dn\u00ed krize obc\u00ed vytv\u00e1\u0159\u00ed <strong>Jedine\u010dn\u00e9 otev\u00edrac\u00ed okno<\/strong> pro syst\u00e9mov\u00e9 inovace.<\/p><p><strong>Nejvy\u0161\u0161\u00ed \u0161ance na \u00fasp\u011bch<\/strong> maj\u00ed:<\/p><ol data-tight=\"true\"><li><p><strong>Mal\u00e9 struktur\u00e1ln\u011b slab\u00e9 obce<\/strong> (500-5 000 p\u0159. n. l.) ve v\u00fdchodn\u00edm N\u011bmecku<\/p><\/li><li><p><strong>Inovativn\u00ed mal\u00e1 m\u011bsta<\/strong> (5 000-15 000 obyvatel) se starosty s otev\u0159enou mysl\u00ed.<\/p><\/li><li><p><strong>Venkovsk\u00e9 komunity<\/strong> se silnou tradic\u00ed dobrovolnictv\u00ed a m\u00edstn\u00ed identity.<\/p><\/li><\/ol><p><strong>Kritick\u00fd faktor \u00fasp\u011bchu<\/strong> je <strong>Kvalita p\u0159\u00edpravy<\/strong>Z\u00e1sadn\u00ed je pr\u00e1vn\u00ed jistota, v\u011bdeck\u00e9 monitorov\u00e1n\u00ed a politick\u00e1 podpora. A <strong>Ne\u00fasp\u011b\u0161n\u00fd pilotn\u00ed projekt<\/strong> by cel\u00fd koncept Gradido na dlouh\u00e1 l\u00e9ta zdiskreditoval.<\/p><p><strong>Doporu\u010den\u00ed<\/strong>: Za\u010dn\u011bte s <strong>2-3 pe\u010dliv\u011b vybran\u00e9 pilotn\u00ed komunity<\/strong>kter\u00e9 spl\u0148uj\u00ed v\u0161echny kritick\u00e9 faktory \u00fasp\u011bchu. Obl\u00edben\u00fd sc\u00e9n\u00e1\u0159 m\u011bsta je <strong>Re\u00e1ln\u011b realizovateln\u00e9<\/strong>pokud jsou k tomu vhodn\u00e9 r\u00e1mcov\u00e9 podm\u00ednky. \u010cas na transforma\u010dn\u00ed komun\u00e1ln\u00ed experimenty je tu. <strong>nyn\u00ed<\/strong>.<\/p><p>\u00a0<\/p><\/div><\/div>\t\t\t\t\t\t\t\t<\/div>\n\t\t\t\t<\/div>\n\t\t\t\t\t<\/div>\n\t\t<\/div>\n\t\t\t\t\t<\/div>\n\t\t<\/section>\n\t\t\t\t<\/div>","protected":false},"excerpt":{"rendered":"<p>Pilotprojekte in deutschen St\u00e4dten Hauptseite: Deutschland Vision-2032-DE \u2013 Wie Gradido Deutschland transformierteErg\u00e4nzende Einsch\u00e4tzung aus Gradido-PerspektivePilotprojekte in deutschen St\u00e4dten Die Inhalte spiegeln die Recherche- und Analyseergebnisse von Perplexity wider und stellen keine Meinungs\u00e4u\u00dferung von Gradido dar. Sie dienen der Information und als Impuls zur weiteren Diskussion. Gradido-Pilotprojekte in deutschen St\u00e4dten: Wissenschaftliche Bewertung und Handlungsempfehlungen Sinnhaftigkeit der [&hellip;]<\/p>\n","protected":false},"author":2,"featured_media":10458,"parent":11280,"menu_order":0,"comment_status":"closed","ping_status":"closed","template":"","meta":{"footnotes":""},"class_list":["post-11335","page","type-page","status-publish","has-post-thumbnail","hentry"],"yoast_head":"<!-- This site is optimized with the Yoast SEO plugin v27.4 - https:\/\/yoast.com\/product\/yoast-seo-wordpress\/ -->\n<title>Deutschland: Pilotprojekte in deutschen St\u00e4dten - Gradido<\/title>\n<meta name=\"description\" content=\"Sei Teil der Bewegung!Gemeinsam bringen wir Gradido in die Welt.\" \/>\n<meta name=\"robots\" content=\"index, follow, max-snippet:-1, max-image-preview:large, max-video-preview:-1\" \/>\n<link rel=\"canonical\" href=\"https:\/\/gradido.net\/cs\/countries\/germany\/pilot-projects-in-german-cities\/\" \/>\n<meta property=\"og:locale\" content=\"cs_CZ\" \/>\n<meta property=\"og:type\" content=\"article\" \/>\n<meta property=\"og:title\" content=\"Deutschland: Pilotprojekte in deutschen St\u00e4dten - Gradido\" \/>\n<meta property=\"og:description\" content=\"Sei Teil der Bewegung!Gemeinsam bringen wir Gradido in die Welt.\" \/>\n<meta property=\"og:url\" content=\"https:\/\/gradido.net\/cs\/countries\/germany\/pilot-projects-in-german-cities\/\" \/>\n<meta property=\"og:site_name\" content=\"Gradido\" \/>\n<meta property=\"article:modified_time\" content=\"2025-11-09T18:33:20+00:00\" \/>\n<meta property=\"og:image\" content=\"https:\/\/gradido.net\/wp-content\/uploads\/2025\/07\/AdobeStock_3210827871-scaled.jpeg\" \/>\n\t<meta property=\"og:image:width\" content=\"2560\" \/>\n\t<meta property=\"og:image:height\" content=\"790\" \/>\n\t<meta property=\"og:image:type\" content=\"image\/jpeg\" \/>\n<meta name=\"twitter:card\" content=\"summary_large_image\" \/>\n<meta name=\"twitter:label1\" content=\"Odhadovan\u00e1 doba \u010dten\u00ed\" \/>\n\t<meta name=\"twitter:data1\" content=\"6 minut\" \/>\n<script type=\"application\/ld+json\" class=\"yoast-schema-graph\">{\"@context\":\"https:\\\/\\\/schema.org\",\"@graph\":[{\"@type\":\"WebPage\",\"@id\":\"https:\\\/\\\/gradido.net\\\/countries\\\/germany\\\/pilot-projects-in-german-cities\\\/\",\"url\":\"https:\\\/\\\/gradido.net\\\/countries\\\/germany\\\/pilot-projects-in-german-cities\\\/\",\"name\":\"Deutschland: Pilotprojekte in deutschen St\u00e4dten - Gradido\",\"isPartOf\":{\"@id\":\"https:\\\/\\\/gradido.net\\\/de\\\/#website\"},\"primaryImageOfPage\":{\"@id\":\"https:\\\/\\\/gradido.net\\\/countries\\\/germany\\\/pilot-projects-in-german-cities\\\/#primaryimage\"},\"image\":{\"@id\":\"https:\\\/\\\/gradido.net\\\/countries\\\/germany\\\/pilot-projects-in-german-cities\\\/#primaryimage\"},\"thumbnailUrl\":\"https:\\\/\\\/gradido.net\\\/wp-content\\\/uploads\\\/2025\\\/07\\\/AdobeStock_3210827871-scaled.jpeg\",\"datePublished\":\"2025-08-15T11:52:57+00:00\",\"dateModified\":\"2025-11-09T18:33:20+00:00\",\"description\":\"Sei Teil der Bewegung!Gemeinsam bringen wir Gradido in die Welt.\",\"breadcrumb\":{\"@id\":\"https:\\\/\\\/gradido.net\\\/countries\\\/germany\\\/pilot-projects-in-german-cities\\\/#breadcrumb\"},\"inLanguage\":\"cs\",\"potentialAction\":[{\"@type\":\"ReadAction\",\"target\":[\"https:\\\/\\\/gradido.net\\\/countries\\\/germany\\\/pilot-projects-in-german-cities\\\/\"]}]},{\"@type\":\"ImageObject\",\"inLanguage\":\"cs\",\"@id\":\"https:\\\/\\\/gradido.net\\\/countries\\\/germany\\\/pilot-projects-in-german-cities\\\/#primaryimage\",\"url\":\"https:\\\/\\\/gradido.net\\\/wp-content\\\/uploads\\\/2025\\\/07\\\/AdobeStock_3210827871-scaled.jpeg\",\"contentUrl\":\"https:\\\/\\\/gradido.net\\\/wp-content\\\/uploads\\\/2025\\\/07\\\/AdobeStock_3210827871-scaled.jpeg\",\"width\":2560,\"height\":790,\"caption\":\"world globe planet earth 3d-illustration. elements of this image furnished by NASA\"},{\"@type\":\"BreadcrumbList\",\"@id\":\"https:\\\/\\\/gradido.net\\\/countries\\\/germany\\\/pilot-projects-in-german-cities\\\/#breadcrumb\",\"itemListElement\":[{\"@type\":\"ListItem\",\"position\":1,\"name\":\"Startseite\",\"item\":\"https:\\\/\\\/gradido.net\\\/\"},{\"@type\":\"ListItem\",\"position\":2,\"name\":\"L\u00e4nderforschung\",\"item\":\"https:\\\/\\\/gradido.net\\\/countries\\\/\"},{\"@type\":\"ListItem\",\"position\":3,\"name\":\"Deutschland\",\"item\":\"https:\\\/\\\/gradido.net\\\/countries\\\/germany\\\/\"},{\"@type\":\"ListItem\",\"position\":4,\"name\":\"Deutschland: Pilotprojekte in deutschen St\u00e4dten\"}]},{\"@type\":\"WebSite\",\"@id\":\"https:\\\/\\\/gradido.net\\\/de\\\/#website\",\"url\":\"https:\\\/\\\/gradido.net\\\/de\\\/\",\"name\":\"Gradido\",\"description\":\"Die neue W\u00e4hrung hei\u00dft Dankbarkeit\",\"publisher\":{\"@id\":\"https:\\\/\\\/gradido.net\\\/de\\\/#organization\"},\"potentialAction\":[{\"@type\":\"SearchAction\",\"target\":{\"@type\":\"EntryPoint\",\"urlTemplate\":\"https:\\\/\\\/gradido.net\\\/de\\\/?s={search_term_string}\"},\"query-input\":{\"@type\":\"PropertyValueSpecification\",\"valueRequired\":true,\"valueName\":\"search_term_string\"}}],\"inLanguage\":\"cs\"},{\"@type\":\"Organization\",\"@id\":\"https:\\\/\\\/gradido.net\\\/de\\\/#organization\",\"name\":\"Gradido\",\"url\":\"https:\\\/\\\/gradido.net\\\/de\\\/\",\"logo\":{\"@type\":\"ImageObject\",\"inLanguage\":\"cs\",\"@id\":\"https:\\\/\\\/gradido.net\\\/de\\\/#\\\/schema\\\/logo\\\/image\\\/\",\"url\":\"https:\\\/\\\/gradido.net\\\/wp-content\\\/uploads\\\/2022\\\/04\\\/gradido-social.jpg\",\"contentUrl\":\"https:\\\/\\\/gradido.net\\\/wp-content\\\/uploads\\\/2022\\\/04\\\/gradido-social.jpg\",\"width\":527,\"height\":273,\"caption\":\"Gradido\"},\"image\":{\"@id\":\"https:\\\/\\\/gradido.net\\\/de\\\/#\\\/schema\\\/logo\\\/image\\\/\"}}]}<\/script>\n<!-- \/ Yoast SEO plugin. -->","yoast_head_json":{"title":"N\u011bmecko: Pilotn\u00ed projekty v n\u011bmeck\u00fdch m\u011bstech - Gradido","description":"Sta\u0148te se sou\u010d\u00e1st\u00ed hnut\u00ed! Spole\u010dn\u011b p\u0159ivedeme Gradido na sv\u011bt.","robots":{"index":"index","follow":"follow","max-snippet":"max-snippet:-1","max-image-preview":"max-image-preview:large","max-video-preview":"max-video-preview:-1"},"canonical":"https:\/\/gradido.net\/cs\/countries\/germany\/pilot-projects-in-german-cities\/","og_locale":"cs_CZ","og_type":"article","og_title":"Deutschland: Pilotprojekte in deutschen St\u00e4dten - Gradido","og_description":"Sei Teil der Bewegung!Gemeinsam bringen wir Gradido in die Welt.","og_url":"https:\/\/gradido.net\/cs\/countries\/germany\/pilot-projects-in-german-cities\/","og_site_name":"Gradido","article_modified_time":"2025-11-09T18:33:20+00:00","og_image":[{"width":2560,"height":790,"url":"https:\/\/gradido.net\/wp-content\/uploads\/2025\/07\/AdobeStock_3210827871-scaled.jpeg","type":"image\/jpeg"}],"twitter_card":"summary_large_image","twitter_misc":{"Odhadovan\u00e1 doba \u010dten\u00ed":"6 minut"},"schema":{"@context":"https:\/\/schema.org","@graph":[{"@type":"WebPage","@id":"https:\/\/gradido.net\/countries\/germany\/pilot-projects-in-german-cities\/","url":"https:\/\/gradido.net\/countries\/germany\/pilot-projects-in-german-cities\/","name":"N\u011bmecko: Pilotn\u00ed projekty v n\u011bmeck\u00fdch m\u011bstech - Gradido","isPartOf":{"@id":"https:\/\/gradido.net\/de\/#website"},"primaryImageOfPage":{"@id":"https:\/\/gradido.net\/countries\/germany\/pilot-projects-in-german-cities\/#primaryimage"},"image":{"@id":"https:\/\/gradido.net\/countries\/germany\/pilot-projects-in-german-cities\/#primaryimage"},"thumbnailUrl":"https:\/\/gradido.net\/wp-content\/uploads\/2025\/07\/AdobeStock_3210827871-scaled.jpeg","datePublished":"2025-08-15T11:52:57+00:00","dateModified":"2025-11-09T18:33:20+00:00","description":"Sta\u0148te se sou\u010d\u00e1st\u00ed hnut\u00ed! Spole\u010dn\u011b p\u0159ivedeme Gradido na sv\u011bt.","breadcrumb":{"@id":"https:\/\/gradido.net\/countries\/germany\/pilot-projects-in-german-cities\/#breadcrumb"},"inLanguage":"cs","potentialAction":[{"@type":"ReadAction","target":["https:\/\/gradido.net\/countries\/germany\/pilot-projects-in-german-cities\/"]}]},{"@type":"ImageObject","inLanguage":"cs","@id":"https:\/\/gradido.net\/countries\/germany\/pilot-projects-in-german-cities\/#primaryimage","url":"https:\/\/gradido.net\/wp-content\/uploads\/2025\/07\/AdobeStock_3210827871-scaled.jpeg","contentUrl":"https:\/\/gradido.net\/wp-content\/uploads\/2025\/07\/AdobeStock_3210827871-scaled.jpeg","width":2560,"height":790,"caption":"world globe planet earth 3d-illustration. elements of this image furnished by NASA"},{"@type":"BreadcrumbList","@id":"https:\/\/gradido.net\/countries\/germany\/pilot-projects-in-german-cities\/#breadcrumb","itemListElement":[{"@type":"ListItem","position":1,"name":"Startseite","item":"https:\/\/gradido.net\/"},{"@type":"ListItem","position":2,"name":"L\u00e4nderforschung","item":"https:\/\/gradido.net\/countries\/"},{"@type":"ListItem","position":3,"name":"Deutschland","item":"https:\/\/gradido.net\/countries\/germany\/"},{"@type":"ListItem","position":4,"name":"Deutschland: Pilotprojekte in deutschen St\u00e4dten"}]},{"@type":"WebSite","@id":"https:\/\/gradido.net\/de\/#website","url":"https:\/\/gradido.net\/de\/","name":"Gradido","description":"Novou m\u011bnou je vd\u011b\u010dnost","publisher":{"@id":"https:\/\/gradido.net\/de\/#organization"},"potentialAction":[{"@type":"SearchAction","target":{"@type":"EntryPoint","urlTemplate":"https:\/\/gradido.net\/de\/?s={search_term_string}"},"query-input":{"@type":"PropertyValueSpecification","valueRequired":true,"valueName":"search_term_string"}}],"inLanguage":"cs"},{"@type":"Organization","@id":"https:\/\/gradido.net\/de\/#organization","name":"Gradido","url":"https:\/\/gradido.net\/de\/","logo":{"@type":"ImageObject","inLanguage":"cs","@id":"https:\/\/gradido.net\/de\/#\/schema\/logo\/image\/","url":"https:\/\/gradido.net\/wp-content\/uploads\/2022\/04\/gradido-social.jpg","contentUrl":"https:\/\/gradido.net\/wp-content\/uploads\/2022\/04\/gradido-social.jpg","width":527,"height":273,"caption":"Gradido"},"image":{"@id":"https:\/\/gradido.net\/de\/#\/schema\/logo\/image\/"}}]}},"_links":{"self":[{"href":"https:\/\/gradido.net\/cs\/wp-json\/wp\/v2\/pages\/11335","targetHints":{"allow":["GET"]}}],"collection":[{"href":"https:\/\/gradido.net\/cs\/wp-json\/wp\/v2\/pages"}],"about":[{"href":"https:\/\/gradido.net\/cs\/wp-json\/wp\/v2\/types\/page"}],"author":[{"embeddable":true,"href":"https:\/\/gradido.net\/cs\/wp-json\/wp\/v2\/users\/2"}],"replies":[{"embeddable":true,"href":"https:\/\/gradido.net\/cs\/wp-json\/wp\/v2\/comments?post=11335"}],"version-history":[{"count":13,"href":"https:\/\/gradido.net\/cs\/wp-json\/wp\/v2\/pages\/11335\/revisions"}],"predecessor-version":[{"id":12536,"href":"https:\/\/gradido.net\/cs\/wp-json\/wp\/v2\/pages\/11335\/revisions\/12536"}],"up":[{"embeddable":true,"href":"https:\/\/gradido.net\/cs\/wp-json\/wp\/v2\/pages\/11280"}],"wp:featuredmedia":[{"embeddable":true,"href":"https:\/\/gradido.net\/cs\/wp-json\/wp\/v2\/media\/10458"}],"wp:attachment":[{"href":"https:\/\/gradido.net\/cs\/wp-json\/wp\/v2\/media?parent=11335"}],"curies":[{"name":"wp","href":"https:\/\/api.w.org\/{rel}","templated":true}]}}