{"version":"1.0","provider_name":"Gradido","provider_url":"https:\/\/gradido.net\/da","author_name":"Philipp Kessler","author_url":"https:\/\/gradido.net\/da\/author\/philipp\/","title":"Great Cooperation: tragende Strukturen f\u00fcr eine gesunde Welt - Gradido","type":"rich","width":600,"height":338,"html":"<blockquote class=\"wp-embedded-content\" data-secret=\"9vX4CFJqnN\"><a href=\"https:\/\/gradido.net\/da\/episode-30\/\">Et godt samarbejde: st\u00f8tteordninger for en sund verden<\/a><\/blockquote><iframe sandbox=\"allow-scripts\" security=\"restricted\" src=\"https:\/\/gradido.net\/da\/episode-30\/embed\/#?secret=9vX4CFJqnN\" width=\"600\" height=\"338\" title=\"\u201cGodt samarbejde: underst\u00f8ttende strukturer for en sund verden\u201d - Gradido\" data-secret=\"9vX4CFJqnN\" frameborder=\"0\" marginwidth=\"0\" marginheight=\"0\" scrolling=\"no\" class=\"wp-embedded-content\"><\/iframe><script>\n\/*! This file is auto-generated *\/\n!function(d,l){\"use strict\";l.querySelector&&d.addEventListener&&\"undefined\"!=typeof URL&&(d.wp=d.wp||{},d.wp.receiveEmbedMessage||(d.wp.receiveEmbedMessage=function(e){var t=e.data;if((t||t.secret||t.message||t.value)&&!\/[^a-zA-Z0-9]\/.test(t.secret)){for(var s,r,n,a=l.querySelectorAll('iframe[data-secret=\"'+t.secret+'\"]'),o=l.querySelectorAll('blockquote[data-secret=\"'+t.secret+'\"]'),c=new RegExp(\"^https?:$\",\"i\"),i=0;i<o.length;i++)o[i].style.display=\"none\";for(i=0;i<a.length;i++)s=a[i],e.source===s.contentWindow&&(s.removeAttribute(\"style\"),\"height\"===t.message?(1e3<(r=parseInt(t.value,10))?r=1e3:~~r<200&&(r=200),s.height=r):\"link\"===t.message&&(r=new URL(s.getAttribute(\"src\")),n=new URL(t.value),c.test(n.protocol))&&n.host===r.host&&l.activeElement===s&&(d.top.location.href=t.value))}},d.addEventListener(\"message\",d.wp.receiveEmbedMessage,!1),l.addEventListener(\"DOMContentLoaded\",function(){for(var e,t,s=l.querySelectorAll(\"iframe.wp-embedded-content\"),r=0;r<s.length;r++)(t=(e=s[r]).getAttribute(\"data-secret\"))||(t=Math.random().toString(36).substring(2,12),e.src+=\"#?secret=\"+t,e.setAttribute(\"data-secret\",t)),e.contentWindow.postMessage({message:\"ready\",secret:t},\"*\")},!1)))}(window,document);\n\/\/# sourceURL=https:\/\/gradido.net\/wp-includes\/js\/wp-embed.min.js\n<\/script>","thumbnail_url":"https:\/\/gradido.net\/wp-content\/uploads\/2021\/09\/podcast_www_bubendorf.jpg","thumbnail_width":700,"thumbnail_height":475,"description":"Die immer heftigeren St\u00f6rungen der globalen Lieferketten f\u00fchren uns unsere Abh\u00e4ngigkeit von au\u00dfen vor Augen. Die Menschen w\u00fcnschen sich mehr denn je regionale Selbstbestimmung und Unabh\u00e4ngigkeit. \u00dcber die daf\u00fcr n\u00f6tigen neuen Strukturen sprechen wir mit dem Unternehmer Michael Bubendorf [01:03:27]"}