{"id":3,"date":"2020-07-20T14:01:02","date_gmt":"2020-07-20T12:01:02","guid":{"rendered":"http:\/\/neu.gradido.net\/?page_id=3"},"modified":"2024-10-19T17:29:28","modified_gmt":"2024-10-19T15:29:28","slug":"datenschutz","status":"publish","type":"page","link":"https:\/\/gradido.net\/de\/datenschutz\/","title":{"rendered":"Datenschutz"},"content":{"rendered":"\t\t<div data-elementor-type=\"wp-page\" data-elementor-id=\"3\" class=\"elementor elementor-3\" data-elementor-post-type=\"page\">\n\t\t\t\t\t\t<section class=\"elementor-section elementor-top-section elementor-element elementor-element-5b5f22d elementor-section-full_width elementor-section-height-default elementor-section-height-default\" data-id=\"5b5f22d\" data-element_type=\"section\" data-e-type=\"section\">\n\t\t\t\t\t\t<div class=\"elementor-container elementor-column-gap-no\">\n\t\t\t\t\t<div class=\"elementor-column elementor-col-100 elementor-top-column elementor-element elementor-element-3b16e50\" data-id=\"3b16e50\" data-element_type=\"column\" data-e-type=\"column\">\n\t\t\t<div class=\"elementor-widget-wrap elementor-element-populated\">\n\t\t\t\t\t\t<div class=\"elementor-element elementor-element-c16d214 elementor--h-position-center elementor--v-position-middle elementor-arrows-position-inside elementor-widget elementor-widget-slides\" data-id=\"c16d214\" data-element_type=\"widget\" data-e-type=\"widget\" data-settings=\"{&quot;navigation&quot;:&quot;arrows&quot;,&quot;autoplay&quot;:&quot;yes&quot;,&quot;pause_on_hover&quot;:&quot;yes&quot;,&quot;pause_on_interaction&quot;:&quot;yes&quot;,&quot;autoplay_speed&quot;:5000,&quot;infinite&quot;:&quot;yes&quot;,&quot;transition&quot;:&quot;slide&quot;,&quot;transition_speed&quot;:500}\" data-widget_type=\"slides.default\">\n\t\t\t\t<div class=\"elementor-widget-container\">\n\t\t\t\t\t\t\t\t\t<div class=\"elementor-swiper\">\n\t\t\t\t\t<div class=\"elementor-slides-wrapper elementor-main-swiper swiper\" role=\"region\" aria-roledescription=\"carousel\" aria-label=\"Diapositivas\" dir=\"ltr\" data-animation=\"fadeInUp\">\n\t\t\t\t<div class=\"swiper-wrapper elementor-slides\">\n\t\t\t\t\t\t\t\t\t\t<div class=\"elementor-repeater-item-2de4990 swiper-slide\" role=\"group\" aria-roledescription=\"slide\"><div class=\"swiper-slide-bg\" role=\"img\" aria-label=\"slide-1\"><\/div><div class=\"swiper-slide-inner\" ><div class=\"swiper-slide-contents\"><\/div><\/div><\/div>\t\t\t\t<\/div>\n\t\t\t\t\t\t\t<\/div>\n\t\t\t\t<\/div>\n\t\t\t\t\t\t\t\t<\/div>\n\t\t\t\t<\/div>\n\t\t\t\t\t<\/div>\n\t\t<\/div>\n\t\t\t\t\t<\/div>\n\t\t<\/section>\n\t\t\t\t<section class=\"elementor-section elementor-top-section elementor-element elementor-element-2e8357b elementor-section-boxed elementor-section-height-default elementor-section-height-default\" data-id=\"2e8357b\" data-element_type=\"section\" data-e-type=\"section\" data-settings=\"{&quot;background_background&quot;:&quot;classic&quot;}\">\n\t\t\t\t\t\t<div class=\"elementor-container elementor-column-gap-default\">\n\t\t\t\t\t<div class=\"elementor-column elementor-col-100 elementor-top-column elementor-element elementor-element-205e0e7\" data-id=\"205e0e7\" data-element_type=\"column\" data-e-type=\"column\">\n\t\t\t<div class=\"elementor-widget-wrap elementor-element-populated\">\n\t\t\t\t\t\t<div class=\"elementor-element elementor-element-45992e9 elementor-widget elementor-widget-heading\" data-id=\"45992e9\" data-element_type=\"widget\" data-e-type=\"widget\" data-widget_type=\"heading.default\">\n\t\t\t\t<div class=\"elementor-widget-container\">\n\t\t\t\t\t<h1 class=\"elementor-heading-title elementor-size-default\">Datenschutzerkl\u00e4rung<br>\n<br><\/h1>\t\t\t\t<\/div>\n\t\t\t\t<\/div>\n\t\t\t\t\t<\/div>\n\t\t<\/div>\n\t\t\t\t\t<\/div>\n\t\t<\/section>\n\t\t\t\t<section class=\"elementor-section elementor-top-section elementor-element elementor-element-37c862b elementor-section-boxed elementor-section-height-default elementor-section-height-default\" data-id=\"37c862b\" data-element_type=\"section\" data-e-type=\"section\" data-settings=\"{&quot;background_background&quot;:&quot;classic&quot;}\">\n\t\t\t\t\t\t<div class=\"elementor-container elementor-column-gap-default\">\n\t\t\t\t\t<div class=\"elementor-column elementor-col-100 elementor-top-column elementor-element elementor-element-2b9f7e6\" data-id=\"2b9f7e6\" data-element_type=\"column\" data-e-type=\"column\">\n\t\t\t<div class=\"elementor-widget-wrap elementor-element-populated\">\n\t\t\t\t\t\t<div class=\"elementor-element elementor-element-c4106bb elementor-widget elementor-widget-text-editor\" data-id=\"c4106bb\" data-element_type=\"widget\" data-e-type=\"widget\" data-widget_type=\"text-editor.default\">\n\t\t\t\t<div class=\"elementor-widget-container\">\n\t\t\t\t\t\t\t\t\t<h2 class=\"p7\"><span class=\"s1\"><b>EINLEITUNG | VORWORT<\/b><\/span><\/h2><p class=\"p8\"><span class=\"s1\">Wir freuen uns \u00fcber Ihr Interesse an dem Internetauftritt der Gradido Akademie. Das Vertrauen aller Besucher und Kunden und die Sicherheit Ihrer Daten und der Schutz Ihrer Privatsph\u00e4re sind uns ein wichtiges Anliegen.<\/span><\/p><p class=\"p7\"><span class=\"s1\"><b>INHALT DIESER DATENSCHUTZERKL\u00c4RUNG<\/b><\/span><\/p><p class=\"p8\"><span class=\"s1\">Nachfolgend m\u00f6chten wir Ihnen erl\u00e4utern, welche Daten wir als Anbieter dieser Web-Site wann und zu welchem Zweck erheben, verarbeiten und nutzen. Es wird erkl\u00e4rt, wie unsere angebotenen digitalen Produkte und Dienste arbeiten und wie hierbei der Schutz Ihrer personenbezogenen Daten gew\u00e4hrleistet wird.<\/span><\/p><p class=\"p8\"><span class=\"s1\">Unsere Datenschutzerkl\u00e4rung ist &#8211; wie folgt &#8211; aufgeteilt:<\/span><\/p><p class=\"p8\"><span class=\"s1\">Teil 1: ALLGEMEINE HINWEISE<\/span><\/p><p class=\"p8\"><span class=\"s1\">Teil 2: NUTZUNG DIESER WEBSITE<\/span><\/p><p class=\"p8\"><span class=\"s1\">Teil 3: COOKIES UND ONLINE-MARKETING-TOOLS<\/span><\/p><p class=\"p8\"><span class=\"s1\">Teil 4: EINBINDUNG FREMDER DIENSTE UND INHALTE (DIENSTE UND INHALTE DRITTER)<\/span><\/p><p class=\"p8\"><span class=\"s1\">Teil 5: SOCIAL-MEDIA-TEILEN-BUTTONS<\/span><\/p><p class=\"p8\"><span class=\"s1\">Teil 6: MITGLIEDERBEREICHE &amp; AFFILIATE<\/span><\/p><p class=\"p8\"><span class=\"s1\">Teil 7: SICHERHEIT<\/span><\/p><p class=\"p8\"><span class=\"s1\">Teil 8: BETROFFENENRECHTE<\/span><\/p><h2 class=\"p10\"><span class=\"s1\"><b>TEIL 1: ALLGEMEINE HINWEISE<\/b><\/span><\/h2><p class=\"p7\"><span class=\"s1\"><b>GELTUNGSBEREICH<\/b><\/span><\/p><p class=\"p8\"><span class=\"s1\">Diese Datenschutzerkl\u00e4rung kl\u00e4rt Besucher und Nutzer \u00fcber die Art, den Umfang und Zwecke der Erhebung und Verwendung personenbezogener Daten durch den verantwortlichen Anbieter dieser Web-Site auf der Website <a href=\"https:\/\/gradido.net\/\">https:\/\/gradido.net<\/a>\u00a0(im folgenden \u201cAngebot\u201d) auf.<\/span><\/p><p class=\"p8\"><span class=\"s1\">Ihre personenbezogenen Daten werden im Rahmen der gesetzlichen Datenschutzvorschriften gesch\u00fctzt und gem\u00e4\u00df dieser Datenschutzerkl\u00e4rung &#8211; wie folgt &#8211; behandelt:<\/span><\/p><p class=\"p3\"><span class=\"s1\">Diese Datenschutzerkl\u00e4rung kl\u00e4rt Sie \u00fcber die Art, den Umfang und Zweck der Verarbeitung von personenbezogenen Daten (nachfolgend kurz \u201eDaten\u201c) innerhalb unseres Onlineangebotes und der mit ihm verbundenen Webseiten, Funktionen und Inhalte sowie externen Onlinepr\u00e4senzen, wie z.B. unser Social Media Profile auf (nachfolgend gemeinsam bezeichnet als \u201eOnlineangebot\u201c). Im Hinblick auf die verwendeten Begrifflichkeiten, wie z.B. \u201eVerarbeitung\u201c oder \u201eVerantwortlicher\u201c verweisen wir auf die nachfolgenden Definitionen in Art. 4 der Datenschutzgrundverordnung (DSGVO).<\/span><\/p><p class=\"p3\"><span class=\"s1\">\u00a0<\/span><\/p><p class=\"p3\"><span class=\"s1\">Verantwortlicher f\u00fcr den Datenschutz<\/span><\/p><p class=\"p3\"><span class=\"s1\">Bernd H\u00fcckst\u00e4dt<\/span><\/p><p class=\"p3\"><span class=\"s1\">\u2105 Gradido-Akademie \u2013 Institut f\u00fcr Wirtschaftsbionik<\/span><\/p><p class=\"p3\"><span class=\"s1\">Gr\u00fcnder und Entwickler von Gradido<\/span><\/p><p class=\"p3\"><span class=\"s1\">Pfarrweg 2<\/span><\/p><p class=\"p3\"><span class=\"s1\">D 74653 K\u00fcnzelsau<\/span><\/p><p class=\"p3\"><span class=\"s1\">Impressum: https:\/\/gradido.de\/impressum\/<\/span><\/p><p class=\"p3\"><span class=\"s1\">\u00a0<\/span><\/p><p class=\"p7\"><span class=\"s1\"><b>BEGRIFFSDEFINITIONEN<\/b><\/span><\/p><p class=\"p13\"><span class=\"s1\"><b>DEFINITION PERSONENBEZOGENE DATEN<\/b><\/span><\/p><p class=\"p14\"><span class=\"s1\">Personenbezogene Daten sind Informationen, die dazu genutzt werden k\u00f6nnen, um Ihre Identit\u00e4t zu erfahren, wie beispielsweise Ihr richtiger Name, Ihre Adresse oder Ihre Telefonnummer.<\/span><\/p><p class=\"p14\"><span class=\"s1\">Es sind Informationen, mit deren Hilfe eine Person bestimmbar ist, also identifiziert werden kann.<\/span><\/p><p class=\"p3\"><span class=\"s1\">Als identifizierbar wird eine nat\u00fcrliche Person angesehen, die direkt oder indirekt, insbesondere mittels Zuordnung zu einer Kennung wie einem Namen, zu einer Kennnummer, zu Standortdaten, zu einer Online-Kennung (z.B. Cookie) oder zu einem oder mehreren besonderen Merkmalen identifiziert werden kann, die Ausdruck der physischen, physiologischen, genetischen, psychischen, wirtschaftlichen, kulturellen oder sozialen Identit\u00e4t dieser nat\u00fcrlichen Person sind. Zu den personenbezogenen Daten z\u00e4hlen deshalb z.B. auch Vorlieben, Hobbies, Mitgliedschaften oder welche Webseiten von jemandem angesehen wurden.<\/span><\/p><p class=\"p13\"><span class=\"s1\"><b>VERARBEITUNG<\/b><\/span><\/p><p class=\"p3\"><span class=\"s1\"><b>\u201eVerarbeitung\u201c<\/b>\u00a0ist jeder mit oder ohne Hilfe automatisierter Verfahren ausgef\u00fchrten Vorgang oder jede solche Vorgangsreihe im Zusammenhang mit personenbezogenen Daten. Der Begriff reicht weit und umfasst praktisch jeden Umgang mit Daten.<\/span><\/p><p class=\"p13\"><span class=\"s1\"><b>ARTEN DER VERARBEITETEN PERSONENBEZOGENE DATEN<\/b><\/span><\/p><p class=\"p3\"><span class=\"s1\">\u2013 Bestandsdaten (z.B., Namen, Adressen).<\/span><\/p><p class=\"p3\"><span class=\"s1\">\u2013 Kontaktdaten (z.B., E-Mail, Telefonnummern).<\/span><\/p><p class=\"p3\"><span class=\"s1\">\u2013 Inhaltsdaten (z.B., Texteingaben, Fotografien, Videos).<\/span><\/p><p class=\"p3\"><span class=\"s1\">\u2013 Nutzungsdaten (z.B., besuchte Webseiten, Interesse an Inhalten, Zugriffszeiten).<\/span><\/p><p class=\"p3\"><span class=\"s1\">\u2013 Meta-\/Kommunikationsdaten (z.B., Ger\u00e4te-Informationen, IP-Adressen).<\/span><\/p><p class=\"p13\"><span class=\"s1\"><b>KATEGORIEN BETROFFENER PERSONENKREIS<\/b><\/span><\/p><p class=\"p3\"><span class=\"s1\">Besucher und Nutzer des Onlineangebotes<\/span><\/p><p class=\"p3\"><span class=\"s1\">Nachfolgend bezeichnen wir die betroffenen Personen zusammenfassend auch als \u201eNutzer\u201c.<\/span><\/p><p class=\"p13\"><span class=\"s1\"><b>ZWECK DER VERARBEITUNG<\/b><\/span><\/p><p class=\"p3\"><span class=\"s1\">\u2013 Zurverf\u00fcgungstellung des Onlineangebotes, seiner Funktionen und Inhalte.<\/span><\/p><p class=\"p3\"><span class=\"s1\">\u2013 Beantwortung von Kontaktanfragen und Kommunikation mit Nutzern.<\/span><\/p><p class=\"p3\"><span class=\"s1\">\u2013 Sicherheitsma\u00dfnahmen.<\/span><\/p><p class=\"p3\"><span class=\"s1\">\u2013 Reichweitenmessung\/Marketing<\/span><\/p><p class=\"p3\"><span class=\"s1\">\u00a0<\/span><\/p><p class=\"p13\"><span class=\"s1\"><b>DATENVERANTWORTLICHER<\/b><\/span><\/p><p class=\"p3\"><span class=\"s1\">Als\u00a0<b>\u201eVerantwortlicher\u201c<\/b>\u00a0wird die nat\u00fcrliche oder juristische Person, Beh\u00f6rde, Einrichtung oder andere Stelle, die allein oder gemeinsam mit anderen \u00fcber die Zwecke und Mittel der Verarbeitung von personenbezogenen Daten entscheidet, bezeichnet.<\/span><\/p><p class=\"p7\"><span class=\"s1\"><b>RECHTSGRUNDLAGEN ZUR VERARBEITUNG PERSONENBEZOGENER DATEN<\/b><\/span><\/p><p class=\"p14\"><span class=\"s1\">Sofern die Rechtsgrundlage in dieser Datenschutzerkl\u00e4rung nicht f\u00fcr einzelne Tools besonders genannt werden, teilen wir Ihnen nach Ma\u00dfgabe des Art. 13 DSGVO die Rechtsgrundlagen unserer Datenverarbeitungen &#8211; wie folgt &#8211; mit:<\/span><\/p><ul class=\"ul1\"><li class=\"li8\"><span class=\"s4\">Die Rechtsgrundlage f\u00fcr die Einholung von Einwilligungen ist Art. 6 Abs. 1 lit. a und Art. 7 DSGVO,<\/span><\/li><li class=\"li8\"><span class=\"s4\">die Rechtsgrundlage f\u00fcr die Verarbeitung zur Erf\u00fcllung unserer Leistungen und Durchf\u00fchrung vertraglicher Ma\u00dfnahmen sowie zur Beantwortung von Anfragen ist Art. 6 Abs. 1 lit. b DSGVO,<\/span><\/li><li class=\"li8\"><span class=\"s4\">die Rechtsgrundlage f\u00fcr die Verarbeitung zur Erf\u00fcllung unserer rechtlichen Verpflichtungen ist Art. 6 Abs. 1 lit. c DSGVO, und<\/span><\/li><li class=\"li8\"><span class=\"s4\">die Rechtsgrundlage f\u00fcr die Verarbeitung zur Wahrung unserer berechtigten Interessen ist Art. 6 Abs. 1 lit. f DSGVO.<\/span><\/li><li class=\"li8\"><span class=\"s4\">F\u00fcr den Fall, dass lebenswichtige Interessen der betroffenen Person oder einer anderen nat\u00fcrlichen Person eine Verarbeitung personenbezogener Daten erforderlich machen, dient Art. 6 Abs. 1 lit. d DSGVO als Rechtsgrundlage.<\/span><\/li><\/ul><p class=\"p7\"><span class=\"s1\"><b>ZUSAMMENARBEIT MIT AUFTRAGSVERARBEITERN UND DRITTEN<\/b><\/span><\/p><p class=\"p14\"><span class=\"s1\">Sofern wir im Rahmen unserer Verarbeitung Daten gegen\u00fcber anderen Personen und Unternehmen (Auftragsverarbeitern oder Dritten) offenbaren, sie an diese \u00fcbermitteln oder ihnen sonst Zugriff auf die Daten gew\u00e4hren, erfolgt dies nur auf Grundlage einer gesetzlichen Erlaubnis (z.B. wenn eine \u00dcbermittlung der Daten an Dritte, wie an Zahlungsdienstleister, gem. Art. 6 Abs. 1 lit. b DSGVO zur Vertragserf\u00fcllung erforderlich ist), Sie eingewilligt haben, eine rechtliche Verpflichtung dies vorsieht oder auf Grundlage unserer berechtigten Interessen (z.B. beim Einsatz von Beauftragten, Webhostern, etc.).<\/span><\/p><p class=\"p14\"><span class=\"s1\">Sofern wir Dritte mit der Verarbeitung von Daten auf Grundlage eines sog. \u201eAuftragsverarbeitungsvertrages\u201c beauftragen, geschieht dies auf Grundlage des Art. 28 DSGVO.<\/span><\/p><p class=\"p7\"><span class=\"s1\"><b>\u00dcBERMITTLUNG IN DRITTL\u00c4NDER<\/b><\/span><\/p><p class=\"p14\"><span class=\"s1\">Sofern wir Daten in einem Drittland (d.h. au\u00dferhalb der Europ\u00e4ischen Union (EU) oder des Europ\u00e4ischen Wirtschaftsraums (EWR)) verarbeiten oder dies im Rahmen der Inanspruchnahme von Diensten Dritter oder Offenlegung, bzw. \u00dcbermittlung von Daten an Dritte geschieht, erfolgt dies nur, wenn es zur Erf\u00fcllung unserer (vor)vertraglichen Pflichten, auf Grundlage Ihrer Einwilligung, aufgrund einer rechtlichen Verpflichtung oder auf Grundlage unserer berechtigten Interessen geschieht. Vorbehaltlich gesetzlicher oder vertraglicher Erlaubnisse, verarbeiten oder lassen wir die Daten in einem Drittland nur beim Vorliegen der besonderen Voraussetzungen der Art. 44 ff. DSGVO verarbeiten. D.h. die Verarbeitung erfolgt z.B. auf Grundlage besonderer Garantien, wie der offiziell anerkannten Feststellung eines der EU entsprechenden Datenschutzniveaus (z.B. f\u00fcr die USA durch das \u201ePrivacy Shield\u201c) oder Beachtung offiziell anerkannter spezieller vertraglicher Verpflichtungen (so genannte \u201eStandardvertragsklauseln\u201c).<\/span><\/p><p class=\"p14\"><span class=\"s1\"><b>UMGANG MIT PERSONENBEZOGENEN DATEN<\/b><\/span><\/p><p class=\"p14\"><span class=\"s1\">Personenbezogene Daten werden von der Anbieterin nur dann erhoben, genutzt und an Dritte weiter gegeben, wenn dies gesetzlich erlaubt ist oder Sie als Nutzer in die Verarbeitung einwilligen.<\/span><\/p><p class=\"p14\"><span class=\"s1\">Personenbezogene Daten &#8211; wie z.B. Name und Anschrift &#8211; werden bspw. bei einem Kauf eines Produktes von uns erhoben, um Ihnen eine Rechnung stellen zu k\u00f6nnen. Diese und dar\u00fcber hinausgehende personenbezogene Daten werden bei Wahl einer entsprechenden Zahlungsart auch an Dritte &#8211; z.B. einem Geldinsitut &#8211; \u00fcbermittelt, sofern es f\u00fcr die Zahlungsabwicklung und Abwicklung des Vertrages unerl\u00e4sslich ist.<\/span><\/p><p class=\"p14\"><span class=\"s1\">Personenbezogene Daten k\u00f6nnen nur auch dann an Dritte weitervermittelt werden, wenn ein gesetzlicher bzw. gerichtlicher Erlaubnistatbestand vorliegt oder wenn wir zur Durchsetzung unserer Rechte Dritte einschalten, die zur Berufsverschwiegenheit verpflichtet sind.<\/span><\/p><p class=\"p14\"><span class=\"s1\"><b>GESCH\u00c4FTSBEZOGENE VERARBEITUNG<\/b><\/span><\/p><p class=\"p14\"><span class=\"s1\">Zus\u00e4tzlich werden verarbeitet<span class=\"Apple-converted-space\">\u00a0\u00a0<\/span>&#8211; Vertragsdaten (z.B., Vertragsgegenstand, Laufzeit, Kundenkategorie). &#8211; Zahlungsdaten (z.B., Bankverbindung, Zahlungshistorie) von unseren Kunden, Interessenten und Gesch\u00e4ftspartner zwecks Erbringung vertraglicher Leistungen, Service und Kundenpflege, Marketing, Werbung und Marktforschung.<\/span><\/p><h2 class=\"p10\"><span class=\"s1\"><b>TEIL 2: NUTZUNG UNSERER WEBSITE<\/b><\/span><\/h2><p class=\"p8\"><span class=\"s1\"><b>BESUCH UNSERER WEB-SITE<\/b><\/span><\/p><p class=\"p17\"><span class=\"s1\">Sie k\u00f6nnen unsere Website grunds\u00e4tzlich besuchen, ohne Angaben zu Ihrer Person zu t\u00e4tigen. Wir weisen darauf hin, dass die Daten\u00fcbertragung im Internet nicht vollst\u00e4ndig gegen einen Zugriff durch Dritte gesch\u00fctzt werden kann.<\/span><\/p><p class=\"p8\"><span class=\"s1\"><b>PROTOKOLLDATEN<\/b><\/span><\/p><p class=\"p8\"><span class=\"s1\">Die automatische Erhebung und Speicherung von Protokoll-Daten durch unseren Anbieter der Internetdienste (Provider) umfasst folgende Informationen:<\/span><\/p><p class=\"p8\"><span class=\"s1\">\u2022Datum und Besuch der URL, auf der sich der Besucher befindet<\/span><\/p><p class=\"p8\"><span class=\"s1\">\u2022URL, die der Besucher unmittelbar zuvor besucht hat<\/span><\/p><p class=\"p8\"><span class=\"s1\">\u2022Verwendeter Browser<\/span><\/p><p class=\"p8\"><span class=\"s1\">\u2022Verwendetes Betriebssystem<\/span><\/p><p class=\"p8\"><span class=\"s1\">\u2022IP-Adresse und Hostname des Besuchers<\/span><\/p><p class=\"p8\"><span class=\"s1\">Die \u00dcbermittlung dieser Daten an uns erfolgt automatisch. Ihre Daten k\u00f6nnen Ihrer Person nicht zugeordnet werden.<\/span><\/p><p class=\"p8\"><span class=\"s1\"><b>KONTAKTAUFNAHME PER E-MAIL ODER TELEFON<\/b><\/span><\/p><p class=\"p8\"><span class=\"s1\">Bei der Kontaktaufnahme mit uns als Anbieter der Internet-Seite (zum Beispiel per E-Mail oder Telefon) werden Ihre Angaben zwecks Bearbeitung der Anfrage sowie f\u00fcr den Fall, dass Anschlussfragen entstehen, auf unserem Betriebssystem gespeichert.<\/span><\/p><p class=\"p8\"><span class=\"s1\">Wurde die von Ihnen gestellte Anfrage beantwortet oder die von Ihnen gew\u00fcnschte Anwendung oder Leistung zur Verf\u00fcgung gestellt, werden Ihre Daten mit Beendigung der Anwendung oder der Leistung gel\u00f6scht, es sei denn Sie m\u00f6chten von sich aus weitere Produkte oder Informationen von uns beziehen und willigen in die Weiterverwendung Ihrer Daten f\u00fcr diese Zwecke ein. Auch bei erteilter Einwilligung haben Sie auch jederzeit das Recht, die L\u00f6schung Ihrer Daten zu verlangen (siehe Teil 8<b>\u00a0<\/b>dieser Datenschutzerkl\u00e4rung).<\/span><\/p><p class=\"p7\"><span class=\"s1\"><b>KOMMENTARE UND BEITR\u00c4GE<\/b><\/span><\/p><p class=\"p8\"><span class=\"s1\">Sie k\u00f6nnen auf unserer Website als Nutzer Kommentare im Blog verfassen. Mit Eingabe der Blogkommentare wird die von Ihnen mitgelieferte IP-Adresse sofort anonymisiert. Die Ver\u00f6ffentlichung der eingehenden Kommentare steht jedoch unter dem Vorbehalt der Freigabe der Kommentare durch unseren Administrator. Diese Freigabepr\u00fcfung soll verhindern, dass widerrechtliche Inhalte auf unseren Seiten ver\u00f6ffentlicht werden.<\/span><\/p><p class=\"p8\"><span class=\"s1\">Es steht Ihnen frei als Autor von Kommentaren in dem daf\u00fcr vorgesehenen Namensfeld ihren echten Namen oder ein Pseudonym einzugeben. Auch haben Sie die M\u00f6glichkeit, gar keinen Namen anzugeben. Die Namenseingabe erfolgt freiwillig.Ihre E-Mail-Adresse wird bei der Ver\u00f6ffentlichung des Kommentars auf unserer Website nicht mit angezeigt.<\/span><\/p><p class=\"p8\"><span class=\"s1\">Die bei \u00dcbersendung eines Kommentars \u00fcbermittelten Daten, wie Ihre E-Mail-Adresse, der von Ihnen eingegebene Name sowie ggf. die von Ihnen eingegebene URL und der von Ihnen gesendete Kommentar werden dauerhaft auf unserem Server gespeichert, wobei nur der freigegebene Kommentar ggf. mit Namensnennung auf unserer Website \u00f6ffentlich ersichtlich ist. Die Verarbeitung dieser personenbezogenen Daten erfolgt auf der Grundlage der von Ihnen zuvor erteilten Einwilligung i.S.v. Art. 6 Abs. 1 S. 1 lit. a). Es steht Ihnen frei, diese Einwilligung jederzeit mit Wirkung f\u00fcr die Zukunft zu widerrufen (vgl. Teil 8 dieser Datenschutzerkl\u00e4rung).<\/span><\/p><p class=\"p7\"><span class=\"s1\"><b>EINBINDUNG VON DIENSTEN UND INHALTEN DRITTER<\/b><\/span><\/p><p class=\"p8\"><span class=\"s1\">Es kann vorkommen, dass innerhalb dieses Onlineangebotes Inhalte Dritter, wie zum Beispiel Videos von YouTube, Kartenmaterial von Google-Maps, RSS-Feeds oder Grafiken von anderen Webseiten eingebunden werden. Dies setzt immer voraus, dass die Anbieter dieser Inhalte (nachfolgend bezeichnet als \u201eDritt-Anbieter\u201c) die IP-Adresse der Nutzer wahrnehmen. Denn ohne die IP-Adresse, k\u00f6nnten sie die Inhalte nicht an den Browser des jeweiligen Nutzers senden. Die IP-Adresse ist damit f\u00fcr die Darstellung dieser Inhalte erforderlich. Wir sind bem\u00fcht nur solche Inhalte zu verwenden, deren jeweilige Anbieter die IP-Adresse lediglich zur Auslieferung der Inhalte verwenden. Jedoch haben wir keinen Einfluss darauf, falls die Dritt-Anbieter die IP-Adresse z.B. f\u00fcr statistische Zwecke speichern. Soweit dies uns bekannt wird, kl\u00e4ren wir die Nutzer dar\u00fcber auf.<\/span><\/p><p class=\"p8\"><span class=\"s1\"><b>VERWENDUNG VON EXTERNEN LINKS<\/b><\/span><\/p><p class=\"p8\"><span class=\"s1\">Wir verwenden auf unseren Websites Links auf externe Seiten und deren Inhalte sich nicht auf unserem Server befinden. Die externen Inhalte dieser Links wurden beim Setzen der Links gepr\u00fcft. Es kann jedoch nicht ausgeschlossen werden, dass die Inhalte von den jeweiligen Anbietern nachtr\u00e4glich ver\u00e4ndert wurden. Sollten Sie bemerken, dass die Inhalte der externen Anbieter gegen geltendes Recht versto\u00dfen, teilen Sie mir dies bitte mit. Diese Datenschutzerkl\u00e4rung gilt nur f\u00fcr Inhalte auf den Servern unseres Webspace-Providers.<\/span><\/p><h2 class=\"p19\"><span class=\"s1\"><b>TEIL 3: COOKIES UND ONLINE-MARKETING-TOOLS<\/b><\/span><\/h2><p class=\"p1\"><span class=\"s1\"><b>Cookies &amp; Reichweitenmessung<\/b><\/span><\/p><p class=\"p2\"><span class=\"s1\">Cookies sind Informationen, die von unserem Webserver oder Webservern Dritter an die Web-Browser der Nutzer \u00fcbertragen und dort f\u00fcr einen sp\u00e4teren Abruf gespeichert werden. \u00dcber den Einsatz von Cookies im Rahmen pseudonymer Reichweitenmessung werden die Nutzer im Rahmen dieser Datenschutzerkl\u00e4rung informiert.<\/span><\/p><p class=\"p2\"><span class=\"s1\">Die Betrachtung dieses Onlineangebotes ist auch unter Ausschluss von Cookies m\u00f6glich. Falls die Nutzer nicht m\u00f6chten, dass Cookies auf ihrem Rechner gespeichert werden, werden sie gebeten die entsprechende Option in den Systemeinstellungen ihres Browsers zu deaktivieren. Gespeicherte Cookies k\u00f6nnen in den Systemeinstellungen des Browsers gel\u00f6scht werden. Der Ausschluss von Cookies kann zu Funktionseinschr\u00e4nkungen dieses Onlineangebotes f\u00fchren.<\/span><\/p><p class=\"p2\"><span class=\"s1\">Es besteht die M\u00f6glichkeit, viele Online-Anzeigen-Cookies von Unternehmen \u00fcber die US-amerikanische Seite\u00a0<a href=\"http:\/\/www.aboutads.info\/choices\"><span class=\"s2\">http:\/\/www.aboutads.info\/choices<\/span><\/a>\u00a0oder die EU-Seite\u00a0<a href=\"http:\/\/www.youronlinechoices.com\/uk\/your-ad-choices\/\"><span class=\"s2\">http:\/\/www.youronlinechoices.com\/uk\/your-ad-choices\/<\/span><\/a>\u00a0zu verwalten.<\/span><\/p><p class=\"p7\"><span class=\"s1\"><b>NUTZUNG NEWSLETTER-VERSAND<\/b><\/span><\/p><p class=\"p8\"><span class=\"s1\">Um Newsletter, mit denen wir \u00fcber die Themen der Gradido-Akademie und unser Angebot informieren, versenden zu k\u00f6nnen, nutzen wir eine E-Mail-Newsletter-Versandplattform.<\/span><\/p><p class=\"p8\"><span class=\"s1\">Wenn Sie den Newsletter der Gradido-Akademie abonnieren und regelm\u00e4\u00dfig lesen m\u00f6chten, dann ist Ihre Registrierung mit einer g\u00fcltigen E-Mail-Adresse erforderlich. Eine Abmeldung von dem Newsletter ist jederzeit m\u00f6glich. Bitte verwenden Sie daf\u00fcr den vorgesehenen Link im Newsletter.<\/span><\/p><p class=\"p8\"><span class=\"s1\">Vor Versand des Newsletters m\u00fcssen Sie uns im Rahmen des sogenannten Double-Opt-In-Verfahrens ausdr\u00fccklich best\u00e4tigen, dass wir f\u00fcr Sie den Newsletter-Dienst aktivieren d\u00fcrfen. Dazu erhalten Sie von uns eine Best\u00e4tigungs- und Autorisierungs-E-Mail, mit der wir Sie bitten, den in dieser E-Mail enthaltenen Link anzuklicken und uns damit zu best\u00e4tigen, dass Sie unseren Newsletter erhalten m\u00f6chten. Weitere Daten werden nicht erhoben. Wir verwenden diese E-Mail-Adresse ausschlie\u00dflich f\u00fcr die Zustellung des Newsletters sofern Sie im Double-Opt-In-Verfahren oder sp\u00e4ter einer anderen Nutzung nicht ausdr\u00fccklich zugestimmt haben.<\/span><\/p><p class=\"p8\"><span class=\"s1\">Mit der Anmeldung zum Newsletter speichert das System unseres Newsletterversandes Ihre IP-Adresse und das Datum der Anmeldung. Diese Speicherung dient alleine dem Nachweis im Fall, dass ein Dritter eine Emailadresse missbraucht und sich ohne Wissen des Berechtigten f\u00fcr den Newsletterempfang anmeldet.<\/span><\/p><p class=\"p8\"><span class=\"s1\">Der Versand der Newsletter erfolgt mittels \u201e<b>Klick-Tipp<\/b>\u201c, einer Newsletterversandplattform des Anbieters\u00a0<b>KLICK-TIPP LIMITED, 15 Cambridge Court, 210 Shepherd\u2019s Bush Road, London W6 7NJ, Vereinigtes K\u00f6nigreich.<\/b><\/span><\/p><p class=\"p8\"><span class=\"s1\">Die E-Mail-Adressen\u00a0unserer Newsletterempf\u00e4nger, als auch deren\u00a0weitere, im Rahmen dieser Hinweise\u00a0beschriebenen Daten, werden auf den Servern von Klick-Tipp gespeichert. Klick-Tipp verwendet diese Informationen zum Versand und zur Auswertung der\u00a0Newsletter in unserem Auftrag. Des Weiteren kann Klick-Tipp nach eigenen Informationen diese Daten\u00a0zur Optimierung oder Verbesserung der eigenen Services nutzen, z.B. zur technischen Optimierung des Versandes und der Darstellung der Newsletter oder f\u00fcr wirtschaftliche Zwecke, um zu bestimmen aus\u00a0welchen L\u00e4ndern die Empf\u00e4nger kommen. Klick-Tipp nutzt die Daten unserer Newsletterempf\u00e4nger\u00a0jedoch nicht, um diese selbst anzuschreiben oder an\u00a0Dritte weiterzugeben.<\/span><\/p><p class=\"p8\"><span class=\"s1\">Wir vertrauen auf die Zuverl\u00e4ssigkeit und die IT- sowie\u00a0Datensicherheit von Klick-Tipp.\u00a0Klick-Tipp verpflichtet sich damit die EU-Datenschutzvorgaben einzuhalten. Des Weiteren haben wir mit Klick-Tipp einen Auftragsverarbeitungsvertrag abgeschlossen. Dabei handelt es sich um einen Vertrag, in dem sich Klick-Tipp dazu verpflichtet, die Daten unserer Nutzer zu sch\u00fctzen, entsprechend dessen Datenschutzbestimmungen in unserem Auftrag zu verarbeiten und insbesondere nicht an Dritte weiter zu geben. Die Datenschutzbestimmungen von Klick-Tipp k\u00f6nnen Sie hier einsehen:\u00a0<a href=\"https:\/\/www.klick-tipp.com\/datenschutzerkl%C3%A4rung\"><span class=\"s2\">https:\/\/www.klick-tipp.com\/datenschutzerkl\u00e4rung<\/span><\/a><\/span><\/p><p class=\"p7\"><span class=\"s1\"><b>NUTZUNG VON STATIFY<\/b><\/span><\/p><p class=\"p8\"><span class=\"s1\">Um den Aufruf bestimmter Seiten und deren Attraktivit\u00e4t f\u00fcr den User messen zu k\u00f6nnen, nutzen wir das Analyse-Tool von Statify, entwickelt als open source vom Pluginkollektiv (<a href=\"https:\/\/de.wordpress.org\/plugins\/statify\/\">https:\/\/de.wordpress.org\/plugins\/statify\/<\/a>).<\/span><\/p><p class=\"p8\"><span class=\"s1\">Statify gibt eine kompakte \u00dcbersicht \u00fcber die Anzahl der Seitenaufrufe und speichert und verarbeitet dabei keine personenbezogenen Daten wie IP-Adressen. Die statistische Auswertung der am h\u00e4ufigsten besuchten Seiten erfolgt bei Statify \u00fcber das Z\u00e4hlen von Seiten-Aufrufen, nicht \u00fcber das Z\u00e4hlen von Besuchern. Die Aufrufe werden dar\u00fcber hinaus nur f\u00fcr einen begrenzten Zeitraum (Standard: zwei Wochen) gespeichert, der individuell anpassbar ist.<\/span><\/p><p class=\"p8\"><span class=\"s1\">Anhand der Auswertung der Klickzahlen unserer Seiten haben wir die M\u00f6glichkeit, unser online-Angebot f\u00fcr die User kontinuierlich zu verbessern.<\/span><\/p><h2 class=\"p19\"><span class=\"s1\"><b>TEIL 4: EINBINDUNG FREMDER DIENSTE + INHALTE<\/b><\/span><\/h2><p class=\"p8\"><span class=\"s1\"><b>NUTZUNG VON YOUTUBE-VIDEOS<\/b><\/span><\/p><p class=\"p8\"><span class=\"s1\">Wir nutzen f\u00fcr die Einbindung von Videos u.a. den Anbieter YouTube. YouTube wird betrieben von YouTube LLC mit Hauptgesch\u00e4ftssitz in 901 Cherry Avenue, San Bruno, CA 94066, USA. YouTube wird vertreten durch Google Inc. mit Sitz in 1600 Amphitheatre Parkway, Mountain View, CA 94043, USA.<\/span><\/p><p class=\"p8\"><span class=\"s1\">Auf einigen unserer Internetseiten verwenden wir Plugins des Anbieters YouTube. Wenn Sie die mit einem solchen Plugin versehenen Internetseiten unserer Internetpr\u00e4senz aufrufen \u2013 beispielsweise unserer Mediathek \u2013, wird eine Verbindung zu den YouTube-Servern hergestellt und dabei das Plugin dargestellt. Hierdurch wird an den YouTube-Server \u00fcbermittelt, welche unserer Internetseiten Sie besucht haben. Sind Sie dabei als Mitglied bei YouTube eingeloggt, ordnet YouTube diese Information Ihrem pers\u00f6nlichen Benutzerkonto zu. Bei Nutzung des Plugins wie z.B. Anklicken des Start-Buttons eines Videos wird diese Information ebenfalls Ihrem Benutzerkonto zugeordnet. Sie k\u00f6nnen diese Zuordnung verhindern, indem Sie sich vor der Nutzung unserer Internetseite aus ihrem YouTube-Benutzerkonto sowie anderen Benutzerkonten der Firmen YouTube LLC und Google Inc. abmelden und die entsprechenden Cookies der Firmen l\u00f6schen.<\/span><\/p><p class=\"p8\"><span class=\"s1\">Weitere Informationen zur Datenverarbeitung und Hinweise zum Datenschutz durch YouTube (Google) finden Sie unter www.google.de\/intl\/de\/policies\/privacy\/.<\/span><\/p><p class=\"p8\"><span class=\"s1\"><b>\u00a0<\/b><\/span><\/p><p class=\"p8\"><span class=\"s1\"><b>NUTZUNG VON VIMEO-VIDEOS<\/b><\/span><\/p><p class=\"p8\"><span class=\"s1\">Wir nutzen f\u00fcr die Einbindung von Videos u.a. den Anbieter Vimeo. Vimeo wird betrieben von Vimeo, LLC mit Hauptsitz in 555 West 18th Street, New York, New York 10011.<\/span><\/p><p class=\"p8\"><span class=\"s1\">Auf einigen unserer Internetseiten verwenden wir Plugins des Anbieters Vimeo. Wenn Sie die mit einem solchen Plugin versehenen Internetseiten unserer Internetpr\u00e4senz aufrufen \u2013 beispielsweise unsere Mediathek \u2013, wird eine Verbindung zu den Vimeo-Servern hergestellt und dabei das Plugin dargestellt. Hierdurch wird an den Vimeo-Server \u00fcbermittelt, welche unserer Internetseiten Sie besucht haben. Sind Sie dabei als Mitglied bei Vimeo eingeloggt, ordnet Vimeo diese Information Ihrem pers\u00f6nlichen Benutzerkonto zu. Bei Nutzung des Plugins wie z.B. Anklicken des Start-Buttons eines Videos wird diese Information ebenfalls Ihrem Benutzerkonto zugeordnet. Sie k\u00f6nnen diese Zuordnung verhindern, indem Sie sich vor der Nutzung unserer Internetseite aus ihrem Vimeo-Benutzerkonto abmelden und die entsprechenden Cookies von Vimeo l\u00f6schen.<\/span><\/p><p class=\"p8\"><span class=\"s1\">Weitere Informationen zur Datenverarbeitung und Hinweise zum Datenschutz durch Vimeo finden Sie unter https:\/\/vimeo.com\/privacy.<\/span><\/p><h2 class=\"p19\"><span class=\"s1\"><b>TEIL 5: SOCIAL-MEDIA-TEILEN-BUTTONS<\/b><\/span><\/h2><p class=\"p7\"><span class=\"s1\"><b>ONLINE-PR\u00c4SENZ IN SOZIALEN MEDIEN<\/b><\/span><\/p><p class=\"p8\"><span class=\"s1\">Wir unterhalten Onlinepr\u00e4senzen innerhalb sozialer Netzwerke und Plattformen, um mit den dort aktiven Kunden, Interessenten und Nutzern kommunizieren und sie dort \u00fcber unsere Leistungen informieren zu k\u00f6nnen. Beim Aufruf der jeweiligen Netzwerke und Plattformen gelten die Gesch\u00e4ftsbedingungen und die Datenverarbeitungsrichtlinien der jeweiligen Betreiber.<\/span><\/p><p class=\"p8\"><span class=\"s1\">Soweit nicht anders im Rahmen unserer Datenschutzerkl\u00e4rung angegeben, verarbeiten wir die Daten der Nutzer sofern diese mit uns innerhalb der sozialen Netzwerke und Plattformen kommunizieren, z.B. wenn sie Beitr\u00e4ge auf unseren Onlinepr\u00e4senzen verfassen oder uns dort Nachrichten zusenden.<\/span><\/p><p class=\"p8\"><span class=\"s1\"><b>NUTZUNG VON TEILEN-FUNKTION F\u00dcR SOZIALE NETZWERKE (SHARIFF)<\/b><\/span><\/p><p class=\"p3\"><span class=\"s1\">Wir setzen auf unserer Webseite das c\u2019t-Projekt \u201eShariff\u201c ein. \u201eShariff\u201c ersetzt die \u00fcblichen Share-Buttons der Sozialen Netzwerke und sch\u00fctzt hierdurch das Surf-Verhalten<\/span><\/p><p class=\"p3\"><span class=\"s1\">\u201eShariff\u201c bindet diese Share-Buttons der Sozialen Netzwerke auf unserer Webseite lediglich als Grafik ein, die eine Verlinkung auf das entsprechende Soziale Netzwerk enth\u00e4lt. Durch einen Klick auf die entsprechende Grafik werden Sie zu dem Dienste des jeweiligen Netzwerks weitergeleitet. Der Shariff-Button stellt den direkten Kontakt zwischen Sozialen Netzwerk und unseren Besuchern erst dann her, wenn der Besucher aktiv auf den Share-Button klickt. Erst dann werden Ihre Daten an das jeweilige Soziale Netzwerk \u00fcbermittelt. Wird der Shariff-Button hingegen nicht angeklickt, findet keinerlei Austausch zwischen Ihnen und den Sozialen Netzwerken statt. Weitere Informationen \u00fcber das das c\u2019t-Projekt \u201eShariff\u201c finden Sie unter https:\/\/www.heise.de\/ct\/artikel\/Shariff-Social-Media-Buttons-mit-Datenschutz-2467514.html<\/span><\/p><p class=\"p3\"><span class=\"s1\">Wir binden auf unserer Website folgende Sozialen Netzwerke mit \u201eShariff\u201c ein:<\/span><\/p><ul class=\"ul1\"><li class=\"li3\"><span class=\"s1\">Facebook Inc. (1601 S. California Ave \u2013 Palo Alto \u2013 CA 94304 \u2013 USA)<\/span><\/li><li class=\"li3\"><span class=\"s1\">Twitter Inc. (795 Folsom St. \u2013 Suite 600 \u2013 San Francisco \u2013 CA 94107 \u2013 USA)<\/span><\/li><li class=\"li3\"><span class=\"s1\">Google Plus\/Google Inc. (1600 Amphitheatre Parkway \u2013 Mountain View \u2013 CA 94043 \u2013 USA)<\/span><\/li><li class=\"li3\"><span class=\"s1\">Pinterest (Pinterest Inc. &#8211; 635 High Street &#8211; Palo Alto &#8211; CA, 94301 &#8211; USA)<\/span><\/li><\/ul><h2 class=\"p10\"><span class=\"s1\"><b>TEIL 6: MITGLIEDERBEREICHE &amp; AFFILIATE-PROGRAMM<\/b><\/span><\/h2><p class=\"p7\"><span class=\"s1\"><b>NUTZUNG VON ABLEFY F\u00dcR GRADIDO-COMMUNITY<\/b><\/span><\/p><p class=\"p7\"><span class=\"s1\">Wir bieten denjenigen, die daran interessiert sind, sich mit dem Gradido-Konzept n\u00e4her auseinander zu setzen und ein Gradido-Botschafter zu werden eine mehrstufige Mitgliedschaft in der Gradido-Community an. Um diese Mitgliederbereiche anbieten zu k\u00f6nnen, nutzen wir den Dienst ablefy.<\/span><\/p><p class=\"p7\"><span class=\"s1\">Die m\u00f6glichen Mitgliedschaften in der Gradido-COMMUNITY werden auf unsere Seite \u201eCommunity\u201c beschrieben. Sobald Sie auf dieser Seite einen Button klicken, mit dem Sie sich f\u00fcr eine dieser Mitgliedschaften anmelden m\u00f6chten, verlassen Sie unsere Webseite und werden auf unsere daf\u00fcr eingerichteten individuellen ablefy-Mitgliederbereichs-Seiten weitergeleitet.<\/span><\/p><p class=\"p7\"><span class=\"s1\">ablefy ist eine Marke der Elopage GmbH:<\/span><\/p><p class=\"p7\"><span class=\"s1\">elopay GmbH<\/span><\/p><p class=\"p7\"><span class=\"s1\">Joachimsthaler Stra\u00dfe 21<\/span><\/p><p class=\"p7\"><span class=\"s1\">10719 Berlin<\/span><\/p><p class=\"p7\"><span class=\"s1\">S\u00e4mtliche Funktionen auf den ablefy-Mitgliederseiten sowie die im Zusammenhang damit stehende Zahlungsabwicklung erfolgen \u00fcber ablefy. Demzufolge gelten f\u00fcr diese Prozesse die Datenschutzbestimmungen von ablefy. Die Datenschutzerkl\u00e4rung von ablefy finden Sie hier: https:\/\/myablefy.com\/privacy<\/span><\/p><p class=\"p7\"><span class=\"s1\">Die Rechtsgrundlage zur Verarbeitung der personenbezogenen Daten bei der Weiterleitung von unserer Webseite zu der Verkaufsseite \u00fcber ablefy ergibt sich vorliegend aus Art. 6 Abs. 1 S. 1 lit. b).<\/span><\/p><p><strong>ZAHLUNGSABWICKLUNG UND AUSLIEFERUNG DER DIGITALEN PRODUKTE \u00dcBER NAMOTTO.LAB<\/strong><\/p><p class=\"p1\"><span class=\"s1\">Die Abwicklung der Zahlungen und Auslieferung der digitalen Produkte erfolgen \u00fcber namotto.lab. Die Datenschutzerkl\u00e4rung von namotto finden Sie hier: https:\/\/namotto.de\/privacy<\/span><\/p><p class=\"p1\"><span class=\"s1\">namotto.lab ist ein Dienst von:<\/span><\/p><p class=\"p1\"><span class=\"s1\">namotto.lab<\/span><\/p><p class=\"p1\"><span class=\"s1\">Inh. Tolga Oenal<\/span><\/p><p class=\"p1\"><span class=\"s1\">Uhlandstrasse 154<\/span><\/p><p class=\"p1\"><span class=\"s1\">10719 Berlin<\/span><\/p><p class=\"p1\"><span class=\"s1\">Wir haben mit der namotto.lab als unserem Auftragsverarbeiter einen entsprechenden Vertrag nach Art. 28 DSGVO abgeschlossen. Die Rechtsgrundlage zur Verarbeitung der personenbezogenen Daten bei der Weiterleitung von unserer Webseite zu der Verkaufsseite \u00fcber ablefy ergibt sich vorliegend aus Art. 6 Abs. 1 S. 1 lit. b).<\/span><\/p><p class=\"p7\"><span class=\"s1\"><b>NUTZUNG VON ablefy F\u00dcR AFFILIATE-Partner (PARTNERPROGRAMM)<\/b><\/span><\/p><p class=\"p7\"><span class=\"s1\">Wir bieten dar\u00fcber hinaus ein Affiliate-Partnerprogramm f\u00fcr Werbepartner an. Wenn Sie erfolgreich f\u00fcr eine Mitgliedschaft in der Gradido-Akademie werben, erhalten die Werbepartner eine Provision.<\/span><\/p><p class=\"p7\"><span class=\"s1\">Um Ihnen dieses Affiliateprogramm anbieten zu k\u00f6nnen, nutzen wir den Dienst ablefy.<span class=\"Apple-converted-space\">\u00a0 \u00a0<\/span><\/span><\/p><p class=\"p7\"><span class=\"s1\">Das Gradido-Partnerprogramm wird auf unserer Seite \u201ePartnerprogramm\u201c beschrieben. Sobald Sie auf dieser Seite einen Button klicken, mit dem Sie sich zum Affiliate-Programm als Werbepartner anmelden m\u00f6chten, verlassen Sie unsere Webseite und werden auf unsere daf\u00fcr eingerichtete individuelle Seiten von ablefy weitergeleitet.<\/span><\/p><p class=\"p7\"><span class=\"s1\">ablefy ist ein Dienst der:<\/span><\/p><p class=\"p7\"><span class=\"s1\">elopay GmbH<\/span><\/p><p class=\"p7\"><span class=\"s1\">Joachimsthaler Stra\u00dfe 21<\/span><\/p><p class=\"p7\"><span class=\"s1\">10719 Berlin<\/span><\/p><p class=\"p7\"><span class=\"s1\">S\u00e4mtliche Funktionen auf den ablefy-Affiliateseiten sowie die im Zusammenhang damit stehende Zahlungsabwicklung erfolgen \u00fcber ablefy. Demzufolge gelten f\u00fcr diese Prozesse die Datenschutzbestimmungen von ablefy. Die Datenschutzerkl\u00e4rung von ablefy finden Sie <\/span><span class=\"s2\">hier.<span class=\"Apple-converted-space\"> https:\/\/myablefy.com\/privacy<\/span><\/span><\/p><p class=\"p7\"><span class=\"s1\">Die Rechtsgrundlage zur Verarbeitung der personenbezogenen Daten bei der Weiterleitung von unserer Webseite zu der Affiliateseite auf ablefy ergibt sich vorliegend aus der Freiwilligkeit der Teilnahme an dem Partnerprogramm sowie aus Art. 6 Abs. 1 S. 1 lit. f).<\/span><\/p><h2 class=\"p10\"><span class=\"s1\"><b>TEIL 7: SICHERHEIT<\/b><\/span><\/h2><p class=\"p7\"><span class=\"s1\"><b>SYSTEM-UND INFORMATIONSSICHERHEIT<\/b><\/span><\/p><p class=\"p8\"><span class=\"s1\">Wir sichern unsere Website und die sonstigen Systeme durch technische und organisatorische Ma\u00dfnahmen gegen Verlust, Zerst\u00f6rung, Zugriff, Ver\u00e4nderung oder Verbreitung der gespeicherten Daten durch unbefugte Personen. Trotz Kontrollen ist ein vollst\u00e4ndiger Schutz gegen alle Gefahren jedoch nicht m\u00f6glich. Schon alleine durch die Anbindung an das Internet und die sich daraus ergebenden technischen M\u00f6glichkeiten kann keine Gew\u00e4hr daf\u00fcr \u00fcbernommen werden, dass Inhalte und der Informationsfluss nicht von Dritten eingesehen und aufgezeichnet werden.<\/span><\/p><p class=\"p7\"><span class=\"s1\"><b>VERSCHL\u00dcSSELUNG DURCH SSL<\/b><\/span><\/p><p class=\"p8\"><span class=\"s1\">Aus Sicherheitsgr\u00fcnden benutzen wir f\u00fcr unsere Website eine SSL-Verschl\u00fcsselung (Secure Sockets Layer). Damit werden \u00fcbertragene Daten gesch\u00fctzt und k\u00f6nnen nicht von Dritten gelesen werden. Sie k\u00f6nnen eine erfolgreiche Verschl\u00fcsselung daran erkennen, dass sich die Protokollbezeichnung in der Statusleiste des Browsers von &#8220;http:\/\/&#8221; in &#8220;https:\/\/&#8221; \u00e4ndert und dass dort ein geschlossenes Schloss-Symbol sichtbar ist.<\/span><\/p><h2 class=\"p10\"><span class=\"s1\"><b>TEIL 8: BETROFFENENRECHTE<\/b><\/span><\/h2><p class=\"p8\"><span class=\"s1\"><b>L\u00d6SCHUNG VON DATEN<\/b><\/span><\/p><p class=\"p3\"><span class=\"s1\">Die von uns verarbeiteten Daten werden nach Ma\u00dfgabe der Art. 17 und 18 DSGVO gel\u00f6scht oder in ihrer Verarbeitung eingeschr\u00e4nkt. Sofern nicht im Rahmen dieser Datenschutzerkl\u00e4rung ausdr\u00fccklich angegeben, werden die bei uns gespeicherten Daten gel\u00f6scht, sobald sie f\u00fcr ihre Zweckbestimmung nicht mehr erforderlich sind und der L\u00f6schung keine gesetzlichen Aufbewahrungspflichten entgegenstehen. Sofern die Daten nicht gel\u00f6scht werden, weil sie f\u00fcr andere und gesetzlich zul\u00e4ssige Zwecke erforderlich sind, wird deren Verarbeitung eingeschr\u00e4nkt. D.h. die Daten werden gesperrt und nicht f\u00fcr andere Zwecke verarbeitet. Das gilt z.B. f\u00fcr Daten, die aus handels- oder steuerrechtlichen Gr\u00fcnden aufbewahrt werden m\u00fcssen.<\/span><\/p><p class=\"p3\"><span class=\"s1\">Nach gesetzlichen Vorgaben in Deutschland erfolgt die Aufbewahrung f\u00fcr 6 Jahre gem\u00e4\u00df \u00a7 257 Abs. 1 HGB (Handelsb\u00fccher, Inventare, Er\u00f6ffnungsbilanzen, Jahresabschl\u00fcsse, Handelsbriefe, Buchungsbelege, etc.) sowie f\u00fcr 10 Jahre gem\u00e4\u00df \u00a7 147 Abs. 1 AO (B\u00fccher, Aufzeichnungen, Lageberichte, Buchungsbelege, Handels- und Gesch\u00e4ftsbriefe, F\u00fcr Besteuerung relevante Unterlagen, etc.).<\/span><\/p><p class=\"p8\"><span class=\"s1\"><b>RECHTE BETROFFENER PERSONEN<\/b><\/span><\/p><p class=\"p8\"><span class=\"s1\"><b>AUSKUNFTSRECHT<\/b><\/span><\/p><p class=\"p3\"><span class=\"s1\">Sie haben das Recht, eine Best\u00e4tigung dar\u00fcber zu verlangen, ob betreffende Daten verarbeitet werden und auf Auskunft \u00fcber diese Daten sowie auf weitere Informationen und Kopie der Daten entsprechend Art. 15 DSGVO.<\/span><\/p><p class=\"p8\"><span class=\"s1\"><b>BERICHTIGUNGSRECHT<\/b><\/span><\/p><p class=\"p3\"><span class=\"s1\">Sie haben entsprechend Art. 16 DSGVO das Recht, die Vervollst\u00e4ndigung der Sie betreffenden Daten oder die Berichtigung der Sie betreffenden unrichtigen Daten zu verlangen.<\/span><\/p><p class=\"p8\"><span class=\"s1\"><b>WIDERRUFSRECHT<\/b><\/span><\/p><p class=\"p3\"><span class=\"s1\">Sie haben das Recht, erteilte Einwilligungen gem. Art. 7 Abs. 3 DSGVO mit Wirkung f\u00fcr die Zukunft zu widerrufen.<\/span><\/p><p class=\"p8\"><span class=\"s1\"><b>WIDERSPRUCHSRECHT<\/b><\/span><\/p><p class=\"p3\"><span class=\"s1\">Sie k\u00f6nnen der k\u00fcnftigen Verarbeitung der Sie betreffenden Daten nach Ma\u00dfgabe des Art. 21 DSGVO jederzeit widersprechen. Der Widerspruch kann insbesondere gegen die Verarbeitung f\u00fcr Zwecke der Direktwerbung erfolgen.<\/span><\/p><p class=\"p8\"><span class=\"s1\"><b>SPERRUNGS- u. L\u00d6SCHUNGSRECHT<\/b><\/span><\/p><p class=\"p3\"><span class=\"s1\">Sie haben nach Ma\u00dfgabe des Art. 17 DSGVO das Recht zu verlangen, dass betreffende Daten unverz\u00fcglich gel\u00f6scht werden, bzw. alternativ nach Ma\u00dfgabe des Art. 18 DSGVO eine Einschr\u00e4nkung der Verarbeitung der Daten zu verlangen. Der Nutzer das Recht auf Sperrung und L\u00f6schung seiner personenbezogenen Daten, soweit dem keine gesetzliche Aufbewahrungspflicht entgegenstehen.<\/span><\/p><p class=\"p8\"><span class=\"s1\"><b>\u00dcBERMITTLUNGSRECHT<\/b><\/span><\/p><p class=\"p3\"><span class=\"s1\">Sie haben das Recht zu verlangen, dass die Sie betreffenden Daten, die Sie uns bereitgestellt haben nach Ma\u00dfgabe des Art. 20 DSGVO zu erhalten und deren \u00dcbermittlung an andere Verantwortliche zu fordern.<\/span><\/p><p class=\"p8\"><span class=\"s1\"><b>BESCHWERDERECHT<\/b><\/span><\/p><p class=\"p3\"><span class=\"s1\">Sie haben ferner gem. Art. 77 DSGVO das Recht, eine Beschwerde bei der zust\u00e4ndigen Aufsichtsbeh\u00f6rde einzureichen.<\/span><\/p><p class=\"p8\"><span class=\"s1\"><b>AUS\u00dcBUNG DER NUTZERRECHTE<\/b><\/span><\/p><p class=\"p8\"><span class=\"s1\">Der Nutzer kann sich zur Aus\u00fcbung seiner Rechte, wie z.B. zum Widerruf ggf. erteilter Einwilligungen oder zum Widerspruch gegen eine bestimmte Datenverwendung auch per E-Mail wenden an:<\/span><\/p><p class=\"p8\"><span class=\"s1\"><b>akademie@gradido.net<\/b><\/span><\/p><p class=\"p8\"><span class=\"s1\">Verantwortlich im Sinne des Datenschutzes:<\/span><\/p><p class=\"p8\"><span class=\"s1\">Bernd H\u00fcckst\u00e4dt<\/span><\/p><p class=\"p8\"><span class=\"s1\">Pfarrweg 2<\/span><\/p><p class=\"p8\"><span class=\"s1\">74653 K\u00fcnzelsau<\/span><\/p><p class=\"p8\"><span class=\"s1\">E-Mail: support{\u00e4t}<span class=\"s2\">gradido.net<\/span><\/span><\/p><p class=\"p8\"><span class=\"s1\"><b>WIDERSPRUCH IN EIGENER SACHE GEGEN WERBE-EMAILS<\/b><\/span><\/p><p class=\"p8\"><span class=\"s1\">Im Rahmen der verpflichtenden Anbieterkennzeichnung gem\u00e4\u00df \u00a7 5 TMG haben wir im Impressum unserer Website allgemeine Kontaktdaten sowie eine E-Mail-Adresse ver\u00f6ffentlicht. Wir widersprechen hiermit der Nutzung dieser Kontaktdaten f\u00fcr die unaufgeforderte \u00dcbersendung von Informationsmaterialien, Werbung oder Spam-Mails, die wir nicht explizit angefordert haben.<\/span><\/p><p class=\"p8\">Zur Verwaltung der eingesetzten Cookies und \u00e4hnlichen Technologien (Tracking-Pixel, Web-Beacons etc.) und diesbez\u00fcglicher Einwilligungen setzen wir das Consent Tool &#8220;Real Cookie Banner&#8221; ein. Details zur Funktionsweise von &#8220;Real Cookie Banner&#8221; findest du unter &lt;a href=&#8221;https:\/\/devowl.io\/de\/rcb\/datenverarbeitung\/&#8221; rel=&#8221;noreferrer&#8221; target=&#8221;_blank&#8221;&gt;https:\/\/devowl.io\/de\/rcb\/datenverarbeitung\/&lt;\/a&gt;.<\/p><p class=\"p8\">Rechtsgrundlagen f\u00fcr die Verarbeitung von personenbezogenen Daten in diesem Zusammenhang sind Art. 6 Abs. 1 lit. c DS-GVO und Art. 6 Abs. 1 lit. f DS-GVO. Unser berechtigtes Interesse ist die Verwaltung der eingesetzten Cookies und \u00e4hnlichen Technologien und der diesbez\u00fcglichen Einwilligungen.<\/p><p class=\"p8\">Die Bereitstellung der personenbezogenen Daten ist weder vertraglich vorgeschrieben noch f\u00fcr den Abschluss eines Vertrages notwendig. Du bist nicht verpflichtet die personenbezogenen Daten bereitzustellen. Wenn du die personenbezogenen Daten nicht bereitstellst, k\u00f6nnen wir deine Einwilligungen nicht verwalten.<\/p><p class=\"p8\"><span class=\"s1\">Zuletzt aktualisiert am: 2.11.2023<\/span><\/p>\t\t\t\t\t\t\t\t<\/div>\n\t\t\t\t<\/div>\n\t\t\t\t\t<\/div>\n\t\t<\/div>\n\t\t\t\t\t<\/div>\n\t\t<\/section>\n\t\t\t\t<\/div>\n\t\t","protected":false},"excerpt":{"rendered":"<p>Datenschutzerkl\u00e4rung EINLEITUNG | VORWORT Wir freuen uns \u00fcber Ihr Interesse an dem Internetauftritt der Gradido Akademie. Das Vertrauen aller Besucher und Kunden und die Sicherheit Ihrer Daten und der Schutz Ihrer Privatsph\u00e4re sind uns ein wichtiges Anliegen. INHALT DIESER DATENSCHUTZERKL\u00c4RUNG Nachfolgend m\u00f6chten wir Ihnen erl\u00e4utern, welche Daten wir als Anbieter dieser Web-Site wann und zu [&hellip;]<\/p>\n","protected":false},"author":1,"featured_media":233,"parent":0,"menu_order":0,"comment_status":"closed","ping_status":"closed","template":"","meta":{"footnotes":""},"class_list":["post-3","page","type-page","status-publish","has-post-thumbnail","hentry"],"yoast_head":"<!-- This site is optimized with the Yoast SEO plugin v27.5 - https:\/\/yoast.com\/product\/yoast-seo-wordpress\/ -->\n<title>Datenschutz - Gradido<\/title>\n<meta name=\"description\" content=\"Wir freuen uns \u00fcber Ihr Interesse an dem Internetauftritt der Gradido Akademie. Das Vertrauen aller Besucher und Kunden und die Sicherheit Ihrer Daten und der Schutz Ihrer Privatsph\u00e4re sind uns ein wichtiges Anliegen\" \/>\n<meta name=\"robots\" content=\"index, follow, max-snippet:-1, max-image-preview:large, max-video-preview:-1\" \/>\n<link rel=\"canonical\" href=\"https:\/\/gradido.net\/de\/datenschutz\/\" \/>\n<meta property=\"og:locale\" content=\"de_DE\" \/>\n<meta property=\"og:type\" content=\"article\" \/>\n<meta property=\"og:title\" content=\"Datenschutz - Gradido\" \/>\n<meta property=\"og:description\" content=\"Wir freuen uns \u00fcber Ihr Interesse an dem Internetauftritt der Gradido Akademie. Das Vertrauen aller Besucher und Kunden und die Sicherheit Ihrer Daten und der Schutz Ihrer Privatsph\u00e4re sind uns ein wichtiges Anliegen\" \/>\n<meta property=\"og:url\" content=\"https:\/\/gradido.net\/de\/datenschutz\/\" \/>\n<meta property=\"og:site_name\" content=\"Gradido\" \/>\n<meta property=\"article:modified_time\" content=\"2024-10-19T15:29:28+00:00\" \/>\n<meta property=\"og:image\" content=\"https:\/\/gradido.net\/wp-content\/uploads\/2020\/08\/slide-1.jpg\" \/>\n\t<meta property=\"og:image:width\" content=\"1920\" \/>\n\t<meta property=\"og:image:height\" content=\"900\" \/>\n\t<meta property=\"og:image:type\" content=\"image\/jpeg\" \/>\n<meta name=\"twitter:card\" content=\"summary_large_image\" \/>\n<meta name=\"twitter:label1\" content=\"Gesch\u00e4tzte Lesezeit\" \/>\n\t<meta name=\"twitter:data1\" content=\"23\u00a0Minuten\" \/>\n<script type=\"application\/ld+json\" class=\"yoast-schema-graph\">{\"@context\":\"https:\\\/\\\/schema.org\",\"@graph\":[{\"@type\":\"WebPage\",\"@id\":\"https:\\\/\\\/gradido.net\\\/en\\\/datenschutz\\\/\",\"url\":\"https:\\\/\\\/gradido.net\\\/en\\\/datenschutz\\\/\",\"name\":\"Datenschutz - Gradido\",\"isPartOf\":{\"@id\":\"https:\\\/\\\/gradido.net\\\/de\\\/#website\"},\"primaryImageOfPage\":{\"@id\":\"https:\\\/\\\/gradido.net\\\/en\\\/datenschutz\\\/#primaryimage\"},\"image\":{\"@id\":\"https:\\\/\\\/gradido.net\\\/en\\\/datenschutz\\\/#primaryimage\"},\"thumbnailUrl\":\"https:\\\/\\\/gradido.net\\\/wp-content\\\/uploads\\\/2020\\\/08\\\/slide-1.jpg\",\"datePublished\":\"2020-07-20T12:01:02+00:00\",\"dateModified\":\"2024-10-19T15:29:28+00:00\",\"description\":\"Wir freuen uns \u00fcber Ihr Interesse an dem Internetauftritt der Gradido Akademie. Das Vertrauen aller Besucher und Kunden und die Sicherheit Ihrer Daten und der Schutz Ihrer Privatsph\u00e4re sind uns ein wichtiges Anliegen\",\"breadcrumb\":{\"@id\":\"https:\\\/\\\/gradido.net\\\/en\\\/datenschutz\\\/#breadcrumb\"},\"inLanguage\":\"de\",\"potentialAction\":[{\"@type\":\"ReadAction\",\"target\":[\"https:\\\/\\\/gradido.net\\\/en\\\/datenschutz\\\/\"]}]},{\"@type\":\"ImageObject\",\"inLanguage\":\"de\",\"@id\":\"https:\\\/\\\/gradido.net\\\/en\\\/datenschutz\\\/#primaryimage\",\"url\":\"https:\\\/\\\/gradido.net\\\/wp-content\\\/uploads\\\/2020\\\/08\\\/slide-1.jpg\",\"contentUrl\":\"https:\\\/\\\/gradido.net\\\/wp-content\\\/uploads\\\/2020\\\/08\\\/slide-1.jpg\",\"width\":1920,\"height\":900},{\"@type\":\"BreadcrumbList\",\"@id\":\"https:\\\/\\\/gradido.net\\\/en\\\/datenschutz\\\/#breadcrumb\",\"itemListElement\":[{\"@type\":\"ListItem\",\"position\":1,\"name\":\"Startseite\",\"item\":\"https:\\\/\\\/gradido.net\\\/\"},{\"@type\":\"ListItem\",\"position\":2,\"name\":\"Datenschutz\"}]},{\"@type\":\"WebSite\",\"@id\":\"https:\\\/\\\/gradido.net\\\/de\\\/#website\",\"url\":\"https:\\\/\\\/gradido.net\\\/de\\\/\",\"name\":\"Gradido\",\"description\":\"Die neue W\u00e4hrung hei\u00dft Dankbarkeit\",\"publisher\":{\"@id\":\"https:\\\/\\\/gradido.net\\\/de\\\/#organization\"},\"potentialAction\":[{\"@type\":\"SearchAction\",\"target\":{\"@type\":\"EntryPoint\",\"urlTemplate\":\"https:\\\/\\\/gradido.net\\\/de\\\/?s={search_term_string}\"},\"query-input\":{\"@type\":\"PropertyValueSpecification\",\"valueRequired\":true,\"valueName\":\"search_term_string\"}}],\"inLanguage\":\"de\"},{\"@type\":\"Organization\",\"@id\":\"https:\\\/\\\/gradido.net\\\/de\\\/#organization\",\"name\":\"Gradido\",\"url\":\"https:\\\/\\\/gradido.net\\\/de\\\/\",\"logo\":{\"@type\":\"ImageObject\",\"inLanguage\":\"de\",\"@id\":\"https:\\\/\\\/gradido.net\\\/de\\\/#\\\/schema\\\/logo\\\/image\\\/\",\"url\":\"https:\\\/\\\/gradido.net\\\/wp-content\\\/uploads\\\/2022\\\/04\\\/gradido-social.jpg\",\"contentUrl\":\"https:\\\/\\\/gradido.net\\\/wp-content\\\/uploads\\\/2022\\\/04\\\/gradido-social.jpg\",\"width\":527,\"height\":273,\"caption\":\"Gradido\"},\"image\":{\"@id\":\"https:\\\/\\\/gradido.net\\\/de\\\/#\\\/schema\\\/logo\\\/image\\\/\"}}]}<\/script>\n<!-- \/ Yoast SEO plugin. -->","yoast_head_json":{"title":"Datenschutz - Gradido","description":"Wir freuen uns \u00fcber Ihr Interesse an dem Internetauftritt der Gradido Akademie. Das Vertrauen aller Besucher und Kunden und die Sicherheit Ihrer Daten und der Schutz Ihrer Privatsph\u00e4re sind uns ein wichtiges Anliegen","robots":{"index":"index","follow":"follow","max-snippet":"max-snippet:-1","max-image-preview":"max-image-preview:large","max-video-preview":"max-video-preview:-1"},"canonical":"https:\/\/gradido.net\/de\/datenschutz\/","og_locale":"de_DE","og_type":"article","og_title":"Datenschutz - Gradido","og_description":"Wir freuen uns \u00fcber Ihr Interesse an dem Internetauftritt der Gradido Akademie. Das Vertrauen aller Besucher und Kunden und die Sicherheit Ihrer Daten und der Schutz Ihrer Privatsph\u00e4re sind uns ein wichtiges Anliegen","og_url":"https:\/\/gradido.net\/de\/datenschutz\/","og_site_name":"Gradido","article_modified_time":"2024-10-19T15:29:28+00:00","og_image":[{"width":1920,"height":900,"url":"https:\/\/gradido.net\/wp-content\/uploads\/2020\/08\/slide-1.jpg","type":"image\/jpeg"}],"twitter_card":"summary_large_image","twitter_misc":{"Gesch\u00e4tzte Lesezeit":"23\u00a0Minuten"},"schema":{"@context":"https:\/\/schema.org","@graph":[{"@type":"WebPage","@id":"https:\/\/gradido.net\/en\/datenschutz\/","url":"https:\/\/gradido.net\/en\/datenschutz\/","name":"Datenschutz - Gradido","isPartOf":{"@id":"https:\/\/gradido.net\/de\/#website"},"primaryImageOfPage":{"@id":"https:\/\/gradido.net\/en\/datenschutz\/#primaryimage"},"image":{"@id":"https:\/\/gradido.net\/en\/datenschutz\/#primaryimage"},"thumbnailUrl":"https:\/\/gradido.net\/wp-content\/uploads\/2020\/08\/slide-1.jpg","datePublished":"2020-07-20T12:01:02+00:00","dateModified":"2024-10-19T15:29:28+00:00","description":"Wir freuen uns \u00fcber Ihr Interesse an dem Internetauftritt der Gradido Akademie. Das Vertrauen aller Besucher und Kunden und die Sicherheit Ihrer Daten und der Schutz Ihrer Privatsph\u00e4re sind uns ein wichtiges Anliegen","breadcrumb":{"@id":"https:\/\/gradido.net\/en\/datenschutz\/#breadcrumb"},"inLanguage":"de","potentialAction":[{"@type":"ReadAction","target":["https:\/\/gradido.net\/en\/datenschutz\/"]}]},{"@type":"ImageObject","inLanguage":"de","@id":"https:\/\/gradido.net\/en\/datenschutz\/#primaryimage","url":"https:\/\/gradido.net\/wp-content\/uploads\/2020\/08\/slide-1.jpg","contentUrl":"https:\/\/gradido.net\/wp-content\/uploads\/2020\/08\/slide-1.jpg","width":1920,"height":900},{"@type":"BreadcrumbList","@id":"https:\/\/gradido.net\/en\/datenschutz\/#breadcrumb","itemListElement":[{"@type":"ListItem","position":1,"name":"Startseite","item":"https:\/\/gradido.net\/"},{"@type":"ListItem","position":2,"name":"Datenschutz"}]},{"@type":"WebSite","@id":"https:\/\/gradido.net\/de\/#website","url":"https:\/\/gradido.net\/de\/","name":"Gradido","description":"Die neue W\u00e4hrung hei\u00dft Dankbarkeit","publisher":{"@id":"https:\/\/gradido.net\/de\/#organization"},"potentialAction":[{"@type":"SearchAction","target":{"@type":"EntryPoint","urlTemplate":"https:\/\/gradido.net\/de\/?s={search_term_string}"},"query-input":{"@type":"PropertyValueSpecification","valueRequired":true,"valueName":"search_term_string"}}],"inLanguage":"de"},{"@type":"Organization","@id":"https:\/\/gradido.net\/de\/#organization","name":"Gradido","url":"https:\/\/gradido.net\/de\/","logo":{"@type":"ImageObject","inLanguage":"de","@id":"https:\/\/gradido.net\/de\/#\/schema\/logo\/image\/","url":"https:\/\/gradido.net\/wp-content\/uploads\/2022\/04\/gradido-social.jpg","contentUrl":"https:\/\/gradido.net\/wp-content\/uploads\/2022\/04\/gradido-social.jpg","width":527,"height":273,"caption":"Gradido"},"image":{"@id":"https:\/\/gradido.net\/de\/#\/schema\/logo\/image\/"}}]}},"_links":{"self":[{"href":"https:\/\/gradido.net\/de\/wp-json\/wp\/v2\/pages\/3","targetHints":{"allow":["GET"]}}],"collection":[{"href":"https:\/\/gradido.net\/de\/wp-json\/wp\/v2\/pages"}],"about":[{"href":"https:\/\/gradido.net\/de\/wp-json\/wp\/v2\/types\/page"}],"author":[{"embeddable":true,"href":"https:\/\/gradido.net\/de\/wp-json\/wp\/v2\/users\/1"}],"replies":[{"embeddable":true,"href":"https:\/\/gradido.net\/de\/wp-json\/wp\/v2\/comments?post=3"}],"version-history":[{"count":22,"href":"https:\/\/gradido.net\/de\/wp-json\/wp\/v2\/pages\/3\/revisions"}],"predecessor-version":[{"id":9689,"href":"https:\/\/gradido.net\/de\/wp-json\/wp\/v2\/pages\/3\/revisions\/9689"}],"wp:featuredmedia":[{"embeddable":true,"href":"https:\/\/gradido.net\/de\/wp-json\/wp\/v2\/media\/233"}],"wp:attachment":[{"href":"https:\/\/gradido.net\/de\/wp-json\/wp\/v2\/media?parent=3"}],"curies":[{"name":"wp","href":"https:\/\/api.w.org\/{rel}","templated":true}]}}