{"id":10822,"date":"2025-07-30T08:44:10","date_gmt":"2025-07-30T06:44:10","guid":{"rendered":"https:\/\/gradido.net\/?page_id=10822"},"modified":"2025-10-04T09:51:59","modified_gmt":"2025-10-04T07:51:59","slug":"economic-social-and-political-situation","status":"publish","type":"page","link":"https:\/\/gradido.net\/en\/countries\/mexico\/economic-social-and-political-situation\/","title":{"rendered":"Economic, social and political situation, Mexico"},"content":{"rendered":"<div data-elementor-type=\"wp-page\" data-elementor-id=\"10822\" class=\"elementor elementor-10822\" data-elementor-post-type=\"page\">\n\t\t\t\t\t\t<section class=\"elementor-section elementor-top-section elementor-element elementor-element-4ce3e8af elementor-section-full_width elementor-section-height-default elementor-section-height-default\" data-id=\"4ce3e8af\" data-element_type=\"section\" data-e-type=\"section\">\n\t\t\t\t\t\t<div class=\"elementor-container elementor-column-gap-no\">\n\t\t\t\t\t<div class=\"elementor-column elementor-col-100 elementor-top-column elementor-element elementor-element-efa8c8c\" data-id=\"efa8c8c\" data-element_type=\"column\" data-e-type=\"column\">\n\t\t\t<div class=\"elementor-widget-wrap elementor-element-populated\">\n\t\t\t\t\t\t<div class=\"elementor-element elementor-element-e088aa4 elementor--h-position-center elementor--v-position-middle elementor-arrows-position-inside elementor-widget elementor-widget-slides\" data-id=\"e088aa4\" data-element_type=\"widget\" data-e-type=\"widget\" data-settings=\"{&quot;navigation&quot;:&quot;arrows&quot;,&quot;autoplay&quot;:&quot;yes&quot;,&quot;pause_on_hover&quot;:&quot;yes&quot;,&quot;pause_on_interaction&quot;:&quot;yes&quot;,&quot;autoplay_speed&quot;:5000,&quot;infinite&quot;:&quot;yes&quot;,&quot;transition&quot;:&quot;slide&quot;,&quot;transition_speed&quot;:500}\" data-widget_type=\"slides.default\">\n\t\t\t\t<div class=\"elementor-widget-container\">\n\t\t\t\t\t\t\t\t\t<div class=\"elementor-swiper\">\n\t\t\t\t\t<div class=\"elementor-slides-wrapper elementor-main-swiper swiper\" role=\"region\" aria-roledescription=\"carousel\" aria-label=\"Slider\" dir=\"ltr\" data-animation=\"fadeInUp\">\n\t\t\t\t<div class=\"swiper-wrapper elementor-slides\">\n\t\t\t\t\t\t\t\t\t\t<div class=\"elementor-repeater-item-2de4990 swiper-slide\" role=\"group\" aria-roledescription=\"slide\"><div class=\"swiper-slide-bg\" role=\"img\" aria-label=\"mexico-city-2706607_1280\"><\/div><div class=\"swiper-slide-inner\" ><div class=\"swiper-slide-contents\"><\/div><\/div><\/div><div class=\"elementor-repeater-item-28f126e swiper-slide\" role=\"group\" aria-roledescription=\"slide\"><div class=\"swiper-slide-bg\" role=\"img\" aria-label=\"cancun-2269936_1280\"><\/div><div class=\"swiper-slide-inner\" ><div class=\"swiper-slide-contents\"><\/div><\/div><\/div><div class=\"elementor-repeater-item-992da35 swiper-slide\" role=\"group\" aria-roledescription=\"slide\"><div class=\"swiper-slide-bg\" role=\"img\" aria-label=\"acapulco-3605307_1280\"><\/div><div class=\"swiper-slide-inner\" ><div class=\"swiper-slide-contents\"><\/div><\/div><\/div><div class=\"elementor-repeater-item-1a67a9d swiper-slide\" role=\"group\" aria-roledescription=\"slide\"><div class=\"swiper-slide-bg\" role=\"img\" aria-label=\"popocatepetl-1755981_1280\"><\/div><div class=\"swiper-slide-inner\" ><div class=\"swiper-slide-contents\"><\/div><\/div><\/div>\t\t\t\t<\/div>\n\t\t\t\t\t\t\t\t\t\t\t\t\t\t\t<div class=\"elementor-swiper-button elementor-swiper-button-prev\" role=\"button\" tabindex=\"0\" aria-label=\"Diapositiva precedente\" data-no-translation-aria-label=\"\">\n\t\t\t\t\t\t\t<i aria-hidden=\"true\" class=\"eicon-chevron-left\"><\/i>\t\t\t\t\t\t<\/div>\n\t\t\t\t\t\t<div class=\"elementor-swiper-button elementor-swiper-button-next\" role=\"button\" tabindex=\"0\" aria-label=\"Diapositiva successiva\" data-no-translation-aria-label=\"\">\n\t\t\t\t\t\t\t<i aria-hidden=\"true\" class=\"eicon-chevron-right\"><\/i>\t\t\t\t\t\t<\/div>\n\t\t\t\t\t\t\t\t\t\t\t\t\t\t\t\t\t<\/div>\n\t\t\t\t<\/div>\n\t\t\t\t\t\t\t\t<\/div>\n\t\t\t\t<\/div>\n\t\t\t\t\t<\/div>\n\t\t<\/div>\n\t\t\t\t\t<\/div>\n\t\t<\/section>\n\t\t\t\t<section class=\"elementor-section elementor-top-section elementor-element elementor-element-240baa7a elementor-section-boxed elementor-section-height-default elementor-section-height-default\" data-id=\"240baa7a\" data-element_type=\"section\" data-e-type=\"section\" data-settings=\"{&quot;background_background&quot;:&quot;classic&quot;}\">\n\t\t\t\t\t\t<div class=\"elementor-container elementor-column-gap-default\">\n\t\t\t\t\t<div class=\"elementor-column elementor-col-100 elementor-top-column elementor-element elementor-element-1afe9e42\" data-id=\"1afe9e42\" data-element_type=\"column\" data-e-type=\"column\">\n\t\t\t<div class=\"elementor-widget-wrap elementor-element-populated\">\n\t\t\t\t\t\t<div class=\"elementor-element elementor-element-65bd50ae elementor-widget elementor-widget-heading\" data-id=\"65bd50ae\" data-element_type=\"widget\" data-e-type=\"widget\" data-widget_type=\"heading.default\">\n\t\t\t\t<div class=\"elementor-widget-container\">\n\t\t\t\t\t<h1 class=\"elementor-heading-title elementor-size-default\">Economic, social and political situation in Mexico<\/h1>\t\t\t\t<\/div>\n\t\t\t\t<\/div>\n\t\t\t\t\t<\/div>\n\t\t<\/div>\n\t\t\t\t\t<\/div>\n\t\t<\/section>\n\t\t\t\t<section class=\"elementor-section elementor-top-section elementor-element elementor-element-446540f elementor-section-boxed elementor-section-height-default elementor-section-height-default\" data-id=\"446540f\" data-element_type=\"section\" data-e-type=\"section\">\n\t\t\t\t\t\t<div class=\"elementor-container elementor-column-gap-default\">\n\t\t\t\t\t<div class=\"elementor-column elementor-col-100 elementor-top-column elementor-element elementor-element-312a2d3\" data-id=\"312a2d3\" data-element_type=\"column\" data-e-type=\"column\">\n\t\t\t<div class=\"elementor-widget-wrap elementor-element-populated\">\n\t\t\t\t\t\t<div class=\"elementor-element elementor-element-3791614 elementor-nav-menu--dropdown-tablet elementor-nav-menu__text-align-aside elementor-nav-menu--toggle elementor-nav-menu--burger elementor-widget elementor-widget-nav-menu\" data-id=\"3791614\" data-element_type=\"widget\" data-e-type=\"widget\" data-settings=\"{&quot;layout&quot;:&quot;horizontal&quot;,&quot;submenu_icon&quot;:{&quot;value&quot;:&quot;&lt;i class=\\&quot;fas fa-caret-down\\&quot; aria-hidden=\\&quot;true\\&quot;&gt;&lt;\\\/i&gt;&quot;,&quot;library&quot;:&quot;fa-solid&quot;},&quot;toggle&quot;:&quot;burger&quot;}\" data-widget_type=\"nav-menu.default\">\n\t\t\t\t<div class=\"elementor-widget-container\">\n\t\t\t\t\t\t\t\t<nav aria-label=\"Country research\" class=\"elementor-nav-menu--main elementor-nav-menu__container elementor-nav-menu--layout-horizontal e--pointer-underline e--animation-grow\">\n\t\t\t\t<ul id=\"menu-1-3791614\" class=\"elementor-nav-menu\"><li class=\"menu-item menu-item-type-custom menu-item-object-custom menu-item-has-children menu-item-12305\"><a class=\"elementor-item\">Africa<\/a>\n<ul class=\"sub-menu elementor-nav-menu--dropdown\">\n\t<li class=\"menu-item menu-item-type-post_type menu-item-object-page menu-item-12253\"><a href=\"https:\/\/gradido.net\/en\/countries\/afrika\/\" class=\"elementor-sub-item\">Africa, entire continent<\/a><\/li>\n\t<li class=\"menu-item menu-item-type-post_type menu-item-object-page menu-item-13097\"><a href=\"https:\/\/gradido.net\/en\/countries\/afrika\/dr-congo\/\" class=\"elementor-sub-item\">Democratic Republic of the Congo<\/a><\/li>\n\t<li class=\"menu-item menu-item-type-post_type menu-item-object-page menu-item-12414\"><a href=\"https:\/\/gradido.net\/en\/countries\/afrika\/kenya\/\" class=\"elementor-sub-item\">Kenya<\/a><\/li>\n\t<li class=\"menu-item menu-item-type-post_type menu-item-object-page menu-item-12737\"><a href=\"https:\/\/gradido.net\/en\/countries\/afrika\/madagascar\/\" class=\"elementor-sub-item\">Madagascar<\/a><\/li>\n\t<li class=\"menu-item menu-item-type-post_type menu-item-object-page menu-item-12148\"><a href=\"https:\/\/gradido.net\/en\/countries\/afrika\/namibia\/\" class=\"elementor-sub-item\">Namibia<\/a><\/li>\n\t<li class=\"menu-item menu-item-type-post_type menu-item-object-page menu-item-12839\"><a href=\"https:\/\/gradido.net\/en\/countries\/afrika\/rwanda\/\" class=\"elementor-sub-item\">Rwanda<\/a><\/li>\n<\/ul>\n<\/li>\n<li class=\"menu-item menu-item-type-custom menu-item-object-custom menu-item-has-children menu-item-11798\"><a class=\"elementor-item\">America<\/a>\n<ul class=\"sub-menu elementor-nav-menu--dropdown\">\n\t<li class=\"menu-item menu-item-type-post_type menu-item-object-page menu-item-12463\"><a href=\"https:\/\/gradido.net\/en\/countries\/usa\/\" class=\"elementor-sub-item\">USA<\/a><\/li>\n\t<li class=\"menu-item menu-item-type-post_type menu-item-object-page menu-item-11791\"><a href=\"https:\/\/gradido.net\/en\/countries\/mexico\/\" class=\"elementor-sub-item\">Mexico<\/a><\/li>\n<\/ul>\n<\/li>\n<li class=\"menu-item menu-item-type-custom menu-item-object-custom menu-item-has-children menu-item-11800\"><a class=\"elementor-item\">Asia<\/a>\n<ul class=\"sub-menu elementor-nav-menu--dropdown\">\n\t<li class=\"menu-item menu-item-type-post_type menu-item-object-page menu-item-11794\"><a href=\"https:\/\/gradido.net\/en\/countries\/maledives\/\" class=\"elementor-sub-item\">Maldives<\/a><\/li>\n\t<li class=\"menu-item menu-item-type-post_type menu-item-object-page menu-item-11790\"><a href=\"https:\/\/gradido.net\/en\/countries\/philippines\/\" class=\"elementor-sub-item\">Philppines<\/a><\/li>\n\t<li class=\"menu-item menu-item-type-post_type menu-item-object-page menu-item-11802\"><a href=\"https:\/\/gradido.net\/en\/countries\/saudi-arabia\/\" class=\"elementor-sub-item\">Saudi Arabia<\/a><\/li>\n<\/ul>\n<\/li>\n<li class=\"menu-item menu-item-type-custom menu-item-object-custom menu-item-has-children menu-item-11797\"><a class=\"elementor-item\">Europe<\/a>\n<ul class=\"sub-menu elementor-nav-menu--dropdown\">\n\t<li class=\"menu-item menu-item-type-post_type menu-item-object-page menu-item-11805\"><a href=\"https:\/\/gradido.net\/en\/countries\/germany\/\" class=\"elementor-sub-item\">Germany<\/a><\/li>\n\t<li class=\"menu-item menu-item-type-post_type menu-item-object-page menu-item-11803\"><a href=\"https:\/\/gradido.net\/en\/countries\/greece\/\" class=\"elementor-sub-item\">Greece<\/a><\/li>\n\t<li class=\"menu-item menu-item-type-post_type menu-item-object-page menu-item-11788\"><a href=\"https:\/\/gradido.net\/en\/countries\/spain\/\" class=\"elementor-sub-item\">Spain<\/a><\/li>\n<\/ul>\n<\/li>\n<li class=\"menu-item menu-item-type-custom menu-item-object-custom menu-item-has-children menu-item-11801\"><a class=\"elementor-item\">Oceania<\/a>\n<ul class=\"sub-menu elementor-nav-menu--dropdown\">\n\t<li class=\"menu-item menu-item-type-post_type menu-item-object-page menu-item-11793\"><a href=\"https:\/\/gradido.net\/en\/countries\/marshall-islands\/\" class=\"elementor-sub-item\">Marshall Islands<\/a><\/li>\n\t<li class=\"menu-item menu-item-type-post_type menu-item-object-page menu-item-11795\"><a href=\"https:\/\/gradido.net\/en\/countries\/tahiti\/\" class=\"elementor-sub-item\">Tahiti<\/a><\/li>\n<\/ul>\n<\/li>\n<\/ul>\t\t\t<\/nav>\n\t\t\t\t\t<div class=\"elementor-menu-toggle\" role=\"button\" tabindex=\"0\" aria-label=\"Menu Toggle\" aria-expanded=\"false\">\n\t\t\t<i aria-hidden=\"true\" role=\"presentation\" class=\"elementor-menu-toggle__icon--open eicon-menu-bar\"><\/i><i aria-hidden=\"true\" role=\"presentation\" class=\"elementor-menu-toggle__icon--close eicon-close\"><\/i>\t\t<\/div>\n\t\t\t\t\t<nav class=\"elementor-nav-menu--dropdown elementor-nav-menu__container\" aria-hidden=\"true\">\n\t\t\t\t<ul id=\"menu-2-3791614\" class=\"elementor-nav-menu\"><li class=\"menu-item menu-item-type-custom menu-item-object-custom menu-item-has-children menu-item-12305\"><a class=\"elementor-item\" tabindex=\"-1\">Africa<\/a>\n<ul class=\"sub-menu elementor-nav-menu--dropdown\">\n\t<li class=\"menu-item menu-item-type-post_type menu-item-object-page menu-item-12253\"><a href=\"https:\/\/gradido.net\/en\/countries\/afrika\/\" class=\"elementor-sub-item\" tabindex=\"-1\">Africa, entire continent<\/a><\/li>\n\t<li class=\"menu-item menu-item-type-post_type menu-item-object-page menu-item-13097\"><a href=\"https:\/\/gradido.net\/en\/countries\/afrika\/dr-congo\/\" class=\"elementor-sub-item\" tabindex=\"-1\">Democratic Republic of the Congo<\/a><\/li>\n\t<li class=\"menu-item menu-item-type-post_type menu-item-object-page menu-item-12414\"><a href=\"https:\/\/gradido.net\/en\/countries\/afrika\/kenya\/\" class=\"elementor-sub-item\" tabindex=\"-1\">Kenya<\/a><\/li>\n\t<li class=\"menu-item menu-item-type-post_type menu-item-object-page menu-item-12737\"><a href=\"https:\/\/gradido.net\/en\/countries\/afrika\/madagascar\/\" class=\"elementor-sub-item\" tabindex=\"-1\">Madagascar<\/a><\/li>\n\t<li class=\"menu-item menu-item-type-post_type menu-item-object-page menu-item-12148\"><a href=\"https:\/\/gradido.net\/en\/countries\/afrika\/namibia\/\" class=\"elementor-sub-item\" tabindex=\"-1\">Namibia<\/a><\/li>\n\t<li class=\"menu-item menu-item-type-post_type menu-item-object-page menu-item-12839\"><a href=\"https:\/\/gradido.net\/en\/countries\/afrika\/rwanda\/\" class=\"elementor-sub-item\" tabindex=\"-1\">Rwanda<\/a><\/li>\n<\/ul>\n<\/li>\n<li class=\"menu-item menu-item-type-custom menu-item-object-custom menu-item-has-children menu-item-11798\"><a class=\"elementor-item\" tabindex=\"-1\">America<\/a>\n<ul class=\"sub-menu elementor-nav-menu--dropdown\">\n\t<li class=\"menu-item menu-item-type-post_type menu-item-object-page menu-item-12463\"><a href=\"https:\/\/gradido.net\/en\/countries\/usa\/\" class=\"elementor-sub-item\" tabindex=\"-1\">USA<\/a><\/li>\n\t<li class=\"menu-item menu-item-type-post_type menu-item-object-page menu-item-11791\"><a href=\"https:\/\/gradido.net\/en\/countries\/mexico\/\" class=\"elementor-sub-item\" tabindex=\"-1\">Mexico<\/a><\/li>\n<\/ul>\n<\/li>\n<li class=\"menu-item menu-item-type-custom menu-item-object-custom menu-item-has-children menu-item-11800\"><a class=\"elementor-item\" tabindex=\"-1\">Asia<\/a>\n<ul class=\"sub-menu elementor-nav-menu--dropdown\">\n\t<li class=\"menu-item menu-item-type-post_type menu-item-object-page menu-item-11794\"><a href=\"https:\/\/gradido.net\/en\/countries\/maledives\/\" class=\"elementor-sub-item\" tabindex=\"-1\">Maldives<\/a><\/li>\n\t<li class=\"menu-item menu-item-type-post_type menu-item-object-page menu-item-11790\"><a href=\"https:\/\/gradido.net\/en\/countries\/philippines\/\" class=\"elementor-sub-item\" tabindex=\"-1\">Philppines<\/a><\/li>\n\t<li class=\"menu-item menu-item-type-post_type menu-item-object-page menu-item-11802\"><a href=\"https:\/\/gradido.net\/en\/countries\/saudi-arabia\/\" class=\"elementor-sub-item\" tabindex=\"-1\">Saudi Arabia<\/a><\/li>\n<\/ul>\n<\/li>\n<li class=\"menu-item menu-item-type-custom menu-item-object-custom menu-item-has-children menu-item-11797\"><a class=\"elementor-item\" tabindex=\"-1\">Europe<\/a>\n<ul class=\"sub-menu elementor-nav-menu--dropdown\">\n\t<li class=\"menu-item menu-item-type-post_type menu-item-object-page menu-item-11805\"><a href=\"https:\/\/gradido.net\/en\/countries\/germany\/\" class=\"elementor-sub-item\" tabindex=\"-1\">Germany<\/a><\/li>\n\t<li class=\"menu-item menu-item-type-post_type menu-item-object-page menu-item-11803\"><a href=\"https:\/\/gradido.net\/en\/countries\/greece\/\" class=\"elementor-sub-item\" tabindex=\"-1\">Greece<\/a><\/li>\n\t<li class=\"menu-item menu-item-type-post_type menu-item-object-page menu-item-11788\"><a href=\"https:\/\/gradido.net\/en\/countries\/spain\/\" class=\"elementor-sub-item\" tabindex=\"-1\">Spain<\/a><\/li>\n<\/ul>\n<\/li>\n<li class=\"menu-item menu-item-type-custom menu-item-object-custom menu-item-has-children menu-item-11801\"><a class=\"elementor-item\" tabindex=\"-1\">Oceania<\/a>\n<ul class=\"sub-menu elementor-nav-menu--dropdown\">\n\t<li class=\"menu-item menu-item-type-post_type menu-item-object-page menu-item-11793\"><a href=\"https:\/\/gradido.net\/en\/countries\/marshall-islands\/\" class=\"elementor-sub-item\" tabindex=\"-1\">Marshall Islands<\/a><\/li>\n\t<li class=\"menu-item menu-item-type-post_type menu-item-object-page menu-item-11795\"><a href=\"https:\/\/gradido.net\/en\/countries\/tahiti\/\" class=\"elementor-sub-item\" tabindex=\"-1\">Tahiti<\/a><\/li>\n<\/ul>\n<\/li>\n<\/ul>\t\t\t<\/nav>\n\t\t\t\t\t\t<\/div>\n\t\t\t\t<\/div>\n\t\t\t\t<div class=\"elementor-element elementor-element-884f51b elementor-widget elementor-widget-breadcrumbs\" data-id=\"884f51b\" data-element_type=\"widget\" data-e-type=\"widget\" data-widget_type=\"breadcrumbs.default\">\n\t\t\t\t<div class=\"elementor-widget-container\">\n\t\t\t\t\t<p id=\"breadcrumbs\"><span><span><a href=\"https:\/\/gradido.net\/en\/\">Homepage<\/a><\/span><\/span><\/p>\t\t\t\t<\/div>\n\t\t\t\t<\/div>\n\t\t\t\t<div class=\"elementor-element elementor-element-a9db9a5 elementor-widget elementor-widget-text-editor\" data-id=\"a9db9a5\" data-element_type=\"widget\" data-e-type=\"widget\" data-widget_type=\"text-editor.default\">\n\t\t\t\t<div class=\"elementor-widget-container\">\n\t\t\t\t\t\t\t\t\t<h3 style=\"text-align: center;\"><a href=\"https:\/\/gradido.net\/en\/countries\/mexico\/\"><strong>Main page: Mexico<\/strong><\/a><\/h3><p style=\"text-align: center;\"><strong>1. economic, social and political situation<\/strong><br \/><a href=\"https:\/\/gradido.net\/en\/countries\/mexico\/wealth-and-poverty\/\">2. distribution of wealth and poverty<\/a><br \/><a href=\"https:\/\/gradido.net\/en\/countries\/mexico\/labour-migration-and-remittances-mexico\/\">3. labor migration and cash flows<\/a><br \/><a href=\"https:\/\/gradido.net\/en\/countries\/mexico\/corruption-and-crime\/\">4. corruption and crime<\/a><br \/><a href=\"https:\/\/gradido.net\/en\/countries\/mexico\/cultural-values\/\">5. cultural values<\/a><br \/><a href=\"https:\/\/gradido.net\/en\/countries\/mexico\/education\/\">6. education<\/a><br \/><a href=\"https:\/\/gradido.net\/en\/countries\/mexico\/healthcare\/\">7. health care<\/a><br \/><a href=\"https:\/\/gradido.net\/en\/countries\/mexico\/volunteering\/\">8. care work, volunteer work and neighborhood help<\/a><br \/><a href=\"https:\/\/gradido.net\/en\/countries\/mexico\/innovation\/\">9. innovation, digitalization and alternative economic models<\/a><br \/><a href=\"https:\/\/gradido.net\/en\/countries\/mexico\/cooperatives\/\">10.cooperatives<\/a><br \/><a href=\"https:\/\/gradido.net\/en\/countries\/mexico\/potential-and-obstacles\/\">11. potentials and hurdles for Gradido<\/a><br \/><a href=\"https:\/\/gradido.net\/en\/countries\/mexico\/international-players\/\">12. international players<\/a><br \/><a href=\"https:\/\/gradido.net\/en\/countries\/mexico\/agriculture\/\">13. agriculture<\/a><\/p>\t\t\t\t\t\t\t\t<\/div>\n\t\t\t\t<\/div>\n\t\t\t\t<div class=\"elementor-element elementor-element-d7bb196 elementor-widget-divider--view-line elementor-widget elementor-widget-divider\" data-id=\"d7bb196\" data-element_type=\"widget\" data-e-type=\"widget\" data-widget_type=\"divider.default\">\n\t\t\t\t<div class=\"elementor-widget-container\">\n\t\t\t\t\t\t\t<div class=\"elementor-divider\">\n\t\t\t<span class=\"elementor-divider-separator\">\n\t\t\t\t\t\t<\/span>\n\t\t<\/div>\n\t\t\t\t\t\t<\/div>\n\t\t\t\t<\/div>\n\t\t\t\t<div class=\"elementor-element elementor-element-146ff9d elementor-widget elementor-widget-text-editor\" data-id=\"146ff9d\" data-element_type=\"widget\" data-e-type=\"widget\" data-widget_type=\"text-editor.default\">\n\t\t\t\t<div class=\"elementor-widget-container\">\n\t\t\t\t\t\t\t\t\t<div class=\"wiki-page-header-wrapper\"><div class=\"wiki-page-header-wrapper\"><div class=\"wiki-page-header-wrapper\"><h1 id=\"mexiko-2025%3A-wirtschaftliche%2C-soziale-und-politische-situation\" tabindex=\"-1\">Mexico 2025: Economic, social and political situation<\/h1><\/div><div class=\"wiki-page-header-wrapper\"><h2 id=\"%C3%BCberblick\" tabindex=\"-1\">Overview<\/h2><p>Mexico is in a challenging phase in 2025, characterized by economic stagnation, persistent social problems and significant political changes. Under the new President Claudia Sheinbaum, the first woman to hold this office, the country is struggling with a number of structural challenges.<\/p><\/div><div class=\"wiki-page-header-wrapper\"><h2 id=\"wirtschaftliche-situation\" tabindex=\"-1\">Economic situation<\/h2><\/div><div class=\"wiki-page-header-wrapper\"><h3 id=\"wachstumsprognosen-und-rezessionsrisiko\" tabindex=\"-1\">Growth forecasts and recession risk<\/h3><p>The Mexican economy faces considerable difficulties in 2025. <strong>Forecasts predict a contraction of -0.3% to +0.5% for the current year<\/strong><a href=\"https:\/\/www.dallasfed.org\/research\/update\/mex\/2025\/2502\" target=\"_blank\" rel=\"noopener noreferrer nofollow\">^1<\/a><a href=\"https:\/\/www.bbvaresearch.com\/en\/publicaciones\/mexico-economic-outlook-june-2025\/\" target=\"_blank\" rel=\"noopener noreferrer nofollow\">^3<\/a>. This represents a significant deterioration compared to the growth of 1.5% in 2024<a href=\"https:\/\/www.wko.at\/aussenwirtschaft\/mexiko-wirtschaftslage\" target=\"_blank\" rel=\"noopener noreferrer nofollow\">^1<\/a>. A moderate recovery from 1.1% to 1.8% is not expected until 2026<a href=\"https:\/\/www.bbvaresearch.com\/en\/publicaciones\/mexico-economic-outlook-june-2025\/\" target=\"_blank\" rel=\"noopener noreferrer nofollow\">^2<\/a><a href=\"https:\/\/www.worldbank.org\/en\/country\/mexico\/overview\" target=\"_blank\" rel=\"noopener noreferrer nofollow\">^4<\/a>.<\/p><\/div><div class=\"wiki-page-header-wrapper\"><h3 id=\"abh%C3%A4ngigkeit-von-den-usa-und-handelsspannungen\" tabindex=\"-1\">Dependence on the USA and trade tensions<\/h3><p>One central problem remains <strong>Mexico's extreme dependence on the US market, where 80% of Mexican exports go<\/strong><a href=\"https:\/\/www.bmz.de\/de\/laender\/mexiko\/wirtschaftliche-situation-10776\" target=\"_blank\" rel=\"noopener noreferrer nofollow\">^1<\/a>. This dependency makes the country particularly vulnerable to the Trump administration's tariff policy. The imposition of 25% tariffs on Mexican goods, even if they were later partially suspended, shows the vulnerability of the Mexican economy<a href=\"https:\/\/www.swp-berlin.org\/publikation\/mexiko-vom-kurzen-nearshoring-boom-zum-security-shoring-der-usa\" target=\"_blank\" rel=\"noopener noreferrer nofollow\">^6<\/a>.<\/p><\/div><div class=\"wiki-page-header-wrapper\"><h3 id=\"positive-aspekte-trotz-herausforderungen\" tabindex=\"-1\">Positive aspects despite challenges<\/h3><p>Despite the difficult situation, Mexico 2024 <strong>Record foreign direct investment of 36.8 billion US dollars<\/strong><a href=\"https:\/\/www.ainvest.com\/news\/mexico-economic-resilience-navigating-challenges-seizing-opportunities-2025-2506\/\" target=\"_blank\" rel=\"noopener noreferrer nofollow\">^1<\/a>. The country continues to benefit from the nearshoring trend and remains the USA's most important trading partner<a href=\"https:\/\/mexiconewsdaily.com\/business\/world-bank-mexico-growth-forecast-up-0-2\/\" target=\"_blank\" rel=\"noopener noreferrer nofollow\">^1<\/a>.<\/p><\/div><div class=\"wiki-page-header-wrapper\"><h2 id=\"soziale-situation\" tabindex=\"-1\">Social situation<\/h2><\/div><div class=\"wiki-page-header-wrapper\"><h3 id=\"armut-und-ungleichheit\" tabindex=\"-1\">Poverty and inequality<\/h3><p>The social situation shows mixed developments. On the positive side, between 2018 and 2024 <strong>9.5 million people have been lifted out of poverty<\/strong><a href=\"https:\/\/amerika21.de\/2024\/10\/271670\/95-millionen-weniger-arme-mexiko\" target=\"_blank\" rel=\"noopener noreferrer nofollow\">^10<\/a>. Nevertheless, there are still <strong>36.3% of the population (46.8 million people) in multidimensional poverty<\/strong><a href=\"https:\/\/amerika21.de\/2023\/08\/265449\/neun-mio-menschen-mexiko-aus-armut\" target=\"_blank\" rel=\"noopener noreferrer nofollow\">^11<\/a>. It is particularly worrying that <strong>7% of the population (9.1 million people) live in extreme poverty<\/strong><a href=\"https:\/\/amerika21.de\/2023\/08\/265449\/neun-mio-menschen-mexiko-aus-armut\" target=\"_blank\" rel=\"noopener noreferrer nofollow\">^12<\/a>.<\/p><\/div><div class=\"wiki-page-header-wrapper\"><h3 id=\"ungleichheit-und-strukturelle-probleme\" tabindex=\"-1\">Inequality and structural problems<\/h3><p><strong>Income distribution remains extremely unequal with a Gini coefficient of 0.45<\/strong><a href=\"https:\/\/de.statista.com\/outlook\/co\/soziooekonomische-indikatoren\/mexiko\" target=\"_blank\" rel=\"noopener noreferrer nofollow\">^13<\/a>. Particularly affected are <strong>the indigenous peoples, over two thirds of whom live in poverty<\/strong><a href=\"https:\/\/www.bmz.de\/en\/countries\/mexico\/social-situation-49248\" target=\"_blank\" rel=\"noopener noreferrer nofollow\">^11<\/a>. The regional differences are considerable: the rich north and the center contrast strongly with the underdeveloped south<a href=\"https:\/\/www.bmz.de\/de\/laender\/mexiko\/soziale-situation-10774\" target=\"_blank\" rel=\"noopener noreferrer nofollow\">^11<\/a>.<\/p><\/div><div class=\"wiki-page-header-wrapper\"><h3 id=\"gewalt-und-menschenrechtskrise\" tabindex=\"-1\">Violence and the human rights crisis<\/h3><p>Mexico is experiencing an unprecedented <strong>Violence and human rights crisis with over 115,000 people missing<\/strong><a href=\"https:\/\/www.faz.net\/aktuell\/politik\/ausland\/zahl-der-verschwundenen-in-mexiko-ueberschreitet-100-000-18036525.html\" target=\"_blank\" rel=\"noopener noreferrer nofollow\">^15<\/a>. The <strong>Murder rate is 24.9 per 100,000 inhabitants<\/strong><a href=\"https:\/\/de.statista.com\/statistik\/daten\/studie\/693573\/umfrage\/mordrate-in-mexiko\/\" target=\"_blank\" rel=\"noopener noreferrer nofollow\">^17<\/a>and 2024 were <strong>829 feminicides registered - an increase of 93.7% compared to 2015<\/strong><a href=\"https:\/\/www.visionofhumanity.org\/organised-crime-and-institutional-deterioration-mexicos-challenges-in-2025\/\" target=\"_blank\" rel=\"noopener noreferrer nofollow\">^18<\/a>. <strong>Between 70 and 100 people are murdered or abducted every day<\/strong><a href=\"https:\/\/www.bpb.de\/themen\/kriege-konflikte\/dossier-kriege-konflikte\/54652\/mexiko\/\" target=\"_blank\" rel=\"noopener noreferrer nofollow\">^19<\/a>.<\/p><\/div><div class=\"wiki-page-header-wrapper\"><h2 id=\"politische-situation\" tabindex=\"-1\">Political situation<\/h2><\/div><div class=\"wiki-page-header-wrapper\"><h3 id=\"pr%C3%A4sidentin-sheinbaum-und-machtkonzentration\" tabindex=\"-1\">President Sheinbaum and concentration of power<\/h3><p><strong>Claudia Sheinbaum has governed with an overwhelming two-thirds majority in Congress since October 2024<\/strong><a href=\"https:\/\/www.boell.de\/de\/2025\/01\/21\/100-tage-im-amt-die-erste-praesidentin-mexikos-hat-mehrheiten-fuer-reformen\" target=\"_blank\" rel=\"noopener noreferrer nofollow\">^20<\/a>which enables constitutional amendments. They <strong>enjoys high approval ratings of around 80%<\/strong><a href=\"https:\/\/www.handelsblatt.com\/politik\/international\/claudia-sheinbaum-wie-mexikos-praesidentin-ihr-land-vor-den-zoellen-schuetzt\/100112074.html\" target=\"_blank\" rel=\"noopener noreferrer nofollow\">^21<\/a> and is largely continuing the policy of its predecessor L\u00f3pez Obrador<a href=\"https:\/\/www.boell.de\/de\/2025\/01\/28\/fuer-mexikos-oekologische-zukunft-praesidentin-sheinbaum-setzt-auf-erneuerbare-energien\" target=\"_blank\" rel=\"noopener noreferrer nofollow\">^20<\/a>.<\/p><\/div><div class=\"wiki-page-header-wrapper\"><h3 id=\"justizreform-und-institutionelle-ver%C3%A4nderungen\" tabindex=\"-1\">Judicial reform and institutional changes<\/h3><p>One of the most controversial measures is the <strong>comprehensive judicial reform that provides for all judges to be directly elected by the people<\/strong><a href=\"https:\/\/www.as-coa.org\/articles\/six-facts-understand-mexicos-2025-judicial-elections\" target=\"_blank\" rel=\"noopener noreferrer nofollow\">^15<\/a><a href=\"https:\/\/www.tagesschau.de\/ausland\/amerika\/mexiko-justiz-reform-100.html\" target=\"_blank\" rel=\"noopener noreferrer nofollow\">^25<\/a>. This reform is seen by critics as a threat to judicial independence and the separation of powers<a href=\"https:\/\/www.as-coa.org\/articles\/six-facts-understand-mexicos-2025-judicial-elections\" target=\"_blank\" rel=\"noopener noreferrer nofollow\">^26<\/a>. <strong>In addition, autonomous supervisory bodies were abolished or weakened<\/strong><a href=\"https:\/\/www.boell.de\/de\/2025\/01\/21\/100-tage-im-amt-die-erste-praesidentin-mexikos-hat-mehrheiten-fuer-reformen\" target=\"_blank\" rel=\"noopener noreferrer nofollow\">^27<\/a>.<\/p><\/div><div class=\"wiki-page-header-wrapper\"><h3 id=\"korruption-und-transparenz\" tabindex=\"-1\">Corruption and transparency<\/h3><p>Mexico has <strong>achieved the worst score in its history in the Corruption Perceptions Index 2024: 140th place out of 180 countries with only 26 out of 100 points<\/strong><a href=\"https:\/\/de.statista.com\/statistik\/daten\/studie\/593525\/umfrage\/wahrgenommene-korruption-in-mexiko\/\" target=\"_blank\" rel=\"noopener noreferrer nofollow\">^28<\/a>. This makes Mexico the most corrupt country in the OECD<a href=\"https:\/\/insightplus.bakermckenzie.com\/bm\/investigations-compliance-ethics\/mexico-corruption-perceptions-index-2024\" target=\"_blank\" rel=\"noopener noreferrer nofollow\">^28<\/a>. The USA is exerting pressure on Mexico, <strong>Prosecute politicians with links to drug cartels<\/strong><a href=\"https:\/\/www.reuters.com\/world\/us\/us-pushes-mexico-prosecute-politicians-with-ties-drug-cartels-2025-06-11\/\" target=\"_blank\" rel=\"noopener noreferrer nofollow\">^30<\/a>.<\/p><\/div><div class=\"wiki-page-header-wrapper\"><h2 id=\"die-dr%C3%A4ngendsten-herausforderungen\" tabindex=\"-1\">The most pressing challenges<\/h2><\/div><div class=\"wiki-page-header-wrapper\"><h3 id=\"kritische-priorit%C3%A4ten\" tabindex=\"-1\">Critical priorities<\/h3><ol><li><strong>Violence and organized crime<\/strong>: The country is fighting against drug cartels that control large areas and kill dozens of people every day<a href=\"https:\/\/www.bpb.de\/themen\/kriege-konflikte\/dossier-kriege-konflikte\/54652\/mexiko\/\" target=\"_blank\" rel=\"noopener noreferrer nofollow\">^18<\/a><a href=\"https:\/\/www.tagesschau.de\/ausland\/amerika\/mexiko-drogen-gangs-jugendliche-100.html\" target=\"_blank\" rel=\"noopener noreferrer nofollow\">^31<\/a>.<\/li><li><strong>Corruption and the rule of law<\/strong>As the most corrupt OECD country with weakened institutions, the credibility of the state is at stake<a href=\"https:\/\/integralia.com.mx\/web\/wp-content\/uploads\/2025\/01\/January-8-2025_Ten-Political-Risks-for-2025.pdf\" target=\"_blank\" rel=\"noopener noreferrer nofollow\">^28<\/a>.<\/li><li><strong>Poverty and inequality<\/strong>: Despite progress, over 46 million people still live in poverty<a href=\"https:\/\/amerika21.de\/2024\/10\/271670\/95-millionen-weniger-arme-mexiko\" target=\"_blank\" rel=\"noopener noreferrer nofollow\">^12<\/a>.<\/li><li><strong>Disappeared persons<\/strong>: Over 115,000 missing persons represent a humanitarian crisis<a href=\"https:\/\/amerika21.de\/2025\/05\/275091\/mexiko-humanitaere-krise\" target=\"_blank\" rel=\"noopener noreferrer nofollow\">^32<\/a>.<\/li><\/ol><\/div><div class=\"wiki-page-header-wrapper\"><h3 id=\"hohe-priorit%C3%A4ten\" tabindex=\"-1\">High priorities<\/h3><ol start=\"5\"><li><strong>Economic stagnation<\/strong>: The looming recession threatens jobs and prosperity<a href=\"https:\/\/www.dallasfed.org\/research\/update\/mex\/2025\/2502\" target=\"_blank\" rel=\"noopener noreferrer nofollow\">^1<\/a><a href=\"https:\/\/www.bbvaresearch.com\/en\/publicaciones\/mexico-economic-outlook-june-2025\/\" target=\"_blank\" rel=\"noopener noreferrer nofollow\">^3<\/a>.<\/li><li><strong>US dependency<\/strong>Extreme trade dependency makes the country vulnerable to protectionist measures<a href=\"https:\/\/mexiconewsdaily.com\/business\/world-bank-mexico-growth-forecast-up-0-2\/\" target=\"_blank\" rel=\"noopener noreferrer nofollow\">^1<\/a><a href=\"https:\/\/www.aberdeeninvestments.com\/en-nl\/institutional\/insights-and-research\/mexico-will-face-challenges-during-trump-s-second-term\" target=\"_blank\" rel=\"noopener noreferrer nofollow\">^34<\/a>.<\/li><li><strong>Trade tensions<\/strong>: Relations with the Trump administration remain tense, despite diplomatic successes<a href=\"https:\/\/www.handelsblatt.com\/politik\/international\/claudia-sheinbaum-wie-mexikos-praesidentin-ihr-land-vor-den-zoellen-schuetzt\/100112074.html\" target=\"_blank\" rel=\"noopener noreferrer nofollow\">^35<\/a><a href=\"https:\/\/www.aberdeeninvestments.com\/en-nl\/institutional\/insights-and-research\/mexico-will-face-challenges-during-trump-s-second-term\" target=\"_blank\" rel=\"noopener noreferrer nofollow\">^34<\/a>.<\/li><\/ol><\/div><div class=\"wiki-page-header-wrapper\"><h2 id=\"fazit\" tabindex=\"-1\">Conclusion<\/h2><p>Mexico faces a complex set of challenges in 2025, including both structural and acute problems. While President Sheinbaum has strong political majorities that could enable reforms, the country's core problems - violence, corruption, poverty and economic vulnerability - remain. Successfully addressing these challenges will be critical to Mexico's future as a democratic constitutional state and economic partner in the region.<\/p><hr \/><\/div><div class=\"wiki-page-header-wrapper\"><h1 id=\"erg%C3%A4nzende-einsch%C3%A4tzung-aus-gradido-perspektive\" tabindex=\"-1\">Supplementary assessment from a Gradido perspective<\/h1><p>It is clear on what many levels Mexico is deeply challenged. Here is a gradido perspective that looks at the transformative power of life with love, hope and confidence:<\/p><hr \/><\/div><div class=\"wiki-page-header-wrapper\"><h3 id=\"gradido-kommentar-zur-aktuellen-lage-in-mexiko-%E2%80%93-2025\" tabindex=\"-1\">Gradido commentary on the current situation in Mexico - 2025<\/h3><p><strong>Challenges as an invitation to redesign<\/strong><\/p><p>The massive structural problems - violence, poverty, corruption, growing inequality and extreme economic dependency - are dramatic. They cause suffering and social division. However, such complex crises are also an invitation to take completely new paths together: towards an economic and social system that is oriented towards the common good and promotes life.<\/p><p><strong>What if no one had to be poor anymore?<\/strong><\/p><p>With the introduction of the Natural Economy of Life according to the Gradido model, people's basic existential fears - hunger, poverty, migration without prospects - could be resolved peacefully. Every person would receive an unconditional contribution to life day after day:<\/p><ul><li>for themselves (active participation),<\/li><li>the community,<\/li><li>and for the healing of the environment and nature.<\/li><\/ul><p><strong>Healing from division and violence<\/strong><\/p><p>Many of the causes of organized crime and everyday violence in Mexico are rooted in poverty, lack of opportunity and social inequality. Gradido would not only offer all people a stable livelihood, but also real development and life opportunities for disadvantaged groups (e.g. indigenous peoples, poor rural regions). This would also give young people prospects worth living for - without having to flee, face gang crime or exploitation.<\/p><p><strong>Corruption and a new culture of trust<\/strong><\/p><p>A transparent, decentralized gradido system geared towards the common good would eliminate many of the current incentives for corruption: Resources would no longer be distributed for a few elites, but for the benefit of all and in a comprehensible manner. With the \"natural economy of life\", manipulation and illegal enrichment would be much more difficult, and there would be far fewer incentives for them as everyone would be well off.<\/p><p><strong>Economic resilience and independence<\/strong><\/p><p>The local creative power of the Gradido can strengthen regional economic cycles independently of unstable export markets or foreign politics. The country could once again rely more on its own cultural, natural and social resources. Nearshoring opportunities would benefit everyone - not just global corporations.<\/p><p><strong>The common good as a new guiding principle<\/strong><\/p><p>Gradido would shift the focus from mere growth and markets to genuine quality of life, peace, participation and care. The gap between rich and poor begins to heal when everyone has access to basic security, education and health - and Mexico's unique cultural diversity is valued as a wealth for all.<\/p><hr \/><p><strong>Bright spot &amp; vision<\/strong><\/p><p>Especially in dark times, we need the courage to think and live new ways together. Mexico could - if society wants it - become a pioneer of peaceful, solidary and sustainable transformation. The challenges are enormous - but they hold the greatest potential to trust life and love and to bring to light what is possible in the human family.<\/p><\/div><\/div><\/div>\t\t\t\t\t\t\t\t<\/div>\n\t\t\t\t<\/div>\n\t\t\t\t\t<\/div>\n\t\t<\/div>\n\t\t\t\t\t<\/div>\n\t\t<\/section>\n\t\t\t\t<\/div>","protected":false},"excerpt":{"rendered":"<p>Wirtschaftliche, soziale und politische Situation in Mexiko Hauptseite: Mexiko 1. Wirtschaftliche, soziale und politische Situation2. Verteilung von Reichtum und Armut3. Arbeitsmigration und Geldr\u00fcckfl\u00fcsse4. Korruption und Kriminalit\u00e4t5. Kulturelle Werte6. Bildung7. Gesundheitsversorgung8. Care-Arbeit, Freiwilligenarbeit und Nachbarschaftshilfe9. Innovation, Digitalisierung und alternative Wirtschaftsmodelle10.Genossenschaften11. Potenziale und H\u00fcrden f\u00fcr Gradido12. Internationale Akteure13. Landwirtschaft Mexiko 2025: Wirtschaftliche, soziale und politische Situation \u00dcberblick [&hellip;]<\/p>\n","protected":false},"author":2,"featured_media":10458,"parent":10731,"menu_order":0,"comment_status":"closed","ping_status":"closed","template":"","meta":{"footnotes":""},"class_list":["post-10822","page","type-page","status-publish","has-post-thumbnail","hentry"],"yoast_head":"<!-- This site is optimized with the Yoast SEO plugin v27.4 - https:\/\/yoast.com\/product\/yoast-seo-wordpress\/ -->\n<title>Wirtschaftliche, soziale und politische Situation, Mexiko - Gradido<\/title>\n<meta name=\"description\" content=\"Sei Teil der Bewegung!Gemeinsam bringen wir Gradido in die Welt.\" \/>\n<meta name=\"robots\" content=\"index, follow, max-snippet:-1, max-image-preview:large, max-video-preview:-1\" \/>\n<link rel=\"canonical\" href=\"https:\/\/gradido.net\/en\/countries\/mexico\/economic-social-and-political-situation\/\" \/>\n<meta property=\"og:locale\" content=\"en_US\" \/>\n<meta property=\"og:type\" content=\"article\" \/>\n<meta property=\"og:title\" content=\"Wirtschaftliche, soziale und politische Situation, Mexiko - Gradido\" \/>\n<meta property=\"og:description\" content=\"Sei Teil der Bewegung!Gemeinsam bringen wir Gradido in die Welt.\" \/>\n<meta property=\"og:url\" content=\"https:\/\/gradido.net\/en\/countries\/mexico\/economic-social-and-political-situation\/\" \/>\n<meta property=\"og:site_name\" content=\"Gradido\" \/>\n<meta property=\"article:modified_time\" content=\"2025-10-04T07:51:59+00:00\" \/>\n<meta property=\"og:image\" content=\"https:\/\/gradido.net\/wp-content\/uploads\/2025\/07\/AdobeStock_3210827871-scaled.jpeg\" \/>\n\t<meta property=\"og:image:width\" content=\"2560\" \/>\n\t<meta property=\"og:image:height\" content=\"790\" \/>\n\t<meta property=\"og:image:type\" content=\"image\/jpeg\" \/>\n<meta name=\"twitter:card\" content=\"summary_large_image\" \/>\n<meta name=\"twitter:label1\" content=\"Est. reading time\" \/>\n\t<meta name=\"twitter:data1\" content=\"7 minutes\" \/>\n<script type=\"application\/ld+json\" class=\"yoast-schema-graph\">{\"@context\":\"https:\\\/\\\/schema.org\",\"@graph\":[{\"@type\":\"WebPage\",\"@id\":\"https:\\\/\\\/gradido.net\\\/countries\\\/mexico\\\/economic-social-and-political-situation\\\/\",\"url\":\"https:\\\/\\\/gradido.net\\\/countries\\\/mexico\\\/economic-social-and-political-situation\\\/\",\"name\":\"Wirtschaftliche, soziale und politische Situation, Mexiko - Gradido\",\"isPartOf\":{\"@id\":\"https:\\\/\\\/gradido.net\\\/de\\\/#website\"},\"primaryImageOfPage\":{\"@id\":\"https:\\\/\\\/gradido.net\\\/countries\\\/mexico\\\/economic-social-and-political-situation\\\/#primaryimage\"},\"image\":{\"@id\":\"https:\\\/\\\/gradido.net\\\/countries\\\/mexico\\\/economic-social-and-political-situation\\\/#primaryimage\"},\"thumbnailUrl\":\"https:\\\/\\\/gradido.net\\\/wp-content\\\/uploads\\\/2025\\\/07\\\/AdobeStock_3210827871-scaled.jpeg\",\"datePublished\":\"2025-07-30T06:44:10+00:00\",\"dateModified\":\"2025-10-04T07:51:59+00:00\",\"description\":\"Sei Teil der Bewegung!Gemeinsam bringen wir Gradido in die Welt.\",\"breadcrumb\":{\"@id\":\"https:\\\/\\\/gradido.net\\\/countries\\\/mexico\\\/economic-social-and-political-situation\\\/#breadcrumb\"},\"inLanguage\":\"en-US\",\"potentialAction\":[{\"@type\":\"ReadAction\",\"target\":[\"https:\\\/\\\/gradido.net\\\/countries\\\/mexico\\\/economic-social-and-political-situation\\\/\"]}]},{\"@type\":\"ImageObject\",\"inLanguage\":\"en-US\",\"@id\":\"https:\\\/\\\/gradido.net\\\/countries\\\/mexico\\\/economic-social-and-political-situation\\\/#primaryimage\",\"url\":\"https:\\\/\\\/gradido.net\\\/wp-content\\\/uploads\\\/2025\\\/07\\\/AdobeStock_3210827871-scaled.jpeg\",\"contentUrl\":\"https:\\\/\\\/gradido.net\\\/wp-content\\\/uploads\\\/2025\\\/07\\\/AdobeStock_3210827871-scaled.jpeg\",\"width\":2560,\"height\":790,\"caption\":\"world globe planet earth 3d-illustration. elements of this image furnished by NASA\"},{\"@type\":\"BreadcrumbList\",\"@id\":\"https:\\\/\\\/gradido.net\\\/countries\\\/mexico\\\/economic-social-and-political-situation\\\/#breadcrumb\",\"itemListElement\":[{\"@type\":\"ListItem\",\"position\":1,\"name\":\"Startseite\",\"item\":\"https:\\\/\\\/gradido.net\\\/\"},{\"@type\":\"ListItem\",\"position\":2,\"name\":\"L\u00e4nderforschung\",\"item\":\"https:\\\/\\\/gradido.net\\\/countries\\\/\"},{\"@type\":\"ListItem\",\"position\":3,\"name\":\"Mexiko\",\"item\":\"https:\\\/\\\/gradido.net\\\/countries\\\/mexico\\\/\"},{\"@type\":\"ListItem\",\"position\":4,\"name\":\"Wirtschaftliche, soziale und politische Situation, Mexiko\"}]},{\"@type\":\"WebSite\",\"@id\":\"https:\\\/\\\/gradido.net\\\/de\\\/#website\",\"url\":\"https:\\\/\\\/gradido.net\\\/de\\\/\",\"name\":\"Gradido\",\"description\":\"Die neue W\u00e4hrung hei\u00dft Dankbarkeit\",\"publisher\":{\"@id\":\"https:\\\/\\\/gradido.net\\\/de\\\/#organization\"},\"potentialAction\":[{\"@type\":\"SearchAction\",\"target\":{\"@type\":\"EntryPoint\",\"urlTemplate\":\"https:\\\/\\\/gradido.net\\\/de\\\/?s={search_term_string}\"},\"query-input\":{\"@type\":\"PropertyValueSpecification\",\"valueRequired\":true,\"valueName\":\"search_term_string\"}}],\"inLanguage\":\"en-US\"},{\"@type\":\"Organization\",\"@id\":\"https:\\\/\\\/gradido.net\\\/de\\\/#organization\",\"name\":\"Gradido\",\"url\":\"https:\\\/\\\/gradido.net\\\/de\\\/\",\"logo\":{\"@type\":\"ImageObject\",\"inLanguage\":\"en-US\",\"@id\":\"https:\\\/\\\/gradido.net\\\/de\\\/#\\\/schema\\\/logo\\\/image\\\/\",\"url\":\"https:\\\/\\\/gradido.net\\\/wp-content\\\/uploads\\\/2022\\\/04\\\/gradido-social.jpg\",\"contentUrl\":\"https:\\\/\\\/gradido.net\\\/wp-content\\\/uploads\\\/2022\\\/04\\\/gradido-social.jpg\",\"width\":527,\"height\":273,\"caption\":\"Gradido\"},\"image\":{\"@id\":\"https:\\\/\\\/gradido.net\\\/de\\\/#\\\/schema\\\/logo\\\/image\\\/\"}}]}<\/script>\n<!-- \/ Yoast SEO plugin. -->","yoast_head_json":{"title":"Economic, social and political situation, Mexico - Gradido","description":"Be part of the movement! Together we bring Gradido to the world.","robots":{"index":"index","follow":"follow","max-snippet":"max-snippet:-1","max-image-preview":"max-image-preview:large","max-video-preview":"max-video-preview:-1"},"canonical":"https:\/\/gradido.net\/en\/countries\/mexico\/economic-social-and-political-situation\/","og_locale":"en_US","og_type":"article","og_title":"Wirtschaftliche, soziale und politische Situation, Mexiko - Gradido","og_description":"Sei Teil der Bewegung!Gemeinsam bringen wir Gradido in die Welt.","og_url":"https:\/\/gradido.net\/en\/countries\/mexico\/economic-social-and-political-situation\/","og_site_name":"Gradido","article_modified_time":"2025-10-04T07:51:59+00:00","og_image":[{"width":2560,"height":790,"url":"https:\/\/gradido.net\/wp-content\/uploads\/2025\/07\/AdobeStock_3210827871-scaled.jpeg","type":"image\/jpeg"}],"twitter_card":"summary_large_image","twitter_misc":{"Est. reading time":"7 minutes"},"schema":{"@context":"https:\/\/schema.org","@graph":[{"@type":"WebPage","@id":"https:\/\/gradido.net\/countries\/mexico\/economic-social-and-political-situation\/","url":"https:\/\/gradido.net\/countries\/mexico\/economic-social-and-political-situation\/","name":"Economic, social and political situation, Mexico - Gradido","isPartOf":{"@id":"https:\/\/gradido.net\/de\/#website"},"primaryImageOfPage":{"@id":"https:\/\/gradido.net\/countries\/mexico\/economic-social-and-political-situation\/#primaryimage"},"image":{"@id":"https:\/\/gradido.net\/countries\/mexico\/economic-social-and-political-situation\/#primaryimage"},"thumbnailUrl":"https:\/\/gradido.net\/wp-content\/uploads\/2025\/07\/AdobeStock_3210827871-scaled.jpeg","datePublished":"2025-07-30T06:44:10+00:00","dateModified":"2025-10-04T07:51:59+00:00","description":"Be part of the movement! Together we bring Gradido to the world.","breadcrumb":{"@id":"https:\/\/gradido.net\/countries\/mexico\/economic-social-and-political-situation\/#breadcrumb"},"inLanguage":"en-US","potentialAction":[{"@type":"ReadAction","target":["https:\/\/gradido.net\/countries\/mexico\/economic-social-and-political-situation\/"]}]},{"@type":"ImageObject","inLanguage":"en-US","@id":"https:\/\/gradido.net\/countries\/mexico\/economic-social-and-political-situation\/#primaryimage","url":"https:\/\/gradido.net\/wp-content\/uploads\/2025\/07\/AdobeStock_3210827871-scaled.jpeg","contentUrl":"https:\/\/gradido.net\/wp-content\/uploads\/2025\/07\/AdobeStock_3210827871-scaled.jpeg","width":2560,"height":790,"caption":"world globe planet earth 3d-illustration. elements of this image furnished by NASA"},{"@type":"BreadcrumbList","@id":"https:\/\/gradido.net\/countries\/mexico\/economic-social-and-political-situation\/#breadcrumb","itemListElement":[{"@type":"ListItem","position":1,"name":"Startseite","item":"https:\/\/gradido.net\/"},{"@type":"ListItem","position":2,"name":"L\u00e4nderforschung","item":"https:\/\/gradido.net\/countries\/"},{"@type":"ListItem","position":3,"name":"Mexiko","item":"https:\/\/gradido.net\/countries\/mexico\/"},{"@type":"ListItem","position":4,"name":"Wirtschaftliche, soziale und politische Situation, Mexiko"}]},{"@type":"WebSite","@id":"https:\/\/gradido.net\/de\/#website","url":"https:\/\/gradido.net\/de\/","name":"Gradido","description":"The new currency is gratitude","publisher":{"@id":"https:\/\/gradido.net\/de\/#organization"},"potentialAction":[{"@type":"SearchAction","target":{"@type":"EntryPoint","urlTemplate":"https:\/\/gradido.net\/de\/?s={search_term_string}"},"query-input":{"@type":"PropertyValueSpecification","valueRequired":true,"valueName":"search_term_string"}}],"inLanguage":"en-US"},{"@type":"Organization","@id":"https:\/\/gradido.net\/de\/#organization","name":"Gradido","url":"https:\/\/gradido.net\/de\/","logo":{"@type":"ImageObject","inLanguage":"en-US","@id":"https:\/\/gradido.net\/de\/#\/schema\/logo\/image\/","url":"https:\/\/gradido.net\/wp-content\/uploads\/2022\/04\/gradido-social.jpg","contentUrl":"https:\/\/gradido.net\/wp-content\/uploads\/2022\/04\/gradido-social.jpg","width":527,"height":273,"caption":"Gradido"},"image":{"@id":"https:\/\/gradido.net\/de\/#\/schema\/logo\/image\/"}}]}},"_links":{"self":[{"href":"https:\/\/gradido.net\/en\/wp-json\/wp\/v2\/pages\/10822","targetHints":{"allow":["GET"]}}],"collection":[{"href":"https:\/\/gradido.net\/en\/wp-json\/wp\/v2\/pages"}],"about":[{"href":"https:\/\/gradido.net\/en\/wp-json\/wp\/v2\/types\/page"}],"author":[{"embeddable":true,"href":"https:\/\/gradido.net\/en\/wp-json\/wp\/v2\/users\/2"}],"replies":[{"embeddable":true,"href":"https:\/\/gradido.net\/en\/wp-json\/wp\/v2\/comments?post=10822"}],"version-history":[{"count":16,"href":"https:\/\/gradido.net\/en\/wp-json\/wp\/v2\/pages\/10822\/revisions"}],"predecessor-version":[{"id":11905,"href":"https:\/\/gradido.net\/en\/wp-json\/wp\/v2\/pages\/10822\/revisions\/11905"}],"up":[{"embeddable":true,"href":"https:\/\/gradido.net\/en\/wp-json\/wp\/v2\/pages\/10731"}],"wp:featuredmedia":[{"embeddable":true,"href":"https:\/\/gradido.net\/en\/wp-json\/wp\/v2\/media\/10458"}],"wp:attachment":[{"href":"https:\/\/gradido.net\/en\/wp-json\/wp\/v2\/media?parent=10822"}],"curies":[{"name":"wp","href":"https:\/\/api.w.org\/{rel}","templated":true}]}}