{"id":10822,"date":"2025-07-30T08:44:10","date_gmt":"2025-07-30T06:44:10","guid":{"rendered":"https:\/\/gradido.net\/?page_id=10822"},"modified":"2025-10-04T09:51:59","modified_gmt":"2025-10-04T07:51:59","slug":"economic-social-and-political-situation","status":"publish","type":"page","link":"https:\/\/gradido.net\/es\/countries\/mexico\/economic-social-and-political-situation\/","title":{"rendered":"Situaci\u00f3n econ\u00f3mica, social y pol\u00edtica, M\u00e9xico"},"content":{"rendered":"<div data-elementor-type=\"wp-page\" data-elementor-id=\"10822\" class=\"elementor elementor-10822\" data-elementor-post-type=\"page\">\n\t\t\t\t\t\t<section class=\"elementor-section elementor-top-section elementor-element elementor-element-4ce3e8af elementor-section-full_width elementor-section-height-default elementor-section-height-default\" data-id=\"4ce3e8af\" data-element_type=\"section\" data-e-type=\"section\">\n\t\t\t\t\t\t<div class=\"elementor-container elementor-column-gap-no\">\n\t\t\t\t\t<div class=\"elementor-column elementor-col-100 elementor-top-column elementor-element elementor-element-efa8c8c\" data-id=\"efa8c8c\" data-element_type=\"column\" data-e-type=\"column\">\n\t\t\t<div class=\"elementor-widget-wrap elementor-element-populated\">\n\t\t\t\t\t\t<div class=\"elementor-element elementor-element-e088aa4 elementor--h-position-center elementor--v-position-middle elementor-arrows-position-inside elementor-widget elementor-widget-slides\" data-id=\"e088aa4\" data-element_type=\"widget\" data-e-type=\"widget\" data-settings=\"{&quot;navigation&quot;:&quot;arrows&quot;,&quot;autoplay&quot;:&quot;yes&quot;,&quot;pause_on_hover&quot;:&quot;yes&quot;,&quot;pause_on_interaction&quot;:&quot;yes&quot;,&quot;autoplay_speed&quot;:5000,&quot;infinite&quot;:&quot;yes&quot;,&quot;transition&quot;:&quot;slide&quot;,&quot;transition_speed&quot;:500}\" data-widget_type=\"slides.default\">\n\t\t\t\t<div class=\"elementor-widget-container\">\n\t\t\t\t\t\t\t\t\t<div class=\"elementor-swiper\">\n\t\t\t\t\t<div class=\"elementor-slides-wrapper elementor-main-swiper swiper\" role=\"region\" aria-roledescription=\"carousel\" aria-label=\"Deslizador\" dir=\"ltr\" data-animation=\"fadeInUp\">\n\t\t\t\t<div class=\"swiper-wrapper elementor-slides\">\n\t\t\t\t\t\t\t\t\t\t<div class=\"elementor-repeater-item-2de4990 swiper-slide\" role=\"group\" aria-roledescription=\"slide\"><div class=\"swiper-slide-bg\" role=\"img\" aria-label=\"mexico-city-2706607_1280\"><\/div><div class=\"swiper-slide-inner\" ><div class=\"swiper-slide-contents\"><\/div><\/div><\/div><div class=\"elementor-repeater-item-28f126e swiper-slide\" role=\"group\" aria-roledescription=\"slide\"><div class=\"swiper-slide-bg\" role=\"img\" aria-label=\"canc\u00fan-2269936_1280\"><\/div><div class=\"swiper-slide-inner\" ><div class=\"swiper-slide-contents\"><\/div><\/div><\/div><div class=\"elementor-repeater-item-992da35 swiper-slide\" role=\"group\" aria-roledescription=\"slide\"><div class=\"swiper-slide-bg\" role=\"img\" aria-label=\"acapulco-3605307_1280\"><\/div><div class=\"swiper-slide-inner\" ><div class=\"swiper-slide-contents\"><\/div><\/div><\/div><div class=\"elementor-repeater-item-1a67a9d swiper-slide\" role=\"group\" aria-roledescription=\"slide\"><div class=\"swiper-slide-bg\" role=\"img\" aria-label=\"popocatepetl-1755981_1280\"><\/div><div class=\"swiper-slide-inner\" ><div class=\"swiper-slide-contents\"><\/div><\/div><\/div>\t\t\t\t<\/div>\n\t\t\t\t\t\t\t\t\t\t\t\t\t\t\t<div class=\"elementor-swiper-button elementor-swiper-button-prev\" role=\"button\" tabindex=\"0\" aria-label=\"\u041f\u0440\u0435\u0434\u0438\u0448\u0435\u043d \u0441\u043b\u0430\u0439\u0434\" data-no-translation-aria-label=\"\">\n\t\t\t\t\t\t\t<i aria-hidden=\"true\" class=\"eicon-chevron-left\"><\/i>\t\t\t\t\t\t<\/div>\n\t\t\t\t\t\t<div class=\"elementor-swiper-button elementor-swiper-button-next\" role=\"button\" tabindex=\"0\" aria-label=\"\u0421\u043b\u0435\u0434\u0432\u0430\u0449 \u0441\u043b\u0430\u0439\u0434\" data-no-translation-aria-label=\"\">\n\t\t\t\t\t\t\t<i aria-hidden=\"true\" class=\"eicon-chevron-right\"><\/i>\t\t\t\t\t\t<\/div>\n\t\t\t\t\t\t\t\t\t\t\t\t\t\t\t\t\t<\/div>\n\t\t\t\t<\/div>\n\t\t\t\t\t\t\t\t<\/div>\n\t\t\t\t<\/div>\n\t\t\t\t\t<\/div>\n\t\t<\/div>\n\t\t\t\t\t<\/div>\n\t\t<\/section>\n\t\t\t\t<section class=\"elementor-section elementor-top-section elementor-element elementor-element-240baa7a elementor-section-boxed elementor-section-height-default elementor-section-height-default\" data-id=\"240baa7a\" data-element_type=\"section\" data-e-type=\"section\" data-settings=\"{&quot;background_background&quot;:&quot;classic&quot;}\">\n\t\t\t\t\t\t<div class=\"elementor-container elementor-column-gap-default\">\n\t\t\t\t\t<div class=\"elementor-column elementor-col-100 elementor-top-column elementor-element elementor-element-1afe9e42\" data-id=\"1afe9e42\" data-element_type=\"column\" data-e-type=\"column\">\n\t\t\t<div class=\"elementor-widget-wrap elementor-element-populated\">\n\t\t\t\t\t\t<div class=\"elementor-element elementor-element-65bd50ae elementor-widget elementor-widget-heading\" data-id=\"65bd50ae\" data-element_type=\"widget\" data-e-type=\"widget\" data-widget_type=\"heading.default\">\n\t\t\t\t<div class=\"elementor-widget-container\">\n\t\t\t\t\t<h1 class=\"elementor-heading-title elementor-size-default\">Situaci\u00f3n econ\u00f3mica, social y pol\u00edtica en M\u00e9xico<\/h1>\t\t\t\t<\/div>\n\t\t\t\t<\/div>\n\t\t\t\t\t<\/div>\n\t\t<\/div>\n\t\t\t\t\t<\/div>\n\t\t<\/section>\n\t\t\t\t<section class=\"elementor-section elementor-top-section elementor-element elementor-element-446540f elementor-section-boxed elementor-section-height-default elementor-section-height-default\" data-id=\"446540f\" data-element_type=\"section\" data-e-type=\"section\">\n\t\t\t\t\t\t<div class=\"elementor-container elementor-column-gap-default\">\n\t\t\t\t\t<div class=\"elementor-column elementor-col-100 elementor-top-column elementor-element elementor-element-312a2d3\" data-id=\"312a2d3\" data-element_type=\"column\" data-e-type=\"column\">\n\t\t\t<div class=\"elementor-widget-wrap elementor-element-populated\">\n\t\t\t\t\t\t<div class=\"elementor-element elementor-element-3791614 elementor-nav-menu--dropdown-tablet elementor-nav-menu__text-align-aside elementor-nav-menu--toggle elementor-nav-menu--burger elementor-widget elementor-widget-nav-menu\" data-id=\"3791614\" data-element_type=\"widget\" data-e-type=\"widget\" data-settings=\"{&quot;layout&quot;:&quot;horizontal&quot;,&quot;submenu_icon&quot;:{&quot;value&quot;:&quot;&lt;i class=\\&quot;fas fa-caret-down\\&quot; aria-hidden=\\&quot;true\\&quot;&gt;&lt;\\\/i&gt;&quot;,&quot;library&quot;:&quot;fa-solid&quot;},&quot;toggle&quot;:&quot;burger&quot;}\" data-widget_type=\"nav-menu.default\">\n\t\t\t\t<div class=\"elementor-widget-container\">\n\t\t\t\t\t\t\t\t<nav aria-label=\"Investigaci\u00f3n por pa\u00edses\" class=\"elementor-nav-menu--main elementor-nav-menu__container elementor-nav-menu--layout-horizontal e--pointer-underline e--animation-grow\">\n\t\t\t\t<ul id=\"menu-1-3791614\" class=\"elementor-nav-menu\"><li class=\"menu-item menu-item-type-custom menu-item-object-custom menu-item-has-children menu-item-12305\"><a class=\"elementor-item\">\u00c1frica<\/a>\n<ul class=\"sub-menu elementor-nav-menu--dropdown\">\n\t<li class=\"menu-item menu-item-type-post_type menu-item-object-page menu-item-12253\"><a href=\"https:\/\/gradido.net\/es\/countries\/afrika\/\" class=\"elementor-sub-item\">\u00c1frica, todo el continente<\/a><\/li>\n\t<li class=\"menu-item menu-item-type-post_type menu-item-object-page menu-item-13097\"><a href=\"https:\/\/gradido.net\/es\/countries\/afrika\/dr-congo\/\" class=\"elementor-sub-item\">Rep\u00fablica Democr\u00e1tica del Congo<\/a><\/li>\n\t<li class=\"menu-item menu-item-type-post_type menu-item-object-page menu-item-12414\"><a href=\"https:\/\/gradido.net\/es\/countries\/afrika\/kenya\/\" class=\"elementor-sub-item\">Kenia<\/a><\/li>\n\t<li class=\"menu-item menu-item-type-post_type menu-item-object-page menu-item-12737\"><a href=\"https:\/\/gradido.net\/es\/countries\/afrika\/madagascar\/\" class=\"elementor-sub-item\">Madagascar<\/a><\/li>\n\t<li class=\"menu-item menu-item-type-post_type menu-item-object-page menu-item-12148\"><a href=\"https:\/\/gradido.net\/es\/countries\/afrika\/namibia\/\" class=\"elementor-sub-item\">Namibia<\/a><\/li>\n\t<li class=\"menu-item menu-item-type-post_type menu-item-object-page menu-item-12839\"><a href=\"https:\/\/gradido.net\/es\/countries\/afrika\/rwanda\/\" class=\"elementor-sub-item\">Ruanda<\/a><\/li>\n<\/ul>\n<\/li>\n<li class=\"menu-item menu-item-type-custom menu-item-object-custom menu-item-has-children menu-item-11798\"><a class=\"elementor-item\">Am\u00e9rica<\/a>\n<ul class=\"sub-menu elementor-nav-menu--dropdown\">\n\t<li class=\"menu-item menu-item-type-post_type menu-item-object-page menu-item-12463\"><a href=\"https:\/\/gradido.net\/es\/countries\/usa\/\" class=\"elementor-sub-item\">EE.UU.<\/a><\/li>\n\t<li class=\"menu-item menu-item-type-post_type menu-item-object-page menu-item-11791\"><a href=\"https:\/\/gradido.net\/es\/countries\/mexico\/\" class=\"elementor-sub-item\">M\u00e9xico<\/a><\/li>\n<\/ul>\n<\/li>\n<li class=\"menu-item menu-item-type-custom menu-item-object-custom menu-item-has-children menu-item-11800\"><a class=\"elementor-item\">Asia<\/a>\n<ul class=\"sub-menu elementor-nav-menu--dropdown\">\n\t<li class=\"menu-item menu-item-type-post_type menu-item-object-page menu-item-11794\"><a href=\"https:\/\/gradido.net\/es\/countries\/maledives\/\" class=\"elementor-sub-item\">Maldivas<\/a><\/li>\n\t<li class=\"menu-item menu-item-type-post_type menu-item-object-page menu-item-11790\"><a href=\"https:\/\/gradido.net\/es\/countries\/philippines\/\" class=\"elementor-sub-item\">Filipinas<\/a><\/li>\n\t<li class=\"menu-item menu-item-type-post_type menu-item-object-page menu-item-11802\"><a href=\"https:\/\/gradido.net\/es\/countries\/saudi-arabia\/\" class=\"elementor-sub-item\">Arabia Saud\u00ed<\/a><\/li>\n<\/ul>\n<\/li>\n<li class=\"menu-item menu-item-type-custom menu-item-object-custom menu-item-has-children menu-item-11797\"><a class=\"elementor-item\">Europa<\/a>\n<ul class=\"sub-menu elementor-nav-menu--dropdown\">\n\t<li class=\"menu-item menu-item-type-post_type menu-item-object-page menu-item-11805\"><a href=\"https:\/\/gradido.net\/es\/countries\/germany\/\" class=\"elementor-sub-item\">Alemania<\/a><\/li>\n\t<li class=\"menu-item menu-item-type-post_type menu-item-object-page menu-item-11803\"><a href=\"https:\/\/gradido.net\/es\/countries\/greece\/\" class=\"elementor-sub-item\">Grecia<\/a><\/li>\n\t<li class=\"menu-item menu-item-type-post_type menu-item-object-page menu-item-11788\"><a href=\"https:\/\/gradido.net\/es\/countries\/spain\/\" class=\"elementor-sub-item\">Espa\u00f1a<\/a><\/li>\n<\/ul>\n<\/li>\n<li class=\"menu-item menu-item-type-custom menu-item-object-custom menu-item-has-children menu-item-11801\"><a class=\"elementor-item\">Ocean\u00eda<\/a>\n<ul class=\"sub-menu elementor-nav-menu--dropdown\">\n\t<li class=\"menu-item menu-item-type-post_type menu-item-object-page menu-item-11793\"><a href=\"https:\/\/gradido.net\/es\/countries\/marshall-islands\/\" class=\"elementor-sub-item\">Islas Marshall<\/a><\/li>\n\t<li class=\"menu-item menu-item-type-post_type menu-item-object-page menu-item-11795\"><a href=\"https:\/\/gradido.net\/es\/countries\/tahiti\/\" class=\"elementor-sub-item\">Tahit\u00ed<\/a><\/li>\n<\/ul>\n<\/li>\n<\/ul>\t\t\t<\/nav>\n\t\t\t\t\t<div class=\"elementor-menu-toggle\" role=\"button\" tabindex=\"0\" aria-label=\"Alternar men\u00fa\" aria-expanded=\"false\">\n\t\t\t<i aria-hidden=\"true\" role=\"presentation\" class=\"elementor-menu-toggle__icon--open eicon-menu-bar\"><\/i><i aria-hidden=\"true\" role=\"presentation\" class=\"elementor-menu-toggle__icon--close eicon-close\"><\/i>\t\t<\/div>\n\t\t\t\t\t<nav class=\"elementor-nav-menu--dropdown elementor-nav-menu__container\" aria-hidden=\"true\">\n\t\t\t\t<ul id=\"menu-2-3791614\" class=\"elementor-nav-menu\"><li class=\"menu-item menu-item-type-custom menu-item-object-custom menu-item-has-children menu-item-12305\"><a class=\"elementor-item\" tabindex=\"-1\">\u00c1frica<\/a>\n<ul class=\"sub-menu elementor-nav-menu--dropdown\">\n\t<li class=\"menu-item menu-item-type-post_type menu-item-object-page menu-item-12253\"><a href=\"https:\/\/gradido.net\/es\/countries\/afrika\/\" class=\"elementor-sub-item\" tabindex=\"-1\">\u00c1frica, todo el continente<\/a><\/li>\n\t<li class=\"menu-item menu-item-type-post_type menu-item-object-page menu-item-13097\"><a href=\"https:\/\/gradido.net\/es\/countries\/afrika\/dr-congo\/\" class=\"elementor-sub-item\" tabindex=\"-1\">Rep\u00fablica Democr\u00e1tica del Congo<\/a><\/li>\n\t<li class=\"menu-item menu-item-type-post_type menu-item-object-page menu-item-12414\"><a href=\"https:\/\/gradido.net\/es\/countries\/afrika\/kenya\/\" class=\"elementor-sub-item\" tabindex=\"-1\">Kenia<\/a><\/li>\n\t<li class=\"menu-item menu-item-type-post_type menu-item-object-page menu-item-12737\"><a href=\"https:\/\/gradido.net\/es\/countries\/afrika\/madagascar\/\" class=\"elementor-sub-item\" tabindex=\"-1\">Madagascar<\/a><\/li>\n\t<li class=\"menu-item menu-item-type-post_type menu-item-object-page menu-item-12148\"><a href=\"https:\/\/gradido.net\/es\/countries\/afrika\/namibia\/\" class=\"elementor-sub-item\" tabindex=\"-1\">Namibia<\/a><\/li>\n\t<li class=\"menu-item menu-item-type-post_type menu-item-object-page menu-item-12839\"><a href=\"https:\/\/gradido.net\/es\/countries\/afrika\/rwanda\/\" class=\"elementor-sub-item\" tabindex=\"-1\">Ruanda<\/a><\/li>\n<\/ul>\n<\/li>\n<li class=\"menu-item menu-item-type-custom menu-item-object-custom menu-item-has-children menu-item-11798\"><a class=\"elementor-item\" tabindex=\"-1\">Am\u00e9rica<\/a>\n<ul class=\"sub-menu elementor-nav-menu--dropdown\">\n\t<li class=\"menu-item menu-item-type-post_type menu-item-object-page menu-item-12463\"><a href=\"https:\/\/gradido.net\/es\/countries\/usa\/\" class=\"elementor-sub-item\" tabindex=\"-1\">EE.UU.<\/a><\/li>\n\t<li class=\"menu-item menu-item-type-post_type menu-item-object-page menu-item-11791\"><a href=\"https:\/\/gradido.net\/es\/countries\/mexico\/\" class=\"elementor-sub-item\" tabindex=\"-1\">M\u00e9xico<\/a><\/li>\n<\/ul>\n<\/li>\n<li class=\"menu-item menu-item-type-custom menu-item-object-custom menu-item-has-children menu-item-11800\"><a class=\"elementor-item\" tabindex=\"-1\">Asia<\/a>\n<ul class=\"sub-menu elementor-nav-menu--dropdown\">\n\t<li class=\"menu-item menu-item-type-post_type menu-item-object-page menu-item-11794\"><a href=\"https:\/\/gradido.net\/es\/countries\/maledives\/\" class=\"elementor-sub-item\" tabindex=\"-1\">Maldivas<\/a><\/li>\n\t<li class=\"menu-item menu-item-type-post_type menu-item-object-page menu-item-11790\"><a href=\"https:\/\/gradido.net\/es\/countries\/philippines\/\" class=\"elementor-sub-item\" tabindex=\"-1\">Filipinas<\/a><\/li>\n\t<li class=\"menu-item menu-item-type-post_type menu-item-object-page menu-item-11802\"><a href=\"https:\/\/gradido.net\/es\/countries\/saudi-arabia\/\" class=\"elementor-sub-item\" tabindex=\"-1\">Arabia Saud\u00ed<\/a><\/li>\n<\/ul>\n<\/li>\n<li class=\"menu-item menu-item-type-custom menu-item-object-custom menu-item-has-children menu-item-11797\"><a class=\"elementor-item\" tabindex=\"-1\">Europa<\/a>\n<ul class=\"sub-menu elementor-nav-menu--dropdown\">\n\t<li class=\"menu-item menu-item-type-post_type menu-item-object-page menu-item-11805\"><a href=\"https:\/\/gradido.net\/es\/countries\/germany\/\" class=\"elementor-sub-item\" tabindex=\"-1\">Alemania<\/a><\/li>\n\t<li class=\"menu-item menu-item-type-post_type menu-item-object-page menu-item-11803\"><a href=\"https:\/\/gradido.net\/es\/countries\/greece\/\" class=\"elementor-sub-item\" tabindex=\"-1\">Grecia<\/a><\/li>\n\t<li class=\"menu-item menu-item-type-post_type menu-item-object-page menu-item-11788\"><a href=\"https:\/\/gradido.net\/es\/countries\/spain\/\" class=\"elementor-sub-item\" tabindex=\"-1\">Espa\u00f1a<\/a><\/li>\n<\/ul>\n<\/li>\n<li class=\"menu-item menu-item-type-custom menu-item-object-custom menu-item-has-children menu-item-11801\"><a class=\"elementor-item\" tabindex=\"-1\">Ocean\u00eda<\/a>\n<ul class=\"sub-menu elementor-nav-menu--dropdown\">\n\t<li class=\"menu-item menu-item-type-post_type menu-item-object-page menu-item-11793\"><a href=\"https:\/\/gradido.net\/es\/countries\/marshall-islands\/\" class=\"elementor-sub-item\" tabindex=\"-1\">Islas Marshall<\/a><\/li>\n\t<li class=\"menu-item menu-item-type-post_type menu-item-object-page menu-item-11795\"><a href=\"https:\/\/gradido.net\/es\/countries\/tahiti\/\" class=\"elementor-sub-item\" tabindex=\"-1\">Tahit\u00ed<\/a><\/li>\n<\/ul>\n<\/li>\n<\/ul>\t\t\t<\/nav>\n\t\t\t\t\t\t<\/div>\n\t\t\t\t<\/div>\n\t\t\t\t<div class=\"elementor-element elementor-element-884f51b elementor-widget elementor-widget-breadcrumbs\" data-id=\"884f51b\" data-element_type=\"widget\" data-e-type=\"widget\" data-widget_type=\"breadcrumbs.default\">\n\t\t\t\t<div class=\"elementor-widget-container\">\n\t\t\t\t\t<p id=\"breadcrumbs\"><span><span><a href=\"https:\/\/gradido.net\/es\/\">P\u00e1gina web<\/a><\/span><\/span><\/p>\t\t\t\t<\/div>\n\t\t\t\t<\/div>\n\t\t\t\t<div class=\"elementor-element elementor-element-a9db9a5 elementor-widget elementor-widget-text-editor\" data-id=\"a9db9a5\" data-element_type=\"widget\" data-e-type=\"widget\" data-widget_type=\"text-editor.default\">\n\t\t\t\t<div class=\"elementor-widget-container\">\n\t\t\t\t\t\t\t\t\t<h3 style=\"text-align: center;\"><a href=\"https:\/\/gradido.net\/es\/countries\/mexico\/\"><strong>P\u00e1gina principal: M\u00e9xico<\/strong><\/a><\/h3><p style=\"text-align: center;\"><strong>1. situaci\u00f3n econ\u00f3mica, social y pol\u00edtica<\/strong><br \/><a href=\"https:\/\/gradido.net\/es\/countries\/mexico\/wealth-and-poverty\/\">2. distribuci\u00f3n de la riqueza y la pobreza<\/a><br \/><a href=\"https:\/\/gradido.net\/es\/countries\/mexico\/labour-migration-and-remittances-mexico\/\">3. migraci\u00f3n laboral y flujos de efectivo<\/a><br \/><a href=\"https:\/\/gradido.net\/es\/countries\/mexico\/corruption-and-crime\/\">4. corrupci\u00f3n y delincuencia<\/a><br \/><a href=\"https:\/\/gradido.net\/es\/countries\/mexico\/cultural-values\/\">5. valores culturales<\/a><br \/><a href=\"https:\/\/gradido.net\/es\/countries\/mexico\/education\/\">6. educaci\u00f3n<\/a><br \/><a href=\"https:\/\/gradido.net\/es\/countries\/mexico\/healthcare\/\">7. asistencia sanitaria<\/a><br \/><a href=\"https:\/\/gradido.net\/es\/countries\/mexico\/volunteering\/\">8. asistencia, voluntariado y ayuda vecinal<\/a><br \/><a href=\"https:\/\/gradido.net\/es\/countries\/mexico\/innovation\/\">9. innovaci\u00f3n, digitalizaci\u00f3n y modelos econ\u00f3micos alternativos<\/a><br \/><a href=\"https:\/\/gradido.net\/es\/countries\/mexico\/cooperatives\/\">10.cooperativas<\/a><br \/><a href=\"https:\/\/gradido.net\/es\/countries\/mexico\/potential-and-obstacles\/\">11. potencialidades y obst\u00e1culos de Gradido<\/a><br \/><a href=\"https:\/\/gradido.net\/es\/countries\/mexico\/international-players\/\">12. jugadores internacionales<\/a><br \/><a href=\"https:\/\/gradido.net\/es\/countries\/mexico\/agriculture\/\">13. agricultura<\/a><\/p>\t\t\t\t\t\t\t\t<\/div>\n\t\t\t\t<\/div>\n\t\t\t\t<div class=\"elementor-element elementor-element-d7bb196 elementor-widget-divider--view-line elementor-widget elementor-widget-divider\" data-id=\"d7bb196\" data-element_type=\"widget\" data-e-type=\"widget\" data-widget_type=\"divider.default\">\n\t\t\t\t<div class=\"elementor-widget-container\">\n\t\t\t\t\t\t\t<div class=\"elementor-divider\">\n\t\t\t<span class=\"elementor-divider-separator\">\n\t\t\t\t\t\t<\/span>\n\t\t<\/div>\n\t\t\t\t\t\t<\/div>\n\t\t\t\t<\/div>\n\t\t\t\t<div class=\"elementor-element elementor-element-146ff9d elementor-widget elementor-widget-text-editor\" data-id=\"146ff9d\" data-element_type=\"widget\" data-e-type=\"widget\" data-widget_type=\"text-editor.default\">\n\t\t\t\t<div class=\"elementor-widget-container\">\n\t\t\t\t\t\t\t\t\t<div class=\"wiki-page-header-wrapper\"><div class=\"wiki-page-header-wrapper\"><div class=\"wiki-page-header-wrapper\"><h1 id=\"mexiko-2025%3A-wirtschaftliche%2C-soziale-und-politische-situation\" tabindex=\"-1\">M\u00e9xico 2025: Situaci\u00f3n econ\u00f3mica, social y pol\u00edtica<\/h1><\/div><div class=\"wiki-page-header-wrapper\"><h2 id=\"%C3%BCberblick\" tabindex=\"-1\">Visi\u00f3n general<\/h2><p>El M\u00e9xico de 2025 se encuentra en una fase dif\u00edcil, caracterizada por el estancamiento econ\u00f3mico, problemas sociales persistentes y cambios pol\u00edticos significativos. Bajo la nueva Presidenta Claudia Sheinbaum, la primera mujer que ocupa este cargo, el pa\u00eds se enfrenta a una serie de retos estructurales.<\/p><\/div><div class=\"wiki-page-header-wrapper\"><h2 id=\"wirtschaftliche-situation\" tabindex=\"-1\">Situaci\u00f3n econ\u00f3mica<\/h2><\/div><div class=\"wiki-page-header-wrapper\"><h3 id=\"wachstumsprognosen-und-rezessionsrisiko\" tabindex=\"-1\">Previsiones de crecimiento y riesgo de recesi\u00f3n<\/h3><p>La econom\u00eda mexicana se enfrenta a considerables dificultades en 2025. <strong>Las previsiones apuntan a una contracci\u00f3n de -0,3% a +0,5% para el a\u00f1o en curso<\/strong><a href=\"https:\/\/www.dallasfed.org\/research\/update\/mex\/2025\/2502\" target=\"_blank\" rel=\"noopener noreferrer nofollow\">^1<\/a><a href=\"https:\/\/www.bbvaresearch.com\/en\/publicaciones\/mexico-economic-outlook-june-2025\/\" target=\"_blank\" rel=\"noopener noreferrer nofollow\">^3<\/a>. Esto representa un deterioro significativo en comparaci\u00f3n con el crecimiento de 1,5% en 2024<a href=\"https:\/\/www.wko.at\/aussenwirtschaft\/mexiko-wirtschaftslage\" target=\"_blank\" rel=\"noopener noreferrer nofollow\">^1<\/a>. No se espera una recuperaci\u00f3n moderada de 1,1% a 1,8% hasta 2026.<a href=\"https:\/\/www.bbvaresearch.com\/en\/publicaciones\/mexico-economic-outlook-june-2025\/\" target=\"_blank\" rel=\"noopener noreferrer nofollow\">^2<\/a><a href=\"https:\/\/www.worldbank.org\/en\/country\/mexico\/overview\" target=\"_blank\" rel=\"noopener noreferrer nofollow\">^4<\/a>.<\/p><\/div><div class=\"wiki-page-header-wrapper\"><h3 id=\"abh%C3%A4ngigkeit-von-den-usa-und-handelsspannungen\" tabindex=\"-1\">Dependencia de EE.UU. y tensiones comerciales<\/h3><p>Sigue existiendo un problema central <strong>La extrema dependencia de M\u00e9xico del mercado estadounidense, al que se destinan 80% de las exportaciones mexicanas<\/strong><a href=\"https:\/\/www.bmz.de\/de\/laender\/mexiko\/wirtschaftliche-situation-10776\" target=\"_blank\" rel=\"noopener noreferrer nofollow\">^1<\/a>. Esta dependencia hace que el pa\u00eds sea particularmente vulnerable a la pol\u00edtica arancelaria de la administraci\u00f3n Trump. La imposici\u00f3n de aranceles 25% a productos mexicanos, aunque luego se suspendieran parcialmente, muestra la vulnerabilidad de la econom\u00eda mexicana<a href=\"https:\/\/www.swp-berlin.org\/publikation\/mexiko-vom-kurzen-nearshoring-boom-zum-security-shoring-der-usa\" target=\"_blank\" rel=\"noopener noreferrer nofollow\">^6<\/a>.<\/p><\/div><div class=\"wiki-page-header-wrapper\"><h3 id=\"positive-aspekte-trotz-herausforderungen\" tabindex=\"-1\">Aspectos positivos a pesar de los retos<\/h3><p>A pesar de la dif\u00edcil situaci\u00f3n, M\u00e9xico 2024 <strong>R\u00e9cord de inversi\u00f3n extranjera directa: 36.800 millones de d\u00f3lares.<\/strong><a href=\"https:\/\/www.ainvest.com\/news\/mexico-economic-resilience-navigating-challenges-seizing-opportunities-2025-2506\/\" target=\"_blank\" rel=\"noopener noreferrer nofollow\">^1<\/a>. El pa\u00eds sigue benefici\u00e1ndose de la tendencia a la deslocalizaci\u00f3n y contin\u00faa siendo el socio comercial m\u00e1s importante de EE.UU.<a href=\"https:\/\/mexiconewsdaily.com\/business\/world-bank-mexico-growth-forecast-up-0-2\/\" target=\"_blank\" rel=\"noopener noreferrer nofollow\">^1<\/a>.<\/p><\/div><div class=\"wiki-page-header-wrapper\"><h2 id=\"soziale-situation\" tabindex=\"-1\">Situaci\u00f3n social<\/h2><\/div><div class=\"wiki-page-header-wrapper\"><h3 id=\"armut-und-ungleichheit\" tabindex=\"-1\">Pobreza y desigualdad<\/h3><p>La situaci\u00f3n social muestra una evoluci\u00f3n desigual. En el lado positivo, entre 2018 y 2024 <strong>9,5 millones de personas han salido de la pobreza<\/strong><a href=\"https:\/\/amerika21.de\/2024\/10\/271670\/95-millionen-weniger-arme-mexiko\" target=\"_blank\" rel=\"noopener noreferrer nofollow\">^10<\/a>. Sin embargo, todav\u00eda hay <strong>36,3% de la poblaci\u00f3n (46,8 millones de personas) en situaci\u00f3n de pobreza multidimensional<\/strong><a href=\"https:\/\/amerika21.de\/2023\/08\/265449\/neun-mio-menschen-mexiko-aus-armut\" target=\"_blank\" rel=\"noopener noreferrer nofollow\">^11<\/a>. Resulta especialmente preocupante que <strong>7% de la poblaci\u00f3n (9,1 millones de personas) viven en la pobreza extrema<\/strong><a href=\"https:\/\/amerika21.de\/2023\/08\/265449\/neun-mio-menschen-mexiko-aus-armut\" target=\"_blank\" rel=\"noopener noreferrer nofollow\">^12<\/a>.<\/p><\/div><div class=\"wiki-page-header-wrapper\"><h3 id=\"ungleichheit-und-strukturelle-probleme\" tabindex=\"-1\">Desigualdad y problemas estructurales<\/h3><p><strong>La distribuci\u00f3n de la renta sigue siendo muy desigual, con un coeficiente de Gini de 0,45.<\/strong><a href=\"https:\/\/de.statista.com\/outlook\/co\/soziooekonomische-indikatoren\/mexiko\" target=\"_blank\" rel=\"noopener noreferrer nofollow\">^13<\/a>. Se ven especialmente afectados <strong>los pueblos ind\u00edgenas, m\u00e1s de dos tercios de los cuales viven en la pobreza<\/strong><a href=\"https:\/\/www.bmz.de\/en\/countries\/mexico\/social-situation-49248\" target=\"_blank\" rel=\"noopener noreferrer nofollow\">^11<\/a>. Las diferencias regionales son considerables: el norte y el centro, ricos, contrastan con el sur, subdesarrollado.<a href=\"https:\/\/www.bmz.de\/de\/laender\/mexiko\/soziale-situation-10774\" target=\"_blank\" rel=\"noopener noreferrer nofollow\">^11<\/a>.<\/p><\/div><div class=\"wiki-page-header-wrapper\"><h3 id=\"gewalt-und-menschenrechtskrise\" tabindex=\"-1\">Violencia y crisis de los derechos humanos<\/h3><p>M\u00e9xico est\u00e1 experimentando un <strong>Violencia y crisis de derechos humanos con m\u00e1s de 115.000 desaparecidos<\/strong><a href=\"https:\/\/www.faz.net\/aktuell\/politik\/ausland\/zahl-der-verschwundenen-in-mexiko-ueberschreitet-100-000-18036525.html\" target=\"_blank\" rel=\"noopener noreferrer nofollow\">^15<\/a>. En <strong>La tasa de asesinatos es de 24,9 por cada 100.000 habitantes<\/strong><a href=\"https:\/\/de.statista.com\/statistik\/daten\/studie\/693573\/umfrage\/mordrate-in-mexiko\/\" target=\"_blank\" rel=\"noopener noreferrer nofollow\">^17<\/a>y 2024 fueron <strong>829 feminicidios registrados - un aumento de 93,7% en comparaci\u00f3n con 2015.<\/strong><a href=\"https:\/\/www.visionofhumanity.org\/organised-crime-and-institutional-deterioration-mexicos-challenges-in-2025\/\" target=\"_blank\" rel=\"noopener noreferrer nofollow\">^18<\/a>. <strong>Entre 70 y 100 personas son asesinadas o secuestradas cada d\u00eda<\/strong><a href=\"https:\/\/www.bpb.de\/themen\/kriege-konflikte\/dossier-kriege-konflikte\/54652\/mexiko\/\" target=\"_blank\" rel=\"noopener noreferrer nofollow\">^19<\/a>.<\/p><\/div><div class=\"wiki-page-header-wrapper\"><h2 id=\"politische-situation\" tabindex=\"-1\">Situaci\u00f3n pol\u00edtica<\/h2><\/div><div class=\"wiki-page-header-wrapper\"><h3 id=\"pr%C3%A4sidentin-sheinbaum-und-machtkonzentration\" tabindex=\"-1\">La Presidenta Sheinbaum y la concentraci\u00f3n de poder<\/h3><p><strong>Claudia Sheinbaum gobierna con una aplastante mayor\u00eda de dos tercios en el Congreso desde octubre de 2024<\/strong><a href=\"https:\/\/www.boell.de\/de\/2025\/01\/21\/100-tage-im-amt-die-erste-praesidentin-mexikos-hat-mehrheiten-fuer-reformen\" target=\"_blank\" rel=\"noopener noreferrer nofollow\">^20<\/a>que permite las enmiendas constitucionales. En <strong>goza de altos \u00edndices de aprobaci\u00f3n, en torno a 80%<\/strong><a href=\"https:\/\/www.handelsblatt.com\/politik\/international\/claudia-sheinbaum-wie-mexikos-praesidentin-ihr-land-vor-den-zoellen-schuetzt\/100112074.html\" target=\"_blank\" rel=\"noopener noreferrer nofollow\">^21<\/a> y contin\u00faa en gran medida la pol\u00edtica de su predecesor L\u00f3pez Obrador<a href=\"https:\/\/www.boell.de\/de\/2025\/01\/28\/fuer-mexikos-oekologische-zukunft-praesidentin-sheinbaum-setzt-auf-erneuerbare-energien\" target=\"_blank\" rel=\"noopener noreferrer nofollow\">^20<\/a>.<\/p><\/div><div class=\"wiki-page-header-wrapper\"><h3 id=\"justizreform-und-institutionelle-ver%C3%A4nderungen\" tabindex=\"-1\">Reforma judicial y cambios institucionales<\/h3><p>Una de las medidas m\u00e1s controvertidas es la <strong>Una reforma judicial integral que prevea que todos los jueces sean elegidos directamente por el pueblo.<\/strong><a href=\"https:\/\/www.as-coa.org\/articles\/six-facts-understand-mexicos-2025-judicial-elections\" target=\"_blank\" rel=\"noopener noreferrer nofollow\">^15<\/a><a href=\"https:\/\/www.tagesschau.de\/ausland\/amerika\/mexiko-justiz-reform-100.html\" target=\"_blank\" rel=\"noopener noreferrer nofollow\">^25<\/a>. Esta reforma es vista por los cr\u00edticos como una amenaza a la independencia judicial y a la separaci\u00f3n de poderes<a href=\"https:\/\/www.as-coa.org\/articles\/six-facts-understand-mexicos-2025-judicial-elections\" target=\"_blank\" rel=\"noopener noreferrer nofollow\">^26<\/a>. <strong>Adem\u00e1s, se han suprimido o debilitado los organismos aut\u00f3nomos de supervisi\u00f3n<\/strong><a href=\"https:\/\/www.boell.de\/de\/2025\/01\/21\/100-tage-im-amt-die-erste-praesidentin-mexikos-hat-mehrheiten-fuer-reformen\" target=\"_blank\" rel=\"noopener noreferrer nofollow\">^27<\/a>.<\/p><\/div><div class=\"wiki-page-header-wrapper\"><h3 id=\"korruption-und-transparenz\" tabindex=\"-1\">Corrupci\u00f3n y transparencia<\/h3><p>M\u00e9xico tiene <strong>obtuvo la peor puntuaci\u00f3n de su historia en el \u00cdndice de Percepci\u00f3n de la Corrupci\u00f3n 2024: puesto 140 de 180 pa\u00edses con s\u00f3lo 26 puntos sobre 100<\/strong><a href=\"https:\/\/de.statista.com\/statistik\/daten\/studie\/593525\/umfrage\/wahrgenommene-korruption-in-mexiko\/\" target=\"_blank\" rel=\"noopener noreferrer nofollow\">^28<\/a>. Esto convierte a M\u00e9xico en el pa\u00eds m\u00e1s corrupto de la OCDE<a href=\"https:\/\/insightplus.bakermckenzie.com\/bm\/investigations-compliance-ethics\/mexico-corruption-perceptions-index-2024\" target=\"_blank\" rel=\"noopener noreferrer nofollow\">^28<\/a>. Estados Unidos presiona a M\u00e9xico, <strong>Perseguir a los pol\u00edticos vinculados a los c\u00e1rteles de la droga<\/strong><a href=\"https:\/\/www.reuters.com\/world\/us\/us-pushes-mexico-prosecute-politicians-with-ties-drug-cartels-2025-06-11\/\" target=\"_blank\" rel=\"noopener noreferrer nofollow\">^30<\/a>.<\/p><\/div><div class=\"wiki-page-header-wrapper\"><h2 id=\"die-dr%C3%A4ngendsten-herausforderungen\" tabindex=\"-1\">Los retos m\u00e1s acuciantes<\/h2><\/div><div class=\"wiki-page-header-wrapper\"><h3 id=\"kritische-priorit%C3%A4ten\" tabindex=\"-1\">Prioridades cr\u00edticas<\/h3><ol><li><strong>Violencia y delincuencia organizada<\/strong>El pa\u00eds lucha contra los c\u00e1rteles de la droga, que controlan grandes zonas y matan a decenas de personas cada d\u00eda.<a href=\"https:\/\/www.bpb.de\/themen\/kriege-konflikte\/dossier-kriege-konflikte\/54652\/mexiko\/\" target=\"_blank\" rel=\"noopener noreferrer nofollow\">^18<\/a><a href=\"https:\/\/www.tagesschau.de\/ausland\/amerika\/mexiko-drogen-gangs-jugendliche-100.html\" target=\"_blank\" rel=\"noopener noreferrer nofollow\">^31<\/a>.<\/li><li><strong>Corrupci\u00f3n y Estado de Derecho<\/strong>Como pa\u00eds m\u00e1s corrupto de la OCDE y con instituciones debilitadas, la credibilidad del Estado est\u00e1 en juego<a href=\"https:\/\/integralia.com.mx\/web\/wp-content\/uploads\/2025\/01\/January-8-2025_Ten-Political-Risks-for-2025.pdf\" target=\"_blank\" rel=\"noopener noreferrer nofollow\">^28<\/a>.<\/li><li><strong>Pobreza y desigualdad<\/strong>: A pesar de los avances, m\u00e1s de 46 millones de personas siguen viviendo en la pobreza<a href=\"https:\/\/amerika21.de\/2024\/10\/271670\/95-millionen-weniger-arme-mexiko\" target=\"_blank\" rel=\"noopener noreferrer nofollow\">^12<\/a>.<\/li><li><strong>Personas desaparecidas<\/strong>: M\u00e1s de 115.000 desaparecidos representan una crisis humanitaria<a href=\"https:\/\/amerika21.de\/2025\/05\/275091\/mexiko-humanitaere-krise\" target=\"_blank\" rel=\"noopener noreferrer nofollow\">^32<\/a>.<\/li><\/ol><\/div><div class=\"wiki-page-header-wrapper\"><h3 id=\"hohe-priorit%C3%A4ten\" tabindex=\"-1\">Grandes prioridades<\/h3><ol start=\"5\"><li><strong>Estancamiento econ\u00f3mico<\/strong>: La inminente recesi\u00f3n amenaza el empleo y la prosperidad<a href=\"https:\/\/www.dallasfed.org\/research\/update\/mex\/2025\/2502\" target=\"_blank\" rel=\"noopener noreferrer nofollow\">^1<\/a><a href=\"https:\/\/www.bbvaresearch.com\/en\/publicaciones\/mexico-economic-outlook-june-2025\/\" target=\"_blank\" rel=\"noopener noreferrer nofollow\">^3<\/a>.<\/li><li><strong>Dependencia de EE.UU.<\/strong>La extrema dependencia comercial hace al pa\u00eds vulnerable a las medidas proteccionistas<a href=\"https:\/\/mexiconewsdaily.com\/business\/world-bank-mexico-growth-forecast-up-0-2\/\" target=\"_blank\" rel=\"noopener noreferrer nofollow\">^1<\/a><a href=\"https:\/\/www.aberdeeninvestments.com\/en-nl\/institutional\/insights-and-research\/mexico-will-face-challenges-during-trump-s-second-term\" target=\"_blank\" rel=\"noopener noreferrer nofollow\">^34<\/a>.<\/li><li><strong>Tensiones comerciales<\/strong>: Las relaciones con la administraci\u00f3n Trump siguen tensas, pese a los \u00e9xitos diplom\u00e1ticos<a href=\"https:\/\/www.handelsblatt.com\/politik\/international\/claudia-sheinbaum-wie-mexikos-praesidentin-ihr-land-vor-den-zoellen-schuetzt\/100112074.html\" target=\"_blank\" rel=\"noopener noreferrer nofollow\">^35<\/a><a href=\"https:\/\/www.aberdeeninvestments.com\/en-nl\/institutional\/insights-and-research\/mexico-will-face-challenges-during-trump-s-second-term\" target=\"_blank\" rel=\"noopener noreferrer nofollow\">^34<\/a>.<\/li><\/ol><\/div><div class=\"wiki-page-header-wrapper\"><h2 id=\"fazit\" tabindex=\"-1\">Conclusi\u00f3n<\/h2><p>M\u00e9xico se enfrenta a un complejo conjunto de retos en 2025, que incluyen tanto problemas estructurales como agudos. Si bien la Presidenta Sheinbaum cuenta con s\u00f3lidas mayor\u00edas pol\u00edticas que podr\u00edan permitir reformas, los problemas centrales del pa\u00eds -violencia, corrupci\u00f3n, pobreza y vulnerabilidad econ\u00f3mica- persisten. Superar con \u00e9xito estos retos ser\u00e1 crucial para el futuro de M\u00e9xico como Estado democr\u00e1tico de derecho y socio econ\u00f3mico de la regi\u00f3n.<\/p><hr \/><\/div><div class=\"wiki-page-header-wrapper\"><h1 id=\"erg%C3%A4nzende-einsch%C3%A4tzung-aus-gradido-perspektive\" tabindex=\"-1\">Evaluaci\u00f3n suplementaria desde la perspectiva de Gradido<\/h1><p>Est\u00e1 claro en qu\u00e9 muchos niveles M\u00e9xico se encuentra profundamente desafiado. He aqu\u00ed una perspectiva gradido que mira el poder transformador de la vida con amor, esperanza y confianza:<\/p><hr \/><\/div><div class=\"wiki-page-header-wrapper\"><h3 id=\"gradido-kommentar-zur-aktuellen-lage-in-mexiko-%E2%80%93-2025\" tabindex=\"-1\">Comentario de Gradido sobre la situaci\u00f3n actual en M\u00e9xico - 2025<\/h3><p><strong>Los retos como invitaci\u00f3n al redise\u00f1o<\/strong><\/p><p>Los enormes problemas estructurales - violencia, pobreza, corrupci\u00f3n, desigualdad creciente y dependencia econ\u00f3mica extrema - son dram\u00e1ticos. Causan sufrimiento y divisi\u00f3n social. Sin embargo, crisis tan complejas son tambi\u00e9n una invitaci\u00f3n a emprender juntos caminos completamente nuevos: hacia un sistema econ\u00f3mico y social orientado al bien com\u00fan y que promueva la vida.<\/p><p><strong>\u00bfY si ya nadie tuviera que ser pobre?<\/strong><\/p><p>Con la introducci\u00f3n de la Econom\u00eda Natural de la Vida seg\u00fan el modelo Gradido, los temores existenciales b\u00e1sicos de las personas -hambre, pobreza, emigraci\u00f3n sin perspectivas- podr\u00edan resolverse pac\u00edficamente. Cada persona recibir\u00eda una contribuci\u00f3n incondicional a la vida d\u00eda tras d\u00eda:<\/p><ul><li>por s\u00ed mismos (participaci\u00f3n activa),<\/li><li>la comunidad,<\/li><li>y por la sanaci\u00f3n del medio ambiente y la naturaleza.<\/li><\/ul><p><strong>Sanar la divisi\u00f3n y la violencia<\/strong><\/p><p>Muchas de las causas del crimen organizado y la violencia cotidiana en M\u00e9xico tienen su origen en la pobreza, la falta de oportunidades y la desigualdad social. Gradido no s\u00f3lo ofrecer\u00eda a todas las personas un medio de vida estable, sino tambi\u00e9n oportunidades reales de desarrollo y de vida para los grupos desfavorecidos (por ejemplo, los pueblos ind\u00edgenas, las regiones rurales pobres). Tambi\u00e9n ofrecer\u00eda a los j\u00f3venes perspectivas por las que merezca la pena vivir, sin tener que huir, enfrentarse a la delincuencia de las bandas o a la explotaci\u00f3n.<\/p><p><strong>Corrupci\u00f3n y nueva cultura de la confianza<\/strong><\/p><p>Un sistema de gradido transparente, descentralizado y orientado al bien com\u00fan eliminar\u00eda muchos de los actuales incentivos para la corrupci\u00f3n: Los recursos ya no se distribuir\u00edan para unas pocas \u00e9lites, sino en beneficio de todos y de forma comprensible. Con la \"econom\u00eda natural de la vida\", la manipulaci\u00f3n y el enriquecimiento ilegal ser\u00edan mucho m\u00e1s dif\u00edciles, y habr\u00eda muchos menos incentivos para ellos, ya que todo el mundo estar\u00eda bien.<\/p><p><strong>Resistencia econ\u00f3mica e independencia<\/strong><\/p><p>Gracias al poder creativo local del Gradido, los ciclos econ\u00f3micos regionales pueden fortalecerse independientemente de la inestabilidad de los mercados de exportaci\u00f3n o de la pol\u00edtica exterior. El pa\u00eds podr\u00eda volver a confiar m\u00e1s en sus propios recursos culturales, naturales y sociales. Las oportunidades de deslocalizaci\u00f3n beneficiar\u00edan a todos, no s\u00f3lo a las empresas mundiales.<\/p><p><strong>El bien com\u00fan como nuevo principio rector<\/strong><\/p><p>Gradido cambiar\u00eda el enfoque del mero crecimiento y los mercados a una aut\u00e9ntica calidad de vida, paz, participaci\u00f3n y atenci\u00f3n. La brecha entre ricos y pobres empieza a cerrarse cuando todos tienen acceso a la seguridad, la educaci\u00f3n y la sanidad b\u00e1sicas, y la diversidad cultural \u00fanica de M\u00e9xico se valora como una riqueza para todos.<\/p><hr \/><p><strong>Punto luminoso y visi\u00f3n<\/strong><\/p><p>Especialmente en tiempos oscuros, necesitamos el valor de pensar y vivir juntos nuevas formas. M\u00e9xico podr\u00eda -si la sociedad lo quiere- convertirse en pionero de la transformaci\u00f3n pac\u00edfica, solidaria y sostenible. Los retos son enormes - pero albergan el mayor potencial para confiar en la vida y en el amor y sacar a la luz lo que es posible en la familia humana.<\/p><\/div><\/div><\/div>\t\t\t\t\t\t\t\t<\/div>\n\t\t\t\t<\/div>\n\t\t\t\t\t<\/div>\n\t\t<\/div>\n\t\t\t\t\t<\/div>\n\t\t<\/section>\n\t\t\t\t<\/div>","protected":false},"excerpt":{"rendered":"<p>Wirtschaftliche, soziale und politische Situation in Mexiko Hauptseite: Mexiko 1. Wirtschaftliche, soziale und politische Situation2. Verteilung von Reichtum und Armut3. Arbeitsmigration und Geldr\u00fcckfl\u00fcsse4. Korruption und Kriminalit\u00e4t5. Kulturelle Werte6. Bildung7. Gesundheitsversorgung8. Care-Arbeit, Freiwilligenarbeit und Nachbarschaftshilfe9. Innovation, Digitalisierung und alternative Wirtschaftsmodelle10.Genossenschaften11. Potenziale und H\u00fcrden f\u00fcr Gradido12. Internationale Akteure13. Landwirtschaft Mexiko 2025: Wirtschaftliche, soziale und politische Situation \u00dcberblick [&hellip;]<\/p>\n","protected":false},"author":2,"featured_media":10458,"parent":10731,"menu_order":0,"comment_status":"closed","ping_status":"closed","template":"","meta":{"footnotes":""},"class_list":["post-10822","page","type-page","status-publish","has-post-thumbnail","hentry"],"yoast_head":"<!-- This site is optimized with the Yoast SEO plugin v27.5 - https:\/\/yoast.com\/product\/yoast-seo-wordpress\/ -->\n<title>Wirtschaftliche, soziale und politische Situation, Mexiko - Gradido<\/title>\n<meta name=\"description\" content=\"Sei Teil der Bewegung!Gemeinsam bringen wir Gradido in die Welt.\" \/>\n<meta name=\"robots\" content=\"index, follow, max-snippet:-1, max-image-preview:large, max-video-preview:-1\" \/>\n<link rel=\"canonical\" href=\"https:\/\/gradido.net\/es\/countries\/mexico\/economic-social-and-political-situation\/\" \/>\n<meta property=\"og:locale\" content=\"es_ES\" \/>\n<meta property=\"og:type\" content=\"article\" \/>\n<meta property=\"og:title\" content=\"Wirtschaftliche, soziale und politische Situation, Mexiko - Gradido\" \/>\n<meta property=\"og:description\" content=\"Sei Teil der Bewegung!Gemeinsam bringen wir Gradido in die Welt.\" \/>\n<meta property=\"og:url\" content=\"https:\/\/gradido.net\/es\/countries\/mexico\/economic-social-and-political-situation\/\" \/>\n<meta property=\"og:site_name\" content=\"Gradido\" \/>\n<meta property=\"article:modified_time\" content=\"2025-10-04T07:51:59+00:00\" \/>\n<meta property=\"og:image\" content=\"https:\/\/gradido.net\/wp-content\/uploads\/2025\/07\/AdobeStock_3210827871-scaled.jpeg\" \/>\n\t<meta property=\"og:image:width\" content=\"2560\" \/>\n\t<meta property=\"og:image:height\" content=\"790\" \/>\n\t<meta property=\"og:image:type\" content=\"image\/jpeg\" \/>\n<meta name=\"twitter:card\" content=\"summary_large_image\" \/>\n<meta name=\"twitter:label1\" content=\"Tiempo de lectura\" \/>\n\t<meta name=\"twitter:data1\" content=\"7 minutos\" \/>\n<script type=\"application\/ld+json\" class=\"yoast-schema-graph\">{\"@context\":\"https:\\\/\\\/schema.org\",\"@graph\":[{\"@type\":\"WebPage\",\"@id\":\"https:\\\/\\\/gradido.net\\\/countries\\\/mexico\\\/economic-social-and-political-situation\\\/\",\"url\":\"https:\\\/\\\/gradido.net\\\/countries\\\/mexico\\\/economic-social-and-political-situation\\\/\",\"name\":\"Wirtschaftliche, soziale und politische Situation, Mexiko - Gradido\",\"isPartOf\":{\"@id\":\"https:\\\/\\\/gradido.net\\\/de\\\/#website\"},\"primaryImageOfPage\":{\"@id\":\"https:\\\/\\\/gradido.net\\\/countries\\\/mexico\\\/economic-social-and-political-situation\\\/#primaryimage\"},\"image\":{\"@id\":\"https:\\\/\\\/gradido.net\\\/countries\\\/mexico\\\/economic-social-and-political-situation\\\/#primaryimage\"},\"thumbnailUrl\":\"https:\\\/\\\/gradido.net\\\/wp-content\\\/uploads\\\/2025\\\/07\\\/AdobeStock_3210827871-scaled.jpeg\",\"datePublished\":\"2025-07-30T06:44:10+00:00\",\"dateModified\":\"2025-10-04T07:51:59+00:00\",\"description\":\"Sei Teil der Bewegung!Gemeinsam bringen wir Gradido in die Welt.\",\"breadcrumb\":{\"@id\":\"https:\\\/\\\/gradido.net\\\/countries\\\/mexico\\\/economic-social-and-political-situation\\\/#breadcrumb\"},\"inLanguage\":\"es\",\"potentialAction\":[{\"@type\":\"ReadAction\",\"target\":[\"https:\\\/\\\/gradido.net\\\/countries\\\/mexico\\\/economic-social-and-political-situation\\\/\"]}]},{\"@type\":\"ImageObject\",\"inLanguage\":\"es\",\"@id\":\"https:\\\/\\\/gradido.net\\\/countries\\\/mexico\\\/economic-social-and-political-situation\\\/#primaryimage\",\"url\":\"https:\\\/\\\/gradido.net\\\/wp-content\\\/uploads\\\/2025\\\/07\\\/AdobeStock_3210827871-scaled.jpeg\",\"contentUrl\":\"https:\\\/\\\/gradido.net\\\/wp-content\\\/uploads\\\/2025\\\/07\\\/AdobeStock_3210827871-scaled.jpeg\",\"width\":2560,\"height\":790,\"caption\":\"world globe planet earth 3d-illustration. elements of this image furnished by NASA\"},{\"@type\":\"BreadcrumbList\",\"@id\":\"https:\\\/\\\/gradido.net\\\/countries\\\/mexico\\\/economic-social-and-political-situation\\\/#breadcrumb\",\"itemListElement\":[{\"@type\":\"ListItem\",\"position\":1,\"name\":\"Startseite\",\"item\":\"https:\\\/\\\/gradido.net\\\/\"},{\"@type\":\"ListItem\",\"position\":2,\"name\":\"L\u00e4nderforschung\",\"item\":\"https:\\\/\\\/gradido.net\\\/countries\\\/\"},{\"@type\":\"ListItem\",\"position\":3,\"name\":\"Mexiko\",\"item\":\"https:\\\/\\\/gradido.net\\\/countries\\\/mexico\\\/\"},{\"@type\":\"ListItem\",\"position\":4,\"name\":\"Wirtschaftliche, soziale und politische Situation, Mexiko\"}]},{\"@type\":\"WebSite\",\"@id\":\"https:\\\/\\\/gradido.net\\\/de\\\/#website\",\"url\":\"https:\\\/\\\/gradido.net\\\/de\\\/\",\"name\":\"Gradido\",\"description\":\"Die neue W\u00e4hrung hei\u00dft Dankbarkeit\",\"publisher\":{\"@id\":\"https:\\\/\\\/gradido.net\\\/de\\\/#organization\"},\"potentialAction\":[{\"@type\":\"SearchAction\",\"target\":{\"@type\":\"EntryPoint\",\"urlTemplate\":\"https:\\\/\\\/gradido.net\\\/de\\\/?s={search_term_string}\"},\"query-input\":{\"@type\":\"PropertyValueSpecification\",\"valueRequired\":true,\"valueName\":\"search_term_string\"}}],\"inLanguage\":\"es\"},{\"@type\":\"Organization\",\"@id\":\"https:\\\/\\\/gradido.net\\\/de\\\/#organization\",\"name\":\"Gradido\",\"url\":\"https:\\\/\\\/gradido.net\\\/de\\\/\",\"logo\":{\"@type\":\"ImageObject\",\"inLanguage\":\"es\",\"@id\":\"https:\\\/\\\/gradido.net\\\/de\\\/#\\\/schema\\\/logo\\\/image\\\/\",\"url\":\"https:\\\/\\\/gradido.net\\\/wp-content\\\/uploads\\\/2022\\\/04\\\/gradido-social.jpg\",\"contentUrl\":\"https:\\\/\\\/gradido.net\\\/wp-content\\\/uploads\\\/2022\\\/04\\\/gradido-social.jpg\",\"width\":527,\"height\":273,\"caption\":\"Gradido\"},\"image\":{\"@id\":\"https:\\\/\\\/gradido.net\\\/de\\\/#\\\/schema\\\/logo\\\/image\\\/\"}}]}<\/script>\n<!-- \/ Yoast SEO plugin. -->","yoast_head_json":{"title":"Situaci\u00f3n econ\u00f3mica, social y pol\u00edtica, M\u00e9xico - Gradido","description":"Forma parte del movimiento: juntos traeremos Gradido al mundo.","robots":{"index":"index","follow":"follow","max-snippet":"max-snippet:-1","max-image-preview":"max-image-preview:large","max-video-preview":"max-video-preview:-1"},"canonical":"https:\/\/gradido.net\/es\/countries\/mexico\/economic-social-and-political-situation\/","og_locale":"es_ES","og_type":"article","og_title":"Wirtschaftliche, soziale und politische Situation, Mexiko - Gradido","og_description":"Sei Teil der Bewegung!Gemeinsam bringen wir Gradido in die Welt.","og_url":"https:\/\/gradido.net\/es\/countries\/mexico\/economic-social-and-political-situation\/","og_site_name":"Gradido","article_modified_time":"2025-10-04T07:51:59+00:00","og_image":[{"width":2560,"height":790,"url":"https:\/\/gradido.net\/wp-content\/uploads\/2025\/07\/AdobeStock_3210827871-scaled.jpeg","type":"image\/jpeg"}],"twitter_card":"summary_large_image","twitter_misc":{"Tiempo de lectura":"7 minutos"},"schema":{"@context":"https:\/\/schema.org","@graph":[{"@type":"WebPage","@id":"https:\/\/gradido.net\/countries\/mexico\/economic-social-and-political-situation\/","url":"https:\/\/gradido.net\/countries\/mexico\/economic-social-and-political-situation\/","name":"Situaci\u00f3n econ\u00f3mica, social y pol\u00edtica, M\u00e9xico - Gradido","isPartOf":{"@id":"https:\/\/gradido.net\/de\/#website"},"primaryImageOfPage":{"@id":"https:\/\/gradido.net\/countries\/mexico\/economic-social-and-political-situation\/#primaryimage"},"image":{"@id":"https:\/\/gradido.net\/countries\/mexico\/economic-social-and-political-situation\/#primaryimage"},"thumbnailUrl":"https:\/\/gradido.net\/wp-content\/uploads\/2025\/07\/AdobeStock_3210827871-scaled.jpeg","datePublished":"2025-07-30T06:44:10+00:00","dateModified":"2025-10-04T07:51:59+00:00","description":"Forma parte del movimiento: juntos traeremos Gradido al mundo.","breadcrumb":{"@id":"https:\/\/gradido.net\/countries\/mexico\/economic-social-and-political-situation\/#breadcrumb"},"inLanguage":"es","potentialAction":[{"@type":"ReadAction","target":["https:\/\/gradido.net\/countries\/mexico\/economic-social-and-political-situation\/"]}]},{"@type":"ImageObject","inLanguage":"es","@id":"https:\/\/gradido.net\/countries\/mexico\/economic-social-and-political-situation\/#primaryimage","url":"https:\/\/gradido.net\/wp-content\/uploads\/2025\/07\/AdobeStock_3210827871-scaled.jpeg","contentUrl":"https:\/\/gradido.net\/wp-content\/uploads\/2025\/07\/AdobeStock_3210827871-scaled.jpeg","width":2560,"height":790,"caption":"world globe planet earth 3d-illustration. elements of this image furnished by NASA"},{"@type":"BreadcrumbList","@id":"https:\/\/gradido.net\/countries\/mexico\/economic-social-and-political-situation\/#breadcrumb","itemListElement":[{"@type":"ListItem","position":1,"name":"Startseite","item":"https:\/\/gradido.net\/"},{"@type":"ListItem","position":2,"name":"L\u00e4nderforschung","item":"https:\/\/gradido.net\/countries\/"},{"@type":"ListItem","position":3,"name":"Mexiko","item":"https:\/\/gradido.net\/countries\/mexico\/"},{"@type":"ListItem","position":4,"name":"Wirtschaftliche, soziale und politische Situation, Mexiko"}]},{"@type":"WebSite","@id":"https:\/\/gradido.net\/de\/#website","url":"https:\/\/gradido.net\/de\/","name":"Gradido","description":"La nueva moneda es la gratitud","publisher":{"@id":"https:\/\/gradido.net\/de\/#organization"},"potentialAction":[{"@type":"SearchAction","target":{"@type":"EntryPoint","urlTemplate":"https:\/\/gradido.net\/de\/?s={search_term_string}"},"query-input":{"@type":"PropertyValueSpecification","valueRequired":true,"valueName":"search_term_string"}}],"inLanguage":"es"},{"@type":"Organization","@id":"https:\/\/gradido.net\/de\/#organization","name":"Gradido","url":"https:\/\/gradido.net\/de\/","logo":{"@type":"ImageObject","inLanguage":"es","@id":"https:\/\/gradido.net\/de\/#\/schema\/logo\/image\/","url":"https:\/\/gradido.net\/wp-content\/uploads\/2022\/04\/gradido-social.jpg","contentUrl":"https:\/\/gradido.net\/wp-content\/uploads\/2022\/04\/gradido-social.jpg","width":527,"height":273,"caption":"Gradido"},"image":{"@id":"https:\/\/gradido.net\/de\/#\/schema\/logo\/image\/"}}]}},"_links":{"self":[{"href":"https:\/\/gradido.net\/es\/wp-json\/wp\/v2\/pages\/10822","targetHints":{"allow":["GET"]}}],"collection":[{"href":"https:\/\/gradido.net\/es\/wp-json\/wp\/v2\/pages"}],"about":[{"href":"https:\/\/gradido.net\/es\/wp-json\/wp\/v2\/types\/page"}],"author":[{"embeddable":true,"href":"https:\/\/gradido.net\/es\/wp-json\/wp\/v2\/users\/2"}],"replies":[{"embeddable":true,"href":"https:\/\/gradido.net\/es\/wp-json\/wp\/v2\/comments?post=10822"}],"version-history":[{"count":16,"href":"https:\/\/gradido.net\/es\/wp-json\/wp\/v2\/pages\/10822\/revisions"}],"predecessor-version":[{"id":11905,"href":"https:\/\/gradido.net\/es\/wp-json\/wp\/v2\/pages\/10822\/revisions\/11905"}],"up":[{"embeddable":true,"href":"https:\/\/gradido.net\/es\/wp-json\/wp\/v2\/pages\/10731"}],"wp:featuredmedia":[{"embeddable":true,"href":"https:\/\/gradido.net\/es\/wp-json\/wp\/v2\/media\/10458"}],"wp:attachment":[{"href":"https:\/\/gradido.net\/es\/wp-json\/wp\/v2\/media?parent=10822"}],"curies":[{"name":"wp","href":"https:\/\/api.w.org\/{rel}","templated":true}]}}