{"id":11335,"date":"2025-08-15T13:52:57","date_gmt":"2025-08-15T11:52:57","guid":{"rendered":"https:\/\/gradido.net\/?page_id=11335"},"modified":"2025-11-09T19:33:20","modified_gmt":"2025-11-09T18:33:20","slug":"pilot-projects-in-german-cities","status":"publish","type":"page","link":"https:\/\/gradido.net\/es\/countries\/germany\/pilot-projects-in-german-cities\/","title":{"rendered":"Alemania: Proyectos piloto en ciudades alemanas"},"content":{"rendered":"<div data-elementor-type=\"wp-page\" data-elementor-id=\"11335\" class=\"elementor elementor-11335\" data-elementor-post-type=\"page\">\n\t\t\t\t\t\t<section class=\"elementor-section elementor-top-section elementor-element elementor-element-4ce3e8af elementor-section-full_width elementor-section-height-default elementor-section-height-default\" data-id=\"4ce3e8af\" data-element_type=\"section\" data-e-type=\"section\">\n\t\t\t\t\t\t<div class=\"elementor-container elementor-column-gap-no\">\n\t\t\t\t\t<div class=\"elementor-column elementor-col-100 elementor-top-column elementor-element elementor-element-efa8c8c\" data-id=\"efa8c8c\" data-element_type=\"column\" data-e-type=\"column\">\n\t\t\t<div class=\"elementor-widget-wrap elementor-element-populated\">\n\t\t\t\t\t\t<div class=\"elementor-element elementor-element-e088aa4 elementor--h-position-center elementor--v-position-middle elementor-arrows-position-inside elementor-widget elementor-widget-slides\" data-id=\"e088aa4\" data-element_type=\"widget\" data-e-type=\"widget\" data-settings=\"{&quot;navigation&quot;:&quot;arrows&quot;,&quot;autoplay&quot;:&quot;yes&quot;,&quot;pause_on_hover&quot;:&quot;yes&quot;,&quot;pause_on_interaction&quot;:&quot;yes&quot;,&quot;autoplay_speed&quot;:5000,&quot;infinite&quot;:&quot;yes&quot;,&quot;transition&quot;:&quot;slide&quot;,&quot;transition_speed&quot;:500}\" data-widget_type=\"slides.default\">\n\t\t\t\t<div class=\"elementor-widget-container\">\n\t\t\t\t\t\t\t\t\t<div class=\"elementor-swiper\">\n\t\t\t\t\t<div class=\"elementor-slides-wrapper elementor-main-swiper swiper\" role=\"region\" aria-roledescription=\"carousel\" aria-label=\"Deslizador\" dir=\"ltr\" data-animation=\"fadeInUp\">\n\t\t\t\t<div class=\"swiper-wrapper elementor-slides\">\n\t\t\t\t\t\t\t\t\t\t<div class=\"elementor-repeater-item-2de4990 swiper-slide\" role=\"group\" aria-roledescription=\"slide\"><div class=\"swiper-slide-bg\" role=\"img\" aria-label=\"neuschwanstein-2602208_1280\"><\/div><div class=\"swiper-slide-inner\" ><div class=\"swiper-slide-contents\"><\/div><\/div><\/div><div class=\"elementor-repeater-item-28f126e swiper-slide\" role=\"group\" aria-roledescription=\"slide\"><div class=\"swiper-slide-bg\" role=\"img\" aria-label=\"building-6994803_1280\"><\/div><div class=\"swiper-slide-inner\" ><div class=\"swiper-slide-contents\"><\/div><\/div><\/div><div class=\"elementor-repeater-item-992da35 swiper-slide\" role=\"group\" aria-roledescription=\"slide\"><div class=\"swiper-slide-bg\" role=\"img\" aria-label=\"flujo-9587488_1280\"><\/div><div class=\"swiper-slide-inner\" ><div class=\"swiper-slide-contents\"><\/div><\/div><\/div><div class=\"elementor-repeater-item-1a67a9d swiper-slide\" role=\"group\" aria-roledescription=\"slide\"><div class=\"swiper-slide-bg\" role=\"img\" aria-label=\"hamburgo-4570577_1280\"><\/div><div class=\"swiper-slide-inner\" ><div class=\"swiper-slide-contents\"><\/div><\/div><\/div><div class=\"elementor-repeater-item-2799f50 swiper-slide\" role=\"group\" aria-roledescription=\"slide\"><div class=\"swiper-slide-bg\" role=\"img\" aria-label=\"berlin-8429780_1280\"><\/div><div class=\"swiper-slide-inner\" ><div class=\"swiper-slide-contents\"><\/div><\/div><\/div><div class=\"elementor-repeater-item-22adf08 swiper-slide\" role=\"group\" aria-roledescription=\"slide\"><div class=\"swiper-slide-bg\" role=\"img\" aria-label=\"cologne-cathedral-1846338_1280\"><\/div><div class=\"swiper-slide-inner\" ><div class=\"swiper-slide-contents\"><\/div><\/div><\/div>\t\t\t\t<\/div>\n\t\t\t\t\t\t\t\t\t\t\t\t\t\t\t<div class=\"elementor-swiper-button elementor-swiper-button-prev\" role=\"button\" tabindex=\"0\" aria-label=\"Predch\u00e1dzaj\u00faci sn\u00edmok\" data-no-translation-aria-label=\"\">\n\t\t\t\t\t\t\t<i aria-hidden=\"true\" class=\"eicon-chevron-left\"><\/i>\t\t\t\t\t\t<\/div>\n\t\t\t\t\t\t<div class=\"elementor-swiper-button elementor-swiper-button-next\" role=\"button\" tabindex=\"0\" aria-label=\"\u010eal\u0161ia sn\u00edmka\" data-no-translation-aria-label=\"\">\n\t\t\t\t\t\t\t<i aria-hidden=\"true\" class=\"eicon-chevron-right\"><\/i>\t\t\t\t\t\t<\/div>\n\t\t\t\t\t\t\t\t\t\t\t\t\t\t\t\t\t<\/div>\n\t\t\t\t<\/div>\n\t\t\t\t\t\t\t\t<\/div>\n\t\t\t\t<\/div>\n\t\t\t\t\t<\/div>\n\t\t<\/div>\n\t\t\t\t\t<\/div>\n\t\t<\/section>\n\t\t\t\t<section class=\"elementor-section elementor-top-section elementor-element elementor-element-240baa7a elementor-section-boxed elementor-section-height-default elementor-section-height-default\" data-id=\"240baa7a\" data-element_type=\"section\" data-e-type=\"section\" data-settings=\"{&quot;background_background&quot;:&quot;classic&quot;}\">\n\t\t\t\t\t\t<div class=\"elementor-container elementor-column-gap-default\">\n\t\t\t\t\t<div class=\"elementor-column elementor-col-100 elementor-top-column elementor-element elementor-element-1afe9e42\" data-id=\"1afe9e42\" data-element_type=\"column\" data-e-type=\"column\">\n\t\t\t<div class=\"elementor-widget-wrap elementor-element-populated\">\n\t\t\t\t\t\t<div class=\"elementor-element elementor-element-65bd50ae elementor-widget elementor-widget-heading\" data-id=\"65bd50ae\" data-element_type=\"widget\" data-e-type=\"widget\" data-widget_type=\"heading.default\">\n\t\t\t\t<div class=\"elementor-widget-container\">\n\t\t\t\t\t<h1 class=\"elementor-heading-title elementor-size-default\">Proyectos piloto en ciudades alemanas<\/h1>\t\t\t\t<\/div>\n\t\t\t\t<\/div>\n\t\t\t\t\t<\/div>\n\t\t<\/div>\n\t\t\t\t\t<\/div>\n\t\t<\/section>\n\t\t\t\t<section class=\"elementor-section elementor-top-section elementor-element elementor-element-446540f elementor-section-boxed elementor-section-height-default elementor-section-height-default\" data-id=\"446540f\" data-element_type=\"section\" data-e-type=\"section\">\n\t\t\t\t\t\t<div class=\"elementor-container elementor-column-gap-default\">\n\t\t\t\t\t<div class=\"elementor-column elementor-col-100 elementor-top-column elementor-element elementor-element-312a2d3\" data-id=\"312a2d3\" data-element_type=\"column\" data-e-type=\"column\">\n\t\t\t<div class=\"elementor-widget-wrap elementor-element-populated\">\n\t\t\t\t\t\t<div class=\"elementor-element elementor-element-8071a6f elementor-nav-menu--dropdown-tablet elementor-nav-menu__text-align-aside elementor-nav-menu--toggle elementor-nav-menu--burger elementor-widget elementor-widget-nav-menu\" data-id=\"8071a6f\" data-element_type=\"widget\" data-e-type=\"widget\" data-settings=\"{&quot;layout&quot;:&quot;horizontal&quot;,&quot;submenu_icon&quot;:{&quot;value&quot;:&quot;&lt;i class=\\&quot;fas fa-caret-down\\&quot; aria-hidden=\\&quot;true\\&quot;&gt;&lt;\\\/i&gt;&quot;,&quot;library&quot;:&quot;fa-solid&quot;},&quot;toggle&quot;:&quot;burger&quot;}\" data-widget_type=\"nav-menu.default\">\n\t\t\t\t<div class=\"elementor-widget-container\">\n\t\t\t\t\t\t\t\t<nav aria-label=\"Investigaci\u00f3n por pa\u00edses\" class=\"elementor-nav-menu--main elementor-nav-menu__container elementor-nav-menu--layout-horizontal e--pointer-underline e--animation-grow\">\n\t\t\t\t<ul id=\"menu-1-8071a6f\" class=\"elementor-nav-menu\"><li class=\"menu-item menu-item-type-custom menu-item-object-custom menu-item-has-children menu-item-12305\"><a class=\"elementor-item\">\u00c1frica<\/a>\n<ul class=\"sub-menu elementor-nav-menu--dropdown\">\n\t<li class=\"menu-item menu-item-type-post_type menu-item-object-page menu-item-12253\"><a href=\"https:\/\/gradido.net\/es\/countries\/afrika\/\" class=\"elementor-sub-item\">\u00c1frica, todo el continente<\/a><\/li>\n\t<li class=\"menu-item menu-item-type-post_type menu-item-object-page menu-item-13097\"><a href=\"https:\/\/gradido.net\/es\/countries\/afrika\/dr-congo\/\" class=\"elementor-sub-item\">Rep\u00fablica Democr\u00e1tica del Congo<\/a><\/li>\n\t<li class=\"menu-item menu-item-type-post_type menu-item-object-page menu-item-12414\"><a href=\"https:\/\/gradido.net\/es\/countries\/afrika\/kenya\/\" class=\"elementor-sub-item\">Kenia<\/a><\/li>\n\t<li class=\"menu-item menu-item-type-post_type menu-item-object-page menu-item-12737\"><a href=\"https:\/\/gradido.net\/es\/countries\/afrika\/madagascar\/\" class=\"elementor-sub-item\">Madagascar<\/a><\/li>\n\t<li class=\"menu-item menu-item-type-post_type menu-item-object-page menu-item-12148\"><a href=\"https:\/\/gradido.net\/es\/countries\/afrika\/namibia\/\" class=\"elementor-sub-item\">Namibia<\/a><\/li>\n\t<li class=\"menu-item menu-item-type-post_type menu-item-object-page menu-item-12839\"><a href=\"https:\/\/gradido.net\/es\/countries\/afrika\/rwanda\/\" class=\"elementor-sub-item\">Ruanda<\/a><\/li>\n<\/ul>\n<\/li>\n<li class=\"menu-item menu-item-type-custom menu-item-object-custom menu-item-has-children menu-item-11798\"><a class=\"elementor-item\">Am\u00e9rica<\/a>\n<ul class=\"sub-menu elementor-nav-menu--dropdown\">\n\t<li class=\"menu-item menu-item-type-post_type menu-item-object-page menu-item-12463\"><a href=\"https:\/\/gradido.net\/es\/countries\/usa\/\" class=\"elementor-sub-item\">EE.UU.<\/a><\/li>\n\t<li class=\"menu-item menu-item-type-post_type menu-item-object-page menu-item-11791\"><a href=\"https:\/\/gradido.net\/es\/countries\/mexico\/\" class=\"elementor-sub-item\">M\u00e9xico<\/a><\/li>\n<\/ul>\n<\/li>\n<li class=\"menu-item menu-item-type-custom menu-item-object-custom menu-item-has-children menu-item-11800\"><a class=\"elementor-item\">Asia<\/a>\n<ul class=\"sub-menu elementor-nav-menu--dropdown\">\n\t<li class=\"menu-item menu-item-type-post_type menu-item-object-page menu-item-11794\"><a href=\"https:\/\/gradido.net\/es\/countries\/maledives\/\" class=\"elementor-sub-item\">Maldivas<\/a><\/li>\n\t<li class=\"menu-item menu-item-type-post_type menu-item-object-page menu-item-11790\"><a href=\"https:\/\/gradido.net\/es\/countries\/philippines\/\" class=\"elementor-sub-item\">Filipinas<\/a><\/li>\n\t<li class=\"menu-item menu-item-type-post_type menu-item-object-page menu-item-11802\"><a href=\"https:\/\/gradido.net\/es\/countries\/saudi-arabia\/\" class=\"elementor-sub-item\">Arabia Saud\u00ed<\/a><\/li>\n<\/ul>\n<\/li>\n<li class=\"menu-item menu-item-type-custom menu-item-object-custom menu-item-has-children menu-item-11797\"><a class=\"elementor-item\">Europa<\/a>\n<ul class=\"sub-menu elementor-nav-menu--dropdown\">\n\t<li class=\"menu-item menu-item-type-post_type menu-item-object-page menu-item-11805\"><a href=\"https:\/\/gradido.net\/es\/countries\/germany\/\" class=\"elementor-sub-item\">Alemania<\/a><\/li>\n\t<li class=\"menu-item menu-item-type-post_type menu-item-object-page menu-item-11803\"><a href=\"https:\/\/gradido.net\/es\/countries\/greece\/\" class=\"elementor-sub-item\">Grecia<\/a><\/li>\n\t<li class=\"menu-item menu-item-type-post_type menu-item-object-page menu-item-11788\"><a href=\"https:\/\/gradido.net\/es\/countries\/spain\/\" class=\"elementor-sub-item\">Espa\u00f1a<\/a><\/li>\n<\/ul>\n<\/li>\n<li class=\"menu-item menu-item-type-custom menu-item-object-custom menu-item-has-children menu-item-11801\"><a class=\"elementor-item\">Ocean\u00eda<\/a>\n<ul class=\"sub-menu elementor-nav-menu--dropdown\">\n\t<li class=\"menu-item menu-item-type-post_type menu-item-object-page menu-item-11793\"><a href=\"https:\/\/gradido.net\/es\/countries\/marshall-islands\/\" class=\"elementor-sub-item\">Islas Marshall<\/a><\/li>\n\t<li class=\"menu-item menu-item-type-post_type menu-item-object-page menu-item-11795\"><a href=\"https:\/\/gradido.net\/es\/countries\/tahiti\/\" class=\"elementor-sub-item\">Tahit\u00ed<\/a><\/li>\n<\/ul>\n<\/li>\n<\/ul>\t\t\t<\/nav>\n\t\t\t\t\t<div class=\"elementor-menu-toggle\" role=\"button\" tabindex=\"0\" aria-label=\"Alternar men\u00fa\" aria-expanded=\"false\">\n\t\t\t<i aria-hidden=\"true\" role=\"presentation\" class=\"elementor-menu-toggle__icon--open eicon-menu-bar\"><\/i><i aria-hidden=\"true\" role=\"presentation\" class=\"elementor-menu-toggle__icon--close eicon-close\"><\/i>\t\t<\/div>\n\t\t\t\t\t<nav class=\"elementor-nav-menu--dropdown elementor-nav-menu__container\" aria-hidden=\"true\">\n\t\t\t\t<ul id=\"menu-2-8071a6f\" class=\"elementor-nav-menu\"><li class=\"menu-item menu-item-type-custom menu-item-object-custom menu-item-has-children menu-item-12305\"><a class=\"elementor-item\" tabindex=\"-1\">\u00c1frica<\/a>\n<ul class=\"sub-menu elementor-nav-menu--dropdown\">\n\t<li class=\"menu-item menu-item-type-post_type menu-item-object-page menu-item-12253\"><a href=\"https:\/\/gradido.net\/es\/countries\/afrika\/\" class=\"elementor-sub-item\" tabindex=\"-1\">\u00c1frica, todo el continente<\/a><\/li>\n\t<li class=\"menu-item menu-item-type-post_type menu-item-object-page menu-item-13097\"><a href=\"https:\/\/gradido.net\/es\/countries\/afrika\/dr-congo\/\" class=\"elementor-sub-item\" tabindex=\"-1\">Rep\u00fablica Democr\u00e1tica del Congo<\/a><\/li>\n\t<li class=\"menu-item menu-item-type-post_type menu-item-object-page menu-item-12414\"><a href=\"https:\/\/gradido.net\/es\/countries\/afrika\/kenya\/\" class=\"elementor-sub-item\" tabindex=\"-1\">Kenia<\/a><\/li>\n\t<li class=\"menu-item menu-item-type-post_type menu-item-object-page menu-item-12737\"><a href=\"https:\/\/gradido.net\/es\/countries\/afrika\/madagascar\/\" class=\"elementor-sub-item\" tabindex=\"-1\">Madagascar<\/a><\/li>\n\t<li class=\"menu-item menu-item-type-post_type menu-item-object-page menu-item-12148\"><a href=\"https:\/\/gradido.net\/es\/countries\/afrika\/namibia\/\" class=\"elementor-sub-item\" tabindex=\"-1\">Namibia<\/a><\/li>\n\t<li class=\"menu-item menu-item-type-post_type menu-item-object-page menu-item-12839\"><a href=\"https:\/\/gradido.net\/es\/countries\/afrika\/rwanda\/\" class=\"elementor-sub-item\" tabindex=\"-1\">Ruanda<\/a><\/li>\n<\/ul>\n<\/li>\n<li class=\"menu-item menu-item-type-custom menu-item-object-custom menu-item-has-children menu-item-11798\"><a class=\"elementor-item\" tabindex=\"-1\">Am\u00e9rica<\/a>\n<ul class=\"sub-menu elementor-nav-menu--dropdown\">\n\t<li class=\"menu-item menu-item-type-post_type menu-item-object-page menu-item-12463\"><a href=\"https:\/\/gradido.net\/es\/countries\/usa\/\" class=\"elementor-sub-item\" tabindex=\"-1\">EE.UU.<\/a><\/li>\n\t<li class=\"menu-item menu-item-type-post_type menu-item-object-page menu-item-11791\"><a href=\"https:\/\/gradido.net\/es\/countries\/mexico\/\" class=\"elementor-sub-item\" tabindex=\"-1\">M\u00e9xico<\/a><\/li>\n<\/ul>\n<\/li>\n<li class=\"menu-item menu-item-type-custom menu-item-object-custom menu-item-has-children menu-item-11800\"><a class=\"elementor-item\" tabindex=\"-1\">Asia<\/a>\n<ul class=\"sub-menu elementor-nav-menu--dropdown\">\n\t<li class=\"menu-item menu-item-type-post_type menu-item-object-page menu-item-11794\"><a href=\"https:\/\/gradido.net\/es\/countries\/maledives\/\" class=\"elementor-sub-item\" tabindex=\"-1\">Maldivas<\/a><\/li>\n\t<li class=\"menu-item menu-item-type-post_type menu-item-object-page menu-item-11790\"><a href=\"https:\/\/gradido.net\/es\/countries\/philippines\/\" class=\"elementor-sub-item\" tabindex=\"-1\">Filipinas<\/a><\/li>\n\t<li class=\"menu-item menu-item-type-post_type menu-item-object-page menu-item-11802\"><a href=\"https:\/\/gradido.net\/es\/countries\/saudi-arabia\/\" class=\"elementor-sub-item\" tabindex=\"-1\">Arabia Saud\u00ed<\/a><\/li>\n<\/ul>\n<\/li>\n<li class=\"menu-item menu-item-type-custom menu-item-object-custom menu-item-has-children menu-item-11797\"><a class=\"elementor-item\" tabindex=\"-1\">Europa<\/a>\n<ul class=\"sub-menu elementor-nav-menu--dropdown\">\n\t<li class=\"menu-item menu-item-type-post_type menu-item-object-page menu-item-11805\"><a href=\"https:\/\/gradido.net\/es\/countries\/germany\/\" class=\"elementor-sub-item\" tabindex=\"-1\">Alemania<\/a><\/li>\n\t<li class=\"menu-item menu-item-type-post_type menu-item-object-page menu-item-11803\"><a href=\"https:\/\/gradido.net\/es\/countries\/greece\/\" class=\"elementor-sub-item\" tabindex=\"-1\">Grecia<\/a><\/li>\n\t<li class=\"menu-item menu-item-type-post_type menu-item-object-page menu-item-11788\"><a href=\"https:\/\/gradido.net\/es\/countries\/spain\/\" class=\"elementor-sub-item\" tabindex=\"-1\">Espa\u00f1a<\/a><\/li>\n<\/ul>\n<\/li>\n<li class=\"menu-item menu-item-type-custom menu-item-object-custom menu-item-has-children menu-item-11801\"><a class=\"elementor-item\" tabindex=\"-1\">Ocean\u00eda<\/a>\n<ul class=\"sub-menu elementor-nav-menu--dropdown\">\n\t<li class=\"menu-item menu-item-type-post_type menu-item-object-page menu-item-11793\"><a href=\"https:\/\/gradido.net\/es\/countries\/marshall-islands\/\" class=\"elementor-sub-item\" tabindex=\"-1\">Islas Marshall<\/a><\/li>\n\t<li class=\"menu-item menu-item-type-post_type menu-item-object-page menu-item-11795\"><a href=\"https:\/\/gradido.net\/es\/countries\/tahiti\/\" class=\"elementor-sub-item\" tabindex=\"-1\">Tahit\u00ed<\/a><\/li>\n<\/ul>\n<\/li>\n<\/ul>\t\t\t<\/nav>\n\t\t\t\t\t\t<\/div>\n\t\t\t\t<\/div>\n\t\t\t\t<div class=\"elementor-element elementor-element-b31390b elementor-widget elementor-widget-breadcrumbs\" data-id=\"b31390b\" data-element_type=\"widget\" data-e-type=\"widget\" data-widget_type=\"breadcrumbs.default\">\n\t\t\t\t<div class=\"elementor-widget-container\">\n\t\t\t\t\t<p id=\"breadcrumbs\"><span><span><a href=\"https:\/\/gradido.net\/es\/\">P\u00e1gina web<\/a><\/span><\/span><\/p>\t\t\t\t<\/div>\n\t\t\t\t<\/div>\n\t\t\t\t<div class=\"elementor-element elementor-element-a9db9a5 elementor-widget elementor-widget-text-editor\" data-id=\"a9db9a5\" data-element_type=\"widget\" data-e-type=\"widget\" data-widget_type=\"text-editor.default\">\n\t\t\t\t<div class=\"elementor-widget-container\">\n\t\t\t\t\t\t\t\t\t<h2 style=\"text-align: center;\"><a href=\"https:\/\/gradido.net\/es\/countries\/germany\/\"><strong>P\u00e1gina principal: Alemania<\/strong><\/a><\/h2><p style=\"text-align: center;\"><a href=\"https:\/\/gradido.net\/es\/countries\/germany\/vision-2032-de\/\">DE-Visi\u00f3n-2032 - C\u00f3mo Gradido transform\u00f3 Alemania<\/a><br \/><a href=\"https:\/\/gradido.net\/es\/countries\/germany\/supplementary-assessment-from-a-gradido-perspective\/\">Evaluaci\u00f3n suplementaria desde la perspectiva de Gradido<\/a><br \/><strong>Proyectos piloto en ciudades alemanas<\/strong><\/p>\t\t\t\t\t\t\t\t<\/div>\n\t\t\t\t<\/div>\n\t\t\t\t<div class=\"elementor-element elementor-element-d7bb196 elementor-widget-divider--view-line elementor-widget elementor-widget-divider\" data-id=\"d7bb196\" data-element_type=\"widget\" data-e-type=\"widget\" data-widget_type=\"divider.default\">\n\t\t\t\t<div class=\"elementor-widget-container\">\n\t\t\t\t\t\t\t<div class=\"elementor-divider\">\n\t\t\t<span class=\"elementor-divider-separator\">\n\t\t\t\t\t\t<\/span>\n\t\t<\/div>\n\t\t\t\t\t\t<\/div>\n\t\t\t\t<\/div>\n\t\t\t\t<div class=\"elementor-element elementor-element-146ff9d elementor-widget elementor-widget-text-editor\" data-id=\"146ff9d\" data-element_type=\"widget\" data-e-type=\"widget\" data-widget_type=\"text-editor.default\">\n\t\t\t\t<div class=\"elementor-widget-container\">\n\t\t\t\t\t\t\t\t\t<div class=\"wiki-page-header-wrapper\"><div class=\"wiki-page-header-wrapper\"><p data-pm-slice=\"0 0 []\"><em>Los contenidos reflejan los resultados de las investigaciones y an\u00e1lisis de Perplexity y no representan una expresi\u00f3n de opini\u00f3n por parte de Gradido. Su objetivo es proporcionar informaci\u00f3n y estimular el debate.<\/em><\/p><h1>Proyectos piloto Gradido en ciudades alemanas: Evaluaci\u00f3n cient\u00edfica y recomendaciones de actuaci\u00f3n<\/h1><h2>Significado del enfoque de ciudad directa<\/h2><h3>Condiciones marco favorables<\/h3><p>La situaci\u00f3n actual de los municipios alemanes crea <strong>condiciones excepcionalmente favorables<\/strong> para planteamientos innovadores como Gradido. Las finanzas municipales est\u00e1n en <strong>la peor crisis de la historia de posguerra<\/strong>: En 2024, las ciudades y municipios registraron un d\u00e9ficit r\u00e9cord de 24.800 millones de euros, que se espera aumente a m\u00e1s de 30.000 millones de euros en 2025. <strong>85% de los municipios alemanes<\/strong> no puede presentar un presupuesto equilibrado.<a href=\"https:\/\/www.marktundmittelstand.de\/finanzen\/kommunen-am-finanziellen-abgrund-droht-der-kollaps-unserer-staedte\">^1<\/a><a href=\"https:\/\/www.bertelsmann-stiftung.de\/de\/themen\/aktuelle-meldungen\/2025\/juli\/kommunale-finanzen-groesstes-defizit-in-der-geschichte-der-bundesrepublik\">^3<\/a><\/p><p>Esta escasez financiera crea un <strong>enorme presi\u00f3n para innovar<\/strong>. Los municipios se ven obligados a buscar nuevas v\u00edas porque las soluciones tradicionales est\u00e1n fracasando. Los escenarios descritos en el documento de la ciudad favorita -rescate de empresas, mejora de las finanzas municipales, refuerzo del voluntariado- abordan las siguientes cuestiones <strong>puntos d\u00e9biles concretos<\/strong> Municipios alemanes.<\/p><h3>Apertura a planteamientos alternativos<\/h3><p>Alemania ya tiene <strong>46 monedas regionales activas<\/strong>desde el exitoso Chiemgauer (700.000 billetes en circulaci\u00f3n, 600 puntos de aceptaci\u00f3n) hasta proyectos locales m\u00e1s peque\u00f1os. El municipio de Langenegg, en Vorarlberg, es un ejemplo de c\u00f3mo Regionalweld vincula 680.000 euros al a\u00f1o en una comunidad de 450 hogares y crea 150 puestos de trabajo.<a href=\"https:\/\/www.focus.de\/politik\/finanzkrise-der-kommunen-kein-geld-fuer-kitas-schulen-klimaschutz-so-steht-es-um-unsere-pleite-gemeinden_id_201366037.html\">^4<\/a><a href=\"https:\/\/antenne.nrw\/nrw\/kommunalfinanzen-in-deutschland-rekorddefizit-in-den-staedten\/\">^6<\/a><\/p><p><strong>Iniciativas para una ciudad inteligente<\/strong> El gobierno federal financia actualmente 73 proyectos piloto con 820 millones de euros. Estos programas muestran la <strong>Preparaci\u00f3n b\u00e1sica<\/strong> de la pol\u00edtica y la administraci\u00f3n para las innovaciones sist\u00e9micas, especialmente si combinan participaci\u00f3n ciudadana y sostenibilidad.<a href=\"https:\/\/www.staedtetag.de\/publikationen\/weitere-publikationen\/2024\/handreichung-beteiligungskultur-in-der-stadtplanung-und-stadtentwicklung\">^7<\/a><\/p><h2>Grupos destinatarios: Tipos de ciudades \u00f3ptimas para los proyectos piloto de Gradido<\/h2><h3>Ciudades peque\u00f1as (5.000-20.000 habitantes): Mayores posibilidades de \u00e9xito<\/h3><p><strong>Ciudades peque\u00f1as<\/strong> ofrecer la <strong>condiciones m\u00e1s id\u00f3neas<\/strong> para los proyectos piloto de Gradido:<\/p><ul data-tight=\"true\"><li><p><strong>Estructuras manejables<\/strong>Canales de comunicaci\u00f3n cortos entre los ciudadanos, la administraci\u00f3n y las empresas locales<\/p><\/li><li><p><strong>Alta presi\u00f3n financiera<\/strong>: Las ciudades peque\u00f1as se ven especialmente afectadas por la crisis de las finanzas municipales<\/p><\/li><li><p><strong>S\u00f3lida cultura del voluntariado<\/strong>40% de los alemanes participan en actividades de voluntariado, especialmente en las comunidades m\u00e1s peque\u00f1as<a href=\"https:\/\/www.staedtetag.de\/positionen\/beschluesse\/2025\/241-hauptausschuss-kommunale-finanzkrise\">^8<\/a><\/p><\/li><li><p><strong>Toma de decisiones pragm\u00e1tica<\/strong>Menos trabas burocr\u00e1ticas que en las grandes ciudades<\/p><\/li><\/ul><p><strong>Puntos de partida concretos<\/strong> del documento de la ciudad favorita:<\/p><ul data-tight=\"true\"><li><p>Pizzer\u00eda local como multiplicador (entrada de bajo umbral)<\/p><\/li><li><p>Cuerpo de bomberos voluntarios como estructura de voluntariado establecida<\/p><\/li><li><p>Salvar las empresas locales (ejemplo de la fabricaci\u00f3n de calzado)<\/p><\/li><\/ul><h3>Regiones estructuralmente d\u00e9biles: Mayor disposici\u00f3n a innovar<\/h3><p><strong>Especialmente adecuado<\/strong> son municipios de zonas estructuralmente d\u00e9biles:<\/p><ul data-tight=\"true\"><li><p>Municipios de Alemania del Este con <strong>43% nivel de activos inferior<\/strong><a href=\"https:\/\/www.dstgb.de\/publikationen\/dokumentationen\/bilanz-2024-und-ausblick-2025\/bilanz-24-25-final.pdf\">^9<\/a><\/p><\/li><li><p>Regiones con <strong>Descenso de la poblaci\u00f3n<\/strong> y muertes en empresas<\/p><\/li><li><p>Municipios con <strong>Urgencia presupuestaria<\/strong> o bajo supervisi\u00f3n municipal<\/p><\/li><\/ul><p>Estos municipios tienen <strong>\"nada que perder\"<\/strong> y son <strong>m\u00e1s abiertos a alternativas radicales<\/strong>. El ejemplo de Langenegg demuestra que las monedas regionales pueden <strong>Pueblo moribundo<\/strong> con \u00e9xito.<a href=\"https:\/\/www.bertelsmann-stiftung.de\/fileadmin\/files\/Projekte\/Vielfaeltige_Demokratie_gestalten\/Buergerbeteiligung_in_Kommunen_verankern.pdf\">^4<\/a><\/p><h3>Comunidades rurales con una fuerte identidad<\/h3><p><strong>Comunidades rurales<\/strong> con una fuerte identidad local ofrecen condiciones ideales:<\/p><ul data-tight=\"true\"><li><p><strong>Alta densidad de clubes<\/strong> y ayuda vecinal tradicional<\/p><\/li><li><p><strong>Redes sociales cortas<\/strong> (\"todo el mundo conoce a todo el mundo\")<\/p><\/li><li><p><strong>Fuerte cohesi\u00f3n local<\/strong> como base para proyectos de cooperaci\u00f3n<\/p><\/li><li><p><strong>Agricultura solidaria<\/strong> ya disponible como punto de partida<\/p><\/li><\/ul><p>El documento describe <strong>Permacultura y agricultura solidaria<\/strong> ya existe en las comunidades rurales.<\/p><h2>Factores de \u00e9xito de la implantaci\u00f3n de Gradido<\/h2><h3>Factores cr\u00edticos de \u00e9xito (por orden de importancia)<\/h3><p><strong>1er alcalde partidario<\/strong> (Importancia: 9\/10)<\/p><ul data-tight=\"true\"><li><p><strong>Disponibilidad: Rara<\/strong> - Este es el factor m\u00e1s importante pero m\u00e1s dif\u00edcil<\/p><\/li><li><p>Los alcaldes deben actuar como <strong>\"Cuidador\"<\/strong> y visionarios (como el \"alcalde Miteinand\" en el documento)<\/p><\/li><li><p>Requerido <strong>coraje pol\u00edtico<\/strong> para experimentos innovadores<\/p><\/li><\/ul><p><strong>2. tama\u00f1o manejable de la comunidad<\/strong> (Importancia: 9\/10)<\/p><ul data-tight=\"true\"><li><p><strong>Disponibilidad: Alta<\/strong> - Muchos municipios peque\u00f1os de Alemania<\/p><\/li><li><p>Activa <strong>Relaciones personales<\/strong> y <strong>Comunicaci\u00f3n directa<\/strong><\/p><\/li><\/ul><p><strong>3. estructuras de voluntariado existentes<\/strong> (Importancia: 8\/10)<\/p><ul data-tight=\"true\"><li><p><strong>Disponibilidad: Alta<\/strong> - Alemania tiene una fuerte cultura de clubes<\/p><\/li><li><p>28,8 millones de personas realizan trabajo voluntario<a href=\"https:\/\/www.staedtetag.de\/positionen\/beschluesse\/2025\/241-hauptausschuss-kommunale-finanzkrise\">^8<\/a><\/p><\/li><li><p>Bomberos, clubes deportivos, ayuda vecinal como <strong>Puntos de anclaje<\/strong><\/p><\/li><\/ul><p><strong>4. dificultades financieras del municipio<\/strong> (Importancia: 8\/10)<\/p><ul data-tight=\"true\"><li><p><strong>Disponibilidad: Muy alta<\/strong> - 85% de los municipios afectados<a href=\"#\">^1<\/a><\/p><\/li><li><p>Crea <strong>Presi\u00f3n para innovar<\/strong> y <strong>Voluntad de experimentar<\/strong><\/p><\/li><\/ul><h3>Obst\u00e1culos y riesgos<\/h3><p><strong>Principales obst\u00e1culos:<\/strong><\/p><ol data-tight=\"true\"><li><p><strong>Inseguridad jur\u00eddica<\/strong>Derecho municipal, presupuestario y fiscal<\/p><\/li><li><p><strong>Inercia burocr\u00e1tica<\/strong>\"Siempre lo hemos hecho as\u00ed\"<\/p><\/li><li><p><strong>Aversi\u00f3n al riesgo pol\u00edtico<\/strong>: Miedo al fracaso y a la derrota electoral<\/p><\/li><li><p><strong>Complejidad del sistema federal<\/strong>: Diferentes c\u00f3digos municipales de los estados federales<\/p><\/li><li><p><strong>Resistencia de los grupos de presi\u00f3n<\/strong>Grupos de inter\u00e9s establecidos (bancos, grandes empresas comerciales)<\/p><\/li><\/ol><p><strong>Riesgos:<\/strong><\/p><ul data-tight=\"true\"><li><p><strong>Fracaso del proyecto piloto<\/strong> desacredita todo el concepto<\/p><\/li><li><p><strong>Atenci\u00f3n medi\u00e1tica<\/strong> puede dar lugar a presiones pol\u00edticas<\/p><\/li><li><p><strong>Desaf\u00edos jur\u00eddicos<\/strong> por competidores o autoridades supervisoras<\/p><\/li><\/ul><h2>Recomendaciones concretas de actuaci\u00f3n<\/h2><h3>Fase 1: Preparaci\u00f3n estrat\u00e9gica (6-12 meses)<\/h3><p><strong>1. protecci\u00f3n jur\u00eddica<\/strong><\/p><ul data-tight=\"true\"><li><p><strong>Dictamen jur\u00eddico<\/strong> sobre Gradido en el Derecho municipal alem\u00e1n<\/p><\/li><li><p><strong>Modelos de cooperaci\u00f3n<\/strong> desarrollarse con estructuras establecidas (cooperativas, asociaciones)<\/p><\/li><li><p><strong>Marco jur\u00eddico piloto<\/strong> Negociar con los ministerios a nivel estatal<\/p><\/li><\/ul><p><strong>2. legitimaci\u00f3n cient\u00edfica<\/strong><\/p><ul data-tight=\"true\"><li><p><strong>Cooperaci\u00f3n universitaria<\/strong> para acompa\u00f1ar la evaluaci\u00f3n<\/p><\/li><li><p><strong>Estudio de viabilidad<\/strong> por institutos de renombre (Fundaci\u00f3n Bertelsmann, etc.)<\/p><\/li><li><p><strong>Proyectos de referencia<\/strong> documentos de otros pa\u00edses<\/p><\/li><\/ul><p><strong>3. cartograf\u00eda de las partes interesadas<\/strong><\/p><ul data-tight=\"true\"><li><p><strong>Alcaldes progresistas<\/strong> en regiones estructuralmente d\u00e9biles<\/p><\/li><li><p><strong>Asociaciones municipales<\/strong> como multiplicadores<\/p><\/li><li><p><strong>Organizaciones de voluntariado<\/strong> Construir como socio<\/p><\/li><\/ul><h3>Fase 2: Adquisici\u00f3n de socios piloto (3-6 meses)<\/h3><p><strong>Enfoque espec\u00edfico en funci\u00f3n de las prioridades:<\/strong><\/p><p><strong>1\u00aa prioridad A: municipios necesitados<\/strong><\/p><ul data-tight=\"true\"><li><p><strong>Urgencias presupuestarias - municipios<\/strong> Direcci\u00f3n directa<\/p><\/li><li><p><strong>L\u00ednea argumental<\/strong>\"Gradido como complemento a la rehabilitaci\u00f3n\"<\/p><\/li><li><p><strong>Oferta de cooperaci\u00f3n<\/strong>Seguimiento cient\u00edfico completo y protecci\u00f3n jur\u00eddica<\/p><\/li><\/ul><p><strong>2\u00aa prioridad B: Peque\u00f1as ciudades innovadoras<\/strong><\/p><ul data-tight=\"true\"><li><p><strong>Participantes en Smart City<\/strong> de financiaci\u00f3n federal<\/p><\/li><li><p><strong>Ganador del premio a la sostenibilidad<\/strong> contacto (por ejemplo, ganadores del Premio Alem\u00e1n a la Sostenibilidad)<\/p><\/li><li><p><strong>Razonamiento<\/strong>Gradido como \"siguiente paso evolutivo\" de la ciudad inteligente<\/p><\/li><\/ul><p><strong>3\u00aa prioridad C: Comunidades rurales comprometidas<\/strong><\/p><ul data-tight=\"true\"><li><p><strong>Ganador del premio a la renovaci\u00f3n del pueblo<\/strong> y <strong>Concurso nacional Our Village<\/strong> Participantes<\/p><\/li><li><p><strong>Emplazamientos de agricultura solidaria<\/strong> como puntos de partida<\/p><\/li><\/ul><h3>Fase 3: Dise\u00f1o del proyecto piloto (2-4 meses)<\/h3><p><strong>Estrategia de introducci\u00f3n gradual:<\/strong><\/p><p><strong>Nivel 1: Graduado Honor\u00edfico (3 meses)<\/strong><\/p><ul data-tight=\"true\"><li><p>Comience con <strong>Homenaje a los voluntarios<\/strong> (20 Gradido\/hora como en el documento)<\/p><\/li><li><p><strong>Bomberos, THW, clubes deportivos<\/strong> como primeros participantes<\/p><\/li><li><p><strong>Caf\u00e9s Gradido<\/strong> para puntos de aceptaci\u00f3n de umbral bajo<\/p><\/li><\/ul><p><strong>Nivel 2: Econom\u00eda local (6 meses)<\/strong><\/p><ul data-tight=\"true\"><li><p><strong>Participaci\u00f3n voluntaria<\/strong> comercios locales<\/p><\/li><li><p><strong>3% Descuento<\/strong> al cambiar Euro\u2192Gradido (modelo probado)<\/p><\/li><li><p><strong>D\u00edas Gradido<\/strong> como en el ejemplo de la pizzer\u00eda<\/p><\/li><\/ul><p><strong>Fase 3: Integraci\u00f3n local (12 meses)<\/strong><\/p><ul data-tight=\"true\"><li><p><strong>Subvenciones municipales<\/strong> salida en Gradido<\/p><\/li><li><p><strong>Proyectos comunitarios<\/strong> c\u00f3mo realizar la fabricaci\u00f3n de calzado<\/p><\/li><li><p><strong>Cierre completo del ciclo<\/strong><\/p><\/li><\/ul><h3>Fase 4: Comunicaci\u00f3n profesional<\/h3><p><strong>Comunicaci\u00f3n interna:<\/strong><\/p><ul data-tight=\"true\"><li><p><strong>Formaci\u00f3n administrativa<\/strong> para todos los empleados implicados<\/p><\/li><li><p><strong>Reuniones de ciudadanos<\/strong> con informaci\u00f3n transparente<\/p><\/li><li><p><strong>Di\u00e1logo continuo<\/strong> con los esc\u00e9pticos<\/p><\/li><\/ul><p><strong>Comunicaci\u00f3n externa:<\/strong><\/p><ul data-tight=\"true\"><li><p><strong>Cooperaci\u00f3n con los medios de comunicaci\u00f3n<\/strong> con los peri\u00f3dicos\/radios locales<\/p><\/li><li><p><strong>Publicaciones cient\u00edficas<\/strong> para la legitimaci\u00f3n<\/p><\/li><li><p><strong>Intercambio de buenas pr\u00e1cticas<\/strong> entre municipios piloto<\/p><\/li><\/ul><p><strong>Prevenci\u00f3n de crisis:<\/strong><\/p><ul data-tight=\"true\"><li><p><strong>Planes de emergencia<\/strong> por problemas jur\u00eddicos o medi\u00e1ticos<\/p><\/li><li><p><strong>Escenarios de salida<\/strong> si fracasa el proyecto piloto<\/p><\/li><li><p><strong>Comunicaci\u00f3n peri\u00f3dica del \u00e9xito<\/strong> a todas las partes interesadas<\/p><\/li><\/ul><h2>Conclusi\u00f3n y prioridad de actuaci\u00f3n<\/h2><p>El enfoque directo de las ciudades alemanas para los proyectos piloto de Gradido no s\u00f3lo es <strong>tiempo sensato, pero estrat\u00e9gicamente \u00f3ptimo<\/strong>. La crisis financiera municipal sin precedentes hist\u00f3ricos crea <strong>Ventana de apertura \u00fanica<\/strong> para las innovaciones sist\u00e9micas.<\/p><p><strong>Mayores posibilidades de \u00e9xito<\/strong> tener:<\/p><ol data-tight=\"true\"><li><p><strong>Peque\u00f1os municipios estructuralmente d\u00e9biles<\/strong> (500-5.000 e.p.) en el este de Alemania<\/p><\/li><li><p><strong>Peque\u00f1as ciudades innovadoras<\/strong> (5.000-15.000 e-h) con alcaldes de mente abierta<\/p><\/li><li><p><strong>Comunidades rurales<\/strong> con una fuerte tradici\u00f3n de voluntariado e identidad local<\/p><\/li><\/ol><p><strong>Factor cr\u00edtico de \u00e9xito<\/strong> es el <strong>Calidad de la preparaci\u00f3n<\/strong>La seguridad jur\u00eddica, el seguimiento cient\u00edfico y el respaldo pol\u00edtico son esenciales. A <strong>Proyecto piloto fallido<\/strong> desacreditar\u00eda todo el concepto de Gradido en los a\u00f1os venideros.<\/p><p><strong>Recomendaci\u00f3n<\/strong>Inicio <strong>2-3 comunidades piloto cuidadosamente seleccionadas<\/strong>que cumplan todos los factores cr\u00edticos de \u00e9xito. El escenario de la ciudad favorita es <strong>Realista<\/strong>si se dan las condiciones marco adecuadas. Ha llegado la hora de los experimentos municipales transformadores <strong>ahora<\/strong>.<\/p><p>\u00a0<\/p><\/div><\/div>\t\t\t\t\t\t\t\t<\/div>\n\t\t\t\t<\/div>\n\t\t\t\t\t<\/div>\n\t\t<\/div>\n\t\t\t\t\t<\/div>\n\t\t<\/section>\n\t\t\t\t<\/div>","protected":false},"excerpt":{"rendered":"<p>Pilotprojekte in deutschen St\u00e4dten Hauptseite: Deutschland Vision-2032-DE \u2013 Wie Gradido Deutschland transformierteErg\u00e4nzende Einsch\u00e4tzung aus Gradido-PerspektivePilotprojekte in deutschen St\u00e4dten Die Inhalte spiegeln die Recherche- und Analyseergebnisse von Perplexity wider und stellen keine Meinungs\u00e4u\u00dferung von Gradido dar. Sie dienen der Information und als Impuls zur weiteren Diskussion. Gradido-Pilotprojekte in deutschen St\u00e4dten: Wissenschaftliche Bewertung und Handlungsempfehlungen Sinnhaftigkeit der [&hellip;]<\/p>\n","protected":false},"author":2,"featured_media":10458,"parent":11280,"menu_order":0,"comment_status":"closed","ping_status":"closed","template":"","meta":{"footnotes":""},"class_list":["post-11335","page","type-page","status-publish","has-post-thumbnail","hentry"],"yoast_head":"<!-- This site is optimized with the Yoast SEO plugin v27.4 - https:\/\/yoast.com\/product\/yoast-seo-wordpress\/ -->\n<title>Deutschland: Pilotprojekte in deutschen St\u00e4dten - Gradido<\/title>\n<meta name=\"description\" content=\"Sei Teil der Bewegung!Gemeinsam bringen wir Gradido in die Welt.\" \/>\n<meta name=\"robots\" content=\"index, follow, max-snippet:-1, max-image-preview:large, max-video-preview:-1\" \/>\n<link rel=\"canonical\" href=\"https:\/\/gradido.net\/es\/countries\/germany\/pilot-projects-in-german-cities\/\" \/>\n<meta property=\"og:locale\" content=\"es_ES\" \/>\n<meta property=\"og:type\" content=\"article\" \/>\n<meta property=\"og:title\" content=\"Deutschland: Pilotprojekte in deutschen St\u00e4dten - Gradido\" \/>\n<meta property=\"og:description\" content=\"Sei Teil der Bewegung!Gemeinsam bringen wir Gradido in die Welt.\" \/>\n<meta property=\"og:url\" content=\"https:\/\/gradido.net\/es\/countries\/germany\/pilot-projects-in-german-cities\/\" \/>\n<meta property=\"og:site_name\" content=\"Gradido\" \/>\n<meta property=\"article:modified_time\" content=\"2025-11-09T18:33:20+00:00\" \/>\n<meta property=\"og:image\" content=\"https:\/\/gradido.net\/wp-content\/uploads\/2025\/07\/AdobeStock_3210827871-scaled.jpeg\" \/>\n\t<meta property=\"og:image:width\" content=\"2560\" \/>\n\t<meta property=\"og:image:height\" content=\"790\" \/>\n\t<meta property=\"og:image:type\" content=\"image\/jpeg\" \/>\n<meta name=\"twitter:card\" content=\"summary_large_image\" \/>\n<meta name=\"twitter:label1\" content=\"Tiempo de lectura\" \/>\n\t<meta name=\"twitter:data1\" content=\"6 minutos\" \/>\n<script type=\"application\/ld+json\" class=\"yoast-schema-graph\">{\"@context\":\"https:\\\/\\\/schema.org\",\"@graph\":[{\"@type\":\"WebPage\",\"@id\":\"https:\\\/\\\/gradido.net\\\/countries\\\/germany\\\/pilot-projects-in-german-cities\\\/\",\"url\":\"https:\\\/\\\/gradido.net\\\/countries\\\/germany\\\/pilot-projects-in-german-cities\\\/\",\"name\":\"Deutschland: Pilotprojekte in deutschen St\u00e4dten - Gradido\",\"isPartOf\":{\"@id\":\"https:\\\/\\\/gradido.net\\\/de\\\/#website\"},\"primaryImageOfPage\":{\"@id\":\"https:\\\/\\\/gradido.net\\\/countries\\\/germany\\\/pilot-projects-in-german-cities\\\/#primaryimage\"},\"image\":{\"@id\":\"https:\\\/\\\/gradido.net\\\/countries\\\/germany\\\/pilot-projects-in-german-cities\\\/#primaryimage\"},\"thumbnailUrl\":\"https:\\\/\\\/gradido.net\\\/wp-content\\\/uploads\\\/2025\\\/07\\\/AdobeStock_3210827871-scaled.jpeg\",\"datePublished\":\"2025-08-15T11:52:57+00:00\",\"dateModified\":\"2025-11-09T18:33:20+00:00\",\"description\":\"Sei Teil der Bewegung!Gemeinsam bringen wir Gradido in die Welt.\",\"breadcrumb\":{\"@id\":\"https:\\\/\\\/gradido.net\\\/countries\\\/germany\\\/pilot-projects-in-german-cities\\\/#breadcrumb\"},\"inLanguage\":\"es\",\"potentialAction\":[{\"@type\":\"ReadAction\",\"target\":[\"https:\\\/\\\/gradido.net\\\/countries\\\/germany\\\/pilot-projects-in-german-cities\\\/\"]}]},{\"@type\":\"ImageObject\",\"inLanguage\":\"es\",\"@id\":\"https:\\\/\\\/gradido.net\\\/countries\\\/germany\\\/pilot-projects-in-german-cities\\\/#primaryimage\",\"url\":\"https:\\\/\\\/gradido.net\\\/wp-content\\\/uploads\\\/2025\\\/07\\\/AdobeStock_3210827871-scaled.jpeg\",\"contentUrl\":\"https:\\\/\\\/gradido.net\\\/wp-content\\\/uploads\\\/2025\\\/07\\\/AdobeStock_3210827871-scaled.jpeg\",\"width\":2560,\"height\":790,\"caption\":\"world globe planet earth 3d-illustration. elements of this image furnished by NASA\"},{\"@type\":\"BreadcrumbList\",\"@id\":\"https:\\\/\\\/gradido.net\\\/countries\\\/germany\\\/pilot-projects-in-german-cities\\\/#breadcrumb\",\"itemListElement\":[{\"@type\":\"ListItem\",\"position\":1,\"name\":\"Startseite\",\"item\":\"https:\\\/\\\/gradido.net\\\/\"},{\"@type\":\"ListItem\",\"position\":2,\"name\":\"L\u00e4nderforschung\",\"item\":\"https:\\\/\\\/gradido.net\\\/countries\\\/\"},{\"@type\":\"ListItem\",\"position\":3,\"name\":\"Deutschland\",\"item\":\"https:\\\/\\\/gradido.net\\\/countries\\\/germany\\\/\"},{\"@type\":\"ListItem\",\"position\":4,\"name\":\"Deutschland: Pilotprojekte in deutschen St\u00e4dten\"}]},{\"@type\":\"WebSite\",\"@id\":\"https:\\\/\\\/gradido.net\\\/de\\\/#website\",\"url\":\"https:\\\/\\\/gradido.net\\\/de\\\/\",\"name\":\"Gradido\",\"description\":\"Die neue W\u00e4hrung hei\u00dft Dankbarkeit\",\"publisher\":{\"@id\":\"https:\\\/\\\/gradido.net\\\/de\\\/#organization\"},\"potentialAction\":[{\"@type\":\"SearchAction\",\"target\":{\"@type\":\"EntryPoint\",\"urlTemplate\":\"https:\\\/\\\/gradido.net\\\/de\\\/?s={search_term_string}\"},\"query-input\":{\"@type\":\"PropertyValueSpecification\",\"valueRequired\":true,\"valueName\":\"search_term_string\"}}],\"inLanguage\":\"es\"},{\"@type\":\"Organization\",\"@id\":\"https:\\\/\\\/gradido.net\\\/de\\\/#organization\",\"name\":\"Gradido\",\"url\":\"https:\\\/\\\/gradido.net\\\/de\\\/\",\"logo\":{\"@type\":\"ImageObject\",\"inLanguage\":\"es\",\"@id\":\"https:\\\/\\\/gradido.net\\\/de\\\/#\\\/schema\\\/logo\\\/image\\\/\",\"url\":\"https:\\\/\\\/gradido.net\\\/wp-content\\\/uploads\\\/2022\\\/04\\\/gradido-social.jpg\",\"contentUrl\":\"https:\\\/\\\/gradido.net\\\/wp-content\\\/uploads\\\/2022\\\/04\\\/gradido-social.jpg\",\"width\":527,\"height\":273,\"caption\":\"Gradido\"},\"image\":{\"@id\":\"https:\\\/\\\/gradido.net\\\/de\\\/#\\\/schema\\\/logo\\\/image\\\/\"}}]}<\/script>\n<!-- \/ Yoast SEO plugin. -->","yoast_head_json":{"title":"Alemania: Proyectos piloto en ciudades alemanas - Gradido","description":"Forma parte del movimiento: juntos traeremos Gradido al mundo.","robots":{"index":"index","follow":"follow","max-snippet":"max-snippet:-1","max-image-preview":"max-image-preview:large","max-video-preview":"max-video-preview:-1"},"canonical":"https:\/\/gradido.net\/es\/countries\/germany\/pilot-projects-in-german-cities\/","og_locale":"es_ES","og_type":"article","og_title":"Deutschland: Pilotprojekte in deutschen St\u00e4dten - Gradido","og_description":"Sei Teil der Bewegung!Gemeinsam bringen wir Gradido in die Welt.","og_url":"https:\/\/gradido.net\/es\/countries\/germany\/pilot-projects-in-german-cities\/","og_site_name":"Gradido","article_modified_time":"2025-11-09T18:33:20+00:00","og_image":[{"width":2560,"height":790,"url":"https:\/\/gradido.net\/wp-content\/uploads\/2025\/07\/AdobeStock_3210827871-scaled.jpeg","type":"image\/jpeg"}],"twitter_card":"summary_large_image","twitter_misc":{"Tiempo de lectura":"6 minutos"},"schema":{"@context":"https:\/\/schema.org","@graph":[{"@type":"WebPage","@id":"https:\/\/gradido.net\/countries\/germany\/pilot-projects-in-german-cities\/","url":"https:\/\/gradido.net\/countries\/germany\/pilot-projects-in-german-cities\/","name":"Alemania: Proyectos piloto en ciudades alemanas - Gradido","isPartOf":{"@id":"https:\/\/gradido.net\/de\/#website"},"primaryImageOfPage":{"@id":"https:\/\/gradido.net\/countries\/germany\/pilot-projects-in-german-cities\/#primaryimage"},"image":{"@id":"https:\/\/gradido.net\/countries\/germany\/pilot-projects-in-german-cities\/#primaryimage"},"thumbnailUrl":"https:\/\/gradido.net\/wp-content\/uploads\/2025\/07\/AdobeStock_3210827871-scaled.jpeg","datePublished":"2025-08-15T11:52:57+00:00","dateModified":"2025-11-09T18:33:20+00:00","description":"Forma parte del movimiento: juntos traeremos Gradido al mundo.","breadcrumb":{"@id":"https:\/\/gradido.net\/countries\/germany\/pilot-projects-in-german-cities\/#breadcrumb"},"inLanguage":"es","potentialAction":[{"@type":"ReadAction","target":["https:\/\/gradido.net\/countries\/germany\/pilot-projects-in-german-cities\/"]}]},{"@type":"ImageObject","inLanguage":"es","@id":"https:\/\/gradido.net\/countries\/germany\/pilot-projects-in-german-cities\/#primaryimage","url":"https:\/\/gradido.net\/wp-content\/uploads\/2025\/07\/AdobeStock_3210827871-scaled.jpeg","contentUrl":"https:\/\/gradido.net\/wp-content\/uploads\/2025\/07\/AdobeStock_3210827871-scaled.jpeg","width":2560,"height":790,"caption":"world globe planet earth 3d-illustration. elements of this image furnished by NASA"},{"@type":"BreadcrumbList","@id":"https:\/\/gradido.net\/countries\/germany\/pilot-projects-in-german-cities\/#breadcrumb","itemListElement":[{"@type":"ListItem","position":1,"name":"Startseite","item":"https:\/\/gradido.net\/"},{"@type":"ListItem","position":2,"name":"L\u00e4nderforschung","item":"https:\/\/gradido.net\/countries\/"},{"@type":"ListItem","position":3,"name":"Deutschland","item":"https:\/\/gradido.net\/countries\/germany\/"},{"@type":"ListItem","position":4,"name":"Deutschland: Pilotprojekte in deutschen St\u00e4dten"}]},{"@type":"WebSite","@id":"https:\/\/gradido.net\/de\/#website","url":"https:\/\/gradido.net\/de\/","name":"Gradido","description":"La nueva moneda es la gratitud","publisher":{"@id":"https:\/\/gradido.net\/de\/#organization"},"potentialAction":[{"@type":"SearchAction","target":{"@type":"EntryPoint","urlTemplate":"https:\/\/gradido.net\/de\/?s={search_term_string}"},"query-input":{"@type":"PropertyValueSpecification","valueRequired":true,"valueName":"search_term_string"}}],"inLanguage":"es"},{"@type":"Organization","@id":"https:\/\/gradido.net\/de\/#organization","name":"Gradido","url":"https:\/\/gradido.net\/de\/","logo":{"@type":"ImageObject","inLanguage":"es","@id":"https:\/\/gradido.net\/de\/#\/schema\/logo\/image\/","url":"https:\/\/gradido.net\/wp-content\/uploads\/2022\/04\/gradido-social.jpg","contentUrl":"https:\/\/gradido.net\/wp-content\/uploads\/2022\/04\/gradido-social.jpg","width":527,"height":273,"caption":"Gradido"},"image":{"@id":"https:\/\/gradido.net\/de\/#\/schema\/logo\/image\/"}}]}},"_links":{"self":[{"href":"https:\/\/gradido.net\/es\/wp-json\/wp\/v2\/pages\/11335","targetHints":{"allow":["GET"]}}],"collection":[{"href":"https:\/\/gradido.net\/es\/wp-json\/wp\/v2\/pages"}],"about":[{"href":"https:\/\/gradido.net\/es\/wp-json\/wp\/v2\/types\/page"}],"author":[{"embeddable":true,"href":"https:\/\/gradido.net\/es\/wp-json\/wp\/v2\/users\/2"}],"replies":[{"embeddable":true,"href":"https:\/\/gradido.net\/es\/wp-json\/wp\/v2\/comments?post=11335"}],"version-history":[{"count":13,"href":"https:\/\/gradido.net\/es\/wp-json\/wp\/v2\/pages\/11335\/revisions"}],"predecessor-version":[{"id":12536,"href":"https:\/\/gradido.net\/es\/wp-json\/wp\/v2\/pages\/11335\/revisions\/12536"}],"up":[{"embeddable":true,"href":"https:\/\/gradido.net\/es\/wp-json\/wp\/v2\/pages\/11280"}],"wp:featuredmedia":[{"embeddable":true,"href":"https:\/\/gradido.net\/es\/wp-json\/wp\/v2\/media\/10458"}],"wp:attachment":[{"href":"https:\/\/gradido.net\/es\/wp-json\/wp\/v2\/media?parent=11335"}],"curies":[{"name":"wp","href":"https:\/\/api.w.org\/{rel}","templated":true}]}}