{"id":12674,"date":"2025-11-15T11:12:31","date_gmt":"2025-11-15T10:12:31","guid":{"rendered":"https:\/\/gradido.net\/?page_id=12674"},"modified":"2025-11-15T11:20:16","modified_gmt":"2025-11-15T10:20:16","slug":"energiewende-und-transformation","status":"publish","type":"page","link":"https:\/\/gradido.net\/es\/what-is-gradido\/vision-2050\/energiewende-und-transformation\/","title":{"rendered":"Transici\u00f3n y transformaci\u00f3n energ\u00e9ticas"},"content":{"rendered":"<div data-elementor-type=\"wp-page\" data-elementor-id=\"12674\" class=\"elementor elementor-12674\" data-elementor-post-type=\"page\">\n\t\t\t\t\t\t<section class=\"elementor-section elementor-top-section elementor-element elementor-element-4ce3e8af elementor-section-full_width elementor-section-height-default elementor-section-height-default\" data-id=\"4ce3e8af\" data-element_type=\"section\" data-e-type=\"section\">\n\t\t\t\t\t\t<div class=\"elementor-container elementor-column-gap-no\">\n\t\t\t\t\t<div class=\"elementor-column elementor-col-100 elementor-top-column elementor-element elementor-element-efa8c8c\" data-id=\"efa8c8c\" data-element_type=\"column\" data-e-type=\"column\">\n\t\t\t<div class=\"elementor-widget-wrap elementor-element-populated\">\n\t\t\t\t\t\t<div class=\"elementor-element elementor-element-e088aa4 elementor--h-position-center elementor--v-position-middle elementor-arrows-position-inside elementor-widget elementor-widget-slides\" data-id=\"e088aa4\" data-element_type=\"widget\" data-e-type=\"widget\" data-settings=\"{&quot;navigation&quot;:&quot;arrows&quot;,&quot;autoplay&quot;:&quot;yes&quot;,&quot;pause_on_hover&quot;:&quot;yes&quot;,&quot;pause_on_interaction&quot;:&quot;yes&quot;,&quot;autoplay_speed&quot;:5000,&quot;infinite&quot;:&quot;yes&quot;,&quot;transition&quot;:&quot;slide&quot;,&quot;transition_speed&quot;:500}\" data-widget_type=\"slides.default\">\n\t\t\t\t<div class=\"elementor-widget-container\">\n\t\t\t\t\t\t\t\t\t<div class=\"elementor-swiper\">\n\t\t\t\t\t<div class=\"elementor-slides-wrapper elementor-main-swiper swiper\" role=\"region\" aria-roledescription=\"carousel\" aria-label=\"Deslizador\" dir=\"ltr\" data-animation=\"fadeInUp\">\n\t\t\t\t<div class=\"swiper-wrapper elementor-slides\">\n\t\t\t\t\t\t\t\t\t\t<div class=\"elementor-repeater-item-2de4990 swiper-slide\" role=\"group\" aria-roledescription=\"slide\"><div class=\"swiper-slide-bg\" role=\"img\" aria-label=\"D\u00eda Mundial de la Infancia, los ni\u00f1os multiculturales levantan los brazos y las manos hacia corazones pintados a mano en el cielo.\"><\/div><div class=\"swiper-slide-inner\" ><div class=\"swiper-slide-contents\"><\/div><\/div><\/div><div class=\"elementor-repeater-item-28f126e swiper-slide\" role=\"group\" aria-roledescription=\"slide\"><div class=\"swiper-slide-bg\" role=\"img\" aria-label=\"Concepto del D\u00eda de la Tierra: mano sosteniendo planta y tierra sobre fondo borroso de naturaleza verde.\"><\/div><div class=\"swiper-slide-inner\" ><div class=\"swiper-slide-contents\"><\/div><\/div><\/div><div class=\"elementor-repeater-item-992da35 swiper-slide\" role=\"group\" aria-roledescription=\"slide\"><div class=\"swiper-slide-bg\" role=\"img\" aria-label=\"paloma de la paz\"><\/div><div class=\"swiper-slide-inner\" ><div class=\"swiper-slide-contents\"><\/div><\/div><\/div>\t\t\t\t<\/div>\n\t\t\t\t\t\t\t\t\t\t\t\t\t\t\t<div class=\"elementor-swiper-button elementor-swiper-button-prev\" role=\"button\" tabindex=\"0\" aria-label=\"Diapositiva precedente\" data-no-translation-aria-label=\"\">\n\t\t\t\t\t\t\t<i aria-hidden=\"true\" class=\"eicon-chevron-left\"><\/i>\t\t\t\t\t\t<\/div>\n\t\t\t\t\t\t<div class=\"elementor-swiper-button elementor-swiper-button-next\" role=\"button\" tabindex=\"0\" aria-label=\"Diapositiva successiva\" data-no-translation-aria-label=\"\">\n\t\t\t\t\t\t\t<i aria-hidden=\"true\" class=\"eicon-chevron-right\"><\/i>\t\t\t\t\t\t<\/div>\n\t\t\t\t\t\t\t\t\t\t\t\t\t\t\t\t\t<\/div>\n\t\t\t\t<\/div>\n\t\t\t\t\t\t\t\t<\/div>\n\t\t\t\t<\/div>\n\t\t\t\t\t<\/div>\n\t\t<\/div>\n\t\t\t\t\t<\/div>\n\t\t<\/section>\n\t\t\t\t<section class=\"elementor-section elementor-top-section elementor-element elementor-element-240baa7a elementor-section-boxed elementor-section-height-default elementor-section-height-default\" data-id=\"240baa7a\" data-element_type=\"section\" data-e-type=\"section\" data-settings=\"{&quot;background_background&quot;:&quot;classic&quot;}\">\n\t\t\t\t\t\t<div class=\"elementor-container elementor-column-gap-default\">\n\t\t\t\t\t<div class=\"elementor-column elementor-col-100 elementor-top-column elementor-element elementor-element-1afe9e42\" data-id=\"1afe9e42\" data-element_type=\"column\" data-e-type=\"column\">\n\t\t\t<div class=\"elementor-widget-wrap elementor-element-populated\">\n\t\t\t\t\t\t<div class=\"elementor-element elementor-element-65bd50ae elementor-widget elementor-widget-heading\" data-id=\"65bd50ae\" data-element_type=\"widget\" data-e-type=\"widget\" data-widget_type=\"heading.default\">\n\t\t\t\t<div class=\"elementor-widget-container\">\n\t\t\t\t\t<h1 class=\"elementor-heading-title elementor-size-default\">Transici\u00f3n y transformaci\u00f3n energ\u00e9ticas: el camino hacia el para\u00edso terrenal<\/h1>\t\t\t\t<\/div>\n\t\t\t\t<\/div>\n\t\t\t\t\t<\/div>\n\t\t<\/div>\n\t\t\t\t\t<\/div>\n\t\t<\/section>\n\t\t\t\t<section class=\"elementor-section elementor-top-section elementor-element elementor-element-446540f elementor-section-boxed elementor-section-height-default elementor-section-height-default\" data-id=\"446540f\" data-element_type=\"section\" data-e-type=\"section\">\n\t\t\t\t\t\t<div class=\"elementor-container elementor-column-gap-default\">\n\t\t\t\t\t<div class=\"elementor-column elementor-col-100 elementor-top-column elementor-element elementor-element-312a2d3\" data-id=\"312a2d3\" data-element_type=\"column\" data-e-type=\"column\">\n\t\t\t<div class=\"elementor-widget-wrap elementor-element-populated\">\n\t\t\t\t\t\t<div class=\"elementor-element elementor-element-24fa76e elementor-nav-menu--dropdown-tablet elementor-nav-menu__text-align-aside elementor-nav-menu--toggle elementor-nav-menu--burger elementor-widget elementor-widget-nav-menu\" data-id=\"24fa76e\" data-element_type=\"widget\" data-e-type=\"widget\" data-settings=\"{&quot;layout&quot;:&quot;horizontal&quot;,&quot;submenu_icon&quot;:{&quot;value&quot;:&quot;&lt;i class=\\&quot;fas fa-caret-down\\&quot; aria-hidden=\\&quot;true\\&quot;&gt;&lt;\\\/i&gt;&quot;,&quot;library&quot;:&quot;fa-solid&quot;},&quot;toggle&quot;:&quot;burger&quot;}\" data-widget_type=\"nav-menu.default\">\n\t\t\t\t<div class=\"elementor-widget-container\">\n\t\t\t\t\t\t\t\t<nav aria-label=\"Investigaci\u00f3n sobre la prosperidad\" class=\"elementor-nav-menu--main elementor-nav-menu__container elementor-nav-menu--layout-horizontal e--pointer-underline e--animation-grow\">\n\t\t\t\t<ul id=\"menu-1-24fa76e\" class=\"elementor-nav-menu\"><li class=\"menu-item menu-item-type-custom menu-item-object-custom menu-item-has-children menu-item-12050\"><a class=\"elementor-item\">Sistema monetario y econ\u00f3mico<\/a>\n<ul class=\"sub-menu elementor-nav-menu--dropdown\">\n\t<li class=\"menu-item menu-item-type-post_type menu-item-object-page menu-item-12640\"><a href=\"https:\/\/gradido.net\/es\/what-is-gradido\/vergleich-der-waehrungssysteme\/\" class=\"elementor-sub-item\">Comparaci\u00f3n de sistemas monetarios<\/a><\/li>\n\t<li class=\"menu-item menu-item-type-post_type menu-item-object-page menu-item-12047\"><a href=\"https:\/\/gradido.net\/es\/what-is-gradido\/economic-bionics\/\" class=\"elementor-sub-item\">Bi\u00f3nica econ\u00f3mica<\/a><\/li>\n\t<li class=\"menu-item menu-item-type-post_type menu-item-object-page menu-item-12046\"><a href=\"https:\/\/gradido.net\/es\/what-is-gradido\/financial-system\/\" class=\"elementor-sub-item\">Errores fatales en el sistema financiero<\/a><\/li>\n\t<li class=\"menu-item menu-item-type-post_type menu-item-object-page menu-item-12049\"><a href=\"https:\/\/gradido.net\/es\/what-is-gradido\/basic-income\/\" class=\"elementor-sub-item\">Ingreso b\u00e1sico<\/a><\/li>\n<\/ul>\n<\/li>\n<li class=\"menu-item menu-item-type-custom menu-item-object-custom menu-item-has-children menu-item-12052\"><a class=\"elementor-item\">Visi\u00f3n 2050<\/a>\n<ul class=\"sub-menu elementor-nav-menu--dropdown\">\n\t<li class=\"menu-item menu-item-type-post_type menu-item-object-page menu-item-12583\"><a href=\"https:\/\/gradido.net\/es\/what-is-gradido\/vision-2050\/\" class=\"elementor-sub-item\">Visi\u00f3n 2050<\/a><\/li>\n<\/ul>\n<\/li>\n<li class=\"menu-item menu-item-type-custom menu-item-object-custom menu-item-has-children menu-item-12051\"><a class=\"elementor-item\">Cooperaci\u00f3n<\/a>\n<ul class=\"sub-menu elementor-nav-menu--dropdown\">\n\t<li class=\"menu-item menu-item-type-post_type menu-item-object-page menu-item-12048\"><a href=\"https:\/\/gradido.net\/es\/what-is-gradido\/greatcooperation\/\" class=\"elementor-sub-item\">Great Cooperation<\/a><\/li>\n<\/ul>\n<\/li>\n<\/ul>\t\t\t<\/nav>\n\t\t\t\t\t<div class=\"elementor-menu-toggle\" role=\"button\" tabindex=\"0\" aria-label=\"Alternar men\u00fa\" aria-expanded=\"false\">\n\t\t\t<i aria-hidden=\"true\" role=\"presentation\" class=\"elementor-menu-toggle__icon--open eicon-menu-bar\"><\/i><i aria-hidden=\"true\" role=\"presentation\" class=\"elementor-menu-toggle__icon--close eicon-close\"><\/i>\t\t<\/div>\n\t\t\t\t\t<nav class=\"elementor-nav-menu--dropdown elementor-nav-menu__container\" aria-hidden=\"true\">\n\t\t\t\t<ul id=\"menu-2-24fa76e\" class=\"elementor-nav-menu\"><li class=\"menu-item menu-item-type-custom menu-item-object-custom menu-item-has-children menu-item-12050\"><a class=\"elementor-item\" tabindex=\"-1\">Sistema monetario y econ\u00f3mico<\/a>\n<ul class=\"sub-menu elementor-nav-menu--dropdown\">\n\t<li class=\"menu-item menu-item-type-post_type menu-item-object-page menu-item-12640\"><a href=\"https:\/\/gradido.net\/es\/what-is-gradido\/vergleich-der-waehrungssysteme\/\" class=\"elementor-sub-item\" tabindex=\"-1\">Comparaci\u00f3n de sistemas monetarios<\/a><\/li>\n\t<li class=\"menu-item menu-item-type-post_type menu-item-object-page menu-item-12047\"><a href=\"https:\/\/gradido.net\/es\/what-is-gradido\/economic-bionics\/\" class=\"elementor-sub-item\" tabindex=\"-1\">Bi\u00f3nica econ\u00f3mica<\/a><\/li>\n\t<li class=\"menu-item menu-item-type-post_type menu-item-object-page menu-item-12046\"><a href=\"https:\/\/gradido.net\/es\/what-is-gradido\/financial-system\/\" class=\"elementor-sub-item\" tabindex=\"-1\">Errores fatales en el sistema financiero<\/a><\/li>\n\t<li class=\"menu-item menu-item-type-post_type menu-item-object-page menu-item-12049\"><a href=\"https:\/\/gradido.net\/es\/what-is-gradido\/basic-income\/\" class=\"elementor-sub-item\" tabindex=\"-1\">Ingreso b\u00e1sico<\/a><\/li>\n<\/ul>\n<\/li>\n<li class=\"menu-item menu-item-type-custom menu-item-object-custom menu-item-has-children menu-item-12052\"><a class=\"elementor-item\" tabindex=\"-1\">Visi\u00f3n 2050<\/a>\n<ul class=\"sub-menu elementor-nav-menu--dropdown\">\n\t<li class=\"menu-item menu-item-type-post_type menu-item-object-page menu-item-12583\"><a href=\"https:\/\/gradido.net\/es\/what-is-gradido\/vision-2050\/\" class=\"elementor-sub-item\" tabindex=\"-1\">Visi\u00f3n 2050<\/a><\/li>\n<\/ul>\n<\/li>\n<li class=\"menu-item menu-item-type-custom menu-item-object-custom menu-item-has-children menu-item-12051\"><a class=\"elementor-item\" tabindex=\"-1\">Cooperaci\u00f3n<\/a>\n<ul class=\"sub-menu elementor-nav-menu--dropdown\">\n\t<li class=\"menu-item menu-item-type-post_type menu-item-object-page menu-item-12048\"><a href=\"https:\/\/gradido.net\/es\/what-is-gradido\/greatcooperation\/\" class=\"elementor-sub-item\" tabindex=\"-1\">Great Cooperation<\/a><\/li>\n<\/ul>\n<\/li>\n<\/ul>\t\t\t<\/nav>\n\t\t\t\t\t\t<\/div>\n\t\t\t\t<\/div>\n\t\t\t\t<div class=\"elementor-element elementor-element-8d066df elementor-widget elementor-widget-breadcrumbs\" data-id=\"8d066df\" data-element_type=\"widget\" data-e-type=\"widget\" data-widget_type=\"breadcrumbs.default\">\n\t\t\t\t<div class=\"elementor-widget-container\">\n\t\t\t\t\t<p id=\"breadcrumbs\"><span><span><a href=\"https:\/\/gradido.net\/es\/\">P\u00e1gina web<\/a><\/span><\/span><\/p>\t\t\t\t<\/div>\n\t\t\t\t<\/div>\n\t\t\t\t<div class=\"elementor-element elementor-element-a9db9a5 elementor-widget elementor-widget-text-editor\" data-id=\"a9db9a5\" data-element_type=\"widget\" data-e-type=\"widget\" data-widget_type=\"text-editor.default\">\n\t\t\t\t<div class=\"elementor-widget-container\">\n\t\t\t\t\t\t\t\t\t<h2 style=\"text-align: center;\"><a href=\"https:\/\/gradido.net\/es\/what-is-gradido\/vision-2050\/\">P\u00e1gina principal: Visi\u00f3n 2050<\/a><\/h2><p style=\"text-align: center;\"><strong>Subp\u00e1ginas:<\/strong><\/p><p style=\"text-align: center;\"><strong>Transici\u00f3n y transformaci\u00f3n energ\u00e9ticas: el camino hacia el para\u00edso terrenal<\/strong><\/p>\t\t\t\t\t\t\t\t<\/div>\n\t\t\t\t<\/div>\n\t\t\t\t<div class=\"elementor-element elementor-element-d7bb196 elementor-widget-divider--view-line elementor-widget elementor-widget-divider\" data-id=\"d7bb196\" data-element_type=\"widget\" data-e-type=\"widget\" data-widget_type=\"divider.default\">\n\t\t\t\t<div class=\"elementor-widget-container\">\n\t\t\t\t\t\t\t<div class=\"elementor-divider\">\n\t\t\t<span class=\"elementor-divider-separator\">\n\t\t\t\t\t\t<\/span>\n\t\t<\/div>\n\t\t\t\t\t\t<\/div>\n\t\t\t\t<\/div>\n\t\t\t\t<div class=\"elementor-element elementor-element-146ff9d elementor-widget elementor-widget-text-editor\" data-id=\"146ff9d\" data-element_type=\"widget\" data-e-type=\"widget\" data-widget_type=\"text-editor.default\">\n\t\t\t\t<div class=\"elementor-widget-container\">\n\t\t\t\t\t\t\t\t\t<p data-pm-slice=\"0 0 []\"><em>Los contenidos reflejan los resultados de las investigaciones y an\u00e1lisis de Perplexity y no representan una expresi\u00f3n de opini\u00f3n por parte de Gradido. Su objetivo es proporcionar informaci\u00f3n y estimular el debate.<\/em><\/p><h1 data-pm-slice=\"0 0 []\">Transici\u00f3n y transformaci\u00f3n energ\u00e9ticas: el camino hacia el para\u00edso terrenal<\/h1><h2>C\u00f3mo Gradido, la permacultura y la IA colaboran para crear un futuro sostenible<\/h2><div><hr \/><\/div><h2>\u00cdndice<\/h2><ol data-tight=\"true\"><li><p><span data-wiki-page=\"\">Introducci\u00f3n: La crisis energ\u00e9tica de nuestro tiempo<\/span><\/p><\/li><li><p><span data-wiki-page=\"\">Bitcoin: la cat\u00e1strofe energ\u00e9tica de la era digital<\/span><\/p><\/li><li><p><span data-wiki-page=\"\">Revoluci\u00f3n de la IA: \u00bfhambre de energ\u00eda o motor de eficiencia?<\/span><\/p><\/li><li><p><span data-wiki-page=\"\">La soluci\u00f3n Gradido: reducci\u00f3n sist\u00e9mica de la energ\u00eda mediante un nuevo sistema monetario<\/span><\/p><\/li><li><p><span data-wiki-page=\"\">Permacultura: la misma productividad con una fracci\u00f3n de la energ\u00eda<\/span><\/p><\/li><li><p><span data-wiki-page=\"\">El principio del para\u00edso: vivir cerca de la naturaleza con el m\u00ednimo consumo de energ\u00eda<\/span><\/p><\/li><li><p><span data-wiki-page=\"\">La cadena de transformaci\u00f3n completa: de la salud a la paz<\/span><\/p><\/li><li><p><span data-wiki-page=\"\">Cuantificaci\u00f3n: 65-80% Reducci\u00f3n de energ\u00eda posible<\/span><\/p><\/li><li><p><span data-wiki-page=\"\">Conclusi\u00f3n: el para\u00edso terrenal es cient\u00edficamente factible<\/span><\/p><\/li><\/ol><div><hr \/><\/div><h2>Resumen<\/h2><p>Este informe analiza el consumo mundial de energ\u00eda de diversas tecnolog\u00edas y sistemas y muestra c\u00f3mo es posible una transformaci\u00f3n fundamental hacia un futuro paradis\u00edaco y sostenible. Principales conclusiones:<\/p><ul data-tight=\"true\"><li><p><strong>Bitcoin consume 138-176 TWh\/a\u00f1o<\/strong> (como Polonia), con 1.216 kWh por transacci\u00f3n, un desastre ecol\u00f3gico<\/p><\/li><li><p><strong>La IA superar\u00e1 al Bitcoin en 2025<\/strong> y podr\u00eda crecer hasta 200-900 TWh\/a\u00f1o en 2030<\/p><\/li><li><p><strong>Parques solares del S\u00e1hara<\/strong> te\u00f3ricamente podr\u00eda abastecer al mundo, pero a partir de la cobertura 20% existe el riesgo de una alteraci\u00f3n clim\u00e1tica global<\/p><\/li><li><p><strong>Sistema monetario Gradido<\/strong> elimina las limitaciones de crecimiento y podr\u00eda ahorrar entre 40 y 60% de consumo energ\u00e9tico.<\/p><\/li><li><p><strong>Permacultura<\/strong> consigue la misma productividad que la agricultura convencional con 60-80% menos energ\u00eda<\/p><\/li><li><p><strong>Estilo de vida natural<\/strong> consume 75-90% menos energ\u00eda con una mayor calidad de vida<\/p><\/li><li><p><strong>La soluci\u00f3n completa<\/strong> Gradido + permacultura + IA como herramienta podr\u00edan ahorrar 65-80% del consumo mundial de energ\u00eda<\/p><\/li><\/ul><p>Las pruebas cient\u00edficas demuestran que una vida paradis\u00edaca para todas las personas no s\u00f3lo es posible, sino tambi\u00e9n m\u00e1s eficiente energ\u00e9ticamente que nuestro sistema actual.<\/p><div><hr \/><\/div><h2>1 Introducci\u00f3n: La crisis energ\u00e9tica de nuestro tiempo<\/h2><p>La humanidad se enfrenta a un aparente dilema: por un lado, necesitamos m\u00e1s energ\u00eda para el progreso tecnol\u00f3gico (Bitcoin, IA, centros de datos), pero por otro, necesitamos urgentemente reducir nuestro consumo energ\u00e9tico y respetar los l\u00edmites planetarios.<\/p><p><strong>La tesis central de este informe:<\/strong> Este dilema es artificial. Mediante una transformaci\u00f3n sist\u00e9mica, la humanidad podr\u00eda hacer posible una vida paradis\u00edaca para todos con una fracci\u00f3n del consumo energ\u00e9tico actual.<\/p><p>Empezamos analizando los actuales devoradores de energ\u00eda y luego desarrollamos una visi\u00f3n de un futuro transformado.<\/p><div><hr \/><\/div><h2>2 Bitcoin: la cat\u00e1strofe energ\u00e9tica de la era digital<\/h2><h3>2.1 Cifras alarmantes<\/h3><p>Bitcoin es, con diferencia, el sistema monetario que m\u00e1s energ\u00eda consume:<\/p><p><strong>Por transacci\u00f3n:<\/strong><\/p><ul data-tight=\"true\"><li><p><strong>1.216 kWh de consumo el\u00e9ctrico<\/strong> (a abril de 2025)<\/p><\/li><li><p>Esto corresponde al consumo de electricidad de un hogar alem\u00e1n de 2 personas durante <strong>cinco meses<\/strong><\/p><\/li><li><p>El consumo de energ\u00eda de una transacci\u00f3n de Bitcoin podr\u00eda <strong>1,5 millones de transacciones con VISA<\/strong> llevarse a cabo<\/p><\/li><\/ul><p><strong>Consumo anual total:<\/strong><\/p><ul data-tight=\"true\"><li><p><strong>138-176 TWh al a\u00f1o<\/strong> (2025) - corresponde al consumo de electricidad de <strong>Polonia<\/strong><\/p><\/li><li><p>Desde 2020, este consumo ha aumentado <strong>2,5 veces<\/strong> mayor<\/p><\/li><\/ul><h3>2.2 Dependencia de los combustibles f\u00f3siles<\/h3><p>Bitcoin depende en gran medida de los combustibles f\u00f3siles:<\/p><ul data-tight=\"true\"><li><p><strong>45% Carb\u00f3n<\/strong><\/p><\/li><li><p><strong>21% Gas natural<\/strong><\/p><\/li><li><p>S\u00f3lo <strong>5% Viento<\/strong> y <strong>2% Solar<\/strong><\/p><\/li><li><p>En total <strong>67% Fuentes de energ\u00eda f\u00f3siles<\/strong><\/p><\/li><\/ul><h3>2.3 Requisitos de indemnizaci\u00f3n<\/h3><p>Para compensar las emisiones de CO2 procedentes \u00fanicamente de la miner\u00eda china de Bitcoin (2020-2021), habr\u00eda que hacer lo siguiente <strong>2.000 millones de \u00e1rboles<\/strong> una superficie equivalente a la de Portugal m\u00e1s Irlanda. Globalmente, esto supondr\u00eda <strong>3 900 millones de \u00e1rboles<\/strong> necesario (zona como los Pa\u00edses Bajos, Suiza o Dinamarca).<\/p><h3>2,4 Costes de electricidad por transacci\u00f3n<\/h3><p>Al precio actual de la electricidad en Alemania (unos 0,40 euros\/kWh):<\/p><ul data-tight=\"true\"><li><p><strong>1.216 kWh \u00d7 0,40 euros = 486 euros<\/strong> es lo que costar\u00eda una sola transacci\u00f3n de Bitcoin en electricidad<\/p><\/li><li><p>Con el precio de la electricidad comercial (aprox. 0,25 euros\/kWh) a\u00fan por encima de <strong>300 \u20ac<\/strong><\/p><\/li><\/ul><h3>2.5 Espect\u00e1culo de criptomonedas alternativas: Hay otro camino<\/h3><ul data-tight=\"true\"><li><p><strong>Ethereum<\/strong> redujo su consumo de energ\u00eda al cambiar a proof-of-stake en un <strong>99,95%<\/strong><\/p><\/li><li><p><strong>Algoritmo<\/strong> consume s\u00f3lo 0,000008 kWh por transacci\u00f3n - <strong>150 millones de veces m\u00e1s eficiente<\/strong> como Bitcoin<\/p><\/li><\/ul><p><strong>Conclusi\u00f3n:<\/strong> Bitcoin es un desastre ecol\u00f3gico sin soluci\u00f3n estructural en el dise\u00f1o actual.<\/p><div><hr \/><\/div><h2>3 La revoluci\u00f3n de la IA: \u00bfhambre de energ\u00eda o motor de eficiencia?<\/h2><h3>3.1 Situaci\u00f3n actual (2024-2025)<\/h3><p><strong>Consumo de energ\u00eda de Bitcoin:<\/strong><\/p><ul data-tight=\"true\"><li><p>Anual: 138-176 TWh (equivalente a Polonia)<\/p><\/li><li><p>Potencia: ~10 gigavatios constantes<\/p><\/li><li><p>Tendencia: relativamente estable<\/p><\/li><\/ul><p><strong>Consumo de energ\u00eda de la IA:<\/strong><\/p><ul data-tight=\"true\"><li><p>2023: 20-40 TWh (s\u00f3lo centros de datos espec\u00edficos de IA)<\/p><\/li><li><p>2024: 46-82 TWh<\/p><\/li><li><p>Porcentaje de centros de datos: 5-20% de la energ\u00eda mundial de los centros de datos<\/p><\/li><\/ul><p><strong>Comparaci\u00f3n actual:<\/strong> Actualmente, Bitcoin sigue consumiendo <strong>2-3 veces m\u00e1s<\/strong> Energ\u00eda que IA, pero la IA se est\u00e1 poniendo al d\u00eda r\u00e1pidamente.<\/p><h3>3.2 Previsiones para el futuro<\/h3><p><strong>Hasta finales de 2025:<\/strong><\/p><ul data-tight=\"true\"><li><p>Aumenta el consumo de IA <strong>23 GW<\/strong> frente a los 10 GW de Bitcoin<\/p><\/li><li><p><strong>La IA superar\u00e1 al Bitcoin<\/strong><\/p><\/li><li><p>La IA podr\u00eda llegar a <strong>50% de toda la energ\u00eda de los centros de datos<\/strong> consumo (antes 20%)<\/p><\/li><\/ul><p><strong>Para 2030:<\/strong><\/p><ul data-tight=\"true\"><li><p><strong>Consumo de energ\u00eda de la IA:<\/strong> 200-900 TWh al a\u00f1o (seg\u00fan el escenario)<\/p><ul data-tight=\"true\"><li><p>Conservador: 200-400 TWh (35-50% de todos los centros de datos)<\/p><\/li><li><p>Pesimista: hasta 900 TWh<\/p><\/li><\/ul><\/li><li><p><strong>Total de centros de datos mundiales:<\/strong> De 415 TWh (2024) a 945 TWh (2030)<\/p><\/li><li><p><strong>Bitcoin:<\/strong> Probablemente se mantendr\u00e1 a un nivel similar (~150-200 TWh)<\/p><\/li><\/ul><p><strong>Desarrollo de EE.UU:<\/strong><\/p><ul data-tight=\"true\"><li><p>Centros de datos estadounidenses: de 148 TWh (2023) a <strong>606 TWh (2030)<\/strong> - uno <strong>Cuadruplicar<\/strong><\/p><\/li><li><p>Planes de la administraci\u00f3n Trump <strong>500.000 millones de d\u00f3lares<\/strong> Inversi\u00f3n en infraestructura de IA<\/p><\/li><\/ul><h3>3.3 \u00bfPor qu\u00e9 crece tan r\u00e1pido el consumo de IA?<\/h3><ol data-tight=\"true\"><li><p><strong>\u201eMentalidad de \u201ccuanto m\u00e1s grande, mejor\":<\/strong> Modelos m\u00e1s grandes = m\u00e1s par\u00e1metros = m\u00e1s potencia de c\u00e1lculo<\/p><\/li><li><p><strong>Crecimiento exponencial:<\/strong> El entrenamiento de grandes modelos ling\u00fc\u00edsticos consume la energ\u00eda de cientos de hogares<\/p><\/li><li><p><strong>La paradoja de Jevons:<\/strong> A pesar de que los chips son m\u00e1s eficientes, el consumo global aumenta debido a un mayor uso<\/p><\/li><li><p><strong>Chips de inteligencia artificial:<\/strong> Nvidia A100 consume 5 veces m\u00e1s que las CPU normales<\/p><\/li><li><p><strong>Centros de datos a hiperescala:<\/strong> Nuevos sistemas a gran escala para cargas de trabajo de IA<\/p><\/li><\/ol><h3>3.4 Tabla comparativa: IA frente a Bitcoin<\/h3><table><tbody><tr><th><p>A\u00f1o<\/p><\/th><th><p>Bitcoin<\/p><\/th><th><p>AI<\/p><\/th><th><p>Ratio<\/p><\/th><\/tr><tr><td><p>2023<\/p><\/td><td><p>150-170 TWh<\/p><\/td><td><p>20-40 TWh<\/p><\/td><td><p>Bitcoin 4-8 veces superior<\/p><\/td><\/tr><tr><td><p>2024<\/p><\/td><td><p>138-176 TWh<\/p><\/td><td><p>46-82 TWh<\/p><\/td><td><p>Bitcoin 2-3 veces m\u00e1s alto<\/p><\/td><\/tr><tr><td><p>2025 (previsi\u00f3n)<\/p><\/td><td><p>~150-180 TWh<\/p><\/td><td><p>~100-150 TWh<\/p><\/td><td><p>M\u00e1s o menos lo mismo<\/p><\/td><\/tr><tr><td><p>2030 (previsi\u00f3n)<\/p><\/td><td><p>~150-200 TWh<\/p><\/td><td><p>200-900 TWh<\/p><\/td><td><p><strong>IA 2-5 veces superior<\/strong><\/p><\/td><\/tr><\/tbody><\/table><h3>3.5 Ordenadores cu\u00e1nticos: potencial y l\u00edmites<\/h3><p><strong>Potencial para la miner\u00eda de Bitcoin:<\/strong><\/p><ul data-tight=\"true\"><li><p>Los estudios demuestran <strong>90-95% Reducci\u00f3n de energ\u00eda<\/strong> posible gracias a la miner\u00eda cu\u00e1ntica<\/p><\/li><li><p>Ahorro estimado en <strong>126,7 TWh<\/strong> (equivalente al consumo anual de Suecia)<\/p><\/li><li><p>La miner\u00eda cu\u00e1ntica podr\u00eda <strong>1.000 veces m\u00e1s eficiente energ\u00e9ticamente<\/strong> sea<\/p><\/li><\/ul><p><strong>Pero: Grandes restricciones<\/strong><\/p><ul data-tight=\"true\"><li><p>Requiere al menos <strong>512 qubits<\/strong> para un funcionamiento eficaz<\/p><\/li><li><p>Actualmente los ordenadores cu\u00e1nticos m\u00e1s potentes: IBM Osprey (433 qubits), D-Wave (512 qubits)<\/p><\/li><li><p><strong>La tecnolog\u00eda a\u00fan est\u00e1 en pa\u00f1ales<\/strong> - Faltan a\u00f1os para la aplicaci\u00f3n pr\u00e1ctica<\/p><\/li><li><p>Costes elevados y complejidad t\u00e9cnica<\/p><\/li><\/ul><p><strong>Conclusi\u00f3n:<\/strong> Los ordenadores cu\u00e1nticos son prometedores en teor\u00eda, pero a\u00fan est\u00e1n a d\u00e9cadas de distancia de su uso generalizado en la pr\u00e1ctica. <strong>Ninguna soluci\u00f3n a corto plazo<\/strong> por la crisis energ\u00e9tica.<\/p><div><hr \/><\/div><h2>4 La soluci\u00f3n Gradido: reducci\u00f3n sist\u00e9mica de la energ\u00eda mediante un nuevo sistema monetario<\/h2><h3>4.1 El problema del sistema monetario fiduciario<\/h3><p><strong>Crecimiento forzado a trav\u00e9s del sistema de tipos de inter\u00e9s:<\/strong><\/p><ul data-tight=\"true\"><li><p>El dinero s\u00f3lo se crea mediante pr\u00e9stamos con obligaci\u00f3n de pago de intereses<\/p><\/li><li><p>La econom\u00eda debe crecer permanentemente para hacer frente a la carga de intereses<\/p><\/li><li><p>Esto fuerza: la sobreexplotaci\u00f3n de los recursos, la transgresi\u00f3n de los l\u00edmites planetarios, la destrucci\u00f3n de la naturaleza<\/p><\/li><\/ul><p><strong>Residuos estructurales:<\/strong><\/p><ul data-tight=\"true\"><li><p>Especulaci\u00f3n y formaci\u00f3n de burbujas<\/p><\/li><li><p>Obsolescencia programada<\/p><\/li><li><p>Sobreproducci\u00f3n para los ricos<\/p><\/li><li><p>Competencia en lugar de cooperaci\u00f3n<\/p><\/li><li><p>Marketing y publicidad (700.000 millones de d\u00f3lares en todo el mundo)<\/p><\/li><\/ul><h3>4.2 Gradido: el sistema monetario alternativo<\/h3><p><strong>Triple creaci\u00f3n de dinero:<\/strong><\/p><p>Cada mes se crean 3.000 gradidos (GDD) para cada persona:<\/p><ol data-tight=\"true\"><li><p><strong>1.000 GDD como renta b\u00e1sica activa<\/strong> - Participaci\u00f3n incondicional para todos<\/p><\/li><li><p><strong>1.000 GDD para el presupuesto p\u00fablico<\/strong> - Infraestructuras, sanidad y educaci\u00f3n sin impuestos<\/p><\/li><li><p><strong>1.000 GDD para fondos de nivelaci\u00f3n y medio ambiente<\/strong> - con 8.000 millones de personas = <strong>8 billones de GDD al mes<\/strong> resp. <strong>96 billones de GDD anuales<\/strong> para proyectos medioambientales<\/p><\/li><\/ol><p><strong>Autorregulaci\u00f3n:<\/strong><\/p><ul data-tight=\"true\"><li><p>50% de transitoriedad al a\u00f1o (aprox. 5,6% al mes)<\/p><\/li><li><p>Evita la inflaci\u00f3n y la acumulaci\u00f3n<\/p><\/li><li><p>Favorece la circulaci\u00f3n en lugar de la acumulaci\u00f3n<\/p><\/li><\/ul><p><strong>Sin deudas:<\/strong><\/p><ul data-tight=\"true\"><li><p>Un juego de suma positiva en el que todos salen beneficiados<\/p><\/li><li><p>Sin carga de intereses, sin necesidad de crecimiento<\/p><\/li><\/ul><h3>4.3 Ahorro de energ\u00eda gracias a Gradido<\/h3><p><strong>Eliminaci\u00f3n de sectores destructivos:<\/strong><\/p><table><tbody><tr><th><p>Gama<\/p><\/th><th><p>Residuos actuales<\/p><\/th><th><p>Potencial de ahorro<\/p><\/th><\/tr><tr><td><p>Sector financiero (derivados, negociaci\u00f3n de alta frecuencia)<\/p><\/td><td><p>2-3% energ\u00eda global<\/p><\/td><td><p>80-90% Reducci\u00f3n<\/p><\/td><\/tr><tr><td><p>Industria publicitaria<\/p><\/td><td><p>1-2% energ\u00eda global<\/p><\/td><td><p>90-95% Reducci\u00f3n<\/p><\/td><\/tr><tr><td><p>Obsolescencia programada<\/p><\/td><td><p>15-20% Energ\u00eda de producci\u00f3n<\/p><\/td><td><p>60-70% Reducci\u00f3n<\/p><\/td><\/tr><tr><td><p>Sobreproducci\u00f3n<\/p><\/td><td><p>30-40% Exceso de capacidad<\/p><\/td><td><p>50-60% Reducci\u00f3n<\/p><\/td><\/tr><tr><td><p>Gastos generales competitivos (doble I+D)<\/p><\/td><td><p>10-15% I+D\/Marketing<\/p><\/td><td><p>Reducci\u00f3n 70-80%<\/p><\/td><\/tr><tr><td><p>Transporte (global)<\/p><\/td><td><p>25% Energ\u00eda total<\/p><\/td><td><p>30-40% Reducci\u00f3n<\/p><\/td><\/tr><tr><td><p>Burocracia (administraci\u00f3n fiscal)<\/p><\/td><td><p>2-3% Energ\u00eda total<\/p><\/td><td><p>60-70% Reducci\u00f3n<\/p><\/td><\/tr><\/tbody><\/table><p><strong>Potencial total: 40-60% Reducci\u00f3n del consumo global de energ\u00eda<\/strong><\/p><h3>4.4 Transformaci\u00f3n psicol\u00f3gica<\/h3><p><strong>De la escasez a la abundancia:<\/strong><\/p><ul data-tight=\"true\"><li><p>La renta b\u00e1sica elimina el miedo existencial \u2192 no hay que comprar h\u00e1msters<\/p><\/li><li><p>Estatus a trav\u00e9s de la contribuci\u00f3n en lugar de la propiedad \u2192 menos consumo<\/p><\/li><li><p>Se recompensa la cooperaci\u00f3n \u2192 colaboraci\u00f3n natural<\/p><\/li><li><p>Riqueza de tiempo en lugar de riqueza de bienes \u2192 Ocio en lugar de frenes\u00ed de compras<\/p><\/li><\/ul><h3>4.5 La IA como facilitadora en el contexto de Gradido<\/h3><p><strong>Utilizaci\u00f3n positiva de la IA:<\/strong><\/p><ul data-tight=\"true\"><li><p><strong>Optimizaci\u00f3n en lugar de crecimiento:<\/strong> La IA ayuda a hacer m\u00e1s eficientes los procesos<\/p><\/li><li><p><strong>Adecuaci\u00f3n de recursos:<\/strong> La IA conecta localmente la oferta y la demanda<\/p><\/li><li><p><strong>Mantenimiento predictivo:<\/strong> Utilizar los productos durante m\u00e1s tiempo<\/p><\/li><li><p><strong>Dise\u00f1o circular:<\/strong> IA optimizada para la econom\u00eda circular<\/p><\/li><\/ul><p><strong>Sin la presi\u00f3n de los beneficios:<\/strong><\/p><ul data-tight=\"true\"><li><p>AI no para publicidad\/manipulaci\u00f3n<\/p><\/li><li><p>La IA no es para la negociaci\u00f3n de alta frecuencia<\/p><\/li><li><p>AI no para la obsolescencia programada<\/p><\/li><li><p>La IA ayuda a resolver problemas reales (clima, pobreza, salud)<\/p><\/li><\/ul><p><strong>Las buenas noticias:<\/strong> La IA podr\u00eda consumir 1-3% de electricidad, pero mediante la transformaci\u00f3n del sistema inducida por gradido <strong>ahorramos energ\u00eda 40-60%<\/strong>. Se trata de una ganancia neta positiva para la humanidad y la naturaleza.<\/p><div><hr \/><\/div><h2>5. permacultura: la misma productividad y mejor calidad con una fracci\u00f3n de la energ\u00eda<\/h2><h3>5.1 Avance cient\u00edfico 2025<\/h3><p><strong>Estudio alem\u00e1n sobre permacultura<\/strong> (11 plantas, Europa Central):<\/p><ul data-tight=\"true\"><li><p><strong>Productividad comparable a la de la agricultura convencional<\/strong> (LER = 0,80, no significativamente diferente)<\/p><\/li><li><p><strong>44% mayor productividad que la agricultura ecol\u00f3gica<\/strong> (Tendencia)<\/p><\/li><li><p><strong>Pero: 60-80% menos consumo de energ\u00eda<\/strong><\/p><\/li><\/ul><h3>5.2 Balance energ\u00e9tico convencional frente a permacultura<\/h3><p><strong>Agricultura convencional UE:<\/strong><\/p><ul data-tight=\"true\"><li><p>1.431 petajulios\/a\u00f1o = <strong>3,7% del consumo total de energ\u00eda de la UE<\/strong><\/p><\/li><\/ul><p><strong>Permacultura:<\/strong><\/p><ul data-tight=\"true\"><li><p>Dise\u00f1o y conocimiento intensivos en lugar de energ\u00eda y recursos intensivos.<\/p><\/li><li><p><strong>Ahorro: 60-80%<\/strong> debido a la omisi\u00f3n de:<\/p><ul data-tight=\"true\"><li><p>Fertilizantes sint\u00e9ticos (de alto consumo energ\u00e9tico)<\/p><\/li><li><p>Plaguicidas (consumo intensivo de energ\u00eda)<\/p><\/li><li><p>Maquinaria pesada (de alto consumo energ\u00e9tico)<\/p><\/li><li><p>Sistemas de riego (m\u00e1s eficientes en el uso del agua)<\/p><\/li><\/ul><\/li><\/ul><h3>5.3 Beneficios adicionales de la permacultura<\/h3><ul data-tight=\"true\"><li><p><strong>Regeneraci\u00f3n del suelo:<\/strong> Contenido de humus como pradera<\/p><\/li><li><p><strong>Almacenamiento de carbono:<\/strong> 10-40 veces m\u00e1s que las convencionales<\/p><\/li><li><p><strong>Retenci\u00f3n de agua:<\/strong> 20-40% Mejor almacenamiento de agua<\/p><\/li><li><p><strong>Biodiversidad:<\/strong> La biodiversidad aumenta dr\u00e1sticamente<\/p><\/li><li><p><strong>Resiliencia:<\/strong> Mejor tolerancia a la sequ\u00eda<\/p><\/li><\/ul><h3>5.4 IA + permacultura: democratizaci\u00f3n del conocimiento<\/h3><p><strong>Aplicaciones concretas:<\/strong><\/p><ul data-tight=\"true\"><li><p><strong>Dise\u00f1o de permacultura:<\/strong> La IA optimiza las combinaciones de plantas seg\u00fan las condiciones locales<\/p><\/li><li><p><strong>Vigilancia de la salud del suelo:<\/strong> La IA analiza la salud del suelo en tiempo real<\/p><\/li><li><p><strong>Gesti\u00f3n del agua:<\/strong> An\u00e1lisis predictivo para un riego \u00f3ptimo (20% de ahorro de agua)<\/p><\/li><li><p><strong>Control de plagas:<\/strong> Sistemas de alerta r\u00e1pida sin pesticidas<\/p><\/li><li><p><strong>Optimizaci\u00f3n del rendimiento:<\/strong> La IA maximiza el rendimiento mediante m\u00e9todos naturales<\/p><\/li><\/ul><p><strong>Integraci\u00f3n gradual:<\/strong><\/p><ul data-tight=\"true\"><li><p><strong>Se premia la transferencia de conocimientos:<\/strong> Se paga a la gente por transmitir conocimientos de permacultura (20 GDD\/hora)<\/p><\/li><li><p><strong>Surgen expertos locales<\/strong>Cualquiera puede convertirse en profesor de permacultura<\/p><\/li><li><p><strong>El fondo medioambiental financia sistem\u00e1ticamente la reconversi\u00f3n<\/strong><\/p><\/li><\/ul><div><hr \/><\/div><h2>6. el principio del para\u00edso: vivir cerca de la naturaleza con un consumo energ\u00e9tico m\u00ednimo<\/h2><h3>6.1 Los \u201epara\u00edsos\u201c consumen menos energ\u00eda<\/h3><p><strong>Confirmaci\u00f3n emp\u00edrica:<\/strong><\/p><p><strong>Cifras concretas:<\/strong><\/p><ul data-tight=\"true\"><li><p><strong>Americano medio:<\/strong> ~300 GJ\/a\u00f1o per c\u00e1pita<\/p><\/li><li><p><strong>Alem\u00e1n medio:<\/strong> ~150 GJ\/a\u00f1o per c\u00e1pita<\/p><\/li><li><p><strong>Comunidades ind\u00edgenas (tradicionales):<\/strong> ~20-40 GJ\/a\u00f1o per c\u00e1pita<\/p><\/li><li><p><strong>Eso es 75-90% menos energ\u00eda con una alta calidad de vida<\/strong><\/p><\/li><\/ul><p><strong>\u00bfPor qu\u00e9?<\/strong><\/p><ul data-tight=\"true\"><li><p>Refrigeraci\u00f3n\/calefacci\u00f3n pasivas mediante construcci\u00f3n tradicional<\/p><\/li><li><p>Producci\u00f3n local de alimentos (sin transporte)<\/p><\/li><li><p>Tratamiento industrial m\u00ednimo<\/p><\/li><li><p>Uso compartido de los recursos<\/p><\/li><li><p>La econom\u00eda circular es la norma<\/p><\/li><\/ul><h3>6.2 La paradoja de la pobreza<\/h3><p><strong>Empobrecimiento estructural en los \u201epara\u00edsos\u201c:<\/strong><\/p><ul data-tight=\"true\"><li><p><strong>Maldivas:<\/strong> S\u00f3lo 1,7% de pobreza en Mal\u00e9 (ciudad), pero 12,8% en los atolones - 93% de los pobres viven en los \u201epara\u00edsos\u201c<\/p><\/li><li><p><strong>Grecia:<\/strong> Las zonas rurales, sistem\u00e1ticamente desfavorecidas<\/p><\/li><li><p><strong>Espa\u00f1a:<\/strong> Extremadura (rural) pobre, pero baja desigualdad<\/p><\/li><\/ul><p><strong>Causas del empobrecimiento:<\/strong><\/p><ol data-tight=\"true\"><li><p>Legado colonial: extracci\u00f3n de recursos, destrucci\u00f3n de la econom\u00eda local<\/p><\/li><li><p>Monocultivo tur\u00edstico: los expatriados se benefician, los locales sirven<\/p><\/li><li><p>Falta de infraestructuras: la educaci\u00f3n y la sanidad se concentran en las ciudades<\/p><\/li><li><p>Falta de acceso al capital: los bancos no invierten en las zonas rurales<\/p><\/li><li><p>Extracci\u00f3n de conocimientos: no se respetan los conocimientos tradicionales<\/p><\/li><\/ol><p><strong>La paradoja:<\/strong> La gente vive en la abundancia de la naturaleza, pero en la escasez del sistema monetario.<\/p><h3>6.3 Gradido elimina la pobreza estructural<\/h3><p><strong>Mecanismos:<\/strong><\/p><ol data-tight=\"true\"><li><p><strong>Renta b\u00e1sica activa (1.000 GDD):<\/strong> Seguridad inmediata de los medios de subsistencia, incluso en zonas remotas<\/p><\/li><li><p><strong>Presupuesto p\u00fablico (1.000 GDD):<\/strong> Infraestructuras para las zonas rurales sin presi\u00f3n fiscal<\/p><\/li><li><p><strong>Fondo para el Medio Ambiente (1.000 GDD):<\/strong> Financiaci\u00f3n sistem\u00e1tica de la conversi\u00f3n a la permacultura<\/p><\/li><li><p><strong>Homenaje a la labor asistencial:<\/strong> La ayuda a los vecinos y la transferencia de conocimientos se pagan<\/p><\/li><li><p><strong>No hay acumulaci\u00f3n:<\/strong> Los superricos no pueden monopolizar los \u201epara\u00edsos\u201c<\/p><\/li><\/ol><p><strong>Ejemplo Maldivas con Gradido:<\/strong><\/p><ul data-tight=\"true\"><li><p>Cada habitante de los atolones: hasta 1.000 GDD Renta b\u00e1sica activa<\/p><\/li><li><p>Proyectos de permacultura: Financiados por fondos medioambientales<\/p><\/li><li><p>Pericia pesquera tradicional: Homenaje a la renta b\u00e1sica activa<\/p><\/li><li><p>Turismo: los beneficios siguen siendo locales<\/p><\/li><li><p><strong>Resultado: prosperidad sin empobrecimiento, la naturaleza permanece intacta<\/strong><\/p><\/li><\/ul><h3>6.4 Las cifras: Dr\u00e1sticamente menos energ\u00eda<\/h3><p><strong>Con permacultura + gradido:<\/strong><\/p><ul data-tight=\"true\"><li><p><strong>Agricultura:<\/strong> -60-80% La energ\u00eda a trav\u00e9s de la permacultura<\/p><\/li><li><p><strong>Vivir:<\/strong> -50-70% Energ\u00eda mediante construcci\u00f3n tradicional\/pasiva<\/p><\/li><li><p><strong>Transporte:<\/strong> -70-90% a trav\u00e9s de la localizaci\u00f3n<\/p><\/li><li><p><strong>Industria:<\/strong> -40-60% a trav\u00e9s de la econom\u00eda circular<\/p><\/li><li><p><strong>Consumo de lujo:<\/strong> -90% debido a la eliminaci\u00f3n de la sobreproducci\u00f3n<\/p><\/li><\/ul><p><strong>Reducci\u00f3n total: 60-80% del consumo mundial de energ\u00eda<\/strong><\/p><div><hr \/><\/div><h2>7 La cadena de transformaci\u00f3n completa: de la salud a la paz<\/h2><h3>7.1 Permacultura \u2192 Alimentos sanos \u2192 Personas m\u00e1s sanas<\/h3><p><strong>Los alimentos ecol\u00f3gicos\/de permacultura son m\u00e1s sanos:<\/strong><\/p><ul data-tight=\"true\"><li><p><strong>27% m\u00e1s vitamina C<\/strong> en verduras ecol\u00f3gicas<\/p><\/li><li><p><strong>21% m\u00e1s hierro, 29% m\u00e1s magnesio<\/strong><\/p><\/li><li><p><strong>18-69% mayor actividad antioxidante<\/strong><\/p><\/li><li><p><strong>48% menos cadmio<\/strong> (heavy metal)<\/p><\/li><li><p><strong>50% m\u00e1s \u00e1cidos grasos omega-3<\/strong> en carne y leche ecol\u00f3gicas<\/p><\/li><\/ul><p><strong>Beneficios para la salud:<\/strong><\/p><ul data-tight=\"true\"><li><p>Menor riesgo de linfoma no Hodgkin y c\u00e1ncer de intestino<\/p><\/li><li><p>Menos alergias en los ni\u00f1os<\/p><\/li><li><p>Menor IMC y riesgo de obesidad<\/p><\/li><li><p>Menor exposici\u00f3n a pesticidas \u2192 11% menor mortalidad.<\/p><\/li><\/ul><p><strong>Demostrado cient\u00edficamente: Los alimentos de la permacultura hacen que la gente est\u00e9 mucho m\u00e1s sana.<\/strong><\/p><h3>7.2 Estilo de vida paradis\u00edaco \u2192 Gente m\u00e1s feliz<\/h3><p><strong>Harvard Grant Study (estudio a largo plazo de 85 a\u00f1os):<\/strong><\/p><ul data-tight=\"true\"><li><p><strong>El factor m\u00e1s importante para la felicidad:<\/strong> Relaciones c\u00e1lidas y positivas (\u00a1no riqueza!)<\/p><\/li><li><p>Las personas con buenas relaciones a los 50 a\u00f1os estaban m\u00e1s sanas a los 80<\/p><\/li><li><p>La satisfacci\u00f3n en las relaciones de pareja predice mejor la salud que los niveles de colesterol<\/p><\/li><\/ul><p><strong>Un estilo de vida paradis\u00edaco satisface los componentes de la felicidad:<\/strong><\/p><ul data-tight=\"true\"><li><p><strong>Alegr\u00eda:<\/strong> Cercan\u00eda a la naturaleza<\/p><\/li><li><p><strong>Satisfacci\u00f3n:<\/strong> Trabajo comunitario<\/p><\/li><li><p><strong>Importancia:<\/strong> Contribuci\u00f3n al conjunto<\/p><\/li><\/ul><h3>7.3 Felicidad \u2192 Salud y vida m\u00e1s larga<\/h3><p><strong>Situaci\u00f3n de estudio masivo:<\/strong><\/p><ul data-tight=\"true\"><li><p><strong>35% menor riesgo de mortalidad<\/strong> en personas felices (seguimiento de 5 a\u00f1os)<\/p><\/li><li><p>Las personas optimistas viven mucho m\u00e1s y alcanzan una \u201elongevidad excepcional\u201c (m\u00e1s de 85 a\u00f1os) con m\u00e1s frecuencia.<\/p><\/li><\/ul><p><strong>Mecanismos:<\/strong><\/p><ul data-tight=\"true\"><li><p>La felicidad reduce el estr\u00e9s \u2192 mejor respuesta inmunitaria<\/p><\/li><li><p>Mayor resistencia ante la adversidad<\/p><\/li><li><p>Mejor capacidad de resoluci\u00f3n de problemas<\/p><\/li><li><p><strong>La soledad mata<\/strong> - tan fuerte como fumar<\/p><\/li><\/ul><p><strong>Est\u00e1 cient\u00edficamente demostrado: Las personas felices viven m\u00e1s tiempo y con mejor salud.<\/strong><\/p><h3>7,4 Felicidad \u2192 Menos consumo<\/h3><p><strong>El consumo compensatorio no es aplicable:<\/strong><\/p><ul data-tight=\"true\"><li><p>La gente compra para llenar un vac\u00edo emocional<\/p><\/li><li><p>El consumo de estatus sustituye a las relaciones reales<\/p><\/li><li><p>Los bienes materiales como sustitutos del sentido<\/p><\/li><\/ul><p><strong>Con sistema Gradido:<\/strong><\/p><ul data-tight=\"true\"><li><p>La renta b\u00e1sica elimina el miedo existencial<\/p><\/li><li><p>Estatus a trav\u00e9s de la contribuci\u00f3n en lugar de la propiedad<\/p><\/li><li><p>Orientaci\u00f3n comunitaria en lugar de materialismo<\/p><\/li><li><p>Tiempo de prosperidad en lugar de frenes\u00ed de compras<\/p><\/li><\/ul><h3>7,5 Felicidad \u2192 Paz y honestidad<\/h3><p><strong>Mecanismos:<\/strong><\/p><ul data-tight=\"true\"><li><p>No hay escasez de recursos \u2192 no hay conflictos de distribuci\u00f3n<\/p><\/li><li><p>Sin trampa de la deuda \u2192 sin explotaci\u00f3n<\/p><\/li><li><p>Participaci\u00f3n igualitaria \u2192 sin espiral de envidia<\/p><\/li><li><p>Cooperaci\u00f3n racional \u2192 Violencia irracional<\/p><\/li><\/ul><p><strong>Crimen:<\/strong><\/p><ul data-tight=\"true\"><li><p>Causa principal: pobreza, falta de perspectivas, miedo existencial<\/p><\/li><li><p>Con una renta b\u00e1sica: Eliminar las causas estructurales de la delincuencia<\/p><\/li><li><p>Se premia la honestidad (se honra el trabajo de cuidado)<\/p><\/li><li><p>El fraude deja de ser atractivo (no es posible el acaparamiento)<\/p><\/li><\/ul><h3>7.6 La transici\u00f3n demogr\u00e1fica: prosperidad \u2192 poblaci\u00f3n \u00f3ptima<\/h3><p><strong>La transici\u00f3n demogr\u00e1fica:<\/strong><\/p><ul data-tight=\"true\"><li><p><strong>Pa\u00edses pobres:<\/strong> Altas tasas de natalidad (4-7 hijos\/mujer)<\/p><\/li><li><p><strong>Pa\u00edses ricos:<\/strong> Tasas de natalidad bajas (1,3-1,8 hijos\/mujer)<\/p><\/li><li><p><strong>Mecanismo:<\/strong> Educaci\u00f3n (especialmente de las mujeres) \u2192 menos hijos<\/p><\/li><\/ul><p><strong>Causas del declive:<\/strong><\/p><ol data-tight=\"true\"><li><p><strong>Educaci\u00f3n:<\/strong> Retrasa el deseo de tener hijos, permite la autonom\u00eda<\/p><\/li><li><p><strong>La mortalidad infantil disminuye:<\/strong> Se necesitan menos \u201eni\u00f1os del seguro<\/p><\/li><li><p><strong>Concurso de estatus:<\/strong> Inversi\u00f3n en calidad (educaci\u00f3n) en lugar de cantidad (n\u00famero de hijos)<\/p><\/li><li><p><strong>Cambio econ\u00f3mico:<\/strong> Hijos del factor de producci\u00f3n al factor de coste<\/p><\/li><\/ol><p><strong>Efecto gradido:<\/strong><\/p><ul data-tight=\"true\"><li><p>Prosperidad mundial gracias a la creaci\u00f3n de dinero per c\u00e1pita<\/p><\/li><li><p>Acceso a la educaci\u00f3n para todos<\/p><\/li><li><p>Sin pobreza \u2192 sin necesidad de \u201eni\u00f1os seguros\u201c<\/p><\/li><li><p><strong>Resultado: descenso natural hasta el nivel \u00f3ptimo<\/strong><\/p><\/li><\/ul><p><strong>El \u201eproblema de la superpoblaci\u00f3n\u201c se resuelve de forma simp\u00e1tica y cari\u00f1osa:<\/strong><\/p><ul data-tight=\"true\"><li><p>Ninguna medida coercitiva<\/p><\/li><li><p>No a la pol\u00edtica del hijo \u00fanico<\/p><\/li><li><p>Sino m\u00e1s bien: Educaci\u00f3n, prosperidad, autodeterminaci\u00f3n \u2192 declive voluntario.<\/p><\/li><\/ul><h3>7.7 Cadena causal completa (cient\u00edficamente probada)<\/h3><table><tbody><tr><th><p>Tesis<\/p><\/th><th><p>Situaci\u00f3n cient\u00edfica<\/p><\/th><th><p>Pruebas<\/p><\/th><\/tr><tr><td><p>Permacultura \u2192 Alimentaci\u00f3n sana<\/p><\/td><td><p>Ocupado<\/p><\/td><td><p>27% m\u00e1s vitaminas, 48% menos metales pesados<\/p><\/td><\/tr><tr><td><p>Alimentos sanos \u2192 Personas m\u00e1s sanas<\/p><\/td><td><p>Ocupado<\/p><\/td><td><p>Menor riesgo de c\u00e1ncer y obesidad<\/p><\/td><\/tr><tr><td><p>Estilo de vida paradis\u00edaco \u2192 Felicidad<\/p><\/td><td><p>Ocupado<\/p><\/td><td><p>Estudio de Harvard sobre 85 a\u00f1os<\/p><\/td><\/tr><tr><td><p>Felicidad \u2192 Salud y longevidad<\/p><\/td><td><p>Ocupado<\/p><\/td><td><p>35% menor mortalidad<\/p><\/td><\/tr><tr><td><p>Felicidad \u2192 Menos consumo<\/p><\/td><td><p>\u2705 L\u00f3gico<\/p><\/td><td><p>Consumo compensatorio no aplicable<\/p><\/td><\/tr><tr><td><p>Felicidad \u2192 Paz y honestidad<\/p><\/td><td><p>\u2705 L\u00f3gico<\/p><\/td><td><p>Eliminaci\u00f3n de conflictos de recursos<\/p><\/td><\/tr><tr><td><p>Prosperidad \u2192 Menos hijos<\/p><\/td><td><p>Ocupado<\/p><\/td><td><p>Transici\u00f3n demogr\u00e1fica en el mundo<\/p><\/td><\/tr><\/tbody><\/table><div><hr \/><\/div><h2>8. cuantificaci\u00f3n: 65-80% Reducci\u00f3n de energ\u00eda posible<\/h2><h3>8.1 Estimaci\u00f3n conservadora para la aplicaci\u00f3n de gradido<\/h3><table><tbody><tr><th><p>Gama<\/p><\/th><th><p>Residuos actuales<\/p><\/th><th><p>Potencial de ahorro<\/p><\/th><\/tr><tr><td><p>Sector financiero<\/p><\/td><td><p>2-3% energ\u00eda global<\/p><\/td><td><p>80-90% Reducci\u00f3n<\/p><\/td><\/tr><tr><td><p>Industria publicitaria<\/p><\/td><td><p>1-2% energ\u00eda global<\/p><\/td><td><p>90-95% Reducci\u00f3n<\/p><\/td><\/tr><tr><td><p>Obsolescencia programada<\/p><\/td><td><p>15-20% Energ\u00eda de producci\u00f3n<\/p><\/td><td><p>60-70% Reducci\u00f3n<\/p><\/td><\/tr><tr><td><p>Sobreproducci\u00f3n<\/p><\/td><td><p>30-40% Exceso de capacidad<\/p><\/td><td><p>50-60% Reducci\u00f3n<\/p><\/td><\/tr><tr><td><p>Gastos generales de competencia<\/p><\/td><td><p>10-15% I+D\/Marketing<\/p><\/td><td><p>Reducci\u00f3n 70-80%<\/p><\/td><\/tr><tr><td><p>Transporte (global)<\/p><\/td><td><p>25% Energ\u00eda total<\/p><\/td><td><p>30-40% Reducci\u00f3n<\/p><\/td><\/tr><tr><td><p>Burocracia<\/p><\/td><td><p>2-3% Energ\u00eda total<\/p><\/td><td><p>60-70% Reducci\u00f3n<\/p><\/td><\/tr><\/tbody><\/table><p><strong>Potencial total: 40-60% Reducci\u00f3n del consumo global de energ\u00eda<\/strong><\/p><h3>8.2 Apoyo cient\u00edfico<\/h3><ul data-tight=\"true\"><li><p><strong>Estudio de decrecimiento:<\/strong> La demanda mundial de energ\u00eda podr\u00eda alcanzar el nivel de 1960 en 2050 (a pesar de triplicar la poblaci\u00f3n)<\/p><\/li><li><p><strong>Econom\u00eda circular:<\/strong> 45% Es posible reducir las emisiones adem\u00e1s de la transici\u00f3n energ\u00e9tica<\/p><\/li><li><p><strong>Pol\u00edtica de suficiencia:<\/strong> 21-29% Reducci\u00f3n de energ\u00eda sin p\u00e9rdida de prosperidad<\/p><\/li><\/ul><h3>8.3 Escenario 2050: \u201eTierra Para\u00edso\u201c<\/h3><table><tbody><tr><th><p>Gama<\/p><\/th><th><p>Hoy<\/p><\/th><th><p>Con Gradido + Permacultura + IA<\/p><\/th><th><p>Reducci\u00f3n<\/p><\/th><\/tr><tr><td><p>Agricultura<\/p><\/td><td><p>1.431 PJ (UE)<\/p><\/td><td><p>290-580 PJ<\/p><\/td><td><p>-60-80%<\/p><\/td><\/tr><tr><td><p>Vivienda (calefacci\u00f3n\/refrigeraci\u00f3n)<\/p><\/td><td><p>30% Energ\u00eda total<\/p><\/td><td><p>9-15%<\/p><\/td><td><p>-50-70%<\/p><\/td><\/tr><tr><td><p>Transporte<\/p><\/td><td><p>25% Energ\u00eda total<\/p><\/td><td><p>2,5-7,5%<\/p><\/td><td><p>-70-90%<\/p><\/td><\/tr><tr><td><p>Industria<\/p><\/td><td><p>25% Energ\u00eda total<\/p><\/td><td><p>10-15%<\/p><\/td><td><p>-40-60%<\/p><\/td><\/tr><tr><td><p>Consumo\/Servicios<\/p><\/td><td><p>20% Energ\u00eda total<\/p><\/td><td><p>2-6%<\/p><\/td><td><p>-70-90%<\/p><\/td><\/tr><tr><td><p><strong>TOTAL<\/strong><\/p><\/td><td><p><strong>100%<\/strong><\/p><\/td><td><p><strong>20-35%<\/strong><\/p><\/td><td><p><strong>65-80%<\/strong><\/p><\/td><\/tr><\/tbody><\/table><p><strong>Resultado: \u00a1Con la energ\u00eda 20-35% de hoy, una vida paradis\u00edaca para todos!<\/strong><\/p><div><hr \/><\/div><h2>9. conclusi\u00f3n: el para\u00edso en la tierra es cient\u00edficamente factible<\/h2><h3>9.1 La soluci\u00f3n global<\/h3><p><strong>Gradido + Permacultura + IA como herramienta =<\/strong><\/p><ul data-tight=\"true\"><li><p>Comida sana (documentada)<\/p><\/li><li><p>Gente feliz (ocupada)<\/p><\/li><li><p>Mayor vida \u00fatil (ocupado)<\/p><\/li><li><p>Menos consumo (l\u00f3gico)<\/p><\/li><li><p>Menos guerras (estructurales)<\/p><\/li><li><p>Poblaci\u00f3n \u00f3ptima (transici\u00f3n demogr\u00e1fica)<\/p><\/li><li><p><strong>65-80% Reducci\u00f3n de energ\u00eda (cuantificada)<\/strong><\/p><\/li><\/ul><h3>9.2 Cada paso es cient\u00edficamente correcto<\/h3><p>Esta visi\u00f3n no es una utop\u00eda, sino una <strong>Hoja de ruta cient\u00edficamente s\u00f3lida y practicable<\/strong>:<\/p><ol data-tight=\"true\"><li><p>\u2705 <strong>Gradido elimina la necesidad de crecimiento<\/strong> \u2192 Menos sobreproducci\u00f3n<\/p><\/li><li><p>\u2705 <strong>La cooperaci\u00f3n sustituye a la competencia<\/strong> \u2192 Aumento masivo de la eficiencia<\/p><\/li><li><p>\u2705 <strong>La IA como herramienta para el bien com\u00fan<\/strong> \u2192 Uso inteligente de los recursos<\/p><\/li><li><p>\u2705 <strong>La econom\u00eda circular se convierte en norma<\/strong> \u2192 Disminuye el consumo de material<\/p><\/li><li><p>\u2705 <strong>Transformaci\u00f3n psicol\u00f3gica<\/strong> \u2192 Del consumo a la calidad de vida<\/p><\/li><li><p>\u2705 <strong>Permacultura<\/strong> \u2192 Misma productividad, 60-80% menos energ\u00eda.<\/p><\/li><li><p>\u2705 <strong>Estilo de vida natural<\/strong> \u2192 75-90% menos energ\u00eda con una mayor calidad de vida.<\/p><\/li><\/ol><h3>9.3 El meta-reconocimiento<\/h3><p>Todos los problemas de la humanidad (pobreza, enfermedad, destrucci\u00f3n del medio ambiente, guerras, superpoblaci\u00f3n) son <strong>no aislado<\/strong>, pero <strong>S\u00edntomas de un sistema monetario disfuncional<\/strong>.<\/p><p>Al cambiar a un <strong>sistema de mejora de la vida<\/strong> los problemas no s\u00f3lo se resuelven individualmente, sino <strong>en sinergia<\/strong>:<\/p><ul data-tight=\"true\"><li><p>Mejora la salud \u2192 Disminuyen los costes sanitarios \u2192 M\u00e1s recursos para la educaci\u00f3n<\/p><\/li><li><p>Aumenta la educaci\u00f3n \u2192 desciende la natalidad \u2192 menos presi\u00f3n sobre los recursos \u2192 m\u00e1s prosperidad per c\u00e1pita.<\/p><\/li><li><p>Aumenta la prosperidad \u2192 Aumenta la felicidad \u2192 Aumenta la salud \u2192 Aumenta la productividad<\/p><\/li><li><p><strong>Espiral ascendente positiva en lugar de c\u00edrculo vicioso destructivo<\/strong><\/p><\/li><\/ul><h3>9.4 La v\u00eda de aplicaci\u00f3n<\/h3><p><strong>Fase 1 (2025-2035): Proyectos piloto<\/strong><\/p><ul data-tight=\"true\"><li><p>Comunidades locales Gradido: -20-30% Consumo de energ\u00eda<\/p><\/li><li><p>Prueba de viabilidad en diferentes culturas<\/p><\/li><li><p>Dise\u00f1o de permacultura asistido por IA<\/p><\/li><\/ul><p><strong>Fase 2 (2035-2045): Adopci\u00f3n regional<\/strong><\/p><ul data-tight=\"true\"><li><p>M\u00faltiples pa\u00edses\/regiones: -30-40% Consumo de energ\u00eda<\/p><\/li><li><p>Efectos de red mediante la cooperaci\u00f3n entre regiones<\/p><\/li><li><p>Transferencia de conocimientos mediante IA<\/p><\/li><\/ul><p><strong>Fase 3 (2045-2060): Transformaci\u00f3n global<\/strong><\/p><ul data-tight=\"true\"><li><p>Aplicaci\u00f3n global: -40-60% Consumo de energ\u00eda<\/p><\/li><li><p>La IA favorece la utilizaci\u00f3n \u00f3ptima de los recursos<\/p><\/li><li><p>Econom\u00eda circular de serie<\/p><\/li><li><p><strong>Para\u00edso terrenal para todos<\/strong><\/p><\/li><\/ul><h3>9.5 El mensaje central<\/h3><p><strong>El para\u00edso en la tierra no es una utop\u00eda, pero:<\/strong><\/p><ul data-tight=\"true\"><li><p><strong>T\u00e9cnicamente viable<\/strong> (permacultura, IA, energ\u00edas renovables)<\/p><\/li><li><p><strong>Cient\u00edficamente s\u00f3lido<\/strong> (m\u00e1s de 350 fuentes en este documento y en el adjunto)<\/p><\/li><li><p><strong>Econ\u00f3micamente sensato<\/strong> (Gradido como sistema monetario)<\/p><\/li><li><p><strong>Psicol\u00f3gicamente atractivo<\/strong> (m\u00e1s felicidad, salud, sentido)<\/p><\/li><li><p><strong>Mayor eficiencia energ\u00e9tica<\/strong> (65-80% menos consumo)<\/p><\/li><\/ul><p><strong>La humanidad tiene los conocimientos, la tecnolog\u00eda y el modelo. S\u00f3lo falta la voluntad colectiva de ponerlo en pr\u00e1ctica.<\/strong><\/p><div><hr \/><\/div><h2>Referencias y bibliograf\u00eda<\/h2><h2>\u201eTransici\u00f3n y transformaci\u00f3n energ\u00e9ticas: el camino hacia el para\u00edso terrenal\u201c<\/h2><p>Este documento se basa en estudios cient\u00edficos, publicaciones especializadas y bases de datos. A continuaci\u00f3n se enumeran sistem\u00e1ticamente las principales fuentes por \u00e1reas tem\u00e1ticas.<\/p><div><hr \/><\/div><h2>Q1. Bitcoin y criptomonedas: consumo de energ\u00eda<\/h2><h3>Balance energ\u00e9tico y costes de la electricidad<\/h3><ul data-tight=\"true\"><li><p><strong>Digiconomist \u00cdndice de consumo energ\u00e9tico de Bitcoin (2025)<\/strong><br \/>Fuente: <a href=\"https:\/\/digiconomist.net\/bitcoin-energy-consumption-index\">https:\/\/digiconomist.net\/bitcoin-energy-consumption-index<\/a><br \/>Detalles: Datos actuales en tiempo real sobre el consumo de energ\u00eda de Bitcoin, costes por transacci\u00f3n (~1.216 kWh)<\/p><\/li><li><p><strong>Statista: Consumo de energ\u00eda de Bitcoin en 2025<\/strong><br \/>Fuente: <a href=\"https:\/\/de.statista.com\/\">https:\/\/de.statista.com\/<\/a><br \/>Detalles: 138-176 TWh de consumo anual de electricidad, en comparaci\u00f3n con el consumo nacional de energ\u00eda<\/p><\/li><li><p><strong>Carbon Brief: La intensidad de las emisiones de la miner\u00eda de Bitcoin<\/strong><br \/>Fuente: <a href=\"https:\/\/www.carbonbrief.org\/\">https:\/\/www.carbonbrief.org\/<\/a><br \/>Detalles: emisiones de CO2 (39,8-92,6 millones de toneladas\/a\u00f1o), dependencia de las energ\u00edas f\u00f3siles (67%)<\/p><\/li><li><p><strong>The Verge: La IA podr\u00eda consumir m\u00e1s energ\u00eda que Bitcoin a finales de la d\u00e9cada (mayo de 2025)<\/strong><br \/>Fuente: <a href=\"https:\/\/theverge.com\/\">https:\/\/theverge.com\/<\/a><br \/>Detalles: Previsi\u00f3n de crecimiento de la IA frente al Bitcoin, superando los procesos 2025-2030<\/p><\/li><li><p><strong>Informe Global de la Energ\u00eda 2025 de la AIE<\/strong><br \/>Fuente: <a href=\"https:\/\/www.iea.org\/\">https:\/\/www.iea.org\/<\/a><br \/>Detalles: Referencias globales de consumo de energ\u00eda, datos de referencia<\/p><\/li><\/ul><h3>Criptomonedas alternativas (eficiencia energ\u00e9tica)<\/h3><ul data-tight=\"true\"><li><p><strong>Conversi\u00f3n a prueba de apuestas de Ethereum (2022-2023)<\/strong><br \/>Detalles: 99,95% de reducci\u00f3n de energ\u00eda tras la transici\u00f3n de la prueba de trabajo.<\/p><\/li><li><p><strong>Informe de sostenibilidad de Algorand<\/strong><br \/>Detalles: 0,000008 kWh por transacci\u00f3n (150 millones de veces m\u00e1s eficiente que Bitcoin)<\/p><\/li><\/ul><div><hr \/><\/div><h2>Q2. Inteligencia artificial: consumo de energ\u00eda y previsiones<\/h2><h3>Consumo actual y previsiones<\/h3><ul data-tight=\"true\"><li><p><strong>BCE: La creciente demanda de energ\u00eda de la inteligencia artificial y sus implicaciones para la zona del euro (marzo de 2025)<\/strong><br \/>Fuente: <a href=\"https:\/\/www.ecb.europa.eu\/\">https:\/\/www.ecb.europa.eu\/<\/a><br \/>Detalles: 46-82 TWh (2024), previsiones hasta 2030 (200-900 TWh)<\/p><\/li><li><p><strong>Perspectiva mundial de la energ\u00eda 2025 de McKinsey<\/strong><br \/>Fuente: <a href=\"https:\/\/www.mckinsey.com\/\">https:\/\/www.mckinsey.com\/<\/a><br \/>Detalles: Consumo energ\u00e9tico de los centros de datos, cuota de IA, an\u00e1lisis de escenarios<\/p><\/li><li><p><strong>Informe sobre el carbono: El creciente problema energ\u00e9tico de la IA (septiembre de 2025)<\/strong><br \/>Fuente: <a href=\"https:\/\/www.carbonbrief.org\/\">https:\/\/www.carbonbrief.org\/<\/a><br \/>Detalles: Paradoja de Jevons, chips m\u00e1s eficientes conducen a un mayor consumo<\/p><\/li><li><p><strong>Goldman Sachs: C\u00f3mo la IA est\u00e1 transformando los centros de datos y disparando la demanda de energ\u00eda (agosto de 2025)<\/strong><br \/>Fuente: <a href=\"https:\/\/www.goldmansachs.com\/\">https:\/\/www.goldmansachs.com\/<\/a><br \/>Detalles: Inversiones de 500.000 millones de d\u00f3lares, los centros de datos de EE.UU. se cuadruplicar\u00e1n en 2030<\/p><\/li><\/ul><h3>Balances energ\u00e9ticos de los centros de datos<\/h3><ul data-tight=\"true\"><li><p><strong>FEM: los centros de datos consumir\u00e1n m\u00e1s electricidad que Jap\u00f3n en 2030 (junio 2025)<\/strong><br \/>Fuente: <a href=\"https:\/\/www.weforum.org\/\">https:\/\/www.weforum.org\/<\/a><br \/>Detalles: Centros de datos mundiales 415 TWh (2024) \u2192 945 TWh (2030)<\/p><\/li><li><p><strong>Ember Energy: Perspectivas de la electricidad mundial a mitad de a\u00f1o 2025<\/strong><br \/>Fuente: <a href=\"https:\/\/www.ember-energy.org\/\">https:\/\/www.ember-energy.org\/<\/a><br \/>Detalles: Consumo de electricidad en el mundo, an\u00e1lisis de tendencias<\/p><\/li><\/ul><h3>Ordenadores cu\u00e1nticos y potencial<\/h3><ul data-tight=\"true\"><li><p><strong>311 Institute: Los ordenadores cu\u00e1nticos podr\u00edan reducir la energ\u00eda utilizada por la miner\u00eda de criptomonedas (noviembre de 2023)<\/strong><br \/>Fuente: <a href=\"https:\/\/311institute.com\/\">https:\/\/311institute.com\/<\/a><br \/>Detalles: es posible una reducci\u00f3n de energ\u00eda de 90-95%, se necesitan 512+ qubits<\/p><\/li><li><p><strong>Deloitte: ordenadores cu\u00e1nticos y la cadena de bloques Bitcoin (octubre de 2024)<\/strong><br \/>Fuente: <a href=\"https:\/\/www.deloitte.com\/\">https:\/\/www.deloitte.com\/<\/a><br \/>Detalles: Riesgos y oportunidades de la computaci\u00f3n cu\u00e1ntica para la criptograf\u00eda<\/p><\/li><\/ul><div><hr \/><\/div><h2>Q3. Permacultura y agricultura<\/h2><h3>Productividad y ahorro energ\u00e9tico<\/h3><ul data-tight=\"true\"><li><p><strong>Peer Community Journal: Productividad de los cultivos de la permacultura centroeuropea (febrero de 2025)<\/strong><br \/>Fuente: <a href=\"https:\/\/peercommunityjournal.org\/\">https:\/\/peercommunityjournal.org\/<\/a><br \/>Detalles: 44% m\u00e1s de productividad que la agricultura ecol\u00f3gica, 60-80% de ahorro energ\u00e9tico<\/p><\/li><li><p><strong>Science Direct: La permacultura, una alternativa prometedora a la agricultura convencional<\/strong><br \/>Fuente: <a href=\"https:\/\/www.sciencedirect.com\/\">https:\/\/www.sciencedirect.com\/<\/a><br \/>Detalles: Beneficios ecol\u00f3gicos, almacenamiento de carbono, regeneraci\u00f3n del suelo<\/p><\/li><li><p><strong>Columbia Climate School: El enfoque permacultural del agua<\/strong><br \/>Fuente: <a href=\"https:\/\/news.climate.columbia.edu\/\">https:\/\/news.climate.columbia.edu\/<\/a><br \/>Detalles: Almacenamiento de agua, optimizaci\u00f3n de las precipitaciones<\/p><\/li><\/ul><h3>Agricultura convencional y consumo de energ\u00eda<\/h3><ul data-tight=\"true\"><li><p><strong>Science Direct: Uso de la energ\u00eda en la agricultura al aire libre en la UE (2024)<\/strong><br \/>Fuente: <a href=\"https:\/\/www.sciencedirect.com\/\">https:\/\/www.sciencedirect.com\/<\/a><br \/>Detalles: 1.431 petajulios\/a\u00f1o UE, 3,7% consumo total de energ\u00eda<\/p><\/li><li><p><strong>ATTRA Sustainable Agriculture: Ciclo de los nutrientes en los pastos<\/strong><br \/>Fuente: <a href=\"https:\/\/www.attra.ncat.org\/\">https:\/\/www.attra.ncat.org\/<\/a><br \/>Detalles: Ciclos de nutrientes, salud del suelo<\/p><\/li><\/ul><div><hr \/><\/div><h2>Q4. Selva tropical y ecosistemas<\/h2><h3>Ecolog\u00eda amaz\u00f3nica y ciclos de nutrientes<\/h3><ul data-tight=\"true\"><li><p><strong>Nature: Evoluci\u00f3n del ciclo del nitr\u00f3geno en los bosques amaz\u00f3nicos en rebrote (junio de 2019)<\/strong><br \/>Fuente: <a href=\"https:\/\/www.nature.com\/\">https:\/\/www.nature.com\/<\/a><br \/>Detalles: Ciclo del nitr\u00f3geno, regeneraci\u00f3n tras la deforestaci\u00f3n (m\u00e1s de 100 a\u00f1os)<\/p><\/li><li><p><strong>PNAS: La agricultura de productos b\u00e1sicos a gran escala agrava el declive de la fertilidad del suelo (febrero de 2021)<\/strong><br \/>Fuente: <a href=\"https:\/\/www.pnas.org\/\">https:\/\/www.pnas.org\/<\/a><br \/>Detalles: Degradaci\u00f3n del suelo debido al monocultivo, p\u00e9rdida de nutrientes<\/p><\/li><li><p><strong>PMC\/NIH: Los bosques tropicales y el cambiante sistema terrestre (2005)<\/strong><br \/>Fuente: <a href=\"https:\/\/www.ncbi.nlm.nih.gov\/pmc\/\">https:\/\/www.ncbi.nlm.nih.gov\/pmc\/<\/a><br \/>Detalles: Ciclos cerrados de nutrientes, circulaci\u00f3n de biomasa<\/p><\/li><li><p><strong>DW: Amazonas: Selvas abundantes, suelos in\u00fatiles<\/strong><br \/>Fuente: <a href=\"https:\/\/www.dw.com\/\">https:\/\/www.dw.com\/<\/a><br \/>Detalles: Fertilidad del suelo en la Amazonia, nutrientes almacenados en la biomasa<\/p><\/li><\/ul><h3>El polvo del S\u00e1hara y el Amazonas<\/h3><ul data-tight=\"true\"><li><p><strong>NASA: El polvo del desierto alimenta los bosques amaz\u00f3nicos (junio de 2023)<\/strong><br \/>Fuente: <a href=\"https:\/\/science.nasa.gov\/\">https:\/\/science.nasa.gov\/<\/a><br \/>Detalles: Transporte de f\u00f3sforo 22.000-28.000 toneladas\/a\u00f1o, variabilidad<\/p><\/li><li><p><strong>Nature: El polvo llega a la cuenca del Amazonas en los \u00faltimos 7500 a\u00f1os (enero de 2021)<\/strong><br \/>Fuente: <a href=\"https:\/\/www.nature.com\/\">https:\/\/www.nature.com\/<\/a><br \/>Detalles: Perspectiva a largo plazo, diferencias regionales<\/p><\/li><\/ul><h3>Deforestaci\u00f3n amaz\u00f3nica<\/h3><ul data-tight=\"true\"><li><p><strong>MAAP (Observatorio Minero de la Amazonia): Amazon Deforestation &amp; Fire Hotspots 2024 (septiembre de 2025)<\/strong><br \/>Fuente: <a href=\"https:\/\/www.maapprogram.org\/\">https:\/\/www.maapprogram.org\/<\/a><br \/>Detalles: 1,7 millones de hect\u00e1reas en 2024, r\u00e9cords en Bolivia, Per\u00fa<\/p><\/li><li><p><strong>Gobierno brasile\u00f1o: la deforestaci\u00f3n de la Amazonia cay\u00f3 un 11,08 por ciento (octubre de 2025)<\/strong><br \/>Fuente: <a href=\"https:\/\/www.gov.br\/\">https:\/\/www.gov.br\/<\/a><br \/>Detalles: 5.796 km\u00b2 Brasil 2024-2025, tendencias<\/p><\/li><li><p><strong>Mongabay: La deforestaci\u00f3n de la Amazonia brasile\u00f1a se ralentiza de cara a la COP (octubre de 2025)<\/strong><br \/>Fuente: <a href=\"https:\/\/news.mongabay.com\/\">https:\/\/news.mongabay.com\/<\/a><br \/>Detalles: Diferencias regionales, oportunidades y riesgos<\/p><\/li><\/ul><h3>El monocultivo de soja y sus efectos<\/h3><ul data-tight=\"true\"><li><p><strong><a href=\"http:\/\/Zeit.de\">Tiempo.com<\/a>La soja en Brasil: de la selva al comedero (mayo de 2022)<\/strong><br \/>Fuente: <a href=\"https:\/\/www.zeit.de\/\">https:\/\/www.zeit.de\/<\/a><br \/>Detalles: expansi\u00f3n de la tierra, acaparamiento de tierras, efectos en la selva tropical<\/p><\/li><li><p><strong>Science Direct: Asentamiento agr\u00edcola y calidad del suelo en la Amazonia brasile\u00f1a (diciembre de 2011)<\/strong><br \/>Fuente: <a href=\"https:\/\/www.sciencedirect.com\/\">https:\/\/www.sciencedirect.com\/<\/a><br \/>Detalles: 95% de campos con insuficiente fertilidad del suelo<\/p><\/li><li><p><strong>Science Direct: Inclusi\u00f3n e impactos sociales de la expansi\u00f3n de la soja<\/strong><br \/>Fuente: <a href=\"https:\/\/www.sciencedirect.com\/\">https:\/\/www.sciencedirect.com\/<\/a><br \/>Detalles: 1 puesto de trabajo por cada 200 hect\u00e1reas, beneficios empresariales frente a desarrollo local<\/p><\/li><\/ul><div><hr \/><\/div><h2>Q5. Reverdecimiento del desierto y regeneraci\u00f3n del paisaje<\/h2><h3>Iniciativa de la Gran Muralla Verde<\/h3><ul data-tight=\"true\"><li><p><strong>Wikipedia: Gran Muralla Verde (\u00c1frica)<\/strong><br \/>Fuente: <a href=\"https:\/\/en.wikipedia.org\/\">https:\/\/en.wikipedia.org\/<\/a><br \/>Detalles: Panorama general, historia, 11 pa\u00edses, objetivos para 2030<\/p><\/li><li><p><strong><a href=\"http:\/\/Earth.org\">Tierra.org<\/a>La Gran Muralla Verde: \u00bfun muro de esperanza o un espejismo? (noviembre de 2025)<\/strong><br \/>Fuente: <a href=\"https:\/\/earth.org\/\">https:\/\/earth.org\/<\/a><br \/>Details: Situaci\u00f3n actual 20 millones de hect\u00e1reas alcanzadas, an\u00e1lisis cr\u00edtico<\/p><\/li><li><p><strong>UNESCO\/UNCCD: La Gran Muralla Verde de \u00c1frica: una prioridad de la COP16 (diciembre de 2024)<\/strong><br \/>Fuente: <a href=\"https:\/\/www.unccd.int\/\">https:\/\/www.unccd.int\/<\/a><br \/>Detalles: Programas oficiales, objetivos, aplicaci\u00f3n<\/p><\/li><li><p><strong>Foro Global de Paisajes: Por qu\u00e9 \u00c1frica Austral est\u00e1 construyendo una Gran Muralla Verde (junio de 2025)<\/strong><br \/>Fuente: <a href=\"https:\/\/thinklandscape.globallandscapesforum.org\/\">https:\/\/thinklandscape.globallandscapesforum.org\/<\/a><br \/>Detalles: Ejemplos regionales Senegal, N\u00edger, Etiop\u00eda<\/p><\/li><\/ul><h3>Cr\u00edticas y desaf\u00edos<\/h3><ul data-tight=\"true\"><li><p><strong>Pambazuka: \u00c1frica: La oposici\u00f3n se levanta contra la Gran Muralla Verde (abril de 2011)<\/strong><br \/>Fuente: <a href=\"https:\/\/www.pambazuka.org\/\">https:\/\/www.pambazuka.org\/<\/a><br \/>Detalles: cr\u00edticas de las ONG, especies invasoras, acaparamiento de tierras<\/p><\/li><li><p><strong>White Horse Press: \u201aCultivar una maravilla del mundo\u2018: problematizar la Gran Muralla Verde (marzo de 2023)<\/strong><br \/>Fuente: <a href=\"https:\/\/whitehorsepress.blog\/\">https:\/\/whitehorsepress.blog\/<\/a><br \/>Detalles: Cr\u00edticas a los cambios en los ecosistemas, preocupaciones cient\u00edficas<\/p><\/li><li><p><strong>Ciencia en Directo: \u00bfEl gran espejismo verde de \u00c1frica? Evaluar la desconexi\u00f3n entre expectativas y ejecuci\u00f3n<\/strong><br \/>Fuente: <a href=\"https:\/\/www.sciencedirect.com\/\">https:\/\/www.sciencedirect.com\/<\/a><br \/>Detalles: deficiencias de aplicaci\u00f3n, problemas de eficacia<\/p><\/li><li><p><strong>Soluciones WINS: Por qu\u00e9 el plan chino para frenar la expansi\u00f3n del desierto fue un error (marzo de 2025)<\/strong><br \/>Fuente: <a href=\"https:\/\/winssolutions.org\/\">https:\/\/winssolutions.org\/<\/a><br \/>Detalles: S\u00f3lo 15% tasa de supervivencia, la falta de agua, las especies falsas<\/p><\/li><\/ul><div><hr \/><\/div><h2>Q6. Salud, felicidad y calidad de vida<\/h2><h3>Alimentos ecol\u00f3gicos y salud<\/h3><ul data-tight=\"true\"><li><p><strong>PMC\/NIH: Un an\u00e1lisis exhaustivo de los alimentos ecol\u00f3gicos (enero de 2024)<\/strong><br \/>Fuente: <a href=\"https:\/\/www.ncbi.nlm.nih.gov\/pmc\/\">https:\/\/www.ncbi.nlm.nih.gov\/pmc\/<\/a><br \/>Detalles: 27% m\u00e1s de vitamina C, 21% m\u00e1s de hierro, 29% m\u00e1s de magnesio<\/p><\/li><li><p><strong>Science Direct: Una revisi\u00f3n sistem\u00e1tica de los alimentos ecol\u00f3gicos frente a los convencionales (diciembre 2019)<\/strong><br \/>Fuente: <a href=\"https:\/\/www.sciencedirect.com\/\">https:\/\/www.sciencedirect.com\/<\/a><br \/>Detalles: Menor riesgo de c\u00e1ncer y menos alergias<\/p><\/li><li><p><strong>BBC: \u00bfEs mejor la comida ecol\u00f3gica? (octubre 2025)<\/strong><br \/>Fuente: <a href=\"https:\/\/www.bbc.com\/\">https:\/\/www.bbc.com\/<\/a><br \/>Detalles: Evaluaci\u00f3n actual, consenso cient\u00edfico<\/p><\/li><\/ul><h3>Felicidad y longevidad<\/h3><ul data-tight=\"true\"><li><p><strong>Harvard News: Los buenos genes son buenos, pero la alegr\u00eda es mejor (enero de 2024)<\/strong><br \/>Fuente: <a href=\"https:\/\/news.harvard.edu\/\">https:\/\/news.harvard.edu\/<\/a><br \/>Detalles: Estudio Harvard Grant de 85 a\u00f1os, la felicidad como factor principal<\/p><\/li><li><p><strong>Ciencia: la felicidad se asocia con una vida m\u00e1s larga (octubre de 2011)<\/strong><br \/>Fuente: <a href=\"https:\/\/science.org\/\">https:\/\/science.org\/<\/a><br \/>Detalles: 35% reduce el riesgo de mortalidad en personas felices<\/p><\/li><li><p><strong>PMC\/NIH: Las personas felices viven m\u00e1s: bienestar subjetivo y longevidad<\/strong><br \/>Fuente: <a href=\"https:\/\/www.ncbi.nlm.nih.gov\/pmc\/\">https:\/\/www.ncbi.nlm.nih.gov\/pmc\/<\/a><br \/>Detalles: Mecanismos, reducci\u00f3n del estr\u00e9s, resiliencia<\/p><\/li><li><p><strong>FEM: Los cient\u00edficos han descubierto la clave de una vida sana y feliz: las relaciones (junio de 2025)<\/strong><br \/>Fuente: <a href=\"https:\/\/www.weforum.org\/\">https:\/\/www.weforum.org\/<\/a><br \/>Detalles: La soledad como factor de riesgo, las relaciones son fundamentales<\/p><\/li><li><p><strong>Stanford Medicine: La ciencia de la longevidad: combinar felicidad y salud<\/strong><br \/>Fuente: <a href=\"https:\/\/med.stanford.edu\/\">https:\/\/med.stanford.edu\/<\/a><br \/>Detalles: Optimismo, longevidad, prevenci\u00f3n<\/p><\/li><\/ul><div><hr \/><\/div><h2>Q7. Transici\u00f3n demogr\u00e1fica y fecundidad<\/h2><h3>Fertilidad y prosperidad<\/h3><ul data-tight=\"true\"><li><p><strong>Royal Society Publishing: Competencia de estatus, desigualdad y fertilidad (abril de 2016).<\/strong><br \/>Fuente: <a href=\"https:\/\/royalsocietypublishing.org\/\">https:\/\/royalsocietypublishing.org\/<\/a><br \/>Detalles: Relaci\u00f3n entre riqueza y n\u00famero de hijos, compensaci\u00f3n entre educaci\u00f3n y fecundidad<\/p><\/li><li><p><strong>Science Direct: El declive de la fecundidad y la din\u00e1mica cambiante de la riqueza, estatus (mayo de 2015)<\/strong><br \/>Fuente: <a href=\"https:\/\/www.sciencedirect.com\/\">https:\/\/www.sciencedirect.com\/<\/a><br \/>Details: La educaci\u00f3n como factor clave, especialmente para las mujeres<\/p><\/li><li><p><strong>OCDE: El descenso de la fecundidad pone en peligro la prosperidad de las generaciones futuras (junio de 2024)<\/strong><br \/>Fuente: <a href=\"https:\/\/www.oecd.org\/\">https:\/\/www.oecd.org\/<\/a><br \/>Detalles: Tendencias mundiales, diferencias regionales<\/p><\/li><li><p><strong>Universidad de Gotinga: La educaci\u00f3n y la transici\u00f3n mundial de la fecundidad<\/strong><br \/>Fuente: <a href=\"https:\/\/www.uni-goettingen.de\/\">https:\/\/www.uni-goettingen.de\/<\/a><br \/>Detalles: efecto educativo, causalidades<\/p><\/li><li><p><strong>Instituto IFO: V\u00ednculos entre demograf\u00eda y crecimiento econ\u00f3mico<\/strong><br \/>Fuente: <a href=\"https:\/\/www.ifo.de\/\">https:\/\/www.ifo.de\/<\/a><br \/>Detalles: Perspectiva econ\u00f3mica, escenarios<\/p><\/li><\/ul><div><hr \/><\/div><h2>Q8. Econom\u00eda circular y decrecimiento<\/h2><h3>Econom\u00eda circular<\/h3><ul data-tight=\"true\"><li><p><strong>Fundaci\u00f3n Ellen MacArthur: La econom\u00eda circular<\/strong><br \/>Fuente: <a href=\"https:\/\/www.ellenmacarthurfoundation.org\/\">https:\/\/www.ellenmacarthurfoundation.org\/<\/a><br \/>Detalles: Definiciones, modelos, 45% Potencial de reducci\u00f3n de CO2<\/p><\/li><li><p><strong>Parlamento Europeo: Econom\u00eda circular: definici\u00f3n, importancia y beneficios (mayo de 2023)<\/strong><br \/>Fuente: <a href=\"https:\/\/www.europarl.europa.eu\/\">https:\/\/www.europarl.europa.eu\/<\/a><br \/>Detalles: Perspectiva pol\u00edtica, ahorro de energ\u00eda<\/p><\/li><li><p><strong>Brussels Times: C\u00f3mo una econom\u00eda circular permitir\u00eda ahorrar energ\u00eda a la UE (mayo de 2023)<\/strong><br \/>Fuente: <a href=\"https:\/\/www.brusselstimes.com\/\">https:\/\/www.brusselstimes.com\/<\/a><br \/>Detalles: Cifras concretas, escenarios para Europa<\/p><\/li><li><p><strong>IRENA: Econom\u00eda circular (2021)<\/strong><br \/>Fuente: <a href=\"https:\/\/www.irena.org\/\">https:\/\/www.irena.org\/<\/a><br \/>Detalles: Perspectiva energ\u00e9tica, tecnolog\u00edas<\/p><\/li><\/ul><h3>Decrecimiento y suficiencia<\/h3><ul data-tight=\"true\"><li><p><strong><a href=\"http:\/\/Degrowth.info\">Decrecimiento.info<\/a>Proporcionar una vida digna con un m\u00ednimo de energ\u00eda: una evaluaci\u00f3n global (diciembre de 2019)<\/strong><br \/>Fuente: <a href=\"https:\/\/www.degrowth.info\/\">https:\/\/www.degrowth.info\/<\/a><br \/>Detalles: Posibilidad de nivel de energ\u00eda de los a\u00f1os 60 a pesar de 3x poblaci\u00f3n<\/p><\/li><li><p><strong><a href=\"http:\/\/Earth.org\">Tierra.org<\/a>El papel del decrecimiento en la transici\u00f3n hacia una energ\u00eda baja en carbono (septiembre de 2023)<\/strong><br \/>Fuente: <a href=\"https:\/\/earth.org\/\">https:\/\/earth.org\/<\/a><br \/>Detalles: 21-29% Reducci\u00f3n de energ\u00eda mediante una pol\u00edtica de suficiencia<\/p><\/li><li><p><strong>BBVA Research: Los efectos sobre el bienestar del decrecimiento como estrategia de descarbonizaci\u00f3n<\/strong><br \/>Fuente: <a href=\"https:\/\/www.bbvaresearch.com\/\">https:\/\/www.bbvaresearch.com\/<\/a><br \/>Detalles: Efectos sobre el bienestar, repercusiones sociales<\/p><\/li><li><p><strong>Fraunhofer ISI: Estudio sobre escenarios de ahorro energ\u00e9tico para 2050<\/strong><br \/>Fuente: <a href=\"https:\/\/isi.fraunhofer.de\/\">https:\/\/isi.fraunhofer.de\/<\/a><br \/>Detalles: optimizaciones energ\u00e9ticas espec\u00edficas para Alemania<\/p><\/li><\/ul><h3>Cooperaci\u00f3n frente a competencia<\/h3><ul data-tight=\"true\"><li><p><strong>Academy of Management Journal: Cooperaci\u00f3n frente a competencia (junio de 2015)<\/strong><br \/>Fuente: <a href=\"https:\/\/journals.aom.org\/\">https:\/\/journals.aom.org\/<\/a><br \/>Detalles: Estudio de eficiencia, utilizaci\u00f3n de recursos<\/p><\/li><li><p><strong>Universidad de Gotinga: Competencia frente a cooperaci\u00f3n<\/strong><br \/>Fuente: <a href=\"https:\/\/www.uni-goettingen.de\/\">https:\/\/www.uni-goettingen.de\/<\/a><br \/>Detalles: An\u00e1lisis cient\u00edfico<\/p><\/li><li><p><strong>Science Direct: Cooperaci\u00f3n y competencia en el ecosistema de la innovaci\u00f3n (noviembre de 2021)<\/strong><br \/>Fuente: <a href=\"https:\/\/www.sciencedirect.com\/\">https:\/\/www.sciencedirect.com\/<\/a><br \/>Detalles: Innovaci\u00f3n mediante la cooperaci\u00f3n, optimizaci\u00f3n de recursos<\/p><\/li><\/ul><div><hr \/><\/div><h2>P9 Gradido y sistemas monetarios alternativos<\/h2><h3>Documentaci\u00f3n Gradido<\/h3><ul data-tight=\"true\"><li><p><strong><a href=\"http:\/\/Gradido.net\">Gradido.net<\/a>Econom\u00eda natural de la vida<\/strong><br \/>Fuente: <a href=\"https:\/\/gradido.net\/es\/\">https:\/\/www.gradido.net\/<\/a><br \/>Detalles: Documentaci\u00f3n oficial, funcionalidad, visi\u00f3n<\/p><\/li><li><p><strong>Academia Gradido: Preguntas y respuestas<\/strong><br \/>Fuente: <a href=\"https:\/\/gradido.net\/es\/\">https:\/\/www.gradido.net\/<\/a><br \/>Detalles: FAQ, mecanismos, escenarios de aplicaci\u00f3n<\/p><\/li><li><p><strong>Gradido Visi\u00f3n 2050 y 2035<\/strong><br \/>Fuente: <a href=\"https:\/\/gradido.net\/es\/\">https:\/\/www.gradido.net\/<\/a><br \/>Detalles: Visiones de futuro, escenarios de transformaci\u00f3n<\/p><\/li><\/ul><h3>Monedas y sistemas monetarios complementarios<\/h3><ul data-tight=\"true\"><li><p><strong><a href=\"http:\/\/Society4th.org\">Sociedad4th.org<\/a>Gradido: algo m\u00e1s que una moneda complementaria (noviembre de 2024)<\/strong><br \/>Fuente: <a href=\"https:\/\/society4th.org\/\">https:\/\/society4th.org\/<\/a><br \/>Detalles: An\u00e1lisis del sistema monetario, comparaciones<\/p><\/li><li><p><strong>Akademie Lebensraum: Gradido - El sistema monetario alternativo (mayo de 2023)<\/strong><br \/>Fuente: <a href=\"https:\/\/akademie-lebensraum.de\/\">https:\/\/akademie-lebensraum.de\/<\/a><br \/>Detalles: Preparaci\u00f3n pedag\u00f3gica, aplicaci\u00f3n<\/p><\/li><li><p><strong>Gesti\u00f3n centrada en el ser humano: Gradido - unidad de valor modelada en la naturaleza (marzo de 2024)<\/strong><br \/>Fuente: <a href=\"https:\/\/www.menschlichwirtschaften.de\/\">https:\/\/www.menschlichwirtschaften.de\/<\/a><br \/>Detalles: Perspectiva basada en la naturaleza, Econom\u00eda ecol\u00f3gica<\/p><\/li><\/ul><div><hr \/><\/div><h2>Q10. Precios de la electricidad y costes energ\u00e9ticos<\/h2><h3>Alemania Precios de la electricidad<\/h3><ul data-tight=\"true\"><li><p><strong>ENTEGA: Precio actual de la electricidad 2025<\/strong><br \/>Fuente: <a href=\"https:\/\/www.entega.de\/\">https:\/\/www.entega.de\/<\/a><br \/>Detalles: Precios actuales de la electricidad dom\u00e9stica (~39,7 ct\/kWh)<\/p><\/li><li><p><strong>Co2online: Evoluci\u00f3n del precio de la electricidad en 2025<\/strong><br \/>Fuente: <a href=\"https:\/\/www.co2online.de\/\">https:\/\/www.co2online.de\/<\/a><br \/>Detalles: Tendencias, comparaciones, previsiones<\/p><\/li><li><p><strong>Finanztip: Precio de la electricidad y evoluci\u00f3n del precio de la electricidad (noviembre de 2025)<\/strong><br \/>Fuente: <a href=\"https:\/\/www.finanztip.de\/\">https:\/\/www.finanztip.de\/<\/a><br \/>Detalles: Datos actuales, calculadora<\/p><\/li><li><p><strong>BDEW: An\u00e1lisis del precio de la electricidad en octubre de 2025<\/strong><br \/>Fuente: <a href=\"https:\/\/www.bdew.de\/\">https:\/\/www.bdew.de\/<\/a><br \/>Detalles: An\u00e1lisis del sector, datos oficiales<\/p><\/li><\/ul><h3>Precios de la electricidad comercial<\/h3><ul data-tight=\"true\"><li><p><strong>Wattline: Precio de la electricidad para las empresas 2025<\/strong><br \/>Fuente: <a href=\"https:\/\/www.wattline.energy\/\">https:\/\/www.wattline.energy\/<\/a><br \/>Detalles: precios B2B, comparaciones<\/p><\/li><li><p><strong>EHA: Precios de la electricidad para la industria<\/strong><br \/>Fuente: <a href=\"https:\/\/www.eha.net\/\">https:\/\/www.eha.net\/<\/a><br \/>Detalles: Precios de cuentas clave, tendencias<\/p><\/li><\/ul><div><hr \/><\/div><h2>Q11. Medio ambiente y sostenibilidad<\/h2><h3>Biodiversidad y protecci\u00f3n de los bosques<\/h3><ul data-tight=\"true\"><li><p><strong>WWF: Bosques extra\u00eddos<\/strong><br \/>Fuente: <a href=\"https:\/\/www.wwf.org\/\">https:\/\/www.wwf.org\/<\/a><br \/>Detalles: Miner\u00eda y p\u00e9rdida de bosques<\/p><\/li><li><p><strong>Instituto de Recursos Mundiales: La miner\u00eda se adentra cada vez m\u00e1s en selvas tropicales cr\u00edticas (octubre de 2024)<\/strong><br \/>Fuente: <a href=\"https:\/\/www.wri.org\/\">https:\/\/www.wri.org\/<\/a><br \/>Detalles: Actividades mineras, deforestaci\u00f3n<\/p><\/li><li><p><strong>BMZ\/Rue: Miner\u00eda y deforestaci\u00f3n<\/strong><br \/>Fuente: <a href=\"https:\/\/rue.bmz.de\/\">https:\/\/rue.bmz.de\/<\/a><br \/>Detalles: Perspectiva pol\u00edtica, intervenciones<\/p><\/li><li><p><strong><a href=\"http:\/\/xn--Regenwald-schtzen-f3b.org\">Rainforest-protect.org<\/a>: Cifras de la selva tropical (abril de 2025)<\/strong><br \/>Fuente: <a href=\"https:\/\/www.regenwald-schuetzen.org\/\">https:\/\/www.regenwald-schuetzen.org\/<\/a><br \/>Detalles: Tasas actuales de deforestaci\u00f3n, tendencias<\/p><\/li><\/ul><div><hr \/><\/div><h2>Q12. Comparaciones de recursos especiales<\/h2><h3>Conversi\u00f3n de campo de f\u00fatbol a hect\u00e1rea<\/h3><ul data-tight=\"true\"><li><p><strong>Calculadora en l\u00ednea: Convertir \u00e1rea<\/strong><br \/>Fuente: <a href=\"https:\/\/rechneronline.de\/\">https:\/\/rechneronline.de\/<\/a><br \/>Detalles: 1 campo de f\u00fatbol \u2248 0,714 hect\u00e1reas<\/p><\/li><li><p><strong>Studyflix: \u00bfCu\u00e1nto mide una hect\u00e1rea?<\/strong><br \/>Fuente: <a href=\"https:\/\/studyflix.de\/\">https:\/\/studyflix.de\/<\/a><br \/>Detalles: Ejemplos ilustrativos, comparaciones<\/p><\/li><\/ul><div><hr \/><\/div><h2>Q13. Contextos hist\u00f3ricos y contempor\u00e1neos<\/h2><h3>Pueblos ind\u00edgenas y energ\u00edas renovables<\/h3><ul data-tight=\"true\"><li><p><strong>Indigenous Climate Hub: Participaci\u00f3n ind\u00edgena en proyectos de energ\u00edas renovables (junio de 2021)<\/strong><br \/>Fuente: <a href=\"https:\/\/indigenousclimatehub.ca\/\">https:\/\/indigenousclimatehub.ca\/<\/a><br \/>Detalles: Participaci\u00f3n, justicia, conocimientos tradicionales<\/p><\/li><li><p><strong>Energ\u00eda limpia ind\u00edgena: fundamentos energ\u00e9ticos<\/strong><br \/>Fuente: <a href=\"https:\/\/indigenouscleanenergy.com\/\">https:\/\/indigenouscleanenergy.com\/<\/a><br \/>Detalles: Buenas pr\u00e1cticas, Integraci\u00f3n<\/p><\/li><\/ul><div><hr \/><\/div><div><hr \/><\/div><p><strong>Nota:<\/strong> Esta lista de fuentes se actualiza continuamente a medida que se consultan nuevos estudios o fuentes. Si tiene alguna pregunta sobre fuentes concretas o referencias adicionales, no dude en ponerse en contacto con nosotros.<\/p>\t\t\t\t\t\t\t\t<\/div>\n\t\t\t\t<\/div>\n\t\t\t\t\t<\/div>\n\t\t<\/div>\n\t\t\t\t\t<\/div>\n\t\t<\/section>\n\t\t\t\t<\/div>","protected":false},"excerpt":{"rendered":"<p>Energiewende und Transformation: Der Weg zum Paradies auf Erden Hauptseite: Vision 2050 Unterseiten: Energiewende und Transformation: Der Weg zum Paradies auf Erden Die Inhalte spiegeln die Recherche- und Analyseergebnisse von Perplexity wider und stellen keine Meinungs\u00e4u\u00dferung von Gradido dar. Sie dienen der Information und als Impuls zur weiteren Diskussion. Energiewende und Transformation: Der Weg zum [&hellip;]<\/p>\n","protected":false},"author":2,"featured_media":8453,"parent":12563,"menu_order":0,"comment_status":"closed","ping_status":"closed","template":"","meta":{"footnotes":""},"class_list":["post-12674","page","type-page","status-publish","has-post-thumbnail","hentry"],"yoast_head":"<!-- This site is optimized with the Yoast SEO plugin v27.5 - https:\/\/yoast.com\/product\/yoast-seo-wordpress\/ -->\n<title>Energiewende und Transformation - Gradido<\/title>\n<meta name=\"description\" content=\"Sei Teil der Bewegung!Gemeinsam bringen wir Gradido in die Welt.\" \/>\n<meta name=\"robots\" content=\"index, follow, max-snippet:-1, max-image-preview:large, max-video-preview:-1\" \/>\n<link rel=\"canonical\" href=\"https:\/\/gradido.net\/es\/what-is-gradido\/vision-2050\/energiewende-und-transformation\/\" \/>\n<meta property=\"og:locale\" content=\"es_ES\" \/>\n<meta property=\"og:type\" content=\"article\" \/>\n<meta property=\"og:title\" content=\"Energiewende und Transformation - Gradido\" \/>\n<meta property=\"og:description\" content=\"Sei Teil der Bewegung!Gemeinsam bringen wir Gradido in die Welt.\" \/>\n<meta property=\"og:url\" content=\"https:\/\/gradido.net\/es\/what-is-gradido\/vision-2050\/energiewende-und-transformation\/\" \/>\n<meta property=\"og:site_name\" content=\"Gradido\" \/>\n<meta property=\"article:modified_time\" content=\"2025-11-15T10:20:16+00:00\" \/>\n<meta property=\"og:image\" content=\"https:\/\/gradido.net\/wp-content\/uploads\/2023\/12\/AdobeStock_623322374-scaled.jpeg\" \/>\n\t<meta property=\"og:image:width\" content=\"2560\" \/>\n\t<meta property=\"og:image:height\" content=\"640\" \/>\n\t<meta property=\"og:image:type\" content=\"image\/jpeg\" \/>\n<meta name=\"twitter:card\" content=\"summary_large_image\" \/>\n<meta name=\"twitter:label1\" content=\"Tiempo de lectura\" \/>\n\t<meta name=\"twitter:data1\" content=\"24 minutos\" \/>\n<script type=\"application\/ld+json\" class=\"yoast-schema-graph\">{\"@context\":\"https:\\\/\\\/schema.org\",\"@graph\":[{\"@type\":\"WebPage\",\"@id\":\"https:\\\/\\\/gradido.net\\\/what-is-gradido\\\/vision-2050\\\/energiewende-und-transformation\\\/\",\"url\":\"https:\\\/\\\/gradido.net\\\/what-is-gradido\\\/vision-2050\\\/energiewende-und-transformation\\\/\",\"name\":\"Energiewende und Transformation - Gradido\",\"isPartOf\":{\"@id\":\"https:\\\/\\\/gradido.net\\\/de\\\/#website\"},\"primaryImageOfPage\":{\"@id\":\"https:\\\/\\\/gradido.net\\\/what-is-gradido\\\/vision-2050\\\/energiewende-und-transformation\\\/#primaryimage\"},\"image\":{\"@id\":\"https:\\\/\\\/gradido.net\\\/what-is-gradido\\\/vision-2050\\\/energiewende-und-transformation\\\/#primaryimage\"},\"thumbnailUrl\":\"https:\\\/\\\/gradido.net\\\/wp-content\\\/uploads\\\/2023\\\/12\\\/AdobeStock_623322374-scaled.jpeg\",\"datePublished\":\"2025-11-15T10:12:31+00:00\",\"dateModified\":\"2025-11-15T10:20:16+00:00\",\"description\":\"Sei Teil der Bewegung!Gemeinsam bringen wir Gradido in die Welt.\",\"breadcrumb\":{\"@id\":\"https:\\\/\\\/gradido.net\\\/what-is-gradido\\\/vision-2050\\\/energiewende-und-transformation\\\/#breadcrumb\"},\"inLanguage\":\"es\",\"potentialAction\":[{\"@type\":\"ReadAction\",\"target\":[\"https:\\\/\\\/gradido.net\\\/what-is-gradido\\\/vision-2050\\\/energiewende-und-transformation\\\/\"]}]},{\"@type\":\"ImageObject\",\"inLanguage\":\"es\",\"@id\":\"https:\\\/\\\/gradido.net\\\/what-is-gradido\\\/vision-2050\\\/energiewende-und-transformation\\\/#primaryimage\",\"url\":\"https:\\\/\\\/gradido.net\\\/wp-content\\\/uploads\\\/2023\\\/12\\\/AdobeStock_623322374-scaled.jpeg\",\"contentUrl\":\"https:\\\/\\\/gradido.net\\\/wp-content\\\/uploads\\\/2023\\\/12\\\/AdobeStock_623322374-scaled.jpeg\",\"width\":2560,\"height\":640},{\"@type\":\"BreadcrumbList\",\"@id\":\"https:\\\/\\\/gradido.net\\\/what-is-gradido\\\/vision-2050\\\/energiewende-und-transformation\\\/#breadcrumb\",\"itemListElement\":[{\"@type\":\"ListItem\",\"position\":1,\"name\":\"Startseite\",\"item\":\"https:\\\/\\\/gradido.net\\\/\"},{\"@type\":\"ListItem\",\"position\":2,\"name\":\"Wohlstand\",\"item\":\"https:\\\/\\\/gradido.net\\\/what-is-gradido\\\/\"},{\"@type\":\"ListItem\",\"position\":3,\"name\":\"Vision 2050\",\"item\":\"https:\\\/\\\/gradido.net\\\/what-is-gradido\\\/vision-2050\\\/\"},{\"@type\":\"ListItem\",\"position\":4,\"name\":\"Energiewende und Transformation\"}]},{\"@type\":\"WebSite\",\"@id\":\"https:\\\/\\\/gradido.net\\\/de\\\/#website\",\"url\":\"https:\\\/\\\/gradido.net\\\/de\\\/\",\"name\":\"Gradido\",\"description\":\"Die neue W\u00e4hrung hei\u00dft Dankbarkeit\",\"publisher\":{\"@id\":\"https:\\\/\\\/gradido.net\\\/de\\\/#organization\"},\"potentialAction\":[{\"@type\":\"SearchAction\",\"target\":{\"@type\":\"EntryPoint\",\"urlTemplate\":\"https:\\\/\\\/gradido.net\\\/de\\\/?s={search_term_string}\"},\"query-input\":{\"@type\":\"PropertyValueSpecification\",\"valueRequired\":true,\"valueName\":\"search_term_string\"}}],\"inLanguage\":\"es\"},{\"@type\":\"Organization\",\"@id\":\"https:\\\/\\\/gradido.net\\\/de\\\/#organization\",\"name\":\"Gradido\",\"url\":\"https:\\\/\\\/gradido.net\\\/de\\\/\",\"logo\":{\"@type\":\"ImageObject\",\"inLanguage\":\"es\",\"@id\":\"https:\\\/\\\/gradido.net\\\/de\\\/#\\\/schema\\\/logo\\\/image\\\/\",\"url\":\"https:\\\/\\\/gradido.net\\\/wp-content\\\/uploads\\\/2022\\\/04\\\/gradido-social.jpg\",\"contentUrl\":\"https:\\\/\\\/gradido.net\\\/wp-content\\\/uploads\\\/2022\\\/04\\\/gradido-social.jpg\",\"width\":527,\"height\":273,\"caption\":\"Gradido\"},\"image\":{\"@id\":\"https:\\\/\\\/gradido.net\\\/de\\\/#\\\/schema\\\/logo\\\/image\\\/\"}}]}<\/script>\n<!-- \/ Yoast SEO plugin. -->","yoast_head_json":{"title":"Transici\u00f3n y transformaci\u00f3n energ\u00e9ticas - Gradido","description":"Forma parte del movimiento: juntos traeremos Gradido al mundo.","robots":{"index":"index","follow":"follow","max-snippet":"max-snippet:-1","max-image-preview":"max-image-preview:large","max-video-preview":"max-video-preview:-1"},"canonical":"https:\/\/gradido.net\/es\/what-is-gradido\/vision-2050\/energiewende-und-transformation\/","og_locale":"es_ES","og_type":"article","og_title":"Energiewende und Transformation - Gradido","og_description":"Sei Teil der Bewegung!Gemeinsam bringen wir Gradido in die Welt.","og_url":"https:\/\/gradido.net\/es\/what-is-gradido\/vision-2050\/energiewende-und-transformation\/","og_site_name":"Gradido","article_modified_time":"2025-11-15T10:20:16+00:00","og_image":[{"width":2560,"height":640,"url":"https:\/\/gradido.net\/wp-content\/uploads\/2023\/12\/AdobeStock_623322374-scaled.jpeg","type":"image\/jpeg"}],"twitter_card":"summary_large_image","twitter_misc":{"Tiempo de lectura":"24 minutos"},"schema":{"@context":"https:\/\/schema.org","@graph":[{"@type":"WebPage","@id":"https:\/\/gradido.net\/what-is-gradido\/vision-2050\/energiewende-und-transformation\/","url":"https:\/\/gradido.net\/what-is-gradido\/vision-2050\/energiewende-und-transformation\/","name":"Transici\u00f3n y transformaci\u00f3n energ\u00e9ticas - Gradido","isPartOf":{"@id":"https:\/\/gradido.net\/de\/#website"},"primaryImageOfPage":{"@id":"https:\/\/gradido.net\/what-is-gradido\/vision-2050\/energiewende-und-transformation\/#primaryimage"},"image":{"@id":"https:\/\/gradido.net\/what-is-gradido\/vision-2050\/energiewende-und-transformation\/#primaryimage"},"thumbnailUrl":"https:\/\/gradido.net\/wp-content\/uploads\/2023\/12\/AdobeStock_623322374-scaled.jpeg","datePublished":"2025-11-15T10:12:31+00:00","dateModified":"2025-11-15T10:20:16+00:00","description":"Forma parte del movimiento: juntos traeremos Gradido al mundo.","breadcrumb":{"@id":"https:\/\/gradido.net\/what-is-gradido\/vision-2050\/energiewende-und-transformation\/#breadcrumb"},"inLanguage":"es","potentialAction":[{"@type":"ReadAction","target":["https:\/\/gradido.net\/what-is-gradido\/vision-2050\/energiewende-und-transformation\/"]}]},{"@type":"ImageObject","inLanguage":"es","@id":"https:\/\/gradido.net\/what-is-gradido\/vision-2050\/energiewende-und-transformation\/#primaryimage","url":"https:\/\/gradido.net\/wp-content\/uploads\/2023\/12\/AdobeStock_623322374-scaled.jpeg","contentUrl":"https:\/\/gradido.net\/wp-content\/uploads\/2023\/12\/AdobeStock_623322374-scaled.jpeg","width":2560,"height":640},{"@type":"BreadcrumbList","@id":"https:\/\/gradido.net\/what-is-gradido\/vision-2050\/energiewende-und-transformation\/#breadcrumb","itemListElement":[{"@type":"ListItem","position":1,"name":"Startseite","item":"https:\/\/gradido.net\/"},{"@type":"ListItem","position":2,"name":"Wohlstand","item":"https:\/\/gradido.net\/what-is-gradido\/"},{"@type":"ListItem","position":3,"name":"Vision 2050","item":"https:\/\/gradido.net\/what-is-gradido\/vision-2050\/"},{"@type":"ListItem","position":4,"name":"Energiewende und Transformation"}]},{"@type":"WebSite","@id":"https:\/\/gradido.net\/de\/#website","url":"https:\/\/gradido.net\/de\/","name":"Gradido","description":"La nueva moneda es la gratitud","publisher":{"@id":"https:\/\/gradido.net\/de\/#organization"},"potentialAction":[{"@type":"SearchAction","target":{"@type":"EntryPoint","urlTemplate":"https:\/\/gradido.net\/de\/?s={search_term_string}"},"query-input":{"@type":"PropertyValueSpecification","valueRequired":true,"valueName":"search_term_string"}}],"inLanguage":"es"},{"@type":"Organization","@id":"https:\/\/gradido.net\/de\/#organization","name":"Gradido","url":"https:\/\/gradido.net\/de\/","logo":{"@type":"ImageObject","inLanguage":"es","@id":"https:\/\/gradido.net\/de\/#\/schema\/logo\/image\/","url":"https:\/\/gradido.net\/wp-content\/uploads\/2022\/04\/gradido-social.jpg","contentUrl":"https:\/\/gradido.net\/wp-content\/uploads\/2022\/04\/gradido-social.jpg","width":527,"height":273,"caption":"Gradido"},"image":{"@id":"https:\/\/gradido.net\/de\/#\/schema\/logo\/image\/"}}]}},"_links":{"self":[{"href":"https:\/\/gradido.net\/es\/wp-json\/wp\/v2\/pages\/12674","targetHints":{"allow":["GET"]}}],"collection":[{"href":"https:\/\/gradido.net\/es\/wp-json\/wp\/v2\/pages"}],"about":[{"href":"https:\/\/gradido.net\/es\/wp-json\/wp\/v2\/types\/page"}],"author":[{"embeddable":true,"href":"https:\/\/gradido.net\/es\/wp-json\/wp\/v2\/users\/2"}],"replies":[{"embeddable":true,"href":"https:\/\/gradido.net\/es\/wp-json\/wp\/v2\/comments?post=12674"}],"version-history":[{"count":7,"href":"https:\/\/gradido.net\/es\/wp-json\/wp\/v2\/pages\/12674\/revisions"}],"predecessor-version":[{"id":12684,"href":"https:\/\/gradido.net\/es\/wp-json\/wp\/v2\/pages\/12674\/revisions\/12684"}],"up":[{"embeddable":true,"href":"https:\/\/gradido.net\/es\/wp-json\/wp\/v2\/pages\/12563"}],"wp:featuredmedia":[{"embeddable":true,"href":"https:\/\/gradido.net\/es\/wp-json\/wp\/v2\/media\/8453"}],"wp:attachment":[{"href":"https:\/\/gradido.net\/es\/wp-json\/wp\/v2\/media?parent=12674"}],"curies":[{"name":"wp","href":"https:\/\/api.w.org\/{rel}","templated":true}]}}