{"id":13623,"date":"2026-04-24T08:40:11","date_gmt":"2026-04-24T06:40:11","guid":{"rendered":"https:\/\/gradido.net\/?page_id=13623"},"modified":"2026-04-24T08:42:30","modified_gmt":"2026-04-24T06:42:30","slug":"gradido-konto","status":"publish","type":"page","link":"https:\/\/gradido.net\/es\/blog\/gradido-konto\/","title":{"rendered":"Cuenta de Gradido"},"content":{"rendered":"<div data-elementor-type=\"wp-page\" data-elementor-id=\"13623\" class=\"elementor elementor-13623\" data-elementor-post-type=\"page\">\n\t\t\t\t\t\t<section class=\"elementor-section elementor-top-section elementor-element elementor-element-2cac71f elementor-section-full_width elementor-section-height-default elementor-section-height-default\" data-id=\"2cac71f\" data-element_type=\"section\" data-e-type=\"section\">\n\t\t\t\t\t\t<div class=\"elementor-container elementor-column-gap-no\">\n\t\t\t\t\t<div class=\"elementor-column elementor-col-100 elementor-top-column elementor-element elementor-element-cef0c8b\" data-id=\"cef0c8b\" data-element_type=\"column\" data-e-type=\"column\">\n\t\t\t<div class=\"elementor-widget-wrap elementor-element-populated\">\n\t\t\t\t\t\t<div class=\"elementor-element elementor-element-cd0fa05 elementor--h-position-center elementor--v-position-middle elementor-arrows-position-inside elementor-widget elementor-widget-slides\" data-id=\"cd0fa05\" data-element_type=\"widget\" data-e-type=\"widget\" data-settings=\"{&quot;navigation&quot;:&quot;arrows&quot;,&quot;autoplay&quot;:&quot;yes&quot;,&quot;pause_on_hover&quot;:&quot;yes&quot;,&quot;pause_on_interaction&quot;:&quot;yes&quot;,&quot;autoplay_speed&quot;:5000,&quot;infinite&quot;:&quot;yes&quot;,&quot;transition&quot;:&quot;slide&quot;,&quot;transition_speed&quot;:500}\" data-widget_type=\"slides.default\">\n\t\t\t\t<div class=\"elementor-widget-container\">\n\t\t\t\t\t\t\t\t\t<div class=\"elementor-swiper\">\n\t\t\t\t\t<div class=\"elementor-slides-wrapper elementor-main-swiper swiper\" role=\"region\" aria-roledescription=\"carousel\" aria-label=\"Deslizador\" dir=\"ltr\" data-animation=\"fadeInUp\">\n\t\t\t\t<div class=\"swiper-wrapper elementor-slides\">\n\t\t\t\t\t\t\t\t\t\t<div class=\"elementor-repeater-item-2de4990 swiper-slide\" role=\"group\" aria-roledescription=\"slide\"><div class=\"swiper-slide-bg\" role=\"img\" aria-label=\"blog\"><\/div><div class=\"swiper-slide-inner\" ><div class=\"swiper-slide-contents\"><\/div><\/div><\/div>\t\t\t\t<\/div>\n\t\t\t\t\t\t\t<\/div>\n\t\t\t\t<\/div>\n\t\t\t\t\t\t\t\t<\/div>\n\t\t\t\t<\/div>\n\t\t\t\t\t<\/div>\n\t\t<\/div>\n\t\t\t\t\t<\/div>\n\t\t<\/section>\n\t\t\t\t<section class=\"elementor-section elementor-top-section elementor-element elementor-element-cec2a5b elementor-section-boxed elementor-section-height-default elementor-section-height-default\" data-id=\"cec2a5b\" data-element_type=\"section\" data-e-type=\"section\" data-settings=\"{&quot;background_background&quot;:&quot;classic&quot;}\">\n\t\t\t\t\t\t<div class=\"elementor-container elementor-column-gap-default\">\n\t\t\t\t\t<div class=\"elementor-column elementor-col-100 elementor-top-column elementor-element elementor-element-2bca127\" data-id=\"2bca127\" data-element_type=\"column\" data-e-type=\"column\">\n\t\t\t<div class=\"elementor-widget-wrap elementor-element-populated\">\n\t\t\t\t\t\t<div class=\"elementor-element elementor-element-e504e40 elementor-widget elementor-widget-heading\" data-id=\"e504e40\" data-element_type=\"widget\" data-e-type=\"widget\" data-widget_type=\"heading.default\">\n\t\t\t\t<div class=\"elementor-widget-container\">\n\t\t\t\t\t<h1 class=\"elementor-heading-title elementor-size-default\">Cuenta de Gradido<\/h1>\t\t\t\t<\/div>\n\t\t\t\t<\/div>\n\t\t\t\t\t<\/div>\n\t\t<\/div>\n\t\t\t\t\t<\/div>\n\t\t<\/section>\n\t\t\t\t<section class=\"elementor-section elementor-top-section elementor-element elementor-element-e4f56b5 elementor-section-boxed elementor-section-height-default elementor-section-height-default\" data-id=\"e4f56b5\" data-element_type=\"section\" data-e-type=\"section\">\n\t\t\t\t\t\t<div class=\"elementor-container elementor-column-gap-default\">\n\t\t\t\t\t<div class=\"elementor-column elementor-col-100 elementor-top-column elementor-element elementor-element-93ee9fb\" data-id=\"93ee9fb\" data-element_type=\"column\" data-e-type=\"column\">\n\t\t\t<div class=\"elementor-widget-wrap elementor-element-populated\">\n\t\t\t\t\t\t<div class=\"elementor-element elementor-element-7bbe7d9 elementor-nav-menu--dropdown-tablet elementor-nav-menu__text-align-aside elementor-nav-menu--toggle elementor-nav-menu--burger elementor-widget elementor-widget-nav-menu\" data-id=\"7bbe7d9\" data-element_type=\"widget\" data-e-type=\"widget\" data-settings=\"{&quot;layout&quot;:&quot;horizontal&quot;,&quot;submenu_icon&quot;:{&quot;value&quot;:&quot;&lt;i class=\\&quot;fas fa-caret-down\\&quot; aria-hidden=\\&quot;true\\&quot;&gt;&lt;\\\/i&gt;&quot;,&quot;library&quot;:&quot;fa-solid&quot;},&quot;toggle&quot;:&quot;burger&quot;}\" data-widget_type=\"nav-menu.default\">\n\t\t\t\t<div class=\"elementor-widget-container\">\n\t\t\t\t\t\t\t\t<nav aria-label=\"Men\u00fa\" class=\"elementor-nav-menu--main elementor-nav-menu__container elementor-nav-menu--layout-horizontal e--pointer-underline e--animation-fade\">\n\t\t\t\t<ul id=\"menu-1-7bbe7d9\" class=\"elementor-nav-menu\"><li class=\"menu-item menu-item-type-post_type menu-item-object-page menu-item-13532\"><a href=\"https:\/\/gradido.net\/es\/blog\/\" class=\"elementor-item\">Todas las categor\u00edas<\/a><\/li>\n<li class=\"menu-item menu-item-type-post_type menu-item-object-page menu-item-13515\"><a href=\"https:\/\/gradido.net\/es\/blog\/analysen\/\" class=\"elementor-item\">An\u00e1lisis<\/a><\/li>\n<li class=\"menu-item menu-item-type-post_type menu-item-object-page menu-item-13559\"><a href=\"https:\/\/gradido.net\/es\/blog\/lieblingsstadt\/\" class=\"elementor-item\">Ciudad favorita<\/a><\/li>\n<li class=\"menu-item menu-item-type-post_type menu-item-object-page menu-item-13641\"><a href=\"https:\/\/gradido.net\/es\/blog\/community\/\" class=\"elementor-item\">Comunidad<\/a><\/li>\n<li class=\"menu-item menu-item-type-post_type menu-item-object-page menu-item-13639\"><a href=\"https:\/\/gradido.net\/es\/blog\/psychologie\/\" class=\"elementor-item\">Psicolog\u00eda<\/a><\/li>\n<li class=\"menu-item menu-item-type-post_type menu-item-object-page menu-item-13640\"><a href=\"https:\/\/gradido.net\/es\/blog\/gradido-konto\/\" class=\"elementor-item\">Cuenta de Gradido<\/a><\/li>\n<\/ul>\t\t\t<\/nav>\n\t\t\t\t\t<div class=\"elementor-menu-toggle\" role=\"button\" tabindex=\"0\" aria-label=\"Alternar men\u00fa\" aria-expanded=\"false\">\n\t\t\t<i aria-hidden=\"true\" role=\"presentation\" class=\"elementor-menu-toggle__icon--open eicon-menu-bar\"><\/i><i aria-hidden=\"true\" role=\"presentation\" class=\"elementor-menu-toggle__icon--close eicon-close\"><\/i>\t\t<\/div>\n\t\t\t\t\t<nav class=\"elementor-nav-menu--dropdown elementor-nav-menu__container\" aria-hidden=\"true\">\n\t\t\t\t<ul id=\"menu-2-7bbe7d9\" class=\"elementor-nav-menu\"><li class=\"menu-item menu-item-type-post_type menu-item-object-page menu-item-13532\"><a href=\"https:\/\/gradido.net\/es\/blog\/\" class=\"elementor-item\" tabindex=\"-1\">Todas las categor\u00edas<\/a><\/li>\n<li class=\"menu-item menu-item-type-post_type menu-item-object-page menu-item-13515\"><a href=\"https:\/\/gradido.net\/es\/blog\/analysen\/\" class=\"elementor-item\" tabindex=\"-1\">An\u00e1lisis<\/a><\/li>\n<li class=\"menu-item menu-item-type-post_type menu-item-object-page menu-item-13559\"><a href=\"https:\/\/gradido.net\/es\/blog\/lieblingsstadt\/\" class=\"elementor-item\" tabindex=\"-1\">Ciudad favorita<\/a><\/li>\n<li class=\"menu-item menu-item-type-post_type menu-item-object-page menu-item-13641\"><a href=\"https:\/\/gradido.net\/es\/blog\/community\/\" class=\"elementor-item\" tabindex=\"-1\">Comunidad<\/a><\/li>\n<li class=\"menu-item menu-item-type-post_type menu-item-object-page menu-item-13639\"><a href=\"https:\/\/gradido.net\/es\/blog\/psychologie\/\" class=\"elementor-item\" tabindex=\"-1\">Psicolog\u00eda<\/a><\/li>\n<li class=\"menu-item menu-item-type-post_type menu-item-object-page menu-item-13640\"><a href=\"https:\/\/gradido.net\/es\/blog\/gradido-konto\/\" class=\"elementor-item\" tabindex=\"-1\">Cuenta de Gradido<\/a><\/li>\n<\/ul>\t\t\t<\/nav>\n\t\t\t\t\t\t<\/div>\n\t\t\t\t<\/div>\n\t\t\t\t<div class=\"elementor-element elementor-element-1c7d36d elementor-grid-tablet-3 elementor-grid-3 elementor-grid-mobile-1 elementor-posts--thumbnail-top elementor-posts__hover-gradient elementor-widget elementor-widget-posts\" data-id=\"1c7d36d\" data-element_type=\"widget\" data-e-type=\"widget\" data-settings=\"{&quot;cards_columns_tablet&quot;:&quot;3&quot;,&quot;cards_columns&quot;:&quot;3&quot;,&quot;cards_columns_mobile&quot;:&quot;1&quot;,&quot;cards_row_gap&quot;:{&quot;unit&quot;:&quot;px&quot;,&quot;size&quot;:35,&quot;sizes&quot;:[]},&quot;cards_row_gap_tablet&quot;:{&quot;unit&quot;:&quot;px&quot;,&quot;size&quot;:&quot;&quot;,&quot;sizes&quot;:[]},&quot;cards_row_gap_mobile&quot;:{&quot;unit&quot;:&quot;px&quot;,&quot;size&quot;:&quot;&quot;,&quot;sizes&quot;:[]}}\" data-widget_type=\"posts.cards\">\n\t\t\t\t<div class=\"elementor-widget-container\">\n\t\t\t\t\t\t\t<div class=\"elementor-posts-container elementor-posts elementor-posts--skin-cards elementor-grid\" role=\"list\">\n\t\t\t\t<article class=\"elementor-post elementor-grid-item post-13190 post type-post status-publish format-standard has-post-thumbnail hentry category-analysen category-blog category-gradido-konto\" role=\"listitem\">\n\t\t\t<div class=\"elementor-post__card\">\n\t\t\t\t<a class=\"elementor-post__thumbnail__link\" href=\"https:\/\/gradido.net\/es\/bitcoin-aufstieg-und-grenzen-lektionen-fuer-gradido\/\" tabindex=\"-1\" ><div class=\"elementor-post__thumbnail\"><img fetchpriority=\"high\" decoding=\"async\" width=\"800\" height=\"450\" src=\"https:\/\/gradido.net\/wp-content\/uploads\/2026\/03\/BitCoin-Gradido-1024x576.jpg\" class=\"attachment-large size-large wp-image-13191\" alt=\"\" srcset=\"https:\/\/gradido.net\/wp-content\/uploads\/2026\/03\/BitCoin-Gradido-1024x576.jpg 1024w, https:\/\/gradido.net\/wp-content\/uploads\/2026\/03\/BitCoin-Gradido-300x169.jpg 300w, https:\/\/gradido.net\/wp-content\/uploads\/2026\/03\/BitCoin-Gradido-768x432.jpg 768w, https:\/\/gradido.net\/wp-content\/uploads\/2026\/03\/BitCoin-Gradido-1536x864.jpg 1536w, https:\/\/gradido.net\/wp-content\/uploads\/2026\/03\/BitCoin-Gradido-18x10.jpg 18w, https:\/\/gradido.net\/wp-content\/uploads\/2026\/03\/BitCoin-Gradido.jpg 1920w\" sizes=\"(max-width: 800px) 100vw, 800px\" \/><\/div><\/a>\n\t\t\t\t<div class=\"elementor-post__text\">\n\t\t\t\t<h3 class=\"elementor-post__title\">\n\t\t\t<a href=\"https:\/\/gradido.net\/es\/bitcoin-aufstieg-und-grenzen-lektionen-fuer-gradido\/\" >\n\t\t\t\tBitcoin - auge y l\u00edmites: Lecciones para Gradido\t\t\t<\/a>\n\t\t<\/h3>\n\t\t\t\t<div class=\"elementor-post__excerpt\">\n\t\t\t<p>Bitcoin demuestra que la creaci\u00f3n descentralizada de dinero al margen de los bancos centrales es posible y socialmente aceptable, y a d\u00f3nde conduce un sistema que premia la escasez y el acaparamiento en lugar de la circulaci\u00f3n y el bien com\u00fan.<\/p>\n\t\t<\/div>\n\t\t\n\t\t<a class=\"elementor-post__read-more\" href=\"https:\/\/gradido.net\/es\/bitcoin-aufstieg-und-grenzen-lektionen-fuer-gradido\/\" aria-label=\"M\u00e1s informaci\u00f3n sobre Bitcoin \u2013 Aufstieg und Grenzen: Lektionen f\u00fcr Gradido\" tabindex=\"-1\" >\n\t\t\tLeer m\u00e1s...\t\t<\/a>\n\n\t\t\t\t<\/div>\n\t\t\t\t<div class=\"elementor-post__meta-data\">\n\t\t\t\t\t<span class=\"elementor-post-date\">\n\t\t\t26 marzo 2026\t\t<\/span>\n\t\t\t\t<\/div>\n\t\t\t\t\t<\/div>\n\t\t<\/article>\n\t\t\t\t<article class=\"elementor-post elementor-grid-item post-10371 post type-post status-publish format-standard has-post-thumbnail hentry category-blog category-community category-gradido-konto\" role=\"listitem\">\n\t\t\t<div class=\"elementor-post__card\">\n\t\t\t\t<a class=\"elementor-post__thumbnail__link\" href=\"https:\/\/gradido.net\/es\/gemeinsam-wachsen-meilensteine-feiern-und-die-zukunft-gestalten\/\" tabindex=\"-1\" ><div class=\"elementor-post__thumbnail\"><img decoding=\"async\" width=\"800\" height=\"445\" src=\"https:\/\/gradido.net\/wp-content\/uploads\/2022\/12\/Test_fertig_1920-1024x569.jpg\" class=\"attachment-large size-large wp-image-6018\" alt=\"\" srcset=\"https:\/\/gradido.net\/wp-content\/uploads\/2022\/12\/Test_fertig_1920-1024x569.jpg 1024w, https:\/\/gradido.net\/wp-content\/uploads\/2022\/12\/Test_fertig_1920-300x167.jpg 300w, https:\/\/gradido.net\/wp-content\/uploads\/2022\/12\/Test_fertig_1920-768x427.jpg 768w, https:\/\/gradido.net\/wp-content\/uploads\/2022\/12\/Test_fertig_1920-1536x854.jpg 1536w, https:\/\/gradido.net\/wp-content\/uploads\/2022\/12\/Test_fertig_1920-18x10.jpg 18w, https:\/\/gradido.net\/wp-content\/uploads\/2022\/12\/Test_fertig_1920.jpg 1920w\" sizes=\"(max-width: 800px) 100vw, 800px\" \/><\/div><\/a>\n\t\t\t\t<div class=\"elementor-post__text\">\n\t\t\t\t<h3 class=\"elementor-post__title\">\n\t\t\t<a href=\"https:\/\/gradido.net\/es\/gemeinsam-wachsen-meilensteine-feiern-und-die-zukunft-gestalten\/\" >\n\t\t\t\tCrecer juntos: celebrar los hitos y forjar el futuro\t\t\t<\/a>\n\t\t<\/h3>\n\t\t\t\t<div class=\"elementor-post__excerpt\">\n\t\t\t<p>Hoy queremos hacerles part\u00edcipes -a todos nosotros- de los hitos que hemos conseguido juntos en los \u00faltimos a\u00f1os y de lo que nos espera en los pr\u00f3ximos doce meses<\/p>\n\t\t<\/div>\n\t\t\n\t\t<a class=\"elementor-post__read-more\" href=\"https:\/\/gradido.net\/es\/gemeinsam-wachsen-meilensteine-feiern-und-die-zukunft-gestalten\/\" aria-label=\"M\u00e1s informaci\u00f3n sobre Crecer juntos: celebrar hitos y forjar el futuro\" tabindex=\"-1\" >\n\t\t\tLeer m\u00e1s...\t\t<\/a>\n\n\t\t\t\t<\/div>\n\t\t\t\t<div class=\"elementor-post__meta-data\">\n\t\t\t\t\t<span class=\"elementor-post-date\">\n\t\t\t11. mayo 2025\t\t<\/span>\n\t\t\t\t<\/div>\n\t\t\t\t\t<\/div>\n\t\t<\/article>\n\t\t\t\t<article class=\"elementor-post elementor-grid-item post-10264 post type-post status-publish format-standard has-post-thumbnail hentry category-blog category-community category-gradido-konto tag-bild-oben\" role=\"listitem\">\n\t\t\t<div class=\"elementor-post__card\">\n\t\t\t\t<a class=\"elementor-post__thumbnail__link\" href=\"https:\/\/gradido.net\/es\/gms1\/\" tabindex=\"-1\" ><div class=\"elementor-post__thumbnail\"><img decoding=\"async\" width=\"800\" height=\"366\" src=\"https:\/\/gradido.net\/wp-content\/uploads\/2025\/04\/GMS_Banner-1024x469.jpg\" class=\"attachment-large size-large wp-image-10265\" alt=\"\" srcset=\"https:\/\/gradido.net\/wp-content\/uploads\/2025\/04\/GMS_Banner-1024x469.jpg 1024w, https:\/\/gradido.net\/wp-content\/uploads\/2025\/04\/GMS_Banner-300x138.jpg 300w, https:\/\/gradido.net\/wp-content\/uploads\/2025\/04\/GMS_Banner-768x352.jpg 768w, https:\/\/gradido.net\/wp-content\/uploads\/2025\/04\/GMS_Banner-1536x704.jpg 1536w, https:\/\/gradido.net\/wp-content\/uploads\/2025\/04\/GMS_Banner-18x8.jpg 18w, https:\/\/gradido.net\/wp-content\/uploads\/2025\/04\/GMS_Banner.jpg 1920w\" sizes=\"(max-width: 800px) 100vw, 800px\" \/><\/div><\/a>\n\t\t\t\t<div class=\"elementor-post__text\">\n\t\t\t\t<h3 class=\"elementor-post__title\">\n\t\t\t<a href=\"https:\/\/gradido.net\/es\/gms1\/\" >\n\t\t\t\tJuntos en lugar de solos: encuentra personas afines en tu barrio\t\t\t<\/a>\n\t\t<\/h3>\n\t\t\t\t<div class=\"elementor-post__excerpt\">\n\t\t\t<p>\u00bfConoces tambi\u00e9n este sentimiento? Est\u00e1s comprometido de todo coraz\u00f3n con la paz, la libertad y un futuro digno de vivir en armon\u00eda con la naturaleza. Pero a veces te sientes solo en tu camino porque no sabes d\u00f3nde vive la gente que comparte tus valores y visiones en tu barrio. Ahora hay una soluci\u00f3n sencilla...<\/p>\n\t\t<\/div>\n\t\t\n\t\t<a class=\"elementor-post__read-more\" href=\"https:\/\/gradido.net\/es\/gms1\/\" aria-label=\"M\u00e1s informaci\u00f3n sobre Together instead of lonely - Encuentra personas afines cerca de ti\" tabindex=\"-1\" >\n\t\t\tLeer m\u00e1s...\t\t<\/a>\n\n\t\t\t\t<\/div>\n\t\t\t\t<div class=\"elementor-post__meta-data\">\n\t\t\t\t\t<span class=\"elementor-post-date\">\n\t\t\t16 abril 2025\t\t<\/span>\n\t\t\t\t<\/div>\n\t\t\t\t\t<\/div>\n\t\t<\/article>\n\t\t\t\t<article class=\"elementor-post elementor-grid-item post-9649 post type-post status-publish format-standard has-post-thumbnail hentry category-blog category-community category-gradido-konto\" role=\"listitem\">\n\t\t\t<div class=\"elementor-post__card\">\n\t\t\t\t<a class=\"elementor-post__thumbnail__link\" href=\"https:\/\/gradido.net\/es\/welches-grundeinkommen-ist-das-richtige\/\" tabindex=\"-1\" ><div class=\"elementor-post__thumbnail\"><img loading=\"lazy\" decoding=\"async\" width=\"800\" height=\"300\" src=\"https:\/\/gradido.net\/wp-content\/uploads\/2020\/09\/grundeinkommen-statt-existenzangst-1024x384.jpg\" class=\"attachment-large size-large wp-image-833\" alt=\"\" srcset=\"https:\/\/gradido.net\/wp-content\/uploads\/2020\/09\/grundeinkommen-statt-existenzangst-1024x384.jpg 1024w, https:\/\/gradido.net\/wp-content\/uploads\/2020\/09\/grundeinkommen-statt-existenzangst-300x113.jpg 300w, https:\/\/gradido.net\/wp-content\/uploads\/2020\/09\/grundeinkommen-statt-existenzangst-768x288.jpg 768w, https:\/\/gradido.net\/wp-content\/uploads\/2020\/09\/grundeinkommen-statt-existenzangst.jpg 1344w\" sizes=\"(max-width: 800px) 100vw, 800px\" \/><\/div><\/a>\n\t\t\t\t<div class=\"elementor-post__text\">\n\t\t\t\t<h3 class=\"elementor-post__title\">\n\t\t\t<a href=\"https:\/\/gradido.net\/es\/welches-grundeinkommen-ist-das-richtige\/\" >\n\t\t\t\t\u00bfQu\u00e9 renta b\u00e1sica es la adecuada?\t\t\t<\/a>\n\t\t<\/h3>\n\t\t\t\t<div class=\"elementor-post__excerpt\">\n\t\t\t<p>La profunda satisfacci\u00f3n que supone poder contribuir al bien com\u00fan y los efectos positivos asociados sobre el desarrollo del potencial, la calidad de vida, la felicidad y la salud nos hacen claramente partidarios de la Renta B\u00e1sica Activa.<\/p>\n\t\t<\/div>\n\t\t\n\t\t<a class=\"elementor-post__read-more\" href=\"https:\/\/gradido.net\/es\/welches-grundeinkommen-ist-das-richtige\/\" aria-label=\"M\u00e1s informaci\u00f3n sobre \u00bfCu\u00e1l es la renta b\u00e1sica adecuada?\" tabindex=\"-1\" >\n\t\t\tLeer m\u00e1s...\t\t<\/a>\n\n\t\t\t\t<\/div>\n\t\t\t\t<div class=\"elementor-post__meta-data\">\n\t\t\t\t\t<span class=\"elementor-post-date\">\n\t\t\t18 octubre 2024\t\t<\/span>\n\t\t\t\t<\/div>\n\t\t\t\t\t<\/div>\n\t\t<\/article>\n\t\t\t\t<article class=\"elementor-post elementor-grid-item post-9621 post type-post status-publish format-standard has-post-thumbnail hentry category-blog category-community category-gradido-konto tag-bild-oben\" role=\"listitem\">\n\t\t\t<div class=\"elementor-post__card\">\n\t\t\t\t<a class=\"elementor-post__thumbnail__link\" href=\"https:\/\/gradido.net\/es\/sichere-video-meetings-in-den-gradido-kreisen\/\" tabindex=\"-1\" ><div class=\"elementor-post__thumbnail\"><img loading=\"lazy\" decoding=\"async\" width=\"800\" height=\"416\" src=\"https:\/\/gradido.net\/wp-content\/uploads\/2024\/10\/Video-Meeting-1024x533.jpg\" class=\"attachment-large size-large wp-image-9622\" alt=\"\" srcset=\"https:\/\/gradido.net\/wp-content\/uploads\/2024\/10\/Video-Meeting-1024x533.jpg 1024w, https:\/\/gradido.net\/wp-content\/uploads\/2024\/10\/Video-Meeting-300x156.jpg 300w, https:\/\/gradido.net\/wp-content\/uploads\/2024\/10\/Video-Meeting-768x400.jpg 768w, https:\/\/gradido.net\/wp-content\/uploads\/2024\/10\/Video-Meeting-1536x800.jpg 1536w, https:\/\/gradido.net\/wp-content\/uploads\/2024\/10\/Video-Meeting-18x9.jpg 18w, https:\/\/gradido.net\/wp-content\/uploads\/2024\/10\/Video-Meeting.jpg 1920w\" sizes=\"(max-width: 800px) 100vw, 800px\" \/><\/div><\/a>\n\t\t\t\t<div class=\"elementor-post__text\">\n\t\t\t\t<h3 class=\"elementor-post__title\">\n\t\t\t<a href=\"https:\/\/gradido.net\/es\/sichere-video-meetings-in-den-gradido-kreisen\/\" >\n\t\t\t\tVideorreuniones seguras en los c\u00edrculos Gradido\t\t\t<\/a>\n\t\t<\/h3>\n\t\t\t\t<div class=\"elementor-post__excerpt\">\n\t\t\t<p>En Gradido damos mucha importancia a la protecci\u00f3n de tus datos. A partir de ahora, puedes celebrar videoconferencias seguras conformes con la GDPR dentro de los c\u00edrculos de Gradido en los servidores alemanes o austriacos de Fairkom sin que nadie m\u00e1s escuche. <\/p>\n\t\t<\/div>\n\t\t\n\t\t<a class=\"elementor-post__read-more\" href=\"https:\/\/gradido.net\/es\/sichere-video-meetings-in-den-gradido-kreisen\/\" aria-label=\"M\u00e1s informaci\u00f3n sobre Videorreuniones seguras en los c\u00edrculos Gradido\" tabindex=\"-1\" >\n\t\t\tLeer m\u00e1s...\t\t<\/a>\n\n\t\t\t\t<\/div>\n\t\t\t\t<div class=\"elementor-post__meta-data\">\n\t\t\t\t\t<span class=\"elementor-post-date\">\n\t\t\t10 octubre 2024\t\t<\/span>\n\t\t\t\t<\/div>\n\t\t\t\t\t<\/div>\n\t\t<\/article>\n\t\t\t\t<article class=\"elementor-post elementor-grid-item post-9470 post type-post status-publish format-standard has-post-thumbnail hentry category-blog category-community category-gradido-konto\" role=\"listitem\">\n\t\t\t<div class=\"elementor-post__card\">\n\t\t\t\t<a class=\"elementor-post__thumbnail__link\" href=\"https:\/\/gradido.net\/es\/entdecke-die-neuen-gradido-kreise\/\" tabindex=\"-1\" ><div class=\"elementor-post__thumbnail\"><img loading=\"lazy\" decoding=\"async\" width=\"800\" height=\"450\" src=\"https:\/\/gradido.net\/wp-content\/uploads\/2024\/09\/Gradido-Kreise-1024x576.jpg\" class=\"attachment-large size-large wp-image-9472\" alt=\"\" srcset=\"https:\/\/gradido.net\/wp-content\/uploads\/2024\/09\/Gradido-Kreise-1024x576.jpg 1024w, https:\/\/gradido.net\/wp-content\/uploads\/2024\/09\/Gradido-Kreise-300x169.jpg 300w, https:\/\/gradido.net\/wp-content\/uploads\/2024\/09\/Gradido-Kreise-768x432.jpg 768w, https:\/\/gradido.net\/wp-content\/uploads\/2024\/09\/Gradido-Kreise-18x10.jpg 18w, https:\/\/gradido.net\/wp-content\/uploads\/2024\/09\/Gradido-Kreise.jpg 1280w\" sizes=\"(max-width: 800px) 100vw, 800px\" \/><\/div><\/a>\n\t\t\t\t<div class=\"elementor-post__text\">\n\t\t\t\t<h3 class=\"elementor-post__title\">\n\t\t\t<a href=\"https:\/\/gradido.net\/es\/entdecke-die-neuen-gradido-kreise\/\" >\n\t\t\t\tDescubra los nuevos c\u00edrculos Gradido\t\t\t<\/a>\n\t\t<\/h3>\n\t\t\t\t<div class=\"elementor-post__excerpt\">\n\t\t\t<p>\u00bfYa lo has visto? Desde finales de mayo contamos con nuestra nueva plataforma comunitaria, a la que llamamos C\u00edrculos Gradido. Ahora puedes comunicarte con otros participantes de Gradido en espacios seguros (llamados \"Spaces\") y estar cada vez m\u00e1s en contacto.<\/p>\n\t\t<\/div>\n\t\t\n\t\t<a class=\"elementor-post__read-more\" href=\"https:\/\/gradido.net\/es\/entdecke-die-neuen-gradido-kreise\/\" aria-label=\"M\u00e1s informaci\u00f3n sobre Descubre los nuevos c\u00edrculos Gradido\" tabindex=\"-1\" >\n\t\t\tLeer m\u00e1s...\t\t<\/a>\n\n\t\t\t\t<\/div>\n\t\t\t\t<div class=\"elementor-post__meta-data\">\n\t\t\t\t\t<span class=\"elementor-post-date\">\n\t\t\t30 agosto 2024\t\t<\/span>\n\t\t\t\t<\/div>\n\t\t\t\t\t<\/div>\n\t\t<\/article>\n\t\t\t\t<article class=\"elementor-post elementor-grid-item post-8075 post type-post status-publish format-standard has-post-thumbnail hentry category-blog category-gradido-konto\" role=\"listitem\">\n\t\t\t<div class=\"elementor-post__card\">\n\t\t\t\t<a class=\"elementor-post__thumbnail__link\" href=\"https:\/\/gradido.net\/es\/gradido-2-0-dezentrale-gradido-server\/\" tabindex=\"-1\" ><div class=\"elementor-post__thumbnail\"><img loading=\"lazy\" decoding=\"async\" width=\"800\" height=\"500\" src=\"https:\/\/gradido.net\/wp-content\/uploads\/2023\/11\/Dezentrale_Server_1920-1024x640.jpg\" class=\"attachment-large size-large wp-image-8076\" alt=\"\" srcset=\"https:\/\/gradido.net\/wp-content\/uploads\/2023\/11\/Dezentrale_Server_1920-1024x640.jpg 1024w, https:\/\/gradido.net\/wp-content\/uploads\/2023\/11\/Dezentrale_Server_1920-300x188.jpg 300w, https:\/\/gradido.net\/wp-content\/uploads\/2023\/11\/Dezentrale_Server_1920-768x480.jpg 768w, https:\/\/gradido.net\/wp-content\/uploads\/2023\/11\/Dezentrale_Server_1920-1536x960.jpg 1536w, https:\/\/gradido.net\/wp-content\/uploads\/2023\/11\/Dezentrale_Server_1920-18x12.jpg 18w, https:\/\/gradido.net\/wp-content\/uploads\/2023\/11\/Dezentrale_Server_1920.jpg 1920w\" sizes=\"(max-width: 800px) 100vw, 800px\" \/><\/div><\/a>\n\t\t\t\t<div class=\"elementor-post__text\">\n\t\t\t\t<h3 class=\"elementor-post__title\">\n\t\t\t<a href=\"https:\/\/gradido.net\/es\/gradido-2-0-dezentrale-gradido-server\/\" >\n\t\t\t\tGradido 2.0 - Servidor Gradido descentralizado\t\t\t<\/a>\n\t\t<\/h3>\n\t\t\t\t<div class=\"elementor-post__excerpt\">\n\t\t\t<p>Gradido se descentraliza Con Gradido 2.0, ahora podemos cumplir el deseo de muchos participantes de organizar su comunidad de forma aut\u00f3noma. Esto nos acerca un gran paso al sue\u00f1o de un sistema de remuneraci\u00f3n humano y descentralizado.<\/p>\n\t\t<\/div>\n\t\t\n\t\t<a class=\"elementor-post__read-more\" href=\"https:\/\/gradido.net\/es\/gradido-2-0-dezentrale-gradido-server\/\" aria-label=\"M\u00e1s informaci\u00f3n sobre Gradido 2.0 - Servidor descentralizado de Gradido\" tabindex=\"-1\" >\n\t\t\tLeer m\u00e1s...\t\t<\/a>\n\n\t\t\t\t<\/div>\n\t\t\t\t<div class=\"elementor-post__meta-data\">\n\t\t\t\t\t<span class=\"elementor-post-date\">\n\t\t\t1 noviembre 2023\t\t<\/span>\n\t\t\t\t<\/div>\n\t\t\t\t\t<\/div>\n\t\t<\/article>\n\t\t\t\t<article class=\"elementor-post elementor-grid-item post-6837 post type-post status-publish format-standard has-post-thumbnail hentry category-blog category-community category-gradido-konto tag-bild-oben\" role=\"listitem\">\n\t\t\t<div class=\"elementor-post__card\">\n\t\t\t\t<a class=\"elementor-post__thumbnail__link\" href=\"https:\/\/gradido.net\/es\/webinar-wohlstand-und-frieden-fuer-die-menschheitsfamilie\/\" tabindex=\"-1\" ><div class=\"elementor-post__thumbnail\"><img loading=\"lazy\" decoding=\"async\" width=\"800\" height=\"377\" src=\"https:\/\/gradido.net\/wp-content\/uploads\/2023\/06\/Webinar-1024x482.png\" class=\"attachment-large size-large wp-image-6838\" alt=\"\" srcset=\"https:\/\/gradido.net\/wp-content\/uploads\/2023\/06\/Webinar-1024x482.png 1024w, https:\/\/gradido.net\/wp-content\/uploads\/2023\/06\/Webinar-300x141.png 300w, https:\/\/gradido.net\/wp-content\/uploads\/2023\/06\/Webinar-768x362.png 768w, https:\/\/gradido.net\/wp-content\/uploads\/2023\/06\/Webinar-1536x723.png 1536w, https:\/\/gradido.net\/wp-content\/uploads\/2023\/06\/Webinar-2048x964.png 2048w, https:\/\/gradido.net\/wp-content\/uploads\/2023\/06\/Webinar-18x8.png 18w\" sizes=\"(max-width: 800px) 100vw, 800px\" \/><\/div><\/a>\n\t\t\t\t<div class=\"elementor-post__text\">\n\t\t\t\t<h3 class=\"elementor-post__title\">\n\t\t\t<a href=\"https:\/\/gradido.net\/es\/webinar-wohlstand-und-frieden-fuer-die-menschheitsfamilie\/\" >\n\t\t\t\tWebinar: Prosperidad y paz para la familia humana\t\t\t<\/a>\n\t\t<\/h3>\n\t\t\t\t<div class=\"elementor-post__excerpt\">\n\t\t\t<p>El legendario seminario web con el fundador de Gradido: Obtendr\u00e1 profundos conocimientos sobre los errores fatales del viejo sistema monetario, la \u00fanica soluci\u00f3n sensata basada en el modelo de la naturaleza y la gu\u00eda perfecta sobre c\u00f3mo moldear el futuro de forma activa y alegre. - \u00a1HAY NUEVAS FECHAS!<\/p>\n\t\t<\/div>\n\t\t\n\t\t<a class=\"elementor-post__read-more\" href=\"https:\/\/gradido.net\/es\/webinar-wohlstand-und-frieden-fuer-die-menschheitsfamilie\/\" aria-label=\"M\u00e1s informaci\u00f3n sobre Webinar: Prosperidad y paz para la familia humana\" tabindex=\"-1\" >\n\t\t\tLeer m\u00e1s...\t\t<\/a>\n\n\t\t\t\t<\/div>\n\t\t\t\t<div class=\"elementor-post__meta-data\">\n\t\t\t\t\t<span class=\"elementor-post-date\">\n\t\t\t10 de junio de 2023\t\t<\/span>\n\t\t\t\t<\/div>\n\t\t\t\t\t<\/div>\n\t\t<\/article>\n\t\t\t\t<article class=\"elementor-post elementor-grid-item post-6490 post type-post status-publish format-standard has-post-thumbnail hentry category-blog category-gradido-konto\" role=\"listitem\">\n\t\t\t<div class=\"elementor-post__card\">\n\t\t\t\t<a class=\"elementor-post__thumbnail__link\" href=\"https:\/\/gradido.net\/es\/gradido-zu-dankbar-umrechner\/\" tabindex=\"-1\" ><div class=\"elementor-post__thumbnail\"><img loading=\"lazy\" decoding=\"async\" width=\"800\" height=\"502\" src=\"https:\/\/gradido.net\/wp-content\/uploads\/2023\/04\/Umrechner-1024x642.jpg\" class=\"attachment-large size-large wp-image-6499\" alt=\"\" srcset=\"https:\/\/gradido.net\/wp-content\/uploads\/2023\/04\/Umrechner-1024x642.jpg 1024w, https:\/\/gradido.net\/wp-content\/uploads\/2023\/04\/Umrechner-300x188.jpg 300w, https:\/\/gradido.net\/wp-content\/uploads\/2023\/04\/Umrechner-768x481.jpg 768w, https:\/\/gradido.net\/wp-content\/uploads\/2023\/04\/Umrechner-18x12.jpg 18w, https:\/\/gradido.net\/wp-content\/uploads\/2023\/04\/Umrechner.jpg 1500w\" sizes=\"(max-width: 800px) 100vw, 800px\" \/><\/div><\/a>\n\t\t\t\t<div class=\"elementor-post__text\">\n\t\t\t\t<h3 class=\"elementor-post__title\">\n\t\t\t<a href=\"https:\/\/gradido.net\/es\/gradido-zu-dankbar-umrechner\/\" >\n\t\t\t\tCalculadora Gradido App\t\t\t<\/a>\n\t\t<\/h3>\n\t\t\t\t<div class=\"elementor-post__excerpt\">\n\t\t\t<p>Todas las funciones de c\u00e1lculo necesarias para Gradido en una sola app. La calculadora calcula autom\u00e1ticamente el importe bruto y neto en euros, el descuento Gradido, el importe Gradido y el DankBar a la tarifa diaria. El bot\u00f3n \"DankBar a GDD\" convierte un importe DankBar en GDD.<\/p>\n\t\t<\/div>\n\t\t\n\t\t<a class=\"elementor-post__read-more\" href=\"https:\/\/gradido.net\/es\/gradido-zu-dankbar-umrechner\/\" aria-label=\"M\u00e1s informaci\u00f3n sobre Practical Gradido Calculator App\" tabindex=\"-1\" >\n\t\t\tLeer m\u00e1s...\t\t<\/a>\n\n\t\t\t\t<\/div>\n\t\t\t\t<div class=\"elementor-post__meta-data\">\n\t\t\t\t\t<span class=\"elementor-post-date\">\n\t\t\t10 mayo 2023\t\t<\/span>\n\t\t\t\t<\/div>\n\t\t\t\t\t<\/div>\n\t\t<\/article>\n\t\t\t\t<article class=\"elementor-post elementor-grid-item post-6374 post type-post status-publish format-standard has-post-thumbnail hentry category-blog category-gradido-konto\" role=\"listitem\">\n\t\t\t<div class=\"elementor-post__card\">\n\t\t\t\t<a class=\"elementor-post__thumbnail__link\" href=\"https:\/\/gradido.net\/es\/dankschecks-selbst-gestalten\/\" tabindex=\"-1\" ><div class=\"elementor-post__thumbnail\"><img loading=\"lazy\" decoding=\"async\" width=\"700\" height=\"400\" src=\"https:\/\/gradido.net\/wp-content\/uploads\/2023\/03\/Dankscheck.jpg\" class=\"attachment-large size-large wp-image-6375\" alt=\"\" srcset=\"https:\/\/gradido.net\/wp-content\/uploads\/2023\/03\/Dankscheck.jpg 700w, https:\/\/gradido.net\/wp-content\/uploads\/2023\/03\/Dankscheck-300x171.jpg 300w, https:\/\/gradido.net\/wp-content\/uploads\/2023\/03\/Dankscheck-18x10.jpg 18w\" sizes=\"(max-width: 700px) 100vw, 700px\" \/><\/div><\/a>\n\t\t\t\t<div class=\"elementor-post__text\">\n\t\t\t\t<h3 class=\"elementor-post__title\">\n\t\t\t<a href=\"https:\/\/gradido.net\/es\/dankschecks-selbst-gestalten\/\" >\n\t\t\t\tDise\u00f1e sus propios \"cheques de agradecimiento\t\t\t<\/a>\n\t\t<\/h3>\n\t\t\t\t<div class=\"elementor-post__excerpt\">\n\t\t\t<p>\u00bfY si simplemente pudieras dar a tus conciudadanos un \"cheque de agradecimiento\" con un c\u00f3digo QR? Pueden canjearlo ahora o m\u00e1s tarde y los Gradidos se transferir\u00e1n autom\u00e1ticamente a su cuenta Gradido.<\/p>\n\t\t<\/div>\n\t\t\n\t\t<a class=\"elementor-post__read-more\" href=\"https:\/\/gradido.net\/es\/dankschecks-selbst-gestalten\/\" aria-label=\"M\u00e1s informaci\u00f3n sobre &#039;Dise\u00f1e sus propios cheques de agradecimiento\" tabindex=\"-1\" >\n\t\t\tLeer m\u00e1s...\t\t<\/a>\n\n\t\t\t\t<\/div>\n\t\t\t\t<div class=\"elementor-post__meta-data\">\n\t\t\t\t\t<span class=\"elementor-post-date\">\n\t\t\t6 de marzo de 2023\t\t<\/span>\n\t\t\t\t<\/div>\n\t\t\t\t\t<\/div>\n\t\t<\/article>\n\t\t\t\t<article class=\"elementor-post elementor-grid-item post-6266 post type-post status-publish format-standard has-post-thumbnail hentry category-blog category-gradido-konto\" role=\"listitem\">\n\t\t\t<div class=\"elementor-post__card\">\n\t\t\t\t<a class=\"elementor-post__thumbnail__link\" href=\"https:\/\/gradido.net\/es\/dankbar-jetzt-vorbestellen\/\" tabindex=\"-1\" ><div class=\"elementor-post__thumbnail\"><img loading=\"lazy\" decoding=\"async\" width=\"800\" height=\"452\" src=\"https:\/\/gradido.net\/wp-content\/uploads\/2023\/02\/20er-Muster_Blog_neu-1024x579.jpg\" class=\"attachment-large size-large wp-image-6340\" alt=\"\" srcset=\"https:\/\/gradido.net\/wp-content\/uploads\/2023\/02\/20er-Muster_Blog_neu-1024x579.jpg 1024w, https:\/\/gradido.net\/wp-content\/uploads\/2023\/02\/20er-Muster_Blog_neu-300x170.jpg 300w, https:\/\/gradido.net\/wp-content\/uploads\/2023\/02\/20er-Muster_Blog_neu-768x434.jpg 768w, https:\/\/gradido.net\/wp-content\/uploads\/2023\/02\/20er-Muster_Blog_neu-18x10.jpg 18w, https:\/\/gradido.net\/wp-content\/uploads\/2023\/02\/20er-Muster_Blog_neu.jpg 1150w\" sizes=\"(max-width: 800px) 100vw, 800px\" \/><\/div><\/a>\n\t\t\t\t<div class=\"elementor-post__text\">\n\t\t\t\t<h3 class=\"elementor-post__title\">\n\t\t\t<a href=\"https:\/\/gradido.net\/es\/dankbar-jetzt-vorbestellen\/\" >\n\t\t\t\tPide 'DankBar' - as\u00ed funciona\t\t\t<\/a>\n\t\t<\/h3>\n\t\t\t\t<div class=\"elementor-post__excerpt\">\n\t\t\t<p>Junto con la cuenta Gradido, que pronto permitir\u00e1 comunidades descentralizadas en red, la \"DankBar\" ofrecer\u00e1 a la familia humana todas las opciones de pago u \"opciones de agradecimiento\".<\/p>\n\t\t<\/div>\n\t\t\n\t\t<a class=\"elementor-post__read-more\" href=\"https:\/\/gradido.net\/es\/dankbar-jetzt-vorbestellen\/\" aria-label=\"M\u00e1s informaci\u00f3n sobre &#039;DankBar&#039; order - this is how it works\" tabindex=\"-1\" >\n\t\t\tLeer m\u00e1s...\t\t<\/a>\n\n\t\t\t\t<\/div>\n\t\t\t\t<div class=\"elementor-post__meta-data\">\n\t\t\t\t\t<span class=\"elementor-post-date\">\n\t\t\t7 febrero 2023\t\t<\/span>\n\t\t\t\t<\/div>\n\t\t\t\t\t<\/div>\n\t\t<\/article>\n\t\t\t\t<article class=\"elementor-post elementor-grid-item post-6206 post type-post status-publish format-standard has-post-thumbnail hentry category-blog category-gradido-konto\" role=\"listitem\">\n\t\t\t<div class=\"elementor-post__card\">\n\t\t\t\t<a class=\"elementor-post__thumbnail__link\" href=\"https:\/\/gradido.net\/es\/gradido-konto-neues-design-ist-online\/\" tabindex=\"-1\" ><div class=\"elementor-post__thumbnail\"><img loading=\"lazy\" decoding=\"async\" width=\"800\" height=\"533\" src=\"https:\/\/gradido.net\/wp-content\/uploads\/2023\/01\/Neues_Design_online_Blog-1024x682.jpg\" class=\"attachment-large size-large wp-image-6207\" alt=\"\" srcset=\"https:\/\/gradido.net\/wp-content\/uploads\/2023\/01\/Neues_Design_online_Blog-1024x682.jpg 1024w, https:\/\/gradido.net\/wp-content\/uploads\/2023\/01\/Neues_Design_online_Blog-300x200.jpg 300w, https:\/\/gradido.net\/wp-content\/uploads\/2023\/01\/Neues_Design_online_Blog-768x512.jpg 768w, https:\/\/gradido.net\/wp-content\/uploads\/2023\/01\/Neues_Design_online_Blog-1536x1023.jpg 1536w, https:\/\/gradido.net\/wp-content\/uploads\/2023\/01\/Neues_Design_online_Blog-18x12.jpg 18w, https:\/\/gradido.net\/wp-content\/uploads\/2023\/01\/Neues_Design_online_Blog.jpg 1600w\" sizes=\"(max-width: 800px) 100vw, 800px\" \/><\/div><\/a>\n\t\t\t\t<div class=\"elementor-post__text\">\n\t\t\t\t<h3 class=\"elementor-post__title\">\n\t\t\t<a href=\"https:\/\/gradido.net\/es\/gradido-konto-neues-design-ist-online\/\" >\n\t\t\t\tCuenta Gradido: nuevo dise\u00f1o en l\u00ednea\t\t\t<\/a>\n\t\t<\/h3>\n\t\t\t\t<div class=\"elementor-post__excerpt\">\n\t\t\t<p>Acabamos de lanzar el nuevo dise\u00f1o de la cuenta Gradido. Se trata de una de las mayores actualizaciones de los \u00faltimos meses y, adem\u00e1s de un aspecto muy moderno, constituye la base de muchas funciones futuras.<\/p>\n\t\t<\/div>\n\t\t\n\t\t<a class=\"elementor-post__read-more\" href=\"https:\/\/gradido.net\/es\/gradido-konto-neues-design-ist-online\/\" aria-label=\"M\u00e1s informaci\u00f3n sobre Cuenta Gradido: nuevo dise\u00f1o en l\u00ednea\" tabindex=\"-1\" >\n\t\t\tLeer m\u00e1s...\t\t<\/a>\n\n\t\t\t\t<\/div>\n\t\t\t\t<div class=\"elementor-post__meta-data\">\n\t\t\t\t\t<span class=\"elementor-post-date\">\n\t\t\t20 enero 2023\t\t<\/span>\n\t\t\t\t<\/div>\n\t\t\t\t\t<\/div>\n\t\t<\/article>\n\t\t\t\t<article class=\"elementor-post elementor-grid-item post-6159 post type-post status-publish format-standard has-post-thumbnail hentry category-blog category-gradido-konto\" role=\"listitem\">\n\t\t\t<div class=\"elementor-post__card\">\n\t\t\t\t<a class=\"elementor-post__thumbnail__link\" href=\"https:\/\/gradido.net\/es\/der-dankbar-kommt-gradido-in-scheinen\/\" tabindex=\"-1\" ><div class=\"elementor-post__thumbnail\"><img loading=\"lazy\" decoding=\"async\" width=\"800\" height=\"330\" src=\"https:\/\/gradido.net\/wp-content\/uploads\/2023\/01\/Bargeld-1024x423.jpg\" class=\"attachment-large size-large wp-image-6160\" alt=\"\" srcset=\"https:\/\/gradido.net\/wp-content\/uploads\/2023\/01\/Bargeld-1024x423.jpg 1024w, https:\/\/gradido.net\/wp-content\/uploads\/2023\/01\/Bargeld-300x124.jpg 300w, https:\/\/gradido.net\/wp-content\/uploads\/2023\/01\/Bargeld-768x317.jpg 768w, https:\/\/gradido.net\/wp-content\/uploads\/2023\/01\/Bargeld-18x7.jpg 18w, https:\/\/gradido.net\/wp-content\/uploads\/2023\/01\/Bargeld.jpg 1500w\" sizes=\"(max-width: 800px) 100vw, 800px\" \/><\/div><\/a>\n\t\t\t\t<div class=\"elementor-post__text\">\n\t\t\t\t<h3 class=\"elementor-post__title\">\n\t\t\t<a href=\"https:\/\/gradido.net\/es\/der-dankbar-kommt-gradido-in-scheinen\/\" >\n\t\t\t\tLlega la 'DankBar' - Gradido en notas\t\t\t<\/a>\n\t\t<\/h3>\n\t\t\t\t<div class=\"elementor-post__excerpt\">\n\t\t\t<p>El dinero en efectivo representa la libertad sin control por parte de las autoridades. Cuando se introduce Gradido, el Estado ya no necesita controlar las finanzas de sus ciudadanos, porque entonces el presupuesto p\u00fablico se financia -totalmente sin impuestos- mediante la segunda creaci\u00f3n de dinero.<\/p>\n\t\t<\/div>\n\t\t\n\t\t<a class=\"elementor-post__read-more\" href=\"https:\/\/gradido.net\/es\/der-dankbar-kommt-gradido-in-scheinen\/\" aria-label=\"M\u00e1s informaci\u00f3n sobre Llega la &#039;DankBar&#039; - Gradido en notas\" tabindex=\"-1\" >\n\t\t\tLeer m\u00e1s...\t\t<\/a>\n\n\t\t\t\t<\/div>\n\t\t\t\t<div class=\"elementor-post__meta-data\">\n\t\t\t\t\t<span class=\"elementor-post-date\">\n\t\t\t6. enero 2023\t\t<\/span>\n\t\t\t\t<\/div>\n\t\t\t\t\t<\/div>\n\t\t<\/article>\n\t\t\t\t<article class=\"elementor-post elementor-grid-item post-6017 post type-post status-publish format-standard has-post-thumbnail hentry category-blog category-gradido-konto\" role=\"listitem\">\n\t\t\t<div class=\"elementor-post__card\">\n\t\t\t\t<a class=\"elementor-post__thumbnail__link\" href=\"https:\/\/gradido.net\/es\/gradido-konto-2023-neues-design-und-dezentrale-communities\/\" tabindex=\"-1\" ><div class=\"elementor-post__thumbnail\"><img decoding=\"async\" width=\"800\" height=\"445\" src=\"https:\/\/gradido.net\/wp-content\/uploads\/2022\/12\/Test_fertig_1920-1024x569.jpg\" class=\"attachment-large size-large wp-image-6018\" alt=\"\" srcset=\"https:\/\/gradido.net\/wp-content\/uploads\/2022\/12\/Test_fertig_1920-1024x569.jpg 1024w, https:\/\/gradido.net\/wp-content\/uploads\/2022\/12\/Test_fertig_1920-300x167.jpg 300w, https:\/\/gradido.net\/wp-content\/uploads\/2022\/12\/Test_fertig_1920-768x427.jpg 768w, https:\/\/gradido.net\/wp-content\/uploads\/2022\/12\/Test_fertig_1920-1536x854.jpg 1536w, https:\/\/gradido.net\/wp-content\/uploads\/2022\/12\/Test_fertig_1920-18x10.jpg 18w, https:\/\/gradido.net\/wp-content\/uploads\/2022\/12\/Test_fertig_1920.jpg 1920w\" sizes=\"(max-width: 800px) 100vw, 800px\" \/><\/div><\/a>\n\t\t\t\t<div class=\"elementor-post__text\">\n\t\t\t\t<h3 class=\"elementor-post__title\">\n\t\t\t<a href=\"https:\/\/gradido.net\/es\/gradido-konto-2023-neues-design-und-dezentrale-communities\/\" >\n\t\t\t\tCuenta Gradido 2023: nuevo dise\u00f1o y comunidades descentralizadas\t\t\t<\/a>\n\t\t<\/h3>\n\t\t\t\t<div class=\"elementor-post__excerpt\">\n\t\t\t<p>A menudo son las personas m\u00e1s calladas las que, en silencio, con diligencia y con el coraz\u00f3n y el alma, sientan las bases de los acontecimientos hist\u00f3ricos. Nuestros programadores han realizado un gran trabajo de base en el \u00faltimo a\u00f1o que dar\u00e1 sus frutos en 2023.<\/p>\n\t\t<\/div>\n\t\t\n\t\t<a class=\"elementor-post__read-more\" href=\"https:\/\/gradido.net\/es\/gradido-konto-2023-neues-design-und-dezentrale-communities\/\" aria-label=\"M\u00e1s informaci\u00f3n sobre Cuenta Gradido 2023: nuevo dise\u00f1o y comunidades descentralizadas\" tabindex=\"-1\" >\n\t\t\tLeer m\u00e1s...\t\t<\/a>\n\n\t\t\t\t<\/div>\n\t\t\t\t<div class=\"elementor-post__meta-data\">\n\t\t\t\t\t<span class=\"elementor-post-date\">\n\t\t\t1. enero 2023\t\t<\/span>\n\t\t\t\t<\/div>\n\t\t\t\t\t<\/div>\n\t\t<\/article>\n\t\t\t\t<article class=\"elementor-post elementor-grid-item post-5422 post type-post status-publish format-standard has-post-thumbnail hentry category-blog category-community category-gradido-konto category-psychologie\" role=\"listitem\">\n\t\t\t<div class=\"elementor-post__card\">\n\t\t\t\t<a class=\"elementor-post__thumbnail__link\" href=\"https:\/\/gradido.net\/es\/gemeinwohl-was-ist-das\/\" tabindex=\"-1\" ><div class=\"elementor-post__thumbnail\"><img loading=\"lazy\" decoding=\"async\" width=\"800\" height=\"534\" src=\"https:\/\/gradido.net\/wp-content\/uploads\/2022\/08\/Gemeinwohl-Blog2-1024x683.jpg\" class=\"attachment-large size-large wp-image-5476\" alt=\"\" srcset=\"https:\/\/gradido.net\/wp-content\/uploads\/2022\/08\/Gemeinwohl-Blog2-1024x683.jpg 1024w, https:\/\/gradido.net\/wp-content\/uploads\/2022\/08\/Gemeinwohl-Blog2-300x200.jpg 300w, https:\/\/gradido.net\/wp-content\/uploads\/2022\/08\/Gemeinwohl-Blog2-768x512.jpg 768w, https:\/\/gradido.net\/wp-content\/uploads\/2022\/08\/Gemeinwohl-Blog2-1536x1024.jpg 1536w, https:\/\/gradido.net\/wp-content\/uploads\/2022\/08\/Gemeinwohl-Blog2-18x12.jpg 18w, https:\/\/gradido.net\/wp-content\/uploads\/2022\/08\/Gemeinwohl-Blog2.jpg 1800w\" sizes=\"(max-width: 800px) 100vw, 800px\" \/><\/div><\/a>\n\t\t\t\t<div class=\"elementor-post__text\">\n\t\t\t\t<h3 class=\"elementor-post__title\">\n\t\t\t<a href=\"https:\/\/gradido.net\/es\/gemeinwohl-was-ist-das\/\" >\n\t\t\t\tEl bien com\u00fan, \u00bfqu\u00e9 es?\t\t\t<\/a>\n\t\t<\/h3>\n\t\t\t\t<div class=\"elementor-post__excerpt\">\n\t\t\t<p>Las contribuciones de bien com\u00fan son todo lo que el sentido com\u00fan llamar\u00eda voluntariado, trabajo voluntario, etc., a diferencia de las contribuciones individuales de una persona a otra.<\/p>\n\t\t<\/div>\n\t\t\n\t\t<a class=\"elementor-post__read-more\" href=\"https:\/\/gradido.net\/es\/gemeinwohl-was-ist-das\/\" aria-label=\"M\u00e1s informaci\u00f3n sobre bien com\u00fan - \u00bfqu\u00e9 es?\" tabindex=\"-1\" >\n\t\t\tLeer m\u00e1s...\t\t<\/a>\n\n\t\t\t\t<\/div>\n\t\t\t\t<div class=\"elementor-post__meta-data\">\n\t\t\t\t\t<span class=\"elementor-post-date\">\n\t\t\t9 agosto 2022\t\t<\/span>\n\t\t\t\t<\/div>\n\t\t\t\t\t<\/div>\n\t\t<\/article>\n\t\t\t\t<article class=\"elementor-post elementor-grid-item post-5381 post type-post status-publish format-standard has-post-thumbnail hentry category-blog category-gradido-konto\" role=\"listitem\">\n\t\t\t<div class=\"elementor-post__card\">\n\t\t\t\t<a class=\"elementor-post__thumbnail__link\" href=\"https:\/\/gradido.net\/es\/gemeinwohl-beitraege-jetzt-direkt-im-gradido-konto\/\" tabindex=\"-1\" ><div class=\"elementor-post__thumbnail\"><img loading=\"lazy\" decoding=\"async\" width=\"800\" height=\"450\" src=\"https:\/\/gradido.net\/wp-content\/uploads\/2022\/07\/Neues-Gradido-Konto.jpg\" class=\"attachment-large size-large wp-image-5382\" alt=\"\" srcset=\"https:\/\/gradido.net\/wp-content\/uploads\/2022\/07\/Neues-Gradido-Konto.jpg 800w, https:\/\/gradido.net\/wp-content\/uploads\/2022\/07\/Neues-Gradido-Konto-300x169.jpg 300w, https:\/\/gradido.net\/wp-content\/uploads\/2022\/07\/Neues-Gradido-Konto-768x432.jpg 768w, https:\/\/gradido.net\/wp-content\/uploads\/2022\/07\/Neues-Gradido-Konto-18x10.jpg 18w\" sizes=\"(max-width: 800px) 100vw, 800px\" \/><\/div><\/a>\n\t\t\t\t<div class=\"elementor-post__text\">\n\t\t\t\t<h3 class=\"elementor-post__title\">\n\t\t\t<a href=\"https:\/\/gradido.net\/es\/gemeinwohl-beitraege-jetzt-direkt-im-gradido-konto\/\" >\n\t\t\t\tLas aportaciones de bien com\u00fan ahora se ingresan directamente en la cuenta de Gradido\t\t\t<\/a>\n\t\t<\/h3>\n\t\t\t\t<div class=\"elementor-post__excerpt\">\n\t\t\t<p>A partir de ahora, ya no es necesario pasar al \u00e1rea de miembros para introducir sus contribuciones al Bien Com\u00fan. Ahora puede enviarlos directamente a su cuenta de Gradido y obtener su Renta B\u00e1sica Activa r\u00e1pidamente.<\/p>\n\t\t<\/div>\n\t\t\n\t\t<a class=\"elementor-post__read-more\" href=\"https:\/\/gradido.net\/es\/gemeinwohl-beitraege-jetzt-direkt-im-gradido-konto\/\" aria-label=\"M\u00e1s informaci\u00f3n sobre contribuciones de bien com\u00fan ahora directamente en la cuenta Gradido\" tabindex=\"-1\" >\n\t\t\tLeer m\u00e1s...\t\t<\/a>\n\n\t\t\t\t<\/div>\n\t\t\t\t<div class=\"elementor-post__meta-data\">\n\t\t\t\t\t<span class=\"elementor-post-date\">\n\t\t\t29 julio 2022\t\t<\/span>\n\t\t\t\t<\/div>\n\t\t\t\t\t<\/div>\n\t\t<\/article>\n\t\t\t\t<article class=\"elementor-post elementor-grid-item post-4295 post type-post status-publish format-standard has-post-thumbnail hentry category-blog category-gradido-konto\" role=\"listitem\">\n\t\t\t<div class=\"elementor-post__card\">\n\t\t\t\t<a class=\"elementor-post__thumbnail__link\" href=\"https:\/\/gradido.net\/es\/gradido-senden-ueber-telegram-co\/\" tabindex=\"-1\" ><div class=\"elementor-post__thumbnail\"><img loading=\"lazy\" decoding=\"async\" width=\"800\" height=\"500\" src=\"https:\/\/gradido.net\/wp-content\/uploads\/2022\/05\/Gradido_Telegram-1024x640.jpg\" class=\"attachment-large size-large wp-image-4296\" alt=\"\" srcset=\"https:\/\/gradido.net\/wp-content\/uploads\/2022\/05\/Gradido_Telegram-1024x640.jpg 1024w, https:\/\/gradido.net\/wp-content\/uploads\/2022\/05\/Gradido_Telegram-300x188.jpg 300w, https:\/\/gradido.net\/wp-content\/uploads\/2022\/05\/Gradido_Telegram-768x480.jpg 768w, https:\/\/gradido.net\/wp-content\/uploads\/2022\/05\/Gradido_Telegram-18x12.jpg 18w, https:\/\/gradido.net\/wp-content\/uploads\/2022\/05\/Gradido_Telegram.jpg 1440w\" sizes=\"(max-width: 800px) 100vw, 800px\" \/><\/div><\/a>\n\t\t\t\t<div class=\"elementor-post__text\">\n\t\t\t\t<h3 class=\"elementor-post__title\">\n\t\t\t<a href=\"https:\/\/gradido.net\/es\/gradido-senden-ueber-telegram-co\/\" >\n\t\t\t\tEnviar Gradido a trav\u00e9s de Telegram &amp; Co\t\t\t<\/a>\n\t\t<\/h3>\n\t\t\t\t<div class=\"elementor-post__excerpt\">\n\t\t\t<p>S\u00ed, \u00a1podemos enviar f\u00e1cilmente Gradido a trav\u00e9s de Telegram! Con el enlace Gradido, enviar Gradido es tan f\u00e1cil como enviar un mensaje de texto normal. Sus destinatarios ni siquiera necesitan tener una cuenta en Gradido. <\/p>\n\t\t<\/div>\n\t\t\n\t\t<a class=\"elementor-post__read-more\" href=\"https:\/\/gradido.net\/es\/gradido-senden-ueber-telegram-co\/\" aria-label=\"M\u00e1s informaci\u00f3n sobre Gradido send via Telegram &amp; Co\" tabindex=\"-1\" >\n\t\t\tLeer m\u00e1s...\t\t<\/a>\n\n\t\t\t\t<\/div>\n\t\t\t\t<div class=\"elementor-post__meta-data\">\n\t\t\t\t\t<span class=\"elementor-post-date\">\n\t\t\t10 mayo 2022\t\t<\/span>\n\t\t\t\t<\/div>\n\t\t\t\t\t<\/div>\n\t\t<\/article>\n\t\t\t\t<article class=\"elementor-post elementor-grid-item post-4292 post type-post status-publish format-standard has-post-thumbnail hentry category-blog category-gradido-konto\" role=\"listitem\">\n\t\t\t<div class=\"elementor-post__card\">\n\t\t\t\t<a class=\"elementor-post__thumbnail__link\" href=\"https:\/\/gradido.net\/es\/live-gradido-senden-von-mensch-zu-mensch-mit-qr-code\/\" tabindex=\"-1\" ><div class=\"elementor-post__thumbnail\"><img loading=\"lazy\" decoding=\"async\" width=\"800\" height=\"500\" src=\"https:\/\/gradido.net\/wp-content\/uploads\/2022\/05\/WP_QR-Code-1024x640.jpg\" class=\"attachment-large size-large wp-image-4276\" alt=\"\" srcset=\"https:\/\/gradido.net\/wp-content\/uploads\/2022\/05\/WP_QR-Code-1024x640.jpg 1024w, https:\/\/gradido.net\/wp-content\/uploads\/2022\/05\/WP_QR-Code-300x188.jpg 300w, https:\/\/gradido.net\/wp-content\/uploads\/2022\/05\/WP_QR-Code-768x480.jpg 768w, https:\/\/gradido.net\/wp-content\/uploads\/2022\/05\/WP_QR-Code-18x12.jpg 18w, https:\/\/gradido.net\/wp-content\/uploads\/2022\/05\/WP_QR-Code.jpg 1440w\" sizes=\"(max-width: 800px) 100vw, 800px\" \/><\/div><\/a>\n\t\t\t\t<div class=\"elementor-post__text\">\n\t\t\t\t<h3 class=\"elementor-post__title\">\n\t\t\t<a href=\"https:\/\/gradido.net\/es\/live-gradido-senden-von-mensch-zu-mensch-mit-qr-code\/\" >\n\t\t\t\tNuevo: Enviar Gradido en directo de persona a persona - con c\u00f3digo QR\t\t\t<\/a>\n\t\t<\/h3>\n\t\t\t\t<div class=\"elementor-post__excerpt\">\n\t\t\t<p>Adem\u00e1s de la transferencia bancaria y el enlace de Gradido, ahora tambi\u00e9n puedes enviar Gradidos con un c\u00f3digo QR. Directamente en el contacto personal de persona a persona, usted transmite la visi\u00f3n de un nuevo sistema de vida-dinero que fue desarrollado de acuerdo con los conceptos de la naturaleza para el \u00e9xito que han sido probados durante miles de millones de a\u00f1os.<\/p>\n\t\t<\/div>\n\t\t\n\t\t<a class=\"elementor-post__read-more\" href=\"https:\/\/gradido.net\/es\/live-gradido-senden-von-mensch-zu-mensch-mit-qr-code\/\" aria-label=\"M\u00e1s informaci\u00f3n sobre Nuevo: Live Gradido enviar de persona a persona - con c\u00f3digo QR\" tabindex=\"-1\" >\n\t\t\tLeer m\u00e1s...\t\t<\/a>\n\n\t\t\t\t<\/div>\n\t\t\t\t<div class=\"elementor-post__meta-data\">\n\t\t\t\t\t<span class=\"elementor-post-date\">\n\t\t\t1 mayo 2022\t\t<\/span>\n\t\t\t\t<\/div>\n\t\t\t\t\t<\/div>\n\t\t<\/article>\n\t\t\t\t<article class=\"elementor-post elementor-grid-item post-4228 post type-post status-publish format-standard has-post-thumbnail hentry category-blog category-community category-gradido-konto\" role=\"listitem\">\n\t\t\t<div class=\"elementor-post__card\">\n\t\t\t\t<a class=\"elementor-post__thumbnail__link\" href=\"https:\/\/gradido.net\/es\/gradido-link-erfahrungen-und-textvorschlaege\/\" tabindex=\"-1\" ><div class=\"elementor-post__thumbnail\"><img loading=\"lazy\" decoding=\"async\" width=\"800\" height=\"354\" src=\"https:\/\/gradido.net\/wp-content\/uploads\/2022\/04\/DANKE-1-1024x453.jpg\" class=\"attachment-large size-large wp-image-4231\" alt=\"\" srcset=\"https:\/\/gradido.net\/wp-content\/uploads\/2022\/04\/DANKE-1-1024x453.jpg 1024w, https:\/\/gradido.net\/wp-content\/uploads\/2022\/04\/DANKE-1-300x133.jpg 300w, https:\/\/gradido.net\/wp-content\/uploads\/2022\/04\/DANKE-1-768x340.jpg 768w, https:\/\/gradido.net\/wp-content\/uploads\/2022\/04\/DANKE-1-1536x680.jpg 1536w, https:\/\/gradido.net\/wp-content\/uploads\/2022\/04\/DANKE-1-18x8.jpg 18w, https:\/\/gradido.net\/wp-content\/uploads\/2022\/04\/DANKE-1.jpg 1600w\" sizes=\"(max-width: 800px) 100vw, 800px\" \/><\/div><\/a>\n\t\t\t\t<div class=\"elementor-post__text\">\n\t\t\t\t<h3 class=\"elementor-post__title\">\n\t\t\t<a href=\"https:\/\/gradido.net\/es\/gradido-link-erfahrungen-und-textvorschlaege\/\" >\n\t\t\t\tGradido Link - Experiencias y sugerencias de texto\t\t\t<\/a>\n\t\t<\/h3>\n\t\t\t\t<div class=\"elementor-post__excerpt\">\n\t\t\t<p>Para facilitarle al m\u00e1ximo las cosas, hemos preparado sugerencias de texto para los distintos casos. Si\u00e9ntase libre de adaptarlos seg\u00fan sus deseos e ideas.<\/p>\n\t\t<\/div>\n\t\t\n\t\t<a class=\"elementor-post__read-more\" href=\"https:\/\/gradido.net\/es\/gradido-link-erfahrungen-und-textvorschlaege\/\" aria-label=\"M\u00e1s informaci\u00f3n sobre Gradido-Link - Experiencias y sugerencias de texto\" tabindex=\"-1\" >\n\t\t\tLeer m\u00e1s...\t\t<\/a>\n\n\t\t\t\t<\/div>\n\t\t\t\t<div class=\"elementor-post__meta-data\">\n\t\t\t\t\t<span class=\"elementor-post-date\">\n\t\t\t24 abril 2022\t\t<\/span>\n\t\t\t\t<\/div>\n\t\t\t\t\t<\/div>\n\t\t<\/article>\n\t\t\t\t<\/div>\n\t\t\n\t\t\t\t\t\t<\/div>\n\t\t\t\t<\/div>\n\t\t\t\t\t<\/div>\n\t\t<\/div>\n\t\t\t\t\t<\/div>\n\t\t<\/section>\n\t\t\t\t<\/div>","protected":false},"excerpt":{"rendered":"<p>Cuenta de Gradido<\/p>","protected":false},"author":2,"featured_media":3960,"parent":704,"menu_order":0,"comment_status":"closed","ping_status":"closed","template":"","meta":{"footnotes":""},"class_list":["post-13623","page","type-page","status-publish","has-post-thumbnail","hentry"],"yoast_head":"<!-- This site is optimized with the Yoast SEO plugin v27.4 - https:\/\/yoast.com\/product\/yoast-seo-wordpress\/ -->\n<title>Gradido-Konto - Gradido<\/title>\n<meta name=\"description\" content=\"Aktuelles und Wissenswertes \u00fcber die neue Dankbarkeitsw\u00e4hrung\" \/>\n<meta name=\"robots\" content=\"index, follow, max-snippet:-1, max-image-preview:large, max-video-preview:-1\" \/>\n<link rel=\"canonical\" href=\"https:\/\/gradido.net\/es\/blog\/gradido-konto\/\" \/>\n<meta property=\"og:locale\" content=\"es_ES\" \/>\n<meta property=\"og:type\" content=\"article\" \/>\n<meta property=\"og:title\" content=\"Gradido-Konto - Gradido\" \/>\n<meta property=\"og:description\" content=\"Aktuelles und Wissenswertes \u00fcber die neue Dankbarkeitsw\u00e4hrung\" \/>\n<meta property=\"og:url\" content=\"https:\/\/gradido.net\/es\/blog\/gradido-konto\/\" \/>\n<meta property=\"og:site_name\" content=\"Gradido\" \/>\n<meta property=\"article:modified_time\" content=\"2026-04-24T06:42:30+00:00\" \/>\n<meta property=\"og:image\" content=\"https:\/\/gradido.net\/wp-content\/uploads\/2022\/02\/blog.jpg\" \/>\n\t<meta property=\"og:image:width\" content=\"1920\" \/>\n\t<meta property=\"og:image:height\" content=\"450\" \/>\n\t<meta property=\"og:image:type\" content=\"image\/jpeg\" \/>\n<meta name=\"twitter:card\" content=\"summary_large_image\" \/>\n<meta name=\"twitter:label1\" content=\"Tiempo de lectura\" \/>\n\t<meta name=\"twitter:data1\" content=\"9 minutos\" \/>\n<script type=\"application\/ld+json\" class=\"yoast-schema-graph\">{\"@context\":\"https:\\\/\\\/schema.org\",\"@graph\":[{\"@type\":\"WebPage\",\"@id\":\"https:\\\/\\\/gradido.net\\\/de\\\/blog\\\/gradido-konto\\\/\",\"url\":\"https:\\\/\\\/gradido.net\\\/de\\\/blog\\\/gradido-konto\\\/\",\"name\":\"Gradido-Konto - Gradido\",\"isPartOf\":{\"@id\":\"https:\\\/\\\/gradido.net\\\/de\\\/#website\"},\"primaryImageOfPage\":{\"@id\":\"https:\\\/\\\/gradido.net\\\/de\\\/blog\\\/gradido-konto\\\/#primaryimage\"},\"image\":{\"@id\":\"https:\\\/\\\/gradido.net\\\/de\\\/blog\\\/gradido-konto\\\/#primaryimage\"},\"thumbnailUrl\":\"https:\\\/\\\/gradido.net\\\/wp-content\\\/uploads\\\/2022\\\/02\\\/blog.jpg\",\"datePublished\":\"2026-04-24T06:40:11+00:00\",\"dateModified\":\"2026-04-24T06:42:30+00:00\",\"description\":\"Aktuelles und Wissenswertes \u00fcber die neue Dankbarkeitsw\u00e4hrung\",\"breadcrumb\":{\"@id\":\"https:\\\/\\\/gradido.net\\\/de\\\/blog\\\/gradido-konto\\\/#breadcrumb\"},\"inLanguage\":\"es\",\"potentialAction\":[{\"@type\":\"ReadAction\",\"target\":[\"https:\\\/\\\/gradido.net\\\/de\\\/blog\\\/gradido-konto\\\/\"]}]},{\"@type\":\"ImageObject\",\"inLanguage\":\"es\",\"@id\":\"https:\\\/\\\/gradido.net\\\/de\\\/blog\\\/gradido-konto\\\/#primaryimage\",\"url\":\"https:\\\/\\\/gradido.net\\\/wp-content\\\/uploads\\\/2022\\\/02\\\/blog.jpg\",\"contentUrl\":\"https:\\\/\\\/gradido.net\\\/wp-content\\\/uploads\\\/2022\\\/02\\\/blog.jpg\",\"width\":1920,\"height\":450},{\"@type\":\"BreadcrumbList\",\"@id\":\"https:\\\/\\\/gradido.net\\\/de\\\/blog\\\/gradido-konto\\\/#breadcrumb\",\"itemListElement\":[{\"@type\":\"ListItem\",\"position\":1,\"name\":\"Startseite\",\"item\":\"https:\\\/\\\/gradido.net\\\/\"},{\"@type\":\"ListItem\",\"position\":2,\"name\":\"Blog\",\"item\":\"https:\\\/\\\/gradido.net\\\/blog\\\/\"},{\"@type\":\"ListItem\",\"position\":3,\"name\":\"Gradido-Konto\"}]},{\"@type\":\"WebSite\",\"@id\":\"https:\\\/\\\/gradido.net\\\/de\\\/#website\",\"url\":\"https:\\\/\\\/gradido.net\\\/de\\\/\",\"name\":\"Gradido\",\"description\":\"Die neue W\u00e4hrung hei\u00dft Dankbarkeit\",\"publisher\":{\"@id\":\"https:\\\/\\\/gradido.net\\\/de\\\/#organization\"},\"potentialAction\":[{\"@type\":\"SearchAction\",\"target\":{\"@type\":\"EntryPoint\",\"urlTemplate\":\"https:\\\/\\\/gradido.net\\\/de\\\/?s={search_term_string}\"},\"query-input\":{\"@type\":\"PropertyValueSpecification\",\"valueRequired\":true,\"valueName\":\"search_term_string\"}}],\"inLanguage\":\"es\"},{\"@type\":\"Organization\",\"@id\":\"https:\\\/\\\/gradido.net\\\/de\\\/#organization\",\"name\":\"Gradido\",\"url\":\"https:\\\/\\\/gradido.net\\\/de\\\/\",\"logo\":{\"@type\":\"ImageObject\",\"inLanguage\":\"es\",\"@id\":\"https:\\\/\\\/gradido.net\\\/de\\\/#\\\/schema\\\/logo\\\/image\\\/\",\"url\":\"https:\\\/\\\/gradido.net\\\/wp-content\\\/uploads\\\/2022\\\/04\\\/gradido-social.jpg\",\"contentUrl\":\"https:\\\/\\\/gradido.net\\\/wp-content\\\/uploads\\\/2022\\\/04\\\/gradido-social.jpg\",\"width\":527,\"height\":273,\"caption\":\"Gradido\"},\"image\":{\"@id\":\"https:\\\/\\\/gradido.net\\\/de\\\/#\\\/schema\\\/logo\\\/image\\\/\"}}]}<\/script>\n<!-- \/ Yoast SEO plugin. -->","yoast_head_json":{"title":"Cuenta Gradido - Gradido","description":"Noticias y datos interesantes sobre la nueva moneda de gratitud","robots":{"index":"index","follow":"follow","max-snippet":"max-snippet:-1","max-image-preview":"max-image-preview:large","max-video-preview":"max-video-preview:-1"},"canonical":"https:\/\/gradido.net\/es\/blog\/gradido-konto\/","og_locale":"es_ES","og_type":"article","og_title":"Gradido-Konto - Gradido","og_description":"Aktuelles und Wissenswertes \u00fcber die neue Dankbarkeitsw\u00e4hrung","og_url":"https:\/\/gradido.net\/es\/blog\/gradido-konto\/","og_site_name":"Gradido","article_modified_time":"2026-04-24T06:42:30+00:00","og_image":[{"width":1920,"height":450,"url":"https:\/\/gradido.net\/wp-content\/uploads\/2022\/02\/blog.jpg","type":"image\/jpeg"}],"twitter_card":"summary_large_image","twitter_misc":{"Tiempo de lectura":"9 minutos"},"schema":{"@context":"https:\/\/schema.org","@graph":[{"@type":"WebPage","@id":"https:\/\/gradido.net\/de\/blog\/gradido-konto\/","url":"https:\/\/gradido.net\/de\/blog\/gradido-konto\/","name":"Cuenta Gradido - Gradido","isPartOf":{"@id":"https:\/\/gradido.net\/de\/#website"},"primaryImageOfPage":{"@id":"https:\/\/gradido.net\/de\/blog\/gradido-konto\/#primaryimage"},"image":{"@id":"https:\/\/gradido.net\/de\/blog\/gradido-konto\/#primaryimage"},"thumbnailUrl":"https:\/\/gradido.net\/wp-content\/uploads\/2022\/02\/blog.jpg","datePublished":"2026-04-24T06:40:11+00:00","dateModified":"2026-04-24T06:42:30+00:00","description":"Noticias y datos interesantes sobre la nueva moneda de gratitud","breadcrumb":{"@id":"https:\/\/gradido.net\/de\/blog\/gradido-konto\/#breadcrumb"},"inLanguage":"es","potentialAction":[{"@type":"ReadAction","target":["https:\/\/gradido.net\/de\/blog\/gradido-konto\/"]}]},{"@type":"ImageObject","inLanguage":"es","@id":"https:\/\/gradido.net\/de\/blog\/gradido-konto\/#primaryimage","url":"https:\/\/gradido.net\/wp-content\/uploads\/2022\/02\/blog.jpg","contentUrl":"https:\/\/gradido.net\/wp-content\/uploads\/2022\/02\/blog.jpg","width":1920,"height":450},{"@type":"BreadcrumbList","@id":"https:\/\/gradido.net\/de\/blog\/gradido-konto\/#breadcrumb","itemListElement":[{"@type":"ListItem","position":1,"name":"Startseite","item":"https:\/\/gradido.net\/"},{"@type":"ListItem","position":2,"name":"Blog","item":"https:\/\/gradido.net\/blog\/"},{"@type":"ListItem","position":3,"name":"Gradido-Konto"}]},{"@type":"WebSite","@id":"https:\/\/gradido.net\/de\/#website","url":"https:\/\/gradido.net\/de\/","name":"Gradido","description":"La nueva moneda es la gratitud","publisher":{"@id":"https:\/\/gradido.net\/de\/#organization"},"potentialAction":[{"@type":"SearchAction","target":{"@type":"EntryPoint","urlTemplate":"https:\/\/gradido.net\/de\/?s={search_term_string}"},"query-input":{"@type":"PropertyValueSpecification","valueRequired":true,"valueName":"search_term_string"}}],"inLanguage":"es"},{"@type":"Organization","@id":"https:\/\/gradido.net\/de\/#organization","name":"Gradido","url":"https:\/\/gradido.net\/de\/","logo":{"@type":"ImageObject","inLanguage":"es","@id":"https:\/\/gradido.net\/de\/#\/schema\/logo\/image\/","url":"https:\/\/gradido.net\/wp-content\/uploads\/2022\/04\/gradido-social.jpg","contentUrl":"https:\/\/gradido.net\/wp-content\/uploads\/2022\/04\/gradido-social.jpg","width":527,"height":273,"caption":"Gradido"},"image":{"@id":"https:\/\/gradido.net\/de\/#\/schema\/logo\/image\/"}}]}},"_links":{"self":[{"href":"https:\/\/gradido.net\/es\/wp-json\/wp\/v2\/pages\/13623","targetHints":{"allow":["GET"]}}],"collection":[{"href":"https:\/\/gradido.net\/es\/wp-json\/wp\/v2\/pages"}],"about":[{"href":"https:\/\/gradido.net\/es\/wp-json\/wp\/v2\/types\/page"}],"author":[{"embeddable":true,"href":"https:\/\/gradido.net\/es\/wp-json\/wp\/v2\/users\/2"}],"replies":[{"embeddable":true,"href":"https:\/\/gradido.net\/es\/wp-json\/wp\/v2\/comments?post=13623"}],"version-history":[{"count":7,"href":"https:\/\/gradido.net\/es\/wp-json\/wp\/v2\/pages\/13623\/revisions"}],"predecessor-version":[{"id":13630,"href":"https:\/\/gradido.net\/es\/wp-json\/wp\/v2\/pages\/13623\/revisions\/13630"}],"up":[{"embeddable":true,"href":"https:\/\/gradido.net\/es\/wp-json\/wp\/v2\/pages\/704"}],"wp:featuredmedia":[{"embeddable":true,"href":"https:\/\/gradido.net\/es\/wp-json\/wp\/v2\/media\/3960"}],"wp:attachment":[{"href":"https:\/\/gradido.net\/es\/wp-json\/wp\/v2\/media?parent=13623"}],"curies":[{"name":"wp","href":"https:\/\/api.w.org\/{rel}","templated":true}]}}