{"id":10822,"date":"2025-07-30T08:44:10","date_gmt":"2025-07-30T06:44:10","guid":{"rendered":"https:\/\/gradido.net\/?page_id=10822"},"modified":"2025-10-04T09:51:59","modified_gmt":"2025-10-04T07:51:59","slug":"economic-social-and-political-situation","status":"publish","type":"page","link":"https:\/\/gradido.net\/et\/countries\/mexico\/economic-social-and-political-situation\/","title":{"rendered":"Majanduslik, sotsiaalne ja poliitiline olukord, Mehhiko"},"content":{"rendered":"<div data-elementor-type=\"wp-page\" data-elementor-id=\"10822\" class=\"elementor elementor-10822\" data-elementor-post-type=\"page\">\n\t\t\t\t\t\t<section class=\"elementor-section elementor-top-section elementor-element elementor-element-4ce3e8af elementor-section-full_width elementor-section-height-default elementor-section-height-default\" data-id=\"4ce3e8af\" data-element_type=\"section\" data-e-type=\"section\">\n\t\t\t\t\t\t<div class=\"elementor-container elementor-column-gap-no\">\n\t\t\t\t\t<div class=\"elementor-column elementor-col-100 elementor-top-column elementor-element elementor-element-efa8c8c\" data-id=\"efa8c8c\" data-element_type=\"column\" data-e-type=\"column\">\n\t\t\t<div class=\"elementor-widget-wrap elementor-element-populated\">\n\t\t\t\t\t\t<div class=\"elementor-element elementor-element-e088aa4 elementor--h-position-center elementor--v-position-middle elementor-arrows-position-inside elementor-widget elementor-widget-slides\" data-id=\"e088aa4\" data-element_type=\"widget\" data-e-type=\"widget\" data-settings=\"{&quot;navigation&quot;:&quot;arrows&quot;,&quot;autoplay&quot;:&quot;yes&quot;,&quot;pause_on_hover&quot;:&quot;yes&quot;,&quot;pause_on_interaction&quot;:&quot;yes&quot;,&quot;autoplay_speed&quot;:5000,&quot;infinite&quot;:&quot;yes&quot;,&quot;transition&quot;:&quot;slide&quot;,&quot;transition_speed&quot;:500}\" data-widget_type=\"slides.default\">\n\t\t\t\t<div class=\"elementor-widget-container\">\n\t\t\t\t\t\t\t\t\t<div class=\"elementor-swiper\">\n\t\t\t\t\t<div class=\"elementor-slides-wrapper elementor-main-swiper swiper\" role=\"region\" aria-roledescription=\"carousel\" aria-label=\"Liugur\" dir=\"ltr\" data-animation=\"fadeInUp\">\n\t\t\t\t<div class=\"swiper-wrapper elementor-slides\">\n\t\t\t\t\t\t\t\t\t\t<div class=\"elementor-repeater-item-2de4990 swiper-slide\" role=\"group\" aria-roledescription=\"slide\"><div class=\"swiper-slide-bg\" role=\"img\" aria-label=\"mexico-city-2706607_1280\"><\/div><div class=\"swiper-slide-inner\" ><div class=\"swiper-slide-contents\"><\/div><\/div><\/div><div class=\"elementor-repeater-item-28f126e swiper-slide\" role=\"group\" aria-roledescription=\"slide\"><div class=\"swiper-slide-bg\" role=\"img\" aria-label=\"cancun-2269936_1280\"><\/div><div class=\"swiper-slide-inner\" ><div class=\"swiper-slide-contents\"><\/div><\/div><\/div><div class=\"elementor-repeater-item-992da35 swiper-slide\" role=\"group\" aria-roledescription=\"slide\"><div class=\"swiper-slide-bg\" role=\"img\" aria-label=\"acapulco-3605307_1280\"><\/div><div class=\"swiper-slide-inner\" ><div class=\"swiper-slide-contents\"><\/div><\/div><\/div><div class=\"elementor-repeater-item-1a67a9d swiper-slide\" role=\"group\" aria-roledescription=\"slide\"><div class=\"swiper-slide-bg\" role=\"img\" aria-label=\"popocatepetl-1755981_1280\"><\/div><div class=\"swiper-slide-inner\" ><div class=\"swiper-slide-contents\"><\/div><\/div><\/div>\t\t\t\t<\/div>\n\t\t\t\t\t\t\t\t\t\t\t\t\t\t\t<div class=\"elementor-swiper-button elementor-swiper-button-prev\" role=\"button\" tabindex=\"0\" aria-label=\"Diapositiva anterior\" data-no-translation-aria-label=\"\">\n\t\t\t\t\t\t\t<i aria-hidden=\"true\" class=\"eicon-chevron-left\"><\/i>\t\t\t\t\t\t<\/div>\n\t\t\t\t\t\t<div class=\"elementor-swiper-button elementor-swiper-button-next\" role=\"button\" tabindex=\"0\" aria-label=\"Siguiente diapositiva\" data-no-translation-aria-label=\"\">\n\t\t\t\t\t\t\t<i aria-hidden=\"true\" class=\"eicon-chevron-right\"><\/i>\t\t\t\t\t\t<\/div>\n\t\t\t\t\t\t\t\t\t\t\t\t\t\t\t\t\t<\/div>\n\t\t\t\t<\/div>\n\t\t\t\t\t\t\t\t<\/div>\n\t\t\t\t<\/div>\n\t\t\t\t\t<\/div>\n\t\t<\/div>\n\t\t\t\t\t<\/div>\n\t\t<\/section>\n\t\t\t\t<section class=\"elementor-section elementor-top-section elementor-element elementor-element-240baa7a elementor-section-boxed elementor-section-height-default elementor-section-height-default\" data-id=\"240baa7a\" data-element_type=\"section\" data-e-type=\"section\" data-settings=\"{&quot;background_background&quot;:&quot;classic&quot;}\">\n\t\t\t\t\t\t<div class=\"elementor-container elementor-column-gap-default\">\n\t\t\t\t\t<div class=\"elementor-column elementor-col-100 elementor-top-column elementor-element elementor-element-1afe9e42\" data-id=\"1afe9e42\" data-element_type=\"column\" data-e-type=\"column\">\n\t\t\t<div class=\"elementor-widget-wrap elementor-element-populated\">\n\t\t\t\t\t\t<div class=\"elementor-element elementor-element-65bd50ae elementor-widget elementor-widget-heading\" data-id=\"65bd50ae\" data-element_type=\"widget\" data-e-type=\"widget\" data-widget_type=\"heading.default\">\n\t\t\t\t<div class=\"elementor-widget-container\">\n\t\t\t\t\t<h1 class=\"elementor-heading-title elementor-size-default\">Majanduslik, sotsiaalne ja poliitiline olukord Mehhikos<\/h1>\t\t\t\t<\/div>\n\t\t\t\t<\/div>\n\t\t\t\t\t<\/div>\n\t\t<\/div>\n\t\t\t\t\t<\/div>\n\t\t<\/section>\n\t\t\t\t<section class=\"elementor-section elementor-top-section elementor-element elementor-element-446540f elementor-section-boxed elementor-section-height-default elementor-section-height-default\" data-id=\"446540f\" data-element_type=\"section\" data-e-type=\"section\">\n\t\t\t\t\t\t<div class=\"elementor-container elementor-column-gap-default\">\n\t\t\t\t\t<div class=\"elementor-column elementor-col-100 elementor-top-column elementor-element elementor-element-312a2d3\" data-id=\"312a2d3\" data-element_type=\"column\" data-e-type=\"column\">\n\t\t\t<div class=\"elementor-widget-wrap elementor-element-populated\">\n\t\t\t\t\t\t<div class=\"elementor-element elementor-element-3791614 elementor-nav-menu--dropdown-tablet elementor-nav-menu__text-align-aside elementor-nav-menu--toggle elementor-nav-menu--burger elementor-widget elementor-widget-nav-menu\" data-id=\"3791614\" data-element_type=\"widget\" data-e-type=\"widget\" data-settings=\"{&quot;layout&quot;:&quot;horizontal&quot;,&quot;submenu_icon&quot;:{&quot;value&quot;:&quot;&lt;i class=\\&quot;fas fa-caret-down\\&quot; aria-hidden=\\&quot;true\\&quot;&gt;&lt;\\\/i&gt;&quot;,&quot;library&quot;:&quot;fa-solid&quot;},&quot;toggle&quot;:&quot;burger&quot;}\" data-widget_type=\"nav-menu.default\">\n\t\t\t\t<div class=\"elementor-widget-container\">\n\t\t\t\t\t\t\t\t<nav aria-label=\"Riiklik uuring\" class=\"elementor-nav-menu--main elementor-nav-menu__container elementor-nav-menu--layout-horizontal e--pointer-underline e--animation-grow\">\n\t\t\t\t<ul id=\"menu-1-3791614\" class=\"elementor-nav-menu\"><li class=\"menu-item menu-item-type-custom menu-item-object-custom menu-item-has-children menu-item-12305\"><a class=\"elementor-item\">Aafrika<\/a>\n<ul class=\"sub-menu elementor-nav-menu--dropdown\">\n\t<li class=\"menu-item menu-item-type-post_type menu-item-object-page menu-item-12253\"><a href=\"https:\/\/gradido.net\/et\/countries\/afrika\/\" class=\"elementor-sub-item\">Aafrika, kogu kontinent<\/a><\/li>\n\t<li class=\"menu-item menu-item-type-post_type menu-item-object-page menu-item-13097\"><a href=\"https:\/\/gradido.net\/et\/countries\/afrika\/dr-congo\/\" class=\"elementor-sub-item\">Kongo Demokraatlik Vabariik<\/a><\/li>\n\t<li class=\"menu-item menu-item-type-post_type menu-item-object-page menu-item-12414\"><a href=\"https:\/\/gradido.net\/et\/countries\/afrika\/kenya\/\" class=\"elementor-sub-item\">Kenya<\/a><\/li>\n\t<li class=\"menu-item menu-item-type-post_type menu-item-object-page menu-item-12737\"><a href=\"https:\/\/gradido.net\/et\/countries\/afrika\/madagascar\/\" class=\"elementor-sub-item\">Madagaskar<\/a><\/li>\n\t<li class=\"menu-item menu-item-type-post_type menu-item-object-page menu-item-12148\"><a href=\"https:\/\/gradido.net\/et\/countries\/afrika\/namibia\/\" class=\"elementor-sub-item\">Namiibia<\/a><\/li>\n\t<li class=\"menu-item menu-item-type-post_type menu-item-object-page menu-item-12839\"><a href=\"https:\/\/gradido.net\/et\/countries\/afrika\/rwanda\/\" class=\"elementor-sub-item\">Rwanda<\/a><\/li>\n<\/ul>\n<\/li>\n<li class=\"menu-item menu-item-type-custom menu-item-object-custom menu-item-has-children menu-item-11798\"><a class=\"elementor-item\">Ameerika<\/a>\n<ul class=\"sub-menu elementor-nav-menu--dropdown\">\n\t<li class=\"menu-item menu-item-type-post_type menu-item-object-page menu-item-12463\"><a href=\"https:\/\/gradido.net\/et\/countries\/usa\/\" class=\"elementor-sub-item\">USA<\/a><\/li>\n\t<li class=\"menu-item menu-item-type-post_type menu-item-object-page menu-item-11791\"><a href=\"https:\/\/gradido.net\/et\/countries\/mexico\/\" class=\"elementor-sub-item\">Mehhiko<\/a><\/li>\n<\/ul>\n<\/li>\n<li class=\"menu-item menu-item-type-custom menu-item-object-custom menu-item-has-children menu-item-11800\"><a class=\"elementor-item\">Aasia<\/a>\n<ul class=\"sub-menu elementor-nav-menu--dropdown\">\n\t<li class=\"menu-item menu-item-type-post_type menu-item-object-page menu-item-11794\"><a href=\"https:\/\/gradido.net\/et\/countries\/maledives\/\" class=\"elementor-sub-item\">Maldiivid<\/a><\/li>\n\t<li class=\"menu-item menu-item-type-post_type menu-item-object-page menu-item-11790\"><a href=\"https:\/\/gradido.net\/et\/countries\/philippines\/\" class=\"elementor-sub-item\">Filipiinid<\/a><\/li>\n\t<li class=\"menu-item menu-item-type-post_type menu-item-object-page menu-item-11802\"><a href=\"https:\/\/gradido.net\/et\/countries\/saudi-arabia\/\" class=\"elementor-sub-item\">Saudi Araabia<\/a><\/li>\n<\/ul>\n<\/li>\n<li class=\"menu-item menu-item-type-custom menu-item-object-custom menu-item-has-children menu-item-11797\"><a class=\"elementor-item\">Euroopa<\/a>\n<ul class=\"sub-menu elementor-nav-menu--dropdown\">\n\t<li class=\"menu-item menu-item-type-post_type menu-item-object-page menu-item-11805\"><a href=\"https:\/\/gradido.net\/et\/countries\/germany\/\" class=\"elementor-sub-item\">Saksamaa<\/a><\/li>\n\t<li class=\"menu-item menu-item-type-post_type menu-item-object-page menu-item-11803\"><a href=\"https:\/\/gradido.net\/et\/countries\/greece\/\" class=\"elementor-sub-item\">Kreeka<\/a><\/li>\n\t<li class=\"menu-item menu-item-type-post_type menu-item-object-page menu-item-11788\"><a href=\"https:\/\/gradido.net\/et\/countries\/spain\/\" class=\"elementor-sub-item\">Hispaania<\/a><\/li>\n<\/ul>\n<\/li>\n<li class=\"menu-item menu-item-type-custom menu-item-object-custom menu-item-has-children menu-item-11801\"><a class=\"elementor-item\">Okeaania<\/a>\n<ul class=\"sub-menu elementor-nav-menu--dropdown\">\n\t<li class=\"menu-item menu-item-type-post_type menu-item-object-page menu-item-11793\"><a href=\"https:\/\/gradido.net\/et\/countries\/marshall-islands\/\" class=\"elementor-sub-item\">Marshalli saared<\/a><\/li>\n\t<li class=\"menu-item menu-item-type-post_type menu-item-object-page menu-item-11795\"><a href=\"https:\/\/gradido.net\/et\/countries\/tahiti\/\" class=\"elementor-sub-item\">Tahiti<\/a><\/li>\n<\/ul>\n<\/li>\n<\/ul>\t\t\t<\/nav>\n\t\t\t\t\t<div class=\"elementor-menu-toggle\" role=\"button\" tabindex=\"0\" aria-label=\"Men\u00fc\u00fc \u00fcmberl\u00fclitamine\" aria-expanded=\"false\">\n\t\t\t<i aria-hidden=\"true\" role=\"presentation\" class=\"elementor-menu-toggle__icon--open eicon-menu-bar\"><\/i><i aria-hidden=\"true\" role=\"presentation\" class=\"elementor-menu-toggle__icon--close eicon-close\"><\/i>\t\t<\/div>\n\t\t\t\t\t<nav class=\"elementor-nav-menu--dropdown elementor-nav-menu__container\" aria-hidden=\"true\">\n\t\t\t\t<ul id=\"menu-2-3791614\" class=\"elementor-nav-menu\"><li class=\"menu-item menu-item-type-custom menu-item-object-custom menu-item-has-children menu-item-12305\"><a class=\"elementor-item\" tabindex=\"-1\">Aafrika<\/a>\n<ul class=\"sub-menu elementor-nav-menu--dropdown\">\n\t<li class=\"menu-item menu-item-type-post_type menu-item-object-page menu-item-12253\"><a href=\"https:\/\/gradido.net\/et\/countries\/afrika\/\" class=\"elementor-sub-item\" tabindex=\"-1\">Aafrika, kogu kontinent<\/a><\/li>\n\t<li class=\"menu-item menu-item-type-post_type menu-item-object-page menu-item-13097\"><a href=\"https:\/\/gradido.net\/et\/countries\/afrika\/dr-congo\/\" class=\"elementor-sub-item\" tabindex=\"-1\">Kongo Demokraatlik Vabariik<\/a><\/li>\n\t<li class=\"menu-item menu-item-type-post_type menu-item-object-page menu-item-12414\"><a href=\"https:\/\/gradido.net\/et\/countries\/afrika\/kenya\/\" class=\"elementor-sub-item\" tabindex=\"-1\">Kenya<\/a><\/li>\n\t<li class=\"menu-item menu-item-type-post_type menu-item-object-page menu-item-12737\"><a href=\"https:\/\/gradido.net\/et\/countries\/afrika\/madagascar\/\" class=\"elementor-sub-item\" tabindex=\"-1\">Madagaskar<\/a><\/li>\n\t<li class=\"menu-item menu-item-type-post_type menu-item-object-page menu-item-12148\"><a href=\"https:\/\/gradido.net\/et\/countries\/afrika\/namibia\/\" class=\"elementor-sub-item\" tabindex=\"-1\">Namiibia<\/a><\/li>\n\t<li class=\"menu-item menu-item-type-post_type menu-item-object-page menu-item-12839\"><a href=\"https:\/\/gradido.net\/et\/countries\/afrika\/rwanda\/\" class=\"elementor-sub-item\" tabindex=\"-1\">Rwanda<\/a><\/li>\n<\/ul>\n<\/li>\n<li class=\"menu-item menu-item-type-custom menu-item-object-custom menu-item-has-children menu-item-11798\"><a class=\"elementor-item\" tabindex=\"-1\">Ameerika<\/a>\n<ul class=\"sub-menu elementor-nav-menu--dropdown\">\n\t<li class=\"menu-item menu-item-type-post_type menu-item-object-page menu-item-12463\"><a href=\"https:\/\/gradido.net\/et\/countries\/usa\/\" class=\"elementor-sub-item\" tabindex=\"-1\">USA<\/a><\/li>\n\t<li class=\"menu-item menu-item-type-post_type menu-item-object-page menu-item-11791\"><a href=\"https:\/\/gradido.net\/et\/countries\/mexico\/\" class=\"elementor-sub-item\" tabindex=\"-1\">Mehhiko<\/a><\/li>\n<\/ul>\n<\/li>\n<li class=\"menu-item menu-item-type-custom menu-item-object-custom menu-item-has-children menu-item-11800\"><a class=\"elementor-item\" tabindex=\"-1\">Aasia<\/a>\n<ul class=\"sub-menu elementor-nav-menu--dropdown\">\n\t<li class=\"menu-item menu-item-type-post_type menu-item-object-page menu-item-11794\"><a href=\"https:\/\/gradido.net\/et\/countries\/maledives\/\" class=\"elementor-sub-item\" tabindex=\"-1\">Maldiivid<\/a><\/li>\n\t<li class=\"menu-item menu-item-type-post_type menu-item-object-page menu-item-11790\"><a href=\"https:\/\/gradido.net\/et\/countries\/philippines\/\" class=\"elementor-sub-item\" tabindex=\"-1\">Filipiinid<\/a><\/li>\n\t<li class=\"menu-item menu-item-type-post_type menu-item-object-page menu-item-11802\"><a href=\"https:\/\/gradido.net\/et\/countries\/saudi-arabia\/\" class=\"elementor-sub-item\" tabindex=\"-1\">Saudi Araabia<\/a><\/li>\n<\/ul>\n<\/li>\n<li class=\"menu-item menu-item-type-custom menu-item-object-custom menu-item-has-children menu-item-11797\"><a class=\"elementor-item\" tabindex=\"-1\">Euroopa<\/a>\n<ul class=\"sub-menu elementor-nav-menu--dropdown\">\n\t<li class=\"menu-item menu-item-type-post_type menu-item-object-page menu-item-11805\"><a href=\"https:\/\/gradido.net\/et\/countries\/germany\/\" class=\"elementor-sub-item\" tabindex=\"-1\">Saksamaa<\/a><\/li>\n\t<li class=\"menu-item menu-item-type-post_type menu-item-object-page menu-item-11803\"><a href=\"https:\/\/gradido.net\/et\/countries\/greece\/\" class=\"elementor-sub-item\" tabindex=\"-1\">Kreeka<\/a><\/li>\n\t<li class=\"menu-item menu-item-type-post_type menu-item-object-page menu-item-11788\"><a href=\"https:\/\/gradido.net\/et\/countries\/spain\/\" class=\"elementor-sub-item\" tabindex=\"-1\">Hispaania<\/a><\/li>\n<\/ul>\n<\/li>\n<li class=\"menu-item menu-item-type-custom menu-item-object-custom menu-item-has-children menu-item-11801\"><a class=\"elementor-item\" tabindex=\"-1\">Okeaania<\/a>\n<ul class=\"sub-menu elementor-nav-menu--dropdown\">\n\t<li class=\"menu-item menu-item-type-post_type menu-item-object-page menu-item-11793\"><a href=\"https:\/\/gradido.net\/et\/countries\/marshall-islands\/\" class=\"elementor-sub-item\" tabindex=\"-1\">Marshalli saared<\/a><\/li>\n\t<li class=\"menu-item menu-item-type-post_type menu-item-object-page menu-item-11795\"><a href=\"https:\/\/gradido.net\/et\/countries\/tahiti\/\" class=\"elementor-sub-item\" tabindex=\"-1\">Tahiti<\/a><\/li>\n<\/ul>\n<\/li>\n<\/ul>\t\t\t<\/nav>\n\t\t\t\t\t\t<\/div>\n\t\t\t\t<\/div>\n\t\t\t\t<div class=\"elementor-element elementor-element-884f51b elementor-widget elementor-widget-breadcrumbs\" data-id=\"884f51b\" data-element_type=\"widget\" data-e-type=\"widget\" data-widget_type=\"breadcrumbs.default\">\n\t\t\t\t<div class=\"elementor-widget-container\">\n\t\t\t\t\t<p id=\"breadcrumbs\"><span><span><a href=\"https:\/\/gradido.net\/et\/\">Koduleht<\/a><\/span><\/span><\/p>\t\t\t\t<\/div>\n\t\t\t\t<\/div>\n\t\t\t\t<div class=\"elementor-element elementor-element-a9db9a5 elementor-widget elementor-widget-text-editor\" data-id=\"a9db9a5\" data-element_type=\"widget\" data-e-type=\"widget\" data-widget_type=\"text-editor.default\">\n\t\t\t\t<div class=\"elementor-widget-container\">\n\t\t\t\t\t\t\t\t\t<h3 style=\"text-align: center;\"><a href=\"https:\/\/gradido.net\/et\/countries\/mexico\/\"><strong>Avaleht: Mehhiko<\/strong><\/a><\/h3><p style=\"text-align: center;\"><strong>1. majanduslik, sotsiaalne ja poliitiline olukord<\/strong><br \/><a href=\"https:\/\/gradido.net\/et\/countries\/mexico\/wealth-and-poverty\/\">2. j\u00f5ukuse ja vaesuse jaotumine<\/a><br \/><a href=\"https:\/\/gradido.net\/et\/countries\/mexico\/labour-migration-and-remittances-mexico\/\">3. t\u00f6\u00f6j\u00f5u r\u00e4nne ja rahavood<\/a><br \/><a href=\"https:\/\/gradido.net\/et\/countries\/mexico\/corruption-and-crime\/\">4. korruptsioon ja kuritegevus<\/a><br \/><a href=\"https:\/\/gradido.net\/et\/countries\/mexico\/cultural-values\/\">5. kultuurilised v\u00e4\u00e4rtused<\/a><br \/><a href=\"https:\/\/gradido.net\/et\/countries\/mexico\/education\/\">6. haridus<\/a><br \/><a href=\"https:\/\/gradido.net\/et\/countries\/mexico\/healthcare\/\">7. tervishoid<\/a><br \/><a href=\"https:\/\/gradido.net\/et\/countries\/mexico\/volunteering\/\">8. hooldust\u00f6\u00f6, vabatahtlik t\u00f6\u00f6 ja naabrusabi<\/a><br \/><a href=\"https:\/\/gradido.net\/et\/countries\/mexico\/innovation\/\">9. innovatsioon, digitaliseerimine ja alternatiivsed majandusmudelid<\/a><br \/><a href=\"https:\/\/gradido.net\/et\/countries\/mexico\/cooperatives\/\">10.\u00fchistud<\/a><br \/><a href=\"https:\/\/gradido.net\/et\/countries\/mexico\/potential-and-obstacles\/\">11. Gradido v\u00f5imalused ja takistused<\/a><br \/><a href=\"https:\/\/gradido.net\/et\/countries\/mexico\/international-players\/\">12. rahvusvahelised m\u00e4ngijad<\/a><br \/><a href=\"https:\/\/gradido.net\/et\/countries\/mexico\/agriculture\/\">13. p\u00f5llumajandus<\/a><\/p>\t\t\t\t\t\t\t\t<\/div>\n\t\t\t\t<\/div>\n\t\t\t\t<div class=\"elementor-element elementor-element-d7bb196 elementor-widget-divider--view-line elementor-widget elementor-widget-divider\" data-id=\"d7bb196\" data-element_type=\"widget\" data-e-type=\"widget\" data-widget_type=\"divider.default\">\n\t\t\t\t<div class=\"elementor-widget-container\">\n\t\t\t\t\t\t\t<div class=\"elementor-divider\">\n\t\t\t<span class=\"elementor-divider-separator\">\n\t\t\t\t\t\t<\/span>\n\t\t<\/div>\n\t\t\t\t\t\t<\/div>\n\t\t\t\t<\/div>\n\t\t\t\t<div class=\"elementor-element elementor-element-146ff9d elementor-widget elementor-widget-text-editor\" data-id=\"146ff9d\" data-element_type=\"widget\" data-e-type=\"widget\" data-widget_type=\"text-editor.default\">\n\t\t\t\t<div class=\"elementor-widget-container\">\n\t\t\t\t\t\t\t\t\t<div class=\"wiki-page-header-wrapper\"><div class=\"wiki-page-header-wrapper\"><div class=\"wiki-page-header-wrapper\"><h1 id=\"mexiko-2025%3A-wirtschaftliche%2C-soziale-und-politische-situation\" tabindex=\"-1\">Mehhiko 2025: majanduslik, sotsiaalne ja poliitiline olukord<\/h1><\/div><div class=\"wiki-page-header-wrapper\"><h2 id=\"%C3%BCberblick\" tabindex=\"-1\">\u00dclevaade<\/h2><p>Mehhiko on 2025. aastal keerulises etapis, mida iseloomustavad majanduslik stagnatsioon, p\u00fcsivad sotsiaalsed probleemid ja olulised poliitilised muutused. Uue presidendi Claudia Sheinbaumi, esimese naise ametis oleva presidendi ajal v\u00f5itleb riik mitmete struktuuriliste probleemidega.<\/p><\/div><div class=\"wiki-page-header-wrapper\"><h2 id=\"wirtschaftliche-situation\" tabindex=\"-1\">Majanduslik olukord<\/h2><\/div><div class=\"wiki-page-header-wrapper\"><h3 id=\"wachstumsprognosen-und-rezessionsrisiko\" tabindex=\"-1\">Kasvuprognoosid ja majanduslanguse risk<\/h3><p>Mehhiko majandus seisab 2025. aastal silmitsi m\u00e4rkimisv\u00e4\u00e4rsete raskustega. <strong>Prognoosid ennustavad jooksvaks aastaks v\u00e4henemist -0,3% kuni +0,5%.<\/strong><a href=\"https:\/\/www.dallasfed.org\/research\/update\/mex\/2025\/2502\" target=\"_blank\" rel=\"noopener noreferrer nofollow\">^1<\/a><a href=\"https:\/\/www.bbvaresearch.com\/en\/publicaciones\/mexico-economic-outlook-june-2025\/\" target=\"_blank\" rel=\"noopener noreferrer nofollow\">^3<\/a>. See kujutab endast m\u00e4rkimisv\u00e4\u00e4rset halvenemist v\u00f5rreldes 1,5% kasvuga 2024. aastal.<a href=\"https:\/\/www.wko.at\/aussenwirtschaft\/mexiko-wirtschaftslage\" target=\"_blank\" rel=\"noopener noreferrer nofollow\">^1<\/a>. M\u00f5\u00f5dukat taastumist 1,1%-lt 1,8%-le ei ole oodata enne 2026. aastat.<a href=\"https:\/\/www.bbvaresearch.com\/en\/publicaciones\/mexico-economic-outlook-june-2025\/\" target=\"_blank\" rel=\"noopener noreferrer nofollow\">^2<\/a><a href=\"https:\/\/www.worldbank.org\/en\/country\/mexico\/overview\" target=\"_blank\" rel=\"noopener noreferrer nofollow\">^4<\/a>.<\/p><\/div><div class=\"wiki-page-header-wrapper\"><h3 id=\"abh%C3%A4ngigkeit-von-den-usa-und-handelsspannungen\" tabindex=\"-1\">S\u00f5ltuvus USAst ja kaubanduspinged<\/h3><p>\u00dcks keskne probleem on endiselt <strong>Mehhiko \u00e4\u00e4rmine s\u00f5ltuvus USA turust, kuhu l\u00e4heb 80% Mehhiko ekspordist.<\/strong><a href=\"https:\/\/www.bmz.de\/de\/laender\/mexiko\/wirtschaftliche-situation-10776\" target=\"_blank\" rel=\"noopener noreferrer nofollow\">^1<\/a>. See s\u00f5ltuvus muudab riigi eriti haavatavaks Trumpi administratsiooni tariifipoliitika suhtes. 25% tariifide kehtestamine Mehhiko kaupadele, isegi kui need hiljem osaliselt peatati, n\u00e4itab Mehhiko majanduse haavatavust<a href=\"https:\/\/www.swp-berlin.org\/publikation\/mexiko-vom-kurzen-nearshoring-boom-zum-security-shoring-der-usa\" target=\"_blank\" rel=\"noopener noreferrer nofollow\">^6<\/a>.<\/p><\/div><div class=\"wiki-page-header-wrapper\"><h3 id=\"positive-aspekte-trotz-herausforderungen\" tabindex=\"-1\">Positiivsed aspektid vaatamata v\u00e4ljakutsetele<\/h3><p>Hoolimata raskest olukorrast on Mehhiko 2024 <strong>36,8 miljardi USA dollari suurune rekordiline v\u00e4lismaiste otseinvesteeringute maht<\/strong><a href=\"https:\/\/www.ainvest.com\/news\/mexico-economic-resilience-navigating-challenges-seizing-opportunities-2025-2506\/\" target=\"_blank\" rel=\"noopener noreferrer nofollow\">^1<\/a>. Riik saab j\u00e4tkuvalt kasu l\u00e4hisurumise suundumusest ja on endiselt USA k\u00f5ige olulisem kaubanduspartner.<a href=\"https:\/\/mexiconewsdaily.com\/business\/world-bank-mexico-growth-forecast-up-0-2\/\" target=\"_blank\" rel=\"noopener noreferrer nofollow\">^1<\/a>.<\/p><\/div><div class=\"wiki-page-header-wrapper\"><h2 id=\"soziale-situation\" tabindex=\"-1\">Sotsiaalne olukord<\/h2><\/div><div class=\"wiki-page-header-wrapper\"><h3 id=\"armut-und-ungleichheit\" tabindex=\"-1\">Vaesus ja ebav\u00f5rdsus<\/h3><p>Sotsiaalne olukord n\u00e4itab vastuolulisi arenguid. Positiivne on see, et aastatel 2018-2024 <strong>9,5 miljonit inimest on vaesusest v\u00e4lja t\u00f5stetud.<\/strong><a href=\"https:\/\/amerika21.de\/2024\/10\/271670\/95-millionen-weniger-arme-mexiko\" target=\"_blank\" rel=\"noopener noreferrer nofollow\">^10<\/a>. Sellegipoolest on veel <strong>36,3% elanikkonnast (46,8 miljonit inimest) on mitmem\u00f5\u00f5tmelises vaesuses.<\/strong><a href=\"https:\/\/amerika21.de\/2023\/08\/265449\/neun-mio-menschen-mexiko-aus-armut\" target=\"_blank\" rel=\"noopener noreferrer nofollow\">^11<\/a>. Eriti murettekitav on see, et <strong>7% elanikkonnast (9,1 miljonit inimest) elab \u00e4\u00e4rmises vaesuses.<\/strong><a href=\"https:\/\/amerika21.de\/2023\/08\/265449\/neun-mio-menschen-mexiko-aus-armut\" target=\"_blank\" rel=\"noopener noreferrer nofollow\">^12<\/a>.<\/p><\/div><div class=\"wiki-page-header-wrapper\"><h3 id=\"ungleichheit-und-strukturelle-probleme\" tabindex=\"-1\">Ebav\u00f5rdsus ja struktuurilised probleemid<\/h3><p><strong>Sissetulekute jagunemine on endiselt \u00e4\u00e4rmiselt ebav\u00f5rdne, Gini koefitsient on 0,45.<\/strong><a href=\"https:\/\/de.statista.com\/outlook\/co\/soziooekonomische-indikatoren\/mexiko\" target=\"_blank\" rel=\"noopener noreferrer nofollow\">^13<\/a>. Eriti m\u00f5jutatud on <strong>p\u00f5lisrahvad, kellest \u00fcle kahe kolmandiku elab vaesuses.<\/strong><a href=\"https:\/\/www.bmz.de\/en\/countries\/mexico\/social-situation-49248\" target=\"_blank\" rel=\"noopener noreferrer nofollow\">^11<\/a>. Piirkondlikud erinevused on m\u00e4rkimisv\u00e4\u00e4rsed: rikas p\u00f5hjaosa ja keskus vastanduvad teravalt v\u00e4hearenenud l\u00f5unaosaga.<a href=\"https:\/\/www.bmz.de\/de\/laender\/mexiko\/soziale-situation-10774\" target=\"_blank\" rel=\"noopener noreferrer nofollow\">^11<\/a>.<\/p><\/div><div class=\"wiki-page-header-wrapper\"><h3 id=\"gewalt-und-menschenrechtskrise\" tabindex=\"-1\">V\u00e4givald ja inim\u00f5iguste kriis<\/h3><p>Mehhikos toimub enneolematu <strong>V\u00e4givald ja inim\u00f5iguste kriis, mille t\u00f5ttu on kadunud \u00fcle 115 000 inimese<\/strong><a href=\"https:\/\/www.faz.net\/aktuell\/politik\/ausland\/zahl-der-verschwundenen-in-mexiko-ueberschreitet-100-000-18036525.html\" target=\"_blank\" rel=\"noopener noreferrer nofollow\">^15<\/a>. . <strong>M\u00f5rvade arv on 24,9 100 000 elaniku kohta.<\/strong><a href=\"https:\/\/de.statista.com\/statistik\/daten\/studie\/693573\/umfrage\/mordrate-in-mexiko\/\" target=\"_blank\" rel=\"noopener noreferrer nofollow\">^17<\/a>ja 2024 olid <strong>Registreeritud 829 feminitsiidi - kasv 93,7% v\u00f5rreldes 2015. aastaga.<\/strong><a href=\"https:\/\/www.visionofhumanity.org\/organised-crime-and-institutional-deterioration-mexicos-challenges-in-2025\/\" target=\"_blank\" rel=\"noopener noreferrer nofollow\">^18<\/a>. <strong>Iga p\u00e4ev m\u00f5rvatakse v\u00f5i r\u00f6\u00f6vitakse 70-100 inimest.<\/strong><a href=\"https:\/\/www.bpb.de\/themen\/kriege-konflikte\/dossier-kriege-konflikte\/54652\/mexiko\/\" target=\"_blank\" rel=\"noopener noreferrer nofollow\">^19<\/a>.<\/p><\/div><div class=\"wiki-page-header-wrapper\"><h2 id=\"politische-situation\" tabindex=\"-1\">Poliitiline olukord<\/h2><\/div><div class=\"wiki-page-header-wrapper\"><h3 id=\"pr%C3%A4sidentin-sheinbaum-und-machtkonzentration\" tabindex=\"-1\">President Sheinbaum ja v\u00f5imu koondamine<\/h3><p><strong>Claudia Sheinbaum on alates 2024. aasta oktoobrist valitsenud kongressis \u00fclekaaluka kahekolmandikulise h\u00e4\u00e4lteenamusega.<\/strong><a href=\"https:\/\/www.boell.de\/de\/2025\/01\/21\/100-tage-im-amt-die-erste-praesidentin-mexikos-hat-mehrheiten-fuer-reformen\" target=\"_blank\" rel=\"noopener noreferrer nofollow\">^20<\/a>mis v\u00f5imaldab p\u00f5hiseaduse muutmist. Nad <strong>naudib k\u00f5rget heakskiitu umbes 80%<\/strong><a href=\"https:\/\/www.handelsblatt.com\/politik\/international\/claudia-sheinbaum-wie-mexikos-praesidentin-ihr-land-vor-den-zoellen-schuetzt\/100112074.html\" target=\"_blank\" rel=\"noopener noreferrer nofollow\">^21<\/a> ja j\u00e4tkab suures osas oma eelk\u00e4ija L\u00f3pez Obradori poliitikat<a href=\"https:\/\/www.boell.de\/de\/2025\/01\/28\/fuer-mexikos-oekologische-zukunft-praesidentin-sheinbaum-setzt-auf-erneuerbare-energien\" target=\"_blank\" rel=\"noopener noreferrer nofollow\">^20<\/a>.<\/p><\/div><div class=\"wiki-page-header-wrapper\"><h3 id=\"justizreform-und-institutionelle-ver%C3%A4nderungen\" tabindex=\"-1\">Kohtureform ja institutsioonilised muutused<\/h3><p>\u00dcks k\u00f5ige vastuolulisemaid meetmeid on <strong>P\u00f5hjalik kohtureform, mis n\u00e4eb ette, et k\u00f5ik kohtunikud valitakse otse rahva poolt.<\/strong><a href=\"https:\/\/www.as-coa.org\/articles\/six-facts-understand-mexicos-2025-judicial-elections\" target=\"_blank\" rel=\"noopener noreferrer nofollow\">^15<\/a><a href=\"https:\/\/www.tagesschau.de\/ausland\/amerika\/mexiko-justiz-reform-100.html\" target=\"_blank\" rel=\"noopener noreferrer nofollow\">^25<\/a>. Kriitikud peavad seda reformi ohuks kohtute s\u00f5ltumatusele ja v\u00f5imude lahususele.<a href=\"https:\/\/www.as-coa.org\/articles\/six-facts-understand-mexicos-2025-judicial-elections\" target=\"_blank\" rel=\"noopener noreferrer nofollow\">^26<\/a>. <strong>Lisaks sellele on autonoomsed j\u00e4relevalveasutused kaotatud v\u00f5i n\u00f5rgestatud.<\/strong><a href=\"https:\/\/www.boell.de\/de\/2025\/01\/21\/100-tage-im-amt-die-erste-praesidentin-mexikos-hat-mehrheiten-fuer-reformen\" target=\"_blank\" rel=\"noopener noreferrer nofollow\">^27<\/a>.<\/p><\/div><div class=\"wiki-page-header-wrapper\"><h3 id=\"korruption-und-transparenz\" tabindex=\"-1\">Korruptsioon ja l\u00e4bipaistvus<\/h3><p>Mehhikos on <strong>saavutas korruptsiooni tajumise indeksis 2024 oma ajaloo halvima tulemuse: 140. koht 180 riigist, vaid 26 punktiga 100-st.<\/strong><a href=\"https:\/\/de.statista.com\/statistik\/daten\/studie\/593525\/umfrage\/wahrgenommene-korruption-in-mexiko\/\" target=\"_blank\" rel=\"noopener noreferrer nofollow\">^28<\/a>. Sellega on Mehhiko OECD k\u00f5ige korrumpeerunum riik.<a href=\"https:\/\/insightplus.bakermckenzie.com\/bm\/investigations-compliance-ethics\/mexico-corruption-perceptions-index-2024\" target=\"_blank\" rel=\"noopener noreferrer nofollow\">^28<\/a>. USA avaldab Mehhikosele survet, <strong>Narkokartellidega seotud poliitikute vastutusele v\u00f5tmine<\/strong><a href=\"https:\/\/www.reuters.com\/world\/us\/us-pushes-mexico-prosecute-politicians-with-ties-drug-cartels-2025-06-11\/\" target=\"_blank\" rel=\"noopener noreferrer nofollow\">^30<\/a>.<\/p><\/div><div class=\"wiki-page-header-wrapper\"><h2 id=\"die-dr%C3%A4ngendsten-herausforderungen\" tabindex=\"-1\">K\u00f5ige pakilisemad v\u00e4ljakutsed<\/h2><\/div><div class=\"wiki-page-header-wrapper\"><h3 id=\"kritische-priorit%C3%A4ten\" tabindex=\"-1\">Kriitilised prioriteedid<\/h3><ol><li><strong>V\u00e4givald ja organiseeritud kuritegevus<\/strong>: Riik v\u00f5itleb narkokartellide vastu, mis kontrollivad suuri alasid ja tapavad iga p\u00e4ev k\u00fcmneid inimesi.<a href=\"https:\/\/www.bpb.de\/themen\/kriege-konflikte\/dossier-kriege-konflikte\/54652\/mexiko\/\" target=\"_blank\" rel=\"noopener noreferrer nofollow\">^18<\/a><a href=\"https:\/\/www.tagesschau.de\/ausland\/amerika\/mexiko-drogen-gangs-jugendliche-100.html\" target=\"_blank\" rel=\"noopener noreferrer nofollow\">^31<\/a>.<\/li><li><strong>Korruptsioon ja \u00f5igusriik<\/strong>K\u00f5ige korrumpeerunuma ja n\u00f5rgemate institutsioonidega OECD-riigina on riigi usaldusv\u00e4\u00e4rsus ohus.<a href=\"https:\/\/integralia.com.mx\/web\/wp-content\/uploads\/2025\/01\/January-8-2025_Ten-Political-Risks-for-2025.pdf\" target=\"_blank\" rel=\"noopener noreferrer nofollow\">^28<\/a>.<\/li><li><strong>Vaesus ja ebav\u00f5rdsus<\/strong>: Hoolimata edusammudest elab \u00fcle 46 miljoni inimese endiselt vaesuses.<a href=\"https:\/\/amerika21.de\/2024\/10\/271670\/95-millionen-weniger-arme-mexiko\" target=\"_blank\" rel=\"noopener noreferrer nofollow\">^12<\/a>.<\/li><li><strong>Kadunud isikud<\/strong>: \u00dcle 115 000 kadunud inimese kujutab endast humanitaarkriisi<a href=\"https:\/\/amerika21.de\/2025\/05\/275091\/mexiko-humanitaere-krise\" target=\"_blank\" rel=\"noopener noreferrer nofollow\">^32<\/a>.<\/li><\/ol><\/div><div class=\"wiki-page-header-wrapper\"><h3 id=\"hohe-priorit%C3%A4ten\" tabindex=\"-1\">K\u00f5rged prioriteedid<\/h3><ol start=\"5\"><li><strong>Majanduse stagnatsioon<\/strong>: L\u00e4henev majanduslangus ohustab t\u00f6\u00f6kohti ja heaolu<a href=\"https:\/\/www.dallasfed.org\/research\/update\/mex\/2025\/2502\" target=\"_blank\" rel=\"noopener noreferrer nofollow\">^1<\/a><a href=\"https:\/\/www.bbvaresearch.com\/en\/publicaciones\/mexico-economic-outlook-june-2025\/\" target=\"_blank\" rel=\"noopener noreferrer nofollow\">^3<\/a>.<\/li><li><strong>USA s\u00f5ltuvus<\/strong>\u00c4\u00e4rmine s\u00f5ltuvus kaubandusest muudab riigi kaitsemeetmete suhtes haavatavaks<a href=\"https:\/\/mexiconewsdaily.com\/business\/world-bank-mexico-growth-forecast-up-0-2\/\" target=\"_blank\" rel=\"noopener noreferrer nofollow\">^1<\/a><a href=\"https:\/\/www.aberdeeninvestments.com\/en-nl\/institutional\/insights-and-research\/mexico-will-face-challenges-during-trump-s-second-term\" target=\"_blank\" rel=\"noopener noreferrer nofollow\">^34<\/a>.<\/li><li><strong>Kaubanduspinged<\/strong>: Suhted Trumpi administratsiooniga on diplomaatilistest edusammudest hoolimata j\u00e4tkuvalt pingelised<a href=\"https:\/\/www.handelsblatt.com\/politik\/international\/claudia-sheinbaum-wie-mexikos-praesidentin-ihr-land-vor-den-zoellen-schuetzt\/100112074.html\" target=\"_blank\" rel=\"noopener noreferrer nofollow\">^35<\/a><a href=\"https:\/\/www.aberdeeninvestments.com\/en-nl\/institutional\/insights-and-research\/mexico-will-face-challenges-during-trump-s-second-term\" target=\"_blank\" rel=\"noopener noreferrer nofollow\">^34<\/a>.<\/li><\/ol><\/div><div class=\"wiki-page-header-wrapper\"><h2 id=\"fazit\" tabindex=\"-1\">Kokkuv\u00f5te<\/h2><p>Mehhiko seisab 2025. aastal silmitsi keeruliste v\u00e4ljakutsetega, mis h\u00f5lmavad nii struktuurseid kui ka akuutseid probleeme. Kuigi president Sheinbaumil on tugev poliitiline enamus, mis v\u00f5iks v\u00f5imaldada reforme, j\u00e4\u00e4vad riigi p\u00f5hiprobleemid - v\u00e4givald, korruptsioon, vaesus ja majanduslik haavatavus - alles. Nende probleemide edukas lahendamine on Mehhiko kui demokraatliku \u00f5igusriigi ja piirkonna majanduspartneri tuleviku jaoks otsustava t\u00e4htsusega.<\/p><hr \/><\/div><div class=\"wiki-page-header-wrapper\"><h1 id=\"erg%C3%A4nzende-einsch%C3%A4tzung-aus-gradido-perspektive\" tabindex=\"-1\">T\u00e4iendav hindamine Gradido perspektiivist l\u00e4htuvalt<\/h1><p>On selge, et Mehhiko on paljudel tasanditel s\u00fcgavalt m\u00f5jutatud. Siin on gradido perspektiiv, mis vaatleb elu muutvat j\u00f5udu armastuse, lootuse ja usaldusega:<\/p><hr \/><\/div><div class=\"wiki-page-header-wrapper\"><h3 id=\"gradido-kommentar-zur-aktuellen-lage-in-mexiko-%E2%80%93-2025\" tabindex=\"-1\">Gradido kommentaar praegusest olukorrast Mehhikos - 2025<\/h3><p><strong>V\u00e4ljakutsed kui \u00fcleskutse \u00fcmberkujundamiseks<\/strong><\/p><p>Massiivsed struktuuriprobleemid - v\u00e4givald, vaesus, korruptsioon, kasvav ebav\u00f5rdsus ja \u00e4\u00e4rmuslik majanduslik s\u00f5ltuvus - on dramaatilised. Need p\u00f5hjustavad kannatusi ja sotsiaalset l\u00f5hestatust. Kuid sellised keerulised kriisid on ka \u00fcleskutse minna \u00fcheskoos t\u00e4iesti uusi teid: \u00fchisele heaolule orienteeritud ja elu edendava majandus- ja sotsiaals\u00fcsteemi suunas.<\/p><p><strong>Mis siis, kui keegi ei peaks enam vaene olema?<\/strong><\/p><p>Gradido mudeli kohase loomuliku elumajanduse juurutamisega saaks rahumeelselt lahendada inimeste p\u00f5hilised eksistentsiaalsed hirmud - n\u00e4lg, vaesus, perspektiivitu r\u00e4nne. Iga inimene saaks p\u00e4evast p\u00e4eva tingimusteta panuse elule:<\/p><ul><li>enda jaoks (aktiivne osalemine),<\/li><li>kogukond,<\/li><li>ning keskkonna ja looduse tervendamiseks.<\/li><\/ul><p><strong>Paranemine jagunemisest ja v\u00e4givallast<\/strong><\/p><p>Paljud organiseeritud kuritegevuse ja igap\u00e4evase v\u00e4givalla p\u00f5hjused Mehhikos on seotud vaesuse, v\u00f5imaluste puudumise ja sotsiaalse ebav\u00f5rdsusega. Gradido ei pakuks mitte ainult k\u00f5igile inimestele stabiilset elatist, vaid ka tegelikke arengu- ja eluv\u00f5imalusi ebasoodsas olukorras olevatele r\u00fchmadele (nt p\u00f5lisrahvad, vaesed maapiirkonnad). See annaks noortele ka elamisv\u00e4\u00e4rseid v\u00e4ljavaateid - ilma et nad peaksid p\u00f5genema, seisma silmitsi kuritegelike j\u00f5ukude v\u00f5i \u00e4rakasutamisega.<\/p><p><strong>Korruptsioon ja uus usalduskultuur<\/strong><\/p><p>L\u00e4bipaistev, detsentraliseeritud ja \u00fchisele h\u00fcvangule suunatud gradido s\u00fcsteem k\u00f5rvaldaks paljud praegused korruptsiooni stiimulid: Ressursse ei jaotataks enam m\u00f5nele eliidile, vaid k\u00f5igile arusaadaval viisil. \"Loomuliku elumajanduse\" puhul oleks manipuleerimine ja ebaseaduslik rikastumine palju keerulisem ning stiimuleid selleks oleks palju v\u00e4hem, sest k\u00f5igil oleks hea elada.<\/p><p><strong>Majanduslik vastupidavus ja s\u00f5ltumatus<\/strong><\/p><p>Gradido kohalik loomej\u00f5ud v\u00f5ib tugevdada piirkondlikke majandusts\u00fckleid s\u00f5ltumata ebastabiilsetest eksporditurgudest v\u00f5i v\u00e4lispoliitikast. Riik v\u00f5iks taas rohkem toetuda oma kultuurilistele, looduslikele ja sotsiaalsetele ressurssidele. Nearshoring v\u00f5imalused tooksid kasu k\u00f5igile - mitte ainult globaalsetele korporatsioonidele.<\/p><p><strong>\u00dchine hea kui uus juhtp\u00f5him\u00f5te<\/strong><\/p><p>Gradido nihutaks t\u00e4helepanu pelgalt majanduskasvult ja turgudelt t\u00f5elisele elukvaliteedile, rahule, osalemisele ja hoolivusele. L\u00f5he rikaste ja vaeste vahel hakkab v\u00e4henema, kui k\u00f5igil on juurdep\u00e4\u00e4s p\u00f5hiturvalisusele, haridusele ja tervishoiule ning kui Mehhiko ainulaadset kultuurilist mitmekesisust hinnatakse kui k\u00f5igi rikkust.<\/p><hr \/><p><strong>Heledad kohad ja n\u00e4gemine<\/strong><\/p><p>Eriti pimedatel aegadel vajame julgust m\u00f5elda ja elada koos uutmoodi. Mehhiko v\u00f5ib - kui \u00fchiskond seda tahab - saada rahumeelse, solidaarse ja j\u00e4tkusuutliku \u00fcmberkujundamise teerajajaks. V\u00e4ljakutsed on tohutud - kuid neis peitub suurim potentsiaal usaldada elu ja armastust ning tuua p\u00e4evavalgele see, mis on inimperekonnas v\u00f5imalik.<\/p><\/div><\/div><\/div>\t\t\t\t\t\t\t\t<\/div>\n\t\t\t\t<\/div>\n\t\t\t\t\t<\/div>\n\t\t<\/div>\n\t\t\t\t\t<\/div>\n\t\t<\/section>\n\t\t\t\t<\/div>","protected":false},"excerpt":{"rendered":"<p>Wirtschaftliche, soziale und politische Situation in Mexiko Hauptseite: Mexiko 1. Wirtschaftliche, soziale und politische Situation2. Verteilung von Reichtum und Armut3. Arbeitsmigration und Geldr\u00fcckfl\u00fcsse4. Korruption und Kriminalit\u00e4t5. Kulturelle Werte6. Bildung7. Gesundheitsversorgung8. Care-Arbeit, Freiwilligenarbeit und Nachbarschaftshilfe9. Innovation, Digitalisierung und alternative Wirtschaftsmodelle10.Genossenschaften11. Potenziale und H\u00fcrden f\u00fcr Gradido12. Internationale Akteure13. Landwirtschaft Mexiko 2025: Wirtschaftliche, soziale und politische Situation \u00dcberblick [&hellip;]<\/p>\n","protected":false},"author":2,"featured_media":10458,"parent":10731,"menu_order":0,"comment_status":"closed","ping_status":"closed","template":"","meta":{"footnotes":""},"class_list":["post-10822","page","type-page","status-publish","has-post-thumbnail","hentry"],"yoast_head":"<!-- This site is optimized with the Yoast SEO plugin v27.5 - https:\/\/yoast.com\/product\/yoast-seo-wordpress\/ -->\n<title>Wirtschaftliche, soziale und politische Situation, Mexiko - Gradido<\/title>\n<meta name=\"description\" content=\"Sei Teil der Bewegung!Gemeinsam bringen wir Gradido in die Welt.\" \/>\n<meta name=\"robots\" content=\"index, follow, max-snippet:-1, max-image-preview:large, max-video-preview:-1\" \/>\n<link rel=\"canonical\" href=\"https:\/\/gradido.net\/et\/countries\/mexico\/economic-social-and-political-situation\/\" \/>\n<meta property=\"og:locale\" content=\"et_EE\" \/>\n<meta property=\"og:type\" content=\"article\" \/>\n<meta property=\"og:title\" content=\"Wirtschaftliche, soziale und politische Situation, Mexiko - Gradido\" \/>\n<meta property=\"og:description\" content=\"Sei Teil der Bewegung!Gemeinsam bringen wir Gradido in die Welt.\" \/>\n<meta property=\"og:url\" content=\"https:\/\/gradido.net\/et\/countries\/mexico\/economic-social-and-political-situation\/\" \/>\n<meta property=\"og:site_name\" content=\"Gradido\" \/>\n<meta property=\"article:modified_time\" content=\"2025-10-04T07:51:59+00:00\" \/>\n<meta property=\"og:image\" content=\"https:\/\/gradido.net\/wp-content\/uploads\/2025\/07\/AdobeStock_3210827871-scaled.jpeg\" \/>\n\t<meta property=\"og:image:width\" content=\"2560\" \/>\n\t<meta property=\"og:image:height\" content=\"790\" \/>\n\t<meta property=\"og:image:type\" content=\"image\/jpeg\" \/>\n<meta name=\"twitter:card\" content=\"summary_large_image\" \/>\n<meta name=\"twitter:label1\" content=\"Est. reading time\" \/>\n\t<meta name=\"twitter:data1\" content=\"7 minutit\" \/>\n<script type=\"application\/ld+json\" class=\"yoast-schema-graph\">{\"@context\":\"https:\\\/\\\/schema.org\",\"@graph\":[{\"@type\":\"WebPage\",\"@id\":\"https:\\\/\\\/gradido.net\\\/countries\\\/mexico\\\/economic-social-and-political-situation\\\/\",\"url\":\"https:\\\/\\\/gradido.net\\\/countries\\\/mexico\\\/economic-social-and-political-situation\\\/\",\"name\":\"Wirtschaftliche, soziale und politische Situation, Mexiko - Gradido\",\"isPartOf\":{\"@id\":\"https:\\\/\\\/gradido.net\\\/de\\\/#website\"},\"primaryImageOfPage\":{\"@id\":\"https:\\\/\\\/gradido.net\\\/countries\\\/mexico\\\/economic-social-and-political-situation\\\/#primaryimage\"},\"image\":{\"@id\":\"https:\\\/\\\/gradido.net\\\/countries\\\/mexico\\\/economic-social-and-political-situation\\\/#primaryimage\"},\"thumbnailUrl\":\"https:\\\/\\\/gradido.net\\\/wp-content\\\/uploads\\\/2025\\\/07\\\/AdobeStock_3210827871-scaled.jpeg\",\"datePublished\":\"2025-07-30T06:44:10+00:00\",\"dateModified\":\"2025-10-04T07:51:59+00:00\",\"description\":\"Sei Teil der Bewegung!Gemeinsam bringen wir Gradido in die Welt.\",\"breadcrumb\":{\"@id\":\"https:\\\/\\\/gradido.net\\\/countries\\\/mexico\\\/economic-social-and-political-situation\\\/#breadcrumb\"},\"inLanguage\":\"et\",\"potentialAction\":[{\"@type\":\"ReadAction\",\"target\":[\"https:\\\/\\\/gradido.net\\\/countries\\\/mexico\\\/economic-social-and-political-situation\\\/\"]}]},{\"@type\":\"ImageObject\",\"inLanguage\":\"et\",\"@id\":\"https:\\\/\\\/gradido.net\\\/countries\\\/mexico\\\/economic-social-and-political-situation\\\/#primaryimage\",\"url\":\"https:\\\/\\\/gradido.net\\\/wp-content\\\/uploads\\\/2025\\\/07\\\/AdobeStock_3210827871-scaled.jpeg\",\"contentUrl\":\"https:\\\/\\\/gradido.net\\\/wp-content\\\/uploads\\\/2025\\\/07\\\/AdobeStock_3210827871-scaled.jpeg\",\"width\":2560,\"height\":790,\"caption\":\"world globe planet earth 3d-illustration. elements of this image furnished by NASA\"},{\"@type\":\"BreadcrumbList\",\"@id\":\"https:\\\/\\\/gradido.net\\\/countries\\\/mexico\\\/economic-social-and-political-situation\\\/#breadcrumb\",\"itemListElement\":[{\"@type\":\"ListItem\",\"position\":1,\"name\":\"Startseite\",\"item\":\"https:\\\/\\\/gradido.net\\\/\"},{\"@type\":\"ListItem\",\"position\":2,\"name\":\"L\u00e4nderforschung\",\"item\":\"https:\\\/\\\/gradido.net\\\/countries\\\/\"},{\"@type\":\"ListItem\",\"position\":3,\"name\":\"Mexiko\",\"item\":\"https:\\\/\\\/gradido.net\\\/countries\\\/mexico\\\/\"},{\"@type\":\"ListItem\",\"position\":4,\"name\":\"Wirtschaftliche, soziale und politische Situation, Mexiko\"}]},{\"@type\":\"WebSite\",\"@id\":\"https:\\\/\\\/gradido.net\\\/de\\\/#website\",\"url\":\"https:\\\/\\\/gradido.net\\\/de\\\/\",\"name\":\"Gradido\",\"description\":\"Die neue W\u00e4hrung hei\u00dft Dankbarkeit\",\"publisher\":{\"@id\":\"https:\\\/\\\/gradido.net\\\/de\\\/#organization\"},\"potentialAction\":[{\"@type\":\"SearchAction\",\"target\":{\"@type\":\"EntryPoint\",\"urlTemplate\":\"https:\\\/\\\/gradido.net\\\/de\\\/?s={search_term_string}\"},\"query-input\":{\"@type\":\"PropertyValueSpecification\",\"valueRequired\":true,\"valueName\":\"search_term_string\"}}],\"inLanguage\":\"et\"},{\"@type\":\"Organization\",\"@id\":\"https:\\\/\\\/gradido.net\\\/de\\\/#organization\",\"name\":\"Gradido\",\"url\":\"https:\\\/\\\/gradido.net\\\/de\\\/\",\"logo\":{\"@type\":\"ImageObject\",\"inLanguage\":\"et\",\"@id\":\"https:\\\/\\\/gradido.net\\\/de\\\/#\\\/schema\\\/logo\\\/image\\\/\",\"url\":\"https:\\\/\\\/gradido.net\\\/wp-content\\\/uploads\\\/2022\\\/04\\\/gradido-social.jpg\",\"contentUrl\":\"https:\\\/\\\/gradido.net\\\/wp-content\\\/uploads\\\/2022\\\/04\\\/gradido-social.jpg\",\"width\":527,\"height\":273,\"caption\":\"Gradido\"},\"image\":{\"@id\":\"https:\\\/\\\/gradido.net\\\/de\\\/#\\\/schema\\\/logo\\\/image\\\/\"}}]}<\/script>\n<!-- \/ Yoast SEO plugin. -->","yoast_head_json":{"title":"Majanduslik, sotsiaalne ja poliitiline olukord, Mehhiko - Gradido","description":"Ole osa liikumisest! Koos toome Gradido maailma.","robots":{"index":"index","follow":"follow","max-snippet":"max-snippet:-1","max-image-preview":"max-image-preview:large","max-video-preview":"max-video-preview:-1"},"canonical":"https:\/\/gradido.net\/et\/countries\/mexico\/economic-social-and-political-situation\/","og_locale":"et_EE","og_type":"article","og_title":"Wirtschaftliche, soziale und politische Situation, Mexiko - Gradido","og_description":"Sei Teil der Bewegung!Gemeinsam bringen wir Gradido in die Welt.","og_url":"https:\/\/gradido.net\/et\/countries\/mexico\/economic-social-and-political-situation\/","og_site_name":"Gradido","article_modified_time":"2025-10-04T07:51:59+00:00","og_image":[{"width":2560,"height":790,"url":"https:\/\/gradido.net\/wp-content\/uploads\/2025\/07\/AdobeStock_3210827871-scaled.jpeg","type":"image\/jpeg"}],"twitter_card":"summary_large_image","twitter_misc":{"Est. reading time":"7 minutit"},"schema":{"@context":"https:\/\/schema.org","@graph":[{"@type":"WebPage","@id":"https:\/\/gradido.net\/countries\/mexico\/economic-social-and-political-situation\/","url":"https:\/\/gradido.net\/countries\/mexico\/economic-social-and-political-situation\/","name":"Majanduslik, sotsiaalne ja poliitiline olukord, Mehhiko - Gradido","isPartOf":{"@id":"https:\/\/gradido.net\/de\/#website"},"primaryImageOfPage":{"@id":"https:\/\/gradido.net\/countries\/mexico\/economic-social-and-political-situation\/#primaryimage"},"image":{"@id":"https:\/\/gradido.net\/countries\/mexico\/economic-social-and-political-situation\/#primaryimage"},"thumbnailUrl":"https:\/\/gradido.net\/wp-content\/uploads\/2025\/07\/AdobeStock_3210827871-scaled.jpeg","datePublished":"2025-07-30T06:44:10+00:00","dateModified":"2025-10-04T07:51:59+00:00","description":"Ole osa liikumisest! Koos toome Gradido maailma.","breadcrumb":{"@id":"https:\/\/gradido.net\/countries\/mexico\/economic-social-and-political-situation\/#breadcrumb"},"inLanguage":"et","potentialAction":[{"@type":"ReadAction","target":["https:\/\/gradido.net\/countries\/mexico\/economic-social-and-political-situation\/"]}]},{"@type":"ImageObject","inLanguage":"et","@id":"https:\/\/gradido.net\/countries\/mexico\/economic-social-and-political-situation\/#primaryimage","url":"https:\/\/gradido.net\/wp-content\/uploads\/2025\/07\/AdobeStock_3210827871-scaled.jpeg","contentUrl":"https:\/\/gradido.net\/wp-content\/uploads\/2025\/07\/AdobeStock_3210827871-scaled.jpeg","width":2560,"height":790,"caption":"world globe planet earth 3d-illustration. elements of this image furnished by NASA"},{"@type":"BreadcrumbList","@id":"https:\/\/gradido.net\/countries\/mexico\/economic-social-and-political-situation\/#breadcrumb","itemListElement":[{"@type":"ListItem","position":1,"name":"Startseite","item":"https:\/\/gradido.net\/"},{"@type":"ListItem","position":2,"name":"L\u00e4nderforschung","item":"https:\/\/gradido.net\/countries\/"},{"@type":"ListItem","position":3,"name":"Mexiko","item":"https:\/\/gradido.net\/countries\/mexico\/"},{"@type":"ListItem","position":4,"name":"Wirtschaftliche, soziale und politische Situation, Mexiko"}]},{"@type":"WebSite","@id":"https:\/\/gradido.net\/de\/#website","url":"https:\/\/gradido.net\/de\/","name":"Gradido","description":"Uus valuuta on t\u00e4nulikkus","publisher":{"@id":"https:\/\/gradido.net\/de\/#organization"},"potentialAction":[{"@type":"SearchAction","target":{"@type":"EntryPoint","urlTemplate":"https:\/\/gradido.net\/de\/?s={search_term_string}"},"query-input":{"@type":"PropertyValueSpecification","valueRequired":true,"valueName":"search_term_string"}}],"inLanguage":"et"},{"@type":"Organization","@id":"https:\/\/gradido.net\/de\/#organization","name":"Gradido","url":"https:\/\/gradido.net\/de\/","logo":{"@type":"ImageObject","inLanguage":"et","@id":"https:\/\/gradido.net\/de\/#\/schema\/logo\/image\/","url":"https:\/\/gradido.net\/wp-content\/uploads\/2022\/04\/gradido-social.jpg","contentUrl":"https:\/\/gradido.net\/wp-content\/uploads\/2022\/04\/gradido-social.jpg","width":527,"height":273,"caption":"Gradido"},"image":{"@id":"https:\/\/gradido.net\/de\/#\/schema\/logo\/image\/"}}]}},"_links":{"self":[{"href":"https:\/\/gradido.net\/et\/wp-json\/wp\/v2\/pages\/10822","targetHints":{"allow":["GET"]}}],"collection":[{"href":"https:\/\/gradido.net\/et\/wp-json\/wp\/v2\/pages"}],"about":[{"href":"https:\/\/gradido.net\/et\/wp-json\/wp\/v2\/types\/page"}],"author":[{"embeddable":true,"href":"https:\/\/gradido.net\/et\/wp-json\/wp\/v2\/users\/2"}],"replies":[{"embeddable":true,"href":"https:\/\/gradido.net\/et\/wp-json\/wp\/v2\/comments?post=10822"}],"version-history":[{"count":16,"href":"https:\/\/gradido.net\/et\/wp-json\/wp\/v2\/pages\/10822\/revisions"}],"predecessor-version":[{"id":11905,"href":"https:\/\/gradido.net\/et\/wp-json\/wp\/v2\/pages\/10822\/revisions\/11905"}],"up":[{"embeddable":true,"href":"https:\/\/gradido.net\/et\/wp-json\/wp\/v2\/pages\/10731"}],"wp:featuredmedia":[{"embeddable":true,"href":"https:\/\/gradido.net\/et\/wp-json\/wp\/v2\/media\/10458"}],"wp:attachment":[{"href":"https:\/\/gradido.net\/et\/wp-json\/wp\/v2\/media?parent=10822"}],"curies":[{"name":"wp","href":"https:\/\/api.w.org\/{rel}","templated":true}]}}