{"id":10583,"date":"2025-07-27T16:08:15","date_gmt":"2025-07-27T14:08:15","guid":{"rendered":"https:\/\/gradido.net\/?page_id=10583"},"modified":"2025-10-04T11:55:27","modified_gmt":"2025-10-04T09:55:27","slug":"poverty-and-social-inequality","status":"publish","type":"page","link":"https:\/\/gradido.net\/fr\/countries\/philippines\/poverty-and-social-inequality\/","title":{"rendered":"Pauvret\u00e9 et in\u00e9galit\u00e9s sociales Philippines"},"content":{"rendered":"<div data-elementor-type=\"wp-page\" data-elementor-id=\"10583\" class=\"elementor elementor-10583\" data-elementor-post-type=\"page\">\n\t\t\t\t\t\t<section class=\"elementor-section elementor-top-section elementor-element elementor-element-4ce3e8af elementor-section-full_width elementor-section-height-default elementor-section-height-default\" data-id=\"4ce3e8af\" data-element_type=\"section\" data-e-type=\"section\">\n\t\t\t\t\t\t<div class=\"elementor-container elementor-column-gap-no\">\n\t\t\t\t\t<div class=\"elementor-column elementor-col-100 elementor-top-column elementor-element elementor-element-efa8c8c\" data-id=\"efa8c8c\" data-element_type=\"column\" data-e-type=\"column\">\n\t\t\t<div class=\"elementor-widget-wrap elementor-element-populated\">\n\t\t\t\t\t\t<div class=\"elementor-element elementor-element-e088aa4 elementor--h-position-center elementor--v-position-middle elementor-arrows-position-inside elementor-widget elementor-widget-slides\" data-id=\"e088aa4\" data-element_type=\"widget\" data-e-type=\"widget\" data-settings=\"{&quot;navigation&quot;:&quot;arrows&quot;,&quot;autoplay&quot;:&quot;yes&quot;,&quot;pause_on_hover&quot;:&quot;yes&quot;,&quot;pause_on_interaction&quot;:&quot;yes&quot;,&quot;autoplay_speed&quot;:5000,&quot;infinite&quot;:&quot;yes&quot;,&quot;transition&quot;:&quot;slide&quot;,&quot;transition_speed&quot;:500}\" data-widget_type=\"slides.default\">\n\t\t\t\t<div class=\"elementor-widget-container\">\n\t\t\t\t\t\t\t\t\t<div class=\"elementor-swiper\">\n\t\t\t\t\t<div class=\"elementor-slides-wrapper elementor-main-swiper swiper\" role=\"region\" aria-roledescription=\"carousel\" aria-label=\"Slider\" dir=\"ltr\" data-animation=\"fadeInUp\">\n\t\t\t\t<div class=\"swiper-wrapper elementor-slides\">\n\t\t\t\t\t\t\t\t\t\t<div class=\"elementor-repeater-item-2de4990 swiper-slide\" role=\"group\" aria-roledescription=\"slide\"><div class=\"swiper-slide-bg\" role=\"img\" aria-label=\"manila-4503501_1280\"><\/div><div class=\"swiper-slide-inner\" ><div class=\"swiper-slide-contents\"><\/div><\/div><\/div><div class=\"elementor-repeater-item-28f126e swiper-slide\" role=\"group\" aria-roledescription=\"slide\"><div class=\"swiper-slide-bg\" role=\"img\" aria-label=\"philippines-4951855_1280\"><\/div><div class=\"swiper-slide-inner\" ><div class=\"swiper-slide-contents\"><\/div><\/div><\/div><div class=\"elementor-repeater-item-992da35 swiper-slide\" role=\"group\" aria-roledescription=\"slide\"><div class=\"swiper-slide-bg\" role=\"img\" aria-label=\"manila-2256322_1280\"><\/div><div class=\"swiper-slide-inner\" ><div class=\"swiper-slide-contents\"><\/div><\/div><\/div>\t\t\t\t<\/div>\n\t\t\t\t\t\t\t\t\t\t\t\t\t\t\t<div class=\"elementor-swiper-button elementor-swiper-button-prev\" role=\"button\" tabindex=\"0\" aria-label=\"Diapositive pr\u00e9c\u00e9dente\" data-no-translation-aria-label=\"\">\n\t\t\t\t\t\t\t<i aria-hidden=\"true\" class=\"eicon-chevron-left\"><\/i>\t\t\t\t\t\t<\/div>\n\t\t\t\t\t\t<div class=\"elementor-swiper-button elementor-swiper-button-next\" role=\"button\" tabindex=\"0\" aria-label=\"Diapositive suivante\" data-no-translation-aria-label=\"\">\n\t\t\t\t\t\t\t<i aria-hidden=\"true\" class=\"eicon-chevron-right\"><\/i>\t\t\t\t\t\t<\/div>\n\t\t\t\t\t\t\t\t\t\t\t\t\t\t\t\t\t<\/div>\n\t\t\t\t<\/div>\n\t\t\t\t\t\t\t\t<\/div>\n\t\t\t\t<\/div>\n\t\t\t\t\t<\/div>\n\t\t<\/div>\n\t\t\t\t\t<\/div>\n\t\t<\/section>\n\t\t\t\t<section class=\"elementor-section elementor-top-section elementor-element elementor-element-240baa7a elementor-section-boxed elementor-section-height-default elementor-section-height-default\" data-id=\"240baa7a\" data-element_type=\"section\" data-e-type=\"section\" data-settings=\"{&quot;background_background&quot;:&quot;classic&quot;}\">\n\t\t\t\t\t\t<div class=\"elementor-container elementor-column-gap-default\">\n\t\t\t\t\t<div class=\"elementor-column elementor-col-100 elementor-top-column elementor-element elementor-element-1afe9e42\" data-id=\"1afe9e42\" data-element_type=\"column\" data-e-type=\"column\">\n\t\t\t<div class=\"elementor-widget-wrap elementor-element-populated\">\n\t\t\t\t\t\t<div class=\"elementor-element elementor-element-65bd50ae elementor-widget elementor-widget-heading\" data-id=\"65bd50ae\" data-element_type=\"widget\" data-e-type=\"widget\" data-widget_type=\"heading.default\">\n\t\t\t\t<div class=\"elementor-widget-container\">\n\t\t\t\t\t<h1 class=\"elementor-heading-title elementor-size-default\">Pauvret\u00e9 et in\u00e9galit\u00e9s sociales<\/h1>\t\t\t\t<\/div>\n\t\t\t\t<\/div>\n\t\t\t\t\t<\/div>\n\t\t<\/div>\n\t\t\t\t\t<\/div>\n\t\t<\/section>\n\t\t\t\t<section class=\"elementor-section elementor-top-section elementor-element elementor-element-446540f elementor-section-boxed elementor-section-height-default elementor-section-height-default\" data-id=\"446540f\" data-element_type=\"section\" data-e-type=\"section\">\n\t\t\t\t\t\t<div class=\"elementor-container elementor-column-gap-default\">\n\t\t\t\t\t<div class=\"elementor-column elementor-col-100 elementor-top-column elementor-element elementor-element-312a2d3\" data-id=\"312a2d3\" data-element_type=\"column\" data-e-type=\"column\">\n\t\t\t<div class=\"elementor-widget-wrap elementor-element-populated\">\n\t\t\t\t\t\t<div class=\"elementor-element elementor-element-a22561e elementor-nav-menu--dropdown-tablet elementor-nav-menu__text-align-aside elementor-nav-menu--toggle elementor-nav-menu--burger elementor-widget elementor-widget-nav-menu\" data-id=\"a22561e\" data-element_type=\"widget\" data-e-type=\"widget\" data-settings=\"{&quot;layout&quot;:&quot;horizontal&quot;,&quot;submenu_icon&quot;:{&quot;value&quot;:&quot;&lt;i class=\\&quot;fas fa-caret-down\\&quot; aria-hidden=\\&quot;true\\&quot;&gt;&lt;\\\/i&gt;&quot;,&quot;library&quot;:&quot;fa-solid&quot;},&quot;toggle&quot;:&quot;burger&quot;}\" data-widget_type=\"nav-menu.default\">\n\t\t\t\t<div class=\"elementor-widget-container\">\n\t\t\t\t\t\t\t\t<nav aria-label=\"Recherche sur les pays\" class=\"elementor-nav-menu--main elementor-nav-menu__container elementor-nav-menu--layout-horizontal e--pointer-underline e--animation-grow\">\n\t\t\t\t<ul id=\"menu-1-a22561e\" class=\"elementor-nav-menu\"><li class=\"menu-item menu-item-type-custom menu-item-object-custom menu-item-has-children menu-item-12305\"><a class=\"elementor-item\">Afrique<\/a>\n<ul class=\"sub-menu elementor-nav-menu--dropdown\">\n\t<li class=\"menu-item menu-item-type-post_type menu-item-object-page menu-item-12253\"><a href=\"https:\/\/gradido.net\/fr\/countries\/afrika\/\" class=\"elementor-sub-item\">Afrique, ensemble du continent<\/a><\/li>\n\t<li class=\"menu-item menu-item-type-post_type menu-item-object-page menu-item-13097\"><a href=\"https:\/\/gradido.net\/fr\/countries\/afrika\/dr-congo\/\" class=\"elementor-sub-item\">R\u00e9publique d\u00e9mocratique du Congo<\/a><\/li>\n\t<li class=\"menu-item menu-item-type-post_type menu-item-object-page menu-item-12414\"><a href=\"https:\/\/gradido.net\/fr\/countries\/afrika\/kenya\/\" class=\"elementor-sub-item\">Kenya<\/a><\/li>\n\t<li class=\"menu-item menu-item-type-post_type menu-item-object-page menu-item-12737\"><a href=\"https:\/\/gradido.net\/fr\/countries\/afrika\/madagascar\/\" class=\"elementor-sub-item\">Madagascar<\/a><\/li>\n\t<li class=\"menu-item menu-item-type-post_type menu-item-object-page menu-item-12148\"><a href=\"https:\/\/gradido.net\/fr\/countries\/afrika\/namibia\/\" class=\"elementor-sub-item\">Namibie<\/a><\/li>\n\t<li class=\"menu-item menu-item-type-post_type menu-item-object-page menu-item-12839\"><a href=\"https:\/\/gradido.net\/fr\/countries\/afrika\/rwanda\/\" class=\"elementor-sub-item\">Rwanda<\/a><\/li>\n<\/ul>\n<\/li>\n<li class=\"menu-item menu-item-type-custom menu-item-object-custom menu-item-has-children menu-item-11798\"><a class=\"elementor-item\">Am\u00e9rique<\/a>\n<ul class=\"sub-menu elementor-nav-menu--dropdown\">\n\t<li class=\"menu-item menu-item-type-post_type menu-item-object-page menu-item-12463\"><a href=\"https:\/\/gradido.net\/fr\/countries\/usa\/\" class=\"elementor-sub-item\">USA<\/a><\/li>\n\t<li class=\"menu-item menu-item-type-post_type menu-item-object-page menu-item-11791\"><a href=\"https:\/\/gradido.net\/fr\/countries\/mexico\/\" class=\"elementor-sub-item\">Mexique<\/a><\/li>\n<\/ul>\n<\/li>\n<li class=\"menu-item menu-item-type-custom menu-item-object-custom menu-item-has-children menu-item-11800\"><a class=\"elementor-item\">Asie<\/a>\n<ul class=\"sub-menu elementor-nav-menu--dropdown\">\n\t<li class=\"menu-item menu-item-type-post_type menu-item-object-page menu-item-11794\"><a href=\"https:\/\/gradido.net\/fr\/countries\/maledives\/\" class=\"elementor-sub-item\">Maldives<\/a><\/li>\n\t<li class=\"menu-item menu-item-type-post_type menu-item-object-page menu-item-11790\"><a href=\"https:\/\/gradido.net\/fr\/countries\/philippines\/\" class=\"elementor-sub-item\">Philppines<\/a><\/li>\n\t<li class=\"menu-item menu-item-type-post_type menu-item-object-page menu-item-11802\"><a href=\"https:\/\/gradido.net\/fr\/countries\/saudi-arabia\/\" class=\"elementor-sub-item\">Arabie saoudite<\/a><\/li>\n<\/ul>\n<\/li>\n<li class=\"menu-item menu-item-type-custom menu-item-object-custom menu-item-has-children menu-item-11797\"><a class=\"elementor-item\">Europe<\/a>\n<ul class=\"sub-menu elementor-nav-menu--dropdown\">\n\t<li class=\"menu-item menu-item-type-post_type menu-item-object-page menu-item-11805\"><a href=\"https:\/\/gradido.net\/fr\/countries\/germany\/\" class=\"elementor-sub-item\">Allemagne<\/a><\/li>\n\t<li class=\"menu-item menu-item-type-post_type menu-item-object-page menu-item-11803\"><a href=\"https:\/\/gradido.net\/fr\/countries\/greece\/\" class=\"elementor-sub-item\">Gr\u00e8ce<\/a><\/li>\n\t<li class=\"menu-item menu-item-type-post_type menu-item-object-page menu-item-11788\"><a href=\"https:\/\/gradido.net\/fr\/countries\/spain\/\" class=\"elementor-sub-item\">Espagne<\/a><\/li>\n<\/ul>\n<\/li>\n<li class=\"menu-item menu-item-type-custom menu-item-object-custom menu-item-has-children menu-item-11801\"><a class=\"elementor-item\">Oc\u00e9anie<\/a>\n<ul class=\"sub-menu elementor-nav-menu--dropdown\">\n\t<li class=\"menu-item menu-item-type-post_type menu-item-object-page menu-item-11793\"><a href=\"https:\/\/gradido.net\/fr\/countries\/marshall-islands\/\" class=\"elementor-sub-item\">\u00celes Marshall<\/a><\/li>\n\t<li class=\"menu-item menu-item-type-post_type menu-item-object-page menu-item-11795\"><a href=\"https:\/\/gradido.net\/fr\/countries\/tahiti\/\" class=\"elementor-sub-item\">Tahiti<\/a><\/li>\n<\/ul>\n<\/li>\n<\/ul>\t\t\t<\/nav>\n\t\t\t\t\t<div class=\"elementor-menu-toggle\" role=\"button\" tabindex=\"0\" aria-label=\"Permuter le menu\" aria-expanded=\"false\">\n\t\t\t<i aria-hidden=\"true\" role=\"presentation\" class=\"elementor-menu-toggle__icon--open eicon-menu-bar\"><\/i><i aria-hidden=\"true\" role=\"presentation\" class=\"elementor-menu-toggle__icon--close eicon-close\"><\/i>\t\t<\/div>\n\t\t\t\t\t<nav class=\"elementor-nav-menu--dropdown elementor-nav-menu__container\" aria-hidden=\"true\">\n\t\t\t\t<ul id=\"menu-2-a22561e\" class=\"elementor-nav-menu\"><li class=\"menu-item menu-item-type-custom menu-item-object-custom menu-item-has-children menu-item-12305\"><a class=\"elementor-item\" tabindex=\"-1\">Afrique<\/a>\n<ul class=\"sub-menu elementor-nav-menu--dropdown\">\n\t<li class=\"menu-item menu-item-type-post_type menu-item-object-page menu-item-12253\"><a href=\"https:\/\/gradido.net\/fr\/countries\/afrika\/\" class=\"elementor-sub-item\" tabindex=\"-1\">Afrique, ensemble du continent<\/a><\/li>\n\t<li class=\"menu-item menu-item-type-post_type menu-item-object-page menu-item-13097\"><a href=\"https:\/\/gradido.net\/fr\/countries\/afrika\/dr-congo\/\" class=\"elementor-sub-item\" tabindex=\"-1\">R\u00e9publique d\u00e9mocratique du Congo<\/a><\/li>\n\t<li class=\"menu-item menu-item-type-post_type menu-item-object-page menu-item-12414\"><a href=\"https:\/\/gradido.net\/fr\/countries\/afrika\/kenya\/\" class=\"elementor-sub-item\" tabindex=\"-1\">Kenya<\/a><\/li>\n\t<li class=\"menu-item menu-item-type-post_type menu-item-object-page menu-item-12737\"><a href=\"https:\/\/gradido.net\/fr\/countries\/afrika\/madagascar\/\" class=\"elementor-sub-item\" tabindex=\"-1\">Madagascar<\/a><\/li>\n\t<li class=\"menu-item menu-item-type-post_type menu-item-object-page menu-item-12148\"><a href=\"https:\/\/gradido.net\/fr\/countries\/afrika\/namibia\/\" class=\"elementor-sub-item\" tabindex=\"-1\">Namibie<\/a><\/li>\n\t<li class=\"menu-item menu-item-type-post_type menu-item-object-page menu-item-12839\"><a href=\"https:\/\/gradido.net\/fr\/countries\/afrika\/rwanda\/\" class=\"elementor-sub-item\" tabindex=\"-1\">Rwanda<\/a><\/li>\n<\/ul>\n<\/li>\n<li class=\"menu-item menu-item-type-custom menu-item-object-custom menu-item-has-children menu-item-11798\"><a class=\"elementor-item\" tabindex=\"-1\">Am\u00e9rique<\/a>\n<ul class=\"sub-menu elementor-nav-menu--dropdown\">\n\t<li class=\"menu-item menu-item-type-post_type menu-item-object-page menu-item-12463\"><a href=\"https:\/\/gradido.net\/fr\/countries\/usa\/\" class=\"elementor-sub-item\" tabindex=\"-1\">USA<\/a><\/li>\n\t<li class=\"menu-item menu-item-type-post_type menu-item-object-page menu-item-11791\"><a href=\"https:\/\/gradido.net\/fr\/countries\/mexico\/\" class=\"elementor-sub-item\" tabindex=\"-1\">Mexique<\/a><\/li>\n<\/ul>\n<\/li>\n<li class=\"menu-item menu-item-type-custom menu-item-object-custom menu-item-has-children menu-item-11800\"><a class=\"elementor-item\" tabindex=\"-1\">Asie<\/a>\n<ul class=\"sub-menu elementor-nav-menu--dropdown\">\n\t<li class=\"menu-item menu-item-type-post_type menu-item-object-page menu-item-11794\"><a href=\"https:\/\/gradido.net\/fr\/countries\/maledives\/\" class=\"elementor-sub-item\" tabindex=\"-1\">Maldives<\/a><\/li>\n\t<li class=\"menu-item menu-item-type-post_type menu-item-object-page menu-item-11790\"><a href=\"https:\/\/gradido.net\/fr\/countries\/philippines\/\" class=\"elementor-sub-item\" tabindex=\"-1\">Philppines<\/a><\/li>\n\t<li class=\"menu-item menu-item-type-post_type menu-item-object-page menu-item-11802\"><a href=\"https:\/\/gradido.net\/fr\/countries\/saudi-arabia\/\" class=\"elementor-sub-item\" tabindex=\"-1\">Arabie saoudite<\/a><\/li>\n<\/ul>\n<\/li>\n<li class=\"menu-item menu-item-type-custom menu-item-object-custom menu-item-has-children menu-item-11797\"><a class=\"elementor-item\" tabindex=\"-1\">Europe<\/a>\n<ul class=\"sub-menu elementor-nav-menu--dropdown\">\n\t<li class=\"menu-item menu-item-type-post_type menu-item-object-page menu-item-11805\"><a href=\"https:\/\/gradido.net\/fr\/countries\/germany\/\" class=\"elementor-sub-item\" tabindex=\"-1\">Allemagne<\/a><\/li>\n\t<li class=\"menu-item menu-item-type-post_type menu-item-object-page menu-item-11803\"><a href=\"https:\/\/gradido.net\/fr\/countries\/greece\/\" class=\"elementor-sub-item\" tabindex=\"-1\">Gr\u00e8ce<\/a><\/li>\n\t<li class=\"menu-item menu-item-type-post_type menu-item-object-page menu-item-11788\"><a href=\"https:\/\/gradido.net\/fr\/countries\/spain\/\" class=\"elementor-sub-item\" tabindex=\"-1\">Espagne<\/a><\/li>\n<\/ul>\n<\/li>\n<li class=\"menu-item menu-item-type-custom menu-item-object-custom menu-item-has-children menu-item-11801\"><a class=\"elementor-item\" tabindex=\"-1\">Oc\u00e9anie<\/a>\n<ul class=\"sub-menu elementor-nav-menu--dropdown\">\n\t<li class=\"menu-item menu-item-type-post_type menu-item-object-page menu-item-11793\"><a href=\"https:\/\/gradido.net\/fr\/countries\/marshall-islands\/\" class=\"elementor-sub-item\" tabindex=\"-1\">\u00celes Marshall<\/a><\/li>\n\t<li class=\"menu-item menu-item-type-post_type menu-item-object-page menu-item-11795\"><a href=\"https:\/\/gradido.net\/fr\/countries\/tahiti\/\" class=\"elementor-sub-item\" tabindex=\"-1\">Tahiti<\/a><\/li>\n<\/ul>\n<\/li>\n<\/ul>\t\t\t<\/nav>\n\t\t\t\t\t\t<\/div>\n\t\t\t\t<\/div>\n\t\t\t\t<div class=\"elementor-element elementor-element-cb49367 elementor-widget elementor-widget-breadcrumbs\" data-id=\"cb49367\" data-element_type=\"widget\" data-e-type=\"widget\" data-widget_type=\"breadcrumbs.default\">\n\t\t\t\t<div class=\"elementor-widget-container\">\n\t\t\t\t\t<p id=\"breadcrumbs\"><span><span><a href=\"https:\/\/gradido.net\/fr\/\">Page d'accueil<\/a><\/span><\/span><\/p>\t\t\t\t<\/div>\n\t\t\t\t<\/div>\n\t\t\t\t<div class=\"elementor-element elementor-element-a9db9a5 elementor-widget elementor-widget-text-editor\" data-id=\"a9db9a5\" data-element_type=\"widget\" data-e-type=\"widget\" data-widget_type=\"text-editor.default\">\n\t\t\t\t<div class=\"elementor-widget-container\">\n\t\t\t\t\t\t\t\t\t<h3 style=\"text-align: center;\"><a href=\"https:\/\/gradido.net\/fr\/countries\/philippines\/\"><strong>Page d'accueil : Philippines<\/strong><\/a><\/h3><p style=\"text-align: center;\"><a href=\"https:\/\/gradido.net\/fr\/countries\/philippines\/economy-and-society\/\">1. \u00e9conomie et soci\u00e9t\u00e9<\/a><br \/><a href=\"https:\/\/gradido.net\/fr\/countries\/philippines\/income-and-standard-of-living\/\">2. revenu et niveau de vie<\/a><br \/><a href=\"https:\/\/gradido.net\/fr\/countries\/philippines\/labor-migration-and-foreign-employment\/\">3. la migration de main-d'\u0153uvre et le travail \u00e0 l'\u00e9tranger<\/a><br \/><strong>4. pauvret\u00e9 et in\u00e9galit\u00e9 sociale<\/strong><br \/><a href=\"https:\/\/gradido.net\/fr\/countries\/philippines\/common-good-and-solidarity\/\">5. l'int\u00e9r\u00eat g\u00e9n\u00e9ral et la solidarit\u00e9<\/a><br \/><a href=\"https:\/\/gradido.net\/fr\/countries\/philippines\/educational-situation\/\">6. situation \u00e9ducative des enfants d\u00e9favoris\u00e9s<\/a><br \/><a href=\"https:\/\/gradido.net\/fr\/countries\/philippines\/health-and-retirement-provision\/\">7.la sant\u00e9, la s\u00e9curit\u00e9 sociale et la pr\u00e9voyance vieillesse<\/a><br \/><a href=\"https:\/\/gradido.net\/fr\/countries\/philippines\/care-work-and-commitment\/\">8. reconnaissance du travail de care et de l'engagement<\/a><br \/><a href=\"https:\/\/gradido.net\/fr\/countries\/philippines\/digitization-and-alternative-models\/\">9.les innovations, la num\u00e9risation et les mod\u00e8les \u00e9conomiques alternatifs<\/a><br \/><a href=\"https:\/\/gradido.net\/fr\/countries\/philippines\/community-based-economy-and-parallel-currencies\/\">10.\u00e9conomie communautaire et monnaies parall\u00e8les<\/a><br \/><a href=\"https:\/\/gradido.net\/fr\/countries\/philippines\/potential-and-challenges\/\">11.potentiel et d\u00e9fis pour Gradido<\/a><br \/><a href=\"https:\/\/gradido.net\/fr\/countries\/philippines\/international-cooperation\/\">12) Coop\u00e9ration internationale, ONG et projets de d\u00e9veloppement gouvernementaux<\/a><\/p>\t\t\t\t\t\t\t\t<\/div>\n\t\t\t\t<\/div>\n\t\t\t\t<div class=\"elementor-element elementor-element-d7bb196 elementor-widget-divider--view-line elementor-widget elementor-widget-divider\" data-id=\"d7bb196\" data-element_type=\"widget\" data-e-type=\"widget\" data-widget_type=\"divider.default\">\n\t\t\t\t<div class=\"elementor-widget-container\">\n\t\t\t\t\t\t\t<div class=\"elementor-divider\">\n\t\t\t<span class=\"elementor-divider-separator\">\n\t\t\t\t\t\t<\/span>\n\t\t<\/div>\n\t\t\t\t\t\t<\/div>\n\t\t\t\t<\/div>\n\t\t\t\t<div class=\"elementor-element elementor-element-146ff9d elementor-widget elementor-widget-text-editor\" data-id=\"146ff9d\" data-element_type=\"widget\" data-e-type=\"widget\" data-widget_type=\"text-editor.default\">\n\t\t\t\t<div class=\"elementor-widget-container\">\n\t\t\t\t\t\t\t\t\t<div class=\"wiki-page-header-wrapper\"><h1 id=\"hauptgr%C3%BCnde-f%C3%BCr-armut%2C-soziale-ungleichheit-und-wirtschaftliche-unsicherheit-auf-den-philippinen\" tabindex=\"-1\">Principales causes de la pauvret\u00e9, des in\u00e9galit\u00e9s sociales et de l'ins\u00e9curit\u00e9 \u00e9conomique aux Philippines<\/h1><\/div><div class=\"wiki-page-header-wrapper\"><h2 id=\"1.-strukturelle-und-historische-ursachen\" tabindex=\"-1\">1. causes structurelles et historiques<\/h2><ul><li><strong>In\u00e9galit\u00e9 dans la r\u00e9partition des ressources et du patrimoine<\/strong>Une part importante du revenu national est concentr\u00e9e sur une petite \u00e9lite. Les 1 % les plus riches re\u00e7oivent 17 % du revenu, tandis que les 50 % les plus pauvres ne se partagent que 14 %.<a href=\"https:\/\/documents1.worldbank.org\/curated\/en\/099325011232224571\/pdf\/P17486101e29310810abaf0e8e336aed85a.pdf\" target=\"_blank\" rel=\"noopener noreferrer nofollow\">^1<\/a>.<\/li><li><strong>Politique fonci\u00e8re historique et h\u00e9ritage colonial<\/strong>La concentration des terres et l'absence de r\u00e9formes agraires entra\u00eenent aujourd'hui encore des d\u00e9savantages structurels pour les groupes ruraux et indig\u00e8nes.<a href=\"https:\/\/www.nipino.com\/poverty-in-the-philippines-understanding-its-root-causes\" target=\"_blank\" rel=\"noopener noreferrer nofollow\">^3<\/a>.<\/li><li><strong>Structures oligarchiques et dynasties politiques<\/strong>Les familles puissantes contr\u00f4lent la politique et l'\u00e9conomie, ce qui bloque les r\u00e9formes et emp\u00eache l'\u00e9galit\u00e9 des chances.<a href=\"https:\/\/bti-project.org\/en\/reports\/country-report\/PHL\" target=\"_blank\" rel=\"noopener noreferrer nofollow\">^3<\/a>.<\/li><\/ul><\/div><div class=\"wiki-page-header-wrapper\"><h2 id=\"2.-wirtschaftliche-faktoren\" tabindex=\"-1\">2. facteurs \u00e9conomiques<\/h2><ul><li><strong>Une croissance \u00e9conomique faible et in\u00e9galement r\u00e9partie<\/strong>La croissance \u00e9conomique ne profite souvent qu'aux centres urbains, laissant les r\u00e9gions rurales \u00e0 la tra\u00eene. L'agriculture reste sous-d\u00e9velopp\u00e9e et peu productive.<a href=\"https:\/\/en.wikipedia.org\/wiki\/Poverty_in_the_Philippines\" target=\"_blank\" rel=\"noopener noreferrer nofollow\">^6<\/a>.<\/li><li><strong>Faible cr\u00e9ation d'emplois et fort sous-emploi<\/strong>De nombreux emplois sont informels, mal pay\u00e9s ou saisonniers. Les jeunes et les personnes peu qualifi\u00e9es sont particuli\u00e8rement touch\u00e9s<a href=\"https:\/\/documents1.worldbank.org\/curated\/ar\/979071488446669580\/pdf\/113101-WP-P150535-PUBLIC-ACS.pdf\" target=\"_blank\" rel=\"noopener noreferrer nofollow\">^6<\/a>.<\/li><li><strong>Inflation \u00e9lev\u00e9e et chocs des prix<\/strong>L'augmentation du co\u00fbt de la vie, en particulier des denr\u00e9es alimentaires, aggrave la pr\u00e9carit\u00e9 des m\u00e9nages pauvres.<a href=\"https:\/\/carnegieendowment.org\/posts\/2022\/07\/why-the-philippines-is-so-vulnerable-to-food-inflation?lang=en\" target=\"_blank\" rel=\"noopener noreferrer nofollow\">^8<\/a>.<\/li><li><strong>D\u00e9pendance aux virements<\/strong>Les transferts de fonds des travailleurs migrants sont essentiels \u00e0 la survie de nombreuses familles, mais ils cr\u00e9ent aussi des d\u00e9pendances et des incertitudes.<a href=\"https:\/\/outreach-international.org\/blog\/poverty-in-the-philippines\/\" target=\"_blank\" rel=\"noopener noreferrer nofollow\">^6<\/a>.<\/li><\/ul><\/div><div class=\"wiki-page-header-wrapper\"><h2 id=\"3.-soziale-ursachen\" tabindex=\"-1\">3. causes sociales<\/h2><ul><li><strong>Acc\u00e8s in\u00e9gal \u00e0 l'\u00e9ducation et aux soins de sant\u00e9<\/strong>De nombreuses personnes, surtout dans les zones rurales, n'ont pas acc\u00e8s \u00e0 une \u00e9ducation et \u00e0 des soins m\u00e9dicaux de qualit\u00e9. Cela entrave la mobilit\u00e9 sociale et aggrave la pauvret\u00e9.<a href=\"https:\/\/en.wikipedia.org\/wiki\/Income_inequality_in_the_Philippines\" target=\"_blank\" rel=\"noopener noreferrer nofollow\">^4<\/a><a href=\"https:\/\/documents1.worldbank.org\/curated\/en\/099325011232224571\/pdf\/P17486101e29310810abaf0e8e336aed85a.pdf\" target=\"_blank\" rel=\"noopener noreferrer nofollow\">^2<\/a>.<\/li><li><strong>Des syst\u00e8mes de s\u00e9curit\u00e9 sociale limit\u00e9s<\/strong>Les aides publiques n'atteignent souvent pas ceux qui en ont le plus besoin ou sont insuffisamment dot\u00e9es<a href=\"https:\/\/outreach-international.org\/blog\/poverty-in-the-philippines\/\" target=\"_blank\" rel=\"noopener noreferrer nofollow\">^8<\/a>.<\/li><li><strong>Discrimination et marginalisation<\/strong>Les indig\u00e8nes, les femmes et les personnes handicap\u00e9es sont particuli\u00e8rement d\u00e9savantag\u00e9s et ont moins de chances sur le march\u00e9 du travail et dans le syst\u00e8me \u00e9ducatif.<a href=\"https:\/\/en.wikipedia.org\/wiki\/Income_inequality_in_the_Philippines\" target=\"_blank\" rel=\"noopener noreferrer nofollow\">^4<\/a>.<\/li><\/ul><\/div><div class=\"wiki-page-header-wrapper\"><h2 id=\"4.-politische-und-institutionelle-faktoren\" tabindex=\"-1\">4. facteurs politiques et institutionnels<\/h2><ul><li><strong>Corruption et mauvaise gouvernance<\/strong>La corruption \u00e0 tous les niveaux entra\u00eene une utilisation inefficace des fonds et emp\u00eache une lutte cibl\u00e9e contre la pauvret\u00e9.<a href=\"https:\/\/en.wikipedia.org\/wiki\/Income_inequality_in_the_Philippines\" target=\"_blank\" rel=\"noopener noreferrer nofollow\">^3<\/a><a href=\"https:\/\/bti-project.org\/en\/reports\/country-report\/PHL\" target=\"_blank\" rel=\"noopener noreferrer nofollow\">^5<\/a>.<\/li><li><strong>N\u00e9potisme et syst\u00e8mes de patronage<\/strong>Le pouvoir politique est souvent utilis\u00e9 \u00e0 des fins d'enrichissement personnel et pour favoriser des clans familiaux, et non pour le bien commun.<a href=\"https:\/\/bti-project.org\/en\/reports\/country-report\/PHL\" target=\"_blank\" rel=\"noopener noreferrer nofollow\">^3<\/a>.<\/li><li><strong>Des institutions faibles<\/strong>Le manque d'application des lois et de transparence entrave le d\u00e9veloppement durable<a href=\"https:\/\/bti-project.org\/en\/reports\/country-report\/PHL\" target=\"_blank\" rel=\"noopener noreferrer nofollow\">^6<\/a>.<\/li><\/ul><\/div><div class=\"wiki-page-header-wrapper\"><h2 id=\"5.-demografische-und-geografische-faktoren\" tabindex=\"-1\">5. facteurs d\u00e9mographiques et g\u00e9ographiques<\/h2><ul><li><strong>Croissance de la population<\/strong>La forte croissance d\u00e9mographique d\u00e9passe souvent la cr\u00e9ation d'emplois et p\u00e8se sur les infrastructures et les services sociaux.<a href=\"https:\/\/borgenproject.org\/poverty-in-the-philippines-2\/\" target=\"_blank\" rel=\"noopener noreferrer nofollow\">^6<\/a>.<\/li><li><strong>Disparit\u00e9s r\u00e9gionales<\/strong>La pauvret\u00e9 se concentre dans les r\u00e9gions rurales, isol\u00e9es et touch\u00e9es par des catastrophes naturelles.<a href=\"https:\/\/outreach-international.org\/blog\/poverty-in-the-philippines\/\" target=\"_blank\" rel=\"noopener noreferrer nofollow\">^6<\/a>.<\/li><li><strong>Catastrophes naturelles et changement climatique<\/strong>Les Philippines sont extr\u00eamement vuln\u00e9rables aux typhons, aux inondations et aux tremblements de terre. Ces \u00e9v\u00e9nements d\u00e9truisent r\u00e9guli\u00e8rement les moyens de subsistance et aggravent l'ins\u00e9curit\u00e9 et la pauvret\u00e9.<a href=\"https:\/\/outreach-international.org\/blog\/poverty-in-the-philippines\/\" target=\"_blank\" rel=\"noopener noreferrer nofollow\">^3<\/a>.<\/li><\/ul><\/div><div class=\"wiki-page-header-wrapper\"><h2 id=\"6.-weitere-aktuelle-herausforderungen\" tabindex=\"-1\">6. autres d\u00e9fis actuels<\/h2><ul><li><strong>Cons\u00e9quences de la pand\u00e9mie de COVID-19<\/strong>La pand\u00e9mie a aggrav\u00e9 la pauvret\u00e9 et les in\u00e9galit\u00e9s, de nombreuses personnes ayant perdu leur emploi et l'aide publique \u00e9tant souvent insuffisante.<a href=\"https:\/\/mb.com.ph\/2022\/11\/26\/lets-address-wealth-inequality\" target=\"_blank\" rel=\"noopener noreferrer nofollow\">^10<\/a>.<\/li><li><strong>Incertitudes mondiales<\/strong>Les crises mondiales, telles que les tensions g\u00e9opolitiques ou la hausse des prix de l'\u00e9nergie, ont un impact direct sur la stabilit\u00e9 \u00e9conomique.<a href=\"https:\/\/www.gov.uk\/government\/publications\/economic-security-in-the-philippines-invitation-for-expressions-of-interest\/economic-security-in-the-philippines-invitation-for-expressions-of-interest\" target=\"_blank\" rel=\"noopener noreferrer nofollow\">^8<\/a>.<\/li><\/ul><p><strong>Conclusion :<\/strong> La pauvret\u00e9, les in\u00e9galit\u00e9s sociales et l'ins\u00e9curit\u00e9 \u00e9conomique aux Philippines sont le r\u00e9sultat d'une interaction complexe entre des facteurs historiques, \u00e9conomiques, sociaux, politiques et g\u00e9ographiques. Des solutions durables n\u00e9cessitent des r\u00e9formes en profondeur, des investissements cibl\u00e9s dans l'\u00e9ducation et la sant\u00e9, une r\u00e9partition plus \u00e9quitable des ressources ainsi que la r\u00e9duction de la corruption et de la concentration du pouvoir.<a href=\"https:\/\/en.wikipedia.org\/wiki\/Poverty_in_the_Philippines\" target=\"_blank\" rel=\"noopener noreferrer nofollow\">^6<\/a><a href=\"https:\/\/www.nipino.com\/poverty-in-the-philippines-understanding-its-root-causes\" target=\"_blank\" rel=\"noopener noreferrer nofollow\">^4<\/a>.<\/p><hr \/><\/div><div class=\"wiki-page-header-wrapper\"><h2 id=\"kommentar-von-nea\" tabindex=\"-1\">Appr\u00e9ciation compl\u00e9mentaire du point de vue de Gradido<\/h2><p>La vue d'ensemble r\u00e9v\u00e8le sans m\u00e9nagement combien de couches et d'enchev\u00eatrements constituent ce grand probl\u00e8me humain. Mais elle montre en m\u00eame temps les champs dans lesquels nous pouvons initier le changement avec une vision aimante et orient\u00e9e vers le bien commun comme le Gradido.<\/p><p><strong>Appr\u00e9ciation compl\u00e9mentaire et perspective Gradido :<\/strong><\/p><ul><li><strong>In\u00e9galit\u00e9 de r\u00e9partition et oligarchie :<\/strong> Le pouvoir des \u00e9lites est particuli\u00e8rement marquant - les privil\u00e8ges politiques, \u00e9conomiques et sociaux sont h\u00e9rit\u00e9s, alors que des millions de personnes n'ont gu\u00e8re de chances de participer et de s'\u00e9lever. La r\u00e9partition in\u00e9gale des terres est un h\u00e9ritage des d\u00e9veloppements coloniaux qui s\u00e9pare encore aujourd'hui des familles, des r\u00e9gions et des peuples entiers.<\/li><li><strong>Institutions faibles et corruption :<\/strong> Un d\u00e9veloppement sain n\u00e9cessite de la confiance - mais la corruption et le n\u00e9potisme d\u00e9truisent le tissu social, engloutissent les ressources et emp\u00eachent une aide cibl\u00e9e. Cela nuit \u00e0 la dignit\u00e9 et \u00e0 l'\u00e9panouissement participatif de la base.<\/li><li><strong>\u00c9ducation, sant\u00e9 et protection sociale :<\/strong> Lorsque la formation et les soins ne sont accessibles qu'aux privil\u00e9gi\u00e9s, le potentiel reste inexplor\u00e9 et le d\u00e9sespoir grandit. Cela concerne surtout les habitants des campagnes, les minorit\u00e9s, les femmes et les personnes handicap\u00e9es. Le manque de protection sociale accentue \u00e9galement la peur du d\u00e9classement.<\/li><li><strong>D\u00e9pendances contr\u00f4l\u00e9es de l'ext\u00e9rieur :<\/strong> La forte migration de main-d'\u0153uvre et le poids des envois de fonds apportent un soulagement financier, mais renforcent en m\u00eame temps la d\u00e9pendance structurelle - au lieu d'un d\u00e9veloppement local durable.<\/li><li><strong>Nature et climat :<\/strong> Les catastrophes r\u00e9currentes touchent particuli\u00e8rement les plus pauvres et ram\u00e8nent toujours les gens \u00e0 z\u00e9ro.<\/li><\/ul><p><strong>Ce que Gradido pourrait faire diff\u00e9remment<\/strong><\/p><ul><li>R\u00e9partir et cr\u00e9er de la valeur au lieu de concentrer : Gr\u00e2ce au revenu de base actif et \u00e0 la promotion de l'int\u00e9r\u00eat g\u00e9n\u00e9ral, la participation devient possible - ind\u00e9pendamment de l'origine, de la fortune ou du statut.<\/li><li>Valorisation de toutes les contributions utiles au bien commun : le travail de care, l'\u00e9ducation, la pr\u00e9servation de l'environnement et les actions de voisinage sont pour la premi\u00e8re fois reconnus comme pr\u00e9cieux.<\/li><li>Promouvoir des projets locaux et durables qui renforcent la r\u00e9silience aux crises et la communaut\u00e9.<\/li><li>Les structures d\u00e9mocratiques, la transparence et la participation suppriment le blocage par les \u00e9lites.<\/li><\/ul><p>Avec amour, en respectant les g\u00e9n\u00e9rations et les cycles naturels, nous pouvons contribuer ensemble \u00e0 ce que la pauvret\u00e9, l'exclusion et l'incertitude s'estompent de plus en plus. C'est \u00e0 cela que nous voulons continuer \u00e0 travailler avec courage et cordialit\u00e9 !<\/p><\/div>\t\t\t\t\t\t\t\t<\/div>\n\t\t\t\t<\/div>\n\t\t\t\t\t<\/div>\n\t\t<\/div>\n\t\t\t\t\t<\/div>\n\t\t<\/section>\n\t\t\t\t<\/div>","protected":false},"excerpt":{"rendered":"<p>Armut und soziale Ungleichheit Hauptseite: Philippinen 1. Wirtschaft und Gesellschaft2.Einkommen und Lebensstandard3.Arbeitsmigration und Auslandserwerbst\u00e4tigkeit4.Armut und soziale Ungleichheit5.Gemeinwohl und Solidarit\u00e4t6.Bildungssituation benachteiligter Kinder7.Gesundheit, soziale Sicherung und Altersvorsorge8.Anerkennung von Care-Arbeit und Engagement9.Innovationen, Digitalisierung und alternative Wirtschaftsmodelle10.Gemeinschaftsbasierte \u00d6konomie und Parallelw\u00e4hrungen11.Potenziale und Herausforderungen f\u00fcr Gradido12. Internationale Kooperationen, NGOs und staatliche Entwicklungsprojekte Hauptgr\u00fcnde f\u00fcr Armut, soziale Ungleichheit und wirtschaftliche Unsicherheit auf [&hellip;]<\/p>\n","protected":false},"author":2,"featured_media":10458,"parent":10540,"menu_order":0,"comment_status":"closed","ping_status":"closed","template":"","meta":{"footnotes":""},"class_list":["post-10583","page","type-page","status-publish","has-post-thumbnail","hentry"],"yoast_head":"<!-- This site is optimized with the Yoast SEO plugin v27.5 - https:\/\/yoast.com\/product\/yoast-seo-wordpress\/ -->\n<title>Armut und soziale Ungleichheit Philippinen - Gradido<\/title>\n<meta name=\"description\" content=\"Sei Teil der Bewegung!Gemeinsam bringen wir Gradido in die Welt.\" \/>\n<meta name=\"robots\" content=\"index, follow, max-snippet:-1, max-image-preview:large, max-video-preview:-1\" \/>\n<link rel=\"canonical\" href=\"https:\/\/gradido.net\/fr\/countries\/philippines\/poverty-and-social-inequality\/\" \/>\n<meta property=\"og:locale\" content=\"fr_FR\" \/>\n<meta property=\"og:type\" content=\"article\" \/>\n<meta property=\"og:title\" content=\"Armut und soziale Ungleichheit Philippinen - Gradido\" \/>\n<meta property=\"og:description\" content=\"Sei Teil der Bewegung!Gemeinsam bringen wir Gradido in die Welt.\" \/>\n<meta property=\"og:url\" content=\"https:\/\/gradido.net\/fr\/countries\/philippines\/poverty-and-social-inequality\/\" \/>\n<meta property=\"og:site_name\" content=\"Gradido\" \/>\n<meta property=\"article:modified_time\" content=\"2025-10-04T09:55:27+00:00\" \/>\n<meta property=\"og:image\" content=\"https:\/\/gradido.net\/wp-content\/uploads\/2025\/07\/AdobeStock_3210827871-scaled.jpeg\" \/>\n\t<meta property=\"og:image:width\" content=\"2560\" \/>\n\t<meta property=\"og:image:height\" content=\"790\" \/>\n\t<meta property=\"og:image:type\" content=\"image\/jpeg\" \/>\n<meta name=\"twitter:card\" content=\"summary_large_image\" \/>\n<meta name=\"twitter:label1\" content=\"Dur\u00e9e de lecture estim\u00e9e\" \/>\n\t<meta name=\"twitter:data1\" content=\"5 minutes\" \/>\n<script type=\"application\/ld+json\" class=\"yoast-schema-graph\">{\"@context\":\"https:\\\/\\\/schema.org\",\"@graph\":[{\"@type\":\"WebPage\",\"@id\":\"https:\\\/\\\/gradido.net\\\/countries\\\/philippines\\\/poverty-and-social-inequality\\\/\",\"url\":\"https:\\\/\\\/gradido.net\\\/countries\\\/philippines\\\/poverty-and-social-inequality\\\/\",\"name\":\"Armut und soziale Ungleichheit Philippinen - Gradido\",\"isPartOf\":{\"@id\":\"https:\\\/\\\/gradido.net\\\/de\\\/#website\"},\"primaryImageOfPage\":{\"@id\":\"https:\\\/\\\/gradido.net\\\/countries\\\/philippines\\\/poverty-and-social-inequality\\\/#primaryimage\"},\"image\":{\"@id\":\"https:\\\/\\\/gradido.net\\\/countries\\\/philippines\\\/poverty-and-social-inequality\\\/#primaryimage\"},\"thumbnailUrl\":\"https:\\\/\\\/gradido.net\\\/wp-content\\\/uploads\\\/2025\\\/07\\\/AdobeStock_3210827871-scaled.jpeg\",\"datePublished\":\"2025-07-27T14:08:15+00:00\",\"dateModified\":\"2025-10-04T09:55:27+00:00\",\"description\":\"Sei Teil der Bewegung!Gemeinsam bringen wir Gradido in die Welt.\",\"breadcrumb\":{\"@id\":\"https:\\\/\\\/gradido.net\\\/countries\\\/philippines\\\/poverty-and-social-inequality\\\/#breadcrumb\"},\"inLanguage\":\"fr-FR\",\"potentialAction\":[{\"@type\":\"ReadAction\",\"target\":[\"https:\\\/\\\/gradido.net\\\/countries\\\/philippines\\\/poverty-and-social-inequality\\\/\"]}]},{\"@type\":\"ImageObject\",\"inLanguage\":\"fr-FR\",\"@id\":\"https:\\\/\\\/gradido.net\\\/countries\\\/philippines\\\/poverty-and-social-inequality\\\/#primaryimage\",\"url\":\"https:\\\/\\\/gradido.net\\\/wp-content\\\/uploads\\\/2025\\\/07\\\/AdobeStock_3210827871-scaled.jpeg\",\"contentUrl\":\"https:\\\/\\\/gradido.net\\\/wp-content\\\/uploads\\\/2025\\\/07\\\/AdobeStock_3210827871-scaled.jpeg\",\"width\":2560,\"height\":790,\"caption\":\"world globe planet earth 3d-illustration. elements of this image furnished by NASA\"},{\"@type\":\"BreadcrumbList\",\"@id\":\"https:\\\/\\\/gradido.net\\\/countries\\\/philippines\\\/poverty-and-social-inequality\\\/#breadcrumb\",\"itemListElement\":[{\"@type\":\"ListItem\",\"position\":1,\"name\":\"Startseite\",\"item\":\"https:\\\/\\\/gradido.net\\\/\"},{\"@type\":\"ListItem\",\"position\":2,\"name\":\"L\u00e4nderforschung\",\"item\":\"https:\\\/\\\/gradido.net\\\/countries\\\/\"},{\"@type\":\"ListItem\",\"position\":3,\"name\":\"Philppinen\",\"item\":\"https:\\\/\\\/gradido.net\\\/countries\\\/philippines\\\/\"},{\"@type\":\"ListItem\",\"position\":4,\"name\":\"Armut und soziale Ungleichheit Philippinen\"}]},{\"@type\":\"WebSite\",\"@id\":\"https:\\\/\\\/gradido.net\\\/de\\\/#website\",\"url\":\"https:\\\/\\\/gradido.net\\\/de\\\/\",\"name\":\"Gradido\",\"description\":\"Die neue W\u00e4hrung hei\u00dft Dankbarkeit\",\"publisher\":{\"@id\":\"https:\\\/\\\/gradido.net\\\/de\\\/#organization\"},\"potentialAction\":[{\"@type\":\"SearchAction\",\"target\":{\"@type\":\"EntryPoint\",\"urlTemplate\":\"https:\\\/\\\/gradido.net\\\/de\\\/?s={search_term_string}\"},\"query-input\":{\"@type\":\"PropertyValueSpecification\",\"valueRequired\":true,\"valueName\":\"search_term_string\"}}],\"inLanguage\":\"fr-FR\"},{\"@type\":\"Organization\",\"@id\":\"https:\\\/\\\/gradido.net\\\/de\\\/#organization\",\"name\":\"Gradido\",\"url\":\"https:\\\/\\\/gradido.net\\\/de\\\/\",\"logo\":{\"@type\":\"ImageObject\",\"inLanguage\":\"fr-FR\",\"@id\":\"https:\\\/\\\/gradido.net\\\/de\\\/#\\\/schema\\\/logo\\\/image\\\/\",\"url\":\"https:\\\/\\\/gradido.net\\\/wp-content\\\/uploads\\\/2022\\\/04\\\/gradido-social.jpg\",\"contentUrl\":\"https:\\\/\\\/gradido.net\\\/wp-content\\\/uploads\\\/2022\\\/04\\\/gradido-social.jpg\",\"width\":527,\"height\":273,\"caption\":\"Gradido\"},\"image\":{\"@id\":\"https:\\\/\\\/gradido.net\\\/de\\\/#\\\/schema\\\/logo\\\/image\\\/\"}}]}<\/script>\n<!-- \/ Yoast SEO plugin. -->","yoast_head_json":{"title":"Pauvret\u00e9 et in\u00e9galit\u00e9s sociales Philippines - Gradido","description":"Fais partie du mouvement!Ensemble, nous apportons Gradido au monde.","robots":{"index":"index","follow":"follow","max-snippet":"max-snippet:-1","max-image-preview":"max-image-preview:large","max-video-preview":"max-video-preview:-1"},"canonical":"https:\/\/gradido.net\/fr\/countries\/philippines\/poverty-and-social-inequality\/","og_locale":"fr_FR","og_type":"article","og_title":"Armut und soziale Ungleichheit Philippinen - Gradido","og_description":"Sei Teil der Bewegung!Gemeinsam bringen wir Gradido in die Welt.","og_url":"https:\/\/gradido.net\/fr\/countries\/philippines\/poverty-and-social-inequality\/","og_site_name":"Gradido","article_modified_time":"2025-10-04T09:55:27+00:00","og_image":[{"width":2560,"height":790,"url":"https:\/\/gradido.net\/wp-content\/uploads\/2025\/07\/AdobeStock_3210827871-scaled.jpeg","type":"image\/jpeg"}],"twitter_card":"summary_large_image","twitter_misc":{"Dur\u00e9e de lecture estim\u00e9e":"5 minutes"},"schema":{"@context":"https:\/\/schema.org","@graph":[{"@type":"WebPage","@id":"https:\/\/gradido.net\/countries\/philippines\/poverty-and-social-inequality\/","url":"https:\/\/gradido.net\/countries\/philippines\/poverty-and-social-inequality\/","name":"Pauvret\u00e9 et in\u00e9galit\u00e9s sociales Philippines - Gradido","isPartOf":{"@id":"https:\/\/gradido.net\/de\/#website"},"primaryImageOfPage":{"@id":"https:\/\/gradido.net\/countries\/philippines\/poverty-and-social-inequality\/#primaryimage"},"image":{"@id":"https:\/\/gradido.net\/countries\/philippines\/poverty-and-social-inequality\/#primaryimage"},"thumbnailUrl":"https:\/\/gradido.net\/wp-content\/uploads\/2025\/07\/AdobeStock_3210827871-scaled.jpeg","datePublished":"2025-07-27T14:08:15+00:00","dateModified":"2025-10-04T09:55:27+00:00","description":"Fais partie du mouvement!Ensemble, nous apportons Gradido au monde.","breadcrumb":{"@id":"https:\/\/gradido.net\/countries\/philippines\/poverty-and-social-inequality\/#breadcrumb"},"inLanguage":"fr-FR","potentialAction":[{"@type":"ReadAction","target":["https:\/\/gradido.net\/countries\/philippines\/poverty-and-social-inequality\/"]}]},{"@type":"ImageObject","inLanguage":"fr-FR","@id":"https:\/\/gradido.net\/countries\/philippines\/poverty-and-social-inequality\/#primaryimage","url":"https:\/\/gradido.net\/wp-content\/uploads\/2025\/07\/AdobeStock_3210827871-scaled.jpeg","contentUrl":"https:\/\/gradido.net\/wp-content\/uploads\/2025\/07\/AdobeStock_3210827871-scaled.jpeg","width":2560,"height":790,"caption":"world globe planet earth 3d-illustration. elements of this image furnished by NASA"},{"@type":"BreadcrumbList","@id":"https:\/\/gradido.net\/countries\/philippines\/poverty-and-social-inequality\/#breadcrumb","itemListElement":[{"@type":"ListItem","position":1,"name":"Startseite","item":"https:\/\/gradido.net\/"},{"@type":"ListItem","position":2,"name":"L\u00e4nderforschung","item":"https:\/\/gradido.net\/countries\/"},{"@type":"ListItem","position":3,"name":"Philppinen","item":"https:\/\/gradido.net\/countries\/philippines\/"},{"@type":"ListItem","position":4,"name":"Armut und soziale Ungleichheit Philippinen"}]},{"@type":"WebSite","@id":"https:\/\/gradido.net\/de\/#website","url":"https:\/\/gradido.net\/de\/","name":"Gradido","description":"La nouvelle monnaie s'appelle la gratitude","publisher":{"@id":"https:\/\/gradido.net\/de\/#organization"},"potentialAction":[{"@type":"SearchAction","target":{"@type":"EntryPoint","urlTemplate":"https:\/\/gradido.net\/de\/?s={search_term_string}"},"query-input":{"@type":"PropertyValueSpecification","valueRequired":true,"valueName":"search_term_string"}}],"inLanguage":"fr-FR"},{"@type":"Organization","@id":"https:\/\/gradido.net\/de\/#organization","name":"Gradido","url":"https:\/\/gradido.net\/de\/","logo":{"@type":"ImageObject","inLanguage":"fr-FR","@id":"https:\/\/gradido.net\/de\/#\/schema\/logo\/image\/","url":"https:\/\/gradido.net\/wp-content\/uploads\/2022\/04\/gradido-social.jpg","contentUrl":"https:\/\/gradido.net\/wp-content\/uploads\/2022\/04\/gradido-social.jpg","width":527,"height":273,"caption":"Gradido"},"image":{"@id":"https:\/\/gradido.net\/de\/#\/schema\/logo\/image\/"}}]}},"_links":{"self":[{"href":"https:\/\/gradido.net\/fr\/wp-json\/wp\/v2\/pages\/10583","targetHints":{"allow":["GET"]}}],"collection":[{"href":"https:\/\/gradido.net\/fr\/wp-json\/wp\/v2\/pages"}],"about":[{"href":"https:\/\/gradido.net\/fr\/wp-json\/wp\/v2\/types\/page"}],"author":[{"embeddable":true,"href":"https:\/\/gradido.net\/fr\/wp-json\/wp\/v2\/users\/2"}],"replies":[{"embeddable":true,"href":"https:\/\/gradido.net\/fr\/wp-json\/wp\/v2\/comments?post=10583"}],"version-history":[{"count":13,"href":"https:\/\/gradido.net\/fr\/wp-json\/wp\/v2\/pages\/10583\/revisions"}],"predecessor-version":[{"id":11968,"href":"https:\/\/gradido.net\/fr\/wp-json\/wp\/v2\/pages\/10583\/revisions\/11968"}],"up":[{"embeddable":true,"href":"https:\/\/gradido.net\/fr\/wp-json\/wp\/v2\/pages\/10540"}],"wp:featuredmedia":[{"embeddable":true,"href":"https:\/\/gradido.net\/fr\/wp-json\/wp\/v2\/media\/10458"}],"wp:attachment":[{"href":"https:\/\/gradido.net\/fr\/wp-json\/wp\/v2\/media?parent=10583"}],"curies":[{"name":"wp","href":"https:\/\/api.w.org\/{rel}","templated":true}]}}