{"id":10822,"date":"2025-07-30T08:44:10","date_gmt":"2025-07-30T06:44:10","guid":{"rendered":"https:\/\/gradido.net\/?page_id=10822"},"modified":"2025-10-04T09:51:59","modified_gmt":"2025-10-04T07:51:59","slug":"economic-social-and-political-situation","status":"publish","type":"page","link":"https:\/\/gradido.net\/fr\/countries\/mexico\/economic-social-and-political-situation\/","title":{"rendered":"Situation \u00e9conomique, sociale et politique, Mexique"},"content":{"rendered":"<div data-elementor-type=\"wp-page\" data-elementor-id=\"10822\" class=\"elementor elementor-10822\" data-elementor-post-type=\"page\">\n\t\t\t\t\t\t<section class=\"elementor-section elementor-top-section elementor-element elementor-element-4ce3e8af elementor-section-full_width elementor-section-height-default elementor-section-height-default\" data-id=\"4ce3e8af\" data-element_type=\"section\" data-e-type=\"section\">\n\t\t\t\t\t\t<div class=\"elementor-container elementor-column-gap-no\">\n\t\t\t\t\t<div class=\"elementor-column elementor-col-100 elementor-top-column elementor-element elementor-element-efa8c8c\" data-id=\"efa8c8c\" data-element_type=\"column\" data-e-type=\"column\">\n\t\t\t<div class=\"elementor-widget-wrap elementor-element-populated\">\n\t\t\t\t\t\t<div class=\"elementor-element elementor-element-e088aa4 elementor--h-position-center elementor--v-position-middle elementor-arrows-position-inside elementor-widget elementor-widget-slides\" data-id=\"e088aa4\" data-element_type=\"widget\" data-e-type=\"widget\" data-settings=\"{&quot;navigation&quot;:&quot;arrows&quot;,&quot;autoplay&quot;:&quot;yes&quot;,&quot;pause_on_hover&quot;:&quot;yes&quot;,&quot;pause_on_interaction&quot;:&quot;yes&quot;,&quot;autoplay_speed&quot;:5000,&quot;infinite&quot;:&quot;yes&quot;,&quot;transition&quot;:&quot;slide&quot;,&quot;transition_speed&quot;:500}\" data-widget_type=\"slides.default\">\n\t\t\t\t<div class=\"elementor-widget-container\">\n\t\t\t\t\t\t\t\t\t<div class=\"elementor-swiper\">\n\t\t\t\t\t<div class=\"elementor-slides-wrapper elementor-main-swiper swiper\" role=\"region\" aria-roledescription=\"carousel\" aria-label=\"Slider\" dir=\"ltr\" data-animation=\"fadeInUp\">\n\t\t\t\t<div class=\"swiper-wrapper elementor-slides\">\n\t\t\t\t\t\t\t\t\t\t<div class=\"elementor-repeater-item-2de4990 swiper-slide\" role=\"group\" aria-roledescription=\"slide\"><div class=\"swiper-slide-bg\" role=\"img\" aria-label=\"mexico-city-2706607_1280\"><\/div><div class=\"swiper-slide-inner\" ><div class=\"swiper-slide-contents\"><\/div><\/div><\/div><div class=\"elementor-repeater-item-28f126e swiper-slide\" role=\"group\" aria-roledescription=\"slide\"><div class=\"swiper-slide-bg\" role=\"img\" aria-label=\"cancun-2269936_1280\"><\/div><div class=\"swiper-slide-inner\" ><div class=\"swiper-slide-contents\"><\/div><\/div><\/div><div class=\"elementor-repeater-item-992da35 swiper-slide\" role=\"group\" aria-roledescription=\"slide\"><div class=\"swiper-slide-bg\" role=\"img\" aria-label=\"acapulco-3605307_1280\"><\/div><div class=\"swiper-slide-inner\" ><div class=\"swiper-slide-contents\"><\/div><\/div><\/div><div class=\"elementor-repeater-item-1a67a9d swiper-slide\" role=\"group\" aria-roledescription=\"slide\"><div class=\"swiper-slide-bg\" role=\"img\" aria-label=\"popocatepetl-1755981_1280\"><\/div><div class=\"swiper-slide-inner\" ><div class=\"swiper-slide-contents\"><\/div><\/div><\/div>\t\t\t\t<\/div>\n\t\t\t\t\t\t\t\t\t\t\t\t\t\t\t<div class=\"elementor-swiper-button elementor-swiper-button-prev\" role=\"button\" tabindex=\"0\" aria-label=\"Diapositiva anterior\" data-no-translation-aria-label=\"\">\n\t\t\t\t\t\t\t<i aria-hidden=\"true\" class=\"eicon-chevron-left\"><\/i>\t\t\t\t\t\t<\/div>\n\t\t\t\t\t\t<div class=\"elementor-swiper-button elementor-swiper-button-next\" role=\"button\" tabindex=\"0\" aria-label=\"Siguiente diapositiva\" data-no-translation-aria-label=\"\">\n\t\t\t\t\t\t\t<i aria-hidden=\"true\" class=\"eicon-chevron-right\"><\/i>\t\t\t\t\t\t<\/div>\n\t\t\t\t\t\t\t\t\t\t\t\t\t\t\t\t\t<\/div>\n\t\t\t\t<\/div>\n\t\t\t\t\t\t\t\t<\/div>\n\t\t\t\t<\/div>\n\t\t\t\t\t<\/div>\n\t\t<\/div>\n\t\t\t\t\t<\/div>\n\t\t<\/section>\n\t\t\t\t<section class=\"elementor-section elementor-top-section elementor-element elementor-element-240baa7a elementor-section-boxed elementor-section-height-default elementor-section-height-default\" data-id=\"240baa7a\" data-element_type=\"section\" data-e-type=\"section\" data-settings=\"{&quot;background_background&quot;:&quot;classic&quot;}\">\n\t\t\t\t\t\t<div class=\"elementor-container elementor-column-gap-default\">\n\t\t\t\t\t<div class=\"elementor-column elementor-col-100 elementor-top-column elementor-element elementor-element-1afe9e42\" data-id=\"1afe9e42\" data-element_type=\"column\" data-e-type=\"column\">\n\t\t\t<div class=\"elementor-widget-wrap elementor-element-populated\">\n\t\t\t\t\t\t<div class=\"elementor-element elementor-element-65bd50ae elementor-widget elementor-widget-heading\" data-id=\"65bd50ae\" data-element_type=\"widget\" data-e-type=\"widget\" data-widget_type=\"heading.default\">\n\t\t\t\t<div class=\"elementor-widget-container\">\n\t\t\t\t\t<h1 class=\"elementor-heading-title elementor-size-default\">Situation \u00e9conomique, sociale et politique au Mexique<\/h1>\t\t\t\t<\/div>\n\t\t\t\t<\/div>\n\t\t\t\t\t<\/div>\n\t\t<\/div>\n\t\t\t\t\t<\/div>\n\t\t<\/section>\n\t\t\t\t<section class=\"elementor-section elementor-top-section elementor-element elementor-element-446540f elementor-section-boxed elementor-section-height-default elementor-section-height-default\" data-id=\"446540f\" data-element_type=\"section\" data-e-type=\"section\">\n\t\t\t\t\t\t<div class=\"elementor-container elementor-column-gap-default\">\n\t\t\t\t\t<div class=\"elementor-column elementor-col-100 elementor-top-column elementor-element elementor-element-312a2d3\" data-id=\"312a2d3\" data-element_type=\"column\" data-e-type=\"column\">\n\t\t\t<div class=\"elementor-widget-wrap elementor-element-populated\">\n\t\t\t\t\t\t<div class=\"elementor-element elementor-element-3791614 elementor-nav-menu--dropdown-tablet elementor-nav-menu__text-align-aside elementor-nav-menu--toggle elementor-nav-menu--burger elementor-widget elementor-widget-nav-menu\" data-id=\"3791614\" data-element_type=\"widget\" data-e-type=\"widget\" data-settings=\"{&quot;layout&quot;:&quot;horizontal&quot;,&quot;submenu_icon&quot;:{&quot;value&quot;:&quot;&lt;i class=\\&quot;fas fa-caret-down\\&quot; aria-hidden=\\&quot;true\\&quot;&gt;&lt;\\\/i&gt;&quot;,&quot;library&quot;:&quot;fa-solid&quot;},&quot;toggle&quot;:&quot;burger&quot;}\" data-widget_type=\"nav-menu.default\">\n\t\t\t\t<div class=\"elementor-widget-container\">\n\t\t\t\t\t\t\t\t<nav aria-label=\"Recherche sur les pays\" class=\"elementor-nav-menu--main elementor-nav-menu__container elementor-nav-menu--layout-horizontal e--pointer-underline e--animation-grow\">\n\t\t\t\t<ul id=\"menu-1-3791614\" class=\"elementor-nav-menu\"><li class=\"menu-item menu-item-type-custom menu-item-object-custom menu-item-has-children menu-item-12305\"><a class=\"elementor-item\">Afrique<\/a>\n<ul class=\"sub-menu elementor-nav-menu--dropdown\">\n\t<li class=\"menu-item menu-item-type-post_type menu-item-object-page menu-item-12253\"><a href=\"https:\/\/gradido.net\/fr\/countries\/afrika\/\" class=\"elementor-sub-item\">Afrique, ensemble du continent<\/a><\/li>\n\t<li class=\"menu-item menu-item-type-post_type menu-item-object-page menu-item-13097\"><a href=\"https:\/\/gradido.net\/fr\/countries\/afrika\/dr-congo\/\" class=\"elementor-sub-item\">R\u00e9publique d\u00e9mocratique du Congo<\/a><\/li>\n\t<li class=\"menu-item menu-item-type-post_type menu-item-object-page menu-item-12414\"><a href=\"https:\/\/gradido.net\/fr\/countries\/afrika\/kenya\/\" class=\"elementor-sub-item\">Kenya<\/a><\/li>\n\t<li class=\"menu-item menu-item-type-post_type menu-item-object-page menu-item-12737\"><a href=\"https:\/\/gradido.net\/fr\/countries\/afrika\/madagascar\/\" class=\"elementor-sub-item\">Madagascar<\/a><\/li>\n\t<li class=\"menu-item menu-item-type-post_type menu-item-object-page menu-item-12148\"><a href=\"https:\/\/gradido.net\/fr\/countries\/afrika\/namibia\/\" class=\"elementor-sub-item\">Namibie<\/a><\/li>\n\t<li class=\"menu-item menu-item-type-post_type menu-item-object-page menu-item-12839\"><a href=\"https:\/\/gradido.net\/fr\/countries\/afrika\/rwanda\/\" class=\"elementor-sub-item\">Rwanda<\/a><\/li>\n<\/ul>\n<\/li>\n<li class=\"menu-item menu-item-type-custom menu-item-object-custom menu-item-has-children menu-item-11798\"><a class=\"elementor-item\">Am\u00e9rique<\/a>\n<ul class=\"sub-menu elementor-nav-menu--dropdown\">\n\t<li class=\"menu-item menu-item-type-post_type menu-item-object-page menu-item-12463\"><a href=\"https:\/\/gradido.net\/fr\/countries\/usa\/\" class=\"elementor-sub-item\">USA<\/a><\/li>\n\t<li class=\"menu-item menu-item-type-post_type menu-item-object-page menu-item-11791\"><a href=\"https:\/\/gradido.net\/fr\/countries\/mexico\/\" class=\"elementor-sub-item\">Mexique<\/a><\/li>\n<\/ul>\n<\/li>\n<li class=\"menu-item menu-item-type-custom menu-item-object-custom menu-item-has-children menu-item-11800\"><a class=\"elementor-item\">Asie<\/a>\n<ul class=\"sub-menu elementor-nav-menu--dropdown\">\n\t<li class=\"menu-item menu-item-type-post_type menu-item-object-page menu-item-11794\"><a href=\"https:\/\/gradido.net\/fr\/countries\/maledives\/\" class=\"elementor-sub-item\">Maldives<\/a><\/li>\n\t<li class=\"menu-item menu-item-type-post_type menu-item-object-page menu-item-11790\"><a href=\"https:\/\/gradido.net\/fr\/countries\/philippines\/\" class=\"elementor-sub-item\">Philppines<\/a><\/li>\n\t<li class=\"menu-item menu-item-type-post_type menu-item-object-page menu-item-11802\"><a href=\"https:\/\/gradido.net\/fr\/countries\/saudi-arabia\/\" class=\"elementor-sub-item\">Arabie saoudite<\/a><\/li>\n<\/ul>\n<\/li>\n<li class=\"menu-item menu-item-type-custom menu-item-object-custom menu-item-has-children menu-item-11797\"><a class=\"elementor-item\">Europe<\/a>\n<ul class=\"sub-menu elementor-nav-menu--dropdown\">\n\t<li class=\"menu-item menu-item-type-post_type menu-item-object-page menu-item-11805\"><a href=\"https:\/\/gradido.net\/fr\/countries\/germany\/\" class=\"elementor-sub-item\">Allemagne<\/a><\/li>\n\t<li class=\"menu-item menu-item-type-post_type menu-item-object-page menu-item-11803\"><a href=\"https:\/\/gradido.net\/fr\/countries\/greece\/\" class=\"elementor-sub-item\">Gr\u00e8ce<\/a><\/li>\n\t<li class=\"menu-item menu-item-type-post_type menu-item-object-page menu-item-11788\"><a href=\"https:\/\/gradido.net\/fr\/countries\/spain\/\" class=\"elementor-sub-item\">Espagne<\/a><\/li>\n<\/ul>\n<\/li>\n<li class=\"menu-item menu-item-type-custom menu-item-object-custom menu-item-has-children menu-item-11801\"><a class=\"elementor-item\">Oc\u00e9anie<\/a>\n<ul class=\"sub-menu elementor-nav-menu--dropdown\">\n\t<li class=\"menu-item menu-item-type-post_type menu-item-object-page menu-item-11793\"><a href=\"https:\/\/gradido.net\/fr\/countries\/marshall-islands\/\" class=\"elementor-sub-item\">\u00celes Marshall<\/a><\/li>\n\t<li class=\"menu-item menu-item-type-post_type menu-item-object-page menu-item-11795\"><a href=\"https:\/\/gradido.net\/fr\/countries\/tahiti\/\" class=\"elementor-sub-item\">Tahiti<\/a><\/li>\n<\/ul>\n<\/li>\n<\/ul>\t\t\t<\/nav>\n\t\t\t\t\t<div class=\"elementor-menu-toggle\" role=\"button\" tabindex=\"0\" aria-label=\"Permuter le menu\" aria-expanded=\"false\">\n\t\t\t<i aria-hidden=\"true\" role=\"presentation\" class=\"elementor-menu-toggle__icon--open eicon-menu-bar\"><\/i><i aria-hidden=\"true\" role=\"presentation\" class=\"elementor-menu-toggle__icon--close eicon-close\"><\/i>\t\t<\/div>\n\t\t\t\t\t<nav class=\"elementor-nav-menu--dropdown elementor-nav-menu__container\" aria-hidden=\"true\">\n\t\t\t\t<ul id=\"menu-2-3791614\" class=\"elementor-nav-menu\"><li class=\"menu-item menu-item-type-custom menu-item-object-custom menu-item-has-children menu-item-12305\"><a class=\"elementor-item\" tabindex=\"-1\">Afrique<\/a>\n<ul class=\"sub-menu elementor-nav-menu--dropdown\">\n\t<li class=\"menu-item menu-item-type-post_type menu-item-object-page menu-item-12253\"><a href=\"https:\/\/gradido.net\/fr\/countries\/afrika\/\" class=\"elementor-sub-item\" tabindex=\"-1\">Afrique, ensemble du continent<\/a><\/li>\n\t<li class=\"menu-item menu-item-type-post_type menu-item-object-page menu-item-13097\"><a href=\"https:\/\/gradido.net\/fr\/countries\/afrika\/dr-congo\/\" class=\"elementor-sub-item\" tabindex=\"-1\">R\u00e9publique d\u00e9mocratique du Congo<\/a><\/li>\n\t<li class=\"menu-item menu-item-type-post_type menu-item-object-page menu-item-12414\"><a href=\"https:\/\/gradido.net\/fr\/countries\/afrika\/kenya\/\" class=\"elementor-sub-item\" tabindex=\"-1\">Kenya<\/a><\/li>\n\t<li class=\"menu-item menu-item-type-post_type menu-item-object-page menu-item-12737\"><a href=\"https:\/\/gradido.net\/fr\/countries\/afrika\/madagascar\/\" class=\"elementor-sub-item\" tabindex=\"-1\">Madagascar<\/a><\/li>\n\t<li class=\"menu-item menu-item-type-post_type menu-item-object-page menu-item-12148\"><a href=\"https:\/\/gradido.net\/fr\/countries\/afrika\/namibia\/\" class=\"elementor-sub-item\" tabindex=\"-1\">Namibie<\/a><\/li>\n\t<li class=\"menu-item menu-item-type-post_type menu-item-object-page menu-item-12839\"><a href=\"https:\/\/gradido.net\/fr\/countries\/afrika\/rwanda\/\" class=\"elementor-sub-item\" tabindex=\"-1\">Rwanda<\/a><\/li>\n<\/ul>\n<\/li>\n<li class=\"menu-item menu-item-type-custom menu-item-object-custom menu-item-has-children menu-item-11798\"><a class=\"elementor-item\" tabindex=\"-1\">Am\u00e9rique<\/a>\n<ul class=\"sub-menu elementor-nav-menu--dropdown\">\n\t<li class=\"menu-item menu-item-type-post_type menu-item-object-page menu-item-12463\"><a href=\"https:\/\/gradido.net\/fr\/countries\/usa\/\" class=\"elementor-sub-item\" tabindex=\"-1\">USA<\/a><\/li>\n\t<li class=\"menu-item menu-item-type-post_type menu-item-object-page menu-item-11791\"><a href=\"https:\/\/gradido.net\/fr\/countries\/mexico\/\" class=\"elementor-sub-item\" tabindex=\"-1\">Mexique<\/a><\/li>\n<\/ul>\n<\/li>\n<li class=\"menu-item menu-item-type-custom menu-item-object-custom menu-item-has-children menu-item-11800\"><a class=\"elementor-item\" tabindex=\"-1\">Asie<\/a>\n<ul class=\"sub-menu elementor-nav-menu--dropdown\">\n\t<li class=\"menu-item menu-item-type-post_type menu-item-object-page menu-item-11794\"><a href=\"https:\/\/gradido.net\/fr\/countries\/maledives\/\" class=\"elementor-sub-item\" tabindex=\"-1\">Maldives<\/a><\/li>\n\t<li class=\"menu-item menu-item-type-post_type menu-item-object-page menu-item-11790\"><a href=\"https:\/\/gradido.net\/fr\/countries\/philippines\/\" class=\"elementor-sub-item\" tabindex=\"-1\">Philppines<\/a><\/li>\n\t<li class=\"menu-item menu-item-type-post_type menu-item-object-page menu-item-11802\"><a href=\"https:\/\/gradido.net\/fr\/countries\/saudi-arabia\/\" class=\"elementor-sub-item\" tabindex=\"-1\">Arabie saoudite<\/a><\/li>\n<\/ul>\n<\/li>\n<li class=\"menu-item menu-item-type-custom menu-item-object-custom menu-item-has-children menu-item-11797\"><a class=\"elementor-item\" tabindex=\"-1\">Europe<\/a>\n<ul class=\"sub-menu elementor-nav-menu--dropdown\">\n\t<li class=\"menu-item menu-item-type-post_type menu-item-object-page menu-item-11805\"><a href=\"https:\/\/gradido.net\/fr\/countries\/germany\/\" class=\"elementor-sub-item\" tabindex=\"-1\">Allemagne<\/a><\/li>\n\t<li class=\"menu-item menu-item-type-post_type menu-item-object-page menu-item-11803\"><a href=\"https:\/\/gradido.net\/fr\/countries\/greece\/\" class=\"elementor-sub-item\" tabindex=\"-1\">Gr\u00e8ce<\/a><\/li>\n\t<li class=\"menu-item menu-item-type-post_type menu-item-object-page menu-item-11788\"><a href=\"https:\/\/gradido.net\/fr\/countries\/spain\/\" class=\"elementor-sub-item\" tabindex=\"-1\">Espagne<\/a><\/li>\n<\/ul>\n<\/li>\n<li class=\"menu-item menu-item-type-custom menu-item-object-custom menu-item-has-children menu-item-11801\"><a class=\"elementor-item\" tabindex=\"-1\">Oc\u00e9anie<\/a>\n<ul class=\"sub-menu elementor-nav-menu--dropdown\">\n\t<li class=\"menu-item menu-item-type-post_type menu-item-object-page menu-item-11793\"><a href=\"https:\/\/gradido.net\/fr\/countries\/marshall-islands\/\" class=\"elementor-sub-item\" tabindex=\"-1\">\u00celes Marshall<\/a><\/li>\n\t<li class=\"menu-item menu-item-type-post_type menu-item-object-page menu-item-11795\"><a href=\"https:\/\/gradido.net\/fr\/countries\/tahiti\/\" class=\"elementor-sub-item\" tabindex=\"-1\">Tahiti<\/a><\/li>\n<\/ul>\n<\/li>\n<\/ul>\t\t\t<\/nav>\n\t\t\t\t\t\t<\/div>\n\t\t\t\t<\/div>\n\t\t\t\t<div class=\"elementor-element elementor-element-884f51b elementor-widget elementor-widget-breadcrumbs\" data-id=\"884f51b\" data-element_type=\"widget\" data-e-type=\"widget\" data-widget_type=\"breadcrumbs.default\">\n\t\t\t\t<div class=\"elementor-widget-container\">\n\t\t\t\t\t<p id=\"breadcrumbs\"><span><span><a href=\"https:\/\/gradido.net\/fr\/\">Page d'accueil<\/a><\/span><\/span><\/p>\t\t\t\t<\/div>\n\t\t\t\t<\/div>\n\t\t\t\t<div class=\"elementor-element elementor-element-a9db9a5 elementor-widget elementor-widget-text-editor\" data-id=\"a9db9a5\" data-element_type=\"widget\" data-e-type=\"widget\" data-widget_type=\"text-editor.default\">\n\t\t\t\t<div class=\"elementor-widget-container\">\n\t\t\t\t\t\t\t\t\t<h3 style=\"text-align: center;\"><a href=\"https:\/\/gradido.net\/fr\/countries\/mexico\/\"><strong>Page d'accueil : Mexique<\/strong><\/a><\/h3><p style=\"text-align: center;\"><strong>1. situation \u00e9conomique, sociale et politique<\/strong><br \/><a href=\"https:\/\/gradido.net\/fr\/countries\/mexico\/wealth-and-poverty\/\">2. r\u00e9partition de la richesse et de la pauvret\u00e9<\/a><br \/><a href=\"https:\/\/gradido.net\/fr\/countries\/mexico\/labour-migration-and-remittances-mexico\/\">3. migration de main-d'\u0153uvre et rapatriement de fonds<\/a><br \/><a href=\"https:\/\/gradido.net\/fr\/countries\/mexico\/corruption-and-crime\/\">4. la corruption et la criminalit\u00e9<\/a><br \/><a href=\"https:\/\/gradido.net\/fr\/countries\/mexico\/cultural-values\/\">5. valeurs culturelles<\/a><br \/><a href=\"https:\/\/gradido.net\/fr\/countries\/mexico\/education\/\">6. \u00e9ducation<\/a><br \/><a href=\"https:\/\/gradido.net\/fr\/countries\/mexico\/healthcare\/\">7. soins de sant\u00e9<\/a><br \/><a href=\"https:\/\/gradido.net\/fr\/countries\/mexico\/volunteering\/\">8. travail de care, b\u00e9n\u00e9volat et aide de voisinage<\/a><br \/><a href=\"https:\/\/gradido.net\/fr\/countries\/mexico\/innovation\/\">9) Innovation, num\u00e9risation et mod\u00e8les \u00e9conomiques alternatifs<\/a><br \/><a href=\"https:\/\/gradido.net\/fr\/countries\/mexico\/cooperatives\/\">10.les coop\u00e9ratives<\/a><br \/><a href=\"https:\/\/gradido.net\/fr\/countries\/mexico\/potential-and-obstacles\/\">11. potentiels et obstacles pour Gradido<\/a><br \/><a href=\"https:\/\/gradido.net\/fr\/countries\/mexico\/international-players\/\">12) Acteurs internationaux<\/a><br \/><a href=\"https:\/\/gradido.net\/fr\/countries\/mexico\/agriculture\/\">13. agriculture<\/a><\/p>\t\t\t\t\t\t\t\t<\/div>\n\t\t\t\t<\/div>\n\t\t\t\t<div class=\"elementor-element elementor-element-d7bb196 elementor-widget-divider--view-line elementor-widget elementor-widget-divider\" data-id=\"d7bb196\" data-element_type=\"widget\" data-e-type=\"widget\" data-widget_type=\"divider.default\">\n\t\t\t\t<div class=\"elementor-widget-container\">\n\t\t\t\t\t\t\t<div class=\"elementor-divider\">\n\t\t\t<span class=\"elementor-divider-separator\">\n\t\t\t\t\t\t<\/span>\n\t\t<\/div>\n\t\t\t\t\t\t<\/div>\n\t\t\t\t<\/div>\n\t\t\t\t<div class=\"elementor-element elementor-element-146ff9d elementor-widget elementor-widget-text-editor\" data-id=\"146ff9d\" data-element_type=\"widget\" data-e-type=\"widget\" data-widget_type=\"text-editor.default\">\n\t\t\t\t<div class=\"elementor-widget-container\">\n\t\t\t\t\t\t\t\t\t<div class=\"wiki-page-header-wrapper\"><div class=\"wiki-page-header-wrapper\"><div class=\"wiki-page-header-wrapper\"><h1 id=\"mexiko-2025%3A-wirtschaftliche%2C-soziale-und-politische-situation\" tabindex=\"-1\">Mexique 2025 : situation \u00e9conomique, sociale et politique<\/h1><\/div><div class=\"wiki-page-header-wrapper\"><h2 id=\"%C3%BCberblick\" tabindex=\"-1\">Aper\u00e7u<\/h2><p>En 2025, le Mexique se trouve dans une phase de d\u00e9fi, marqu\u00e9e par la stagnation \u00e9conomique, des probl\u00e8mes sociaux persistants et des changements politiques importants. Sous la nouvelle pr\u00e9sidente Claudia Sheinbaum, la premi\u00e8re femme \u00e0 occuper ce poste, le pays est confront\u00e9 \u00e0 une multitude de d\u00e9fis structurels.<\/p><\/div><div class=\"wiki-page-header-wrapper\"><h2 id=\"wirtschaftliche-situation\" tabindex=\"-1\">Situation \u00e9conomique<\/h2><\/div><div class=\"wiki-page-header-wrapper\"><h3 id=\"wachstumsprognosen-und-rezessionsrisiko\" tabindex=\"-1\">Pr\u00e9visions de croissance et risque de r\u00e9cession<\/h3><p>En 2025, l'\u00e9conomie mexicaine sera confront\u00e9e \u00e0 d'importantes difficult\u00e9s. <strong>Les pr\u00e9visions annoncent une contraction de -0,3% \u00e0 +0,5% pour l'ann\u00e9e en cours<\/strong><a href=\"https:\/\/www.dallasfed.org\/research\/update\/mex\/2025\/2502\" target=\"_blank\" rel=\"noopener noreferrer nofollow\">^1<\/a><a href=\"https:\/\/www.bbvaresearch.com\/en\/publicaciones\/mexico-economic-outlook-june-2025\/\" target=\"_blank\" rel=\"noopener noreferrer nofollow\">^3<\/a>. Cela repr\u00e9sente une nette d\u00e9t\u00e9rioration par rapport \u00e0 la croissance de 1,5% en 2024.<a href=\"https:\/\/www.wko.at\/aussenwirtschaft\/mexiko-wirtschaftslage\" target=\"_blank\" rel=\"noopener noreferrer nofollow\">^1<\/a>. Ce n'est qu'en 2026 qu'une reprise mod\u00e9r\u00e9e de 1,1% \u00e0 1,8% est attendue.<a href=\"https:\/\/www.bbvaresearch.com\/en\/publicaciones\/mexico-economic-outlook-june-2025\/\" target=\"_blank\" rel=\"noopener noreferrer nofollow\">^2<\/a><a href=\"https:\/\/www.worldbank.org\/en\/country\/mexico\/overview\" target=\"_blank\" rel=\"noopener noreferrer nofollow\">^4<\/a>.<\/p><\/div><div class=\"wiki-page-header-wrapper\"><h3 id=\"abh%C3%A4ngigkeit-von-den-usa-und-handelsspannungen\" tabindex=\"-1\">D\u00e9pendance vis-\u00e0-vis des \u00c9tats-Unis et tensions commerciales<\/h3><p>Un probl\u00e8me central demeure <strong>L'extr\u00eame d\u00e9pendance du Mexique vis-\u00e0-vis du march\u00e9 am\u00e9ricain, qui absorbe 80% des exportations mexicaines.<\/strong><a href=\"https:\/\/www.bmz.de\/de\/laender\/mexiko\/wirtschaftliche-situation-10776\" target=\"_blank\" rel=\"noopener noreferrer nofollow\">^1<\/a>. Cette d\u00e9pendance rend le pays particuli\u00e8rement vuln\u00e9rable \u00e0 la politique douani\u00e8re de l'administration Trump. L'imposition de 25% de droits de douane sur les produits mexicains, m\u00eame si elle a \u00e9t\u00e9 partiellement suspendue par la suite, montre la vuln\u00e9rabilit\u00e9 de l'\u00e9conomie mexicaine.<a href=\"https:\/\/www.swp-berlin.org\/publikation\/mexiko-vom-kurzen-nearshoring-boom-zum-security-shoring-der-usa\" target=\"_blank\" rel=\"noopener noreferrer nofollow\">^6<\/a>.<\/p><\/div><div class=\"wiki-page-header-wrapper\"><h3 id=\"positive-aspekte-trotz-herausforderungen\" tabindex=\"-1\">Des aspects positifs malgr\u00e9 les d\u00e9fis<\/h3><p>Malgr\u00e9 la situation difficile, le Mexique a enregistr\u00e9 en 2024 <strong>Investissements directs \u00e0 l'\u00e9tranger record de 36,8 milliards de dollars US<\/strong><a href=\"https:\/\/www.ainvest.com\/news\/mexico-economic-resilience-navigating-challenges-seizing-opportunities-2025-2506\/\" target=\"_blank\" rel=\"noopener noreferrer nofollow\">^1<\/a>. Le pays continue de profiter de la tendance au nearshoring et reste le principal partenaire commercial des \u00c9tats-Unis<a href=\"https:\/\/mexiconewsdaily.com\/business\/world-bank-mexico-growth-forecast-up-0-2\/\" target=\"_blank\" rel=\"noopener noreferrer nofollow\">^1<\/a>.<\/p><\/div><div class=\"wiki-page-header-wrapper\"><h2 id=\"soziale-situation\" tabindex=\"-1\">Situation sociale<\/h2><\/div><div class=\"wiki-page-header-wrapper\"><h3 id=\"armut-und-ungleichheit\" tabindex=\"-1\">Pauvret\u00e9 et in\u00e9galit\u00e9<\/h3><p>La situation sociale pr\u00e9sente des \u00e9volutions mitig\u00e9es. Un point positif est qu'entre 2018 et 2024 <strong>9,5 millions de personnes ont pu sortir de la pauvret\u00e9<\/strong><a href=\"https:\/\/amerika21.de\/2024\/10\/271670\/95-millionen-weniger-arme-mexiko\" target=\"_blank\" rel=\"noopener noreferrer nofollow\">^10<\/a>. Pourtant, il y a encore des <strong>36,3% de la population (46,8 millions de personnes) en situation de pauvret\u00e9 multidimensionnelle<\/strong><a href=\"https:\/\/amerika21.de\/2023\/08\/265449\/neun-mio-menschen-mexiko-aus-armut\" target=\"_blank\" rel=\"noopener noreferrer nofollow\">^11<\/a>. Ce qui est particuli\u00e8rement inqui\u00e9tant, c'est que <strong>7% de la population (9,1 millions de personnes) vivent dans l'extr\u00eame pauvret\u00e9<\/strong><a href=\"https:\/\/amerika21.de\/2023\/08\/265449\/neun-mio-menschen-mexiko-aus-armut\" target=\"_blank\" rel=\"noopener noreferrer nofollow\">^12<\/a>.<\/p><\/div><div class=\"wiki-page-header-wrapper\"><h3 id=\"ungleichheit-und-strukturelle-probleme\" tabindex=\"-1\">In\u00e9galit\u00e9 et probl\u00e8mes structurels<\/h3><p><strong>La r\u00e9partition des revenus reste extr\u00eamement in\u00e9gale, avec un coefficient de Gini de 0,45<\/strong><a href=\"https:\/\/de.statista.com\/outlook\/co\/soziooekonomische-indikatoren\/mexiko\" target=\"_blank\" rel=\"noopener noreferrer nofollow\">^13<\/a>. Sont particuli\u00e8rement concern\u00e9s <strong>les peuples indig\u00e8nes, dont plus des deux tiers vivent dans la pauvret\u00e9<\/strong><a href=\"https:\/\/www.bmz.de\/en\/countries\/mexico\/social-situation-49248\" target=\"_blank\" rel=\"noopener noreferrer nofollow\">^11<\/a>. Les diff\u00e9rences r\u00e9gionales sont importantes : le nord et le centre riches contrastent fortement avec le sud sous-d\u00e9velopp\u00e9.<a href=\"https:\/\/www.bmz.de\/de\/laender\/mexiko\/soziale-situation-10774\" target=\"_blank\" rel=\"noopener noreferrer nofollow\">^11<\/a>.<\/p><\/div><div class=\"wiki-page-header-wrapper\"><h3 id=\"gewalt-und-menschenrechtskrise\" tabindex=\"-1\">Violence et crise des droits de l'homme<\/h3><p>Le Mexique conna\u00eet une crise sans pr\u00e9c\u00e9dent <strong>Crise de violence et de droits de l'homme avec plus de 115 000 personnes disparues<\/strong><a href=\"https:\/\/www.faz.net\/aktuell\/politik\/ausland\/zahl-der-verschwundenen-in-mexiko-ueberschreitet-100-000-18036525.html\" target=\"_blank\" rel=\"noopener noreferrer nofollow\">^15<\/a>. Le site <strong>Le taux d'homicides est de 24,9 pour 100 000 habitants<\/strong><a href=\"https:\/\/de.statista.com\/statistik\/daten\/studie\/693573\/umfrage\/mordrate-in-mexiko\/\" target=\"_blank\" rel=\"noopener noreferrer nofollow\">^17<\/a>et en 2024, les <strong>829 f\u00e9minicides enregistr\u00e9s - une augmentation de 93,7% par rapport \u00e0 2015<\/strong><a href=\"https:\/\/www.visionofhumanity.org\/organised-crime-and-institutional-deterioration-mexicos-challenges-in-2025\/\" target=\"_blank\" rel=\"noopener noreferrer nofollow\">^18<\/a>. <strong>Chaque jour, entre 70 et 100 personnes sont assassin\u00e9es ou enlev\u00e9es.<\/strong><a href=\"https:\/\/www.bpb.de\/themen\/kriege-konflikte\/dossier-kriege-konflikte\/54652\/mexiko\/\" target=\"_blank\" rel=\"noopener noreferrer nofollow\">^19<\/a>.<\/p><\/div><div class=\"wiki-page-header-wrapper\"><h2 id=\"politische-situation\" tabindex=\"-1\">Situation politique<\/h2><\/div><div class=\"wiki-page-header-wrapper\"><h3 id=\"pr%C3%A4sidentin-sheinbaum-und-machtkonzentration\" tabindex=\"-1\">La pr\u00e9sidente Sheinbaum et la concentration du pouvoir<\/h3><p><strong>Claudia Sheinbaum gouverne depuis octobre 2024 avec une majorit\u00e9 \u00e9crasante des deux tiers au Congr\u00e8s<\/strong><a href=\"https:\/\/www.boell.de\/de\/2025\/01\/21\/100-tage-im-amt-die-erste-praesidentin-mexikos-hat-mehrheiten-fuer-reformen\" target=\"_blank\" rel=\"noopener noreferrer nofollow\">^20<\/a>qui permet de modifier la Constitution. Elle <strong>b\u00e9n\u00e9ficie d'un taux d'approbation \u00e9lev\u00e9 d'environ 80%<\/strong><a href=\"https:\/\/www.handelsblatt.com\/politik\/international\/claudia-sheinbaum-wie-mexikos-praesidentin-ihr-land-vor-den-zoellen-schuetzt\/100112074.html\" target=\"_blank\" rel=\"noopener noreferrer nofollow\">^21<\/a> et poursuit en grande partie la politique de son pr\u00e9d\u00e9cesseur L\u00f3pez Obrador<a href=\"https:\/\/www.boell.de\/de\/2025\/01\/28\/fuer-mexikos-oekologische-zukunft-praesidentin-sheinbaum-setzt-auf-erneuerbare-energien\" target=\"_blank\" rel=\"noopener noreferrer nofollow\">^20<\/a>.<\/p><\/div><div class=\"wiki-page-header-wrapper\"><h3 id=\"justizreform-und-institutionelle-ver%C3%A4nderungen\" tabindex=\"-1\">R\u00e9forme du syst\u00e8me judiciaire et changements institutionnels<\/h3><p>L'une des mesures les plus controvers\u00e9es est la <strong>une r\u00e9forme compl\u00e8te du syst\u00e8me judiciaire, pr\u00e9voyant que tous les juges soient directement \u00e9lus par le peuple<\/strong><a href=\"https:\/\/www.as-coa.org\/articles\/six-facts-understand-mexicos-2025-judicial-elections\" target=\"_blank\" rel=\"noopener noreferrer nofollow\">^15<\/a><a href=\"https:\/\/www.tagesschau.de\/ausland\/amerika\/mexiko-justiz-reform-100.html\" target=\"_blank\" rel=\"noopener noreferrer nofollow\">^25<\/a>. Cette r\u00e9forme est consid\u00e9r\u00e9e par ses d\u00e9tracteurs comme une menace pour l'ind\u00e9pendance des juges et la s\u00e9paration des pouvoirs.<a href=\"https:\/\/www.as-coa.org\/articles\/six-facts-understand-mexicos-2025-judicial-elections\" target=\"_blank\" rel=\"noopener noreferrer nofollow\">^26<\/a>. <strong>De plus, les instances de contr\u00f4le autonomes ont \u00e9t\u00e9 supprim\u00e9es ou affaiblies.<\/strong><a href=\"https:\/\/www.boell.de\/de\/2025\/01\/21\/100-tage-im-amt-die-erste-praesidentin-mexikos-hat-mehrheiten-fuer-reformen\" target=\"_blank\" rel=\"noopener noreferrer nofollow\">^27<\/a>.<\/p><\/div><div class=\"wiki-page-header-wrapper\"><h3 id=\"korruption-und-transparenz\" tabindex=\"-1\">Corruption et transparence<\/h3><p>Le Mexique a <strong>a obtenu le pire score de son histoire dans l'indice de perception de la corruption 2024 : 140e place sur 180 pays, avec seulement 26 points sur 100<\/strong><a href=\"https:\/\/de.statista.com\/statistik\/daten\/studie\/593525\/umfrage\/wahrgenommene-korruption-in-mexiko\/\" target=\"_blank\" rel=\"noopener noreferrer nofollow\">^28<\/a>. Cela fait du Mexique le pays le plus corrompu de l'OCDE<a href=\"https:\/\/insightplus.bakermckenzie.com\/bm\/investigations-compliance-ethics\/mexico-corruption-perceptions-index-2024\" target=\"_blank\" rel=\"noopener noreferrer nofollow\">^28<\/a>. Les Etats-Unis font pression sur le Mexique, <strong>poursuivre les politiciens li\u00e9s aux cartels de la drogue<\/strong><a href=\"https:\/\/www.reuters.com\/world\/us\/us-pushes-mexico-prosecute-politicians-with-ties-drug-cartels-2025-06-11\/\" target=\"_blank\" rel=\"noopener noreferrer nofollow\">^30<\/a>.<\/p><\/div><div class=\"wiki-page-header-wrapper\"><h2 id=\"die-dr%C3%A4ngendsten-herausforderungen\" tabindex=\"-1\">Les d\u00e9fis les plus urgents<\/h2><\/div><div class=\"wiki-page-header-wrapper\"><h3 id=\"kritische-priorit%C3%A4ten\" tabindex=\"-1\">Priorit\u00e9s critiques<\/h3><ol><li><strong>Violence et crime organis\u00e9<\/strong>Le pays lutte contre les cartels de la drogue qui contr\u00f4lent de vastes territoires et tuent des dizaines de personnes chaque jour.<a href=\"https:\/\/www.bpb.de\/themen\/kriege-konflikte\/dossier-kriege-konflikte\/54652\/mexiko\/\" target=\"_blank\" rel=\"noopener noreferrer nofollow\">^18<\/a><a href=\"https:\/\/www.tagesschau.de\/ausland\/amerika\/mexiko-drogen-gangs-jugendliche-100.html\" target=\"_blank\" rel=\"noopener noreferrer nofollow\">^31<\/a>.<\/li><li><strong>Corruption et \u00c9tat de droit<\/strong>Pays de l'OCDE le plus corrompu et aux institutions affaiblies, la cr\u00e9dibilit\u00e9 de l'\u00c9tat est en jeu<a href=\"https:\/\/integralia.com.mx\/web\/wp-content\/uploads\/2025\/01\/January-8-2025_Ten-Political-Risks-for-2025.pdf\" target=\"_blank\" rel=\"noopener noreferrer nofollow\">^28<\/a>.<\/li><li><strong>Pauvret\u00e9 et in\u00e9galit\u00e9<\/strong>Malgr\u00e9 des progr\u00e8s, plus de 46 millions de personnes vivent encore dans la pauvret\u00e9<a href=\"https:\/\/amerika21.de\/2024\/10\/271670\/95-millionen-weniger-arme-mexiko\" target=\"_blank\" rel=\"noopener noreferrer nofollow\">^12<\/a>.<\/li><li><strong>Personnes disparues<\/strong>Plus de 115 000 personnes disparues constituent une crise humanitaire<a href=\"https:\/\/amerika21.de\/2025\/05\/275091\/mexiko-humanitaere-krise\" target=\"_blank\" rel=\"noopener noreferrer nofollow\">^32<\/a>.<\/li><\/ol><\/div><div class=\"wiki-page-header-wrapper\"><h3 id=\"hohe-priorit%C3%A4ten\" tabindex=\"-1\">Des priorit\u00e9s \u00e9lev\u00e9es<\/h3><ol start=\"5\"><li><strong>Stagnation \u00e9conomique<\/strong>La r\u00e9cession menace les emplois et la prosp\u00e9rit\u00e9<a href=\"https:\/\/www.dallasfed.org\/research\/update\/mex\/2025\/2502\" target=\"_blank\" rel=\"noopener noreferrer nofollow\">^1<\/a><a href=\"https:\/\/www.bbvaresearch.com\/en\/publicaciones\/mexico-economic-outlook-june-2025\/\" target=\"_blank\" rel=\"noopener noreferrer nofollow\">^3<\/a>.<\/li><li><strong>D\u00e9pendance am\u00e9ricaine<\/strong>L'extr\u00eame d\u00e9pendance commerciale rend le pays vuln\u00e9rable aux mesures protectionnistes.<a href=\"https:\/\/mexiconewsdaily.com\/business\/world-bank-mexico-growth-forecast-up-0-2\/\" target=\"_blank\" rel=\"noopener noreferrer nofollow\">^1<\/a><a href=\"https:\/\/www.aberdeeninvestments.com\/en-nl\/institutional\/insights-and-research\/mexico-will-face-challenges-during-trump-s-second-term\" target=\"_blank\" rel=\"noopener noreferrer nofollow\">^34<\/a>.<\/li><li><strong>Tensions commerciales<\/strong>Les relations avec l'administration Trump restent tendues, malgr\u00e9 des succ\u00e8s diplomatiques<a href=\"https:\/\/www.handelsblatt.com\/politik\/international\/claudia-sheinbaum-wie-mexikos-praesidentin-ihr-land-vor-den-zoellen-schuetzt\/100112074.html\" target=\"_blank\" rel=\"noopener noreferrer nofollow\">^35<\/a><a href=\"https:\/\/www.aberdeeninvestments.com\/en-nl\/institutional\/insights-and-research\/mexico-will-face-challenges-during-trump-s-second-term\" target=\"_blank\" rel=\"noopener noreferrer nofollow\">^34<\/a>.<\/li><\/ol><\/div><div class=\"wiki-page-header-wrapper\"><h2 id=\"fazit\" tabindex=\"-1\">Conclusion<\/h2><p>En 2025, le Mexique sera confront\u00e9 \u00e0 un ensemble complexe de d\u00e9fis, comprenant \u00e0 la fois des probl\u00e8mes structurels et aigus. Alors que la pr\u00e9sidente Sheinbaum dispose de fortes majorit\u00e9s politiques qui pourraient permettre des r\u00e9formes, les probl\u00e8mes fondamentaux du pays - violence, corruption, pauvret\u00e9 et vuln\u00e9rabilit\u00e9 \u00e9conomique - demeurent. R\u00e9ussir \u00e0 relever ces d\u00e9fis sera crucial pour l'avenir du Mexique en tant qu'\u00c9tat de droit d\u00e9mocratique et partenaire \u00e9conomique dans la r\u00e9gion.<\/p><hr \/><\/div><div class=\"wiki-page-header-wrapper\"><h1 id=\"erg%C3%A4nzende-einsch%C3%A4tzung-aus-gradido-perspektive\" tabindex=\"-1\">Appr\u00e9ciation compl\u00e9mentaire du point de vue de Gradido<\/h1><p>Il est visible \u00e0 quel point le Mexique est profond\u00e9ment mis \u00e0 l'\u00e9preuve \u00e0 de nombreux niveaux. Voici une perspective Gradido qui regarde avec amour, espoir et confiance le pouvoir de transformation de la vie :<\/p><hr \/><\/div><div class=\"wiki-page-header-wrapper\"><h3 id=\"gradido-kommentar-zur-aktuellen-lage-in-mexiko-%E2%80%93-2025\" tabindex=\"-1\">Commentaire de Gradido sur la situation actuelle au Mexique - 2025<\/h3><p><strong>Les d\u00e9fis comme invitation \u00e0 la reconfiguration<\/strong><\/p><p>Les probl\u00e8mes structurels massifs - violence, pauvret\u00e9, corruption, in\u00e9galit\u00e9s croissantes et d\u00e9pendance \u00e9conomique extr\u00eame - sont dramatiques. Ils provoquent des souffrances et des divisions sociales. Mais des crises aussi complexes sont aussi une invitation \u00e0 emprunter ensemble de toutes nouvelles voies : vers un syst\u00e8me \u00e9conomique et social orient\u00e9 vers le bien commun et favorisant la vie.<\/p><p><strong>Que se passerait-il si personne ne devait plus \u00eatre pauvre ?<\/strong><\/p><p>L'introduction de l'\u00e9conomie naturelle de la vie selon le mod\u00e8le Gradido permettrait de r\u00e9soudre pacifiquement les angoisses existentielles fondamentales des \u00eatres humains - faim, pauvret\u00e9, exode sans perspectives. Chaque personne recevrait jour apr\u00e8s jour une contribution inconditionnelle \u00e0 la vie :<\/p><ul><li>pour eux-m\u00eames (participation active),<\/li><li>la communaut\u00e9,<\/li><li>et pour la gu\u00e9rison de l'environnement et de la nature.<\/li><\/ul><p><strong>Gu\u00e9rison de la division et de la violence<\/strong><\/p><p>De nombreuses causes de la criminalit\u00e9 organis\u00e9e et de la violence quotidienne au Mexique trouvent leurs racines dans la pauvret\u00e9, le manque d'opportunit\u00e9s et les in\u00e9galit\u00e9s sociales. Gradido offrirait \u00e0 tous non seulement un revenu stable, mais aussi de v\u00e9ritables chances de d\u00e9veloppement et de vie, y compris pour les groupes d\u00e9favoris\u00e9s (p. ex. les peuples indig\u00e8nes, les r\u00e9gions rurales pauvres). Cela permettrait \u00e9galement aux jeunes d'entrevoir une perspective digne d'\u00eatre v\u00e9cue - sans fuite, sans banditisme ni exploitation.<\/p><p><strong>Corruption et nouvelle culture de la confiance<\/strong><\/p><p>Un syst\u00e8me de gradido transparent, d\u00e9centralis\u00e9 et ax\u00e9 sur le bien commun supprimerait de nombreuses incitations \u00e0 la corruption qui existaient jusqu'\u00e0 pr\u00e9sent : Les ressources ne seraient plus distribu\u00e9es \u00e0 quelques \u00e9lites, mais pour le bien de tous et de mani\u00e8re compr\u00e9hensible. Avec l'\"\u00e9conomie naturelle de la vie\", la manipulation et l'enrichissement ill\u00e9gal sont beaucoup plus difficiles \u00e0 r\u00e9aliser, et il y a aussi beaucoup moins d'incitations \u00e0 le faire, puisque tout le monde est bien loti.<\/p><p><strong>R\u00e9silience \u00e9conomique et ind\u00e9pendance<\/strong><\/p><p>Gr\u00e2ce \u00e0 la force cr\u00e9atrice locale du gradido, les circuits \u00e9conomiques r\u00e9gionaux peuvent \u00eatre renforc\u00e9s ind\u00e9pendamment de l'instabilit\u00e9 des march\u00e9s d'exportation ou de la politique \u00e9trang\u00e8re. Le pays pourrait \u00e0 nouveau s'appuyer davantage sur ses propres ressources culturelles, naturelles et sociales. Les opportunit\u00e9s de nearshoring profiteraient \u00e0 tous - et pas seulement aux groupes mondiaux.<\/p><p><strong>L'int\u00e9r\u00eat g\u00e9n\u00e9ral comme nouveau mod\u00e8le<\/strong><\/p><p>Gradido d\u00e9tournerait l'attention de la simple croissance et des march\u00e9s vers une v\u00e9ritable qualit\u00e9 de vie, la paix, la participation et l'assistance. Le foss\u00e9 entre les riches et les pauvres commence \u00e0 se combler lorsque tout le monde a acc\u00e8s \u00e0 la s\u00e9curit\u00e9 de base, \u00e0 l'\u00e9ducation et \u00e0 la sant\u00e9 - et que la diversit\u00e9 culturelle unique du Mexique est valoris\u00e9e comme une richesse pour tous.<\/p><hr \/><p><strong>Lumi\u00e8re et vision<\/strong><\/p><p>C'est justement dans les p\u00e9riodes sombres qu'il faut avoir le courage de penser et de vivre ensemble de nouvelles voies. Le Mexique pourrait - si la soci\u00e9t\u00e9 le veut - devenir le pionnier d'une transformation pacifique, solidaire et durable. Les d\u00e9fis sont \u00e9normes - mais ils rec\u00e8lent le plus grand potentiel pour faire confiance \u00e0 la vie et \u00e0 l'amour et pour faire briller ce qui est possible dans la famille humaine.<\/p><\/div><\/div><\/div>\t\t\t\t\t\t\t\t<\/div>\n\t\t\t\t<\/div>\n\t\t\t\t\t<\/div>\n\t\t<\/div>\n\t\t\t\t\t<\/div>\n\t\t<\/section>\n\t\t\t\t<\/div>","protected":false},"excerpt":{"rendered":"<p>Wirtschaftliche, soziale und politische Situation in Mexiko Hauptseite: Mexiko 1. Wirtschaftliche, soziale und politische Situation2. Verteilung von Reichtum und Armut3. Arbeitsmigration und Geldr\u00fcckfl\u00fcsse4. Korruption und Kriminalit\u00e4t5. Kulturelle Werte6. Bildung7. Gesundheitsversorgung8. Care-Arbeit, Freiwilligenarbeit und Nachbarschaftshilfe9. Innovation, Digitalisierung und alternative Wirtschaftsmodelle10.Genossenschaften11. Potenziale und H\u00fcrden f\u00fcr Gradido12. Internationale Akteure13. Landwirtschaft Mexiko 2025: Wirtschaftliche, soziale und politische Situation \u00dcberblick [&hellip;]<\/p>\n","protected":false},"author":2,"featured_media":10458,"parent":10731,"menu_order":0,"comment_status":"closed","ping_status":"closed","template":"","meta":{"footnotes":""},"class_list":["post-10822","page","type-page","status-publish","has-post-thumbnail","hentry"],"yoast_head":"<!-- This site is optimized with the Yoast SEO plugin v27.5 - https:\/\/yoast.com\/product\/yoast-seo-wordpress\/ -->\n<title>Wirtschaftliche, soziale und politische Situation, Mexiko - Gradido<\/title>\n<meta name=\"description\" content=\"Sei Teil der Bewegung!Gemeinsam bringen wir Gradido in die Welt.\" \/>\n<meta name=\"robots\" content=\"index, follow, max-snippet:-1, max-image-preview:large, max-video-preview:-1\" \/>\n<link rel=\"canonical\" href=\"https:\/\/gradido.net\/fr\/countries\/mexico\/economic-social-and-political-situation\/\" \/>\n<meta property=\"og:locale\" content=\"fr_FR\" \/>\n<meta property=\"og:type\" content=\"article\" \/>\n<meta property=\"og:title\" content=\"Wirtschaftliche, soziale und politische Situation, Mexiko - Gradido\" \/>\n<meta property=\"og:description\" content=\"Sei Teil der Bewegung!Gemeinsam bringen wir Gradido in die Welt.\" \/>\n<meta property=\"og:url\" content=\"https:\/\/gradido.net\/fr\/countries\/mexico\/economic-social-and-political-situation\/\" \/>\n<meta property=\"og:site_name\" content=\"Gradido\" \/>\n<meta property=\"article:modified_time\" content=\"2025-10-04T07:51:59+00:00\" \/>\n<meta property=\"og:image\" content=\"https:\/\/gradido.net\/wp-content\/uploads\/2025\/07\/AdobeStock_3210827871-scaled.jpeg\" \/>\n\t<meta property=\"og:image:width\" content=\"2560\" \/>\n\t<meta property=\"og:image:height\" content=\"790\" \/>\n\t<meta property=\"og:image:type\" content=\"image\/jpeg\" \/>\n<meta name=\"twitter:card\" content=\"summary_large_image\" \/>\n<meta name=\"twitter:label1\" content=\"Dur\u00e9e de lecture estim\u00e9e\" \/>\n\t<meta name=\"twitter:data1\" content=\"7 minutes\" \/>\n<script type=\"application\/ld+json\" class=\"yoast-schema-graph\">{\"@context\":\"https:\\\/\\\/schema.org\",\"@graph\":[{\"@type\":\"WebPage\",\"@id\":\"https:\\\/\\\/gradido.net\\\/countries\\\/mexico\\\/economic-social-and-political-situation\\\/\",\"url\":\"https:\\\/\\\/gradido.net\\\/countries\\\/mexico\\\/economic-social-and-political-situation\\\/\",\"name\":\"Wirtschaftliche, soziale und politische Situation, Mexiko - Gradido\",\"isPartOf\":{\"@id\":\"https:\\\/\\\/gradido.net\\\/de\\\/#website\"},\"primaryImageOfPage\":{\"@id\":\"https:\\\/\\\/gradido.net\\\/countries\\\/mexico\\\/economic-social-and-political-situation\\\/#primaryimage\"},\"image\":{\"@id\":\"https:\\\/\\\/gradido.net\\\/countries\\\/mexico\\\/economic-social-and-political-situation\\\/#primaryimage\"},\"thumbnailUrl\":\"https:\\\/\\\/gradido.net\\\/wp-content\\\/uploads\\\/2025\\\/07\\\/AdobeStock_3210827871-scaled.jpeg\",\"datePublished\":\"2025-07-30T06:44:10+00:00\",\"dateModified\":\"2025-10-04T07:51:59+00:00\",\"description\":\"Sei Teil der Bewegung!Gemeinsam bringen wir Gradido in die Welt.\",\"breadcrumb\":{\"@id\":\"https:\\\/\\\/gradido.net\\\/countries\\\/mexico\\\/economic-social-and-political-situation\\\/#breadcrumb\"},\"inLanguage\":\"fr-FR\",\"potentialAction\":[{\"@type\":\"ReadAction\",\"target\":[\"https:\\\/\\\/gradido.net\\\/countries\\\/mexico\\\/economic-social-and-political-situation\\\/\"]}]},{\"@type\":\"ImageObject\",\"inLanguage\":\"fr-FR\",\"@id\":\"https:\\\/\\\/gradido.net\\\/countries\\\/mexico\\\/economic-social-and-political-situation\\\/#primaryimage\",\"url\":\"https:\\\/\\\/gradido.net\\\/wp-content\\\/uploads\\\/2025\\\/07\\\/AdobeStock_3210827871-scaled.jpeg\",\"contentUrl\":\"https:\\\/\\\/gradido.net\\\/wp-content\\\/uploads\\\/2025\\\/07\\\/AdobeStock_3210827871-scaled.jpeg\",\"width\":2560,\"height\":790,\"caption\":\"world globe planet earth 3d-illustration. elements of this image furnished by NASA\"},{\"@type\":\"BreadcrumbList\",\"@id\":\"https:\\\/\\\/gradido.net\\\/countries\\\/mexico\\\/economic-social-and-political-situation\\\/#breadcrumb\",\"itemListElement\":[{\"@type\":\"ListItem\",\"position\":1,\"name\":\"Startseite\",\"item\":\"https:\\\/\\\/gradido.net\\\/\"},{\"@type\":\"ListItem\",\"position\":2,\"name\":\"L\u00e4nderforschung\",\"item\":\"https:\\\/\\\/gradido.net\\\/countries\\\/\"},{\"@type\":\"ListItem\",\"position\":3,\"name\":\"Mexiko\",\"item\":\"https:\\\/\\\/gradido.net\\\/countries\\\/mexico\\\/\"},{\"@type\":\"ListItem\",\"position\":4,\"name\":\"Wirtschaftliche, soziale und politische Situation, Mexiko\"}]},{\"@type\":\"WebSite\",\"@id\":\"https:\\\/\\\/gradido.net\\\/de\\\/#website\",\"url\":\"https:\\\/\\\/gradido.net\\\/de\\\/\",\"name\":\"Gradido\",\"description\":\"Die neue W\u00e4hrung hei\u00dft Dankbarkeit\",\"publisher\":{\"@id\":\"https:\\\/\\\/gradido.net\\\/de\\\/#organization\"},\"potentialAction\":[{\"@type\":\"SearchAction\",\"target\":{\"@type\":\"EntryPoint\",\"urlTemplate\":\"https:\\\/\\\/gradido.net\\\/de\\\/?s={search_term_string}\"},\"query-input\":{\"@type\":\"PropertyValueSpecification\",\"valueRequired\":true,\"valueName\":\"search_term_string\"}}],\"inLanguage\":\"fr-FR\"},{\"@type\":\"Organization\",\"@id\":\"https:\\\/\\\/gradido.net\\\/de\\\/#organization\",\"name\":\"Gradido\",\"url\":\"https:\\\/\\\/gradido.net\\\/de\\\/\",\"logo\":{\"@type\":\"ImageObject\",\"inLanguage\":\"fr-FR\",\"@id\":\"https:\\\/\\\/gradido.net\\\/de\\\/#\\\/schema\\\/logo\\\/image\\\/\",\"url\":\"https:\\\/\\\/gradido.net\\\/wp-content\\\/uploads\\\/2022\\\/04\\\/gradido-social.jpg\",\"contentUrl\":\"https:\\\/\\\/gradido.net\\\/wp-content\\\/uploads\\\/2022\\\/04\\\/gradido-social.jpg\",\"width\":527,\"height\":273,\"caption\":\"Gradido\"},\"image\":{\"@id\":\"https:\\\/\\\/gradido.net\\\/de\\\/#\\\/schema\\\/logo\\\/image\\\/\"}}]}<\/script>\n<!-- \/ Yoast SEO plugin. -->","yoast_head_json":{"title":"Situation \u00e9conomique, sociale et politique, Mexique - Gradido","description":"Fais partie du mouvement!Ensemble, nous apportons Gradido au monde.","robots":{"index":"index","follow":"follow","max-snippet":"max-snippet:-1","max-image-preview":"max-image-preview:large","max-video-preview":"max-video-preview:-1"},"canonical":"https:\/\/gradido.net\/fr\/countries\/mexico\/economic-social-and-political-situation\/","og_locale":"fr_FR","og_type":"article","og_title":"Wirtschaftliche, soziale und politische Situation, Mexiko - Gradido","og_description":"Sei Teil der Bewegung!Gemeinsam bringen wir Gradido in die Welt.","og_url":"https:\/\/gradido.net\/fr\/countries\/mexico\/economic-social-and-political-situation\/","og_site_name":"Gradido","article_modified_time":"2025-10-04T07:51:59+00:00","og_image":[{"width":2560,"height":790,"url":"https:\/\/gradido.net\/wp-content\/uploads\/2025\/07\/AdobeStock_3210827871-scaled.jpeg","type":"image\/jpeg"}],"twitter_card":"summary_large_image","twitter_misc":{"Dur\u00e9e de lecture estim\u00e9e":"7 minutes"},"schema":{"@context":"https:\/\/schema.org","@graph":[{"@type":"WebPage","@id":"https:\/\/gradido.net\/countries\/mexico\/economic-social-and-political-situation\/","url":"https:\/\/gradido.net\/countries\/mexico\/economic-social-and-political-situation\/","name":"Situation \u00e9conomique, sociale et politique, Mexique - Gradido","isPartOf":{"@id":"https:\/\/gradido.net\/de\/#website"},"primaryImageOfPage":{"@id":"https:\/\/gradido.net\/countries\/mexico\/economic-social-and-political-situation\/#primaryimage"},"image":{"@id":"https:\/\/gradido.net\/countries\/mexico\/economic-social-and-political-situation\/#primaryimage"},"thumbnailUrl":"https:\/\/gradido.net\/wp-content\/uploads\/2025\/07\/AdobeStock_3210827871-scaled.jpeg","datePublished":"2025-07-30T06:44:10+00:00","dateModified":"2025-10-04T07:51:59+00:00","description":"Fais partie du mouvement!Ensemble, nous apportons Gradido au monde.","breadcrumb":{"@id":"https:\/\/gradido.net\/countries\/mexico\/economic-social-and-political-situation\/#breadcrumb"},"inLanguage":"fr-FR","potentialAction":[{"@type":"ReadAction","target":["https:\/\/gradido.net\/countries\/mexico\/economic-social-and-political-situation\/"]}]},{"@type":"ImageObject","inLanguage":"fr-FR","@id":"https:\/\/gradido.net\/countries\/mexico\/economic-social-and-political-situation\/#primaryimage","url":"https:\/\/gradido.net\/wp-content\/uploads\/2025\/07\/AdobeStock_3210827871-scaled.jpeg","contentUrl":"https:\/\/gradido.net\/wp-content\/uploads\/2025\/07\/AdobeStock_3210827871-scaled.jpeg","width":2560,"height":790,"caption":"world globe planet earth 3d-illustration. elements of this image furnished by NASA"},{"@type":"BreadcrumbList","@id":"https:\/\/gradido.net\/countries\/mexico\/economic-social-and-political-situation\/#breadcrumb","itemListElement":[{"@type":"ListItem","position":1,"name":"Startseite","item":"https:\/\/gradido.net\/"},{"@type":"ListItem","position":2,"name":"L\u00e4nderforschung","item":"https:\/\/gradido.net\/countries\/"},{"@type":"ListItem","position":3,"name":"Mexiko","item":"https:\/\/gradido.net\/countries\/mexico\/"},{"@type":"ListItem","position":4,"name":"Wirtschaftliche, soziale und politische Situation, Mexiko"}]},{"@type":"WebSite","@id":"https:\/\/gradido.net\/de\/#website","url":"https:\/\/gradido.net\/de\/","name":"Gradido","description":"La nouvelle monnaie s'appelle la gratitude","publisher":{"@id":"https:\/\/gradido.net\/de\/#organization"},"potentialAction":[{"@type":"SearchAction","target":{"@type":"EntryPoint","urlTemplate":"https:\/\/gradido.net\/de\/?s={search_term_string}"},"query-input":{"@type":"PropertyValueSpecification","valueRequired":true,"valueName":"search_term_string"}}],"inLanguage":"fr-FR"},{"@type":"Organization","@id":"https:\/\/gradido.net\/de\/#organization","name":"Gradido","url":"https:\/\/gradido.net\/de\/","logo":{"@type":"ImageObject","inLanguage":"fr-FR","@id":"https:\/\/gradido.net\/de\/#\/schema\/logo\/image\/","url":"https:\/\/gradido.net\/wp-content\/uploads\/2022\/04\/gradido-social.jpg","contentUrl":"https:\/\/gradido.net\/wp-content\/uploads\/2022\/04\/gradido-social.jpg","width":527,"height":273,"caption":"Gradido"},"image":{"@id":"https:\/\/gradido.net\/de\/#\/schema\/logo\/image\/"}}]}},"_links":{"self":[{"href":"https:\/\/gradido.net\/fr\/wp-json\/wp\/v2\/pages\/10822","targetHints":{"allow":["GET"]}}],"collection":[{"href":"https:\/\/gradido.net\/fr\/wp-json\/wp\/v2\/pages"}],"about":[{"href":"https:\/\/gradido.net\/fr\/wp-json\/wp\/v2\/types\/page"}],"author":[{"embeddable":true,"href":"https:\/\/gradido.net\/fr\/wp-json\/wp\/v2\/users\/2"}],"replies":[{"embeddable":true,"href":"https:\/\/gradido.net\/fr\/wp-json\/wp\/v2\/comments?post=10822"}],"version-history":[{"count":16,"href":"https:\/\/gradido.net\/fr\/wp-json\/wp\/v2\/pages\/10822\/revisions"}],"predecessor-version":[{"id":11905,"href":"https:\/\/gradido.net\/fr\/wp-json\/wp\/v2\/pages\/10822\/revisions\/11905"}],"up":[{"embeddable":true,"href":"https:\/\/gradido.net\/fr\/wp-json\/wp\/v2\/pages\/10731"}],"wp:featuredmedia":[{"embeddable":true,"href":"https:\/\/gradido.net\/fr\/wp-json\/wp\/v2\/media\/10458"}],"wp:attachment":[{"href":"https:\/\/gradido.net\/fr\/wp-json\/wp\/v2\/media?parent=10822"}],"curies":[{"name":"wp","href":"https:\/\/api.w.org\/{rel}","templated":true}]}}