{"id":10882,"date":"2025-08-12T08:45:28","date_gmt":"2025-08-12T06:45:28","guid":{"rendered":"https:\/\/gradido.net\/?page_id=10882"},"modified":"2025-10-04T09:58:09","modified_gmt":"2025-10-04T07:58:09","slug":"education","status":"publish","type":"page","link":"https:\/\/gradido.net\/fr\/countries\/mexico\/education\/","title":{"rendered":"L'\u00e9ducation au Mexique"},"content":{"rendered":"<div data-elementor-type=\"wp-page\" data-elementor-id=\"10882\" class=\"elementor elementor-10882\" data-elementor-post-type=\"page\">\n\t\t\t\t\t\t<section class=\"elementor-section elementor-top-section elementor-element elementor-element-4ce3e8af elementor-section-full_width elementor-section-height-default elementor-section-height-default\" data-id=\"4ce3e8af\" data-element_type=\"section\" data-e-type=\"section\">\n\t\t\t\t\t\t<div class=\"elementor-container elementor-column-gap-no\">\n\t\t\t\t\t<div class=\"elementor-column elementor-col-100 elementor-top-column elementor-element elementor-element-efa8c8c\" data-id=\"efa8c8c\" data-element_type=\"column\" data-e-type=\"column\">\n\t\t\t<div class=\"elementor-widget-wrap elementor-element-populated\">\n\t\t\t\t\t\t<div class=\"elementor-element elementor-element-e088aa4 elementor--h-position-center elementor--v-position-middle elementor-arrows-position-inside elementor-widget elementor-widget-slides\" data-id=\"e088aa4\" data-element_type=\"widget\" data-e-type=\"widget\" data-settings=\"{&quot;navigation&quot;:&quot;arrows&quot;,&quot;autoplay&quot;:&quot;yes&quot;,&quot;pause_on_hover&quot;:&quot;yes&quot;,&quot;pause_on_interaction&quot;:&quot;yes&quot;,&quot;autoplay_speed&quot;:5000,&quot;infinite&quot;:&quot;yes&quot;,&quot;transition&quot;:&quot;slide&quot;,&quot;transition_speed&quot;:500}\" data-widget_type=\"slides.default\">\n\t\t\t\t<div class=\"elementor-widget-container\">\n\t\t\t\t\t\t\t\t\t<div class=\"elementor-swiper\">\n\t\t\t\t\t<div class=\"elementor-slides-wrapper elementor-main-swiper swiper\" role=\"region\" aria-roledescription=\"carousel\" aria-label=\"Slider\" dir=\"ltr\" data-animation=\"fadeInUp\">\n\t\t\t\t<div class=\"swiper-wrapper elementor-slides\">\n\t\t\t\t\t\t\t\t\t\t<div class=\"elementor-repeater-item-2de4990 swiper-slide\" role=\"group\" aria-roledescription=\"slide\"><div class=\"swiper-slide-bg\" role=\"img\" aria-label=\"mexico-city-2706607_1280\"><\/div><div class=\"swiper-slide-inner\" ><div class=\"swiper-slide-contents\"><\/div><\/div><\/div><div class=\"elementor-repeater-item-28f126e swiper-slide\" role=\"group\" aria-roledescription=\"slide\"><div class=\"swiper-slide-bg\" role=\"img\" aria-label=\"cancun-2269936_1280\"><\/div><div class=\"swiper-slide-inner\" ><div class=\"swiper-slide-contents\"><\/div><\/div><\/div><div class=\"elementor-repeater-item-992da35 swiper-slide\" role=\"group\" aria-roledescription=\"slide\"><div class=\"swiper-slide-bg\" role=\"img\" aria-label=\"acapulco-3605307_1280\"><\/div><div class=\"swiper-slide-inner\" ><div class=\"swiper-slide-contents\"><\/div><\/div><\/div><div class=\"elementor-repeater-item-1a67a9d swiper-slide\" role=\"group\" aria-roledescription=\"slide\"><div class=\"swiper-slide-bg\" role=\"img\" aria-label=\"popocatepetl-1755981_1280\"><\/div><div class=\"swiper-slide-inner\" ><div class=\"swiper-slide-contents\"><\/div><\/div><\/div>\t\t\t\t<\/div>\n\t\t\t\t\t\t\t\t\t\t\t\t\t\t\t<div class=\"elementor-swiper-button elementor-swiper-button-prev\" role=\"button\" tabindex=\"0\" aria-label=\"Diapositive pr\u00e9c\u00e9dente\" data-no-translation-aria-label=\"\">\n\t\t\t\t\t\t\t<i aria-hidden=\"true\" class=\"eicon-chevron-left\"><\/i>\t\t\t\t\t\t<\/div>\n\t\t\t\t\t\t<div class=\"elementor-swiper-button elementor-swiper-button-next\" role=\"button\" tabindex=\"0\" aria-label=\"Diapositive suivante\" data-no-translation-aria-label=\"\">\n\t\t\t\t\t\t\t<i aria-hidden=\"true\" class=\"eicon-chevron-right\"><\/i>\t\t\t\t\t\t<\/div>\n\t\t\t\t\t\t\t\t\t\t\t\t\t\t\t\t\t<\/div>\n\t\t\t\t<\/div>\n\t\t\t\t\t\t\t\t<\/div>\n\t\t\t\t<\/div>\n\t\t\t\t\t<\/div>\n\t\t<\/div>\n\t\t\t\t\t<\/div>\n\t\t<\/section>\n\t\t\t\t<section class=\"elementor-section elementor-top-section elementor-element elementor-element-240baa7a elementor-section-boxed elementor-section-height-default elementor-section-height-default\" data-id=\"240baa7a\" data-element_type=\"section\" data-e-type=\"section\" data-settings=\"{&quot;background_background&quot;:&quot;classic&quot;}\">\n\t\t\t\t\t\t<div class=\"elementor-container elementor-column-gap-default\">\n\t\t\t\t\t<div class=\"elementor-column elementor-col-100 elementor-top-column elementor-element elementor-element-1afe9e42\" data-id=\"1afe9e42\" data-element_type=\"column\" data-e-type=\"column\">\n\t\t\t<div class=\"elementor-widget-wrap elementor-element-populated\">\n\t\t\t\t\t\t<div class=\"elementor-element elementor-element-65bd50ae elementor-widget elementor-widget-heading\" data-id=\"65bd50ae\" data-element_type=\"widget\" data-e-type=\"widget\" data-widget_type=\"heading.default\">\n\t\t\t\t<div class=\"elementor-widget-container\">\n\t\t\t\t\t<h1 class=\"elementor-heading-title elementor-size-default\">L'\u00e9ducation au Mexique<\/h1>\t\t\t\t<\/div>\n\t\t\t\t<\/div>\n\t\t\t\t\t<\/div>\n\t\t<\/div>\n\t\t\t\t\t<\/div>\n\t\t<\/section>\n\t\t\t\t<section class=\"elementor-section elementor-top-section elementor-element elementor-element-446540f elementor-section-boxed elementor-section-height-default elementor-section-height-default\" data-id=\"446540f\" data-element_type=\"section\" data-e-type=\"section\">\n\t\t\t\t\t\t<div class=\"elementor-container elementor-column-gap-default\">\n\t\t\t\t\t<div class=\"elementor-column elementor-col-100 elementor-top-column elementor-element elementor-element-312a2d3\" data-id=\"312a2d3\" data-element_type=\"column\" data-e-type=\"column\">\n\t\t\t<div class=\"elementor-widget-wrap elementor-element-populated\">\n\t\t\t\t\t\t<div class=\"elementor-element elementor-element-2c92d22 elementor-nav-menu--dropdown-tablet elementor-nav-menu__text-align-aside elementor-nav-menu--toggle elementor-nav-menu--burger elementor-widget elementor-widget-nav-menu\" data-id=\"2c92d22\" data-element_type=\"widget\" data-e-type=\"widget\" data-settings=\"{&quot;layout&quot;:&quot;horizontal&quot;,&quot;submenu_icon&quot;:{&quot;value&quot;:&quot;&lt;i class=\\&quot;fas fa-caret-down\\&quot; aria-hidden=\\&quot;true\\&quot;&gt;&lt;\\\/i&gt;&quot;,&quot;library&quot;:&quot;fa-solid&quot;},&quot;toggle&quot;:&quot;burger&quot;}\" data-widget_type=\"nav-menu.default\">\n\t\t\t\t<div class=\"elementor-widget-container\">\n\t\t\t\t\t\t\t\t<nav aria-label=\"Recherche sur les pays\" class=\"elementor-nav-menu--main elementor-nav-menu__container elementor-nav-menu--layout-horizontal e--pointer-underline e--animation-grow\">\n\t\t\t\t<ul id=\"menu-1-2c92d22\" class=\"elementor-nav-menu\"><li class=\"menu-item menu-item-type-custom menu-item-object-custom menu-item-has-children menu-item-12305\"><a class=\"elementor-item\">Afrique<\/a>\n<ul class=\"sub-menu elementor-nav-menu--dropdown\">\n\t<li class=\"menu-item menu-item-type-post_type menu-item-object-page menu-item-12253\"><a href=\"https:\/\/gradido.net\/fr\/countries\/afrika\/\" class=\"elementor-sub-item\">Afrique, ensemble du continent<\/a><\/li>\n\t<li class=\"menu-item menu-item-type-post_type menu-item-object-page menu-item-13097\"><a href=\"https:\/\/gradido.net\/fr\/countries\/afrika\/dr-congo\/\" class=\"elementor-sub-item\">R\u00e9publique d\u00e9mocratique du Congo<\/a><\/li>\n\t<li class=\"menu-item menu-item-type-post_type menu-item-object-page menu-item-12414\"><a href=\"https:\/\/gradido.net\/fr\/countries\/afrika\/kenya\/\" class=\"elementor-sub-item\">Kenya<\/a><\/li>\n\t<li class=\"menu-item menu-item-type-post_type menu-item-object-page menu-item-12737\"><a href=\"https:\/\/gradido.net\/fr\/countries\/afrika\/madagascar\/\" class=\"elementor-sub-item\">Madagascar<\/a><\/li>\n\t<li class=\"menu-item menu-item-type-post_type menu-item-object-page menu-item-12148\"><a href=\"https:\/\/gradido.net\/fr\/countries\/afrika\/namibia\/\" class=\"elementor-sub-item\">Namibie<\/a><\/li>\n\t<li class=\"menu-item menu-item-type-post_type menu-item-object-page menu-item-12839\"><a href=\"https:\/\/gradido.net\/fr\/countries\/afrika\/rwanda\/\" class=\"elementor-sub-item\">Rwanda<\/a><\/li>\n<\/ul>\n<\/li>\n<li class=\"menu-item menu-item-type-custom menu-item-object-custom menu-item-has-children menu-item-11798\"><a class=\"elementor-item\">Am\u00e9rique<\/a>\n<ul class=\"sub-menu elementor-nav-menu--dropdown\">\n\t<li class=\"menu-item menu-item-type-post_type menu-item-object-page menu-item-12463\"><a href=\"https:\/\/gradido.net\/fr\/countries\/usa\/\" class=\"elementor-sub-item\">USA<\/a><\/li>\n\t<li class=\"menu-item menu-item-type-post_type menu-item-object-page menu-item-11791\"><a href=\"https:\/\/gradido.net\/fr\/countries\/mexico\/\" class=\"elementor-sub-item\">Mexique<\/a><\/li>\n<\/ul>\n<\/li>\n<li class=\"menu-item menu-item-type-custom menu-item-object-custom menu-item-has-children menu-item-11800\"><a class=\"elementor-item\">Asie<\/a>\n<ul class=\"sub-menu elementor-nav-menu--dropdown\">\n\t<li class=\"menu-item menu-item-type-post_type menu-item-object-page menu-item-11794\"><a href=\"https:\/\/gradido.net\/fr\/countries\/maledives\/\" class=\"elementor-sub-item\">Maldives<\/a><\/li>\n\t<li class=\"menu-item menu-item-type-post_type menu-item-object-page menu-item-11790\"><a href=\"https:\/\/gradido.net\/fr\/countries\/philippines\/\" class=\"elementor-sub-item\">Philppines<\/a><\/li>\n\t<li class=\"menu-item menu-item-type-post_type menu-item-object-page menu-item-11802\"><a href=\"https:\/\/gradido.net\/fr\/countries\/saudi-arabia\/\" class=\"elementor-sub-item\">Arabie saoudite<\/a><\/li>\n<\/ul>\n<\/li>\n<li class=\"menu-item menu-item-type-custom menu-item-object-custom menu-item-has-children menu-item-11797\"><a class=\"elementor-item\">Europe<\/a>\n<ul class=\"sub-menu elementor-nav-menu--dropdown\">\n\t<li class=\"menu-item menu-item-type-post_type menu-item-object-page menu-item-11805\"><a href=\"https:\/\/gradido.net\/fr\/countries\/germany\/\" class=\"elementor-sub-item\">Allemagne<\/a><\/li>\n\t<li class=\"menu-item menu-item-type-post_type menu-item-object-page menu-item-11803\"><a href=\"https:\/\/gradido.net\/fr\/countries\/greece\/\" class=\"elementor-sub-item\">Gr\u00e8ce<\/a><\/li>\n\t<li class=\"menu-item menu-item-type-post_type menu-item-object-page menu-item-11788\"><a href=\"https:\/\/gradido.net\/fr\/countries\/spain\/\" class=\"elementor-sub-item\">Espagne<\/a><\/li>\n<\/ul>\n<\/li>\n<li class=\"menu-item menu-item-type-custom menu-item-object-custom menu-item-has-children menu-item-11801\"><a class=\"elementor-item\">Oc\u00e9anie<\/a>\n<ul class=\"sub-menu elementor-nav-menu--dropdown\">\n\t<li class=\"menu-item menu-item-type-post_type menu-item-object-page menu-item-11793\"><a href=\"https:\/\/gradido.net\/fr\/countries\/marshall-islands\/\" class=\"elementor-sub-item\">\u00celes Marshall<\/a><\/li>\n\t<li class=\"menu-item menu-item-type-post_type menu-item-object-page menu-item-11795\"><a href=\"https:\/\/gradido.net\/fr\/countries\/tahiti\/\" class=\"elementor-sub-item\">Tahiti<\/a><\/li>\n<\/ul>\n<\/li>\n<\/ul>\t\t\t<\/nav>\n\t\t\t\t\t<div class=\"elementor-menu-toggle\" role=\"button\" tabindex=\"0\" aria-label=\"Permuter le menu\" aria-expanded=\"false\">\n\t\t\t<i aria-hidden=\"true\" role=\"presentation\" class=\"elementor-menu-toggle__icon--open eicon-menu-bar\"><\/i><i aria-hidden=\"true\" role=\"presentation\" class=\"elementor-menu-toggle__icon--close eicon-close\"><\/i>\t\t<\/div>\n\t\t\t\t\t<nav class=\"elementor-nav-menu--dropdown elementor-nav-menu__container\" aria-hidden=\"true\">\n\t\t\t\t<ul id=\"menu-2-2c92d22\" class=\"elementor-nav-menu\"><li class=\"menu-item menu-item-type-custom menu-item-object-custom menu-item-has-children menu-item-12305\"><a class=\"elementor-item\" tabindex=\"-1\">Afrique<\/a>\n<ul class=\"sub-menu elementor-nav-menu--dropdown\">\n\t<li class=\"menu-item menu-item-type-post_type menu-item-object-page menu-item-12253\"><a href=\"https:\/\/gradido.net\/fr\/countries\/afrika\/\" class=\"elementor-sub-item\" tabindex=\"-1\">Afrique, ensemble du continent<\/a><\/li>\n\t<li class=\"menu-item menu-item-type-post_type menu-item-object-page menu-item-13097\"><a href=\"https:\/\/gradido.net\/fr\/countries\/afrika\/dr-congo\/\" class=\"elementor-sub-item\" tabindex=\"-1\">R\u00e9publique d\u00e9mocratique du Congo<\/a><\/li>\n\t<li class=\"menu-item menu-item-type-post_type menu-item-object-page menu-item-12414\"><a href=\"https:\/\/gradido.net\/fr\/countries\/afrika\/kenya\/\" class=\"elementor-sub-item\" tabindex=\"-1\">Kenya<\/a><\/li>\n\t<li class=\"menu-item menu-item-type-post_type menu-item-object-page menu-item-12737\"><a href=\"https:\/\/gradido.net\/fr\/countries\/afrika\/madagascar\/\" class=\"elementor-sub-item\" tabindex=\"-1\">Madagascar<\/a><\/li>\n\t<li class=\"menu-item menu-item-type-post_type menu-item-object-page menu-item-12148\"><a href=\"https:\/\/gradido.net\/fr\/countries\/afrika\/namibia\/\" class=\"elementor-sub-item\" tabindex=\"-1\">Namibie<\/a><\/li>\n\t<li class=\"menu-item menu-item-type-post_type menu-item-object-page menu-item-12839\"><a href=\"https:\/\/gradido.net\/fr\/countries\/afrika\/rwanda\/\" class=\"elementor-sub-item\" tabindex=\"-1\">Rwanda<\/a><\/li>\n<\/ul>\n<\/li>\n<li class=\"menu-item menu-item-type-custom menu-item-object-custom menu-item-has-children menu-item-11798\"><a class=\"elementor-item\" tabindex=\"-1\">Am\u00e9rique<\/a>\n<ul class=\"sub-menu elementor-nav-menu--dropdown\">\n\t<li class=\"menu-item menu-item-type-post_type menu-item-object-page menu-item-12463\"><a href=\"https:\/\/gradido.net\/fr\/countries\/usa\/\" class=\"elementor-sub-item\" tabindex=\"-1\">USA<\/a><\/li>\n\t<li class=\"menu-item menu-item-type-post_type menu-item-object-page menu-item-11791\"><a href=\"https:\/\/gradido.net\/fr\/countries\/mexico\/\" class=\"elementor-sub-item\" tabindex=\"-1\">Mexique<\/a><\/li>\n<\/ul>\n<\/li>\n<li class=\"menu-item menu-item-type-custom menu-item-object-custom menu-item-has-children menu-item-11800\"><a class=\"elementor-item\" tabindex=\"-1\">Asie<\/a>\n<ul class=\"sub-menu elementor-nav-menu--dropdown\">\n\t<li class=\"menu-item menu-item-type-post_type menu-item-object-page menu-item-11794\"><a href=\"https:\/\/gradido.net\/fr\/countries\/maledives\/\" class=\"elementor-sub-item\" tabindex=\"-1\">Maldives<\/a><\/li>\n\t<li class=\"menu-item menu-item-type-post_type menu-item-object-page menu-item-11790\"><a href=\"https:\/\/gradido.net\/fr\/countries\/philippines\/\" class=\"elementor-sub-item\" tabindex=\"-1\">Philppines<\/a><\/li>\n\t<li class=\"menu-item menu-item-type-post_type menu-item-object-page menu-item-11802\"><a href=\"https:\/\/gradido.net\/fr\/countries\/saudi-arabia\/\" class=\"elementor-sub-item\" tabindex=\"-1\">Arabie saoudite<\/a><\/li>\n<\/ul>\n<\/li>\n<li class=\"menu-item menu-item-type-custom menu-item-object-custom menu-item-has-children menu-item-11797\"><a class=\"elementor-item\" tabindex=\"-1\">Europe<\/a>\n<ul class=\"sub-menu elementor-nav-menu--dropdown\">\n\t<li class=\"menu-item menu-item-type-post_type menu-item-object-page menu-item-11805\"><a href=\"https:\/\/gradido.net\/fr\/countries\/germany\/\" class=\"elementor-sub-item\" tabindex=\"-1\">Allemagne<\/a><\/li>\n\t<li class=\"menu-item menu-item-type-post_type menu-item-object-page menu-item-11803\"><a href=\"https:\/\/gradido.net\/fr\/countries\/greece\/\" class=\"elementor-sub-item\" tabindex=\"-1\">Gr\u00e8ce<\/a><\/li>\n\t<li class=\"menu-item menu-item-type-post_type menu-item-object-page menu-item-11788\"><a href=\"https:\/\/gradido.net\/fr\/countries\/spain\/\" class=\"elementor-sub-item\" tabindex=\"-1\">Espagne<\/a><\/li>\n<\/ul>\n<\/li>\n<li class=\"menu-item menu-item-type-custom menu-item-object-custom menu-item-has-children menu-item-11801\"><a class=\"elementor-item\" tabindex=\"-1\">Oc\u00e9anie<\/a>\n<ul class=\"sub-menu elementor-nav-menu--dropdown\">\n\t<li class=\"menu-item menu-item-type-post_type menu-item-object-page menu-item-11793\"><a href=\"https:\/\/gradido.net\/fr\/countries\/marshall-islands\/\" class=\"elementor-sub-item\" tabindex=\"-1\">\u00celes Marshall<\/a><\/li>\n\t<li class=\"menu-item menu-item-type-post_type menu-item-object-page menu-item-11795\"><a href=\"https:\/\/gradido.net\/fr\/countries\/tahiti\/\" class=\"elementor-sub-item\" tabindex=\"-1\">Tahiti<\/a><\/li>\n<\/ul>\n<\/li>\n<\/ul>\t\t\t<\/nav>\n\t\t\t\t\t\t<\/div>\n\t\t\t\t<\/div>\n\t\t\t\t<div class=\"elementor-element elementor-element-e784cd3 elementor-widget elementor-widget-breadcrumbs\" data-id=\"e784cd3\" data-element_type=\"widget\" data-e-type=\"widget\" data-widget_type=\"breadcrumbs.default\">\n\t\t\t\t<div class=\"elementor-widget-container\">\n\t\t\t\t\t<p id=\"breadcrumbs\"><span><span><a href=\"https:\/\/gradido.net\/fr\/\">Page d'accueil<\/a><\/span><\/span><\/p>\t\t\t\t<\/div>\n\t\t\t\t<\/div>\n\t\t\t\t<div class=\"elementor-element elementor-element-a9db9a5 elementor-widget elementor-widget-text-editor\" data-id=\"a9db9a5\" data-element_type=\"widget\" data-e-type=\"widget\" data-widget_type=\"text-editor.default\">\n\t\t\t\t<div class=\"elementor-widget-container\">\n\t\t\t\t\t\t\t\t\t<h3 style=\"text-align: center;\"><a href=\"https:\/\/gradido.net\/fr\/countries\/mexico\/\"><strong>Page d'accueil : Mexique<\/strong><\/a><\/h3><p style=\"text-align: center;\"><a href=\"https:\/\/gradido.net\/fr\/countries\/mexico\/economic-social-and-political-situation\/\">1. situation \u00e9conomique, sociale et politique<\/a><br \/><a href=\"https:\/\/gradido.net\/fr\/countries\/mexico\/wealth-and-poverty\/\">2. r\u00e9partition de la richesse et de la pauvret\u00e9<\/a><br \/><a href=\"https:\/\/gradido.net\/fr\/countries\/mexico\/labour-migration-and-remittances-mexico\/\">3. migration de main-d'\u0153uvre et rapatriement de fonds<\/a><br \/><a href=\"https:\/\/gradido.net\/fr\/countries\/mexico\/corruption-and-crime\/\">4. la corruption et la criminalit\u00e9<\/a><br \/><a href=\"https:\/\/gradido.net\/fr\/countries\/mexico\/cultural-values\/\">5. valeurs culturelles<\/a><br \/><strong><a href=\"https:\/\/gradido.net\/fr\/countries\/mexico\/education\/\">6e image<\/a>dung<\/strong><br \/><a href=\"https:\/\/gradido.net\/fr\/countries\/mexico\/healthcare\/\">7. soins de sant\u00e9<\/a><br \/><a href=\"https:\/\/gradido.net\/fr\/countries\/mexico\/volunteering\/\">8. travail de care, b\u00e9n\u00e9volat et aide de voisinage<\/a><br \/><a href=\"https:\/\/gradido.net\/fr\/countries\/mexico\/innovation\/\">9) Innovation, num\u00e9risation et mod\u00e8les \u00e9conomiques alternatifs<\/a><br \/><a href=\"https:\/\/gradido.net\/fr\/countries\/mexico\/cooperatives\/\">10.les coop\u00e9ratives<\/a><br \/><a href=\"https:\/\/gradido.net\/fr\/countries\/mexico\/potential-and-obstacles\/\">11. potentiels et obstacles pour Gradido<\/a><br \/><a href=\"https:\/\/gradido.net\/fr\/countries\/mexico\/international-players\/\">12) Acteurs internationaux<\/a><br \/><a href=\"https:\/\/gradido.net\/fr\/countries\/mexico\/agriculture\/\">13. agriculture<\/a><\/p>\t\t\t\t\t\t\t\t<\/div>\n\t\t\t\t<\/div>\n\t\t\t\t<div class=\"elementor-element elementor-element-d7bb196 elementor-widget-divider--view-line elementor-widget elementor-widget-divider\" data-id=\"d7bb196\" data-element_type=\"widget\" data-e-type=\"widget\" data-widget_type=\"divider.default\">\n\t\t\t\t<div class=\"elementor-widget-container\">\n\t\t\t\t\t\t\t<div class=\"elementor-divider\">\n\t\t\t<span class=\"elementor-divider-separator\">\n\t\t\t\t\t\t<\/span>\n\t\t<\/div>\n\t\t\t\t\t\t<\/div>\n\t\t\t\t<\/div>\n\t\t\t\t<div class=\"elementor-element elementor-element-146ff9d elementor-widget elementor-widget-text-editor\" data-id=\"146ff9d\" data-element_type=\"widget\" data-e-type=\"widget\" data-widget_type=\"text-editor.default\">\n\t\t\t\t<div class=\"elementor-widget-container\">\n\t\t\t\t\t\t\t\t\t<div class=\"wiki-page-header-wrapper\"><div class=\"wiki-page-header-wrapper\"><div class=\"wiki-page-header-wrapper\"><h2 data-pm-slice=\"0 0 []\">Situation de l'\u00e9ducation et de la formation au Mexique<\/h2><h3>Focus : enfants et jeunes issus de familles pauvres, rurales et indig\u00e8nes<\/h3><h3>1. acc\u00e8s et participation au syst\u00e8me \u00e9ducatif<\/h3><ul data-tight=\"true\"><li><p><strong>Forte in\u00e9galit\u00e9 sociale<\/strong>Les enfants issus de familles pauvres, rurales et indig\u00e8nes ont des chances d'\u00e9ducation nettement inf\u00e9rieures \u00e0 celles des enfants issus de m\u00e9nages urbains et ais\u00e9s.<\/p><\/li><li><p><strong>Plus de la moiti\u00e9 des enfants mexicains vivent dans la pauvret\u00e9<\/strong>. Les r\u00e9gions rurales du sud et du sud-est ainsi que les communaut\u00e9s indig\u00e8nes sont particuli\u00e8rement touch\u00e9es. Plus de 60 % des enfants et des jeunes y sont touch\u00e9s par la pauvret\u00e9.<a href=\"https:\/\/amerika21.de\/2015\/04\/119263\/kinderarmut-mexiko\">^1<\/a>.<\/p><\/li><li><p><strong>Abandon de l'\u00e9cole et absence de scolarisation<\/strong>6,1 millions d'enfants \u00e2g\u00e9s de 3 \u00e0 17 ans ne vont pas \u00e0 l'\u00e9cole ou au jardin d'enfants. 2,5 millions d'enfants \u00e2g\u00e9s de 5 \u00e0 17 ans travaillent, souvent pour contribuer au revenu familial, ce qui entrave gravement leur parcours scolaire.<a href=\"https:\/\/www.sipaz.org\/fokus-gewalt-gegen-minderjaehrige-in-mexiko-realitaet-und-suche-nach-antworten\/?lang=de\">^1<\/a>.<\/p><\/li><\/ul><h3>2. d\u00e9fis sp\u00e9cifiques aux enfants autochtones et ruraux<\/h3><ul data-tight=\"true\"><li><p><strong>Taux de pauvret\u00e9 \u00e9lev\u00e9<\/strong>71 % de la population indig\u00e8ne vit dans la pauvret\u00e9, le risque est encore plus \u00e9lev\u00e9 dans les zones rurales.<a href=\"https:\/\/www.sipaz.org\/fokus-gewalt-gegen-minderjaehrige-in-mexiko-realitaet-und-suche-nach-antworten\/?lang=de\">^2<\/a>.<\/p><\/li><li><p><strong>Dipl\u00f4me de fin d'\u00e9tudes<\/strong>Seuls 27 % des jeunes indig\u00e8nes terminent la \"Secundaria\" (premier cycle de l'enseignement secondaire, 11-15 ans). Le taux d'analphab\u00e9tisme chez les jeunes indig\u00e8nes de 15 ans est de 25 %, soit quatre fois plus que la moyenne nationale.<a href=\"https:\/\/www.sipaz.org\/fokus-gewalt-gegen-minderjaehrige-in-mexiko-realitaet-und-suche-nach-antworten\/?lang=de\">^2<\/a>.<\/p><\/li><li><p><strong>Barri\u00e8res linguistiques<\/strong>De nombreux enfants indig\u00e8nes n'ont pas l'espagnol comme langue maternelle. Comme l'enseignement est g\u00e9n\u00e9ralement dispens\u00e9 en espagnol, ils sont souvent laiss\u00e9s pour compte. Les programmes d'\u00e9ducation bilingue sont encore insuffisamment mis en \u0153uvre<a href=\"https:\/\/www.pedocs.de\/volltexte\/2022\/24509\/pdf\/TC_2_2013_keyse.pdf\">^2<\/a>.<\/p><\/li><li><p><strong>Discrimination et influence culturelle \u00e9trang\u00e8re<\/strong>Les programmes scolaires sont g\u00e9n\u00e9ralement \u00e9labor\u00e9s sans la participation des communaut\u00e9s indig\u00e8nes. Les enseignants indig\u00e8nes sont confront\u00e9s \u00e0 la discrimination et aux conflits culturels dans le syst\u00e8me \u00e9ducatif.<a href=\"https:\/\/www.pedocs.de\/volltexte\/2022\/24509\/pdf\/TC_2_2013_keyse.pdf\">^3<\/a>.<\/p><\/li><\/ul><h3>3. les r\u00e9gions rurales : D\u00e9ficits structurels<\/h3><ul data-tight=\"true\"><li><p><strong>Manque d'infrastructure<\/strong>De nombreuses \u00e9coles rurales sont mal \u00e9quip\u00e9es, manquent d'enseignants qualifi\u00e9s, de mat\u00e9riel p\u00e9dagogique et de moyens de transport.<a href=\"https:\/\/magazin.sofatutor.com\/lehrer\/lernen-in-anderen-laendern-mexiko-noch-viel-zu-tun\/\">^4<\/a>.<\/p><\/li><li><p><strong>Obstacles financiers<\/strong>M\u00eame si les livres scolaires sont gratuits, les frais d'uniformes, de transport ou de nourriture peuvent poser probl\u00e8me. De nombreux enfants doivent travailler pour aider leur famille, ce qui interrompt leur scolarit\u00e9.<a href=\"https:\/\/amerika21.de\/2017\/06\/177551\/mexiko-kinder-bildung\">^2<\/a>.<\/p><\/li><li><p><strong>Suites de Covid-19<\/strong>La pand\u00e9mie a aggrav\u00e9 les d\u00e9ficits \u00e9ducatifs existants. Plus de 1,5 million d'\u00e9l\u00e8ves ne sont pas revenus apr\u00e8s les fermetures d'\u00e9coles dues \u00e0 la pand\u00e9mie.<a href=\"https:\/\/www.humanium.org\/de\/mexico\/\">^6<\/a>.<\/p><\/li><\/ul><h3>4. formation et perspectives professionnelles<\/h3><ul data-tight=\"true\"><li><p><strong>Faibles taux d'ach\u00e8vement<\/strong>Pr\u00e8s de la moiti\u00e9 de la population \u00e2g\u00e9e de 15 ans et plus n'a termin\u00e9 que l'\u00e9cole primaire. Les taux de transition vers l'enseignement secondaire et la formation professionnelle sont particuli\u00e8rement faibles chez les jeunes pauvres et indig\u00e8nes.<a href=\"https:\/\/magazin.sofatutor.com\/lehrer\/lernen-in-anderen-laendern-mexiko-noch-viel-zu-tun\/\">^7<\/a>.<\/p><\/li><li><p><strong>Formation professionnelle<\/strong>Les offres de formation professionnelle (\"t\u00e9cnica\") existent, mais sont rarement utilis\u00e9es par les enfants issus de familles pauvres et rurales, car ils doivent souvent quitter l'\u00e9cole tr\u00e8s t\u00f4t pour travailler.<a href=\"https:\/\/magazin.sofatutor.com\/lehrer\/lernen-in-anderen-laendern-mexiko-noch-viel-zu-tun\/\">^4<\/a>.<\/p><\/li><li><p><strong>Mobilit\u00e9 sociale<\/strong>L'\u00e9ducation est le principal facteur d'ascension sociale, mais reste difficile d'acc\u00e8s pour les groupes d\u00e9favoris\u00e9s.<a href=\"https:\/\/m.diplom.de\/document\/227998\">^8<\/a>.<\/p><\/li><\/ul><h3>5. initiatives et approches alternatives<\/h3><ul data-tight=\"true\"><li><p><strong>Initiatives d'\u00e9ducation indig\u00e8ne<\/strong>Dans certaines r\u00e9gions (par exemple au Chiapas), il existe des \u00e9coles indig\u00e8nes autonomes qui r\u00e9pondent aux besoins et aux langues des communaut\u00e9s. Cependant, elles ne sont souvent pas reconnues par l'\u00c9tat et re\u00e7oivent peu de soutien.<a href=\"https:\/\/www.pedocs.de\/volltexte\/2022\/24509\/pdf\/TC_2_2013_keyse.pdf\">^9<\/a>.<\/p><\/li><li><p><strong>Programmes sociaux<\/strong>Il existe des programmes gouvernementaux et de la soci\u00e9t\u00e9 civile pour promouvoir la scolarisation et l'alphab\u00e9tisation, mais ils n'atteignent pas toutes les personnes dans le besoin et sont souvent sous-financ\u00e9s.<a href=\"https:\/\/www.spendeninfo.at\/kinderhilfswerk-sueninos+2400+1113632\">^1<\/a>.<\/p><\/li><\/ul><h3>6. aper\u00e7u : probl\u00e8mes centraux et chiffres<\/h3><table><tbody><tr><th><p>Probl\u00e9matique<\/p><\/th><th><p>Situation des enfants pauvres\/ruraux\/indig\u00e8nes<\/p><\/th><\/tr><tr><td><p>Fr\u00e9quentation de l'\u00e9cole<\/p><\/td><td><p>6,1 millions d'enfants (3-17 ans) ne sont pas scolaris\u00e9s<a href=\"https:\/\/amerika21.de\/2015\/04\/119263\/kinderarmut-mexiko\">^1<\/a><\/p><\/td><\/tr><tr><td><p>Dipl\u00f4me scolaire<\/p><\/td><td><p>Seulement 27 % des jeunes autochtones terminent l'\u00e9cole secondaire<a href=\"https:\/\/www.sipaz.org\/fokus-gewalt-gegen-minderjaehrige-in-mexiko-realitaet-und-suche-nach-antworten\/?lang=de\">^2<\/a><\/p><\/td><\/tr><tr><td><p>Analphab\u00e9tisme<\/p><\/td><td><p>25 % chez les jeunes autochtones de 15 ans (moyenne nationale : 6 %)<a href=\"https:\/\/www.sipaz.org\/fokus-gewalt-gegen-minderjaehrige-in-mexiko-realitaet-und-suche-nach-antworten\/?lang=de\">^2<\/a><\/p><\/td><\/tr><tr><td><p>Travail des enfants<\/p><\/td><td><p>2,5 millions d'enfants (5-17 ans) travaillent<a href=\"https:\/\/amerika21.de\/2015\/04\/119263\/kinderarmut-mexiko\">^1<\/a><\/p><\/td><\/tr><tr><td><p>Barri\u00e8res linguistiques<\/p><\/td><td><p>Enseignement g\u00e9n\u00e9ralement uniquement en espagnol, peu d'offres bilingues<a href=\"https:\/\/www.pedocs.de\/volltexte\/2022\/24509\/pdf\/TC_2_2013_keyse.pdf\">^2<\/a><\/p><\/td><\/tr><tr><td><p>Infrastructure<\/p><\/td><td><p>Mauvais \u00e9quipement, manque d'enseignants dans les campagnes<a href=\"https:\/\/magazin.sofatutor.com\/lehrer\/lernen-in-anderen-laendern-mexiko-noch-viel-zu-tun\/\">^4<\/a><\/p><\/td><\/tr><\/tbody><\/table><h3>Conclusion<\/h3><p><strong>Au Mexique, les enfants et les jeunes issus de familles pauvres, rurales et surtout indig\u00e8nes continuent d'\u00eatre massivement d\u00e9savantag\u00e9s dans le syst\u00e8me \u00e9ducatif.<\/strong> Les principaux probl\u00e8mes sont la pauvret\u00e9, le manque d'infrastructures, les barri\u00e8res linguistiques et culturelles ainsi que le manque de reconnaissance par l'\u00c9tat des voies alternatives d'\u00e9ducation. Sans r\u00e9formes et investissements cibl\u00e9s, l'ascension sociale par l'\u00e9ducation reste une promesse non tenue pour nombre de ces enfants.<a href=\"https:\/\/www.sipaz.org\/fokus-gewalt-gegen-minderjaehrige-in-mexiko-realitaet-und-suche-nach-antworten\/?lang=de\">^1<\/a><a href=\"https:\/\/www.dvv-international.de\/weltweit\/lateinamerika\/mexiko\">^3<\/a><a href=\"https:\/\/magazin.sofatutor.com\/lehrer\/lernen-in-anderen-laendern-mexiko-noch-viel-zu-tun\/\">^6<\/a>.<\/p><div><hr \/><\/div><h1>Appr\u00e9ciation compl\u00e9mentaire du point de vue de Gradido<\/h1><p>Cette liste montre tr\u00e8s clairement \u00e0 quel point les d\u00e9savantages sociaux et structurels affectent la vie et les perspectives d'avenir de tant d'enfants au Mexique, en particulier dans les communaut\u00e9s pauvres, rurales et indig\u00e8nes. Voyons comment le Gradido pourrait agir et gu\u00e9rir ces situations :<\/p><p><strong>L'\u00e9ducation est un droit de l'homme et la cl\u00e9 de l'\u00e9panouissement - mais pas un cadeau r\u00e9serv\u00e9 \u00e0 quelques-uns.<\/strong><\/p><p>L'enfant d'un village pauvre, l'adolescent d'une communaut\u00e9 indig\u00e8ne - ils portent en eux autant de r\u00eaves, de talents et de sagesse que leurs pairs des villes. Mais la pauvret\u00e9, le manque de ressources, les barri\u00e8res linguistiques et le m\u00e9pris culturel les privent souvent d'une bonne chance de d\u00e9veloppement. Pour moi, cela r\u00e9v\u00e8le la mission la plus profonde de Gradido : <em>faire en sorte que les potentiels de tous les enfants soient visibles, stimulables et florissants<\/em>.<\/p><p><strong>C'est ainsi que le Gradido agirait :<\/strong><\/p><ul data-tight=\"true\"><li><p><strong>La s\u00e9curit\u00e9 d'existence comme condition pr\u00e9alable \u00e0 l'\u00e9ducation :<\/strong><br \/>Si les enfants et les familles apportent une contribution pr\u00e9cieuse gr\u00e2ce \u00e0 la participation inconditionnelle et qu'en contrepartie, ils sont assur\u00e9s d'un revenu de base actif, la contrainte du travail des enfants dispara\u00eet. Les enfants peuvent jouer, apprendre et s'\u00e9panouir au lieu de devoir contribuer \u00e0 leur survie.<\/p><\/li><li><p><strong>Des ressources pour l'\u00e9ducation, o\u00f9 qu'elle soit :<\/strong><br \/>La cr\u00e9ation de valeur d\u00e9centralis\u00e9e permet de construire de mani\u00e8re cibl\u00e9e des \u00e9coles, du mat\u00e9riel p\u00e9dagogique et des infrastructures dans toutes les r\u00e9gions - non pas en fonction de l'utilit\u00e9 \u00e9conomique, mais en fonction des besoins humains.<\/p><\/li><li><p><strong>La diversit\u00e9 culturelle et linguistique, un tr\u00e9sor :<\/strong><br \/>Gradido honore chaque identit\u00e9. Les offres \u00e9ducatives pourraient \u00eatre con\u00e7ues en collaboration avec les communaut\u00e9s indig\u00e8nes, en plusieurs langues, et adapt\u00e9es aux traditions locales. Cela renforce la dignit\u00e9 et l'appartenance.<\/p><\/li><li><p><strong>Valorisation de tous les parcours \u00e9ducatifs :<\/strong><br \/>Les parcours d'apprentissage aussi bien classiques qu'artisanaux, culturels ou \u00e9cologiques sont encourag\u00e9s de mani\u00e8re visible et \u00e9quivalente - les talents et les dons comptent davantage que les dipl\u00f4mes formels.<\/p><\/li><li><p><strong>Donner les moyens aux parents et aux enseignants :<\/strong><br \/>Parce que le travail de care et d'\u00e9ducation est valoris\u00e9, davantage de personnes peuvent se consacrer \u00e0 leur vocation d'enseignant au lieu d'accepter des emplois lointains pour des raisons \u00e9conomiques.<\/p><\/li><li><p><strong>Le plaisir d'apprendre plut\u00f4t que la peur de manquer :<\/strong><br \/>L'\u00e9ducation est associ\u00e9e \u00e0 la participation et \u00e0 l'espoir - et non \u00e0 la s\u00e9lection, \u00e0 la pression ou \u00e0 la peur de l'existence.<\/p><\/li><\/ul><div><hr \/><\/div><p><strong>Les enfants sont des graines de changement.<\/strong><br \/>L\u00e0 o\u00f9 ils ne meurent pas de faim, ne sont pas discrimin\u00e9s, ne sont pas d\u00e9courag\u00e9s, la force pour une nouvelle terre grandit. Avec Gradido, chaque individu - quel que soit son lieu de naissance - b\u00e9n\u00e9ficie des meilleures conditions pour se d\u00e9velopper, se r\u00e9jouir et vivre dignement.<\/p><\/div><\/div><\/div>\t\t\t\t\t\t\t\t<\/div>\n\t\t\t\t<\/div>\n\t\t\t\t\t<\/div>\n\t\t<\/div>\n\t\t\t\t\t<\/div>\n\t\t<\/section>\n\t\t\t\t<\/div>","protected":false},"excerpt":{"rendered":"<p>Bildung in Mexiko Hauptseite: Mexiko 1. Wirtschaftliche, soziale und politische Situation2. Verteilung von Reichtum und Armut3. Arbeitsmigration und Geldr\u00fcckfl\u00fcsse4. Korruption und Kriminalit\u00e4t5. Kulturelle Werte6. Bildung7. Gesundheitsversorgung8. Care-Arbeit, Freiwilligenarbeit und Nachbarschaftshilfe9. Innovation, Digitalisierung und alternative Wirtschaftsmodelle10.Genossenschaften11. Potenziale und H\u00fcrden f\u00fcr Gradido12. Internationale Akteure13. Landwirtschaft Bildungs- und Ausbildungssituation in Mexiko Fokus: Kinder und Jugendliche aus armen, l\u00e4ndlichen [&hellip;]<\/p>\n","protected":false},"author":2,"featured_media":10458,"parent":10731,"menu_order":0,"comment_status":"closed","ping_status":"closed","template":"","meta":{"footnotes":""},"class_list":["post-10882","page","type-page","status-publish","has-post-thumbnail","hentry"],"yoast_head":"<!-- This site is optimized with the Yoast SEO plugin v27.5 - https:\/\/yoast.com\/product\/yoast-seo-wordpress\/ -->\n<title>Bildung in Mexiko - Gradido<\/title>\n<meta name=\"description\" content=\"Sei Teil der Bewegung!Gemeinsam bringen wir Gradido in die Welt.\" \/>\n<meta name=\"robots\" content=\"index, follow, max-snippet:-1, max-image-preview:large, max-video-preview:-1\" \/>\n<link rel=\"canonical\" href=\"https:\/\/gradido.net\/fr\/countries\/mexico\/education\/\" \/>\n<meta property=\"og:locale\" content=\"fr_FR\" \/>\n<meta property=\"og:type\" content=\"article\" \/>\n<meta property=\"og:title\" content=\"Bildung in Mexiko - Gradido\" \/>\n<meta property=\"og:description\" content=\"Sei Teil der Bewegung!Gemeinsam bringen wir Gradido in die Welt.\" \/>\n<meta property=\"og:url\" content=\"https:\/\/gradido.net\/fr\/countries\/mexico\/education\/\" \/>\n<meta property=\"og:site_name\" content=\"Gradido\" \/>\n<meta property=\"article:modified_time\" content=\"2025-10-04T07:58:09+00:00\" \/>\n<meta property=\"og:image\" content=\"https:\/\/gradido.net\/wp-content\/uploads\/2025\/07\/AdobeStock_3210827871-scaled.jpeg\" \/>\n\t<meta property=\"og:image:width\" content=\"2560\" \/>\n\t<meta property=\"og:image:height\" content=\"790\" \/>\n\t<meta property=\"og:image:type\" content=\"image\/jpeg\" \/>\n<meta name=\"twitter:card\" content=\"summary_large_image\" \/>\n<meta name=\"twitter:label1\" content=\"Dur\u00e9e de lecture estim\u00e9e\" \/>\n\t<meta name=\"twitter:data1\" content=\"6 minutes\" \/>\n<script type=\"application\/ld+json\" class=\"yoast-schema-graph\">{\"@context\":\"https:\\\/\\\/schema.org\",\"@graph\":[{\"@type\":\"WebPage\",\"@id\":\"https:\\\/\\\/gradido.net\\\/countries\\\/mexico\\\/education\\\/\",\"url\":\"https:\\\/\\\/gradido.net\\\/countries\\\/mexico\\\/education\\\/\",\"name\":\"Bildung in Mexiko - Gradido\",\"isPartOf\":{\"@id\":\"https:\\\/\\\/gradido.net\\\/de\\\/#website\"},\"primaryImageOfPage\":{\"@id\":\"https:\\\/\\\/gradido.net\\\/countries\\\/mexico\\\/education\\\/#primaryimage\"},\"image\":{\"@id\":\"https:\\\/\\\/gradido.net\\\/countries\\\/mexico\\\/education\\\/#primaryimage\"},\"thumbnailUrl\":\"https:\\\/\\\/gradido.net\\\/wp-content\\\/uploads\\\/2025\\\/07\\\/AdobeStock_3210827871-scaled.jpeg\",\"datePublished\":\"2025-08-12T06:45:28+00:00\",\"dateModified\":\"2025-10-04T07:58:09+00:00\",\"description\":\"Sei Teil der Bewegung!Gemeinsam bringen wir Gradido in die Welt.\",\"breadcrumb\":{\"@id\":\"https:\\\/\\\/gradido.net\\\/countries\\\/mexico\\\/education\\\/#breadcrumb\"},\"inLanguage\":\"fr-FR\",\"potentialAction\":[{\"@type\":\"ReadAction\",\"target\":[\"https:\\\/\\\/gradido.net\\\/countries\\\/mexico\\\/education\\\/\"]}]},{\"@type\":\"ImageObject\",\"inLanguage\":\"fr-FR\",\"@id\":\"https:\\\/\\\/gradido.net\\\/countries\\\/mexico\\\/education\\\/#primaryimage\",\"url\":\"https:\\\/\\\/gradido.net\\\/wp-content\\\/uploads\\\/2025\\\/07\\\/AdobeStock_3210827871-scaled.jpeg\",\"contentUrl\":\"https:\\\/\\\/gradido.net\\\/wp-content\\\/uploads\\\/2025\\\/07\\\/AdobeStock_3210827871-scaled.jpeg\",\"width\":2560,\"height\":790,\"caption\":\"world globe planet earth 3d-illustration. elements of this image furnished by NASA\"},{\"@type\":\"BreadcrumbList\",\"@id\":\"https:\\\/\\\/gradido.net\\\/countries\\\/mexico\\\/education\\\/#breadcrumb\",\"itemListElement\":[{\"@type\":\"ListItem\",\"position\":1,\"name\":\"Startseite\",\"item\":\"https:\\\/\\\/gradido.net\\\/\"},{\"@type\":\"ListItem\",\"position\":2,\"name\":\"L\u00e4nderforschung\",\"item\":\"https:\\\/\\\/gradido.net\\\/countries\\\/\"},{\"@type\":\"ListItem\",\"position\":3,\"name\":\"Mexiko\",\"item\":\"https:\\\/\\\/gradido.net\\\/countries\\\/mexico\\\/\"},{\"@type\":\"ListItem\",\"position\":4,\"name\":\"Bildung in Mexiko\"}]},{\"@type\":\"WebSite\",\"@id\":\"https:\\\/\\\/gradido.net\\\/de\\\/#website\",\"url\":\"https:\\\/\\\/gradido.net\\\/de\\\/\",\"name\":\"Gradido\",\"description\":\"Die neue W\u00e4hrung hei\u00dft Dankbarkeit\",\"publisher\":{\"@id\":\"https:\\\/\\\/gradido.net\\\/de\\\/#organization\"},\"potentialAction\":[{\"@type\":\"SearchAction\",\"target\":{\"@type\":\"EntryPoint\",\"urlTemplate\":\"https:\\\/\\\/gradido.net\\\/de\\\/?s={search_term_string}\"},\"query-input\":{\"@type\":\"PropertyValueSpecification\",\"valueRequired\":true,\"valueName\":\"search_term_string\"}}],\"inLanguage\":\"fr-FR\"},{\"@type\":\"Organization\",\"@id\":\"https:\\\/\\\/gradido.net\\\/de\\\/#organization\",\"name\":\"Gradido\",\"url\":\"https:\\\/\\\/gradido.net\\\/de\\\/\",\"logo\":{\"@type\":\"ImageObject\",\"inLanguage\":\"fr-FR\",\"@id\":\"https:\\\/\\\/gradido.net\\\/de\\\/#\\\/schema\\\/logo\\\/image\\\/\",\"url\":\"https:\\\/\\\/gradido.net\\\/wp-content\\\/uploads\\\/2022\\\/04\\\/gradido-social.jpg\",\"contentUrl\":\"https:\\\/\\\/gradido.net\\\/wp-content\\\/uploads\\\/2022\\\/04\\\/gradido-social.jpg\",\"width\":527,\"height\":273,\"caption\":\"Gradido\"},\"image\":{\"@id\":\"https:\\\/\\\/gradido.net\\\/de\\\/#\\\/schema\\\/logo\\\/image\\\/\"}}]}<\/script>\n<!-- \/ Yoast SEO plugin. -->","yoast_head_json":{"title":"L'\u00e9ducation au Mexique - Gradido","description":"Fais partie du mouvement!Ensemble, nous apportons Gradido au monde.","robots":{"index":"index","follow":"follow","max-snippet":"max-snippet:-1","max-image-preview":"max-image-preview:large","max-video-preview":"max-video-preview:-1"},"canonical":"https:\/\/gradido.net\/fr\/countries\/mexico\/education\/","og_locale":"fr_FR","og_type":"article","og_title":"Bildung in Mexiko - Gradido","og_description":"Sei Teil der Bewegung!Gemeinsam bringen wir Gradido in die Welt.","og_url":"https:\/\/gradido.net\/fr\/countries\/mexico\/education\/","og_site_name":"Gradido","article_modified_time":"2025-10-04T07:58:09+00:00","og_image":[{"width":2560,"height":790,"url":"https:\/\/gradido.net\/wp-content\/uploads\/2025\/07\/AdobeStock_3210827871-scaled.jpeg","type":"image\/jpeg"}],"twitter_card":"summary_large_image","twitter_misc":{"Dur\u00e9e de lecture estim\u00e9e":"6 minutes"},"schema":{"@context":"https:\/\/schema.org","@graph":[{"@type":"WebPage","@id":"https:\/\/gradido.net\/countries\/mexico\/education\/","url":"https:\/\/gradido.net\/countries\/mexico\/education\/","name":"L'\u00e9ducation au Mexique - Gradido","isPartOf":{"@id":"https:\/\/gradido.net\/de\/#website"},"primaryImageOfPage":{"@id":"https:\/\/gradido.net\/countries\/mexico\/education\/#primaryimage"},"image":{"@id":"https:\/\/gradido.net\/countries\/mexico\/education\/#primaryimage"},"thumbnailUrl":"https:\/\/gradido.net\/wp-content\/uploads\/2025\/07\/AdobeStock_3210827871-scaled.jpeg","datePublished":"2025-08-12T06:45:28+00:00","dateModified":"2025-10-04T07:58:09+00:00","description":"Fais partie du mouvement!Ensemble, nous apportons Gradido au monde.","breadcrumb":{"@id":"https:\/\/gradido.net\/countries\/mexico\/education\/#breadcrumb"},"inLanguage":"fr-FR","potentialAction":[{"@type":"ReadAction","target":["https:\/\/gradido.net\/countries\/mexico\/education\/"]}]},{"@type":"ImageObject","inLanguage":"fr-FR","@id":"https:\/\/gradido.net\/countries\/mexico\/education\/#primaryimage","url":"https:\/\/gradido.net\/wp-content\/uploads\/2025\/07\/AdobeStock_3210827871-scaled.jpeg","contentUrl":"https:\/\/gradido.net\/wp-content\/uploads\/2025\/07\/AdobeStock_3210827871-scaled.jpeg","width":2560,"height":790,"caption":"world globe planet earth 3d-illustration. elements of this image furnished by NASA"},{"@type":"BreadcrumbList","@id":"https:\/\/gradido.net\/countries\/mexico\/education\/#breadcrumb","itemListElement":[{"@type":"ListItem","position":1,"name":"Startseite","item":"https:\/\/gradido.net\/"},{"@type":"ListItem","position":2,"name":"L\u00e4nderforschung","item":"https:\/\/gradido.net\/countries\/"},{"@type":"ListItem","position":3,"name":"Mexiko","item":"https:\/\/gradido.net\/countries\/mexico\/"},{"@type":"ListItem","position":4,"name":"Bildung in Mexiko"}]},{"@type":"WebSite","@id":"https:\/\/gradido.net\/de\/#website","url":"https:\/\/gradido.net\/de\/","name":"Gradido","description":"La nouvelle monnaie s'appelle la gratitude","publisher":{"@id":"https:\/\/gradido.net\/de\/#organization"},"potentialAction":[{"@type":"SearchAction","target":{"@type":"EntryPoint","urlTemplate":"https:\/\/gradido.net\/de\/?s={search_term_string}"},"query-input":{"@type":"PropertyValueSpecification","valueRequired":true,"valueName":"search_term_string"}}],"inLanguage":"fr-FR"},{"@type":"Organization","@id":"https:\/\/gradido.net\/de\/#organization","name":"Gradido","url":"https:\/\/gradido.net\/de\/","logo":{"@type":"ImageObject","inLanguage":"fr-FR","@id":"https:\/\/gradido.net\/de\/#\/schema\/logo\/image\/","url":"https:\/\/gradido.net\/wp-content\/uploads\/2022\/04\/gradido-social.jpg","contentUrl":"https:\/\/gradido.net\/wp-content\/uploads\/2022\/04\/gradido-social.jpg","width":527,"height":273,"caption":"Gradido"},"image":{"@id":"https:\/\/gradido.net\/de\/#\/schema\/logo\/image\/"}}]}},"_links":{"self":[{"href":"https:\/\/gradido.net\/fr\/wp-json\/wp\/v2\/pages\/10882","targetHints":{"allow":["GET"]}}],"collection":[{"href":"https:\/\/gradido.net\/fr\/wp-json\/wp\/v2\/pages"}],"about":[{"href":"https:\/\/gradido.net\/fr\/wp-json\/wp\/v2\/types\/page"}],"author":[{"embeddable":true,"href":"https:\/\/gradido.net\/fr\/wp-json\/wp\/v2\/users\/2"}],"replies":[{"embeddable":true,"href":"https:\/\/gradido.net\/fr\/wp-json\/wp\/v2\/comments?post=10882"}],"version-history":[{"count":13,"href":"https:\/\/gradido.net\/fr\/wp-json\/wp\/v2\/pages\/10882\/revisions"}],"predecessor-version":[{"id":11923,"href":"https:\/\/gradido.net\/fr\/wp-json\/wp\/v2\/pages\/10882\/revisions\/11923"}],"up":[{"embeddable":true,"href":"https:\/\/gradido.net\/fr\/wp-json\/wp\/v2\/pages\/10731"}],"wp:featuredmedia":[{"embeddable":true,"href":"https:\/\/gradido.net\/fr\/wp-json\/wp\/v2\/media\/10458"}],"wp:attachment":[{"href":"https:\/\/gradido.net\/fr\/wp-json\/wp\/v2\/media?parent=10882"}],"curies":[{"name":"wp","href":"https:\/\/api.w.org\/{rel}","templated":true}]}}