{"id":11335,"date":"2025-08-15T13:52:57","date_gmt":"2025-08-15T11:52:57","guid":{"rendered":"https:\/\/gradido.net\/?page_id=11335"},"modified":"2025-11-09T19:33:20","modified_gmt":"2025-11-09T18:33:20","slug":"pilot-projects-in-german-cities","status":"publish","type":"page","link":"https:\/\/gradido.net\/fr\/countries\/germany\/pilot-projects-in-german-cities\/","title":{"rendered":"Allemagne : projets pilotes dans des villes allemandes"},"content":{"rendered":"<div data-elementor-type=\"wp-page\" data-elementor-id=\"11335\" class=\"elementor elementor-11335\" data-elementor-post-type=\"page\">\n\t\t\t\t\t\t<section class=\"elementor-section elementor-top-section elementor-element elementor-element-4ce3e8af elementor-section-full_width elementor-section-height-default elementor-section-height-default\" data-id=\"4ce3e8af\" data-element_type=\"section\" data-e-type=\"section\">\n\t\t\t\t\t\t<div class=\"elementor-container elementor-column-gap-no\">\n\t\t\t\t\t<div class=\"elementor-column elementor-col-100 elementor-top-column elementor-element elementor-element-efa8c8c\" data-id=\"efa8c8c\" data-element_type=\"column\" data-e-type=\"column\">\n\t\t\t<div class=\"elementor-widget-wrap elementor-element-populated\">\n\t\t\t\t\t\t<div class=\"elementor-element elementor-element-e088aa4 elementor--h-position-center elementor--v-position-middle elementor-arrows-position-inside elementor-widget elementor-widget-slides\" data-id=\"e088aa4\" data-element_type=\"widget\" data-e-type=\"widget\" data-settings=\"{&quot;navigation&quot;:&quot;arrows&quot;,&quot;autoplay&quot;:&quot;yes&quot;,&quot;pause_on_hover&quot;:&quot;yes&quot;,&quot;pause_on_interaction&quot;:&quot;yes&quot;,&quot;autoplay_speed&quot;:5000,&quot;infinite&quot;:&quot;yes&quot;,&quot;transition&quot;:&quot;slide&quot;,&quot;transition_speed&quot;:500}\" data-widget_type=\"slides.default\">\n\t\t\t\t<div class=\"elementor-widget-container\">\n\t\t\t\t\t\t\t\t\t<div class=\"elementor-swiper\">\n\t\t\t\t\t<div class=\"elementor-slides-wrapper elementor-main-swiper swiper\" role=\"region\" aria-roledescription=\"carousel\" aria-label=\"Slider\" dir=\"ltr\" data-animation=\"fadeInUp\">\n\t\t\t\t<div class=\"swiper-wrapper elementor-slides\">\n\t\t\t\t\t\t\t\t\t\t<div class=\"elementor-repeater-item-2de4990 swiper-slide\" role=\"group\" aria-roledescription=\"slide\"><div class=\"swiper-slide-bg\" role=\"img\" aria-label=\"neuschwanstein-2602208_1280\"><\/div><div class=\"swiper-slide-inner\" ><div class=\"swiper-slide-contents\"><\/div><\/div><\/div><div class=\"elementor-repeater-item-28f126e swiper-slide\" role=\"group\" aria-roledescription=\"slide\"><div class=\"swiper-slide-bg\" role=\"img\" aria-label=\"building-6994803_1280\"><\/div><div class=\"swiper-slide-inner\" ><div class=\"swiper-slide-contents\"><\/div><\/div><\/div><div class=\"elementor-repeater-item-992da35 swiper-slide\" role=\"group\" aria-roledescription=\"slide\"><div class=\"swiper-slide-bg\" role=\"img\" aria-label=\"flux-9587488_1280\"><\/div><div class=\"swiper-slide-inner\" ><div class=\"swiper-slide-contents\"><\/div><\/div><\/div><div class=\"elementor-repeater-item-1a67a9d swiper-slide\" role=\"group\" aria-roledescription=\"slide\"><div class=\"swiper-slide-bg\" role=\"img\" aria-label=\"hambourg-4570577_1280\"><\/div><div class=\"swiper-slide-inner\" ><div class=\"swiper-slide-contents\"><\/div><\/div><\/div><div class=\"elementor-repeater-item-2799f50 swiper-slide\" role=\"group\" aria-roledescription=\"slide\"><div class=\"swiper-slide-bg\" role=\"img\" aria-label=\"berlin-8429780_1280\"><\/div><div class=\"swiper-slide-inner\" ><div class=\"swiper-slide-contents\"><\/div><\/div><\/div><div class=\"elementor-repeater-item-22adf08 swiper-slide\" role=\"group\" aria-roledescription=\"slide\"><div class=\"swiper-slide-bg\" role=\"img\" aria-label=\"cologne-cathedral-1846338_1280\"><\/div><div class=\"swiper-slide-inner\" ><div class=\"swiper-slide-contents\"><\/div><\/div><\/div>\t\t\t\t<\/div>\n\t\t\t\t\t\t\t\t\t\t\t\t\t\t\t<div class=\"elementor-swiper-button elementor-swiper-button-prev\" role=\"button\" tabindex=\"0\" aria-label=\"Predch\u00e1dzaj\u00faci sn\u00edmok\" data-no-translation-aria-label=\"\">\n\t\t\t\t\t\t\t<i aria-hidden=\"true\" class=\"eicon-chevron-left\"><\/i>\t\t\t\t\t\t<\/div>\n\t\t\t\t\t\t<div class=\"elementor-swiper-button elementor-swiper-button-next\" role=\"button\" tabindex=\"0\" aria-label=\"\u010eal\u0161ia sn\u00edmka\" data-no-translation-aria-label=\"\">\n\t\t\t\t\t\t\t<i aria-hidden=\"true\" class=\"eicon-chevron-right\"><\/i>\t\t\t\t\t\t<\/div>\n\t\t\t\t\t\t\t\t\t\t\t\t\t\t\t\t\t<\/div>\n\t\t\t\t<\/div>\n\t\t\t\t\t\t\t\t<\/div>\n\t\t\t\t<\/div>\n\t\t\t\t\t<\/div>\n\t\t<\/div>\n\t\t\t\t\t<\/div>\n\t\t<\/section>\n\t\t\t\t<section class=\"elementor-section elementor-top-section elementor-element elementor-element-240baa7a elementor-section-boxed elementor-section-height-default elementor-section-height-default\" data-id=\"240baa7a\" data-element_type=\"section\" data-e-type=\"section\" data-settings=\"{&quot;background_background&quot;:&quot;classic&quot;}\">\n\t\t\t\t\t\t<div class=\"elementor-container elementor-column-gap-default\">\n\t\t\t\t\t<div class=\"elementor-column elementor-col-100 elementor-top-column elementor-element elementor-element-1afe9e42\" data-id=\"1afe9e42\" data-element_type=\"column\" data-e-type=\"column\">\n\t\t\t<div class=\"elementor-widget-wrap elementor-element-populated\">\n\t\t\t\t\t\t<div class=\"elementor-element elementor-element-65bd50ae elementor-widget elementor-widget-heading\" data-id=\"65bd50ae\" data-element_type=\"widget\" data-e-type=\"widget\" data-widget_type=\"heading.default\">\n\t\t\t\t<div class=\"elementor-widget-container\">\n\t\t\t\t\t<h1 class=\"elementor-heading-title elementor-size-default\">Projets pilotes dans des villes allemandes<\/h1>\t\t\t\t<\/div>\n\t\t\t\t<\/div>\n\t\t\t\t\t<\/div>\n\t\t<\/div>\n\t\t\t\t\t<\/div>\n\t\t<\/section>\n\t\t\t\t<section class=\"elementor-section elementor-top-section elementor-element elementor-element-446540f elementor-section-boxed elementor-section-height-default elementor-section-height-default\" data-id=\"446540f\" data-element_type=\"section\" data-e-type=\"section\">\n\t\t\t\t\t\t<div class=\"elementor-container elementor-column-gap-default\">\n\t\t\t\t\t<div class=\"elementor-column elementor-col-100 elementor-top-column elementor-element elementor-element-312a2d3\" data-id=\"312a2d3\" data-element_type=\"column\" data-e-type=\"column\">\n\t\t\t<div class=\"elementor-widget-wrap elementor-element-populated\">\n\t\t\t\t\t\t<div class=\"elementor-element elementor-element-8071a6f elementor-nav-menu--dropdown-tablet elementor-nav-menu__text-align-aside elementor-nav-menu--toggle elementor-nav-menu--burger elementor-widget elementor-widget-nav-menu\" data-id=\"8071a6f\" data-element_type=\"widget\" data-e-type=\"widget\" data-settings=\"{&quot;layout&quot;:&quot;horizontal&quot;,&quot;submenu_icon&quot;:{&quot;value&quot;:&quot;&lt;i class=\\&quot;fas fa-caret-down\\&quot; aria-hidden=\\&quot;true\\&quot;&gt;&lt;\\\/i&gt;&quot;,&quot;library&quot;:&quot;fa-solid&quot;},&quot;toggle&quot;:&quot;burger&quot;}\" data-widget_type=\"nav-menu.default\">\n\t\t\t\t<div class=\"elementor-widget-container\">\n\t\t\t\t\t\t\t\t<nav aria-label=\"Recherche sur les pays\" class=\"elementor-nav-menu--main elementor-nav-menu__container elementor-nav-menu--layout-horizontal e--pointer-underline e--animation-grow\">\n\t\t\t\t<ul id=\"menu-1-8071a6f\" class=\"elementor-nav-menu\"><li class=\"menu-item menu-item-type-custom menu-item-object-custom menu-item-has-children menu-item-12305\"><a class=\"elementor-item\">Afrique<\/a>\n<ul class=\"sub-menu elementor-nav-menu--dropdown\">\n\t<li class=\"menu-item menu-item-type-post_type menu-item-object-page menu-item-12253\"><a href=\"https:\/\/gradido.net\/fr\/countries\/afrika\/\" class=\"elementor-sub-item\">Afrique, ensemble du continent<\/a><\/li>\n\t<li class=\"menu-item menu-item-type-post_type menu-item-object-page menu-item-13097\"><a href=\"https:\/\/gradido.net\/fr\/countries\/afrika\/dr-congo\/\" class=\"elementor-sub-item\">R\u00e9publique d\u00e9mocratique du Congo<\/a><\/li>\n\t<li class=\"menu-item menu-item-type-post_type menu-item-object-page menu-item-12414\"><a href=\"https:\/\/gradido.net\/fr\/countries\/afrika\/kenya\/\" class=\"elementor-sub-item\">Kenya<\/a><\/li>\n\t<li class=\"menu-item menu-item-type-post_type menu-item-object-page menu-item-12737\"><a href=\"https:\/\/gradido.net\/fr\/countries\/afrika\/madagascar\/\" class=\"elementor-sub-item\">Madagascar<\/a><\/li>\n\t<li class=\"menu-item menu-item-type-post_type menu-item-object-page menu-item-12148\"><a href=\"https:\/\/gradido.net\/fr\/countries\/afrika\/namibia\/\" class=\"elementor-sub-item\">Namibie<\/a><\/li>\n\t<li class=\"menu-item menu-item-type-post_type menu-item-object-page menu-item-12839\"><a href=\"https:\/\/gradido.net\/fr\/countries\/afrika\/rwanda\/\" class=\"elementor-sub-item\">Rwanda<\/a><\/li>\n<\/ul>\n<\/li>\n<li class=\"menu-item menu-item-type-custom menu-item-object-custom menu-item-has-children menu-item-11798\"><a class=\"elementor-item\">Am\u00e9rique<\/a>\n<ul class=\"sub-menu elementor-nav-menu--dropdown\">\n\t<li class=\"menu-item menu-item-type-post_type menu-item-object-page menu-item-12463\"><a href=\"https:\/\/gradido.net\/fr\/countries\/usa\/\" class=\"elementor-sub-item\">USA<\/a><\/li>\n\t<li class=\"menu-item menu-item-type-post_type menu-item-object-page menu-item-11791\"><a href=\"https:\/\/gradido.net\/fr\/countries\/mexico\/\" class=\"elementor-sub-item\">Mexique<\/a><\/li>\n<\/ul>\n<\/li>\n<li class=\"menu-item menu-item-type-custom menu-item-object-custom menu-item-has-children menu-item-11800\"><a class=\"elementor-item\">Asie<\/a>\n<ul class=\"sub-menu elementor-nav-menu--dropdown\">\n\t<li class=\"menu-item menu-item-type-post_type menu-item-object-page menu-item-11794\"><a href=\"https:\/\/gradido.net\/fr\/countries\/maledives\/\" class=\"elementor-sub-item\">Maldives<\/a><\/li>\n\t<li class=\"menu-item menu-item-type-post_type menu-item-object-page menu-item-11790\"><a href=\"https:\/\/gradido.net\/fr\/countries\/philippines\/\" class=\"elementor-sub-item\">Philppines<\/a><\/li>\n\t<li class=\"menu-item menu-item-type-post_type menu-item-object-page menu-item-11802\"><a href=\"https:\/\/gradido.net\/fr\/countries\/saudi-arabia\/\" class=\"elementor-sub-item\">Arabie saoudite<\/a><\/li>\n<\/ul>\n<\/li>\n<li class=\"menu-item menu-item-type-custom menu-item-object-custom menu-item-has-children menu-item-11797\"><a class=\"elementor-item\">Europe<\/a>\n<ul class=\"sub-menu elementor-nav-menu--dropdown\">\n\t<li class=\"menu-item menu-item-type-post_type menu-item-object-page menu-item-11805\"><a href=\"https:\/\/gradido.net\/fr\/countries\/germany\/\" class=\"elementor-sub-item\">Allemagne<\/a><\/li>\n\t<li class=\"menu-item menu-item-type-post_type menu-item-object-page menu-item-11803\"><a href=\"https:\/\/gradido.net\/fr\/countries\/greece\/\" class=\"elementor-sub-item\">Gr\u00e8ce<\/a><\/li>\n\t<li class=\"menu-item menu-item-type-post_type menu-item-object-page menu-item-11788\"><a href=\"https:\/\/gradido.net\/fr\/countries\/spain\/\" class=\"elementor-sub-item\">Espagne<\/a><\/li>\n<\/ul>\n<\/li>\n<li class=\"menu-item menu-item-type-custom menu-item-object-custom menu-item-has-children menu-item-11801\"><a class=\"elementor-item\">Oc\u00e9anie<\/a>\n<ul class=\"sub-menu elementor-nav-menu--dropdown\">\n\t<li class=\"menu-item menu-item-type-post_type menu-item-object-page menu-item-11793\"><a href=\"https:\/\/gradido.net\/fr\/countries\/marshall-islands\/\" class=\"elementor-sub-item\">\u00celes Marshall<\/a><\/li>\n\t<li class=\"menu-item menu-item-type-post_type menu-item-object-page menu-item-11795\"><a href=\"https:\/\/gradido.net\/fr\/countries\/tahiti\/\" class=\"elementor-sub-item\">Tahiti<\/a><\/li>\n<\/ul>\n<\/li>\n<\/ul>\t\t\t<\/nav>\n\t\t\t\t\t<div class=\"elementor-menu-toggle\" role=\"button\" tabindex=\"0\" aria-label=\"Permuter le menu\" aria-expanded=\"false\">\n\t\t\t<i aria-hidden=\"true\" role=\"presentation\" class=\"elementor-menu-toggle__icon--open eicon-menu-bar\"><\/i><i aria-hidden=\"true\" role=\"presentation\" class=\"elementor-menu-toggle__icon--close eicon-close\"><\/i>\t\t<\/div>\n\t\t\t\t\t<nav class=\"elementor-nav-menu--dropdown elementor-nav-menu__container\" aria-hidden=\"true\">\n\t\t\t\t<ul id=\"menu-2-8071a6f\" class=\"elementor-nav-menu\"><li class=\"menu-item menu-item-type-custom menu-item-object-custom menu-item-has-children menu-item-12305\"><a class=\"elementor-item\" tabindex=\"-1\">Afrique<\/a>\n<ul class=\"sub-menu elementor-nav-menu--dropdown\">\n\t<li class=\"menu-item menu-item-type-post_type menu-item-object-page menu-item-12253\"><a href=\"https:\/\/gradido.net\/fr\/countries\/afrika\/\" class=\"elementor-sub-item\" tabindex=\"-1\">Afrique, ensemble du continent<\/a><\/li>\n\t<li class=\"menu-item menu-item-type-post_type menu-item-object-page menu-item-13097\"><a href=\"https:\/\/gradido.net\/fr\/countries\/afrika\/dr-congo\/\" class=\"elementor-sub-item\" tabindex=\"-1\">R\u00e9publique d\u00e9mocratique du Congo<\/a><\/li>\n\t<li class=\"menu-item menu-item-type-post_type menu-item-object-page menu-item-12414\"><a href=\"https:\/\/gradido.net\/fr\/countries\/afrika\/kenya\/\" class=\"elementor-sub-item\" tabindex=\"-1\">Kenya<\/a><\/li>\n\t<li class=\"menu-item menu-item-type-post_type menu-item-object-page menu-item-12737\"><a href=\"https:\/\/gradido.net\/fr\/countries\/afrika\/madagascar\/\" class=\"elementor-sub-item\" tabindex=\"-1\">Madagascar<\/a><\/li>\n\t<li class=\"menu-item menu-item-type-post_type menu-item-object-page menu-item-12148\"><a href=\"https:\/\/gradido.net\/fr\/countries\/afrika\/namibia\/\" class=\"elementor-sub-item\" tabindex=\"-1\">Namibie<\/a><\/li>\n\t<li class=\"menu-item menu-item-type-post_type menu-item-object-page menu-item-12839\"><a href=\"https:\/\/gradido.net\/fr\/countries\/afrika\/rwanda\/\" class=\"elementor-sub-item\" tabindex=\"-1\">Rwanda<\/a><\/li>\n<\/ul>\n<\/li>\n<li class=\"menu-item menu-item-type-custom menu-item-object-custom menu-item-has-children menu-item-11798\"><a class=\"elementor-item\" tabindex=\"-1\">Am\u00e9rique<\/a>\n<ul class=\"sub-menu elementor-nav-menu--dropdown\">\n\t<li class=\"menu-item menu-item-type-post_type menu-item-object-page menu-item-12463\"><a href=\"https:\/\/gradido.net\/fr\/countries\/usa\/\" class=\"elementor-sub-item\" tabindex=\"-1\">USA<\/a><\/li>\n\t<li class=\"menu-item menu-item-type-post_type menu-item-object-page menu-item-11791\"><a href=\"https:\/\/gradido.net\/fr\/countries\/mexico\/\" class=\"elementor-sub-item\" tabindex=\"-1\">Mexique<\/a><\/li>\n<\/ul>\n<\/li>\n<li class=\"menu-item menu-item-type-custom menu-item-object-custom menu-item-has-children menu-item-11800\"><a class=\"elementor-item\" tabindex=\"-1\">Asie<\/a>\n<ul class=\"sub-menu elementor-nav-menu--dropdown\">\n\t<li class=\"menu-item menu-item-type-post_type menu-item-object-page menu-item-11794\"><a href=\"https:\/\/gradido.net\/fr\/countries\/maledives\/\" class=\"elementor-sub-item\" tabindex=\"-1\">Maldives<\/a><\/li>\n\t<li class=\"menu-item menu-item-type-post_type menu-item-object-page menu-item-11790\"><a href=\"https:\/\/gradido.net\/fr\/countries\/philippines\/\" class=\"elementor-sub-item\" tabindex=\"-1\">Philppines<\/a><\/li>\n\t<li class=\"menu-item menu-item-type-post_type menu-item-object-page menu-item-11802\"><a href=\"https:\/\/gradido.net\/fr\/countries\/saudi-arabia\/\" class=\"elementor-sub-item\" tabindex=\"-1\">Arabie saoudite<\/a><\/li>\n<\/ul>\n<\/li>\n<li class=\"menu-item menu-item-type-custom menu-item-object-custom menu-item-has-children menu-item-11797\"><a class=\"elementor-item\" tabindex=\"-1\">Europe<\/a>\n<ul class=\"sub-menu elementor-nav-menu--dropdown\">\n\t<li class=\"menu-item menu-item-type-post_type menu-item-object-page menu-item-11805\"><a href=\"https:\/\/gradido.net\/fr\/countries\/germany\/\" class=\"elementor-sub-item\" tabindex=\"-1\">Allemagne<\/a><\/li>\n\t<li class=\"menu-item menu-item-type-post_type menu-item-object-page menu-item-11803\"><a href=\"https:\/\/gradido.net\/fr\/countries\/greece\/\" class=\"elementor-sub-item\" tabindex=\"-1\">Gr\u00e8ce<\/a><\/li>\n\t<li class=\"menu-item menu-item-type-post_type menu-item-object-page menu-item-11788\"><a href=\"https:\/\/gradido.net\/fr\/countries\/spain\/\" class=\"elementor-sub-item\" tabindex=\"-1\">Espagne<\/a><\/li>\n<\/ul>\n<\/li>\n<li class=\"menu-item menu-item-type-custom menu-item-object-custom menu-item-has-children menu-item-11801\"><a class=\"elementor-item\" tabindex=\"-1\">Oc\u00e9anie<\/a>\n<ul class=\"sub-menu elementor-nav-menu--dropdown\">\n\t<li class=\"menu-item menu-item-type-post_type menu-item-object-page menu-item-11793\"><a href=\"https:\/\/gradido.net\/fr\/countries\/marshall-islands\/\" class=\"elementor-sub-item\" tabindex=\"-1\">\u00celes Marshall<\/a><\/li>\n\t<li class=\"menu-item menu-item-type-post_type menu-item-object-page menu-item-11795\"><a href=\"https:\/\/gradido.net\/fr\/countries\/tahiti\/\" class=\"elementor-sub-item\" tabindex=\"-1\">Tahiti<\/a><\/li>\n<\/ul>\n<\/li>\n<\/ul>\t\t\t<\/nav>\n\t\t\t\t\t\t<\/div>\n\t\t\t\t<\/div>\n\t\t\t\t<div class=\"elementor-element elementor-element-b31390b elementor-widget elementor-widget-breadcrumbs\" data-id=\"b31390b\" data-element_type=\"widget\" data-e-type=\"widget\" data-widget_type=\"breadcrumbs.default\">\n\t\t\t\t<div class=\"elementor-widget-container\">\n\t\t\t\t\t<p id=\"breadcrumbs\"><span><span><a href=\"https:\/\/gradido.net\/fr\/\">Page d'accueil<\/a><\/span><\/span><\/p>\t\t\t\t<\/div>\n\t\t\t\t<\/div>\n\t\t\t\t<div class=\"elementor-element elementor-element-a9db9a5 elementor-widget elementor-widget-text-editor\" data-id=\"a9db9a5\" data-element_type=\"widget\" data-e-type=\"widget\" data-widget_type=\"text-editor.default\">\n\t\t\t\t<div class=\"elementor-widget-container\">\n\t\t\t\t\t\t\t\t\t<h2 style=\"text-align: center;\"><a href=\"https:\/\/gradido.net\/fr\/countries\/germany\/\"><strong>Page d'accueil : Allemagne<\/strong><\/a><\/h2><p style=\"text-align: center;\"><a href=\"https:\/\/gradido.net\/fr\/countries\/germany\/vision-2032-de\/\">Vision-2032-FR - Comment Gradido a transform\u00e9 l'Allemagne<\/a><br \/><a href=\"https:\/\/gradido.net\/fr\/countries\/germany\/supplementary-assessment-from-a-gradido-perspective\/\">Appr\u00e9ciation compl\u00e9mentaire du point de vue de Gradido<\/a><br \/><strong>Projets pilotes dans des villes allemandes<\/strong><\/p>\t\t\t\t\t\t\t\t<\/div>\n\t\t\t\t<\/div>\n\t\t\t\t<div class=\"elementor-element elementor-element-d7bb196 elementor-widget-divider--view-line elementor-widget elementor-widget-divider\" data-id=\"d7bb196\" data-element_type=\"widget\" data-e-type=\"widget\" data-widget_type=\"divider.default\">\n\t\t\t\t<div class=\"elementor-widget-container\">\n\t\t\t\t\t\t\t<div class=\"elementor-divider\">\n\t\t\t<span class=\"elementor-divider-separator\">\n\t\t\t\t\t\t<\/span>\n\t\t<\/div>\n\t\t\t\t\t\t<\/div>\n\t\t\t\t<\/div>\n\t\t\t\t<div class=\"elementor-element elementor-element-146ff9d elementor-widget elementor-widget-text-editor\" data-id=\"146ff9d\" data-element_type=\"widget\" data-e-type=\"widget\" data-widget_type=\"text-editor.default\">\n\t\t\t\t<div class=\"elementor-widget-container\">\n\t\t\t\t\t\t\t\t\t<div class=\"wiki-page-header-wrapper\"><div class=\"wiki-page-header-wrapper\"><p data-pm-slice=\"0 0 []\"><em>Les contenus refl\u00e8tent les r\u00e9sultats de recherche et d'analyse de Perplexity et ne constituent pas une expression d'opinion de Gradido. Ils ont pour but d'informer et d'inciter \u00e0 poursuivre la discussion.<\/em><\/p><h1>Projets pilotes Gradido dans les villes allemandes : \u00c9valuation scientifique et recommandations d'action<\/h1><h2>Sens de l'approche directe de la ville<\/h2><h3>Un contexte favorable<\/h3><p>La situation actuelle des communes allemandes cr\u00e9e <strong>des conditions exceptionnellement favorables<\/strong> pour des approches innovantes comme Gradido. Les finances communales se trouvent dans la <strong>la plus grave crise de l'histoire de l'apr\u00e8s-guerre<\/strong>En 2024, les villes et communes ont enregistr\u00e9 un d\u00e9ficit record de 24,8 milliards d'euros, qui devrait d\u00e9passer les 30 milliards d'euros en 2025. <strong>85% des municipalit\u00e9s allemandes<\/strong> ne peuvent pas pr\u00e9senter un budget \u00e9quilibr\u00e9.<a href=\"https:\/\/www.marktundmittelstand.de\/finanzen\/kommunen-am-finanziellen-abgrund-droht-der-kollaps-unserer-staedte\">^1<\/a><a href=\"https:\/\/www.bertelsmann-stiftung.de\/de\/themen\/aktuelle-meldungen\/2025\/juli\/kommunale-finanzen-groesstes-defizit-in-der-geschichte-der-bundesrepublik\">^3<\/a><\/p><p>Ces difficult\u00e9s financi\u00e8res g\u00e9n\u00e8rent un <strong>une \u00e9norme pression pour innover<\/strong>. Les communes sont contraintes de chercher de nouvelles voies, car les solutions traditionnelles ont \u00e9chou\u00e9. Les sc\u00e9narios d\u00e9crits dans le document de la ville pr\u00e9f\u00e9r\u00e9e - sauvetage d'entreprises, am\u00e9lioration des finances communales, renforcement de l'engagement b\u00e9n\u00e9vole - s'adressent \u00e0 <strong>points de douleur concrets<\/strong> des communes allemandes.<\/p><h3>Ouverture existante \u00e0 des approches alternatives<\/h3><p>L'Allemagne dispose d\u00e9j\u00e0 de <strong>46 monnaies r\u00e9gionales actives<\/strong>Le succ\u00e8s du Chiemgauer (700.000 billets en circulation, 600 points d'acceptation) et des projets locaux plus modestes. La commune de Langenegg, dans le Vorarlberg, montre de mani\u00e8re exemplaire comment Regionalweld permet d'engager 680.000 euros par an dans une commune de 450 m\u00e9nages et de cr\u00e9er 150 emplois.<a href=\"https:\/\/www.focus.de\/politik\/finanzkrise-der-kommunen-kein-geld-fuer-kitas-schulen-klimaschutz-so-steht-es-um-unsere-pleite-gemeinden_id_201366037.html\">^4<\/a><a href=\"https:\/\/antenne.nrw\/nrw\/kommunalfinanzen-in-deutschland-rekorddefizit-in-den-staedten\/\">^6<\/a><\/p><p><strong>Initiatives Smart City<\/strong> de l'\u00c9tat f\u00e9d\u00e9ral soutiennent actuellement 73 projets pilotes \u00e0 hauteur de 820 millions d'euros. Ces programmes montrent la <strong>volont\u00e9 de principe<\/strong> de la politique et de l'administration pour des innovations syst\u00e9miques, surtout si elles associent participation citoyenne et durabilit\u00e9.<a href=\"https:\/\/www.staedtetag.de\/publikationen\/weitere-publikationen\/2024\/handreichung-beteiligungskultur-in-der-stadtplanung-und-stadtentwicklung\">^7<\/a><\/p><h2>Les groupes cibles : Types de villes optimales pour les projets pilotes Gradido<\/h2><h3>Petites villes (5.000-20.000 habitants) : Meilleures chances de succ\u00e8s<\/h3><p><strong>Petites villes<\/strong> offrent les <strong>conditions les plus id\u00e9ales<\/strong> pour les projets pilotes Gradido :<\/p><ul data-tight=\"true\"><li><p><strong>Des structures faciles \u00e0 g\u00e9rer<\/strong>Des lignes de communication courtes entre les citoyens, l'administration et les entreprises locales.<\/p><\/li><li><p><strong>Une forte pression financi\u00e8re<\/strong>Les petites villes sont particuli\u00e8rement touch\u00e9es par la crise financi\u00e8re locale<\/p><\/li><li><p><strong>Une culture du b\u00e9n\u00e9volat forte<\/strong>40% des Allemands s'engagent dans le b\u00e9n\u00e9volat, en particulier dans les petites communes<a href=\"https:\/\/www.staedtetag.de\/positionen\/beschluesse\/2025\/241-hauptausschuss-kommunale-finanzkrise\">^8<\/a><\/p><\/li><li><p><strong>Prise de d\u00e9cision pragmatique<\/strong>Moins d'obstacles bureaucratiques que dans les grandes villes<\/p><\/li><\/ul><p><strong>Points d'ancrage concrets<\/strong> du document de la ville pr\u00e9f\u00e9r\u00e9e :<\/p><ul data-tight=\"true\"><li><p>Pizzeria locale comme multiplicateur (acc\u00e8s \u00e0 bas seuil)<\/p><\/li><li><p>Les pompiers volontaires, une structure de b\u00e9n\u00e9volat bien \u00e9tablie<\/p><\/li><li><p>Sauver les entreprises locales (exemple de la manufacture de chaussures)<\/p><\/li><\/ul><h3>Les r\u00e9gions structurellement faibles : La plus grande propension \u00e0 l'innovation<\/h3><p><strong>Particuli\u00e8rement adapt\u00e9<\/strong> sont des communes situ\u00e9es dans des r\u00e9gions structurellement faibles :<\/p><ul data-tight=\"true\"><li><p>Communes d'Allemagne de l'Est avec <strong>43% niveau de richesse inf\u00e9rieur<\/strong><a href=\"https:\/\/www.dstgb.de\/publikationen\/dokumentationen\/bilanz-2024-und-ausblick-2025\/bilanz-24-25-final.pdf\">^9<\/a><\/p><\/li><li><p>R\u00e9gions avec <strong>Baisse de la population<\/strong> et la mort des entreprises<\/p><\/li><li><p>Communes avec <strong>D\u00e9tresse budg\u00e9taire<\/strong> ou sous contr\u00f4le communal<\/p><\/li><\/ul><p>Ces communes ont <strong>\"rien \u00e0 perdre\"<\/strong> et sont <strong>plus ouvert aux alternatives radicales<\/strong>. L'exemple de Langenegg le prouve : les monnaies r\u00e9gionales peuvent \u00eatre <strong>Mort du village<\/strong> avec succ\u00e8s.<a href=\"https:\/\/www.bertelsmann-stiftung.de\/fileadmin\/files\/Projekte\/Vielfaeltige_Demokratie_gestalten\/Buergerbeteiligung_in_Kommunen_verankern.pdf\">^4<\/a><\/p><h3>Des communes rurales \u00e0 l'identit\u00e9 forte<\/h3><p><strong>Communes rurales<\/strong> avec une identit\u00e9 locale marqu\u00e9e offrent des conditions id\u00e9ales :<\/p><ul data-tight=\"true\"><li><p><strong>Forte densit\u00e9 d'associations<\/strong> et l'aide traditionnelle de voisinage<\/p><\/li><li><p><strong>R\u00e9seaux sociaux courts<\/strong> (\"tout le monde conna\u00eet tout le monde\")<\/p><\/li><li><p><strong>Une forte coh\u00e9sion locale<\/strong> comme base pour des projets de coop\u00e9ration<\/p><\/li><li><p><strong>Agriculture solidaire<\/strong> d\u00e9j\u00e0 disponible comme point d'ancrage<\/p><\/li><\/ul><p>La m\u00e9thode d\u00e9crite dans le document <strong>Permaculture et agriculture solidaire<\/strong> trouve dans les communes rurales des structures qui ont d\u00e9j\u00e0 lieu.<\/p><h2>Facteurs de r\u00e9ussite pour la mise en \u0153uvre de Gradido<\/h2><h3>Facteurs de r\u00e9ussite critiques (par ordre d'importance)<\/h3><p><strong>Le 1er maire comme soutien<\/strong> (Importance : 9\/10)<\/p><ul data-tight=\"true\"><li><p><strong>Disponibilit\u00e9 : Rare<\/strong> - C'est le facteur le plus important, mais le plus difficile<\/p><\/li><li><p>Les maires doivent \u00eatre consid\u00e9r\u00e9s comme <strong>\"Prendre soin\"<\/strong> et visionnaires (comme \"B\u00fcrgermeister Miteinand\" dans le document)<\/p><\/li><li><p>N\u00e9cessite <strong>le courage politique<\/strong> pour des exp\u00e9riences innovantes<\/p><\/li><\/ul><p><strong>2. taille raisonnable de la commune<\/strong> (Importance : 9\/10)<\/p><ul data-tight=\"true\"><li><p><strong>Disponibilit\u00e9 : \u00c9lev\u00e9e<\/strong> - De nombreuses petites communes en Allemagne<\/p><\/li><li><p>Permet <strong>relations personnelles<\/strong> et <strong>communication directe<\/strong><\/p><\/li><\/ul><p><strong>3. structures de b\u00e9n\u00e9volat existantes<\/strong> (Importance : 8\/10)<\/p><ul data-tight=\"true\"><li><p><strong>Disponibilit\u00e9 : \u00c9lev\u00e9e<\/strong> - L'Allemagne a une forte culture associative<\/p><\/li><li><p>28,8 millions de personnes actives dans le b\u00e9n\u00e9volat<a href=\"https:\/\/www.staedtetag.de\/positionen\/beschluesse\/2025\/241-hauptausschuss-kommunale-finanzkrise\">^8<\/a><\/p><\/li><li><p>Les pompiers, les clubs de sport, l'aide aux voisins comme <strong>Points d'ancrage<\/strong><\/p><\/li><\/ul><p><strong>4. difficult\u00e9s financi\u00e8res de la municipalit\u00e9<\/strong> (Importance : 8\/10)<\/p><ul data-tight=\"true\"><li><p><strong>Disponibilit\u00e9 : Tr\u00e8s \u00e9lev\u00e9e<\/strong> - 85% des municipalit\u00e9s concern\u00e9es<a href=\"#\">^1<\/a><\/p><\/li><li><p>Cr\u00e9e <strong>Pression de l'innovation<\/strong> et <strong>Pr\u00eat \u00e0 exp\u00e9rimenter<\/strong><\/p><\/li><\/ul><h3>Obstacles et risques<\/h3><p><strong>Principaux obstacles :<\/strong><\/p><ol data-tight=\"true\"><li><p><strong>Incertitude juridique<\/strong>: droit communal, droit budg\u00e9taire, droit fiscal<\/p><\/li><li><p><strong>L'inertie bureaucratique<\/strong>: \"On a toujours fait comme \u00e7a\".<\/p><\/li><li><p><strong>Aversion pour le risque politique<\/strong>Crainte de l'\u00e9chec et de la d\u00e9faite \u00e9lectorale<\/p><\/li><li><p><strong>Complexit\u00e9 du syst\u00e8me f\u00e9d\u00e9ral<\/strong>Les diff\u00e9rents r\u00e8glements communaux des L\u00e4nder<\/p><\/li><li><p><strong>R\u00e9sistance du lobby<\/strong>Groupes d'int\u00e9r\u00eat \u00e9tablis (banques, grandes entreprises commerciales)<\/p><\/li><\/ol><p><strong>Les risques :<\/strong><\/p><ul data-tight=\"true\"><li><p><strong>\u00c9chec du projet pilote<\/strong> discr\u00e9dite l'ensemble du concept<\/p><\/li><li><p><strong>L'attention des m\u00e9dias<\/strong> peut conduire \u00e0 des pressions politiques<\/p><\/li><li><p><strong>Contestations juridiques<\/strong> par des concurrents ou des autorit\u00e9s de surveillance<\/p><\/li><\/ul><h2>Recommandations d'action concr\u00e8tes<\/h2><h3>Phase 1 : pr\u00e9paration strat\u00e9gique (6-12 mois)<\/h3><p><strong>1. protection juridique<\/strong><\/p><ul data-tight=\"true\"><li><p><strong>Avis juridique<\/strong> sur les gradidas dans le droit communal allemand<\/p><\/li><li><p><strong>Mod\u00e8les de coop\u00e9ration<\/strong> d\u00e9velopper avec des structures \u00e9tablies (coop\u00e9ratives, associations)<\/p><\/li><li><p><strong>Cadre juridique pilote<\/strong> n\u00e9gocier avec les minist\u00e8res au niveau des L\u00e4nder<\/p><\/li><\/ul><p><strong>2. l\u00e9gitimit\u00e9 scientifique<\/strong><\/p><ul data-tight=\"true\"><li><p><strong>Coop\u00e9ration universitaire<\/strong> pour l'\u00e9valuation concomitante<\/p><\/li><li><p><strong>\u00c9tude de faisabilit\u00e9<\/strong> par des instituts renomm\u00e9s (Fondation Bertelsmann, etc.)<\/p><\/li><li><p><strong>Projets de r\u00e9f\u00e9rence<\/strong> documenter d'autres pays<\/p><\/li><\/ul><p><strong>3. cartographie des parties prenantes<\/strong><\/p><ul data-tight=\"true\"><li><p><strong>Maires progressistes<\/strong> identifier dans les r\u00e9gions structurellement faibles<\/p><\/li><li><p><strong>Associations de communes<\/strong> gagner en tant que multiplicateurs<\/p><\/li><li><p><strong>Organisations de b\u00e9n\u00e9voles<\/strong> construire en tant que partenaire<\/p><\/li><\/ul><h3>Phase 2 : Acquisition de partenaires pilotes (3-6 mois)<\/h3><p><strong>Ciblage en fonction des priorit\u00e9s :<\/strong><\/p><p><strong>1\u00e8re priorit\u00e9 A : communes en situation d'urgence<\/strong><\/p><ul data-tight=\"true\"><li><p><strong>Communes en difficult\u00e9 budg\u00e9taire<\/strong> s'adresser directement<\/p><\/li><li><p><strong>Ligne d'argumentation<\/strong>: \"Gradido en compl\u00e9ment de l'assainissement\"<\/p><\/li><li><p><strong>Offre de coop\u00e9ration<\/strong>Suivi scientifique complet et protection juridique<\/p><\/li><\/ul><p><strong>2e priorit\u00e9 B : petites villes innovantes<\/strong><\/p><ul data-tight=\"true\"><li><p><strong>Participants Smart City<\/strong> aborder l'aide f\u00e9d\u00e9rale<\/p><\/li><li><p><strong>Laur\u00e9at du prix du d\u00e9veloppement durable<\/strong> contacter (par ex. laur\u00e9ats allemands du prix de la durabilit\u00e9)<\/p><\/li><li><p><strong>Argumentation<\/strong>Gradido, \"prochaine \u00e9tape de l'\u00e9volution\" de la Smart City<\/p><\/li><\/ul><p><strong>3e priorit\u00e9 C : communaut\u00e9s rurales engag\u00e9es<\/strong><\/p><ul data-tight=\"true\"><li><p><strong>Laur\u00e9at du prix du renouveau villageois<\/strong> et <strong>Concours f\u00e9d\u00e9ral \"Notre village<\/strong> Participants<\/p><\/li><li><p><strong>Sites d'agriculture solidaire<\/strong> comme points d'ancrage<\/p><\/li><\/ul><h3>Phase 3 : Conception du projet pilote (2-4 mois)<\/h3><p><strong>Strat\u00e9gie d'introduction progressive :<\/strong><\/p><p><strong>Niveau 1 : Grade de b\u00e9n\u00e9vole (3 mois)<\/strong><\/p><ul data-tight=\"true\"><li><p>Commencer par <strong>R\u00e9mun\u00e9ration des b\u00e9n\u00e9voles<\/strong> (20 gradido\/heure comme dans le document)<\/p><\/li><li><p><strong>Pompiers, THW, clubs de sport<\/strong> en tant que premiers participants<\/p><\/li><li><p><strong>Caf\u00e9s Gradido<\/strong> pour les points d'acceptation \u00e0 bas seuil<\/p><\/li><\/ul><p><strong>Niveau 2 : \u00e9conomie locale (6 mois)<\/strong><\/p><ul data-tight=\"true\"><li><p><strong>Participation volontaire<\/strong> des commerces locaux<\/p><\/li><li><p><strong>3% R\u00e9duction<\/strong> en cas d'\u00e9change Euro\u2192Gradido (mod\u00e8le \u00e9prouv\u00e9)<\/p><\/li><li><p><strong>Journ\u00e9es Gradido<\/strong> comme dans l'exemple de la pizzeria<\/p><\/li><\/ul><p><strong>Niveau 3 : Int\u00e9gration communale (12 mois)<\/strong><\/p><ul data-tight=\"true\"><li><p><strong>Subventions communales<\/strong> sortir en Gradido<\/p><\/li><li><p><strong>Projets communautaires<\/strong> comme r\u00e9aliser une manufacture de chaussures<\/p><\/li><li><p><strong>Fermeture compl\u00e8te du circuit<\/strong><\/p><\/li><\/ul><h3>Phase 4 : communication professionnelle<\/h3><p><strong>Communication interne :<\/strong><\/p><ul data-tight=\"true\"><li><p><strong>Formations administratives<\/strong> pour tous les collaborateurs impliqu\u00e9s<\/p><\/li><li><p><strong>R\u00e9unions de citoyens<\/strong> avec une information transparente<\/p><\/li><li><p><strong>Dialogue continu<\/strong> avec les sceptiques<\/p><\/li><\/ul><p><strong>Communication externe :<\/strong><\/p><ul data-tight=\"true\"><li><p><strong>Coop\u00e9ration avec les m\u00e9dias<\/strong> avec les journaux\/radio locaux<\/p><\/li><li><p><strong>Publications scientifiques<\/strong> pour la l\u00e9gitimation<\/p><\/li><li><p><strong>\u00c9change de bonnes pratiques<\/strong> entre communes pilotes<\/p><\/li><\/ul><p><strong>Pr\u00e9vention des crises :<\/strong><\/p><ul data-tight=\"true\"><li><p><strong>Plans d'urgence<\/strong> pour les probl\u00e8mes juridiques ou m\u00e9diatiques<\/p><\/li><li><p><strong>Sc\u00e9narios de sortie<\/strong> si le projet pilote \u00e9choue<\/p><\/li><li><p><strong>Communication r\u00e9guli\u00e8re sur le succ\u00e8s<\/strong> \u00e0 toutes les parties prenantes<\/p><\/li><\/ul><h2>Conclusion et priorit\u00e9 d'action<\/h2><p>L'approche directe des villes allemandes pour les projets pilotes Gradido n'est pas seulement <strong>judicieux, mais strat\u00e9giquement optimal timing<\/strong>. La crise financi\u00e8re des collectivit\u00e9s locales sans pr\u00e9c\u00e9dent dans l'histoire cr\u00e9e <strong>fen\u00eatre d'ouverture unique<\/strong> pour des innovations syst\u00e9miques.<\/p><p><strong>Les plus grandes chances de succ\u00e8s<\/strong> ont :<\/p><ol data-tight=\"true\"><li><p><strong>Petites communes structurellement faibles<\/strong> (500-5.000 EH) en Allemagne de l'Est<\/p><\/li><li><p><strong>Petites villes innovantes<\/strong> (5.000-15.000 EH) avec des maires r\u00e9ceptifs<\/p><\/li><li><p><strong>Communes rurales<\/strong> avec une forte tradition de b\u00e9n\u00e9volat et une identit\u00e9 locale<\/p><\/li><\/ol><p><strong>Facteur critique de r\u00e9ussite<\/strong> est la <strong>Qualit\u00e9 de la pr\u00e9paration<\/strong>La s\u00e9curit\u00e9 juridique, le suivi scientifique et le soutien politique sont indispensables. Un <strong>projet pilote \u00e9chou\u00e9<\/strong> discr\u00e9diterait l'ensemble du concept Gradido pour des ann\u00e9es.<\/p><p><strong>Recommandation<\/strong>: Commencer par <strong>2-3 communes pilotes soigneusement s\u00e9lectionn\u00e9es<\/strong>Les projets qui remplissent tous les facteurs critiques de succ\u00e8s. Le sc\u00e9nario de la ville pr\u00e9f\u00e9r\u00e9e est <strong>r\u00e9alisable de mani\u00e8re r\u00e9aliste<\/strong>si le contexte est favorable. Le temps est venu d'exp\u00e9rimenter des communes transformatrices. <strong>maintenant<\/strong>.<\/p><p>\u00a0<\/p><\/div><\/div>\t\t\t\t\t\t\t\t<\/div>\n\t\t\t\t<\/div>\n\t\t\t\t\t<\/div>\n\t\t<\/div>\n\t\t\t\t\t<\/div>\n\t\t<\/section>\n\t\t\t\t<\/div>","protected":false},"excerpt":{"rendered":"<p>Pilotprojekte in deutschen St\u00e4dten Hauptseite: Deutschland Vision-2032-DE \u2013 Wie Gradido Deutschland transformierteErg\u00e4nzende Einsch\u00e4tzung aus Gradido-PerspektivePilotprojekte in deutschen St\u00e4dten Die Inhalte spiegeln die Recherche- und Analyseergebnisse von Perplexity wider und stellen keine Meinungs\u00e4u\u00dferung von Gradido dar. Sie dienen der Information und als Impuls zur weiteren Diskussion. Gradido-Pilotprojekte in deutschen St\u00e4dten: Wissenschaftliche Bewertung und Handlungsempfehlungen Sinnhaftigkeit der [&hellip;]<\/p>\n","protected":false},"author":2,"featured_media":10458,"parent":11280,"menu_order":0,"comment_status":"closed","ping_status":"closed","template":"","meta":{"footnotes":""},"class_list":["post-11335","page","type-page","status-publish","has-post-thumbnail","hentry"],"yoast_head":"<!-- This site is optimized with the Yoast SEO plugin v27.4 - https:\/\/yoast.com\/product\/yoast-seo-wordpress\/ -->\n<title>Deutschland: Pilotprojekte in deutschen St\u00e4dten - Gradido<\/title>\n<meta name=\"description\" content=\"Sei Teil der Bewegung!Gemeinsam bringen wir Gradido in die Welt.\" \/>\n<meta name=\"robots\" content=\"index, follow, max-snippet:-1, max-image-preview:large, max-video-preview:-1\" \/>\n<link rel=\"canonical\" href=\"https:\/\/gradido.net\/fr\/countries\/germany\/pilot-projects-in-german-cities\/\" \/>\n<meta property=\"og:locale\" content=\"fr_FR\" \/>\n<meta property=\"og:type\" content=\"article\" \/>\n<meta property=\"og:title\" content=\"Deutschland: Pilotprojekte in deutschen St\u00e4dten - Gradido\" \/>\n<meta property=\"og:description\" content=\"Sei Teil der Bewegung!Gemeinsam bringen wir Gradido in die Welt.\" \/>\n<meta property=\"og:url\" content=\"https:\/\/gradido.net\/fr\/countries\/germany\/pilot-projects-in-german-cities\/\" \/>\n<meta property=\"og:site_name\" content=\"Gradido\" \/>\n<meta property=\"article:modified_time\" content=\"2025-11-09T18:33:20+00:00\" \/>\n<meta property=\"og:image\" content=\"https:\/\/gradido.net\/wp-content\/uploads\/2025\/07\/AdobeStock_3210827871-scaled.jpeg\" \/>\n\t<meta property=\"og:image:width\" content=\"2560\" \/>\n\t<meta property=\"og:image:height\" content=\"790\" \/>\n\t<meta property=\"og:image:type\" content=\"image\/jpeg\" \/>\n<meta name=\"twitter:card\" content=\"summary_large_image\" \/>\n<meta name=\"twitter:label1\" content=\"Dur\u00e9e de lecture estim\u00e9e\" \/>\n\t<meta name=\"twitter:data1\" content=\"6 minutes\" \/>\n<script type=\"application\/ld+json\" class=\"yoast-schema-graph\">{\"@context\":\"https:\\\/\\\/schema.org\",\"@graph\":[{\"@type\":\"WebPage\",\"@id\":\"https:\\\/\\\/gradido.net\\\/countries\\\/germany\\\/pilot-projects-in-german-cities\\\/\",\"url\":\"https:\\\/\\\/gradido.net\\\/countries\\\/germany\\\/pilot-projects-in-german-cities\\\/\",\"name\":\"Deutschland: Pilotprojekte in deutschen St\u00e4dten - Gradido\",\"isPartOf\":{\"@id\":\"https:\\\/\\\/gradido.net\\\/de\\\/#website\"},\"primaryImageOfPage\":{\"@id\":\"https:\\\/\\\/gradido.net\\\/countries\\\/germany\\\/pilot-projects-in-german-cities\\\/#primaryimage\"},\"image\":{\"@id\":\"https:\\\/\\\/gradido.net\\\/countries\\\/germany\\\/pilot-projects-in-german-cities\\\/#primaryimage\"},\"thumbnailUrl\":\"https:\\\/\\\/gradido.net\\\/wp-content\\\/uploads\\\/2025\\\/07\\\/AdobeStock_3210827871-scaled.jpeg\",\"datePublished\":\"2025-08-15T11:52:57+00:00\",\"dateModified\":\"2025-11-09T18:33:20+00:00\",\"description\":\"Sei Teil der Bewegung!Gemeinsam bringen wir Gradido in die Welt.\",\"breadcrumb\":{\"@id\":\"https:\\\/\\\/gradido.net\\\/countries\\\/germany\\\/pilot-projects-in-german-cities\\\/#breadcrumb\"},\"inLanguage\":\"fr-FR\",\"potentialAction\":[{\"@type\":\"ReadAction\",\"target\":[\"https:\\\/\\\/gradido.net\\\/countries\\\/germany\\\/pilot-projects-in-german-cities\\\/\"]}]},{\"@type\":\"ImageObject\",\"inLanguage\":\"fr-FR\",\"@id\":\"https:\\\/\\\/gradido.net\\\/countries\\\/germany\\\/pilot-projects-in-german-cities\\\/#primaryimage\",\"url\":\"https:\\\/\\\/gradido.net\\\/wp-content\\\/uploads\\\/2025\\\/07\\\/AdobeStock_3210827871-scaled.jpeg\",\"contentUrl\":\"https:\\\/\\\/gradido.net\\\/wp-content\\\/uploads\\\/2025\\\/07\\\/AdobeStock_3210827871-scaled.jpeg\",\"width\":2560,\"height\":790,\"caption\":\"world globe planet earth 3d-illustration. elements of this image furnished by NASA\"},{\"@type\":\"BreadcrumbList\",\"@id\":\"https:\\\/\\\/gradido.net\\\/countries\\\/germany\\\/pilot-projects-in-german-cities\\\/#breadcrumb\",\"itemListElement\":[{\"@type\":\"ListItem\",\"position\":1,\"name\":\"Startseite\",\"item\":\"https:\\\/\\\/gradido.net\\\/\"},{\"@type\":\"ListItem\",\"position\":2,\"name\":\"L\u00e4nderforschung\",\"item\":\"https:\\\/\\\/gradido.net\\\/countries\\\/\"},{\"@type\":\"ListItem\",\"position\":3,\"name\":\"Deutschland\",\"item\":\"https:\\\/\\\/gradido.net\\\/countries\\\/germany\\\/\"},{\"@type\":\"ListItem\",\"position\":4,\"name\":\"Deutschland: Pilotprojekte in deutschen St\u00e4dten\"}]},{\"@type\":\"WebSite\",\"@id\":\"https:\\\/\\\/gradido.net\\\/de\\\/#website\",\"url\":\"https:\\\/\\\/gradido.net\\\/de\\\/\",\"name\":\"Gradido\",\"description\":\"Die neue W\u00e4hrung hei\u00dft Dankbarkeit\",\"publisher\":{\"@id\":\"https:\\\/\\\/gradido.net\\\/de\\\/#organization\"},\"potentialAction\":[{\"@type\":\"SearchAction\",\"target\":{\"@type\":\"EntryPoint\",\"urlTemplate\":\"https:\\\/\\\/gradido.net\\\/de\\\/?s={search_term_string}\"},\"query-input\":{\"@type\":\"PropertyValueSpecification\",\"valueRequired\":true,\"valueName\":\"search_term_string\"}}],\"inLanguage\":\"fr-FR\"},{\"@type\":\"Organization\",\"@id\":\"https:\\\/\\\/gradido.net\\\/de\\\/#organization\",\"name\":\"Gradido\",\"url\":\"https:\\\/\\\/gradido.net\\\/de\\\/\",\"logo\":{\"@type\":\"ImageObject\",\"inLanguage\":\"fr-FR\",\"@id\":\"https:\\\/\\\/gradido.net\\\/de\\\/#\\\/schema\\\/logo\\\/image\\\/\",\"url\":\"https:\\\/\\\/gradido.net\\\/wp-content\\\/uploads\\\/2022\\\/04\\\/gradido-social.jpg\",\"contentUrl\":\"https:\\\/\\\/gradido.net\\\/wp-content\\\/uploads\\\/2022\\\/04\\\/gradido-social.jpg\",\"width\":527,\"height\":273,\"caption\":\"Gradido\"},\"image\":{\"@id\":\"https:\\\/\\\/gradido.net\\\/de\\\/#\\\/schema\\\/logo\\\/image\\\/\"}}]}<\/script>\n<!-- \/ Yoast SEO plugin. -->","yoast_head_json":{"title":"Allemagne : projets pilotes dans des villes allemandes - Gradido","description":"Fais partie du mouvement!Ensemble, nous apportons Gradido au monde.","robots":{"index":"index","follow":"follow","max-snippet":"max-snippet:-1","max-image-preview":"max-image-preview:large","max-video-preview":"max-video-preview:-1"},"canonical":"https:\/\/gradido.net\/fr\/countries\/germany\/pilot-projects-in-german-cities\/","og_locale":"fr_FR","og_type":"article","og_title":"Deutschland: Pilotprojekte in deutschen St\u00e4dten - Gradido","og_description":"Sei Teil der Bewegung!Gemeinsam bringen wir Gradido in die Welt.","og_url":"https:\/\/gradido.net\/fr\/countries\/germany\/pilot-projects-in-german-cities\/","og_site_name":"Gradido","article_modified_time":"2025-11-09T18:33:20+00:00","og_image":[{"width":2560,"height":790,"url":"https:\/\/gradido.net\/wp-content\/uploads\/2025\/07\/AdobeStock_3210827871-scaled.jpeg","type":"image\/jpeg"}],"twitter_card":"summary_large_image","twitter_misc":{"Dur\u00e9e de lecture estim\u00e9e":"6 minutes"},"schema":{"@context":"https:\/\/schema.org","@graph":[{"@type":"WebPage","@id":"https:\/\/gradido.net\/countries\/germany\/pilot-projects-in-german-cities\/","url":"https:\/\/gradido.net\/countries\/germany\/pilot-projects-in-german-cities\/","name":"Allemagne : projets pilotes dans des villes allemandes - Gradido","isPartOf":{"@id":"https:\/\/gradido.net\/de\/#website"},"primaryImageOfPage":{"@id":"https:\/\/gradido.net\/countries\/germany\/pilot-projects-in-german-cities\/#primaryimage"},"image":{"@id":"https:\/\/gradido.net\/countries\/germany\/pilot-projects-in-german-cities\/#primaryimage"},"thumbnailUrl":"https:\/\/gradido.net\/wp-content\/uploads\/2025\/07\/AdobeStock_3210827871-scaled.jpeg","datePublished":"2025-08-15T11:52:57+00:00","dateModified":"2025-11-09T18:33:20+00:00","description":"Fais partie du mouvement!Ensemble, nous apportons Gradido au monde.","breadcrumb":{"@id":"https:\/\/gradido.net\/countries\/germany\/pilot-projects-in-german-cities\/#breadcrumb"},"inLanguage":"fr-FR","potentialAction":[{"@type":"ReadAction","target":["https:\/\/gradido.net\/countries\/germany\/pilot-projects-in-german-cities\/"]}]},{"@type":"ImageObject","inLanguage":"fr-FR","@id":"https:\/\/gradido.net\/countries\/germany\/pilot-projects-in-german-cities\/#primaryimage","url":"https:\/\/gradido.net\/wp-content\/uploads\/2025\/07\/AdobeStock_3210827871-scaled.jpeg","contentUrl":"https:\/\/gradido.net\/wp-content\/uploads\/2025\/07\/AdobeStock_3210827871-scaled.jpeg","width":2560,"height":790,"caption":"world globe planet earth 3d-illustration. elements of this image furnished by NASA"},{"@type":"BreadcrumbList","@id":"https:\/\/gradido.net\/countries\/germany\/pilot-projects-in-german-cities\/#breadcrumb","itemListElement":[{"@type":"ListItem","position":1,"name":"Startseite","item":"https:\/\/gradido.net\/"},{"@type":"ListItem","position":2,"name":"L\u00e4nderforschung","item":"https:\/\/gradido.net\/countries\/"},{"@type":"ListItem","position":3,"name":"Deutschland","item":"https:\/\/gradido.net\/countries\/germany\/"},{"@type":"ListItem","position":4,"name":"Deutschland: Pilotprojekte in deutschen St\u00e4dten"}]},{"@type":"WebSite","@id":"https:\/\/gradido.net\/de\/#website","url":"https:\/\/gradido.net\/de\/","name":"Gradido","description":"La nouvelle monnaie s'appelle la gratitude","publisher":{"@id":"https:\/\/gradido.net\/de\/#organization"},"potentialAction":[{"@type":"SearchAction","target":{"@type":"EntryPoint","urlTemplate":"https:\/\/gradido.net\/de\/?s={search_term_string}"},"query-input":{"@type":"PropertyValueSpecification","valueRequired":true,"valueName":"search_term_string"}}],"inLanguage":"fr-FR"},{"@type":"Organization","@id":"https:\/\/gradido.net\/de\/#organization","name":"Gradido","url":"https:\/\/gradido.net\/de\/","logo":{"@type":"ImageObject","inLanguage":"fr-FR","@id":"https:\/\/gradido.net\/de\/#\/schema\/logo\/image\/","url":"https:\/\/gradido.net\/wp-content\/uploads\/2022\/04\/gradido-social.jpg","contentUrl":"https:\/\/gradido.net\/wp-content\/uploads\/2022\/04\/gradido-social.jpg","width":527,"height":273,"caption":"Gradido"},"image":{"@id":"https:\/\/gradido.net\/de\/#\/schema\/logo\/image\/"}}]}},"_links":{"self":[{"href":"https:\/\/gradido.net\/fr\/wp-json\/wp\/v2\/pages\/11335","targetHints":{"allow":["GET"]}}],"collection":[{"href":"https:\/\/gradido.net\/fr\/wp-json\/wp\/v2\/pages"}],"about":[{"href":"https:\/\/gradido.net\/fr\/wp-json\/wp\/v2\/types\/page"}],"author":[{"embeddable":true,"href":"https:\/\/gradido.net\/fr\/wp-json\/wp\/v2\/users\/2"}],"replies":[{"embeddable":true,"href":"https:\/\/gradido.net\/fr\/wp-json\/wp\/v2\/comments?post=11335"}],"version-history":[{"count":13,"href":"https:\/\/gradido.net\/fr\/wp-json\/wp\/v2\/pages\/11335\/revisions"}],"predecessor-version":[{"id":12536,"href":"https:\/\/gradido.net\/fr\/wp-json\/wp\/v2\/pages\/11335\/revisions\/12536"}],"up":[{"embeddable":true,"href":"https:\/\/gradido.net\/fr\/wp-json\/wp\/v2\/pages\/11280"}],"wp:featuredmedia":[{"embeddable":true,"href":"https:\/\/gradido.net\/fr\/wp-json\/wp\/v2\/media\/10458"}],"wp:attachment":[{"href":"https:\/\/gradido.net\/fr\/wp-json\/wp\/v2\/media?parent=11335"}],"curies":[{"name":"wp","href":"https:\/\/api.w.org\/{rel}","templated":true}]}}