{"id":13614,"date":"2026-04-24T08:24:38","date_gmt":"2026-04-24T06:24:38","guid":{"rendered":"https:\/\/gradido.net\/?page_id=13614"},"modified":"2026-04-24T08:36:55","modified_gmt":"2026-04-24T06:36:55","slug":"community","status":"publish","type":"page","link":"https:\/\/gradido.net\/fr\/blog\/community\/","title":{"rendered":"Communaut\u00e9"},"content":{"rendered":"<div data-elementor-type=\"wp-page\" data-elementor-id=\"13614\" class=\"elementor elementor-13614\" data-elementor-post-type=\"page\">\n\t\t\t\t\t\t<section class=\"elementor-section elementor-top-section elementor-element elementor-element-2cac71f elementor-section-full_width elementor-section-height-default elementor-section-height-default\" data-id=\"2cac71f\" data-element_type=\"section\" data-e-type=\"section\">\n\t\t\t\t\t\t<div class=\"elementor-container elementor-column-gap-no\">\n\t\t\t\t\t<div class=\"elementor-column elementor-col-100 elementor-top-column elementor-element elementor-element-cef0c8b\" data-id=\"cef0c8b\" data-element_type=\"column\" data-e-type=\"column\">\n\t\t\t<div class=\"elementor-widget-wrap elementor-element-populated\">\n\t\t\t\t\t\t<div class=\"elementor-element elementor-element-cd0fa05 elementor--h-position-center elementor--v-position-middle elementor-arrows-position-inside elementor-widget elementor-widget-slides\" data-id=\"cd0fa05\" data-element_type=\"widget\" data-e-type=\"widget\" data-settings=\"{&quot;navigation&quot;:&quot;arrows&quot;,&quot;autoplay&quot;:&quot;yes&quot;,&quot;pause_on_hover&quot;:&quot;yes&quot;,&quot;pause_on_interaction&quot;:&quot;yes&quot;,&quot;autoplay_speed&quot;:5000,&quot;infinite&quot;:&quot;yes&quot;,&quot;transition&quot;:&quot;slide&quot;,&quot;transition_speed&quot;:500}\" data-widget_type=\"slides.default\">\n\t\t\t\t<div class=\"elementor-widget-container\">\n\t\t\t\t\t\t\t\t\t<div class=\"elementor-swiper\">\n\t\t\t\t\t<div class=\"elementor-slides-wrapper elementor-main-swiper swiper\" role=\"region\" aria-roledescription=\"carousel\" aria-label=\"Slider\" dir=\"ltr\" data-animation=\"fadeInUp\">\n\t\t\t\t<div class=\"swiper-wrapper elementor-slides\">\n\t\t\t\t\t\t\t\t\t\t<div class=\"elementor-repeater-item-2de4990 swiper-slide\" role=\"group\" aria-roledescription=\"slide\"><div class=\"swiper-slide-bg\" role=\"img\" aria-label=\"blog\"><\/div><div class=\"swiper-slide-inner\" ><div class=\"swiper-slide-contents\"><\/div><\/div><\/div>\t\t\t\t<\/div>\n\t\t\t\t\t\t\t<\/div>\n\t\t\t\t<\/div>\n\t\t\t\t\t\t\t\t<\/div>\n\t\t\t\t<\/div>\n\t\t\t\t\t<\/div>\n\t\t<\/div>\n\t\t\t\t\t<\/div>\n\t\t<\/section>\n\t\t\t\t<section class=\"elementor-section elementor-top-section elementor-element elementor-element-cec2a5b elementor-section-boxed elementor-section-height-default elementor-section-height-default\" data-id=\"cec2a5b\" data-element_type=\"section\" data-e-type=\"section\" data-settings=\"{&quot;background_background&quot;:&quot;classic&quot;}\">\n\t\t\t\t\t\t<div class=\"elementor-container elementor-column-gap-default\">\n\t\t\t\t\t<div class=\"elementor-column elementor-col-100 elementor-top-column elementor-element elementor-element-2bca127\" data-id=\"2bca127\" data-element_type=\"column\" data-e-type=\"column\">\n\t\t\t<div class=\"elementor-widget-wrap elementor-element-populated\">\n\t\t\t\t\t\t<div class=\"elementor-element elementor-element-e504e40 elementor-widget elementor-widget-heading\" data-id=\"e504e40\" data-element_type=\"widget\" data-e-type=\"widget\" data-widget_type=\"heading.default\">\n\t\t\t\t<div class=\"elementor-widget-container\">\n\t\t\t\t\t<h1 class=\"elementor-heading-title elementor-size-default\">Communaut\u00e9<\/h1>\t\t\t\t<\/div>\n\t\t\t\t<\/div>\n\t\t\t\t\t<\/div>\n\t\t<\/div>\n\t\t\t\t\t<\/div>\n\t\t<\/section>\n\t\t\t\t<section class=\"elementor-section elementor-top-section elementor-element elementor-element-e4f56b5 elementor-section-boxed elementor-section-height-default elementor-section-height-default\" data-id=\"e4f56b5\" data-element_type=\"section\" data-e-type=\"section\">\n\t\t\t\t\t\t<div class=\"elementor-container elementor-column-gap-default\">\n\t\t\t\t\t<div class=\"elementor-column elementor-col-100 elementor-top-column elementor-element elementor-element-93ee9fb\" data-id=\"93ee9fb\" data-element_type=\"column\" data-e-type=\"column\">\n\t\t\t<div class=\"elementor-widget-wrap elementor-element-populated\">\n\t\t\t\t\t\t<div class=\"elementor-element elementor-element-7bbe7d9 elementor-nav-menu--dropdown-tablet elementor-nav-menu__text-align-aside elementor-nav-menu--toggle elementor-nav-menu--burger elementor-widget elementor-widget-nav-menu\" data-id=\"7bbe7d9\" data-element_type=\"widget\" data-e-type=\"widget\" data-settings=\"{&quot;layout&quot;:&quot;horizontal&quot;,&quot;submenu_icon&quot;:{&quot;value&quot;:&quot;&lt;i class=\\&quot;fas fa-caret-down\\&quot; aria-hidden=\\&quot;true\\&quot;&gt;&lt;\\\/i&gt;&quot;,&quot;library&quot;:&quot;fa-solid&quot;},&quot;toggle&quot;:&quot;burger&quot;}\" data-widget_type=\"nav-menu.default\">\n\t\t\t\t<div class=\"elementor-widget-container\">\n\t\t\t\t\t\t\t\t<nav aria-label=\"Menu\" class=\"elementor-nav-menu--main elementor-nav-menu__container elementor-nav-menu--layout-horizontal e--pointer-underline e--animation-fade\">\n\t\t\t\t<ul id=\"menu-1-7bbe7d9\" class=\"elementor-nav-menu\"><li class=\"menu-item menu-item-type-post_type menu-item-object-page menu-item-13532\"><a href=\"https:\/\/gradido.net\/fr\/blog\/\" class=\"elementor-item\">Toutes les cat\u00e9gories<\/a><\/li>\n<li class=\"menu-item menu-item-type-post_type menu-item-object-page menu-item-13515\"><a href=\"https:\/\/gradido.net\/fr\/blog\/analysen\/\" class=\"elementor-item\">Analyses<\/a><\/li>\n<li class=\"menu-item menu-item-type-post_type menu-item-object-page menu-item-13559\"><a href=\"https:\/\/gradido.net\/fr\/blog\/lieblingsstadt\/\" class=\"elementor-item\">Ville pr\u00e9f\u00e9r\u00e9e<\/a><\/li>\n<li class=\"menu-item menu-item-type-post_type menu-item-object-page menu-item-13641\"><a href=\"https:\/\/gradido.net\/fr\/blog\/community\/\" class=\"elementor-item\">Communaut\u00e9<\/a><\/li>\n<li class=\"menu-item menu-item-type-post_type menu-item-object-page menu-item-13639\"><a href=\"https:\/\/gradido.net\/fr\/blog\/psychologie\/\" class=\"elementor-item\">Psychologie<\/a><\/li>\n<li class=\"menu-item menu-item-type-post_type menu-item-object-page menu-item-13640\"><a href=\"https:\/\/gradido.net\/fr\/blog\/gradido-konto\/\" class=\"elementor-item\">Compte Gradido<\/a><\/li>\n<\/ul>\t\t\t<\/nav>\n\t\t\t\t\t<div class=\"elementor-menu-toggle\" role=\"button\" tabindex=\"0\" aria-label=\"Permuter le menu\" aria-expanded=\"false\">\n\t\t\t<i aria-hidden=\"true\" role=\"presentation\" class=\"elementor-menu-toggle__icon--open eicon-menu-bar\"><\/i><i aria-hidden=\"true\" role=\"presentation\" class=\"elementor-menu-toggle__icon--close eicon-close\"><\/i>\t\t<\/div>\n\t\t\t\t\t<nav class=\"elementor-nav-menu--dropdown elementor-nav-menu__container\" aria-hidden=\"true\">\n\t\t\t\t<ul id=\"menu-2-7bbe7d9\" class=\"elementor-nav-menu\"><li class=\"menu-item menu-item-type-post_type menu-item-object-page menu-item-13532\"><a href=\"https:\/\/gradido.net\/fr\/blog\/\" class=\"elementor-item\" tabindex=\"-1\">Toutes les cat\u00e9gories<\/a><\/li>\n<li class=\"menu-item menu-item-type-post_type menu-item-object-page menu-item-13515\"><a href=\"https:\/\/gradido.net\/fr\/blog\/analysen\/\" class=\"elementor-item\" tabindex=\"-1\">Analyses<\/a><\/li>\n<li class=\"menu-item menu-item-type-post_type menu-item-object-page menu-item-13559\"><a href=\"https:\/\/gradido.net\/fr\/blog\/lieblingsstadt\/\" class=\"elementor-item\" tabindex=\"-1\">Ville pr\u00e9f\u00e9r\u00e9e<\/a><\/li>\n<li class=\"menu-item menu-item-type-post_type menu-item-object-page menu-item-13641\"><a href=\"https:\/\/gradido.net\/fr\/blog\/community\/\" class=\"elementor-item\" tabindex=\"-1\">Communaut\u00e9<\/a><\/li>\n<li class=\"menu-item menu-item-type-post_type menu-item-object-page menu-item-13639\"><a href=\"https:\/\/gradido.net\/fr\/blog\/psychologie\/\" class=\"elementor-item\" tabindex=\"-1\">Psychologie<\/a><\/li>\n<li class=\"menu-item menu-item-type-post_type menu-item-object-page menu-item-13640\"><a href=\"https:\/\/gradido.net\/fr\/blog\/gradido-konto\/\" class=\"elementor-item\" tabindex=\"-1\">Compte Gradido<\/a><\/li>\n<\/ul>\t\t\t<\/nav>\n\t\t\t\t\t\t<\/div>\n\t\t\t\t<\/div>\n\t\t\t\t<div class=\"elementor-element elementor-element-1c7d36d elementor-grid-tablet-3 elementor-grid-3 elementor-grid-mobile-1 elementor-posts--thumbnail-top elementor-posts__hover-gradient elementor-widget elementor-widget-posts\" data-id=\"1c7d36d\" data-element_type=\"widget\" data-e-type=\"widget\" data-settings=\"{&quot;cards_columns_tablet&quot;:&quot;3&quot;,&quot;cards_columns&quot;:&quot;3&quot;,&quot;cards_columns_mobile&quot;:&quot;1&quot;,&quot;cards_row_gap&quot;:{&quot;unit&quot;:&quot;px&quot;,&quot;size&quot;:35,&quot;sizes&quot;:[]},&quot;cards_row_gap_tablet&quot;:{&quot;unit&quot;:&quot;px&quot;,&quot;size&quot;:&quot;&quot;,&quot;sizes&quot;:[]},&quot;cards_row_gap_mobile&quot;:{&quot;unit&quot;:&quot;px&quot;,&quot;size&quot;:&quot;&quot;,&quot;sizes&quot;:[]}}\" data-widget_type=\"posts.cards\">\n\t\t\t\t<div class=\"elementor-widget-container\">\n\t\t\t\t\t\t\t<div class=\"elementor-posts-container elementor-posts elementor-posts--skin-cards elementor-grid\" role=\"list\">\n\t\t\t\t<article class=\"elementor-post elementor-grid-item post-12352 post type-post status-publish format-standard has-post-thumbnail hentry category-blog category-community\" role=\"listitem\">\n\t\t\t<div class=\"elementor-post__card\">\n\t\t\t\t<a class=\"elementor-post__thumbnail__link\" href=\"https:\/\/gradido.net\/fr\/mutmacher-stefan-nathan\/\" tabindex=\"-1\" ><div class=\"elementor-post__thumbnail\"><img fetchpriority=\"high\" decoding=\"async\" width=\"800\" height=\"450\" src=\"https:\/\/gradido.net\/wp-content\/uploads\/2025\/10\/Stefan_Nathan_Lange-1024x576.jpg\" class=\"attachment-large size-large wp-image-12354\" alt=\"\" srcset=\"https:\/\/gradido.net\/wp-content\/uploads\/2025\/10\/Stefan_Nathan_Lange-1024x576.jpg 1024w, https:\/\/gradido.net\/wp-content\/uploads\/2025\/10\/Stefan_Nathan_Lange-300x169.jpg 300w, https:\/\/gradido.net\/wp-content\/uploads\/2025\/10\/Stefan_Nathan_Lange-768x432.jpg 768w, https:\/\/gradido.net\/wp-content\/uploads\/2025\/10\/Stefan_Nathan_Lange-1536x864.jpg 1536w, https:\/\/gradido.net\/wp-content\/uploads\/2025\/10\/Stefan_Nathan_Lange-18x10.jpg 18w, https:\/\/gradido.net\/wp-content\/uploads\/2025\/10\/Stefan_Nathan_Lange.jpg 1920w\" sizes=\"(max-width: 800px) 100vw, 800px\" \/><\/div><\/a>\n\t\t\t\t<div class=\"elementor-post__text\">\n\t\t\t\t<h3 class=\"elementor-post__title\">\n\t\t\t<a href=\"https:\/\/gradido.net\/fr\/mutmacher-stefan-nathan\/\" >\n\t\t\t\tSur le chemin d'un monde sans argent se trouve Gradido\t\t\t<\/a>\n\t\t<\/h3>\n\t\t\t\t<div class=\"elementor-post__excerpt\">\n\t\t\t<p>Gradido est la meilleure possibilit\u00e9 que j'ai trouv\u00e9e jusqu'\u00e0 pr\u00e9sent pour faire un grand pas en avant sur ce chemin. Et c'est pour cela que je m'engage ici !<\/p>\n\t\t<\/div>\n\t\t\n\t\t<a class=\"elementor-post__read-more\" href=\"https:\/\/gradido.net\/fr\/mutmacher-stefan-nathan\/\" aria-label=\"En savoir plus sur Sur la voie d&#039;un monde sans argent se trouve Gradido\" tabindex=\"-1\" >\n\t\t\tEn savoir plus\t\t<\/a>\n\n\t\t\t\t<\/div>\n\t\t\t\t<div class=\"elementor-post__meta-data\">\n\t\t\t\t\t<span class=\"elementor-post-date\">\n\t\t\t26 octobre 2025\t\t<\/span>\n\t\t\t\t<\/div>\n\t\t\t\t\t<\/div>\n\t\t<\/article>\n\t\t\t\t<article class=\"elementor-post elementor-grid-item post-12183 post type-post status-publish format-standard has-post-thumbnail hentry category-blog category-community\" role=\"listitem\">\n\t\t\t<div class=\"elementor-post__card\">\n\t\t\t\t<a class=\"elementor-post__thumbnail__link\" href=\"https:\/\/gradido.net\/fr\/mutmacher-konrad\/\" tabindex=\"-1\" ><div class=\"elementor-post__thumbnail\"><img decoding=\"async\" width=\"800\" height=\"450\" src=\"https:\/\/gradido.net\/wp-content\/uploads\/2025\/10\/Konrad_Funk-1024x576.jpg\" class=\"attachment-large size-large wp-image-12185\" alt=\"\" srcset=\"https:\/\/gradido.net\/wp-content\/uploads\/2025\/10\/Konrad_Funk-1024x576.jpg 1024w, https:\/\/gradido.net\/wp-content\/uploads\/2025\/10\/Konrad_Funk-300x169.jpg 300w, https:\/\/gradido.net\/wp-content\/uploads\/2025\/10\/Konrad_Funk-768x432.jpg 768w, https:\/\/gradido.net\/wp-content\/uploads\/2025\/10\/Konrad_Funk-1536x864.jpg 1536w, https:\/\/gradido.net\/wp-content\/uploads\/2025\/10\/Konrad_Funk-18x10.jpg 18w, https:\/\/gradido.net\/wp-content\/uploads\/2025\/10\/Konrad_Funk.jpg 1920w\" sizes=\"(max-width: 800px) 100vw, 800px\" \/><\/div><\/a>\n\t\t\t\t<div class=\"elementor-post__text\">\n\t\t\t\t<h3 class=\"elementor-post__title\">\n\t\t\t<a href=\"https:\/\/gradido.net\/fr\/mutmacher-konrad\/\" >\n\t\t\t\tThaler, thaler, tu dois marcher - d'une main \u00e0 l'autre\t\t\t<\/a>\n\t\t<\/h3>\n\t\t\t\t<div class=\"elementor-post__excerpt\">\n\t\t\t<p>Les gradidos peuvent \u00eatre cr\u00e9\u00e9s et transmis, ils sont disponibles en abondance - mais pas de mani\u00e8re inflationniste pour autant - en raison de leur caract\u00e8re \u00e9ph\u00e9m\u00e8re. Cette abondance peut \u00eatre int\u00e9gr\u00e9e dans notre plus grand cadeau : notre champ cardiaque.<\/p>\n\t\t<\/div>\n\t\t\n\t\t<a class=\"elementor-post__read-more\" href=\"https:\/\/gradido.net\/fr\/mutmacher-konrad\/\" aria-label=\"En savoir plus sur Thaler, Thaler, tu dois marcher - d&#039;une main \u00e0 l&#039;autre\" tabindex=\"-1\" >\n\t\t\tEn savoir plus\t\t<\/a>\n\n\t\t\t\t<\/div>\n\t\t\t\t<div class=\"elementor-post__meta-data\">\n\t\t\t\t\t<span class=\"elementor-post-date\">\n\t\t\t13 octobre 2025\t\t<\/span>\n\t\t\t\t<\/div>\n\t\t\t\t\t<\/div>\n\t\t<\/article>\n\t\t\t\t<article class=\"elementor-post elementor-grid-item post-12082 post type-post status-publish format-standard has-post-thumbnail hentry category-blog category-community\" role=\"listitem\">\n\t\t\t<div class=\"elementor-post__card\">\n\t\t\t\t<a class=\"elementor-post__thumbnail__link\" href=\"https:\/\/gradido.net\/fr\/mutmacher-hartmut\/\" tabindex=\"-1\" ><div class=\"elementor-post__thumbnail\"><img decoding=\"async\" width=\"800\" height=\"450\" src=\"https:\/\/gradido.net\/wp-content\/uploads\/2025\/10\/Hartmut_Zipperlen-1024x576.jpg\" class=\"attachment-large size-large wp-image-12084\" alt=\"\" srcset=\"https:\/\/gradido.net\/wp-content\/uploads\/2025\/10\/Hartmut_Zipperlen-1024x576.jpg 1024w, https:\/\/gradido.net\/wp-content\/uploads\/2025\/10\/Hartmut_Zipperlen-300x169.jpg 300w, https:\/\/gradido.net\/wp-content\/uploads\/2025\/10\/Hartmut_Zipperlen-768x432.jpg 768w, https:\/\/gradido.net\/wp-content\/uploads\/2025\/10\/Hartmut_Zipperlen-18x10.jpg 18w, https:\/\/gradido.net\/wp-content\/uploads\/2025\/10\/Hartmut_Zipperlen.jpg 1280w\" sizes=\"(max-width: 800px) 100vw, 800px\" \/><\/div><\/a>\n\t\t\t\t<div class=\"elementor-post__text\">\n\t\t\t\t<h3 class=\"elementor-post__title\">\n\t\t\t<a href=\"https:\/\/gradido.net\/fr\/mutmacher-hartmut\/\" >\n\t\t\t\tLes valeurs id\u00e9ales comme monnaie\t\t\t<\/a>\n\t\t<\/h3>\n\t\t\t\t<div class=\"elementor-post__excerpt\">\n\t\t\t<p>La nouvelle Terre ne viendra pas d'un coup de baguette magique de l'ext\u00e9rieur. L'humanit\u00e9 est responsable de Ga\u00efa et doit apporter elle-m\u00eame les changements. Je suis reconnaissant que de plus en plus de personnes s'engagent \u00e0 atteindre cet objectif dans l'amour et le respect des lois naturelles \u00e9ternelles.<\/p>\n\t\t<\/div>\n\t\t\n\t\t<a class=\"elementor-post__read-more\" href=\"https:\/\/gradido.net\/fr\/mutmacher-hartmut\/\" aria-label=\"En savoir plus sur Les valeurs id\u00e9ales comme monnaie\" tabindex=\"-1\" >\n\t\t\tEn savoir plus\t\t<\/a>\n\n\t\t\t\t<\/div>\n\t\t\t\t<div class=\"elementor-post__meta-data\">\n\t\t\t\t\t<span class=\"elementor-post-date\">\n\t\t\t5 octobre 2025\t\t<\/span>\n\t\t\t\t<\/div>\n\t\t\t\t\t<\/div>\n\t\t<\/article>\n\t\t\t\t<article class=\"elementor-post elementor-grid-item post-11747 post type-post status-publish format-standard has-post-thumbnail hentry category-blog category-community\" role=\"listitem\">\n\t\t\t<div class=\"elementor-post__card\">\n\t\t\t\t<a class=\"elementor-post__thumbnail__link\" href=\"https:\/\/gradido.net\/fr\/mutmacher-michael\/\" tabindex=\"-1\" ><div class=\"elementor-post__thumbnail\"><img loading=\"lazy\" decoding=\"async\" width=\"800\" height=\"450\" src=\"https:\/\/gradido.net\/wp-content\/uploads\/2025\/10\/Michael_Rothe_Banner-1024x576.jpg\" class=\"attachment-large size-large wp-image-11749\" alt=\"\" srcset=\"https:\/\/gradido.net\/wp-content\/uploads\/2025\/10\/Michael_Rothe_Banner-1024x576.jpg 1024w, https:\/\/gradido.net\/wp-content\/uploads\/2025\/10\/Michael_Rothe_Banner-300x169.jpg 300w, https:\/\/gradido.net\/wp-content\/uploads\/2025\/10\/Michael_Rothe_Banner-768x432.jpg 768w, https:\/\/gradido.net\/wp-content\/uploads\/2025\/10\/Michael_Rothe_Banner-18x10.jpg 18w, https:\/\/gradido.net\/wp-content\/uploads\/2025\/10\/Michael_Rothe_Banner.jpg 1280w\" sizes=\"(max-width: 800px) 100vw, 800px\" \/><\/div><\/a>\n\t\t\t\t<div class=\"elementor-post__text\">\n\t\t\t\t<h3 class=\"elementor-post__title\">\n\t\t\t<a href=\"https:\/\/gradido.net\/fr\/mutmacher-michael\/\" >\n\t\t\t\tLe r\u00eave d'un monde juste et pacifique\t\t\t<\/a>\n\t\t<\/h3>\n\t\t\t\t<div class=\"elementor-post__excerpt\">\n\t\t\t<p>Ce qui m'attire le plus chez Gradido, c'est le principe de gratitude - et la vision d'une \u00e9conomie pacifique. Je souhaite un monde dans lequel la coop\u00e9ration prime sur la concurrence et dans lequel des communaut\u00e9s saines se d\u00e9veloppent. Avec Gradido, ce r\u00eave semble devenir tangible.<\/p>\n\t\t<\/div>\n\t\t\n\t\t<a class=\"elementor-post__read-more\" href=\"https:\/\/gradido.net\/fr\/mutmacher-michael\/\" aria-label=\"En savoir plus sur Der Traum einer gerechten friedvollen Welt\" tabindex=\"-1\" >\n\t\t\tEn savoir plus\t\t<\/a>\n\n\t\t\t\t<\/div>\n\t\t\t\t<div class=\"elementor-post__meta-data\">\n\t\t\t\t\t<span class=\"elementor-post-date\">\n\t\t\t1er octobre 2025\t\t<\/span>\n\t\t\t\t<\/div>\n\t\t\t\t\t<\/div>\n\t\t<\/article>\n\t\t\t\t<article class=\"elementor-post elementor-grid-item post-11727 post type-post status-publish format-standard has-post-thumbnail hentry category-blog category-community\" role=\"listitem\">\n\t\t\t<div class=\"elementor-post__card\">\n\t\t\t\t<a class=\"elementor-post__thumbnail__link\" href=\"https:\/\/gradido.net\/fr\/mutmacher-rolf\/\" tabindex=\"-1\" ><div class=\"elementor-post__thumbnail\"><img loading=\"lazy\" decoding=\"async\" width=\"800\" height=\"450\" src=\"https:\/\/gradido.net\/wp-content\/uploads\/2025\/09\/Rolf-Locher-Banner-1024x576.jpg\" class=\"attachment-large size-large wp-image-11728\" alt=\"\" srcset=\"https:\/\/gradido.net\/wp-content\/uploads\/2025\/09\/Rolf-Locher-Banner-1024x576.jpg 1024w, https:\/\/gradido.net\/wp-content\/uploads\/2025\/09\/Rolf-Locher-Banner-300x169.jpg 300w, https:\/\/gradido.net\/wp-content\/uploads\/2025\/09\/Rolf-Locher-Banner-768x432.jpg 768w, https:\/\/gradido.net\/wp-content\/uploads\/2025\/09\/Rolf-Locher-Banner-18x10.jpg 18w, https:\/\/gradido.net\/wp-content\/uploads\/2025\/09\/Rolf-Locher-Banner.jpg 1280w\" sizes=\"(max-width: 800px) 100vw, 800px\" \/><\/div><\/a>\n\t\t\t\t<div class=\"elementor-post__text\">\n\t\t\t\t<h3 class=\"elementor-post__title\">\n\t\t\t<a href=\"https:\/\/gradido.net\/fr\/mutmacher-rolf\/\" >\n\t\t\t\tEntrer dans le lien\t\t\t<\/a>\n\t\t<\/h3>\n\t\t\t\t<div class=\"elementor-post__excerpt\">\n\t\t\t<p>La vision de Gradido est plus que jamais adapt\u00e9e \u00e0 notre \u00e9poque. Elle me rappelle que le changement est possible - pas seulement \"un jour\", mais maintenant. Que nous pouvons commencer \u00e0 fa\u00e7onner la Nouvelle Terre \u00e0 petits pas et ensemble.<\/p>\n\t\t<\/div>\n\t\t\n\t\t<a class=\"elementor-post__read-more\" href=\"https:\/\/gradido.net\/fr\/mutmacher-rolf\/\" aria-label=\"En savoir plus sur Hinein in die Verbundenheit\" tabindex=\"-1\" >\n\t\t\tEn savoir plus\t\t<\/a>\n\n\t\t\t\t<\/div>\n\t\t\t\t<div class=\"elementor-post__meta-data\">\n\t\t\t\t\t<span class=\"elementor-post-date\">\n\t\t\t30 septembre 2025\t\t<\/span>\n\t\t\t\t<\/div>\n\t\t\t\t\t<\/div>\n\t\t<\/article>\n\t\t\t\t<article class=\"elementor-post elementor-grid-item post-11642 post type-post status-publish format-standard has-post-thumbnail hentry category-blog category-community\" role=\"listitem\">\n\t\t\t<div class=\"elementor-post__card\">\n\t\t\t\t<a class=\"elementor-post__thumbnail__link\" href=\"https:\/\/gradido.net\/fr\/mutmacher-jean-pierre\/\" tabindex=\"-1\" ><div class=\"elementor-post__thumbnail\"><img loading=\"lazy\" decoding=\"async\" width=\"800\" height=\"450\" src=\"https:\/\/gradido.net\/wp-content\/uploads\/2025\/09\/Jean-Pierre-1024x576.jpg\" class=\"attachment-large size-large wp-image-11643\" alt=\"\" srcset=\"https:\/\/gradido.net\/wp-content\/uploads\/2025\/09\/Jean-Pierre-1024x576.jpg 1024w, https:\/\/gradido.net\/wp-content\/uploads\/2025\/09\/Jean-Pierre-300x169.jpg 300w, https:\/\/gradido.net\/wp-content\/uploads\/2025\/09\/Jean-Pierre-768x432.jpg 768w, https:\/\/gradido.net\/wp-content\/uploads\/2025\/09\/Jean-Pierre-18x10.jpg 18w, https:\/\/gradido.net\/wp-content\/uploads\/2025\/09\/Jean-Pierre.jpg 1280w\" sizes=\"(max-width: 800px) 100vw, 800px\" \/><\/div><\/a>\n\t\t\t\t<div class=\"elementor-post__text\">\n\t\t\t\t<h3 class=\"elementor-post__title\">\n\t\t\t<a href=\"https:\/\/gradido.net\/fr\/mutmacher-jean-pierre\/\" >\n\t\t\t\tLa cl\u00e9 de vo\u00fbte de la construction d'un pont\t\t\t<\/a>\n\t\t<\/h3>\n\t\t\t\t<div class=\"elementor-post__excerpt\">\n\t\t\t<p>Au cours de mes nombreuses ann\u00e9es d'activit\u00e9s les plus diverses, j'ai pu constater que la plupart des syst\u00e8mes de notre soci\u00e9t\u00e9 ont une logique inh\u00e9rente qui conduit \u00e0 des d\u00e9rives. Ces d\u00e9rives nous ont fait perdre de vue nos v\u00e9ritables objectifs et ....<\/p>\n\t\t<\/div>\n\t\t\n\t\t<a class=\"elementor-post__read-more\" href=\"https:\/\/gradido.net\/fr\/mutmacher-jean-pierre\/\" aria-label=\"En savoir plus sur Der Schlussstein beim Bau einer Br\u00fccke\" tabindex=\"-1\" >\n\t\t\tEn savoir plus\t\t<\/a>\n\n\t\t\t\t<\/div>\n\t\t\t\t<div class=\"elementor-post__meta-data\">\n\t\t\t\t\t<span class=\"elementor-post-date\">\n\t\t\t27 septembre 2025\t\t<\/span>\n\t\t\t\t<\/div>\n\t\t\t\t\t<\/div>\n\t\t<\/article>\n\t\t\t\t<article class=\"elementor-post elementor-grid-item post-11600 post type-post status-publish format-standard has-post-thumbnail hentry category-blog category-community\" role=\"listitem\">\n\t\t\t<div class=\"elementor-post__card\">\n\t\t\t\t<a class=\"elementor-post__thumbnail__link\" href=\"https:\/\/gradido.net\/fr\/mutmacherin-kerstin\/\" tabindex=\"-1\" ><div class=\"elementor-post__thumbnail\"><img loading=\"lazy\" decoding=\"async\" width=\"800\" height=\"450\" src=\"https:\/\/gradido.net\/wp-content\/uploads\/2025\/09\/Kerstin_Banner2-1024x576.jpg\" class=\"attachment-large size-large wp-image-11603\" alt=\"\" srcset=\"https:\/\/gradido.net\/wp-content\/uploads\/2025\/09\/Kerstin_Banner2-1024x576.jpg 1024w, https:\/\/gradido.net\/wp-content\/uploads\/2025\/09\/Kerstin_Banner2-300x169.jpg 300w, https:\/\/gradido.net\/wp-content\/uploads\/2025\/09\/Kerstin_Banner2-768x432.jpg 768w, https:\/\/gradido.net\/wp-content\/uploads\/2025\/09\/Kerstin_Banner2-18x10.jpg 18w, https:\/\/gradido.net\/wp-content\/uploads\/2025\/09\/Kerstin_Banner2.jpg 1280w\" sizes=\"(max-width: 800px) 100vw, 800px\" \/><\/div><\/a>\n\t\t\t\t<div class=\"elementor-post__text\">\n\t\t\t\t<h3 class=\"elementor-post__title\">\n\t\t\t<a href=\"https:\/\/gradido.net\/fr\/mutmacherin-kerstin\/\" >\n\t\t\t\tC'est ainsi que je con\u00e7ois la coop\u00e9ration\t\t\t<\/a>\n\t\t<\/h3>\n\t\t\t\t<div class=\"elementor-post__excerpt\">\n\t\t\t<p>Lorsque j'ai mis en place mon congr\u00e8s \"Connais-toi toi-m\u00eame\", je suis tomb\u00e9e sur Gradido et j'ai tout de suite \u00e9t\u00e9 enthousiasm\u00e9e. Cette \u00e9nergie de gratitude et le mod\u00e8le naturel du devenir et de la disparition - je pouvais en faire quelque chose !<\/p>\n\t\t<\/div>\n\t\t\n\t\t<a class=\"elementor-post__read-more\" href=\"https:\/\/gradido.net\/fr\/mutmacherin-kerstin\/\" aria-label=\"En savoir plus sur So stelle ich mir Miteinander vor\" tabindex=\"-1\" >\n\t\t\tEn savoir plus\t\t<\/a>\n\n\t\t\t\t<\/div>\n\t\t\t\t<div class=\"elementor-post__meta-data\">\n\t\t\t\t\t<span class=\"elementor-post-date\">\n\t\t\t17 septembre 2025\t\t<\/span>\n\t\t\t\t<\/div>\n\t\t\t\t\t<\/div>\n\t\t<\/article>\n\t\t\t\t<article class=\"elementor-post elementor-grid-item post-11586 post type-post status-publish format-standard has-post-thumbnail hentry category-blog category-community tag-bild-oben\" role=\"listitem\">\n\t\t\t<div class=\"elementor-post__card\">\n\t\t\t\t<a class=\"elementor-post__thumbnail__link\" href=\"https:\/\/gradido.net\/fr\/welt-mutter-kongress\/\" tabindex=\"-1\" ><div class=\"elementor-post__thumbnail\"><img loading=\"lazy\" decoding=\"async\" width=\"800\" height=\"436\" src=\"https:\/\/gradido.net\/wp-content\/uploads\/2025\/09\/Welt-Mutter-Kongress-1024x558.jpg\" class=\"attachment-large size-large wp-image-11587\" alt=\"\" srcset=\"https:\/\/gradido.net\/wp-content\/uploads\/2025\/09\/Welt-Mutter-Kongress-1024x558.jpg 1024w, https:\/\/gradido.net\/wp-content\/uploads\/2025\/09\/Welt-Mutter-Kongress-300x164.jpg 300w, https:\/\/gradido.net\/wp-content\/uploads\/2025\/09\/Welt-Mutter-Kongress-768x419.jpg 768w, https:\/\/gradido.net\/wp-content\/uploads\/2025\/09\/Welt-Mutter-Kongress-18x10.jpg 18w, https:\/\/gradido.net\/wp-content\/uploads\/2025\/09\/Welt-Mutter-Kongress.jpg 1280w\" sizes=\"(max-width: 800px) 100vw, 800px\" \/><\/div><\/a>\n\t\t\t\t<div class=\"elementor-post__text\">\n\t\t\t\t<h3 class=\"elementor-post__title\">\n\t\t\t<a href=\"https:\/\/gradido.net\/fr\/welt-mutter-kongress\/\" >\n\t\t\t\tInvitation au Congr\u00e8s mondial des m\u00e8res 15-26 septembre 2025\t\t\t<\/a>\n\t\t<\/h3>\n\t\t\t\t<div class=\"elementor-post__excerpt\">\n\t\t\t<p>Que dirais-tu de te retrouver pleinement avec toi-m\u00eame, d'ouvrir ton c\u0153ur \u00e0 la vie et de suivre avec d'autres un chemin libre et plein d'amour ? Le Congr\u00e8s mondial des m\u00e8res t'invite cordialement - \u00e0 douze jours d'inspiration, d'impulsions salutaires et de communaut\u00e9 vivante.<\/p>\n\t\t<\/div>\n\t\t\n\t\t<a class=\"elementor-post__read-more\" href=\"https:\/\/gradido.net\/fr\/welt-mutter-kongress\/\" aria-label=\"En savoir plus sur Einladung zum Welt Mutter Kongress 15.-26. September 2025\" tabindex=\"-1\" >\n\t\t\tEn savoir plus\t\t<\/a>\n\n\t\t\t\t<\/div>\n\t\t\t\t<div class=\"elementor-post__meta-data\">\n\t\t\t\t\t<span class=\"elementor-post-date\">\n\t\t\t14 septembre 2025\t\t<\/span>\n\t\t\t\t<\/div>\n\t\t\t\t\t<\/div>\n\t\t<\/article>\n\t\t\t\t<article class=\"elementor-post elementor-grid-item post-11565 post type-post status-publish format-standard has-post-thumbnail hentry category-blog category-community\" role=\"listitem\">\n\t\t\t<div class=\"elementor-post__card\">\n\t\t\t\t<a class=\"elementor-post__thumbnail__link\" href=\"https:\/\/gradido.net\/fr\/mutmacher-dietmar\/\" tabindex=\"-1\" ><div class=\"elementor-post__thumbnail\"><img loading=\"lazy\" decoding=\"async\" width=\"800\" height=\"450\" src=\"https:\/\/gradido.net\/wp-content\/uploads\/2025\/09\/Dietmar-1-1024x576.jpg\" class=\"attachment-large size-large wp-image-11568\" alt=\"\" srcset=\"https:\/\/gradido.net\/wp-content\/uploads\/2025\/09\/Dietmar-1-1024x576.jpg 1024w, https:\/\/gradido.net\/wp-content\/uploads\/2025\/09\/Dietmar-1-300x169.jpg 300w, https:\/\/gradido.net\/wp-content\/uploads\/2025\/09\/Dietmar-1-768x432.jpg 768w, https:\/\/gradido.net\/wp-content\/uploads\/2025\/09\/Dietmar-1-18x10.jpg 18w, https:\/\/gradido.net\/wp-content\/uploads\/2025\/09\/Dietmar-1.jpg 1280w\" sizes=\"(max-width: 800px) 100vw, 800px\" \/><\/div><\/a>\n\t\t\t\t<div class=\"elementor-post__text\">\n\t\t\t\t<h3 class=\"elementor-post__title\">\n\t\t\t<a href=\"https:\/\/gradido.net\/fr\/mutmacher-dietmar\/\" >\n\t\t\t\tPourquoi ne vivons-nous pas cela depuis longtemps ?\t\t\t<\/a>\n\t\t<\/h3>\n\t\t\t\t<div class=\"elementor-post__excerpt\">\n\t\t\t<p>Lorsque j'ai lu les 100 avantages du Gradido, ma premi\u00e8re pens\u00e9e a \u00e9t\u00e9 : \"Ouah, c'est g\u00e9nial ! Pourquoi ne le vivons-nous pas d\u00e9j\u00e0 depuis longtemps ? C'est ainsi que j'ai commenc\u00e9 \u00e0 mieux conna\u00eetre le Gradido et \u00e0 participer en tant qu'ambassadeur pour faire conna\u00eetre le Gradido au monde entier.<\/p>\n\t\t<\/div>\n\t\t\n\t\t<a class=\"elementor-post__read-more\" href=\"https:\/\/gradido.net\/fr\/mutmacher-dietmar\/\" aria-label=\"En savoir plus sur Warum leben wir das nicht schon lange?\" tabindex=\"-1\" >\n\t\t\tEn savoir plus\t\t<\/a>\n\n\t\t\t\t<\/div>\n\t\t\t\t<div class=\"elementor-post__meta-data\">\n\t\t\t\t\t<span class=\"elementor-post-date\">\n\t\t\t12 septembre 2025\t\t<\/span>\n\t\t\t\t<\/div>\n\t\t\t\t\t<\/div>\n\t\t<\/article>\n\t\t\t\t<article class=\"elementor-post elementor-grid-item post-11542 post type-post status-publish format-standard has-post-thumbnail hentry category-blog category-community\" role=\"listitem\">\n\t\t\t<div class=\"elementor-post__card\">\n\t\t\t\t<a class=\"elementor-post__thumbnail__link\" href=\"https:\/\/gradido.net\/fr\/von-dem-konzept-begeistert\/\" tabindex=\"-1\" ><div class=\"elementor-post__thumbnail\"><img loading=\"lazy\" decoding=\"async\" width=\"800\" height=\"450\" src=\"https:\/\/gradido.net\/wp-content\/uploads\/2025\/09\/Joel_Banner-1024x576.jpg\" class=\"attachment-large size-large wp-image-11544\" alt=\"\" srcset=\"https:\/\/gradido.net\/wp-content\/uploads\/2025\/09\/Joel_Banner-1024x576.jpg 1024w, https:\/\/gradido.net\/wp-content\/uploads\/2025\/09\/Joel_Banner-300x169.jpg 300w, https:\/\/gradido.net\/wp-content\/uploads\/2025\/09\/Joel_Banner-768x432.jpg 768w, https:\/\/gradido.net\/wp-content\/uploads\/2025\/09\/Joel_Banner-18x10.jpg 18w, https:\/\/gradido.net\/wp-content\/uploads\/2025\/09\/Joel_Banner.jpg 1280w\" sizes=\"(max-width: 800px) 100vw, 800px\" \/><\/div><\/a>\n\t\t\t\t<div class=\"elementor-post__text\">\n\t\t\t\t<h3 class=\"elementor-post__title\">\n\t\t\t<a href=\"https:\/\/gradido.net\/fr\/von-dem-konzept-begeistert\/\" >\n\t\t\t\tEnthousiasm\u00e9s par le concept\t\t\t<\/a>\n\t\t<\/h3>\n\t\t\t\t<div class=\"elementor-post__excerpt\">\n\t\t\t<p>Cela fait longtemps que je cherche un mode de vie alternatif et durable. L'id\u00e9e de gagner de l'argent sur la base de la gratitude me pla\u00eet vraiment. Je crois que notre vie est un cadeau. Nous avons de nombreuses raisons d'\u00eatre reconnaissants. La vie est pleine de miracles.<\/p>\n\t\t<\/div>\n\t\t\n\t\t<a class=\"elementor-post__read-more\" href=\"https:\/\/gradido.net\/fr\/von-dem-konzept-begeistert\/\" aria-label=\"En savoir plus sur Von dem Konzept begeistert\" tabindex=\"-1\" >\n\t\t\tEn savoir plus\t\t<\/a>\n\n\t\t\t\t<\/div>\n\t\t\t\t<div class=\"elementor-post__meta-data\">\n\t\t\t\t\t<span class=\"elementor-post-date\">\n\t\t\t11 septembre 2025\t\t<\/span>\n\t\t\t\t<\/div>\n\t\t\t\t\t<\/div>\n\t\t<\/article>\n\t\t\t\t<article class=\"elementor-post elementor-grid-item post-11520 post type-post status-publish format-standard has-post-thumbnail hentry category-blog category-community\" role=\"listitem\">\n\t\t\t<div class=\"elementor-post__card\">\n\t\t\t\t<a class=\"elementor-post__thumbnail__link\" href=\"https:\/\/gradido.net\/fr\/mutmacherin-claudia\/\" tabindex=\"-1\" ><div class=\"elementor-post__thumbnail\"><img loading=\"lazy\" decoding=\"async\" width=\"800\" height=\"450\" src=\"https:\/\/gradido.net\/wp-content\/uploads\/2025\/09\/Claudia_Banner-1024x576.jpg\" class=\"attachment-large size-large wp-image-11522\" alt=\"\" srcset=\"https:\/\/gradido.net\/wp-content\/uploads\/2025\/09\/Claudia_Banner-1024x576.jpg 1024w, https:\/\/gradido.net\/wp-content\/uploads\/2025\/09\/Claudia_Banner-300x169.jpg 300w, https:\/\/gradido.net\/wp-content\/uploads\/2025\/09\/Claudia_Banner-768x432.jpg 768w, https:\/\/gradido.net\/wp-content\/uploads\/2025\/09\/Claudia_Banner-18x10.jpg 18w, https:\/\/gradido.net\/wp-content\/uploads\/2025\/09\/Claudia_Banner.jpg 1280w\" sizes=\"(max-width: 800px) 100vw, 800px\" \/><\/div><\/a>\n\t\t\t\t<div class=\"elementor-post__text\">\n\t\t\t\t<h3 class=\"elementor-post__title\">\n\t\t\t<a href=\"https:\/\/gradido.net\/fr\/mutmacherin-claudia\/\" >\n\t\t\t\tExactement ce que j'avais toujours souhait\u00e9\t\t\t<\/a>\n\t\t<\/h3>\n\t\t\t\t<div class=\"elementor-post__excerpt\">\n\t\t\t<p>Gradido offre beaucoup \u00e0 chacun. Chacun peut s'investir \u00e0 sa guise. Dans mon cas, il s'agit plus particuli\u00e8rement des chevaux, et j'ai \u00e9galement int\u00e9gr\u00e9 la Horse Human Community, mon b\u00e9b\u00e9, en tant qu'espace chez Gradido. Parce que Gradido me donne la possibilit\u00e9 de mettre les gens en r\u00e9seau.<\/p>\n\t\t<\/div>\n\t\t\n\t\t<a class=\"elementor-post__read-more\" href=\"https:\/\/gradido.net\/fr\/mutmacherin-claudia\/\" aria-label=\"En savoir plus sur Genau das, was ich mir immer gew\u00fcnscht hatte\" tabindex=\"-1\" >\n\t\t\tEn savoir plus\t\t<\/a>\n\n\t\t\t\t<\/div>\n\t\t\t\t<div class=\"elementor-post__meta-data\">\n\t\t\t\t\t<span class=\"elementor-post-date\">\n\t\t\t8 septembre 2025\t\t<\/span>\n\t\t\t\t<\/div>\n\t\t\t\t\t<\/div>\n\t\t<\/article>\n\t\t\t\t<article class=\"elementor-post elementor-grid-item post-11499 post type-post status-publish format-standard has-post-thumbnail hentry category-blog category-community\" role=\"listitem\">\n\t\t\t<div class=\"elementor-post__card\">\n\t\t\t\t<a class=\"elementor-post__thumbnail__link\" href=\"https:\/\/gradido.net\/fr\/werde-mutmacher-teile-deine-gradido-geschichte\/\" tabindex=\"-1\" ><div class=\"elementor-post__thumbnail\"><img loading=\"lazy\" decoding=\"async\" width=\"800\" height=\"200\" src=\"https:\/\/gradido.net\/wp-content\/uploads\/2023\/12\/AdobeStock_623322374-1024x256.jpeg\" class=\"attachment-large size-large wp-image-8453\" alt=\"\" srcset=\"https:\/\/gradido.net\/wp-content\/uploads\/2023\/12\/AdobeStock_623322374-1024x256.jpeg 1024w, https:\/\/gradido.net\/wp-content\/uploads\/2023\/12\/AdobeStock_623322374-300x75.jpeg 300w, https:\/\/gradido.net\/wp-content\/uploads\/2023\/12\/AdobeStock_623322374-768x192.jpeg 768w, https:\/\/gradido.net\/wp-content\/uploads\/2023\/12\/AdobeStock_623322374-1536x384.jpeg 1536w, https:\/\/gradido.net\/wp-content\/uploads\/2023\/12\/AdobeStock_623322374-2048x512.jpeg 2048w, https:\/\/gradido.net\/wp-content\/uploads\/2023\/12\/AdobeStock_623322374-18x5.jpeg 18w\" sizes=\"(max-width: 800px) 100vw, 800px\" \/><\/div><\/a>\n\t\t\t\t<div class=\"elementor-post__text\">\n\t\t\t\t<h3 class=\"elementor-post__title\">\n\t\t\t<a href=\"https:\/\/gradido.net\/fr\/werde-mutmacher-teile-deine-gradido-geschichte\/\" >\n\t\t\t\tDeviens un exemple de courage : partage ton histoire de Gradido !\t\t\t<\/a>\n\t\t<\/h3>\n\t\t\t\t<div class=\"elementor-post__excerpt\">\n\t\t\t<p>Nous publierons vos contributions les plus belles et les plus encourageantes dans nos prochaines newsletters et sur notre blog. Nous pourrons ainsi faire pousser ensemble le bouquet d'espoir et d'histoires authentiques qui inspirera beaucoup d'autres \u00e0 faire partie de ce mouvement.<\/p>\n\t\t<\/div>\n\t\t\n\t\t<a class=\"elementor-post__read-more\" href=\"https:\/\/gradido.net\/fr\/werde-mutmacher-teile-deine-gradido-geschichte\/\" aria-label=\"En savoir plus sur Werde Mutmacher: Teile Deine Gradido-Geschichte!\" tabindex=\"-1\" >\n\t\t\tEn savoir plus\t\t<\/a>\n\n\t\t\t\t<\/div>\n\t\t\t\t<div class=\"elementor-post__meta-data\">\n\t\t\t\t\t<span class=\"elementor-post-date\">\n\t\t\t5 septembre 2025\t\t<\/span>\n\t\t\t\t<\/div>\n\t\t\t\t\t<\/div>\n\t\t<\/article>\n\t\t\t\t<article class=\"elementor-post elementor-grid-item post-10429 post type-post status-publish format-standard has-post-thumbnail hentry category-blog category-community\" role=\"listitem\">\n\t\t\t<div class=\"elementor-post__card\">\n\t\t\t\t<a class=\"elementor-post__thumbnail__link\" href=\"https:\/\/gradido.net\/fr\/inspirationsflug-regenerative-wirtschaft\/\" tabindex=\"-1\" ><div class=\"elementor-post__thumbnail\"><img loading=\"lazy\" decoding=\"async\" width=\"800\" height=\"339\" src=\"https:\/\/gradido.net\/wp-content\/uploads\/2025\/06\/Titel-INSPIRATIONSLFUG-short-1024x434.webp\" class=\"attachment-large size-large wp-image-10431\" alt=\"\" srcset=\"https:\/\/gradido.net\/wp-content\/uploads\/2025\/06\/Titel-INSPIRATIONSLFUG-short-1024x434.webp 1024w, https:\/\/gradido.net\/wp-content\/uploads\/2025\/06\/Titel-INSPIRATIONSLFUG-short-300x127.webp 300w, https:\/\/gradido.net\/wp-content\/uploads\/2025\/06\/Titel-INSPIRATIONSLFUG-short-768x326.webp 768w, https:\/\/gradido.net\/wp-content\/uploads\/2025\/06\/Titel-INSPIRATIONSLFUG-short-1536x651.webp 1536w, https:\/\/gradido.net\/wp-content\/uploads\/2025\/06\/Titel-INSPIRATIONSLFUG-short-2048x868.webp 2048w, https:\/\/gradido.net\/wp-content\/uploads\/2025\/06\/Titel-INSPIRATIONSLFUG-short-18x8.webp 18w\" sizes=\"(max-width: 800px) 100vw, 800px\" \/><\/div><\/a>\n\t\t\t\t<div class=\"elementor-post__text\">\n\t\t\t\t<h3 class=\"elementor-post__title\">\n\t\t\t<a href=\"https:\/\/gradido.net\/fr\/inspirationsflug-regenerative-wirtschaft\/\" >\n\t\t\t\tVOL D'INSPIRATION SUR LE TH\u00c8ME DE L'\u00c9CONOMIE R\u00c9G\u00c9N\u00c9RATIVE\t\t\t<\/a>\n\t\t<\/h3>\n\t\t\t\t<div class=\"elementor-post__excerpt\">\n\t\t\t<p>L'\u00c9CONOMIE R\u00c9G\u00c9N\u00c9RATIVE signifie \"un syst\u00e8me \u00e9conomique qui va au-del\u00e0 de la simple cr\u00e9ation de valeur et qui se concentre sur la restauration et l'am\u00e9lioration des \u00e9cosyst\u00e8mes et des soci\u00e9t\u00e9s. Elle s'efforce de redonner plus qu'elle ne prend, tant sur le plan \u00e9cologique que social, et met l'accent sur la cr\u00e9ation de valeur positive pour la nature et la soci\u00e9t\u00e9\".<\/p>\n\t\t<\/div>\n\t\t\n\t\t<a class=\"elementor-post__read-more\" href=\"https:\/\/gradido.net\/fr\/inspirationsflug-regenerative-wirtschaft\/\" aria-label=\"En savoir plus sur INSPIRATIONSFLUG ZUM THEMA REGENERATIVE WIRTSCHAFT\" tabindex=\"-1\" >\n\t\t\tEn savoir plus\t\t<\/a>\n\n\t\t\t\t<\/div>\n\t\t\t\t<div class=\"elementor-post__meta-data\">\n\t\t\t\t\t<span class=\"elementor-post-date\">\n\t\t\t4 juin 2025\t\t<\/span>\n\t\t\t\t<\/div>\n\t\t\t\t\t<\/div>\n\t\t<\/article>\n\t\t\t\t<article class=\"elementor-post elementor-grid-item post-10383 post type-post status-publish format-standard has-post-thumbnail hentry category-blog category-community\" role=\"listitem\">\n\t\t\t<div class=\"elementor-post__card\">\n\t\t\t\t<a class=\"elementor-post__thumbnail__link\" href=\"https:\/\/gradido.net\/fr\/78-tage-die-alles-veraendern-koennten\/\" tabindex=\"-1\" ><div class=\"elementor-post__thumbnail\"><img loading=\"lazy\" decoding=\"async\" width=\"800\" height=\"450\" src=\"https:\/\/gradido.net\/wp-content\/uploads\/2025\/05\/Ketten_sprengen-1024x576.jpg\" class=\"attachment-large size-large wp-image-10385\" alt=\"\" srcset=\"https:\/\/gradido.net\/wp-content\/uploads\/2025\/05\/Ketten_sprengen-1024x576.jpg 1024w, https:\/\/gradido.net\/wp-content\/uploads\/2025\/05\/Ketten_sprengen-300x169.jpg 300w, https:\/\/gradido.net\/wp-content\/uploads\/2025\/05\/Ketten_sprengen-768x432.jpg 768w, https:\/\/gradido.net\/wp-content\/uploads\/2025\/05\/Ketten_sprengen-1536x864.jpg 1536w, https:\/\/gradido.net\/wp-content\/uploads\/2025\/05\/Ketten_sprengen-18x10.jpg 18w, https:\/\/gradido.net\/wp-content\/uploads\/2025\/05\/Ketten_sprengen.jpg 1600w\" sizes=\"(max-width: 800px) 100vw, 800px\" \/><\/div><\/a>\n\t\t\t\t<div class=\"elementor-post__text\">\n\t\t\t\t<h3 class=\"elementor-post__title\">\n\t\t\t<a href=\"https:\/\/gradido.net\/fr\/78-tage-die-alles-veraendern-koennten\/\" >\n\t\t\t\t78 jours qui pourraient tout changer\t\t\t<\/a>\n\t\t<\/h3>\n\t\t\t\t<div class=\"elementor-post__excerpt\">\n\t\t\t<p>Imagine un peu ! Avec les premiers rayons de soleil, tu brises - comme la femme sur notre photo de couverture - les cha\u00eenes invisibles de l'ancienne matrice et tu regardes avec un esprit d'exploration vers l'aventure d'une nouvelle vie ! C'est le point de d\u00e9part d'une exp\u00e9rience qui pourrait tout changer...<\/p>\n\t\t<\/div>\n\t\t\n\t\t<a class=\"elementor-post__read-more\" href=\"https:\/\/gradido.net\/fr\/78-tage-die-alles-veraendern-koennten\/\" aria-label=\"En savoir plus sur 78 Tage, die alles ver\u00e4ndern k\u00f6nnten\" tabindex=\"-1\" >\n\t\t\tEn savoir plus\t\t<\/a>\n\n\t\t\t\t<\/div>\n\t\t\t\t<div class=\"elementor-post__meta-data\">\n\t\t\t\t\t<span class=\"elementor-post-date\">\n\t\t\t18 mai 2025\t\t<\/span>\n\t\t\t\t<\/div>\n\t\t\t\t\t<\/div>\n\t\t<\/article>\n\t\t\t\t<article class=\"elementor-post elementor-grid-item post-10371 post type-post status-publish format-standard has-post-thumbnail hentry category-blog category-community category-gradido-konto\" role=\"listitem\">\n\t\t\t<div class=\"elementor-post__card\">\n\t\t\t\t<a class=\"elementor-post__thumbnail__link\" href=\"https:\/\/gradido.net\/fr\/gemeinsam-wachsen-meilensteine-feiern-und-die-zukunft-gestalten\/\" tabindex=\"-1\" ><div class=\"elementor-post__thumbnail\"><img loading=\"lazy\" decoding=\"async\" width=\"800\" height=\"445\" src=\"https:\/\/gradido.net\/wp-content\/uploads\/2022\/12\/Test_fertig_1920-1024x569.jpg\" class=\"attachment-large size-large wp-image-6018\" alt=\"\" srcset=\"https:\/\/gradido.net\/wp-content\/uploads\/2022\/12\/Test_fertig_1920-1024x569.jpg 1024w, https:\/\/gradido.net\/wp-content\/uploads\/2022\/12\/Test_fertig_1920-300x167.jpg 300w, https:\/\/gradido.net\/wp-content\/uploads\/2022\/12\/Test_fertig_1920-768x427.jpg 768w, https:\/\/gradido.net\/wp-content\/uploads\/2022\/12\/Test_fertig_1920-1536x854.jpg 1536w, https:\/\/gradido.net\/wp-content\/uploads\/2022\/12\/Test_fertig_1920-18x10.jpg 18w, https:\/\/gradido.net\/wp-content\/uploads\/2022\/12\/Test_fertig_1920.jpg 1920w\" sizes=\"(max-width: 800px) 100vw, 800px\" \/><\/div><\/a>\n\t\t\t\t<div class=\"elementor-post__text\">\n\t\t\t\t<h3 class=\"elementor-post__title\">\n\t\t\t<a href=\"https:\/\/gradido.net\/fr\/gemeinsam-wachsen-meilensteine-feiern-und-die-zukunft-gestalten\/\" >\n\t\t\t\tGrandir ensemble : c\u00e9l\u00e9brer les \u00e9tapes importantes et construire l'avenir\t\t\t<\/a>\n\t\t<\/h3>\n\t\t\t\t<div class=\"elementor-post__excerpt\">\n\t\t\t<p>Aujourd'hui, nous souhaitons te faire prendre conscience - et nous faire prendre conscience \u00e0 tous - des \u00e9tapes que nous avons franchies ensemble au cours des derni\u00e8res ann\u00e9es et de ce qui nous attend au cours des douze prochains mois.<\/p>\n\t\t<\/div>\n\t\t\n\t\t<a class=\"elementor-post__read-more\" href=\"https:\/\/gradido.net\/fr\/gemeinsam-wachsen-meilensteine-feiern-und-die-zukunft-gestalten\/\" aria-label=\"En savoir plus sur Gemeinsam wachsen: Meilensteine feiern und die Zukunft gestalten\" tabindex=\"-1\" >\n\t\t\tEn savoir plus\t\t<\/a>\n\n\t\t\t\t<\/div>\n\t\t\t\t<div class=\"elementor-post__meta-data\">\n\t\t\t\t\t<span class=\"elementor-post-date\">\n\t\t\t11 mai 2025\t\t<\/span>\n\t\t\t\t<\/div>\n\t\t\t\t\t<\/div>\n\t\t<\/article>\n\t\t\t\t<article class=\"elementor-post elementor-grid-item post-10343 post type-post status-publish format-standard has-post-thumbnail hentry category-blog category-community\" role=\"listitem\">\n\t\t\t<div class=\"elementor-post__card\">\n\t\t\t\t<a class=\"elementor-post__thumbnail__link\" href=\"https:\/\/gradido.net\/fr\/spielend-probleme-loesen-entdecke-das-ki-rollenspiel-bei-gradido-delta\/\" tabindex=\"-1\" ><div class=\"elementor-post__thumbnail\"><img loading=\"lazy\" decoding=\"async\" width=\"800\" height=\"375\" src=\"https:\/\/gradido.net\/wp-content\/uploads\/2025\/05\/DELTA-Rollenspiel-1024x480.jpg\" class=\"attachment-large size-large wp-image-10344\" alt=\"\" srcset=\"https:\/\/gradido.net\/wp-content\/uploads\/2025\/05\/DELTA-Rollenspiel-1024x480.jpg 1024w, https:\/\/gradido.net\/wp-content\/uploads\/2025\/05\/DELTA-Rollenspiel-300x141.jpg 300w, https:\/\/gradido.net\/wp-content\/uploads\/2025\/05\/DELTA-Rollenspiel-768x360.jpg 768w, https:\/\/gradido.net\/wp-content\/uploads\/2025\/05\/DELTA-Rollenspiel-1536x720.jpg 1536w, https:\/\/gradido.net\/wp-content\/uploads\/2025\/05\/DELTA-Rollenspiel-18x8.jpg 18w, https:\/\/gradido.net\/wp-content\/uploads\/2025\/05\/DELTA-Rollenspiel.jpg 1600w\" sizes=\"(max-width: 800px) 100vw, 800px\" \/><\/div><\/a>\n\t\t\t\t<div class=\"elementor-post__text\">\n\t\t\t\t<h3 class=\"elementor-post__title\">\n\t\t\t<a href=\"https:\/\/gradido.net\/fr\/spielend-probleme-loesen-entdecke-das-ki-rollenspiel-bei-gradido-delta\/\" >\n\t\t\t\tR\u00e9soudre des probl\u00e8mes en jouant : D\u00e9couvre le jeu de r\u00f4le IA chez Gradido DELTA\t\t\t<\/a>\n\t\t<\/h3>\n\t\t\t\t<div class=\"elementor-post__excerpt\">\n\t\t\t<p>Tu fais partie des membres de la communaut\u00e9 Gradido, curieux et aventureux, qui ont envie d'oser et d'explorer ensemble des voies inhabituelles de collaboration et d'innovation ? Alors tu es au bon endroit - et cela sera d\u00e9sormais tellement plus facile et joyeux !<\/p>\n\t\t<\/div>\n\t\t\n\t\t<a class=\"elementor-post__read-more\" href=\"https:\/\/gradido.net\/fr\/spielend-probleme-loesen-entdecke-das-ki-rollenspiel-bei-gradido-delta\/\" aria-label=\"En savoir plus sur Spielend Probleme l\u00f6sen: Entdecke das KI-Rollenspiel bei Gradido DELTA\" tabindex=\"-1\" >\n\t\t\tEn savoir plus\t\t<\/a>\n\n\t\t\t\t<\/div>\n\t\t\t\t<div class=\"elementor-post__meta-data\">\n\t\t\t\t\t<span class=\"elementor-post-date\">\n\t\t\t5 mai 2025\t\t<\/span>\n\t\t\t\t<\/div>\n\t\t\t\t\t<\/div>\n\t\t<\/article>\n\t\t\t\t<article class=\"elementor-post elementor-grid-item post-10304 post type-post status-publish format-standard has-post-thumbnail hentry category-blog category-community\" role=\"listitem\">\n\t\t\t<div class=\"elementor-post__card\">\n\t\t\t\t<a class=\"elementor-post__thumbnail__link\" href=\"https:\/\/gradido.net\/fr\/gemeinsam-staerker-mach-mit-bei-gradido-delta\/\" tabindex=\"-1\" ><div class=\"elementor-post__thumbnail\"><img loading=\"lazy\" decoding=\"async\" width=\"800\" height=\"375\" src=\"https:\/\/gradido.net\/wp-content\/uploads\/2025\/04\/DELTA_Banner_Blog-1024x480.jpg\" class=\"attachment-large size-large wp-image-10305\" alt=\"\" srcset=\"https:\/\/gradido.net\/wp-content\/uploads\/2025\/04\/DELTA_Banner_Blog-1024x480.jpg 1024w, https:\/\/gradido.net\/wp-content\/uploads\/2025\/04\/DELTA_Banner_Blog-300x141.jpg 300w, https:\/\/gradido.net\/wp-content\/uploads\/2025\/04\/DELTA_Banner_Blog-768x360.jpg 768w, https:\/\/gradido.net\/wp-content\/uploads\/2025\/04\/DELTA_Banner_Blog-1536x720.jpg 1536w, https:\/\/gradido.net\/wp-content\/uploads\/2025\/04\/DELTA_Banner_Blog-18x8.jpg 18w, https:\/\/gradido.net\/wp-content\/uploads\/2025\/04\/DELTA_Banner_Blog.jpg 1920w\" sizes=\"(max-width: 800px) 100vw, 800px\" \/><\/div><\/a>\n\t\t\t\t<div class=\"elementor-post__text\">\n\t\t\t\t<h3 class=\"elementor-post__title\">\n\t\t\t<a href=\"https:\/\/gradido.net\/fr\/gemeinsam-staerker-mach-mit-bei-gradido-delta\/\" >\n\t\t\t\tL'union fait la force : participe \u00e0 Gradido DELTA\t\t\t<\/a>\n\t\t<\/h3>\n\t\t\t\t<div class=\"elementor-post__excerpt\">\n\t\t\t<p>Avec l'aide de Delta Chat, le messager open-source, et d'agents IA de soutien, tu peux d\u00e8s maintenant entrer en contact avec des personnes partageant les m\u00eames id\u00e9es, \u00e9changer des connaissances, te coacher mutuellement et cr\u00e9er l'avenir ensemble.<\/p>\n\t\t<\/div>\n\t\t\n\t\t<a class=\"elementor-post__read-more\" href=\"https:\/\/gradido.net\/fr\/gemeinsam-staerker-mach-mit-bei-gradido-delta\/\" aria-label=\"En savoir plus sur Gemeinsam st\u00e4rker: Mach mit bei Gradido DELTA\" tabindex=\"-1\" >\n\t\t\tEn savoir plus\t\t<\/a>\n\n\t\t\t\t<\/div>\n\t\t\t\t<div class=\"elementor-post__meta-data\">\n\t\t\t\t\t<span class=\"elementor-post-date\">\n\t\t\t28 avril 2025\t\t<\/span>\n\t\t\t\t<\/div>\n\t\t\t\t\t<\/div>\n\t\t<\/article>\n\t\t\t\t<article class=\"elementor-post elementor-grid-item post-10264 post type-post status-publish format-standard has-post-thumbnail hentry category-blog category-community category-gradido-konto tag-bild-oben\" role=\"listitem\">\n\t\t\t<div class=\"elementor-post__card\">\n\t\t\t\t<a class=\"elementor-post__thumbnail__link\" href=\"https:\/\/gradido.net\/fr\/gms1\/\" tabindex=\"-1\" ><div class=\"elementor-post__thumbnail\"><img loading=\"lazy\" decoding=\"async\" width=\"800\" height=\"366\" src=\"https:\/\/gradido.net\/wp-content\/uploads\/2025\/04\/GMS_Banner-1024x469.jpg\" class=\"attachment-large size-large wp-image-10265\" alt=\"\" srcset=\"https:\/\/gradido.net\/wp-content\/uploads\/2025\/04\/GMS_Banner-1024x469.jpg 1024w, https:\/\/gradido.net\/wp-content\/uploads\/2025\/04\/GMS_Banner-300x138.jpg 300w, https:\/\/gradido.net\/wp-content\/uploads\/2025\/04\/GMS_Banner-768x352.jpg 768w, https:\/\/gradido.net\/wp-content\/uploads\/2025\/04\/GMS_Banner-1536x704.jpg 1536w, https:\/\/gradido.net\/wp-content\/uploads\/2025\/04\/GMS_Banner-18x8.jpg 18w, https:\/\/gradido.net\/wp-content\/uploads\/2025\/04\/GMS_Banner.jpg 1920w\" sizes=\"(max-width: 800px) 100vw, 800px\" \/><\/div><\/a>\n\t\t\t\t<div class=\"elementor-post__text\">\n\t\t\t\t<h3 class=\"elementor-post__title\">\n\t\t\t<a href=\"https:\/\/gradido.net\/fr\/gms1\/\" >\n\t\t\t\tEnsemble plut\u00f4t que seul - Trouve des personnes partageant les m\u00eames id\u00e9es pr\u00e8s de chez toi\t\t\t<\/a>\n\t\t<\/h3>\n\t\t\t\t<div class=\"elementor-post__excerpt\">\n\t\t\t<p>Tu connais aussi ce sentiment ? Tu t'engages de tout ton c\u0153ur pour la paix, la libert\u00e9 et un avenir digne d'\u00eatre v\u00e9cu en harmonie avec la nature. Mais tu te sens parfois seul(e) sur ton chemin parce que tu ne sais pas o\u00f9 vivent pr\u00e8s de chez toi des personnes qui partagent tes valeurs et tes visions. Maintenant, il y a une solution simple...<\/p>\n\t\t<\/div>\n\t\t\n\t\t<a class=\"elementor-post__read-more\" href=\"https:\/\/gradido.net\/fr\/gms1\/\" aria-label=\"En savoir plus sur Gemeinsam statt einsam \u2013 Finde Gleichgesinnte in Deiner N\u00e4he\" tabindex=\"-1\" >\n\t\t\tEn savoir plus\t\t<\/a>\n\n\t\t\t\t<\/div>\n\t\t\t\t<div class=\"elementor-post__meta-data\">\n\t\t\t\t\t<span class=\"elementor-post-date\">\n\t\t\t16 avril 2025\t\t<\/span>\n\t\t\t\t<\/div>\n\t\t\t\t\t<\/div>\n\t\t<\/article>\n\t\t\t\t<article class=\"elementor-post elementor-grid-item post-10280 post type-post status-publish format-standard has-post-thumbnail hentry category-blog category-community tag-bild-oben\" role=\"listitem\">\n\t\t\t<div class=\"elementor-post__card\">\n\t\t\t\t<a class=\"elementor-post__thumbnail__link\" href=\"https:\/\/gradido.net\/fr\/visionen-und-projekte\/\" tabindex=\"-1\" ><div class=\"elementor-post__thumbnail\"><img loading=\"lazy\" decoding=\"async\" width=\"800\" height=\"456\" src=\"https:\/\/gradido.net\/wp-content\/uploads\/2025\/04\/Banner-Visionen-Projekte-1024x584.png\" class=\"attachment-large size-large wp-image-10281\" alt=\"\" srcset=\"https:\/\/gradido.net\/wp-content\/uploads\/2025\/04\/Banner-Visionen-Projekte-1024x584.png 1024w, https:\/\/gradido.net\/wp-content\/uploads\/2025\/04\/Banner-Visionen-Projekte-300x171.png 300w, https:\/\/gradido.net\/wp-content\/uploads\/2025\/04\/Banner-Visionen-Projekte-768x438.png 768w, https:\/\/gradido.net\/wp-content\/uploads\/2025\/04\/Banner-Visionen-Projekte-1536x876.png 1536w, https:\/\/gradido.net\/wp-content\/uploads\/2025\/04\/Banner-Visionen-Projekte-2048x1168.png 2048w, https:\/\/gradido.net\/wp-content\/uploads\/2025\/04\/Banner-Visionen-Projekte-18x10.png 18w\" sizes=\"(max-width: 800px) 100vw, 800px\" \/><\/div><\/a>\n\t\t\t\t<div class=\"elementor-post__text\">\n\t\t\t\t<h3 class=\"elementor-post__title\">\n\t\t\t<a href=\"https:\/\/gradido.net\/fr\/visionen-und-projekte\/\" >\n\t\t\t\tVisions et projets\t\t\t<\/a>\n\t\t<\/h3>\n\t\t\t\t<div class=\"elementor-post__excerpt\">\n\t\t\t<p>Tu portes dans ton c\u0153ur des visions et des r\u00eaves pour un monde meilleur ? Tu te sens parfois seul(e) et tu aimerais agir avec force au sein d'une v\u00e9ritable communaut\u00e9 ? Imagine un monde dans lequel tu te lies \u00e0 des personnes partageant les m\u00eames id\u00e9es, o\u00f9 tu donnes vie \u00e0 des id\u00e9es communes et o\u00f9 tu ...<\/p>\n\t\t<\/div>\n\t\t\n\t\t<a class=\"elementor-post__read-more\" href=\"https:\/\/gradido.net\/fr\/visionen-und-projekte\/\" aria-label=\"En savoir plus sur Visionen und Projekte\" tabindex=\"-1\" >\n\t\t\tEn savoir plus\t\t<\/a>\n\n\t\t\t\t<\/div>\n\t\t\t\t<div class=\"elementor-post__meta-data\">\n\t\t\t\t\t<span class=\"elementor-post-date\">\n\t\t\t25 mars 2025\t\t<\/span>\n\t\t\t\t<\/div>\n\t\t\t\t\t<\/div>\n\t\t<\/article>\n\t\t\t\t<article class=\"elementor-post elementor-grid-item post-9980 post type-post status-publish format-standard has-post-thumbnail hentry category-blog category-community tag-bild-oben\" role=\"listitem\">\n\t\t\t<div class=\"elementor-post__card\">\n\t\t\t\t<a class=\"elementor-post__thumbnail__link\" href=\"https:\/\/gradido.net\/fr\/lasst-uns-2025-zum-jahr-des-gradido-machen\/\" tabindex=\"-1\" ><div class=\"elementor-post__thumbnail\"><img loading=\"lazy\" decoding=\"async\" width=\"727\" height=\"412\" src=\"https:\/\/gradido.net\/wp-content\/uploads\/2025\/01\/Standbild.png\" class=\"attachment-large size-large wp-image-9981\" alt=\"\" srcset=\"https:\/\/gradido.net\/wp-content\/uploads\/2025\/01\/Standbild.png 727w, https:\/\/gradido.net\/wp-content\/uploads\/2025\/01\/Standbild-300x170.png 300w, https:\/\/gradido.net\/wp-content\/uploads\/2025\/01\/Standbild-18x10.png 18w\" sizes=\"(max-width: 727px) 100vw, 727px\" \/><\/div><\/a>\n\t\t\t\t<div class=\"elementor-post__text\">\n\t\t\t\t<h3 class=\"elementor-post__title\">\n\t\t\t<a href=\"https:\/\/gradido.net\/fr\/lasst-uns-2025-zum-jahr-des-gradido-machen\/\" >\n\t\t\t\tFaisons de 2025 l'ann\u00e9e du Gradido\t\t\t<\/a>\n\t\t<\/h3>\n\t\t\t\t<div class=\"elementor-post__excerpt\">\n\t\t\t<p>C'est tr\u00e8s simple : en cr\u00e9ant un cercle avec 2-3 personnes int\u00e9ress\u00e9es. Nous avons commenc\u00e9 \u00e0 Potsdam avec un petit groupe. Si des personnes nous imitent dans d'autres localit\u00e9s, un r\u00e9seau de cercles Gradido se formera et nous entrerons plus rapidement en contact les uns avec les autres et en relation.<\/p>\n\t\t<\/div>\n\t\t\n\t\t<a class=\"elementor-post__read-more\" href=\"https:\/\/gradido.net\/fr\/lasst-uns-2025-zum-jahr-des-gradido-machen\/\" aria-label=\"En savoir plus sur Lasst uns 2025 zum Jahr des Gradido machen\" tabindex=\"-1\" >\n\t\t\tEn savoir plus\t\t<\/a>\n\n\t\t\t\t<\/div>\n\t\t\t\t<div class=\"elementor-post__meta-data\">\n\t\t\t\t\t<span class=\"elementor-post-date\">\n\t\t\t1er janvier 2025\t\t<\/span>\n\t\t\t\t<\/div>\n\t\t\t\t\t<\/div>\n\t\t<\/article>\n\t\t\t\t<article class=\"elementor-post elementor-grid-item post-9881 post type-post status-publish format-standard has-post-thumbnail hentry category-blog category-community\" role=\"listitem\">\n\t\t\t<div class=\"elementor-post__card\">\n\t\t\t\t<a class=\"elementor-post__thumbnail__link\" href=\"https:\/\/gradido.net\/fr\/sieben-themenbereiche-wie-du-mitwirken-kannst\/\" tabindex=\"-1\" ><div class=\"elementor-post__thumbnail\"><img loading=\"lazy\" decoding=\"async\" width=\"800\" height=\"334\" src=\"https:\/\/gradido.net\/wp-content\/uploads\/2024\/11\/Mitwirken-1024x427.jpg\" class=\"attachment-large size-large wp-image-9857\" alt=\"\" srcset=\"https:\/\/gradido.net\/wp-content\/uploads\/2024\/11\/Mitwirken-1024x427.jpg 1024w, https:\/\/gradido.net\/wp-content\/uploads\/2024\/11\/Mitwirken-300x125.jpg 300w, https:\/\/gradido.net\/wp-content\/uploads\/2024\/11\/Mitwirken-768x320.jpg 768w, https:\/\/gradido.net\/wp-content\/uploads\/2024\/11\/Mitwirken-1536x640.jpg 1536w, https:\/\/gradido.net\/wp-content\/uploads\/2024\/11\/Mitwirken-18x8.jpg 18w, https:\/\/gradido.net\/wp-content\/uploads\/2024\/11\/Mitwirken.jpg 1920w\" sizes=\"(max-width: 800px) 100vw, 800px\" \/><\/div><\/a>\n\t\t\t\t<div class=\"elementor-post__text\">\n\t\t\t\t<h3 class=\"elementor-post__title\">\n\t\t\t<a href=\"https:\/\/gradido.net\/fr\/sieben-themenbereiche-wie-du-mitwirken-kannst\/\" >\n\t\t\t\tSept th\u00e8mes sur la mani\u00e8re dont tu peux participer\t\t\t<\/a>\n\t\t<\/h3>\n\t\t\t\t<div class=\"elementor-post__excerpt\">\n\t\t\t<p>Un grand merci \u00e0 vous tous, vous avez partag\u00e9 tant de comp\u00e9tences que vous offrez au monde dans l'espace \"Participer + agir\" dans les cercles Gradido. J'ai class\u00e9 l'\u00e9valuation par th\u00e8mes et vous invite \u00e0 partager vos id\u00e9es ...<\/p>\n\t\t<\/div>\n\t\t\n\t\t<a class=\"elementor-post__read-more\" href=\"https:\/\/gradido.net\/fr\/sieben-themenbereiche-wie-du-mitwirken-kannst\/\" aria-label=\"En savoir plus sur Sieben Themenbereiche wie du mitwirken kannst\" tabindex=\"-1\" >\n\t\t\tEn savoir plus\t\t<\/a>\n\n\t\t\t\t<\/div>\n\t\t\t\t<div class=\"elementor-post__meta-data\">\n\t\t\t\t\t<span class=\"elementor-post-date\">\n\t\t\t15 d\u00e9cembre 2024\t\t<\/span>\n\t\t\t\t<\/div>\n\t\t\t\t\t<\/div>\n\t\t<\/article>\n\t\t\t\t<article class=\"elementor-post elementor-grid-item post-9844 post type-post status-publish format-standard has-post-thumbnail hentry category-blog category-community\" role=\"listitem\">\n\t\t\t<div class=\"elementor-post__card\">\n\t\t\t\t<a class=\"elementor-post__thumbnail__link\" href=\"https:\/\/gradido.net\/fr\/dein-mitwirken-ist-gefragt\/\" tabindex=\"-1\" ><div class=\"elementor-post__thumbnail\"><img loading=\"lazy\" decoding=\"async\" width=\"800\" height=\"334\" src=\"https:\/\/gradido.net\/wp-content\/uploads\/2024\/11\/Mitwirken-1024x427.jpg\" class=\"attachment-large size-large wp-image-9857\" alt=\"\" srcset=\"https:\/\/gradido.net\/wp-content\/uploads\/2024\/11\/Mitwirken-1024x427.jpg 1024w, https:\/\/gradido.net\/wp-content\/uploads\/2024\/11\/Mitwirken-300x125.jpg 300w, https:\/\/gradido.net\/wp-content\/uploads\/2024\/11\/Mitwirken-768x320.jpg 768w, https:\/\/gradido.net\/wp-content\/uploads\/2024\/11\/Mitwirken-1536x640.jpg 1536w, https:\/\/gradido.net\/wp-content\/uploads\/2024\/11\/Mitwirken-18x8.jpg 18w, https:\/\/gradido.net\/wp-content\/uploads\/2024\/11\/Mitwirken.jpg 1920w\" sizes=\"(max-width: 800px) 100vw, 800px\" \/><\/div><\/a>\n\t\t\t\t<div class=\"elementor-post__text\">\n\t\t\t\t<h3 class=\"elementor-post__title\">\n\t\t\t<a href=\"https:\/\/gradido.net\/fr\/dein-mitwirken-ist-gefragt\/\" >\n\t\t\t\tTa \"participation+action\" est demand\u00e9e\t\t\t<\/a>\n\t\t<\/h3>\n\t\t\t\t<div class=\"elementor-post__excerpt\">\n\t\t\t<p>Souhaites-tu, toi aussi, entrer encore mieux en contact avec nous et avec les autres membres du Gradido et rendre notre lien plus tangible ? Et souhaites-tu mettre \u00e0 profit tes dons particuliers pour ...<\/p>\n\t\t<\/div>\n\t\t\n\t\t<a class=\"elementor-post__read-more\" href=\"https:\/\/gradido.net\/fr\/dein-mitwirken-ist-gefragt\/\" aria-label=\"En savoir plus sur Dein \u00bbMit+Wirken\u00ab ist gefragt\" tabindex=\"-1\" >\n\t\t\tEn savoir plus\t\t<\/a>\n\n\t\t\t\t<\/div>\n\t\t\t\t<div class=\"elementor-post__meta-data\">\n\t\t\t\t\t<span class=\"elementor-post-date\">\n\t\t\t27 novembre 2024\t\t<\/span>\n\t\t\t\t<\/div>\n\t\t\t\t\t<\/div>\n\t\t<\/article>\n\t\t\t\t<article class=\"elementor-post elementor-grid-item post-9805 post type-post status-publish format-standard has-post-thumbnail hentry category-blog category-community\" role=\"listitem\">\n\t\t\t<div class=\"elementor-post__card\">\n\t\t\t\t<a class=\"elementor-post__thumbnail__link\" href=\"https:\/\/gradido.net\/fr\/wir-wirken-zusammen\/\" tabindex=\"-1\" ><div class=\"elementor-post__thumbnail\"><img loading=\"lazy\" decoding=\"async\" width=\"800\" height=\"450\" src=\"https:\/\/gradido.net\/wp-content\/uploads\/2024\/11\/Neustart-1024x576.jpg\" class=\"attachment-large size-large wp-image-9806\" alt=\"\" srcset=\"https:\/\/gradido.net\/wp-content\/uploads\/2024\/11\/Neustart-1024x576.jpg 1024w, https:\/\/gradido.net\/wp-content\/uploads\/2024\/11\/Neustart-300x169.jpg 300w, https:\/\/gradido.net\/wp-content\/uploads\/2024\/11\/Neustart-768x432.jpg 768w, https:\/\/gradido.net\/wp-content\/uploads\/2024\/11\/Neustart-18x10.jpg 18w, https:\/\/gradido.net\/wp-content\/uploads\/2024\/11\/Neustart.jpg 1280w\" sizes=\"(max-width: 800px) 100vw, 800px\" \/><\/div><\/a>\n\t\t\t\t<div class=\"elementor-post__text\">\n\t\t\t\t<h3 class=\"elementor-post__title\">\n\t\t\t<a href=\"https:\/\/gradido.net\/fr\/wir-wirken-zusammen\/\" >\n\t\t\t\tNous travaillons ensemble !\t\t\t<\/a>\n\t\t<\/h3>\n\t\t\t\t<div class=\"elementor-post__excerpt\">\n\t\t\t<p>L'INSTITUT NEUSTART (forme abr\u00e9g\u00e9e) a un but d'existence et celui-ci est le suivant : \"Nous contribuons \u00e0 un monde du travail dans lequel les entreprises, les entrepreneurs et les employ\u00e9s r\u00e9alisent ensemble une vie professionnelle r\u00e9ussie et heureuse - pour le bien de chaque individu et de la soci\u00e9t\u00e9\".<\/p>\n\t\t<\/div>\n\t\t\n\t\t<a class=\"elementor-post__read-more\" href=\"https:\/\/gradido.net\/fr\/wir-wirken-zusammen\/\" aria-label=\"En savoir plus sur Wir wirken zusammen!\" tabindex=\"-1\" >\n\t\t\tEn savoir plus\t\t<\/a>\n\n\t\t\t\t<\/div>\n\t\t\t\t<div class=\"elementor-post__meta-data\">\n\t\t\t\t\t<span class=\"elementor-post-date\">\n\t\t\t23 novembre 2024\t\t<\/span>\n\t\t\t\t<\/div>\n\t\t\t\t\t<\/div>\n\t\t<\/article>\n\t\t\t\t<article class=\"elementor-post elementor-grid-item post-9649 post type-post status-publish format-standard has-post-thumbnail hentry category-blog category-community category-gradido-konto\" role=\"listitem\">\n\t\t\t<div class=\"elementor-post__card\">\n\t\t\t\t<a class=\"elementor-post__thumbnail__link\" href=\"https:\/\/gradido.net\/fr\/welches-grundeinkommen-ist-das-richtige\/\" tabindex=\"-1\" ><div class=\"elementor-post__thumbnail\"><img loading=\"lazy\" decoding=\"async\" width=\"800\" height=\"300\" src=\"https:\/\/gradido.net\/wp-content\/uploads\/2020\/09\/grundeinkommen-statt-existenzangst-1024x384.jpg\" class=\"attachment-large size-large wp-image-833\" alt=\"\" srcset=\"https:\/\/gradido.net\/wp-content\/uploads\/2020\/09\/grundeinkommen-statt-existenzangst-1024x384.jpg 1024w, https:\/\/gradido.net\/wp-content\/uploads\/2020\/09\/grundeinkommen-statt-existenzangst-300x113.jpg 300w, https:\/\/gradido.net\/wp-content\/uploads\/2020\/09\/grundeinkommen-statt-existenzangst-768x288.jpg 768w, https:\/\/gradido.net\/wp-content\/uploads\/2020\/09\/grundeinkommen-statt-existenzangst.jpg 1344w\" sizes=\"(max-width: 800px) 100vw, 800px\" \/><\/div><\/a>\n\t\t\t\t<div class=\"elementor-post__text\">\n\t\t\t\t<h3 class=\"elementor-post__title\">\n\t\t\t<a href=\"https:\/\/gradido.net\/fr\/welches-grundeinkommen-ist-das-richtige\/\" >\n\t\t\t\tQuel revenu de base est le bon ?\t\t\t<\/a>\n\t\t<\/h3>\n\t\t\t\t<div class=\"elementor-post__excerpt\">\n\t\t\t<p>La profonde satisfaction qui en r\u00e9sulte de pouvoir contribuer au bien commun et les effets positifs qui en d\u00e9coulent sur le d\u00e9veloppement du potentiel, la qualit\u00e9 de vie, le sentiment de bonheur et la sant\u00e9 nous font clairement pr\u00e9f\u00e9rer le revenu de base actif.<\/p>\n\t\t<\/div>\n\t\t\n\t\t<a class=\"elementor-post__read-more\" href=\"https:\/\/gradido.net\/fr\/welches-grundeinkommen-ist-das-richtige\/\" aria-label=\"En savoir plus sur Welches Grundeinkommen ist das Richtige?\" tabindex=\"-1\" >\n\t\t\tEn savoir plus\t\t<\/a>\n\n\t\t\t\t<\/div>\n\t\t\t\t<div class=\"elementor-post__meta-data\">\n\t\t\t\t\t<span class=\"elementor-post-date\">\n\t\t\t18 octobre 2024\t\t<\/span>\n\t\t\t\t<\/div>\n\t\t\t\t\t<\/div>\n\t\t<\/article>\n\t\t\t\t<article class=\"elementor-post elementor-grid-item post-9621 post type-post status-publish format-standard has-post-thumbnail hentry category-blog category-community category-gradido-konto tag-bild-oben\" role=\"listitem\">\n\t\t\t<div class=\"elementor-post__card\">\n\t\t\t\t<a class=\"elementor-post__thumbnail__link\" href=\"https:\/\/gradido.net\/fr\/sichere-video-meetings-in-den-gradido-kreisen\/\" tabindex=\"-1\" ><div class=\"elementor-post__thumbnail\"><img loading=\"lazy\" decoding=\"async\" width=\"800\" height=\"416\" src=\"https:\/\/gradido.net\/wp-content\/uploads\/2024\/10\/Video-Meeting-1024x533.jpg\" class=\"attachment-large size-large wp-image-9622\" alt=\"\" srcset=\"https:\/\/gradido.net\/wp-content\/uploads\/2024\/10\/Video-Meeting-1024x533.jpg 1024w, https:\/\/gradido.net\/wp-content\/uploads\/2024\/10\/Video-Meeting-300x156.jpg 300w, https:\/\/gradido.net\/wp-content\/uploads\/2024\/10\/Video-Meeting-768x400.jpg 768w, https:\/\/gradido.net\/wp-content\/uploads\/2024\/10\/Video-Meeting-1536x800.jpg 1536w, https:\/\/gradido.net\/wp-content\/uploads\/2024\/10\/Video-Meeting-18x9.jpg 18w, https:\/\/gradido.net\/wp-content\/uploads\/2024\/10\/Video-Meeting.jpg 1920w\" sizes=\"(max-width: 800px) 100vw, 800px\" \/><\/div><\/a>\n\t\t\t\t<div class=\"elementor-post__text\">\n\t\t\t\t<h3 class=\"elementor-post__title\">\n\t\t\t<a href=\"https:\/\/gradido.net\/fr\/sichere-video-meetings-in-den-gradido-kreisen\/\" >\n\t\t\t\tR\u00e9unions vid\u00e9o s\u00e9curis\u00e9es dans les cercles Gradido\t\t\t<\/a>\n\t\t<\/h3>\n\t\t\t\t<div class=\"elementor-post__excerpt\">\n\t\t\t<p>Chez Gradido, nous attachons une grande importance \u00e0 la protection de tes donn\u00e9es. D\u00e8s maintenant, tu peux organiser des vid\u00e9oconf\u00e9rences s\u00e9curis\u00e9es conformes au RGPD au sein des cercles Gradido sur les serveurs allemands ou autrichiens de Fairkom, sans que personne d'autre n'\u00e9coute. <\/p>\n\t\t<\/div>\n\t\t\n\t\t<a class=\"elementor-post__read-more\" href=\"https:\/\/gradido.net\/fr\/sichere-video-meetings-in-den-gradido-kreisen\/\" aria-label=\"En savoir plus sur Sichere Video-Meetings in den Gradido-Kreisen\" tabindex=\"-1\" >\n\t\t\tEn savoir plus\t\t<\/a>\n\n\t\t\t\t<\/div>\n\t\t\t\t<div class=\"elementor-post__meta-data\">\n\t\t\t\t\t<span class=\"elementor-post-date\">\n\t\t\t10 octobre 2024\t\t<\/span>\n\t\t\t\t<\/div>\n\t\t\t\t\t<\/div>\n\t\t<\/article>\n\t\t\t\t<article class=\"elementor-post elementor-grid-item post-9595 post type-post status-publish format-standard has-post-thumbnail hentry category-blog category-community\" role=\"listitem\">\n\t\t\t<div class=\"elementor-post__card\">\n\t\t\t\t<a class=\"elementor-post__thumbnail__link\" href=\"https:\/\/gradido.net\/fr\/studienkreis-gradido-botschafter-n-e-u\/\" tabindex=\"-1\" ><div class=\"elementor-post__thumbnail\"><img loading=\"lazy\" decoding=\"async\" width=\"800\" height=\"375\" src=\"https:\/\/gradido.net\/wp-content\/uploads\/2024\/10\/Friedenstaube_Gradido-1024x480.jpg\" class=\"attachment-large size-large wp-image-9597\" alt=\"\" srcset=\"https:\/\/gradido.net\/wp-content\/uploads\/2024\/10\/Friedenstaube_Gradido-1024x480.jpg 1024w, https:\/\/gradido.net\/wp-content\/uploads\/2024\/10\/Friedenstaube_Gradido-300x141.jpg 300w, https:\/\/gradido.net\/wp-content\/uploads\/2024\/10\/Friedenstaube_Gradido-768x360.jpg 768w, https:\/\/gradido.net\/wp-content\/uploads\/2024\/10\/Friedenstaube_Gradido-1536x720.jpg 1536w, https:\/\/gradido.net\/wp-content\/uploads\/2024\/10\/Friedenstaube_Gradido-18x8.jpg 18w, https:\/\/gradido.net\/wp-content\/uploads\/2024\/10\/Friedenstaube_Gradido.jpg 1920w\" sizes=\"(max-width: 800px) 100vw, 800px\" \/><\/div><\/a>\n\t\t\t\t<div class=\"elementor-post__text\">\n\t\t\t\t<h3 class=\"elementor-post__title\">\n\t\t\t<a href=\"https:\/\/gradido.net\/fr\/studienkreis-gradido-botschafter-n-e-u\/\" >\n\t\t\t\tCercle d'\u00e9tudes : ambassadeur Gradido N.E.U.\t\t\t<\/a>\n\t\t<\/h3>\n\t\t\t\t<div class=\"elementor-post__excerpt\">\n\t\t\t<p>Comment peux-tu d\u00e9j\u00e0 vivre tes d\u00e9sirs et tes r\u00eaves tout en travaillant avec nous vers le grand objectif ? C'est ce que nous avons cherch\u00e9 pendant des ann\u00e9es. La solution est simple :<\/p>\n\t\t<\/div>\n\t\t\n\t\t<a class=\"elementor-post__read-more\" href=\"https:\/\/gradido.net\/fr\/studienkreis-gradido-botschafter-n-e-u\/\" aria-label=\"En savoir plus sur Studien-Kreis: Gradido-Botschafter N.E.U.\" tabindex=\"-1\" >\n\t\t\tEn savoir plus\t\t<\/a>\n\n\t\t\t\t<\/div>\n\t\t\t\t<div class=\"elementor-post__meta-data\">\n\t\t\t\t\t<span class=\"elementor-post-date\">\n\t\t\t7 octobre 2024\t\t<\/span>\n\t\t\t\t<\/div>\n\t\t\t\t\t<\/div>\n\t\t<\/article>\n\t\t\t\t<article class=\"elementor-post elementor-grid-item post-9486 post type-post status-publish format-standard has-post-thumbnail hentry category-blog category-community\" role=\"listitem\">\n\t\t\t<div class=\"elementor-post__card\">\n\t\t\t\t<a class=\"elementor-post__thumbnail__link\" href=\"https:\/\/gradido.net\/fr\/selbstorganisation-in-organisationen-der-neuen-zeit\/\" tabindex=\"-1\" ><div class=\"elementor-post__thumbnail\"><img loading=\"lazy\" decoding=\"async\" width=\"800\" height=\"400\" src=\"https:\/\/gradido.net\/wp-content\/uploads\/2024\/09\/SWARM-1024x512.jpg\" class=\"attachment-large size-large wp-image-9487\" alt=\"\" srcset=\"https:\/\/gradido.net\/wp-content\/uploads\/2024\/09\/SWARM-1024x512.jpg 1024w, https:\/\/gradido.net\/wp-content\/uploads\/2024\/09\/SWARM-300x150.jpg 300w, https:\/\/gradido.net\/wp-content\/uploads\/2024\/09\/SWARM-768x384.jpg 768w, https:\/\/gradido.net\/wp-content\/uploads\/2024\/09\/SWARM-18x9.jpg 18w, https:\/\/gradido.net\/wp-content\/uploads\/2024\/09\/SWARM.jpg 1200w\" sizes=\"(max-width: 800px) 100vw, 800px\" \/><\/div><\/a>\n\t\t\t\t<div class=\"elementor-post__text\">\n\t\t\t\t<h3 class=\"elementor-post__title\">\n\t\t\t<a href=\"https:\/\/gradido.net\/fr\/selbstorganisation-in-organisationen-der-neuen-zeit\/\" >\n\t\t\t\tL'auto-organisation dans les organisations de la nouvelle \u00e8re\t\t\t<\/a>\n\t\t<\/h3>\n\t\t\t\t<div class=\"elementor-post__excerpt\">\n\t\t\t<p>L'\u00e8re des organisations hi\u00e9rarchiques est r\u00e9volue. Les personnes de la \"nouvelle \u00e8re\" ont un fort d\u00e9sir de se rencontrer sur un pied d'\u00e9galit\u00e9, de s'organiser elles-m\u00eames et de se passer autant que possible de la hi\u00e9rarchie.<\/p>\n\t\t<\/div>\n\t\t\n\t\t<a class=\"elementor-post__read-more\" href=\"https:\/\/gradido.net\/fr\/selbstorganisation-in-organisationen-der-neuen-zeit\/\" aria-label=\"En savoir plus sur Selbstorganisation in Organisationen der neuen Zeit\" tabindex=\"-1\" >\n\t\t\tEn savoir plus\t\t<\/a>\n\n\t\t\t\t<\/div>\n\t\t\t\t<div class=\"elementor-post__meta-data\">\n\t\t\t\t\t<span class=\"elementor-post-date\">\n\t\t\t2 septembre 2024\t\t<\/span>\n\t\t\t\t<\/div>\n\t\t\t\t\t<\/div>\n\t\t<\/article>\n\t\t\t\t<article class=\"elementor-post elementor-grid-item post-9470 post type-post status-publish format-standard has-post-thumbnail hentry category-blog category-community category-gradido-konto\" role=\"listitem\">\n\t\t\t<div class=\"elementor-post__card\">\n\t\t\t\t<a class=\"elementor-post__thumbnail__link\" href=\"https:\/\/gradido.net\/fr\/entdecke-die-neuen-gradido-kreise\/\" tabindex=\"-1\" ><div class=\"elementor-post__thumbnail\"><img loading=\"lazy\" decoding=\"async\" width=\"800\" height=\"450\" src=\"https:\/\/gradido.net\/wp-content\/uploads\/2024\/09\/Gradido-Kreise-1024x576.jpg\" class=\"attachment-large size-large wp-image-9472\" alt=\"\" srcset=\"https:\/\/gradido.net\/wp-content\/uploads\/2024\/09\/Gradido-Kreise-1024x576.jpg 1024w, https:\/\/gradido.net\/wp-content\/uploads\/2024\/09\/Gradido-Kreise-300x169.jpg 300w, https:\/\/gradido.net\/wp-content\/uploads\/2024\/09\/Gradido-Kreise-768x432.jpg 768w, https:\/\/gradido.net\/wp-content\/uploads\/2024\/09\/Gradido-Kreise-18x10.jpg 18w, https:\/\/gradido.net\/wp-content\/uploads\/2024\/09\/Gradido-Kreise.jpg 1280w\" sizes=\"(max-width: 800px) 100vw, 800px\" \/><\/div><\/a>\n\t\t\t\t<div class=\"elementor-post__text\">\n\t\t\t\t<h3 class=\"elementor-post__title\">\n\t\t\t<a href=\"https:\/\/gradido.net\/fr\/entdecke-die-neuen-gradido-kreise\/\" >\n\t\t\t\tD\u00e9couvre les nouveaux cercles Gradido\t\t\t<\/a>\n\t\t<\/h3>\n\t\t\t\t<div class=\"elementor-post__excerpt\">\n\t\t\t<p>Tu l'as d\u00e9j\u00e0 vu ? Depuis fin mai, nous avons notre nouvelle plateforme communautaire, que nous appelons les cercles Gradido. Tu peux d\u00e9sormais communiquer avec d'autres participants Gradido dans des espaces s\u00e9curis\u00e9s (appel\u00e9s \"Spaces\") et ainsi entrer de plus en plus en contact.<\/p>\n\t\t<\/div>\n\t\t\n\t\t<a class=\"elementor-post__read-more\" href=\"https:\/\/gradido.net\/fr\/entdecke-die-neuen-gradido-kreise\/\" aria-label=\"En savoir plus sur Entdecke die neuen Gradido-Kreise\" tabindex=\"-1\" >\n\t\t\tEn savoir plus\t\t<\/a>\n\n\t\t\t\t<\/div>\n\t\t\t\t<div class=\"elementor-post__meta-data\">\n\t\t\t\t\t<span class=\"elementor-post-date\">\n\t\t\t30 ao\u00fbt 2024\t\t<\/span>\n\t\t\t\t<\/div>\n\t\t\t\t\t<\/div>\n\t\t<\/article>\n\t\t\t\t<article class=\"elementor-post elementor-grid-item post-9286 post type-post status-publish format-standard has-post-thumbnail hentry category-blog category-community\" role=\"listitem\">\n\t\t\t<div class=\"elementor-post__card\">\n\t\t\t\t<a class=\"elementor-post__thumbnail__link\" href=\"https:\/\/gradido.net\/fr\/society-4-0\/\" tabindex=\"-1\" ><div class=\"elementor-post__thumbnail\"><img loading=\"lazy\" decoding=\"async\" width=\"800\" height=\"439\" src=\"https:\/\/gradido.net\/wp-content\/uploads\/2024\/08\/Bildschirmfoto-2024-08-26-um-14.12.48-1024x562.png\" class=\"attachment-large size-large wp-image-9287\" alt=\"\" srcset=\"https:\/\/gradido.net\/wp-content\/uploads\/2024\/08\/Bildschirmfoto-2024-08-26-um-14.12.48-1024x562.png 1024w, https:\/\/gradido.net\/wp-content\/uploads\/2024\/08\/Bildschirmfoto-2024-08-26-um-14.12.48-300x165.png 300w, https:\/\/gradido.net\/wp-content\/uploads\/2024\/08\/Bildschirmfoto-2024-08-26-um-14.12.48-768x422.png 768w, https:\/\/gradido.net\/wp-content\/uploads\/2024\/08\/Bildschirmfoto-2024-08-26-um-14.12.48-1536x843.png 1536w, https:\/\/gradido.net\/wp-content\/uploads\/2024\/08\/Bildschirmfoto-2024-08-26-um-14.12.48-2048x1124.png 2048w, https:\/\/gradido.net\/wp-content\/uploads\/2024\/08\/Bildschirmfoto-2024-08-26-um-14.12.48-18x10.png 18w\" sizes=\"(max-width: 800px) 100vw, 800px\" \/><\/div><\/a>\n\t\t\t\t<div class=\"elementor-post__text\">\n\t\t\t\t<h3 class=\"elementor-post__title\">\n\t\t\t<a href=\"https:\/\/gradido.net\/fr\/society-4-0\/\" >\n\t\t\t\tCoop\u00e9ration avec Society 4.0\t\t\t<\/a>\n\t\t<\/h3>\n\t\t\t\t<div class=\"elementor-post__excerpt\">\n\t\t\t<p>La 'grande coop\u00e9ration' continue \u00e0 se d\u00e9velopper. Christiane L\u00fcpken, qui s'engage en Allemagne pour Society 4.0 et les formes d'auto-organisation non hi\u00e9rarchiques qui y correspondent, est un membre actif de notre cercle de vision, dont la mission est d'entretenir des coop\u00e9rations avec des organisations, des projets et des initiatives partageant les m\u00eames id\u00e9es ou des id\u00e9es similaires.<\/p>\n\t\t<\/div>\n\t\t\n\t\t<a class=\"elementor-post__read-more\" href=\"https:\/\/gradido.net\/fr\/society-4-0\/\" aria-label=\"En savoir plus sur Kooperation mit Society 4.0\" tabindex=\"-1\" >\n\t\t\tEn savoir plus\t\t<\/a>\n\n\t\t\t\t<\/div>\n\t\t\t\t<div class=\"elementor-post__meta-data\">\n\t\t\t\t\t<span class=\"elementor-post-date\">\n\t\t\t26 ao\u00fbt 2024\t\t<\/span>\n\t\t\t\t<\/div>\n\t\t\t\t\t<\/div>\n\t\t<\/article>\n\t\t\t\t<article class=\"elementor-post elementor-grid-item post-8590 post type-post status-publish format-standard has-post-thumbnail hentry category-blog category-community tag-bild-oben\" role=\"listitem\">\n\t\t\t<div class=\"elementor-post__card\">\n\t\t\t\t<a class=\"elementor-post__thumbnail__link\" href=\"https:\/\/gradido.net\/fr\/gradido-community-voraussichtlich-im-maerz\/\" tabindex=\"-1\" ><div class=\"elementor-post__thumbnail\"><img loading=\"lazy\" decoding=\"async\" width=\"800\" height=\"491\" src=\"https:\/\/gradido.net\/wp-content\/uploads\/2024\/01\/Bildschirmfoto-2024-04-14-um-11.43.45-1024x628.png\" class=\"attachment-large size-large wp-image-8849\" alt=\"\" srcset=\"https:\/\/gradido.net\/wp-content\/uploads\/2024\/01\/Bildschirmfoto-2024-04-14-um-11.43.45-1024x628.png 1024w, https:\/\/gradido.net\/wp-content\/uploads\/2024\/01\/Bildschirmfoto-2024-04-14-um-11.43.45-300x184.png 300w, https:\/\/gradido.net\/wp-content\/uploads\/2024\/01\/Bildschirmfoto-2024-04-14-um-11.43.45-768x471.png 768w, https:\/\/gradido.net\/wp-content\/uploads\/2024\/01\/Bildschirmfoto-2024-04-14-um-11.43.45-1536x943.png 1536w, https:\/\/gradido.net\/wp-content\/uploads\/2024\/01\/Bildschirmfoto-2024-04-14-um-11.43.45-2048x1257.png 2048w, https:\/\/gradido.net\/wp-content\/uploads\/2024\/01\/Bildschirmfoto-2024-04-14-um-11.43.45-18x12.png 18w\" sizes=\"(max-width: 800px) 100vw, 800px\" \/><\/div><\/a>\n\t\t\t\t<div class=\"elementor-post__text\">\n\t\t\t\t<h3 class=\"elementor-post__title\">\n\t\t\t<a href=\"https:\/\/gradido.net\/fr\/gradido-community-voraussichtlich-im-maerz\/\" >\n\t\t\t\tPlateforme de coop\u00e9ration int\u00e9gr\u00e9e pr\u00e9vue pour mai\t\t\t<\/a>\n\t\t<\/h3>\n\t\t\t\t<div class=\"elementor-post__excerpt\">\n\t\t\t<p>En mai 2024, nous souhaitons mettre en ligne notre nouvelle plateforme de coop\u00e9ration. Elle sera int\u00e9gr\u00e9e dans le compte Gradido. Apr\u00e8s une phase de test dans l'acad\u00e9mie Gradido, elle deviendra partie int\u00e9grante de tous les serveurs Gradido d\u00e9centralis\u00e9s.<\/p>\n\t\t<\/div>\n\t\t\n\t\t<a class=\"elementor-post__read-more\" href=\"https:\/\/gradido.net\/fr\/gradido-community-voraussichtlich-im-maerz\/\" aria-label=\"En savoir plus sur Integrierte Kooperationsplattform voraussichtlich im Mai\" tabindex=\"-1\" >\n\t\t\tEn savoir plus\t\t<\/a>\n\n\t\t\t\t<\/div>\n\t\t\t\t<div class=\"elementor-post__meta-data\">\n\t\t\t\t\t<span class=\"elementor-post-date\">\n\t\t\t26 janvier 2024\t\t<\/span>\n\t\t\t\t<\/div>\n\t\t\t\t\t<\/div>\n\t\t<\/article>\n\t\t\t\t<article class=\"elementor-post elementor-grid-item post-8362 post type-post status-publish format-standard has-post-thumbnail hentry category-blog category-community\" role=\"listitem\">\n\t\t\t<div class=\"elementor-post__card\">\n\t\t\t\t<a class=\"elementor-post__thumbnail__link\" href=\"https:\/\/gradido.net\/fr\/gradido-kreise-gemeinsam-mit-freunden-die-zukunft-gestalten\/\" tabindex=\"-1\" ><div class=\"elementor-post__thumbnail\"><img loading=\"lazy\" decoding=\"async\" width=\"800\" height=\"450\" src=\"https:\/\/gradido.net\/wp-content\/uploads\/2023\/12\/Freundeskreis-1024x576.jpg\" class=\"attachment-large size-large wp-image-8364\" alt=\"\" srcset=\"https:\/\/gradido.net\/wp-content\/uploads\/2023\/12\/Freundeskreis-1024x576.jpg 1024w, https:\/\/gradido.net\/wp-content\/uploads\/2023\/12\/Freundeskreis-300x169.jpg 300w, https:\/\/gradido.net\/wp-content\/uploads\/2023\/12\/Freundeskreis-768x432.jpg 768w, https:\/\/gradido.net\/wp-content\/uploads\/2023\/12\/Freundeskreis-1536x864.jpg 1536w, https:\/\/gradido.net\/wp-content\/uploads\/2023\/12\/Freundeskreis-18x10.jpg 18w, https:\/\/gradido.net\/wp-content\/uploads\/2023\/12\/Freundeskreis.jpg 1920w\" sizes=\"(max-width: 800px) 100vw, 800px\" \/><\/div><\/a>\n\t\t\t\t<div class=\"elementor-post__text\">\n\t\t\t\t<h3 class=\"elementor-post__title\">\n\t\t\t<a href=\"https:\/\/gradido.net\/fr\/gradido-kreise-gemeinsam-mit-freunden-die-zukunft-gestalten\/\" >\n\t\t\t\tCercles Gradido - Construire l'avenir ensemble avec des amis\t\t\t<\/a>\n\t\t<\/h3>\n\t\t\t\t<div class=\"elementor-post__excerpt\">\n\t\t\t<p>Que vous fassiez d\u00e9j\u00e0 partie d'un groupe ou que vous vous soyez trouv\u00e9s par le biais de Gradido, si vous voulez utiliser Gradido ensemble, vous n'avez pas besoin de votre propre serveur Gradido.<\/p>\n\t\t<\/div>\n\t\t\n\t\t<a class=\"elementor-post__read-more\" href=\"https:\/\/gradido.net\/fr\/gradido-kreise-gemeinsam-mit-freunden-die-zukunft-gestalten\/\" aria-label=\"En savoir plus sur Gradido-Kreise \u2013 Gemeinsam mit Freunden die Zukunft gestalten\" tabindex=\"-1\" >\n\t\t\tEn savoir plus\t\t<\/a>\n\n\t\t\t\t<\/div>\n\t\t\t\t<div class=\"elementor-post__meta-data\">\n\t\t\t\t\t<span class=\"elementor-post-date\">\n\t\t\t14 d\u00e9cembre 2023\t\t<\/span>\n\t\t\t\t<\/div>\n\t\t\t\t\t<\/div>\n\t\t<\/article>\n\t\t\t\t<article class=\"elementor-post elementor-grid-item post-6837 post type-post status-publish format-standard has-post-thumbnail hentry category-blog category-community category-gradido-konto tag-bild-oben\" role=\"listitem\">\n\t\t\t<div class=\"elementor-post__card\">\n\t\t\t\t<a class=\"elementor-post__thumbnail__link\" href=\"https:\/\/gradido.net\/fr\/webinar-wohlstand-und-frieden-fuer-die-menschheitsfamilie\/\" tabindex=\"-1\" ><div class=\"elementor-post__thumbnail\"><img loading=\"lazy\" decoding=\"async\" width=\"800\" height=\"377\" src=\"https:\/\/gradido.net\/wp-content\/uploads\/2023\/06\/Webinar-1024x482.png\" class=\"attachment-large size-large wp-image-6838\" alt=\"\" srcset=\"https:\/\/gradido.net\/wp-content\/uploads\/2023\/06\/Webinar-1024x482.png 1024w, https:\/\/gradido.net\/wp-content\/uploads\/2023\/06\/Webinar-300x141.png 300w, https:\/\/gradido.net\/wp-content\/uploads\/2023\/06\/Webinar-768x362.png 768w, https:\/\/gradido.net\/wp-content\/uploads\/2023\/06\/Webinar-1536x723.png 1536w, https:\/\/gradido.net\/wp-content\/uploads\/2023\/06\/Webinar-2048x964.png 2048w, https:\/\/gradido.net\/wp-content\/uploads\/2023\/06\/Webinar-18x8.png 18w\" sizes=\"(max-width: 800px) 100vw, 800px\" \/><\/div><\/a>\n\t\t\t\t<div class=\"elementor-post__text\">\n\t\t\t\t<h3 class=\"elementor-post__title\">\n\t\t\t<a href=\"https:\/\/gradido.net\/fr\/webinar-wohlstand-und-frieden-fuer-die-menschheitsfamilie\/\" >\n\t\t\t\tWebinar : Prosp\u00e9rit\u00e9 et paix pour la famille humaine\t\t\t<\/a>\n\t\t<\/h3>\n\t\t\t\t<div class=\"elementor-post__excerpt\">\n\t\t\t<p>Le webinaire l\u00e9gendaire avec le fondateur de Gradido : tu recevras des connaissances approfondies sur les erreurs fatales de l'ancien syst\u00e8me mon\u00e9taire, la seule solution raisonnable inspir\u00e9e de la nature et le guide parfait pour participer activement et avec plaisir \u00e0 la construction de l'avenir. - IL Y A DE NOUVELLES DATES !<\/p>\n\t\t<\/div>\n\t\t\n\t\t<a class=\"elementor-post__read-more\" href=\"https:\/\/gradido.net\/fr\/webinar-wohlstand-und-frieden-fuer-die-menschheitsfamilie\/\" aria-label=\"En savoir plus sur Webinar: Wohlstand und Frieden f\u00fcr die Menschheitsfamilie\" tabindex=\"-1\" >\n\t\t\tEn savoir plus\t\t<\/a>\n\n\t\t\t\t<\/div>\n\t\t\t\t<div class=\"elementor-post__meta-data\">\n\t\t\t\t\t<span class=\"elementor-post-date\">\n\t\t\t10 juin 2023\t\t<\/span>\n\t\t\t\t<\/div>\n\t\t\t\t\t<\/div>\n\t\t<\/article>\n\t\t\t\t<article class=\"elementor-post elementor-grid-item post-6619 post type-post status-publish format-standard has-post-thumbnail hentry category-blog category-community\" role=\"listitem\">\n\t\t\t<div class=\"elementor-post__card\">\n\t\t\t\t<a class=\"elementor-post__thumbnail__link\" href=\"https:\/\/gradido.net\/fr\/gradidocafe\/\" tabindex=\"-1\" ><div class=\"elementor-post__thumbnail\"><img loading=\"lazy\" decoding=\"async\" width=\"800\" height=\"450\" src=\"https:\/\/gradido.net\/wp-content\/uploads\/2023\/05\/GradidoCaf\u00e9_WP-1024x576.jpg\" class=\"attachment-large size-large wp-image-6621\" alt=\"\" srcset=\"\" sizes=\"(max-width: 800px) 100vw, 800px\" data-srcset=\"\" \/><\/div><\/a>\n\t\t\t\t<div class=\"elementor-post__text\">\n\t\t\t\t<h3 class=\"elementor-post__title\">\n\t\t\t<a href=\"https:\/\/gradido.net\/fr\/gradidocafe\/\" >\n\t\t\t\tGradidoCaf\u00e9\t\t\t<\/a>\n\t\t<\/h3>\n\t\t\t\t<div class=\"elementor-post__excerpt\">\n\t\t\t<p>Toi aussi, tu aimes sortir avec des amis, par exemple dans un restaurant, un Biergarten ou un caf\u00e9 ? Que dirais-tu de pouvoir remercier \u00e0 la fin avec Gradido ou DankBar ? C'est l'id\u00e9e des GradidoCaf\u00e9s.<\/p>\n\t\t<\/div>\n\t\t\n\t\t<a class=\"elementor-post__read-more\" href=\"https:\/\/gradido.net\/fr\/gradidocafe\/\" aria-label=\"En savoir plus sur GradidoCaf\u00e9\" tabindex=\"-1\" >\n\t\t\tEn savoir plus\t\t<\/a>\n\n\t\t\t\t<\/div>\n\t\t\t\t<div class=\"elementor-post__meta-data\">\n\t\t\t\t\t<span class=\"elementor-post-date\">\n\t\t\t5 mai 2023\t\t<\/span>\n\t\t\t\t<\/div>\n\t\t\t\t\t<\/div>\n\t\t<\/article>\n\t\t\t\t<article class=\"elementor-post elementor-grid-item post-5954 post type-post status-publish format-standard has-post-thumbnail hentry category-blog category-community\" role=\"listitem\">\n\t\t\t<div class=\"elementor-post__card\">\n\t\t\t\t<a class=\"elementor-post__thumbnail__link\" href=\"https:\/\/gradido.net\/fr\/great-cooperation-gradido-und-unternehmernetzwerke\/\" tabindex=\"-1\" ><div class=\"elementor-post__thumbnail\"><img loading=\"lazy\" decoding=\"async\" width=\"800\" height=\"453\" src=\"https:\/\/gradido.net\/wp-content\/uploads\/2022\/11\/Unternehmer-Netzwerk-1-1024x580.jpg\" class=\"attachment-large size-large wp-image-5956\" alt=\"\" srcset=\"https:\/\/gradido.net\/wp-content\/uploads\/2022\/11\/Unternehmer-Netzwerk-1-1024x580.jpg 1024w, https:\/\/gradido.net\/wp-content\/uploads\/2022\/11\/Unternehmer-Netzwerk-1-300x170.jpg 300w, https:\/\/gradido.net\/wp-content\/uploads\/2022\/11\/Unternehmer-Netzwerk-1-768x435.jpg 768w, https:\/\/gradido.net\/wp-content\/uploads\/2022\/11\/Unternehmer-Netzwerk-1-18x10.jpg 18w, https:\/\/gradido.net\/wp-content\/uploads\/2022\/11\/Unternehmer-Netzwerk-1.jpg 1500w\" sizes=\"(max-width: 800px) 100vw, 800px\" \/><\/div><\/a>\n\t\t\t\t<div class=\"elementor-post__text\">\n\t\t\t\t<h3 class=\"elementor-post__title\">\n\t\t\t<a href=\"https:\/\/gradido.net\/fr\/great-cooperation-gradido-und-unternehmernetzwerke\/\" >\n\t\t\t\tGreat Cooperation - Gradido et r\u00e9seaux d'entrepreneurs\t\t\t<\/a>\n\t\t<\/h3>\n\t\t\t\t<div class=\"elementor-post__excerpt\">\n\t\t\t<p>Maintenant que les cons\u00e9quences fatales du syst\u00e8me de l'argent-dette deviennent \u00e9videntes, de plus en plus de personnes se r\u00e9veillent et commencent \u00e0 cr\u00e9er des structures alternatives. Dans les communaut\u00e9s ainsi cr\u00e9\u00e9es, nous avons la chance historique de cr\u00e9er ensemble un nouveau syst\u00e8me mon\u00e9taire fond\u00e9 sur l'estime, la gratitude et l'amour.<\/p>\n\t\t<\/div>\n\t\t\n\t\t<a class=\"elementor-post__read-more\" href=\"https:\/\/gradido.net\/fr\/great-cooperation-gradido-und-unternehmernetzwerke\/\" aria-label=\"En savoir plus sur Great Cooperation \u2013 Gradido und Unternehmernetzwerke\" tabindex=\"-1\" >\n\t\t\tEn savoir plus\t\t<\/a>\n\n\t\t\t\t<\/div>\n\t\t\t\t<div class=\"elementor-post__meta-data\">\n\t\t\t\t\t<span class=\"elementor-post-date\">\n\t\t\t26 novembre 2022\t\t<\/span>\n\t\t\t\t<\/div>\n\t\t\t\t\t<\/div>\n\t\t<\/article>\n\t\t\t\t<article class=\"elementor-post elementor-grid-item post-5821 post type-post status-publish format-standard has-post-thumbnail hentry category-blog category-community category-psychologie\" role=\"listitem\">\n\t\t\t<div class=\"elementor-post__card\">\n\t\t\t\t<a class=\"elementor-post__thumbnail__link\" href=\"https:\/\/gradido.net\/fr\/10-wochen-voller-dankbarkeit\/\" tabindex=\"-1\" ><div class=\"elementor-post__thumbnail\"><img loading=\"lazy\" decoding=\"async\" width=\"800\" height=\"534\" src=\"https:\/\/gradido.net\/wp-content\/uploads\/2022\/10\/10WDankbarkeit-1024x683.jpg\" class=\"attachment-large size-large wp-image-5822\" alt=\"\" srcset=\"https:\/\/gradido.net\/wp-content\/uploads\/2022\/10\/10WDankbarkeit-1024x683.jpg 1024w, https:\/\/gradido.net\/wp-content\/uploads\/2022\/10\/10WDankbarkeit-300x200.jpg 300w, https:\/\/gradido.net\/wp-content\/uploads\/2022\/10\/10WDankbarkeit-768x512.jpg 768w, https:\/\/gradido.net\/wp-content\/uploads\/2022\/10\/10WDankbarkeit-18x12.jpg 18w, https:\/\/gradido.net\/wp-content\/uploads\/2022\/10\/10WDankbarkeit.jpg 1500w\" sizes=\"(max-width: 800px) 100vw, 800px\" \/><\/div><\/a>\n\t\t\t\t<div class=\"elementor-post__text\">\n\t\t\t\t<h3 class=\"elementor-post__title\">\n\t\t\t<a href=\"https:\/\/gradido.net\/fr\/10-wochen-voller-dankbarkeit\/\" >\n\t\t\t\t10 semaines de gratitude\t\t\t<\/a>\n\t\t<\/h3>\n\t\t\t\t<div class=\"elementor-post__excerpt\">\n\t\t\t<p>Chaque fois que tu envoies des gradidos \u00e0 d'autres personnes, tu insuffles de la gratitude dans leur vie et dans la tienne. La gratitude est un sentiment merveilleux. En l'invoquant, en la nourrissant et en l'appr\u00e9ciant chaque jour, nous renfor\u00e7ons notre bien-\u00eatre et notre pouvoir de cr\u00e9ation. <\/p>\n\t\t<\/div>\n\t\t\n\t\t<a class=\"elementor-post__read-more\" href=\"https:\/\/gradido.net\/fr\/10-wochen-voller-dankbarkeit\/\" aria-label=\"En savoir plus sur 10 Wochen voller Dankbarkeit\" tabindex=\"-1\" >\n\t\t\tEn savoir plus\t\t<\/a>\n\n\t\t\t\t<\/div>\n\t\t\t\t<div class=\"elementor-post__meta-data\">\n\t\t\t\t\t<span class=\"elementor-post-date\">\n\t\t\t25 octobre 2022\t\t<\/span>\n\t\t\t\t<\/div>\n\t\t\t\t\t<\/div>\n\t\t<\/article>\n\t\t\t\t<article class=\"elementor-post elementor-grid-item post-5802 post type-post status-publish format-standard has-post-thumbnail hentry category-blog category-community category-psychologie\" role=\"listitem\">\n\t\t\t<div class=\"elementor-post__card\">\n\t\t\t\t<a class=\"elementor-post__thumbnail__link\" href=\"https:\/\/gradido.net\/fr\/gradido-potenzialentfaltung-im-herbst-2022\/\" tabindex=\"-1\" ><div class=\"elementor-post__thumbnail\"><img loading=\"lazy\" decoding=\"async\" width=\"800\" height=\"534\" src=\"https:\/\/gradido.net\/wp-content\/uploads\/2022\/10\/Potenzialentfaltung-1024x683.jpg\" class=\"attachment-large size-large wp-image-5803\" alt=\"\" srcset=\"https:\/\/gradido.net\/wp-content\/uploads\/2022\/10\/Potenzialentfaltung-1024x683.jpg 1024w, https:\/\/gradido.net\/wp-content\/uploads\/2022\/10\/Potenzialentfaltung-300x200.jpg 300w, https:\/\/gradido.net\/wp-content\/uploads\/2022\/10\/Potenzialentfaltung-768x512.jpg 768w, https:\/\/gradido.net\/wp-content\/uploads\/2022\/10\/Potenzialentfaltung-18x12.jpg 18w, https:\/\/gradido.net\/wp-content\/uploads\/2022\/10\/Potenzialentfaltung.jpg 1500w\" sizes=\"(max-width: 800px) 100vw, 800px\" \/><\/div><\/a>\n\t\t\t\t<div class=\"elementor-post__text\">\n\t\t\t\t<h3 class=\"elementor-post__title\">\n\t\t\t<a href=\"https:\/\/gradido.net\/fr\/gradido-potenzialentfaltung-im-herbst-2022\/\" >\n\t\t\t\tD\u00e9ploiement du potentiel Gradido en automne 2022\t\t\t<\/a>\n\t\t<\/h3>\n\t\t\t\t<div class=\"elementor-post__excerpt\">\n\t\t\t<p>En raison du grand succ\u00e8s, nous continuons : \u00e0 la demande de plusieurs personnes, une suite au d\u00e9veloppement du potentiel Gradido a lieu. Investis 2 heures de temps par semaine pour toi - et tu verras tout ce qui changera positivement pour toi au cours des 12 semaines.<\/p>\n\t\t<\/div>\n\t\t\n\t\t<a class=\"elementor-post__read-more\" href=\"https:\/\/gradido.net\/fr\/gradido-potenzialentfaltung-im-herbst-2022\/\" aria-label=\"En savoir plus sur Gradido-Potenzialentfaltung im Herbst 2022\" tabindex=\"-1\" >\n\t\t\tEn savoir plus\t\t<\/a>\n\n\t\t\t\t<\/div>\n\t\t\t\t<div class=\"elementor-post__meta-data\">\n\t\t\t\t\t<span class=\"elementor-post-date\">\n\t\t\t23 octobre 2022\t\t<\/span>\n\t\t\t\t<\/div>\n\t\t\t\t\t<\/div>\n\t\t<\/article>\n\t\t\t\t<article class=\"elementor-post elementor-grid-item post-5711 post type-post status-publish format-standard has-post-thumbnail hentry category-blog category-community\" role=\"listitem\">\n\t\t\t<div class=\"elementor-post__card\">\n\t\t\t\t<a class=\"elementor-post__thumbnail__link\" href=\"https:\/\/gradido.net\/fr\/great-cooperation-gradido-akademie-international-und-plasmatec\/\" tabindex=\"-1\" ><div class=\"elementor-post__thumbnail\"><img loading=\"lazy\" decoding=\"async\" width=\"800\" height=\"500\" src=\"https:\/\/gradido.net\/wp-content\/uploads\/2022\/10\/Pustritz_2-1024x640.jpg\" class=\"attachment-large size-large wp-image-5713\" alt=\"\" srcset=\"https:\/\/gradido.net\/wp-content\/uploads\/2022\/10\/Pustritz_2-1024x640.jpg 1024w, https:\/\/gradido.net\/wp-content\/uploads\/2022\/10\/Pustritz_2-300x188.jpg 300w, https:\/\/gradido.net\/wp-content\/uploads\/2022\/10\/Pustritz_2-768x480.jpg 768w, https:\/\/gradido.net\/wp-content\/uploads\/2022\/10\/Pustritz_2-1536x960.jpg 1536w, https:\/\/gradido.net\/wp-content\/uploads\/2022\/10\/Pustritz_2-18x12.jpg 18w, https:\/\/gradido.net\/wp-content\/uploads\/2022\/10\/Pustritz_2.jpg 1600w\" sizes=\"(max-width: 800px) 100vw, 800px\" \/><\/div><\/a>\n\t\t\t\t<div class=\"elementor-post__text\">\n\t\t\t\t<h3 class=\"elementor-post__title\">\n\t\t\t<a href=\"https:\/\/gradido.net\/fr\/great-cooperation-gradido-akademie-international-und-plasmatec\/\" >\n\t\t\t\tGreat Cooperation : Gradido Akademie International et PLASMA TEC\t\t\t<\/a>\n\t\t<\/h3>\n\t\t\t\t<div class=\"elementor-post__excerpt\">\n\t\t\t<p>Lors de la visite du si\u00e8ge de notre association \u00e0 Pustritz en Carinthie\/Autriche, nous avons pass\u00e9 un moment merveilleux \u00e0 rencontrer des personnes int\u00e9ressantes qui \u0153uvrent pour un avenir positif. Nous avons notamment rencontr\u00e9 le pr\u00e9sident de l'institut de recherche PLASMA TEC, Harald Reichl, et avons discut\u00e9 des prochaines \u00e9tapes de notre coop\u00e9ration commune.<\/p>\n\t\t<\/div>\n\t\t\n\t\t<a class=\"elementor-post__read-more\" href=\"https:\/\/gradido.net\/fr\/great-cooperation-gradido-akademie-international-und-plasmatec\/\" aria-label=\"En savoir plus sur Great Cooperation: Gradido Akademie International und PLASMA TEC\" tabindex=\"-1\" >\n\t\t\tEn savoir plus\t\t<\/a>\n\n\t\t\t\t<\/div>\n\t\t\t\t<div class=\"elementor-post__meta-data\">\n\t\t\t\t\t<span class=\"elementor-post-date\">\n\t\t\t10 octobre 2022\t\t<\/span>\n\t\t\t\t<\/div>\n\t\t\t\t\t<\/div>\n\t\t<\/article>\n\t\t\t\t<article class=\"elementor-post elementor-grid-item post-5764 post type-post status-publish format-standard has-post-thumbnail hentry category-blog category-community category-psychologie\" role=\"listitem\">\n\t\t\t<div class=\"elementor-post__card\">\n\t\t\t\t<a class=\"elementor-post__thumbnail__link\" href=\"https:\/\/gradido.net\/fr\/prenow-das-spiel-das-mitdenkt-und-kreative-loesungen-hervorbringt\/\" tabindex=\"-1\" ><div class=\"elementor-post__thumbnail\"><img loading=\"lazy\" decoding=\"async\" width=\"800\" height=\"450\" src=\"https:\/\/gradido.net\/wp-content\/uploads\/2022\/10\/PreNow1.jpg\" class=\"attachment-large size-large wp-image-5765\" alt=\"\" srcset=\"https:\/\/gradido.net\/wp-content\/uploads\/2022\/10\/PreNow1.jpg 800w, https:\/\/gradido.net\/wp-content\/uploads\/2022\/10\/PreNow1-300x169.jpg 300w, https:\/\/gradido.net\/wp-content\/uploads\/2022\/10\/PreNow1-768x432.jpg 768w, https:\/\/gradido.net\/wp-content\/uploads\/2022\/10\/PreNow1-18x10.jpg 18w\" sizes=\"(max-width: 800px) 100vw, 800px\" \/><\/div><\/a>\n\t\t\t\t<div class=\"elementor-post__text\">\n\t\t\t\t<h3 class=\"elementor-post__title\">\n\t\t\t<a href=\"https:\/\/gradido.net\/fr\/prenow-das-spiel-das-mitdenkt-und-kreative-loesungen-hervorbringt\/\" >\n\t\t\t\tPreNow - le jeu qui r\u00e9fl\u00e9chit et donne naissance \u00e0 des solutions cr\u00e9atives\t\t\t<\/a>\n\t\t<\/h3>\n\t\t\t\t<div class=\"elementor-post__excerpt\">\n\t\t\t<p>Le brainstorming, c'est du pass\u00e9 ! Aujourd'hui, chacun peut agir de mani\u00e8re autonome et montrer les possibilit\u00e9s qu'il a en lui. Le caf\u00e9 Gradido PreNow d\u00e9bute vendredi sur Zoom - th\u00e8me : la communaut\u00e9 Gradido et ses possibilit\u00e9s - autres caf\u00e9s PreNow tous les vendredis \u00e0 16h00(Zoom).<\/p>\n\t\t<\/div>\n\t\t\n\t\t<a class=\"elementor-post__read-more\" href=\"https:\/\/gradido.net\/fr\/prenow-das-spiel-das-mitdenkt-und-kreative-loesungen-hervorbringt\/\" aria-label=\"En savoir plus sur PreNow \u2013 das Spiel, das mitdenkt und kreative L\u00f6sungen hervorbringt\" tabindex=\"-1\" >\n\t\t\tEn savoir plus\t\t<\/a>\n\n\t\t\t\t<\/div>\n\t\t\t\t<div class=\"elementor-post__meta-data\">\n\t\t\t\t\t<span class=\"elementor-post-date\">\n\t\t\t30 septembre 2022\t\t<\/span>\n\t\t\t\t<\/div>\n\t\t\t\t\t<\/div>\n\t\t<\/article>\n\t\t\t\t<article class=\"elementor-post elementor-grid-item post-5422 post type-post status-publish format-standard has-post-thumbnail hentry category-blog category-community category-gradido-konto category-psychologie\" role=\"listitem\">\n\t\t\t<div class=\"elementor-post__card\">\n\t\t\t\t<a class=\"elementor-post__thumbnail__link\" href=\"https:\/\/gradido.net\/fr\/gemeinwohl-was-ist-das\/\" tabindex=\"-1\" ><div class=\"elementor-post__thumbnail\"><img loading=\"lazy\" decoding=\"async\" width=\"800\" height=\"534\" src=\"https:\/\/gradido.net\/wp-content\/uploads\/2022\/08\/Gemeinwohl-Blog2-1024x683.jpg\" class=\"attachment-large size-large wp-image-5476\" alt=\"\" srcset=\"https:\/\/gradido.net\/wp-content\/uploads\/2022\/08\/Gemeinwohl-Blog2-1024x683.jpg 1024w, https:\/\/gradido.net\/wp-content\/uploads\/2022\/08\/Gemeinwohl-Blog2-300x200.jpg 300w, https:\/\/gradido.net\/wp-content\/uploads\/2022\/08\/Gemeinwohl-Blog2-768x512.jpg 768w, https:\/\/gradido.net\/wp-content\/uploads\/2022\/08\/Gemeinwohl-Blog2-1536x1024.jpg 1536w, https:\/\/gradido.net\/wp-content\/uploads\/2022\/08\/Gemeinwohl-Blog2-18x12.jpg 18w, https:\/\/gradido.net\/wp-content\/uploads\/2022\/08\/Gemeinwohl-Blog2.jpg 1800w\" sizes=\"(max-width: 800px) 100vw, 800px\" \/><\/div><\/a>\n\t\t\t\t<div class=\"elementor-post__text\">\n\t\t\t\t<h3 class=\"elementor-post__title\">\n\t\t\t<a href=\"https:\/\/gradido.net\/fr\/gemeinwohl-was-ist-das\/\" >\n\t\t\t\tL'int\u00e9r\u00eat g\u00e9n\u00e9ral - qu'est-ce que c'est ?\t\t\t<\/a>\n\t\t<\/h3>\n\t\t\t\t<div class=\"elementor-post__excerpt\">\n\t\t\t<p>Les contributions d'int\u00e9r\u00eat g\u00e9n\u00e9ral sont tout ce que le bon sens appellerait b\u00e9n\u00e9volat, volontariat, etc., par opposition aux prestations individuelles d'une personne \u00e0 une autre.<\/p>\n\t\t<\/div>\n\t\t\n\t\t<a class=\"elementor-post__read-more\" href=\"https:\/\/gradido.net\/fr\/gemeinwohl-was-ist-das\/\" aria-label=\"En savoir plus sur Gemeinwohl \u2013 was ist das?\" tabindex=\"-1\" >\n\t\t\tEn savoir plus\t\t<\/a>\n\n\t\t\t\t<\/div>\n\t\t\t\t<div class=\"elementor-post__meta-data\">\n\t\t\t\t\t<span class=\"elementor-post-date\">\n\t\t\t9 ao\u00fbt 2022\t\t<\/span>\n\t\t\t\t<\/div>\n\t\t\t\t\t<\/div>\n\t\t<\/article>\n\t\t\t\t<article class=\"elementor-post elementor-grid-item post-4464 post type-post status-publish format-standard has-post-thumbnail hentry category-blog category-community category-psychologie tag-bild-oben tag-grosse-kooperation\" role=\"listitem\">\n\t\t\t<div class=\"elementor-post__card\">\n\t\t\t\t<a class=\"elementor-post__thumbnail__link\" href=\"https:\/\/gradido.net\/fr\/weltbevoelkerung-wir-sind-viele-das-ist-gut\/\" tabindex=\"-1\" ><div class=\"elementor-post__thumbnail\"><img loading=\"lazy\" decoding=\"async\" width=\"800\" height=\"534\" src=\"https:\/\/gradido.net\/wp-content\/uploads\/2022\/05\/Weltbevoelkerung-1024x683.jpg\" class=\"attachment-large size-large wp-image-4465\" alt=\"\" srcset=\"https:\/\/gradido.net\/wp-content\/uploads\/2022\/05\/Weltbevoelkerung-1024x683.jpg 1024w, https:\/\/gradido.net\/wp-content\/uploads\/2022\/05\/Weltbevoelkerung-300x200.jpg 300w, https:\/\/gradido.net\/wp-content\/uploads\/2022\/05\/Weltbevoelkerung-768x512.jpg 768w, https:\/\/gradido.net\/wp-content\/uploads\/2022\/05\/Weltbevoelkerung-18x12.jpg 18w, https:\/\/gradido.net\/wp-content\/uploads\/2022\/05\/Weltbevoelkerung.jpg 1200w\" sizes=\"(max-width: 800px) 100vw, 800px\" \/><\/div><\/a>\n\t\t\t\t<div class=\"elementor-post__text\">\n\t\t\t\t<h3 class=\"elementor-post__title\">\n\t\t\t<a href=\"https:\/\/gradido.net\/fr\/weltbevoelkerung-wir-sind-viele-das-ist-gut\/\" >\n\t\t\t\tPopulation mondiale : nous sommes nombreux. C'est bien.\t\t\t<\/a>\n\t\t<\/h3>\n\t\t\t\t<div class=\"elementor-post__excerpt\">\n\t\t\t<p>8 milliards d'\u00eatres humains sont la solution et non le probl\u00e8me. Nous pouvons \u00eatre reconnaissants \u00e0 chaque \u00eatre humain, car il ou elle contribue \u00e0 ce que l'humanit\u00e9 puisse passer au niveau d'\u00e9volution sup\u00e9rieur.<\/p>\n\t\t<\/div>\n\t\t\n\t\t<a class=\"elementor-post__read-more\" href=\"https:\/\/gradido.net\/fr\/weltbevoelkerung-wir-sind-viele-das-ist-gut\/\" aria-label=\"En savoir plus sur Weltbev\u00f6lkerung: Wir sind viele. Das ist gut.\" tabindex=\"-1\" >\n\t\t\tEn savoir plus\t\t<\/a>\n\n\t\t\t\t<\/div>\n\t\t\t\t<div class=\"elementor-post__meta-data\">\n\t\t\t\t\t<span class=\"elementor-post-date\">\n\t\t\t24 mai 2022\t\t<\/span>\n\t\t\t\t<\/div>\n\t\t\t\t\t<\/div>\n\t\t<\/article>\n\t\t\t\t<article class=\"elementor-post elementor-grid-item post-4410 post type-post status-publish format-standard has-post-thumbnail hentry category-blog category-community category-pressemitteilung category-psychologie tag-bild-oben\" role=\"listitem\">\n\t\t\t<div class=\"elementor-post__card\">\n\t\t\t\t<a class=\"elementor-post__thumbnail__link\" href=\"https:\/\/gradido.net\/fr\/gradido-interview-im-walnussblatt\/\" tabindex=\"-1\" ><div class=\"elementor-post__thumbnail\"><img loading=\"lazy\" decoding=\"async\" width=\"800\" height=\"534\" src=\"https:\/\/gradido.net\/wp-content\/uploads\/2022\/05\/Walnussblatt_Blog4-1024x683.jpg\" class=\"attachment-large size-large wp-image-4428\" alt=\"\" srcset=\"https:\/\/gradido.net\/wp-content\/uploads\/2022\/05\/Walnussblatt_Blog4-1024x683.jpg 1024w, https:\/\/gradido.net\/wp-content\/uploads\/2022\/05\/Walnussblatt_Blog4-300x200.jpg 300w, https:\/\/gradido.net\/wp-content\/uploads\/2022\/05\/Walnussblatt_Blog4-768x512.jpg 768w, https:\/\/gradido.net\/wp-content\/uploads\/2022\/05\/Walnussblatt_Blog4-18x12.jpg 18w, https:\/\/gradido.net\/wp-content\/uploads\/2022\/05\/Walnussblatt_Blog4.jpg 1500w\" sizes=\"(max-width: 800px) 100vw, 800px\" \/><\/div><\/a>\n\t\t\t\t<div class=\"elementor-post__text\">\n\t\t\t\t<h3 class=\"elementor-post__title\">\n\t\t\t<a href=\"https:\/\/gradido.net\/fr\/gradido-interview-im-walnussblatt\/\" >\n\t\t\t\tInterview de Gradido dans le 'WALNUSSblatt\t\t\t<\/a>\n\t\t<\/h3>\n\t\t\t\t<div class=\"elementor-post__excerpt\">\n\t\t\t<p>Le num\u00e9ro actuel traite du grand th\u00e8me : \"Le chemin vers la paix : l'amour\". Sous le titre 'Gradido - la nouvelle monnaie s'appelle gratitude', Pedro propose ici une interview \u00e0 lire avec Bernd sur la nouvelle orientation et l'\u00e9tat actuel de Gradido comme outil \u00e9l\u00e9mentaire de paix.<\/p>\n\t\t<\/div>\n\t\t\n\t\t<a class=\"elementor-post__read-more\" href=\"https:\/\/gradido.net\/fr\/gradido-interview-im-walnussblatt\/\" aria-label=\"En savoir plus sur Gradido-Interview im \u201aWALNUSSblatt\u2018\" tabindex=\"-1\" >\n\t\t\tEn savoir plus\t\t<\/a>\n\n\t\t\t\t<\/div>\n\t\t\t\t<div class=\"elementor-post__meta-data\">\n\t\t\t\t\t<span class=\"elementor-post-date\">\n\t\t\t15 mai 2022\t\t<\/span>\n\t\t\t\t<\/div>\n\t\t\t\t\t<\/div>\n\t\t<\/article>\n\t\t\t\t<article class=\"elementor-post elementor-grid-item post-4228 post type-post status-publish format-standard has-post-thumbnail hentry category-blog category-community category-gradido-konto\" role=\"listitem\">\n\t\t\t<div class=\"elementor-post__card\">\n\t\t\t\t<a class=\"elementor-post__thumbnail__link\" href=\"https:\/\/gradido.net\/fr\/gradido-link-erfahrungen-und-textvorschlaege\/\" tabindex=\"-1\" ><div class=\"elementor-post__thumbnail\"><img loading=\"lazy\" decoding=\"async\" width=\"800\" height=\"354\" src=\"https:\/\/gradido.net\/wp-content\/uploads\/2022\/04\/DANKE-1-1024x453.jpg\" class=\"attachment-large size-large wp-image-4231\" alt=\"\" srcset=\"https:\/\/gradido.net\/wp-content\/uploads\/2022\/04\/DANKE-1-1024x453.jpg 1024w, https:\/\/gradido.net\/wp-content\/uploads\/2022\/04\/DANKE-1-300x133.jpg 300w, https:\/\/gradido.net\/wp-content\/uploads\/2022\/04\/DANKE-1-768x340.jpg 768w, https:\/\/gradido.net\/wp-content\/uploads\/2022\/04\/DANKE-1-1536x680.jpg 1536w, https:\/\/gradido.net\/wp-content\/uploads\/2022\/04\/DANKE-1-18x8.jpg 18w, https:\/\/gradido.net\/wp-content\/uploads\/2022\/04\/DANKE-1.jpg 1600w\" sizes=\"(max-width: 800px) 100vw, 800px\" \/><\/div><\/a>\n\t\t\t\t<div class=\"elementor-post__text\">\n\t\t\t\t<h3 class=\"elementor-post__title\">\n\t\t\t<a href=\"https:\/\/gradido.net\/fr\/gradido-link-erfahrungen-und-textvorschlaege\/\" >\n\t\t\t\tLien Gradido - Exp\u00e9riences et propositions de textes\t\t\t<\/a>\n\t\t<\/h3>\n\t\t\t\t<div class=\"elementor-post__excerpt\">\n\t\t\t<p>Pour te faciliter la t\u00e2che, nous avons \u00e9labor\u00e9 des propositions de texte pour les diff\u00e9rents cas. N'h\u00e9site pas \u00e0 les adapter \u00e0 tes souhaits et \u00e0 tes id\u00e9es.<\/p>\n\t\t<\/div>\n\t\t\n\t\t<a class=\"elementor-post__read-more\" href=\"https:\/\/gradido.net\/fr\/gradido-link-erfahrungen-und-textvorschlaege\/\" aria-label=\"En savoir plus sur Gradido-Link \u2013 Erfahrungen und Textvorschl\u00e4ge\" tabindex=\"-1\" >\n\t\t\tEn savoir plus\t\t<\/a>\n\n\t\t\t\t<\/div>\n\t\t\t\t<div class=\"elementor-post__meta-data\">\n\t\t\t\t\t<span class=\"elementor-post-date\">\n\t\t\t24 avril 2022\t\t<\/span>\n\t\t\t\t<\/div>\n\t\t\t\t\t<\/div>\n\t\t<\/article>\n\t\t\t\t<article class=\"elementor-post elementor-grid-item post-4024 post type-post status-publish format-standard has-post-thumbnail hentry category-blog category-community\" role=\"listitem\">\n\t\t\t<div class=\"elementor-post__card\">\n\t\t\t\t<a class=\"elementor-post__thumbnail__link\" href=\"https:\/\/gradido.net\/fr\/freunde-finden-und-neue-wirklichkeit-gestalten\/\" tabindex=\"-1\" ><div class=\"elementor-post__thumbnail\"><img loading=\"lazy\" decoding=\"async\" width=\"800\" height=\"534\" src=\"https:\/\/gradido.net\/wp-content\/uploads\/2022\/02\/AdobeStock_79579109-1024x683.jpeg\" class=\"attachment-large size-large wp-image-4216\" alt=\"\" srcset=\"https:\/\/gradido.net\/wp-content\/uploads\/2022\/02\/AdobeStock_79579109-1024x683.jpeg 1024w, https:\/\/gradido.net\/wp-content\/uploads\/2022\/02\/AdobeStock_79579109-300x200.jpeg 300w, https:\/\/gradido.net\/wp-content\/uploads\/2022\/02\/AdobeStock_79579109-768x512.jpeg 768w, https:\/\/gradido.net\/wp-content\/uploads\/2022\/02\/AdobeStock_79579109-1536x1024.jpeg 1536w, https:\/\/gradido.net\/wp-content\/uploads\/2022\/02\/AdobeStock_79579109-2048x1365.jpeg 2048w, https:\/\/gradido.net\/wp-content\/uploads\/2022\/02\/AdobeStock_79579109-18x12.jpeg 18w\" sizes=\"(max-width: 800px) 100vw, 800px\" \/><\/div><\/a>\n\t\t\t\t<div class=\"elementor-post__text\">\n\t\t\t\t<h3 class=\"elementor-post__title\">\n\t\t\t<a href=\"https:\/\/gradido.net\/fr\/freunde-finden-und-neue-wirklichkeit-gestalten\/\" >\n\t\t\t\tSe faire des amis et cr\u00e9er une nouvelle r\u00e9alit\u00e9\t\t\t<\/a>\n\t\t<\/h3>\n\t\t\t\t<div class=\"elementor-post__excerpt\">\n\t\t\t<p>Remercier chaque jour les autres avec le Gradido, c'est se faire de plus en plus d'amis. Nous nous renfor\u00e7ons mutuellement, nous formons des '\u00eelots de gradido' alternatifs et nous devenons de plus en plus ind\u00e9pendants de l'ancien syst\u00e8me.<\/p>\n\t\t<\/div>\n\t\t\n\t\t<a class=\"elementor-post__read-more\" href=\"https:\/\/gradido.net\/fr\/freunde-finden-und-neue-wirklichkeit-gestalten\/\" aria-label=\"En savoir plus sur Freunde finden und neue Wirklichkeit gestalten\" tabindex=\"-1\" >\n\t\t\tEn savoir plus\t\t<\/a>\n\n\t\t\t\t<\/div>\n\t\t\t\t<div class=\"elementor-post__meta-data\">\n\t\t\t\t\t<span class=\"elementor-post-date\">\n\t\t\t20 avril 2022\t\t<\/span>\n\t\t\t\t<\/div>\n\t\t\t\t\t<\/div>\n\t\t<\/article>\n\t\t\t\t<\/div>\n\t\t\n\t\t\t\t\t\t<\/div>\n\t\t\t\t<\/div>\n\t\t\t\t\t<\/div>\n\t\t<\/div>\n\t\t\t\t\t<\/div>\n\t\t<\/section>\n\t\t\t\t<\/div>","protected":false},"excerpt":{"rendered":"<p>Communaut\u00e9<\/p>","protected":false},"author":2,"featured_media":3960,"parent":704,"menu_order":0,"comment_status":"closed","ping_status":"closed","template":"","meta":{"footnotes":""},"class_list":["post-13614","page","type-page","status-publish","has-post-thumbnail","hentry"],"yoast_head":"<!-- This site is optimized with the Yoast SEO plugin v27.4 - https:\/\/yoast.com\/product\/yoast-seo-wordpress\/ -->\n<title>Community - Gradido<\/title>\n<meta name=\"description\" content=\"Aktuelles und Wissenswertes \u00fcber die neue Dankbarkeitsw\u00e4hrung\" \/>\n<meta name=\"robots\" content=\"index, follow, max-snippet:-1, max-image-preview:large, max-video-preview:-1\" \/>\n<link rel=\"canonical\" href=\"https:\/\/gradido.net\/fr\/blog\/community\/\" \/>\n<meta property=\"og:locale\" content=\"fr_FR\" \/>\n<meta property=\"og:type\" content=\"article\" \/>\n<meta property=\"og:title\" content=\"Community - Gradido\" \/>\n<meta property=\"og:description\" content=\"Aktuelles und Wissenswertes \u00fcber die neue Dankbarkeitsw\u00e4hrung\" \/>\n<meta property=\"og:url\" content=\"https:\/\/gradido.net\/fr\/blog\/community\/\" \/>\n<meta property=\"og:site_name\" content=\"Gradido\" \/>\n<meta property=\"article:modified_time\" content=\"2026-04-24T06:36:55+00:00\" \/>\n<meta property=\"og:image\" content=\"https:\/\/gradido.net\/wp-content\/uploads\/2022\/02\/blog.jpg\" \/>\n\t<meta property=\"og:image:width\" content=\"1920\" \/>\n\t<meta property=\"og:image:height\" content=\"450\" \/>\n\t<meta property=\"og:image:type\" content=\"image\/jpeg\" \/>\n<meta name=\"twitter:card\" content=\"summary_large_image\" \/>\n<meta name=\"twitter:label1\" content=\"Dur\u00e9e de lecture estim\u00e9e\" \/>\n\t<meta name=\"twitter:data1\" content=\"20 minutes\" \/>\n<script type=\"application\/ld+json\" class=\"yoast-schema-graph\">{\"@context\":\"https:\\\/\\\/schema.org\",\"@graph\":[{\"@type\":\"WebPage\",\"@id\":\"https:\\\/\\\/gradido.net\\\/de\\\/blog\\\/community\\\/\",\"url\":\"https:\\\/\\\/gradido.net\\\/de\\\/blog\\\/community\\\/\",\"name\":\"Community - Gradido\",\"isPartOf\":{\"@id\":\"https:\\\/\\\/gradido.net\\\/de\\\/#website\"},\"primaryImageOfPage\":{\"@id\":\"https:\\\/\\\/gradido.net\\\/de\\\/blog\\\/community\\\/#primaryimage\"},\"image\":{\"@id\":\"https:\\\/\\\/gradido.net\\\/de\\\/blog\\\/community\\\/#primaryimage\"},\"thumbnailUrl\":\"https:\\\/\\\/gradido.net\\\/wp-content\\\/uploads\\\/2022\\\/02\\\/blog.jpg\",\"datePublished\":\"2026-04-24T06:24:38+00:00\",\"dateModified\":\"2026-04-24T06:36:55+00:00\",\"description\":\"Aktuelles und Wissenswertes \u00fcber die neue Dankbarkeitsw\u00e4hrung\",\"breadcrumb\":{\"@id\":\"https:\\\/\\\/gradido.net\\\/de\\\/blog\\\/community\\\/#breadcrumb\"},\"inLanguage\":\"fr-FR\",\"potentialAction\":[{\"@type\":\"ReadAction\",\"target\":[\"https:\\\/\\\/gradido.net\\\/de\\\/blog\\\/community\\\/\"]}]},{\"@type\":\"ImageObject\",\"inLanguage\":\"fr-FR\",\"@id\":\"https:\\\/\\\/gradido.net\\\/de\\\/blog\\\/community\\\/#primaryimage\",\"url\":\"https:\\\/\\\/gradido.net\\\/wp-content\\\/uploads\\\/2022\\\/02\\\/blog.jpg\",\"contentUrl\":\"https:\\\/\\\/gradido.net\\\/wp-content\\\/uploads\\\/2022\\\/02\\\/blog.jpg\",\"width\":1920,\"height\":450},{\"@type\":\"BreadcrumbList\",\"@id\":\"https:\\\/\\\/gradido.net\\\/de\\\/blog\\\/community\\\/#breadcrumb\",\"itemListElement\":[{\"@type\":\"ListItem\",\"position\":1,\"name\":\"Startseite\",\"item\":\"https:\\\/\\\/gradido.net\\\/\"},{\"@type\":\"ListItem\",\"position\":2,\"name\":\"Blog\",\"item\":\"https:\\\/\\\/gradido.net\\\/blog\\\/\"},{\"@type\":\"ListItem\",\"position\":3,\"name\":\"Community\"}]},{\"@type\":\"WebSite\",\"@id\":\"https:\\\/\\\/gradido.net\\\/de\\\/#website\",\"url\":\"https:\\\/\\\/gradido.net\\\/de\\\/\",\"name\":\"Gradido\",\"description\":\"Die neue W\u00e4hrung hei\u00dft Dankbarkeit\",\"publisher\":{\"@id\":\"https:\\\/\\\/gradido.net\\\/de\\\/#organization\"},\"potentialAction\":[{\"@type\":\"SearchAction\",\"target\":{\"@type\":\"EntryPoint\",\"urlTemplate\":\"https:\\\/\\\/gradido.net\\\/de\\\/?s={search_term_string}\"},\"query-input\":{\"@type\":\"PropertyValueSpecification\",\"valueRequired\":true,\"valueName\":\"search_term_string\"}}],\"inLanguage\":\"fr-FR\"},{\"@type\":\"Organization\",\"@id\":\"https:\\\/\\\/gradido.net\\\/de\\\/#organization\",\"name\":\"Gradido\",\"url\":\"https:\\\/\\\/gradido.net\\\/de\\\/\",\"logo\":{\"@type\":\"ImageObject\",\"inLanguage\":\"fr-FR\",\"@id\":\"https:\\\/\\\/gradido.net\\\/de\\\/#\\\/schema\\\/logo\\\/image\\\/\",\"url\":\"https:\\\/\\\/gradido.net\\\/wp-content\\\/uploads\\\/2022\\\/04\\\/gradido-social.jpg\",\"contentUrl\":\"https:\\\/\\\/gradido.net\\\/wp-content\\\/uploads\\\/2022\\\/04\\\/gradido-social.jpg\",\"width\":527,\"height\":273,\"caption\":\"Gradido\"},\"image\":{\"@id\":\"https:\\\/\\\/gradido.net\\\/de\\\/#\\\/schema\\\/logo\\\/image\\\/\"}}]}<\/script>\n<!-- \/ Yoast SEO plugin. -->","yoast_head_json":{"title":"Communaut\u00e9 - Gradido","description":"Actualit\u00e9s et informations utiles sur la nouvelle monnaie de reconnaissance","robots":{"index":"index","follow":"follow","max-snippet":"max-snippet:-1","max-image-preview":"max-image-preview:large","max-video-preview":"max-video-preview:-1"},"canonical":"https:\/\/gradido.net\/fr\/blog\/community\/","og_locale":"fr_FR","og_type":"article","og_title":"Community - Gradido","og_description":"Aktuelles und Wissenswertes \u00fcber die neue Dankbarkeitsw\u00e4hrung","og_url":"https:\/\/gradido.net\/fr\/blog\/community\/","og_site_name":"Gradido","article_modified_time":"2026-04-24T06:36:55+00:00","og_image":[{"width":1920,"height":450,"url":"https:\/\/gradido.net\/wp-content\/uploads\/2022\/02\/blog.jpg","type":"image\/jpeg"}],"twitter_card":"summary_large_image","twitter_misc":{"Dur\u00e9e de lecture estim\u00e9e":"20 minutes"},"schema":{"@context":"https:\/\/schema.org","@graph":[{"@type":"WebPage","@id":"https:\/\/gradido.net\/de\/blog\/community\/","url":"https:\/\/gradido.net\/de\/blog\/community\/","name":"Communaut\u00e9 - Gradido","isPartOf":{"@id":"https:\/\/gradido.net\/de\/#website"},"primaryImageOfPage":{"@id":"https:\/\/gradido.net\/de\/blog\/community\/#primaryimage"},"image":{"@id":"https:\/\/gradido.net\/de\/blog\/community\/#primaryimage"},"thumbnailUrl":"https:\/\/gradido.net\/wp-content\/uploads\/2022\/02\/blog.jpg","datePublished":"2026-04-24T06:24:38+00:00","dateModified":"2026-04-24T06:36:55+00:00","description":"Actualit\u00e9s et informations utiles sur la nouvelle monnaie de reconnaissance","breadcrumb":{"@id":"https:\/\/gradido.net\/de\/blog\/community\/#breadcrumb"},"inLanguage":"fr-FR","potentialAction":[{"@type":"ReadAction","target":["https:\/\/gradido.net\/de\/blog\/community\/"]}]},{"@type":"ImageObject","inLanguage":"fr-FR","@id":"https:\/\/gradido.net\/de\/blog\/community\/#primaryimage","url":"https:\/\/gradido.net\/wp-content\/uploads\/2022\/02\/blog.jpg","contentUrl":"https:\/\/gradido.net\/wp-content\/uploads\/2022\/02\/blog.jpg","width":1920,"height":450},{"@type":"BreadcrumbList","@id":"https:\/\/gradido.net\/de\/blog\/community\/#breadcrumb","itemListElement":[{"@type":"ListItem","position":1,"name":"Startseite","item":"https:\/\/gradido.net\/"},{"@type":"ListItem","position":2,"name":"Blog","item":"https:\/\/gradido.net\/blog\/"},{"@type":"ListItem","position":3,"name":"Community"}]},{"@type":"WebSite","@id":"https:\/\/gradido.net\/de\/#website","url":"https:\/\/gradido.net\/de\/","name":"Gradido","description":"La nouvelle monnaie s'appelle la gratitude","publisher":{"@id":"https:\/\/gradido.net\/de\/#organization"},"potentialAction":[{"@type":"SearchAction","target":{"@type":"EntryPoint","urlTemplate":"https:\/\/gradido.net\/de\/?s={search_term_string}"},"query-input":{"@type":"PropertyValueSpecification","valueRequired":true,"valueName":"search_term_string"}}],"inLanguage":"fr-FR"},{"@type":"Organization","@id":"https:\/\/gradido.net\/de\/#organization","name":"Gradido","url":"https:\/\/gradido.net\/de\/","logo":{"@type":"ImageObject","inLanguage":"fr-FR","@id":"https:\/\/gradido.net\/de\/#\/schema\/logo\/image\/","url":"https:\/\/gradido.net\/wp-content\/uploads\/2022\/04\/gradido-social.jpg","contentUrl":"https:\/\/gradido.net\/wp-content\/uploads\/2022\/04\/gradido-social.jpg","width":527,"height":273,"caption":"Gradido"},"image":{"@id":"https:\/\/gradido.net\/de\/#\/schema\/logo\/image\/"}}]}},"_links":{"self":[{"href":"https:\/\/gradido.net\/fr\/wp-json\/wp\/v2\/pages\/13614","targetHints":{"allow":["GET"]}}],"collection":[{"href":"https:\/\/gradido.net\/fr\/wp-json\/wp\/v2\/pages"}],"about":[{"href":"https:\/\/gradido.net\/fr\/wp-json\/wp\/v2\/types\/page"}],"author":[{"embeddable":true,"href":"https:\/\/gradido.net\/fr\/wp-json\/wp\/v2\/users\/2"}],"replies":[{"embeddable":true,"href":"https:\/\/gradido.net\/fr\/wp-json\/wp\/v2\/comments?post=13614"}],"version-history":[{"count":7,"href":"https:\/\/gradido.net\/fr\/wp-json\/wp\/v2\/pages\/13614\/revisions"}],"predecessor-version":[{"id":13622,"href":"https:\/\/gradido.net\/fr\/wp-json\/wp\/v2\/pages\/13614\/revisions\/13622"}],"up":[{"embeddable":true,"href":"https:\/\/gradido.net\/fr\/wp-json\/wp\/v2\/pages\/704"}],"wp:featuredmedia":[{"embeddable":true,"href":"https:\/\/gradido.net\/fr\/wp-json\/wp\/v2\/media\/3960"}],"wp:attachment":[{"href":"https:\/\/gradido.net\/fr\/wp-json\/wp\/v2\/media?parent=13614"}],"curies":[{"name":"wp","href":"https:\/\/api.w.org\/{rel}","templated":true}]}}