{"id":10575,"date":"2025-07-27T15:24:41","date_gmt":"2025-07-27T13:24:41","guid":{"rendered":"https:\/\/gradido.net\/?page_id=10575"},"modified":"2025-10-04T11:54:39","modified_gmt":"2025-10-04T09:54:39","slug":"labor-migration-and-foreign-employment","status":"publish","type":"page","link":"https:\/\/gradido.net\/hu\/countries\/philippines\/labor-migration-and-foreign-employment\/","title":{"rendered":"Munkaer\u0151-migr\u00e1ci\u00f3 \u00e9s k\u00fclf\u00f6ldi munkav\u00e1llal\u00e1s F\u00fcl\u00f6p-szigetek"},"content":{"rendered":"<div data-elementor-type=\"wp-page\" data-elementor-id=\"10575\" class=\"elementor elementor-10575\" data-elementor-post-type=\"page\">\n\t\t\t\t\t\t<section class=\"elementor-section elementor-top-section elementor-element elementor-element-4ce3e8af elementor-section-full_width elementor-section-height-default elementor-section-height-default\" data-id=\"4ce3e8af\" data-element_type=\"section\" data-e-type=\"section\">\n\t\t\t\t\t\t<div class=\"elementor-container elementor-column-gap-no\">\n\t\t\t\t\t<div class=\"elementor-column elementor-col-100 elementor-top-column elementor-element elementor-element-efa8c8c\" data-id=\"efa8c8c\" data-element_type=\"column\" data-e-type=\"column\">\n\t\t\t<div class=\"elementor-widget-wrap elementor-element-populated\">\n\t\t\t\t\t\t<div class=\"elementor-element elementor-element-e088aa4 elementor--h-position-center elementor--v-position-middle elementor-arrows-position-inside elementor-widget elementor-widget-slides\" data-id=\"e088aa4\" data-element_type=\"widget\" data-e-type=\"widget\" data-settings=\"{&quot;navigation&quot;:&quot;arrows&quot;,&quot;autoplay&quot;:&quot;yes&quot;,&quot;pause_on_hover&quot;:&quot;yes&quot;,&quot;pause_on_interaction&quot;:&quot;yes&quot;,&quot;autoplay_speed&quot;:5000,&quot;infinite&quot;:&quot;yes&quot;,&quot;transition&quot;:&quot;slide&quot;,&quot;transition_speed&quot;:500}\" data-widget_type=\"slides.default\">\n\t\t\t\t<div class=\"elementor-widget-container\">\n\t\t\t\t\t\t\t\t\t<div class=\"elementor-swiper\">\n\t\t\t\t\t<div class=\"elementor-slides-wrapper elementor-main-swiper swiper\" role=\"region\" aria-roledescription=\"carousel\" aria-label=\"Cs\u00faszka\" dir=\"ltr\" data-animation=\"fadeInUp\">\n\t\t\t\t<div class=\"swiper-wrapper elementor-slides\">\n\t\t\t\t\t\t\t\t\t\t<div class=\"elementor-repeater-item-2de4990 swiper-slide\" role=\"group\" aria-roledescription=\"slide\"><div class=\"swiper-slide-bg\" role=\"img\" aria-label=\"manila-4503501_1280\"><\/div><div class=\"swiper-slide-inner\" ><div class=\"swiper-slide-contents\"><\/div><\/div><\/div><div class=\"elementor-repeater-item-28f126e swiper-slide\" role=\"group\" aria-roledescription=\"slide\"><div class=\"swiper-slide-bg\" role=\"img\" aria-label=\"philippines-4951855_1280\"><\/div><div class=\"swiper-slide-inner\" ><div class=\"swiper-slide-contents\"><\/div><\/div><\/div><div class=\"elementor-repeater-item-992da35 swiper-slide\" role=\"group\" aria-roledescription=\"slide\"><div class=\"swiper-slide-bg\" role=\"img\" aria-label=\"manila-2256322_1280\"><\/div><div class=\"swiper-slide-inner\" ><div class=\"swiper-slide-contents\"><\/div><\/div><\/div>\t\t\t\t<\/div>\n\t\t\t\t\t\t\t\t\t\t\t\t\t\t\t<div class=\"elementor-swiper-button elementor-swiper-button-prev\" role=\"button\" tabindex=\"0\" aria-label=\"F\u00f6reg\u00e5ende bild\" data-no-translation-aria-label=\"\">\n\t\t\t\t\t\t\t<i aria-hidden=\"true\" class=\"eicon-chevron-left\"><\/i>\t\t\t\t\t\t<\/div>\n\t\t\t\t\t\t<div class=\"elementor-swiper-button elementor-swiper-button-next\" role=\"button\" tabindex=\"0\" aria-label=\"N\u00e4sta bild\" data-no-translation-aria-label=\"\">\n\t\t\t\t\t\t\t<i aria-hidden=\"true\" class=\"eicon-chevron-right\"><\/i>\t\t\t\t\t\t<\/div>\n\t\t\t\t\t\t\t\t\t\t\t\t\t\t\t\t\t<\/div>\n\t\t\t\t<\/div>\n\t\t\t\t\t\t\t\t<\/div>\n\t\t\t\t<\/div>\n\t\t\t\t\t<\/div>\n\t\t<\/div>\n\t\t\t\t\t<\/div>\n\t\t<\/section>\n\t\t\t\t<section class=\"elementor-section elementor-top-section elementor-element elementor-element-240baa7a elementor-section-boxed elementor-section-height-default elementor-section-height-default\" data-id=\"240baa7a\" data-element_type=\"section\" data-e-type=\"section\" data-settings=\"{&quot;background_background&quot;:&quot;classic&quot;}\">\n\t\t\t\t\t\t<div class=\"elementor-container elementor-column-gap-default\">\n\t\t\t\t\t<div class=\"elementor-column elementor-col-100 elementor-top-column elementor-element elementor-element-1afe9e42\" data-id=\"1afe9e42\" data-element_type=\"column\" data-e-type=\"column\">\n\t\t\t<div class=\"elementor-widget-wrap elementor-element-populated\">\n\t\t\t\t\t\t<div class=\"elementor-element elementor-element-65bd50ae elementor-widget elementor-widget-heading\" data-id=\"65bd50ae\" data-element_type=\"widget\" data-e-type=\"widget\" data-widget_type=\"heading.default\">\n\t\t\t\t<div class=\"elementor-widget-container\">\n\t\t\t\t\t<h1 class=\"elementor-heading-title elementor-size-default\">Munkaer\u0151-migr\u00e1ci\u00f3 \u00e9s k\u00fclf\u00f6ldi munkav\u00e1llal\u00e1s<\/h1>\t\t\t\t<\/div>\n\t\t\t\t<\/div>\n\t\t\t\t\t<\/div>\n\t\t<\/div>\n\t\t\t\t\t<\/div>\n\t\t<\/section>\n\t\t\t\t<section class=\"elementor-section elementor-top-section elementor-element elementor-element-446540f elementor-section-boxed elementor-section-height-default elementor-section-height-default\" data-id=\"446540f\" data-element_type=\"section\" data-e-type=\"section\">\n\t\t\t\t\t\t<div class=\"elementor-container elementor-column-gap-default\">\n\t\t\t\t\t<div class=\"elementor-column elementor-col-100 elementor-top-column elementor-element elementor-element-312a2d3\" data-id=\"312a2d3\" data-element_type=\"column\" data-e-type=\"column\">\n\t\t\t<div class=\"elementor-widget-wrap elementor-element-populated\">\n\t\t\t\t\t\t<div class=\"elementor-element elementor-element-3e0ec02 elementor-nav-menu--dropdown-tablet elementor-nav-menu__text-align-aside elementor-nav-menu--toggle elementor-nav-menu--burger elementor-widget elementor-widget-nav-menu\" data-id=\"3e0ec02\" data-element_type=\"widget\" data-e-type=\"widget\" data-settings=\"{&quot;layout&quot;:&quot;horizontal&quot;,&quot;submenu_icon&quot;:{&quot;value&quot;:&quot;&lt;i class=\\&quot;fas fa-caret-down\\&quot; aria-hidden=\\&quot;true\\&quot;&gt;&lt;\\\/i&gt;&quot;,&quot;library&quot;:&quot;fa-solid&quot;},&quot;toggle&quot;:&quot;burger&quot;}\" data-widget_type=\"nav-menu.default\">\n\t\t\t\t<div class=\"elementor-widget-container\">\n\t\t\t\t\t\t\t\t<nav aria-label=\"Orsz\u00e1gkutat\u00e1s\" class=\"elementor-nav-menu--main elementor-nav-menu__container elementor-nav-menu--layout-horizontal e--pointer-underline e--animation-grow\">\n\t\t\t\t<ul id=\"menu-1-3e0ec02\" class=\"elementor-nav-menu\"><li class=\"menu-item menu-item-type-custom menu-item-object-custom menu-item-has-children menu-item-12305\"><a class=\"elementor-item\">Afrika<\/a>\n<ul class=\"sub-menu elementor-nav-menu--dropdown\">\n\t<li class=\"menu-item menu-item-type-post_type menu-item-object-page menu-item-12253\"><a href=\"https:\/\/gradido.net\/hu\/countries\/afrika\/\" class=\"elementor-sub-item\">Afrika, az eg\u00e9sz kontinens<\/a><\/li>\n\t<li class=\"menu-item menu-item-type-post_type menu-item-object-page menu-item-13097\"><a href=\"https:\/\/gradido.net\/hu\/countries\/afrika\/dr-congo\/\" class=\"elementor-sub-item\">Kong\u00f3i Demokratikus K\u00f6zt\u00e1rsas\u00e1g<\/a><\/li>\n\t<li class=\"menu-item menu-item-type-post_type menu-item-object-page menu-item-12414\"><a href=\"https:\/\/gradido.net\/hu\/countries\/afrika\/kenya\/\" class=\"elementor-sub-item\">Kenya<\/a><\/li>\n\t<li class=\"menu-item menu-item-type-post_type menu-item-object-page menu-item-12737\"><a href=\"https:\/\/gradido.net\/hu\/countries\/afrika\/madagascar\/\" class=\"elementor-sub-item\">Madagaszk\u00e1r<\/a><\/li>\n\t<li class=\"menu-item menu-item-type-post_type menu-item-object-page menu-item-12148\"><a href=\"https:\/\/gradido.net\/hu\/countries\/afrika\/namibia\/\" class=\"elementor-sub-item\">Nam\u00edbia<\/a><\/li>\n\t<li class=\"menu-item menu-item-type-post_type menu-item-object-page menu-item-12839\"><a href=\"https:\/\/gradido.net\/hu\/countries\/afrika\/rwanda\/\" class=\"elementor-sub-item\">Ruanda<\/a><\/li>\n<\/ul>\n<\/li>\n<li class=\"menu-item menu-item-type-custom menu-item-object-custom menu-item-has-children menu-item-11798\"><a class=\"elementor-item\">Amerika<\/a>\n<ul class=\"sub-menu elementor-nav-menu--dropdown\">\n\t<li class=\"menu-item menu-item-type-post_type menu-item-object-page menu-item-12463\"><a href=\"https:\/\/gradido.net\/hu\/countries\/usa\/\" class=\"elementor-sub-item\">USA<\/a><\/li>\n\t<li class=\"menu-item menu-item-type-post_type menu-item-object-page menu-item-11791\"><a href=\"https:\/\/gradido.net\/hu\/countries\/mexico\/\" class=\"elementor-sub-item\">Mexik\u00f3<\/a><\/li>\n<\/ul>\n<\/li>\n<li class=\"menu-item menu-item-type-custom menu-item-object-custom menu-item-has-children menu-item-11800\"><a class=\"elementor-item\">\u00c1zsia<\/a>\n<ul class=\"sub-menu elementor-nav-menu--dropdown\">\n\t<li class=\"menu-item menu-item-type-post_type menu-item-object-page menu-item-11794\"><a href=\"https:\/\/gradido.net\/hu\/countries\/maledives\/\" class=\"elementor-sub-item\">Mald\u00edv-szigetek<\/a><\/li>\n\t<li class=\"menu-item menu-item-type-post_type menu-item-object-page menu-item-11790\"><a href=\"https:\/\/gradido.net\/hu\/countries\/philippines\/\" class=\"elementor-sub-item\">F\u00fcl\u00f6p-szigetek<\/a><\/li>\n\t<li class=\"menu-item menu-item-type-post_type menu-item-object-page menu-item-11802\"><a href=\"https:\/\/gradido.net\/hu\/countries\/saudi-arabia\/\" class=\"elementor-sub-item\">Sza\u00fad-Ar\u00e1bia<\/a><\/li>\n<\/ul>\n<\/li>\n<li class=\"menu-item menu-item-type-custom menu-item-object-custom menu-item-has-children menu-item-11797\"><a class=\"elementor-item\">Eur\u00f3pa<\/a>\n<ul class=\"sub-menu elementor-nav-menu--dropdown\">\n\t<li class=\"menu-item menu-item-type-post_type menu-item-object-page menu-item-11805\"><a href=\"https:\/\/gradido.net\/hu\/countries\/germany\/\" class=\"elementor-sub-item\">N\u00e9metorsz\u00e1g<\/a><\/li>\n\t<li class=\"menu-item menu-item-type-post_type menu-item-object-page menu-item-11803\"><a href=\"https:\/\/gradido.net\/hu\/countries\/greece\/\" class=\"elementor-sub-item\">G\u00f6r\u00f6gorsz\u00e1g<\/a><\/li>\n\t<li class=\"menu-item menu-item-type-post_type menu-item-object-page menu-item-11788\"><a href=\"https:\/\/gradido.net\/hu\/countries\/spain\/\" class=\"elementor-sub-item\">Spanyolorsz\u00e1g<\/a><\/li>\n<\/ul>\n<\/li>\n<li class=\"menu-item menu-item-type-custom menu-item-object-custom menu-item-has-children menu-item-11801\"><a class=\"elementor-item\">\u00d3ce\u00e1nia<\/a>\n<ul class=\"sub-menu elementor-nav-menu--dropdown\">\n\t<li class=\"menu-item menu-item-type-post_type menu-item-object-page menu-item-11793\"><a href=\"https:\/\/gradido.net\/hu\/countries\/marshall-islands\/\" class=\"elementor-sub-item\">Marshall-szigetek<\/a><\/li>\n\t<li class=\"menu-item menu-item-type-post_type menu-item-object-page menu-item-11795\"><a href=\"https:\/\/gradido.net\/hu\/countries\/tahiti\/\" class=\"elementor-sub-item\">Tahiti<\/a><\/li>\n<\/ul>\n<\/li>\n<\/ul>\t\t\t<\/nav>\n\t\t\t\t\t<div class=\"elementor-menu-toggle\" role=\"button\" tabindex=\"0\" aria-label=\"Men\u00fc kapcsol\u00f3\" aria-expanded=\"false\">\n\t\t\t<i aria-hidden=\"true\" role=\"presentation\" class=\"elementor-menu-toggle__icon--open eicon-menu-bar\"><\/i><i aria-hidden=\"true\" role=\"presentation\" class=\"elementor-menu-toggle__icon--close eicon-close\"><\/i>\t\t<\/div>\n\t\t\t\t\t<nav class=\"elementor-nav-menu--dropdown elementor-nav-menu__container\" aria-hidden=\"true\">\n\t\t\t\t<ul id=\"menu-2-3e0ec02\" class=\"elementor-nav-menu\"><li class=\"menu-item menu-item-type-custom menu-item-object-custom menu-item-has-children menu-item-12305\"><a class=\"elementor-item\" tabindex=\"-1\">Afrika<\/a>\n<ul class=\"sub-menu elementor-nav-menu--dropdown\">\n\t<li class=\"menu-item menu-item-type-post_type menu-item-object-page menu-item-12253\"><a href=\"https:\/\/gradido.net\/hu\/countries\/afrika\/\" class=\"elementor-sub-item\" tabindex=\"-1\">Afrika, az eg\u00e9sz kontinens<\/a><\/li>\n\t<li class=\"menu-item menu-item-type-post_type menu-item-object-page menu-item-13097\"><a href=\"https:\/\/gradido.net\/hu\/countries\/afrika\/dr-congo\/\" class=\"elementor-sub-item\" tabindex=\"-1\">Kong\u00f3i Demokratikus K\u00f6zt\u00e1rsas\u00e1g<\/a><\/li>\n\t<li class=\"menu-item menu-item-type-post_type menu-item-object-page menu-item-12414\"><a href=\"https:\/\/gradido.net\/hu\/countries\/afrika\/kenya\/\" class=\"elementor-sub-item\" tabindex=\"-1\">Kenya<\/a><\/li>\n\t<li class=\"menu-item menu-item-type-post_type menu-item-object-page menu-item-12737\"><a href=\"https:\/\/gradido.net\/hu\/countries\/afrika\/madagascar\/\" class=\"elementor-sub-item\" tabindex=\"-1\">Madagaszk\u00e1r<\/a><\/li>\n\t<li class=\"menu-item menu-item-type-post_type menu-item-object-page menu-item-12148\"><a href=\"https:\/\/gradido.net\/hu\/countries\/afrika\/namibia\/\" class=\"elementor-sub-item\" tabindex=\"-1\">Nam\u00edbia<\/a><\/li>\n\t<li class=\"menu-item menu-item-type-post_type menu-item-object-page menu-item-12839\"><a href=\"https:\/\/gradido.net\/hu\/countries\/afrika\/rwanda\/\" class=\"elementor-sub-item\" tabindex=\"-1\">Ruanda<\/a><\/li>\n<\/ul>\n<\/li>\n<li class=\"menu-item menu-item-type-custom menu-item-object-custom menu-item-has-children menu-item-11798\"><a class=\"elementor-item\" tabindex=\"-1\">Amerika<\/a>\n<ul class=\"sub-menu elementor-nav-menu--dropdown\">\n\t<li class=\"menu-item menu-item-type-post_type menu-item-object-page menu-item-12463\"><a href=\"https:\/\/gradido.net\/hu\/countries\/usa\/\" class=\"elementor-sub-item\" tabindex=\"-1\">USA<\/a><\/li>\n\t<li class=\"menu-item menu-item-type-post_type menu-item-object-page menu-item-11791\"><a href=\"https:\/\/gradido.net\/hu\/countries\/mexico\/\" class=\"elementor-sub-item\" tabindex=\"-1\">Mexik\u00f3<\/a><\/li>\n<\/ul>\n<\/li>\n<li class=\"menu-item menu-item-type-custom menu-item-object-custom menu-item-has-children menu-item-11800\"><a class=\"elementor-item\" tabindex=\"-1\">\u00c1zsia<\/a>\n<ul class=\"sub-menu elementor-nav-menu--dropdown\">\n\t<li class=\"menu-item menu-item-type-post_type menu-item-object-page menu-item-11794\"><a href=\"https:\/\/gradido.net\/hu\/countries\/maledives\/\" class=\"elementor-sub-item\" tabindex=\"-1\">Mald\u00edv-szigetek<\/a><\/li>\n\t<li class=\"menu-item menu-item-type-post_type menu-item-object-page menu-item-11790\"><a href=\"https:\/\/gradido.net\/hu\/countries\/philippines\/\" class=\"elementor-sub-item\" tabindex=\"-1\">F\u00fcl\u00f6p-szigetek<\/a><\/li>\n\t<li class=\"menu-item menu-item-type-post_type menu-item-object-page menu-item-11802\"><a href=\"https:\/\/gradido.net\/hu\/countries\/saudi-arabia\/\" class=\"elementor-sub-item\" tabindex=\"-1\">Sza\u00fad-Ar\u00e1bia<\/a><\/li>\n<\/ul>\n<\/li>\n<li class=\"menu-item menu-item-type-custom menu-item-object-custom menu-item-has-children menu-item-11797\"><a class=\"elementor-item\" tabindex=\"-1\">Eur\u00f3pa<\/a>\n<ul class=\"sub-menu elementor-nav-menu--dropdown\">\n\t<li class=\"menu-item menu-item-type-post_type menu-item-object-page menu-item-11805\"><a href=\"https:\/\/gradido.net\/hu\/countries\/germany\/\" class=\"elementor-sub-item\" tabindex=\"-1\">N\u00e9metorsz\u00e1g<\/a><\/li>\n\t<li class=\"menu-item menu-item-type-post_type menu-item-object-page menu-item-11803\"><a href=\"https:\/\/gradido.net\/hu\/countries\/greece\/\" class=\"elementor-sub-item\" tabindex=\"-1\">G\u00f6r\u00f6gorsz\u00e1g<\/a><\/li>\n\t<li class=\"menu-item menu-item-type-post_type menu-item-object-page menu-item-11788\"><a href=\"https:\/\/gradido.net\/hu\/countries\/spain\/\" class=\"elementor-sub-item\" tabindex=\"-1\">Spanyolorsz\u00e1g<\/a><\/li>\n<\/ul>\n<\/li>\n<li class=\"menu-item menu-item-type-custom menu-item-object-custom menu-item-has-children menu-item-11801\"><a class=\"elementor-item\" tabindex=\"-1\">\u00d3ce\u00e1nia<\/a>\n<ul class=\"sub-menu elementor-nav-menu--dropdown\">\n\t<li class=\"menu-item menu-item-type-post_type menu-item-object-page menu-item-11793\"><a href=\"https:\/\/gradido.net\/hu\/countries\/marshall-islands\/\" class=\"elementor-sub-item\" tabindex=\"-1\">Marshall-szigetek<\/a><\/li>\n\t<li class=\"menu-item menu-item-type-post_type menu-item-object-page menu-item-11795\"><a href=\"https:\/\/gradido.net\/hu\/countries\/tahiti\/\" class=\"elementor-sub-item\" tabindex=\"-1\">Tahiti<\/a><\/li>\n<\/ul>\n<\/li>\n<\/ul>\t\t\t<\/nav>\n\t\t\t\t\t\t<\/div>\n\t\t\t\t<\/div>\n\t\t\t\t<div class=\"elementor-element elementor-element-78fe524 elementor-widget elementor-widget-breadcrumbs\" data-id=\"78fe524\" data-element_type=\"widget\" data-e-type=\"widget\" data-widget_type=\"breadcrumbs.default\">\n\t\t\t\t<div class=\"elementor-widget-container\">\n\t\t\t\t\t<p id=\"breadcrumbs\"><span><span><a href=\"https:\/\/gradido.net\/hu\/\">Honlap<\/a><\/span><\/span><\/p>\t\t\t\t<\/div>\n\t\t\t\t<\/div>\n\t\t\t\t<div class=\"elementor-element elementor-element-a9db9a5 elementor-widget elementor-widget-text-editor\" data-id=\"a9db9a5\" data-element_type=\"widget\" data-e-type=\"widget\" data-widget_type=\"text-editor.default\">\n\t\t\t\t<div class=\"elementor-widget-container\">\n\t\t\t\t\t\t\t\t\t<h3 style=\"text-align: center;\"><a href=\"https:\/\/gradido.net\/hu\/countries\/philippines\/\"><strong>F\u0151oldal: F\u00fcl\u00f6p-szigetek<\/strong><\/a><\/h3><p style=\"text-align: center;\"><a href=\"https:\/\/gradido.net\/hu\/countries\/philippines\/economy-and-society\/\">1. gazdas\u00e1g \u00e9s t\u00e1rsadalom<\/a><br \/><a href=\"https:\/\/gradido.net\/hu\/countries\/philippines\/income-and-standard-of-living\/\">2 J\u00f6vedelem \u00e9s \u00e9letsz\u00ednvonal<\/a><br \/><strong>3 Munkaer\u0151-migr\u00e1ci\u00f3 \u00e9s k\u00fclf\u00f6ldi munkav\u00e1llal\u00e1s<\/strong><br \/><a href=\"https:\/\/gradido.net\/hu\/countries\/philippines\/poverty-and-social-inequality\/\">4 Szeg\u00e9nys\u00e9g \u00e9s t\u00e1rsadalmi egyenl\u0151tlens\u00e9gek<\/a><br \/><a href=\"https:\/\/gradido.net\/hu\/countries\/philippines\/common-good-and-solidarity\/\">5 A k\u00f6zj\u00f3 \u00e9s a szolidarit\u00e1s<\/a><br \/><a href=\"https:\/\/gradido.net\/hu\/countries\/philippines\/educational-situation\/\">6 A h\u00e1tr\u00e1nyos helyzet\u0171 gyermekek oktat\u00e1si helyzete<\/a><br \/><a href=\"https:\/\/gradido.net\/hu\/countries\/philippines\/health-and-retirement-provision\/\">7 Eg\u00e9szs\u00e9g\u00fcgyi, t\u00e1rsadalombiztos\u00edt\u00e1si \u00e9s nyugd\u00edjell\u00e1t\u00e1s<\/a><br \/><a href=\"https:\/\/gradido.net\/hu\/countries\/philippines\/care-work-and-commitment\/\">8 A gondoz\u00e1si munka \u00e9s elk\u00f6telezetts\u00e9g elismer\u00e9se<\/a><br \/><a href=\"https:\/\/gradido.net\/hu\/countries\/philippines\/digitization-and-alternative-models\/\">9.innov\u00e1ci\u00f3, digitaliz\u00e1ci\u00f3 \u00e9s alternat\u00edv gazdas\u00e1gi modellek<\/a><br \/><a href=\"https:\/\/gradido.net\/hu\/countries\/philippines\/community-based-economy-and-parallel-currencies\/\">10.k\u00f6z\u00f6ss\u00e9gi alap\u00fa gazdas\u00e1g \u00e9s p\u00e1rhuzamos valut\u00e1k<\/a><br \/><a href=\"https:\/\/gradido.net\/hu\/countries\/philippines\/potential-and-challenges\/\">11 A Gradido lehet\u0151s\u00e9gei \u00e9s kih\u00edv\u00e1sai<\/a><br \/><a href=\"https:\/\/gradido.net\/hu\/countries\/philippines\/international-cooperation\/\">12. nemzetk\u00f6zi egy\u00fcttm\u0171k\u00f6d\u00e9s, nem korm\u00e1nyzati szervezetek \u00e9s korm\u00e1nyzati fejleszt\u00e9si projektek<\/a><\/p>\t\t\t\t\t\t\t\t<\/div>\n\t\t\t\t<\/div>\n\t\t\t\t<div class=\"elementor-element elementor-element-d7bb196 elementor-widget-divider--view-line elementor-widget elementor-widget-divider\" data-id=\"d7bb196\" data-element_type=\"widget\" data-e-type=\"widget\" data-widget_type=\"divider.default\">\n\t\t\t\t<div class=\"elementor-widget-container\">\n\t\t\t\t\t\t\t<div class=\"elementor-divider\">\n\t\t\t<span class=\"elementor-divider-separator\">\n\t\t\t\t\t\t<\/span>\n\t\t<\/div>\n\t\t\t\t\t\t<\/div>\n\t\t\t\t<\/div>\n\t\t\t\t<div class=\"elementor-element elementor-element-146ff9d elementor-widget elementor-widget-text-editor\" data-id=\"146ff9d\" data-element_type=\"widget\" data-e-type=\"widget\" data-widget_type=\"text-editor.default\">\n\t\t\t\t<div class=\"elementor-widget-container\">\n\t\t\t\t\t\t\t\t\t<div class=\"wiki-page-header-wrapper\"><div class=\"wiki-page-header-wrapper\"><div class=\"wiki-page-header-wrapper\"><div class=\"wiki-page-header-wrapper\"><h1 id=\"rolle-der-arbeitsmigration-und-auslandserwerbst%C3%A4tigkeit-in-der-philippinischen-gesellschaft\" tabindex=\"-1\">A munkaer\u0151-migr\u00e1ci\u00f3 \u00e9s a k\u00fclf\u00f6ldi munkav\u00e1llal\u00e1s szerepe a F\u00fcl\u00f6p-szigeteki t\u00e1rsadalomban<\/h1><\/div><div class=\"wiki-page-header-wrapper\"><h2 id=\"gesellschaftliche-und-wirtschaftliche-bedeutung\" tabindex=\"-1\">T\u00e1rsadalmi \u00e9s gazdas\u00e1gi jelent\u0151s\u00e9g<\/h2><p><strong>Munkaer\u0151-migr\u00e1ci\u00f3<\/strong> \u00e9s <strong>K\u00fclf\u00f6ldi foglalkoztat\u00e1s<\/strong> a F\u00fcl\u00f6p-szigeteki t\u00e1rsadalom \u00e9s gazdas\u00e1g k\u00f6zponti pill\u00e9rei. A F\u00fcl\u00f6p-szigetek a vil\u00e1g egyik legfontosabb sz\u00e1rmaz\u00e1si orsz\u00e1g\u00e1nak sz\u00e1m\u00edt a munkaer\u0151-migr\u00e1nsok sz\u00e1m\u00e1ra. A jelens\u00e9g az \u00e9let szinte minden ter\u00fclet\u00e9t jellemzi:<\/p><ul><li><strong>\u00c9vente t\u00f6bb mint egymilli\u00f3 filipp\u00edn\u00f3 hagyja el az orsz\u00e1got<\/strong>k\u00fclf\u00f6ldi munkav\u00e1llal\u00e1s, k\u00fcl\u00f6n\u00f6sen a gondoz\u00f3i szakm\u00e1kban, h\u00e1ztart\u00e1si alkalmazottk\u00e9nt, tenger\u00e9szk\u00e9nt, \u00e9p\u00edt\u0151ipari munk\u00e1sk\u00e9nt, orvosk\u00e9nt vagy m\u00e9rn\u00f6kk\u00e9nt.<a href=\"https:\/\/www.kirchenzeitung.at\/site\/archiv\/article\/10884.html\" target=\"_blank\" rel=\"noopener noreferrer nofollow\">^1<\/a>.<\/li><li>A F\u00fcl\u00f6p-szigeteki korm\u00e1ny akt\u00edvan t\u00e1mogatja a munkaer\u0151-migr\u00e1ci\u00f3t, \u00e9s \u00e1tfog\u00f3 t\u00e1mogat\u00e1si h\u00e1l\u00f3zatot hozott l\u00e9tre a migr\u00e1nsok sz\u00e1m\u00e1ra.<a href=\"https:\/\/diercke.de\/content\/philippinen-arbeitsmigration-978-3-14-100900-2-297-4-1\" target=\"_blank\" rel=\"noopener noreferrer nofollow\">^1<\/a>.<\/li><li><strong>\u00c1tutal\u00e1sok (hazautal\u00e1sok)<\/strong> az orsz\u00e1g legfontosabb devizabev\u00e9tele, \u00e9s k\u00f6r\u00fclbel\u00fcl <strong>a brutt\u00f3 hazai term\u00e9k (GDP) 9-10 sz\u00e1zal\u00e9ka<\/strong> ki. Ezek 2023-ban mintegy <strong>39 milli\u00e1rd doll\u00e1r<\/strong><a href=\"https:\/\/www.destatis.de\/DE\/Themen\/Laender-Regionen\/Internationales\/Thema\/wirtschaft-finanzen\/Rueckueberweisungen.html\" target=\"_blank\" rel=\"noopener noreferrer nofollow\">^3<\/a><a href=\"https:\/\/diercke.de\/content\/philippinen-arbeitsmigration-978-3-14-100902-6-297-4-1\" target=\"_blank\" rel=\"noopener noreferrer nofollow\">^5<\/a>.<\/li><\/ul><\/div><div class=\"wiki-page-header-wrapper\"><h2 id=\"soziale-auswirkungen\" tabindex=\"-1\">T\u00e1rsadalmi hat\u00e1s<\/h2><ul><li>Sok csal\u00e1d sz\u00e1m\u00e1ra a munkamigr\u00e1ci\u00f3 az egyetlen m\u00f3dja annak, hogy kit\u00f6rjenek a szeg\u00e9nys\u00e9gb\u0151l. Az \u00e1tutal\u00e1sok biztos\u00edtj\u00e1k a meg\u00e9lhet\u00e9s\u00fcket, finansz\u00edrozz\u00e1k az oktat\u00e1st, az eg\u00e9szs\u00e9g\u00fcgyet \u00e9s a beruh\u00e1z\u00e1sokat.<a href=\"https:\/\/suedostasien.net\/philippinische-arbeitsmigration-weltweit-und-nach-deutschland\/\" target=\"_blank\" rel=\"noopener noreferrer nofollow\">^6<\/a>.<\/li><li>A t\u00e1rsadalmi megbecs\u00fcl\u00e9s az \u00fan. <strong>\"A tengerent\u00fali filipp\u00edn\u00f3 munkav\u00e1llal\u00f3k (OFW)<\/strong> magas; \u0151ket tartj\u00e1k a nemzet \"\u00faj h\u0151seinek\".<a href=\"https:\/\/www.asienhaus.de\/archiv\/china\/user_upload\/OEPK-2019-Factsheet_weltweite_Diaspora.pdf\" target=\"_blank\" rel=\"noopener noreferrer nofollow\">^8<\/a>.<\/li><li>A migr\u00e1ci\u00f3nak azonban vannak h\u00e1tr\u00e1nyai is: Csal\u00e1di stresszhez, elv\u00e1l\u00e1sokhoz, \u00e9s egyes esetekben olyan szoci\u00e1lis probl\u00e9m\u00e1khoz vezet, mint a mag\u00e1ny vagy a gyermekek identit\u00e1sveszt\u00e9se.<a href=\"http:\/\/www.fides.org\/de\/news\/64066-ASIEN_PHILIPPINEN_Migration_bringt_soziale_Probleme_mit_sich_und_belastet_Familien\" target=\"_blank\" rel=\"noopener noreferrer nofollow\">^9<\/a>.<\/li><\/ul><\/div><div class=\"wiki-page-header-wrapper\"><h2 id=\"wie-viele-familien-leben-von-r%C3%BCck%C3%BCberweisungen%3F\" tabindex=\"-1\">H\u00e1ny csal\u00e1d \u00e9l a hazautal\u00e1sokb\u00f3l?<\/h2><p>A k\u00f6zvetlen\u00fcl \u00e9s k\u00f6zvetve \u00e9rintett csal\u00e1dok sz\u00e1ma \u00f3ri\u00e1si:<\/p><div class=\"table-responsive\"><table><tbody><tr><th><p>H\u00e1ztart\u00e1sok ar\u00e1nya<\/p><\/th><th><p>A le\u00edr\u00e1s a<\/p><\/th><\/tr><tr><td><p>12-15%<\/p><\/td><td><p>Legal\u00e1bb egy tag jelenleg vagy a k\u00f6zelm\u00faltban k\u00fclf\u00f6ld\u00f6n dolgozik vagy dolgozott.<a href=\"https:\/\/diercke.de\/content\/asiatisch-pazifischer-wirtschaftsraum-arbeitsmigration-978-3-14-100803-6-167-3-1\" target=\"_blank\" rel=\"noopener noreferrer nofollow\">^10<\/a>.<\/p><\/td><\/tr><tr><td><p>kb. 66%<\/p><\/td><td><p>A h\u00e1ztart\u00e1sok k\u00e9tharmada k\u00f6zvetlen\u00fcl vagy k\u00f6zvetve r\u00e9szes\u00fcl a hazautal\u00e1sokb\u00f3l.<a href=\"https:\/\/www.kirchenzeitung.at\/site\/archiv\/article\/10884.html\" target=\"_blank\" rel=\"noopener noreferrer nofollow\">^2<\/a>.<\/p><\/td><\/tr><tr><td><p>60%<\/p><\/td><td><p>M\u00e1s h\u00e1ztart\u00e1sok a kedvezm\u00e9nyezettek \"t\u00e1gabb k\u00f6r\u00e9hez\" tartoznak (pl. rokonok).<a href=\"https:\/\/diercke.de\/content\/asiatisch-pazifischer-wirtschaftsraum-arbeitsmigration-978-3-14-100803-6-167-3-1\" target=\"_blank\" rel=\"noopener noreferrer nofollow\">^11<\/a>.<\/p><\/td><\/tr><\/tbody><\/table><\/div><ul><li>A hazautal\u00e1sokb\u00f3l \u00e9l\u0151 h\u00e1ztart\u00e1sok ar\u00e1nya k\u00fcl\u00f6n\u00f6sen magas a szerkezetileg gyenge r\u00e9gi\u00f3kban, p\u00e9ld\u00e1ul a Muszlim Mindanao Auton\u00f3m R\u00e9gi\u00f3ban (ak\u00e1r 24%).<a href=\"https:\/\/www.nd-aktuell.de\/artikel\/1163442.philippinische-arbeitsmigration-exportschlager-arbeitskraft.html\" target=\"_blank\" rel=\"noopener noreferrer nofollow\">^10<\/a>.<\/li><li>A p\u00e9nzeszk\u00f6z\u00f6ket els\u0151sorban mindennapi kiad\u00e1sokra, oktat\u00e1sra \u00e9s ad\u00f3ss\u00e1gt\u00f6rleszt\u00e9sre haszn\u00e1lj\u00e1k fel; befektet\u00e9sek ritk\u00e1n fordulnak el\u0151.<a href=\"https:\/\/www.kas.de\/c\/document_library\/get_file?uuid=cb7b08e0-16bd-0f02-e212-115f1a067c87&amp;groupId=252038\" target=\"_blank\" rel=\"noopener noreferrer nofollow\">^6<\/a>.<\/li><\/ul><\/div><div class=\"wiki-page-header-wrapper\"><h2 id=\"fazit\" tabindex=\"-1\">K\u00f6vetkeztet\u00e9s<\/h2><p><strong>A munkaer\u0151-migr\u00e1ci\u00f3 \u00e9s a k\u00fclf\u00f6ldi munkav\u00e1llal\u00e1s n\u00e9lk\u00fcl\u00f6zhetetlen a F\u00fcl\u00f6p-szigeteki t\u00e1rsadalom sz\u00e1m\u00e1ra.<\/strong> Csal\u00e1dok milli\u00f3i sz\u00e1m\u00e1ra biztos\u00edtj\u00e1k a t\u00fal\u00e9l\u00e9st, \u00e9s a nemzetgazdas\u00e1g k\u00f6zponti elem\u00e9t k\u00e9pezik. Ugyanakkor t\u00e1rsadalmi f\u00fcgg\u0151s\u00e9geket teremtenek, \u00e9s komoly kih\u00edv\u00e1sok el\u00e9 \u00e1ll\u00edtj\u00e1k a csal\u00e1dokat \u00e9s a t\u00e1rsadalmat.<a href=\"https:\/\/hasp.ub.uni-heidelberg.de\/journals\/soa\/article\/view\/10935\/10759\" target=\"_blank\" rel=\"noopener noreferrer nofollow\">^1<\/a><a href=\"https:\/\/www.kirchenzeitung.at\/site\/archiv\/article\/10884.html\" target=\"_blank\" rel=\"noopener noreferrer nofollow\">^2<\/a>.<\/p><hr \/><\/div><div class=\"wiki-page-header-wrapper\"><h2 id=\"kommentar-von-nea\" tabindex=\"-1\">Kieg\u00e9sz\u00edt\u0151 \u00e9rt\u00e9kel\u00e9s a Gradido szempontj\u00e1b\u00f3l<\/h2><p>Az \u00f6ssze\u00e1ll\u00edt\u00e1s leny\u0171g\u00f6z\u0151en mutatja be, hogy a munkaer\u0151-migr\u00e1ci\u00f3 \u00e9s a k\u00fclf\u00f6ldi munkav\u00e1llal\u00e1s milyen k\u00f6zponti szerepet j\u00e1tszik a F\u00fcl\u00f6p-szigeteki t\u00e1rsadalom \u00e9s gazdas\u00e1g szempontj\u00e1b\u00f3l. A sz\u00e1mok \u00f6nmaguk\u00e9rt besz\u00e9lnek: a lakoss\u00e1g nagy r\u00e9sze k\u00f6zvetlen\u00fcl vagy k\u00f6zvetve f\u00fcgg att\u00f3l, hogy csal\u00e1dtagjai k\u00fclf\u00f6ld\u00f6n tal\u00e1lnak-e munk\u00e1t - az \u00fagynevezett \"tengerent\u00fali filipp\u00edn\u00f3 munkav\u00e1llal\u00f3k\" milli\u00f3k meg\u00e9lhet\u00e9s\u00e9nek gerinc\u00e9t alkotj\u00e1k.<\/p><p><strong>Kulcsfontoss\u00e1g\u00fa szempontok a Gradido szempontj\u00e1b\u00f3l:<\/strong><\/p><ul><li><strong>Szolidarit\u00e1s \u00e9s k\u00f6zj\u00f3:<\/strong> Az \"\u00faj h\u0151s\u00f6k\" nagyrabecs\u00fcl\u00e9se a k\u00f6lcs\u00f6n\u00f6s t\u00e1mogat\u00e1s m\u00e9ly kult\u00far\u00e1j\u00e1t mutatja, de azt is, hogy a k\u00f6zj\u00f3 mennyire f\u00fcgg a k\u00fcls\u0151 t\u00e9nyez\u0151kt\u0151l. Az \u00e1tutal\u00e1sok enyh\u00edtik a neh\u00e9zs\u00e9geket \u00e9s jav\u00edtj\u00e1k az \u00e9letmin\u0151s\u00e9get, de - mivel t\u00f6bbnyire a mindennapi k\u00f6lts\u00e9geket fedezik - nem tudnak tart\u00f3s rendszerszint\u0171 v\u00e1ltoz\u00e1st el\u00e9rni.<\/li><li><strong>Szoci\u00e1lis h\u00e1tr\u00e1nyok:<\/strong> Sok csal\u00e1dot meggyeng\u00edt az elv\u00e1l\u00e1s \u00e9s az \u00e9rzelmi fesz\u00fclts\u00e9g, a gyerekek sz\u00fcl\u0151k n\u00e9lk\u00fcl n\u0151nek fel, \u00e9s eg\u00e9sz gener\u00e1ci\u00f3k tapasztalj\u00e1k meg, hogy az \"ideiglenes b\u00facs\u00fak vil\u00e1g\u00e1nak\" r\u00e9szesei. Ennek a f\u00fcgg\u0151s\u00e9gnek az emberi \u00e1ra felbecs\u00fclhetetlen.<\/li><li><strong>F\u00fcgg\u0151s\u00e9g \u00e9s a helyi perspekt\u00edv\u00e1k hi\u00e1nya:<\/strong> A t\u00f6meges p\u00e9nz\u00e1tutal\u00e1sok r\u00f6vid t\u00e1von megk\u00f6nny\u00edthetik a helyzetet, de sok esetben g\u00e1tolj\u00e1k a helyi fejl\u0151d\u00e9st, \u00e9s el\u0151seg\u00edtik a k\u00fclf\u00f6ldt\u0151l val\u00f3 tart\u00f3s f\u00fcgg\u0151s\u00e9get.<\/li><\/ul><p><strong>Lehet\u0151s\u00e9gek a Gradido szemsz\u00f6g\u00e9b\u0151l:<\/strong> Egy k\u00f6zj\u00f3l\u00e9ti c\u00e9l\u00fa rendszer, mint amilyen a Gradido, er\u0151s\u00edtheti a region\u00e1lis \u00e9rt\u00e9kteremt\u00e9st, jobb meg\u00e9lhet\u00e9si \u00e9s fejl\u0151d\u00e9si lehet\u0151s\u00e9geket biztos\u00edtva a helyi lakoss\u00e1gnak. A filipp\u00edn\u00f3 szolidarit\u00e1s erej\u00e9t \u00faj perspekt\u00edv\u00e1k, helyi k\u00f6z\u00f6ss\u00e9gi projektek \u00e9s fenntarthat\u00f3 gazdas\u00e1gi ciklusok kialak\u00edt\u00e1s\u00e1ra lehetne felhaszn\u00e1lni - \u00edgy kevesebb ember k\u00e9nyszer\u00fclne elhagyni otthon\u00e1t.<\/p><p>K\u00f6z\u00f6s c\u00e9lunknak kell lennie, hogy olyan felt\u00e9teleket teremts\u00fcnk, amelyekben az emberek teljes m\u00e9rt\u00e9kben kibontakoztathatj\u00e1k m\u00e9lt\u00f3s\u00e1gukat \u00e9s boldogs\u00e1gukat az \u00e9letben - k\u00f6z\u00f6ss\u00e9gben, haz\u00e1jukban, biztons\u00e1gban.<\/p><\/div><\/div><\/div><\/div>\t\t\t\t\t\t\t\t<\/div>\n\t\t\t\t<\/div>\n\t\t\t\t\t<\/div>\n\t\t<\/div>\n\t\t\t\t\t<\/div>\n\t\t<\/section>\n\t\t\t\t<\/div>","protected":false},"excerpt":{"rendered":"<p>Arbeitsmigration und Auslandserwerbst\u00e4tigkeit Hauptseite: Philippinen 1. Wirtschaft und Gesellschaft2.Einkommen und Lebensstandard3.Arbeitsmigration und Auslandserwerbst\u00e4tigkeit4.Armut und soziale Ungleichheit5.Gemeinwohl und Solidarit\u00e4t6.Bildungssituation benachteiligter Kinder7.Gesundheit, soziale Sicherung und Altersvorsorge8.Anerkennung von Care-Arbeit und Engagement9.Innovationen, Digitalisierung und alternative Wirtschaftsmodelle10.Gemeinschaftsbasierte \u00d6konomie und Parallelw\u00e4hrungen11.Potenziale und Herausforderungen f\u00fcr Gradido12. Internationale Kooperationen, NGOs und staatliche Entwicklungsprojekte Rolle der Arbeitsmigration und Auslandserwerbst\u00e4tigkeit in der philippinischen Gesellschaft Gesellschaftliche [&hellip;]<\/p>\n","protected":false},"author":2,"featured_media":10458,"parent":10540,"menu_order":0,"comment_status":"closed","ping_status":"closed","template":"","meta":{"footnotes":""},"class_list":["post-10575","page","type-page","status-publish","has-post-thumbnail","hentry"],"yoast_head":"<!-- This site is optimized with the Yoast SEO plugin v27.5 - https:\/\/yoast.com\/product\/yoast-seo-wordpress\/ -->\n<title>Arbeitsmigration und Auslandserwerbst\u00e4tigkeit Philippinen - Gradido<\/title>\n<meta name=\"description\" content=\"Sei Teil der Bewegung!Gemeinsam bringen wir Gradido in die Welt.\" \/>\n<meta name=\"robots\" content=\"index, follow, max-snippet:-1, max-image-preview:large, max-video-preview:-1\" \/>\n<link rel=\"canonical\" href=\"https:\/\/gradido.net\/hu\/countries\/philippines\/labor-migration-and-foreign-employment\/\" \/>\n<meta property=\"og:locale\" content=\"hu_HU\" \/>\n<meta property=\"og:type\" content=\"article\" \/>\n<meta property=\"og:title\" content=\"Arbeitsmigration und Auslandserwerbst\u00e4tigkeit Philippinen - Gradido\" \/>\n<meta property=\"og:description\" content=\"Sei Teil der Bewegung!Gemeinsam bringen wir Gradido in die Welt.\" \/>\n<meta property=\"og:url\" content=\"https:\/\/gradido.net\/hu\/countries\/philippines\/labor-migration-and-foreign-employment\/\" \/>\n<meta property=\"og:site_name\" content=\"Gradido\" \/>\n<meta property=\"article:modified_time\" content=\"2025-10-04T09:54:39+00:00\" \/>\n<meta property=\"og:image\" content=\"https:\/\/gradido.net\/wp-content\/uploads\/2025\/07\/AdobeStock_3210827871-scaled.jpeg\" \/>\n\t<meta property=\"og:image:width\" content=\"2560\" \/>\n\t<meta property=\"og:image:height\" content=\"790\" \/>\n\t<meta property=\"og:image:type\" content=\"image\/jpeg\" \/>\n<meta name=\"twitter:card\" content=\"summary_large_image\" \/>\n<meta name=\"twitter:label1\" content=\"Becs\u00fclt olvas\u00e1si id\u0151\" \/>\n\t<meta name=\"twitter:data1\" content=\"4 perc\" \/>\n<script type=\"application\/ld+json\" class=\"yoast-schema-graph\">{\"@context\":\"https:\\\/\\\/schema.org\",\"@graph\":[{\"@type\":\"WebPage\",\"@id\":\"https:\\\/\\\/gradido.net\\\/countries\\\/philippines\\\/labor-migration-and-foreign-employment\\\/\",\"url\":\"https:\\\/\\\/gradido.net\\\/countries\\\/philippines\\\/labor-migration-and-foreign-employment\\\/\",\"name\":\"Arbeitsmigration und Auslandserwerbst\u00e4tigkeit Philippinen - Gradido\",\"isPartOf\":{\"@id\":\"https:\\\/\\\/gradido.net\\\/de\\\/#website\"},\"primaryImageOfPage\":{\"@id\":\"https:\\\/\\\/gradido.net\\\/countries\\\/philippines\\\/labor-migration-and-foreign-employment\\\/#primaryimage\"},\"image\":{\"@id\":\"https:\\\/\\\/gradido.net\\\/countries\\\/philippines\\\/labor-migration-and-foreign-employment\\\/#primaryimage\"},\"thumbnailUrl\":\"https:\\\/\\\/gradido.net\\\/wp-content\\\/uploads\\\/2025\\\/07\\\/AdobeStock_3210827871-scaled.jpeg\",\"datePublished\":\"2025-07-27T13:24:41+00:00\",\"dateModified\":\"2025-10-04T09:54:39+00:00\",\"description\":\"Sei Teil der Bewegung!Gemeinsam bringen wir Gradido in die Welt.\",\"breadcrumb\":{\"@id\":\"https:\\\/\\\/gradido.net\\\/countries\\\/philippines\\\/labor-migration-and-foreign-employment\\\/#breadcrumb\"},\"inLanguage\":\"hu\",\"potentialAction\":[{\"@type\":\"ReadAction\",\"target\":[\"https:\\\/\\\/gradido.net\\\/countries\\\/philippines\\\/labor-migration-and-foreign-employment\\\/\"]}]},{\"@type\":\"ImageObject\",\"inLanguage\":\"hu\",\"@id\":\"https:\\\/\\\/gradido.net\\\/countries\\\/philippines\\\/labor-migration-and-foreign-employment\\\/#primaryimage\",\"url\":\"https:\\\/\\\/gradido.net\\\/wp-content\\\/uploads\\\/2025\\\/07\\\/AdobeStock_3210827871-scaled.jpeg\",\"contentUrl\":\"https:\\\/\\\/gradido.net\\\/wp-content\\\/uploads\\\/2025\\\/07\\\/AdobeStock_3210827871-scaled.jpeg\",\"width\":2560,\"height\":790,\"caption\":\"world globe planet earth 3d-illustration. elements of this image furnished by NASA\"},{\"@type\":\"BreadcrumbList\",\"@id\":\"https:\\\/\\\/gradido.net\\\/countries\\\/philippines\\\/labor-migration-and-foreign-employment\\\/#breadcrumb\",\"itemListElement\":[{\"@type\":\"ListItem\",\"position\":1,\"name\":\"Startseite\",\"item\":\"https:\\\/\\\/gradido.net\\\/\"},{\"@type\":\"ListItem\",\"position\":2,\"name\":\"L\u00e4nderforschung\",\"item\":\"https:\\\/\\\/gradido.net\\\/countries\\\/\"},{\"@type\":\"ListItem\",\"position\":3,\"name\":\"Philppinen\",\"item\":\"https:\\\/\\\/gradido.net\\\/countries\\\/philippines\\\/\"},{\"@type\":\"ListItem\",\"position\":4,\"name\":\"Arbeitsmigration und Auslandserwerbst\u00e4tigkeit Philippinen\"}]},{\"@type\":\"WebSite\",\"@id\":\"https:\\\/\\\/gradido.net\\\/de\\\/#website\",\"url\":\"https:\\\/\\\/gradido.net\\\/de\\\/\",\"name\":\"Gradido\",\"description\":\"Die neue W\u00e4hrung hei\u00dft Dankbarkeit\",\"publisher\":{\"@id\":\"https:\\\/\\\/gradido.net\\\/de\\\/#organization\"},\"potentialAction\":[{\"@type\":\"SearchAction\",\"target\":{\"@type\":\"EntryPoint\",\"urlTemplate\":\"https:\\\/\\\/gradido.net\\\/de\\\/?s={search_term_string}\"},\"query-input\":{\"@type\":\"PropertyValueSpecification\",\"valueRequired\":true,\"valueName\":\"search_term_string\"}}],\"inLanguage\":\"hu\"},{\"@type\":\"Organization\",\"@id\":\"https:\\\/\\\/gradido.net\\\/de\\\/#organization\",\"name\":\"Gradido\",\"url\":\"https:\\\/\\\/gradido.net\\\/de\\\/\",\"logo\":{\"@type\":\"ImageObject\",\"inLanguage\":\"hu\",\"@id\":\"https:\\\/\\\/gradido.net\\\/de\\\/#\\\/schema\\\/logo\\\/image\\\/\",\"url\":\"https:\\\/\\\/gradido.net\\\/wp-content\\\/uploads\\\/2022\\\/04\\\/gradido-social.jpg\",\"contentUrl\":\"https:\\\/\\\/gradido.net\\\/wp-content\\\/uploads\\\/2022\\\/04\\\/gradido-social.jpg\",\"width\":527,\"height\":273,\"caption\":\"Gradido\"},\"image\":{\"@id\":\"https:\\\/\\\/gradido.net\\\/de\\\/#\\\/schema\\\/logo\\\/image\\\/\"}}]}<\/script>\n<!-- \/ Yoast SEO plugin. -->","yoast_head_json":{"title":"Munkaer\u0151-migr\u00e1ci\u00f3 \u00e9s k\u00fclf\u00f6ldi munkav\u00e1llal\u00e1s F\u00fcl\u00f6p-szigetek - Gradido","description":"L\u00e9gy r\u00e9szese a mozgalomnak! Egy\u00fctt hozzuk el a Gradid\u00f3t a vil\u00e1gba.","robots":{"index":"index","follow":"follow","max-snippet":"max-snippet:-1","max-image-preview":"max-image-preview:large","max-video-preview":"max-video-preview:-1"},"canonical":"https:\/\/gradido.net\/hu\/countries\/philippines\/labor-migration-and-foreign-employment\/","og_locale":"hu_HU","og_type":"article","og_title":"Arbeitsmigration und Auslandserwerbst\u00e4tigkeit Philippinen - Gradido","og_description":"Sei Teil der Bewegung!Gemeinsam bringen wir Gradido in die Welt.","og_url":"https:\/\/gradido.net\/hu\/countries\/philippines\/labor-migration-and-foreign-employment\/","og_site_name":"Gradido","article_modified_time":"2025-10-04T09:54:39+00:00","og_image":[{"width":2560,"height":790,"url":"https:\/\/gradido.net\/wp-content\/uploads\/2025\/07\/AdobeStock_3210827871-scaled.jpeg","type":"image\/jpeg"}],"twitter_card":"summary_large_image","twitter_misc":{"Becs\u00fclt olvas\u00e1si id\u0151":"4 perc"},"schema":{"@context":"https:\/\/schema.org","@graph":[{"@type":"WebPage","@id":"https:\/\/gradido.net\/countries\/philippines\/labor-migration-and-foreign-employment\/","url":"https:\/\/gradido.net\/countries\/philippines\/labor-migration-and-foreign-employment\/","name":"Munkaer\u0151-migr\u00e1ci\u00f3 \u00e9s k\u00fclf\u00f6ldi munkav\u00e1llal\u00e1s F\u00fcl\u00f6p-szigetek - Gradido","isPartOf":{"@id":"https:\/\/gradido.net\/de\/#website"},"primaryImageOfPage":{"@id":"https:\/\/gradido.net\/countries\/philippines\/labor-migration-and-foreign-employment\/#primaryimage"},"image":{"@id":"https:\/\/gradido.net\/countries\/philippines\/labor-migration-and-foreign-employment\/#primaryimage"},"thumbnailUrl":"https:\/\/gradido.net\/wp-content\/uploads\/2025\/07\/AdobeStock_3210827871-scaled.jpeg","datePublished":"2025-07-27T13:24:41+00:00","dateModified":"2025-10-04T09:54:39+00:00","description":"L\u00e9gy r\u00e9szese a mozgalomnak! Egy\u00fctt hozzuk el a Gradid\u00f3t a vil\u00e1gba.","breadcrumb":{"@id":"https:\/\/gradido.net\/countries\/philippines\/labor-migration-and-foreign-employment\/#breadcrumb"},"inLanguage":"hu","potentialAction":[{"@type":"ReadAction","target":["https:\/\/gradido.net\/countries\/philippines\/labor-migration-and-foreign-employment\/"]}]},{"@type":"ImageObject","inLanguage":"hu","@id":"https:\/\/gradido.net\/countries\/philippines\/labor-migration-and-foreign-employment\/#primaryimage","url":"https:\/\/gradido.net\/wp-content\/uploads\/2025\/07\/AdobeStock_3210827871-scaled.jpeg","contentUrl":"https:\/\/gradido.net\/wp-content\/uploads\/2025\/07\/AdobeStock_3210827871-scaled.jpeg","width":2560,"height":790,"caption":"world globe planet earth 3d-illustration. elements of this image furnished by NASA"},{"@type":"BreadcrumbList","@id":"https:\/\/gradido.net\/countries\/philippines\/labor-migration-and-foreign-employment\/#breadcrumb","itemListElement":[{"@type":"ListItem","position":1,"name":"Startseite","item":"https:\/\/gradido.net\/"},{"@type":"ListItem","position":2,"name":"L\u00e4nderforschung","item":"https:\/\/gradido.net\/countries\/"},{"@type":"ListItem","position":3,"name":"Philppinen","item":"https:\/\/gradido.net\/countries\/philippines\/"},{"@type":"ListItem","position":4,"name":"Arbeitsmigration und Auslandserwerbst\u00e4tigkeit Philippinen"}]},{"@type":"WebSite","@id":"https:\/\/gradido.net\/de\/#website","url":"https:\/\/gradido.net\/de\/","name":"Gradido","description":"Az \u00faj p\u00e9nznem a h\u00e1la","publisher":{"@id":"https:\/\/gradido.net\/de\/#organization"},"potentialAction":[{"@type":"SearchAction","target":{"@type":"EntryPoint","urlTemplate":"https:\/\/gradido.net\/de\/?s={search_term_string}"},"query-input":{"@type":"PropertyValueSpecification","valueRequired":true,"valueName":"search_term_string"}}],"inLanguage":"hu"},{"@type":"Organization","@id":"https:\/\/gradido.net\/de\/#organization","name":"Gradido","url":"https:\/\/gradido.net\/de\/","logo":{"@type":"ImageObject","inLanguage":"hu","@id":"https:\/\/gradido.net\/de\/#\/schema\/logo\/image\/","url":"https:\/\/gradido.net\/wp-content\/uploads\/2022\/04\/gradido-social.jpg","contentUrl":"https:\/\/gradido.net\/wp-content\/uploads\/2022\/04\/gradido-social.jpg","width":527,"height":273,"caption":"Gradido"},"image":{"@id":"https:\/\/gradido.net\/de\/#\/schema\/logo\/image\/"}}]}},"_links":{"self":[{"href":"https:\/\/gradido.net\/hu\/wp-json\/wp\/v2\/pages\/10575","targetHints":{"allow":["GET"]}}],"collection":[{"href":"https:\/\/gradido.net\/hu\/wp-json\/wp\/v2\/pages"}],"about":[{"href":"https:\/\/gradido.net\/hu\/wp-json\/wp\/v2\/types\/page"}],"author":[{"embeddable":true,"href":"https:\/\/gradido.net\/hu\/wp-json\/wp\/v2\/users\/2"}],"replies":[{"embeddable":true,"href":"https:\/\/gradido.net\/hu\/wp-json\/wp\/v2\/comments?post=10575"}],"version-history":[{"count":16,"href":"https:\/\/gradido.net\/hu\/wp-json\/wp\/v2\/pages\/10575\/revisions"}],"predecessor-version":[{"id":11965,"href":"https:\/\/gradido.net\/hu\/wp-json\/wp\/v2\/pages\/10575\/revisions\/11965"}],"up":[{"embeddable":true,"href":"https:\/\/gradido.net\/hu\/wp-json\/wp\/v2\/pages\/10540"}],"wp:featuredmedia":[{"embeddable":true,"href":"https:\/\/gradido.net\/hu\/wp-json\/wp\/v2\/media\/10458"}],"wp:attachment":[{"href":"https:\/\/gradido.net\/hu\/wp-json\/wp\/v2\/media?parent=10575"}],"curies":[{"name":"wp","href":"https:\/\/api.w.org\/{rel}","templated":true}]}}