{"id":10583,"date":"2025-07-27T16:08:15","date_gmt":"2025-07-27T14:08:15","guid":{"rendered":"https:\/\/gradido.net\/?page_id=10583"},"modified":"2025-10-04T11:55:27","modified_gmt":"2025-10-04T09:55:27","slug":"poverty-and-social-inequality","status":"publish","type":"page","link":"https:\/\/gradido.net\/hu\/countries\/philippines\/poverty-and-social-inequality\/","title":{"rendered":"Szeg\u00e9nys\u00e9g \u00e9s t\u00e1rsadalmi egyenl\u0151tlens\u00e9g F\u00fcl\u00f6p-szigetek"},"content":{"rendered":"<div data-elementor-type=\"wp-page\" data-elementor-id=\"10583\" class=\"elementor elementor-10583\" data-elementor-post-type=\"page\">\n\t\t\t\t\t\t<section class=\"elementor-section elementor-top-section elementor-element elementor-element-4ce3e8af elementor-section-full_width elementor-section-height-default elementor-section-height-default\" data-id=\"4ce3e8af\" data-element_type=\"section\" data-e-type=\"section\">\n\t\t\t\t\t\t<div class=\"elementor-container elementor-column-gap-no\">\n\t\t\t\t\t<div class=\"elementor-column elementor-col-100 elementor-top-column elementor-element elementor-element-efa8c8c\" data-id=\"efa8c8c\" data-element_type=\"column\" data-e-type=\"column\">\n\t\t\t<div class=\"elementor-widget-wrap elementor-element-populated\">\n\t\t\t\t\t\t<div class=\"elementor-element elementor-element-e088aa4 elementor--h-position-center elementor--v-position-middle elementor-arrows-position-inside elementor-widget elementor-widget-slides\" data-id=\"e088aa4\" data-element_type=\"widget\" data-e-type=\"widget\" data-settings=\"{&quot;navigation&quot;:&quot;arrows&quot;,&quot;autoplay&quot;:&quot;yes&quot;,&quot;pause_on_hover&quot;:&quot;yes&quot;,&quot;pause_on_interaction&quot;:&quot;yes&quot;,&quot;autoplay_speed&quot;:5000,&quot;infinite&quot;:&quot;yes&quot;,&quot;transition&quot;:&quot;slide&quot;,&quot;transition_speed&quot;:500}\" data-widget_type=\"slides.default\">\n\t\t\t\t<div class=\"elementor-widget-container\">\n\t\t\t\t\t\t\t\t\t<div class=\"elementor-swiper\">\n\t\t\t\t\t<div class=\"elementor-slides-wrapper elementor-main-swiper swiper\" role=\"region\" aria-roledescription=\"carousel\" aria-label=\"Cs\u00faszka\" dir=\"ltr\" data-animation=\"fadeInUp\">\n\t\t\t\t<div class=\"swiper-wrapper elementor-slides\">\n\t\t\t\t\t\t\t\t\t\t<div class=\"elementor-repeater-item-2de4990 swiper-slide\" role=\"group\" aria-roledescription=\"slide\"><div class=\"swiper-slide-bg\" role=\"img\" aria-label=\"manila-4503501_1280\"><\/div><div class=\"swiper-slide-inner\" ><div class=\"swiper-slide-contents\"><\/div><\/div><\/div><div class=\"elementor-repeater-item-28f126e swiper-slide\" role=\"group\" aria-roledescription=\"slide\"><div class=\"swiper-slide-bg\" role=\"img\" aria-label=\"philippines-4951855_1280\"><\/div><div class=\"swiper-slide-inner\" ><div class=\"swiper-slide-contents\"><\/div><\/div><\/div><div class=\"elementor-repeater-item-992da35 swiper-slide\" role=\"group\" aria-roledescription=\"slide\"><div class=\"swiper-slide-bg\" role=\"img\" aria-label=\"manila-2256322_1280\"><\/div><div class=\"swiper-slide-inner\" ><div class=\"swiper-slide-contents\"><\/div><\/div><\/div>\t\t\t\t<\/div>\n\t\t\t\t\t\t\t\t\t\t\t\t\t\t\t<div class=\"elementor-swiper-button elementor-swiper-button-prev\" role=\"button\" tabindex=\"0\" aria-label=\"Diapositive pr\u00e9c\u00e9dente\" data-no-translation-aria-label=\"\">\n\t\t\t\t\t\t\t<i aria-hidden=\"true\" class=\"eicon-chevron-left\"><\/i>\t\t\t\t\t\t<\/div>\n\t\t\t\t\t\t<div class=\"elementor-swiper-button elementor-swiper-button-next\" role=\"button\" tabindex=\"0\" aria-label=\"Diapositive suivante\" data-no-translation-aria-label=\"\">\n\t\t\t\t\t\t\t<i aria-hidden=\"true\" class=\"eicon-chevron-right\"><\/i>\t\t\t\t\t\t<\/div>\n\t\t\t\t\t\t\t\t\t\t\t\t\t\t\t\t\t<\/div>\n\t\t\t\t<\/div>\n\t\t\t\t\t\t\t\t<\/div>\n\t\t\t\t<\/div>\n\t\t\t\t\t<\/div>\n\t\t<\/div>\n\t\t\t\t\t<\/div>\n\t\t<\/section>\n\t\t\t\t<section class=\"elementor-section elementor-top-section elementor-element elementor-element-240baa7a elementor-section-boxed elementor-section-height-default elementor-section-height-default\" data-id=\"240baa7a\" data-element_type=\"section\" data-e-type=\"section\" data-settings=\"{&quot;background_background&quot;:&quot;classic&quot;}\">\n\t\t\t\t\t\t<div class=\"elementor-container elementor-column-gap-default\">\n\t\t\t\t\t<div class=\"elementor-column elementor-col-100 elementor-top-column elementor-element elementor-element-1afe9e42\" data-id=\"1afe9e42\" data-element_type=\"column\" data-e-type=\"column\">\n\t\t\t<div class=\"elementor-widget-wrap elementor-element-populated\">\n\t\t\t\t\t\t<div class=\"elementor-element elementor-element-65bd50ae elementor-widget elementor-widget-heading\" data-id=\"65bd50ae\" data-element_type=\"widget\" data-e-type=\"widget\" data-widget_type=\"heading.default\">\n\t\t\t\t<div class=\"elementor-widget-container\">\n\t\t\t\t\t<h1 class=\"elementor-heading-title elementor-size-default\">Szeg\u00e9nys\u00e9g \u00e9s t\u00e1rsadalmi egyenl\u0151tlens\u00e9gek<\/h1>\t\t\t\t<\/div>\n\t\t\t\t<\/div>\n\t\t\t\t\t<\/div>\n\t\t<\/div>\n\t\t\t\t\t<\/div>\n\t\t<\/section>\n\t\t\t\t<section class=\"elementor-section elementor-top-section elementor-element elementor-element-446540f elementor-section-boxed elementor-section-height-default elementor-section-height-default\" data-id=\"446540f\" data-element_type=\"section\" data-e-type=\"section\">\n\t\t\t\t\t\t<div class=\"elementor-container elementor-column-gap-default\">\n\t\t\t\t\t<div class=\"elementor-column elementor-col-100 elementor-top-column elementor-element elementor-element-312a2d3\" data-id=\"312a2d3\" data-element_type=\"column\" data-e-type=\"column\">\n\t\t\t<div class=\"elementor-widget-wrap elementor-element-populated\">\n\t\t\t\t\t\t<div class=\"elementor-element elementor-element-a22561e elementor-nav-menu--dropdown-tablet elementor-nav-menu__text-align-aside elementor-nav-menu--toggle elementor-nav-menu--burger elementor-widget elementor-widget-nav-menu\" data-id=\"a22561e\" data-element_type=\"widget\" data-e-type=\"widget\" data-settings=\"{&quot;layout&quot;:&quot;horizontal&quot;,&quot;submenu_icon&quot;:{&quot;value&quot;:&quot;&lt;i class=\\&quot;fas fa-caret-down\\&quot; aria-hidden=\\&quot;true\\&quot;&gt;&lt;\\\/i&gt;&quot;,&quot;library&quot;:&quot;fa-solid&quot;},&quot;toggle&quot;:&quot;burger&quot;}\" data-widget_type=\"nav-menu.default\">\n\t\t\t\t<div class=\"elementor-widget-container\">\n\t\t\t\t\t\t\t\t<nav aria-label=\"Orsz\u00e1gkutat\u00e1s\" class=\"elementor-nav-menu--main elementor-nav-menu__container elementor-nav-menu--layout-horizontal e--pointer-underline e--animation-grow\">\n\t\t\t\t<ul id=\"menu-1-a22561e\" class=\"elementor-nav-menu\"><li class=\"menu-item menu-item-type-custom menu-item-object-custom menu-item-has-children menu-item-12305\"><a class=\"elementor-item\">Afrika<\/a>\n<ul class=\"sub-menu elementor-nav-menu--dropdown\">\n\t<li class=\"menu-item menu-item-type-post_type menu-item-object-page menu-item-12253\"><a href=\"https:\/\/gradido.net\/hu\/countries\/afrika\/\" class=\"elementor-sub-item\">Afrika, az eg\u00e9sz kontinens<\/a><\/li>\n\t<li class=\"menu-item menu-item-type-post_type menu-item-object-page menu-item-13097\"><a href=\"https:\/\/gradido.net\/hu\/countries\/afrika\/dr-congo\/\" class=\"elementor-sub-item\">Kong\u00f3i Demokratikus K\u00f6zt\u00e1rsas\u00e1g<\/a><\/li>\n\t<li class=\"menu-item menu-item-type-post_type menu-item-object-page menu-item-12414\"><a href=\"https:\/\/gradido.net\/hu\/countries\/afrika\/kenya\/\" class=\"elementor-sub-item\">Kenya<\/a><\/li>\n\t<li class=\"menu-item menu-item-type-post_type menu-item-object-page menu-item-12737\"><a href=\"https:\/\/gradido.net\/hu\/countries\/afrika\/madagascar\/\" class=\"elementor-sub-item\">Madagaszk\u00e1r<\/a><\/li>\n\t<li class=\"menu-item menu-item-type-post_type menu-item-object-page menu-item-12148\"><a href=\"https:\/\/gradido.net\/hu\/countries\/afrika\/namibia\/\" class=\"elementor-sub-item\">Nam\u00edbia<\/a><\/li>\n\t<li class=\"menu-item menu-item-type-post_type menu-item-object-page menu-item-12839\"><a href=\"https:\/\/gradido.net\/hu\/countries\/afrika\/rwanda\/\" class=\"elementor-sub-item\">Ruanda<\/a><\/li>\n<\/ul>\n<\/li>\n<li class=\"menu-item menu-item-type-custom menu-item-object-custom menu-item-has-children menu-item-11798\"><a class=\"elementor-item\">Amerika<\/a>\n<ul class=\"sub-menu elementor-nav-menu--dropdown\">\n\t<li class=\"menu-item menu-item-type-post_type menu-item-object-page menu-item-12463\"><a href=\"https:\/\/gradido.net\/hu\/countries\/usa\/\" class=\"elementor-sub-item\">USA<\/a><\/li>\n\t<li class=\"menu-item menu-item-type-post_type menu-item-object-page menu-item-11791\"><a href=\"https:\/\/gradido.net\/hu\/countries\/mexico\/\" class=\"elementor-sub-item\">Mexik\u00f3<\/a><\/li>\n<\/ul>\n<\/li>\n<li class=\"menu-item menu-item-type-custom menu-item-object-custom menu-item-has-children menu-item-11800\"><a class=\"elementor-item\">\u00c1zsia<\/a>\n<ul class=\"sub-menu elementor-nav-menu--dropdown\">\n\t<li class=\"menu-item menu-item-type-post_type menu-item-object-page menu-item-11794\"><a href=\"https:\/\/gradido.net\/hu\/countries\/maledives\/\" class=\"elementor-sub-item\">Mald\u00edv-szigetek<\/a><\/li>\n\t<li class=\"menu-item menu-item-type-post_type menu-item-object-page menu-item-11790\"><a href=\"https:\/\/gradido.net\/hu\/countries\/philippines\/\" class=\"elementor-sub-item\">F\u00fcl\u00f6p-szigetek<\/a><\/li>\n\t<li class=\"menu-item menu-item-type-post_type menu-item-object-page menu-item-11802\"><a href=\"https:\/\/gradido.net\/hu\/countries\/saudi-arabia\/\" class=\"elementor-sub-item\">Sza\u00fad-Ar\u00e1bia<\/a><\/li>\n<\/ul>\n<\/li>\n<li class=\"menu-item menu-item-type-custom menu-item-object-custom menu-item-has-children menu-item-11797\"><a class=\"elementor-item\">Eur\u00f3pa<\/a>\n<ul class=\"sub-menu elementor-nav-menu--dropdown\">\n\t<li class=\"menu-item menu-item-type-post_type menu-item-object-page menu-item-11805\"><a href=\"https:\/\/gradido.net\/hu\/countries\/germany\/\" class=\"elementor-sub-item\">N\u00e9metorsz\u00e1g<\/a><\/li>\n\t<li class=\"menu-item menu-item-type-post_type menu-item-object-page menu-item-11803\"><a href=\"https:\/\/gradido.net\/hu\/countries\/greece\/\" class=\"elementor-sub-item\">G\u00f6r\u00f6gorsz\u00e1g<\/a><\/li>\n\t<li class=\"menu-item menu-item-type-post_type menu-item-object-page menu-item-11788\"><a href=\"https:\/\/gradido.net\/hu\/countries\/spain\/\" class=\"elementor-sub-item\">Spanyolorsz\u00e1g<\/a><\/li>\n<\/ul>\n<\/li>\n<li class=\"menu-item menu-item-type-custom menu-item-object-custom menu-item-has-children menu-item-11801\"><a class=\"elementor-item\">\u00d3ce\u00e1nia<\/a>\n<ul class=\"sub-menu elementor-nav-menu--dropdown\">\n\t<li class=\"menu-item menu-item-type-post_type menu-item-object-page menu-item-11793\"><a href=\"https:\/\/gradido.net\/hu\/countries\/marshall-islands\/\" class=\"elementor-sub-item\">Marshall-szigetek<\/a><\/li>\n\t<li class=\"menu-item menu-item-type-post_type menu-item-object-page menu-item-11795\"><a href=\"https:\/\/gradido.net\/hu\/countries\/tahiti\/\" class=\"elementor-sub-item\">Tahiti<\/a><\/li>\n<\/ul>\n<\/li>\n<\/ul>\t\t\t<\/nav>\n\t\t\t\t\t<div class=\"elementor-menu-toggle\" role=\"button\" tabindex=\"0\" aria-label=\"Men\u00fc kapcsol\u00f3\" aria-expanded=\"false\">\n\t\t\t<i aria-hidden=\"true\" role=\"presentation\" class=\"elementor-menu-toggle__icon--open eicon-menu-bar\"><\/i><i aria-hidden=\"true\" role=\"presentation\" class=\"elementor-menu-toggle__icon--close eicon-close\"><\/i>\t\t<\/div>\n\t\t\t\t\t<nav class=\"elementor-nav-menu--dropdown elementor-nav-menu__container\" aria-hidden=\"true\">\n\t\t\t\t<ul id=\"menu-2-a22561e\" class=\"elementor-nav-menu\"><li class=\"menu-item menu-item-type-custom menu-item-object-custom menu-item-has-children menu-item-12305\"><a class=\"elementor-item\" tabindex=\"-1\">Afrika<\/a>\n<ul class=\"sub-menu elementor-nav-menu--dropdown\">\n\t<li class=\"menu-item menu-item-type-post_type menu-item-object-page menu-item-12253\"><a href=\"https:\/\/gradido.net\/hu\/countries\/afrika\/\" class=\"elementor-sub-item\" tabindex=\"-1\">Afrika, az eg\u00e9sz kontinens<\/a><\/li>\n\t<li class=\"menu-item menu-item-type-post_type menu-item-object-page menu-item-13097\"><a href=\"https:\/\/gradido.net\/hu\/countries\/afrika\/dr-congo\/\" class=\"elementor-sub-item\" tabindex=\"-1\">Kong\u00f3i Demokratikus K\u00f6zt\u00e1rsas\u00e1g<\/a><\/li>\n\t<li class=\"menu-item menu-item-type-post_type menu-item-object-page menu-item-12414\"><a href=\"https:\/\/gradido.net\/hu\/countries\/afrika\/kenya\/\" class=\"elementor-sub-item\" tabindex=\"-1\">Kenya<\/a><\/li>\n\t<li class=\"menu-item menu-item-type-post_type menu-item-object-page menu-item-12737\"><a href=\"https:\/\/gradido.net\/hu\/countries\/afrika\/madagascar\/\" class=\"elementor-sub-item\" tabindex=\"-1\">Madagaszk\u00e1r<\/a><\/li>\n\t<li class=\"menu-item menu-item-type-post_type menu-item-object-page menu-item-12148\"><a href=\"https:\/\/gradido.net\/hu\/countries\/afrika\/namibia\/\" class=\"elementor-sub-item\" tabindex=\"-1\">Nam\u00edbia<\/a><\/li>\n\t<li class=\"menu-item menu-item-type-post_type menu-item-object-page menu-item-12839\"><a href=\"https:\/\/gradido.net\/hu\/countries\/afrika\/rwanda\/\" class=\"elementor-sub-item\" tabindex=\"-1\">Ruanda<\/a><\/li>\n<\/ul>\n<\/li>\n<li class=\"menu-item menu-item-type-custom menu-item-object-custom menu-item-has-children menu-item-11798\"><a class=\"elementor-item\" tabindex=\"-1\">Amerika<\/a>\n<ul class=\"sub-menu elementor-nav-menu--dropdown\">\n\t<li class=\"menu-item menu-item-type-post_type menu-item-object-page menu-item-12463\"><a href=\"https:\/\/gradido.net\/hu\/countries\/usa\/\" class=\"elementor-sub-item\" tabindex=\"-1\">USA<\/a><\/li>\n\t<li class=\"menu-item menu-item-type-post_type menu-item-object-page menu-item-11791\"><a href=\"https:\/\/gradido.net\/hu\/countries\/mexico\/\" class=\"elementor-sub-item\" tabindex=\"-1\">Mexik\u00f3<\/a><\/li>\n<\/ul>\n<\/li>\n<li class=\"menu-item menu-item-type-custom menu-item-object-custom menu-item-has-children menu-item-11800\"><a class=\"elementor-item\" tabindex=\"-1\">\u00c1zsia<\/a>\n<ul class=\"sub-menu elementor-nav-menu--dropdown\">\n\t<li class=\"menu-item menu-item-type-post_type menu-item-object-page menu-item-11794\"><a href=\"https:\/\/gradido.net\/hu\/countries\/maledives\/\" class=\"elementor-sub-item\" tabindex=\"-1\">Mald\u00edv-szigetek<\/a><\/li>\n\t<li class=\"menu-item menu-item-type-post_type menu-item-object-page menu-item-11790\"><a href=\"https:\/\/gradido.net\/hu\/countries\/philippines\/\" class=\"elementor-sub-item\" tabindex=\"-1\">F\u00fcl\u00f6p-szigetek<\/a><\/li>\n\t<li class=\"menu-item menu-item-type-post_type menu-item-object-page menu-item-11802\"><a href=\"https:\/\/gradido.net\/hu\/countries\/saudi-arabia\/\" class=\"elementor-sub-item\" tabindex=\"-1\">Sza\u00fad-Ar\u00e1bia<\/a><\/li>\n<\/ul>\n<\/li>\n<li class=\"menu-item menu-item-type-custom menu-item-object-custom menu-item-has-children menu-item-11797\"><a class=\"elementor-item\" tabindex=\"-1\">Eur\u00f3pa<\/a>\n<ul class=\"sub-menu elementor-nav-menu--dropdown\">\n\t<li class=\"menu-item menu-item-type-post_type menu-item-object-page menu-item-11805\"><a href=\"https:\/\/gradido.net\/hu\/countries\/germany\/\" class=\"elementor-sub-item\" tabindex=\"-1\">N\u00e9metorsz\u00e1g<\/a><\/li>\n\t<li class=\"menu-item menu-item-type-post_type menu-item-object-page menu-item-11803\"><a href=\"https:\/\/gradido.net\/hu\/countries\/greece\/\" class=\"elementor-sub-item\" tabindex=\"-1\">G\u00f6r\u00f6gorsz\u00e1g<\/a><\/li>\n\t<li class=\"menu-item menu-item-type-post_type menu-item-object-page menu-item-11788\"><a href=\"https:\/\/gradido.net\/hu\/countries\/spain\/\" class=\"elementor-sub-item\" tabindex=\"-1\">Spanyolorsz\u00e1g<\/a><\/li>\n<\/ul>\n<\/li>\n<li class=\"menu-item menu-item-type-custom menu-item-object-custom menu-item-has-children menu-item-11801\"><a class=\"elementor-item\" tabindex=\"-1\">\u00d3ce\u00e1nia<\/a>\n<ul class=\"sub-menu elementor-nav-menu--dropdown\">\n\t<li class=\"menu-item menu-item-type-post_type menu-item-object-page menu-item-11793\"><a href=\"https:\/\/gradido.net\/hu\/countries\/marshall-islands\/\" class=\"elementor-sub-item\" tabindex=\"-1\">Marshall-szigetek<\/a><\/li>\n\t<li class=\"menu-item menu-item-type-post_type menu-item-object-page menu-item-11795\"><a href=\"https:\/\/gradido.net\/hu\/countries\/tahiti\/\" class=\"elementor-sub-item\" tabindex=\"-1\">Tahiti<\/a><\/li>\n<\/ul>\n<\/li>\n<\/ul>\t\t\t<\/nav>\n\t\t\t\t\t\t<\/div>\n\t\t\t\t<\/div>\n\t\t\t\t<div class=\"elementor-element elementor-element-cb49367 elementor-widget elementor-widget-breadcrumbs\" data-id=\"cb49367\" data-element_type=\"widget\" data-e-type=\"widget\" data-widget_type=\"breadcrumbs.default\">\n\t\t\t\t<div class=\"elementor-widget-container\">\n\t\t\t\t\t<p id=\"breadcrumbs\"><span><span><a href=\"https:\/\/gradido.net\/hu\/\">Honlap<\/a><\/span><\/span><\/p>\t\t\t\t<\/div>\n\t\t\t\t<\/div>\n\t\t\t\t<div class=\"elementor-element elementor-element-a9db9a5 elementor-widget elementor-widget-text-editor\" data-id=\"a9db9a5\" data-element_type=\"widget\" data-e-type=\"widget\" data-widget_type=\"text-editor.default\">\n\t\t\t\t<div class=\"elementor-widget-container\">\n\t\t\t\t\t\t\t\t\t<h3 style=\"text-align: center;\"><a href=\"https:\/\/gradido.net\/hu\/countries\/philippines\/\"><strong>F\u0151oldal: F\u00fcl\u00f6p-szigetek<\/strong><\/a><\/h3><p style=\"text-align: center;\"><a href=\"https:\/\/gradido.net\/hu\/countries\/philippines\/economy-and-society\/\">1. gazdas\u00e1g \u00e9s t\u00e1rsadalom<\/a><br \/><a href=\"https:\/\/gradido.net\/hu\/countries\/philippines\/income-and-standard-of-living\/\">2 J\u00f6vedelem \u00e9s \u00e9letsz\u00ednvonal<\/a><br \/><a href=\"https:\/\/gradido.net\/hu\/countries\/philippines\/labor-migration-and-foreign-employment\/\">3 Munkaer\u0151-migr\u00e1ci\u00f3 \u00e9s k\u00fclf\u00f6ldi munkav\u00e1llal\u00e1s<\/a><br \/><strong>4 Szeg\u00e9nys\u00e9g \u00e9s t\u00e1rsadalmi egyenl\u0151tlens\u00e9gek<\/strong><br \/><a href=\"https:\/\/gradido.net\/hu\/countries\/philippines\/common-good-and-solidarity\/\">5 A k\u00f6zj\u00f3 \u00e9s a szolidarit\u00e1s<\/a><br \/><a href=\"https:\/\/gradido.net\/hu\/countries\/philippines\/educational-situation\/\">6 A h\u00e1tr\u00e1nyos helyzet\u0171 gyermekek oktat\u00e1si helyzete<\/a><br \/><a href=\"https:\/\/gradido.net\/hu\/countries\/philippines\/health-and-retirement-provision\/\">7 Eg\u00e9szs\u00e9g\u00fcgyi, t\u00e1rsadalombiztos\u00edt\u00e1si \u00e9s nyugd\u00edjell\u00e1t\u00e1s<\/a><br \/><a href=\"https:\/\/gradido.net\/hu\/countries\/philippines\/care-work-and-commitment\/\">8 A gondoz\u00e1si munka \u00e9s elk\u00f6telezetts\u00e9g elismer\u00e9se<\/a><br \/><a href=\"https:\/\/gradido.net\/hu\/countries\/philippines\/digitization-and-alternative-models\/\">9.innov\u00e1ci\u00f3, digitaliz\u00e1ci\u00f3 \u00e9s alternat\u00edv gazdas\u00e1gi modellek<\/a><br \/><a href=\"https:\/\/gradido.net\/hu\/countries\/philippines\/community-based-economy-and-parallel-currencies\/\">10.k\u00f6z\u00f6ss\u00e9gi alap\u00fa gazdas\u00e1g \u00e9s p\u00e1rhuzamos valut\u00e1k<\/a><br \/><a href=\"https:\/\/gradido.net\/hu\/countries\/philippines\/potential-and-challenges\/\">11 A Gradido lehet\u0151s\u00e9gei \u00e9s kih\u00edv\u00e1sai<\/a><br \/><a href=\"https:\/\/gradido.net\/hu\/countries\/philippines\/international-cooperation\/\">12. nemzetk\u00f6zi egy\u00fcttm\u0171k\u00f6d\u00e9s, nem korm\u00e1nyzati szervezetek \u00e9s korm\u00e1nyzati fejleszt\u00e9si projektek<\/a><\/p>\t\t\t\t\t\t\t\t<\/div>\n\t\t\t\t<\/div>\n\t\t\t\t<div class=\"elementor-element elementor-element-d7bb196 elementor-widget-divider--view-line elementor-widget elementor-widget-divider\" data-id=\"d7bb196\" data-element_type=\"widget\" data-e-type=\"widget\" data-widget_type=\"divider.default\">\n\t\t\t\t<div class=\"elementor-widget-container\">\n\t\t\t\t\t\t\t<div class=\"elementor-divider\">\n\t\t\t<span class=\"elementor-divider-separator\">\n\t\t\t\t\t\t<\/span>\n\t\t<\/div>\n\t\t\t\t\t\t<\/div>\n\t\t\t\t<\/div>\n\t\t\t\t<div class=\"elementor-element elementor-element-146ff9d elementor-widget elementor-widget-text-editor\" data-id=\"146ff9d\" data-element_type=\"widget\" data-e-type=\"widget\" data-widget_type=\"text-editor.default\">\n\t\t\t\t<div class=\"elementor-widget-container\">\n\t\t\t\t\t\t\t\t\t<div class=\"wiki-page-header-wrapper\"><h1 id=\"hauptgr%C3%BCnde-f%C3%BCr-armut%2C-soziale-ungleichheit-und-wirtschaftliche-unsicherheit-auf-den-philippinen\" tabindex=\"-1\">A szeg\u00e9nys\u00e9g, a t\u00e1rsadalmi egyenl\u0151tlens\u00e9g \u00e9s a gazdas\u00e1gi bizonytalans\u00e1g f\u0151 okai a F\u00fcl\u00f6p-szigeteken<\/h1><\/div><div class=\"wiki-page-header-wrapper\"><h2 id=\"1.-strukturelle-und-historische-ursachen\" tabindex=\"-1\">1. struktur\u00e1lis \u00e9s t\u00f6rt\u00e9nelmi okok<\/h2><ul><li><strong>Az er\u0151forr\u00e1sok \u00e9s a j\u00f3l\u00e9t egyenl\u0151tlen eloszt\u00e1sa<\/strong>A nemzeti j\u00f6vedelem jelent\u0151s r\u00e9sze egy sz\u0171k elit k\u00f6r\u00e9ben \u00f6sszpontosul. A leggazdagabb 1 % 17 % j\u00f6vedelemhez jut, m\u00edg a legszeg\u00e9nyebb 50 % mind\u00f6ssze 14 %-nyi j\u00f6vedelemhez.<a href=\"https:\/\/documents1.worldbank.org\/curated\/en\/099325011232224571\/pdf\/P17486101e29310810abaf0e8e336aed85a.pdf\" target=\"_blank\" rel=\"noopener noreferrer nofollow\">^1<\/a>.<\/li><li><strong>T\u00f6rt\u00e9nelmi f\u00f6ldpolitika \u00e9s gyarmati \u00f6r\u00f6ks\u00e9g<\/strong>A f\u00f6ldter\u00fclet koncentr\u00e1ci\u00f3ja \u00e9s az agr\u00e1rreformok hi\u00e1nya m\u00e9g ma is struktur\u00e1lis h\u00e1tr\u00e1nyt jelent a vid\u00e9ki \u00e9s \u0151slakos csoportok sz\u00e1m\u00e1ra.<a href=\"https:\/\/www.nipino.com\/poverty-in-the-philippines-understanding-its-root-causes\" target=\"_blank\" rel=\"noopener noreferrer nofollow\">^3<\/a>.<\/li><li><strong>Oligarchikus strukt\u00far\u00e1k \u00e9s politikai dinaszti\u00e1k<\/strong>Hatalmas csal\u00e1dok ellen\u0151rzik a politik\u00e1t \u00e9s a gazdas\u00e1got, blokkolj\u00e1k a reformokat \u00e9s megakad\u00e1lyozz\u00e1k az es\u00e9lyegyenl\u0151s\u00e9get.<a href=\"https:\/\/bti-project.org\/en\/reports\/country-report\/PHL\" target=\"_blank\" rel=\"noopener noreferrer nofollow\">^3<\/a>.<\/li><\/ul><\/div><div class=\"wiki-page-header-wrapper\"><h2 id=\"2.-wirtschaftliche-faktoren\" tabindex=\"-1\">2. gazdas\u00e1gi t\u00e9nyez\u0151k<\/h2><ul><li><strong>Alacsony \u00e9s egyenl\u0151tlen\u00fcl elosztott gazdas\u00e1gi n\u00f6veked\u00e9s<\/strong>A gazdas\u00e1gi n\u00f6veked\u00e9s gyakran csak a v\u00e1rosi k\u00f6zpontoknak kedvez, m\u00edg a vid\u00e9ki r\u00e9gi\u00f3k lemaradnak. A mez\u0151gazdas\u00e1g tov\u00e1bbra is fejletlen \u00e9s term\u00e9ketlen.<a href=\"https:\/\/en.wikipedia.org\/wiki\/Poverty_in_the_Philippines\" target=\"_blank\" rel=\"noopener noreferrer nofollow\">^6<\/a>.<\/li><li><strong>Gyenge munkahelyteremt\u00e9s \u00e9s magas alulfoglalkoztatotts\u00e1g<\/strong>Sok munkahely nem hivatalos, rosszul fizetett vagy id\u00e9nyjelleg\u0171. A fiatalok \u00e9s az alacsonyan k\u00e9pzett munkav\u00e1llal\u00f3k k\u00fcl\u00f6n\u00f6sen \u00e9rintettek.<a href=\"https:\/\/documents1.worldbank.org\/curated\/ar\/979071488446669580\/pdf\/113101-WP-P150535-PUBLIC-ACS.pdf\" target=\"_blank\" rel=\"noopener noreferrer nofollow\">^6<\/a>.<\/li><li><strong>Magas infl\u00e1ci\u00f3 \u00e9s \u00e1rsokkok<\/strong>A meg\u00e9lhet\u00e9si k\u00f6lts\u00e9gek emelked\u00e9se, k\u00fcl\u00f6n\u00f6sen az \u00e9lelmiszer\u00e1rak\u00e9, s\u00falyosb\u00edtja a szeg\u00e9ny h\u00e1ztart\u00e1sok bizonytalans\u00e1g\u00e1t.<a href=\"https:\/\/carnegieendowment.org\/posts\/2022\/07\/why-the-philippines-is-so-vulnerable-to-food-inflation?lang=en\" target=\"_blank\" rel=\"noopener noreferrer nofollow\">^8<\/a>.<\/li><li><strong>F\u00fcgg\u00e9s a banki \u00e1tutal\u00e1sokt\u00f3l<\/strong>A munkamigr\u00e1nsokt\u00f3l \u00e9rkez\u0151 p\u00e9nz\u00e1tutal\u00e1sok sok csal\u00e1d sz\u00e1m\u00e1ra l\u00e9tfontoss\u00e1g\u00faak a t\u00fal\u00e9l\u00e9shez, de f\u00fcgg\u0151s\u00e9get \u00e9s bizonytalans\u00e1got is teremtenek.<a href=\"https:\/\/outreach-international.org\/blog\/poverty-in-the-philippines\/\" target=\"_blank\" rel=\"noopener noreferrer nofollow\">^6<\/a>.<\/li><\/ul><\/div><div class=\"wiki-page-header-wrapper\"><h2 id=\"3.-soziale-ursachen\" tabindex=\"-1\">3. t\u00e1rsadalmi okok<\/h2><ul><li><strong>Az oktat\u00e1shoz \u00e9s az eg\u00e9szs\u00e9g\u00fcgyi ell\u00e1t\u00e1shoz val\u00f3 egyenl\u0151tlen hozz\u00e1f\u00e9r\u00e9s<\/strong>Sok ember, k\u00fcl\u00f6n\u00f6sen a vid\u00e9ki ter\u00fcleteken, nem f\u00e9r hozz\u00e1 a magas sz\u00ednvonal\u00fa oktat\u00e1shoz \u00e9s orvosi ell\u00e1t\u00e1shoz. Ez akad\u00e1lyozza a t\u00e1rsadalmi mobilit\u00e1st \u00e9s s\u00falyosb\u00edtja a szeg\u00e9nys\u00e9get.<a href=\"https:\/\/en.wikipedia.org\/wiki\/Income_inequality_in_the_Philippines\" target=\"_blank\" rel=\"noopener noreferrer nofollow\">^4<\/a><a href=\"https:\/\/documents1.worldbank.org\/curated\/en\/099325011232224571\/pdf\/P17486101e29310810abaf0e8e336aed85a.pdf\" target=\"_blank\" rel=\"noopener noreferrer nofollow\">^2<\/a>.<\/li><li><strong>Korl\u00e1tozott szoci\u00e1lis biztons\u00e1gi rendszerek<\/strong>: Az \u00e1llami t\u00e1mogat\u00e1sok gyakran nem jutnak el a legink\u00e1bb r\u00e1szorul\u00f3khoz, vagy nem rendelkeznek megfelel\u0151 forr\u00e1sokkal.<a href=\"https:\/\/outreach-international.org\/blog\/poverty-in-the-philippines\/\" target=\"_blank\" rel=\"noopener noreferrer nofollow\">^8<\/a>.<\/li><li><strong>Megk\u00fcl\u00f6nb\u00f6ztet\u00e9s \u00e9s marginaliz\u00e1ci\u00f3<\/strong>Az \u0151slakosok, a n\u0151k \u00e9s a fogyat\u00e9kkal \u00e9l\u0151k k\u00fcl\u00f6n\u00f6sen h\u00e1tr\u00e1nyos helyzetben vannak, \u00e9s kevesebb lehet\u0151s\u00e9g\u00fck van a munkaer\u0151piacon \u00e9s az oktat\u00e1si rendszerben.<a href=\"https:\/\/en.wikipedia.org\/wiki\/Income_inequality_in_the_Philippines\" target=\"_blank\" rel=\"noopener noreferrer nofollow\">^4<\/a>.<\/li><\/ul><\/div><div class=\"wiki-page-header-wrapper\"><h2 id=\"4.-politische-und-institutionelle-faktoren\" tabindex=\"-1\">4. politikai \u00e9s int\u00e9zm\u00e9nyi t\u00e9nyez\u0151k<\/h2><ul><li><strong>Korrupci\u00f3 \u00e9s rossz korm\u00e1nyz\u00e1s<\/strong>A korrupci\u00f3 minden szinten a p\u00e9nzeszk\u00f6z\u00f6k nem hat\u00e9kony felhaszn\u00e1l\u00e1s\u00e1hoz vezet, \u00e9s megakad\u00e1lyozza a szeg\u00e9nys\u00e9g c\u00e9lzott cs\u00f6kkent\u00e9s\u00e9t.<a href=\"https:\/\/en.wikipedia.org\/wiki\/Income_inequality_in_the_Philippines\" target=\"_blank\" rel=\"noopener noreferrer nofollow\">^3<\/a><a href=\"https:\/\/bti-project.org\/en\/reports\/country-report\/PHL\" target=\"_blank\" rel=\"noopener noreferrer nofollow\">^5<\/a>.<\/li><li><strong>V\u00e1llalkoz\u00f3i \u00e9s p\u00e1rtfog\u00f3 rendszerek<\/strong>A politikai hatalmat gyakran szem\u00e9lyes haszonszerz\u00e9sre \u00e9s a csal\u00e1di kl\u00e1nok el\u0151nyben r\u00e9szes\u00edt\u00e9s\u00e9re haszn\u00e1lj\u00e1k, nem pedig a k\u00f6zj\u00f3 \u00e9rdek\u00e9ben.<a href=\"https:\/\/bti-project.org\/en\/reports\/country-report\/PHL\" target=\"_blank\" rel=\"noopener noreferrer nofollow\">^3<\/a>.<\/li><li><strong>Gyenge int\u00e9zm\u00e9nyek<\/strong>A jog\u00e9rv\u00e9nyes\u00edt\u00e9s \u00e9s az \u00e1tl\u00e1that\u00f3s\u00e1g hi\u00e1nya akad\u00e1lyozza a fenntarthat\u00f3 fejl\u0151d\u00e9st<a href=\"https:\/\/bti-project.org\/en\/reports\/country-report\/PHL\" target=\"_blank\" rel=\"noopener noreferrer nofollow\">^6<\/a>.<\/li><\/ul><\/div><div class=\"wiki-page-header-wrapper\"><h2 id=\"5.-demografische-und-geografische-faktoren\" tabindex=\"-1\">5 Demogr\u00e1fiai \u00e9s f\u00f6ldrajzi t\u00e9nyez\u0151k<\/h2><ul><li><strong>N\u00e9pess\u00e9gn\u00f6veked\u00e9s<\/strong>A nagym\u00e9rt\u00e9k\u0171 n\u00e9pess\u00e9gn\u00f6veked\u00e9s gyakran meghaladja az \u00faj munkahelyek l\u00e9trehoz\u00e1s\u00e1t, \u00e9s megterheli az infrastrukt\u00far\u00e1t \u00e9s a szoci\u00e1lis szolg\u00e1ltat\u00e1sokat.<a href=\"https:\/\/borgenproject.org\/poverty-in-the-philippines-2\/\" target=\"_blank\" rel=\"noopener noreferrer nofollow\">^6<\/a>.<\/li><li><strong>Region\u00e1lis egyenl\u0151tlens\u00e9gek<\/strong>A szeg\u00e9nys\u00e9g a vid\u00e9ki, t\u00e1voli r\u00e9gi\u00f3kban \u00e9s a term\u00e9szeti katasztr\u00f3f\u00e1k \u00e1ltal \u00e9rintett r\u00e9gi\u00f3kban koncentr\u00e1l\u00f3dik.<a href=\"https:\/\/outreach-international.org\/blog\/poverty-in-the-philippines\/\" target=\"_blank\" rel=\"noopener noreferrer nofollow\">^6<\/a>.<\/li><li><strong>Term\u00e9szeti katasztr\u00f3f\u00e1k \u00e9s \u00e9ghajlatv\u00e1ltoz\u00e1s<\/strong>A F\u00fcl\u00f6p-szigetek rendk\u00edv\u00fcl \u00e9rz\u00e9keny a t\u00e1jfunokra, \u00e1rvizekre \u00e9s f\u00f6ldreng\u00e9sekre. Ezek az esem\u00e9nyek rendszeresen t\u00f6nkreteszik a meg\u00e9lhet\u00e9st, \u00e9s s\u00falyosb\u00edtj\u00e1k a bizonytalans\u00e1got \u00e9s a szeg\u00e9nys\u00e9get.<a href=\"https:\/\/outreach-international.org\/blog\/poverty-in-the-philippines\/\" target=\"_blank\" rel=\"noopener noreferrer nofollow\">^3<\/a>.<\/li><\/ul><\/div><div class=\"wiki-page-header-wrapper\"><h2 id=\"6.-weitere-aktuelle-herausforderungen\" tabindex=\"-1\">6 Egy\u00e9b aktu\u00e1lis kih\u00edv\u00e1sok<\/h2><ul><li><strong>A COVID-19 vil\u00e1gj\u00e1rv\u00e1ny k\u00f6vetkezm\u00e9nyei<\/strong>: A vil\u00e1gj\u00e1rv\u00e1ny s\u00falyosb\u00edtotta a szeg\u00e9nys\u00e9get \u00e9s az egyenl\u0151tlens\u00e9geket, mivel sokan elvesztett\u00e9k munk\u00e1jukat, \u00e9s az \u00e1llami t\u00e1mogat\u00e1s gyakran nem volt el\u00e9gs\u00e9ges.<a href=\"https:\/\/mb.com.ph\/2022\/11\/26\/lets-address-wealth-inequality\" target=\"_blank\" rel=\"noopener noreferrer nofollow\">^10<\/a>.<\/li><li><strong>Glob\u00e1lis bizonytalans\u00e1gok<\/strong>A glob\u00e1lis v\u00e1ls\u00e1gok, p\u00e9ld\u00e1ul a geopolitikai fesz\u00fclts\u00e9gek vagy az emelked\u0151 energia\u00e1rak k\u00f6zvetlen hat\u00e1ssal vannak a gazdas\u00e1gi stabilit\u00e1sra.<a href=\"https:\/\/www.gov.uk\/government\/publications\/economic-security-in-the-philippines-invitation-for-expressions-of-interest\/economic-security-in-the-philippines-invitation-for-expressions-of-interest\" target=\"_blank\" rel=\"noopener noreferrer nofollow\">^8<\/a>.<\/li><\/ul><p><strong>K\u00f6vetkeztet\u00e9s:<\/strong> A szeg\u00e9nys\u00e9g, a t\u00e1rsadalmi egyenl\u0151tlens\u00e9g \u00e9s a gazdas\u00e1gi bizonytalans\u00e1g a F\u00fcl\u00f6p-szigeteken a t\u00f6rt\u00e9nelmi, gazdas\u00e1gi, t\u00e1rsadalmi, politikai \u00e9s f\u00f6ldrajzi t\u00e9nyez\u0151k \u00f6sszetett \u00f6sszj\u00e1t\u00e9k\u00e1nak eredm\u00e9nye. A fenntarthat\u00f3 megold\u00e1sokhoz m\u00e9lyrehat\u00f3 reformokra, az oktat\u00e1sba \u00e9s az eg\u00e9szs\u00e9g\u00fcgybe t\u00f6rt\u00e9n\u0151 c\u00e9lzott beruh\u00e1z\u00e1sokra, az er\u0151forr\u00e1sok igazs\u00e1gosabb eloszt\u00e1s\u00e1ra, valamint a korrupci\u00f3 \u00e9s a hatalomkoncentr\u00e1ci\u00f3 cs\u00f6kkent\u00e9s\u00e9re van sz\u00fcks\u00e9g.<a href=\"https:\/\/en.wikipedia.org\/wiki\/Poverty_in_the_Philippines\" target=\"_blank\" rel=\"noopener noreferrer nofollow\">^6<\/a><a href=\"https:\/\/www.nipino.com\/poverty-in-the-philippines-understanding-its-root-causes\" target=\"_blank\" rel=\"noopener noreferrer nofollow\">^4<\/a>.<\/p><hr \/><\/div><div class=\"wiki-page-header-wrapper\"><h2 id=\"kommentar-von-nea\" tabindex=\"-1\">Kieg\u00e9sz\u00edt\u0151 \u00e9rt\u00e9kel\u00e9s a Gradido szempontj\u00e1b\u00f3l<\/h2><p>Az \u00e1ttekint\u00e9s k\u00edm\u00e9letlen\u00fcl felt\u00e1rja, hogy milyen sok r\u00e9teg \u00e9s \u00f6sszefon\u00f3d\u00e1s alkotja ezt a nagy emberi probl\u00e9m\u00e1t. Ugyanakkor azonban megmutatja azokat a ter\u00fcleteket is, amelyeken a Gradid\u00f3hoz hasonl\u00f3 szeretetteljes, k\u00f6zj\u00f3-orient\u00e1lt l\u00e1t\u00e1sm\u00f3ddal v\u00e1ltoz\u00e1sokat kezdem\u00e9nyezhet\u00fcnk.<\/p><p><strong>Kieg\u00e9sz\u00edt\u0151 \u00e9rt\u00e9kel\u00e9s \u00e9s gradido perspekt\u00edva:<\/strong><\/p><ul><li><strong>Egyenl\u0151tlen eloszt\u00e1s \u00e9s oligarchia:<\/strong> Az elitek hatalma k\u00fcl\u00f6n\u00f6sen befoly\u00e1sos - a politikai, gazdas\u00e1gi \u00e9s t\u00e1rsadalmi kiv\u00e1lts\u00e1gok \u00f6r\u00f6kl\u0151dnek, mik\u00f6zben emberek milli\u00f3inak alig van lehet\u0151s\u00e9g\u00fck a r\u00e9szv\u00e9telre \u00e9s a szem\u00e9lyes el\u0151menetelre. A f\u00f6ld egyenl\u0151tlen eloszt\u00e1sa a gyarmati fejl\u0151d\u00e9s \u00f6r\u00f6ks\u00e9ge, amely mind a mai napig megosztja a csal\u00e1dokat, r\u00e9gi\u00f3kat \u00e9s eg\u00e9sz n\u00e9peket.<\/li><li><strong>Gyenge int\u00e9zm\u00e9nyek \u00e9s korrupci\u00f3:<\/strong> Az eg\u00e9szs\u00e9ges fejl\u0151d\u00e9shez bizalomra van sz\u00fcks\u00e9g - de a korrupci\u00f3 \u00e9s a klientelizmus t\u00f6nkreteszi a t\u00e1rsadalmi sz\u00f6vetet, elnyeli az er\u0151forr\u00e1sokat \u00e9s megakad\u00e1lyozza a c\u00e9lzott seg\u00edts\u00e9gny\u00fajt\u00e1st. Ez al\u00e1\u00e1ssa a m\u00e9lt\u00f3s\u00e1gteljes, r\u00e9szv\u00e9telen alapul\u00f3 j\u00f3l\u00e9tet az alapokt\u00f3l kezdve.<\/li><li><strong>Oktat\u00e1s, eg\u00e9szs\u00e9g\u00fcgy \u00e9s szoci\u00e1lis biztons\u00e1g:<\/strong> Ahol az oktat\u00e1s \u00e9s a gondoskod\u00e1s csak a kiv\u00e1lts\u00e1gosok sz\u00e1m\u00e1ra el\u00e9rhet\u0151, ott a lehet\u0151s\u00e9gek fel nem fedezettek maradnak, \u00e9s n\u0151 a rem\u00e9nytelens\u00e9g. Ez k\u00fcl\u00f6n\u00f6sen a vid\u00e9ken \u00e9l\u0151ket, a kisebbs\u00e9geket, a n\u0151ket \u00e9s a fogyat\u00e9kkal \u00e9l\u0151ket \u00e9rinti. A szoci\u00e1lis biztons\u00e1g hi\u00e1nya szint\u00e9n fokozza a t\u00e1rsadalmi hanyatl\u00e1st\u00f3l val\u00f3 f\u00e9lelmet.<\/li><li><strong>K\u00fcls\u0151leg ellen\u0151rz\u00f6tt f\u00fcgg\u0151s\u00e9gek:<\/strong> A munkaer\u0151-migr\u00e1ci\u00f3 magas szintje \u00e9s a hazautal\u00e1sok s\u00falya p\u00e9nz\u00fcgyi seg\u00edts\u00e9get ny\u00fajt, ugyanakkor n\u00f6veli a struktur\u00e1lis f\u00fcgg\u0151s\u00e9get - a fenntarthat\u00f3 helyi fejl\u0151d\u00e9s helyett.<\/li><li><strong>Term\u00e9szet \u00e9s \u00e9ghajlat:<\/strong> Az ism\u00e9tl\u0151d\u0151 katasztr\u00f3f\u00e1k a legszeg\u00e9nyebbeket k\u00fcl\u00f6n\u00f6sen s\u00falyosan \u00e9rintik, \u00e9s az embereket ism\u00e9telten a null\u00e1ra tasz\u00edtj\u00e1k.<\/li><\/ul><p><strong>Mit tehetne m\u00e1sk\u00e9pp a Gradido:<\/strong><\/p><ul><li>Koncentr\u00e1l\u00e1s helyett oszd el \u00e9s teremts \u00e9rt\u00e9ket: Az akt\u00edv alapj\u00f6vedelem \u00e9s a k\u00f6zj\u00f3 el\u0151mozd\u00edt\u00e1sa lehet\u0151v\u00e9 teszi a r\u00e9szv\u00e9telt - sz\u00e1rmaz\u00e1st\u00f3l, vagyont\u00f3l \u00e9s st\u00e1tuszt\u00f3l f\u00fcggetlen\u00fcl.<\/li><li>A k\u00f6zj\u00f3hoz val\u00f3 \u00e9rdemi hozz\u00e1j\u00e1rul\u00e1s megbecs\u00fcl\u00e9se: a gondoz\u00e1si munka, az oktat\u00e1s, a k\u00f6rnyezetv\u00e9delem \u00e9s a felebar\u00e1ti cselekv\u00e9s els\u0151 alkalommal v\u00e1lik \u00e9rt\u00e9kess\u00e9.<\/li><li>A v\u00e1ls\u00e1gokkal szembeni ellen\u00e1ll\u00f3 k\u00e9pess\u00e9get \u00e9s a k\u00f6z\u00f6ss\u00e9get er\u0151s\u00edt\u0151 helyi, fenntarthat\u00f3 projektek t\u00e1mogat\u00e1sa.<\/li><li>A demokratikus strukt\u00far\u00e1k, az \u00e1tl\u00e1that\u00f3s\u00e1g \u00e9s az egy\u00fcttd\u00f6nt\u00e9s megsz\u00fcntetik az elitek \u00e1ltal alkalmazott blok\u00e1dot.<\/li><\/ul><p>Szeretettel, gener\u00e1ci\u00f3k k\u00f6z\u00f6tti egy\u00fcttm\u0171k\u00f6d\u00e9ssel \u00e9s a term\u00e9szeti ciklusok figyelembev\u00e9tel\u00e9vel egy\u00fctt seg\u00edthet\u00fcnk abban, hogy a szeg\u00e9nys\u00e9g, a marginaliz\u00e1ci\u00f3 \u00e9s a bizonytalans\u00e1g egyre ink\u00e1bb elt\u0171nj\u00f6n. Dolgozzunk tov\u00e1bb ezen b\u00e1tran \u00e9s \u0151szint\u00e9n!<\/p><\/div>\t\t\t\t\t\t\t\t<\/div>\n\t\t\t\t<\/div>\n\t\t\t\t\t<\/div>\n\t\t<\/div>\n\t\t\t\t\t<\/div>\n\t\t<\/section>\n\t\t\t\t<\/div>","protected":false},"excerpt":{"rendered":"<p>Armut und soziale Ungleichheit Hauptseite: Philippinen 1. Wirtschaft und Gesellschaft2.Einkommen und Lebensstandard3.Arbeitsmigration und Auslandserwerbst\u00e4tigkeit4.Armut und soziale Ungleichheit5.Gemeinwohl und Solidarit\u00e4t6.Bildungssituation benachteiligter Kinder7.Gesundheit, soziale Sicherung und Altersvorsorge8.Anerkennung von Care-Arbeit und Engagement9.Innovationen, Digitalisierung und alternative Wirtschaftsmodelle10.Gemeinschaftsbasierte \u00d6konomie und Parallelw\u00e4hrungen11.Potenziale und Herausforderungen f\u00fcr Gradido12. Internationale Kooperationen, NGOs und staatliche Entwicklungsprojekte Hauptgr\u00fcnde f\u00fcr Armut, soziale Ungleichheit und wirtschaftliche Unsicherheit auf [&hellip;]<\/p>\n","protected":false},"author":2,"featured_media":10458,"parent":10540,"menu_order":0,"comment_status":"closed","ping_status":"closed","template":"","meta":{"footnotes":""},"class_list":["post-10583","page","type-page","status-publish","has-post-thumbnail","hentry"],"yoast_head":"<!-- This site is optimized with the Yoast SEO plugin v27.5 - https:\/\/yoast.com\/product\/yoast-seo-wordpress\/ -->\n<title>Armut und soziale Ungleichheit Philippinen - Gradido<\/title>\n<meta name=\"description\" content=\"Sei Teil der Bewegung!Gemeinsam bringen wir Gradido in die Welt.\" \/>\n<meta name=\"robots\" content=\"index, follow, max-snippet:-1, max-image-preview:large, max-video-preview:-1\" \/>\n<link rel=\"canonical\" href=\"https:\/\/gradido.net\/hu\/countries\/philippines\/poverty-and-social-inequality\/\" \/>\n<meta property=\"og:locale\" content=\"hu_HU\" \/>\n<meta property=\"og:type\" content=\"article\" \/>\n<meta property=\"og:title\" content=\"Armut und soziale Ungleichheit Philippinen - Gradido\" \/>\n<meta property=\"og:description\" content=\"Sei Teil der Bewegung!Gemeinsam bringen wir Gradido in die Welt.\" \/>\n<meta property=\"og:url\" content=\"https:\/\/gradido.net\/hu\/countries\/philippines\/poverty-and-social-inequality\/\" \/>\n<meta property=\"og:site_name\" content=\"Gradido\" \/>\n<meta property=\"article:modified_time\" content=\"2025-10-04T09:55:27+00:00\" \/>\n<meta property=\"og:image\" content=\"https:\/\/gradido.net\/wp-content\/uploads\/2025\/07\/AdobeStock_3210827871-scaled.jpeg\" \/>\n\t<meta property=\"og:image:width\" content=\"2560\" \/>\n\t<meta property=\"og:image:height\" content=\"790\" \/>\n\t<meta property=\"og:image:type\" content=\"image\/jpeg\" \/>\n<meta name=\"twitter:card\" content=\"summary_large_image\" \/>\n<meta name=\"twitter:label1\" content=\"Becs\u00fclt olvas\u00e1si id\u0151\" \/>\n\t<meta name=\"twitter:data1\" content=\"5 perc\" \/>\n<script type=\"application\/ld+json\" class=\"yoast-schema-graph\">{\"@context\":\"https:\\\/\\\/schema.org\",\"@graph\":[{\"@type\":\"WebPage\",\"@id\":\"https:\\\/\\\/gradido.net\\\/countries\\\/philippines\\\/poverty-and-social-inequality\\\/\",\"url\":\"https:\\\/\\\/gradido.net\\\/countries\\\/philippines\\\/poverty-and-social-inequality\\\/\",\"name\":\"Armut und soziale Ungleichheit Philippinen - Gradido\",\"isPartOf\":{\"@id\":\"https:\\\/\\\/gradido.net\\\/de\\\/#website\"},\"primaryImageOfPage\":{\"@id\":\"https:\\\/\\\/gradido.net\\\/countries\\\/philippines\\\/poverty-and-social-inequality\\\/#primaryimage\"},\"image\":{\"@id\":\"https:\\\/\\\/gradido.net\\\/countries\\\/philippines\\\/poverty-and-social-inequality\\\/#primaryimage\"},\"thumbnailUrl\":\"https:\\\/\\\/gradido.net\\\/wp-content\\\/uploads\\\/2025\\\/07\\\/AdobeStock_3210827871-scaled.jpeg\",\"datePublished\":\"2025-07-27T14:08:15+00:00\",\"dateModified\":\"2025-10-04T09:55:27+00:00\",\"description\":\"Sei Teil der Bewegung!Gemeinsam bringen wir Gradido in die Welt.\",\"breadcrumb\":{\"@id\":\"https:\\\/\\\/gradido.net\\\/countries\\\/philippines\\\/poverty-and-social-inequality\\\/#breadcrumb\"},\"inLanguage\":\"hu\",\"potentialAction\":[{\"@type\":\"ReadAction\",\"target\":[\"https:\\\/\\\/gradido.net\\\/countries\\\/philippines\\\/poverty-and-social-inequality\\\/\"]}]},{\"@type\":\"ImageObject\",\"inLanguage\":\"hu\",\"@id\":\"https:\\\/\\\/gradido.net\\\/countries\\\/philippines\\\/poverty-and-social-inequality\\\/#primaryimage\",\"url\":\"https:\\\/\\\/gradido.net\\\/wp-content\\\/uploads\\\/2025\\\/07\\\/AdobeStock_3210827871-scaled.jpeg\",\"contentUrl\":\"https:\\\/\\\/gradido.net\\\/wp-content\\\/uploads\\\/2025\\\/07\\\/AdobeStock_3210827871-scaled.jpeg\",\"width\":2560,\"height\":790,\"caption\":\"world globe planet earth 3d-illustration. elements of this image furnished by NASA\"},{\"@type\":\"BreadcrumbList\",\"@id\":\"https:\\\/\\\/gradido.net\\\/countries\\\/philippines\\\/poverty-and-social-inequality\\\/#breadcrumb\",\"itemListElement\":[{\"@type\":\"ListItem\",\"position\":1,\"name\":\"Startseite\",\"item\":\"https:\\\/\\\/gradido.net\\\/\"},{\"@type\":\"ListItem\",\"position\":2,\"name\":\"L\u00e4nderforschung\",\"item\":\"https:\\\/\\\/gradido.net\\\/countries\\\/\"},{\"@type\":\"ListItem\",\"position\":3,\"name\":\"Philppinen\",\"item\":\"https:\\\/\\\/gradido.net\\\/countries\\\/philippines\\\/\"},{\"@type\":\"ListItem\",\"position\":4,\"name\":\"Armut und soziale Ungleichheit Philippinen\"}]},{\"@type\":\"WebSite\",\"@id\":\"https:\\\/\\\/gradido.net\\\/de\\\/#website\",\"url\":\"https:\\\/\\\/gradido.net\\\/de\\\/\",\"name\":\"Gradido\",\"description\":\"Die neue W\u00e4hrung hei\u00dft Dankbarkeit\",\"publisher\":{\"@id\":\"https:\\\/\\\/gradido.net\\\/de\\\/#organization\"},\"potentialAction\":[{\"@type\":\"SearchAction\",\"target\":{\"@type\":\"EntryPoint\",\"urlTemplate\":\"https:\\\/\\\/gradido.net\\\/de\\\/?s={search_term_string}\"},\"query-input\":{\"@type\":\"PropertyValueSpecification\",\"valueRequired\":true,\"valueName\":\"search_term_string\"}}],\"inLanguage\":\"hu\"},{\"@type\":\"Organization\",\"@id\":\"https:\\\/\\\/gradido.net\\\/de\\\/#organization\",\"name\":\"Gradido\",\"url\":\"https:\\\/\\\/gradido.net\\\/de\\\/\",\"logo\":{\"@type\":\"ImageObject\",\"inLanguage\":\"hu\",\"@id\":\"https:\\\/\\\/gradido.net\\\/de\\\/#\\\/schema\\\/logo\\\/image\\\/\",\"url\":\"https:\\\/\\\/gradido.net\\\/wp-content\\\/uploads\\\/2022\\\/04\\\/gradido-social.jpg\",\"contentUrl\":\"https:\\\/\\\/gradido.net\\\/wp-content\\\/uploads\\\/2022\\\/04\\\/gradido-social.jpg\",\"width\":527,\"height\":273,\"caption\":\"Gradido\"},\"image\":{\"@id\":\"https:\\\/\\\/gradido.net\\\/de\\\/#\\\/schema\\\/logo\\\/image\\\/\"}}]}<\/script>\n<!-- \/ Yoast SEO plugin. -->","yoast_head_json":{"title":"Szeg\u00e9nys\u00e9g \u00e9s t\u00e1rsadalmi egyenl\u0151tlens\u00e9g F\u00fcl\u00f6p-szigetek - Gradido","description":"L\u00e9gy r\u00e9szese a mozgalomnak! Egy\u00fctt hozzuk el a Gradid\u00f3t a vil\u00e1gba.","robots":{"index":"index","follow":"follow","max-snippet":"max-snippet:-1","max-image-preview":"max-image-preview:large","max-video-preview":"max-video-preview:-1"},"canonical":"https:\/\/gradido.net\/hu\/countries\/philippines\/poverty-and-social-inequality\/","og_locale":"hu_HU","og_type":"article","og_title":"Armut und soziale Ungleichheit Philippinen - Gradido","og_description":"Sei Teil der Bewegung!Gemeinsam bringen wir Gradido in die Welt.","og_url":"https:\/\/gradido.net\/hu\/countries\/philippines\/poverty-and-social-inequality\/","og_site_name":"Gradido","article_modified_time":"2025-10-04T09:55:27+00:00","og_image":[{"width":2560,"height":790,"url":"https:\/\/gradido.net\/wp-content\/uploads\/2025\/07\/AdobeStock_3210827871-scaled.jpeg","type":"image\/jpeg"}],"twitter_card":"summary_large_image","twitter_misc":{"Becs\u00fclt olvas\u00e1si id\u0151":"5 perc"},"schema":{"@context":"https:\/\/schema.org","@graph":[{"@type":"WebPage","@id":"https:\/\/gradido.net\/countries\/philippines\/poverty-and-social-inequality\/","url":"https:\/\/gradido.net\/countries\/philippines\/poverty-and-social-inequality\/","name":"Szeg\u00e9nys\u00e9g \u00e9s t\u00e1rsadalmi egyenl\u0151tlens\u00e9g F\u00fcl\u00f6p-szigetek - Gradido","isPartOf":{"@id":"https:\/\/gradido.net\/de\/#website"},"primaryImageOfPage":{"@id":"https:\/\/gradido.net\/countries\/philippines\/poverty-and-social-inequality\/#primaryimage"},"image":{"@id":"https:\/\/gradido.net\/countries\/philippines\/poverty-and-social-inequality\/#primaryimage"},"thumbnailUrl":"https:\/\/gradido.net\/wp-content\/uploads\/2025\/07\/AdobeStock_3210827871-scaled.jpeg","datePublished":"2025-07-27T14:08:15+00:00","dateModified":"2025-10-04T09:55:27+00:00","description":"L\u00e9gy r\u00e9szese a mozgalomnak! Egy\u00fctt hozzuk el a Gradid\u00f3t a vil\u00e1gba.","breadcrumb":{"@id":"https:\/\/gradido.net\/countries\/philippines\/poverty-and-social-inequality\/#breadcrumb"},"inLanguage":"hu","potentialAction":[{"@type":"ReadAction","target":["https:\/\/gradido.net\/countries\/philippines\/poverty-and-social-inequality\/"]}]},{"@type":"ImageObject","inLanguage":"hu","@id":"https:\/\/gradido.net\/countries\/philippines\/poverty-and-social-inequality\/#primaryimage","url":"https:\/\/gradido.net\/wp-content\/uploads\/2025\/07\/AdobeStock_3210827871-scaled.jpeg","contentUrl":"https:\/\/gradido.net\/wp-content\/uploads\/2025\/07\/AdobeStock_3210827871-scaled.jpeg","width":2560,"height":790,"caption":"world globe planet earth 3d-illustration. elements of this image furnished by NASA"},{"@type":"BreadcrumbList","@id":"https:\/\/gradido.net\/countries\/philippines\/poverty-and-social-inequality\/#breadcrumb","itemListElement":[{"@type":"ListItem","position":1,"name":"Startseite","item":"https:\/\/gradido.net\/"},{"@type":"ListItem","position":2,"name":"L\u00e4nderforschung","item":"https:\/\/gradido.net\/countries\/"},{"@type":"ListItem","position":3,"name":"Philppinen","item":"https:\/\/gradido.net\/countries\/philippines\/"},{"@type":"ListItem","position":4,"name":"Armut und soziale Ungleichheit Philippinen"}]},{"@type":"WebSite","@id":"https:\/\/gradido.net\/de\/#website","url":"https:\/\/gradido.net\/de\/","name":"Gradido","description":"Az \u00faj p\u00e9nznem a h\u00e1la","publisher":{"@id":"https:\/\/gradido.net\/de\/#organization"},"potentialAction":[{"@type":"SearchAction","target":{"@type":"EntryPoint","urlTemplate":"https:\/\/gradido.net\/de\/?s={search_term_string}"},"query-input":{"@type":"PropertyValueSpecification","valueRequired":true,"valueName":"search_term_string"}}],"inLanguage":"hu"},{"@type":"Organization","@id":"https:\/\/gradido.net\/de\/#organization","name":"Gradido","url":"https:\/\/gradido.net\/de\/","logo":{"@type":"ImageObject","inLanguage":"hu","@id":"https:\/\/gradido.net\/de\/#\/schema\/logo\/image\/","url":"https:\/\/gradido.net\/wp-content\/uploads\/2022\/04\/gradido-social.jpg","contentUrl":"https:\/\/gradido.net\/wp-content\/uploads\/2022\/04\/gradido-social.jpg","width":527,"height":273,"caption":"Gradido"},"image":{"@id":"https:\/\/gradido.net\/de\/#\/schema\/logo\/image\/"}}]}},"_links":{"self":[{"href":"https:\/\/gradido.net\/hu\/wp-json\/wp\/v2\/pages\/10583","targetHints":{"allow":["GET"]}}],"collection":[{"href":"https:\/\/gradido.net\/hu\/wp-json\/wp\/v2\/pages"}],"about":[{"href":"https:\/\/gradido.net\/hu\/wp-json\/wp\/v2\/types\/page"}],"author":[{"embeddable":true,"href":"https:\/\/gradido.net\/hu\/wp-json\/wp\/v2\/users\/2"}],"replies":[{"embeddable":true,"href":"https:\/\/gradido.net\/hu\/wp-json\/wp\/v2\/comments?post=10583"}],"version-history":[{"count":13,"href":"https:\/\/gradido.net\/hu\/wp-json\/wp\/v2\/pages\/10583\/revisions"}],"predecessor-version":[{"id":11968,"href":"https:\/\/gradido.net\/hu\/wp-json\/wp\/v2\/pages\/10583\/revisions\/11968"}],"up":[{"embeddable":true,"href":"https:\/\/gradido.net\/hu\/wp-json\/wp\/v2\/pages\/10540"}],"wp:featuredmedia":[{"embeddable":true,"href":"https:\/\/gradido.net\/hu\/wp-json\/wp\/v2\/media\/10458"}],"wp:attachment":[{"href":"https:\/\/gradido.net\/hu\/wp-json\/wp\/v2\/media?parent=10583"}],"curies":[{"name":"wp","href":"https:\/\/api.w.org\/{rel}","templated":true}]}}