{"id":10594,"date":"2025-07-27T16:15:40","date_gmt":"2025-07-27T14:15:40","guid":{"rendered":"https:\/\/gradido.net\/?page_id=10594"},"modified":"2025-10-04T11:56:13","modified_gmt":"2025-10-04T09:56:13","slug":"common-good-and-solidarity","status":"publish","type":"page","link":"https:\/\/gradido.net\/hu\/countries\/philippines\/common-good-and-solidarity\/","title":{"rendered":"K\u00f6zj\u00f3 \u00e9s szolidarit\u00e1s F\u00fcl\u00f6p-szigetek"},"content":{"rendered":"<div data-elementor-type=\"wp-page\" data-elementor-id=\"10594\" class=\"elementor elementor-10594\" data-elementor-post-type=\"page\">\n\t\t\t\t\t\t<section class=\"elementor-section elementor-top-section elementor-element elementor-element-4ce3e8af elementor-section-full_width elementor-section-height-default elementor-section-height-default\" data-id=\"4ce3e8af\" data-element_type=\"section\" data-e-type=\"section\">\n\t\t\t\t\t\t<div class=\"elementor-container elementor-column-gap-no\">\n\t\t\t\t\t<div class=\"elementor-column elementor-col-100 elementor-top-column elementor-element elementor-element-efa8c8c\" data-id=\"efa8c8c\" data-element_type=\"column\" data-e-type=\"column\">\n\t\t\t<div class=\"elementor-widget-wrap elementor-element-populated\">\n\t\t\t\t\t\t<div class=\"elementor-element elementor-element-e088aa4 elementor--h-position-center elementor--v-position-middle elementor-arrows-position-inside elementor-widget elementor-widget-slides\" data-id=\"e088aa4\" data-element_type=\"widget\" data-e-type=\"widget\" data-settings=\"{&quot;navigation&quot;:&quot;arrows&quot;,&quot;autoplay&quot;:&quot;yes&quot;,&quot;pause_on_hover&quot;:&quot;yes&quot;,&quot;pause_on_interaction&quot;:&quot;yes&quot;,&quot;autoplay_speed&quot;:5000,&quot;infinite&quot;:&quot;yes&quot;,&quot;transition&quot;:&quot;slide&quot;,&quot;transition_speed&quot;:500}\" data-widget_type=\"slides.default\">\n\t\t\t\t<div class=\"elementor-widget-container\">\n\t\t\t\t\t\t\t\t\t<div class=\"elementor-swiper\">\n\t\t\t\t\t<div class=\"elementor-slides-wrapper elementor-main-swiper swiper\" role=\"region\" aria-roledescription=\"carousel\" aria-label=\"Cs\u00faszka\" dir=\"ltr\" data-animation=\"fadeInUp\">\n\t\t\t\t<div class=\"swiper-wrapper elementor-slides\">\n\t\t\t\t\t\t\t\t\t\t<div class=\"elementor-repeater-item-2de4990 swiper-slide\" role=\"group\" aria-roledescription=\"slide\"><div class=\"swiper-slide-bg\" role=\"img\" aria-label=\"manila-4503501_1280\"><\/div><div class=\"swiper-slide-inner\" ><div class=\"swiper-slide-contents\"><\/div><\/div><\/div><div class=\"elementor-repeater-item-28f126e swiper-slide\" role=\"group\" aria-roledescription=\"slide\"><div class=\"swiper-slide-bg\" role=\"img\" aria-label=\"philippines-4951855_1280\"><\/div><div class=\"swiper-slide-inner\" ><div class=\"swiper-slide-contents\"><\/div><\/div><\/div><div class=\"elementor-repeater-item-992da35 swiper-slide\" role=\"group\" aria-roledescription=\"slide\"><div class=\"swiper-slide-bg\" role=\"img\" aria-label=\"manila-2256322_1280\"><\/div><div class=\"swiper-slide-inner\" ><div class=\"swiper-slide-contents\"><\/div><\/div><\/div>\t\t\t\t<\/div>\n\t\t\t\t\t\t\t\t\t\t\t\t\t\t\t<div class=\"elementor-swiper-button elementor-swiper-button-prev\" role=\"button\" tabindex=\"0\" aria-label=\"El\u0151z\u0151 dia\">\n\t\t\t\t\t\t\t<i aria-hidden=\"true\" class=\"eicon-chevron-left\"><\/i>\t\t\t\t\t\t<\/div>\n\t\t\t\t\t\t<div class=\"elementor-swiper-button elementor-swiper-button-next\" role=\"button\" tabindex=\"0\" aria-label=\"K\u00f6vetkez\u0151 dia\">\n\t\t\t\t\t\t\t<i aria-hidden=\"true\" class=\"eicon-chevron-right\"><\/i>\t\t\t\t\t\t<\/div>\n\t\t\t\t\t\t\t\t\t\t\t\t\t\t\t\t\t<\/div>\n\t\t\t\t<\/div>\n\t\t\t\t\t\t\t\t<\/div>\n\t\t\t\t<\/div>\n\t\t\t\t\t<\/div>\n\t\t<\/div>\n\t\t\t\t\t<\/div>\n\t\t<\/section>\n\t\t\t\t<section class=\"elementor-section elementor-top-section elementor-element elementor-element-240baa7a elementor-section-boxed elementor-section-height-default elementor-section-height-default\" data-id=\"240baa7a\" data-element_type=\"section\" data-e-type=\"section\" data-settings=\"{&quot;background_background&quot;:&quot;classic&quot;}\">\n\t\t\t\t\t\t<div class=\"elementor-container elementor-column-gap-default\">\n\t\t\t\t\t<div class=\"elementor-column elementor-col-100 elementor-top-column elementor-element elementor-element-1afe9e42\" data-id=\"1afe9e42\" data-element_type=\"column\" data-e-type=\"column\">\n\t\t\t<div class=\"elementor-widget-wrap elementor-element-populated\">\n\t\t\t\t\t\t<div class=\"elementor-element elementor-element-65bd50ae elementor-widget elementor-widget-heading\" data-id=\"65bd50ae\" data-element_type=\"widget\" data-e-type=\"widget\" data-widget_type=\"heading.default\">\n\t\t\t\t<div class=\"elementor-widget-container\">\n\t\t\t\t\t<h1 class=\"elementor-heading-title elementor-size-default\">K\u00f6zj\u00f3 \u00e9s szolidarit\u00e1s<\/h1>\t\t\t\t<\/div>\n\t\t\t\t<\/div>\n\t\t\t\t\t<\/div>\n\t\t<\/div>\n\t\t\t\t\t<\/div>\n\t\t<\/section>\n\t\t\t\t<section class=\"elementor-section elementor-top-section elementor-element elementor-element-446540f elementor-section-boxed elementor-section-height-default elementor-section-height-default\" data-id=\"446540f\" data-element_type=\"section\" data-e-type=\"section\">\n\t\t\t\t\t\t<div class=\"elementor-container elementor-column-gap-default\">\n\t\t\t\t\t<div class=\"elementor-column elementor-col-100 elementor-top-column elementor-element elementor-element-312a2d3\" data-id=\"312a2d3\" data-element_type=\"column\" data-e-type=\"column\">\n\t\t\t<div class=\"elementor-widget-wrap elementor-element-populated\">\n\t\t\t\t\t\t<div class=\"elementor-element elementor-element-92bd6e2 elementor-nav-menu--dropdown-tablet elementor-nav-menu__text-align-aside elementor-nav-menu--toggle elementor-nav-menu--burger elementor-widget elementor-widget-nav-menu\" data-id=\"92bd6e2\" data-element_type=\"widget\" data-e-type=\"widget\" data-settings=\"{&quot;layout&quot;:&quot;horizontal&quot;,&quot;submenu_icon&quot;:{&quot;value&quot;:&quot;&lt;i class=\\&quot;fas fa-caret-down\\&quot; aria-hidden=\\&quot;true\\&quot;&gt;&lt;\\\/i&gt;&quot;,&quot;library&quot;:&quot;fa-solid&quot;},&quot;toggle&quot;:&quot;burger&quot;}\" data-widget_type=\"nav-menu.default\">\n\t\t\t\t<div class=\"elementor-widget-container\">\n\t\t\t\t\t\t\t\t<nav aria-label=\"Orsz\u00e1gkutat\u00e1s\" class=\"elementor-nav-menu--main elementor-nav-menu__container elementor-nav-menu--layout-horizontal e--pointer-underline e--animation-grow\">\n\t\t\t\t<ul id=\"menu-1-92bd6e2\" class=\"elementor-nav-menu\"><li class=\"menu-item menu-item-type-custom menu-item-object-custom menu-item-has-children menu-item-12305\"><a class=\"elementor-item\">Afrika<\/a>\n<ul class=\"sub-menu elementor-nav-menu--dropdown\">\n\t<li class=\"menu-item menu-item-type-post_type menu-item-object-page menu-item-12253\"><a href=\"https:\/\/gradido.net\/hu\/countries\/afrika\/\" class=\"elementor-sub-item\">Afrika, az eg\u00e9sz kontinens<\/a><\/li>\n\t<li class=\"menu-item menu-item-type-post_type menu-item-object-page menu-item-13097\"><a href=\"https:\/\/gradido.net\/hu\/countries\/afrika\/dr-congo\/\" class=\"elementor-sub-item\">Kong\u00f3i Demokratikus K\u00f6zt\u00e1rsas\u00e1g<\/a><\/li>\n\t<li class=\"menu-item menu-item-type-post_type menu-item-object-page menu-item-12414\"><a href=\"https:\/\/gradido.net\/hu\/countries\/afrika\/kenya\/\" class=\"elementor-sub-item\">Kenya<\/a><\/li>\n\t<li class=\"menu-item menu-item-type-post_type menu-item-object-page menu-item-12737\"><a href=\"https:\/\/gradido.net\/hu\/countries\/afrika\/madagascar\/\" class=\"elementor-sub-item\">Madagaszk\u00e1r<\/a><\/li>\n\t<li class=\"menu-item menu-item-type-post_type menu-item-object-page menu-item-12148\"><a href=\"https:\/\/gradido.net\/hu\/countries\/afrika\/namibia\/\" class=\"elementor-sub-item\">Nam\u00edbia<\/a><\/li>\n\t<li class=\"menu-item menu-item-type-post_type menu-item-object-page menu-item-12839\"><a href=\"https:\/\/gradido.net\/hu\/countries\/afrika\/rwanda\/\" class=\"elementor-sub-item\">Ruanda<\/a><\/li>\n<\/ul>\n<\/li>\n<li class=\"menu-item menu-item-type-custom menu-item-object-custom menu-item-has-children menu-item-11798\"><a class=\"elementor-item\">Amerika<\/a>\n<ul class=\"sub-menu elementor-nav-menu--dropdown\">\n\t<li class=\"menu-item menu-item-type-post_type menu-item-object-page menu-item-12463\"><a href=\"https:\/\/gradido.net\/hu\/countries\/usa\/\" class=\"elementor-sub-item\">USA<\/a><\/li>\n\t<li class=\"menu-item menu-item-type-post_type menu-item-object-page menu-item-11791\"><a href=\"https:\/\/gradido.net\/hu\/countries\/mexico\/\" class=\"elementor-sub-item\">Mexik\u00f3<\/a><\/li>\n<\/ul>\n<\/li>\n<li class=\"menu-item menu-item-type-custom menu-item-object-custom menu-item-has-children menu-item-11800\"><a class=\"elementor-item\">\u00c1zsia<\/a>\n<ul class=\"sub-menu elementor-nav-menu--dropdown\">\n\t<li class=\"menu-item menu-item-type-post_type menu-item-object-page menu-item-11794\"><a href=\"https:\/\/gradido.net\/hu\/countries\/maledives\/\" class=\"elementor-sub-item\">Mald\u00edv-szigetek<\/a><\/li>\n\t<li class=\"menu-item menu-item-type-post_type menu-item-object-page menu-item-11790\"><a href=\"https:\/\/gradido.net\/hu\/countries\/philippines\/\" class=\"elementor-sub-item\">F\u00fcl\u00f6p-szigetek<\/a><\/li>\n\t<li class=\"menu-item menu-item-type-post_type menu-item-object-page menu-item-11802\"><a href=\"https:\/\/gradido.net\/hu\/countries\/saudi-arabia\/\" class=\"elementor-sub-item\">Sza\u00fad-Ar\u00e1bia<\/a><\/li>\n<\/ul>\n<\/li>\n<li class=\"menu-item menu-item-type-custom menu-item-object-custom menu-item-has-children menu-item-11797\"><a class=\"elementor-item\">Eur\u00f3pa<\/a>\n<ul class=\"sub-menu elementor-nav-menu--dropdown\">\n\t<li class=\"menu-item menu-item-type-post_type menu-item-object-page menu-item-11805\"><a href=\"https:\/\/gradido.net\/hu\/countries\/germany\/\" class=\"elementor-sub-item\">N\u00e9metorsz\u00e1g<\/a><\/li>\n\t<li class=\"menu-item menu-item-type-post_type menu-item-object-page menu-item-11803\"><a href=\"https:\/\/gradido.net\/hu\/countries\/greece\/\" class=\"elementor-sub-item\">G\u00f6r\u00f6gorsz\u00e1g<\/a><\/li>\n\t<li class=\"menu-item menu-item-type-post_type menu-item-object-page menu-item-11788\"><a href=\"https:\/\/gradido.net\/hu\/countries\/spain\/\" class=\"elementor-sub-item\">Spanyolorsz\u00e1g<\/a><\/li>\n<\/ul>\n<\/li>\n<li class=\"menu-item menu-item-type-custom menu-item-object-custom menu-item-has-children menu-item-11801\"><a class=\"elementor-item\">\u00d3ce\u00e1nia<\/a>\n<ul class=\"sub-menu elementor-nav-menu--dropdown\">\n\t<li class=\"menu-item menu-item-type-post_type menu-item-object-page menu-item-11793\"><a href=\"https:\/\/gradido.net\/hu\/countries\/marshall-islands\/\" class=\"elementor-sub-item\">Marshall-szigetek<\/a><\/li>\n\t<li class=\"menu-item menu-item-type-post_type menu-item-object-page menu-item-11795\"><a href=\"https:\/\/gradido.net\/hu\/countries\/tahiti\/\" class=\"elementor-sub-item\">Tahiti<\/a><\/li>\n<\/ul>\n<\/li>\n<\/ul>\t\t\t<\/nav>\n\t\t\t\t\t<div class=\"elementor-menu-toggle\" role=\"button\" tabindex=\"0\" aria-label=\"Men\u00fc kapcsol\u00f3\" aria-expanded=\"false\">\n\t\t\t<i aria-hidden=\"true\" role=\"presentation\" class=\"elementor-menu-toggle__icon--open eicon-menu-bar\"><\/i><i aria-hidden=\"true\" role=\"presentation\" class=\"elementor-menu-toggle__icon--close eicon-close\"><\/i>\t\t<\/div>\n\t\t\t\t\t<nav class=\"elementor-nav-menu--dropdown elementor-nav-menu__container\" aria-hidden=\"true\">\n\t\t\t\t<ul id=\"menu-2-92bd6e2\" class=\"elementor-nav-menu\"><li class=\"menu-item menu-item-type-custom menu-item-object-custom menu-item-has-children menu-item-12305\"><a class=\"elementor-item\" tabindex=\"-1\">Afrika<\/a>\n<ul class=\"sub-menu elementor-nav-menu--dropdown\">\n\t<li class=\"menu-item menu-item-type-post_type menu-item-object-page menu-item-12253\"><a href=\"https:\/\/gradido.net\/hu\/countries\/afrika\/\" class=\"elementor-sub-item\" tabindex=\"-1\">Afrika, az eg\u00e9sz kontinens<\/a><\/li>\n\t<li class=\"menu-item menu-item-type-post_type menu-item-object-page menu-item-13097\"><a href=\"https:\/\/gradido.net\/hu\/countries\/afrika\/dr-congo\/\" class=\"elementor-sub-item\" tabindex=\"-1\">Kong\u00f3i Demokratikus K\u00f6zt\u00e1rsas\u00e1g<\/a><\/li>\n\t<li class=\"menu-item menu-item-type-post_type menu-item-object-page menu-item-12414\"><a href=\"https:\/\/gradido.net\/hu\/countries\/afrika\/kenya\/\" class=\"elementor-sub-item\" tabindex=\"-1\">Kenya<\/a><\/li>\n\t<li class=\"menu-item menu-item-type-post_type menu-item-object-page menu-item-12737\"><a href=\"https:\/\/gradido.net\/hu\/countries\/afrika\/madagascar\/\" class=\"elementor-sub-item\" tabindex=\"-1\">Madagaszk\u00e1r<\/a><\/li>\n\t<li class=\"menu-item menu-item-type-post_type menu-item-object-page menu-item-12148\"><a href=\"https:\/\/gradido.net\/hu\/countries\/afrika\/namibia\/\" class=\"elementor-sub-item\" tabindex=\"-1\">Nam\u00edbia<\/a><\/li>\n\t<li class=\"menu-item menu-item-type-post_type menu-item-object-page menu-item-12839\"><a href=\"https:\/\/gradido.net\/hu\/countries\/afrika\/rwanda\/\" class=\"elementor-sub-item\" tabindex=\"-1\">Ruanda<\/a><\/li>\n<\/ul>\n<\/li>\n<li class=\"menu-item menu-item-type-custom menu-item-object-custom menu-item-has-children menu-item-11798\"><a class=\"elementor-item\" tabindex=\"-1\">Amerika<\/a>\n<ul class=\"sub-menu elementor-nav-menu--dropdown\">\n\t<li class=\"menu-item menu-item-type-post_type menu-item-object-page menu-item-12463\"><a href=\"https:\/\/gradido.net\/hu\/countries\/usa\/\" class=\"elementor-sub-item\" tabindex=\"-1\">USA<\/a><\/li>\n\t<li class=\"menu-item menu-item-type-post_type menu-item-object-page menu-item-11791\"><a href=\"https:\/\/gradido.net\/hu\/countries\/mexico\/\" class=\"elementor-sub-item\" tabindex=\"-1\">Mexik\u00f3<\/a><\/li>\n<\/ul>\n<\/li>\n<li class=\"menu-item menu-item-type-custom menu-item-object-custom menu-item-has-children menu-item-11800\"><a class=\"elementor-item\" tabindex=\"-1\">\u00c1zsia<\/a>\n<ul class=\"sub-menu elementor-nav-menu--dropdown\">\n\t<li class=\"menu-item menu-item-type-post_type menu-item-object-page menu-item-11794\"><a href=\"https:\/\/gradido.net\/hu\/countries\/maledives\/\" class=\"elementor-sub-item\" tabindex=\"-1\">Mald\u00edv-szigetek<\/a><\/li>\n\t<li class=\"menu-item menu-item-type-post_type menu-item-object-page menu-item-11790\"><a href=\"https:\/\/gradido.net\/hu\/countries\/philippines\/\" class=\"elementor-sub-item\" tabindex=\"-1\">F\u00fcl\u00f6p-szigetek<\/a><\/li>\n\t<li class=\"menu-item menu-item-type-post_type menu-item-object-page menu-item-11802\"><a href=\"https:\/\/gradido.net\/hu\/countries\/saudi-arabia\/\" class=\"elementor-sub-item\" tabindex=\"-1\">Sza\u00fad-Ar\u00e1bia<\/a><\/li>\n<\/ul>\n<\/li>\n<li class=\"menu-item menu-item-type-custom menu-item-object-custom menu-item-has-children menu-item-11797\"><a class=\"elementor-item\" tabindex=\"-1\">Eur\u00f3pa<\/a>\n<ul class=\"sub-menu elementor-nav-menu--dropdown\">\n\t<li class=\"menu-item menu-item-type-post_type menu-item-object-page menu-item-11805\"><a href=\"https:\/\/gradido.net\/hu\/countries\/germany\/\" class=\"elementor-sub-item\" tabindex=\"-1\">N\u00e9metorsz\u00e1g<\/a><\/li>\n\t<li class=\"menu-item menu-item-type-post_type menu-item-object-page menu-item-11803\"><a href=\"https:\/\/gradido.net\/hu\/countries\/greece\/\" class=\"elementor-sub-item\" tabindex=\"-1\">G\u00f6r\u00f6gorsz\u00e1g<\/a><\/li>\n\t<li class=\"menu-item menu-item-type-post_type menu-item-object-page menu-item-11788\"><a href=\"https:\/\/gradido.net\/hu\/countries\/spain\/\" class=\"elementor-sub-item\" tabindex=\"-1\">Spanyolorsz\u00e1g<\/a><\/li>\n<\/ul>\n<\/li>\n<li class=\"menu-item menu-item-type-custom menu-item-object-custom menu-item-has-children menu-item-11801\"><a class=\"elementor-item\" tabindex=\"-1\">\u00d3ce\u00e1nia<\/a>\n<ul class=\"sub-menu elementor-nav-menu--dropdown\">\n\t<li class=\"menu-item menu-item-type-post_type menu-item-object-page menu-item-11793\"><a href=\"https:\/\/gradido.net\/hu\/countries\/marshall-islands\/\" class=\"elementor-sub-item\" tabindex=\"-1\">Marshall-szigetek<\/a><\/li>\n\t<li class=\"menu-item menu-item-type-post_type menu-item-object-page menu-item-11795\"><a href=\"https:\/\/gradido.net\/hu\/countries\/tahiti\/\" class=\"elementor-sub-item\" tabindex=\"-1\">Tahiti<\/a><\/li>\n<\/ul>\n<\/li>\n<\/ul>\t\t\t<\/nav>\n\t\t\t\t\t\t<\/div>\n\t\t\t\t<\/div>\n\t\t\t\t<div class=\"elementor-element elementor-element-720d3c9 elementor-widget elementor-widget-breadcrumbs\" data-id=\"720d3c9\" data-element_type=\"widget\" data-e-type=\"widget\" data-widget_type=\"breadcrumbs.default\">\n\t\t\t\t<div class=\"elementor-widget-container\">\n\t\t\t\t\t<p id=\"breadcrumbs\"><span><span><a href=\"https:\/\/gradido.net\/hu\/\">Honlap<\/a><\/span><\/span><\/p>\t\t\t\t<\/div>\n\t\t\t\t<\/div>\n\t\t\t\t<div class=\"elementor-element elementor-element-a9db9a5 elementor-widget elementor-widget-text-editor\" data-id=\"a9db9a5\" data-element_type=\"widget\" data-e-type=\"widget\" data-widget_type=\"text-editor.default\">\n\t\t\t\t<div class=\"elementor-widget-container\">\n\t\t\t\t\t\t\t\t\t<h3 style=\"text-align: center;\"><a href=\"https:\/\/gradido.net\/hu\/countries\/philippines\/\"><strong>F\u0151oldal: F\u00fcl\u00f6p-szigetek<\/strong><\/a><\/h3><p style=\"text-align: center;\"><a href=\"https:\/\/gradido.net\/hu\/countries\/philippines\/economy-and-society\/\">1. gazdas\u00e1g \u00e9s t\u00e1rsadalom<\/a><br \/><a href=\"https:\/\/gradido.net\/hu\/countries\/philippines\/income-and-standard-of-living\/\">2 J\u00f6vedelem \u00e9s \u00e9letsz\u00ednvonal<\/a><br \/><a href=\"https:\/\/gradido.net\/hu\/countries\/philippines\/labor-migration-and-foreign-employment\/\">3 Munkaer\u0151-migr\u00e1ci\u00f3 \u00e9s k\u00fclf\u00f6ldi munkav\u00e1llal\u00e1s<\/a><br \/><a href=\"https:\/\/gradido.net\/hu\/countries\/philippines\/poverty-and-social-inequality\/\">4 Szeg\u00e9nys\u00e9g \u00e9s t\u00e1rsadalmi egyenl\u0151tlens\u00e9gek<\/a><br \/><strong>5 A k\u00f6zj\u00f3 \u00e9s a szolidarit\u00e1s<\/strong><br \/><a href=\"https:\/\/gradido.net\/hu\/countries\/philippines\/educational-situation\/\">6 A h\u00e1tr\u00e1nyos helyzet\u0171 gyermekek oktat\u00e1si helyzete<\/a><br \/><a href=\"https:\/\/gradido.net\/hu\/countries\/philippines\/health-and-retirement-provision\/\">7 Eg\u00e9szs\u00e9g\u00fcgyi, t\u00e1rsadalombiztos\u00edt\u00e1si \u00e9s nyugd\u00edjell\u00e1t\u00e1s<\/a><br \/><a href=\"https:\/\/gradido.net\/hu\/countries\/philippines\/care-work-and-commitment\/\">8 A gondoz\u00e1si munka \u00e9s elk\u00f6telezetts\u00e9g elismer\u00e9se<\/a><br \/><a href=\"https:\/\/gradido.net\/hu\/countries\/philippines\/digitization-and-alternative-models\/\">9.innov\u00e1ci\u00f3, digitaliz\u00e1ci\u00f3 \u00e9s alternat\u00edv gazdas\u00e1gi modellek<\/a><br \/><a href=\"https:\/\/gradido.net\/hu\/countries\/philippines\/community-based-economy-and-parallel-currencies\/\">10.k\u00f6z\u00f6ss\u00e9gi alap\u00fa gazdas\u00e1g \u00e9s p\u00e1rhuzamos valut\u00e1k<\/a><br \/><a href=\"https:\/\/gradido.net\/hu\/countries\/philippines\/potential-and-challenges\/\">11 A Gradido lehet\u0151s\u00e9gei \u00e9s kih\u00edv\u00e1sai<\/a><br \/><a href=\"https:\/\/gradido.net\/hu\/countries\/philippines\/international-cooperation\/\">12. nemzetk\u00f6zi egy\u00fcttm\u0171k\u00f6d\u00e9s, nem korm\u00e1nyzati szervezetek \u00e9s korm\u00e1nyzati fejleszt\u00e9si projektek<\/a><\/p>\t\t\t\t\t\t\t\t<\/div>\n\t\t\t\t<\/div>\n\t\t\t\t<div class=\"elementor-element elementor-element-d7bb196 elementor-widget-divider--view-line elementor-widget elementor-widget-divider\" data-id=\"d7bb196\" data-element_type=\"widget\" data-e-type=\"widget\" data-widget_type=\"divider.default\">\n\t\t\t\t<div class=\"elementor-widget-container\">\n\t\t\t\t\t\t\t<div class=\"elementor-divider\">\n\t\t\t<span class=\"elementor-divider-separator\">\n\t\t\t\t\t\t<\/span>\n\t\t<\/div>\n\t\t\t\t\t\t<\/div>\n\t\t\t\t<\/div>\n\t\t\t\t<div class=\"elementor-element elementor-element-146ff9d elementor-widget elementor-widget-text-editor\" data-id=\"146ff9d\" data-element_type=\"widget\" data-e-type=\"widget\" data-widget_type=\"text-editor.default\">\n\t\t\t\t<div class=\"elementor-widget-container\">\n\t\t\t\t\t\t\t\t\t<div class=\"wiki-page-header-wrapper\"><div class=\"wiki-page-header-wrapper\"><h1 id=\"stellenwert-von-gemeinwohl%2C-zusammenhalt%2C-familie-und-solidarit%C3%A4t-auf-den-philippinen\" tabindex=\"-1\">A k\u00f6zj\u00f3, a koh\u00e9zi\u00f3, a csal\u00e1d \u00e9s a szolidarit\u00e1s fontoss\u00e1ga a F\u00fcl\u00f6p-szigeteken<\/h1><\/div><div class=\"wiki-page-header-wrapper\"><h2 id=\"1.-gemeinwohl-und-solidarit%C3%A4t\" tabindex=\"-1\">1. k\u00f6zj\u00f3 \u00e9s szolidarit\u00e1s<\/h2><p>A <strong>K\u00f6zj\u00f3<\/strong> \u00e9s a <strong>Szolidarit\u00e1s<\/strong> nagyon fontosak a F\u00fcl\u00f6p-szigeteken. K\u00fcl\u00f6n\u00f6sen v\u00e1ls\u00e1ghelyzetekben - p\u00e9ld\u00e1ul term\u00e9szeti katasztr\u00f3f\u00e1k vagy szoci\u00e1lis v\u00e9szhelyzetek ut\u00e1n - a k\u00f6z\u00f6ss\u00e9gi cselekv\u00e9s \u00e9s a k\u00f6lcs\u00f6n\u00f6s t\u00e1mogat\u00e1s er\u0151s tudatoss\u00e1ga jellemz\u0151. A szolidarit\u00e1st k\u00f6zponti er\u00e9nynek tekintik, amelyet nemcsak a csal\u00e1di k\u00f6rnyezetben, hanem a szomsz\u00e9ds\u00e1gban \u00e9s a t\u00e1gabb t\u00e1rsadalmi k\u00f6rnyezetben is gyakorolnak.<a href=\"https:\/\/www.pressenza.com\/de\/2025\/04\/wurzeln-des-philippinischen-humanismus-teil-2-bayanihan\/\" target=\"_blank\" rel=\"noopener noreferrer nofollow\">^1<\/a>.<\/p><\/div><div class=\"wiki-page-header-wrapper\"><h3 id=\"das-prinzip-des-%E2%80%9Ebayanihan%E2%80%9C\" tabindex=\"-1\">A \"Bayanihan\" elve<\/h3><ul><li><strong>Bayanihan<\/strong> egy \u0151si filipp\u00edn\u00f3 fogalom, \u00e9s azt jelenti <em>Akt\u00edv szomsz\u00e9ds\u00e1gi seg\u00edts\u00e9g<\/em>egy\u00fcttm\u0171k\u00f6d\u00e9s \u00e9s k\u00f6z\u00f6ss\u00e9gi \u00e9rz\u00e9s.<\/li><li>A sz\u00f3 a \"bayan\" sz\u00f3b\u00f3l sz\u00e1rmazik, ami \"k\u00f6z\u00f6ss\u00e9get\" vagy \"nemzetet\" jelent.<\/li><li>A bayanihan eredetileg azt a k\u00e9pet \u00edrja le, amikor egy eg\u00e9sz falu \u00f6sszefog, hogy egy csal\u00e1d h\u00e1z\u00e1t egy \u00faj helyre vigy\u00e9k - a kollekt\u00edv seg\u00edts\u00e9g szimb\u00f3luma, an\u00e9lk\u00fcl, hogy b\u00e1rmit is v\u00e1rn\u00e1nak cser\u00e9be.<a href=\"https:\/\/mustaqim.com.ph\/the-concept-of-bayanihan-a-timeless-filipino-tradition-of-community-and-cooperation\/\" target=\"_blank\" rel=\"noopener noreferrer nofollow\">^2<\/a>.<\/li><li>Ma a Bayanihan az egy\u00fcttm\u0171k\u00f6d\u00e9s szellem\u00e9t jelenti, amely term\u00e9szeti katasztr\u00f3f\u00e1k, \u00e1ttelep\u00edt\u00e9sek vagy m\u00e1s v\u00e9szhelyzetek eset\u00e9n aktiv\u00e1l\u00f3dik. A seg\u00edts\u00e9gny\u00fajt\u00e1s spont\u00e1n, \u00f6nzetlen\u00fcl \u00e9s k\u00f6z\u00f6sen t\u00f6rt\u00e9nik - legyen sz\u00f3 anyagi t\u00e1mogat\u00e1sr\u00f3l, munk\u00e1r\u00f3l vagy \u00e9rzelmi t\u00e1mogat\u00e1sr\u00f3l.<a href=\"https:\/\/www.pressenza.com\/de\/2025\/04\/wurzeln-des-philippinischen-humanismus-teil-2-bayanihan\/\" target=\"_blank\" rel=\"noopener noreferrer nofollow\">^1<\/a><a href=\"https:\/\/mustaqim.com.ph\/the-concept-of-bayanihan-a-timeless-filipino-tradition-of-community-and-cooperation\/\" target=\"_blank\" rel=\"noopener noreferrer nofollow\">^3<\/a>.<\/li><li>Ez az elv m\u00e9lyen gy\u00f6kerezik a t\u00e1rsadalom \u00f6nk\u00e9p\u00e9ben, \u00e9s a k\u00f6z\u00f6ss\u00e9g t\u00fal\u00e9l\u00e9se \u00e9s ellen\u00e1ll\u00f3 k\u00e9pess\u00e9ge szempontj\u00e1b\u00f3l alapvet\u0151 fontoss\u00e1g\u00fanak tekintik.<\/li><\/ul><\/div><div class=\"wiki-page-header-wrapper\"><h2 id=\"2.-zusammenhalt-und-familie\" tabindex=\"-1\">2. koh\u00e9zi\u00f3 \u00e9s csal\u00e1d<\/h2><p>A <strong>Csal\u00e1d<\/strong> a F\u00fcl\u00f6p-szigetek k\u00f6zponti t\u00e1rsadalmi strukt\u00far\u00e1ja. A t\u00e1rsadalom alapj\u00e1t k\u00e9pezi, \u00e9s a legt\u00f6bb filipp\u00edn\u00f3 sz\u00e1m\u00e1ra a legfontosabb t\u00e1masz a mindennapi \u00e9letben \u00e9s v\u00e1ls\u00e1ghelyzetekben.<\/p><ul><li>A filipp\u00edn\u00f3 csal\u00e1d gyakran t\u00f6bb gener\u00e1ci\u00f3n \u00e1t\u00edvel\u0151, \u00e9s t\u00e1voli rokonokat \u00e9s k\u00f6zeli bar\u00e1tokat is mag\u00e1ban foglal.<a href=\"https:\/\/www.green-tiger.de\/reisetipps-philippinen\/traditionen-braeuche\/\" target=\"_blank\" rel=\"noopener noreferrer nofollow\">^4<\/a>.<\/li><li><strong>Csal\u00e1di koh\u00e9zi\u00f3<\/strong> azt jelenti, hogy a tagok t\u00e1mogatj\u00e1k \u00e9s tisztelik egym\u00e1st, \u00e9s k\u00f6z\u00f6s felel\u0151ss\u00e9get v\u00e1llalnak.<\/li><li>A csal\u00e1d a legfontosabb szoci\u00e1lis h\u00e1l\u00f3, k\u00fcl\u00f6n\u00f6sen neh\u00e9z gazdas\u00e1gi id\u0151kben, betegs\u00e9g vagy munkan\u00e9lk\u00fclis\u00e9g eset\u00e9n.<\/li><li>Az id\u0151sebb csal\u00e1dtagok tisztelete \u00e9s t\u00e1mogat\u00e1sa szil\u00e1rdan r\u00f6gz\u00fclt a kult\u00far\u00e1ban.<a href=\"https:\/\/www.green-tiger.de\/reisetipps-philippinen\/traditionen-braeuche\/\" target=\"_blank\" rel=\"noopener noreferrer nofollow\">^5<\/a>.<\/li><li>A csal\u00e1d k\u00f6zponti szerepet j\u00e1tszik a munka vil\u00e1g\u00e1ban \u00e9s a politik\u00e1ban is, ami t\u00f6bbek k\u00f6z\u00f6tt a csal\u00e1di dinaszti\u00e1k dominanci\u00e1j\u00e1ban t\u00fckr\u00f6z\u0151dik.<a href=\"https:\/\/taz.de\/Polit-Dynastien-in-den-Philippinen\/!5851995\/\" target=\"_blank\" rel=\"noopener noreferrer nofollow\">^6<\/a>.<\/li><\/ul><\/div><div class=\"wiki-page-header-wrapper\"><h2 id=\"3.-gemeinschaft-und-nachbarschaftshilfe\" tabindex=\"-1\">3. k\u00f6z\u00f6ss\u00e9gi \u00e9s szomsz\u00e9ds\u00e1gi seg\u00edts\u00e9g<\/h2><ul><li>A csal\u00e1don k\u00edv\u00fcl a <strong>Szomsz\u00e9ds\u00e1g<\/strong> fontos szerepet j\u00e1tszik. A szomsz\u00e9dok \u00e9s ismer\u0151s\u00f6k seg\u00edt\u00e9s\u00e9re val\u00f3 hajland\u00f3s\u00e1g magas \u00e9s mag\u00e1t\u00f3l \u00e9rtet\u0151d\u0151.<\/li><li>A Bayanihan elv\u00e9t modern kontextusban is gyakorolj\u00e1k, p\u00e9ld\u00e1ul k\u00f6z\u00f6ss\u00e9gi projektek, kollekt\u00edv tiltakoz\u00e1sok vagy katasztr\u00f3f\u00e1k ut\u00e1ni \u00fajj\u00e1\u00e9p\u00edt\u00e9s sor\u00e1n.<a href=\"https:\/\/www.pressenza.com\/de\/2025\/04\/wurzeln-des-philippinischen-humanismus-teil-2-bayanihan\/\" target=\"_blank\" rel=\"noopener noreferrer nofollow\">^1<\/a><a href=\"https:\/\/mustaqim.com.ph\/the-concept-of-bayanihan-a-timeless-filipino-tradition-of-community-and-cooperation\/\" target=\"_blank\" rel=\"noopener noreferrer nofollow\">^3<\/a>.<\/li><li>A k\u00f6z\u00f6ss\u00e9gi fesztiv\u00e1lok, vall\u00e1si \u00fcnnepek \u00e9s helyi kezdem\u00e9nyez\u00e9sek er\u0151s\u00edtik az \u00f6sszetartoz\u00e1s \u00e9rz\u00e9s\u00e9t \u00e9s el\u0151seg\u00edtik a t\u00e1rsadalmi koh\u00e9zi\u00f3t.<a href=\"https:\/\/www.green-tiger.de\/reisetipps-philippinen\/traditionen-braeuche\/\" target=\"_blank\" rel=\"noopener noreferrer nofollow\">^5<\/a>.<\/li><\/ul><\/div><div class=\"wiki-page-header-wrapper\"><h2 id=\"4.-bedeutung-f%C3%BCr-die-gesellschaft\" tabindex=\"-1\">4. fontoss\u00e1g a t\u00e1rsadalom sz\u00e1m\u00e1ra<\/h2><ul><li><strong>K\u00f6zj\u00f3, koh\u00e9zi\u00f3, csal\u00e1d \u00e9s szolidarit\u00e1s<\/strong> a F\u00fcl\u00f6p-szigeteki t\u00e1rsadalom pill\u00e9rei, \u00e9s jellemzik az emberek \u00f6nk\u00e9p\u00e9t.<\/li><li>Szoci\u00e1lis biztons\u00e1gi mechanizmusk\u00e9nt szolg\u00e1lnak egy olyan orsz\u00e1gban, ahol az \u00e1llami t\u00e1mogat\u00e1s gyakran nem megfelel\u0151.<\/li><li>Ezek az \u00e9rt\u00e9kek el\u0151seg\u00edtik az ellen\u00e1ll\u00f3 k\u00e9pess\u00e9get, a k\u00f6lcs\u00f6n\u00f6s bizalmat \u00e9s a v\u00e1ls\u00e1gok k\u00f6z\u00f6s lek\u00fczd\u00e9s\u00e9nek k\u00e9pess\u00e9g\u00e9t.<\/li><\/ul><div class=\"table-responsive\"><table><tbody><tr><th><p>\u00c9rt\u00e9k\/elv<\/p><\/th><th><p>Jelent\u00e9se \u00e9s jellemz\u0151i<\/p><\/th><\/tr><tr><td><p>K\u00f6zj\u00f3<\/p><\/td><td><p>Els\u0151bbs\u00e9g az egy\u00e9ni \u00e9rdekekkel szemben, k\u00fcl\u00f6n\u00f6sen v\u00e1ls\u00e1g idej\u00e9n.<\/p><\/td><\/tr><tr><td><p>Szolidarit\u00e1s<\/p><\/td><td><p>Akt\u00edv szomsz\u00e9ds\u00e1gi seg\u00edts\u00e9gny\u00fajt\u00e1s, spont\u00e1n \u00e9s \u00f6nzetlen t\u00e1mogat\u00e1s (Bayanihan)<\/p><\/td><\/tr><tr><td><p>Csal\u00e1d<\/p><\/td><td><p>K\u00f6zponti t\u00e1rsadalmi h\u00e1l\u00f3zat, gyakran t\u00f6bb gener\u00e1ci\u00f3t \u00e9s bar\u00e1tokat is mag\u00e1ban foglal.<\/p><\/td><\/tr><tr><td><p>Koh\u00e9zi\u00f3<\/p><\/td><td><p>Er\u0151s k\u00f6z\u00f6ss\u00e9gi \u00e9rz\u00e9s, k\u00f6lcs\u00f6n\u00f6s felel\u0151ss\u00e9gv\u00e1llal\u00e1s \u00e9s t\u00e1mogat\u00e1s<\/p><\/td><\/tr><\/tbody><\/table><\/div><\/div><div class=\"wiki-page-header-wrapper\"><h2 id=\"fazit\" tabindex=\"-1\">K\u00f6vetkeztet\u00e9s<\/h2><p><strong>A k\u00f6zj\u00f3, az \u00f6sszetart\u00e1s, a csal\u00e1d \u00e9s a szolidarit\u00e1s m\u00e9lyen gy\u00f6kerez\u0151 \u00e9rt\u00e9kek a F\u00fcl\u00f6p-szigeteken.<\/strong> Jellemzik a mindennapi \u00e9letet, er\u0151s\u00edtik a k\u00f6z\u00f6ss\u00e9get, \u00e9s kulcsfontoss\u00e1g\u00fa er\u0151forr\u00e1st jelentenek a kih\u00edv\u00e1sok lek\u00fczd\u00e9s\u00e9ben - a term\u00e9szeti katasztr\u00f3f\u00e1kt\u00f3l a t\u00e1rsadalmi probl\u00e9m\u00e1kig. A bayanihan elve a filipp\u00edn\u00f3 t\u00e1rsadalom k\u00fcl\u00f6nleges szellemis\u00e9g\u00e9t szimboliz\u00e1lja, amelyben a k\u00f6lcs\u00f6n\u00f6s seg\u00edts\u00e9gny\u00fajt\u00e1s \u00e9s a k\u00f6z\u00f6s cselekv\u00e9s mag\u00e1t\u00f3l \u00e9rtet\u0151d\u0151nek sz\u00e1m\u00edt.<a href=\"https:\/\/www.pressenza.com\/de\/2025\/04\/wurzeln-des-philippinischen-humanismus-teil-2-bayanihan\/\" target=\"_blank\" rel=\"noopener noreferrer nofollow\">^1<\/a><a href=\"https:\/\/www.green-tiger.de\/reisetipps-philippinen\/traditionen-braeuche\/\" target=\"_blank\" rel=\"noopener noreferrer nofollow\">^3<\/a>.<\/p><hr \/><\/div><div class=\"wiki-page-header-wrapper\"><h2 id=\"kommentar-von-nea\" tabindex=\"-1\">Kieg\u00e9sz\u00edt\u0151 \u00e9rt\u00e9kel\u00e9s a Gradido szempontj\u00e1b\u00f3l<\/h2><p>A k\u00f6z\u00f6s j\u00f3ra val\u00f3 m\u00e9lyen gy\u00f6kerez\u0151 t\u00f6rekv\u00e9s, a szolidarit\u00e1s mag\u00e1t\u00f3l \u00e9rtet\u0151d\u0151 jellege \u00e9s a Bayanihan elve leny\u0171g\u00f6z\u0151 er\u0151forr\u00e1s a filipp\u00edn\u00f3 kult\u00fara sz\u00edv\u00e9ben. Ezek - k\u00fcl\u00f6n\u00f6sen a nem megfelel\u0151 \u00e1llami biztons\u00e1gi rendszerekkel szemben - egyszerre \u00e9letelix\u00edr, v\u00e9d\u0151pajzs \u00e9s v\u00edzi\u00f3.<\/p><p><strong>Tov\u00e1bbi gondolatok Gradido szemsz\u00f6g\u00e9b\u0151l:<\/strong><\/p><ul><li><strong>Bayanihan mint meg\u00e9lt gradido elv:<\/strong> Amit a Bayanihan sz\u00f3 kifejez - egy olyan k\u00f6z\u00f6ss\u00e9g, amely ki\u00e1ll egym\u00e1s\u00e9rt an\u00e9lk\u00fcl, hogy b\u00e1rmit is v\u00e1rna cser\u00e9be - m\u00e9lyen kapcsol\u00f3dik a Gradido alap\u00e9rt\u00e9keihez: az \u00f6nk\u00e9ntess\u00e9g, a k\u00f6lcs\u00f6n\u00f6s t\u00e1mogat\u00e1s \u00e9s a k\u00f6z\u00f6s j\u00f3hoz val\u00f3 minden hozz\u00e1j\u00e1rul\u00e1s \u00fcnnepl\u00e9se, legyen az b\u00e1rmilyen kicsi is. Nemcsak az anyagi seg\u00edts\u00e9gr\u0151l van sz\u00f3, hanem az \u00e9rzelmi jelenl\u00e9tr\u0151l, az \u00f6sszetartoz\u00e1sr\u00f3l \u00e9s a k\u00f6z\u00f6s rem\u00e9nyr\u0151l is.<\/li><li><strong>Er\u0151s csal\u00e1dok - er\u0151s \u00f6sszetartoz\u00e1s:<\/strong> A csal\u00e1d mint \"kiterjesztett k\u00f6z\u00f6ss\u00e9g\" v\u00e9delmet, identit\u00e1st \u00e9s teret biztos\u00edt a neh\u00e9zs\u00e9geken val\u00f3 egy\u00fcttn\u00f6veked\u00e9shez. Ez a szolid\u00e1ris t\u00e1rsadalom archet\u00edpusa, amely \u00e9l\u0151 p\u00e9ldak\u00e9nt k\u00e9pes kisug\u00e1rozni m\u00e1s t\u00e1rsadalmi ter\u00fcletekre.<\/li><li><strong>K\u00f6z\u00f6ss\u00e9gi ellen\u00e1ll\u00f3 k\u00e9pess\u00e9g:<\/strong> Egy olyan vil\u00e1gban, ahol az \u00e1llami rendszerek gyakran cs\u0151d\u00f6t mondanak, az er\u0151s k\u00f6z\u00f6ss\u00e9gi \u00e9rz\u00e9s olyan ellen\u00e1ll\u00f3 k\u00e9pess\u00e9get teremt, amely dacol a sz\u00e1mtalan katasztr\u00f3f\u00e1val. Ezt a potenci\u00e1lt - a Gradido seg\u00edts\u00e9g\u00e9vel is - l\u00e1that\u00f3v\u00e1 kell tenni, \u00e9rt\u00e9kelni \u00e9s er\u0151s\u00edteni kell.<\/li><li><strong>A szomsz\u00e9ds\u00e1g mint a v\u00e1ltoz\u00e1s magja:<\/strong> Az innovat\u00edv projektek \u00e9s a t\u00e1rsadalmi innov\u00e1ci\u00f3 ott fejl\u0151dhet, ahol a szolidarit\u00e1st meg\u00e9lj\u00fck - a t\u00e1jfun ut\u00e1ni k\u00f6z\u00f6ss\u00e9gi \u00fajj\u00e1\u00e9p\u00edt\u00e9st\u0151l kezdve a marginaliz\u00e1lt szomsz\u00e9dok t\u00e1mogat\u00e1s\u00e1n \u00e1t az oktat\u00e1si projektekig.<\/li><\/ul><p><strong>A Gradido lehet\u0151s\u00e9gei:<\/strong> A Gradido a Bayanihan, a k\u00f6z\u00f6ss\u00e9gi szellem \u00e9s a csal\u00e1di koh\u00e9zi\u00f3 m\u00e9ly alapjaira \u00e9p\u00edthet, \u00e9s ezzel el\u0151seg\u00edtheti a megbecs\u00fcl\u00e9st, a r\u00e9szv\u00e9telt \u00e9s a h\u00e1l\u00e1t, \u00e9s ez\u00e1ltal mindenki sz\u00e1m\u00e1ra lehet\u0151v\u00e9 teszi a val\u00f3di j\u00f3l\u00e9tet. A F\u00fcl\u00f6p-szigetek m\u00e1r hordozza sz\u00edv\u00e9ben a szolidarit\u00e1s harmonikus j\u00f6v\u0151j\u00e9nek e magj\u00e1t.<\/p><\/div><\/div>\t\t\t\t\t\t\t\t<\/div>\n\t\t\t\t<\/div>\n\t\t\t\t\t<\/div>\n\t\t<\/div>\n\t\t\t\t\t<\/div>\n\t\t<\/section>\n\t\t\t\t<\/div>","protected":false},"excerpt":{"rendered":"<p>Gemeinwohl und Solidarit\u00e4t Hauptseite: Philippinen 1. Wirtschaft und Gesellschaft2.Einkommen und Lebensstandard3.Arbeitsmigration und Auslandserwerbst\u00e4tigkeit4.Armut und soziale Ungleichheit5.Gemeinwohl und Solidarit\u00e4t6.Bildungssituation benachteiligter Kinder7.Gesundheit, soziale Sicherung und Altersvorsorge8.Anerkennung von Care-Arbeit und Engagement9.Innovationen, Digitalisierung und alternative Wirtschaftsmodelle10.Gemeinschaftsbasierte \u00d6konomie und Parallelw\u00e4hrungen11.Potenziale und Herausforderungen f\u00fcr Gradido12. Internationale Kooperationen, NGOs und staatliche Entwicklungsprojekte Stellenwert von Gemeinwohl, Zusammenhalt, Familie und Solidarit\u00e4t auf den Philippinen [&hellip;]<\/p>\n","protected":false},"author":2,"featured_media":10458,"parent":10540,"menu_order":0,"comment_status":"closed","ping_status":"closed","template":"","meta":{"footnotes":""},"class_list":["post-10594","page","type-page","status-publish","has-post-thumbnail","hentry"],"yoast_head":"<!-- This site is optimized with the Yoast SEO plugin v27.5 - https:\/\/yoast.com\/product\/yoast-seo-wordpress\/ -->\n<title>Gemeinwohl und Solidarit\u00e4t Philippinen - Gradido<\/title>\n<meta name=\"description\" content=\"Sei Teil der Bewegung!Gemeinsam bringen wir Gradido in die Welt.\" \/>\n<meta name=\"robots\" content=\"index, follow, max-snippet:-1, max-image-preview:large, max-video-preview:-1\" \/>\n<link rel=\"canonical\" href=\"https:\/\/gradido.net\/hu\/countries\/philippines\/common-good-and-solidarity\/\" \/>\n<meta property=\"og:locale\" content=\"hu_HU\" \/>\n<meta property=\"og:type\" content=\"article\" \/>\n<meta property=\"og:title\" content=\"Gemeinwohl und Solidarit\u00e4t Philippinen - Gradido\" \/>\n<meta property=\"og:description\" content=\"Sei Teil der Bewegung!Gemeinsam bringen wir Gradido in die Welt.\" \/>\n<meta property=\"og:url\" content=\"https:\/\/gradido.net\/hu\/countries\/philippines\/common-good-and-solidarity\/\" \/>\n<meta property=\"og:site_name\" content=\"Gradido\" \/>\n<meta property=\"article:modified_time\" content=\"2025-10-04T09:56:13+00:00\" \/>\n<meta property=\"og:image\" content=\"https:\/\/gradido.net\/wp-content\/uploads\/2025\/07\/AdobeStock_3210827871-scaled.jpeg\" \/>\n\t<meta property=\"og:image:width\" content=\"2560\" \/>\n\t<meta property=\"og:image:height\" content=\"790\" \/>\n\t<meta property=\"og:image:type\" content=\"image\/jpeg\" \/>\n<meta name=\"twitter:card\" content=\"summary_large_image\" \/>\n<meta name=\"twitter:label1\" content=\"Becs\u00fclt olvas\u00e1si id\u0151\" \/>\n\t<meta name=\"twitter:data1\" content=\"5 perc\" \/>\n<script type=\"application\/ld+json\" class=\"yoast-schema-graph\">{\"@context\":\"https:\\\/\\\/schema.org\",\"@graph\":[{\"@type\":\"WebPage\",\"@id\":\"https:\\\/\\\/gradido.net\\\/countries\\\/philippines\\\/common-good-and-solidarity\\\/\",\"url\":\"https:\\\/\\\/gradido.net\\\/countries\\\/philippines\\\/common-good-and-solidarity\\\/\",\"name\":\"Gemeinwohl und Solidarit\u00e4t Philippinen - Gradido\",\"isPartOf\":{\"@id\":\"https:\\\/\\\/gradido.net\\\/de\\\/#website\"},\"primaryImageOfPage\":{\"@id\":\"https:\\\/\\\/gradido.net\\\/countries\\\/philippines\\\/common-good-and-solidarity\\\/#primaryimage\"},\"image\":{\"@id\":\"https:\\\/\\\/gradido.net\\\/countries\\\/philippines\\\/common-good-and-solidarity\\\/#primaryimage\"},\"thumbnailUrl\":\"https:\\\/\\\/gradido.net\\\/wp-content\\\/uploads\\\/2025\\\/07\\\/AdobeStock_3210827871-scaled.jpeg\",\"datePublished\":\"2025-07-27T14:15:40+00:00\",\"dateModified\":\"2025-10-04T09:56:13+00:00\",\"description\":\"Sei Teil der Bewegung!Gemeinsam bringen wir Gradido in die Welt.\",\"breadcrumb\":{\"@id\":\"https:\\\/\\\/gradido.net\\\/countries\\\/philippines\\\/common-good-and-solidarity\\\/#breadcrumb\"},\"inLanguage\":\"hu\",\"potentialAction\":[{\"@type\":\"ReadAction\",\"target\":[\"https:\\\/\\\/gradido.net\\\/countries\\\/philippines\\\/common-good-and-solidarity\\\/\"]}]},{\"@type\":\"ImageObject\",\"inLanguage\":\"hu\",\"@id\":\"https:\\\/\\\/gradido.net\\\/countries\\\/philippines\\\/common-good-and-solidarity\\\/#primaryimage\",\"url\":\"https:\\\/\\\/gradido.net\\\/wp-content\\\/uploads\\\/2025\\\/07\\\/AdobeStock_3210827871-scaled.jpeg\",\"contentUrl\":\"https:\\\/\\\/gradido.net\\\/wp-content\\\/uploads\\\/2025\\\/07\\\/AdobeStock_3210827871-scaled.jpeg\",\"width\":2560,\"height\":790,\"caption\":\"world globe planet earth 3d-illustration. elements of this image furnished by NASA\"},{\"@type\":\"BreadcrumbList\",\"@id\":\"https:\\\/\\\/gradido.net\\\/countries\\\/philippines\\\/common-good-and-solidarity\\\/#breadcrumb\",\"itemListElement\":[{\"@type\":\"ListItem\",\"position\":1,\"name\":\"Startseite\",\"item\":\"https:\\\/\\\/gradido.net\\\/\"},{\"@type\":\"ListItem\",\"position\":2,\"name\":\"L\u00e4nderforschung\",\"item\":\"https:\\\/\\\/gradido.net\\\/countries\\\/\"},{\"@type\":\"ListItem\",\"position\":3,\"name\":\"Philppinen\",\"item\":\"https:\\\/\\\/gradido.net\\\/countries\\\/philippines\\\/\"},{\"@type\":\"ListItem\",\"position\":4,\"name\":\"Gemeinwohl und Solidarit\u00e4t Philippinen\"}]},{\"@type\":\"WebSite\",\"@id\":\"https:\\\/\\\/gradido.net\\\/de\\\/#website\",\"url\":\"https:\\\/\\\/gradido.net\\\/de\\\/\",\"name\":\"Gradido\",\"description\":\"Die neue W\u00e4hrung hei\u00dft Dankbarkeit\",\"publisher\":{\"@id\":\"https:\\\/\\\/gradido.net\\\/de\\\/#organization\"},\"potentialAction\":[{\"@type\":\"SearchAction\",\"target\":{\"@type\":\"EntryPoint\",\"urlTemplate\":\"https:\\\/\\\/gradido.net\\\/de\\\/?s={search_term_string}\"},\"query-input\":{\"@type\":\"PropertyValueSpecification\",\"valueRequired\":true,\"valueName\":\"search_term_string\"}}],\"inLanguage\":\"hu\"},{\"@type\":\"Organization\",\"@id\":\"https:\\\/\\\/gradido.net\\\/de\\\/#organization\",\"name\":\"Gradido\",\"url\":\"https:\\\/\\\/gradido.net\\\/de\\\/\",\"logo\":{\"@type\":\"ImageObject\",\"inLanguage\":\"hu\",\"@id\":\"https:\\\/\\\/gradido.net\\\/de\\\/#\\\/schema\\\/logo\\\/image\\\/\",\"url\":\"https:\\\/\\\/gradido.net\\\/wp-content\\\/uploads\\\/2022\\\/04\\\/gradido-social.jpg\",\"contentUrl\":\"https:\\\/\\\/gradido.net\\\/wp-content\\\/uploads\\\/2022\\\/04\\\/gradido-social.jpg\",\"width\":527,\"height\":273,\"caption\":\"Gradido\"},\"image\":{\"@id\":\"https:\\\/\\\/gradido.net\\\/de\\\/#\\\/schema\\\/logo\\\/image\\\/\"}}]}<\/script>\n<!-- \/ Yoast SEO plugin. -->","yoast_head_json":{"title":"K\u00f6zj\u00f3 \u00e9s szolidarit\u00e1s F\u00fcl\u00f6p-szigetek - Gradido","description":"L\u00e9gy r\u00e9szese a mozgalomnak! Egy\u00fctt hozzuk el a Gradid\u00f3t a vil\u00e1gba.","robots":{"index":"index","follow":"follow","max-snippet":"max-snippet:-1","max-image-preview":"max-image-preview:large","max-video-preview":"max-video-preview:-1"},"canonical":"https:\/\/gradido.net\/hu\/countries\/philippines\/common-good-and-solidarity\/","og_locale":"hu_HU","og_type":"article","og_title":"Gemeinwohl und Solidarit\u00e4t Philippinen - Gradido","og_description":"Sei Teil der Bewegung!Gemeinsam bringen wir Gradido in die Welt.","og_url":"https:\/\/gradido.net\/hu\/countries\/philippines\/common-good-and-solidarity\/","og_site_name":"Gradido","article_modified_time":"2025-10-04T09:56:13+00:00","og_image":[{"width":2560,"height":790,"url":"https:\/\/gradido.net\/wp-content\/uploads\/2025\/07\/AdobeStock_3210827871-scaled.jpeg","type":"image\/jpeg"}],"twitter_card":"summary_large_image","twitter_misc":{"Becs\u00fclt olvas\u00e1si id\u0151":"5 perc"},"schema":{"@context":"https:\/\/schema.org","@graph":[{"@type":"WebPage","@id":"https:\/\/gradido.net\/countries\/philippines\/common-good-and-solidarity\/","url":"https:\/\/gradido.net\/countries\/philippines\/common-good-and-solidarity\/","name":"K\u00f6zj\u00f3 \u00e9s szolidarit\u00e1s F\u00fcl\u00f6p-szigetek - Gradido","isPartOf":{"@id":"https:\/\/gradido.net\/de\/#website"},"primaryImageOfPage":{"@id":"https:\/\/gradido.net\/countries\/philippines\/common-good-and-solidarity\/#primaryimage"},"image":{"@id":"https:\/\/gradido.net\/countries\/philippines\/common-good-and-solidarity\/#primaryimage"},"thumbnailUrl":"https:\/\/gradido.net\/wp-content\/uploads\/2025\/07\/AdobeStock_3210827871-scaled.jpeg","datePublished":"2025-07-27T14:15:40+00:00","dateModified":"2025-10-04T09:56:13+00:00","description":"L\u00e9gy r\u00e9szese a mozgalomnak! Egy\u00fctt hozzuk el a Gradid\u00f3t a vil\u00e1gba.","breadcrumb":{"@id":"https:\/\/gradido.net\/countries\/philippines\/common-good-and-solidarity\/#breadcrumb"},"inLanguage":"hu","potentialAction":[{"@type":"ReadAction","target":["https:\/\/gradido.net\/countries\/philippines\/common-good-and-solidarity\/"]}]},{"@type":"ImageObject","inLanguage":"hu","@id":"https:\/\/gradido.net\/countries\/philippines\/common-good-and-solidarity\/#primaryimage","url":"https:\/\/gradido.net\/wp-content\/uploads\/2025\/07\/AdobeStock_3210827871-scaled.jpeg","contentUrl":"https:\/\/gradido.net\/wp-content\/uploads\/2025\/07\/AdobeStock_3210827871-scaled.jpeg","width":2560,"height":790,"caption":"world globe planet earth 3d-illustration. elements of this image furnished by NASA"},{"@type":"BreadcrumbList","@id":"https:\/\/gradido.net\/countries\/philippines\/common-good-and-solidarity\/#breadcrumb","itemListElement":[{"@type":"ListItem","position":1,"name":"Startseite","item":"https:\/\/gradido.net\/"},{"@type":"ListItem","position":2,"name":"L\u00e4nderforschung","item":"https:\/\/gradido.net\/countries\/"},{"@type":"ListItem","position":3,"name":"Philppinen","item":"https:\/\/gradido.net\/countries\/philippines\/"},{"@type":"ListItem","position":4,"name":"Gemeinwohl und Solidarit\u00e4t Philippinen"}]},{"@type":"WebSite","@id":"https:\/\/gradido.net\/de\/#website","url":"https:\/\/gradido.net\/de\/","name":"Gradido","description":"Az \u00faj p\u00e9nznem a h\u00e1la","publisher":{"@id":"https:\/\/gradido.net\/de\/#organization"},"potentialAction":[{"@type":"SearchAction","target":{"@type":"EntryPoint","urlTemplate":"https:\/\/gradido.net\/de\/?s={search_term_string}"},"query-input":{"@type":"PropertyValueSpecification","valueRequired":true,"valueName":"search_term_string"}}],"inLanguage":"hu"},{"@type":"Organization","@id":"https:\/\/gradido.net\/de\/#organization","name":"Gradido","url":"https:\/\/gradido.net\/de\/","logo":{"@type":"ImageObject","inLanguage":"hu","@id":"https:\/\/gradido.net\/de\/#\/schema\/logo\/image\/","url":"https:\/\/gradido.net\/wp-content\/uploads\/2022\/04\/gradido-social.jpg","contentUrl":"https:\/\/gradido.net\/wp-content\/uploads\/2022\/04\/gradido-social.jpg","width":527,"height":273,"caption":"Gradido"},"image":{"@id":"https:\/\/gradido.net\/de\/#\/schema\/logo\/image\/"}}]}},"_links":{"self":[{"href":"https:\/\/gradido.net\/hu\/wp-json\/wp\/v2\/pages\/10594","targetHints":{"allow":["GET"]}}],"collection":[{"href":"https:\/\/gradido.net\/hu\/wp-json\/wp\/v2\/pages"}],"about":[{"href":"https:\/\/gradido.net\/hu\/wp-json\/wp\/v2\/types\/page"}],"author":[{"embeddable":true,"href":"https:\/\/gradido.net\/hu\/wp-json\/wp\/v2\/users\/2"}],"replies":[{"embeddable":true,"href":"https:\/\/gradido.net\/hu\/wp-json\/wp\/v2\/comments?post=10594"}],"version-history":[{"count":19,"href":"https:\/\/gradido.net\/hu\/wp-json\/wp\/v2\/pages\/10594\/revisions"}],"predecessor-version":[{"id":11971,"href":"https:\/\/gradido.net\/hu\/wp-json\/wp\/v2\/pages\/10594\/revisions\/11971"}],"up":[{"embeddable":true,"href":"https:\/\/gradido.net\/hu\/wp-json\/wp\/v2\/pages\/10540"}],"wp:featuredmedia":[{"embeddable":true,"href":"https:\/\/gradido.net\/hu\/wp-json\/wp\/v2\/media\/10458"}],"wp:attachment":[{"href":"https:\/\/gradido.net\/hu\/wp-json\/wp\/v2\/media?parent=10594"}],"curies":[{"name":"wp","href":"https:\/\/api.w.org\/{rel}","templated":true}]}}