{"id":10612,"date":"2025-07-27T16:47:59","date_gmt":"2025-07-27T14:47:59","guid":{"rendered":"https:\/\/gradido.net\/?page_id=10612"},"modified":"2025-10-04T11:57:09","modified_gmt":"2025-10-04T09:57:09","slug":"educational-situation","status":"publish","type":"page","link":"https:\/\/gradido.net\/hu\/countries\/philippines\/educational-situation\/","title":{"rendered":"A h\u00e1tr\u00e1nyos helyzet\u0171 gyermekek oktat\u00e1si helyzete F\u00fcl\u00f6p-szigetek"},"content":{"rendered":"<div data-elementor-type=\"wp-page\" data-elementor-id=\"10612\" class=\"elementor elementor-10612\" data-elementor-post-type=\"page\">\n\t\t\t\t\t\t<section class=\"elementor-section elementor-top-section elementor-element elementor-element-4ce3e8af elementor-section-full_width elementor-section-height-default elementor-section-height-default\" data-id=\"4ce3e8af\" data-element_type=\"section\" data-e-type=\"section\">\n\t\t\t\t\t\t<div class=\"elementor-container elementor-column-gap-no\">\n\t\t\t\t\t<div class=\"elementor-column elementor-col-100 elementor-top-column elementor-element elementor-element-efa8c8c\" data-id=\"efa8c8c\" data-element_type=\"column\" data-e-type=\"column\">\n\t\t\t<div class=\"elementor-widget-wrap elementor-element-populated\">\n\t\t\t\t\t\t<div class=\"elementor-element elementor-element-e088aa4 elementor--h-position-center elementor--v-position-middle elementor-arrows-position-inside elementor-widget elementor-widget-slides\" data-id=\"e088aa4\" data-element_type=\"widget\" data-e-type=\"widget\" data-settings=\"{&quot;navigation&quot;:&quot;arrows&quot;,&quot;autoplay&quot;:&quot;yes&quot;,&quot;pause_on_hover&quot;:&quot;yes&quot;,&quot;pause_on_interaction&quot;:&quot;yes&quot;,&quot;autoplay_speed&quot;:5000,&quot;infinite&quot;:&quot;yes&quot;,&quot;transition&quot;:&quot;slide&quot;,&quot;transition_speed&quot;:500}\" data-widget_type=\"slides.default\">\n\t\t\t\t<div class=\"elementor-widget-container\">\n\t\t\t\t\t\t\t\t\t<div class=\"elementor-swiper\">\n\t\t\t\t\t<div class=\"elementor-slides-wrapper elementor-main-swiper swiper\" role=\"region\" aria-roledescription=\"carousel\" aria-label=\"Cs\u00faszka\" dir=\"ltr\" data-animation=\"fadeInUp\">\n\t\t\t\t<div class=\"swiper-wrapper elementor-slides\">\n\t\t\t\t\t\t\t\t\t\t<div class=\"elementor-repeater-item-2de4990 swiper-slide\" role=\"group\" aria-roledescription=\"slide\"><div class=\"swiper-slide-bg\" role=\"img\" aria-label=\"manila-4503501_1280\"><\/div><div class=\"swiper-slide-inner\" ><div class=\"swiper-slide-contents\"><\/div><\/div><\/div><div class=\"elementor-repeater-item-28f126e swiper-slide\" role=\"group\" aria-roledescription=\"slide\"><div class=\"swiper-slide-bg\" role=\"img\" aria-label=\"philippines-4951855_1280\"><\/div><div class=\"swiper-slide-inner\" ><div class=\"swiper-slide-contents\"><\/div><\/div><\/div><div class=\"elementor-repeater-item-992da35 swiper-slide\" role=\"group\" aria-roledescription=\"slide\"><div class=\"swiper-slide-bg\" role=\"img\" aria-label=\"manila-2256322_1280\"><\/div><div class=\"swiper-slide-inner\" ><div class=\"swiper-slide-contents\"><\/div><\/div><\/div>\t\t\t\t<\/div>\n\t\t\t\t\t\t\t\t\t\t\t\t\t\t\t<div class=\"elementor-swiper-button elementor-swiper-button-prev\" role=\"button\" tabindex=\"0\" aria-label=\"El\u0151z\u0151 dia\">\n\t\t\t\t\t\t\t<i aria-hidden=\"true\" class=\"eicon-chevron-left\"><\/i>\t\t\t\t\t\t<\/div>\n\t\t\t\t\t\t<div class=\"elementor-swiper-button elementor-swiper-button-next\" role=\"button\" tabindex=\"0\" aria-label=\"K\u00f6vetkez\u0151 dia\">\n\t\t\t\t\t\t\t<i aria-hidden=\"true\" class=\"eicon-chevron-right\"><\/i>\t\t\t\t\t\t<\/div>\n\t\t\t\t\t\t\t\t\t\t\t\t\t\t\t\t\t<\/div>\n\t\t\t\t<\/div>\n\t\t\t\t\t\t\t\t<\/div>\n\t\t\t\t<\/div>\n\t\t\t\t\t<\/div>\n\t\t<\/div>\n\t\t\t\t\t<\/div>\n\t\t<\/section>\n\t\t\t\t<section class=\"elementor-section elementor-top-section elementor-element elementor-element-240baa7a elementor-section-boxed elementor-section-height-default elementor-section-height-default\" data-id=\"240baa7a\" data-element_type=\"section\" data-e-type=\"section\" data-settings=\"{&quot;background_background&quot;:&quot;classic&quot;}\">\n\t\t\t\t\t\t<div class=\"elementor-container elementor-column-gap-default\">\n\t\t\t\t\t<div class=\"elementor-column elementor-col-100 elementor-top-column elementor-element elementor-element-1afe9e42\" data-id=\"1afe9e42\" data-element_type=\"column\" data-e-type=\"column\">\n\t\t\t<div class=\"elementor-widget-wrap elementor-element-populated\">\n\t\t\t\t\t\t<div class=\"elementor-element elementor-element-65bd50ae elementor-widget elementor-widget-heading\" data-id=\"65bd50ae\" data-element_type=\"widget\" data-e-type=\"widget\" data-widget_type=\"heading.default\">\n\t\t\t\t<div class=\"elementor-widget-container\">\n\t\t\t\t\t<h1 class=\"elementor-heading-title elementor-size-default\">A h\u00e1tr\u00e1nyos helyzet\u0171 gyermekek oktat\u00e1si helyzete<\/h1>\t\t\t\t<\/div>\n\t\t\t\t<\/div>\n\t\t\t\t\t<\/div>\n\t\t<\/div>\n\t\t\t\t\t<\/div>\n\t\t<\/section>\n\t\t\t\t<section class=\"elementor-section elementor-top-section elementor-element elementor-element-446540f elementor-section-boxed elementor-section-height-default elementor-section-height-default\" data-id=\"446540f\" data-element_type=\"section\" data-e-type=\"section\">\n\t\t\t\t\t\t<div class=\"elementor-container elementor-column-gap-default\">\n\t\t\t\t\t<div class=\"elementor-column elementor-col-100 elementor-top-column elementor-element elementor-element-312a2d3\" data-id=\"312a2d3\" data-element_type=\"column\" data-e-type=\"column\">\n\t\t\t<div class=\"elementor-widget-wrap elementor-element-populated\">\n\t\t\t\t\t\t<div class=\"elementor-element elementor-element-48c75da elementor-nav-menu--dropdown-tablet elementor-nav-menu__text-align-aside elementor-nav-menu--toggle elementor-nav-menu--burger elementor-widget elementor-widget-nav-menu\" data-id=\"48c75da\" data-element_type=\"widget\" data-e-type=\"widget\" data-settings=\"{&quot;layout&quot;:&quot;horizontal&quot;,&quot;submenu_icon&quot;:{&quot;value&quot;:&quot;&lt;i class=\\&quot;fas fa-caret-down\\&quot; aria-hidden=\\&quot;true\\&quot;&gt;&lt;\\\/i&gt;&quot;,&quot;library&quot;:&quot;fa-solid&quot;},&quot;toggle&quot;:&quot;burger&quot;}\" data-widget_type=\"nav-menu.default\">\n\t\t\t\t<div class=\"elementor-widget-container\">\n\t\t\t\t\t\t\t\t<nav aria-label=\"Orsz\u00e1gkutat\u00e1s\" class=\"elementor-nav-menu--main elementor-nav-menu__container elementor-nav-menu--layout-horizontal e--pointer-underline e--animation-grow\">\n\t\t\t\t<ul id=\"menu-1-48c75da\" class=\"elementor-nav-menu\"><li class=\"menu-item menu-item-type-custom menu-item-object-custom menu-item-has-children menu-item-12305\"><a class=\"elementor-item\">Afrika<\/a>\n<ul class=\"sub-menu elementor-nav-menu--dropdown\">\n\t<li class=\"menu-item menu-item-type-post_type menu-item-object-page menu-item-12253\"><a href=\"https:\/\/gradido.net\/hu\/countries\/afrika\/\" class=\"elementor-sub-item\">Afrika, az eg\u00e9sz kontinens<\/a><\/li>\n\t<li class=\"menu-item menu-item-type-post_type menu-item-object-page menu-item-13097\"><a href=\"https:\/\/gradido.net\/hu\/countries\/afrika\/dr-congo\/\" class=\"elementor-sub-item\">Kong\u00f3i Demokratikus K\u00f6zt\u00e1rsas\u00e1g<\/a><\/li>\n\t<li class=\"menu-item menu-item-type-post_type menu-item-object-page menu-item-12414\"><a href=\"https:\/\/gradido.net\/hu\/countries\/afrika\/kenya\/\" class=\"elementor-sub-item\">Kenya<\/a><\/li>\n\t<li class=\"menu-item menu-item-type-post_type menu-item-object-page menu-item-12737\"><a href=\"https:\/\/gradido.net\/hu\/countries\/afrika\/madagascar\/\" class=\"elementor-sub-item\">Madagaszk\u00e1r<\/a><\/li>\n\t<li class=\"menu-item menu-item-type-post_type menu-item-object-page menu-item-12148\"><a href=\"https:\/\/gradido.net\/hu\/countries\/afrika\/namibia\/\" class=\"elementor-sub-item\">Nam\u00edbia<\/a><\/li>\n\t<li class=\"menu-item menu-item-type-post_type menu-item-object-page menu-item-12839\"><a href=\"https:\/\/gradido.net\/hu\/countries\/afrika\/rwanda\/\" class=\"elementor-sub-item\">Ruanda<\/a><\/li>\n<\/ul>\n<\/li>\n<li class=\"menu-item menu-item-type-custom menu-item-object-custom menu-item-has-children menu-item-11798\"><a class=\"elementor-item\">Amerika<\/a>\n<ul class=\"sub-menu elementor-nav-menu--dropdown\">\n\t<li class=\"menu-item menu-item-type-post_type menu-item-object-page menu-item-12463\"><a href=\"https:\/\/gradido.net\/hu\/countries\/usa\/\" class=\"elementor-sub-item\">USA<\/a><\/li>\n\t<li class=\"menu-item menu-item-type-post_type menu-item-object-page menu-item-11791\"><a href=\"https:\/\/gradido.net\/hu\/countries\/mexico\/\" class=\"elementor-sub-item\">Mexik\u00f3<\/a><\/li>\n<\/ul>\n<\/li>\n<li class=\"menu-item menu-item-type-custom menu-item-object-custom menu-item-has-children menu-item-11800\"><a class=\"elementor-item\">\u00c1zsia<\/a>\n<ul class=\"sub-menu elementor-nav-menu--dropdown\">\n\t<li class=\"menu-item menu-item-type-post_type menu-item-object-page menu-item-11794\"><a href=\"https:\/\/gradido.net\/hu\/countries\/maledives\/\" class=\"elementor-sub-item\">Mald\u00edv-szigetek<\/a><\/li>\n\t<li class=\"menu-item menu-item-type-post_type menu-item-object-page menu-item-11790\"><a href=\"https:\/\/gradido.net\/hu\/countries\/philippines\/\" class=\"elementor-sub-item\">F\u00fcl\u00f6p-szigetek<\/a><\/li>\n\t<li class=\"menu-item menu-item-type-post_type menu-item-object-page menu-item-11802\"><a href=\"https:\/\/gradido.net\/hu\/countries\/saudi-arabia\/\" class=\"elementor-sub-item\">Sza\u00fad-Ar\u00e1bia<\/a><\/li>\n<\/ul>\n<\/li>\n<li class=\"menu-item menu-item-type-custom menu-item-object-custom menu-item-has-children menu-item-11797\"><a class=\"elementor-item\">Eur\u00f3pa<\/a>\n<ul class=\"sub-menu elementor-nav-menu--dropdown\">\n\t<li class=\"menu-item menu-item-type-post_type menu-item-object-page menu-item-11805\"><a href=\"https:\/\/gradido.net\/hu\/countries\/germany\/\" class=\"elementor-sub-item\">N\u00e9metorsz\u00e1g<\/a><\/li>\n\t<li class=\"menu-item menu-item-type-post_type menu-item-object-page menu-item-11803\"><a href=\"https:\/\/gradido.net\/hu\/countries\/greece\/\" class=\"elementor-sub-item\">G\u00f6r\u00f6gorsz\u00e1g<\/a><\/li>\n\t<li class=\"menu-item menu-item-type-post_type menu-item-object-page menu-item-11788\"><a href=\"https:\/\/gradido.net\/hu\/countries\/spain\/\" class=\"elementor-sub-item\">Spanyolorsz\u00e1g<\/a><\/li>\n<\/ul>\n<\/li>\n<li class=\"menu-item menu-item-type-custom menu-item-object-custom menu-item-has-children menu-item-11801\"><a class=\"elementor-item\">\u00d3ce\u00e1nia<\/a>\n<ul class=\"sub-menu elementor-nav-menu--dropdown\">\n\t<li class=\"menu-item menu-item-type-post_type menu-item-object-page menu-item-11793\"><a href=\"https:\/\/gradido.net\/hu\/countries\/marshall-islands\/\" class=\"elementor-sub-item\">Marshall-szigetek<\/a><\/li>\n\t<li class=\"menu-item menu-item-type-post_type menu-item-object-page menu-item-11795\"><a href=\"https:\/\/gradido.net\/hu\/countries\/tahiti\/\" class=\"elementor-sub-item\">Tahiti<\/a><\/li>\n<\/ul>\n<\/li>\n<\/ul>\t\t\t<\/nav>\n\t\t\t\t\t<div class=\"elementor-menu-toggle\" role=\"button\" tabindex=\"0\" aria-label=\"Men\u00fc kapcsol\u00f3\" aria-expanded=\"false\">\n\t\t\t<i aria-hidden=\"true\" role=\"presentation\" class=\"elementor-menu-toggle__icon--open eicon-menu-bar\"><\/i><i aria-hidden=\"true\" role=\"presentation\" class=\"elementor-menu-toggle__icon--close eicon-close\"><\/i>\t\t<\/div>\n\t\t\t\t\t<nav class=\"elementor-nav-menu--dropdown elementor-nav-menu__container\" aria-hidden=\"true\">\n\t\t\t\t<ul id=\"menu-2-48c75da\" class=\"elementor-nav-menu\"><li class=\"menu-item menu-item-type-custom menu-item-object-custom menu-item-has-children menu-item-12305\"><a class=\"elementor-item\" tabindex=\"-1\">Afrika<\/a>\n<ul class=\"sub-menu elementor-nav-menu--dropdown\">\n\t<li class=\"menu-item menu-item-type-post_type menu-item-object-page menu-item-12253\"><a href=\"https:\/\/gradido.net\/hu\/countries\/afrika\/\" class=\"elementor-sub-item\" tabindex=\"-1\">Afrika, az eg\u00e9sz kontinens<\/a><\/li>\n\t<li class=\"menu-item menu-item-type-post_type menu-item-object-page menu-item-13097\"><a href=\"https:\/\/gradido.net\/hu\/countries\/afrika\/dr-congo\/\" class=\"elementor-sub-item\" tabindex=\"-1\">Kong\u00f3i Demokratikus K\u00f6zt\u00e1rsas\u00e1g<\/a><\/li>\n\t<li class=\"menu-item menu-item-type-post_type menu-item-object-page menu-item-12414\"><a href=\"https:\/\/gradido.net\/hu\/countries\/afrika\/kenya\/\" class=\"elementor-sub-item\" tabindex=\"-1\">Kenya<\/a><\/li>\n\t<li class=\"menu-item menu-item-type-post_type menu-item-object-page menu-item-12737\"><a href=\"https:\/\/gradido.net\/hu\/countries\/afrika\/madagascar\/\" class=\"elementor-sub-item\" tabindex=\"-1\">Madagaszk\u00e1r<\/a><\/li>\n\t<li class=\"menu-item menu-item-type-post_type menu-item-object-page menu-item-12148\"><a href=\"https:\/\/gradido.net\/hu\/countries\/afrika\/namibia\/\" class=\"elementor-sub-item\" tabindex=\"-1\">Nam\u00edbia<\/a><\/li>\n\t<li class=\"menu-item menu-item-type-post_type menu-item-object-page menu-item-12839\"><a href=\"https:\/\/gradido.net\/hu\/countries\/afrika\/rwanda\/\" class=\"elementor-sub-item\" tabindex=\"-1\">Ruanda<\/a><\/li>\n<\/ul>\n<\/li>\n<li class=\"menu-item menu-item-type-custom menu-item-object-custom menu-item-has-children menu-item-11798\"><a class=\"elementor-item\" tabindex=\"-1\">Amerika<\/a>\n<ul class=\"sub-menu elementor-nav-menu--dropdown\">\n\t<li class=\"menu-item menu-item-type-post_type menu-item-object-page menu-item-12463\"><a href=\"https:\/\/gradido.net\/hu\/countries\/usa\/\" class=\"elementor-sub-item\" tabindex=\"-1\">USA<\/a><\/li>\n\t<li class=\"menu-item menu-item-type-post_type menu-item-object-page menu-item-11791\"><a href=\"https:\/\/gradido.net\/hu\/countries\/mexico\/\" class=\"elementor-sub-item\" tabindex=\"-1\">Mexik\u00f3<\/a><\/li>\n<\/ul>\n<\/li>\n<li class=\"menu-item menu-item-type-custom menu-item-object-custom menu-item-has-children menu-item-11800\"><a class=\"elementor-item\" tabindex=\"-1\">\u00c1zsia<\/a>\n<ul class=\"sub-menu elementor-nav-menu--dropdown\">\n\t<li class=\"menu-item menu-item-type-post_type menu-item-object-page menu-item-11794\"><a href=\"https:\/\/gradido.net\/hu\/countries\/maledives\/\" class=\"elementor-sub-item\" tabindex=\"-1\">Mald\u00edv-szigetek<\/a><\/li>\n\t<li class=\"menu-item menu-item-type-post_type menu-item-object-page menu-item-11790\"><a href=\"https:\/\/gradido.net\/hu\/countries\/philippines\/\" class=\"elementor-sub-item\" tabindex=\"-1\">F\u00fcl\u00f6p-szigetek<\/a><\/li>\n\t<li class=\"menu-item menu-item-type-post_type menu-item-object-page menu-item-11802\"><a href=\"https:\/\/gradido.net\/hu\/countries\/saudi-arabia\/\" class=\"elementor-sub-item\" tabindex=\"-1\">Sza\u00fad-Ar\u00e1bia<\/a><\/li>\n<\/ul>\n<\/li>\n<li class=\"menu-item menu-item-type-custom menu-item-object-custom menu-item-has-children menu-item-11797\"><a class=\"elementor-item\" tabindex=\"-1\">Eur\u00f3pa<\/a>\n<ul class=\"sub-menu elementor-nav-menu--dropdown\">\n\t<li class=\"menu-item menu-item-type-post_type menu-item-object-page menu-item-11805\"><a href=\"https:\/\/gradido.net\/hu\/countries\/germany\/\" class=\"elementor-sub-item\" tabindex=\"-1\">N\u00e9metorsz\u00e1g<\/a><\/li>\n\t<li class=\"menu-item menu-item-type-post_type menu-item-object-page menu-item-11803\"><a href=\"https:\/\/gradido.net\/hu\/countries\/greece\/\" class=\"elementor-sub-item\" tabindex=\"-1\">G\u00f6r\u00f6gorsz\u00e1g<\/a><\/li>\n\t<li class=\"menu-item menu-item-type-post_type menu-item-object-page menu-item-11788\"><a href=\"https:\/\/gradido.net\/hu\/countries\/spain\/\" class=\"elementor-sub-item\" tabindex=\"-1\">Spanyolorsz\u00e1g<\/a><\/li>\n<\/ul>\n<\/li>\n<li class=\"menu-item menu-item-type-custom menu-item-object-custom menu-item-has-children menu-item-11801\"><a class=\"elementor-item\" tabindex=\"-1\">\u00d3ce\u00e1nia<\/a>\n<ul class=\"sub-menu elementor-nav-menu--dropdown\">\n\t<li class=\"menu-item menu-item-type-post_type menu-item-object-page menu-item-11793\"><a href=\"https:\/\/gradido.net\/hu\/countries\/marshall-islands\/\" class=\"elementor-sub-item\" tabindex=\"-1\">Marshall-szigetek<\/a><\/li>\n\t<li class=\"menu-item menu-item-type-post_type menu-item-object-page menu-item-11795\"><a href=\"https:\/\/gradido.net\/hu\/countries\/tahiti\/\" class=\"elementor-sub-item\" tabindex=\"-1\">Tahiti<\/a><\/li>\n<\/ul>\n<\/li>\n<\/ul>\t\t\t<\/nav>\n\t\t\t\t\t\t<\/div>\n\t\t\t\t<\/div>\n\t\t\t\t<div class=\"elementor-element elementor-element-dcace62 elementor-widget elementor-widget-breadcrumbs\" data-id=\"dcace62\" data-element_type=\"widget\" data-e-type=\"widget\" data-widget_type=\"breadcrumbs.default\">\n\t\t\t\t<div class=\"elementor-widget-container\">\n\t\t\t\t\t<p id=\"breadcrumbs\"><span><span><a href=\"https:\/\/gradido.net\/hu\/\">Honlap<\/a><\/span><\/span><\/p>\t\t\t\t<\/div>\n\t\t\t\t<\/div>\n\t\t\t\t<div class=\"elementor-element elementor-element-a9db9a5 elementor-widget elementor-widget-text-editor\" data-id=\"a9db9a5\" data-element_type=\"widget\" data-e-type=\"widget\" data-widget_type=\"text-editor.default\">\n\t\t\t\t<div class=\"elementor-widget-container\">\n\t\t\t\t\t\t\t\t\t<h3 style=\"text-align: center;\"><a href=\"https:\/\/gradido.net\/hu\/countries\/philippines\/\"><strong>F\u0151oldal: F\u00fcl\u00f6p-szigetek<\/strong><\/a><\/h3><p style=\"text-align: center;\"><a href=\"https:\/\/gradido.net\/hu\/countries\/philippines\/economy-and-society\/\">1. gazdas\u00e1g \u00e9s t\u00e1rsadalom<\/a><br \/><a href=\"https:\/\/gradido.net\/hu\/countries\/philippines\/income-and-standard-of-living\/\">2 J\u00f6vedelem \u00e9s \u00e9letsz\u00ednvonal<\/a><br \/><a href=\"https:\/\/gradido.net\/hu\/countries\/philippines\/labor-migration-and-foreign-employment\/\">3 Munkaer\u0151-migr\u00e1ci\u00f3 \u00e9s k\u00fclf\u00f6ldi munkav\u00e1llal\u00e1s<\/a><br \/><a href=\"https:\/\/gradido.net\/hu\/countries\/philippines\/poverty-and-social-inequality\/\">4 Szeg\u00e9nys\u00e9g \u00e9s t\u00e1rsadalmi egyenl\u0151tlens\u00e9gek<\/a><br \/><a href=\"https:\/\/gradido.net\/hu\/countries\/philippines\/common-good-and-solidarity\/\">5 A k\u00f6zj\u00f3 \u00e9s a szolidarit\u00e1s<\/a><br \/><strong>6 A h\u00e1tr\u00e1nyos helyzet\u0171 gyermekek oktat\u00e1si helyzete<\/strong><br \/><a href=\"https:\/\/gradido.net\/hu\/countries\/philippines\/health-and-retirement-provision\/\">7 Eg\u00e9szs\u00e9g\u00fcgyi, t\u00e1rsadalombiztos\u00edt\u00e1si \u00e9s nyugd\u00edjell\u00e1t\u00e1s<\/a><br \/><a href=\"https:\/\/gradido.net\/hu\/countries\/philippines\/care-work-and-commitment\/\">8 A gondoz\u00e1si munka \u00e9s elk\u00f6telezetts\u00e9g elismer\u00e9se<\/a><br \/><a href=\"https:\/\/gradido.net\/hu\/countries\/philippines\/digitization-and-alternative-models\/\">9.innov\u00e1ci\u00f3, digitaliz\u00e1ci\u00f3 \u00e9s alternat\u00edv gazdas\u00e1gi modellek<\/a><br \/><a href=\"https:\/\/gradido.net\/hu\/countries\/philippines\/community-based-economy-and-parallel-currencies\/\">10.k\u00f6z\u00f6ss\u00e9gi alap\u00fa gazdas\u00e1g \u00e9s p\u00e1rhuzamos valut\u00e1k<\/a><br \/><a href=\"https:\/\/gradido.net\/hu\/countries\/philippines\/potential-and-challenges\/\">11 A Gradido lehet\u0151s\u00e9gei \u00e9s kih\u00edv\u00e1sai<\/a><br \/><a href=\"https:\/\/gradido.net\/hu\/countries\/philippines\/international-cooperation\/\">12. nemzetk\u00f6zi egy\u00fcttm\u0171k\u00f6d\u00e9s, nem korm\u00e1nyzati szervezetek \u00e9s korm\u00e1nyzati fejleszt\u00e9si projektek<\/a><\/p>\t\t\t\t\t\t\t\t<\/div>\n\t\t\t\t<\/div>\n\t\t\t\t<div class=\"elementor-element elementor-element-d7bb196 elementor-widget-divider--view-line elementor-widget elementor-widget-divider\" data-id=\"d7bb196\" data-element_type=\"widget\" data-e-type=\"widget\" data-widget_type=\"divider.default\">\n\t\t\t\t<div class=\"elementor-widget-container\">\n\t\t\t\t\t\t\t<div class=\"elementor-divider\">\n\t\t\t<span class=\"elementor-divider-separator\">\n\t\t\t\t\t\t<\/span>\n\t\t<\/div>\n\t\t\t\t\t\t<\/div>\n\t\t\t\t<\/div>\n\t\t\t\t<div class=\"elementor-element elementor-element-146ff9d elementor-widget elementor-widget-text-editor\" data-id=\"146ff9d\" data-element_type=\"widget\" data-e-type=\"widget\" data-widget_type=\"text-editor.default\">\n\t\t\t\t<div class=\"elementor-widget-container\">\n\t\t\t\t\t\t\t\t\t<div class=\"wiki-page-header-wrapper\"><div class=\"wiki-page-header-wrapper\"><div class=\"wiki-page-header-wrapper\"><h1 id=\"bildungssituation-f%C3%BCr-kinder-aus-armen%2C-l%C3%A4ndlichen-oder-migrantischen-familien-auf-den-philippinen\" tabindex=\"-1\">A szeg\u00e9ny, vid\u00e9ki vagy migr\u00e1ns csal\u00e1dokb\u00f3l sz\u00e1rmaz\u00f3 gyermekek oktat\u00e1si helyzete a F\u00fcl\u00f6p-szigeteken<\/h1><\/div><div class=\"wiki-page-header-wrapper\"><h2 id=\"%C3%BCberblick\" tabindex=\"-1\">\u00c1ttekint\u00e9s<\/h2><p>Az inkluz\u00edv oktat\u00e1si rendszer l\u00e9trehoz\u00e1s\u00e1ra ir\u00e1nyul\u00f3 korm\u00e1nyzati er\u0151fesz\u00edt\u00e9sek ellen\u00e9re <strong>Szeg\u00e9ny, vid\u00e9ki \u00e9s migr\u00e1ns csal\u00e1dokb\u00f3l sz\u00e1rmaz\u00f3 gyermekek<\/strong> a F\u00fcl\u00f6p-szigeteken tov\u00e1bbra is s\u00falyosan h\u00e1tr\u00e1nyos helyzetben vannak. A szeg\u00e9nys\u00e9g, az infrastrukt\u00fara hi\u00e1nya \u00e9s a t\u00e1rsadalmi marginaliz\u00e1l\u00f3d\u00e1s azt jelenti, hogy e gyermekek k\u00f6z\u00fcl sokan nem vagy csak korl\u00e1tozottan f\u00e9rnek hozz\u00e1 a magas sz\u00ednvonal\u00fa oktat\u00e1shoz.<\/p><\/div><div class=\"wiki-page-header-wrapper\"><h2 id=\"1.-zugang-und-teilnahme-am-bildungssystem\" tabindex=\"-1\">1. az oktat\u00e1si rendszerhez val\u00f3 hozz\u00e1f\u00e9r\u00e9s \u00e9s az abban val\u00f3 r\u00e9szv\u00e9tel<\/h2><ul><li><strong>Az \u00e1ltal\u00e1nos iskola hivatalosan ingyenes<\/strong>de a rejtett k\u00f6lts\u00e9gek (tanszerek, egyenruha, k\u00f6zleked\u00e9s) sok csal\u00e1dot megterhelnek.<a href=\"https:\/\/ableistift.de\/zugang-zur-bildung-fuer-20-schueler-auf-den-philippinen\/\" target=\"_blank\" rel=\"noopener noreferrer nofollow\">^1<\/a>.<\/li><li>K\u00fcl\u00f6n\u00f6sen a <strong>Nyomornegyedek \u00e9s vid\u00e9ki r\u00e9gi\u00f3k<\/strong> gyakran nincsenek k\u00f6nnyen megk\u00f6zel\u00edthet\u0151 iskol\u00e1k. A gyerekeknek nagy t\u00e1vols\u00e1gokat kell gyalogolniuk, ami megnehez\u00edti a rendszeres iskol\u00e1ba j\u00e1r\u00e1st.<a href=\"https:\/\/www.kindernothilfe.de\/weltweit-aktiv\/projekte\/asien\/philippinen-bildung\" target=\"_blank\" rel=\"noopener noreferrer nofollow\">^1<\/a>.<\/li><li><strong>Sok szeg\u00e9ny csal\u00e1db\u00f3l sz\u00e1rmaz\u00f3 gyermek dolgozik<\/strong> az iskola mellett vagy helyett, hogy hozz\u00e1j\u00e1ruljon a csal\u00e1d j\u00f6vedelm\u00e9hez. A tilalom ellen\u00e9re a gyermekmunka sz\u00e9les k\u00f6rben elterjedt, k\u00fcl\u00f6n\u00f6sen a vid\u00e9ki ter\u00fcleteken \u00e9s az inform\u00e1lis telep\u00fcl\u00e9seken.<a href=\"https:\/\/www.maninoy.de\/category\/aktuelles\/\" target=\"_blank\" rel=\"noopener noreferrer nofollow\">^4<\/a><a href=\"https:\/\/www.savethechildren.de\/informieren\/einsatzorte\/international\/asien-laenderuebersicht\/philippinen\/\" target=\"_blank\" rel=\"noopener noreferrer nofollow\">^6<\/a>.<\/li><li>V\u00e1ls\u00e1g idej\u00e9n, p\u00e9ld\u00e1ul a vil\u00e1gj\u00e1rv\u00e1ny idej\u00e9n, a helyzet s\u00falyosbodik: sok gyermek nem f\u00e9r hozz\u00e1 a digit\u00e1lis tanul\u00e1si lehet\u0151s\u00e9gekhez \u00e1ram, internet vagy eszk\u00f6z\u00f6k hi\u00e1ny\u00e1ban.<a href=\"https:\/\/ableistift.de\/zugang-zur-bildung-fuer-20-schueler-auf-den-philippinen\/\" target=\"_blank\" rel=\"noopener noreferrer nofollow\">^4<\/a>.<\/li><\/ul><\/div><div class=\"wiki-page-header-wrapper\"><h2 id=\"2.-qualit%C3%A4t-der-bildung-und-lernbedingungen\" tabindex=\"-1\">2. az oktat\u00e1s \u00e9s a tanul\u00e1si felt\u00e9telek min\u0151s\u00e9ge<\/h2><ul><li><strong>Az \u00e1llami iskol\u00e1k gyakran rosszul felszereltek<\/strong>Hi\u00e1nyoznak a tananyagok, a k\u00e9pzett tan\u00e1rok \u00e9s az infrastrukt\u00fara. K\u00fcl\u00f6n\u00f6sen a vid\u00e9ki ter\u00fcleteken az oszt\u00e1lytermek t\u00falzs\u00fafoltak, \u00e9s a tan\u00edt\u00e1s min\u0151s\u00e9ge romlik.<a href=\"https:\/\/www.kinderweltreise.de\/kontinente\/asien\/philippinen\/alltag-kinder\/schule\/\" target=\"_blank\" rel=\"noopener noreferrer nofollow\">^5<\/a>.<\/li><li><strong>A szeg\u00e9ny csal\u00e1dokb\u00f3l sz\u00e1rmaz\u00f3 gyermekek ritk\u00e1n r\u00e9szes\u00fclnek c\u00e9lzott t\u00e1mogat\u00e1sban<\/strong>. A seg\u00e9lyprojektek ezt a szakad\u00e9kot pr\u00f3b\u00e1lj\u00e1k \u00e1thidalni taneszk\u00f6z\u00f6k, korrepet\u00e1l\u00e1s \u00e9s \u00f6szt\u00f6nd\u00edjak biztos\u00edt\u00e1s\u00e1val.<a href=\"https:\/\/islandkids.ch\" target=\"_blank\" rel=\"noopener noreferrer nofollow\">^3<\/a><a href=\"https:\/\/www.kindernothilfe.at\/informieren\/aktuelles\/ein-blick-in-die-welt\/2023\/philippinen-bildung-als-chance\" target=\"_blank\" rel=\"noopener noreferrer nofollow\">^8<\/a>.<\/li><li><strong>Kultur\u00e1lis \u00e9s j\u00e1t\u00e9kos oktat\u00e1s<\/strong> a h\u00e1tr\u00e1nyos helyzet\u0171 csoportok sz\u00e1m\u00e1ra nehezen hozz\u00e1f\u00e9rhet\u0151, pedig a szem\u00e9lyes fejl\u0151d\u00e9s szempontj\u00e1b\u00f3l fontos lenne.<a href=\"https:\/\/www.maninoy.de\/category\/aktuelles\/\" target=\"_blank\" rel=\"noopener noreferrer nofollow\">^5<\/a>.<\/li><\/ul><\/div><div class=\"wiki-page-header-wrapper\"><h2 id=\"3.-spezielle-herausforderungen-f%C3%BCr-l%C3%A4ndliche-und-migrantische-kinder\" tabindex=\"-1\">3. a vid\u00e9ki \u00e9s migr\u00e1ns gyermekek k\u00fcl\u00f6nleges kih\u00edv\u00e1sai<\/h2><ul><li><strong>Vid\u00e9ki gyermekek<\/strong>:<ul><li>Sokan az\u00e9rt hagyj\u00e1k ott az iskol\u00e1t az \u00e1ltal\u00e1nos iskola ut\u00e1n, mert a f\u00f6ldeken vagy a h\u00e1ztart\u00e1sban kell seg\u00edteni\u00fck, vagy mert a k\u00f6z\u00e9piskol\u00e1k t\u00fal messze vannak.<a href=\"https:\/\/www.maninoy.de\/category\/aktuelles\/\" target=\"_blank\" rel=\"noopener noreferrer nofollow\">^1<\/a>.<\/li><li>A t\u00e1voli r\u00e9gi\u00f3kban az iskol\u00e1k gyakran nehezen megk\u00f6zel\u00edthet\u0151ek, \u00e9s az oktat\u00e1s min\u0151s\u00e9ge k\u00fcl\u00f6n\u00f6sen alacsony.<a href=\"https:\/\/www.kinderweltreise.de\/kontinente\/asien\/philippinen\/alltag-kinder\/schule\/\" target=\"_blank\" rel=\"noopener noreferrer nofollow\">^1<\/a>.<\/li><\/ul><\/li><li><strong>A migr\u00e1nsok \u00e9s az orsz\u00e1gon bel\u00fcl lak\u00f3hely\u00fcket elhagyni k\u00e9nyszer\u00fclt szem\u00e9lyek gyermekei<\/strong>:<ul><li>A migr\u00e1ns gyermekek, pl. az inform\u00e1lis telep\u00fcl\u00e9sekr\u0151l vagy a term\u00e9szeti katasztr\u00f3f\u00e1k ut\u00e1n \u00e1ttelep\u00edtett csal\u00e1dok, k\u00fcl\u00f6n\u00f6sen ki vannak t\u00e9ve annak a vesz\u00e9lynek, hogy elvesz\u00edtik a kapcsolatot az iskolarendszerrel.<a href=\"https:\/\/ableistift.de\/zugang-zur-bildung-fuer-20-schueler-auf-den-philippinen\/\" target=\"_blank\" rel=\"noopener noreferrer nofollow\">^2<\/a>.<\/li><li>A nyelvi \u00e9s kultur\u00e1lis akad\u00e1lyok megnehez\u00edtik a beilleszked\u00e9st, k\u00fcl\u00f6n\u00f6sen az \u0151slakos csoportokhoz vagy etnikai kisebbs\u00e9gekhez tartoz\u00f3 gyermekek eset\u00e9ben.<a href=\"https:\/\/www.maninoy.de\/category\/aktuelles\/\" target=\"_blank\" rel=\"noopener noreferrer nofollow\">^5<\/a>.<\/li><\/ul><\/li><\/ul><\/div><div class=\"wiki-page-header-wrapper\"><h2 id=\"4.-innovative-ans%C3%A4tze-und-hilfsprojekte\" tabindex=\"-1\">4. innovat\u00edv megk\u00f6zel\u00edt\u00e9sek \u00e9s t\u00e1mogat\u00e1si projektek<\/h2><ul><li><strong>Mobil iskol\u00e1k<\/strong> \u00e9s az alternat\u00edv tanul\u00e1si programok az utcagyerekek \u00e9s a rendk\u00edv\u00fcl bizonytalan k\u00f6r\u00fclm\u00e9nyek k\u00f6z\u00f6tt \u00e9l\u0151 gyerekek oktat\u00e1s\u00e1t pr\u00f3b\u00e1lj\u00e1k biztos\u00edtani. Felk\u00e9sz\u00edtik \u0151ket a t\u00f6bbs\u00e9gi iskol\u00e1kba val\u00f3 beilleszked\u00e9sre, \u00e9s rugalmas tanul\u00e1si lehet\u0151s\u00e9geket k\u00edn\u00e1lnak, amelyek alkalmazkodnak a gyermekek mindennapi \u00e9let\u00e9hez.<a href=\"https:\/\/www.kinder-in-not.de\/projekt\/philippinen\/mobile-schulen-fuer-strassenkinder\" target=\"_blank\" rel=\"noopener noreferrer nofollow\">^9<\/a>.<\/li><li><strong>Seg\u00e9lyszervezetek<\/strong> tanszerek, egyenruh\u00e1k \u00e9s \u00e9tkez\u00e9s biztos\u00edt\u00e1sa, valamint a csal\u00e1dok t\u00e1mogat\u00e1sa, hogy a gyermekek rendszeresen j\u00e1rhassanak iskol\u00e1ba.<a href=\"https:\/\/islandkids.ch\" target=\"_blank\" rel=\"noopener noreferrer nofollow\">^3<\/a><a href=\"https:\/\/ableistift.de\/zugang-zur-bildung-fuer-20-schueler-auf-den-philippinen\/\" target=\"_blank\" rel=\"noopener noreferrer nofollow\">^8<\/a>.<\/li><\/ul><\/div><div class=\"wiki-page-header-wrapper\"><h2 id=\"5.-fazit-und-ausblick\" tabindex=\"-1\">5 K\u00f6vetkeztet\u00e9s \u00e9s kil\u00e1t\u00e1sok<\/h2><ul><li><strong>A szeg\u00e9nys\u00e9g tov\u00e1bbra is a legnagyobb akad\u00e1ly<\/strong> oktat\u00e1si lehet\u0151s\u00e9gek a F\u00fcl\u00f6p-szigeteken. B\u00e1r az iskolarendszer form\u00e1lisan nyitott, a szeg\u00e9ny, vid\u00e9ki vagy migr\u00e1ns csal\u00e1dokb\u00f3l sz\u00e1rmaz\u00f3 sok gyermek sz\u00e1m\u00e1ra tov\u00e1bbra is korl\u00e1tozott a hozz\u00e1f\u00e9r\u00e9s.<\/li><li>A <strong>egyenl\u0151tlen indul\u00e1si felt\u00e9telek<\/strong> Ez azt jelenti, hogy ezek a gyerekek gyakrabban hagyj\u00e1k abba az iskol\u00e1t, rosszabb tanul\u00e1si eredm\u00e9nyeket \u00e9rnek el, \u00e9s kisebb val\u00f3sz\u00edn\u0171s\u00e9ggel \u00e9rnek el magasabb iskolai v\u00e9gzetts\u00e9get.<\/li><li><strong>C\u00e9lzott t\u00e1mogat\u00e1s<\/strong> a korm\u00e1nyprogramok \u00e9s seg\u00e9lyprojektek r\u00e9v\u00e9n kulcsfontoss\u00e1g\u00fa a szeg\u00e9nys\u00e9g \u00e9s az oktat\u00e1si h\u00e1tr\u00e1nyok \u00f6rd\u00f6gi k\u00f6r\u00e9nek megt\u00f6r\u00e9s\u00e9hez, \u00e9s ahhoz, hogy ezek a gyermekek val\u00f3di kil\u00e1t\u00e1sokat kapjanak a j\u00f6v\u0151re n\u00e9zve.<a href=\"https:\/\/islandkids.ch\" target=\"_blank\" rel=\"noopener noreferrer nofollow\">^3<\/a><a href=\"https:\/\/www.kindernothilfe.at\/informieren\/aktuelles\/ein-blick-in-die-welt\/2023\/philippinen-bildung-als-chance\" target=\"_blank\" rel=\"noopener noreferrer nofollow\">^4<\/a><a href=\"https:\/\/www.kinderweltreise.de\/kontinente\/asien\/philippinen\/alltag-kinder\/schule\/\" target=\"_blank\" rel=\"noopener noreferrer nofollow\">^5<\/a><a href=\"https:\/\/ableistift.de\/zugang-zur-bildung-fuer-20-schueler-auf-den-philippinen\/\" target=\"_blank\" rel=\"noopener noreferrer nofollow\">^9<\/a><a href=\"https:\/\/www.savethechildren.de\/informieren\/einsatzorte\/international\/asien-laenderuebersicht\/philippinen\/\" target=\"_blank\" rel=\"noopener noreferrer nofollow\">^6<\/a>.<\/li><\/ul><hr \/><\/div><div class=\"wiki-page-header-wrapper\"><h2 id=\"kommentar-von-nea\" tabindex=\"-1\">Kieg\u00e9sz\u00edt\u0151 \u00e9rt\u00e9kel\u00e9s a Gradido szempontj\u00e1b\u00f3l<\/h2><p>Az elemz\u00e9s r\u00e1mutat, hogy a szeg\u00e9nys\u00e9g \u00e9s a marginaliz\u00e1ci\u00f3 milyen m\u00e9lyen korl\u00e1tozza az oktat\u00e1shoz val\u00f3 hozz\u00e1f\u00e9r\u00e9st - \u00e9s hogy a F\u00fcl\u00f6p-szigeteken az oktat\u00e1s eg\u00e9sz gener\u00e1ci\u00f3k sorsk\u00e9rd\u00e9s\u00e9v\u00e9 v\u00e1lik. A szeg\u00e9ny, vid\u00e9ki vagy migr\u00e1ns csal\u00e1dokb\u00f3l sz\u00e1rmaz\u00f3 gyermekek kett\u0151s h\u00e1tr\u00e1nynak vannak kit\u00e9ve: Az anyagi sz\u0171k keresztmetszetek mellett t\u00e1rsadalmi l\u00e1thatatlans\u00e1g is jelentkezik.<\/p><p><strong>L\u00e9nyeges szempontok \u00e9s gradido perspekt\u00edva:<\/strong><\/p><ul><li><strong>Szeg\u00e9nys\u00e9gi csapda \u00e9s oktat\u00e1s:<\/strong> A \"hivatalosan ingyenes\" iskola sokak sz\u00e1m\u00e1ra ill\u00fazi\u00f3 marad a rejtett k\u00f6lts\u00e9gek miatt. A szeg\u00e9nyek gyakran egyszer\u0171en nem engedhetik meg maguknak az alapvet\u0151 oktat\u00e1st - ez egy olyan \u00f6rd\u00f6gi k\u00f6r, amely a szeg\u00e9nys\u00e9get \u00e1lland\u00f3s\u00edtja.<\/li><li><strong>Orsz\u00e1g \u00e9s v\u00e1ros:<\/strong> A hozz\u00e1f\u00e9r\u00e9s k\u00fcl\u00f6n\u00f6sen neh\u00e9z a vid\u00e9ki r\u00e9gi\u00f3kban \u00e9s az orsz\u00e1gon bel\u00fcl lak\u00f3hely\u00fcket elhagyni k\u00e9nyszer\u00fclt szem\u00e9lyek sz\u00e1m\u00e1ra. Az iskol\u00e1k hi\u00e1nya, a hossz\u00fa utak, a gyermekmunka \u00e9s az infrastrukt\u00fara hi\u00e1nya azt jelenti, hogy a legkiszolg\u00e1ltatottabbak gyorsan lemaradnak.<\/li><li><strong>Min\u0151s\u00e9g \u00e9s prom\u00f3ci\u00f3:<\/strong> A t\u00falzs\u00fafolt oszt\u00e1lyok, a nem megfelel\u0151 felszerel\u00e9s \u00e9s a szem\u00e9lyre szabott t\u00e1mogat\u00e1s hi\u00e1nya kih\u00edv\u00e1ss\u00e1 teszi a tanul\u00e1st. A seg\u00e9lyszervezetek er\u0151fesz\u00edt\u00e9seket tesznek alternat\u00edv \u00e9s mobil oktat\u00e1si aj\u00e1nlatokkal, de csak bizonyos ter\u00fcleteken tudj\u00e1k enyh\u00edteni a struktur\u00e1lis hi\u00e1nyt.<\/li><li><strong>Kultur\u00e1lis \u00e9s t\u00e1rsadalmi akad\u00e1lyok:<\/strong> A nyelvi, kultur\u00e1lis \u00e9s t\u00e1rsadalmi akad\u00e1lyok s\u00falyosb\u00edtj\u00e1k a marginaliz\u00e1l\u00f3d\u00e1st, k\u00fcl\u00f6n\u00f6sen az \u0151slakos, migr\u00e1ns \u00e9s etnikai kisebbs\u00e9gi gyermekek eset\u00e9ben.<\/li><\/ul><p><strong>Lehet\u0151s\u00e9gek a Gradid\u00f3val:<\/strong> A k\u00f6zj\u00f3l\u00e9t-orient\u00e1lt megk\u00f6zel\u00edt\u00e9s, mint amilyen a Gradido, alapvet\u0151en megv\u00e1ltoztathatja ezt: Egy val\u00f3di alapj\u00f6vedelem minden csal\u00e1d sz\u00e1m\u00e1ra cs\u00f6kkenthetn\u00e9 az oktat\u00e1s egzisztenci\u00e1lis akad\u00e1lyait. Ha az oktat\u00e1st, a szomsz\u00e9ds\u00e1gseg\u00edt\u00e9st \u00e9s a t\u00e1rsadalmi r\u00e9szv\u00e9telt jutalmazz\u00e1k, m\u00e9g a h\u00e1tr\u00e1nyos helyzet\u0171 csal\u00e1dok is \u00faj lehet\u0151s\u00e9geket nyithatn\u00e1nak gyermekeik sz\u00e1m\u00e1ra - nemcsak anyagilag, hanem a t\u00e1rsadalmi elismer\u00e9s \u00e9s az akt\u00edv r\u00e9szv\u00e9tel r\u00e9v\u00e9n is.<\/p><p>A k\u00f6z\u00f6s projektek - a Bayanihan szellem\u00e9t\u0151l \u00e1thatva \u00e9s a Gradido t\u00e1mogat\u00e1s\u00e1val - a kreat\u00edv, szeretetteljes \u00e9s tartalmas tanul\u00e1si helysz\u00ednek t\u00e1ptalaj\u00e1v\u00e1 v\u00e1lhatnak. Az oktat\u00e1s mint sz\u00edv\u00fcgy, amely k\u00f6zel \u00e1ll a sz\u00edv\u00fcnkh\u00f6z \u00e9s a lehet\u0151s\u00e9gek kiakn\u00e1z\u00e1s\u00e1nak kulcsa: ez az az \u00fat, amelyen egy\u00fctt haladhatunk.<\/p><\/div><\/div><\/div>\t\t\t\t\t\t\t\t<\/div>\n\t\t\t\t<\/div>\n\t\t\t\t\t<\/div>\n\t\t<\/div>\n\t\t\t\t\t<\/div>\n\t\t<\/section>\n\t\t\t\t<\/div>","protected":false},"excerpt":{"rendered":"<p>Bildungssituation benachteiligter Kinder Hauptseite: Philippinen 1. Wirtschaft und Gesellschaft2.Einkommen und Lebensstandard3.Arbeitsmigration und Auslandserwerbst\u00e4tigkeit4.Armut und soziale Ungleichheit5.Gemeinwohl und Solidarit\u00e4t6.Bildungssituation benachteiligter Kinder7.Gesundheit, soziale Sicherung und Altersvorsorge8.Anerkennung von Care-Arbeit und Engagement9.Innovationen, Digitalisierung und alternative Wirtschaftsmodelle10.Gemeinschaftsbasierte \u00d6konomie und Parallelw\u00e4hrungen11.Potenziale und Herausforderungen f\u00fcr Gradido12. Internationale Kooperationen, NGOs und staatliche Entwicklungsprojekte Bildungssituation f\u00fcr Kinder aus armen, l\u00e4ndlichen oder migrantischen Familien auf [&hellip;]<\/p>\n","protected":false},"author":2,"featured_media":10458,"parent":10540,"menu_order":0,"comment_status":"closed","ping_status":"closed","template":"","meta":{"footnotes":""},"class_list":["post-10612","page","type-page","status-publish","has-post-thumbnail","hentry"],"yoast_head":"<!-- This site is optimized with the Yoast SEO plugin v27.5 - https:\/\/yoast.com\/product\/yoast-seo-wordpress\/ -->\n<title>Bildungssituation benachteiligter Kinder Philippinen - Gradido<\/title>\n<meta name=\"description\" content=\"Sei Teil der Bewegung!Gemeinsam bringen wir Gradido in die Welt.\" \/>\n<meta name=\"robots\" content=\"index, follow, max-snippet:-1, max-image-preview:large, max-video-preview:-1\" \/>\n<link rel=\"canonical\" href=\"https:\/\/gradido.net\/hu\/countries\/philippines\/educational-situation\/\" \/>\n<meta property=\"og:locale\" content=\"hu_HU\" \/>\n<meta property=\"og:type\" content=\"article\" \/>\n<meta property=\"og:title\" content=\"Bildungssituation benachteiligter Kinder Philippinen - Gradido\" \/>\n<meta property=\"og:description\" content=\"Sei Teil der Bewegung!Gemeinsam bringen wir Gradido in die Welt.\" \/>\n<meta property=\"og:url\" content=\"https:\/\/gradido.net\/hu\/countries\/philippines\/educational-situation\/\" \/>\n<meta property=\"og:site_name\" content=\"Gradido\" \/>\n<meta property=\"article:modified_time\" content=\"2025-10-04T09:57:09+00:00\" \/>\n<meta property=\"og:image\" content=\"https:\/\/gradido.net\/wp-content\/uploads\/2025\/07\/AdobeStock_3210827871-scaled.jpeg\" \/>\n\t<meta property=\"og:image:width\" content=\"2560\" \/>\n\t<meta property=\"og:image:height\" content=\"790\" \/>\n\t<meta property=\"og:image:type\" content=\"image\/jpeg\" \/>\n<meta name=\"twitter:card\" content=\"summary_large_image\" \/>\n<meta name=\"twitter:label1\" content=\"Becs\u00fclt olvas\u00e1si id\u0151\" \/>\n\t<meta name=\"twitter:data1\" content=\"5 perc\" \/>\n<script type=\"application\/ld+json\" class=\"yoast-schema-graph\">{\"@context\":\"https:\\\/\\\/schema.org\",\"@graph\":[{\"@type\":\"WebPage\",\"@id\":\"https:\\\/\\\/gradido.net\\\/countries\\\/philippines\\\/educational-situation\\\/\",\"url\":\"https:\\\/\\\/gradido.net\\\/countries\\\/philippines\\\/educational-situation\\\/\",\"name\":\"Bildungssituation benachteiligter Kinder Philippinen - Gradido\",\"isPartOf\":{\"@id\":\"https:\\\/\\\/gradido.net\\\/de\\\/#website\"},\"primaryImageOfPage\":{\"@id\":\"https:\\\/\\\/gradido.net\\\/countries\\\/philippines\\\/educational-situation\\\/#primaryimage\"},\"image\":{\"@id\":\"https:\\\/\\\/gradido.net\\\/countries\\\/philippines\\\/educational-situation\\\/#primaryimage\"},\"thumbnailUrl\":\"https:\\\/\\\/gradido.net\\\/wp-content\\\/uploads\\\/2025\\\/07\\\/AdobeStock_3210827871-scaled.jpeg\",\"datePublished\":\"2025-07-27T14:47:59+00:00\",\"dateModified\":\"2025-10-04T09:57:09+00:00\",\"description\":\"Sei Teil der Bewegung!Gemeinsam bringen wir Gradido in die Welt.\",\"breadcrumb\":{\"@id\":\"https:\\\/\\\/gradido.net\\\/countries\\\/philippines\\\/educational-situation\\\/#breadcrumb\"},\"inLanguage\":\"hu\",\"potentialAction\":[{\"@type\":\"ReadAction\",\"target\":[\"https:\\\/\\\/gradido.net\\\/countries\\\/philippines\\\/educational-situation\\\/\"]}]},{\"@type\":\"ImageObject\",\"inLanguage\":\"hu\",\"@id\":\"https:\\\/\\\/gradido.net\\\/countries\\\/philippines\\\/educational-situation\\\/#primaryimage\",\"url\":\"https:\\\/\\\/gradido.net\\\/wp-content\\\/uploads\\\/2025\\\/07\\\/AdobeStock_3210827871-scaled.jpeg\",\"contentUrl\":\"https:\\\/\\\/gradido.net\\\/wp-content\\\/uploads\\\/2025\\\/07\\\/AdobeStock_3210827871-scaled.jpeg\",\"width\":2560,\"height\":790,\"caption\":\"world globe planet earth 3d-illustration. elements of this image furnished by NASA\"},{\"@type\":\"BreadcrumbList\",\"@id\":\"https:\\\/\\\/gradido.net\\\/countries\\\/philippines\\\/educational-situation\\\/#breadcrumb\",\"itemListElement\":[{\"@type\":\"ListItem\",\"position\":1,\"name\":\"Startseite\",\"item\":\"https:\\\/\\\/gradido.net\\\/\"},{\"@type\":\"ListItem\",\"position\":2,\"name\":\"L\u00e4nderforschung\",\"item\":\"https:\\\/\\\/gradido.net\\\/countries\\\/\"},{\"@type\":\"ListItem\",\"position\":3,\"name\":\"Philppinen\",\"item\":\"https:\\\/\\\/gradido.net\\\/countries\\\/philippines\\\/\"},{\"@type\":\"ListItem\",\"position\":4,\"name\":\"Bildungssituation benachteiligter Kinder Philippinen\"}]},{\"@type\":\"WebSite\",\"@id\":\"https:\\\/\\\/gradido.net\\\/de\\\/#website\",\"url\":\"https:\\\/\\\/gradido.net\\\/de\\\/\",\"name\":\"Gradido\",\"description\":\"Die neue W\u00e4hrung hei\u00dft Dankbarkeit\",\"publisher\":{\"@id\":\"https:\\\/\\\/gradido.net\\\/de\\\/#organization\"},\"potentialAction\":[{\"@type\":\"SearchAction\",\"target\":{\"@type\":\"EntryPoint\",\"urlTemplate\":\"https:\\\/\\\/gradido.net\\\/de\\\/?s={search_term_string}\"},\"query-input\":{\"@type\":\"PropertyValueSpecification\",\"valueRequired\":true,\"valueName\":\"search_term_string\"}}],\"inLanguage\":\"hu\"},{\"@type\":\"Organization\",\"@id\":\"https:\\\/\\\/gradido.net\\\/de\\\/#organization\",\"name\":\"Gradido\",\"url\":\"https:\\\/\\\/gradido.net\\\/de\\\/\",\"logo\":{\"@type\":\"ImageObject\",\"inLanguage\":\"hu\",\"@id\":\"https:\\\/\\\/gradido.net\\\/de\\\/#\\\/schema\\\/logo\\\/image\\\/\",\"url\":\"https:\\\/\\\/gradido.net\\\/wp-content\\\/uploads\\\/2022\\\/04\\\/gradido-social.jpg\",\"contentUrl\":\"https:\\\/\\\/gradido.net\\\/wp-content\\\/uploads\\\/2022\\\/04\\\/gradido-social.jpg\",\"width\":527,\"height\":273,\"caption\":\"Gradido\"},\"image\":{\"@id\":\"https:\\\/\\\/gradido.net\\\/de\\\/#\\\/schema\\\/logo\\\/image\\\/\"}}]}<\/script>\n<!-- \/ Yoast SEO plugin. -->","yoast_head_json":{"title":"A h\u00e1tr\u00e1nyos helyzet\u0171 gyermekek oktat\u00e1si helyzete F\u00fcl\u00f6p-szigetek - Gradido","description":"L\u00e9gy r\u00e9szese a mozgalomnak! Egy\u00fctt hozzuk el a Gradid\u00f3t a vil\u00e1gba.","robots":{"index":"index","follow":"follow","max-snippet":"max-snippet:-1","max-image-preview":"max-image-preview:large","max-video-preview":"max-video-preview:-1"},"canonical":"https:\/\/gradido.net\/hu\/countries\/philippines\/educational-situation\/","og_locale":"hu_HU","og_type":"article","og_title":"Bildungssituation benachteiligter Kinder Philippinen - Gradido","og_description":"Sei Teil der Bewegung!Gemeinsam bringen wir Gradido in die Welt.","og_url":"https:\/\/gradido.net\/hu\/countries\/philippines\/educational-situation\/","og_site_name":"Gradido","article_modified_time":"2025-10-04T09:57:09+00:00","og_image":[{"width":2560,"height":790,"url":"https:\/\/gradido.net\/wp-content\/uploads\/2025\/07\/AdobeStock_3210827871-scaled.jpeg","type":"image\/jpeg"}],"twitter_card":"summary_large_image","twitter_misc":{"Becs\u00fclt olvas\u00e1si id\u0151":"5 perc"},"schema":{"@context":"https:\/\/schema.org","@graph":[{"@type":"WebPage","@id":"https:\/\/gradido.net\/countries\/philippines\/educational-situation\/","url":"https:\/\/gradido.net\/countries\/philippines\/educational-situation\/","name":"A h\u00e1tr\u00e1nyos helyzet\u0171 gyermekek oktat\u00e1si helyzete F\u00fcl\u00f6p-szigetek - Gradido","isPartOf":{"@id":"https:\/\/gradido.net\/de\/#website"},"primaryImageOfPage":{"@id":"https:\/\/gradido.net\/countries\/philippines\/educational-situation\/#primaryimage"},"image":{"@id":"https:\/\/gradido.net\/countries\/philippines\/educational-situation\/#primaryimage"},"thumbnailUrl":"https:\/\/gradido.net\/wp-content\/uploads\/2025\/07\/AdobeStock_3210827871-scaled.jpeg","datePublished":"2025-07-27T14:47:59+00:00","dateModified":"2025-10-04T09:57:09+00:00","description":"L\u00e9gy r\u00e9szese a mozgalomnak! Egy\u00fctt hozzuk el a Gradid\u00f3t a vil\u00e1gba.","breadcrumb":{"@id":"https:\/\/gradido.net\/countries\/philippines\/educational-situation\/#breadcrumb"},"inLanguage":"hu","potentialAction":[{"@type":"ReadAction","target":["https:\/\/gradido.net\/countries\/philippines\/educational-situation\/"]}]},{"@type":"ImageObject","inLanguage":"hu","@id":"https:\/\/gradido.net\/countries\/philippines\/educational-situation\/#primaryimage","url":"https:\/\/gradido.net\/wp-content\/uploads\/2025\/07\/AdobeStock_3210827871-scaled.jpeg","contentUrl":"https:\/\/gradido.net\/wp-content\/uploads\/2025\/07\/AdobeStock_3210827871-scaled.jpeg","width":2560,"height":790,"caption":"world globe planet earth 3d-illustration. elements of this image furnished by NASA"},{"@type":"BreadcrumbList","@id":"https:\/\/gradido.net\/countries\/philippines\/educational-situation\/#breadcrumb","itemListElement":[{"@type":"ListItem","position":1,"name":"Startseite","item":"https:\/\/gradido.net\/"},{"@type":"ListItem","position":2,"name":"L\u00e4nderforschung","item":"https:\/\/gradido.net\/countries\/"},{"@type":"ListItem","position":3,"name":"Philppinen","item":"https:\/\/gradido.net\/countries\/philippines\/"},{"@type":"ListItem","position":4,"name":"Bildungssituation benachteiligter Kinder Philippinen"}]},{"@type":"WebSite","@id":"https:\/\/gradido.net\/de\/#website","url":"https:\/\/gradido.net\/de\/","name":"Gradido","description":"Az \u00faj p\u00e9nznem a h\u00e1la","publisher":{"@id":"https:\/\/gradido.net\/de\/#organization"},"potentialAction":[{"@type":"SearchAction","target":{"@type":"EntryPoint","urlTemplate":"https:\/\/gradido.net\/de\/?s={search_term_string}"},"query-input":{"@type":"PropertyValueSpecification","valueRequired":true,"valueName":"search_term_string"}}],"inLanguage":"hu"},{"@type":"Organization","@id":"https:\/\/gradido.net\/de\/#organization","name":"Gradido","url":"https:\/\/gradido.net\/de\/","logo":{"@type":"ImageObject","inLanguage":"hu","@id":"https:\/\/gradido.net\/de\/#\/schema\/logo\/image\/","url":"https:\/\/gradido.net\/wp-content\/uploads\/2022\/04\/gradido-social.jpg","contentUrl":"https:\/\/gradido.net\/wp-content\/uploads\/2022\/04\/gradido-social.jpg","width":527,"height":273,"caption":"Gradido"},"image":{"@id":"https:\/\/gradido.net\/de\/#\/schema\/logo\/image\/"}}]}},"_links":{"self":[{"href":"https:\/\/gradido.net\/hu\/wp-json\/wp\/v2\/pages\/10612","targetHints":{"allow":["GET"]}}],"collection":[{"href":"https:\/\/gradido.net\/hu\/wp-json\/wp\/v2\/pages"}],"about":[{"href":"https:\/\/gradido.net\/hu\/wp-json\/wp\/v2\/types\/page"}],"author":[{"embeddable":true,"href":"https:\/\/gradido.net\/hu\/wp-json\/wp\/v2\/users\/2"}],"replies":[{"embeddable":true,"href":"https:\/\/gradido.net\/hu\/wp-json\/wp\/v2\/comments?post=10612"}],"version-history":[{"count":13,"href":"https:\/\/gradido.net\/hu\/wp-json\/wp\/v2\/pages\/10612\/revisions"}],"predecessor-version":[{"id":11974,"href":"https:\/\/gradido.net\/hu\/wp-json\/wp\/v2\/pages\/10612\/revisions\/11974"}],"up":[{"embeddable":true,"href":"https:\/\/gradido.net\/hu\/wp-json\/wp\/v2\/pages\/10540"}],"wp:featuredmedia":[{"embeddable":true,"href":"https:\/\/gradido.net\/hu\/wp-json\/wp\/v2\/media\/10458"}],"wp:attachment":[{"href":"https:\/\/gradido.net\/hu\/wp-json\/wp\/v2\/media?parent=10612"}],"curies":[{"name":"wp","href":"https:\/\/api.w.org\/{rel}","templated":true}]}}