{"id":10629,"date":"2025-07-27T17:44:15","date_gmt":"2025-07-27T15:44:15","guid":{"rendered":"https:\/\/gradido.net\/?page_id=10629"},"modified":"2025-10-04T11:59:24","modified_gmt":"2025-10-04T09:59:24","slug":"care-work-and-commitment","status":"publish","type":"page","link":"https:\/\/gradido.net\/hu\/countries\/philippines\/care-work-and-commitment\/","title":{"rendered":"A gondoz\u00e1si munka \u00e9s az elk\u00f6telezetts\u00e9g elismer\u00e9se F\u00fcl\u00f6p-szigetek"},"content":{"rendered":"<div data-elementor-type=\"wp-page\" data-elementor-id=\"10629\" class=\"elementor elementor-10629\" data-elementor-post-type=\"page\">\n\t\t\t\t\t\t<section class=\"elementor-section elementor-top-section elementor-element elementor-element-4ce3e8af elementor-section-full_width elementor-section-height-default elementor-section-height-default\" data-id=\"4ce3e8af\" data-element_type=\"section\" data-e-type=\"section\">\n\t\t\t\t\t\t<div class=\"elementor-container elementor-column-gap-no\">\n\t\t\t\t\t<div class=\"elementor-column elementor-col-100 elementor-top-column elementor-element elementor-element-efa8c8c\" data-id=\"efa8c8c\" data-element_type=\"column\" data-e-type=\"column\">\n\t\t\t<div class=\"elementor-widget-wrap elementor-element-populated\">\n\t\t\t\t\t\t<div class=\"elementor-element elementor-element-e088aa4 elementor--h-position-center elementor--v-position-middle elementor-arrows-position-inside elementor-widget elementor-widget-slides\" data-id=\"e088aa4\" data-element_type=\"widget\" data-e-type=\"widget\" data-settings=\"{&quot;navigation&quot;:&quot;arrows&quot;,&quot;autoplay&quot;:&quot;yes&quot;,&quot;pause_on_hover&quot;:&quot;yes&quot;,&quot;pause_on_interaction&quot;:&quot;yes&quot;,&quot;autoplay_speed&quot;:5000,&quot;infinite&quot;:&quot;yes&quot;,&quot;transition&quot;:&quot;slide&quot;,&quot;transition_speed&quot;:500}\" data-widget_type=\"slides.default\">\n\t\t\t\t<div class=\"elementor-widget-container\">\n\t\t\t\t\t\t\t\t\t<div class=\"elementor-swiper\">\n\t\t\t\t\t<div class=\"elementor-slides-wrapper elementor-main-swiper swiper\" role=\"region\" aria-roledescription=\"carousel\" aria-label=\"Cs\u00faszka\" dir=\"ltr\" data-animation=\"fadeInUp\">\n\t\t\t\t<div class=\"swiper-wrapper elementor-slides\">\n\t\t\t\t\t\t\t\t\t\t<div class=\"elementor-repeater-item-2de4990 swiper-slide\" role=\"group\" aria-roledescription=\"slide\"><div class=\"swiper-slide-bg\" role=\"img\" aria-label=\"manila-4503501_1280\"><\/div><div class=\"swiper-slide-inner\" ><div class=\"swiper-slide-contents\"><\/div><\/div><\/div><div class=\"elementor-repeater-item-28f126e swiper-slide\" role=\"group\" aria-roledescription=\"slide\"><div class=\"swiper-slide-bg\" role=\"img\" aria-label=\"philippines-4951855_1280\"><\/div><div class=\"swiper-slide-inner\" ><div class=\"swiper-slide-contents\"><\/div><\/div><\/div><div class=\"elementor-repeater-item-992da35 swiper-slide\" role=\"group\" aria-roledescription=\"slide\"><div class=\"swiper-slide-bg\" role=\"img\" aria-label=\"manila-2256322_1280\"><\/div><div class=\"swiper-slide-inner\" ><div class=\"swiper-slide-contents\"><\/div><\/div><\/div>\t\t\t\t<\/div>\n\t\t\t\t\t\t\t\t\t\t\t\t\t\t\t<div class=\"elementor-swiper-button elementor-swiper-button-prev\" role=\"button\" tabindex=\"0\" aria-label=\"Diapozitiv anterior\" data-no-translation-aria-label=\"\">\n\t\t\t\t\t\t\t<i aria-hidden=\"true\" class=\"eicon-chevron-left\"><\/i>\t\t\t\t\t\t<\/div>\n\t\t\t\t\t\t<div class=\"elementor-swiper-button elementor-swiper-button-next\" role=\"button\" tabindex=\"0\" aria-label=\"Diapozitivul urm\u0103tor\" data-no-translation-aria-label=\"\">\n\t\t\t\t\t\t\t<i aria-hidden=\"true\" class=\"eicon-chevron-right\"><\/i>\t\t\t\t\t\t<\/div>\n\t\t\t\t\t\t\t\t\t\t\t\t\t\t\t\t\t<\/div>\n\t\t\t\t<\/div>\n\t\t\t\t\t\t\t\t<\/div>\n\t\t\t\t<\/div>\n\t\t\t\t\t<\/div>\n\t\t<\/div>\n\t\t\t\t\t<\/div>\n\t\t<\/section>\n\t\t\t\t<section class=\"elementor-section elementor-top-section elementor-element elementor-element-240baa7a elementor-section-boxed elementor-section-height-default elementor-section-height-default\" data-id=\"240baa7a\" data-element_type=\"section\" data-e-type=\"section\" data-settings=\"{&quot;background_background&quot;:&quot;classic&quot;}\">\n\t\t\t\t\t\t<div class=\"elementor-container elementor-column-gap-default\">\n\t\t\t\t\t<div class=\"elementor-column elementor-col-100 elementor-top-column elementor-element elementor-element-1afe9e42\" data-id=\"1afe9e42\" data-element_type=\"column\" data-e-type=\"column\">\n\t\t\t<div class=\"elementor-widget-wrap elementor-element-populated\">\n\t\t\t\t\t\t<div class=\"elementor-element elementor-element-65bd50ae elementor-widget elementor-widget-heading\" data-id=\"65bd50ae\" data-element_type=\"widget\" data-e-type=\"widget\" data-widget_type=\"heading.default\">\n\t\t\t\t<div class=\"elementor-widget-container\">\n\t\t\t\t\t<h1 class=\"elementor-heading-title elementor-size-default\">A gondoz\u00e1si munka \u00e9s elk\u00f6telezetts\u00e9g elismer\u00e9se<\/h1>\t\t\t\t<\/div>\n\t\t\t\t<\/div>\n\t\t\t\t\t<\/div>\n\t\t<\/div>\n\t\t\t\t\t<\/div>\n\t\t<\/section>\n\t\t\t\t<section class=\"elementor-section elementor-top-section elementor-element elementor-element-446540f elementor-section-boxed elementor-section-height-default elementor-section-height-default\" data-id=\"446540f\" data-element_type=\"section\" data-e-type=\"section\">\n\t\t\t\t\t\t<div class=\"elementor-container elementor-column-gap-default\">\n\t\t\t\t\t<div class=\"elementor-column elementor-col-100 elementor-top-column elementor-element elementor-element-312a2d3\" data-id=\"312a2d3\" data-element_type=\"column\" data-e-type=\"column\">\n\t\t\t<div class=\"elementor-widget-wrap elementor-element-populated\">\n\t\t\t\t\t\t<div class=\"elementor-element elementor-element-f832020 elementor-nav-menu--dropdown-tablet elementor-nav-menu__text-align-aside elementor-nav-menu--toggle elementor-nav-menu--burger elementor-widget elementor-widget-nav-menu\" data-id=\"f832020\" data-element_type=\"widget\" data-e-type=\"widget\" data-settings=\"{&quot;layout&quot;:&quot;horizontal&quot;,&quot;submenu_icon&quot;:{&quot;value&quot;:&quot;&lt;i class=\\&quot;fas fa-caret-down\\&quot; aria-hidden=\\&quot;true\\&quot;&gt;&lt;\\\/i&gt;&quot;,&quot;library&quot;:&quot;fa-solid&quot;},&quot;toggle&quot;:&quot;burger&quot;}\" data-widget_type=\"nav-menu.default\">\n\t\t\t\t<div class=\"elementor-widget-container\">\n\t\t\t\t\t\t\t\t<nav aria-label=\"Orsz\u00e1gkutat\u00e1s\" class=\"elementor-nav-menu--main elementor-nav-menu__container elementor-nav-menu--layout-horizontal e--pointer-underline e--animation-grow\">\n\t\t\t\t<ul id=\"menu-1-f832020\" class=\"elementor-nav-menu\"><li class=\"menu-item menu-item-type-custom menu-item-object-custom menu-item-has-children menu-item-12305\"><a class=\"elementor-item\">Afrika<\/a>\n<ul class=\"sub-menu elementor-nav-menu--dropdown\">\n\t<li class=\"menu-item menu-item-type-post_type menu-item-object-page menu-item-12253\"><a href=\"https:\/\/gradido.net\/hu\/countries\/afrika\/\" class=\"elementor-sub-item\">Afrika, az eg\u00e9sz kontinens<\/a><\/li>\n\t<li class=\"menu-item menu-item-type-post_type menu-item-object-page menu-item-13097\"><a href=\"https:\/\/gradido.net\/hu\/countries\/afrika\/dr-congo\/\" class=\"elementor-sub-item\">Kong\u00f3i Demokratikus K\u00f6zt\u00e1rsas\u00e1g<\/a><\/li>\n\t<li class=\"menu-item menu-item-type-post_type menu-item-object-page menu-item-12414\"><a href=\"https:\/\/gradido.net\/hu\/countries\/afrika\/kenya\/\" class=\"elementor-sub-item\">Kenya<\/a><\/li>\n\t<li class=\"menu-item menu-item-type-post_type menu-item-object-page menu-item-12737\"><a href=\"https:\/\/gradido.net\/hu\/countries\/afrika\/madagascar\/\" class=\"elementor-sub-item\">Madagaszk\u00e1r<\/a><\/li>\n\t<li class=\"menu-item menu-item-type-post_type menu-item-object-page menu-item-12148\"><a href=\"https:\/\/gradido.net\/hu\/countries\/afrika\/namibia\/\" class=\"elementor-sub-item\">Nam\u00edbia<\/a><\/li>\n\t<li class=\"menu-item menu-item-type-post_type menu-item-object-page menu-item-12839\"><a href=\"https:\/\/gradido.net\/hu\/countries\/afrika\/rwanda\/\" class=\"elementor-sub-item\">Ruanda<\/a><\/li>\n<\/ul>\n<\/li>\n<li class=\"menu-item menu-item-type-custom menu-item-object-custom menu-item-has-children menu-item-11798\"><a class=\"elementor-item\">Amerika<\/a>\n<ul class=\"sub-menu elementor-nav-menu--dropdown\">\n\t<li class=\"menu-item menu-item-type-post_type menu-item-object-page menu-item-12463\"><a href=\"https:\/\/gradido.net\/hu\/countries\/usa\/\" class=\"elementor-sub-item\">USA<\/a><\/li>\n\t<li class=\"menu-item menu-item-type-post_type menu-item-object-page menu-item-11791\"><a href=\"https:\/\/gradido.net\/hu\/countries\/mexico\/\" class=\"elementor-sub-item\">Mexik\u00f3<\/a><\/li>\n<\/ul>\n<\/li>\n<li class=\"menu-item menu-item-type-custom menu-item-object-custom menu-item-has-children menu-item-11800\"><a class=\"elementor-item\">\u00c1zsia<\/a>\n<ul class=\"sub-menu elementor-nav-menu--dropdown\">\n\t<li class=\"menu-item menu-item-type-post_type menu-item-object-page menu-item-11794\"><a href=\"https:\/\/gradido.net\/hu\/countries\/maledives\/\" class=\"elementor-sub-item\">Mald\u00edv-szigetek<\/a><\/li>\n\t<li class=\"menu-item menu-item-type-post_type menu-item-object-page menu-item-11790\"><a href=\"https:\/\/gradido.net\/hu\/countries\/philippines\/\" class=\"elementor-sub-item\">F\u00fcl\u00f6p-szigetek<\/a><\/li>\n\t<li class=\"menu-item menu-item-type-post_type menu-item-object-page menu-item-11802\"><a href=\"https:\/\/gradido.net\/hu\/countries\/saudi-arabia\/\" class=\"elementor-sub-item\">Sza\u00fad-Ar\u00e1bia<\/a><\/li>\n<\/ul>\n<\/li>\n<li class=\"menu-item menu-item-type-custom menu-item-object-custom menu-item-has-children menu-item-11797\"><a class=\"elementor-item\">Eur\u00f3pa<\/a>\n<ul class=\"sub-menu elementor-nav-menu--dropdown\">\n\t<li class=\"menu-item menu-item-type-post_type menu-item-object-page menu-item-11805\"><a href=\"https:\/\/gradido.net\/hu\/countries\/germany\/\" class=\"elementor-sub-item\">N\u00e9metorsz\u00e1g<\/a><\/li>\n\t<li class=\"menu-item menu-item-type-post_type menu-item-object-page menu-item-11803\"><a href=\"https:\/\/gradido.net\/hu\/countries\/greece\/\" class=\"elementor-sub-item\">G\u00f6r\u00f6gorsz\u00e1g<\/a><\/li>\n\t<li class=\"menu-item menu-item-type-post_type menu-item-object-page menu-item-11788\"><a href=\"https:\/\/gradido.net\/hu\/countries\/spain\/\" class=\"elementor-sub-item\">Spanyolorsz\u00e1g<\/a><\/li>\n<\/ul>\n<\/li>\n<li class=\"menu-item menu-item-type-custom menu-item-object-custom menu-item-has-children menu-item-11801\"><a class=\"elementor-item\">\u00d3ce\u00e1nia<\/a>\n<ul class=\"sub-menu elementor-nav-menu--dropdown\">\n\t<li class=\"menu-item menu-item-type-post_type menu-item-object-page menu-item-11793\"><a href=\"https:\/\/gradido.net\/hu\/countries\/marshall-islands\/\" class=\"elementor-sub-item\">Marshall-szigetek<\/a><\/li>\n\t<li class=\"menu-item menu-item-type-post_type menu-item-object-page menu-item-11795\"><a href=\"https:\/\/gradido.net\/hu\/countries\/tahiti\/\" class=\"elementor-sub-item\">Tahiti<\/a><\/li>\n<\/ul>\n<\/li>\n<\/ul>\t\t\t<\/nav>\n\t\t\t\t\t<div class=\"elementor-menu-toggle\" role=\"button\" tabindex=\"0\" aria-label=\"Men\u00fc kapcsol\u00f3\" aria-expanded=\"false\">\n\t\t\t<i aria-hidden=\"true\" role=\"presentation\" class=\"elementor-menu-toggle__icon--open eicon-menu-bar\"><\/i><i aria-hidden=\"true\" role=\"presentation\" class=\"elementor-menu-toggle__icon--close eicon-close\"><\/i>\t\t<\/div>\n\t\t\t\t\t<nav class=\"elementor-nav-menu--dropdown elementor-nav-menu__container\" aria-hidden=\"true\">\n\t\t\t\t<ul id=\"menu-2-f832020\" class=\"elementor-nav-menu\"><li class=\"menu-item menu-item-type-custom menu-item-object-custom menu-item-has-children menu-item-12305\"><a class=\"elementor-item\" tabindex=\"-1\">Afrika<\/a>\n<ul class=\"sub-menu elementor-nav-menu--dropdown\">\n\t<li class=\"menu-item menu-item-type-post_type menu-item-object-page menu-item-12253\"><a href=\"https:\/\/gradido.net\/hu\/countries\/afrika\/\" class=\"elementor-sub-item\" tabindex=\"-1\">Afrika, az eg\u00e9sz kontinens<\/a><\/li>\n\t<li class=\"menu-item menu-item-type-post_type menu-item-object-page menu-item-13097\"><a href=\"https:\/\/gradido.net\/hu\/countries\/afrika\/dr-congo\/\" class=\"elementor-sub-item\" tabindex=\"-1\">Kong\u00f3i Demokratikus K\u00f6zt\u00e1rsas\u00e1g<\/a><\/li>\n\t<li class=\"menu-item menu-item-type-post_type menu-item-object-page menu-item-12414\"><a href=\"https:\/\/gradido.net\/hu\/countries\/afrika\/kenya\/\" class=\"elementor-sub-item\" tabindex=\"-1\">Kenya<\/a><\/li>\n\t<li class=\"menu-item menu-item-type-post_type menu-item-object-page menu-item-12737\"><a href=\"https:\/\/gradido.net\/hu\/countries\/afrika\/madagascar\/\" class=\"elementor-sub-item\" tabindex=\"-1\">Madagaszk\u00e1r<\/a><\/li>\n\t<li class=\"menu-item menu-item-type-post_type menu-item-object-page menu-item-12148\"><a href=\"https:\/\/gradido.net\/hu\/countries\/afrika\/namibia\/\" class=\"elementor-sub-item\" tabindex=\"-1\">Nam\u00edbia<\/a><\/li>\n\t<li class=\"menu-item menu-item-type-post_type menu-item-object-page menu-item-12839\"><a href=\"https:\/\/gradido.net\/hu\/countries\/afrika\/rwanda\/\" class=\"elementor-sub-item\" tabindex=\"-1\">Ruanda<\/a><\/li>\n<\/ul>\n<\/li>\n<li class=\"menu-item menu-item-type-custom menu-item-object-custom menu-item-has-children menu-item-11798\"><a class=\"elementor-item\" tabindex=\"-1\">Amerika<\/a>\n<ul class=\"sub-menu elementor-nav-menu--dropdown\">\n\t<li class=\"menu-item menu-item-type-post_type menu-item-object-page menu-item-12463\"><a href=\"https:\/\/gradido.net\/hu\/countries\/usa\/\" class=\"elementor-sub-item\" tabindex=\"-1\">USA<\/a><\/li>\n\t<li class=\"menu-item menu-item-type-post_type menu-item-object-page menu-item-11791\"><a href=\"https:\/\/gradido.net\/hu\/countries\/mexico\/\" class=\"elementor-sub-item\" tabindex=\"-1\">Mexik\u00f3<\/a><\/li>\n<\/ul>\n<\/li>\n<li class=\"menu-item menu-item-type-custom menu-item-object-custom menu-item-has-children menu-item-11800\"><a class=\"elementor-item\" tabindex=\"-1\">\u00c1zsia<\/a>\n<ul class=\"sub-menu elementor-nav-menu--dropdown\">\n\t<li class=\"menu-item menu-item-type-post_type menu-item-object-page menu-item-11794\"><a href=\"https:\/\/gradido.net\/hu\/countries\/maledives\/\" class=\"elementor-sub-item\" tabindex=\"-1\">Mald\u00edv-szigetek<\/a><\/li>\n\t<li class=\"menu-item menu-item-type-post_type menu-item-object-page menu-item-11790\"><a href=\"https:\/\/gradido.net\/hu\/countries\/philippines\/\" class=\"elementor-sub-item\" tabindex=\"-1\">F\u00fcl\u00f6p-szigetek<\/a><\/li>\n\t<li class=\"menu-item menu-item-type-post_type menu-item-object-page menu-item-11802\"><a href=\"https:\/\/gradido.net\/hu\/countries\/saudi-arabia\/\" class=\"elementor-sub-item\" tabindex=\"-1\">Sza\u00fad-Ar\u00e1bia<\/a><\/li>\n<\/ul>\n<\/li>\n<li class=\"menu-item menu-item-type-custom menu-item-object-custom menu-item-has-children menu-item-11797\"><a class=\"elementor-item\" tabindex=\"-1\">Eur\u00f3pa<\/a>\n<ul class=\"sub-menu elementor-nav-menu--dropdown\">\n\t<li class=\"menu-item menu-item-type-post_type menu-item-object-page menu-item-11805\"><a href=\"https:\/\/gradido.net\/hu\/countries\/germany\/\" class=\"elementor-sub-item\" tabindex=\"-1\">N\u00e9metorsz\u00e1g<\/a><\/li>\n\t<li class=\"menu-item menu-item-type-post_type menu-item-object-page menu-item-11803\"><a href=\"https:\/\/gradido.net\/hu\/countries\/greece\/\" class=\"elementor-sub-item\" tabindex=\"-1\">G\u00f6r\u00f6gorsz\u00e1g<\/a><\/li>\n\t<li class=\"menu-item menu-item-type-post_type menu-item-object-page menu-item-11788\"><a href=\"https:\/\/gradido.net\/hu\/countries\/spain\/\" class=\"elementor-sub-item\" tabindex=\"-1\">Spanyolorsz\u00e1g<\/a><\/li>\n<\/ul>\n<\/li>\n<li class=\"menu-item menu-item-type-custom menu-item-object-custom menu-item-has-children menu-item-11801\"><a class=\"elementor-item\" tabindex=\"-1\">\u00d3ce\u00e1nia<\/a>\n<ul class=\"sub-menu elementor-nav-menu--dropdown\">\n\t<li class=\"menu-item menu-item-type-post_type menu-item-object-page menu-item-11793\"><a href=\"https:\/\/gradido.net\/hu\/countries\/marshall-islands\/\" class=\"elementor-sub-item\" tabindex=\"-1\">Marshall-szigetek<\/a><\/li>\n\t<li class=\"menu-item menu-item-type-post_type menu-item-object-page menu-item-11795\"><a href=\"https:\/\/gradido.net\/hu\/countries\/tahiti\/\" class=\"elementor-sub-item\" tabindex=\"-1\">Tahiti<\/a><\/li>\n<\/ul>\n<\/li>\n<\/ul>\t\t\t<\/nav>\n\t\t\t\t\t\t<\/div>\n\t\t\t\t<\/div>\n\t\t\t\t<div class=\"elementor-element elementor-element-3093281 elementor-widget elementor-widget-breadcrumbs\" data-id=\"3093281\" data-element_type=\"widget\" data-e-type=\"widget\" data-widget_type=\"breadcrumbs.default\">\n\t\t\t\t<div class=\"elementor-widget-container\">\n\t\t\t\t\t<p id=\"breadcrumbs\"><span><span><a href=\"https:\/\/gradido.net\/hu\/\">Honlap<\/a><\/span><\/span><\/p>\t\t\t\t<\/div>\n\t\t\t\t<\/div>\n\t\t\t\t<div class=\"elementor-element elementor-element-a9db9a5 elementor-widget elementor-widget-text-editor\" data-id=\"a9db9a5\" data-element_type=\"widget\" data-e-type=\"widget\" data-widget_type=\"text-editor.default\">\n\t\t\t\t<div class=\"elementor-widget-container\">\n\t\t\t\t\t\t\t\t\t<h3 style=\"text-align: center;\"><a href=\"https:\/\/gradido.net\/hu\/countries\/philippines\/\"><strong>F\u0151oldal: F\u00fcl\u00f6p-szigetek<\/strong><\/a><\/h3><p style=\"text-align: center;\"><a href=\"https:\/\/gradido.net\/hu\/countries\/philippines\/economy-and-society\/\">1. gazdas\u00e1g \u00e9s t\u00e1rsadalom<\/a><br \/><a href=\"https:\/\/gradido.net\/hu\/countries\/philippines\/income-and-standard-of-living\/\">2 J\u00f6vedelem \u00e9s \u00e9letsz\u00ednvonal<\/a><br \/><a href=\"https:\/\/gradido.net\/hu\/countries\/philippines\/labor-migration-and-foreign-employment\/\">3 Munkaer\u0151-migr\u00e1ci\u00f3 \u00e9s k\u00fclf\u00f6ldi munkav\u00e1llal\u00e1s<\/a><br \/><a href=\"https:\/\/gradido.net\/hu\/countries\/philippines\/poverty-and-social-inequality\/\">4 Szeg\u00e9nys\u00e9g \u00e9s t\u00e1rsadalmi egyenl\u0151tlens\u00e9gek<\/a><br \/><a href=\"https:\/\/gradido.net\/hu\/countries\/philippines\/common-good-and-solidarity\/\">5 A k\u00f6zj\u00f3 \u00e9s a szolidarit\u00e1s<\/a><br \/><a href=\"https:\/\/gradido.net\/hu\/countries\/philippines\/educational-situation\/\">6 A h\u00e1tr\u00e1nyos helyzet\u0171 gyermekek oktat\u00e1si helyzete<\/a><br \/><a href=\"https:\/\/gradido.net\/hu\/countries\/philippines\/health-and-retirement-provision\/\">7 Eg\u00e9szs\u00e9g\u00fcgyi, t\u00e1rsadalombiztos\u00edt\u00e1si \u00e9s nyugd\u00edjell\u00e1t\u00e1s<\/a><br \/><strong>8 A gondoz\u00e1si munka \u00e9s elk\u00f6telezetts\u00e9g elismer\u00e9se<\/strong><br \/><a href=\"https:\/\/gradido.net\/hu\/countries\/philippines\/digitization-and-alternative-models\/\">9.innov\u00e1ci\u00f3, digitaliz\u00e1ci\u00f3 \u00e9s alternat\u00edv gazdas\u00e1gi modellek<\/a><br \/><a href=\"https:\/\/gradido.net\/hu\/countries\/philippines\/community-based-economy-and-parallel-currencies\/\">10.k\u00f6z\u00f6ss\u00e9gi alap\u00fa gazdas\u00e1g \u00e9s p\u00e1rhuzamos valut\u00e1k<\/a><br \/><a href=\"https:\/\/gradido.net\/hu\/countries\/philippines\/potential-and-challenges\/\">11 A Gradido lehet\u0151s\u00e9gei \u00e9s kih\u00edv\u00e1sai<\/a><br \/><a href=\"https:\/\/gradido.net\/hu\/countries\/philippines\/international-cooperation\/\">12. nemzetk\u00f6zi egy\u00fcttm\u0171k\u00f6d\u00e9s, nem korm\u00e1nyzati szervezetek \u00e9s korm\u00e1nyzati fejleszt\u00e9si projektek<\/a><\/p>\t\t\t\t\t\t\t\t<\/div>\n\t\t\t\t<\/div>\n\t\t\t\t<div class=\"elementor-element elementor-element-d7bb196 elementor-widget-divider--view-line elementor-widget elementor-widget-divider\" data-id=\"d7bb196\" data-element_type=\"widget\" data-e-type=\"widget\" data-widget_type=\"divider.default\">\n\t\t\t\t<div class=\"elementor-widget-container\">\n\t\t\t\t\t\t\t<div class=\"elementor-divider\">\n\t\t\t<span class=\"elementor-divider-separator\">\n\t\t\t\t\t\t<\/span>\n\t\t<\/div>\n\t\t\t\t\t\t<\/div>\n\t\t\t\t<\/div>\n\t\t\t\t<div class=\"elementor-element elementor-element-146ff9d elementor-widget elementor-widget-text-editor\" data-id=\"146ff9d\" data-element_type=\"widget\" data-e-type=\"widget\" data-widget_type=\"text-editor.default\">\n\t\t\t\t<div class=\"elementor-widget-container\">\n\t\t\t\t\t\t\t\t\t<div class=\"wiki-page-header-wrapper\"><div class=\"wiki-page-header-wrapper\"><div class=\"wiki-page-header-wrapper\"><div class=\"wiki-page-header-wrapper\"><div class=\"wiki-page-header-wrapper\"><h1 id=\"gesellschaftliche-anerkennung-und-unterst%C3%BCtzung-von-care-arbeit%2C-freiwilligem-engagement-und-nachbarschaftshilfe-auf-den-philippinen\" tabindex=\"-1\">A gondoz\u00e1si munka, az \u00f6nk\u00e9ntes munka \u00e9s a szomsz\u00e9ds\u00e1gi seg\u00edts\u00e9gny\u00fajt\u00e1s t\u00e1rsadalmi elismer\u00e9se \u00e9s t\u00e1mogat\u00e1sa a F\u00fcl\u00f6p-szigeteken<\/h1><\/div><div class=\"wiki-page-header-wrapper\"><h2 id=\"1.-care-arbeit\" tabindex=\"-1\">1. gondoz\u00e1si munka<\/h2><p><strong>Gondoz\u00e1si munka<\/strong> - k\u00fcl\u00f6n\u00f6sen a gondoz\u00e1si, \u00e1pol\u00e1si \u00e9s \u00e1pol\u00f3i munka - a F\u00fcl\u00f6p-szigetek t\u00e1rsadalm\u00e1ban alapvet\u0151 fontoss\u00e1g\u00fa, de gyakran nem ismerik el el\u00e9gg\u00e9:<\/p><ul><li><strong>T\u00e1rsadalmi \u00e9rz\u00e9kel\u00e9s<\/strong>A gondoz\u00f3kat \u00e9s a gondoz\u00e1sban dolgoz\u00f3kat sok csal\u00e1d \u00e9s a t\u00e1rsadalom \"gerinc\u00e9nek\" tekintik, de \u00e1ltal\u00e1ban kev\u00e9s nyilv\u00e1nos elismer\u00e9sben r\u00e9szes\u00fclnek, \u00e9s alacsony b\u00e9rekkel kell szemben\u00e9zni\u00fck. Sok k\u00e9pzett \u00e1pol\u00f3 k\u00fclf\u00f6ldre v\u00e1ndorol, mivel ott jobb munkak\u00f6r\u00fclm\u00e9nyek \u00e9s nagyobb elismer\u00e9s v\u00e1r r\u00e1juk. Itthon a gondoz\u00e1si munka gyakran alulfizetett \u00e9s kev\u00e9sb\u00e9 l\u00e1that\u00f3 marad.<a href=\"https:\/\/www.spiegel.de\/ausland\/pflege-warum-deutschland-arbeitskraefte-aus-den-philippinen-rekrutiert-a-cbfd56c2-7028-485f-bd15-76732d9a6d2c\" target=\"_blank\" rel=\"noopener noreferrer nofollow\">^1<\/a><a href=\"https:\/\/www.migrationsbegriffe.de\/care-migration\" target=\"_blank\" rel=\"noopener noreferrer nofollow\">^3<\/a>.<\/li><li><strong>Elismer\u00e9s \u00e9s kifizet\u00e9s<\/strong>A gondoz\u00e1si munka t\u00e1rsadalmi \u00e9s politikai elismerts\u00e9ge tov\u00e1bbra is alacsony. B\u00e1r elismerik a gondoz\u00e1s \u00e9s a gondoz\u00e1si munka fontoss\u00e1g\u00e1t a t\u00e1rsadalom m\u0171k\u00f6d\u00e9se szempontj\u00e1b\u00f3l, hi\u00e1nyzik a megfelel\u0151 fizet\u00e9s \u00e9s a struktur\u00e1lis t\u00e1mogat\u00e1s. A szakszervezetek \u00e9s a civil t\u00e1rsadalmi csoportok rendszeresen nagyobb megbecs\u00fcl\u00e9st \u00e9s jobb munkak\u00f6r\u00fclm\u00e9nyeket k\u00f6vetelnek a gondoz\u00e1sban dolgoz\u00f3k sz\u00e1m\u00e1ra.<a href=\"https:\/\/www.spiegel.de\/ausland\/pflege-warum-deutschland-arbeitskraefte-aus-den-philippinen-rekrutiert-a-cbfd56c2-7028-485f-bd15-76732d9a6d2c\" target=\"_blank\" rel=\"noopener noreferrer nofollow\">^1<\/a><a href=\"https:\/\/www.migrationsbegriffe.de\/care-migration\" target=\"_blank\" rel=\"noopener noreferrer nofollow\">^3<\/a>.<\/li><li><strong>Korm\u00e1nyzati int\u00e9zked\u00e9sek<\/strong>Vannak a javul\u00e1st c\u00e9lz\u00f3 megk\u00f6zel\u00edt\u00e9sek, mint p\u00e9ld\u00e1ul az egyetemes eg\u00e9szs\u00e9g\u00fcgyi ell\u00e1t\u00e1sr\u00f3l sz\u00f3l\u00f3 t\u00f6rv\u00e9ny \u00e9s az \u00e1pol\u00f3szem\u00e9lyzet k\u00e9pz\u00e9s\u00e9re \u00e9s k\u00e9pes\u00edt\u00e9s\u00e9re ir\u00e1nyul\u00f3 programok. Mindazon\u00e1ltal a gyakorlati v\u00e9grehajt\u00e1s gyakran hi\u00e1nyos, k\u00fcl\u00f6n\u00f6sen a vid\u00e9ki ter\u00fcleteken \u00e9s az inform\u00e1lisan dolgoz\u00f3k eset\u00e9ben.<a href=\"https:\/\/www.spiegel.de\/ausland\/pflege-warum-deutschland-arbeitskraefte-aus-den-philippinen-rekrutiert-a-cbfd56c2-7028-485f-bd15-76732d9a6d2c\" target=\"_blank\" rel=\"noopener noreferrer nofollow\">^2<\/a>.<\/li><\/ul><\/div><div class=\"wiki-page-header-wrapper\"><h2 id=\"2.-freiwilliges-engagement\" tabindex=\"-1\">2. \u00f6nk\u00e9ntes k\u00f6telezetts\u00e9gv\u00e1llal\u00e1s<\/h2><p><strong>\u00d6nk\u00e9ntess\u00e9g<\/strong> \u00e9s az \u00f6nk\u00e9ntess\u00e9g m\u00e9lyen gy\u00f6kerezik a F\u00fcl\u00f6p-szigeteken, \u00e9s a t\u00e1rsadalom nagyra \u00e9rt\u00e9keli \u0151ket:<\/p><ul><li><strong>T\u00e1rsadalmi jelent\u0151s\u00e9g<\/strong>Az \u00f6nk\u00e9ntes munk\u00e1t - p\u00e9ld\u00e1ul a katasztr\u00f3faelh\u00e1r\u00edt\u00e1s, az oktat\u00e1s, az eg\u00e9szs\u00e9g\u00fcgy vagy a k\u00f6rnyezetv\u00e9delem ter\u00fclet\u00e9n - a szolidarit\u00e1s \u00e9s a k\u00f6zszellem kifejez\u0151d\u00e9s\u00e9nek tekintik. K\u00fcl\u00f6n\u00f6sen term\u00e9szeti katasztr\u00f3f\u00e1k ut\u00e1n a spont\u00e1n, kollekt\u00edv seg\u00edts\u00e9gny\u00fajt\u00e1s (\"Bayanihan\") a F\u00fcl\u00f6p-szigeteki t\u00e1rsadalom meghat\u00e1roz\u00f3 eleme.<a href=\"https:\/\/mariphil.net\/weltwaerts\/\" target=\"_blank\" rel=\"noopener noreferrer nofollow\">^4<\/a>.<\/li><li><strong>Elismer\u00e9s<\/strong>Az \u00f6nk\u00e9ntes seg\u00edt\u0151k t\u00e1rsadalmi preszt\u00edzst \u00e9lveznek, k\u00fcl\u00f6n\u00f6sen a helyi k\u00f6z\u00f6ss\u00e9gekben. K\u00f6zrem\u0171k\u00f6d\u00e9s\u00fcket gyakran nyilv\u00e1nosan is elismerik, p\u00e9ld\u00e1ul vall\u00e1si \u00fcnnepeken, k\u00f6z\u00f6ss\u00e9gi rendezv\u00e9nyeken vagy a helyi m\u00e9dia besz\u00e1mol\u00f3iban.<a href=\"https:\/\/mariphil.net\/weltwaerts\/\" target=\"_blank\" rel=\"noopener noreferrer nofollow\">^4<\/a>.<\/li><li><strong>T\u00e1mogat\u00e1s \u00e9s prom\u00f3ci\u00f3<\/strong>Sz\u00e1mos szervezet - a nem korm\u00e1nyzati szervezetekt\u0151l \u00e9s egyh\u00e1zakt\u00f3l kezdve az olyan nemzetk\u00f6zi programokig, mint a \"weltw\u00e4rts\" - k\u00edn\u00e1l k\u00e9pz\u00e9st, p\u00e9nz\u00fcgyi t\u00e1mogat\u00e1st \u00e9s elismer\u00e9st az \u00f6nk\u00e9nteseknek. Sz\u00e1mos olyan projekt l\u00e9tezik, amely kifejezetten fiatalokat toboroz \u00f6nk\u00e9ntes szolg\u00e1latra, \u00e9s fejl\u0151d\u00e9si lehet\u0151s\u00e9geket nyit meg sz\u00e1mukra.<a href=\"https:\/\/mariphil.net\/weltwaerts\/\" target=\"_blank\" rel=\"noopener noreferrer nofollow\">^4<\/a><a href=\"https:\/\/www.weltwaerts.de\/de\/freiwilligendienst-in-philippinen.html\" target=\"_blank\" rel=\"noopener noreferrer nofollow\">^6<\/a>.<\/li><\/ul><\/div><div class=\"wiki-page-header-wrapper\"><h2 id=\"3.-nachbarschaftshilfe-(%E2%80%9Ebayanihan%E2%80%9C)\" tabindex=\"-1\">3. szomsz\u00e9ds\u00e1gi seg\u00edts\u00e9g (\"Bayanihan\")<\/h2><p><strong>Szomsz\u00e9ds\u00e1gi seg\u00edts\u00e9gny\u00fajt\u00e1s<\/strong> - amelyet hagyom\u00e1nyosan \"Bayanihan\"-nak neveznek - a F\u00fcl\u00f6p-szigeteki t\u00e1rsadalom egyik alapvet\u0151 \u00e9rt\u00e9ke:<\/p><ul><li><strong>Kultur\u00e1lis lehorgonyz\u00e1s<\/strong>A Bayanihan a szomsz\u00e9di seg\u00edts\u00e9gny\u00fajt\u00e1st, a k\u00f6lcs\u00f6n\u00f6s t\u00e1mogat\u00e1st \u00e9s a k\u00f6z\u00f6s probl\u00e9mamegold\u00e1st jelenti. V\u00e1ls\u00e1gok, \u00e1ttelep\u00edt\u00e9sek, \u00e9p\u00edtkez\u00e9sek vagy term\u00e9szeti katasztr\u00f3f\u00e1k idej\u00e9n term\u00e9szetes, hogy a szomsz\u00e9dok \u00e9s eg\u00e9sz falvak egy\u00fcttm\u0171k\u00f6dnek an\u00e9lk\u00fcl, hogy b\u00e1rmit is v\u00e1rn\u00e1nak cser\u00e9be.<\/li><li><strong>Elismer\u00e9s<\/strong>A szolidarit\u00e1snak ezt a form\u00e1j\u00e1t t\u00e1rsadalmi eszm\u00e9nynek tekintik, \u00e9s m\u00e9lyen gy\u00f6kerezik a lakoss\u00e1g \u00f6nk\u00e9p\u00e9ben. A szomsz\u00e9di seg\u00edts\u00e9gny\u00fajt\u00e1st gyakran emelik ki a filipp\u00edn\u00f3k k\u00fcl\u00f6nleges ellen\u00e1ll\u00f3 k\u00e9pess\u00e9g\u00e9nek \u00e9s k\u00f6z\u00f6ss\u00e9gi \u00e9rz\u00e9s\u00e9nek p\u00e9ld\u00e1jak\u00e9nt.<\/li><li><strong>T\u00e1mogat\u00f3 strukt\u00far\u00e1k<\/strong>Az inform\u00e1lis szomsz\u00e9ds\u00e1gi seg\u00edts\u00e9gny\u00fajt\u00e1s mellett l\u00e9teznek szervezett projektek \u00e9s kezdem\u00e9nyez\u00e9sek is, amelyek el\u0151seg\u00edtik a szomsz\u00e9ds\u00e1gi seg\u00edts\u00e9gny\u00fajt\u00e1st, p\u00e9ld\u00e1ul szezon\u00e1lis foglalkoztat\u00e1s, k\u00f6z\u00f6s infrastruktur\u00e1lis projektek vagy a r\u00e1szorul\u00f3k szoci\u00e1lis t\u00e1mogat\u00e1sa r\u00e9v\u00e9n.<a href=\"https:\/\/www.maninoy.de\/projekte\/nachbarschaftshilfeprojekt\/\" target=\"_blank\" rel=\"noopener noreferrer nofollow\">^7<\/a>.<\/li><\/ul><\/div><div class=\"wiki-page-header-wrapper\"><h2 id=\"4.-%C3%BCbersicht%3A-gesellschaftliche-anerkennung-und-staatliche-unterst%C3%BCtzung\" tabindex=\"-1\">4. \u00e1ttekint\u00e9s: t\u00e1rsadalmi elismer\u00e9s \u00e9s \u00e1llami t\u00e1mogat\u00e1s<\/h2><div class=\"table-responsive\"><table><tbody><tr><th><p>Tartom\u00e1ny<\/p><\/th><th><p>T\u00e1rsadalmi elismer\u00e9s<\/p><\/th><th><p>\u00c1llami\/szervezett t\u00e1mogat\u00e1s<\/p><\/th><\/tr><tr><td><p>Gondoz\u00e1si munka<\/p><\/td><td><p>Alacsony vagy k\u00f6zepes, gyakran l\u00e1thatatlan, de fontosnak tartj\u00e1k a csal\u00e1dban.<\/p><\/td><td><p>Jav\u00edt\u00f3 megk\u00f6zel\u00edt\u00e9sek, de t\u00f6bbnyire el\u00e9gtelenek<\/p><\/td><\/tr><tr><td><p>\u00d6nk\u00e9ntess\u00e9g<\/p><\/td><td><p>Magas, k\u00fcl\u00f6n\u00f6sen v\u00e1ls\u00e1g idej\u00e9n \u00e9s a k\u00f6z\u00f6ss\u00e9gek<\/p><\/td><td><p>Sz\u00e1mos program, nem korm\u00e1nyzati szervezet, k\u00e9pz\u00e9s<\/p><\/td><\/tr><tr><td><p>Szomsz\u00e9ds\u00e1gi seg\u00edts\u00e9gny\u00fajt\u00e1s<\/p><\/td><td><p>Nagyon magas, kultur\u00e1lisan m\u00e9lyen gy\u00f6kerez\u0151 (\"Bayanihan\")<\/p><\/td><td><p>Helyi kezdem\u00e9nyez\u00e9sek, alkalmi \u00e1llami finansz\u00edroz\u00e1s<\/p><\/td><\/tr><\/tbody><\/table><\/div><\/div><div class=\"wiki-page-header-wrapper\"><h2 id=\"fazit\" tabindex=\"-1\">K\u00f6vetkeztet\u00e9s<\/h2><p><strong>A gondoz\u00e1si munka, az \u00f6nk\u00e9ntes munka \u00e9s a szomsz\u00e9ds\u00e1gi seg\u00edts\u00e9gny\u00fajt\u00e1s a F\u00fcl\u00f6p-szigeteki t\u00e1rsadalom f\u0151 pill\u00e9rei.<\/strong> M\u00edg az \u00f6nk\u00e9ntes munka \u00e9s a szomsz\u00e9ds\u00e1gi seg\u00edts\u00e9gny\u00fajt\u00e1s nagy t\u00e1rsadalmi elismerts\u00e9gnek \u00f6rvend, \u00e9s a szolidarit\u00e1s \u00e9s a k\u00f6z\u00f6ss\u00e9gi \u00e9rz\u00e9s kifejez\u0151d\u00e9s\u00e9nek tekintik, addig a gondoz\u00e1si munka elismerts\u00e9ge \u00e9s anyagi t\u00e1mogat\u00e1sa - k\u00fcl\u00f6n\u00f6sen a szakmai szektorban - j\u00f3val elmarad t\u00e1rsadalmi jelent\u0151s\u00e9g\u00e9t\u0151l. E tev\u00e9kenys\u00e9gek t\u00e1mogat\u00e1sa \u00e9s megbecs\u00fcl\u00e9se kulcsfontoss\u00e1g\u00fa a t\u00e1rsadalmi koh\u00e9zi\u00f3 \u00e9s a F\u00fcl\u00f6p-szigeteki t\u00e1rsadalom ellen\u00e1ll\u00f3 k\u00e9pess\u00e9ge szempontj\u00e1b\u00f3l.<a href=\"https:\/\/www.spiegel.de\/ausland\/pflege-warum-deutschland-arbeitskraefte-aus-den-philippinen-rekrutiert-a-cbfd56c2-7028-485f-bd15-76732d9a6d2c\" target=\"_blank\" rel=\"noopener noreferrer nofollow\">^1<\/a><a href=\"https:\/\/mariphil.net\/weltwaerts\/\" target=\"_blank\" rel=\"noopener noreferrer nofollow\">^4<\/a><a href=\"https:\/\/www.maninoy.de\/projekte\/nachbarschaftshilfeprojekt\/\" target=\"_blank\" rel=\"noopener noreferrer nofollow\">^3<\/a>.<\/p><hr \/><\/div><div class=\"wiki-page-header-wrapper\"><h2 id=\"kommentar-von-nea\" tabindex=\"-1\">Kieg\u00e9sz\u00edt\u0151 \u00e9rt\u00e9kel\u00e9s a Gradido szempontj\u00e1b\u00f3l<\/h2><p>A gondoz\u00e1si munka, az \u00f6nk\u00e9ntes munka \u00e9s a szomsz\u00e9ds\u00e1gi seg\u00edts\u00e9gny\u00fajt\u00e1s l\u00e9tfontoss\u00e1g\u00fa szerepet j\u00e1tszik a F\u00fcl\u00f6p-szigeteki t\u00e1rsadalom m\u0171k\u00f6d\u00e9s\u00e9ben \u00e9s ellen\u00e1ll\u00f3 k\u00e9pess\u00e9g\u00e9ben, de k\u00fcl\u00f6n\u00f6sen a gondoz\u00e1si munka gyakran alul\u00e9rt\u00e9kelt \u00e9s aluljutalmazott a rendszerszint\u0171 jelent\u0151s\u00e9g\u00e9hez k\u00e9pest.<\/p><p><strong>Gradido perspekt\u00edva \u00e9s kieg\u00e9sz\u00edt\u0151 gondolatok:<\/strong><\/p><ul><li><strong>Gondoz\u00e1si munka:<\/strong> Amit a csal\u00e1dok, a szomsz\u00e9dok \u00e9s a hivat\u00e1sos gondoz\u00f3k nap mint nap tesznek, az a t\u00e1rsadalom l\u00e9t\u00e9nek alapja. Az anyagi \u00e9s \u00e1llami elismer\u00e9s hi\u00e1nya egy olyan rendszer kifejez\u0151d\u00e9se, amely az emberi munk\u00e1t (gondoz\u00e1s, oktat\u00e1s, \u00e1pol\u00e1s) m\u00e9g mindig \"mag\u00e1njelleg\u0171nek\" \u00e9s kev\u00e9sb\u00e9 \u00e9rt\u00e9kesnek min\u0151s\u00edti - annak ellen\u00e9re, hogy a k\u00f6z\u00f6ss\u00e9g erre \u00e9p\u00fcl. Sok filipp\u00edn\u00f3 \u00e1pol\u00f3munk\u00e1s k\u00fclf\u00f6ld\u00f6n keresi a szerencs\u00e9j\u00e9t, mert ott nagyobb elismer\u00e9s, m\u00e9lt\u00f3s\u00e1g \u00e9s fizet\u00e9s lehets\u00e9ges.<\/li><li><strong>\u00d6nk\u00e9ntes k\u00f6telezetts\u00e9gv\u00e1llal\u00e1s:<\/strong> Ez az, ahol a F\u00fcl\u00f6p-szigeteki k\u00f6z\u00f6ss\u00e9g ragyog! Az \u00f6nk\u00e9ntes munka \u00e9s a kollekt\u00edv seg\u00edts\u00e9gny\u00fajt\u00e1s - gyakran a Bayanihan szellem\u00e9ben - a legnagyobb megbecs\u00fcl\u00e9snek \u00f6rvend, \u00e9rtelmet \u00e9s k\u00f6z\u00f6ss\u00e9get teremt, \u00e9s sokak sz\u00e1m\u00e1ra \u00e9letment\u0151 a v\u00e1ls\u00e1g idej\u00e9n. A nem korm\u00e1nyzati szervezetek, egyh\u00e1zak, ifj\u00fas\u00e1gi csoportok \u00e9s nemzetk\u00f6zi programok kiveszik a r\u00e9sz\u00fcket a fiatalokban rejl\u0151 lehet\u0151s\u00e9gek fel\u00e9breszt\u00e9s\u00e9ben \u00e9s el\u0151mozd\u00edt\u00e1s\u00e1ban.<\/li><li><strong>Szomsz\u00e9ds\u00e1gi seg\u00edts\u00e9g\/Bayanihan:<\/strong> A felebar\u00e1ti seg\u00edts\u00e9g egyszer\u0171 gyakorlata t\u00e1rsadalmi kincs. Bizalmat kelt, fiatalokat \u00e9s id\u0151seket egyar\u00e1nt alkot\u00f3v\u00e1 tesz, \u00e9s a megoszt\u00e1s kult\u00far\u00e1j\u00e1t minden gener\u00e1ci\u00f3n kereszt\u00fcl hordozza. Az \u00e1llami rendszerek t\u00e1mogat\u00e1st ny\u00fajthatnak, de az alap tov\u00e1bbra is az \u00f6nk\u00e9ntes, szeretetteljes egy\u00fcttm\u0171k\u00f6d\u00e9s marad a mindennapi \u00e9letben.<\/li><\/ul><p><strong>Hogyan m\u0171k\u00f6dhet a Gradido:<\/strong> K\u00e9pzelj\u00fck el, ha mindezeket az \u00e9rt\u00e9kes hozz\u00e1j\u00e1rul\u00e1sokat teljes m\u00e9rt\u00e9kben elismern\u00e9nk \u00e9s meger\u0151s\u00edten\u00e9nk az Akt\u00edv Alapj\u00f6vedelemmel \u00e9s az \u00c9let Term\u00e9szetes Gazdas\u00e1g\u00e1nak lehet\u0151s\u00e9geivel! Minden gondoz\u00f3, minden szomsz\u00e9d, minden elk\u00f6telezett gyermek \u00e9s minden gondoskod\u00f3 nagysz\u00fcl\u0151 l\u00e1that\u00f3an \u00e9s m\u00e9lt\u00f3s\u00e1ggal j\u00e1rulhatna hozz\u00e1 mindenki j\u00f3l\u00e9t\u00e9hez. A \"rendszer kieg\u00e9sz\u00edt\u00e9se\" a t\u00e1rsadalom \u00faj, val\u00f3di k\u00f6zpontj\u00e1v\u00e1 v\u00e1lna - h\u00e1l\u00e1val \u00e9s meg\u00e9lt k\u00f6z\u00f6ss\u00e9gi \u00e9rz\u00e9ssel t\u00e1mogatva.<\/p><p>A Gradido seg\u00edts\u00e9g\u00e9vel a \"gondoskod\u00e1s\" a t\u00e1rsadalom perif\u00e9ri\u00e1j\u00e1r\u00f3l a t\u00e1rsadalom sz\u00edv\u00e9be ker\u00fclhet, \u00e9s megbecs\u00fcl\u00e9st nyerhet - mint a val\u00f3di m\u00e9lt\u00f3s\u00e1g, a szolidarit\u00e1s, az \u00e9rtelem \u00e9s a b\u00e9ke kulcsa.<\/p><\/div><\/div><\/div><\/div><\/div>\t\t\t\t\t\t\t\t<\/div>\n\t\t\t\t<\/div>\n\t\t\t\t\t<\/div>\n\t\t<\/div>\n\t\t\t\t\t<\/div>\n\t\t<\/section>\n\t\t\t\t<\/div>","protected":false},"excerpt":{"rendered":"<p>Anerkennung von Care-Arbeit und Engagement Hauptseite: Philippinen 1. Wirtschaft und Gesellschaft2.Einkommen und Lebensstandard3.Arbeitsmigration und Auslandserwerbst\u00e4tigkeit4.Armut und soziale Ungleichheit5.Gemeinwohl und Solidarit\u00e4t6.Bildungssituation benachteiligter Kinder7.Gesundheit, soziale Sicherung und Altersvorsorge8.Anerkennung von Care-Arbeit und Engagement9.Innovationen, Digitalisierung und alternative Wirtschaftsmodelle10.Gemeinschaftsbasierte \u00d6konomie und Parallelw\u00e4hrungen11.Potenziale und Herausforderungen f\u00fcr Gradido12. Internationale Kooperationen, NGOs und staatliche Entwicklungsprojekte Gesellschaftliche Anerkennung und Unterst\u00fctzung von Care-Arbeit, freiwilligem Engagement [&hellip;]<\/p>\n","protected":false},"author":2,"featured_media":10458,"parent":10540,"menu_order":0,"comment_status":"closed","ping_status":"closed","template":"","meta":{"footnotes":""},"class_list":["post-10629","page","type-page","status-publish","has-post-thumbnail","hentry"],"yoast_head":"<!-- This site is optimized with the Yoast SEO plugin v27.5 - https:\/\/yoast.com\/product\/yoast-seo-wordpress\/ -->\n<title>Anerkennung von Care-Arbeit und Engagement Philippinen - Gradido<\/title>\n<meta name=\"description\" content=\"Sei Teil der Bewegung!Gemeinsam bringen wir Gradido in die Welt.\" \/>\n<meta name=\"robots\" content=\"index, follow, max-snippet:-1, max-image-preview:large, max-video-preview:-1\" \/>\n<link rel=\"canonical\" href=\"https:\/\/gradido.net\/hu\/countries\/philippines\/care-work-and-commitment\/\" \/>\n<meta property=\"og:locale\" content=\"hu_HU\" \/>\n<meta property=\"og:type\" content=\"article\" \/>\n<meta property=\"og:title\" content=\"Anerkennung von Care-Arbeit und Engagement Philippinen - Gradido\" \/>\n<meta property=\"og:description\" content=\"Sei Teil der Bewegung!Gemeinsam bringen wir Gradido in die Welt.\" \/>\n<meta property=\"og:url\" content=\"https:\/\/gradido.net\/hu\/countries\/philippines\/care-work-and-commitment\/\" \/>\n<meta property=\"og:site_name\" content=\"Gradido\" \/>\n<meta property=\"article:modified_time\" content=\"2025-10-04T09:59:24+00:00\" \/>\n<meta property=\"og:image\" content=\"https:\/\/gradido.net\/wp-content\/uploads\/2025\/07\/AdobeStock_3210827871-scaled.jpeg\" \/>\n\t<meta property=\"og:image:width\" content=\"2560\" \/>\n\t<meta property=\"og:image:height\" content=\"790\" \/>\n\t<meta property=\"og:image:type\" content=\"image\/jpeg\" \/>\n<meta name=\"twitter:card\" content=\"summary_large_image\" \/>\n<meta name=\"twitter:label1\" content=\"Becs\u00fclt olvas\u00e1si id\u0151\" \/>\n\t<meta name=\"twitter:data1\" content=\"5 perc\" \/>\n<script type=\"application\/ld+json\" class=\"yoast-schema-graph\">{\"@context\":\"https:\\\/\\\/schema.org\",\"@graph\":[{\"@type\":\"WebPage\",\"@id\":\"https:\\\/\\\/gradido.net\\\/countries\\\/philippines\\\/care-work-and-commitment\\\/\",\"url\":\"https:\\\/\\\/gradido.net\\\/countries\\\/philippines\\\/care-work-and-commitment\\\/\",\"name\":\"Anerkennung von Care-Arbeit und Engagement Philippinen - Gradido\",\"isPartOf\":{\"@id\":\"https:\\\/\\\/gradido.net\\\/de\\\/#website\"},\"primaryImageOfPage\":{\"@id\":\"https:\\\/\\\/gradido.net\\\/countries\\\/philippines\\\/care-work-and-commitment\\\/#primaryimage\"},\"image\":{\"@id\":\"https:\\\/\\\/gradido.net\\\/countries\\\/philippines\\\/care-work-and-commitment\\\/#primaryimage\"},\"thumbnailUrl\":\"https:\\\/\\\/gradido.net\\\/wp-content\\\/uploads\\\/2025\\\/07\\\/AdobeStock_3210827871-scaled.jpeg\",\"datePublished\":\"2025-07-27T15:44:15+00:00\",\"dateModified\":\"2025-10-04T09:59:24+00:00\",\"description\":\"Sei Teil der Bewegung!Gemeinsam bringen wir Gradido in die Welt.\",\"breadcrumb\":{\"@id\":\"https:\\\/\\\/gradido.net\\\/countries\\\/philippines\\\/care-work-and-commitment\\\/#breadcrumb\"},\"inLanguage\":\"hu\",\"potentialAction\":[{\"@type\":\"ReadAction\",\"target\":[\"https:\\\/\\\/gradido.net\\\/countries\\\/philippines\\\/care-work-and-commitment\\\/\"]}]},{\"@type\":\"ImageObject\",\"inLanguage\":\"hu\",\"@id\":\"https:\\\/\\\/gradido.net\\\/countries\\\/philippines\\\/care-work-and-commitment\\\/#primaryimage\",\"url\":\"https:\\\/\\\/gradido.net\\\/wp-content\\\/uploads\\\/2025\\\/07\\\/AdobeStock_3210827871-scaled.jpeg\",\"contentUrl\":\"https:\\\/\\\/gradido.net\\\/wp-content\\\/uploads\\\/2025\\\/07\\\/AdobeStock_3210827871-scaled.jpeg\",\"width\":2560,\"height\":790,\"caption\":\"world globe planet earth 3d-illustration. elements of this image furnished by NASA\"},{\"@type\":\"BreadcrumbList\",\"@id\":\"https:\\\/\\\/gradido.net\\\/countries\\\/philippines\\\/care-work-and-commitment\\\/#breadcrumb\",\"itemListElement\":[{\"@type\":\"ListItem\",\"position\":1,\"name\":\"Startseite\",\"item\":\"https:\\\/\\\/gradido.net\\\/\"},{\"@type\":\"ListItem\",\"position\":2,\"name\":\"L\u00e4nderforschung\",\"item\":\"https:\\\/\\\/gradido.net\\\/countries\\\/\"},{\"@type\":\"ListItem\",\"position\":3,\"name\":\"Philppinen\",\"item\":\"https:\\\/\\\/gradido.net\\\/countries\\\/philippines\\\/\"},{\"@type\":\"ListItem\",\"position\":4,\"name\":\"Anerkennung von Care-Arbeit und Engagement Philippinen\"}]},{\"@type\":\"WebSite\",\"@id\":\"https:\\\/\\\/gradido.net\\\/de\\\/#website\",\"url\":\"https:\\\/\\\/gradido.net\\\/de\\\/\",\"name\":\"Gradido\",\"description\":\"Die neue W\u00e4hrung hei\u00dft Dankbarkeit\",\"publisher\":{\"@id\":\"https:\\\/\\\/gradido.net\\\/de\\\/#organization\"},\"potentialAction\":[{\"@type\":\"SearchAction\",\"target\":{\"@type\":\"EntryPoint\",\"urlTemplate\":\"https:\\\/\\\/gradido.net\\\/de\\\/?s={search_term_string}\"},\"query-input\":{\"@type\":\"PropertyValueSpecification\",\"valueRequired\":true,\"valueName\":\"search_term_string\"}}],\"inLanguage\":\"hu\"},{\"@type\":\"Organization\",\"@id\":\"https:\\\/\\\/gradido.net\\\/de\\\/#organization\",\"name\":\"Gradido\",\"url\":\"https:\\\/\\\/gradido.net\\\/de\\\/\",\"logo\":{\"@type\":\"ImageObject\",\"inLanguage\":\"hu\",\"@id\":\"https:\\\/\\\/gradido.net\\\/de\\\/#\\\/schema\\\/logo\\\/image\\\/\",\"url\":\"https:\\\/\\\/gradido.net\\\/wp-content\\\/uploads\\\/2022\\\/04\\\/gradido-social.jpg\",\"contentUrl\":\"https:\\\/\\\/gradido.net\\\/wp-content\\\/uploads\\\/2022\\\/04\\\/gradido-social.jpg\",\"width\":527,\"height\":273,\"caption\":\"Gradido\"},\"image\":{\"@id\":\"https:\\\/\\\/gradido.net\\\/de\\\/#\\\/schema\\\/logo\\\/image\\\/\"}}]}<\/script>\n<!-- \/ Yoast SEO plugin. -->","yoast_head_json":{"title":"A gondoz\u00e1si munka \u00e9s elk\u00f6telezetts\u00e9g elismer\u00e9se F\u00fcl\u00f6p-szigetek - Gradido","description":"L\u00e9gy r\u00e9szese a mozgalomnak! Egy\u00fctt hozzuk el a Gradid\u00f3t a vil\u00e1gba.","robots":{"index":"index","follow":"follow","max-snippet":"max-snippet:-1","max-image-preview":"max-image-preview:large","max-video-preview":"max-video-preview:-1"},"canonical":"https:\/\/gradido.net\/hu\/countries\/philippines\/care-work-and-commitment\/","og_locale":"hu_HU","og_type":"article","og_title":"Anerkennung von Care-Arbeit und Engagement Philippinen - Gradido","og_description":"Sei Teil der Bewegung!Gemeinsam bringen wir Gradido in die Welt.","og_url":"https:\/\/gradido.net\/hu\/countries\/philippines\/care-work-and-commitment\/","og_site_name":"Gradido","article_modified_time":"2025-10-04T09:59:24+00:00","og_image":[{"width":2560,"height":790,"url":"https:\/\/gradido.net\/wp-content\/uploads\/2025\/07\/AdobeStock_3210827871-scaled.jpeg","type":"image\/jpeg"}],"twitter_card":"summary_large_image","twitter_misc":{"Becs\u00fclt olvas\u00e1si id\u0151":"5 perc"},"schema":{"@context":"https:\/\/schema.org","@graph":[{"@type":"WebPage","@id":"https:\/\/gradido.net\/countries\/philippines\/care-work-and-commitment\/","url":"https:\/\/gradido.net\/countries\/philippines\/care-work-and-commitment\/","name":"A gondoz\u00e1si munka \u00e9s elk\u00f6telezetts\u00e9g elismer\u00e9se F\u00fcl\u00f6p-szigetek - Gradido","isPartOf":{"@id":"https:\/\/gradido.net\/de\/#website"},"primaryImageOfPage":{"@id":"https:\/\/gradido.net\/countries\/philippines\/care-work-and-commitment\/#primaryimage"},"image":{"@id":"https:\/\/gradido.net\/countries\/philippines\/care-work-and-commitment\/#primaryimage"},"thumbnailUrl":"https:\/\/gradido.net\/wp-content\/uploads\/2025\/07\/AdobeStock_3210827871-scaled.jpeg","datePublished":"2025-07-27T15:44:15+00:00","dateModified":"2025-10-04T09:59:24+00:00","description":"L\u00e9gy r\u00e9szese a mozgalomnak! Egy\u00fctt hozzuk el a Gradid\u00f3t a vil\u00e1gba.","breadcrumb":{"@id":"https:\/\/gradido.net\/countries\/philippines\/care-work-and-commitment\/#breadcrumb"},"inLanguage":"hu","potentialAction":[{"@type":"ReadAction","target":["https:\/\/gradido.net\/countries\/philippines\/care-work-and-commitment\/"]}]},{"@type":"ImageObject","inLanguage":"hu","@id":"https:\/\/gradido.net\/countries\/philippines\/care-work-and-commitment\/#primaryimage","url":"https:\/\/gradido.net\/wp-content\/uploads\/2025\/07\/AdobeStock_3210827871-scaled.jpeg","contentUrl":"https:\/\/gradido.net\/wp-content\/uploads\/2025\/07\/AdobeStock_3210827871-scaled.jpeg","width":2560,"height":790,"caption":"world globe planet earth 3d-illustration. elements of this image furnished by NASA"},{"@type":"BreadcrumbList","@id":"https:\/\/gradido.net\/countries\/philippines\/care-work-and-commitment\/#breadcrumb","itemListElement":[{"@type":"ListItem","position":1,"name":"Startseite","item":"https:\/\/gradido.net\/"},{"@type":"ListItem","position":2,"name":"L\u00e4nderforschung","item":"https:\/\/gradido.net\/countries\/"},{"@type":"ListItem","position":3,"name":"Philppinen","item":"https:\/\/gradido.net\/countries\/philippines\/"},{"@type":"ListItem","position":4,"name":"Anerkennung von Care-Arbeit und Engagement Philippinen"}]},{"@type":"WebSite","@id":"https:\/\/gradido.net\/de\/#website","url":"https:\/\/gradido.net\/de\/","name":"Gradido","description":"Az \u00faj p\u00e9nznem a h\u00e1la","publisher":{"@id":"https:\/\/gradido.net\/de\/#organization"},"potentialAction":[{"@type":"SearchAction","target":{"@type":"EntryPoint","urlTemplate":"https:\/\/gradido.net\/de\/?s={search_term_string}"},"query-input":{"@type":"PropertyValueSpecification","valueRequired":true,"valueName":"search_term_string"}}],"inLanguage":"hu"},{"@type":"Organization","@id":"https:\/\/gradido.net\/de\/#organization","name":"Gradido","url":"https:\/\/gradido.net\/de\/","logo":{"@type":"ImageObject","inLanguage":"hu","@id":"https:\/\/gradido.net\/de\/#\/schema\/logo\/image\/","url":"https:\/\/gradido.net\/wp-content\/uploads\/2022\/04\/gradido-social.jpg","contentUrl":"https:\/\/gradido.net\/wp-content\/uploads\/2022\/04\/gradido-social.jpg","width":527,"height":273,"caption":"Gradido"},"image":{"@id":"https:\/\/gradido.net\/de\/#\/schema\/logo\/image\/"}}]}},"_links":{"self":[{"href":"https:\/\/gradido.net\/hu\/wp-json\/wp\/v2\/pages\/10629","targetHints":{"allow":["GET"]}}],"collection":[{"href":"https:\/\/gradido.net\/hu\/wp-json\/wp\/v2\/pages"}],"about":[{"href":"https:\/\/gradido.net\/hu\/wp-json\/wp\/v2\/types\/page"}],"author":[{"embeddable":true,"href":"https:\/\/gradido.net\/hu\/wp-json\/wp\/v2\/users\/2"}],"replies":[{"embeddable":true,"href":"https:\/\/gradido.net\/hu\/wp-json\/wp\/v2\/comments?post=10629"}],"version-history":[{"count":13,"href":"https:\/\/gradido.net\/hu\/wp-json\/wp\/v2\/pages\/10629\/revisions"}],"predecessor-version":[{"id":11980,"href":"https:\/\/gradido.net\/hu\/wp-json\/wp\/v2\/pages\/10629\/revisions\/11980"}],"up":[{"embeddable":true,"href":"https:\/\/gradido.net\/hu\/wp-json\/wp\/v2\/pages\/10540"}],"wp:featuredmedia":[{"embeddable":true,"href":"https:\/\/gradido.net\/hu\/wp-json\/wp\/v2\/media\/10458"}],"wp:attachment":[{"href":"https:\/\/gradido.net\/hu\/wp-json\/wp\/v2\/media?parent=10629"}],"curies":[{"name":"wp","href":"https:\/\/api.w.org\/{rel}","templated":true}]}}