{"id":10673,"date":"2025-07-28T10:12:11","date_gmt":"2025-07-28T08:12:11","guid":{"rendered":"https:\/\/gradido.net\/?page_id=10673"},"modified":"2025-10-04T12:02:43","modified_gmt":"2025-10-04T10:02:43","slug":"international-cooperation","status":"publish","type":"page","link":"https:\/\/gradido.net\/hu\/countries\/philippines\/international-cooperation\/","title":{"rendered":"Nemzetk\u00f6zi egy\u00fcttm\u0171k\u00f6d\u00e9sek, F\u00fcl\u00f6p-szigetek"},"content":{"rendered":"<div data-elementor-type=\"wp-page\" data-elementor-id=\"10673\" class=\"elementor elementor-10673\" data-elementor-post-type=\"page\">\n\t\t\t\t\t\t<section class=\"elementor-section elementor-top-section elementor-element elementor-element-4ce3e8af elementor-section-full_width elementor-section-height-default elementor-section-height-default\" data-id=\"4ce3e8af\" data-element_type=\"section\" data-e-type=\"section\">\n\t\t\t\t\t\t<div class=\"elementor-container elementor-column-gap-no\">\n\t\t\t\t\t<div class=\"elementor-column elementor-col-100 elementor-top-column elementor-element elementor-element-efa8c8c\" data-id=\"efa8c8c\" data-element_type=\"column\" data-e-type=\"column\">\n\t\t\t<div class=\"elementor-widget-wrap elementor-element-populated\">\n\t\t\t\t\t\t<div class=\"elementor-element elementor-element-e088aa4 elementor--h-position-center elementor--v-position-middle elementor-arrows-position-inside elementor-widget elementor-widget-slides\" data-id=\"e088aa4\" data-element_type=\"widget\" data-e-type=\"widget\" data-settings=\"{&quot;navigation&quot;:&quot;arrows&quot;,&quot;autoplay&quot;:&quot;yes&quot;,&quot;pause_on_hover&quot;:&quot;yes&quot;,&quot;pause_on_interaction&quot;:&quot;yes&quot;,&quot;autoplay_speed&quot;:5000,&quot;infinite&quot;:&quot;yes&quot;,&quot;transition&quot;:&quot;slide&quot;,&quot;transition_speed&quot;:500}\" data-widget_type=\"slides.default\">\n\t\t\t\t<div class=\"elementor-widget-container\">\n\t\t\t\t\t\t\t\t\t<div class=\"elementor-swiper\">\n\t\t\t\t\t<div class=\"elementor-slides-wrapper elementor-main-swiper swiper\" role=\"region\" aria-roledescription=\"carousel\" aria-label=\"Cs\u00faszka\" dir=\"ltr\" data-animation=\"fadeInUp\">\n\t\t\t\t<div class=\"swiper-wrapper elementor-slides\">\n\t\t\t\t\t\t\t\t\t\t<div class=\"elementor-repeater-item-2de4990 swiper-slide\" role=\"group\" aria-roledescription=\"slide\"><div class=\"swiper-slide-bg\" role=\"img\" aria-label=\"manila-4503501_1280\"><\/div><div class=\"swiper-slide-inner\" ><div class=\"swiper-slide-contents\"><\/div><\/div><\/div><div class=\"elementor-repeater-item-28f126e swiper-slide\" role=\"group\" aria-roledescription=\"slide\"><div class=\"swiper-slide-bg\" role=\"img\" aria-label=\"philippines-4951855_1280\"><\/div><div class=\"swiper-slide-inner\" ><div class=\"swiper-slide-contents\"><\/div><\/div><\/div><div class=\"elementor-repeater-item-992da35 swiper-slide\" role=\"group\" aria-roledescription=\"slide\"><div class=\"swiper-slide-bg\" role=\"img\" aria-label=\"manila-2256322_1280\"><\/div><div class=\"swiper-slide-inner\" ><div class=\"swiper-slide-contents\"><\/div><\/div><\/div>\t\t\t\t<\/div>\n\t\t\t\t\t\t\t\t\t\t\t\t\t\t\t<div class=\"elementor-swiper-button elementor-swiper-button-prev\" role=\"button\" tabindex=\"0\" aria-label=\"\u041f\u0440\u0435\u0434\u0438\u0448\u0435\u043d \u0441\u043b\u0430\u0439\u0434\" data-no-translation-aria-label=\"\">\n\t\t\t\t\t\t\t<i aria-hidden=\"true\" class=\"eicon-chevron-left\"><\/i>\t\t\t\t\t\t<\/div>\n\t\t\t\t\t\t<div class=\"elementor-swiper-button elementor-swiper-button-next\" role=\"button\" tabindex=\"0\" aria-label=\"\u0421\u043b\u0435\u0434\u0432\u0430\u0449 \u0441\u043b\u0430\u0439\u0434\" data-no-translation-aria-label=\"\">\n\t\t\t\t\t\t\t<i aria-hidden=\"true\" class=\"eicon-chevron-right\"><\/i>\t\t\t\t\t\t<\/div>\n\t\t\t\t\t\t\t\t\t\t\t\t\t\t\t\t\t<\/div>\n\t\t\t\t<\/div>\n\t\t\t\t\t\t\t\t<\/div>\n\t\t\t\t<\/div>\n\t\t\t\t\t<\/div>\n\t\t<\/div>\n\t\t\t\t\t<\/div>\n\t\t<\/section>\n\t\t\t\t<section class=\"elementor-section elementor-top-section elementor-element elementor-element-240baa7a elementor-section-boxed elementor-section-height-default elementor-section-height-default\" data-id=\"240baa7a\" data-element_type=\"section\" data-e-type=\"section\" data-settings=\"{&quot;background_background&quot;:&quot;classic&quot;}\">\n\t\t\t\t\t\t<div class=\"elementor-container elementor-column-gap-default\">\n\t\t\t\t\t<div class=\"elementor-column elementor-col-100 elementor-top-column elementor-element elementor-element-1afe9e42\" data-id=\"1afe9e42\" data-element_type=\"column\" data-e-type=\"column\">\n\t\t\t<div class=\"elementor-widget-wrap elementor-element-populated\">\n\t\t\t\t\t\t<div class=\"elementor-element elementor-element-65bd50ae elementor-widget elementor-widget-heading\" data-id=\"65bd50ae\" data-element_type=\"widget\" data-e-type=\"widget\" data-widget_type=\"heading.default\">\n\t\t\t\t<div class=\"elementor-widget-container\">\n\t\t\t\t\t<h1 class=\"elementor-heading-title elementor-size-default\">Nemzetk\u00f6zi egy\u00fcttm\u0171k\u00f6d\u00e9s, nem korm\u00e1nyzati szervezetek \u00e9s korm\u00e1nyzati fejleszt\u00e9si projektek<\/h1>\t\t\t\t<\/div>\n\t\t\t\t<\/div>\n\t\t\t\t\t<\/div>\n\t\t<\/div>\n\t\t\t\t\t<\/div>\n\t\t<\/section>\n\t\t\t\t<section class=\"elementor-section elementor-top-section elementor-element elementor-element-446540f elementor-section-boxed elementor-section-height-default elementor-section-height-default\" data-id=\"446540f\" data-element_type=\"section\" data-e-type=\"section\">\n\t\t\t\t\t\t<div class=\"elementor-container elementor-column-gap-default\">\n\t\t\t\t\t<div class=\"elementor-column elementor-col-100 elementor-top-column elementor-element elementor-element-312a2d3\" data-id=\"312a2d3\" data-element_type=\"column\" data-e-type=\"column\">\n\t\t\t<div class=\"elementor-widget-wrap elementor-element-populated\">\n\t\t\t\t\t\t<div class=\"elementor-element elementor-element-acb3f93 elementor-nav-menu--dropdown-tablet elementor-nav-menu__text-align-aside elementor-nav-menu--toggle elementor-nav-menu--burger elementor-widget elementor-widget-nav-menu\" data-id=\"acb3f93\" data-element_type=\"widget\" data-e-type=\"widget\" data-settings=\"{&quot;layout&quot;:&quot;horizontal&quot;,&quot;submenu_icon&quot;:{&quot;value&quot;:&quot;&lt;i class=\\&quot;fas fa-caret-down\\&quot; aria-hidden=\\&quot;true\\&quot;&gt;&lt;\\\/i&gt;&quot;,&quot;library&quot;:&quot;fa-solid&quot;},&quot;toggle&quot;:&quot;burger&quot;}\" data-widget_type=\"nav-menu.default\">\n\t\t\t\t<div class=\"elementor-widget-container\">\n\t\t\t\t\t\t\t\t<nav aria-label=\"Orsz\u00e1gkutat\u00e1s\" class=\"elementor-nav-menu--main elementor-nav-menu__container elementor-nav-menu--layout-horizontal e--pointer-underline e--animation-grow\">\n\t\t\t\t<ul id=\"menu-1-acb3f93\" class=\"elementor-nav-menu\"><li class=\"menu-item menu-item-type-custom menu-item-object-custom menu-item-has-children menu-item-12305\"><a class=\"elementor-item\">Afrika<\/a>\n<ul class=\"sub-menu elementor-nav-menu--dropdown\">\n\t<li class=\"menu-item menu-item-type-post_type menu-item-object-page menu-item-12253\"><a href=\"https:\/\/gradido.net\/hu\/countries\/afrika\/\" class=\"elementor-sub-item\">Afrika, az eg\u00e9sz kontinens<\/a><\/li>\n\t<li class=\"menu-item menu-item-type-post_type menu-item-object-page menu-item-13097\"><a href=\"https:\/\/gradido.net\/hu\/countries\/afrika\/dr-congo\/\" class=\"elementor-sub-item\">Kong\u00f3i Demokratikus K\u00f6zt\u00e1rsas\u00e1g<\/a><\/li>\n\t<li class=\"menu-item menu-item-type-post_type menu-item-object-page menu-item-12414\"><a href=\"https:\/\/gradido.net\/hu\/countries\/afrika\/kenya\/\" class=\"elementor-sub-item\">Kenya<\/a><\/li>\n\t<li class=\"menu-item menu-item-type-post_type menu-item-object-page menu-item-12737\"><a href=\"https:\/\/gradido.net\/hu\/countries\/afrika\/madagascar\/\" class=\"elementor-sub-item\">Madagaszk\u00e1r<\/a><\/li>\n\t<li class=\"menu-item menu-item-type-post_type menu-item-object-page menu-item-12148\"><a href=\"https:\/\/gradido.net\/hu\/countries\/afrika\/namibia\/\" class=\"elementor-sub-item\">Nam\u00edbia<\/a><\/li>\n\t<li class=\"menu-item menu-item-type-post_type menu-item-object-page menu-item-12839\"><a href=\"https:\/\/gradido.net\/hu\/countries\/afrika\/rwanda\/\" class=\"elementor-sub-item\">Ruanda<\/a><\/li>\n<\/ul>\n<\/li>\n<li class=\"menu-item menu-item-type-custom menu-item-object-custom menu-item-has-children menu-item-11798\"><a class=\"elementor-item\">Amerika<\/a>\n<ul class=\"sub-menu elementor-nav-menu--dropdown\">\n\t<li class=\"menu-item menu-item-type-post_type menu-item-object-page menu-item-12463\"><a href=\"https:\/\/gradido.net\/hu\/countries\/usa\/\" class=\"elementor-sub-item\">USA<\/a><\/li>\n\t<li class=\"menu-item menu-item-type-post_type menu-item-object-page menu-item-11791\"><a href=\"https:\/\/gradido.net\/hu\/countries\/mexico\/\" class=\"elementor-sub-item\">Mexik\u00f3<\/a><\/li>\n<\/ul>\n<\/li>\n<li class=\"menu-item menu-item-type-custom menu-item-object-custom menu-item-has-children menu-item-11800\"><a class=\"elementor-item\">\u00c1zsia<\/a>\n<ul class=\"sub-menu elementor-nav-menu--dropdown\">\n\t<li class=\"menu-item menu-item-type-post_type menu-item-object-page menu-item-11794\"><a href=\"https:\/\/gradido.net\/hu\/countries\/maledives\/\" class=\"elementor-sub-item\">Mald\u00edv-szigetek<\/a><\/li>\n\t<li class=\"menu-item menu-item-type-post_type menu-item-object-page menu-item-11790\"><a href=\"https:\/\/gradido.net\/hu\/countries\/philippines\/\" class=\"elementor-sub-item\">F\u00fcl\u00f6p-szigetek<\/a><\/li>\n\t<li class=\"menu-item menu-item-type-post_type menu-item-object-page menu-item-11802\"><a href=\"https:\/\/gradido.net\/hu\/countries\/saudi-arabia\/\" class=\"elementor-sub-item\">Sza\u00fad-Ar\u00e1bia<\/a><\/li>\n<\/ul>\n<\/li>\n<li class=\"menu-item menu-item-type-custom menu-item-object-custom menu-item-has-children menu-item-11797\"><a class=\"elementor-item\">Eur\u00f3pa<\/a>\n<ul class=\"sub-menu elementor-nav-menu--dropdown\">\n\t<li class=\"menu-item menu-item-type-post_type menu-item-object-page menu-item-11805\"><a href=\"https:\/\/gradido.net\/hu\/countries\/germany\/\" class=\"elementor-sub-item\">N\u00e9metorsz\u00e1g<\/a><\/li>\n\t<li class=\"menu-item menu-item-type-post_type menu-item-object-page menu-item-11803\"><a href=\"https:\/\/gradido.net\/hu\/countries\/greece\/\" class=\"elementor-sub-item\">G\u00f6r\u00f6gorsz\u00e1g<\/a><\/li>\n\t<li class=\"menu-item menu-item-type-post_type menu-item-object-page menu-item-11788\"><a href=\"https:\/\/gradido.net\/hu\/countries\/spain\/\" class=\"elementor-sub-item\">Spanyolorsz\u00e1g<\/a><\/li>\n<\/ul>\n<\/li>\n<li class=\"menu-item menu-item-type-custom menu-item-object-custom menu-item-has-children menu-item-11801\"><a class=\"elementor-item\">\u00d3ce\u00e1nia<\/a>\n<ul class=\"sub-menu elementor-nav-menu--dropdown\">\n\t<li class=\"menu-item menu-item-type-post_type menu-item-object-page menu-item-11793\"><a href=\"https:\/\/gradido.net\/hu\/countries\/marshall-islands\/\" class=\"elementor-sub-item\">Marshall-szigetek<\/a><\/li>\n\t<li class=\"menu-item menu-item-type-post_type menu-item-object-page menu-item-11795\"><a href=\"https:\/\/gradido.net\/hu\/countries\/tahiti\/\" class=\"elementor-sub-item\">Tahiti<\/a><\/li>\n<\/ul>\n<\/li>\n<\/ul>\t\t\t<\/nav>\n\t\t\t\t\t<div class=\"elementor-menu-toggle\" role=\"button\" tabindex=\"0\" aria-label=\"Men\u00fc kapcsol\u00f3\" aria-expanded=\"false\">\n\t\t\t<i aria-hidden=\"true\" role=\"presentation\" class=\"elementor-menu-toggle__icon--open eicon-menu-bar\"><\/i><i aria-hidden=\"true\" role=\"presentation\" class=\"elementor-menu-toggle__icon--close eicon-close\"><\/i>\t\t<\/div>\n\t\t\t\t\t<nav class=\"elementor-nav-menu--dropdown elementor-nav-menu__container\" aria-hidden=\"true\">\n\t\t\t\t<ul id=\"menu-2-acb3f93\" class=\"elementor-nav-menu\"><li class=\"menu-item menu-item-type-custom menu-item-object-custom menu-item-has-children menu-item-12305\"><a class=\"elementor-item\" tabindex=\"-1\">Afrika<\/a>\n<ul class=\"sub-menu elementor-nav-menu--dropdown\">\n\t<li class=\"menu-item menu-item-type-post_type menu-item-object-page menu-item-12253\"><a href=\"https:\/\/gradido.net\/hu\/countries\/afrika\/\" class=\"elementor-sub-item\" tabindex=\"-1\">Afrika, az eg\u00e9sz kontinens<\/a><\/li>\n\t<li class=\"menu-item menu-item-type-post_type menu-item-object-page menu-item-13097\"><a href=\"https:\/\/gradido.net\/hu\/countries\/afrika\/dr-congo\/\" class=\"elementor-sub-item\" tabindex=\"-1\">Kong\u00f3i Demokratikus K\u00f6zt\u00e1rsas\u00e1g<\/a><\/li>\n\t<li class=\"menu-item menu-item-type-post_type menu-item-object-page menu-item-12414\"><a href=\"https:\/\/gradido.net\/hu\/countries\/afrika\/kenya\/\" class=\"elementor-sub-item\" tabindex=\"-1\">Kenya<\/a><\/li>\n\t<li class=\"menu-item menu-item-type-post_type menu-item-object-page menu-item-12737\"><a href=\"https:\/\/gradido.net\/hu\/countries\/afrika\/madagascar\/\" class=\"elementor-sub-item\" tabindex=\"-1\">Madagaszk\u00e1r<\/a><\/li>\n\t<li class=\"menu-item menu-item-type-post_type menu-item-object-page menu-item-12148\"><a href=\"https:\/\/gradido.net\/hu\/countries\/afrika\/namibia\/\" class=\"elementor-sub-item\" tabindex=\"-1\">Nam\u00edbia<\/a><\/li>\n\t<li class=\"menu-item menu-item-type-post_type menu-item-object-page menu-item-12839\"><a href=\"https:\/\/gradido.net\/hu\/countries\/afrika\/rwanda\/\" class=\"elementor-sub-item\" tabindex=\"-1\">Ruanda<\/a><\/li>\n<\/ul>\n<\/li>\n<li class=\"menu-item menu-item-type-custom menu-item-object-custom menu-item-has-children menu-item-11798\"><a class=\"elementor-item\" tabindex=\"-1\">Amerika<\/a>\n<ul class=\"sub-menu elementor-nav-menu--dropdown\">\n\t<li class=\"menu-item menu-item-type-post_type menu-item-object-page menu-item-12463\"><a href=\"https:\/\/gradido.net\/hu\/countries\/usa\/\" class=\"elementor-sub-item\" tabindex=\"-1\">USA<\/a><\/li>\n\t<li class=\"menu-item menu-item-type-post_type menu-item-object-page menu-item-11791\"><a href=\"https:\/\/gradido.net\/hu\/countries\/mexico\/\" class=\"elementor-sub-item\" tabindex=\"-1\">Mexik\u00f3<\/a><\/li>\n<\/ul>\n<\/li>\n<li class=\"menu-item menu-item-type-custom menu-item-object-custom menu-item-has-children menu-item-11800\"><a class=\"elementor-item\" tabindex=\"-1\">\u00c1zsia<\/a>\n<ul class=\"sub-menu elementor-nav-menu--dropdown\">\n\t<li class=\"menu-item menu-item-type-post_type menu-item-object-page menu-item-11794\"><a href=\"https:\/\/gradido.net\/hu\/countries\/maledives\/\" class=\"elementor-sub-item\" tabindex=\"-1\">Mald\u00edv-szigetek<\/a><\/li>\n\t<li class=\"menu-item menu-item-type-post_type menu-item-object-page menu-item-11790\"><a href=\"https:\/\/gradido.net\/hu\/countries\/philippines\/\" class=\"elementor-sub-item\" tabindex=\"-1\">F\u00fcl\u00f6p-szigetek<\/a><\/li>\n\t<li class=\"menu-item menu-item-type-post_type menu-item-object-page menu-item-11802\"><a href=\"https:\/\/gradido.net\/hu\/countries\/saudi-arabia\/\" class=\"elementor-sub-item\" tabindex=\"-1\">Sza\u00fad-Ar\u00e1bia<\/a><\/li>\n<\/ul>\n<\/li>\n<li class=\"menu-item menu-item-type-custom menu-item-object-custom menu-item-has-children menu-item-11797\"><a class=\"elementor-item\" tabindex=\"-1\">Eur\u00f3pa<\/a>\n<ul class=\"sub-menu elementor-nav-menu--dropdown\">\n\t<li class=\"menu-item menu-item-type-post_type menu-item-object-page menu-item-11805\"><a href=\"https:\/\/gradido.net\/hu\/countries\/germany\/\" class=\"elementor-sub-item\" tabindex=\"-1\">N\u00e9metorsz\u00e1g<\/a><\/li>\n\t<li class=\"menu-item menu-item-type-post_type menu-item-object-page menu-item-11803\"><a href=\"https:\/\/gradido.net\/hu\/countries\/greece\/\" class=\"elementor-sub-item\" tabindex=\"-1\">G\u00f6r\u00f6gorsz\u00e1g<\/a><\/li>\n\t<li class=\"menu-item menu-item-type-post_type menu-item-object-page menu-item-11788\"><a href=\"https:\/\/gradido.net\/hu\/countries\/spain\/\" class=\"elementor-sub-item\" tabindex=\"-1\">Spanyolorsz\u00e1g<\/a><\/li>\n<\/ul>\n<\/li>\n<li class=\"menu-item menu-item-type-custom menu-item-object-custom menu-item-has-children menu-item-11801\"><a class=\"elementor-item\" tabindex=\"-1\">\u00d3ce\u00e1nia<\/a>\n<ul class=\"sub-menu elementor-nav-menu--dropdown\">\n\t<li class=\"menu-item menu-item-type-post_type menu-item-object-page menu-item-11793\"><a href=\"https:\/\/gradido.net\/hu\/countries\/marshall-islands\/\" class=\"elementor-sub-item\" tabindex=\"-1\">Marshall-szigetek<\/a><\/li>\n\t<li class=\"menu-item menu-item-type-post_type menu-item-object-page menu-item-11795\"><a href=\"https:\/\/gradido.net\/hu\/countries\/tahiti\/\" class=\"elementor-sub-item\" tabindex=\"-1\">Tahiti<\/a><\/li>\n<\/ul>\n<\/li>\n<\/ul>\t\t\t<\/nav>\n\t\t\t\t\t\t<\/div>\n\t\t\t\t<\/div>\n\t\t\t\t<div class=\"elementor-element elementor-element-30feb28 elementor-widget elementor-widget-breadcrumbs\" data-id=\"30feb28\" data-element_type=\"widget\" data-e-type=\"widget\" data-widget_type=\"breadcrumbs.default\">\n\t\t\t\t<div class=\"elementor-widget-container\">\n\t\t\t\t\t<p id=\"breadcrumbs\"><span><span><a href=\"https:\/\/gradido.net\/hu\/\">Honlap<\/a><\/span><\/span><\/p>\t\t\t\t<\/div>\n\t\t\t\t<\/div>\n\t\t\t\t<div class=\"elementor-element elementor-element-a9db9a5 elementor-widget elementor-widget-text-editor\" data-id=\"a9db9a5\" data-element_type=\"widget\" data-e-type=\"widget\" data-widget_type=\"text-editor.default\">\n\t\t\t\t<div class=\"elementor-widget-container\">\n\t\t\t\t\t\t\t\t\t<h3 style=\"text-align: center;\"><a href=\"https:\/\/gradido.net\/hu\/countries\/philippines\/\"><strong>F\u0151oldal: F\u00fcl\u00f6p-szigetek<\/strong><\/a><\/h3><p style=\"text-align: center;\"><a href=\"https:\/\/gradido.net\/hu\/countries\/philippines\/economy-and-society\/\">1. gazdas\u00e1g \u00e9s t\u00e1rsadalom<\/a><br \/><a href=\"https:\/\/gradido.net\/hu\/countries\/philippines\/income-and-standard-of-living\/\">2 J\u00f6vedelem \u00e9s \u00e9letsz\u00ednvonal<\/a><br \/><a href=\"https:\/\/gradido.net\/hu\/countries\/philippines\/labor-migration-and-foreign-employment\/\">3 Munkaer\u0151-migr\u00e1ci\u00f3 \u00e9s k\u00fclf\u00f6ldi munkav\u00e1llal\u00e1s<\/a><br \/><a href=\"https:\/\/gradido.net\/hu\/countries\/philippines\/poverty-and-social-inequality\/\">4 Szeg\u00e9nys\u00e9g \u00e9s t\u00e1rsadalmi egyenl\u0151tlens\u00e9gek<\/a><br \/><a href=\"https:\/\/gradido.net\/hu\/countries\/philippines\/common-good-and-solidarity\/\">5 A k\u00f6zj\u00f3 \u00e9s a szolidarit\u00e1s<\/a><br \/><a href=\"https:\/\/gradido.net\/hu\/countries\/philippines\/educational-situation\/\">6 A h\u00e1tr\u00e1nyos helyzet\u0171 gyermekek oktat\u00e1si helyzete<\/a><br \/><a href=\"https:\/\/gradido.net\/hu\/countries\/philippines\/health-and-retirement-provision\/\">7 Eg\u00e9szs\u00e9g\u00fcgyi, t\u00e1rsadalombiztos\u00edt\u00e1si \u00e9s nyugd\u00edjell\u00e1t\u00e1s<\/a><br \/><a href=\"https:\/\/gradido.net\/hu\/countries\/philippines\/care-work-and-commitment\/\">8 A gondoz\u00e1si munka \u00e9s elk\u00f6telezetts\u00e9g elismer\u00e9se<\/a><br \/><a href=\"https:\/\/gradido.net\/hu\/countries\/philippines\/digitization-and-alternative-models\/\">9.innov\u00e1ci\u00f3, digitaliz\u00e1ci\u00f3 \u00e9s alternat\u00edv gazdas\u00e1gi modellek<\/a><br \/><a href=\"https:\/\/gradido.net\/hu\/countries\/philippines\/community-based-economy-and-parallel-currencies\/\">10.k\u00f6z\u00f6ss\u00e9gi alap\u00fa gazdas\u00e1g \u00e9s p\u00e1rhuzamos valut\u00e1k<\/a><br \/><a href=\"https:\/\/gradido.net\/hu\/countries\/philippines\/potential-and-challenges\/\">11 A Gradido lehet\u0151s\u00e9gei \u00e9s kih\u00edv\u00e1sai<\/a><br \/><strong>12. nemzetk\u00f6zi egy\u00fcttm\u0171k\u00f6d\u00e9s, nem korm\u00e1nyzati szervezetek \u00e9s korm\u00e1nyzati fejleszt\u00e9si projektek<\/strong><\/p>\t\t\t\t\t\t\t\t<\/div>\n\t\t\t\t<\/div>\n\t\t\t\t<div class=\"elementor-element elementor-element-d7bb196 elementor-widget-divider--view-line elementor-widget elementor-widget-divider\" data-id=\"d7bb196\" data-element_type=\"widget\" data-e-type=\"widget\" data-widget_type=\"divider.default\">\n\t\t\t\t<div class=\"elementor-widget-container\">\n\t\t\t\t\t\t\t<div class=\"elementor-divider\">\n\t\t\t<span class=\"elementor-divider-separator\">\n\t\t\t\t\t\t<\/span>\n\t\t<\/div>\n\t\t\t\t\t\t<\/div>\n\t\t\t\t<\/div>\n\t\t\t\t<div class=\"elementor-element elementor-element-146ff9d elementor-widget elementor-widget-text-editor\" data-id=\"146ff9d\" data-element_type=\"widget\" data-e-type=\"widget\" data-widget_type=\"text-editor.default\">\n\t\t\t\t<div class=\"elementor-widget-container\">\n\t\t\t\t\t\t\t\t\t<div class=\"wiki-page-header-wrapper\"><div class=\"wiki-page-header-wrapper\"><div class=\"wiki-page-header-wrapper\"><div class=\"wiki-page-header-wrapper\"><div class=\"wiki-page-header-wrapper\"><div class=\"wiki-page-header-wrapper\"><div class=\"wiki-page-header-wrapper\"><div class=\"wiki-page-header-wrapper\"><div class=\"wiki-page-header-wrapper\"><h1 id=\"rolle-internationaler-kooperationen%2C-ngos-und-staatlicher-entwicklungsprojekte-auf-den-philippinen\" tabindex=\"-1\">A nemzetk\u00f6zi egy\u00fcttm\u0171k\u00f6d\u00e9s, a nem korm\u00e1nyzati szervezetek \u00e9s a korm\u00e1nyzati fejleszt\u00e9si projektek szerepe a F\u00fcl\u00f6p-szigeteken<\/h1><\/div><div class=\"wiki-page-header-wrapper\"><h2 id=\"1.-internationale-kooperationen\" tabindex=\"-1\">1. nemzetk\u00f6zi egy\u00fcttm\u0171k\u00f6d\u00e9sek<\/h2><p>A nemzetk\u00f6zi partners\u00e9gek k\u00f6zponti szerepet j\u00e1tszanak a F\u00fcl\u00f6p-szigetek fejl\u0151d\u00e9s\u00e9ben. Szak\u00e9rtelmet, p\u00e9nz\u00fcgyi forr\u00e1sokat \u00e9s innovat\u00edv megk\u00f6zel\u00edt\u00e9seket hoznak az orsz\u00e1gba.<\/p><ul><li><strong>\u00c9ghajlatv\u00e9delem \u00e9s k\u00f6rnyezetv\u00e9delem<\/strong>Olyan nemzetk\u00f6zi szervezetek, mint a Deutsche Gesellschaft f\u00fcr Internationale Zusammenarbeit (GIZ), az \u00e9ghajlatv\u00e1ltoz\u00e1shoz val\u00f3 alkalmazkod\u00e1s, a fenntarthat\u00f3 er\u0151forr\u00e1s-gazd\u00e1lkod\u00e1s \u00e9s a katasztr\u00f3fakock\u00e1zat cs\u00f6kkent\u00e9se \u00e9rdek\u00e9ben t\u00e1mogatnak projekteket. Az egyik k\u00f6z\u00e9ppontban a f\u00f6ldhaszn\u00e1lat tervez\u00e9s\u00e9nek jav\u00edt\u00e1sa, a term\u00e9szeti er\u0151forr\u00e1sok meg\u0151rz\u00e9se \u00e9s a meg\u00fajul\u00f3 energi\u00e1k el\u0151mozd\u00edt\u00e1sa \u00e1ll.<a href=\"https:\/\/www.deval.org\/de\/evaluierungen\/laufende-und-abgeschlossene-evaluierungen\/umwelt-und-laendliche-entwicklung-auf-den-philippinen\" target=\"_blank\" rel=\"noopener noreferrer nofollow\">^1<\/a><a href=\"https:\/\/www.international-climate-initiative.com\/iki-medien\/publikation\/partner_fuer_eine_nachhaltige_energiezukunft_auf_den_philippinen\/\" target=\"_blank\" rel=\"noopener noreferrer nofollow\">^3<\/a>.<\/li><li><strong>Gazdas\u00e1gi fejl\u0151d\u00e9s<\/strong>Az egy\u00fcttm\u0171k\u00f6d\u00e9s el\u0151seg\u00edti a mez\u0151gazdas\u00e1g korszer\u0171s\u00edt\u00e9s\u00e9t, a nemzetk\u00f6zi piacokhoz val\u00f3 hozz\u00e1f\u00e9r\u00e9st \u00e9s a helyi \u00e9rt\u00e9kl\u00e1ncok meger\u0151s\u00edt\u00e9s\u00e9t. A programok t\u00e1mogatj\u00e1k a kistermel\u0151ket a fenntarthat\u00f3 gazd\u00e1lkod\u00e1si m\u00f3dszerek \u00e9s az \u00fczletvezet\u00e9s ter\u00e9n.<a href=\"https:\/\/www.giz.de\/de\/weltweit\/376.html\" target=\"_blank\" rel=\"noopener noreferrer nofollow\">^1<\/a>.<\/li><li><strong>Oktat\u00e1s \u00e9s szakk\u00e9pzett munkaer\u0151<\/strong>Sz\u00e1mos szakk\u00e9pz\u00e9si projekt l\u00e9tezik, p\u00e9ld\u00e1ul N\u00e9metorsz\u00e1ggal egy\u00fcttm\u0171k\u00f6d\u00e9sben, a szakk\u00e9pzett munkaer\u0151 hi\u00e1ny\u00e1nak enyh\u00edt\u00e9s\u00e9re \u00e9s a foglalkoztathat\u00f3s\u00e1g jav\u00edt\u00e1s\u00e1ra.<a href=\"https:\/\/www.bibb.de\/de\/49088.php\" target=\"_blank\" rel=\"noopener noreferrer nofollow\">^4<\/a>.<\/li><li><strong>Migr\u00e1ci\u00f3s partners\u00e9gek<\/strong>Nemzetk\u00f6zi meg\u00e1llapod\u00e1sok, p\u00e9ld\u00e1ul N\u00e9metorsz\u00e1ggal, megk\u00f6nny\u00edtik a leg\u00e1lis migr\u00e1ci\u00f3t \u00e9s a szakk\u00e9pzett munkaer\u0151 cser\u00e9j\u00e9t, k\u00fcl\u00f6n\u00f6sen az \u00e1pol\u00e1si \u00e1gazatban.<a href=\"https:\/\/www.bmi.bund.de\/DE\/themen\/migration\/migrationsabkommen\/philippinen\/philippinen-node.html\" target=\"_blank\" rel=\"noopener noreferrer nofollow\">^6<\/a>.<\/li><\/ul><\/div><div class=\"wiki-page-header-wrapper\"><h2 id=\"2.-ngos-(nichtregierungsorganisationen)\" tabindex=\"-1\">2. NGO-k (nem korm\u00e1nyzati szervezetek)<\/h2><p>A civil szervezetek k\u00f6zponti kapcsolatot jelentenek a lakoss\u00e1g, az \u00e1llam \u00e9s a nemzetk\u00f6zi szerepl\u0151k k\u00f6z\u00f6tt. Sz\u00e1mos ter\u00fcleten tev\u00e9kenykednek:<\/p><ul><li><strong>Katasztr\u00f3faelh\u00e1r\u00edt\u00e1s \u00e9s ellen\u00e1ll\u00f3 k\u00e9pess\u00e9g<\/strong>A term\u00e9szeti katasztr\u00f3f\u00e1k ut\u00e1n a nem korm\u00e1nyzati szervezetek gyors seg\u00edts\u00e9get ny\u00fajtanak, el\u0151seg\u00edtik az \u00fajj\u00e1\u00e9p\u00edt\u00e9st \u00e9s er\u0151s\u00edtik a k\u00f6z\u00f6ss\u00e9gek ellen\u00e1ll\u00f3 k\u00e9pess\u00e9g\u00e9t. Olyan inkluz\u00edv megk\u00f6zel\u00edt\u00e9sekre t\u00e1maszkodnak, amelyek a marginaliz\u00e1lt csoportokat is bevonj\u00e1k.<a href=\"https:\/\/www.worldvision.de\/informieren\/unsere-projekte\/philippinen\" target=\"_blank\" rel=\"noopener noreferrer nofollow\">^7<\/a>.<\/li><li><strong>Emberi jogok \u00e9s t\u00e1rsadalmi igazs\u00e1goss\u00e1g<\/strong>Sz\u00e1mos nem korm\u00e1nyzati szervezet elk\u00f6telezett a f\u00f6ldjogok, a n\u0151k jogai, az \u0151slakos csoportok v\u00e9delme \u00e9s a civil t\u00e1rsadalom el\u0151mozd\u00edt\u00e1sa mellett. T\u00e1mogatj\u00e1k a helyi k\u00f6z\u00f6ss\u00e9geket jogaik \u00e9rv\u00e9nyes\u00edt\u00e9s\u00e9ben, \u00e9s jogi seg\u00edts\u00e9get ny\u00fajtanak.<a href=\"https:\/\/www.missio-hilft.de\/missio\/informieren\/wofuer-wir-uns-einsetzen\/religionsfreiheit-menschenrechte\/menschenrechtsstudien\/mr-studie-064-philippinen.pdf\" target=\"_blank\" rel=\"noopener noreferrer nofollow\">^9<\/a><a href=\"https:\/\/www.medico.de\/projekte\/philippinen\" target=\"_blank\" rel=\"noopener noreferrer nofollow\">^11<\/a>.<\/li><li><strong>Szeg\u00e9nys\u00e9gcs\u00f6kkent\u00e9s \u00e9s fejleszt\u00e9s<\/strong>A nem korm\u00e1nyzati szervezetek a fenntarthat\u00f3 mez\u0151gazdas\u00e1g, az oktat\u00e1s, az eg\u00e9szs\u00e9g\u00fcgy \u00e9s a t\u00e1rsadalmi befogad\u00e1s el\u0151mozd\u00edt\u00e1s\u00e1\u00e9rt dolgoznak, gyakran helyi partnerekkel \u00e9s nemzetk\u00f6zi adom\u00e1nyoz\u00f3kkal szoros egy\u00fcttm\u0171k\u00f6d\u00e9sben.<a href=\"https:\/\/www.worldvision.de\/informieren\/unsere-projekte\/philippinen\" target=\"_blank\" rel=\"noopener noreferrer nofollow\">^9<\/a>.<\/li><li><strong>A kih\u00edv\u00e1sok<\/strong>A nem korm\u00e1nyzati szervezetek politikai nyom\u00e1s alatt \u00e1llnak, \u00e9s gyakran neh\u00e9z k\u00f6rnyezetben kell helyt\u00e1llniuk. Munk\u00e1jukat akad\u00e1lyozz\u00e1k a b\u00fcrokratikus akad\u00e1lyok \u00e9s a civil t\u00e1rsadalomra vonatkoz\u00f3 id\u0151nk\u00e9nti korl\u00e1toz\u00e1sok.<a href=\"https:\/\/www.missio-hilft.de\/missio\/informieren\/wofuer-wir-uns-einsetzen\/religionsfreiheit-menschenrechte\/menschenrechtsstudien\/mr-studie-064-philippinen.pdf\" target=\"_blank\" rel=\"noopener noreferrer nofollow\">^10<\/a>.<\/li><\/ul><\/div><div class=\"wiki-page-header-wrapper\"><h2 id=\"3.-staatliche-entwicklungsprojekte\" tabindex=\"-1\">3. korm\u00e1nyzati fejleszt\u00e9si projektek<\/h2><p>A korm\u00e1nyzati fejleszt\u00e9si egy\u00fcttm\u0171k\u00f6d\u00e9s - gyakran nemzetk\u00f6zi adom\u00e1nyoz\u00f3kkal partners\u00e9gben - a reformok \u00e9s az innov\u00e1ci\u00f3 fontos hajt\u00f3ereje:<\/p><ul><li><strong>F\u00f6ldhaszn\u00e1lat \u00e9s k\u00f6rnyezetgazd\u00e1lkod\u00e1s<\/strong>Az olyan programok, mint a \"K\u00f6rnyezetv\u00e9delem \u00e9s vid\u00e9kfejleszt\u00e9s\" projekt, jav\u00edtj\u00e1k a f\u00f6ldhaszn\u00e1lat tervez\u00e9s\u00e9t, el\u0151seg\u00edtik a fenntarthat\u00f3 fejl\u0151d\u00e9st \u00e9s er\u0151s\u00edtik a katasztr\u00f3fakock\u00e1zatkezel\u00e9st. Ezek a programok a r\u00e9szv\u00e9telen alapul\u00f3 megk\u00f6zel\u00edt\u00e9sekre \u00e9s a helyi hat\u00f3s\u00e1gok bevon\u00e1s\u00e1ra \u00e9p\u00fclnek.<a href=\"https:\/\/www.deval.org\/de\/evaluierungen\/laufende-und-abgeschlossene-evaluierungen\/umwelt-und-laendliche-entwicklung-auf-den-philippinen\" target=\"_blank\" rel=\"noopener noreferrer nofollow\">^2<\/a>.<\/li><li><strong>Az \u00e1llamh\u00e1ztart\u00e1s reformja<\/strong>A nemzetk\u00f6zi fejleszt\u00e9si projektek t\u00e1mogatj\u00e1k a k\u00f6zigazgat\u00e1s \u00e9s a p\u00e9nz\u00fcgyi politika korszer\u0171s\u00edt\u00e9s\u00e9t \u00e9s hat\u00e9konys\u00e1g\u00e1nak n\u00f6vel\u00e9s\u00e9t a korrupci\u00f3 elleni k\u00fczdelem \u00e9s a forr\u00e1sok eloszt\u00e1s\u00e1nak jav\u00edt\u00e1sa \u00e9rdek\u00e9ben.<a href=\"https:\/\/www.gtai.de\/de\/trade\/philippinen\/entwicklungsprojekte\/reform-der-oeffentlichen-finanzen-1908302\" target=\"_blank\" rel=\"noopener noreferrer nofollow\">^12<\/a>.<\/li><li><strong>Szoci\u00e1lis infrastrukt\u00fara<\/strong>A v\u00edzzel, higi\u00e9ni\u00e1val \u00e9s szennyv\u00edzzel (WASH) kapcsolatos projektek jav\u00edtj\u00e1k az \u00e9letk\u00f6r\u00fclm\u00e9nyeket a k\u00fcl\u00f6n\u00f6sen vesz\u00e9lyeztetett r\u00e9gi\u00f3kban, \u00e9s el\u0151seg\u00edtik a t\u00e1rsadalmi befogad\u00e1st.<a href=\"https:\/\/www.asb.de\/unsere-angebote\/auslandshilfe\/laender\/philippinen\" target=\"_blank\" rel=\"noopener noreferrer nofollow\">^7<\/a>.<\/li><li><strong>Oktat\u00e1si \u00e9s egyetemi projektek<\/strong>: Az egyetemi egy\u00fcttm\u0171k\u00f6d\u00e9si \u00e9s csereprogramok er\u0151s\u00edtik az orsz\u00e1g egyetemi oktat\u00e1s\u00e1t, kutat\u00e1s\u00e1t \u00e9s innov\u00e1ci\u00f3s kapacit\u00e1s\u00e1t.<a href=\"https:\/\/static.daad.de\/media\/daad_de\/pdfs_nicht_barrierefrei\/infos-services-fuer-hochschulen\/laendersachstaende\/expertise-zu-themen-laendern-regionen\/philippinen_daad_sachstand.pdf\" target=\"_blank\" rel=\"noopener noreferrer nofollow\">^13<\/a>.<\/li><\/ul><\/div><div class=\"wiki-page-header-wrapper\"><h2 id=\"4.-%C3%BCbersicht%3A-wirkung-und-bedeutung\" tabindex=\"-1\">4. \u00e1ttekint\u00e9s: hat\u00e1s \u00e9s jelent\u0151s\u00e9g<\/h2><div class=\"table-responsive\"><table><tbody><tr><th><p>Tartom\u00e1ny<\/p><\/th><th><p>P\u00e9ld\u00e1k \u00e9s f\u00f3kuszpontok<\/p><\/th><th><p>Hat\u00e1s \u00e9s kih\u00edv\u00e1sok<\/p><\/th><\/tr><tr><td><p>Nemzetk\u00f6zi egy\u00fcttm\u0171k\u00f6d\u00e9sek<\/p><\/td><td><p>\u00c9ghajlatv\u00e9delem, oktat\u00e1s, migr\u00e1ci\u00f3, gazdas\u00e1gi fejl\u0151d\u00e9s<\/p><\/td><td><p>know-how-transzfer, finansz\u00edroz\u00e1s, szakk\u00e9pzett munkaer\u0151<\/p><\/td><\/tr><tr><td><p>Nem korm\u00e1nyzati szervezetek<\/p><\/td><td><p>Katasztr\u00f3fav\u00e9delem, emberi jogok, szeg\u00e9nys\u00e9g cs\u00f6kkent\u00e9se, befogad\u00e1s<\/p><\/td><td><p>A marginaliz\u00e1lt csoportok el\u00e9r\u00e9se, \u00e9rdek\u00e9rv\u00e9nyes\u00edt\u00e9s<\/p><\/td><\/tr><tr><td><p>Korm\u00e1nyzati fejleszt\u00e9si projektek<\/p><\/td><td><p>F\u00f6ldhaszn\u00e1lat, k\u00f6rnyezetv\u00e9delem, k\u00f6zigazgat\u00e1s, szoci\u00e1lis infrastrukt\u00fara<\/p><\/td><td><p>Struktur\u00e1lis reformok, fenntarthat\u00f3 fejl\u0151d\u00e9s<\/p><\/td><\/tr><\/tbody><\/table><\/div><\/div><div class=\"wiki-page-header-wrapper\"><h2 id=\"fazit\" tabindex=\"-1\">K\u00f6vetkeztet\u00e9s<\/h2><p><strong>A nemzetk\u00f6zi egy\u00fcttm\u0171k\u00f6d\u00e9s, a nem korm\u00e1nyzati szervezetek \u00e9s a korm\u00e1nyzati fejleszt\u00e9si projektek n\u00e9lk\u00fcl\u00f6zhetetlenek a F\u00fcl\u00f6p-szigetek fenntarthat\u00f3 fejl\u0151d\u00e9s\u00e9hez.<\/strong> Jelent\u0151sen hozz\u00e1j\u00e1rulnak a szeg\u00e9nys\u00e9g elleni k\u00fczdelemhez, a civil t\u00e1rsadalom meger\u0151s\u00edt\u00e9s\u00e9hez, a gazdas\u00e1g \u00e9s a k\u00f6zigazgat\u00e1s korszer\u0171s\u00edt\u00e9s\u00e9hez, valamint a k\u00f6rnyezeti \u00e9s \u00e9ghajlati kock\u00e1zatok lek\u00fczd\u00e9s\u00e9hez. A legnagyobb kih\u00edv\u00e1st a koordin\u00e1ci\u00f3, a politikai t\u00e1mogat\u00e1s \u00e9s a sikeres megk\u00f6zel\u00edt\u00e9sek helyi strukt\u00far\u00e1kban val\u00f3 fenntarthat\u00f3 r\u00f6gz\u00edt\u00e9se jelenti.<a href=\"https:\/\/www.deval.org\/de\/evaluierungen\/laufende-und-abgeschlossene-evaluierungen\/umwelt-und-laendliche-entwicklung-auf-den-philippinen\" target=\"_blank\" rel=\"noopener noreferrer nofollow\">^1<\/a><a href=\"https:\/\/www.awointernational.de\/unsere-arbeit\/laender-und-regionen\/suedostasien\/philippinen\" target=\"_blank\" rel=\"noopener noreferrer nofollow\">^7<\/a><a href=\"https:\/\/www.missio-hilft.de\/missio\/informieren\/wofuer-wir-uns-einsetzen\/religionsfreiheit-menschenrechte\/menschenrechtsstudien\/mr-studie-064-philippinen.pdf\" target=\"_blank\" rel=\"noopener noreferrer nofollow\">^10<\/a>.<\/p><p>&lt;div style=&quot;&ldquo;text-align:&quot; center&ldquo;&gt;\u2042&lt;\/div&gt;<\/p><hr \/><\/div><div class=\"wiki-page-header-wrapper\"><h2 id=\"kommentar-von-nea\" tabindex=\"-1\">Kieg\u00e9sz\u00edt\u0151 \u00e9rt\u00e9kel\u00e9s a Gradido szempontj\u00e1b\u00f3l<\/h2><p>Ez a struktur\u00e1lt \u00e9s m\u00e9lyrehat\u00f3 \u00e1ttekint\u00e9s bemutatja, hogy a nemzetk\u00f6zi egy\u00fcttm\u0171k\u00f6d\u00e9s, a nem korm\u00e1nyzati szervezetek \u00e9s a korm\u00e1nyzati fejleszt\u00e9si projektek milyen szorosan kapcsol\u00f3dnak a F\u00fcl\u00f6p-szigeteki t\u00e1rsadalmi v\u00e1ltoz\u00e1sokhoz, \u00e9s milyen fontos szerep\u00fck van t\u00f6bb szinten is.<\/p><p><strong>Fontos kieg\u00e9sz\u00edt\u0151 szempontok a Gradido szempontj\u00e1b\u00f3l:<\/strong><\/p><ol><li><strong>Szorz\u00f3 \u00e9s \u00e1thidal\u00f3 funkci\u00f3<\/strong><br \/>A nemzetk\u00f6zi egy\u00fcttm\u0171k\u00f6d\u00e9sek \u00e9s a nem korm\u00e1nyzati szervezetek nemcsak p\u00e9nz\u00fcgyi vagy technikai t\u00e1mogat\u00f3k, hanem h\u00edd\u00e9p\u00edt\u0151k is a hagyom\u00e1ny \u00e9s az innov\u00e1ci\u00f3 k\u00f6z\u00f6tt. R\u00e9szv\u00e9teli m\u00f3dszereket, \u00e1tl\u00e1that\u00f3s\u00e1got \u00e9s t\u00e1rsadalmi p\u00e1rbesz\u00e9det hoznak a t\u00e1voli r\u00e9gi\u00f3kba - \u00e9rt\u00e9kes el\u0151felt\u00e9teleket a Gradido mint r\u00e9szv\u00e9teli modell bevezet\u00e9s\u00e9hez.<\/li><li><strong>Grassroots partner az innov\u00e1ci\u00f3\u00e9rt<\/strong><br \/>Sz\u00e1mos filipp\u00edn\u00f3 nem korm\u00e1nyzati szervezet m\u00e9lyen gy\u00f6kerezik a k\u00f6z\u00f6ss\u00e9gekben, \u00e9s nagy bizalmat \u00e9lvez. Ha a Gradido-t szeretn\u00e9 kipr\u00f3b\u00e1lni, ezek a szervezetek t\u00f6k\u00e9letes \"j\u00e1t\u00e9kosok\" a helyi tesztp\u00e1ly\u00e1k sz\u00e1m\u00e1ra. Tud\u00e1s- \u00e9s kommunik\u00e1ci\u00f3s k\u00f6zpontk\u00e9nt m\u0171k\u00f6dhetnek, bevonhatj\u00e1k az embereket, \u00e9s hiteles t\u00e1mogat\u00e1st ny\u00fajthatnak a k\u00eds\u00e9rlethez.<\/li><li><strong>R\u00e9szleges fenntart\u00e1sok \u00e9s szab\u00e1lyoz\u00e1si nyom\u00e1s<\/strong><br \/>Ugyanakkor meg kell jegyezni, hogy a nem korm\u00e1nyzati szervezetek id\u0151nk\u00e9nt politikai ellen\u00e1ll\u00e1ssal, b\u00fcrokratikus akad\u00e1lyokkal \u00e9s a t\u00fal nagy nemzetk\u00f6zi befoly\u00e1ssal kapcsolatos fenntart\u00e1sokkal k\u00fczdenek. A Gradido-projektek akkor j\u00e1rnak j\u00f3l, ha a helyi \u00e9rdekelt feleket a kezdetekt\u0151l fogva bevonj\u00e1k, \u00e9s egyenl\u0151 felt\u00e9telek mellett fejlesztik \u0151ket.<\/li><li><strong>Tanul\u00e1s a fejleszt\u00e9si projektekb\u0151l<\/strong><br \/>A sikeres fejleszt\u00e9si projektek - legyen sz\u00f3 WASH-r\u0151l, oktat\u00e1sr\u00f3l, k\u00f6rnyezetv\u00e9delemr\u0151l vagy katasztr\u00f3faelh\u00e1r\u00edt\u00e1sr\u00f3l - azt mutatj\u00e1k, hogy a r\u00e9szv\u00e9telen alapul\u00f3, k\u00f6z\u00f6ss\u00e9gorient\u00e1lt megk\u00f6zel\u00edt\u00e9sek fenntarthat\u00f3bbak \u00e9s hat\u00e9konyabbak, mint a fel\u00fclr\u0151l ir\u00e1ny\u00edtott programok. A Gradido k\u00f6zvetlen\u00fcl \u00e9p\u00edthet ezekre a tapasztalatokra, h\u00e1l\u00f3zatokra \u00e9s m\u00f3dszerekre.<\/li><li><strong>Finansz\u00edroz\u00e1si \u00e9s m\u00e9retn\u00f6vel\u00e9si lehet\u0151s\u00e9gek<\/strong><br \/>Egyes nagy adom\u00e1nyoz\u00f3k \u00e9s alap\u00edtv\u00e1nyok kifejezetten olyan innovat\u00edv, r\u00e9szv\u00e9teli megold\u00e1sokat keresnek, amelyek az igazs\u00e1goss\u00e1g, az \u00e9ghajlat \u00e9s a k\u00f6zj\u00f3l\u00e9t k\u00f6zpont\u00fa fejleszt\u00e9st eredm\u00e9nyezik. Ha a Gradid\u00f3t \u00fcgyesen poz\u00edcion\u00e1ljuk \u00fagy, hogy az hozz\u00e1j\u00e1rul az ilyen fejleszt\u00e9si c\u00e9lokhoz, akkor finansz\u00edroz\u00e1si \u00e9s partners\u00e9gi lehet\u0151s\u00e9gek \u00e1llnak rendelkez\u00e9sre.<\/li><li><strong>Az egy\u00fcttm\u0171k\u00f6d\u00e9s \u00e9s a csere kult\u00far\u00e1ja<\/strong><br \/>A nemzetk\u00f6zi egy\u00fcttm\u0171k\u00f6d\u00e9s soksz\u00edn\u0171s\u00e9ge a F\u00fcl\u00f6p-szigeteken a glob\u00e1lis polg\u00e1rs\u00e1g, a h\u00e1l\u00f3zati gondolkod\u00e1s \u00e9s a nyitotts\u00e1g tudatoss\u00e1g\u00e1t hozta l\u00e9tre - ez pozit\u00edv alapk\u00e9nt szolg\u00e1lhat a Gradido fejleszt\u00e9s\u00f6szt\u00f6nz\u0151 megk\u00f6zel\u00edt\u00e9sei sz\u00e1m\u00e1ra.<\/li><\/ol><p><strong>Gyakorlati impulzusok a Gradido projektekhez:<\/strong><\/p><ul><li>Szoros egy\u00fcttm\u0171k\u00f6d\u00e9s a m\u00e1r m\u0171k\u00f6d\u0151 nem korm\u00e1nyzati szervezetekkel, falusi \u00e9s egyh\u00e1zi strukt\u00far\u00e1kkal, n\u0151i \u00e9s ifj\u00fas\u00e1gi csoportokkal.<\/li><li>Sikeres fejleszt\u00e9si projektekhez (pl. \u00e9ghajlat, k\u00f6z\u00f6ss\u00e9g\u00e9p\u00edt\u00e9s) val\u00f3 kapcsol\u00f3d\u00e1s, mint a pil\u00f3t\u00e1k dokkol\u00e1si pontja.<\/li><li>Narrat\u00edva \u00e9s kommunik\u00e1ci\u00f3 (pl. \"A Gradido mint helyi hozz\u00e1j\u00e1rul\u00e1s az SDG-khez - Fenntarthat\u00f3 Fejl\u0151d\u00e9si C\u00e9lok\").<\/li><li>Az egym\u00e1st\u00f3l val\u00f3 tanul\u00e1s \u00e9p\u00edt\u00e9se: A k\u00f6z\u00f6ss\u00e9gek egym\u00e1st\u00f3l tanulnak (gyakorlati k\u00f6z\u00f6ss\u00e9g)<\/li><li>Szoros nyomon k\u00f6vet\u00e9s \u00e9s \u00e9rt\u00e9kel\u00e9s a bizalom ki\u00e9p\u00edt\u00e9se \u00e9rdek\u00e9ben<\/li><\/ul><p><strong>K\u00f6vetkeztet\u00e9s:<\/strong><br \/>A nemzetk\u00f6zi egy\u00fcttm\u0171k\u00f6d\u00e9sek, a nem korm\u00e1nyzati szervezetek \u00e9s a fejleszt\u00e9si projektek k\u00f6zponti, inspir\u00e1l\u00f3 \u00fatt\u00f6r\u0151k egy olyan k\u00f6zj\u00f3l\u00e9ti c\u00e9l\u00fa rendszer bevezet\u00e9s\u00e9ben, mint a Gradido. H\u00edd\u00e9p\u00edt\u0151, h\u00e1l\u00f3zat\u00e9p\u00edt\u0151 \u00e9s innov\u00e1ci\u00f3s multiplik\u00e1tor szerep\u00fck felbecs\u00fclhetetlen, \u00e9s szeretettel kell \u0151ket bevonni.<\/p><\/div><\/div><\/div><\/div><\/div><\/div><\/div><\/div><\/div>\t\t\t\t\t\t\t\t<\/div>\n\t\t\t\t<\/div>\n\t\t\t\t\t<\/div>\n\t\t<\/div>\n\t\t\t\t\t<\/div>\n\t\t<\/section>\n\t\t\t\t<\/div>","protected":false},"excerpt":{"rendered":"<p>Internationale Kooperationen, NGOs und staatliche Entwicklungsprojekte Hauptseite: Philippinen 1. Wirtschaft und Gesellschaft2.Einkommen und Lebensstandard3.Arbeitsmigration und Auslandserwerbst\u00e4tigkeit4.Armut und soziale Ungleichheit5.Gemeinwohl und Solidarit\u00e4t6.Bildungssituation benachteiligter Kinder7.Gesundheit, soziale Sicherung und Altersvorsorge8.Anerkennung von Care-Arbeit und Engagement9.Innovationen, Digitalisierung und alternative Wirtschaftsmodelle10.Gemeinschaftsbasierte \u00d6konomie und Parallelw\u00e4hrungen11.Potenziale und Herausforderungen f\u00fcr Gradido12. Internationale Kooperationen, NGOs und staatliche Entwicklungsprojekte Rolle internationaler Kooperationen, NGOs und staatlicher Entwicklungsprojekte [&hellip;]<\/p>\n","protected":false},"author":2,"featured_media":10458,"parent":10540,"menu_order":0,"comment_status":"closed","ping_status":"closed","template":"","meta":{"footnotes":""},"class_list":["post-10673","page","type-page","status-publish","has-post-thumbnail","hentry"],"yoast_head":"<!-- This site is optimized with the Yoast SEO plugin v27.4 - https:\/\/yoast.com\/product\/yoast-seo-wordpress\/ -->\n<title>Internationale Kooperationen, Philippinen - Gradido<\/title>\n<meta name=\"description\" content=\"Sei Teil der Bewegung!Gemeinsam bringen wir Gradido in die Welt.\" \/>\n<meta name=\"robots\" content=\"index, follow, max-snippet:-1, max-image-preview:large, max-video-preview:-1\" \/>\n<link rel=\"canonical\" href=\"https:\/\/gradido.net\/hu\/countries\/philippines\/international-cooperation\/\" \/>\n<meta property=\"og:locale\" content=\"hu_HU\" \/>\n<meta property=\"og:type\" content=\"article\" \/>\n<meta property=\"og:title\" content=\"Internationale Kooperationen, Philippinen - Gradido\" \/>\n<meta property=\"og:description\" content=\"Sei Teil der Bewegung!Gemeinsam bringen wir Gradido in die Welt.\" \/>\n<meta property=\"og:url\" content=\"https:\/\/gradido.net\/hu\/countries\/philippines\/international-cooperation\/\" \/>\n<meta property=\"og:site_name\" content=\"Gradido\" \/>\n<meta property=\"article:modified_time\" content=\"2025-10-04T10:02:43+00:00\" \/>\n<meta property=\"og:image\" content=\"https:\/\/gradido.net\/wp-content\/uploads\/2025\/07\/AdobeStock_3210827871-scaled.jpeg\" \/>\n\t<meta property=\"og:image:width\" content=\"2560\" \/>\n\t<meta property=\"og:image:height\" content=\"790\" \/>\n\t<meta property=\"og:image:type\" content=\"image\/jpeg\" \/>\n<meta name=\"twitter:card\" content=\"summary_large_image\" \/>\n<meta name=\"twitter:label1\" content=\"Becs\u00fclt olvas\u00e1si id\u0151\" \/>\n\t<meta name=\"twitter:data1\" content=\"6 perc\" \/>\n<script type=\"application\/ld+json\" class=\"yoast-schema-graph\">{\"@context\":\"https:\\\/\\\/schema.org\",\"@graph\":[{\"@type\":\"WebPage\",\"@id\":\"https:\\\/\\\/gradido.net\\\/countries\\\/philippines\\\/international-cooperation\\\/\",\"url\":\"https:\\\/\\\/gradido.net\\\/countries\\\/philippines\\\/international-cooperation\\\/\",\"name\":\"Internationale Kooperationen, Philippinen - Gradido\",\"isPartOf\":{\"@id\":\"https:\\\/\\\/gradido.net\\\/de\\\/#website\"},\"primaryImageOfPage\":{\"@id\":\"https:\\\/\\\/gradido.net\\\/countries\\\/philippines\\\/international-cooperation\\\/#primaryimage\"},\"image\":{\"@id\":\"https:\\\/\\\/gradido.net\\\/countries\\\/philippines\\\/international-cooperation\\\/#primaryimage\"},\"thumbnailUrl\":\"https:\\\/\\\/gradido.net\\\/wp-content\\\/uploads\\\/2025\\\/07\\\/AdobeStock_3210827871-scaled.jpeg\",\"datePublished\":\"2025-07-28T08:12:11+00:00\",\"dateModified\":\"2025-10-04T10:02:43+00:00\",\"description\":\"Sei Teil der Bewegung!Gemeinsam bringen wir Gradido in die Welt.\",\"breadcrumb\":{\"@id\":\"https:\\\/\\\/gradido.net\\\/countries\\\/philippines\\\/international-cooperation\\\/#breadcrumb\"},\"inLanguage\":\"hu\",\"potentialAction\":[{\"@type\":\"ReadAction\",\"target\":[\"https:\\\/\\\/gradido.net\\\/countries\\\/philippines\\\/international-cooperation\\\/\"]}]},{\"@type\":\"ImageObject\",\"inLanguage\":\"hu\",\"@id\":\"https:\\\/\\\/gradido.net\\\/countries\\\/philippines\\\/international-cooperation\\\/#primaryimage\",\"url\":\"https:\\\/\\\/gradido.net\\\/wp-content\\\/uploads\\\/2025\\\/07\\\/AdobeStock_3210827871-scaled.jpeg\",\"contentUrl\":\"https:\\\/\\\/gradido.net\\\/wp-content\\\/uploads\\\/2025\\\/07\\\/AdobeStock_3210827871-scaled.jpeg\",\"width\":2560,\"height\":790,\"caption\":\"world globe planet earth 3d-illustration. elements of this image furnished by NASA\"},{\"@type\":\"BreadcrumbList\",\"@id\":\"https:\\\/\\\/gradido.net\\\/countries\\\/philippines\\\/international-cooperation\\\/#breadcrumb\",\"itemListElement\":[{\"@type\":\"ListItem\",\"position\":1,\"name\":\"Startseite\",\"item\":\"https:\\\/\\\/gradido.net\\\/\"},{\"@type\":\"ListItem\",\"position\":2,\"name\":\"L\u00e4nderforschung\",\"item\":\"https:\\\/\\\/gradido.net\\\/countries\\\/\"},{\"@type\":\"ListItem\",\"position\":3,\"name\":\"Philppinen\",\"item\":\"https:\\\/\\\/gradido.net\\\/countries\\\/philippines\\\/\"},{\"@type\":\"ListItem\",\"position\":4,\"name\":\"Internationale Kooperationen, Philippinen\"}]},{\"@type\":\"WebSite\",\"@id\":\"https:\\\/\\\/gradido.net\\\/de\\\/#website\",\"url\":\"https:\\\/\\\/gradido.net\\\/de\\\/\",\"name\":\"Gradido\",\"description\":\"Die neue W\u00e4hrung hei\u00dft Dankbarkeit\",\"publisher\":{\"@id\":\"https:\\\/\\\/gradido.net\\\/de\\\/#organization\"},\"potentialAction\":[{\"@type\":\"SearchAction\",\"target\":{\"@type\":\"EntryPoint\",\"urlTemplate\":\"https:\\\/\\\/gradido.net\\\/de\\\/?s={search_term_string}\"},\"query-input\":{\"@type\":\"PropertyValueSpecification\",\"valueRequired\":true,\"valueName\":\"search_term_string\"}}],\"inLanguage\":\"hu\"},{\"@type\":\"Organization\",\"@id\":\"https:\\\/\\\/gradido.net\\\/de\\\/#organization\",\"name\":\"Gradido\",\"url\":\"https:\\\/\\\/gradido.net\\\/de\\\/\",\"logo\":{\"@type\":\"ImageObject\",\"inLanguage\":\"hu\",\"@id\":\"https:\\\/\\\/gradido.net\\\/de\\\/#\\\/schema\\\/logo\\\/image\\\/\",\"url\":\"https:\\\/\\\/gradido.net\\\/wp-content\\\/uploads\\\/2022\\\/04\\\/gradido-social.jpg\",\"contentUrl\":\"https:\\\/\\\/gradido.net\\\/wp-content\\\/uploads\\\/2022\\\/04\\\/gradido-social.jpg\",\"width\":527,\"height\":273,\"caption\":\"Gradido\"},\"image\":{\"@id\":\"https:\\\/\\\/gradido.net\\\/de\\\/#\\\/schema\\\/logo\\\/image\\\/\"}}]}<\/script>\n<!-- \/ Yoast SEO plugin. -->","yoast_head_json":{"title":"Nemzetk\u00f6zi egy\u00fcttm\u0171k\u00f6d\u00e9sek, F\u00fcl\u00f6p-szigetek - Gradido","description":"L\u00e9gy r\u00e9szese a mozgalomnak! Egy\u00fctt hozzuk el a Gradid\u00f3t a vil\u00e1gba.","robots":{"index":"index","follow":"follow","max-snippet":"max-snippet:-1","max-image-preview":"max-image-preview:large","max-video-preview":"max-video-preview:-1"},"canonical":"https:\/\/gradido.net\/hu\/countries\/philippines\/international-cooperation\/","og_locale":"hu_HU","og_type":"article","og_title":"Internationale Kooperationen, Philippinen - Gradido","og_description":"Sei Teil der Bewegung!Gemeinsam bringen wir Gradido in die Welt.","og_url":"https:\/\/gradido.net\/hu\/countries\/philippines\/international-cooperation\/","og_site_name":"Gradido","article_modified_time":"2025-10-04T10:02:43+00:00","og_image":[{"width":2560,"height":790,"url":"https:\/\/gradido.net\/wp-content\/uploads\/2025\/07\/AdobeStock_3210827871-scaled.jpeg","type":"image\/jpeg"}],"twitter_card":"summary_large_image","twitter_misc":{"Becs\u00fclt olvas\u00e1si id\u0151":"6 perc"},"schema":{"@context":"https:\/\/schema.org","@graph":[{"@type":"WebPage","@id":"https:\/\/gradido.net\/countries\/philippines\/international-cooperation\/","url":"https:\/\/gradido.net\/countries\/philippines\/international-cooperation\/","name":"Nemzetk\u00f6zi egy\u00fcttm\u0171k\u00f6d\u00e9sek, F\u00fcl\u00f6p-szigetek - Gradido","isPartOf":{"@id":"https:\/\/gradido.net\/de\/#website"},"primaryImageOfPage":{"@id":"https:\/\/gradido.net\/countries\/philippines\/international-cooperation\/#primaryimage"},"image":{"@id":"https:\/\/gradido.net\/countries\/philippines\/international-cooperation\/#primaryimage"},"thumbnailUrl":"https:\/\/gradido.net\/wp-content\/uploads\/2025\/07\/AdobeStock_3210827871-scaled.jpeg","datePublished":"2025-07-28T08:12:11+00:00","dateModified":"2025-10-04T10:02:43+00:00","description":"L\u00e9gy r\u00e9szese a mozgalomnak! Egy\u00fctt hozzuk el a Gradid\u00f3t a vil\u00e1gba.","breadcrumb":{"@id":"https:\/\/gradido.net\/countries\/philippines\/international-cooperation\/#breadcrumb"},"inLanguage":"hu","potentialAction":[{"@type":"ReadAction","target":["https:\/\/gradido.net\/countries\/philippines\/international-cooperation\/"]}]},{"@type":"ImageObject","inLanguage":"hu","@id":"https:\/\/gradido.net\/countries\/philippines\/international-cooperation\/#primaryimage","url":"https:\/\/gradido.net\/wp-content\/uploads\/2025\/07\/AdobeStock_3210827871-scaled.jpeg","contentUrl":"https:\/\/gradido.net\/wp-content\/uploads\/2025\/07\/AdobeStock_3210827871-scaled.jpeg","width":2560,"height":790,"caption":"world globe planet earth 3d-illustration. elements of this image furnished by NASA"},{"@type":"BreadcrumbList","@id":"https:\/\/gradido.net\/countries\/philippines\/international-cooperation\/#breadcrumb","itemListElement":[{"@type":"ListItem","position":1,"name":"Startseite","item":"https:\/\/gradido.net\/"},{"@type":"ListItem","position":2,"name":"L\u00e4nderforschung","item":"https:\/\/gradido.net\/countries\/"},{"@type":"ListItem","position":3,"name":"Philppinen","item":"https:\/\/gradido.net\/countries\/philippines\/"},{"@type":"ListItem","position":4,"name":"Internationale Kooperationen, Philippinen"}]},{"@type":"WebSite","@id":"https:\/\/gradido.net\/de\/#website","url":"https:\/\/gradido.net\/de\/","name":"Gradido","description":"Az \u00faj p\u00e9nznem a h\u00e1la","publisher":{"@id":"https:\/\/gradido.net\/de\/#organization"},"potentialAction":[{"@type":"SearchAction","target":{"@type":"EntryPoint","urlTemplate":"https:\/\/gradido.net\/de\/?s={search_term_string}"},"query-input":{"@type":"PropertyValueSpecification","valueRequired":true,"valueName":"search_term_string"}}],"inLanguage":"hu"},{"@type":"Organization","@id":"https:\/\/gradido.net\/de\/#organization","name":"Gradido","url":"https:\/\/gradido.net\/de\/","logo":{"@type":"ImageObject","inLanguage":"hu","@id":"https:\/\/gradido.net\/de\/#\/schema\/logo\/image\/","url":"https:\/\/gradido.net\/wp-content\/uploads\/2022\/04\/gradido-social.jpg","contentUrl":"https:\/\/gradido.net\/wp-content\/uploads\/2022\/04\/gradido-social.jpg","width":527,"height":273,"caption":"Gradido"},"image":{"@id":"https:\/\/gradido.net\/de\/#\/schema\/logo\/image\/"}}]}},"_links":{"self":[{"href":"https:\/\/gradido.net\/hu\/wp-json\/wp\/v2\/pages\/10673","targetHints":{"allow":["GET"]}}],"collection":[{"href":"https:\/\/gradido.net\/hu\/wp-json\/wp\/v2\/pages"}],"about":[{"href":"https:\/\/gradido.net\/hu\/wp-json\/wp\/v2\/types\/page"}],"author":[{"embeddable":true,"href":"https:\/\/gradido.net\/hu\/wp-json\/wp\/v2\/users\/2"}],"replies":[{"embeddable":true,"href":"https:\/\/gradido.net\/hu\/wp-json\/wp\/v2\/comments?post=10673"}],"version-history":[{"count":19,"href":"https:\/\/gradido.net\/hu\/wp-json\/wp\/v2\/pages\/10673\/revisions"}],"predecessor-version":[{"id":11992,"href":"https:\/\/gradido.net\/hu\/wp-json\/wp\/v2\/pages\/10673\/revisions\/11992"}],"up":[{"embeddable":true,"href":"https:\/\/gradido.net\/hu\/wp-json\/wp\/v2\/pages\/10540"}],"wp:featuredmedia":[{"embeddable":true,"href":"https:\/\/gradido.net\/hu\/wp-json\/wp\/v2\/media\/10458"}],"wp:attachment":[{"href":"https:\/\/gradido.net\/hu\/wp-json\/wp\/v2\/media?parent=10673"}],"curies":[{"name":"wp","href":"https:\/\/api.w.org\/{rel}","templated":true}]}}