{"id":12563,"date":"2025-11-11T11:34:20","date_gmt":"2025-11-11T10:34:20","guid":{"rendered":"https:\/\/gradido.net\/?page_id=12563"},"modified":"2026-01-30T10:53:05","modified_gmt":"2026-01-30T09:53:05","slug":"vision-2050","status":"publish","type":"page","link":"https:\/\/gradido.net\/hu\/what-is-gradido\/vision-2050\/","title":{"rendered":"Vision 2050"},"content":{"rendered":"<div data-elementor-type=\"wp-page\" data-elementor-id=\"12563\" class=\"elementor elementor-12563\" data-elementor-post-type=\"page\">\n\t\t\t\t\t\t<section class=\"elementor-section elementor-top-section elementor-element elementor-element-4ce3e8af elementor-section-full_width elementor-section-height-default elementor-section-height-default\" data-id=\"4ce3e8af\" data-element_type=\"section\" data-e-type=\"section\">\n\t\t\t\t\t\t<div class=\"elementor-container elementor-column-gap-no\">\n\t\t\t\t\t<div class=\"elementor-column elementor-col-100 elementor-top-column elementor-element elementor-element-efa8c8c\" data-id=\"efa8c8c\" data-element_type=\"column\" data-e-type=\"column\">\n\t\t\t<div class=\"elementor-widget-wrap elementor-element-populated\">\n\t\t\t\t\t\t<div class=\"elementor-element elementor-element-e088aa4 elementor--h-position-center elementor--v-position-middle elementor-arrows-position-inside elementor-widget elementor-widget-slides\" data-id=\"e088aa4\" data-element_type=\"widget\" data-e-type=\"widget\" data-settings=\"{&quot;navigation&quot;:&quot;arrows&quot;,&quot;autoplay&quot;:&quot;yes&quot;,&quot;pause_on_hover&quot;:&quot;yes&quot;,&quot;pause_on_interaction&quot;:&quot;yes&quot;,&quot;autoplay_speed&quot;:5000,&quot;infinite&quot;:&quot;yes&quot;,&quot;transition&quot;:&quot;slide&quot;,&quot;transition_speed&quot;:500}\" data-widget_type=\"slides.default\">\n\t\t\t\t<div class=\"elementor-widget-container\">\n\t\t\t\t\t\t\t\t\t<div class=\"elementor-swiper\">\n\t\t\t\t\t<div class=\"elementor-slides-wrapper elementor-main-swiper swiper\" role=\"region\" aria-roledescription=\"carousel\" aria-label=\"Cs\u00faszka\" dir=\"ltr\" data-animation=\"fadeInUp\">\n\t\t\t\t<div class=\"swiper-wrapper elementor-slides\">\n\t\t\t\t\t\t\t\t\t\t<div class=\"elementor-repeater-item-2de4990 swiper-slide\" role=\"group\" aria-roledescription=\"slide\"><div class=\"swiper-slide-bg\" role=\"img\" aria-label=\"Gyermekek vil\u00e1gnapja alkalm\u00e1b\u00f3l a multikultur\u00e1lis gyermekek felemelik karjukat \u00e9s kez\u00fcket a k\u00e9zzel festett sz\u00edvekre az \u00e9gen.\"><\/div><div class=\"swiper-slide-inner\" ><div class=\"swiper-slide-contents\"><\/div><\/div><\/div><div class=\"elementor-repeater-item-28f126e swiper-slide\" role=\"group\" aria-roledescription=\"slide\"><div class=\"swiper-slide-bg\" role=\"img\" aria-label=\"F\u00f6ld Napja koncepci\u00f3: k\u00e9zben tartott n\u00f6v\u00e9ny \u00e9s a f\u00f6ld a hom\u00e1lyos z\u00f6ld term\u00e9szet h\u00e1tt\u00e9rben\"><\/div><div class=\"swiper-slide-inner\" ><div class=\"swiper-slide-contents\"><\/div><\/div><\/div><div class=\"elementor-repeater-item-992da35 swiper-slide\" role=\"group\" aria-roledescription=\"slide\"><div class=\"swiper-slide-bg\" role=\"img\" aria-label=\"a b\u00e9ke galambja\"><\/div><div class=\"swiper-slide-inner\" ><div class=\"swiper-slide-contents\"><\/div><\/div><\/div>\t\t\t\t<\/div>\n\t\t\t\t\t\t\t\t\t\t\t\t\t\t\t<div class=\"elementor-swiper-button elementor-swiper-button-prev\" role=\"button\" tabindex=\"0\" aria-label=\"El\u0151z\u0151 dia\" data-no-translation-aria-label=\"\">\n\t\t\t\t\t\t\t<i aria-hidden=\"true\" class=\"eicon-chevron-left\"><\/i>\t\t\t\t\t\t<\/div>\n\t\t\t\t\t\t<div class=\"elementor-swiper-button elementor-swiper-button-next\" role=\"button\" tabindex=\"0\" aria-label=\"K\u00f6vetkez\u0151 dia\" data-no-translation-aria-label=\"\">\n\t\t\t\t\t\t\t<i aria-hidden=\"true\" class=\"eicon-chevron-right\"><\/i>\t\t\t\t\t\t<\/div>\n\t\t\t\t\t\t\t\t\t\t\t\t\t\t\t\t\t<\/div>\n\t\t\t\t<\/div>\n\t\t\t\t\t\t\t\t<\/div>\n\t\t\t\t<\/div>\n\t\t\t\t\t<\/div>\n\t\t<\/div>\n\t\t\t\t\t<\/div>\n\t\t<\/section>\n\t\t\t\t<section class=\"elementor-section elementor-top-section elementor-element elementor-element-240baa7a elementor-section-boxed elementor-section-height-default elementor-section-height-default\" data-id=\"240baa7a\" data-element_type=\"section\" data-e-type=\"section\" data-settings=\"{&quot;background_background&quot;:&quot;classic&quot;}\">\n\t\t\t\t\t\t<div class=\"elementor-container elementor-column-gap-default\">\n\t\t\t\t\t<div class=\"elementor-column elementor-col-100 elementor-top-column elementor-element elementor-element-1afe9e42\" data-id=\"1afe9e42\" data-element_type=\"column\" data-e-type=\"column\">\n\t\t\t<div class=\"elementor-widget-wrap elementor-element-populated\">\n\t\t\t\t\t\t<div class=\"elementor-element elementor-element-65bd50ae elementor-widget elementor-widget-heading\" data-id=\"65bd50ae\" data-element_type=\"widget\" data-e-type=\"widget\" data-widget_type=\"heading.default\">\n\t\t\t\t<div class=\"elementor-widget-container\">\n\t\t\t\t\t<h1 class=\"elementor-heading-title elementor-size-default\">Vision 2050: A Gradido mint decentraliz\u00e1lt demokratikus b\u00e9kep\u00e9nz<\/h1>\t\t\t\t<\/div>\n\t\t\t\t<\/div>\n\t\t\t\t\t<\/div>\n\t\t<\/div>\n\t\t\t\t\t<\/div>\n\t\t<\/section>\n\t\t\t\t<section class=\"elementor-section elementor-top-section elementor-element elementor-element-446540f elementor-section-boxed elementor-section-height-default elementor-section-height-default\" data-id=\"446540f\" data-element_type=\"section\" data-e-type=\"section\">\n\t\t\t\t\t\t<div class=\"elementor-container elementor-column-gap-default\">\n\t\t\t\t\t<div class=\"elementor-column elementor-col-100 elementor-top-column elementor-element elementor-element-312a2d3\" data-id=\"312a2d3\" data-element_type=\"column\" data-e-type=\"column\">\n\t\t\t<div class=\"elementor-widget-wrap elementor-element-populated\">\n\t\t\t\t\t\t<div class=\"elementor-element elementor-element-24fa76e elementor-nav-menu--dropdown-tablet elementor-nav-menu__text-align-aside elementor-nav-menu--toggle elementor-nav-menu--burger elementor-widget elementor-widget-nav-menu\" data-id=\"24fa76e\" data-element_type=\"widget\" data-e-type=\"widget\" data-settings=\"{&quot;layout&quot;:&quot;horizontal&quot;,&quot;submenu_icon&quot;:{&quot;value&quot;:&quot;&lt;i class=\\&quot;fas fa-caret-down\\&quot; aria-hidden=\\&quot;true\\&quot;&gt;&lt;\\\/i&gt;&quot;,&quot;library&quot;:&quot;fa-solid&quot;},&quot;toggle&quot;:&quot;burger&quot;}\" data-widget_type=\"nav-menu.default\">\n\t\t\t\t<div class=\"elementor-widget-container\">\n\t\t\t\t\t\t\t\t<nav aria-label=\"J\u00f3l\u00e9t kutat\u00e1s\" class=\"elementor-nav-menu--main elementor-nav-menu__container elementor-nav-menu--layout-horizontal e--pointer-underline e--animation-grow\">\n\t\t\t\t<ul id=\"menu-1-24fa76e\" class=\"elementor-nav-menu\"><li class=\"menu-item menu-item-type-custom menu-item-object-custom menu-item-has-children menu-item-12050\"><a class=\"elementor-item\">Monet\u00e1ris \u00e9s gazdas\u00e1gi rendszer<\/a>\n<ul class=\"sub-menu elementor-nav-menu--dropdown\">\n\t<li class=\"menu-item menu-item-type-post_type menu-item-object-page menu-item-12640\"><a href=\"https:\/\/gradido.net\/hu\/what-is-gradido\/vergleich-der-waehrungssysteme\/\" class=\"elementor-sub-item\">A valutarendszerek \u00f6sszehasonl\u00edt\u00e1sa<\/a><\/li>\n\t<li class=\"menu-item menu-item-type-post_type menu-item-object-page menu-item-12047\"><a href=\"https:\/\/gradido.net\/hu\/what-is-gradido\/economic-bionics\/\" class=\"elementor-sub-item\">\u00dczleti bionika<\/a><\/li>\n\t<li class=\"menu-item menu-item-type-post_type menu-item-object-page menu-item-12046\"><a href=\"https:\/\/gradido.net\/hu\/what-is-gradido\/financial-system\/\" class=\"elementor-sub-item\">A p\u00e9nz\u00fcgyi rendszer v\u00e9gzetes hib\u00e1i<\/a><\/li>\n\t<li class=\"menu-item menu-item-type-post_type menu-item-object-page menu-item-12049\"><a href=\"https:\/\/gradido.net\/hu\/what-is-gradido\/basic-income\/\" class=\"elementor-sub-item\">Alapj\u00f6vedelem<\/a><\/li>\n<\/ul>\n<\/li>\n<li class=\"menu-item menu-item-type-custom menu-item-object-custom menu-item-has-children menu-item-12052\"><a class=\"elementor-item\">Vision 2050<\/a>\n<ul class=\"sub-menu elementor-nav-menu--dropdown\">\n\t<li class=\"menu-item menu-item-type-post_type menu-item-object-page menu-item-12583\"><a href=\"https:\/\/gradido.net\/hu\/what-is-gradido\/vision-2050\/\" class=\"elementor-sub-item\">Vision 2050<\/a><\/li>\n<\/ul>\n<\/li>\n<li class=\"menu-item menu-item-type-custom menu-item-object-custom menu-item-has-children menu-item-12051\"><a class=\"elementor-item\">Egy\u00fcttm\u0171k\u00f6d\u00e9s<\/a>\n<ul class=\"sub-menu elementor-nav-menu--dropdown\">\n\t<li class=\"menu-item menu-item-type-post_type menu-item-object-page menu-item-12048\"><a href=\"https:\/\/gradido.net\/hu\/what-is-gradido\/greatcooperation\/\" class=\"elementor-sub-item\">Nagyszer\u0171 egy\u00fcttm\u0171k\u00f6d\u00e9s<\/a><\/li>\n<\/ul>\n<\/li>\n<\/ul>\t\t\t<\/nav>\n\t\t\t\t\t<div class=\"elementor-menu-toggle\" role=\"button\" tabindex=\"0\" aria-label=\"Men\u00fc kapcsol\u00f3\" aria-expanded=\"false\">\n\t\t\t<i aria-hidden=\"true\" role=\"presentation\" class=\"elementor-menu-toggle__icon--open eicon-menu-bar\"><\/i><i aria-hidden=\"true\" role=\"presentation\" class=\"elementor-menu-toggle__icon--close eicon-close\"><\/i>\t\t<\/div>\n\t\t\t\t\t<nav class=\"elementor-nav-menu--dropdown elementor-nav-menu__container\" aria-hidden=\"true\">\n\t\t\t\t<ul id=\"menu-2-24fa76e\" class=\"elementor-nav-menu\"><li class=\"menu-item menu-item-type-custom menu-item-object-custom menu-item-has-children menu-item-12050\"><a class=\"elementor-item\" tabindex=\"-1\">Monet\u00e1ris \u00e9s gazdas\u00e1gi rendszer<\/a>\n<ul class=\"sub-menu elementor-nav-menu--dropdown\">\n\t<li class=\"menu-item menu-item-type-post_type menu-item-object-page menu-item-12640\"><a href=\"https:\/\/gradido.net\/hu\/what-is-gradido\/vergleich-der-waehrungssysteme\/\" class=\"elementor-sub-item\" tabindex=\"-1\">A valutarendszerek \u00f6sszehasonl\u00edt\u00e1sa<\/a><\/li>\n\t<li class=\"menu-item menu-item-type-post_type menu-item-object-page menu-item-12047\"><a href=\"https:\/\/gradido.net\/hu\/what-is-gradido\/economic-bionics\/\" class=\"elementor-sub-item\" tabindex=\"-1\">\u00dczleti bionika<\/a><\/li>\n\t<li class=\"menu-item menu-item-type-post_type menu-item-object-page menu-item-12046\"><a href=\"https:\/\/gradido.net\/hu\/what-is-gradido\/financial-system\/\" class=\"elementor-sub-item\" tabindex=\"-1\">A p\u00e9nz\u00fcgyi rendszer v\u00e9gzetes hib\u00e1i<\/a><\/li>\n\t<li class=\"menu-item menu-item-type-post_type menu-item-object-page menu-item-12049\"><a href=\"https:\/\/gradido.net\/hu\/what-is-gradido\/basic-income\/\" class=\"elementor-sub-item\" tabindex=\"-1\">Alapj\u00f6vedelem<\/a><\/li>\n<\/ul>\n<\/li>\n<li class=\"menu-item menu-item-type-custom menu-item-object-custom menu-item-has-children menu-item-12052\"><a class=\"elementor-item\" tabindex=\"-1\">Vision 2050<\/a>\n<ul class=\"sub-menu elementor-nav-menu--dropdown\">\n\t<li class=\"menu-item menu-item-type-post_type menu-item-object-page menu-item-12583\"><a href=\"https:\/\/gradido.net\/hu\/what-is-gradido\/vision-2050\/\" class=\"elementor-sub-item\" tabindex=\"-1\">Vision 2050<\/a><\/li>\n<\/ul>\n<\/li>\n<li class=\"menu-item menu-item-type-custom menu-item-object-custom menu-item-has-children menu-item-12051\"><a class=\"elementor-item\" tabindex=\"-1\">Egy\u00fcttm\u0171k\u00f6d\u00e9s<\/a>\n<ul class=\"sub-menu elementor-nav-menu--dropdown\">\n\t<li class=\"menu-item menu-item-type-post_type menu-item-object-page menu-item-12048\"><a href=\"https:\/\/gradido.net\/hu\/what-is-gradido\/greatcooperation\/\" class=\"elementor-sub-item\" tabindex=\"-1\">Nagyszer\u0171 egy\u00fcttm\u0171k\u00f6d\u00e9s<\/a><\/li>\n<\/ul>\n<\/li>\n<\/ul>\t\t\t<\/nav>\n\t\t\t\t\t\t<\/div>\n\t\t\t\t<\/div>\n\t\t\t\t<div class=\"elementor-element elementor-element-8d066df elementor-widget elementor-widget-breadcrumbs\" data-id=\"8d066df\" data-element_type=\"widget\" data-e-type=\"widget\" data-widget_type=\"breadcrumbs.default\">\n\t\t\t\t<div class=\"elementor-widget-container\">\n\t\t\t\t\t<p id=\"breadcrumbs\"><span><span><a href=\"https:\/\/gradido.net\/hu\/\">Honlap<\/a><\/span><\/span><\/p>\t\t\t\t<\/div>\n\t\t\t\t<\/div>\n\t\t\t\t<div class=\"elementor-element elementor-element-a9db9a5 elementor-widget elementor-widget-text-editor\" data-id=\"a9db9a5\" data-element_type=\"widget\" data-e-type=\"widget\" data-widget_type=\"text-editor.default\">\n\t\t\t\t<div class=\"elementor-widget-container\">\n\t\t\t\t\t\t\t\t\t<h2 style=\"text-align: center;\">Vision 2050<\/h2><p style=\"text-align: center;\"><strong>Aloldalak:<\/strong><\/p><p style=\"text-align: center;\"><a href=\"https:\/\/gradido.net\/hu\/what-is-gradido\/vision-2050\/energiewende-und-transformation\/\">Energetikai \u00e1t\u00e1ll\u00e1s \u00e9s \u00e1talakul\u00e1s: a f\u00f6ldi paradicsomhoz vezet\u0151 \u00fat<\/a><\/p>\t\t\t\t\t\t\t\t<\/div>\n\t\t\t\t<\/div>\n\t\t\t\t<div class=\"elementor-element elementor-element-d7bb196 elementor-widget-divider--view-line elementor-widget elementor-widget-divider\" data-id=\"d7bb196\" data-element_type=\"widget\" data-e-type=\"widget\" data-widget_type=\"divider.default\">\n\t\t\t\t<div class=\"elementor-widget-container\">\n\t\t\t\t\t\t\t<div class=\"elementor-divider\">\n\t\t\t<span class=\"elementor-divider-separator\">\n\t\t\t\t\t\t<\/span>\n\t\t<\/div>\n\t\t\t\t\t\t<\/div>\n\t\t\t\t<\/div>\n\t\t\t\t<div class=\"elementor-element elementor-element-146ff9d elementor-widget elementor-widget-text-editor\" data-id=\"146ff9d\" data-element_type=\"widget\" data-e-type=\"widget\" data-widget_type=\"text-editor.default\">\n\t\t\t\t<div class=\"elementor-widget-container\">\n\t\t\t\t\t\t\t\t\t<div class=\"wiki-page-header-wrapper\"><p><em>A tartalom a Perplexity kutat\u00e1sainak \u00e9s elemz\u00e9seinek eredm\u00e9nyeit t\u00fckr\u00f6zi, \u00e9s nem a Gradido v\u00e9lem\u00e9ny\u00e9nek kifejez\u00e9se. C\u00e9ljuk az inform\u00e1ci\u00f3ny\u00fajt\u00e1s \u00e9s a tov\u00e1bbi vit\u00e1k \u00f6szt\u00f6nz\u00e9se.<\/em><\/p><div class=\"wiki-page-header-wrapper\"><h1 data-pm-slice=\"0 0 []\">Gradido mint decentraliz\u00e1lt demokratikus b\u00e9kep\u00e9nz<\/h1><h2>Hogyan alak\u00edtja \u00e1t a decentraliz\u00e1lt p\u00e9nzteremt\u00e9s a vil\u00e1got?<\/h2><div><hr \/><\/div><h2>Melyik orsz\u00e1g kezd\u0151dik?<\/h2><p><strong>A Gradido \u00fagy van fel\u00e9p\u00edtve, hogy minden orsz\u00e1g elindulhasson a<\/strong>, a Gradido mint kieg\u00e9sz\u00edt\u0151 valuta bevezet\u00e9se. M\u00e1s orsz\u00e1gok is k\u00f6vetni fogj\u00e1k ezt a p\u00e9ld\u00e1t, m\u00edg v\u00e9g\u00fcl a vil\u00e1g \u00f6sszes orsz\u00e1g\u00e1ban bevezetik a Gradid\u00f3t. Mivel nem tudjuk, hogy melyik orsz\u00e1g lesz az els\u0151, az egyszer\u0171s\u00e9g kedv\u00e9\u00e9rt ez a j\u00f6v\u0151k\u00e9p a k\u00f6vetkez\u0151vel kezd\u0151dik <a href=\"https:\/\/gradido.net\/hu\/countries\/germany\/vision-2032-de\/\">N\u00e9metorsz\u00e1g<\/a>, a Gradido Akad\u00e9mia sz\u00e9khelye (<a href=\"https:\/\/gradido.net\/hu\/countries\/germany\/vision-2032-de\/\">Vision 2032-EN<\/a>).<\/p><h2>Bevezet\u00e9s: A FIAT-korszak v\u00e9ge<\/h2><p>2050. janu\u00e1r 1-je van, \u00e9s az emberek Pekingben, New Yorkban, Lagosban, Delhiben, S\u00e3o Paul\u00f3ban \u00e9s Sydneyben az \u00faj glob\u00e1lis valut\u00e1ra val\u00f3 \u00e1t\u00e1ll\u00e1st \u00fcnneplik. Nem az\u00e9rt, mert elrendelt\u00e9k, hanem mert ez term\u00e9szetes m\u00f3don t\u00f6rt\u00e9nt.<\/p><p><strong>A fiat valut\u00e1k - EUR, USD, YEN, CNY - m\u00e9g l\u00e9teznek, de m\u00e1r senkinek sem kellenek.<\/strong><\/p><p>22 \u00e9v alatt olyan monet\u00e1ris rendszer j\u00f6tt l\u00e9tre, amelyet senki sem tartott lehets\u00e9gesnek. Egy olyan rendszer, amelyet nem a k\u00f6zponti bankok ir\u00e1ny\u00edtanak, amelyet nem manipul\u00e1lhatnak a spekul\u00e1nsok, \u00e9s amely a vil\u00e1g imm\u00e1r 9 milli\u00e1rd ember\u00e9nek azonos jogot biztos\u00edt a p\u00e9nzteremt\u00e9sre.<\/p><p><strong>\u00dcdv\u00f6z\u00f6lj\u00fck a Gradido vil\u00e1g\u00e1ban.<\/strong><\/p><div><hr \/><\/div><h2>1. r\u00e9sz: Az \u00e1tmeneti id\u0151szak 2028-2045<\/h2><h3>1A. szakasz: \u00datt\u00f6r\u0151 szakasz (2028-2032)<\/h3><p><strong>A kezd\u0151 orsz\u00e1gok:<\/strong><\/p><table><tbody><tr><th><p>\u00c9v<\/p><\/th><th><p>Orsz\u00e1gok<\/p><\/th><th><p>N\u00e9pess\u00e9g<\/p><\/th><th><p>R\u00e9szesed\u00e9s a vil\u00e1ggazdas\u00e1gban<\/p><\/th><\/tr><tr><td><p>2028<\/p><\/td><td><p><a href=\"https:\/\/gradido.net\/hu\/countries\/germany\/vision-2032-de\/\">N\u00e9metorsz\u00e1g (<\/a><a href=\"https:\/\/gradido.net\/hu\/countries\/germany\/vision-2032-de\/\">Vision 2032-EN<\/a><a href=\"https:\/\/gradido.net\/hu\/countries\/germany\/vision-2032-de\/\">)<\/a><\/p><\/td><td><p>84 milli\u00f3.<\/p><\/td><td><p>2,5%<\/p><\/td><\/tr><tr><td><p>2029<\/p><\/td><td><p>N\u00e9metorsz\u00e1g + 6 tov\u00e1bbi<\/p><\/td><td><p>450 milli\u00f3.<\/p><\/td><td><p>8,2%<\/p><\/td><\/tr><tr><td><p>2030<\/p><\/td><td><p>N\u00e9metorsz\u00e1g + 15 tov\u00e1bbi<\/p><\/td><td><p>1,2 milli\u00e1rd.<\/p><\/td><td><p>18,5%<\/p><\/td><\/tr><tr><td><p>2032<\/p><\/td><td><p>N\u00e9metorsz\u00e1g + 25 egy\u00e9b<\/p><\/td><td><p>2,5 milli\u00e1rd.<\/p><\/td><td><p>32%<\/p><\/td><\/tr><\/tbody><\/table><p><strong>Mi t\u00f6rt\u00e9nik ebben a f\u00e1zisban:<\/strong><\/p><ol data-tight=\"true\"><li><p><strong><a href=\"https:\/\/gradido.net\/hu\/countries\/germany\/vision-2032-de\/\">N\u00e9metorsz\u00e1g<\/a> bizony\u00edtja a koncepci\u00f3t<\/strong> (<a href=\"https:\/\/gradido.net\/hu\/countries\/germany\/vision-2032-de\/\">Vision 2032-EN<\/a>)<\/p><ul data-tight=\"true\"><li><p>Gazdas\u00e1gi n\u00f6veked\u00e9s 5,8% \u00e9vente.<\/p><\/li><li><p>Munkan\u00e9lk\u00fclis\u00e9g 0,6%<\/p><\/li><li><p>A szeg\u00e9nys\u00e9g gyakorlatilag megsz\u0171nt<\/p><\/li><li><p>A k\u00f6rnyezet regener\u00e1l\u00f3dik<\/p><\/li><\/ul><\/li><li><p><strong>M\u00e1s orsz\u00e1gok figyelik<\/strong><\/p><ul data-tight=\"true\"><li><p>Ausztria, Sv\u00e1jc, Hollandia: \u201eMi is ezt akarjuk!\u201c<\/p><\/li><li><p>Skandin\u00e1via gyorsan k\u00f6veti<\/p><\/li><li><p>Az USA l\u00e1tja a lehet\u0151s\u00e9geket <a href=\"https:\/\/gradido.net\/hu\/countries\/usa\/vision-2032-us\/\">(Vision 2032-USA<\/a>)<\/p><\/li><li><p>D\u00e9l-Amerika \u00e9s \u00c1zsia k\u00eds\u00e9rleti projekteket vizsg\u00e1l<\/p><\/li><\/ul><\/li><li><p><strong>Tudom\u00e1nyos valid\u00e1l\u00e1s<\/strong><\/p><ul data-tight=\"true\"><li><p>K\u00f6zgazdas\u00e1gi \u00e9s B\u00e9ke Nobel-d\u00edjak<\/p><\/li><li><p>Nemzetk\u00f6zi konferenci\u00e1k<\/p><\/li><li><p>M\u00e9dia lefedetts\u00e9g<\/p><\/li><li><p>Politikai nyom\u00e1s a nem-Gradido orsz\u00e1gokban<\/p><\/li><\/ul><\/li><\/ol><div><hr \/><\/div><h3>1B. szakasz: Region\u00e1lis b\u0151v\u00edt\u00e9s (2032-2037)<\/h3><p><strong>A \u201edomin\u00f3hat\u00e1s\u201c:<\/strong><\/p><p><strong>Eur\u00f3pai GDD Uni\u00f3:<\/strong><\/p><ul data-tight=\"true\"><li><p>2032: 8 orsz\u00e1g (250 milli\u00f3 ember)<\/p><\/li><li><p>2034: 18 orsz\u00e1g (390 milli\u00f3 ember)<\/p><\/li><li><p>2037: 27 orsz\u00e1g (450 milli\u00f3 ember)<\/p><\/li><li><p><strong>Eur\u00f3pa = az els\u0151 glob\u00e1lis gradido r\u00e9gi\u00f3<\/strong><\/p><\/li><\/ul><p><strong>Amerikai Gradido szoba:<\/strong><\/p><ul data-tight=\"true\"><li><p><a href=\"https:\/\/gradido.net\/hu\/countries\/usa\/vision-2032-us\/\">USA<\/a>, Kanada, Mexik\u00f3 (2030-2032)<\/p><\/li><li><p>Braz\u00edlia, Chile, Argent\u00edna (2033-2034)<\/p><\/li><li><p>Peru, Kolumbia, Ecuador (2034-2035)<\/p><\/li><li><p>Latin-Amerika t\u00f6bbi r\u00e9sze (2035-2036)<\/p><\/li><li><p><strong>D\u00e9l- \u00e9s \u00c9szak-Amerika = 700 milli\u00f3 ember 2037-ben<\/strong><\/p><\/li><\/ul><p><strong>\u00c1zsia \u00e9s a csendes-\u00f3ce\u00e1ni t\u00e9rs\u00e9g:<\/strong><\/p><ul data-tight=\"true\"><li><p>Jap\u00e1n, D\u00e9l-Korea, Ausztr\u00e1lia (2033-2034)<\/p><\/li><li><p>India (legnagyobb k\u00eds\u00e9rleti projekt 2034-2035)<\/p><\/li><li><p>Indon\u00e9zia, Thaif\u00f6ld, Vietnam (2035-2036)<\/p><\/li><li><p>K\u00edna (2036-ig szkeptikus, majd \u00e1tmenet)<\/p><\/li><li><p><strong>\u00c1zsia \u00e9s a csendes-\u00f3ce\u00e1ni t\u00e9rs\u00e9g = 2 milli\u00e1rd ember 2037-ben<\/strong><\/p><\/li><\/ul><p><strong>Afrika \u00e9s a K\u00f6zel-Kelet:<\/strong><\/p><ul data-tight=\"true\"><li><p>D\u00e9l-Afrika, Kenya, Nig\u00e9ria (2034-2035) <a href=\"https:\/\/gradido.net\/hu\/countries\/vision-2035-africa\/\">Vision 2035 Afrika<\/a><\/p><\/li><li><p>Marokk\u00f3, Eti\u00f3pia, Gh\u00e1na (2035-2036)<\/p><\/li><li><p>Egyes\u00fclt Arab Em\u00edrs\u00e9gek, Sza\u00fad-Ar\u00e1bia (2036)<\/p><\/li><li><p>Pihen\u00e9s l\u00e9p\u00e9sr\u0151l l\u00e9p\u00e9sre<\/p><\/li><\/ul><p><strong>2037 \u00e1llapot:<\/strong><\/p><ul data-tight=\"true\"><li><p><strong>80+ orsz\u00e1g GDD-vel<\/strong><\/p><\/li><li><p><strong>4,5-5 milli\u00e1rd ember<\/strong> (a vil\u00e1g n\u00e9pess\u00e9g\u00e9nek t\u00f6bb mint 60%-je)<\/p><\/li><li><p><strong>60-65% a vil\u00e1ggazdas\u00e1gban<\/strong> GDD-ben<\/p><\/li><li><p>FIAT p\u00e9nznemek: \u201eLegacy rendszer\u201c<\/p><\/li><\/ul><div><hr \/><\/div><h3>1C. szakasz: Gyors\u00edt\u00e1s \u00e9s befejez\u00e9s (2037-2045)<\/h3><p><strong>A kritikus t\u00f6meget el\u00e9rt\u00fck:<\/strong><\/p><p>A vil\u00e1ggazdas\u00e1g 60%-je a GDD-ben van, a visszat\u00e9r\u00e9s lehetetlen:<\/p><ol data-tight=\"true\"><li><p><strong>A v\u00e1llalatok nem tehetnek m\u00e1st<\/strong><\/p><ul data-tight=\"true\"><li><p>Glob\u00e1lisan akt\u00edv csoportok sz\u00e1m\u00edt\u00e1sa a GDD-ben<\/p><\/li><li><p>A GDD-orsz\u00e1gok besz\u00e1ll\u00edt\u00f3i<\/p><\/li><li><p>\u00dcgyfelek a GDD orsz\u00e1gokban<\/p><\/li><li><p>\u201eVagy GDD-t kell haszn\u00e1lnunk, vagy cs\u0151dbe megy\u00fcnk\u201c<\/p><\/li><\/ul><\/li><li><p><strong>Munkaer\u0151 mobilit\u00e1s<\/strong><\/p><ul data-tight=\"true\"><li><p>Az emberek a GDD orsz\u00e1gokban akarnak dolgozni<\/p><\/li><li><p>A GDD-ben magasabbak a b\u00e9rek (ad\u00f3k n\u00e9lk\u00fcl)<\/p><\/li><li><p>Migr\u00e1ci\u00f3s nyom\u00e1s a GDD-orsz\u00e1gokban<\/p><\/li><\/ul><\/li><li><p><strong>P\u00e9nzforgalom<\/strong><\/p><ul data-tight=\"true\"><li><p>A befektet\u0151k a GDD-be akarnak befektetni<\/p><\/li><li><p>A hozamok egy\u00e9rtelm\u0171ek (nincs kamatl\u00e1b-emelked\u00e9s)<\/p><\/li><li><p>Alacsonyabbak a kock\u00e1zatok (stabil valuta)<\/p><\/li><li><p>\u201eMi\u00e9rt tartja m\u00e9g mindig a FIAT-ot?\u201c<\/p><\/li><\/ul><\/li><\/ol><p><strong>2037-2040: A fordul\u00f3pont<\/strong><\/p><ul data-tight=\"true\"><li><p>2037: 80 orsz\u00e1g, a vil\u00e1ggazdas\u00e1g 60%-je<\/p><\/li><li><p>2039: 120 orsz\u00e1g, a vil\u00e1ggazdas\u00e1g 80%-je<\/p><\/li><li><p>2040: 145 orsz\u00e1g, a vil\u00e1ggazdas\u00e1g 90%-je<\/p><\/li><li><p><strong>A FIAT valut\u00e1k objekt\u00edve irrelev\u00e1nsak<\/strong><\/p><\/li><\/ul><p><strong>2040-2045: Hivatalos megsz\u00fcntet\u00e9s<\/strong><\/p><table><tbody><tr><th><p>\u00c9v<\/p><\/th><th><p>Orsz\u00e1gok<\/p><\/th><th><p>N\u00e9pess\u00e9g<\/p><\/th><th><p>GDD r\u00e9szesed\u00e9s<\/p><\/th><\/tr><tr><td><p>2040<\/p><\/td><td><p>145<\/p><\/td><td><p>7,2 milli\u00e1rd.<\/p><\/td><td><p>90%<\/p><\/td><\/tr><tr><td><p>2042<\/p><\/td><td><p>160<\/p><\/td><td><p>7,6 milli\u00e1rd.<\/p><\/td><td><p>95%<\/p><\/td><\/tr><tr><td><p>2045<\/p><\/td><td><p>190+<\/p><\/td><td><p>7,95 milli\u00e1rd.<\/p><\/td><td><p>99,5%<\/p><\/td><\/tr><\/tbody><\/table><p><strong>2045: Az utols\u00f3 FIAT-orsz\u00e1g jelzi \u00e9rdekl\u0151d\u00e9s\u00e9t<\/strong><\/p><ul data-tight=\"true\"><li><p>K\u00edna, Oroszorsz\u00e1g, \u00c9szak-Korea, Ir\u00e1n k\u00f6veti egym\u00e1st.<\/p><\/li><li><p>Nem a nyom\u00e1s miatt, hanem \u00f6n\u00e9rdekb\u0151l.<\/p><\/li><li><p><strong>\u201eNem maradhatunk elszigetelve\u201c<\/strong><\/p><\/li><\/ul><div><hr \/><\/div><h2>2. r\u00e9sz: A vil\u00e1g 2050-ben - A Gradido mint a b\u00e9ke glob\u00e1lis valut\u00e1ja<\/h2><h3>\u00a0<\/h3><h2><strong>2.1 Technikai infrastrukt\u00fara: Hiero mint a glob\u00e1lis Gradido gerince<\/strong><\/h2><p><strong>Decentraliz\u00e1lt Hiero-alap\u00fa architekt\u00fara<\/strong><\/p><p>A glob\u00e1lis Gradido Network 2050 a k\u00f6vetkez\u0151k\u00f6n alapul\u00a0<strong>Hiero<\/strong>, a ny\u00edlt forr\u00e1sk\u00f3d\u00fa DLT (Distributed Ledger Technology), amelyet a\u00a0<strong>Linux Foundation Decentraliz\u00e1lt bizalom<\/strong>\u00a0kezelik. A Hiero a\u00a0<strong>Hashgraph konszenzus algoritmus<\/strong>, amely fel\u00fclm\u00falja a hagyom\u00e1nyos blokkl\u00e1ncokat (Bitcoin, Ethereum, Solana):<\/p><ul data-tight=\"true\"><li><p><strong>10,000+ tranzakci\u00f3 m\u00e1sodpercenk\u00e9nt<\/strong>\u00a0(Bitcoin: 7, Ethereum: 30, Solana: 3,000)<\/p><\/li><li><p><strong>V\u00e9glegess\u00e9g 3-5 m\u00e1sodperc alatt<\/strong>\u00a0(Bitcoin: 60 perc, Ethereum: 6-13 perc)<\/p><\/li><li><p><strong>Energiahat\u00e9konys\u00e1g:<\/strong>\u00a00,00017 kWh tranzakci\u00f3nk\u00e9nt (Bitcoin: ~700 kWh) \u2192\u00a0<strong>Sz\u00e9n-negat\u00edv<\/strong><\/p><\/li><li><p><strong>Aszinkron biz\u00e1nci hibat\u0171r\u00e9s (aBFT):<\/strong>\u00a0A legmagasabb biztons\u00e1gi szint,\u00a0<strong>51% t\u00e1mad\u00e1sok nem lehets\u00e9gesek<\/strong><\/p><\/li><li><p><strong>Horizont\u00e1lisan sk\u00e1l\u00e1zhat\u00f3:<\/strong>\u00a0Korl\u00e1tlan kapacit\u00e1s tov\u00e1bbi csom\u00f3pontok hozz\u00e1ad\u00e1s\u00e1val<\/p><\/li><\/ul><p><strong>Nemzeti Hiero-Instances<\/strong><\/p><p>Minden orsz\u00e1g saj\u00e1t\u00a0<strong>Hiero p\u00e9ld\u00e1ny(ok)<\/strong>\u00a0mint szuver\u00e9n GDD f\u0151k\u00f6nyv:<\/p><ul data-tight=\"true\"><li><p><strong>N\u00e9metorsz\u00e1g:<\/strong>\u00a084 milli\u00f3 ember, saj\u00e1t GDD f\u0151k\u00f6nyv<\/p><\/li><li><p><strong>USA:<\/strong>\u00a0340 milli\u00f3 ember, saj\u00e1t GDD f\u0151k\u00f6nyv<\/p><\/li><li><p><strong>India:<\/strong>\u00a01,4 milli\u00e1rd ember, saj\u00e1t GDD f\u0151k\u00f6nyvi kivonat<\/p><\/li><li><p><strong>+190 egy\u00e9b orsz\u00e1g<\/strong>\u00a0saj\u00e1t p\u00e9ld\u00e1nyokkal<\/p><\/li><\/ul><p><strong>Az orsz\u00e1gok k\u00f6z\u00f6tti \u00e1tj\u00e1rhat\u00f3s\u00e1g<\/strong><\/p><p>Az \u00f6sszes nemzeti f\u0151k\u00f6nyvet a k\u00f6vetkez\u0151 c\u00edmen lehet el\u00e9rni\u00a0<strong>Hiero Consensus Service (HCS)<\/strong>\u00a0\u00e9s\u00a0<strong>Hat\u00e1rokon \u00e1tny\u00fal\u00f3 protokollok<\/strong>\u00a0\u00f6sszekapcsol\u00f3dnak egym\u00e1ssal:<\/p><ul data-tight=\"true\"><li><p>Hat\u00e1rokon \u00e1tny\u00fal\u00f3 GDD fizet\u00e9sek val\u00f3s id\u0151ben (3-5 m\u00e1sodperc)<\/p><\/li><li><p>Automatikus valutakiegyenl\u00edt\u00e9s (1 GDD N\u00e9metorsz\u00e1g = 1 GDD USA = 1 GDD India)<\/p><\/li><li><p>Intelligens szerz\u0151d\u00e9sek nemzetk\u00f6zi szerz\u0151d\u00e9sekhez (Solidity-kompatibilis)<\/p><\/li><\/ul><p><strong>Ir\u00e1ny\u00edt\u00e1s: ny\u00edlt forr\u00e1sk\u00f3d\u00fa \u00e9s gy\u00e1rt\u00f3semleges<\/strong><\/p><p>Hiero\u00a0<strong>Demokratikus<\/strong>\u00a0amelyet a Linux Foundation kezel:<\/p><ul data-tight=\"true\"><li><p><strong>M\u0171szaki ir\u00e1ny\u00edt\u00f3bizotts\u00e1g (TSC):<\/strong>\u00a0Minden orsz\u00e1g fejleszt\u0151i r\u00e9szt vehetnek<\/p><\/li><li><p><strong>Ny\u00edlt hozz\u00e1j\u00e1rul\u00e1si modell:<\/strong>\u00a0B\u00e1rki hozz\u00e1j\u00e1rulhat a k\u00f3dhoz (mint a Linux\/Kubernetes eset\u00e9ben)<\/p><\/li><li><p><strong>Nincs k\u00f6zponti ellen\u0151rz\u00e9s:<\/strong>\u00a0Egyetlen orsz\u00e1g vagy v\u00e1llalat sem uralhatja a rendszert<\/p><\/li><\/ul><p><strong>Fontos:<\/strong>\u00a0Nincs sz\u00fcks\u00e9g k\u00f6zponti \u201eVil\u00e1g K\u00f6zponti Bankra\u201c - a rendszer\u00a0<strong>\u00d6sszevont \u00e9s decentraliz\u00e1lt<\/strong>.<\/p><div><hr \/><\/div><h3>2.2 P\u00e9nzk\u00edn\u00e1lat \u00e9s p\u00e9nzteremt\u00e9s 2050<\/h3><p><strong>Glob\u00e1lis p\u00e9nzteremt\u00e9s:<\/strong><\/p><pre>A vil\u00e1g n\u00e9pess\u00e9ge 2050-ben: 9,7 milli\u00e1rd ember\n\nEgy f\u0151re jut\u00f3 havi p\u00e9nzteremt\u00e9s: 3000 GDD\n\u251c\u2500 1,000 GDD Akt\u00edv alapj\u00f6vedelem\n\u251c\u2500 1,000 GDD Nemzeti k\u00f6lts\u00e9gvet\u00e9s (helyi\/nemzeti)\n\u2514\u2500 1,000 GDD Kiegyenl\u00edt\u00e9si \u00e9s k\u00f6rnyezetv\u00e9delmi alap (glob\u00e1lis)\n\nGLOB\u00c1LIS:\nHavi p\u00e9nzteremt\u00e9s: 29,1 billi\u00f3 GDD\n\u00c9ves p\u00e9nzteremt\u00e9s: 349,2 billi\u00f3 GDD\n\nGlob\u00e1lis bont\u00e1sban:\nAkt\u00edv alapj\u00f6vedelem: 116,4 billi\u00f3 GDD\/\u00e9v.\n\u251c\u2500 Nemzeti k\u00f6lts\u00e9gvet\u00e9sek: 116,4 billi\u00f3 GDD\/\u00e9v\n\u2514\u2500 Glob\u00e1lis k\u00f6rnyezetv\u00e9delem \u00e9s kiegyenl\u00edt\u00e9s: 116,4 billi\u00f3 GDD\/\u00e9v<\/pre><p>A p\u00e9nzteremt\u00e9s h\u00e1rmas alapelve \u00e9vente 349,2 billi\u00f3 GDD-t teremt (9,7 milli\u00e1rd ember \u00d7 3000 GDD \u00d7 12 h\u00f3nap). Ennek egyharmada - azaz \u00e9vi 116,4 billi\u00f3 GDD - glob\u00e1lisan az akt\u00edv alapj\u00f6vedelem, a nemzeti vagy region\u00e1lis k\u00f6lts\u00e9gvet\u00e9sek \u00e9s a glob\u00e1lis k\u00f6rnyezetv\u00e9delmi \u00e9s kiegyenl\u00edt\u00e9si alap (AUF) rendelkez\u00e9s\u00e9re \u00e1ll. Minden egyes nemzeti korm\u00e1ny \u00e9s a glob\u00e1lis k\u00f6rnyezetv\u00e9delmi alap teh\u00e1t pontosan kisz\u00e1m\u00edthat\u00f3 \u00e9s megb\u00edzhat\u00f3 k\u00f6lts\u00e9gvet\u00e9ssel rendelkezik saj\u00e1t feladataihoz.<\/p><div><hr \/><\/div><h3>2.3 Mi t\u00f6rt\u00e9nik a fiat valut\u00e1kkal<\/h3><p><strong>Szel\u00edd \u00e1tmenet 2040-2050:<\/strong><\/p><p><strong>szakasz: Stabiliz\u00e1ci\u00f3 (2040-2043)<\/strong><\/p><ul data-tight=\"true\"><li><p>Az EUR, USD stb. tov\u00e1bbra is \u201e\u00f6r\u00f6ks\u00e9gi valut\u00e1k\u201c maradnak.\u201c<\/p><\/li><li><p>1:1 konverzi\u00f3 GDD-re garant\u00e1lt<\/p><\/li><li><p>Minden EUR egyenleget fokozatosan GDD-re alak\u00edtanak \u00e1t.<\/p><\/li><li><p><strong>Senki sem vesz\u00edt megtakar\u00edt\u00e1sokat<\/strong><\/p><\/li><\/ul><p><strong>2. szakasz: T\u00f6rt\u00e9nelmi m\u00fazeumok (2043-2050)<\/strong><\/p><ul data-tight=\"true\"><li><p>Fiat valut\u00e1k csak m\u00fazeumokban<\/p><\/li><li><p>Numizmatikai \u00e9rt\u00e9kt\u00e1rgyak<\/p><\/li><li><p>T\u00f6rt\u00e9nelmi jelent\u0151s\u00e9g (\u201eHogyan m\u0171k\u00f6d\u00f6tt r\u00e9gen a vil\u00e1g\u201c)<\/p><\/li><li><p>A kollektor \u00e9rt\u00e9ke paradox m\u00f3don n\u00f6vekszik<\/p><\/li><\/ul><p><strong>3. szakasz: Archiv\u00e1l\u00e1s (2050-t\u0151l)<\/strong><\/p><ul data-tight=\"true\"><li><p>Csak digit\u00e1lis\/archiv\u00e1lt<\/p><\/li><li><p>A fiatalok csak a GDD-t ismerik<\/p><\/li><li><p>EUR, USD, stb. m\u00e1r t\u00f6rt\u00e9nelem<\/p><\/li><\/ul><div><hr \/><\/div><h2>3. r\u00e9sz: T\u00e1rsadalmi \u00e1talakul\u00e1s<\/h2><h3>3.1 A szeg\u00e9nys\u00e9g v\u00e9ge<\/h3><p><strong>Glob\u00e1lis matematika:<\/strong><\/p><pre>9,7 milli\u00e1rd ember \u00d7 1,000 GDD\/h\u00f3 (AGE)\n= 116,4 billi\u00f3 GDD\/\u00e9v az emberi alapj\u00f6vedelemhez\n= 116,4 billi\u00f3 USD-nek megfelel\u0151 \u00f6sszeg (ha GDD=USD)\n\n\u00d6sszehasonl\u00edt\u00e1s: Jelenleg kb. 2-3 USD\/nap elegend\u0151 az \u00e9hez\u00e9s elleni k\u00fczdelemhez.\n         = kb. 730 USD\/\u00e9v\n         = kb. 8760 USD\/\u00e9vtized\n\nAGE-vel: Minden szem\u00e9ly 12.000 GDD\/\u00e9vben r\u00e9szes\u00fcl\n         = t\u00f6bb mint 15\u00d7 az \u00e9hs\u00e9g elleni k\u00fczdelemhez sz\u00fcks\u00e9ges minimum.\n         = K\u00e9nyelmes meg\u00e9lhet\u00e9s<\/pre><p><strong>Val\u00f3s\u00e1g 2050:<\/strong><\/p><table><tbody><tr><th><p>Kateg\u00f3ria<\/p><\/th><th><p>2025<\/p><\/th><th><p>2050<\/p><\/th><\/tr><tr><td><p>Abszol\u00fat szeg\u00e9ny<\/p><\/td><td><p>750m (9.5%)<\/p><\/td><td><p>0 (0%)<\/p><\/td><\/tr><tr><td><p>\u00c9lelmez\u00e9si bizonytalans\u00e1g<\/p><\/td><td><p>2,0 milli\u00e1rd (25%)<\/p><\/td><td><p>0 (0%)<\/p><\/td><\/tr><tr><td><p>Gyermekszeg\u00e9nys\u00e9g<\/p><\/td><td><p>160 milli\u00f3 EUR (12%)<\/p><\/td><td><p>0 (0%)<\/p><\/td><\/tr><tr><td><p>Hajl\u00e9ktalans\u00e1g<\/p><\/td><td><p>50-100 milli\u00f3.<\/p><\/td><td><p>&lt;1 milli\u00f3.<\/p><\/td><\/tr><\/tbody><\/table><p><strong>Az Akt\u00edv Alapj\u00f6vedelem AGE struktur\u00e1lisan lehetetlenn\u00e9 teszi a szeg\u00e9nys\u00e9get.<\/strong><\/p><div><hr \/><\/div><h3>3.2 Glob\u00e1lis eg\u00e9szs\u00e9g\u00fcgy<\/h3><p><strong>A GesundGradido international forgat\u00f3k\u00f6nyve:<\/strong><\/p><p><strong>Ingyenes v\u00e9rvizsg\u00e1lat vil\u00e1gszerte:<\/strong><\/p><ul data-tight=\"true\"><li><p>9,7 milli\u00e1rd ember \u00d7 40 GDD = 388 milli\u00e1rd GDD\/\u00e9v<\/p><\/li><li><p>A hi\u00e1nyt\u00fcnetek korai felismer\u00e9se<\/p><\/li><li><p>Megel\u0151z\u00e9s helyett kezel\u00e9s<\/p><\/li><\/ul><p><strong>Univerz\u00e1lis mikrot\u00e1panyag-ell\u00e1t\u00e1s:<\/strong><\/p><ul data-tight=\"true\"><li><p>D3-vitamin, K2-vitamin, magn\u00e9zium, cink vil\u00e1gszerte kaphat\u00f3<\/p><\/li><li><p>A glob\u00e1lis eg\u00e9szs\u00e9g\u00fcgy k\u00f6lts\u00e9gvet\u00e9s\u00e9b\u0151l t\u00e9r\u00edt\u00e9smentesen<\/p><\/li><li><p>A v\u00e1rhat\u00f3 \u00e9lettartam 7-10 \u00e9vvel n\u0151<\/p><\/li><li><p><strong>A kr\u00f3nikus betegs\u00e9gek 50%-vel cs\u00f6kkennek<\/strong><\/p><\/li><\/ul><p><strong>Glob\u00e1lis eg\u00e9szs\u00e9g\u00fcgyi k\u00f6lts\u00e9gvet\u00e9sek:<\/strong><\/p><ul data-tight=\"true\"><li><p>A 2. \u00e9s\/vagy 3. p\u00e9nzteremt\u00e9sb\u0151l (k\u00f6rnyezetv\u00e9delmi alap + szoci\u00e1lis):<\/p><\/li><li><p><strong>232 trilli\u00f3 GDD\/\u00e9v a glob\u00e1lis eg\u00e9szs\u00e9g\u00fcgy sz\u00e1m\u00e1ra<\/strong><\/p><\/li><li><p>Ez 4\u00d7 t\u00f6bb, mint amennyit jelenleg vil\u00e1gszerte az eg\u00e9szs\u00e9g\u00fcgyre k\u00f6ltenek.<\/p><\/li><\/ul><p><strong>Eredm\u00e9ny:<\/strong><\/p><ul data-tight=\"true\"><li><p>Mal\u00e1ria, TBC, HIV: gyakorlatilag megsz\u0171ntek.<\/p><\/li><li><p>R\u00e1khaland\u00f3s\u00e1g: -80%<\/p><\/li><li><p>Sz\u00edv- \u00e9s \u00e9rrendszeri: -70%<\/p><\/li><li><p>Ment\u00e1lis eg\u00e9szs\u00e9g: massz\u00edvan javult<\/p><\/li><li><p>A v\u00e1rhat\u00f3 \u00e9lettartam vil\u00e1gszerte: 85+ \u00e9v<\/p><\/li><\/ul><div><hr \/><\/div><h3>3.3 Glob\u00e1lis oktat\u00e1s<\/h3><p><strong>Egyetemes, ingyenes fels\u0151oktat\u00e1s:<\/strong><\/p><ul data-tight=\"true\"><li><p>A vil\u00e1gon minden gyermek egyetemre j\u00e1rhat<\/p><\/li><li><p>Ingyenes b\u00e1rmely nyelven<\/p><\/li><li><p>A nemzeti oktat\u00e1si k\u00f6lts\u00e9gvet\u00e9sb\u0151l finansz\u00edrozz\u00e1k<\/p><\/li><li><p><strong>1 billi\u00f3 GDD\/\u00e9v a glob\u00e1lis oktat\u00e1sra<\/strong> (\u00e1llami k\u00f6lts\u00e9gvet\u00e9sekb\u0151l)<\/p><\/li><\/ul><p><strong>Digit\u00e1lis egyetem:<\/strong><\/p><ul data-tight=\"true\"><li><p>Online tanfolyamok minden nyelven<\/p><\/li><li><p>Blockchain tan\u00fas\u00edtv\u00e1nyok (nemzetk\u00f6zileg elismert)<\/p><\/li><li><p>Mesters\u00e9ges intelligencia mint oktat\u00f3<\/p><\/li><li><p><strong>El\u00e9rt tud\u00e1segyenl\u0151s\u00e9g<\/strong><\/p><\/li><\/ul><p><strong>Eredm\u00e9ny:<\/strong><\/p><ul data-tight=\"true\"><li><p>Alfabetiz\u00e1ci\u00f3s r\u00e1ta: 99%<\/p><\/li><li><p>K\u00f6z\u00e9piskolai v\u00e9gzetts\u00e9g\u0171ek ar\u00e1nya: 95%<\/p><\/li><li><p>Egyetemi diplom\u00e1sok: a lakoss\u00e1g 40%-je<\/p><\/li><li><p><strong>A glob\u00e1lis intelligencia \u00e9s kreativit\u00e1s felszabad\u00edt\u00e1sa<\/strong><\/p><\/li><\/ul><div><hr \/><\/div><h3>3.4 Kult\u00fara \u00e9s m\u0171v\u00e9szet - renesz\u00e1nsz<\/h3><p><strong>AUF finansz\u00edroz\u00e1ssal:<\/strong><\/p><ul data-tight=\"true\"><li><p>20-30 billi\u00f3 GDD\/\u00e9v a kult\u00far\u00e1ra (az alapj\u00f6vedelem mellett)<\/p><\/li><li><p>Minden m\u0171v\u00e9sz meg tud \u00e9lni a m\u0171v\u00e9szetb\u0151l<\/p><\/li><li><p>Vil\u00e1gm\u00fazeumok, sz\u00ednh\u00e1zak, koncerttermek minden\u00fctt<\/p><\/li><li><p><strong>A kultur\u00e1lis soksz\u00edn\u0171s\u00e9g vir\u00e1gzik<\/strong><\/p><\/li><\/ul><p><strong>Eredm\u00e9ny:<\/strong><\/p><ul data-tight=\"true\"><li><p>Helyi m\u0171v\u00e9szeti szc\u00e9n\u00e1k minden telep\u00fcl\u00e9sen<\/p><\/li><li><p>A m\u0171v\u00e9szek az AGE + m\u0171v\u00e9szeti elad\u00e1sokb\u00f3l keresnek<\/p><\/li><li><p>A vil\u00e1g\u00f6r\u00f6ks\u00e9gi helysz\u00ednt massz\u00edvan b\u0151v\u00edtik<\/p><\/li><li><p><strong>Az emberis\u00e9g kultur\u00e1lis vir\u00e1gz\u00e1st \u00e9l \u00e1t<\/strong><\/p><\/li><\/ul><div><hr \/><\/div><h2>4. r\u00e9sz: \u00d6kol\u00f3giai \u00e1talakul\u00e1s 2050-ig<\/h2><h3>4.1 A glob\u00e1lis k\u00f6rnyezetv\u00e9delmi alap: 116 billi\u00f3 GDD\/\u00e9v<\/h3><p><strong>A k\u00f6lts\u00e9gek feloszt\u00e1sa:<\/strong><\/p><table><tbody><tr><th><p>Tartom\u00e1ny<\/p><\/th><th><p>Trilli\u00f3 GDD\/\u00e9v<\/p><\/th><th><p>C\u00e9lkit\u0171z\u00e9sek 2050-ig<\/p><\/th><\/tr><tr><td><p><strong>Regenerat\u00edv mez\u0151gazdas\u00e1g<\/strong><\/p><\/td><td><p>20<\/p><\/td><td><p>100% a megm\u0171velt ter\u00fcletekr\u0151l<\/p><\/td><\/tr><tr><td><p><strong>Meg\u00fajul\u00f3 energia<\/strong><\/p><\/td><td><p>25<\/p><\/td><td><p>99% a jelenlegi<\/p><\/td><\/tr><tr><td><p><strong>Erd\u0151v\u00e9delem \u00e9s erd\u0151telep\u00edt\u00e9s<\/strong><\/p><\/td><td><p>20<\/p><\/td><td><p>+500 milli\u00f3 hekt\u00e1r erd\u0151<\/p><\/td><\/tr><tr><td><p><strong>A tenger helyre\u00e1ll\u00edt\u00e1sa<\/strong><\/p><\/td><td><p>15<\/p><\/td><td><p>30% V\u00e9dett tengeri ter\u00fcletek<\/p><\/td><\/tr><tr><td><p><strong>Foly\u00f3k \u00e9s vizek helyre\u00e1ll\u00edt\u00e1sa<\/strong><\/p><\/td><td><p>12<\/p><\/td><td><p>Minden foly\u00f3 f\u00fcrd\u0151v\u00edz min\u0151s\u00e9g\u0171<\/p><\/td><\/tr><tr><td><p><strong>A biol\u00f3giai sokf\u00e9les\u00e9g helyre\u00e1ll\u00edt\u00e1sa<\/strong><\/p><\/td><td><p>10<\/p><\/td><td><p>Kihalt fajok visszat\u00e9r\u00e9se<\/p><\/td><\/tr><tr><td><p><strong>Sivatagi z\u00f6ld\u00edt\u00e9s<\/strong><\/p><\/td><td><p>8<\/p><\/td><td><p>50 milli\u00f3 hekt\u00e1r szaharai z\u00f6ld<\/p><\/td><\/tr><tr><td><p><strong>K\u00f6rforg\u00e1sos gazdas\u00e1g<\/strong><\/p><\/td><td><p>3<\/p><\/td><td><p>Nulla hullad\u00e9k mindenhol<\/p><\/td><\/tr><tr><td><p><strong>Resilienza infrastrukt\u00fara<\/strong><\/p><\/td><td><p>2<\/p><\/td><td><p>\u00c1rv\u00edz- \u00e9s asz\u00e1lyv\u00e9delem<\/p><\/td><\/tr><tr><td><p><strong>Tartal\u00e9k \u00e9s kutat\u00e1s<\/strong><\/p><\/td><td><p>1<\/p><\/td><td><p>Innov\u00e1ci\u00f3s puffer<\/p><\/td><\/tr><\/tbody><\/table><div><hr \/><\/div><h3>4.2 Eredm\u00e9nyek 2050<\/h3><p><strong>\u00c9ghajlat:<\/strong><\/p><ul data-tight=\"true\"><li><p>A l\u00e9gk\u00f6r term\u00e9szetes folyamatok r\u00e9v\u00e9n regener\u00e1l\u00f3dik<\/p><\/li><li><p>H\u0151m\u00e9rs\u00e9klet-emelked\u00e9s: a sivatagok z\u00f6ld\u00edt\u00e9se \u00e9s az erd\u0151telep\u00edt\u00e9sek lass\u00edtj\u00e1k a n\u00f6veked\u00e9st<\/p><\/li><li><p>Elker\u00fclt fordul\u00f3pontok<\/p><\/li><li><p><strong>A F\u00f6ld stabiliz\u00e1l\u00f3dik<\/strong><\/p><\/li><\/ul><p><strong>\u00d6kosziszt\u00e9m\u00e1k:<\/strong><\/p><ul data-tight=\"true\"><li><p>Biol\u00f3giai sokf\u00e9les\u00e9g: stabiliz\u00e1l\u00f3dott \u00e9s n\u00f6vekszik<\/p><\/li><li><p>500 milli\u00f3 hekt\u00e1r \u00faj erd\u0151 telep\u00edt\u00e9se<\/p><\/li><li><p>30% az \u00f3ce\u00e1nok v\u00e9dett<\/p><\/li><li><p>A lazacf\u00e9l\u00e9k \u00e1llom\u00e1nya megdupl\u00e1z\u00f3dott<\/p><\/li><li><p>M\u00e9hek \u00e9s rovarok: Popul\u00e1ci\u00f3k stabilak<\/p><\/li><li><p><strong>A term\u00e9szet regener\u00e1lja \u00f6nmag\u00e1t<\/strong><\/p><\/li><\/ul><p><strong>Forr\u00e1sok:<\/strong><\/p><ul data-tight=\"true\"><li><p>Fosszilis t\u00fczel\u0151anyagok: 0% (energia 100% meg\u00fajul\u00f3)<\/p><\/li><li><p>Talajterm\u00e9kenys\u00e9g: +40% 2025-h\u00f6z k\u00e9pest<\/p><\/li><li><p>\u00c9desv\u00edzk\u00e9szletek: Regener\u00e1lt<\/p><\/li><li><p>Leveg\u0151min\u0151s\u00e9g: WHO-szabv\u00e1ny minden\u00fctt<\/p><\/li><li><p><strong>Term\u00e9szetes rendszerek gy\u00f3gy\u00edt\u00e1sa<\/strong><\/p><\/li><\/ul><p><strong>Mez\u0151gazdas\u00e1g:<\/strong><\/p><ul data-tight=\"true\"><li><p>95% Szerves\/regenerat\u00edv<\/p><\/li><li><p>500 milli\u00f3 kistermel\u0151 tisztess\u00e9ges b\u00e9rt kap<\/p><\/li><li><p>\u00c9lelmez\u00e9sbiztons\u00e1g t\u00f6bb mint 10 milli\u00e1rd ember sz\u00e1m\u00e1ra<\/p><\/li><li><p>Peszticidek: gyakorlatilag megsz\u0171ntek<\/p><\/li><li><p><strong>A f\u00f6ld \u00fajra term\u00e9keny<\/strong><\/p><\/li><\/ul><div><hr \/><\/div><h2>5. r\u00e9sz: Geopolitika \u00e9s b\u00e9ke<\/h2><h3>5.1 A valutah\u00e1bor\u00fak v\u00e9ge<\/h3><p><strong>Jelenlegi (2025):<\/strong><\/p><ul data-tight=\"true\"><li><p>USA vs. K\u00edna: doll\u00e1r vs. j\u00fcan<\/p><\/li><li><p>Kereskedelmi h\u00e1bor\u00fak<\/p><\/li><li><p>Le\u00e9rt\u00e9kel\u00e9si versenyek<\/p><\/li><li><p>P\u00e9nz\u00fcgyi szankci\u00f3k<\/p><\/li><\/ul><p><strong>2050 a GDD-vel:<\/strong><\/p><ul data-tight=\"true\"><li><p>Mindegyik ugyanazt vagy kompatibilis p\u00e9nznemet haszn\u00e1lja<\/p><\/li><li><p>Nincs lehet\u0151s\u00e9g manipul\u00e1ci\u00f3ra<\/p><\/li><li><p>Mindenkire ugyanazok a szab\u00e1lyok vonatkoznak<\/p><\/li><li><p><strong>P\u00e9nz\u00fcgyi fegyverek nem l\u00e9teznek<\/strong><\/p><\/li><\/ul><div><hr \/><\/div><h3>5.2 Az ad\u00f3ss\u00e1gok kizs\u00e1km\u00e1nyol\u00e1s\u00e1nak v\u00e9ge<\/h3><p><strong>Jelenlegi (2025):<\/strong><\/p><ul data-tight=\"true\"><li><p>Az IMF struktur\u00e1lis kiigaz\u00edt\u00e1si programjai<\/p><\/li><li><p>Magasan elad\u00f3sodott orsz\u00e1gok<\/p><\/li><li><p>Neokolonializmus az ad\u00f3ss\u00e1gon kereszt\u00fcl<\/p><\/li><li><p>A fejl\u0151d\u0151 orsz\u00e1gok ad\u00f3ss\u00e1gcsapd\u00e1ban<\/p><\/li><\/ul><p><strong>2050 a GDD-vel:<\/strong><\/p><ul data-tight=\"true\"><li><p>Minden orsz\u00e1g saj\u00e1t p\u00e9nzt teremt (egy f\u0151re vet\u00edtve).<\/p><\/li><li><p>Ig\u00e9ny eset\u00e9n kamatmentes k\u00f6lcs\u00f6n\u00f6k<\/p><\/li><li><p><strong>Nincs struktur\u00e1lis kizs\u00e1km\u00e1nyol\u00e1s<\/strong><\/p><\/li><li><p>Az orsz\u00e1gok v\u00e9gre befektethetnek<\/p><\/li><\/ul><div><hr \/><\/div><h3>5.3 Nemzetk\u00f6zi egy\u00fcttm\u0171k\u00f6d\u00e9s<\/h3><p><strong>\u00daj glob\u00e1lis int\u00e9zm\u00e9nyek:<\/strong><\/p><p><strong>Global Commons Authority:<\/strong><\/p><ul data-tight=\"true\"><li><p>A glob\u00e1lis AUF ir\u00e1ny\u00edt\u00e1sa<\/p><\/li><li><p>Demokratikus szavaz\u00e1s minden orsz\u00e1gban<\/p><\/li><li><p>Nincs k\u00f6zponti hatalom<\/p><\/li><li><p><strong>Val\u00f3di vil\u00e1gdemokr\u00e1cia<\/strong><\/p><\/li><\/ul><p><strong>Nemzetk\u00f6zi Gradido Sz\u00f6vets\u00e9g:<\/strong><\/p><ul data-tight=\"true\"><li><p>M\u0171szaki szabv\u00e1nyok \u00e9s \u00e1tj\u00e1rhat\u00f3s\u00e1g<\/p><\/li><li><p>A hat\u00e1rokon \u00e1tny\u00fal\u00f3 \u00fcgyletekre vonatkoz\u00f3 szab\u00e1lyoz\u00e1s<\/p><\/li><li><p>B\u00e9k\u00e9s konfliktusmegold\u00e1s (medi\u00e1ci\u00f3)<\/p><\/li><li><p><strong>Egy\u00fcttm\u0171k\u00f6d\u0151, nem hierarchikus<\/strong><\/p><\/li><\/ul><p><strong>Eredm\u00e9ny:<\/strong><\/p><ul data-tight=\"true\"><li><p>A h\u00e1bor\u00fa gazdas\u00e1gilag vesztes\u00e9gess\u00e9 \u00e9s politikailag lehetetlenn\u00e9 v\u00e1lik.<\/p><\/li><li><p>A b\u0171ncselekm\u00e9nyeket vil\u00e1gszerte \u00fcld\u00f6zik<\/p><\/li><li><p>Az egy\u00fcttm\u0171k\u00f6d\u00e9st jutalmazz\u00e1k<\/p><\/li><li><p><strong>Glob\u00e1lis civil t\u00e1rsadalom alakul: \u201cemberi csal\u00e1d\u201d.\u201d<\/strong><\/p><\/li><\/ul><div><hr \/><\/div><h3>5.4 Az er\u0151forr\u00e1skonfliktusok felold\u00e1sa<\/h3><p><strong>P\u00e9ld\u00e1k:<\/strong><\/p><p><strong>V\u00edzh\u00e1bor\u00fak (N\u00edlus, Jord\u00e1n, Indus):<\/strong><\/p><ul data-tight=\"true\"><li><p>AUF finansz\u00edroz\u00e1ssal: s\u00f3talan\u00edt\u00f3 \u00fczemek<\/p><\/li><li><p>Minden orsz\u00e1gban van el\u00e9g v\u00edz<\/p><\/li><li><p><strong>A konfliktus oka megsz\u0171nt<\/strong><\/p><\/li><\/ul><p><strong>Olajkonfliktusok (K\u00f6zel-Kelet):<\/strong><\/p><ul data-tight=\"true\"><li><p>AUF finansz\u00edroz\u00e1ssal: 100% meg\u00fajul\u00f3<\/p><\/li><li><p>Senkinek sincs sz\u00fcks\u00e9ge t\u00f6bb olajra<\/p><\/li><li><p>Az olajorsz\u00e1gok napelemparkokba \u00e9s m\u00e1s fejlett technol\u00f3gi\u00e1kba fektetnek be<\/p><\/li><li><p><strong>\u00daj j\u00f3l\u00e9t k\u00e1ros er\u0151forr\u00e1s-fogyaszt\u00e1s n\u00e9lk\u00fcl<\/strong><\/p><\/li><\/ul><p><strong>F\u00f6ldi konfliktusok (Izrael-Palesztina, Kasm\u00edr):<\/strong><\/p><ul data-tight=\"true\"><li><p>A gazdas\u00e1gi egy\u00fcttm\u0171k\u00f6d\u00e9s vonz\u00f3v\u00e1 v\u00e1lik<\/p><\/li><li><p>A k\u00f6lcs\u00f6n\u00f6s f\u00fcgg\u0151s\u00e9g el\u0151seg\u00edti a b\u00e9k\u00e9t<\/p><\/li><li><p>AGE biztos\u00edtja a l\u00e9tet (nem a t\u00fal\u00e9l\u00e9s\u00e9rt harcol)<\/p><\/li><li><p><strong>A t\u00e1rgyal\u00e1sok lehet\u0151v\u00e9 v\u00e1lnak<\/strong><\/p><\/li><\/ul><div><hr \/><\/div><h2>6. r\u00e9sz: Tudom\u00e1ny \u00e9s innov\u00e1ci\u00f3<\/h2><h3>6.1 Az innov\u00e1ci\u00f3s boom<\/h3><p><strong>Glob\u00e1lis K+F beruh\u00e1z\u00e1sok 2050-ig:<\/strong><\/p><ul data-tight=\"true\"><li><p>Az \u00e1llami k\u00f6lts\u00e9gvet\u00e9sekb\u0151l: 15-20% = 17-23 billi\u00f3 GDD\/\u00e9v<\/p><\/li><li><p>A mag\u00e1nszektorb\u00f3l: 10-15 billi\u00f3 GDD\/\u00e9v<\/p><\/li><li><p><strong>\u00d6sszesen: 25-40 billi\u00f3 GDD a kutat\u00e1s sz\u00e1m\u00e1ra<\/strong><\/p><\/li><\/ul><p><strong>Ez 250-400-szorosa a jelenlegi sz\u00e1mnak!<\/strong><\/p><div><hr \/><\/div><h3>6.2 Tudom\u00e1nyos \u00e1tt\u00f6r\u00e9sek<\/h3><p><strong>2050-ig v\u00e1rhat\u00f3 \u00e1tt\u00f6r\u00e9sek:<\/strong><\/p><p><strong>Energia:<\/strong><\/p><ul data-tight=\"true\"><li><p>Kereskedelmi f\u00fazi\u00f3s reaktor, m\u00e1s \u00faj energiaform\u00e1k<\/p><\/li><li><p>Hat\u00e9konys\u00e1gi t\u00f6meg: &gt;50%<\/p><\/li><li><p>Korl\u00e1tlan tiszta energia<\/p><\/li><li><p><strong>Energia\u00e1r: gyakorlatilag nulla<\/strong><\/p><\/li><\/ul><p><strong>Gy\u00f3gyszer:<\/strong><\/p><ul data-tight=\"true\"><li><p>R\u00e1kgy\u00f3gy\u00edt\u00e1s: a daganatok 90%-je gy\u00f3gy\u00edthat\u00f3<\/p><\/li><li><p>Alzheimer\/dementia legy\u0151z\u00f6tt<\/p><\/li><li><p><strong>V\u00e1rhat\u00f3 \u00e9lettartam: 100+ \u00e9v norm\u00e1lis<\/strong><\/p><\/li><\/ul><p><strong>Kl\u00edmatechnol\u00f3gia:<\/strong><\/p><ul data-tight=\"true\"><li><p>Atmoszf\u00e9ra ' normaliz\u00e1lt<\/p><\/li><li><p>Geoengineering nem sz\u00fcks\u00e9ges<\/p><\/li><li><p><strong>\u00c9ghajlatstabiliz\u00e1l\u00e1s term\u00e9szetes m\u00f3don<\/strong><\/p><\/li><\/ul><p><strong>Mesters\u00e9ges intelligencia:<\/strong><\/p><ul data-tight=\"true\"><li><p>\u00c1ltal\u00e1nos mesters\u00e9ges intelligencia (AGI) kifejleszt\u00e9se<\/p><\/li><li><p>Hasznos a tudom\u00e1ny sz\u00e1m\u00e1ra, nem k\u00e1ros<\/p><\/li><li><p>Etikai keret l\u00e9trehoz\u00e1sa<\/p><\/li><li><p><strong>Az AI az emberis\u00e9get szolg\u00e1lja<\/strong><\/p><\/li><\/ul><div><hr \/><\/div><h3>6.3 Ny\u00edlt tudom\u00e1ny<\/h3><p><strong>Paradigmav\u00e1lt\u00e1s:<\/strong><\/p><ul data-tight=\"true\"><li><p>Szabadalmakra m\u00e1r nincs sz\u00fcks\u00e9g (AGE \u00e9s usch\u00fcsse finansz\u00edrozza a feltal\u00e1l\u00f3kat)<\/p><\/li><li><p>Minden kutat\u00e1s ny\u00edlt forr\u00e1sk\u00f3d\u00fa<\/p><\/li><li><p>A tud\u00f3sok glob\u00e1lisan egy\u00fcttm\u0171k\u00f6dnek<\/p><\/li><li><p><strong>A tud\u00e1s megoszt\u00e1sa<\/strong><\/p><\/li><\/ul><p><strong>Eredm\u00e9ny:<\/strong><\/p><ul data-tight=\"true\"><li><p>Gyorsabb \u00e1tt\u00f6r\u00e9sek<\/p><\/li><li><p>Nincsenek monopol\u00e1rak<\/p><\/li><li><p>Minden orsz\u00e1g egyszerre r\u00e9szes\u00fcl el\u0151ny\u00f6kben<\/p><\/li><li><p><strong>Innov\u00e1ci\u00f3 minden szinten<\/strong><\/p><\/li><\/ul><div><hr \/><\/div><h2>7. r\u00e9sz: Szem\u00e9lyes t\u00f6rt\u00e9netek 2050<\/h2><h3>T\u00f6rt\u00e9net 1: Amara, 32 \u00e9ves, Nig\u00e9ria<\/h3><p><strong>2025:<\/strong><\/p><ul data-tight=\"true\"><li><p>Nincs iskolai v\u00e9gzetts\u00e9g (t\u00fal szeg\u00e9ny)<\/p><\/li><li><p>Utcai \u00e1rus, keresete $2\/nap<\/p><\/li><li><p>\u00c1lmok? \u201eCsak etetni akarom a gyerekeimet\u201c<\/p><\/li><\/ul><p><strong>2050:<\/strong><\/p><ul data-tight=\"true\"><li><p>Ingyenes digit\u00e1lis egyetem \u2192 Informatikai diploma<\/p><\/li><li><p>Technol\u00f3giai start-up c\u00e9g alap\u00edt\u00e1sa (kamatmentes GDD-hitelb\u0151l finansz\u00edrozva)<\/p><\/li><li><p>Alkalmazottak sz\u00e1ma: 20, \u00e1tlagfizet\u00e9s <strong>3,500-4,500 GDD<\/strong><\/p><\/li><li><p>Szem\u00e9lyes AGE: 1,000 GDD\/h\u00f3 (tov\u00e1bbi)<\/p><\/li><li><p><strong>J\u00f3l\u00e9t, st\u00e1tusz, \u00f6nrendelkez\u00e9s<\/strong><\/p><\/li><\/ul><h3>2. t\u00f6rt\u00e9net: Liu Wei, 68 \u00e9ves, K\u00edna<\/h3><p><strong>2025:<\/strong><\/p><ul data-tight=\"true\"><li><p>Nyugd\u00edjas<\/p><\/li><li><p>Nyugd\u00edj: $200\/h\u00f3<\/p><\/li><li><p>\u00c9let: A szeg\u00e9nys\u00e9gi k\u00fcsz\u00f6b alatt<\/p><\/li><li><p>Aggodalom: \u201eMi lesz a megtakar\u00edt\u00e1saimmal?\u201c<\/p><\/li><\/ul><p><strong>2050:<\/strong><\/p><ul data-tight=\"true\"><li><p>Nyugd\u00edj + AGE: 2,000 GDD\/h\u00f3<\/p><\/li><li><p>Megtakar\u00edt\u00e1sok 1:1 ar\u00e1nyban GDD-re \u00e1tsz\u00e1m\u00edtva<\/p><\/li><li><p>Az unok\u00e1knak ny\u00fajtott kamatmentes k\u00f6lcs\u00f6n\u00f6k, amelyeket most havonta t\u00f6rlesztenek \u2192 Stabil j\u00f6vedelem<\/p><\/li><li><p>\u00c9let: K\u00e9nyelmes, m\u00e9lt\u00f3s\u00e1gteljes<\/p><\/li><li><p>Hobbi: fest\u00e9szet (m\u0171v\u00e9szeti elad\u00e1sokb\u00f3l sz\u00e1rmaz\u00f3 j\u00f6vedelem)<\/p><\/li><li><p><strong>\u00d6regedjen m\u00e9lt\u00f3s\u00e1ggal, biztons\u00e1gban \u00e9s \u00f6r\u00f6mmel<\/strong><\/p><\/li><\/ul><h3>T\u00f6rt\u00e9net 3: Yuki \u00e9s Ahmed, 14 \u00e9s 15 \u00e9vesek, Jap\u00e1n \u00e9s Egyiptom<\/h3><p><strong>2025:<\/strong><\/p><ul data-tight=\"true\"><li><p>Yuki: Iskol\u00e1s di\u00e1k, elit egyetem n\u00e9lk\u00fcl nincs kil\u00e1t\u00e1s.<\/p><\/li><li><p>Ahmed: befejezte az iskol\u00e1t, munk\u00e1sk\u00e9nt dolgozik, $1\/napot keres.<\/p><\/li><\/ul><p><strong>2050:<\/strong><\/p><ul data-tight=\"true\"><li><p>Mindkett\u0151: Ingyenes online egyetem<\/p><\/li><li><p>Tal\u00e1lkoz\u00e1s a h\u00e1l\u00f3zatban (online tanul\u00e1si csoport)<\/p><\/li><li><p>K\u00f6z\u00f6s blog alap\u00edt\u00e1sa (3 nyelven)<\/p><\/li><li><p>Tartalomk\u00e9sz\u00edt\u00e9ssel keresni<\/p><\/li><li><p>K\u00f6z\u00f6s utaz\u00e1s (k\u00f6lts\u00e9ghat\u00e9kony, AGE)<\/p><\/li><li><p><strong>Glob\u00e1lis bar\u00e1ts\u00e1g, k\u00f6z\u00f6s projekt<\/strong><\/p><\/li><\/ul><div><hr \/><\/div><h2>8. r\u00e9sz: Kritikus k\u00e9rd\u00e9sek \u00e9s v\u00e1laszok<\/h2><h3>K: Val\u00f3ban lehets\u00e9ges egy ilyen v\u00e1ltoz\u00e1s?<\/h3><p><strong>A:<\/strong> T\u00f6rt\u00e9nelmi el\u0151zm\u00e9nyek:<\/p><ul data-tight=\"true\"><li><p>1944: Bretton Woods-i rendszer (valuta\u00f6vezet)<\/p><\/li><li><p>1993: Az internet vil\u00e1gm\u00e9ret\u0171v\u00e9 v\u00e1lik (decentraliz\u00e1lt h\u00e1l\u00f3zat)<\/p><\/li><li><p>2009: A Bitcoin a decentraliz\u00e1lt kriptogr\u00e1fi\u00e1t mutatja be<\/p><\/li><li><p><strong>Sys \u00e1talak\u00edt\u00e1sok lehets\u00e9gesek<\/strong><\/p><\/li><\/ul><p><strong>Kataliz\u00e1torok:<\/strong><\/p><ul data-tight=\"true\"><li><p>A GDD gazdas\u00e1gi f\u00f6l\u00e9nye<\/p><\/li><li><p>K\u00f6rnyezeti nyom\u00e1s<\/p><\/li><li><p>Technol\u00f3giai t\u00e9nyez\u0151k (blokkl\u00e1nc, DLT, mesters\u00e9ges intelligencia)<\/p><\/li><li><p><strong>A kritikus t\u00f6meget el\u00e9rj\u00fck<\/strong><\/p><\/li><\/ul><div><hr \/><\/div><h3>K: Mi a helyzet azokkal az orsz\u00e1gokkal, amelyek nem vesznek r\u00e9szt?<\/h3><p><strong>A:<\/strong> Mindig vannak k\u00edv\u00fcl\u00e1ll\u00f3k:<\/p><ul data-tight=\"true\"><li><p>N\u00e9h\u00e1ny autokratikus rezsim<\/p><\/li><li><p><strong>Elszigetelik \u0151ket, nem b\u00fcntetik \u0151ket<\/strong><\/p><\/li><\/ul><p><strong>De:<\/strong><\/p><ul data-tight=\"true\"><li><p>A polg\u00e1rok glob\u00e1lis rendszert akarnak<\/p><\/li><li><p>Nyom\u00e1s bel\u00fclr\u0151l<\/p><\/li><li><p>A h\u00e1tr\u00e1nyok nyilv\u00e1nval\u00f3v\u00e1 v\u00e1lnak<\/p><\/li><li><p><strong>Egy bizonyos ponton \u0151k is csatlakoznak<\/strong><\/p><\/li><\/ul><div><hr \/><\/div><h3>K: Ki ir\u00e1ny\u00edtja a glob\u00e1lis GDD-t?<\/h3><p><strong>A:<\/strong> <strong>Senki k\u00f6zponti.<\/strong><\/p><ul data-tight=\"true\"><li><p>Minden orsz\u00e1g ellen\u0151rzi saj\u00e1t GDD-j\u00e9t (decentraliz\u00e1lt)<\/p><\/li><li><p>A szoftver ny\u00edlt forr\u00e1sk\u00f3d\u00fa, a protokoll \u00e1tl\u00e1that\u00f3<\/p><\/li><li><p>A szab\u00e1lyokat demokratikusan hat\u00e1rozz\u00e1k meg<\/p><\/li><li><p><strong>Nincs \u201eK\u00f6zponti Vil\u00e1gbank\u201c<\/strong><\/p><\/li><\/ul><p><strong>Ez az ellent\u00e9te a kor\u00e1bbi valutaellen\u0151rz\u00e9snek!<\/strong><\/p><div><hr \/><\/div><h3>K: Mi t\u00f6rt\u00e9nik a spekul\u00e1nsokkal?<\/h3><p><strong>A:<\/strong> Elt\u0171nnek, mert:<\/p><ul data-tight=\"true\"><li><p>Az \u00e1tmenetis\u00e9g megakad\u00e1lyozza a felhalmoz\u00e1st<\/p><\/li><li><p>Nincs kamatos kamatnyeres\u00e9g<\/p><\/li><li><p>Nincs lehet\u0151s\u00e9g arbitr\u00e1zsra<\/p><\/li><li><p><strong>A spekul\u00e1ci\u00f3 struktur\u00e1lisan lehetetlen<\/strong><\/p><\/li><\/ul><p><strong>De:<\/strong> A leg\u00e1lis befektet\u00e9sek jobban m\u0171k\u00f6dnek (kamatmentes k\u00f6lcs\u00f6n\u00f6k)<\/p><div><hr \/><\/div><h2>9. r\u00e9sz: A j\u00f6v\u0151k\u00e9p sz\u00e1mokban<\/h2><h3>2050 Glob\u00e1lis statisztik\u00e1k<\/h3><p><strong>N\u00e9pess\u00e9g \u00e9s gazdas\u00e1g:<\/strong><\/p><ul data-tight=\"true\"><li><p>A vil\u00e1g n\u00e9pess\u00e9ge: 9,7 milli\u00e1rd ember<\/p><\/li><li><p>Glob\u00e1lis j\u00f6vedelem (GDD-egyen\u00e9rt\u00e9k): 349 billi\u00f3 GDD\/\u00e9v<\/p><\/li><li><p>Egy f\u0151re jut\u00f3 j\u00f6vedelem: 36 000 GDD\/\u00e9v<\/p><\/li><li><p>Gini-koefficiens: 0,35 (a jelenlegi 0,70-r\u0151l)<\/p><\/li><li><p><strong>J\u00f3l\u00e9tet mindenkinek!<\/strong><\/p><\/li><\/ul><p><strong>Munka \u00e9s j\u00f3l\u00e9t:<\/strong><\/p><ul data-tight=\"true\"><li><p>\u00c1tlagos munkaid\u0151: 20 \u00f3ra\/h\u00e9t<\/p><\/li><li><p>Munkan\u00e9lk\u00fclis\u00e9g: &lt;1% (s\u00farl\u00f3d\u00e1sos \u00e1tmeneti munkan\u00e9lk\u00fclis\u00e9g)<\/p><\/li><li><p>Depresszi\u00f3\/szorong\u00e1sos zavarok: -80%<\/p><\/li><li><p>\u00c9letel\u00e9gedetts\u00e9g: 8,2\/10 (a jelenlegi 5,5-r\u0151l)<\/p><\/li><li><p><strong>Az emberek boldogabbak<\/strong><\/p><\/li><\/ul><p><strong>Eg\u00e9szs\u00e9g:<\/strong><\/p><ul data-tight=\"true\"><li><p>Glob\u00e1lis v\u00e1rhat\u00f3 \u00e9lettartam: 85 \u00e9v (a kor\u00e1bbi 72 \u00e9v helyett)<\/p><\/li><li><p>Csecsem\u0151haland\u00f3s\u00e1g: &lt;1% (a jelenlegi 4%-r\u0151l)<\/p><\/li><li><p>Kr\u00f3nikus betegs\u00e9gek: KR\u00d3NIKUS BETEGS\u00c9GEK: -70%<\/p><\/li><li><p>Ment\u00e1lis eg\u00e9szs\u00e9g: massz\u00edvan javult<\/p><\/li><li><p><strong>Az emberis\u00e9g eg\u00e9szs\u00e9gesebb<\/strong><\/p><\/li><\/ul><p><strong>\u00d6kol\u00f3gia:<\/strong><\/p><ul data-tight=\"true\"><li><p>Meg\u00fajul\u00f3 energi\u00e1k: 99%<\/p><\/li><li><p>Erd\u0151s\u00fclts\u00e9g: +500 milli\u00f3 hekt\u00e1r<\/p><\/li><li><p>Faji sokf\u00e9les\u00e9g index: stabiliz\u00e1l\u00f3dott \u00e9s emelkedik<\/p><\/li><li><p><strong>A F\u00f6ld regener\u00e1l\u00f3dik<\/strong><\/p><\/li><\/ul><p><strong>Oktat\u00e1s:<\/strong><\/p><ul data-tight=\"true\"><li><p>Glob\u00e1lis \u00edr\u00e1stud\u00e1s: 99%<\/p><\/li><li><p>Egyetemi diplom\u00e1sok ar\u00e1nya: 40%<\/p><\/li><li><p>Digit\u00e1lis kompetencia: 85%<\/p><\/li><li><p>Z\u00f6ld\/fenntarthat\u00f3 \u00e9l\u0151helyek l\u00e9trehoz\u00e1sa: Szabv\u00e1nyos<\/p><\/li><li><p><strong>Az emberis\u00e9g k\u00e9pzettebb<\/strong><\/p><\/li><\/ul><div><hr \/><\/div><h2>Epil\u00f3gus: 2050. janu\u00e1r 1., \u00e9jf\u00e9l<\/h2><p>A vil\u00e1g \u00fcnnepli azt a pillanatot, amikor az utols\u00f3 fiat valuta hivatalosan is megsz\u0171nik.<\/p><p>Egyszerre New Yorkban, Londonban, Toki\u00f3ban, Johannesburgban, Delhiben \u00e9s Sydneyben:<\/p><ul data-tight=\"true\"><li><p><strong>A r\u00e9gi korszak v\u00e9get \u00e9r<\/strong><\/p><\/li><li><p><strong>Az \u00faj korszak kezd\u0151dik<\/strong><\/p><\/li><\/ul><p>Egy gyermek sz\u00fcletik - b\u00e1rmely id\u0151z\u00f3n\u00e1ban - \u00e9s azonnal megsz\u00fcletik:<\/p><ul data-tight=\"true\"><li><p><strong>1,000 GDD Akt\u00edv alapj\u00f6vedelem<\/strong> (havonta)<\/p><\/li><li><p><strong>Hozz\u00e1f\u00e9r\u00e9s a digit\u00e1lis egyetemhez<\/strong> (ingyenesen)<\/p><\/li><li><p><strong>Eg\u00e9szs\u00e9g\u00fcgy<\/strong> (ingyenes, megel\u0151z\u0151 jelleg\u0171)<\/p><\/li><li><p><strong>Egy otthon<\/strong> (a Housing First programb\u00f3l)<\/p><\/li><\/ul><p>Az emberis\u00e9g el\u00e9rte azt, amit sokan lehetetlennek tartottak: <strong>Egy olyan glob\u00e1lis monet\u00e1ris rendszer, amely nem elnyom, hanem felszabad\u00edt. Nem k\u00f6zpontilag ir\u00e1ny\u00edtott, hanem decentraliz\u00e1lt. Nem a haszonles\u0151knek kedvez, hanem egyenl\u0151 jogokat biztos\u00edt mindenkinek.<\/strong><\/p><p>Az \u00e1talakul\u00e1s nem volt k\u00f6nny\u0171. Voltak ellen\u00e1ll\u00e1sok, kudarcok, k\u00e9tked\u0151k. De a logika ellen\u00e1llhatatlan volt:<\/p><ul data-tight=\"true\"><li><p><strong>Olyan rendszert fogadnak el, amely m\u0171k\u00f6dik.<\/strong><\/p><\/li><li><p><strong>Egy igazs\u00e1gos rendszert szeretnek.<\/strong><\/p><\/li><li><p><strong>Fenntarthat\u00f3 rendszert tartanak fenn.<\/strong><\/p><\/li><\/ul><div><hr \/><\/div><h2>Z\u00e1rszavak: A j\u00f6v\u0151 nincs meg\u00edrva<\/h2><p>Ez a 2050-es j\u00f6v\u0151k\u00e9p nem pr\u00f3f\u00e9cia. Ez egy lehet\u0151s\u00e9g.<\/p><p><strong>Hogy ez val\u00f3s\u00e1gg\u00e1 v\u00e1lik-e, az a mostani d\u00f6nt\u00e9sekt\u0151l f\u00fcgg.<\/strong><\/p><p>Minden egyes orsz\u00e1g, amely igent mond a Gradid\u00f3ra 2028-ban, val\u00f3sz\u00edn\u0171bb\u00e9 teszi a j\u00f6v\u0151k\u00e9p megval\u00f3sul\u00e1s\u00e1t. Minden v\u00e1llalat, amely magas GDD-r\u00e9szesed\u00e9st fogad el, lehet\u0151v\u00e9 teszi a rendszert. Minden egyes ember, aki GDD-ben takar\u00e9koskodik (= kamatmentes k\u00f6lcs\u00f6nt ny\u00fajt), er\u0151s\u00edti a strukt\u00far\u00e1t. Minden tud\u00f3s, aki valid\u00e1lja a rendszert, bizalmat teremt.<\/p><p><strong>A 2050-es vil\u00e1g hasonl\u00f3 lesz a 2025-\u00f6s vil\u00e1ghoz - vagy gy\u00f6keresen m\u00e1s. A k\u00fcl\u00f6nbs\u00e9g: gradido vagy sem.<\/strong><\/p><p>Ez nem egy ut\u00f3pia, amelyet passz\u00edvan v\u00e1runk. Ez egy civiliz\u00e1ci\u00f3s feladat, amely elk\u00f6telezetts\u00e9get ig\u00e9nyel.<\/p><p><strong>A k\u00e9rd\u00e9s nem az, hogy \u00edgy fog-e kin\u00e9zni a vil\u00e1g?<\/strong> <strong>A k\u00e9rd\u00e9s az: elv\u00e9gezz\u00fck-e a munk\u00e1t, hogy \u00edgy n\u00e9zzen ki?<\/strong><\/p><p>Az \u00d6n v\u00e1lasza 10 milli\u00e1rd ember j\u00f6v\u0151j\u00e9r\u0151l d\u00f6nt.<\/p><div><hr \/><\/div><p><strong>L\u00e9trehozva november 2025<\/strong><\/p><p><strong>Egy olyan vil\u00e1g\u00e9rt, amely b\u00e9k\u00e9ben \u00e9s harm\u00f3ni\u00e1ban \u00e9l a term\u00e9szettel - decentraliz\u00e1lt, igazs\u00e1gos \u00e9s fenntarthat\u00f3.<\/strong><\/p><p><strong>Gradido: Az igazs\u00e1goss\u00e1g gazdas\u00e1ga.<\/strong><\/p><div><hr \/><\/div><h2>Epil\u00f3gus: Els\u0151 l\u00e9p\u00e9sek 2032-ig<\/h2><p>A 2050-es j\u00f6v\u0151k\u00e9p megval\u00f3s\u00edt\u00e1sa \u00e9rdek\u00e9ben N\u00e9metorsz\u00e1g elkezdhetn\u00e9: l\u00e1sd <a href=\"https:\/\/gradido.net\/hu\/countries\/germany\/vision-2032-de\/\">Vision 2032-EN<\/a> . Konkr\u00e9t k\u00f6vetkez\u0151 l\u00e9p\u00e9sek:<\/p><ol data-tight=\"true\"><li><p><strong>2026:<\/strong> 3 n\u00e9met \u00f6nkorm\u00e1nyzat GDD k\u00eds\u00e9rleti projektekkel<\/p><\/li><li><p><strong>2027:<\/strong> Orsz\u00e1gos meghallgat\u00e1sok \u00e9s jogalkot\u00e1s<\/p><\/li><li><p><strong>2028:<\/strong> Eur\u00f3pa-szerte zajl\u00f3 t\u00e1rgyal\u00e1sok<\/p><\/li><li><p><strong>2029:<\/strong> N\u00e9metorsz\u00e1g bevezeti a Gradid\u00f3t<\/p><\/li><li><p><strong>2030-2032:<\/strong> M\u00e1s orsz\u00e1gok is k\u00f6vetik a n\u00e9met sikerek alapj\u00e1n<\/p><\/li><\/ol><p><strong>A kezdet mindent lehet\u0151v\u00e9 tesz.<\/strong><\/p><p><strong>A cselekv\u00e9s ideje MOST van.<\/strong><\/p><\/div><\/div>\t\t\t\t\t\t\t\t<\/div>\n\t\t\t\t<\/div>\n\t\t\t\t\t<\/div>\n\t\t<\/div>\n\t\t\t\t\t<\/div>\n\t\t<\/section>\n\t\t\t\t<\/div>","protected":false},"excerpt":{"rendered":"<p>Vision 2050: Gradido als dezentrale demokratische Friedensw\u00e4hrung Vision 2050 Unterseiten: Energiewende und Transformation: Der Weg zum Paradies auf Erden Die Inhalte spiegeln die Recherche- und Analyseergebnisse von Perplexity wider und stellen keine Meinungs\u00e4u\u00dferung von Gradido dar. Sie dienen der Information und als Impuls zur weiteren Diskussion. Gradido als dezentrale demokratische Friedensw\u00e4hrung Wie die dezentrale Geldsch\u00f6pfung [&hellip;]<\/p>\n","protected":false},"author":2,"featured_media":8453,"parent":2118,"menu_order":0,"comment_status":"closed","ping_status":"closed","template":"","meta":{"footnotes":""},"class_list":["post-12563","page","type-page","status-publish","has-post-thumbnail","hentry"],"yoast_head":"<!-- This site is optimized with the Yoast SEO plugin v27.4 - https:\/\/yoast.com\/product\/yoast-seo-wordpress\/ -->\n<title>Vision 2050 - Gradido<\/title>\n<meta name=\"description\" content=\"Sei Teil der Bewegung!Gemeinsam bringen wir Gradido in die Welt.\" \/>\n<meta name=\"robots\" content=\"index, follow, max-snippet:-1, max-image-preview:large, max-video-preview:-1\" \/>\n<link rel=\"canonical\" href=\"https:\/\/gradido.net\/hu\/what-is-gradido\/vision-2050\/\" \/>\n<meta property=\"og:locale\" content=\"hu_HU\" \/>\n<meta property=\"og:type\" content=\"article\" \/>\n<meta property=\"og:title\" content=\"Vision 2050 - Gradido\" \/>\n<meta property=\"og:description\" content=\"Sei Teil der Bewegung!Gemeinsam bringen wir Gradido in die Welt.\" \/>\n<meta property=\"og:url\" content=\"https:\/\/gradido.net\/hu\/what-is-gradido\/vision-2050\/\" \/>\n<meta property=\"og:site_name\" content=\"Gradido\" \/>\n<meta property=\"article:modified_time\" content=\"2026-01-30T09:53:05+00:00\" \/>\n<meta property=\"og:image\" content=\"https:\/\/gradido.net\/wp-content\/uploads\/2023\/12\/AdobeStock_623322374-scaled.jpeg\" \/>\n\t<meta property=\"og:image:width\" content=\"2560\" \/>\n\t<meta property=\"og:image:height\" content=\"640\" \/>\n\t<meta property=\"og:image:type\" content=\"image\/jpeg\" \/>\n<meta name=\"twitter:card\" content=\"summary_large_image\" \/>\n<meta name=\"twitter:label1\" content=\"Becs\u00fclt olvas\u00e1si id\u0151\" \/>\n\t<meta name=\"twitter:data1\" content=\"15 perc\" \/>\n<script type=\"application\/ld+json\" class=\"yoast-schema-graph\">{\"@context\":\"https:\\\/\\\/schema.org\",\"@graph\":[{\"@type\":\"WebPage\",\"@id\":\"https:\\\/\\\/gradido.net\\\/what-is-gradido\\\/vision-2050\\\/\",\"url\":\"https:\\\/\\\/gradido.net\\\/what-is-gradido\\\/vision-2050\\\/\",\"name\":\"Vision 2050 - Gradido\",\"isPartOf\":{\"@id\":\"https:\\\/\\\/gradido.net\\\/de\\\/#website\"},\"primaryImageOfPage\":{\"@id\":\"https:\\\/\\\/gradido.net\\\/what-is-gradido\\\/vision-2050\\\/#primaryimage\"},\"image\":{\"@id\":\"https:\\\/\\\/gradido.net\\\/what-is-gradido\\\/vision-2050\\\/#primaryimage\"},\"thumbnailUrl\":\"https:\\\/\\\/gradido.net\\\/wp-content\\\/uploads\\\/2023\\\/12\\\/AdobeStock_623322374-scaled.jpeg\",\"datePublished\":\"2025-11-11T10:34:20+00:00\",\"dateModified\":\"2026-01-30T09:53:05+00:00\",\"description\":\"Sei Teil der Bewegung!Gemeinsam bringen wir Gradido in die Welt.\",\"breadcrumb\":{\"@id\":\"https:\\\/\\\/gradido.net\\\/what-is-gradido\\\/vision-2050\\\/#breadcrumb\"},\"inLanguage\":\"hu\",\"potentialAction\":[{\"@type\":\"ReadAction\",\"target\":[\"https:\\\/\\\/gradido.net\\\/what-is-gradido\\\/vision-2050\\\/\"]}]},{\"@type\":\"ImageObject\",\"inLanguage\":\"hu\",\"@id\":\"https:\\\/\\\/gradido.net\\\/what-is-gradido\\\/vision-2050\\\/#primaryimage\",\"url\":\"https:\\\/\\\/gradido.net\\\/wp-content\\\/uploads\\\/2023\\\/12\\\/AdobeStock_623322374-scaled.jpeg\",\"contentUrl\":\"https:\\\/\\\/gradido.net\\\/wp-content\\\/uploads\\\/2023\\\/12\\\/AdobeStock_623322374-scaled.jpeg\",\"width\":2560,\"height\":640},{\"@type\":\"BreadcrumbList\",\"@id\":\"https:\\\/\\\/gradido.net\\\/what-is-gradido\\\/vision-2050\\\/#breadcrumb\",\"itemListElement\":[{\"@type\":\"ListItem\",\"position\":1,\"name\":\"Startseite\",\"item\":\"https:\\\/\\\/gradido.net\\\/\"},{\"@type\":\"ListItem\",\"position\":2,\"name\":\"Wohlstand\",\"item\":\"https:\\\/\\\/gradido.net\\\/what-is-gradido\\\/\"},{\"@type\":\"ListItem\",\"position\":3,\"name\":\"Vision 2050\"}]},{\"@type\":\"WebSite\",\"@id\":\"https:\\\/\\\/gradido.net\\\/de\\\/#website\",\"url\":\"https:\\\/\\\/gradido.net\\\/de\\\/\",\"name\":\"Gradido\",\"description\":\"Die neue W\u00e4hrung hei\u00dft Dankbarkeit\",\"publisher\":{\"@id\":\"https:\\\/\\\/gradido.net\\\/de\\\/#organization\"},\"potentialAction\":[{\"@type\":\"SearchAction\",\"target\":{\"@type\":\"EntryPoint\",\"urlTemplate\":\"https:\\\/\\\/gradido.net\\\/de\\\/?s={search_term_string}\"},\"query-input\":{\"@type\":\"PropertyValueSpecification\",\"valueRequired\":true,\"valueName\":\"search_term_string\"}}],\"inLanguage\":\"hu\"},{\"@type\":\"Organization\",\"@id\":\"https:\\\/\\\/gradido.net\\\/de\\\/#organization\",\"name\":\"Gradido\",\"url\":\"https:\\\/\\\/gradido.net\\\/de\\\/\",\"logo\":{\"@type\":\"ImageObject\",\"inLanguage\":\"hu\",\"@id\":\"https:\\\/\\\/gradido.net\\\/de\\\/#\\\/schema\\\/logo\\\/image\\\/\",\"url\":\"https:\\\/\\\/gradido.net\\\/wp-content\\\/uploads\\\/2022\\\/04\\\/gradido-social.jpg\",\"contentUrl\":\"https:\\\/\\\/gradido.net\\\/wp-content\\\/uploads\\\/2022\\\/04\\\/gradido-social.jpg\",\"width\":527,\"height\":273,\"caption\":\"Gradido\"},\"image\":{\"@id\":\"https:\\\/\\\/gradido.net\\\/de\\\/#\\\/schema\\\/logo\\\/image\\\/\"}}]}<\/script>\n<!-- \/ Yoast SEO plugin. -->","yoast_head_json":{"title":"Vision 2050 - Gradido","description":"L\u00e9gy r\u00e9szese a mozgalomnak! Egy\u00fctt hozzuk el a Gradid\u00f3t a vil\u00e1gba.","robots":{"index":"index","follow":"follow","max-snippet":"max-snippet:-1","max-image-preview":"max-image-preview:large","max-video-preview":"max-video-preview:-1"},"canonical":"https:\/\/gradido.net\/hu\/what-is-gradido\/vision-2050\/","og_locale":"hu_HU","og_type":"article","og_title":"Vision 2050 - Gradido","og_description":"Sei Teil der Bewegung!Gemeinsam bringen wir Gradido in die Welt.","og_url":"https:\/\/gradido.net\/hu\/what-is-gradido\/vision-2050\/","og_site_name":"Gradido","article_modified_time":"2026-01-30T09:53:05+00:00","og_image":[{"width":2560,"height":640,"url":"https:\/\/gradido.net\/wp-content\/uploads\/2023\/12\/AdobeStock_623322374-scaled.jpeg","type":"image\/jpeg"}],"twitter_card":"summary_large_image","twitter_misc":{"Becs\u00fclt olvas\u00e1si id\u0151":"15 perc"},"schema":{"@context":"https:\/\/schema.org","@graph":[{"@type":"WebPage","@id":"https:\/\/gradido.net\/what-is-gradido\/vision-2050\/","url":"https:\/\/gradido.net\/what-is-gradido\/vision-2050\/","name":"Vision 2050 - Gradido","isPartOf":{"@id":"https:\/\/gradido.net\/de\/#website"},"primaryImageOfPage":{"@id":"https:\/\/gradido.net\/what-is-gradido\/vision-2050\/#primaryimage"},"image":{"@id":"https:\/\/gradido.net\/what-is-gradido\/vision-2050\/#primaryimage"},"thumbnailUrl":"https:\/\/gradido.net\/wp-content\/uploads\/2023\/12\/AdobeStock_623322374-scaled.jpeg","datePublished":"2025-11-11T10:34:20+00:00","dateModified":"2026-01-30T09:53:05+00:00","description":"L\u00e9gy r\u00e9szese a mozgalomnak! Egy\u00fctt hozzuk el a Gradid\u00f3t a vil\u00e1gba.","breadcrumb":{"@id":"https:\/\/gradido.net\/what-is-gradido\/vision-2050\/#breadcrumb"},"inLanguage":"hu","potentialAction":[{"@type":"ReadAction","target":["https:\/\/gradido.net\/what-is-gradido\/vision-2050\/"]}]},{"@type":"ImageObject","inLanguage":"hu","@id":"https:\/\/gradido.net\/what-is-gradido\/vision-2050\/#primaryimage","url":"https:\/\/gradido.net\/wp-content\/uploads\/2023\/12\/AdobeStock_623322374-scaled.jpeg","contentUrl":"https:\/\/gradido.net\/wp-content\/uploads\/2023\/12\/AdobeStock_623322374-scaled.jpeg","width":2560,"height":640},{"@type":"BreadcrumbList","@id":"https:\/\/gradido.net\/what-is-gradido\/vision-2050\/#breadcrumb","itemListElement":[{"@type":"ListItem","position":1,"name":"Startseite","item":"https:\/\/gradido.net\/"},{"@type":"ListItem","position":2,"name":"Wohlstand","item":"https:\/\/gradido.net\/what-is-gradido\/"},{"@type":"ListItem","position":3,"name":"Vision 2050"}]},{"@type":"WebSite","@id":"https:\/\/gradido.net\/de\/#website","url":"https:\/\/gradido.net\/de\/","name":"Gradido","description":"Az \u00faj p\u00e9nznem a h\u00e1la","publisher":{"@id":"https:\/\/gradido.net\/de\/#organization"},"potentialAction":[{"@type":"SearchAction","target":{"@type":"EntryPoint","urlTemplate":"https:\/\/gradido.net\/de\/?s={search_term_string}"},"query-input":{"@type":"PropertyValueSpecification","valueRequired":true,"valueName":"search_term_string"}}],"inLanguage":"hu"},{"@type":"Organization","@id":"https:\/\/gradido.net\/de\/#organization","name":"Gradido","url":"https:\/\/gradido.net\/de\/","logo":{"@type":"ImageObject","inLanguage":"hu","@id":"https:\/\/gradido.net\/de\/#\/schema\/logo\/image\/","url":"https:\/\/gradido.net\/wp-content\/uploads\/2022\/04\/gradido-social.jpg","contentUrl":"https:\/\/gradido.net\/wp-content\/uploads\/2022\/04\/gradido-social.jpg","width":527,"height":273,"caption":"Gradido"},"image":{"@id":"https:\/\/gradido.net\/de\/#\/schema\/logo\/image\/"}}]}},"_links":{"self":[{"href":"https:\/\/gradido.net\/hu\/wp-json\/wp\/v2\/pages\/12563","targetHints":{"allow":["GET"]}}],"collection":[{"href":"https:\/\/gradido.net\/hu\/wp-json\/wp\/v2\/pages"}],"about":[{"href":"https:\/\/gradido.net\/hu\/wp-json\/wp\/v2\/types\/page"}],"author":[{"embeddable":true,"href":"https:\/\/gradido.net\/hu\/wp-json\/wp\/v2\/users\/2"}],"replies":[{"embeddable":true,"href":"https:\/\/gradido.net\/hu\/wp-json\/wp\/v2\/comments?post=12563"}],"version-history":[{"count":47,"href":"https:\/\/gradido.net\/hu\/wp-json\/wp\/v2\/pages\/12563\/revisions"}],"predecessor-version":[{"id":13028,"href":"https:\/\/gradido.net\/hu\/wp-json\/wp\/v2\/pages\/12563\/revisions\/13028"}],"up":[{"embeddable":true,"href":"https:\/\/gradido.net\/hu\/wp-json\/wp\/v2\/pages\/2118"}],"wp:featuredmedia":[{"embeddable":true,"href":"https:\/\/gradido.net\/hu\/wp-json\/wp\/v2\/media\/8453"}],"wp:attachment":[{"href":"https:\/\/gradido.net\/hu\/wp-json\/wp\/v2\/media?parent=12563"}],"curies":[{"name":"wp","href":"https:\/\/api.w.org\/{rel}","templated":true}]}}