{"id":12674,"date":"2025-11-15T11:12:31","date_gmt":"2025-11-15T10:12:31","guid":{"rendered":"https:\/\/gradido.net\/?page_id=12674"},"modified":"2025-11-15T11:20:16","modified_gmt":"2025-11-15T10:20:16","slug":"energiewende-und-transformation","status":"publish","type":"page","link":"https:\/\/gradido.net\/hu\/what-is-gradido\/vision-2050\/energiewende-und-transformation\/","title":{"rendered":"Energetikai \u00e1tmenet \u00e9s \u00e1talakul\u00e1s"},"content":{"rendered":"<div data-elementor-type=\"wp-page\" data-elementor-id=\"12674\" class=\"elementor elementor-12674\" data-elementor-post-type=\"page\">\n\t\t\t\t\t\t<section class=\"elementor-section elementor-top-section elementor-element elementor-element-4ce3e8af elementor-section-full_width elementor-section-height-default elementor-section-height-default\" data-id=\"4ce3e8af\" data-element_type=\"section\" data-e-type=\"section\">\n\t\t\t\t\t\t<div class=\"elementor-container elementor-column-gap-no\">\n\t\t\t\t\t<div class=\"elementor-column elementor-col-100 elementor-top-column elementor-element elementor-element-efa8c8c\" data-id=\"efa8c8c\" data-element_type=\"column\" data-e-type=\"column\">\n\t\t\t<div class=\"elementor-widget-wrap elementor-element-populated\">\n\t\t\t\t\t\t<div class=\"elementor-element elementor-element-e088aa4 elementor--h-position-center elementor--v-position-middle elementor-arrows-position-inside elementor-widget elementor-widget-slides\" data-id=\"e088aa4\" data-element_type=\"widget\" data-e-type=\"widget\" data-settings=\"{&quot;navigation&quot;:&quot;arrows&quot;,&quot;autoplay&quot;:&quot;yes&quot;,&quot;pause_on_hover&quot;:&quot;yes&quot;,&quot;pause_on_interaction&quot;:&quot;yes&quot;,&quot;autoplay_speed&quot;:5000,&quot;infinite&quot;:&quot;yes&quot;,&quot;transition&quot;:&quot;slide&quot;,&quot;transition_speed&quot;:500}\" data-widget_type=\"slides.default\">\n\t\t\t\t<div class=\"elementor-widget-container\">\n\t\t\t\t\t\t\t\t\t<div class=\"elementor-swiper\">\n\t\t\t\t\t<div class=\"elementor-slides-wrapper elementor-main-swiper swiper\" role=\"region\" aria-roledescription=\"carousel\" aria-label=\"Cs\u00faszka\" dir=\"ltr\" data-animation=\"fadeInUp\">\n\t\t\t\t<div class=\"swiper-wrapper elementor-slides\">\n\t\t\t\t\t\t\t\t\t\t<div class=\"elementor-repeater-item-2de4990 swiper-slide\" role=\"group\" aria-roledescription=\"slide\"><div class=\"swiper-slide-bg\" role=\"img\" aria-label=\"Gyermekek vil\u00e1gnapja alkalm\u00e1b\u00f3l a multikultur\u00e1lis gyermekek felemelik karjukat \u00e9s kez\u00fcket a k\u00e9zzel festett sz\u00edvekre az \u00e9gen.\"><\/div><div class=\"swiper-slide-inner\" ><div class=\"swiper-slide-contents\"><\/div><\/div><\/div><div class=\"elementor-repeater-item-28f126e swiper-slide\" role=\"group\" aria-roledescription=\"slide\"><div class=\"swiper-slide-bg\" role=\"img\" aria-label=\"F\u00f6ld Napja koncepci\u00f3: k\u00e9zben tartott n\u00f6v\u00e9ny \u00e9s a f\u00f6ld a hom\u00e1lyos z\u00f6ld term\u00e9szet h\u00e1tt\u00e9rben\"><\/div><div class=\"swiper-slide-inner\" ><div class=\"swiper-slide-contents\"><\/div><\/div><\/div><div class=\"elementor-repeater-item-992da35 swiper-slide\" role=\"group\" aria-roledescription=\"slide\"><div class=\"swiper-slide-bg\" role=\"img\" aria-label=\"a b\u00e9ke galambja\"><\/div><div class=\"swiper-slide-inner\" ><div class=\"swiper-slide-contents\"><\/div><\/div><\/div>\t\t\t\t<\/div>\n\t\t\t\t\t\t\t\t\t\t\t\t\t\t\t<div class=\"elementor-swiper-button elementor-swiper-button-prev\" role=\"button\" tabindex=\"0\" aria-label=\"Diapositive pr\u00e9c\u00e9dente\" data-no-translation-aria-label=\"\">\n\t\t\t\t\t\t\t<i aria-hidden=\"true\" class=\"eicon-chevron-left\"><\/i>\t\t\t\t\t\t<\/div>\n\t\t\t\t\t\t<div class=\"elementor-swiper-button elementor-swiper-button-next\" role=\"button\" tabindex=\"0\" aria-label=\"Diapositive suivante\" data-no-translation-aria-label=\"\">\n\t\t\t\t\t\t\t<i aria-hidden=\"true\" class=\"eicon-chevron-right\"><\/i>\t\t\t\t\t\t<\/div>\n\t\t\t\t\t\t\t\t\t\t\t\t\t\t\t\t\t<\/div>\n\t\t\t\t<\/div>\n\t\t\t\t\t\t\t\t<\/div>\n\t\t\t\t<\/div>\n\t\t\t\t\t<\/div>\n\t\t<\/div>\n\t\t\t\t\t<\/div>\n\t\t<\/section>\n\t\t\t\t<section class=\"elementor-section elementor-top-section elementor-element elementor-element-240baa7a elementor-section-boxed elementor-section-height-default elementor-section-height-default\" data-id=\"240baa7a\" data-element_type=\"section\" data-e-type=\"section\" data-settings=\"{&quot;background_background&quot;:&quot;classic&quot;}\">\n\t\t\t\t\t\t<div class=\"elementor-container elementor-column-gap-default\">\n\t\t\t\t\t<div class=\"elementor-column elementor-col-100 elementor-top-column elementor-element elementor-element-1afe9e42\" data-id=\"1afe9e42\" data-element_type=\"column\" data-e-type=\"column\">\n\t\t\t<div class=\"elementor-widget-wrap elementor-element-populated\">\n\t\t\t\t\t\t<div class=\"elementor-element elementor-element-65bd50ae elementor-widget elementor-widget-heading\" data-id=\"65bd50ae\" data-element_type=\"widget\" data-e-type=\"widget\" data-widget_type=\"heading.default\">\n\t\t\t\t<div class=\"elementor-widget-container\">\n\t\t\t\t\t<h1 class=\"elementor-heading-title elementor-size-default\">Energetikai \u00e1t\u00e1ll\u00e1s \u00e9s \u00e1talakul\u00e1s: a f\u00f6ldi paradicsomhoz vezet\u0151 \u00fat<\/h1>\t\t\t\t<\/div>\n\t\t\t\t<\/div>\n\t\t\t\t\t<\/div>\n\t\t<\/div>\n\t\t\t\t\t<\/div>\n\t\t<\/section>\n\t\t\t\t<section class=\"elementor-section elementor-top-section elementor-element elementor-element-446540f elementor-section-boxed elementor-section-height-default elementor-section-height-default\" data-id=\"446540f\" data-element_type=\"section\" data-e-type=\"section\">\n\t\t\t\t\t\t<div class=\"elementor-container elementor-column-gap-default\">\n\t\t\t\t\t<div class=\"elementor-column elementor-col-100 elementor-top-column elementor-element elementor-element-312a2d3\" data-id=\"312a2d3\" data-element_type=\"column\" data-e-type=\"column\">\n\t\t\t<div class=\"elementor-widget-wrap elementor-element-populated\">\n\t\t\t\t\t\t<div class=\"elementor-element elementor-element-24fa76e elementor-nav-menu--dropdown-tablet elementor-nav-menu__text-align-aside elementor-nav-menu--toggle elementor-nav-menu--burger elementor-widget elementor-widget-nav-menu\" data-id=\"24fa76e\" data-element_type=\"widget\" data-e-type=\"widget\" data-settings=\"{&quot;layout&quot;:&quot;horizontal&quot;,&quot;submenu_icon&quot;:{&quot;value&quot;:&quot;&lt;i class=\\&quot;fas fa-caret-down\\&quot; aria-hidden=\\&quot;true\\&quot;&gt;&lt;\\\/i&gt;&quot;,&quot;library&quot;:&quot;fa-solid&quot;},&quot;toggle&quot;:&quot;burger&quot;}\" data-widget_type=\"nav-menu.default\">\n\t\t\t\t<div class=\"elementor-widget-container\">\n\t\t\t\t\t\t\t\t<nav aria-label=\"J\u00f3l\u00e9t kutat\u00e1s\" class=\"elementor-nav-menu--main elementor-nav-menu__container elementor-nav-menu--layout-horizontal e--pointer-underline e--animation-grow\">\n\t\t\t\t<ul id=\"menu-1-24fa76e\" class=\"elementor-nav-menu\"><li class=\"menu-item menu-item-type-custom menu-item-object-custom menu-item-has-children menu-item-12050\"><a class=\"elementor-item\">Monet\u00e1ris \u00e9s gazdas\u00e1gi rendszer<\/a>\n<ul class=\"sub-menu elementor-nav-menu--dropdown\">\n\t<li class=\"menu-item menu-item-type-post_type menu-item-object-page menu-item-12640\"><a href=\"https:\/\/gradido.net\/hu\/what-is-gradido\/vergleich-der-waehrungssysteme\/\" class=\"elementor-sub-item\">A valutarendszerek \u00f6sszehasonl\u00edt\u00e1sa<\/a><\/li>\n\t<li class=\"menu-item menu-item-type-post_type menu-item-object-page menu-item-12047\"><a href=\"https:\/\/gradido.net\/hu\/what-is-gradido\/economic-bionics\/\" class=\"elementor-sub-item\">\u00dczleti bionika<\/a><\/li>\n\t<li class=\"menu-item menu-item-type-post_type menu-item-object-page menu-item-12046\"><a href=\"https:\/\/gradido.net\/hu\/what-is-gradido\/financial-system\/\" class=\"elementor-sub-item\">A p\u00e9nz\u00fcgyi rendszer v\u00e9gzetes hib\u00e1i<\/a><\/li>\n\t<li class=\"menu-item menu-item-type-post_type menu-item-object-page menu-item-12049\"><a href=\"https:\/\/gradido.net\/hu\/what-is-gradido\/basic-income\/\" class=\"elementor-sub-item\">Alapj\u00f6vedelem<\/a><\/li>\n<\/ul>\n<\/li>\n<li class=\"menu-item menu-item-type-custom menu-item-object-custom menu-item-has-children menu-item-12052\"><a class=\"elementor-item\">Vision 2050<\/a>\n<ul class=\"sub-menu elementor-nav-menu--dropdown\">\n\t<li class=\"menu-item menu-item-type-post_type menu-item-object-page menu-item-12583\"><a href=\"https:\/\/gradido.net\/hu\/what-is-gradido\/vision-2050\/\" class=\"elementor-sub-item\">Vision 2050<\/a><\/li>\n<\/ul>\n<\/li>\n<li class=\"menu-item menu-item-type-custom menu-item-object-custom menu-item-has-children menu-item-12051\"><a class=\"elementor-item\">Egy\u00fcttm\u0171k\u00f6d\u00e9s<\/a>\n<ul class=\"sub-menu elementor-nav-menu--dropdown\">\n\t<li class=\"menu-item menu-item-type-post_type menu-item-object-page menu-item-12048\"><a href=\"https:\/\/gradido.net\/hu\/what-is-gradido\/greatcooperation\/\" class=\"elementor-sub-item\">Nagyszer\u0171 egy\u00fcttm\u0171k\u00f6d\u00e9s<\/a><\/li>\n<\/ul>\n<\/li>\n<\/ul>\t\t\t<\/nav>\n\t\t\t\t\t<div class=\"elementor-menu-toggle\" role=\"button\" tabindex=\"0\" aria-label=\"Men\u00fc kapcsol\u00f3\" aria-expanded=\"false\">\n\t\t\t<i aria-hidden=\"true\" role=\"presentation\" class=\"elementor-menu-toggle__icon--open eicon-menu-bar\"><\/i><i aria-hidden=\"true\" role=\"presentation\" class=\"elementor-menu-toggle__icon--close eicon-close\"><\/i>\t\t<\/div>\n\t\t\t\t\t<nav class=\"elementor-nav-menu--dropdown elementor-nav-menu__container\" aria-hidden=\"true\">\n\t\t\t\t<ul id=\"menu-2-24fa76e\" class=\"elementor-nav-menu\"><li class=\"menu-item menu-item-type-custom menu-item-object-custom menu-item-has-children menu-item-12050\"><a class=\"elementor-item\" tabindex=\"-1\">Monet\u00e1ris \u00e9s gazdas\u00e1gi rendszer<\/a>\n<ul class=\"sub-menu elementor-nav-menu--dropdown\">\n\t<li class=\"menu-item menu-item-type-post_type menu-item-object-page menu-item-12640\"><a href=\"https:\/\/gradido.net\/hu\/what-is-gradido\/vergleich-der-waehrungssysteme\/\" class=\"elementor-sub-item\" tabindex=\"-1\">A valutarendszerek \u00f6sszehasonl\u00edt\u00e1sa<\/a><\/li>\n\t<li class=\"menu-item menu-item-type-post_type menu-item-object-page menu-item-12047\"><a href=\"https:\/\/gradido.net\/hu\/what-is-gradido\/economic-bionics\/\" class=\"elementor-sub-item\" tabindex=\"-1\">\u00dczleti bionika<\/a><\/li>\n\t<li class=\"menu-item menu-item-type-post_type menu-item-object-page menu-item-12046\"><a href=\"https:\/\/gradido.net\/hu\/what-is-gradido\/financial-system\/\" class=\"elementor-sub-item\" tabindex=\"-1\">A p\u00e9nz\u00fcgyi rendszer v\u00e9gzetes hib\u00e1i<\/a><\/li>\n\t<li class=\"menu-item menu-item-type-post_type menu-item-object-page menu-item-12049\"><a href=\"https:\/\/gradido.net\/hu\/what-is-gradido\/basic-income\/\" class=\"elementor-sub-item\" tabindex=\"-1\">Alapj\u00f6vedelem<\/a><\/li>\n<\/ul>\n<\/li>\n<li class=\"menu-item menu-item-type-custom menu-item-object-custom menu-item-has-children menu-item-12052\"><a class=\"elementor-item\" tabindex=\"-1\">Vision 2050<\/a>\n<ul class=\"sub-menu elementor-nav-menu--dropdown\">\n\t<li class=\"menu-item menu-item-type-post_type menu-item-object-page menu-item-12583\"><a href=\"https:\/\/gradido.net\/hu\/what-is-gradido\/vision-2050\/\" class=\"elementor-sub-item\" tabindex=\"-1\">Vision 2050<\/a><\/li>\n<\/ul>\n<\/li>\n<li class=\"menu-item menu-item-type-custom menu-item-object-custom menu-item-has-children menu-item-12051\"><a class=\"elementor-item\" tabindex=\"-1\">Egy\u00fcttm\u0171k\u00f6d\u00e9s<\/a>\n<ul class=\"sub-menu elementor-nav-menu--dropdown\">\n\t<li class=\"menu-item menu-item-type-post_type menu-item-object-page menu-item-12048\"><a href=\"https:\/\/gradido.net\/hu\/what-is-gradido\/greatcooperation\/\" class=\"elementor-sub-item\" tabindex=\"-1\">Nagyszer\u0171 egy\u00fcttm\u0171k\u00f6d\u00e9s<\/a><\/li>\n<\/ul>\n<\/li>\n<\/ul>\t\t\t<\/nav>\n\t\t\t\t\t\t<\/div>\n\t\t\t\t<\/div>\n\t\t\t\t<div class=\"elementor-element elementor-element-8d066df elementor-widget elementor-widget-breadcrumbs\" data-id=\"8d066df\" data-element_type=\"widget\" data-e-type=\"widget\" data-widget_type=\"breadcrumbs.default\">\n\t\t\t\t<div class=\"elementor-widget-container\">\n\t\t\t\t\t<p id=\"breadcrumbs\"><span><span><a href=\"https:\/\/gradido.net\/hu\/\">Honlap<\/a><\/span><\/span><\/p>\t\t\t\t<\/div>\n\t\t\t\t<\/div>\n\t\t\t\t<div class=\"elementor-element elementor-element-a9db9a5 elementor-widget elementor-widget-text-editor\" data-id=\"a9db9a5\" data-element_type=\"widget\" data-e-type=\"widget\" data-widget_type=\"text-editor.default\">\n\t\t\t\t<div class=\"elementor-widget-container\">\n\t\t\t\t\t\t\t\t\t<h2 style=\"text-align: center;\"><a href=\"https:\/\/gradido.net\/hu\/what-is-gradido\/vision-2050\/\">F\u0151oldal: Vision 2050<\/a><\/h2><p style=\"text-align: center;\"><strong>Aloldalak:<\/strong><\/p><p style=\"text-align: center;\"><strong>Energetikai \u00e1t\u00e1ll\u00e1s \u00e9s \u00e1talakul\u00e1s: a f\u00f6ldi paradicsomhoz vezet\u0151 \u00fat<\/strong><\/p>\t\t\t\t\t\t\t\t<\/div>\n\t\t\t\t<\/div>\n\t\t\t\t<div class=\"elementor-element elementor-element-d7bb196 elementor-widget-divider--view-line elementor-widget elementor-widget-divider\" data-id=\"d7bb196\" data-element_type=\"widget\" data-e-type=\"widget\" data-widget_type=\"divider.default\">\n\t\t\t\t<div class=\"elementor-widget-container\">\n\t\t\t\t\t\t\t<div class=\"elementor-divider\">\n\t\t\t<span class=\"elementor-divider-separator\">\n\t\t\t\t\t\t<\/span>\n\t\t<\/div>\n\t\t\t\t\t\t<\/div>\n\t\t\t\t<\/div>\n\t\t\t\t<div class=\"elementor-element elementor-element-146ff9d elementor-widget elementor-widget-text-editor\" data-id=\"146ff9d\" data-element_type=\"widget\" data-e-type=\"widget\" data-widget_type=\"text-editor.default\">\n\t\t\t\t<div class=\"elementor-widget-container\">\n\t\t\t\t\t\t\t\t\t<p data-pm-slice=\"0 0 []\"><em>A tartalom a Perplexity kutat\u00e1sainak \u00e9s elemz\u00e9seinek eredm\u00e9nyeit t\u00fckr\u00f6zi, \u00e9s nem a Gradido v\u00e9lem\u00e9ny\u00e9nek kifejez\u00e9se. C\u00e9ljuk az inform\u00e1ci\u00f3ny\u00fajt\u00e1s \u00e9s a tov\u00e1bbi vit\u00e1k \u00f6szt\u00f6nz\u00e9se.<\/em><\/p><h1 data-pm-slice=\"0 0 []\">Energetikai \u00e1t\u00e1ll\u00e1s \u00e9s \u00e1talakul\u00e1s: a f\u00f6ldi paradicsomhoz vezet\u0151 \u00fat<\/h1><h2>Hogyan dolgozik egy\u00fctt a Gradido, a permakult\u00fara \u00e9s a mesters\u00e9ges intelligencia a fenntarthat\u00f3 j\u00f6v\u0151 megteremt\u00e9s\u00e9\u00e9rt?<\/h2><div><hr \/><\/div><h2>Tartalomjegyz\u00e9k<\/h2><ol data-tight=\"true\"><li><p><span data-wiki-page=\"\">Bevezet\u00e9s: Korunk energiav\u00e1ls\u00e1ga<\/span><\/p><\/li><li><p><span data-wiki-page=\"\">Bitcoin: A digit\u00e1lis korszak energiakatasztr\u00f3f\u00e1ja<\/span><\/p><\/li><li><p><span data-wiki-page=\"\">Mesters\u00e9ges intelligencia forradalom: energia\u00e9hs\u00e9g vagy hat\u00e9konys\u00e1gi motor?<\/span><\/p><\/li><li><p><span data-wiki-page=\"\">A Gradido-megold\u00e1s: Rendszerszint\u0171 energiacs\u00f6kkent\u00e9s egy \u00faj monet\u00e1ris rendszeren kereszt\u00fcl<\/span><\/p><\/li><li><p><span data-wiki-page=\"\">Permakult\u00fara: ugyanaz a termel\u00e9kenys\u00e9g az energia t\u00f6red\u00e9k\u00e9vel<\/span><\/p><\/li><li><p><span data-wiki-page=\"\">A paradicsomi elv: term\u00e9szetk\u00f6zeli \u00e9let minim\u00e1lis energiafogyaszt\u00e1ssal<\/span><\/p><\/li><li><p><span data-wiki-page=\"\">A teljes \u00e1talakul\u00e1si l\u00e1nc: az eg\u00e9szs\u00e9gt\u0151l a b\u00e9k\u00e9ig<\/span><\/p><\/li><li><p><span data-wiki-page=\"\">Mennyis\u00e9gmeghat\u00e1roz\u00e1s: 65-80% Energiacs\u00f6kkent\u00e9s lehets\u00e9ges<\/span><\/p><\/li><li><p><span data-wiki-page=\"\">K\u00f6vetkeztet\u00e9s: a f\u00f6ldi paradicsom tudom\u00e1nyosan megval\u00f3s\u00edthat\u00f3<\/span><\/p><\/li><\/ol><div><hr \/><\/div><h2>\u00d6sszefoglal\u00f3<\/h2><p>Ez a jelent\u00e9s elemzi a k\u00fcl\u00f6nb\u00f6z\u0151 technol\u00f3gi\u00e1k \u00e9s rendszerek glob\u00e1lis energiafogyaszt\u00e1s\u00e1t, \u00e9s bemutatja, hogyan lehets\u00e9ges az alapvet\u0151 \u00e1talakul\u00e1s egy paradicsomi, fenntarthat\u00f3 j\u00f6v\u0151 fel\u00e9. F\u0151bb meg\u00e1llap\u00edt\u00e1sok:<\/p><ul data-tight=\"true\"><li><p><strong>A Bitcoin 138-176 TWh\/\u00e9v fogyaszt\u00e1sa<\/strong> (mint Lengyelorsz\u00e1gban), tranzakci\u00f3nk\u00e9nt 1216 kWh-val - \u00f6kol\u00f3giai katasztr\u00f3fa.<\/p><\/li><li><p><strong>Az AI 2025-ben megel\u0151zi a Bitcoint<\/strong> \u00e9s 2030-ra 200-900 TWh\/\u00e9vre n\u0151het.<\/p><\/li><li><p><strong>Szahara napelemparkok<\/strong> elm\u00e9letileg ell\u00e1thatn\u00e1 a vil\u00e1got, de a 20% lefedetts\u00e9gt\u0151l kezdve fenn\u00e1ll a glob\u00e1lis \u00e9ghajlati zavarok vesz\u00e9lye.<\/p><\/li><li><p><strong>Gradido p\u00e9nzrendszer<\/strong> kik\u00fcsz\u00f6b\u00f6li a n\u00f6veked\u00e9si korl\u00e1tokat \u00e9s 40-60% energiafogyaszt\u00e1st takar\u00edthat meg<\/p><\/li><li><p><strong>Permakult\u00fara<\/strong> 60-80% kevesebb energi\u00e1val \u00e9ri el a hagyom\u00e1nyos mez\u0151gazdas\u00e1ggal megegyez\u0151 termel\u00e9kenys\u00e9get<\/p><\/li><li><p><strong>Term\u00e9szetes \u00e9letm\u00f3d<\/strong> 75-90% kevesebb energi\u00e1t fogyaszt, magasabb \u00e9letmin\u0151s\u00e9g mellett<\/p><\/li><li><p><strong>A teljes megold\u00e1s<\/strong> Gradido + permakult\u00fara + AI mint eszk\u00f6z a glob\u00e1lis energiafogyaszt\u00e1s 65-80%-j\u00e9nek megtakar\u00edt\u00e1s\u00e1t eredm\u00e9nyezheti.<\/p><\/li><\/ul><p>A tudom\u00e1nyos bizony\u00edt\u00e9kok azt mutatj\u00e1k, hogy a paradicsomi \u00e9let minden ember sz\u00e1m\u00e1ra nemcsak lehets\u00e9ges, hanem energiatakar\u00e9kosabb is, mint a jelenlegi rendszer\u00fcnk.<\/p><div><hr \/><\/div><h2>1 Bevezet\u00e9s: Korunk energiav\u00e1ls\u00e1ga<\/h2><p>Az emberis\u00e9g nyilv\u00e1nval\u00f3 dilemma el\u0151tt \u00e1ll: egyr\u00e9szt t\u00f6bb energi\u00e1ra van sz\u00fcks\u00e9g\u00fcnk a technol\u00f3giai fejl\u0151d\u00e9shez (Bitcoin, mesters\u00e9ges intelligencia, adatk\u00f6zpontok), m\u00e1sr\u00e9szt viszont s\u00fcrg\u0151sen cs\u00f6kkenten\u00fcnk kell energiafogyaszt\u00e1sunkat \u00e9s tiszteletben kell tartanunk a bolyg\u00f3 hat\u00e1rait.<\/p><p><strong>A jelent\u00e9s k\u00f6zponti t\u00e9zise:<\/strong> Ez a dilemma mesters\u00e9ges. A rendszerszint\u0171 \u00e1talak\u00edt\u00e1s r\u00e9v\u00e9n az emberis\u00e9g a mai energiafogyaszt\u00e1s t\u00f6red\u00e9k\u00e9vel lehet\u0151v\u00e9 tehetn\u00e9 a paradicsomi \u00e9letet mindenki sz\u00e1m\u00e1ra.<\/p><p>A jelenlegi energiafal\u00f3k elemz\u00e9s\u00e9vel kezdj\u00fck, majd egy \u00e1talak\u00edtott j\u00f6v\u0151k\u00e9pet dolgozunk ki.<\/p><div><hr \/><\/div><h2>2 Bitcoin: A digit\u00e1lis korszak energiakatasztr\u00f3f\u00e1ja<\/h2><h3>2.1 Riaszt\u00f3 adatok<\/h3><p>A Bitcoin messze a legink\u00e1bb energiaig\u00e9nyes megk\u00f6zel\u00edt\u00e9s az \u00f6sszes valutarendszer k\u00f6z\u00fcl:<\/p><p><strong>Tranzakci\u00f3nk\u00e9nt:<\/strong><\/p><ul data-tight=\"true\"><li><p><strong>1,216 kWh villamosenergia-fogyaszt\u00e1s<\/strong> (2025 \u00e1prilis\u00e1t\u00f3l)<\/p><\/li><li><p>Ez megfelel egy n\u00e9met 2 f\u0151s h\u00e1ztart\u00e1s villamosenergia-fogyaszt\u00e1s\u00e1nak t\u00f6bb mint <strong>\u00f6t h\u00f3nap<\/strong><\/p><\/li><li><p>Egy Bitcoin-tranzakci\u00f3 energiafogyaszt\u00e1sa <strong>1,5 milli\u00f3 VISA tranzakci\u00f3<\/strong> meg kell val\u00f3s\u00edtani<\/p><\/li><\/ul><p><strong>Teljes \u00e9ves fogyaszt\u00e1s:<\/strong><\/p><ul data-tight=\"true\"><li><p><strong>138-176 TWh \u00e9vente<\/strong> (2025) - megfelel a k\u00f6vetkez\u0151 orsz\u00e1gok villamosenergia-fogyaszt\u00e1s\u00e1nak <strong>Lengyelorsz\u00e1g<\/strong><\/p><\/li><li><p>2020 \u00f3ta ez a fogyaszt\u00e1s <strong>2,5-szeres<\/strong> megn\u00f6vekedett<\/p><\/li><\/ul><h3>2.2 Fosszilis f\u00fcgg\u0151s\u00e9g<\/h3><p>A Bitcoin nagym\u00e9rt\u00e9kben f\u00fcgg a fosszilis t\u00fczel\u0151anyagokt\u00f3l:<\/p><ul data-tight=\"true\"><li><p><strong>45% Sz\u00e9n<\/strong><\/p><\/li><li><p><strong>21% F\u00f6ldg\u00e1z<\/strong><\/p><\/li><li><p>Csak <strong>5% Sz\u00e9l<\/strong> \u00e9s <strong>2% Solar<\/strong><\/p><\/li><li><p>\u00d6sszesen <strong>67% Fosszilis energiaforr\u00e1sok<\/strong><\/p><\/li><\/ul><h3>2.3 Kompenz\u00e1ci\u00f3s k\u00f6vetelm\u00e9nyek<\/h3><p>Csak a k\u00ednai Bitcoin-b\u00e1ny\u00e1szatb\u00f3l sz\u00e1rmaz\u00f3 CO2-kibocs\u00e1t\u00e1s ellens\u00falyoz\u00e1s\u00e1hoz (2020-2021) a k\u00f6vetkez\u0151ket kellene megtenni <strong>2 milli\u00e1rd fa<\/strong> \u00fcltetn\u00e9nek - ez a ter\u00fclet Portug\u00e1li\u00e1nak \u00e9s \u00cdrorsz\u00e1gnak felel meg. Glob\u00e1lisan ez <strong>3,9 milli\u00e1rd fa<\/strong> sz\u00fcks\u00e9ges (olyan ter\u00fclet, mint Hollandia, Sv\u00e1jc vagy D\u00e1nia).<\/p><h3>2.4 Tranzakci\u00f3nk\u00e9nti villamosenergia-k\u00f6lts\u00e9gek<\/h3><p>A jelenlegi n\u00e9met villamosenergia-\u00e1rak mellett (kb. 0,40 \u20ac\/kWh):<\/p><ul data-tight=\"true\"><li><p><strong>1 216 kWh \u00d7 0,40 \u20ac = 486 \u20ac<\/strong> ennyibe ker\u00fclne egyetlen Bitcoin tranzakci\u00f3 \u00e1ramban kifejezve.<\/p><\/li><li><p>A kereskedelmi villamosenergia-\u00e1r (kb. 0,25 \u20ac\/kWh) m\u00e9g mindig a k\u00f6vetkez\u0151 szint felett van <strong>300 \u20ac<\/strong><\/p><\/li><\/ul><h3>2.5 Alternat\u00edv kriptovalut\u00e1k bemutat\u00e1sa: Van m\u00e1s \u00fat is<\/h3><ul data-tight=\"true\"><li><p><strong>Ethereum<\/strong> cs\u00f6kkentette energiafogyaszt\u00e1s\u00e1t a t\u00e9tbizonylatra val\u00f3 \u00e1t\u00e1ll\u00e1ssal, \u00e9spedig <strong>99,95%<\/strong><\/p><\/li><li><p><strong>Algorand<\/strong> mind\u00f6ssze 0,000008 kWh-t fogyaszt tranzakci\u00f3nk\u00e9nt - <strong>150 milli\u00f3szor hat\u00e9konyabb<\/strong> mint Bitcoin<\/p><\/li><\/ul><p><strong>K\u00f6vetkeztet\u00e9s:<\/strong> A Bitcoin egy \u00f6kol\u00f3giai katasztr\u00f3fa, amelynek jelenlegi kialak\u00edt\u00e1s\u00e1ban nincs struktur\u00e1lis megold\u00e1s.<\/p><div><hr \/><\/div><h2>3 A mesters\u00e9ges intelligencia forradalma: energia\u00e9hs\u00e9g vagy hat\u00e9konys\u00e1gi motor?<\/h2><h3>3.1 Jelenlegi helyzet (2024-2025)<\/h3><p><strong>Bitcoin energiafogyaszt\u00e1s:<\/strong><\/p><ul data-tight=\"true\"><li><p>\u00c9ves: 138-176 TWh (Lengyelorsz\u00e1gnak megfelel\u0151)<\/p><\/li><li><p>Teljes\u00edtm\u00e9ny: ~10 gigawatt \u00e1lland\u00f3<\/p><\/li><li><p>Trend: Viszonylag stabil<\/p><\/li><\/ul><p><strong>AI energiafogyaszt\u00e1s:<\/strong><\/p><ul data-tight=\"true\"><li><p>2023: TWh (csak AI-specifikus adatk\u00f6zpontok)<\/p><\/li><li><p>2024: 46-82 TWh<\/p><\/li><li><p>Az adatk\u00f6zpontok r\u00e9szesed\u00e9se: 5-20% a glob\u00e1lis adatk\u00f6zpontok energi\u00e1j\u00e1b\u00f3l<\/p><\/li><\/ul><p><strong>Jelenlegi \u00f6sszehasonl\u00edt\u00e1s:<\/strong> A Bitcoin jelenleg m\u00e9g mindig fogyaszt <strong>2-3x t\u00f6bb<\/strong> Energia, mint a mesters\u00e9ges intelligencia, de a mesters\u00e9ges intelligencia gyorsan felz\u00e1rk\u00f3zik.<\/p><h3>3.2 J\u00f6v\u0151re vonatkoz\u00f3 el\u0151rejelz\u00e9sek<\/h3><p><strong>2025 v\u00e9g\u00e9ig:<\/strong><\/p><ul data-tight=\"true\"><li><p>Az AI-fogyaszt\u00e1s emelkedik <strong>23 GW<\/strong> a Bitcoin 10 GW-j\u00e1val szemben<\/p><\/li><li><p><strong>Az AI megel\u0151zi a Bitcoint<\/strong><\/p><\/li><li><p>AI lehet ak\u00e1r <strong>50% az \u00f6sszes adatk\u00f6zpont energi\u00e1j\u00e1b\u00f3l<\/strong> fogyaszt\u00e1s (kor\u00e1bban 20%)<\/p><\/li><\/ul><p><strong>2030-ra:<\/strong><\/p><ul data-tight=\"true\"><li><p><strong>AI energiafogyaszt\u00e1s:<\/strong> 200-900 TWh \u00e9vente (forgat\u00f3k\u00f6nyvt\u0151l f\u00fcgg\u0151en)<\/p><ul data-tight=\"true\"><li><p>Konzervat\u00edv: 200-400 TWh (35-50% az \u00f6sszes adatk\u00f6zpontb\u00f3l)<\/p><\/li><li><p>Pesszimista: legfeljebb 900 TWh<\/p><\/li><\/ul><\/li><li><p><strong>Glob\u00e1lis adatk\u00f6zpontok \u00f6sszesen:<\/strong> 415 TWh-r\u00f3l (2024) 945 TWh-ra (2030)<\/p><\/li><li><p><strong>Bitcoin:<\/strong> Val\u00f3sz\u00edn\u0171leg hasonl\u00f3 szinten marad (~150-200 TWh)<\/p><\/li><\/ul><p><strong>USA fejleszt\u00e9s:<\/strong><\/p><ul data-tight=\"true\"><li><p>Amerikai adatk\u00f6zpontok: 148 TWh-r\u00f3l (2023) <strong>606 TWh (2030)<\/strong> - egy <strong>N\u00e9gyszeres\u00e9re n\u00f6velve<\/strong><\/p><\/li><li><p>A Trump-korm\u00e1nyzat tervei <strong>500 milli\u00e1rd doll\u00e1r<\/strong> Beruh\u00e1z\u00e1s az AI infrastrukt\u00far\u00e1ba<\/p><\/li><\/ul><h3>3.3 Mi\u00e9rt n\u00f6vekszik ilyen gyorsan a mesters\u00e9ges intelligencia felhaszn\u00e1l\u00e1sa?<\/h3><ol data-tight=\"true\"><li><p><strong>\u201eA nagyobb jobb\u201c mentalit\u00e1s:<\/strong> Nagyobb modellek = t\u00f6bb param\u00e9ter = t\u00f6bb sz\u00e1m\u00edt\u00e1si teljes\u00edtm\u00e9ny<\/p><\/li><li><p><strong>Exponenci\u00e1lis n\u00f6veked\u00e9s:<\/strong> A nagym\u00e9ret\u0171 nyelvi modellek k\u00e9pz\u00e9se t\u00f6bb sz\u00e1z h\u00e1ztart\u00e1s energi\u00e1j\u00e1t em\u00e9szti fel<\/p><\/li><li><p><strong>Jevons-paradoxon:<\/strong> A hat\u00e9konyabb chipek ellen\u00e9re az \u00f6sszfogyaszt\u00e1s a nagyobb haszn\u00e1lat miatt n\u0151.<\/p><\/li><li><p><strong>AI chipek:<\/strong> Az Nvidia A100 5x t\u00f6bbet fogyaszt, mint a norm\u00e1l CPU-k<\/p><\/li><li><p><strong>Hiperscale adatk\u00f6zpontok:<\/strong> \u00daj nagym\u00e9ret\u0171 rendszerek az AI-munkaterhel\u00e9sekhez<\/p><\/li><\/ol><h3>3.4 \u00d6sszehasonl\u00edt\u00f3 t\u00e1bl\u00e1zat: AI vs Bitcoin<\/h3><table><tbody><tr><th><p>\u00c9v<\/p><\/th><th><p>Bitcoin<\/p><\/th><th><p>AI<\/p><\/th><th><p>Ratio<\/p><\/th><\/tr><tr><td><p>2023<\/p><\/td><td><p>150-170 TWh<\/p><\/td><td><p>20-40 TWh<\/p><\/td><td><p>Bitcoin 4-8x magasabb<\/p><\/td><\/tr><tr><td><p>2024<\/p><\/td><td><p>138-176 TWh<\/p><\/td><td><p>46-82 TWh<\/p><\/td><td><p>Bitcoin 2-3x magasabb<\/p><\/td><\/tr><tr><td><p>2025 (el\u0151rejelz\u00e9s)<\/p><\/td><td><p>~150-180 TWh<\/p><\/td><td><p>~100-150 TWh<\/p><\/td><td><p>K\u00f6r\u00fclbel\u00fcl ugyanannyi<\/p><\/td><\/tr><tr><td><p>2030 (el\u0151rejelz\u00e9s)<\/p><\/td><td><p>~150-200 TWh<\/p><\/td><td><p>200-900 TWh<\/p><\/td><td><p><strong>AI 2-5x magasabb<\/strong><\/p><\/td><\/tr><\/tbody><\/table><h3>3.5 Kvantumsz\u00e1m\u00edt\u00f3g\u00e9pek: lehet\u0151s\u00e9gek \u00e9s korl\u00e1tok<\/h3><p><strong>A Bitcoin-b\u00e1ny\u00e1szat lehet\u0151s\u00e9gei:<\/strong><\/p><ul data-tight=\"true\"><li><p>A tanulm\u00e1nyok azt mutatj\u00e1k <strong>90-95% Energiacs\u00f6kkent\u00e9s<\/strong> a kvantumb\u00e1ny\u00e1szat r\u00e9v\u00e9n lehets\u00e9ges<\/p><\/li><li><p>Becs\u00fclt megtakar\u00edt\u00e1s <strong>126,7 TWh<\/strong> (ami Sv\u00e9dorsz\u00e1g \u00e9ves fogyaszt\u00e1s\u00e1nak felel meg)<\/p><\/li><li><p>A kvantumb\u00e1ny\u00e1szat <strong>1000-szer energiahat\u00e9konyabb<\/strong> legyen<\/p><\/li><\/ul><p><strong>De: Jelent\u0151s korl\u00e1toz\u00e1sok<\/strong><\/p><ul data-tight=\"true\"><li><p>Legal\u00e1bb <strong>512 qubit<\/strong> a hat\u00e9kony m\u0171k\u00f6d\u00e9s \u00e9rdek\u00e9ben<\/p><\/li><li><p>Jelenleg a leger\u0151sebb kvantumsz\u00e1m\u00edt\u00f3g\u00e9pek: IBM Osprey (433 qubit), D-Wave (512 qubit).<\/p><\/li><li><p><strong>A technol\u00f3gia m\u00e9g gyerekcip\u0151ben j\u00e1r<\/strong> - Gyakorlati alkalmaz\u00e1s \u00e9vek m\u00falva<\/p><\/li><li><p>Magas k\u00f6lts\u00e9gek \u00e9s technikai \u00f6sszetetts\u00e9g<\/p><\/li><\/ul><p><strong>K\u00f6vetkeztet\u00e9s:<\/strong> A kvantumsz\u00e1m\u00edt\u00f3g\u00e9pek elm\u00e9letben \u00edg\u00e9retesek, de a gyakorlatban m\u00e9g \u00e9vtizedekre vannak a sz\u00e9les k\u00f6r\u0171 alkalmaz\u00e1st\u00f3l. <strong>Nincs r\u00f6vid t\u00e1v\u00fa megold\u00e1s<\/strong> az energiav\u00e1ls\u00e1g miatt.<\/p><div><hr \/><\/div><h2>4 A Gradido-megold\u00e1s: Rendszerszint\u0171 energiacs\u00f6kkent\u00e9s egy \u00faj monet\u00e1ris rendszer seg\u00edts\u00e9g\u00e9vel<\/h2><h3>4.1 A pap\u00edrp\u00e9nzrendszer probl\u00e9m\u00e1ja<\/h3><p><strong>K\u00e9nyszer\u00edtett n\u00f6veked\u00e9s a kamatl\u00e1brendszeren kereszt\u00fcl:<\/strong><\/p><ul data-tight=\"true\"><li><p>P\u00e9nzt csak kamatfizet\u00e9si k\u00f6telezetts\u00e9ggel j\u00e1r\u00f3 k\u00f6lcs\u00f6n\u00f6kkel lehet teremteni.<\/p><\/li><li><p>A gazdas\u00e1gnak folyamatosan n\u00f6vekednie kell ahhoz, hogy a kamatterheket ki tudja szolg\u00e1lni.<\/p><\/li><li><p>Ez a k\u00f6vetkez\u0151ket k\u00e9nyszer\u00edti ki: az er\u0151forr\u00e1sok t\u00falzott kiakn\u00e1z\u00e1sa, a bolyg\u00f3 hat\u00e1rainak \u00e1tl\u00e9p\u00e9se, a term\u00e9szet pusztul\u00e1sa...<\/p><\/li><\/ul><p><strong>Szerkezeti hullad\u00e9k:<\/strong><\/p><ul data-tight=\"true\"><li><p>Spekul\u00e1ci\u00f3 \u00e9s bubor\u00e9kk\u00e9pz\u0151d\u00e9s<\/p><\/li><li><p>Tervezett elavul\u00e1s<\/p><\/li><li><p>T\u00faltermel\u00e9s a gazdagoknak<\/p><\/li><li><p>Verseny az egy\u00fcttm\u0171k\u00f6d\u00e9s helyett<\/p><\/li><li><p>Marketing \u00e9s rekl\u00e1m (700 milli\u00e1rd USD glob\u00e1lisan)<\/p><\/li><\/ul><h3>4.2 Gradido: Az alternat\u00edv monet\u00e1ris rendszer<\/h3><p><strong>H\u00e1romszoros p\u00e9nzteremt\u00e9s:<\/strong><\/p><p>Minden h\u00f3napban 3000 gradid\u00f3t (GDD) hoznak l\u00e9tre minden egyes szem\u00e9ly sz\u00e1m\u00e1ra:<\/p><ol data-tight=\"true\"><li><p><strong>1,000 GDD akt\u00edv alapj\u00f6vedelemk\u00e9nt<\/strong> - Felt\u00e9tel n\u00e9lk\u00fcli r\u00e9szv\u00e9tel mindenki sz\u00e1m\u00e1ra<\/p><\/li><li><p><strong>1,000 GDD az \u00e1llami k\u00f6lts\u00e9gvet\u00e9shez<\/strong> - Infrastrukt\u00fara, eg\u00e9szs\u00e9g\u00fcgy, oktat\u00e1s ad\u00f3k n\u00e9lk\u00fcl<\/p><\/li><li><p><strong>1,000 GDD a kiegyenl\u00edt\u00e9si \u00e9s k\u00f6rnyezetv\u00e9delmi alapok sz\u00e1m\u00e1ra<\/strong> - 8 milli\u00e1rd emberrel = <strong>8 billi\u00f3 GDD havonta<\/strong> resp. <strong>96 billi\u00f3 GDD \u00e9vente<\/strong> k\u00f6rnyezetv\u00e9delmi projektek eset\u00e9ben<\/p><\/li><\/ol><p><strong>\u00d6nszab\u00e1lyoz\u00e1s:<\/strong><\/p><ul data-tight=\"true\"><li><p>50% Tranzit \u00e9vente (kb. 5,6% havonta)<\/p><\/li><li><p>Megakad\u00e1lyozza az infl\u00e1ci\u00f3t \u00e9s a felhalmoz\u00f3d\u00e1st<\/p><\/li><li><p>El\u0151seg\u00edti a kering\u00e9st a felhalmoz\u00e1s helyett<\/p><\/li><\/ul><p><strong>Ad\u00f3ss\u00e1gmentesen:<\/strong><\/p><ul data-tight=\"true\"><li><p>Egy plusz\u00f6sszeg\u0171 j\u00e1t\u00e9k, amelyben mindenki j\u00f3l j\u00e1r<\/p><\/li><li><p>Nincs kamatteher, nincs sz\u00fcks\u00e9g n\u00f6veked\u00e9sre<\/p><\/li><\/ul><h3>4.3 Energiamegtakar\u00edt\u00e1s a Gradido r\u00e9v\u00e9n<\/h3><p><strong>A rombol\u00f3 \u00e1gazatok megsz\u00fcntet\u00e9se:<\/strong><\/p><table><tbody><tr><th><p>Tartom\u00e1ny<\/p><\/th><th><p>Jelenlegi hullad\u00e9k<\/p><\/th><th><p>Megtakar\u00edt\u00e1si potenci\u00e1l<\/p><\/th><\/tr><tr><td><p>P\u00e9nz\u00fcgyi \u00e1gazat (sz\u00e1rmaztatott \u00fcgyletek, nagyfrekvenci\u00e1s keresked\u00e9s)<\/p><\/td><td><p>2-3% glob\u00e1lis energia<\/p><\/td><td><p>80-90% Cs\u00f6kkent\u00e9s<\/p><\/td><\/tr><tr><td><p>Rekl\u00e1mipar<\/p><\/td><td><p>1-2% glob\u00e1lis energia<\/p><\/td><td><p>90-95% Cs\u00f6kkent\u00e9s<\/p><\/td><\/tr><tr><td><p>Tervezett elavul\u00e1s<\/p><\/td><td><p>15-20% Termel\u00e9si energia<\/p><\/td><td><p>60-70% Cs\u00f6kkent\u00e9s<\/p><\/td><\/tr><tr><td><p>T\u00faltermel\u00e9s<\/p><\/td><td><p>30-40% T\u00falkapacit\u00e1s<\/p><\/td><td><p>50-60% Cs\u00f6kkent\u00e9s<\/p><\/td><\/tr><tr><td><p>Versenyk\u00e9pes \u00e1ltal\u00e1nos k\u00f6lts\u00e9gek (dupla K+F)<\/p><\/td><td><p>10-15% K+F\/Marketing<\/p><\/td><td><p>70-80% Cs\u00f6kkent\u00e9s<\/p><\/td><\/tr><tr><td><p>K\u00f6zleked\u00e9s (glob\u00e1lis)<\/p><\/td><td><p>25% Teljes energia<\/p><\/td><td><p>30-40% Cs\u00f6kkent\u00e9s<\/p><\/td><\/tr><tr><td><p>B\u00fcrokratia (ad\u00f3igazgat\u00e1s)<\/p><\/td><td><p>2-3% Teljes energia<\/p><\/td><td><p>60-70% Cs\u00f6kkent\u00e9s<\/p><\/td><\/tr><\/tbody><\/table><p><strong>Teljes potenci\u00e1l: 40-60% A glob\u00e1lis energiafogyaszt\u00e1s cs\u00f6kken\u00e9se<\/strong><\/p><h3>4.4 Pszichol\u00f3giai \u00e1talakul\u00e1s<\/h3><p><strong>A hi\u00e1nytudatt\u00f3l a b\u0151s\u00e9gtudatig:<\/strong><\/p><ul data-tight=\"true\"><li><p>Az alapj\u00f6vedelem megsz\u00fcnteti az egzisztenci\u00e1lis f\u00e9lelmet \u2192 nincs h\u00f6rcs\u00f6gv\u00e1s\u00e1rl\u00e1s<\/p><\/li><li><p>st\u00e1tusz a tulajdonl\u00e1s helyett a hozz\u00e1j\u00e1rul\u00e1son kereszt\u00fcl \u2192 kevesebb fogyaszt\u00e1s<\/p><\/li><li><p>Az egy\u00fcttm\u0171k\u00f6d\u00e9st jutalmazz\u00e1k \u2192 term\u00e9szetes egy\u00fcttm\u0171k\u00f6d\u00e9s<\/p><\/li><li><p>Id\u0151gazdags\u00e1g a javak gazdags\u00e1ga helyett \u2192 Szabadid\u0151 a v\u00e1s\u00e1rl\u00e1si m\u00e1nia helyett<\/p><\/li><\/ul><h3>4.5 A mesters\u00e9ges intelligencia, mint a Gradido kontextusban t\u00f6rt\u00e9n\u0151 megval\u00f3s\u00edt\u00e1s el\u0151seg\u00edt\u0151je<\/h3><p><strong>Pozit\u00edv AI-felhaszn\u00e1l\u00e1s:<\/strong><\/p><ul data-tight=\"true\"><li><p><strong>N\u00f6veked\u00e9s helyett optimaliz\u00e1l\u00e1s:<\/strong> Az AI seg\u00edt hat\u00e9konyabb\u00e1 tenni a folyamatokat<\/p><\/li><li><p><strong>Er\u0151forr\u00e1s-egyeztet\u00e9s:<\/strong> Az AI \u00f6sszekapcsolja a keresletet \u00e9s a k\u00edn\u00e1latot helyben<\/p><\/li><li><p><strong>El\u0151rejelz\u0151 karbantart\u00e1s:<\/strong> Hosszabb ideig haszn\u00e1lja a term\u00e9keket<\/p><\/li><li><p><strong>K\u00f6r alak\u00fa kialak\u00edt\u00e1s:<\/strong> A k\u00f6rforg\u00e1sos gazdas\u00e1gra optimaliz\u00e1lt mesters\u00e9ges intelligencia<\/p><\/li><\/ul><p><strong>Profitnyom\u00e1s n\u00e9lk\u00fcl:<\/strong><\/p><ul data-tight=\"true\"><li><p>AI nem rekl\u00e1moz\u00e1sra\/manipul\u00e1ci\u00f3ra<\/p><\/li><li><p>AI nem a nagyfrekvenci\u00e1s keresked\u00e9shez<\/p><\/li><li><p>AI nem a tervezett elavul\u00e1shoz<\/p><\/li><li><p>A mesters\u00e9ges intelligencia val\u00f3di probl\u00e9m\u00e1k (\u00e9ghajlat, szeg\u00e9nys\u00e9g, eg\u00e9szs\u00e9g\u00fcgy) megold\u00e1s\u00e1ban seg\u00edt.<\/p><\/li><\/ul><p><strong>A j\u00f3 h\u00edr:<\/strong> Az AI 1-3% villamos energi\u00e1t fogyaszthat - de a gradido-induk\u00e1lt rendszer\u00e1talak\u00edt\u00e1s r\u00e9v\u00e9n <strong>40-60% energi\u00e1t takar\u00edtunk meg<\/strong>. Ez egy pozit\u00edv nett\u00f3 nyeres\u00e9g az emberis\u00e9g \u00e9s a term\u00e9szet sz\u00e1m\u00e1ra!<\/p><div><hr \/><\/div><h2>5. permakult\u00fara: ugyanaz a termel\u00e9kenys\u00e9g \u00e9s jobb min\u0151s\u00e9g az energia t\u00f6red\u00e9k\u00e9vel.<\/h2><h3>5.1 Tudom\u00e1nyos \u00e1tt\u00f6r\u00e9s 2025<\/h3><p><strong>N\u00e9met permakult\u00fara tanulm\u00e1ny<\/strong> (11 \u00fczem, K\u00f6z\u00e9p-Eur\u00f3pa):<\/p><ul data-tight=\"true\"><li><p><strong>A hagyom\u00e1nyos mez\u0151gazdas\u00e1ghoz hasonl\u00f3 termel\u00e9kenys\u00e9g<\/strong> (LER = 0,80, nem szignifik\u00e1nsan elt\u00e9r\u0151)<\/p><\/li><li><p><strong>44% nagyobb termel\u00e9kenys\u00e9g, mint a biogazd\u00e1lkod\u00e1sban<\/strong> (Trend)<\/p><\/li><li><p><strong>De: 60-80% kevesebb energiafogyaszt\u00e1s<\/strong><\/p><\/li><\/ul><h3>5.2 Hagyom\u00e1nyos vs. permakult\u00fara energiam\u00e9rleg<\/h3><p><strong>Hagyom\u00e1nyos mez\u0151gazdas\u00e1g EU:<\/strong><\/p><ul data-tight=\"true\"><li><p>1,431 petajoule\/\u00e9v = <strong>Az EU teljes energiafogyaszt\u00e1s\u00e1nak 3,7%-je<\/strong><\/p><\/li><\/ul><p><strong>Permakult\u00fara:<\/strong><\/p><ul data-tight=\"true\"><li><p>Energia- \u00e9s er\u0151forr\u00e1s-intenz\u00edv helyett tervez\u00e9s- \u00e9s tud\u00e1sintenz\u00edv<\/p><\/li><li><p><strong>Megtakar\u00edt\u00e1s: 60-80%<\/strong> a k\u00f6vetkez\u0151k kihagy\u00e1sa miatt:<\/p><ul data-tight=\"true\"><li><p>Szintetikus m\u0171tr\u00e1gy\u00e1k (energiaig\u00e9nyes)<\/p><\/li><li><p>Peszticidek (energiaig\u00e9nyes)<\/p><\/li><li><p>Neh\u00e9zg\u00e9pek (energiaig\u00e9nyes)<\/p><\/li><li><p>\u00d6nt\u00f6z\u0151rendszerek (hat\u00e9konyabb v\u00edzfelhaszn\u00e1l\u00e1s)<\/p><\/li><\/ul><\/li><\/ul><h3>5.3 A permakult\u00fara tov\u00e1bbi el\u0151nyei<\/h3><ul data-tight=\"true\"><li><p><strong>Talajregener\u00e1ci\u00f3:<\/strong> Humusztartalom, mint a gyepter\u00fcletek<\/p><\/li><li><p><strong>Sz\u00e9n-dioxid-t\u00e1rol\u00e1s:<\/strong> 10-40x t\u00f6bb, mint a hagyom\u00e1nyos<\/p><\/li><li><p><strong>V\u00edzvisszatart\u00e1s:<\/strong> 20-40% Jobb v\u00edzt\u00e1rol\u00e1s<\/p><\/li><li><p><strong>Biodiverzit\u00e1s:<\/strong> A biol\u00f3giai sokf\u00e9les\u00e9g dr\u00e1maian megn\u0151<\/p><\/li><li><p><strong>Rugalmass\u00e1g:<\/strong> Jobb sz\u00e1razs\u00e1gt\u0171r\u00e9s<\/p><\/li><\/ul><h3>5.4 AI + permakult\u00fara: a tud\u00e1s demokratiz\u00e1l\u00e1sa<\/h3><p><strong>Konkr\u00e9t alkalmaz\u00e1sok:<\/strong><\/p><ul data-tight=\"true\"><li><p><strong>Permakult\u00fara-tervez\u00e9s:<\/strong> A mesters\u00e9ges intelligencia optimaliz\u00e1lja a n\u00f6v\u00e9nykombin\u00e1ci\u00f3kat a helyi viszonyokhoz<\/p><\/li><li><p><strong>A talaj eg\u00e9szs\u00e9g\u00e9nek megfigyel\u00e9se:<\/strong> A mesters\u00e9ges intelligencia val\u00f3s id\u0151ben elemzi a talaj eg\u00e9szs\u00e9g\u00e9t<\/p><\/li><li><p><strong>V\u00edzgazd\u00e1lkod\u00e1s:<\/strong> El\u0151rejelz\u0151 analitika az optim\u00e1lis \u00f6nt\u00f6z\u00e9shez (20% v\u00edzmegtakar\u00edt\u00e1s)<\/p><\/li><li><p><strong>Rovarirt\u00e1s:<\/strong> Korai figyelmeztet\u0151 rendszerek peszticidek n\u00e9lk\u00fcl<\/p><\/li><li><p><strong>A hozam optimaliz\u00e1l\u00e1sa:<\/strong> Az AI term\u00e9szetes m\u00f3dszerekkel maximaliz\u00e1lja a hozamokat<\/p><\/li><\/ul><p><strong>Gradido integr\u00e1ci\u00f3:<\/strong><\/p><ul data-tight=\"true\"><li><p><strong>A tud\u00e1stranszfer kit\u00fcntetett:<\/strong> A permakult\u00fara ismeretek \u00e1tad\u00e1s\u00e1\u00e9rt fizetnek (20 GDD\/\u00f3ra).<\/p><\/li><li><p><strong>Helyi szak\u00e9rt\u0151k jelennek meg<\/strong>: B\u00e1rkib\u0151l lehet permakult\u00fara-tan\u00e1r<\/p><\/li><li><p><strong>A k\u00f6rnyezetv\u00e9delmi alap szisztematikusan finansz\u00edrozza az \u00e1talak\u00edt\u00e1st<\/strong><\/p><\/li><\/ul><div><hr \/><\/div><h2>6. a paradicsomi elv: term\u00e9szetk\u00f6zeli \u00e9let minim\u00e1lis energiafogyaszt\u00e1s mellett<\/h2><h3>6.1 A \u201eparadicsomok\u201c alacsonyabb energiafogyaszt\u00e1ssal rendelkeznek<\/h3><p><strong>Empirikus meger\u0151s\u00edt\u00e9s:<\/strong><\/p><p><strong>Konkr\u00e9t sz\u00e1mok:<\/strong><\/p><ul data-tight=\"true\"><li><p><strong>\u00c1tlagos amerikai:<\/strong> ~300 GJ\/\u00e9v\/f\u0151<\/p><\/li><li><p><strong>\u00c1tlagos n\u00e9met:<\/strong> ~150 GJ\/\u00e9v\/f\u0151<\/p><\/li><li><p><strong>Bennsz\u00fcl\u00f6tt k\u00f6z\u00f6ss\u00e9gek (hagyom\u00e1nyos):<\/strong> ~20-40 GJ\/\u00e9v\/f\u0151<\/p><\/li><li><p><strong>Ez 75-90% kevesebb energi\u00e1t jelent, magas \u00e9letmin\u0151s\u00e9g mellett.<\/strong><\/p><\/li><\/ul><p><strong>Mi\u00e9rt?<\/strong><\/p><ul data-tight=\"true\"><li><p>Passz\u00edv h\u0171t\u00e9s\/f\u0171t\u00e9s hagyom\u00e1nyos \u00e9p\u00edt\u00e9ssel<\/p><\/li><li><p>Helyi \u00e9lelmiszertermel\u00e9s (sz\u00e1ll\u00edt\u00e1s n\u00e9lk\u00fcl)<\/p><\/li><li><p>Minim\u00e1lis ipari feldolgoz\u00e1s<\/p><\/li><li><p>Az er\u0151forr\u00e1sok k\u00f6z\u00f6s haszn\u00e1lata<\/p><\/li><li><p>A k\u00f6rforg\u00e1sos gazdas\u00e1g standard<\/p><\/li><\/ul><h3>6.2 A szeg\u00e9nys\u00e9g paradoxona<\/h3><p><strong>Struktur\u00e1lis elszeg\u00e9nyed\u00e9s a \u201eparadicsomokban\u201c:<\/strong><\/p><ul data-tight=\"true\"><li><p><strong>Mald\u00edv-szigetek:<\/strong> Csak 1,7% szeg\u00e9nys\u00e9g Mal\u00e9ban (v\u00e1ros), de 12,8% az atollokon - a szeg\u00e9nyek 93%-je a \u201eparadicsomokban\u201c \u00e9l.\u201c<\/p><\/li><li><p><strong>G\u00f6r\u00f6gorsz\u00e1g:<\/strong> A vid\u00e9ki ter\u00fcletek rendszeresen h\u00e1tr\u00e1nyos helyzet\u0171ek<\/p><\/li><li><p><strong>Spanyolorsz\u00e1g:<\/strong> Extremadura (vid\u00e9ki) szeg\u00e9ny, de alacsony az egyenl\u0151tlens\u00e9g<\/p><\/li><\/ul><p><strong>Az elszeg\u00e9nyed\u00e9s okai:<\/strong><\/p><ol data-tight=\"true\"><li><p>Gyarmati \u00f6r\u00f6ks\u00e9g: er\u0151forr\u00e1sok kitermel\u00e9se, a helyi gazdas\u00e1g t\u00f6nkret\u00e9tele<\/p><\/li><li><p>Turisztikai monokult\u00fara: a k\u00fclf\u00f6ldiek profit\u00e1lnak, a helyiek kiszolg\u00e1lnak<\/p><\/li><li><p>Az infrastrukt\u00fara hi\u00e1nya: az oktat\u00e1s \u00e9s az eg\u00e9szs\u00e9g\u00fcgy a v\u00e1rosokban koncentr\u00e1l\u00f3dik.<\/p><\/li><li><p>A t\u0151k\u00e9hez val\u00f3 hozz\u00e1f\u00e9r\u00e9s hi\u00e1nya: a bankok nem fektetnek be a vid\u00e9ki ter\u00fcleteken.<\/p><\/li><li><p>Tud\u00e1skivon\u00e1s: A hagyom\u00e1nyos tud\u00e1s nem tiszteltetik meg<\/p><\/li><\/ol><p><strong>A paradoxon:<\/strong> Az emberek a term\u00e9szet b\u0151s\u00e9g\u00e9ben, de a p\u00e9nzrendszer sz\u0171k\u00f6ss\u00e9g\u00e9ben \u00e9lnek.<\/p><h3>6.3 A Gradido felsz\u00e1molja a struktur\u00e1lis szeg\u00e9nys\u00e9get<\/h3><p><strong>Mechanizmusok:<\/strong><\/p><ol data-tight=\"true\"><li><p><strong>Akt\u00edv alapj\u00f6vedelem (1000 GDD):<\/strong> Azonnali meg\u00e9lhet\u00e9sbiztons\u00e1g, m\u00e9g a t\u00e1voli ter\u00fcleteken is<\/p><\/li><li><p><strong>\u00c1llami k\u00f6lts\u00e9gvet\u00e9s (1 000 GDD):<\/strong> Infrastrukt\u00fara a vid\u00e9ki ter\u00fcletek sz\u00e1m\u00e1ra ad\u00f3terhek n\u00e9lk\u00fcl<\/p><\/li><li><p><strong>K\u00f6rnyezetv\u00e9delmi Alap (1,000 GDD):<\/strong> Szisztematikusan finansz\u00edrozott permakult\u00fara-\u00e1talak\u00edt\u00e1s<\/p><\/li><li><p><strong>A gondoz\u00f3i munka elismer\u00e9se:<\/strong> A szomsz\u00e9ds\u00e1gi seg\u00edts\u00e9gny\u00fajt\u00e1s \u00e9s a tud\u00e1stranszfer kifizet\u00e9sre ker\u00fcl<\/p><\/li><li><p><strong>Nincs felhalmoz\u00f3d\u00e1s:<\/strong> A szupergazdagok nem monopoliz\u00e1lhatj\u00e1k a \u201eparadicsomokat\u201c<\/p><\/li><\/ol><p><strong>P\u00e9lda Mald\u00edv-szigetek a Gradid\u00f3val:<\/strong><\/p><ul data-tight=\"true\"><li><p>Az atollok minden lakosa: legfeljebb 1 000 GDD Akt\u00edv alapj\u00f6vedelem<\/p><\/li><li><p>Permakult\u00fara-projektek: K\u00f6rnyezetv\u00e9delmi alapokb\u00f3l finansz\u00edrozva<\/p><\/li><li><p>Hagyom\u00e1nyos hal\u00e1szati szak\u00e9rtelem: Akt\u00edv alapj\u00f6vedelemmel honor\u00e1lva<\/p><\/li><li><p>Turizmus: a nyeres\u00e9g helyi marad<\/p><\/li><li><p><strong>Eredm\u00e9ny: j\u00f3l\u00e9t elszeg\u00e9nyed\u00e9s n\u00e9lk\u00fcl, a term\u00e9szet \u00e9rintetlen marad.<\/strong><\/p><\/li><\/ul><h3>6.4 A sz\u00e1mok: Drasztikusan kevesebb energia<\/h3><p><strong>Permakult\u00far\u00e1val + gradid\u00f3val:<\/strong><\/p><ul data-tight=\"true\"><li><p><strong>Mez\u0151gazdas\u00e1g:<\/strong> -60-80% Energia a permakult\u00far\u00e1n kereszt\u00fcl<\/p><\/li><li><p><strong>\u00c9let:<\/strong> -50-70% Energia hagyom\u00e1nyos\/passz\u00edv \u00e9p\u00edt\u00e9ssel<\/p><\/li><li><p><strong>Sz\u00e1ll\u00edt\u00e1s:<\/strong> -70-90% a lokaliz\u00e1ci\u00f3n kereszt\u00fcl<\/p><\/li><li><p><strong>Ipar\u00e1g:<\/strong> -40-60% a k\u00f6rforg\u00e1sos gazdas\u00e1gon kereszt\u00fcl<\/p><\/li><li><p><strong>Luxusfogyaszt\u00e1s:<\/strong> -90% a t\u00faltermel\u00e9s megsz\u00fcntet\u00e9se miatt<\/p><\/li><\/ul><p><strong>Teljes cs\u00f6kken\u00e9s: 60-80% a glob\u00e1lis energiafogyaszt\u00e1sb\u00f3l<\/strong><\/p><div><hr \/><\/div><h2>7 A teljes \u00e1talakul\u00e1si l\u00e1nc: az eg\u00e9szs\u00e9gt\u0151l a b\u00e9k\u00e9ig<\/h2><h3>7.1 Permakult\u00fara \u2192 Eg\u00e9szs\u00e9ges \u00e9telek \u2192 Eg\u00e9szs\u00e9gesebb emberek<\/h3><p><strong>A bio\/permakult\u00far\u00e1s \u00e9lelmiszerek eg\u00e9szs\u00e9gesebbek:<\/strong><\/p><ul data-tight=\"true\"><li><p><strong>27% t\u00f6bb C-vitamin<\/strong> bioz\u00f6lds\u00e9gekben<\/p><\/li><li><p><strong>21% t\u00f6bb vas, 29% t\u00f6bb magn\u00e9zium<\/strong><\/p><\/li><li><p><strong>18-69% magasabb antioxid\u00e1ns aktivit\u00e1s<\/strong><\/p><\/li><li><p><strong>48% kevesebb kadmium<\/strong> (heavy metal)<\/p><\/li><li><p><strong>50% t\u00f6bb omega-3 zs\u00edrsavakat<\/strong> bioh\u00fasban \u00e9s -tejben<\/p><\/li><\/ul><p><strong>Eg\u00e9szs\u00e9g\u00fcgyi el\u0151ny\u00f6k:<\/strong><\/p><ul data-tight=\"true\"><li><p>A non-Hodgkin limf\u00f3ma, b\u00e9lr\u00e1k cs\u00f6kkent kock\u00e1zata<\/p><\/li><li><p>Kevesebb allergia a gyermekekn\u00e9l<\/p><\/li><li><p>Alacsonyabb BMI \u00e9s az elh\u00edz\u00e1s kock\u00e1zata<\/p><\/li><li><p>Kevesebb peszticid-expoz\u00edci\u00f3 \u2192 11% alacsonyabb hal\u00e1loz\u00e1s<\/p><\/li><\/ul><p><strong>Tudom\u00e1nyosan bizony\u00edtott: A permakult\u00far\u00e1s \u00e9lelmiszerek m\u00e9rhet\u0151en eg\u00e9szs\u00e9gesebb\u00e9 teszik az embereket.<\/strong><\/p><h3>7.2 Paradicsomi \u00e9letm\u00f3d \u2192 Boldogabb emberek<\/h3><p><strong>Harvard Grant Study (85 \u00e9ves hossz\u00fa t\u00e1v\u00fa tanulm\u00e1ny):<\/strong><\/p><ul data-tight=\"true\"><li><p><strong>A boldogs\u00e1g legfontosabb t\u00e9nyez\u0151je:<\/strong> Meleg, pozit\u00edv kapcsolatok (nem gazdags\u00e1g!)<\/p><\/li><li><p>Az 50 \u00e9ves korukban j\u00f3 kapcsolatokkal rendelkez\u0151 emberek 80 \u00e9vesen eg\u00e9szs\u00e9gesebbek voltak.<\/p><\/li><li><p>A p\u00e1rkapcsolati el\u00e9gedetts\u00e9g jobb el\u0151rejelz\u0151je az eg\u00e9szs\u00e9gnek, mint a koleszterinszint<\/p><\/li><\/ul><p><strong>A paradicsomi \u00e9letm\u00f3d teljes\u00edti a boldogs\u00e1g \u00f6sszetev\u0151it:<\/strong><\/p><ul data-tight=\"true\"><li><p><strong>\u00d6r\u00f6m:<\/strong> K\u00f6zels\u00e9g a term\u00e9szethez<\/p><\/li><li><p><strong>El\u00e9gedetts\u00e9g:<\/strong> K\u00f6z\u00f6ss\u00e9gi munka<\/p><\/li><li><p><strong>Jelent\u0151s\u00e9ge:<\/strong> Hozz\u00e1j\u00e1rul\u00e1s az eg\u00e9szhez<\/p><\/li><\/ul><h3>7.3 Boldogs\u00e1g \u2192 eg\u00e9szs\u00e9g \u00e9s hosszabb \u00e9let<\/h3><p><strong>Massz\u00edv tanul\u00e1si helyzet:<\/strong><\/p><ul data-tight=\"true\"><li><p><strong>35% alacsonyabb hal\u00e1loz\u00e1si kock\u00e1zat<\/strong> boldog emberekn\u00e9l (5 \u00e9ves k\u00f6vet\u00e9s)<\/p><\/li><li><p>Az optimista emberek l\u00e9nyegesen tov\u00e1bb \u00e9lnek \u00e9s gyakrabban \u00e9rik el a \u201ekiv\u00e9telesen hossz\u00fa \u00e9letet\u201c (85+ \u00e9v).<\/p><\/li><\/ul><p><strong>Mechanizmusok:<\/strong><\/p><ul data-tight=\"true\"><li><p>A boldogs\u00e1g cs\u00f6kkenti a stresszt \u2192 jobb immunv\u00e1lasz<\/p><\/li><li><p>Er\u0151sebb ellen\u00e1ll\u00f3 k\u00e9pess\u00e9g a megpr\u00f3b\u00e1ltat\u00e1sokkal szemben<\/p><\/li><li><p>Jobb probl\u00e9mamegold\u00f3 k\u00e9szs\u00e9g<\/p><\/li><li><p><strong>A mag\u00e1ny meg\u00f6l<\/strong> - ugyanolyan er\u0151s, mint a doh\u00e1nyz\u00e1s<\/p><\/li><\/ul><p><strong>Tudom\u00e1nyosan bizony\u00edtott: A boldog emberek hosszabb \u00e9s eg\u00e9szs\u00e9gesebb \u00e9letet \u00e9lnek.<\/strong><\/p><h3>7.4 Boldogs\u00e1g \u2192 Kevesebb fogyaszt\u00e1s<\/h3><p><strong>A kompenz\u00e1ci\u00f3s fogyaszt\u00e1s nem alkalmazhat\u00f3:<\/strong><\/p><ul data-tight=\"true\"><li><p>Az emberek az\u00e9rt v\u00e1s\u00e1rolnak, hogy bet\u00f6ltsenek egy \u00e9rzelmi \u0171rt<\/p><\/li><li><p>A st\u00e1tuszfogyaszt\u00e1s a val\u00f3di kapcsolatok hely\u00e9be l\u00e9p<\/p><\/li><li><p>Az anyagi javak mint az \u00e9rtelem helyettes\u00edt\u0151i<\/p><\/li><\/ul><p><strong>Gradido rendszerrel:<\/strong><\/p><ul data-tight=\"true\"><li><p>Az alapj\u00f6vedelem megsz\u00fcnteti az egzisztenci\u00e1lis f\u00e9lelmet<\/p><\/li><li><p>Tulajdonjog helyett hozz\u00e1j\u00e1rul\u00e1son alapul\u00f3 st\u00e1tusz<\/p><\/li><li><p>K\u00f6z\u00f6ss\u00e9gi orient\u00e1ci\u00f3 az anyagiass\u00e1g helyett<\/p><\/li><li><p>Id\u0151j\u00f3l\u00e9t a v\u00e1s\u00e1rl\u00e1si \u0151r\u00fclet helyett<\/p><\/li><\/ul><h3>7.5 Boldogs\u00e1g \u2192 B\u00e9ke \u00e9s \u0151szintes\u00e9g<\/h3><p><strong>Mechanizmusok:<\/strong><\/p><ul data-tight=\"true\"><li><p>Nincs forr\u00e1shi\u00e1ny \u2192 nincsenek eloszt\u00e1si konfliktusok<\/p><\/li><li><p>Nincs ad\u00f3ss\u00e1gcsapda \u2192 nincs kizs\u00e1km\u00e1nyol\u00e1s<\/p><\/li><li><p>Egyenl\u0151 r\u00e9szv\u00e9tel \u2192 nincs irigys\u00e9gspir\u00e1l<\/p><\/li><li><p>Egy\u00fcttm\u0171k\u00f6d\u00e9s racion\u00e1lis \u2192 Er\u0151szak irracion\u00e1lis<\/p><\/li><\/ul><p><strong>B\u0171n\u00f6z\u00e9s:<\/strong><\/p><ul data-tight=\"true\"><li><p>F\u0151 ok: szeg\u00e9nys\u00e9g, kil\u00e1t\u00e1stalans\u00e1g, egzisztenci\u00e1lis f\u00e9lelem.<\/p><\/li><li><p>Alapj\u00f6vedelemmel: A b\u0171n\u00f6z\u00e9s struktur\u00e1lis okainak felsz\u00e1mol\u00e1sa<\/p><\/li><li><p>Az \u0151szintes\u00e9get d\u00edjazz\u00e1k (a gondoskod\u00e1s munk\u00e1j\u00e1t megbecs\u00fclik).<\/p><\/li><li><p>A csal\u00e1s vonz\u00f3v\u00e1 v\u00e1lik (nem lehets\u00e9ges a felhalmoz\u00e1s).<\/p><\/li><\/ul><h3>7.6 A demogr\u00e1fiai \u00e1tmenet: j\u00f3l\u00e9t \u2192 optim\u00e1lis n\u00e9pess\u00e9gsz\u00e1m<\/h3><p><strong>A demogr\u00e1fiai \u00e1tmenet:<\/strong><\/p><ul data-tight=\"true\"><li><p><strong>Szeg\u00e9ny orsz\u00e1gok:<\/strong> Magas sz\u00fclet\u00e9si ar\u00e1ny (4-7 gyermek\/n\u0151)<\/p><\/li><li><p><strong>Gazdag orsz\u00e1gok:<\/strong> Alacsony sz\u00fclet\u00e9si ar\u00e1nysz\u00e1m (1,3-1,8 gyermek\/n\u0151)<\/p><\/li><li><p><strong>Mechanizmus:<\/strong> Oktat\u00e1s (k\u00fcl\u00f6n\u00f6sen a n\u0151k) \u2192 kevesebb gyermek<\/p><\/li><\/ul><p><strong>A cs\u00f6kken\u00e9s okai:<\/strong><\/p><ol data-tight=\"true\"><li><p><strong>Oktat\u00e1s:<\/strong> K\u00e9slelteti a gyermekv\u00e1llal\u00e1si v\u00e1gyat, lehet\u0151v\u00e9 teszi az auton\u00f3mi\u00e1t.<\/p><\/li><li><p><strong>A gyermekhaland\u00f3s\u00e1g cs\u00f6kken:<\/strong> Kevesebb \u201ebiztos\u00edt\u00e1si gyermekre\u201c van sz\u00fcks\u00e9g<\/p><\/li><li><p><strong>\u00c1llapotverseny:<\/strong> A min\u0151s\u00e9gbe (oktat\u00e1s) val\u00f3 beruh\u00e1z\u00e1s a mennyis\u00e9g (gyermekek sz\u00e1ma) helyett.<\/p><\/li><li><p><strong>Gazdas\u00e1gi v\u00e1ltoz\u00e1s:<\/strong> Gyermekek a termel\u00e9si t\u00e9nyez\u0151t\u0151l a k\u00f6lts\u00e9gt\u00e9nyez\u0151ig<\/p><\/li><\/ol><p><strong>Gradido hat\u00e1s:<\/strong><\/p><ul data-tight=\"true\"><li><p>Glob\u00e1lis j\u00f3l\u00e9t az egy f\u0151re jut\u00f3 p\u00e9nzteremt\u00e9s r\u00e9v\u00e9n<\/p><\/li><li><p>Hozz\u00e1f\u00e9r\u00e9s az oktat\u00e1shoz mindenki sz\u00e1m\u00e1ra<\/p><\/li><li><p>Nincs szeg\u00e9nys\u00e9g \u2192 nincs sz\u00fcks\u00e9g \u201ebiztos\u00edt\u00e1si gyermekekre\u201c<\/p><\/li><li><p><strong>Eredm\u00e9ny: Term\u00e9szetes cs\u00f6kken\u00e9s az optim\u00e1lis szintre<\/strong><\/p><\/li><\/ul><p><strong>A \u201et\u00faln\u00e9pesed\u00e9si probl\u00e9m\u00e1t\u201c rokonszenves, szeretetteljes m\u00f3don oldj\u00e1k meg:<\/strong><\/p><ul data-tight=\"true\"><li><p>K\u00e9nyszerint\u00e9zked\u00e9sek n\u00e9lk\u00fcl<\/p><\/li><li><p>Nincs egygyermekes politika<\/p><\/li><li><p>Hanem ink\u00e1bb: Oktat\u00e1s, j\u00f3l\u00e9t, \u00f6nrendelkez\u00e9s \u2192 \u00f6nk\u00e9ntes hanyatl\u00e1s.<\/p><\/li><\/ul><h3>7.7 Teljes oks\u00e1gi l\u00e1nc (tudom\u00e1nyosan bizony\u00edtott)<\/h3><table><tbody><tr><th><p>Szakdolgozat<\/p><\/th><th><p>Tudom\u00e1nyos st\u00e1tusz<\/p><\/th><th><p>Bizony\u00edt\u00e9kok<\/p><\/th><\/tr><tr><td><p>Permakult\u00fara \u2192 Eg\u00e9szs\u00e9ges \u00e9lelmiszer<\/p><\/td><td><p>Foglalt<\/p><\/td><td><p>27% t\u00f6bb vitamin, 48% kevesebb neh\u00e9zf\u00e9m<\/p><\/td><\/tr><tr><td><p>Eg\u00e9szs\u00e9ges \u00e9telek \u2192 Eg\u00e9szs\u00e9gesebb emberek<\/p><\/td><td><p>Foglalt<\/p><\/td><td><p>Alacsonyabb a r\u00e1k \u00e9s az elh\u00edz\u00e1s kock\u00e1zata<\/p><\/td><\/tr><tr><td><p>Paradicsomi \u00e9letm\u00f3d \u2192 Boldogs\u00e1g<\/p><\/td><td><p>Foglalt<\/p><\/td><td><p>Harvard 85 \u00e9ves tanulm\u00e1ny<\/p><\/td><\/tr><tr><td><p>Boldogs\u00e1g \u2192 Eg\u00e9szs\u00e9g \u00e9s hossz\u00fa \u00e9let<\/p><\/td><td><p>Foglalt<\/p><\/td><td><p>35% alacsonyabb mortalit\u00e1s<\/p><\/td><\/tr><tr><td><p>Boldogs\u00e1g \u2192 Kevesebb fogyaszt\u00e1s<\/p><\/td><td><p>\u2705 Logikusan megalapozott<\/p><\/td><td><p>Kompenz\u00e1ci\u00f3s fogyaszt\u00e1s nem alkalmazhat\u00f3<\/p><\/td><\/tr><tr><td><p>Boldogs\u00e1g \u2192 B\u00e9ke \u00e9s \u0151szintes\u00e9g<\/p><\/td><td><p>\u2705 Logikusan megalapozott<\/p><\/td><td><p>Az er\u0151forr\u00e1s-konfliktusok kik\u00fcsz\u00f6b\u00f6l\u00e9se<\/p><\/td><\/tr><tr><td><p>J\u00f3l\u00e9t \u2192 Kevesebb gyermek<\/p><\/td><td><p>Foglalt<\/p><\/td><td><p>Demogr\u00e1fiai \u00e1tmenet vil\u00e1gszerte<\/p><\/td><\/tr><\/tbody><\/table><div><hr \/><\/div><h2>8. mennyis\u00e9gi meghat\u00e1roz\u00e1s: 65-80% Lehets\u00e9ges energiacs\u00f6kkent\u00e9s<\/h2><h3>8.1 Konzervat\u00edv becsl\u00e9s a gradido megval\u00f3s\u00edt\u00e1s\u00e1hoz<\/h3><table><tbody><tr><th><p>Tartom\u00e1ny<\/p><\/th><th><p>Jelenlegi hullad\u00e9k<\/p><\/th><th><p>Megtakar\u00edt\u00e1si potenci\u00e1l<\/p><\/th><\/tr><tr><td><p>P\u00e9nz\u00fcgyi szektor<\/p><\/td><td><p>2-3% glob\u00e1lis energia<\/p><\/td><td><p>80-90% Cs\u00f6kkent\u00e9s<\/p><\/td><\/tr><tr><td><p>Rekl\u00e1mipar<\/p><\/td><td><p>1-2% glob\u00e1lis energia<\/p><\/td><td><p>90-95% Cs\u00f6kkent\u00e9s<\/p><\/td><\/tr><tr><td><p>Tervezett elavul\u00e1s<\/p><\/td><td><p>15-20% Termel\u00e9si energia<\/p><\/td><td><p>60-70% Cs\u00f6kkent\u00e9s<\/p><\/td><\/tr><tr><td><p>T\u00faltermel\u00e9s<\/p><\/td><td><p>30-40% T\u00falkapacit\u00e1s<\/p><\/td><td><p>50-60% Cs\u00f6kkent\u00e9s<\/p><\/td><\/tr><tr><td><p>Versenyk\u00f6lts\u00e9gek<\/p><\/td><td><p>10-15% K+F\/Marketing<\/p><\/td><td><p>70-80% Cs\u00f6kkent\u00e9s<\/p><\/td><\/tr><tr><td><p>K\u00f6zleked\u00e9s (glob\u00e1lis)<\/p><\/td><td><p>25% Teljes energia<\/p><\/td><td><p>30-40% Cs\u00f6kkent\u00e9s<\/p><\/td><\/tr><tr><td><p>A b\u00fcrokr\u00e1cia<\/p><\/td><td><p>2-3% Teljes energia<\/p><\/td><td><p>60-70% Cs\u00f6kkent\u00e9s<\/p><\/td><\/tr><\/tbody><\/table><p><strong>Teljes potenci\u00e1l: 40-60% A glob\u00e1lis energiafogyaszt\u00e1s cs\u00f6kken\u00e9se<\/strong><\/p><h3>8.2 Tudom\u00e1nyos t\u00e1mogat\u00e1s<\/h3><ul data-tight=\"true\"><li><p><strong>Degrowth tanulm\u00e1ny:<\/strong> A glob\u00e1lis energiasz\u00fcks\u00e9glet 2050-re el\u00e9rheti az 1960-as \u00e9vek szintj\u00e9t (a n\u00e9pess\u00e9g 3x-os n\u00f6veked\u00e9se ellen\u00e9re).<\/p><\/li><li><p><strong>K\u00f6rforg\u00e1sos gazdas\u00e1g:<\/strong> 45% A kibocs\u00e1t\u00e1scs\u00f6kkent\u00e9s az energia\u00e1t\u00e1ll\u00e1s mellett is lehets\u00e9ges<\/p><\/li><li><p><strong>El\u00e9gs\u00e9ges politika:<\/strong> 21-29% Energiacs\u00f6kkent\u00e9s a j\u00f3l\u00e9t elveszt\u00e9se n\u00e9lk\u00fcl<\/p><\/li><\/ul><h3>8.3 2050-es forgat\u00f3k\u00f6nyv: \u201eParadicsomi F\u00f6ld\u201c<\/h3><table><tbody><tr><th><p>Tartom\u00e1ny<\/p><\/th><th><p>Ma<\/p><\/th><th><p>Gradido + permakult\u00fara + mesters\u00e9ges intelligenci\u00e1val<\/p><\/th><th><p>Cs\u00f6kkent\u00e9s<\/p><\/th><\/tr><tr><td><p>Mez\u0151gazdas\u00e1g<\/p><\/td><td><p>1,431 PJ (EU)<\/p><\/td><td><p>290-580 PJ<\/p><\/td><td><p>-60-80%<\/p><\/td><\/tr><tr><td><p>Lak\u00e1s (f\u0171t\u00e9s\/h\u0171t\u00e9s)<\/p><\/td><td><p>30% Teljes energia<\/p><\/td><td><p>9-15%<\/p><\/td><td><p>-50-70%<\/p><\/td><\/tr><tr><td><p>Sz\u00e1ll\u00edt\u00e1s<\/p><\/td><td><p>25% Teljes energia<\/p><\/td><td><p>2,5-7,5%<\/p><\/td><td><p>-70-90%<\/p><\/td><\/tr><tr><td><p>Ipar\u00e1g<\/p><\/td><td><p>25% Teljes energia<\/p><\/td><td><p>10-15%<\/p><\/td><td><p>-40-60%<\/p><\/td><\/tr><tr><td><p>Fogyaszt\u00e1s\/szolg\u00e1ltat\u00e1sok<\/p><\/td><td><p>20% Teljes energia<\/p><\/td><td><p>2-6%<\/p><\/td><td><p>-70-90%<\/p><\/td><\/tr><tr><td><p><strong>\u00d6SSZESEN<\/strong><\/p><\/td><td><p><strong>100%<\/strong><\/p><\/td><td><p><strong>20-35%<\/strong><\/p><\/td><td><p><strong>65-80%<\/strong><\/p><\/td><\/tr><\/tbody><\/table><p><strong>Eredm\u00e9ny: 20-35% mai energi\u00e1val, paradicsomi \u00e9let mindenkinek!<\/strong><\/p><div><hr \/><\/div><h2>9. K\u00f6vetkeztet\u00e9s: a f\u00f6ldi paradicsom tudom\u00e1nyosan megval\u00f3s\u00edthat\u00f3.<\/h2><h3>9.1 Az \u00e1ltal\u00e1nos megold\u00e1s<\/h3><p><strong>Gradido + Permakult\u00fara + AI mint eszk\u00f6z =<\/strong><\/p><ul data-tight=\"true\"><li><p>Eg\u00e9szs\u00e9ges \u00e9telek (dokument\u00e1lva)<\/p><\/li><li><p>Boldog emberek (elfoglaltak)<\/p><\/li><li><p>Hosszabb \u00e9lettartam (foglalt)<\/p><\/li><li><p>Kevesebb fogyaszt\u00e1s (logikus)<\/p><\/li><li><p>Kevesebb h\u00e1bor\u00fa (struktur\u00e1lis)<\/p><\/li><li><p>Optim\u00e1lis n\u00e9pess\u00e9g (demogr\u00e1fiai \u00e1tmenet)<\/p><\/li><li><p><strong>65-80% Energiacs\u00f6kkent\u00e9s (sz\u00e1mszer\u0171s\u00edtve)<\/strong><\/p><\/li><\/ul><h3>9.2 Minden l\u00e9p\u00e9s tudom\u00e1nyosan megalapozott<\/h3><p>Ez a v\u00edzi\u00f3 nem ut\u00f3pia, hanem egy <strong>Tudom\u00e1nyosan megalapozott, megval\u00f3s\u00edthat\u00f3 \u00fctemterv<\/strong>:<\/p><ol data-tight=\"true\"><li><p>\u2705 <strong>A Gradido kik\u00fcsz\u00f6b\u00f6li a n\u00f6veked\u00e9s sz\u00fcks\u00e9gess\u00e9g\u00e9t<\/strong> \u2192 Kevesebb t\u00faltermel\u00e9s<\/p><\/li><li><p>\u2705 <strong>A verseny hely\u00e9be az egy\u00fcttm\u0171k\u00f6d\u00e9s l\u00e9p<\/strong> \u2192 Jelent\u0151s hat\u00e9konys\u00e1gn\u00f6veked\u00e9s<\/p><\/li><li><p>\u2705 <strong>A mesters\u00e9ges intelligencia mint a k\u00f6zj\u00f3 eszk\u00f6ze<\/strong> \u2192 Az er\u0151forr\u00e1sok intelligens felhaszn\u00e1l\u00e1sa<\/p><\/li><li><p>\u2705 <strong>A k\u00f6rforg\u00e1sos gazdas\u00e1g standardd\u00e1 v\u00e1lik<\/strong> \u2192 Az anyagfelhaszn\u00e1l\u00e1s cs\u00f6kken<\/p><\/li><li><p>\u2705 <strong>Pszichol\u00f3giai \u00e1talakul\u00e1s<\/strong> \u2192 A fogyaszt\u00e1st\u00f3l az \u00e9letmin\u0151s\u00e9gig<\/p><\/li><li><p>\u2705 <strong>Permakult\u00fara<\/strong> \u2192 Ugyanaz a termel\u00e9kenys\u00e9g, 60-80% kevesebb energi\u00e1val<\/p><\/li><li><p>\u2705 <strong>Term\u00e9szetes \u00e9letm\u00f3d<\/strong> \u2192 75-90% kevesebb energia, magasabb \u00e9letmin\u0151s\u00e9ggel<\/p><\/li><\/ol><h3>9.3 A meta-felismer\u00e9s<\/h3><p>Az emberis\u00e9g minden probl\u00e9m\u00e1ja (szeg\u00e9nys\u00e9g, betegs\u00e9gek, k\u00f6rnyezetpuszt\u00edt\u00e1s, h\u00e1bor\u00fak, t\u00faln\u00e9pesed\u00e9s) <strong>nem elszigetelt<\/strong>, de <strong>A diszfunkcion\u00e1lis monet\u00e1ris rendszer t\u00fcnetei<\/strong>.<\/p><p>Azzal, hogy egy <strong>\u00e9letjav\u00edt\u00f3 rendszer<\/strong> a probl\u00e9m\u00e1kat nem csak egy\u00e9nileg oldj\u00e1k meg, hanem <strong>szinergi\u00e1ban<\/strong>:<\/p><ul data-tight=\"true\"><li><p>Javul az eg\u00e9szs\u00e9g \u2192 Cs\u00f6kkennek az eg\u00e9szs\u00e9g\u00fcgyi k\u00f6lts\u00e9gek \u2192 T\u00f6bb forr\u00e1s az oktat\u00e1sra<\/p><\/li><li><p>N\u0151 az oktat\u00e1s \u2192 cs\u00f6kken a sz\u00fclet\u00e9si r\u00e1ta \u2192 kisebb az er\u0151forr\u00e1sokra nehezed\u0151 nyom\u00e1s \u2192 nagyobb az egy f\u0151re jut\u00f3 j\u00f3l\u00e9t<\/p><\/li><li><p>N\u0151 a j\u00f3l\u00e9t \u2192 N\u0151 a boldogs\u00e1g \u2192 N\u0151 az eg\u00e9szs\u00e9g \u2192 N\u0151 a termel\u00e9kenys\u00e9g \u2192 N\u0151 a termel\u00e9kenys\u00e9g<\/p><\/li><li><p><strong>Pozit\u00edv felfel\u00e9 \u00edvel\u0151 spir\u00e1l a rombol\u00f3 \u00f6rd\u00f6gi k\u00f6r helyett<\/strong><\/p><\/li><\/ul><h3>9.4 A megval\u00f3s\u00edt\u00e1si \u00fatvonal<\/h3><p><strong>1. szakasz (2025-2035): K\u00eds\u00e9rleti projektek<\/strong><\/p><ul data-tight=\"true\"><li><p>Helyi Gradido k\u00f6z\u00f6ss\u00e9gek: -20-30% Energiafogyaszt\u00e1s<\/p><\/li><li><p>A megval\u00f3s\u00edthat\u00f3s\u00e1g igazol\u00e1sa k\u00fcl\u00f6nb\u00f6z\u0151 kult\u00far\u00e1kban<\/p><\/li><li><p>AI-t\u00e1mogatott permakult\u00fara-tervez\u00e9s<\/p><\/li><\/ul><p><strong>2. szakasz (2035-2045): Region\u00e1lis elfogad\u00e1s<\/strong><\/p><ul data-tight=\"true\"><li><p>T\u00f6bb orsz\u00e1g\/r\u00e9gi\u00f3: -30-40% Energiafogyaszt\u00e1s<\/p><\/li><li><p>H\u00e1l\u00f3zati hat\u00e1sok a r\u00e9gi\u00f3k k\u00f6z\u00f6tti egy\u00fcttm\u0171k\u00f6d\u00e9s r\u00e9v\u00e9n<\/p><\/li><li><p>Tud\u00e1s\u00e1tad\u00e1s mesters\u00e9ges intelligencia seg\u00edts\u00e9g\u00e9vel<\/p><\/li><\/ul><p><strong>3. szakasz (2045-2060): Glob\u00e1lis \u00e1talakul\u00e1s<\/strong><\/p><ul data-tight=\"true\"><li><p>Glob\u00e1lis v\u00e9grehajt\u00e1s: -40-60% Energiafogyaszt\u00e1s<\/p><\/li><li><p>Az AI t\u00e1mogatja az er\u0151forr\u00e1sok optim\u00e1lis kihaszn\u00e1l\u00e1s\u00e1t<\/p><\/li><li><p>A k\u00f6rk\u00f6r\u00f6s gazdas\u00e1g alapfelszerelts\u00e9gk\u00e9nt<\/p><\/li><li><p><strong>F\u00f6ldi paradicsom minden ember sz\u00e1m\u00e1ra<\/strong><\/p><\/li><\/ul><h3>9.5 A k\u00f6zponti \u00fczenet<\/h3><p><strong>A f\u00f6ldi paradicsom nem ut\u00f3pia, hanem:<\/strong><\/p><ul data-tight=\"true\"><li><p><strong>Technikailag megval\u00f3s\u00edthat\u00f3<\/strong> (permakult\u00fara, mesters\u00e9ges intelligencia, meg\u00fajul\u00f3 energi\u00e1k)<\/p><\/li><li><p><strong>Tudom\u00e1nyosan megalapozott<\/strong> (t\u00f6bb mint 350 forr\u00e1s ebben \u00e9s a k\u00eds\u00e9r\u0151 dokumentumban)<\/p><\/li><li><p><strong>Gazdas\u00e1gilag \u00e9sszer\u0171<\/strong> (Gradido mint monet\u00e1ris rendszer)<\/p><\/li><li><p><strong>Pszichol\u00f3giailag vonz\u00f3<\/strong> (t\u00f6bb boldogs\u00e1got, eg\u00e9szs\u00e9get, \u00e9rtelmet)<\/p><\/li><li><p><strong>Energiatakar\u00e9kosabb<\/strong> (65-80% kevesebb fogyaszt\u00e1s)<\/p><\/li><\/ul><p><strong>Az emberis\u00e9g rendelkezik a tud\u00e1ssal, a technol\u00f3gi\u00e1val \u00e9s a modellel. M\u00e1r csak a k\u00f6z\u00f6s akarat hi\u00e1nyzik a megval\u00f3s\u00edt\u00e1shoz.<\/strong><\/p><div><hr \/><\/div><h2>Hivatkoz\u00e1sok \u00e9s irodalomjegyz\u00e9k<\/h2><h2>\u201eEnergetikai \u00e1t\u00e1ll\u00e1s \u00e9s \u00e1talakul\u00e1s: a f\u00f6ldi paradicsomhoz vezet\u0151 \u00fat\u201c<\/h2><p>Ez a dokumentum tudom\u00e1nyos tanulm\u00e1nyokon, szakfoly\u00f3iratokon \u00e9s adatb\u00e1zisokon alapul. A f\u0151bb forr\u00e1sokat az al\u00e1bbiakban szisztematikusan, t\u00e9mak\u00f6r\u00f6k szerint soroljuk fel.<\/p><div><hr \/><\/div><h2>Q1. Bitcoin \u00e9s kriptovalut\u00e1k - energiafogyaszt\u00e1s<\/h2><h3>Energiam\u00e9rleg \u00e9s villamosenergia-k\u00f6lts\u00e9gek<\/h3><ul data-tight=\"true\"><li><p><strong>Digiconomist Bitcoin energiafogyaszt\u00e1si index (2025)<\/strong><br \/>Forr\u00e1s: <a href=\"https:\/\/digiconomist.net\/bitcoin-energy-consumption-index\">https:\/\/digiconomist.net\/bitcoin-energy-consumption-index<\/a><br \/>R\u00e9szletek: Jelenlegi val\u00f3s idej\u0171 adatok a Bitcoin energiafogyaszt\u00e1sr\u00f3l, tranzakci\u00f3nk\u00e9nti k\u00f6lts\u00e9gek (~1,216 kWh)<\/p><\/li><li><p><strong>Statista: Bitcoin energiafogyaszt\u00e1s 2025<\/strong><br \/>Forr\u00e1s: <a href=\"https:\/\/de.statista.com\/\">https:\/\/de.statista.com\/<\/a><br \/>R\u00e9szletek: 138-176 TWh \u00e9ves villamosenergia-fogyaszt\u00e1s, \u00f6sszehasonl\u00edt\u00e1s a nemzeti energiafogyaszt\u00e1ssal<\/p><\/li><li><p><strong>Carbon Brief: A Bitcoin-b\u00e1ny\u00e1szat kibocs\u00e1t\u00e1si intenzit\u00e1sa<\/strong><br \/>Forr\u00e1s: <a href=\"https:\/\/www.carbonbrief.org\/\">https:\/\/www.carbonbrief.org\/<\/a><br \/>R\u00e9szletek: CO2-kibocs\u00e1t\u00e1s (39,8-92,6 milli\u00f3 tonna\/\u00e9v), fosszilis energiaf\u00fcgg\u0151s\u00e9g (67%).<\/p><\/li><li><p><strong>The Verge: Az \u00e9vtized v\u00e9g\u00e9re az AI t\u00f6bb energi\u00e1t fogyaszthat, mint a Bitcoin (2025. m\u00e1jus)<\/strong><br \/>Forr\u00e1s: <a href=\"https:\/\/theverge.com\/\">https:\/\/theverge.com\/<\/a><br \/>R\u00e9szletek: AI vs Bitcoin n\u00f6veked\u00e9si el\u0151rejelz\u00e9s, megel\u0151zve a folyamatokat 2025-2030<\/p><\/li><li><p><strong>IEA Glob\u00e1lis energia\u00fcgyi jelent\u00e9s 2025<\/strong><br \/>Forr\u00e1s: <a href=\"https:\/\/www.iea.org\/\">https:\/\/www.iea.org\/<\/a><br \/>R\u00e9szletek: Glob\u00e1lis energiafogyaszt\u00e1si referenci\u00e1k, alapadatok<\/p><\/li><\/ul><h3>Alternat\u00edv kriptovalut\u00e1k (energiahat\u00e9konys\u00e1g)<\/h3><ul data-tight=\"true\"><li><p><strong>Ethereum proof-of-stake konverzi\u00f3 (2022-2023)<\/strong><br \/>R\u00e9szletek: 99,95% energiacs\u00f6kkent\u00e9s a proof-of-work-r\u0151l val\u00f3 \u00e1t\u00e1ll\u00e1s ut\u00e1n<\/p><\/li><li><p><strong>Algorand Fenntarthat\u00f3s\u00e1gi jelent\u00e9s<\/strong><br \/>R\u00e9szletek: 0,000008 kWh tranzakci\u00f3nk\u00e9nt (150 milli\u00f3szor hat\u00e9konyabb, mint a Bitcoin)<\/p><\/li><\/ul><div><hr \/><\/div><h2>Q2. Mesters\u00e9ges intelligencia - energiafogyaszt\u00e1s \u00e9s el\u0151rejelz\u00e9sek<\/h2><h3>Jelenlegi fogyaszt\u00e1s \u00e9s el\u0151rejelz\u00e9sek<\/h3><ul data-tight=\"true\"><li><p><strong>EKB: A mesters\u00e9ges intelligencia n\u00f6vekv\u0151 energiaig\u00e9nye \u00e9s annak hat\u00e1sai az eur\u00f3\u00f6vezetre (2025. m\u00e1rcius)<\/strong><br \/>Forr\u00e1s: <a href=\"https:\/\/www.ecb.europa.eu\/\">https:\/\/www.ecb.europa.eu\/<\/a><br \/>R\u00e9szletek: 46-82 TWh (2024), el\u0151rejelz\u00e9sek 2030-ig (200-900 TWh)<\/p><\/li><li><p><strong>McKinsey Glob\u00e1lis Energiaperspekt\u00edva 2025<\/strong><br \/>Forr\u00e1s: <a href=\"https:\/\/www.mckinsey.com\/\">https:\/\/www.mckinsey.com\/<\/a><br \/>R\u00e9szletek: Adatk\u00f6zpontok energiafogyaszt\u00e1sa, mesters\u00e9ges intelligencia r\u00e9szesed\u00e9se, forgat\u00f3k\u00f6nyv-elemz\u00e9sek<\/p><\/li><li><p><strong>Carbon Brief: (2025. szeptember)<\/strong><br \/>Forr\u00e1s: <a href=\"https:\/\/www.carbonbrief.org\/\">https:\/\/www.carbonbrief.org\/<\/a><br \/>R\u00e9szletek: Jevons-paradoxon, a hat\u00e9konyabb chipek magasabb fogyaszt\u00e1shoz vezetnek<\/p><\/li><li><p><strong>Goldman Sachs: Hogyan alak\u00edtja \u00e1t az AI az adatk\u00f6zpontokat \u00e9s n\u00f6veli az energiaig\u00e9nyt (2025. augusztus)<\/strong><br \/>Forr\u00e1s: <a href=\"https:\/\/www.goldmansachs.com\/\">https:\/\/www.goldmansachs.com\/<\/a><br \/>R\u00e9szletek: 500 milli\u00e1rd doll\u00e1ros beruh\u00e1z\u00e1sok, az amerikai adatk\u00f6zpontok megn\u00e9gyszerez\u0151dnek 2030-ra<\/p><\/li><\/ul><h3>Adatk\u00f6zpontok energiam\u00e9rlegei<\/h3><ul data-tight=\"true\"><li><p><strong>WEF: 2030-ra az adatk\u00f6zpontok t\u00f6bb \u00e1ramot fognak fogyasztani, mint Jap\u00e1n (2025. j\u00fanius)<\/strong><br \/>Forr\u00e1s: <a href=\"https:\/\/www.weforum.org\/\">https:\/\/www.weforum.org\/<\/a><br \/>R\u00e9szletek: Glob\u00e1lis adatk\u00f6zpontok 415 TWh (2024) \u2192 945 TWh (2030)<\/p><\/li><li><p><strong>Ember Energy: Glob\u00e1lis villamosenergia-k\u00f6z\u00e9pt\u00e1v\u00fa betekint\u00e9s 2025<\/strong><br \/>Forr\u00e1s: <a href=\"https:\/\/www.ember-energy.org\/\">https:\/\/www.ember-energy.org\/<\/a><br \/>R\u00e9szletek: Villamosenergia-fogyaszt\u00e1s vil\u00e1gszerte, trendelemz\u00e9sek<\/p><\/li><\/ul><h3>Kvantumsz\u00e1m\u00edt\u00f3g\u00e9pek \u00e9s potenci\u00e1l<\/h3><ul data-tight=\"true\"><li><p><strong>311 Int\u00e9zet: A kvantumsz\u00e1m\u00edt\u00f3g\u00e9pek cs\u00f6kkenthetik a kriptob\u00e1ny\u00e1szat energiafelhaszn\u00e1l\u00e1s\u00e1t (2023. november)<\/strong><br \/>Forr\u00e1s: <a href=\"https:\/\/311institute.com\/\">https:\/\/311institute.com\/<\/a><br \/>R\u00e9szletek: 90-95% energiacs\u00f6kkent\u00e9s lehets\u00e9ges, 512+ qubit sz\u00fcks\u00e9ges<\/p><\/li><li><p><strong>Deloitte: Kvantumsz\u00e1m\u00edt\u00f3g\u00e9pek \u00e9s a Bitcoin blokkl\u00e1nc (2024. okt\u00f3ber)<\/strong><br \/>Forr\u00e1s: <a href=\"https:\/\/www.deloitte.com\/\">https:\/\/www.deloitte.com\/<\/a><br \/>R\u00e9szletek: A kvantumsz\u00e1m\u00edt\u00e1stechnika kock\u00e1zatai \u00e9s lehet\u0151s\u00e9gei a kriptogr\u00e1fi\u00e1ban<\/p><\/li><\/ul><div><hr \/><\/div><h2>Q3. Permakult\u00fara \u00e9s mez\u0151gazdas\u00e1g<\/h2><h3>Termel\u00e9kenys\u00e9g \u00e9s energiamegtakar\u00edt\u00e1s<\/h3><ul data-tight=\"true\"><li><p><strong>Peer Community Journal: A k\u00f6z\u00e9p-eur\u00f3pai permakult\u00fara term\u00e9shozama (2025. febru\u00e1r)<\/strong><br \/>Forr\u00e1s: <a href=\"https:\/\/peercommunityjournal.org\/\">https:\/\/peercommunityjournal.org\/<\/a><br \/>R\u00e9szletek: 44% nagyobb termel\u00e9kenys\u00e9g, mint a biogazd\u00e1lkod\u00e1sban, 60-80% energiamegtakar\u00edt\u00e1s<\/p><\/li><li><p><strong>Science Direct: Permakult\u00fara, a hagyom\u00e1nyos mez\u0151gazdas\u00e1g \u00edg\u00e9retes alternat\u00edv\u00e1ja<\/strong><br \/>Forr\u00e1s: <a href=\"https:\/\/www.sciencedirect.com\/\">https:\/\/www.sciencedirect.com\/<\/a><br \/>R\u00e9szletek: \u00d6kol\u00f3giai el\u0151ny\u00f6k, sz\u00e9n-dioxid-t\u00e1rol\u00e1s, talajregener\u00e1ci\u00f3<\/p><\/li><li><p><strong>Columbia Climate School: A permakult\u00fara megk\u00f6zel\u00edt\u00e9se a v\u00edzzel kapcsolatban<\/strong><br \/>Forr\u00e1s: <a href=\"https:\/\/news.climate.columbia.edu\/\">https:\/\/news.climate.columbia.edu\/<\/a><br \/>R\u00e9szletek: V\u00edzt\u00e1rol\u00e1s, csapad\u00e9k optimaliz\u00e1l\u00e1s<\/p><\/li><\/ul><h3>Hagyom\u00e1nyos mez\u0151gazdas\u00e1g \u00e9s energiafogyaszt\u00e1s<\/h3><ul data-tight=\"true\"><li><p><strong>Science Direct: Energiafelhaszn\u00e1l\u00e1s a szabadf\u00f6ldi mez\u0151gazdas\u00e1gban az EU-ban (2024)<\/strong><br \/>Forr\u00e1s: <a href=\"https:\/\/www.sciencedirect.com\/\">https:\/\/www.sciencedirect.com\/<\/a><br \/>R\u00e9szletek: 1,431 petajoule\/\u00e9v EU, 3,7% teljes energiafogyaszt\u00e1s<\/p><\/li><li><p><strong>ATTRA Fenntarthat\u00f3 mez\u0151gazdas\u00e1g: T\u00e1panyagk\u00f6rforg\u00e1s a legel\u0151k\u00f6n<\/strong><br \/>Forr\u00e1s: <a href=\"https:\/\/www.attra.ncat.org\/\">https:\/\/www.attra.ncat.org\/<\/a><br \/>R\u00e9szletek: T\u00e1panyagciklusok, talajeg\u00e9szs\u00e9g\u00fcgy<\/p><\/li><\/ul><div><hr \/><\/div><h2>Q4. Es\u0151erd\u0151k \u00e9s \u00f6kosziszt\u00e9m\u00e1k<\/h2><h3>Az Amazonas \u00f6kol\u00f3gi\u00e1ja \u00e9s t\u00e1panyagciklusok<\/h3><ul data-tight=\"true\"><li><p><strong>Nature: A nitrog\u00e9n k\u00f6rforg\u00e1s\u00e1nak fejl\u0151d\u00e9se az \u00fajran\u00f6vekv\u0151 amaz\u00f3niai erd\u0151kben (2019. j\u00fanius)<\/strong><br \/>Forr\u00e1s: <a href=\"https:\/\/www.nature.com\/\">https:\/\/www.nature.com\/<\/a><br \/>R\u00e9szletek: Nitrog\u00e9nciklus, regener\u00e1ci\u00f3 az erd\u0151irt\u00e1s ut\u00e1n (100+ \u00e9v)<\/p><\/li><li><p><strong>PNAS: A nagy\u00fczemi mez\u0151gazdas\u00e1g s\u00falyosb\u00edtja a talaj term\u00e9kenys\u00e9g\u00e9nek cs\u00f6kken\u00e9s\u00e9t (2021. febru\u00e1r)<\/strong><br \/>Forr\u00e1s: <a href=\"https:\/\/www.pnas.org\/\">https:\/\/www.pnas.org\/<\/a><br \/>R\u00e9szletek: Monokult\u00fara miatti talajpusztul\u00e1s, t\u00e1panyagveszt\u00e9s<\/p><\/li><li><p><strong>PMC\/NIH: Tr\u00f3pusi erd\u0151k \u00e9s a v\u00e1ltoz\u00f3 f\u00f6ldrendszer (2005)<\/strong><br \/>Forr\u00e1s: <a href=\"https:\/\/www.ncbi.nlm.nih.gov\/pmc\/\">https:\/\/www.ncbi.nlm.nih.gov\/pmc\/<\/a><br \/>R\u00e9szletek: Z\u00e1rt t\u00e1panyagciklusok, biomassza k\u00f6rforg\u00e1sa<\/p><\/li><li><p><strong>DW: Amazon: Amazonas: B\u0151s\u00e9ges es\u0151erd\u0151k, haszn\u00e1lhatatlan talajok<\/strong><br \/>Forr\u00e1s: <a href=\"https:\/\/www.dw.com\/\">https:\/\/www.dw.com\/<\/a><br \/>R\u00e9szletek: Talajterm\u00e9kenys\u00e9g az Amazonas vid\u00e9k\u00e9n, a biomassz\u00e1ban t\u00e1rolt t\u00e1panyagok<\/p><\/li><\/ul><h3>A szaharai por \u00e9s az Amazonas<\/h3><ul data-tight=\"true\"><li><p><strong>NASA: A sivatagi por t\u00e1pl\u00e1lja az amaz\u00f3niai erd\u0151ket (2023. j\u00fanius)<\/strong><br \/>Forr\u00e1s: <a href=\"https:\/\/science.nasa.gov\/\">https:\/\/science.nasa.gov\/<\/a><br \/>R\u00e9szletek: Foszforsz\u00e1ll\u00edt\u00e1s 22.000-28.000 tonna\/\u00e9v, ingadoz\u00e1s<\/p><\/li><li><p><strong>Nature: Az Amazonas-medenc\u00e9be \u00e9rkez\u0151 por az elm\u00falt 7500 \u00e9vben (2021. janu\u00e1r)<\/strong><br \/>Forr\u00e1s: <a href=\"https:\/\/www.nature.com\/\">https:\/\/www.nature.com\/<\/a><br \/>R\u00e9szletek: Hossz\u00fa t\u00e1v\u00fa perspekt\u00edva, region\u00e1lis k\u00fcl\u00f6nbs\u00e9gek<\/p><\/li><\/ul><h3>Amazonas erd\u0151irt\u00e1s<\/h3><ul data-tight=\"true\"><li><p><strong>MAAP (Amazon Mining Watch): Amazonas erd\u0151irt\u00e1s \u00e9s t\u0171zv\u00e9sz forr\u00f3 pontok 2024 (2025. szeptember)<\/strong><br \/>Forr\u00e1s: <a href=\"https:\/\/www.maapprogram.org\/\">https:\/\/www.maapprogram.org\/<\/a><br \/>R\u00e9szletek: 1,7 milli\u00f3 hekt\u00e1r 2024-ben, rekordok Bol\u00edvi\u00e1ban, Peruban<\/p><\/li><li><p><strong>Brazil korm\u00e1ny: 11,08 sz\u00e1zal\u00e9kkal cs\u00f6kkent az Amazonas-erd\u0151irt\u00e1s (2025. okt\u00f3ber)<\/strong><br \/>Forr\u00e1s: <a href=\"https:\/\/www.gov.br\/\">https:\/\/www.gov.br\/<\/a><br \/>R\u00e9szletek: 5,796 km\u00b2 Braz\u00edlia 2024-2025, tendenci\u00e1k<\/p><\/li><li><p><strong>Mongabay: (2025. okt\u00f3ber)<\/strong><br \/>Forr\u00e1s: <a href=\"https:\/\/news.mongabay.com\/\">https:\/\/news.mongabay.com\/<\/a><br \/>R\u00e9szletek: Region\u00e1lis k\u00fcl\u00f6nbs\u00e9gek, lehet\u0151s\u00e9gek \u00e9s kock\u00e1zatok<\/p><\/li><\/ul><h3>A sz\u00f3ja monokult\u00fara \u00e9s annak hat\u00e1sai<\/h3><ul data-tight=\"true\"><li><p><strong><a href=\"http:\/\/Zeit.de\">Time.com<\/a>: Sz\u00f3jatermeszt\u00e9s Braz\u00edli\u00e1ban: az es\u0151erd\u0151t\u0151l a v\u00e1ly\u00faig (2022. m\u00e1jus)<\/strong><br \/>Forr\u00e1s: <a href=\"https:\/\/www.zeit.de\/\">https:\/\/www.zeit.de\/<\/a><br \/>R\u00e9szletek: f\u00f6ldterjeszked\u00e9s, f\u00f6ldrabl\u00e1s, az es\u0151erd\u0151re gyakorolt hat\u00e1sok<\/p><\/li><li><p><strong>Science Direct: Braz\u00edliai Amazonas vid\u00e9k\u00e9n (2011. december)<\/strong><br \/>Forr\u00e1s: <a href=\"https:\/\/www.sciencedirect.com\/\">https:\/\/www.sciencedirect.com\/<\/a><br \/>R\u00e9szletek: 95% az el\u00e9gtelen talajterm\u00e9kenys\u00e9g\u0171 sz\u00e1nt\u00f3f\u00f6ldekr\u0151l<\/p><\/li><li><p><strong>Science Direct: Inkluzivit\u00e1s \u00e9s a sz\u00f3ja b\u0151v\u00edt\u00e9s\u00e9nek t\u00e1rsadalmi hat\u00e1sai<\/strong><br \/>Forr\u00e1s: <a href=\"https:\/\/www.sciencedirect.com\/\">https:\/\/www.sciencedirect.com\/<\/a><br \/>R\u00e9szletek: 1 munkahely 200 hekt\u00e1ronk\u00e9nt, v\u00e1llalati nyeres\u00e9g vs. helyi fejleszt\u00e9s<\/p><\/li><\/ul><div><hr \/><\/div><h2>Q5. A sivatagok z\u00f6ld\u00edt\u00e9se \u00e9s a t\u00e1j regener\u00e1l\u00e1sa<\/h2><h3>Nagy Z\u00f6ld Fal kezdem\u00e9nyez\u00e9s<\/h3><ul data-tight=\"true\"><li><p><strong>Wikipedia: Nagy Z\u00f6ld Fal (Afrika)<\/strong><br \/>Forr\u00e1s: <a href=\"https:\/\/en.wikipedia.org\/\">https:\/\/en.wikipedia.org\/<\/a><br \/>R\u00e9szletek: \u00c1ttekint\u00e9s, el\u0151zm\u00e9nyek, 11 orsz\u00e1g, 2030-as c\u00e9lok<\/p><\/li><li><p><strong><a href=\"http:\/\/Earth.org\">Earth.org<\/a>: A Nagy Z\u00f6ld Fal: A rem\u00e9ny fala vagy d\u00e9lib\u00e1b? (2025. november)<\/strong><br \/>Forr\u00e1s: <a href=\"https:\/\/earth.org\/\">https:\/\/earth.org\/<\/a><br \/>R\u00e9szletek: Jelenlegi helyzet 20 milli\u00f3 hekt\u00e1r el\u00e9r\u00e9se, kritikai elemz\u00e9s<\/p><\/li><li><p><strong>UNESCO\/UNCCD: Afrika nagy z\u00f6ld fala: a COP16 priorit\u00e1sa (2024. december)<\/strong><br \/>Forr\u00e1s: <a href=\"https:\/\/www.unccd.int\/\">https:\/\/www.unccd.int\/<\/a><br \/>R\u00e9szletek: Hivatalos programok, c\u00e9lkit\u0171z\u00e9sek, v\u00e9grehajt\u00e1s<\/p><\/li><li><p><strong>Glob\u00e1lis T\u00e1jak F\u00f3rum: Z\u00f6ld Fal (2025. j\u00fanius): Mi\u00e9rt \u00e9p\u00edt D\u00e9l-Afrika egy nagy z\u00f6ld falat (2025. j\u00fanius)<\/strong><br \/>Forr\u00e1s: <a href=\"https:\/\/thinklandscape.globallandscapesforum.org\/\">https:\/\/thinklandscape.globallandscapesforum.org\/<\/a><br \/>R\u00e9szletek: Region\u00e1lis p\u00e9ld\u00e1k Szeneg\u00e1l, Niger, Eti\u00f3pia<\/p><\/li><\/ul><h3>Kritika \u00e9s kih\u00edv\u00e1sok<\/h3><ul data-tight=\"true\"><li><p><strong>Pambazuka: Afrika: Ellen\u00e1ll\u00e1s a Nagy Z\u00f6ld Fal ellen (2011. \u00e1prilis)<\/strong><br \/>Forr\u00e1s: <a href=\"https:\/\/www.pambazuka.org\/\">https:\/\/www.pambazuka.org\/<\/a><br \/>R\u00e9szletek: civil szervezetek kritik\u00e1ja, invaz\u00edv fajok, f\u00f6ldrabl\u00e1s<\/p><\/li><li><p><strong>White Horse Press: \u201aGrowing a World Wonder\u2018: A Nagy Z\u00f6ld Fal problematiz\u00e1l\u00e1sa (2023. m\u00e1rcius)<\/strong><br \/>Forr\u00e1s: <a href=\"https:\/\/whitehorsepress.blog\/\">https:\/\/whitehorsepress.blog\/<\/a><br \/>R\u00e9szletek: Az \u00f6kosziszt\u00e9ma-v\u00e1ltoz\u00e1sok kritik\u00e1ja, tudom\u00e1nyos agg\u00e1lyok<\/p><\/li><li><p><strong>Science Direct: Afrika nagy z\u00f6ld d\u00e9lib\u00e1bja? Az elv\u00e1r\u00e1sok \u00e9s a megval\u00f3s\u00edt\u00e1s k\u00f6z\u00f6tti szakad\u00e9k felm\u00e9r\u00e9se<\/strong><br \/>Forr\u00e1s: <a href=\"https:\/\/www.sciencedirect.com\/\">https:\/\/www.sciencedirect.com\/<\/a><br \/>R\u00e9szletek: V\u00e9grehajt\u00e1si hi\u00e1nyoss\u00e1gok, hat\u00e9konys\u00e1gi probl\u00e9m\u00e1k<\/p><\/li><li><p><strong>WINS megold\u00e1sok: (2025. m\u00e1rcius)<\/strong><br \/>Forr\u00e1s: <a href=\"https:\/\/winssolutions.org\/\">https:\/\/winssolutions.org\/<\/a><br \/>R\u00e9szletek: Csak 15% t\u00fal\u00e9l\u00e9si ar\u00e1ny, v\u00edzhi\u00e1ny, hamis fajok<\/p><\/li><\/ul><div><hr \/><\/div><h2>Q6. Eg\u00e9szs\u00e9g, boldogs\u00e1g \u00e9s \u00e9letmin\u0151s\u00e9g<\/h2><h3>Bio\u00e9lelmiszerek \u00e9s eg\u00e9szs\u00e9g<\/h3><ul data-tight=\"true\"><li><p><strong>PMC\/NIH: A bio\u00e9lelmiszerek \u00e1tfog\u00f3 elemz\u00e9se (2024. janu\u00e1r)<\/strong><br \/>Forr\u00e1s: <a href=\"https:\/\/www.ncbi.nlm.nih.gov\/pmc\/\">https:\/\/www.ncbi.nlm.nih.gov\/pmc\/<\/a><br \/>R\u00e9szletek: 27% t\u00f6bb C-vitamin, 21% t\u00f6bb vas, 29% t\u00f6bb magn\u00e9zium.<\/p><\/li><li><p><strong>Science Direct: (2019. december)<\/strong><br \/>Forr\u00e1s: <a href=\"https:\/\/www.sciencedirect.com\/\">https:\/\/www.sciencedirect.com\/<\/a><br \/>R\u00e9szletek: Cs\u00f6kkentett r\u00e1kkock\u00e1zat, kevesebb allergia<\/p><\/li><li><p><strong>BBC: Jobbak-e a bio\u00e9lelmiszerek? (2025. okt\u00f3ber)<\/strong><br \/>Forr\u00e1s: <a href=\"https:\/\/www.bbc.com\/\">https:\/\/www.bbc.com\/<\/a><br \/>R\u00e9szletek: Jelenlegi \u00e9rt\u00e9kel\u00e9s, tudom\u00e1nyos konszenzus<\/p><\/li><\/ul><h3>Boldogs\u00e1g \u00e9s hossz\u00fa \u00e9let<\/h3><ul data-tight=\"true\"><li><p><strong>Harvard News: A j\u00f3 g\u00e9nek sz\u00e9pek, de az \u00f6r\u00f6m m\u00e9g jobb (2024. janu\u00e1r)<\/strong><br \/>Forr\u00e1s: <a href=\"https:\/\/news.harvard.edu\/\">https:\/\/news.harvard.edu\/<\/a><br \/>R\u00e9szletek: 85 \u00e9ves Harvard Grant Study, a boldogs\u00e1g mint f\u0151 t\u00e9nyez\u0151<\/p><\/li><li><p><strong>Tudom\u00e1ny: A boldogs\u00e1g \u00f6sszef\u00fcgg a hosszabb \u00e9lettel (2011. okt\u00f3ber)<\/strong><br \/>Forr\u00e1s: <a href=\"https:\/\/science.org\/\">https:\/\/science.org\/<\/a><br \/>R\u00e9szletek: 35% alacsonyabb hal\u00e1loz\u00e1si kock\u00e1zat a boldog emberekn\u00e9l<\/p><\/li><li><p><strong>PMC\/NIH: A boldog emberek tov\u00e1bb \u00e9lnek: szubjekt\u00edv j\u00f3ll\u00e9t \u00e9s hossz\u00fa \u00e9let<\/strong><br \/>Forr\u00e1s: <a href=\"https:\/\/www.ncbi.nlm.nih.gov\/pmc\/\">https:\/\/www.ncbi.nlm.nih.gov\/pmc\/<\/a><br \/>R\u00e9szletek: Mechanizmusok, stresszcs\u00f6kkent\u00e9s, reziliencia<\/p><\/li><li><p><strong>WEF: A tud\u00f3sok megtal\u00e1lt\u00e1k az eg\u00e9szs\u00e9ges, boldog \u00e9let kulcs\u00e1t: a kapcsolatok (2025. j\u00fanius)<\/strong><br \/>Forr\u00e1s: <a href=\"https:\/\/www.weforum.org\/\">https:\/\/www.weforum.org\/<\/a><br \/>R\u00e9szletek: A mag\u00e1ny mint kock\u00e1zati t\u00e9nyez\u0151, a kapcsolatok k\u00f6zponti szerepet j\u00e1tszanak<\/p><\/li><li><p><strong>Stanford Medicine: A hossz\u00fa \u00e9let tudom\u00e1nya: A boldogs\u00e1g \u00e9s az eg\u00e9szs\u00e9g \u00f6tv\u00f6z\u00e9se<\/strong><br \/>Forr\u00e1s: <a href=\"https:\/\/med.stanford.edu\/\">https:\/\/med.stanford.edu\/<\/a><br \/>R\u00e9szletek: Optimizmus, hossz\u00fa \u00e9let, megel\u0151z\u00e9s<\/p><\/li><\/ul><div><hr \/><\/div><h2>Q7. Demogr\u00e1fiai \u00e1tmenet \u00e9s term\u00e9kenys\u00e9g<\/h2><h3>Term\u00e9kenys\u00e9g \u00e9s j\u00f3l\u00e9t<\/h3><ul data-tight=\"true\"><li><p><strong>Royal Society Publishing: Status competition, inequality, and fertility (2016. \u00e1prilis)<\/strong><br \/>Forr\u00e1s: <a href=\"https:\/\/royalsocietypublishing.org\/\">https:\/\/royalsocietypublishing.org\/<\/a><br \/>R\u00e9szletek: A vagyon \u00e9s a gyermekek sz\u00e1ma k\u00f6z\u00f6tti kapcsolat, az oktat\u00e1s \u00e9s a term\u00e9kenys\u00e9g k\u00f6z\u00f6tti kompromisszum<\/p><\/li><li><p><strong>Science Direct: A term\u00e9kenys\u00e9g cs\u00f6kken\u00e9se \u00e9s a j\u00f3l\u00e9t, a st\u00e1tusz dinamik\u00e1j\u00e1nak v\u00e1ltoz\u00e1sa (2015. m\u00e1jus)<\/strong><br \/>Forr\u00e1s: <a href=\"https:\/\/www.sciencedirect.com\/\">https:\/\/www.sciencedirect.com\/<\/a><br \/>R\u00e9szletek: Az oktat\u00e1s kulcsfontoss\u00e1g\u00fa t\u00e9nyez\u0151, k\u00fcl\u00f6n\u00f6sen a n\u0151k eset\u00e9ben<\/p><\/li><li><p><strong>OECD: A cs\u00f6kken\u0151 term\u00e9kenys\u00e9gi r\u00e1ta a j\u00f6v\u0151 gener\u00e1ci\u00f3inak j\u00f3l\u00e9t\u00e9t vesz\u00e9lyezteti (2024. j\u00fanius)<\/strong><br \/>Forr\u00e1s: <a href=\"https:\/\/www.oecd.org\/\">https:\/\/www.oecd.org\/<\/a><br \/>R\u00e9szletek: Glob\u00e1lis trendek, region\u00e1lis k\u00fcl\u00f6nbs\u00e9gek<\/p><\/li><li><p><strong>G\u00f6ttingeni Egyetem: G\u00f6ttingen: Oktat\u00e1s \u00e9s a glob\u00e1lis term\u00e9kenys\u00e9gi \u00e1tmenet<\/strong><br \/>Forr\u00e1s: <a href=\"https:\/\/www.uni-goettingen.de\/\">https:\/\/www.uni-goettingen.de\/<\/a><br \/>R\u00e9szletek: oktat\u00e1si hat\u00e1s, okozati \u00f6sszef\u00fcgg\u00e9sek<\/p><\/li><li><p><strong>IFO Int\u00e9zet: Kapcsolat a demogr\u00e1fia \u00e9s a gazdas\u00e1gi n\u00f6veked\u00e9s k\u00f6z\u00f6tt<\/strong><br \/>Forr\u00e1s: <a href=\"https:\/\/www.ifo.de\/\">https:\/\/www.ifo.de\/<\/a><br \/>R\u00e9szletek: Gazdas\u00e1gi perspekt\u00edva, forgat\u00f3k\u00f6nyvek<\/p><\/li><\/ul><div><hr \/><\/div><h2>Q8. K\u00f6rforg\u00e1sos gazdas\u00e1g \u00e9s degrowth<\/h2><h3>K\u00f6rforg\u00e1sos gazdas\u00e1g<\/h3><ul data-tight=\"true\"><li><p><strong>Ellen MacArthur Alap\u00edtv\u00e1ny: A k\u00f6rforg\u00e1sos gazdas\u00e1g<\/strong><br \/>Forr\u00e1s: <a href=\"https:\/\/www.ellenmacarthurfoundation.org\/\">https:\/\/www.ellenmacarthurfoundation.org\/<\/a><br \/>R\u00e9szletek: Meghat\u00e1roz\u00e1sok, modellek, 45% CO2-cs\u00f6kkent\u00e9si potenci\u00e1l<\/p><\/li><li><p><strong>EU Parlament: K\u00f6rforg\u00e1sos gazdas\u00e1g: meghat\u00e1roz\u00e1s, fontoss\u00e1g \u00e9s el\u0151ny\u00f6k (2023. m\u00e1jus)<\/strong><br \/>Forr\u00e1s: <a href=\"https:\/\/www.europarl.europa.eu\/\">https:\/\/www.europarl.europa.eu\/<\/a><br \/>R\u00e9szletek: Politikai perspekt\u00edva, energiamegtakar\u00edt\u00e1s<\/p><\/li><li><p><strong>Brussels Times: Hogyan vezetne a k\u00f6rforg\u00e1sos gazdas\u00e1g energiamegtakar\u00edt\u00e1shoz az EU-ban (2023. m\u00e1jus)<\/strong><br \/>Forr\u00e1s: <a href=\"https:\/\/www.brusselstimes.com\/\">https:\/\/www.brusselstimes.com\/<\/a><br \/>R\u00e9szletek: Konkr\u00e9t sz\u00e1mok, forgat\u00f3k\u00f6nyvek Eur\u00f3p\u00e1ra vonatkoz\u00f3an<\/p><\/li><li><p><strong>IRENA: K\u00f6rk\u00f6r\u00f6s gazdas\u00e1g (2021)<\/strong><br \/>Forr\u00e1s: <a href=\"https:\/\/www.irena.org\/\">https:\/\/www.irena.org\/<\/a><br \/>R\u00e9szletek: Energiaperspekt\u00edva, technol\u00f3gi\u00e1k<\/p><\/li><\/ul><h3>Degrowth \u00e9s szufficiencia<\/h3><ul data-tight=\"true\"><li><p><strong><a href=\"http:\/\/Degrowth.info\">Degrowth.info<\/a>A tisztess\u00e9ges \u00e9letminimum biztos\u00edt\u00e1sa minim\u00e1lis energi\u00e1val: glob\u00e1lis \u00e9rt\u00e9kel\u00e9s (2019. december)<\/strong><br \/>Forr\u00e1s: <a href=\"https:\/\/www.degrowth.info\/\">https:\/\/www.degrowth.info\/<\/a><br \/>R\u00e9szletek: Az 1960-as \u00e9vek energiaszintj\u00e9nek lehet\u0151s\u00e9ge a 3x-os n\u00e9pess\u00e9g ellen\u00e9re is<\/p><\/li><li><p><strong><a href=\"http:\/\/Earth.org\">Earth.org<\/a>: A degrowth szerepe az alacsony sz\u00e9n-dioxid-kibocs\u00e1t\u00e1s\u00fa energi\u00e1ra val\u00f3 \u00e1t\u00e1ll\u00e1sban (2023. szeptember)<\/strong><br \/>Forr\u00e1s: <a href=\"https:\/\/earth.org\/\">https:\/\/earth.org\/<\/a><br \/>R\u00e9szletek: 21-29% Energiacs\u00f6kkent\u00e9s a szufficienciapolitika r\u00e9v\u00e9n<\/p><\/li><li><p><strong>BBVA Research: A degrowth mint dekarboniz\u00e1ci\u00f3s strat\u00e9gia j\u00f3l\u00e9ti hat\u00e1sai<\/strong><br \/>Forr\u00e1s: <a href=\"https:\/\/www.bbvaresearch.com\/\">https:\/\/www.bbvaresearch.com\/<\/a><br \/>R\u00e9szletek: J\u00f3l\u00e9ti hat\u00e1sok, t\u00e1rsadalmi hat\u00e1sok<\/p><\/li><li><p><strong>Fraunhofer ISI: Tanulm\u00e1ny a 2050-es energiamegtakar\u00edt\u00e1si forgat\u00f3k\u00f6nyvekr\u0151l<\/strong><br \/>Forr\u00e1s: <a href=\"https:\/\/isi.fraunhofer.de\/\">https:\/\/isi.fraunhofer.de\/<\/a><br \/>R\u00e9szletek: N\u00e9metorsz\u00e1g-specifikus energiaoptimaliz\u00e1l\u00e1s<\/p><\/li><\/ul><h3>Egy\u00fcttm\u0171k\u00f6d\u00e9s vs. verseny<\/h3><ul data-tight=\"true\"><li><p><strong>Academy of Management Journal: Cooperation vs. Competition (2015. j\u00fanius)<\/strong><br \/>Forr\u00e1s: <a href=\"https:\/\/journals.aom.org\/\">https:\/\/journals.aom.org\/<\/a><br \/>R\u00e9szletek: Hat\u00e9konys\u00e1gi tanulm\u00e1ny, er\u0151forr\u00e1s-felhaszn\u00e1l\u00e1s<\/p><\/li><li><p><strong>G\u00f6ttingeni Egyetem: G\u00f6ttingen: Verseny kontra egy\u00fcttm\u0171k\u00f6d\u00e9s<\/strong><br \/>Forr\u00e1s: <a href=\"https:\/\/www.uni-goettingen.de\/\">https:\/\/www.uni-goettingen.de\/<\/a><br \/>R\u00e9szletek: Tudom\u00e1nyos elemz\u00e9s<\/p><\/li><li><p><strong>Science Direct: Egy\u00fcttm\u0171k\u00f6d\u00e9s \u00e9s verseny az innov\u00e1ci\u00f3s \u00f6kosziszt\u00e9m\u00e1ban (2021. november)<\/strong><br \/>Forr\u00e1s: <a href=\"https:\/\/www.sciencedirect.com\/\">https:\/\/www.sciencedirect.com\/<\/a><br \/>R\u00e9szletek: Innov\u00e1ci\u00f3 az egy\u00fcttm\u0171k\u00f6d\u00e9sen kereszt\u00fcl, er\u0151forr\u00e1s-optimaliz\u00e1l\u00e1s<\/p><\/li><\/ul><div><hr \/><\/div><h2>Q9 Gradido \u00e9s alternat\u00edv monet\u00e1ris rendszerek<\/h2><h3>Gradido dokument\u00e1ci\u00f3<\/h3><ul data-tight=\"true\"><li><p><strong><a href=\"http:\/\/Gradido.net\">Gradido.net<\/a>: Az \u00e9let term\u00e9szetes gazdas\u00e1ga<\/strong><br \/>Forr\u00e1s: <a href=\"https:\/\/gradido.net\/hu\/\">https:\/\/www.gradido.net\/<\/a><br \/>R\u00e9szletek: Hivatalos dokument\u00e1ci\u00f3, funkcionalit\u00e1s, j\u00f6v\u0151k\u00e9p<\/p><\/li><li><p><strong>Gradido Academy: K\u00e9rd\u00e9sek \u00e9s v\u00e1laszok<\/strong><br \/>Forr\u00e1s: <a href=\"https:\/\/gradido.net\/hu\/\">https:\/\/www.gradido.net\/<\/a><br \/>R\u00e9szletek: GYIK, mechanizmusok, alkalmaz\u00e1si forgat\u00f3k\u00f6nyvek<\/p><\/li><li><p><strong>Gradido Vision 2050 \u00e9s 2035<\/strong><br \/>Forr\u00e1s: <a href=\"https:\/\/gradido.net\/hu\/\">https:\/\/www.gradido.net\/<\/a><br \/>R\u00e9szletek: J\u00f6v\u0151k\u00e9pek, \u00e1talakul\u00e1si forgat\u00f3k\u00f6nyvek<\/p><\/li><\/ul><h3>Kieg\u00e9sz\u00edt\u0151 valut\u00e1k \u00e9s monet\u00e1ris rendszerek<\/h3><ul data-tight=\"true\"><li><p><strong><a href=\"http:\/\/Society4th.org\">Society4th.org<\/a>Gradido - t\u00f6bb mint egy kieg\u00e9sz\u00edt\u0151 valuta (2024 november)<\/strong><br \/>Forr\u00e1s: <a href=\"https:\/\/society4th.org\/\">https:\/\/society4th.org\/<\/a><br \/>R\u00e9szletek: A monet\u00e1ris rendszer elemz\u00e9se, \u00f6sszehasonl\u00edt\u00e1sok<\/p><\/li><li><p><strong>Akademie Lebensraum: Gradido - Az alternat\u00edv valutarendszer (2023. m\u00e1jus)<\/strong><br \/>Forr\u00e1s: <a href=\"https:\/\/akademie-lebensraum.de\/\">https:\/\/akademie-lebensraum.de\/<\/a><br \/>R\u00e9szletek: Pedag\u00f3giai el\u0151k\u00e9sz\u00edt\u00e9s, v\u00e9grehajt\u00e1s<\/p><\/li><li><p><strong>Emberk\u00f6zpont\u00fa gazd\u00e1lkod\u00e1s: Gradido - a term\u00e9szetre mint\u00e1zott \u00e9rt\u00e9kegys\u00e9g (2024. m\u00e1rcius)<\/strong><br \/>Forr\u00e1s: <a href=\"https:\/\/www.menschlichwirtschaften.de\/\">https:\/\/www.menschlichwirtschaften.de\/<\/a><br \/>R\u00e9szletek: Term\u00e9szetalap\u00fa szeml\u00e9let, \u00f6kol\u00f3giai k\u00f6zgazdas\u00e1gtan<\/p><\/li><\/ul><div><hr \/><\/div><h2>Q10. Villamosenergia-\u00e1rak \u00e9s energiak\u00f6lts\u00e9gek<\/h2><h3>N\u00e9metorsz\u00e1g Villamosenergia-\u00e1rak<\/h3><ul data-tight=\"true\"><li><p><strong>ENTEGA: Jelenlegi villamosenergia-\u00e1r 2025<\/strong><br \/>Forr\u00e1s: <a href=\"https:\/\/www.entega.de\/\">https:\/\/www.entega.de\/<\/a><br \/>R\u00e9szletek: Jelenlegi h\u00e1ztart\u00e1si villamosenergia-\u00e1rak (~39,7 ct\/kWh)<\/p><\/li><li><p><strong>Co2online: 2025: A villamosenergia-\u00e1rak alakul\u00e1sa<\/strong><br \/>Forr\u00e1s: <a href=\"https:\/\/www.co2online.de\/\">https:\/\/www.co2online.de\/<\/a><br \/>R\u00e9szletek: Trendek, \u00f6sszehasonl\u00edt\u00e1sok, el\u0151rejelz\u00e9sek<\/p><\/li><li><p><strong>Finanztip: Villamosenergia-\u00e1r \u00e9s villamosenergia-\u00e1r alakul\u00e1sa (november 2025)<\/strong><br \/>Forr\u00e1s: <a href=\"https:\/\/www.finanztip.de\/\">https:\/\/www.finanztip.de\/<\/a><br \/>R\u00e9szletek: Aktu\u00e1lis adatok, kalkul\u00e1tor<\/p><\/li><li><p><strong>BDEW: BDEW villamosenergia-\u00e1relemz\u00e9s okt\u00f3ber 2025<\/strong><br \/>Forr\u00e1s: <a href=\"https:\/\/www.bdew.de\/\">https:\/\/www.bdew.de\/<\/a><br \/>R\u00e9szletek: Ipari elemz\u00e9s, hivatalos adatok<\/p><\/li><\/ul><h3>Kereskedelmi villamosenergia-\u00e1rak<\/h3><ul data-tight=\"true\"><li><p><strong>Wattline: Villamosenergia-\u00e1r a v\u00e1llalatok sz\u00e1m\u00e1ra 2025<\/strong><br \/>Forr\u00e1s: <a href=\"https:\/\/www.wattline.energy\/\">https:\/\/www.wattline.energy\/<\/a><br \/>R\u00e9szletek: B2B \u00e1rak, \u00f6sszehasonl\u00edt\u00e1sok<\/p><\/li><li><p><strong>EHA: Villamosenergia-\u00e1rak az ipar sz\u00e1m\u00e1ra<\/strong><br \/>Forr\u00e1s: <a href=\"https:\/\/www.eha.net\/\">https:\/\/www.eha.net\/<\/a><br \/>R\u00e9szletek: Kulcssz\u00e1mla\u00e1rak, trendek<\/p><\/li><\/ul><div><hr \/><\/div><h2>Q11. K\u00f6rnyezetv\u00e9delem \u00e9s fenntarthat\u00f3s\u00e1g<\/h2><h3>Biol\u00f3giai sokf\u00e9les\u00e9g \u00e9s erd\u0151v\u00e9delem<\/h3><ul data-tight=\"true\"><li><p><strong>WWF: Kitermelt erd\u0151k<\/strong><br \/>Forr\u00e1s: <a href=\"https:\/\/www.wwf.org\/\">https:\/\/www.wwf.org\/<\/a><br \/>R\u00e9szletek: B\u00e1ny\u00e1szat \u00e9s erd\u0151pusztul\u00e1s<\/p><\/li><li><p><strong>World Resources Institute: A b\u00e1ny\u00e1szat egyre ink\u00e1bb benyomul a kritikus es\u0151erd\u0151kbe (2024. okt\u00f3ber)<\/strong><br \/>Forr\u00e1s: <a href=\"https:\/\/www.wri.org\/\">https:\/\/www.wri.org\/<\/a><br \/>R\u00e9szletek: B\u00e1ny\u00e1szati tev\u00e9kenys\u00e9g, erd\u0151irt\u00e1s<\/p><\/li><li><p><strong>BMZ\/Rue: B\u00e1ny\u00e1szat \u00e9s erd\u0151irt\u00e1s<\/strong><br \/>Forr\u00e1s: <a href=\"https:\/\/rue.bmz.de\/\">https:\/\/rue.bmz.de\/<\/a><br \/>R\u00e9szletek: Politikai perspekt\u00edva, beavatkoz\u00e1sok<\/p><\/li><li><p><strong><a href=\"http:\/\/xn--Regenwald-schtzen-f3b.org\">Rainforest-protect.org<\/a>: es\u0151erd\u0151 adatok (2025. \u00e1prilis)<\/strong><br \/>Forr\u00e1s: <a href=\"https:\/\/www.regenwald-schuetzen.org\/\">https:\/\/www.regenwald-schuetzen.org\/<\/a><br \/>R\u00e9szletek: Jelenlegi erd\u0151irt\u00e1si ar\u00e1nyok, tendenci\u00e1k<\/p><\/li><\/ul><div><hr \/><\/div><h2>Q12. K\u00fcl\u00f6nleges er\u0151forr\u00e1s-\u00f6sszehasonl\u00edt\u00e1sok<\/h2><h3>Futballp\u00e1lya to Hekt\u00e1r \u00e1tv\u00e1lt\u00e1s<\/h3><ul data-tight=\"true\"><li><p><strong>Online sz\u00e1mol\u00f3g\u00e9p: \u00c1tv\u00e1ltani ter\u00fclet<\/strong><br \/>Forr\u00e1s: <a href=\"https:\/\/rechneronline.de\/\">https:\/\/rechneronline.de\/<\/a><br \/>R\u00e9szletek: 1 futballp\u00e1lya \u2248 0,714 hekt\u00e1r<\/p><\/li><li><p><strong>Studyflix: Mekkora egy hekt\u00e1r?<\/strong><br \/>Forr\u00e1s: <a href=\"https:\/\/studyflix.de\/\">https:\/\/studyflix.de\/<\/a><br \/>R\u00e9szletek: szeml\u00e9ltet\u0151 p\u00e9ld\u00e1k, \u00f6sszehasonl\u00edt\u00e1sok<\/p><\/li><\/ul><div><hr \/><\/div><h2>Q13. T\u00f6rt\u00e9nelmi \u00e9s kort\u00e1rs \u00f6sszef\u00fcgg\u00e9sek<\/h2><h3>Az \u0151slakos n\u00e9pek \u00e9s a meg\u00fajul\u00f3 energia<\/h3><ul data-tight=\"true\"><li><p><strong>Indigenous Climate Hub: Az \u0151slakosok bevon\u00e1sa a meg\u00fajul\u00f3 energiaforr\u00e1sokkal kapcsolatos projektekbe (2021. j\u00fanius)<\/strong><br \/>Forr\u00e1s: <a href=\"https:\/\/indigenousclimatehub.ca\/\">https:\/\/indigenousclimatehub.ca\/<\/a><br \/>R\u00e9szletek: R\u00e9szv\u00e9tel, igazs\u00e1goss\u00e1g, hagyom\u00e1nyos tud\u00e1s<\/p><\/li><li><p><strong>Bennsz\u00fcl\u00f6tt tiszta energia: Energiaalapok<\/strong><br \/>Forr\u00e1s: <a href=\"https:\/\/indigenouscleanenergy.com\/\">https:\/\/indigenouscleanenergy.com\/<\/a><br \/>R\u00e9szletek: Legjobb gyakorlatok, Integr\u00e1ci\u00f3<\/p><\/li><\/ul><div><hr \/><\/div><div><hr \/><\/div><p><strong>Megjegyz\u00e9s:<\/strong> A forr\u00e1sok list\u00e1j\u00e1t folyamatosan friss\u00edtj\u00fck, ha \u00faj tanulm\u00e1nyokat vagy forr\u00e1sokat vesz\u00fcnk figyelembe. Ha b\u00e1rmilyen k\u00e9rd\u00e9se van bizonyos forr\u00e1sokkal vagy tov\u00e1bbi hivatkoz\u00e1sokkal kapcsolatban, k\u00e9rj\u00fck, forduljon hozz\u00e1nk bizalommal.<\/p>\t\t\t\t\t\t\t\t<\/div>\n\t\t\t\t<\/div>\n\t\t\t\t\t<\/div>\n\t\t<\/div>\n\t\t\t\t\t<\/div>\n\t\t<\/section>\n\t\t\t\t<\/div>","protected":false},"excerpt":{"rendered":"<p>Energiewende und Transformation: Der Weg zum Paradies auf Erden Hauptseite: Vision 2050 Unterseiten: Energiewende und Transformation: Der Weg zum Paradies auf Erden Die Inhalte spiegeln die Recherche- und Analyseergebnisse von Perplexity wider und stellen keine Meinungs\u00e4u\u00dferung von Gradido dar. Sie dienen der Information und als Impuls zur weiteren Diskussion. Energiewende und Transformation: Der Weg zum [&hellip;]<\/p>\n","protected":false},"author":2,"featured_media":8453,"parent":12563,"menu_order":0,"comment_status":"closed","ping_status":"closed","template":"","meta":{"footnotes":""},"class_list":["post-12674","page","type-page","status-publish","has-post-thumbnail","hentry"],"yoast_head":"<!-- This site is optimized with the Yoast SEO plugin v27.4 - https:\/\/yoast.com\/product\/yoast-seo-wordpress\/ -->\n<title>Energiewende und Transformation - Gradido<\/title>\n<meta name=\"description\" content=\"Sei Teil der Bewegung!Gemeinsam bringen wir Gradido in die Welt.\" \/>\n<meta name=\"robots\" content=\"index, follow, max-snippet:-1, max-image-preview:large, max-video-preview:-1\" \/>\n<link rel=\"canonical\" href=\"https:\/\/gradido.net\/hu\/what-is-gradido\/vision-2050\/energiewende-und-transformation\/\" \/>\n<meta property=\"og:locale\" content=\"hu_HU\" \/>\n<meta property=\"og:type\" content=\"article\" \/>\n<meta property=\"og:title\" content=\"Energiewende und Transformation - Gradido\" \/>\n<meta property=\"og:description\" content=\"Sei Teil der Bewegung!Gemeinsam bringen wir Gradido in die Welt.\" \/>\n<meta property=\"og:url\" content=\"https:\/\/gradido.net\/hu\/what-is-gradido\/vision-2050\/energiewende-und-transformation\/\" \/>\n<meta property=\"og:site_name\" content=\"Gradido\" \/>\n<meta property=\"article:modified_time\" content=\"2025-11-15T10:20:16+00:00\" \/>\n<meta property=\"og:image\" content=\"https:\/\/gradido.net\/wp-content\/uploads\/2023\/12\/AdobeStock_623322374-scaled.jpeg\" \/>\n\t<meta property=\"og:image:width\" content=\"2560\" \/>\n\t<meta property=\"og:image:height\" content=\"640\" \/>\n\t<meta property=\"og:image:type\" content=\"image\/jpeg\" \/>\n<meta name=\"twitter:card\" content=\"summary_large_image\" \/>\n<meta name=\"twitter:label1\" content=\"Becs\u00fclt olvas\u00e1si id\u0151\" \/>\n\t<meta name=\"twitter:data1\" content=\"24 perc\" \/>\n<script type=\"application\/ld+json\" class=\"yoast-schema-graph\">{\"@context\":\"https:\\\/\\\/schema.org\",\"@graph\":[{\"@type\":\"WebPage\",\"@id\":\"https:\\\/\\\/gradido.net\\\/what-is-gradido\\\/vision-2050\\\/energiewende-und-transformation\\\/\",\"url\":\"https:\\\/\\\/gradido.net\\\/what-is-gradido\\\/vision-2050\\\/energiewende-und-transformation\\\/\",\"name\":\"Energiewende und Transformation - Gradido\",\"isPartOf\":{\"@id\":\"https:\\\/\\\/gradido.net\\\/de\\\/#website\"},\"primaryImageOfPage\":{\"@id\":\"https:\\\/\\\/gradido.net\\\/what-is-gradido\\\/vision-2050\\\/energiewende-und-transformation\\\/#primaryimage\"},\"image\":{\"@id\":\"https:\\\/\\\/gradido.net\\\/what-is-gradido\\\/vision-2050\\\/energiewende-und-transformation\\\/#primaryimage\"},\"thumbnailUrl\":\"https:\\\/\\\/gradido.net\\\/wp-content\\\/uploads\\\/2023\\\/12\\\/AdobeStock_623322374-scaled.jpeg\",\"datePublished\":\"2025-11-15T10:12:31+00:00\",\"dateModified\":\"2025-11-15T10:20:16+00:00\",\"description\":\"Sei Teil der Bewegung!Gemeinsam bringen wir Gradido in die Welt.\",\"breadcrumb\":{\"@id\":\"https:\\\/\\\/gradido.net\\\/what-is-gradido\\\/vision-2050\\\/energiewende-und-transformation\\\/#breadcrumb\"},\"inLanguage\":\"hu\",\"potentialAction\":[{\"@type\":\"ReadAction\",\"target\":[\"https:\\\/\\\/gradido.net\\\/what-is-gradido\\\/vision-2050\\\/energiewende-und-transformation\\\/\"]}]},{\"@type\":\"ImageObject\",\"inLanguage\":\"hu\",\"@id\":\"https:\\\/\\\/gradido.net\\\/what-is-gradido\\\/vision-2050\\\/energiewende-und-transformation\\\/#primaryimage\",\"url\":\"https:\\\/\\\/gradido.net\\\/wp-content\\\/uploads\\\/2023\\\/12\\\/AdobeStock_623322374-scaled.jpeg\",\"contentUrl\":\"https:\\\/\\\/gradido.net\\\/wp-content\\\/uploads\\\/2023\\\/12\\\/AdobeStock_623322374-scaled.jpeg\",\"width\":2560,\"height\":640},{\"@type\":\"BreadcrumbList\",\"@id\":\"https:\\\/\\\/gradido.net\\\/what-is-gradido\\\/vision-2050\\\/energiewende-und-transformation\\\/#breadcrumb\",\"itemListElement\":[{\"@type\":\"ListItem\",\"position\":1,\"name\":\"Startseite\",\"item\":\"https:\\\/\\\/gradido.net\\\/\"},{\"@type\":\"ListItem\",\"position\":2,\"name\":\"Wohlstand\",\"item\":\"https:\\\/\\\/gradido.net\\\/what-is-gradido\\\/\"},{\"@type\":\"ListItem\",\"position\":3,\"name\":\"Vision 2050\",\"item\":\"https:\\\/\\\/gradido.net\\\/what-is-gradido\\\/vision-2050\\\/\"},{\"@type\":\"ListItem\",\"position\":4,\"name\":\"Energiewende und Transformation\"}]},{\"@type\":\"WebSite\",\"@id\":\"https:\\\/\\\/gradido.net\\\/de\\\/#website\",\"url\":\"https:\\\/\\\/gradido.net\\\/de\\\/\",\"name\":\"Gradido\",\"description\":\"Die neue W\u00e4hrung hei\u00dft Dankbarkeit\",\"publisher\":{\"@id\":\"https:\\\/\\\/gradido.net\\\/de\\\/#organization\"},\"potentialAction\":[{\"@type\":\"SearchAction\",\"target\":{\"@type\":\"EntryPoint\",\"urlTemplate\":\"https:\\\/\\\/gradido.net\\\/de\\\/?s={search_term_string}\"},\"query-input\":{\"@type\":\"PropertyValueSpecification\",\"valueRequired\":true,\"valueName\":\"search_term_string\"}}],\"inLanguage\":\"hu\"},{\"@type\":\"Organization\",\"@id\":\"https:\\\/\\\/gradido.net\\\/de\\\/#organization\",\"name\":\"Gradido\",\"url\":\"https:\\\/\\\/gradido.net\\\/de\\\/\",\"logo\":{\"@type\":\"ImageObject\",\"inLanguage\":\"hu\",\"@id\":\"https:\\\/\\\/gradido.net\\\/de\\\/#\\\/schema\\\/logo\\\/image\\\/\",\"url\":\"https:\\\/\\\/gradido.net\\\/wp-content\\\/uploads\\\/2022\\\/04\\\/gradido-social.jpg\",\"contentUrl\":\"https:\\\/\\\/gradido.net\\\/wp-content\\\/uploads\\\/2022\\\/04\\\/gradido-social.jpg\",\"width\":527,\"height\":273,\"caption\":\"Gradido\"},\"image\":{\"@id\":\"https:\\\/\\\/gradido.net\\\/de\\\/#\\\/schema\\\/logo\\\/image\\\/\"}}]}<\/script>\n<!-- \/ Yoast SEO plugin. -->","yoast_head_json":{"title":"Energetikai \u00e1tmenet \u00e9s \u00e1talakul\u00e1s - Gradido","description":"L\u00e9gy r\u00e9szese a mozgalomnak! Egy\u00fctt hozzuk el a Gradid\u00f3t a vil\u00e1gba.","robots":{"index":"index","follow":"follow","max-snippet":"max-snippet:-1","max-image-preview":"max-image-preview:large","max-video-preview":"max-video-preview:-1"},"canonical":"https:\/\/gradido.net\/hu\/what-is-gradido\/vision-2050\/energiewende-und-transformation\/","og_locale":"hu_HU","og_type":"article","og_title":"Energiewende und Transformation - Gradido","og_description":"Sei Teil der Bewegung!Gemeinsam bringen wir Gradido in die Welt.","og_url":"https:\/\/gradido.net\/hu\/what-is-gradido\/vision-2050\/energiewende-und-transformation\/","og_site_name":"Gradido","article_modified_time":"2025-11-15T10:20:16+00:00","og_image":[{"width":2560,"height":640,"url":"https:\/\/gradido.net\/wp-content\/uploads\/2023\/12\/AdobeStock_623322374-scaled.jpeg","type":"image\/jpeg"}],"twitter_card":"summary_large_image","twitter_misc":{"Becs\u00fclt olvas\u00e1si id\u0151":"24 perc"},"schema":{"@context":"https:\/\/schema.org","@graph":[{"@type":"WebPage","@id":"https:\/\/gradido.net\/what-is-gradido\/vision-2050\/energiewende-und-transformation\/","url":"https:\/\/gradido.net\/what-is-gradido\/vision-2050\/energiewende-und-transformation\/","name":"Energetikai \u00e1tmenet \u00e9s \u00e1talakul\u00e1s - Gradido","isPartOf":{"@id":"https:\/\/gradido.net\/de\/#website"},"primaryImageOfPage":{"@id":"https:\/\/gradido.net\/what-is-gradido\/vision-2050\/energiewende-und-transformation\/#primaryimage"},"image":{"@id":"https:\/\/gradido.net\/what-is-gradido\/vision-2050\/energiewende-und-transformation\/#primaryimage"},"thumbnailUrl":"https:\/\/gradido.net\/wp-content\/uploads\/2023\/12\/AdobeStock_623322374-scaled.jpeg","datePublished":"2025-11-15T10:12:31+00:00","dateModified":"2025-11-15T10:20:16+00:00","description":"L\u00e9gy r\u00e9szese a mozgalomnak! Egy\u00fctt hozzuk el a Gradid\u00f3t a vil\u00e1gba.","breadcrumb":{"@id":"https:\/\/gradido.net\/what-is-gradido\/vision-2050\/energiewende-und-transformation\/#breadcrumb"},"inLanguage":"hu","potentialAction":[{"@type":"ReadAction","target":["https:\/\/gradido.net\/what-is-gradido\/vision-2050\/energiewende-und-transformation\/"]}]},{"@type":"ImageObject","inLanguage":"hu","@id":"https:\/\/gradido.net\/what-is-gradido\/vision-2050\/energiewende-und-transformation\/#primaryimage","url":"https:\/\/gradido.net\/wp-content\/uploads\/2023\/12\/AdobeStock_623322374-scaled.jpeg","contentUrl":"https:\/\/gradido.net\/wp-content\/uploads\/2023\/12\/AdobeStock_623322374-scaled.jpeg","width":2560,"height":640},{"@type":"BreadcrumbList","@id":"https:\/\/gradido.net\/what-is-gradido\/vision-2050\/energiewende-und-transformation\/#breadcrumb","itemListElement":[{"@type":"ListItem","position":1,"name":"Startseite","item":"https:\/\/gradido.net\/"},{"@type":"ListItem","position":2,"name":"Wohlstand","item":"https:\/\/gradido.net\/what-is-gradido\/"},{"@type":"ListItem","position":3,"name":"Vision 2050","item":"https:\/\/gradido.net\/what-is-gradido\/vision-2050\/"},{"@type":"ListItem","position":4,"name":"Energiewende und Transformation"}]},{"@type":"WebSite","@id":"https:\/\/gradido.net\/de\/#website","url":"https:\/\/gradido.net\/de\/","name":"Gradido","description":"Az \u00faj p\u00e9nznem a h\u00e1la","publisher":{"@id":"https:\/\/gradido.net\/de\/#organization"},"potentialAction":[{"@type":"SearchAction","target":{"@type":"EntryPoint","urlTemplate":"https:\/\/gradido.net\/de\/?s={search_term_string}"},"query-input":{"@type":"PropertyValueSpecification","valueRequired":true,"valueName":"search_term_string"}}],"inLanguage":"hu"},{"@type":"Organization","@id":"https:\/\/gradido.net\/de\/#organization","name":"Gradido","url":"https:\/\/gradido.net\/de\/","logo":{"@type":"ImageObject","inLanguage":"hu","@id":"https:\/\/gradido.net\/de\/#\/schema\/logo\/image\/","url":"https:\/\/gradido.net\/wp-content\/uploads\/2022\/04\/gradido-social.jpg","contentUrl":"https:\/\/gradido.net\/wp-content\/uploads\/2022\/04\/gradido-social.jpg","width":527,"height":273,"caption":"Gradido"},"image":{"@id":"https:\/\/gradido.net\/de\/#\/schema\/logo\/image\/"}}]}},"_links":{"self":[{"href":"https:\/\/gradido.net\/hu\/wp-json\/wp\/v2\/pages\/12674","targetHints":{"allow":["GET"]}}],"collection":[{"href":"https:\/\/gradido.net\/hu\/wp-json\/wp\/v2\/pages"}],"about":[{"href":"https:\/\/gradido.net\/hu\/wp-json\/wp\/v2\/types\/page"}],"author":[{"embeddable":true,"href":"https:\/\/gradido.net\/hu\/wp-json\/wp\/v2\/users\/2"}],"replies":[{"embeddable":true,"href":"https:\/\/gradido.net\/hu\/wp-json\/wp\/v2\/comments?post=12674"}],"version-history":[{"count":7,"href":"https:\/\/gradido.net\/hu\/wp-json\/wp\/v2\/pages\/12674\/revisions"}],"predecessor-version":[{"id":12684,"href":"https:\/\/gradido.net\/hu\/wp-json\/wp\/v2\/pages\/12674\/revisions\/12684"}],"up":[{"embeddable":true,"href":"https:\/\/gradido.net\/hu\/wp-json\/wp\/v2\/pages\/12563"}],"wp:featuredmedia":[{"embeddable":true,"href":"https:\/\/gradido.net\/hu\/wp-json\/wp\/v2\/media\/8453"}],"wp:attachment":[{"href":"https:\/\/gradido.net\/hu\/wp-json\/wp\/v2\/media?parent=12674"}],"curies":[{"name":"wp","href":"https:\/\/api.w.org\/{rel}","templated":true}]}}