{"id":13614,"date":"2026-04-24T08:24:38","date_gmt":"2026-04-24T06:24:38","guid":{"rendered":"https:\/\/gradido.net\/?page_id=13614"},"modified":"2026-04-24T08:36:55","modified_gmt":"2026-04-24T06:36:55","slug":"community","status":"publish","type":"page","link":"https:\/\/gradido.net\/hu\/blog\/community\/","title":{"rendered":"K\u00f6z\u00f6ss\u00e9g"},"content":{"rendered":"<div data-elementor-type=\"wp-page\" data-elementor-id=\"13614\" class=\"elementor elementor-13614\" data-elementor-post-type=\"page\">\n\t\t\t\t\t\t<section class=\"elementor-section elementor-top-section elementor-element elementor-element-2cac71f elementor-section-full_width elementor-section-height-default elementor-section-height-default\" data-id=\"2cac71f\" data-element_type=\"section\" data-e-type=\"section\">\n\t\t\t\t\t\t<div class=\"elementor-container elementor-column-gap-no\">\n\t\t\t\t\t<div class=\"elementor-column elementor-col-100 elementor-top-column elementor-element elementor-element-cef0c8b\" data-id=\"cef0c8b\" data-element_type=\"column\" data-e-type=\"column\">\n\t\t\t<div class=\"elementor-widget-wrap elementor-element-populated\">\n\t\t\t\t\t\t<div class=\"elementor-element elementor-element-cd0fa05 elementor--h-position-center elementor--v-position-middle elementor-arrows-position-inside elementor-widget elementor-widget-slides\" data-id=\"cd0fa05\" data-element_type=\"widget\" data-e-type=\"widget\" data-settings=\"{&quot;navigation&quot;:&quot;arrows&quot;,&quot;autoplay&quot;:&quot;yes&quot;,&quot;pause_on_hover&quot;:&quot;yes&quot;,&quot;pause_on_interaction&quot;:&quot;yes&quot;,&quot;autoplay_speed&quot;:5000,&quot;infinite&quot;:&quot;yes&quot;,&quot;transition&quot;:&quot;slide&quot;,&quot;transition_speed&quot;:500}\" data-widget_type=\"slides.default\">\n\t\t\t\t<div class=\"elementor-widget-container\">\n\t\t\t\t\t\t\t\t\t<div class=\"elementor-swiper\">\n\t\t\t\t\t<div class=\"elementor-slides-wrapper elementor-main-swiper swiper\" role=\"region\" aria-roledescription=\"carousel\" aria-label=\"Cs\u00faszka\" dir=\"ltr\" data-animation=\"fadeInUp\">\n\t\t\t\t<div class=\"swiper-wrapper elementor-slides\">\n\t\t\t\t\t\t\t\t\t\t<div class=\"elementor-repeater-item-2de4990 swiper-slide\" role=\"group\" aria-roledescription=\"slide\"><div class=\"swiper-slide-bg\" role=\"img\" aria-label=\"blog\"><\/div><div class=\"swiper-slide-inner\" ><div class=\"swiper-slide-contents\"><\/div><\/div><\/div>\t\t\t\t<\/div>\n\t\t\t\t\t\t\t<\/div>\n\t\t\t\t<\/div>\n\t\t\t\t\t\t\t\t<\/div>\n\t\t\t\t<\/div>\n\t\t\t\t\t<\/div>\n\t\t<\/div>\n\t\t\t\t\t<\/div>\n\t\t<\/section>\n\t\t\t\t<section class=\"elementor-section elementor-top-section elementor-element elementor-element-cec2a5b elementor-section-boxed elementor-section-height-default elementor-section-height-default\" data-id=\"cec2a5b\" data-element_type=\"section\" data-e-type=\"section\" data-settings=\"{&quot;background_background&quot;:&quot;classic&quot;}\">\n\t\t\t\t\t\t<div class=\"elementor-container elementor-column-gap-default\">\n\t\t\t\t\t<div class=\"elementor-column elementor-col-100 elementor-top-column elementor-element elementor-element-2bca127\" data-id=\"2bca127\" data-element_type=\"column\" data-e-type=\"column\">\n\t\t\t<div class=\"elementor-widget-wrap elementor-element-populated\">\n\t\t\t\t\t\t<div class=\"elementor-element elementor-element-e504e40 elementor-widget elementor-widget-heading\" data-id=\"e504e40\" data-element_type=\"widget\" data-e-type=\"widget\" data-widget_type=\"heading.default\">\n\t\t\t\t<div class=\"elementor-widget-container\">\n\t\t\t\t\t<h1 class=\"elementor-heading-title elementor-size-default\">K\u00f6z\u00f6ss\u00e9g<\/h1>\t\t\t\t<\/div>\n\t\t\t\t<\/div>\n\t\t\t\t\t<\/div>\n\t\t<\/div>\n\t\t\t\t\t<\/div>\n\t\t<\/section>\n\t\t\t\t<section class=\"elementor-section elementor-top-section elementor-element elementor-element-e4f56b5 elementor-section-boxed elementor-section-height-default elementor-section-height-default\" data-id=\"e4f56b5\" data-element_type=\"section\" data-e-type=\"section\">\n\t\t\t\t\t\t<div class=\"elementor-container elementor-column-gap-default\">\n\t\t\t\t\t<div class=\"elementor-column elementor-col-100 elementor-top-column elementor-element elementor-element-93ee9fb\" data-id=\"93ee9fb\" data-element_type=\"column\" data-e-type=\"column\">\n\t\t\t<div class=\"elementor-widget-wrap elementor-element-populated\">\n\t\t\t\t\t\t<div class=\"elementor-element elementor-element-7bbe7d9 elementor-nav-menu--dropdown-tablet elementor-nav-menu__text-align-aside elementor-nav-menu--toggle elementor-nav-menu--burger elementor-widget elementor-widget-nav-menu\" data-id=\"7bbe7d9\" data-element_type=\"widget\" data-e-type=\"widget\" data-settings=\"{&quot;layout&quot;:&quot;horizontal&quot;,&quot;submenu_icon&quot;:{&quot;value&quot;:&quot;&lt;i class=\\&quot;fas fa-caret-down\\&quot; aria-hidden=\\&quot;true\\&quot;&gt;&lt;\\\/i&gt;&quot;,&quot;library&quot;:&quot;fa-solid&quot;},&quot;toggle&quot;:&quot;burger&quot;}\" data-widget_type=\"nav-menu.default\">\n\t\t\t\t<div class=\"elementor-widget-container\">\n\t\t\t\t\t\t\t\t<nav aria-label=\"Men\u00fc\" class=\"elementor-nav-menu--main elementor-nav-menu__container elementor-nav-menu--layout-horizontal e--pointer-underline e--animation-fade\">\n\t\t\t\t<ul id=\"menu-1-7bbe7d9\" class=\"elementor-nav-menu\"><li class=\"menu-item menu-item-type-post_type menu-item-object-page menu-item-13532\"><a href=\"https:\/\/gradido.net\/hu\/blog\/\" class=\"elementor-item\">Minden kateg\u00f3ria<\/a><\/li>\n<li class=\"menu-item menu-item-type-post_type menu-item-object-page menu-item-13515\"><a href=\"https:\/\/gradido.net\/hu\/blog\/analysen\/\" class=\"elementor-item\">Elemz\u00e9sek<\/a><\/li>\n<li class=\"menu-item menu-item-type-post_type menu-item-object-page menu-item-13559\"><a href=\"https:\/\/gradido.net\/hu\/blog\/lieblingsstadt\/\" class=\"elementor-item\">Kedvenc v\u00e1ros<\/a><\/li>\n<li class=\"menu-item menu-item-type-post_type menu-item-object-page menu-item-13641\"><a href=\"https:\/\/gradido.net\/hu\/blog\/community\/\" class=\"elementor-item\">K\u00f6z\u00f6ss\u00e9g<\/a><\/li>\n<li class=\"menu-item menu-item-type-post_type menu-item-object-page menu-item-13639\"><a href=\"https:\/\/gradido.net\/hu\/blog\/psychologie\/\" class=\"elementor-item\">Pszichol\u00f3gia<\/a><\/li>\n<li class=\"menu-item menu-item-type-post_type menu-item-object-page menu-item-13640\"><a href=\"https:\/\/gradido.net\/hu\/blog\/gradido-konto\/\" class=\"elementor-item\">Gradido sz\u00e1mla<\/a><\/li>\n<\/ul>\t\t\t<\/nav>\n\t\t\t\t\t<div class=\"elementor-menu-toggle\" role=\"button\" tabindex=\"0\" aria-label=\"Men\u00fc kapcsol\u00f3\" aria-expanded=\"false\">\n\t\t\t<i aria-hidden=\"true\" role=\"presentation\" class=\"elementor-menu-toggle__icon--open eicon-menu-bar\"><\/i><i aria-hidden=\"true\" role=\"presentation\" class=\"elementor-menu-toggle__icon--close eicon-close\"><\/i>\t\t<\/div>\n\t\t\t\t\t<nav class=\"elementor-nav-menu--dropdown elementor-nav-menu__container\" aria-hidden=\"true\">\n\t\t\t\t<ul id=\"menu-2-7bbe7d9\" class=\"elementor-nav-menu\"><li class=\"menu-item menu-item-type-post_type menu-item-object-page menu-item-13532\"><a href=\"https:\/\/gradido.net\/hu\/blog\/\" class=\"elementor-item\" tabindex=\"-1\">Minden kateg\u00f3ria<\/a><\/li>\n<li class=\"menu-item menu-item-type-post_type menu-item-object-page menu-item-13515\"><a href=\"https:\/\/gradido.net\/hu\/blog\/analysen\/\" class=\"elementor-item\" tabindex=\"-1\">Elemz\u00e9sek<\/a><\/li>\n<li class=\"menu-item menu-item-type-post_type menu-item-object-page menu-item-13559\"><a href=\"https:\/\/gradido.net\/hu\/blog\/lieblingsstadt\/\" class=\"elementor-item\" tabindex=\"-1\">Kedvenc v\u00e1ros<\/a><\/li>\n<li class=\"menu-item menu-item-type-post_type menu-item-object-page menu-item-13641\"><a href=\"https:\/\/gradido.net\/hu\/blog\/community\/\" class=\"elementor-item\" tabindex=\"-1\">K\u00f6z\u00f6ss\u00e9g<\/a><\/li>\n<li class=\"menu-item menu-item-type-post_type menu-item-object-page menu-item-13639\"><a href=\"https:\/\/gradido.net\/hu\/blog\/psychologie\/\" class=\"elementor-item\" tabindex=\"-1\">Pszichol\u00f3gia<\/a><\/li>\n<li class=\"menu-item menu-item-type-post_type menu-item-object-page menu-item-13640\"><a href=\"https:\/\/gradido.net\/hu\/blog\/gradido-konto\/\" class=\"elementor-item\" tabindex=\"-1\">Gradido sz\u00e1mla<\/a><\/li>\n<\/ul>\t\t\t<\/nav>\n\t\t\t\t\t\t<\/div>\n\t\t\t\t<\/div>\n\t\t\t\t<div class=\"elementor-element elementor-element-1c7d36d elementor-grid-tablet-3 elementor-grid-3 elementor-grid-mobile-1 elementor-posts--thumbnail-top elementor-posts__hover-gradient elementor-widget elementor-widget-posts\" data-id=\"1c7d36d\" data-element_type=\"widget\" data-e-type=\"widget\" data-settings=\"{&quot;cards_columns_tablet&quot;:&quot;3&quot;,&quot;cards_columns&quot;:&quot;3&quot;,&quot;cards_columns_mobile&quot;:&quot;1&quot;,&quot;cards_row_gap&quot;:{&quot;unit&quot;:&quot;px&quot;,&quot;size&quot;:35,&quot;sizes&quot;:[]},&quot;cards_row_gap_tablet&quot;:{&quot;unit&quot;:&quot;px&quot;,&quot;size&quot;:&quot;&quot;,&quot;sizes&quot;:[]},&quot;cards_row_gap_mobile&quot;:{&quot;unit&quot;:&quot;px&quot;,&quot;size&quot;:&quot;&quot;,&quot;sizes&quot;:[]}}\" data-widget_type=\"posts.cards\">\n\t\t\t\t<div class=\"elementor-widget-container\">\n\t\t\t\t\t\t\t<div class=\"elementor-posts-container elementor-posts elementor-posts--skin-cards elementor-grid\" role=\"list\">\n\t\t\t\t<article class=\"elementor-post elementor-grid-item post-12352 post type-post status-publish format-standard has-post-thumbnail hentry category-blog category-community\" role=\"listitem\">\n\t\t\t<div class=\"elementor-post__card\">\n\t\t\t\t<a class=\"elementor-post__thumbnail__link\" href=\"https:\/\/gradido.net\/hu\/mutmacher-stefan-nathan\/\" tabindex=\"-1\" ><div class=\"elementor-post__thumbnail\"><img fetchpriority=\"high\" decoding=\"async\" width=\"800\" height=\"450\" src=\"https:\/\/gradido.net\/wp-content\/uploads\/2025\/10\/Stefan_Nathan_Lange-1024x576.jpg\" class=\"attachment-large size-large wp-image-12354\" alt=\"\" srcset=\"https:\/\/gradido.net\/wp-content\/uploads\/2025\/10\/Stefan_Nathan_Lange-1024x576.jpg 1024w, https:\/\/gradido.net\/wp-content\/uploads\/2025\/10\/Stefan_Nathan_Lange-300x169.jpg 300w, https:\/\/gradido.net\/wp-content\/uploads\/2025\/10\/Stefan_Nathan_Lange-768x432.jpg 768w, https:\/\/gradido.net\/wp-content\/uploads\/2025\/10\/Stefan_Nathan_Lange-1536x864.jpg 1536w, https:\/\/gradido.net\/wp-content\/uploads\/2025\/10\/Stefan_Nathan_Lange-18x10.jpg 18w, https:\/\/gradido.net\/wp-content\/uploads\/2025\/10\/Stefan_Nathan_Lange.jpg 1920w\" sizes=\"(max-width: 800px) 100vw, 800px\" \/><\/div><\/a>\n\t\t\t\t<div class=\"elementor-post__text\">\n\t\t\t\t<h3 class=\"elementor-post__title\">\n\t\t\t<a href=\"https:\/\/gradido.net\/hu\/mutmacher-stefan-nathan\/\" >\n\t\t\t\tA p\u00e9nz n\u00e9lk\u00fcli vil\u00e1g fel\u00e9 vezet\u0151 \u00faton fekszik Gradido\t\t\t<\/a>\n\t\t<\/h3>\n\t\t\t\t<div class=\"elementor-post__excerpt\">\n\t\t\t<p>A Gradido a legjobb lehet\u0151s\u00e9g, amit eddig tal\u00e1ltam, hogy nagy l\u00e9p\u00e9st tegyek el\u0151re ezen az \u00faton. \u00c9s ez\u00e9rt veszek r\u00e9szt itt!<\/p>\n\t\t<\/div>\n\t\t\n\t\t<a class=\"elementor-post__read-more\" href=\"https:\/\/gradido.net\/hu\/mutmacher-stefan-nathan\/\" aria-label=\"Read more about A p\u00e9nz n\u00e9lk\u00fcli vil\u00e1g fel\u00e9 vezet\u0151 \u00fat a Gradido \u00fatj\u00e1ban \u00e1ll\" tabindex=\"-1\" >\n\t\t\tB\u0151vebben\t\t<\/a>\n\n\t\t\t\t<\/div>\n\t\t\t\t<div class=\"elementor-post__meta-data\">\n\t\t\t\t\t<span class=\"elementor-post-date\">\n\t\t\t2025. okt\u00f3ber 26.\t\t<\/span>\n\t\t\t\t<\/div>\n\t\t\t\t\t<\/div>\n\t\t<\/article>\n\t\t\t\t<article class=\"elementor-post elementor-grid-item post-12183 post type-post status-publish format-standard has-post-thumbnail hentry category-blog category-community\" role=\"listitem\">\n\t\t\t<div class=\"elementor-post__card\">\n\t\t\t\t<a class=\"elementor-post__thumbnail__link\" href=\"https:\/\/gradido.net\/hu\/mutmacher-konrad\/\" tabindex=\"-1\" ><div class=\"elementor-post__thumbnail\"><img decoding=\"async\" width=\"800\" height=\"450\" src=\"https:\/\/gradido.net\/wp-content\/uploads\/2025\/10\/Konrad_Funk-1024x576.jpg\" class=\"attachment-large size-large wp-image-12185\" alt=\"\" srcset=\"https:\/\/gradido.net\/wp-content\/uploads\/2025\/10\/Konrad_Funk-1024x576.jpg 1024w, https:\/\/gradido.net\/wp-content\/uploads\/2025\/10\/Konrad_Funk-300x169.jpg 300w, https:\/\/gradido.net\/wp-content\/uploads\/2025\/10\/Konrad_Funk-768x432.jpg 768w, https:\/\/gradido.net\/wp-content\/uploads\/2025\/10\/Konrad_Funk-1536x864.jpg 1536w, https:\/\/gradido.net\/wp-content\/uploads\/2025\/10\/Konrad_Funk-18x10.jpg 18w, https:\/\/gradido.net\/wp-content\/uploads\/2025\/10\/Konrad_Funk.jpg 1920w\" sizes=\"(max-width: 800px) 100vw, 800px\" \/><\/div><\/a>\n\t\t\t\t<div class=\"elementor-post__text\">\n\t\t\t\t<h3 class=\"elementor-post__title\">\n\t\t\t<a href=\"https:\/\/gradido.net\/hu\/mutmacher-konrad\/\" >\n\t\t\t\tThaler, thaler, v\u00e1ndorolnod kell - egyik kezedr\u0151l a m\u00e1sikra.\t\t\t<\/a>\n\t\t<\/h3>\n\t\t\t\t<div class=\"elementor-post__excerpt\">\n\t\t\t<p>A gr\u00e1dicsokat l\u00e9tre lehet hozni \u00e9s tov\u00e1bbadni, b\u0151s\u00e9gesen rendelkez\u00e9sre \u00e1llnak - de nem infl\u00e1l\u00f3dnak -, mert muland\u00f3s\u00e1guk miatt. Ez a b\u0151s\u00e9g a legnagyobb aj\u00e1nd\u00e9kunkba, a sz\u00edvmez\u0151nkbe \u00e1ramolhat.<\/p>\n\t\t<\/div>\n\t\t\n\t\t<a class=\"elementor-post__read-more\" href=\"https:\/\/gradido.net\/hu\/mutmacher-konrad\/\" aria-label=\"Read more about Thaler, thaler, v\u00e1ndorolnod kell - egyik k\u00e9zb\u0151l a m\u00e1sikba\" tabindex=\"-1\" >\n\t\t\tB\u0151vebben\t\t<\/a>\n\n\t\t\t\t<\/div>\n\t\t\t\t<div class=\"elementor-post__meta-data\">\n\t\t\t\t\t<span class=\"elementor-post-date\">\n\t\t\t2025. okt\u00f3ber 13.\t\t<\/span>\n\t\t\t\t<\/div>\n\t\t\t\t\t<\/div>\n\t\t<\/article>\n\t\t\t\t<article class=\"elementor-post elementor-grid-item post-12082 post type-post status-publish format-standard has-post-thumbnail hentry category-blog category-community\" role=\"listitem\">\n\t\t\t<div class=\"elementor-post__card\">\n\t\t\t\t<a class=\"elementor-post__thumbnail__link\" href=\"https:\/\/gradido.net\/hu\/mutmacher-hartmut\/\" tabindex=\"-1\" ><div class=\"elementor-post__thumbnail\"><img decoding=\"async\" width=\"800\" height=\"450\" src=\"https:\/\/gradido.net\/wp-content\/uploads\/2025\/10\/Hartmut_Zipperlen-1024x576.jpg\" class=\"attachment-large size-large wp-image-12084\" alt=\"\" srcset=\"https:\/\/gradido.net\/wp-content\/uploads\/2025\/10\/Hartmut_Zipperlen-1024x576.jpg 1024w, https:\/\/gradido.net\/wp-content\/uploads\/2025\/10\/Hartmut_Zipperlen-300x169.jpg 300w, https:\/\/gradido.net\/wp-content\/uploads\/2025\/10\/Hartmut_Zipperlen-768x432.jpg 768w, https:\/\/gradido.net\/wp-content\/uploads\/2025\/10\/Hartmut_Zipperlen-18x10.jpg 18w, https:\/\/gradido.net\/wp-content\/uploads\/2025\/10\/Hartmut_Zipperlen.jpg 1280w\" sizes=\"(max-width: 800px) 100vw, 800px\" \/><\/div><\/a>\n\t\t\t\t<div class=\"elementor-post__text\">\n\t\t\t\t<h3 class=\"elementor-post__title\">\n\t\t\t<a href=\"https:\/\/gradido.net\/hu\/mutmacher-hartmut\/\" >\n\t\t\t\tIde\u00e1lis \u00e9rt\u00e9kek mint p\u00e9nznem\t\t\t<\/a>\n\t\t<\/h3>\n\t\t\t\t<div class=\"elementor-post__excerpt\">\n\t\t\t<p>Az \u00faj f\u00f6ld nem egy k\u00fcls\u0151 er\u0151 hat\u00e1s\u00e1ra fog l\u00e9trej\u00f6nni. Az emberis\u00e9g felel\u0151s a Gaia-\u00e9rt, \u00e9s mag\u00e1nak kell a v\u00e1ltoz\u00e1sokat el\u0151id\u00e9znie. H\u00e1l\u00e1s vagyok, hogy egyre t\u00f6bb ember k\u00f6telezi el mag\u00e1t e c\u00e9l mellett, szeretetben \u00e9s az \u00f6r\u00f6k term\u00e9szeti t\u00f6rv\u00e9nyek tisztelet\u00e9vel.<\/p>\n\t\t<\/div>\n\t\t\n\t\t<a class=\"elementor-post__read-more\" href=\"https:\/\/gradido.net\/hu\/mutmacher-hartmut\/\" aria-label=\"Tov\u00e1bbi inform\u00e1ci\u00f3 az ide\u00e1lis \u00e9rt\u00e9kekr\u0151l mint valut\u00e1r\u00f3l\" tabindex=\"-1\" >\n\t\t\tB\u0151vebben\t\t<\/a>\n\n\t\t\t\t<\/div>\n\t\t\t\t<div class=\"elementor-post__meta-data\">\n\t\t\t\t\t<span class=\"elementor-post-date\">\n\t\t\t2025. okt\u00f3ber 5.\t\t<\/span>\n\t\t\t\t<\/div>\n\t\t\t\t\t<\/div>\n\t\t<\/article>\n\t\t\t\t<article class=\"elementor-post elementor-grid-item post-11747 post type-post status-publish format-standard has-post-thumbnail hentry category-blog category-community\" role=\"listitem\">\n\t\t\t<div class=\"elementor-post__card\">\n\t\t\t\t<a class=\"elementor-post__thumbnail__link\" href=\"https:\/\/gradido.net\/hu\/mutmacher-michael\/\" tabindex=\"-1\" ><div class=\"elementor-post__thumbnail\"><img loading=\"lazy\" decoding=\"async\" width=\"800\" height=\"450\" src=\"https:\/\/gradido.net\/wp-content\/uploads\/2025\/10\/Michael_Rothe_Banner-1024x576.jpg\" class=\"attachment-large size-large wp-image-11749\" alt=\"\" srcset=\"https:\/\/gradido.net\/wp-content\/uploads\/2025\/10\/Michael_Rothe_Banner-1024x576.jpg 1024w, https:\/\/gradido.net\/wp-content\/uploads\/2025\/10\/Michael_Rothe_Banner-300x169.jpg 300w, https:\/\/gradido.net\/wp-content\/uploads\/2025\/10\/Michael_Rothe_Banner-768x432.jpg 768w, https:\/\/gradido.net\/wp-content\/uploads\/2025\/10\/Michael_Rothe_Banner-18x10.jpg 18w, https:\/\/gradido.net\/wp-content\/uploads\/2025\/10\/Michael_Rothe_Banner.jpg 1280w\" sizes=\"(max-width: 800px) 100vw, 800px\" \/><\/div><\/a>\n\t\t\t\t<div class=\"elementor-post__text\">\n\t\t\t\t<h3 class=\"elementor-post__title\">\n\t\t\t<a href=\"https:\/\/gradido.net\/hu\/mutmacher-michael\/\" >\n\t\t\t\tAz igazs\u00e1gos \u00e9s b\u00e9k\u00e9s vil\u00e1g \u00e1lma\t\t\t<\/a>\n\t\t<\/h3>\n\t\t\t\t<div class=\"elementor-post__excerpt\">\n\t\t\t<p>Ami engem a legjobban vonz a Gradid\u00f3ban, az a h\u00e1la elve - \u00e9s a b\u00e9k\u00e9s gazdas\u00e1g v\u00edzi\u00f3ja. Olyan vil\u00e1got szeretn\u00e9k l\u00e1tni, amelyben az egy\u00fcttm\u0171k\u00f6d\u00e9s el\u0151bbre val\u00f3, mint a verseny, \u00e9s amelyben eg\u00e9szs\u00e9ges k\u00f6z\u00f6ss\u00e9gek fejl\u0151dnek. A Gradido seg\u00edts\u00e9g\u00e9vel ez az \u00e1lom k\u00e9zzelfoghat\u00f3nak t\u0171nik.<\/p>\n\t\t<\/div>\n\t\t\n\t\t<a class=\"elementor-post__read-more\" href=\"https:\/\/gradido.net\/hu\/mutmacher-michael\/\" aria-label=\"Read more about Az igazs\u00e1gos \u00e9s b\u00e9k\u00e9s vil\u00e1g \u00e1lma\" tabindex=\"-1\" >\n\t\t\tB\u0151vebben\t\t<\/a>\n\n\t\t\t\t<\/div>\n\t\t\t\t<div class=\"elementor-post__meta-data\">\n\t\t\t\t\t<span class=\"elementor-post-date\">\n\t\t\t2025. okt\u00f3ber 1.\t\t<\/span>\n\t\t\t\t<\/div>\n\t\t\t\t\t<\/div>\n\t\t<\/article>\n\t\t\t\t<article class=\"elementor-post elementor-grid-item post-11727 post type-post status-publish format-standard has-post-thumbnail hentry category-blog category-community\" role=\"listitem\">\n\t\t\t<div class=\"elementor-post__card\">\n\t\t\t\t<a class=\"elementor-post__thumbnail__link\" href=\"https:\/\/gradido.net\/hu\/mutmacher-rolf\/\" tabindex=\"-1\" ><div class=\"elementor-post__thumbnail\"><img loading=\"lazy\" decoding=\"async\" width=\"800\" height=\"450\" src=\"https:\/\/gradido.net\/wp-content\/uploads\/2025\/09\/Rolf-Locher-Banner-1024x576.jpg\" class=\"attachment-large size-large wp-image-11728\" alt=\"\" srcset=\"https:\/\/gradido.net\/wp-content\/uploads\/2025\/09\/Rolf-Locher-Banner-1024x576.jpg 1024w, https:\/\/gradido.net\/wp-content\/uploads\/2025\/09\/Rolf-Locher-Banner-300x169.jpg 300w, https:\/\/gradido.net\/wp-content\/uploads\/2025\/09\/Rolf-Locher-Banner-768x432.jpg 768w, https:\/\/gradido.net\/wp-content\/uploads\/2025\/09\/Rolf-Locher-Banner-18x10.jpg 18w, https:\/\/gradido.net\/wp-content\/uploads\/2025\/09\/Rolf-Locher-Banner.jpg 1280w\" sizes=\"(max-width: 800px) 100vw, 800px\" \/><\/div><\/a>\n\t\t\t\t<div class=\"elementor-post__text\">\n\t\t\t\t<h3 class=\"elementor-post__title\">\n\t\t\t<a href=\"https:\/\/gradido.net\/hu\/mutmacher-rolf\/\" >\n\t\t\t\tAz \u00f6sszekapcsolts\u00e1gba\t\t\t<\/a>\n\t\t<\/h3>\n\t\t\t\t<div class=\"elementor-post__excerpt\">\n\t\t\t<p>Gradido v\u00edzi\u00f3ja jobban illik napjainkhoz, mint valaha. Arra eml\u00e9keztet, hogy a v\u00e1ltoz\u00e1s lehets\u00e9ges - nem csak \"egy napon\", hanem m\u00e1r most. Hogy kis l\u00e9p\u00e9sekkel \u00e9s \u00f6sszefog\u00e1ssal elkezdhetj\u00fck az \u00daj F\u00f6ld form\u00e1l\u00e1s\u00e1t.<\/p>\n\t\t<\/div>\n\t\t\n\t\t<a class=\"elementor-post__read-more\" href=\"https:\/\/gradido.net\/hu\/mutmacher-rolf\/\" aria-label=\"B\u0151vebben az Into connectednessr\u0151l\" tabindex=\"-1\" >\n\t\t\tB\u0151vebben\t\t<\/a>\n\n\t\t\t\t<\/div>\n\t\t\t\t<div class=\"elementor-post__meta-data\">\n\t\t\t\t\t<span class=\"elementor-post-date\">\n\t\t\tszeptember 30. 2025\t\t<\/span>\n\t\t\t\t<\/div>\n\t\t\t\t\t<\/div>\n\t\t<\/article>\n\t\t\t\t<article class=\"elementor-post elementor-grid-item post-11642 post type-post status-publish format-standard has-post-thumbnail hentry category-blog category-community\" role=\"listitem\">\n\t\t\t<div class=\"elementor-post__card\">\n\t\t\t\t<a class=\"elementor-post__thumbnail__link\" href=\"https:\/\/gradido.net\/hu\/mutmacher-jean-pierre\/\" tabindex=\"-1\" ><div class=\"elementor-post__thumbnail\"><img loading=\"lazy\" decoding=\"async\" width=\"800\" height=\"450\" src=\"https:\/\/gradido.net\/wp-content\/uploads\/2025\/09\/Jean-Pierre-1024x576.jpg\" class=\"attachment-large size-large wp-image-11643\" alt=\"\" srcset=\"https:\/\/gradido.net\/wp-content\/uploads\/2025\/09\/Jean-Pierre-1024x576.jpg 1024w, https:\/\/gradido.net\/wp-content\/uploads\/2025\/09\/Jean-Pierre-300x169.jpg 300w, https:\/\/gradido.net\/wp-content\/uploads\/2025\/09\/Jean-Pierre-768x432.jpg 768w, https:\/\/gradido.net\/wp-content\/uploads\/2025\/09\/Jean-Pierre-18x10.jpg 18w, https:\/\/gradido.net\/wp-content\/uploads\/2025\/09\/Jean-Pierre.jpg 1280w\" sizes=\"(max-width: 800px) 100vw, 800px\" \/><\/div><\/a>\n\t\t\t\t<div class=\"elementor-post__text\">\n\t\t\t\t<h3 class=\"elementor-post__title\">\n\t\t\t<a href=\"https:\/\/gradido.net\/hu\/mutmacher-jean-pierre\/\" >\n\t\t\t\tA h\u00edd \u00e9p\u00edt\u00e9s\u00e9nek z\u00e1r\u00f3k\u00f6ve\t\t\t<\/a>\n\t\t<\/h3>\n\t\t\t\t<div class=\"elementor-post__excerpt\">\n\t\t\t<p>Sok\u00e9ves k\u00fcl\u00f6nb\u00f6z\u0151 tev\u00e9kenys\u00e9gem sor\u00e1n r\u00e1j\u00f6ttem, hogy t\u00e1rsadalmunk legt\u00f6bb rendszer\u00e9nek van egy olyan bels\u0151 logik\u00e1ja, amely nemk\u00edv\u00e1natos fejlem\u00e9nyekhez vezet. E nemk\u00edv\u00e1natos fejlem\u00e9nyek k\u00f6vetkezt\u00e9ben szem el\u0151l t\u00e9vesztett\u00fck val\u00f3di c\u00e9ljainkat, \u00e9s ....<\/p>\n\t\t<\/div>\n\t\t\n\t\t<a class=\"elementor-post__read-more\" href=\"https:\/\/gradido.net\/hu\/mutmacher-jean-pierre\/\" aria-label=\"B\u0151vebben a A kulcsk\u0151 a h\u00edd \u00e9p\u00edt\u00e9s\u00e9ben\" tabindex=\"-1\" >\n\t\t\tB\u0151vebben\t\t<\/a>\n\n\t\t\t\t<\/div>\n\t\t\t\t<div class=\"elementor-post__meta-data\">\n\t\t\t\t\t<span class=\"elementor-post-date\">\n\t\t\t27 szeptember 2025\t\t<\/span>\n\t\t\t\t<\/div>\n\t\t\t\t\t<\/div>\n\t\t<\/article>\n\t\t\t\t<article class=\"elementor-post elementor-grid-item post-11600 post type-post status-publish format-standard has-post-thumbnail hentry category-blog category-community\" role=\"listitem\">\n\t\t\t<div class=\"elementor-post__card\">\n\t\t\t\t<a class=\"elementor-post__thumbnail__link\" href=\"https:\/\/gradido.net\/hu\/mutmacherin-kerstin\/\" tabindex=\"-1\" ><div class=\"elementor-post__thumbnail\"><img loading=\"lazy\" decoding=\"async\" width=\"800\" height=\"450\" src=\"https:\/\/gradido.net\/wp-content\/uploads\/2025\/09\/Kerstin_Banner2-1024x576.jpg\" class=\"attachment-large size-large wp-image-11603\" alt=\"\" srcset=\"https:\/\/gradido.net\/wp-content\/uploads\/2025\/09\/Kerstin_Banner2-1024x576.jpg 1024w, https:\/\/gradido.net\/wp-content\/uploads\/2025\/09\/Kerstin_Banner2-300x169.jpg 300w, https:\/\/gradido.net\/wp-content\/uploads\/2025\/09\/Kerstin_Banner2-768x432.jpg 768w, https:\/\/gradido.net\/wp-content\/uploads\/2025\/09\/Kerstin_Banner2-18x10.jpg 18w, https:\/\/gradido.net\/wp-content\/uploads\/2025\/09\/Kerstin_Banner2.jpg 1280w\" sizes=\"(max-width: 800px) 100vw, 800px\" \/><\/div><\/a>\n\t\t\t\t<div class=\"elementor-post__text\">\n\t\t\t\t<h3 class=\"elementor-post__title\">\n\t\t\t<a href=\"https:\/\/gradido.net\/hu\/mutmacherin-kerstin\/\" >\n\t\t\t\t\u00cdgy k\u00e9pzelem el az egy\u00fcttl\u00e9tet.\t\t\t<\/a>\n\t\t<\/h3>\n\t\t\t\t<div class=\"elementor-post__excerpt\">\n\t\t\t<p>Amikor l\u00e9trehoztam a \"Ismerd fel magad\" kongresszusomat, tal\u00e1lkoztam a Gradid\u00f3val, \u00e9s azonnal lelkes lettem. A h\u00e1la energi\u00e1ja \u00e9s a term\u00e9szetes p\u00e9ld\u00e1ja a v\u00e1l\u00e1snak \u00e9s az elm\u00fal\u00e1snak - ezzel tudtam azonosulni!<\/p>\n\t\t<\/div>\n\t\t\n\t\t<a class=\"elementor-post__read-more\" href=\"https:\/\/gradido.net\/hu\/mutmacherin-kerstin\/\" aria-label=\"Read more about \u00cdgy k\u00e9pzelem el az egy\u00fcttl\u00e9tet\" tabindex=\"-1\" >\n\t\t\tB\u0151vebben\t\t<\/a>\n\n\t\t\t\t<\/div>\n\t\t\t\t<div class=\"elementor-post__meta-data\">\n\t\t\t\t\t<span class=\"elementor-post-date\">\n\t\t\t17 szeptember 2025\t\t<\/span>\n\t\t\t\t<\/div>\n\t\t\t\t\t<\/div>\n\t\t<\/article>\n\t\t\t\t<article class=\"elementor-post elementor-grid-item post-11586 post type-post status-publish format-standard has-post-thumbnail hentry category-blog category-community tag-bild-oben\" role=\"listitem\">\n\t\t\t<div class=\"elementor-post__card\">\n\t\t\t\t<a class=\"elementor-post__thumbnail__link\" href=\"https:\/\/gradido.net\/hu\/welt-mutter-kongress\/\" tabindex=\"-1\" ><div class=\"elementor-post__thumbnail\"><img loading=\"lazy\" decoding=\"async\" width=\"800\" height=\"436\" src=\"https:\/\/gradido.net\/wp-content\/uploads\/2025\/09\/Welt-Mutter-Kongress-1024x558.jpg\" class=\"attachment-large size-large wp-image-11587\" alt=\"\" srcset=\"https:\/\/gradido.net\/wp-content\/uploads\/2025\/09\/Welt-Mutter-Kongress-1024x558.jpg 1024w, https:\/\/gradido.net\/wp-content\/uploads\/2025\/09\/Welt-Mutter-Kongress-300x164.jpg 300w, https:\/\/gradido.net\/wp-content\/uploads\/2025\/09\/Welt-Mutter-Kongress-768x419.jpg 768w, https:\/\/gradido.net\/wp-content\/uploads\/2025\/09\/Welt-Mutter-Kongress-18x10.jpg 18w, https:\/\/gradido.net\/wp-content\/uploads\/2025\/09\/Welt-Mutter-Kongress.jpg 1280w\" sizes=\"(max-width: 800px) 100vw, 800px\" \/><\/div><\/a>\n\t\t\t\t<div class=\"elementor-post__text\">\n\t\t\t\t<h3 class=\"elementor-post__title\">\n\t\t\t<a href=\"https:\/\/gradido.net\/hu\/welt-mutter-kongress\/\" >\n\t\t\t\tMegh\u00edv\u00f3 az Any\u00e1k Vil\u00e1gkongresszus\u00e1ra 2025. szeptember 15-26.\t\t\t<\/a>\n\t\t<\/h3>\n\t\t\t\t<div class=\"elementor-post__excerpt\">\n\t\t\t<p>Milyen lenne \u00fajra kapcsolatba l\u00e9pni \u00f6nmagaddal, megnyitni a sz\u00edvedet az \u00e9let el\u0151tt, \u00e9s m\u00e1sokkal egy\u00fctt egy szabad, szeretetteljes \u00faton j\u00e1rni? Az Any\u00e1k Vil\u00e1gkongresszusa szeretettel megh\u00edv - tizenk\u00e9t napra, tele inspir\u00e1ci\u00f3val, gy\u00f3gy\u00edt\u00f3 impulzusokkal \u00e9s eleven k\u00f6z\u00f6ss\u00e9ggel.<\/p>\n\t\t<\/div>\n\t\t\n\t\t<a class=\"elementor-post__read-more\" href=\"https:\/\/gradido.net\/hu\/welt-mutter-kongress\/\" aria-label=\"Read more about Megh\u00edv\u00f3 az Any\u00e1k Vil\u00e1gkongresszus\u00e1ra 2025. szeptember 15-26. k\u00f6z\u00f6tt\" tabindex=\"-1\" >\n\t\t\tB\u0151vebben\t\t<\/a>\n\n\t\t\t\t<\/div>\n\t\t\t\t<div class=\"elementor-post__meta-data\">\n\t\t\t\t\t<span class=\"elementor-post-date\">\n\t\t\tszeptember 14. 2025\t\t<\/span>\n\t\t\t\t<\/div>\n\t\t\t\t\t<\/div>\n\t\t<\/article>\n\t\t\t\t<article class=\"elementor-post elementor-grid-item post-11565 post type-post status-publish format-standard has-post-thumbnail hentry category-blog category-community\" role=\"listitem\">\n\t\t\t<div class=\"elementor-post__card\">\n\t\t\t\t<a class=\"elementor-post__thumbnail__link\" href=\"https:\/\/gradido.net\/hu\/mutmacher-dietmar\/\" tabindex=\"-1\" ><div class=\"elementor-post__thumbnail\"><img loading=\"lazy\" decoding=\"async\" width=\"800\" height=\"450\" src=\"https:\/\/gradido.net\/wp-content\/uploads\/2025\/09\/Dietmar-1-1024x576.jpg\" class=\"attachment-large size-large wp-image-11568\" alt=\"\" srcset=\"https:\/\/gradido.net\/wp-content\/uploads\/2025\/09\/Dietmar-1-1024x576.jpg 1024w, https:\/\/gradido.net\/wp-content\/uploads\/2025\/09\/Dietmar-1-300x169.jpg 300w, https:\/\/gradido.net\/wp-content\/uploads\/2025\/09\/Dietmar-1-768x432.jpg 768w, https:\/\/gradido.net\/wp-content\/uploads\/2025\/09\/Dietmar-1-18x10.jpg 18w, https:\/\/gradido.net\/wp-content\/uploads\/2025\/09\/Dietmar-1.jpg 1280w\" sizes=\"(max-width: 800px) 100vw, 800px\" \/><\/div><\/a>\n\t\t\t\t<div class=\"elementor-post__text\">\n\t\t\t\t<h3 class=\"elementor-post__title\">\n\t\t\t<a href=\"https:\/\/gradido.net\/hu\/mutmacher-dietmar\/\" >\n\t\t\t\tMi\u00e9rt nem \u00e9lj\u00fck ezt m\u00e1r r\u00e9g\u00f3ta?\t\t\t<\/a>\n\t\t<\/h3>\n\t\t\t\t<div class=\"elementor-post__excerpt\">\n\t\t\t<p>Amikor elolvastam a Gradido 100 el\u0151ny\u00e9t, az els\u0151 gondolatom az volt: H\u0171, egyszer\u0171en zseni\u00e1lis! Mi\u00e9rt nem \u00e9l\u00fcnk m\u00e1r r\u00e9g\u00f3ta \u00edgy? Ez volt a kezdet, hogy jobban megismerjem a Gradid\u00f3t, \u00e9s nagyk\u00f6vetk\u00e9nt r\u00e9szt vegyek abban, hogy a Gradid\u00f3t bevigyem a vil\u00e1gba.<\/p>\n\t\t<\/div>\n\t\t\n\t\t<a class=\"elementor-post__read-more\" href=\"https:\/\/gradido.net\/hu\/mutmacher-dietmar\/\" aria-label=\"Tov\u00e1bbi inform\u00e1ci\u00f3 Mi\u00e9rt nem \u00e9l\u00fcnk m\u00e1r r\u00e9g\u00f3ta \u00edgy?\" tabindex=\"-1\" >\n\t\t\tB\u0151vebben\t\t<\/a>\n\n\t\t\t\t<\/div>\n\t\t\t\t<div class=\"elementor-post__meta-data\">\n\t\t\t\t\t<span class=\"elementor-post-date\">\n\t\t\t12 szeptember 2025\t\t<\/span>\n\t\t\t\t<\/div>\n\t\t\t\t\t<\/div>\n\t\t<\/article>\n\t\t\t\t<article class=\"elementor-post elementor-grid-item post-11542 post type-post status-publish format-standard has-post-thumbnail hentry category-blog category-community\" role=\"listitem\">\n\t\t\t<div class=\"elementor-post__card\">\n\t\t\t\t<a class=\"elementor-post__thumbnail__link\" href=\"https:\/\/gradido.net\/hu\/von-dem-konzept-begeistert\/\" tabindex=\"-1\" ><div class=\"elementor-post__thumbnail\"><img loading=\"lazy\" decoding=\"async\" width=\"800\" height=\"450\" src=\"https:\/\/gradido.net\/wp-content\/uploads\/2025\/09\/Joel_Banner-1024x576.jpg\" class=\"attachment-large size-large wp-image-11544\" alt=\"\" srcset=\"https:\/\/gradido.net\/wp-content\/uploads\/2025\/09\/Joel_Banner-1024x576.jpg 1024w, https:\/\/gradido.net\/wp-content\/uploads\/2025\/09\/Joel_Banner-300x169.jpg 300w, https:\/\/gradido.net\/wp-content\/uploads\/2025\/09\/Joel_Banner-768x432.jpg 768w, https:\/\/gradido.net\/wp-content\/uploads\/2025\/09\/Joel_Banner-18x10.jpg 18w, https:\/\/gradido.net\/wp-content\/uploads\/2025\/09\/Joel_Banner.jpg 1280w\" sizes=\"(max-width: 800px) 100vw, 800px\" \/><\/div><\/a>\n\t\t\t\t<div class=\"elementor-post__text\">\n\t\t\t\t<h3 class=\"elementor-post__title\">\n\t\t\t<a href=\"https:\/\/gradido.net\/hu\/von-dem-konzept-begeistert\/\" >\n\t\t\t\tLelkesed\u00e9s a koncepci\u00f3\u00e9rt\t\t\t<\/a>\n\t\t<\/h3>\n\t\t\t\t<div class=\"elementor-post__excerpt\">\n\t\t\t<p>M\u00e1r r\u00e9g\u00f3ta keresek egy alternat\u00edv, fenntarthat\u00f3 \u00e9letm\u00f3dot. Nagyon tetszik az \u00f6tlet, hogy a h\u00e1la alapj\u00e1n keressek p\u00e9nzt. Hiszem, hogy az \u00e9let\u00fcnk egy aj\u00e1nd\u00e9k. Sok okunk van arra, hogy h\u00e1l\u00e1sak legy\u00fcnk. Az \u00e9let tele van csod\u00e1kkal.<\/p>\n\t\t<\/div>\n\t\t\n\t\t<a class=\"elementor-post__read-more\" href=\"https:\/\/gradido.net\/hu\/von-dem-konzept-begeistert\/\" aria-label=\"Read more about Lelkesed\u00e9s a koncepci\u00f3\u00e9rt\" tabindex=\"-1\" >\n\t\t\tB\u0151vebben\t\t<\/a>\n\n\t\t\t\t<\/div>\n\t\t\t\t<div class=\"elementor-post__meta-data\">\n\t\t\t\t\t<span class=\"elementor-post-date\">\n\t\t\t2025. szeptember 11.\t\t<\/span>\n\t\t\t\t<\/div>\n\t\t\t\t\t<\/div>\n\t\t<\/article>\n\t\t\t\t<article class=\"elementor-post elementor-grid-item post-11520 post type-post status-publish format-standard has-post-thumbnail hentry category-blog category-community\" role=\"listitem\">\n\t\t\t<div class=\"elementor-post__card\">\n\t\t\t\t<a class=\"elementor-post__thumbnail__link\" href=\"https:\/\/gradido.net\/hu\/mutmacherin-claudia\/\" tabindex=\"-1\" ><div class=\"elementor-post__thumbnail\"><img loading=\"lazy\" decoding=\"async\" width=\"800\" height=\"450\" src=\"https:\/\/gradido.net\/wp-content\/uploads\/2025\/09\/Claudia_Banner-1024x576.jpg\" class=\"attachment-large size-large wp-image-11522\" alt=\"\" srcset=\"https:\/\/gradido.net\/wp-content\/uploads\/2025\/09\/Claudia_Banner-1024x576.jpg 1024w, https:\/\/gradido.net\/wp-content\/uploads\/2025\/09\/Claudia_Banner-300x169.jpg 300w, https:\/\/gradido.net\/wp-content\/uploads\/2025\/09\/Claudia_Banner-768x432.jpg 768w, https:\/\/gradido.net\/wp-content\/uploads\/2025\/09\/Claudia_Banner-18x10.jpg 18w, https:\/\/gradido.net\/wp-content\/uploads\/2025\/09\/Claudia_Banner.jpg 1280w\" sizes=\"(max-width: 800px) 100vw, 800px\" \/><\/div><\/a>\n\t\t\t\t<div class=\"elementor-post__text\">\n\t\t\t\t<h3 class=\"elementor-post__title\">\n\t\t\t<a href=\"https:\/\/gradido.net\/hu\/mutmacherin-claudia\/\" >\n\t\t\t\tPontosan az, amire mindig is v\u00e1gytam\t\t\t<\/a>\n\t\t<\/h3>\n\t\t\t\t<div class=\"elementor-post__excerpt\">\n\t\t\t<p>A Gradido mindenkinek sokat k\u00edn\u00e1l. Mindenki \u00fagy kapcsol\u00f3dhat be, ahogyan szeretne. Nekem kifejezetten a lovakr\u00f3l van sz\u00f3, \u00e9s a L\u00f3-ember k\u00f6z\u00f6ss\u00e9get, a gyermekemet is bemutattam, mint helyet a Gradid\u00f3ban. Mert a Gradido lehet\u0151s\u00e9get ad nekem arra, hogy az emberek ott kapcsolatokat \u00e9p\u00edtsenek ki.<\/p>\n\t\t<\/div>\n\t\t\n\t\t<a class=\"elementor-post__read-more\" href=\"https:\/\/gradido.net\/hu\/mutmacherin-claudia\/\" aria-label=\"Read more about Pontosan az, amire mindig is v\u00e1gytam\" tabindex=\"-1\" >\n\t\t\tB\u0151vebben\t\t<\/a>\n\n\t\t\t\t<\/div>\n\t\t\t\t<div class=\"elementor-post__meta-data\">\n\t\t\t\t\t<span class=\"elementor-post-date\">\n\t\t\t2025. szeptember 8.\t\t<\/span>\n\t\t\t\t<\/div>\n\t\t\t\t\t<\/div>\n\t\t<\/article>\n\t\t\t\t<article class=\"elementor-post elementor-grid-item post-11499 post type-post status-publish format-standard has-post-thumbnail hentry category-blog category-community\" role=\"listitem\">\n\t\t\t<div class=\"elementor-post__card\">\n\t\t\t\t<a class=\"elementor-post__thumbnail__link\" href=\"https:\/\/gradido.net\/hu\/werde-mutmacher-teile-deine-gradido-geschichte\/\" tabindex=\"-1\" ><div class=\"elementor-post__thumbnail\"><img loading=\"lazy\" decoding=\"async\" width=\"800\" height=\"200\" src=\"https:\/\/gradido.net\/wp-content\/uploads\/2023\/12\/AdobeStock_623322374-1024x256.jpeg\" class=\"attachment-large size-large wp-image-8453\" alt=\"\" srcset=\"https:\/\/gradido.net\/wp-content\/uploads\/2023\/12\/AdobeStock_623322374-1024x256.jpeg 1024w, https:\/\/gradido.net\/wp-content\/uploads\/2023\/12\/AdobeStock_623322374-300x75.jpeg 300w, https:\/\/gradido.net\/wp-content\/uploads\/2023\/12\/AdobeStock_623322374-768x192.jpeg 768w, https:\/\/gradido.net\/wp-content\/uploads\/2023\/12\/AdobeStock_623322374-1536x384.jpeg 1536w, https:\/\/gradido.net\/wp-content\/uploads\/2023\/12\/AdobeStock_623322374-2048x512.jpeg 2048w, https:\/\/gradido.net\/wp-content\/uploads\/2023\/12\/AdobeStock_623322374-18x5.jpeg 18w\" sizes=\"(max-width: 800px) 100vw, 800px\" \/><\/div><\/a>\n\t\t\t\t<div class=\"elementor-post__text\">\n\t\t\t\t<h3 class=\"elementor-post__title\">\n\t\t\t<a href=\"https:\/\/gradido.net\/hu\/werde-mutmacher-teile-deine-gradido-geschichte\/\" >\n\t\t\t\tL\u00e9gy b\u00e1tor\u00edt\u00f3: oszd meg a Gradido t\u00f6rt\u00e9neted!\t\t\t<\/a>\n\t\t<\/h3>\n\t\t\t\t<div class=\"elementor-post__excerpt\">\n\t\t\t<p>A legjobb, legb\u00e1tor\u00edt\u00f3bb beadv\u00e1nyokat a k\u00f6vetkez\u0151 h\u00edrlevelekben \u00e9s a blogunkon fogjuk k\u00f6zz\u00e9tenni. \u00cdgy egy\u00fctt n\u00f6velhetj\u00fck a rem\u00e9ny \u00e9s a val\u00f3s t\u00f6rt\u00e9netek csokr\u00e1t, amely sokakat inspir\u00e1l majd arra, hogy r\u00e9szesei legyenek ennek a mozgalomnak.<\/p>\n\t\t<\/div>\n\t\t\n\t\t<a class=\"elementor-post__read-more\" href=\"https:\/\/gradido.net\/hu\/werde-mutmacher-teile-deine-gradido-geschichte\/\" aria-label=\"Read more about L\u00e9gy b\u00e1tor\u00edt\u00f3: Oszd meg a Gradido t\u00f6rt\u00e9neted!\" tabindex=\"-1\" >\n\t\t\tB\u0151vebben\t\t<\/a>\n\n\t\t\t\t<\/div>\n\t\t\t\t<div class=\"elementor-post__meta-data\">\n\t\t\t\t\t<span class=\"elementor-post-date\">\n\t\t\t2025. szeptember 5.\t\t<\/span>\n\t\t\t\t<\/div>\n\t\t\t\t\t<\/div>\n\t\t<\/article>\n\t\t\t\t<article class=\"elementor-post elementor-grid-item post-10429 post type-post status-publish format-standard has-post-thumbnail hentry category-blog category-community\" role=\"listitem\">\n\t\t\t<div class=\"elementor-post__card\">\n\t\t\t\t<a class=\"elementor-post__thumbnail__link\" href=\"https:\/\/gradido.net\/hu\/inspirationsflug-regenerative-wirtschaft\/\" tabindex=\"-1\" ><div class=\"elementor-post__thumbnail\"><img loading=\"lazy\" decoding=\"async\" width=\"800\" height=\"339\" src=\"https:\/\/gradido.net\/wp-content\/uploads\/2025\/06\/Titel-INSPIRATIONSLFUG-short-1024x434.webp\" class=\"attachment-large size-large wp-image-10431\" alt=\"\" srcset=\"https:\/\/gradido.net\/wp-content\/uploads\/2025\/06\/Titel-INSPIRATIONSLFUG-short-1024x434.webp 1024w, https:\/\/gradido.net\/wp-content\/uploads\/2025\/06\/Titel-INSPIRATIONSLFUG-short-300x127.webp 300w, https:\/\/gradido.net\/wp-content\/uploads\/2025\/06\/Titel-INSPIRATIONSLFUG-short-768x326.webp 768w, https:\/\/gradido.net\/wp-content\/uploads\/2025\/06\/Titel-INSPIRATIONSLFUG-short-1536x651.webp 1536w, https:\/\/gradido.net\/wp-content\/uploads\/2025\/06\/Titel-INSPIRATIONSLFUG-short-2048x868.webp 2048w, https:\/\/gradido.net\/wp-content\/uploads\/2025\/06\/Titel-INSPIRATIONSLFUG-short-18x8.webp 18w\" sizes=\"(max-width: 800px) 100vw, 800px\" \/><\/div><\/a>\n\t\t\t\t<div class=\"elementor-post__text\">\n\t\t\t\t<h3 class=\"elementor-post__title\">\n\t\t\t<a href=\"https:\/\/gradido.net\/hu\/inspirationsflug-regenerative-wirtschaft\/\" >\n\t\t\t\tINSPIR\u00c1L\u00d3 REP\u00dcL\u00c9S A REGENERAT\u00cdV GAZDAS\u00c1G T\u00c9M\u00c1J\u00c1BAN\t\t\t<\/a>\n\t\t<\/h3>\n\t\t\t\t<div class=\"elementor-post__excerpt\">\n\t\t\t<p>A REGENERAT\u00cdV GAZDAS\u00c1G olyan gazdas\u00e1gi rendszert jelent, amely t\u00falmutat a puszta \u00e9rt\u00e9kteremt\u00e9s gondolat\u00e1n, \u00e9s az \u00f6kosziszt\u00e9m\u00e1k \u00e9s t\u00e1rsadalmak helyre\u00e1ll\u00edt\u00e1s\u00e1ra \u00e9s jav\u00edt\u00e1s\u00e1ra \u00f6sszpontos\u00edt. Arra t\u00f6rekszik, hogy t\u00f6bbet adjon vissza, mint amennyit elvesz, mind k\u00f6rnyezeti, mind t\u00e1rsadalmi szempontb\u00f3l, \u00e9s a term\u00e9szet \u00e9s a t\u00e1rsadalom sz\u00e1m\u00e1ra pozit\u00edv \u00e9rt\u00e9kteremt\u00e9sre \u00f6sszpontos\u00edt\".<\/p>\n\t\t<\/div>\n\t\t\n\t\t<a class=\"elementor-post__read-more\" href=\"https:\/\/gradido.net\/hu\/inspirationsflug-regenerative-wirtschaft\/\" aria-label=\"B\u0151vebben az INSPIR\u00c1CI\u00d3S REP\u00dcL\u00c9S A REGENERAT\u00cdV GAZDAS\u00c1G T\u00c9M\u00c1J\u00c1B\u00d3L\" tabindex=\"-1\" >\n\t\t\tB\u0151vebben\t\t<\/a>\n\n\t\t\t\t<\/div>\n\t\t\t\t<div class=\"elementor-post__meta-data\">\n\t\t\t\t\t<span class=\"elementor-post-date\">\n\t\t\t4. j\u00fanius 2025\t\t<\/span>\n\t\t\t\t<\/div>\n\t\t\t\t\t<\/div>\n\t\t<\/article>\n\t\t\t\t<article class=\"elementor-post elementor-grid-item post-10383 post type-post status-publish format-standard has-post-thumbnail hentry category-blog category-community\" role=\"listitem\">\n\t\t\t<div class=\"elementor-post__card\">\n\t\t\t\t<a class=\"elementor-post__thumbnail__link\" href=\"https:\/\/gradido.net\/hu\/78-tage-die-alles-veraendern-koennten\/\" tabindex=\"-1\" ><div class=\"elementor-post__thumbnail\"><img loading=\"lazy\" decoding=\"async\" width=\"800\" height=\"450\" src=\"https:\/\/gradido.net\/wp-content\/uploads\/2025\/05\/Ketten_sprengen-1024x576.jpg\" class=\"attachment-large size-large wp-image-10385\" alt=\"\" srcset=\"https:\/\/gradido.net\/wp-content\/uploads\/2025\/05\/Ketten_sprengen-1024x576.jpg 1024w, https:\/\/gradido.net\/wp-content\/uploads\/2025\/05\/Ketten_sprengen-300x169.jpg 300w, https:\/\/gradido.net\/wp-content\/uploads\/2025\/05\/Ketten_sprengen-768x432.jpg 768w, https:\/\/gradido.net\/wp-content\/uploads\/2025\/05\/Ketten_sprengen-1536x864.jpg 1536w, https:\/\/gradido.net\/wp-content\/uploads\/2025\/05\/Ketten_sprengen-18x10.jpg 18w, https:\/\/gradido.net\/wp-content\/uploads\/2025\/05\/Ketten_sprengen.jpg 1600w\" sizes=\"(max-width: 800px) 100vw, 800px\" \/><\/div><\/a>\n\t\t\t\t<div class=\"elementor-post__text\">\n\t\t\t\t<h3 class=\"elementor-post__title\">\n\t\t\t<a href=\"https:\/\/gradido.net\/hu\/78-tage-die-alles-veraendern-koennten\/\" >\n\t\t\t\t78 nap, amely mindent megv\u00e1ltoztathat\t\t\t<\/a>\n\t\t<\/h3>\n\t\t\t\t<div class=\"elementor-post__excerpt\">\n\t\t\t<p>K\u00e9pzeld csak el: Az els\u0151 napsugarakkal \u00d6n - mint a c\u00edmlapk\u00e9p\u00fcnk\u00f6n l\u00e1that\u00f3 n\u0151 - elszak\u00edtja a r\u00e9gi m\u00e1trix l\u00e1thatatlan l\u00e1ncait, \u00e9s egy \u00faj, felfedez\u0151 szellemmel teli \u00e9let kalandja el\u00e9 n\u00e9z! Ez a kiindul\u00f3pontja egy olyan k\u00eds\u00e9rletnek, amely mindent megv\u00e1ltoztathat...<\/p>\n\t\t<\/div>\n\t\t\n\t\t<a class=\"elementor-post__read-more\" href=\"https:\/\/gradido.net\/hu\/78-tage-die-alles-veraendern-koennten\/\" aria-label=\"Tov\u00e1bbi inform\u00e1ci\u00f3 78 nap, amely mindent megv\u00e1ltoztathat\" tabindex=\"-1\" >\n\t\t\tB\u0151vebben\t\t<\/a>\n\n\t\t\t\t<\/div>\n\t\t\t\t<div class=\"elementor-post__meta-data\">\n\t\t\t\t\t<span class=\"elementor-post-date\">\n\t\t\t18. m\u00e1jus 2025\t\t<\/span>\n\t\t\t\t<\/div>\n\t\t\t\t\t<\/div>\n\t\t<\/article>\n\t\t\t\t<article class=\"elementor-post elementor-grid-item post-10371 post type-post status-publish format-standard has-post-thumbnail hentry category-blog category-community category-gradido-konto\" role=\"listitem\">\n\t\t\t<div class=\"elementor-post__card\">\n\t\t\t\t<a class=\"elementor-post__thumbnail__link\" href=\"https:\/\/gradido.net\/hu\/gemeinsam-wachsen-meilensteine-feiern-und-die-zukunft-gestalten\/\" tabindex=\"-1\" ><div class=\"elementor-post__thumbnail\"><img loading=\"lazy\" decoding=\"async\" width=\"800\" height=\"445\" src=\"https:\/\/gradido.net\/wp-content\/uploads\/2022\/12\/Test_fertig_1920-1024x569.jpg\" class=\"attachment-large size-large wp-image-6018\" alt=\"\" srcset=\"https:\/\/gradido.net\/wp-content\/uploads\/2022\/12\/Test_fertig_1920-1024x569.jpg 1024w, https:\/\/gradido.net\/wp-content\/uploads\/2022\/12\/Test_fertig_1920-300x167.jpg 300w, https:\/\/gradido.net\/wp-content\/uploads\/2022\/12\/Test_fertig_1920-768x427.jpg 768w, https:\/\/gradido.net\/wp-content\/uploads\/2022\/12\/Test_fertig_1920-1536x854.jpg 1536w, https:\/\/gradido.net\/wp-content\/uploads\/2022\/12\/Test_fertig_1920-18x10.jpg 18w, https:\/\/gradido.net\/wp-content\/uploads\/2022\/12\/Test_fertig_1920.jpg 1920w\" sizes=\"(max-width: 800px) 100vw, 800px\" \/><\/div><\/a>\n\t\t\t\t<div class=\"elementor-post__text\">\n\t\t\t\t<h3 class=\"elementor-post__title\">\n\t\t\t<a href=\"https:\/\/gradido.net\/hu\/gemeinsam-wachsen-meilensteine-feiern-und-die-zukunft-gestalten\/\" >\n\t\t\t\tK\u00f6z\u00f6s n\u00f6veked\u00e9s: m\u00e9rf\u00f6ldk\u00f6vek \u00fcnnepl\u00e9se \u00e9s a j\u00f6v\u0151 alak\u00edt\u00e1sa\t\t\t<\/a>\n\t\t<\/h3>\n\t\t\t\t<div class=\"elementor-post__excerpt\">\n\t\t\t<p>Ma szeretn\u00e9nk \u00d6n\u00f6ket - \u00e9s mindannyiunkat - t\u00e1j\u00e9koztatni arr\u00f3l, hogy milyen m\u00e9rf\u00f6ldk\u00f6veket \u00e9rt\u00fcnk el egy\u00fctt az elm\u00falt \u00e9vekben, \u00e9s mi v\u00e1r r\u00e1nk a k\u00f6vetkez\u0151 tizenk\u00e9t h\u00f3napban.<\/p>\n\t\t<\/div>\n\t\t\n\t\t<a class=\"elementor-post__read-more\" href=\"https:\/\/gradido.net\/hu\/gemeinsam-wachsen-meilensteine-feiern-und-die-zukunft-gestalten\/\" aria-label=\"Read more about Egy\u00fctt n\u00f6veked\u00fcnk: m\u00e9rf\u00f6ldk\u00f6vek \u00fcnnepl\u00e9se \u00e9s a j\u00f6v\u0151 alak\u00edt\u00e1sa\" tabindex=\"-1\" >\n\t\t\tB\u0151vebben\t\t<\/a>\n\n\t\t\t\t<\/div>\n\t\t\t\t<div class=\"elementor-post__meta-data\">\n\t\t\t\t\t<span class=\"elementor-post-date\">\n\t\t\t11. m\u00e1jus 2025\t\t<\/span>\n\t\t\t\t<\/div>\n\t\t\t\t\t<\/div>\n\t\t<\/article>\n\t\t\t\t<article class=\"elementor-post elementor-grid-item post-10343 post type-post status-publish format-standard has-post-thumbnail hentry category-blog category-community\" role=\"listitem\">\n\t\t\t<div class=\"elementor-post__card\">\n\t\t\t\t<a class=\"elementor-post__thumbnail__link\" href=\"https:\/\/gradido.net\/hu\/spielend-probleme-loesen-entdecke-das-ki-rollenspiel-bei-gradido-delta\/\" tabindex=\"-1\" ><div class=\"elementor-post__thumbnail\"><img loading=\"lazy\" decoding=\"async\" width=\"800\" height=\"375\" src=\"https:\/\/gradido.net\/wp-content\/uploads\/2025\/05\/DELTA-Rollenspiel-1024x480.jpg\" class=\"attachment-large size-large wp-image-10344\" alt=\"\" srcset=\"https:\/\/gradido.net\/wp-content\/uploads\/2025\/05\/DELTA-Rollenspiel-1024x480.jpg 1024w, https:\/\/gradido.net\/wp-content\/uploads\/2025\/05\/DELTA-Rollenspiel-300x141.jpg 300w, https:\/\/gradido.net\/wp-content\/uploads\/2025\/05\/DELTA-Rollenspiel-768x360.jpg 768w, https:\/\/gradido.net\/wp-content\/uploads\/2025\/05\/DELTA-Rollenspiel-1536x720.jpg 1536w, https:\/\/gradido.net\/wp-content\/uploads\/2025\/05\/DELTA-Rollenspiel-18x8.jpg 18w, https:\/\/gradido.net\/wp-content\/uploads\/2025\/05\/DELTA-Rollenspiel.jpg 1600w\" sizes=\"(max-width: 800px) 100vw, 800px\" \/><\/div><\/a>\n\t\t\t\t<div class=\"elementor-post__text\">\n\t\t\t\t<h3 class=\"elementor-post__title\">\n\t\t\t<a href=\"https:\/\/gradido.net\/hu\/spielend-probleme-loesen-entdecke-das-ki-rollenspiel-bei-gradido-delta\/\" >\n\t\t\t\tOldja meg a probl\u00e9m\u00e1kat j\u00e1t\u00e9kkal: Fedezd fel az AI szerepj\u00e1t\u00e9kot a Gradido DELTA-n\u00e1l\t\t\t<\/a>\n\t\t<\/h3>\n\t\t\t\t<div class=\"elementor-post__excerpt\">\n\t\t\t<p>\u00d6n is a Gradido k\u00f6z\u00f6ss\u00e9g k\u00edv\u00e1ncsi, kalandv\u00e1gy\u00f3 tagjai k\u00f6z\u00e9 tartozik, akik szeretn\u00e9nek valami \u00fajat kipr\u00f3b\u00e1lni, \u00e9s egy\u00fctt felfedezni az egy\u00fcttm\u0171k\u00f6d\u00e9s \u00e9s az innov\u00e1ci\u00f3 ismeretlen m\u00f3djait? Akkor a legjobb helyen j\u00e1rsz - \u00e9s ez mostant\u00f3l sokkal k\u00f6nnyebb \u00e9s sz\u00f3rakoztat\u00f3bb lesz!<\/p>\n\t\t<\/div>\n\t\t\n\t\t<a class=\"elementor-post__read-more\" href=\"https:\/\/gradido.net\/hu\/spielend-probleme-loesen-entdecke-das-ki-rollenspiel-bei-gradido-delta\/\" aria-label=\"Tov\u00e1bbi inform\u00e1ci\u00f3 a Probl\u00e9m\u00e1k megold\u00e1sa j\u00e1t\u00e9kkal: A Gradido DELTA mesters\u00e9ges intelligencia-szerepj\u00e1t\u00e9k\u00e1nak felfedez\u00e9se\" tabindex=\"-1\" >\n\t\t\tB\u0151vebben\t\t<\/a>\n\n\t\t\t\t<\/div>\n\t\t\t\t<div class=\"elementor-post__meta-data\">\n\t\t\t\t\t<span class=\"elementor-post-date\">\n\t\t\t5. m\u00e1jus 2025\t\t<\/span>\n\t\t\t\t<\/div>\n\t\t\t\t\t<\/div>\n\t\t<\/article>\n\t\t\t\t<article class=\"elementor-post elementor-grid-item post-10304 post type-post status-publish format-standard has-post-thumbnail hentry category-blog category-community\" role=\"listitem\">\n\t\t\t<div class=\"elementor-post__card\">\n\t\t\t\t<a class=\"elementor-post__thumbnail__link\" href=\"https:\/\/gradido.net\/hu\/gemeinsam-staerker-mach-mit-bei-gradido-delta\/\" tabindex=\"-1\" ><div class=\"elementor-post__thumbnail\"><img loading=\"lazy\" decoding=\"async\" width=\"800\" height=\"375\" src=\"https:\/\/gradido.net\/wp-content\/uploads\/2025\/04\/DELTA_Banner_Blog-1024x480.jpg\" class=\"attachment-large size-large wp-image-10305\" alt=\"\" srcset=\"https:\/\/gradido.net\/wp-content\/uploads\/2025\/04\/DELTA_Banner_Blog-1024x480.jpg 1024w, https:\/\/gradido.net\/wp-content\/uploads\/2025\/04\/DELTA_Banner_Blog-300x141.jpg 300w, https:\/\/gradido.net\/wp-content\/uploads\/2025\/04\/DELTA_Banner_Blog-768x360.jpg 768w, https:\/\/gradido.net\/wp-content\/uploads\/2025\/04\/DELTA_Banner_Blog-1536x720.jpg 1536w, https:\/\/gradido.net\/wp-content\/uploads\/2025\/04\/DELTA_Banner_Blog-18x8.jpg 18w, https:\/\/gradido.net\/wp-content\/uploads\/2025\/04\/DELTA_Banner_Blog.jpg 1920w\" sizes=\"(max-width: 800px) 100vw, 800px\" \/><\/div><\/a>\n\t\t\t\t<div class=\"elementor-post__text\">\n\t\t\t\t<h3 class=\"elementor-post__title\">\n\t\t\t<a href=\"https:\/\/gradido.net\/hu\/gemeinsam-staerker-mach-mit-bei-gradido-delta\/\" >\n\t\t\t\tEgy\u00fctt er\u0151sebbek: csatlakozzon a Gradido DELTA-hoz\t\t\t<\/a>\n\t\t<\/h3>\n\t\t\t\t<div class=\"elementor-post__excerpt\">\n\t\t\t<p>A Delta Chat, a ny\u00edlt forr\u00e1sk\u00f3d\u00fa \u00fczenetk\u00fcld\u0151 \u00e9s a t\u00e1mogat\u00f3 mesters\u00e9ges intelligencia-\u00fcgyn\u00f6k\u00f6k seg\u00edts\u00e9g\u00e9vel mostant\u00f3l kapcsolatba l\u00e9phetsz hasonl\u00f3an gondolkod\u00f3 emberekkel, tud\u00e1st cser\u00e9lhetsz, coacholhatod egym\u00e1st, \u00e9s egy\u00fctt alak\u00edthatj\u00e1tok a j\u00f6v\u0151t.<\/p>\n\t\t<\/div>\n\t\t\n\t\t<a class=\"elementor-post__read-more\" href=\"https:\/\/gradido.net\/hu\/gemeinsam-staerker-mach-mit-bei-gradido-delta\/\" aria-label=\"Read more about Egy\u00fctt er\u0151sebbek: Csatlakozz a Gradido DELTA-hoz!\" tabindex=\"-1\" >\n\t\t\tB\u0151vebben\t\t<\/a>\n\n\t\t\t\t<\/div>\n\t\t\t\t<div class=\"elementor-post__meta-data\">\n\t\t\t\t\t<span class=\"elementor-post-date\">\n\t\t\t\u00e1prilis 28. 2025. \u00e1prilis 28.\t\t<\/span>\n\t\t\t\t<\/div>\n\t\t\t\t\t<\/div>\n\t\t<\/article>\n\t\t\t\t<article class=\"elementor-post elementor-grid-item post-10264 post type-post status-publish format-standard has-post-thumbnail hentry category-blog category-community category-gradido-konto tag-bild-oben\" role=\"listitem\">\n\t\t\t<div class=\"elementor-post__card\">\n\t\t\t\t<a class=\"elementor-post__thumbnail__link\" href=\"https:\/\/gradido.net\/hu\/gms1\/\" tabindex=\"-1\" ><div class=\"elementor-post__thumbnail\"><img loading=\"lazy\" decoding=\"async\" width=\"800\" height=\"366\" src=\"https:\/\/gradido.net\/wp-content\/uploads\/2025\/04\/GMS_Banner-1024x469.jpg\" class=\"attachment-large size-large wp-image-10265\" alt=\"\" srcset=\"https:\/\/gradido.net\/wp-content\/uploads\/2025\/04\/GMS_Banner-1024x469.jpg 1024w, https:\/\/gradido.net\/wp-content\/uploads\/2025\/04\/GMS_Banner-300x138.jpg 300w, https:\/\/gradido.net\/wp-content\/uploads\/2025\/04\/GMS_Banner-768x352.jpg 768w, https:\/\/gradido.net\/wp-content\/uploads\/2025\/04\/GMS_Banner-1536x704.jpg 1536w, https:\/\/gradido.net\/wp-content\/uploads\/2025\/04\/GMS_Banner-18x8.jpg 18w, https:\/\/gradido.net\/wp-content\/uploads\/2025\/04\/GMS_Banner.jpg 1920w\" sizes=\"(max-width: 800px) 100vw, 800px\" \/><\/div><\/a>\n\t\t\t\t<div class=\"elementor-post__text\">\n\t\t\t\t<h3 class=\"elementor-post__title\">\n\t\t\t<a href=\"https:\/\/gradido.net\/hu\/gms1\/\" >\n\t\t\t\tEgyed\u00fcl helyett egy\u00fctt - keressen hasonl\u00f3an gondolkod\u00f3 embereket a szomsz\u00e9ds\u00e1g\u00e1ban.\t\t\t<\/a>\n\t\t<\/h3>\n\t\t\t\t<div class=\"elementor-post__excerpt\">\n\t\t\t<p>\u00d6n is ismeri ezt az \u00e9rz\u00e9st? \u00d6n teljes sz\u00edvvel elk\u00f6telezett a b\u00e9ke, a szabads\u00e1g \u00e9s a term\u00e9szettel harm\u00f3ni\u00e1ban \u00e9l\u0151, \u00e9lhet\u0151 j\u00f6v\u0151 mellett. De n\u00e9ha \u00fagy \u00e9rzed, egyed\u00fcl vagy az utadon, mert nem tudod, hol \u00e9lnek a k\u00f6rnyezetedben olyan emberek, akik osztoznak az \u00e9rt\u00e9keidben \u00e9s elk\u00e9pzel\u00e9seidben. Most van egy egyszer\u0171 megold\u00e1s...<\/p>\n\t\t<\/div>\n\t\t\n\t\t<a class=\"elementor-post__read-more\" href=\"https:\/\/gradido.net\/hu\/gms1\/\" aria-label=\"Read more about Egy\u00fctt a mag\u00e1ny helyett - Tal\u00e1ld meg a hasonl\u00f3an gondolkod\u00f3 embereket a szomsz\u00e9ds\u00e1godban\" tabindex=\"-1\" >\n\t\t\tB\u0151vebben\t\t<\/a>\n\n\t\t\t\t<\/div>\n\t\t\t\t<div class=\"elementor-post__meta-data\">\n\t\t\t\t\t<span class=\"elementor-post-date\">\n\t\t\t2025. \u00e1prilis 16.\t\t<\/span>\n\t\t\t\t<\/div>\n\t\t\t\t\t<\/div>\n\t\t<\/article>\n\t\t\t\t<article class=\"elementor-post elementor-grid-item post-10280 post type-post status-publish format-standard has-post-thumbnail hentry category-blog category-community tag-bild-oben\" role=\"listitem\">\n\t\t\t<div class=\"elementor-post__card\">\n\t\t\t\t<a class=\"elementor-post__thumbnail__link\" href=\"https:\/\/gradido.net\/hu\/visionen-und-projekte\/\" tabindex=\"-1\" ><div class=\"elementor-post__thumbnail\"><img loading=\"lazy\" decoding=\"async\" width=\"800\" height=\"456\" src=\"https:\/\/gradido.net\/wp-content\/uploads\/2025\/04\/Banner-Visionen-Projekte-1024x584.png\" class=\"attachment-large size-large wp-image-10281\" alt=\"\" srcset=\"https:\/\/gradido.net\/wp-content\/uploads\/2025\/04\/Banner-Visionen-Projekte-1024x584.png 1024w, https:\/\/gradido.net\/wp-content\/uploads\/2025\/04\/Banner-Visionen-Projekte-300x171.png 300w, https:\/\/gradido.net\/wp-content\/uploads\/2025\/04\/Banner-Visionen-Projekte-768x438.png 768w, https:\/\/gradido.net\/wp-content\/uploads\/2025\/04\/Banner-Visionen-Projekte-1536x876.png 1536w, https:\/\/gradido.net\/wp-content\/uploads\/2025\/04\/Banner-Visionen-Projekte-2048x1168.png 2048w, https:\/\/gradido.net\/wp-content\/uploads\/2025\/04\/Banner-Visionen-Projekte-18x10.png 18w\" sizes=\"(max-width: 800px) 100vw, 800px\" \/><\/div><\/a>\n\t\t\t\t<div class=\"elementor-post__text\">\n\t\t\t\t<h3 class=\"elementor-post__title\">\n\t\t\t<a href=\"https:\/\/gradido.net\/hu\/visionen-und-projekte\/\" >\n\t\t\t\tV\u00edzi\u00f3k \u00e9s projektek\t\t\t<\/a>\n\t\t<\/h3>\n\t\t\t\t<div class=\"elementor-post__excerpt\">\n\t\t\t<p>Sz\u00edvedben hordozol v\u00edzi\u00f3kat \u00e9s \u00e1lmokat egy jobb vil\u00e1gr\u00f3l? N\u00e9ha egyed\u00fcl \u00e9rzed magad, \u00e9s szeretn\u00e9l er\u0151teljes cselekv\u00e9st folytatni egy val\u00f3di k\u00f6z\u00f6ss\u00e9gben? K\u00e9pzelj el egy olyan vil\u00e1got, amelyben hasonl\u00f3an gondolkod\u00f3 emberekkel kapcsol\u00f3dhatsz \u00f6ssze, egy\u00fctt val\u00f3s\u00edthatsz meg \u00f6tleteket, \u00e9s er\u0151teljes ...<\/p>\n\t\t<\/div>\n\t\t\n\t\t<a class=\"elementor-post__read-more\" href=\"https:\/\/gradido.net\/hu\/visionen-und-projekte\/\" aria-label=\"Tov\u00e1bbi inform\u00e1ci\u00f3 a V\u00edzi\u00f3k \u00e9s projektekr\u0151l\" tabindex=\"-1\" >\n\t\t\tB\u0151vebben\t\t<\/a>\n\n\t\t\t\t<\/div>\n\t\t\t\t<div class=\"elementor-post__meta-data\">\n\t\t\t\t\t<span class=\"elementor-post-date\">\n\t\t\t25. m\u00e1rcius 2025\t\t<\/span>\n\t\t\t\t<\/div>\n\t\t\t\t\t<\/div>\n\t\t<\/article>\n\t\t\t\t<article class=\"elementor-post elementor-grid-item post-9980 post type-post status-publish format-standard has-post-thumbnail hentry category-blog category-community tag-bild-oben\" role=\"listitem\">\n\t\t\t<div class=\"elementor-post__card\">\n\t\t\t\t<a class=\"elementor-post__thumbnail__link\" href=\"https:\/\/gradido.net\/hu\/lasst-uns-2025-zum-jahr-des-gradido-machen\/\" tabindex=\"-1\" ><div class=\"elementor-post__thumbnail\"><img loading=\"lazy\" decoding=\"async\" width=\"727\" height=\"412\" src=\"https:\/\/gradido.net\/wp-content\/uploads\/2025\/01\/Standbild.png\" class=\"attachment-large size-large wp-image-9981\" alt=\"\" srcset=\"https:\/\/gradido.net\/wp-content\/uploads\/2025\/01\/Standbild.png 727w, https:\/\/gradido.net\/wp-content\/uploads\/2025\/01\/Standbild-300x170.png 300w, https:\/\/gradido.net\/wp-content\/uploads\/2025\/01\/Standbild-18x10.png 18w\" sizes=\"(max-width: 727px) 100vw, 727px\" \/><\/div><\/a>\n\t\t\t\t<div class=\"elementor-post__text\">\n\t\t\t\t<h3 class=\"elementor-post__title\">\n\t\t\t<a href=\"https:\/\/gradido.net\/hu\/lasst-uns-2025-zum-jahr-des-gradido-machen\/\" >\n\t\t\t\tLegyen 2025 a Gradido \u00e9ve!\t\t\t<\/a>\n\t\t<\/h3>\n\t\t\t\t<div class=\"elementor-post__excerpt\">\n\t\t\t<p>Eg\u00e9szen egyszer\u0171en: egy 2-3 \u00e9rdekl\u0151d\u0151b\u0151l \u00e1ll\u00f3 k\u00f6r l\u00e9trehoz\u00e1s\u00e1val. Potsdamban egy ilyen kis csoporttal kezdt\u00fck. Ha m\u00e1s helyeken is lem\u00e1solnak minket, akkor l\u00e9trej\u00f6n a Gradido-k\u00f6r\u00f6k h\u00e1l\u00f3zata, \u00e9s gyorsabban megismerj\u00fck egym\u00e1st \u00e9s kapcsol\u00f3dunk egym\u00e1shoz.<\/p>\n\t\t<\/div>\n\t\t\n\t\t<a class=\"elementor-post__read-more\" href=\"https:\/\/gradido.net\/hu\/lasst-uns-2025-zum-jahr-des-gradido-machen\/\" aria-label=\"Read more about Legyen 2025 a Gradido \u00e9ve!\" tabindex=\"-1\" >\n\t\t\tB\u0151vebben\t\t<\/a>\n\n\t\t\t\t<\/div>\n\t\t\t\t<div class=\"elementor-post__meta-data\">\n\t\t\t\t\t<span class=\"elementor-post-date\">\n\t\t\tjanu\u00e1r 1. 2025\t\t<\/span>\n\t\t\t\t<\/div>\n\t\t\t\t\t<\/div>\n\t\t<\/article>\n\t\t\t\t<article class=\"elementor-post elementor-grid-item post-9881 post type-post status-publish format-standard has-post-thumbnail hentry category-blog category-community\" role=\"listitem\">\n\t\t\t<div class=\"elementor-post__card\">\n\t\t\t\t<a class=\"elementor-post__thumbnail__link\" href=\"https:\/\/gradido.net\/hu\/sieben-themenbereiche-wie-du-mitwirken-kannst\/\" tabindex=\"-1\" ><div class=\"elementor-post__thumbnail\"><img loading=\"lazy\" decoding=\"async\" width=\"800\" height=\"334\" src=\"https:\/\/gradido.net\/wp-content\/uploads\/2024\/11\/Mitwirken-1024x427.jpg\" class=\"attachment-large size-large wp-image-9857\" alt=\"\" srcset=\"https:\/\/gradido.net\/wp-content\/uploads\/2024\/11\/Mitwirken-1024x427.jpg 1024w, https:\/\/gradido.net\/wp-content\/uploads\/2024\/11\/Mitwirken-300x125.jpg 300w, https:\/\/gradido.net\/wp-content\/uploads\/2024\/11\/Mitwirken-768x320.jpg 768w, https:\/\/gradido.net\/wp-content\/uploads\/2024\/11\/Mitwirken-1536x640.jpg 1536w, https:\/\/gradido.net\/wp-content\/uploads\/2024\/11\/Mitwirken-18x8.jpg 18w, https:\/\/gradido.net\/wp-content\/uploads\/2024\/11\/Mitwirken.jpg 1920w\" sizes=\"(max-width: 800px) 100vw, 800px\" \/><\/div><\/a>\n\t\t\t\t<div class=\"elementor-post__text\">\n\t\t\t\t<h3 class=\"elementor-post__title\">\n\t\t\t<a href=\"https:\/\/gradido.net\/hu\/sieben-themenbereiche-wie-du-mitwirken-kannst\/\" >\n\t\t\t\tH\u00e9t ter\u00fclet, ahol r\u00e9szt vehetsz\t\t\t<\/a>\n\t\t<\/h3>\n\t\t\t\t<div class=\"elementor-post__excerpt\">\n\t\t\t<p>Egy nagy k\u00f6sz\u00f6net mindannyi\u00f3toknak, annyi k\u00e9pess\u00e9get osztottatok meg a \"Mit+Wirken\" t\u00e9rben a Gradido k\u00f6r\u00f6kben, amit a vil\u00e1gnak adtatok. Az \u00e9rt\u00e9kel\u00e9st t\u00e9mak\u00f6r\u00f6kbe rendeztem, \u00e9s arra k\u00e9rem \u00d6n\u00f6ket, hogy ossz\u00e1k meg \u00f6tleteiket ...<\/p>\n\t\t<\/div>\n\t\t\n\t\t<a class=\"elementor-post__read-more\" href=\"https:\/\/gradido.net\/hu\/sieben-themenbereiche-wie-du-mitwirken-kannst\/\" aria-label=\"Tov\u00e1bbi inform\u00e1ci\u00f3 a H\u00e9t ter\u00fclet, ahol r\u00e9szt vehetsz\" tabindex=\"-1\" >\n\t\t\tB\u0151vebben\t\t<\/a>\n\n\t\t\t\t<\/div>\n\t\t\t\t<div class=\"elementor-post__meta-data\">\n\t\t\t\t\t<span class=\"elementor-post-date\">\n\t\t\tdecember 15. 2024\t\t<\/span>\n\t\t\t\t<\/div>\n\t\t\t\t\t<\/div>\n\t\t<\/article>\n\t\t\t\t<article class=\"elementor-post elementor-grid-item post-9844 post type-post status-publish format-standard has-post-thumbnail hentry category-blog category-community\" role=\"listitem\">\n\t\t\t<div class=\"elementor-post__card\">\n\t\t\t\t<a class=\"elementor-post__thumbnail__link\" href=\"https:\/\/gradido.net\/hu\/dein-mitwirken-ist-gefragt\/\" tabindex=\"-1\" ><div class=\"elementor-post__thumbnail\"><img loading=\"lazy\" decoding=\"async\" width=\"800\" height=\"334\" src=\"https:\/\/gradido.net\/wp-content\/uploads\/2024\/11\/Mitwirken-1024x427.jpg\" class=\"attachment-large size-large wp-image-9857\" alt=\"\" srcset=\"https:\/\/gradido.net\/wp-content\/uploads\/2024\/11\/Mitwirken-1024x427.jpg 1024w, https:\/\/gradido.net\/wp-content\/uploads\/2024\/11\/Mitwirken-300x125.jpg 300w, https:\/\/gradido.net\/wp-content\/uploads\/2024\/11\/Mitwirken-768x320.jpg 768w, https:\/\/gradido.net\/wp-content\/uploads\/2024\/11\/Mitwirken-1536x640.jpg 1536w, https:\/\/gradido.net\/wp-content\/uploads\/2024\/11\/Mitwirken-18x8.jpg 18w, https:\/\/gradido.net\/wp-content\/uploads\/2024\/11\/Mitwirken.jpg 1920w\" sizes=\"(max-width: 800px) 100vw, 800px\" \/><\/div><\/a>\n\t\t\t\t<div class=\"elementor-post__text\">\n\t\t\t\t<h3 class=\"elementor-post__title\">\n\t\t\t<a href=\"https:\/\/gradido.net\/hu\/dein-mitwirken-ist-gefragt\/\" >\n\t\t\t\tAz \u00d6n \"r\u00e9szv\u00e9tele+cselekv\u00e9se\" sz\u00fcks\u00e9ges\t\t\t<\/a>\n\t\t<\/h3>\n\t\t\t\t<div class=\"elementor-post__excerpt\">\n\t\t\t<p>Te is szeretn\u00e9l m\u00e9g jobb kapcsolatba ker\u00fclni vel\u00fcnk \u00e9s a t\u00f6bbi Gradido taggal, \u00e9s k\u00e9zzelfoghat\u00f3v\u00e1 tenni a kapcsolatunkat egym\u00e1ssal? \u00c9s szeretn\u00e9d a k\u00fcl\u00f6nleges adotts\u00e1gaidat felhaszn\u00e1lni arra, hogy ...<\/p>\n\t\t<\/div>\n\t\t\n\t\t<a class=\"elementor-post__read-more\" href=\"https:\/\/gradido.net\/hu\/dein-mitwirken-ist-gefragt\/\" aria-label=\"Read more about A &quot;Mit+Wirken&quot;-je keresett\" tabindex=\"-1\" >\n\t\t\tB\u0151vebben\t\t<\/a>\n\n\t\t\t\t<\/div>\n\t\t\t\t<div class=\"elementor-post__meta-data\">\n\t\t\t\t\t<span class=\"elementor-post-date\">\n\t\t\tnovember 27. 2024\t\t<\/span>\n\t\t\t\t<\/div>\n\t\t\t\t\t<\/div>\n\t\t<\/article>\n\t\t\t\t<article class=\"elementor-post elementor-grid-item post-9805 post type-post status-publish format-standard has-post-thumbnail hentry category-blog category-community\" role=\"listitem\">\n\t\t\t<div class=\"elementor-post__card\">\n\t\t\t\t<a class=\"elementor-post__thumbnail__link\" href=\"https:\/\/gradido.net\/hu\/wir-wirken-zusammen\/\" tabindex=\"-1\" ><div class=\"elementor-post__thumbnail\"><img loading=\"lazy\" decoding=\"async\" width=\"800\" height=\"450\" src=\"https:\/\/gradido.net\/wp-content\/uploads\/2024\/11\/Neustart-1024x576.jpg\" class=\"attachment-large size-large wp-image-9806\" alt=\"\" srcset=\"https:\/\/gradido.net\/wp-content\/uploads\/2024\/11\/Neustart-1024x576.jpg 1024w, https:\/\/gradido.net\/wp-content\/uploads\/2024\/11\/Neustart-300x169.jpg 300w, https:\/\/gradido.net\/wp-content\/uploads\/2024\/11\/Neustart-768x432.jpg 768w, https:\/\/gradido.net\/wp-content\/uploads\/2024\/11\/Neustart-18x10.jpg 18w, https:\/\/gradido.net\/wp-content\/uploads\/2024\/11\/Neustart.jpg 1280w\" sizes=\"(max-width: 800px) 100vw, 800px\" \/><\/div><\/a>\n\t\t\t\t<div class=\"elementor-post__text\">\n\t\t\t\t<h3 class=\"elementor-post__title\">\n\t\t\t<a href=\"https:\/\/gradido.net\/hu\/wir-wirken-zusammen\/\" >\n\t\t\t\tEgy\u00fctt dolgozunk!\t\t\t<\/a>\n\t\t<\/h3>\n\t\t\t\t<div class=\"elementor-post__excerpt\">\n\t\t\t<p>Az INSTITUT NEUSTART (r\u00f6vid\u00edtve) l\u00e9tez\u00e9s\u00e9nek van egy c\u00e9lja, \u00e9s ez a k\u00f6vetkez\u0151: \"Hozz\u00e1j\u00e1rulunk egy olyan munka vil\u00e1g\u00e1hoz, amelyben a v\u00e1llalatok, a v\u00e1llalkoz\u00f3k \u00e9s a munkav\u00e1llal\u00f3k k\u00f6z\u00f6sen val\u00f3s\u00edtj\u00e1k meg a sikeres \u00e9s boldog munka\u00e9letet - minden egyes ember \u00e9s a t\u00e1rsadalom jav\u00e1ra.\".<\/p>\n\t\t<\/div>\n\t\t\n\t\t<a class=\"elementor-post__read-more\" href=\"https:\/\/gradido.net\/hu\/wir-wirken-zusammen\/\" aria-label=\"Read more about Egy\u00fctt dolgozunk!\" tabindex=\"-1\" >\n\t\t\tB\u0151vebben\t\t<\/a>\n\n\t\t\t\t<\/div>\n\t\t\t\t<div class=\"elementor-post__meta-data\">\n\t\t\t\t\t<span class=\"elementor-post-date\">\n\t\t\tnovember 23. 2024\t\t<\/span>\n\t\t\t\t<\/div>\n\t\t\t\t\t<\/div>\n\t\t<\/article>\n\t\t\t\t<article class=\"elementor-post elementor-grid-item post-9649 post type-post status-publish format-standard has-post-thumbnail hentry category-blog category-community category-gradido-konto\" role=\"listitem\">\n\t\t\t<div class=\"elementor-post__card\">\n\t\t\t\t<a class=\"elementor-post__thumbnail__link\" href=\"https:\/\/gradido.net\/hu\/welches-grundeinkommen-ist-das-richtige\/\" tabindex=\"-1\" ><div class=\"elementor-post__thumbnail\"><img loading=\"lazy\" decoding=\"async\" width=\"800\" height=\"300\" src=\"https:\/\/gradido.net\/wp-content\/uploads\/2020\/09\/grundeinkommen-statt-existenzangst-1024x384.jpg\" class=\"attachment-large size-large wp-image-833\" alt=\"\" srcset=\"https:\/\/gradido.net\/wp-content\/uploads\/2020\/09\/grundeinkommen-statt-existenzangst-1024x384.jpg 1024w, https:\/\/gradido.net\/wp-content\/uploads\/2020\/09\/grundeinkommen-statt-existenzangst-300x113.jpg 300w, https:\/\/gradido.net\/wp-content\/uploads\/2020\/09\/grundeinkommen-statt-existenzangst-768x288.jpg 768w, https:\/\/gradido.net\/wp-content\/uploads\/2020\/09\/grundeinkommen-statt-existenzangst.jpg 1344w\" sizes=\"(max-width: 800px) 100vw, 800px\" \/><\/div><\/a>\n\t\t\t\t<div class=\"elementor-post__text\">\n\t\t\t\t<h3 class=\"elementor-post__title\">\n\t\t\t<a href=\"https:\/\/gradido.net\/hu\/welches-grundeinkommen-ist-das-richtige\/\" >\n\t\t\t\tMelyik alapj\u00f6vedelem a megfelel\u0151?\t\t\t<\/a>\n\t\t<\/h3>\n\t\t\t\t<div class=\"elementor-post__excerpt\">\n\t\t\t<p>Az a m\u00e9lys\u00e9ges el\u00e9gedetts\u00e9g, amely abb\u00f3l fakad, hogy hozz\u00e1j\u00e1rulhatunk a k\u00f6zj\u00f3hoz, \u00e9s az ehhez kapcsol\u00f3d\u00f3 pozit\u00edv hat\u00e1sok a potenci\u00e1l fejl\u0151d\u00e9s\u00e9re, az \u00e9letmin\u0151s\u00e9gre, a boldogs\u00e1gra \u00e9s az eg\u00e9szs\u00e9gre egy\u00e9rtelm\u0171en az akt\u00edv alapj\u00f6vedelem mellett foglalnak \u00e1ll\u00e1st.<\/p>\n\t\t<\/div>\n\t\t\n\t\t<a class=\"elementor-post__read-more\" href=\"https:\/\/gradido.net\/hu\/welches-grundeinkommen-ist-das-richtige\/\" aria-label=\"Tov\u00e1bbi inform\u00e1ci\u00f3 Melyik alapj\u00f6vedelem a megfelel\u0151?\" tabindex=\"-1\" >\n\t\t\tB\u0151vebben\t\t<\/a>\n\n\t\t\t\t<\/div>\n\t\t\t\t<div class=\"elementor-post__meta-data\">\n\t\t\t\t\t<span class=\"elementor-post-date\">\n\t\t\tokt\u00f3ber 18. 2024\t\t<\/span>\n\t\t\t\t<\/div>\n\t\t\t\t\t<\/div>\n\t\t<\/article>\n\t\t\t\t<article class=\"elementor-post elementor-grid-item post-9621 post type-post status-publish format-standard has-post-thumbnail hentry category-blog category-community category-gradido-konto tag-bild-oben\" role=\"listitem\">\n\t\t\t<div class=\"elementor-post__card\">\n\t\t\t\t<a class=\"elementor-post__thumbnail__link\" href=\"https:\/\/gradido.net\/hu\/sichere-video-meetings-in-den-gradido-kreisen\/\" tabindex=\"-1\" ><div class=\"elementor-post__thumbnail\"><img loading=\"lazy\" decoding=\"async\" width=\"800\" height=\"416\" src=\"https:\/\/gradido.net\/wp-content\/uploads\/2024\/10\/Video-Meeting-1024x533.jpg\" class=\"attachment-large size-large wp-image-9622\" alt=\"\" srcset=\"https:\/\/gradido.net\/wp-content\/uploads\/2024\/10\/Video-Meeting-1024x533.jpg 1024w, https:\/\/gradido.net\/wp-content\/uploads\/2024\/10\/Video-Meeting-300x156.jpg 300w, https:\/\/gradido.net\/wp-content\/uploads\/2024\/10\/Video-Meeting-768x400.jpg 768w, https:\/\/gradido.net\/wp-content\/uploads\/2024\/10\/Video-Meeting-1536x800.jpg 1536w, https:\/\/gradido.net\/wp-content\/uploads\/2024\/10\/Video-Meeting-18x9.jpg 18w, https:\/\/gradido.net\/wp-content\/uploads\/2024\/10\/Video-Meeting.jpg 1920w\" sizes=\"(max-width: 800px) 100vw, 800px\" \/><\/div><\/a>\n\t\t\t\t<div class=\"elementor-post__text\">\n\t\t\t\t<h3 class=\"elementor-post__title\">\n\t\t\t<a href=\"https:\/\/gradido.net\/hu\/sichere-video-meetings-in-den-gradido-kreisen\/\" >\n\t\t\t\tBiztons\u00e1gos vide\u00f3 tal\u00e1lkoz\u00f3k a Gradido k\u00f6r\u00f6kben\t\t\t<\/a>\n\t\t<\/h3>\n\t\t\t\t<div class=\"elementor-post__excerpt\">\n\t\t\t<p>A Gradid\u00f3n\u00e1l nagy jelent\u0151s\u00e9get tulajdon\u00edtunk az \u00d6n adatainak v\u00e9delm\u00e9nek. Mostant\u00f3l biztons\u00e1gos, GDPR-konform videokonferenci\u00e1kat tarthat a Gradido k\u00f6r\u00f6kben a Fairkom n\u00e9met vagy osztr\u00e1k szerverein an\u00e9lk\u00fcl, hogy b\u00e1rki m\u00e1s lehallgatn\u00e1. <\/p>\n\t\t<\/div>\n\t\t\n\t\t<a class=\"elementor-post__read-more\" href=\"https:\/\/gradido.net\/hu\/sichere-video-meetings-in-den-gradido-kreisen\/\" aria-label=\"Tov\u00e1bbi inform\u00e1ci\u00f3 a biztons\u00e1gos vide\u00f3s tal\u00e1lkoz\u00f3kr\u00f3l a Gradido-k\u00f6r\u00f6kben\" tabindex=\"-1\" >\n\t\t\tB\u0151vebben\t\t<\/a>\n\n\t\t\t\t<\/div>\n\t\t\t\t<div class=\"elementor-post__meta-data\">\n\t\t\t\t\t<span class=\"elementor-post-date\">\n\t\t\tokt\u00f3ber 10. 2024\t\t<\/span>\n\t\t\t\t<\/div>\n\t\t\t\t\t<\/div>\n\t\t<\/article>\n\t\t\t\t<article class=\"elementor-post elementor-grid-item post-9595 post type-post status-publish format-standard has-post-thumbnail hentry category-blog category-community\" role=\"listitem\">\n\t\t\t<div class=\"elementor-post__card\">\n\t\t\t\t<a class=\"elementor-post__thumbnail__link\" href=\"https:\/\/gradido.net\/hu\/studienkreis-gradido-botschafter-n-e-u\/\" tabindex=\"-1\" ><div class=\"elementor-post__thumbnail\"><img loading=\"lazy\" decoding=\"async\" width=\"800\" height=\"375\" src=\"https:\/\/gradido.net\/wp-content\/uploads\/2024\/10\/Friedenstaube_Gradido-1024x480.jpg\" class=\"attachment-large size-large wp-image-9597\" alt=\"\" srcset=\"https:\/\/gradido.net\/wp-content\/uploads\/2024\/10\/Friedenstaube_Gradido-1024x480.jpg 1024w, https:\/\/gradido.net\/wp-content\/uploads\/2024\/10\/Friedenstaube_Gradido-300x141.jpg 300w, https:\/\/gradido.net\/wp-content\/uploads\/2024\/10\/Friedenstaube_Gradido-768x360.jpg 768w, https:\/\/gradido.net\/wp-content\/uploads\/2024\/10\/Friedenstaube_Gradido-1536x720.jpg 1536w, https:\/\/gradido.net\/wp-content\/uploads\/2024\/10\/Friedenstaube_Gradido-18x8.jpg 18w, https:\/\/gradido.net\/wp-content\/uploads\/2024\/10\/Friedenstaube_Gradido.jpg 1920w\" sizes=\"(max-width: 800px) 100vw, 800px\" \/><\/div><\/a>\n\t\t\t\t<div class=\"elementor-post__text\">\n\t\t\t\t<h3 class=\"elementor-post__title\">\n\t\t\t<a href=\"https:\/\/gradido.net\/hu\/studienkreis-gradido-botschafter-n-e-u\/\" >\n\t\t\t\tTanulm\u00e1nyi k\u00f6r: Gradido ambassador N.E.U.\t\t\t<\/a>\n\t\t<\/h3>\n\t\t\t\t<div class=\"elementor-post__excerpt\">\n\t\t\t<p>Hogyan \u00e9lheted meg v\u00e1gyaidat \u00e9s \u00e1lmaidat most, mik\u00f6zben vel\u00fcnk egy\u00fctt dolgozol a nagy c\u00e9l\u00e9rt? \u00c9vek \u00f3ta kutatjuk ezt a k\u00e9rd\u00e9st. A megold\u00e1s alapvet\u0151en egyszer\u0171:<\/p>\n\t\t<\/div>\n\t\t\n\t\t<a class=\"elementor-post__read-more\" href=\"https:\/\/gradido.net\/hu\/studienkreis-gradido-botschafter-n-e-u\/\" aria-label=\"Read more about Tanul\u00f3k\u00f6r: Gradido Ambassador N.E.U.\" tabindex=\"-1\" >\n\t\t\tB\u0151vebben\t\t<\/a>\n\n\t\t\t\t<\/div>\n\t\t\t\t<div class=\"elementor-post__meta-data\">\n\t\t\t\t\t<span class=\"elementor-post-date\">\n\t\t\tokt\u00f3ber 7. 2024\t\t<\/span>\n\t\t\t\t<\/div>\n\t\t\t\t\t<\/div>\n\t\t<\/article>\n\t\t\t\t<article class=\"elementor-post elementor-grid-item post-9486 post type-post status-publish format-standard has-post-thumbnail hentry category-blog category-community\" role=\"listitem\">\n\t\t\t<div class=\"elementor-post__card\">\n\t\t\t\t<a class=\"elementor-post__thumbnail__link\" href=\"https:\/\/gradido.net\/hu\/selbstorganisation-in-organisationen-der-neuen-zeit\/\" tabindex=\"-1\" ><div class=\"elementor-post__thumbnail\"><img loading=\"lazy\" decoding=\"async\" width=\"800\" height=\"400\" src=\"https:\/\/gradido.net\/wp-content\/uploads\/2024\/09\/SWARM-1024x512.jpg\" class=\"attachment-large size-large wp-image-9487\" alt=\"\" srcset=\"https:\/\/gradido.net\/wp-content\/uploads\/2024\/09\/SWARM-1024x512.jpg 1024w, https:\/\/gradido.net\/wp-content\/uploads\/2024\/09\/SWARM-300x150.jpg 300w, https:\/\/gradido.net\/wp-content\/uploads\/2024\/09\/SWARM-768x384.jpg 768w, https:\/\/gradido.net\/wp-content\/uploads\/2024\/09\/SWARM-18x9.jpg 18w, https:\/\/gradido.net\/wp-content\/uploads\/2024\/09\/SWARM.jpg 1200w\" sizes=\"(max-width: 800px) 100vw, 800px\" \/><\/div><\/a>\n\t\t\t\t<div class=\"elementor-post__text\">\n\t\t\t\t<h3 class=\"elementor-post__title\">\n\t\t\t<a href=\"https:\/\/gradido.net\/hu\/selbstorganisation-in-organisationen-der-neuen-zeit\/\" >\n\t\t\t\t\u00d6nszervez\u0151d\u00e9s az \u00faj korszak szervezeteiben\t\t\t<\/a>\n\t\t<\/h3>\n\t\t\t\t<div class=\"elementor-post__excerpt\">\n\t\t\t<p>A hierarchikus szervezetek kora lej\u00e1rt. Az \"\u00faj korszakban\" az emberekben er\u0151s a v\u00e1gy, hogy szemt\u0151l-szembe tal\u00e1lkozzanak egym\u00e1ssal, hogy megszervezz\u00e9k magukat, \u00e9s ezt lehet\u0151s\u00e9g szerint hierarchi\u00e1k n\u00e9lk\u00fcl tegy\u00e9k.<\/p>\n\t\t<\/div>\n\t\t\n\t\t<a class=\"elementor-post__read-more\" href=\"https:\/\/gradido.net\/hu\/selbstorganisation-in-organisationen-der-neuen-zeit\/\" aria-label=\"Read more about \u00d6nszervez\u0151d\u00e9s az \u00faj korszak szervezeteiben\" tabindex=\"-1\" >\n\t\t\tB\u0151vebben\t\t<\/a>\n\n\t\t\t\t<\/div>\n\t\t\t\t<div class=\"elementor-post__meta-data\">\n\t\t\t\t\t<span class=\"elementor-post-date\">\n\t\t\tszeptember 2. 2024\t\t<\/span>\n\t\t\t\t<\/div>\n\t\t\t\t\t<\/div>\n\t\t<\/article>\n\t\t\t\t<article class=\"elementor-post elementor-grid-item post-9470 post type-post status-publish format-standard has-post-thumbnail hentry category-blog category-community category-gradido-konto\" role=\"listitem\">\n\t\t\t<div class=\"elementor-post__card\">\n\t\t\t\t<a class=\"elementor-post__thumbnail__link\" href=\"https:\/\/gradido.net\/hu\/entdecke-die-neuen-gradido-kreise\/\" tabindex=\"-1\" ><div class=\"elementor-post__thumbnail\"><img loading=\"lazy\" decoding=\"async\" width=\"800\" height=\"450\" src=\"https:\/\/gradido.net\/wp-content\/uploads\/2024\/09\/Gradido-Kreise-1024x576.jpg\" class=\"attachment-large size-large wp-image-9472\" alt=\"\" srcset=\"https:\/\/gradido.net\/wp-content\/uploads\/2024\/09\/Gradido-Kreise-1024x576.jpg 1024w, https:\/\/gradido.net\/wp-content\/uploads\/2024\/09\/Gradido-Kreise-300x169.jpg 300w, https:\/\/gradido.net\/wp-content\/uploads\/2024\/09\/Gradido-Kreise-768x432.jpg 768w, https:\/\/gradido.net\/wp-content\/uploads\/2024\/09\/Gradido-Kreise-18x10.jpg 18w, https:\/\/gradido.net\/wp-content\/uploads\/2024\/09\/Gradido-Kreise.jpg 1280w\" sizes=\"(max-width: 800px) 100vw, 800px\" \/><\/div><\/a>\n\t\t\t\t<div class=\"elementor-post__text\">\n\t\t\t\t<h3 class=\"elementor-post__title\">\n\t\t\t<a href=\"https:\/\/gradido.net\/hu\/entdecke-die-neuen-gradido-kreise\/\" >\n\t\t\t\tFedezze fel az \u00faj Gradido k\u00f6r\u00f6ket\t\t\t<\/a>\n\t\t<\/h3>\n\t\t\t\t<div class=\"elementor-post__excerpt\">\n\t\t\t<p>L\u00e1ttad m\u00e1r? M\u00e1jus v\u00e9ge \u00f3ta m\u0171k\u00f6dik az \u00faj k\u00f6z\u00f6ss\u00e9gi platformunk, amelyet Gradido K\u00f6r\u00f6knek h\u00edvunk. Mostant\u00f3l biztons\u00e1gos terekben (\u00fagynevezett \"Spaces\") kommunik\u00e1lhatsz m\u00e1s Gradido r\u00e9sztvev\u0151kkel, \u00e9s egyre t\u00f6bb \u00e9s t\u00f6bb kapcsolatot teremthetsz.<\/p>\n\t\t<\/div>\n\t\t\n\t\t<a class=\"elementor-post__read-more\" href=\"https:\/\/gradido.net\/hu\/entdecke-die-neuen-gradido-kreise\/\" aria-label=\"Tov\u00e1bbi inform\u00e1ci\u00f3 az \u00faj Gradido k\u00f6r\u00f6k felfedez\u00e9s\u00e9r\u0151l\" tabindex=\"-1\" >\n\t\t\tB\u0151vebben\t\t<\/a>\n\n\t\t\t\t<\/div>\n\t\t\t\t<div class=\"elementor-post__meta-data\">\n\t\t\t\t\t<span class=\"elementor-post-date\">\n\t\t\taugusztus 30. 2024\t\t<\/span>\n\t\t\t\t<\/div>\n\t\t\t\t\t<\/div>\n\t\t<\/article>\n\t\t\t\t<article class=\"elementor-post elementor-grid-item post-9286 post type-post status-publish format-standard has-post-thumbnail hentry category-blog category-community\" role=\"listitem\">\n\t\t\t<div class=\"elementor-post__card\">\n\t\t\t\t<a class=\"elementor-post__thumbnail__link\" href=\"https:\/\/gradido.net\/hu\/society-4-0\/\" tabindex=\"-1\" ><div class=\"elementor-post__thumbnail\"><img loading=\"lazy\" decoding=\"async\" width=\"800\" height=\"439\" src=\"https:\/\/gradido.net\/wp-content\/uploads\/2024\/08\/Bildschirmfoto-2024-08-26-um-14.12.48-1024x562.png\" class=\"attachment-large size-large wp-image-9287\" alt=\"\" srcset=\"https:\/\/gradido.net\/wp-content\/uploads\/2024\/08\/Bildschirmfoto-2024-08-26-um-14.12.48-1024x562.png 1024w, https:\/\/gradido.net\/wp-content\/uploads\/2024\/08\/Bildschirmfoto-2024-08-26-um-14.12.48-300x165.png 300w, https:\/\/gradido.net\/wp-content\/uploads\/2024\/08\/Bildschirmfoto-2024-08-26-um-14.12.48-768x422.png 768w, https:\/\/gradido.net\/wp-content\/uploads\/2024\/08\/Bildschirmfoto-2024-08-26-um-14.12.48-1536x843.png 1536w, https:\/\/gradido.net\/wp-content\/uploads\/2024\/08\/Bildschirmfoto-2024-08-26-um-14.12.48-2048x1124.png 2048w, https:\/\/gradido.net\/wp-content\/uploads\/2024\/08\/Bildschirmfoto-2024-08-26-um-14.12.48-18x10.png 18w\" sizes=\"(max-width: 800px) 100vw, 800px\" \/><\/div><\/a>\n\t\t\t\t<div class=\"elementor-post__text\">\n\t\t\t\t<h3 class=\"elementor-post__title\">\n\t\t\t<a href=\"https:\/\/gradido.net\/hu\/society-4-0\/\" >\n\t\t\t\tEgy\u00fcttm\u0171k\u00f6d\u00e9s a T\u00e1rsadalom 4.0-val\t\t\t<\/a>\n\t\t<\/h3>\n\t\t\t\t<div class=\"elementor-post__excerpt\">\n\t\t\t<p>A \"nagy egy\u00fcttm\u0171k\u00f6d\u00e9s\" tov\u00e1bb fejl\u0151dik. Christiane L\u00fcpken, aki elk\u00f6telezett a T\u00e1rsadalom 4.0 \u00e9s a megfelel\u0151 nem hierarchikus \u00f6nszervez\u0151d\u00e9si form\u00e1k mellett N\u00e9metorsz\u00e1gban, akt\u00edv tagja a Vision Circle-nek, amelynek feladata a hasonl\u00f3an gondolkod\u00f3 vagy hasonl\u00f3 szervezetekkel, projektekkel \u00e9s kezdem\u00e9nyez\u00e9sekkel val\u00f3 egy\u00fcttm\u0171k\u00f6d\u00e9s el\u0151seg\u00edt\u00e9se.<\/p>\n\t\t<\/div>\n\t\t\n\t\t<a class=\"elementor-post__read-more\" href=\"https:\/\/gradido.net\/hu\/society-4-0\/\" aria-label=\"Tov\u00e1bbi inform\u00e1ci\u00f3 a T\u00e1rsadalom 4.0-val val\u00f3 egy\u00fcttm\u0171k\u00f6d\u00e9sr\u0151l\" tabindex=\"-1\" >\n\t\t\tB\u0151vebben\t\t<\/a>\n\n\t\t\t\t<\/div>\n\t\t\t\t<div class=\"elementor-post__meta-data\">\n\t\t\t\t\t<span class=\"elementor-post-date\">\n\t\t\taugusztus 26. 2024\t\t<\/span>\n\t\t\t\t<\/div>\n\t\t\t\t\t<\/div>\n\t\t<\/article>\n\t\t\t\t<article class=\"elementor-post elementor-grid-item post-8590 post type-post status-publish format-standard has-post-thumbnail hentry category-blog category-community tag-bild-oben\" role=\"listitem\">\n\t\t\t<div class=\"elementor-post__card\">\n\t\t\t\t<a class=\"elementor-post__thumbnail__link\" href=\"https:\/\/gradido.net\/hu\/gradido-community-voraussichtlich-im-maerz\/\" tabindex=\"-1\" ><div class=\"elementor-post__thumbnail\"><img loading=\"lazy\" decoding=\"async\" width=\"800\" height=\"491\" src=\"https:\/\/gradido.net\/wp-content\/uploads\/2024\/01\/Bildschirmfoto-2024-04-14-um-11.43.45-1024x628.png\" class=\"attachment-large size-large wp-image-8849\" alt=\"\" srcset=\"https:\/\/gradido.net\/wp-content\/uploads\/2024\/01\/Bildschirmfoto-2024-04-14-um-11.43.45-1024x628.png 1024w, https:\/\/gradido.net\/wp-content\/uploads\/2024\/01\/Bildschirmfoto-2024-04-14-um-11.43.45-300x184.png 300w, https:\/\/gradido.net\/wp-content\/uploads\/2024\/01\/Bildschirmfoto-2024-04-14-um-11.43.45-768x471.png 768w, https:\/\/gradido.net\/wp-content\/uploads\/2024\/01\/Bildschirmfoto-2024-04-14-um-11.43.45-1536x943.png 1536w, https:\/\/gradido.net\/wp-content\/uploads\/2024\/01\/Bildschirmfoto-2024-04-14-um-11.43.45-2048x1257.png 2048w, https:\/\/gradido.net\/wp-content\/uploads\/2024\/01\/Bildschirmfoto-2024-04-14-um-11.43.45-18x12.png 18w\" sizes=\"(max-width: 800px) 100vw, 800px\" \/><\/div><\/a>\n\t\t\t\t<div class=\"elementor-post__text\">\n\t\t\t\t<h3 class=\"elementor-post__title\">\n\t\t\t<a href=\"https:\/\/gradido.net\/hu\/gradido-community-voraussichtlich-im-maerz\/\" >\n\t\t\t\tIntegr\u00e1lt egy\u00fcttm\u0171k\u00f6d\u00e9si platform v\u00e1rhat\u00f3an m\u00e1jusban\t\t\t<\/a>\n\t\t<\/h3>\n\t\t\t\t<div class=\"elementor-post__excerpt\">\n\t\t\t<p>\u00daj egy\u00fcttm\u0171k\u00f6d\u00e9si platformunkat 2024 m\u00e1jus\u00e1ban tervezz\u00fck elind\u00edtani. Ez integr\u00e1lva van a Gradido fi\u00f3kba. A Gradido Akad\u00e9mi\u00e1n v\u00e9gzett tesztf\u00e1zis ut\u00e1n az \u00f6sszes decentraliz\u00e1lt Gradido szerver \u00e1lland\u00f3 r\u00e9sz\u00e9v\u00e9 v\u00e1lik.<\/p>\n\t\t<\/div>\n\t\t\n\t\t<a class=\"elementor-post__read-more\" href=\"https:\/\/gradido.net\/hu\/gradido-community-voraussichtlich-im-maerz\/\" aria-label=\"Read more about M\u00e1jusra v\u00e1rhat\u00f3 az integr\u00e1lt egy\u00fcttm\u0171k\u00f6d\u00e9si platform\" tabindex=\"-1\" >\n\t\t\tB\u0151vebben\t\t<\/a>\n\n\t\t\t\t<\/div>\n\t\t\t\t<div class=\"elementor-post__meta-data\">\n\t\t\t\t\t<span class=\"elementor-post-date\">\n\t\t\tjanu\u00e1r 26. 2024\t\t<\/span>\n\t\t\t\t<\/div>\n\t\t\t\t\t<\/div>\n\t\t<\/article>\n\t\t\t\t<article class=\"elementor-post elementor-grid-item post-8362 post type-post status-publish format-standard has-post-thumbnail hentry category-blog category-community\" role=\"listitem\">\n\t\t\t<div class=\"elementor-post__card\">\n\t\t\t\t<a class=\"elementor-post__thumbnail__link\" href=\"https:\/\/gradido.net\/hu\/gradido-kreise-gemeinsam-mit-freunden-die-zukunft-gestalten\/\" tabindex=\"-1\" ><div class=\"elementor-post__thumbnail\"><img loading=\"lazy\" decoding=\"async\" width=\"800\" height=\"450\" src=\"https:\/\/gradido.net\/wp-content\/uploads\/2023\/12\/Freundeskreis-1024x576.jpg\" class=\"attachment-large size-large wp-image-8364\" alt=\"\" srcset=\"https:\/\/gradido.net\/wp-content\/uploads\/2023\/12\/Freundeskreis-1024x576.jpg 1024w, https:\/\/gradido.net\/wp-content\/uploads\/2023\/12\/Freundeskreis-300x169.jpg 300w, https:\/\/gradido.net\/wp-content\/uploads\/2023\/12\/Freundeskreis-768x432.jpg 768w, https:\/\/gradido.net\/wp-content\/uploads\/2023\/12\/Freundeskreis-1536x864.jpg 1536w, https:\/\/gradido.net\/wp-content\/uploads\/2023\/12\/Freundeskreis-18x10.jpg 18w, https:\/\/gradido.net\/wp-content\/uploads\/2023\/12\/Freundeskreis.jpg 1920w\" sizes=\"(max-width: 800px) 100vw, 800px\" \/><\/div><\/a>\n\t\t\t\t<div class=\"elementor-post__text\">\n\t\t\t\t<h3 class=\"elementor-post__title\">\n\t\t\t<a href=\"https:\/\/gradido.net\/hu\/gradido-kreise-gemeinsam-mit-freunden-die-zukunft-gestalten\/\" >\n\t\t\t\tGradido-k\u00f6r\u00f6k - A j\u00f6v\u0151 k\u00f6z\u00f6s alak\u00edt\u00e1sa bar\u00e1tokkal\t\t\t<\/a>\n\t\t<\/h3>\n\t\t\t\t<div class=\"elementor-post__excerpt\">\n\t\t\t<p>Nem sz\u00e1m\u00edt, hogy m\u00e1r egy csoporthoz tartoztok-e, vagy a Gradid\u00f3n kereszt\u00fcl tal\u00e1ltatok egym\u00e1sra - ha egy\u00fctt szeretn\u00e9tek haszn\u00e1lni a Gradid\u00f3t, nincs sz\u00fcks\u00e9getek saj\u00e1t Gradido-kiszolg\u00e1l\u00f3ra.<\/p>\n\t\t<\/div>\n\t\t\n\t\t<a class=\"elementor-post__read-more\" href=\"https:\/\/gradido.net\/hu\/gradido-kreise-gemeinsam-mit-freunden-die-zukunft-gestalten\/\" aria-label=\"Read more about Gradido K\u00f6r\u00f6k - A j\u00f6v\u0151 k\u00f6z\u00f6s alak\u00edt\u00e1sa a bar\u00e1tokkal\" tabindex=\"-1\" >\n\t\t\tB\u0151vebben\t\t<\/a>\n\n\t\t\t\t<\/div>\n\t\t\t\t<div class=\"elementor-post__meta-data\">\n\t\t\t\t\t<span class=\"elementor-post-date\">\n\t\t\tdecember 14. 2023\t\t<\/span>\n\t\t\t\t<\/div>\n\t\t\t\t\t<\/div>\n\t\t<\/article>\n\t\t\t\t<article class=\"elementor-post elementor-grid-item post-6837 post type-post status-publish format-standard has-post-thumbnail hentry category-blog category-community category-gradido-konto tag-bild-oben\" role=\"listitem\">\n\t\t\t<div class=\"elementor-post__card\">\n\t\t\t\t<a class=\"elementor-post__thumbnail__link\" href=\"https:\/\/gradido.net\/hu\/webinar-wohlstand-und-frieden-fuer-die-menschheitsfamilie\/\" tabindex=\"-1\" ><div class=\"elementor-post__thumbnail\"><img loading=\"lazy\" decoding=\"async\" width=\"800\" height=\"377\" src=\"https:\/\/gradido.net\/wp-content\/uploads\/2023\/06\/Webinar-1024x482.png\" class=\"attachment-large size-large wp-image-6838\" alt=\"\" srcset=\"https:\/\/gradido.net\/wp-content\/uploads\/2023\/06\/Webinar-1024x482.png 1024w, https:\/\/gradido.net\/wp-content\/uploads\/2023\/06\/Webinar-300x141.png 300w, https:\/\/gradido.net\/wp-content\/uploads\/2023\/06\/Webinar-768x362.png 768w, https:\/\/gradido.net\/wp-content\/uploads\/2023\/06\/Webinar-1536x723.png 1536w, https:\/\/gradido.net\/wp-content\/uploads\/2023\/06\/Webinar-2048x964.png 2048w, https:\/\/gradido.net\/wp-content\/uploads\/2023\/06\/Webinar-18x8.png 18w\" sizes=\"(max-width: 800px) 100vw, 800px\" \/><\/div><\/a>\n\t\t\t\t<div class=\"elementor-post__text\">\n\t\t\t\t<h3 class=\"elementor-post__title\">\n\t\t\t<a href=\"https:\/\/gradido.net\/hu\/webinar-wohlstand-und-frieden-fuer-die-menschheitsfamilie\/\" >\n\t\t\t\tWebin\u00e1rium: J\u00f3l\u00e9t \u00e9s b\u00e9ke az emberi csal\u00e1d sz\u00e1m\u00e1ra\t\t\t<\/a>\n\t\t<\/h3>\n\t\t\t\t<div class=\"elementor-post__excerpt\">\n\t\t\t<p>A legend\u00e1s webin\u00e1rium a Gradido alap\u00edt\u00f3j\u00e1val: m\u00e9lyrehat\u00f3 ismereteket kapsz a r\u00e9gi p\u00e9nzrendszer v\u00e9gzetes hib\u00e1ir\u00f3l, az egyetlen \u00e9sszer\u0171, a term\u00e9szet modellj\u00e9n alapul\u00f3 megold\u00e1sr\u00f3l \u00e9s a t\u00f6k\u00e9letes \u00fatmutat\u00f3t arr\u00f3l, hogyan alak\u00edtsd akt\u00edvan \u00e9s \u00f6r\u00f6mmel a j\u00f6v\u0151t. - \u00daJ ID\u0150PONTOK VANNAK!<\/p>\n\t\t<\/div>\n\t\t\n\t\t<a class=\"elementor-post__read-more\" href=\"https:\/\/gradido.net\/hu\/webinar-wohlstand-und-frieden-fuer-die-menschheitsfamilie\/\" aria-label=\"Read more about Webin\u00e1rium: J\u00f3l\u00e9t \u00e9s b\u00e9ke az emberi csal\u00e1d sz\u00e1m\u00e1ra\" tabindex=\"-1\" >\n\t\t\tB\u0151vebben\t\t<\/a>\n\n\t\t\t\t<\/div>\n\t\t\t\t<div class=\"elementor-post__meta-data\">\n\t\t\t\t\t<span class=\"elementor-post-date\">\n\t\t\t10. j\u00fanius 2023\t\t<\/span>\n\t\t\t\t<\/div>\n\t\t\t\t\t<\/div>\n\t\t<\/article>\n\t\t\t\t<article class=\"elementor-post elementor-grid-item post-6619 post type-post status-publish format-standard has-post-thumbnail hentry category-blog category-community\" role=\"listitem\">\n\t\t\t<div class=\"elementor-post__card\">\n\t\t\t\t<a class=\"elementor-post__thumbnail__link\" href=\"https:\/\/gradido.net\/hu\/gradidocafe\/\" tabindex=\"-1\" ><div class=\"elementor-post__thumbnail\"><img loading=\"lazy\" decoding=\"async\" width=\"800\" height=\"450\" src=\"https:\/\/gradido.net\/wp-content\/uploads\/2023\/05\/GradidoCaf\u00e9_WP-1024x576.jpg\" class=\"attachment-large size-large wp-image-6621\" alt=\"\" srcset=\"\" sizes=\"(max-width: 800px) 100vw, 800px\" data-srcset=\"\" \/><\/div><\/a>\n\t\t\t\t<div class=\"elementor-post__text\">\n\t\t\t\t<h3 class=\"elementor-post__title\">\n\t\t\t<a href=\"https:\/\/gradido.net\/hu\/gradidocafe\/\" >\n\t\t\t\tGradidoCaf\u00e9\t\t\t<\/a>\n\t\t<\/h3>\n\t\t\t\t<div class=\"elementor-post__excerpt\">\n\t\t\t<p>Sz\u00edvesen elmegy bar\u00e1taival sz\u00f3rakozni, p\u00e9ld\u00e1ul \u00e9tterembe, s\u00f6rkertbe vagy k\u00e1v\u00e9z\u00f3ba? Milyen lenne, ha a v\u00e9g\u00e9n Gradid\u00f3val vagy DankBarral k\u00f6sz\u00f6nhetn\u00e9d meg nekik? Ez a GradidoCaf\u00e9k \u00f6tlete.<\/p>\n\t\t<\/div>\n\t\t\n\t\t<a class=\"elementor-post__read-more\" href=\"https:\/\/gradido.net\/hu\/gradidocafe\/\" aria-label=\"Tov\u00e1bbi inform\u00e1ci\u00f3 a GradidoCaf\u00e9-r\u00f3l\" tabindex=\"-1\" >\n\t\t\tB\u0151vebben\t\t<\/a>\n\n\t\t\t\t<\/div>\n\t\t\t\t<div class=\"elementor-post__meta-data\">\n\t\t\t\t\t<span class=\"elementor-post-date\">\n\t\t\t5. m\u00e1jus 2023\t\t<\/span>\n\t\t\t\t<\/div>\n\t\t\t\t\t<\/div>\n\t\t<\/article>\n\t\t\t\t<article class=\"elementor-post elementor-grid-item post-5954 post type-post status-publish format-standard has-post-thumbnail hentry category-blog category-community\" role=\"listitem\">\n\t\t\t<div class=\"elementor-post__card\">\n\t\t\t\t<a class=\"elementor-post__thumbnail__link\" href=\"https:\/\/gradido.net\/hu\/great-cooperation-gradido-und-unternehmernetzwerke\/\" tabindex=\"-1\" ><div class=\"elementor-post__thumbnail\"><img loading=\"lazy\" decoding=\"async\" width=\"800\" height=\"453\" src=\"https:\/\/gradido.net\/wp-content\/uploads\/2022\/11\/Unternehmer-Netzwerk-1-1024x580.jpg\" class=\"attachment-large size-large wp-image-5956\" alt=\"\" srcset=\"https:\/\/gradido.net\/wp-content\/uploads\/2022\/11\/Unternehmer-Netzwerk-1-1024x580.jpg 1024w, https:\/\/gradido.net\/wp-content\/uploads\/2022\/11\/Unternehmer-Netzwerk-1-300x170.jpg 300w, https:\/\/gradido.net\/wp-content\/uploads\/2022\/11\/Unternehmer-Netzwerk-1-768x435.jpg 768w, https:\/\/gradido.net\/wp-content\/uploads\/2022\/11\/Unternehmer-Netzwerk-1-18x10.jpg 18w, https:\/\/gradido.net\/wp-content\/uploads\/2022\/11\/Unternehmer-Netzwerk-1.jpg 1500w\" sizes=\"(max-width: 800px) 100vw, 800px\" \/><\/div><\/a>\n\t\t\t\t<div class=\"elementor-post__text\">\n\t\t\t\t<h3 class=\"elementor-post__title\">\n\t\t\t<a href=\"https:\/\/gradido.net\/hu\/great-cooperation-gradido-und-unternehmernetzwerke\/\" >\n\t\t\t\tNagyszer\u0171 egy\u00fcttm\u0171k\u00f6d\u00e9s - Gradido \u00e9s v\u00e1llalkoz\u00f3i h\u00e1l\u00f3zatok\t\t\t<\/a>\n\t\t<\/h3>\n\t\t\t\t<div class=\"elementor-post__excerpt\">\n\t\t\t<p>Most, hogy az ad\u00f3ss\u00e1gp\u00e9nzrendszer v\u00e9gzetes k\u00f6vetkezm\u00e9nyei nyilv\u00e1nval\u00f3v\u00e1 v\u00e1lnak, egyre t\u00f6bb ember \u00e9bred fel, \u00e9s kezd alternat\u00edv strukt\u00far\u00e1kat kialak\u00edtani. Az \u00edgy l\u00e9trej\u00f6v\u0151 k\u00f6z\u00f6ss\u00e9gekben t\u00f6rt\u00e9nelmi lehet\u0151s\u00e9g\u00fcnk van arra, hogy k\u00f6z\u00f6sen egy \u00faj p\u00e9nzrendszert hozzunk l\u00e9tre, amely a megbecs\u00fcl\u00e9sen, a h\u00e1l\u00e1n \u00e9s a szereteten alapul.<\/p>\n\t\t<\/div>\n\t\t\n\t\t<a class=\"elementor-post__read-more\" href=\"https:\/\/gradido.net\/hu\/great-cooperation-gradido-und-unternehmernetzwerke\/\" aria-label=\"Tov\u00e1bbi inform\u00e1ci\u00f3 a Nagyszer\u0171 egy\u00fcttm\u0171k\u00f6d\u00e9sr\u0151l - Gradido \u00e9s v\u00e1llalkoz\u00f3i h\u00e1l\u00f3zatok\" tabindex=\"-1\" >\n\t\t\tB\u0151vebben\t\t<\/a>\n\n\t\t\t\t<\/div>\n\t\t\t\t<div class=\"elementor-post__meta-data\">\n\t\t\t\t\t<span class=\"elementor-post-date\">\n\t\t\tnovember 26. 2022\t\t<\/span>\n\t\t\t\t<\/div>\n\t\t\t\t\t<\/div>\n\t\t<\/article>\n\t\t\t\t<article class=\"elementor-post elementor-grid-item post-5821 post type-post status-publish format-standard has-post-thumbnail hentry category-blog category-community category-psychologie\" role=\"listitem\">\n\t\t\t<div class=\"elementor-post__card\">\n\t\t\t\t<a class=\"elementor-post__thumbnail__link\" href=\"https:\/\/gradido.net\/hu\/10-wochen-voller-dankbarkeit\/\" tabindex=\"-1\" ><div class=\"elementor-post__thumbnail\"><img loading=\"lazy\" decoding=\"async\" width=\"800\" height=\"534\" src=\"https:\/\/gradido.net\/wp-content\/uploads\/2022\/10\/10WDankbarkeit-1024x683.jpg\" class=\"attachment-large size-large wp-image-5822\" alt=\"\" srcset=\"https:\/\/gradido.net\/wp-content\/uploads\/2022\/10\/10WDankbarkeit-1024x683.jpg 1024w, https:\/\/gradido.net\/wp-content\/uploads\/2022\/10\/10WDankbarkeit-300x200.jpg 300w, https:\/\/gradido.net\/wp-content\/uploads\/2022\/10\/10WDankbarkeit-768x512.jpg 768w, https:\/\/gradido.net\/wp-content\/uploads\/2022\/10\/10WDankbarkeit-18x12.jpg 18w, https:\/\/gradido.net\/wp-content\/uploads\/2022\/10\/10WDankbarkeit.jpg 1500w\" sizes=\"(max-width: 800px) 100vw, 800px\" \/><\/div><\/a>\n\t\t\t\t<div class=\"elementor-post__text\">\n\t\t\t\t<h3 class=\"elementor-post__title\">\n\t\t\t<a href=\"https:\/\/gradido.net\/hu\/10-wochen-voller-dankbarkeit\/\" >\n\t\t\t\t10 h\u00e9t tele h\u00e1l\u00e1val\t\t\t<\/a>\n\t\t<\/h3>\n\t\t\t\t<div class=\"elementor-post__excerpt\">\n\t\t\t<p>Minden alkalommal, amikor Gradid\u00f3t k\u00fcldesz m\u00e1s embereknek, h\u00e1l\u00e1t hozol az \u0151 \u00e9let\u00fckbe \u00e9s a saj\u00e1todba is. A h\u00e1la csod\u00e1latos \u00e9rz\u00e9s. Ha naponta megid\u00e9zz\u00fck, \u00e1poljuk \u00e9s \u00e9lvezz\u00fck, er\u0151s\u00edtj\u00fck j\u00f3l\u00e9t\u00fcnket \u00e9s kreat\u00edv er\u0151nket. <\/p>\n\t\t<\/div>\n\t\t\n\t\t<a class=\"elementor-post__read-more\" href=\"https:\/\/gradido.net\/hu\/10-wochen-voller-dankbarkeit\/\" aria-label=\"Read more about 10 h\u00e9t tele h\u00e1l\u00e1val\" tabindex=\"-1\" >\n\t\t\tB\u0151vebben\t\t<\/a>\n\n\t\t\t\t<\/div>\n\t\t\t\t<div class=\"elementor-post__meta-data\">\n\t\t\t\t\t<span class=\"elementor-post-date\">\n\t\t\t2022. okt\u00f3ber 25.\t\t<\/span>\n\t\t\t\t<\/div>\n\t\t\t\t\t<\/div>\n\t\t<\/article>\n\t\t\t\t<article class=\"elementor-post elementor-grid-item post-5802 post type-post status-publish format-standard has-post-thumbnail hentry category-blog category-community category-psychologie\" role=\"listitem\">\n\t\t\t<div class=\"elementor-post__card\">\n\t\t\t\t<a class=\"elementor-post__thumbnail__link\" href=\"https:\/\/gradido.net\/hu\/gradido-potenzialentfaltung-im-herbst-2022\/\" tabindex=\"-1\" ><div class=\"elementor-post__thumbnail\"><img loading=\"lazy\" decoding=\"async\" width=\"800\" height=\"534\" src=\"https:\/\/gradido.net\/wp-content\/uploads\/2022\/10\/Potenzialentfaltung-1024x683.jpg\" class=\"attachment-large size-large wp-image-5803\" alt=\"\" srcset=\"https:\/\/gradido.net\/wp-content\/uploads\/2022\/10\/Potenzialentfaltung-1024x683.jpg 1024w, https:\/\/gradido.net\/wp-content\/uploads\/2022\/10\/Potenzialentfaltung-300x200.jpg 300w, https:\/\/gradido.net\/wp-content\/uploads\/2022\/10\/Potenzialentfaltung-768x512.jpg 768w, https:\/\/gradido.net\/wp-content\/uploads\/2022\/10\/Potenzialentfaltung-18x12.jpg 18w, https:\/\/gradido.net\/wp-content\/uploads\/2022\/10\/Potenzialentfaltung.jpg 1500w\" sizes=\"(max-width: 800px) 100vw, 800px\" \/><\/div><\/a>\n\t\t\t\t<div class=\"elementor-post__text\">\n\t\t\t\t<h3 class=\"elementor-post__title\">\n\t\t\t<a href=\"https:\/\/gradido.net\/hu\/gradido-potenzialentfaltung-im-herbst-2022\/\" >\n\t\t\t\tGradido potenci\u00e1lis fejleszt\u00e9s 2022 \u0151sz\u00e9n\t\t\t<\/a>\n\t\t<\/h3>\n\t\t\t\t<div class=\"elementor-post__excerpt\">\n\t\t\t<p>A nagy sikerre val\u00f3 tekintettel folytatjuk: a k\u00f6zk\u00edv\u00e1natra a Gradido potenci\u00e1l fejleszt\u00e9se most folytat\u00f3dik. Fektessen be heti 2 \u00f3r\u00e1t \u00f6nmag\u00e1ba - \u00e9s megl\u00e1tja, milyen pozit\u00edv v\u00e1ltoz\u00e1sokat fog tapasztalni 12 h\u00e9ten bel\u00fcl.<\/p>\n\t\t<\/div>\n\t\t\n\t\t<a class=\"elementor-post__read-more\" href=\"https:\/\/gradido.net\/hu\/gradido-potenzialentfaltung-im-herbst-2022\/\" aria-label=\"B\u0151vebben a Gradido lehets\u00e9ges fejleszt\u00e9se 2022 \u0151sz\u00e9n\" tabindex=\"-1\" >\n\t\t\tB\u0151vebben\t\t<\/a>\n\n\t\t\t\t<\/div>\n\t\t\t\t<div class=\"elementor-post__meta-data\">\n\t\t\t\t\t<span class=\"elementor-post-date\">\n\t\t\t2022. okt\u00f3ber 23.\t\t<\/span>\n\t\t\t\t<\/div>\n\t\t\t\t\t<\/div>\n\t\t<\/article>\n\t\t\t\t<article class=\"elementor-post elementor-grid-item post-5711 post type-post status-publish format-standard has-post-thumbnail hentry category-blog category-community\" role=\"listitem\">\n\t\t\t<div class=\"elementor-post__card\">\n\t\t\t\t<a class=\"elementor-post__thumbnail__link\" href=\"https:\/\/gradido.net\/hu\/great-cooperation-gradido-akademie-international-und-plasmatec\/\" tabindex=\"-1\" ><div class=\"elementor-post__thumbnail\"><img loading=\"lazy\" decoding=\"async\" width=\"800\" height=\"500\" src=\"https:\/\/gradido.net\/wp-content\/uploads\/2022\/10\/Pustritz_2-1024x640.jpg\" class=\"attachment-large size-large wp-image-5713\" alt=\"\" srcset=\"https:\/\/gradido.net\/wp-content\/uploads\/2022\/10\/Pustritz_2-1024x640.jpg 1024w, https:\/\/gradido.net\/wp-content\/uploads\/2022\/10\/Pustritz_2-300x188.jpg 300w, https:\/\/gradido.net\/wp-content\/uploads\/2022\/10\/Pustritz_2-768x480.jpg 768w, https:\/\/gradido.net\/wp-content\/uploads\/2022\/10\/Pustritz_2-1536x960.jpg 1536w, https:\/\/gradido.net\/wp-content\/uploads\/2022\/10\/Pustritz_2-18x12.jpg 18w, https:\/\/gradido.net\/wp-content\/uploads\/2022\/10\/Pustritz_2.jpg 1600w\" sizes=\"(max-width: 800px) 100vw, 800px\" \/><\/div><\/a>\n\t\t\t\t<div class=\"elementor-post__text\">\n\t\t\t\t<h3 class=\"elementor-post__title\">\n\t\t\t<a href=\"https:\/\/gradido.net\/hu\/great-cooperation-gradido-akademie-international-und-plasmatec\/\" >\n\t\t\t\tNagyszer\u0171 egy\u00fcttm\u0171k\u00f6d\u00e9s: Gradido Academy International \u00e9s PLASMA TEC\t\t\t<\/a>\n\t\t<\/h3>\n\t\t\t\t<div class=\"elementor-post__excerpt\">\n\t\t\t<p>A karintiai\/ausztriai Pustritzban tal\u00e1lhat\u00f3 egyes\u00fclet\u00fcnk sz\u00e9khely\u00e9n tett l\u00e1togat\u00e1sunk sor\u00e1n csod\u00e1latos \u00e9lm\u00e9ny volt tal\u00e1lkozni \u00e9rdekes emberekkel, akik a j\u00f3 j\u00f6v\u0151\u00e9rt dolgoznak. T\u00f6bbek k\u00f6z\u00f6tt tal\u00e1lkoztunk a PLASMA TEC Kutat\u00f3int\u00e9zet eln\u00f6k\u00e9vel, Harald Reichllel, \u00e9s megvitattuk k\u00f6z\u00f6s egy\u00fcttm\u0171k\u00f6d\u00e9s\u00fcnk tov\u00e1bbi l\u00e9p\u00e9seit.<\/p>\n\t\t<\/div>\n\t\t\n\t\t<a class=\"elementor-post__read-more\" href=\"https:\/\/gradido.net\/hu\/great-cooperation-gradido-akademie-international-und-plasmatec\/\" aria-label=\"Read more about Great Cooperation: Gradido Akademie International und PLASMA TEC\" tabindex=\"-1\" >\n\t\t\tB\u0151vebben\t\t<\/a>\n\n\t\t\t\t<\/div>\n\t\t\t\t<div class=\"elementor-post__meta-data\">\n\t\t\t\t\t<span class=\"elementor-post-date\">\n\t\t\t10 okt\u00f3ber 2022\t\t<\/span>\n\t\t\t\t<\/div>\n\t\t\t\t\t<\/div>\n\t\t<\/article>\n\t\t\t\t<article class=\"elementor-post elementor-grid-item post-5764 post type-post status-publish format-standard has-post-thumbnail hentry category-blog category-community category-psychologie\" role=\"listitem\">\n\t\t\t<div class=\"elementor-post__card\">\n\t\t\t\t<a class=\"elementor-post__thumbnail__link\" href=\"https:\/\/gradido.net\/hu\/prenow-das-spiel-das-mitdenkt-und-kreative-loesungen-hervorbringt\/\" tabindex=\"-1\" ><div class=\"elementor-post__thumbnail\"><img loading=\"lazy\" decoding=\"async\" width=\"800\" height=\"450\" src=\"https:\/\/gradido.net\/wp-content\/uploads\/2022\/10\/PreNow1.jpg\" class=\"attachment-large size-large wp-image-5765\" alt=\"\" srcset=\"https:\/\/gradido.net\/wp-content\/uploads\/2022\/10\/PreNow1.jpg 800w, https:\/\/gradido.net\/wp-content\/uploads\/2022\/10\/PreNow1-300x169.jpg 300w, https:\/\/gradido.net\/wp-content\/uploads\/2022\/10\/PreNow1-768x432.jpg 768w, https:\/\/gradido.net\/wp-content\/uploads\/2022\/10\/PreNow1-18x10.jpg 18w\" sizes=\"(max-width: 800px) 100vw, 800px\" \/><\/div><\/a>\n\t\t\t\t<div class=\"elementor-post__text\">\n\t\t\t\t<h3 class=\"elementor-post__title\">\n\t\t\t<a href=\"https:\/\/gradido.net\/hu\/prenow-das-spiel-das-mitdenkt-und-kreative-loesungen-hervorbringt\/\" >\n\t\t\t\tPreNow - a j\u00e1t\u00e9k, amely gondolkodik \u00e9s kreat\u00edv megold\u00e1sokat hoz l\u00e9tre\t\t\t<\/a>\n\t\t<\/h3>\n\t\t\t\t<div class=\"elementor-post__excerpt\">\n\t\t\t<p>Tegnap volt az \u00f6tletel\u00e9s! Ma a csoportban mindenki csin\u00e1lhat valamit egyed\u00fcl, \u00e9s megmutathatja, milyen lehet\u0151s\u00e9gei vannak. P\u00e9nteken indul a Gradido PreNow Caf\u00e9 a Zoom-on - T\u00e9ma: a Gradido K\u00f6z\u00f6ss\u00e9g \u00e9s annak lehet\u0151s\u00e9gei - Tov\u00e1bbi PreNow Caf\u00e9-k minden p\u00e9nteken 16:00-kor (Zoom).<\/p>\n\t\t<\/div>\n\t\t\n\t\t<a class=\"elementor-post__read-more\" href=\"https:\/\/gradido.net\/hu\/prenow-das-spiel-das-mitdenkt-und-kreative-loesungen-hervorbringt\/\" aria-label=\"Read more about PreNow - a j\u00e1t\u00e9k, amely gondolkodik \u00e9s kreat\u00edv megold\u00e1sokat hoz l\u00e9tre\" tabindex=\"-1\" >\n\t\t\tB\u0151vebben\t\t<\/a>\n\n\t\t\t\t<\/div>\n\t\t\t\t<div class=\"elementor-post__meta-data\">\n\t\t\t\t\t<span class=\"elementor-post-date\">\n\t\t\tszeptember 30. 2022\t\t<\/span>\n\t\t\t\t<\/div>\n\t\t\t\t\t<\/div>\n\t\t<\/article>\n\t\t\t\t<article class=\"elementor-post elementor-grid-item post-5422 post type-post status-publish format-standard has-post-thumbnail hentry category-blog category-community category-gradido-konto category-psychologie\" role=\"listitem\">\n\t\t\t<div class=\"elementor-post__card\">\n\t\t\t\t<a class=\"elementor-post__thumbnail__link\" href=\"https:\/\/gradido.net\/hu\/gemeinwohl-was-ist-das\/\" tabindex=\"-1\" ><div class=\"elementor-post__thumbnail\"><img loading=\"lazy\" decoding=\"async\" width=\"800\" height=\"534\" src=\"https:\/\/gradido.net\/wp-content\/uploads\/2022\/08\/Gemeinwohl-Blog2-1024x683.jpg\" class=\"attachment-large size-large wp-image-5476\" alt=\"\" srcset=\"https:\/\/gradido.net\/wp-content\/uploads\/2022\/08\/Gemeinwohl-Blog2-1024x683.jpg 1024w, https:\/\/gradido.net\/wp-content\/uploads\/2022\/08\/Gemeinwohl-Blog2-300x200.jpg 300w, https:\/\/gradido.net\/wp-content\/uploads\/2022\/08\/Gemeinwohl-Blog2-768x512.jpg 768w, https:\/\/gradido.net\/wp-content\/uploads\/2022\/08\/Gemeinwohl-Blog2-1536x1024.jpg 1536w, https:\/\/gradido.net\/wp-content\/uploads\/2022\/08\/Gemeinwohl-Blog2-18x12.jpg 18w, https:\/\/gradido.net\/wp-content\/uploads\/2022\/08\/Gemeinwohl-Blog2.jpg 1800w\" sizes=\"(max-width: 800px) 100vw, 800px\" \/><\/div><\/a>\n\t\t\t\t<div class=\"elementor-post__text\">\n\t\t\t\t<h3 class=\"elementor-post__title\">\n\t\t\t<a href=\"https:\/\/gradido.net\/hu\/gemeinwohl-was-ist-das\/\" >\n\t\t\t\tK\u00f6zj\u00f3 - mi az?\t\t\t<\/a>\n\t\t<\/h3>\n\t\t\t\t<div class=\"elementor-post__excerpt\">\n\t\t\t<p>A k\u00f6zhaszn\u00fa hozz\u00e1j\u00e1rul\u00e1sok k\u00f6z\u00e9 tartozik minden, amit a j\u00f3zan \u00e9sz \u00f6nk\u00e9ntess\u00e9gnek, \u00f6nk\u00e9ntes munk\u00e1nak stb. nevezne - szemben az egyik szem\u00e9ly \u00e1ltal a m\u00e1siknak ny\u00fajtott egy\u00e9ni hozz\u00e1j\u00e1rul\u00e1sokkal.<\/p>\n\t\t<\/div>\n\t\t\n\t\t<a class=\"elementor-post__read-more\" href=\"https:\/\/gradido.net\/hu\/gemeinwohl-was-ist-das\/\" aria-label=\"Tov\u00e1bbi inform\u00e1ci\u00f3 a K\u00f6z\u00f6s j\u00f3 - mi az?\" tabindex=\"-1\" >\n\t\t\tB\u0151vebben\t\t<\/a>\n\n\t\t\t\t<\/div>\n\t\t\t\t<div class=\"elementor-post__meta-data\">\n\t\t\t\t\t<span class=\"elementor-post-date\">\n\t\t\taugusztus 9. 2022\t\t<\/span>\n\t\t\t\t<\/div>\n\t\t\t\t\t<\/div>\n\t\t<\/article>\n\t\t\t\t<article class=\"elementor-post elementor-grid-item post-4464 post type-post status-publish format-standard has-post-thumbnail hentry category-blog category-community category-psychologie tag-bild-oben tag-grosse-kooperation\" role=\"listitem\">\n\t\t\t<div class=\"elementor-post__card\">\n\t\t\t\t<a class=\"elementor-post__thumbnail__link\" href=\"https:\/\/gradido.net\/hu\/weltbevoelkerung-wir-sind-viele-das-ist-gut\/\" tabindex=\"-1\" ><div class=\"elementor-post__thumbnail\"><img loading=\"lazy\" decoding=\"async\" width=\"800\" height=\"534\" src=\"https:\/\/gradido.net\/wp-content\/uploads\/2022\/05\/Weltbevoelkerung-1024x683.jpg\" class=\"attachment-large size-large wp-image-4465\" alt=\"\" srcset=\"https:\/\/gradido.net\/wp-content\/uploads\/2022\/05\/Weltbevoelkerung-1024x683.jpg 1024w, https:\/\/gradido.net\/wp-content\/uploads\/2022\/05\/Weltbevoelkerung-300x200.jpg 300w, https:\/\/gradido.net\/wp-content\/uploads\/2022\/05\/Weltbevoelkerung-768x512.jpg 768w, https:\/\/gradido.net\/wp-content\/uploads\/2022\/05\/Weltbevoelkerung-18x12.jpg 18w, https:\/\/gradido.net\/wp-content\/uploads\/2022\/05\/Weltbevoelkerung.jpg 1200w\" sizes=\"(max-width: 800px) 100vw, 800px\" \/><\/div><\/a>\n\t\t\t\t<div class=\"elementor-post__text\">\n\t\t\t\t<h3 class=\"elementor-post__title\">\n\t\t\t<a href=\"https:\/\/gradido.net\/hu\/weltbevoelkerung-wir-sind-viele-das-ist-gut\/\" >\n\t\t\t\tVil\u00e1gn\u00e9pess\u00e9g: Sokan vagyunk. Ez j\u00f3.\t\t\t<\/a>\n\t\t<\/h3>\n\t\t\t\t<div class=\"elementor-post__excerpt\">\n\t\t\t<p>A 8 milli\u00e1rd ember a megold\u00e1s, nem a probl\u00e9ma. H\u00e1l\u00e1sak lehet\u00fcnk minden egyes embernek, mert hozz\u00e1j\u00e1rul ahhoz, hogy az emberis\u00e9g az evol\u00faci\u00f3 k\u00f6vetkez\u0151, magasabb szintj\u00e9re l\u00e9phessen.<\/p>\n\t\t<\/div>\n\t\t\n\t\t<a class=\"elementor-post__read-more\" href=\"https:\/\/gradido.net\/hu\/weltbevoelkerung-wir-sind-viele-das-ist-gut\/\" aria-label=\"Read more about Vil\u00e1gn\u00e9pess\u00e9g: Sokan vagyunk. Ez j\u00f3.\" tabindex=\"-1\" >\n\t\t\tB\u0151vebben\t\t<\/a>\n\n\t\t\t\t<\/div>\n\t\t\t\t<div class=\"elementor-post__meta-data\">\n\t\t\t\t\t<span class=\"elementor-post-date\">\n\t\t\t24. m\u00e1jus 2022\t\t<\/span>\n\t\t\t\t<\/div>\n\t\t\t\t\t<\/div>\n\t\t<\/article>\n\t\t\t\t<article class=\"elementor-post elementor-grid-item post-4410 post type-post status-publish format-standard has-post-thumbnail hentry category-blog category-community category-pressemitteilung category-psychologie tag-bild-oben\" role=\"listitem\">\n\t\t\t<div class=\"elementor-post__card\">\n\t\t\t\t<a class=\"elementor-post__thumbnail__link\" href=\"https:\/\/gradido.net\/hu\/gradido-interview-im-walnussblatt\/\" tabindex=\"-1\" ><div class=\"elementor-post__thumbnail\"><img loading=\"lazy\" decoding=\"async\" width=\"800\" height=\"534\" src=\"https:\/\/gradido.net\/wp-content\/uploads\/2022\/05\/Walnussblatt_Blog4-1024x683.jpg\" class=\"attachment-large size-large wp-image-4428\" alt=\"\" srcset=\"https:\/\/gradido.net\/wp-content\/uploads\/2022\/05\/Walnussblatt_Blog4-1024x683.jpg 1024w, https:\/\/gradido.net\/wp-content\/uploads\/2022\/05\/Walnussblatt_Blog4-300x200.jpg 300w, https:\/\/gradido.net\/wp-content\/uploads\/2022\/05\/Walnussblatt_Blog4-768x512.jpg 768w, https:\/\/gradido.net\/wp-content\/uploads\/2022\/05\/Walnussblatt_Blog4-18x12.jpg 18w, https:\/\/gradido.net\/wp-content\/uploads\/2022\/05\/Walnussblatt_Blog4.jpg 1500w\" sizes=\"(max-width: 800px) 100vw, 800px\" \/><\/div><\/a>\n\t\t\t\t<div class=\"elementor-post__text\">\n\t\t\t\t<h3 class=\"elementor-post__title\">\n\t\t\t<a href=\"https:\/\/gradido.net\/hu\/gradido-interview-im-walnussblatt\/\" >\n\t\t\t\tGradido-interj\u00fa a \"WALNUSSblatt\"-ban\t\t\t<\/a>\n\t\t<\/h3>\n\t\t\t\t<div class=\"elementor-post__excerpt\">\n\t\t\t<p>A jelenlegi sz\u00e1m a k\u00f6vetkez\u0151 nagy t\u00e9m\u00e1val foglalkozik: \"A b\u00e9k\u00e9hez vezet\u0151 \u00fat: a szeretet\". \"Gradido - az \u00faj valuta neve h\u00e1la\" c\u00edmmel Pedro egy Bernddel k\u00e9sz\u00fclt interj\u00fat k\u00f6z\u00f6l, amelyet \u00e9rdemes elolvasni az \u00faj ir\u00e1nyults\u00e1gr\u00f3l \u00e9s a Gradido mint elemi b\u00e9keeszk\u00f6z jelenlegi helyzet\u00e9r\u0151l.<\/p>\n\t\t<\/div>\n\t\t\n\t\t<a class=\"elementor-post__read-more\" href=\"https:\/\/gradido.net\/hu\/gradido-interview-im-walnussblatt\/\" aria-label=\"Read more about Gradido-interj\u00fa a &#039;WALNUSSblatt&#039;-ban\" tabindex=\"-1\" >\n\t\t\tB\u0151vebben\t\t<\/a>\n\n\t\t\t\t<\/div>\n\t\t\t\t<div class=\"elementor-post__meta-data\">\n\t\t\t\t\t<span class=\"elementor-post-date\">\n\t\t\t15 m\u00e1jus 2022\t\t<\/span>\n\t\t\t\t<\/div>\n\t\t\t\t\t<\/div>\n\t\t<\/article>\n\t\t\t\t<article class=\"elementor-post elementor-grid-item post-4228 post type-post status-publish format-standard has-post-thumbnail hentry category-blog category-community category-gradido-konto\" role=\"listitem\">\n\t\t\t<div class=\"elementor-post__card\">\n\t\t\t\t<a class=\"elementor-post__thumbnail__link\" href=\"https:\/\/gradido.net\/hu\/gradido-link-erfahrungen-und-textvorschlaege\/\" tabindex=\"-1\" ><div class=\"elementor-post__thumbnail\"><img loading=\"lazy\" decoding=\"async\" width=\"800\" height=\"354\" src=\"https:\/\/gradido.net\/wp-content\/uploads\/2022\/04\/DANKE-1-1024x453.jpg\" class=\"attachment-large size-large wp-image-4231\" alt=\"\" srcset=\"https:\/\/gradido.net\/wp-content\/uploads\/2022\/04\/DANKE-1-1024x453.jpg 1024w, https:\/\/gradido.net\/wp-content\/uploads\/2022\/04\/DANKE-1-300x133.jpg 300w, https:\/\/gradido.net\/wp-content\/uploads\/2022\/04\/DANKE-1-768x340.jpg 768w, https:\/\/gradido.net\/wp-content\/uploads\/2022\/04\/DANKE-1-1536x680.jpg 1536w, https:\/\/gradido.net\/wp-content\/uploads\/2022\/04\/DANKE-1-18x8.jpg 18w, https:\/\/gradido.net\/wp-content\/uploads\/2022\/04\/DANKE-1.jpg 1600w\" sizes=\"(max-width: 800px) 100vw, 800px\" \/><\/div><\/a>\n\t\t\t\t<div class=\"elementor-post__text\">\n\t\t\t\t<h3 class=\"elementor-post__title\">\n\t\t\t<a href=\"https:\/\/gradido.net\/hu\/gradido-link-erfahrungen-und-textvorschlaege\/\" >\n\t\t\t\tGradido Link - Tapasztalatok \u00e9s sz\u00f6vegjavaslatok\t\t\t<\/a>\n\t\t<\/h3>\n\t\t\t\t<div class=\"elementor-post__excerpt\">\n\t\t\t<p>Hogy a lehet\u0151 legk\u00f6nnyebb\u00e9 tegy\u00fck az \u00d6n sz\u00e1m\u00e1ra, sz\u00f6vegjavaslatokat k\u00e9sz\u00edtett\u00fcnk a k\u00fcl\u00f6nb\u00f6z\u0151 esetekre. Nyugodtan adapt\u00e1lhatja \u0151ket k\u00edv\u00e1ns\u00e1gai \u00e9s \u00f6tletei szerint.<\/p>\n\t\t<\/div>\n\t\t\n\t\t<a class=\"elementor-post__read-more\" href=\"https:\/\/gradido.net\/hu\/gradido-link-erfahrungen-und-textvorschlaege\/\" aria-label=\"Read more about Gradido link - tapasztalatok \u00e9s sz\u00f6veges javaslatok\" tabindex=\"-1\" >\n\t\t\tB\u0151vebben\t\t<\/a>\n\n\t\t\t\t<\/div>\n\t\t\t\t<div class=\"elementor-post__meta-data\">\n\t\t\t\t\t<span class=\"elementor-post-date\">\n\t\t\t24. \u00e1prilis 2022\t\t<\/span>\n\t\t\t\t<\/div>\n\t\t\t\t\t<\/div>\n\t\t<\/article>\n\t\t\t\t<article class=\"elementor-post elementor-grid-item post-4024 post type-post status-publish format-standard has-post-thumbnail hentry category-blog category-community\" role=\"listitem\">\n\t\t\t<div class=\"elementor-post__card\">\n\t\t\t\t<a class=\"elementor-post__thumbnail__link\" href=\"https:\/\/gradido.net\/hu\/freunde-finden-und-neue-wirklichkeit-gestalten\/\" tabindex=\"-1\" ><div class=\"elementor-post__thumbnail\"><img loading=\"lazy\" decoding=\"async\" width=\"800\" height=\"534\" src=\"https:\/\/gradido.net\/wp-content\/uploads\/2022\/02\/AdobeStock_79579109-1024x683.jpeg\" class=\"attachment-large size-large wp-image-4216\" alt=\"\" srcset=\"https:\/\/gradido.net\/wp-content\/uploads\/2022\/02\/AdobeStock_79579109-1024x683.jpeg 1024w, https:\/\/gradido.net\/wp-content\/uploads\/2022\/02\/AdobeStock_79579109-300x200.jpeg 300w, https:\/\/gradido.net\/wp-content\/uploads\/2022\/02\/AdobeStock_79579109-768x512.jpeg 768w, https:\/\/gradido.net\/wp-content\/uploads\/2022\/02\/AdobeStock_79579109-1536x1024.jpeg 1536w, https:\/\/gradido.net\/wp-content\/uploads\/2022\/02\/AdobeStock_79579109-2048x1365.jpeg 2048w, https:\/\/gradido.net\/wp-content\/uploads\/2022\/02\/AdobeStock_79579109-18x12.jpeg 18w\" sizes=\"(max-width: 800px) 100vw, 800px\" \/><\/div><\/a>\n\t\t\t\t<div class=\"elementor-post__text\">\n\t\t\t\t<h3 class=\"elementor-post__title\">\n\t\t\t<a href=\"https:\/\/gradido.net\/hu\/freunde-finden-und-neue-wirklichkeit-gestalten\/\" >\n\t\t\t\tBar\u00e1tkoz\u00e1s \u00e9s egy \u00faj val\u00f3s\u00e1g kialak\u00edt\u00e1sa\t\t\t<\/a>\n\t\t<\/h3>\n\t\t\t\t<div class=\"elementor-post__excerpt\">\n\t\t\t<p>A Gradido seg\u00edts\u00e9g\u00e9vel minden nap megk\u00f6sz\u00f6nni m\u00e1soknak azt jelenti, hogy egyre t\u00f6bb bar\u00e1tra teszel szert. Er\u0151s\u00edtj\u00fck egym\u00e1st, alternat\u00edv \"Gradido-szigeteket\" alkotunk, \u00e9s egyre f\u00fcggetlenebb\u00e9 tessz\u00fck magunkat a r\u00e9gi rendszert\u0151l.<\/p>\n\t\t<\/div>\n\t\t\n\t\t<a class=\"elementor-post__read-more\" href=\"https:\/\/gradido.net\/hu\/freunde-finden-und-neue-wirklichkeit-gestalten\/\" aria-label=\"Read more about Bar\u00e1tkozni \u00e9s \u00faj val\u00f3s\u00e1got teremteni\" tabindex=\"-1\" >\n\t\t\tB\u0151vebben\t\t<\/a>\n\n\t\t\t\t<\/div>\n\t\t\t\t<div class=\"elementor-post__meta-data\">\n\t\t\t\t\t<span class=\"elementor-post-date\">\n\t\t\t20 \u00e1prilis 2022\t\t<\/span>\n\t\t\t\t<\/div>\n\t\t\t\t\t<\/div>\n\t\t<\/article>\n\t\t\t\t<\/div>\n\t\t\n\t\t\t\t\t\t<\/div>\n\t\t\t\t<\/div>\n\t\t\t\t\t<\/div>\n\t\t<\/div>\n\t\t\t\t\t<\/div>\n\t\t<\/section>\n\t\t\t\t<\/div>","protected":false},"excerpt":{"rendered":"<p>K\u00f6z\u00f6ss\u00e9g<\/p>","protected":false},"author":2,"featured_media":3960,"parent":704,"menu_order":0,"comment_status":"closed","ping_status":"closed","template":"","meta":{"footnotes":""},"class_list":["post-13614","page","type-page","status-publish","has-post-thumbnail","hentry"],"yoast_head":"<!-- This site is optimized with the Yoast SEO plugin v27.4 - https:\/\/yoast.com\/product\/yoast-seo-wordpress\/ -->\n<title>Community - Gradido<\/title>\n<meta name=\"description\" content=\"Aktuelles und Wissenswertes \u00fcber die neue Dankbarkeitsw\u00e4hrung\" \/>\n<meta name=\"robots\" content=\"index, follow, max-snippet:-1, max-image-preview:large, max-video-preview:-1\" \/>\n<link rel=\"canonical\" href=\"https:\/\/gradido.net\/hu\/blog\/community\/\" \/>\n<meta property=\"og:locale\" content=\"hu_HU\" \/>\n<meta property=\"og:type\" content=\"article\" \/>\n<meta property=\"og:title\" content=\"Community - Gradido\" \/>\n<meta property=\"og:description\" content=\"Aktuelles und Wissenswertes \u00fcber die neue Dankbarkeitsw\u00e4hrung\" \/>\n<meta property=\"og:url\" content=\"https:\/\/gradido.net\/hu\/blog\/community\/\" \/>\n<meta property=\"og:site_name\" content=\"Gradido\" \/>\n<meta property=\"article:modified_time\" content=\"2026-04-24T06:36:55+00:00\" \/>\n<meta property=\"og:image\" content=\"https:\/\/gradido.net\/wp-content\/uploads\/2022\/02\/blog.jpg\" \/>\n\t<meta property=\"og:image:width\" content=\"1920\" \/>\n\t<meta property=\"og:image:height\" content=\"450\" \/>\n\t<meta property=\"og:image:type\" content=\"image\/jpeg\" \/>\n<meta name=\"twitter:card\" content=\"summary_large_image\" \/>\n<meta name=\"twitter:label1\" content=\"Becs\u00fclt olvas\u00e1si id\u0151\" \/>\n\t<meta name=\"twitter:data1\" content=\"20 perc\" \/>\n<script type=\"application\/ld+json\" class=\"yoast-schema-graph\">{\"@context\":\"https:\\\/\\\/schema.org\",\"@graph\":[{\"@type\":\"WebPage\",\"@id\":\"https:\\\/\\\/gradido.net\\\/de\\\/blog\\\/community\\\/\",\"url\":\"https:\\\/\\\/gradido.net\\\/de\\\/blog\\\/community\\\/\",\"name\":\"Community - Gradido\",\"isPartOf\":{\"@id\":\"https:\\\/\\\/gradido.net\\\/de\\\/#website\"},\"primaryImageOfPage\":{\"@id\":\"https:\\\/\\\/gradido.net\\\/de\\\/blog\\\/community\\\/#primaryimage\"},\"image\":{\"@id\":\"https:\\\/\\\/gradido.net\\\/de\\\/blog\\\/community\\\/#primaryimage\"},\"thumbnailUrl\":\"https:\\\/\\\/gradido.net\\\/wp-content\\\/uploads\\\/2022\\\/02\\\/blog.jpg\",\"datePublished\":\"2026-04-24T06:24:38+00:00\",\"dateModified\":\"2026-04-24T06:36:55+00:00\",\"description\":\"Aktuelles und Wissenswertes \u00fcber die neue Dankbarkeitsw\u00e4hrung\",\"breadcrumb\":{\"@id\":\"https:\\\/\\\/gradido.net\\\/de\\\/blog\\\/community\\\/#breadcrumb\"},\"inLanguage\":\"hu\",\"potentialAction\":[{\"@type\":\"ReadAction\",\"target\":[\"https:\\\/\\\/gradido.net\\\/de\\\/blog\\\/community\\\/\"]}]},{\"@type\":\"ImageObject\",\"inLanguage\":\"hu\",\"@id\":\"https:\\\/\\\/gradido.net\\\/de\\\/blog\\\/community\\\/#primaryimage\",\"url\":\"https:\\\/\\\/gradido.net\\\/wp-content\\\/uploads\\\/2022\\\/02\\\/blog.jpg\",\"contentUrl\":\"https:\\\/\\\/gradido.net\\\/wp-content\\\/uploads\\\/2022\\\/02\\\/blog.jpg\",\"width\":1920,\"height\":450},{\"@type\":\"BreadcrumbList\",\"@id\":\"https:\\\/\\\/gradido.net\\\/de\\\/blog\\\/community\\\/#breadcrumb\",\"itemListElement\":[{\"@type\":\"ListItem\",\"position\":1,\"name\":\"Startseite\",\"item\":\"https:\\\/\\\/gradido.net\\\/\"},{\"@type\":\"ListItem\",\"position\":2,\"name\":\"Blog\",\"item\":\"https:\\\/\\\/gradido.net\\\/blog\\\/\"},{\"@type\":\"ListItem\",\"position\":3,\"name\":\"Community\"}]},{\"@type\":\"WebSite\",\"@id\":\"https:\\\/\\\/gradido.net\\\/de\\\/#website\",\"url\":\"https:\\\/\\\/gradido.net\\\/de\\\/\",\"name\":\"Gradido\",\"description\":\"Die neue W\u00e4hrung hei\u00dft Dankbarkeit\",\"publisher\":{\"@id\":\"https:\\\/\\\/gradido.net\\\/de\\\/#organization\"},\"potentialAction\":[{\"@type\":\"SearchAction\",\"target\":{\"@type\":\"EntryPoint\",\"urlTemplate\":\"https:\\\/\\\/gradido.net\\\/de\\\/?s={search_term_string}\"},\"query-input\":{\"@type\":\"PropertyValueSpecification\",\"valueRequired\":true,\"valueName\":\"search_term_string\"}}],\"inLanguage\":\"hu\"},{\"@type\":\"Organization\",\"@id\":\"https:\\\/\\\/gradido.net\\\/de\\\/#organization\",\"name\":\"Gradido\",\"url\":\"https:\\\/\\\/gradido.net\\\/de\\\/\",\"logo\":{\"@type\":\"ImageObject\",\"inLanguage\":\"hu\",\"@id\":\"https:\\\/\\\/gradido.net\\\/de\\\/#\\\/schema\\\/logo\\\/image\\\/\",\"url\":\"https:\\\/\\\/gradido.net\\\/wp-content\\\/uploads\\\/2022\\\/04\\\/gradido-social.jpg\",\"contentUrl\":\"https:\\\/\\\/gradido.net\\\/wp-content\\\/uploads\\\/2022\\\/04\\\/gradido-social.jpg\",\"width\":527,\"height\":273,\"caption\":\"Gradido\"},\"image\":{\"@id\":\"https:\\\/\\\/gradido.net\\\/de\\\/#\\\/schema\\\/logo\\\/image\\\/\"}}]}<\/script>\n<!-- \/ Yoast SEO plugin. -->","yoast_head_json":{"title":"K\u00f6z\u00f6ss\u00e9g - Gradido","description":"H\u00edrek \u00e9s \u00e9rdekess\u00e9gek az \u00faj h\u00e1lap\u00e9nzr\u0151l","robots":{"index":"index","follow":"follow","max-snippet":"max-snippet:-1","max-image-preview":"max-image-preview:large","max-video-preview":"max-video-preview:-1"},"canonical":"https:\/\/gradido.net\/hu\/blog\/community\/","og_locale":"hu_HU","og_type":"article","og_title":"Community - Gradido","og_description":"Aktuelles und Wissenswertes \u00fcber die neue Dankbarkeitsw\u00e4hrung","og_url":"https:\/\/gradido.net\/hu\/blog\/community\/","og_site_name":"Gradido","article_modified_time":"2026-04-24T06:36:55+00:00","og_image":[{"width":1920,"height":450,"url":"https:\/\/gradido.net\/wp-content\/uploads\/2022\/02\/blog.jpg","type":"image\/jpeg"}],"twitter_card":"summary_large_image","twitter_misc":{"Becs\u00fclt olvas\u00e1si id\u0151":"20 perc"},"schema":{"@context":"https:\/\/schema.org","@graph":[{"@type":"WebPage","@id":"https:\/\/gradido.net\/de\/blog\/community\/","url":"https:\/\/gradido.net\/de\/blog\/community\/","name":"K\u00f6z\u00f6ss\u00e9g - Gradido","isPartOf":{"@id":"https:\/\/gradido.net\/de\/#website"},"primaryImageOfPage":{"@id":"https:\/\/gradido.net\/de\/blog\/community\/#primaryimage"},"image":{"@id":"https:\/\/gradido.net\/de\/blog\/community\/#primaryimage"},"thumbnailUrl":"https:\/\/gradido.net\/wp-content\/uploads\/2022\/02\/blog.jpg","datePublished":"2026-04-24T06:24:38+00:00","dateModified":"2026-04-24T06:36:55+00:00","description":"H\u00edrek \u00e9s \u00e9rdekess\u00e9gek az \u00faj h\u00e1lap\u00e9nzr\u0151l","breadcrumb":{"@id":"https:\/\/gradido.net\/de\/blog\/community\/#breadcrumb"},"inLanguage":"hu","potentialAction":[{"@type":"ReadAction","target":["https:\/\/gradido.net\/de\/blog\/community\/"]}]},{"@type":"ImageObject","inLanguage":"hu","@id":"https:\/\/gradido.net\/de\/blog\/community\/#primaryimage","url":"https:\/\/gradido.net\/wp-content\/uploads\/2022\/02\/blog.jpg","contentUrl":"https:\/\/gradido.net\/wp-content\/uploads\/2022\/02\/blog.jpg","width":1920,"height":450},{"@type":"BreadcrumbList","@id":"https:\/\/gradido.net\/de\/blog\/community\/#breadcrumb","itemListElement":[{"@type":"ListItem","position":1,"name":"Startseite","item":"https:\/\/gradido.net\/"},{"@type":"ListItem","position":2,"name":"Blog","item":"https:\/\/gradido.net\/blog\/"},{"@type":"ListItem","position":3,"name":"Community"}]},{"@type":"WebSite","@id":"https:\/\/gradido.net\/de\/#website","url":"https:\/\/gradido.net\/de\/","name":"Gradido","description":"Az \u00faj p\u00e9nznem a h\u00e1la","publisher":{"@id":"https:\/\/gradido.net\/de\/#organization"},"potentialAction":[{"@type":"SearchAction","target":{"@type":"EntryPoint","urlTemplate":"https:\/\/gradido.net\/de\/?s={search_term_string}"},"query-input":{"@type":"PropertyValueSpecification","valueRequired":true,"valueName":"search_term_string"}}],"inLanguage":"hu"},{"@type":"Organization","@id":"https:\/\/gradido.net\/de\/#organization","name":"Gradido","url":"https:\/\/gradido.net\/de\/","logo":{"@type":"ImageObject","inLanguage":"hu","@id":"https:\/\/gradido.net\/de\/#\/schema\/logo\/image\/","url":"https:\/\/gradido.net\/wp-content\/uploads\/2022\/04\/gradido-social.jpg","contentUrl":"https:\/\/gradido.net\/wp-content\/uploads\/2022\/04\/gradido-social.jpg","width":527,"height":273,"caption":"Gradido"},"image":{"@id":"https:\/\/gradido.net\/de\/#\/schema\/logo\/image\/"}}]}},"_links":{"self":[{"href":"https:\/\/gradido.net\/hu\/wp-json\/wp\/v2\/pages\/13614","targetHints":{"allow":["GET"]}}],"collection":[{"href":"https:\/\/gradido.net\/hu\/wp-json\/wp\/v2\/pages"}],"about":[{"href":"https:\/\/gradido.net\/hu\/wp-json\/wp\/v2\/types\/page"}],"author":[{"embeddable":true,"href":"https:\/\/gradido.net\/hu\/wp-json\/wp\/v2\/users\/2"}],"replies":[{"embeddable":true,"href":"https:\/\/gradido.net\/hu\/wp-json\/wp\/v2\/comments?post=13614"}],"version-history":[{"count":7,"href":"https:\/\/gradido.net\/hu\/wp-json\/wp\/v2\/pages\/13614\/revisions"}],"predecessor-version":[{"id":13622,"href":"https:\/\/gradido.net\/hu\/wp-json\/wp\/v2\/pages\/13614\/revisions\/13622"}],"up":[{"embeddable":true,"href":"https:\/\/gradido.net\/hu\/wp-json\/wp\/v2\/pages\/704"}],"wp:featuredmedia":[{"embeddable":true,"href":"https:\/\/gradido.net\/hu\/wp-json\/wp\/v2\/media\/3960"}],"wp:attachment":[{"href":"https:\/\/gradido.net\/hu\/wp-json\/wp\/v2\/media?parent=13614"}],"curies":[{"name":"wp","href":"https:\/\/api.w.org\/{rel}","templated":true}]}}