{"id":13631,"date":"2026-04-24T08:44:47","date_gmt":"2026-04-24T06:44:47","guid":{"rendered":"https:\/\/gradido.net\/?page_id=13631"},"modified":"2026-04-24T08:46:30","modified_gmt":"2026-04-24T06:46:30","slug":"psychologie","status":"publish","type":"page","link":"https:\/\/gradido.net\/hu\/blog\/psychologie\/","title":{"rendered":"Pszichol\u00f3gia"},"content":{"rendered":"<div data-elementor-type=\"wp-page\" data-elementor-id=\"13631\" class=\"elementor elementor-13631\" data-elementor-post-type=\"page\">\n\t\t\t\t\t\t<section class=\"elementor-section elementor-top-section elementor-element elementor-element-2cac71f elementor-section-full_width elementor-section-height-default elementor-section-height-default\" data-id=\"2cac71f\" data-element_type=\"section\" data-e-type=\"section\">\n\t\t\t\t\t\t<div class=\"elementor-container elementor-column-gap-no\">\n\t\t\t\t\t<div class=\"elementor-column elementor-col-100 elementor-top-column elementor-element elementor-element-cef0c8b\" data-id=\"cef0c8b\" data-element_type=\"column\" data-e-type=\"column\">\n\t\t\t<div class=\"elementor-widget-wrap elementor-element-populated\">\n\t\t\t\t\t\t<div class=\"elementor-element elementor-element-cd0fa05 elementor--h-position-center elementor--v-position-middle elementor-arrows-position-inside elementor-widget elementor-widget-slides\" data-id=\"cd0fa05\" data-element_type=\"widget\" data-e-type=\"widget\" data-settings=\"{&quot;navigation&quot;:&quot;arrows&quot;,&quot;autoplay&quot;:&quot;yes&quot;,&quot;pause_on_hover&quot;:&quot;yes&quot;,&quot;pause_on_interaction&quot;:&quot;yes&quot;,&quot;autoplay_speed&quot;:5000,&quot;infinite&quot;:&quot;yes&quot;,&quot;transition&quot;:&quot;slide&quot;,&quot;transition_speed&quot;:500}\" data-widget_type=\"slides.default\">\n\t\t\t\t<div class=\"elementor-widget-container\">\n\t\t\t\t\t\t\t\t\t<div class=\"elementor-swiper\">\n\t\t\t\t\t<div class=\"elementor-slides-wrapper elementor-main-swiper swiper\" role=\"region\" aria-roledescription=\"carousel\" aria-label=\"Cs\u00faszka\" dir=\"ltr\" data-animation=\"fadeInUp\">\n\t\t\t\t<div class=\"swiper-wrapper elementor-slides\">\n\t\t\t\t\t\t\t\t\t\t<div class=\"elementor-repeater-item-2de4990 swiper-slide\" role=\"group\" aria-roledescription=\"slide\"><div class=\"swiper-slide-bg\" role=\"img\" aria-label=\"blog\"><\/div><div class=\"swiper-slide-inner\" ><div class=\"swiper-slide-contents\"><\/div><\/div><\/div>\t\t\t\t<\/div>\n\t\t\t\t\t\t\t<\/div>\n\t\t\t\t<\/div>\n\t\t\t\t\t\t\t\t<\/div>\n\t\t\t\t<\/div>\n\t\t\t\t\t<\/div>\n\t\t<\/div>\n\t\t\t\t\t<\/div>\n\t\t<\/section>\n\t\t\t\t<section class=\"elementor-section elementor-top-section elementor-element elementor-element-cec2a5b elementor-section-boxed elementor-section-height-default elementor-section-height-default\" data-id=\"cec2a5b\" data-element_type=\"section\" data-e-type=\"section\" data-settings=\"{&quot;background_background&quot;:&quot;classic&quot;}\">\n\t\t\t\t\t\t<div class=\"elementor-container elementor-column-gap-default\">\n\t\t\t\t\t<div class=\"elementor-column elementor-col-100 elementor-top-column elementor-element elementor-element-2bca127\" data-id=\"2bca127\" data-element_type=\"column\" data-e-type=\"column\">\n\t\t\t<div class=\"elementor-widget-wrap elementor-element-populated\">\n\t\t\t\t\t\t<div class=\"elementor-element elementor-element-e504e40 elementor-widget elementor-widget-heading\" data-id=\"e504e40\" data-element_type=\"widget\" data-e-type=\"widget\" data-widget_type=\"heading.default\">\n\t\t\t\t<div class=\"elementor-widget-container\">\n\t\t\t\t\t<h1 class=\"elementor-heading-title elementor-size-default\">Pszichol\u00f3gia<\/h1>\t\t\t\t<\/div>\n\t\t\t\t<\/div>\n\t\t\t\t\t<\/div>\n\t\t<\/div>\n\t\t\t\t\t<\/div>\n\t\t<\/section>\n\t\t\t\t<section class=\"elementor-section elementor-top-section elementor-element elementor-element-e4f56b5 elementor-section-boxed elementor-section-height-default elementor-section-height-default\" data-id=\"e4f56b5\" data-element_type=\"section\" data-e-type=\"section\">\n\t\t\t\t\t\t<div class=\"elementor-container elementor-column-gap-default\">\n\t\t\t\t\t<div class=\"elementor-column elementor-col-100 elementor-top-column elementor-element elementor-element-93ee9fb\" data-id=\"93ee9fb\" data-element_type=\"column\" data-e-type=\"column\">\n\t\t\t<div class=\"elementor-widget-wrap elementor-element-populated\">\n\t\t\t\t\t\t<div class=\"elementor-element elementor-element-7bbe7d9 elementor-nav-menu--dropdown-tablet elementor-nav-menu__text-align-aside elementor-nav-menu--toggle elementor-nav-menu--burger elementor-widget elementor-widget-nav-menu\" data-id=\"7bbe7d9\" data-element_type=\"widget\" data-e-type=\"widget\" data-settings=\"{&quot;layout&quot;:&quot;horizontal&quot;,&quot;submenu_icon&quot;:{&quot;value&quot;:&quot;&lt;i class=\\&quot;fas fa-caret-down\\&quot; aria-hidden=\\&quot;true\\&quot;&gt;&lt;\\\/i&gt;&quot;,&quot;library&quot;:&quot;fa-solid&quot;},&quot;toggle&quot;:&quot;burger&quot;}\" data-widget_type=\"nav-menu.default\">\n\t\t\t\t<div class=\"elementor-widget-container\">\n\t\t\t\t\t\t\t\t<nav aria-label=\"Men\u00fc\" class=\"elementor-nav-menu--main elementor-nav-menu__container elementor-nav-menu--layout-horizontal e--pointer-underline e--animation-fade\">\n\t\t\t\t<ul id=\"menu-1-7bbe7d9\" class=\"elementor-nav-menu\"><li class=\"menu-item menu-item-type-post_type menu-item-object-page menu-item-13532\"><a href=\"https:\/\/gradido.net\/hu\/blog\/\" class=\"elementor-item\">Minden kateg\u00f3ria<\/a><\/li>\n<li class=\"menu-item menu-item-type-post_type menu-item-object-page menu-item-13515\"><a href=\"https:\/\/gradido.net\/hu\/blog\/analysen\/\" class=\"elementor-item\">Elemz\u00e9sek<\/a><\/li>\n<li class=\"menu-item menu-item-type-post_type menu-item-object-page menu-item-13559\"><a href=\"https:\/\/gradido.net\/hu\/blog\/lieblingsstadt\/\" class=\"elementor-item\">Kedvenc v\u00e1ros<\/a><\/li>\n<li class=\"menu-item menu-item-type-post_type menu-item-object-page menu-item-13641\"><a href=\"https:\/\/gradido.net\/hu\/blog\/community\/\" class=\"elementor-item\">K\u00f6z\u00f6ss\u00e9g<\/a><\/li>\n<li class=\"menu-item menu-item-type-post_type menu-item-object-page menu-item-13639\"><a href=\"https:\/\/gradido.net\/hu\/blog\/psychologie\/\" class=\"elementor-item\">Pszichol\u00f3gia<\/a><\/li>\n<li class=\"menu-item menu-item-type-post_type menu-item-object-page menu-item-13640\"><a href=\"https:\/\/gradido.net\/hu\/blog\/gradido-konto\/\" class=\"elementor-item\">Gradido sz\u00e1mla<\/a><\/li>\n<\/ul>\t\t\t<\/nav>\n\t\t\t\t\t<div class=\"elementor-menu-toggle\" role=\"button\" tabindex=\"0\" aria-label=\"Men\u00fc kapcsol\u00f3\" aria-expanded=\"false\">\n\t\t\t<i aria-hidden=\"true\" role=\"presentation\" class=\"elementor-menu-toggle__icon--open eicon-menu-bar\"><\/i><i aria-hidden=\"true\" role=\"presentation\" class=\"elementor-menu-toggle__icon--close eicon-close\"><\/i>\t\t<\/div>\n\t\t\t\t\t<nav class=\"elementor-nav-menu--dropdown elementor-nav-menu__container\" aria-hidden=\"true\">\n\t\t\t\t<ul id=\"menu-2-7bbe7d9\" class=\"elementor-nav-menu\"><li class=\"menu-item menu-item-type-post_type menu-item-object-page menu-item-13532\"><a href=\"https:\/\/gradido.net\/hu\/blog\/\" class=\"elementor-item\" tabindex=\"-1\">Minden kateg\u00f3ria<\/a><\/li>\n<li class=\"menu-item menu-item-type-post_type menu-item-object-page menu-item-13515\"><a href=\"https:\/\/gradido.net\/hu\/blog\/analysen\/\" class=\"elementor-item\" tabindex=\"-1\">Elemz\u00e9sek<\/a><\/li>\n<li class=\"menu-item menu-item-type-post_type menu-item-object-page menu-item-13559\"><a href=\"https:\/\/gradido.net\/hu\/blog\/lieblingsstadt\/\" class=\"elementor-item\" tabindex=\"-1\">Kedvenc v\u00e1ros<\/a><\/li>\n<li class=\"menu-item menu-item-type-post_type menu-item-object-page menu-item-13641\"><a href=\"https:\/\/gradido.net\/hu\/blog\/community\/\" class=\"elementor-item\" tabindex=\"-1\">K\u00f6z\u00f6ss\u00e9g<\/a><\/li>\n<li class=\"menu-item menu-item-type-post_type menu-item-object-page menu-item-13639\"><a href=\"https:\/\/gradido.net\/hu\/blog\/psychologie\/\" class=\"elementor-item\" tabindex=\"-1\">Pszichol\u00f3gia<\/a><\/li>\n<li class=\"menu-item menu-item-type-post_type menu-item-object-page menu-item-13640\"><a href=\"https:\/\/gradido.net\/hu\/blog\/gradido-konto\/\" class=\"elementor-item\" tabindex=\"-1\">Gradido sz\u00e1mla<\/a><\/li>\n<\/ul>\t\t\t<\/nav>\n\t\t\t\t\t\t<\/div>\n\t\t\t\t<\/div>\n\t\t\t\t<div class=\"elementor-element elementor-element-1c7d36d elementor-grid-tablet-3 elementor-grid-3 elementor-grid-mobile-1 elementor-posts--thumbnail-top elementor-posts__hover-gradient elementor-widget elementor-widget-posts\" data-id=\"1c7d36d\" data-element_type=\"widget\" data-e-type=\"widget\" data-settings=\"{&quot;cards_columns_tablet&quot;:&quot;3&quot;,&quot;cards_columns&quot;:&quot;3&quot;,&quot;cards_columns_mobile&quot;:&quot;1&quot;,&quot;cards_row_gap&quot;:{&quot;unit&quot;:&quot;px&quot;,&quot;size&quot;:35,&quot;sizes&quot;:[]},&quot;cards_row_gap_tablet&quot;:{&quot;unit&quot;:&quot;px&quot;,&quot;size&quot;:&quot;&quot;,&quot;sizes&quot;:[]},&quot;cards_row_gap_mobile&quot;:{&quot;unit&quot;:&quot;px&quot;,&quot;size&quot;:&quot;&quot;,&quot;sizes&quot;:[]}}\" data-widget_type=\"posts.cards\">\n\t\t\t\t<div class=\"elementor-widget-container\">\n\t\t\t\t\t\t\t<div class=\"elementor-posts-container elementor-posts elementor-posts--skin-cards elementor-grid\" role=\"list\">\n\t\t\t\t<article class=\"elementor-post elementor-grid-item post-13413 post type-post status-publish format-standard has-post-thumbnail hentry category-analysen category-blog category-psychologie\" role=\"listitem\">\n\t\t\t<div class=\"elementor-post__card\">\n\t\t\t\t<a class=\"elementor-post__thumbnail__link\" href=\"https:\/\/gradido.net\/hu\/enorme-anreize-fuer-hochqualifizierte-ausbildungen\/\" tabindex=\"-1\" ><div class=\"elementor-post__thumbnail\"><img fetchpriority=\"high\" decoding=\"async\" width=\"800\" height=\"300\" src=\"https:\/\/gradido.net\/wp-content\/uploads\/2026\/04\/Qualifizierte-Ausbildungen-1024x384.jpg\" class=\"attachment-large size-large wp-image-13415\" alt=\"\" srcset=\"https:\/\/gradido.net\/wp-content\/uploads\/2026\/04\/Qualifizierte-Ausbildungen-1024x384.jpg 1024w, https:\/\/gradido.net\/wp-content\/uploads\/2026\/04\/Qualifizierte-Ausbildungen-300x113.jpg 300w, https:\/\/gradido.net\/wp-content\/uploads\/2026\/04\/Qualifizierte-Ausbildungen-768x288.jpg 768w, https:\/\/gradido.net\/wp-content\/uploads\/2026\/04\/Qualifizierte-Ausbildungen-1536x576.jpg 1536w, https:\/\/gradido.net\/wp-content\/uploads\/2026\/04\/Qualifizierte-Ausbildungen-18x7.jpg 18w, https:\/\/gradido.net\/wp-content\/uploads\/2026\/04\/Qualifizierte-Ausbildungen.jpg 1920w\" sizes=\"(max-width: 800px) 100vw, 800px\" \/><\/div><\/a>\n\t\t\t\t<div class=\"elementor-post__text\">\n\t\t\t\t<h3 class=\"elementor-post__title\">\n\t\t\t<a href=\"https:\/\/gradido.net\/hu\/enorme-anreize-fuer-hochqualifizierte-ausbildungen\/\" >\n\t\t\t\tHatalmas \u00f6szt\u00f6nz\u0151k a magasan k\u00e9pzett k\u00e9pz\u00e9si programok sz\u00e1m\u00e1ra\t\t\t<\/a>\n\t\t<\/h3>\n\t\t\t\t<div class=\"elementor-post__excerpt\">\n\t\t\t<p>A motiv\u00e1ci\u00f3s kutat\u00e1sok egy\u00e9rtelm\u0171ek: t\u00falnyom\u00f3r\u00e9szt bels\u0151 k\u00e9sztet\u00e9sek - hivat\u00e1s, speci\u00e1lis \u00e9rdekl\u0151d\u00e9s, seg\u00edteni \u00e9s alak\u00edtani akar\u00e1s. A jelent\u00e9s elemzi, hogy a Gradido mi\u00e9rt er\u0151s\u00edti struktur\u00e1lisan ezt a motiv\u00e1ci\u00f3t.<\/p>\n\t\t<\/div>\n\t\t\n\t\t<a class=\"elementor-post__read-more\" href=\"https:\/\/gradido.net\/hu\/enorme-anreize-fuer-hochqualifizierte-ausbildungen\/\" aria-label=\"Read more about Enorme Anreize f\u00fcr hochqualifizierte Ausbildungen\" tabindex=\"-1\" >\n\t\t\tB\u0151vebben\t\t<\/a>\n\n\t\t\t\t<\/div>\n\t\t\t\t<div class=\"elementor-post__meta-data\">\n\t\t\t\t\t<span class=\"elementor-post-date\">\n\t\t\t\u00e1prilis 25. 2026\t\t<\/span>\n\t\t\t\t<\/div>\n\t\t\t\t\t<\/div>\n\t\t<\/article>\n\t\t\t\t<article class=\"elementor-post elementor-grid-item post-13272 post type-post status-publish format-standard has-post-thumbnail hentry category-analysen category-blog category-psychologie tag-bild-oben\" role=\"listitem\">\n\t\t\t<div class=\"elementor-post__card\">\n\t\t\t\t<a class=\"elementor-post__thumbnail__link\" href=\"https:\/\/gradido.net\/hu\/gradido-wirtschaft-der-liebe\/\" tabindex=\"-1\" ><div class=\"elementor-post__thumbnail\"><img decoding=\"async\" width=\"800\" height=\"450\" src=\"https:\/\/gradido.net\/wp-content\/uploads\/2026\/04\/Wirtschaft-der-Liebe-1024x576.jpg\" class=\"attachment-large size-large wp-image-13274\" alt=\"\" srcset=\"https:\/\/gradido.net\/wp-content\/uploads\/2026\/04\/Wirtschaft-der-Liebe-1024x576.jpg 1024w, https:\/\/gradido.net\/wp-content\/uploads\/2026\/04\/Wirtschaft-der-Liebe-300x169.jpg 300w, https:\/\/gradido.net\/wp-content\/uploads\/2026\/04\/Wirtschaft-der-Liebe-768x432.jpg 768w, https:\/\/gradido.net\/wp-content\/uploads\/2026\/04\/Wirtschaft-der-Liebe-1536x864.jpg 1536w, https:\/\/gradido.net\/wp-content\/uploads\/2026\/04\/Wirtschaft-der-Liebe-18x10.jpg 18w, https:\/\/gradido.net\/wp-content\/uploads\/2026\/04\/Wirtschaft-der-Liebe.jpg 1920w\" sizes=\"(max-width: 800px) 100vw, 800px\" \/><\/div><\/a>\n\t\t\t\t<div class=\"elementor-post__text\">\n\t\t\t\t<h3 class=\"elementor-post__title\">\n\t\t\t<a href=\"https:\/\/gradido.net\/hu\/gradido-wirtschaft-der-liebe\/\" >\n\t\t\t\tGradido - A szeretet gazdas\u00e1ga\t\t\t<\/a>\n\t\t<\/h3>\n\t\t\t\t<div class=\"elementor-post__excerpt\">\n\t\t\t<p>Egy essz\u00e9 a gradido \u00e9s az emberis\u00e9g \u00e1ltal \u00e9vezredek \u00f3ta legmagasabb \u00e9rt\u00e9kk\u00e9nt ismert struktur\u00e1lis kapcsolat\u00e1r\u00f3l.<\/p>\n\t\t<\/div>\n\t\t\n\t\t<a class=\"elementor-post__read-more\" href=\"https:\/\/gradido.net\/hu\/gradido-wirtschaft-der-liebe\/\" aria-label=\"Read more about Gradido \u2013 Wirtschaft der Liebe\" tabindex=\"-1\" >\n\t\t\tB\u0151vebben\t\t<\/a>\n\n\t\t\t\t<\/div>\n\t\t\t\t<div class=\"elementor-post__meta-data\">\n\t\t\t\t\t<span class=\"elementor-post-date\">\n\t\t\t\u00e1prilis 4 \u00e1pril 2026\t\t<\/span>\n\t\t\t\t<\/div>\n\t\t\t\t\t<\/div>\n\t\t<\/article>\n\t\t\t\t<article class=\"elementor-post elementor-grid-item post-5821 post type-post status-publish format-standard has-post-thumbnail hentry category-blog category-community category-psychologie\" role=\"listitem\">\n\t\t\t<div class=\"elementor-post__card\">\n\t\t\t\t<a class=\"elementor-post__thumbnail__link\" href=\"https:\/\/gradido.net\/hu\/10-wochen-voller-dankbarkeit\/\" tabindex=\"-1\" ><div class=\"elementor-post__thumbnail\"><img decoding=\"async\" width=\"800\" height=\"534\" src=\"https:\/\/gradido.net\/wp-content\/uploads\/2022\/10\/10WDankbarkeit-1024x683.jpg\" class=\"attachment-large size-large wp-image-5822\" alt=\"\" srcset=\"https:\/\/gradido.net\/wp-content\/uploads\/2022\/10\/10WDankbarkeit-1024x683.jpg 1024w, https:\/\/gradido.net\/wp-content\/uploads\/2022\/10\/10WDankbarkeit-300x200.jpg 300w, https:\/\/gradido.net\/wp-content\/uploads\/2022\/10\/10WDankbarkeit-768x512.jpg 768w, https:\/\/gradido.net\/wp-content\/uploads\/2022\/10\/10WDankbarkeit-18x12.jpg 18w, https:\/\/gradido.net\/wp-content\/uploads\/2022\/10\/10WDankbarkeit.jpg 1500w\" sizes=\"(max-width: 800px) 100vw, 800px\" \/><\/div><\/a>\n\t\t\t\t<div class=\"elementor-post__text\">\n\t\t\t\t<h3 class=\"elementor-post__title\">\n\t\t\t<a href=\"https:\/\/gradido.net\/hu\/10-wochen-voller-dankbarkeit\/\" >\n\t\t\t\t10 h\u00e9t tele h\u00e1l\u00e1val\t\t\t<\/a>\n\t\t<\/h3>\n\t\t\t\t<div class=\"elementor-post__excerpt\">\n\t\t\t<p>Minden alkalommal, amikor Gradid\u00f3t k\u00fcldesz m\u00e1s embereknek, h\u00e1l\u00e1t hozol az \u0151 \u00e9let\u00fckbe \u00e9s a saj\u00e1todba is. A h\u00e1la csod\u00e1latos \u00e9rz\u00e9s. Ha naponta megid\u00e9zz\u00fck, \u00e1poljuk \u00e9s \u00e9lvezz\u00fck, er\u0151s\u00edtj\u00fck j\u00f3l\u00e9t\u00fcnket \u00e9s kreat\u00edv er\u0151nket. <\/p>\n\t\t<\/div>\n\t\t\n\t\t<a class=\"elementor-post__read-more\" href=\"https:\/\/gradido.net\/hu\/10-wochen-voller-dankbarkeit\/\" aria-label=\"Read more about 10 h\u00e9t tele h\u00e1l\u00e1val\" tabindex=\"-1\" >\n\t\t\tB\u0151vebben\t\t<\/a>\n\n\t\t\t\t<\/div>\n\t\t\t\t<div class=\"elementor-post__meta-data\">\n\t\t\t\t\t<span class=\"elementor-post-date\">\n\t\t\t2022. okt\u00f3ber 25.\t\t<\/span>\n\t\t\t\t<\/div>\n\t\t\t\t\t<\/div>\n\t\t<\/article>\n\t\t\t\t<article class=\"elementor-post elementor-grid-item post-5802 post type-post status-publish format-standard has-post-thumbnail hentry category-blog category-community category-psychologie\" role=\"listitem\">\n\t\t\t<div class=\"elementor-post__card\">\n\t\t\t\t<a class=\"elementor-post__thumbnail__link\" href=\"https:\/\/gradido.net\/hu\/gradido-potenzialentfaltung-im-herbst-2022\/\" tabindex=\"-1\" ><div class=\"elementor-post__thumbnail\"><img loading=\"lazy\" decoding=\"async\" width=\"800\" height=\"534\" src=\"https:\/\/gradido.net\/wp-content\/uploads\/2022\/10\/Potenzialentfaltung-1024x683.jpg\" class=\"attachment-large size-large wp-image-5803\" alt=\"\" srcset=\"https:\/\/gradido.net\/wp-content\/uploads\/2022\/10\/Potenzialentfaltung-1024x683.jpg 1024w, https:\/\/gradido.net\/wp-content\/uploads\/2022\/10\/Potenzialentfaltung-300x200.jpg 300w, https:\/\/gradido.net\/wp-content\/uploads\/2022\/10\/Potenzialentfaltung-768x512.jpg 768w, https:\/\/gradido.net\/wp-content\/uploads\/2022\/10\/Potenzialentfaltung-18x12.jpg 18w, https:\/\/gradido.net\/wp-content\/uploads\/2022\/10\/Potenzialentfaltung.jpg 1500w\" sizes=\"(max-width: 800px) 100vw, 800px\" \/><\/div><\/a>\n\t\t\t\t<div class=\"elementor-post__text\">\n\t\t\t\t<h3 class=\"elementor-post__title\">\n\t\t\t<a href=\"https:\/\/gradido.net\/hu\/gradido-potenzialentfaltung-im-herbst-2022\/\" >\n\t\t\t\tGradido potenci\u00e1lis fejleszt\u00e9s 2022 \u0151sz\u00e9n\t\t\t<\/a>\n\t\t<\/h3>\n\t\t\t\t<div class=\"elementor-post__excerpt\">\n\t\t\t<p>A nagy sikerre val\u00f3 tekintettel folytatjuk: a k\u00f6zk\u00edv\u00e1natra a Gradido potenci\u00e1l fejleszt\u00e9se most folytat\u00f3dik. Fektessen be heti 2 \u00f3r\u00e1t \u00f6nmag\u00e1ba - \u00e9s megl\u00e1tja, milyen pozit\u00edv v\u00e1ltoz\u00e1sokat fog tapasztalni 12 h\u00e9ten bel\u00fcl.<\/p>\n\t\t<\/div>\n\t\t\n\t\t<a class=\"elementor-post__read-more\" href=\"https:\/\/gradido.net\/hu\/gradido-potenzialentfaltung-im-herbst-2022\/\" aria-label=\"B\u0151vebben a Gradido lehets\u00e9ges fejleszt\u00e9se 2022 \u0151sz\u00e9n\" tabindex=\"-1\" >\n\t\t\tB\u0151vebben\t\t<\/a>\n\n\t\t\t\t<\/div>\n\t\t\t\t<div class=\"elementor-post__meta-data\">\n\t\t\t\t\t<span class=\"elementor-post-date\">\n\t\t\t2022. okt\u00f3ber 23.\t\t<\/span>\n\t\t\t\t<\/div>\n\t\t\t\t\t<\/div>\n\t\t<\/article>\n\t\t\t\t<article class=\"elementor-post elementor-grid-item post-5764 post type-post status-publish format-standard has-post-thumbnail hentry category-blog category-community category-psychologie\" role=\"listitem\">\n\t\t\t<div class=\"elementor-post__card\">\n\t\t\t\t<a class=\"elementor-post__thumbnail__link\" href=\"https:\/\/gradido.net\/hu\/prenow-das-spiel-das-mitdenkt-und-kreative-loesungen-hervorbringt\/\" tabindex=\"-1\" ><div class=\"elementor-post__thumbnail\"><img loading=\"lazy\" decoding=\"async\" width=\"800\" height=\"450\" src=\"https:\/\/gradido.net\/wp-content\/uploads\/2022\/10\/PreNow1.jpg\" class=\"attachment-large size-large wp-image-5765\" alt=\"\" srcset=\"https:\/\/gradido.net\/wp-content\/uploads\/2022\/10\/PreNow1.jpg 800w, https:\/\/gradido.net\/wp-content\/uploads\/2022\/10\/PreNow1-300x169.jpg 300w, https:\/\/gradido.net\/wp-content\/uploads\/2022\/10\/PreNow1-768x432.jpg 768w, https:\/\/gradido.net\/wp-content\/uploads\/2022\/10\/PreNow1-18x10.jpg 18w\" sizes=\"(max-width: 800px) 100vw, 800px\" \/><\/div><\/a>\n\t\t\t\t<div class=\"elementor-post__text\">\n\t\t\t\t<h3 class=\"elementor-post__title\">\n\t\t\t<a href=\"https:\/\/gradido.net\/hu\/prenow-das-spiel-das-mitdenkt-und-kreative-loesungen-hervorbringt\/\" >\n\t\t\t\tPreNow - a j\u00e1t\u00e9k, amely gondolkodik \u00e9s kreat\u00edv megold\u00e1sokat hoz l\u00e9tre\t\t\t<\/a>\n\t\t<\/h3>\n\t\t\t\t<div class=\"elementor-post__excerpt\">\n\t\t\t<p>Tegnap volt az \u00f6tletel\u00e9s! Ma a csoportban mindenki csin\u00e1lhat valamit egyed\u00fcl, \u00e9s megmutathatja, milyen lehet\u0151s\u00e9gei vannak. P\u00e9nteken indul a Gradido PreNow Caf\u00e9 a Zoom-on - T\u00e9ma: a Gradido K\u00f6z\u00f6ss\u00e9g \u00e9s annak lehet\u0151s\u00e9gei - Tov\u00e1bbi PreNow Caf\u00e9-k minden p\u00e9nteken 16:00-kor (Zoom).<\/p>\n\t\t<\/div>\n\t\t\n\t\t<a class=\"elementor-post__read-more\" href=\"https:\/\/gradido.net\/hu\/prenow-das-spiel-das-mitdenkt-und-kreative-loesungen-hervorbringt\/\" aria-label=\"Read more about PreNow - a j\u00e1t\u00e9k, amely gondolkodik \u00e9s kreat\u00edv megold\u00e1sokat hoz l\u00e9tre\" tabindex=\"-1\" >\n\t\t\tB\u0151vebben\t\t<\/a>\n\n\t\t\t\t<\/div>\n\t\t\t\t<div class=\"elementor-post__meta-data\">\n\t\t\t\t\t<span class=\"elementor-post-date\">\n\t\t\tszeptember 30. 2022\t\t<\/span>\n\t\t\t\t<\/div>\n\t\t\t\t\t<\/div>\n\t\t<\/article>\n\t\t\t\t<article class=\"elementor-post elementor-grid-item post-5573 post type-post status-publish format-standard has-post-thumbnail hentry category-blog category-psychologie tag-bild-oben\" role=\"listitem\">\n\t\t\t<div class=\"elementor-post__card\">\n\t\t\t\t<a class=\"elementor-post__thumbnail__link\" href=\"https:\/\/gradido.net\/hu\/gradido-eine-oekonomie-der-dankbarkeit\/\" tabindex=\"-1\" ><div class=\"elementor-post__thumbnail\"><img loading=\"lazy\" decoding=\"async\" width=\"800\" height=\"327\" src=\"https:\/\/gradido.net\/wp-content\/uploads\/2022\/08\/Some1-1024x418.jpg\" class=\"attachment-large size-large wp-image-5575\" alt=\"\" srcset=\"https:\/\/gradido.net\/wp-content\/uploads\/2022\/08\/Some1-1024x418.jpg 1024w, https:\/\/gradido.net\/wp-content\/uploads\/2022\/08\/Some1-300x123.jpg 300w, https:\/\/gradido.net\/wp-content\/uploads\/2022\/08\/Some1-768x314.jpg 768w, https:\/\/gradido.net\/wp-content\/uploads\/2022\/08\/Some1-1536x627.jpg 1536w, https:\/\/gradido.net\/wp-content\/uploads\/2022\/08\/Some1-18x7.jpg 18w, https:\/\/gradido.net\/wp-content\/uploads\/2022\/08\/Some1.jpg 1800w\" sizes=\"(max-width: 800px) 100vw, 800px\" \/><\/div><\/a>\n\t\t\t\t<div class=\"elementor-post__text\">\n\t\t\t\t<h3 class=\"elementor-post__title\">\n\t\t\t<a href=\"https:\/\/gradido.net\/hu\/gradido-eine-oekonomie-der-dankbarkeit\/\" >\n\t\t\t\tGradido - a h\u00e1la gazdas\u00e1ga\t\t\t<\/a>\n\t\t<\/h3>\n\t\t\t\t<div class=\"elementor-post__excerpt\">\n\t\t\t<p>Margret Baier \u00e9s Bernd H\u00fcckst\u00e4dt interj\u00faja Cornelius Braitmaierrel a some1.tv-r\u0151l - Igazs\u00e1gos gazdas\u00e1g, tisztess\u00e9ges valuta, egy olyan rendszer, amelyben a p\u00e9nz ism\u00e9t az embereket szolg\u00e1lja, \u00e9s nem az emberek a p\u00e9nzt.<\/p>\n\t\t<\/div>\n\t\t\n\t\t<a class=\"elementor-post__read-more\" href=\"https:\/\/gradido.net\/hu\/gradido-eine-oekonomie-der-dankbarkeit\/\" aria-label=\"Read more about Gradido - a h\u00e1la gazdas\u00e1ga\" tabindex=\"-1\" >\n\t\t\tB\u0151vebben\t\t<\/a>\n\n\t\t\t\t<\/div>\n\t\t\t\t<div class=\"elementor-post__meta-data\">\n\t\t\t\t\t<span class=\"elementor-post-date\">\n\t\t\taugusztus 30. 2022\t\t<\/span>\n\t\t\t\t<\/div>\n\t\t\t\t\t<\/div>\n\t\t<\/article>\n\t\t\t\t<article class=\"elementor-post elementor-grid-item post-5543 post type-post status-publish format-standard has-post-thumbnail hentry category-blog category-psychologie\" role=\"listitem\">\n\t\t\t<div class=\"elementor-post__card\">\n\t\t\t\t<a class=\"elementor-post__thumbnail__link\" href=\"https:\/\/gradido.net\/hu\/gradido-dankbarkeit-mit-system\/\" tabindex=\"-1\" ><div class=\"elementor-post__thumbnail\"><img loading=\"lazy\" decoding=\"async\" width=\"800\" height=\"448\" src=\"https:\/\/gradido.net\/wp-content\/uploads\/2022\/08\/Gradido_dieBasis.jpg\" class=\"attachment-large size-large wp-image-5546\" alt=\"\" srcset=\"https:\/\/gradido.net\/wp-content\/uploads\/2022\/08\/Gradido_dieBasis.jpg 1000w, https:\/\/gradido.net\/wp-content\/uploads\/2022\/08\/Gradido_dieBasis-300x168.jpg 300w, https:\/\/gradido.net\/wp-content\/uploads\/2022\/08\/Gradido_dieBasis-768x430.jpg 768w, https:\/\/gradido.net\/wp-content\/uploads\/2022\/08\/Gradido_dieBasis-18x10.jpg 18w\" sizes=\"(max-width: 800px) 100vw, 800px\" \/><\/div><\/a>\n\t\t\t\t<div class=\"elementor-post__text\">\n\t\t\t\t<h3 class=\"elementor-post__title\">\n\t\t\t<a href=\"https:\/\/gradido.net\/hu\/gradido-dankbarkeit-mit-system\/\" >\n\t\t\t\tGradido - H\u00e1la egy rendszerrel\t\t\t<\/a>\n\t\t<\/h3>\n\t\t\t\t<div class=\"elementor-post__excerpt\">\n\t\t\t<p>A dieBasis p\u00e1rt 2022. augusztus 24-\u00e9n megh\u00edvta a Gradido p\u00e9nzrendszerr\u0151l sz\u00f3l\u00f3 Zoom el\u0151ad\u00e1sra Bernd H\u00fcckst\u00e4dt\u00f6t. A r\u00e9gi ad\u00f3ss\u00e1gp\u00e9nzrendszerrel ellent\u00e9tben a Gradido eset\u00e9ben a p\u00e9nzt minden ember maga teremti.<\/p>\n\t\t<\/div>\n\t\t\n\t\t<a class=\"elementor-post__read-more\" href=\"https:\/\/gradido.net\/hu\/gradido-dankbarkeit-mit-system\/\" aria-label=\"Read more about Gradido - H\u00e1la egy rendszerrel\" tabindex=\"-1\" >\n\t\t\tB\u0151vebben\t\t<\/a>\n\n\t\t\t\t<\/div>\n\t\t\t\t<div class=\"elementor-post__meta-data\">\n\t\t\t\t\t<span class=\"elementor-post-date\">\n\t\t\taugusztus 25. 2022\t\t<\/span>\n\t\t\t\t<\/div>\n\t\t\t\t\t<\/div>\n\t\t<\/article>\n\t\t\t\t<article class=\"elementor-post elementor-grid-item post-5445 post type-post status-publish format-standard has-post-thumbnail hentry category-blog category-psychologie\" role=\"listitem\">\n\t\t\t<div class=\"elementor-post__card\">\n\t\t\t\t<a class=\"elementor-post__thumbnail__link\" href=\"https:\/\/gradido.net\/hu\/bewusstseinsskala-2-wir-helfen-einander-nach-oben\/\" tabindex=\"-1\" ><div class=\"elementor-post__thumbnail\"><img loading=\"lazy\" decoding=\"async\" width=\"800\" height=\"466\" src=\"https:\/\/gradido.net\/wp-content\/uploads\/2022\/08\/Bewusstseinsskala-gross-1024x597.jpg\" class=\"attachment-large size-large wp-image-5446\" alt=\"\" srcset=\"https:\/\/gradido.net\/wp-content\/uploads\/2022\/08\/Bewusstseinsskala-gross-1024x597.jpg 1024w, https:\/\/gradido.net\/wp-content\/uploads\/2022\/08\/Bewusstseinsskala-gross-300x175.jpg 300w, https:\/\/gradido.net\/wp-content\/uploads\/2022\/08\/Bewusstseinsskala-gross-768x448.jpg 768w, https:\/\/gradido.net\/wp-content\/uploads\/2022\/08\/Bewusstseinsskala-gross-1536x896.jpg 1536w, https:\/\/gradido.net\/wp-content\/uploads\/2022\/08\/Bewusstseinsskala-gross.jpg 1800w\" sizes=\"(max-width: 800px) 100vw, 800px\" \/><\/div><\/a>\n\t\t\t\t<div class=\"elementor-post__text\">\n\t\t\t\t<h3 class=\"elementor-post__title\">\n\t\t\t<a href=\"https:\/\/gradido.net\/hu\/bewusstseinsskala-2-wir-helfen-einander-nach-oben\/\" >\n\t\t\t\tTudatoss\u00e1gi sk\u00e1la (2): Felfel\u00e9 seg\u00edtj\u00fck egym\u00e1st\t\t\t<\/a>\n\t\t<\/h3>\n\t\t\t\t<div class=\"elementor-post__excerpt\">\n\t\t\t<p>Azzal, hogy \u00e9rzelmeinket a szeretet \u00e9s a h\u00e1la fel\u00e9 emelj\u00fck, akt\u00edvan dolgozunk a b\u00e9k\u00e9\u00e9rt - kicsiben \u00e9s nagyban. Nincs vesztenival\u00f3nk a folyamatban, de mindannyian nyer\u00fcnk vele.<\/p>\n\t\t<\/div>\n\t\t\n\t\t<a class=\"elementor-post__read-more\" href=\"https:\/\/gradido.net\/hu\/bewusstseinsskala-2-wir-helfen-einander-nach-oben\/\" aria-label=\"Read more about Tudatoss\u00e1gi sk\u00e1la (2): Felfel\u00e9 seg\u00edtj\u00fck egym\u00e1st\" tabindex=\"-1\" >\n\t\t\tB\u0151vebben\t\t<\/a>\n\n\t\t\t\t<\/div>\n\t\t\t\t<div class=\"elementor-post__meta-data\">\n\t\t\t\t\t<span class=\"elementor-post-date\">\n\t\t\taugusztus 15. 2022\t\t<\/span>\n\t\t\t\t<\/div>\n\t\t\t\t\t<\/div>\n\t\t<\/article>\n\t\t\t\t<article class=\"elementor-post elementor-grid-item post-5422 post type-post status-publish format-standard has-post-thumbnail hentry category-blog category-community category-gradido-konto category-psychologie\" role=\"listitem\">\n\t\t\t<div class=\"elementor-post__card\">\n\t\t\t\t<a class=\"elementor-post__thumbnail__link\" href=\"https:\/\/gradido.net\/hu\/gemeinwohl-was-ist-das\/\" tabindex=\"-1\" ><div class=\"elementor-post__thumbnail\"><img loading=\"lazy\" decoding=\"async\" width=\"800\" height=\"534\" src=\"https:\/\/gradido.net\/wp-content\/uploads\/2022\/08\/Gemeinwohl-Blog2-1024x683.jpg\" class=\"attachment-large size-large wp-image-5476\" alt=\"\" srcset=\"https:\/\/gradido.net\/wp-content\/uploads\/2022\/08\/Gemeinwohl-Blog2-1024x683.jpg 1024w, https:\/\/gradido.net\/wp-content\/uploads\/2022\/08\/Gemeinwohl-Blog2-300x200.jpg 300w, https:\/\/gradido.net\/wp-content\/uploads\/2022\/08\/Gemeinwohl-Blog2-768x512.jpg 768w, https:\/\/gradido.net\/wp-content\/uploads\/2022\/08\/Gemeinwohl-Blog2-1536x1024.jpg 1536w, https:\/\/gradido.net\/wp-content\/uploads\/2022\/08\/Gemeinwohl-Blog2-18x12.jpg 18w, https:\/\/gradido.net\/wp-content\/uploads\/2022\/08\/Gemeinwohl-Blog2.jpg 1800w\" sizes=\"(max-width: 800px) 100vw, 800px\" \/><\/div><\/a>\n\t\t\t\t<div class=\"elementor-post__text\">\n\t\t\t\t<h3 class=\"elementor-post__title\">\n\t\t\t<a href=\"https:\/\/gradido.net\/hu\/gemeinwohl-was-ist-das\/\" >\n\t\t\t\tK\u00f6zj\u00f3 - mi az?\t\t\t<\/a>\n\t\t<\/h3>\n\t\t\t\t<div class=\"elementor-post__excerpt\">\n\t\t\t<p>A k\u00f6zhaszn\u00fa hozz\u00e1j\u00e1rul\u00e1sok k\u00f6z\u00e9 tartozik minden, amit a j\u00f3zan \u00e9sz \u00f6nk\u00e9ntess\u00e9gnek, \u00f6nk\u00e9ntes munk\u00e1nak stb. nevezne - szemben az egyik szem\u00e9ly \u00e1ltal a m\u00e1siknak ny\u00fajtott egy\u00e9ni hozz\u00e1j\u00e1rul\u00e1sokkal.<\/p>\n\t\t<\/div>\n\t\t\n\t\t<a class=\"elementor-post__read-more\" href=\"https:\/\/gradido.net\/hu\/gemeinwohl-was-ist-das\/\" aria-label=\"Tov\u00e1bbi inform\u00e1ci\u00f3 a K\u00f6z\u00f6s j\u00f3 - mi az?\" tabindex=\"-1\" >\n\t\t\tB\u0151vebben\t\t<\/a>\n\n\t\t\t\t<\/div>\n\t\t\t\t<div class=\"elementor-post__meta-data\">\n\t\t\t\t\t<span class=\"elementor-post-date\">\n\t\t\taugusztus 9. 2022\t\t<\/span>\n\t\t\t\t<\/div>\n\t\t\t\t\t<\/div>\n\t\t<\/article>\n\t\t\t\t<article class=\"elementor-post elementor-grid-item post-5327 post type-post status-publish format-standard has-post-thumbnail hentry category-blog category-psychologie tag-bild-oben\" role=\"listitem\">\n\t\t\t<div class=\"elementor-post__card\">\n\t\t\t\t<a class=\"elementor-post__thumbnail__link\" href=\"https:\/\/gradido.net\/hu\/bewusstseinsskala-1-gradido-weit-oben\/\" tabindex=\"-1\" ><div class=\"elementor-post__thumbnail\"><img loading=\"lazy\" decoding=\"async\" width=\"800\" height=\"382\" src=\"https:\/\/gradido.net\/wp-content\/uploads\/2022\/07\/AdobeStock_250822382-1024x489.jpeg\" class=\"attachment-large size-large wp-image-5329\" alt=\"\" srcset=\"https:\/\/gradido.net\/wp-content\/uploads\/2022\/07\/AdobeStock_250822382-1024x489.jpeg 1024w, https:\/\/gradido.net\/wp-content\/uploads\/2022\/07\/AdobeStock_250822382-300x143.jpeg 300w, https:\/\/gradido.net\/wp-content\/uploads\/2022\/07\/AdobeStock_250822382-768x367.jpeg 768w, https:\/\/gradido.net\/wp-content\/uploads\/2022\/07\/AdobeStock_250822382-1536x733.jpeg 1536w, https:\/\/gradido.net\/wp-content\/uploads\/2022\/07\/AdobeStock_250822382-2048x977.jpeg 2048w, https:\/\/gradido.net\/wp-content\/uploads\/2022\/07\/AdobeStock_250822382-18x9.jpeg 18w\" sizes=\"(max-width: 800px) 100vw, 800px\" \/><\/div><\/a>\n\t\t\t\t<div class=\"elementor-post__text\">\n\t\t\t\t<h3 class=\"elementor-post__title\">\n\t\t\t<a href=\"https:\/\/gradido.net\/hu\/bewusstseinsskala-1-gradido-weit-oben\/\" >\n\t\t\t\tTudatoss\u00e1gi sk\u00e1la (1): A h\u00e1la magasan fent van\t\t\t<\/a>\n\t\t<\/h3>\n\t\t\t\t<div class=\"elementor-post__excerpt\">\n\t\t\t<p>A sk\u00e1la fel\u00f6leli az \u00f6sszes emberi tudat\u00e1llapotot, \u00e9s 0-t\u00f3l (hal\u00e1l) 1000-ig (a megvil\u00e1gosod\u00e1s legmagasabb foka) sorolja \u0151ket, az \u00e9letmin\u0151s\u00e9g \u00e9s a megtapasztalt szabads\u00e1gfokok felfel\u00e9 haladva.<\/p>\n\t\t<\/div>\n\t\t\n\t\t<a class=\"elementor-post__read-more\" href=\"https:\/\/gradido.net\/hu\/bewusstseinsskala-1-gradido-weit-oben\/\" aria-label=\"Read more about Tudatoss\u00e1gi sk\u00e1la (1): A h\u00e1la magasan a cs\u00facson\" tabindex=\"-1\" >\n\t\t\tB\u0151vebben\t\t<\/a>\n\n\t\t\t\t<\/div>\n\t\t\t\t<div class=\"elementor-post__meta-data\">\n\t\t\t\t\t<span class=\"elementor-post-date\">\n\t\t\t25 j\u00falius 2022\t\t<\/span>\n\t\t\t\t<\/div>\n\t\t\t\t\t<\/div>\n\t\t<\/article>\n\t\t\t\t<article class=\"elementor-post elementor-grid-item post-4482 post type-post status-publish format-standard has-post-thumbnail hentry category-blog category-psychologie\" role=\"listitem\">\n\t\t\t<div class=\"elementor-post__card\">\n\t\t\t\t<a class=\"elementor-post__thumbnail__link\" href=\"https:\/\/gradido.net\/hu\/gradido-foerdert-herz-hirn-kohaerenz\/\" tabindex=\"-1\" ><div class=\"elementor-post__thumbnail\"><img loading=\"lazy\" decoding=\"async\" width=\"800\" height=\"450\" src=\"https:\/\/gradido.net\/wp-content\/uploads\/2022\/05\/Herz_Hirn-1024x576.jpg\" class=\"attachment-large size-large wp-image-11763\" alt=\"\" srcset=\"https:\/\/gradido.net\/wp-content\/uploads\/2022\/05\/Herz_Hirn-1024x576.jpg 1024w, https:\/\/gradido.net\/wp-content\/uploads\/2022\/05\/Herz_Hirn-300x169.jpg 300w, https:\/\/gradido.net\/wp-content\/uploads\/2022\/05\/Herz_Hirn-768x432.jpg 768w, https:\/\/gradido.net\/wp-content\/uploads\/2022\/05\/Herz_Hirn-18x10.jpg 18w, https:\/\/gradido.net\/wp-content\/uploads\/2022\/05\/Herz_Hirn.jpg 1280w\" sizes=\"(max-width: 800px) 100vw, 800px\" \/><\/div><\/a>\n\t\t\t\t<div class=\"elementor-post__text\">\n\t\t\t\t<h3 class=\"elementor-post__title\">\n\t\t\t<a href=\"https:\/\/gradido.net\/hu\/gradido-foerdert-herz-hirn-kohaerenz\/\" >\n\t\t\t\tA h\u00e1la el\u0151seg\u00edti a sz\u00edv-agy koherenci\u00e1t\t\t\t<\/a>\n\t\t<\/h3>\n\t\t\t\t<div class=\"elementor-post__excerpt\">\n\t\t\t<p>A r\u00e9gi ad\u00f3ss\u00e1gp\u00e9nzrendszerrel ellent\u00e9tben, amely a f\u00e9lelem \u00e9s a kapzsis\u00e1g beteges rezg\u00e9s\u00e9t terjeszti, a Gradido a sz\u00edv-agy koherenci\u00e1t seg\u00edti el\u0151. Minden egyes tranzakci\u00f3val a k\u00fcld\u0151 \u00e9s a fogad\u00f3 arra \u00f6szt\u00f6n\u00f6zz\u00fck, hogy ebbe az eg\u00e9szs\u00e9ges, b\u00e9k\u00e9s \u00e9s megold\u00e1sorient\u00e1lt \u00e1llapotba ker\u00fclj\u00f6n.<\/p>\n\t\t<\/div>\n\t\t\n\t\t<a class=\"elementor-post__read-more\" href=\"https:\/\/gradido.net\/hu\/gradido-foerdert-herz-hirn-kohaerenz\/\" aria-label=\"Read more about A h\u00e1la el\u0151seg\u00edti a sz\u00edv-agy koherenci\u00e1t\" tabindex=\"-1\" >\n\t\t\tB\u0151vebben\t\t<\/a>\n\n\t\t\t\t<\/div>\n\t\t\t\t<div class=\"elementor-post__meta-data\">\n\t\t\t\t\t<span class=\"elementor-post-date\">\n\t\t\t29. m\u00e1jus 2022\t\t<\/span>\n\t\t\t\t<\/div>\n\t\t\t\t\t<\/div>\n\t\t<\/article>\n\t\t\t\t<article class=\"elementor-post elementor-grid-item post-4464 post type-post status-publish format-standard has-post-thumbnail hentry category-blog category-community category-psychologie tag-bild-oben tag-grosse-kooperation\" role=\"listitem\">\n\t\t\t<div class=\"elementor-post__card\">\n\t\t\t\t<a class=\"elementor-post__thumbnail__link\" href=\"https:\/\/gradido.net\/hu\/weltbevoelkerung-wir-sind-viele-das-ist-gut\/\" tabindex=\"-1\" ><div class=\"elementor-post__thumbnail\"><img loading=\"lazy\" decoding=\"async\" width=\"800\" height=\"534\" src=\"https:\/\/gradido.net\/wp-content\/uploads\/2022\/05\/Weltbevoelkerung-1024x683.jpg\" class=\"attachment-large size-large wp-image-4465\" alt=\"\" srcset=\"https:\/\/gradido.net\/wp-content\/uploads\/2022\/05\/Weltbevoelkerung-1024x683.jpg 1024w, https:\/\/gradido.net\/wp-content\/uploads\/2022\/05\/Weltbevoelkerung-300x200.jpg 300w, https:\/\/gradido.net\/wp-content\/uploads\/2022\/05\/Weltbevoelkerung-768x512.jpg 768w, https:\/\/gradido.net\/wp-content\/uploads\/2022\/05\/Weltbevoelkerung-18x12.jpg 18w, https:\/\/gradido.net\/wp-content\/uploads\/2022\/05\/Weltbevoelkerung.jpg 1200w\" sizes=\"(max-width: 800px) 100vw, 800px\" \/><\/div><\/a>\n\t\t\t\t<div class=\"elementor-post__text\">\n\t\t\t\t<h3 class=\"elementor-post__title\">\n\t\t\t<a href=\"https:\/\/gradido.net\/hu\/weltbevoelkerung-wir-sind-viele-das-ist-gut\/\" >\n\t\t\t\tVil\u00e1gn\u00e9pess\u00e9g: Sokan vagyunk. Ez j\u00f3.\t\t\t<\/a>\n\t\t<\/h3>\n\t\t\t\t<div class=\"elementor-post__excerpt\">\n\t\t\t<p>A 8 milli\u00e1rd ember a megold\u00e1s, nem a probl\u00e9ma. H\u00e1l\u00e1sak lehet\u00fcnk minden egyes embernek, mert hozz\u00e1j\u00e1rul ahhoz, hogy az emberis\u00e9g az evol\u00faci\u00f3 k\u00f6vetkez\u0151, magasabb szintj\u00e9re l\u00e9phessen.<\/p>\n\t\t<\/div>\n\t\t\n\t\t<a class=\"elementor-post__read-more\" href=\"https:\/\/gradido.net\/hu\/weltbevoelkerung-wir-sind-viele-das-ist-gut\/\" aria-label=\"Read more about Vil\u00e1gn\u00e9pess\u00e9g: Sokan vagyunk. Ez j\u00f3.\" tabindex=\"-1\" >\n\t\t\tB\u0151vebben\t\t<\/a>\n\n\t\t\t\t<\/div>\n\t\t\t\t<div class=\"elementor-post__meta-data\">\n\t\t\t\t\t<span class=\"elementor-post-date\">\n\t\t\t24. m\u00e1jus 2022\t\t<\/span>\n\t\t\t\t<\/div>\n\t\t\t\t\t<\/div>\n\t\t<\/article>\n\t\t\t\t<article class=\"elementor-post elementor-grid-item post-4410 post type-post status-publish format-standard has-post-thumbnail hentry category-blog category-community category-pressemitteilung category-psychologie tag-bild-oben\" role=\"listitem\">\n\t\t\t<div class=\"elementor-post__card\">\n\t\t\t\t<a class=\"elementor-post__thumbnail__link\" href=\"https:\/\/gradido.net\/hu\/gradido-interview-im-walnussblatt\/\" tabindex=\"-1\" ><div class=\"elementor-post__thumbnail\"><img loading=\"lazy\" decoding=\"async\" width=\"800\" height=\"534\" src=\"https:\/\/gradido.net\/wp-content\/uploads\/2022\/05\/Walnussblatt_Blog4-1024x683.jpg\" class=\"attachment-large size-large wp-image-4428\" alt=\"\" srcset=\"https:\/\/gradido.net\/wp-content\/uploads\/2022\/05\/Walnussblatt_Blog4-1024x683.jpg 1024w, https:\/\/gradido.net\/wp-content\/uploads\/2022\/05\/Walnussblatt_Blog4-300x200.jpg 300w, https:\/\/gradido.net\/wp-content\/uploads\/2022\/05\/Walnussblatt_Blog4-768x512.jpg 768w, https:\/\/gradido.net\/wp-content\/uploads\/2022\/05\/Walnussblatt_Blog4-18x12.jpg 18w, https:\/\/gradido.net\/wp-content\/uploads\/2022\/05\/Walnussblatt_Blog4.jpg 1500w\" sizes=\"(max-width: 800px) 100vw, 800px\" \/><\/div><\/a>\n\t\t\t\t<div class=\"elementor-post__text\">\n\t\t\t\t<h3 class=\"elementor-post__title\">\n\t\t\t<a href=\"https:\/\/gradido.net\/hu\/gradido-interview-im-walnussblatt\/\" >\n\t\t\t\tGradido-interj\u00fa a \"WALNUSSblatt\"-ban\t\t\t<\/a>\n\t\t<\/h3>\n\t\t\t\t<div class=\"elementor-post__excerpt\">\n\t\t\t<p>A jelenlegi sz\u00e1m a k\u00f6vetkez\u0151 nagy t\u00e9m\u00e1val foglalkozik: \"A b\u00e9k\u00e9hez vezet\u0151 \u00fat: a szeretet\". \"Gradido - az \u00faj valuta neve h\u00e1la\" c\u00edmmel Pedro egy Bernddel k\u00e9sz\u00fclt interj\u00fat k\u00f6z\u00f6l, amelyet \u00e9rdemes elolvasni az \u00faj ir\u00e1nyults\u00e1gr\u00f3l \u00e9s a Gradido mint elemi b\u00e9keeszk\u00f6z jelenlegi helyzet\u00e9r\u0151l.<\/p>\n\t\t<\/div>\n\t\t\n\t\t<a class=\"elementor-post__read-more\" href=\"https:\/\/gradido.net\/hu\/gradido-interview-im-walnussblatt\/\" aria-label=\"Read more about Gradido-interj\u00fa a &#039;WALNUSSblatt&#039;-ban\" tabindex=\"-1\" >\n\t\t\tB\u0151vebben\t\t<\/a>\n\n\t\t\t\t<\/div>\n\t\t\t\t<div class=\"elementor-post__meta-data\">\n\t\t\t\t\t<span class=\"elementor-post-date\">\n\t\t\t15 m\u00e1jus 2022\t\t<\/span>\n\t\t\t\t<\/div>\n\t\t\t\t\t<\/div>\n\t\t<\/article>\n\t\t\t\t<\/div>\n\t\t\n\t\t\t\t\t\t<\/div>\n\t\t\t\t<\/div>\n\t\t\t\t\t<\/div>\n\t\t<\/div>\n\t\t\t\t\t<\/div>\n\t\t<\/section>\n\t\t\t\t<\/div>","protected":false},"excerpt":{"rendered":"<p>Pszichol\u00f3gia<\/p>","protected":false},"author":2,"featured_media":3960,"parent":704,"menu_order":0,"comment_status":"closed","ping_status":"closed","template":"","meta":{"footnotes":""},"class_list":["post-13631","page","type-page","status-publish","has-post-thumbnail","hentry"],"yoast_head":"<!-- This site is optimized with the Yoast SEO plugin v27.4 - https:\/\/yoast.com\/product\/yoast-seo-wordpress\/ -->\n<title>Psychologie - Gradido<\/title>\n<meta name=\"description\" content=\"Aktuelles und Wissenswertes \u00fcber die neue Dankbarkeitsw\u00e4hrung\" \/>\n<meta name=\"robots\" content=\"index, follow, max-snippet:-1, max-image-preview:large, max-video-preview:-1\" \/>\n<link rel=\"canonical\" href=\"https:\/\/gradido.net\/hu\/blog\/psychologie\/\" \/>\n<meta property=\"og:locale\" content=\"hu_HU\" \/>\n<meta property=\"og:type\" content=\"article\" \/>\n<meta property=\"og:title\" content=\"Psychologie - Gradido\" \/>\n<meta property=\"og:description\" content=\"Aktuelles und Wissenswertes \u00fcber die neue Dankbarkeitsw\u00e4hrung\" \/>\n<meta property=\"og:url\" content=\"https:\/\/gradido.net\/hu\/blog\/psychologie\/\" \/>\n<meta property=\"og:site_name\" content=\"Gradido\" \/>\n<meta property=\"article:modified_time\" content=\"2026-04-24T06:46:30+00:00\" \/>\n<meta property=\"og:image\" content=\"https:\/\/gradido.net\/wp-content\/uploads\/2022\/02\/blog.jpg\" \/>\n\t<meta property=\"og:image:width\" content=\"1920\" \/>\n\t<meta property=\"og:image:height\" content=\"450\" \/>\n\t<meta property=\"og:image:type\" content=\"image\/jpeg\" \/>\n<meta name=\"twitter:card\" content=\"summary_large_image\" \/>\n<meta name=\"twitter:label1\" content=\"Becs\u00fclt olvas\u00e1si id\u0151\" \/>\n\t<meta name=\"twitter:data1\" content=\"5 perc\" \/>\n<script type=\"application\/ld+json\" class=\"yoast-schema-graph\">{\"@context\":\"https:\\\/\\\/schema.org\",\"@graph\":[{\"@type\":\"WebPage\",\"@id\":\"https:\\\/\\\/gradido.net\\\/de\\\/blog\\\/psychologie\\\/\",\"url\":\"https:\\\/\\\/gradido.net\\\/de\\\/blog\\\/psychologie\\\/\",\"name\":\"Psychologie - Gradido\",\"isPartOf\":{\"@id\":\"https:\\\/\\\/gradido.net\\\/de\\\/#website\"},\"primaryImageOfPage\":{\"@id\":\"https:\\\/\\\/gradido.net\\\/de\\\/blog\\\/psychologie\\\/#primaryimage\"},\"image\":{\"@id\":\"https:\\\/\\\/gradido.net\\\/de\\\/blog\\\/psychologie\\\/#primaryimage\"},\"thumbnailUrl\":\"https:\\\/\\\/gradido.net\\\/wp-content\\\/uploads\\\/2022\\\/02\\\/blog.jpg\",\"datePublished\":\"2026-04-24T06:44:47+00:00\",\"dateModified\":\"2026-04-24T06:46:30+00:00\",\"description\":\"Aktuelles und Wissenswertes \u00fcber die neue Dankbarkeitsw\u00e4hrung\",\"breadcrumb\":{\"@id\":\"https:\\\/\\\/gradido.net\\\/de\\\/blog\\\/psychologie\\\/#breadcrumb\"},\"inLanguage\":\"hu\",\"potentialAction\":[{\"@type\":\"ReadAction\",\"target\":[\"https:\\\/\\\/gradido.net\\\/de\\\/blog\\\/psychologie\\\/\"]}]},{\"@type\":\"ImageObject\",\"inLanguage\":\"hu\",\"@id\":\"https:\\\/\\\/gradido.net\\\/de\\\/blog\\\/psychologie\\\/#primaryimage\",\"url\":\"https:\\\/\\\/gradido.net\\\/wp-content\\\/uploads\\\/2022\\\/02\\\/blog.jpg\",\"contentUrl\":\"https:\\\/\\\/gradido.net\\\/wp-content\\\/uploads\\\/2022\\\/02\\\/blog.jpg\",\"width\":1920,\"height\":450},{\"@type\":\"BreadcrumbList\",\"@id\":\"https:\\\/\\\/gradido.net\\\/de\\\/blog\\\/psychologie\\\/#breadcrumb\",\"itemListElement\":[{\"@type\":\"ListItem\",\"position\":1,\"name\":\"Startseite\",\"item\":\"https:\\\/\\\/gradido.net\\\/\"},{\"@type\":\"ListItem\",\"position\":2,\"name\":\"Blog\",\"item\":\"https:\\\/\\\/gradido.net\\\/blog\\\/\"},{\"@type\":\"ListItem\",\"position\":3,\"name\":\"Psychologie\"}]},{\"@type\":\"WebSite\",\"@id\":\"https:\\\/\\\/gradido.net\\\/de\\\/#website\",\"url\":\"https:\\\/\\\/gradido.net\\\/de\\\/\",\"name\":\"Gradido\",\"description\":\"Die neue W\u00e4hrung hei\u00dft Dankbarkeit\",\"publisher\":{\"@id\":\"https:\\\/\\\/gradido.net\\\/de\\\/#organization\"},\"potentialAction\":[{\"@type\":\"SearchAction\",\"target\":{\"@type\":\"EntryPoint\",\"urlTemplate\":\"https:\\\/\\\/gradido.net\\\/de\\\/?s={search_term_string}\"},\"query-input\":{\"@type\":\"PropertyValueSpecification\",\"valueRequired\":true,\"valueName\":\"search_term_string\"}}],\"inLanguage\":\"hu\"},{\"@type\":\"Organization\",\"@id\":\"https:\\\/\\\/gradido.net\\\/de\\\/#organization\",\"name\":\"Gradido\",\"url\":\"https:\\\/\\\/gradido.net\\\/de\\\/\",\"logo\":{\"@type\":\"ImageObject\",\"inLanguage\":\"hu\",\"@id\":\"https:\\\/\\\/gradido.net\\\/de\\\/#\\\/schema\\\/logo\\\/image\\\/\",\"url\":\"https:\\\/\\\/gradido.net\\\/wp-content\\\/uploads\\\/2022\\\/04\\\/gradido-social.jpg\",\"contentUrl\":\"https:\\\/\\\/gradido.net\\\/wp-content\\\/uploads\\\/2022\\\/04\\\/gradido-social.jpg\",\"width\":527,\"height\":273,\"caption\":\"Gradido\"},\"image\":{\"@id\":\"https:\\\/\\\/gradido.net\\\/de\\\/#\\\/schema\\\/logo\\\/image\\\/\"}}]}<\/script>\n<!-- \/ Yoast SEO plugin. -->","yoast_head_json":{"title":"Pszichol\u00f3gia - Gradido","description":"H\u00edrek \u00e9s \u00e9rdekess\u00e9gek az \u00faj h\u00e1lap\u00e9nzr\u0151l","robots":{"index":"index","follow":"follow","max-snippet":"max-snippet:-1","max-image-preview":"max-image-preview:large","max-video-preview":"max-video-preview:-1"},"canonical":"https:\/\/gradido.net\/hu\/blog\/psychologie\/","og_locale":"hu_HU","og_type":"article","og_title":"Psychologie - Gradido","og_description":"Aktuelles und Wissenswertes \u00fcber die neue Dankbarkeitsw\u00e4hrung","og_url":"https:\/\/gradido.net\/hu\/blog\/psychologie\/","og_site_name":"Gradido","article_modified_time":"2026-04-24T06:46:30+00:00","og_image":[{"width":1920,"height":450,"url":"https:\/\/gradido.net\/wp-content\/uploads\/2022\/02\/blog.jpg","type":"image\/jpeg"}],"twitter_card":"summary_large_image","twitter_misc":{"Becs\u00fclt olvas\u00e1si id\u0151":"5 perc"},"schema":{"@context":"https:\/\/schema.org","@graph":[{"@type":"WebPage","@id":"https:\/\/gradido.net\/de\/blog\/psychologie\/","url":"https:\/\/gradido.net\/de\/blog\/psychologie\/","name":"Pszichol\u00f3gia - Gradido","isPartOf":{"@id":"https:\/\/gradido.net\/de\/#website"},"primaryImageOfPage":{"@id":"https:\/\/gradido.net\/de\/blog\/psychologie\/#primaryimage"},"image":{"@id":"https:\/\/gradido.net\/de\/blog\/psychologie\/#primaryimage"},"thumbnailUrl":"https:\/\/gradido.net\/wp-content\/uploads\/2022\/02\/blog.jpg","datePublished":"2026-04-24T06:44:47+00:00","dateModified":"2026-04-24T06:46:30+00:00","description":"H\u00edrek \u00e9s \u00e9rdekess\u00e9gek az \u00faj h\u00e1lap\u00e9nzr\u0151l","breadcrumb":{"@id":"https:\/\/gradido.net\/de\/blog\/psychologie\/#breadcrumb"},"inLanguage":"hu","potentialAction":[{"@type":"ReadAction","target":["https:\/\/gradido.net\/de\/blog\/psychologie\/"]}]},{"@type":"ImageObject","inLanguage":"hu","@id":"https:\/\/gradido.net\/de\/blog\/psychologie\/#primaryimage","url":"https:\/\/gradido.net\/wp-content\/uploads\/2022\/02\/blog.jpg","contentUrl":"https:\/\/gradido.net\/wp-content\/uploads\/2022\/02\/blog.jpg","width":1920,"height":450},{"@type":"BreadcrumbList","@id":"https:\/\/gradido.net\/de\/blog\/psychologie\/#breadcrumb","itemListElement":[{"@type":"ListItem","position":1,"name":"Startseite","item":"https:\/\/gradido.net\/"},{"@type":"ListItem","position":2,"name":"Blog","item":"https:\/\/gradido.net\/blog\/"},{"@type":"ListItem","position":3,"name":"Psychologie"}]},{"@type":"WebSite","@id":"https:\/\/gradido.net\/de\/#website","url":"https:\/\/gradido.net\/de\/","name":"Gradido","description":"Az \u00faj p\u00e9nznem a h\u00e1la","publisher":{"@id":"https:\/\/gradido.net\/de\/#organization"},"potentialAction":[{"@type":"SearchAction","target":{"@type":"EntryPoint","urlTemplate":"https:\/\/gradido.net\/de\/?s={search_term_string}"},"query-input":{"@type":"PropertyValueSpecification","valueRequired":true,"valueName":"search_term_string"}}],"inLanguage":"hu"},{"@type":"Organization","@id":"https:\/\/gradido.net\/de\/#organization","name":"Gradido","url":"https:\/\/gradido.net\/de\/","logo":{"@type":"ImageObject","inLanguage":"hu","@id":"https:\/\/gradido.net\/de\/#\/schema\/logo\/image\/","url":"https:\/\/gradido.net\/wp-content\/uploads\/2022\/04\/gradido-social.jpg","contentUrl":"https:\/\/gradido.net\/wp-content\/uploads\/2022\/04\/gradido-social.jpg","width":527,"height":273,"caption":"Gradido"},"image":{"@id":"https:\/\/gradido.net\/de\/#\/schema\/logo\/image\/"}}]}},"_links":{"self":[{"href":"https:\/\/gradido.net\/hu\/wp-json\/wp\/v2\/pages\/13631","targetHints":{"allow":["GET"]}}],"collection":[{"href":"https:\/\/gradido.net\/hu\/wp-json\/wp\/v2\/pages"}],"about":[{"href":"https:\/\/gradido.net\/hu\/wp-json\/wp\/v2\/types\/page"}],"author":[{"embeddable":true,"href":"https:\/\/gradido.net\/hu\/wp-json\/wp\/v2\/users\/2"}],"replies":[{"embeddable":true,"href":"https:\/\/gradido.net\/hu\/wp-json\/wp\/v2\/comments?post=13631"}],"version-history":[{"count":7,"href":"https:\/\/gradido.net\/hu\/wp-json\/wp\/v2\/pages\/13631\/revisions"}],"predecessor-version":[{"id":13638,"href":"https:\/\/gradido.net\/hu\/wp-json\/wp\/v2\/pages\/13631\/revisions\/13638"}],"up":[{"embeddable":true,"href":"https:\/\/gradido.net\/hu\/wp-json\/wp\/v2\/pages\/704"}],"wp:featuredmedia":[{"embeddable":true,"href":"https:\/\/gradido.net\/hu\/wp-json\/wp\/v2\/media\/3960"}],"wp:attachment":[{"href":"https:\/\/gradido.net\/hu\/wp-json\/wp\/v2\/media?parent=13631"}],"curies":[{"name":"wp","href":"https:\/\/api.w.org\/{rel}","templated":true}]}}