{"version":"1.0","provider_name":"Gradido","provider_url":"https:\/\/gradido.net\/it","author_name":"Bernd H\u00fcckst\u00e4dt","author_url":"https:\/\/gradido.net\/it\/author\/bernd\/","title":"Corona-Politik bedroht unsere Kinder - Gradido","type":"rich","width":600,"height":338,"html":"<blockquote class=\"wp-embedded-content\" data-secret=\"4XHOOTNKhZ\"><a href=\"https:\/\/gradido.net\/it\/corona-politik-bedroht-unsere-kinder\/\">La politica della Corona minaccia i nostri figli<\/a><\/blockquote><iframe sandbox=\"allow-scripts\" security=\"restricted\" src=\"https:\/\/gradido.net\/it\/corona-politik-bedroht-unsere-kinder\/embed\/#?secret=4XHOOTNKhZ\" width=\"600\" height=\"338\" title=\"&quot;La politica di Corona minaccia i nostri figli&quot; - Gradido\" data-secret=\"4XHOOTNKhZ\" frameborder=\"0\" marginwidth=\"0\" marginheight=\"0\" scrolling=\"no\" class=\"wp-embedded-content\"><\/iframe><script>\n\/*! This file is auto-generated *\/\n!function(d,l){\"use strict\";l.querySelector&&d.addEventListener&&\"undefined\"!=typeof URL&&(d.wp=d.wp||{},d.wp.receiveEmbedMessage||(d.wp.receiveEmbedMessage=function(e){var t=e.data;if((t||t.secret||t.message||t.value)&&!\/[^a-zA-Z0-9]\/.test(t.secret)){for(var s,r,n,a=l.querySelectorAll('iframe[data-secret=\"'+t.secret+'\"]'),o=l.querySelectorAll('blockquote[data-secret=\"'+t.secret+'\"]'),c=new RegExp(\"^https?:$\",\"i\"),i=0;i<o.length;i++)o[i].style.display=\"none\";for(i=0;i<a.length;i++)s=a[i],e.source===s.contentWindow&&(s.removeAttribute(\"style\"),\"height\"===t.message?(1e3<(r=parseInt(t.value,10))?r=1e3:~~r<200&&(r=200),s.height=r):\"link\"===t.message&&(r=new URL(s.getAttribute(\"src\")),n=new URL(t.value),c.test(n.protocol))&&n.host===r.host&&l.activeElement===s&&(d.top.location.href=t.value))}},d.addEventListener(\"message\",d.wp.receiveEmbedMessage,!1),l.addEventListener(\"DOMContentLoaded\",function(){for(var e,t,s=l.querySelectorAll(\"iframe.wp-embedded-content\"),r=0;r<s.length;r++)(t=(e=s[r]).getAttribute(\"data-secret\"))||(t=Math.random().toString(36).substring(2,12),e.src+=\"#?secret=\"+t,e.setAttribute(\"data-secret\",t)),e.contentWindow.postMessage({message:\"ready\",secret:t},\"*\")},!1)))}(window,document);\n\/\/# sourceURL=https:\/\/gradido.net\/wp-includes\/js\/wp-embed.min.js\n<\/script>","thumbnail_url":"https:\/\/gradido.net\/wp-content\/uploads\/2020\/11\/schule_coronapause.jpg","thumbnail_width":1500,"thumbnail_height":959,"description":"Forscher sehen L\u00f6sung in neuem Geldsystem K\u00fcnzelsau, 25.11.2020 \u2013 Kinder, Eltern und Lehrer sind am Limit. \u00c4rzte, Psychologen und Familienpolitiker schlagen Alarm. Sie alle sehen das Kindeswohl durch die aktuelle Krisenpolitik massiv gef\u00e4hrdet. Quarant\u00e4neregeln, Schulschlie\u00dfungen und Kontaktbeschr\u00e4nkungen bringen nicht nur Kindersch\u00fctzer auf die Barrikaden. Laut Unicef verhungerten schon vor Corona 15.000 Kinder pro Tag. Durch [&hellip;]"}