{"id":3,"date":"2020-07-20T14:01:02","date_gmt":"2020-07-20T12:01:02","guid":{"rendered":"http:\/\/neu.gradido.net\/?page_id=3"},"modified":"2024-10-19T17:29:28","modified_gmt":"2024-10-19T15:29:28","slug":"datenschutz","status":"publish","type":"page","link":"https:\/\/gradido.net\/it\/datenschutz\/","title":{"rendered":"Protezione dei dati"},"content":{"rendered":"<div data-elementor-type=\"wp-page\" data-elementor-id=\"3\" class=\"elementor elementor-3\" data-elementor-post-type=\"page\">\n\t\t\t\t\t\t<section class=\"elementor-section elementor-top-section elementor-element elementor-element-5b5f22d elementor-section-full_width elementor-section-height-default elementor-section-height-default\" data-id=\"5b5f22d\" data-element_type=\"section\" data-e-type=\"section\">\n\t\t\t\t\t\t<div class=\"elementor-container elementor-column-gap-no\">\n\t\t\t\t\t<div class=\"elementor-column elementor-col-100 elementor-top-column elementor-element elementor-element-3b16e50\" data-id=\"3b16e50\" data-element_type=\"column\" data-e-type=\"column\">\n\t\t\t<div class=\"elementor-widget-wrap elementor-element-populated\">\n\t\t\t\t\t\t<div class=\"elementor-element elementor-element-c16d214 elementor--h-position-center elementor--v-position-middle elementor-arrows-position-inside elementor-widget elementor-widget-slides\" data-id=\"c16d214\" data-element_type=\"widget\" data-e-type=\"widget\" data-settings=\"{&quot;navigation&quot;:&quot;arrows&quot;,&quot;autoplay&quot;:&quot;yes&quot;,&quot;pause_on_hover&quot;:&quot;yes&quot;,&quot;pause_on_interaction&quot;:&quot;yes&quot;,&quot;autoplay_speed&quot;:5000,&quot;infinite&quot;:&quot;yes&quot;,&quot;transition&quot;:&quot;slide&quot;,&quot;transition_speed&quot;:500}\" data-widget_type=\"slides.default\">\n\t\t\t\t<div class=\"elementor-widget-container\">\n\t\t\t\t\t\t\t\t\t<div class=\"elementor-swiper\">\n\t\t\t\t\t<div class=\"elementor-slides-wrapper elementor-main-swiper swiper\" role=\"region\" aria-roledescription=\"carousel\" aria-label=\"\u0421\u043b\u0430\u0439\u0434\u043e\u0432\u0435\" dir=\"ltr\" data-animation=\"fadeInUp\" data-no-translation-aria-label=\"\">\n\t\t\t\t<div class=\"swiper-wrapper elementor-slides\">\n\t\t\t\t\t\t\t\t\t\t<div class=\"elementor-repeater-item-2de4990 swiper-slide\" role=\"group\" aria-roledescription=\"slide\"><div class=\"swiper-slide-bg\" role=\"img\" aria-label=\"slide-1\"><\/div><div class=\"swiper-slide-inner\" ><div class=\"swiper-slide-contents\"><\/div><\/div><\/div>\t\t\t\t<\/div>\n\t\t\t\t\t\t\t<\/div>\n\t\t\t\t<\/div>\n\t\t\t\t\t\t\t\t<\/div>\n\t\t\t\t<\/div>\n\t\t\t\t\t<\/div>\n\t\t<\/div>\n\t\t\t\t\t<\/div>\n\t\t<\/section>\n\t\t\t\t<section class=\"elementor-section elementor-top-section elementor-element elementor-element-2e8357b elementor-section-boxed elementor-section-height-default elementor-section-height-default\" data-id=\"2e8357b\" data-element_type=\"section\" data-e-type=\"section\" data-settings=\"{&quot;background_background&quot;:&quot;classic&quot;}\">\n\t\t\t\t\t\t<div class=\"elementor-container elementor-column-gap-default\">\n\t\t\t\t\t<div class=\"elementor-column elementor-col-100 elementor-top-column elementor-element elementor-element-205e0e7\" data-id=\"205e0e7\" data-element_type=\"column\" data-e-type=\"column\">\n\t\t\t<div class=\"elementor-widget-wrap elementor-element-populated\">\n\t\t\t\t\t\t<div class=\"elementor-element elementor-element-45992e9 elementor-widget elementor-widget-heading\" data-id=\"45992e9\" data-element_type=\"widget\" data-e-type=\"widget\" data-widget_type=\"heading.default\">\n\t\t\t\t<div class=\"elementor-widget-container\">\n\t\t\t\t\t<h1 class=\"elementor-heading-title elementor-size-default\">Informativa sulla privacy<br>\n<br><\/h1>\t\t\t\t<\/div>\n\t\t\t\t<\/div>\n\t\t\t\t\t<\/div>\n\t\t<\/div>\n\t\t\t\t\t<\/div>\n\t\t<\/section>\n\t\t\t\t<section class=\"elementor-section elementor-top-section elementor-element elementor-element-37c862b elementor-section-boxed elementor-section-height-default elementor-section-height-default\" data-id=\"37c862b\" data-element_type=\"section\" data-e-type=\"section\" data-settings=\"{&quot;background_background&quot;:&quot;classic&quot;}\">\n\t\t\t\t\t\t<div class=\"elementor-container elementor-column-gap-default\">\n\t\t\t\t\t<div class=\"elementor-column elementor-col-100 elementor-top-column elementor-element elementor-element-2b9f7e6\" data-id=\"2b9f7e6\" data-element_type=\"column\" data-e-type=\"column\">\n\t\t\t<div class=\"elementor-widget-wrap elementor-element-populated\">\n\t\t\t\t\t\t<div class=\"elementor-element elementor-element-c4106bb elementor-widget elementor-widget-text-editor\" data-id=\"c4106bb\" data-element_type=\"widget\" data-e-type=\"widget\" data-widget_type=\"text-editor.default\">\n\t\t\t\t<div class=\"elementor-widget-container\">\n\t\t\t\t\t\t\t\t\t<h2 class=\"p7\"><span class=\"s1\"><b>INTRODUZIONE | PREFAZIONE<\/b><\/span><\/h2><p class=\"p8\"><span class=\"s1\">Grazie per il vostro interesse per il sito web della Gradido Akademie. La fiducia di tutti i visitatori e clienti, la sicurezza dei vostri dati e la protezione della vostra privacy sono importanti per noi.<\/span><\/p><p class=\"p7\"><span class=\"s1\"><b>CONTENUTO DELLA PRESENTE DICHIARAZIONE SULLA PROTEZIONE DEI DATI<\/b><\/span><\/p><p class=\"p8\"><span class=\"s1\">Qui di seguito desideriamo spiegarvi quali dati noi, in qualit\u00e0 di fornitori di questo sito web, raccogliamo, elaboriamo e utilizziamo, quando e per quale scopo. Viene spiegato come funzionano i nostri prodotti e servizi digitali offerti e come viene garantita la protezione dei vostri dati personali.<\/span><\/p><p class=\"p8\"><span class=\"s1\">La nostra dichiarazione sulla protezione dei dati \u00e8 - come segue:<\/span><\/p><p class=\"p8\"><span class=\"s1\">Parte 1: NOTE GENERALI<\/span><\/p><p class=\"p8\"><span class=\"s1\">Parte 2: UTILIZZO DI QUESTO SITO WEB<\/span><\/p><p class=\"p8\"><span class=\"s1\">Parte 3: CUCINE E UTENSILI DI MERCATO ONLINE<\/span><\/p><p class=\"p8\"><span class=\"s1\">Parte 4: INTEGRAZIONE DI SERVIZI PER TERZI E CONTENUTI (SERVIZI PER TERZI E CONTENUTI)<\/span><\/p><p class=\"p8\"><span class=\"s1\">Parte 5: PULSANTI DI CONDIVISIONE DEI MEDIA SOCIALI<\/span><\/p><p class=\"p8\"><span class=\"s1\">Parte 6: MEMBRI E AFFILIATI<\/span><\/p><p class=\"p8\"><span class=\"s1\">Parte 7: SICUREZZA<\/span><\/p><p class=\"p8\"><span class=\"s1\">Parte 8: DIRITTI AFFETTUATI<\/span><\/p><h2 class=\"p10\"><span class=\"s1\"><b>PARTE 1: INFORMAZIONI GENERALI<\/b><\/span><\/h2><p class=\"p7\"><span class=\"s1\"><b>CAMPO DI APPLICAZIONE<\/b><\/span><\/p><p class=\"p8\"><span class=\"s1\">La presente dichiarazione sulla protezione dei dati informa i visitatori e gli utenti sul tipo, l'ambito e lo scopo della raccolta e dell'utilizzo dei dati personali da parte del fornitore responsabile di questo sito web sul sito web <a href=\"https:\/\/gradido.net\/it\/\">https:\/\/gradido.net<\/a>\u00a0(di seguito denominata \"Offerta\").<\/span><\/p><p class=\"p8\"><span class=\"s1\">I vostri dati personali saranno protetti nell'ambito delle disposizioni di legge sulla protezione dei dati e saranno trattati in conformit\u00e0 alla presente dichiarazione sulla protezione dei dati - come segue:<\/span><\/p><p class=\"p3\"><span class=\"s1\">La presente dichiarazione sulla protezione dei dati chiarisce il tipo, la portata e lo scopo del trattamento dei dati personali (di seguito denominati \"dati\") all'interno della nostra offerta online e dei siti web, delle funzioni e dei contenuti ad essa collegati, nonch\u00e9 delle presenze online esterne, come il nostro profilo di social media (di seguito denominato collettivamente \"offerta online\"). Per quanto riguarda i termini utilizzati, ad es. \"trattamento\" o \"persona responsabile\", si rimanda alle seguenti definizioni dell'art. 4 del regolamento di base sulla protezione dei dati (DSGVO).<\/span><\/p><p class=\"p3\"><span class=\"s1\">\u00a0<\/span><\/p><p class=\"p3\"><span class=\"s1\">Responsabile della protezione dei dati<\/span><\/p><p class=\"p3\"><span class=\"s1\">Bernd H\u00fcckst\u00e4dt<\/span><\/p><p class=\"p3\"><span class=\"s1\">\u2105 Gradido Academy - Istituto di Economia Bionica<\/span><\/p><p class=\"p3\"><span class=\"s1\">Fondatore e sviluppatore di Gradido<\/span><\/p><p class=\"p3\"><span class=\"s1\">Pfarrweg 2<\/span><\/p><p class=\"p3\"><span class=\"s1\">D 74653 K\u00fcnzelsau<\/span><\/p><p class=\"p3\"><span class=\"s1\">Avviso legale: https:\/\/gradido.de\/impressum\/<\/span><\/p><p class=\"p3\"><span class=\"s1\">\u00a0<\/span><\/p><p class=\"p7\"><span class=\"s1\"><b>DEFINIZIONI DEI TERMINI<\/b><\/span><\/p><p class=\"p13\"><span class=\"s1\"><b>DEFINIZIONE DEI DATI PERSONALI<\/b><\/span><\/p><p class=\"p14\"><span class=\"s1\">I dati personali sono informazioni che possono essere utilizzate per scoprire la vostra identit\u00e0, come il vostro nome corretto, l'indirizzo o il numero di telefono.<\/span><\/p><p class=\"p14\"><span class=\"s1\">Si tratta di informazioni con l'aiuto delle quali \u00e8 possibile identificare una persona.<\/span><\/p><p class=\"p3\"><span class=\"s1\">Una persona identificabile \u00e8 una persona che pu\u00f2 essere identificata, direttamente o indirettamente, in particolare mediante riferimento a un identificatore come un nome, un numero di identificazione, dati relativi all'ubicazione, un identificatore online (ad esempio un cookie) o uno o pi\u00f9 fattori specifici dell'identit\u00e0 fisica, fisiologica, genetica, mentale, economica, culturale o sociale della persona. I dati personali comprendono quindi anche, ad esempio, le preferenze, gli hobby, le iscrizioni o quali siti web sono stati visualizzati da qualcuno.<\/span><\/p><p class=\"p13\"><span class=\"s1\"><b>LAVORAZIONE<\/b><\/span><\/p><p class=\"p3\"><span class=\"s1\"><b>\"Elaborazione\"<\/b>\u00a0indica qualsiasi operazione o insieme di operazioni, anche automatizzate, compiute su dati personali. Il termine \u00e8 ampio e copre praticamente tutta la gestione dei dati.<\/span><\/p><p class=\"p13\"><span class=\"s1\"><b>TIPI DI DATI PERSONALI TRATTATI<\/b><\/span><\/p><p class=\"p3\"><span class=\"s1\">- dati di inventario (ad es. nomi, indirizzi).<\/span><\/p><p class=\"p3\"><span class=\"s1\">- Dati di contatto (ad es. e-mail, numeri di telefono).<\/span><\/p><p class=\"p3\"><span class=\"s1\">- Dati di contenuto (ad es. testi, fotografie, video).<\/span><\/p><p class=\"p3\"><span class=\"s1\">- Dati di utilizzo (ad es. siti web visitati, interesse per i contenuti, orari di accesso).<\/span><\/p><p class=\"p3\"><span class=\"s1\">- Dati di meta\/comunicazione (ad es. informazioni sull'apparecchio, indirizzi IP).<\/span><\/p><p class=\"p13\"><span class=\"s1\"><b>CATEGORIE DI PERSONE INTERESSATE<\/b><\/span><\/p><p class=\"p3\"><span class=\"s1\">Visitatori e utenti dell'offerta online<\/span><\/p><p class=\"p3\"><span class=\"s1\">Di seguito ci si riferisce alle persone interessate collettivamente come \"utenti\".<\/span><\/p><p class=\"p13\"><span class=\"s1\"><b>SCOPO DEL TRATTAMENTO<\/b><\/span><\/p><p class=\"p3\"><span class=\"s1\">- Fornitura dell'offerta online, delle sue funzioni e dei suoi contenuti.<\/span><\/p><p class=\"p3\"><span class=\"s1\">- Rispondere alle richieste di contatto e di comunicazione con gli utenti.<\/span><\/p><p class=\"p3\"><span class=\"s1\">- Misure di sicurezza.<\/span><\/p><p class=\"p3\"><span class=\"s1\">- Misurazione\/commercializzazione della portata<\/span><\/p><p class=\"p3\"><span class=\"s1\">\u00a0<\/span><\/p><p class=\"p13\"><span class=\"s1\"><b>RESPONSABILE DEI DATI<\/b><\/span><\/p><p class=\"p3\"><span class=\"s1\">Come\u00a0<b>\"Responsabile\"<\/b>\u00a0si intende la persona fisica o giuridica, l'autorit\u00e0 pubblica, l'agenzia o altro organismo che, da sola o insieme ad altri, determina le finalit\u00e0 e i mezzi del trattamento dei dati personali.<\/span><\/p><p class=\"p7\"><span class=\"s1\"><b>BASI GIURIDICHE PER IL TRATTAMENTO DEI DATI PERSONALI<\/b><\/span><\/p><p class=\"p14\"><span class=\"s1\">A meno che la base giuridica non sia espressamente menzionata nella presente dichiarazione sulla protezione dei dati per i singoli strumenti, vi informeremo sulle basi giuridiche del nostro trattamento dei dati ai sensi dell'art. 13 DSGVO - come segue<\/span><\/p><ul class=\"ul1\"><li class=\"li8\"><span class=\"s4\">La base legale per l'ottenimento del consenso \u00e8 costituita dall'art. 6 cpv. 1 lett. a e dall'art. 7 DSGVO,<\/span><\/li><li class=\"li8\"><span class=\"s4\">la base legale per l'elaborazione ai fini dell'adempimento dei nostri servizi e dell'attuazione delle misure contrattuali e per la risposta alle richieste \u00e8 l'art. 6 cpv. 1 lett. b DSGVO,<\/span><\/li><li class=\"li8\"><span class=\"s4\">la base giuridica per il trattamento per l'adempimento dei nostri obblighi legali \u00e8 l'art. 6 cpv. 1 lett. c DSGVO, e<\/span><\/li><li class=\"li8\"><span class=\"s4\">la base giuridica per il trattamento a tutela dei nostri legittimi interessi \u00e8 l'art. 6 cpv. 1 lett. f DSGVO.<\/span><\/li><li class=\"li8\"><span class=\"s4\">Se gli interessi vitali della persona interessata o di un'altra persona fisica richiedono il trattamento di dati personali, l'art. 6 cpv. 1 lett. d FADP funge da base giuridica.<\/span><\/li><\/ul><p class=\"p7\"><span class=\"s1\"><b>COOPERAZIONE CON I TRASFORMATORI E CON TERZI<\/b><\/span><\/p><p class=\"p14\"><span class=\"s1\">Se, nel corso del nostro trattamento, comunichiamo i dati ad altre persone e aziende (incaricati del trattamento o terzi), li trasmettiamo a loro o concediamo loro in altro modo l'accesso ai dati, ci\u00f2 avviene solo sulla base di un'autorizzazione legale (ad es. se i dati devono essere trasmessi a terzi, come i fornitori di servizi di pagamento, ai sensi dell'art. 6 cpv. 1 lett. b DSGVO per l'adempimento del contratto), se avete dato il vostro consenso, se un obbligo legale lo prevede o sulla base dei nostri legittimi interessi (ad es. in caso di utilizzo di agenti, host web, ecc.).<\/span><\/p><p class=\"p14\"><span class=\"s1\">Se incarichiamo terzi di elaborare i dati sulla base di un cosiddetto \"contratto di elaborazione del contratto\", ci\u00f2 avviene in base all'art. 28 DSGVO.<\/span><\/p><p class=\"p7\"><span class=\"s1\"><b>TRASMISSIONE A PAESI TERZI<\/b><\/span><\/p><p class=\"p14\"><span class=\"s1\">Se elaboriamo i dati in un paese terzo (cio\u00e8 al di fuori dell'Unione Europea (UE) o dello Spazio Economico Europeo (SEE)) o se ci\u00f2 avviene nell'ambito dell'utilizzo dei servizi di terzi o della divulgazione o del trasferimento di dati a terzi, ci\u00f2 avviene solo se viene fatto per adempiere ai nostri obblighi (pre)contrattuali, sulla base del vostro consenso, sulla base di un obbligo legale o sulla base dei nostri legittimi interessi. In base alle autorizzazioni legali o contrattuali, tratteremo o trasferiremo i dati in un paese terzo solo se i requisiti particolari di cui all'art. 44 e segg. DSGVO. Ci\u00f2 significa che il trattamento viene effettuato, ad esempio, sulla base di garanzie speciali, come la determinazione ufficialmente riconosciuta di un livello di protezione dei dati corrispondente a quello dell'UE (ad es. per gli USA attraverso il \"Privacy Shield\") o il rispetto di obblighi contrattuali speciali ufficialmente riconosciuti (le cosiddette \"clausole contrattuali standard\").<\/span><\/p><p class=\"p14\"><span class=\"s1\"><b>TRATTAMENTO DEI DATI PERSONALI<\/b><\/span><\/p><p class=\"p14\"><span class=\"s1\">I dati personali saranno raccolti, utilizzati e trasmessi a terzi dal provider solo se ci\u00f2 \u00e8 consentito dalla legge o se l'utente acconsente al trattamento.<\/span><\/p><p class=\"p14\"><span class=\"s1\">I dati personali - ad es. nome e indirizzo - vengono da noi raccolti, ad esempio, al momento dell'acquisto di un prodotto, per potervi inviare una fattura. Questi e altri dati personali vengono trasmessi anche a terzi - ad es. un istituto finanziario - se si sceglie una modalit\u00e0 di pagamento corrispondente, purch\u00e9 sia indispensabile per il trattamento dei pagamenti e l'esecuzione del contratto.<\/span><\/p><p class=\"p14\"><span class=\"s1\">I dati personali possono essere trasmessi a terzi solo se \u00e8 disponibile un'autorizzazione legale o giudiziaria o se coinvolgiamo terzi che sono obbligati a mantenere il segreto professionale per far valere i nostri diritti.<\/span><\/p><p class=\"p14\"><span class=\"s1\"><b>ELABORAZIONE AZIENDALE<\/b><\/span><\/p><p class=\"p14\"><span class=\"s1\">Vengono inoltre elaborati<span class=\"Apple-converted-space\">\u00a0\u00a0<\/span>- Dati del contratto (ad es. oggetto del contratto, durata, categoria di clienti). - Dati di pagamento (ad es. coordinate bancarie, cronologia dei pagamenti) dei nostri clienti, delle parti interessate e dei partner commerciali ai fini della fornitura di servizi contrattuali, del servizio e dell'assistenza clienti, del marketing, della pubblicit\u00e0 e delle ricerche di mercato.<\/span><\/p><h2 class=\"p10\"><span class=\"s1\"><b>PARTE 2: UTILIZZO DEL NOSTRO SITO WEB<\/b><\/span><\/h2><p class=\"p8\"><span class=\"s1\"><b>VISITA IL NOSTRO SITO WEB<\/b><\/span><\/p><p class=\"p17\"><span class=\"s1\">In linea di principio, \u00e8 possibile visitare il nostro sito web senza fornire informazioni personali. Desideriamo sottolineare che la trasmissione di dati su Internet non pu\u00f2 essere completamente protetta dall'accesso di terzi.<\/span><\/p><p class=\"p8\"><span class=\"s1\"><b>DATI PROTOCOLLO<\/b><\/span><\/p><p class=\"p8\"><span class=\"s1\">La raccolta e l'archiviazione automatica dei dati di registro da parte del nostro fornitore di servizi Internet (provider) comprende le seguenti informazioni:<\/span><\/p><p class=\"p8\"><span class=\"s1\">-data e visita dell'URL dove si trova il visitatore<\/span><\/p><p class=\"p8\"><span class=\"s1\">-URL che il visitatore ha visitato immediatamente prima<\/span><\/p><p class=\"p8\"><span class=\"s1\">-Browser utilizzato<\/span><\/p><p class=\"p8\"><span class=\"s1\">-Il sistema operativo utilizzato<\/span><\/p><p class=\"p8\"><span class=\"s1\">-Indirizzo IP e hostname del visitatore<\/span><\/p><p class=\"p8\"><span class=\"s1\">La trasmissione di questi dati a noi \u00e8 automatica. I vostri dati non possono essere assegnati alla vostra persona.<\/span><\/p><p class=\"p8\"><span class=\"s1\"><b>CONTATTO VIA E-MAIL O TELEFONO<\/b><\/span><\/p><p class=\"p8\"><span class=\"s1\">Quando ci contattate in qualit\u00e0 di provider del sito web (ad esempio per e-mail o per telefono), i vostri dati saranno memorizzati nel nostro sistema operativo per l'elaborazione della vostra richiesta e nel caso in cui sorgano domande successive.<\/span><\/p><p class=\"p8\"><span class=\"s1\">Se la vostra richiesta \u00e8 stata soddisfatta o se l'applicazione o il servizio da voi richiesto \u00e8 stato reso disponibile, i vostri dati saranno cancellati al momento della cessazione dell'applicazione o del servizio, a meno che non desideriate ottenere ulteriori prodotti o informazioni da noi e acconsentiate all'ulteriore utilizzo dei vostri dati per questi scopi. Anche se avete dato il vostro consenso, avete anche il diritto di chiedere la cancellazione dei vostri dati in qualsiasi momento (vedi parte 8<b>\u00a0<\/b>di questa politica sulla privacy).<\/span><\/p><p class=\"p7\"><span class=\"s1\"><b>COMMENTI E CONTRIBUTI<\/b><\/span><\/p><p class=\"p8\"><span class=\"s1\">Puoi scrivere commenti nel blog sul nostro sito web come utente. Quando inserite i commenti del blog, l'indirizzo IP da voi fornito viene immediatamente reso anonimo. Tuttavia, la pubblicazione dei commenti in arrivo \u00e8 soggetta all'approvazione del nostro amministratore. Questo controllo di approvazione ha lo scopo di impedire la pubblicazione di contenuti illegali sulle nostre pagine.<\/span><\/p><p class=\"p8\"><span class=\"s1\">In qualit\u00e0 di autore di commenti, siete liberi di inserire il vostro vero nome o uno pseudonimo nell'apposito campo del nome. Avete anche la possibilit\u00e0 di non inserire alcun nome. Il vostro indirizzo e-mail non verr\u00e0 visualizzato quando il commento sar\u00e0 pubblicato sul nostro sito web.<\/span><\/p><p class=\"p8\"><span class=\"s1\">I dati trasmessi durante l'invio di un commento, come l'indirizzo e-mail, il nome inserito e, se del caso, l'URL inserito e il commento inviato, sono memorizzati in modo permanente sul nostro server, per cui solo il commento rilasciato, se del caso con il nome, \u00e8 visibile pubblicamente sul nostro sito web. Il trattamento di questi dati personali si basa sul consenso da Lei precedentemente prestato ai sensi dell'art. 6 comma 1 pag. 1 lett. a). Siete liberi di revocare questo consenso in qualsiasi momento con effetto per il futuro (vedi parte 8 della presente dichiarazione sulla protezione dei dati).<\/span><\/p><p class=\"p7\"><span class=\"s1\"><b>INTEGRAZIONE DI SERVIZI E CONTENUTI DI TERZI<\/b><\/span><\/p><p class=\"p8\"><span class=\"s1\">Pu\u00f2 accadere che all'interno di questo online offrano contenuti di terzi, come ad esempio video da YouTube, materiale cartografico da Google Maps, feed RSS o grafica da altri siti web integrati. Ci\u00f2 presuppone sempre che i fornitori di questi contenuti (di seguito denominati \"fornitori terzi\") siano a conoscenza dell'indirizzo IP degli utenti. Senza l'indirizzo IP non sarebbero in grado di inviare il contenuto al browser del rispettivo utente. L'indirizzo IP \u00e8 quindi necessario per la visualizzazione di questo contenuto. Ci sforziamo di utilizzare solo quei contenuti i cui rispettivi provider utilizzano l'indirizzo IP solo per fornire il contenuto. Tuttavia, non abbiamo alcuna influenza su questo se i provider terzi memorizzano l'indirizzo IP, ad esempio, a fini statistici. Per quanto ci \u00e8 noto, ne informeremo gli utenti.<\/span><\/p><p class=\"p8\"><span class=\"s1\"><b>UTILIZZO DI LINK ESTERNI<\/b><\/span><\/p><p class=\"p8\"><span class=\"s1\">Nei nostri siti web utilizziamo link a siti esterni e i loro contenuti non sono sul nostro server. Il contenuto esterno di questi link \u00e8 stato controllato al momento dell'impostazione dei link. Non si pu\u00f2 tuttavia escludere che i contenuti siano stati successivamente modificati dai rispettivi fornitori. Se notate che i contenuti dei fornitori esterni violano le leggi vigenti, fatemelo sapere. Questa politica sulla privacy \u00e8 valida solo per i contenuti sui server del nostro provider di spazio web.<\/span><\/p><h2 class=\"p19\"><span class=\"s1\"><b>PARTE 3: COOKIE E STRUMENTI DI MARKETING ONLINE<\/b><\/span><\/h2><p class=\"p1\"><span class=\"s1\"><b>Biscotti e misurazione della portata<\/b><\/span><\/p><p class=\"p2\"><span class=\"s1\">I cookie sono informazioni che vengono trasferite dal nostro server web o da server web di terzi ai browser degli utenti e memorizzate per il successivo recupero. Gli utenti saranno informati sull'utilizzo dei cookies nell'ambito della misurazione della portata con pseudonimo nell'ambito della presente dichiarazione sulla protezione dei dati.<\/span><\/p><p class=\"p2\"><span class=\"s1\">La visualizzazione di questa offerta online \u00e8 possibile anche con l'esclusione dei cookie. Se l'utente non desidera che i cookies vengano memorizzati sul suo computer, gli viene chiesto di disattivare la relativa opzione nelle impostazioni di sistema del suo browser. I cookie memorizzati possono essere cancellati nelle impostazioni di sistema del browser. L'esclusione dei cookie pu\u00f2 portare a restrizioni funzionali di questa offerta online.<\/span><\/p><p class=\"p2\"><span class=\"s1\">C'\u00e8 la possibilit\u00e0 di molti cookie pubblicitari online da parte delle aziende attraverso il sito USA\u00a0<a href=\"http:\/\/www.aboutads.info\/choices\"><span class=\"s2\">http:\/\/www.aboutads.info\/choices<\/span><\/a>\u00a0o dalla parte dell'UE\u00a0<a href=\"http:\/\/www.youronlinechoices.com\/uk\/your-ad-choices\/\"><span class=\"s2\">http:\/\/www.youronlinechoices.com\/uk\/your-ad-choices\/<\/span><\/a>\u00a0da gestire.<\/span><\/p><p class=\"p7\"><span class=\"s1\"><b>UTILIZZO DELL'INVIO DI NEWSLETTER<\/b><\/span><\/p><p class=\"p8\"><span class=\"s1\">Per l'invio di newsletter, che informano sugli argomenti della Gradido Academy e sulla nostra offerta, utilizziamo una piattaforma di invio di newsletter via e-mail.<\/span><\/p><p class=\"p8\"><span class=\"s1\">Se desiderate iscrivervi alla newsletter della Gradido Academy e leggerla regolarmente, \u00e8 necessaria la vostra iscrizione con un indirizzo e-mail valido. \u00c8 possibile disdire l'iscrizione alla newsletter in qualsiasi momento. Si prega di utilizzare il link fornito nella newsletter.<\/span><\/p><p class=\"p8\"><span class=\"s1\">Prima di inviare la newsletter, \u00e8 necessario che ci confermiate espressamente nella cosiddetta procedura di doppio opt-in che possiamo attivare il servizio di newsletter per voi. A tale scopo, riceverete da noi una e-mail di conferma e autorizzazione, nella quale vi chiediamo di cliccare sul link contenuto in questa e-mail e di confermarci che desiderate ricevere la nostra newsletter. Non saranno raccolti ulteriori dati. Utilizziamo questo indirizzo e-mail esclusivamente per l'invio della newsletter, a meno che l'utente non abbia espressamente acconsentito ad un altro utilizzo nella procedura di doppio opt-in o in un secondo momento.<\/span><\/p><p class=\"p8\"><span class=\"s1\">Al momento della registrazione alla newsletter, il nostro sistema di invio della newsletter salva il vostro indirizzo IP e la data di registrazione. Questa archiviazione serve solo come prova nel caso in cui una terza parte abusi di un indirizzo e-mail e si registri per ricevere la newsletter all'insaputa dell'avente diritto.<\/span><\/p><p class=\"p8\"><span class=\"s1\">L'invio della newsletter viene effettuato da \"<b>Fare clic su Suggerimento<\/b>\", una piattaforma di invio di newsletter del provider\u00a0<b>CLICCA IL SUGGERIMENTO LIMITATO, 15 Cambridge Court, 210 Shepherd's Bush Road, Londra W6 7NJ, Regno Unito.<\/b><\/span><\/p><p class=\"p8\"><span class=\"s1\">Gli indirizzi e-mail dei destinatari della nostra newsletter e gli altri dati descritti nella presente informativa sono memorizzati sui server di Klick-Tipp. Klick-Tipp utilizza queste informazioni per inviare e valutare la newsletter per nostro conto. Inoltre, Klick-Tipp pu\u00f2 utilizzare questi dati secondo le proprie informazioni per ottimizzare o migliorare i propri servizi, ad esempio per ottimizzare tecnicamente l'invio e la presentazione delle newsletter o per scopi economici per determinare i paesi da cui provengono i destinatari. Tuttavia, Klick-Tipp non utilizza i dati dei destinatari della nostra newsletter per scrivere a loro stessi o per trasmetterli a terzi.<\/span><\/p><p class=\"p8\"><span class=\"s1\">Confidiamo nell'affidabilit\u00e0 e nella sicurezza informatica e dei dati di Klick-Tipp. Klick-Tipp si impegna quindi a rispettare le norme UE sulla protezione dei dati. Abbiamo anche concluso un contratto con Klick-Tipp. Questo \u00e8 un contratto in cui Klick-Tipp si impegna a proteggere i dati dei nostri utenti, a trattarli per nostro conto in conformit\u00e0 con le sue norme sulla protezione dei dati e in particolare a non trasmetterli a terzi. Qui potete vedere le norme sulla protezione dei dati personali di Klick-Tipp:\u00a0<a href=\"https:\/\/www.klick-tipp.com\/datenschutzerkl%C3%A4rung\"><span class=\"s2\">https:\/\/www.klick-tipp.com\/datenschutzerkl\u00e4rung<\/span><\/a><\/span><\/p><p class=\"p7\"><span class=\"s1\"><b>UTILIZZO DI STATIFICA<\/b><\/span><\/p><p class=\"p8\"><span class=\"s1\">Per poter misurare il richiamo di alcune pagine e la loro attrattiva per l'utente, utilizziamo lo strumento di analisi di Statify, sviluppato come open source dal collettivo di plugin (<a href=\"https:\/\/de.wordpress.org\/plugins\/statify\/\">https:\/\/de.wordpress.org\/plugins\/statify\/<\/a>).<\/span><\/p><p class=\"p8\"><span class=\"s1\">Statify fornisce una panoramica compatta del numero di pagine visualizzate e non memorizza n\u00e9 elabora dati personali come gli indirizzi IP. Statify valuta statisticamente le pagine pi\u00f9 visitate contando le impressioni delle pagine, non i visitatori. Inoltre, le pagine visualizzate vengono memorizzate solo per un periodo di tempo limitato (standard: due settimane), che pu\u00f2 essere regolato individualmente.<\/span><\/p><p class=\"p8\"><span class=\"s1\">Valutando il numero di clic sulle nostre pagine, abbiamo la possibilit\u00e0 di migliorare continuamente la nostra offerta online per gli utenti.<\/span><\/p><h2 class=\"p19\"><span class=\"s1\"><b>PARTE 4: INTEGRAZIONE DI SERVIZI ESTERNI + CONTENUTI<\/b><\/span><\/h2><p class=\"p8\"><span class=\"s1\"><b>UTILIZZO DI VIDEO SU YOUTUBE<\/b><\/span><\/p><p class=\"p8\"><span class=\"s1\">Per l'integrazione dei video utilizziamo tra l'altro il provider YouTube. YouTube \u00e8 gestita da YouTube LLC con sede al 901 Cherry Avenue, San Bruno, CA 94066, USA. YouTube \u00e8 rappresentata da Google Inc. con sede al 1600 Amphitheatre Parkway, Mountain View, CA 94043, USA.<\/span><\/p><p class=\"p8\"><span class=\"s1\">Su alcune delle nostre pagine Internet utilizziamo i plugin del provider YouTube. Se richiamate le pagine Internet della nostra presenza su Internet dotate di un tale plug-in - ad esempio la nostra mediateca - viene stabilita una connessione ai server di YouTube e il plug-in viene visualizzato. Questo indica al server YouTube quale delle nostre pagine Internet avete visitato. Se hai effettuato l'accesso come membro di YouTube, YouTube assegna queste informazioni al tuo account utente personale. Se si utilizza il plugin, ad es. cliccando sul pulsante di avvio di un video, queste informazioni vengono assegnate anche al proprio account utente. \u00c8 possibile impedire questa associazione effettuando il logout dal proprio account YouTube e da altri account delle societ\u00e0 YouTube LLC e Google Inc. prima di utilizzare il nostro sito web e cancellando i corrispondenti cookie delle societ\u00e0.<\/span><\/p><p class=\"p8\"><span class=\"s1\">Ulteriori informazioni sull'elaborazione dei dati e le note sulla protezione dei dati da parte di YouTube (Google) sono disponibili sul sito www.google.de\/intl\/de\/policies\/privacy\/.<\/span><\/p><p class=\"p8\"><span class=\"s1\"><b>\u00a0<\/b><\/span><\/p><p class=\"p8\"><span class=\"s1\"><b>UTILIZZO DI VIDEO VIMEO<\/b><\/span><\/p><p class=\"p8\"><span class=\"s1\">Per l'integrazione dei video utilizziamo, tra gli altri, il provider Vimeo. Vimeo \u00e8 gestita da Vimeo, LLC con sede al 555 West 18th Street, New York, New York 10011.<\/span><\/p><p class=\"p8\"><span class=\"s1\">Su alcune delle nostre pagine Internet utilizziamo i plugin del provider Vimeo. Accedendo alle pagine Internet del nostro sito web dotate di un tale plug-in - ad esempio la nostra mediateca - viene stabilita una connessione ai server Vimeo e il plug-in viene visualizzato. Questo indica al server Vimeo quale delle nostre pagine Internet avete visitato. Se hai effettuato il login come membro di Vimeo, Vimeo assegna queste informazioni al tuo account utente personale. Quando si utilizza il plugin, ad esempio quando si fa clic sul pulsante di avvio di un video, queste informazioni vengono assegnate anche al proprio account utente. \u00c8 possibile impedire questa assegnazione effettuando il logout dal proprio account utente Vimeo prima di utilizzare il nostro sito web e cancellando i cookie corrispondenti da Vimeo.<\/span><\/p><p class=\"p8\"><span class=\"s1\">Ulteriori informazioni sull'elaborazione dei dati e sulla protezione dei dati da parte di Vimeo sono disponibili sul sito https:\/\/vimeo.com\/privacy.<\/span><\/p><h2 class=\"p19\"><span class=\"s1\"><b>PARTE 5: PULSANTI DI CONDIVISIONE DEI SOCIAL MEDIA<\/b><\/span><\/h2><p class=\"p7\"><span class=\"s1\"><b>PRESENZA ONLINE NEI SOCIAL MEDIA<\/b><\/span><\/p><p class=\"p8\"><span class=\"s1\">Manteniamo presenze online all'interno di social network e piattaforme per poter comunicare con i clienti, le parti interessate e gli utenti attivi sul posto e per informarli sui nostri servizi. Per il richiamo delle rispettive reti e piattaforme valgono i termini e le condizioni e le direttive per l'elaborazione dei dati dei rispettivi operatori.<\/span><\/p><p class=\"p8\"><span class=\"s1\">Se non diversamente specificato nella nostra politica sulla privacy, trattiamo i dati degli utenti se comunicano con noi all'interno di social network e piattaforme, ad esempio se scrivono articoli sulle nostre presenze online o ci inviano messaggi.<\/span><\/p><p class=\"p8\"><span class=\"s1\"><b>UTILIZZO DELLA FUNZIONE DI CONDIVISIONE PER I SOCIAL NETWORK (SHARIFFA)<\/b><\/span><\/p><p class=\"p3\"><span class=\"s1\">Sul nostro sito web utilizziamo il progetto c't \"Shariffa\". La \"Shariffa\" sostituisce i consueti pulsanti di condivisione dei social network e protegge il comportamento di navigazione<\/span><\/p><p class=\"p3\"><span class=\"s1\">\"Shariff\" incorpora questi pulsanti di condivisione dei social network sul nostro sito web come semplice grafico, che contiene un link al corrispondente social network. Cliccando sul grafico corrispondente, sarete reindirizzati ai servizi della rispettiva rete. Il pulsante Shariff stabilisce un contatto diretto tra il social network e i nostri visitatori solo quando il visitatore clicca attivamente sul pulsante di condivisione. Solo allora i vostri dati saranno trasmessi al rispettivo social network. Se il pulsante Shariff non viene cliccato, tuttavia, non avviene alcuno scambio di dati tra voi e i social network. Ulteriori informazioni sul progetto c't \"Shariffa\" sono disponibili sul sito https:\/\/www.heise.de\/ct\/artikel\/Shariff-Social-Media-Buttons-mit-Datenschutz-2467514.html.<\/span><\/p><p class=\"p3\"><span class=\"s1\">Sul nostro sito web integriamo i seguenti social network con \"Shariff\":<\/span><\/p><ul class=\"ul1\"><li class=\"li3\"><span class=\"s1\">Facebook Inc. (1601 S. California Ave - Palo Alto - CA 94304 - USA)<\/span><\/li><li class=\"li3\"><span class=\"s1\">Twitter Inc. (795 Folsom St. - Suite 600 - San Francisco - CA 94107 - USA)<\/span><\/li><li class=\"li3\"><span class=\"s1\">Google Plus\/Google Inc. (1600 Amphitheatre Parkway - Mountain View - CA 94043 - USA)<\/span><\/li><li class=\"li3\"><span class=\"s1\">Pinterest (Pinterest Inc. - 635 High Street - Palo Alto - CA, 94301 - USA)<\/span><\/li><\/ul><h2 class=\"p10\"><span class=\"s1\"><b>PARTE 6: AREE RISERVATE AI MEMBRI E PROGRAMMA DI AFFILIAZIONE<\/b><\/span><\/h2><p class=\"p7\"><span class=\"s1\"><b>USO DI ABLEFY PER LA COMUNIT\u00c0 DI GRADIDO<\/b><\/span><\/p><p class=\"p7\"><span class=\"s1\">Offriamo un'iscrizione multilivello alla comunit\u00e0 Gradido a coloro che sono interessati a saperne di pi\u00f9 sul concetto Gradido e a diventare ambasciatori Gradido. Per offrire queste aree di appartenenza, utilizziamo il servizio ablefy.<\/span><\/p><p class=\"p7\"><span class=\"s1\">Le possibili adesioni alla Gradido-COMMUNITY sono descritte nella nostra pagina \"Community\". Non appena cliccate su un pulsante di questa pagina per iscrivervi a una di queste membership, lascerete il nostro sito web e sarete reindirizzati alle pagine dell'area riservata ai singoli membri di Gradido, appositamente create.<\/span><\/p><p class=\"p7\"><span class=\"s1\">ablefy \u00e8 un marchio di Elopage GmbH:<\/span><\/p><p class=\"p7\"><span class=\"s1\">elopay GmbH<\/span><\/p><p class=\"p7\"><span class=\"s1\">Via Joachimsthaler 21<\/span><\/p><p class=\"p7\"><span class=\"s1\">10719 Berlino<\/span><\/p><p class=\"p7\"><span class=\"s1\">Tutte le funzioni delle pagine dei membri di ablefy e la relativa elaborazione dei pagamenti vengono eseguite tramite ablefy. Di conseguenza, le disposizioni sulla protezione dei dati di ablefy si applicano a questi processi. L'informativa sulla privacy di ablefy \u00e8 disponibile all'indirizzo: https:\/\/myablefy.com\/privacy.<\/span><\/p><p class=\"p7\"><span class=\"s1\">La base giuridica per il trattamento dei dati personali in caso di inoltro dal nostro sito web alla pagina di vendita tramite ablefy deriva nel caso in questione dall'art. 6 comma 1 frase 1 lit. b).<\/span><\/p><p><strong>ELABORAZIONE DEI PAGAMENTI E CONSEGNA DEI PRODOTTI DIGITALI TRAMITE NAMOTTO.LAB<\/strong><\/p><p class=\"p1\"><span class=\"s1\">L'elaborazione dei pagamenti e la consegna dei prodotti digitali sono gestite da namotto.lab. L'informativa sulla privacy namotto si trova qui: https:\/\/namotto.de\/privacy<\/span><\/p><p class=\"p1\"><span class=\"s1\">namotto.lab \u00e8 un servizio di:<\/span><\/p><p class=\"p1\"><span class=\"s1\">namotto.lab<\/span><\/p><p class=\"p1\"><span class=\"s1\">Proprietario Tolga Oenal<\/span><\/p><p class=\"p1\"><span class=\"s1\">Uhlandstrasse 154<\/span><\/p><p class=\"p1\"><span class=\"s1\">10719 Berlino<\/span><\/p><p class=\"p1\"><span class=\"s1\">Abbiamo stipulato un contratto con namotto.lab in qualit\u00e0 di incaricato del trattamento ai sensi dell'art. 28 GDPR. La base giuridica per il trattamento dei dati personali durante l'inoltro dal nostro sito web alla pagina di vendita tramite ablefy deriva nel caso specifico dall'art. 6 comma 1 frase 1 lit. b).<\/span><\/p><p class=\"p7\"><span class=\"s1\"><b>UTILIZZO DEI POTERI PER I PARTNER AFFILIATI (PROGRAMMA PARTNER)<\/b><\/span><\/p><p class=\"p7\"><span class=\"s1\">Offriamo anche un programma di partner affiliati per i partner pubblicitari. Se fai pubblicit\u00e0 con successo per l'iscrizione alla Gradido Academy, i partner pubblicitari riceveranno una commissione.<\/span><\/p><p class=\"p7\"><span class=\"s1\">Per offrirvi questo programma di affiliazione, utilizziamo il servizio ablefy.<span class=\"Apple-converted-space\">\u00a0 \u00a0<\/span><\/span><\/p><p class=\"p7\"><span class=\"s1\">Il programma di affiliazione Gradido \u00e8 descritto nella nostra pagina \"Programma di affiliazione\". Non appena cliccate su un pulsante di questa pagina con il quale desiderate registrarvi al programma di affiliazione come partner pubblicitario, lascerete il nostro sito web e sarete reindirizzati alle nostre pagine individuali predisposte da ablefy a tale scopo.<\/span><\/p><p class=\"p7\"><span class=\"s1\">ablefy \u00e8 un servizio di:<\/span><\/p><p class=\"p7\"><span class=\"s1\">elopay GmbH<\/span><\/p><p class=\"p7\"><span class=\"s1\">Via Joachimsthaler 21<\/span><\/p><p class=\"p7\"><span class=\"s1\">10719 Berlino<\/span><\/p><p class=\"p7\"><span class=\"s1\">Tutte le funzioni delle pagine affiliate di ablefy e la relativa elaborazione dei pagamenti avvengono tramite ablefy. Di conseguenza, le disposizioni sulla protezione dei dati di ablefy si applicano a questi processi. L'informativa sulla privacy di ablefy \u00e8 disponibile <\/span><span class=\"s2\">qui.<span class=\"Apple-converted-space\"> https:\/\/myablefy.com\/privacy<\/span><\/span><\/p><p class=\"p7\"><span class=\"s1\">La base giuridica per l'elaborazione dei dati personali in caso di inoltro dal nostro sito web alla pagina di affiliazione su ablefy deriva nel caso in questione dalla natura volontaria della partecipazione al programma partner e dall'art. 6 comma 1 frase 1 lit. f).<\/span><\/p><h2 class=\"p10\"><span class=\"s1\"><b>PARTE 7: SICUREZZA<\/b><\/span><\/h2><p class=\"p7\"><span class=\"s1\"><b>SICUREZZA DEL SISTEMA E DELLE INFORMAZIONI<\/b><\/span><\/p><p class=\"p8\"><span class=\"s1\">Proteggiamo il nostro sito web e altri sistemi mediante misure tecniche e organizzative contro la perdita, la distruzione, l'accesso, la modifica o la distribuzione dei dati memorizzati da parte di persone non autorizzate. Tuttavia, nonostante i controlli, non \u00e8 possibile una protezione completa contro tutti i pericoli. Il collegamento a Internet e le possibilit\u00e0 tecniche che ne derivano non garantiscono che i contenuti e il flusso di informazioni non possano essere visualizzati e registrati da terzi.<\/span><\/p><p class=\"p7\"><span class=\"s1\"><b>CRITTOGRAFIA SSL<\/b><\/span><\/p><p class=\"p8\"><span class=\"s1\">Per motivi di sicurezza utilizziamo la crittografia SSL (Secure Sockets Layer) per il nostro sito web. Ci\u00f2 protegge i dati trasmessi e ne impedisce la lettura da parte di terzi. \u00c8 possibile riconoscere una cifratura riuscita dal fatto che la designazione del protocollo nella barra di stato del browser cambia da \"http:\/\/\" a \"https:\/\/\" e che l\u00ec \u00e8 visibile il simbolo di un lucchetto chiuso.<\/span><\/p><h2 class=\"p10\"><span class=\"s1\"><b>PARTE 8: DIRITTI INTERESSATI<\/b><\/span><\/h2><p class=\"p8\"><span class=\"s1\"><b>CANCELLAZIONE DEI DATI<\/b><\/span><\/p><p class=\"p3\"><span class=\"s1\">I dati da noi trattati saranno cancellati o limitati nel loro trattamento ai sensi degli articoli 17 e 18 del DSGVO. Se non espressamente indicato nella presente dichiarazione sulla protezione dei dati, i dati da noi memorizzati vengono cancellati non appena non sono pi\u00f9 necessari per lo scopo previsto e la cancellazione non \u00e8 in contrasto con gli obblighi di conservazione previsti dalla legge. Se i dati non vengono cancellati perch\u00e9 necessari per altri scopi consentiti dalla legge, il loro trattamento sar\u00e0 limitato. Ci\u00f2 significa che i dati vengono bloccati e non trattati per altri scopi. Ci\u00f2 vale, ad esempio, per i dati che devono essere conservati per motivi commerciali o fiscali.<\/span><\/p><p class=\"p3\"><span class=\"s1\">Secondo i requisiti di legge in Germania, l'archiviazione \u00e8 di 6 anni ai sensi del \u00a7 257 comma 1 HGB (libri commerciali, inventari, bilanci di apertura, bilanci di esercizio, bilanci annuali, lettere commerciali, giustificativi contabili, ecc.) e di 10 anni ai sensi del \u00a7 147 comma 1 AO (libri, registri, relazioni di gestione, giustificativi contabili, lettere commerciali e commerciali, documenti rilevanti ai fini fiscali, ecc.)<\/span><\/p><p class=\"p8\"><span class=\"s1\"><b>DIRITTI DELLE PERSONE INTERESSATE<\/b><\/span><\/p><p class=\"p8\"><span class=\"s1\"><b>LEGGE DELL'INFORMAZIONE<\/b><\/span><\/p><p class=\"p3\"><span class=\"s1\">Avete il diritto di ottenere la conferma dell'esistenza o meno dei dati in questione e di ottenere informazioni su tali dati e di ricevere ulteriori informazioni e una copia dei dati ai sensi dell'art. 15 della DSGVO.<\/span><\/p><p class=\"p8\"><span class=\"s1\"><b>DIRITTO DI RETTIFICA<\/b><\/span><\/p><p class=\"p3\"><span class=\"s1\">Ai sensi dell'art. 16 DSGVO, avete il diritto di richiedere l'integrazione dei dati che vi riguardano o la correzione di dati errati che vi riguardano.<\/span><\/p><p class=\"p8\"><span class=\"s1\"><b>DIRITTO DI RIFIUTO<\/b><\/span><\/p><p class=\"p3\"><span class=\"s1\">Avete il diritto di revocare le autorizzazioni concesse ai sensi dell'art. 7 cpv. 3 DSGVO con effetto per il futuro.<\/span><\/p><p class=\"p8\"><span class=\"s1\"><b>DIRITTO DI OBIEZIONE<\/b><\/span><\/p><p class=\"p3\"><span class=\"s1\">Potete opporvi in qualsiasi momento al futuro trattamento dei dati che vi riguardano ai sensi dell'art. 21 DSGVO. L'opposizione pu\u00f2 essere sollevata in particolare contro il trattamento a fini di pubblicit\u00e0 diretta.<\/span><\/p><p class=\"p8\"><span class=\"s1\"><b>DIRITTO DI BLOCCARE E SGOMBRARE<\/b><\/span><\/p><p class=\"p3\"><span class=\"s1\">Ai sensi dell'art. 17 DSGVO, avete il diritto di chiedere la cancellazione immediata dei dati in questione o, in alternativa, ai sensi dell'art. 18 DSGVO, di chiedere che il trattamento dei dati sia limitato. L'utente ha il diritto di bloccare e cancellare i suoi dati personali, a condizione che ci\u00f2 non sia in contrasto con l'obbligo legale di conservazione dei dati.<\/span><\/p><p class=\"p8\"><span class=\"s1\"><b>DIRITTO DI TRASMISSIONE<\/b><\/span><\/p><p class=\"p3\"><span class=\"s1\">Avete il diritto di chiedere che i dati che vi riguardano e che ci avete fornito ci vengano messi a disposizione ai sensi dell'art. 20 DSGVO e di esigere che vengano trasmessi ad altri responsabili.<\/span><\/p><p class=\"p8\"><span class=\"s1\"><b>LAMENTI<\/b><\/span><\/p><p class=\"p3\"><span class=\"s1\">Ai sensi dell'art. 77 DSGVO, essi hanno anche il diritto di presentare un reclamo all'autorit\u00e0 di vigilanza competente.<\/span><\/p><p class=\"p8\"><span class=\"s1\"><b>ESERCIZIO DEI DIRITTI DELL'UTENTE<\/b><\/span><\/p><p class=\"p8\"><span class=\"s1\">L'utente pu\u00f2 anche contattarci via e-mail per esercitare i propri diritti, come ad esempio revocare il consenso dato o opporsi ad un determinato uso dei dati:<\/span><\/p><p class=\"p8\"><span class=\"s1\"><b>akademie@gradido.net<\/b><\/span><\/p><p class=\"p8\"><span class=\"s1\">Responsabile in materia di protezione dei dati:<\/span><\/p><p class=\"p8\"><span class=\"s1\">Bernd H\u00fcckst\u00e4dt<\/span><\/p><p class=\"p8\"><span class=\"s1\">Pfarrweg 2<\/span><\/p><p class=\"p8\"><span class=\"s1\">74653 K\u00fcnzelsau<\/span><\/p><p class=\"p8\"><span class=\"s1\">E-mail: support{\u00e4t}<span class=\"s2\">gradido.net<\/span><\/span><\/p><p class=\"p8\"><span class=\"s1\"><b>OBIEZIONE IN MATERIA PROPRIA CONTRO LE E-MAIL PUBBLICITARIE<\/b><\/span><\/p><p class=\"p8\"><span class=\"s1\">Nell'ambito dell'identificazione obbligatoria del fornitore ai sensi del \u00a7 5 TMG, abbiamo pubblicato i dati generali di contatto e un indirizzo e-mail nell'impronta del nostro sito web. Ci opponiamo all'utilizzo di questi dati di contatto per la trasmissione non richiesta di materiale informativo, pubblicit\u00e0 o spam che non abbiamo esplicitamente richiesto.<\/span><\/p><p class=\"p8\">Utilizziamo lo strumento di consenso &quot;Real Cookie Banner&quot; per gestire i cookie e le tecnologie simili (pixel di tracciamento, web beacon, ecc.) utilizzati e i relativi consensi. I dettagli sul funzionamento di &quot;Real Cookie Banner&quot; sono disponibili all&#039;indirizzo &lt;a href=&quot;\/it\/&ldquo;https:\/\/devowl.io\/de\/rcb\/datenverarbeitung\/&ldquo;\/&quot; rel=&quot;&ldquo;noreferrer&ldquo;&quot; target=&quot;&ldquo;_blank&ldquo;&quot;&gt;https:\/\/devowl.io\/de\/rcb\/datenverarbeitung\/&lt;\/a&gt;.<\/p><p class=\"p8\">La base giuridica per il trattamento dei dati personali in questo contesto \u00e8 costituita dall'art. 6 comma 1 lett. c DS-GVO e dall'art. 6 comma 1 lett. f DS-GVO. Il nostro interesse legittimo \u00e8 la gestione dei cookie e delle tecnologie simili utilizzate e i relativi consensi.<\/p><p class=\"p8\">Il conferimento dei dati personali non \u00e8 richiesto contrattualmente n\u00e9 necessario per la conclusione di un contratto. Non siete obbligati a fornire i dati personali. Se non ci fornite i dati personali, non saremo in grado di gestire i vostri consensi.<\/p><p class=\"p8\"><span class=\"s1\">Ultimo aggiornamento il: 2.11.2023<\/span><\/p>\t\t\t\t\t\t\t\t<\/div>\n\t\t\t\t<\/div>\n\t\t\t\t\t<\/div>\n\t\t<\/div>\n\t\t\t\t\t<\/div>\n\t\t<\/section>\n\t\t\t\t<\/div>","protected":false},"excerpt":{"rendered":"<p>Datenschutzerkl\u00e4rung EINLEITUNG | VORWORT Wir freuen uns \u00fcber Ihr Interesse an dem Internetauftritt der Gradido Akademie. Das Vertrauen aller Besucher und Kunden und die Sicherheit Ihrer Daten und der Schutz Ihrer Privatsph\u00e4re sind uns ein wichtiges Anliegen. INHALT DIESER DATENSCHUTZERKL\u00c4RUNG Nachfolgend m\u00f6chten wir Ihnen erl\u00e4utern, welche Daten wir als Anbieter dieser Web-Site wann und zu [&hellip;]<\/p>\n","protected":false},"author":1,"featured_media":233,"parent":0,"menu_order":0,"comment_status":"closed","ping_status":"closed","template":"","meta":{"footnotes":""},"class_list":["post-3","page","type-page","status-publish","has-post-thumbnail","hentry"],"yoast_head":"<!-- This site is optimized with the Yoast SEO plugin v27.4 - https:\/\/yoast.com\/product\/yoast-seo-wordpress\/ -->\n<title>Datenschutz - Gradido<\/title>\n<meta name=\"description\" content=\"Wir freuen uns \u00fcber Ihr Interesse an dem Internetauftritt der Gradido Akademie. Das Vertrauen aller Besucher und Kunden und die Sicherheit Ihrer Daten und der Schutz Ihrer Privatsph\u00e4re sind uns ein wichtiges Anliegen\" \/>\n<meta name=\"robots\" content=\"index, follow, max-snippet:-1, max-image-preview:large, max-video-preview:-1\" \/>\n<link rel=\"canonical\" href=\"https:\/\/gradido.net\/it\/datenschutz\/\" \/>\n<meta property=\"og:locale\" content=\"it_IT\" \/>\n<meta property=\"og:type\" content=\"article\" \/>\n<meta property=\"og:title\" content=\"Datenschutz - Gradido\" \/>\n<meta property=\"og:description\" content=\"Wir freuen uns \u00fcber Ihr Interesse an dem Internetauftritt der Gradido Akademie. Das Vertrauen aller Besucher und Kunden und die Sicherheit Ihrer Daten und der Schutz Ihrer Privatsph\u00e4re sind uns ein wichtiges Anliegen\" \/>\n<meta property=\"og:url\" content=\"https:\/\/gradido.net\/it\/datenschutz\/\" \/>\n<meta property=\"og:site_name\" content=\"Gradido\" \/>\n<meta property=\"article:modified_time\" content=\"2024-10-19T15:29:28+00:00\" \/>\n<meta property=\"og:image\" content=\"https:\/\/gradido.net\/wp-content\/uploads\/2020\/08\/slide-1.jpg\" \/>\n\t<meta property=\"og:image:width\" content=\"1920\" \/>\n\t<meta property=\"og:image:height\" content=\"900\" \/>\n\t<meta property=\"og:image:type\" content=\"image\/jpeg\" \/>\n<meta name=\"twitter:card\" content=\"summary_large_image\" \/>\n<meta name=\"twitter:label1\" content=\"Tempo di lettura stimato\" \/>\n\t<meta name=\"twitter:data1\" content=\"23 minuti\" \/>\n<script type=\"application\/ld+json\" class=\"yoast-schema-graph\">{\"@context\":\"https:\\\/\\\/schema.org\",\"@graph\":[{\"@type\":\"WebPage\",\"@id\":\"https:\\\/\\\/gradido.net\\\/en\\\/datenschutz\\\/\",\"url\":\"https:\\\/\\\/gradido.net\\\/en\\\/datenschutz\\\/\",\"name\":\"Datenschutz - Gradido\",\"isPartOf\":{\"@id\":\"https:\\\/\\\/gradido.net\\\/de\\\/#website\"},\"primaryImageOfPage\":{\"@id\":\"https:\\\/\\\/gradido.net\\\/en\\\/datenschutz\\\/#primaryimage\"},\"image\":{\"@id\":\"https:\\\/\\\/gradido.net\\\/en\\\/datenschutz\\\/#primaryimage\"},\"thumbnailUrl\":\"https:\\\/\\\/gradido.net\\\/wp-content\\\/uploads\\\/2020\\\/08\\\/slide-1.jpg\",\"datePublished\":\"2020-07-20T12:01:02+00:00\",\"dateModified\":\"2024-10-19T15:29:28+00:00\",\"description\":\"Wir freuen uns \u00fcber Ihr Interesse an dem Internetauftritt der Gradido Akademie. Das Vertrauen aller Besucher und Kunden und die Sicherheit Ihrer Daten und der Schutz Ihrer Privatsph\u00e4re sind uns ein wichtiges Anliegen\",\"breadcrumb\":{\"@id\":\"https:\\\/\\\/gradido.net\\\/en\\\/datenschutz\\\/#breadcrumb\"},\"inLanguage\":\"it-IT\",\"potentialAction\":[{\"@type\":\"ReadAction\",\"target\":[\"https:\\\/\\\/gradido.net\\\/en\\\/datenschutz\\\/\"]}]},{\"@type\":\"ImageObject\",\"inLanguage\":\"it-IT\",\"@id\":\"https:\\\/\\\/gradido.net\\\/en\\\/datenschutz\\\/#primaryimage\",\"url\":\"https:\\\/\\\/gradido.net\\\/wp-content\\\/uploads\\\/2020\\\/08\\\/slide-1.jpg\",\"contentUrl\":\"https:\\\/\\\/gradido.net\\\/wp-content\\\/uploads\\\/2020\\\/08\\\/slide-1.jpg\",\"width\":1920,\"height\":900},{\"@type\":\"BreadcrumbList\",\"@id\":\"https:\\\/\\\/gradido.net\\\/en\\\/datenschutz\\\/#breadcrumb\",\"itemListElement\":[{\"@type\":\"ListItem\",\"position\":1,\"name\":\"Startseite\",\"item\":\"https:\\\/\\\/gradido.net\\\/\"},{\"@type\":\"ListItem\",\"position\":2,\"name\":\"Datenschutz\"}]},{\"@type\":\"WebSite\",\"@id\":\"https:\\\/\\\/gradido.net\\\/de\\\/#website\",\"url\":\"https:\\\/\\\/gradido.net\\\/de\\\/\",\"name\":\"Gradido\",\"description\":\"Die neue W\u00e4hrung hei\u00dft Dankbarkeit\",\"publisher\":{\"@id\":\"https:\\\/\\\/gradido.net\\\/de\\\/#organization\"},\"potentialAction\":[{\"@type\":\"SearchAction\",\"target\":{\"@type\":\"EntryPoint\",\"urlTemplate\":\"https:\\\/\\\/gradido.net\\\/de\\\/?s={search_term_string}\"},\"query-input\":{\"@type\":\"PropertyValueSpecification\",\"valueRequired\":true,\"valueName\":\"search_term_string\"}}],\"inLanguage\":\"it-IT\"},{\"@type\":\"Organization\",\"@id\":\"https:\\\/\\\/gradido.net\\\/de\\\/#organization\",\"name\":\"Gradido\",\"url\":\"https:\\\/\\\/gradido.net\\\/de\\\/\",\"logo\":{\"@type\":\"ImageObject\",\"inLanguage\":\"it-IT\",\"@id\":\"https:\\\/\\\/gradido.net\\\/de\\\/#\\\/schema\\\/logo\\\/image\\\/\",\"url\":\"https:\\\/\\\/gradido.net\\\/wp-content\\\/uploads\\\/2022\\\/04\\\/gradido-social.jpg\",\"contentUrl\":\"https:\\\/\\\/gradido.net\\\/wp-content\\\/uploads\\\/2022\\\/04\\\/gradido-social.jpg\",\"width\":527,\"height\":273,\"caption\":\"Gradido\"},\"image\":{\"@id\":\"https:\\\/\\\/gradido.net\\\/de\\\/#\\\/schema\\\/logo\\\/image\\\/\"}}]}<\/script>\n<!-- \/ Yoast SEO plugin. -->","yoast_head_json":{"title":"Privacy - Gradido","description":"Grazie per il vostro interesse nel sito web di Gradido Academy. La fiducia di tutti i visitatori e clienti, la sicurezza dei vostri dati e la protezione della vostra privacy sono importanti per noi.","robots":{"index":"index","follow":"follow","max-snippet":"max-snippet:-1","max-image-preview":"max-image-preview:large","max-video-preview":"max-video-preview:-1"},"canonical":"https:\/\/gradido.net\/it\/datenschutz\/","og_locale":"it_IT","og_type":"article","og_title":"Datenschutz - Gradido","og_description":"Wir freuen uns \u00fcber Ihr Interesse an dem Internetauftritt der Gradido Akademie. Das Vertrauen aller Besucher und Kunden und die Sicherheit Ihrer Daten und der Schutz Ihrer Privatsph\u00e4re sind uns ein wichtiges Anliegen","og_url":"https:\/\/gradido.net\/it\/datenschutz\/","og_site_name":"Gradido","article_modified_time":"2024-10-19T15:29:28+00:00","og_image":[{"width":1920,"height":900,"url":"https:\/\/gradido.net\/wp-content\/uploads\/2020\/08\/slide-1.jpg","type":"image\/jpeg"}],"twitter_card":"summary_large_image","twitter_misc":{"Tempo di lettura stimato":"23 minuti"},"schema":{"@context":"https:\/\/schema.org","@graph":[{"@type":"WebPage","@id":"https:\/\/gradido.net\/en\/datenschutz\/","url":"https:\/\/gradido.net\/en\/datenschutz\/","name":"Privacy - Gradido","isPartOf":{"@id":"https:\/\/gradido.net\/de\/#website"},"primaryImageOfPage":{"@id":"https:\/\/gradido.net\/en\/datenschutz\/#primaryimage"},"image":{"@id":"https:\/\/gradido.net\/en\/datenschutz\/#primaryimage"},"thumbnailUrl":"https:\/\/gradido.net\/wp-content\/uploads\/2020\/08\/slide-1.jpg","datePublished":"2020-07-20T12:01:02+00:00","dateModified":"2024-10-19T15:29:28+00:00","description":"Grazie per il vostro interesse nel sito web di Gradido Academy. La fiducia di tutti i visitatori e clienti, la sicurezza dei vostri dati e la protezione della vostra privacy sono importanti per noi.","breadcrumb":{"@id":"https:\/\/gradido.net\/en\/datenschutz\/#breadcrumb"},"inLanguage":"it-IT","potentialAction":[{"@type":"ReadAction","target":["https:\/\/gradido.net\/en\/datenschutz\/"]}]},{"@type":"ImageObject","inLanguage":"it-IT","@id":"https:\/\/gradido.net\/en\/datenschutz\/#primaryimage","url":"https:\/\/gradido.net\/wp-content\/uploads\/2020\/08\/slide-1.jpg","contentUrl":"https:\/\/gradido.net\/wp-content\/uploads\/2020\/08\/slide-1.jpg","width":1920,"height":900},{"@type":"BreadcrumbList","@id":"https:\/\/gradido.net\/en\/datenschutz\/#breadcrumb","itemListElement":[{"@type":"ListItem","position":1,"name":"Startseite","item":"https:\/\/gradido.net\/"},{"@type":"ListItem","position":2,"name":"Datenschutz"}]},{"@type":"WebSite","@id":"https:\/\/gradido.net\/de\/#website","url":"https:\/\/gradido.net\/de\/","name":"Gradido","description":"La nuova moneta \u00e8 la gratitudine","publisher":{"@id":"https:\/\/gradido.net\/de\/#organization"},"potentialAction":[{"@type":"SearchAction","target":{"@type":"EntryPoint","urlTemplate":"https:\/\/gradido.net\/de\/?s={search_term_string}"},"query-input":{"@type":"PropertyValueSpecification","valueRequired":true,"valueName":"search_term_string"}}],"inLanguage":"it-IT"},{"@type":"Organization","@id":"https:\/\/gradido.net\/de\/#organization","name":"Gradido","url":"https:\/\/gradido.net\/de\/","logo":{"@type":"ImageObject","inLanguage":"it-IT","@id":"https:\/\/gradido.net\/de\/#\/schema\/logo\/image\/","url":"https:\/\/gradido.net\/wp-content\/uploads\/2022\/04\/gradido-social.jpg","contentUrl":"https:\/\/gradido.net\/wp-content\/uploads\/2022\/04\/gradido-social.jpg","width":527,"height":273,"caption":"Gradido"},"image":{"@id":"https:\/\/gradido.net\/de\/#\/schema\/logo\/image\/"}}]}},"_links":{"self":[{"href":"https:\/\/gradido.net\/it\/wp-json\/wp\/v2\/pages\/3","targetHints":{"allow":["GET"]}}],"collection":[{"href":"https:\/\/gradido.net\/it\/wp-json\/wp\/v2\/pages"}],"about":[{"href":"https:\/\/gradido.net\/it\/wp-json\/wp\/v2\/types\/page"}],"author":[{"embeddable":true,"href":"https:\/\/gradido.net\/it\/wp-json\/wp\/v2\/users\/1"}],"replies":[{"embeddable":true,"href":"https:\/\/gradido.net\/it\/wp-json\/wp\/v2\/comments?post=3"}],"version-history":[{"count":22,"href":"https:\/\/gradido.net\/it\/wp-json\/wp\/v2\/pages\/3\/revisions"}],"predecessor-version":[{"id":9689,"href":"https:\/\/gradido.net\/it\/wp-json\/wp\/v2\/pages\/3\/revisions\/9689"}],"wp:featuredmedia":[{"embeddable":true,"href":"https:\/\/gradido.net\/it\/wp-json\/wp\/v2\/media\/233"}],"wp:attachment":[{"href":"https:\/\/gradido.net\/it\/wp-json\/wp\/v2\/media?parent=3"}],"curies":[{"name":"wp","href":"https:\/\/api.w.org\/{rel}","templated":true}]}}