{"id":10575,"date":"2025-07-27T15:24:41","date_gmt":"2025-07-27T13:24:41","guid":{"rendered":"https:\/\/gradido.net\/?page_id=10575"},"modified":"2025-10-04T11:54:39","modified_gmt":"2025-10-04T09:54:39","slug":"labor-migration-and-foreign-employment","status":"publish","type":"page","link":"https:\/\/gradido.net\/lv\/countries\/philippines\/labor-migration-and-foreign-employment\/","title":{"rendered":"Darba migr\u0101cija un nodarbin\u0101t\u012bba \u0101rzem\u0113s Filip\u012bnas"},"content":{"rendered":"<div data-elementor-type=\"wp-page\" data-elementor-id=\"10575\" class=\"elementor elementor-10575\" data-elementor-post-type=\"page\">\n\t\t\t\t\t\t<section class=\"elementor-section elementor-top-section elementor-element elementor-element-4ce3e8af elementor-section-full_width elementor-section-height-default elementor-section-height-default\" data-id=\"4ce3e8af\" data-element_type=\"section\" data-e-type=\"section\">\n\t\t\t\t\t\t<div class=\"elementor-container elementor-column-gap-no\">\n\t\t\t\t\t<div class=\"elementor-column elementor-col-100 elementor-top-column elementor-element elementor-element-efa8c8c\" data-id=\"efa8c8c\" data-element_type=\"column\" data-e-type=\"column\">\n\t\t\t<div class=\"elementor-widget-wrap elementor-element-populated\">\n\t\t\t\t\t\t<div class=\"elementor-element elementor-element-e088aa4 elementor--h-position-center elementor--v-position-middle elementor-arrows-position-inside elementor-widget elementor-widget-slides\" data-id=\"e088aa4\" data-element_type=\"widget\" data-e-type=\"widget\" data-settings=\"{&quot;navigation&quot;:&quot;arrows&quot;,&quot;autoplay&quot;:&quot;yes&quot;,&quot;pause_on_hover&quot;:&quot;yes&quot;,&quot;pause_on_interaction&quot;:&quot;yes&quot;,&quot;autoplay_speed&quot;:5000,&quot;infinite&quot;:&quot;yes&quot;,&quot;transition&quot;:&quot;slide&quot;,&quot;transition_speed&quot;:500}\" data-widget_type=\"slides.default\">\n\t\t\t\t<div class=\"elementor-widget-container\">\n\t\t\t\t\t\t\t\t\t<div class=\"elementor-swiper\">\n\t\t\t\t\t<div class=\"elementor-slides-wrapper elementor-main-swiper swiper\" role=\"region\" aria-roledescription=\"carousel\" aria-label=\"Sl\u012bdnis\" dir=\"ltr\" data-animation=\"fadeInUp\">\n\t\t\t\t<div class=\"swiper-wrapper elementor-slides\">\n\t\t\t\t\t\t\t\t\t\t<div class=\"elementor-repeater-item-2de4990 swiper-slide\" role=\"group\" aria-roledescription=\"slide\"><div class=\"swiper-slide-bg\" role=\"img\" aria-label=\"manila-4503501_1280\"><\/div><div class=\"swiper-slide-inner\" ><div class=\"swiper-slide-contents\"><\/div><\/div><\/div><div class=\"elementor-repeater-item-28f126e swiper-slide\" role=\"group\" aria-roledescription=\"slide\"><div class=\"swiper-slide-bg\" role=\"img\" aria-label=\"philippines-4951855_1280\"><\/div><div class=\"swiper-slide-inner\" ><div class=\"swiper-slide-contents\"><\/div><\/div><\/div><div class=\"elementor-repeater-item-992da35 swiper-slide\" role=\"group\" aria-roledescription=\"slide\"><div class=\"swiper-slide-bg\" role=\"img\" aria-label=\"manila-2256322_1280\"><\/div><div class=\"swiper-slide-inner\" ><div class=\"swiper-slide-contents\"><\/div><\/div><\/div>\t\t\t\t<\/div>\n\t\t\t\t\t\t\t\t\t\t\t\t\t\t\t<div class=\"elementor-swiper-button elementor-swiper-button-prev\" role=\"button\" tabindex=\"0\" aria-label=\"F\u00f6reg\u00e5ende bild\" data-no-translation-aria-label=\"\">\n\t\t\t\t\t\t\t<i aria-hidden=\"true\" class=\"eicon-chevron-left\"><\/i>\t\t\t\t\t\t<\/div>\n\t\t\t\t\t\t<div class=\"elementor-swiper-button elementor-swiper-button-next\" role=\"button\" tabindex=\"0\" aria-label=\"N\u00e4sta bild\" data-no-translation-aria-label=\"\">\n\t\t\t\t\t\t\t<i aria-hidden=\"true\" class=\"eicon-chevron-right\"><\/i>\t\t\t\t\t\t<\/div>\n\t\t\t\t\t\t\t\t\t\t\t\t\t\t\t\t\t<\/div>\n\t\t\t\t<\/div>\n\t\t\t\t\t\t\t\t<\/div>\n\t\t\t\t<\/div>\n\t\t\t\t\t<\/div>\n\t\t<\/div>\n\t\t\t\t\t<\/div>\n\t\t<\/section>\n\t\t\t\t<section class=\"elementor-section elementor-top-section elementor-element elementor-element-240baa7a elementor-section-boxed elementor-section-height-default elementor-section-height-default\" data-id=\"240baa7a\" data-element_type=\"section\" data-e-type=\"section\" data-settings=\"{&quot;background_background&quot;:&quot;classic&quot;}\">\n\t\t\t\t\t\t<div class=\"elementor-container elementor-column-gap-default\">\n\t\t\t\t\t<div class=\"elementor-column elementor-col-100 elementor-top-column elementor-element elementor-element-1afe9e42\" data-id=\"1afe9e42\" data-element_type=\"column\" data-e-type=\"column\">\n\t\t\t<div class=\"elementor-widget-wrap elementor-element-populated\">\n\t\t\t\t\t\t<div class=\"elementor-element elementor-element-65bd50ae elementor-widget elementor-widget-heading\" data-id=\"65bd50ae\" data-element_type=\"widget\" data-e-type=\"widget\" data-widget_type=\"heading.default\">\n\t\t\t\t<div class=\"elementor-widget-container\">\n\t\t\t\t\t<h1 class=\"elementor-heading-title elementor-size-default\">Darba migr\u0101cija un nodarbin\u0101t\u012bba \u0101rzem\u0113s<\/h1>\t\t\t\t<\/div>\n\t\t\t\t<\/div>\n\t\t\t\t\t<\/div>\n\t\t<\/div>\n\t\t\t\t\t<\/div>\n\t\t<\/section>\n\t\t\t\t<section class=\"elementor-section elementor-top-section elementor-element elementor-element-446540f elementor-section-boxed elementor-section-height-default elementor-section-height-default\" data-id=\"446540f\" data-element_type=\"section\" data-e-type=\"section\">\n\t\t\t\t\t\t<div class=\"elementor-container elementor-column-gap-default\">\n\t\t\t\t\t<div class=\"elementor-column elementor-col-100 elementor-top-column elementor-element elementor-element-312a2d3\" data-id=\"312a2d3\" data-element_type=\"column\" data-e-type=\"column\">\n\t\t\t<div class=\"elementor-widget-wrap elementor-element-populated\">\n\t\t\t\t\t\t<div class=\"elementor-element elementor-element-3e0ec02 elementor-nav-menu--dropdown-tablet elementor-nav-menu__text-align-aside elementor-nav-menu--toggle elementor-nav-menu--burger elementor-widget elementor-widget-nav-menu\" data-id=\"3e0ec02\" data-element_type=\"widget\" data-e-type=\"widget\" data-settings=\"{&quot;layout&quot;:&quot;horizontal&quot;,&quot;submenu_icon&quot;:{&quot;value&quot;:&quot;&lt;i class=\\&quot;fas fa-caret-down\\&quot; aria-hidden=\\&quot;true\\&quot;&gt;&lt;\\\/i&gt;&quot;,&quot;library&quot;:&quot;fa-solid&quot;},&quot;toggle&quot;:&quot;burger&quot;}\" data-widget_type=\"nav-menu.default\">\n\t\t\t\t<div class=\"elementor-widget-container\">\n\t\t\t\t\t\t\t\t<nav aria-label=\"Valstu izp\u0113te\" class=\"elementor-nav-menu--main elementor-nav-menu__container elementor-nav-menu--layout-horizontal e--pointer-underline e--animation-grow\">\n\t\t\t\t<ul id=\"menu-1-3e0ec02\" class=\"elementor-nav-menu\"><li class=\"menu-item menu-item-type-custom menu-item-object-custom menu-item-has-children menu-item-12305\"><a class=\"elementor-item\">\u0100frika<\/a>\n<ul class=\"sub-menu elementor-nav-menu--dropdown\">\n\t<li class=\"menu-item menu-item-type-post_type menu-item-object-page menu-item-12253\"><a href=\"https:\/\/gradido.net\/lv\/countries\/afrika\/\" class=\"elementor-sub-item\">\u0100frika, viss kontinents<\/a><\/li>\n\t<li class=\"menu-item menu-item-type-post_type menu-item-object-page menu-item-13097\"><a href=\"https:\/\/gradido.net\/lv\/countries\/afrika\/dr-congo\/\" class=\"elementor-sub-item\">Kongo Demokr\u0101tisk\u0101 Republika<\/a><\/li>\n\t<li class=\"menu-item menu-item-type-post_type menu-item-object-page menu-item-12414\"><a href=\"https:\/\/gradido.net\/lv\/countries\/afrika\/kenya\/\" class=\"elementor-sub-item\">Kenija<\/a><\/li>\n\t<li class=\"menu-item menu-item-type-post_type menu-item-object-page menu-item-12737\"><a href=\"https:\/\/gradido.net\/lv\/countries\/afrika\/madagascar\/\" class=\"elementor-sub-item\">Madagaskara<\/a><\/li>\n\t<li class=\"menu-item menu-item-type-post_type menu-item-object-page menu-item-12148\"><a href=\"https:\/\/gradido.net\/lv\/countries\/afrika\/namibia\/\" class=\"elementor-sub-item\">Nam\u012bbija<\/a><\/li>\n\t<li class=\"menu-item menu-item-type-post_type menu-item-object-page menu-item-12839\"><a href=\"https:\/\/gradido.net\/lv\/countries\/afrika\/rwanda\/\" class=\"elementor-sub-item\">Ruanda<\/a><\/li>\n<\/ul>\n<\/li>\n<li class=\"menu-item menu-item-type-custom menu-item-object-custom menu-item-has-children menu-item-11798\"><a class=\"elementor-item\">America<\/a>\n<ul class=\"sub-menu elementor-nav-menu--dropdown\">\n\t<li class=\"menu-item menu-item-type-post_type menu-item-object-page menu-item-12463\"><a href=\"https:\/\/gradido.net\/lv\/countries\/usa\/\" class=\"elementor-sub-item\">ASV<\/a><\/li>\n\t<li class=\"menu-item menu-item-type-post_type menu-item-object-page menu-item-11791\"><a href=\"https:\/\/gradido.net\/lv\/countries\/mexico\/\" class=\"elementor-sub-item\">Meksika<\/a><\/li>\n<\/ul>\n<\/li>\n<li class=\"menu-item menu-item-type-custom menu-item-object-custom menu-item-has-children menu-item-11800\"><a class=\"elementor-item\">Asia<\/a>\n<ul class=\"sub-menu elementor-nav-menu--dropdown\">\n\t<li class=\"menu-item menu-item-type-post_type menu-item-object-page menu-item-11794\"><a href=\"https:\/\/gradido.net\/lv\/countries\/maledives\/\" class=\"elementor-sub-item\">Mald\u012bvu salas<\/a><\/li>\n\t<li class=\"menu-item menu-item-type-post_type menu-item-object-page menu-item-11790\"><a href=\"https:\/\/gradido.net\/lv\/countries\/philippines\/\" class=\"elementor-sub-item\">Filip\u012bnas<\/a><\/li>\n\t<li class=\"menu-item menu-item-type-post_type menu-item-object-page menu-item-11802\"><a href=\"https:\/\/gradido.net\/lv\/countries\/saudi-arabia\/\" class=\"elementor-sub-item\">Sa\u016bda Ar\u0101bija<\/a><\/li>\n<\/ul>\n<\/li>\n<li class=\"menu-item menu-item-type-custom menu-item-object-custom menu-item-has-children menu-item-11797\"><a class=\"elementor-item\">Eiropa<\/a>\n<ul class=\"sub-menu elementor-nav-menu--dropdown\">\n\t<li class=\"menu-item menu-item-type-post_type menu-item-object-page menu-item-11805\"><a href=\"https:\/\/gradido.net\/lv\/countries\/germany\/\" class=\"elementor-sub-item\">V\u0101cija<\/a><\/li>\n\t<li class=\"menu-item menu-item-type-post_type menu-item-object-page menu-item-11803\"><a href=\"https:\/\/gradido.net\/lv\/countries\/greece\/\" class=\"elementor-sub-item\">Grie\u0137ija<\/a><\/li>\n\t<li class=\"menu-item menu-item-type-post_type menu-item-object-page menu-item-11788\"><a href=\"https:\/\/gradido.net\/lv\/countries\/spain\/\" class=\"elementor-sub-item\">Sp\u0101nija<\/a><\/li>\n<\/ul>\n<\/li>\n<li class=\"menu-item menu-item-type-custom menu-item-object-custom menu-item-has-children menu-item-11801\"><a class=\"elementor-item\">Oke\u0101nija<\/a>\n<ul class=\"sub-menu elementor-nav-menu--dropdown\">\n\t<li class=\"menu-item menu-item-type-post_type menu-item-object-page menu-item-11793\"><a href=\"https:\/\/gradido.net\/lv\/countries\/marshall-islands\/\" class=\"elementor-sub-item\">M\u0101r\u0161ala salas<\/a><\/li>\n\t<li class=\"menu-item menu-item-type-post_type menu-item-object-page menu-item-11795\"><a href=\"https:\/\/gradido.net\/lv\/countries\/tahiti\/\" class=\"elementor-sub-item\">Tahiti<\/a><\/li>\n<\/ul>\n<\/li>\n<\/ul>\t\t\t<\/nav>\n\t\t\t\t\t<div class=\"elementor-menu-toggle\" role=\"button\" tabindex=\"0\" aria-label=\"Izv\u0113lnes p\u0101rsl\u0113g\u0161ana\" aria-expanded=\"false\">\n\t\t\t<i aria-hidden=\"true\" role=\"presentation\" class=\"elementor-menu-toggle__icon--open eicon-menu-bar\"><\/i><i aria-hidden=\"true\" role=\"presentation\" class=\"elementor-menu-toggle__icon--close eicon-close\"><\/i>\t\t<\/div>\n\t\t\t\t\t<nav class=\"elementor-nav-menu--dropdown elementor-nav-menu__container\" aria-hidden=\"true\">\n\t\t\t\t<ul id=\"menu-2-3e0ec02\" class=\"elementor-nav-menu\"><li class=\"menu-item menu-item-type-custom menu-item-object-custom menu-item-has-children menu-item-12305\"><a class=\"elementor-item\" tabindex=\"-1\">\u0100frika<\/a>\n<ul class=\"sub-menu elementor-nav-menu--dropdown\">\n\t<li class=\"menu-item menu-item-type-post_type menu-item-object-page menu-item-12253\"><a href=\"https:\/\/gradido.net\/lv\/countries\/afrika\/\" class=\"elementor-sub-item\" tabindex=\"-1\">\u0100frika, viss kontinents<\/a><\/li>\n\t<li class=\"menu-item menu-item-type-post_type menu-item-object-page menu-item-13097\"><a href=\"https:\/\/gradido.net\/lv\/countries\/afrika\/dr-congo\/\" class=\"elementor-sub-item\" tabindex=\"-1\">Kongo Demokr\u0101tisk\u0101 Republika<\/a><\/li>\n\t<li class=\"menu-item menu-item-type-post_type menu-item-object-page menu-item-12414\"><a href=\"https:\/\/gradido.net\/lv\/countries\/afrika\/kenya\/\" class=\"elementor-sub-item\" tabindex=\"-1\">Kenija<\/a><\/li>\n\t<li class=\"menu-item menu-item-type-post_type menu-item-object-page menu-item-12737\"><a href=\"https:\/\/gradido.net\/lv\/countries\/afrika\/madagascar\/\" class=\"elementor-sub-item\" tabindex=\"-1\">Madagaskara<\/a><\/li>\n\t<li class=\"menu-item menu-item-type-post_type menu-item-object-page menu-item-12148\"><a href=\"https:\/\/gradido.net\/lv\/countries\/afrika\/namibia\/\" class=\"elementor-sub-item\" tabindex=\"-1\">Nam\u012bbija<\/a><\/li>\n\t<li class=\"menu-item menu-item-type-post_type menu-item-object-page menu-item-12839\"><a href=\"https:\/\/gradido.net\/lv\/countries\/afrika\/rwanda\/\" class=\"elementor-sub-item\" tabindex=\"-1\">Ruanda<\/a><\/li>\n<\/ul>\n<\/li>\n<li class=\"menu-item menu-item-type-custom menu-item-object-custom menu-item-has-children menu-item-11798\"><a class=\"elementor-item\" tabindex=\"-1\">America<\/a>\n<ul class=\"sub-menu elementor-nav-menu--dropdown\">\n\t<li class=\"menu-item menu-item-type-post_type menu-item-object-page menu-item-12463\"><a href=\"https:\/\/gradido.net\/lv\/countries\/usa\/\" class=\"elementor-sub-item\" tabindex=\"-1\">ASV<\/a><\/li>\n\t<li class=\"menu-item menu-item-type-post_type menu-item-object-page menu-item-11791\"><a href=\"https:\/\/gradido.net\/lv\/countries\/mexico\/\" class=\"elementor-sub-item\" tabindex=\"-1\">Meksika<\/a><\/li>\n<\/ul>\n<\/li>\n<li class=\"menu-item menu-item-type-custom menu-item-object-custom menu-item-has-children menu-item-11800\"><a class=\"elementor-item\" tabindex=\"-1\">Asia<\/a>\n<ul class=\"sub-menu elementor-nav-menu--dropdown\">\n\t<li class=\"menu-item menu-item-type-post_type menu-item-object-page menu-item-11794\"><a href=\"https:\/\/gradido.net\/lv\/countries\/maledives\/\" class=\"elementor-sub-item\" tabindex=\"-1\">Mald\u012bvu salas<\/a><\/li>\n\t<li class=\"menu-item menu-item-type-post_type menu-item-object-page menu-item-11790\"><a href=\"https:\/\/gradido.net\/lv\/countries\/philippines\/\" class=\"elementor-sub-item\" tabindex=\"-1\">Filip\u012bnas<\/a><\/li>\n\t<li class=\"menu-item menu-item-type-post_type menu-item-object-page menu-item-11802\"><a href=\"https:\/\/gradido.net\/lv\/countries\/saudi-arabia\/\" class=\"elementor-sub-item\" tabindex=\"-1\">Sa\u016bda Ar\u0101bija<\/a><\/li>\n<\/ul>\n<\/li>\n<li class=\"menu-item menu-item-type-custom menu-item-object-custom menu-item-has-children menu-item-11797\"><a class=\"elementor-item\" tabindex=\"-1\">Eiropa<\/a>\n<ul class=\"sub-menu elementor-nav-menu--dropdown\">\n\t<li class=\"menu-item menu-item-type-post_type menu-item-object-page menu-item-11805\"><a href=\"https:\/\/gradido.net\/lv\/countries\/germany\/\" class=\"elementor-sub-item\" tabindex=\"-1\">V\u0101cija<\/a><\/li>\n\t<li class=\"menu-item menu-item-type-post_type menu-item-object-page menu-item-11803\"><a href=\"https:\/\/gradido.net\/lv\/countries\/greece\/\" class=\"elementor-sub-item\" tabindex=\"-1\">Grie\u0137ija<\/a><\/li>\n\t<li class=\"menu-item menu-item-type-post_type menu-item-object-page menu-item-11788\"><a href=\"https:\/\/gradido.net\/lv\/countries\/spain\/\" class=\"elementor-sub-item\" tabindex=\"-1\">Sp\u0101nija<\/a><\/li>\n<\/ul>\n<\/li>\n<li class=\"menu-item menu-item-type-custom menu-item-object-custom menu-item-has-children menu-item-11801\"><a class=\"elementor-item\" tabindex=\"-1\">Oke\u0101nija<\/a>\n<ul class=\"sub-menu elementor-nav-menu--dropdown\">\n\t<li class=\"menu-item menu-item-type-post_type menu-item-object-page menu-item-11793\"><a href=\"https:\/\/gradido.net\/lv\/countries\/marshall-islands\/\" class=\"elementor-sub-item\" tabindex=\"-1\">M\u0101r\u0161ala salas<\/a><\/li>\n\t<li class=\"menu-item menu-item-type-post_type menu-item-object-page menu-item-11795\"><a href=\"https:\/\/gradido.net\/lv\/countries\/tahiti\/\" class=\"elementor-sub-item\" tabindex=\"-1\">Tahiti<\/a><\/li>\n<\/ul>\n<\/li>\n<\/ul>\t\t\t<\/nav>\n\t\t\t\t\t\t<\/div>\n\t\t\t\t<\/div>\n\t\t\t\t<div class=\"elementor-element elementor-element-78fe524 elementor-widget elementor-widget-breadcrumbs\" data-id=\"78fe524\" data-element_type=\"widget\" data-e-type=\"widget\" data-widget_type=\"breadcrumbs.default\">\n\t\t\t\t<div class=\"elementor-widget-container\">\n\t\t\t\t\t<p id=\"breadcrumbs\"><span><span><a href=\"https:\/\/gradido.net\/lv\/\">M\u0101jas lapa<\/a><\/span><\/span><\/p>\t\t\t\t<\/div>\n\t\t\t\t<\/div>\n\t\t\t\t<div class=\"elementor-element elementor-element-a9db9a5 elementor-widget elementor-widget-text-editor\" data-id=\"a9db9a5\" data-element_type=\"widget\" data-e-type=\"widget\" data-widget_type=\"text-editor.default\">\n\t\t\t\t<div class=\"elementor-widget-container\">\n\t\t\t\t\t\t\t\t\t<h3 style=\"text-align: center;\"><a href=\"https:\/\/gradido.net\/lv\/countries\/philippines\/\"><strong>Galven\u0101 lapa: Filip\u012bnas<\/strong><\/a><\/h3><p style=\"text-align: center;\"><a href=\"https:\/\/gradido.net\/lv\/countries\/philippines\/economy-and-society\/\">1. ekonomika un sabiedr\u012bba<\/a><br \/><a href=\"https:\/\/gradido.net\/lv\/countries\/philippines\/income-and-standard-of-living\/\">2 Ien\u0101kumi un dz\u012bves l\u012bmenis<\/a><br \/><strong>3 Darba migr\u0101cija un nodarbin\u0101t\u012bba \u0101rzem\u0113s<\/strong><br \/><a href=\"https:\/\/gradido.net\/lv\/countries\/philippines\/poverty-and-social-inequality\/\">4 Nabadz\u012bba un soci\u0101l\u0101 nevienl\u012bdz\u012bba<\/a><br \/><a href=\"https:\/\/gradido.net\/lv\/countries\/philippines\/common-good-and-solidarity\/\">5 Kop\u0113jais labums un solidarit\u0101te<\/a><br \/><a href=\"https:\/\/gradido.net\/lv\/countries\/philippines\/educational-situation\/\">6 Neizdev\u012bg\u0101 situ\u0101cij\u0101 eso\u0161u b\u0113rnu izgl\u012bt\u012bbas situ\u0101cija<\/a><br \/><a href=\"https:\/\/gradido.net\/lv\/countries\/philippines\/health-and-retirement-provision\/\">7 Vesel\u012bbas, soci\u0101l\u0101 un pensiju nodro\u0161in\u0101\u0161ana<\/a><br \/><a href=\"https:\/\/gradido.net\/lv\/countries\/philippines\/care-work-and-commitment\/\">8 Apr\u016bpes darba un ap\u0146\u0113m\u012bbas atz\u012b\u0161ana<\/a><br \/><a href=\"https:\/\/gradido.net\/lv\/countries\/philippines\/digitization-and-alternative-models\/\">9.inov\u0101cija, digitaliz\u0101cija un alternat\u012bvi ekonomikas mode\u013ci<\/a><br \/><a href=\"https:\/\/gradido.net\/lv\/countries\/philippines\/community-based-economy-and-parallel-currencies\/\">10.uz kopienu balst\u012bta ekonomika un paral\u0113l\u0101s val\u016btas<\/a><br \/><a href=\"https:\/\/gradido.net\/lv\/countries\/philippines\/potential-and-challenges\/\">11 Gradido potenci\u0101ls un probl\u0113mas<\/a><br \/><a href=\"https:\/\/gradido.net\/lv\/countries\/philippines\/international-cooperation\/\">12. starptautisk\u0101 sadarb\u012bba, NVO un vald\u012bbas att\u012bst\u012bbas projekti.<\/a><\/p>\t\t\t\t\t\t\t\t<\/div>\n\t\t\t\t<\/div>\n\t\t\t\t<div class=\"elementor-element elementor-element-d7bb196 elementor-widget-divider--view-line elementor-widget elementor-widget-divider\" data-id=\"d7bb196\" data-element_type=\"widget\" data-e-type=\"widget\" data-widget_type=\"divider.default\">\n\t\t\t\t<div class=\"elementor-widget-container\">\n\t\t\t\t\t\t\t<div class=\"elementor-divider\">\n\t\t\t<span class=\"elementor-divider-separator\">\n\t\t\t\t\t\t<\/span>\n\t\t<\/div>\n\t\t\t\t\t\t<\/div>\n\t\t\t\t<\/div>\n\t\t\t\t<div class=\"elementor-element elementor-element-146ff9d elementor-widget elementor-widget-text-editor\" data-id=\"146ff9d\" data-element_type=\"widget\" data-e-type=\"widget\" data-widget_type=\"text-editor.default\">\n\t\t\t\t<div class=\"elementor-widget-container\">\n\t\t\t\t\t\t\t\t\t<div class=\"wiki-page-header-wrapper\"><div class=\"wiki-page-header-wrapper\"><div class=\"wiki-page-header-wrapper\"><div class=\"wiki-page-header-wrapper\"><h1 id=\"rolle-der-arbeitsmigration-und-auslandserwerbst%C3%A4tigkeit-in-der-philippinischen-gesellschaft\" tabindex=\"-1\">Darbasp\u0113ka migr\u0101cijas un \u0101rzemju nodarbin\u0101t\u012bbas loma Filip\u012bnu sabiedr\u012bb\u0101<\/h1><\/div><div class=\"wiki-page-header-wrapper\"><h2 id=\"gesellschaftliche-und-wirtschaftliche-bedeutung\" tabindex=\"-1\">Soci\u0101l\u0101 un ekonomisk\u0101 noz\u012bme<\/h2><p><strong>Darbasp\u0113ka migr\u0101cija<\/strong> un <strong>Nodarbin\u0101t\u012bba \u0101rzem\u0113s<\/strong> ir galvenie Filip\u012bnu sabiedr\u012bbas un ekonomikas p\u012bl\u0101ri. Filip\u012bnas tiek uzskat\u012btas par vienu no pasaul\u0113 noz\u012bm\u012bg\u0101kaj\u0101m darba migrantu izcelsmes valst\u012bm. \u0160is fenomens ir rakstur\u012bgs gandr\u012bz vis\u0101s dz\u012bves jom\u0101s:<\/p><ul><li><strong>Katru gadu valsti pamet vair\u0101k nek\u0101 miljons filip\u012bnie\u0161u<\/strong>str\u0101d\u0101t \u0101rzem\u0113s, jo \u012bpa\u0161i apr\u016bpes profesij\u0101s, par m\u0101jkalpot\u0101jiem, j\u016brniekiem, celtniekiem, \u0101rstiem vai in\u017eenieriem.<a href=\"https:\/\/www.kirchenzeitung.at\/site\/archiv\/article\/10884.html\" target=\"_blank\" rel=\"noopener noreferrer nofollow\">^1<\/a>.<\/li><li>Filip\u012bnu vald\u012bba akt\u012bvi veicina darbasp\u0113ka migr\u0101ciju un ir izveidojusi visaptvero\u0161u atbalsta t\u012bklu migrantiem.<a href=\"https:\/\/diercke.de\/content\/philippinen-arbeitsmigration-978-3-14-100900-2-297-4-1\" target=\"_blank\" rel=\"noopener noreferrer nofollow\">^1<\/a>.<\/li><li><strong>Naudas p\u0101rvedumi (naudas p\u0101rvedumi)<\/strong> ir valsts svar\u012bg\u0101kais \u0101rvalstu val\u016btas ie\u0146\u0113mumu avots un veido aptuveni <strong>9-10 % no iek\u0161zemes kopprodukta (IKP).<\/strong> \u0101r\u0101. 2023. gad\u0101 tie bija aptuveni <strong>39 miljardi ASV dol\u0101ru<\/strong><a href=\"https:\/\/www.destatis.de\/DE\/Themen\/Laender-Regionen\/Internationales\/Thema\/wirtschaft-finanzen\/Rueckueberweisungen.html\" target=\"_blank\" rel=\"noopener noreferrer nofollow\">^3<\/a><a href=\"https:\/\/diercke.de\/content\/philippinen-arbeitsmigration-978-3-14-100902-6-297-4-1\" target=\"_blank\" rel=\"noopener noreferrer nofollow\">^5<\/a>.<\/li><\/ul><\/div><div class=\"wiki-page-header-wrapper\"><h2 id=\"soziale-auswirkungen\" tabindex=\"-1\">Soci\u0101l\u0101 ietekme<\/h2><ul><li>Daudz\u0101m \u0123imen\u0113m darba migr\u0101cija ir vien\u012bgais veids, k\u0101 izvair\u012bties no nabadz\u012bbas. Naudas p\u0101rvedumi nodro\u0161ina iztikas l\u012bdzek\u013cus, finans\u0113 izgl\u012bt\u012bbu, vesel\u012bbas apr\u016bpi un invest\u012bcijas.<a href=\"https:\/\/suedostasien.net\/philippinische-arbeitsmigration-weltweit-und-nach-deutschland\/\" target=\"_blank\" rel=\"noopener noreferrer nofollow\">^6<\/a>.<\/li><li>Soci\u0101l\u0101 atzin\u012bba par t\u0101 saukto <strong>\"Aizj\u016bras filip\u012bnie\u0161u darba \u0146\u0113m\u0113ji (OFW)<\/strong> ir augsts; vi\u0146i tiek uzskat\u012bti par tautas \"jaunajiem varo\u0146iem\".<a href=\"https:\/\/www.asienhaus.de\/archiv\/china\/user_upload\/OEPK-2019-Factsheet_weltweite_Diaspora.pdf\" target=\"_blank\" rel=\"noopener noreferrer nofollow\">^8<\/a>.<\/li><li>Tom\u0113r migr\u0101cijai ir ar\u012b \u0113nas puses: T\u0101 izraisa stresu \u0123imen\u0113, \u0161\u0137ir\u0161anos un atsevi\u0161\u0137os gad\u012bjumos ar\u012b soci\u0101l\u0101s probl\u0113mas, piem\u0113ram, vientul\u012bbu vai identit\u0101tes zaud\u0113\u0161anu b\u0113rnu vid\u016b.<a href=\"http:\/\/www.fides.org\/de\/news\/64066-ASIEN_PHILIPPINEN_Migration_bringt_soziale_Probleme_mit_sich_und_belastet_Familien\" target=\"_blank\" rel=\"noopener noreferrer nofollow\">^9<\/a>.<\/li><\/ul><\/div><div class=\"wiki-page-header-wrapper\"><h2 id=\"wie-viele-familien-leben-von-r%C3%BCck%C3%BCberweisungen%3F\" tabindex=\"-1\">Cik daudz \u0123ime\u0146u dz\u012bvo no naudas p\u0101rvedumiem?<\/h2><p>Tie\u0161i un netie\u0161i skarto \u0123ime\u0146u skaits ir milz\u012bgs:<\/p><div class=\"table-responsive\"><table><tbody><tr><th><p>M\u0101jsaimniec\u012bbu \u012bpatsvars<\/p><\/th><th><p>Apraksts<\/p><\/th><\/tr><tr><td><p>12-15%<\/p><\/td><td><p>Vismaz viens dal\u012bbnieks pa\u0161laik str\u0101d\u0101 vai nesen ir str\u0101d\u0101jis \u0101rzem\u0113s.<a href=\"https:\/\/diercke.de\/content\/asiatisch-pazifischer-wirtschaftsraum-arbeitsmigration-978-3-14-100803-6-167-3-1\" target=\"_blank\" rel=\"noopener noreferrer nofollow\">^10<\/a>.<\/p><\/td><\/tr><tr><td><p>aptuveni 66%<\/p><\/td><td><p>Divas tre\u0161da\u013cas no vis\u0101m m\u0101jsaimniec\u012bb\u0101m tie\u0161i vai netie\u0161i sa\u0146em naudas p\u0101rvedumus.<a href=\"https:\/\/www.kirchenzeitung.at\/site\/archiv\/article\/10884.html\" target=\"_blank\" rel=\"noopener noreferrer nofollow\">^2<\/a>.<\/p><\/td><\/tr><tr><td><p>60%<\/p><\/td><td><p>Citas m\u0101jsaimniec\u012bbas pieder pie sa\u0146\u0113m\u0113ju \"papla\u0161in\u0101t\u0101 loka\" (piem\u0113ram, radinieki).<a href=\"https:\/\/diercke.de\/content\/asiatisch-pazifischer-wirtschaftsraum-arbeitsmigration-978-3-14-100803-6-167-3-1\" target=\"_blank\" rel=\"noopener noreferrer nofollow\">^11<\/a>.<\/p><\/td><\/tr><\/tbody><\/table><\/div><ul><li>M\u0101jsaimniec\u012bbu \u012bpatsvars, kas dz\u012bvo no naudas p\u0101rvedumiem, ir \u012bpa\u0161i augsts struktur\u0101li v\u0101jos re\u0123ionos, piem\u0113ram, Musulma\u0146u Mindanao autonomaj\u0101 re\u0123ion\u0101 (l\u012bdz 241 PT4T).<a href=\"https:\/\/www.nd-aktuell.de\/artikel\/1163442.philippinische-arbeitsmigration-exportschlager-arbeitskraft.html\" target=\"_blank\" rel=\"noopener noreferrer nofollow\">^10<\/a>.<\/li><li>L\u012bdzek\u013ci galvenok\u0101rt tiek izmantoti ikdienas izdevumiem, izgl\u012bt\u012bbai un par\u0101du atmaksai; ieguld\u012bjumi tiek veikti reti.<a href=\"https:\/\/www.kas.de\/c\/document_library\/get_file?uuid=cb7b08e0-16bd-0f02-e212-115f1a067c87&amp;groupId=252038\" target=\"_blank\" rel=\"noopener noreferrer nofollow\">^6<\/a>.<\/li><\/ul><\/div><div class=\"wiki-page-header-wrapper\"><h2 id=\"fazit\" tabindex=\"-1\">Secin\u0101jums<\/h2><p><strong>Filip\u012bnu sabiedr\u012bbai ir nepiecie\u0161ama darbasp\u0113ka migr\u0101cija un nodarbin\u0101t\u012bba \u0101rzem\u0113s.<\/strong> Tie nodro\u0161ina izdz\u012bvo\u0161anu miljoniem \u0123ime\u0146u un ir valsts ekonomikas centr\u0101lais elements. Taj\u0101 pa\u0161\u0101 laik\u0101 tie rada soci\u0101lo atkar\u012bbu un rada \u0123imen\u0113m un sabiedr\u012bbai nopietnas probl\u0113mas.<a href=\"https:\/\/hasp.ub.uni-heidelberg.de\/journals\/soa\/article\/view\/10935\/10759\" target=\"_blank\" rel=\"noopener noreferrer nofollow\">^1<\/a><a href=\"https:\/\/www.kirchenzeitung.at\/site\/archiv\/article\/10884.html\" target=\"_blank\" rel=\"noopener noreferrer nofollow\">^2<\/a>.<\/p><hr \/><\/div><div class=\"wiki-page-header-wrapper\"><h2 id=\"kommentar-von-nea\" tabindex=\"-1\">Papildu nov\u0113rt\u0113jums no Gradido perspekt\u012bvas<\/h2><p>\u0160is apkopojums iespaid\u012bgi par\u0101da, cik liela noz\u012bme Filip\u012bnu sabiedr\u012bbai un ekonomikai ir darbasp\u0113ka migr\u0101cijai un nodarbin\u0101t\u012bbai \u0101rvalst\u012bs. Skait\u013ci run\u0101 pa\u0161i par sevi: liela da\u013ca iedz\u012bvot\u0101ju ir tie\u0161i vai netie\u0161i atkar\u012bgi no t\u0101, vai vi\u0146u \u0123imenes locek\u013ci atrod darbu \u0101rzem\u0113s - t\u0101 sauktie \"aizj\u016bras filip\u012bnie\u0161u darba \u0146\u0113m\u0113ji\" ir miljoniem cilv\u0113ku iztikas pamats.<\/p><p><strong>Galvenie aspekti no Gradido viedok\u013ca:<\/strong><\/p><ul><li><strong>Solidarit\u0101te un kop\u0113jais labums:<\/strong> Augst\u0101 cie\u0146a, ar k\u0101du tiek cien\u012bti \"jaunie varo\u0146i\", liecina par dzi\u013cu savstarp\u0113ja atbalsta kult\u016bru, bet ar\u012b par to, cik \u013coti kop\u012bgais labums ir atkar\u012bgs no \u0101r\u0113jiem faktoriem. Naudas p\u0101rvedumi atvieglo gr\u016bt\u012bbas un uzlabo dz\u012bves kvalit\u0101ti, bet, t\u0101 k\u0101 tie liel\u0101koties sedz ikdienas izdevumus, tie nevar rad\u012bt ilgsto\u0161as sist\u0113miskas p\u0101rmai\u0146as.<\/li><li><strong>Soci\u0101lie tr\u016bkumi:<\/strong> Daudzas \u0123imenes nov\u0101jina \u0161\u0137ir\u0161an\u0101s un emocion\u0101l\u0101 spriedze, b\u0113rni aug bez vec\u0101kiem, un veselas paaudzes piedz\u012bvo sevi k\u0101 da\u013cu no \"pagaidu atvad\u012b\u0161an\u0101s pasaules\". \u0160\u012bs atkar\u012bbas cilv\u0113cisk\u0101 v\u0113rt\u012bba ir neizm\u0113rojama.<\/li><li><strong>Atkar\u012bba un viet\u0113jo perspekt\u012bvu tr\u016bkums:<\/strong> Masveida naudas p\u0101rvedumi var sniegt \u012bstermi\u0146a pal\u012bdz\u012bbu, ta\u010du daudzos gad\u012bjumos tie kav\u0113 viet\u0113jo att\u012bst\u012bbu un veicina past\u0101v\u012bgu atkar\u012bbu no \u0101rvalst\u012bm.<\/li><\/ul><p><strong>Iesp\u0113jas no Gradido perspekt\u012bvas:<\/strong> Uz sabiedr\u012bbas labkl\u0101j\u012bbu orient\u0113ta sist\u0113ma, piem\u0113ram, Gradido, var\u0113tu stiprin\u0101t re\u0123ion\u0101lo v\u0113rt\u012bbu rad\u012b\u0161anu, sniedzot viet\u0113jiem iedz\u012bvot\u0101jiem lab\u0101kas dz\u012bves un att\u012bst\u012bbas iesp\u0113jas. Filip\u012bnie\u0161u solidarit\u0101tes sp\u0113ku var\u0113tu izmantot, lai rad\u012btu jaunas perspekt\u012bvas, viet\u0113j\u0101s kopienas projektus un ilgtsp\u0113j\u012bgus ekonomiskos ciklus - lai maz\u0101k cilv\u0113ku b\u016btu spiesti pamest savas m\u0101jas.<\/p><p>M\u016bsu kop\u012bgajam m\u0113r\u0137im ir j\u0101rada apst\u0101k\u013ci, kuros cilv\u0113ki var piln\u012bb\u0101 att\u012bst\u012bt savu cie\u0146u un laimi dz\u012bv\u0113 - kopien\u0101, sav\u0101 valst\u012b, dro\u0161\u012bb\u0101.<\/p><\/div><\/div><\/div><\/div>\t\t\t\t\t\t\t\t<\/div>\n\t\t\t\t<\/div>\n\t\t\t\t\t<\/div>\n\t\t<\/div>\n\t\t\t\t\t<\/div>\n\t\t<\/section>\n\t\t\t\t<\/div>","protected":false},"excerpt":{"rendered":"<p>Arbeitsmigration und Auslandserwerbst\u00e4tigkeit Hauptseite: Philippinen 1. Wirtschaft und Gesellschaft2.Einkommen und Lebensstandard3.Arbeitsmigration und Auslandserwerbst\u00e4tigkeit4.Armut und soziale Ungleichheit5.Gemeinwohl und Solidarit\u00e4t6.Bildungssituation benachteiligter Kinder7.Gesundheit, soziale Sicherung und Altersvorsorge8.Anerkennung von Care-Arbeit und Engagement9.Innovationen, Digitalisierung und alternative Wirtschaftsmodelle10.Gemeinschaftsbasierte \u00d6konomie und Parallelw\u00e4hrungen11.Potenziale und Herausforderungen f\u00fcr Gradido12. Internationale Kooperationen, NGOs und staatliche Entwicklungsprojekte Rolle der Arbeitsmigration und Auslandserwerbst\u00e4tigkeit in der philippinischen Gesellschaft Gesellschaftliche [&hellip;]<\/p>\n","protected":false},"author":2,"featured_media":10458,"parent":10540,"menu_order":0,"comment_status":"closed","ping_status":"closed","template":"","meta":{"footnotes":""},"class_list":["post-10575","page","type-page","status-publish","has-post-thumbnail","hentry"],"yoast_head":"<!-- This site is optimized with the Yoast SEO plugin v27.5 - https:\/\/yoast.com\/product\/yoast-seo-wordpress\/ -->\n<title>Arbeitsmigration und Auslandserwerbst\u00e4tigkeit Philippinen - Gradido<\/title>\n<meta name=\"description\" content=\"Sei Teil der Bewegung!Gemeinsam bringen wir Gradido in die Welt.\" \/>\n<meta name=\"robots\" content=\"index, follow, max-snippet:-1, max-image-preview:large, max-video-preview:-1\" \/>\n<link rel=\"canonical\" href=\"https:\/\/gradido.net\/lv\/countries\/philippines\/labor-migration-and-foreign-employment\/\" \/>\n<meta property=\"og:locale\" content=\"lv_LV\" \/>\n<meta property=\"og:type\" content=\"article\" \/>\n<meta property=\"og:title\" content=\"Arbeitsmigration und Auslandserwerbst\u00e4tigkeit Philippinen - Gradido\" \/>\n<meta property=\"og:description\" content=\"Sei Teil der Bewegung!Gemeinsam bringen wir Gradido in die Welt.\" \/>\n<meta property=\"og:url\" content=\"https:\/\/gradido.net\/lv\/countries\/philippines\/labor-migration-and-foreign-employment\/\" \/>\n<meta property=\"og:site_name\" content=\"Gradido\" \/>\n<meta property=\"article:modified_time\" content=\"2025-10-04T09:54:39+00:00\" \/>\n<meta property=\"og:image\" content=\"https:\/\/gradido.net\/wp-content\/uploads\/2025\/07\/AdobeStock_3210827871-scaled.jpeg\" \/>\n\t<meta property=\"og:image:width\" content=\"2560\" \/>\n\t<meta property=\"og:image:height\" content=\"790\" \/>\n\t<meta property=\"og:image:type\" content=\"image\/jpeg\" \/>\n<meta name=\"twitter:card\" content=\"summary_large_image\" \/>\n<meta name=\"twitter:label1\" content=\"Est. reading time\" \/>\n\t<meta name=\"twitter:data1\" content=\"4 min\u016btes\" \/>\n<script type=\"application\/ld+json\" class=\"yoast-schema-graph\">{\"@context\":\"https:\\\/\\\/schema.org\",\"@graph\":[{\"@type\":\"WebPage\",\"@id\":\"https:\\\/\\\/gradido.net\\\/countries\\\/philippines\\\/labor-migration-and-foreign-employment\\\/\",\"url\":\"https:\\\/\\\/gradido.net\\\/countries\\\/philippines\\\/labor-migration-and-foreign-employment\\\/\",\"name\":\"Arbeitsmigration und Auslandserwerbst\u00e4tigkeit Philippinen - Gradido\",\"isPartOf\":{\"@id\":\"https:\\\/\\\/gradido.net\\\/de\\\/#website\"},\"primaryImageOfPage\":{\"@id\":\"https:\\\/\\\/gradido.net\\\/countries\\\/philippines\\\/labor-migration-and-foreign-employment\\\/#primaryimage\"},\"image\":{\"@id\":\"https:\\\/\\\/gradido.net\\\/countries\\\/philippines\\\/labor-migration-and-foreign-employment\\\/#primaryimage\"},\"thumbnailUrl\":\"https:\\\/\\\/gradido.net\\\/wp-content\\\/uploads\\\/2025\\\/07\\\/AdobeStock_3210827871-scaled.jpeg\",\"datePublished\":\"2025-07-27T13:24:41+00:00\",\"dateModified\":\"2025-10-04T09:54:39+00:00\",\"description\":\"Sei Teil der Bewegung!Gemeinsam bringen wir Gradido in die Welt.\",\"breadcrumb\":{\"@id\":\"https:\\\/\\\/gradido.net\\\/countries\\\/philippines\\\/labor-migration-and-foreign-employment\\\/#breadcrumb\"},\"inLanguage\":\"lv-LV\",\"potentialAction\":[{\"@type\":\"ReadAction\",\"target\":[\"https:\\\/\\\/gradido.net\\\/countries\\\/philippines\\\/labor-migration-and-foreign-employment\\\/\"]}]},{\"@type\":\"ImageObject\",\"inLanguage\":\"lv-LV\",\"@id\":\"https:\\\/\\\/gradido.net\\\/countries\\\/philippines\\\/labor-migration-and-foreign-employment\\\/#primaryimage\",\"url\":\"https:\\\/\\\/gradido.net\\\/wp-content\\\/uploads\\\/2025\\\/07\\\/AdobeStock_3210827871-scaled.jpeg\",\"contentUrl\":\"https:\\\/\\\/gradido.net\\\/wp-content\\\/uploads\\\/2025\\\/07\\\/AdobeStock_3210827871-scaled.jpeg\",\"width\":2560,\"height\":790,\"caption\":\"world globe planet earth 3d-illustration. elements of this image furnished by NASA\"},{\"@type\":\"BreadcrumbList\",\"@id\":\"https:\\\/\\\/gradido.net\\\/countries\\\/philippines\\\/labor-migration-and-foreign-employment\\\/#breadcrumb\",\"itemListElement\":[{\"@type\":\"ListItem\",\"position\":1,\"name\":\"Startseite\",\"item\":\"https:\\\/\\\/gradido.net\\\/\"},{\"@type\":\"ListItem\",\"position\":2,\"name\":\"L\u00e4nderforschung\",\"item\":\"https:\\\/\\\/gradido.net\\\/countries\\\/\"},{\"@type\":\"ListItem\",\"position\":3,\"name\":\"Philppinen\",\"item\":\"https:\\\/\\\/gradido.net\\\/countries\\\/philippines\\\/\"},{\"@type\":\"ListItem\",\"position\":4,\"name\":\"Arbeitsmigration und Auslandserwerbst\u00e4tigkeit Philippinen\"}]},{\"@type\":\"WebSite\",\"@id\":\"https:\\\/\\\/gradido.net\\\/de\\\/#website\",\"url\":\"https:\\\/\\\/gradido.net\\\/de\\\/\",\"name\":\"Gradido\",\"description\":\"Die neue W\u00e4hrung hei\u00dft Dankbarkeit\",\"publisher\":{\"@id\":\"https:\\\/\\\/gradido.net\\\/de\\\/#organization\"},\"potentialAction\":[{\"@type\":\"SearchAction\",\"target\":{\"@type\":\"EntryPoint\",\"urlTemplate\":\"https:\\\/\\\/gradido.net\\\/de\\\/?s={search_term_string}\"},\"query-input\":{\"@type\":\"PropertyValueSpecification\",\"valueRequired\":true,\"valueName\":\"search_term_string\"}}],\"inLanguage\":\"lv-LV\"},{\"@type\":\"Organization\",\"@id\":\"https:\\\/\\\/gradido.net\\\/de\\\/#organization\",\"name\":\"Gradido\",\"url\":\"https:\\\/\\\/gradido.net\\\/de\\\/\",\"logo\":{\"@type\":\"ImageObject\",\"inLanguage\":\"lv-LV\",\"@id\":\"https:\\\/\\\/gradido.net\\\/de\\\/#\\\/schema\\\/logo\\\/image\\\/\",\"url\":\"https:\\\/\\\/gradido.net\\\/wp-content\\\/uploads\\\/2022\\\/04\\\/gradido-social.jpg\",\"contentUrl\":\"https:\\\/\\\/gradido.net\\\/wp-content\\\/uploads\\\/2022\\\/04\\\/gradido-social.jpg\",\"width\":527,\"height\":273,\"caption\":\"Gradido\"},\"image\":{\"@id\":\"https:\\\/\\\/gradido.net\\\/de\\\/#\\\/schema\\\/logo\\\/image\\\/\"}}]}<\/script>\n<!-- \/ Yoast SEO plugin. -->","yoast_head_json":{"title":"Darba migr\u0101cija un nodarbin\u0101t\u012bba \u0101rzem\u0113s Filip\u012bnas - Gradido","description":"Esi da\u013ca no \u0161\u012bs kust\u012bbas! Kop\u0101 m\u0113s nesam Gradido pasaul\u0113.","robots":{"index":"index","follow":"follow","max-snippet":"max-snippet:-1","max-image-preview":"max-image-preview:large","max-video-preview":"max-video-preview:-1"},"canonical":"https:\/\/gradido.net\/lv\/countries\/philippines\/labor-migration-and-foreign-employment\/","og_locale":"lv_LV","og_type":"article","og_title":"Arbeitsmigration und Auslandserwerbst\u00e4tigkeit Philippinen - Gradido","og_description":"Sei Teil der Bewegung!Gemeinsam bringen wir Gradido in die Welt.","og_url":"https:\/\/gradido.net\/lv\/countries\/philippines\/labor-migration-and-foreign-employment\/","og_site_name":"Gradido","article_modified_time":"2025-10-04T09:54:39+00:00","og_image":[{"width":2560,"height":790,"url":"https:\/\/gradido.net\/wp-content\/uploads\/2025\/07\/AdobeStock_3210827871-scaled.jpeg","type":"image\/jpeg"}],"twitter_card":"summary_large_image","twitter_misc":{"Est. reading time":"4 min\u016btes"},"schema":{"@context":"https:\/\/schema.org","@graph":[{"@type":"WebPage","@id":"https:\/\/gradido.net\/countries\/philippines\/labor-migration-and-foreign-employment\/","url":"https:\/\/gradido.net\/countries\/philippines\/labor-migration-and-foreign-employment\/","name":"Darba migr\u0101cija un nodarbin\u0101t\u012bba \u0101rzem\u0113s Filip\u012bnas - Gradido","isPartOf":{"@id":"https:\/\/gradido.net\/de\/#website"},"primaryImageOfPage":{"@id":"https:\/\/gradido.net\/countries\/philippines\/labor-migration-and-foreign-employment\/#primaryimage"},"image":{"@id":"https:\/\/gradido.net\/countries\/philippines\/labor-migration-and-foreign-employment\/#primaryimage"},"thumbnailUrl":"https:\/\/gradido.net\/wp-content\/uploads\/2025\/07\/AdobeStock_3210827871-scaled.jpeg","datePublished":"2025-07-27T13:24:41+00:00","dateModified":"2025-10-04T09:54:39+00:00","description":"Esi da\u013ca no \u0161\u012bs kust\u012bbas! Kop\u0101 m\u0113s nesam Gradido pasaul\u0113.","breadcrumb":{"@id":"https:\/\/gradido.net\/countries\/philippines\/labor-migration-and-foreign-employment\/#breadcrumb"},"inLanguage":"lv-LV","potentialAction":[{"@type":"ReadAction","target":["https:\/\/gradido.net\/countries\/philippines\/labor-migration-and-foreign-employment\/"]}]},{"@type":"ImageObject","inLanguage":"lv-LV","@id":"https:\/\/gradido.net\/countries\/philippines\/labor-migration-and-foreign-employment\/#primaryimage","url":"https:\/\/gradido.net\/wp-content\/uploads\/2025\/07\/AdobeStock_3210827871-scaled.jpeg","contentUrl":"https:\/\/gradido.net\/wp-content\/uploads\/2025\/07\/AdobeStock_3210827871-scaled.jpeg","width":2560,"height":790,"caption":"world globe planet earth 3d-illustration. elements of this image furnished by NASA"},{"@type":"BreadcrumbList","@id":"https:\/\/gradido.net\/countries\/philippines\/labor-migration-and-foreign-employment\/#breadcrumb","itemListElement":[{"@type":"ListItem","position":1,"name":"Startseite","item":"https:\/\/gradido.net\/"},{"@type":"ListItem","position":2,"name":"L\u00e4nderforschung","item":"https:\/\/gradido.net\/countries\/"},{"@type":"ListItem","position":3,"name":"Philppinen","item":"https:\/\/gradido.net\/countries\/philippines\/"},{"@type":"ListItem","position":4,"name":"Arbeitsmigration und Auslandserwerbst\u00e4tigkeit Philippinen"}]},{"@type":"WebSite","@id":"https:\/\/gradido.net\/de\/#website","url":"https:\/\/gradido.net\/de\/","name":"Gradido","description":"Jaun\u0101 val\u016bta ir pateic\u012bba","publisher":{"@id":"https:\/\/gradido.net\/de\/#organization"},"potentialAction":[{"@type":"SearchAction","target":{"@type":"EntryPoint","urlTemplate":"https:\/\/gradido.net\/de\/?s={search_term_string}"},"query-input":{"@type":"PropertyValueSpecification","valueRequired":true,"valueName":"search_term_string"}}],"inLanguage":"lv-LV"},{"@type":"Organization","@id":"https:\/\/gradido.net\/de\/#organization","name":"Gradido","url":"https:\/\/gradido.net\/de\/","logo":{"@type":"ImageObject","inLanguage":"lv-LV","@id":"https:\/\/gradido.net\/de\/#\/schema\/logo\/image\/","url":"https:\/\/gradido.net\/wp-content\/uploads\/2022\/04\/gradido-social.jpg","contentUrl":"https:\/\/gradido.net\/wp-content\/uploads\/2022\/04\/gradido-social.jpg","width":527,"height":273,"caption":"Gradido"},"image":{"@id":"https:\/\/gradido.net\/de\/#\/schema\/logo\/image\/"}}]}},"_links":{"self":[{"href":"https:\/\/gradido.net\/lv\/wp-json\/wp\/v2\/pages\/10575","targetHints":{"allow":["GET"]}}],"collection":[{"href":"https:\/\/gradido.net\/lv\/wp-json\/wp\/v2\/pages"}],"about":[{"href":"https:\/\/gradido.net\/lv\/wp-json\/wp\/v2\/types\/page"}],"author":[{"embeddable":true,"href":"https:\/\/gradido.net\/lv\/wp-json\/wp\/v2\/users\/2"}],"replies":[{"embeddable":true,"href":"https:\/\/gradido.net\/lv\/wp-json\/wp\/v2\/comments?post=10575"}],"version-history":[{"count":16,"href":"https:\/\/gradido.net\/lv\/wp-json\/wp\/v2\/pages\/10575\/revisions"}],"predecessor-version":[{"id":11965,"href":"https:\/\/gradido.net\/lv\/wp-json\/wp\/v2\/pages\/10575\/revisions\/11965"}],"up":[{"embeddable":true,"href":"https:\/\/gradido.net\/lv\/wp-json\/wp\/v2\/pages\/10540"}],"wp:featuredmedia":[{"embeddable":true,"href":"https:\/\/gradido.net\/lv\/wp-json\/wp\/v2\/media\/10458"}],"wp:attachment":[{"href":"https:\/\/gradido.net\/lv\/wp-json\/wp\/v2\/media?parent=10575"}],"curies":[{"name":"wp","href":"https:\/\/api.w.org\/{rel}","templated":true}]}}