{"id":10583,"date":"2025-07-27T16:08:15","date_gmt":"2025-07-27T14:08:15","guid":{"rendered":"https:\/\/gradido.net\/?page_id=10583"},"modified":"2025-10-04T11:55:27","modified_gmt":"2025-10-04T09:55:27","slug":"poverty-and-social-inequality","status":"publish","type":"page","link":"https:\/\/gradido.net\/lv\/countries\/philippines\/poverty-and-social-inequality\/","title":{"rendered":"Nabadz\u012bba un soci\u0101l\u0101 nevienl\u012bdz\u012bba Filip\u012bnas"},"content":{"rendered":"<div data-elementor-type=\"wp-page\" data-elementor-id=\"10583\" class=\"elementor elementor-10583\" data-elementor-post-type=\"page\">\n\t\t\t\t\t\t<section class=\"elementor-section elementor-top-section elementor-element elementor-element-4ce3e8af elementor-section-full_width elementor-section-height-default elementor-section-height-default\" data-id=\"4ce3e8af\" data-element_type=\"section\" data-e-type=\"section\">\n\t\t\t\t\t\t<div class=\"elementor-container elementor-column-gap-no\">\n\t\t\t\t\t<div class=\"elementor-column elementor-col-100 elementor-top-column elementor-element elementor-element-efa8c8c\" data-id=\"efa8c8c\" data-element_type=\"column\" data-e-type=\"column\">\n\t\t\t<div class=\"elementor-widget-wrap elementor-element-populated\">\n\t\t\t\t\t\t<div class=\"elementor-element elementor-element-e088aa4 elementor--h-position-center elementor--v-position-middle elementor-arrows-position-inside elementor-widget elementor-widget-slides\" data-id=\"e088aa4\" data-element_type=\"widget\" data-e-type=\"widget\" data-settings=\"{&quot;navigation&quot;:&quot;arrows&quot;,&quot;autoplay&quot;:&quot;yes&quot;,&quot;pause_on_hover&quot;:&quot;yes&quot;,&quot;pause_on_interaction&quot;:&quot;yes&quot;,&quot;autoplay_speed&quot;:5000,&quot;infinite&quot;:&quot;yes&quot;,&quot;transition&quot;:&quot;slide&quot;,&quot;transition_speed&quot;:500}\" data-widget_type=\"slides.default\">\n\t\t\t\t<div class=\"elementor-widget-container\">\n\t\t\t\t\t\t\t\t\t<div class=\"elementor-swiper\">\n\t\t\t\t\t<div class=\"elementor-slides-wrapper elementor-main-swiper swiper\" role=\"region\" aria-roledescription=\"carousel\" aria-label=\"Sl\u012bdnis\" dir=\"ltr\" data-animation=\"fadeInUp\">\n\t\t\t\t<div class=\"swiper-wrapper elementor-slides\">\n\t\t\t\t\t\t\t\t\t\t<div class=\"elementor-repeater-item-2de4990 swiper-slide\" role=\"group\" aria-roledescription=\"slide\"><div class=\"swiper-slide-bg\" role=\"img\" aria-label=\"manila-4503501_1280\"><\/div><div class=\"swiper-slide-inner\" ><div class=\"swiper-slide-contents\"><\/div><\/div><\/div><div class=\"elementor-repeater-item-28f126e swiper-slide\" role=\"group\" aria-roledescription=\"slide\"><div class=\"swiper-slide-bg\" role=\"img\" aria-label=\"philippines-4951855_1280\"><\/div><div class=\"swiper-slide-inner\" ><div class=\"swiper-slide-contents\"><\/div><\/div><\/div><div class=\"elementor-repeater-item-992da35 swiper-slide\" role=\"group\" aria-roledescription=\"slide\"><div class=\"swiper-slide-bg\" role=\"img\" aria-label=\"manila-2256322_1280\"><\/div><div class=\"swiper-slide-inner\" ><div class=\"swiper-slide-contents\"><\/div><\/div><\/div>\t\t\t\t<\/div>\n\t\t\t\t\t\t\t\t\t\t\t\t\t\t\t<div class=\"elementor-swiper-button elementor-swiper-button-prev\" role=\"button\" tabindex=\"0\" aria-label=\"Diapositive pr\u00e9c\u00e9dente\" data-no-translation-aria-label=\"\">\n\t\t\t\t\t\t\t<i aria-hidden=\"true\" class=\"eicon-chevron-left\"><\/i>\t\t\t\t\t\t<\/div>\n\t\t\t\t\t\t<div class=\"elementor-swiper-button elementor-swiper-button-next\" role=\"button\" tabindex=\"0\" aria-label=\"Diapositive suivante\" data-no-translation-aria-label=\"\">\n\t\t\t\t\t\t\t<i aria-hidden=\"true\" class=\"eicon-chevron-right\"><\/i>\t\t\t\t\t\t<\/div>\n\t\t\t\t\t\t\t\t\t\t\t\t\t\t\t\t\t<\/div>\n\t\t\t\t<\/div>\n\t\t\t\t\t\t\t\t<\/div>\n\t\t\t\t<\/div>\n\t\t\t\t\t<\/div>\n\t\t<\/div>\n\t\t\t\t\t<\/div>\n\t\t<\/section>\n\t\t\t\t<section class=\"elementor-section elementor-top-section elementor-element elementor-element-240baa7a elementor-section-boxed elementor-section-height-default elementor-section-height-default\" data-id=\"240baa7a\" data-element_type=\"section\" data-e-type=\"section\" data-settings=\"{&quot;background_background&quot;:&quot;classic&quot;}\">\n\t\t\t\t\t\t<div class=\"elementor-container elementor-column-gap-default\">\n\t\t\t\t\t<div class=\"elementor-column elementor-col-100 elementor-top-column elementor-element elementor-element-1afe9e42\" data-id=\"1afe9e42\" data-element_type=\"column\" data-e-type=\"column\">\n\t\t\t<div class=\"elementor-widget-wrap elementor-element-populated\">\n\t\t\t\t\t\t<div class=\"elementor-element elementor-element-65bd50ae elementor-widget elementor-widget-heading\" data-id=\"65bd50ae\" data-element_type=\"widget\" data-e-type=\"widget\" data-widget_type=\"heading.default\">\n\t\t\t\t<div class=\"elementor-widget-container\">\n\t\t\t\t\t<h1 class=\"elementor-heading-title elementor-size-default\">Nabadz\u012bba un soci\u0101l\u0101 nevienl\u012bdz\u012bba<\/h1>\t\t\t\t<\/div>\n\t\t\t\t<\/div>\n\t\t\t\t\t<\/div>\n\t\t<\/div>\n\t\t\t\t\t<\/div>\n\t\t<\/section>\n\t\t\t\t<section class=\"elementor-section elementor-top-section elementor-element elementor-element-446540f elementor-section-boxed elementor-section-height-default elementor-section-height-default\" data-id=\"446540f\" data-element_type=\"section\" data-e-type=\"section\">\n\t\t\t\t\t\t<div class=\"elementor-container elementor-column-gap-default\">\n\t\t\t\t\t<div class=\"elementor-column elementor-col-100 elementor-top-column elementor-element elementor-element-312a2d3\" data-id=\"312a2d3\" data-element_type=\"column\" data-e-type=\"column\">\n\t\t\t<div class=\"elementor-widget-wrap elementor-element-populated\">\n\t\t\t\t\t\t<div class=\"elementor-element elementor-element-a22561e elementor-nav-menu--dropdown-tablet elementor-nav-menu__text-align-aside elementor-nav-menu--toggle elementor-nav-menu--burger elementor-widget elementor-widget-nav-menu\" data-id=\"a22561e\" data-element_type=\"widget\" data-e-type=\"widget\" data-settings=\"{&quot;layout&quot;:&quot;horizontal&quot;,&quot;submenu_icon&quot;:{&quot;value&quot;:&quot;&lt;i class=\\&quot;fas fa-caret-down\\&quot; aria-hidden=\\&quot;true\\&quot;&gt;&lt;\\\/i&gt;&quot;,&quot;library&quot;:&quot;fa-solid&quot;},&quot;toggle&quot;:&quot;burger&quot;}\" data-widget_type=\"nav-menu.default\">\n\t\t\t\t<div class=\"elementor-widget-container\">\n\t\t\t\t\t\t\t\t<nav aria-label=\"Valstu izp\u0113te\" class=\"elementor-nav-menu--main elementor-nav-menu__container elementor-nav-menu--layout-horizontal e--pointer-underline e--animation-grow\">\n\t\t\t\t<ul id=\"menu-1-a22561e\" class=\"elementor-nav-menu\"><li class=\"menu-item menu-item-type-custom menu-item-object-custom menu-item-has-children menu-item-12305\"><a class=\"elementor-item\">\u0100frika<\/a>\n<ul class=\"sub-menu elementor-nav-menu--dropdown\">\n\t<li class=\"menu-item menu-item-type-post_type menu-item-object-page menu-item-12253\"><a href=\"https:\/\/gradido.net\/lv\/countries\/afrika\/\" class=\"elementor-sub-item\">\u0100frika, viss kontinents<\/a><\/li>\n\t<li class=\"menu-item menu-item-type-post_type menu-item-object-page menu-item-13097\"><a href=\"https:\/\/gradido.net\/lv\/countries\/afrika\/dr-congo\/\" class=\"elementor-sub-item\">Kongo Demokr\u0101tisk\u0101 Republika<\/a><\/li>\n\t<li class=\"menu-item menu-item-type-post_type menu-item-object-page menu-item-12414\"><a href=\"https:\/\/gradido.net\/lv\/countries\/afrika\/kenya\/\" class=\"elementor-sub-item\">Kenija<\/a><\/li>\n\t<li class=\"menu-item menu-item-type-post_type menu-item-object-page menu-item-12737\"><a href=\"https:\/\/gradido.net\/lv\/countries\/afrika\/madagascar\/\" class=\"elementor-sub-item\">Madagaskara<\/a><\/li>\n\t<li class=\"menu-item menu-item-type-post_type menu-item-object-page menu-item-12148\"><a href=\"https:\/\/gradido.net\/lv\/countries\/afrika\/namibia\/\" class=\"elementor-sub-item\">Nam\u012bbija<\/a><\/li>\n\t<li class=\"menu-item menu-item-type-post_type menu-item-object-page menu-item-12839\"><a href=\"https:\/\/gradido.net\/lv\/countries\/afrika\/rwanda\/\" class=\"elementor-sub-item\">Ruanda<\/a><\/li>\n<\/ul>\n<\/li>\n<li class=\"menu-item menu-item-type-custom menu-item-object-custom menu-item-has-children menu-item-11798\"><a class=\"elementor-item\">America<\/a>\n<ul class=\"sub-menu elementor-nav-menu--dropdown\">\n\t<li class=\"menu-item menu-item-type-post_type menu-item-object-page menu-item-12463\"><a href=\"https:\/\/gradido.net\/lv\/countries\/usa\/\" class=\"elementor-sub-item\">ASV<\/a><\/li>\n\t<li class=\"menu-item menu-item-type-post_type menu-item-object-page menu-item-11791\"><a href=\"https:\/\/gradido.net\/lv\/countries\/mexico\/\" class=\"elementor-sub-item\">Meksika<\/a><\/li>\n<\/ul>\n<\/li>\n<li class=\"menu-item menu-item-type-custom menu-item-object-custom menu-item-has-children menu-item-11800\"><a class=\"elementor-item\">Asia<\/a>\n<ul class=\"sub-menu elementor-nav-menu--dropdown\">\n\t<li class=\"menu-item menu-item-type-post_type menu-item-object-page menu-item-11794\"><a href=\"https:\/\/gradido.net\/lv\/countries\/maledives\/\" class=\"elementor-sub-item\">Mald\u012bvu salas<\/a><\/li>\n\t<li class=\"menu-item menu-item-type-post_type menu-item-object-page menu-item-11790\"><a href=\"https:\/\/gradido.net\/lv\/countries\/philippines\/\" class=\"elementor-sub-item\">Filip\u012bnas<\/a><\/li>\n\t<li class=\"menu-item menu-item-type-post_type menu-item-object-page menu-item-11802\"><a href=\"https:\/\/gradido.net\/lv\/countries\/saudi-arabia\/\" class=\"elementor-sub-item\">Sa\u016bda Ar\u0101bija<\/a><\/li>\n<\/ul>\n<\/li>\n<li class=\"menu-item menu-item-type-custom menu-item-object-custom menu-item-has-children menu-item-11797\"><a class=\"elementor-item\">Eiropa<\/a>\n<ul class=\"sub-menu elementor-nav-menu--dropdown\">\n\t<li class=\"menu-item menu-item-type-post_type menu-item-object-page menu-item-11805\"><a href=\"https:\/\/gradido.net\/lv\/countries\/germany\/\" class=\"elementor-sub-item\">V\u0101cija<\/a><\/li>\n\t<li class=\"menu-item menu-item-type-post_type menu-item-object-page menu-item-11803\"><a href=\"https:\/\/gradido.net\/lv\/countries\/greece\/\" class=\"elementor-sub-item\">Grie\u0137ija<\/a><\/li>\n\t<li class=\"menu-item menu-item-type-post_type menu-item-object-page menu-item-11788\"><a href=\"https:\/\/gradido.net\/lv\/countries\/spain\/\" class=\"elementor-sub-item\">Sp\u0101nija<\/a><\/li>\n<\/ul>\n<\/li>\n<li class=\"menu-item menu-item-type-custom menu-item-object-custom menu-item-has-children menu-item-11801\"><a class=\"elementor-item\">Oke\u0101nija<\/a>\n<ul class=\"sub-menu elementor-nav-menu--dropdown\">\n\t<li class=\"menu-item menu-item-type-post_type menu-item-object-page menu-item-11793\"><a href=\"https:\/\/gradido.net\/lv\/countries\/marshall-islands\/\" class=\"elementor-sub-item\">M\u0101r\u0161ala salas<\/a><\/li>\n\t<li class=\"menu-item menu-item-type-post_type menu-item-object-page menu-item-11795\"><a href=\"https:\/\/gradido.net\/lv\/countries\/tahiti\/\" class=\"elementor-sub-item\">Tahiti<\/a><\/li>\n<\/ul>\n<\/li>\n<\/ul>\t\t\t<\/nav>\n\t\t\t\t\t<div class=\"elementor-menu-toggle\" role=\"button\" tabindex=\"0\" aria-label=\"Izv\u0113lnes p\u0101rsl\u0113g\u0161ana\" aria-expanded=\"false\">\n\t\t\t<i aria-hidden=\"true\" role=\"presentation\" class=\"elementor-menu-toggle__icon--open eicon-menu-bar\"><\/i><i aria-hidden=\"true\" role=\"presentation\" class=\"elementor-menu-toggle__icon--close eicon-close\"><\/i>\t\t<\/div>\n\t\t\t\t\t<nav class=\"elementor-nav-menu--dropdown elementor-nav-menu__container\" aria-hidden=\"true\">\n\t\t\t\t<ul id=\"menu-2-a22561e\" class=\"elementor-nav-menu\"><li class=\"menu-item menu-item-type-custom menu-item-object-custom menu-item-has-children menu-item-12305\"><a class=\"elementor-item\" tabindex=\"-1\">\u0100frika<\/a>\n<ul class=\"sub-menu elementor-nav-menu--dropdown\">\n\t<li class=\"menu-item menu-item-type-post_type menu-item-object-page menu-item-12253\"><a href=\"https:\/\/gradido.net\/lv\/countries\/afrika\/\" class=\"elementor-sub-item\" tabindex=\"-1\">\u0100frika, viss kontinents<\/a><\/li>\n\t<li class=\"menu-item menu-item-type-post_type menu-item-object-page menu-item-13097\"><a href=\"https:\/\/gradido.net\/lv\/countries\/afrika\/dr-congo\/\" class=\"elementor-sub-item\" tabindex=\"-1\">Kongo Demokr\u0101tisk\u0101 Republika<\/a><\/li>\n\t<li class=\"menu-item menu-item-type-post_type menu-item-object-page menu-item-12414\"><a href=\"https:\/\/gradido.net\/lv\/countries\/afrika\/kenya\/\" class=\"elementor-sub-item\" tabindex=\"-1\">Kenija<\/a><\/li>\n\t<li class=\"menu-item menu-item-type-post_type menu-item-object-page menu-item-12737\"><a href=\"https:\/\/gradido.net\/lv\/countries\/afrika\/madagascar\/\" class=\"elementor-sub-item\" tabindex=\"-1\">Madagaskara<\/a><\/li>\n\t<li class=\"menu-item menu-item-type-post_type menu-item-object-page menu-item-12148\"><a href=\"https:\/\/gradido.net\/lv\/countries\/afrika\/namibia\/\" class=\"elementor-sub-item\" tabindex=\"-1\">Nam\u012bbija<\/a><\/li>\n\t<li class=\"menu-item menu-item-type-post_type menu-item-object-page menu-item-12839\"><a href=\"https:\/\/gradido.net\/lv\/countries\/afrika\/rwanda\/\" class=\"elementor-sub-item\" tabindex=\"-1\">Ruanda<\/a><\/li>\n<\/ul>\n<\/li>\n<li class=\"menu-item menu-item-type-custom menu-item-object-custom menu-item-has-children menu-item-11798\"><a class=\"elementor-item\" tabindex=\"-1\">America<\/a>\n<ul class=\"sub-menu elementor-nav-menu--dropdown\">\n\t<li class=\"menu-item menu-item-type-post_type menu-item-object-page menu-item-12463\"><a href=\"https:\/\/gradido.net\/lv\/countries\/usa\/\" class=\"elementor-sub-item\" tabindex=\"-1\">ASV<\/a><\/li>\n\t<li class=\"menu-item menu-item-type-post_type menu-item-object-page menu-item-11791\"><a href=\"https:\/\/gradido.net\/lv\/countries\/mexico\/\" class=\"elementor-sub-item\" tabindex=\"-1\">Meksika<\/a><\/li>\n<\/ul>\n<\/li>\n<li class=\"menu-item menu-item-type-custom menu-item-object-custom menu-item-has-children menu-item-11800\"><a class=\"elementor-item\" tabindex=\"-1\">Asia<\/a>\n<ul class=\"sub-menu elementor-nav-menu--dropdown\">\n\t<li class=\"menu-item menu-item-type-post_type menu-item-object-page menu-item-11794\"><a href=\"https:\/\/gradido.net\/lv\/countries\/maledives\/\" class=\"elementor-sub-item\" tabindex=\"-1\">Mald\u012bvu salas<\/a><\/li>\n\t<li class=\"menu-item menu-item-type-post_type menu-item-object-page menu-item-11790\"><a href=\"https:\/\/gradido.net\/lv\/countries\/philippines\/\" class=\"elementor-sub-item\" tabindex=\"-1\">Filip\u012bnas<\/a><\/li>\n\t<li class=\"menu-item menu-item-type-post_type menu-item-object-page menu-item-11802\"><a href=\"https:\/\/gradido.net\/lv\/countries\/saudi-arabia\/\" class=\"elementor-sub-item\" tabindex=\"-1\">Sa\u016bda Ar\u0101bija<\/a><\/li>\n<\/ul>\n<\/li>\n<li class=\"menu-item menu-item-type-custom menu-item-object-custom menu-item-has-children menu-item-11797\"><a class=\"elementor-item\" tabindex=\"-1\">Eiropa<\/a>\n<ul class=\"sub-menu elementor-nav-menu--dropdown\">\n\t<li class=\"menu-item menu-item-type-post_type menu-item-object-page menu-item-11805\"><a href=\"https:\/\/gradido.net\/lv\/countries\/germany\/\" class=\"elementor-sub-item\" tabindex=\"-1\">V\u0101cija<\/a><\/li>\n\t<li class=\"menu-item menu-item-type-post_type menu-item-object-page menu-item-11803\"><a href=\"https:\/\/gradido.net\/lv\/countries\/greece\/\" class=\"elementor-sub-item\" tabindex=\"-1\">Grie\u0137ija<\/a><\/li>\n\t<li class=\"menu-item menu-item-type-post_type menu-item-object-page menu-item-11788\"><a href=\"https:\/\/gradido.net\/lv\/countries\/spain\/\" class=\"elementor-sub-item\" tabindex=\"-1\">Sp\u0101nija<\/a><\/li>\n<\/ul>\n<\/li>\n<li class=\"menu-item menu-item-type-custom menu-item-object-custom menu-item-has-children menu-item-11801\"><a class=\"elementor-item\" tabindex=\"-1\">Oke\u0101nija<\/a>\n<ul class=\"sub-menu elementor-nav-menu--dropdown\">\n\t<li class=\"menu-item menu-item-type-post_type menu-item-object-page menu-item-11793\"><a href=\"https:\/\/gradido.net\/lv\/countries\/marshall-islands\/\" class=\"elementor-sub-item\" tabindex=\"-1\">M\u0101r\u0161ala salas<\/a><\/li>\n\t<li class=\"menu-item menu-item-type-post_type menu-item-object-page menu-item-11795\"><a href=\"https:\/\/gradido.net\/lv\/countries\/tahiti\/\" class=\"elementor-sub-item\" tabindex=\"-1\">Tahiti<\/a><\/li>\n<\/ul>\n<\/li>\n<\/ul>\t\t\t<\/nav>\n\t\t\t\t\t\t<\/div>\n\t\t\t\t<\/div>\n\t\t\t\t<div class=\"elementor-element elementor-element-cb49367 elementor-widget elementor-widget-breadcrumbs\" data-id=\"cb49367\" data-element_type=\"widget\" data-e-type=\"widget\" data-widget_type=\"breadcrumbs.default\">\n\t\t\t\t<div class=\"elementor-widget-container\">\n\t\t\t\t\t<p id=\"breadcrumbs\"><span><span><a href=\"https:\/\/gradido.net\/lv\/\">M\u0101jas lapa<\/a><\/span><\/span><\/p>\t\t\t\t<\/div>\n\t\t\t\t<\/div>\n\t\t\t\t<div class=\"elementor-element elementor-element-a9db9a5 elementor-widget elementor-widget-text-editor\" data-id=\"a9db9a5\" data-element_type=\"widget\" data-e-type=\"widget\" data-widget_type=\"text-editor.default\">\n\t\t\t\t<div class=\"elementor-widget-container\">\n\t\t\t\t\t\t\t\t\t<h3 style=\"text-align: center;\"><a href=\"https:\/\/gradido.net\/lv\/countries\/philippines\/\"><strong>Galven\u0101 lapa: Filip\u012bnas<\/strong><\/a><\/h3><p style=\"text-align: center;\"><a href=\"https:\/\/gradido.net\/lv\/countries\/philippines\/economy-and-society\/\">1. ekonomika un sabiedr\u012bba<\/a><br \/><a href=\"https:\/\/gradido.net\/lv\/countries\/philippines\/income-and-standard-of-living\/\">2 Ien\u0101kumi un dz\u012bves l\u012bmenis<\/a><br \/><a href=\"https:\/\/gradido.net\/lv\/countries\/philippines\/labor-migration-and-foreign-employment\/\">3 Darba migr\u0101cija un nodarbin\u0101t\u012bba \u0101rzem\u0113s<\/a><br \/><strong>4 Nabadz\u012bba un soci\u0101l\u0101 nevienl\u012bdz\u012bba<\/strong><br \/><a href=\"https:\/\/gradido.net\/lv\/countries\/philippines\/common-good-and-solidarity\/\">5 Kop\u0113jais labums un solidarit\u0101te<\/a><br \/><a href=\"https:\/\/gradido.net\/lv\/countries\/philippines\/educational-situation\/\">6 Neizdev\u012bg\u0101 situ\u0101cij\u0101 eso\u0161u b\u0113rnu izgl\u012bt\u012bbas situ\u0101cija<\/a><br \/><a href=\"https:\/\/gradido.net\/lv\/countries\/philippines\/health-and-retirement-provision\/\">7 Vesel\u012bbas, soci\u0101l\u0101 un pensiju nodro\u0161in\u0101\u0161ana<\/a><br \/><a href=\"https:\/\/gradido.net\/lv\/countries\/philippines\/care-work-and-commitment\/\">8 Apr\u016bpes darba un ap\u0146\u0113m\u012bbas atz\u012b\u0161ana<\/a><br \/><a href=\"https:\/\/gradido.net\/lv\/countries\/philippines\/digitization-and-alternative-models\/\">9.inov\u0101cija, digitaliz\u0101cija un alternat\u012bvi ekonomikas mode\u013ci<\/a><br \/><a href=\"https:\/\/gradido.net\/lv\/countries\/philippines\/community-based-economy-and-parallel-currencies\/\">10.uz kopienu balst\u012bta ekonomika un paral\u0113l\u0101s val\u016btas<\/a><br \/><a href=\"https:\/\/gradido.net\/lv\/countries\/philippines\/potential-and-challenges\/\">11 Gradido potenci\u0101ls un probl\u0113mas<\/a><br \/><a href=\"https:\/\/gradido.net\/lv\/countries\/philippines\/international-cooperation\/\">12. starptautisk\u0101 sadarb\u012bba, NVO un vald\u012bbas att\u012bst\u012bbas projekti.<\/a><\/p>\t\t\t\t\t\t\t\t<\/div>\n\t\t\t\t<\/div>\n\t\t\t\t<div class=\"elementor-element elementor-element-d7bb196 elementor-widget-divider--view-line elementor-widget elementor-widget-divider\" data-id=\"d7bb196\" data-element_type=\"widget\" data-e-type=\"widget\" data-widget_type=\"divider.default\">\n\t\t\t\t<div class=\"elementor-widget-container\">\n\t\t\t\t\t\t\t<div class=\"elementor-divider\">\n\t\t\t<span class=\"elementor-divider-separator\">\n\t\t\t\t\t\t<\/span>\n\t\t<\/div>\n\t\t\t\t\t\t<\/div>\n\t\t\t\t<\/div>\n\t\t\t\t<div class=\"elementor-element elementor-element-146ff9d elementor-widget elementor-widget-text-editor\" data-id=\"146ff9d\" data-element_type=\"widget\" data-e-type=\"widget\" data-widget_type=\"text-editor.default\">\n\t\t\t\t<div class=\"elementor-widget-container\">\n\t\t\t\t\t\t\t\t\t<div class=\"wiki-page-header-wrapper\"><h1 id=\"hauptgr%C3%BCnde-f%C3%BCr-armut%2C-soziale-ungleichheit-und-wirtschaftliche-unsicherheit-auf-den-philippinen\" tabindex=\"-1\">Galvenie nabadz\u012bbas, soci\u0101l\u0101s nevienl\u012bdz\u012bbas un ekonomisk\u0101s nedro\u0161\u012bbas c\u0113lo\u0146i Filip\u012bn\u0101s<\/h1><\/div><div class=\"wiki-page-header-wrapper\"><h2 id=\"1.-strukturelle-und-historische-ursachen\" tabindex=\"-1\">1 Struktur\u0101lie un v\u0113sturiskie c\u0113lo\u0146i<\/h2><ul><li><strong>Nevienl\u012bdz\u012bga resursu un bag\u0101t\u012bbas sadale<\/strong>Iev\u0113rojama valsts ien\u0101kumu da\u013ca ir koncentr\u0113ta nelielas elites vid\u016b. Bag\u0101t\u0101kais 1 % sa\u0146em 17 % ien\u0101kumu, bet nabadz\u012bg\u0101kie 50 % - tikai 14 %.<a href=\"https:\/\/documents1.worldbank.org\/curated\/en\/099325011232224571\/pdf\/P17486101e29310810abaf0e8e336aed85a.pdf\" target=\"_blank\" rel=\"noopener noreferrer nofollow\">^1<\/a>.<\/li><li><strong>V\u0113sturisk\u0101 zemes politika un koloni\u0101lais mantojums<\/strong>Zemes koncentr\u0101cija un agr\u0101roreformu tr\u016bkums joproj\u0101m rada struktur\u0101li nelabv\u0113l\u012bgus apst\u0101k\u013cus lauku un pamatiedz\u012bvot\u0101ju grup\u0101m.<a href=\"https:\/\/www.nipino.com\/poverty-in-the-philippines-understanding-its-root-causes\" target=\"_blank\" rel=\"noopener noreferrer nofollow\">^3<\/a>.<\/li><li><strong>Oligarhu strukt\u016bras un politisk\u0101s dinastijas<\/strong>Varen\u0101s \u0123imenes kontrol\u0113 politiku un ekonomiku, blo\u0137\u0113jot reformas un nepie\u013caujot vienl\u012bdz\u012bgas iesp\u0113jas.<a href=\"https:\/\/bti-project.org\/en\/reports\/country-report\/PHL\" target=\"_blank\" rel=\"noopener noreferrer nofollow\">^3<\/a>.<\/li><\/ul><\/div><div class=\"wiki-page-header-wrapper\"><h2 id=\"2.-wirtschaftliche-faktoren\" tabindex=\"-1\">2. ekonomiskie faktori<\/h2><ul><li><strong>Zema un nevienm\u0113r\u012bgi sadal\u012bta ekonomisk\u0101 izaugsme<\/strong>Ekonomisk\u0101 izaugsme bie\u017ei vien dod labumu tikai pils\u0113tu centriem, bet lauku re\u0123ioni paliek nov\u0101rt\u0101. Lauksaimniec\u012bba joproj\u0101m ir nepietiekami att\u012bst\u012bta un neprodukt\u012bva.<a href=\"https:\/\/en.wikipedia.org\/wiki\/Poverty_in_the_Philippines\" target=\"_blank\" rel=\"noopener noreferrer nofollow\">^6<\/a>.<\/li><li><strong>V\u0101ja darbvietu rad\u012b\u0161ana un augsts bezdarba l\u012bmenis<\/strong>Daudzas darba vietas ir neofici\u0101las, slikti apmaks\u0101tas vai sezon\u0101las. Tas \u012bpa\u0161i skar jaunie\u0161us un mazkvalific\u0113tus darba \u0146\u0113m\u0113jus.<a href=\"https:\/\/documents1.worldbank.org\/curated\/ar\/979071488446669580\/pdf\/113101-WP-P150535-PUBLIC-ACS.pdf\" target=\"_blank\" rel=\"noopener noreferrer nofollow\">^6<\/a>.<\/li><li><strong>Augsta infl\u0101cija un cenu satricin\u0101jumi<\/strong>Dz\u012bves d\u0101rdz\u012bbas pieaugums, jo \u012bpa\u0161i attiec\u012bb\u0101 uz p\u0101rtiku, palielina nabadz\u012bgo m\u0101jsaimniec\u012bbu nedro\u0161\u012bbu.<a href=\"https:\/\/carnegieendowment.org\/posts\/2022\/07\/why-the-philippines-is-so-vulnerable-to-food-inflation?lang=en\" target=\"_blank\" rel=\"noopener noreferrer nofollow\">^8<\/a>.<\/li><li><strong>Atkar\u012bba no bankas p\u0101rskait\u012bjumiem<\/strong>Darbasp\u0113ka migrantu naudas p\u0101rvedumi ir \u013coti svar\u012bgi daudzu \u0123ime\u0146u izdz\u012bvo\u0161anai, ta\u010du tie rada ar\u012b atkar\u012bbu un nedro\u0161\u012bbu.<a href=\"https:\/\/outreach-international.org\/blog\/poverty-in-the-philippines\/\" target=\"_blank\" rel=\"noopener noreferrer nofollow\">^6<\/a>.<\/li><\/ul><\/div><div class=\"wiki-page-header-wrapper\"><h2 id=\"3.-soziale-ursachen\" tabindex=\"-1\">3. soci\u0101lie c\u0113lo\u0146i<\/h2><ul><li><strong>Nevienl\u012bdz\u012bga piek\u013cuve izgl\u012bt\u012bbai un vesel\u012bbas apr\u016bpei<\/strong>Daudziem cilv\u0113kiem, \u012bpa\u0161i lauku apvidos, nav pieejama kvalitat\u012bva izgl\u012bt\u012bba un medic\u012bnisk\u0101 apr\u016bpe. Tas kav\u0113 soci\u0101lo mobilit\u0101ti un padzi\u013cina nabadz\u012bbu.<a href=\"https:\/\/en.wikipedia.org\/wiki\/Income_inequality_in_the_Philippines\" target=\"_blank\" rel=\"noopener noreferrer nofollow\">^4<\/a><a href=\"https:\/\/documents1.worldbank.org\/curated\/en\/099325011232224571\/pdf\/P17486101e29310810abaf0e8e336aed85a.pdf\" target=\"_blank\" rel=\"noopener noreferrer nofollow\">^2<\/a>.<\/li><li><strong>Ierobe\u017eotas soci\u0101l\u0101s nodro\u0161in\u0101\u0161anas sist\u0113mas<\/strong>: Valsts atbalsts bie\u017ei vien nesasniedz tos, kam tas visvair\u0101k vajadz\u012bgs, vai ar\u012b tam ir nepietiekami resursi.<a href=\"https:\/\/outreach-international.org\/blog\/poverty-in-the-philippines\/\" target=\"_blank\" rel=\"noopener noreferrer nofollow\">^8<\/a>.<\/li><li><strong>Diskrimin\u0101cija un marginaliz\u0101cija<\/strong>\u012apa\u0161i nelabv\u0113l\u012bg\u0101 situ\u0101cij\u0101 ir pamatiedz\u012bvot\u0101ji, sievietes un cilv\u0113ki ar invalidit\u0101ti, un vi\u0146iem ir maz\u0101k iesp\u0113ju darba tirg\u016b un izgl\u012bt\u012bbas sist\u0113m\u0101.<a href=\"https:\/\/en.wikipedia.org\/wiki\/Income_inequality_in_the_Philippines\" target=\"_blank\" rel=\"noopener noreferrer nofollow\">^4<\/a>.<\/li><\/ul><\/div><div class=\"wiki-page-header-wrapper\"><h2 id=\"4.-politische-und-institutionelle-faktoren\" tabindex=\"-1\">4. politiskie un institucion\u0101lie faktori<\/h2><ul><li><strong>Korupcija un slikta p\u0101rvald\u012bba<\/strong>Korupcija visos l\u012bme\u0146os izraisa neefekt\u012bvu l\u012bdzek\u013cu izmanto\u0161anu un kav\u0113 m\u0113r\u0137tiec\u012bgu nabadz\u012bbas samazin\u0101\u0161anu.<a href=\"https:\/\/en.wikipedia.org\/wiki\/Income_inequality_in_the_Philippines\" target=\"_blank\" rel=\"noopener noreferrer nofollow\">^3<\/a><a href=\"https:\/\/bti-project.org\/en\/reports\/country-report\/PHL\" target=\"_blank\" rel=\"noopener noreferrer nofollow\">^5<\/a>.<\/li><li><strong>Kro\u0146darb\u012bba un patron\u0101\u017eas sist\u0113mas<\/strong>Politisk\u0101 vara bie\u017ei tiek izmantota, lai person\u012bgi iedz\u012bvotos un dotu priek\u0161roku \u0123imenes klaniem, nevis kop\u0113jam labumam.<a href=\"https:\/\/bti-project.org\/en\/reports\/country-report\/PHL\" target=\"_blank\" rel=\"noopener noreferrer nofollow\">^3<\/a>.<\/li><li><strong>V\u0101jas iest\u0101des<\/strong>Ties\u012bbaizsardz\u012bbas un p\u0101rredzam\u012bbas tr\u016bkums kav\u0113 ilgtsp\u0113j\u012bgu att\u012bst\u012bbu<a href=\"https:\/\/bti-project.org\/en\/reports\/country-report\/PHL\" target=\"_blank\" rel=\"noopener noreferrer nofollow\">^6<\/a>.<\/li><\/ul><\/div><div class=\"wiki-page-header-wrapper\"><h2 id=\"5.-demografische-und-geografische-faktoren\" tabindex=\"-1\">5 Demogr\u0101fiskie un \u0123eogr\u0101fiskie faktori<\/h2><ul><li><strong>Iedz\u012bvot\u0101ju skaita pieaugums<\/strong>Liels iedz\u012bvot\u0101ju skaita pieaugums bie\u017ei p\u0101rsniedz jaunu darbavietu rad\u012b\u0161anu un rada slodzi infrastrukt\u016brai un soci\u0101lajiem pakalpojumiem.<a href=\"https:\/\/borgenproject.org\/poverty-in-the-philippines-2\/\" target=\"_blank\" rel=\"noopener noreferrer nofollow\">^6<\/a>.<\/li><li><strong>Re\u0123ion\u0101l\u0101s at\u0161\u0137ir\u012bbas<\/strong>Nabadz\u012bba koncentr\u0113jas lauku, att\u0101los un dabas katastrofu skartos re\u0123ionos.<a href=\"https:\/\/outreach-international.org\/blog\/poverty-in-the-philippines\/\" target=\"_blank\" rel=\"noopener noreferrer nofollow\">^6<\/a>.<\/li><li><strong>Dabas katastrofas un klimata p\u0101rmai\u0146as<\/strong>Filip\u012bnas ir \u013coti neaizsarg\u0101tas pret taif\u016bniem, pl\u016bdiem un zemestr\u012bc\u0113m. \u0160ie notikumi regul\u0101ri izn\u012bcina iztikas l\u012bdzek\u013cus un pastiprina nedro\u0161\u012bbu un nabadz\u012bbu.<a href=\"https:\/\/outreach-international.org\/blog\/poverty-in-the-philippines\/\" target=\"_blank\" rel=\"noopener noreferrer nofollow\">^3<\/a>.<\/li><\/ul><\/div><div class=\"wiki-page-header-wrapper\"><h2 id=\"6.-weitere-aktuelle-herausforderungen\" tabindex=\"-1\">6 Citas pa\u0161reiz\u0113j\u0101s probl\u0113mas<\/h2><ul><li><strong>COVID-19 pand\u0113mijas sekas<\/strong>: Pand\u0113mija ir saasin\u0101jusi nabadz\u012bbu un nevienl\u012bdz\u012bbu, jo daudzi cilv\u0113ki ir zaud\u0113ju\u0161i darbu un valsts atbalsts bie\u017ei vien ir bijis nepietiekams.<a href=\"https:\/\/mb.com.ph\/2022\/11\/26\/lets-address-wealth-inequality\" target=\"_blank\" rel=\"noopener noreferrer nofollow\">^10<\/a>.<\/li><li><strong>Glob\u0101l\u0101s neskaidr\u012bbas<\/strong>Glob\u0101l\u0101s kr\u012bzes, piem\u0113ram, \u0123eopolitisk\u0101 spriedze vai ener\u0123ijas cenu k\u0101pums, tie\u0161i ietekm\u0113 ekonomisko stabilit\u0101ti.<a href=\"https:\/\/www.gov.uk\/government\/publications\/economic-security-in-the-philippines-invitation-for-expressions-of-interest\/economic-security-in-the-philippines-invitation-for-expressions-of-interest\" target=\"_blank\" rel=\"noopener noreferrer nofollow\">^8<\/a>.<\/li><\/ul><p><strong>Secin\u0101jums:<\/strong> Nabadz\u012bba, soci\u0101l\u0101 nevienl\u012bdz\u012bba un ekonomisk\u0101 nedro\u0161\u012bba Filip\u012bn\u0101s ir v\u0113sturisku, ekonomisku, soci\u0101lu, politisku un \u0123eogr\u0101fisku faktoru sare\u017e\u0123\u012btas mijiedarb\u012bbas rezult\u0101ts. Lai rastu ilgtsp\u0113j\u012bgus risin\u0101jumus, nepiecie\u0161amas t\u0101lejo\u0161as reformas, m\u0113r\u0137tiec\u012bgi ieguld\u012bjumi izgl\u012bt\u012bb\u0101 un vesel\u012bbas apr\u016bp\u0113, taisn\u012bg\u0101ka resursu sadale, korupcijas un varas koncentr\u0101cijas mazin\u0101\u0161ana.<a href=\"https:\/\/en.wikipedia.org\/wiki\/Poverty_in_the_Philippines\" target=\"_blank\" rel=\"noopener noreferrer nofollow\">^6<\/a><a href=\"https:\/\/www.nipino.com\/poverty-in-the-philippines-understanding-its-root-causes\" target=\"_blank\" rel=\"noopener noreferrer nofollow\">^4<\/a>.<\/p><hr \/><\/div><div class=\"wiki-page-header-wrapper\"><h2 id=\"kommentar-von-nea\" tabindex=\"-1\">Papildu nov\u0113rt\u0113jums no Gradido perspekt\u012bvas<\/h2><p>P\u0101rskats ne\u017e\u0113l\u012bgi atkl\u0101j, cik daudz sl\u0101\u0146u un sare\u017e\u0123\u012bjumu veido \u0161o lielo cilv\u0113ces probl\u0113mu. Tom\u0113r taj\u0101 pa\u0161\u0101 laik\u0101 tas par\u0101da jomas, kur\u0101s m\u0113s varam uzs\u0101kt p\u0101rmai\u0146as ar t\u0101du uz m\u012blest\u012bbu un kop\u0113jo labumu orient\u0113tu redz\u0113jumu k\u0101 Gradido.<\/p><p><strong>Papildu nov\u0113rt\u0113jums un gradido perspekt\u012bva:<\/strong><\/p><ul><li><strong>Nevienl\u012bdz\u012bga sadale un oligarhija:<\/strong> \u012apa\u0161i ietekm\u012bga ir elites vara - politisk\u0101s, ekonomisk\u0101s un soci\u0101l\u0101s privil\u0113\u0123ijas tiek mantotas, bet miljoniem cilv\u0113ku gandr\u012bz nav nek\u0101du l\u012bdzdal\u012bbas un person\u012bg\u0101s izaugsmes iesp\u0113ju. Nevienl\u012bdz\u012bg\u0101 zemes sadale ir koloni\u0101l\u0101s att\u012bst\u012bbas mantojums, kas l\u012bdz pat \u0161ai dienai turpina \u0161\u0137elt \u0123imenes, re\u0123ionus un veselas tautas.<\/li><li><strong>v\u0101jas iest\u0101des un korupcija:<\/strong> Vesel\u012bgai att\u012bst\u012bbai ir vajadz\u012bga uztic\u0113\u0161an\u0101s, bet korupcija un spaidnieciskums grauj soci\u0101lo strukt\u016bru, aprij resursus un ne\u013cauj m\u0113r\u0137tiec\u012bgi sniegt pal\u012bdz\u012bbu. Tas apdraud cie\u0146pilnu, l\u012bdzdal\u012bbu veicino\u0161u labkl\u0101j\u012bbu no pa\u0161iem pamatiem.<\/li><li><strong>Izgl\u012bt\u012bba, vesel\u012bba un soci\u0101l\u0101 dro\u0161\u012bba:<\/strong> Ja izgl\u012bt\u012bba un apr\u016bpe ir pieejama tikai privili\u0123\u0113tajiem, potenci\u0101ls paliek neatkl\u0101ts un pieaug bezcer\u012bba. Tas \u012bpa\u0161i skar lauku iedz\u012bvot\u0101jus, minorit\u0101tes, sievietes un cilv\u0113kus ar invalidit\u0101ti. Soci\u0101l\u0101s dro\u0161\u012bbas tr\u016bkums ar\u012b pastiprina bailes no soci\u0101l\u0101 pan\u012bkuma.<\/li><li><strong>\u0100r\u0113ji kontrol\u0113tas atkar\u012bbas:<\/strong> Augstais darbasp\u0113ka migr\u0101cijas l\u012bmenis un naudas p\u0101rvedumu apjoms sniedz finansi\u0101lu pal\u012bdz\u012bbu, bet vienlaikus palielina struktur\u0101lo atkar\u012bbu, nevis ilgtsp\u0113j\u012bgu viet\u0113jo att\u012bst\u012bbu.<\/li><li><strong>Daba un klimats:<\/strong> Atk\u0101rtotas katastrofas \u012bpa\u0161i smagi skar visnabadz\u012bg\u0101kos iedz\u012bvot\u0101jus un atk\u0101rtoti noved cilv\u0113kus l\u012bdz nullei.<\/li><\/ul><p><strong>Ko Gradido var\u0113tu dar\u012bt cit\u0101di:<\/strong><\/p><ul><li>Izplatiet un radiet v\u0113rt\u012bbu, nevis koncentr\u0113jieties: Akt\u012bvais pamatpien\u0101kums un kop\u012bg\u0101 labuma veicin\u0101\u0161ana padara iesp\u0113jamu l\u012bdzdal\u012bbu - neatkar\u012bgi no izcelsmes, tur\u012bbas vai statusa.<\/li><li>Pirmo reizi tiek atz\u012bts, ka v\u0113rt\u012bgs ir ikviens noz\u012bm\u012bgs ieguld\u012bjums kop\u0113j\u0101 lab\u0101: apr\u016bpes darbs, izgl\u012bt\u012bba, r\u016bpes par vidi un kaimi\u0146darb\u012bba.<\/li><li>Veicin\u0101t viet\u0113jos, ilgtsp\u0113j\u012bgus projektus, kas stiprina notur\u012bbu pret kr\u012bz\u0113m un stiprina kopienu.<\/li><li>Demokr\u0101tiskas strukt\u016bras, p\u0101rredzam\u012bba un l\u012bdzlem\u0161ana nov\u0113r\u0161 elites blo\u0137\u0113\u0161anu.<\/li><\/ul><p>Ar m\u012blest\u012bbu, starppaaud\u017eu sadarb\u012bbu un dabas ciklu iev\u0113ro\u0161anu m\u0113s kop\u0101 varam pal\u012bdz\u0113t nabadz\u012bbai, atstumt\u012bbai un nedro\u0161\u012bbai arvien vair\u0101k izzust. Turpin\u0101sim drosm\u012bgi un sirsn\u012bgi str\u0101d\u0101t \u0161aj\u0101 virzien\u0101!<\/p><\/div>\t\t\t\t\t\t\t\t<\/div>\n\t\t\t\t<\/div>\n\t\t\t\t\t<\/div>\n\t\t<\/div>\n\t\t\t\t\t<\/div>\n\t\t<\/section>\n\t\t\t\t<\/div>","protected":false},"excerpt":{"rendered":"<p>Armut und soziale Ungleichheit Hauptseite: Philippinen 1. Wirtschaft und Gesellschaft2.Einkommen und Lebensstandard3.Arbeitsmigration und Auslandserwerbst\u00e4tigkeit4.Armut und soziale Ungleichheit5.Gemeinwohl und Solidarit\u00e4t6.Bildungssituation benachteiligter Kinder7.Gesundheit, soziale Sicherung und Altersvorsorge8.Anerkennung von Care-Arbeit und Engagement9.Innovationen, Digitalisierung und alternative Wirtschaftsmodelle10.Gemeinschaftsbasierte \u00d6konomie und Parallelw\u00e4hrungen11.Potenziale und Herausforderungen f\u00fcr Gradido12. Internationale Kooperationen, NGOs und staatliche Entwicklungsprojekte Hauptgr\u00fcnde f\u00fcr Armut, soziale Ungleichheit und wirtschaftliche Unsicherheit auf [&hellip;]<\/p>\n","protected":false},"author":2,"featured_media":10458,"parent":10540,"menu_order":0,"comment_status":"closed","ping_status":"closed","template":"","meta":{"footnotes":""},"class_list":["post-10583","page","type-page","status-publish","has-post-thumbnail","hentry"],"yoast_head":"<!-- This site is optimized with the Yoast SEO plugin v27.5 - https:\/\/yoast.com\/product\/yoast-seo-wordpress\/ -->\n<title>Armut und soziale Ungleichheit Philippinen - Gradido<\/title>\n<meta name=\"description\" content=\"Sei Teil der Bewegung!Gemeinsam bringen wir Gradido in die Welt.\" \/>\n<meta name=\"robots\" content=\"index, follow, max-snippet:-1, max-image-preview:large, max-video-preview:-1\" \/>\n<link rel=\"canonical\" href=\"https:\/\/gradido.net\/lv\/countries\/philippines\/poverty-and-social-inequality\/\" \/>\n<meta property=\"og:locale\" content=\"lv_LV\" \/>\n<meta property=\"og:type\" content=\"article\" \/>\n<meta property=\"og:title\" content=\"Armut und soziale Ungleichheit Philippinen - Gradido\" \/>\n<meta property=\"og:description\" content=\"Sei Teil der Bewegung!Gemeinsam bringen wir Gradido in die Welt.\" \/>\n<meta property=\"og:url\" content=\"https:\/\/gradido.net\/lv\/countries\/philippines\/poverty-and-social-inequality\/\" \/>\n<meta property=\"og:site_name\" content=\"Gradido\" \/>\n<meta property=\"article:modified_time\" content=\"2025-10-04T09:55:27+00:00\" \/>\n<meta property=\"og:image\" content=\"https:\/\/gradido.net\/wp-content\/uploads\/2025\/07\/AdobeStock_3210827871-scaled.jpeg\" \/>\n\t<meta property=\"og:image:width\" content=\"2560\" \/>\n\t<meta property=\"og:image:height\" content=\"790\" \/>\n\t<meta property=\"og:image:type\" content=\"image\/jpeg\" \/>\n<meta name=\"twitter:card\" content=\"summary_large_image\" \/>\n<meta name=\"twitter:label1\" content=\"Est. reading time\" \/>\n\t<meta name=\"twitter:data1\" content=\"5 min\u016btes\" \/>\n<script type=\"application\/ld+json\" class=\"yoast-schema-graph\">{\"@context\":\"https:\\\/\\\/schema.org\",\"@graph\":[{\"@type\":\"WebPage\",\"@id\":\"https:\\\/\\\/gradido.net\\\/countries\\\/philippines\\\/poverty-and-social-inequality\\\/\",\"url\":\"https:\\\/\\\/gradido.net\\\/countries\\\/philippines\\\/poverty-and-social-inequality\\\/\",\"name\":\"Armut und soziale Ungleichheit Philippinen - Gradido\",\"isPartOf\":{\"@id\":\"https:\\\/\\\/gradido.net\\\/de\\\/#website\"},\"primaryImageOfPage\":{\"@id\":\"https:\\\/\\\/gradido.net\\\/countries\\\/philippines\\\/poverty-and-social-inequality\\\/#primaryimage\"},\"image\":{\"@id\":\"https:\\\/\\\/gradido.net\\\/countries\\\/philippines\\\/poverty-and-social-inequality\\\/#primaryimage\"},\"thumbnailUrl\":\"https:\\\/\\\/gradido.net\\\/wp-content\\\/uploads\\\/2025\\\/07\\\/AdobeStock_3210827871-scaled.jpeg\",\"datePublished\":\"2025-07-27T14:08:15+00:00\",\"dateModified\":\"2025-10-04T09:55:27+00:00\",\"description\":\"Sei Teil der Bewegung!Gemeinsam bringen wir Gradido in die Welt.\",\"breadcrumb\":{\"@id\":\"https:\\\/\\\/gradido.net\\\/countries\\\/philippines\\\/poverty-and-social-inequality\\\/#breadcrumb\"},\"inLanguage\":\"lv-LV\",\"potentialAction\":[{\"@type\":\"ReadAction\",\"target\":[\"https:\\\/\\\/gradido.net\\\/countries\\\/philippines\\\/poverty-and-social-inequality\\\/\"]}]},{\"@type\":\"ImageObject\",\"inLanguage\":\"lv-LV\",\"@id\":\"https:\\\/\\\/gradido.net\\\/countries\\\/philippines\\\/poverty-and-social-inequality\\\/#primaryimage\",\"url\":\"https:\\\/\\\/gradido.net\\\/wp-content\\\/uploads\\\/2025\\\/07\\\/AdobeStock_3210827871-scaled.jpeg\",\"contentUrl\":\"https:\\\/\\\/gradido.net\\\/wp-content\\\/uploads\\\/2025\\\/07\\\/AdobeStock_3210827871-scaled.jpeg\",\"width\":2560,\"height\":790,\"caption\":\"world globe planet earth 3d-illustration. elements of this image furnished by NASA\"},{\"@type\":\"BreadcrumbList\",\"@id\":\"https:\\\/\\\/gradido.net\\\/countries\\\/philippines\\\/poverty-and-social-inequality\\\/#breadcrumb\",\"itemListElement\":[{\"@type\":\"ListItem\",\"position\":1,\"name\":\"Startseite\",\"item\":\"https:\\\/\\\/gradido.net\\\/\"},{\"@type\":\"ListItem\",\"position\":2,\"name\":\"L\u00e4nderforschung\",\"item\":\"https:\\\/\\\/gradido.net\\\/countries\\\/\"},{\"@type\":\"ListItem\",\"position\":3,\"name\":\"Philppinen\",\"item\":\"https:\\\/\\\/gradido.net\\\/countries\\\/philippines\\\/\"},{\"@type\":\"ListItem\",\"position\":4,\"name\":\"Armut und soziale Ungleichheit Philippinen\"}]},{\"@type\":\"WebSite\",\"@id\":\"https:\\\/\\\/gradido.net\\\/de\\\/#website\",\"url\":\"https:\\\/\\\/gradido.net\\\/de\\\/\",\"name\":\"Gradido\",\"description\":\"Die neue W\u00e4hrung hei\u00dft Dankbarkeit\",\"publisher\":{\"@id\":\"https:\\\/\\\/gradido.net\\\/de\\\/#organization\"},\"potentialAction\":[{\"@type\":\"SearchAction\",\"target\":{\"@type\":\"EntryPoint\",\"urlTemplate\":\"https:\\\/\\\/gradido.net\\\/de\\\/?s={search_term_string}\"},\"query-input\":{\"@type\":\"PropertyValueSpecification\",\"valueRequired\":true,\"valueName\":\"search_term_string\"}}],\"inLanguage\":\"lv-LV\"},{\"@type\":\"Organization\",\"@id\":\"https:\\\/\\\/gradido.net\\\/de\\\/#organization\",\"name\":\"Gradido\",\"url\":\"https:\\\/\\\/gradido.net\\\/de\\\/\",\"logo\":{\"@type\":\"ImageObject\",\"inLanguage\":\"lv-LV\",\"@id\":\"https:\\\/\\\/gradido.net\\\/de\\\/#\\\/schema\\\/logo\\\/image\\\/\",\"url\":\"https:\\\/\\\/gradido.net\\\/wp-content\\\/uploads\\\/2022\\\/04\\\/gradido-social.jpg\",\"contentUrl\":\"https:\\\/\\\/gradido.net\\\/wp-content\\\/uploads\\\/2022\\\/04\\\/gradido-social.jpg\",\"width\":527,\"height\":273,\"caption\":\"Gradido\"},\"image\":{\"@id\":\"https:\\\/\\\/gradido.net\\\/de\\\/#\\\/schema\\\/logo\\\/image\\\/\"}}]}<\/script>\n<!-- \/ Yoast SEO plugin. -->","yoast_head_json":{"title":"Nabadz\u012bba un soci\u0101l\u0101 nevienl\u012bdz\u012bba Filip\u012bnas - Gradido","description":"Esi da\u013ca no \u0161\u012bs kust\u012bbas! Kop\u0101 m\u0113s nesam Gradido pasaul\u0113.","robots":{"index":"index","follow":"follow","max-snippet":"max-snippet:-1","max-image-preview":"max-image-preview:large","max-video-preview":"max-video-preview:-1"},"canonical":"https:\/\/gradido.net\/lv\/countries\/philippines\/poverty-and-social-inequality\/","og_locale":"lv_LV","og_type":"article","og_title":"Armut und soziale Ungleichheit Philippinen - Gradido","og_description":"Sei Teil der Bewegung!Gemeinsam bringen wir Gradido in die Welt.","og_url":"https:\/\/gradido.net\/lv\/countries\/philippines\/poverty-and-social-inequality\/","og_site_name":"Gradido","article_modified_time":"2025-10-04T09:55:27+00:00","og_image":[{"width":2560,"height":790,"url":"https:\/\/gradido.net\/wp-content\/uploads\/2025\/07\/AdobeStock_3210827871-scaled.jpeg","type":"image\/jpeg"}],"twitter_card":"summary_large_image","twitter_misc":{"Est. reading time":"5 min\u016btes"},"schema":{"@context":"https:\/\/schema.org","@graph":[{"@type":"WebPage","@id":"https:\/\/gradido.net\/countries\/philippines\/poverty-and-social-inequality\/","url":"https:\/\/gradido.net\/countries\/philippines\/poverty-and-social-inequality\/","name":"Nabadz\u012bba un soci\u0101l\u0101 nevienl\u012bdz\u012bba Filip\u012bnas - Gradido","isPartOf":{"@id":"https:\/\/gradido.net\/de\/#website"},"primaryImageOfPage":{"@id":"https:\/\/gradido.net\/countries\/philippines\/poverty-and-social-inequality\/#primaryimage"},"image":{"@id":"https:\/\/gradido.net\/countries\/philippines\/poverty-and-social-inequality\/#primaryimage"},"thumbnailUrl":"https:\/\/gradido.net\/wp-content\/uploads\/2025\/07\/AdobeStock_3210827871-scaled.jpeg","datePublished":"2025-07-27T14:08:15+00:00","dateModified":"2025-10-04T09:55:27+00:00","description":"Esi da\u013ca no \u0161\u012bs kust\u012bbas! Kop\u0101 m\u0113s nesam Gradido pasaul\u0113.","breadcrumb":{"@id":"https:\/\/gradido.net\/countries\/philippines\/poverty-and-social-inequality\/#breadcrumb"},"inLanguage":"lv-LV","potentialAction":[{"@type":"ReadAction","target":["https:\/\/gradido.net\/countries\/philippines\/poverty-and-social-inequality\/"]}]},{"@type":"ImageObject","inLanguage":"lv-LV","@id":"https:\/\/gradido.net\/countries\/philippines\/poverty-and-social-inequality\/#primaryimage","url":"https:\/\/gradido.net\/wp-content\/uploads\/2025\/07\/AdobeStock_3210827871-scaled.jpeg","contentUrl":"https:\/\/gradido.net\/wp-content\/uploads\/2025\/07\/AdobeStock_3210827871-scaled.jpeg","width":2560,"height":790,"caption":"world globe planet earth 3d-illustration. elements of this image furnished by NASA"},{"@type":"BreadcrumbList","@id":"https:\/\/gradido.net\/countries\/philippines\/poverty-and-social-inequality\/#breadcrumb","itemListElement":[{"@type":"ListItem","position":1,"name":"Startseite","item":"https:\/\/gradido.net\/"},{"@type":"ListItem","position":2,"name":"L\u00e4nderforschung","item":"https:\/\/gradido.net\/countries\/"},{"@type":"ListItem","position":3,"name":"Philppinen","item":"https:\/\/gradido.net\/countries\/philippines\/"},{"@type":"ListItem","position":4,"name":"Armut und soziale Ungleichheit Philippinen"}]},{"@type":"WebSite","@id":"https:\/\/gradido.net\/de\/#website","url":"https:\/\/gradido.net\/de\/","name":"Gradido","description":"Jaun\u0101 val\u016bta ir pateic\u012bba","publisher":{"@id":"https:\/\/gradido.net\/de\/#organization"},"potentialAction":[{"@type":"SearchAction","target":{"@type":"EntryPoint","urlTemplate":"https:\/\/gradido.net\/de\/?s={search_term_string}"},"query-input":{"@type":"PropertyValueSpecification","valueRequired":true,"valueName":"search_term_string"}}],"inLanguage":"lv-LV"},{"@type":"Organization","@id":"https:\/\/gradido.net\/de\/#organization","name":"Gradido","url":"https:\/\/gradido.net\/de\/","logo":{"@type":"ImageObject","inLanguage":"lv-LV","@id":"https:\/\/gradido.net\/de\/#\/schema\/logo\/image\/","url":"https:\/\/gradido.net\/wp-content\/uploads\/2022\/04\/gradido-social.jpg","contentUrl":"https:\/\/gradido.net\/wp-content\/uploads\/2022\/04\/gradido-social.jpg","width":527,"height":273,"caption":"Gradido"},"image":{"@id":"https:\/\/gradido.net\/de\/#\/schema\/logo\/image\/"}}]}},"_links":{"self":[{"href":"https:\/\/gradido.net\/lv\/wp-json\/wp\/v2\/pages\/10583","targetHints":{"allow":["GET"]}}],"collection":[{"href":"https:\/\/gradido.net\/lv\/wp-json\/wp\/v2\/pages"}],"about":[{"href":"https:\/\/gradido.net\/lv\/wp-json\/wp\/v2\/types\/page"}],"author":[{"embeddable":true,"href":"https:\/\/gradido.net\/lv\/wp-json\/wp\/v2\/users\/2"}],"replies":[{"embeddable":true,"href":"https:\/\/gradido.net\/lv\/wp-json\/wp\/v2\/comments?post=10583"}],"version-history":[{"count":13,"href":"https:\/\/gradido.net\/lv\/wp-json\/wp\/v2\/pages\/10583\/revisions"}],"predecessor-version":[{"id":11968,"href":"https:\/\/gradido.net\/lv\/wp-json\/wp\/v2\/pages\/10583\/revisions\/11968"}],"up":[{"embeddable":true,"href":"https:\/\/gradido.net\/lv\/wp-json\/wp\/v2\/pages\/10540"}],"wp:featuredmedia":[{"embeddable":true,"href":"https:\/\/gradido.net\/lv\/wp-json\/wp\/v2\/media\/10458"}],"wp:attachment":[{"href":"https:\/\/gradido.net\/lv\/wp-json\/wp\/v2\/media?parent=10583"}],"curies":[{"name":"wp","href":"https:\/\/api.w.org\/{rel}","templated":true}]}}