{"id":10612,"date":"2025-07-27T16:47:59","date_gmt":"2025-07-27T14:47:59","guid":{"rendered":"https:\/\/gradido.net\/?page_id=10612"},"modified":"2025-10-04T11:57:09","modified_gmt":"2025-10-04T09:57:09","slug":"educational-situation","status":"publish","type":"page","link":"https:\/\/gradido.net\/lv\/countries\/philippines\/educational-situation\/","title":{"rendered":"Neizdev\u012bg\u0101 situ\u0101cij\u0101 eso\u0161u b\u0113rnu izgl\u012bt\u012bbas situ\u0101cija Filip\u012bnas"},"content":{"rendered":"<div data-elementor-type=\"wp-page\" data-elementor-id=\"10612\" class=\"elementor elementor-10612\" data-elementor-post-type=\"page\">\n\t\t\t\t\t\t<section class=\"elementor-section elementor-top-section elementor-element elementor-element-4ce3e8af elementor-section-full_width elementor-section-height-default elementor-section-height-default\" data-id=\"4ce3e8af\" data-element_type=\"section\" data-e-type=\"section\">\n\t\t\t\t\t\t<div class=\"elementor-container elementor-column-gap-no\">\n\t\t\t\t\t<div class=\"elementor-column elementor-col-100 elementor-top-column elementor-element elementor-element-efa8c8c\" data-id=\"efa8c8c\" data-element_type=\"column\" data-e-type=\"column\">\n\t\t\t<div class=\"elementor-widget-wrap elementor-element-populated\">\n\t\t\t\t\t\t<div class=\"elementor-element elementor-element-e088aa4 elementor--h-position-center elementor--v-position-middle elementor-arrows-position-inside elementor-widget elementor-widget-slides\" data-id=\"e088aa4\" data-element_type=\"widget\" data-e-type=\"widget\" data-settings=\"{&quot;navigation&quot;:&quot;arrows&quot;,&quot;autoplay&quot;:&quot;yes&quot;,&quot;pause_on_hover&quot;:&quot;yes&quot;,&quot;pause_on_interaction&quot;:&quot;yes&quot;,&quot;autoplay_speed&quot;:5000,&quot;infinite&quot;:&quot;yes&quot;,&quot;transition&quot;:&quot;slide&quot;,&quot;transition_speed&quot;:500}\" data-widget_type=\"slides.default\">\n\t\t\t\t<div class=\"elementor-widget-container\">\n\t\t\t\t\t\t\t\t\t<div class=\"elementor-swiper\">\n\t\t\t\t\t<div class=\"elementor-slides-wrapper elementor-main-swiper swiper\" role=\"region\" aria-roledescription=\"carousel\" aria-label=\"Sl\u012bdnis\" dir=\"ltr\" data-animation=\"fadeInUp\">\n\t\t\t\t<div class=\"swiper-wrapper elementor-slides\">\n\t\t\t\t\t\t\t\t\t\t<div class=\"elementor-repeater-item-2de4990 swiper-slide\" role=\"group\" aria-roledescription=\"slide\"><div class=\"swiper-slide-bg\" role=\"img\" aria-label=\"manila-4503501_1280\"><\/div><div class=\"swiper-slide-inner\" ><div class=\"swiper-slide-contents\"><\/div><\/div><\/div><div class=\"elementor-repeater-item-28f126e swiper-slide\" role=\"group\" aria-roledescription=\"slide\"><div class=\"swiper-slide-bg\" role=\"img\" aria-label=\"philippines-4951855_1280\"><\/div><div class=\"swiper-slide-inner\" ><div class=\"swiper-slide-contents\"><\/div><\/div><\/div><div class=\"elementor-repeater-item-992da35 swiper-slide\" role=\"group\" aria-roledescription=\"slide\"><div class=\"swiper-slide-bg\" role=\"img\" aria-label=\"manila-2256322_1280\"><\/div><div class=\"swiper-slide-inner\" ><div class=\"swiper-slide-contents\"><\/div><\/div><\/div>\t\t\t\t<\/div>\n\t\t\t\t\t\t\t\t\t\t\t\t\t\t\t<div class=\"elementor-swiper-button elementor-swiper-button-prev\" role=\"button\" tabindex=\"0\" aria-label=\"Iepriek\u0161\u0113jais diapozit\u012bvs\">\n\t\t\t\t\t\t\t<i aria-hidden=\"true\" class=\"eicon-chevron-left\"><\/i>\t\t\t\t\t\t<\/div>\n\t\t\t\t\t\t<div class=\"elementor-swiper-button elementor-swiper-button-next\" role=\"button\" tabindex=\"0\" aria-label=\"N\u0101kamais sl\u012bdnis\">\n\t\t\t\t\t\t\t<i aria-hidden=\"true\" class=\"eicon-chevron-right\"><\/i>\t\t\t\t\t\t<\/div>\n\t\t\t\t\t\t\t\t\t\t\t\t\t\t\t\t\t<\/div>\n\t\t\t\t<\/div>\n\t\t\t\t\t\t\t\t<\/div>\n\t\t\t\t<\/div>\n\t\t\t\t\t<\/div>\n\t\t<\/div>\n\t\t\t\t\t<\/div>\n\t\t<\/section>\n\t\t\t\t<section class=\"elementor-section elementor-top-section elementor-element elementor-element-240baa7a elementor-section-boxed elementor-section-height-default elementor-section-height-default\" data-id=\"240baa7a\" data-element_type=\"section\" data-e-type=\"section\" data-settings=\"{&quot;background_background&quot;:&quot;classic&quot;}\">\n\t\t\t\t\t\t<div class=\"elementor-container elementor-column-gap-default\">\n\t\t\t\t\t<div class=\"elementor-column elementor-col-100 elementor-top-column elementor-element elementor-element-1afe9e42\" data-id=\"1afe9e42\" data-element_type=\"column\" data-e-type=\"column\">\n\t\t\t<div class=\"elementor-widget-wrap elementor-element-populated\">\n\t\t\t\t\t\t<div class=\"elementor-element elementor-element-65bd50ae elementor-widget elementor-widget-heading\" data-id=\"65bd50ae\" data-element_type=\"widget\" data-e-type=\"widget\" data-widget_type=\"heading.default\">\n\t\t\t\t<div class=\"elementor-widget-container\">\n\t\t\t\t\t<h1 class=\"elementor-heading-title elementor-size-default\">Neizdev\u012bg\u0101 situ\u0101cij\u0101 eso\u0161u b\u0113rnu izgl\u012bt\u012bbas situ\u0101cija<\/h1>\t\t\t\t<\/div>\n\t\t\t\t<\/div>\n\t\t\t\t\t<\/div>\n\t\t<\/div>\n\t\t\t\t\t<\/div>\n\t\t<\/section>\n\t\t\t\t<section class=\"elementor-section elementor-top-section elementor-element elementor-element-446540f elementor-section-boxed elementor-section-height-default elementor-section-height-default\" data-id=\"446540f\" data-element_type=\"section\" data-e-type=\"section\">\n\t\t\t\t\t\t<div class=\"elementor-container elementor-column-gap-default\">\n\t\t\t\t\t<div class=\"elementor-column elementor-col-100 elementor-top-column elementor-element elementor-element-312a2d3\" data-id=\"312a2d3\" data-element_type=\"column\" data-e-type=\"column\">\n\t\t\t<div class=\"elementor-widget-wrap elementor-element-populated\">\n\t\t\t\t\t\t<div class=\"elementor-element elementor-element-48c75da elementor-nav-menu--dropdown-tablet elementor-nav-menu__text-align-aside elementor-nav-menu--toggle elementor-nav-menu--burger elementor-widget elementor-widget-nav-menu\" data-id=\"48c75da\" data-element_type=\"widget\" data-e-type=\"widget\" data-settings=\"{&quot;layout&quot;:&quot;horizontal&quot;,&quot;submenu_icon&quot;:{&quot;value&quot;:&quot;&lt;i class=\\&quot;fas fa-caret-down\\&quot; aria-hidden=\\&quot;true\\&quot;&gt;&lt;\\\/i&gt;&quot;,&quot;library&quot;:&quot;fa-solid&quot;},&quot;toggle&quot;:&quot;burger&quot;}\" data-widget_type=\"nav-menu.default\">\n\t\t\t\t<div class=\"elementor-widget-container\">\n\t\t\t\t\t\t\t\t<nav aria-label=\"Valstu izp\u0113te\" class=\"elementor-nav-menu--main elementor-nav-menu__container elementor-nav-menu--layout-horizontal e--pointer-underline e--animation-grow\">\n\t\t\t\t<ul id=\"menu-1-48c75da\" class=\"elementor-nav-menu\"><li class=\"menu-item menu-item-type-custom menu-item-object-custom menu-item-has-children menu-item-12305\"><a class=\"elementor-item\">\u0100frika<\/a>\n<ul class=\"sub-menu elementor-nav-menu--dropdown\">\n\t<li class=\"menu-item menu-item-type-post_type menu-item-object-page menu-item-12253\"><a href=\"https:\/\/gradido.net\/lv\/countries\/afrika\/\" class=\"elementor-sub-item\">\u0100frika, viss kontinents<\/a><\/li>\n\t<li class=\"menu-item menu-item-type-post_type menu-item-object-page menu-item-13097\"><a href=\"https:\/\/gradido.net\/lv\/countries\/afrika\/dr-congo\/\" class=\"elementor-sub-item\">Kongo Demokr\u0101tisk\u0101 Republika<\/a><\/li>\n\t<li class=\"menu-item menu-item-type-post_type menu-item-object-page menu-item-12414\"><a href=\"https:\/\/gradido.net\/lv\/countries\/afrika\/kenya\/\" class=\"elementor-sub-item\">Kenija<\/a><\/li>\n\t<li class=\"menu-item menu-item-type-post_type menu-item-object-page menu-item-12737\"><a href=\"https:\/\/gradido.net\/lv\/countries\/afrika\/madagascar\/\" class=\"elementor-sub-item\">Madagaskara<\/a><\/li>\n\t<li class=\"menu-item menu-item-type-post_type menu-item-object-page menu-item-12148\"><a href=\"https:\/\/gradido.net\/lv\/countries\/afrika\/namibia\/\" class=\"elementor-sub-item\">Nam\u012bbija<\/a><\/li>\n\t<li class=\"menu-item menu-item-type-post_type menu-item-object-page menu-item-12839\"><a href=\"https:\/\/gradido.net\/lv\/countries\/afrika\/rwanda\/\" class=\"elementor-sub-item\">Ruanda<\/a><\/li>\n<\/ul>\n<\/li>\n<li class=\"menu-item menu-item-type-custom menu-item-object-custom menu-item-has-children menu-item-11798\"><a class=\"elementor-item\">America<\/a>\n<ul class=\"sub-menu elementor-nav-menu--dropdown\">\n\t<li class=\"menu-item menu-item-type-post_type menu-item-object-page menu-item-12463\"><a href=\"https:\/\/gradido.net\/lv\/countries\/usa\/\" class=\"elementor-sub-item\">ASV<\/a><\/li>\n\t<li class=\"menu-item menu-item-type-post_type menu-item-object-page menu-item-11791\"><a href=\"https:\/\/gradido.net\/lv\/countries\/mexico\/\" class=\"elementor-sub-item\">Meksika<\/a><\/li>\n<\/ul>\n<\/li>\n<li class=\"menu-item menu-item-type-custom menu-item-object-custom menu-item-has-children menu-item-11800\"><a class=\"elementor-item\">Asia<\/a>\n<ul class=\"sub-menu elementor-nav-menu--dropdown\">\n\t<li class=\"menu-item menu-item-type-post_type menu-item-object-page menu-item-11794\"><a href=\"https:\/\/gradido.net\/lv\/countries\/maledives\/\" class=\"elementor-sub-item\">Mald\u012bvu salas<\/a><\/li>\n\t<li class=\"menu-item menu-item-type-post_type menu-item-object-page menu-item-11790\"><a href=\"https:\/\/gradido.net\/lv\/countries\/philippines\/\" class=\"elementor-sub-item\">Filip\u012bnas<\/a><\/li>\n\t<li class=\"menu-item menu-item-type-post_type menu-item-object-page menu-item-11802\"><a href=\"https:\/\/gradido.net\/lv\/countries\/saudi-arabia\/\" class=\"elementor-sub-item\">Sa\u016bda Ar\u0101bija<\/a><\/li>\n<\/ul>\n<\/li>\n<li class=\"menu-item menu-item-type-custom menu-item-object-custom menu-item-has-children menu-item-11797\"><a class=\"elementor-item\">Eiropa<\/a>\n<ul class=\"sub-menu elementor-nav-menu--dropdown\">\n\t<li class=\"menu-item menu-item-type-post_type menu-item-object-page menu-item-11805\"><a href=\"https:\/\/gradido.net\/lv\/countries\/germany\/\" class=\"elementor-sub-item\">V\u0101cija<\/a><\/li>\n\t<li class=\"menu-item menu-item-type-post_type menu-item-object-page menu-item-11803\"><a href=\"https:\/\/gradido.net\/lv\/countries\/greece\/\" class=\"elementor-sub-item\">Grie\u0137ija<\/a><\/li>\n\t<li class=\"menu-item menu-item-type-post_type menu-item-object-page menu-item-11788\"><a href=\"https:\/\/gradido.net\/lv\/countries\/spain\/\" class=\"elementor-sub-item\">Sp\u0101nija<\/a><\/li>\n<\/ul>\n<\/li>\n<li class=\"menu-item menu-item-type-custom menu-item-object-custom menu-item-has-children menu-item-11801\"><a class=\"elementor-item\">Oke\u0101nija<\/a>\n<ul class=\"sub-menu elementor-nav-menu--dropdown\">\n\t<li class=\"menu-item menu-item-type-post_type menu-item-object-page menu-item-11793\"><a href=\"https:\/\/gradido.net\/lv\/countries\/marshall-islands\/\" class=\"elementor-sub-item\">M\u0101r\u0161ala salas<\/a><\/li>\n\t<li class=\"menu-item menu-item-type-post_type menu-item-object-page menu-item-11795\"><a href=\"https:\/\/gradido.net\/lv\/countries\/tahiti\/\" class=\"elementor-sub-item\">Tahiti<\/a><\/li>\n<\/ul>\n<\/li>\n<\/ul>\t\t\t<\/nav>\n\t\t\t\t\t<div class=\"elementor-menu-toggle\" role=\"button\" tabindex=\"0\" aria-label=\"Izv\u0113lnes p\u0101rsl\u0113g\u0161ana\" aria-expanded=\"false\">\n\t\t\t<i aria-hidden=\"true\" role=\"presentation\" class=\"elementor-menu-toggle__icon--open eicon-menu-bar\"><\/i><i aria-hidden=\"true\" role=\"presentation\" class=\"elementor-menu-toggle__icon--close eicon-close\"><\/i>\t\t<\/div>\n\t\t\t\t\t<nav class=\"elementor-nav-menu--dropdown elementor-nav-menu__container\" aria-hidden=\"true\">\n\t\t\t\t<ul id=\"menu-2-48c75da\" class=\"elementor-nav-menu\"><li class=\"menu-item menu-item-type-custom menu-item-object-custom menu-item-has-children menu-item-12305\"><a class=\"elementor-item\" tabindex=\"-1\">\u0100frika<\/a>\n<ul class=\"sub-menu elementor-nav-menu--dropdown\">\n\t<li class=\"menu-item menu-item-type-post_type menu-item-object-page menu-item-12253\"><a href=\"https:\/\/gradido.net\/lv\/countries\/afrika\/\" class=\"elementor-sub-item\" tabindex=\"-1\">\u0100frika, viss kontinents<\/a><\/li>\n\t<li class=\"menu-item menu-item-type-post_type menu-item-object-page menu-item-13097\"><a href=\"https:\/\/gradido.net\/lv\/countries\/afrika\/dr-congo\/\" class=\"elementor-sub-item\" tabindex=\"-1\">Kongo Demokr\u0101tisk\u0101 Republika<\/a><\/li>\n\t<li class=\"menu-item menu-item-type-post_type menu-item-object-page menu-item-12414\"><a href=\"https:\/\/gradido.net\/lv\/countries\/afrika\/kenya\/\" class=\"elementor-sub-item\" tabindex=\"-1\">Kenija<\/a><\/li>\n\t<li class=\"menu-item menu-item-type-post_type menu-item-object-page menu-item-12737\"><a href=\"https:\/\/gradido.net\/lv\/countries\/afrika\/madagascar\/\" class=\"elementor-sub-item\" tabindex=\"-1\">Madagaskara<\/a><\/li>\n\t<li class=\"menu-item menu-item-type-post_type menu-item-object-page menu-item-12148\"><a href=\"https:\/\/gradido.net\/lv\/countries\/afrika\/namibia\/\" class=\"elementor-sub-item\" tabindex=\"-1\">Nam\u012bbija<\/a><\/li>\n\t<li class=\"menu-item menu-item-type-post_type menu-item-object-page menu-item-12839\"><a href=\"https:\/\/gradido.net\/lv\/countries\/afrika\/rwanda\/\" class=\"elementor-sub-item\" tabindex=\"-1\">Ruanda<\/a><\/li>\n<\/ul>\n<\/li>\n<li class=\"menu-item menu-item-type-custom menu-item-object-custom menu-item-has-children menu-item-11798\"><a class=\"elementor-item\" tabindex=\"-1\">America<\/a>\n<ul class=\"sub-menu elementor-nav-menu--dropdown\">\n\t<li class=\"menu-item menu-item-type-post_type menu-item-object-page menu-item-12463\"><a href=\"https:\/\/gradido.net\/lv\/countries\/usa\/\" class=\"elementor-sub-item\" tabindex=\"-1\">ASV<\/a><\/li>\n\t<li class=\"menu-item menu-item-type-post_type menu-item-object-page menu-item-11791\"><a href=\"https:\/\/gradido.net\/lv\/countries\/mexico\/\" class=\"elementor-sub-item\" tabindex=\"-1\">Meksika<\/a><\/li>\n<\/ul>\n<\/li>\n<li class=\"menu-item menu-item-type-custom menu-item-object-custom menu-item-has-children menu-item-11800\"><a class=\"elementor-item\" tabindex=\"-1\">Asia<\/a>\n<ul class=\"sub-menu elementor-nav-menu--dropdown\">\n\t<li class=\"menu-item menu-item-type-post_type menu-item-object-page menu-item-11794\"><a href=\"https:\/\/gradido.net\/lv\/countries\/maledives\/\" class=\"elementor-sub-item\" tabindex=\"-1\">Mald\u012bvu salas<\/a><\/li>\n\t<li class=\"menu-item menu-item-type-post_type menu-item-object-page menu-item-11790\"><a href=\"https:\/\/gradido.net\/lv\/countries\/philippines\/\" class=\"elementor-sub-item\" tabindex=\"-1\">Filip\u012bnas<\/a><\/li>\n\t<li class=\"menu-item menu-item-type-post_type menu-item-object-page menu-item-11802\"><a href=\"https:\/\/gradido.net\/lv\/countries\/saudi-arabia\/\" class=\"elementor-sub-item\" tabindex=\"-1\">Sa\u016bda Ar\u0101bija<\/a><\/li>\n<\/ul>\n<\/li>\n<li class=\"menu-item menu-item-type-custom menu-item-object-custom menu-item-has-children menu-item-11797\"><a class=\"elementor-item\" tabindex=\"-1\">Eiropa<\/a>\n<ul class=\"sub-menu elementor-nav-menu--dropdown\">\n\t<li class=\"menu-item menu-item-type-post_type menu-item-object-page menu-item-11805\"><a href=\"https:\/\/gradido.net\/lv\/countries\/germany\/\" class=\"elementor-sub-item\" tabindex=\"-1\">V\u0101cija<\/a><\/li>\n\t<li class=\"menu-item menu-item-type-post_type menu-item-object-page menu-item-11803\"><a href=\"https:\/\/gradido.net\/lv\/countries\/greece\/\" class=\"elementor-sub-item\" tabindex=\"-1\">Grie\u0137ija<\/a><\/li>\n\t<li class=\"menu-item menu-item-type-post_type menu-item-object-page menu-item-11788\"><a href=\"https:\/\/gradido.net\/lv\/countries\/spain\/\" class=\"elementor-sub-item\" tabindex=\"-1\">Sp\u0101nija<\/a><\/li>\n<\/ul>\n<\/li>\n<li class=\"menu-item menu-item-type-custom menu-item-object-custom menu-item-has-children menu-item-11801\"><a class=\"elementor-item\" tabindex=\"-1\">Oke\u0101nija<\/a>\n<ul class=\"sub-menu elementor-nav-menu--dropdown\">\n\t<li class=\"menu-item menu-item-type-post_type menu-item-object-page menu-item-11793\"><a href=\"https:\/\/gradido.net\/lv\/countries\/marshall-islands\/\" class=\"elementor-sub-item\" tabindex=\"-1\">M\u0101r\u0161ala salas<\/a><\/li>\n\t<li class=\"menu-item menu-item-type-post_type menu-item-object-page menu-item-11795\"><a href=\"https:\/\/gradido.net\/lv\/countries\/tahiti\/\" class=\"elementor-sub-item\" tabindex=\"-1\">Tahiti<\/a><\/li>\n<\/ul>\n<\/li>\n<\/ul>\t\t\t<\/nav>\n\t\t\t\t\t\t<\/div>\n\t\t\t\t<\/div>\n\t\t\t\t<div class=\"elementor-element elementor-element-dcace62 elementor-widget elementor-widget-breadcrumbs\" data-id=\"dcace62\" data-element_type=\"widget\" data-e-type=\"widget\" data-widget_type=\"breadcrumbs.default\">\n\t\t\t\t<div class=\"elementor-widget-container\">\n\t\t\t\t\t<p id=\"breadcrumbs\"><span><span><a href=\"https:\/\/gradido.net\/lv\/\">M\u0101jas lapa<\/a><\/span><\/span><\/p>\t\t\t\t<\/div>\n\t\t\t\t<\/div>\n\t\t\t\t<div class=\"elementor-element elementor-element-a9db9a5 elementor-widget elementor-widget-text-editor\" data-id=\"a9db9a5\" data-element_type=\"widget\" data-e-type=\"widget\" data-widget_type=\"text-editor.default\">\n\t\t\t\t<div class=\"elementor-widget-container\">\n\t\t\t\t\t\t\t\t\t<h3 style=\"text-align: center;\"><a href=\"https:\/\/gradido.net\/lv\/countries\/philippines\/\"><strong>Galven\u0101 lapa: Filip\u012bnas<\/strong><\/a><\/h3><p style=\"text-align: center;\"><a href=\"https:\/\/gradido.net\/lv\/countries\/philippines\/economy-and-society\/\">1. ekonomika un sabiedr\u012bba<\/a><br \/><a href=\"https:\/\/gradido.net\/lv\/countries\/philippines\/income-and-standard-of-living\/\">2 Ien\u0101kumi un dz\u012bves l\u012bmenis<\/a><br \/><a href=\"https:\/\/gradido.net\/lv\/countries\/philippines\/labor-migration-and-foreign-employment\/\">3 Darba migr\u0101cija un nodarbin\u0101t\u012bba \u0101rzem\u0113s<\/a><br \/><a href=\"https:\/\/gradido.net\/lv\/countries\/philippines\/poverty-and-social-inequality\/\">4 Nabadz\u012bba un soci\u0101l\u0101 nevienl\u012bdz\u012bba<\/a><br \/><a href=\"https:\/\/gradido.net\/lv\/countries\/philippines\/common-good-and-solidarity\/\">5 Kop\u0113jais labums un solidarit\u0101te<\/a><br \/><strong>6 Neizdev\u012bg\u0101 situ\u0101cij\u0101 eso\u0161u b\u0113rnu izgl\u012bt\u012bbas situ\u0101cija<\/strong><br \/><a href=\"https:\/\/gradido.net\/lv\/countries\/philippines\/health-and-retirement-provision\/\">7 Vesel\u012bbas, soci\u0101l\u0101 un pensiju nodro\u0161in\u0101\u0161ana<\/a><br \/><a href=\"https:\/\/gradido.net\/lv\/countries\/philippines\/care-work-and-commitment\/\">8 Apr\u016bpes darba un ap\u0146\u0113m\u012bbas atz\u012b\u0161ana<\/a><br \/><a href=\"https:\/\/gradido.net\/lv\/countries\/philippines\/digitization-and-alternative-models\/\">9.inov\u0101cija, digitaliz\u0101cija un alternat\u012bvi ekonomikas mode\u013ci<\/a><br \/><a href=\"https:\/\/gradido.net\/lv\/countries\/philippines\/community-based-economy-and-parallel-currencies\/\">10.uz kopienu balst\u012bta ekonomika un paral\u0113l\u0101s val\u016btas<\/a><br \/><a href=\"https:\/\/gradido.net\/lv\/countries\/philippines\/potential-and-challenges\/\">11 Gradido potenci\u0101ls un probl\u0113mas<\/a><br \/><a href=\"https:\/\/gradido.net\/lv\/countries\/philippines\/international-cooperation\/\">12. starptautisk\u0101 sadarb\u012bba, NVO un vald\u012bbas att\u012bst\u012bbas projekti.<\/a><\/p>\t\t\t\t\t\t\t\t<\/div>\n\t\t\t\t<\/div>\n\t\t\t\t<div class=\"elementor-element elementor-element-d7bb196 elementor-widget-divider--view-line elementor-widget elementor-widget-divider\" data-id=\"d7bb196\" data-element_type=\"widget\" data-e-type=\"widget\" data-widget_type=\"divider.default\">\n\t\t\t\t<div class=\"elementor-widget-container\">\n\t\t\t\t\t\t\t<div class=\"elementor-divider\">\n\t\t\t<span class=\"elementor-divider-separator\">\n\t\t\t\t\t\t<\/span>\n\t\t<\/div>\n\t\t\t\t\t\t<\/div>\n\t\t\t\t<\/div>\n\t\t\t\t<div class=\"elementor-element elementor-element-146ff9d elementor-widget elementor-widget-text-editor\" data-id=\"146ff9d\" data-element_type=\"widget\" data-e-type=\"widget\" data-widget_type=\"text-editor.default\">\n\t\t\t\t<div class=\"elementor-widget-container\">\n\t\t\t\t\t\t\t\t\t<div class=\"wiki-page-header-wrapper\"><div class=\"wiki-page-header-wrapper\"><div class=\"wiki-page-header-wrapper\"><h1 id=\"bildungssituation-f%C3%BCr-kinder-aus-armen%2C-l%C3%A4ndlichen-oder-migrantischen-familien-auf-den-philippinen\" tabindex=\"-1\">B\u0113rnu no nabadz\u012bg\u0101m, lauku vai migrantu \u0123imen\u0113m izgl\u012bt\u012bbas situ\u0101cija Filip\u012bn\u0101s<\/h1><\/div><div class=\"wiki-page-header-wrapper\"><h2 id=\"%C3%BCberblick\" tabindex=\"-1\">P\u0101rskats<\/h2><p>Neskatoties uz vald\u012bbas centieniem izveidot iek\u013caujo\u0161u izgl\u012bt\u012bbas sist\u0113mu <strong>B\u0113rni no nabadz\u012bg\u0101m, lauku un migrantu \u0123imen\u0113m<\/strong> Filip\u012bn\u0101s joproj\u0101m ir \u013coti nelabv\u0113l\u012bg\u0101 situ\u0101cij\u0101. Nabadz\u012bba, infrastrukt\u016bras tr\u016bkums un soci\u0101l\u0101 atstumt\u012bba noz\u012bm\u0113, ka daudziem no \u0161iem b\u0113rniem nav pieejama kvalitat\u012bva izgl\u012bt\u012bba vai t\u0101 ir pieejama tikai ierobe\u017eot\u0101 apjom\u0101.<\/p><\/div><div class=\"wiki-page-header-wrapper\"><h2 id=\"1.-zugang-und-teilnahme-am-bildungssystem\" tabindex=\"-1\">1. piek\u013cuve izgl\u012bt\u012bbas sist\u0113mai un l\u012bdzdal\u012bba taj\u0101.<\/h2><ul><li><strong>Pamatskola ofici\u0101li ir bez maksas<\/strong>bet sl\u0113pt\u0101s izmaksas (skolas materi\u0101li, formas t\u0113rpi, transports) daudz\u0101m \u0123imen\u0113m ir p\u0101r\u0101k lielas.<a href=\"https:\/\/ableistift.de\/zugang-zur-bildung-fuer-20-schueler-auf-den-philippinen\/\" target=\"_blank\" rel=\"noopener noreferrer nofollow\">^1<\/a>.<\/li><li>\u012apa\u0161i <strong>Graustu rajoni un lauku re\u0123ioni<\/strong> bie\u017ei vien tr\u016bkst skolu, kas b\u016btu viegli sasniedzamas. B\u0113rniem ir j\u0101m\u0113ro lieli att\u0101lumi, kas apgr\u016btina regul\u0101ru skolas apmekl\u0113\u0161anu.<a href=\"https:\/\/www.kindernothilfe.de\/weltweit-aktiv\/projekte\/asien\/philippinen-bildung\" target=\"_blank\" rel=\"noopener noreferrer nofollow\">^1<\/a>.<\/li><li><strong>Daudzi b\u0113rni no nabadz\u012bg\u0101m \u0123imen\u0113m str\u0101d\u0101<\/strong> papildus skolai vai t\u0101s viet\u0101, lai veicin\u0101tu \u0123imenes ien\u0101kumus. Neraugoties uz aizliegumu, b\u0113rnu darbs ir pla\u0161i izplat\u012bts, jo \u012bpa\u0161i lauku apvidos un neofici\u0101l\u0101s apdz\u012bvot\u0101s viet\u0101s.<a href=\"https:\/\/www.maninoy.de\/category\/aktuelles\/\" target=\"_blank\" rel=\"noopener noreferrer nofollow\">^4<\/a><a href=\"https:\/\/www.savethechildren.de\/informieren\/einsatzorte\/international\/asien-laenderuebersicht\/philippinen\/\" target=\"_blank\" rel=\"noopener noreferrer nofollow\">^6<\/a>.<\/li><li>Kr\u012bzes laik\u0101, piem\u0113ram, pand\u0113mijas laik\u0101, situ\u0101cija saasin\u0101s: daudziem b\u0113rniem nav piek\u013cuves digit\u0101laj\u0101m m\u0101c\u012bbu iesp\u0113j\u0101m, jo tr\u016bkst elektr\u012bbas, interneta vai ier\u012b\u010du.<a href=\"https:\/\/ableistift.de\/zugang-zur-bildung-fuer-20-schueler-auf-den-philippinen\/\" target=\"_blank\" rel=\"noopener noreferrer nofollow\">^4<\/a>.<\/li><\/ul><\/div><div class=\"wiki-page-header-wrapper\"><h2 id=\"2.-qualit%C3%A4t-der-bildung-und-lernbedingungen\" tabindex=\"-1\">2. izgl\u012bt\u012bbas kvalit\u0101te un m\u0101c\u012bbu apst\u0101k\u013ci<\/h2><ul><li><strong>Valsts skolas bie\u017ei vien ir slikti apr\u012bkotas<\/strong>Tr\u016bkst m\u0101c\u012bbu materi\u0101lu, kvalific\u0113tu skolot\u0101ju un infrastrukt\u016bras. Jo \u012bpa\u0161i lauku apvidos klases ir p\u0101rpild\u012btas, un pasnieg\u0161anas kvalit\u0101te pasliktin\u0101s.<a href=\"https:\/\/www.kinderweltreise.de\/kontinente\/asien\/philippinen\/alltag-kinder\/schule\/\" target=\"_blank\" rel=\"noopener noreferrer nofollow\">^5<\/a>.<\/li><li><strong>B\u0113rni no tr\u016bc\u012bg\u0101m \u0123imen\u0113m reti sa\u0146em m\u0113r\u0137tiec\u012bgu atbalstu<\/strong>. Pal\u012bdz\u012bbas projekti cen\u0161as nov\u0113rst \u0161o plaisu, nodro\u0161inot m\u0101c\u012bbu materi\u0101lus, konsult\u0101cijas un stipendijas.<a href=\"https:\/\/islandkids.ch\" target=\"_blank\" rel=\"noopener noreferrer nofollow\">^3<\/a><a href=\"https:\/\/www.kindernothilfe.at\/informieren\/aktuelles\/ein-blick-in-die-welt\/2023\/philippinen-bildung-als-chance\" target=\"_blank\" rel=\"noopener noreferrer nofollow\">^8<\/a>.<\/li><li><strong>Kult\u016bras un rota\u013cu izgl\u012bt\u012bba<\/strong> ir gr\u016bti pieejama nelabv\u0113l\u012bg\u0101 situ\u0101cij\u0101 eso\u0161\u0101m grup\u0101m, lai gan t\u0101 b\u016btu svar\u012bga person\u012bbas att\u012bst\u012bbai.<a href=\"https:\/\/www.maninoy.de\/category\/aktuelles\/\" target=\"_blank\" rel=\"noopener noreferrer nofollow\">^5<\/a>.<\/li><\/ul><\/div><div class=\"wiki-page-header-wrapper\"><h2 id=\"3.-spezielle-herausforderungen-f%C3%BCr-l%C3%A4ndliche-und-migrantische-kinder\" tabindex=\"-1\">3. \u012bpa\u0161as probl\u0113mas lauku un migrantu b\u0113rniem.<\/h2><ul><li><strong>Lauku b\u0113rni<\/strong>:<ul><li>Daudzi p\u0113c pamatskolas beig\u0161anas pamet skolu, jo vi\u0146iem j\u0101pal\u012bdz laukos vai m\u0101jsaimniec\u012bb\u0101, vai ar\u012b t\u0101p\u0113c, ka vidusskolas ir p\u0101r\u0101k t\u0101lu.<a href=\"https:\/\/www.maninoy.de\/category\/aktuelles\/\" target=\"_blank\" rel=\"noopener noreferrer nofollow\">^1<\/a>.<\/li><li>Att\u0101lajos re\u0123ionos skolas bie\u017ei vien ir gr\u016bti sasniedzamas, un m\u0101c\u012bbu kvalit\u0101te ir \u012bpa\u0161i zema.<a href=\"https:\/\/www.kinderweltreise.de\/kontinente\/asien\/philippinen\/alltag-kinder\/schule\/\" target=\"_blank\" rel=\"noopener noreferrer nofollow\">^1<\/a>.<\/li><\/ul><\/li><li><strong>Migrantu un valsts iek\u0161ien\u0113 p\u0101rvietoto personu b\u0113rni<\/strong>:<ul><li>Migrantu b\u0113rni, piem\u0113ram, no neofici\u0101l\u0101m apmetn\u0113m vai \u0123imen\u0113m, kas p\u0101rvietotas p\u0113c dabas katastrof\u0101m, ir \u012bpa\u0161i pak\u013cauti riskam zaud\u0113t saikni ar skolu sist\u0113mu.<a href=\"https:\/\/ableistift.de\/zugang-zur-bildung-fuer-20-schueler-auf-den-philippinen\/\" target=\"_blank\" rel=\"noopener noreferrer nofollow\">^2<\/a>.<\/li><li>Valodas un kult\u016bras barjeras apgr\u016btina integr\u0101ciju, jo \u012bpa\u0161i b\u0113rniem no pamatiedz\u012bvot\u0101ju grup\u0101m vai etniskaj\u0101m minorit\u0101t\u0113m.<a href=\"https:\/\/www.maninoy.de\/category\/aktuelles\/\" target=\"_blank\" rel=\"noopener noreferrer nofollow\">^5<\/a>.<\/li><\/ul><\/li><\/ul><\/div><div class=\"wiki-page-header-wrapper\"><h2 id=\"4.-innovative-ans%C3%A4tze-und-hilfsprojekte\" tabindex=\"-1\">4. inovat\u012bvas pieejas un atbalsta projekti<\/h2><ul><li><strong>Mobil\u0101s skolas<\/strong> un alternat\u012bv\u0101s m\u0101c\u012bbu programmas cen\u0161as nodro\u0161in\u0101t izgl\u012bt\u012bbu ielas b\u0113rniem un b\u0113rniem no \u013coti nelabv\u0113l\u012bgas vides. T\u0101s sagatavo vi\u0146us integr\u0101cijai visp\u0101rizgl\u012btojo\u0161\u0101s skol\u0101s un pied\u0101v\u0101 elast\u012bgas m\u0101c\u012bbu iesp\u0113jas, kas piel\u0101gotas b\u0113rnu ikdienas dz\u012bvei.<a href=\"https:\/\/www.kinder-in-not.de\/projekt\/philippinen\/mobile-schulen-fuer-strassenkinder\" target=\"_blank\" rel=\"noopener noreferrer nofollow\">^9<\/a>.<\/li><li><strong>Pal\u012bdz\u012bbas organiz\u0101cijas<\/strong> nodro\u0161in\u0101t skolas piederumus, formas t\u0113rpus un \u0113din\u0101\u0161anu, k\u0101 ar\u012b atbalst\u012bt \u0123imenes, lai b\u0113rni var\u0113tu regul\u0101ri apmekl\u0113t skolu.<a href=\"https:\/\/islandkids.ch\" target=\"_blank\" rel=\"noopener noreferrer nofollow\">^3<\/a><a href=\"https:\/\/ableistift.de\/zugang-zur-bildung-fuer-20-schueler-auf-den-philippinen\/\" target=\"_blank\" rel=\"noopener noreferrer nofollow\">^8<\/a>.<\/li><\/ul><\/div><div class=\"wiki-page-header-wrapper\"><h2 id=\"5.-fazit-und-ausblick\" tabindex=\"-1\">5 Secin\u0101jumi un perspekt\u012bvas<\/h2><ul><li><strong>Nabadz\u012bba joproj\u0101m ir liel\u0101kais \u0161\u0137\u0113rslis<\/strong> par izgl\u012bt\u012bbas iesp\u0113j\u0101m Filip\u012bn\u0101s. Lai gan form\u0101li skolu sist\u0113ma ir atv\u0113rta, daudziem b\u0113rniem no nabadz\u012bg\u0101m, lauku vai migrantu \u0123imen\u0113m piek\u013cuve ir ierobe\u017eota.<\/li><li>Port\u0101ls <strong>nevienl\u012bdz\u012bgi starta apst\u0101k\u013ci<\/strong> Tas noz\u012bm\u0113, ka \u0161ie b\u0113rni bie\u017e\u0101k pamet skolu, g\u016bst slikt\u0101kus m\u0101c\u012bbu rezult\u0101tus un ret\u0101k ieg\u016bst augst\u0101ku izgl\u012bt\u012bbu.<\/li><li><strong>M\u0113r\u0137tiec\u012bgs atbalsts<\/strong> izmantojot vald\u012bbas programmas un pal\u012bdz\u012bbas projektus, ir iz\u0161\u0137iro\u0161a noz\u012bme, lai p\u0101rrautu nabadz\u012bbas un nelabv\u0113l\u012bgas izgl\u012bt\u012bbas apburto loku un dotu \u0161iem b\u0113rniem re\u0101las n\u0101kotnes izredzes.<a href=\"https:\/\/islandkids.ch\" target=\"_blank\" rel=\"noopener noreferrer nofollow\">^3<\/a><a href=\"https:\/\/www.kindernothilfe.at\/informieren\/aktuelles\/ein-blick-in-die-welt\/2023\/philippinen-bildung-als-chance\" target=\"_blank\" rel=\"noopener noreferrer nofollow\">^4<\/a><a href=\"https:\/\/www.kinderweltreise.de\/kontinente\/asien\/philippinen\/alltag-kinder\/schule\/\" target=\"_blank\" rel=\"noopener noreferrer nofollow\">^5<\/a><a href=\"https:\/\/ableistift.de\/zugang-zur-bildung-fuer-20-schueler-auf-den-philippinen\/\" target=\"_blank\" rel=\"noopener noreferrer nofollow\">^9<\/a><a href=\"https:\/\/www.savethechildren.de\/informieren\/einsatzorte\/international\/asien-laenderuebersicht\/philippinen\/\" target=\"_blank\" rel=\"noopener noreferrer nofollow\">^6<\/a>.<\/li><\/ul><hr \/><\/div><div class=\"wiki-page-header-wrapper\"><h2 id=\"kommentar-von-nea\" tabindex=\"-1\">Papildu nov\u0113rt\u0113jums no Gradido perspekt\u012bvas<\/h2><p>Anal\u012bze par\u0101da, cik \u013coti nabadz\u012bba un marginaliz\u0101cija ierobe\u017eo izgl\u012bt\u012bbas pieejam\u012bbu un k\u0101 Filip\u012bn\u0101s izgl\u012bt\u012bba k\u013c\u016bst par veselu paaud\u017eu likte\u0146a jaut\u0101jumu. B\u0113rni no nabadz\u012bg\u0101m, lauku vai migrantu \u0123imen\u0113m ir pak\u013cauti dubultiem nelabv\u0113l\u012bgiem apst\u0101k\u013ciem: Papildus materi\u0101lajiem \u0161\u0137\u0113r\u0161\u013ciem past\u0101v ar\u012b soci\u0101l\u0101 neredzam\u012bba.<\/p><p><strong>B\u016btiskie aspekti un gradido perspekt\u012bva:<\/strong><\/p><ul><li><strong>Nabadz\u012bbas slazds un izgl\u012bt\u012bba:<\/strong> Sl\u0113pto izmaksu d\u0113\u013c \"ofici\u0101li bezmaksas\" skola daudziem joproj\u0101m ir il\u016bzija. Tr\u016bc\u012bgi cilv\u0113ki bie\u017ei vien vienk\u0101r\u0161i nevar at\u013cauties b\u016btisku izgl\u012bt\u012bbu - apburtais loks, kas turpina nabadz\u012bbu.<\/li><li><strong>Valsts un pils\u0113ta:<\/strong> Piek\u013cuve ir \u012bpa\u0161i apgr\u016btin\u0101ta lauku re\u0123ionos un valsts iek\u0161ien\u0113 p\u0101rvietot\u0101m person\u0101m. Skolu tr\u016bkums, garie p\u0101rbraucieni, b\u0113rnu darbs un infrastrukt\u016bras tr\u016bkums noz\u012bm\u0113, ka visneaizsarg\u0101t\u0101kie iedz\u012bvot\u0101ji \u0101tri vien paliek nov\u0101rt\u0101.<\/li><li><strong>Kvalit\u0101te un veicin\u0101\u0161ana:<\/strong> P\u0101rpild\u012btas klases, nepiem\u0113rots apr\u012bkojums un individualiz\u0113ta atbalsta tr\u016bkums apgr\u016btina m\u0101c\u012b\u0161anos. Pal\u012bdz\u012bbas organiz\u0101cijas cen\u0161as pied\u0101v\u0101t alternat\u012bvus un mobilus izgl\u012bt\u012bbas pied\u0101v\u0101jumus, ta\u010du struktur\u0101lo defic\u012btu t\u0101s var mazin\u0101t tikai da\u017e\u0101s jom\u0101s.<\/li><li><strong>Kult\u016bras un soci\u0101lie \u0161\u0137\u0113r\u0161\u013ci:<\/strong> Valodas, kult\u016bras un soci\u0101l\u0101s barjeras saasina atstumt\u012bbu, jo \u012bpa\u0161i pamatiedz\u012bvot\u0101ju, migrantu un etnisko minorit\u0101\u0161u b\u0113rniem.<\/li><\/ul><p><strong>Potenci\u0101ls ar Gradido:<\/strong> Uz sabiedr\u012bbas labkl\u0101j\u012bbu orient\u0113ta pieeja, piem\u0113ram, Gradido, var\u0113tu to b\u016btiski main\u012bt: Patiesi pamatien\u0101kumi katrai \u0123imenei var\u0113tu samazin\u0101t eksistenci\u0101los \u0161\u0137\u0113r\u0161\u013cus izgl\u012bt\u012bbai. Ja izgl\u012bt\u012bba, kaimi\u0146u pal\u012bdz\u012bba un soci\u0101l\u0101 l\u012bdzdal\u012bba tiktu atalgota, pat nelabv\u0113l\u012bg\u0101 situ\u0101cij\u0101 eso\u0161\u0101m \u0123imen\u0113m var\u0113tu pav\u0113rt jaunas iesp\u0113jas saviem b\u0113rniem - ne tikai materi\u0101l\u0101 zi\u0146\u0101, bet ar\u012b pateicoties soci\u0101lajai atzin\u012bbai un akt\u012bvai l\u012bdzdal\u012bbai.<\/p><p>Kop\u012bgi projekti, ko nes Bayanihan gars un atbalsta Gradido, var\u0113tu k\u013c\u016bt par augsni rado\u0161\u0101m, m\u012blo\u0161\u0101m un j\u0113gpiln\u0101m m\u0101c\u012bbu viet\u0101m. Izgl\u012bt\u012bba k\u0101 sirdij tuva lieta un potenci\u0101la realiz\u0101cijas atsl\u0113ga - tas ir ce\u013c\u0161, pa kuru m\u0113s varam iet kop\u0101.<\/p><\/div><\/div><\/div>\t\t\t\t\t\t\t\t<\/div>\n\t\t\t\t<\/div>\n\t\t\t\t\t<\/div>\n\t\t<\/div>\n\t\t\t\t\t<\/div>\n\t\t<\/section>\n\t\t\t\t<\/div>","protected":false},"excerpt":{"rendered":"<p>Bildungssituation benachteiligter Kinder Hauptseite: Philippinen 1. Wirtschaft und Gesellschaft2.Einkommen und Lebensstandard3.Arbeitsmigration und Auslandserwerbst\u00e4tigkeit4.Armut und soziale Ungleichheit5.Gemeinwohl und Solidarit\u00e4t6.Bildungssituation benachteiligter Kinder7.Gesundheit, soziale Sicherung und Altersvorsorge8.Anerkennung von Care-Arbeit und Engagement9.Innovationen, Digitalisierung und alternative Wirtschaftsmodelle10.Gemeinschaftsbasierte \u00d6konomie und Parallelw\u00e4hrungen11.Potenziale und Herausforderungen f\u00fcr Gradido12. Internationale Kooperationen, NGOs und staatliche Entwicklungsprojekte Bildungssituation f\u00fcr Kinder aus armen, l\u00e4ndlichen oder migrantischen Familien auf [&hellip;]<\/p>\n","protected":false},"author":2,"featured_media":10458,"parent":10540,"menu_order":0,"comment_status":"closed","ping_status":"closed","template":"","meta":{"footnotes":""},"class_list":["post-10612","page","type-page","status-publish","has-post-thumbnail","hentry"],"yoast_head":"<!-- This site is optimized with the Yoast SEO plugin v27.5 - https:\/\/yoast.com\/product\/yoast-seo-wordpress\/ -->\n<title>Bildungssituation benachteiligter Kinder Philippinen - Gradido<\/title>\n<meta name=\"description\" content=\"Sei Teil der Bewegung!Gemeinsam bringen wir Gradido in die Welt.\" \/>\n<meta name=\"robots\" content=\"index, follow, max-snippet:-1, max-image-preview:large, max-video-preview:-1\" \/>\n<link rel=\"canonical\" href=\"https:\/\/gradido.net\/lv\/countries\/philippines\/educational-situation\/\" \/>\n<meta property=\"og:locale\" content=\"lv_LV\" \/>\n<meta property=\"og:type\" content=\"article\" \/>\n<meta property=\"og:title\" content=\"Bildungssituation benachteiligter Kinder Philippinen - Gradido\" \/>\n<meta property=\"og:description\" content=\"Sei Teil der Bewegung!Gemeinsam bringen wir Gradido in die Welt.\" \/>\n<meta property=\"og:url\" content=\"https:\/\/gradido.net\/lv\/countries\/philippines\/educational-situation\/\" \/>\n<meta property=\"og:site_name\" content=\"Gradido\" \/>\n<meta property=\"article:modified_time\" content=\"2025-10-04T09:57:09+00:00\" \/>\n<meta property=\"og:image\" content=\"https:\/\/gradido.net\/wp-content\/uploads\/2025\/07\/AdobeStock_3210827871-scaled.jpeg\" \/>\n\t<meta property=\"og:image:width\" content=\"2560\" \/>\n\t<meta property=\"og:image:height\" content=\"790\" \/>\n\t<meta property=\"og:image:type\" content=\"image\/jpeg\" \/>\n<meta name=\"twitter:card\" content=\"summary_large_image\" \/>\n<meta name=\"twitter:label1\" content=\"Est. reading time\" \/>\n\t<meta name=\"twitter:data1\" content=\"5 min\u016btes\" \/>\n<script type=\"application\/ld+json\" class=\"yoast-schema-graph\">{\"@context\":\"https:\\\/\\\/schema.org\",\"@graph\":[{\"@type\":\"WebPage\",\"@id\":\"https:\\\/\\\/gradido.net\\\/countries\\\/philippines\\\/educational-situation\\\/\",\"url\":\"https:\\\/\\\/gradido.net\\\/countries\\\/philippines\\\/educational-situation\\\/\",\"name\":\"Bildungssituation benachteiligter Kinder Philippinen - Gradido\",\"isPartOf\":{\"@id\":\"https:\\\/\\\/gradido.net\\\/de\\\/#website\"},\"primaryImageOfPage\":{\"@id\":\"https:\\\/\\\/gradido.net\\\/countries\\\/philippines\\\/educational-situation\\\/#primaryimage\"},\"image\":{\"@id\":\"https:\\\/\\\/gradido.net\\\/countries\\\/philippines\\\/educational-situation\\\/#primaryimage\"},\"thumbnailUrl\":\"https:\\\/\\\/gradido.net\\\/wp-content\\\/uploads\\\/2025\\\/07\\\/AdobeStock_3210827871-scaled.jpeg\",\"datePublished\":\"2025-07-27T14:47:59+00:00\",\"dateModified\":\"2025-10-04T09:57:09+00:00\",\"description\":\"Sei Teil der Bewegung!Gemeinsam bringen wir Gradido in die Welt.\",\"breadcrumb\":{\"@id\":\"https:\\\/\\\/gradido.net\\\/countries\\\/philippines\\\/educational-situation\\\/#breadcrumb\"},\"inLanguage\":\"lv-LV\",\"potentialAction\":[{\"@type\":\"ReadAction\",\"target\":[\"https:\\\/\\\/gradido.net\\\/countries\\\/philippines\\\/educational-situation\\\/\"]}]},{\"@type\":\"ImageObject\",\"inLanguage\":\"lv-LV\",\"@id\":\"https:\\\/\\\/gradido.net\\\/countries\\\/philippines\\\/educational-situation\\\/#primaryimage\",\"url\":\"https:\\\/\\\/gradido.net\\\/wp-content\\\/uploads\\\/2025\\\/07\\\/AdobeStock_3210827871-scaled.jpeg\",\"contentUrl\":\"https:\\\/\\\/gradido.net\\\/wp-content\\\/uploads\\\/2025\\\/07\\\/AdobeStock_3210827871-scaled.jpeg\",\"width\":2560,\"height\":790,\"caption\":\"world globe planet earth 3d-illustration. elements of this image furnished by NASA\"},{\"@type\":\"BreadcrumbList\",\"@id\":\"https:\\\/\\\/gradido.net\\\/countries\\\/philippines\\\/educational-situation\\\/#breadcrumb\",\"itemListElement\":[{\"@type\":\"ListItem\",\"position\":1,\"name\":\"Startseite\",\"item\":\"https:\\\/\\\/gradido.net\\\/\"},{\"@type\":\"ListItem\",\"position\":2,\"name\":\"L\u00e4nderforschung\",\"item\":\"https:\\\/\\\/gradido.net\\\/countries\\\/\"},{\"@type\":\"ListItem\",\"position\":3,\"name\":\"Philppinen\",\"item\":\"https:\\\/\\\/gradido.net\\\/countries\\\/philippines\\\/\"},{\"@type\":\"ListItem\",\"position\":4,\"name\":\"Bildungssituation benachteiligter Kinder Philippinen\"}]},{\"@type\":\"WebSite\",\"@id\":\"https:\\\/\\\/gradido.net\\\/de\\\/#website\",\"url\":\"https:\\\/\\\/gradido.net\\\/de\\\/\",\"name\":\"Gradido\",\"description\":\"Die neue W\u00e4hrung hei\u00dft Dankbarkeit\",\"publisher\":{\"@id\":\"https:\\\/\\\/gradido.net\\\/de\\\/#organization\"},\"potentialAction\":[{\"@type\":\"SearchAction\",\"target\":{\"@type\":\"EntryPoint\",\"urlTemplate\":\"https:\\\/\\\/gradido.net\\\/de\\\/?s={search_term_string}\"},\"query-input\":{\"@type\":\"PropertyValueSpecification\",\"valueRequired\":true,\"valueName\":\"search_term_string\"}}],\"inLanguage\":\"lv-LV\"},{\"@type\":\"Organization\",\"@id\":\"https:\\\/\\\/gradido.net\\\/de\\\/#organization\",\"name\":\"Gradido\",\"url\":\"https:\\\/\\\/gradido.net\\\/de\\\/\",\"logo\":{\"@type\":\"ImageObject\",\"inLanguage\":\"lv-LV\",\"@id\":\"https:\\\/\\\/gradido.net\\\/de\\\/#\\\/schema\\\/logo\\\/image\\\/\",\"url\":\"https:\\\/\\\/gradido.net\\\/wp-content\\\/uploads\\\/2022\\\/04\\\/gradido-social.jpg\",\"contentUrl\":\"https:\\\/\\\/gradido.net\\\/wp-content\\\/uploads\\\/2022\\\/04\\\/gradido-social.jpg\",\"width\":527,\"height\":273,\"caption\":\"Gradido\"},\"image\":{\"@id\":\"https:\\\/\\\/gradido.net\\\/de\\\/#\\\/schema\\\/logo\\\/image\\\/\"}}]}<\/script>\n<!-- \/ Yoast SEO plugin. -->","yoast_head_json":{"title":"Neizdev\u012bgo b\u0113rnu izgl\u012bt\u012bbas situ\u0101cija Filip\u012bnas - Gradido","description":"Esi da\u013ca no \u0161\u012bs kust\u012bbas! Kop\u0101 m\u0113s nesam Gradido pasaul\u0113.","robots":{"index":"index","follow":"follow","max-snippet":"max-snippet:-1","max-image-preview":"max-image-preview:large","max-video-preview":"max-video-preview:-1"},"canonical":"https:\/\/gradido.net\/lv\/countries\/philippines\/educational-situation\/","og_locale":"lv_LV","og_type":"article","og_title":"Bildungssituation benachteiligter Kinder Philippinen - Gradido","og_description":"Sei Teil der Bewegung!Gemeinsam bringen wir Gradido in die Welt.","og_url":"https:\/\/gradido.net\/lv\/countries\/philippines\/educational-situation\/","og_site_name":"Gradido","article_modified_time":"2025-10-04T09:57:09+00:00","og_image":[{"width":2560,"height":790,"url":"https:\/\/gradido.net\/wp-content\/uploads\/2025\/07\/AdobeStock_3210827871-scaled.jpeg","type":"image\/jpeg"}],"twitter_card":"summary_large_image","twitter_misc":{"Est. reading time":"5 min\u016btes"},"schema":{"@context":"https:\/\/schema.org","@graph":[{"@type":"WebPage","@id":"https:\/\/gradido.net\/countries\/philippines\/educational-situation\/","url":"https:\/\/gradido.net\/countries\/philippines\/educational-situation\/","name":"Neizdev\u012bgo b\u0113rnu izgl\u012bt\u012bbas situ\u0101cija Filip\u012bnas - Gradido","isPartOf":{"@id":"https:\/\/gradido.net\/de\/#website"},"primaryImageOfPage":{"@id":"https:\/\/gradido.net\/countries\/philippines\/educational-situation\/#primaryimage"},"image":{"@id":"https:\/\/gradido.net\/countries\/philippines\/educational-situation\/#primaryimage"},"thumbnailUrl":"https:\/\/gradido.net\/wp-content\/uploads\/2025\/07\/AdobeStock_3210827871-scaled.jpeg","datePublished":"2025-07-27T14:47:59+00:00","dateModified":"2025-10-04T09:57:09+00:00","description":"Esi da\u013ca no \u0161\u012bs kust\u012bbas! Kop\u0101 m\u0113s nesam Gradido pasaul\u0113.","breadcrumb":{"@id":"https:\/\/gradido.net\/countries\/philippines\/educational-situation\/#breadcrumb"},"inLanguage":"lv-LV","potentialAction":[{"@type":"ReadAction","target":["https:\/\/gradido.net\/countries\/philippines\/educational-situation\/"]}]},{"@type":"ImageObject","inLanguage":"lv-LV","@id":"https:\/\/gradido.net\/countries\/philippines\/educational-situation\/#primaryimage","url":"https:\/\/gradido.net\/wp-content\/uploads\/2025\/07\/AdobeStock_3210827871-scaled.jpeg","contentUrl":"https:\/\/gradido.net\/wp-content\/uploads\/2025\/07\/AdobeStock_3210827871-scaled.jpeg","width":2560,"height":790,"caption":"world globe planet earth 3d-illustration. elements of this image furnished by NASA"},{"@type":"BreadcrumbList","@id":"https:\/\/gradido.net\/countries\/philippines\/educational-situation\/#breadcrumb","itemListElement":[{"@type":"ListItem","position":1,"name":"Startseite","item":"https:\/\/gradido.net\/"},{"@type":"ListItem","position":2,"name":"L\u00e4nderforschung","item":"https:\/\/gradido.net\/countries\/"},{"@type":"ListItem","position":3,"name":"Philppinen","item":"https:\/\/gradido.net\/countries\/philippines\/"},{"@type":"ListItem","position":4,"name":"Bildungssituation benachteiligter Kinder Philippinen"}]},{"@type":"WebSite","@id":"https:\/\/gradido.net\/de\/#website","url":"https:\/\/gradido.net\/de\/","name":"Gradido","description":"Jaun\u0101 val\u016bta ir pateic\u012bba","publisher":{"@id":"https:\/\/gradido.net\/de\/#organization"},"potentialAction":[{"@type":"SearchAction","target":{"@type":"EntryPoint","urlTemplate":"https:\/\/gradido.net\/de\/?s={search_term_string}"},"query-input":{"@type":"PropertyValueSpecification","valueRequired":true,"valueName":"search_term_string"}}],"inLanguage":"lv-LV"},{"@type":"Organization","@id":"https:\/\/gradido.net\/de\/#organization","name":"Gradido","url":"https:\/\/gradido.net\/de\/","logo":{"@type":"ImageObject","inLanguage":"lv-LV","@id":"https:\/\/gradido.net\/de\/#\/schema\/logo\/image\/","url":"https:\/\/gradido.net\/wp-content\/uploads\/2022\/04\/gradido-social.jpg","contentUrl":"https:\/\/gradido.net\/wp-content\/uploads\/2022\/04\/gradido-social.jpg","width":527,"height":273,"caption":"Gradido"},"image":{"@id":"https:\/\/gradido.net\/de\/#\/schema\/logo\/image\/"}}]}},"_links":{"self":[{"href":"https:\/\/gradido.net\/lv\/wp-json\/wp\/v2\/pages\/10612","targetHints":{"allow":["GET"]}}],"collection":[{"href":"https:\/\/gradido.net\/lv\/wp-json\/wp\/v2\/pages"}],"about":[{"href":"https:\/\/gradido.net\/lv\/wp-json\/wp\/v2\/types\/page"}],"author":[{"embeddable":true,"href":"https:\/\/gradido.net\/lv\/wp-json\/wp\/v2\/users\/2"}],"replies":[{"embeddable":true,"href":"https:\/\/gradido.net\/lv\/wp-json\/wp\/v2\/comments?post=10612"}],"version-history":[{"count":13,"href":"https:\/\/gradido.net\/lv\/wp-json\/wp\/v2\/pages\/10612\/revisions"}],"predecessor-version":[{"id":11974,"href":"https:\/\/gradido.net\/lv\/wp-json\/wp\/v2\/pages\/10612\/revisions\/11974"}],"up":[{"embeddable":true,"href":"https:\/\/gradido.net\/lv\/wp-json\/wp\/v2\/pages\/10540"}],"wp:featuredmedia":[{"embeddable":true,"href":"https:\/\/gradido.net\/lv\/wp-json\/wp\/v2\/media\/10458"}],"wp:attachment":[{"href":"https:\/\/gradido.net\/lv\/wp-json\/wp\/v2\/media?parent=10612"}],"curies":[{"name":"wp","href":"https:\/\/api.w.org\/{rel}","templated":true}]}}