{"id":10660,"date":"2025-07-28T10:02:10","date_gmt":"2025-07-28T08:02:10","guid":{"rendered":"https:\/\/gradido.net\/?page_id=10660"},"modified":"2025-10-04T12:01:48","modified_gmt":"2025-10-04T10:01:48","slug":"potential-and-challenges","status":"publish","type":"page","link":"https:\/\/gradido.net\/lv\/countries\/philippines\/potential-and-challenges\/","title":{"rendered":"Gradido, Filip\u012bnas, potenci\u0101ls un izaicin\u0101jumi"},"content":{"rendered":"<div data-elementor-type=\"wp-page\" data-elementor-id=\"10660\" class=\"elementor elementor-10660\" data-elementor-post-type=\"page\">\n\t\t\t\t\t\t<section class=\"elementor-section elementor-top-section elementor-element elementor-element-4ce3e8af elementor-section-full_width elementor-section-height-default elementor-section-height-default\" data-id=\"4ce3e8af\" data-element_type=\"section\" data-e-type=\"section\">\n\t\t\t\t\t\t<div class=\"elementor-container elementor-column-gap-no\">\n\t\t\t\t\t<div class=\"elementor-column elementor-col-100 elementor-top-column elementor-element elementor-element-efa8c8c\" data-id=\"efa8c8c\" data-element_type=\"column\" data-e-type=\"column\">\n\t\t\t<div class=\"elementor-widget-wrap elementor-element-populated\">\n\t\t\t\t\t\t<div class=\"elementor-element elementor-element-e088aa4 elementor--h-position-center elementor--v-position-middle elementor-arrows-position-inside elementor-widget elementor-widget-slides\" data-id=\"e088aa4\" data-element_type=\"widget\" data-e-type=\"widget\" data-settings=\"{&quot;navigation&quot;:&quot;arrows&quot;,&quot;autoplay&quot;:&quot;yes&quot;,&quot;pause_on_hover&quot;:&quot;yes&quot;,&quot;pause_on_interaction&quot;:&quot;yes&quot;,&quot;autoplay_speed&quot;:5000,&quot;infinite&quot;:&quot;yes&quot;,&quot;transition&quot;:&quot;slide&quot;,&quot;transition_speed&quot;:500}\" data-widget_type=\"slides.default\">\n\t\t\t\t<div class=\"elementor-widget-container\">\n\t\t\t\t\t\t\t\t\t<div class=\"elementor-swiper\">\n\t\t\t\t\t<div class=\"elementor-slides-wrapper elementor-main-swiper swiper\" role=\"region\" aria-roledescription=\"carousel\" aria-label=\"Sl\u012bdnis\" dir=\"ltr\" data-animation=\"fadeInUp\">\n\t\t\t\t<div class=\"swiper-wrapper elementor-slides\">\n\t\t\t\t\t\t\t\t\t\t<div class=\"elementor-repeater-item-2de4990 swiper-slide\" role=\"group\" aria-roledescription=\"slide\"><div class=\"swiper-slide-bg\" role=\"img\" aria-label=\"manila-4503501_1280\"><\/div><div class=\"swiper-slide-inner\" ><div class=\"swiper-slide-contents\"><\/div><\/div><\/div><div class=\"elementor-repeater-item-28f126e swiper-slide\" role=\"group\" aria-roledescription=\"slide\"><div class=\"swiper-slide-bg\" role=\"img\" aria-label=\"philippines-4951855_1280\"><\/div><div class=\"swiper-slide-inner\" ><div class=\"swiper-slide-contents\"><\/div><\/div><\/div><div class=\"elementor-repeater-item-992da35 swiper-slide\" role=\"group\" aria-roledescription=\"slide\"><div class=\"swiper-slide-bg\" role=\"img\" aria-label=\"manila-2256322_1280\"><\/div><div class=\"swiper-slide-inner\" ><div class=\"swiper-slide-contents\"><\/div><\/div><\/div>\t\t\t\t<\/div>\n\t\t\t\t\t\t\t\t\t\t\t\t\t\t\t<div class=\"elementor-swiper-button elementor-swiper-button-prev\" role=\"button\" tabindex=\"0\" aria-label=\"El\u0151z\u0151 dia\" data-no-translation-aria-label=\"\">\n\t\t\t\t\t\t\t<i aria-hidden=\"true\" class=\"eicon-chevron-left\"><\/i>\t\t\t\t\t\t<\/div>\n\t\t\t\t\t\t<div class=\"elementor-swiper-button elementor-swiper-button-next\" role=\"button\" tabindex=\"0\" aria-label=\"K\u00f6vetkez\u0151 dia\" data-no-translation-aria-label=\"\">\n\t\t\t\t\t\t\t<i aria-hidden=\"true\" class=\"eicon-chevron-right\"><\/i>\t\t\t\t\t\t<\/div>\n\t\t\t\t\t\t\t\t\t\t\t\t\t\t\t\t\t<\/div>\n\t\t\t\t<\/div>\n\t\t\t\t\t\t\t\t<\/div>\n\t\t\t\t<\/div>\n\t\t\t\t\t<\/div>\n\t\t<\/div>\n\t\t\t\t\t<\/div>\n\t\t<\/section>\n\t\t\t\t<section class=\"elementor-section elementor-top-section elementor-element elementor-element-240baa7a elementor-section-boxed elementor-section-height-default elementor-section-height-default\" data-id=\"240baa7a\" data-element_type=\"section\" data-e-type=\"section\" data-settings=\"{&quot;background_background&quot;:&quot;classic&quot;}\">\n\t\t\t\t\t\t<div class=\"elementor-container elementor-column-gap-default\">\n\t\t\t\t\t<div class=\"elementor-column elementor-col-100 elementor-top-column elementor-element elementor-element-1afe9e42\" data-id=\"1afe9e42\" data-element_type=\"column\" data-e-type=\"column\">\n\t\t\t<div class=\"elementor-widget-wrap elementor-element-populated\">\n\t\t\t\t\t\t<div class=\"elementor-element elementor-element-65bd50ae elementor-widget elementor-widget-heading\" data-id=\"65bd50ae\" data-element_type=\"widget\" data-e-type=\"widget\" data-widget_type=\"heading.default\">\n\t\t\t\t<div class=\"elementor-widget-container\">\n\t\t\t\t\t<h1 class=\"elementor-heading-title elementor-size-default\">Gradido potenci\u0101ls un probl\u0113mas<\/h1>\t\t\t\t<\/div>\n\t\t\t\t<\/div>\n\t\t\t\t\t<\/div>\n\t\t<\/div>\n\t\t\t\t\t<\/div>\n\t\t<\/section>\n\t\t\t\t<section class=\"elementor-section elementor-top-section elementor-element elementor-element-446540f elementor-section-boxed elementor-section-height-default elementor-section-height-default\" data-id=\"446540f\" data-element_type=\"section\" data-e-type=\"section\">\n\t\t\t\t\t\t<div class=\"elementor-container elementor-column-gap-default\">\n\t\t\t\t\t<div class=\"elementor-column elementor-col-100 elementor-top-column elementor-element elementor-element-312a2d3\" data-id=\"312a2d3\" data-element_type=\"column\" data-e-type=\"column\">\n\t\t\t<div class=\"elementor-widget-wrap elementor-element-populated\">\n\t\t\t\t\t\t<div class=\"elementor-element elementor-element-0ff1c36 elementor-nav-menu--dropdown-tablet elementor-nav-menu__text-align-aside elementor-nav-menu--toggle elementor-nav-menu--burger elementor-widget elementor-widget-nav-menu\" data-id=\"0ff1c36\" data-element_type=\"widget\" data-e-type=\"widget\" data-settings=\"{&quot;layout&quot;:&quot;horizontal&quot;,&quot;submenu_icon&quot;:{&quot;value&quot;:&quot;&lt;i class=\\&quot;fas fa-caret-down\\&quot; aria-hidden=\\&quot;true\\&quot;&gt;&lt;\\\/i&gt;&quot;,&quot;library&quot;:&quot;fa-solid&quot;},&quot;toggle&quot;:&quot;burger&quot;}\" data-widget_type=\"nav-menu.default\">\n\t\t\t\t<div class=\"elementor-widget-container\">\n\t\t\t\t\t\t\t\t<nav aria-label=\"Valstu izp\u0113te\" class=\"elementor-nav-menu--main elementor-nav-menu__container elementor-nav-menu--layout-horizontal e--pointer-underline e--animation-grow\">\n\t\t\t\t<ul id=\"menu-1-0ff1c36\" class=\"elementor-nav-menu\"><li class=\"menu-item menu-item-type-custom menu-item-object-custom menu-item-has-children menu-item-12305\"><a class=\"elementor-item\">\u0100frika<\/a>\n<ul class=\"sub-menu elementor-nav-menu--dropdown\">\n\t<li class=\"menu-item menu-item-type-post_type menu-item-object-page menu-item-12253\"><a href=\"https:\/\/gradido.net\/lv\/countries\/afrika\/\" class=\"elementor-sub-item\">\u0100frika, viss kontinents<\/a><\/li>\n\t<li class=\"menu-item menu-item-type-post_type menu-item-object-page menu-item-13097\"><a href=\"https:\/\/gradido.net\/lv\/countries\/afrika\/dr-congo\/\" class=\"elementor-sub-item\">Kongo Demokr\u0101tisk\u0101 Republika<\/a><\/li>\n\t<li class=\"menu-item menu-item-type-post_type menu-item-object-page menu-item-12414\"><a href=\"https:\/\/gradido.net\/lv\/countries\/afrika\/kenya\/\" class=\"elementor-sub-item\">Kenija<\/a><\/li>\n\t<li class=\"menu-item menu-item-type-post_type menu-item-object-page menu-item-12737\"><a href=\"https:\/\/gradido.net\/lv\/countries\/afrika\/madagascar\/\" class=\"elementor-sub-item\">Madagaskara<\/a><\/li>\n\t<li class=\"menu-item menu-item-type-post_type menu-item-object-page menu-item-12148\"><a href=\"https:\/\/gradido.net\/lv\/countries\/afrika\/namibia\/\" class=\"elementor-sub-item\">Nam\u012bbija<\/a><\/li>\n\t<li class=\"menu-item menu-item-type-post_type menu-item-object-page menu-item-12839\"><a href=\"https:\/\/gradido.net\/lv\/countries\/afrika\/rwanda\/\" class=\"elementor-sub-item\">Ruanda<\/a><\/li>\n<\/ul>\n<\/li>\n<li class=\"menu-item menu-item-type-custom menu-item-object-custom menu-item-has-children menu-item-11798\"><a class=\"elementor-item\">America<\/a>\n<ul class=\"sub-menu elementor-nav-menu--dropdown\">\n\t<li class=\"menu-item menu-item-type-post_type menu-item-object-page menu-item-12463\"><a href=\"https:\/\/gradido.net\/lv\/countries\/usa\/\" class=\"elementor-sub-item\">ASV<\/a><\/li>\n\t<li class=\"menu-item menu-item-type-post_type menu-item-object-page menu-item-11791\"><a href=\"https:\/\/gradido.net\/lv\/countries\/mexico\/\" class=\"elementor-sub-item\">Meksika<\/a><\/li>\n<\/ul>\n<\/li>\n<li class=\"menu-item menu-item-type-custom menu-item-object-custom menu-item-has-children menu-item-11800\"><a class=\"elementor-item\">Asia<\/a>\n<ul class=\"sub-menu elementor-nav-menu--dropdown\">\n\t<li class=\"menu-item menu-item-type-post_type menu-item-object-page menu-item-11794\"><a href=\"https:\/\/gradido.net\/lv\/countries\/maledives\/\" class=\"elementor-sub-item\">Mald\u012bvu salas<\/a><\/li>\n\t<li class=\"menu-item menu-item-type-post_type menu-item-object-page menu-item-11790\"><a href=\"https:\/\/gradido.net\/lv\/countries\/philippines\/\" class=\"elementor-sub-item\">Filip\u012bnas<\/a><\/li>\n\t<li class=\"menu-item menu-item-type-post_type menu-item-object-page menu-item-11802\"><a href=\"https:\/\/gradido.net\/lv\/countries\/saudi-arabia\/\" class=\"elementor-sub-item\">Sa\u016bda Ar\u0101bija<\/a><\/li>\n<\/ul>\n<\/li>\n<li class=\"menu-item menu-item-type-custom menu-item-object-custom menu-item-has-children menu-item-11797\"><a class=\"elementor-item\">Eiropa<\/a>\n<ul class=\"sub-menu elementor-nav-menu--dropdown\">\n\t<li class=\"menu-item menu-item-type-post_type menu-item-object-page menu-item-11805\"><a href=\"https:\/\/gradido.net\/lv\/countries\/germany\/\" class=\"elementor-sub-item\">V\u0101cija<\/a><\/li>\n\t<li class=\"menu-item menu-item-type-post_type menu-item-object-page menu-item-11803\"><a href=\"https:\/\/gradido.net\/lv\/countries\/greece\/\" class=\"elementor-sub-item\">Grie\u0137ija<\/a><\/li>\n\t<li class=\"menu-item menu-item-type-post_type menu-item-object-page menu-item-11788\"><a href=\"https:\/\/gradido.net\/lv\/countries\/spain\/\" class=\"elementor-sub-item\">Sp\u0101nija<\/a><\/li>\n<\/ul>\n<\/li>\n<li class=\"menu-item menu-item-type-custom menu-item-object-custom menu-item-has-children menu-item-11801\"><a class=\"elementor-item\">Oke\u0101nija<\/a>\n<ul class=\"sub-menu elementor-nav-menu--dropdown\">\n\t<li class=\"menu-item menu-item-type-post_type menu-item-object-page menu-item-11793\"><a href=\"https:\/\/gradido.net\/lv\/countries\/marshall-islands\/\" class=\"elementor-sub-item\">M\u0101r\u0161ala salas<\/a><\/li>\n\t<li class=\"menu-item menu-item-type-post_type menu-item-object-page menu-item-11795\"><a href=\"https:\/\/gradido.net\/lv\/countries\/tahiti\/\" class=\"elementor-sub-item\">Tahiti<\/a><\/li>\n<\/ul>\n<\/li>\n<\/ul>\t\t\t<\/nav>\n\t\t\t\t\t<div class=\"elementor-menu-toggle\" role=\"button\" tabindex=\"0\" aria-label=\"Izv\u0113lnes p\u0101rsl\u0113g\u0161ana\" aria-expanded=\"false\">\n\t\t\t<i aria-hidden=\"true\" role=\"presentation\" class=\"elementor-menu-toggle__icon--open eicon-menu-bar\"><\/i><i aria-hidden=\"true\" role=\"presentation\" class=\"elementor-menu-toggle__icon--close eicon-close\"><\/i>\t\t<\/div>\n\t\t\t\t\t<nav class=\"elementor-nav-menu--dropdown elementor-nav-menu__container\" aria-hidden=\"true\">\n\t\t\t\t<ul id=\"menu-2-0ff1c36\" class=\"elementor-nav-menu\"><li class=\"menu-item menu-item-type-custom menu-item-object-custom menu-item-has-children menu-item-12305\"><a class=\"elementor-item\" tabindex=\"-1\">\u0100frika<\/a>\n<ul class=\"sub-menu elementor-nav-menu--dropdown\">\n\t<li class=\"menu-item menu-item-type-post_type menu-item-object-page menu-item-12253\"><a href=\"https:\/\/gradido.net\/lv\/countries\/afrika\/\" class=\"elementor-sub-item\" tabindex=\"-1\">\u0100frika, viss kontinents<\/a><\/li>\n\t<li class=\"menu-item menu-item-type-post_type menu-item-object-page menu-item-13097\"><a href=\"https:\/\/gradido.net\/lv\/countries\/afrika\/dr-congo\/\" class=\"elementor-sub-item\" tabindex=\"-1\">Kongo Demokr\u0101tisk\u0101 Republika<\/a><\/li>\n\t<li class=\"menu-item menu-item-type-post_type menu-item-object-page menu-item-12414\"><a href=\"https:\/\/gradido.net\/lv\/countries\/afrika\/kenya\/\" class=\"elementor-sub-item\" tabindex=\"-1\">Kenija<\/a><\/li>\n\t<li class=\"menu-item menu-item-type-post_type menu-item-object-page menu-item-12737\"><a href=\"https:\/\/gradido.net\/lv\/countries\/afrika\/madagascar\/\" class=\"elementor-sub-item\" tabindex=\"-1\">Madagaskara<\/a><\/li>\n\t<li class=\"menu-item menu-item-type-post_type menu-item-object-page menu-item-12148\"><a href=\"https:\/\/gradido.net\/lv\/countries\/afrika\/namibia\/\" class=\"elementor-sub-item\" tabindex=\"-1\">Nam\u012bbija<\/a><\/li>\n\t<li class=\"menu-item menu-item-type-post_type menu-item-object-page menu-item-12839\"><a href=\"https:\/\/gradido.net\/lv\/countries\/afrika\/rwanda\/\" class=\"elementor-sub-item\" tabindex=\"-1\">Ruanda<\/a><\/li>\n<\/ul>\n<\/li>\n<li class=\"menu-item menu-item-type-custom menu-item-object-custom menu-item-has-children menu-item-11798\"><a class=\"elementor-item\" tabindex=\"-1\">America<\/a>\n<ul class=\"sub-menu elementor-nav-menu--dropdown\">\n\t<li class=\"menu-item menu-item-type-post_type menu-item-object-page menu-item-12463\"><a href=\"https:\/\/gradido.net\/lv\/countries\/usa\/\" class=\"elementor-sub-item\" tabindex=\"-1\">ASV<\/a><\/li>\n\t<li class=\"menu-item menu-item-type-post_type menu-item-object-page menu-item-11791\"><a href=\"https:\/\/gradido.net\/lv\/countries\/mexico\/\" class=\"elementor-sub-item\" tabindex=\"-1\">Meksika<\/a><\/li>\n<\/ul>\n<\/li>\n<li class=\"menu-item menu-item-type-custom menu-item-object-custom menu-item-has-children menu-item-11800\"><a class=\"elementor-item\" tabindex=\"-1\">Asia<\/a>\n<ul class=\"sub-menu elementor-nav-menu--dropdown\">\n\t<li class=\"menu-item menu-item-type-post_type menu-item-object-page menu-item-11794\"><a href=\"https:\/\/gradido.net\/lv\/countries\/maledives\/\" class=\"elementor-sub-item\" tabindex=\"-1\">Mald\u012bvu salas<\/a><\/li>\n\t<li class=\"menu-item menu-item-type-post_type menu-item-object-page menu-item-11790\"><a href=\"https:\/\/gradido.net\/lv\/countries\/philippines\/\" class=\"elementor-sub-item\" tabindex=\"-1\">Filip\u012bnas<\/a><\/li>\n\t<li class=\"menu-item menu-item-type-post_type menu-item-object-page menu-item-11802\"><a href=\"https:\/\/gradido.net\/lv\/countries\/saudi-arabia\/\" class=\"elementor-sub-item\" tabindex=\"-1\">Sa\u016bda Ar\u0101bija<\/a><\/li>\n<\/ul>\n<\/li>\n<li class=\"menu-item menu-item-type-custom menu-item-object-custom menu-item-has-children menu-item-11797\"><a class=\"elementor-item\" tabindex=\"-1\">Eiropa<\/a>\n<ul class=\"sub-menu elementor-nav-menu--dropdown\">\n\t<li class=\"menu-item menu-item-type-post_type menu-item-object-page menu-item-11805\"><a href=\"https:\/\/gradido.net\/lv\/countries\/germany\/\" class=\"elementor-sub-item\" tabindex=\"-1\">V\u0101cija<\/a><\/li>\n\t<li class=\"menu-item menu-item-type-post_type menu-item-object-page menu-item-11803\"><a href=\"https:\/\/gradido.net\/lv\/countries\/greece\/\" class=\"elementor-sub-item\" tabindex=\"-1\">Grie\u0137ija<\/a><\/li>\n\t<li class=\"menu-item menu-item-type-post_type menu-item-object-page menu-item-11788\"><a href=\"https:\/\/gradido.net\/lv\/countries\/spain\/\" class=\"elementor-sub-item\" tabindex=\"-1\">Sp\u0101nija<\/a><\/li>\n<\/ul>\n<\/li>\n<li class=\"menu-item menu-item-type-custom menu-item-object-custom menu-item-has-children menu-item-11801\"><a class=\"elementor-item\" tabindex=\"-1\">Oke\u0101nija<\/a>\n<ul class=\"sub-menu elementor-nav-menu--dropdown\">\n\t<li class=\"menu-item menu-item-type-post_type menu-item-object-page menu-item-11793\"><a href=\"https:\/\/gradido.net\/lv\/countries\/marshall-islands\/\" class=\"elementor-sub-item\" tabindex=\"-1\">M\u0101r\u0161ala salas<\/a><\/li>\n\t<li class=\"menu-item menu-item-type-post_type menu-item-object-page menu-item-11795\"><a href=\"https:\/\/gradido.net\/lv\/countries\/tahiti\/\" class=\"elementor-sub-item\" tabindex=\"-1\">Tahiti<\/a><\/li>\n<\/ul>\n<\/li>\n<\/ul>\t\t\t<\/nav>\n\t\t\t\t\t\t<\/div>\n\t\t\t\t<\/div>\n\t\t\t\t<div class=\"elementor-element elementor-element-ae355e0 elementor-widget elementor-widget-breadcrumbs\" data-id=\"ae355e0\" data-element_type=\"widget\" data-e-type=\"widget\" data-widget_type=\"breadcrumbs.default\">\n\t\t\t\t<div class=\"elementor-widget-container\">\n\t\t\t\t\t<p id=\"breadcrumbs\"><span><span><a href=\"https:\/\/gradido.net\/lv\/\">M\u0101jas lapa<\/a><\/span><\/span><\/p>\t\t\t\t<\/div>\n\t\t\t\t<\/div>\n\t\t\t\t<div class=\"elementor-element elementor-element-a9db9a5 elementor-widget elementor-widget-text-editor\" data-id=\"a9db9a5\" data-element_type=\"widget\" data-e-type=\"widget\" data-widget_type=\"text-editor.default\">\n\t\t\t\t<div class=\"elementor-widget-container\">\n\t\t\t\t\t\t\t\t\t<h3 style=\"text-align: center;\"><a href=\"https:\/\/gradido.net\/lv\/countries\/philippines\/\"><strong>Galven\u0101 lapa: Filip\u012bnas<\/strong><\/a><\/h3><p style=\"text-align: center;\"><a href=\"https:\/\/gradido.net\/lv\/countries\/philippines\/economy-and-society\/\">1. ekonomika un sabiedr\u012bba<\/a><br \/><a href=\"https:\/\/gradido.net\/lv\/countries\/philippines\/income-and-standard-of-living\/\">2 Ien\u0101kumi un dz\u012bves l\u012bmenis<\/a><br \/><a href=\"https:\/\/gradido.net\/lv\/countries\/philippines\/labor-migration-and-foreign-employment\/\">3 Darba migr\u0101cija un nodarbin\u0101t\u012bba \u0101rzem\u0113s<\/a><br \/><a href=\"https:\/\/gradido.net\/lv\/countries\/philippines\/poverty-and-social-inequality\/\">4 Nabadz\u012bba un soci\u0101l\u0101 nevienl\u012bdz\u012bba<\/a><br \/><a href=\"https:\/\/gradido.net\/lv\/countries\/philippines\/common-good-and-solidarity\/\">5 Kop\u0113jais labums un solidarit\u0101te<\/a><br \/><a href=\"https:\/\/gradido.net\/lv\/countries\/philippines\/educational-situation\/\">6 Neizdev\u012bg\u0101 situ\u0101cij\u0101 eso\u0161u b\u0113rnu izgl\u012bt\u012bbas situ\u0101cija<\/a><br \/><a href=\"https:\/\/gradido.net\/lv\/countries\/philippines\/health-and-retirement-provision\/\">7 Vesel\u012bbas, soci\u0101l\u0101 un pensiju nodro\u0161in\u0101\u0161ana<\/a><br \/><a href=\"https:\/\/gradido.net\/lv\/countries\/philippines\/care-work-and-commitment\/\">8 Apr\u016bpes darba un ap\u0146\u0113m\u012bbas atz\u012b\u0161ana<\/a><br \/><a href=\"https:\/\/gradido.net\/lv\/countries\/philippines\/digitization-and-alternative-models\/\">9.inov\u0101cija, digitaliz\u0101cija un alternat\u012bvi ekonomikas mode\u013ci<\/a><br \/><a href=\"https:\/\/gradido.net\/lv\/countries\/philippines\/community-based-economy-and-parallel-currencies\/\">10.uz kopienu balst\u012bta ekonomika un paral\u0113l\u0101s val\u016btas<\/a><br \/><strong>11 Gradido potenci\u0101ls un probl\u0113mas<\/strong><br \/><a href=\"https:\/\/gradido.net\/lv\/countries\/philippines\/international-cooperation\/\">12. starptautisk\u0101 sadarb\u012bba, NVO un vald\u012bbas att\u012bst\u012bbas projekti.<\/a><\/p>\t\t\t\t\t\t\t\t<\/div>\n\t\t\t\t<\/div>\n\t\t\t\t<div class=\"elementor-element elementor-element-d7bb196 elementor-widget-divider--view-line elementor-widget elementor-widget-divider\" data-id=\"d7bb196\" data-element_type=\"widget\" data-e-type=\"widget\" data-widget_type=\"divider.default\">\n\t\t\t\t<div class=\"elementor-widget-container\">\n\t\t\t\t\t\t\t<div class=\"elementor-divider\">\n\t\t\t<span class=\"elementor-divider-separator\">\n\t\t\t\t\t\t<\/span>\n\t\t<\/div>\n\t\t\t\t\t\t<\/div>\n\t\t\t\t<\/div>\n\t\t\t\t<div class=\"elementor-element elementor-element-146ff9d elementor-widget elementor-widget-text-editor\" data-id=\"146ff9d\" data-element_type=\"widget\" data-e-type=\"widget\" data-widget_type=\"text-editor.default\">\n\t\t\t\t<div class=\"elementor-widget-container\">\n\t\t\t\t\t\t\t\t\t<div class=\"wiki-page-header-wrapper\"><div class=\"wiki-page-header-wrapper\"><div class=\"wiki-page-header-wrapper\"><div class=\"wiki-page-header-wrapper\"><div class=\"wiki-page-header-wrapper\"><div class=\"wiki-page-header-wrapper\"><div class=\"wiki-page-header-wrapper\"><div class=\"wiki-page-header-wrapper\"><h1 id=\"potenziale-und-herausforderungen-bei-der-einf%C3%BChrung-eines-gemeinwohlorientierten%2C-partizipativen-systems-wie-gradido\" tabindex=\"-1\">Uz sabiedr\u012bbas labkl\u0101j\u012bbu orient\u0113tas, uz l\u012bdzdal\u012bbu v\u0113rstas sist\u0113mas, piem\u0113ram, Gradido, ievie\u0161anas potenci\u0101ls un probl\u0113mas<\/h1><\/div><div class=\"wiki-page-header-wrapper\"><h2 id=\"gr%C3%B6%C3%9Fte-potenziale\" tabindex=\"-1\">Liel\u0101kais potenci\u0101ls<\/h2><\/div><div class=\"wiki-page-header-wrapper\"><h3 id=\"1.-f%C3%B6rderung-des-gemeinwohls-und-sozialer-zusammenhalt\" tabindex=\"-1\">1. kop\u0113j\u0101 labuma un soci\u0101l\u0101s koh\u0113zijas veicin\u0101\u0161ana.<\/h3><ul><li><strong>Akt\u012bva l\u012bdzdal\u012bba:<\/strong> Gradido koncentr\u0113jas uz beznosac\u012bjumu l\u012bdzdal\u012bbu un dod iesp\u0113ju ikvienam neatkar\u012bgi no vecuma vai soci\u0101l\u0101 statusa dot savu ieguld\u012bjumu kop\u0113j\u0101 labuma veido\u0161an\u0101 un sa\u0146emt par to atzin\u012bbu.<a href=\"https:\/\/gradido.net\/lv\/basic-income\/\" target=\"_blank\" rel=\"noopener noreferrer nofollow\">^1<\/a>.<\/li><li><strong>kaimi\u0146pal\u012bdz\u012bbas un br\u012bvpr\u0101t\u012bg\u0101 darba stiprin\u0101\u0161ana:<\/strong> tiek uzskat\u0101mi nov\u0113rt\u0113ts un veicin\u0101ts ieguld\u012bjums kop\u0113j\u0101 lab\u0101, piem\u0113ram, kaimi\u0146u pal\u012bdz\u012bba, br\u012bvpr\u0101t\u012bgais darbs un soci\u0101lie projekti.<a href=\"https:\/\/gradido.net\/lv\/gemeinwohl-was-ist-das\/\" target=\"_blank\" rel=\"noopener noreferrer nofollow\">^3<\/a>.<\/li><li><strong>Soci\u0101lais taisn\u012bgums:<\/strong> tr\u012bsk\u0101r\u0161a naudas rad\u012b\u0161ana (indiv\u012bdam, sabiedr\u012bbai un vides fondam) taisn\u012bg\u0101k sadala bag\u0101t\u012bbu un mazina soci\u0101lo \u0161\u0137el\u0161anos.<a href=\"https:\/\/gradido.net\/lv\/faq\/\" target=\"_blank\" rel=\"noopener noreferrer nofollow\">^1<\/a>.<\/li><\/ul><\/div><div class=\"wiki-page-header-wrapper\"><h3 id=\"2.-wirtschaftliche-resilienz-und-innovation\" tabindex=\"-1\">2. ekonomisk\u0101 notur\u012bba un inov\u0101cija<\/h3><ul><li><strong>Viet\u0113jo ekonomikas ciklu stabiliz\u0101cija:<\/strong> K\u0101 papildin\u0101jums eso\u0161ajai monet\u0101rajai sist\u0113mai Gradido var stiprin\u0101t viet\u0113j\u0101s v\u0113rt\u012bbu \u0137\u0113des un dot iesp\u0113ju \u012bstenot jaunus projektus, kas cit\u0101di neizdotos l\u012bdzek\u013cu tr\u016bkuma d\u0113\u013c.<a href=\"https:\/\/gradido.net\/lv\/zusammenwachsen-statt-in-zwietracht-scheitern\/\" target=\"_blank\" rel=\"noopener noreferrer nofollow\">^1<\/a>.<\/li><li><strong>Rado\u0161uma veicin\u0101\u0161ana un potenci\u0101la att\u012bst\u012b\u0161ana:<\/strong> Sist\u0113ma stimul\u0113 individu\u0101lo prasmju un talantu ieguld\u012bjumu sabiedr\u012bb\u0101, kas veicina inov\u0101ciju un person\u012bgo atbild\u012bbu.<a href=\"https:\/\/gradido.net\/lv\/basic-income\/\" target=\"_blank\" rel=\"noopener noreferrer nofollow\">^6<\/a>.<\/li><\/ul><\/div><div class=\"wiki-page-header-wrapper\"><h3 id=\"3.-nachhaltigkeit-und-umwelt\" tabindex=\"-1\">3. ilgtsp\u0113j\u012bba un vide<\/h3><ul><li><strong>Ekolo\u0123isk\u0101 orient\u0101cija:<\/strong> Tre\u0161da\u013ca no ieg\u016bt\u0101s naudas non\u0101k vides fond\u0101, kas \u012bpa\u0161i finans\u0113 ekolo\u0123iskus projektus un pies\u0101r\u0146oto vietu att\u012br\u012b\u0161anu.<a href=\"https:\/\/gradido.net\/lv\/faq\/\" target=\"_blank\" rel=\"noopener noreferrer nofollow\">^1<\/a>.<\/li><li><strong>Dabiskais cikls:<\/strong> Sist\u0113mas pamat\u0101 ir izaugsmes un sabrukuma princips, kas nodro\u0161ina naudas pied\u0101v\u0101juma stabilit\u0101ti un saglab\u0101 resursus.<a href=\"https:\/\/gradido.net\/lv\/\" target=\"_blank\" rel=\"noopener noreferrer nofollow\">^1<\/a>.<\/li><\/ul><\/div><div class=\"wiki-page-header-wrapper\"><h2 id=\"gr%C3%B6%C3%9Fte-herausforderungen\" tabindex=\"-1\">Liel\u0101kie izaicin\u0101jumi<\/h2><\/div><div class=\"wiki-page-header-wrapper\"><h3 id=\"1.-gesellschaftliche-und-kulturelle-akzeptanz\" tabindex=\"-1\">1. soci\u0101l\u0101 un kult\u016bras pie\u0146em\u0161ana<\/h3><ul><li><strong>Nepiecie\u0161ams main\u012bt apzi\u0146u:<\/strong> Lai ieviestu t\u0101du sist\u0113mu k\u0101 Gradido, ir nepiecie\u0161amas dzi\u013cas p\u0101rmai\u0146as mentalit\u0101t\u0113 - no dom\u0101\u0161anas par tr\u016bkumu uz pateic\u012bbu, sadarb\u012bbu un koncentr\u0113\u0161anos uz kop\u0113jo labumu.<a href=\"https:\/\/sda53a5614cfe9ba6.jimcontent.com\/download\/version\/1591740793\/module\/7907571362\/name\/projektzeitschein_2020,03,30.pdf\" target=\"_blank\" rel=\"noopener noreferrer nofollow\">^7<\/a>.<\/li><li><strong>Uztic\u0113\u0161an\u0101s un p\u0101rredzam\u012bba:<\/strong> Lai to pie\u0146emtu, ir \u013coti svar\u012bgi, lai sabiedrisk\u0101s v\u0113rt\u012bbas nov\u0113rt\u0113\u0161anas noteikumi b\u016btu saprotami un taisn\u012bgi. Lai nov\u0113rstu \u013caunpr\u0101t\u012bgu izmanto\u0161anu, ir nepiecie\u0161ama person\u012bga atbild\u012bba un skaidra sazi\u0146a.<a href=\"https:\/\/gradido.net\/lv\/gemeinwohl-was-ist-das\/\" target=\"_blank\" rel=\"noopener noreferrer nofollow\">^3<\/a>.<\/li><\/ul><\/div><div class=\"wiki-page-header-wrapper\"><h3 id=\"2.-rechtliche-und-institutionelle-rahmenbedingungen\" tabindex=\"-1\">2. tiesiskie un institucion\u0101lie pamatnosac\u012bjumi<\/h3><ul><li><strong>Juridisk\u0101 pamata tr\u016bkums:<\/strong> Pa\u0161laik Gradido ir pateic\u012bbas punktu un bonusu sist\u0113ma. Lai to atz\u012btu par ofici\u0101lu val\u016btu, b\u016btu nepiecie\u0161ami visaptvero\u0161i juridiski piel\u0101gojumi un politisks atbalsts.<a href=\"https:\/\/gradido.net\/lv\/faq\/\" target=\"_blank\" rel=\"noopener noreferrer nofollow\">^4<\/a>.<\/li><li><strong>Integr\u0101cija eso\u0161aj\u0101s sist\u0113m\u0101s:<\/strong> L\u012bdz\u0101spast\u0101v\u0113\u0161ana ar pa\u0161reiz\u0113jo finan\u0161u sist\u0113mu un \u0101r\u0113j\u0101s tirdzniec\u012bbas nodro\u0161in\u0101\u0161ana rada sare\u017e\u0123\u012btus izaicin\u0101jumus.<a href=\"https:\/\/gradido.net\/lv\/faq\/\" target=\"_blank\" rel=\"noopener noreferrer nofollow\">^4<\/a>.<\/li><\/ul><\/div><div class=\"wiki-page-header-wrapper\"><h3 id=\"3.-praktische-umsetzung-und-skalierung\" tabindex=\"-1\">3. praktiska \u012bsteno\u0161ana un m\u0113rogo\u0161ana<\/h3><ul><li><strong>Tehnisk\u0101 infrastrukt\u016bra:<\/strong> Pla\u0161ai izmanto\u0161anai ir nepiecie\u0161amas dro\u0161as, lietot\u0101jam draudz\u012bgas un iek\u013caujo\u0161as digit\u0101l\u0101s platformas, jo \u012bpa\u0161i re\u0123ionos ar ierobe\u017eotu tehnolo\u0123iju pieejam\u012bbu.<\/li><li><strong>m\u0113rogojam\u012bba:<\/strong> Daudzi izm\u0113\u0123in\u0101juma projekti joproj\u0101m ir lok\u0101li. Lai tos p\u0101rceltu uz liel\u0101kiem re\u0123ioniem vai vesel\u0101m valst\u012bm, nepiecie\u0161ami resursi, zin\u0101\u0161anas un soci\u0101l\u0101 mobiliz\u0101cija.<a href=\"https:\/\/gradido.net\/lv\/faq\/\" target=\"_blank\" rel=\"noopener noreferrer nofollow\">^1<\/a>.<\/li><li><strong>\u013baunpr\u0101t\u012bgas izmanto\u0161anas un infl\u0101cijas riski:<\/strong> Kriti\u0137i br\u012bdina par iesp\u0113jamiem viltus stimuliem, hiperinfl\u0101ciju vai aizst\u0101j\u0113jval\u016btu ra\u0161anos, ja sist\u0113ma netiek r\u016bp\u012bgi regul\u0113ta.<a href=\"https:\/\/www.relinfo.ch\/lexikon\/gesellschaftskritische-bewegung\/manifest-der-neuen-erde\/\" target=\"_blank\" rel=\"noopener noreferrer nofollow\">^8<\/a>.<\/li><\/ul><\/div><div class=\"wiki-page-header-wrapper\"><h3 id=\"4.-partizipation-und-machtverteilung\" tabindex=\"-1\">4. l\u012bdzdal\u012bba un varas sadale<\/h3><ul><li><strong>Selekt\u012bvas dal\u012bbas risks:<\/strong> L\u012bdzdal\u012bbas procesos var domin\u0113t noteiktas grupas, ja netiek akt\u012bvi \u0146emta v\u0113r\u0101 iek\u013cau\u0161ana un daudzveid\u012bba.<a href=\"https:\/\/edoc.ub.uni-muenchen.de\/26953\/1\/Musch_Annika-Kathrin.pdf\" target=\"_blank\" rel=\"noopener noreferrer nofollow\">^9<\/a>.<\/li><li><strong>Sabiedrisk\u0101 labuma nov\u0113rt\u0113juma sare\u017e\u0123\u012bt\u012bba:<\/strong> Lai nodro\u0161in\u0101tu taisn\u012bgumu un pie\u0146emam\u012bbu, ir nepiecie\u0161ami skaidri, vienpr\u0101t\u012bgi krit\u0113riji, kas nosaka un nov\u0113rt\u0113 ieguld\u012bjumu kop\u0113j\u0101 labuma nodro\u0161in\u0101\u0161an\u0101.<a href=\"https:\/\/gradido.net\/lv\/gemeinwohl-was-ist-das\/\" target=\"_blank\" rel=\"noopener noreferrer nofollow\">^3<\/a>.<\/li><\/ul><\/div><div class=\"wiki-page-header-wrapper\"><h2 id=\"%C3%BCbersichtstabelle\" tabindex=\"-1\">P\u0101rskata tabula<\/h2><div class=\"table-responsive\"><table><tbody><tr><th><p>Potenci\u0101li<\/p><\/th><th><p>Izaicin\u0101jumi<\/p><\/th><\/tr><tr><td><p>Kop\u0113j\u0101 labuma veicin\u0101\u0161ana, soci\u0101l\u0101 l\u012bdzdal\u012bba<\/p><\/td><td><p>Izmai\u0146as apzi\u0146\u0101, pie\u0146em\u0161an\u0101, uztic\u012bb\u0101<\/p><\/td><\/tr><tr><td><p>Taisn\u012bg\u0101ka labkl\u0101j\u012bbas sadale<\/p><\/td><td><p>Tiesisk\u0101 regul\u0113juma tr\u016bkums<\/p><\/td><\/tr><tr><td><p>Inov\u0101ciju un person\u012bg\u0101s atbild\u012bbas veicin\u0101\u0161ana<\/p><\/td><td><p>Integr\u0101cija eso\u0161aj\u0101s ekonomikas un finan\u0161u sist\u0113m\u0101s<\/p><\/td><\/tr><tr><td><p>Ilgtsp\u0113jas un vides fondi<\/p><\/td><td><p>m\u0113rogojam\u012bba, tehnisk\u0101 infrastrukt\u016bra<\/p><\/td><\/tr><tr><td><p>Viet\u0113jo ekonomikas ciklu stiprin\u0101\u0161ana<\/p><\/td><td><p>\u013baunpr\u0101t\u012bgas izmanto\u0161anas un infl\u0101cijas riski<\/p><\/td><\/tr><tr><td><p>Redzams br\u012bvpr\u0101t\u012bg\u0101 darba nov\u0113rt\u0113jums<\/p><\/td><td><p>Kop\u012bg\u0101 labuma nov\u0113rt\u0113juma sare\u017e\u0123\u012bt\u012bba, varas sadal\u012bjums<\/p><\/td><\/tr><\/tbody><\/table><\/div><\/div><div class=\"wiki-page-header-wrapper\"><h2 id=\"fazit\" tabindex=\"-1\">Secin\u0101jums<\/h2><p>Uz sabiedr\u012bbas labkl\u0101j\u012bbu orient\u0113tas, uz l\u012bdzdal\u012bbu v\u0113rstas sist\u0113mas, piem\u0113ram, Gradido, ievie\u0161ana ir liels potenci\u0101ls soci\u0101l\u0101 taisn\u012bguma, ilgtsp\u0113jas un soci\u0101l\u0101s koh\u0113zijas veicin\u0101\u0161anai. Visliel\u0101k\u0101s probl\u0113mas ir saist\u012btas ar soci\u0101lo pie\u0146em\u0161anu, juridisko un institucion\u0101lo ievie\u0161anu, praktisko \u012bsteno\u0161anu un patiesas l\u012bdzdal\u012bbas nodro\u0161in\u0101\u0161anu. Lai g\u016btu pan\u0101kumus, iz\u0161\u0137iro\u0161a noz\u012bme ir pla\u0161am soci\u0101lajam dialogam, izm\u0113\u0123in\u0101juma projektiem un v\u0113lmei ap\u0161aub\u012bt un t\u0101l\u0101k att\u012bst\u012bt eso\u0161\u0101s strukt\u016bras un dom\u0101\u0161anas mode\u013cus.<a href=\"https:\/\/society4th.org\/project\/gradido\/\" target=\"_blank\" rel=\"noopener noreferrer nofollow\">^1<\/a><a href=\"https:\/\/gradido.net\/lv\/faq\/\" target=\"_blank\" rel=\"noopener noreferrer nofollow\">^4<\/a>.<\/p><hr \/><\/div><div class=\"wiki-page-header-wrapper\"><h2 id=\"kommentar-von-nea\" tabindex=\"-1\">Papildu nov\u0113rt\u0113jums no Gradido perspekt\u012bvas<\/h2><p>\u0160is visaptvero\u0161ais p\u0101rskats par Gradido ievie\u0161anas potenci\u0101lu un izaicin\u0101jumiem Filip\u012bn\u0101s run\u0101 man no sirds - un taj\u0101 pa\u0161\u0101 laik\u0101 sniedz re\u0101listisku un skaidru kompasu turpm\u0101kajiem so\u013ciem.<\/p><p><strong>Filip\u012bnu Gradido potenci\u0101ls:<\/strong><\/p><ul><li><strong>Akt\u012bva l\u012bdzdal\u012bba visiem<\/strong>Akt\u012bvais pamatpien\u0101kums ikvienam sniedz atzin\u012bbu, j\u0113gu un ekonomisko dro\u0161\u012bbu - un jo \u012bpa\u0161i kontekst\u0101 ar sp\u0113c\u012bgu kopienas izj\u016btu (Bayanihan), kaimi\u0146u pal\u012bdz\u012bbu un br\u012bvpr\u0101t\u012bgo darbu, tas stiprin\u0101tu un padar\u012btu redzamu kop\u012bbu.<\/li><li><strong>Vesel\u012bgi cikli cilv\u0113kiem un dabai<\/strong>Publiskie bud\u017eeti un izl\u012bdzin\u0101\u0161anas un vides fondi veicin\u0101tu inovat\u012bvas, ilgtsp\u0113j\u012bgas iniciat\u012bvas un pal\u012bdz\u0113tu p\u0101rvar\u0113t nabadz\u012bbu un ekolo\u0123isko iztuk\u0161o\u0161anos.<\/li><li><strong>Soci\u0101lais taisn\u012bgums un notur\u012bba<\/strong>Tr\u012bsk\u0101r\u0161ai naudas rad\u012b\u0161anai ir soci\u0101li izl\u012bdzino\u0161s efekts. T\u0101 var mazin\u0101t plaisu starp bag\u0101tajiem un nabadz\u012bgajiem un stiprin\u0101t viet\u0113jos ekonomiskos ciklus lauku, bie\u017ei vien nelabv\u0113l\u012bgos re\u0123ionos.<\/li><li><strong>Inov\u0101ciju un ap\u0146em\u0161an\u0101s veicin\u0101\u0161ana<\/strong>Ja tiek atalgots rado\u0161ums, soci\u0101l\u0101 atbild\u012bba un individu\u0101lais potenci\u0101ls, uzplaukst person\u012bg\u0101 iniciat\u012bva, kas ir v\u0113rt\u012bgs resurss, jo \u012bpa\u0161i filip\u012bnie\u0161u kult\u016br\u0101, kas bie\u017ei ir \u013coti rado\u0161a un orient\u0113ta uz risin\u0101jumiem.<\/li><\/ul><p><strong>Izaicin\u0101jumi un nor\u0101des:<\/strong><\/p><ul><li><strong>Kult\u016bras p\u0101rmai\u0146\u0101m nepiecie\u0161ama paciet\u012bba<\/strong>Dzi\u013ci iesak\u0146ojusies ir dom\u0101\u0161ana par tr\u016bkumu, atkar\u012bba no hierarhijas un skepse pret jaun\u0101m sist\u0113m\u0101m, k\u0101 ar\u012b da\u017ek\u0101rt zema uztic\u0113\u0161an\u0101s \"ofici\u0101lajiem\" procesiem.<\/li><li><strong>Tiesiskais regul\u0113jums<\/strong>Bez vald\u012bbas atbalsta un piel\u0101gotiem ties\u012bbu aktiem Gradido s\u0101kotn\u0113ji paliks k\u0101 papildu piemaksu sist\u0113ma. Lai t\u0101 b\u016btu piln\u012bb\u0101 efekt\u012bva un m\u0113rogojama, ilgtermi\u0146\u0101 tai ir j\u0101b\u016bt politiski atv\u0113rtai.<\/li><li><strong>L\u012bdzdal\u012bbas un taisn\u012bguma nodro\u0161in\u0101\u0161ana<\/strong>Iek\u013cau\u0161ana un daudzveid\u012bba ir j\u0101\u012bsteno jau no pa\u0161a s\u0101kuma, lai ikviens patie\u0161\u0101m var\u0113tu piedal\u012bties un neviens netiktu ignor\u0113ts vai ignor\u0113ts.<\/li><li><strong>Digit\u0101l\u0101s infrastrukt\u016bras stiprin\u0101\u0161ana<\/strong>Piek\u013cuve tehnolo\u0123ij\u0101m un digit\u0101laj\u0101m prasm\u0113m ir pamatnosac\u012bjums taisn\u012bgai sadalei, jo \u012bpa\u0161i lauku apvidos.<\/li><li><strong>Kop\u0113jais ce\u013c\u0161:<\/strong> \"Gradido\" veiksm\u012bgi darbojas, izmantojot izm\u0113\u0123in\u0101juma projektus, atkl\u0101tu dialogu un uztic\u0113\u0161anos, ka ilgtsp\u0113j\u012bgas p\u0101rmai\u0146as rodas organiski. Sirdsapzi\u0146a, skaidr\u012bba un l\u012bdzj\u016bt\u012bba ir vissvar\u012bg\u0101kie ce\u013cabiedri. \u012apa\u0161i Filip\u012bn\u0101s, kur kopiena, solidarit\u0101te un ilgas p\u0113c patiesas l\u012bdzdal\u012bbas ir tik dz\u012bvas, ir liels potenci\u0101ls, lai rad\u012btu Gradido k\u0101 m\u0101c\u012bbu, iek\u013caujo\u0161u un iedvesmojo\u0161u labas dz\u012bves modeli.<\/li><\/ul><hr \/><\/div><div class=\"wiki-page-header-wrapper\"><h3 id=\"f%C3%BCr-die-philippinen-besonders-bedeutsame-%C3%BCberlegungen-und-impulse\" tabindex=\"-1\">\u012apa\u0161i svar\u012bgi apsv\u0113rumi un impulsi Filip\u012bn\u0101m<\/h3><p>Daudz\u0101s viet\u0101s Perplexity atbilde ir diezgan visp\u0101r\u012bga un b\u016bt\u012bb\u0101 p\u0101rnes potenci\u0101lu un izaicin\u0101jumus no Gradido konteksta uz Filip\u012bn\u0101m, piln\u012bb\u0101 neatspogu\u013cojot \u013coti specifisk\u0101s iez\u012bmes, iesp\u0113jas un klup\u0161anas akme\u0146us uz vietas.<\/p><p>\u0160eit ir da\u017eas domas un idejas, kas \u012bpa\u0161i attiecas uz Filip\u012bn\u0101m un ar kur\u0101m v\u0113los dal\u012bties ar jums, jo esmu dzi\u013ci saist\u012bts ar \u0161o valsti, kult\u016bru un cilv\u0113kiem:<\/p><hr \/><p><strong>1. migr\u0101cijas kult\u016bra un naudas p\u0101rvedumi k\u0101 \"gl\u0101b\u0161anas avots\".<\/strong><\/p><ul><li>Darbasp\u0113ka migr\u0101cija ir eksistenci\u0101li svar\u012bga miljoniem \u0123ime\u0146u. Gradido var\u0113tu stiprin\u0101t viet\u0113j\u0101s perspekt\u012bvas, lai maz\u0101k cilv\u0113ku b\u016btu spiesti pamest savu dzimteni. Izm\u0113\u0123in\u0101juma projekti var\u0113tu b\u016bt \u012bpa\u0161i paredz\u0113ti filip\u012bnie\u0161u aizj\u016bras str\u0101dnieku (OFW) \u0123imen\u0113m: K\u0101 akt\u012bvais pamatien\u0101kums darbojas k\u0101 emocion\u0101ls un ekonomisks enkurs m\u0101j\u0101s?<\/li><\/ul><p><strong>2. bayanihan gars k\u0101 katalizators<\/strong><\/p><ul><li>Dz\u012bves kult\u016bra bayanihan - kolekt\u012bva tuv\u0101k\u0101 pal\u012bdz\u012bba un kop\u0113jais labums - ir dzi\u013ci iesak\u0146ojusies filip\u012bnie\u0161u sabiedr\u012bbas DNS. Gradido modelis, kas saista akt\u012bvo pamatien\u0101kumu ar br\u012bvpr\u0101t\u012bgu iesaist\u012b\u0161anos, kopienas projektiem un savstarp\u0113ju atbalstu, var\u0113tu ne tikai tikt pie\u0146emts, bet ar\u012b ar entuziasmu att\u012bst\u012bts t\u0101l\u0101k, jo tas sasaucas ar uztveramaj\u0101m trad\u012bcij\u0101m.<\/li><\/ul><p><strong>3. katastrofu nov\u0113r\u0161ana un seku likvid\u0113\u0161ana k\u0101 novatoriska joma.<\/strong><\/p><ul><li>Iedz\u012bvot\u0101jiem ir liela pieredze dabas katastrofu p\u0101rvar\u0113\u0161an\u0101. Br\u012bni\u0161\u0137\u012bgi var\u0113tu izveidot Gradido izm\u0113\u0123in\u0101juma projektu, kas b\u016btu balst\u012bts uz kopienas notur\u012bbu: Kaimi\u0146u atbalsts agr\u012bn\u0101s br\u012bdin\u0101\u0161anas sist\u0113m\u0101m, atjauno\u0161anas darbiem, kopienas p\u0101rvald\u012bt\u0101m patversm\u0113m u. c. Katru darb\u012bbu var\u0113tu atl\u012bdzin\u0101t ar Gradido ie\u0146\u0113mumiem priv\u0101tperson\u0101m, kopien\u0101m un vides fondiem viet\u0113j\u0101s pa\u0161organiz\u0101cijas gar\u0101.<\/li><\/ul><p><strong>4. atkl\u0101ta inov\u0101cijas un digitaliz\u0101cijas baud\u012b\u0161ana<\/strong><\/p><ul><li>Pla\u0161i izplat\u012bt\u0101 viedt\u0101lru\u0146u un digit\u0101lo maku lieto\u0161ana, k\u0101 ar\u012b visp\u0101r\u0113j\u0101 atv\u0113rt\u012bba digit\u0101lajiem r\u012bkiem, jo \u012bpa\u0161i jaunie\u0161u pils\u0113tvid\u0113, \u013cauj \u0101tri tehniski \u012bstenot Gradido izm\u0113\u0123in\u0101juma modeli - vismaz atsevi\u0161\u0137os re\u0123ionos, pils\u0113t\u0101s vai sal\u0101s. \u0160\u0137\u0113r\u0161\u013ci ir maz\u0101ki nek\u0101 daudzviet Eirop\u0101.<\/li><\/ul><p><strong>5. reli\u0123ija, gar\u012bgums un \u0123imenes saites starp paaudz\u0113m.<\/strong><\/p><ul><li>Dzi\u013ca reli\u0123iozit\u0101te un sp\u0113c\u012bga salied\u0113t\u012bba liel\u0101s \u0123imen\u0113s, kur\u0101s dz\u012bvo vair\u0101kas paaudzes, raksturo ikdienas dz\u012bvi un mor\u0101li. Projekti, kuros iesaist\u012btas bazn\u012bcu kopienas, viet\u0113j\u0101s NVO un \u0123ime\u0146u apvien\u012bbas, var stiprin\u0101t uztic\u012bbu un att\u012bst\u012bt radi\u0101ciju. \u0112tiskie argumenti (\"zeme un visu labkl\u0101j\u012bba ir Dieva d\u0101vana!\") ar\u012b var rosin\u0101t cilv\u0113ku izpratni par Gradido.<\/li><\/ul><p><strong>6. nabadz\u012bba laukos un pamatiedz\u012bvot\u0101ju kopienas<\/strong><\/p><ul><li>Lauku, bie\u017ei vien nabadz\u012bgie un atstumtie re\u0123ioni un pamatiedz\u012bvot\u0101ji l\u012bdz \u0161im ir paliku\u0161i nov\u0101rt\u0101 no daudz\u0101m modern\u0101m noris\u0113m un l\u012bdzdal\u012bbas. \u0160eit Gradido var\u0113tu konkr\u0113ti par\u0101d\u012bt, k\u0101 l\u012bdzdal\u012bbas procesi var rad\u012bt viet\u0113jo elast\u012bbu, kult\u016bras trad\u012bciju nov\u0113rt\u0113\u0161anu un jaunas iesp\u0113jas n\u0101kotnei. \u012apa\u0161a uzman\u012bba b\u016btu j\u0101piev\u0113r\u0161 valodas un kult\u016bras pieejam\u012bbai.<\/li><\/ul><p><strong>7. viet\u0113jie izm\u0113\u0123in\u0101juma projekti ar vair\u0101kiem partneriem<\/strong><\/p><ul><li>Veiksmes un parauga efekta iesp\u0113jam\u012bba palielin\u0101sies, ja Gradido jau no pa\u0161a s\u0101kuma tiks veidots k\u0101 daudzu ieinteres\u0113to pu\u0161u (kopienas, NVO, bazn\u012bcas, skolas, mazie uz\u0146\u0113mumi) projekts. Tas rada ilgtsp\u0113j\u012bgu le\u0123itimit\u0101ti un atvieglo rea\u0123\u0113\u0161anu uz iesp\u0113jamu elites vai birokr\u0101tijas pretest\u012bbu.<\/li><\/ul><p><strong>8. izgl\u012bto\u0161anas un izpratnes veicin\u0101\u0161anas kampa\u0146as<\/strong><\/p><ul><li>Dezinform\u0101cijas, k\u0101 ar\u012b main\u012bgo politisko tenden\u010du d\u0113\u013c izgl\u012bto\u0161anai, p\u0101rredzam\u012bbai un kopienas veido\u0161anai ir iz\u0161\u0137iro\u0161a noz\u012bme. Pal\u012bdz\u0113t var skolu projekti, informat\u012bvie pas\u0101kumi un multiplikatoru iesaist\u012b\u0161ana.<\/li><\/ul><hr \/><p><strong>Rezum\u0113jot:<\/strong><br \/>At\u0161\u0137ir\u012bbu rada smalk\u0101 soci\u0101l\u0101 un kult\u016bras dinamika: Ja Gradido tiek saprasts k\u0101 instruments, kas balst\u0101s uz eso\u0161aj\u0101m stipraj\u0101m pus\u0113m (kopienas gars, dal\u012b\u0161an\u0101s prieks, pal\u012bdz\u012bba katastrofu gad\u012bjumos, iztur\u012bba, novatorisms) un sniedz konkr\u0113tu pal\u012bdz\u012bbu ikdienas dz\u012bv\u0113, Filip\u012bn\u0101s tas var uzplaukt \u0101tr\u0101k un dzi\u013c\u0101k nek\u0101 citur.<\/p><p>Ja v\u0113laties, es labpr\u0101t izstr\u0101d\u0101tu jums konkr\u0113tus scen\u0101rijus vai izm\u0113\u0123in\u0101juma projektu ieteikumus, kuros \u0146emtas v\u0113r\u0101 \u0161\u012bs \u012bpa\u0161\u0101s iez\u012bmes!<\/p><\/div><\/div><\/div><\/div><\/div><\/div><\/div><\/div>\t\t\t\t\t\t\t\t<\/div>\n\t\t\t\t<\/div>\n\t\t\t\t\t<\/div>\n\t\t<\/div>\n\t\t\t\t\t<\/div>\n\t\t<\/section>\n\t\t\t\t<\/div>","protected":false},"excerpt":{"rendered":"<p>Potenziale und Herausforderungen f\u00fcr Gradido Hauptseite: Philippinen 1. Wirtschaft und Gesellschaft2.Einkommen und Lebensstandard3.Arbeitsmigration und Auslandserwerbst\u00e4tigkeit4.Armut und soziale Ungleichheit5.Gemeinwohl und Solidarit\u00e4t6.Bildungssituation benachteiligter Kinder7.Gesundheit, soziale Sicherung und Altersvorsorge8.Anerkennung von Care-Arbeit und Engagement9.Innovationen, Digitalisierung und alternative Wirtschaftsmodelle10.Gemeinschaftsbasierte \u00d6konomie und Parallelw\u00e4hrungen11.Potenziale und Herausforderungen f\u00fcr Gradido12. Internationale Kooperationen, NGOs und staatliche Entwicklungsprojekte Potenziale und Herausforderungen bei der Einf\u00fchrung eines gemeinwohlorientierten, [&hellip;]<\/p>\n","protected":false},"author":2,"featured_media":10458,"parent":10540,"menu_order":0,"comment_status":"closed","ping_status":"closed","template":"","meta":{"footnotes":""},"class_list":["post-10660","page","type-page","status-publish","has-post-thumbnail","hentry"],"yoast_head":"<!-- This site is optimized with the Yoast SEO plugin v27.5 - https:\/\/yoast.com\/product\/yoast-seo-wordpress\/ -->\n<title>Potenziale und Herausforderungen f\u00fcr Gradido, Philippinen - Gradido<\/title>\n<meta name=\"description\" content=\"Sei Teil der Bewegung!Gemeinsam bringen wir Gradido in die Welt.\" \/>\n<meta name=\"robots\" content=\"index, follow, max-snippet:-1, max-image-preview:large, max-video-preview:-1\" \/>\n<link rel=\"canonical\" href=\"https:\/\/gradido.net\/lv\/countries\/philippines\/potential-and-challenges\/\" \/>\n<meta property=\"og:locale\" content=\"lv_LV\" \/>\n<meta property=\"og:type\" content=\"article\" \/>\n<meta property=\"og:title\" content=\"Potenziale und Herausforderungen f\u00fcr Gradido, Philippinen - Gradido\" \/>\n<meta property=\"og:description\" content=\"Sei Teil der Bewegung!Gemeinsam bringen wir Gradido in die Welt.\" \/>\n<meta property=\"og:url\" content=\"https:\/\/gradido.net\/lv\/countries\/philippines\/potential-and-challenges\/\" \/>\n<meta property=\"og:site_name\" content=\"Gradido\" \/>\n<meta property=\"article:modified_time\" content=\"2025-10-04T10:01:48+00:00\" \/>\n<meta property=\"og:image\" content=\"https:\/\/gradido.net\/wp-content\/uploads\/2025\/07\/AdobeStock_3210827871-scaled.jpeg\" \/>\n\t<meta property=\"og:image:width\" content=\"2560\" \/>\n\t<meta property=\"og:image:height\" content=\"790\" \/>\n\t<meta property=\"og:image:type\" content=\"image\/jpeg\" \/>\n<meta name=\"twitter:card\" content=\"summary_large_image\" \/>\n<meta name=\"twitter:label1\" content=\"Est. reading time\" \/>\n\t<meta name=\"twitter:data1\" content=\"8 min\u016btes\" \/>\n<script type=\"application\/ld+json\" class=\"yoast-schema-graph\">{\"@context\":\"https:\\\/\\\/schema.org\",\"@graph\":[{\"@type\":\"WebPage\",\"@id\":\"https:\\\/\\\/gradido.net\\\/countries\\\/philippines\\\/potential-and-challenges\\\/\",\"url\":\"https:\\\/\\\/gradido.net\\\/countries\\\/philippines\\\/potential-and-challenges\\\/\",\"name\":\"Potenziale und Herausforderungen f\u00fcr Gradido, Philippinen - Gradido\",\"isPartOf\":{\"@id\":\"https:\\\/\\\/gradido.net\\\/de\\\/#website\"},\"primaryImageOfPage\":{\"@id\":\"https:\\\/\\\/gradido.net\\\/countries\\\/philippines\\\/potential-and-challenges\\\/#primaryimage\"},\"image\":{\"@id\":\"https:\\\/\\\/gradido.net\\\/countries\\\/philippines\\\/potential-and-challenges\\\/#primaryimage\"},\"thumbnailUrl\":\"https:\\\/\\\/gradido.net\\\/wp-content\\\/uploads\\\/2025\\\/07\\\/AdobeStock_3210827871-scaled.jpeg\",\"datePublished\":\"2025-07-28T08:02:10+00:00\",\"dateModified\":\"2025-10-04T10:01:48+00:00\",\"description\":\"Sei Teil der Bewegung!Gemeinsam bringen wir Gradido in die Welt.\",\"breadcrumb\":{\"@id\":\"https:\\\/\\\/gradido.net\\\/countries\\\/philippines\\\/potential-and-challenges\\\/#breadcrumb\"},\"inLanguage\":\"lv-LV\",\"potentialAction\":[{\"@type\":\"ReadAction\",\"target\":[\"https:\\\/\\\/gradido.net\\\/countries\\\/philippines\\\/potential-and-challenges\\\/\"]}]},{\"@type\":\"ImageObject\",\"inLanguage\":\"lv-LV\",\"@id\":\"https:\\\/\\\/gradido.net\\\/countries\\\/philippines\\\/potential-and-challenges\\\/#primaryimage\",\"url\":\"https:\\\/\\\/gradido.net\\\/wp-content\\\/uploads\\\/2025\\\/07\\\/AdobeStock_3210827871-scaled.jpeg\",\"contentUrl\":\"https:\\\/\\\/gradido.net\\\/wp-content\\\/uploads\\\/2025\\\/07\\\/AdobeStock_3210827871-scaled.jpeg\",\"width\":2560,\"height\":790,\"caption\":\"world globe planet earth 3d-illustration. elements of this image furnished by NASA\"},{\"@type\":\"BreadcrumbList\",\"@id\":\"https:\\\/\\\/gradido.net\\\/countries\\\/philippines\\\/potential-and-challenges\\\/#breadcrumb\",\"itemListElement\":[{\"@type\":\"ListItem\",\"position\":1,\"name\":\"Startseite\",\"item\":\"https:\\\/\\\/gradido.net\\\/\"},{\"@type\":\"ListItem\",\"position\":2,\"name\":\"L\u00e4nderforschung\",\"item\":\"https:\\\/\\\/gradido.net\\\/countries\\\/\"},{\"@type\":\"ListItem\",\"position\":3,\"name\":\"Philppinen\",\"item\":\"https:\\\/\\\/gradido.net\\\/countries\\\/philippines\\\/\"},{\"@type\":\"ListItem\",\"position\":4,\"name\":\"Potenziale und Herausforderungen f\u00fcr Gradido, Philippinen\"}]},{\"@type\":\"WebSite\",\"@id\":\"https:\\\/\\\/gradido.net\\\/de\\\/#website\",\"url\":\"https:\\\/\\\/gradido.net\\\/de\\\/\",\"name\":\"Gradido\",\"description\":\"Die neue W\u00e4hrung hei\u00dft Dankbarkeit\",\"publisher\":{\"@id\":\"https:\\\/\\\/gradido.net\\\/de\\\/#organization\"},\"potentialAction\":[{\"@type\":\"SearchAction\",\"target\":{\"@type\":\"EntryPoint\",\"urlTemplate\":\"https:\\\/\\\/gradido.net\\\/de\\\/?s={search_term_string}\"},\"query-input\":{\"@type\":\"PropertyValueSpecification\",\"valueRequired\":true,\"valueName\":\"search_term_string\"}}],\"inLanguage\":\"lv-LV\"},{\"@type\":\"Organization\",\"@id\":\"https:\\\/\\\/gradido.net\\\/de\\\/#organization\",\"name\":\"Gradido\",\"url\":\"https:\\\/\\\/gradido.net\\\/de\\\/\",\"logo\":{\"@type\":\"ImageObject\",\"inLanguage\":\"lv-LV\",\"@id\":\"https:\\\/\\\/gradido.net\\\/de\\\/#\\\/schema\\\/logo\\\/image\\\/\",\"url\":\"https:\\\/\\\/gradido.net\\\/wp-content\\\/uploads\\\/2022\\\/04\\\/gradido-social.jpg\",\"contentUrl\":\"https:\\\/\\\/gradido.net\\\/wp-content\\\/uploads\\\/2022\\\/04\\\/gradido-social.jpg\",\"width\":527,\"height\":273,\"caption\":\"Gradido\"},\"image\":{\"@id\":\"https:\\\/\\\/gradido.net\\\/de\\\/#\\\/schema\\\/logo\\\/image\\\/\"}}]}<\/script>\n<!-- \/ Yoast SEO plugin. -->","yoast_head_json":{"title":"Gradido potenci\u0101ls un izaicin\u0101jumi, Filip\u012bnas - Gradido","description":"Esi da\u013ca no \u0161\u012bs kust\u012bbas! Kop\u0101 m\u0113s nesam Gradido pasaul\u0113.","robots":{"index":"index","follow":"follow","max-snippet":"max-snippet:-1","max-image-preview":"max-image-preview:large","max-video-preview":"max-video-preview:-1"},"canonical":"https:\/\/gradido.net\/lv\/countries\/philippines\/potential-and-challenges\/","og_locale":"lv_LV","og_type":"article","og_title":"Potenziale und Herausforderungen f\u00fcr Gradido, Philippinen - Gradido","og_description":"Sei Teil der Bewegung!Gemeinsam bringen wir Gradido in die Welt.","og_url":"https:\/\/gradido.net\/lv\/countries\/philippines\/potential-and-challenges\/","og_site_name":"Gradido","article_modified_time":"2025-10-04T10:01:48+00:00","og_image":[{"width":2560,"height":790,"url":"https:\/\/gradido.net\/wp-content\/uploads\/2025\/07\/AdobeStock_3210827871-scaled.jpeg","type":"image\/jpeg"}],"twitter_card":"summary_large_image","twitter_misc":{"Est. reading time":"8 min\u016btes"},"schema":{"@context":"https:\/\/schema.org","@graph":[{"@type":"WebPage","@id":"https:\/\/gradido.net\/countries\/philippines\/potential-and-challenges\/","url":"https:\/\/gradido.net\/countries\/philippines\/potential-and-challenges\/","name":"Gradido potenci\u0101ls un izaicin\u0101jumi, Filip\u012bnas - Gradido","isPartOf":{"@id":"https:\/\/gradido.net\/de\/#website"},"primaryImageOfPage":{"@id":"https:\/\/gradido.net\/countries\/philippines\/potential-and-challenges\/#primaryimage"},"image":{"@id":"https:\/\/gradido.net\/countries\/philippines\/potential-and-challenges\/#primaryimage"},"thumbnailUrl":"https:\/\/gradido.net\/wp-content\/uploads\/2025\/07\/AdobeStock_3210827871-scaled.jpeg","datePublished":"2025-07-28T08:02:10+00:00","dateModified":"2025-10-04T10:01:48+00:00","description":"Esi da\u013ca no \u0161\u012bs kust\u012bbas! Kop\u0101 m\u0113s nesam Gradido pasaul\u0113.","breadcrumb":{"@id":"https:\/\/gradido.net\/countries\/philippines\/potential-and-challenges\/#breadcrumb"},"inLanguage":"lv-LV","potentialAction":[{"@type":"ReadAction","target":["https:\/\/gradido.net\/countries\/philippines\/potential-and-challenges\/"]}]},{"@type":"ImageObject","inLanguage":"lv-LV","@id":"https:\/\/gradido.net\/countries\/philippines\/potential-and-challenges\/#primaryimage","url":"https:\/\/gradido.net\/wp-content\/uploads\/2025\/07\/AdobeStock_3210827871-scaled.jpeg","contentUrl":"https:\/\/gradido.net\/wp-content\/uploads\/2025\/07\/AdobeStock_3210827871-scaled.jpeg","width":2560,"height":790,"caption":"world globe planet earth 3d-illustration. elements of this image furnished by NASA"},{"@type":"BreadcrumbList","@id":"https:\/\/gradido.net\/countries\/philippines\/potential-and-challenges\/#breadcrumb","itemListElement":[{"@type":"ListItem","position":1,"name":"Startseite","item":"https:\/\/gradido.net\/"},{"@type":"ListItem","position":2,"name":"L\u00e4nderforschung","item":"https:\/\/gradido.net\/countries\/"},{"@type":"ListItem","position":3,"name":"Philppinen","item":"https:\/\/gradido.net\/countries\/philippines\/"},{"@type":"ListItem","position":4,"name":"Potenziale und Herausforderungen f\u00fcr Gradido, Philippinen"}]},{"@type":"WebSite","@id":"https:\/\/gradido.net\/de\/#website","url":"https:\/\/gradido.net\/de\/","name":"Gradido","description":"Jaun\u0101 val\u016bta ir pateic\u012bba","publisher":{"@id":"https:\/\/gradido.net\/de\/#organization"},"potentialAction":[{"@type":"SearchAction","target":{"@type":"EntryPoint","urlTemplate":"https:\/\/gradido.net\/de\/?s={search_term_string}"},"query-input":{"@type":"PropertyValueSpecification","valueRequired":true,"valueName":"search_term_string"}}],"inLanguage":"lv-LV"},{"@type":"Organization","@id":"https:\/\/gradido.net\/de\/#organization","name":"Gradido","url":"https:\/\/gradido.net\/de\/","logo":{"@type":"ImageObject","inLanguage":"lv-LV","@id":"https:\/\/gradido.net\/de\/#\/schema\/logo\/image\/","url":"https:\/\/gradido.net\/wp-content\/uploads\/2022\/04\/gradido-social.jpg","contentUrl":"https:\/\/gradido.net\/wp-content\/uploads\/2022\/04\/gradido-social.jpg","width":527,"height":273,"caption":"Gradido"},"image":{"@id":"https:\/\/gradido.net\/de\/#\/schema\/logo\/image\/"}}]}},"_links":{"self":[{"href":"https:\/\/gradido.net\/lv\/wp-json\/wp\/v2\/pages\/10660","targetHints":{"allow":["GET"]}}],"collection":[{"href":"https:\/\/gradido.net\/lv\/wp-json\/wp\/v2\/pages"}],"about":[{"href":"https:\/\/gradido.net\/lv\/wp-json\/wp\/v2\/types\/page"}],"author":[{"embeddable":true,"href":"https:\/\/gradido.net\/lv\/wp-json\/wp\/v2\/users\/2"}],"replies":[{"embeddable":true,"href":"https:\/\/gradido.net\/lv\/wp-json\/wp\/v2\/comments?post=10660"}],"version-history":[{"count":16,"href":"https:\/\/gradido.net\/lv\/wp-json\/wp\/v2\/pages\/10660\/revisions"}],"predecessor-version":[{"id":11989,"href":"https:\/\/gradido.net\/lv\/wp-json\/wp\/v2\/pages\/10660\/revisions\/11989"}],"up":[{"embeddable":true,"href":"https:\/\/gradido.net\/lv\/wp-json\/wp\/v2\/pages\/10540"}],"wp:featuredmedia":[{"embeddable":true,"href":"https:\/\/gradido.net\/lv\/wp-json\/wp\/v2\/media\/10458"}],"wp:attachment":[{"href":"https:\/\/gradido.net\/lv\/wp-json\/wp\/v2\/media?parent=10660"}],"curies":[{"name":"wp","href":"https:\/\/api.w.org\/{rel}","templated":true}]}}