{"id":10673,"date":"2025-07-28T10:12:11","date_gmt":"2025-07-28T08:12:11","guid":{"rendered":"https:\/\/gradido.net\/?page_id=10673"},"modified":"2025-10-04T12:02:43","modified_gmt":"2025-10-04T10:02:43","slug":"international-cooperation","status":"publish","type":"page","link":"https:\/\/gradido.net\/lv\/countries\/philippines\/international-cooperation\/","title":{"rendered":"Starptautisk\u0101 sadarb\u012bba, Filip\u012bnas"},"content":{"rendered":"<div data-elementor-type=\"wp-page\" data-elementor-id=\"10673\" class=\"elementor elementor-10673\" data-elementor-post-type=\"page\">\n\t\t\t\t\t\t<section class=\"elementor-section elementor-top-section elementor-element elementor-element-4ce3e8af elementor-section-full_width elementor-section-height-default elementor-section-height-default\" data-id=\"4ce3e8af\" data-element_type=\"section\" data-e-type=\"section\">\n\t\t\t\t\t\t<div class=\"elementor-container elementor-column-gap-no\">\n\t\t\t\t\t<div class=\"elementor-column elementor-col-100 elementor-top-column elementor-element elementor-element-efa8c8c\" data-id=\"efa8c8c\" data-element_type=\"column\" data-e-type=\"column\">\n\t\t\t<div class=\"elementor-widget-wrap elementor-element-populated\">\n\t\t\t\t\t\t<div class=\"elementor-element elementor-element-e088aa4 elementor--h-position-center elementor--v-position-middle elementor-arrows-position-inside elementor-widget elementor-widget-slides\" data-id=\"e088aa4\" data-element_type=\"widget\" data-e-type=\"widget\" data-settings=\"{&quot;navigation&quot;:&quot;arrows&quot;,&quot;autoplay&quot;:&quot;yes&quot;,&quot;pause_on_hover&quot;:&quot;yes&quot;,&quot;pause_on_interaction&quot;:&quot;yes&quot;,&quot;autoplay_speed&quot;:5000,&quot;infinite&quot;:&quot;yes&quot;,&quot;transition&quot;:&quot;slide&quot;,&quot;transition_speed&quot;:500}\" data-widget_type=\"slides.default\">\n\t\t\t\t<div class=\"elementor-widget-container\">\n\t\t\t\t\t\t\t\t\t<div class=\"elementor-swiper\">\n\t\t\t\t\t<div class=\"elementor-slides-wrapper elementor-main-swiper swiper\" role=\"region\" aria-roledescription=\"carousel\" aria-label=\"Sl\u012bdnis\" dir=\"ltr\" data-animation=\"fadeInUp\">\n\t\t\t\t<div class=\"swiper-wrapper elementor-slides\">\n\t\t\t\t\t\t\t\t\t\t<div class=\"elementor-repeater-item-2de4990 swiper-slide\" role=\"group\" aria-roledescription=\"slide\"><div class=\"swiper-slide-bg\" role=\"img\" aria-label=\"manila-4503501_1280\"><\/div><div class=\"swiper-slide-inner\" ><div class=\"swiper-slide-contents\"><\/div><\/div><\/div><div class=\"elementor-repeater-item-28f126e swiper-slide\" role=\"group\" aria-roledescription=\"slide\"><div class=\"swiper-slide-bg\" role=\"img\" aria-label=\"philippines-4951855_1280\"><\/div><div class=\"swiper-slide-inner\" ><div class=\"swiper-slide-contents\"><\/div><\/div><\/div><div class=\"elementor-repeater-item-992da35 swiper-slide\" role=\"group\" aria-roledescription=\"slide\"><div class=\"swiper-slide-bg\" role=\"img\" aria-label=\"manila-2256322_1280\"><\/div><div class=\"swiper-slide-inner\" ><div class=\"swiper-slide-contents\"><\/div><\/div><\/div>\t\t\t\t<\/div>\n\t\t\t\t\t\t\t\t\t\t\t\t\t\t\t<div class=\"elementor-swiper-button elementor-swiper-button-prev\" role=\"button\" tabindex=\"0\" aria-label=\"Vorige dia\" data-no-translation-aria-label=\"\">\n\t\t\t\t\t\t\t<i aria-hidden=\"true\" class=\"eicon-chevron-left\"><\/i>\t\t\t\t\t\t<\/div>\n\t\t\t\t\t\t<div class=\"elementor-swiper-button elementor-swiper-button-next\" role=\"button\" tabindex=\"0\" aria-label=\"Volgende dia\" data-no-translation-aria-label=\"\">\n\t\t\t\t\t\t\t<i aria-hidden=\"true\" class=\"eicon-chevron-right\"><\/i>\t\t\t\t\t\t<\/div>\n\t\t\t\t\t\t\t\t\t\t\t\t\t\t\t\t\t<\/div>\n\t\t\t\t<\/div>\n\t\t\t\t\t\t\t\t<\/div>\n\t\t\t\t<\/div>\n\t\t\t\t\t<\/div>\n\t\t<\/div>\n\t\t\t\t\t<\/div>\n\t\t<\/section>\n\t\t\t\t<section class=\"elementor-section elementor-top-section elementor-element elementor-element-240baa7a elementor-section-boxed elementor-section-height-default elementor-section-height-default\" data-id=\"240baa7a\" data-element_type=\"section\" data-e-type=\"section\" data-settings=\"{&quot;background_background&quot;:&quot;classic&quot;}\">\n\t\t\t\t\t\t<div class=\"elementor-container elementor-column-gap-default\">\n\t\t\t\t\t<div class=\"elementor-column elementor-col-100 elementor-top-column elementor-element elementor-element-1afe9e42\" data-id=\"1afe9e42\" data-element_type=\"column\" data-e-type=\"column\">\n\t\t\t<div class=\"elementor-widget-wrap elementor-element-populated\">\n\t\t\t\t\t\t<div class=\"elementor-element elementor-element-65bd50ae elementor-widget elementor-widget-heading\" data-id=\"65bd50ae\" data-element_type=\"widget\" data-e-type=\"widget\" data-widget_type=\"heading.default\">\n\t\t\t\t<div class=\"elementor-widget-container\">\n\t\t\t\t\t<h1 class=\"elementor-heading-title elementor-size-default\">Starptautisk\u0101 sadarb\u012bba, NVO un vald\u012bbas att\u012bst\u012bbas projekti<\/h1>\t\t\t\t<\/div>\n\t\t\t\t<\/div>\n\t\t\t\t\t<\/div>\n\t\t<\/div>\n\t\t\t\t\t<\/div>\n\t\t<\/section>\n\t\t\t\t<section class=\"elementor-section elementor-top-section elementor-element elementor-element-446540f elementor-section-boxed elementor-section-height-default elementor-section-height-default\" data-id=\"446540f\" data-element_type=\"section\" data-e-type=\"section\">\n\t\t\t\t\t\t<div class=\"elementor-container elementor-column-gap-default\">\n\t\t\t\t\t<div class=\"elementor-column elementor-col-100 elementor-top-column elementor-element elementor-element-312a2d3\" data-id=\"312a2d3\" data-element_type=\"column\" data-e-type=\"column\">\n\t\t\t<div class=\"elementor-widget-wrap elementor-element-populated\">\n\t\t\t\t\t\t<div class=\"elementor-element elementor-element-acb3f93 elementor-nav-menu--dropdown-tablet elementor-nav-menu__text-align-aside elementor-nav-menu--toggle elementor-nav-menu--burger elementor-widget elementor-widget-nav-menu\" data-id=\"acb3f93\" data-element_type=\"widget\" data-e-type=\"widget\" data-settings=\"{&quot;layout&quot;:&quot;horizontal&quot;,&quot;submenu_icon&quot;:{&quot;value&quot;:&quot;&lt;i class=\\&quot;fas fa-caret-down\\&quot; aria-hidden=\\&quot;true\\&quot;&gt;&lt;\\\/i&gt;&quot;,&quot;library&quot;:&quot;fa-solid&quot;},&quot;toggle&quot;:&quot;burger&quot;}\" data-widget_type=\"nav-menu.default\">\n\t\t\t\t<div class=\"elementor-widget-container\">\n\t\t\t\t\t\t\t\t<nav aria-label=\"Valstu izp\u0113te\" class=\"elementor-nav-menu--main elementor-nav-menu__container elementor-nav-menu--layout-horizontal e--pointer-underline e--animation-grow\">\n\t\t\t\t<ul id=\"menu-1-acb3f93\" class=\"elementor-nav-menu\"><li class=\"menu-item menu-item-type-custom menu-item-object-custom menu-item-has-children menu-item-12305\"><a class=\"elementor-item\">\u0100frika<\/a>\n<ul class=\"sub-menu elementor-nav-menu--dropdown\">\n\t<li class=\"menu-item menu-item-type-post_type menu-item-object-page menu-item-12253\"><a href=\"https:\/\/gradido.net\/lv\/countries\/afrika\/\" class=\"elementor-sub-item\">\u0100frika, viss kontinents<\/a><\/li>\n\t<li class=\"menu-item menu-item-type-post_type menu-item-object-page menu-item-13097\"><a href=\"https:\/\/gradido.net\/lv\/countries\/afrika\/dr-congo\/\" class=\"elementor-sub-item\">Kongo Demokr\u0101tisk\u0101 Republika<\/a><\/li>\n\t<li class=\"menu-item menu-item-type-post_type menu-item-object-page menu-item-12414\"><a href=\"https:\/\/gradido.net\/lv\/countries\/afrika\/kenya\/\" class=\"elementor-sub-item\">Kenija<\/a><\/li>\n\t<li class=\"menu-item menu-item-type-post_type menu-item-object-page menu-item-12737\"><a href=\"https:\/\/gradido.net\/lv\/countries\/afrika\/madagascar\/\" class=\"elementor-sub-item\">Madagaskara<\/a><\/li>\n\t<li class=\"menu-item menu-item-type-post_type menu-item-object-page menu-item-12148\"><a href=\"https:\/\/gradido.net\/lv\/countries\/afrika\/namibia\/\" class=\"elementor-sub-item\">Nam\u012bbija<\/a><\/li>\n\t<li class=\"menu-item menu-item-type-post_type menu-item-object-page menu-item-12839\"><a href=\"https:\/\/gradido.net\/lv\/countries\/afrika\/rwanda\/\" class=\"elementor-sub-item\">Ruanda<\/a><\/li>\n<\/ul>\n<\/li>\n<li class=\"menu-item menu-item-type-custom menu-item-object-custom menu-item-has-children menu-item-11798\"><a class=\"elementor-item\">America<\/a>\n<ul class=\"sub-menu elementor-nav-menu--dropdown\">\n\t<li class=\"menu-item menu-item-type-post_type menu-item-object-page menu-item-12463\"><a href=\"https:\/\/gradido.net\/lv\/countries\/usa\/\" class=\"elementor-sub-item\">ASV<\/a><\/li>\n\t<li class=\"menu-item menu-item-type-post_type menu-item-object-page menu-item-11791\"><a href=\"https:\/\/gradido.net\/lv\/countries\/mexico\/\" class=\"elementor-sub-item\">Meksika<\/a><\/li>\n<\/ul>\n<\/li>\n<li class=\"menu-item menu-item-type-custom menu-item-object-custom menu-item-has-children menu-item-11800\"><a class=\"elementor-item\">Asia<\/a>\n<ul class=\"sub-menu elementor-nav-menu--dropdown\">\n\t<li class=\"menu-item menu-item-type-post_type menu-item-object-page menu-item-11794\"><a href=\"https:\/\/gradido.net\/lv\/countries\/maledives\/\" class=\"elementor-sub-item\">Mald\u012bvu salas<\/a><\/li>\n\t<li class=\"menu-item menu-item-type-post_type menu-item-object-page menu-item-11790\"><a href=\"https:\/\/gradido.net\/lv\/countries\/philippines\/\" class=\"elementor-sub-item\">Filip\u012bnas<\/a><\/li>\n\t<li class=\"menu-item menu-item-type-post_type menu-item-object-page menu-item-11802\"><a href=\"https:\/\/gradido.net\/lv\/countries\/saudi-arabia\/\" class=\"elementor-sub-item\">Sa\u016bda Ar\u0101bija<\/a><\/li>\n<\/ul>\n<\/li>\n<li class=\"menu-item menu-item-type-custom menu-item-object-custom menu-item-has-children menu-item-11797\"><a class=\"elementor-item\">Eiropa<\/a>\n<ul class=\"sub-menu elementor-nav-menu--dropdown\">\n\t<li class=\"menu-item menu-item-type-post_type menu-item-object-page menu-item-11805\"><a href=\"https:\/\/gradido.net\/lv\/countries\/germany\/\" class=\"elementor-sub-item\">V\u0101cija<\/a><\/li>\n\t<li class=\"menu-item menu-item-type-post_type menu-item-object-page menu-item-11803\"><a href=\"https:\/\/gradido.net\/lv\/countries\/greece\/\" class=\"elementor-sub-item\">Grie\u0137ija<\/a><\/li>\n\t<li class=\"menu-item menu-item-type-post_type menu-item-object-page menu-item-11788\"><a href=\"https:\/\/gradido.net\/lv\/countries\/spain\/\" class=\"elementor-sub-item\">Sp\u0101nija<\/a><\/li>\n<\/ul>\n<\/li>\n<li class=\"menu-item menu-item-type-custom menu-item-object-custom menu-item-has-children menu-item-11801\"><a class=\"elementor-item\">Oke\u0101nija<\/a>\n<ul class=\"sub-menu elementor-nav-menu--dropdown\">\n\t<li class=\"menu-item menu-item-type-post_type menu-item-object-page menu-item-11793\"><a href=\"https:\/\/gradido.net\/lv\/countries\/marshall-islands\/\" class=\"elementor-sub-item\">M\u0101r\u0161ala salas<\/a><\/li>\n\t<li class=\"menu-item menu-item-type-post_type menu-item-object-page menu-item-11795\"><a href=\"https:\/\/gradido.net\/lv\/countries\/tahiti\/\" class=\"elementor-sub-item\">Tahiti<\/a><\/li>\n<\/ul>\n<\/li>\n<\/ul>\t\t\t<\/nav>\n\t\t\t\t\t<div class=\"elementor-menu-toggle\" role=\"button\" tabindex=\"0\" aria-label=\"Izv\u0113lnes p\u0101rsl\u0113g\u0161ana\" aria-expanded=\"false\">\n\t\t\t<i aria-hidden=\"true\" role=\"presentation\" class=\"elementor-menu-toggle__icon--open eicon-menu-bar\"><\/i><i aria-hidden=\"true\" role=\"presentation\" class=\"elementor-menu-toggle__icon--close eicon-close\"><\/i>\t\t<\/div>\n\t\t\t\t\t<nav class=\"elementor-nav-menu--dropdown elementor-nav-menu__container\" aria-hidden=\"true\">\n\t\t\t\t<ul id=\"menu-2-acb3f93\" class=\"elementor-nav-menu\"><li class=\"menu-item menu-item-type-custom menu-item-object-custom menu-item-has-children menu-item-12305\"><a class=\"elementor-item\" tabindex=\"-1\">\u0100frika<\/a>\n<ul class=\"sub-menu elementor-nav-menu--dropdown\">\n\t<li class=\"menu-item menu-item-type-post_type menu-item-object-page menu-item-12253\"><a href=\"https:\/\/gradido.net\/lv\/countries\/afrika\/\" class=\"elementor-sub-item\" tabindex=\"-1\">\u0100frika, viss kontinents<\/a><\/li>\n\t<li class=\"menu-item menu-item-type-post_type menu-item-object-page menu-item-13097\"><a href=\"https:\/\/gradido.net\/lv\/countries\/afrika\/dr-congo\/\" class=\"elementor-sub-item\" tabindex=\"-1\">Kongo Demokr\u0101tisk\u0101 Republika<\/a><\/li>\n\t<li class=\"menu-item menu-item-type-post_type menu-item-object-page menu-item-12414\"><a href=\"https:\/\/gradido.net\/lv\/countries\/afrika\/kenya\/\" class=\"elementor-sub-item\" tabindex=\"-1\">Kenija<\/a><\/li>\n\t<li class=\"menu-item menu-item-type-post_type menu-item-object-page menu-item-12737\"><a href=\"https:\/\/gradido.net\/lv\/countries\/afrika\/madagascar\/\" class=\"elementor-sub-item\" tabindex=\"-1\">Madagaskara<\/a><\/li>\n\t<li class=\"menu-item menu-item-type-post_type menu-item-object-page menu-item-12148\"><a href=\"https:\/\/gradido.net\/lv\/countries\/afrika\/namibia\/\" class=\"elementor-sub-item\" tabindex=\"-1\">Nam\u012bbija<\/a><\/li>\n\t<li class=\"menu-item menu-item-type-post_type menu-item-object-page menu-item-12839\"><a href=\"https:\/\/gradido.net\/lv\/countries\/afrika\/rwanda\/\" class=\"elementor-sub-item\" tabindex=\"-1\">Ruanda<\/a><\/li>\n<\/ul>\n<\/li>\n<li class=\"menu-item menu-item-type-custom menu-item-object-custom menu-item-has-children menu-item-11798\"><a class=\"elementor-item\" tabindex=\"-1\">America<\/a>\n<ul class=\"sub-menu elementor-nav-menu--dropdown\">\n\t<li class=\"menu-item menu-item-type-post_type menu-item-object-page menu-item-12463\"><a href=\"https:\/\/gradido.net\/lv\/countries\/usa\/\" class=\"elementor-sub-item\" tabindex=\"-1\">ASV<\/a><\/li>\n\t<li class=\"menu-item menu-item-type-post_type menu-item-object-page menu-item-11791\"><a href=\"https:\/\/gradido.net\/lv\/countries\/mexico\/\" class=\"elementor-sub-item\" tabindex=\"-1\">Meksika<\/a><\/li>\n<\/ul>\n<\/li>\n<li class=\"menu-item menu-item-type-custom menu-item-object-custom menu-item-has-children menu-item-11800\"><a class=\"elementor-item\" tabindex=\"-1\">Asia<\/a>\n<ul class=\"sub-menu elementor-nav-menu--dropdown\">\n\t<li class=\"menu-item menu-item-type-post_type menu-item-object-page menu-item-11794\"><a href=\"https:\/\/gradido.net\/lv\/countries\/maledives\/\" class=\"elementor-sub-item\" tabindex=\"-1\">Mald\u012bvu salas<\/a><\/li>\n\t<li class=\"menu-item menu-item-type-post_type menu-item-object-page menu-item-11790\"><a href=\"https:\/\/gradido.net\/lv\/countries\/philippines\/\" class=\"elementor-sub-item\" tabindex=\"-1\">Filip\u012bnas<\/a><\/li>\n\t<li class=\"menu-item menu-item-type-post_type menu-item-object-page menu-item-11802\"><a href=\"https:\/\/gradido.net\/lv\/countries\/saudi-arabia\/\" class=\"elementor-sub-item\" tabindex=\"-1\">Sa\u016bda Ar\u0101bija<\/a><\/li>\n<\/ul>\n<\/li>\n<li class=\"menu-item menu-item-type-custom menu-item-object-custom menu-item-has-children menu-item-11797\"><a class=\"elementor-item\" tabindex=\"-1\">Eiropa<\/a>\n<ul class=\"sub-menu elementor-nav-menu--dropdown\">\n\t<li class=\"menu-item menu-item-type-post_type menu-item-object-page menu-item-11805\"><a href=\"https:\/\/gradido.net\/lv\/countries\/germany\/\" class=\"elementor-sub-item\" tabindex=\"-1\">V\u0101cija<\/a><\/li>\n\t<li class=\"menu-item menu-item-type-post_type menu-item-object-page menu-item-11803\"><a href=\"https:\/\/gradido.net\/lv\/countries\/greece\/\" class=\"elementor-sub-item\" tabindex=\"-1\">Grie\u0137ija<\/a><\/li>\n\t<li class=\"menu-item menu-item-type-post_type menu-item-object-page menu-item-11788\"><a href=\"https:\/\/gradido.net\/lv\/countries\/spain\/\" class=\"elementor-sub-item\" tabindex=\"-1\">Sp\u0101nija<\/a><\/li>\n<\/ul>\n<\/li>\n<li class=\"menu-item menu-item-type-custom menu-item-object-custom menu-item-has-children menu-item-11801\"><a class=\"elementor-item\" tabindex=\"-1\">Oke\u0101nija<\/a>\n<ul class=\"sub-menu elementor-nav-menu--dropdown\">\n\t<li class=\"menu-item menu-item-type-post_type menu-item-object-page menu-item-11793\"><a href=\"https:\/\/gradido.net\/lv\/countries\/marshall-islands\/\" class=\"elementor-sub-item\" tabindex=\"-1\">M\u0101r\u0161ala salas<\/a><\/li>\n\t<li class=\"menu-item menu-item-type-post_type menu-item-object-page menu-item-11795\"><a href=\"https:\/\/gradido.net\/lv\/countries\/tahiti\/\" class=\"elementor-sub-item\" tabindex=\"-1\">Tahiti<\/a><\/li>\n<\/ul>\n<\/li>\n<\/ul>\t\t\t<\/nav>\n\t\t\t\t\t\t<\/div>\n\t\t\t\t<\/div>\n\t\t\t\t<div class=\"elementor-element elementor-element-30feb28 elementor-widget elementor-widget-breadcrumbs\" data-id=\"30feb28\" data-element_type=\"widget\" data-e-type=\"widget\" data-widget_type=\"breadcrumbs.default\">\n\t\t\t\t<div class=\"elementor-widget-container\">\n\t\t\t\t\t<p id=\"breadcrumbs\"><span><span><a href=\"https:\/\/gradido.net\/lv\/\">M\u0101jas lapa<\/a><\/span><\/span><\/p>\t\t\t\t<\/div>\n\t\t\t\t<\/div>\n\t\t\t\t<div class=\"elementor-element elementor-element-a9db9a5 elementor-widget elementor-widget-text-editor\" data-id=\"a9db9a5\" data-element_type=\"widget\" data-e-type=\"widget\" data-widget_type=\"text-editor.default\">\n\t\t\t\t<div class=\"elementor-widget-container\">\n\t\t\t\t\t\t\t\t\t<h3 style=\"text-align: center;\"><a href=\"https:\/\/gradido.net\/lv\/countries\/philippines\/\"><strong>Galven\u0101 lapa: Filip\u012bnas<\/strong><\/a><\/h3><p style=\"text-align: center;\"><a href=\"https:\/\/gradido.net\/lv\/countries\/philippines\/economy-and-society\/\">1. ekonomika un sabiedr\u012bba<\/a><br \/><a href=\"https:\/\/gradido.net\/lv\/countries\/philippines\/income-and-standard-of-living\/\">2 Ien\u0101kumi un dz\u012bves l\u012bmenis<\/a><br \/><a href=\"https:\/\/gradido.net\/lv\/countries\/philippines\/labor-migration-and-foreign-employment\/\">3 Darba migr\u0101cija un nodarbin\u0101t\u012bba \u0101rzem\u0113s<\/a><br \/><a href=\"https:\/\/gradido.net\/lv\/countries\/philippines\/poverty-and-social-inequality\/\">4 Nabadz\u012bba un soci\u0101l\u0101 nevienl\u012bdz\u012bba<\/a><br \/><a href=\"https:\/\/gradido.net\/lv\/countries\/philippines\/common-good-and-solidarity\/\">5 Kop\u0113jais labums un solidarit\u0101te<\/a><br \/><a href=\"https:\/\/gradido.net\/lv\/countries\/philippines\/educational-situation\/\">6 Neizdev\u012bg\u0101 situ\u0101cij\u0101 eso\u0161u b\u0113rnu izgl\u012bt\u012bbas situ\u0101cija<\/a><br \/><a href=\"https:\/\/gradido.net\/lv\/countries\/philippines\/health-and-retirement-provision\/\">7 Vesel\u012bbas, soci\u0101l\u0101 un pensiju nodro\u0161in\u0101\u0161ana<\/a><br \/><a href=\"https:\/\/gradido.net\/lv\/countries\/philippines\/care-work-and-commitment\/\">8 Apr\u016bpes darba un ap\u0146\u0113m\u012bbas atz\u012b\u0161ana<\/a><br \/><a href=\"https:\/\/gradido.net\/lv\/countries\/philippines\/digitization-and-alternative-models\/\">9.inov\u0101cija, digitaliz\u0101cija un alternat\u012bvi ekonomikas mode\u013ci<\/a><br \/><a href=\"https:\/\/gradido.net\/lv\/countries\/philippines\/community-based-economy-and-parallel-currencies\/\">10.uz kopienu balst\u012bta ekonomika un paral\u0113l\u0101s val\u016btas<\/a><br \/><a href=\"https:\/\/gradido.net\/lv\/countries\/philippines\/potential-and-challenges\/\">11 Gradido potenci\u0101ls un probl\u0113mas<\/a><br \/><strong>12. starptautisk\u0101 sadarb\u012bba, NVO un vald\u012bbas att\u012bst\u012bbas projekti.<\/strong><\/p>\t\t\t\t\t\t\t\t<\/div>\n\t\t\t\t<\/div>\n\t\t\t\t<div class=\"elementor-element elementor-element-d7bb196 elementor-widget-divider--view-line elementor-widget elementor-widget-divider\" data-id=\"d7bb196\" data-element_type=\"widget\" data-e-type=\"widget\" data-widget_type=\"divider.default\">\n\t\t\t\t<div class=\"elementor-widget-container\">\n\t\t\t\t\t\t\t<div class=\"elementor-divider\">\n\t\t\t<span class=\"elementor-divider-separator\">\n\t\t\t\t\t\t<\/span>\n\t\t<\/div>\n\t\t\t\t\t\t<\/div>\n\t\t\t\t<\/div>\n\t\t\t\t<div class=\"elementor-element elementor-element-146ff9d elementor-widget elementor-widget-text-editor\" data-id=\"146ff9d\" data-element_type=\"widget\" data-e-type=\"widget\" data-widget_type=\"text-editor.default\">\n\t\t\t\t<div class=\"elementor-widget-container\">\n\t\t\t\t\t\t\t\t\t<div class=\"wiki-page-header-wrapper\"><div class=\"wiki-page-header-wrapper\"><div class=\"wiki-page-header-wrapper\"><div class=\"wiki-page-header-wrapper\"><div class=\"wiki-page-header-wrapper\"><div class=\"wiki-page-header-wrapper\"><div class=\"wiki-page-header-wrapper\"><div class=\"wiki-page-header-wrapper\"><div class=\"wiki-page-header-wrapper\"><h1 id=\"rolle-internationaler-kooperationen%2C-ngos-und-staatlicher-entwicklungsprojekte-auf-den-philippinen\" tabindex=\"-1\">Starptautisk\u0101s sadarb\u012bbas, NVO un vald\u012bbas att\u012bst\u012bbas projektu loma Filip\u012bn\u0101s<\/h1><\/div><div class=\"wiki-page-header-wrapper\"><h2 id=\"1.-internationale-kooperationen\" tabindex=\"-1\">1. starptautisk\u0101 sadarb\u012bba<\/h2><p>Starptautisk\u0101s partnerattiec\u012bbas ir Filip\u012bnu att\u012bst\u012bbas pamat\u0101. T\u0101s valstij sniedz zin\u0101\u0161anas, finan\u0161u resursus un inovat\u012bvas pieejas.<\/p><ul><li><strong>Klimata aizsardz\u012bba un vide<\/strong>Starptautisk\u0101s organiz\u0101cijas, piem\u0113ram, Deutsche Gesellschaft f\u00fcr Internationale Zusammenarbeit (GIZ), atbalsta projektus piel\u0101go\u0161an\u0101s klimata p\u0101rmai\u0146\u0101m, ilgtsp\u0113j\u012bgas resursu p\u0101rvald\u012bbas un katastrofu riska mazin\u0101\u0161anas jom\u0101. Viena no t\u0101m ir v\u0113rsta uz zemes izmanto\u0161anas pl\u0101no\u0161anas uzlabo\u0161anu, dabas resursu saglab\u0101\u0161anu un atjaunojamo energoresursu izmanto\u0161anas veicin\u0101\u0161anu.<a href=\"https:\/\/www.deval.org\/de\/evaluierungen\/laufende-und-abgeschlossene-evaluierungen\/umwelt-und-laendliche-entwicklung-auf-den-philippinen\" target=\"_blank\" rel=\"noopener noreferrer nofollow\">^1<\/a><a href=\"https:\/\/www.international-climate-initiative.com\/iki-medien\/publikation\/partner_fuer_eine_nachhaltige_energiezukunft_auf_den_philippinen\/\" target=\"_blank\" rel=\"noopener noreferrer nofollow\">^3<\/a>.<\/li><li><strong>Ekonomisk\u0101 att\u012bst\u012bba<\/strong>Sadarb\u012bba veicina lauksaimniec\u012bbas moderniz\u0101ciju, piek\u013cuvi starptautiskajiem tirgiem un viet\u0113jo v\u0113rt\u012bbu \u0137\u0113\u017eu stiprin\u0101\u0161anu. Programmas atbalsta mazos lauksaimniekus ilgtsp\u0113j\u012bgas lauksaimniec\u012bbas meto\u017eu un uz\u0146\u0113m\u0113jdarb\u012bbas vad\u012bbas jom\u0101.<a href=\"https:\/\/www.giz.de\/de\/weltweit\/376.html\" target=\"_blank\" rel=\"noopener noreferrer nofollow\">^1<\/a>.<\/li><li><strong>Izgl\u012bt\u012bba un kvalific\u0113ts darbasp\u0113ks<\/strong>Lai mazin\u0101tu kvalific\u0113ta darbasp\u0113ka tr\u016bkumu un uzlabotu nodarbin\u0101t\u012bbas iesp\u0113jas, tiek \u012bstenoti daudzi profesion\u0101l\u0101s apm\u0101c\u012bbas projekti, piem\u0113ram, sadarb\u012bb\u0101 ar V\u0101ciju.<a href=\"https:\/\/www.bibb.de\/de\/49088.php\" target=\"_blank\" rel=\"noopener noreferrer nofollow\">^4<\/a>.<\/li><li><strong>Migr\u0101cijas partner\u012bbas<\/strong>Starptautiski nol\u012bgumi, piem\u0113ram, ar V\u0101ciju, veicina leg\u0101lu migr\u0101ciju un kvalific\u0113ta darbasp\u0113ka apmai\u0146u, jo \u012bpa\u0161i apr\u016bpes nozar\u0113.<a href=\"https:\/\/www.bmi.bund.de\/DE\/themen\/migration\/migrationsabkommen\/philippinen\/philippinen-node.html\" target=\"_blank\" rel=\"noopener noreferrer nofollow\">^6<\/a>.<\/li><\/ul><\/div><div class=\"wiki-page-header-wrapper\"><h2 id=\"2.-ngos-(nichtregierungsorganisationen)\" tabindex=\"-1\">2. NVO (nevalstisk\u0101s organiz\u0101cijas)<\/h2><p>NVO ir galven\u0101 saikne starp iedz\u012bvot\u0101jiem, valsti un starptautiskajiem dal\u012bbniekiem. T\u0101s darbojas daudz\u0101s jom\u0101s:<\/p><ul><li><strong>Katastrofu seku likvid\u0113\u0161ana un iztur\u0113tsp\u0113ja<\/strong>P\u0113c dabas katastrof\u0101m NVO sniedz \u0101tru pal\u012bdz\u012bbu, veicina atjauno\u0161anu un stiprina kopienu notur\u012bbu. T\u0101s pa\u013caujas uz iek\u013caujo\u0161u pieeju, kas ietver ar\u012b atstumt\u0101s grupas.<a href=\"https:\/\/www.worldvision.de\/informieren\/unsere-projekte\/philippinen\" target=\"_blank\" rel=\"noopener noreferrer nofollow\">^7<\/a>.<\/li><li><strong>Cilv\u0113kties\u012bbas un soci\u0101lais taisn\u012bgums<\/strong>Daudzas NVO ir iesaist\u012bju\u0161\u0101s zemes ties\u012bbu, sievie\u0161u ties\u012bbu, pamatiedz\u012bvot\u0101ju grupu aizsardz\u012bbas un pilsonisk\u0101s sabiedr\u012bbas veicin\u0101\u0161anas jom\u0101. T\u0101s atbalsta viet\u0113j\u0101s kopienas to ties\u012bbu aizst\u0101v\u0113\u0161an\u0101 un pied\u0101v\u0101 juridisko pal\u012bdz\u012bbu.<a href=\"https:\/\/www.missio-hilft.de\/missio\/informieren\/wofuer-wir-uns-einsetzen\/religionsfreiheit-menschenrechte\/menschenrechtsstudien\/mr-studie-064-philippinen.pdf\" target=\"_blank\" rel=\"noopener noreferrer nofollow\">^9<\/a><a href=\"https:\/\/www.medico.de\/projekte\/philippinen\" target=\"_blank\" rel=\"noopener noreferrer nofollow\">^11<\/a>.<\/li><li><strong>Nabadz\u012bbas mazin\u0101\u0161ana un att\u012bst\u012bba<\/strong>NVO veicina ilgtsp\u0113j\u012bgu lauksaimniec\u012bbu, izgl\u012bt\u012bbu, vesel\u012bbu un soci\u0101lo iek\u013cau\u0161anu, bie\u017ei vien cie\u0161\u0101 sadarb\u012bb\u0101 ar viet\u0113jiem partneriem un starptautiskajiem donoriem.<a href=\"https:\/\/www.worldvision.de\/informieren\/unsere-projekte\/philippinen\" target=\"_blank\" rel=\"noopener noreferrer nofollow\">^9<\/a>.<\/li><li><strong>Izaicin\u0101jumi<\/strong>NVO ir pak\u013cautas politiskam spiedienam, un t\u0101m n\u0101kas sevi apliecin\u0101t bie\u017ei vien sare\u017e\u0123\u012bt\u0101 vid\u0113. To darbu apgr\u016btina birokr\u0101tiskie \u0161\u0137\u0113r\u0161\u013ci un da\u017ek\u0101rt ar\u012b pilsonisk\u0101s sabiedr\u012bbas ierobe\u017eojumi.<a href=\"https:\/\/www.missio-hilft.de\/missio\/informieren\/wofuer-wir-uns-einsetzen\/religionsfreiheit-menschenrechte\/menschenrechtsstudien\/mr-studie-064-philippinen.pdf\" target=\"_blank\" rel=\"noopener noreferrer nofollow\">^10<\/a>.<\/li><\/ul><\/div><div class=\"wiki-page-header-wrapper\"><h2 id=\"3.-staatliche-entwicklungsprojekte\" tabindex=\"-1\">3. vald\u012bbas att\u012bst\u012bbas projekti<\/h2><p>Vald\u012bbas sadarb\u012bba att\u012bst\u012bbas jom\u0101 - bie\u017ei vien sadarb\u012bb\u0101 ar starptautiskajiem donoriem - ir svar\u012bgs reformu un inov\u0101ciju virz\u012bt\u0101jsp\u0113ks:<\/p><ul><li><strong>Zemes izmanto\u0161ana un vides p\u0101rvald\u012bba<\/strong>Programmas, piem\u0113ram, projekts \"Vide un lauku att\u012bst\u012bba\", uzlabo zemes izmanto\u0161anas pl\u0101no\u0161anu, veicina ilgtsp\u0113j\u012bgu att\u012bst\u012bbu un stiprina katastrofu riska p\u0101rvald\u012bbu. T\u0101s balst\u0101s uz l\u012bdzdal\u012bbas pieeju un viet\u0113jo iest\u0101\u017eu iesaist\u012b\u0161anu.<a href=\"https:\/\/www.deval.org\/de\/evaluierungen\/laufende-und-abgeschlossene-evaluierungen\/umwelt-und-laendliche-entwicklung-auf-den-philippinen\" target=\"_blank\" rel=\"noopener noreferrer nofollow\">^2<\/a>.<\/li><li><strong>Publisko finan\u0161u reforma<\/strong>Starptautiskie att\u012bst\u012bbas projekti atbalsta valsts p\u0101rvaldes un finan\u0161u politikas moderniz\u0101ciju un efektivit\u0101tes paaugstin\u0101\u0161anu, lai apkarotu korupciju un uzlabotu resursu sadali.<a href=\"https:\/\/www.gtai.de\/de\/trade\/philippinen\/entwicklungsprojekte\/reform-der-oeffentlichen-finanzen-1908302\" target=\"_blank\" rel=\"noopener noreferrer nofollow\">^12<\/a>.<\/li><li><strong>Soci\u0101l\u0101 infrastrukt\u016bra<\/strong>\u016adens, sanit\u0101rijas un higi\u0113nas (WASH) projekti uzlabo dz\u012bves apst\u0101k\u013cus \u012bpa\u0161i neaizsarg\u0101tos re\u0123ionos un veicina soci\u0101lo iek\u013cau\u0161anu.<a href=\"https:\/\/www.asb.de\/unsere-angebote\/auslandshilfe\/laender\/philippinen\" target=\"_blank\" rel=\"noopener noreferrer nofollow\">^7<\/a>.<\/li><li><strong>Izgl\u012bt\u012bbas un universit\u0101\u0161u projekti<\/strong>: Universit\u0101\u0161u sadarb\u012bbas un apmai\u0146as programmas stiprina valsts akad\u0113misko izgl\u012bt\u012bbu, p\u0113tniec\u012bbu un inov\u0101cijas sp\u0113jas.<a href=\"https:\/\/static.daad.de\/media\/daad_de\/pdfs_nicht_barrierefrei\/infos-services-fuer-hochschulen\/laendersachstaende\/expertise-zu-themen-laendern-regionen\/philippinen_daad_sachstand.pdf\" target=\"_blank\" rel=\"noopener noreferrer nofollow\">^13<\/a>.<\/li><\/ul><\/div><div class=\"wiki-page-header-wrapper\"><h2 id=\"4.-%C3%BCbersicht%3A-wirkung-und-bedeutung\" tabindex=\"-1\">4. p\u0101rskats: ietekme un noz\u012bme<\/h2><div class=\"table-responsive\"><table><tbody><tr><th><p>Diapazons<\/p><\/th><th><p>Piem\u0113ri un galvenie punkti<\/p><\/th><th><p>Ietekme un probl\u0113mas<\/p><\/th><\/tr><tr><td><p>Starptautisk\u0101 sadarb\u012bba<\/p><\/td><td><p>Klimata aizsardz\u012bba, izgl\u012bt\u012bba, migr\u0101cija, ekonomisk\u0101 att\u012bst\u012bba<\/p><\/td><td><p>zin\u0101t\u012bbas nodo\u0161ana, finans\u0113jums, kvalific\u0113ts darbasp\u0113ks<\/p><\/td><\/tr><tr><td><p>NVO<\/p><\/td><td><p>Katastrofu seku likvid\u0113\u0161ana, cilv\u0113kties\u012bbas, nabadz\u012bbas mazin\u0101\u0161ana, iek\u013cau\u0161ana<\/p><\/td><td><p>Marginaliz\u0113to grupu sasnieg\u0161ana, intere\u0161u aizst\u0101v\u012bba<\/p><\/td><\/tr><tr><td><p>Vald\u012bbas att\u012bst\u012bbas projekti<\/p><\/td><td><p>Zemes izmanto\u0161ana, vide, administr\u0101cija, soci\u0101l\u0101 infrastrukt\u016bra<\/p><\/td><td><p>Struktur\u0101l\u0101s reformas, ilgtsp\u0113j\u012bga att\u012bst\u012bba<\/p><\/td><\/tr><\/tbody><\/table><\/div><\/div><div class=\"wiki-page-header-wrapper\"><h2 id=\"fazit\" tabindex=\"-1\">Secin\u0101jums<\/h2><p><strong>Starptautisk\u0101 sadarb\u012bba, NVO un vald\u012bbas att\u012bst\u012bbas projekti ir nepiecie\u0161ami Filip\u012bnu ilgtsp\u0113j\u012bgai att\u012bst\u012bbai.<\/strong> Tie sniedz noz\u012bm\u012bgu ieguld\u012bjumu nabadz\u012bbas apkaro\u0161an\u0101, pilsonisk\u0101s sabiedr\u012bbas stiprin\u0101\u0161an\u0101, ekonomikas un p\u0101rvaldes moderniz\u0113\u0161an\u0101 un vides un klimata risku p\u0101rvar\u0113\u0161an\u0101. Galven\u0101s probl\u0113mas ir saist\u012btas ar koordin\u0101ciju, politisko atbalstu un veiksm\u012bgu pieeju ilgtsp\u0113j\u012bgu nostiprin\u0101\u0161anu viet\u0113j\u0101s strukt\u016br\u0101s.<a href=\"https:\/\/www.deval.org\/de\/evaluierungen\/laufende-und-abgeschlossene-evaluierungen\/umwelt-und-laendliche-entwicklung-auf-den-philippinen\" target=\"_blank\" rel=\"noopener noreferrer nofollow\">^1<\/a><a href=\"https:\/\/www.awointernational.de\/unsere-arbeit\/laender-und-regionen\/suedostasien\/philippinen\" target=\"_blank\" rel=\"noopener noreferrer nofollow\">^7<\/a><a href=\"https:\/\/www.missio-hilft.de\/missio\/informieren\/wofuer-wir-uns-einsetzen\/religionsfreiheit-menschenrechte\/menschenrechtsstudien\/mr-studie-064-philippinen.pdf\" target=\"_blank\" rel=\"noopener noreferrer nofollow\">^10<\/a>.<\/p><p>&lt;div style=&quot;&ldquo;text-align:&quot; center&ldquo;&gt;\u2042&lt;\/div&gt;<\/p><hr \/><\/div><div class=\"wiki-page-header-wrapper\"><h2 id=\"kommentar-von-nea\" tabindex=\"-1\">Papildu nov\u0113rt\u0113jums no Gradido perspekt\u012bvas<\/h2><p>\u0160is struktur\u0113tais un padzi\u013cin\u0101tais p\u0101rskats par\u0101da, cik cie\u0161i starptautisk\u0101 sadarb\u012bba, NVO un vald\u012bbas att\u012bst\u012bbas projekti ir saist\u012bti ar soci\u0101laj\u0101m p\u0101rmai\u0146\u0101m Filip\u012bn\u0101s un cik svar\u012bga ir to loma da\u017e\u0101dos l\u012bme\u0146os.<\/p><p><strong>Svar\u012bgi papildu aspekti no Gradido viedok\u013ca:<\/strong><\/p><ol><li><strong>Multiplikatora un p\u0101rejas funkcija<\/strong><br \/>Starptautisk\u0101s sadarb\u012bbas organiz\u0101cijas un NVO ir ne tikai finansi\u0101li vai tehniski atbalst\u012bt\u0101ji, bet ar\u012b tiltu starp trad\u012bcij\u0101m un inov\u0101cij\u0101m veidot\u0101ji. T\u0101s ievie\u0161 l\u012bdzdal\u012bbas metodes, p\u0101rredzam\u012bbu un soci\u0101lo dialogu att\u0101los re\u0123ionos - v\u0113rt\u012bgus priek\u0161noteikumus Gradido k\u0101 l\u012bdzdal\u012bbas mode\u013ca ievie\u0161anai.<\/li><li><strong>Iedz\u012bvot\u0101ju inov\u0101ciju partneris<\/strong><br \/>Daudzas Filip\u012bnu NVO ir dzi\u013ci iesak\u0146oju\u0161\u0101s kopien\u0101s un bauda lielu uztic\u012bbu. Ja v\u0113laties izm\u0113\u0123in\u0101t Gradido, \u0161\u012bs organiz\u0101cijas ir ide\u0101li \"sp\u0113l\u0113t\u0101ji\" viet\u0113jiem izm\u0113\u0123in\u0101jumu laukiem. T\u0101s var darboties k\u0101 zin\u0101\u0161anu un komunik\u0101cijas centri, iesaist\u012bt cilv\u0113kus un sniegt autentisku atbalstu izm\u0113\u0123in\u0101jumam.<\/li><li><strong>Da\u013c\u0113jas atrunas un regulat\u012bvais spiediens<\/strong><br \/>Vienlaikus j\u0101atz\u012bm\u0113, ka NVO da\u017ek\u0101rt saskaras ar politisku pretest\u012bbu, birokr\u0101tiskiem \u0161\u0137\u0113r\u0161\u013ciem un iebildumiem pret p\u0101r\u0101k lielu starptautisko ietekmi. Gradido projekti ir izdev\u012bgi, ja tajos jau no pa\u0161a s\u0101kuma tiek iesaist\u012btas viet\u0113j\u0101s ieinteres\u0113t\u0101s puses un t\u0101s tiek att\u012bst\u012btas uz vienl\u012bdz\u012bgiem pamatiem.<\/li><li><strong>M\u0101c\u012b\u0161an\u0101s no att\u012bst\u012bbas projektiem<\/strong><br \/>Veiksm\u012bgi att\u012bst\u012bbas projekti - gan \u016bdensapg\u0101des, gan izgl\u012bt\u012bbas, gan vides, gan katastrofu seku nov\u0113r\u0161anas jom\u0101 - liecina, ka uz l\u012bdzdal\u012bbu un kopienu orient\u0113tas pieejas ir ilgtsp\u0113j\u012bg\u0101kas un efekt\u012bv\u0101kas nek\u0101 uz aug\u0161u lejupv\u0113rstas programmas. Gradido var tie\u0161i izmantot \u0161o pieredzi, t\u012bklus un metodes.<\/li><li><strong>Finans\u0113\u0161anas un apjoma palielin\u0101\u0161anas iesp\u0113jas<\/strong><br \/>Da\u017ei lieli l\u012bdzek\u013cu dev\u0113ji un fondi \u012bpa\u0161i mekl\u0113 inovat\u012bvus, uz l\u012bdzdal\u012bbu v\u0113rstus risin\u0101jumus, kas veicina uz taisn\u012bgumu, klimatu un sabiedr\u012bbas labkl\u0101j\u012bbu v\u0113rstu att\u012bst\u012bbu. Ja Gradido ir prasm\u012bgi pozicion\u0113ts k\u0101 ieguld\u012bjums \u0161\u0101du att\u012bst\u012bbas m\u0113r\u0137u sasnieg\u0161an\u0101, ir pieejamas finans\u0113juma un partner\u012bbas iesp\u0113jas.<\/li><li><strong>Sadarb\u012bbas un apmai\u0146as kult\u016bra<\/strong><br \/>Starptautisk\u0101s sadarb\u012bbas daudzveid\u012bba Filip\u012bn\u0101s ir rad\u012bjusi izpratni par glob\u0101lo pilsoniskumu, t\u012bklveida dom\u0101\u0161anu un atv\u0113rt\u012bbu - tas var kalpot par pozit\u012bvu pamatu Gradido att\u012bst\u012bbas veicin\u0101\u0161anas pieej\u0101m.<\/li><\/ol><p><strong>Praktiski impulsi Gradido projektiem:<\/strong><\/p><ul><li>Cie\u0161a sadarb\u012bba ar izveidot\u0101m NVO, ciematu un bazn\u012bcas strukt\u016br\u0101m, sievie\u0161u un jaunie\u0161u grup\u0101m.<\/li><li>Saikne ar veiksm\u012bgiem att\u012bst\u012bbas projektiem (piem\u0113ram, klimata, kopienu veido\u0161anas jom\u0101) k\u0101 piest\u0101tne pilotprojektiem.<\/li><li>St\u0101st\u012bjums un komunik\u0101cija (piem\u0113ram, \"Gradido k\u0101 viet\u0113jais ieguld\u012bjums ilgtsp\u0113j\u012bgas att\u012bst\u012bbas m\u0113r\u0137u sasnieg\u0161an\u0101 - Ilgtsp\u0113j\u012bgas att\u012bst\u012bbas m\u0113r\u0137i\").<\/li><li>M\u0101c\u012b\u0161an\u0101s no vienaud\u017eiem: Kopienas m\u0101c\u0101s viena no otras (prakses kopiena)<\/li><li>Cie\u0161a uzraudz\u012bba un nov\u0113rt\u0113\u0161ana, lai vairotu uztic\u0113\u0161anos<\/li><\/ul><p><strong>Secin\u0101jums:<\/strong><br \/>Starptautisk\u0101 sadarb\u012bba, NVO un att\u012bst\u012bbas projekti ir galvenie, iedvesmojo\u0161i iniciatori, lai ieviestu uz sabiedr\u012bbas labkl\u0101j\u012bbu orient\u0113tu sist\u0113mu, piem\u0113ram, Gradido. Vi\u0146u k\u0101 tiltu veidot\u0101ju, t\u012bklu veidot\u0101ju un inov\u0101ciju pavairot\u0101ju loma ir nenov\u0113rt\u0113jama, un t\u0101s ir j\u0101iek\u013cauj ar m\u012blest\u012bbu.<\/p><\/div><\/div><\/div><\/div><\/div><\/div><\/div><\/div><\/div>\t\t\t\t\t\t\t\t<\/div>\n\t\t\t\t<\/div>\n\t\t\t\t\t<\/div>\n\t\t<\/div>\n\t\t\t\t\t<\/div>\n\t\t<\/section>\n\t\t\t\t<\/div>","protected":false},"excerpt":{"rendered":"<p>Internationale Kooperationen, NGOs und staatliche Entwicklungsprojekte Hauptseite: Philippinen 1. Wirtschaft und Gesellschaft2.Einkommen und Lebensstandard3.Arbeitsmigration und Auslandserwerbst\u00e4tigkeit4.Armut und soziale Ungleichheit5.Gemeinwohl und Solidarit\u00e4t6.Bildungssituation benachteiligter Kinder7.Gesundheit, soziale Sicherung und Altersvorsorge8.Anerkennung von Care-Arbeit und Engagement9.Innovationen, Digitalisierung und alternative Wirtschaftsmodelle10.Gemeinschaftsbasierte \u00d6konomie und Parallelw\u00e4hrungen11.Potenziale und Herausforderungen f\u00fcr Gradido12. Internationale Kooperationen, NGOs und staatliche Entwicklungsprojekte Rolle internationaler Kooperationen, NGOs und staatlicher Entwicklungsprojekte [&hellip;]<\/p>\n","protected":false},"author":2,"featured_media":10458,"parent":10540,"menu_order":0,"comment_status":"closed","ping_status":"closed","template":"","meta":{"footnotes":""},"class_list":["post-10673","page","type-page","status-publish","has-post-thumbnail","hentry"],"yoast_head":"<!-- This site is optimized with the Yoast SEO plugin v27.5 - https:\/\/yoast.com\/product\/yoast-seo-wordpress\/ -->\n<title>Internationale Kooperationen, Philippinen - Gradido<\/title>\n<meta name=\"description\" content=\"Sei Teil der Bewegung!Gemeinsam bringen wir Gradido in die Welt.\" \/>\n<meta name=\"robots\" content=\"index, follow, max-snippet:-1, max-image-preview:large, max-video-preview:-1\" \/>\n<link rel=\"canonical\" href=\"https:\/\/gradido.net\/lv\/countries\/philippines\/international-cooperation\/\" \/>\n<meta property=\"og:locale\" content=\"lv_LV\" \/>\n<meta property=\"og:type\" content=\"article\" \/>\n<meta property=\"og:title\" content=\"Internationale Kooperationen, Philippinen - Gradido\" \/>\n<meta property=\"og:description\" content=\"Sei Teil der Bewegung!Gemeinsam bringen wir Gradido in die Welt.\" \/>\n<meta property=\"og:url\" content=\"https:\/\/gradido.net\/lv\/countries\/philippines\/international-cooperation\/\" \/>\n<meta property=\"og:site_name\" content=\"Gradido\" \/>\n<meta property=\"article:modified_time\" content=\"2025-10-04T10:02:43+00:00\" \/>\n<meta property=\"og:image\" content=\"https:\/\/gradido.net\/wp-content\/uploads\/2025\/07\/AdobeStock_3210827871-scaled.jpeg\" \/>\n\t<meta property=\"og:image:width\" content=\"2560\" \/>\n\t<meta property=\"og:image:height\" content=\"790\" \/>\n\t<meta property=\"og:image:type\" content=\"image\/jpeg\" \/>\n<meta name=\"twitter:card\" content=\"summary_large_image\" \/>\n<meta name=\"twitter:label1\" content=\"Est. reading time\" \/>\n\t<meta name=\"twitter:data1\" content=\"6 min\u016btes\" \/>\n<script type=\"application\/ld+json\" class=\"yoast-schema-graph\">{\"@context\":\"https:\\\/\\\/schema.org\",\"@graph\":[{\"@type\":\"WebPage\",\"@id\":\"https:\\\/\\\/gradido.net\\\/countries\\\/philippines\\\/international-cooperation\\\/\",\"url\":\"https:\\\/\\\/gradido.net\\\/countries\\\/philippines\\\/international-cooperation\\\/\",\"name\":\"Internationale Kooperationen, Philippinen - Gradido\",\"isPartOf\":{\"@id\":\"https:\\\/\\\/gradido.net\\\/de\\\/#website\"},\"primaryImageOfPage\":{\"@id\":\"https:\\\/\\\/gradido.net\\\/countries\\\/philippines\\\/international-cooperation\\\/#primaryimage\"},\"image\":{\"@id\":\"https:\\\/\\\/gradido.net\\\/countries\\\/philippines\\\/international-cooperation\\\/#primaryimage\"},\"thumbnailUrl\":\"https:\\\/\\\/gradido.net\\\/wp-content\\\/uploads\\\/2025\\\/07\\\/AdobeStock_3210827871-scaled.jpeg\",\"datePublished\":\"2025-07-28T08:12:11+00:00\",\"dateModified\":\"2025-10-04T10:02:43+00:00\",\"description\":\"Sei Teil der Bewegung!Gemeinsam bringen wir Gradido in die Welt.\",\"breadcrumb\":{\"@id\":\"https:\\\/\\\/gradido.net\\\/countries\\\/philippines\\\/international-cooperation\\\/#breadcrumb\"},\"inLanguage\":\"lv-LV\",\"potentialAction\":[{\"@type\":\"ReadAction\",\"target\":[\"https:\\\/\\\/gradido.net\\\/countries\\\/philippines\\\/international-cooperation\\\/\"]}]},{\"@type\":\"ImageObject\",\"inLanguage\":\"lv-LV\",\"@id\":\"https:\\\/\\\/gradido.net\\\/countries\\\/philippines\\\/international-cooperation\\\/#primaryimage\",\"url\":\"https:\\\/\\\/gradido.net\\\/wp-content\\\/uploads\\\/2025\\\/07\\\/AdobeStock_3210827871-scaled.jpeg\",\"contentUrl\":\"https:\\\/\\\/gradido.net\\\/wp-content\\\/uploads\\\/2025\\\/07\\\/AdobeStock_3210827871-scaled.jpeg\",\"width\":2560,\"height\":790,\"caption\":\"world globe planet earth 3d-illustration. elements of this image furnished by NASA\"},{\"@type\":\"BreadcrumbList\",\"@id\":\"https:\\\/\\\/gradido.net\\\/countries\\\/philippines\\\/international-cooperation\\\/#breadcrumb\",\"itemListElement\":[{\"@type\":\"ListItem\",\"position\":1,\"name\":\"Startseite\",\"item\":\"https:\\\/\\\/gradido.net\\\/\"},{\"@type\":\"ListItem\",\"position\":2,\"name\":\"L\u00e4nderforschung\",\"item\":\"https:\\\/\\\/gradido.net\\\/countries\\\/\"},{\"@type\":\"ListItem\",\"position\":3,\"name\":\"Philppinen\",\"item\":\"https:\\\/\\\/gradido.net\\\/countries\\\/philippines\\\/\"},{\"@type\":\"ListItem\",\"position\":4,\"name\":\"Internationale Kooperationen, Philippinen\"}]},{\"@type\":\"WebSite\",\"@id\":\"https:\\\/\\\/gradido.net\\\/de\\\/#website\",\"url\":\"https:\\\/\\\/gradido.net\\\/de\\\/\",\"name\":\"Gradido\",\"description\":\"Die neue W\u00e4hrung hei\u00dft Dankbarkeit\",\"publisher\":{\"@id\":\"https:\\\/\\\/gradido.net\\\/de\\\/#organization\"},\"potentialAction\":[{\"@type\":\"SearchAction\",\"target\":{\"@type\":\"EntryPoint\",\"urlTemplate\":\"https:\\\/\\\/gradido.net\\\/de\\\/?s={search_term_string}\"},\"query-input\":{\"@type\":\"PropertyValueSpecification\",\"valueRequired\":true,\"valueName\":\"search_term_string\"}}],\"inLanguage\":\"lv-LV\"},{\"@type\":\"Organization\",\"@id\":\"https:\\\/\\\/gradido.net\\\/de\\\/#organization\",\"name\":\"Gradido\",\"url\":\"https:\\\/\\\/gradido.net\\\/de\\\/\",\"logo\":{\"@type\":\"ImageObject\",\"inLanguage\":\"lv-LV\",\"@id\":\"https:\\\/\\\/gradido.net\\\/de\\\/#\\\/schema\\\/logo\\\/image\\\/\",\"url\":\"https:\\\/\\\/gradido.net\\\/wp-content\\\/uploads\\\/2022\\\/04\\\/gradido-social.jpg\",\"contentUrl\":\"https:\\\/\\\/gradido.net\\\/wp-content\\\/uploads\\\/2022\\\/04\\\/gradido-social.jpg\",\"width\":527,\"height\":273,\"caption\":\"Gradido\"},\"image\":{\"@id\":\"https:\\\/\\\/gradido.net\\\/de\\\/#\\\/schema\\\/logo\\\/image\\\/\"}}]}<\/script>\n<!-- \/ Yoast SEO plugin. -->","yoast_head_json":{"title":"Starptautisk\u0101 sadarb\u012bba, Filip\u012bnas - Gradido","description":"Esi da\u013ca no \u0161\u012bs kust\u012bbas! Kop\u0101 m\u0113s nesam Gradido pasaul\u0113.","robots":{"index":"index","follow":"follow","max-snippet":"max-snippet:-1","max-image-preview":"max-image-preview:large","max-video-preview":"max-video-preview:-1"},"canonical":"https:\/\/gradido.net\/lv\/countries\/philippines\/international-cooperation\/","og_locale":"lv_LV","og_type":"article","og_title":"Internationale Kooperationen, Philippinen - Gradido","og_description":"Sei Teil der Bewegung!Gemeinsam bringen wir Gradido in die Welt.","og_url":"https:\/\/gradido.net\/lv\/countries\/philippines\/international-cooperation\/","og_site_name":"Gradido","article_modified_time":"2025-10-04T10:02:43+00:00","og_image":[{"width":2560,"height":790,"url":"https:\/\/gradido.net\/wp-content\/uploads\/2025\/07\/AdobeStock_3210827871-scaled.jpeg","type":"image\/jpeg"}],"twitter_card":"summary_large_image","twitter_misc":{"Est. reading time":"6 min\u016btes"},"schema":{"@context":"https:\/\/schema.org","@graph":[{"@type":"WebPage","@id":"https:\/\/gradido.net\/countries\/philippines\/international-cooperation\/","url":"https:\/\/gradido.net\/countries\/philippines\/international-cooperation\/","name":"Starptautisk\u0101 sadarb\u012bba, Filip\u012bnas - Gradido","isPartOf":{"@id":"https:\/\/gradido.net\/de\/#website"},"primaryImageOfPage":{"@id":"https:\/\/gradido.net\/countries\/philippines\/international-cooperation\/#primaryimage"},"image":{"@id":"https:\/\/gradido.net\/countries\/philippines\/international-cooperation\/#primaryimage"},"thumbnailUrl":"https:\/\/gradido.net\/wp-content\/uploads\/2025\/07\/AdobeStock_3210827871-scaled.jpeg","datePublished":"2025-07-28T08:12:11+00:00","dateModified":"2025-10-04T10:02:43+00:00","description":"Esi da\u013ca no \u0161\u012bs kust\u012bbas! Kop\u0101 m\u0113s nesam Gradido pasaul\u0113.","breadcrumb":{"@id":"https:\/\/gradido.net\/countries\/philippines\/international-cooperation\/#breadcrumb"},"inLanguage":"lv-LV","potentialAction":[{"@type":"ReadAction","target":["https:\/\/gradido.net\/countries\/philippines\/international-cooperation\/"]}]},{"@type":"ImageObject","inLanguage":"lv-LV","@id":"https:\/\/gradido.net\/countries\/philippines\/international-cooperation\/#primaryimage","url":"https:\/\/gradido.net\/wp-content\/uploads\/2025\/07\/AdobeStock_3210827871-scaled.jpeg","contentUrl":"https:\/\/gradido.net\/wp-content\/uploads\/2025\/07\/AdobeStock_3210827871-scaled.jpeg","width":2560,"height":790,"caption":"world globe planet earth 3d-illustration. elements of this image furnished by NASA"},{"@type":"BreadcrumbList","@id":"https:\/\/gradido.net\/countries\/philippines\/international-cooperation\/#breadcrumb","itemListElement":[{"@type":"ListItem","position":1,"name":"Startseite","item":"https:\/\/gradido.net\/"},{"@type":"ListItem","position":2,"name":"L\u00e4nderforschung","item":"https:\/\/gradido.net\/countries\/"},{"@type":"ListItem","position":3,"name":"Philppinen","item":"https:\/\/gradido.net\/countries\/philippines\/"},{"@type":"ListItem","position":4,"name":"Internationale Kooperationen, Philippinen"}]},{"@type":"WebSite","@id":"https:\/\/gradido.net\/de\/#website","url":"https:\/\/gradido.net\/de\/","name":"Gradido","description":"Jaun\u0101 val\u016bta ir pateic\u012bba","publisher":{"@id":"https:\/\/gradido.net\/de\/#organization"},"potentialAction":[{"@type":"SearchAction","target":{"@type":"EntryPoint","urlTemplate":"https:\/\/gradido.net\/de\/?s={search_term_string}"},"query-input":{"@type":"PropertyValueSpecification","valueRequired":true,"valueName":"search_term_string"}}],"inLanguage":"lv-LV"},{"@type":"Organization","@id":"https:\/\/gradido.net\/de\/#organization","name":"Gradido","url":"https:\/\/gradido.net\/de\/","logo":{"@type":"ImageObject","inLanguage":"lv-LV","@id":"https:\/\/gradido.net\/de\/#\/schema\/logo\/image\/","url":"https:\/\/gradido.net\/wp-content\/uploads\/2022\/04\/gradido-social.jpg","contentUrl":"https:\/\/gradido.net\/wp-content\/uploads\/2022\/04\/gradido-social.jpg","width":527,"height":273,"caption":"Gradido"},"image":{"@id":"https:\/\/gradido.net\/de\/#\/schema\/logo\/image\/"}}]}},"_links":{"self":[{"href":"https:\/\/gradido.net\/lv\/wp-json\/wp\/v2\/pages\/10673","targetHints":{"allow":["GET"]}}],"collection":[{"href":"https:\/\/gradido.net\/lv\/wp-json\/wp\/v2\/pages"}],"about":[{"href":"https:\/\/gradido.net\/lv\/wp-json\/wp\/v2\/types\/page"}],"author":[{"embeddable":true,"href":"https:\/\/gradido.net\/lv\/wp-json\/wp\/v2\/users\/2"}],"replies":[{"embeddable":true,"href":"https:\/\/gradido.net\/lv\/wp-json\/wp\/v2\/comments?post=10673"}],"version-history":[{"count":19,"href":"https:\/\/gradido.net\/lv\/wp-json\/wp\/v2\/pages\/10673\/revisions"}],"predecessor-version":[{"id":11992,"href":"https:\/\/gradido.net\/lv\/wp-json\/wp\/v2\/pages\/10673\/revisions\/11992"}],"up":[{"embeddable":true,"href":"https:\/\/gradido.net\/lv\/wp-json\/wp\/v2\/pages\/10540"}],"wp:featuredmedia":[{"embeddable":true,"href":"https:\/\/gradido.net\/lv\/wp-json\/wp\/v2\/media\/10458"}],"wp:attachment":[{"href":"https:\/\/gradido.net\/lv\/wp-json\/wp\/v2\/media?parent=10673"}],"curies":[{"name":"wp","href":"https:\/\/api.w.org\/{rel}","templated":true}]}}