{"id":11085,"date":"2025-08-13T10:13:17","date_gmt":"2025-08-13T08:13:17","guid":{"rendered":"https:\/\/gradido.net\/?page_id=11085"},"modified":"2025-10-04T12:07:28","modified_gmt":"2025-10-04T10:07:28","slug":"equality-for-women-and-minorities","status":"publish","type":"page","link":"https:\/\/gradido.net\/lv\/countries\/saudi-arabia\/equality-for-women-and-minorities\/","title":{"rendered":"Sievie\u0161u un minorit\u0101\u0161u l\u012bdzties\u012bba Sa\u016bda Ar\u0101bij\u0101"},"content":{"rendered":"<div data-elementor-type=\"wp-page\" data-elementor-id=\"11085\" class=\"elementor elementor-11085\" data-elementor-post-type=\"page\">\n\t\t\t\t\t\t<section class=\"elementor-section elementor-top-section elementor-element elementor-element-4ce3e8af elementor-section-full_width elementor-section-height-default elementor-section-height-default\" data-id=\"4ce3e8af\" data-element_type=\"section\" data-e-type=\"section\">\n\t\t\t\t\t\t<div class=\"elementor-container elementor-column-gap-no\">\n\t\t\t\t\t<div class=\"elementor-column elementor-col-100 elementor-top-column elementor-element elementor-element-efa8c8c\" data-id=\"efa8c8c\" data-element_type=\"column\" data-e-type=\"column\">\n\t\t\t<div class=\"elementor-widget-wrap elementor-element-populated\">\n\t\t\t\t\t\t<div class=\"elementor-element elementor-element-e088aa4 elementor--h-position-center elementor--v-position-middle elementor-arrows-position-inside elementor-widget elementor-widget-slides\" data-id=\"e088aa4\" data-element_type=\"widget\" data-e-type=\"widget\" data-settings=\"{&quot;navigation&quot;:&quot;arrows&quot;,&quot;autoplay&quot;:&quot;yes&quot;,&quot;pause_on_hover&quot;:&quot;yes&quot;,&quot;pause_on_interaction&quot;:&quot;yes&quot;,&quot;autoplay_speed&quot;:5000,&quot;infinite&quot;:&quot;yes&quot;,&quot;transition&quot;:&quot;slide&quot;,&quot;transition_speed&quot;:500}\" data-widget_type=\"slides.default\">\n\t\t\t\t<div class=\"elementor-widget-container\">\n\t\t\t\t\t\t\t\t\t<div class=\"elementor-swiper\">\n\t\t\t\t\t<div class=\"elementor-slides-wrapper elementor-main-swiper swiper\" role=\"region\" aria-roledescription=\"carousel\" aria-label=\"Sl\u012bdnis\" dir=\"ltr\" data-animation=\"fadeInUp\">\n\t\t\t\t<div class=\"swiper-wrapper elementor-slides\">\n\t\t\t\t\t\t\t\t\t\t<div class=\"elementor-repeater-item-2de4990 swiper-slide\" role=\"group\" aria-roledescription=\"slide\"><div class=\"swiper-slide-bg\" role=\"img\" aria-label=\"saudi-arabia-7375729_1280\"><\/div><div class=\"swiper-slide-inner\" ><div class=\"swiper-slide-contents\"><\/div><\/div><\/div><div class=\"elementor-repeater-item-28f126e swiper-slide\" role=\"group\" aria-roledescription=\"slide\"><div class=\"swiper-slide-bg\" role=\"img\" aria-label=\"mecca-66966_1280\"><\/div><div class=\"swiper-slide-inner\" ><div class=\"swiper-slide-contents\"><\/div><\/div><\/div><div class=\"elementor-repeater-item-992da35 swiper-slide\" role=\"group\" aria-roledescription=\"slide\"><div class=\"swiper-slide-bg\" role=\"img\" aria-label=\"mecca-1050478_1280\"><\/div><div class=\"swiper-slide-inner\" ><div class=\"swiper-slide-contents\"><\/div><\/div><\/div><div class=\"elementor-repeater-item-1a67a9d swiper-slide\" role=\"group\" aria-roledescription=\"slide\"><div class=\"swiper-slide-bg\" role=\"img\" aria-label=\"pravietis-2249759_1280\"><\/div><div class=\"swiper-slide-inner\" ><div class=\"swiper-slide-contents\"><\/div><\/div><\/div><div class=\"elementor-repeater-item-2799f50 swiper-slide\" role=\"group\" aria-roledescription=\"slide\"><div class=\"swiper-slide-bg\" role=\"img\" aria-label=\"saudi-arabia-8880043_1280\"><\/div><div class=\"swiper-slide-inner\" ><div class=\"swiper-slide-contents\"><\/div><\/div><\/div><div class=\"elementor-repeater-item-22adf08 swiper-slide\" role=\"group\" aria-roledescription=\"slide\"><div class=\"swiper-slide-bg\" role=\"img\" aria-label=\"camel-train-3408458_1280\"><\/div><div class=\"swiper-slide-inner\" ><div class=\"swiper-slide-contents\"><\/div><\/div><\/div>\t\t\t\t<\/div>\n\t\t\t\t\t\t\t\t\t\t\t\t\t\t\t<div class=\"elementor-swiper-button elementor-swiper-button-prev\" role=\"button\" tabindex=\"0\" aria-label=\"\u00d6nceki slayt\" data-no-translation-aria-label=\"\">\n\t\t\t\t\t\t\t<i aria-hidden=\"true\" class=\"eicon-chevron-left\"><\/i>\t\t\t\t\t\t<\/div>\n\t\t\t\t\t\t<div class=\"elementor-swiper-button elementor-swiper-button-next\" role=\"button\" tabindex=\"0\" aria-label=\"Sonraki slayt\" data-no-translation-aria-label=\"\">\n\t\t\t\t\t\t\t<i aria-hidden=\"true\" class=\"eicon-chevron-right\"><\/i>\t\t\t\t\t\t<\/div>\n\t\t\t\t\t\t\t\t\t\t\t\t\t\t\t\t\t<\/div>\n\t\t\t\t<\/div>\n\t\t\t\t\t\t\t\t<\/div>\n\t\t\t\t<\/div>\n\t\t\t\t\t<\/div>\n\t\t<\/div>\n\t\t\t\t\t<\/div>\n\t\t<\/section>\n\t\t\t\t<section class=\"elementor-section elementor-top-section elementor-element elementor-element-240baa7a elementor-section-boxed elementor-section-height-default elementor-section-height-default\" data-id=\"240baa7a\" data-element_type=\"section\" data-e-type=\"section\" data-settings=\"{&quot;background_background&quot;:&quot;classic&quot;}\">\n\t\t\t\t\t\t<div class=\"elementor-container elementor-column-gap-default\">\n\t\t\t\t\t<div class=\"elementor-column elementor-col-100 elementor-top-column elementor-element elementor-element-1afe9e42\" data-id=\"1afe9e42\" data-element_type=\"column\" data-e-type=\"column\">\n\t\t\t<div class=\"elementor-widget-wrap elementor-element-populated\">\n\t\t\t\t\t\t<div class=\"elementor-element elementor-element-65bd50ae elementor-widget elementor-widget-heading\" data-id=\"65bd50ae\" data-element_type=\"widget\" data-e-type=\"widget\" data-widget_type=\"heading.default\">\n\t\t\t\t<div class=\"elementor-widget-container\">\n\t\t\t\t\t<h1 class=\"elementor-heading-title elementor-size-default\">Sievie\u0161u un minorit\u0101\u0161u l\u012bdzties\u012bba<\/h1>\t\t\t\t<\/div>\n\t\t\t\t<\/div>\n\t\t\t\t\t<\/div>\n\t\t<\/div>\n\t\t\t\t\t<\/div>\n\t\t<\/section>\n\t\t\t\t<section class=\"elementor-section elementor-top-section elementor-element elementor-element-446540f elementor-section-boxed elementor-section-height-default elementor-section-height-default\" data-id=\"446540f\" data-element_type=\"section\" data-e-type=\"section\">\n\t\t\t\t\t\t<div class=\"elementor-container elementor-column-gap-default\">\n\t\t\t\t\t<div class=\"elementor-column elementor-col-100 elementor-top-column elementor-element elementor-element-312a2d3\" data-id=\"312a2d3\" data-element_type=\"column\" data-e-type=\"column\">\n\t\t\t<div class=\"elementor-widget-wrap elementor-element-populated\">\n\t\t\t\t\t\t<div class=\"elementor-element elementor-element-274ae97 elementor-nav-menu--dropdown-tablet elementor-nav-menu__text-align-aside elementor-nav-menu--toggle elementor-nav-menu--burger elementor-widget elementor-widget-nav-menu\" data-id=\"274ae97\" data-element_type=\"widget\" data-e-type=\"widget\" data-settings=\"{&quot;layout&quot;:&quot;horizontal&quot;,&quot;submenu_icon&quot;:{&quot;value&quot;:&quot;&lt;i class=\\&quot;fas fa-caret-down\\&quot; aria-hidden=\\&quot;true\\&quot;&gt;&lt;\\\/i&gt;&quot;,&quot;library&quot;:&quot;fa-solid&quot;},&quot;toggle&quot;:&quot;burger&quot;}\" data-widget_type=\"nav-menu.default\">\n\t\t\t\t<div class=\"elementor-widget-container\">\n\t\t\t\t\t\t\t\t<nav aria-label=\"Valstu izp\u0113te\" class=\"elementor-nav-menu--main elementor-nav-menu__container elementor-nav-menu--layout-horizontal e--pointer-underline e--animation-grow\">\n\t\t\t\t<ul id=\"menu-1-274ae97\" class=\"elementor-nav-menu\"><li class=\"menu-item menu-item-type-custom menu-item-object-custom menu-item-has-children menu-item-12305\"><a class=\"elementor-item\">\u0100frika<\/a>\n<ul class=\"sub-menu elementor-nav-menu--dropdown\">\n\t<li class=\"menu-item menu-item-type-post_type menu-item-object-page menu-item-12253\"><a href=\"https:\/\/gradido.net\/lv\/countries\/afrika\/\" class=\"elementor-sub-item\">\u0100frika, viss kontinents<\/a><\/li>\n\t<li class=\"menu-item menu-item-type-post_type menu-item-object-page menu-item-13097\"><a href=\"https:\/\/gradido.net\/lv\/countries\/afrika\/dr-congo\/\" class=\"elementor-sub-item\">Kongo Demokr\u0101tisk\u0101 Republika<\/a><\/li>\n\t<li class=\"menu-item menu-item-type-post_type menu-item-object-page menu-item-12414\"><a href=\"https:\/\/gradido.net\/lv\/countries\/afrika\/kenya\/\" class=\"elementor-sub-item\">Kenija<\/a><\/li>\n\t<li class=\"menu-item menu-item-type-post_type menu-item-object-page menu-item-12737\"><a href=\"https:\/\/gradido.net\/lv\/countries\/afrika\/madagascar\/\" class=\"elementor-sub-item\">Madagaskara<\/a><\/li>\n\t<li class=\"menu-item menu-item-type-post_type menu-item-object-page menu-item-12148\"><a href=\"https:\/\/gradido.net\/lv\/countries\/afrika\/namibia\/\" class=\"elementor-sub-item\">Nam\u012bbija<\/a><\/li>\n\t<li class=\"menu-item menu-item-type-post_type menu-item-object-page menu-item-12839\"><a href=\"https:\/\/gradido.net\/lv\/countries\/afrika\/rwanda\/\" class=\"elementor-sub-item\">Ruanda<\/a><\/li>\n<\/ul>\n<\/li>\n<li class=\"menu-item menu-item-type-custom menu-item-object-custom menu-item-has-children menu-item-11798\"><a class=\"elementor-item\">America<\/a>\n<ul class=\"sub-menu elementor-nav-menu--dropdown\">\n\t<li class=\"menu-item menu-item-type-post_type menu-item-object-page menu-item-12463\"><a href=\"https:\/\/gradido.net\/lv\/countries\/usa\/\" class=\"elementor-sub-item\">ASV<\/a><\/li>\n\t<li class=\"menu-item menu-item-type-post_type menu-item-object-page menu-item-11791\"><a href=\"https:\/\/gradido.net\/lv\/countries\/mexico\/\" class=\"elementor-sub-item\">Meksika<\/a><\/li>\n<\/ul>\n<\/li>\n<li class=\"menu-item menu-item-type-custom menu-item-object-custom menu-item-has-children menu-item-11800\"><a class=\"elementor-item\">Asia<\/a>\n<ul class=\"sub-menu elementor-nav-menu--dropdown\">\n\t<li class=\"menu-item menu-item-type-post_type menu-item-object-page menu-item-11794\"><a href=\"https:\/\/gradido.net\/lv\/countries\/maledives\/\" class=\"elementor-sub-item\">Mald\u012bvu salas<\/a><\/li>\n\t<li class=\"menu-item menu-item-type-post_type menu-item-object-page menu-item-11790\"><a href=\"https:\/\/gradido.net\/lv\/countries\/philippines\/\" class=\"elementor-sub-item\">Filip\u012bnas<\/a><\/li>\n\t<li class=\"menu-item menu-item-type-post_type menu-item-object-page menu-item-11802\"><a href=\"https:\/\/gradido.net\/lv\/countries\/saudi-arabia\/\" class=\"elementor-sub-item\">Sa\u016bda Ar\u0101bija<\/a><\/li>\n<\/ul>\n<\/li>\n<li class=\"menu-item menu-item-type-custom menu-item-object-custom menu-item-has-children menu-item-11797\"><a class=\"elementor-item\">Eiropa<\/a>\n<ul class=\"sub-menu elementor-nav-menu--dropdown\">\n\t<li class=\"menu-item menu-item-type-post_type menu-item-object-page menu-item-11805\"><a href=\"https:\/\/gradido.net\/lv\/countries\/germany\/\" class=\"elementor-sub-item\">V\u0101cija<\/a><\/li>\n\t<li class=\"menu-item menu-item-type-post_type menu-item-object-page menu-item-11803\"><a href=\"https:\/\/gradido.net\/lv\/countries\/greece\/\" class=\"elementor-sub-item\">Grie\u0137ija<\/a><\/li>\n\t<li class=\"menu-item menu-item-type-post_type menu-item-object-page menu-item-11788\"><a href=\"https:\/\/gradido.net\/lv\/countries\/spain\/\" class=\"elementor-sub-item\">Sp\u0101nija<\/a><\/li>\n<\/ul>\n<\/li>\n<li class=\"menu-item menu-item-type-custom menu-item-object-custom menu-item-has-children menu-item-11801\"><a class=\"elementor-item\">Oke\u0101nija<\/a>\n<ul class=\"sub-menu elementor-nav-menu--dropdown\">\n\t<li class=\"menu-item menu-item-type-post_type menu-item-object-page menu-item-11793\"><a href=\"https:\/\/gradido.net\/lv\/countries\/marshall-islands\/\" class=\"elementor-sub-item\">M\u0101r\u0161ala salas<\/a><\/li>\n\t<li class=\"menu-item menu-item-type-post_type menu-item-object-page menu-item-11795\"><a href=\"https:\/\/gradido.net\/lv\/countries\/tahiti\/\" class=\"elementor-sub-item\">Tahiti<\/a><\/li>\n<\/ul>\n<\/li>\n<\/ul>\t\t\t<\/nav>\n\t\t\t\t\t<div class=\"elementor-menu-toggle\" role=\"button\" tabindex=\"0\" aria-label=\"Izv\u0113lnes p\u0101rsl\u0113g\u0161ana\" aria-expanded=\"false\">\n\t\t\t<i aria-hidden=\"true\" role=\"presentation\" class=\"elementor-menu-toggle__icon--open eicon-menu-bar\"><\/i><i aria-hidden=\"true\" role=\"presentation\" class=\"elementor-menu-toggle__icon--close eicon-close\"><\/i>\t\t<\/div>\n\t\t\t\t\t<nav class=\"elementor-nav-menu--dropdown elementor-nav-menu__container\" aria-hidden=\"true\">\n\t\t\t\t<ul id=\"menu-2-274ae97\" class=\"elementor-nav-menu\"><li class=\"menu-item menu-item-type-custom menu-item-object-custom menu-item-has-children menu-item-12305\"><a class=\"elementor-item\" tabindex=\"-1\">\u0100frika<\/a>\n<ul class=\"sub-menu elementor-nav-menu--dropdown\">\n\t<li class=\"menu-item menu-item-type-post_type menu-item-object-page menu-item-12253\"><a href=\"https:\/\/gradido.net\/lv\/countries\/afrika\/\" class=\"elementor-sub-item\" tabindex=\"-1\">\u0100frika, viss kontinents<\/a><\/li>\n\t<li class=\"menu-item menu-item-type-post_type menu-item-object-page menu-item-13097\"><a href=\"https:\/\/gradido.net\/lv\/countries\/afrika\/dr-congo\/\" class=\"elementor-sub-item\" tabindex=\"-1\">Kongo Demokr\u0101tisk\u0101 Republika<\/a><\/li>\n\t<li class=\"menu-item menu-item-type-post_type menu-item-object-page menu-item-12414\"><a href=\"https:\/\/gradido.net\/lv\/countries\/afrika\/kenya\/\" class=\"elementor-sub-item\" tabindex=\"-1\">Kenija<\/a><\/li>\n\t<li class=\"menu-item menu-item-type-post_type menu-item-object-page menu-item-12737\"><a href=\"https:\/\/gradido.net\/lv\/countries\/afrika\/madagascar\/\" class=\"elementor-sub-item\" tabindex=\"-1\">Madagaskara<\/a><\/li>\n\t<li class=\"menu-item menu-item-type-post_type menu-item-object-page menu-item-12148\"><a href=\"https:\/\/gradido.net\/lv\/countries\/afrika\/namibia\/\" class=\"elementor-sub-item\" tabindex=\"-1\">Nam\u012bbija<\/a><\/li>\n\t<li class=\"menu-item menu-item-type-post_type menu-item-object-page menu-item-12839\"><a href=\"https:\/\/gradido.net\/lv\/countries\/afrika\/rwanda\/\" class=\"elementor-sub-item\" tabindex=\"-1\">Ruanda<\/a><\/li>\n<\/ul>\n<\/li>\n<li class=\"menu-item menu-item-type-custom menu-item-object-custom menu-item-has-children menu-item-11798\"><a class=\"elementor-item\" tabindex=\"-1\">America<\/a>\n<ul class=\"sub-menu elementor-nav-menu--dropdown\">\n\t<li class=\"menu-item menu-item-type-post_type menu-item-object-page menu-item-12463\"><a href=\"https:\/\/gradido.net\/lv\/countries\/usa\/\" class=\"elementor-sub-item\" tabindex=\"-1\">ASV<\/a><\/li>\n\t<li class=\"menu-item menu-item-type-post_type menu-item-object-page menu-item-11791\"><a href=\"https:\/\/gradido.net\/lv\/countries\/mexico\/\" class=\"elementor-sub-item\" tabindex=\"-1\">Meksika<\/a><\/li>\n<\/ul>\n<\/li>\n<li class=\"menu-item menu-item-type-custom menu-item-object-custom menu-item-has-children menu-item-11800\"><a class=\"elementor-item\" tabindex=\"-1\">Asia<\/a>\n<ul class=\"sub-menu elementor-nav-menu--dropdown\">\n\t<li class=\"menu-item menu-item-type-post_type menu-item-object-page menu-item-11794\"><a href=\"https:\/\/gradido.net\/lv\/countries\/maledives\/\" class=\"elementor-sub-item\" tabindex=\"-1\">Mald\u012bvu salas<\/a><\/li>\n\t<li class=\"menu-item menu-item-type-post_type menu-item-object-page menu-item-11790\"><a href=\"https:\/\/gradido.net\/lv\/countries\/philippines\/\" class=\"elementor-sub-item\" tabindex=\"-1\">Filip\u012bnas<\/a><\/li>\n\t<li class=\"menu-item menu-item-type-post_type menu-item-object-page menu-item-11802\"><a href=\"https:\/\/gradido.net\/lv\/countries\/saudi-arabia\/\" class=\"elementor-sub-item\" tabindex=\"-1\">Sa\u016bda Ar\u0101bija<\/a><\/li>\n<\/ul>\n<\/li>\n<li class=\"menu-item menu-item-type-custom menu-item-object-custom menu-item-has-children menu-item-11797\"><a class=\"elementor-item\" tabindex=\"-1\">Eiropa<\/a>\n<ul class=\"sub-menu elementor-nav-menu--dropdown\">\n\t<li class=\"menu-item menu-item-type-post_type menu-item-object-page menu-item-11805\"><a href=\"https:\/\/gradido.net\/lv\/countries\/germany\/\" class=\"elementor-sub-item\" tabindex=\"-1\">V\u0101cija<\/a><\/li>\n\t<li class=\"menu-item menu-item-type-post_type menu-item-object-page menu-item-11803\"><a href=\"https:\/\/gradido.net\/lv\/countries\/greece\/\" class=\"elementor-sub-item\" tabindex=\"-1\">Grie\u0137ija<\/a><\/li>\n\t<li class=\"menu-item menu-item-type-post_type menu-item-object-page menu-item-11788\"><a href=\"https:\/\/gradido.net\/lv\/countries\/spain\/\" class=\"elementor-sub-item\" tabindex=\"-1\">Sp\u0101nija<\/a><\/li>\n<\/ul>\n<\/li>\n<li class=\"menu-item menu-item-type-custom menu-item-object-custom menu-item-has-children menu-item-11801\"><a class=\"elementor-item\" tabindex=\"-1\">Oke\u0101nija<\/a>\n<ul class=\"sub-menu elementor-nav-menu--dropdown\">\n\t<li class=\"menu-item menu-item-type-post_type menu-item-object-page menu-item-11793\"><a href=\"https:\/\/gradido.net\/lv\/countries\/marshall-islands\/\" class=\"elementor-sub-item\" tabindex=\"-1\">M\u0101r\u0161ala salas<\/a><\/li>\n\t<li class=\"menu-item menu-item-type-post_type menu-item-object-page menu-item-11795\"><a href=\"https:\/\/gradido.net\/lv\/countries\/tahiti\/\" class=\"elementor-sub-item\" tabindex=\"-1\">Tahiti<\/a><\/li>\n<\/ul>\n<\/li>\n<\/ul>\t\t\t<\/nav>\n\t\t\t\t\t\t<\/div>\n\t\t\t\t<\/div>\n\t\t\t\t<div class=\"elementor-element elementor-element-6e730ed elementor-widget elementor-widget-breadcrumbs\" data-id=\"6e730ed\" data-element_type=\"widget\" data-e-type=\"widget\" data-widget_type=\"breadcrumbs.default\">\n\t\t\t\t<div class=\"elementor-widget-container\">\n\t\t\t\t\t<p id=\"breadcrumbs\"><span><span><a href=\"https:\/\/gradido.net\/lv\/\">M\u0101jas lapa<\/a><\/span><\/span><\/p>\t\t\t\t<\/div>\n\t\t\t\t<\/div>\n\t\t\t\t<div class=\"elementor-element elementor-element-a9db9a5 elementor-widget elementor-widget-text-editor\" data-id=\"a9db9a5\" data-element_type=\"widget\" data-e-type=\"widget\" data-widget_type=\"text-editor.default\">\n\t\t\t\t<div class=\"elementor-widget-container\">\n\t\t\t\t\t\t\t\t\t<h2 style=\"text-align: center;\">\u00a0 \u00a0<a href=\"https:\/\/gradido.net\/lv\/countries\/saudi-arabia\/\"><strong>Galven\u0101 lapa: Sa\u016bda Ar\u0101bija<\/strong><\/a><\/h2><p style=\"text-align: center;\"><a href=\"https:\/\/gradido.net\/lv\/countries\/saudi-arabia\/social-and-economic-challenges\/\">1. soci\u0101l\u0101s un ekonomisk\u0101s probl\u0113mas<\/a><br \/><a href=\"https:\/\/gradido.net\/lv\/countries\/saudi-arabia\/education-system\/\">2. izgl\u012bt\u012bbas sist\u0113ma<\/a><br \/><a href=\"https:\/\/gradido.net\/lv\/countries\/saudi-arabia\/environmental-initiatives\/\">3. vides iniciat\u012bvas<\/a><br \/><strong>4. sievie\u0161u un minorit\u0101\u0161u l\u012bdzties\u012bba<\/strong><br \/><a href=\"https:\/\/gradido.net\/lv\/countries\/saudi-arabia\/artificial-intelligence-and-robotics\/\">5 M\u0101ksl\u012bgais intelekts un robotika<\/a><br \/><a href=\"https:\/\/gradido.net\/lv\/countries\/saudi-arabia\/religion-and-ethical-values\/\">6 Reli\u0123ija un \u0113tisk\u0101s v\u0113rt\u012bbas<\/a><br \/><a href=\"https:\/\/gradido.net\/lv\/countries\/saudi-arabia\/tax-system-and-zakat\/\">7 Nodok\u013cu sist\u0113ma un zakats<\/a><br \/><a href=\"https:\/\/gradido.net\/lv\/countries\/saudi-arabia\/soft-power\/\">8. starptautisk\u0101 presti\u017ea uzvara (Soft Power)<\/a><br \/><a href=\"https:\/\/gradido.net\/lv\/countries\/saudi-arabia\/integration-and-conflict-management\/\">9. integr\u0101cija un konfliktu p\u0101rvald\u012bba<\/a><br \/><a href=\"https:\/\/gradido.net\/lv\/countries\/saudi-arabia\/ai-nation-for-public-welfare-oriented-cooperation\/\">10. m\u0101ksl\u012bg\u0101 intelekta valsts sadarb\u012bbai kop\u0113jam labumam?<\/a><\/p>\t\t\t\t\t\t\t\t<\/div>\n\t\t\t\t<\/div>\n\t\t\t\t<div class=\"elementor-element elementor-element-d7bb196 elementor-widget-divider--view-line elementor-widget elementor-widget-divider\" data-id=\"d7bb196\" data-element_type=\"widget\" data-e-type=\"widget\" data-widget_type=\"divider.default\">\n\t\t\t\t<div class=\"elementor-widget-container\">\n\t\t\t\t\t\t\t<div class=\"elementor-divider\">\n\t\t\t<span class=\"elementor-divider-separator\">\n\t\t\t\t\t\t<\/span>\n\t\t<\/div>\n\t\t\t\t\t\t<\/div>\n\t\t\t\t<\/div>\n\t\t\t\t<div class=\"elementor-element elementor-element-146ff9d elementor-widget elementor-widget-text-editor\" data-id=\"146ff9d\" data-element_type=\"widget\" data-e-type=\"widget\" data-widget_type=\"text-editor.default\">\n\t\t\t\t<div class=\"elementor-widget-container\">\n\t\t\t\t\t\t\t\t\t<div class=\"wiki-page-header-wrapper\"><div class=\"wiki-page-header-wrapper\"><h1 data-pm-slice=\"0 0 []\">K\u0101 sievietes un minorit\u0101tes Sa\u016bda Ar\u0101bij\u0101 \u0161odien re\u0101li izj\u016bt l\u012bdzdal\u012bbu un iesp\u0113jas?<\/h1><h2>Iev\u0113rojams progress, bet struktur\u0101l\u0101 diskrimin\u0101cija joproj\u0101m past\u0101v<\/h2><p>Sa\u016bda Ar\u0101bija atrodas <strong>P\u0101rmai\u0146u f\u0101ze<\/strong>ko nosaka V\u012bzija 2030. gadam, un t\u0101 rezult\u0101t\u0101 tiks. <strong>Iev\u0113rojami uzlabojumi<\/strong> sieviet\u0113m, bet reli\u0123iskaj\u0101m un etniskaj\u0101m minorit\u0101t\u0113m joproj\u0101m ir iev\u0113rojami ierobe\u017eojumi.<\/p><h3>Sievietes: Dramatiskas p\u0101rmai\u0146as ar past\u0101v\u012bgiem ierobe\u017eojumiem<\/h3><h4>Pan\u0101kumi darba tirg\u016b<\/h4><p>Port\u0101ls <strong>Sievie\u0161u l\u012bdzdal\u012bba darba tirg\u016b<\/strong> no 2017. l\u012bdz 2024. gadam ir palielin\u0101jies. <strong>vair\u0101k nek\u0101 divk\u0101r\u0161ojies<\/strong>. Lai gan 2017. gad\u0101 t\u0101 joproj\u0101m bija 17,4%, t\u0101 pieauga l\u012bdz <strong>35,8% 2024. gad\u0101<\/strong><a href=\"https:\/\/www.talentspring.de\/content\/selbst-saudi-arabien-versteht-allmahlich-ohne-frauen-gehts-nicht-voran\">^1<\/a>. T\u0101d\u0113j\u0101di Sa\u016bda Ar\u0101bija jau ir iev\u0113rojami p\u0101rsniegusi s\u0101kotn\u0113jo \"V\u012bzija 2030\" m\u0113r\u0137i - 30%.<a href=\"https:\/\/www.focus.de\/politik\/ausland\/saudi-arabien-frauen-starten-durch_id_195100244.html\">^3<\/a>.<\/p><p>\u012apa\u0161i iespaid\u012bgs ir k\u0101pums <strong>Vad\u012bbas amati<\/strong>: <strong>44% vid\u0113j\u0101 un augst\u0101k\u0101 l\u012bme\u0146a vad\u012bt\u0101ju amati<\/strong> tagad ie\u0146em sievietes.<a href=\"https:\/\/www.talentspring.de\/content\/selbst-saudi-arabien-versteht-allmahlich-ohne-frauen-gehts-nicht-voran\">^2<\/a>. Aizsardz\u012bbas nozar\u0113, kas tradicion\u0101li ir v\u012brie\u0161u nozare, jau tagad ir. <strong>22% no darbiniekiem sievietes<\/strong><a href=\"https:\/\/www.cassis.uni-bonn.de\/pdfs\/publikationsverzeichnis-ulrich-schlie-november-2023.pdf\">^4<\/a>.<\/p><p>Port\u0101ls <strong>Sievie\u0161u bezdarbs<\/strong> se\u0161u m\u0113ne\u0161u laik\u0101 ir samazin\u0101jies no 20,5% l\u012bdz 15,4%.<a href=\"https:\/\/www.focus.de\/politik\/ausland\/saudi-arabien-frauen-starten-durch_id_195100244.html\">^3<\/a>. Jaunie\u0161u (15-24 gadi) bezdarba l\u012bmenis ir 22,2%, sal\u012bdzinot ar 10,6% jaunie\u0161iem v\u012brie\u0161iem.<a href=\"https:\/\/de.statista.com\/statistik\/daten\/studie\/1409895\/umfrage\/jugendarbeitslosenquote-in-saudi-arabien\/\">^5<\/a>.<\/p><h4>Izgl\u012bt\u012bbas pan\u0101kumi<\/h4><p>Sievietes tagad domin\u0113 <strong>Universit\u0101tes ainava<\/strong>: <strong>2020. gad\u0101 pirmo reizi vair\u0101k studentu sievie\u0161u nek\u0101 studentu v\u012brie\u0161u.<\/strong> uz\u0146emti Sa\u016bda Ar\u0101bijas universit\u0101t\u0113s<a href=\"https:\/\/www.welt-sichten.org\/artikel\/43739\/im-koenigreich-der-widersprueche\">^6<\/a>. 2014. gad\u0101 skol\u0113ni jau m\u0101c\u012bj\u0101s <strong>37% vis\u0101m sieviet\u0113m vecum\u0101 no 18 l\u012bdz 24 gadiem<\/strong><a href=\"https:\/\/de.statista.com\/statistik\/daten\/studie\/385843\/umfrage\/anteil-der-studentinnen-und-studenten-in-ausgewaehlten-arabischen-laendern\/\">^7<\/a>.<\/p><p>\u012apa\u0161i j\u0101atz\u012bm\u0113 pan\u0101kumi, kas g\u016bti, pateicoties <strong>MINT priek\u0161meti<\/strong>: <strong>41,61 % no zin\u0101tnes, tehnolo\u0123iju, in\u017eenierzin\u0101t\u0146u un matem\u0101tikas absolventiem ir sievietes.<\/strong> - ceturtais augst\u0101kais pasaul\u0113 saska\u0146\u0101 ar ESAO datiem.<a href=\"https:\/\/www.constructionbriefing.com\/de\/news\/eine-bessere-zukunft-fur-frauen-in-saudi-arabien-schaffen\/8041009.article\">^8<\/a>.<\/p><h4>Uz\u0146\u0113m\u0113jdarb\u012bbas aktivit\u0101tes<\/h4><p>Port\u0101ls <strong>Jaunuz\u0146\u0113mumu ekosist\u0113ma<\/strong> aizvien bie\u017e\u0101k ir sievietes. <strong>95% Sa\u016bda Ar\u0101bijas sievie\u0161u<\/strong> ir \u013coti augsts viedoklis par uz\u0146\u0113m\u0113jas profesiju, liecina Apvienot\u0101s Karalistes zi\u0146ojums par sieviet\u0113m 2021\/22<a href=\"https:\/\/qantara.de\/artikel\/saudi-arabien-frauen-treiben-start-szene\">^9<\/a>. Pasaules Banka apliecina, ka Sa\u016bda Ar\u0101bija ir rad\u012bjusi visus nepiecie\u0161amos apst\u0101k\u013cus darba tirgus atv\u0113r\u0161anai.<a href=\"https:\/\/www.dw.com\/de\/saudi-arabien-frauen-treiben-start-up-szene-an\/a-68625849\">^10<\/a>.<\/p><h3>Past\u0101v\u012bga struktur\u0101l\u0101 diskrimin\u0101cija<\/h3><h4>Aizbildn\u012bbas sist\u0113ma turpina past\u0101v\u0113t<\/h4><p>Neraugoties uz visu progresu. <strong>v\u012brie\u0161u aizbildn\u012bbas sist\u0113ma<\/strong> galvenais kritikas punkts. 2022. gad\u0101 pie\u0146\u0113ma <strong>Civilst\u0101vok\u013ca akts<\/strong> turpina kodific\u0113t sievie\u0161u diskrimin\u0101ciju laul\u012bbas, laul\u012bbas \u0161\u0137ir\u0161anas un aizg\u0101d\u012bbas jaut\u0101jumos.<a href=\"https:\/\/www.mena-watch.com\/saudi-arabien-vorsitz-un-frauenrechtskommission\/\">^11<\/a>.<\/p><p>Sieviet\u0113m joproj\u0101m ir nepiecie\u0161ams <strong>V\u012brie\u0161a aizbild\u0146a pilnvarojums laul\u012bb\u0101m<\/strong><a href=\"https:\/\/www.amnesty.de\/informieren\/amnesty-report\/saudi-arabien-2024\">^13<\/a>. Laul\u012bbas izvaro\u0161ana netiek sod\u012bta, un tiesas bie\u017ei vien nepie\u0146em laul\u012bbas \u0161\u0137ir\u0161anu.<a href=\"https:\/\/taz.de\/Saudi-Arabien-und-die-Frauenrechte\/!5998877\/\">^15<\/a>.<\/p><h4>Represijas pret akt\u012bvistiem<\/h4><p>Paradoks\u0101li <strong>Sievie\u0161u ties\u012bbu akt\u012bvisti tiek sistem\u0101tiski vaj\u0101ti<\/strong>. Loujain al-Hathloul, kur\u0161 c\u012bn\u012bj\u0101s par ties\u012bb\u0101m vad\u012bt automa\u0161\u012bnu, tika arest\u0113ts un sp\u012bdzin\u0101ts 2018. gad\u0101 - gad\u0101, kad tika atcelts transportl\u012bdzek\u013cu vad\u012b\u0161anas aizliegums.<a href=\"https:\/\/www.amnesty.ch\/de\/ueber-amnesty\/publikationen\/magazin-amnesty\/2024-3\/die-doppelzuengigkeit-gegenueber-frauen\">^11<\/a>. 2022. gada august\u0101 doktorant\u016bras studente Salma al-Shehab tika iecelts <strong>34 gadu cietumsods<\/strong> noties\u0101ta tikai t\u0101p\u0113c, ka vi\u0146a bija retweeted cilv\u0113kties\u012bbu apel\u0101cijas<a href=\"https:\/\/www.focus.de\/politik\/ausland\/frauenrechte-am-golf-trotz-reformen-bleibt-viel-zu-tun_id_181078779.html\">^16<\/a>.<\/p><h4>Ar dzimumu saist\u012bt\u0101s algu at\u0161\u0137ir\u012bbas<\/h4><p>Lai gan darba likumi aizliedz diskrimin\u0101ciju dzimuma d\u0113\u013c algu zi\u0146\u0101, <strong>Sievietes joproj\u0101m pelna maz\u0101k nek\u0101 v\u012brie\u0161i<\/strong>. Starp\u012bba sv\u0101rst\u0101s starp 4% valsts sektor\u0101 un 4% valsts sektor\u0101. <strong>36% priv\u0101tos uz\u0146\u0113mumos<\/strong><a href=\"https:\/\/www.focus.de\/politik\/ausland\/saudi-arabien-frauen-starten-durch_id_195100244.html\">^3<\/a>.<\/p><h3>Starptautisk\u0101 atz\u012b\u0161ana ar kritiskiem ierobe\u017eojumiem<\/h3><h4>Pasaules dzimumu nevienl\u012bdz\u012bbas indekss<\/h4><p>Sa\u016bda Ar\u0101bija ir <strong>Pasaules dzimumu nevienl\u012bdz\u012bbas indekss<\/strong> no 147. vietas (2021) uz <strong>126. vieta (2024)<\/strong> uzlabots<a href=\"https:\/\/countryeconomy.com\/demography\/global-gender-gap-index\/saudi-arabia\">^17<\/a>. MENA re\u0123ion\u0101 tas ir <strong>64,3%<\/strong> ceturtaj\u0101 viet\u0101 aiz AAE (72,4%).<a href=\"https:\/\/de.statista.com\/statistik\/daten\/studie\/1329909\/umfrage\/laender-in-der-mena-region-nach-dem-gender-gap-index\/\">^18<\/a>.<\/p><p>Nov\u0113rt\u0113jum\u0101 ir redzamas skaidras neatbilst\u012bbas: Lai gan <strong>Izgl\u012bt\u012bba un vesel\u012bba<\/strong> sasniedz gandr\u012bz parit\u0101ti ar 0,99 punktiem katrs, un <strong>Politisk\u0101 l\u012bdzdal\u012bba<\/strong> tikai 0,077 punkti<a href=\"https:\/\/www.statista.com\/statistics\/1614119\/saudi-arabia-gender-gap-index-by-category\/\">^19<\/a>.<\/p><h4>ANO domstarp\u012bbas<\/h4><p>Sa\u016bda Ar\u0101bijas iecel\u0161ana par <strong>ANO Sievie\u0161u statusa komisijas priek\u0161s\u0113d\u0113t\u0101ja 2025. gads<\/strong> izrais\u012bja starptautisku sa\u0161utumu<a href=\"https:\/\/www.tagesschau.de\/ausland\/saudi-arabien-vorsitz-frauenfoerderung-100.html\">^20<\/a>. Amnesty International to raksturoja k\u0101 \"\u0161oku\" un nor\u0101d\u012bja uz valsts \"drausm\u012bgajiem r\u0101d\u012bt\u0101jiem\" sievie\u0161u ties\u012bbu jom\u0101.<a href=\"https:\/\/www.mena-watch.com\/saudi-arabien-vorsitz-un-frauenrechtskommission\/\">^12<\/a>.<\/p><h2>Reli\u0123isk\u0101s un etnisk\u0101s minorit\u0101tes: Sistem\u0101tiska marginaliz\u0101cija<\/h2><h3>\u0160i\u012btu musulma\u0146i<\/h3><p>Port\u0101ls <strong>\u0160i\u012btu minorit\u0101te<\/strong> (aptuveni 10-16% iedz\u012bvot\u0101ju) cie\u0161 no sistem\u0101tiskas diskrimin\u0101cijas.<a href=\"https:\/\/eterna.unibas.ch\/bulletin\/article\/download\/1305\/1537\">^22<\/a>. Vi\u0146i dz\u012bvo galvenok\u0101rt ar naftu bag\u0101taj\u0101 Austrumu provinc\u0113, bet valsts gar\u012bdznieki atz\u012bst, ka vi\u0146i ir <strong>\"Her\u0113ti\u0137i\" un \"atkrit\u0113ji\"<\/strong> ar eti\u0137eti<a href=\"https:\/\/www.hrw.org\/de\/news\/2017\/09\/26\/saudi-arabien-offizielle-hassreden-gegen-minderheiten\">^24<\/a>.<\/p><p><strong>Valsts gar\u012bdzniec\u012bba<\/strong> lieto t\u0101dus pazemojo\u0161us apz\u012bm\u0113jumus k\u0101 \"rafidha\" (noliedz\u0113js) un stigmatiz\u0113 \u0161i\u012btu praksi.<a href=\"https:\/\/www.hrw.org\/de\/news\/2017\/09\/26\/saudi-arabien-offizielle-hassreden-gegen-minderheiten\">^24<\/a>. Izgl\u012bt\u012bbas sist\u0113m\u0101 tiek propagand\u0113ti pret \u0161i\u012btiem v\u0113rsti aizspriedumi, un \u0161i\u012bti praktiski netiek pielaisti pie augstiem amatiem vald\u012bb\u0101.<a href=\"https:\/\/www.hrw.org\/de\/news\/2009\/09\/03\/saudi-arabien-gleichbehandlung-fur-schiiten\">^25<\/a>.<\/p><p>Human Rights Watch ir dokument\u0113jis <strong>s\u012bva reli\u0123iska spriedze<\/strong> p\u0113c konfront\u0101cij\u0101m starp \u0161i\u012btu sv\u0113tce\u013cniekiem un reli\u0123isko policiju Med\u012bn\u0101 2009. gad\u0101.<a href=\"https:\/\/www.hrw.org\/de\/news\/2009\/09\/03\/saudi-arabien-gleichbehandlung-fur-schiiten\">^25<\/a>. Priv\u0101t\u0101s \u0161i\u012btu l\u016bg\u0161anu telpas tika sl\u0113gtas un reli\u0123iskie l\u012bderi ieslodz\u012bti cietum\u0101.<\/p><h3>Kristie\u0161u minorit\u0101te<\/h3><p>Port\u0101ls <strong>kristiet\u012bbas publiska praktiz\u0113\u0161ana<\/strong> ir piln\u012bb\u0101 aizliegts<a href=\"https:\/\/de.wikipedia.org\/wiki\/Christentum_in_Saudi-Arabien\">^26<\/a>. No aptuveni <strong>2,2 miljoni kristie\u0161u<\/strong> Sa\u016bda Ar\u0101bij\u0101 liel\u0101k\u0101 da\u013ca \u0101rvalstu darba migrantu ir<a href=\"https:\/\/www.opendoors.de\/sites\/default\/files\/country_dossier\/saudi-arabien_wvi_2024_laenderprofil.pdf\">^27<\/a>.<\/p><p>Reli\u0123isko simbolu, piem\u0113ram, krustu vai B\u012bbeles, tur\u0113\u0161ana ir <strong>aizliegts ar likum\u0101 noteikto sodu<\/strong>. Bazn\u012bcas vai citas ar isl\u0101mu nesaist\u012btas l\u016bg\u0161anu vietas nedr\u012bkst celt<a href=\"https:\/\/de.wikipedia.org\/wiki\/Christentum_in_Saudi-Arabien\">^26<\/a>. <strong>Atkri\u0161ana<\/strong> (atgrie\u0161an\u0101s no isl\u0101ma) teor\u0113tiski draud n\u0101vessods.<\/p><p>In the <strong>Pasaules vaj\u0101\u0161anas indekss 2024<\/strong> Sa\u016bda Ar\u0101bija ir <strong>13. vieta<\/strong> par valst\u012bm, kur\u0101s kristie\u0161i tiek vaj\u0101ti visvair\u0101k.<a href=\"https:\/\/www.opendoors.de\/sites\/default\/files\/country_dossier\/saudi-arabien_wvi_2024_laenderprofil.pdf\">^27<\/a>. Sa\u016bda Ar\u0101bijas konvert\u012btiem sava tic\u012bba ir j\u0101saglab\u0101 piln\u012bg\u0101 slepen\u012bb\u0101.<\/p><h3>LGBTQ+ cilv\u0113ki<\/h3><p><strong>Homoseksualit\u0101te ir soci\u0101ls tabu<\/strong> un par to soda ar br\u012bv\u012bbas at\u0146em\u0161anu, miesas sodu un l\u012bdz pat <strong>N\u0101vessods<\/strong> sod\u012bts<a href=\"https:\/\/de.wikipedia.org\/wiki\/Homosexualit%C3%A4t_in_Saudi-Arabien\">^28<\/a>. Sa\u016bda Ar\u0101bija ir viena no se\u0161\u0101m pasaules valst\u012bm, kur\u0101s par homoseksu\u0101l\u0101m darb\u012bb\u0101m tiek piespriests n\u0101vessods.<a href=\"https:\/\/www.lsvd.de\/de\/ct\/1245-LGBT-Rechte-weltweit\">^29<\/a>.<\/p><p>2007. gad\u0101 diviem v\u012brie\u0161iem tika piespriests <strong>7000 skropstu<\/strong> noties\u0101ts par homoseksu\u0101l\u0101m attiec\u012bb\u0101m<a href=\"https:\/\/de.wikipedia.org\/wiki\/Homosexualit%C3%A4t_in_Saudi-Arabien\">^28<\/a>. 2019. gada apr\u012bl\u012b \u0161aj\u0101 kontekst\u0101 tika izpild\u012bti pieci v\u012brie\u0161i.<a href=\"https:\/\/www.bamf.de\/SharedDocs\/Anlagen\/DE\/Behoerde\/Informationszentrum\/Laenderreporte\/2024\/laenderreport-65-Saudi-Arabien.pdf?__blob=publicationFile&amp;v=7\">^30<\/a>.<\/p><p><strong>LGBT kopienas<\/strong> nevar past\u0101v\u0113t to nelikum\u012bbas d\u0113\u013c. Isl\u0101ma reli\u0123isk\u0101 policija uzrauga soci\u0101lo dz\u012bvi un liek LGBTQ+ cilv\u0113kiem k\u013c\u016bt soci\u0101li neredzamiem.<\/p><h3>Darba migranti<\/h3><p>Par <strong>4 miljoni cilv\u0113ku<\/strong> Sa\u016bda Ar\u0101bij\u0101 str\u0101d\u0101 par m\u0101jkalpot\u0101jiem, tikai migr\u0113jo\u0161iem darba \u0146\u0113m\u0113jiem.<a href=\"https:\/\/www.amnesty.de\/pressemitteilung\/saudi-arabien-kenianische-arbeitsmigrantinnen-ausbeutung-rassismus\">^31<\/a>. Port\u0101ls <strong>Kafala sist\u0113ma<\/strong> padara vi\u0146us \u0101rk\u0101rt\u012bgi atkar\u012bgus no darba dev\u0113jiem un veicina sistem\u0101tisku rasismu.<\/p><p>Amnesty International dokument\u0113ta 2025 <strong>smaga ekspluat\u0101cija<\/strong> Kenijas m\u0101jkalpot\u0101jas: vi\u0146as str\u0101d\u0101 vair\u0101k nek\u0101 16 stundas dien\u0101, vi\u0146\u0101m nav br\u012bvdienu un vi\u0146\u0101m nav at\u013cauts iziet no m\u0101jas.<a href=\"https:\/\/www.amnesty.de\/pressemitteilung\/saudi-arabien-kenianische-arbeitsmigrantinnen-ausbeutung-rassismus\">^31<\/a>. Vi\u0146iem tiek konfisc\u0113tas pases, un vi\u0146i bie\u017ei nesa\u0146em algu.<\/p><p>Vid\u0113j\u0101 alga ir aptuveni <strong>0,45 eiro stund\u0101<\/strong>jo virsstundas netiek apmaks\u0101tas.<a href=\"https:\/\/www.amnesty.at\/presse\/saudi-arabien-arbeitsmigrantinnen-erfahren-schwere-ausbeutung-missbrauch-und-rassismus\/\">^32<\/a>. Praktiski visas aptauj\u0101t\u0101s sievietes zi\u0146oja, ka vi\u0146u uztur\u0113\u0161an\u0101s laik\u0101 <strong>nevienas br\u012bvas dienas.<\/strong> b\u016btu bijis.<\/p><h2>Vesel\u012bbas apr\u016bpes sist\u0113ma: selekt\u012bva izsl\u0113g\u0161ana<\/h2><p>Vesel\u012bbas apr\u016bpes sist\u0113ma liecina. <strong>Sistem\u0101tiska diskrimin\u0101cija<\/strong> soci\u0101li nelabv\u0113l\u012bg\u0101 situ\u0101cij\u0101 eso\u0161iem cilv\u0113kiem. \u012apa\u0161i skarta \u0161i\u012btu minorit\u0101te, \u0101rvalstu viesstr\u0101dnieki no \u0100zijas valst\u012bm, ar HIV infic\u0113ti cilv\u0113ki, homoseksu\u0101\u013ci un cilv\u0113ki ar fiziskiem un gar\u012bgiem trauc\u0113jumiem.<a href=\"https:\/\/deutsches-orient-institut.de\/wp-content\/uploads\/2021\/06\/DOI-Studie-Gesundheitssystem-in-Saudi-Arabien.pdf\">^33<\/a>.<\/p><p>Port\u0101ls <strong>Soci\u0101l\u0101 stigmatiz\u0101cija<\/strong> no \u0161\u012bm grup\u0101m izraisa medic\u012bnisk\u0101s apr\u016bpes tr\u016bkumu. Nav atkl\u0101tas diskusijas par atstumtaj\u0101m grup\u0101m, lai gan \u012bstenotais \"nacion\u0101lais dialogs\" var\u0113tu rad\u012bt uzlabojumus \u0161aj\u0101 jom\u0101.<a href=\"https:\/\/deutsches-orient-institut.de\/wp-content\/uploads\/2021\/06\/DOI-Studie-Gesundheitssystem-in-Saudi-Arabien.pdf\">^33<\/a>.<\/p><h2>Cer\u012bbu un pretrunu paz\u012bmes<\/h2><h3>Pozit\u012bvi notikumi<\/h3><p>Port\u0101ls <strong>Fortune ietekm\u012bg\u0101ko sievie\u0161u starptautiskais samits<\/strong> 2025. gad\u0101 pirmo reizi notiks Rij\u0101d\u0101, t\u0101d\u0113j\u0101di apliecinot starptautisku atzin\u012bbu par progresu sievie\u0161u ties\u012bbu jom\u0101.<a href=\"https:\/\/www.presseportal.de\/pm\/179146\/6001043\">^34<\/a>. Sa\u016bda Ar\u0101bijas sieviet\u0113m tagad pieder <strong>45% no visiem patentiem<\/strong> valst\u012b.<\/p><p>Port\u0101ls <strong>Pirm\u0101 Sa\u016bda Ar\u0101bijas astronaite<\/strong> Rayyanah Barnawi 2023. gad\u0101 str\u0101d\u0101ja Starptautiskaj\u0101 kosmosa stacij\u0101 ISS un k\u013cuva par p\u0101rmai\u0146u simbolu<a href=\"https:\/\/www.focus.de\/politik\/ausland\/saudi-arabien-frauen-starten-durch_id_195100244.html\">^3<\/a>. \u0160\u0101di veiksmes st\u0101sti ir paraugs jaun\u0101m sieviet\u0113m.<\/p><h3>Struktur\u0101l\u0101s pretrunas<\/h3><p>Port\u0101ls <strong>Moderniz\u0101cija ir autorit\u0101ra<\/strong> no aug\u0161as, bez soci\u0101l\u0101 diskursa. Kam\u0113r sievietes lido kosmos\u0101, sievie\u0161u ties\u012bbu akt\u012bvistes pavada gadu desmitus cietum\u0101<a href=\"https:\/\/www.focus.de\/politik\/ausland\/frauenrechte-am-golf-trotz-reformen-bleibt-viel-zu-tun_id_181078779.html\">^16<\/a>.<\/p><p>Port\u0101ls <strong>V\u012bzija 2030<\/strong> apraksta sievietes k\u0101 \"lielu v\u0113rt\u012bbu\", kurai vi\u0146a v\u0113las \"dot liel\u0101kas iesp\u0113jas\".<a href=\"https:\/\/www.amnesty.ch\/de\/ueber-amnesty\/publikationen\/magazin-amnesty\/2024-3\">^35<\/a>. Kriti\u0137i to galvenok\u0101rt uzskata par <strong>Ekonomiskie mot\u012bvi<\/strong> nevis patiesa ap\u0146em\u0161an\u0101s pan\u0101kt vienl\u012bdz\u012bbu.<\/p><h2>Secin\u0101jums: starp progresu un represij\u0101m<\/h2><p>Sa\u016bda Ar\u0101bij\u0101 notiek <strong>Bezprecedenta transform\u0101cija<\/strong> attiec\u012bb\u0101 uz sievie\u0161u ties\u012bb\u0101m, kas atspogu\u013cojas strauji pieaugo\u0161\u0101 nodarbin\u0101t\u012bb\u0101, pan\u0101kumos izgl\u012bt\u012bb\u0101 un uz\u0146\u0113m\u0113jdarb\u012bb\u0101. \u0160is progress ir <strong>re\u0101li un izm\u0113r\u0101mi<\/strong>pat ja t\u0101s aiz\u0113no autorit\u0101ras strukt\u016bras un past\u0101v\u012bga diskrimin\u0101cija.<\/p><p>Vietnei <strong>Reli\u0123isk\u0101s un etnisk\u0101s minorit\u0101tes<\/strong> situ\u0101cija saglab\u0101jas <strong>Kritiskais<\/strong>. \u0160i\u012bti, kristie\u0161i, LGBTQ+ cilv\u0113ki un migr\u0113jo\u0161ie darba \u0146\u0113m\u0113ji saskaras ar sistem\u0101tisku atstumt\u012bbu un vaj\u0101\u0161anu, kas nav uzlabojusies, neraugoties uz soci\u0101lo moderniz\u0101ciju.<\/p><p>Izmai\u0146as ir veiktas p\u0113c tam, kad <strong>instrument\u0101l\u0101 lo\u0123ika<\/strong>Sievietes tiek atbalst\u012btas, jo valstij ir nepiecie\u0161ams vi\u0146u darbasp\u0113ks, lai \u012bstenotu \"V\u012bziju 2030\". Tom\u0113r patiesas soci\u0101l\u0101s p\u0101rmai\u0146as ietvertu ar\u012b visu p\u0101r\u0113jo minorit\u0101\u0161u ties\u012bbas - soli, ko Sa\u016bda Ar\u0101bija v\u0113l nav uzdro\u0161in\u0101jusies spert.<\/p><p>Port\u0101ls <strong>starptautisk\u0101 kopiena<\/strong> ir dilemma, k\u0101 atz\u012bt nenoliedzamo progresu, kas pan\u0101kts sievie\u0161u ties\u012bbu jom\u0101, nepamanot joproj\u0101m notieko\u0161os cilv\u0113kties\u012bbu p\u0101rk\u0101pumus. Sa\u016bda Ar\u0101bijas ce\u013c\u0161 r\u0101da, ka pat autorit\u0101ras sist\u0113mas var pan\u0101kt b\u016btiskas soci\u0101l\u0101s p\u0101rmai\u0146as, ta\u010du tikai taj\u0101s jom\u0101s, kas kalpo to strat\u0113\u0123iskajiem m\u0113r\u0137iem.<\/p><p>\u00a0<\/p><div><hr \/><\/div><h1>Papildu nov\u0113rt\u0113jums no Gradido perspekt\u012bvas<\/h1><p>\u0160\u012b anal\u012bze ir v\u0113rt\u012bgs pamats Gradido valsts projektam - pat \u0101rpus dzimumu l\u012bdzties\u012bbas t\u0113mas.<\/p><div><hr \/><\/div><h3>Sievietes: Starp iev\u0113rojamu progresu un past\u0101v\u012bgu diskrimin\u0101ciju<\/h3><ul data-tight=\"true\"><li><p><strong>Darba dz\u012bve un izgl\u012bt\u012bba:<\/strong><br \/>Da\u017eu gadu laik\u0101 sievie\u0161u darbasp\u0113ka l\u012bdzdal\u012bbas l\u012bmenis ir vair\u0101k nek\u0101 divk\u0101r\u0161ojies un pa\u0161laik ir aptuveni 36 %. Sievietes tagad sasniedz iev\u0113rojamus r\u0101d\u012bt\u0101jus ar\u012b vado\u0161os amatos un STEM izgl\u012bt\u012bb\u0101 vis\u0101 pasaul\u0113. Sievietes veido jaunuz\u0146\u0113mumu sc\u0113nu, un \u0161ie sasniegumi tiek atz\u012bti ar\u012b starptautisk\u0101 l\u012bmen\u012b.<\/p><\/li><li><p><strong>Struktur\u0101l\u0101s robe\u017eas:<\/strong><br \/>Neraugoties uz \u0161o dinamiku, joproj\u0101m past\u0101v v\u012brie\u0161u aizbildn\u012bbas sist\u0113ma un daudzi juridiski ierobe\u017eojumi. Darba samaksas at\u0161\u0137ir\u012bbas, struktur\u0101lie \u0161\u0137\u0113r\u0161\u013ci un sievie\u0161u akt\u012bvistu vaj\u0101\u0161ana joproj\u0101m kav\u0113 vienl\u012bdz\u012bgu ties\u012bbu nodro\u0161in\u0101\u0161anu.<\/p><\/li><\/ul><div><hr \/><\/div><h3>Maz\u0101kumtaut\u012bbas: Past\u0101v\u012bga marginaliz\u0101cija un diskrimin\u0101cija<\/h3><ul data-tight=\"true\"><li><p><strong>Reli\u0123isk\u0101s minorit\u0101tes<\/strong> (\u012bpa\u0161i \u0161i\u012bti un kristie\u0161i) saskaras ar iev\u0113rojamu diskrimin\u0101ciju un da\u017ek\u0101rt ar\u012b atkl\u0101t\u0101m represij\u0101m. Publiska reli\u0123ijas praktiz\u0113\u0161ana de facto nav at\u013cauta, iz\u0146emot sunn\u012btu isl\u0101mu.<\/p><\/li><li><p><strong>LGBTQ+ cilv\u0113ki<\/strong> ietekm\u0113 soci\u0101l\u0101s un valsts represijas, tostarp n\u0101vessods.<\/p><\/li><li><p><strong>Darba migranti<\/strong> (\u012bpa\u0161i m\u0101jkalpot\u0101ji) ir pak\u013cauti masveida atkar\u012bbai un bie\u017ei tiek ekspluat\u0113ti; aizsardz\u012bbas meh\u0101nismu un ties\u012bbu liel\u0101koties tr\u016bkst.<\/p><\/li><\/ul><div><hr \/><\/div><h3>Struktur\u0101l\u0101s pretrunas un starptautiskais nov\u0113rt\u0113jums<\/h3><p>Milz\u012bgais moderniz\u0101cijas spiediens (piem\u0113ram, sievie\u0161u ties\u012bbu, izgl\u012bt\u012bbas, uz\u0146\u0113m\u0113jdarb\u012bbas uzs\u0101k\u0161anas jom\u0101) ir sp\u0113c\u012bgi motiv\u0113ts ar ekonomiskiem un politiskiem m\u0113r\u0137iem, un tas notiek bez t\u0101lejo\u0161as soci\u0101l\u0101s liberaliz\u0101cijas. Pan\u0101kumi ir re\u0101li, ta\u010du tie nav neskaidri: Lai gan tiek rad\u012bta ekonomisk\u0101 emancip\u0101cija un paraugi, l\u012bdzties\u012bba daudz\u0101s dz\u012bves jom\u0101s joproj\u0101m ir nepiln\u012bga, un politisk\u0101s br\u012bv\u012bbas ir \u013coti ierobe\u017eotas.<\/p><div><hr \/><\/div><h3>Cer\u012bba un stimuls Gradido<\/h3><ul data-tight=\"true\"><li><p><strong>Uzsveriet pozit\u012bvo:<\/strong><br \/>Gradido var turpin\u0101t ies\u0101kto tur, kur jau ir g\u016bti pan\u0101kumi, proti, iztikas l\u012bdzek\u013cu dro\u0161\u012bbas, izgl\u012bt\u012bbas, soci\u0101l\u0101s l\u012bdzdal\u012bbas un praktisk\u0101s vienl\u012bdz\u012bbas veicin\u0101\u0161an\u0101.<\/p><\/li><li><p><strong>Emp\u0101tija un atz\u012b\u0161ana:<\/strong><br \/>Svar\u012bgi ir atz\u012bt eso\u0161\u0101s reformas, bet ar\u012b uzdro\u0161in\u0101ties nor\u0101d\u012bt uz atliku\u0161ajiem pie\u0146\u0113mumiem un atv\u0113rtaj\u0101m br\u016bc\u0113m.<\/p><\/li><li><p><strong>Tiltu b\u016bv\u0113\u0161ana:<\/strong><br \/>Tilti starp trad\u012bcij\u0101m un jauniem s\u0101kumiem, starp ekonomikas moderniz\u0101ciju un patiesu soci\u0101lo iek\u013cau\u0161anu ir atsl\u0113ga - Gradido var dot impulsu visu cilv\u0113ku l\u012bdzdal\u012bbai un nov\u0113rt\u0113\u0161anai, pamatojoties uz kop\u0113jo labumu un visp\u0101r\u0113jo cilv\u0113ka cie\u0146u.<\/p><\/li><\/ul><div><hr \/><\/div><p>\u0160is p\u0113t\u012bjums p\u0101rliecino\u0161i par\u0101da, ka daudz kas ir paveikts un v\u0113l daudz kas ir dar\u0101ms. Divdab\u012bgums starp straujo moderniz\u0101ciju un past\u0101v\u012bgajiem kontroles meh\u0101nismiem ar\u012b izaicina m\u016bsu v\u0113rt\u0113jo\u0161o uzman\u012bbu un rado\u0161umu.<\/p><\/div><\/div>\t\t\t\t\t\t\t\t<\/div>\n\t\t\t\t<\/div>\n\t\t\t\t\t<\/div>\n\t\t<\/div>\n\t\t\t\t\t<\/div>\n\t\t<\/section>\n\t\t\t\t<\/div>","protected":false},"excerpt":{"rendered":"<p>Gleichstellung von Frauen und Minderheiten \u00a0 \u00a0Hauptseite: Saudi-Arabien 1. Soziale und wirtschaftliche Herausforderungen2. Bildungssystem3. Umweltinitiativen4. Gleichstellung von Frauen und Minderheiten5. K\u00fcnstliche Intelligenz und Robotik6. Religion und ethische Werte7. Steuersystem und Zakat8. Internationaler Prestigegewinn (Soft Power)9. Integration und Konfliktmanagement10. KI-Nation f\u00fcr gemeinwohlorientiertes Miteinander? Wie erleben Frauen und Minderheiten in Saudi-Arabien heute wirklich Teilhabe und Chancen? Deutliche [&hellip;]<\/p>\n","protected":false},"author":2,"featured_media":10458,"parent":11034,"menu_order":0,"comment_status":"closed","ping_status":"closed","template":"","meta":{"footnotes":""},"class_list":["post-11085","page","type-page","status-publish","has-post-thumbnail","hentry"],"yoast_head":"<!-- This site is optimized with the Yoast SEO plugin v27.5 - https:\/\/yoast.com\/product\/yoast-seo-wordpress\/ -->\n<title>Gleichstellung von Frauen und Minderheiten in Saudi-Arabien - Gradido<\/title>\n<meta name=\"description\" content=\"Sei Teil der Bewegung!Gemeinsam bringen wir Gradido in die Welt.\" \/>\n<meta name=\"robots\" content=\"index, follow, max-snippet:-1, max-image-preview:large, max-video-preview:-1\" \/>\n<link rel=\"canonical\" href=\"https:\/\/gradido.net\/lv\/countries\/saudi-arabia\/equality-for-women-and-minorities\/\" \/>\n<meta property=\"og:locale\" content=\"lv_LV\" \/>\n<meta property=\"og:type\" content=\"article\" \/>\n<meta property=\"og:title\" content=\"Gleichstellung von Frauen und Minderheiten in Saudi-Arabien - Gradido\" \/>\n<meta property=\"og:description\" content=\"Sei Teil der Bewegung!Gemeinsam bringen wir Gradido in die Welt.\" \/>\n<meta property=\"og:url\" content=\"https:\/\/gradido.net\/lv\/countries\/saudi-arabia\/equality-for-women-and-minorities\/\" \/>\n<meta property=\"og:site_name\" content=\"Gradido\" \/>\n<meta property=\"article:modified_time\" content=\"2025-10-04T10:07:28+00:00\" \/>\n<meta property=\"og:image\" content=\"https:\/\/gradido.net\/wp-content\/uploads\/2025\/07\/AdobeStock_3210827871-scaled.jpeg\" \/>\n\t<meta property=\"og:image:width\" content=\"2560\" \/>\n\t<meta property=\"og:image:height\" content=\"790\" \/>\n\t<meta property=\"og:image:type\" content=\"image\/jpeg\" \/>\n<meta name=\"twitter:card\" content=\"summary_large_image\" \/>\n<meta name=\"twitter:label1\" content=\"Est. reading time\" \/>\n\t<meta name=\"twitter:data1\" content=\"9 min\u016btes\" \/>\n<script type=\"application\/ld+json\" class=\"yoast-schema-graph\">{\"@context\":\"https:\\\/\\\/schema.org\",\"@graph\":[{\"@type\":\"WebPage\",\"@id\":\"https:\\\/\\\/gradido.net\\\/countries\\\/saudi-arabia\\\/equality-for-women-and-minorities\\\/\",\"url\":\"https:\\\/\\\/gradido.net\\\/countries\\\/saudi-arabia\\\/equality-for-women-and-minorities\\\/\",\"name\":\"Gleichstellung von Frauen und Minderheiten in Saudi-Arabien - Gradido\",\"isPartOf\":{\"@id\":\"https:\\\/\\\/gradido.net\\\/de\\\/#website\"},\"primaryImageOfPage\":{\"@id\":\"https:\\\/\\\/gradido.net\\\/countries\\\/saudi-arabia\\\/equality-for-women-and-minorities\\\/#primaryimage\"},\"image\":{\"@id\":\"https:\\\/\\\/gradido.net\\\/countries\\\/saudi-arabia\\\/equality-for-women-and-minorities\\\/#primaryimage\"},\"thumbnailUrl\":\"https:\\\/\\\/gradido.net\\\/wp-content\\\/uploads\\\/2025\\\/07\\\/AdobeStock_3210827871-scaled.jpeg\",\"datePublished\":\"2025-08-13T08:13:17+00:00\",\"dateModified\":\"2025-10-04T10:07:28+00:00\",\"description\":\"Sei Teil der Bewegung!Gemeinsam bringen wir Gradido in die Welt.\",\"breadcrumb\":{\"@id\":\"https:\\\/\\\/gradido.net\\\/countries\\\/saudi-arabia\\\/equality-for-women-and-minorities\\\/#breadcrumb\"},\"inLanguage\":\"lv-LV\",\"potentialAction\":[{\"@type\":\"ReadAction\",\"target\":[\"https:\\\/\\\/gradido.net\\\/countries\\\/saudi-arabia\\\/equality-for-women-and-minorities\\\/\"]}]},{\"@type\":\"ImageObject\",\"inLanguage\":\"lv-LV\",\"@id\":\"https:\\\/\\\/gradido.net\\\/countries\\\/saudi-arabia\\\/equality-for-women-and-minorities\\\/#primaryimage\",\"url\":\"https:\\\/\\\/gradido.net\\\/wp-content\\\/uploads\\\/2025\\\/07\\\/AdobeStock_3210827871-scaled.jpeg\",\"contentUrl\":\"https:\\\/\\\/gradido.net\\\/wp-content\\\/uploads\\\/2025\\\/07\\\/AdobeStock_3210827871-scaled.jpeg\",\"width\":2560,\"height\":790,\"caption\":\"world globe planet earth 3d-illustration. elements of this image furnished by NASA\"},{\"@type\":\"BreadcrumbList\",\"@id\":\"https:\\\/\\\/gradido.net\\\/countries\\\/saudi-arabia\\\/equality-for-women-and-minorities\\\/#breadcrumb\",\"itemListElement\":[{\"@type\":\"ListItem\",\"position\":1,\"name\":\"Startseite\",\"item\":\"https:\\\/\\\/gradido.net\\\/\"},{\"@type\":\"ListItem\",\"position\":2,\"name\":\"L\u00e4nderforschung\",\"item\":\"https:\\\/\\\/gradido.net\\\/countries\\\/\"},{\"@type\":\"ListItem\",\"position\":3,\"name\":\"Saudi-Arabien\",\"item\":\"https:\\\/\\\/gradido.net\\\/countries\\\/saudi-arabia\\\/\"},{\"@type\":\"ListItem\",\"position\":4,\"name\":\"Gleichstellung von Frauen und Minderheiten in Saudi-Arabien\"}]},{\"@type\":\"WebSite\",\"@id\":\"https:\\\/\\\/gradido.net\\\/de\\\/#website\",\"url\":\"https:\\\/\\\/gradido.net\\\/de\\\/\",\"name\":\"Gradido\",\"description\":\"Die neue W\u00e4hrung hei\u00dft Dankbarkeit\",\"publisher\":{\"@id\":\"https:\\\/\\\/gradido.net\\\/de\\\/#organization\"},\"potentialAction\":[{\"@type\":\"SearchAction\",\"target\":{\"@type\":\"EntryPoint\",\"urlTemplate\":\"https:\\\/\\\/gradido.net\\\/de\\\/?s={search_term_string}\"},\"query-input\":{\"@type\":\"PropertyValueSpecification\",\"valueRequired\":true,\"valueName\":\"search_term_string\"}}],\"inLanguage\":\"lv-LV\"},{\"@type\":\"Organization\",\"@id\":\"https:\\\/\\\/gradido.net\\\/de\\\/#organization\",\"name\":\"Gradido\",\"url\":\"https:\\\/\\\/gradido.net\\\/de\\\/\",\"logo\":{\"@type\":\"ImageObject\",\"inLanguage\":\"lv-LV\",\"@id\":\"https:\\\/\\\/gradido.net\\\/de\\\/#\\\/schema\\\/logo\\\/image\\\/\",\"url\":\"https:\\\/\\\/gradido.net\\\/wp-content\\\/uploads\\\/2022\\\/04\\\/gradido-social.jpg\",\"contentUrl\":\"https:\\\/\\\/gradido.net\\\/wp-content\\\/uploads\\\/2022\\\/04\\\/gradido-social.jpg\",\"width\":527,\"height\":273,\"caption\":\"Gradido\"},\"image\":{\"@id\":\"https:\\\/\\\/gradido.net\\\/de\\\/#\\\/schema\\\/logo\\\/image\\\/\"}}]}<\/script>\n<!-- \/ Yoast SEO plugin. -->","yoast_head_json":{"title":"Sievie\u0161u un minorit\u0101\u0161u l\u012bdzties\u012bba Sa\u016bda Ar\u0101bij\u0101 - Gradido","description":"Esi da\u013ca no \u0161\u012bs kust\u012bbas! Kop\u0101 m\u0113s nesam Gradido pasaul\u0113.","robots":{"index":"index","follow":"follow","max-snippet":"max-snippet:-1","max-image-preview":"max-image-preview:large","max-video-preview":"max-video-preview:-1"},"canonical":"https:\/\/gradido.net\/lv\/countries\/saudi-arabia\/equality-for-women-and-minorities\/","og_locale":"lv_LV","og_type":"article","og_title":"Gleichstellung von Frauen und Minderheiten in Saudi-Arabien - Gradido","og_description":"Sei Teil der Bewegung!Gemeinsam bringen wir Gradido in die Welt.","og_url":"https:\/\/gradido.net\/lv\/countries\/saudi-arabia\/equality-for-women-and-minorities\/","og_site_name":"Gradido","article_modified_time":"2025-10-04T10:07:28+00:00","og_image":[{"width":2560,"height":790,"url":"https:\/\/gradido.net\/wp-content\/uploads\/2025\/07\/AdobeStock_3210827871-scaled.jpeg","type":"image\/jpeg"}],"twitter_card":"summary_large_image","twitter_misc":{"Est. reading time":"9 min\u016btes"},"schema":{"@context":"https:\/\/schema.org","@graph":[{"@type":"WebPage","@id":"https:\/\/gradido.net\/countries\/saudi-arabia\/equality-for-women-and-minorities\/","url":"https:\/\/gradido.net\/countries\/saudi-arabia\/equality-for-women-and-minorities\/","name":"Sievie\u0161u un minorit\u0101\u0161u l\u012bdzties\u012bba Sa\u016bda Ar\u0101bij\u0101 - Gradido","isPartOf":{"@id":"https:\/\/gradido.net\/de\/#website"},"primaryImageOfPage":{"@id":"https:\/\/gradido.net\/countries\/saudi-arabia\/equality-for-women-and-minorities\/#primaryimage"},"image":{"@id":"https:\/\/gradido.net\/countries\/saudi-arabia\/equality-for-women-and-minorities\/#primaryimage"},"thumbnailUrl":"https:\/\/gradido.net\/wp-content\/uploads\/2025\/07\/AdobeStock_3210827871-scaled.jpeg","datePublished":"2025-08-13T08:13:17+00:00","dateModified":"2025-10-04T10:07:28+00:00","description":"Esi da\u013ca no \u0161\u012bs kust\u012bbas! Kop\u0101 m\u0113s nesam Gradido pasaul\u0113.","breadcrumb":{"@id":"https:\/\/gradido.net\/countries\/saudi-arabia\/equality-for-women-and-minorities\/#breadcrumb"},"inLanguage":"lv-LV","potentialAction":[{"@type":"ReadAction","target":["https:\/\/gradido.net\/countries\/saudi-arabia\/equality-for-women-and-minorities\/"]}]},{"@type":"ImageObject","inLanguage":"lv-LV","@id":"https:\/\/gradido.net\/countries\/saudi-arabia\/equality-for-women-and-minorities\/#primaryimage","url":"https:\/\/gradido.net\/wp-content\/uploads\/2025\/07\/AdobeStock_3210827871-scaled.jpeg","contentUrl":"https:\/\/gradido.net\/wp-content\/uploads\/2025\/07\/AdobeStock_3210827871-scaled.jpeg","width":2560,"height":790,"caption":"world globe planet earth 3d-illustration. elements of this image furnished by NASA"},{"@type":"BreadcrumbList","@id":"https:\/\/gradido.net\/countries\/saudi-arabia\/equality-for-women-and-minorities\/#breadcrumb","itemListElement":[{"@type":"ListItem","position":1,"name":"Startseite","item":"https:\/\/gradido.net\/"},{"@type":"ListItem","position":2,"name":"L\u00e4nderforschung","item":"https:\/\/gradido.net\/countries\/"},{"@type":"ListItem","position":3,"name":"Saudi-Arabien","item":"https:\/\/gradido.net\/countries\/saudi-arabia\/"},{"@type":"ListItem","position":4,"name":"Gleichstellung von Frauen und Minderheiten in Saudi-Arabien"}]},{"@type":"WebSite","@id":"https:\/\/gradido.net\/de\/#website","url":"https:\/\/gradido.net\/de\/","name":"Gradido","description":"Jaun\u0101 val\u016bta ir pateic\u012bba","publisher":{"@id":"https:\/\/gradido.net\/de\/#organization"},"potentialAction":[{"@type":"SearchAction","target":{"@type":"EntryPoint","urlTemplate":"https:\/\/gradido.net\/de\/?s={search_term_string}"},"query-input":{"@type":"PropertyValueSpecification","valueRequired":true,"valueName":"search_term_string"}}],"inLanguage":"lv-LV"},{"@type":"Organization","@id":"https:\/\/gradido.net\/de\/#organization","name":"Gradido","url":"https:\/\/gradido.net\/de\/","logo":{"@type":"ImageObject","inLanguage":"lv-LV","@id":"https:\/\/gradido.net\/de\/#\/schema\/logo\/image\/","url":"https:\/\/gradido.net\/wp-content\/uploads\/2022\/04\/gradido-social.jpg","contentUrl":"https:\/\/gradido.net\/wp-content\/uploads\/2022\/04\/gradido-social.jpg","width":527,"height":273,"caption":"Gradido"},"image":{"@id":"https:\/\/gradido.net\/de\/#\/schema\/logo\/image\/"}}]}},"_links":{"self":[{"href":"https:\/\/gradido.net\/lv\/wp-json\/wp\/v2\/pages\/11085","targetHints":{"allow":["GET"]}}],"collection":[{"href":"https:\/\/gradido.net\/lv\/wp-json\/wp\/v2\/pages"}],"about":[{"href":"https:\/\/gradido.net\/lv\/wp-json\/wp\/v2\/types\/page"}],"author":[{"embeddable":true,"href":"https:\/\/gradido.net\/lv\/wp-json\/wp\/v2\/users\/2"}],"replies":[{"embeddable":true,"href":"https:\/\/gradido.net\/lv\/wp-json\/wp\/v2\/comments?post=11085"}],"version-history":[{"count":13,"href":"https:\/\/gradido.net\/lv\/wp-json\/wp\/v2\/pages\/11085\/revisions"}],"predecessor-version":[{"id":12007,"href":"https:\/\/gradido.net\/lv\/wp-json\/wp\/v2\/pages\/11085\/revisions\/12007"}],"up":[{"embeddable":true,"href":"https:\/\/gradido.net\/lv\/wp-json\/wp\/v2\/pages\/11034"}],"wp:featuredmedia":[{"embeddable":true,"href":"https:\/\/gradido.net\/lv\/wp-json\/wp\/v2\/media\/10458"}],"wp:attachment":[{"href":"https:\/\/gradido.net\/lv\/wp-json\/wp\/v2\/media?parent=11085"}],"curies":[{"name":"wp","href":"https:\/\/api.w.org\/{rel}","templated":true}]}}