{"id":11267,"date":"2025-08-14T13:51:12","date_gmt":"2025-08-14T11:51:12","guid":{"rendered":"https:\/\/gradido.net\/?page_id=11267"},"modified":"2025-10-04T09:44:54","modified_gmt":"2025-10-04T07:44:54","slug":"supplementary-assessment-from-a-gradido-perspective","status":"publish","type":"page","link":"https:\/\/gradido.net\/lv\/countries\/spain\/supplementary-assessment-from-a-gradido-perspective\/","title":{"rendered":"Sp\u0101nija: papildu nov\u0113rt\u0113jums no gradido perspekt\u012bvas"},"content":{"rendered":"<div data-elementor-type=\"wp-page\" data-elementor-id=\"11267\" class=\"elementor elementor-11267\" data-elementor-post-type=\"page\">\n\t\t\t\t\t\t<section class=\"elementor-section elementor-top-section elementor-element elementor-element-4ce3e8af elementor-section-full_width elementor-section-height-default elementor-section-height-default\" data-id=\"4ce3e8af\" data-element_type=\"section\" data-e-type=\"section\">\n\t\t\t\t\t\t<div class=\"elementor-container elementor-column-gap-no\">\n\t\t\t\t\t<div class=\"elementor-column elementor-col-100 elementor-top-column elementor-element elementor-element-efa8c8c\" data-id=\"efa8c8c\" data-element_type=\"column\" data-e-type=\"column\">\n\t\t\t<div class=\"elementor-widget-wrap elementor-element-populated\">\n\t\t\t\t\t\t<div class=\"elementor-element elementor-element-e088aa4 elementor--h-position-center elementor--v-position-middle elementor-arrows-position-inside elementor-widget elementor-widget-slides\" data-id=\"e088aa4\" data-element_type=\"widget\" data-e-type=\"widget\" data-settings=\"{&quot;navigation&quot;:&quot;arrows&quot;,&quot;autoplay&quot;:&quot;yes&quot;,&quot;pause_on_hover&quot;:&quot;yes&quot;,&quot;pause_on_interaction&quot;:&quot;yes&quot;,&quot;autoplay_speed&quot;:5000,&quot;infinite&quot;:&quot;yes&quot;,&quot;transition&quot;:&quot;slide&quot;,&quot;transition_speed&quot;:500}\" data-widget_type=\"slides.default\">\n\t\t\t\t<div class=\"elementor-widget-container\">\n\t\t\t\t\t\t\t\t\t<div class=\"elementor-swiper\">\n\t\t\t\t\t<div class=\"elementor-slides-wrapper elementor-main-swiper swiper\" role=\"region\" aria-roledescription=\"carousel\" aria-label=\"Sl\u012bdnis\" dir=\"ltr\" data-animation=\"fadeInUp\">\n\t\t\t\t<div class=\"swiper-wrapper elementor-slides\">\n\t\t\t\t\t\t\t\t\t\t<div class=\"elementor-repeater-item-2de4990 swiper-slide\" role=\"group\" aria-roledescription=\"slide\"><div class=\"swiper-slide-bg\" role=\"img\" aria-label=\"valencia-1049389_1280\"><\/div><div class=\"swiper-slide-inner\" ><div class=\"swiper-slide-contents\"><\/div><\/div><\/div><div class=\"elementor-repeater-item-28f126e swiper-slide\" role=\"group\" aria-roledescription=\"slide\"><div class=\"swiper-slide-bg\" role=\"img\" aria-label=\"sp\u0101nija-2499681_1280\"><\/div><div class=\"swiper-slide-inner\" ><div class=\"swiper-slide-contents\"><\/div><\/div><\/div><div class=\"elementor-repeater-item-992da35 swiper-slide\" role=\"group\" aria-roledescription=\"slide\"><div class=\"swiper-slide-bg\" role=\"img\" aria-label=\"placa-despanya-7214152_1280\"><\/div><div class=\"swiper-slide-inner\" ><div class=\"swiper-slide-contents\"><\/div><\/div><\/div><div class=\"elementor-repeater-item-1a67a9d swiper-slide\" role=\"group\" aria-roledescription=\"slide\"><div class=\"swiper-slide-bg\" role=\"img\" aria-label=\"windmills-4278679_1280\"><\/div><div class=\"swiper-slide-inner\" ><div class=\"swiper-slide-contents\"><\/div><\/div><\/div><div class=\"elementor-repeater-item-2799f50 swiper-slide\" role=\"group\" aria-roledescription=\"slide\"><div class=\"swiper-slide-bg\" role=\"img\" aria-label=\"sea-8254024_1280\"><\/div><div class=\"swiper-slide-inner\" ><div class=\"swiper-slide-contents\"><\/div><\/div><\/div><div class=\"elementor-repeater-item-22adf08 swiper-slide\" role=\"group\" aria-roledescription=\"slide\"><div class=\"swiper-slide-bg\" role=\"img\" aria-label=\"buildings-5003132_1280\"><\/div><div class=\"swiper-slide-inner\" ><div class=\"swiper-slide-contents\"><\/div><\/div><\/div>\t\t\t\t<\/div>\n\t\t\t\t\t\t\t\t\t\t\t\t\t\t\t<div class=\"elementor-swiper-button elementor-swiper-button-prev\" role=\"button\" tabindex=\"0\" aria-label=\"\u041f\u0440\u0435\u0434\u0438\u0448\u0435\u043d \u0441\u043b\u0430\u0439\u0434\" data-no-translation-aria-label=\"\">\n\t\t\t\t\t\t\t<i aria-hidden=\"true\" class=\"eicon-chevron-left\"><\/i>\t\t\t\t\t\t<\/div>\n\t\t\t\t\t\t<div class=\"elementor-swiper-button elementor-swiper-button-next\" role=\"button\" tabindex=\"0\" aria-label=\"\u0421\u043b\u0435\u0434\u0432\u0430\u0449 \u0441\u043b\u0430\u0439\u0434\" data-no-translation-aria-label=\"\">\n\t\t\t\t\t\t\t<i aria-hidden=\"true\" class=\"eicon-chevron-right\"><\/i>\t\t\t\t\t\t<\/div>\n\t\t\t\t\t\t\t\t\t\t\t\t\t\t\t\t\t<\/div>\n\t\t\t\t<\/div>\n\t\t\t\t\t\t\t\t<\/div>\n\t\t\t\t<\/div>\n\t\t\t\t\t<\/div>\n\t\t<\/div>\n\t\t\t\t\t<\/div>\n\t\t<\/section>\n\t\t\t\t<section class=\"elementor-section elementor-top-section elementor-element elementor-element-240baa7a elementor-section-boxed elementor-section-height-default elementor-section-height-default\" data-id=\"240baa7a\" data-element_type=\"section\" data-e-type=\"section\" data-settings=\"{&quot;background_background&quot;:&quot;classic&quot;}\">\n\t\t\t\t\t\t<div class=\"elementor-container elementor-column-gap-default\">\n\t\t\t\t\t<div class=\"elementor-column elementor-col-100 elementor-top-column elementor-element elementor-element-1afe9e42\" data-id=\"1afe9e42\" data-element_type=\"column\" data-e-type=\"column\">\n\t\t\t<div class=\"elementor-widget-wrap elementor-element-populated\">\n\t\t\t\t\t\t<div class=\"elementor-element elementor-element-65bd50ae elementor-widget elementor-widget-heading\" data-id=\"65bd50ae\" data-element_type=\"widget\" data-e-type=\"widget\" data-widget_type=\"heading.default\">\n\t\t\t\t<div class=\"elementor-widget-container\">\n\t\t\t\t\t<h1 class=\"elementor-heading-title elementor-size-default\">Papildu nov\u0113rt\u0113jums no Gradido perspekt\u012bvas<\/h1>\t\t\t\t<\/div>\n\t\t\t\t<\/div>\n\t\t\t\t\t<\/div>\n\t\t<\/div>\n\t\t\t\t\t<\/div>\n\t\t<\/section>\n\t\t\t\t<section class=\"elementor-section elementor-top-section elementor-element elementor-element-446540f elementor-section-boxed elementor-section-height-default elementor-section-height-default\" data-id=\"446540f\" data-element_type=\"section\" data-e-type=\"section\">\n\t\t\t\t\t\t<div class=\"elementor-container elementor-column-gap-default\">\n\t\t\t\t\t<div class=\"elementor-column elementor-col-100 elementor-top-column elementor-element elementor-element-312a2d3\" data-id=\"312a2d3\" data-element_type=\"column\" data-e-type=\"column\">\n\t\t\t<div class=\"elementor-widget-wrap elementor-element-populated\">\n\t\t\t\t\t\t<div class=\"elementor-element elementor-element-bf79514 elementor-nav-menu--dropdown-tablet elementor-nav-menu__text-align-aside elementor-nav-menu--toggle elementor-nav-menu--burger elementor-widget elementor-widget-nav-menu\" data-id=\"bf79514\" data-element_type=\"widget\" data-e-type=\"widget\" data-settings=\"{&quot;layout&quot;:&quot;horizontal&quot;,&quot;submenu_icon&quot;:{&quot;value&quot;:&quot;&lt;i class=\\&quot;fas fa-caret-down\\&quot; aria-hidden=\\&quot;true\\&quot;&gt;&lt;\\\/i&gt;&quot;,&quot;library&quot;:&quot;fa-solid&quot;},&quot;toggle&quot;:&quot;burger&quot;}\" data-widget_type=\"nav-menu.default\">\n\t\t\t\t<div class=\"elementor-widget-container\">\n\t\t\t\t\t\t\t\t<nav aria-label=\"Valstu izp\u0113te\" class=\"elementor-nav-menu--main elementor-nav-menu__container elementor-nav-menu--layout-horizontal e--pointer-underline e--animation-grow\">\n\t\t\t\t<ul id=\"menu-1-bf79514\" class=\"elementor-nav-menu\"><li class=\"menu-item menu-item-type-custom menu-item-object-custom menu-item-has-children menu-item-12305\"><a class=\"elementor-item\">\u0100frika<\/a>\n<ul class=\"sub-menu elementor-nav-menu--dropdown\">\n\t<li class=\"menu-item menu-item-type-post_type menu-item-object-page menu-item-12253\"><a href=\"https:\/\/gradido.net\/lv\/countries\/afrika\/\" class=\"elementor-sub-item\">\u0100frika, viss kontinents<\/a><\/li>\n\t<li class=\"menu-item menu-item-type-post_type menu-item-object-page menu-item-13097\"><a href=\"https:\/\/gradido.net\/lv\/countries\/afrika\/dr-congo\/\" class=\"elementor-sub-item\">Kongo Demokr\u0101tisk\u0101 Republika<\/a><\/li>\n\t<li class=\"menu-item menu-item-type-post_type menu-item-object-page menu-item-12414\"><a href=\"https:\/\/gradido.net\/lv\/countries\/afrika\/kenya\/\" class=\"elementor-sub-item\">Kenija<\/a><\/li>\n\t<li class=\"menu-item menu-item-type-post_type menu-item-object-page menu-item-12737\"><a href=\"https:\/\/gradido.net\/lv\/countries\/afrika\/madagascar\/\" class=\"elementor-sub-item\">Madagaskara<\/a><\/li>\n\t<li class=\"menu-item menu-item-type-post_type menu-item-object-page menu-item-12148\"><a href=\"https:\/\/gradido.net\/lv\/countries\/afrika\/namibia\/\" class=\"elementor-sub-item\">Nam\u012bbija<\/a><\/li>\n\t<li class=\"menu-item menu-item-type-post_type menu-item-object-page menu-item-12839\"><a href=\"https:\/\/gradido.net\/lv\/countries\/afrika\/rwanda\/\" class=\"elementor-sub-item\">Ruanda<\/a><\/li>\n<\/ul>\n<\/li>\n<li class=\"menu-item menu-item-type-custom menu-item-object-custom menu-item-has-children menu-item-11798\"><a class=\"elementor-item\">America<\/a>\n<ul class=\"sub-menu elementor-nav-menu--dropdown\">\n\t<li class=\"menu-item menu-item-type-post_type menu-item-object-page menu-item-12463\"><a href=\"https:\/\/gradido.net\/lv\/countries\/usa\/\" class=\"elementor-sub-item\">ASV<\/a><\/li>\n\t<li class=\"menu-item menu-item-type-post_type menu-item-object-page menu-item-11791\"><a href=\"https:\/\/gradido.net\/lv\/countries\/mexico\/\" class=\"elementor-sub-item\">Meksika<\/a><\/li>\n<\/ul>\n<\/li>\n<li class=\"menu-item menu-item-type-custom menu-item-object-custom menu-item-has-children menu-item-11800\"><a class=\"elementor-item\">Asia<\/a>\n<ul class=\"sub-menu elementor-nav-menu--dropdown\">\n\t<li class=\"menu-item menu-item-type-post_type menu-item-object-page menu-item-11794\"><a href=\"https:\/\/gradido.net\/lv\/countries\/maledives\/\" class=\"elementor-sub-item\">Mald\u012bvu salas<\/a><\/li>\n\t<li class=\"menu-item menu-item-type-post_type menu-item-object-page menu-item-11790\"><a href=\"https:\/\/gradido.net\/lv\/countries\/philippines\/\" class=\"elementor-sub-item\">Filip\u012bnas<\/a><\/li>\n\t<li class=\"menu-item menu-item-type-post_type menu-item-object-page menu-item-11802\"><a href=\"https:\/\/gradido.net\/lv\/countries\/saudi-arabia\/\" class=\"elementor-sub-item\">Sa\u016bda Ar\u0101bija<\/a><\/li>\n<\/ul>\n<\/li>\n<li class=\"menu-item menu-item-type-custom menu-item-object-custom menu-item-has-children menu-item-11797\"><a class=\"elementor-item\">Eiropa<\/a>\n<ul class=\"sub-menu elementor-nav-menu--dropdown\">\n\t<li class=\"menu-item menu-item-type-post_type menu-item-object-page menu-item-11805\"><a href=\"https:\/\/gradido.net\/lv\/countries\/germany\/\" class=\"elementor-sub-item\">V\u0101cija<\/a><\/li>\n\t<li class=\"menu-item menu-item-type-post_type menu-item-object-page menu-item-11803\"><a href=\"https:\/\/gradido.net\/lv\/countries\/greece\/\" class=\"elementor-sub-item\">Grie\u0137ija<\/a><\/li>\n\t<li class=\"menu-item menu-item-type-post_type menu-item-object-page menu-item-11788\"><a href=\"https:\/\/gradido.net\/lv\/countries\/spain\/\" class=\"elementor-sub-item\">Sp\u0101nija<\/a><\/li>\n<\/ul>\n<\/li>\n<li class=\"menu-item menu-item-type-custom menu-item-object-custom menu-item-has-children menu-item-11801\"><a class=\"elementor-item\">Oke\u0101nija<\/a>\n<ul class=\"sub-menu elementor-nav-menu--dropdown\">\n\t<li class=\"menu-item menu-item-type-post_type menu-item-object-page menu-item-11793\"><a href=\"https:\/\/gradido.net\/lv\/countries\/marshall-islands\/\" class=\"elementor-sub-item\">M\u0101r\u0161ala salas<\/a><\/li>\n\t<li class=\"menu-item menu-item-type-post_type menu-item-object-page menu-item-11795\"><a href=\"https:\/\/gradido.net\/lv\/countries\/tahiti\/\" class=\"elementor-sub-item\">Tahiti<\/a><\/li>\n<\/ul>\n<\/li>\n<\/ul>\t\t\t<\/nav>\n\t\t\t\t\t<div class=\"elementor-menu-toggle\" role=\"button\" tabindex=\"0\" aria-label=\"Izv\u0113lnes p\u0101rsl\u0113g\u0161ana\" aria-expanded=\"false\">\n\t\t\t<i aria-hidden=\"true\" role=\"presentation\" class=\"elementor-menu-toggle__icon--open eicon-menu-bar\"><\/i><i aria-hidden=\"true\" role=\"presentation\" class=\"elementor-menu-toggle__icon--close eicon-close\"><\/i>\t\t<\/div>\n\t\t\t\t\t<nav class=\"elementor-nav-menu--dropdown elementor-nav-menu__container\" aria-hidden=\"true\">\n\t\t\t\t<ul id=\"menu-2-bf79514\" class=\"elementor-nav-menu\"><li class=\"menu-item menu-item-type-custom menu-item-object-custom menu-item-has-children menu-item-12305\"><a class=\"elementor-item\" tabindex=\"-1\">\u0100frika<\/a>\n<ul class=\"sub-menu elementor-nav-menu--dropdown\">\n\t<li class=\"menu-item menu-item-type-post_type menu-item-object-page menu-item-12253\"><a href=\"https:\/\/gradido.net\/lv\/countries\/afrika\/\" class=\"elementor-sub-item\" tabindex=\"-1\">\u0100frika, viss kontinents<\/a><\/li>\n\t<li class=\"menu-item menu-item-type-post_type menu-item-object-page menu-item-13097\"><a href=\"https:\/\/gradido.net\/lv\/countries\/afrika\/dr-congo\/\" class=\"elementor-sub-item\" tabindex=\"-1\">Kongo Demokr\u0101tisk\u0101 Republika<\/a><\/li>\n\t<li class=\"menu-item menu-item-type-post_type menu-item-object-page menu-item-12414\"><a href=\"https:\/\/gradido.net\/lv\/countries\/afrika\/kenya\/\" class=\"elementor-sub-item\" tabindex=\"-1\">Kenija<\/a><\/li>\n\t<li class=\"menu-item menu-item-type-post_type menu-item-object-page menu-item-12737\"><a href=\"https:\/\/gradido.net\/lv\/countries\/afrika\/madagascar\/\" class=\"elementor-sub-item\" tabindex=\"-1\">Madagaskara<\/a><\/li>\n\t<li class=\"menu-item menu-item-type-post_type menu-item-object-page menu-item-12148\"><a href=\"https:\/\/gradido.net\/lv\/countries\/afrika\/namibia\/\" class=\"elementor-sub-item\" tabindex=\"-1\">Nam\u012bbija<\/a><\/li>\n\t<li class=\"menu-item menu-item-type-post_type menu-item-object-page menu-item-12839\"><a href=\"https:\/\/gradido.net\/lv\/countries\/afrika\/rwanda\/\" class=\"elementor-sub-item\" tabindex=\"-1\">Ruanda<\/a><\/li>\n<\/ul>\n<\/li>\n<li class=\"menu-item menu-item-type-custom menu-item-object-custom menu-item-has-children menu-item-11798\"><a class=\"elementor-item\" tabindex=\"-1\">America<\/a>\n<ul class=\"sub-menu elementor-nav-menu--dropdown\">\n\t<li class=\"menu-item menu-item-type-post_type menu-item-object-page menu-item-12463\"><a href=\"https:\/\/gradido.net\/lv\/countries\/usa\/\" class=\"elementor-sub-item\" tabindex=\"-1\">ASV<\/a><\/li>\n\t<li class=\"menu-item menu-item-type-post_type menu-item-object-page menu-item-11791\"><a href=\"https:\/\/gradido.net\/lv\/countries\/mexico\/\" class=\"elementor-sub-item\" tabindex=\"-1\">Meksika<\/a><\/li>\n<\/ul>\n<\/li>\n<li class=\"menu-item menu-item-type-custom menu-item-object-custom menu-item-has-children menu-item-11800\"><a class=\"elementor-item\" tabindex=\"-1\">Asia<\/a>\n<ul class=\"sub-menu elementor-nav-menu--dropdown\">\n\t<li class=\"menu-item menu-item-type-post_type menu-item-object-page menu-item-11794\"><a href=\"https:\/\/gradido.net\/lv\/countries\/maledives\/\" class=\"elementor-sub-item\" tabindex=\"-1\">Mald\u012bvu salas<\/a><\/li>\n\t<li class=\"menu-item menu-item-type-post_type menu-item-object-page menu-item-11790\"><a href=\"https:\/\/gradido.net\/lv\/countries\/philippines\/\" class=\"elementor-sub-item\" tabindex=\"-1\">Filip\u012bnas<\/a><\/li>\n\t<li class=\"menu-item menu-item-type-post_type menu-item-object-page menu-item-11802\"><a href=\"https:\/\/gradido.net\/lv\/countries\/saudi-arabia\/\" class=\"elementor-sub-item\" tabindex=\"-1\">Sa\u016bda Ar\u0101bija<\/a><\/li>\n<\/ul>\n<\/li>\n<li class=\"menu-item menu-item-type-custom menu-item-object-custom menu-item-has-children menu-item-11797\"><a class=\"elementor-item\" tabindex=\"-1\">Eiropa<\/a>\n<ul class=\"sub-menu elementor-nav-menu--dropdown\">\n\t<li class=\"menu-item menu-item-type-post_type menu-item-object-page menu-item-11805\"><a href=\"https:\/\/gradido.net\/lv\/countries\/germany\/\" class=\"elementor-sub-item\" tabindex=\"-1\">V\u0101cija<\/a><\/li>\n\t<li class=\"menu-item menu-item-type-post_type menu-item-object-page menu-item-11803\"><a href=\"https:\/\/gradido.net\/lv\/countries\/greece\/\" class=\"elementor-sub-item\" tabindex=\"-1\">Grie\u0137ija<\/a><\/li>\n\t<li class=\"menu-item menu-item-type-post_type menu-item-object-page menu-item-11788\"><a href=\"https:\/\/gradido.net\/lv\/countries\/spain\/\" class=\"elementor-sub-item\" tabindex=\"-1\">Sp\u0101nija<\/a><\/li>\n<\/ul>\n<\/li>\n<li class=\"menu-item menu-item-type-custom menu-item-object-custom menu-item-has-children menu-item-11801\"><a class=\"elementor-item\" tabindex=\"-1\">Oke\u0101nija<\/a>\n<ul class=\"sub-menu elementor-nav-menu--dropdown\">\n\t<li class=\"menu-item menu-item-type-post_type menu-item-object-page menu-item-11793\"><a href=\"https:\/\/gradido.net\/lv\/countries\/marshall-islands\/\" class=\"elementor-sub-item\" tabindex=\"-1\">M\u0101r\u0161ala salas<\/a><\/li>\n\t<li class=\"menu-item menu-item-type-post_type menu-item-object-page menu-item-11795\"><a href=\"https:\/\/gradido.net\/lv\/countries\/tahiti\/\" class=\"elementor-sub-item\" tabindex=\"-1\">Tahiti<\/a><\/li>\n<\/ul>\n<\/li>\n<\/ul>\t\t\t<\/nav>\n\t\t\t\t\t\t<\/div>\n\t\t\t\t<\/div>\n\t\t\t\t<div class=\"elementor-element elementor-element-b760de4 elementor-widget elementor-widget-breadcrumbs\" data-id=\"b760de4\" data-element_type=\"widget\" data-e-type=\"widget\" data-widget_type=\"breadcrumbs.default\">\n\t\t\t\t<div class=\"elementor-widget-container\">\n\t\t\t\t\t<p id=\"breadcrumbs\"><span><span><a href=\"https:\/\/gradido.net\/lv\/\">M\u0101jas lapa<\/a><\/span><\/span><\/p>\t\t\t\t<\/div>\n\t\t\t\t<\/div>\n\t\t\t\t<div class=\"elementor-element elementor-element-a9db9a5 elementor-widget elementor-widget-text-editor\" data-id=\"a9db9a5\" data-element_type=\"widget\" data-e-type=\"widget\" data-widget_type=\"text-editor.default\">\n\t\t\t\t<div class=\"elementor-widget-container\">\n\t\t\t\t\t\t\t\t\t<h2 style=\"text-align: center;\"><a href=\"https:\/\/gradido.net\/lv\/countries\/spain\/\"><strong>Galven\u0101 lapa: Sp\u0101nija<\/strong><\/a><\/h2><p style=\"text-align: center;\">\u00a0 \u00a0<strong>Apak\u0161lapas:<\/strong><\/p><p style=\"text-align: center;\"><strong>Papildu nov\u0113rt\u0113jums no Gradido perspekt\u012bvas<\/strong><\/p>\t\t\t\t\t\t\t\t<\/div>\n\t\t\t\t<\/div>\n\t\t\t\t<div class=\"elementor-element elementor-element-d7bb196 elementor-widget-divider--view-line elementor-widget elementor-widget-divider\" data-id=\"d7bb196\" data-element_type=\"widget\" data-e-type=\"widget\" data-widget_type=\"divider.default\">\n\t\t\t\t<div class=\"elementor-widget-container\">\n\t\t\t\t\t\t\t<div class=\"elementor-divider\">\n\t\t\t<span class=\"elementor-divider-separator\">\n\t\t\t\t\t\t<\/span>\n\t\t<\/div>\n\t\t\t\t\t\t<\/div>\n\t\t\t\t<\/div>\n\t\t\t\t<div class=\"elementor-element elementor-element-146ff9d elementor-widget elementor-widget-text-editor\" data-id=\"146ff9d\" data-element_type=\"widget\" data-e-type=\"widget\" data-widget_type=\"text-editor.default\">\n\t\t\t\t<div class=\"elementor-widget-container\">\n\t\t\t\t\t\t\t\t\t<div class=\"wiki-page-header-wrapper\"><div class=\"wiki-page-header-wrapper\"><h2>Sp\u0101nija un Gradido - ilgtsp\u0113j\u012bgas un dz\u012bvei draudz\u012bgas n\u0101kotnes iesp\u0113jas<\/h2><p>Sp\u0101nija saskaras ar daudz\u0101m probl\u0113m\u0101m, ta\u010du vienlaikus tai ir nenov\u0113rt\u0113jami bag\u0101t\u012bgi soci\u0101lie, kult\u016bras un struktur\u0101lie resursi, uz kuriem var balst\u012bties t\u0101ds ekonomikas modelis k\u0101 Gradido, kas orient\u0113ts uz kop\u0113jo labumu.<\/p><h3>Sp\u0113c\u012bgs soci\u0101lais t\u012bkls un savstarp\u0113ja solidarit\u0101te<\/h3><p>\u0122imenes, kaimi\u0146u un kopienas trad\u012bciju (\"vecindad\") dzi\u013c\u0101s saknes veido lielisku humusu pateic\u012bbas naudas principiem. Gradido beidzot var padar\u012bt \u0161os eso\u0161os, bie\u017ei vien neform\u0101los solidarit\u0101tes aktus soci\u0101li redzamus, v\u0113rt\u012bgus un izm\u0113r\u0101mus. \u012apa\u0161i br\u012bvpr\u0101t\u012bga iesaist\u012b\u0161an\u0101s un apr\u016bpes darbs, kas parasti paliek apsl\u0113pti, ar Gradido pal\u012bdz\u012bbu var\u0113tu sa\u0146emt atzin\u012bbu, ko tie ir peln\u012bju\u0161i.<\/p><h3>Pier\u0101d\u012bts inov\u0101cijas potenci\u0101ls un digit\u0101l\u0101 afinit\u0101te<\/h3><p>Sp\u0101nija ir \u013coti atv\u0113rta digit\u0101lajiem risin\u0101jumiem, jaun\u0101m maks\u0101jumu metod\u0113m un alternat\u012bviem sadarb\u012bbas mode\u013ciem, \u012bpa\u0161i jaunie\u0161u vid\u016b. T\u0101du r\u012bku k\u0101 Bizum vai eksperiment\u0101lo viet\u0113jo val\u016btu (piem\u0113ram, REC Barselon\u0101) liel\u0101 pie\u0146em\u0161ana paver ide\u0101lus apst\u0101k\u013cus Gradido k\u0101 digit\u0101l\u0101s un l\u012bdzdal\u012bbas papildino\u0161\u0101s val\u016btas izveidei. Valsts feder\u0101l\u0101 sist\u0113ma, kas ir orient\u0113ta uz autonomiju un re\u0123ion\u0101lo daudzveid\u012bbu, ar\u012b \u013cauj \u012bstenot piel\u0101gotus izm\u0113\u0123in\u0101juma projektus, kas var pak\u0101peniski att\u012bst\u012bties, pamatojoties uz ier\u0101m\u0113tu viet\u0113jo pieredzi.<\/p><h3>Soci\u0101l\u0101 ekonomika, kooperat\u012bvi un daudzveid\u012bba<\/h3><p>Sp\u0101nijai, kur\u0101 ir efekt\u012bvi kooperat\u012bvi, soci\u0101lie uz\u0146\u0113mumi un soci\u0101lie t\u012bkli, ir augl\u012bga augsne Gradido ievie\u0161anai. Tie\u0161i \u0161ie dal\u012bbnieki var\u0113tu b\u016bt jaun\u0101s ekonomisk\u0101s un soci\u0101l\u0101s kult\u016bras aizs\u0101c\u0113ji, kas p\u0101rdom\u0101 labkl\u0101j\u012bbu holistisk\u0101 veid\u0101: cilv\u0113kiem un videi.<\/p><h3>Nevienl\u012bdz\u012bbas un nabadz\u012bbas p\u0101rvar\u0113\u0161ana<\/h3><p>Liel\u0101 soci\u0101l\u0101 plaisa starp bag\u0101tajiem un nabadz\u012bgajiem, augstais b\u0113rnu un \u0123ime\u0146u nabadz\u012bbas risks, k\u0101 ar\u012b daudzu dz\u012bves g\u0101jumu nedro\u0161\u012bba padara t\u0101du p\u0101rveidi k\u0101 Gradido, kas ir v\u0113rsta uz kop\u0113jo labumu, tikpat steidzamu k\u0101 sapr\u0101t\u012bgu. Gradido iest\u0101jas par taisn\u012bgu l\u012bdzdal\u012bbu un patiesu visu cilv\u0113ku iesaist\u012b\u0161anu v\u0113rt\u012bbu rad\u012b\u0161an\u0101 neatkar\u012bgi no vi\u0146u izcelsmes, ien\u0101kumiem vai statusa. \u0160eit b\u016btu iesp\u0113jams rad\u012bt jaunas iesp\u0113jas un patiesu nov\u0113rt\u0113jumu, jo \u012bpa\u0161i jaunie\u0161iem, migrantiem un iepriek\u0161 nelabv\u0113l\u012bg\u0101 situ\u0101cij\u0101 eso\u0161\u0101m grup\u0101m.<\/p><h3>Ilgtsp\u0113ja un lauku apvidi<\/h3><p>Gradido pied\u0101v\u0101 ar\u012b lieliskas iesp\u0113jas lauksaimniec\u012bbas un re\u0123ion\u0101l\u0101s att\u012bst\u012bbas jom\u0101 apvienot re\u0123ionu tradicion\u0101l\u0101s zin\u0101\u0161anas ar inovat\u012bv\u0101m ilgtsp\u0113j\u012bg\u0101m pieej\u0101m. \u012asi ekonomiskie cikli, kooper\u0101cijas, uz solidarit\u0101ti balst\u012bta lauksaimniec\u012bba vai kopienas ener\u0123\u0113tikas projekti var ne tikai stiprin\u0101t lauku re\u0123ionus, bet ar\u012b veidot tiltus starp pils\u0113tu un laukiem, jaunie\u0161iem un veciem cilv\u0113kiem, trad\u012bcij\u0101m un inov\u0101cij\u0101m.<\/p><h3>Iesp\u0113jas, izmantojot starptautiskos sadarb\u012bbas t\u012bklus<\/h3><p>Sp\u0101nija k\u0101 tilta valsts starp Eiropu, Lat\u012b\u0146ameriku un Vidusj\u016bras re\u0123ionu, iedvesmojoties no Gradido, var k\u013c\u016bt par glob\u0101lu paraugu: Par ekonomiku, kas dod labumu visiem, par mieru, labkl\u0101j\u012bbu un br\u012bv\u012bbu glob\u0101l\u0101 solidarit\u0101t\u0113.<\/p><p>\u2014<\/p><h2>Secin\u0101jums:<\/h2><p>Gradido uzskata, ka Sp\u0101nija ir gatava \"maigai kop\u012bbas revol\u016bcijai\", kas balst\u0101s uz p\u0101rbaud\u012bto un p\u0101rbaud\u012bto un paver jaunus ce\u013cus kop\u0113jam labumam, pateic\u012bbai un l\u012bdzdal\u012bbai. Tam ir labv\u0113l\u012bg\u0101ki apst\u0101k\u013ci nek\u0101 daudz\u0101s cit\u0101s valst\u012bs: Ir vajadz\u012bga tikai drosme, p\u0101rliec\u012bba un v\u0113lme spert pirmo soli!<\/p><\/div><\/div>\t\t\t\t\t\t\t\t<\/div>\n\t\t\t\t<\/div>\n\t\t\t\t\t<\/div>\n\t\t<\/div>\n\t\t\t\t\t<\/div>\n\t\t<\/section>\n\t\t\t\t<\/div>","protected":false},"excerpt":{"rendered":"<p>Erg\u00e4nzende Einsch\u00e4tzung aus Gradido-Perspektive Hauptseite: Spanien \u00a0 \u00a0Unterseiten: Erg\u00e4nzende Einsch\u00e4tzung aus Gradido-Perspektive Spanien und Gradido \u2013 Chancen f\u00fcr eine nachhaltige und lebensfreundliche Zukunft Spanien steht inmitten vielf\u00e4ltiger Herausforderungen, besitzt aber zugleich einen unsch\u00e4tzbaren Schatz an sozialen, kulturellen und strukturellen Ressourcen, auf denen ein gemeinwohlorientiertes Wirtschaftsmodell wie Gradido hervorragend aufbauen kann. Starkes soziales Netz und solidarisches [&hellip;]<\/p>\n","protected":false},"author":2,"featured_media":10458,"parent":11249,"menu_order":0,"comment_status":"closed","ping_status":"closed","template":"","meta":{"footnotes":""},"class_list":["post-11267","page","type-page","status-publish","has-post-thumbnail","hentry"],"yoast_head":"<!-- This site is optimized with the Yoast SEO plugin v27.5 - https:\/\/yoast.com\/product\/yoast-seo-wordpress\/ -->\n<title>Spanien: Erg\u00e4nzende Einsch\u00e4tzung aus Gradido-Perspektive - Gradido<\/title>\n<meta name=\"description\" content=\"Sei Teil der Bewegung!Gemeinsam bringen wir Gradido in die Welt.\" \/>\n<meta name=\"robots\" content=\"index, follow, max-snippet:-1, max-image-preview:large, max-video-preview:-1\" \/>\n<link rel=\"canonical\" href=\"https:\/\/gradido.net\/lv\/countries\/spain\/supplementary-assessment-from-a-gradido-perspective\/\" \/>\n<meta property=\"og:locale\" content=\"lv_LV\" \/>\n<meta property=\"og:type\" content=\"article\" \/>\n<meta property=\"og:title\" content=\"Spanien: Erg\u00e4nzende Einsch\u00e4tzung aus Gradido-Perspektive - Gradido\" \/>\n<meta property=\"og:description\" content=\"Sei Teil der Bewegung!Gemeinsam bringen wir Gradido in die Welt.\" \/>\n<meta property=\"og:url\" content=\"https:\/\/gradido.net\/lv\/countries\/spain\/supplementary-assessment-from-a-gradido-perspective\/\" \/>\n<meta property=\"og:site_name\" content=\"Gradido\" \/>\n<meta property=\"article:modified_time\" content=\"2025-10-04T07:44:54+00:00\" \/>\n<meta property=\"og:image\" content=\"https:\/\/gradido.net\/wp-content\/uploads\/2025\/07\/AdobeStock_3210827871-scaled.jpeg\" \/>\n\t<meta property=\"og:image:width\" content=\"2560\" \/>\n\t<meta property=\"og:image:height\" content=\"790\" \/>\n\t<meta property=\"og:image:type\" content=\"image\/jpeg\" \/>\n<meta name=\"twitter:card\" content=\"summary_large_image\" \/>\n<meta name=\"twitter:label1\" content=\"Est. reading time\" \/>\n\t<meta name=\"twitter:data1\" content=\"3 min\u016btes\" \/>\n<script type=\"application\/ld+json\" class=\"yoast-schema-graph\">{\"@context\":\"https:\\\/\\\/schema.org\",\"@graph\":[{\"@type\":\"WebPage\",\"@id\":\"https:\\\/\\\/gradido.net\\\/countries\\\/spain\\\/supplementary-assessment-from-a-gradido-perspective\\\/\",\"url\":\"https:\\\/\\\/gradido.net\\\/countries\\\/spain\\\/supplementary-assessment-from-a-gradido-perspective\\\/\",\"name\":\"Spanien: Erg\u00e4nzende Einsch\u00e4tzung aus Gradido-Perspektive - Gradido\",\"isPartOf\":{\"@id\":\"https:\\\/\\\/gradido.net\\\/de\\\/#website\"},\"primaryImageOfPage\":{\"@id\":\"https:\\\/\\\/gradido.net\\\/countries\\\/spain\\\/supplementary-assessment-from-a-gradido-perspective\\\/#primaryimage\"},\"image\":{\"@id\":\"https:\\\/\\\/gradido.net\\\/countries\\\/spain\\\/supplementary-assessment-from-a-gradido-perspective\\\/#primaryimage\"},\"thumbnailUrl\":\"https:\\\/\\\/gradido.net\\\/wp-content\\\/uploads\\\/2025\\\/07\\\/AdobeStock_3210827871-scaled.jpeg\",\"datePublished\":\"2025-08-14T11:51:12+00:00\",\"dateModified\":\"2025-10-04T07:44:54+00:00\",\"description\":\"Sei Teil der Bewegung!Gemeinsam bringen wir Gradido in die Welt.\",\"breadcrumb\":{\"@id\":\"https:\\\/\\\/gradido.net\\\/countries\\\/spain\\\/supplementary-assessment-from-a-gradido-perspective\\\/#breadcrumb\"},\"inLanguage\":\"lv-LV\",\"potentialAction\":[{\"@type\":\"ReadAction\",\"target\":[\"https:\\\/\\\/gradido.net\\\/countries\\\/spain\\\/supplementary-assessment-from-a-gradido-perspective\\\/\"]}]},{\"@type\":\"ImageObject\",\"inLanguage\":\"lv-LV\",\"@id\":\"https:\\\/\\\/gradido.net\\\/countries\\\/spain\\\/supplementary-assessment-from-a-gradido-perspective\\\/#primaryimage\",\"url\":\"https:\\\/\\\/gradido.net\\\/wp-content\\\/uploads\\\/2025\\\/07\\\/AdobeStock_3210827871-scaled.jpeg\",\"contentUrl\":\"https:\\\/\\\/gradido.net\\\/wp-content\\\/uploads\\\/2025\\\/07\\\/AdobeStock_3210827871-scaled.jpeg\",\"width\":2560,\"height\":790,\"caption\":\"world globe planet earth 3d-illustration. elements of this image furnished by NASA\"},{\"@type\":\"BreadcrumbList\",\"@id\":\"https:\\\/\\\/gradido.net\\\/countries\\\/spain\\\/supplementary-assessment-from-a-gradido-perspective\\\/#breadcrumb\",\"itemListElement\":[{\"@type\":\"ListItem\",\"position\":1,\"name\":\"Startseite\",\"item\":\"https:\\\/\\\/gradido.net\\\/\"},{\"@type\":\"ListItem\",\"position\":2,\"name\":\"L\u00e4nderforschung\",\"item\":\"https:\\\/\\\/gradido.net\\\/countries\\\/\"},{\"@type\":\"ListItem\",\"position\":3,\"name\":\"Spanien\",\"item\":\"https:\\\/\\\/gradido.net\\\/countries\\\/spain\\\/\"},{\"@type\":\"ListItem\",\"position\":4,\"name\":\"Spanien: Erg\u00e4nzende Einsch\u00e4tzung aus Gradido-Perspektive\"}]},{\"@type\":\"WebSite\",\"@id\":\"https:\\\/\\\/gradido.net\\\/de\\\/#website\",\"url\":\"https:\\\/\\\/gradido.net\\\/de\\\/\",\"name\":\"Gradido\",\"description\":\"Die neue W\u00e4hrung hei\u00dft Dankbarkeit\",\"publisher\":{\"@id\":\"https:\\\/\\\/gradido.net\\\/de\\\/#organization\"},\"potentialAction\":[{\"@type\":\"SearchAction\",\"target\":{\"@type\":\"EntryPoint\",\"urlTemplate\":\"https:\\\/\\\/gradido.net\\\/de\\\/?s={search_term_string}\"},\"query-input\":{\"@type\":\"PropertyValueSpecification\",\"valueRequired\":true,\"valueName\":\"search_term_string\"}}],\"inLanguage\":\"lv-LV\"},{\"@type\":\"Organization\",\"@id\":\"https:\\\/\\\/gradido.net\\\/de\\\/#organization\",\"name\":\"Gradido\",\"url\":\"https:\\\/\\\/gradido.net\\\/de\\\/\",\"logo\":{\"@type\":\"ImageObject\",\"inLanguage\":\"lv-LV\",\"@id\":\"https:\\\/\\\/gradido.net\\\/de\\\/#\\\/schema\\\/logo\\\/image\\\/\",\"url\":\"https:\\\/\\\/gradido.net\\\/wp-content\\\/uploads\\\/2022\\\/04\\\/gradido-social.jpg\",\"contentUrl\":\"https:\\\/\\\/gradido.net\\\/wp-content\\\/uploads\\\/2022\\\/04\\\/gradido-social.jpg\",\"width\":527,\"height\":273,\"caption\":\"Gradido\"},\"image\":{\"@id\":\"https:\\\/\\\/gradido.net\\\/de\\\/#\\\/schema\\\/logo\\\/image\\\/\"}}]}<\/script>\n<!-- \/ Yoast SEO plugin. -->","yoast_head_json":{"title":"Sp\u0101nija: papildu nov\u0113rt\u0113jums no Gradido perspekt\u012bvas - Gradido","description":"Esi da\u013ca no \u0161\u012bs kust\u012bbas! Kop\u0101 m\u0113s nesam Gradido pasaul\u0113.","robots":{"index":"index","follow":"follow","max-snippet":"max-snippet:-1","max-image-preview":"max-image-preview:large","max-video-preview":"max-video-preview:-1"},"canonical":"https:\/\/gradido.net\/lv\/countries\/spain\/supplementary-assessment-from-a-gradido-perspective\/","og_locale":"lv_LV","og_type":"article","og_title":"Spanien: Erg\u00e4nzende Einsch\u00e4tzung aus Gradido-Perspektive - Gradido","og_description":"Sei Teil der Bewegung!Gemeinsam bringen wir Gradido in die Welt.","og_url":"https:\/\/gradido.net\/lv\/countries\/spain\/supplementary-assessment-from-a-gradido-perspective\/","og_site_name":"Gradido","article_modified_time":"2025-10-04T07:44:54+00:00","og_image":[{"width":2560,"height":790,"url":"https:\/\/gradido.net\/wp-content\/uploads\/2025\/07\/AdobeStock_3210827871-scaled.jpeg","type":"image\/jpeg"}],"twitter_card":"summary_large_image","twitter_misc":{"Est. reading time":"3 min\u016btes"},"schema":{"@context":"https:\/\/schema.org","@graph":[{"@type":"WebPage","@id":"https:\/\/gradido.net\/countries\/spain\/supplementary-assessment-from-a-gradido-perspective\/","url":"https:\/\/gradido.net\/countries\/spain\/supplementary-assessment-from-a-gradido-perspective\/","name":"Sp\u0101nija: papildu nov\u0113rt\u0113jums no Gradido perspekt\u012bvas - Gradido","isPartOf":{"@id":"https:\/\/gradido.net\/de\/#website"},"primaryImageOfPage":{"@id":"https:\/\/gradido.net\/countries\/spain\/supplementary-assessment-from-a-gradido-perspective\/#primaryimage"},"image":{"@id":"https:\/\/gradido.net\/countries\/spain\/supplementary-assessment-from-a-gradido-perspective\/#primaryimage"},"thumbnailUrl":"https:\/\/gradido.net\/wp-content\/uploads\/2025\/07\/AdobeStock_3210827871-scaled.jpeg","datePublished":"2025-08-14T11:51:12+00:00","dateModified":"2025-10-04T07:44:54+00:00","description":"Esi da\u013ca no \u0161\u012bs kust\u012bbas! Kop\u0101 m\u0113s nesam Gradido pasaul\u0113.","breadcrumb":{"@id":"https:\/\/gradido.net\/countries\/spain\/supplementary-assessment-from-a-gradido-perspective\/#breadcrumb"},"inLanguage":"lv-LV","potentialAction":[{"@type":"ReadAction","target":["https:\/\/gradido.net\/countries\/spain\/supplementary-assessment-from-a-gradido-perspective\/"]}]},{"@type":"ImageObject","inLanguage":"lv-LV","@id":"https:\/\/gradido.net\/countries\/spain\/supplementary-assessment-from-a-gradido-perspective\/#primaryimage","url":"https:\/\/gradido.net\/wp-content\/uploads\/2025\/07\/AdobeStock_3210827871-scaled.jpeg","contentUrl":"https:\/\/gradido.net\/wp-content\/uploads\/2025\/07\/AdobeStock_3210827871-scaled.jpeg","width":2560,"height":790,"caption":"world globe planet earth 3d-illustration. elements of this image furnished by NASA"},{"@type":"BreadcrumbList","@id":"https:\/\/gradido.net\/countries\/spain\/supplementary-assessment-from-a-gradido-perspective\/#breadcrumb","itemListElement":[{"@type":"ListItem","position":1,"name":"Startseite","item":"https:\/\/gradido.net\/"},{"@type":"ListItem","position":2,"name":"L\u00e4nderforschung","item":"https:\/\/gradido.net\/countries\/"},{"@type":"ListItem","position":3,"name":"Spanien","item":"https:\/\/gradido.net\/countries\/spain\/"},{"@type":"ListItem","position":4,"name":"Spanien: Erg\u00e4nzende Einsch\u00e4tzung aus Gradido-Perspektive"}]},{"@type":"WebSite","@id":"https:\/\/gradido.net\/de\/#website","url":"https:\/\/gradido.net\/de\/","name":"Gradido","description":"Jaun\u0101 val\u016bta ir pateic\u012bba","publisher":{"@id":"https:\/\/gradido.net\/de\/#organization"},"potentialAction":[{"@type":"SearchAction","target":{"@type":"EntryPoint","urlTemplate":"https:\/\/gradido.net\/de\/?s={search_term_string}"},"query-input":{"@type":"PropertyValueSpecification","valueRequired":true,"valueName":"search_term_string"}}],"inLanguage":"lv-LV"},{"@type":"Organization","@id":"https:\/\/gradido.net\/de\/#organization","name":"Gradido","url":"https:\/\/gradido.net\/de\/","logo":{"@type":"ImageObject","inLanguage":"lv-LV","@id":"https:\/\/gradido.net\/de\/#\/schema\/logo\/image\/","url":"https:\/\/gradido.net\/wp-content\/uploads\/2022\/04\/gradido-social.jpg","contentUrl":"https:\/\/gradido.net\/wp-content\/uploads\/2022\/04\/gradido-social.jpg","width":527,"height":273,"caption":"Gradido"},"image":{"@id":"https:\/\/gradido.net\/de\/#\/schema\/logo\/image\/"}}]}},"_links":{"self":[{"href":"https:\/\/gradido.net\/lv\/wp-json\/wp\/v2\/pages\/11267","targetHints":{"allow":["GET"]}}],"collection":[{"href":"https:\/\/gradido.net\/lv\/wp-json\/wp\/v2\/pages"}],"about":[{"href":"https:\/\/gradido.net\/lv\/wp-json\/wp\/v2\/types\/page"}],"author":[{"embeddable":true,"href":"https:\/\/gradido.net\/lv\/wp-json\/wp\/v2\/users\/2"}],"replies":[{"embeddable":true,"href":"https:\/\/gradido.net\/lv\/wp-json\/wp\/v2\/comments?post=11267"}],"version-history":[{"count":14,"href":"https:\/\/gradido.net\/lv\/wp-json\/wp\/v2\/pages\/11267\/revisions"}],"predecessor-version":[{"id":11899,"href":"https:\/\/gradido.net\/lv\/wp-json\/wp\/v2\/pages\/11267\/revisions\/11899"}],"up":[{"embeddable":true,"href":"https:\/\/gradido.net\/lv\/wp-json\/wp\/v2\/pages\/11249"}],"wp:featuredmedia":[{"embeddable":true,"href":"https:\/\/gradido.net\/lv\/wp-json\/wp\/v2\/media\/10458"}],"wp:attachment":[{"href":"https:\/\/gradido.net\/lv\/wp-json\/wp\/v2\/media?parent=11267"}],"curies":[{"name":"wp","href":"https:\/\/api.w.org\/{rel}","templated":true}]}}