{"id":3,"date":"2020-07-20T14:01:02","date_gmt":"2020-07-20T12:01:02","guid":{"rendered":"http:\/\/neu.gradido.net\/?page_id=3"},"modified":"2024-10-19T17:29:28","modified_gmt":"2024-10-19T15:29:28","slug":"datenschutz","status":"publish","type":"page","link":"https:\/\/gradido.net\/lv\/datenschutz\/","title":{"rendered":"Datu aizsardz\u012bba"},"content":{"rendered":"<div data-elementor-type=\"wp-page\" data-elementor-id=\"3\" class=\"elementor elementor-3\" data-elementor-post-type=\"page\">\n\t\t\t\t\t\t<section class=\"elementor-section elementor-top-section elementor-element elementor-element-5b5f22d elementor-section-full_width elementor-section-height-default elementor-section-height-default\" data-id=\"5b5f22d\" data-element_type=\"section\" data-e-type=\"section\">\n\t\t\t\t\t\t<div class=\"elementor-container elementor-column-gap-no\">\n\t\t\t\t\t<div class=\"elementor-column elementor-col-100 elementor-top-column elementor-element elementor-element-3b16e50\" data-id=\"3b16e50\" data-element_type=\"column\" data-e-type=\"column\">\n\t\t\t<div class=\"elementor-widget-wrap elementor-element-populated\">\n\t\t\t\t\t\t<div class=\"elementor-element elementor-element-c16d214 elementor--h-position-center elementor--v-position-middle elementor-arrows-position-inside elementor-widget elementor-widget-slides\" data-id=\"c16d214\" data-element_type=\"widget\" data-e-type=\"widget\" data-settings=\"{&quot;navigation&quot;:&quot;arrows&quot;,&quot;autoplay&quot;:&quot;yes&quot;,&quot;pause_on_hover&quot;:&quot;yes&quot;,&quot;pause_on_interaction&quot;:&quot;yes&quot;,&quot;autoplay_speed&quot;:5000,&quot;infinite&quot;:&quot;yes&quot;,&quot;transition&quot;:&quot;slide&quot;,&quot;transition_speed&quot;:500}\" data-widget_type=\"slides.default\">\n\t\t\t\t<div class=\"elementor-widget-container\">\n\t\t\t\t\t\t\t\t\t<div class=\"elementor-swiper\">\n\t\t\t\t\t<div class=\"elementor-slides-wrapper elementor-main-swiper swiper\" role=\"region\" aria-roledescription=\"carousel\" aria-label=\"\u0421\u043b\u0430\u0439\u0434\u043e\u0432\u0435\" dir=\"ltr\" data-animation=\"fadeInUp\" data-no-translation-aria-label=\"\">\n\t\t\t\t<div class=\"swiper-wrapper elementor-slides\">\n\t\t\t\t\t\t\t\t\t\t<div class=\"elementor-repeater-item-2de4990 swiper-slide\" role=\"group\" aria-roledescription=\"slide\"><div class=\"swiper-slide-bg\" role=\"img\" aria-label=\"slide-1\"><\/div><div class=\"swiper-slide-inner\" ><div class=\"swiper-slide-contents\"><\/div><\/div><\/div>\t\t\t\t<\/div>\n\t\t\t\t\t\t\t<\/div>\n\t\t\t\t<\/div>\n\t\t\t\t\t\t\t\t<\/div>\n\t\t\t\t<\/div>\n\t\t\t\t\t<\/div>\n\t\t<\/div>\n\t\t\t\t\t<\/div>\n\t\t<\/section>\n\t\t\t\t<section class=\"elementor-section elementor-top-section elementor-element elementor-element-2e8357b elementor-section-boxed elementor-section-height-default elementor-section-height-default\" data-id=\"2e8357b\" data-element_type=\"section\" data-e-type=\"section\" data-settings=\"{&quot;background_background&quot;:&quot;classic&quot;}\">\n\t\t\t\t\t\t<div class=\"elementor-container elementor-column-gap-default\">\n\t\t\t\t\t<div class=\"elementor-column elementor-col-100 elementor-top-column elementor-element elementor-element-205e0e7\" data-id=\"205e0e7\" data-element_type=\"column\" data-e-type=\"column\">\n\t\t\t<div class=\"elementor-widget-wrap elementor-element-populated\">\n\t\t\t\t\t\t<div class=\"elementor-element elementor-element-45992e9 elementor-widget elementor-widget-heading\" data-id=\"45992e9\" data-element_type=\"widget\" data-e-type=\"widget\" data-widget_type=\"heading.default\">\n\t\t\t\t<div class=\"elementor-widget-container\">\n\t\t\t\t\t<h1 class=\"elementor-heading-title elementor-size-default\">Konfidencialit\u0101tes politika<br>\n<br><\/h1>\t\t\t\t<\/div>\n\t\t\t\t<\/div>\n\t\t\t\t\t<\/div>\n\t\t<\/div>\n\t\t\t\t\t<\/div>\n\t\t<\/section>\n\t\t\t\t<section class=\"elementor-section elementor-top-section elementor-element elementor-element-37c862b elementor-section-boxed elementor-section-height-default elementor-section-height-default\" data-id=\"37c862b\" data-element_type=\"section\" data-e-type=\"section\" data-settings=\"{&quot;background_background&quot;:&quot;classic&quot;}\">\n\t\t\t\t\t\t<div class=\"elementor-container elementor-column-gap-default\">\n\t\t\t\t\t<div class=\"elementor-column elementor-col-100 elementor-top-column elementor-element elementor-element-2b9f7e6\" data-id=\"2b9f7e6\" data-element_type=\"column\" data-e-type=\"column\">\n\t\t\t<div class=\"elementor-widget-wrap elementor-element-populated\">\n\t\t\t\t\t\t<div class=\"elementor-element elementor-element-c4106bb elementor-widget elementor-widget-text-editor\" data-id=\"c4106bb\" data-element_type=\"widget\" data-e-type=\"widget\" data-widget_type=\"text-editor.default\">\n\t\t\t\t<div class=\"elementor-widget-container\">\n\t\t\t\t\t\t\t\t\t<h2 class=\"p7\"><span class=\"s1\"><b>IEVADS | PRIEK\u0160V\u0100RDS<\/b><\/span><\/h2><p class=\"p8\"><span class=\"s1\">Paldies par izr\u0101d\u012bto interesi par Gradido akad\u0113mijas t\u012bmek\u013ca vietni. Mums ir svar\u012bga visu apmekl\u0113t\u0101ju un klientu uztic\u012bba, k\u0101 ar\u012b j\u016bsu datu dro\u0161\u012bba un priv\u0101tuma aizsardz\u012bba.<\/span><\/p><p class=\"p7\"><span class=\"s1\"><b>\u0160\u012a PRIV\u0100TUMA PAZI\u0145OJUMA SATURS<\/b><\/span><\/p><p class=\"p8\"><span class=\"s1\">Turpm\u0101k m\u0113s v\u0113lamies jums paskaidrot, k\u0101dus datus m\u0113s k\u0101 \u0161\u012bs vietnes nodro\u0161in\u0101t\u0101js v\u0101cam, apstr\u0101d\u0101jam un izmantojam, kad un k\u0101dam nol\u016bkam. Tiks paskaidrots, k\u0101 darbojas m\u016bsu digit\u0101lie produkti un pakalpojumi un k\u0101 tiek nodro\u0161in\u0101ta j\u016bsu personas datu aizsardz\u012bba.<\/span><\/p><p class=\"p8\"><span class=\"s1\">M\u016bsu konfidencialit\u0101tes politika ir sadal\u012bta \u0161\u0101di:<\/span><\/p><p class=\"p8\"><span class=\"s1\">1. da\u013ca: VISP\u0100R\u012aGAS PIEZ\u012aMES<\/span><\/p><p class=\"p8\"><span class=\"s1\">2. da\u013ca: \u0160\u012aS TEBEITNES IZMANTO\u0160ANA<\/span><\/p><p class=\"p8\"><span class=\"s1\">3. da\u013ca: KOKI\u0160I\u0145I UN TIE\u0160SAISTES M\u0100RKETINGA R\u012aKI<\/span><\/p><p class=\"p8\"><span class=\"s1\">4. da\u013ca: CITAS PERSONAS PAKALPOJUMU UN SAST\u0100VDA\u013bAS IESAIST\u012a\u0160ANA (CITAS PERSONAS PAKALPOJUMI UN SAST\u0100VDA\u013bA)<\/span><\/p><p class=\"p8\"><span class=\"s1\">5. da\u013ca: SOCI\u0100LO MEDIJU DA\u013bAS M\u0112R\u0136I<\/span><\/p><p class=\"p8\"><span class=\"s1\">6. da\u013ca: BIEDR\u012aBA UN AFFILIATES<\/span><\/p><p class=\"p8\"><span class=\"s1\">7. da\u013ca: DRO\u0160\u012aBA<\/span><\/p><p class=\"p8\"><span class=\"s1\">8. da\u013ca: IETEKM\u0112T\u0100S PRAS\u012aBAS<\/span><\/p><h2 class=\"p10\"><span class=\"s1\"><b>DA\u013bA: VISP\u0100R\u012aGA INFORM\u0100CIJA<\/b><\/span><\/h2><p class=\"p7\"><span class=\"s1\"><b>DARB\u012aBAS JOMA<\/b><\/span><\/p><p class=\"p8\"><span class=\"s1\">\u0160\u012b datu aizsardz\u012bbas deklar\u0101cija inform\u0113 apmekl\u0113t\u0101jus un lietot\u0101jus par personas datu veidu, apjomu un m\u0113r\u0137i, k\u0101diem atbild\u012bgais \u0161\u012bs t\u012bmek\u013ca vietnes nodro\u0161in\u0101t\u0101js v\u0101c un izmanto personas datus t\u012bmek\u013ca vietn\u0113. <a href=\"https:\/\/gradido.net\/lv\/\">https:\/\/gradido.net<\/a>\u00a0(turpm\u0101k tekst\u0101 - \"Pied\u0101v\u0101jums\").<\/span><\/p><p class=\"p8\"><span class=\"s1\">J\u016bsu personas dati tiks aizsarg\u0101ti saska\u0146\u0101 ar ties\u012bbu aktos noteiktajiem datu aizsardz\u012bbas noteikumiem un apstr\u0101d\u0101ti saska\u0146\u0101 ar \u0161o datu aizsardz\u012bbas deklar\u0101ciju, k\u0101 nor\u0101d\u012bts turpm\u0101k:<\/span><\/p><p class=\"p3\"><span class=\"s1\">\u0160\u012b datu aizsardz\u012bbas deklar\u0101cija inform\u0113 j\u016bs par personas datu (turpm\u0101k tekst\u0101 - \"dati\") apstr\u0101des veidu, apjomu un m\u0113r\u0137i m\u016bsu tie\u0161saistes pied\u0101v\u0101jum\u0101 un ar to saist\u012btaj\u0101s t\u012bmek\u013ca vietn\u0113s, funkcij\u0101s un satur\u0101, k\u0101 ar\u012b \u0101r\u0113j\u0101s tie\u0161saistes kl\u0101tb\u016btn\u0113s, piem\u0113ram, m\u016bsu soci\u0101lo mediju profilos (turpm\u0101k kop\u0101 saukti \"tie\u0161saistes pied\u0101v\u0101jums\"). Attiec\u012bb\u0101 uz lietotajiem terminiem, piem\u0113ram, \"apstr\u0101de\" vai \"p\u0101rzinis\", m\u0113s atsaucamies uz \u0161\u0101d\u0101m defin\u012bcij\u0101m Visp\u0101r\u012bg\u0101s datu aizsardz\u012bbas regulas (VDAR) 4. pant\u0101.<\/span><\/p><p class=\"p3\"><span class=\"s1\">\u00a0<\/span><\/p><p class=\"p3\"><span class=\"s1\">Par datu aizsardz\u012bbu atbild\u012bg\u0101 persona<\/span><\/p><p class=\"p3\"><span class=\"s1\">Bernd H\u00fcckst\u00e4dt<\/span><\/p><p class=\"p3\"><span class=\"s1\">\u2105 Gradido akad\u0113mija - Biznesa bionikas instit\u016bts<\/span><\/p><p class=\"p3\"><span class=\"s1\">Gradido dibin\u0101t\u0101js un izstr\u0101d\u0101t\u0101js<\/span><\/p><p class=\"p3\"><span class=\"s1\">Pfarrweg 2<\/span><\/p><p class=\"p3\"><span class=\"s1\">D 74653 K\u00fcnzelsau<\/span><\/p><p class=\"p3\"><span class=\"s1\">Iespiede: https:\/\/gradido.de\/impressum\/<\/span><\/p><p class=\"p3\"><span class=\"s1\">\u00a0<\/span><\/p><p class=\"p7\"><span class=\"s1\"><b>TERMINU DEFIN\u012aCIJAS<\/b><\/span><\/p><p class=\"p13\"><span class=\"s1\"><b>PERSONAS DATU DEFIN\u012aCIJA<\/b><\/span><\/p><p class=\"p14\"><span class=\"s1\">Personas dati ir inform\u0101cija, ko var izmantot, lai noskaidrotu j\u016bsu identit\u0101ti, piem\u0113ram, j\u016bsu \u012bstais v\u0101rds, adrese vai t\u0101lru\u0146a numurs.<\/span><\/p><p class=\"p14\"><span class=\"s1\">T\u0101 ir inform\u0101cija, ar kuras pal\u012bdz\u012bbu var noteikt, t. i., identific\u0113t personu.<\/span><\/p><p class=\"p3\"><span class=\"s1\">Identific\u0113jama fiziska persona ir persona, kuru var tie\u0161i vai netie\u0161i identific\u0113t, jo \u012bpa\u0161i atsaucoties uz identifikatoru, piem\u0113ram, v\u0101rdu, identifik\u0101cijas numuru, atra\u0161an\u0101s vietas datiem, tie\u0161saistes identifikatoru (piem\u0113ram, s\u012bkfailu) vai vienu vai vair\u0101kiem faktoriem, kas rakstur\u012bgi \u0161\u012bs fizisk\u0101s personas fiziskajai, fiziolo\u0123iskajai, \u0123en\u0113tiskajai, gar\u012bgajai, ekonomiskajai, kult\u016bras vai soci\u0101lajai identit\u0101tei. T\u0101p\u0113c personas dati ietver ar\u012b, piem\u0113ram, v\u0113lmes, hobijus, dal\u012bbu vai to, kuras t\u012bmek\u013ca vietnes k\u0101ds ir apmekl\u0113jis.<\/span><\/p><p class=\"p13\"><span class=\"s1\"><b>APSTR\u0100DE<\/b><\/span><\/p><p class=\"p3\"><span class=\"s1\"><b>\"Apstr\u0101de\"<\/b>\u00a0ir jebkura darb\u012bba vai darb\u012bbu kopums, kas tiek veikts ar personas datiem, izmantojot vai neizmantojot autom\u0101tiskus l\u012bdzek\u013cus. \u0160is termins ir pla\u0161s un aptver praktiski jebkuru datu apstr\u0101di.<\/span><\/p><p class=\"p13\"><span class=\"s1\"><b>APSTR\u0100D\u0100TO PERSONAS DATU VEIDI<\/b><\/span><\/p><p class=\"p3\"><span class=\"s1\">- Invent\u0101ra dati (piem\u0113ram, nosaukumi, adreses).<\/span><\/p><p class=\"p3\"><span class=\"s1\">- Kontaktinform\u0101cija (piem\u0113ram, e-pasta adrese, t\u0101lru\u0146a numurs).<\/span><\/p><p class=\"p3\"><span class=\"s1\">- Satura dati (piem\u0113ram, teksta ievad\u012b\u0161ana, fotogr\u0101fijas, videoklipi).<\/span><\/p><p class=\"p3\"><span class=\"s1\">- lieto\u0161anas dati (piem\u0113ram, apmekl\u0113t\u0101s vietnes, interese par saturu, piek\u013cuves laiks).<\/span><\/p><p class=\"p3\"><span class=\"s1\">- Meta\/komunik\u0101ciju dati (piem\u0113ram, ier\u012bces inform\u0101cija, IP adreses).<\/span><\/p><p class=\"p13\"><span class=\"s1\"><b>SKARTO PERSONU KATEGORIJAS<\/b><\/span><\/p><p class=\"p3\"><span class=\"s1\">Tie\u0161saistes pied\u0101v\u0101juma apmekl\u0113t\u0101ji un lietot\u0101ji<\/span><\/p><p class=\"p3\"><span class=\"s1\">Turpm\u0101k m\u0113s attiec\u012bg\u0101s personas d\u0113v\u0113jam ar\u012b par \"lietot\u0101jiem\".<\/span><\/p><p class=\"p13\"><span class=\"s1\"><b>APSTR\u0100DES NOL\u016aKS<\/b><\/span><\/p><p class=\"p3\"><span class=\"s1\">- Tie\u0161saistes pied\u0101v\u0101juma, t\u0101 funkciju un satura nodro\u0161in\u0101\u0161ana.<\/span><\/p><p class=\"p3\"><span class=\"s1\">- Atbild\u0113t uz kontaktu piepras\u012bjumiem un sazin\u0101ties ar lietot\u0101jiem.<\/span><\/p><p class=\"p3\"><span class=\"s1\">- Dro\u0161\u012bbas pas\u0101kumi.<\/span><\/p><p class=\"p3\"><span class=\"s1\">- Sasniedzam\u012bbas m\u0113r\u012b\u0161ana\/m\u0101rketings<\/span><\/p><p class=\"p3\"><span class=\"s1\">\u00a0<\/span><\/p><p class=\"p13\"><span class=\"s1\"><b>DATU P\u0100RZINIS<\/b><\/span><\/p><p class=\"p3\"><span class=\"s1\">K\u0101\u00a0<b>\"Atbild\u012bg\u0101 persona\"<\/b>\u00a0ir fiziska vai juridiska persona, valsts iest\u0101de, a\u0123ent\u016bra vai cita strukt\u016bra, kas viena pati vai kop\u0101 ar cit\u0101m nosaka personas datu apstr\u0101des m\u0113r\u0137us un l\u012bdzek\u013cus.<\/span><\/p><p class=\"p7\"><span class=\"s1\"><b>PERSONAS DATU APSTR\u0100DES JURIDISKAIS PAMATS<\/b><\/span><\/p><p class=\"p14\"><span class=\"s1\">Ja vien \u0161aj\u0101 priv\u0101tuma politik\u0101 nav \u012bpa\u0161i nor\u0101d\u012bts juridiskais pamats atsevi\u0161\u0137iem r\u012bkiem, m\u0113s j\u016bs inform\u0113sim par m\u016bsu datu apstr\u0101des juridisko pamatu saska\u0146\u0101 ar DSGVO 13. pantu - \u0161\u0101di:<\/span><\/p><ul class=\"ul1\"><li class=\"li8\"><span class=\"s4\">Piekri\u0161anas ieg\u016b\u0161anas juridiskais pamats ir DSGVO 6. panta 1. punkta a) apak\u0161punkts un 7. pants,<\/span><\/li><li class=\"li8\"><span class=\"s4\">apstr\u0101des juridiskais pamats m\u016bsu pakalpojumu snieg\u0161anai un l\u012bgumisko pas\u0101kumu \u012bsteno\u0161anai, k\u0101 ar\u012b lai atbild\u0113tu uz piepras\u012bjumiem, ir DSGVO 6. panta 1. punkta b) apak\u0161punkts,<\/span><\/li><li class=\"li8\"><span class=\"s4\">apstr\u0101des juridiskais pamats m\u016bsu juridisko pien\u0101kumu izpildei ir DSGVO 6. panta 1. punkta c) apak\u0161punkts, un<\/span><\/li><li class=\"li8\"><span class=\"s4\">apstr\u0101des juridiskais pamats, lai aizsarg\u0101tu m\u016bsu le\u0123it\u012bm\u0101s intereses, ir DSGVO 6. panta 1. punkta f) apak\u0161punkts.<\/span><\/li><li class=\"li8\"><span class=\"s4\">Gad\u012bjum\u0101, ja datu subjekta vai citas fiziskas personas vit\u0101li svar\u012bgu intere\u0161u d\u0113\u013c ir nepiecie\u0161ams apstr\u0101d\u0101t personas datus, par juridisko pamatu kalpo DSGVO 6. panta 1. punkta d) apak\u0161punkts.<\/span><\/li><\/ul><p class=\"p7\"><span class=\"s1\"><b>SADARB\u012aBA AR L\u012aGUMAPSTR\u0100D\u0100T\u0100JIEM UN TRE\u0160\u0100M PERSON\u0100M.<\/b><\/span><\/p><p class=\"p14\"><span class=\"s1\">Ja apstr\u0101des gait\u0101 m\u0113s izpau\u017eam datus cit\u0101m person\u0101m un uz\u0146\u0113mumiem (pas\u016bt\u012bjumu apstr\u0101d\u0101t\u0101jiem vai tre\u0161aj\u0101m person\u0101m), nos\u016bt\u0101m tos tiem vai cit\u0101di pie\u0161\u0137iram tiem piek\u013cuvi datiem, tas tiek dar\u012bts tikai uz likum\u012bgas at\u013caujas pamata (piem\u0113ram, ja datu nos\u016bt\u012b\u0161ana tre\u0161aj\u0101m person\u0101m, piem\u0113ram, maks\u0101jumu pakalpojumu sniedz\u0113jiem, ir nepiecie\u0161ama l\u012bguma izpildei saska\u0146\u0101 ar DSGVO 6. panta 1. punkta b) apak\u0161punktu), ja esat tam piekritis, ja to paredz juridisks pien\u0101kums vai pamatojoties uz m\u016bsu likum\u012bgaj\u0101m interes\u0113m (piem\u0113ram, izmantojot a\u0123entus, t\u012bmek\u013ca mitin\u0101t\u0101jus u. c.).<\/span><\/p><p class=\"p14\"><span class=\"s1\">Ja m\u0113s uzticam datu apstr\u0101di tre\u0161\u0101m person\u0101m, pamatojoties uz t\u0101 saukto \"pas\u016bt\u012bjuma apstr\u0101des l\u012bgumu\", tas tiek dar\u012bts, pamatojoties uz DSGVO 28. pantu.<\/span><\/p><p class=\"p7\"><span class=\"s1\"><b>NOS\u016aT\u012a\u0160ANA UZ TRE\u0160\u0100M VALST\u012aM<\/b><\/span><\/p><p class=\"p14\"><span class=\"s1\">Ja m\u0113s apstr\u0101d\u0101jam datus tre\u0161\u0101 valst\u012b (t. i., \u0101rpus Eiropas Savien\u012bbas (ES) vai Eiropas Ekonomikas zonas (EEZ)) vai ja tas tiek dar\u012bts saist\u012bb\u0101 ar tre\u0161o personu pakalpojumu izmanto\u0161anu vai datu izpau\u0161anu vai p\u0101rs\u016bt\u012b\u0161anu tre\u0161\u0101m person\u0101m, tas tiek dar\u012bts tikai tad, ja tas tiek dar\u012bts, lai izpild\u012btu m\u016bsu (pirms)l\u012bgumsaist\u012bbas, pamatojoties uz j\u016bsu piekri\u0161anu, juridisku pien\u0101kumu vai m\u016bsu likum\u012bgo intere\u0161u d\u0113\u013c. Saska\u0146\u0101 ar juridisk\u0101m vai l\u012bgum\u0101 noteikt\u0101m at\u013cauj\u0101m m\u0113s apstr\u0101d\u0101jam vai at\u013caujam apstr\u0101d\u0101t datus tre\u0161\u0101 valst\u012b tikai tad, ja ir izpild\u012btas 44. un turpm\u0101kajos pantos noteikt\u0101s \u012bpa\u0161\u0101s pras\u012bbas. DSGVO ir izpild\u012bti. Tas noz\u012bm\u0113, ka apstr\u0101de tiek veikta, piem\u0113ram, pamatojoties uz \u012bpa\u0161\u0101m garantij\u0101m, piem\u0113ram, ofici\u0101li atz\u012btu datu aizsardz\u012bbas l\u012bme\u0146a noteik\u0161anu, kas atbilst ES datu aizsardz\u012bbas l\u012bmenim (piem\u0113ram, ASV, izmantojot \"Priv\u0101tuma vairogu\"), vai atbilst\u012bbu ofici\u0101li atz\u012bt\u0101m \u012bpa\u0161\u0101m l\u012bgumsaist\u012bb\u0101m (t\u0101 sauktaj\u0101m \"standarta l\u012bguma klauzul\u0101m\").<\/span><\/p><p class=\"p14\"><span class=\"s1\"><b>PERSONAS DATU APSTR\u0100DE<\/b><\/span><\/p><p class=\"p14\"><span class=\"s1\">Personas datus pakalpojumu sniedz\u0113js v\u0101c, izmanto un nodod tre\u0161\u0101m person\u0101m tikai tad, ja to at\u013cauj likums vai ja j\u016bs k\u0101 lietot\u0101js piekr\u012btat apstr\u0101dei.<\/span><\/p><p class=\"p14\"><span class=\"s1\">Personas datus, piem\u0113ram, v\u0101rdu, uzv\u0101rdu un adresi, m\u0113s apkopojam, piem\u0113ram, kad ieg\u0101d\u0101jaties produktu, lai var\u0113tu jums izrakst\u012bt r\u0113\u0137inu. \u0160ie un citi personas dati tiks nos\u016bt\u012bti ar\u012b tre\u0161aj\u0101m person\u0101m, piem\u0113ram, finan\u0161u iest\u0101dei, ja tiks izv\u0113l\u0113ta atbilsto\u0161a maks\u0101juma metode, cikt\u0101l tas ir nepiecie\u0161ams maks\u0101juma apstr\u0101dei un l\u012bguma izpildei.<\/span><\/p><p class=\"p14\"><span class=\"s1\">Personas datus var nodot tre\u0161aj\u0101m person\u0101m tikai tad, ja ir sa\u0146emta likum\u0101 vai tiesas at\u013cauja vai ja m\u0113s iesaist\u0101m tre\u0161\u0101s personas, kur\u0101m ir pien\u0101kums glab\u0101t dienesta nosl\u0113pumu, lai \u012bstenotu m\u016bsu ties\u012bbas.<\/span><\/p><p class=\"p14\"><span class=\"s1\"><b>AR UZ\u0145\u0112M\u0112JDARB\u012aBU SAIST\u012aTA APSTR\u0100DE<\/b><\/span><\/p><p class=\"p14\"><span class=\"s1\">Papildus tiek apstr\u0101d\u0101ti<span class=\"Apple-converted-space\">\u00a0\u00a0<\/span>- L\u012bguma dati (piem\u0113ram, l\u012bguma priek\u0161mets, termi\u0146\u0161, klienta kategorija). - m\u016bsu klientu, ieinteres\u0113to personu un dar\u012bjumu partneru maks\u0101jumu dati (piem\u0113ram, bankas rekviz\u012bti, maks\u0101jumu v\u0113sture), lai sniegtu l\u012bgum\u0101 paredz\u0113tos pakalpojumus, apkalpo\u0161anu un klientu apr\u016bpi, m\u0101rketingu, rekl\u0101mu un tirgus izp\u0113ti.<\/span><\/p><h2 class=\"p10\"><span class=\"s1\"><b>2. DA\u013bA: M\u016aSU VIETNES IZMANTO\u0160ANA<\/b><\/span><\/h2><p class=\"p8\"><span class=\"s1\"><b>APMEKL\u0112JIET M\u016aSU T\u012aMEK\u013bA VIETNI<\/b><\/span><\/p><p class=\"p17\"><span class=\"s1\">Princip\u0101 varat apmekl\u0113t m\u016bsu vietni, nesniedzot nek\u0101du personisku inform\u0101ciju. V\u0113lamies nor\u0101d\u012bt, ka datu p\u0101rraidi internet\u0101 nevar piln\u012bb\u0101 aizsarg\u0101t pret tre\u0161o personu piek\u013cuvi.<\/span><\/p><p class=\"p8\"><span class=\"s1\"><b>LOG DATU DATU<\/b><\/span><\/p><p class=\"p8\"><span class=\"s1\">M\u016bsu interneta pakalpojumu sniedz\u0113js (pakalpojumu sniedz\u0113js) autom\u0101tiski v\u0101c un glab\u0101 \u017eurn\u0101la datus, tostarp \u0161\u0101du inform\u0101ciju:<\/span><\/p><p class=\"p8\"><span class=\"s1\">-URL, kur\u0101 atrodas apmekl\u0113t\u0101js, apmekl\u0113juma datums un apmekl\u0113juma laiks.<\/span><\/p><p class=\"p8\"><span class=\"s1\">-URL, kuru apmekl\u0113t\u0101js ir apmekl\u0113jis tie\u0161i pirms tam.<\/span><\/p><p class=\"p8\"><span class=\"s1\">-Izmantotais p\u0101rl\u016bks<\/span><\/p><p class=\"p8\"><span class=\"s1\">-Izmantot\u0101 oper\u0113t\u0101jsist\u0113ma<\/span><\/p><p class=\"p8\"><span class=\"s1\">-apmekl\u0113t\u0101ja IP adrese un uz\u0146\u0113m\u0113ja nosaukums<\/span><\/p><p class=\"p8\"><span class=\"s1\">\u0160o datu nos\u016bt\u012b\u0161ana mums notiek autom\u0101tiski. J\u016bsu datus nevar pie\u0161\u0137irt j\u016bsu personai.<\/span><\/p><p class=\"p8\"><span class=\"s1\"><b>SAZINIETIES AR MUMS PA E-PASTU VAI T\u0100LRUNI<\/b><\/span><\/p><p class=\"p8\"><span class=\"s1\">Sazinoties ar mums k\u0101 vietnes pakalpojumu sniedz\u0113ju (piem\u0113ram, pa e-pastu vai t\u0101lruni), j\u016bsu dati tiks saglab\u0101ti m\u016bsu oper\u0113t\u0101jsist\u0113m\u0101, lai apstr\u0101d\u0101tu piepras\u012bjumu un gad\u012bjum\u0101, ja rastos papildu jaut\u0101jumi.<\/span><\/p><p class=\"p8\"><span class=\"s1\">Ja uz j\u016bsu uzdoto vaic\u0101jumu ir sniegta atbilde vai j\u016bsu piepras\u012btais pieteikums vai pakalpojums ir sniegts, j\u016bsu dati tiks dz\u0113sti, kad pieteikums vai pakalpojums tiks izbeigts, ja vien j\u016bs br\u012bvpr\u0101t\u012bgi nev\u0113laties no mums sa\u0146emt turpm\u0101kus produktus vai inform\u0101ciju un piekr\u012btat turpm\u0101kai j\u016bsu datu izmanto\u0161anai \u0161iem m\u0113r\u0137iem. Pat ja esat devis savu piekri\u0161anu, jums ir ar\u012b ties\u012bbas jebkur\u0101 laik\u0101 piepras\u012bt savu datu dz\u0113\u0161anu (skat\u012bt 8. da\u013cu).<b>\u00a0<\/b>\u0161\u012bs priv\u0101tuma politikas).<\/span><\/p><p class=\"p7\"><span class=\"s1\"><b>KOMENT\u0100RI UN IEGULD\u012aJUMI<\/b><\/span><\/p><p class=\"p8\"><span class=\"s1\">J\u016bs varat public\u0113t koment\u0101rus m\u016bsu t\u012bmek\u013ca vietnes emu\u0101r\u0101 k\u0101 lietot\u0101js. Kad ievad\u0101t bloga koment\u0101rus, j\u016bsu nor\u0101d\u012bt\u0101 IP adrese tiek nekav\u0113joties anonimiz\u0113ta. Tom\u0113r sa\u0146emto koment\u0101ru public\u0113\u0161ana ir atkar\u012bga no t\u0101, vai m\u016bsu administrators tos public\u0113. \u0160\u012b apstiprin\u0101\u0161anas p\u0101rbaude ir paredz\u0113ta, lai nov\u0113rstu nelikum\u012bga satura public\u0113\u0161anu m\u016bsu lap\u0101s.<\/span><\/p><p class=\"p8\"><span class=\"s1\">K\u0101 koment\u0101ru autors varat ievad\u012bt savu \u012bsto v\u0101rdu vai pseidon\u012bmu nor\u0101d\u012btaj\u0101 v\u0101rda lauk\u0101. Ir ar\u012b iesp\u0113ja visp\u0101r neievad\u012bt nosaukumu. J\u016bsu e-pasta adrese netiks r\u0101d\u012bta, kad koment\u0101rs tiks public\u0113ts m\u016bsu t\u012bmek\u013ca vietn\u0113.<\/span><\/p><p class=\"p8\"><span class=\"s1\">Nos\u016btot koment\u0101ru, nos\u016bt\u012btie dati, piem\u0113ram, j\u016bsu e-pasta adrese, ievad\u012btais v\u0101rds un, ja nepiecie\u0161ams, ievad\u012btais URL un nos\u016bt\u012btais koment\u0101rs, tiek past\u0101v\u012bgi saglab\u0101ti m\u016bsu server\u012b, un tikai public\u0113tais koment\u0101rs, ja nepiecie\u0161ams, kop\u0101 ar v\u0101rdu ir publiski redzams m\u016bsu t\u012bmek\u013ca vietn\u0113. \u0160o personas datu apstr\u0101des pamat\u0101 ir j\u016bsu iepriek\u0161\u0113ja piekri\u0161ana 6. panta 1. punkta 1. apak\u0161punkta a) punkta noz\u012bm\u0113. J\u016bs varat jebkur\u0101 laik\u0101 atsaukt \u0161o piekri\u0161anu, un t\u0101 ir sp\u0113k\u0101 ar\u012b turpm\u0101k (skat\u012bt \u0161\u012bs datu aizsardz\u012bbas deklar\u0101cijas 8. da\u013cu).<\/span><\/p><p class=\"p7\"><span class=\"s1\"><b>TRE\u0160O PU\u0160U PAKALPOJUMU UN SATURA INTEGR\u0100CIJA.<\/b><\/span><\/p><p class=\"p8\"><span class=\"s1\">Var gad\u012bties, ka \u0161aj\u0101 tie\u0161saistes pied\u0101v\u0101jum\u0101 ir integr\u0113ts tre\u0161o pu\u0161u saturs, piem\u0113ram, videoklipi no YouTube, kartes no Google Maps, RSS pl\u016bsmas vai grafikas no cit\u0101m vietn\u0113m. Tas vienm\u0113r prasa, lai \u0161\u012b satura nodro\u0161in\u0101t\u0101ji (turpm\u0101k tekst\u0101 - \"tre\u0161\u0101s puses nodro\u0161in\u0101t\u0101ji\") zin\u0101tu lietot\u0101ja IP adresi. Bez IP adreses tie nevar\u0113ja nos\u016bt\u012bt saturu uz attiec\u012bg\u0101 lietot\u0101ja p\u0101rl\u016bkprogrammu. T\u0101p\u0113c IP adrese ir nepiecie\u0161ama, lai par\u0101d\u012btu \u0161o saturu. M\u0113s cen\u0161amies izmantot tikai t\u0101du saturu, kura attiec\u012bgie pakalpojumu sniedz\u0113ji izmanto tikai IP adresi, lai pieg\u0101d\u0101tu saturu. Tom\u0113r m\u0113s nevaram ietekm\u0113t, vai tre\u0161\u0101s puses pakalpojumu sniedz\u0113ji saglab\u0101 IP adresi, piem\u0113ram, statistikas vajadz\u012bb\u0101m. Ja tas mums k\u013c\u016bs zin\u0101ms, m\u0113s par to inform\u0113sim lietot\u0101ju.<\/span><\/p><p class=\"p8\"><span class=\"s1\"><b>\u0100R\u0112JO SAI\u0160U IZMANTO\u0160ANA<\/b><\/span><\/p><p class=\"p8\"><span class=\"s1\">Sav\u0101s t\u012bmek\u013ca vietn\u0113s m\u0113s izmantojam saites uz \u0101r\u0113j\u0101m lap\u0101m, un to saturs neatrodas m\u016bsu server\u012b. Nosakot saites, tika p\u0101rbaud\u012bts \u0161o sai\u0161u \u0101r\u0113jais saturs. Tom\u0113r nevar izsl\u0113gt, ka attiec\u012bgie pakalpojumu sniedz\u0113ji v\u0113l\u0101k saturu ir main\u012bju\u0161i. Ja paman\u0101t, ka \u0101r\u0113jo pakalpojumu sniedz\u0113ju saturs p\u0101rk\u0101pj piem\u0113rojamos ties\u012bbu aktus, l\u016bdzu, inform\u0113jiet mani par to. \u0160\u012b konfidencialit\u0101tes politika attiecas tikai uz saturu, kas atrodas m\u016bsu t\u012bmek\u013ca telpas nodro\u0161in\u0101t\u0101ja serveros.<\/span><\/p><h2 class=\"p19\"><span class=\"s1\"><b>3. DA\u013bA: S\u012aKFAILI UN TIE\u0160SAISTES M\u0100RKETINGA R\u012aKI<\/b><\/span><\/h2><p class=\"p1\"><span class=\"s1\"><b>S\u012bkfaili un sasniedzam\u012bbas m\u0113r\u012b\u0161ana<\/b><\/span><\/p><p class=\"p2\"><span class=\"s1\">S\u012bkfaili ir inform\u0101cijas elementi, kas tiek p\u0101rraid\u012bti no m\u016bsu t\u012bmek\u013ca servera vai tre\u0161o pu\u0161u t\u012bmek\u013ca serveriem uz lietot\u0101ju t\u012bmek\u013ca p\u0101rl\u016bkprogramm\u0101m un saglab\u0101ti, lai v\u0113l\u0101k tos var\u0113tu atg\u016bt. Lietot\u0101ji tiek inform\u0113ti par s\u012bkfailu izmanto\u0161anu pseidon\u012bmu sasniedzam\u012bbas m\u0113r\u012bjumu kontekst\u0101 \u0161\u012bs datu aizsardz\u012bbas deklar\u0101cijas darb\u012bbas jom\u0101.<\/span><\/p><p class=\"p2\"><span class=\"s1\">\u0160\u012b tie\u0161saistes pied\u0101v\u0101juma apskate ir iesp\u0113jama ar\u012b tad, ja tiek izsl\u0113gtas s\u012bkdatnes. Ja lietot\u0101ji nev\u0113las, lai s\u012bkfaili tiktu saglab\u0101ti vi\u0146u dator\u0101, vi\u0146i tiek aicin\u0101ti deaktiviz\u0113t attiec\u012bgo opciju p\u0101rl\u016bkprogrammas sist\u0113mas iestat\u012bjumos. Saglab\u0101t\u0101s s\u012bkdatnes var dz\u0113st p\u0101rl\u016bkprogrammas sist\u0113mas iestat\u012bjumos. S\u012bkfailu izsl\u0113g\u0161ana var izrais\u012bt \u0161\u012b tie\u0161saistes pied\u0101v\u0101juma funkcion\u0101lus ierobe\u017eojumus.<\/span><\/p><p class=\"p2\"><span class=\"s1\">ASV vietn\u0113 ir iesp\u0113jams apskat\u012bt daudzus uz\u0146\u0113mumu tie\u0161saistes rekl\u0101mu s\u012bkfailus.\u00a0<a href=\"http:\/\/www.aboutads.info\/choices\"><span class=\"s2\">http:\/\/www.aboutads.info\/choices<\/span><\/a>\u00a0vai ES puse\u00a0<a href=\"http:\/\/www.youronlinechoices.com\/uk\/your-ad-choices\/\"><span class=\"s2\">http:\/\/www.youronlinechoices.com\/uk\/your-ad-choices\/<\/span><\/a>\u00a0p\u0101rvald\u012bt.<\/span><\/p><p class=\"p7\"><span class=\"s1\"><b>BI\u013bETENU IZS\u016aT\u012a\u0160ANAS IZMANTO\u0160ANA<\/b><\/span><\/p><p class=\"p8\"><span class=\"s1\">Lai var\u0113tu nos\u016bt\u012bt jaunumus, ar kuriem m\u0113s j\u016bs inform\u0113jam par Gradido akad\u0113mijas t\u0113m\u0101m un m\u016bsu pied\u0101v\u0101jumiem, m\u0113s izmantojam e-pasta jaunumu izplat\u012b\u0161anas platformu.<\/span><\/p><p class=\"p8\"><span class=\"s1\">Ja v\u0113laties abon\u0113t un regul\u0101ri las\u012bt Gradido Academy jaunumus, ir nepiecie\u0161ama re\u0123istr\u0101cija ar der\u012bgu e-pasta adresi. Atteikties no bi\u013cetena sa\u0146em\u0161anas ir iesp\u0113jams jebkur\u0101 laik\u0101. \u0160im nol\u016bkam izmantojiet bi\u013ceten\u0101 nor\u0101d\u012bto saiti.<\/span><\/p><p class=\"p8\"><span class=\"s1\">Pirms bi\u013cetena nos\u016bt\u012b\u0161anas jums t\u0101 saukt\u0101s dubult\u0101s izv\u0113les proced\u016bras ietvaros mums ir skaidri j\u0101apstiprina, ka m\u0113s varam aktiviz\u0113t bi\u013cetena sa\u0146em\u0161anas pakalpojumu attiec\u012bb\u0101 uz jums. \u0160im nol\u016bkam no mums sa\u0146emsiet apstiprin\u0101juma un autoriz\u0101cijas e-pastu, kur\u0101 jums b\u016bs j\u0101noklik\u0161\u0137ina uz \u0161aj\u0101 e-past\u0101 eso\u0161\u0101s saites un t\u0101d\u0113j\u0101di j\u0101apstiprina, ka v\u0113laties sa\u0146emt m\u016bsu jaunumus. Papildu dati netiks v\u0101kti. M\u0113s izmantojam \u0161o e-pasta adresi tikai un vien\u012bgi bi\u013cetena pieg\u0101dei, ja vien j\u016bs neesat skaidri piekritis cit\u0101dai izmanto\u0161anai dubult\u0101s pieteik\u0161an\u0101s proced\u016br\u0101 vai v\u0113l\u0101k.<\/span><\/p><p class=\"p8\"><span class=\"s1\">Kad j\u016bs re\u0123istr\u0113jaties bi\u013cetena sa\u0146em\u0161anai, m\u016bsu bi\u013cetenu izs\u016bt\u012b\u0161anas sist\u0113ma saglab\u0101 j\u016bsu IP adresi un re\u0123istr\u0101cijas datumu. \u0160\u012b glab\u0101\u0161ana kalpo tikai k\u0101 pier\u0101d\u012bjums gad\u012bjum\u0101, ja tre\u0161\u0101 persona \u013caunpr\u0101t\u012bgi izmanto e-pasta adresi un re\u0123istr\u0113jas bi\u013cetena sa\u0146em\u0161anai bez pilnvarot\u0101s personas zi\u0146as.<\/span><\/p><p class=\"p8\"><span class=\"s1\">Informat\u012bvo bi\u013cetenu nos\u016bta, izmantojot \"<b>Click-Tip<\/b>\", pakalpojumu sniedz\u0113ja bi\u013cetenu izplat\u012b\u0161anas platforma\u00a0<b>KLICK-TIPP LIMITED, 15 Cambridge Court, 210 Shepherd's Bush Road, London W6 7NJ, Apvienot\u0101 Karaliste.<\/b><\/span><\/p><p class=\"p8\"><span class=\"s1\">M\u016bsu bi\u013cetenu sa\u0146\u0113m\u0113ju e-pasta adreses, k\u0101 ar\u012b citi \u0161aj\u0101 pazi\u0146ojum\u0101 aprakst\u012btie dati tiek glab\u0101ti Klick-Tipp serveros. Klick-Tipp izmanto \u0161o inform\u0101ciju, lai m\u016bsu v\u0101rd\u0101 nos\u016bt\u012btu un nov\u0113rt\u0113tu bi\u013cetenu. Turkl\u0101t saska\u0146\u0101 ar savu inform\u0101ciju Klick-Tipp var izmantot \u0161os datus, lai optimiz\u0113tu vai uzlabotu savus pakalpojumus, piem\u0113ram, lai tehniski optimiz\u0113tu bi\u013cetenu nos\u016bt\u012b\u0161anu un noform\u0113jumu vai ekonomiskos nol\u016bkos, lai noteiktu, no kur\u0101m valst\u012bm ir sa\u0146\u0113m\u0113ji. Tom\u0113r Klick-Tipp neizmanto m\u016bsu bi\u013cetenu sa\u0146\u0113m\u0113ju datus, lai rakst\u012btu vi\u0146iem pa\u0161iem vai nodotu tos tre\u0161\u0101m person\u0101m.<\/span><\/p><p class=\"p8\"><span class=\"s1\">M\u0113s uzticamies Klick-Tipp uzticam\u012bbai un IT un datu dro\u0161\u012bbai. Klick-Tipp ap\u0146emas iev\u0113rot ES datu aizsardz\u012bbas noteikumus. Turkl\u0101t m\u0113s esam nosl\u0113gu\u0161i pas\u016bt\u012bjumu apstr\u0101des l\u012bgumu ar Klick-Tipp. \u0160is ir l\u012bgums, ar kuru Klick-Tipp ap\u0146emas aizsarg\u0101t m\u016bsu lietot\u0101ju datus, apstr\u0101d\u0101t tos m\u016bsu v\u0101rd\u0101 saska\u0146\u0101 ar datu aizsardz\u012bbas noteikumiem un jo \u012bpa\u0161i nenodot tos tre\u0161\u0101m person\u0101m. Klick-Tipp konfidencialit\u0101tes politiku varat apskat\u012bt \u0161eit:\u00a0<a href=\"https:\/\/www.klick-tipp.com\/datenschutzerkl%C3%A4rung\"><span class=\"s2\">https:\/\/www.klick-tipp.com\/datenschutzerkl\u00e4rung<\/span><\/a><\/span><\/p><p class=\"p7\"><span class=\"s1\"><b>STATIFY IZMANTO\u0160ANA<\/b><\/span><\/p><p class=\"p8\"><span class=\"s1\">Lai var\u0113tu izm\u0113r\u012bt noteiktu lapu izsaukumu un to pievilc\u012bbu lietot\u0101jam, m\u0113s izmantojam anal\u012bzes r\u012bku Statify, ko k\u0101 atv\u0113rt\u0101 koda r\u012bku izstr\u0101d\u0101ja Pluginkollektiv (<a href=\"https:\/\/de.wordpress.org\/plugins\/statify\/\">https:\/\/de.wordpress.org\/plugins\/statify\/<\/a>).<\/span><\/p><p class=\"p8\"><span class=\"s1\">Statify sniedz kompaktu p\u0101rskatu par lapas skat\u012bjumu skaitu un neuzkr\u0101j un neapstr\u0101d\u0101 nek\u0101dus personas datus, piem\u0113ram, IP adreses. Statify visbie\u017e\u0101k apmekl\u0113t\u0101ko lapu statistiskais nov\u0113rt\u0113jums tiek veikts, saskaitot lapu skat\u012bjumus, nevis apmekl\u0113t\u0101jus. Turkl\u0101t lapu skat\u012bjumi tiek saglab\u0101ti tikai ierobe\u017eotu laiku (p\u0113c noklus\u0113juma: divas ned\u0113\u013cas), ko var individu\u0101li piel\u0101got.<\/span><\/p><p class=\"p8\"><span class=\"s1\">Nov\u0113rt\u0113jot klik\u0161\u0137u skaitu m\u016bsu lap\u0101s, mums ir iesp\u0113ja past\u0101v\u012bgi uzlabot lietot\u0101jiem paredz\u0113to tie\u0161saistes pied\u0101v\u0101jumu.<\/span><\/p><h2 class=\"p19\"><span class=\"s1\"><b>4. DA\u013bA: \u0100R\u0112JO PAKALPOJUMU + SATURA INTEGR\u0100CIJA<\/b><\/span><\/h2><p class=\"p8\"><span class=\"s1\"><b>YOUTUBE VIDEOKLIPU IZMANTO\u0160ANA<\/b><\/span><\/p><p class=\"p8\"><span class=\"s1\">Videoklipu integr\u0113\u0161anai m\u0113s izmantojam pakalpojumu sniedz\u0113ju YouTube, k\u0101 ar\u012b citus pakalpojumu sniedz\u0113jus. Pakalpojumu YouTube p\u0101rvalda uz\u0146\u0113mums YouTube LLC, kura galven\u0101 m\u012btne atrodas 901 Cherry Avenue, San Bruno, CA 94066, ASV. Uz\u0146\u0113mumu YouTube p\u0101rst\u0101v uz\u0146\u0113mums Google Inc., kura galvenais birojs atrodas 1600 Amphitheatre Parkway, Mountain View, CA 94043, ASV.<\/span><\/p><p class=\"p8\"><span class=\"s1\">Da\u017e\u0101s m\u016bsu interneta lap\u0101s m\u0113s izmantojam pakalpojumu sniedz\u0113ja YouTube spraud\u0146us. Izsaucot m\u016bsu vietnes interneta lapas, kas ir apr\u012bkotas ar \u0161\u0101du spraudni, piem\u0113ram, m\u016bsu multivides bibliot\u0113ku, tiek izveidots savienojums ar YouTube serveriem un tiek par\u0101d\u012bts spraudnis. Tas nos\u016bta uz YouTube serveri inform\u0101ciju par to, kuru no m\u016bsu interneta lap\u0101m esat apmekl\u0113jis. Ja esat pieteicies k\u0101 YouTube dal\u012bbnieks, YouTube pie\u0161\u0137ir \u0161o inform\u0101ciju j\u016bsu person\u012bgajam lietot\u0101ja kontam. Lietojot spraudni, piem\u0113ram, noklik\u0161\u0137inot uz videoklipa s\u0101kuma pogas, \u0161\u012b inform\u0101cija tiek pie\u0161\u0137irta ar\u012b j\u016bsu lietot\u0101ja kontam. J\u016bs varat nov\u0113rst \u0161o pie\u0161\u0137ir\u0161anu, pirms m\u016bsu vietnes lieto\u0161anas izst\u0101joties no sava YouTube lietot\u0101ja konta un citiem uz\u0146\u0113mumu YouTube LLC un Google Inc. lietot\u0101ju kontiem un dz\u0113\u0161ot attiec\u012bgos uz\u0146\u0113mumu s\u012bkfailus.<\/span><\/p><p class=\"p8\"><span class=\"s1\">Papildu inform\u0101cija par datu apstr\u0101di un piez\u012bmes par datu aizsardz\u012bbu, ko veic YouTube (Google), ir atrodamas vietn\u0113 www.google.de\/intl\/de\/policies\/privacy\/.<\/span><\/p><p class=\"p8\"><span class=\"s1\"><b>\u00a0<\/b><\/span><\/p><p class=\"p8\"><span class=\"s1\"><b>VIMEO VIDEOKLIPU IZMANTO\u0160ANA<\/b><\/span><\/p><p class=\"p8\"><span class=\"s1\">Videoklipu integr\u0113\u0161anai m\u0113s izmantojam pakalpojumu sniedz\u0113ju Vimeo, k\u0101 ar\u012b citus pakalpojumu sniedz\u0113jus. Vimeo p\u0101rvalda uz\u0146\u0113mums Vimeo, LLC, kura galven\u0101 m\u012btne atrodas 555 West 18th Street, New York, New York 10011.<\/span><\/p><p class=\"p8\"><span class=\"s1\">Da\u017e\u0101s m\u016bsu interneta lap\u0101s m\u0113s izmantojam pakalpojumu sniedz\u0113ja Vimeo spraud\u0146us. Izsaucot m\u016bsu vietnes interneta lapas, kas ir apr\u012bkotas ar \u0161\u0101du spraudni, piem\u0113ram, m\u016bsu multivides bibliot\u0113ku, tiek izveidots savienojums ar Vimeo serveriem un tiek par\u0101d\u012bts spraudnis. Tas nos\u016bta uz Vimeo serveri inform\u0101ciju par to, kuru no m\u016bsu interneta lap\u0101m esat apmekl\u0113jis. Ja esat pieteicies k\u0101 Vimeo dal\u012bbnieks, Vimeo pie\u0161\u0137ir \u0161o inform\u0101ciju j\u016bsu person\u012bgajam lietot\u0101ja kontam. Lietojot spraudni, piem\u0113ram, noklik\u0161\u0137inot uz videoklipa s\u0101kuma pogas, \u0161\u012b inform\u0101cija tiek pie\u0161\u0137irta ar\u012b j\u016bsu lietot\u0101ja kontam. J\u016bs varat nov\u0113rst \u0161o pie\u0161\u0137ir\u0161anu, izst\u0101joties no sava Vimeo lietot\u0101ja konta pirms m\u016bsu vietnes izmanto\u0161anas un dz\u0113\u0161ot atbilsto\u0161os s\u012bkfailus no Vimeo.<\/span><\/p><p class=\"p8\"><span class=\"s1\">Papildu inform\u0101ciju par datu apstr\u0101di un piez\u012bmes par Vimeo datu aizsardz\u012bbu var atrast https:\/\/vimeo.com\/privacy.<\/span><\/p><h2 class=\"p19\"><span class=\"s1\"><b>5. DA\u013bA: SOCI\u0100LO MEDIJU KOP\u012aGO\u0160ANAS POGAS<\/b><\/span><\/h2><p class=\"p7\"><span class=\"s1\"><b>TIE\u0160SAISTES KL\u0100TB\u016aTNE SOCI\u0100LAJOS PLA\u0160SAZI\u0145AS L\u012aDZEK\u013bOS<\/b><\/span><\/p><p class=\"p8\"><span class=\"s1\">M\u0113s uzturam tie\u0161saistes kl\u0101tb\u016btni soci\u0101lajos t\u012bklos un platform\u0101s, lai var\u0113tu sazin\u0101ties ar tur akt\u012bvajiem klientiem, ieinteres\u0113taj\u0101m person\u0101m un lietot\u0101jiem un inform\u0113t vi\u0146us par saviem pakalpojumiem. Izsaucot attiec\u012bgos t\u012bklus un platformas, tiek piem\u0113roti attiec\u012bgo operatoru noteikumi un datu apstr\u0101des vadl\u012bnijas.<\/span><\/p><p class=\"p8\"><span class=\"s1\">Ja vien m\u016bsu konfidencialit\u0101tes politik\u0101 nav nor\u0101d\u012bts cit\u0101di, m\u0113s apstr\u0101d\u0101jam lietot\u0101ju datus, ja vi\u0146i sazin\u0101s ar mums soci\u0101lajos t\u012bklos un platform\u0101s, piem\u0113ram, ja vi\u0146i raksta zi\u0146ojumus m\u016bsu tie\u0161saistes kl\u0101tb\u016btn\u0113 vai s\u016bta mums zi\u0146ojumus.<\/span><\/p><p class=\"p8\"><span class=\"s1\"><b>KOPLIETO\u0160ANAS FUNKCIJAS IZMANTO\u0160ANA SOCI\u0100LAJOS T\u012aKLOS (SHARIFF)<\/b><\/span><\/p><p class=\"p3\"><span class=\"s1\">M\u0113s izmantojam c't projektu \"Shariff\" sav\u0101 t\u012bmek\u013ca vietn\u0113. \"Shariff\" aizst\u0101j soci\u0101lo t\u012bklu parast\u0101s kop\u012bgo\u0161anas pogas un t\u0101d\u0113j\u0101di aizsarg\u0101 s\u0113rfo\u0161anas paradumus.<\/span><\/p><p class=\"p3\"><span class=\"s1\">\"Shariff\" integr\u0113 \u0161\u012bs soci\u0101lo t\u012bklu koplieto\u0161anas pogas m\u016bsu t\u012bmek\u013ca vietn\u0113 tikai k\u0101 grafiku, kas satur saiti uz attiec\u012bgo soci\u0101lo t\u012bklu. Noklik\u0161\u0137inot uz attiec\u012bg\u0101s grafikas, tiksiet novirz\u012bts uz attiec\u012bg\u0101 t\u012bkla pakalpojumiem. Shariff poga izveido tie\u0161u kontaktu starp soci\u0101lo t\u012bklu un m\u016bsu apmekl\u0113t\u0101jiem tikai tad, kad apmekl\u0113t\u0101js akt\u012bvi noklik\u0161\u0137ina uz kop\u012bgo\u0161anas pogas. Tikai tad j\u016bsu dati tiks nos\u016bt\u012bti attiec\u012bgajam soci\u0101lajam t\u012bklam. Savuk\u0101rt, ja poga Shariff netiek klik\u0161\u0137in\u0101ta, apmai\u0146a starp jums un soci\u0101lajiem t\u012bkliem nenotiek. Vair\u0101k inform\u0101cijas par c't projektu \"Shariff\" var atrast vietn\u0113 https:\/\/www.heise.de\/ct\/artikel\/Shariff-Social-Media-Buttons-mit-Datenschutz-2467514.html.<\/span><\/p><p class=\"p3\"><span class=\"s1\">M\u0113s integr\u0113jam \u0161\u0101dus soci\u0101los t\u012bklus ar \"Shariff\" m\u016bsu vietn\u0113:<\/span><\/p><ul class=\"ul1\"><li class=\"li3\"><span class=\"s1\">Facebook Inc. (1601 S. California Ave - Palo Alto - CA 94304 - ASV)<\/span><\/li><li class=\"li3\"><span class=\"s1\">Twitter Inc. (795 Folsom St. - Suite 600 - Sanfrancisko - CA 94107 - ASV)<\/span><\/li><li class=\"li3\"><span class=\"s1\">Google Plus\/Google Inc. (1600 Amphitheatre Parkway - Mountain View - CA 94043 - ASV)<\/span><\/li><li class=\"li3\"><span class=\"s1\">Pinterest (Pinterest Inc. - 635 High Street - Palo Alto - CA, 94301 - ASV)<\/span><\/li><\/ul><h2 class=\"p10\"><span class=\"s1\"><b>6. DA\u013bA: DAL\u012aBNIEKU ZONAS UN PARTNERU PROGRAMMA<\/b><\/span><\/h2><p class=\"p7\"><span class=\"s1\"><b>IZMANTOT ABLEFY GRADIDO KOPIENAI<\/b><\/span><\/p><p class=\"p7\"><span class=\"s1\">M\u0113s pied\u0101v\u0101jam daudzl\u012bme\u0146u dal\u012bbu Gradido kopien\u0101 tiem, kuri v\u0113las uzzin\u0101t vair\u0101k par Gradido koncepciju un k\u013c\u016bt par Gradido v\u0113stnieku. Lai pied\u0101v\u0101tu \u0161\u012bs dal\u012bbas jomas, m\u0113s izmantojam pakalpojumu ablefy.<\/span><\/p><p class=\"p7\"><span class=\"s1\">Iesp\u0113jamie dal\u012bbas veidi Gradido-COMMUNITY ir aprakst\u012bti m\u016bsu lap\u0101 \"Kopiena\". Tikl\u012bdz \u0161aj\u0101 lap\u0101 nospied\u012bsiet pogu, lai re\u0123istr\u0113tos k\u0101d\u0101 no \u0161\u012bm dal\u012bb\u0101m, j\u016bs atst\u0101siet m\u016bsu t\u012bmek\u013ca vietni un tiksiet novirz\u012bts uz m\u016bsu atsevi\u0161\u0137\u0101m \u0161im nol\u016bkam izveidot\u0101m dal\u012bbnieku zonas lap\u0101m.<\/span><\/p><p class=\"p7\"><span class=\"s1\">ablefy ir Elopage GmbH z\u012bmols:<\/span><\/p><p class=\"p7\"><span class=\"s1\">elopay GmbH<\/span><\/p><p class=\"p7\"><span class=\"s1\">Joahim\u0161t\u0101les iela 21<\/span><\/p><p class=\"p7\"><span class=\"s1\">10719 Berl\u012bne<\/span><\/p><p class=\"p7\"><span class=\"s1\">Visas funkcijas ablefy dal\u012bbnieku lap\u0101s un ar t\u0101m saist\u012bt\u0101 maks\u0101jumu apstr\u0101de tiek veikta, izmantojot ablefy. Attiec\u012bgi \u0161iem procesiem piem\u0113ro ablefy datu aizsardz\u012bbas noteikumus. Ar ablefy priv\u0101tuma politiku varat iepaz\u012bties \u0161eit: https:\/\/myablefy.com\/privacy.<\/span><\/p><p class=\"p7\"><span class=\"s1\">Personas datu apstr\u0101des juridiskais pamats, p\u0101rs\u016btot no m\u016bsu t\u012bmek\u013ca vietnes uz p\u0101rdo\u0161anas lapu, izmantojot ablefy, \u0161aj\u0101 gad\u012bjum\u0101 izriet no 6. panta 1. punkta 1. teikuma 1. punkta b) apak\u0161punkta.<\/span><\/p><p><strong>MAKS\u0100JUMU APSTR\u0100DE UN DIGIT\u0100LO PRODUKTU PIEG\u0100DE, IZMANTOJOT NAMOTTO.LAB.<\/strong><\/p><p class=\"p1\"><span class=\"s1\">Maks\u0101jumi tiek apstr\u0101d\u0101ti un digit\u0101lie produkti tiek pieg\u0101d\u0101ti, izmantojot namotto.lab. Namotto priv\u0101tuma politiku var atrast \u0161eit: https:\/\/namotto.de\/privacy.<\/span><\/p><p class=\"p1\"><span class=\"s1\">namotto.lab ir pakalpojums:<\/span><\/p><p class=\"p1\"><span class=\"s1\">namotto.lab<\/span><\/p><p class=\"p1\"><span class=\"s1\">Iedz\u012bvot\u0101js Tolga Oenal<\/span><\/p><p class=\"p1\"><span class=\"s1\">Uhlandstrasse 154<\/span><\/p><p class=\"p1\"><span class=\"s1\">10719 Berl\u012bne<\/span><\/p><p class=\"p1\"><span class=\"s1\">M\u0113s esam nosl\u0113gu\u0161i atbilsto\u0161u l\u012bgumu ar namotto.lab k\u0101 m\u016bsu apstr\u0101d\u0101t\u0101ju saska\u0146\u0101 ar VDAR 28. pantu. Personas datu apstr\u0101des juridiskais pamats, p\u0101rs\u016btot no m\u016bsu t\u012bmek\u013ca vietnes uz p\u0101rdo\u0161anas lapu, izmantojot ablefy, \u0161aj\u0101 gad\u012bjum\u0101 izriet no 6. panta 1. punkta 1. teikuma 1. punkta b) apak\u0161punkta.<\/span><\/p><p class=\"p7\"><span class=\"s1\"><b>AFFILIATE PARTNERIEM (PARTNERU PROGRAMMA)<\/b><\/span><\/p><p class=\"p7\"><span class=\"s1\">M\u0113s pied\u0101v\u0101jam ar\u012b partneru programmu rekl\u0101mas partneriem. Ja j\u016bs veiksm\u012bgi reklam\u0113jat dal\u012bbu Gradido akad\u0113mij\u0101, rekl\u0101mas partneri sa\u0146em komisijas maksu.<\/span><\/p><p class=\"p7\"><span class=\"s1\">Lai pied\u0101v\u0101tu jums \u0161o partneru programmu, m\u0113s izmantojam pakalpojumu ablefy.<span class=\"Apple-converted-space\">\u00a0 \u00a0<\/span><\/span><\/p><p class=\"p7\"><span class=\"s1\">Gradido partneru programma ir aprakst\u012bta m\u016bsu lap\u0101 \"Partneru programma\". Tikl\u012bdz \u0161aj\u0101 lap\u0101 noklik\u0161\u0137in\u0101siet uz pogas, ar kuru v\u0113laties re\u0123istr\u0113ties partneru programm\u0101 k\u0101 rekl\u0101mas partneris, j\u016bs atst\u0101siet m\u016bsu t\u012bmek\u013ca vietni un tiksiet novirz\u012bts uz m\u016bsu atsevi\u0161\u0137\u0101m lap\u0101m, ko \u0161im nol\u016bkam izveidojis uz\u0146\u0113mums ablefy.<\/span><\/p><p class=\"p7\"><span class=\"s1\">ablefy ir pakalpojums:<\/span><\/p><p class=\"p7\"><span class=\"s1\">elopay GmbH<\/span><\/p><p class=\"p7\"><span class=\"s1\">Joahim\u0161t\u0101les iela 21<\/span><\/p><p class=\"p7\"><span class=\"s1\">10719 Berl\u012bne<\/span><\/p><p class=\"p7\"><span class=\"s1\">Visas funkcijas ablefy partneru lap\u0101s un ar t\u0101m saist\u012bt\u0101 maks\u0101jumu apstr\u0101de tiek veikta, izmantojot ablefy. L\u012bdz ar to \u0161iem procesiem piem\u0113ro ablefy datu aizsardz\u012bbas noteikumus. Ar ablefy priv\u0101tuma politiku var iepaz\u012bties <\/span><span class=\"s2\">\u0161eit.<span class=\"Apple-converted-space\"> https:\/\/myablefy.com\/privacy<\/span><\/span><\/p><p class=\"p7\"><span class=\"s1\">Juridiskais pamats personas datu apstr\u0101dei, novirzot no m\u016bsu t\u012bmek\u013ca vietnes uz partneru lapu vietn\u0113 ablefy, \u0161aj\u0101 gad\u012bjum\u0101 izriet no dal\u012bbas partneru programm\u0101 br\u012bvpr\u0101t\u012bg\u0101 rakstura un no 6. panta 1. punkta 1. teikuma 1. punkta f) apak\u0161punkta.<\/span><\/p><h2 class=\"p10\"><span class=\"s1\"><b>7. DA\u013bA: DRO\u0160\u012aBA<\/b><\/span><\/h2><p class=\"p7\"><span class=\"s1\"><b>SIST\u0112MAS UN INFORM\u0100CIJAS DRO\u0160\u012aBA<\/b><\/span><\/p><p class=\"p8\"><span class=\"s1\">M\u0113s aizsarg\u0101jam savu t\u012bmek\u013ca vietni un citas sist\u0113mas, izmantojot tehniskus un organizatoriskus pas\u0101kumus, lai nepie\u013cautu, ka nepiedero\u0161as personas pazaud\u0113, izn\u012bcina, piek\u013c\u016bst, maina vai izplata saglab\u0101tos datus. Tom\u0113r, neraugoties uz kontroles pas\u0101kumiem, piln\u012bga aizsardz\u012bba pret vis\u0101m briesm\u0101m nav iesp\u0113jama. Sakar\u0101 ar piesl\u0113gumu internetam un no t\u0101 izrieto\u0161aj\u0101m tehniskaj\u0101m iesp\u0113j\u0101m nevar garant\u0113t, ka saturu un inform\u0101cijas pl\u016bsmu neredz un nere\u0123istr\u0113 tre\u0161\u0101s personas.<\/span><\/p><p class=\"p7\"><span class=\"s1\"><b>\u0160IFR\u0112\u0160ANA, IZMANTOJOT SSL<\/b><\/span><\/p><p class=\"p8\"><span class=\"s1\">Dro\u0161\u012bbas apsv\u0113rumu d\u0113\u013c m\u0113s sav\u0101 vietn\u0113 izmantojam SSL \u0161ifr\u0113\u0161anu (Secure Sockets Layer). Tas aizsarg\u0101 p\u0101rs\u016bt\u012btos datus un ne\u013cauj tos nolas\u012bt tre\u0161\u0101m person\u0101m. Veiksm\u012bgu \u0161ifr\u0113\u0161anu var atpaz\u012bt p\u0113c t\u0101, ka p\u0101rl\u016bkprogrammas statusa josl\u0101 protokola apz\u012bm\u0113jums main\u0101s no \"http:\/\/\" uz \"https:\/\/\" un ka taj\u0101 ir redzams sl\u0113gtas sl\u0113dzenes simbols.<\/span><\/p><h2 class=\"p10\"><span class=\"s1\"><b>8. DA\u013bA: DATU SUBJEKTA TIES\u012aBAS<\/b><\/span><\/h2><p class=\"p8\"><span class=\"s1\"><b>DATU DZ\u0112\u0160ANA<\/b><\/span><\/p><p class=\"p3\"><span class=\"s1\">M\u016bsu apstr\u0101d\u0101tie dati tiks dz\u0113sti vai to apstr\u0101de tiks ierobe\u017eota saska\u0146\u0101 ar DSGVO 17. un 18. pantu. Ja vien \u0161aj\u0101 datu aizsardz\u012bbas deklar\u0101cij\u0101 nav skaidri nor\u0101d\u012bts, m\u016bsu saglab\u0101tie dati tiks dz\u0113sti, tikl\u012bdz tie vairs neb\u016bs nepiecie\u0161ami paredz\u0113tajam m\u0113r\u0137im un dz\u0113\u0161ana neb\u016bs pretrun\u0101 ar likum\u0101 noteiktajiem datu glab\u0101\u0161anas pien\u0101kumiem. Ja dati netiek dz\u0113sti, jo tie ir nepiecie\u0161ami citiem un juridiski pie\u013caujamiem m\u0113r\u0137iem, to apstr\u0101de tiks ierobe\u017eota. T. i., dati tiek blo\u0137\u0113ti un netiek apstr\u0101d\u0101ti citiem m\u0113r\u0137iem. Tas attiecas, piem\u0113ram, uz datiem, kas j\u0101saglab\u0101 komercties\u012bbu vai nodok\u013cu ties\u012bbu aktu d\u0113\u013c.<\/span><\/p><p class=\"p3\"><span class=\"s1\">Saska\u0146\u0101 ar V\u0101cij\u0101 sp\u0113k\u0101 eso\u0161aj\u0101m ties\u012bbu aktu pras\u012bb\u0101m saska\u0146\u0101 ar HGB 257. panta 1. punktu (komercdarb\u012bbas gr\u0101matas, invent\u0101ra saraksti, s\u0101kuma atlikumi, gada finan\u0161u p\u0101rskati, komercv\u0113stules, gr\u0101matved\u012bbas kv\u012btis u. c.) un saska\u0146\u0101 ar AO 147. panta 1. punktu (gr\u0101matved\u012bbas gr\u0101matas, re\u0123istri, vad\u012bbas zi\u0146ojumi, gr\u0101matved\u012bbas kv\u012btis, komercv\u0113stules un komercv\u0113stules, dokumenti, kas attiecas uz nodok\u013ciem u. c.) tiek glab\u0101ti 6 gadus un 10 gadus.<\/span><\/p><p class=\"p8\"><span class=\"s1\"><b>ATTIEC\u012aGO PERSONU TIES\u012aBAS<\/b><\/span><\/p><p class=\"p8\"><span class=\"s1\"><b>TIES\u012aBAS UZ INFORM\u0100CIJU<\/b><\/span><\/p><p class=\"p3\"><span class=\"s1\">Saska\u0146\u0101 ar DSGVO 15. pantu jums ir ties\u012bbas piepras\u012bt apstiprin\u0101jumu par to, vai attiec\u012bgie dati tiek apstr\u0101d\u0101ti, un inform\u0101ciju par \u0161iem datiem, k\u0101 ar\u012b papildu inform\u0101ciju un datu kopiju.<\/span><\/p><p class=\"p8\"><span class=\"s1\"><b>LABO\u0160ANAS TIES\u012aBAS<\/b><\/span><\/p><p class=\"p3\"><span class=\"s1\">Saska\u0146\u0101 ar DSGVO 16. pantu jums ir ties\u012bbas piepras\u012bt, lai dati, kas attiecas uz jums, tiktu papildin\u0101ti vai lai tiktu izlaboti nepareizi dati, kas attiecas uz jums.<\/span><\/p><p class=\"p8\"><span class=\"s1\"><b>ATSAUK\u0160ANAS TIES\u012aBAS<\/b><\/span><\/p><p class=\"p3\"><span class=\"s1\">Jums ir ties\u012bbas atsaukt saska\u0146\u0101 ar DSGVO 7. panta 3. punktu doto piekri\u0161anu, kas ir sp\u0113k\u0101 n\u0101kotn\u0113.<\/span><\/p><p class=\"p8\"><span class=\"s1\"><b>IEBILDUMU TIES\u012aBAS<\/b><\/span><\/p><p class=\"p3\"><span class=\"s1\">J\u016bs jebkur\u0101 laik\u0101 varat iebilst pret turpm\u0101ku ar jums saist\u012bto datu apstr\u0101di saska\u0146\u0101 ar DSGVO 21. pantu. Iebildumu var iesniegt jo \u012bpa\u0161i pret apstr\u0101di tie\u0161\u0101s tirgved\u012bbas nol\u016bkos.<\/span><\/p><p class=\"p8\"><span class=\"s1\"><b>BLO\u0136\u0112\u0160ANAS UN MUITO\u0160ANAS TIES\u012aBAS<\/b><\/span><\/p><p class=\"p3\"><span class=\"s1\">Saska\u0146\u0101 ar VDAR 17. pantu jums ir ties\u012bbas piepras\u012bt, lai attiec\u012bgie dati tiktu nekav\u0113joties dz\u0113sti, vai ar\u012b piepras\u012bt datu apstr\u0101des ierobe\u017eo\u0161anu saska\u0146\u0101 ar VDAR 18. pantu. Lietot\u0101jam ir ties\u012bbas blo\u0137\u0113t un dz\u0113st savus personas datus, cikt\u0101l tas nav pretrun\u0101 ar juridisko pien\u0101kumu saglab\u0101t datus.<\/span><\/p><p class=\"p8\"><span class=\"s1\"><b>NOS\u016aT\u012a\u0160ANAS TIES\u012aBAS<\/b><\/span><\/p><p class=\"p3\"><span class=\"s1\">Jums ir ties\u012bbas piepras\u012bt sa\u0146emt datus, kas attiecas uz jums un ko esat mums sniedzis saska\u0146\u0101 ar VDAR 20. pantu, un piepras\u012bt, lai tie tiktu nos\u016bt\u012bti citiem datu p\u0101rzi\u0146iem.<\/span><\/p><p class=\"p8\"><span class=\"s1\"><b>P\u0100RS\u016aDZ\u012aBAS TIES\u012aBAS<\/b><\/span><\/p><p class=\"p3\"><span class=\"s1\">Jums ir ar\u012b ties\u012bbas iesniegt s\u016bdz\u012bbu kompetentajai uzraudz\u012bbas iest\u0101dei saska\u0146\u0101 ar DSGVO 77. pantu.<\/span><\/p><p class=\"p8\"><span class=\"s1\"><b>LIETOT\u0100JA TIES\u012aBU IZMANTO\u0160ANA<\/b><\/span><\/p><p class=\"p8\"><span class=\"s1\">Lietot\u0101js var ar\u012b sazin\u0101ties ar mums pa e-pastu, lai izmantotu savas ties\u012bbas, piem\u0113ram, atsaukt doto piekri\u0161anu vai iebilst pret konkr\u0113tu datu izmanto\u0161anu:<\/span><\/p><p class=\"p8\"><span class=\"s1\"><b>akademie@gradido.net<\/b><\/span><\/p><p class=\"p8\"><span class=\"s1\">Atbild\u012bgs datu aizsardz\u012bbas zi\u0146\u0101:<\/span><\/p><p class=\"p8\"><span class=\"s1\">Bernd H\u00fcckst\u00e4dt<\/span><\/p><p class=\"p8\"><span class=\"s1\">Pfarrweg 2<\/span><\/p><p class=\"p8\"><span class=\"s1\">74653 K\u00fcnzelsau<\/span><\/p><p class=\"p8\"><span class=\"s1\">E-pasts: support{\u00e4t}<span class=\"s2\">gradido.net<\/span><\/span><\/p><p class=\"p8\"><span class=\"s1\"><b>IEBILDUMU IESNIEG\u0160ANA SAV\u0100 V\u0100RD\u0100 PRET REKL\u0100MAS E-PASTA ZI\u0145OJUMIEM.<\/b><\/span><\/p><p class=\"p8\"><span class=\"s1\">Saska\u0146\u0101 ar TMG 5. pantu (V\u0101cijas Telemediju likums) m\u0113s esam public\u0113ju\u0161i visp\u0101r\u012bgus kontaktinform\u0101cijas datus un e-pasta adresi m\u016bsu t\u012bmek\u013ca vietnes nospiedum\u0101 k\u0101 da\u013cu no oblig\u0101t\u0101s pakalpojumu sniedz\u0113ja identifik\u0101cijas. Ar \u0161o m\u0113s iebilstam pret \u0161o kontaktinform\u0101cijas datu izmanto\u0161anu nev\u0113lamu informat\u012bvo materi\u0101lu, rekl\u0101mas vai surog\u0101tpasta v\u0113stu\u013cu s\u016bt\u012b\u0161anai, ko m\u0113s neesam skaidri piepras\u012bju\u0161i.<\/span><\/p><p class=\"p8\">M\u0113s izmantojam piekri&scaron;anas r\u012bku &quot;Real Cookie Banner&quot;, lai p\u0101rvald\u012btu izmantot\u0101s s\u012bkdatnes un l\u012bdz\u012bgas tehnolo\u0123ijas (izseko&scaron;anas pikse\u013ci, t\u012bmek\u013ca b\u0101ksign\u0101li u. c.) un ar t\u0101m saist\u012bt\u0101s piekri&scaron;anas. S\u012bk\u0101ka inform\u0101cija par to, k\u0101 darbojas &quot;Real Cookie Banner&quot;, ir atrodama vietn\u0113 &lt;a href=&quot;\/lv\/&ldquo;https:\/\/devowl.io\/de\/rcb\/datenverarbeitung\/&ldquo;\/&quot; rel=&quot;&ldquo;noreferrer&ldquo;&quot; target=&quot;&ldquo;_blank&ldquo;&quot;&gt;https:\/\/devowl.io\/de\/rcb\/datenverarbeitung\/&lt;\/a&gt;.<\/p><p class=\"p8\">Personas datu apstr\u0101des juridiskais pamats \u0161aj\u0101 kontekst\u0101 ir DS-GVO 6. panta 1. punkta c) apak\u0161punkts un DS-GVO 6. panta 1. punkta f) apak\u0161punkts. M\u016bsu le\u0123it\u012bm\u0101s intereses ir izmantoto s\u012bkfailu un l\u012bdz\u012bgu tehnolo\u0123iju p\u0101rvald\u012bba un ar to saist\u012bt\u0101s piekri\u0161anas.<\/p><p class=\"p8\">Personas datu snieg\u0161ana nav nedz l\u012bgumiski pras\u012bta, nedz ar\u012b nepiecie\u0161ama l\u012bguma nosl\u0113g\u0161anai. Jums nav pien\u0101kuma sniegt personas datus. Ja personas datus nesniegsiet, m\u0113s nevar\u0113sim p\u0101rvald\u012bt j\u016bsu piekri\u0161anu.<\/p><p class=\"p8\"><span class=\"s1\">P\u0113d\u0113jo reizi atjaunin\u0101ts: 2.11.2023<\/span><\/p>\t\t\t\t\t\t\t\t<\/div>\n\t\t\t\t<\/div>\n\t\t\t\t\t<\/div>\n\t\t<\/div>\n\t\t\t\t\t<\/div>\n\t\t<\/section>\n\t\t\t\t<\/div>","protected":false},"excerpt":{"rendered":"<p>Datenschutzerkl\u00e4rung EINLEITUNG | VORWORT Wir freuen uns \u00fcber Ihr Interesse an dem Internetauftritt der Gradido Akademie. Das Vertrauen aller Besucher und Kunden und die Sicherheit Ihrer Daten und der Schutz Ihrer Privatsph\u00e4re sind uns ein wichtiges Anliegen. INHALT DIESER DATENSCHUTZERKL\u00c4RUNG Nachfolgend m\u00f6chten wir Ihnen erl\u00e4utern, welche Daten wir als Anbieter dieser Web-Site wann und zu [&hellip;]<\/p>\n","protected":false},"author":1,"featured_media":233,"parent":0,"menu_order":0,"comment_status":"closed","ping_status":"closed","template":"","meta":{"footnotes":""},"class_list":["post-3","page","type-page","status-publish","has-post-thumbnail","hentry"],"yoast_head":"<!-- This site is optimized with the Yoast SEO plugin v27.4 - https:\/\/yoast.com\/product\/yoast-seo-wordpress\/ -->\n<title>Datenschutz - Gradido<\/title>\n<meta name=\"description\" content=\"Wir freuen uns \u00fcber Ihr Interesse an dem Internetauftritt der Gradido Akademie. Das Vertrauen aller Besucher und Kunden und die Sicherheit Ihrer Daten und der Schutz Ihrer Privatsph\u00e4re sind uns ein wichtiges Anliegen\" \/>\n<meta name=\"robots\" content=\"index, follow, max-snippet:-1, max-image-preview:large, max-video-preview:-1\" \/>\n<link rel=\"canonical\" href=\"https:\/\/gradido.net\/lv\/datenschutz\/\" \/>\n<meta property=\"og:locale\" content=\"lv_LV\" \/>\n<meta property=\"og:type\" content=\"article\" \/>\n<meta property=\"og:title\" content=\"Datenschutz - Gradido\" \/>\n<meta property=\"og:description\" content=\"Wir freuen uns \u00fcber Ihr Interesse an dem Internetauftritt der Gradido Akademie. Das Vertrauen aller Besucher und Kunden und die Sicherheit Ihrer Daten und der Schutz Ihrer Privatsph\u00e4re sind uns ein wichtiges Anliegen\" \/>\n<meta property=\"og:url\" content=\"https:\/\/gradido.net\/lv\/datenschutz\/\" \/>\n<meta property=\"og:site_name\" content=\"Gradido\" \/>\n<meta property=\"article:modified_time\" content=\"2024-10-19T15:29:28+00:00\" \/>\n<meta property=\"og:image\" content=\"https:\/\/gradido.net\/wp-content\/uploads\/2020\/08\/slide-1.jpg\" \/>\n\t<meta property=\"og:image:width\" content=\"1920\" \/>\n\t<meta property=\"og:image:height\" content=\"900\" \/>\n\t<meta property=\"og:image:type\" content=\"image\/jpeg\" \/>\n<meta name=\"twitter:card\" content=\"summary_large_image\" \/>\n<meta name=\"twitter:label1\" content=\"Est. reading time\" \/>\n\t<meta name=\"twitter:data1\" content=\"23 min\u016btes\" \/>\n<script type=\"application\/ld+json\" class=\"yoast-schema-graph\">{\"@context\":\"https:\\\/\\\/schema.org\",\"@graph\":[{\"@type\":\"WebPage\",\"@id\":\"https:\\\/\\\/gradido.net\\\/en\\\/datenschutz\\\/\",\"url\":\"https:\\\/\\\/gradido.net\\\/en\\\/datenschutz\\\/\",\"name\":\"Datenschutz - Gradido\",\"isPartOf\":{\"@id\":\"https:\\\/\\\/gradido.net\\\/de\\\/#website\"},\"primaryImageOfPage\":{\"@id\":\"https:\\\/\\\/gradido.net\\\/en\\\/datenschutz\\\/#primaryimage\"},\"image\":{\"@id\":\"https:\\\/\\\/gradido.net\\\/en\\\/datenschutz\\\/#primaryimage\"},\"thumbnailUrl\":\"https:\\\/\\\/gradido.net\\\/wp-content\\\/uploads\\\/2020\\\/08\\\/slide-1.jpg\",\"datePublished\":\"2020-07-20T12:01:02+00:00\",\"dateModified\":\"2024-10-19T15:29:28+00:00\",\"description\":\"Wir freuen uns \u00fcber Ihr Interesse an dem Internetauftritt der Gradido Akademie. Das Vertrauen aller Besucher und Kunden und die Sicherheit Ihrer Daten und der Schutz Ihrer Privatsph\u00e4re sind uns ein wichtiges Anliegen\",\"breadcrumb\":{\"@id\":\"https:\\\/\\\/gradido.net\\\/en\\\/datenschutz\\\/#breadcrumb\"},\"inLanguage\":\"lv-LV\",\"potentialAction\":[{\"@type\":\"ReadAction\",\"target\":[\"https:\\\/\\\/gradido.net\\\/en\\\/datenschutz\\\/\"]}]},{\"@type\":\"ImageObject\",\"inLanguage\":\"lv-LV\",\"@id\":\"https:\\\/\\\/gradido.net\\\/en\\\/datenschutz\\\/#primaryimage\",\"url\":\"https:\\\/\\\/gradido.net\\\/wp-content\\\/uploads\\\/2020\\\/08\\\/slide-1.jpg\",\"contentUrl\":\"https:\\\/\\\/gradido.net\\\/wp-content\\\/uploads\\\/2020\\\/08\\\/slide-1.jpg\",\"width\":1920,\"height\":900},{\"@type\":\"BreadcrumbList\",\"@id\":\"https:\\\/\\\/gradido.net\\\/en\\\/datenschutz\\\/#breadcrumb\",\"itemListElement\":[{\"@type\":\"ListItem\",\"position\":1,\"name\":\"Startseite\",\"item\":\"https:\\\/\\\/gradido.net\\\/\"},{\"@type\":\"ListItem\",\"position\":2,\"name\":\"Datenschutz\"}]},{\"@type\":\"WebSite\",\"@id\":\"https:\\\/\\\/gradido.net\\\/de\\\/#website\",\"url\":\"https:\\\/\\\/gradido.net\\\/de\\\/\",\"name\":\"Gradido\",\"description\":\"Die neue W\u00e4hrung hei\u00dft Dankbarkeit\",\"publisher\":{\"@id\":\"https:\\\/\\\/gradido.net\\\/de\\\/#organization\"},\"potentialAction\":[{\"@type\":\"SearchAction\",\"target\":{\"@type\":\"EntryPoint\",\"urlTemplate\":\"https:\\\/\\\/gradido.net\\\/de\\\/?s={search_term_string}\"},\"query-input\":{\"@type\":\"PropertyValueSpecification\",\"valueRequired\":true,\"valueName\":\"search_term_string\"}}],\"inLanguage\":\"lv-LV\"},{\"@type\":\"Organization\",\"@id\":\"https:\\\/\\\/gradido.net\\\/de\\\/#organization\",\"name\":\"Gradido\",\"url\":\"https:\\\/\\\/gradido.net\\\/de\\\/\",\"logo\":{\"@type\":\"ImageObject\",\"inLanguage\":\"lv-LV\",\"@id\":\"https:\\\/\\\/gradido.net\\\/de\\\/#\\\/schema\\\/logo\\\/image\\\/\",\"url\":\"https:\\\/\\\/gradido.net\\\/wp-content\\\/uploads\\\/2022\\\/04\\\/gradido-social.jpg\",\"contentUrl\":\"https:\\\/\\\/gradido.net\\\/wp-content\\\/uploads\\\/2022\\\/04\\\/gradido-social.jpg\",\"width\":527,\"height\":273,\"caption\":\"Gradido\"},\"image\":{\"@id\":\"https:\\\/\\\/gradido.net\\\/de\\\/#\\\/schema\\\/logo\\\/image\\\/\"}}]}<\/script>\n<!-- \/ Yoast SEO plugin. -->","yoast_head_json":{"title":"Priv\u0101tums - Gradido","description":"Paldies par izr\u0101d\u012bto interesi par Gradido akad\u0113mijas t\u012bmek\u013ca vietni. Mums ir svar\u012bga visu apmekl\u0113t\u0101ju un klientu uztic\u012bba, j\u016bsu datu dro\u0161\u012bba un priv\u0101tuma aizsardz\u012bba.","robots":{"index":"index","follow":"follow","max-snippet":"max-snippet:-1","max-image-preview":"max-image-preview:large","max-video-preview":"max-video-preview:-1"},"canonical":"https:\/\/gradido.net\/lv\/datenschutz\/","og_locale":"lv_LV","og_type":"article","og_title":"Datenschutz - Gradido","og_description":"Wir freuen uns \u00fcber Ihr Interesse an dem Internetauftritt der Gradido Akademie. Das Vertrauen aller Besucher und Kunden und die Sicherheit Ihrer Daten und der Schutz Ihrer Privatsph\u00e4re sind uns ein wichtiges Anliegen","og_url":"https:\/\/gradido.net\/lv\/datenschutz\/","og_site_name":"Gradido","article_modified_time":"2024-10-19T15:29:28+00:00","og_image":[{"width":1920,"height":900,"url":"https:\/\/gradido.net\/wp-content\/uploads\/2020\/08\/slide-1.jpg","type":"image\/jpeg"}],"twitter_card":"summary_large_image","twitter_misc":{"Est. reading time":"23 min\u016btes"},"schema":{"@context":"https:\/\/schema.org","@graph":[{"@type":"WebPage","@id":"https:\/\/gradido.net\/en\/datenschutz\/","url":"https:\/\/gradido.net\/en\/datenschutz\/","name":"Priv\u0101tums - Gradido","isPartOf":{"@id":"https:\/\/gradido.net\/de\/#website"},"primaryImageOfPage":{"@id":"https:\/\/gradido.net\/en\/datenschutz\/#primaryimage"},"image":{"@id":"https:\/\/gradido.net\/en\/datenschutz\/#primaryimage"},"thumbnailUrl":"https:\/\/gradido.net\/wp-content\/uploads\/2020\/08\/slide-1.jpg","datePublished":"2020-07-20T12:01:02+00:00","dateModified":"2024-10-19T15:29:28+00:00","description":"Paldies par izr\u0101d\u012bto interesi par Gradido akad\u0113mijas t\u012bmek\u013ca vietni. Mums ir svar\u012bga visu apmekl\u0113t\u0101ju un klientu uztic\u012bba, j\u016bsu datu dro\u0161\u012bba un priv\u0101tuma aizsardz\u012bba.","breadcrumb":{"@id":"https:\/\/gradido.net\/en\/datenschutz\/#breadcrumb"},"inLanguage":"lv-LV","potentialAction":[{"@type":"ReadAction","target":["https:\/\/gradido.net\/en\/datenschutz\/"]}]},{"@type":"ImageObject","inLanguage":"lv-LV","@id":"https:\/\/gradido.net\/en\/datenschutz\/#primaryimage","url":"https:\/\/gradido.net\/wp-content\/uploads\/2020\/08\/slide-1.jpg","contentUrl":"https:\/\/gradido.net\/wp-content\/uploads\/2020\/08\/slide-1.jpg","width":1920,"height":900},{"@type":"BreadcrumbList","@id":"https:\/\/gradido.net\/en\/datenschutz\/#breadcrumb","itemListElement":[{"@type":"ListItem","position":1,"name":"Startseite","item":"https:\/\/gradido.net\/"},{"@type":"ListItem","position":2,"name":"Datenschutz"}]},{"@type":"WebSite","@id":"https:\/\/gradido.net\/de\/#website","url":"https:\/\/gradido.net\/de\/","name":"Gradido","description":"Jaun\u0101 val\u016bta ir pateic\u012bba","publisher":{"@id":"https:\/\/gradido.net\/de\/#organization"},"potentialAction":[{"@type":"SearchAction","target":{"@type":"EntryPoint","urlTemplate":"https:\/\/gradido.net\/de\/?s={search_term_string}"},"query-input":{"@type":"PropertyValueSpecification","valueRequired":true,"valueName":"search_term_string"}}],"inLanguage":"lv-LV"},{"@type":"Organization","@id":"https:\/\/gradido.net\/de\/#organization","name":"Gradido","url":"https:\/\/gradido.net\/de\/","logo":{"@type":"ImageObject","inLanguage":"lv-LV","@id":"https:\/\/gradido.net\/de\/#\/schema\/logo\/image\/","url":"https:\/\/gradido.net\/wp-content\/uploads\/2022\/04\/gradido-social.jpg","contentUrl":"https:\/\/gradido.net\/wp-content\/uploads\/2022\/04\/gradido-social.jpg","width":527,"height":273,"caption":"Gradido"},"image":{"@id":"https:\/\/gradido.net\/de\/#\/schema\/logo\/image\/"}}]}},"_links":{"self":[{"href":"https:\/\/gradido.net\/lv\/wp-json\/wp\/v2\/pages\/3","targetHints":{"allow":["GET"]}}],"collection":[{"href":"https:\/\/gradido.net\/lv\/wp-json\/wp\/v2\/pages"}],"about":[{"href":"https:\/\/gradido.net\/lv\/wp-json\/wp\/v2\/types\/page"}],"author":[{"embeddable":true,"href":"https:\/\/gradido.net\/lv\/wp-json\/wp\/v2\/users\/1"}],"replies":[{"embeddable":true,"href":"https:\/\/gradido.net\/lv\/wp-json\/wp\/v2\/comments?post=3"}],"version-history":[{"count":22,"href":"https:\/\/gradido.net\/lv\/wp-json\/wp\/v2\/pages\/3\/revisions"}],"predecessor-version":[{"id":9689,"href":"https:\/\/gradido.net\/lv\/wp-json\/wp\/v2\/pages\/3\/revisions\/9689"}],"wp:featuredmedia":[{"embeddable":true,"href":"https:\/\/gradido.net\/lv\/wp-json\/wp\/v2\/media\/233"}],"wp:attachment":[{"href":"https:\/\/gradido.net\/lv\/wp-json\/wp\/v2\/media?parent=3"}],"curies":[{"name":"wp","href":"https:\/\/api.w.org\/{rel}","templated":true}]}}