{"id":704,"date":"2020-09-20T12:45:42","date_gmt":"2020-09-20T10:45:42","guid":{"rendered":"http:\/\/neu.gradido.net\/?page_id=704"},"modified":"2026-04-22T21:06:52","modified_gmt":"2026-04-22T19:06:52","slug":"blog","status":"publish","type":"page","link":"https:\/\/gradido.net\/nl\/blog\/","title":{"rendered":"Blog"},"content":{"rendered":"<div data-elementor-type=\"wp-page\" data-elementor-id=\"704\" class=\"elementor elementor-704\" data-elementor-post-type=\"page\">\n\t\t\t\t\t\t<section class=\"elementor-section elementor-top-section elementor-element elementor-element-2cac71f elementor-section-full_width elementor-section-height-default elementor-section-height-default\" data-id=\"2cac71f\" data-element_type=\"section\" data-e-type=\"section\">\n\t\t\t\t\t\t<div class=\"elementor-container elementor-column-gap-no\">\n\t\t\t\t\t<div class=\"elementor-column elementor-col-100 elementor-top-column elementor-element elementor-element-cef0c8b\" data-id=\"cef0c8b\" data-element_type=\"column\" data-e-type=\"column\">\n\t\t\t<div class=\"elementor-widget-wrap elementor-element-populated\">\n\t\t\t\t\t\t<div class=\"elementor-element elementor-element-cd0fa05 elementor--h-position-center elementor--v-position-middle elementor-arrows-position-inside elementor-widget elementor-widget-slides\" data-id=\"cd0fa05\" data-element_type=\"widget\" data-e-type=\"widget\" data-settings=\"{&quot;navigation&quot;:&quot;arrows&quot;,&quot;autoplay&quot;:&quot;yes&quot;,&quot;pause_on_hover&quot;:&quot;yes&quot;,&quot;pause_on_interaction&quot;:&quot;yes&quot;,&quot;autoplay_speed&quot;:5000,&quot;infinite&quot;:&quot;yes&quot;,&quot;transition&quot;:&quot;slide&quot;,&quot;transition_speed&quot;:500}\" data-widget_type=\"slides.default\">\n\t\t\t\t<div class=\"elementor-widget-container\">\n\t\t\t\t\t\t\t\t\t<div class=\"elementor-swiper\">\n\t\t\t\t\t<div class=\"elementor-slides-wrapper elementor-main-swiper swiper\" role=\"region\" aria-roledescription=\"carousel\" aria-label=\"Schuifregelaar\" dir=\"ltr\" data-animation=\"fadeInUp\">\n\t\t\t\t<div class=\"swiper-wrapper elementor-slides\">\n\t\t\t\t\t\t\t\t\t\t<div class=\"elementor-repeater-item-2de4990 swiper-slide\" role=\"group\" aria-roledescription=\"slide\"><div class=\"swiper-slide-bg\" role=\"img\" aria-label=\"blog\"><\/div><div class=\"swiper-slide-inner\" ><div class=\"swiper-slide-contents\"><\/div><\/div><\/div>\t\t\t\t<\/div>\n\t\t\t\t\t\t\t<\/div>\n\t\t\t\t<\/div>\n\t\t\t\t\t\t\t\t<\/div>\n\t\t\t\t<\/div>\n\t\t\t\t\t<\/div>\n\t\t<\/div>\n\t\t\t\t\t<\/div>\n\t\t<\/section>\n\t\t\t\t<section class=\"elementor-section elementor-top-section elementor-element elementor-element-cec2a5b elementor-section-boxed elementor-section-height-default elementor-section-height-default\" data-id=\"cec2a5b\" data-element_type=\"section\" data-e-type=\"section\" data-settings=\"{&quot;background_background&quot;:&quot;classic&quot;}\">\n\t\t\t\t\t\t<div class=\"elementor-container elementor-column-gap-default\">\n\t\t\t\t\t<div class=\"elementor-column elementor-col-100 elementor-top-column elementor-element elementor-element-2bca127\" data-id=\"2bca127\" data-element_type=\"column\" data-e-type=\"column\">\n\t\t\t<div class=\"elementor-widget-wrap elementor-element-populated\">\n\t\t\t\t\t\t<div class=\"elementor-element elementor-element-e504e40 elementor-widget elementor-widget-heading\" data-id=\"e504e40\" data-element_type=\"widget\" data-e-type=\"widget\" data-widget_type=\"heading.default\">\n\t\t\t\t<div class=\"elementor-widget-container\">\n\t\t\t\t\t<h1 class=\"elementor-heading-title elementor-size-default\">Nieuws <br>\nen dingen om te weten\n<br><\/h1>\t\t\t\t<\/div>\n\t\t\t\t<\/div>\n\t\t\t\t\t<\/div>\n\t\t<\/div>\n\t\t\t\t\t<\/div>\n\t\t<\/section>\n\t\t\t\t<section class=\"elementor-section elementor-top-section elementor-element elementor-element-e4f56b5 elementor-section-boxed elementor-section-height-default elementor-section-height-default\" data-id=\"e4f56b5\" data-element_type=\"section\" data-e-type=\"section\">\n\t\t\t\t\t\t<div class=\"elementor-container elementor-column-gap-default\">\n\t\t\t\t\t<div class=\"elementor-column elementor-col-100 elementor-top-column elementor-element elementor-element-93ee9fb\" data-id=\"93ee9fb\" data-element_type=\"column\" data-e-type=\"column\">\n\t\t\t<div class=\"elementor-widget-wrap elementor-element-populated\">\n\t\t\t\t\t\t<div class=\"elementor-element elementor-element-669a9e7 elementor-nav-menu--dropdown-tablet elementor-nav-menu__text-align-aside elementor-nav-menu--toggle elementor-nav-menu--burger elementor-widget elementor-widget-nav-menu\" data-id=\"669a9e7\" data-element_type=\"widget\" data-e-type=\"widget\" data-settings=\"{&quot;layout&quot;:&quot;horizontal&quot;,&quot;submenu_icon&quot;:{&quot;value&quot;:&quot;&lt;i class=\\&quot;fas fa-caret-down\\&quot; aria-hidden=\\&quot;true\\&quot;&gt;&lt;\\\/i&gt;&quot;,&quot;library&quot;:&quot;fa-solid&quot;},&quot;toggle&quot;:&quot;burger&quot;}\" data-widget_type=\"nav-menu.default\">\n\t\t\t\t<div class=\"elementor-widget-container\">\n\t\t\t\t\t\t\t\t<nav aria-label=\"Menu\" class=\"elementor-nav-menu--main elementor-nav-menu__container elementor-nav-menu--layout-horizontal e--pointer-underline e--animation-fade\">\n\t\t\t\t<ul id=\"menu-1-669a9e7\" class=\"elementor-nav-menu\"><li class=\"menu-item menu-item-type-post_type menu-item-object-page menu-item-13532\"><a href=\"https:\/\/gradido.net\/nl\/blog\/\" class=\"elementor-item\">Alle categorie\u00ebn<\/a><\/li>\n<li class=\"menu-item menu-item-type-post_type menu-item-object-page menu-item-13515\"><a href=\"https:\/\/gradido.net\/nl\/blog\/analysen\/\" class=\"elementor-item\">Analyses<\/a><\/li>\n<li class=\"menu-item menu-item-type-post_type menu-item-object-page menu-item-13559\"><a href=\"https:\/\/gradido.net\/nl\/blog\/lieblingsstadt\/\" class=\"elementor-item\">Favoriete stad<\/a><\/li>\n<li class=\"menu-item menu-item-type-post_type menu-item-object-page menu-item-13641\"><a href=\"https:\/\/gradido.net\/nl\/blog\/community\/\" class=\"elementor-item\">Gemeenschap<\/a><\/li>\n<li class=\"menu-item menu-item-type-post_type menu-item-object-page menu-item-13639\"><a href=\"https:\/\/gradido.net\/nl\/blog\/psychologie\/\" class=\"elementor-item\">Psychologie<\/a><\/li>\n<li class=\"menu-item menu-item-type-post_type menu-item-object-page menu-item-13640\"><a href=\"https:\/\/gradido.net\/nl\/blog\/gradido-konto\/\" class=\"elementor-item\">Gradidorekening<\/a><\/li>\n<\/ul>\t\t\t<\/nav>\n\t\t\t\t\t<div class=\"elementor-menu-toggle\" role=\"button\" tabindex=\"0\" aria-label=\"Menu omschakelen\" aria-expanded=\"false\">\n\t\t\t<i aria-hidden=\"true\" role=\"presentation\" class=\"elementor-menu-toggle__icon--open eicon-menu-bar\"><\/i><i aria-hidden=\"true\" role=\"presentation\" class=\"elementor-menu-toggle__icon--close eicon-close\"><\/i>\t\t<\/div>\n\t\t\t\t\t<nav class=\"elementor-nav-menu--dropdown elementor-nav-menu__container\" aria-hidden=\"true\">\n\t\t\t\t<ul id=\"menu-2-669a9e7\" class=\"elementor-nav-menu\"><li class=\"menu-item menu-item-type-post_type menu-item-object-page menu-item-13532\"><a href=\"https:\/\/gradido.net\/nl\/blog\/\" class=\"elementor-item\" tabindex=\"-1\">Alle categorie\u00ebn<\/a><\/li>\n<li class=\"menu-item menu-item-type-post_type menu-item-object-page menu-item-13515\"><a href=\"https:\/\/gradido.net\/nl\/blog\/analysen\/\" class=\"elementor-item\" tabindex=\"-1\">Analyses<\/a><\/li>\n<li class=\"menu-item menu-item-type-post_type menu-item-object-page menu-item-13559\"><a href=\"https:\/\/gradido.net\/nl\/blog\/lieblingsstadt\/\" class=\"elementor-item\" tabindex=\"-1\">Favoriete stad<\/a><\/li>\n<li class=\"menu-item menu-item-type-post_type menu-item-object-page menu-item-13641\"><a href=\"https:\/\/gradido.net\/nl\/blog\/community\/\" class=\"elementor-item\" tabindex=\"-1\">Gemeenschap<\/a><\/li>\n<li class=\"menu-item menu-item-type-post_type menu-item-object-page menu-item-13639\"><a href=\"https:\/\/gradido.net\/nl\/blog\/psychologie\/\" class=\"elementor-item\" tabindex=\"-1\">Psychologie<\/a><\/li>\n<li class=\"menu-item menu-item-type-post_type menu-item-object-page menu-item-13640\"><a href=\"https:\/\/gradido.net\/nl\/blog\/gradido-konto\/\" class=\"elementor-item\" tabindex=\"-1\">Gradidorekening<\/a><\/li>\n<\/ul>\t\t\t<\/nav>\n\t\t\t\t\t\t<\/div>\n\t\t\t\t<\/div>\n\t\t\t\t<div class=\"elementor-element elementor-element-1c7d36d elementor-grid-tablet-3 e-transform elementor-grid-3 elementor-grid-mobile-1 elementor-posts--thumbnail-top elementor-posts__hover-gradient elementor-widget elementor-widget-posts\" data-id=\"1c7d36d\" data-element_type=\"widget\" data-e-type=\"widget\" data-settings=\"{&quot;cards_columns_tablet&quot;:&quot;3&quot;,&quot;cards_columns&quot;:&quot;3&quot;,&quot;cards_columns_mobile&quot;:&quot;1&quot;,&quot;cards_row_gap&quot;:{&quot;unit&quot;:&quot;px&quot;,&quot;size&quot;:35,&quot;sizes&quot;:[]},&quot;cards_row_gap_tablet&quot;:{&quot;unit&quot;:&quot;px&quot;,&quot;size&quot;:&quot;&quot;,&quot;sizes&quot;:[]},&quot;cards_row_gap_mobile&quot;:{&quot;unit&quot;:&quot;px&quot;,&quot;size&quot;:&quot;&quot;,&quot;sizes&quot;:[]},&quot;_transform_scale_effect_hover&quot;:{&quot;unit&quot;:&quot;px&quot;,&quot;size&quot;:&quot;&quot;,&quot;sizes&quot;:[]},&quot;_transform_scale_effect_hover_tablet&quot;:{&quot;unit&quot;:&quot;px&quot;,&quot;size&quot;:&quot;&quot;,&quot;sizes&quot;:[]},&quot;_transform_scale_effect_hover_mobile&quot;:{&quot;unit&quot;:&quot;px&quot;,&quot;size&quot;:&quot;&quot;,&quot;sizes&quot;:[]}}\" data-widget_type=\"posts.cards\">\n\t\t\t\t<div class=\"elementor-widget-container\">\n\t\t\t\t\t\t\t<div class=\"elementor-posts-container elementor-posts elementor-posts--skin-cards elementor-grid\" role=\"list\">\n\t\t\t\t<article class=\"elementor-post elementor-grid-item post-13443 post type-post status-publish format-standard has-post-thumbnail hentry category-analysen category-blog category-psychologie\" role=\"listitem\">\n\t\t\t<div class=\"elementor-post__card\">\n\t\t\t\t<a class=\"elementor-post__thumbnail__link\" href=\"https:\/\/gradido.net\/nl\/freiwillige-kooperation-dankbarkeit-frieden\/\" tabindex=\"-1\" ><div class=\"elementor-post__thumbnail\"><img fetchpriority=\"high\" decoding=\"async\" width=\"800\" height=\"450\" src=\"https:\/\/gradido.net\/wp-content\/uploads\/2026\/04\/Kooperation-und-Dankbarkeit-1024x576.jpg\" class=\"attachment-large size-large wp-image-13445\" alt=\"\" srcset=\"https:\/\/gradido.net\/wp-content\/uploads\/2026\/04\/Kooperation-und-Dankbarkeit-1024x576.jpg 1024w, https:\/\/gradido.net\/wp-content\/uploads\/2026\/04\/Kooperation-und-Dankbarkeit-300x169.jpg 300w, https:\/\/gradido.net\/wp-content\/uploads\/2026\/04\/Kooperation-und-Dankbarkeit-768x432.jpg 768w, https:\/\/gradido.net\/wp-content\/uploads\/2026\/04\/Kooperation-und-Dankbarkeit-1536x864.jpg 1536w, https:\/\/gradido.net\/wp-content\/uploads\/2026\/04\/Kooperation-und-Dankbarkeit-18x10.jpg 18w, https:\/\/gradido.net\/wp-content\/uploads\/2026\/04\/Kooperation-und-Dankbarkeit.jpg 1920w\" sizes=\"(max-width: 800px) 100vw, 800px\" \/><\/div><\/a>\n\t\t\t\t<div class=\"elementor-post__text\">\n\t\t\t\t<h3 class=\"elementor-post__title\">\n\t\t\t<a href=\"https:\/\/gradido.net\/nl\/freiwillige-kooperation-dankbarkeit-frieden\/\" >\n\t\t\t\tVrijwillige samenwerking + dankbaarheid = vrede\t\t\t<\/a>\n\t\t<\/h3>\n\t\t\t\t<div class=\"elementor-post__excerpt\">\n\t\t\t<p>Economische zekerheid vermindert de toe-eigening van conflicten, permacultuur maakt voedselsoevereiniteit mogelijk, dankbaarheid versterkt het sociale kapitaal en het einde van de concurrentie om grondstoffen elimineert de oorzaken van oorlog. Gradido integreert deze inzichten in een holistische economische orde.<\/p>\n\t\t<\/div>\n\t\t\n\t\t<a class=\"elementor-post__read-more\" href=\"https:\/\/gradido.net\/nl\/freiwillige-kooperation-dankbarkeit-frieden\/\" aria-label=\"Lees meer over Freiwillige Kooperation + Dankbarkeit = Frieden\" tabindex=\"-1\" >\n\t\t\tLees meer\t\t<\/a>\n\n\t\t\t\t<\/div>\n\t\t\t\t<div class=\"elementor-post__meta-data\">\n\t\t\t\t\t<span class=\"elementor-post-date\">\n\t\t\t29 april 2026\t\t<\/span>\n\t\t\t\t<\/div>\n\t\t\t\t\t<\/div>\n\t\t<\/article>\n\t\t\t\t<article class=\"elementor-post elementor-grid-item post-13413 post type-post status-publish format-standard has-post-thumbnail hentry category-analysen category-blog category-psychologie\" role=\"listitem\">\n\t\t\t<div class=\"elementor-post__card\">\n\t\t\t\t<a class=\"elementor-post__thumbnail__link\" href=\"https:\/\/gradido.net\/nl\/enorme-anreize-fuer-hochqualifizierte-ausbildungen\/\" tabindex=\"-1\" ><div class=\"elementor-post__thumbnail\"><img decoding=\"async\" width=\"800\" height=\"300\" src=\"https:\/\/gradido.net\/wp-content\/uploads\/2026\/04\/Qualifizierte-Ausbildungen-1024x384.jpg\" class=\"attachment-large size-large wp-image-13415\" alt=\"\" srcset=\"https:\/\/gradido.net\/wp-content\/uploads\/2026\/04\/Qualifizierte-Ausbildungen-1024x384.jpg 1024w, https:\/\/gradido.net\/wp-content\/uploads\/2026\/04\/Qualifizierte-Ausbildungen-300x113.jpg 300w, https:\/\/gradido.net\/wp-content\/uploads\/2026\/04\/Qualifizierte-Ausbildungen-768x288.jpg 768w, https:\/\/gradido.net\/wp-content\/uploads\/2026\/04\/Qualifizierte-Ausbildungen-1536x576.jpg 1536w, https:\/\/gradido.net\/wp-content\/uploads\/2026\/04\/Qualifizierte-Ausbildungen-18x7.jpg 18w, https:\/\/gradido.net\/wp-content\/uploads\/2026\/04\/Qualifizierte-Ausbildungen.jpg 1920w\" sizes=\"(max-width: 800px) 100vw, 800px\" \/><\/div><\/a>\n\t\t\t\t<div class=\"elementor-post__text\">\n\t\t\t\t<h3 class=\"elementor-post__title\">\n\t\t\t<a href=\"https:\/\/gradido.net\/nl\/enorme-anreize-fuer-hochqualifizierte-ausbildungen\/\" >\n\t\t\t\tEnorme stimulansen voor hooggekwalificeerde trainingsprogramma's\t\t\t<\/a>\n\t\t<\/h3>\n\t\t\t\t<div class=\"elementor-post__excerpt\">\n\t\t\t<p>Het motivatieonderzoek is duidelijk: het zijn overwegend intrinsieke drijfveren - roeping, gespecialiseerde interesse, de wens om te helpen en vorm te geven. Het rapport analyseert waarom Gradido deze motivatie structureel versterkt.<\/p>\n\t\t<\/div>\n\t\t\n\t\t<a class=\"elementor-post__read-more\" href=\"https:\/\/gradido.net\/nl\/enorme-anreize-fuer-hochqualifizierte-ausbildungen\/\" aria-label=\"Lees meer over Enorme stimulansen voor hooggekwalificeerde opleidingen\" tabindex=\"-1\" >\n\t\t\tLees meer\t\t<\/a>\n\n\t\t\t\t<\/div>\n\t\t\t\t<div class=\"elementor-post__meta-data\">\n\t\t\t\t\t<span class=\"elementor-post-date\">\n\t\t\t25 april 2026\t\t<\/span>\n\t\t\t\t<\/div>\n\t\t\t\t\t<\/div>\n\t\t<\/article>\n\t\t\t\t<article class=\"elementor-post elementor-grid-item post-13388 post type-post status-publish format-standard has-post-thumbnail hentry category-analysen category-blog\" role=\"listitem\">\n\t\t\t<div class=\"elementor-post__card\">\n\t\t\t\t<a class=\"elementor-post__thumbnail__link\" href=\"https:\/\/gradido.net\/nl\/das-ende-von-arbeitslosigkeit-schwarzarbeit-und-fachkraeftemangel\/\" tabindex=\"-1\" ><div class=\"elementor-post__thumbnail\"><img decoding=\"async\" width=\"800\" height=\"450\" src=\"https:\/\/gradido.net\/wp-content\/uploads\/2026\/04\/Arbeitslosigkeit-1024x576.jpg\" class=\"attachment-large size-large wp-image-13390\" alt=\"\" srcset=\"https:\/\/gradido.net\/wp-content\/uploads\/2026\/04\/Arbeitslosigkeit-1024x576.jpg 1024w, https:\/\/gradido.net\/wp-content\/uploads\/2026\/04\/Arbeitslosigkeit-300x169.jpg 300w, https:\/\/gradido.net\/wp-content\/uploads\/2026\/04\/Arbeitslosigkeit-768x432.jpg 768w, https:\/\/gradido.net\/wp-content\/uploads\/2026\/04\/Arbeitslosigkeit-1536x864.jpg 1536w, https:\/\/gradido.net\/wp-content\/uploads\/2026\/04\/Arbeitslosigkeit-18x10.jpg 18w, https:\/\/gradido.net\/wp-content\/uploads\/2026\/04\/Arbeitslosigkeit.jpg 1920w\" sizes=\"(max-width: 800px) 100vw, 800px\" \/><\/div><\/a>\n\t\t\t\t<div class=\"elementor-post__text\">\n\t\t\t\t<h3 class=\"elementor-post__title\">\n\t\t\t<a href=\"https:\/\/gradido.net\/nl\/das-ende-von-arbeitslosigkeit-schwarzarbeit-und-fachkraeftemangel\/\" >\n\t\t\t\tHet einde van werkloosheid, zwartwerk en een tekort aan geschoolde arbeidskrachten\t\t\t<\/a>\n\t\t<\/h3>\n\t\t\t\t<div class=\"elementor-post__excerpt\">\n\t\t\t<p>Deze analyse onderzoekt de theoretische architectuur van deze beweringen, vergelijkt ze met de empirische stand van het onderzoek en beoordeelt kritisch waar de argumenten overtuigend zijn en waar ze onvolledig zijn.<\/p>\n\t\t<\/div>\n\t\t\n\t\t<a class=\"elementor-post__read-more\" href=\"https:\/\/gradido.net\/nl\/das-ende-von-arbeitslosigkeit-schwarzarbeit-und-fachkraeftemangel\/\" aria-label=\"Lees meer over Het einde van werkloosheid, zwartwerk en tekorten aan vaardigheden\" tabindex=\"-1\" >\n\t\t\tLees meer\t\t<\/a>\n\n\t\t\t\t<\/div>\n\t\t\t\t<div class=\"elementor-post__meta-data\">\n\t\t\t\t\t<span class=\"elementor-post-date\">\n\t\t\t21 april 2026\t\t<\/span>\n\t\t\t\t<\/div>\n\t\t\t\t\t<\/div>\n\t\t<\/article>\n\t\t\t\t<article class=\"elementor-post elementor-grid-item post-13348 post type-post status-publish format-standard has-post-thumbnail hentry category-analysen category-blog\" role=\"listitem\">\n\t\t\t<div class=\"elementor-post__card\">\n\t\t\t\t<a class=\"elementor-post__thumbnail__link\" href=\"https:\/\/gradido.net\/nl\/flexible-lebensgestaltung-und-altersversorgung\/\" tabindex=\"-1\" ><div class=\"elementor-post__thumbnail\"><img loading=\"lazy\" decoding=\"async\" width=\"800\" height=\"450\" src=\"https:\/\/gradido.net\/wp-content\/uploads\/2026\/04\/Flexible-Lebensgestaltung-1024x576.jpg\" class=\"attachment-large size-large wp-image-13351\" alt=\"\" srcset=\"https:\/\/gradido.net\/wp-content\/uploads\/2026\/04\/Flexible-Lebensgestaltung-1024x576.jpg 1024w, https:\/\/gradido.net\/wp-content\/uploads\/2026\/04\/Flexible-Lebensgestaltung-300x169.jpg 300w, https:\/\/gradido.net\/wp-content\/uploads\/2026\/04\/Flexible-Lebensgestaltung-768x432.jpg 768w, https:\/\/gradido.net\/wp-content\/uploads\/2026\/04\/Flexible-Lebensgestaltung-1536x864.jpg 1536w, https:\/\/gradido.net\/wp-content\/uploads\/2026\/04\/Flexible-Lebensgestaltung-18x10.jpg 18w, https:\/\/gradido.net\/wp-content\/uploads\/2026\/04\/Flexible-Lebensgestaltung.jpg 1920w\" sizes=\"(max-width: 800px) 100vw, 800px\" \/><\/div><\/a>\n\t\t\t\t<div class=\"elementor-post__text\">\n\t\t\t\t<h3 class=\"elementor-post__title\">\n\t\t\t<a href=\"https:\/\/gradido.net\/nl\/flexible-lebensgestaltung-und-altersversorgung\/\" >\n\t\t\t\tFlexibele levensstijl en pensioenvoorzieningen\t\t\t<\/a>\n\t\t<\/h3>\n\t\t\t\t<div class=\"elementor-post__excerpt\">\n\t\t\t<p>In tegenstelling tot het huidige pensioenstelsel, dat gebaseerd is op het zogenaamde \u201eintergenerationele contract\u201d, wordt het pensioenstelsel van Gradido volledig gefinancierd door geld te cre\u00ebren - ongeacht de demografische omstandigheden en de huidige economische situatie.<\/p>\n\t\t<\/div>\n\t\t\n\t\t<a class=\"elementor-post__read-more\" href=\"https:\/\/gradido.net\/nl\/flexible-lebensgestaltung-und-altersversorgung\/\" aria-label=\"Lees meer over Flexibel leven en pensioenen\" tabindex=\"-1\" >\n\t\t\tLees meer\t\t<\/a>\n\n\t\t\t\t<\/div>\n\t\t\t\t<div class=\"elementor-post__meta-data\">\n\t\t\t\t\t<span class=\"elementor-post-date\">\n\t\t\t17 april 2026\t\t<\/span>\n\t\t\t\t<\/div>\n\t\t\t\t\t<\/div>\n\t\t<\/article>\n\t\t\t\t<article class=\"elementor-post elementor-grid-item post-13319 post type-post status-publish format-standard has-post-thumbnail hentry category-analysen category-blog\" role=\"listitem\">\n\t\t\t<div class=\"elementor-post__card\">\n\t\t\t\t<a class=\"elementor-post__thumbnail__link\" href=\"https:\/\/gradido.net\/nl\/gradido-als-friedenswaehrung\/\" tabindex=\"-1\" ><div class=\"elementor-post__thumbnail\"><img loading=\"lazy\" decoding=\"async\" width=\"800\" height=\"450\" src=\"https:\/\/gradido.net\/wp-content\/uploads\/2026\/04\/Friedenswaehrung-1024x576.jpg\" class=\"attachment-large size-large wp-image-13321\" alt=\"\" srcset=\"https:\/\/gradido.net\/wp-content\/uploads\/2026\/04\/Friedenswaehrung-1024x576.jpg 1024w, https:\/\/gradido.net\/wp-content\/uploads\/2026\/04\/Friedenswaehrung-300x169.jpg 300w, https:\/\/gradido.net\/wp-content\/uploads\/2026\/04\/Friedenswaehrung-768x432.jpg 768w, https:\/\/gradido.net\/wp-content\/uploads\/2026\/04\/Friedenswaehrung-1536x864.jpg 1536w, https:\/\/gradido.net\/wp-content\/uploads\/2026\/04\/Friedenswaehrung-18x10.jpg 18w, https:\/\/gradido.net\/wp-content\/uploads\/2026\/04\/Friedenswaehrung.jpg 1920w\" sizes=\"(max-width: 800px) 100vw, 800px\" \/><\/div><\/a>\n\t\t\t\t<div class=\"elementor-post__text\">\n\t\t\t\t<h3 class=\"elementor-post__title\">\n\t\t\t<a href=\"https:\/\/gradido.net\/nl\/gradido-als-friedenswaehrung\/\" >\n\t\t\t\tGradido als vredesmunt\t\t\t<\/a>\n\t\t<\/h3>\n\t\t\t\t<div class=\"elementor-post__excerpt\">\n\t\t\t<p>Het schuldgeldsysteem als oorlogsmechanisme - De stelling van Gradido is historisch goed gedocumenteerd: Meer dan 95% van het geld in de wereld wordt gecre\u00eberd door schulden, wat structureel een zero-sum game cre\u00ebert waarin oorlog als uitlaatklep fungeert.<\/p>\n\t\t<\/div>\n\t\t\n\t\t<a class=\"elementor-post__read-more\" href=\"https:\/\/gradido.net\/nl\/gradido-als-friedenswaehrung\/\" aria-label=\"Lees meer over Gradido als Friedensw\u00e4hrung\" tabindex=\"-1\" >\n\t\t\tLees meer\t\t<\/a>\n\n\t\t\t\t<\/div>\n\t\t\t\t<div class=\"elementor-post__meta-data\">\n\t\t\t\t\t<span class=\"elementor-post-date\">\n\t\t\t13 april 2026\t\t<\/span>\n\t\t\t\t<\/div>\n\t\t\t\t\t<\/div>\n\t\t<\/article>\n\t\t\t\t<article class=\"elementor-post elementor-grid-item post-13303 post type-post status-publish format-standard has-post-thumbnail hentry category-analysen category-blog\" role=\"listitem\">\n\t\t\t<div class=\"elementor-post__card\">\n\t\t\t\t<a class=\"elementor-post__thumbnail__link\" href=\"https:\/\/gradido.net\/nl\/unabhaengig-von-erdoel-mit-hilfe-von-gradido\/\" tabindex=\"-1\" ><div class=\"elementor-post__thumbnail\"><img loading=\"lazy\" decoding=\"async\" width=\"800\" height=\"450\" src=\"https:\/\/gradido.net\/wp-content\/uploads\/2026\/04\/Erdoel_Unabhaengigkeit-1024x576.jpg\" class=\"attachment-large size-large wp-image-13305\" alt=\"\" srcset=\"https:\/\/gradido.net\/wp-content\/uploads\/2026\/04\/Erdoel_Unabhaengigkeit-1024x576.jpg 1024w, https:\/\/gradido.net\/wp-content\/uploads\/2026\/04\/Erdoel_Unabhaengigkeit-300x169.jpg 300w, https:\/\/gradido.net\/wp-content\/uploads\/2026\/04\/Erdoel_Unabhaengigkeit-768x432.jpg 768w, https:\/\/gradido.net\/wp-content\/uploads\/2026\/04\/Erdoel_Unabhaengigkeit-1536x864.jpg 1536w, https:\/\/gradido.net\/wp-content\/uploads\/2026\/04\/Erdoel_Unabhaengigkeit-18x10.jpg 18w, https:\/\/gradido.net\/wp-content\/uploads\/2026\/04\/Erdoel_Unabhaengigkeit.jpg 1920w\" sizes=\"(max-width: 800px) 100vw, 800px\" \/><\/div><\/a>\n\t\t\t\t<div class=\"elementor-post__text\">\n\t\t\t\t<h3 class=\"elementor-post__title\">\n\t\t\t<a href=\"https:\/\/gradido.net\/nl\/unabhaengig-von-erdoel-mit-hilfe-von-gradido\/\" >\n\t\t\t\tOnafhankelijk van olie met behulp van Gradido\t\t\t<\/a>\n\t\t<\/h3>\n\t\t\t\t<div class=\"elementor-post__excerpt\">\n\t\t\t<p>Dit rapport analyseert hoe de mensheid systematisch de afhankelijkheid van olie kan doorbreken - en hoe het Gradido-model als economisch besturingssysteem de noodzakelijke transformatie bevordert en versnelt.<\/p>\n\t\t<\/div>\n\t\t\n\t\t<a class=\"elementor-post__read-more\" href=\"https:\/\/gradido.net\/nl\/unabhaengig-von-erdoel-mit-hilfe-von-gradido\/\" aria-label=\"Lees meer over Onafhankelijk van olie met behulp van Gradido\" tabindex=\"-1\" >\n\t\t\tLees meer\t\t<\/a>\n\n\t\t\t\t<\/div>\n\t\t\t\t<div class=\"elementor-post__meta-data\">\n\t\t\t\t\t<span class=\"elementor-post-date\">\n\t\t\t10 april 2026\t\t<\/span>\n\t\t\t\t<\/div>\n\t\t\t\t\t<\/div>\n\t\t<\/article>\n\t\t\t\t<article class=\"elementor-post elementor-grid-item post-13288 post type-post status-publish format-standard has-post-thumbnail hentry category-analysen category-blog\" role=\"listitem\">\n\t\t\t<div class=\"elementor-post__card\">\n\t\t\t\t<a class=\"elementor-post__thumbnail__link\" href=\"https:\/\/gradido.net\/nl\/gesundheit-fuer-alle\/\" tabindex=\"-1\" ><div class=\"elementor-post__thumbnail\"><img loading=\"lazy\" decoding=\"async\" width=\"800\" height=\"450\" src=\"https:\/\/gradido.net\/wp-content\/uploads\/2026\/04\/Gesundheit-fuer-alle-1024x576.jpg\" class=\"attachment-large size-large wp-image-13291\" alt=\"\" srcset=\"https:\/\/gradido.net\/wp-content\/uploads\/2026\/04\/Gesundheit-fuer-alle-1024x576.jpg 1024w, https:\/\/gradido.net\/wp-content\/uploads\/2026\/04\/Gesundheit-fuer-alle-300x169.jpg 300w, https:\/\/gradido.net\/wp-content\/uploads\/2026\/04\/Gesundheit-fuer-alle-768x432.jpg 768w, https:\/\/gradido.net\/wp-content\/uploads\/2026\/04\/Gesundheit-fuer-alle-1536x864.jpg 1536w, https:\/\/gradido.net\/wp-content\/uploads\/2026\/04\/Gesundheit-fuer-alle-18x10.jpg 18w, https:\/\/gradido.net\/wp-content\/uploads\/2026\/04\/Gesundheit-fuer-alle.jpg 1920w\" sizes=\"(max-width: 800px) 100vw, 800px\" \/><\/div><\/a>\n\t\t\t\t<div class=\"elementor-post__text\">\n\t\t\t\t<h3 class=\"elementor-post__title\">\n\t\t\t<a href=\"https:\/\/gradido.net\/nl\/gesundheit-fuer-alle\/\" >\n\t\t\t\tGezondheid voor iedereen\t\t\t<\/a>\n\t\t<\/h3>\n\t\t\t\t<div class=\"elementor-post__excerpt\">\n\t\t\t<p>Analyse op Wereldgezondheidsdag: Het Actief Basisinkomen elimineert existenti\u00eble angst, de tweede geldschepping zorgt voor gratis gezondheidszorg, het egalisatie- en milieufonds reinigt de lucht, het water en de bodem - zonder schuld. <\/p>\n\t\t<\/div>\n\t\t\n\t\t<a class=\"elementor-post__read-more\" href=\"https:\/\/gradido.net\/nl\/gesundheit-fuer-alle\/\" aria-label=\"Lees meer over Gezondheid voor iedereen\" tabindex=\"-1\" >\n\t\t\tLees meer\t\t<\/a>\n\n\t\t\t\t<\/div>\n\t\t\t\t<div class=\"elementor-post__meta-data\">\n\t\t\t\t\t<span class=\"elementor-post-date\">\n\t\t\t7 april 2026\t\t<\/span>\n\t\t\t\t<\/div>\n\t\t\t\t\t<\/div>\n\t\t<\/article>\n\t\t\t\t<article class=\"elementor-post elementor-grid-item post-13272 post type-post status-publish format-standard has-post-thumbnail hentry category-analysen category-blog category-psychologie tag-bild-oben\" role=\"listitem\">\n\t\t\t<div class=\"elementor-post__card\">\n\t\t\t\t<a class=\"elementor-post__thumbnail__link\" href=\"https:\/\/gradido.net\/nl\/gradido-wirtschaft-der-liebe\/\" tabindex=\"-1\" ><div class=\"elementor-post__thumbnail\"><img loading=\"lazy\" decoding=\"async\" width=\"800\" height=\"450\" src=\"https:\/\/gradido.net\/wp-content\/uploads\/2026\/04\/Wirtschaft-der-Liebe-1024x576.jpg\" class=\"attachment-large size-large wp-image-13274\" alt=\"\" srcset=\"https:\/\/gradido.net\/wp-content\/uploads\/2026\/04\/Wirtschaft-der-Liebe-1024x576.jpg 1024w, https:\/\/gradido.net\/wp-content\/uploads\/2026\/04\/Wirtschaft-der-Liebe-300x169.jpg 300w, https:\/\/gradido.net\/wp-content\/uploads\/2026\/04\/Wirtschaft-der-Liebe-768x432.jpg 768w, https:\/\/gradido.net\/wp-content\/uploads\/2026\/04\/Wirtschaft-der-Liebe-1536x864.jpg 1536w, https:\/\/gradido.net\/wp-content\/uploads\/2026\/04\/Wirtschaft-der-Liebe-18x10.jpg 18w, https:\/\/gradido.net\/wp-content\/uploads\/2026\/04\/Wirtschaft-der-Liebe.jpg 1920w\" sizes=\"(max-width: 800px) 100vw, 800px\" \/><\/div><\/a>\n\t\t\t\t<div class=\"elementor-post__text\">\n\t\t\t\t<h3 class=\"elementor-post__title\">\n\t\t\t<a href=\"https:\/\/gradido.net\/nl\/gradido-wirtschaft-der-liebe\/\" >\n\t\t\t\tGradido - Economie van de liefde\t\t\t<\/a>\n\t\t<\/h3>\n\t\t\t\t<div class=\"elementor-post__excerpt\">\n\t\t\t<p>Een essay over de structurele relatie tussen gradido en wat mensen al duizenden jaren kennen als de hoogste waarde.<\/p>\n\t\t<\/div>\n\t\t\n\t\t<a class=\"elementor-post__read-more\" href=\"https:\/\/gradido.net\/nl\/gradido-wirtschaft-der-liebe\/\" aria-label=\"Lees meer over Gradido - Economie van de liefde\" tabindex=\"-1\" >\n\t\t\tLees meer\t\t<\/a>\n\n\t\t\t\t<\/div>\n\t\t\t\t<div class=\"elementor-post__meta-data\">\n\t\t\t\t\t<span class=\"elementor-post-date\">\n\t\t\t4 april 2026\t\t<\/span>\n\t\t\t\t<\/div>\n\t\t\t\t\t<\/div>\n\t\t<\/article>\n\t\t\t\t<article class=\"elementor-post elementor-grid-item post-13235 post type-post status-publish format-standard has-post-thumbnail hentry category-analysen category-blog\" role=\"listitem\">\n\t\t\t<div class=\"elementor-post__card\">\n\t\t\t\t<a class=\"elementor-post__thumbnail__link\" href=\"https:\/\/gradido.net\/nl\/die-erde-in-ein-paradies-rueckverwandeln\/\" tabindex=\"-1\" ><div class=\"elementor-post__thumbnail\"><img loading=\"lazy\" decoding=\"async\" width=\"800\" height=\"450\" src=\"https:\/\/gradido.net\/wp-content\/uploads\/2026\/03\/Paradies-1024x576.jpg\" class=\"attachment-large size-large wp-image-13236\" alt=\"\" srcset=\"https:\/\/gradido.net\/wp-content\/uploads\/2026\/03\/Paradies-1024x576.jpg 1024w, https:\/\/gradido.net\/wp-content\/uploads\/2026\/03\/Paradies-300x169.jpg 300w, https:\/\/gradido.net\/wp-content\/uploads\/2026\/03\/Paradies-768x432.jpg 768w, https:\/\/gradido.net\/wp-content\/uploads\/2026\/03\/Paradies-1536x864.jpg 1536w, https:\/\/gradido.net\/wp-content\/uploads\/2026\/03\/Paradies-18x10.jpg 18w, https:\/\/gradido.net\/wp-content\/uploads\/2026\/03\/Paradies.jpg 1920w\" sizes=\"(max-width: 800px) 100vw, 800px\" \/><\/div><\/a>\n\t\t\t\t<div class=\"elementor-post__text\">\n\t\t\t\t<h3 class=\"elementor-post__title\">\n\t\t\t<a href=\"https:\/\/gradido.net\/nl\/die-erde-in-ein-paradies-rueckverwandeln\/\" >\n\t\t\t\tDe aarde weer in een paradijs veranderen\t\t\t<\/a>\n\t\t<\/h3>\n\t\t\t\t<div class=\"elementor-post__excerpt\">\n\t\t\t<p>Het Gradido model biedt de systemische sleutel om 65-80% van het wereldwijde energieverbruik te besparen en tegelijkertijd de levenskwaliteit voor iedereen te verbeteren.<\/p>\n\t\t<\/div>\n\t\t\n\t\t<a class=\"elementor-post__read-more\" href=\"https:\/\/gradido.net\/nl\/die-erde-in-ein-paradies-rueckverwandeln\/\" aria-label=\"Lees meer over Van de aarde weer een paradijs maken\" tabindex=\"-1\" >\n\t\t\tLees meer\t\t<\/a>\n\n\t\t\t\t<\/div>\n\t\t\t\t<div class=\"elementor-post__meta-data\">\n\t\t\t\t\t<span class=\"elementor-post-date\">\n\t\t\t1 april 2026\t\t<\/span>\n\t\t\t\t<\/div>\n\t\t\t\t\t<\/div>\n\t\t<\/article>\n\t\t\t\t<article class=\"elementor-post elementor-grid-item post-13218 post type-post status-publish format-standard has-post-thumbnail hentry category-analysen category-blog\" role=\"listitem\">\n\t\t\t<div class=\"elementor-post__card\">\n\t\t\t\t<a class=\"elementor-post__thumbnail__link\" href=\"https:\/\/gradido.net\/nl\/buerokratieabbau-bullshit-jobs-und-der-ausgleichs-und-umweltfonds\/\" tabindex=\"-1\" ><div class=\"elementor-post__thumbnail\"><img loading=\"lazy\" decoding=\"async\" width=\"800\" height=\"450\" src=\"https:\/\/gradido.net\/wp-content\/uploads\/2026\/03\/Buerokratieabbau-Bullshit-Jobs-und-AUF-1024x576.jpg\" class=\"attachment-large size-large wp-image-13219\" alt=\"\" srcset=\"https:\/\/gradido.net\/wp-content\/uploads\/2026\/03\/Buerokratieabbau-Bullshit-Jobs-und-AUF-1024x576.jpg 1024w, https:\/\/gradido.net\/wp-content\/uploads\/2026\/03\/Buerokratieabbau-Bullshit-Jobs-und-AUF-300x169.jpg 300w, https:\/\/gradido.net\/wp-content\/uploads\/2026\/03\/Buerokratieabbau-Bullshit-Jobs-und-AUF-768x432.jpg 768w, https:\/\/gradido.net\/wp-content\/uploads\/2026\/03\/Buerokratieabbau-Bullshit-Jobs-und-AUF-1536x864.jpg 1536w, https:\/\/gradido.net\/wp-content\/uploads\/2026\/03\/Buerokratieabbau-Bullshit-Jobs-und-AUF-18x10.jpg 18w, https:\/\/gradido.net\/wp-content\/uploads\/2026\/03\/Buerokratieabbau-Bullshit-Jobs-und-AUF.jpg 1920w\" sizes=\"(max-width: 800px) 100vw, 800px\" \/><\/div><\/a>\n\t\t\t\t<div class=\"elementor-post__text\">\n\t\t\t\t<h3 class=\"elementor-post__title\">\n\t\t\t<a href=\"https:\/\/gradido.net\/nl\/buerokratieabbau-bullshit-jobs-und-der-ausgleichs-und-umweltfonds\/\" >\n\t\t\t\tMinder administratieve rompslomp, onzinbanen en het egalisatie- en milieufonds\t\t\t<\/a>\n\t\t<\/h3>\n\t\t\t\t<div class=\"elementor-post__excerpt\">\n\t\t\t<p>Het heersende economische systeem genereert gigantische hoeveelheden onnodige arbeid, overbodige administratie en zinloze verspilling van grondstoffen. Gradido lost dit op door een systemisch herontwerp naar het voorbeeld van de natuur.<\/p>\n\t\t<\/div>\n\t\t\n\t\t<a class=\"elementor-post__read-more\" href=\"https:\/\/gradido.net\/nl\/buerokratieabbau-bullshit-jobs-und-der-ausgleichs-und-umweltfonds\/\" aria-label=\"Lees meer over B\u00fcrokratieabbau, Bullshit Jobs und der Ausgleichs- und Umweltfonds\" tabindex=\"-1\" >\n\t\t\tLees meer\t\t<\/a>\n\n\t\t\t\t<\/div>\n\t\t\t\t<div class=\"elementor-post__meta-data\">\n\t\t\t\t\t<span class=\"elementor-post-date\">\n\t\t\t29. maart 2026\t\t<\/span>\n\t\t\t\t<\/div>\n\t\t\t\t\t<\/div>\n\t\t<\/article>\n\t\t\t\t<article class=\"elementor-post elementor-grid-item post-13190 post type-post status-publish format-standard has-post-thumbnail hentry category-analysen category-blog category-gradido-konto\" role=\"listitem\">\n\t\t\t<div class=\"elementor-post__card\">\n\t\t\t\t<a class=\"elementor-post__thumbnail__link\" href=\"https:\/\/gradido.net\/nl\/bitcoin-aufstieg-und-grenzen-lektionen-fuer-gradido\/\" tabindex=\"-1\" ><div class=\"elementor-post__thumbnail\"><img loading=\"lazy\" decoding=\"async\" width=\"800\" height=\"450\" src=\"https:\/\/gradido.net\/wp-content\/uploads\/2026\/03\/BitCoin-Gradido-1024x576.jpg\" class=\"attachment-large size-large wp-image-13191\" alt=\"\" srcset=\"https:\/\/gradido.net\/wp-content\/uploads\/2026\/03\/BitCoin-Gradido-1024x576.jpg 1024w, https:\/\/gradido.net\/wp-content\/uploads\/2026\/03\/BitCoin-Gradido-300x169.jpg 300w, https:\/\/gradido.net\/wp-content\/uploads\/2026\/03\/BitCoin-Gradido-768x432.jpg 768w, https:\/\/gradido.net\/wp-content\/uploads\/2026\/03\/BitCoin-Gradido-1536x864.jpg 1536w, https:\/\/gradido.net\/wp-content\/uploads\/2026\/03\/BitCoin-Gradido-18x10.jpg 18w, https:\/\/gradido.net\/wp-content\/uploads\/2026\/03\/BitCoin-Gradido.jpg 1920w\" sizes=\"(max-width: 800px) 100vw, 800px\" \/><\/div><\/a>\n\t\t\t\t<div class=\"elementor-post__text\">\n\t\t\t\t<h3 class=\"elementor-post__title\">\n\t\t\t<a href=\"https:\/\/gradido.net\/nl\/bitcoin-aufstieg-und-grenzen-lektionen-fuer-gradido\/\" >\n\t\t\t\tBitcoin - opkomst en grenzen: Lessen voor Gradido\t\t\t<\/a>\n\t\t<\/h3>\n\t\t\t\t<div class=\"elementor-post__excerpt\">\n\t\t\t<p>Bitcoin laat zien dat decentrale geldcreatie buiten centrale banken om mogelijk en sociaal aanvaardbaar is - en waar een systeem dat schaarste en hamsteren beloont in plaats van circulatie en het algemeen belang toe leidt.<\/p>\n\t\t<\/div>\n\t\t\n\t\t<a class=\"elementor-post__read-more\" href=\"https:\/\/gradido.net\/nl\/bitcoin-aufstieg-und-grenzen-lektionen-fuer-gradido\/\" aria-label=\"Lees meer over Bitcoin \u2013 Aufstieg und Grenzen: Lektionen f\u00fcr Gradido\" tabindex=\"-1\" >\n\t\t\tLees meer\t\t<\/a>\n\n\t\t\t\t<\/div>\n\t\t\t\t<div class=\"elementor-post__meta-data\">\n\t\t\t\t\t<span class=\"elementor-post-date\">\n\t\t\t26. maart 2026\t\t<\/span>\n\t\t\t\t<\/div>\n\t\t\t\t\t<\/div>\n\t\t<\/article>\n\t\t\t\t<article class=\"elementor-post elementor-grid-item post-12352 post type-post status-publish format-standard has-post-thumbnail hentry category-blog category-community\" role=\"listitem\">\n\t\t\t<div class=\"elementor-post__card\">\n\t\t\t\t<a class=\"elementor-post__thumbnail__link\" href=\"https:\/\/gradido.net\/nl\/mutmacher-stefan-nathan\/\" tabindex=\"-1\" ><div class=\"elementor-post__thumbnail\"><img loading=\"lazy\" decoding=\"async\" width=\"800\" height=\"450\" src=\"https:\/\/gradido.net\/wp-content\/uploads\/2025\/10\/Stefan_Nathan_Lange-1024x576.jpg\" class=\"attachment-large size-large wp-image-12354\" alt=\"\" srcset=\"https:\/\/gradido.net\/wp-content\/uploads\/2025\/10\/Stefan_Nathan_Lange-1024x576.jpg 1024w, https:\/\/gradido.net\/wp-content\/uploads\/2025\/10\/Stefan_Nathan_Lange-300x169.jpg 300w, https:\/\/gradido.net\/wp-content\/uploads\/2025\/10\/Stefan_Nathan_Lange-768x432.jpg 768w, https:\/\/gradido.net\/wp-content\/uploads\/2025\/10\/Stefan_Nathan_Lange-1536x864.jpg 1536w, https:\/\/gradido.net\/wp-content\/uploads\/2025\/10\/Stefan_Nathan_Lange-18x10.jpg 18w, https:\/\/gradido.net\/wp-content\/uploads\/2025\/10\/Stefan_Nathan_Lange.jpg 1920w\" sizes=\"(max-width: 800px) 100vw, 800px\" \/><\/div><\/a>\n\t\t\t\t<div class=\"elementor-post__text\">\n\t\t\t\t<h3 class=\"elementor-post__title\">\n\t\t\t<a href=\"https:\/\/gradido.net\/nl\/mutmacher-stefan-nathan\/\" >\n\t\t\t\tOp weg naar een wereld zonder geld ligt Gradido\t\t\t<\/a>\n\t\t<\/h3>\n\t\t\t\t<div class=\"elementor-post__excerpt\">\n\t\t\t<p>Gradido is de beste kans die ik tot nu toe heb gevonden om een grote stap voorwaarts te zetten op dit pad. En dat is waarom ik hier bij betrokken ben!<\/p>\n\t\t<\/div>\n\t\t\n\t\t<a class=\"elementor-post__read-more\" href=\"https:\/\/gradido.net\/nl\/mutmacher-stefan-nathan\/\" aria-label=\"Lees meer over Op weg naar een wereld zonder geld ligt Gradido\" tabindex=\"-1\" >\n\t\t\tLees meer\t\t<\/a>\n\n\t\t\t\t<\/div>\n\t\t\t\t<div class=\"elementor-post__meta-data\">\n\t\t\t\t\t<span class=\"elementor-post-date\">\n\t\t\t26 oktober 2025\t\t<\/span>\n\t\t\t\t<\/div>\n\t\t\t\t\t<\/div>\n\t\t<\/article>\n\t\t\t\t<article class=\"elementor-post elementor-grid-item post-12183 post type-post status-publish format-standard has-post-thumbnail hentry category-blog category-community\" role=\"listitem\">\n\t\t\t<div class=\"elementor-post__card\">\n\t\t\t\t<a class=\"elementor-post__thumbnail__link\" href=\"https:\/\/gradido.net\/nl\/mutmacher-konrad\/\" tabindex=\"-1\" ><div class=\"elementor-post__thumbnail\"><img loading=\"lazy\" decoding=\"async\" width=\"800\" height=\"450\" src=\"https:\/\/gradido.net\/wp-content\/uploads\/2025\/10\/Konrad_Funk-1024x576.jpg\" class=\"attachment-large size-large wp-image-12185\" alt=\"\" srcset=\"https:\/\/gradido.net\/wp-content\/uploads\/2025\/10\/Konrad_Funk-1024x576.jpg 1024w, https:\/\/gradido.net\/wp-content\/uploads\/2025\/10\/Konrad_Funk-300x169.jpg 300w, https:\/\/gradido.net\/wp-content\/uploads\/2025\/10\/Konrad_Funk-768x432.jpg 768w, https:\/\/gradido.net\/wp-content\/uploads\/2025\/10\/Konrad_Funk-1536x864.jpg 1536w, https:\/\/gradido.net\/wp-content\/uploads\/2025\/10\/Konrad_Funk-18x10.jpg 18w, https:\/\/gradido.net\/wp-content\/uploads\/2025\/10\/Konrad_Funk.jpg 1920w\" sizes=\"(max-width: 800px) 100vw, 800px\" \/><\/div><\/a>\n\t\t\t\t<div class=\"elementor-post__text\">\n\t\t\t\t<h3 class=\"elementor-post__title\">\n\t\t\t<a href=\"https:\/\/gradido.net\/nl\/mutmacher-konrad\/\" >\n\t\t\t\tThaler, thaler, je moet dwalen - van de ene hand naar de andere\t\t\t<\/a>\n\t\t<\/h3>\n\t\t\t\t<div class=\"elementor-post__excerpt\">\n\t\t\t<p>Gradido's kunnen gecre\u00eberd en doorgegeven worden, ze zijn in overvloed beschikbaar - maar niet inflatoir - vanwege hun vergankelijkheid. Deze overvloed kan naar ons grootste geschenk stromen: ons hartveld.<\/p>\n\t\t<\/div>\n\t\t\n\t\t<a class=\"elementor-post__read-more\" href=\"https:\/\/gradido.net\/nl\/mutmacher-konrad\/\" aria-label=\"Lees meer over Taler, Taler, je moet dwalen - van de ene hand naar de andere\" tabindex=\"-1\" >\n\t\t\tLees meer\t\t<\/a>\n\n\t\t\t\t<\/div>\n\t\t\t\t<div class=\"elementor-post__meta-data\">\n\t\t\t\t\t<span class=\"elementor-post-date\">\n\t\t\t13 oktober 2025\t\t<\/span>\n\t\t\t\t<\/div>\n\t\t\t\t\t<\/div>\n\t\t<\/article>\n\t\t\t\t<article class=\"elementor-post elementor-grid-item post-12082 post type-post status-publish format-standard has-post-thumbnail hentry category-blog category-community\" role=\"listitem\">\n\t\t\t<div class=\"elementor-post__card\">\n\t\t\t\t<a class=\"elementor-post__thumbnail__link\" href=\"https:\/\/gradido.net\/nl\/mutmacher-hartmut\/\" tabindex=\"-1\" ><div class=\"elementor-post__thumbnail\"><img loading=\"lazy\" decoding=\"async\" width=\"800\" height=\"450\" src=\"https:\/\/gradido.net\/wp-content\/uploads\/2025\/10\/Hartmut_Zipperlen-1024x576.jpg\" class=\"attachment-large size-large wp-image-12084\" alt=\"\" srcset=\"https:\/\/gradido.net\/wp-content\/uploads\/2025\/10\/Hartmut_Zipperlen-1024x576.jpg 1024w, https:\/\/gradido.net\/wp-content\/uploads\/2025\/10\/Hartmut_Zipperlen-300x169.jpg 300w, https:\/\/gradido.net\/wp-content\/uploads\/2025\/10\/Hartmut_Zipperlen-768x432.jpg 768w, https:\/\/gradido.net\/wp-content\/uploads\/2025\/10\/Hartmut_Zipperlen-18x10.jpg 18w, https:\/\/gradido.net\/wp-content\/uploads\/2025\/10\/Hartmut_Zipperlen.jpg 1280w\" sizes=\"(max-width: 800px) 100vw, 800px\" \/><\/div><\/a>\n\t\t\t\t<div class=\"elementor-post__text\">\n\t\t\t\t<h3 class=\"elementor-post__title\">\n\t\t\t<a href=\"https:\/\/gradido.net\/nl\/mutmacher-hartmut\/\" >\n\t\t\t\tIdeale waarden als valuta\t\t\t<\/a>\n\t\t<\/h3>\n\t\t\t\t<div class=\"elementor-post__excerpt\">\n\t\t\t<p>De nieuwe aarde komt niet van een externe kracht. De mensheid is verantwoordelijk voor Gaia en moet de veranderingen zelf teweegbrengen. Ik ben dankbaar dat steeds meer mensen zich hiervoor inzetten in liefde en respect voor de eeuwige natuurwetten.<\/p>\n\t\t<\/div>\n\t\t\n\t\t<a class=\"elementor-post__read-more\" href=\"https:\/\/gradido.net\/nl\/mutmacher-hartmut\/\" aria-label=\"Lees meer over Ideale waarden als valuta\" tabindex=\"-1\" >\n\t\t\tLees meer\t\t<\/a>\n\n\t\t\t\t<\/div>\n\t\t\t\t<div class=\"elementor-post__meta-data\">\n\t\t\t\t\t<span class=\"elementor-post-date\">\n\t\t\t5 oktober 2025\t\t<\/span>\n\t\t\t\t<\/div>\n\t\t\t\t\t<\/div>\n\t\t<\/article>\n\t\t\t\t<article class=\"elementor-post elementor-grid-item post-11747 post type-post status-publish format-standard has-post-thumbnail hentry category-blog category-community\" role=\"listitem\">\n\t\t\t<div class=\"elementor-post__card\">\n\t\t\t\t<a class=\"elementor-post__thumbnail__link\" href=\"https:\/\/gradido.net\/nl\/mutmacher-michael\/\" tabindex=\"-1\" ><div class=\"elementor-post__thumbnail\"><img loading=\"lazy\" decoding=\"async\" width=\"800\" height=\"450\" src=\"https:\/\/gradido.net\/wp-content\/uploads\/2025\/10\/Michael_Rothe_Banner-1024x576.jpg\" class=\"attachment-large size-large wp-image-11749\" alt=\"\" srcset=\"https:\/\/gradido.net\/wp-content\/uploads\/2025\/10\/Michael_Rothe_Banner-1024x576.jpg 1024w, https:\/\/gradido.net\/wp-content\/uploads\/2025\/10\/Michael_Rothe_Banner-300x169.jpg 300w, https:\/\/gradido.net\/wp-content\/uploads\/2025\/10\/Michael_Rothe_Banner-768x432.jpg 768w, https:\/\/gradido.net\/wp-content\/uploads\/2025\/10\/Michael_Rothe_Banner-18x10.jpg 18w, https:\/\/gradido.net\/wp-content\/uploads\/2025\/10\/Michael_Rothe_Banner.jpg 1280w\" sizes=\"(max-width: 800px) 100vw, 800px\" \/><\/div><\/a>\n\t\t\t\t<div class=\"elementor-post__text\">\n\t\t\t\t<h3 class=\"elementor-post__title\">\n\t\t\t<a href=\"https:\/\/gradido.net\/nl\/mutmacher-michael\/\" >\n\t\t\t\tDe droom van een rechtvaardige en vreedzame wereld\t\t\t<\/a>\n\t\t<\/h3>\n\t\t\t\t<div class=\"elementor-post__excerpt\">\n\t\t\t<p>Wat mij het meest aanspreekt in Gradido is het principe van dankbaarheid - en de visie van een vreedzame economie. Ik zou graag een wereld zien waarin samenwerking boven concurrentie gaat en waarin gezonde gemeenschappen groeien. Met Gradido lijkt deze droom tastbaar.<\/p>\n\t\t<\/div>\n\t\t\n\t\t<a class=\"elementor-post__read-more\" href=\"https:\/\/gradido.net\/nl\/mutmacher-michael\/\" aria-label=\"Lees meer over De droom van een rechtvaardige en vreedzame wereld\" tabindex=\"-1\" >\n\t\t\tLees meer\t\t<\/a>\n\n\t\t\t\t<\/div>\n\t\t\t\t<div class=\"elementor-post__meta-data\">\n\t\t\t\t\t<span class=\"elementor-post-date\">\n\t\t\t1 oktober 2025\t\t<\/span>\n\t\t\t\t<\/div>\n\t\t\t\t\t<\/div>\n\t\t<\/article>\n\t\t\t\t<article class=\"elementor-post elementor-grid-item post-11727 post type-post status-publish format-standard has-post-thumbnail hentry category-blog category-community\" role=\"listitem\">\n\t\t\t<div class=\"elementor-post__card\">\n\t\t\t\t<a class=\"elementor-post__thumbnail__link\" href=\"https:\/\/gradido.net\/nl\/mutmacher-rolf\/\" tabindex=\"-1\" ><div class=\"elementor-post__thumbnail\"><img loading=\"lazy\" decoding=\"async\" width=\"800\" height=\"450\" src=\"https:\/\/gradido.net\/wp-content\/uploads\/2025\/09\/Rolf-Locher-Banner-1024x576.jpg\" class=\"attachment-large size-large wp-image-11728\" alt=\"\" srcset=\"https:\/\/gradido.net\/wp-content\/uploads\/2025\/09\/Rolf-Locher-Banner-1024x576.jpg 1024w, https:\/\/gradido.net\/wp-content\/uploads\/2025\/09\/Rolf-Locher-Banner-300x169.jpg 300w, https:\/\/gradido.net\/wp-content\/uploads\/2025\/09\/Rolf-Locher-Banner-768x432.jpg 768w, https:\/\/gradido.net\/wp-content\/uploads\/2025\/09\/Rolf-Locher-Banner-18x10.jpg 18w, https:\/\/gradido.net\/wp-content\/uploads\/2025\/09\/Rolf-Locher-Banner.jpg 1280w\" sizes=\"(max-width: 800px) 100vw, 800px\" \/><\/div><\/a>\n\t\t\t\t<div class=\"elementor-post__text\">\n\t\t\t\t<h3 class=\"elementor-post__title\">\n\t\t\t<a href=\"https:\/\/gradido.net\/nl\/mutmacher-rolf\/\" >\n\t\t\t\tIn de verbondenheid\t\t\t<\/a>\n\t\t<\/h3>\n\t\t\t\t<div class=\"elementor-post__excerpt\">\n\t\t\t<p>Gradido's visie past meer dan ooit in deze tijd. Het herinnert me eraan dat verandering mogelijk is - niet alleen \"ooit\", maar nu. Dat we kunnen beginnen de Nieuwe Aarde vorm te geven door kleine stappen te nemen en samen te werken.<\/p>\n\t\t<\/div>\n\t\t\n\t\t<a class=\"elementor-post__read-more\" href=\"https:\/\/gradido.net\/nl\/mutmacher-rolf\/\" aria-label=\"Lees meer over Into connectedness\" tabindex=\"-1\" >\n\t\t\tLees meer\t\t<\/a>\n\n\t\t\t\t<\/div>\n\t\t\t\t<div class=\"elementor-post__meta-data\">\n\t\t\t\t\t<span class=\"elementor-post-date\">\n\t\t\t30 september 2025\t\t<\/span>\n\t\t\t\t<\/div>\n\t\t\t\t\t<\/div>\n\t\t<\/article>\n\t\t\t\t<article class=\"elementor-post elementor-grid-item post-11642 post type-post status-publish format-standard has-post-thumbnail hentry category-blog category-community\" role=\"listitem\">\n\t\t\t<div class=\"elementor-post__card\">\n\t\t\t\t<a class=\"elementor-post__thumbnail__link\" href=\"https:\/\/gradido.net\/nl\/mutmacher-jean-pierre\/\" tabindex=\"-1\" ><div class=\"elementor-post__thumbnail\"><img loading=\"lazy\" decoding=\"async\" width=\"800\" height=\"450\" src=\"https:\/\/gradido.net\/wp-content\/uploads\/2025\/09\/Jean-Pierre-1024x576.jpg\" class=\"attachment-large size-large wp-image-11643\" alt=\"\" srcset=\"https:\/\/gradido.net\/wp-content\/uploads\/2025\/09\/Jean-Pierre-1024x576.jpg 1024w, https:\/\/gradido.net\/wp-content\/uploads\/2025\/09\/Jean-Pierre-300x169.jpg 300w, https:\/\/gradido.net\/wp-content\/uploads\/2025\/09\/Jean-Pierre-768x432.jpg 768w, https:\/\/gradido.net\/wp-content\/uploads\/2025\/09\/Jean-Pierre-18x10.jpg 18w, https:\/\/gradido.net\/wp-content\/uploads\/2025\/09\/Jean-Pierre.jpg 1280w\" sizes=\"(max-width: 800px) 100vw, 800px\" \/><\/div><\/a>\n\t\t\t\t<div class=\"elementor-post__text\">\n\t\t\t\t<h3 class=\"elementor-post__title\">\n\t\t\t<a href=\"https:\/\/gradido.net\/nl\/mutmacher-jean-pierre\/\" >\n\t\t\t\tDe hoeksteen in de constructie van een brug\t\t\t<\/a>\n\t\t<\/h3>\n\t\t\t\t<div class=\"elementor-post__excerpt\">\n\t\t\t<p>In de vele jaren van mijn verschillende activiteiten heb ik me gerealiseerd dat de meeste systemen in onze samenleving een inherente logica hebben die leidt tot ongewenste ontwikkelingen. Als gevolg van deze ongewenste ontwikkelingen zijn we onze ware doelen uit het oog verloren en ....<\/p>\n\t\t<\/div>\n\t\t\n\t\t<a class=\"elementor-post__read-more\" href=\"https:\/\/gradido.net\/nl\/mutmacher-jean-pierre\/\" aria-label=\"Lees meer over De hoeksteen in de constructie van een brug\" tabindex=\"-1\" >\n\t\t\tLees meer\t\t<\/a>\n\n\t\t\t\t<\/div>\n\t\t\t\t<div class=\"elementor-post__meta-data\">\n\t\t\t\t\t<span class=\"elementor-post-date\">\n\t\t\t27 september 2025\t\t<\/span>\n\t\t\t\t<\/div>\n\t\t\t\t\t<\/div>\n\t\t<\/article>\n\t\t\t\t<article class=\"elementor-post elementor-grid-item post-11600 post type-post status-publish format-standard has-post-thumbnail hentry category-blog category-community\" role=\"listitem\">\n\t\t\t<div class=\"elementor-post__card\">\n\t\t\t\t<a class=\"elementor-post__thumbnail__link\" href=\"https:\/\/gradido.net\/nl\/mutmacherin-kerstin\/\" tabindex=\"-1\" ><div class=\"elementor-post__thumbnail\"><img loading=\"lazy\" decoding=\"async\" width=\"800\" height=\"450\" src=\"https:\/\/gradido.net\/wp-content\/uploads\/2025\/09\/Kerstin_Banner2-1024x576.jpg\" class=\"attachment-large size-large wp-image-11603\" alt=\"\" srcset=\"https:\/\/gradido.net\/wp-content\/uploads\/2025\/09\/Kerstin_Banner2-1024x576.jpg 1024w, https:\/\/gradido.net\/wp-content\/uploads\/2025\/09\/Kerstin_Banner2-300x169.jpg 300w, https:\/\/gradido.net\/wp-content\/uploads\/2025\/09\/Kerstin_Banner2-768x432.jpg 768w, https:\/\/gradido.net\/wp-content\/uploads\/2025\/09\/Kerstin_Banner2-18x10.jpg 18w, https:\/\/gradido.net\/wp-content\/uploads\/2025\/09\/Kerstin_Banner2.jpg 1280w\" sizes=\"(max-width: 800px) 100vw, 800px\" \/><\/div><\/a>\n\t\t\t\t<div class=\"elementor-post__text\">\n\t\t\t\t<h3 class=\"elementor-post__title\">\n\t\t\t<a href=\"https:\/\/gradido.net\/nl\/mutmacherin-kerstin\/\" >\n\t\t\t\tZo stel ik me saamhorigheid voor\t\t\t<\/a>\n\t\t<\/h3>\n\t\t\t\t<div class=\"elementor-post__excerpt\">\n\t\t\t<p>Toen ik mijn congres \"Erken jezelf\" aan het opzetten was, kwam ik Gradido tegen en ik was meteen enthousiast. Die energie van dankbaarheid en het natuurlijke voorbeeld van worden en heengaan - daar kon ik me in vinden!<\/p>\n\t\t<\/div>\n\t\t\n\t\t<a class=\"elementor-post__read-more\" href=\"https:\/\/gradido.net\/nl\/mutmacherin-kerstin\/\" aria-label=\"Lees meer over Zo stel ik me saamhorigheid voor\" tabindex=\"-1\" >\n\t\t\tLees meer\t\t<\/a>\n\n\t\t\t\t<\/div>\n\t\t\t\t<div class=\"elementor-post__meta-data\">\n\t\t\t\t\t<span class=\"elementor-post-date\">\n\t\t\t17 september 2025\t\t<\/span>\n\t\t\t\t<\/div>\n\t\t\t\t\t<\/div>\n\t\t<\/article>\n\t\t\t\t<article class=\"elementor-post elementor-grid-item post-11586 post type-post status-publish format-standard has-post-thumbnail hentry category-blog category-community tag-bild-oben\" role=\"listitem\">\n\t\t\t<div class=\"elementor-post__card\">\n\t\t\t\t<a class=\"elementor-post__thumbnail__link\" href=\"https:\/\/gradido.net\/nl\/welt-mutter-kongress\/\" tabindex=\"-1\" ><div class=\"elementor-post__thumbnail\"><img loading=\"lazy\" decoding=\"async\" width=\"800\" height=\"436\" src=\"https:\/\/gradido.net\/wp-content\/uploads\/2025\/09\/Welt-Mutter-Kongress-1024x558.jpg\" class=\"attachment-large size-large wp-image-11587\" alt=\"\" srcset=\"https:\/\/gradido.net\/wp-content\/uploads\/2025\/09\/Welt-Mutter-Kongress-1024x558.jpg 1024w, https:\/\/gradido.net\/wp-content\/uploads\/2025\/09\/Welt-Mutter-Kongress-300x164.jpg 300w, https:\/\/gradido.net\/wp-content\/uploads\/2025\/09\/Welt-Mutter-Kongress-768x419.jpg 768w, https:\/\/gradido.net\/wp-content\/uploads\/2025\/09\/Welt-Mutter-Kongress-18x10.jpg 18w, https:\/\/gradido.net\/wp-content\/uploads\/2025\/09\/Welt-Mutter-Kongress.jpg 1280w\" sizes=\"(max-width: 800px) 100vw, 800px\" \/><\/div><\/a>\n\t\t\t\t<div class=\"elementor-post__text\">\n\t\t\t\t<h3 class=\"elementor-post__title\">\n\t\t\t<a href=\"https:\/\/gradido.net\/nl\/welt-mutter-kongress\/\" >\n\t\t\t\tUitnodiging voor het Wereld Moeder Congres 15-26 september 2025\t\t\t<\/a>\n\t\t<\/h3>\n\t\t\t\t<div class=\"elementor-post__excerpt\">\n\t\t\t<p>Hoe zou het zijn om weer in contact te komen met jezelf, je hart te openen voor het leven en samen met anderen een vrij, liefdevol pad te bewandelen? Het Wereld Moeder Congres nodigt je van harte uit - voor twaalf dagen vol inspiratie, helende impulsen en levendige gemeenschap.<\/p>\n\t\t<\/div>\n\t\t\n\t\t<a class=\"elementor-post__read-more\" href=\"https:\/\/gradido.net\/nl\/welt-mutter-kongress\/\" aria-label=\"Lees meer over Uitnodiging voor het Wereld Moeder Congres 15-26 september 2025\" tabindex=\"-1\" >\n\t\t\tLees meer\t\t<\/a>\n\n\t\t\t\t<\/div>\n\t\t\t\t<div class=\"elementor-post__meta-data\">\n\t\t\t\t\t<span class=\"elementor-post-date\">\n\t\t\t14 september 2025\t\t<\/span>\n\t\t\t\t<\/div>\n\t\t\t\t\t<\/div>\n\t\t<\/article>\n\t\t\t\t<article class=\"elementor-post elementor-grid-item post-11565 post type-post status-publish format-standard has-post-thumbnail hentry category-blog category-community\" role=\"listitem\">\n\t\t\t<div class=\"elementor-post__card\">\n\t\t\t\t<a class=\"elementor-post__thumbnail__link\" href=\"https:\/\/gradido.net\/nl\/mutmacher-dietmar\/\" tabindex=\"-1\" ><div class=\"elementor-post__thumbnail\"><img loading=\"lazy\" decoding=\"async\" width=\"800\" height=\"450\" src=\"https:\/\/gradido.net\/wp-content\/uploads\/2025\/09\/Dietmar-1-1024x576.jpg\" class=\"attachment-large size-large wp-image-11568\" alt=\"\" srcset=\"https:\/\/gradido.net\/wp-content\/uploads\/2025\/09\/Dietmar-1-1024x576.jpg 1024w, https:\/\/gradido.net\/wp-content\/uploads\/2025\/09\/Dietmar-1-300x169.jpg 300w, https:\/\/gradido.net\/wp-content\/uploads\/2025\/09\/Dietmar-1-768x432.jpg 768w, https:\/\/gradido.net\/wp-content\/uploads\/2025\/09\/Dietmar-1-18x10.jpg 18w, https:\/\/gradido.net\/wp-content\/uploads\/2025\/09\/Dietmar-1.jpg 1280w\" sizes=\"(max-width: 800px) 100vw, 800px\" \/><\/div><\/a>\n\t\t\t\t<div class=\"elementor-post__text\">\n\t\t\t\t<h3 class=\"elementor-post__title\">\n\t\t\t<a href=\"https:\/\/gradido.net\/nl\/mutmacher-dietmar\/\" >\n\t\t\t\tWaarom leven we dit niet al lang?\t\t\t<\/a>\n\t\t<\/h3>\n\t\t\t\t<div class=\"elementor-post__excerpt\">\n\t\t\t<p>Toen ik de 100 voordelen van de Gradido las, was mijn eerste gedachte: Wow, gewoon briljant! Waarom leven we hier niet al lang naar toe? Dat was mijn start om Gradido beter te leren kennen en als ambassadeur deel te nemen om Gradido in de wereld te brengen.<\/p>\n\t\t<\/div>\n\t\t\n\t\t<a class=\"elementor-post__read-more\" href=\"https:\/\/gradido.net\/nl\/mutmacher-dietmar\/\" aria-label=\"Lees meer over Waarom leven we dit niet al lang?\" tabindex=\"-1\" >\n\t\t\tLees meer\t\t<\/a>\n\n\t\t\t\t<\/div>\n\t\t\t\t<div class=\"elementor-post__meta-data\">\n\t\t\t\t\t<span class=\"elementor-post-date\">\n\t\t\t12 september 2025\t\t<\/span>\n\t\t\t\t<\/div>\n\t\t\t\t\t<\/div>\n\t\t<\/article>\n\t\t\t\t<article class=\"elementor-post elementor-grid-item post-11542 post type-post status-publish format-standard has-post-thumbnail hentry category-blog category-community\" role=\"listitem\">\n\t\t\t<div class=\"elementor-post__card\">\n\t\t\t\t<a class=\"elementor-post__thumbnail__link\" href=\"https:\/\/gradido.net\/nl\/von-dem-konzept-begeistert\/\" tabindex=\"-1\" ><div class=\"elementor-post__thumbnail\"><img loading=\"lazy\" decoding=\"async\" width=\"800\" height=\"450\" src=\"https:\/\/gradido.net\/wp-content\/uploads\/2025\/09\/Joel_Banner-1024x576.jpg\" class=\"attachment-large size-large wp-image-11544\" alt=\"\" srcset=\"https:\/\/gradido.net\/wp-content\/uploads\/2025\/09\/Joel_Banner-1024x576.jpg 1024w, https:\/\/gradido.net\/wp-content\/uploads\/2025\/09\/Joel_Banner-300x169.jpg 300w, https:\/\/gradido.net\/wp-content\/uploads\/2025\/09\/Joel_Banner-768x432.jpg 768w, https:\/\/gradido.net\/wp-content\/uploads\/2025\/09\/Joel_Banner-18x10.jpg 18w, https:\/\/gradido.net\/wp-content\/uploads\/2025\/09\/Joel_Banner.jpg 1280w\" sizes=\"(max-width: 800px) 100vw, 800px\" \/><\/div><\/a>\n\t\t\t\t<div class=\"elementor-post__text\">\n\t\t\t\t<h3 class=\"elementor-post__title\">\n\t\t\t<a href=\"https:\/\/gradido.net\/nl\/von-dem-konzept-begeistert\/\" >\n\t\t\t\tEnthousiast over het concept\t\t\t<\/a>\n\t\t<\/h3>\n\t\t\t\t<div class=\"elementor-post__excerpt\">\n\t\t\t<p>Ik ben al lang op zoek naar een alternatieve, duurzame levensstijl. Het idee van geld verdienen op basis van dankbaarheid spreekt me erg aan. Ik geloof dat ons leven een geschenk is. We hebben veel redenen om dankbaar te zijn. Het leven zit vol wonderen.<\/p>\n\t\t<\/div>\n\t\t\n\t\t<a class=\"elementor-post__read-more\" href=\"https:\/\/gradido.net\/nl\/von-dem-konzept-begeistert\/\" aria-label=\"Lees meer over Enthousiast over het concept\" tabindex=\"-1\" >\n\t\t\tLees meer\t\t<\/a>\n\n\t\t\t\t<\/div>\n\t\t\t\t<div class=\"elementor-post__meta-data\">\n\t\t\t\t\t<span class=\"elementor-post-date\">\n\t\t\t11 september 2025\t\t<\/span>\n\t\t\t\t<\/div>\n\t\t\t\t\t<\/div>\n\t\t<\/article>\n\t\t\t\t<article class=\"elementor-post elementor-grid-item post-11520 post type-post status-publish format-standard has-post-thumbnail hentry category-blog category-community\" role=\"listitem\">\n\t\t\t<div class=\"elementor-post__card\">\n\t\t\t\t<a class=\"elementor-post__thumbnail__link\" href=\"https:\/\/gradido.net\/nl\/mutmacherin-claudia\/\" tabindex=\"-1\" ><div class=\"elementor-post__thumbnail\"><img loading=\"lazy\" decoding=\"async\" width=\"800\" height=\"450\" src=\"https:\/\/gradido.net\/wp-content\/uploads\/2025\/09\/Claudia_Banner-1024x576.jpg\" class=\"attachment-large size-large wp-image-11522\" alt=\"\" srcset=\"https:\/\/gradido.net\/wp-content\/uploads\/2025\/09\/Claudia_Banner-1024x576.jpg 1024w, https:\/\/gradido.net\/wp-content\/uploads\/2025\/09\/Claudia_Banner-300x169.jpg 300w, https:\/\/gradido.net\/wp-content\/uploads\/2025\/09\/Claudia_Banner-768x432.jpg 768w, https:\/\/gradido.net\/wp-content\/uploads\/2025\/09\/Claudia_Banner-18x10.jpg 18w, https:\/\/gradido.net\/wp-content\/uploads\/2025\/09\/Claudia_Banner.jpg 1280w\" sizes=\"(max-width: 800px) 100vw, 800px\" \/><\/div><\/a>\n\t\t\t\t<div class=\"elementor-post__text\">\n\t\t\t\t<h3 class=\"elementor-post__title\">\n\t\t\t<a href=\"https:\/\/gradido.net\/nl\/mutmacherin-claudia\/\" >\n\t\t\t\tPrecies wat ik altijd al wilde\t\t\t<\/a>\n\t\t<\/h3>\n\t\t\t\t<div class=\"elementor-post__excerpt\">\n\t\t\t<p>Gradido biedt veel voor iedereen. Iedereen kan zich naar eigen inzicht inzetten. Voor mij zijn het specifiek de paarden en ik heb ook de Horse Human Community, mijn kindje, ge\u00efntroduceerd als een ruimte bij Gradido. Omdat Gradido mij de mogelijkheid biedt om mensen daar te laten netwerken.<\/p>\n\t\t<\/div>\n\t\t\n\t\t<a class=\"elementor-post__read-more\" href=\"https:\/\/gradido.net\/nl\/mutmacherin-claudia\/\" aria-label=\"Lees meer over Precies wat ik altijd al wilde\" tabindex=\"-1\" >\n\t\t\tLees meer\t\t<\/a>\n\n\t\t\t\t<\/div>\n\t\t\t\t<div class=\"elementor-post__meta-data\">\n\t\t\t\t\t<span class=\"elementor-post-date\">\n\t\t\t8 september 2025\t\t<\/span>\n\t\t\t\t<\/div>\n\t\t\t\t\t<\/div>\n\t\t<\/article>\n\t\t\t\t<article class=\"elementor-post elementor-grid-item post-11499 post type-post status-publish format-standard has-post-thumbnail hentry category-blog category-community\" role=\"listitem\">\n\t\t\t<div class=\"elementor-post__card\">\n\t\t\t\t<a class=\"elementor-post__thumbnail__link\" href=\"https:\/\/gradido.net\/nl\/werde-mutmacher-teile-deine-gradido-geschichte\/\" tabindex=\"-1\" ><div class=\"elementor-post__thumbnail\"><img loading=\"lazy\" decoding=\"async\" width=\"800\" height=\"200\" src=\"https:\/\/gradido.net\/wp-content\/uploads\/2023\/12\/AdobeStock_623322374-1024x256.jpeg\" class=\"attachment-large size-large wp-image-8453\" alt=\"\" srcset=\"https:\/\/gradido.net\/wp-content\/uploads\/2023\/12\/AdobeStock_623322374-1024x256.jpeg 1024w, https:\/\/gradido.net\/wp-content\/uploads\/2023\/12\/AdobeStock_623322374-300x75.jpeg 300w, https:\/\/gradido.net\/wp-content\/uploads\/2023\/12\/AdobeStock_623322374-768x192.jpeg 768w, https:\/\/gradido.net\/wp-content\/uploads\/2023\/12\/AdobeStock_623322374-1536x384.jpeg 1536w, https:\/\/gradido.net\/wp-content\/uploads\/2023\/12\/AdobeStock_623322374-2048x512.jpeg 2048w, https:\/\/gradido.net\/wp-content\/uploads\/2023\/12\/AdobeStock_623322374-18x5.jpeg 18w\" sizes=\"(max-width: 800px) 100vw, 800px\" \/><\/div><\/a>\n\t\t\t\t<div class=\"elementor-post__text\">\n\t\t\t\t<h3 class=\"elementor-post__title\">\n\t\t\t<a href=\"https:\/\/gradido.net\/nl\/werde-mutmacher-teile-deine-gradido-geschichte\/\" >\n\t\t\t\tWord een bemoediger: deel je Gradido verhaal!\t\t\t<\/a>\n\t\t<\/h3>\n\t\t\t\t<div class=\"elementor-post__excerpt\">\n\t\t\t<p>We zullen je beste, meest bemoedigende inzendingen publiceren in volgende nieuwsbrieven en op onze blog. Op deze manier kunnen we samen het boeket van hoop en echte verhalen laten groeien die nog veel meer mensen zullen inspireren om deel uit te maken van deze beweging.<\/p>\n\t\t<\/div>\n\t\t\n\t\t<a class=\"elementor-post__read-more\" href=\"https:\/\/gradido.net\/nl\/werde-mutmacher-teile-deine-gradido-geschichte\/\" aria-label=\"Lees meer over Word een bemoediger: deel je Gradido verhaal!\" tabindex=\"-1\" >\n\t\t\tLees meer\t\t<\/a>\n\n\t\t\t\t<\/div>\n\t\t\t\t<div class=\"elementor-post__meta-data\">\n\t\t\t\t\t<span class=\"elementor-post-date\">\n\t\t\t5 september 2025\t\t<\/span>\n\t\t\t\t<\/div>\n\t\t\t\t\t<\/div>\n\t\t<\/article>\n\t\t\t\t<article class=\"elementor-post elementor-grid-item post-10429 post type-post status-publish format-standard has-post-thumbnail hentry category-blog category-community\" role=\"listitem\">\n\t\t\t<div class=\"elementor-post__card\">\n\t\t\t\t<a class=\"elementor-post__thumbnail__link\" href=\"https:\/\/gradido.net\/nl\/inspirationsflug-regenerative-wirtschaft\/\" tabindex=\"-1\" ><div class=\"elementor-post__thumbnail\"><img loading=\"lazy\" decoding=\"async\" width=\"800\" height=\"339\" src=\"https:\/\/gradido.net\/wp-content\/uploads\/2025\/06\/Titel-INSPIRATIONSLFUG-short-1024x434.webp\" class=\"attachment-large size-large wp-image-10431\" alt=\"\" srcset=\"https:\/\/gradido.net\/wp-content\/uploads\/2025\/06\/Titel-INSPIRATIONSLFUG-short-1024x434.webp 1024w, https:\/\/gradido.net\/wp-content\/uploads\/2025\/06\/Titel-INSPIRATIONSLFUG-short-300x127.webp 300w, https:\/\/gradido.net\/wp-content\/uploads\/2025\/06\/Titel-INSPIRATIONSLFUG-short-768x326.webp 768w, https:\/\/gradido.net\/wp-content\/uploads\/2025\/06\/Titel-INSPIRATIONSLFUG-short-1536x651.webp 1536w, https:\/\/gradido.net\/wp-content\/uploads\/2025\/06\/Titel-INSPIRATIONSLFUG-short-2048x868.webp 2048w, https:\/\/gradido.net\/wp-content\/uploads\/2025\/06\/Titel-INSPIRATIONSLFUG-short-18x8.webp 18w\" sizes=\"(max-width: 800px) 100vw, 800px\" \/><\/div><\/a>\n\t\t\t\t<div class=\"elementor-post__text\">\n\t\t\t\t<h3 class=\"elementor-post__title\">\n\t\t\t<a href=\"https:\/\/gradido.net\/nl\/inspirationsflug-regenerative-wirtschaft\/\" >\n\t\t\t\tINSPIRERENDE VLUCHT OVER HET ONDERWERP REGENERATIEVE ECONOMIE\t\t\t<\/a>\n\t\t<\/h3>\n\t\t\t\t<div class=\"elementor-post__excerpt\">\n\t\t\t<p>REGENERATIEVE ECONOMIE betekent \"een economisch systeem dat verder gaat dan het idee van pure waardecreatie en zich richt op het herstel en de verbetering van ecosystemen en samenlevingen. Het streeft ernaar om meer terug te geven dan het neemt, zowel ecologisch als sociaal, en richt zich op het cre\u00ebren van positieve waarde voor natuur en maatschappij.\"<\/p>\n\t\t<\/div>\n\t\t\n\t\t<a class=\"elementor-post__read-more\" href=\"https:\/\/gradido.net\/nl\/inspirationsflug-regenerative-wirtschaft\/\" aria-label=\"Lees meer over INSPIRATIEVE VLUCHT OP HET THEMA VAN DE REGENERATIEVE ECONOMIE\" tabindex=\"-1\" >\n\t\t\tLees meer\t\t<\/a>\n\n\t\t\t\t<\/div>\n\t\t\t\t<div class=\"elementor-post__meta-data\">\n\t\t\t\t\t<span class=\"elementor-post-date\">\n\t\t\t4 juni 2025\t\t<\/span>\n\t\t\t\t<\/div>\n\t\t\t\t\t<\/div>\n\t\t<\/article>\n\t\t\t\t<article class=\"elementor-post elementor-grid-item post-10383 post type-post status-publish format-standard has-post-thumbnail hentry category-blog category-community\" role=\"listitem\">\n\t\t\t<div class=\"elementor-post__card\">\n\t\t\t\t<a class=\"elementor-post__thumbnail__link\" href=\"https:\/\/gradido.net\/nl\/78-tage-die-alles-veraendern-koennten\/\" tabindex=\"-1\" ><div class=\"elementor-post__thumbnail\"><img loading=\"lazy\" decoding=\"async\" width=\"800\" height=\"450\" src=\"https:\/\/gradido.net\/wp-content\/uploads\/2025\/05\/Ketten_sprengen-1024x576.jpg\" class=\"attachment-large size-large wp-image-10385\" alt=\"\" srcset=\"https:\/\/gradido.net\/wp-content\/uploads\/2025\/05\/Ketten_sprengen-1024x576.jpg 1024w, https:\/\/gradido.net\/wp-content\/uploads\/2025\/05\/Ketten_sprengen-300x169.jpg 300w, https:\/\/gradido.net\/wp-content\/uploads\/2025\/05\/Ketten_sprengen-768x432.jpg 768w, https:\/\/gradido.net\/wp-content\/uploads\/2025\/05\/Ketten_sprengen-1536x864.jpg 1536w, https:\/\/gradido.net\/wp-content\/uploads\/2025\/05\/Ketten_sprengen-18x10.jpg 18w, https:\/\/gradido.net\/wp-content\/uploads\/2025\/05\/Ketten_sprengen.jpg 1600w\" sizes=\"(max-width: 800px) 100vw, 800px\" \/><\/div><\/a>\n\t\t\t\t<div class=\"elementor-post__text\">\n\t\t\t\t<h3 class=\"elementor-post__title\">\n\t\t\t<a href=\"https:\/\/gradido.net\/nl\/78-tage-die-alles-veraendern-koennten\/\" >\n\t\t\t\t78 dagen die alles kunnen veranderen\t\t\t<\/a>\n\t\t<\/h3>\n\t\t\t\t<div class=\"elementor-post__excerpt\">\n\t\t\t<p>Stel je voor: Met de eerste zonnestralen breek je - net als de vrouw op onze coverfoto - de onzichtbare ketens van de oude matrix en kijk je uit naar het avontuur van een nieuw leven vol ontdekkingsgeest! Het is het startpunt van een experiment dat alles zou kunnen veranderen...<\/p>\n\t\t<\/div>\n\t\t\n\t\t<a class=\"elementor-post__read-more\" href=\"https:\/\/gradido.net\/nl\/78-tage-die-alles-veraendern-koennten\/\" aria-label=\"Lees meer over 78 dagen die alles kunnen veranderen\" tabindex=\"-1\" >\n\t\t\tLees meer\t\t<\/a>\n\n\t\t\t\t<\/div>\n\t\t\t\t<div class=\"elementor-post__meta-data\">\n\t\t\t\t\t<span class=\"elementor-post-date\">\n\t\t\t18. mei 2025\t\t<\/span>\n\t\t\t\t<\/div>\n\t\t\t\t\t<\/div>\n\t\t<\/article>\n\t\t\t\t<article class=\"elementor-post elementor-grid-item post-10371 post type-post status-publish format-standard has-post-thumbnail hentry category-blog category-community category-gradido-konto\" role=\"listitem\">\n\t\t\t<div class=\"elementor-post__card\">\n\t\t\t\t<a class=\"elementor-post__thumbnail__link\" href=\"https:\/\/gradido.net\/nl\/gemeinsam-wachsen-meilensteine-feiern-und-die-zukunft-gestalten\/\" tabindex=\"-1\" ><div class=\"elementor-post__thumbnail\"><img loading=\"lazy\" decoding=\"async\" width=\"800\" height=\"445\" src=\"https:\/\/gradido.net\/wp-content\/uploads\/2022\/12\/Test_fertig_1920-1024x569.jpg\" class=\"attachment-large size-large wp-image-6018\" alt=\"\" srcset=\"https:\/\/gradido.net\/wp-content\/uploads\/2022\/12\/Test_fertig_1920-1024x569.jpg 1024w, https:\/\/gradido.net\/wp-content\/uploads\/2022\/12\/Test_fertig_1920-300x167.jpg 300w, https:\/\/gradido.net\/wp-content\/uploads\/2022\/12\/Test_fertig_1920-768x427.jpg 768w, https:\/\/gradido.net\/wp-content\/uploads\/2022\/12\/Test_fertig_1920-1536x854.jpg 1536w, https:\/\/gradido.net\/wp-content\/uploads\/2022\/12\/Test_fertig_1920-18x10.jpg 18w, https:\/\/gradido.net\/wp-content\/uploads\/2022\/12\/Test_fertig_1920.jpg 1920w\" sizes=\"(max-width: 800px) 100vw, 800px\" \/><\/div><\/a>\n\t\t\t\t<div class=\"elementor-post__text\">\n\t\t\t\t<h3 class=\"elementor-post__title\">\n\t\t\t<a href=\"https:\/\/gradido.net\/nl\/gemeinsam-wachsen-meilensteine-feiern-und-die-zukunft-gestalten\/\" >\n\t\t\t\tSamen groeien: mijlpalen vieren en de toekomst vormgeven\t\t\t<\/a>\n\t\t<\/h3>\n\t\t\t\t<div class=\"elementor-post__excerpt\">\n\t\t\t<p>Vandaag willen we u - en ons allemaal - bewust maken van de mijlpalen die we de afgelopen jaren samen hebben bereikt en wat ons de komende twaalf maanden te wachten staat<\/p>\n\t\t<\/div>\n\t\t\n\t\t<a class=\"elementor-post__read-more\" href=\"https:\/\/gradido.net\/nl\/gemeinsam-wachsen-meilensteine-feiern-und-die-zukunft-gestalten\/\" aria-label=\"Lees meer over Samen groeien: mijlpalen vieren en de toekomst vormgeven\" tabindex=\"-1\" >\n\t\t\tLees meer\t\t<\/a>\n\n\t\t\t\t<\/div>\n\t\t\t\t<div class=\"elementor-post__meta-data\">\n\t\t\t\t\t<span class=\"elementor-post-date\">\n\t\t\t11. mei 2025\t\t<\/span>\n\t\t\t\t<\/div>\n\t\t\t\t\t<\/div>\n\t\t<\/article>\n\t\t\t\t<article class=\"elementor-post elementor-grid-item post-10343 post type-post status-publish format-standard has-post-thumbnail hentry category-blog category-community\" role=\"listitem\">\n\t\t\t<div class=\"elementor-post__card\">\n\t\t\t\t<a class=\"elementor-post__thumbnail__link\" href=\"https:\/\/gradido.net\/nl\/spielend-probleme-loesen-entdecke-das-ki-rollenspiel-bei-gradido-delta\/\" tabindex=\"-1\" ><div class=\"elementor-post__thumbnail\"><img loading=\"lazy\" decoding=\"async\" width=\"800\" height=\"375\" src=\"https:\/\/gradido.net\/wp-content\/uploads\/2025\/05\/DELTA-Rollenspiel-1024x480.jpg\" class=\"attachment-large size-large wp-image-10344\" alt=\"\" srcset=\"https:\/\/gradido.net\/wp-content\/uploads\/2025\/05\/DELTA-Rollenspiel-1024x480.jpg 1024w, https:\/\/gradido.net\/wp-content\/uploads\/2025\/05\/DELTA-Rollenspiel-300x141.jpg 300w, https:\/\/gradido.net\/wp-content\/uploads\/2025\/05\/DELTA-Rollenspiel-768x360.jpg 768w, https:\/\/gradido.net\/wp-content\/uploads\/2025\/05\/DELTA-Rollenspiel-1536x720.jpg 1536w, https:\/\/gradido.net\/wp-content\/uploads\/2025\/05\/DELTA-Rollenspiel-18x8.jpg 18w, https:\/\/gradido.net\/wp-content\/uploads\/2025\/05\/DELTA-Rollenspiel.jpg 1600w\" sizes=\"(max-width: 800px) 100vw, 800px\" \/><\/div><\/a>\n\t\t\t\t<div class=\"elementor-post__text\">\n\t\t\t\t<h3 class=\"elementor-post__title\">\n\t\t\t<a href=\"https:\/\/gradido.net\/nl\/spielend-probleme-loesen-entdecke-das-ki-rollenspiel-bei-gradido-delta\/\" >\n\t\t\t\tLos problemen op door te spelen: Ontdek het AI-rollenspel op Gradido DELTA\t\t\t<\/a>\n\t\t<\/h3>\n\t\t\t\t<div class=\"elementor-post__excerpt\">\n\t\t\t<p>Ben jij een van de nieuwsgierige, avontuurlijke leden van de Gradido community die iets nieuws willen proberen en samen onbekende manieren van samenwerking en innovatie willen verkennen? Dan ben je hier aan het juiste adres - en het wordt zoooo veel gemakkelijker en leuker!<\/p>\n\t\t<\/div>\n\t\t\n\t\t<a class=\"elementor-post__read-more\" href=\"https:\/\/gradido.net\/nl\/spielend-probleme-loesen-entdecke-das-ki-rollenspiel-bei-gradido-delta\/\" aria-label=\"Lees meer over Problemen oplossen door te spelen: Ontdek het AI-rollenspel bij Gradido DELTA\" tabindex=\"-1\" >\n\t\t\tLees meer\t\t<\/a>\n\n\t\t\t\t<\/div>\n\t\t\t\t<div class=\"elementor-post__meta-data\">\n\t\t\t\t\t<span class=\"elementor-post-date\">\n\t\t\t5. mei 2025\t\t<\/span>\n\t\t\t\t<\/div>\n\t\t\t\t\t<\/div>\n\t\t<\/article>\n\t\t\t\t<article class=\"elementor-post elementor-grid-item post-10304 post type-post status-publish format-standard has-post-thumbnail hentry category-blog category-community\" role=\"listitem\">\n\t\t\t<div class=\"elementor-post__card\">\n\t\t\t\t<a class=\"elementor-post__thumbnail__link\" href=\"https:\/\/gradido.net\/nl\/gemeinsam-staerker-mach-mit-bei-gradido-delta\/\" tabindex=\"-1\" ><div class=\"elementor-post__thumbnail\"><img loading=\"lazy\" decoding=\"async\" width=\"800\" height=\"375\" src=\"https:\/\/gradido.net\/wp-content\/uploads\/2025\/04\/DELTA_Banner_Blog-1024x480.jpg\" class=\"attachment-large size-large wp-image-10305\" alt=\"\" srcset=\"https:\/\/gradido.net\/wp-content\/uploads\/2025\/04\/DELTA_Banner_Blog-1024x480.jpg 1024w, https:\/\/gradido.net\/wp-content\/uploads\/2025\/04\/DELTA_Banner_Blog-300x141.jpg 300w, https:\/\/gradido.net\/wp-content\/uploads\/2025\/04\/DELTA_Banner_Blog-768x360.jpg 768w, https:\/\/gradido.net\/wp-content\/uploads\/2025\/04\/DELTA_Banner_Blog-1536x720.jpg 1536w, https:\/\/gradido.net\/wp-content\/uploads\/2025\/04\/DELTA_Banner_Blog-18x8.jpg 18w, https:\/\/gradido.net\/wp-content\/uploads\/2025\/04\/DELTA_Banner_Blog.jpg 1920w\" sizes=\"(max-width: 800px) 100vw, 800px\" \/><\/div><\/a>\n\t\t\t\t<div class=\"elementor-post__text\">\n\t\t\t\t<h3 class=\"elementor-post__title\">\n\t\t\t<a href=\"https:\/\/gradido.net\/nl\/gemeinsam-staerker-mach-mit-bei-gradido-delta\/\" >\n\t\t\t\tSamen sterker: sluit je aan bij Gradido DELTA\t\t\t<\/a>\n\t\t<\/h3>\n\t\t\t\t<div class=\"elementor-post__excerpt\">\n\t\t\t<p>Met behulp van Delta Chat, de open-source messenger, en ondersteunende AI-agenten kun je nu in contact komen met gelijkgestemden, kennis uitwisselen, elkaar coachen en samen de toekomst cre\u00ebren.<\/p>\n\t\t<\/div>\n\t\t\n\t\t<a class=\"elementor-post__read-more\" href=\"https:\/\/gradido.net\/nl\/gemeinsam-staerker-mach-mit-bei-gradido-delta\/\" aria-label=\"Lees meer over Samen sterker: Word lid van Gradido DELTA\" tabindex=\"-1\" >\n\t\t\tLees meer\t\t<\/a>\n\n\t\t\t\t<\/div>\n\t\t\t\t<div class=\"elementor-post__meta-data\">\n\t\t\t\t\t<span class=\"elementor-post-date\">\n\t\t\t28 april 2025\t\t<\/span>\n\t\t\t\t<\/div>\n\t\t\t\t\t<\/div>\n\t\t<\/article>\n\t\t\t\t<article class=\"elementor-post elementor-grid-item post-10264 post type-post status-publish format-standard has-post-thumbnail hentry category-blog category-community category-gradido-konto tag-bild-oben\" role=\"listitem\">\n\t\t\t<div class=\"elementor-post__card\">\n\t\t\t\t<a class=\"elementor-post__thumbnail__link\" href=\"https:\/\/gradido.net\/nl\/gms1\/\" tabindex=\"-1\" ><div class=\"elementor-post__thumbnail\"><img loading=\"lazy\" decoding=\"async\" width=\"800\" height=\"366\" src=\"https:\/\/gradido.net\/wp-content\/uploads\/2025\/04\/GMS_Banner-1024x469.jpg\" class=\"attachment-large size-large wp-image-10265\" alt=\"\" srcset=\"https:\/\/gradido.net\/wp-content\/uploads\/2025\/04\/GMS_Banner-1024x469.jpg 1024w, https:\/\/gradido.net\/wp-content\/uploads\/2025\/04\/GMS_Banner-300x138.jpg 300w, https:\/\/gradido.net\/wp-content\/uploads\/2025\/04\/GMS_Banner-768x352.jpg 768w, https:\/\/gradido.net\/wp-content\/uploads\/2025\/04\/GMS_Banner-1536x704.jpg 1536w, https:\/\/gradido.net\/wp-content\/uploads\/2025\/04\/GMS_Banner-18x8.jpg 18w, https:\/\/gradido.net\/wp-content\/uploads\/2025\/04\/GMS_Banner.jpg 1920w\" sizes=\"(max-width: 800px) 100vw, 800px\" \/><\/div><\/a>\n\t\t\t\t<div class=\"elementor-post__text\">\n\t\t\t\t<h3 class=\"elementor-post__title\">\n\t\t\t<a href=\"https:\/\/gradido.net\/nl\/gms1\/\" >\n\t\t\t\tSamen in plaats van eenzaam - zoek gelijkgestemden in je buurt\t\t\t<\/a>\n\t\t<\/h3>\n\t\t\t\t<div class=\"elementor-post__excerpt\">\n\t\t\t<p>Ken jij dit gevoel ook? Je zet je met hart en ziel in voor vrede, vrijheid en een toekomst die het waard is om in harmonie met de natuur te leven. Maar soms voel je je alleen op je pad omdat je niet weet waar in jouw buurt mensen wonen die jouw waarden en visies delen. Nu is er een eenvoudige oplossing...<\/p>\n\t\t<\/div>\n\t\t\n\t\t<a class=\"elementor-post__read-more\" href=\"https:\/\/gradido.net\/nl\/gms1\/\" aria-label=\"Lees meer over Samen in plaats van eenzaam - Vind gelijkgestemden in je buurt\" tabindex=\"-1\" >\n\t\t\tLees meer\t\t<\/a>\n\n\t\t\t\t<\/div>\n\t\t\t\t<div class=\"elementor-post__meta-data\">\n\t\t\t\t\t<span class=\"elementor-post-date\">\n\t\t\t16 april 2025\t\t<\/span>\n\t\t\t\t<\/div>\n\t\t\t\t\t<\/div>\n\t\t<\/article>\n\t\t\t\t<article class=\"elementor-post elementor-grid-item post-10280 post type-post status-publish format-standard has-post-thumbnail hentry category-blog category-community tag-bild-oben\" role=\"listitem\">\n\t\t\t<div class=\"elementor-post__card\">\n\t\t\t\t<a class=\"elementor-post__thumbnail__link\" href=\"https:\/\/gradido.net\/nl\/visionen-und-projekte\/\" tabindex=\"-1\" ><div class=\"elementor-post__thumbnail\"><img loading=\"lazy\" decoding=\"async\" width=\"800\" height=\"456\" src=\"https:\/\/gradido.net\/wp-content\/uploads\/2025\/04\/Banner-Visionen-Projekte-1024x584.png\" class=\"attachment-large size-large wp-image-10281\" alt=\"\" srcset=\"https:\/\/gradido.net\/wp-content\/uploads\/2025\/04\/Banner-Visionen-Projekte-1024x584.png 1024w, https:\/\/gradido.net\/wp-content\/uploads\/2025\/04\/Banner-Visionen-Projekte-300x171.png 300w, https:\/\/gradido.net\/wp-content\/uploads\/2025\/04\/Banner-Visionen-Projekte-768x438.png 768w, https:\/\/gradido.net\/wp-content\/uploads\/2025\/04\/Banner-Visionen-Projekte-1536x876.png 1536w, https:\/\/gradido.net\/wp-content\/uploads\/2025\/04\/Banner-Visionen-Projekte-2048x1168.png 2048w, https:\/\/gradido.net\/wp-content\/uploads\/2025\/04\/Banner-Visionen-Projekte-18x10.png 18w\" sizes=\"(max-width: 800px) 100vw, 800px\" \/><\/div><\/a>\n\t\t\t\t<div class=\"elementor-post__text\">\n\t\t\t\t<h3 class=\"elementor-post__title\">\n\t\t\t<a href=\"https:\/\/gradido.net\/nl\/visionen-und-projekte\/\" >\n\t\t\t\tVisies en projecten\t\t\t<\/a>\n\t\t<\/h3>\n\t\t\t\t<div class=\"elementor-post__excerpt\">\n\t\t\t<p>Heb je visioenen en dromen voor een betere wereld in je hart? Voel je je soms alleen en wil je krachtige actie ondernemen in een echte gemeenschap? Stel je een wereld voor waarin je je kunt verbinden met gelijkgestemden, samen idee\u00ebn tot leven kunt brengen en krachtige ...<\/p>\n\t\t<\/div>\n\t\t\n\t\t<a class=\"elementor-post__read-more\" href=\"https:\/\/gradido.net\/nl\/visionen-und-projekte\/\" aria-label=\"Lees meer over visies en projecten\" tabindex=\"-1\" >\n\t\t\tLees meer\t\t<\/a>\n\n\t\t\t\t<\/div>\n\t\t\t\t<div class=\"elementor-post__meta-data\">\n\t\t\t\t\t<span class=\"elementor-post-date\">\n\t\t\t25. maart 2025\t\t<\/span>\n\t\t\t\t<\/div>\n\t\t\t\t\t<\/div>\n\t\t<\/article>\n\t\t\t\t<article class=\"elementor-post elementor-grid-item post-9980 post type-post status-publish format-standard has-post-thumbnail hentry category-blog category-community tag-bild-oben\" role=\"listitem\">\n\t\t\t<div class=\"elementor-post__card\">\n\t\t\t\t<a class=\"elementor-post__thumbnail__link\" href=\"https:\/\/gradido.net\/nl\/lasst-uns-2025-zum-jahr-des-gradido-machen\/\" tabindex=\"-1\" ><div class=\"elementor-post__thumbnail\"><img loading=\"lazy\" decoding=\"async\" width=\"727\" height=\"412\" src=\"https:\/\/gradido.net\/wp-content\/uploads\/2025\/01\/Standbild.png\" class=\"attachment-large size-large wp-image-9981\" alt=\"\" srcset=\"https:\/\/gradido.net\/wp-content\/uploads\/2025\/01\/Standbild.png 727w, https:\/\/gradido.net\/wp-content\/uploads\/2025\/01\/Standbild-300x170.png 300w, https:\/\/gradido.net\/wp-content\/uploads\/2025\/01\/Standbild-18x10.png 18w\" sizes=\"(max-width: 727px) 100vw, 727px\" \/><\/div><\/a>\n\t\t\t\t<div class=\"elementor-post__text\">\n\t\t\t\t<h3 class=\"elementor-post__title\">\n\t\t\t<a href=\"https:\/\/gradido.net\/nl\/lasst-uns-2025-zum-jahr-des-gradido-machen\/\" >\n\t\t\t\tLaten we van 2025 het jaar van de Gradido maken\t\t\t<\/a>\n\t\t<\/h3>\n\t\t\t\t<div class=\"elementor-post__excerpt\">\n\t\t\t<p>Heel eenvoudig: door een cirkel te cre\u00ebren met 2-3 ge\u00efnteresseerden. We zijn in Potsdam begonnen met zo'n kleine groep. Als mensen in andere plaatsen ons kopi\u00ebren, ontstaat er een netwerk van Gradido-cirkels en zullen we elkaar sneller leren kennen en met elkaar in contact komen.<\/p>\n\t\t<\/div>\n\t\t\n\t\t<a class=\"elementor-post__read-more\" href=\"https:\/\/gradido.net\/nl\/lasst-uns-2025-zum-jahr-des-gradido-machen\/\" aria-label=\"Lees meer over Laten we van 2025 het jaar van de Gradido maken\" tabindex=\"-1\" >\n\t\t\tLees meer\t\t<\/a>\n\n\t\t\t\t<\/div>\n\t\t\t\t<div class=\"elementor-post__meta-data\">\n\t\t\t\t\t<span class=\"elementor-post-date\">\n\t\t\t1 januari 2025\t\t<\/span>\n\t\t\t\t<\/div>\n\t\t\t\t\t<\/div>\n\t\t<\/article>\n\t\t\t\t<article class=\"elementor-post elementor-grid-item post-9881 post type-post status-publish format-standard has-post-thumbnail hentry category-blog category-community\" role=\"listitem\">\n\t\t\t<div class=\"elementor-post__card\">\n\t\t\t\t<a class=\"elementor-post__thumbnail__link\" href=\"https:\/\/gradido.net\/nl\/sieben-themenbereiche-wie-du-mitwirken-kannst\/\" tabindex=\"-1\" ><div class=\"elementor-post__thumbnail\"><img loading=\"lazy\" decoding=\"async\" width=\"800\" height=\"334\" src=\"https:\/\/gradido.net\/wp-content\/uploads\/2024\/11\/Mitwirken-1024x427.jpg\" class=\"attachment-large size-large wp-image-9857\" alt=\"\" srcset=\"https:\/\/gradido.net\/wp-content\/uploads\/2024\/11\/Mitwirken-1024x427.jpg 1024w, https:\/\/gradido.net\/wp-content\/uploads\/2024\/11\/Mitwirken-300x125.jpg 300w, https:\/\/gradido.net\/wp-content\/uploads\/2024\/11\/Mitwirken-768x320.jpg 768w, https:\/\/gradido.net\/wp-content\/uploads\/2024\/11\/Mitwirken-1536x640.jpg 1536w, https:\/\/gradido.net\/wp-content\/uploads\/2024\/11\/Mitwirken-18x8.jpg 18w, https:\/\/gradido.net\/wp-content\/uploads\/2024\/11\/Mitwirken.jpg 1920w\" sizes=\"(max-width: 800px) 100vw, 800px\" \/><\/div><\/a>\n\t\t\t\t<div class=\"elementor-post__text\">\n\t\t\t\t<h3 class=\"elementor-post__title\">\n\t\t\t<a href=\"https:\/\/gradido.net\/nl\/sieben-themenbereiche-wie-du-mitwirken-kannst\/\" >\n\t\t\t\tZeven onderwerpen over hoe je betrokken kunt raken\t\t\t<\/a>\n\t\t<\/h3>\n\t\t\t\t<div class=\"elementor-post__excerpt\">\n\t\t\t<p>Hartelijk dank aan jullie allemaal, jullie hebben zoveel vaardigheden gedeeld in de ruimte \"Mit+Wirken\" in de Gradido kringen, die jullie aan de wereld geven. Ik heb de evaluatie ingedeeld in onderwerpen en vraag jullie om idee\u00ebn te delen ...<\/p>\n\t\t<\/div>\n\t\t\n\t\t<a class=\"elementor-post__read-more\" href=\"https:\/\/gradido.net\/nl\/sieben-themenbereiche-wie-du-mitwirken-kannst\/\" aria-label=\"Lees meer over Zeven onderwerpen over hoe je mee kunt doen\" tabindex=\"-1\" >\n\t\t\tLees meer\t\t<\/a>\n\n\t\t\t\t<\/div>\n\t\t\t\t<div class=\"elementor-post__meta-data\">\n\t\t\t\t\t<span class=\"elementor-post-date\">\n\t\t\t15 december 2024\t\t<\/span>\n\t\t\t\t<\/div>\n\t\t\t\t\t<\/div>\n\t\t<\/article>\n\t\t\t\t<article class=\"elementor-post elementor-grid-item post-9844 post type-post status-publish format-standard has-post-thumbnail hentry category-blog category-community\" role=\"listitem\">\n\t\t\t<div class=\"elementor-post__card\">\n\t\t\t\t<a class=\"elementor-post__thumbnail__link\" href=\"https:\/\/gradido.net\/nl\/dein-mitwirken-ist-gefragt\/\" tabindex=\"-1\" ><div class=\"elementor-post__thumbnail\"><img loading=\"lazy\" decoding=\"async\" width=\"800\" height=\"334\" src=\"https:\/\/gradido.net\/wp-content\/uploads\/2024\/11\/Mitwirken-1024x427.jpg\" class=\"attachment-large size-large wp-image-9857\" alt=\"\" srcset=\"https:\/\/gradido.net\/wp-content\/uploads\/2024\/11\/Mitwirken-1024x427.jpg 1024w, https:\/\/gradido.net\/wp-content\/uploads\/2024\/11\/Mitwirken-300x125.jpg 300w, https:\/\/gradido.net\/wp-content\/uploads\/2024\/11\/Mitwirken-768x320.jpg 768w, https:\/\/gradido.net\/wp-content\/uploads\/2024\/11\/Mitwirken-1536x640.jpg 1536w, https:\/\/gradido.net\/wp-content\/uploads\/2024\/11\/Mitwirken-18x8.jpg 18w, https:\/\/gradido.net\/wp-content\/uploads\/2024\/11\/Mitwirken.jpg 1920w\" sizes=\"(max-width: 800px) 100vw, 800px\" \/><\/div><\/a>\n\t\t\t\t<div class=\"elementor-post__text\">\n\t\t\t\t<h3 class=\"elementor-post__title\">\n\t\t\t<a href=\"https:\/\/gradido.net\/nl\/dein-mitwirken-ist-gefragt\/\" >\n\t\t\t\tJouw \"deelname+actie\" is vereist\t\t\t<\/a>\n\t\t<\/h3>\n\t\t\t\t<div class=\"elementor-post__excerpt\">\n\t\t\t<p>Wil je ook nog beter in contact komen met ons en andere Gradido leden en onze verbinding met elkaar tastbaar maken? En wil je jouw bijzondere gaven gebruiken om ...<\/p>\n\t\t<\/div>\n\t\t\n\t\t<a class=\"elementor-post__read-more\" href=\"https:\/\/gradido.net\/nl\/dein-mitwirken-ist-gefragt\/\" aria-label=\"Lees meer over Uw &quot;Mit+Wirken&quot; is in trek\" tabindex=\"-1\" >\n\t\t\tLees meer\t\t<\/a>\n\n\t\t\t\t<\/div>\n\t\t\t\t<div class=\"elementor-post__meta-data\">\n\t\t\t\t\t<span class=\"elementor-post-date\">\n\t\t\t27 november 2024\t\t<\/span>\n\t\t\t\t<\/div>\n\t\t\t\t\t<\/div>\n\t\t<\/article>\n\t\t\t\t<article class=\"elementor-post elementor-grid-item post-9805 post type-post status-publish format-standard has-post-thumbnail hentry category-blog category-community\" role=\"listitem\">\n\t\t\t<div class=\"elementor-post__card\">\n\t\t\t\t<a class=\"elementor-post__thumbnail__link\" href=\"https:\/\/gradido.net\/nl\/wir-wirken-zusammen\/\" tabindex=\"-1\" ><div class=\"elementor-post__thumbnail\"><img loading=\"lazy\" decoding=\"async\" width=\"800\" height=\"450\" src=\"https:\/\/gradido.net\/wp-content\/uploads\/2024\/11\/Neustart-1024x576.jpg\" class=\"attachment-large size-large wp-image-9806\" alt=\"\" srcset=\"https:\/\/gradido.net\/wp-content\/uploads\/2024\/11\/Neustart-1024x576.jpg 1024w, https:\/\/gradido.net\/wp-content\/uploads\/2024\/11\/Neustart-300x169.jpg 300w, https:\/\/gradido.net\/wp-content\/uploads\/2024\/11\/Neustart-768x432.jpg 768w, https:\/\/gradido.net\/wp-content\/uploads\/2024\/11\/Neustart-18x10.jpg 18w, https:\/\/gradido.net\/wp-content\/uploads\/2024\/11\/Neustart.jpg 1280w\" sizes=\"(max-width: 800px) 100vw, 800px\" \/><\/div><\/a>\n\t\t\t\t<div class=\"elementor-post__text\">\n\t\t\t\t<h3 class=\"elementor-post__title\">\n\t\t\t<a href=\"https:\/\/gradido.net\/nl\/wir-wirken-zusammen\/\" >\n\t\t\t\tWe werken samen!\t\t\t<\/a>\n\t\t<\/h3>\n\t\t\t\t<div class=\"elementor-post__excerpt\">\n\t\t\t<p>Het INSTITUT NEUSTART (verkorte vorm) heeft een bestaansdoel en dat is: \"Wij leveren een bijdrage aan een arbeidswereld waarin bedrijven, ondernemers en werknemers samen een succesvol en gelukkig arbeidsleven realiseren - ten gunste van ieder individu en de samenleving.\"<\/p>\n\t\t<\/div>\n\t\t\n\t\t<a class=\"elementor-post__read-more\" href=\"https:\/\/gradido.net\/nl\/wir-wirken-zusammen\/\" aria-label=\"Lees meer over Wij werken samen!\" tabindex=\"-1\" >\n\t\t\tLees meer\t\t<\/a>\n\n\t\t\t\t<\/div>\n\t\t\t\t<div class=\"elementor-post__meta-data\">\n\t\t\t\t\t<span class=\"elementor-post-date\">\n\t\t\t23 november 2024\t\t<\/span>\n\t\t\t\t<\/div>\n\t\t\t\t\t<\/div>\n\t\t<\/article>\n\t\t\t\t<article class=\"elementor-post elementor-grid-item post-9649 post type-post status-publish format-standard has-post-thumbnail hentry category-blog category-community category-gradido-konto\" role=\"listitem\">\n\t\t\t<div class=\"elementor-post__card\">\n\t\t\t\t<a class=\"elementor-post__thumbnail__link\" href=\"https:\/\/gradido.net\/nl\/welches-grundeinkommen-ist-das-richtige\/\" tabindex=\"-1\" ><div class=\"elementor-post__thumbnail\"><img loading=\"lazy\" decoding=\"async\" width=\"800\" height=\"300\" src=\"https:\/\/gradido.net\/wp-content\/uploads\/2020\/09\/grundeinkommen-statt-existenzangst-1024x384.jpg\" class=\"attachment-large size-large wp-image-833\" alt=\"\" srcset=\"https:\/\/gradido.net\/wp-content\/uploads\/2020\/09\/grundeinkommen-statt-existenzangst-1024x384.jpg 1024w, https:\/\/gradido.net\/wp-content\/uploads\/2020\/09\/grundeinkommen-statt-existenzangst-300x113.jpg 300w, https:\/\/gradido.net\/wp-content\/uploads\/2020\/09\/grundeinkommen-statt-existenzangst-768x288.jpg 768w, https:\/\/gradido.net\/wp-content\/uploads\/2020\/09\/grundeinkommen-statt-existenzangst.jpg 1344w\" sizes=\"(max-width: 800px) 100vw, 800px\" \/><\/div><\/a>\n\t\t\t\t<div class=\"elementor-post__text\">\n\t\t\t\t<h3 class=\"elementor-post__title\">\n\t\t\t<a href=\"https:\/\/gradido.net\/nl\/welches-grundeinkommen-ist-das-richtige\/\" >\n\t\t\t\tWelk basisinkomen is het juiste?\t\t\t<\/a>\n\t\t<\/h3>\n\t\t\t\t<div class=\"elementor-post__excerpt\">\n\t\t\t<p>De diepe voldoening die voortkomt uit het kunnen bijdragen aan het algemeen welzijn en de daarmee gepaard gaande positieve effecten op de ontwikkeling van potentieel, levenskwaliteit, geluk en gezondheid maken ons duidelijk voorstander van het Actief Basisinkomen.<\/p>\n\t\t<\/div>\n\t\t\n\t\t<a class=\"elementor-post__read-more\" href=\"https:\/\/gradido.net\/nl\/welches-grundeinkommen-ist-das-richtige\/\" aria-label=\"Lees meer over Welk basisinkomen is het juiste?\" tabindex=\"-1\" >\n\t\t\tLees meer\t\t<\/a>\n\n\t\t\t\t<\/div>\n\t\t\t\t<div class=\"elementor-post__meta-data\">\n\t\t\t\t\t<span class=\"elementor-post-date\">\n\t\t\t18 oktober 2024\t\t<\/span>\n\t\t\t\t<\/div>\n\t\t\t\t\t<\/div>\n\t\t<\/article>\n\t\t\t\t<article class=\"elementor-post elementor-grid-item post-9621 post type-post status-publish format-standard has-post-thumbnail hentry category-blog category-community category-gradido-konto tag-bild-oben\" role=\"listitem\">\n\t\t\t<div class=\"elementor-post__card\">\n\t\t\t\t<a class=\"elementor-post__thumbnail__link\" href=\"https:\/\/gradido.net\/nl\/sichere-video-meetings-in-den-gradido-kreisen\/\" tabindex=\"-1\" ><div class=\"elementor-post__thumbnail\"><img loading=\"lazy\" decoding=\"async\" width=\"800\" height=\"416\" src=\"https:\/\/gradido.net\/wp-content\/uploads\/2024\/10\/Video-Meeting-1024x533.jpg\" class=\"attachment-large size-large wp-image-9622\" alt=\"\" srcset=\"https:\/\/gradido.net\/wp-content\/uploads\/2024\/10\/Video-Meeting-1024x533.jpg 1024w, https:\/\/gradido.net\/wp-content\/uploads\/2024\/10\/Video-Meeting-300x156.jpg 300w, https:\/\/gradido.net\/wp-content\/uploads\/2024\/10\/Video-Meeting-768x400.jpg 768w, https:\/\/gradido.net\/wp-content\/uploads\/2024\/10\/Video-Meeting-1536x800.jpg 1536w, https:\/\/gradido.net\/wp-content\/uploads\/2024\/10\/Video-Meeting-18x9.jpg 18w, https:\/\/gradido.net\/wp-content\/uploads\/2024\/10\/Video-Meeting.jpg 1920w\" sizes=\"(max-width: 800px) 100vw, 800px\" \/><\/div><\/a>\n\t\t\t\t<div class=\"elementor-post__text\">\n\t\t\t\t<h3 class=\"elementor-post__title\">\n\t\t\t<a href=\"https:\/\/gradido.net\/nl\/sichere-video-meetings-in-den-gradido-kreisen\/\" >\n\t\t\t\tBeveiligde videovergaderingen in de Gradido kringen\t\t\t<\/a>\n\t\t<\/h3>\n\t\t\t\t<div class=\"elementor-post__excerpt\">\n\t\t\t<p>Bij Gradido hechten we veel belang aan de bescherming van je gegevens. Vanaf nu kun je veilige GDPR-conforme videoconferenties houden binnen de Gradido-cirkels op de Duitse of Oostenrijkse servers van Fairkom, zonder dat iemand anders meeluistert. <\/p>\n\t\t<\/div>\n\t\t\n\t\t<a class=\"elementor-post__read-more\" href=\"https:\/\/gradido.net\/nl\/sichere-video-meetings-in-den-gradido-kreisen\/\" aria-label=\"Lees meer over Beveiligde videovergaderingen in de Gradido kringen\" tabindex=\"-1\" >\n\t\t\tLees meer\t\t<\/a>\n\n\t\t\t\t<\/div>\n\t\t\t\t<div class=\"elementor-post__meta-data\">\n\t\t\t\t\t<span class=\"elementor-post-date\">\n\t\t\t10 oktober 2024\t\t<\/span>\n\t\t\t\t<\/div>\n\t\t\t\t\t<\/div>\n\t\t<\/article>\n\t\t\t\t<article class=\"elementor-post elementor-grid-item post-9595 post type-post status-publish format-standard has-post-thumbnail hentry category-blog category-community\" role=\"listitem\">\n\t\t\t<div class=\"elementor-post__card\">\n\t\t\t\t<a class=\"elementor-post__thumbnail__link\" href=\"https:\/\/gradido.net\/nl\/studienkreis-gradido-botschafter-n-e-u\/\" tabindex=\"-1\" ><div class=\"elementor-post__thumbnail\"><img loading=\"lazy\" decoding=\"async\" width=\"800\" height=\"375\" src=\"https:\/\/gradido.net\/wp-content\/uploads\/2024\/10\/Friedenstaube_Gradido-1024x480.jpg\" class=\"attachment-large size-large wp-image-9597\" alt=\"\" srcset=\"https:\/\/gradido.net\/wp-content\/uploads\/2024\/10\/Friedenstaube_Gradido-1024x480.jpg 1024w, https:\/\/gradido.net\/wp-content\/uploads\/2024\/10\/Friedenstaube_Gradido-300x141.jpg 300w, https:\/\/gradido.net\/wp-content\/uploads\/2024\/10\/Friedenstaube_Gradido-768x360.jpg 768w, https:\/\/gradido.net\/wp-content\/uploads\/2024\/10\/Friedenstaube_Gradido-1536x720.jpg 1536w, https:\/\/gradido.net\/wp-content\/uploads\/2024\/10\/Friedenstaube_Gradido-18x8.jpg 18w, https:\/\/gradido.net\/wp-content\/uploads\/2024\/10\/Friedenstaube_Gradido.jpg 1920w\" sizes=\"(max-width: 800px) 100vw, 800px\" \/><\/div><\/a>\n\t\t\t\t<div class=\"elementor-post__text\">\n\t\t\t\t<h3 class=\"elementor-post__title\">\n\t\t\t<a href=\"https:\/\/gradido.net\/nl\/studienkreis-gradido-botschafter-n-e-u\/\" >\n\t\t\t\tStudiekring: Gradido ambassadeur N.E.U.\t\t\t<\/a>\n\t\t<\/h3>\n\t\t\t\t<div class=\"elementor-post__excerpt\">\n\t\t\t<p>Hoe kun je nu je wensen en dromen leven terwijl je met ons naar het grote doel toewerkt? We hebben hier jarenlang onderzoek naar gedaan. De oplossing is eigenlijk eenvoudig:<\/p>\n\t\t<\/div>\n\t\t\n\t\t<a class=\"elementor-post__read-more\" href=\"https:\/\/gradido.net\/nl\/studienkreis-gradido-botschafter-n-e-u\/\" aria-label=\"Lees meer over Studiekring: Gradido Ambassadeur N.E.U.\" tabindex=\"-1\" >\n\t\t\tLees meer\t\t<\/a>\n\n\t\t\t\t<\/div>\n\t\t\t\t<div class=\"elementor-post__meta-data\">\n\t\t\t\t\t<span class=\"elementor-post-date\">\n\t\t\t7 oktober 2024\t\t<\/span>\n\t\t\t\t<\/div>\n\t\t\t\t\t<\/div>\n\t\t<\/article>\n\t\t\t\t<article class=\"elementor-post elementor-grid-item post-9486 post type-post status-publish format-standard has-post-thumbnail hentry category-blog category-community\" role=\"listitem\">\n\t\t\t<div class=\"elementor-post__card\">\n\t\t\t\t<a class=\"elementor-post__thumbnail__link\" href=\"https:\/\/gradido.net\/nl\/selbstorganisation-in-organisationen-der-neuen-zeit\/\" tabindex=\"-1\" ><div class=\"elementor-post__thumbnail\"><img loading=\"lazy\" decoding=\"async\" width=\"800\" height=\"400\" src=\"https:\/\/gradido.net\/wp-content\/uploads\/2024\/09\/SWARM-1024x512.jpg\" class=\"attachment-large size-large wp-image-9487\" alt=\"\" srcset=\"https:\/\/gradido.net\/wp-content\/uploads\/2024\/09\/SWARM-1024x512.jpg 1024w, https:\/\/gradido.net\/wp-content\/uploads\/2024\/09\/SWARM-300x150.jpg 300w, https:\/\/gradido.net\/wp-content\/uploads\/2024\/09\/SWARM-768x384.jpg 768w, https:\/\/gradido.net\/wp-content\/uploads\/2024\/09\/SWARM-18x9.jpg 18w, https:\/\/gradido.net\/wp-content\/uploads\/2024\/09\/SWARM.jpg 1200w\" sizes=\"(max-width: 800px) 100vw, 800px\" \/><\/div><\/a>\n\t\t\t\t<div class=\"elementor-post__text\">\n\t\t\t\t<h3 class=\"elementor-post__title\">\n\t\t\t<a href=\"https:\/\/gradido.net\/nl\/selbstorganisation-in-organisationen-der-neuen-zeit\/\" >\n\t\t\t\tZelforganisatie in organisaties van het nieuwe tijdperk\t\t\t<\/a>\n\t\t<\/h3>\n\t\t\t\t<div class=\"elementor-post__excerpt\">\n\t\t\t<p>Het tijdperk van hi\u00ebrarchische organisaties is voorbij. Mensen in de \"nieuwe tijd\" hebben een sterk verlangen om elkaar op ooghoogte te ontmoeten, om zichzelf te organiseren en om dat waar mogelijk zonder hi\u00ebrarchie\u00ebn te doen.<\/p>\n\t\t<\/div>\n\t\t\n\t\t<a class=\"elementor-post__read-more\" href=\"https:\/\/gradido.net\/nl\/selbstorganisation-in-organisationen-der-neuen-zeit\/\" aria-label=\"Lees meer over zelforganisatie in nieuwetijdsorganisaties\" tabindex=\"-1\" >\n\t\t\tLees meer\t\t<\/a>\n\n\t\t\t\t<\/div>\n\t\t\t\t<div class=\"elementor-post__meta-data\">\n\t\t\t\t\t<span class=\"elementor-post-date\">\n\t\t\t2 september 2024\t\t<\/span>\n\t\t\t\t<\/div>\n\t\t\t\t\t<\/div>\n\t\t<\/article>\n\t\t\t\t<article class=\"elementor-post elementor-grid-item post-9470 post type-post status-publish format-standard has-post-thumbnail hentry category-blog category-community category-gradido-konto\" role=\"listitem\">\n\t\t\t<div class=\"elementor-post__card\">\n\t\t\t\t<a class=\"elementor-post__thumbnail__link\" href=\"https:\/\/gradido.net\/nl\/entdecke-die-neuen-gradido-kreise\/\" tabindex=\"-1\" ><div class=\"elementor-post__thumbnail\"><img loading=\"lazy\" decoding=\"async\" width=\"800\" height=\"450\" src=\"https:\/\/gradido.net\/wp-content\/uploads\/2024\/09\/Gradido-Kreise-1024x576.jpg\" class=\"attachment-large size-large wp-image-9472\" alt=\"\" srcset=\"https:\/\/gradido.net\/wp-content\/uploads\/2024\/09\/Gradido-Kreise-1024x576.jpg 1024w, https:\/\/gradido.net\/wp-content\/uploads\/2024\/09\/Gradido-Kreise-300x169.jpg 300w, https:\/\/gradido.net\/wp-content\/uploads\/2024\/09\/Gradido-Kreise-768x432.jpg 768w, https:\/\/gradido.net\/wp-content\/uploads\/2024\/09\/Gradido-Kreise-18x10.jpg 18w, https:\/\/gradido.net\/wp-content\/uploads\/2024\/09\/Gradido-Kreise.jpg 1280w\" sizes=\"(max-width: 800px) 100vw, 800px\" \/><\/div><\/a>\n\t\t\t\t<div class=\"elementor-post__text\">\n\t\t\t\t<h3 class=\"elementor-post__title\">\n\t\t\t<a href=\"https:\/\/gradido.net\/nl\/entdecke-die-neuen-gradido-kreise\/\" >\n\t\t\t\tOntdek de nieuwe Gradido cirkels\t\t\t<\/a>\n\t\t<\/h3>\n\t\t\t\t<div class=\"elementor-post__excerpt\">\n\t\t\t<p>Heb je het al gezien? Sinds eind mei hebben we ons nieuwe communityplatform, dat we Gradido Circles noemen. Je kunt nu met andere Gradido-deelnemers communiceren in veilige ruimtes (de zogenaamde \"Spaces\") en zo steeds meer met elkaar in contact komen.<\/p>\n\t\t<\/div>\n\t\t\n\t\t<a class=\"elementor-post__read-more\" href=\"https:\/\/gradido.net\/nl\/entdecke-die-neuen-gradido-kreise\/\" aria-label=\"Lees meer over Ontdek de nieuwe Gradido cirkels\" tabindex=\"-1\" >\n\t\t\tLees meer\t\t<\/a>\n\n\t\t\t\t<\/div>\n\t\t\t\t<div class=\"elementor-post__meta-data\">\n\t\t\t\t\t<span class=\"elementor-post-date\">\n\t\t\t30 augustus 2024\t\t<\/span>\n\t\t\t\t<\/div>\n\t\t\t\t\t<\/div>\n\t\t<\/article>\n\t\t\t\t<article class=\"elementor-post elementor-grid-item post-9286 post type-post status-publish format-standard has-post-thumbnail hentry category-blog category-community\" role=\"listitem\">\n\t\t\t<div class=\"elementor-post__card\">\n\t\t\t\t<a class=\"elementor-post__thumbnail__link\" href=\"https:\/\/gradido.net\/nl\/society-4-0\/\" tabindex=\"-1\" ><div class=\"elementor-post__thumbnail\"><img loading=\"lazy\" decoding=\"async\" width=\"800\" height=\"439\" src=\"https:\/\/gradido.net\/wp-content\/uploads\/2024\/08\/Bildschirmfoto-2024-08-26-um-14.12.48-1024x562.png\" class=\"attachment-large size-large wp-image-9287\" alt=\"\" srcset=\"https:\/\/gradido.net\/wp-content\/uploads\/2024\/08\/Bildschirmfoto-2024-08-26-um-14.12.48-1024x562.png 1024w, https:\/\/gradido.net\/wp-content\/uploads\/2024\/08\/Bildschirmfoto-2024-08-26-um-14.12.48-300x165.png 300w, https:\/\/gradido.net\/wp-content\/uploads\/2024\/08\/Bildschirmfoto-2024-08-26-um-14.12.48-768x422.png 768w, https:\/\/gradido.net\/wp-content\/uploads\/2024\/08\/Bildschirmfoto-2024-08-26-um-14.12.48-1536x843.png 1536w, https:\/\/gradido.net\/wp-content\/uploads\/2024\/08\/Bildschirmfoto-2024-08-26-um-14.12.48-2048x1124.png 2048w, https:\/\/gradido.net\/wp-content\/uploads\/2024\/08\/Bildschirmfoto-2024-08-26-um-14.12.48-18x10.png 18w\" sizes=\"(max-width: 800px) 100vw, 800px\" \/><\/div><\/a>\n\t\t\t\t<div class=\"elementor-post__text\">\n\t\t\t\t<h3 class=\"elementor-post__title\">\n\t\t\t<a href=\"https:\/\/gradido.net\/nl\/society-4-0\/\" >\n\t\t\t\tSamenwerking met de maatschappij 4.0\t\t\t<\/a>\n\t\t<\/h3>\n\t\t\t\t<div class=\"elementor-post__excerpt\">\n\t\t\t<p>De 'grote samenwerking' blijft zich ontwikkelen. Christiane L\u00fcpken, die zich inzet voor Society 4.0 en geschikte niet-hi\u00ebrarchische vormen van zelforganisatie in Duitsland, is een actief lid van onze Vision Circle, die tot taak heeft de samenwerking met gelijkgestemde of vergelijkbare organisaties, projecten en initiatieven te bevorderen.<\/p>\n\t\t<\/div>\n\t\t\n\t\t<a class=\"elementor-post__read-more\" href=\"https:\/\/gradido.net\/nl\/society-4-0\/\" aria-label=\"Lees meer over Samenwerking met de samenleving 4.0\" tabindex=\"-1\" >\n\t\t\tLees meer\t\t<\/a>\n\n\t\t\t\t<\/div>\n\t\t\t\t<div class=\"elementor-post__meta-data\">\n\t\t\t\t\t<span class=\"elementor-post-date\">\n\t\t\t26 augustus 2024\t\t<\/span>\n\t\t\t\t<\/div>\n\t\t\t\t\t<\/div>\n\t\t<\/article>\n\t\t\t\t<article class=\"elementor-post elementor-grid-item post-8590 post type-post status-publish format-standard has-post-thumbnail hentry category-blog category-community tag-bild-oben\" role=\"listitem\">\n\t\t\t<div class=\"elementor-post__card\">\n\t\t\t\t<a class=\"elementor-post__thumbnail__link\" href=\"https:\/\/gradido.net\/nl\/gradido-community-voraussichtlich-im-maerz\/\" tabindex=\"-1\" ><div class=\"elementor-post__thumbnail\"><img loading=\"lazy\" decoding=\"async\" width=\"800\" height=\"491\" src=\"https:\/\/gradido.net\/wp-content\/uploads\/2024\/01\/Bildschirmfoto-2024-04-14-um-11.43.45-1024x628.png\" class=\"attachment-large size-large wp-image-8849\" alt=\"\" srcset=\"https:\/\/gradido.net\/wp-content\/uploads\/2024\/01\/Bildschirmfoto-2024-04-14-um-11.43.45-1024x628.png 1024w, https:\/\/gradido.net\/wp-content\/uploads\/2024\/01\/Bildschirmfoto-2024-04-14-um-11.43.45-300x184.png 300w, https:\/\/gradido.net\/wp-content\/uploads\/2024\/01\/Bildschirmfoto-2024-04-14-um-11.43.45-768x471.png 768w, https:\/\/gradido.net\/wp-content\/uploads\/2024\/01\/Bildschirmfoto-2024-04-14-um-11.43.45-1536x943.png 1536w, https:\/\/gradido.net\/wp-content\/uploads\/2024\/01\/Bildschirmfoto-2024-04-14-um-11.43.45-2048x1257.png 2048w, https:\/\/gradido.net\/wp-content\/uploads\/2024\/01\/Bildschirmfoto-2024-04-14-um-11.43.45-18x12.png 18w\" sizes=\"(max-width: 800px) 100vw, 800px\" \/><\/div><\/a>\n\t\t\t\t<div class=\"elementor-post__text\">\n\t\t\t\t<h3 class=\"elementor-post__title\">\n\t\t\t<a href=\"https:\/\/gradido.net\/nl\/gradido-community-voraussichtlich-im-maerz\/\" >\n\t\t\t\tGe\u00efntegreerd samenwerkingsplatform verwacht in mei\t\t\t<\/a>\n\t\t<\/h3>\n\t\t\t\t<div class=\"elementor-post__excerpt\">\n\t\t\t<p>We zijn van plan om ons nieuwe samenwerkingsplatform in mei 2024 te lanceren. Het is ge\u00efntegreerd in het Gradido-account. Na een testfase in de Gradido Academy zal het een vast onderdeel worden van alle gedecentraliseerde Gradido-servers.<\/p>\n\t\t<\/div>\n\t\t\n\t\t<a class=\"elementor-post__read-more\" href=\"https:\/\/gradido.net\/nl\/gradido-community-voraussichtlich-im-maerz\/\" aria-label=\"Lees meer over Ge\u00efntegreerd samenwerkingsplatform verwacht in mei\" tabindex=\"-1\" >\n\t\t\tLees meer\t\t<\/a>\n\n\t\t\t\t<\/div>\n\t\t\t\t<div class=\"elementor-post__meta-data\">\n\t\t\t\t\t<span class=\"elementor-post-date\">\n\t\t\t26 januari 2024\t\t<\/span>\n\t\t\t\t<\/div>\n\t\t\t\t\t<\/div>\n\t\t<\/article>\n\t\t\t\t<article class=\"elementor-post elementor-grid-item post-8362 post type-post status-publish format-standard has-post-thumbnail hentry category-blog category-community\" role=\"listitem\">\n\t\t\t<div class=\"elementor-post__card\">\n\t\t\t\t<a class=\"elementor-post__thumbnail__link\" href=\"https:\/\/gradido.net\/nl\/gradido-kreise-gemeinsam-mit-freunden-die-zukunft-gestalten\/\" tabindex=\"-1\" ><div class=\"elementor-post__thumbnail\"><img loading=\"lazy\" decoding=\"async\" width=\"800\" height=\"450\" src=\"https:\/\/gradido.net\/wp-content\/uploads\/2023\/12\/Freundeskreis-1024x576.jpg\" class=\"attachment-large size-large wp-image-8364\" alt=\"\" srcset=\"https:\/\/gradido.net\/wp-content\/uploads\/2023\/12\/Freundeskreis-1024x576.jpg 1024w, https:\/\/gradido.net\/wp-content\/uploads\/2023\/12\/Freundeskreis-300x169.jpg 300w, https:\/\/gradido.net\/wp-content\/uploads\/2023\/12\/Freundeskreis-768x432.jpg 768w, https:\/\/gradido.net\/wp-content\/uploads\/2023\/12\/Freundeskreis-1536x864.jpg 1536w, https:\/\/gradido.net\/wp-content\/uploads\/2023\/12\/Freundeskreis-18x10.jpg 18w, https:\/\/gradido.net\/wp-content\/uploads\/2023\/12\/Freundeskreis.jpg 1920w\" sizes=\"(max-width: 800px) 100vw, 800px\" \/><\/div><\/a>\n\t\t\t\t<div class=\"elementor-post__text\">\n\t\t\t\t<h3 class=\"elementor-post__title\">\n\t\t\t<a href=\"https:\/\/gradido.net\/nl\/gradido-kreise-gemeinsam-mit-freunden-die-zukunft-gestalten\/\" >\n\t\t\t\tGradidokringen - Samen met vrienden de toekomst vormgeven\t\t\t<\/a>\n\t\t<\/h3>\n\t\t\t\t<div class=\"elementor-post__excerpt\">\n\t\t\t<p>Het maakt niet uit of je al tot een groep behoort of dat je elkaar via Gradido hebt gevonden - als je Gradido samen wilt gebruiken, heb je geen eigen Gradido-server nodig.<\/p>\n\t\t<\/div>\n\t\t\n\t\t<a class=\"elementor-post__read-more\" href=\"https:\/\/gradido.net\/nl\/gradido-kreise-gemeinsam-mit-freunden-die-zukunft-gestalten\/\" aria-label=\"Lees meer over Gradido circles - Samen met vrienden de toekomst vormgeven\" tabindex=\"-1\" >\n\t\t\tLees meer\t\t<\/a>\n\n\t\t\t\t<\/div>\n\t\t\t\t<div class=\"elementor-post__meta-data\">\n\t\t\t\t\t<span class=\"elementor-post-date\">\n\t\t\t14 december 2023\t\t<\/span>\n\t\t\t\t<\/div>\n\t\t\t\t\t<\/div>\n\t\t<\/article>\n\t\t\t\t<article class=\"elementor-post elementor-grid-item post-8075 post type-post status-publish format-standard has-post-thumbnail hentry category-blog category-gradido-konto\" role=\"listitem\">\n\t\t\t<div class=\"elementor-post__card\">\n\t\t\t\t<a class=\"elementor-post__thumbnail__link\" href=\"https:\/\/gradido.net\/nl\/gradido-2-0-dezentrale-gradido-server\/\" tabindex=\"-1\" ><div class=\"elementor-post__thumbnail\"><img loading=\"lazy\" decoding=\"async\" width=\"800\" height=\"500\" src=\"https:\/\/gradido.net\/wp-content\/uploads\/2023\/11\/Dezentrale_Server_1920-1024x640.jpg\" class=\"attachment-large size-large wp-image-8076\" alt=\"\" srcset=\"https:\/\/gradido.net\/wp-content\/uploads\/2023\/11\/Dezentrale_Server_1920-1024x640.jpg 1024w, https:\/\/gradido.net\/wp-content\/uploads\/2023\/11\/Dezentrale_Server_1920-300x188.jpg 300w, https:\/\/gradido.net\/wp-content\/uploads\/2023\/11\/Dezentrale_Server_1920-768x480.jpg 768w, https:\/\/gradido.net\/wp-content\/uploads\/2023\/11\/Dezentrale_Server_1920-1536x960.jpg 1536w, https:\/\/gradido.net\/wp-content\/uploads\/2023\/11\/Dezentrale_Server_1920-18x12.jpg 18w, https:\/\/gradido.net\/wp-content\/uploads\/2023\/11\/Dezentrale_Server_1920.jpg 1920w\" sizes=\"(max-width: 800px) 100vw, 800px\" \/><\/div><\/a>\n\t\t\t\t<div class=\"elementor-post__text\">\n\t\t\t\t<h3 class=\"elementor-post__title\">\n\t\t\t<a href=\"https:\/\/gradido.net\/nl\/gradido-2-0-dezentrale-gradido-server\/\" >\n\t\t\t\tGradido 2.0 - Gradido gedecentraliseerde server\t\t\t<\/a>\n\t\t<\/h3>\n\t\t\t\t<div class=\"elementor-post__excerpt\">\n\t\t\t<p>Gradido wordt gedecentraliseerd! Met Gradido 2.0 kunnen we nu de wens van veel deelnemers vervullen om hun gemeenschap autonoom te organiseren. Dit brengt ons een grote stap dichter bij de droom van een menselijk, gedecentraliseerd beloningssysteem.<\/p>\n\t\t<\/div>\n\t\t\n\t\t<a class=\"elementor-post__read-more\" href=\"https:\/\/gradido.net\/nl\/gradido-2-0-dezentrale-gradido-server\/\" aria-label=\"Lees meer over Gradido 2.0 - Decentrale Gradido server\" tabindex=\"-1\" >\n\t\t\tLees meer\t\t<\/a>\n\n\t\t\t\t<\/div>\n\t\t\t\t<div class=\"elementor-post__meta-data\">\n\t\t\t\t\t<span class=\"elementor-post-date\">\n\t\t\t1 november 2023\t\t<\/span>\n\t\t\t\t<\/div>\n\t\t\t\t\t<\/div>\n\t\t<\/article>\n\t\t\t\t<article class=\"elementor-post elementor-grid-item post-7720 post type-post status-publish format-standard has-post-thumbnail hentry category-blog category-lieblingsstadt\" role=\"listitem\">\n\t\t\t<div class=\"elementor-post__card\">\n\t\t\t\t<a class=\"elementor-post__thumbnail__link\" href=\"https:\/\/gradido.net\/nl\/lieblingsstadt-14-trotz-lehrermangel-schueler-werden-zu-genies\/\" tabindex=\"-1\" ><div class=\"elementor-post__thumbnail\"><img loading=\"lazy\" decoding=\"async\" width=\"800\" height=\"500\" src=\"https:\/\/gradido.net\/wp-content\/uploads\/2023\/09\/Genie_1920-1024x640.jpg\" class=\"attachment-large size-large wp-image-7721\" alt=\"\" srcset=\"https:\/\/gradido.net\/wp-content\/uploads\/2023\/09\/Genie_1920-1024x640.jpg 1024w, https:\/\/gradido.net\/wp-content\/uploads\/2023\/09\/Genie_1920-300x188.jpg 300w, https:\/\/gradido.net\/wp-content\/uploads\/2023\/09\/Genie_1920-768x480.jpg 768w, https:\/\/gradido.net\/wp-content\/uploads\/2023\/09\/Genie_1920-1536x960.jpg 1536w, https:\/\/gradido.net\/wp-content\/uploads\/2023\/09\/Genie_1920-18x12.jpg 18w, https:\/\/gradido.net\/wp-content\/uploads\/2023\/09\/Genie_1920.jpg 1920w\" sizes=\"(max-width: 800px) 100vw, 800px\" \/><\/div><\/a>\n\t\t\t\t<div class=\"elementor-post__text\">\n\t\t\t\t<h3 class=\"elementor-post__title\">\n\t\t\t<a href=\"https:\/\/gradido.net\/nl\/lieblingsstadt-14-trotz-lehrermangel-schueler-werden-zu-genies\/\" >\n\t\t\t\tFavoriete stad 14 - Ondanks lerarentekort: leerlingen worden genie\u00ebn\t\t\t<\/a>\n\t\t<\/h3>\n\t\t\t\t<div class=\"elementor-post__excerpt\">\n\t\t\t<p>Er is een tekort aan leraren in Duitsland. Volgens het PISA-onderzoek kan een kwart van de leerlingen niet goed lezen, schrijven en rekenen. Dit is ook merkbaar in Lieblingsstadt. Voor Michael Miteinand, de ge\u00ebngageerde burgemeester van de stad, is dit een ondraaglijke stand van zaken. Favoriete stedelingen vinden de oplossing.<\/p>\n\t\t<\/div>\n\t\t\n\t\t<a class=\"elementor-post__read-more\" href=\"https:\/\/gradido.net\/nl\/lieblingsstadt-14-trotz-lehrermangel-schueler-werden-zu-genies\/\" aria-label=\"Lees meer over Lieblingsstadt 14 - Ondanks lerarentekort: leerlingen worden genie\u00ebn\" tabindex=\"-1\" >\n\t\t\tLees meer\t\t<\/a>\n\n\t\t\t\t<\/div>\n\t\t\t\t<div class=\"elementor-post__meta-data\">\n\t\t\t\t\t<span class=\"elementor-post-date\">\n\t\t\t27 september 2023\t\t<\/span>\n\t\t\t\t<\/div>\n\t\t\t\t\t<\/div>\n\t\t<\/article>\n\t\t\t\t<article class=\"elementor-post elementor-grid-item post-7693 post type-post status-publish format-standard has-post-thumbnail hentry category-blog category-lieblingsstadt\" role=\"listitem\">\n\t\t\t<div class=\"elementor-post__card\">\n\t\t\t\t<a class=\"elementor-post__thumbnail__link\" href=\"https:\/\/gradido.net\/nl\/lieblingsstadt-13-mit-freunden-unterwegs-der-ehrenamtliche-fahrdienst-lieblingsstaedter-kutscher\/\" tabindex=\"-1\" ><div class=\"elementor-post__thumbnail\"><img loading=\"lazy\" decoding=\"async\" width=\"800\" height=\"534\" src=\"https:\/\/gradido.net\/wp-content\/uploads\/2023\/09\/Kutscherin_1800-1024x683.jpg\" class=\"attachment-large size-large wp-image-7694\" alt=\"\" srcset=\"https:\/\/gradido.net\/wp-content\/uploads\/2023\/09\/Kutscherin_1800-1024x683.jpg 1024w, https:\/\/gradido.net\/wp-content\/uploads\/2023\/09\/Kutscherin_1800-300x200.jpg 300w, https:\/\/gradido.net\/wp-content\/uploads\/2023\/09\/Kutscherin_1800-768x512.jpg 768w, https:\/\/gradido.net\/wp-content\/uploads\/2023\/09\/Kutscherin_1800-1536x1024.jpg 1536w, https:\/\/gradido.net\/wp-content\/uploads\/2023\/09\/Kutscherin_1800-18x12.jpg 18w, https:\/\/gradido.net\/wp-content\/uploads\/2023\/09\/Kutscherin_1800.jpg 1800w\" sizes=\"(max-width: 800px) 100vw, 800px\" \/><\/div><\/a>\n\t\t\t\t<div class=\"elementor-post__text\">\n\t\t\t\t<h3 class=\"elementor-post__title\">\n\t\t\t<a href=\"https:\/\/gradido.net\/nl\/lieblingsstadt-13-mit-freunden-unterwegs-der-ehrenamtliche-fahrdienst-lieblingsstaedter-kutscher\/\" >\n\t\t\t\tFavoriete stad 13 - Onderweg met vrienden: de vrijwillige chauffeursdienst 'Lieblingsst\u00e4dter Kutscher' (Favoriete Stadskoetsiers)\t\t\t<\/a>\n\t\t<\/h3>\n\t\t\t\t<div class=\"elementor-post__excerpt\">\n\t\t\t<p>Vrijwilligers rijden mensen rond in de stad en de omliggende dorpen. Ze brengen ouderen naar de dokter, halen kinderen van school en brengen werkende mensen veilig naar hun werk. Ze organiseren boodschappendiensten en nog veel meer.<\/p>\n\t\t<\/div>\n\t\t\n\t\t<a class=\"elementor-post__read-more\" href=\"https:\/\/gradido.net\/nl\/lieblingsstadt-13-mit-freunden-unterwegs-der-ehrenamtliche-fahrdienst-lieblingsstaedter-kutscher\/\" aria-label=\"Lees meer over Lieblingsstadt 13 - Op weg met vrienden: de &#039;Lieblingsst\u00e4dter Kutscher&#039; vrijwillige rijservice\" tabindex=\"-1\" >\n\t\t\tLees meer\t\t<\/a>\n\n\t\t\t\t<\/div>\n\t\t\t\t<div class=\"elementor-post__meta-data\">\n\t\t\t\t\t<span class=\"elementor-post-date\">\n\t\t\t25 september 2023\t\t<\/span>\n\t\t\t\t<\/div>\n\t\t\t\t\t<\/div>\n\t\t<\/article>\n\t\t\t\t<article class=\"elementor-post elementor-grid-item post-7677 post type-post status-publish format-standard has-post-thumbnail hentry category-blog category-lieblingsstadt\" role=\"listitem\">\n\t\t\t<div class=\"elementor-post__card\">\n\t\t\t\t<a class=\"elementor-post__thumbnail__link\" href=\"https:\/\/gradido.net\/nl\/lieblingsstadt-12-aus-nachbarn-werden-partner-autarkie-durch-solidarische-landwirtschaft\/\" tabindex=\"-1\" ><div class=\"elementor-post__thumbnail\"><img loading=\"lazy\" decoding=\"async\" width=\"800\" height=\"450\" src=\"https:\/\/gradido.net\/wp-content\/uploads\/2023\/09\/Handreichung_1920-1024x576.jpg\" class=\"attachment-large size-large wp-image-7679\" alt=\"\" srcset=\"https:\/\/gradido.net\/wp-content\/uploads\/2023\/09\/Handreichung_1920-1024x576.jpg 1024w, https:\/\/gradido.net\/wp-content\/uploads\/2023\/09\/Handreichung_1920-300x169.jpg 300w, https:\/\/gradido.net\/wp-content\/uploads\/2023\/09\/Handreichung_1920-768x432.jpg 768w, https:\/\/gradido.net\/wp-content\/uploads\/2023\/09\/Handreichung_1920-1536x864.jpg 1536w, https:\/\/gradido.net\/wp-content\/uploads\/2023\/09\/Handreichung_1920-18x10.jpg 18w, https:\/\/gradido.net\/wp-content\/uploads\/2023\/09\/Handreichung_1920.jpg 1920w\" sizes=\"(max-width: 800px) 100vw, 800px\" \/><\/div><\/a>\n\t\t\t\t<div class=\"elementor-post__text\">\n\t\t\t\t<h3 class=\"elementor-post__title\">\n\t\t\t<a href=\"https:\/\/gradido.net\/nl\/lieblingsstadt-12-aus-nachbarn-werden-partner-autarkie-durch-solidarische-landwirtschaft\/\" >\n\t\t\t\tFavoriete stad 12 - Buren worden partners: zelfvoorziening door solidaire landbouw\t\t\t<\/a>\n\t\t<\/h3>\n\t\t\t\t<div class=\"elementor-post__excerpt\">\n\t\t\t<p>Het grote gemeenschappelijke doel om zelfvoorzienend te worden op voedselgebied inspireert de inwoners van Lieblingsstadt. Dit toont eens te meer aan dat co\u00f6peratieve benaderingen veel beter zijn dan concurrerend denken. <\/p>\n\t\t<\/div>\n\t\t\n\t\t<a class=\"elementor-post__read-more\" href=\"https:\/\/gradido.net\/nl\/lieblingsstadt-12-aus-nachbarn-werden-partner-autarkie-durch-solidarische-landwirtschaft\/\" aria-label=\"Lees meer over Lieblingsstadt 12 - Buren worden partners: zelfvoorziening door gemeenschapsondersteunde landbouw\" tabindex=\"-1\" >\n\t\t\tLees meer\t\t<\/a>\n\n\t\t\t\t<\/div>\n\t\t\t\t<div class=\"elementor-post__meta-data\">\n\t\t\t\t\t<span class=\"elementor-post-date\">\n\t\t\t21 september 2023\t\t<\/span>\n\t\t\t\t<\/div>\n\t\t\t\t\t<\/div>\n\t\t<\/article>\n\t\t\t\t<article class=\"elementor-post elementor-grid-item post-7565 post type-post status-publish format-standard has-post-thumbnail hentry category-blog category-lieblingsstadt tag-grosse-kooperation\" role=\"listitem\">\n\t\t\t<div class=\"elementor-post__card\">\n\t\t\t\t<a class=\"elementor-post__thumbnail__link\" href=\"https:\/\/gradido.net\/nl\/lieblingsstadt-11-grosse-kooperation-fuer-autarkie\/\" tabindex=\"-1\" ><div class=\"elementor-post__thumbnail\"><img loading=\"lazy\" decoding=\"async\" width=\"800\" height=\"500\" src=\"https:\/\/gradido.net\/wp-content\/uploads\/2023\/09\/Dachgarten_1920_2-1024x640.jpg\" class=\"attachment-large size-large wp-image-7568\" alt=\"\" srcset=\"https:\/\/gradido.net\/wp-content\/uploads\/2023\/09\/Dachgarten_1920_2-1024x640.jpg 1024w, https:\/\/gradido.net\/wp-content\/uploads\/2023\/09\/Dachgarten_1920_2-300x188.jpg 300w, https:\/\/gradido.net\/wp-content\/uploads\/2023\/09\/Dachgarten_1920_2-768x480.jpg 768w, https:\/\/gradido.net\/wp-content\/uploads\/2023\/09\/Dachgarten_1920_2-1536x960.jpg 1536w, https:\/\/gradido.net\/wp-content\/uploads\/2023\/09\/Dachgarten_1920_2-18x12.jpg 18w, https:\/\/gradido.net\/wp-content\/uploads\/2023\/09\/Dachgarten_1920_2.jpg 1920w\" sizes=\"(max-width: 800px) 100vw, 800px\" \/><\/div><\/a>\n\t\t\t\t<div class=\"elementor-post__text\">\n\t\t\t\t<h3 class=\"elementor-post__title\">\n\t\t\t<a href=\"https:\/\/gradido.net\/nl\/lieblingsstadt-11-grosse-kooperation-fuer-autarkie\/\" >\n\t\t\t\tFavoriete stad 11 - Geweldige samenwerking voor zelfvoorziening\t\t\t<\/a>\n\t\t<\/h3>\n\t\t\t\t<div class=\"elementor-post__excerpt\">\n\t\t\t<p>Ge\u00efnspireerd door Andernach, de 'Eetbare Stad' en andere succesvolle voorbeelden van stadslandbouw wil Lieblingsstadt zelfvoorzienend worden op het gebied van voedsel.<\/p>\n\t\t<\/div>\n\t\t\n\t\t<a class=\"elementor-post__read-more\" href=\"https:\/\/gradido.net\/nl\/lieblingsstadt-11-grosse-kooperation-fuer-autarkie\/\" aria-label=\"Lees meer over Lieblingsstadt 11 - Grote samenwerking voor zelfvoorziening\" tabindex=\"-1\" >\n\t\t\tLees meer\t\t<\/a>\n\n\t\t\t\t<\/div>\n\t\t\t\t<div class=\"elementor-post__meta-data\">\n\t\t\t\t\t<span class=\"elementor-post-date\">\n\t\t\t9 september 2023\t\t<\/span>\n\t\t\t\t<\/div>\n\t\t\t\t\t<\/div>\n\t\t<\/article>\n\t\t\t\t<article class=\"elementor-post elementor-grid-item post-7478 post type-post status-publish format-standard has-post-thumbnail hentry category-blog category-lieblingsstadt tag-bild-oben\" role=\"listitem\">\n\t\t\t<div class=\"elementor-post__card\">\n\t\t\t\t<a class=\"elementor-post__thumbnail__link\" href=\"https:\/\/gradido.net\/nl\/lieblingsstadt-10-die-stadt-wird-wieder-sicher\/\" tabindex=\"-1\" ><div class=\"elementor-post__thumbnail\"><img loading=\"lazy\" decoding=\"async\" width=\"800\" height=\"500\" src=\"https:\/\/gradido.net\/wp-content\/uploads\/2023\/09\/Jungens_1920-1024x640.jpg\" class=\"attachment-large size-large wp-image-7517\" alt=\"\" srcset=\"https:\/\/gradido.net\/wp-content\/uploads\/2023\/09\/Jungens_1920-1024x640.jpg 1024w, https:\/\/gradido.net\/wp-content\/uploads\/2023\/09\/Jungens_1920-300x188.jpg 300w, https:\/\/gradido.net\/wp-content\/uploads\/2023\/09\/Jungens_1920-768x480.jpg 768w, https:\/\/gradido.net\/wp-content\/uploads\/2023\/09\/Jungens_1920-1536x960.jpg 1536w, https:\/\/gradido.net\/wp-content\/uploads\/2023\/09\/Jungens_1920-18x12.jpg 18w, https:\/\/gradido.net\/wp-content\/uploads\/2023\/09\/Jungens_1920.jpg 1920w\" sizes=\"(max-width: 800px) 100vw, 800px\" \/><\/div><\/a>\n\t\t\t\t<div class=\"elementor-post__text\">\n\t\t\t\t<h3 class=\"elementor-post__title\">\n\t\t\t<a href=\"https:\/\/gradido.net\/nl\/lieblingsstadt-10-die-stadt-wird-wieder-sicher\/\" >\n\t\t\t\tFavoriete stad 10 - De stad wordt weer veilig\t\t\t<\/a>\n\t\t<\/h3>\n\t\t\t\t<div class=\"elementor-post__excerpt\">\n\t\t\t<p>Aangemoedigd door het succes van de 'Great Cooperation of Clubs' stelt burgemeester Michael Miteinand een 'Great Cooperation for Security' voor. Politie, beveiligingsbedrijven, sportclubs, fitnessstudio's, motorclubs en ge\u00efnteresseerde burgers komen samen.<\/p>\n\t\t<\/div>\n\t\t\n\t\t<a class=\"elementor-post__read-more\" href=\"https:\/\/gradido.net\/nl\/lieblingsstadt-10-die-stadt-wird-wieder-sicher\/\" aria-label=\"Lees meer over favoriete stad 10 - De stad wordt weer veilig\" tabindex=\"-1\" >\n\t\t\tLees meer\t\t<\/a>\n\n\t\t\t\t<\/div>\n\t\t\t\t<div class=\"elementor-post__meta-data\">\n\t\t\t\t\t<span class=\"elementor-post-date\">\n\t\t\t3 september 2023\t\t<\/span>\n\t\t\t\t<\/div>\n\t\t\t\t\t<\/div>\n\t\t<\/article>\n\t\t\t\t<article class=\"elementor-post elementor-grid-item post-7440 post type-post status-publish format-standard has-post-thumbnail hentry category-blog category-lieblingsstadt tag-bild-oben\" role=\"listitem\">\n\t\t\t<div class=\"elementor-post__card\">\n\t\t\t\t<a class=\"elementor-post__thumbnail__link\" href=\"https:\/\/gradido.net\/nl\/lieblingsstadt-9-vereine-kooperieren-engel-athleten-und-musikanten\/\" tabindex=\"-1\" ><div class=\"elementor-post__thumbnail\"><img loading=\"lazy\" decoding=\"async\" width=\"800\" height=\"500\" src=\"https:\/\/gradido.net\/wp-content\/uploads\/2023\/09\/Rettungsdienst_Frau_1920-1024x640.jpg\" class=\"attachment-large size-large wp-image-7443\" alt=\"\" srcset=\"https:\/\/gradido.net\/wp-content\/uploads\/2023\/09\/Rettungsdienst_Frau_1920-1024x640.jpg 1024w, https:\/\/gradido.net\/wp-content\/uploads\/2023\/09\/Rettungsdienst_Frau_1920-300x188.jpg 300w, https:\/\/gradido.net\/wp-content\/uploads\/2023\/09\/Rettungsdienst_Frau_1920-768x480.jpg 768w, https:\/\/gradido.net\/wp-content\/uploads\/2023\/09\/Rettungsdienst_Frau_1920-1536x960.jpg 1536w, https:\/\/gradido.net\/wp-content\/uploads\/2023\/09\/Rettungsdienst_Frau_1920-18x12.jpg 18w, https:\/\/gradido.net\/wp-content\/uploads\/2023\/09\/Rettungsdienst_Frau_1920.jpg 1920w\" sizes=\"(max-width: 800px) 100vw, 800px\" \/><\/div><\/a>\n\t\t\t\t<div class=\"elementor-post__text\">\n\t\t\t\t<h3 class=\"elementor-post__title\">\n\t\t\t<a href=\"https:\/\/gradido.net\/nl\/lieblingsstadt-9-vereine-kooperieren-engel-athleten-und-musikanten\/\" >\n\t\t\t\tFavoriete Stad 9 - Clubs werken samen: Engelen, atleten en muzikanten\t\t\t<\/a>\n\t\t<\/h3>\n\t\t\t\t<div class=\"elementor-post__excerpt\">\n\t\t\t<p>Het project 'Grote samenwerking' wordt gelanceerd. Het omvat het gezamenlijk gebruik van gebouwen en apparatuur, maar ook interdisciplinaire training en levendige uitwisseling tussen vrijwilligers.<\/p>\n\t\t<\/div>\n\t\t\n\t\t<a class=\"elementor-post__read-more\" href=\"https:\/\/gradido.net\/nl\/lieblingsstadt-9-vereine-kooperieren-engel-athleten-und-musikanten\/\" aria-label=\"Lees meer over Lieblingsstadt 9 - Clubs werken samen: Engelen, atleten en muzikanten\" tabindex=\"-1\" >\n\t\t\tLees meer\t\t<\/a>\n\n\t\t\t\t<\/div>\n\t\t\t\t<div class=\"elementor-post__meta-data\">\n\t\t\t\t\t<span class=\"elementor-post-date\">\n\t\t\t31 augustus 2023\t\t<\/span>\n\t\t\t\t<\/div>\n\t\t\t\t\t<\/div>\n\t\t<\/article>\n\t\t\t\t<article class=\"elementor-post elementor-grid-item post-7396 post type-post status-publish format-standard has-post-thumbnail hentry category-blog category-lieblingsstadt\" role=\"listitem\">\n\t\t\t<div class=\"elementor-post__card\">\n\t\t\t\t<a class=\"elementor-post__thumbnail__link\" href=\"https:\/\/gradido.net\/nl\/lieblingsstadt-8-rettung-des-staedtischen-krankenhauses\/\" tabindex=\"-1\" ><div class=\"elementor-post__thumbnail\"><img loading=\"lazy\" decoding=\"async\" width=\"800\" height=\"541\" src=\"https:\/\/gradido.net\/wp-content\/uploads\/2023\/08\/Klinik_1920-1024x693.jpg\" class=\"attachment-large size-large wp-image-7398\" alt=\"\" srcset=\"https:\/\/gradido.net\/wp-content\/uploads\/2023\/08\/Klinik_1920-1024x693.jpg 1024w, https:\/\/gradido.net\/wp-content\/uploads\/2023\/08\/Klinik_1920-300x203.jpg 300w, https:\/\/gradido.net\/wp-content\/uploads\/2023\/08\/Klinik_1920-768x520.jpg 768w, https:\/\/gradido.net\/wp-content\/uploads\/2023\/08\/Klinik_1920-1536x1040.jpg 1536w, https:\/\/gradido.net\/wp-content\/uploads\/2023\/08\/Klinik_1920-18x12.jpg 18w, https:\/\/gradido.net\/wp-content\/uploads\/2023\/08\/Klinik_1920.jpg 1920w\" sizes=\"(max-width: 800px) 100vw, 800px\" \/><\/div><\/a>\n\t\t\t\t<div class=\"elementor-post__text\">\n\t\t\t\t<h3 class=\"elementor-post__title\">\n\t\t\t<a href=\"https:\/\/gradido.net\/nl\/lieblingsstadt-8-rettung-des-staedtischen-krankenhauses\/\" >\n\t\t\t\tFavoriete Stad 8 - Het redden van het stadsziekenhuis\t\t\t<\/a>\n\t\t<\/h3>\n\t\t\t\t<div class=\"elementor-post__excerpt\">\n\t\t\t<p>De kliniek in Lieblingstadt bood niet alleen medische zorg aan de inwoners, maar was ook een belangrijke werkgever. Hoge personeelskosten en dure medische apparatuur leidden ertoe dat de exploitant van de kliniek faillissement moest aanvragen. Maar de inwoners van Lieblingstadt vinden een oplossing.<\/p>\n\t\t<\/div>\n\t\t\n\t\t<a class=\"elementor-post__read-more\" href=\"https:\/\/gradido.net\/nl\/lieblingsstadt-8-rettung-des-staedtischen-krankenhauses\/\" aria-label=\"Lees meer over Lieblingsstadt 8 - Het redden van het stadsziekenhuis\" tabindex=\"-1\" >\n\t\t\tLees meer\t\t<\/a>\n\n\t\t\t\t<\/div>\n\t\t\t\t<div class=\"elementor-post__meta-data\">\n\t\t\t\t\t<span class=\"elementor-post-date\">\n\t\t\t28 augustus 2023\t\t<\/span>\n\t\t\t\t<\/div>\n\t\t\t\t\t<\/div>\n\t\t<\/article>\n\t\t\t\t<article class=\"elementor-post elementor-grid-item post-7351 post type-post status-publish format-standard has-post-thumbnail hentry category-blog category-lieblingsstadt\" role=\"listitem\">\n\t\t\t<div class=\"elementor-post__card\">\n\t\t\t\t<a class=\"elementor-post__thumbnail__link\" href=\"https:\/\/gradido.net\/nl\/lieblingsstadt-7-gradido-modell-bewahrt-traditionsreiche-brauerei-vor-uebernahme\/\" tabindex=\"-1\" ><div class=\"elementor-post__thumbnail\"><img loading=\"lazy\" decoding=\"async\" width=\"800\" height=\"500\" src=\"https:\/\/gradido.net\/wp-content\/uploads\/2023\/08\/Brauerei_1920-1024x640.jpg\" class=\"attachment-large size-large wp-image-7353\" alt=\"\" srcset=\"https:\/\/gradido.net\/wp-content\/uploads\/2023\/08\/Brauerei_1920-1024x640.jpg 1024w, https:\/\/gradido.net\/wp-content\/uploads\/2023\/08\/Brauerei_1920-300x188.jpg 300w, https:\/\/gradido.net\/wp-content\/uploads\/2023\/08\/Brauerei_1920-768x480.jpg 768w, https:\/\/gradido.net\/wp-content\/uploads\/2023\/08\/Brauerei_1920-1536x960.jpg 1536w, https:\/\/gradido.net\/wp-content\/uploads\/2023\/08\/Brauerei_1920-18x12.jpg 18w, https:\/\/gradido.net\/wp-content\/uploads\/2023\/08\/Brauerei_1920.jpg 1920w\" sizes=\"(max-width: 800px) 100vw, 800px\" \/><\/div><\/a>\n\t\t\t\t<div class=\"elementor-post__text\">\n\t\t\t\t<h3 class=\"elementor-post__title\">\n\t\t\t<a href=\"https:\/\/gradido.net\/nl\/lieblingsstadt-7-gradido-modell-bewahrt-traditionsreiche-brauerei-vor-uebernahme\/\" >\n\t\t\t\tFavoriete Stad 7 - Gradidomodel redt traditionele brouwerij van overname\t\t\t<\/a>\n\t\t<\/h3>\n\t\t\t\t<div class=\"elementor-post__excerpt\">\n\t\t\t<p>De moed en ondernemersgeest van de favoriete stadsbewoners tonen eens te meer aan dat gemeenschapszin en lokale identiteit in combinatie met het Gradido-model het schijnbaar onmogelijke kunnen bereiken, vooral in moeilijke tijden.<\/p>\n\t\t<\/div>\n\t\t\n\t\t<a class=\"elementor-post__read-more\" href=\"https:\/\/gradido.net\/nl\/lieblingsstadt-7-gradido-modell-bewahrt-traditionsreiche-brauerei-vor-uebernahme\/\" aria-label=\"Lees meer over Lieblingsstadt 7 - Gradidomodel redt traditionele brouwerij van overname\" tabindex=\"-1\" >\n\t\t\tLees meer\t\t<\/a>\n\n\t\t\t\t<\/div>\n\t\t\t\t<div class=\"elementor-post__meta-data\">\n\t\t\t\t\t<span class=\"elementor-post-date\">\n\t\t\t26 augustus 2023\t\t<\/span>\n\t\t\t\t<\/div>\n\t\t\t\t\t<\/div>\n\t\t<\/article>\n\t\t\t\t<article class=\"elementor-post elementor-grid-item post-7329 post type-post status-publish format-standard has-post-thumbnail hentry category-blog category-lieblingsstadt tag-bild-oben\" role=\"listitem\">\n\t\t\t<div class=\"elementor-post__card\">\n\t\t\t\t<a class=\"elementor-post__thumbnail__link\" href=\"https:\/\/gradido.net\/nl\/lieblingsstadt-6-wie-lieblingsstadts-buerger-ihre-geliebte-schuhmanufaktur-retten\/\" tabindex=\"-1\" ><div class=\"elementor-post__thumbnail\"><img loading=\"lazy\" decoding=\"async\" width=\"800\" height=\"500\" src=\"https:\/\/gradido.net\/wp-content\/uploads\/2023\/08\/Schuharbeiter_1920_2-1024x640.jpg\" class=\"attachment-large size-large wp-image-7332\" alt=\"\" srcset=\"https:\/\/gradido.net\/wp-content\/uploads\/2023\/08\/Schuharbeiter_1920_2-1024x640.jpg 1024w, https:\/\/gradido.net\/wp-content\/uploads\/2023\/08\/Schuharbeiter_1920_2-300x188.jpg 300w, https:\/\/gradido.net\/wp-content\/uploads\/2023\/08\/Schuharbeiter_1920_2-768x480.jpg 768w, https:\/\/gradido.net\/wp-content\/uploads\/2023\/08\/Schuharbeiter_1920_2-1536x960.jpg 1536w, https:\/\/gradido.net\/wp-content\/uploads\/2023\/08\/Schuharbeiter_1920_2-18x12.jpg 18w, https:\/\/gradido.net\/wp-content\/uploads\/2023\/08\/Schuharbeiter_1920_2.jpg 1920w\" sizes=\"(max-width: 800px) 100vw, 800px\" \/><\/div><\/a>\n\t\t\t\t<div class=\"elementor-post__text\">\n\t\t\t\t<h3 class=\"elementor-post__title\">\n\t\t\t<a href=\"https:\/\/gradido.net\/nl\/lieblingsstadt-6-wie-lieblingsstadts-buerger-ihre-geliebte-schuhmanufaktur-retten\/\" >\n\t\t\t\tFavourite City 6 - Hoe de inwoners van Favourite City hun geliefde schoenenfabriek redden\t\t\t<\/a>\n\t\t<\/h3>\n\t\t\t\t<div class=\"elementor-post__excerpt\">\n\t\t\t<p>Voormalige werknemers van de Lieblingsst\u00e4dter Schuhmanufaktur komen bij elkaar - vastbesloten om het lot te tarten. Ze besluiten op vrijwillige basis te blijven doen waar ze goed in zijn: schoenen van hoge kwaliteit maken.<\/p>\n\t\t<\/div>\n\t\t\n\t\t<a class=\"elementor-post__read-more\" href=\"https:\/\/gradido.net\/nl\/lieblingsstadt-6-wie-lieblingsstadts-buerger-ihre-geliebte-schuhmanufaktur-retten\/\" aria-label=\"Lees meer over Lieblingsstadt 6 - Hoe de inwoners van Lieblingsstadt hun geliefde schoenenfabriek redden\" tabindex=\"-1\" >\n\t\t\tLees meer\t\t<\/a>\n\n\t\t\t\t<\/div>\n\t\t\t\t<div class=\"elementor-post__meta-data\">\n\t\t\t\t\t<span class=\"elementor-post-date\">\n\t\t\t24 augustus 2023\t\t<\/span>\n\t\t\t\t<\/div>\n\t\t\t\t\t<\/div>\n\t\t<\/article>\n\t\t\t\t<article class=\"elementor-post elementor-grid-item post-7278 post type-post status-publish format-standard has-post-thumbnail hentry category-blog category-lieblingsstadt tag-bild-oben\" role=\"listitem\">\n\t\t\t<div class=\"elementor-post__card\">\n\t\t\t\t<a class=\"elementor-post__thumbnail__link\" href=\"https:\/\/gradido.net\/nl\/lieblingsstadt-5-wolfgang-wird-arbeitslos-gemeinsam-finden-sie-eine-geniale-loesung\/\" tabindex=\"-1\" ><div class=\"elementor-post__thumbnail\"><img loading=\"lazy\" decoding=\"async\" width=\"800\" height=\"500\" src=\"https:\/\/gradido.net\/wp-content\/uploads\/2023\/08\/Wolfgang_1920_3-1024x640.jpg\" class=\"attachment-large size-large wp-image-7282\" alt=\"\" srcset=\"https:\/\/gradido.net\/wp-content\/uploads\/2023\/08\/Wolfgang_1920_3-1024x640.jpg 1024w, https:\/\/gradido.net\/wp-content\/uploads\/2023\/08\/Wolfgang_1920_3-300x188.jpg 300w, https:\/\/gradido.net\/wp-content\/uploads\/2023\/08\/Wolfgang_1920_3-768x480.jpg 768w, https:\/\/gradido.net\/wp-content\/uploads\/2023\/08\/Wolfgang_1920_3-1536x960.jpg 1536w, https:\/\/gradido.net\/wp-content\/uploads\/2023\/08\/Wolfgang_1920_3-18x12.jpg 18w, https:\/\/gradido.net\/wp-content\/uploads\/2023\/08\/Wolfgang_1920_3.jpg 1920w\" sizes=\"(max-width: 800px) 100vw, 800px\" \/><\/div><\/a>\n\t\t\t\t<div class=\"elementor-post__text\">\n\t\t\t\t<h3 class=\"elementor-post__title\">\n\t\t\t<a href=\"https:\/\/gradido.net\/nl\/lieblingsstadt-5-wolfgang-wird-arbeitslos-gemeinsam-finden-sie-eine-geniale-loesung\/\" >\n\t\t\t\tFavoriete stad 5 - Wolfgang wordt werkloos - samen vinden ze een ingenieuze oplossing\t\t\t<\/a>\n\t\t<\/h3>\n\t\t\t\t<div class=\"elementor-post__excerpt\">\n\t\t\t<p>De 'Lieblingsst\u00e4dter Schuhmanufaktur' kan de internationale concurrentie niet aan en moet failliet gaan. Veel burgers verliezen hun baan. Wolfgang is \u00e9\u00e9n van hen. Samen met zijn vrienden heeft hij het briljante idee...<\/p>\n\t\t<\/div>\n\t\t\n\t\t<a class=\"elementor-post__read-more\" href=\"https:\/\/gradido.net\/nl\/lieblingsstadt-5-wolfgang-wird-arbeitslos-gemeinsam-finden-sie-eine-geniale-loesung\/\" aria-label=\"Lees meer over Lieblingsstadt 5 - Wolfgang wordt werkloos - samen vinden ze een ingenieuze oplossing\" tabindex=\"-1\" >\n\t\t\tLees meer\t\t<\/a>\n\n\t\t\t\t<\/div>\n\t\t\t\t<div class=\"elementor-post__meta-data\">\n\t\t\t\t\t<span class=\"elementor-post-date\">\n\t\t\t22 augustus 2023\t\t<\/span>\n\t\t\t\t<\/div>\n\t\t\t\t\t<\/div>\n\t\t<\/article>\n\t\t\t\t<article class=\"elementor-post elementor-grid-item post-7227 post type-post status-publish format-standard has-post-thumbnail hentry category-blog category-lieblingsstadt\" role=\"listitem\">\n\t\t\t<div class=\"elementor-post__card\">\n\t\t\t\t<a class=\"elementor-post__thumbnail__link\" href=\"https:\/\/gradido.net\/nl\/lieblingsstadt-4-gradido-tage-in-der-pizzeria-ehrenamt-trifft-auf-gastronomie\/\" tabindex=\"-1\" ><div class=\"elementor-post__thumbnail\"><img loading=\"lazy\" decoding=\"async\" width=\"800\" height=\"450\" src=\"https:\/\/gradido.net\/wp-content\/uploads\/2023\/08\/Pizzeria_1920-1024x576.jpg\" class=\"attachment-large size-large wp-image-7228\" alt=\"\" srcset=\"https:\/\/gradido.net\/wp-content\/uploads\/2023\/08\/Pizzeria_1920-1024x576.jpg 1024w, https:\/\/gradido.net\/wp-content\/uploads\/2023\/08\/Pizzeria_1920-300x169.jpg 300w, https:\/\/gradido.net\/wp-content\/uploads\/2023\/08\/Pizzeria_1920-768x432.jpg 768w, https:\/\/gradido.net\/wp-content\/uploads\/2023\/08\/Pizzeria_1920-1536x864.jpg 1536w, https:\/\/gradido.net\/wp-content\/uploads\/2023\/08\/Pizzeria_1920-18x10.jpg 18w, https:\/\/gradido.net\/wp-content\/uploads\/2023\/08\/Pizzeria_1920.jpg 1920w\" sizes=\"(max-width: 800px) 100vw, 800px\" \/><\/div><\/a>\n\t\t\t\t<div class=\"elementor-post__text\">\n\t\t\t\t<h3 class=\"elementor-post__title\">\n\t\t\t<a href=\"https:\/\/gradido.net\/nl\/lieblingsstadt-4-gradido-tage-in-der-pizzeria-ehrenamt-trifft-auf-gastronomie\/\" >\n\t\t\t\tFavoriete Stad 4 - Gradido Days at the Pizzeria: Vrijwilligerswerk ontmoet gastronomie\t\t\t<\/a>\n\t\t<\/h3>\n\t\t\t\t<div class=\"elementor-post__excerpt\">\n\t\t\t<p>Sinds de introductie van de Gradido Days is Pizzeria Napoli booming als nooit tevoren. Het zit elke dag vol en trekt steeds meer gasten van verder weg om het \"Wonder van de Favoriete Stad\" te ervaren. <\/p>\n\t\t<\/div>\n\t\t\n\t\t<a class=\"elementor-post__read-more\" href=\"https:\/\/gradido.net\/nl\/lieblingsstadt-4-gradido-tage-in-der-pizzeria-ehrenamt-trifft-auf-gastronomie\/\" aria-label=\"Lees meer over Lieblingsstadt 4 - Gradido dagen in de pizzeria: Vrijwilligerswerk ontmoet gastronomie\" tabindex=\"-1\" >\n\t\t\tLees meer\t\t<\/a>\n\n\t\t\t\t<\/div>\n\t\t\t\t<div class=\"elementor-post__meta-data\">\n\t\t\t\t\t<span class=\"elementor-post-date\">\n\t\t\t20 augustus 2023\t\t<\/span>\n\t\t\t\t<\/div>\n\t\t\t\t\t<\/div>\n\t\t<\/article>\n\t\t\t\t<article class=\"elementor-post elementor-grid-item post-7157 post type-post status-publish format-standard has-post-thumbnail hentry category-blog category-lieblingsstadt\" role=\"listitem\">\n\t\t\t<div class=\"elementor-post__card\">\n\t\t\t\t<a class=\"elementor-post__thumbnail__link\" href=\"https:\/\/gradido.net\/nl\/lieblingsstadt-3-eine-familie-ein-projekt-und-eine-stadt-voller-moeglichkeiten\/\" tabindex=\"-1\" ><div class=\"elementor-post__thumbnail\"><img loading=\"lazy\" decoding=\"async\" width=\"800\" height=\"500\" src=\"https:\/\/gradido.net\/wp-content\/uploads\/2023\/08\/Familie_Frank_1920-1024x640.jpg\" class=\"attachment-large size-large wp-image-7158\" alt=\"\" srcset=\"https:\/\/gradido.net\/wp-content\/uploads\/2023\/08\/Familie_Frank_1920-1024x640.jpg 1024w, https:\/\/gradido.net\/wp-content\/uploads\/2023\/08\/Familie_Frank_1920-300x188.jpg 300w, https:\/\/gradido.net\/wp-content\/uploads\/2023\/08\/Familie_Frank_1920-768x480.jpg 768w, https:\/\/gradido.net\/wp-content\/uploads\/2023\/08\/Familie_Frank_1920-1536x960.jpg 1536w, https:\/\/gradido.net\/wp-content\/uploads\/2023\/08\/Familie_Frank_1920-18x12.jpg 18w, https:\/\/gradido.net\/wp-content\/uploads\/2023\/08\/Familie_Frank_1920.jpg 1920w\" sizes=\"(max-width: 800px) 100vw, 800px\" \/><\/div><\/a>\n\t\t\t\t<div class=\"elementor-post__text\">\n\t\t\t\t<h3 class=\"elementor-post__title\">\n\t\t\t<a href=\"https:\/\/gradido.net\/nl\/lieblingsstadt-3-eine-familie-ein-projekt-und-eine-stadt-voller-moeglichkeiten\/\" >\n\t\t\t\tFavoriete stad 3 - Een gezin, een project en een stad vol mogelijkheden\t\t\t<\/a>\n\t\t<\/h3>\n\t\t\t\t<div class=\"elementor-post__excerpt\">\n\t\t\t<p>Met de Gradido dankpunten kunnen Kerstin en Jannik hun passies nastreven en hun kinderen aanmoedigen in hun interesses. Ze zijn dankbaar voor dit nieuwe perspectief dat hen in staat stelt om hun leven met vreugde en voldoening te leven. <\/p>\n\t\t<\/div>\n\t\t\n\t\t<a class=\"elementor-post__read-more\" href=\"https:\/\/gradido.net\/nl\/lieblingsstadt-3-eine-familie-ein-projekt-und-eine-stadt-voller-moeglichkeiten\/\" aria-label=\"Lees meer over Lieblingsstadt 3 - Een familie, een project en een stad vol mogelijkheden\" tabindex=\"-1\" >\n\t\t\tLees meer\t\t<\/a>\n\n\t\t\t\t<\/div>\n\t\t\t\t<div class=\"elementor-post__meta-data\">\n\t\t\t\t\t<span class=\"elementor-post-date\">\n\t\t\t18 augustus 2023\t\t<\/span>\n\t\t\t\t<\/div>\n\t\t\t\t\t<\/div>\n\t\t<\/article>\n\t\t\t\t<article class=\"elementor-post elementor-grid-item post-7136 post type-post status-publish format-standard has-post-thumbnail hentry category-blog category-lieblingsstadt tag-bild-oben\" role=\"listitem\">\n\t\t\t<div class=\"elementor-post__card\">\n\t\t\t\t<a class=\"elementor-post__thumbnail__link\" href=\"https:\/\/gradido.net\/nl\/lieblingsstadt-2-monikas-wandel-von-einsamkeit-zu-gemeinschaft\/\" tabindex=\"-1\" ><div class=\"elementor-post__thumbnail\"><img loading=\"lazy\" decoding=\"async\" width=\"800\" height=\"500\" src=\"https:\/\/gradido.net\/wp-content\/uploads\/2023\/08\/Monika2_1920-1024x640.jpg\" class=\"attachment-large size-large wp-image-7139\" alt=\"\" srcset=\"https:\/\/gradido.net\/wp-content\/uploads\/2023\/08\/Monika2_1920-1024x640.jpg 1024w, https:\/\/gradido.net\/wp-content\/uploads\/2023\/08\/Monika2_1920-300x188.jpg 300w, https:\/\/gradido.net\/wp-content\/uploads\/2023\/08\/Monika2_1920-768x480.jpg 768w, https:\/\/gradido.net\/wp-content\/uploads\/2023\/08\/Monika2_1920-1536x960.jpg 1536w, https:\/\/gradido.net\/wp-content\/uploads\/2023\/08\/Monika2_1920-18x12.jpg 18w, https:\/\/gradido.net\/wp-content\/uploads\/2023\/08\/Monika2_1920.jpg 1920w\" sizes=\"(max-width: 800px) 100vw, 800px\" \/><\/div><\/a>\n\t\t\t\t<div class=\"elementor-post__text\">\n\t\t\t\t<h3 class=\"elementor-post__title\">\n\t\t\t<a href=\"https:\/\/gradido.net\/nl\/lieblingsstadt-2-monikas-wandel-von-einsamkeit-zu-gemeinschaft\/\" >\n\t\t\t\tFavourite City 2 - Monika's transformatie van eenzaamheid naar gemeenschap\t\t\t<\/a>\n\t\t<\/h3>\n\t\t\t\t<div class=\"elementor-post__excerpt\">\n\t\t\t<p>Monika's verhaal is een voorbeeld van hoe het innovatieve beloningssysteem 'Gradido' en de uitwisseling van talenten en behoeften kan helpen om sociaal isolement te doorbreken, een sterke gemeenschap op te bouwen en zelfs de eigen financi\u00eble situatie te verbeteren.<\/p>\n\t\t<\/div>\n\t\t\n\t\t<a class=\"elementor-post__read-more\" href=\"https:\/\/gradido.net\/nl\/lieblingsstadt-2-monikas-wandel-von-einsamkeit-zu-gemeinschaft\/\" aria-label=\"Lees meer over Lieblingsstadt 2 - Monika&#039;s verandering van eenzaamheid naar gemeenschap\" tabindex=\"-1\" >\n\t\t\tLees meer\t\t<\/a>\n\n\t\t\t\t<\/div>\n\t\t\t\t<div class=\"elementor-post__meta-data\">\n\t\t\t\t\t<span class=\"elementor-post-date\">\n\t\t\t16 augustus 2023\t\t<\/span>\n\t\t\t\t<\/div>\n\t\t\t\t\t<\/div>\n\t\t<\/article>\n\t\t\t\t<article class=\"elementor-post elementor-grid-item post-7125 post type-post status-publish format-standard has-post-thumbnail hentry category-blog category-lieblingsstadt\" role=\"listitem\">\n\t\t\t<div class=\"elementor-post__card\">\n\t\t\t\t<a class=\"elementor-post__thumbnail__link\" href=\"https:\/\/gradido.net\/nl\/lieblingsstadt-1-des-buergermeisters-mutiger-plan\/\" tabindex=\"-1\" ><div class=\"elementor-post__thumbnail\"><img loading=\"lazy\" decoding=\"async\" width=\"800\" height=\"500\" src=\"https:\/\/gradido.net\/wp-content\/uploads\/2023\/08\/Michael_1_1920-1024x640.jpg\" class=\"attachment-large size-large wp-image-7127\" alt=\"\" srcset=\"https:\/\/gradido.net\/wp-content\/uploads\/2023\/08\/Michael_1_1920-1024x640.jpg 1024w, https:\/\/gradido.net\/wp-content\/uploads\/2023\/08\/Michael_1_1920-300x188.jpg 300w, https:\/\/gradido.net\/wp-content\/uploads\/2023\/08\/Michael_1_1920-768x480.jpg 768w, https:\/\/gradido.net\/wp-content\/uploads\/2023\/08\/Michael_1_1920-1536x960.jpg 1536w, https:\/\/gradido.net\/wp-content\/uploads\/2023\/08\/Michael_1_1920-18x12.jpg 18w, https:\/\/gradido.net\/wp-content\/uploads\/2023\/08\/Michael_1_1920.jpg 1920w\" sizes=\"(max-width: 800px) 100vw, 800px\" \/><\/div><\/a>\n\t\t\t\t<div class=\"elementor-post__text\">\n\t\t\t\t<h3 class=\"elementor-post__title\">\n\t\t\t<a href=\"https:\/\/gradido.net\/nl\/lieblingsstadt-1-des-buergermeisters-mutiger-plan\/\" >\n\t\t\t\tFavoriete Stad 1 - Het gedurfde plan van de burgemeester\t\t\t<\/a>\n\t\t<\/h3>\n\t\t\t\t<div class=\"elementor-post__excerpt\">\n\t\t\t<p>Met het oog op de toekomst heeft Michael een gedurfd plan om het Gradido beloningssysteem voor vrijwilligerswerk te introduceren. Dit innovatieve puntensysteem beloont vrijwilligerswerk met Gradido bedankpunten en cre\u00ebert zo een cultuur van erkenning en waardering.<\/p>\n\t\t<\/div>\n\t\t\n\t\t<a class=\"elementor-post__read-more\" href=\"https:\/\/gradido.net\/nl\/lieblingsstadt-1-des-buergermeisters-mutiger-plan\/\" aria-label=\"Lees meer over Lieblingsstadt 1 - Het gedurfde plan van de burgemeester\" tabindex=\"-1\" >\n\t\t\tLees meer\t\t<\/a>\n\n\t\t\t\t<\/div>\n\t\t\t\t<div class=\"elementor-post__meta-data\">\n\t\t\t\t\t<span class=\"elementor-post-date\">\n\t\t\t14 augustus 2023\t\t<\/span>\n\t\t\t\t<\/div>\n\t\t\t\t\t<\/div>\n\t\t<\/article>\n\t\t\t\t<article class=\"elementor-post elementor-grid-item post-7085 post type-post status-publish format-standard has-post-thumbnail hentry category-blog category-lieblingsstadt\" role=\"listitem\">\n\t\t\t<div class=\"elementor-post__card\">\n\t\t\t\t<a class=\"elementor-post__thumbnail__link\" href=\"https:\/\/gradido.net\/nl\/wegbereiter-einer-neuen-aera-im-ehrenamtlichen-engagement\/\" tabindex=\"-1\" ><div class=\"elementor-post__thumbnail\"><img loading=\"lazy\" decoding=\"async\" width=\"800\" height=\"250\" src=\"https:\/\/gradido.net\/wp-content\/uploads\/2023\/08\/Dinkelsbuehl_pur-1024x320.jpg\" class=\"attachment-large size-large wp-image-7087\" alt=\"\" srcset=\"https:\/\/gradido.net\/wp-content\/uploads\/2023\/08\/Dinkelsbuehl_pur-1024x320.jpg 1024w, https:\/\/gradido.net\/wp-content\/uploads\/2023\/08\/Dinkelsbuehl_pur-300x94.jpg 300w, https:\/\/gradido.net\/wp-content\/uploads\/2023\/08\/Dinkelsbuehl_pur-768x240.jpg 768w, https:\/\/gradido.net\/wp-content\/uploads\/2023\/08\/Dinkelsbuehl_pur-1536x480.jpg 1536w, https:\/\/gradido.net\/wp-content\/uploads\/2023\/08\/Dinkelsbuehl_pur-18x6.jpg 18w, https:\/\/gradido.net\/wp-content\/uploads\/2023\/08\/Dinkelsbuehl_pur.jpg 1920w\" sizes=\"(max-width: 800px) 100vw, 800px\" \/><\/div><\/a>\n\t\t\t\t<div class=\"elementor-post__text\">\n\t\t\t\t<h3 class=\"elementor-post__title\">\n\t\t\t<a href=\"https:\/\/gradido.net\/nl\/wegbereiter-einer-neuen-aera-im-ehrenamtlichen-engagement\/\" >\n\t\t\t\tGradido in Lieblingsstadt - Pioniers van een nieuw tijdperk in vrijwilligerswerk\t\t\t<\/a>\n\t\t<\/h3>\n\t\t\t\t<div class=\"elementor-post__excerpt\">\n\t\t\t<p>Gradido heeft het potentieel om onze gemeenschappen te veranderen in plaatsen waar mensen graag wonen en zich graag inzetten. Ga met ons mee op deze spannende reis en ontdek hoe Gradido een nieuw tijdperk van vrijwilligerswerk kan inluiden.<\/p>\n\t\t<\/div>\n\t\t\n\t\t<a class=\"elementor-post__read-more\" href=\"https:\/\/gradido.net\/nl\/wegbereiter-einer-neuen-aera-im-ehrenamtlichen-engagement\/\" aria-label=\"Lees meer over Gradido in Lieblingsstadt - De weg vrijmaken voor een nieuw tijdperk in vrijwilligerswerk\" tabindex=\"-1\" >\n\t\t\tLees meer\t\t<\/a>\n\n\t\t\t\t<\/div>\n\t\t\t\t<div class=\"elementor-post__meta-data\">\n\t\t\t\t\t<span class=\"elementor-post-date\">\n\t\t\t12 augustus 2023\t\t<\/span>\n\t\t\t\t<\/div>\n\t\t\t\t\t<\/div>\n\t\t<\/article>\n\t\t\t\t<article class=\"elementor-post elementor-grid-item post-6837 post type-post status-publish format-standard has-post-thumbnail hentry category-blog category-community category-gradido-konto tag-bild-oben\" role=\"listitem\">\n\t\t\t<div class=\"elementor-post__card\">\n\t\t\t\t<a class=\"elementor-post__thumbnail__link\" href=\"https:\/\/gradido.net\/nl\/webinar-wohlstand-und-frieden-fuer-die-menschheitsfamilie\/\" tabindex=\"-1\" ><div class=\"elementor-post__thumbnail\"><img loading=\"lazy\" decoding=\"async\" width=\"800\" height=\"377\" src=\"https:\/\/gradido.net\/wp-content\/uploads\/2023\/06\/Webinar-1024x482.png\" class=\"attachment-large size-large wp-image-6838\" alt=\"\" srcset=\"https:\/\/gradido.net\/wp-content\/uploads\/2023\/06\/Webinar-1024x482.png 1024w, https:\/\/gradido.net\/wp-content\/uploads\/2023\/06\/Webinar-300x141.png 300w, https:\/\/gradido.net\/wp-content\/uploads\/2023\/06\/Webinar-768x362.png 768w, https:\/\/gradido.net\/wp-content\/uploads\/2023\/06\/Webinar-1536x723.png 1536w, https:\/\/gradido.net\/wp-content\/uploads\/2023\/06\/Webinar-2048x964.png 2048w, https:\/\/gradido.net\/wp-content\/uploads\/2023\/06\/Webinar-18x8.png 18w\" sizes=\"(max-width: 800px) 100vw, 800px\" \/><\/div><\/a>\n\t\t\t\t<div class=\"elementor-post__text\">\n\t\t\t\t<h3 class=\"elementor-post__title\">\n\t\t\t<a href=\"https:\/\/gradido.net\/nl\/webinar-wohlstand-und-frieden-fuer-die-menschheitsfamilie\/\" >\n\t\t\t\tWebinar: Welvaart en Vrede voor de Menselijke Familie\t\t\t<\/a>\n\t\t<\/h3>\n\t\t\t\t<div class=\"elementor-post__excerpt\">\n\t\t\t<p>Het legendarische webinar met de oprichter van Gradido: je krijgt diepgaande kennis over de fatale fouten van het oude geldsysteem, de enige verstandige oplossing gebaseerd op het model van de natuur en de perfecte gids over hoe je actief en vreugdevol vorm kunt geven aan de toekomst. - ER ZIJN NIEUWE DATA!<\/p>\n\t\t<\/div>\n\t\t\n\t\t<a class=\"elementor-post__read-more\" href=\"https:\/\/gradido.net\/nl\/webinar-wohlstand-und-frieden-fuer-die-menschheitsfamilie\/\" aria-label=\"Lees meer over Webinar: Welvaart en vrede voor de menselijke familie\" tabindex=\"-1\" >\n\t\t\tLees meer\t\t<\/a>\n\n\t\t\t\t<\/div>\n\t\t\t\t<div class=\"elementor-post__meta-data\">\n\t\t\t\t\t<span class=\"elementor-post-date\">\n\t\t\t10 juni 2023\t\t<\/span>\n\t\t\t\t<\/div>\n\t\t\t\t\t<\/div>\n\t\t<\/article>\n\t\t\t\t<article class=\"elementor-post elementor-grid-item post-6490 post type-post status-publish format-standard has-post-thumbnail hentry category-blog category-gradido-konto\" role=\"listitem\">\n\t\t\t<div class=\"elementor-post__card\">\n\t\t\t\t<a class=\"elementor-post__thumbnail__link\" href=\"https:\/\/gradido.net\/nl\/gradido-zu-dankbar-umrechner\/\" tabindex=\"-1\" ><div class=\"elementor-post__thumbnail\"><img loading=\"lazy\" decoding=\"async\" width=\"800\" height=\"502\" src=\"https:\/\/gradido.net\/wp-content\/uploads\/2023\/04\/Umrechner-1024x642.jpg\" class=\"attachment-large size-large wp-image-6499\" alt=\"\" srcset=\"https:\/\/gradido.net\/wp-content\/uploads\/2023\/04\/Umrechner-1024x642.jpg 1024w, https:\/\/gradido.net\/wp-content\/uploads\/2023\/04\/Umrechner-300x188.jpg 300w, https:\/\/gradido.net\/wp-content\/uploads\/2023\/04\/Umrechner-768x481.jpg 768w, https:\/\/gradido.net\/wp-content\/uploads\/2023\/04\/Umrechner-18x12.jpg 18w, https:\/\/gradido.net\/wp-content\/uploads\/2023\/04\/Umrechner.jpg 1500w\" sizes=\"(max-width: 800px) 100vw, 800px\" \/><\/div><\/a>\n\t\t\t\t<div class=\"elementor-post__text\">\n\t\t\t\t<h3 class=\"elementor-post__title\">\n\t\t\t<a href=\"https:\/\/gradido.net\/nl\/gradido-zu-dankbar-umrechner\/\" >\n\t\t\t\tPraktische Gradido Rekenmachine App\t\t\t<\/a>\n\t\t<\/h3>\n\t\t\t\t<div class=\"elementor-post__excerpt\">\n\t\t\t<p>Alle rekenfuncties die nodig zijn voor Gradido in \u00e9\u00e9n app. De calculator berekent automatisch het bruto en netto bedrag in euro's, Gradido korting, Gradido bedrag en DankBar tegen de dagkoers. De knop \"DankBar naar GDD\" zet een DankBar bedrag om in GDD.<\/p>\n\t\t<\/div>\n\t\t\n\t\t<a class=\"elementor-post__read-more\" href=\"https:\/\/gradido.net\/nl\/gradido-zu-dankbar-umrechner\/\" aria-label=\"Lees meer over Praktische Gradido Rekenmachine App\" tabindex=\"-1\" >\n\t\t\tLees meer\t\t<\/a>\n\n\t\t\t\t<\/div>\n\t\t\t\t<div class=\"elementor-post__meta-data\">\n\t\t\t\t\t<span class=\"elementor-post-date\">\n\t\t\t10 mei 2023\t\t<\/span>\n\t\t\t\t<\/div>\n\t\t\t\t\t<\/div>\n\t\t<\/article>\n\t\t\t\t<article class=\"elementor-post elementor-grid-item post-6619 post type-post status-publish format-standard has-post-thumbnail hentry category-blog category-community\" role=\"listitem\">\n\t\t\t<div class=\"elementor-post__card\">\n\t\t\t\t<a class=\"elementor-post__thumbnail__link\" href=\"https:\/\/gradido.net\/nl\/gradidocafe\/\" tabindex=\"-1\" ><div class=\"elementor-post__thumbnail\"><img loading=\"lazy\" decoding=\"async\" width=\"800\" height=\"450\" src=\"https:\/\/gradido.net\/wp-content\/uploads\/2023\/05\/GradidoCaf\u00e9_WP-1024x576.jpg\" class=\"attachment-large size-large wp-image-6621\" alt=\"\" srcset=\"\" sizes=\"(max-width: 800px) 100vw, 800px\" data-srcset=\"\" \/><\/div><\/a>\n\t\t\t\t<div class=\"elementor-post__text\">\n\t\t\t\t<h3 class=\"elementor-post__title\">\n\t\t\t<a href=\"https:\/\/gradido.net\/nl\/gradidocafe\/\" >\n\t\t\t\tGradidoCaf\u00e9\t\t\t<\/a>\n\t\t<\/h3>\n\t\t\t\t<div class=\"elementor-post__excerpt\">\n\t\t\t<p>Ga je ook graag uit met vrienden, bijvoorbeeld naar een restaurant, biertuin of caf\u00e9? Hoe zou het zijn om ze aan het eind te kunnen bedanken met Gradido of DankBar? Dat is het idee van de GradidoCaf\u00e9s.<\/p>\n\t\t<\/div>\n\t\t\n\t\t<a class=\"elementor-post__read-more\" href=\"https:\/\/gradido.net\/nl\/gradidocafe\/\" aria-label=\"Lees meer over GradidoCaf\u00e9\" tabindex=\"-1\" >\n\t\t\tLees meer\t\t<\/a>\n\n\t\t\t\t<\/div>\n\t\t\t\t<div class=\"elementor-post__meta-data\">\n\t\t\t\t\t<span class=\"elementor-post-date\">\n\t\t\t5 mei 2023\t\t<\/span>\n\t\t\t\t<\/div>\n\t\t\t\t\t<\/div>\n\t\t<\/article>\n\t\t\t\t<article class=\"elementor-post elementor-grid-item post-6374 post type-post status-publish format-standard has-post-thumbnail hentry category-blog category-gradido-konto\" role=\"listitem\">\n\t\t\t<div class=\"elementor-post__card\">\n\t\t\t\t<a class=\"elementor-post__thumbnail__link\" href=\"https:\/\/gradido.net\/nl\/dankschecks-selbst-gestalten\/\" tabindex=\"-1\" ><div class=\"elementor-post__thumbnail\"><img loading=\"lazy\" decoding=\"async\" width=\"700\" height=\"400\" src=\"https:\/\/gradido.net\/wp-content\/uploads\/2023\/03\/Dankscheck.jpg\" class=\"attachment-large size-large wp-image-6375\" alt=\"\" srcset=\"https:\/\/gradido.net\/wp-content\/uploads\/2023\/03\/Dankscheck.jpg 700w, https:\/\/gradido.net\/wp-content\/uploads\/2023\/03\/Dankscheck-300x171.jpg 300w, https:\/\/gradido.net\/wp-content\/uploads\/2023\/03\/Dankscheck-18x10.jpg 18w\" sizes=\"(max-width: 700px) 100vw, 700px\" \/><\/div><\/a>\n\t\t\t\t<div class=\"elementor-post__text\">\n\t\t\t\t<h3 class=\"elementor-post__title\">\n\t\t\t<a href=\"https:\/\/gradido.net\/nl\/dankschecks-selbst-gestalten\/\" >\n\t\t\t\tOntwerp uw eigen 'bedankcheques\t\t\t<\/a>\n\t\t<\/h3>\n\t\t\t\t<div class=\"elementor-post__excerpt\">\n\t\t\t<p>Wat als je je medeburgers gewoon een 'bedankcheque' met een QR-code kon geven? Ze kunnen die nu of later inwisselen en de Gradido's worden automatisch op hun Gradido-rekening gestort.<\/p>\n\t\t<\/div>\n\t\t\n\t\t<a class=\"elementor-post__read-more\" href=\"https:\/\/gradido.net\/nl\/dankschecks-selbst-gestalten\/\" aria-label=\"Lees meer over &#039;Ontwerp je eigen bedankcheques&#039;.\" tabindex=\"-1\" >\n\t\t\tLees meer\t\t<\/a>\n\n\t\t\t\t<\/div>\n\t\t\t\t<div class=\"elementor-post__meta-data\">\n\t\t\t\t\t<span class=\"elementor-post-date\">\n\t\t\t6 maart 2023\t\t<\/span>\n\t\t\t\t<\/div>\n\t\t\t\t\t<\/div>\n\t\t<\/article>\n\t\t\t\t<article class=\"elementor-post elementor-grid-item post-6266 post type-post status-publish format-standard has-post-thumbnail hentry category-blog category-gradido-konto\" role=\"listitem\">\n\t\t\t<div class=\"elementor-post__card\">\n\t\t\t\t<a class=\"elementor-post__thumbnail__link\" href=\"https:\/\/gradido.net\/nl\/dankbar-jetzt-vorbestellen\/\" tabindex=\"-1\" ><div class=\"elementor-post__thumbnail\"><img loading=\"lazy\" decoding=\"async\" width=\"800\" height=\"452\" src=\"https:\/\/gradido.net\/wp-content\/uploads\/2023\/02\/20er-Muster_Blog_neu-1024x579.jpg\" class=\"attachment-large size-large wp-image-6340\" alt=\"\" srcset=\"https:\/\/gradido.net\/wp-content\/uploads\/2023\/02\/20er-Muster_Blog_neu-1024x579.jpg 1024w, https:\/\/gradido.net\/wp-content\/uploads\/2023\/02\/20er-Muster_Blog_neu-300x170.jpg 300w, https:\/\/gradido.net\/wp-content\/uploads\/2023\/02\/20er-Muster_Blog_neu-768x434.jpg 768w, https:\/\/gradido.net\/wp-content\/uploads\/2023\/02\/20er-Muster_Blog_neu-18x10.jpg 18w, https:\/\/gradido.net\/wp-content\/uploads\/2023\/02\/20er-Muster_Blog_neu.jpg 1150w\" sizes=\"(max-width: 800px) 100vw, 800px\" \/><\/div><\/a>\n\t\t\t\t<div class=\"elementor-post__text\">\n\t\t\t\t<h3 class=\"elementor-post__title\">\n\t\t\t<a href=\"https:\/\/gradido.net\/nl\/dankbar-jetzt-vorbestellen\/\" >\n\t\t\t\tBestel \"DankBar\" - zo werkt het\t\t\t<\/a>\n\t\t<\/h3>\n\t\t\t\t<div class=\"elementor-post__excerpt\">\n\t\t\t<p>In combinatie met de Gradido-rekening, die binnenkort gedecentraliseerde netwerkgemeenschappen mogelijk maakt, zal de \"DankBar\" de menselijke familie voorzien van alle betalingsmogelijkheden of \"dankopties\".<\/p>\n\t\t<\/div>\n\t\t\n\t\t<a class=\"elementor-post__read-more\" href=\"https:\/\/gradido.net\/nl\/dankbar-jetzt-vorbestellen\/\" aria-label=\"Bestellen Lees meer over &#039;DankBar&#039; - zo werkt het\" tabindex=\"-1\" >\n\t\t\tLees meer\t\t<\/a>\n\n\t\t\t\t<\/div>\n\t\t\t\t<div class=\"elementor-post__meta-data\">\n\t\t\t\t\t<span class=\"elementor-post-date\">\n\t\t\t7 februari 2023\t\t<\/span>\n\t\t\t\t<\/div>\n\t\t\t\t\t<\/div>\n\t\t<\/article>\n\t\t\t\t<article class=\"elementor-post elementor-grid-item post-6206 post type-post status-publish format-standard has-post-thumbnail hentry category-blog category-gradido-konto\" role=\"listitem\">\n\t\t\t<div class=\"elementor-post__card\">\n\t\t\t\t<a class=\"elementor-post__thumbnail__link\" href=\"https:\/\/gradido.net\/nl\/gradido-konto-neues-design-ist-online\/\" tabindex=\"-1\" ><div class=\"elementor-post__thumbnail\"><img loading=\"lazy\" decoding=\"async\" width=\"800\" height=\"533\" src=\"https:\/\/gradido.net\/wp-content\/uploads\/2023\/01\/Neues_Design_online_Blog-1024x682.jpg\" class=\"attachment-large size-large wp-image-6207\" alt=\"\" srcset=\"https:\/\/gradido.net\/wp-content\/uploads\/2023\/01\/Neues_Design_online_Blog-1024x682.jpg 1024w, https:\/\/gradido.net\/wp-content\/uploads\/2023\/01\/Neues_Design_online_Blog-300x200.jpg 300w, https:\/\/gradido.net\/wp-content\/uploads\/2023\/01\/Neues_Design_online_Blog-768x512.jpg 768w, https:\/\/gradido.net\/wp-content\/uploads\/2023\/01\/Neues_Design_online_Blog-1536x1023.jpg 1536w, https:\/\/gradido.net\/wp-content\/uploads\/2023\/01\/Neues_Design_online_Blog-18x12.jpg 18w, https:\/\/gradido.net\/wp-content\/uploads\/2023\/01\/Neues_Design_online_Blog.jpg 1600w\" sizes=\"(max-width: 800px) 100vw, 800px\" \/><\/div><\/a>\n\t\t\t\t<div class=\"elementor-post__text\">\n\t\t\t\t<h3 class=\"elementor-post__title\">\n\t\t\t<a href=\"https:\/\/gradido.net\/nl\/gradido-konto-neues-design-ist-online\/\" >\n\t\t\t\tGradido account: nieuw ontwerp is online\t\t\t<\/a>\n\t\t<\/h3>\n\t\t\t\t<div class=\"elementor-post__excerpt\">\n\t\t\t<p>We hebben zojuist het nieuwe ontwerp voor de Gradido account gelanceerd. Dit is een van de grootste upgrades van de afgelopen maanden, en naast een geweldig modern uiterlijk vormt het de basis voor veel komende functies.<\/p>\n\t\t<\/div>\n\t\t\n\t\t<a class=\"elementor-post__read-more\" href=\"https:\/\/gradido.net\/nl\/gradido-konto-neues-design-ist-online\/\" aria-label=\"Lees meer over Gradido account: nieuw ontwerp staat online\" tabindex=\"-1\" >\n\t\t\tLees meer\t\t<\/a>\n\n\t\t\t\t<\/div>\n\t\t\t\t<div class=\"elementor-post__meta-data\">\n\t\t\t\t\t<span class=\"elementor-post-date\">\n\t\t\t20 januari 2023\t\t<\/span>\n\t\t\t\t<\/div>\n\t\t\t\t\t<\/div>\n\t\t<\/article>\n\t\t\t\t<article class=\"elementor-post elementor-grid-item post-6159 post type-post status-publish format-standard has-post-thumbnail hentry category-blog category-gradido-konto\" role=\"listitem\">\n\t\t\t<div class=\"elementor-post__card\">\n\t\t\t\t<a class=\"elementor-post__thumbnail__link\" href=\"https:\/\/gradido.net\/nl\/der-dankbar-kommt-gradido-in-scheinen\/\" tabindex=\"-1\" ><div class=\"elementor-post__thumbnail\"><img loading=\"lazy\" decoding=\"async\" width=\"800\" height=\"330\" src=\"https:\/\/gradido.net\/wp-content\/uploads\/2023\/01\/Bargeld-1024x423.jpg\" class=\"attachment-large size-large wp-image-6160\" alt=\"\" srcset=\"https:\/\/gradido.net\/wp-content\/uploads\/2023\/01\/Bargeld-1024x423.jpg 1024w, https:\/\/gradido.net\/wp-content\/uploads\/2023\/01\/Bargeld-300x124.jpg 300w, https:\/\/gradido.net\/wp-content\/uploads\/2023\/01\/Bargeld-768x317.jpg 768w, https:\/\/gradido.net\/wp-content\/uploads\/2023\/01\/Bargeld-18x7.jpg 18w, https:\/\/gradido.net\/wp-content\/uploads\/2023\/01\/Bargeld.jpg 1500w\" sizes=\"(max-width: 800px) 100vw, 800px\" \/><\/div><\/a>\n\t\t\t\t<div class=\"elementor-post__text\">\n\t\t\t\t<h3 class=\"elementor-post__title\">\n\t\t\t<a href=\"https:\/\/gradido.net\/nl\/der-dankbar-kommt-gradido-in-scheinen\/\" >\n\t\t\t\tDe 'DankBar' komt eraan - Gradido in noten\t\t\t<\/a>\n\t\t<\/h3>\n\t\t\t\t<div class=\"elementor-post__excerpt\">\n\t\t\t<p>Cash staat voor vrijheid zonder controle door de autoriteiten. Wanneer Gradido wordt ingevoerd, hoeft de staat de financi\u00ebn van zijn burgers niet langer te controleren, omdat de overheidsbegroting dan - geheel zonder belastingen - wordt gefinancierd door de tweede geldschepping.<\/p>\n\t\t<\/div>\n\t\t\n\t\t<a class=\"elementor-post__read-more\" href=\"https:\/\/gradido.net\/nl\/der-dankbar-kommt-gradido-in-scheinen\/\" aria-label=\"Lees meer over De &#039;DankBar&#039; komt eraan - Gradido in Scheinen\" tabindex=\"-1\" >\n\t\t\tLees meer\t\t<\/a>\n\n\t\t\t\t<\/div>\n\t\t\t\t<div class=\"elementor-post__meta-data\">\n\t\t\t\t\t<span class=\"elementor-post-date\">\n\t\t\t6 januari 2023\t\t<\/span>\n\t\t\t\t<\/div>\n\t\t\t\t\t<\/div>\n\t\t<\/article>\n\t\t\t\t<article class=\"elementor-post elementor-grid-item post-6017 post type-post status-publish format-standard has-post-thumbnail hentry category-blog category-gradido-konto\" role=\"listitem\">\n\t\t\t<div class=\"elementor-post__card\">\n\t\t\t\t<a class=\"elementor-post__thumbnail__link\" href=\"https:\/\/gradido.net\/nl\/gradido-konto-2023-neues-design-und-dezentrale-communities\/\" tabindex=\"-1\" ><div class=\"elementor-post__thumbnail\"><img loading=\"lazy\" decoding=\"async\" width=\"800\" height=\"445\" src=\"https:\/\/gradido.net\/wp-content\/uploads\/2022\/12\/Test_fertig_1920-1024x569.jpg\" class=\"attachment-large size-large wp-image-6018\" alt=\"\" srcset=\"https:\/\/gradido.net\/wp-content\/uploads\/2022\/12\/Test_fertig_1920-1024x569.jpg 1024w, https:\/\/gradido.net\/wp-content\/uploads\/2022\/12\/Test_fertig_1920-300x167.jpg 300w, https:\/\/gradido.net\/wp-content\/uploads\/2022\/12\/Test_fertig_1920-768x427.jpg 768w, https:\/\/gradido.net\/wp-content\/uploads\/2022\/12\/Test_fertig_1920-1536x854.jpg 1536w, https:\/\/gradido.net\/wp-content\/uploads\/2022\/12\/Test_fertig_1920-18x10.jpg 18w, https:\/\/gradido.net\/wp-content\/uploads\/2022\/12\/Test_fertig_1920.jpg 1920w\" sizes=\"(max-width: 800px) 100vw, 800px\" \/><\/div><\/a>\n\t\t\t\t<div class=\"elementor-post__text\">\n\t\t\t\t<h3 class=\"elementor-post__title\">\n\t\t\t<a href=\"https:\/\/gradido.net\/nl\/gradido-konto-2023-neues-design-und-dezentrale-communities\/\" >\n\t\t\t\tGradidorekening 2023: nieuw ontwerp en gedecentraliseerde gemeenschappen\t\t\t<\/a>\n\t\t<\/h3>\n\t\t\t\t<div class=\"elementor-post__excerpt\">\n\t\t\t<p>Het zijn vaak de stillere mensen die stilletjes, ijverig en met hart en ziel de basis leggen voor historische ontwikkelingen. Onze programmeurs hebben het afgelopen jaar geweldig werk verricht dat in 2023 zijn vruchten zal afwerpen.<\/p>\n\t\t<\/div>\n\t\t\n\t\t<a class=\"elementor-post__read-more\" href=\"https:\/\/gradido.net\/nl\/gradido-konto-2023-neues-design-und-dezentrale-communities\/\" aria-label=\"Lees meer over Gradidorekening 2023: nieuw ontwerp en gedecentraliseerde gemeenschappen\" tabindex=\"-1\" >\n\t\t\tLees meer\t\t<\/a>\n\n\t\t\t\t<\/div>\n\t\t\t\t<div class=\"elementor-post__meta-data\">\n\t\t\t\t\t<span class=\"elementor-post-date\">\n\t\t\t1 januari 2023\t\t<\/span>\n\t\t\t\t<\/div>\n\t\t\t\t\t<\/div>\n\t\t<\/article>\n\t\t\t\t<article class=\"elementor-post elementor-grid-item post-5954 post type-post status-publish format-standard has-post-thumbnail hentry category-blog category-community\" role=\"listitem\">\n\t\t\t<div class=\"elementor-post__card\">\n\t\t\t\t<a class=\"elementor-post__thumbnail__link\" href=\"https:\/\/gradido.net\/nl\/great-cooperation-gradido-und-unternehmernetzwerke\/\" tabindex=\"-1\" ><div class=\"elementor-post__thumbnail\"><img loading=\"lazy\" decoding=\"async\" width=\"800\" height=\"453\" src=\"https:\/\/gradido.net\/wp-content\/uploads\/2022\/11\/Unternehmer-Netzwerk-1-1024x580.jpg\" class=\"attachment-large size-large wp-image-5956\" alt=\"\" srcset=\"https:\/\/gradido.net\/wp-content\/uploads\/2022\/11\/Unternehmer-Netzwerk-1-1024x580.jpg 1024w, https:\/\/gradido.net\/wp-content\/uploads\/2022\/11\/Unternehmer-Netzwerk-1-300x170.jpg 300w, https:\/\/gradido.net\/wp-content\/uploads\/2022\/11\/Unternehmer-Netzwerk-1-768x435.jpg 768w, https:\/\/gradido.net\/wp-content\/uploads\/2022\/11\/Unternehmer-Netzwerk-1-18x10.jpg 18w, https:\/\/gradido.net\/wp-content\/uploads\/2022\/11\/Unternehmer-Netzwerk-1.jpg 1500w\" sizes=\"(max-width: 800px) 100vw, 800px\" \/><\/div><\/a>\n\t\t\t\t<div class=\"elementor-post__text\">\n\t\t\t\t<h3 class=\"elementor-post__title\">\n\t\t\t<a href=\"https:\/\/gradido.net\/nl\/great-cooperation-gradido-und-unternehmernetzwerke\/\" >\n\t\t\t\tGrote samenwerking - Gradido en ondernemersnetwerken\t\t\t<\/a>\n\t\t<\/h3>\n\t\t\t\t<div class=\"elementor-post__excerpt\">\n\t\t\t<p>Nu de fatale gevolgen van het schuldgeldsysteem duidelijk worden, worden steeds meer mensen wakker en beginnen alternatieve structuren te vormen. In de gemeenschappen die zo ontstaan, hebben we de historische kans om samen een nieuw monetair systeem te cre\u00ebren dat gebaseerd is op waardering, dankbaarheid en liefde.<\/p>\n\t\t<\/div>\n\t\t\n\t\t<a class=\"elementor-post__read-more\" href=\"https:\/\/gradido.net\/nl\/great-cooperation-gradido-und-unternehmernetzwerke\/\" aria-label=\"Lees meer over Great Cooperation - Gradido en ondernemersnetwerken\" tabindex=\"-1\" >\n\t\t\tLees meer\t\t<\/a>\n\n\t\t\t\t<\/div>\n\t\t\t\t<div class=\"elementor-post__meta-data\">\n\t\t\t\t\t<span class=\"elementor-post-date\">\n\t\t\t26 november 2022\t\t<\/span>\n\t\t\t\t<\/div>\n\t\t\t\t\t<\/div>\n\t\t<\/article>\n\t\t\t\t<article class=\"elementor-post elementor-grid-item post-5821 post type-post status-publish format-standard has-post-thumbnail hentry category-blog category-community category-psychologie\" role=\"listitem\">\n\t\t\t<div class=\"elementor-post__card\">\n\t\t\t\t<a class=\"elementor-post__thumbnail__link\" href=\"https:\/\/gradido.net\/nl\/10-wochen-voller-dankbarkeit\/\" tabindex=\"-1\" ><div class=\"elementor-post__thumbnail\"><img loading=\"lazy\" decoding=\"async\" width=\"800\" height=\"534\" src=\"https:\/\/gradido.net\/wp-content\/uploads\/2022\/10\/10WDankbarkeit-1024x683.jpg\" class=\"attachment-large size-large wp-image-5822\" alt=\"\" srcset=\"https:\/\/gradido.net\/wp-content\/uploads\/2022\/10\/10WDankbarkeit-1024x683.jpg 1024w, https:\/\/gradido.net\/wp-content\/uploads\/2022\/10\/10WDankbarkeit-300x200.jpg 300w, https:\/\/gradido.net\/wp-content\/uploads\/2022\/10\/10WDankbarkeit-768x512.jpg 768w, https:\/\/gradido.net\/wp-content\/uploads\/2022\/10\/10WDankbarkeit-18x12.jpg 18w, https:\/\/gradido.net\/wp-content\/uploads\/2022\/10\/10WDankbarkeit.jpg 1500w\" sizes=\"(max-width: 800px) 100vw, 800px\" \/><\/div><\/a>\n\t\t\t\t<div class=\"elementor-post__text\">\n\t\t\t\t<h3 class=\"elementor-post__title\">\n\t\t\t<a href=\"https:\/\/gradido.net\/nl\/10-wochen-voller-dankbarkeit\/\" >\n\t\t\t\t10 weken vol dankbaarheid\t\t\t<\/a>\n\t\t<\/h3>\n\t\t\t\t<div class=\"elementor-post__excerpt\">\n\t\t\t<p>Telkens wanneer je Gradido's naar andere mensen stuurt, breng je dankbaarheid in hun leven en in dat van jezelf. Dankbaarheid is een heerlijk gevoel. Door het dagelijks aan te roepen, te koesteren en ervan te genieten, versterken we ons welzijn en onze creatieve kracht. <\/p>\n\t\t<\/div>\n\t\t\n\t\t<a class=\"elementor-post__read-more\" href=\"https:\/\/gradido.net\/nl\/10-wochen-voller-dankbarkeit\/\" aria-label=\"Lees meer over 10 weken vol dankbaarheid\" tabindex=\"-1\" >\n\t\t\tLees meer\t\t<\/a>\n\n\t\t\t\t<\/div>\n\t\t\t\t<div class=\"elementor-post__meta-data\">\n\t\t\t\t\t<span class=\"elementor-post-date\">\n\t\t\t25 oktober 2022\t\t<\/span>\n\t\t\t\t<\/div>\n\t\t\t\t\t<\/div>\n\t\t<\/article>\n\t\t\t\t<article class=\"elementor-post elementor-grid-item post-5802 post type-post status-publish format-standard has-post-thumbnail hentry category-blog category-community category-psychologie\" role=\"listitem\">\n\t\t\t<div class=\"elementor-post__card\">\n\t\t\t\t<a class=\"elementor-post__thumbnail__link\" href=\"https:\/\/gradido.net\/nl\/gradido-potenzialentfaltung-im-herbst-2022\/\" tabindex=\"-1\" ><div class=\"elementor-post__thumbnail\"><img loading=\"lazy\" decoding=\"async\" width=\"800\" height=\"534\" src=\"https:\/\/gradido.net\/wp-content\/uploads\/2022\/10\/Potenzialentfaltung-1024x683.jpg\" class=\"attachment-large size-large wp-image-5803\" alt=\"\" srcset=\"https:\/\/gradido.net\/wp-content\/uploads\/2022\/10\/Potenzialentfaltung-1024x683.jpg 1024w, https:\/\/gradido.net\/wp-content\/uploads\/2022\/10\/Potenzialentfaltung-300x200.jpg 300w, https:\/\/gradido.net\/wp-content\/uploads\/2022\/10\/Potenzialentfaltung-768x512.jpg 768w, https:\/\/gradido.net\/wp-content\/uploads\/2022\/10\/Potenzialentfaltung-18x12.jpg 18w, https:\/\/gradido.net\/wp-content\/uploads\/2022\/10\/Potenzialentfaltung.jpg 1500w\" sizes=\"(max-width: 800px) 100vw, 800px\" \/><\/div><\/a>\n\t\t\t\t<div class=\"elementor-post__text\">\n\t\t\t\t<h3 class=\"elementor-post__title\">\n\t\t\t<a href=\"https:\/\/gradido.net\/nl\/gradido-potenzialentfaltung-im-herbst-2022\/\" >\n\t\t\t\tGradido potenti\u00eble ontwikkeling in najaar 2022\t\t\t<\/a>\n\t\t<\/h3>\n\t\t\t\t<div class=\"elementor-post__excerpt\">\n\t\t\t<p>Vanwege het grote succes gaan we door: op veler verzoek wordt de ontwikkeling van het Gradido-potentieel nu voortgezet. Investeer 2 uur per week in jezelf - en je zult zien welke positieve veranderingen je binnen 12 weken zult ervaren.<\/p>\n\t\t<\/div>\n\t\t\n\t\t<a class=\"elementor-post__read-more\" href=\"https:\/\/gradido.net\/nl\/gradido-potenzialentfaltung-im-herbst-2022\/\" aria-label=\"Lees meer over Gradido potenti\u00eble ontwikkeling in najaar 2022\" tabindex=\"-1\" >\n\t\t\tLees meer\t\t<\/a>\n\n\t\t\t\t<\/div>\n\t\t\t\t<div class=\"elementor-post__meta-data\">\n\t\t\t\t\t<span class=\"elementor-post-date\">\n\t\t\t23 oktober 2022\t\t<\/span>\n\t\t\t\t<\/div>\n\t\t\t\t\t<\/div>\n\t\t<\/article>\n\t\t\t\t<article class=\"elementor-post elementor-grid-item post-5711 post type-post status-publish format-standard has-post-thumbnail hentry category-blog category-community\" role=\"listitem\">\n\t\t\t<div class=\"elementor-post__card\">\n\t\t\t\t<a class=\"elementor-post__thumbnail__link\" href=\"https:\/\/gradido.net\/nl\/great-cooperation-gradido-akademie-international-und-plasmatec\/\" tabindex=\"-1\" ><div class=\"elementor-post__thumbnail\"><img loading=\"lazy\" decoding=\"async\" width=\"800\" height=\"500\" src=\"https:\/\/gradido.net\/wp-content\/uploads\/2022\/10\/Pustritz_2-1024x640.jpg\" class=\"attachment-large size-large wp-image-5713\" alt=\"\" srcset=\"https:\/\/gradido.net\/wp-content\/uploads\/2022\/10\/Pustritz_2-1024x640.jpg 1024w, https:\/\/gradido.net\/wp-content\/uploads\/2022\/10\/Pustritz_2-300x188.jpg 300w, https:\/\/gradido.net\/wp-content\/uploads\/2022\/10\/Pustritz_2-768x480.jpg 768w, https:\/\/gradido.net\/wp-content\/uploads\/2022\/10\/Pustritz_2-1536x960.jpg 1536w, https:\/\/gradido.net\/wp-content\/uploads\/2022\/10\/Pustritz_2-18x12.jpg 18w, https:\/\/gradido.net\/wp-content\/uploads\/2022\/10\/Pustritz_2.jpg 1600w\" sizes=\"(max-width: 800px) 100vw, 800px\" \/><\/div><\/a>\n\t\t\t\t<div class=\"elementor-post__text\">\n\t\t\t\t<h3 class=\"elementor-post__title\">\n\t\t\t<a href=\"https:\/\/gradido.net\/nl\/great-cooperation-gradido-akademie-international-und-plasmatec\/\" >\n\t\t\t\tGrote samenwerking: Gradido Academy International en PLASMA TEC\t\t\t<\/a>\n\t\t<\/h3>\n\t\t\t\t<div class=\"elementor-post__excerpt\">\n\t\t\t<p>Tijdens het bezoek aan het hoofdkantoor van onze vereniging in Pustritz in Karinthi\u00eb\/Oostenrijk hebben we een prachtige tijd beleefd waarin we interessante mensen hebben ontmoet die zich inzetten voor een goede toekomst. Wij hadden onder meer een ontmoeting met de voorzitter van het PLASMA TEC Research Institute, Harald Reichl, en bespraken verdere stappen van onze gemeenschappelijke samenwerking.<\/p>\n\t\t<\/div>\n\t\t\n\t\t<a class=\"elementor-post__read-more\" href=\"https:\/\/gradido.net\/nl\/great-cooperation-gradido-akademie-international-und-plasmatec\/\" aria-label=\"Lees meer over Great Cooperation: Gradido Akademie International und PLASMA TEC\" tabindex=\"-1\" >\n\t\t\tLees meer\t\t<\/a>\n\n\t\t\t\t<\/div>\n\t\t\t\t<div class=\"elementor-post__meta-data\">\n\t\t\t\t\t<span class=\"elementor-post-date\">\n\t\t\t10 oktober 2022\t\t<\/span>\n\t\t\t\t<\/div>\n\t\t\t\t\t<\/div>\n\t\t<\/article>\n\t\t\t\t<article class=\"elementor-post elementor-grid-item post-5764 post type-post status-publish format-standard has-post-thumbnail hentry category-blog category-community category-psychologie\" role=\"listitem\">\n\t\t\t<div class=\"elementor-post__card\">\n\t\t\t\t<a class=\"elementor-post__thumbnail__link\" href=\"https:\/\/gradido.net\/nl\/prenow-das-spiel-das-mitdenkt-und-kreative-loesungen-hervorbringt\/\" tabindex=\"-1\" ><div class=\"elementor-post__thumbnail\"><img loading=\"lazy\" decoding=\"async\" width=\"800\" height=\"450\" src=\"https:\/\/gradido.net\/wp-content\/uploads\/2022\/10\/PreNow1.jpg\" class=\"attachment-large size-large wp-image-5765\" alt=\"\" srcset=\"https:\/\/gradido.net\/wp-content\/uploads\/2022\/10\/PreNow1.jpg 800w, https:\/\/gradido.net\/wp-content\/uploads\/2022\/10\/PreNow1-300x169.jpg 300w, https:\/\/gradido.net\/wp-content\/uploads\/2022\/10\/PreNow1-768x432.jpg 768w, https:\/\/gradido.net\/wp-content\/uploads\/2022\/10\/PreNow1-18x10.jpg 18w\" sizes=\"(max-width: 800px) 100vw, 800px\" \/><\/div><\/a>\n\t\t\t\t<div class=\"elementor-post__text\">\n\t\t\t\t<h3 class=\"elementor-post__title\">\n\t\t\t<a href=\"https:\/\/gradido.net\/nl\/prenow-das-spiel-das-mitdenkt-und-kreative-loesungen-hervorbringt\/\" >\n\t\t\t\tPreNow - het spel dat denkt en creatieve oplossingen produceert\t\t\t<\/a>\n\t\t<\/h3>\n\t\t\t\t<div class=\"elementor-post__excerpt\">\n\t\t\t<p>Brainstormen was gisteren! Vandaag mag iedereen in de groep zelf iets DOEN en laten zien welke mogelijkheden ze hebben. Op vrijdag start het Gradido PreNow Caf\u00e9 op Zoom - Onderwerp: de Gradido Community en haar mogelijkheden - Verdere PreNow Caf\u00e9s elke vrijdag om 16:00 (Zoom).<\/p>\n\t\t<\/div>\n\t\t\n\t\t<a class=\"elementor-post__read-more\" href=\"https:\/\/gradido.net\/nl\/prenow-das-spiel-das-mitdenkt-und-kreative-loesungen-hervorbringt\/\" aria-label=\"Lees meer over PreNow - het spel dat zelf nadenkt en creatieve oplossingen produceert\" tabindex=\"-1\" >\n\t\t\tLees meer\t\t<\/a>\n\n\t\t\t\t<\/div>\n\t\t\t\t<div class=\"elementor-post__meta-data\">\n\t\t\t\t\t<span class=\"elementor-post-date\">\n\t\t\t30 september 2022\t\t<\/span>\n\t\t\t\t<\/div>\n\t\t\t\t\t<\/div>\n\t\t<\/article>\n\t\t\t\t<article class=\"elementor-post elementor-grid-item post-5573 post type-post status-publish format-standard has-post-thumbnail hentry category-blog category-psychologie tag-bild-oben\" role=\"listitem\">\n\t\t\t<div class=\"elementor-post__card\">\n\t\t\t\t<a class=\"elementor-post__thumbnail__link\" href=\"https:\/\/gradido.net\/nl\/gradido-eine-oekonomie-der-dankbarkeit\/\" tabindex=\"-1\" ><div class=\"elementor-post__thumbnail\"><img loading=\"lazy\" decoding=\"async\" width=\"800\" height=\"327\" src=\"https:\/\/gradido.net\/wp-content\/uploads\/2022\/08\/Some1-1024x418.jpg\" class=\"attachment-large size-large wp-image-5575\" alt=\"\" srcset=\"https:\/\/gradido.net\/wp-content\/uploads\/2022\/08\/Some1-1024x418.jpg 1024w, https:\/\/gradido.net\/wp-content\/uploads\/2022\/08\/Some1-300x123.jpg 300w, https:\/\/gradido.net\/wp-content\/uploads\/2022\/08\/Some1-768x314.jpg 768w, https:\/\/gradido.net\/wp-content\/uploads\/2022\/08\/Some1-1536x627.jpg 1536w, https:\/\/gradido.net\/wp-content\/uploads\/2022\/08\/Some1-18x7.jpg 18w, https:\/\/gradido.net\/wp-content\/uploads\/2022\/08\/Some1.jpg 1800w\" sizes=\"(max-width: 800px) 100vw, 800px\" \/><\/div><\/a>\n\t\t\t\t<div class=\"elementor-post__text\">\n\t\t\t\t<h3 class=\"elementor-post__title\">\n\t\t\t<a href=\"https:\/\/gradido.net\/nl\/gradido-eine-oekonomie-der-dankbarkeit\/\" >\n\t\t\t\tGradido - een economie van dankbaarheid\t\t\t<\/a>\n\t\t<\/h3>\n\t\t\t\t<div class=\"elementor-post__excerpt\">\n\t\t\t<p>Margret Baier en Bernd H\u00fcckst\u00e4dt in een interview met Cornelius Braitmaier van some1.tv - Een rechtvaardige economie, een eerlijke munt, een systeem waarin geld weer in dienst staat van de mensen en niet de mensen in dienst van het geld.<\/p>\n\t\t<\/div>\n\t\t\n\t\t<a class=\"elementor-post__read-more\" href=\"https:\/\/gradido.net\/nl\/gradido-eine-oekonomie-der-dankbarkeit\/\" aria-label=\"Lees meer over Gradido - een economie van dankbaarheid\" tabindex=\"-1\" >\n\t\t\tLees meer\t\t<\/a>\n\n\t\t\t\t<\/div>\n\t\t\t\t<div class=\"elementor-post__meta-data\">\n\t\t\t\t\t<span class=\"elementor-post-date\">\n\t\t\t30 augustus 2022\t\t<\/span>\n\t\t\t\t<\/div>\n\t\t\t\t\t<\/div>\n\t\t<\/article>\n\t\t\t\t<article class=\"elementor-post elementor-grid-item post-5543 post type-post status-publish format-standard has-post-thumbnail hentry category-blog category-psychologie\" role=\"listitem\">\n\t\t\t<div class=\"elementor-post__card\">\n\t\t\t\t<a class=\"elementor-post__thumbnail__link\" href=\"https:\/\/gradido.net\/nl\/gradido-dankbarkeit-mit-system\/\" tabindex=\"-1\" ><div class=\"elementor-post__thumbnail\"><img loading=\"lazy\" decoding=\"async\" width=\"800\" height=\"448\" src=\"https:\/\/gradido.net\/wp-content\/uploads\/2022\/08\/Gradido_dieBasis.jpg\" class=\"attachment-large size-large wp-image-5546\" alt=\"\" srcset=\"https:\/\/gradido.net\/wp-content\/uploads\/2022\/08\/Gradido_dieBasis.jpg 1000w, https:\/\/gradido.net\/wp-content\/uploads\/2022\/08\/Gradido_dieBasis-300x168.jpg 300w, https:\/\/gradido.net\/wp-content\/uploads\/2022\/08\/Gradido_dieBasis-768x430.jpg 768w, https:\/\/gradido.net\/wp-content\/uploads\/2022\/08\/Gradido_dieBasis-18x10.jpg 18w\" sizes=\"(max-width: 800px) 100vw, 800px\" \/><\/div><\/a>\n\t\t\t\t<div class=\"elementor-post__text\">\n\t\t\t\t<h3 class=\"elementor-post__title\">\n\t\t\t<a href=\"https:\/\/gradido.net\/nl\/gradido-dankbarkeit-mit-system\/\" >\n\t\t\t\tGradido - Dankbaarheid met een systeem\t\t\t<\/a>\n\t\t<\/h3>\n\t\t\t\t<div class=\"elementor-post__excerpt\">\n\t\t\t<p>De partij dieBasis heeft uitgenodigd voor een Zoom-lezing over het geldsysteem Gradido met Bernd H\u00fcckst\u00e4dt op 24 augustus 2022. In tegenstelling tot het oude schuldgeldsysteem, wordt bij Gradido geld door ieder mens gecre\u00eberd.<\/p>\n\t\t<\/div>\n\t\t\n\t\t<a class=\"elementor-post__read-more\" href=\"https:\/\/gradido.net\/nl\/gradido-dankbarkeit-mit-system\/\" aria-label=\"Lees meer over Gradido - Dankbaarheid met een systeem\" tabindex=\"-1\" >\n\t\t\tLees meer\t\t<\/a>\n\n\t\t\t\t<\/div>\n\t\t\t\t<div class=\"elementor-post__meta-data\">\n\t\t\t\t\t<span class=\"elementor-post-date\">\n\t\t\t25 augustus 2022\t\t<\/span>\n\t\t\t\t<\/div>\n\t\t\t\t\t<\/div>\n\t\t<\/article>\n\t\t\t\t<article class=\"elementor-post elementor-grid-item post-5445 post type-post status-publish format-standard has-post-thumbnail hentry category-blog category-psychologie\" role=\"listitem\">\n\t\t\t<div class=\"elementor-post__card\">\n\t\t\t\t<a class=\"elementor-post__thumbnail__link\" href=\"https:\/\/gradido.net\/nl\/bewusstseinsskala-2-wir-helfen-einander-nach-oben\/\" tabindex=\"-1\" ><div class=\"elementor-post__thumbnail\"><img loading=\"lazy\" decoding=\"async\" width=\"800\" height=\"466\" src=\"https:\/\/gradido.net\/wp-content\/uploads\/2022\/08\/Bewusstseinsskala-gross-1024x597.jpg\" class=\"attachment-large size-large wp-image-5446\" alt=\"\" srcset=\"https:\/\/gradido.net\/wp-content\/uploads\/2022\/08\/Bewusstseinsskala-gross-1024x597.jpg 1024w, https:\/\/gradido.net\/wp-content\/uploads\/2022\/08\/Bewusstseinsskala-gross-300x175.jpg 300w, https:\/\/gradido.net\/wp-content\/uploads\/2022\/08\/Bewusstseinsskala-gross-768x448.jpg 768w, https:\/\/gradido.net\/wp-content\/uploads\/2022\/08\/Bewusstseinsskala-gross-1536x896.jpg 1536w, https:\/\/gradido.net\/wp-content\/uploads\/2022\/08\/Bewusstseinsskala-gross.jpg 1800w\" sizes=\"(max-width: 800px) 100vw, 800px\" \/><\/div><\/a>\n\t\t\t\t<div class=\"elementor-post__text\">\n\t\t\t\t<h3 class=\"elementor-post__title\">\n\t\t\t<a href=\"https:\/\/gradido.net\/nl\/bewusstseinsskala-2-wir-helfen-einander-nach-oben\/\" >\n\t\t\t\tBewustzijnsschaal (2): We helpen elkaar naar boven\t\t\t<\/a>\n\t\t<\/h3>\n\t\t\t\t<div class=\"elementor-post__excerpt\">\n\t\t\t<p>Door onze emoties te verheffen tot liefde en dankbaarheid, werken wij actief aan vrede - op kleine en grote schaal. We hebben niets te verliezen in het proces, maar we winnen er allemaal bij<\/p>\n\t\t<\/div>\n\t\t\n\t\t<a class=\"elementor-post__read-more\" href=\"https:\/\/gradido.net\/nl\/bewusstseinsskala-2-wir-helfen-einander-nach-oben\/\" aria-label=\"Lees meer over Bewusstseinsskala (2): We helpen elkaar omhoog\" tabindex=\"-1\" >\n\t\t\tLees meer\t\t<\/a>\n\n\t\t\t\t<\/div>\n\t\t\t\t<div class=\"elementor-post__meta-data\">\n\t\t\t\t\t<span class=\"elementor-post-date\">\n\t\t\t15 augustus 2022\t\t<\/span>\n\t\t\t\t<\/div>\n\t\t\t\t\t<\/div>\n\t\t<\/article>\n\t\t\t\t<article class=\"elementor-post elementor-grid-item post-5422 post type-post status-publish format-standard has-post-thumbnail hentry category-blog category-community category-gradido-konto category-psychologie\" role=\"listitem\">\n\t\t\t<div class=\"elementor-post__card\">\n\t\t\t\t<a class=\"elementor-post__thumbnail__link\" href=\"https:\/\/gradido.net\/nl\/gemeinwohl-was-ist-das\/\" tabindex=\"-1\" ><div class=\"elementor-post__thumbnail\"><img loading=\"lazy\" decoding=\"async\" width=\"800\" height=\"534\" src=\"https:\/\/gradido.net\/wp-content\/uploads\/2022\/08\/Gemeinwohl-Blog2-1024x683.jpg\" class=\"attachment-large size-large wp-image-5476\" alt=\"\" srcset=\"https:\/\/gradido.net\/wp-content\/uploads\/2022\/08\/Gemeinwohl-Blog2-1024x683.jpg 1024w, https:\/\/gradido.net\/wp-content\/uploads\/2022\/08\/Gemeinwohl-Blog2-300x200.jpg 300w, https:\/\/gradido.net\/wp-content\/uploads\/2022\/08\/Gemeinwohl-Blog2-768x512.jpg 768w, https:\/\/gradido.net\/wp-content\/uploads\/2022\/08\/Gemeinwohl-Blog2-1536x1024.jpg 1536w, https:\/\/gradido.net\/wp-content\/uploads\/2022\/08\/Gemeinwohl-Blog2-18x12.jpg 18w, https:\/\/gradido.net\/wp-content\/uploads\/2022\/08\/Gemeinwohl-Blog2.jpg 1800w\" sizes=\"(max-width: 800px) 100vw, 800px\" \/><\/div><\/a>\n\t\t\t\t<div class=\"elementor-post__text\">\n\t\t\t\t<h3 class=\"elementor-post__title\">\n\t\t\t<a href=\"https:\/\/gradido.net\/nl\/gemeinwohl-was-ist-das\/\" >\n\t\t\t\tAlgemeen welzijn - wat is dat?\t\t\t<\/a>\n\t\t<\/h3>\n\t\t\t\t<div class=\"elementor-post__excerpt\">\n\t\t\t<p>Bijdragen voor het algemeen belang zijn alles wat met gezond verstand vrijwilligerswerk, vrijwilligerswerk, enz. zou worden genoemd - in tegenstelling tot individuele bijdragen van de ene persoon aan de andere.<\/p>\n\t\t<\/div>\n\t\t\n\t\t<a class=\"elementor-post__read-more\" href=\"https:\/\/gradido.net\/nl\/gemeinwohl-was-ist-das\/\" aria-label=\"Lees meer over Gemeinwohl - wat is het?\" tabindex=\"-1\" >\n\t\t\tLees meer\t\t<\/a>\n\n\t\t\t\t<\/div>\n\t\t\t\t<div class=\"elementor-post__meta-data\">\n\t\t\t\t\t<span class=\"elementor-post-date\">\n\t\t\t9 augustus 2022\t\t<\/span>\n\t\t\t\t<\/div>\n\t\t\t\t\t<\/div>\n\t\t<\/article>\n\t\t\t\t<article class=\"elementor-post elementor-grid-item post-5381 post type-post status-publish format-standard has-post-thumbnail hentry category-blog category-gradido-konto\" role=\"listitem\">\n\t\t\t<div class=\"elementor-post__card\">\n\t\t\t\t<a class=\"elementor-post__thumbnail__link\" href=\"https:\/\/gradido.net\/nl\/gemeinwohl-beitraege-jetzt-direkt-im-gradido-konto\/\" tabindex=\"-1\" ><div class=\"elementor-post__thumbnail\"><img loading=\"lazy\" decoding=\"async\" width=\"800\" height=\"450\" src=\"https:\/\/gradido.net\/wp-content\/uploads\/2022\/07\/Neues-Gradido-Konto.jpg\" class=\"attachment-large size-large wp-image-5382\" alt=\"\" srcset=\"https:\/\/gradido.net\/wp-content\/uploads\/2022\/07\/Neues-Gradido-Konto.jpg 800w, https:\/\/gradido.net\/wp-content\/uploads\/2022\/07\/Neues-Gradido-Konto-300x169.jpg 300w, https:\/\/gradido.net\/wp-content\/uploads\/2022\/07\/Neues-Gradido-Konto-768x432.jpg 768w, https:\/\/gradido.net\/wp-content\/uploads\/2022\/07\/Neues-Gradido-Konto-18x10.jpg 18w\" sizes=\"(max-width: 800px) 100vw, 800px\" \/><\/div><\/a>\n\t\t\t\t<div class=\"elementor-post__text\">\n\t\t\t\t<h3 class=\"elementor-post__title\">\n\t\t\t<a href=\"https:\/\/gradido.net\/nl\/gemeinwohl-beitraege-jetzt-direkt-im-gradido-konto\/\" >\n\t\t\t\tBijdragen voor algemeen welzijn nu rechtstreeks op de Gradido-rekening\t\t\t<\/a>\n\t\t<\/h3>\n\t\t\t\t<div class=\"elementor-post__excerpt\">\n\t\t\t<p>Voortaan hoeft u niet meer naar de ledenruimte te gaan om uw bijdragen voor het algemeen welzijn in te voeren. Je kunt ze nu rechtstreeks op je Gradido-account indienen en je Actieve Basisinkomen onmiddellijk laten bijschrijven.<\/p>\n\t\t<\/div>\n\t\t\n\t\t<a class=\"elementor-post__read-more\" href=\"https:\/\/gradido.net\/nl\/gemeinwohl-beitraege-jetzt-direkt-im-gradido-konto\/\" aria-label=\"Lees meer over Publieke welzijnsbijdragen nu direct op de Gradido rekening\" tabindex=\"-1\" >\n\t\t\tLees meer\t\t<\/a>\n\n\t\t\t\t<\/div>\n\t\t\t\t<div class=\"elementor-post__meta-data\">\n\t\t\t\t\t<span class=\"elementor-post-date\">\n\t\t\t29 juli 2022\t\t<\/span>\n\t\t\t\t<\/div>\n\t\t\t\t\t<\/div>\n\t\t<\/article>\n\t\t\t\t<article class=\"elementor-post elementor-grid-item post-5327 post type-post status-publish format-standard has-post-thumbnail hentry category-blog category-psychologie tag-bild-oben\" role=\"listitem\">\n\t\t\t<div class=\"elementor-post__card\">\n\t\t\t\t<a class=\"elementor-post__thumbnail__link\" href=\"https:\/\/gradido.net\/nl\/bewusstseinsskala-1-gradido-weit-oben\/\" tabindex=\"-1\" ><div class=\"elementor-post__thumbnail\"><img loading=\"lazy\" decoding=\"async\" width=\"800\" height=\"382\" src=\"https:\/\/gradido.net\/wp-content\/uploads\/2022\/07\/AdobeStock_250822382-1024x489.jpeg\" class=\"attachment-large size-large wp-image-5329\" alt=\"\" srcset=\"https:\/\/gradido.net\/wp-content\/uploads\/2022\/07\/AdobeStock_250822382-1024x489.jpeg 1024w, https:\/\/gradido.net\/wp-content\/uploads\/2022\/07\/AdobeStock_250822382-300x143.jpeg 300w, https:\/\/gradido.net\/wp-content\/uploads\/2022\/07\/AdobeStock_250822382-768x367.jpeg 768w, https:\/\/gradido.net\/wp-content\/uploads\/2022\/07\/AdobeStock_250822382-1536x733.jpeg 1536w, https:\/\/gradido.net\/wp-content\/uploads\/2022\/07\/AdobeStock_250822382-2048x977.jpeg 2048w, https:\/\/gradido.net\/wp-content\/uploads\/2022\/07\/AdobeStock_250822382-18x9.jpeg 18w\" sizes=\"(max-width: 800px) 100vw, 800px\" \/><\/div><\/a>\n\t\t\t\t<div class=\"elementor-post__text\">\n\t\t\t\t<h3 class=\"elementor-post__title\">\n\t\t\t<a href=\"https:\/\/gradido.net\/nl\/bewusstseinsskala-1-gradido-weit-oben\/\" >\n\t\t\t\tBewustzijnsschaal (1): Dankbaarheid hoog in het vaandel\t\t\t<\/a>\n\t\t<\/h3>\n\t\t\t\t<div class=\"elementor-post__excerpt\">\n\t\t\t<p>De schaal van de omvat alle menselijke bewustzijnstoestanden en rangschikt ze in waarden van 0 (dood) tot 1000 (hoogste graad van verlichting), waarbij de kwaliteit van het leven en de mate van ervaren vrijheid naar boven toe toenemen.<\/p>\n\t\t<\/div>\n\t\t\n\t\t<a class=\"elementor-post__read-more\" href=\"https:\/\/gradido.net\/nl\/bewusstseinsskala-1-gradido-weit-oben\/\" aria-label=\"Lees meer over Bewustzijnsschaal (1): Dankbaarheid hoog in het vaandel\" tabindex=\"-1\" >\n\t\t\tLees meer\t\t<\/a>\n\n\t\t\t\t<\/div>\n\t\t\t\t<div class=\"elementor-post__meta-data\">\n\t\t\t\t\t<span class=\"elementor-post-date\">\n\t\t\t25 juli 2022\t\t<\/span>\n\t\t\t\t<\/div>\n\t\t\t\t\t<\/div>\n\t\t<\/article>\n\t\t\t\t<article class=\"elementor-post elementor-grid-item post-4482 post type-post status-publish format-standard has-post-thumbnail hentry category-blog category-psychologie\" role=\"listitem\">\n\t\t\t<div class=\"elementor-post__card\">\n\t\t\t\t<a class=\"elementor-post__thumbnail__link\" href=\"https:\/\/gradido.net\/nl\/gradido-foerdert-herz-hirn-kohaerenz\/\" tabindex=\"-1\" ><div class=\"elementor-post__thumbnail\"><img loading=\"lazy\" decoding=\"async\" width=\"800\" height=\"450\" src=\"https:\/\/gradido.net\/wp-content\/uploads\/2022\/05\/Herz_Hirn-1024x576.jpg\" class=\"attachment-large size-large wp-image-11763\" alt=\"\" srcset=\"https:\/\/gradido.net\/wp-content\/uploads\/2022\/05\/Herz_Hirn-1024x576.jpg 1024w, https:\/\/gradido.net\/wp-content\/uploads\/2022\/05\/Herz_Hirn-300x169.jpg 300w, https:\/\/gradido.net\/wp-content\/uploads\/2022\/05\/Herz_Hirn-768x432.jpg 768w, https:\/\/gradido.net\/wp-content\/uploads\/2022\/05\/Herz_Hirn-18x10.jpg 18w, https:\/\/gradido.net\/wp-content\/uploads\/2022\/05\/Herz_Hirn.jpg 1280w\" sizes=\"(max-width: 800px) 100vw, 800px\" \/><\/div><\/a>\n\t\t\t\t<div class=\"elementor-post__text\">\n\t\t\t\t<h3 class=\"elementor-post__title\">\n\t\t\t<a href=\"https:\/\/gradido.net\/nl\/gradido-foerdert-herz-hirn-kohaerenz\/\" >\n\t\t\t\tDankbaarheid bevordert de samenhang tussen hart en hersenen\t\t\t<\/a>\n\t\t<\/h3>\n\t\t\t\t<div class=\"elementor-post__excerpt\">\n\t\t\t<p>In tegenstelling tot het oude schuldgeldsysteem dat de zieke vibratie van angst en hebzucht verspreidt, bevordert Gradido de hart-hersencoherentie. Bij elke transactie worden verzender en ontvanger gestimuleerd om in deze gezonde, vreedzame en oplossingsgerichte toestand te komen.<\/p>\n\t\t<\/div>\n\t\t\n\t\t<a class=\"elementor-post__read-more\" href=\"https:\/\/gradido.net\/nl\/gradido-foerdert-herz-hirn-kohaerenz\/\" aria-label=\"Lees meer over Dankbaarheid bevordert de samenhang tussen hart en hersenen\" tabindex=\"-1\" >\n\t\t\tLees meer\t\t<\/a>\n\n\t\t\t\t<\/div>\n\t\t\t\t<div class=\"elementor-post__meta-data\">\n\t\t\t\t\t<span class=\"elementor-post-date\">\n\t\t\t29 mei 2022\t\t<\/span>\n\t\t\t\t<\/div>\n\t\t\t\t\t<\/div>\n\t\t<\/article>\n\t\t\t\t<article class=\"elementor-post elementor-grid-item post-4464 post type-post status-publish format-standard has-post-thumbnail hentry category-blog category-community category-psychologie tag-bild-oben tag-grosse-kooperation\" role=\"listitem\">\n\t\t\t<div class=\"elementor-post__card\">\n\t\t\t\t<a class=\"elementor-post__thumbnail__link\" href=\"https:\/\/gradido.net\/nl\/weltbevoelkerung-wir-sind-viele-das-ist-gut\/\" tabindex=\"-1\" ><div class=\"elementor-post__thumbnail\"><img loading=\"lazy\" decoding=\"async\" width=\"800\" height=\"534\" src=\"https:\/\/gradido.net\/wp-content\/uploads\/2022\/05\/Weltbevoelkerung-1024x683.jpg\" class=\"attachment-large size-large wp-image-4465\" alt=\"\" srcset=\"https:\/\/gradido.net\/wp-content\/uploads\/2022\/05\/Weltbevoelkerung-1024x683.jpg 1024w, https:\/\/gradido.net\/wp-content\/uploads\/2022\/05\/Weltbevoelkerung-300x200.jpg 300w, https:\/\/gradido.net\/wp-content\/uploads\/2022\/05\/Weltbevoelkerung-768x512.jpg 768w, https:\/\/gradido.net\/wp-content\/uploads\/2022\/05\/Weltbevoelkerung-18x12.jpg 18w, https:\/\/gradido.net\/wp-content\/uploads\/2022\/05\/Weltbevoelkerung.jpg 1200w\" sizes=\"(max-width: 800px) 100vw, 800px\" \/><\/div><\/a>\n\t\t\t\t<div class=\"elementor-post__text\">\n\t\t\t\t<h3 class=\"elementor-post__title\">\n\t\t\t<a href=\"https:\/\/gradido.net\/nl\/weltbevoelkerung-wir-sind-viele-das-ist-gut\/\" >\n\t\t\t\tWereldbevolking: Wij zijn met velen. Dat is goed.\t\t\t<\/a>\n\t\t<\/h3>\n\t\t\t\t<div class=\"elementor-post__excerpt\">\n\t\t\t<p>8 miljard mensen zijn de oplossing, niet het probleem. Wij kunnen ieder mens dankbaar zijn omdat hij of zij bijdraagt tot het vermogen van de mensheid om naar het volgende hogere stadium van evolutie te gaan.<\/p>\n\t\t<\/div>\n\t\t\n\t\t<a class=\"elementor-post__read-more\" href=\"https:\/\/gradido.net\/nl\/weltbevoelkerung-wir-sind-viele-das-ist-gut\/\" aria-label=\"Lees meer over wereldbevolking: We zijn met velen. Dat is goed.\" tabindex=\"-1\" >\n\t\t\tLees meer\t\t<\/a>\n\n\t\t\t\t<\/div>\n\t\t\t\t<div class=\"elementor-post__meta-data\">\n\t\t\t\t\t<span class=\"elementor-post-date\">\n\t\t\t24 mei 2022\t\t<\/span>\n\t\t\t\t<\/div>\n\t\t\t\t\t<\/div>\n\t\t<\/article>\n\t\t\t\t<article class=\"elementor-post elementor-grid-item post-4410 post type-post status-publish format-standard has-post-thumbnail hentry category-blog category-community category-pressemitteilung category-psychologie tag-bild-oben\" role=\"listitem\">\n\t\t\t<div class=\"elementor-post__card\">\n\t\t\t\t<a class=\"elementor-post__thumbnail__link\" href=\"https:\/\/gradido.net\/nl\/gradido-interview-im-walnussblatt\/\" tabindex=\"-1\" ><div class=\"elementor-post__thumbnail\"><img loading=\"lazy\" decoding=\"async\" width=\"800\" height=\"534\" src=\"https:\/\/gradido.net\/wp-content\/uploads\/2022\/05\/Walnussblatt_Blog4-1024x683.jpg\" class=\"attachment-large size-large wp-image-4428\" alt=\"\" srcset=\"https:\/\/gradido.net\/wp-content\/uploads\/2022\/05\/Walnussblatt_Blog4-1024x683.jpg 1024w, https:\/\/gradido.net\/wp-content\/uploads\/2022\/05\/Walnussblatt_Blog4-300x200.jpg 300w, https:\/\/gradido.net\/wp-content\/uploads\/2022\/05\/Walnussblatt_Blog4-768x512.jpg 768w, https:\/\/gradido.net\/wp-content\/uploads\/2022\/05\/Walnussblatt_Blog4-18x12.jpg 18w, https:\/\/gradido.net\/wp-content\/uploads\/2022\/05\/Walnussblatt_Blog4.jpg 1500w\" sizes=\"(max-width: 800px) 100vw, 800px\" \/><\/div><\/a>\n\t\t\t\t<div class=\"elementor-post__text\">\n\t\t\t\t<h3 class=\"elementor-post__title\">\n\t\t\t<a href=\"https:\/\/gradido.net\/nl\/gradido-interview-im-walnussblatt\/\" >\n\t\t\t\tGradido interview in \"WALNUSSblatt\t\t\t<\/a>\n\t\t<\/h3>\n\t\t\t\t<div class=\"elementor-post__excerpt\">\n\t\t\t<p>Het huidige nummer behandelt het grote thema: \"De weg naar vrede: liefde\". Onder de titel \"Gradido - de nieuwe munt heet dankbaarheid\" brengt Pedro hier een lezenswaardig interview met Bernd over de nieuwe ori\u00ebntatie en de huidige stand van Gradido als elementair vredesinstrument.<\/p>\n\t\t<\/div>\n\t\t\n\t\t<a class=\"elementor-post__read-more\" href=\"https:\/\/gradido.net\/nl\/gradido-interview-im-walnussblatt\/\" aria-label=\"Lees meer over Gradido interview in &#039;WALNUSSblatt&#039;.\" tabindex=\"-1\" >\n\t\t\tLees meer\t\t<\/a>\n\n\t\t\t\t<\/div>\n\t\t\t\t<div class=\"elementor-post__meta-data\">\n\t\t\t\t\t<span class=\"elementor-post-date\">\n\t\t\t15 mei 2022\t\t<\/span>\n\t\t\t\t<\/div>\n\t\t\t\t\t<\/div>\n\t\t<\/article>\n\t\t\t\t<article class=\"elementor-post elementor-grid-item post-4295 post type-post status-publish format-standard has-post-thumbnail hentry category-blog category-gradido-konto\" role=\"listitem\">\n\t\t\t<div class=\"elementor-post__card\">\n\t\t\t\t<a class=\"elementor-post__thumbnail__link\" href=\"https:\/\/gradido.net\/nl\/gradido-senden-ueber-telegram-co\/\" tabindex=\"-1\" ><div class=\"elementor-post__thumbnail\"><img loading=\"lazy\" decoding=\"async\" width=\"800\" height=\"500\" src=\"https:\/\/gradido.net\/wp-content\/uploads\/2022\/05\/Gradido_Telegram-1024x640.jpg\" class=\"attachment-large size-large wp-image-4296\" alt=\"\" srcset=\"https:\/\/gradido.net\/wp-content\/uploads\/2022\/05\/Gradido_Telegram-1024x640.jpg 1024w, https:\/\/gradido.net\/wp-content\/uploads\/2022\/05\/Gradido_Telegram-300x188.jpg 300w, https:\/\/gradido.net\/wp-content\/uploads\/2022\/05\/Gradido_Telegram-768x480.jpg 768w, https:\/\/gradido.net\/wp-content\/uploads\/2022\/05\/Gradido_Telegram-18x12.jpg 18w, https:\/\/gradido.net\/wp-content\/uploads\/2022\/05\/Gradido_Telegram.jpg 1440w\" sizes=\"(max-width: 800px) 100vw, 800px\" \/><\/div><\/a>\n\t\t\t\t<div class=\"elementor-post__text\">\n\t\t\t\t<h3 class=\"elementor-post__title\">\n\t\t\t<a href=\"https:\/\/gradido.net\/nl\/gradido-senden-ueber-telegram-co\/\" >\n\t\t\t\tStuur Gradido via Telegram &amp; Co\t\t\t<\/a>\n\t\t<\/h3>\n\t\t\t\t<div class=\"elementor-post__excerpt\">\n\t\t\t<p>Ja, we kunnen Gradido gemakkelijk via Telegram versturen! Met de Gradido link is het verzenden van Gradido net zo eenvoudig als het verzenden van een normaal tekstbericht. Uw ontvangers hoeven niet eens een Gradido account te hebben. <\/p>\n\t\t<\/div>\n\t\t\n\t\t<a class=\"elementor-post__read-more\" href=\"https:\/\/gradido.net\/nl\/gradido-senden-ueber-telegram-co\/\" aria-label=\"Lees meer over Gradido verzenden via Telegram &amp; Co\" tabindex=\"-1\" >\n\t\t\tLees meer\t\t<\/a>\n\n\t\t\t\t<\/div>\n\t\t\t\t<div class=\"elementor-post__meta-data\">\n\t\t\t\t\t<span class=\"elementor-post-date\">\n\t\t\t10 mei 2022\t\t<\/span>\n\t\t\t\t<\/div>\n\t\t\t\t\t<\/div>\n\t\t<\/article>\n\t\t\t\t<article class=\"elementor-post elementor-grid-item post-4292 post type-post status-publish format-standard has-post-thumbnail hentry category-blog category-gradido-konto\" role=\"listitem\">\n\t\t\t<div class=\"elementor-post__card\">\n\t\t\t\t<a class=\"elementor-post__thumbnail__link\" href=\"https:\/\/gradido.net\/nl\/live-gradido-senden-von-mensch-zu-mensch-mit-qr-code\/\" tabindex=\"-1\" ><div class=\"elementor-post__thumbnail\"><img loading=\"lazy\" decoding=\"async\" width=\"800\" height=\"500\" src=\"https:\/\/gradido.net\/wp-content\/uploads\/2022\/05\/WP_QR-Code-1024x640.jpg\" class=\"attachment-large size-large wp-image-4276\" alt=\"\" srcset=\"https:\/\/gradido.net\/wp-content\/uploads\/2022\/05\/WP_QR-Code-1024x640.jpg 1024w, https:\/\/gradido.net\/wp-content\/uploads\/2022\/05\/WP_QR-Code-300x188.jpg 300w, https:\/\/gradido.net\/wp-content\/uploads\/2022\/05\/WP_QR-Code-768x480.jpg 768w, https:\/\/gradido.net\/wp-content\/uploads\/2022\/05\/WP_QR-Code-18x12.jpg 18w, https:\/\/gradido.net\/wp-content\/uploads\/2022\/05\/WP_QR-Code.jpg 1440w\" sizes=\"(max-width: 800px) 100vw, 800px\" \/><\/div><\/a>\n\t\t\t\t<div class=\"elementor-post__text\">\n\t\t\t\t<h3 class=\"elementor-post__title\">\n\t\t\t<a href=\"https:\/\/gradido.net\/nl\/live-gradido-senden-von-mensch-zu-mensch-mit-qr-code\/\" >\n\t\t\t\tNieuw: stuur live Gradido van persoon tot persoon - met QR-code\t\t\t<\/a>\n\t\t<\/h3>\n\t\t\t\t<div class=\"elementor-post__excerpt\">\n\t\t\t<p>Naast bankoverschrijving en de Gradido link, kunt u nu ook Gradido's versturen met een QR code. Rechtstreeks in persoonlijk contact van mens tot mens brengt u de visie over van een nieuw levensgeldsysteem dat is ontwikkeld volgens de concepten voor succes van de natuur die zich gedurende miljarden jaren hebben bewezen.<\/p>\n\t\t<\/div>\n\t\t\n\t\t<a class=\"elementor-post__read-more\" href=\"https:\/\/gradido.net\/nl\/live-gradido-senden-von-mensch-zu-mensch-mit-qr-code\/\" aria-label=\"Lees meer over Nieuw: Live Gradido versturen van persoon naar persoon - met QR-code\" tabindex=\"-1\" >\n\t\t\tLees meer\t\t<\/a>\n\n\t\t\t\t<\/div>\n\t\t\t\t<div class=\"elementor-post__meta-data\">\n\t\t\t\t\t<span class=\"elementor-post-date\">\n\t\t\t1 mei 2022\t\t<\/span>\n\t\t\t\t<\/div>\n\t\t\t\t\t<\/div>\n\t\t<\/article>\n\t\t\t\t<article class=\"elementor-post elementor-grid-item post-4228 post type-post status-publish format-standard has-post-thumbnail hentry category-blog category-community category-gradido-konto\" role=\"listitem\">\n\t\t\t<div class=\"elementor-post__card\">\n\t\t\t\t<a class=\"elementor-post__thumbnail__link\" href=\"https:\/\/gradido.net\/nl\/gradido-link-erfahrungen-und-textvorschlaege\/\" tabindex=\"-1\" ><div class=\"elementor-post__thumbnail\"><img loading=\"lazy\" decoding=\"async\" width=\"800\" height=\"354\" src=\"https:\/\/gradido.net\/wp-content\/uploads\/2022\/04\/DANKE-1-1024x453.jpg\" class=\"attachment-large size-large wp-image-4231\" alt=\"\" srcset=\"https:\/\/gradido.net\/wp-content\/uploads\/2022\/04\/DANKE-1-1024x453.jpg 1024w, https:\/\/gradido.net\/wp-content\/uploads\/2022\/04\/DANKE-1-300x133.jpg 300w, https:\/\/gradido.net\/wp-content\/uploads\/2022\/04\/DANKE-1-768x340.jpg 768w, https:\/\/gradido.net\/wp-content\/uploads\/2022\/04\/DANKE-1-1536x680.jpg 1536w, https:\/\/gradido.net\/wp-content\/uploads\/2022\/04\/DANKE-1-18x8.jpg 18w, https:\/\/gradido.net\/wp-content\/uploads\/2022\/04\/DANKE-1.jpg 1600w\" sizes=\"(max-width: 800px) 100vw, 800px\" \/><\/div><\/a>\n\t\t\t\t<div class=\"elementor-post__text\">\n\t\t\t\t<h3 class=\"elementor-post__title\">\n\t\t\t<a href=\"https:\/\/gradido.net\/nl\/gradido-link-erfahrungen-und-textvorschlaege\/\" >\n\t\t\t\tGradido Link - Ervaringen en tekstsuggesties\t\t\t<\/a>\n\t\t<\/h3>\n\t\t\t\t<div class=\"elementor-post__excerpt\">\n\t\t\t<p>Om het u zo gemakkelijk mogelijk te maken, hebben wij voor de verschillende gevallen tekstsuggesties opgesteld. Voel je vrij om ze aan te passen aan je wensen en idee\u00ebn.<\/p>\n\t\t<\/div>\n\t\t\n\t\t<a class=\"elementor-post__read-more\" href=\"https:\/\/gradido.net\/nl\/gradido-link-erfahrungen-und-textvorschlaege\/\" aria-label=\"Lees meer over Gradido-Link - ervaringen en tekstsuggesties\" tabindex=\"-1\" >\n\t\t\tLees meer\t\t<\/a>\n\n\t\t\t\t<\/div>\n\t\t\t\t<div class=\"elementor-post__meta-data\">\n\t\t\t\t\t<span class=\"elementor-post-date\">\n\t\t\t24 april 2022\t\t<\/span>\n\t\t\t\t<\/div>\n\t\t\t\t\t<\/div>\n\t\t<\/article>\n\t\t\t\t<article class=\"elementor-post elementor-grid-item post-4024 post type-post status-publish format-standard has-post-thumbnail hentry category-blog category-community\" role=\"listitem\">\n\t\t\t<div class=\"elementor-post__card\">\n\t\t\t\t<a class=\"elementor-post__thumbnail__link\" href=\"https:\/\/gradido.net\/nl\/freunde-finden-und-neue-wirklichkeit-gestalten\/\" tabindex=\"-1\" ><div class=\"elementor-post__thumbnail\"><img loading=\"lazy\" decoding=\"async\" width=\"800\" height=\"534\" src=\"https:\/\/gradido.net\/wp-content\/uploads\/2022\/02\/AdobeStock_79579109-1024x683.jpeg\" class=\"attachment-large size-large wp-image-4216\" alt=\"\" srcset=\"https:\/\/gradido.net\/wp-content\/uploads\/2022\/02\/AdobeStock_79579109-1024x683.jpeg 1024w, https:\/\/gradido.net\/wp-content\/uploads\/2022\/02\/AdobeStock_79579109-300x200.jpeg 300w, https:\/\/gradido.net\/wp-content\/uploads\/2022\/02\/AdobeStock_79579109-768x512.jpeg 768w, https:\/\/gradido.net\/wp-content\/uploads\/2022\/02\/AdobeStock_79579109-1536x1024.jpeg 1536w, https:\/\/gradido.net\/wp-content\/uploads\/2022\/02\/AdobeStock_79579109-2048x1365.jpeg 2048w, https:\/\/gradido.net\/wp-content\/uploads\/2022\/02\/AdobeStock_79579109-18x12.jpeg 18w\" sizes=\"(max-width: 800px) 100vw, 800px\" \/><\/div><\/a>\n\t\t\t\t<div class=\"elementor-post__text\">\n\t\t\t\t<h3 class=\"elementor-post__title\">\n\t\t\t<a href=\"https:\/\/gradido.net\/nl\/freunde-finden-und-neue-wirklichkeit-gestalten\/\" >\n\t\t\t\tVrienden maken en een nieuwe realiteit vormgeven\t\t\t<\/a>\n\t\t<\/h3>\n\t\t\t\t<div class=\"elementor-post__excerpt\">\n\t\t\t<p>Elke dag anderen bedanken met Gradido betekent meer en meer vrienden maken. Wij versterken elkaar, vormen alternatieve \"Gradido-eilanden\" en maken ons meer en meer onafhankelijk van het oude systeem.<\/p>\n\t\t<\/div>\n\t\t\n\t\t<a class=\"elementor-post__read-more\" href=\"https:\/\/gradido.net\/nl\/freunde-finden-und-neue-wirklichkeit-gestalten\/\" aria-label=\"Lees meer over Vrienden maken en nieuwe realiteiten cre\u00ebren\" tabindex=\"-1\" >\n\t\t\tLees meer\t\t<\/a>\n\n\t\t\t\t<\/div>\n\t\t\t\t<div class=\"elementor-post__meta-data\">\n\t\t\t\t\t<span class=\"elementor-post-date\">\n\t\t\t20 april 2022\t\t<\/span>\n\t\t\t\t<\/div>\n\t\t\t\t\t<\/div>\n\t\t<\/article>\n\t\t\t\t<\/div>\n\t\t\n\t\t\t\t\t\t<\/div>\n\t\t\t\t<\/div>\n\t\t\t\t\t<\/div>\n\t\t<\/div>\n\t\t\t\t\t<\/div>\n\t\t<\/section>\n\t\t\t\t<\/div>","protected":false},"excerpt":{"rendered":"<p>Nieuws en dingen om te weten<\/p>","protected":false},"author":1,"featured_media":3960,"parent":0,"menu_order":0,"comment_status":"closed","ping_status":"closed","template":"","meta":{"footnotes":""},"class_list":["post-704","page","type-page","status-publish","has-post-thumbnail","hentry"],"yoast_head":"<!-- This site is optimized with the Yoast SEO plugin v27.5 - https:\/\/yoast.com\/product\/yoast-seo-wordpress\/ -->\n<title>Blog - Gradido<\/title>\n<meta name=\"description\" content=\"Aktuelles und Wissenswertes \u00fcber die neue Dankbarkeitsw\u00e4hrung\" \/>\n<meta name=\"robots\" content=\"index, follow, max-snippet:-1, max-image-preview:large, max-video-preview:-1\" \/>\n<link rel=\"canonical\" href=\"https:\/\/gradido.net\/nl\/blog\/\" \/>\n<meta property=\"og:locale\" content=\"nl_NL\" \/>\n<meta property=\"og:type\" content=\"article\" \/>\n<meta property=\"og:title\" content=\"Blog - Gradido\" \/>\n<meta property=\"og:description\" content=\"Aktuelles und Wissenswertes \u00fcber die neue Dankbarkeitsw\u00e4hrung\" \/>\n<meta property=\"og:url\" content=\"https:\/\/gradido.net\/nl\/blog\/\" \/>\n<meta property=\"og:site_name\" content=\"Gradido\" \/>\n<meta property=\"article:modified_time\" content=\"2026-04-22T19:06:52+00:00\" \/>\n<meta property=\"og:image\" content=\"https:\/\/gradido.net\/wp-content\/uploads\/2022\/02\/blog.jpg\" \/>\n\t<meta property=\"og:image:width\" content=\"1920\" \/>\n\t<meta property=\"og:image:height\" content=\"450\" \/>\n\t<meta property=\"og:image:type\" content=\"image\/jpeg\" \/>\n<meta name=\"twitter:card\" content=\"summary_large_image\" \/>\n<meta name=\"twitter:label1\" content=\"Geschatte leestijd\" \/>\n\t<meta name=\"twitter:data1\" content=\"36 minuten\" \/>\n<script type=\"application\/ld+json\" class=\"yoast-schema-graph\">{\"@context\":\"https:\\\/\\\/schema.org\",\"@graph\":[{\"@type\":\"WebPage\",\"@id\":\"https:\\\/\\\/gradido.net\\\/blog\\\/\",\"url\":\"https:\\\/\\\/gradido.net\\\/blog\\\/\",\"name\":\"Blog - Gradido\",\"isPartOf\":{\"@id\":\"https:\\\/\\\/gradido.net\\\/de\\\/#website\"},\"primaryImageOfPage\":{\"@id\":\"https:\\\/\\\/gradido.net\\\/blog\\\/#primaryimage\"},\"image\":{\"@id\":\"https:\\\/\\\/gradido.net\\\/blog\\\/#primaryimage\"},\"thumbnailUrl\":\"https:\\\/\\\/gradido.net\\\/wp-content\\\/uploads\\\/2022\\\/02\\\/blog.jpg\",\"datePublished\":\"2020-09-20T10:45:42+00:00\",\"dateModified\":\"2026-04-22T19:06:52+00:00\",\"description\":\"Aktuelles und Wissenswertes \u00fcber die neue Dankbarkeitsw\u00e4hrung\",\"breadcrumb\":{\"@id\":\"https:\\\/\\\/gradido.net\\\/blog\\\/#breadcrumb\"},\"inLanguage\":\"nl-NL\",\"potentialAction\":[{\"@type\":\"ReadAction\",\"target\":[\"https:\\\/\\\/gradido.net\\\/blog\\\/\"]}]},{\"@type\":\"ImageObject\",\"inLanguage\":\"nl-NL\",\"@id\":\"https:\\\/\\\/gradido.net\\\/blog\\\/#primaryimage\",\"url\":\"https:\\\/\\\/gradido.net\\\/wp-content\\\/uploads\\\/2022\\\/02\\\/blog.jpg\",\"contentUrl\":\"https:\\\/\\\/gradido.net\\\/wp-content\\\/uploads\\\/2022\\\/02\\\/blog.jpg\",\"width\":1920,\"height\":450},{\"@type\":\"BreadcrumbList\",\"@id\":\"https:\\\/\\\/gradido.net\\\/blog\\\/#breadcrumb\",\"itemListElement\":[{\"@type\":\"ListItem\",\"position\":1,\"name\":\"Startseite\",\"item\":\"https:\\\/\\\/gradido.net\\\/\"},{\"@type\":\"ListItem\",\"position\":2,\"name\":\"Blog\"}]},{\"@type\":\"WebSite\",\"@id\":\"https:\\\/\\\/gradido.net\\\/de\\\/#website\",\"url\":\"https:\\\/\\\/gradido.net\\\/de\\\/\",\"name\":\"Gradido\",\"description\":\"Die neue W\u00e4hrung hei\u00dft Dankbarkeit\",\"publisher\":{\"@id\":\"https:\\\/\\\/gradido.net\\\/de\\\/#organization\"},\"potentialAction\":[{\"@type\":\"SearchAction\",\"target\":{\"@type\":\"EntryPoint\",\"urlTemplate\":\"https:\\\/\\\/gradido.net\\\/de\\\/?s={search_term_string}\"},\"query-input\":{\"@type\":\"PropertyValueSpecification\",\"valueRequired\":true,\"valueName\":\"search_term_string\"}}],\"inLanguage\":\"nl-NL\"},{\"@type\":\"Organization\",\"@id\":\"https:\\\/\\\/gradido.net\\\/de\\\/#organization\",\"name\":\"Gradido\",\"url\":\"https:\\\/\\\/gradido.net\\\/de\\\/\",\"logo\":{\"@type\":\"ImageObject\",\"inLanguage\":\"nl-NL\",\"@id\":\"https:\\\/\\\/gradido.net\\\/de\\\/#\\\/schema\\\/logo\\\/image\\\/\",\"url\":\"https:\\\/\\\/gradido.net\\\/wp-content\\\/uploads\\\/2022\\\/04\\\/gradido-social.jpg\",\"contentUrl\":\"https:\\\/\\\/gradido.net\\\/wp-content\\\/uploads\\\/2022\\\/04\\\/gradido-social.jpg\",\"width\":527,\"height\":273,\"caption\":\"Gradido\"},\"image\":{\"@id\":\"https:\\\/\\\/gradido.net\\\/de\\\/#\\\/schema\\\/logo\\\/image\\\/\"}}]}<\/script>\n<!-- \/ Yoast SEO plugin. -->","yoast_head_json":{"title":"Blog - Gradido","description":"Nieuws en interessante feiten over de nieuwe dankbaarheidsmunt","robots":{"index":"index","follow":"follow","max-snippet":"max-snippet:-1","max-image-preview":"max-image-preview:large","max-video-preview":"max-video-preview:-1"},"canonical":"https:\/\/gradido.net\/nl\/blog\/","og_locale":"nl_NL","og_type":"article","og_title":"Blog - Gradido","og_description":"Aktuelles und Wissenswertes \u00fcber die neue Dankbarkeitsw\u00e4hrung","og_url":"https:\/\/gradido.net\/nl\/blog\/","og_site_name":"Gradido","article_modified_time":"2026-04-22T19:06:52+00:00","og_image":[{"width":1920,"height":450,"url":"https:\/\/gradido.net\/wp-content\/uploads\/2022\/02\/blog.jpg","type":"image\/jpeg"}],"twitter_card":"summary_large_image","twitter_misc":{"Geschatte leestijd":"36 minuten"},"schema":{"@context":"https:\/\/schema.org","@graph":[{"@type":"WebPage","@id":"https:\/\/gradido.net\/blog\/","url":"https:\/\/gradido.net\/blog\/","name":"Blog - Gradido","isPartOf":{"@id":"https:\/\/gradido.net\/de\/#website"},"primaryImageOfPage":{"@id":"https:\/\/gradido.net\/blog\/#primaryimage"},"image":{"@id":"https:\/\/gradido.net\/blog\/#primaryimage"},"thumbnailUrl":"https:\/\/gradido.net\/wp-content\/uploads\/2022\/02\/blog.jpg","datePublished":"2020-09-20T10:45:42+00:00","dateModified":"2026-04-22T19:06:52+00:00","description":"Nieuws en interessante feiten over de nieuwe dankbaarheidsmunt","breadcrumb":{"@id":"https:\/\/gradido.net\/blog\/#breadcrumb"},"inLanguage":"nl-NL","potentialAction":[{"@type":"ReadAction","target":["https:\/\/gradido.net\/blog\/"]}]},{"@type":"ImageObject","inLanguage":"nl-NL","@id":"https:\/\/gradido.net\/blog\/#primaryimage","url":"https:\/\/gradido.net\/wp-content\/uploads\/2022\/02\/blog.jpg","contentUrl":"https:\/\/gradido.net\/wp-content\/uploads\/2022\/02\/blog.jpg","width":1920,"height":450},{"@type":"BreadcrumbList","@id":"https:\/\/gradido.net\/blog\/#breadcrumb","itemListElement":[{"@type":"ListItem","position":1,"name":"Startseite","item":"https:\/\/gradido.net\/"},{"@type":"ListItem","position":2,"name":"Blog"}]},{"@type":"WebSite","@id":"https:\/\/gradido.net\/de\/#website","url":"https:\/\/gradido.net\/de\/","name":"Gradido","description":"De nieuwe munteenheid is dankbaarheid","publisher":{"@id":"https:\/\/gradido.net\/de\/#organization"},"potentialAction":[{"@type":"SearchAction","target":{"@type":"EntryPoint","urlTemplate":"https:\/\/gradido.net\/de\/?s={search_term_string}"},"query-input":{"@type":"PropertyValueSpecification","valueRequired":true,"valueName":"search_term_string"}}],"inLanguage":"nl-NL"},{"@type":"Organization","@id":"https:\/\/gradido.net\/de\/#organization","name":"Gradido","url":"https:\/\/gradido.net\/de\/","logo":{"@type":"ImageObject","inLanguage":"nl-NL","@id":"https:\/\/gradido.net\/de\/#\/schema\/logo\/image\/","url":"https:\/\/gradido.net\/wp-content\/uploads\/2022\/04\/gradido-social.jpg","contentUrl":"https:\/\/gradido.net\/wp-content\/uploads\/2022\/04\/gradido-social.jpg","width":527,"height":273,"caption":"Gradido"},"image":{"@id":"https:\/\/gradido.net\/de\/#\/schema\/logo\/image\/"}}]}},"_links":{"self":[{"href":"https:\/\/gradido.net\/nl\/wp-json\/wp\/v2\/pages\/704","targetHints":{"allow":["GET"]}}],"collection":[{"href":"https:\/\/gradido.net\/nl\/wp-json\/wp\/v2\/pages"}],"about":[{"href":"https:\/\/gradido.net\/nl\/wp-json\/wp\/v2\/types\/page"}],"author":[{"embeddable":true,"href":"https:\/\/gradido.net\/nl\/wp-json\/wp\/v2\/users\/1"}],"replies":[{"embeddable":true,"href":"https:\/\/gradido.net\/nl\/wp-json\/wp\/v2\/comments?post=704"}],"version-history":[{"count":24,"href":"https:\/\/gradido.net\/nl\/wp-json\/wp\/v2\/pages\/704\/revisions"}],"predecessor-version":[{"id":13527,"href":"https:\/\/gradido.net\/nl\/wp-json\/wp\/v2\/pages\/704\/revisions\/13527"}],"wp:featuredmedia":[{"embeddable":true,"href":"https:\/\/gradido.net\/nl\/wp-json\/wp\/v2\/media\/3960"}],"wp:attachment":[{"href":"https:\/\/gradido.net\/nl\/wp-json\/wp\/v2\/media?parent=704"}],"curies":[{"name":"wp","href":"https:\/\/api.w.org\/{rel}","templated":true}]}}