{"version":"1.0","provider_name":"Gradido","provider_url":"https:\/\/gradido.net\/pl","author_name":"GR4dmin","author_url":"https:\/\/gradido.net\/pl\/author\/gr4dmin\/","title":"Endlich Sicherheit mit Perspektive - Gradido","type":"rich","width":600,"height":338,"html":"<blockquote class=\"wp-embedded-content\" data-secret=\"dFM08aa8Zm\"><a href=\"https:\/\/gradido.net\/pl\/endlich-sicherheit-mit-perspektive\/\">Wreszcie bezpiecze\u0144stwo z perspektyw\u0105<\/a><\/blockquote><iframe sandbox=\"allow-scripts\" security=\"restricted\" src=\"https:\/\/gradido.net\/pl\/endlich-sicherheit-mit-perspektive\/embed\/#?secret=dFM08aa8Zm\" width=\"600\" height=\"338\" title=\"\u201eW ko\u0144cu bezpiecze\u0144stwo z perspektyw\u0105\u201d \u2014 Gradido\" data-secret=\"dFM08aa8Zm\" frameborder=\"0\" marginwidth=\"0\" marginheight=\"0\" scrolling=\"no\" class=\"wp-embedded-content\"><\/iframe><script>\n\/*! This file is auto-generated *\/\n!function(d,l){\"use strict\";l.querySelector&&d.addEventListener&&\"undefined\"!=typeof URL&&(d.wp=d.wp||{},d.wp.receiveEmbedMessage||(d.wp.receiveEmbedMessage=function(e){var t=e.data;if((t||t.secret||t.message||t.value)&&!\/[^a-zA-Z0-9]\/.test(t.secret)){for(var s,r,n,a=l.querySelectorAll('iframe[data-secret=\"'+t.secret+'\"]'),o=l.querySelectorAll('blockquote[data-secret=\"'+t.secret+'\"]'),c=new RegExp(\"^https?:$\",\"i\"),i=0;i<o.length;i++)o[i].style.display=\"none\";for(i=0;i<a.length;i++)s=a[i],e.source===s.contentWindow&&(s.removeAttribute(\"style\"),\"height\"===t.message?(1e3<(r=parseInt(t.value,10))?r=1e3:~~r<200&&(r=200),s.height=r):\"link\"===t.message&&(r=new URL(s.getAttribute(\"src\")),n=new URL(t.value),c.test(n.protocol))&&n.host===r.host&&l.activeElement===s&&(d.top.location.href=t.value))}},d.addEventListener(\"message\",d.wp.receiveEmbedMessage,!1),l.addEventListener(\"DOMContentLoaded\",function(){for(var e,t,s=l.querySelectorAll(\"iframe.wp-embedded-content\"),r=0;r<s.length;r++)(t=(e=s[r]).getAttribute(\"data-secret\"))||(t=Math.random().toString(36).substring(2,12),e.src+=\"#?secret=\"+t,e.setAttribute(\"data-secret\",t)),e.contentWindow.postMessage({message:\"ready\",secret:t},\"*\")},!1)))}(window,document);\n\/\/# sourceURL=https:\/\/gradido.net\/wp-includes\/js\/wp-embed.min.js\n<\/script>","thumbnail_url":"https:\/\/gradido.net\/wp-content\/uploads\/2020\/09\/endlich-sicherheit-mit-perspektive-pressemitteilung.jpg","thumbnail_width":1000,"thumbnail_height":667,"description":"Aktives Grundeinkommen f\u00fcr K\u00fcnstler und freie Journalisten K\u00fcnzelsau, 30. September 2020 \u2013 Was w\u00e4re ein Land ohne seine Dichter, Denker, Musiker, Maler, Schauspieler, S\u00e4nger, T\u00e4nzer, Journalisten, Publizisten und Filmemacher? Sie bringen Farbe, Freude, Fragen, Gef\u00fchle, Inspiration und Visionen in unser Leben. Nun aber bedrohen die Corona-Ma\u00dfnahmen die Existenz unz\u00e4hliger Solo-Selbstst\u00e4ndiger aus Kunst, Kultur und Kommunikation. [&hellip;]"}