{"id":11335,"date":"2025-08-15T13:52:57","date_gmt":"2025-08-15T11:52:57","guid":{"rendered":"https:\/\/gradido.net\/?page_id=11335"},"modified":"2025-11-09T19:33:20","modified_gmt":"2025-11-09T18:33:20","slug":"pilot-projects-in-german-cities","status":"publish","type":"page","link":"https:\/\/gradido.net\/pl\/countries\/germany\/pilot-projects-in-german-cities\/","title":{"rendered":"Niemcy: Projekty pilota\u017cowe w niemieckich miastach"},"content":{"rendered":"<div data-elementor-type=\"wp-page\" data-elementor-id=\"11335\" class=\"elementor elementor-11335\" data-elementor-post-type=\"page\">\n\t\t\t\t\t\t<section class=\"elementor-section elementor-top-section elementor-element elementor-element-4ce3e8af elementor-section-full_width elementor-section-height-default elementor-section-height-default\" data-id=\"4ce3e8af\" data-element_type=\"section\" data-e-type=\"section\">\n\t\t\t\t\t\t<div class=\"elementor-container elementor-column-gap-no\">\n\t\t\t\t\t<div class=\"elementor-column elementor-col-100 elementor-top-column elementor-element elementor-element-efa8c8c\" data-id=\"efa8c8c\" data-element_type=\"column\" data-e-type=\"column\">\n\t\t\t<div class=\"elementor-widget-wrap elementor-element-populated\">\n\t\t\t\t\t\t<div class=\"elementor-element elementor-element-e088aa4 elementor--h-position-center elementor--v-position-middle elementor-arrows-position-inside elementor-widget elementor-widget-slides\" data-id=\"e088aa4\" data-element_type=\"widget\" data-e-type=\"widget\" data-settings=\"{&quot;navigation&quot;:&quot;arrows&quot;,&quot;autoplay&quot;:&quot;yes&quot;,&quot;pause_on_hover&quot;:&quot;yes&quot;,&quot;pause_on_interaction&quot;:&quot;yes&quot;,&quot;autoplay_speed&quot;:5000,&quot;infinite&quot;:&quot;yes&quot;,&quot;transition&quot;:&quot;slide&quot;,&quot;transition_speed&quot;:500}\" data-widget_type=\"slides.default\">\n\t\t\t\t<div class=\"elementor-widget-container\">\n\t\t\t\t\t\t\t\t\t<div class=\"elementor-swiper\">\n\t\t\t\t\t<div class=\"elementor-slides-wrapper elementor-main-swiper swiper\" role=\"region\" aria-roledescription=\"carousel\" aria-label=\"Suwak\" dir=\"ltr\" data-animation=\"fadeInUp\">\n\t\t\t\t<div class=\"swiper-wrapper elementor-slides\">\n\t\t\t\t\t\t\t\t\t\t<div class=\"elementor-repeater-item-2de4990 swiper-slide\" role=\"group\" aria-roledescription=\"slide\"><div class=\"swiper-slide-bg\" role=\"img\" aria-label=\"neuschwanstein-2602208_1280\"><\/div><div class=\"swiper-slide-inner\" ><div class=\"swiper-slide-contents\"><\/div><\/div><\/div><div class=\"elementor-repeater-item-28f126e swiper-slide\" role=\"group\" aria-roledescription=\"slide\"><div class=\"swiper-slide-bg\" role=\"img\" aria-label=\"building-6994803_1280\"><\/div><div class=\"swiper-slide-inner\" ><div class=\"swiper-slide-contents\"><\/div><\/div><\/div><div class=\"elementor-repeater-item-992da35 swiper-slide\" role=\"group\" aria-roledescription=\"slide\"><div class=\"swiper-slide-bg\" role=\"img\" aria-label=\"flow-9587488_1280\"><\/div><div class=\"swiper-slide-inner\" ><div class=\"swiper-slide-contents\"><\/div><\/div><\/div><div class=\"elementor-repeater-item-1a67a9d swiper-slide\" role=\"group\" aria-roledescription=\"slide\"><div class=\"swiper-slide-bg\" role=\"img\" aria-label=\"hamburg-4570577_1280\"><\/div><div class=\"swiper-slide-inner\" ><div class=\"swiper-slide-contents\"><\/div><\/div><\/div><div class=\"elementor-repeater-item-2799f50 swiper-slide\" role=\"group\" aria-roledescription=\"slide\"><div class=\"swiper-slide-bg\" role=\"img\" aria-label=\"berlin-8429780_1280\"><\/div><div class=\"swiper-slide-inner\" ><div class=\"swiper-slide-contents\"><\/div><\/div><\/div><div class=\"elementor-repeater-item-22adf08 swiper-slide\" role=\"group\" aria-roledescription=\"slide\"><div class=\"swiper-slide-bg\" role=\"img\" aria-label=\"cologne-cathedral-1846338_1280\"><\/div><div class=\"swiper-slide-inner\" ><div class=\"swiper-slide-contents\"><\/div><\/div><\/div>\t\t\t\t<\/div>\n\t\t\t\t\t\t\t\t\t\t\t\t\t\t\t<div class=\"elementor-swiper-button elementor-swiper-button-prev\" role=\"button\" tabindex=\"0\" aria-label=\"Predch\u00e1dzaj\u00faci sn\u00edmok\" data-no-translation-aria-label=\"\">\n\t\t\t\t\t\t\t<i aria-hidden=\"true\" class=\"eicon-chevron-left\"><\/i>\t\t\t\t\t\t<\/div>\n\t\t\t\t\t\t<div class=\"elementor-swiper-button elementor-swiper-button-next\" role=\"button\" tabindex=\"0\" aria-label=\"\u010eal\u0161ia sn\u00edmka\" data-no-translation-aria-label=\"\">\n\t\t\t\t\t\t\t<i aria-hidden=\"true\" class=\"eicon-chevron-right\"><\/i>\t\t\t\t\t\t<\/div>\n\t\t\t\t\t\t\t\t\t\t\t\t\t\t\t\t\t<\/div>\n\t\t\t\t<\/div>\n\t\t\t\t\t\t\t\t<\/div>\n\t\t\t\t<\/div>\n\t\t\t\t\t<\/div>\n\t\t<\/div>\n\t\t\t\t\t<\/div>\n\t\t<\/section>\n\t\t\t\t<section class=\"elementor-section elementor-top-section elementor-element elementor-element-240baa7a elementor-section-boxed elementor-section-height-default elementor-section-height-default\" data-id=\"240baa7a\" data-element_type=\"section\" data-e-type=\"section\" data-settings=\"{&quot;background_background&quot;:&quot;classic&quot;}\">\n\t\t\t\t\t\t<div class=\"elementor-container elementor-column-gap-default\">\n\t\t\t\t\t<div class=\"elementor-column elementor-col-100 elementor-top-column elementor-element elementor-element-1afe9e42\" data-id=\"1afe9e42\" data-element_type=\"column\" data-e-type=\"column\">\n\t\t\t<div class=\"elementor-widget-wrap elementor-element-populated\">\n\t\t\t\t\t\t<div class=\"elementor-element elementor-element-65bd50ae elementor-widget elementor-widget-heading\" data-id=\"65bd50ae\" data-element_type=\"widget\" data-e-type=\"widget\" data-widget_type=\"heading.default\">\n\t\t\t\t<div class=\"elementor-widget-container\">\n\t\t\t\t\t<h1 class=\"elementor-heading-title elementor-size-default\">Projekty pilota\u017cowe w niemieckich miastach<\/h1>\t\t\t\t<\/div>\n\t\t\t\t<\/div>\n\t\t\t\t\t<\/div>\n\t\t<\/div>\n\t\t\t\t\t<\/div>\n\t\t<\/section>\n\t\t\t\t<section class=\"elementor-section elementor-top-section elementor-element elementor-element-446540f elementor-section-boxed elementor-section-height-default elementor-section-height-default\" data-id=\"446540f\" data-element_type=\"section\" data-e-type=\"section\">\n\t\t\t\t\t\t<div class=\"elementor-container elementor-column-gap-default\">\n\t\t\t\t\t<div class=\"elementor-column elementor-col-100 elementor-top-column elementor-element elementor-element-312a2d3\" data-id=\"312a2d3\" data-element_type=\"column\" data-e-type=\"column\">\n\t\t\t<div class=\"elementor-widget-wrap elementor-element-populated\">\n\t\t\t\t\t\t<div class=\"elementor-element elementor-element-8071a6f elementor-nav-menu--dropdown-tablet elementor-nav-menu__text-align-aside elementor-nav-menu--toggle elementor-nav-menu--burger elementor-widget elementor-widget-nav-menu\" data-id=\"8071a6f\" data-element_type=\"widget\" data-e-type=\"widget\" data-settings=\"{&quot;layout&quot;:&quot;horizontal&quot;,&quot;submenu_icon&quot;:{&quot;value&quot;:&quot;&lt;i class=\\&quot;fas fa-caret-down\\&quot; aria-hidden=\\&quot;true\\&quot;&gt;&lt;\\\/i&gt;&quot;,&quot;library&quot;:&quot;fa-solid&quot;},&quot;toggle&quot;:&quot;burger&quot;}\" data-widget_type=\"nav-menu.default\">\n\t\t\t\t<div class=\"elementor-widget-container\">\n\t\t\t\t\t\t\t\t<nav aria-label=\"Badania krajowe\" class=\"elementor-nav-menu--main elementor-nav-menu__container elementor-nav-menu--layout-horizontal e--pointer-underline e--animation-grow\">\n\t\t\t\t<ul id=\"menu-1-8071a6f\" class=\"elementor-nav-menu\"><li class=\"menu-item menu-item-type-custom menu-item-object-custom menu-item-has-children menu-item-12305\"><a class=\"elementor-item\">Afryka<\/a>\n<ul class=\"sub-menu elementor-nav-menu--dropdown\">\n\t<li class=\"menu-item menu-item-type-post_type menu-item-object-page menu-item-12253\"><a href=\"https:\/\/gradido.net\/pl\/countries\/afrika\/\" class=\"elementor-sub-item\">Afryka, ca\u0142y kontynent<\/a><\/li>\n\t<li class=\"menu-item menu-item-type-post_type menu-item-object-page menu-item-13097\"><a href=\"https:\/\/gradido.net\/pl\/countries\/afrika\/dr-congo\/\" class=\"elementor-sub-item\">Demokratyczna Republika Konga<\/a><\/li>\n\t<li class=\"menu-item menu-item-type-post_type menu-item-object-page menu-item-12414\"><a href=\"https:\/\/gradido.net\/pl\/countries\/afrika\/kenya\/\" class=\"elementor-sub-item\">Kenia<\/a><\/li>\n\t<li class=\"menu-item menu-item-type-post_type menu-item-object-page menu-item-12737\"><a href=\"https:\/\/gradido.net\/pl\/countries\/afrika\/madagascar\/\" class=\"elementor-sub-item\">Madagaskar<\/a><\/li>\n\t<li class=\"menu-item menu-item-type-post_type menu-item-object-page menu-item-12148\"><a href=\"https:\/\/gradido.net\/pl\/countries\/afrika\/namibia\/\" class=\"elementor-sub-item\">Namibia<\/a><\/li>\n\t<li class=\"menu-item menu-item-type-post_type menu-item-object-page menu-item-12839\"><a href=\"https:\/\/gradido.net\/pl\/countries\/afrika\/rwanda\/\" class=\"elementor-sub-item\">Rwanda<\/a><\/li>\n<\/ul>\n<\/li>\n<li class=\"menu-item menu-item-type-custom menu-item-object-custom menu-item-has-children menu-item-11798\"><a class=\"elementor-item\">Ameryka<\/a>\n<ul class=\"sub-menu elementor-nav-menu--dropdown\">\n\t<li class=\"menu-item menu-item-type-post_type menu-item-object-page menu-item-12463\"><a href=\"https:\/\/gradido.net\/pl\/countries\/usa\/\" class=\"elementor-sub-item\">USA<\/a><\/li>\n\t<li class=\"menu-item menu-item-type-post_type menu-item-object-page menu-item-11791\"><a href=\"https:\/\/gradido.net\/pl\/countries\/mexico\/\" class=\"elementor-sub-item\">Meksyk<\/a><\/li>\n<\/ul>\n<\/li>\n<li class=\"menu-item menu-item-type-custom menu-item-object-custom menu-item-has-children menu-item-11800\"><a class=\"elementor-item\">Azja<\/a>\n<ul class=\"sub-menu elementor-nav-menu--dropdown\">\n\t<li class=\"menu-item menu-item-type-post_type menu-item-object-page menu-item-11794\"><a href=\"https:\/\/gradido.net\/pl\/countries\/maledives\/\" class=\"elementor-sub-item\">Malediwy<\/a><\/li>\n\t<li class=\"menu-item menu-item-type-post_type menu-item-object-page menu-item-11790\"><a href=\"https:\/\/gradido.net\/pl\/countries\/philippines\/\" class=\"elementor-sub-item\">Filipiny<\/a><\/li>\n\t<li class=\"menu-item menu-item-type-post_type menu-item-object-page menu-item-11802\"><a href=\"https:\/\/gradido.net\/pl\/countries\/saudi-arabia\/\" class=\"elementor-sub-item\">Arabia Saudyjska<\/a><\/li>\n<\/ul>\n<\/li>\n<li class=\"menu-item menu-item-type-custom menu-item-object-custom menu-item-has-children menu-item-11797\"><a class=\"elementor-item\">Europa<\/a>\n<ul class=\"sub-menu elementor-nav-menu--dropdown\">\n\t<li class=\"menu-item menu-item-type-post_type menu-item-object-page menu-item-11805\"><a href=\"https:\/\/gradido.net\/pl\/countries\/germany\/\" class=\"elementor-sub-item\">Niemcy<\/a><\/li>\n\t<li class=\"menu-item menu-item-type-post_type menu-item-object-page menu-item-11803\"><a href=\"https:\/\/gradido.net\/pl\/countries\/greece\/\" class=\"elementor-sub-item\">Grecja<\/a><\/li>\n\t<li class=\"menu-item menu-item-type-post_type menu-item-object-page menu-item-11788\"><a href=\"https:\/\/gradido.net\/pl\/countries\/spain\/\" class=\"elementor-sub-item\">Hiszpania<\/a><\/li>\n<\/ul>\n<\/li>\n<li class=\"menu-item menu-item-type-custom menu-item-object-custom menu-item-has-children menu-item-11801\"><a class=\"elementor-item\">Oceania<\/a>\n<ul class=\"sub-menu elementor-nav-menu--dropdown\">\n\t<li class=\"menu-item menu-item-type-post_type menu-item-object-page menu-item-11793\"><a href=\"https:\/\/gradido.net\/pl\/countries\/marshall-islands\/\" class=\"elementor-sub-item\">Wyspy Marshalla<\/a><\/li>\n\t<li class=\"menu-item menu-item-type-post_type menu-item-object-page menu-item-11795\"><a href=\"https:\/\/gradido.net\/pl\/countries\/tahiti\/\" class=\"elementor-sub-item\">Tahiti<\/a><\/li>\n<\/ul>\n<\/li>\n<\/ul>\t\t\t<\/nav>\n\t\t\t\t\t<div class=\"elementor-menu-toggle\" role=\"button\" tabindex=\"0\" aria-label=\"Menu Toggle\" aria-expanded=\"false\">\n\t\t\t<i aria-hidden=\"true\" role=\"presentation\" class=\"elementor-menu-toggle__icon--open eicon-menu-bar\"><\/i><i aria-hidden=\"true\" role=\"presentation\" class=\"elementor-menu-toggle__icon--close eicon-close\"><\/i>\t\t<\/div>\n\t\t\t\t\t<nav class=\"elementor-nav-menu--dropdown elementor-nav-menu__container\" aria-hidden=\"true\">\n\t\t\t\t<ul id=\"menu-2-8071a6f\" class=\"elementor-nav-menu\"><li class=\"menu-item menu-item-type-custom menu-item-object-custom menu-item-has-children menu-item-12305\"><a class=\"elementor-item\" tabindex=\"-1\">Afryka<\/a>\n<ul class=\"sub-menu elementor-nav-menu--dropdown\">\n\t<li class=\"menu-item menu-item-type-post_type menu-item-object-page menu-item-12253\"><a href=\"https:\/\/gradido.net\/pl\/countries\/afrika\/\" class=\"elementor-sub-item\" tabindex=\"-1\">Afryka, ca\u0142y kontynent<\/a><\/li>\n\t<li class=\"menu-item menu-item-type-post_type menu-item-object-page menu-item-13097\"><a href=\"https:\/\/gradido.net\/pl\/countries\/afrika\/dr-congo\/\" class=\"elementor-sub-item\" tabindex=\"-1\">Demokratyczna Republika Konga<\/a><\/li>\n\t<li class=\"menu-item menu-item-type-post_type menu-item-object-page menu-item-12414\"><a href=\"https:\/\/gradido.net\/pl\/countries\/afrika\/kenya\/\" class=\"elementor-sub-item\" tabindex=\"-1\">Kenia<\/a><\/li>\n\t<li class=\"menu-item menu-item-type-post_type menu-item-object-page menu-item-12737\"><a href=\"https:\/\/gradido.net\/pl\/countries\/afrika\/madagascar\/\" class=\"elementor-sub-item\" tabindex=\"-1\">Madagaskar<\/a><\/li>\n\t<li class=\"menu-item menu-item-type-post_type menu-item-object-page menu-item-12148\"><a href=\"https:\/\/gradido.net\/pl\/countries\/afrika\/namibia\/\" class=\"elementor-sub-item\" tabindex=\"-1\">Namibia<\/a><\/li>\n\t<li class=\"menu-item menu-item-type-post_type menu-item-object-page menu-item-12839\"><a href=\"https:\/\/gradido.net\/pl\/countries\/afrika\/rwanda\/\" class=\"elementor-sub-item\" tabindex=\"-1\">Rwanda<\/a><\/li>\n<\/ul>\n<\/li>\n<li class=\"menu-item menu-item-type-custom menu-item-object-custom menu-item-has-children menu-item-11798\"><a class=\"elementor-item\" tabindex=\"-1\">Ameryka<\/a>\n<ul class=\"sub-menu elementor-nav-menu--dropdown\">\n\t<li class=\"menu-item menu-item-type-post_type menu-item-object-page menu-item-12463\"><a href=\"https:\/\/gradido.net\/pl\/countries\/usa\/\" class=\"elementor-sub-item\" tabindex=\"-1\">USA<\/a><\/li>\n\t<li class=\"menu-item menu-item-type-post_type menu-item-object-page menu-item-11791\"><a href=\"https:\/\/gradido.net\/pl\/countries\/mexico\/\" class=\"elementor-sub-item\" tabindex=\"-1\">Meksyk<\/a><\/li>\n<\/ul>\n<\/li>\n<li class=\"menu-item menu-item-type-custom menu-item-object-custom menu-item-has-children menu-item-11800\"><a class=\"elementor-item\" tabindex=\"-1\">Azja<\/a>\n<ul class=\"sub-menu elementor-nav-menu--dropdown\">\n\t<li class=\"menu-item menu-item-type-post_type menu-item-object-page menu-item-11794\"><a href=\"https:\/\/gradido.net\/pl\/countries\/maledives\/\" class=\"elementor-sub-item\" tabindex=\"-1\">Malediwy<\/a><\/li>\n\t<li class=\"menu-item menu-item-type-post_type menu-item-object-page menu-item-11790\"><a href=\"https:\/\/gradido.net\/pl\/countries\/philippines\/\" class=\"elementor-sub-item\" tabindex=\"-1\">Filipiny<\/a><\/li>\n\t<li class=\"menu-item menu-item-type-post_type menu-item-object-page menu-item-11802\"><a href=\"https:\/\/gradido.net\/pl\/countries\/saudi-arabia\/\" class=\"elementor-sub-item\" tabindex=\"-1\">Arabia Saudyjska<\/a><\/li>\n<\/ul>\n<\/li>\n<li class=\"menu-item menu-item-type-custom menu-item-object-custom menu-item-has-children menu-item-11797\"><a class=\"elementor-item\" tabindex=\"-1\">Europa<\/a>\n<ul class=\"sub-menu elementor-nav-menu--dropdown\">\n\t<li class=\"menu-item menu-item-type-post_type menu-item-object-page menu-item-11805\"><a href=\"https:\/\/gradido.net\/pl\/countries\/germany\/\" class=\"elementor-sub-item\" tabindex=\"-1\">Niemcy<\/a><\/li>\n\t<li class=\"menu-item menu-item-type-post_type menu-item-object-page menu-item-11803\"><a href=\"https:\/\/gradido.net\/pl\/countries\/greece\/\" class=\"elementor-sub-item\" tabindex=\"-1\">Grecja<\/a><\/li>\n\t<li class=\"menu-item menu-item-type-post_type menu-item-object-page menu-item-11788\"><a href=\"https:\/\/gradido.net\/pl\/countries\/spain\/\" class=\"elementor-sub-item\" tabindex=\"-1\">Hiszpania<\/a><\/li>\n<\/ul>\n<\/li>\n<li class=\"menu-item menu-item-type-custom menu-item-object-custom menu-item-has-children menu-item-11801\"><a class=\"elementor-item\" tabindex=\"-1\">Oceania<\/a>\n<ul class=\"sub-menu elementor-nav-menu--dropdown\">\n\t<li class=\"menu-item menu-item-type-post_type menu-item-object-page menu-item-11793\"><a href=\"https:\/\/gradido.net\/pl\/countries\/marshall-islands\/\" class=\"elementor-sub-item\" tabindex=\"-1\">Wyspy Marshalla<\/a><\/li>\n\t<li class=\"menu-item menu-item-type-post_type menu-item-object-page menu-item-11795\"><a href=\"https:\/\/gradido.net\/pl\/countries\/tahiti\/\" class=\"elementor-sub-item\" tabindex=\"-1\">Tahiti<\/a><\/li>\n<\/ul>\n<\/li>\n<\/ul>\t\t\t<\/nav>\n\t\t\t\t\t\t<\/div>\n\t\t\t\t<\/div>\n\t\t\t\t<div class=\"elementor-element elementor-element-b31390b elementor-widget elementor-widget-breadcrumbs\" data-id=\"b31390b\" data-element_type=\"widget\" data-e-type=\"widget\" data-widget_type=\"breadcrumbs.default\">\n\t\t\t\t<div class=\"elementor-widget-container\">\n\t\t\t\t\t<p id=\"breadcrumbs\"><span><span><a href=\"https:\/\/gradido.net\/pl\/\">Strona g\u0142\u00f3wna<\/a><\/span><\/span><\/p>\t\t\t\t<\/div>\n\t\t\t\t<\/div>\n\t\t\t\t<div class=\"elementor-element elementor-element-a9db9a5 elementor-widget elementor-widget-text-editor\" data-id=\"a9db9a5\" data-element_type=\"widget\" data-e-type=\"widget\" data-widget_type=\"text-editor.default\">\n\t\t\t\t<div class=\"elementor-widget-container\">\n\t\t\t\t\t\t\t\t\t<h2 style=\"text-align: center;\"><a href=\"https:\/\/gradido.net\/pl\/countries\/germany\/\"><strong>Strona g\u0142\u00f3wna: Niemcy<\/strong><\/a><\/h2><p style=\"text-align: center;\"><a href=\"https:\/\/gradido.net\/pl\/countries\/germany\/vision-2032-de\/\">Vision-2032-DE - Jak Gradido zmieni\u0142o Niemcy<\/a><br \/><a href=\"https:\/\/gradido.net\/pl\/countries\/germany\/supplementary-assessment-from-a-gradido-perspective\/\">Dodatkowa ocena z perspektywy Gradido<\/a><br \/><strong>Projekty pilota\u017cowe w niemieckich miastach<\/strong><\/p>\t\t\t\t\t\t\t\t<\/div>\n\t\t\t\t<\/div>\n\t\t\t\t<div class=\"elementor-element elementor-element-d7bb196 elementor-widget-divider--view-line elementor-widget elementor-widget-divider\" data-id=\"d7bb196\" data-element_type=\"widget\" data-e-type=\"widget\" data-widget_type=\"divider.default\">\n\t\t\t\t<div class=\"elementor-widget-container\">\n\t\t\t\t\t\t\t<div class=\"elementor-divider\">\n\t\t\t<span class=\"elementor-divider-separator\">\n\t\t\t\t\t\t<\/span>\n\t\t<\/div>\n\t\t\t\t\t\t<\/div>\n\t\t\t\t<\/div>\n\t\t\t\t<div class=\"elementor-element elementor-element-146ff9d elementor-widget elementor-widget-text-editor\" data-id=\"146ff9d\" data-element_type=\"widget\" data-e-type=\"widget\" data-widget_type=\"text-editor.default\">\n\t\t\t\t<div class=\"elementor-widget-container\">\n\t\t\t\t\t\t\t\t\t<div class=\"wiki-page-header-wrapper\"><div class=\"wiki-page-header-wrapper\"><p data-pm-slice=\"0 0 []\"><em>Tre\u015b\u0107 odzwierciedla wyniki bada\u0144 i analiz Perplexity i nie stanowi wyrazu opinii Gradido. Maj\u0105 one na celu dostarczenie informacji i stymulowanie dalszej dyskusji.<\/em><\/p><h1>Projekty pilota\u017cowe Gradido w niemieckich miastach: Ocena naukowa i zalecenia dotycz\u0105ce dzia\u0142a\u0144<\/h1><h2>Znaczenie bezpo\u015bredniego podej\u015bcia miejskiego<\/h2><h3>Korzystne warunki ramowe<\/h3><p>Obecna sytuacja niemieckich gmin stwarza <strong>wyj\u0105tkowo korzystne warunki<\/strong> dla innowacyjnych podej\u015b\u0107, takich jak Gradido. Finanse miejskie s\u0105 w <strong>najgorszy kryzys w powojennej historii<\/strong>W 2024 r. miasta i gminy odnotowa\u0142y rekordowy deficyt w wysoko\u015bci 24,8 mld euro, kt\u00f3ry ma wzrosn\u0105\u0107 do ponad 30 mld euro w 2025 r. <strong>85% niemieckich gmin<\/strong> nie s\u0105 w stanie przedstawi\u0107 zr\u00f3wnowa\u017conego bud\u017cetu.<a href=\"https:\/\/www.marktundmittelstand.de\/finanzen\/kommunen-am-finanziellen-abgrund-droht-der-kollaps-unserer-staedte\">^1<\/a><a href=\"https:\/\/www.bertelsmann-stiftung.de\/de\/themen\/aktuelle-meldungen\/2025\/juli\/kommunale-finanzen-groesstes-defizit-in-der-geschichte-der-bundesrepublik\">^3<\/a><\/p><p>Ten niedob\u00f3r finansowy tworzy <strong>ogromna presja na innowacje<\/strong>. Gminy s\u0105 zmuszone szuka\u0107 nowych sposob\u00f3w, poniewa\u017c tradycyjne rozwi\u0105zania zawodz\u0105. Scenariusze opisane w dokumencie ulubionego miasta - ratowanie firm, poprawa finans\u00f3w miejskich, wzmocnienie wolontariatu - odnosz\u0105 si\u0119 do nast\u0119puj\u0105cych kwestii <strong>konkretne punkty b\u00f3lu<\/strong> Niemieckie gminy.<\/p><h3>Istniej\u0105ca otwarto\u015b\u0107 na alternatywne podej\u015bcia<\/h3><p>Niemcy ju\u017c maj\u0105 <strong>46 aktywnych walut regionalnych<\/strong>Od udanego Chiemgauer (700 000 banknot\u00f3w w obiegu, 600 punkt\u00f3w akceptacji) po mniejsze projekty lokalne. Gmina Langenegg w Vorarlbergu jest przyk\u0142adem tego, jak Regionalweld wi\u0105\u017ce 680 000 euro rocznie w 450-osobowej spo\u0142eczno\u015bci i tworzy 150 miejsc pracy.<a href=\"https:\/\/www.focus.de\/politik\/finanzkrise-der-kommunen-kein-geld-fuer-kitas-schulen-klimaschutz-so-steht-es-um-unsere-pleite-gemeinden_id_201366037.html\">^4<\/a><a href=\"https:\/\/antenne.nrw\/nrw\/kommunalfinanzen-in-deutschland-rekorddefizit-in-den-staedten\/\">^6<\/a><\/p><p><strong>Inicjatywy inteligentnego miasta<\/strong> Rz\u0105d federalny finansuje obecnie 73 projekty pilota\u017cowe kwot\u0105 820 mln euro. Programy te pokazuj\u0105 <strong>Podstawowa gotowo\u015b\u0107<\/strong> polityki i administracji dla innowacji systemowych, zw\u0142aszcza je\u015bli \u0142\u0105cz\u0105 one partycypacj\u0119 obywatelsk\u0105 i zr\u00f3wnowa\u017cony rozw\u00f3j.<a href=\"https:\/\/www.staedtetag.de\/publikationen\/weitere-publikationen\/2024\/handreichung-beteiligungskultur-in-der-stadtplanung-und-stadtentwicklung\">^7<\/a><\/p><h2>Grupy docelowe: Optymalne typy miast dla projekt\u00f3w pilota\u017cowych Gradido<\/h2><h3>Ma\u0142e miasta (5 000-20 000 mieszka\u0144c\u00f3w): Najwi\u0119ksze szanse na sukces<\/h3><p><strong>Ma\u0142e miasta<\/strong> oferowa\u0107 <strong>najbardziej idealne warunki<\/strong> dla projekt\u00f3w pilota\u017cowych Gradido:<\/p><ul data-tight=\"true\"><li><p><strong>Struktury, kt\u00f3rymi mo\u017cna zarz\u0105dza\u0107<\/strong>Kr\u00f3tkie kana\u0142y komunikacji mi\u0119dzy obywatelami, administracj\u0105 i lokalnymi firmami<\/p><\/li><li><p><strong>Wysoka presja finansowa<\/strong>Ma\u0142e miasta s\u0105 szczeg\u00f3lnie dotkni\u0119te kryzysem finans\u00f3w komunalnych<\/p><\/li><li><p><strong>Silna kultura wolontariatu<\/strong>40% Niemc\u00f3w anga\u017cuje si\u0119 w wolontariat, zw\u0142aszcza w mniejszych spo\u0142eczno\u015bciach.<a href=\"https:\/\/www.staedtetag.de\/positionen\/beschluesse\/2025\/241-hauptausschuss-kommunale-finanzkrise\">^8<\/a><\/p><\/li><li><p><strong>Pragmatyczne podejmowanie decyzji<\/strong>Mniej biurokratycznych przeszk\u00f3d ni\u017c w du\u017cych miastach<\/p><\/li><\/ul><p><strong>Konkretne punkty startowe<\/strong> z ulubionego dokumentu miasta:<\/p><ul data-tight=\"true\"><li><p>Lokalna pizzeria jako mno\u017cnik (wej\u015bcie niskoprogowe)<\/p><\/li><li><p>Ochotnicza stra\u017c po\u017carna jako ugruntowana struktura ochotnicza<\/p><\/li><li><p>Ratowanie lokalnych przedsi\u0119biorstw (przyk\u0142ad produkcji obuwia)<\/p><\/li><\/ul><h3>Regiony s\u0142abe strukturalnie: Najwy\u017csza sk\u0142onno\u015b\u0107 do innowacji<\/h3><p><strong>Szczeg\u00f3lnie odpowiednie<\/strong> to gminy w obszarach s\u0142abych strukturalnie:<\/p><ul data-tight=\"true\"><li><p>Wschodnioniemieckie gminy z <strong>43% ni\u017cszy poziom aktyw\u00f3w<\/strong><a href=\"https:\/\/www.dstgb.de\/publikationen\/dokumentationen\/bilanz-2024-und-ausblick-2025\/bilanz-24-25-final.pdf\">^9<\/a><\/p><\/li><li><p>Regiony z <strong>Spadek populacji<\/strong> i zgony biznesowe<\/p><\/li><li><p>Gminy z <strong>Kryzys bud\u017cetowy<\/strong> lub pod nadzorem gminy<\/p><\/li><\/ul><p>Gminy te maj\u0105 <strong>\"nic do stracenia\"<\/strong> i s\u0105 <strong>bardziej otwarci na radykalne alternatywy<\/strong>. Przyk\u0142ad Langenegg pokazuje, \u017ce waluty regionalne mog\u0105 <strong>Umieraj\u0105ca wioska<\/strong> z powodzeniem.<a href=\"https:\/\/www.bertelsmann-stiftung.de\/fileadmin\/files\/Projekte\/Vielfaeltige_Demokratie_gestalten\/Buergerbeteiligung_in_Kommunen_verankern.pdf\">^4<\/a><\/p><h3>Spo\u0142eczno\u015bci wiejskie o silnej to\u017csamo\u015bci<\/h3><p><strong>Spo\u0142eczno\u015bci wiejskie<\/strong> z siln\u0105 to\u017csamo\u015bci\u0105 lokaln\u0105 oferuj\u0105 idealne warunki:<\/p><ul data-tight=\"true\"><li><p><strong>Wysoka g\u0119sto\u015b\u0107 klub\u00f3w<\/strong> i tradycyjna pomoc s\u0105siedzka<\/p><\/li><li><p><strong>Kr\u00f3tkie sieci spo\u0142eczno\u015bciowe<\/strong> (\"ka\u017cdy zna ka\u017cdego\")<\/p><\/li><li><p><strong>Silna sp\u00f3jno\u015b\u0107 lokalna<\/strong> jako podstawa projekt\u00f3w wsp\u00f3\u0142pracy<\/p><\/li><li><p><strong>Rolnictwo solidarne<\/strong> ju\u017c dost\u0119pne jako punkt wyj\u015bcia<\/p><\/li><\/ul><p>Dokument opisuje <strong>Permakultura i rolnictwo solidarne<\/strong> ju\u017c istnieje w spo\u0142eczno\u015bciach wiejskich.<\/p><h2>Czynniki sukcesu wdro\u017cenia Gradido<\/h2><h3>Krytyczne czynniki sukcesu (wed\u0142ug wa\u017cno\u015bci)<\/h3><p><strong>Pierwszy burmistrz jako zwolennik<\/strong> (Wa\u017cno\u015b\u0107: 9\/10)<\/p><ul data-tight=\"true\"><li><p><strong>Dost\u0119pno\u015b\u0107: Rzadko<\/strong> - Jest to najwa\u017cniejszy, ale i najtrudniejszy czynnik<\/p><\/li><li><p>Burmistrzowie musz\u0105 dzia\u0142a\u0107 jako <strong>\"Opiekun\"<\/strong> i wizjoner\u00f3w (takich jak \"burmistrz Miteinand\" w dokumencie)<\/p><\/li><li><p>Wymagane <strong>odwaga polityczna<\/strong> dla innowacyjnych eksperyment\u00f3w<\/p><\/li><\/ul><p><strong>2. zarz\u0105dzalna wielko\u015b\u0107 spo\u0142eczno\u015bci<\/strong> (Wa\u017cno\u015b\u0107: 9\/10)<\/p><ul data-tight=\"true\"><li><p><strong>Dost\u0119pno\u015b\u0107: Wysoka<\/strong> - Wiele ma\u0142ych gmin w Niemczech<\/p><\/li><li><p>W\u0142\u0105cza <strong>Relacje osobiste<\/strong> oraz <strong>Bezpo\u015brednia komunikacja<\/strong><\/p><\/li><\/ul><p><strong>3. istniej\u0105ce struktury wolontariatu<\/strong> (Wa\u017cno\u015b\u0107: 8\/10)<\/p><ul data-tight=\"true\"><li><p><strong>Dost\u0119pno\u015b\u0107: Wysoka<\/strong> - Niemcy maj\u0105 siln\u0105 kultur\u0119 klubow\u0105<\/p><\/li><li><p>28,8 miliona os\u00f3b pracuje jako wolontariusze<a href=\"https:\/\/www.staedtetag.de\/positionen\/beschluesse\/2025\/241-hauptausschuss-kommunale-finanzkrise\">^8<\/a><\/p><\/li><li><p>Stra\u017c po\u017carna, kluby sportowe, pomoc s\u0105siedzka jako <strong>Punkty kotwiczenia<\/strong><\/p><\/li><\/ul><p><strong>4. trudna sytuacja finansowa gminy<\/strong> (Wa\u017cno\u015b\u0107: 8\/10)<\/p><ul data-tight=\"true\"><li><p><strong>Dost\u0119pno\u015b\u0107: Bardzo wysoka<\/strong> - 85% dotkni\u0119tych gmin<a href=\"#\">^1<\/a><\/p><\/li><li><p>Tworzy <strong>Presja na innowacyjno\u015b\u0107<\/strong> oraz <strong>Gotowo\u015b\u0107 do eksperymentowania<\/strong><\/p><\/li><\/ul><h3>Przeszkody i zagro\u017cenia<\/h3><p><strong>G\u0142\u00f3wne przeszkody:<\/strong><\/p><ol data-tight=\"true\"><li><p><strong>Niepewno\u015b\u0107 prawna<\/strong>Prawo komunalne, prawo bud\u017cetowe, prawo podatkowe<\/p><\/li><li><p><strong>Inercja biurokratyczna<\/strong>\"Zawsze robili\u015bmy to w ten spos\u00f3b\"<\/p><\/li><li><p><strong>Awersja do ryzyka politycznego<\/strong>Strach przed pora\u017ck\u0105 i kl\u0119sk\u0105 wyborcz\u0105<\/p><\/li><li><p><strong>Z\u0142o\u017cono\u015b\u0107 systemu federalnego<\/strong>R\u00f3\u017cne kodeksy miejskie kraj\u00f3w zwi\u0105zkowych<\/p><\/li><li><p><strong>Op\u00f3r lobby<\/strong>Ugruntowane grupy interesu (banki, du\u017ce firmy handlowe)<\/p><\/li><\/ol><p><strong>Ryzyko:<\/strong><\/p><ul data-tight=\"true\"><li><p><strong>Niepowodzenie projektu pilota\u017cowego<\/strong> dyskredytuje ca\u0142\u0105 koncepcj\u0119<\/p><\/li><li><p><strong>Uwaga medi\u00f3w<\/strong> mo\u017ce prowadzi\u0107 do presji politycznej<\/p><\/li><li><p><strong>Wyzwania prawne<\/strong> przez konkurent\u00f3w lub organy nadzorcze<\/p><\/li><\/ul><h2>Konkretne zalecenia dotycz\u0105ce dzia\u0142a\u0144<\/h2><h3>Etap 1: Przygotowanie strategiczne (6-12 miesi\u0119cy)<\/h3><p><strong>1. ochrona prawna<\/strong><\/p><ul data-tight=\"true\"><li><p><strong>Opinia prawna<\/strong> w sprawie Gradido w niemieckim prawie miejskim<\/p><\/li><li><p><strong>Modele wsp\u00f3\u0142pracy<\/strong> rozw\u00f3j w oparciu o istniej\u0105ce struktury (sp\u00f3\u0142dzielnie, stowarzyszenia)<\/p><\/li><li><p><strong>Pilota\u017cowe ramy prawne<\/strong> Negocjacje z ministerstwami na szczeblu pa\u0144stwowym<\/p><\/li><\/ul><p><strong>2. legitymizacja naukowa<\/strong><\/p><ul data-tight=\"true\"><li><p><strong>Wsp\u00f3\u0142praca uniwersytecka<\/strong> dla oceny towarzysz\u0105cej<\/p><\/li><li><p><strong>Studium wykonalno\u015bci<\/strong> przez renomowane instytuty (Fundacja Bertelsmanna itp.)<\/p><\/li><li><p><strong>Projekty referencyjne<\/strong> dokument z innych kraj\u00f3w<\/p><\/li><\/ul><p><strong>3. mapowanie interesariuszy<\/strong><\/p><ul data-tight=\"true\"><li><p><strong>Post\u0119powi burmistrzowie<\/strong> w regionach s\u0142abych strukturalnie<\/p><\/li><li><p><strong>Stowarzyszenia gminne<\/strong> jako mno\u017cniki<\/p><\/li><li><p><strong>Organizacje wolontariackie<\/strong> Rozwijaj si\u0119 jako partner<\/p><\/li><\/ul><h3>Faza 2: Pozyskanie partnera pilota\u017cowego (3-6 miesi\u0119cy)<\/h3><p><strong>Ukierunkowane podej\u015bcie zgodnie z priorytetami:<\/strong><\/p><p><strong>1. priorytet A: gminy w potrzebie<\/strong><\/p><ul data-tight=\"true\"><li><p><strong>Nag\u0142e sytuacje bud\u017cetowe - gminy<\/strong> Adres bezpo\u015brednio<\/p><\/li><li><p><strong>Linia argumentu<\/strong>\"Gradido jako uzupe\u0142nienie renowacji\"<\/p><\/li><li><p><strong>Oferta wsp\u00f3\u0142pracy<\/strong>Pe\u0142ny monitoring naukowy i ochrona prawna<\/p><\/li><\/ul><p><strong>2. priorytet B: Innowacyjne ma\u0142e miasta<\/strong><\/p><ul data-tight=\"true\"><li><p><strong>Uczestnicy Smart City<\/strong> finansowania federalnego<\/p><\/li><li><p><strong>Zdobywca nagrody za zr\u00f3wnowa\u017cony rozw\u00f3j<\/strong> kontakt (np. zwyci\u0119zcy Niemieckiej Nagrody Zr\u00f3wnowa\u017conego Rozwoju)<\/p><\/li><li><p><strong>Uzasadnienie<\/strong>Gradido jako \"kolejny krok ewolucyjny\" inteligentnego miasta<\/p><\/li><\/ul><p><strong>3. priorytet C: Zaanga\u017cowane spo\u0142eczno\u015bci wiejskie<\/strong><\/p><ul data-tight=\"true\"><li><p><strong>Zdobywca nagrody za odnow\u0119 wsi<\/strong> oraz <strong>Krajowy konkurs Our Village<\/strong> Uczestnicy<\/p><\/li><li><p><strong>Strony po\u015bwi\u0119cone rolnictwu solidarno\u015bciowemu<\/strong> jako punkty pocz\u0105tkowe<\/p><\/li><\/ul><h3>Faza 3: Projekt pilota\u017cowy (2-4 miesi\u0105ce)<\/h3><p><strong>Strategia stopniowego wprowadzania:<\/strong><\/p><p><strong>Poziom 1: Honorowy Gradido (3 miesi\u0105ce)<\/strong><\/p><ul data-tight=\"true\"><li><p>Zacznij od <strong>Uhonorowanie wolontariuszy<\/strong> (20 Gradido\/godzin\u0119 jak w dokumencie)<\/p><\/li><li><p><strong>Stra\u017c po\u017carna, THW, kluby sportowe<\/strong> jako pierwsi uczestnicy<\/p><\/li><li><p><strong>Kawiarnie Gradido<\/strong> dla niskoprogowych punkt\u00f3w akceptacji<\/p><\/li><\/ul><p><strong>Poziom 2: Gospodarka lokalna (6 miesi\u0119cy)<\/strong><\/p><ul data-tight=\"true\"><li><p><strong>Dobrowolny udzia\u0142<\/strong> lokalne sklepy<\/p><\/li><li><p><strong>3% Zni\u017cka<\/strong> przy wymianie Euro\u2192Gradido (sprawdzony model)<\/p><\/li><li><p><strong>Dni Gradido<\/strong> jak w przyk\u0142adzie z pizzeri\u0105<\/p><\/li><\/ul><p><strong>Etap 3: Integracja lokalna (12 miesi\u0119cy)<\/strong><\/p><ul data-tight=\"true\"><li><p><strong>Dotacje gminne<\/strong> wyj\u015bcie w Gradido<\/p><\/li><li><p><strong>Projekty wsp\u00f3lnotowe<\/strong> Jak zrealizowa\u0107 produkcj\u0119 obuwia<\/p><\/li><li><p><strong>Ca\u0142kowite zamkni\u0119cie cyklu<\/strong><\/p><\/li><\/ul><h3>Etap 4: Profesjonalna komunikacja<\/h3><p><strong>Komunikacja wewn\u0119trzna:<\/strong><\/p><ul data-tight=\"true\"><li><p><strong>Szkolenie administracyjne<\/strong> dla wszystkich zaanga\u017cowanych pracownik\u00f3w<\/p><\/li><li><p><strong>Spotkania obywateli<\/strong> z przejrzystymi informacjami<\/p><\/li><li><p><strong>Ci\u0105g\u0142y dialog<\/strong> ze sceptykami<\/p><\/li><\/ul><p><strong>Komunikacja zewn\u0119trzna:<\/strong><\/p><ul data-tight=\"true\"><li><p><strong>Wsp\u00f3\u0142praca z mediami<\/strong> z lokalnymi gazetami\/radiem<\/p><\/li><li><p><strong>Publikacje naukowe<\/strong> dla legitymizacji<\/p><\/li><li><p><strong>Wymiana najlepszych praktyk<\/strong> mi\u0119dzy gminami pilota\u017cowymi<\/p><\/li><\/ul><p><strong>Zapobieganie sytuacjom kryzysowym:<\/strong><\/p><ul data-tight=\"true\"><li><p><strong>Plany awaryjne<\/strong> w przypadku problem\u00f3w prawnych lub medialnych<\/p><\/li><li><p><strong>Scenariusze wyj\u015bcia<\/strong> je\u015bli projekt pilota\u017cowy si\u0119 nie powiedzie<\/p><\/li><li><p><strong>Regularne informowanie o sukcesach<\/strong> do wszystkich interesariuszy<\/p><\/li><\/ul><h2>Wnioski i priorytety dzia\u0142a\u0144<\/h2><p>Bezpo\u015brednie podej\u015bcie niemieckich miast do projekt\u00f3w pilota\u017cowych Gradido to nie tylko <strong>rozs\u0105dne, ale strategicznie optymalne wyczucie czasu<\/strong>. Historycznie bezprecedensowy miejski kryzys finansowy tworzy <strong>Unikalne otwierane okno<\/strong> dla innowacji systemowych.<\/p><p><strong>Najwi\u0119ksze szanse na sukces<\/strong> mie\u0107:<\/p><ol data-tight=\"true\"><li><p><strong>Ma\u0142e gminy o s\u0142abej strukturze<\/strong> (500-5,000 p.n.e.) we wschodnich Niemczech<\/p><\/li><li><p><strong>Innowacyjne ma\u0142e miasta<\/strong> (5,000-15,000 RLM) z burmistrzami o otwartych umys\u0142ach<\/p><\/li><li><p><strong>Spo\u0142eczno\u015bci wiejskie<\/strong> z siln\u0105 tradycj\u0105 wolontariatu i to\u017csamo\u015bci\u0105 lokaln\u0105<\/p><\/li><\/ol><p><strong>Krytyczny czynnik sukcesu<\/strong> jest <strong>Jako\u015b\u0107 przygotowania<\/strong>Niezb\u0119dna jest pewno\u015b\u0107 prawna, monitoring naukowy i wsparcie polityczne. A <strong>Nieudany projekt pilota\u017cowy<\/strong> zdyskredytowa\u0142oby ca\u0142\u0105 koncepcj\u0119 Gradido na wiele lat.<\/p><p><strong>Zalecenie<\/strong>Zacznij od <strong>2-3 starannie wybrane spo\u0142eczno\u015bci pilota\u017cowe<\/strong>kt\u00f3re spe\u0142niaj\u0105 wszystkie krytyczne czynniki sukcesu. Ulubionym scenariuszem miasta jest <strong>Realne do zrealizowania<\/strong>je\u015bli warunki ramowe s\u0105 odpowiednie. Nadszed\u0142 czas na transformacyjne eksperymenty komunalne <strong>teraz<\/strong>.<\/p><p>\u00a0<\/p><\/div><\/div>\t\t\t\t\t\t\t\t<\/div>\n\t\t\t\t<\/div>\n\t\t\t\t\t<\/div>\n\t\t<\/div>\n\t\t\t\t\t<\/div>\n\t\t<\/section>\n\t\t\t\t<\/div>","protected":false},"excerpt":{"rendered":"<p>Pilotprojekte in deutschen St\u00e4dten Hauptseite: Deutschland Vision-2032-DE \u2013 Wie Gradido Deutschland transformierteErg\u00e4nzende Einsch\u00e4tzung aus Gradido-PerspektivePilotprojekte in deutschen St\u00e4dten Die Inhalte spiegeln die Recherche- und Analyseergebnisse von Perplexity wider und stellen keine Meinungs\u00e4u\u00dferung von Gradido dar. Sie dienen der Information und als Impuls zur weiteren Diskussion. Gradido-Pilotprojekte in deutschen St\u00e4dten: Wissenschaftliche Bewertung und Handlungsempfehlungen Sinnhaftigkeit der [&hellip;]<\/p>\n","protected":false},"author":2,"featured_media":10458,"parent":11280,"menu_order":0,"comment_status":"closed","ping_status":"closed","template":"","meta":{"footnotes":""},"class_list":["post-11335","page","type-page","status-publish","has-post-thumbnail","hentry"],"yoast_head":"<!-- This site is optimized with the Yoast SEO plugin v27.4 - https:\/\/yoast.com\/product\/yoast-seo-wordpress\/ -->\n<title>Deutschland: Pilotprojekte in deutschen St\u00e4dten - Gradido<\/title>\n<meta name=\"description\" content=\"Sei Teil der Bewegung!Gemeinsam bringen wir Gradido in die Welt.\" \/>\n<meta name=\"robots\" content=\"index, follow, max-snippet:-1, max-image-preview:large, max-video-preview:-1\" \/>\n<link rel=\"canonical\" href=\"https:\/\/gradido.net\/pl\/countries\/germany\/pilot-projects-in-german-cities\/\" \/>\n<meta property=\"og:locale\" content=\"pl_PL\" \/>\n<meta property=\"og:type\" content=\"article\" \/>\n<meta property=\"og:title\" content=\"Deutschland: Pilotprojekte in deutschen St\u00e4dten - Gradido\" \/>\n<meta property=\"og:description\" content=\"Sei Teil der Bewegung!Gemeinsam bringen wir Gradido in die Welt.\" \/>\n<meta property=\"og:url\" content=\"https:\/\/gradido.net\/pl\/countries\/germany\/pilot-projects-in-german-cities\/\" \/>\n<meta property=\"og:site_name\" content=\"Gradido\" \/>\n<meta property=\"article:modified_time\" content=\"2025-11-09T18:33:20+00:00\" \/>\n<meta property=\"og:image\" content=\"https:\/\/gradido.net\/wp-content\/uploads\/2025\/07\/AdobeStock_3210827871-scaled.jpeg\" \/>\n\t<meta property=\"og:image:width\" content=\"2560\" \/>\n\t<meta property=\"og:image:height\" content=\"790\" \/>\n\t<meta property=\"og:image:type\" content=\"image\/jpeg\" \/>\n<meta name=\"twitter:card\" content=\"summary_large_image\" \/>\n<meta name=\"twitter:label1\" content=\"Szacowany czas czytania\" \/>\n\t<meta name=\"twitter:data1\" content=\"6 minut\" \/>\n<script type=\"application\/ld+json\" class=\"yoast-schema-graph\">{\"@context\":\"https:\\\/\\\/schema.org\",\"@graph\":[{\"@type\":\"WebPage\",\"@id\":\"https:\\\/\\\/gradido.net\\\/countries\\\/germany\\\/pilot-projects-in-german-cities\\\/\",\"url\":\"https:\\\/\\\/gradido.net\\\/countries\\\/germany\\\/pilot-projects-in-german-cities\\\/\",\"name\":\"Deutschland: Pilotprojekte in deutschen St\u00e4dten - Gradido\",\"isPartOf\":{\"@id\":\"https:\\\/\\\/gradido.net\\\/de\\\/#website\"},\"primaryImageOfPage\":{\"@id\":\"https:\\\/\\\/gradido.net\\\/countries\\\/germany\\\/pilot-projects-in-german-cities\\\/#primaryimage\"},\"image\":{\"@id\":\"https:\\\/\\\/gradido.net\\\/countries\\\/germany\\\/pilot-projects-in-german-cities\\\/#primaryimage\"},\"thumbnailUrl\":\"https:\\\/\\\/gradido.net\\\/wp-content\\\/uploads\\\/2025\\\/07\\\/AdobeStock_3210827871-scaled.jpeg\",\"datePublished\":\"2025-08-15T11:52:57+00:00\",\"dateModified\":\"2025-11-09T18:33:20+00:00\",\"description\":\"Sei Teil der Bewegung!Gemeinsam bringen wir Gradido in die Welt.\",\"breadcrumb\":{\"@id\":\"https:\\\/\\\/gradido.net\\\/countries\\\/germany\\\/pilot-projects-in-german-cities\\\/#breadcrumb\"},\"inLanguage\":\"pl-PL\",\"potentialAction\":[{\"@type\":\"ReadAction\",\"target\":[\"https:\\\/\\\/gradido.net\\\/countries\\\/germany\\\/pilot-projects-in-german-cities\\\/\"]}]},{\"@type\":\"ImageObject\",\"inLanguage\":\"pl-PL\",\"@id\":\"https:\\\/\\\/gradido.net\\\/countries\\\/germany\\\/pilot-projects-in-german-cities\\\/#primaryimage\",\"url\":\"https:\\\/\\\/gradido.net\\\/wp-content\\\/uploads\\\/2025\\\/07\\\/AdobeStock_3210827871-scaled.jpeg\",\"contentUrl\":\"https:\\\/\\\/gradido.net\\\/wp-content\\\/uploads\\\/2025\\\/07\\\/AdobeStock_3210827871-scaled.jpeg\",\"width\":2560,\"height\":790,\"caption\":\"world globe planet earth 3d-illustration. elements of this image furnished by NASA\"},{\"@type\":\"BreadcrumbList\",\"@id\":\"https:\\\/\\\/gradido.net\\\/countries\\\/germany\\\/pilot-projects-in-german-cities\\\/#breadcrumb\",\"itemListElement\":[{\"@type\":\"ListItem\",\"position\":1,\"name\":\"Startseite\",\"item\":\"https:\\\/\\\/gradido.net\\\/\"},{\"@type\":\"ListItem\",\"position\":2,\"name\":\"L\u00e4nderforschung\",\"item\":\"https:\\\/\\\/gradido.net\\\/countries\\\/\"},{\"@type\":\"ListItem\",\"position\":3,\"name\":\"Deutschland\",\"item\":\"https:\\\/\\\/gradido.net\\\/countries\\\/germany\\\/\"},{\"@type\":\"ListItem\",\"position\":4,\"name\":\"Deutschland: Pilotprojekte in deutschen St\u00e4dten\"}]},{\"@type\":\"WebSite\",\"@id\":\"https:\\\/\\\/gradido.net\\\/de\\\/#website\",\"url\":\"https:\\\/\\\/gradido.net\\\/de\\\/\",\"name\":\"Gradido\",\"description\":\"Die neue W\u00e4hrung hei\u00dft Dankbarkeit\",\"publisher\":{\"@id\":\"https:\\\/\\\/gradido.net\\\/de\\\/#organization\"},\"potentialAction\":[{\"@type\":\"SearchAction\",\"target\":{\"@type\":\"EntryPoint\",\"urlTemplate\":\"https:\\\/\\\/gradido.net\\\/de\\\/?s={search_term_string}\"},\"query-input\":{\"@type\":\"PropertyValueSpecification\",\"valueRequired\":true,\"valueName\":\"search_term_string\"}}],\"inLanguage\":\"pl-PL\"},{\"@type\":\"Organization\",\"@id\":\"https:\\\/\\\/gradido.net\\\/de\\\/#organization\",\"name\":\"Gradido\",\"url\":\"https:\\\/\\\/gradido.net\\\/de\\\/\",\"logo\":{\"@type\":\"ImageObject\",\"inLanguage\":\"pl-PL\",\"@id\":\"https:\\\/\\\/gradido.net\\\/de\\\/#\\\/schema\\\/logo\\\/image\\\/\",\"url\":\"https:\\\/\\\/gradido.net\\\/wp-content\\\/uploads\\\/2022\\\/04\\\/gradido-social.jpg\",\"contentUrl\":\"https:\\\/\\\/gradido.net\\\/wp-content\\\/uploads\\\/2022\\\/04\\\/gradido-social.jpg\",\"width\":527,\"height\":273,\"caption\":\"Gradido\"},\"image\":{\"@id\":\"https:\\\/\\\/gradido.net\\\/de\\\/#\\\/schema\\\/logo\\\/image\\\/\"}}]}<\/script>\n<!-- \/ Yoast SEO plugin. -->","yoast_head_json":{"title":"Niemcy: Projekty pilota\u017cowe w niemieckich miastach - Gradido","description":"B\u0105d\u017a cz\u0119\u015bci\u0105 ruchu! Razem wprowadzamy Gradido na \u015bwiat.","robots":{"index":"index","follow":"follow","max-snippet":"max-snippet:-1","max-image-preview":"max-image-preview:large","max-video-preview":"max-video-preview:-1"},"canonical":"https:\/\/gradido.net\/pl\/countries\/germany\/pilot-projects-in-german-cities\/","og_locale":"pl_PL","og_type":"article","og_title":"Deutschland: Pilotprojekte in deutschen St\u00e4dten - Gradido","og_description":"Sei Teil der Bewegung!Gemeinsam bringen wir Gradido in die Welt.","og_url":"https:\/\/gradido.net\/pl\/countries\/germany\/pilot-projects-in-german-cities\/","og_site_name":"Gradido","article_modified_time":"2025-11-09T18:33:20+00:00","og_image":[{"width":2560,"height":790,"url":"https:\/\/gradido.net\/wp-content\/uploads\/2025\/07\/AdobeStock_3210827871-scaled.jpeg","type":"image\/jpeg"}],"twitter_card":"summary_large_image","twitter_misc":{"Szacowany czas czytania":"6 minut"},"schema":{"@context":"https:\/\/schema.org","@graph":[{"@type":"WebPage","@id":"https:\/\/gradido.net\/countries\/germany\/pilot-projects-in-german-cities\/","url":"https:\/\/gradido.net\/countries\/germany\/pilot-projects-in-german-cities\/","name":"Niemcy: Projekty pilota\u017cowe w niemieckich miastach - Gradido","isPartOf":{"@id":"https:\/\/gradido.net\/de\/#website"},"primaryImageOfPage":{"@id":"https:\/\/gradido.net\/countries\/germany\/pilot-projects-in-german-cities\/#primaryimage"},"image":{"@id":"https:\/\/gradido.net\/countries\/germany\/pilot-projects-in-german-cities\/#primaryimage"},"thumbnailUrl":"https:\/\/gradido.net\/wp-content\/uploads\/2025\/07\/AdobeStock_3210827871-scaled.jpeg","datePublished":"2025-08-15T11:52:57+00:00","dateModified":"2025-11-09T18:33:20+00:00","description":"B\u0105d\u017a cz\u0119\u015bci\u0105 ruchu! Razem wprowadzamy Gradido na \u015bwiat.","breadcrumb":{"@id":"https:\/\/gradido.net\/countries\/germany\/pilot-projects-in-german-cities\/#breadcrumb"},"inLanguage":"pl-PL","potentialAction":[{"@type":"ReadAction","target":["https:\/\/gradido.net\/countries\/germany\/pilot-projects-in-german-cities\/"]}]},{"@type":"ImageObject","inLanguage":"pl-PL","@id":"https:\/\/gradido.net\/countries\/germany\/pilot-projects-in-german-cities\/#primaryimage","url":"https:\/\/gradido.net\/wp-content\/uploads\/2025\/07\/AdobeStock_3210827871-scaled.jpeg","contentUrl":"https:\/\/gradido.net\/wp-content\/uploads\/2025\/07\/AdobeStock_3210827871-scaled.jpeg","width":2560,"height":790,"caption":"world globe planet earth 3d-illustration. elements of this image furnished by NASA"},{"@type":"BreadcrumbList","@id":"https:\/\/gradido.net\/countries\/germany\/pilot-projects-in-german-cities\/#breadcrumb","itemListElement":[{"@type":"ListItem","position":1,"name":"Startseite","item":"https:\/\/gradido.net\/"},{"@type":"ListItem","position":2,"name":"L\u00e4nderforschung","item":"https:\/\/gradido.net\/countries\/"},{"@type":"ListItem","position":3,"name":"Deutschland","item":"https:\/\/gradido.net\/countries\/germany\/"},{"@type":"ListItem","position":4,"name":"Deutschland: Pilotprojekte in deutschen St\u00e4dten"}]},{"@type":"WebSite","@id":"https:\/\/gradido.net\/de\/#website","url":"https:\/\/gradido.net\/de\/","name":"Gradido","description":"Now\u0105 walut\u0105 jest wdzi\u0119czno\u015b\u0107","publisher":{"@id":"https:\/\/gradido.net\/de\/#organization"},"potentialAction":[{"@type":"SearchAction","target":{"@type":"EntryPoint","urlTemplate":"https:\/\/gradido.net\/de\/?s={search_term_string}"},"query-input":{"@type":"PropertyValueSpecification","valueRequired":true,"valueName":"search_term_string"}}],"inLanguage":"pl-PL"},{"@type":"Organization","@id":"https:\/\/gradido.net\/de\/#organization","name":"Gradido","url":"https:\/\/gradido.net\/de\/","logo":{"@type":"ImageObject","inLanguage":"pl-PL","@id":"https:\/\/gradido.net\/de\/#\/schema\/logo\/image\/","url":"https:\/\/gradido.net\/wp-content\/uploads\/2022\/04\/gradido-social.jpg","contentUrl":"https:\/\/gradido.net\/wp-content\/uploads\/2022\/04\/gradido-social.jpg","width":527,"height":273,"caption":"Gradido"},"image":{"@id":"https:\/\/gradido.net\/de\/#\/schema\/logo\/image\/"}}]}},"_links":{"self":[{"href":"https:\/\/gradido.net\/pl\/wp-json\/wp\/v2\/pages\/11335","targetHints":{"allow":["GET"]}}],"collection":[{"href":"https:\/\/gradido.net\/pl\/wp-json\/wp\/v2\/pages"}],"about":[{"href":"https:\/\/gradido.net\/pl\/wp-json\/wp\/v2\/types\/page"}],"author":[{"embeddable":true,"href":"https:\/\/gradido.net\/pl\/wp-json\/wp\/v2\/users\/2"}],"replies":[{"embeddable":true,"href":"https:\/\/gradido.net\/pl\/wp-json\/wp\/v2\/comments?post=11335"}],"version-history":[{"count":13,"href":"https:\/\/gradido.net\/pl\/wp-json\/wp\/v2\/pages\/11335\/revisions"}],"predecessor-version":[{"id":12536,"href":"https:\/\/gradido.net\/pl\/wp-json\/wp\/v2\/pages\/11335\/revisions\/12536"}],"up":[{"embeddable":true,"href":"https:\/\/gradido.net\/pl\/wp-json\/wp\/v2\/pages\/11280"}],"wp:featuredmedia":[{"embeddable":true,"href":"https:\/\/gradido.net\/pl\/wp-json\/wp\/v2\/media\/10458"}],"wp:attachment":[{"href":"https:\/\/gradido.net\/pl\/wp-json\/wp\/v2\/media?parent=11335"}],"curies":[{"name":"wp","href":"https:\/\/api.w.org\/{rel}","templated":true}]}}