{"id":3,"date":"2020-07-20T14:01:02","date_gmt":"2020-07-20T12:01:02","guid":{"rendered":"http:\/\/neu.gradido.net\/?page_id=3"},"modified":"2024-10-19T17:29:28","modified_gmt":"2024-10-19T15:29:28","slug":"datenschutz","status":"publish","type":"page","link":"https:\/\/gradido.net\/pl\/datenschutz\/","title":{"rendered":"Ochrona danych"},"content":{"rendered":"<div data-elementor-type=\"wp-page\" data-elementor-id=\"3\" class=\"elementor elementor-3\" data-elementor-post-type=\"page\">\n\t\t\t\t\t\t<section class=\"elementor-section elementor-top-section elementor-element elementor-element-5b5f22d elementor-section-full_width elementor-section-height-default elementor-section-height-default\" data-id=\"5b5f22d\" data-element_type=\"section\" data-e-type=\"section\">\n\t\t\t\t\t\t<div class=\"elementor-container elementor-column-gap-no\">\n\t\t\t\t\t<div class=\"elementor-column elementor-col-100 elementor-top-column elementor-element elementor-element-3b16e50\" data-id=\"3b16e50\" data-element_type=\"column\" data-e-type=\"column\">\n\t\t\t<div class=\"elementor-widget-wrap elementor-element-populated\">\n\t\t\t\t\t\t<div class=\"elementor-element elementor-element-c16d214 elementor--h-position-center elementor--v-position-middle elementor-arrows-position-inside elementor-widget elementor-widget-slides\" data-id=\"c16d214\" data-element_type=\"widget\" data-e-type=\"widget\" data-settings=\"{&quot;navigation&quot;:&quot;arrows&quot;,&quot;autoplay&quot;:&quot;yes&quot;,&quot;pause_on_hover&quot;:&quot;yes&quot;,&quot;pause_on_interaction&quot;:&quot;yes&quot;,&quot;autoplay_speed&quot;:5000,&quot;infinite&quot;:&quot;yes&quot;,&quot;transition&quot;:&quot;slide&quot;,&quot;transition_speed&quot;:500}\" data-widget_type=\"slides.default\">\n\t\t\t\t<div class=\"elementor-widget-container\">\n\t\t\t\t\t\t\t\t\t<div class=\"elementor-swiper\">\n\t\t\t\t\t<div class=\"elementor-slides-wrapper elementor-main-swiper swiper\" role=\"region\" aria-roledescription=\"carousel\" aria-label=\"\u0421\u043b\u0430\u0439\u0434\u043e\u0432\u0435\" dir=\"ltr\" data-animation=\"fadeInUp\" data-no-translation-aria-label=\"\">\n\t\t\t\t<div class=\"swiper-wrapper elementor-slides\">\n\t\t\t\t\t\t\t\t\t\t<div class=\"elementor-repeater-item-2de4990 swiper-slide\" role=\"group\" aria-roledescription=\"slide\"><div class=\"swiper-slide-bg\" role=\"img\" aria-label=\"slide-1\"><\/div><div class=\"swiper-slide-inner\" ><div class=\"swiper-slide-contents\"><\/div><\/div><\/div>\t\t\t\t<\/div>\n\t\t\t\t\t\t\t<\/div>\n\t\t\t\t<\/div>\n\t\t\t\t\t\t\t\t<\/div>\n\t\t\t\t<\/div>\n\t\t\t\t\t<\/div>\n\t\t<\/div>\n\t\t\t\t\t<\/div>\n\t\t<\/section>\n\t\t\t\t<section class=\"elementor-section elementor-top-section elementor-element elementor-element-2e8357b elementor-section-boxed elementor-section-height-default elementor-section-height-default\" data-id=\"2e8357b\" data-element_type=\"section\" data-e-type=\"section\" data-settings=\"{&quot;background_background&quot;:&quot;classic&quot;}\">\n\t\t\t\t\t\t<div class=\"elementor-container elementor-column-gap-default\">\n\t\t\t\t\t<div class=\"elementor-column elementor-col-100 elementor-top-column elementor-element elementor-element-205e0e7\" data-id=\"205e0e7\" data-element_type=\"column\" data-e-type=\"column\">\n\t\t\t<div class=\"elementor-widget-wrap elementor-element-populated\">\n\t\t\t\t\t\t<div class=\"elementor-element elementor-element-45992e9 elementor-widget elementor-widget-heading\" data-id=\"45992e9\" data-element_type=\"widget\" data-e-type=\"widget\" data-widget_type=\"heading.default\">\n\t\t\t\t<div class=\"elementor-widget-container\">\n\t\t\t\t\t<h1 class=\"elementor-heading-title elementor-size-default\">Polityka prywatno\u015bci<br>\n<br><\/h1>\t\t\t\t<\/div>\n\t\t\t\t<\/div>\n\t\t\t\t\t<\/div>\n\t\t<\/div>\n\t\t\t\t\t<\/div>\n\t\t<\/section>\n\t\t\t\t<section class=\"elementor-section elementor-top-section elementor-element elementor-element-37c862b elementor-section-boxed elementor-section-height-default elementor-section-height-default\" data-id=\"37c862b\" data-element_type=\"section\" data-e-type=\"section\" data-settings=\"{&quot;background_background&quot;:&quot;classic&quot;}\">\n\t\t\t\t\t\t<div class=\"elementor-container elementor-column-gap-default\">\n\t\t\t\t\t<div class=\"elementor-column elementor-col-100 elementor-top-column elementor-element elementor-element-2b9f7e6\" data-id=\"2b9f7e6\" data-element_type=\"column\" data-e-type=\"column\">\n\t\t\t<div class=\"elementor-widget-wrap elementor-element-populated\">\n\t\t\t\t\t\t<div class=\"elementor-element elementor-element-c4106bb elementor-widget elementor-widget-text-editor\" data-id=\"c4106bb\" data-element_type=\"widget\" data-e-type=\"widget\" data-widget_type=\"text-editor.default\">\n\t\t\t\t<div class=\"elementor-widget-container\">\n\t\t\t\t\t\t\t\t\t<h2 class=\"p7\"><span class=\"s1\"><b>WST\u0118P | PRZEDMOWA<\/b><\/span><\/h2><p class=\"p8\"><span class=\"s1\">Dzi\u0119kujemy za zainteresowanie stron\u0105 internetow\u0105 Gradido Akademie. Zaufanie wszystkich odwiedzaj\u0105cych i klient\u00f3w, bezpiecze\u0144stwo Pa\u0144stwa danych oraz ochrona Pa\u0144stwa prywatno\u015bci s\u0105 dla nas wa\u017cne.<\/span><\/p><p class=\"p7\"><span class=\"s1\"><b>TRE\u015a\u0106 NINIEJSZEGO O\u015aWIADCZENIA O OCHRONIE DANYCH OSOBOWYCH<\/b><\/span><\/p><p class=\"p8\"><span class=\"s1\">Poni\u017cej chcieliby\u015bmy wyja\u015bni\u0107 Pa\u0144stwu, jakie dane zbieramy, przetwarzamy i wykorzystujemy jako dostawca tej strony, kiedy i w jakim celu. Wyja\u015bniono, jak dzia\u0142aj\u0105 oferowane przez nas cyfrowe produkty i us\u0142ugi oraz jak gwarantowana jest ochrona Pa\u0144stwa danych osobowych.<\/span><\/p><p class=\"p8\"><span class=\"s1\">Nasze o\u015bwiadczenie o ochronie danych osobowych jest - jak nast\u0119puje:<\/span><\/p><p class=\"p8\"><span class=\"s1\">Cz\u0119\u015b\u0107 1: UWAGI OG\u00d3LNE<\/span><\/p><p class=\"p8\"><span class=\"s1\">Cz\u0119\u015b\u0107 2: U\u017bYTKOWANIE TEGO MIEJSCA ZIEMNEGO<\/span><\/p><p class=\"p8\"><span class=\"s1\">Cz\u0119\u015b\u0107 3: KOKIESY I NARZ\u0118DZIA DO RYNKU JEDNOSTEK<\/span><\/p><p class=\"p8\"><span class=\"s1\">Cz\u0119\u015b\u0107 4: INTEGRACJA US\u0141UGI I ZAWARTO\u015aCI STRON TRZECICH (US\u0141UGI I ZAWARTO\u015aCI STRON TRZECICH)<\/span><\/p><p class=\"p8\"><span class=\"s1\">Cz\u0119\u015b\u0107 5: SPO\u0141ECZNE PODMIOTY UDZIELANIA MEDI\u00d3W<\/span><\/p><p class=\"p8\"><span class=\"s1\">Cz\u0119\u015b\u0107 6: CZ\u0141ONKOWIE I SPRAWODAWCY<\/span><\/p><p class=\"p8\"><span class=\"s1\">Cz\u0119\u015b\u0107 7: BEZPIECZE\u0143STWO<\/span><\/p><p class=\"p8\"><span class=\"s1\">Cz\u0119\u015b\u0107 8: PRAWA DOTYCZ\u0104CE PRAW<\/span><\/p><h2 class=\"p10\"><span class=\"s1\"><b>CZ\u0118\u015a\u0106 1: INFORMACJE OG\u00d3LNE<\/b><\/span><\/h2><p class=\"p7\"><span class=\"s1\"><b>ZAKRES STOSOWANIA<\/b><\/span><\/p><p class=\"p8\"><span class=\"s1\">Niniejsze o\u015bwiadczenie o ochronie danych informuje odwiedzaj\u0105cych i u\u017cytkownik\u00f3w o rodzaju, zakresie i celu gromadzenia i wykorzystywania danych osobowych przez odpowiedzialnego dostawc\u0119 tej strony internetowej na stronie internetowej <a href=\"https:\/\/gradido.net\/pl\/\">https:\/\/gradido.net<\/a>\u00a0(zwana dalej \"Ofert\u0105\").<\/span><\/p><p class=\"p8\"><span class=\"s1\">Pa\u0144stwa dane osobowe b\u0119d\u0105 chronione w ramach prawnych przepis\u00f3w o ochronie danych osobowych i b\u0119d\u0105 traktowane zgodnie z niniejszym o\u015bwiadczeniem o ochronie danych - w nast\u0119puj\u0105cy spos\u00f3b:<\/span><\/p><p class=\"p3\"><span class=\"s1\">Niniejsze o\u015bwiadczenie o ochronie danych osobowych wyja\u015bnia rodzaj, zakres i cel przetwarzania danych osobowych (zwanych dalej \"danymi\") w ramach naszej oferty online oraz zwi\u0105zanych z ni\u0105 stron internetowych, funkcji i tre\u015bci, a tak\u017ce zewn\u0119trznych obecno\u015bci w sieci, takich jak nasz profil w mediach spo\u0142eczno\u015bciowych (zwanych dalej \u0142\u0105cznie \"ofert\u0105 online\"). W odniesieniu do u\u017cywanych termin\u00f3w, np. \"przetwarzanie\" lub \"osoba odpowiedzialna\", odnosimy si\u0119 do nast\u0119puj\u0105cych definicji w art. 4 podstawowego rozporz\u0105dzenia o ochronie danych (DSGVO).<\/span><\/p><p class=\"p3\"><span class=\"s1\">\u00a0<\/span><\/p><p class=\"p3\"><span class=\"s1\">Osoba odpowiedzialna za ochron\u0119 danych<\/span><\/p><p class=\"p3\"><span class=\"s1\">Bernd H\u00fcckst\u00e4dt<\/span><\/p><p class=\"p3\"><span class=\"s1\">\u2105 Akademia Gradido - Instytut Bioniki Ekonomicznej<\/span><\/p><p class=\"p3\"><span class=\"s1\">Za\u0142o\u017cyciel i tw\u00f3rca Gradido<\/span><\/p><p class=\"p3\"><span class=\"s1\">Pfarrweg 2<\/span><\/p><p class=\"p3\"><span class=\"s1\">D 74653 K\u00fcnzelsau<\/span><\/p><p class=\"p3\"><span class=\"s1\">Informacja prawna: https:\/\/gradido.de\/impressum\/<\/span><\/p><p class=\"p3\"><span class=\"s1\">\u00a0<\/span><\/p><p class=\"p7\"><span class=\"s1\"><b>DEFINICJE TERMIN\u00d3W<\/b><\/span><\/p><p class=\"p13\"><span class=\"s1\"><b>DEFINICJA DANYCH OSOBOWYCH<\/b><\/span><\/p><p class=\"p14\"><span class=\"s1\">Dane osobowe to informacje, kt\u00f3re mog\u0105 by\u0107 wykorzystane do ustalenia Pa\u0144stwa to\u017csamo\u015bci, takie jak poprawne nazwisko, adres lub numer telefonu.<\/span><\/p><p class=\"p14\"><span class=\"s1\">S\u0105 to informacje, za pomoc\u0105 kt\u00f3rych mo\u017cna zidentyfikowa\u0107 dan\u0105 osob\u0119.<\/span><\/p><p class=\"p3\"><span class=\"s1\">Osoba mo\u017cliwa do zidentyfikowania to osoba, kt\u00f3rej to\u017csamo\u015b\u0107 mo\u017cna ustali\u0107 bezpo\u015brednio lub po\u015brednio, szczeg\u00f3lnie przez powo\u0142anie si\u0119 na identyfikator, taki jak imi\u0119 i nazwisko, numer identyfikacyjny, dane dotycz\u0105ce lokalizacji, identyfikator internetowy (np. cookie) lub jeden b\u0105d\u017a kilka szczeg\u00f3lnych czynnik\u00f3w okre\u015blaj\u0105cych jej fizyczn\u0105, fizjologiczn\u0105, genetyczn\u0105, umys\u0142ow\u0105, ekonomiczn\u0105, kulturow\u0105 lub spo\u0142eczn\u0105 to\u017csamo\u015b\u0107. Dane osobowe obejmuj\u0105 zatem r\u00f3wnie\u017c np. preferencje, hobby, cz\u0142onkostwo lub kt\u00f3re strony internetowe by\u0142y przez kogo\u015b ogl\u0105dane.<\/span><\/p><p class=\"p13\"><span class=\"s1\"><b>PROCESOWANIE<\/b><\/span><\/p><p class=\"p3\"><span class=\"s1\"><b>\"Przetwarzanie\"<\/b>\u00a0oznacza ka\u017cd\u0105 operacj\u0119 lub zestaw operacji wykonywanych na danych osobowych, niezale\u017cnie od tego, czy s\u0105 one wykonywane automatycznie, czy te\u017c nie. Termin ten jest szeroki i obejmuje praktycznie ca\u0142\u0105 obs\u0142ug\u0119 danych.<\/span><\/p><p class=\"p13\"><span class=\"s1\"><b>RODZAJE PRZETWARZANYCH DANYCH OSOBOWYCH<\/b><\/span><\/p><p class=\"p3\"><span class=\"s1\">- dane inwentaryzacyjne (np. nazwiska, adresy).<\/span><\/p><p class=\"p3\"><span class=\"s1\">- Dane kontaktowe (np. e-mail, numery telefon\u00f3w).<\/span><\/p><p class=\"p3\"><span class=\"s1\">- Dane dotycz\u0105ce tre\u015bci (np. wpisy tekstowe, zdj\u0119cia, filmy wideo).<\/span><\/p><p class=\"p3\"><span class=\"s1\">- Dane dotycz\u0105ce u\u017cytkowania (np. odwiedzane strony internetowe, zainteresowanie tre\u015bci\u0105, czas dost\u0119pu).<\/span><\/p><p class=\"p3\"><span class=\"s1\">- Dane meta\/komunikacyjne (np. informacje o urz\u0105dzeniu, adresy IP).<\/span><\/p><p class=\"p13\"><span class=\"s1\"><b>KATEGORIE OS\u00d3B ZAINTERESOWANYCH<\/b><\/span><\/p><p class=\"p3\"><span class=\"s1\">Odwiedzaj\u0105cy i u\u017cytkownicy oferty online<\/span><\/p><p class=\"p3\"><span class=\"s1\">W dalszej cz\u0119\u015bci dokumentu osoby zainteresowane nazywamy zbiorczo \"u\u017cytkownikami\".<\/span><\/p><p class=\"p13\"><span class=\"s1\"><b>CEL PRZETWARZANIA<\/b><\/span><\/p><p class=\"p3\"><span class=\"s1\">- Udost\u0119pnienie oferty online, jej funkcji i tre\u015bci.<\/span><\/p><p class=\"p3\"><span class=\"s1\">- Reagowanie na zapytania o kontakt i komunikacja z u\u017cytkownikami.<\/span><\/p><p class=\"p3\"><span class=\"s1\">- \u015arodki bezpiecze\u0144stwa.<\/span><\/p><p class=\"p3\"><span class=\"s1\">- Osi\u0105gni\u0119cie Pomiar\/marketing<\/span><\/p><p class=\"p3\"><span class=\"s1\">\u00a0<\/span><\/p><p class=\"p13\"><span class=\"s1\"><b>ODPOWIEDZIALNY ZA DANE<\/b><\/span><\/p><p class=\"p3\"><span class=\"s1\">Jak\u00a0<b>\"Odpowiedzialny\"<\/b>\u00a0oznacza osob\u0119 fizyczn\u0105 lub prawn\u0105, w\u0142adz\u0119 publiczn\u0105, agencj\u0119 lub inny organ, kt\u00f3ry samodzielnie lub wsp\u00f3lnie z innymi okre\u015bla cele i sposoby przetwarzania danych osobowych.<\/span><\/p><p class=\"p7\"><span class=\"s1\"><b>PODSTAWY PRAWNE PRZETWARZANIA DANYCH OSOBOWYCH<\/b><\/span><\/p><p class=\"p14\"><span class=\"s1\">O ile w niniejszym o\u015bwiadczeniu o ochronie danych osobowych w odniesieniu do poszczeg\u00f3lnych narz\u0119dzi nie jest wyra\u017anie wymieniona podstawa prawna, poinformujemy Pa\u0144stwa o podstawie prawnej przetwarzania naszych danych zgodnie z art. 13 DSGVO - w nast\u0119puj\u0105cy spos\u00f3b:<\/span><\/p><ul class=\"ul1\"><li class=\"li8\"><span class=\"s4\">Podstaw\u0105 prawn\u0105 do uzyskania zgody jest art. 6 ust. 1 lit. a oraz art. 7 DSGVO,<\/span><\/li><li class=\"li8\"><span class=\"s4\">Podstaw\u0105 prawn\u0105 przetwarzania danych w celu realizacji naszych us\u0142ug i wdra\u017cania \u015brodk\u00f3w umownych oraz udzielania odpowiedzi na zapytania jest art. 6 ust. 1 lit. b DSGVO,<\/span><\/li><li class=\"li8\"><span class=\"s4\">podstaw\u0105 prawn\u0105 dla przetwarzania w celu wype\u0142nienia naszych zobowi\u0105za\u0144 prawnych jest art. 6 ust. 1 lit. c DSGVO, oraz<\/span><\/li><li class=\"li8\"><span class=\"s4\">Podstaw\u0105 prawn\u0105 przetwarzania danych w celu ochrony naszych uzasadnionych interes\u00f3w jest art. 6 ust. 1 lit. f DSGVO.<\/span><\/li><li class=\"li8\"><span class=\"s4\">W przypadkach, gdy istotne interesy osoby, kt\u00f3rej dane dotycz\u0105, lub innej osoby fizycznej wymagaj\u0105 przetwarzania danych osobowych, podstaw\u0119 prawn\u0105 stanowi art. 6 ust. 1 lit. d FADP.<\/span><\/li><\/ul><p class=\"p7\"><span class=\"s1\"><b>WSP\u00d3\u0141PRACA Z PRZETW\u00d3RCAMI I STRONAMI TRZECIMI<\/b><\/span><\/p><p class=\"p14\"><span class=\"s1\">Je\u017celi w trakcie naszego przetwarzania ujawnimy dane innym osobom i firmom (przetwarzaj\u0105cym lub osobom trzecim), przeka\u017cemy je im lub w inny spos\u00f3b udost\u0119pnimy je, odbywa si\u0119 to wy\u0142\u0105cznie na podstawie upowa\u017cnienia prawnego (np. je\u017celi dane musz\u0105 by\u0107 przekazane osobom trzecim, takim jak dostawcy us\u0142ug p\u0142atniczych, zgodnie z art. 6 ust. 1 lit. b DSGVO w celu realizacji umowy), je\u017celi wyrazili Pa\u0144stwo na to zgod\u0119, je\u017celi przewiduje to obowi\u0105zek prawny lub na podstawie naszych uzasadnionych interes\u00f3w (np. przy korzystaniu z agent\u00f3w, host\u00f3w internetowych itp.).<\/span><\/p><p class=\"p14\"><span class=\"s1\">Je\u015bli zlecamy osobom trzecim przetwarzanie danych na podstawie tak zwanej \"umowy o przetwarzaniu danych\", odbywa si\u0119 to na podstawie art. 28 DSGVO.<\/span><\/p><p class=\"p7\"><span class=\"s1\"><b>PRZEKAZYWANIE DO PA\u0143STW TRZECICH<\/b><\/span><\/p><p class=\"p14\"><span class=\"s1\">Je\u017celi przetwarzamy dane w kraju trzecim (tj. poza Uni\u0105 Europejsk\u0105 (UE) lub Europejskim Obszarem Gospodarczym (EOG)) lub je\u017celi odbywa si\u0119 to w kontek\u015bcie korzystania z us\u0142ug stron trzecich lub ujawnienia lub przekazania danych stronom trzecim, b\u0119dzie to mia\u0142o miejsce tylko wtedy, gdy b\u0119dzie to mia\u0142o miejsce w celu wype\u0142nienia naszych (przed)kontraktowych zobowi\u0105za\u0144, na podstawie Pa\u0144stwa zgody, na podstawie zobowi\u0105zania prawnego lub na podstawie naszych uzasadnionych interes\u00f3w. Za zgod\u0105 prawn\u0105 lub umown\u0105 b\u0119dziemy przetwarza\u0107 lub przekazywa\u0107 dane w kraju trzecim tylko wtedy, gdy spe\u0142nione zostan\u0105 szczeg\u00f3lne wymagania okre\u015blone w art. 44 i nast. DSGVO. Oznacza to, \u017ce przetwarzanie odbywa si\u0119 na przyk\u0142ad na podstawie specjalnych gwarancji, takich jak oficjalnie uznane okre\u015blenie poziomu ochrony danych odpowiadaj\u0105cego poziomowi UE (np. w przypadku USA poprzez \"tarcz\u0119 ochrony prywatno\u015bci\") lub przestrzeganie oficjalnie uznanych specjalnych zobowi\u0105za\u0144 umownych (tzw. \"standardowych klauzul umownych\").<\/span><\/p><p class=\"p14\"><span class=\"s1\"><b>POST\u0118POWANIE Z DANYMI OSOBOWYMI<\/b><\/span><\/p><p class=\"p14\"><span class=\"s1\">Dane osobowe b\u0119d\u0105 zbierane, wykorzystywane i przekazywane osobom trzecim przez dostawc\u0119 tylko wtedy, gdy jest to prawnie dozwolone lub gdy u\u017cytkownik jako u\u017cytkownik wyrazi zgod\u0119 na ich przetwarzanie.<\/span><\/p><p class=\"p14\"><span class=\"s1\">Dane osobowe - np. nazwisko i adres - s\u0105 zbierane przez nas np. przy zakupie produktu, aby m\u00f3c wys\u0142a\u0107 Pa\u0144stwu faktur\u0119. Te i inne dane osobowe s\u0105 r\u00f3wnie\u017c przekazywane osobom trzecim - np. instytucjom finansowym - je\u015bli wybierzesz odpowiedni\u0105 metod\u0119 p\u0142atno\u015bci, o ile jest ona niezb\u0119dna do obs\u0142ugi p\u0142atno\u015bci i realizacji umowy.<\/span><\/p><p class=\"p14\"><span class=\"s1\">Dane osobowe mog\u0105 by\u0107 przekazywane osobom trzecim tylko wtedy, gdy jest dost\u0119pne prawne lub s\u0105dowe upowa\u017cnienie lub gdy anga\u017cujemy osoby trzecie, kt\u00f3re s\u0105 zobowi\u0105zane do zachowania tajemnicy zawodowej w celu egzekwowania naszych praw.<\/span><\/p><p class=\"p14\"><span class=\"s1\"><b>PRZETWARZANIE BIZNESOWE<\/b><\/span><\/p><p class=\"p14\"><span class=\"s1\">Przetwarzane s\u0105 r\u00f3wnie\u017c<span class=\"Apple-converted-space\">\u00a0\u00a0<\/span>- Dane dotycz\u0105ce umowy (np. przedmiot umowy, czas trwania, kategoria klienta). - Dane dotycz\u0105ce p\u0142atno\u015bci (np. dane bankowe, historia p\u0142atno\u015bci) naszych klient\u00f3w, zainteresowanych stron i partner\u00f3w biznesowych w celu \u015bwiadczenia us\u0142ug kontraktowych, obs\u0142ugi i piel\u0119gnacji klienta, marketingu, reklamy i bada\u0144 rynkowych.<\/span><\/p><h2 class=\"p10\"><span class=\"s1\"><b>CZ\u0118\u015a\u0106 2: KORZYSTANIE Z NASZEJ STRONY INTERNETOWEJ<\/b><\/span><\/h2><p class=\"p8\"><span class=\"s1\"><b>WIZYTA NA NASZEJ STRONIE INTERNETOWEJ<\/b><\/span><\/p><p class=\"p17\"><span class=\"s1\">Zasadniczo mo\u017cna odwiedza\u0107 nasz\u0105 stron\u0119 internetow\u0105 bez podawania jakichkolwiek danych osobowych. Chcieliby\u015bmy zwr\u00f3ci\u0107 uwag\u0119, \u017ce transmisja danych w Internecie nie mo\u017ce by\u0107 w pe\u0142ni chroniona przed dost\u0119pem os\u00f3b trzecich.<\/span><\/p><p class=\"p8\"><span class=\"s1\"><b>DANE PROTOKO\u0141OWE<\/b><\/span><\/p><p class=\"p8\"><span class=\"s1\">Automatyczne gromadzenie i przechowywanie danych dziennika przez naszego dostawc\u0119 us\u0142ug internetowych (dostawc\u0119) obejmuje nast\u0119puj\u0105ce informacje:<\/span><\/p><p class=\"p8\"><span class=\"s1\">-data i wizyta adresu URL, pod kt\u00f3rym znajduje si\u0119 go\u015b\u0107<\/span><\/p><p class=\"p8\"><span class=\"s1\">-URL \u017ce go\u015b\u0107 odwiedzi\u0142 bezpo\u015brednio przed<\/span><\/p><p class=\"p8\"><span class=\"s1\">-U\u017cywana wyszukiwarka<\/span><\/p><p class=\"p8\"><span class=\"s1\">-U\u017cyty system operacyjny<\/span><\/p><p class=\"p8\"><span class=\"s1\">-Adres IP i nazwa hosta go\u015bcia<\/span><\/p><p class=\"p8\"><span class=\"s1\">Przesy\u0142anie tych danych do nas jest automatyczne. Twoje dane nie mog\u0105 by\u0107 przypisane do Twojej osoby.<\/span><\/p><p class=\"p8\"><span class=\"s1\"><b>KONTAKT PRZEZ E-MAIL LUB TELEFON<\/b><\/span><\/p><p class=\"p8\"><span class=\"s1\">Gdy kontaktuj\u0105 si\u0119 Pa\u0144stwo z nami jako oferent strony internetowej (np. przez e-mail lub telefon), Pa\u0144stwa dane zostan\u0105 zapisane w naszym systemie operacyjnym w celu przetworzenia Pa\u0144stwa zapytania oraz w przypadku pojawienia si\u0119 pyta\u0144 uzupe\u0142niaj\u0105cych.<\/span><\/p><p class=\"p8\"><span class=\"s1\">Je\u017celi odpowied\u017a na Pa\u0144stwa zapytanie zostanie udzielona lub aplikacja lub us\u0142uga zostanie udost\u0119pniona, Pa\u0144stwa dane zostan\u0105 usuni\u0119te po zako\u0144czeniu aplikacji lub us\u0142ugi, chyba \u017ce zechc\u0105 Pa\u0144stwo uzyska\u0107 od nas dalsze produkty lub informacje i zgodz\u0105 si\u0119 na dalsze wykorzystanie Pa\u0144stwa danych do tych cel\u00f3w. Nawet je\u015bli wyrazili Pa\u0144stwo zgod\u0119, maj\u0105 Pa\u0144stwo r\u00f3wnie\u017c prawo do za\u017c\u0105dania usuni\u0119cia swoich danych w dowolnym momencie (patrz cz\u0119\u015b\u0107 8).<b>\u00a0<\/b>niniejszej polityki prywatno\u015bci).<\/span><\/p><p class=\"p7\"><span class=\"s1\"><b>UWAGI I KOMENTARZE<\/b><\/span><\/p><p class=\"p8\"><span class=\"s1\">Mo\u017cesz pisa\u0107 komentarze na blogu na naszej stronie internetowej jako u\u017cytkownik. Po wprowadzeniu komentarzy na blogu, podany przez u\u017cytkownika adres IP jest natychmiast anonimizowany. Jednak\u017ce, publikacja przychodz\u0105cych komentarzy wymaga zgody naszego administratora. Ta kontrola zatwierdzania ma na celu zapobieganie publikowaniu na naszych stronach tre\u015bci niezgodnych z prawem.<\/span><\/p><p class=\"p8\"><span class=\"s1\">Jako autor komentarzy, mo\u017cesz wpisa\u0107 swoje prawdziwe nazwisko lub pseudonim w podanym polu nazwy. Masz r\u00f3wnie\u017c mo\u017cliwo\u015b\u0107 nie wpisywania imienia i nazwiska w og\u00f3le. Tw\u00f3j adres e-mail nie zostanie wy\u015bwietlony, gdy komentarz zostanie opublikowany na naszej stronie internetowej.<\/span><\/p><p class=\"p8\"><span class=\"s1\">Dane przes\u0142ane podczas wysy\u0142ania komentarza, takie jak adres e-mail, imi\u0119 i nazwisko, kt\u00f3re poda\u0142e\u015b i ewentualnie adres URL, kt\u00f3ry poda\u0142e\u015b oraz komentarz, kt\u00f3ry wys\u0142a\u0142e\u015b, s\u0105 trwale przechowywane na naszym serwerze, przy czym tylko wydany komentarz, ewentualnie z imieniem, jest publicznie widoczny na naszej stronie internetowej. Przetwarzanie tych danych osobowych odbywa si\u0119 na podstawie wcze\u015bniejszej zgody w rozumieniu art. 6 ust. 1 pkt. 1 lit. a). Mog\u0105 Pa\u0144stwo odwo\u0142a\u0107 t\u0119 zgod\u0119 w dowolnym momencie ze skutkiem na przysz\u0142o\u015b\u0107 (patrz cz\u0119\u015b\u0107 8 niniejszej deklaracji o ochronie danych osobowych).<\/span><\/p><p class=\"p7\"><span class=\"s1\"><b>INTEGRACJA US\u0141UG I TRE\u015aCI STRON TRZECICH<\/b><\/span><\/p><p class=\"p8\"><span class=\"s1\">Mo\u017ce si\u0119 zdarzy\u0107, \u017ce w ramach tej oferty online zostan\u0105 zintegrowane tre\u015bci os\u00f3b trzecich, takie jak filmy wideo z YouTube, materia\u0142y mapowe z Google Maps, kana\u0142y RSS lub grafiki z innych stron internetowych. Zak\u0142ada to zawsze, \u017ce dostawcy tych tre\u015bci (zwani dalej \"dostawcami zewn\u0119trznymi\") znaj\u0105 adres IP u\u017cytkownik\u00f3w. Bez adresu IP nie byliby oni w stanie wys\u0142a\u0107 tre\u015bci do przegl\u0105darki danego u\u017cytkownika. Adres IP jest zatem niezb\u0119dny do wy\u015bwietlenia tej tre\u015bci. Staramy si\u0119 wykorzystywa\u0107 wy\u0142\u0105cznie takie tre\u015bci, kt\u00f3rych odpowiedni dostawcy u\u017cywaj\u0105 adresu IP wy\u0142\u0105cznie w celu dostarczenia tre\u015bci. Nie mamy jednak na to wp\u0142ywu, je\u015bli na przyk\u0142ad dostawcy zewn\u0119trzni przechowuj\u0105 adres IP do cel\u00f3w statystycznych. O ile si\u0119 o tym dowiemy, poinformujemy o tym u\u017cytkownik\u00f3w.<\/span><\/p><p class=\"p8\"><span class=\"s1\"><b>KORZYSTANIE Z LINK\u00d3W ZEWN\u0118TRZNYCH<\/b><\/span><\/p><p class=\"p8\"><span class=\"s1\">Na naszych stronach internetowych u\u017cywamy link\u00f3w do stron zewn\u0119trznych, a ich zawarto\u015b\u0107 nie znajduje si\u0119 na naszym serwerze. Zewn\u0119trzna zawarto\u015b\u0107 tych link\u00f3w zosta\u0142a sprawdzona po ich ustawieniu. Nie mo\u017cna jednak wykluczy\u0107, \u017ce tre\u015bci te zosta\u0142y nast\u0119pnie zmienione przez odpowiednich dostawc\u00f3w. Je\u015bli zauwa\u017cyliby Pa\u0144stwo, \u017ce tre\u015bci publikowane przez zewn\u0119trznych dostawc\u00f3w naruszaj\u0105 obowi\u0105zuj\u0105ce prawo, prosz\u0119 mnie o tym poinformowa\u0107. Niniejsza polityka prywatno\u015bci dotyczy wy\u0142\u0105cznie tre\u015bci znajduj\u0105cych si\u0119 na serwerach naszego dostawcy przestrzeni internetowej.<\/span><\/p><h2 class=\"p19\"><span class=\"s1\"><b>CZ\u0118\u015a\u0106 3: PLIKI COOKIE I NARZ\u0118DZIA MARKETINGU INTERNETOWEGO<\/b><\/span><\/h2><p class=\"p1\"><span class=\"s1\"><b>Ciasteczka i pomiar zakresu<\/b><\/span><\/p><p class=\"p2\"><span class=\"s1\">Pliki cookie to informacje, kt\u00f3re s\u0105 przekazywane z naszego serwera lub serwer\u00f3w internetowych os\u00f3b trzecich do przegl\u0105darek internetowych u\u017cytkownik\u00f3w i tam przechowywane w celu p\u00f3\u017aniejszego ich pobrania. U\u017cytkownicy zostan\u0105 poinformowani o wykorzystaniu plik\u00f3w cookie w ramach pseudonimowego pomiaru zasi\u0119gu w zakresie niniejszej deklaracji o ochronie danych osobowych.<\/span><\/p><p class=\"p2\"><span class=\"s1\">Przegl\u0105danie tej oferty online jest r\u00f3wnie\u017c mo\u017cliwe z wy\u0142\u0105czeniem plik\u00f3w cookie. Je\u015bli u\u017cytkownik nie chce, aby pliki cookie by\u0142y zapisywane na jego komputerze, jest proszony o wy\u0142\u0105czenie odpowiedniej opcji w ustawieniach systemowych przegl\u0105darki. Zapisane pliki cookie mo\u017cna usun\u0105\u0107 w ustawieniach systemowych przegl\u0105darki. Wy\u0142\u0105czenie cookies mo\u017ce prowadzi\u0107 do funkcjonalnych ogranicze\u0144 tej oferty online.<\/span><\/p><p class=\"p2\"><span class=\"s1\">Istnieje mo\u017cliwo\u015b\u0107 otrzymywania wielu plik\u00f3w cookie z reklamami internetowymi od firm za po\u015brednictwem strony internetowej USA.\u00a0<a href=\"http:\/\/www.aboutads.info\/choices\"><span class=\"s2\">http:\/\/www.aboutads.info\/choices<\/span><\/a>\u00a0lub po stronie UE\u00a0<a href=\"http:\/\/www.youronlinechoices.com\/uk\/your-ad-choices\/\"><span class=\"s2\">http:\/\/www.youronlinechoices.com\/uk\/your-ad-choices\/<\/span><\/a>\u00a0do zarz\u0105dzania.<\/span><\/p><p class=\"p7\"><span class=\"s1\"><b>KORZYSTANIE Z WYSY\u0141ANIA BIULETYNU INFORMACYJNEGO<\/b><\/span><\/p><p class=\"p8\"><span class=\"s1\">Do wysy\u0142ania newsletter\u00f3w, kt\u00f3re informuj\u0105 o tematyce Akademii Gradido i naszej ofercie, wykorzystujemy platform\u0119 wysy\u0142ania newsletter\u00f3w poczt\u0105 elektroniczn\u0105.<\/span><\/p><p class=\"p8\"><span class=\"s1\">Je\u015bli chcesz zapisa\u0107 si\u0119 do newslettera Gradido Academy i regularnie go czyta\u0107, wymagana jest rejestracja z wa\u017cnym adresem e-mail. W ka\u017cdej chwili mo\u017cna zrezygnowa\u0107 z subskrypcji newslettera. Prosimy o skorzystanie z linku podanego w newsletterze.<\/span><\/p><p class=\"p8\"><span class=\"s1\">Przed wys\u0142aniem newslettera musz\u0105 Pa\u0144stwo wyra\u017anie potwierdzi\u0107 nam w tzw. procedurze double opt-in, \u017ce mo\u017cemy aktywowa\u0107 us\u0142ug\u0119 newslettera dla Pa\u0144stwa. W tym celu otrzymaj\u0105 Pa\u0144stwo od nas wiadomo\u015b\u0107 e-mail z potwierdzeniem i autoryzacj\u0105, w kt\u00f3rej prosimy o klikni\u0119cie na link zawarty w tej wiadomo\u015bci i tym samym potwierdzenie, \u017ce chc\u0105 Pa\u0144stwo otrzymywa\u0107 nasz biuletyn. Dalsze dane nie b\u0119d\u0105 zbierane. Tego adresu e-mail u\u017cywamy wy\u0142\u0105cznie do wysy\u0142ania newslettera, chyba \u017ce wyrazili Pa\u0144stwo wyra\u017an\u0105 zgod\u0119 na inne jego u\u017cycie w ramach procedury \"double opt-in\" lub p\u00f3\u017aniej.<\/span><\/p><p class=\"p8\"><span class=\"s1\">Podczas rejestracji do newslettera, nasz system wysy\u0142ania newslettera zapisuje Tw\u00f3j adres IP oraz dat\u0119 rejestracji. To przechowywanie s\u0142u\u017cy tylko jako dow\u00f3d na wypadek, gdyby osoba trzecia nadu\u017cy\u0142a adresu e-mail i zarejestrowa\u0142a si\u0119 do otrzymywania newslettera bez wiedzy osoby uprawnionej.<\/span><\/p><p class=\"p8\"><span class=\"s1\">Wysy\u0142ka newslettera odbywa si\u0119 poprzez \"<b>Wskaz\u00f3wka dotycz\u0105ca klikni\u0119cia<\/b>\", platforma wysy\u0142ania newslettera dostawcy\u00a0<b>CLICK TIP LIMITED, 15 Cambridge Court, 210 Shepherd's Bush Road, London W6 7NJ, United Kingdom.<\/b><\/span><\/p><p class=\"p8\"><span class=\"s1\">Adresy e-mailowe naszych odbiorc\u00f3w newslettera, jak r\u00f3wnie\u017c inne dane opisane w niniejszym zawiadomieniu, s\u0105 przechowywane na serwerach Klick-Tipp. Klick-Tipp wykorzystuje te informacje do wysy\u0142ania i oceny newslettera w naszym imieniu. Ponadto Klick-Tipp mo\u017ce wykorzystywa\u0107 te dane zgodnie z w\u0142asnymi informacjami w celu optymalizacji lub poprawy w\u0142asnych us\u0142ug, np. w celu technicznej optymalizacji wysy\u0142ki i prezentacji biuletyn\u00f3w lub w celach ekonomicznych, aby okre\u015bli\u0107 kraje, z kt\u00f3rych pochodz\u0105 odbiorcy. Klick-Tipp nie wykorzystuje jednak danych naszych odbiorc\u00f3w newslettera do samodzielnego pisania do nich lub przekazywania ich osobom trzecim.<\/span><\/p><p class=\"p8\"><span class=\"s1\">Wierzymy w niezawodno\u015b\u0107 i bezpiecze\u0144stwo IT i danych firmy Klick-Tipp. Klick-Tipp zobowi\u0105zuje si\u0119 zatem do przestrzegania unijnych przepis\u00f3w o ochronie danych osobowych. Zawarli\u015bmy r\u00f3wnie\u017c umow\u0119 z Klick-Tipp. Jest to umowa, w kt\u00f3rej Klick-Tipp zobowi\u0105zuje si\u0119 do ochrony danych naszych u\u017cytkownik\u00f3w, do przetwarzania ich w naszym imieniu zgodnie z przepisami o ochronie danych osobowych, a w szczeg\u00f3lno\u015bci do nieprzekazywania ich osobom trzecim. Przepisy Klick-Tipp dotycz\u0105ce ochrony danych osobowych mo\u017cna znale\u017a\u0107 tutaj:\u00a0<a href=\"https:\/\/www.klick-tipp.com\/datenschutzerkl%C3%A4rung\"><span class=\"s2\">https:\/\/www.klick-tipp.com\/datenschutzerkl\u00e4rung<\/span><\/a><\/span><\/p><p class=\"p7\"><span class=\"s1\"><b>U\u017bYTKOWANIE STATYFII<\/b><\/span><\/p><p class=\"p8\"><span class=\"s1\">Aby m\u00f3c zmierzy\u0107 wywo\u0142anie niekt\u00f3rych stron i ich atrakcyjno\u015b\u0107 dla u\u017cytkownika, wykorzystujemy narz\u0119dzie analityczne Statify, opracowane jako open source przez kolektyw plugin\u00f3w (<a href=\"https:\/\/de.wordpress.org\/plugins\/statify\/\">https:\/\/de.wordpress.org\/plugins\/statify\/<\/a>).<\/span><\/p><p class=\"p8\"><span class=\"s1\">Statify daje zwarty przegl\u0105d liczby ods\u0142on i nie przechowuje ani nie przetwarza danych osobowych, takich jak adresy IP. Statystyka ocenia statystycznie najcz\u0119\u015bciej odwiedzane strony poprzez liczenie ods\u0142on, a nie odwiedzaj\u0105cych. Ponadto ods\u0142ony s\u0105 przechowywane tylko przez ograniczony okres czasu (standardowo: dwa tygodnie), kt\u00f3ry mo\u017ce by\u0107 indywidualnie regulowany.<\/span><\/p><p class=\"p8\"><span class=\"s1\">Oceniaj\u0105c liczb\u0119 klikni\u0119\u0107 na naszych stronach, mamy mo\u017cliwo\u015b\u0107 ci\u0105g\u0142ego ulepszania naszej oferty online dla u\u017cytkownik\u00f3w.<\/span><\/p><h2 class=\"p19\"><span class=\"s1\"><b>CZ\u0118\u015a\u0106 4: INTEGRACJA US\u0141UG ZEWN\u0118TRZNYCH + ZAWARTO\u015a\u0106<\/b><\/span><\/h2><p class=\"p8\"><span class=\"s1\"><b>KORZYSTANIE Z FILM\u00d3W NA YOUTUBE<\/b><\/span><\/p><p class=\"p8\"><span class=\"s1\">Do integracji film\u00f3w wideo wykorzystujemy mi\u0119dzy innymi dostawc\u0119 YouTube. YouTube jest prowadzony przez YouTube LLC z siedzib\u0105 przy 901 Cherry Avenue, San Bruno, CA 94066, USA. YouTube jest reprezentowany przez Google Inc. z siedzib\u0105 przy 1600 Amphitheatre Parkway, Mountain View, CA 94043, USA.<\/span><\/p><p class=\"p8\"><span class=\"s1\">Na niekt\u00f3rych naszych stronach internetowych u\u017cywamy wtyczek od dostawcy YouTube. W przypadku wywo\u0142ania stron internetowych naszej obecno\u015bci w Internecie wyposa\u017conych w tak\u0105 wtyczk\u0119 - na przyk\u0142ad naszej biblioteki medialnej - nast\u0119puje po\u0142\u0105czenie z serwerami YouTube i wy\u015bwietlenie wtyczki. To m\u00f3wi serwerowi YouTube, kt\u00f3re z naszych stron internetowych odwiedzi\u0142e\u015b. Je\u015bli jeste\u015b zalogowany jako cz\u0142onek YouTube, YouTube przypisuje te informacje do Twojego osobistego konta u\u017cytkownika. Je\u015bli korzystasz z wtyczki, np. klikaj\u0105c na przycisk start filmu, informacje te s\u0105 r\u00f3wnie\u017c przypisane do Twojego konta u\u017cytkownika. Mo\u017cesz zapobiec temu skojarzeniu, wylogowuj\u0105c si\u0119 z konta YouTube i innych kont firm YouTube LLC i Google Inc. przed rozpocz\u0119ciem korzystania z naszej strony internetowej i usuwaj\u0105c odpowiednie pliki cookie tych firm.<\/span><\/p><p class=\"p8\"><span class=\"s1\">Dalsze informacje na temat przetwarzania danych oraz wskaz\u00f3wki dotycz\u0105ce ochrony danych przez YouTube (Google) mo\u017cna znale\u017a\u0107 na stronie www.google.de\/intl\/de\/policies\/privacy\/.<\/span><\/p><p class=\"p8\"><span class=\"s1\"><b>\u00a0<\/b><\/span><\/p><p class=\"p8\"><span class=\"s1\"><b>KORZYSTANIE Z FILM\u00d3W VIMEO<\/b><\/span><\/p><p class=\"p8\"><span class=\"s1\">Do integracji film\u00f3w wideo wykorzystujemy mi\u0119dzy innymi dostawc\u0119 Vimeo. Vimeo jest obs\u0142ugiwane przez Vimeo, LLC z siedzib\u0105 przy 555 West 18th Street, Nowy Jork, Nowy Jork 10011.<\/span><\/p><p class=\"p8\"><span class=\"s1\">Na niekt\u00f3rych naszych stronach internetowych u\u017cywamy wtyczek od dostawcy Vimeo. Po wej\u015bciu na strony internetowe naszej witryny, kt\u00f3re s\u0105 wyposa\u017cone w tak\u0105 wtyczk\u0119 - na przyk\u0142ad nasz\u0105 bibliotek\u0119 multimedialn\u0105 - nast\u0119puje nawi\u0105zanie po\u0142\u0105czenia z serwerami Vimeo i wy\u015bwietlenie wtyczki. To m\u00f3wi serwerowi Vimeo, kt\u00f3re z naszych stron internetowych odwiedzi\u0142e\u015b. Je\u015bli jeste\u015b zalogowany jako cz\u0142onek Vimeo, Vimeo przypisuje te informacje do Twojego osobistego konta u\u017cytkownika. Podczas korzystania z wtyczki, np. po klikni\u0119ciu na przycisk start filmu, informacje te s\u0105 r\u00f3wnie\u017c przypisane do konta u\u017cytkownika. Mo\u017cesz zapobiec temu przypisaniu, wylogowuj\u0105c si\u0119 z konta u\u017cytkownika Vimeo przed rozpocz\u0119ciem korzystania z naszej strony internetowej i usuwaj\u0105c odpowiednie pliki cookie z Vimeo.<\/span><\/p><p class=\"p8\"><span class=\"s1\">Dalsze informacje na temat przetwarzania danych i ochrony danych przez Vimeo mo\u017cna znale\u017a\u0107 na stronie https:\/\/vimeo.com\/privacy.<\/span><\/p><h2 class=\"p19\"><span class=\"s1\"><b>CZ\u0118\u015a\u0106 5: PRZYCISKI DO DZIELENIA SI\u0118 MEDIAMI SPO\u0141ECZNO\u015aCIOWYMI<\/b><\/span><\/h2><p class=\"p7\"><span class=\"s1\"><b>OBECNO\u015a\u0106 ONLINE W MEDIACH SPO\u0141ECZNO\u015aCIOWYCH<\/b><\/span><\/p><p class=\"p8\"><span class=\"s1\">Utrzymujemy obecno\u015b\u0107 online w sieciach i platformach spo\u0142eczno\u015bciowych, aby m\u00f3c komunikowa\u0107 si\u0119 z klientami, zainteresowanymi stronami i aktywnymi tam u\u017cytkownikami oraz aby informowa\u0107 ich o naszych us\u0142ugach. Przy wywo\u0142ywaniu poszczeg\u00f3lnych sieci i platform obowi\u0105zuj\u0105 warunki i wytyczne dotycz\u0105ce przetwarzania danych poszczeg\u00f3lnych operator\u00f3w.<\/span><\/p><p class=\"p8\"><span class=\"s1\">O ile nasza polityka prywatno\u015bci nie stanowi inaczej, przetwarzamy dane u\u017cytkownik\u00f3w, je\u015bli komunikuj\u0105 si\u0119 oni z nami w ramach sieci spo\u0142eczno\u015bciowych i platform, np. je\u015bli pisz\u0105 artyku\u0142y na temat naszych obecno\u015bci w Internecie lub wysy\u0142aj\u0105 nam tam wiadomo\u015bci.<\/span><\/p><p class=\"p8\"><span class=\"s1\"><b>KORZYSTANIE Z FUNKCJI WSP\u00d3\u0141DZIELENIA DLA SIECI SPO\u0141ECZNO\u015aCIOWYCH (SHARIFF)<\/b><\/span><\/p><p class=\"p3\"><span class=\"s1\">U\u017cywamy projektu c't \"Shariff\" na naszej stronie internetowej. \"Shariff\" zast\u0119puje zwyk\u0142e przyciski akcji w serwisach spo\u0142eczno\u015bciowych i chroni zachowania surfer\u00f3w.<\/span><\/p><p class=\"p3\"><span class=\"s1\">\"Shariff\" umieszcza te przyciski wsp\u00f3\u0142dzielenia sieci spo\u0142eczno\u015bciowych na naszej stronie internetowej jedynie jako grafik\u0119, kt\u00f3ra zawiera link do odpowiedniego portalu spo\u0142eczno\u015bciowego. Klikaj\u0105c na odpowiedni\u0105 grafik\u0119, zostaniesz przekierowany do us\u0142ug danej sieci. Przycisk Shariff nawi\u0105zuje bezpo\u015bredni kontakt pomi\u0119dzy serwisem spo\u0142eczno\u015bciowym a naszymi go\u015b\u0107mi tylko wtedy, gdy go\u015b\u0107 aktywnie kliknie przycisk udost\u0119pniania. Tylko wtedy Twoje dane zostan\u0105 przes\u0142ane do odpowiedniego portalu spo\u0142eczno\u015bciowego. Je\u015bli jednak przycisk Shariff nie zostanie klikni\u0119ty, nie b\u0119dzie mia\u0142a miejsca wymiana danych mi\u0119dzy u\u017cytkownikiem a portalami spo\u0142eczno\u015bciowymi. Wi\u0119cej informacji na temat projektu c't \"Shariff\" mo\u017cna znale\u017a\u0107 na stronie https:\/\/www.heise.de\/ct\/artikel\/Shariff-Social-Media-Buttons-mit-Datenschutz-2467514.html.<\/span><\/p><p class=\"p3\"><span class=\"s1\">Integrujemy nast\u0119puj\u0105ce serwisy spo\u0142eczno\u015bciowe z \"Shariff\" na naszej stronie internetowej:<\/span><\/p><ul class=\"ul1\"><li class=\"li3\"><span class=\"s1\">Facebook Inc. (1601 S. California Ave - Palo Alto - CA 94304 - USA)<\/span><\/li><li class=\"li3\"><span class=\"s1\">Twitter Inc. (795 Folsom St. - Suite 600 - San Francisco - CA 94107 - USA)<\/span><\/li><li class=\"li3\"><span class=\"s1\">Google Plus\/Google Inc. (1600 Amphitheatre Parkway - Mountain View - CA 94043 - USA)<\/span><\/li><li class=\"li3\"><span class=\"s1\">Pinterest (Pinterest Inc. - 635 High Street - Palo Alto - CA, 94301 - USA)<\/span><\/li><\/ul><h2 class=\"p10\"><span class=\"s1\"><b>CZ\u0118\u015a\u0106 6: OBSZARY CZ\u0141ONKOWSKIE I PROGRAM PARTNERSKI<\/b><\/span><\/h2><p class=\"p7\"><span class=\"s1\"><b>WYKORZYSTANIE ABLEFY DLA SPO\u0141ECZNO\u015aCI GRADIDO<\/b><\/span><\/p><p class=\"p7\"><span class=\"s1\">Oferujemy wielopoziomowe cz\u0142onkostwo w spo\u0142eczno\u015bci Gradido tym, kt\u00f3rzy chc\u0105 dowiedzie\u0107 si\u0119 wi\u0119cej o koncepcji Gradido i zosta\u0107 ambasadorem Gradido. Aby zaoferowa\u0107 te obszary cz\u0142onkostwa, korzystamy z us\u0142ugi ablefy.<\/span><\/p><p class=\"p7\"><span class=\"s1\">Mo\u017cliwe cz\u0142onkostwa w Gradido-COMMUNITY s\u0105 opisane na naszej stronie \"Spo\u0142eczno\u015b\u0107\". Po klikni\u0119ciu przycisku na tej stronie, aby zarejestrowa\u0107 si\u0119 w jednym z tych cz\u0142onkostw, opu\u015bcisz nasz\u0105 stron\u0119 internetow\u0105 i zostaniesz przekierowany na nasze indywidualne strony obszaru cz\u0142onkowskiego ablefy, skonfigurowane w tym celu.<\/span><\/p><p class=\"p7\"><span class=\"s1\">ablefy jest mark\u0105 firmy Elopage GmbH:<\/span><\/p><p class=\"p7\"><span class=\"s1\">elopay GmbH<\/span><\/p><p class=\"p7\"><span class=\"s1\">Joachimsthaler Street 21<\/span><\/p><p class=\"p7\"><span class=\"s1\">10719 Berlin<\/span><\/p><p class=\"p7\"><span class=\"s1\">Wszystkie funkcje na stronach cz\u0142onkowskich ablefy i zwi\u0105zane z nimi przetwarzanie p\u0142atno\u015bci s\u0105 realizowane za po\u015brednictwem ablefy. W zwi\u0105zku z tym do tych proces\u00f3w maj\u0105 zastosowanie postanowienia dotycz\u0105ce ochrony danych osobowych ablefy. Polityk\u0119 prywatno\u015bci ablefy mo\u017cna znale\u017a\u0107 tutaj: https:\/\/myablefy.com\/privacy<\/span><\/p><p class=\"p7\"><span class=\"s1\">Podstawa prawna przetwarzania danych osobowych podczas przekierowania z naszej strony internetowej na stron\u0119 sprzeda\u017cy za po\u015brednictwem ablefy wynika w tym przypadku z art. 6 ust. 1 zdanie 1 lit. b).<\/span><\/p><p><strong>PRZETWARZANIE P\u0141ATNO\u015aCI I DOSTAWA PRODUKT\u00d3W CYFROWYCH PRZEZ NAMOTTO.LAB<\/strong><\/p><p class=\"p1\"><span class=\"s1\">Przetwarzanie p\u0142atno\u015bci i dostarczanie produkt\u00f3w cyfrowych jest realizowane przez namotto.lab. Polityka prywatno\u015bci nazwotto znajduje si\u0119 tutaj: https:\/\/namotto.de\/privacy.<\/span><\/p><p class=\"p1\"><span class=\"s1\">Namotto.Laboratorium jest s\u0142u\u017cb\u0105:<\/span><\/p><p class=\"p1\"><span class=\"s1\">Namotto.lab<\/span><\/p><p class=\"p1\"><span class=\"s1\">W\u0142a\u015bciciel Tolga Oenal<\/span><\/p><p class=\"p1\"><span class=\"s1\">Uhlandstrasse 154<\/span><\/p><p class=\"p1\"><span class=\"s1\">10719 Berlin<\/span><\/p><p class=\"p1\"><span class=\"s1\">Zawarli\u015bmy odpowiedni\u0105 umow\u0119 z namotto.lab jako naszym podmiotem przetwarzaj\u0105cym zgodnie z art. 28 RODO. Podstawa prawna przetwarzania danych osobowych podczas przekierowania z naszej strony internetowej na stron\u0119 sprzeda\u017cy za po\u015brednictwem ablefy wynika w tym przypadku z art. 6 ust. 1 zdanie 1 lit. b).<\/span><\/p><p class=\"p7\"><span class=\"s1\"><b>WYKORZYSTANIE MO\u017bLIWO\u015aCI DLA PARTNER\u00d3W STOWARZYSZONYCH (PROGRAM PARTNER)<\/b><\/span><\/p><p class=\"p7\"><span class=\"s1\">Oferujemy r\u00f3wnie\u017c partnerski program partnerski dla partner\u00f3w reklamowych. Je\u015bli z powodzeniem zareklamujesz si\u0119 jako cz\u0142onek Akademii Gradido, partnerzy reklamowi otrzymaj\u0105 prowizj\u0119.<\/span><\/p><p class=\"p7\"><span class=\"s1\">Aby zaoferowa\u0107 ten program partnerski, korzystamy z us\u0142ugi ablefy.<span class=\"Apple-converted-space\">\u00a0 \u00a0<\/span><\/span><\/p><p class=\"p7\"><span class=\"s1\">Program partnerski Gradido jest opisany na naszej stronie \"Program partnerski\". Po klikni\u0119ciu przycisku na tej stronie, za pomoc\u0105 kt\u00f3rego chcesz zarejestrowa\u0107 si\u0119 w programie partnerskim jako partner reklamowy, opu\u015bcisz nasz\u0105 stron\u0119 internetow\u0105 i zostaniesz przekierowany na nasze indywidualne strony utworzone w tym celu przez ablefy.<\/span><\/p><p class=\"p7\"><span class=\"s1\">ablefy jest us\u0142ug\u0105:<\/span><\/p><p class=\"p7\"><span class=\"s1\">elopay GmbH<\/span><\/p><p class=\"p7\"><span class=\"s1\">Joachimsthaler Street 21<\/span><\/p><p class=\"p7\"><span class=\"s1\">10719 Berlin<\/span><\/p><p class=\"p7\"><span class=\"s1\">Wszystkie funkcje na stronach partnerskich ablefy i zwi\u0105zane z nimi przetwarzanie p\u0142atno\u015bci s\u0105 realizowane przez ablefy. W zwi\u0105zku z tym do proces\u00f3w tych zastosowanie maj\u0105 postanowienia dotycz\u0105ce ochrony danych osobowych obowi\u0105zuj\u0105ce w ablefy. Polityka prywatno\u015bci ablefy znajduje si\u0119 na stronie <\/span><span class=\"s2\">tutaj.<span class=\"Apple-converted-space\"> https:\/\/myablefy.com\/privacy<\/span><\/span><\/p><p class=\"p7\"><span class=\"s1\">Podstawa prawna przetwarzania danych osobowych podczas przekierowania z naszej strony internetowej na stron\u0119 partnersk\u0105 na ablefy wynika w tym przypadku z dobrowolnego charakteru uczestnictwa w programie partnerskim oraz z art. 6 ust. 1 zdanie 1 lit. f).<\/span><\/p><h2 class=\"p10\"><span class=\"s1\"><b>CZ\u0118\u015a\u0106 7: BEZPIECZE\u0143STWO<\/b><\/span><\/h2><p class=\"p7\"><span class=\"s1\"><b>BEZPIECZE\u0143STWO SYSTEMU I INFORMACJI<\/b><\/span><\/p><p class=\"p8\"><span class=\"s1\">Zabezpieczamy nasz\u0105 stron\u0119 internetow\u0105 i inne systemy za pomoc\u0105 \u015brodk\u00f3w technicznych i organizacyjnych przed utrat\u0105, zniszczeniem, dost\u0119pem, modyfikacj\u0105 lub rozpowszechnieniem przechowywanych danych przez osoby nieupowa\u017cnione. Jednak\u017ce, pomimo kontroli, pe\u0142na ochrona przed wszystkimi zagro\u017ceniami nie jest mo\u017cliwa. Samo po\u0142\u0105czenie z Internetem i wynikaj\u0105ce z niego mo\u017cliwo\u015bci techniczne nie gwarantuj\u0105, \u017ce tre\u015bci i przep\u0142yw informacji nie mog\u0105 by\u0107 przegl\u0105dane i zapisywane przez osoby trzecie.<\/span><\/p><p class=\"p7\"><span class=\"s1\"><b>SZYFROWANIE PRZEZ SSL<\/b><\/span><\/p><p class=\"p8\"><span class=\"s1\">Ze wzgl\u0119d\u00f3w bezpiecze\u0144stwa u\u017cywamy szyfrowania SSL (Secure Sockets Layer) dla naszej strony internetowej. Chroni to przesy\u0142ane dane i uniemo\u017cliwia ich odczytanie przez osoby trzecie. Skuteczne szyfrowanie mo\u017cna rozpozna\u0107 po tym, \u017ce oznaczenie protoko\u0142u na pasku stanu przegl\u0105darki zmienia si\u0119 z \"http:\/\/\" na \"https:\/\/\" i widoczny jest tam symbol zamkni\u0119tej blokady.<\/span><\/p><h2 class=\"p10\"><span class=\"s1\"><b>CZ\u0118\u015a\u0106 8: PRAWA, KT\u00d3RYCH DOTYCZY WNIOSEK<\/b><\/span><\/h2><p class=\"p8\"><span class=\"s1\"><b>USUWANIE DANYCH<\/b><\/span><\/p><p class=\"p3\"><span class=\"s1\">Przetwarzane przez nas dane zostan\u0105 usuni\u0119te lub ograniczone w ich przetwarzaniu zgodnie z art. 17 i 18 DSGVO. O ile w niniejszym o\u015bwiadczeniu o ochronie danych osobowych nie zosta\u0142o to wyra\u017anie zaznaczone, przechowywane przez nas dane zostan\u0105 usuni\u0119te, gdy tylko przestan\u0105 by\u0107 potrzebne do osi\u0105gni\u0119cia zamierzonego celu, a usuni\u0119cie nie b\u0119dzie sprzeczne z ustawowymi obowi\u0105zkami przechowywania. Je\u017celi dane nie zostan\u0105 usuni\u0119te, poniewa\u017c s\u0105 wymagane do innych, prawnie dopuszczalnych cel\u00f3w, ich przetwarzanie jest ograniczone. Oznacza to, \u017ce dane te s\u0105 blokowane i nie s\u0105 przetwarzane w innych celach. Dotyczy to na przyk\u0142ad danych, kt\u00f3re musz\u0105 by\u0107 zatrzymywane ze wzgl\u0119d\u00f3w handlowych lub podatkowych.<\/span><\/p><p class=\"p3\"><span class=\"s1\">Zgodnie z wymogami prawnymi w Niemczech magazynowanie trwa 6 lat zgodnie z \u00a7 257 ust. 1 HGB (ksi\u0119gi handlowe, zapasy, bilanse otwarcia, roczne sprawozdania finansowe, pisma handlowe, bony ksi\u0119gowe itp.) oraz 10 lat zgodnie z \u00a7 147 ust. 1 AO (ksi\u0119gi, rejestry, sprawozdania zarz\u0105du, bony ksi\u0119gowe, pisma handlowe i handlowe, dokumenty dotycz\u0105ce podatk\u00f3w itp.)<\/span><\/p><p class=\"p8\"><span class=\"s1\"><b>PRAWA ZAINTERESOWANYCH OS\u00d3B<\/b><\/span><\/p><p class=\"p8\"><span class=\"s1\"><b>PRAWO DO INFORMACJI<\/b><\/span><\/p><p class=\"p3\"><span class=\"s1\">Maj\u0105 Pa\u0144stwo prawo do uzyskania potwierdzenia, czy dane te s\u0105 przetwarzane oraz do uzyskania informacji o tych danych, a tak\u017ce do otrzymania dalszych informacji i kopii danych zgodnie z art. 15 DSGVO.<\/span><\/p><p class=\"p8\"><span class=\"s1\"><b>PRAWO DO SPROSTOWANIA<\/b><\/span><\/p><p class=\"p3\"><span class=\"s1\">Zgodnie z art. 16 DSGVO maj\u0105 Pa\u0144stwo prawo za\u017c\u0105da\u0107 uzupe\u0142nienia danych dotycz\u0105cych Pa\u0144stwa lub skorygowania b\u0142\u0119dnych danych dotycz\u0105cych Pa\u0144stwa.<\/span><\/p><p class=\"p8\"><span class=\"s1\"><b>PRAWO DO ODMOWY<\/b><\/span><\/p><p class=\"p3\"><span class=\"s1\">Maj\u0105 Pa\u0144stwo prawo do cofni\u0119cia zgody udzielonej zgodnie z art. 7 ust. 3 DSGVO ze skutkiem na przysz\u0142o\u015b\u0107.<\/span><\/p><p class=\"p8\"><span class=\"s1\"><b>PRAWO DO SPRZECIWU<\/b><\/span><\/p><p class=\"p3\"><span class=\"s1\">Mog\u0105 Pa\u0144stwo w ka\u017cdej chwili sprzeciwi\u0107 si\u0119 przysz\u0142emu przetwarzaniu Pa\u0144stwa danych zgodnie z art. 21 DSGVO. Sprzeciw mo\u017ce zosta\u0107 wniesiony w szczeg\u00f3lno\u015bci przeciwko przetwarzaniu do cel\u00f3w reklamy bezpo\u015bredniej.<\/span><\/p><p class=\"p8\"><span class=\"s1\"><b>PRAWO DO ZABLOKOWANIA I OCZYSZCZENIA<\/b><\/span><\/p><p class=\"p3\"><span class=\"s1\">Zgodnie z art. 17 DSGVO maj\u0105 Pa\u0144stwo prawo \u017c\u0105da\u0107 natychmiastowego usuni\u0119cia danych, lub, zgodnie z art. 18 DSGVO, za\u017c\u0105da\u0107 ograniczenia przetwarzania danych. U\u017cytkownik ma prawo do zablokowania i usuni\u0119cia swoich danych osobowych, o ile nie stoi to w sprzeczno\u015bci z jakimkolwiek prawnym obowi\u0105zkiem przechowywania danych.<\/span><\/p><p class=\"p8\"><span class=\"s1\"><b>PRAWO DO TRANSMISJI<\/b><\/span><\/p><p class=\"p3\"><span class=\"s1\">Maj\u0105 Pa\u0144stwo prawo za\u017c\u0105da\u0107, aby dane, kt\u00f3re nam Pa\u0144stwo przekazali, zosta\u0142y nam udost\u0119pnione zgodnie z art. 20 DSGVO i za\u017c\u0105da\u0107, aby zosta\u0142y one przekazane innym odpowiedzialnym osobom.<\/span><\/p><p class=\"p8\"><span class=\"s1\"><b>REKLAMACJE<\/b><\/span><\/p><p class=\"p3\"><span class=\"s1\">Zgodnie z art. 77 DSGVO maj\u0105 one r\u00f3wnie\u017c prawo do z\u0142o\u017cenia skargi do w\u0142a\u015bciwego organu nadzorczego.<\/span><\/p><p class=\"p8\"><span class=\"s1\"><b>KORZYSTANIE Z PRAW U\u017bYTKOWNIKA<\/b><\/span><\/p><p class=\"p8\"><span class=\"s1\">U\u017cytkownik mo\u017ce r\u00f3wnie\u017c skontaktowa\u0107 si\u0119 z nami za po\u015brednictwem poczty elektronicznej, aby skorzysta\u0107 z przys\u0142uguj\u0105cych mu praw, takich jak cofni\u0119cie udzielonej zgody lub sprzeciw wobec konkretnego wykorzystania danych:<\/span><\/p><p class=\"p8\"><span class=\"s1\"><b>akademie@gradido.net<\/b><\/span><\/p><p class=\"p8\"><span class=\"s1\">Odpowiedzialny w zakresie ochrony danych osobowych:<\/span><\/p><p class=\"p8\"><span class=\"s1\">Bernd H\u00fcckst\u00e4dt<\/span><\/p><p class=\"p8\"><span class=\"s1\">Pfarrweg 2<\/span><\/p><p class=\"p8\"><span class=\"s1\">74653 K\u00fcnzelsau<\/span><\/p><p class=\"p8\"><span class=\"s1\">E-mail: support{\u00e4t}<span class=\"s2\">gradido.net<\/span><\/span><\/p><p class=\"p8\"><span class=\"s1\"><b>SPRZECIW W SPRAWIE W\u0141ASNEJ PRZECIWKO E-MAILOM REKLAMOWYM<\/b><\/span><\/p><p class=\"p8\"><span class=\"s1\">W ramach obowi\u0105zkowej identyfikacji oferenta zgodnie z \u00a7 5 TMG, opublikowali\u015bmy og\u00f3lne dane kontaktowe oraz adres e-mail w nadruku naszej strony internetowej. Niniejszym sprzeciwiamy si\u0119 wykorzystywaniu tych danych kontaktowych do przesy\u0142ania niezam\u00f3wionych materia\u0142\u00f3w informacyjnych, reklam lub spamu, o kt\u00f3re nie wyst\u0105pili\u015bmy z wyra\u017an\u0105 pro\u015bb\u0105.<\/span><\/p><p class=\"p8\">U\u017cywamy narz\u0119dzia zgody &quot;Real Cookie Banner&quot; do zarz\u0105dzania plikami cookie i podobnymi technologiami (piksele \u015bledz\u0105ce, sygna\u0142y nawigacyjne itp.) oraz powi\u0105zanymi zgodami. Szczeg&oacute;\u0142owe informacje na temat dzia\u0142ania narz\u0119dzia &quot;Real Cookie Banner&quot; mo\u017cna znale\u017a\u0107 pod adresem &lt;a href=&quot;\/pl\/&ldquo;https:\/\/devowl.io\/de\/rcb\/datenverarbeitung\/&ldquo;\/&quot; rel=&quot;&ldquo;noreferrer&ldquo;&quot; target=&quot;&ldquo;_blank&ldquo;&quot;&gt;https:\/\/devowl.io\/de\/rcb\/datenverarbeitung\/&lt;\/a&gt;.<\/p><p class=\"p8\">Podstaw\u0105 prawn\u0105 przetwarzania danych osobowych w tym kontek\u015bcie jest art. 6 ust. 1 lit. c DS-GVO i art. 6 ust. 1 lit. f DS-GVO. Naszym uzasadnionym interesem jest zarz\u0105dzanie plikami cookie i podobnymi wykorzystywanymi technologiami oraz powi\u0105zanymi zgodami.<\/p><p class=\"p8\">Podanie danych osobowych nie jest wymagane umownie ani konieczne do zawarcia umowy. U\u017cytkownik nie jest zobowi\u0105zany do podania danych osobowych. Je\u015bli u\u017cytkownik nie poda danych osobowych, nie b\u0119dziemy mogli zarz\u0105dza\u0107 jego zgodami.<\/p><p class=\"p8\"><span class=\"s1\">Ostatnia aktualizacja na: 2.11.2023<\/span><\/p>\t\t\t\t\t\t\t\t<\/div>\n\t\t\t\t<\/div>\n\t\t\t\t\t<\/div>\n\t\t<\/div>\n\t\t\t\t\t<\/div>\n\t\t<\/section>\n\t\t\t\t<\/div>","protected":false},"excerpt":{"rendered":"<p>Datenschutzerkl\u00e4rung EINLEITUNG | VORWORT Wir freuen uns \u00fcber Ihr Interesse an dem Internetauftritt der Gradido Akademie. Das Vertrauen aller Besucher und Kunden und die Sicherheit Ihrer Daten und der Schutz Ihrer Privatsph\u00e4re sind uns ein wichtiges Anliegen. INHALT DIESER DATENSCHUTZERKL\u00c4RUNG Nachfolgend m\u00f6chten wir Ihnen erl\u00e4utern, welche Daten wir als Anbieter dieser Web-Site wann und zu [&hellip;]<\/p>\n","protected":false},"author":1,"featured_media":233,"parent":0,"menu_order":0,"comment_status":"closed","ping_status":"closed","template":"","meta":{"footnotes":""},"class_list":["post-3","page","type-page","status-publish","has-post-thumbnail","hentry"],"yoast_head":"<!-- This site is optimized with the Yoast SEO plugin v27.4 - https:\/\/yoast.com\/product\/yoast-seo-wordpress\/ -->\n<title>Datenschutz - Gradido<\/title>\n<meta name=\"description\" content=\"Wir freuen uns \u00fcber Ihr Interesse an dem Internetauftritt der Gradido Akademie. Das Vertrauen aller Besucher und Kunden und die Sicherheit Ihrer Daten und der Schutz Ihrer Privatsph\u00e4re sind uns ein wichtiges Anliegen\" \/>\n<meta name=\"robots\" content=\"index, follow, max-snippet:-1, max-image-preview:large, max-video-preview:-1\" \/>\n<link rel=\"canonical\" href=\"https:\/\/gradido.net\/pl\/datenschutz\/\" \/>\n<meta property=\"og:locale\" content=\"pl_PL\" \/>\n<meta property=\"og:type\" content=\"article\" \/>\n<meta property=\"og:title\" content=\"Datenschutz - Gradido\" \/>\n<meta property=\"og:description\" content=\"Wir freuen uns \u00fcber Ihr Interesse an dem Internetauftritt der Gradido Akademie. Das Vertrauen aller Besucher und Kunden und die Sicherheit Ihrer Daten und der Schutz Ihrer Privatsph\u00e4re sind uns ein wichtiges Anliegen\" \/>\n<meta property=\"og:url\" content=\"https:\/\/gradido.net\/pl\/datenschutz\/\" \/>\n<meta property=\"og:site_name\" content=\"Gradido\" \/>\n<meta property=\"article:modified_time\" content=\"2024-10-19T15:29:28+00:00\" \/>\n<meta property=\"og:image\" content=\"https:\/\/gradido.net\/wp-content\/uploads\/2020\/08\/slide-1.jpg\" \/>\n\t<meta property=\"og:image:width\" content=\"1920\" \/>\n\t<meta property=\"og:image:height\" content=\"900\" \/>\n\t<meta property=\"og:image:type\" content=\"image\/jpeg\" \/>\n<meta name=\"twitter:card\" content=\"summary_large_image\" \/>\n<meta name=\"twitter:label1\" content=\"Szacowany czas czytania\" \/>\n\t<meta name=\"twitter:data1\" content=\"23 minuty\" \/>\n<script type=\"application\/ld+json\" class=\"yoast-schema-graph\">{\"@context\":\"https:\\\/\\\/schema.org\",\"@graph\":[{\"@type\":\"WebPage\",\"@id\":\"https:\\\/\\\/gradido.net\\\/en\\\/datenschutz\\\/\",\"url\":\"https:\\\/\\\/gradido.net\\\/en\\\/datenschutz\\\/\",\"name\":\"Datenschutz - Gradido\",\"isPartOf\":{\"@id\":\"https:\\\/\\\/gradido.net\\\/de\\\/#website\"},\"primaryImageOfPage\":{\"@id\":\"https:\\\/\\\/gradido.net\\\/en\\\/datenschutz\\\/#primaryimage\"},\"image\":{\"@id\":\"https:\\\/\\\/gradido.net\\\/en\\\/datenschutz\\\/#primaryimage\"},\"thumbnailUrl\":\"https:\\\/\\\/gradido.net\\\/wp-content\\\/uploads\\\/2020\\\/08\\\/slide-1.jpg\",\"datePublished\":\"2020-07-20T12:01:02+00:00\",\"dateModified\":\"2024-10-19T15:29:28+00:00\",\"description\":\"Wir freuen uns \u00fcber Ihr Interesse an dem Internetauftritt der Gradido Akademie. Das Vertrauen aller Besucher und Kunden und die Sicherheit Ihrer Daten und der Schutz Ihrer Privatsph\u00e4re sind uns ein wichtiges Anliegen\",\"breadcrumb\":{\"@id\":\"https:\\\/\\\/gradido.net\\\/en\\\/datenschutz\\\/#breadcrumb\"},\"inLanguage\":\"pl-PL\",\"potentialAction\":[{\"@type\":\"ReadAction\",\"target\":[\"https:\\\/\\\/gradido.net\\\/en\\\/datenschutz\\\/\"]}]},{\"@type\":\"ImageObject\",\"inLanguage\":\"pl-PL\",\"@id\":\"https:\\\/\\\/gradido.net\\\/en\\\/datenschutz\\\/#primaryimage\",\"url\":\"https:\\\/\\\/gradido.net\\\/wp-content\\\/uploads\\\/2020\\\/08\\\/slide-1.jpg\",\"contentUrl\":\"https:\\\/\\\/gradido.net\\\/wp-content\\\/uploads\\\/2020\\\/08\\\/slide-1.jpg\",\"width\":1920,\"height\":900},{\"@type\":\"BreadcrumbList\",\"@id\":\"https:\\\/\\\/gradido.net\\\/en\\\/datenschutz\\\/#breadcrumb\",\"itemListElement\":[{\"@type\":\"ListItem\",\"position\":1,\"name\":\"Startseite\",\"item\":\"https:\\\/\\\/gradido.net\\\/\"},{\"@type\":\"ListItem\",\"position\":2,\"name\":\"Datenschutz\"}]},{\"@type\":\"WebSite\",\"@id\":\"https:\\\/\\\/gradido.net\\\/de\\\/#website\",\"url\":\"https:\\\/\\\/gradido.net\\\/de\\\/\",\"name\":\"Gradido\",\"description\":\"Die neue W\u00e4hrung hei\u00dft Dankbarkeit\",\"publisher\":{\"@id\":\"https:\\\/\\\/gradido.net\\\/de\\\/#organization\"},\"potentialAction\":[{\"@type\":\"SearchAction\",\"target\":{\"@type\":\"EntryPoint\",\"urlTemplate\":\"https:\\\/\\\/gradido.net\\\/de\\\/?s={search_term_string}\"},\"query-input\":{\"@type\":\"PropertyValueSpecification\",\"valueRequired\":true,\"valueName\":\"search_term_string\"}}],\"inLanguage\":\"pl-PL\"},{\"@type\":\"Organization\",\"@id\":\"https:\\\/\\\/gradido.net\\\/de\\\/#organization\",\"name\":\"Gradido\",\"url\":\"https:\\\/\\\/gradido.net\\\/de\\\/\",\"logo\":{\"@type\":\"ImageObject\",\"inLanguage\":\"pl-PL\",\"@id\":\"https:\\\/\\\/gradido.net\\\/de\\\/#\\\/schema\\\/logo\\\/image\\\/\",\"url\":\"https:\\\/\\\/gradido.net\\\/wp-content\\\/uploads\\\/2022\\\/04\\\/gradido-social.jpg\",\"contentUrl\":\"https:\\\/\\\/gradido.net\\\/wp-content\\\/uploads\\\/2022\\\/04\\\/gradido-social.jpg\",\"width\":527,\"height\":273,\"caption\":\"Gradido\"},\"image\":{\"@id\":\"https:\\\/\\\/gradido.net\\\/de\\\/#\\\/schema\\\/logo\\\/image\\\/\"}}]}<\/script>\n<!-- \/ Yoast SEO plugin. -->","yoast_head_json":{"title":"Prywatno\u015b\u0107 - Gradido","description":"Dzi\u0119kujemy za zainteresowanie stron\u0105 internetow\u0105 Akademii Gradido. Zaufanie wszystkich odwiedzaj\u0105cych i klient\u00f3w oraz bezpiecze\u0144stwo danych i ochrona prywatno\u015bci s\u0105 dla nas wa\u017cne.","robots":{"index":"index","follow":"follow","max-snippet":"max-snippet:-1","max-image-preview":"max-image-preview:large","max-video-preview":"max-video-preview:-1"},"canonical":"https:\/\/gradido.net\/pl\/datenschutz\/","og_locale":"pl_PL","og_type":"article","og_title":"Datenschutz - Gradido","og_description":"Wir freuen uns \u00fcber Ihr Interesse an dem Internetauftritt der Gradido Akademie. Das Vertrauen aller Besucher und Kunden und die Sicherheit Ihrer Daten und der Schutz Ihrer Privatsph\u00e4re sind uns ein wichtiges Anliegen","og_url":"https:\/\/gradido.net\/pl\/datenschutz\/","og_site_name":"Gradido","article_modified_time":"2024-10-19T15:29:28+00:00","og_image":[{"width":1920,"height":900,"url":"https:\/\/gradido.net\/wp-content\/uploads\/2020\/08\/slide-1.jpg","type":"image\/jpeg"}],"twitter_card":"summary_large_image","twitter_misc":{"Szacowany czas czytania":"23 minuty"},"schema":{"@context":"https:\/\/schema.org","@graph":[{"@type":"WebPage","@id":"https:\/\/gradido.net\/en\/datenschutz\/","url":"https:\/\/gradido.net\/en\/datenschutz\/","name":"Prywatno\u015b\u0107 - Gradido","isPartOf":{"@id":"https:\/\/gradido.net\/de\/#website"},"primaryImageOfPage":{"@id":"https:\/\/gradido.net\/en\/datenschutz\/#primaryimage"},"image":{"@id":"https:\/\/gradido.net\/en\/datenschutz\/#primaryimage"},"thumbnailUrl":"https:\/\/gradido.net\/wp-content\/uploads\/2020\/08\/slide-1.jpg","datePublished":"2020-07-20T12:01:02+00:00","dateModified":"2024-10-19T15:29:28+00:00","description":"Dzi\u0119kujemy za zainteresowanie stron\u0105 internetow\u0105 Akademii Gradido. Zaufanie wszystkich odwiedzaj\u0105cych i klient\u00f3w oraz bezpiecze\u0144stwo danych i ochrona prywatno\u015bci s\u0105 dla nas wa\u017cne.","breadcrumb":{"@id":"https:\/\/gradido.net\/en\/datenschutz\/#breadcrumb"},"inLanguage":"pl-PL","potentialAction":[{"@type":"ReadAction","target":["https:\/\/gradido.net\/en\/datenschutz\/"]}]},{"@type":"ImageObject","inLanguage":"pl-PL","@id":"https:\/\/gradido.net\/en\/datenschutz\/#primaryimage","url":"https:\/\/gradido.net\/wp-content\/uploads\/2020\/08\/slide-1.jpg","contentUrl":"https:\/\/gradido.net\/wp-content\/uploads\/2020\/08\/slide-1.jpg","width":1920,"height":900},{"@type":"BreadcrumbList","@id":"https:\/\/gradido.net\/en\/datenschutz\/#breadcrumb","itemListElement":[{"@type":"ListItem","position":1,"name":"Startseite","item":"https:\/\/gradido.net\/"},{"@type":"ListItem","position":2,"name":"Datenschutz"}]},{"@type":"WebSite","@id":"https:\/\/gradido.net\/de\/#website","url":"https:\/\/gradido.net\/de\/","name":"Gradido","description":"Now\u0105 walut\u0105 jest wdzi\u0119czno\u015b\u0107","publisher":{"@id":"https:\/\/gradido.net\/de\/#organization"},"potentialAction":[{"@type":"SearchAction","target":{"@type":"EntryPoint","urlTemplate":"https:\/\/gradido.net\/de\/?s={search_term_string}"},"query-input":{"@type":"PropertyValueSpecification","valueRequired":true,"valueName":"search_term_string"}}],"inLanguage":"pl-PL"},{"@type":"Organization","@id":"https:\/\/gradido.net\/de\/#organization","name":"Gradido","url":"https:\/\/gradido.net\/de\/","logo":{"@type":"ImageObject","inLanguage":"pl-PL","@id":"https:\/\/gradido.net\/de\/#\/schema\/logo\/image\/","url":"https:\/\/gradido.net\/wp-content\/uploads\/2022\/04\/gradido-social.jpg","contentUrl":"https:\/\/gradido.net\/wp-content\/uploads\/2022\/04\/gradido-social.jpg","width":527,"height":273,"caption":"Gradido"},"image":{"@id":"https:\/\/gradido.net\/de\/#\/schema\/logo\/image\/"}}]}},"_links":{"self":[{"href":"https:\/\/gradido.net\/pl\/wp-json\/wp\/v2\/pages\/3","targetHints":{"allow":["GET"]}}],"collection":[{"href":"https:\/\/gradido.net\/pl\/wp-json\/wp\/v2\/pages"}],"about":[{"href":"https:\/\/gradido.net\/pl\/wp-json\/wp\/v2\/types\/page"}],"author":[{"embeddable":true,"href":"https:\/\/gradido.net\/pl\/wp-json\/wp\/v2\/users\/1"}],"replies":[{"embeddable":true,"href":"https:\/\/gradido.net\/pl\/wp-json\/wp\/v2\/comments?post=3"}],"version-history":[{"count":22,"href":"https:\/\/gradido.net\/pl\/wp-json\/wp\/v2\/pages\/3\/revisions"}],"predecessor-version":[{"id":9689,"href":"https:\/\/gradido.net\/pl\/wp-json\/wp\/v2\/pages\/3\/revisions\/9689"}],"wp:featuredmedia":[{"embeddable":true,"href":"https:\/\/gradido.net\/pl\/wp-json\/wp\/v2\/media\/233"}],"wp:attachment":[{"href":"https:\/\/gradido.net\/pl\/wp-json\/wp\/v2\/media?parent=3"}],"curies":[{"name":"wp","href":"https:\/\/api.w.org\/{rel}","templated":true}]}}