{"id":704,"date":"2020-09-20T12:45:42","date_gmt":"2020-09-20T10:45:42","guid":{"rendered":"http:\/\/neu.gradido.net\/?page_id=704"},"modified":"2026-04-22T21:06:52","modified_gmt":"2026-04-22T19:06:52","slug":"blog","status":"publish","type":"page","link":"https:\/\/gradido.net\/pl\/blog\/","title":{"rendered":"Blog"},"content":{"rendered":"<div data-elementor-type=\"wp-page\" data-elementor-id=\"704\" class=\"elementor elementor-704\" data-elementor-post-type=\"page\">\n\t\t\t\t\t\t<section class=\"elementor-section elementor-top-section elementor-element elementor-element-2cac71f elementor-section-full_width elementor-section-height-default elementor-section-height-default\" data-id=\"2cac71f\" data-element_type=\"section\" data-e-type=\"section\">\n\t\t\t\t\t\t<div class=\"elementor-container elementor-column-gap-no\">\n\t\t\t\t\t<div class=\"elementor-column elementor-col-100 elementor-top-column elementor-element elementor-element-cef0c8b\" data-id=\"cef0c8b\" data-element_type=\"column\" data-e-type=\"column\">\n\t\t\t<div class=\"elementor-widget-wrap elementor-element-populated\">\n\t\t\t\t\t\t<div class=\"elementor-element elementor-element-cd0fa05 elementor--h-position-center elementor--v-position-middle elementor-arrows-position-inside elementor-widget elementor-widget-slides\" data-id=\"cd0fa05\" data-element_type=\"widget\" data-e-type=\"widget\" data-settings=\"{&quot;navigation&quot;:&quot;arrows&quot;,&quot;autoplay&quot;:&quot;yes&quot;,&quot;pause_on_hover&quot;:&quot;yes&quot;,&quot;pause_on_interaction&quot;:&quot;yes&quot;,&quot;autoplay_speed&quot;:5000,&quot;infinite&quot;:&quot;yes&quot;,&quot;transition&quot;:&quot;slide&quot;,&quot;transition_speed&quot;:500}\" data-widget_type=\"slides.default\">\n\t\t\t\t<div class=\"elementor-widget-container\">\n\t\t\t\t\t\t\t\t\t<div class=\"elementor-swiper\">\n\t\t\t\t\t<div class=\"elementor-slides-wrapper elementor-main-swiper swiper\" role=\"region\" aria-roledescription=\"carousel\" aria-label=\"Suwak\" dir=\"ltr\" data-animation=\"fadeInUp\">\n\t\t\t\t<div class=\"swiper-wrapper elementor-slides\">\n\t\t\t\t\t\t\t\t\t\t<div class=\"elementor-repeater-item-2de4990 swiper-slide\" role=\"group\" aria-roledescription=\"slide\"><div class=\"swiper-slide-bg\" role=\"img\" aria-label=\"blog\"><\/div><div class=\"swiper-slide-inner\" ><div class=\"swiper-slide-contents\"><\/div><\/div><\/div>\t\t\t\t<\/div>\n\t\t\t\t\t\t\t<\/div>\n\t\t\t\t<\/div>\n\t\t\t\t\t\t\t\t<\/div>\n\t\t\t\t<\/div>\n\t\t\t\t\t<\/div>\n\t\t<\/div>\n\t\t\t\t\t<\/div>\n\t\t<\/section>\n\t\t\t\t<section class=\"elementor-section elementor-top-section elementor-element elementor-element-cec2a5b elementor-section-boxed elementor-section-height-default elementor-section-height-default\" data-id=\"cec2a5b\" data-element_type=\"section\" data-e-type=\"section\" data-settings=\"{&quot;background_background&quot;:&quot;classic&quot;}\">\n\t\t\t\t\t\t<div class=\"elementor-container elementor-column-gap-default\">\n\t\t\t\t\t<div class=\"elementor-column elementor-col-100 elementor-top-column elementor-element elementor-element-2bca127\" data-id=\"2bca127\" data-element_type=\"column\" data-e-type=\"column\">\n\t\t\t<div class=\"elementor-widget-wrap elementor-element-populated\">\n\t\t\t\t\t\t<div class=\"elementor-element elementor-element-e504e40 elementor-widget elementor-widget-heading\" data-id=\"e504e40\" data-element_type=\"widget\" data-e-type=\"widget\" data-widget_type=\"heading.default\">\n\t\t\t\t<div class=\"elementor-widget-container\">\n\t\t\t\t\t<h1 class=\"elementor-heading-title elementor-size-default\">Aktualno\u015bci <br>\ni rzeczy, o kt\u00f3rych warto wiedzie\u0107\n<br><\/h1>\t\t\t\t<\/div>\n\t\t\t\t<\/div>\n\t\t\t\t\t<\/div>\n\t\t<\/div>\n\t\t\t\t\t<\/div>\n\t\t<\/section>\n\t\t\t\t<section class=\"elementor-section elementor-top-section elementor-element elementor-element-e4f56b5 elementor-section-boxed elementor-section-height-default elementor-section-height-default\" data-id=\"e4f56b5\" data-element_type=\"section\" data-e-type=\"section\">\n\t\t\t\t\t\t<div class=\"elementor-container elementor-column-gap-default\">\n\t\t\t\t\t<div class=\"elementor-column elementor-col-100 elementor-top-column elementor-element elementor-element-93ee9fb\" data-id=\"93ee9fb\" data-element_type=\"column\" data-e-type=\"column\">\n\t\t\t<div class=\"elementor-widget-wrap elementor-element-populated\">\n\t\t\t\t\t\t<div class=\"elementor-element elementor-element-669a9e7 elementor-nav-menu--dropdown-tablet elementor-nav-menu__text-align-aside elementor-nav-menu--toggle elementor-nav-menu--burger elementor-widget elementor-widget-nav-menu\" data-id=\"669a9e7\" data-element_type=\"widget\" data-e-type=\"widget\" data-settings=\"{&quot;layout&quot;:&quot;horizontal&quot;,&quot;submenu_icon&quot;:{&quot;value&quot;:&quot;&lt;i class=\\&quot;fas fa-caret-down\\&quot; aria-hidden=\\&quot;true\\&quot;&gt;&lt;\\\/i&gt;&quot;,&quot;library&quot;:&quot;fa-solid&quot;},&quot;toggle&quot;:&quot;burger&quot;}\" data-widget_type=\"nav-menu.default\">\n\t\t\t\t<div class=\"elementor-widget-container\">\n\t\t\t\t\t\t\t\t<nav aria-label=\"Menu\" class=\"elementor-nav-menu--main elementor-nav-menu__container elementor-nav-menu--layout-horizontal e--pointer-underline e--animation-fade\">\n\t\t\t\t<ul id=\"menu-1-669a9e7\" class=\"elementor-nav-menu\"><li class=\"menu-item menu-item-type-post_type menu-item-object-page menu-item-13532\"><a href=\"https:\/\/gradido.net\/pl\/blog\/\" class=\"elementor-item\">Wszystkie kategorie<\/a><\/li>\n<li class=\"menu-item menu-item-type-post_type menu-item-object-page menu-item-13515\"><a href=\"https:\/\/gradido.net\/pl\/blog\/analysen\/\" class=\"elementor-item\">Analizy<\/a><\/li>\n<li class=\"menu-item menu-item-type-post_type menu-item-object-page menu-item-13559\"><a href=\"https:\/\/gradido.net\/pl\/blog\/lieblingsstadt\/\" class=\"elementor-item\">Ulubione miasto<\/a><\/li>\n<li class=\"menu-item menu-item-type-post_type menu-item-object-page menu-item-13641\"><a href=\"https:\/\/gradido.net\/pl\/blog\/community\/\" class=\"elementor-item\">Wsp\u00f3lnota<\/a><\/li>\n<li class=\"menu-item menu-item-type-post_type menu-item-object-page menu-item-13639\"><a href=\"https:\/\/gradido.net\/pl\/blog\/psychologie\/\" class=\"elementor-item\">Psychologia<\/a><\/li>\n<li class=\"menu-item menu-item-type-post_type menu-item-object-page menu-item-13640\"><a href=\"https:\/\/gradido.net\/pl\/blog\/gradido-konto\/\" class=\"elementor-item\">Rachunek Gradido<\/a><\/li>\n<\/ul>\t\t\t<\/nav>\n\t\t\t\t\t<div class=\"elementor-menu-toggle\" role=\"button\" tabindex=\"0\" aria-label=\"Menu Toggle\" aria-expanded=\"false\">\n\t\t\t<i aria-hidden=\"true\" role=\"presentation\" class=\"elementor-menu-toggle__icon--open eicon-menu-bar\"><\/i><i aria-hidden=\"true\" role=\"presentation\" class=\"elementor-menu-toggle__icon--close eicon-close\"><\/i>\t\t<\/div>\n\t\t\t\t\t<nav class=\"elementor-nav-menu--dropdown elementor-nav-menu__container\" aria-hidden=\"true\">\n\t\t\t\t<ul id=\"menu-2-669a9e7\" class=\"elementor-nav-menu\"><li class=\"menu-item menu-item-type-post_type menu-item-object-page menu-item-13532\"><a href=\"https:\/\/gradido.net\/pl\/blog\/\" class=\"elementor-item\" tabindex=\"-1\">Wszystkie kategorie<\/a><\/li>\n<li class=\"menu-item menu-item-type-post_type menu-item-object-page menu-item-13515\"><a href=\"https:\/\/gradido.net\/pl\/blog\/analysen\/\" class=\"elementor-item\" tabindex=\"-1\">Analizy<\/a><\/li>\n<li class=\"menu-item menu-item-type-post_type menu-item-object-page menu-item-13559\"><a href=\"https:\/\/gradido.net\/pl\/blog\/lieblingsstadt\/\" class=\"elementor-item\" tabindex=\"-1\">Ulubione miasto<\/a><\/li>\n<li class=\"menu-item menu-item-type-post_type menu-item-object-page menu-item-13641\"><a href=\"https:\/\/gradido.net\/pl\/blog\/community\/\" class=\"elementor-item\" tabindex=\"-1\">Wsp\u00f3lnota<\/a><\/li>\n<li class=\"menu-item menu-item-type-post_type menu-item-object-page menu-item-13639\"><a href=\"https:\/\/gradido.net\/pl\/blog\/psychologie\/\" class=\"elementor-item\" tabindex=\"-1\">Psychologia<\/a><\/li>\n<li class=\"menu-item menu-item-type-post_type menu-item-object-page menu-item-13640\"><a href=\"https:\/\/gradido.net\/pl\/blog\/gradido-konto\/\" class=\"elementor-item\" tabindex=\"-1\">Rachunek Gradido<\/a><\/li>\n<\/ul>\t\t\t<\/nav>\n\t\t\t\t\t\t<\/div>\n\t\t\t\t<\/div>\n\t\t\t\t<div class=\"elementor-element elementor-element-1c7d36d elementor-grid-tablet-3 e-transform elementor-grid-3 elementor-grid-mobile-1 elementor-posts--thumbnail-top elementor-posts__hover-gradient elementor-widget elementor-widget-posts\" data-id=\"1c7d36d\" data-element_type=\"widget\" data-e-type=\"widget\" data-settings=\"{&quot;cards_columns_tablet&quot;:&quot;3&quot;,&quot;cards_columns&quot;:&quot;3&quot;,&quot;cards_columns_mobile&quot;:&quot;1&quot;,&quot;cards_row_gap&quot;:{&quot;unit&quot;:&quot;px&quot;,&quot;size&quot;:35,&quot;sizes&quot;:[]},&quot;cards_row_gap_tablet&quot;:{&quot;unit&quot;:&quot;px&quot;,&quot;size&quot;:&quot;&quot;,&quot;sizes&quot;:[]},&quot;cards_row_gap_mobile&quot;:{&quot;unit&quot;:&quot;px&quot;,&quot;size&quot;:&quot;&quot;,&quot;sizes&quot;:[]},&quot;_transform_scale_effect_hover&quot;:{&quot;unit&quot;:&quot;px&quot;,&quot;size&quot;:&quot;&quot;,&quot;sizes&quot;:[]},&quot;_transform_scale_effect_hover_tablet&quot;:{&quot;unit&quot;:&quot;px&quot;,&quot;size&quot;:&quot;&quot;,&quot;sizes&quot;:[]},&quot;_transform_scale_effect_hover_mobile&quot;:{&quot;unit&quot;:&quot;px&quot;,&quot;size&quot;:&quot;&quot;,&quot;sizes&quot;:[]}}\" data-widget_type=\"posts.cards\">\n\t\t\t\t<div class=\"elementor-widget-container\">\n\t\t\t\t\t\t\t<div class=\"elementor-posts-container elementor-posts elementor-posts--skin-cards elementor-grid\" role=\"list\">\n\t\t\t\t<article class=\"elementor-post elementor-grid-item post-13443 post type-post status-publish format-standard has-post-thumbnail hentry category-analysen category-blog category-psychologie\" role=\"listitem\">\n\t\t\t<div class=\"elementor-post__card\">\n\t\t\t\t<a class=\"elementor-post__thumbnail__link\" href=\"https:\/\/gradido.net\/pl\/freiwillige-kooperation-dankbarkeit-frieden\/\" tabindex=\"-1\" ><div class=\"elementor-post__thumbnail\"><img fetchpriority=\"high\" decoding=\"async\" width=\"800\" height=\"450\" src=\"https:\/\/gradido.net\/wp-content\/uploads\/2026\/04\/Kooperation-und-Dankbarkeit-1024x576.jpg\" class=\"attachment-large size-large wp-image-13445\" alt=\"\" srcset=\"https:\/\/gradido.net\/wp-content\/uploads\/2026\/04\/Kooperation-und-Dankbarkeit-1024x576.jpg 1024w, https:\/\/gradido.net\/wp-content\/uploads\/2026\/04\/Kooperation-und-Dankbarkeit-300x169.jpg 300w, https:\/\/gradido.net\/wp-content\/uploads\/2026\/04\/Kooperation-und-Dankbarkeit-768x432.jpg 768w, https:\/\/gradido.net\/wp-content\/uploads\/2026\/04\/Kooperation-und-Dankbarkeit-1536x864.jpg 1536w, https:\/\/gradido.net\/wp-content\/uploads\/2026\/04\/Kooperation-und-Dankbarkeit-18x10.jpg 18w, https:\/\/gradido.net\/wp-content\/uploads\/2026\/04\/Kooperation-und-Dankbarkeit.jpg 1920w\" sizes=\"(max-width: 800px) 100vw, 800px\" \/><\/div><\/a>\n\t\t\t\t<div class=\"elementor-post__text\">\n\t\t\t\t<h3 class=\"elementor-post__title\">\n\t\t\t<a href=\"https:\/\/gradido.net\/pl\/freiwillige-kooperation-dankbarkeit-frieden\/\" >\n\t\t\t\tDobrowolna wsp\u00f3\u0142praca + wdzi\u0119czno\u015b\u0107 = pok\u00f3j\t\t\t<\/a>\n\t\t<\/h3>\n\t\t\t\t<div class=\"elementor-post__excerpt\">\n\t\t\t<p>Bezpiecze\u0144stwo ekonomiczne zmniejsza zaw\u0142aszczanie konflikt\u00f3w, permakultura umo\u017cliwia suwerenno\u015b\u0107 \u017cywno\u015bciow\u0105, wdzi\u0119czno\u015b\u0107 wzmacnia kapita\u0142 spo\u0142eczny, a koniec konkurencji o zasoby eliminuje przyczyny wojen. Gradido integruje te spostrze\u017cenia w holistyczny porz\u0105dek gospodarczy.<\/p>\n\t\t<\/div>\n\t\t\n\t\t<a class=\"elementor-post__read-more\" href=\"https:\/\/gradido.net\/pl\/freiwillige-kooperation-dankbarkeit-frieden\/\" aria-label=\"Read more about Freiwillige Kooperation + Dankbarkeit = Frieden\" tabindex=\"-1\" >\n\t\t\tPrzeczytaj wi\u0119cej\t\t<\/a>\n\n\t\t\t\t<\/div>\n\t\t\t\t<div class=\"elementor-post__meta-data\">\n\t\t\t\t\t<span class=\"elementor-post-date\">\n\t\t\t29. kwietnia 2026\t\t<\/span>\n\t\t\t\t<\/div>\n\t\t\t\t\t<\/div>\n\t\t<\/article>\n\t\t\t\t<article class=\"elementor-post elementor-grid-item post-13413 post type-post status-publish format-standard has-post-thumbnail hentry category-analysen category-blog category-psychologie\" role=\"listitem\">\n\t\t\t<div class=\"elementor-post__card\">\n\t\t\t\t<a class=\"elementor-post__thumbnail__link\" href=\"https:\/\/gradido.net\/pl\/enorme-anreize-fuer-hochqualifizierte-ausbildungen\/\" tabindex=\"-1\" ><div class=\"elementor-post__thumbnail\"><img decoding=\"async\" width=\"800\" height=\"300\" src=\"https:\/\/gradido.net\/wp-content\/uploads\/2026\/04\/Qualifizierte-Ausbildungen-1024x384.jpg\" class=\"attachment-large size-large wp-image-13415\" alt=\"\" srcset=\"https:\/\/gradido.net\/wp-content\/uploads\/2026\/04\/Qualifizierte-Ausbildungen-1024x384.jpg 1024w, https:\/\/gradido.net\/wp-content\/uploads\/2026\/04\/Qualifizierte-Ausbildungen-300x113.jpg 300w, https:\/\/gradido.net\/wp-content\/uploads\/2026\/04\/Qualifizierte-Ausbildungen-768x288.jpg 768w, https:\/\/gradido.net\/wp-content\/uploads\/2026\/04\/Qualifizierte-Ausbildungen-1536x576.jpg 1536w, https:\/\/gradido.net\/wp-content\/uploads\/2026\/04\/Qualifizierte-Ausbildungen-18x7.jpg 18w, https:\/\/gradido.net\/wp-content\/uploads\/2026\/04\/Qualifizierte-Ausbildungen.jpg 1920w\" sizes=\"(max-width: 800px) 100vw, 800px\" \/><\/div><\/a>\n\t\t\t\t<div class=\"elementor-post__text\">\n\t\t\t\t<h3 class=\"elementor-post__title\">\n\t\t\t<a href=\"https:\/\/gradido.net\/pl\/enorme-anreize-fuer-hochqualifizierte-ausbildungen\/\" >\n\t\t\t\tOgromne zach\u0119ty dla wysoko wykwalifikowanych program\u00f3w szkoleniowych\t\t\t<\/a>\n\t\t<\/h3>\n\t\t\t\t<div class=\"elementor-post__excerpt\">\n\t\t\t<p>Badania nad motywacj\u0105 s\u0105 jasne: s\u0105 to g\u0142\u00f3wnie wewn\u0119trzne pop\u0119dy - powo\u0142anie, specjalistyczne zainteresowania, ch\u0119\u0107 pomocy i kszta\u0142towania. Raport analizuje, dlaczego Gradido strukturalnie wzmacnia t\u0119 motywacj\u0119.<\/p>\n\t\t<\/div>\n\t\t\n\t\t<a class=\"elementor-post__read-more\" href=\"https:\/\/gradido.net\/pl\/enorme-anreize-fuer-hochqualifizierte-ausbildungen\/\" aria-label=\"Read more about Enorme Anreize f\u00fcr hochqualifizierte Ausbildungen\" tabindex=\"-1\" >\n\t\t\tPrzeczytaj wi\u0119cej\t\t<\/a>\n\n\t\t\t\t<\/div>\n\t\t\t\t<div class=\"elementor-post__meta-data\">\n\t\t\t\t\t<span class=\"elementor-post-date\">\n\t\t\t25. kwietnia 2026\t\t<\/span>\n\t\t\t\t<\/div>\n\t\t\t\t\t<\/div>\n\t\t<\/article>\n\t\t\t\t<article class=\"elementor-post elementor-grid-item post-13388 post type-post status-publish format-standard has-post-thumbnail hentry category-analysen category-blog\" role=\"listitem\">\n\t\t\t<div class=\"elementor-post__card\">\n\t\t\t\t<a class=\"elementor-post__thumbnail__link\" href=\"https:\/\/gradido.net\/pl\/das-ende-von-arbeitslosigkeit-schwarzarbeit-und-fachkraeftemangel\/\" tabindex=\"-1\" ><div class=\"elementor-post__thumbnail\"><img decoding=\"async\" width=\"800\" height=\"450\" src=\"https:\/\/gradido.net\/wp-content\/uploads\/2026\/04\/Arbeitslosigkeit-1024x576.jpg\" class=\"attachment-large size-large wp-image-13390\" alt=\"\" srcset=\"https:\/\/gradido.net\/wp-content\/uploads\/2026\/04\/Arbeitslosigkeit-1024x576.jpg 1024w, https:\/\/gradido.net\/wp-content\/uploads\/2026\/04\/Arbeitslosigkeit-300x169.jpg 300w, https:\/\/gradido.net\/wp-content\/uploads\/2026\/04\/Arbeitslosigkeit-768x432.jpg 768w, https:\/\/gradido.net\/wp-content\/uploads\/2026\/04\/Arbeitslosigkeit-1536x864.jpg 1536w, https:\/\/gradido.net\/wp-content\/uploads\/2026\/04\/Arbeitslosigkeit-18x10.jpg 18w, https:\/\/gradido.net\/wp-content\/uploads\/2026\/04\/Arbeitslosigkeit.jpg 1920w\" sizes=\"(max-width: 800px) 100vw, 800px\" \/><\/div><\/a>\n\t\t\t\t<div class=\"elementor-post__text\">\n\t\t\t\t<h3 class=\"elementor-post__title\">\n\t\t\t<a href=\"https:\/\/gradido.net\/pl\/das-ende-von-arbeitslosigkeit-schwarzarbeit-und-fachkraeftemangel\/\" >\n\t\t\t\tKoniec bezrobocia, pracy nierejestrowanej i niedoboru wykwalifikowanej si\u0142y roboczej\t\t\t<\/a>\n\t\t<\/h3>\n\t\t\t\t<div class=\"elementor-post__excerpt\">\n\t\t\t<p>Analiza ta bada teoretyczn\u0105 struktur\u0119 tych twierdze\u0144, por\u00f3wnuje je z empirycznym stanem bada\u0144 i krytycznie ocenia, gdzie argumenty s\u0105 przekonuj\u0105ce, a gdzie niekompletne.<\/p>\n\t\t<\/div>\n\t\t\n\t\t<a class=\"elementor-post__read-more\" href=\"https:\/\/gradido.net\/pl\/das-ende-von-arbeitslosigkeit-schwarzarbeit-und-fachkraeftemangel\/\" aria-label=\"Read more about Das Ende von Arbeitslosigkeit, Schwarzarbeit und Fachkr\u00e4ftemangel\" tabindex=\"-1\" >\n\t\t\tPrzeczytaj wi\u0119cej\t\t<\/a>\n\n\t\t\t\t<\/div>\n\t\t\t\t<div class=\"elementor-post__meta-data\">\n\t\t\t\t\t<span class=\"elementor-post-date\">\n\t\t\t21. kwietnia 2026\t\t<\/span>\n\t\t\t\t<\/div>\n\t\t\t\t\t<\/div>\n\t\t<\/article>\n\t\t\t\t<article class=\"elementor-post elementor-grid-item post-13348 post type-post status-publish format-standard has-post-thumbnail hentry category-analysen category-blog\" role=\"listitem\">\n\t\t\t<div class=\"elementor-post__card\">\n\t\t\t\t<a class=\"elementor-post__thumbnail__link\" href=\"https:\/\/gradido.net\/pl\/flexible-lebensgestaltung-und-altersversorgung\/\" tabindex=\"-1\" ><div class=\"elementor-post__thumbnail\"><img loading=\"lazy\" decoding=\"async\" width=\"800\" height=\"450\" src=\"https:\/\/gradido.net\/wp-content\/uploads\/2026\/04\/Flexible-Lebensgestaltung-1024x576.jpg\" class=\"attachment-large size-large wp-image-13351\" alt=\"\" srcset=\"https:\/\/gradido.net\/wp-content\/uploads\/2026\/04\/Flexible-Lebensgestaltung-1024x576.jpg 1024w, https:\/\/gradido.net\/wp-content\/uploads\/2026\/04\/Flexible-Lebensgestaltung-300x169.jpg 300w, https:\/\/gradido.net\/wp-content\/uploads\/2026\/04\/Flexible-Lebensgestaltung-768x432.jpg 768w, https:\/\/gradido.net\/wp-content\/uploads\/2026\/04\/Flexible-Lebensgestaltung-1536x864.jpg 1536w, https:\/\/gradido.net\/wp-content\/uploads\/2026\/04\/Flexible-Lebensgestaltung-18x10.jpg 18w, https:\/\/gradido.net\/wp-content\/uploads\/2026\/04\/Flexible-Lebensgestaltung.jpg 1920w\" sizes=\"(max-width: 800px) 100vw, 800px\" \/><\/div><\/a>\n\t\t\t\t<div class=\"elementor-post__text\">\n\t\t\t\t<h3 class=\"elementor-post__title\">\n\t\t\t<a href=\"https:\/\/gradido.net\/pl\/flexible-lebensgestaltung-und-altersversorgung\/\" >\n\t\t\t\tElastyczny styl \u017cycia i \u015bwiadczenia emerytalne\t\t\t<\/a>\n\t\t<\/h3>\n\t\t\t\t<div class=\"elementor-post__excerpt\">\n\t\t\t<p>W przeciwie\u0144stwie do dzisiejszego systemu emerytalnego, kt\u00f3ry opiera si\u0119 na tak zwanej \u201eumowie mi\u0119dzypokoleniowej\u201d, system emerytalny Gradido jest finansowany w ca\u0142o\u015bci poprzez tworzenie pieni\u0119dzy - niezale\u017cnie od warunk\u00f3w demograficznych i bie\u017c\u0105cej sytuacji gospodarczej.<\/p>\n\t\t<\/div>\n\t\t\n\t\t<a class=\"elementor-post__read-more\" href=\"https:\/\/gradido.net\/pl\/flexible-lebensgestaltung-und-altersversorgung\/\" aria-label=\"Read more about Flexible Lebensgestaltung und Altersversorgung\" tabindex=\"-1\" >\n\t\t\tPrzeczytaj wi\u0119cej\t\t<\/a>\n\n\t\t\t\t<\/div>\n\t\t\t\t<div class=\"elementor-post__meta-data\">\n\t\t\t\t\t<span class=\"elementor-post-date\">\n\t\t\t17. kwietnia 2026\t\t<\/span>\n\t\t\t\t<\/div>\n\t\t\t\t\t<\/div>\n\t\t<\/article>\n\t\t\t\t<article class=\"elementor-post elementor-grid-item post-13319 post type-post status-publish format-standard has-post-thumbnail hentry category-analysen category-blog\" role=\"listitem\">\n\t\t\t<div class=\"elementor-post__card\">\n\t\t\t\t<a class=\"elementor-post__thumbnail__link\" href=\"https:\/\/gradido.net\/pl\/gradido-als-friedenswaehrung\/\" tabindex=\"-1\" ><div class=\"elementor-post__thumbnail\"><img loading=\"lazy\" decoding=\"async\" width=\"800\" height=\"450\" src=\"https:\/\/gradido.net\/wp-content\/uploads\/2026\/04\/Friedenswaehrung-1024x576.jpg\" class=\"attachment-large size-large wp-image-13321\" alt=\"\" srcset=\"https:\/\/gradido.net\/wp-content\/uploads\/2026\/04\/Friedenswaehrung-1024x576.jpg 1024w, https:\/\/gradido.net\/wp-content\/uploads\/2026\/04\/Friedenswaehrung-300x169.jpg 300w, https:\/\/gradido.net\/wp-content\/uploads\/2026\/04\/Friedenswaehrung-768x432.jpg 768w, https:\/\/gradido.net\/wp-content\/uploads\/2026\/04\/Friedenswaehrung-1536x864.jpg 1536w, https:\/\/gradido.net\/wp-content\/uploads\/2026\/04\/Friedenswaehrung-18x10.jpg 18w, https:\/\/gradido.net\/wp-content\/uploads\/2026\/04\/Friedenswaehrung.jpg 1920w\" sizes=\"(max-width: 800px) 100vw, 800px\" \/><\/div><\/a>\n\t\t\t\t<div class=\"elementor-post__text\">\n\t\t\t\t<h3 class=\"elementor-post__title\">\n\t\t\t<a href=\"https:\/\/gradido.net\/pl\/gradido-als-friedenswaehrung\/\" >\n\t\t\t\tGradido jako waluta pokoju\t\t\t<\/a>\n\t\t<\/h3>\n\t\t\t\t<div class=\"elementor-post__excerpt\">\n\t\t\t<p>System pieni\u0105dza d\u0142u\u017cnego jako mechanizm wojenny - Teza Gradido jest historycznie dobrze udokumentowana: Ponad 95% \u015bwiatowego pieni\u0105dza jest tworzone przez d\u0142ug, co strukturalnie tworzy gr\u0119 o sumie zerowej, w kt\u00f3rej wojna dzia\u0142a jako uj\u015bcie.<\/p>\n\t\t<\/div>\n\t\t\n\t\t<a class=\"elementor-post__read-more\" href=\"https:\/\/gradido.net\/pl\/gradido-als-friedenswaehrung\/\" aria-label=\"Read more about Gradido als Friedensw\u00e4hrung\" tabindex=\"-1\" >\n\t\t\tPrzeczytaj wi\u0119cej\t\t<\/a>\n\n\t\t\t\t<\/div>\n\t\t\t\t<div class=\"elementor-post__meta-data\">\n\t\t\t\t\t<span class=\"elementor-post-date\">\n\t\t\t13. kwietnia 2026\t\t<\/span>\n\t\t\t\t<\/div>\n\t\t\t\t\t<\/div>\n\t\t<\/article>\n\t\t\t\t<article class=\"elementor-post elementor-grid-item post-13303 post type-post status-publish format-standard has-post-thumbnail hentry category-analysen category-blog\" role=\"listitem\">\n\t\t\t<div class=\"elementor-post__card\">\n\t\t\t\t<a class=\"elementor-post__thumbnail__link\" href=\"https:\/\/gradido.net\/pl\/unabhaengig-von-erdoel-mit-hilfe-von-gradido\/\" tabindex=\"-1\" ><div class=\"elementor-post__thumbnail\"><img loading=\"lazy\" decoding=\"async\" width=\"800\" height=\"450\" src=\"https:\/\/gradido.net\/wp-content\/uploads\/2026\/04\/Erdoel_Unabhaengigkeit-1024x576.jpg\" class=\"attachment-large size-large wp-image-13305\" alt=\"\" srcset=\"https:\/\/gradido.net\/wp-content\/uploads\/2026\/04\/Erdoel_Unabhaengigkeit-1024x576.jpg 1024w, https:\/\/gradido.net\/wp-content\/uploads\/2026\/04\/Erdoel_Unabhaengigkeit-300x169.jpg 300w, https:\/\/gradido.net\/wp-content\/uploads\/2026\/04\/Erdoel_Unabhaengigkeit-768x432.jpg 768w, https:\/\/gradido.net\/wp-content\/uploads\/2026\/04\/Erdoel_Unabhaengigkeit-1536x864.jpg 1536w, https:\/\/gradido.net\/wp-content\/uploads\/2026\/04\/Erdoel_Unabhaengigkeit-18x10.jpg 18w, https:\/\/gradido.net\/wp-content\/uploads\/2026\/04\/Erdoel_Unabhaengigkeit.jpg 1920w\" sizes=\"(max-width: 800px) 100vw, 800px\" \/><\/div><\/a>\n\t\t\t\t<div class=\"elementor-post__text\">\n\t\t\t\t<h3 class=\"elementor-post__title\">\n\t\t\t<a href=\"https:\/\/gradido.net\/pl\/unabhaengig-von-erdoel-mit-hilfe-von-gradido\/\" >\n\t\t\t\tNiezale\u017cno\u015b\u0107 od oleju z pomoc\u0105 Gradido\t\t\t<\/a>\n\t\t<\/h3>\n\t\t\t\t<div class=\"elementor-post__excerpt\">\n\t\t\t<p>Niniejszy raport analizuje, w jaki spos\u00f3b ludzko\u015b\u0107 mo\u017ce systemowo zerwa\u0107 z zale\u017cno\u015bci\u0105 od ropy naftowej - oraz w jaki spos\u00f3b model Gradido jako ekonomiczny system operacyjny promuje i przyspiesza niezb\u0119dn\u0105 transformacj\u0119.<\/p>\n\t\t<\/div>\n\t\t\n\t\t<a class=\"elementor-post__read-more\" href=\"https:\/\/gradido.net\/pl\/unabhaengig-von-erdoel-mit-hilfe-von-gradido\/\" aria-label=\"Read more about Unabh\u00e4ngig von Erd\u00f6l mit Hilfe von Gradido\" tabindex=\"-1\" >\n\t\t\tPrzeczytaj wi\u0119cej\t\t<\/a>\n\n\t\t\t\t<\/div>\n\t\t\t\t<div class=\"elementor-post__meta-data\">\n\t\t\t\t\t<span class=\"elementor-post-date\">\n\t\t\t10. kwietnia 2026\t\t<\/span>\n\t\t\t\t<\/div>\n\t\t\t\t\t<\/div>\n\t\t<\/article>\n\t\t\t\t<article class=\"elementor-post elementor-grid-item post-13288 post type-post status-publish format-standard has-post-thumbnail hentry category-analysen category-blog\" role=\"listitem\">\n\t\t\t<div class=\"elementor-post__card\">\n\t\t\t\t<a class=\"elementor-post__thumbnail__link\" href=\"https:\/\/gradido.net\/pl\/gesundheit-fuer-alle\/\" tabindex=\"-1\" ><div class=\"elementor-post__thumbnail\"><img loading=\"lazy\" decoding=\"async\" width=\"800\" height=\"450\" src=\"https:\/\/gradido.net\/wp-content\/uploads\/2026\/04\/Gesundheit-fuer-alle-1024x576.jpg\" class=\"attachment-large size-large wp-image-13291\" alt=\"\" srcset=\"https:\/\/gradido.net\/wp-content\/uploads\/2026\/04\/Gesundheit-fuer-alle-1024x576.jpg 1024w, https:\/\/gradido.net\/wp-content\/uploads\/2026\/04\/Gesundheit-fuer-alle-300x169.jpg 300w, https:\/\/gradido.net\/wp-content\/uploads\/2026\/04\/Gesundheit-fuer-alle-768x432.jpg 768w, https:\/\/gradido.net\/wp-content\/uploads\/2026\/04\/Gesundheit-fuer-alle-1536x864.jpg 1536w, https:\/\/gradido.net\/wp-content\/uploads\/2026\/04\/Gesundheit-fuer-alle-18x10.jpg 18w, https:\/\/gradido.net\/wp-content\/uploads\/2026\/04\/Gesundheit-fuer-alle.jpg 1920w\" sizes=\"(max-width: 800px) 100vw, 800px\" \/><\/div><\/a>\n\t\t\t\t<div class=\"elementor-post__text\">\n\t\t\t\t<h3 class=\"elementor-post__title\">\n\t\t\t<a href=\"https:\/\/gradido.net\/pl\/gesundheit-fuer-alle\/\" >\n\t\t\t\tZdrowie dla wszystkich\t\t\t<\/a>\n\t\t<\/h3>\n\t\t\t\t<div class=\"elementor-post__excerpt\">\n\t\t\t<p>Analiza na \u015awiatowy Dzie\u0144 Zdrowia: Aktywny doch\u00f3d podstawowy eliminuje strach egzystencjalny, druga kreacja pieni\u0105dza zapewnia bezp\u0142atn\u0105 opiek\u0119 zdrowotn\u0105, fundusz wyr\u00f3wnawczy i \u015brodowiskowy oczyszcza powietrze, wod\u0119 i gleb\u0119 - bez d\u0142ug\u00f3w. <\/p>\n\t\t<\/div>\n\t\t\n\t\t<a class=\"elementor-post__read-more\" href=\"https:\/\/gradido.net\/pl\/gesundheit-fuer-alle\/\" aria-label=\"Read more about Gesundheit f\u00fcr alle\" tabindex=\"-1\" >\n\t\t\tPrzeczytaj wi\u0119cej\t\t<\/a>\n\n\t\t\t\t<\/div>\n\t\t\t\t<div class=\"elementor-post__meta-data\">\n\t\t\t\t\t<span class=\"elementor-post-date\">\n\t\t\t7. kwietnia 2026\t\t<\/span>\n\t\t\t\t<\/div>\n\t\t\t\t\t<\/div>\n\t\t<\/article>\n\t\t\t\t<article class=\"elementor-post elementor-grid-item post-13272 post type-post status-publish format-standard has-post-thumbnail hentry category-analysen category-blog category-psychologie tag-bild-oben\" role=\"listitem\">\n\t\t\t<div class=\"elementor-post__card\">\n\t\t\t\t<a class=\"elementor-post__thumbnail__link\" href=\"https:\/\/gradido.net\/pl\/gradido-wirtschaft-der-liebe\/\" tabindex=\"-1\" ><div class=\"elementor-post__thumbnail\"><img loading=\"lazy\" decoding=\"async\" width=\"800\" height=\"450\" src=\"https:\/\/gradido.net\/wp-content\/uploads\/2026\/04\/Wirtschaft-der-Liebe-1024x576.jpg\" class=\"attachment-large size-large wp-image-13274\" alt=\"\" srcset=\"https:\/\/gradido.net\/wp-content\/uploads\/2026\/04\/Wirtschaft-der-Liebe-1024x576.jpg 1024w, https:\/\/gradido.net\/wp-content\/uploads\/2026\/04\/Wirtschaft-der-Liebe-300x169.jpg 300w, https:\/\/gradido.net\/wp-content\/uploads\/2026\/04\/Wirtschaft-der-Liebe-768x432.jpg 768w, https:\/\/gradido.net\/wp-content\/uploads\/2026\/04\/Wirtschaft-der-Liebe-1536x864.jpg 1536w, https:\/\/gradido.net\/wp-content\/uploads\/2026\/04\/Wirtschaft-der-Liebe-18x10.jpg 18w, https:\/\/gradido.net\/wp-content\/uploads\/2026\/04\/Wirtschaft-der-Liebe.jpg 1920w\" sizes=\"(max-width: 800px) 100vw, 800px\" \/><\/div><\/a>\n\t\t\t\t<div class=\"elementor-post__text\">\n\t\t\t\t<h3 class=\"elementor-post__title\">\n\t\t\t<a href=\"https:\/\/gradido.net\/pl\/gradido-wirtschaft-der-liebe\/\" >\n\t\t\t\tGradido - Ekonomia mi\u0142o\u015bci\t\t\t<\/a>\n\t\t<\/h3>\n\t\t\t\t<div class=\"elementor-post__excerpt\">\n\t\t\t<p>Esej na temat strukturalnego zwi\u0105zku mi\u0119dzy gradido a tym, co ludzie od tysi\u0119cy lat uznaj\u0105 za najwy\u017csz\u0105 warto\u015b\u0107.<\/p>\n\t\t<\/div>\n\t\t\n\t\t<a class=\"elementor-post__read-more\" href=\"https:\/\/gradido.net\/pl\/gradido-wirtschaft-der-liebe\/\" aria-label=\"Read more about Gradido \u2013 Wirtschaft der Liebe\" tabindex=\"-1\" >\n\t\t\tPrzeczytaj wi\u0119cej\t\t<\/a>\n\n\t\t\t\t<\/div>\n\t\t\t\t<div class=\"elementor-post__meta-data\">\n\t\t\t\t\t<span class=\"elementor-post-date\">\n\t\t\t4. kwietnia 2026\t\t<\/span>\n\t\t\t\t<\/div>\n\t\t\t\t\t<\/div>\n\t\t<\/article>\n\t\t\t\t<article class=\"elementor-post elementor-grid-item post-13235 post type-post status-publish format-standard has-post-thumbnail hentry category-analysen category-blog\" role=\"listitem\">\n\t\t\t<div class=\"elementor-post__card\">\n\t\t\t\t<a class=\"elementor-post__thumbnail__link\" href=\"https:\/\/gradido.net\/pl\/die-erde-in-ein-paradies-rueckverwandeln\/\" tabindex=\"-1\" ><div class=\"elementor-post__thumbnail\"><img loading=\"lazy\" decoding=\"async\" width=\"800\" height=\"450\" src=\"https:\/\/gradido.net\/wp-content\/uploads\/2026\/03\/Paradies-1024x576.jpg\" class=\"attachment-large size-large wp-image-13236\" alt=\"\" srcset=\"https:\/\/gradido.net\/wp-content\/uploads\/2026\/03\/Paradies-1024x576.jpg 1024w, https:\/\/gradido.net\/wp-content\/uploads\/2026\/03\/Paradies-300x169.jpg 300w, https:\/\/gradido.net\/wp-content\/uploads\/2026\/03\/Paradies-768x432.jpg 768w, https:\/\/gradido.net\/wp-content\/uploads\/2026\/03\/Paradies-1536x864.jpg 1536w, https:\/\/gradido.net\/wp-content\/uploads\/2026\/03\/Paradies-18x10.jpg 18w, https:\/\/gradido.net\/wp-content\/uploads\/2026\/03\/Paradies.jpg 1920w\" sizes=\"(max-width: 800px) 100vw, 800px\" \/><\/div><\/a>\n\t\t\t\t<div class=\"elementor-post__text\">\n\t\t\t\t<h3 class=\"elementor-post__title\">\n\t\t\t<a href=\"https:\/\/gradido.net\/pl\/die-erde-in-ein-paradies-rueckverwandeln\/\" >\n\t\t\t\tPrzekszta\u0142canie ziemi z powrotem w raj\t\t\t<\/a>\n\t\t<\/h3>\n\t\t\t\t<div class=\"elementor-post__excerpt\">\n\t\t\t<p>Model Gradido oferuje systemowy klucz do oszcz\u0119dno\u015bci 65-80% globalnego zu\u017cycia energii przy jednoczesnej poprawie jako\u015bci \u017cycia dla wszystkich.<\/p>\n\t\t<\/div>\n\t\t\n\t\t<a class=\"elementor-post__read-more\" href=\"https:\/\/gradido.net\/pl\/die-erde-in-ein-paradies-rueckverwandeln\/\" aria-label=\"Read more about Die Erde in ein Paradies r\u00fcckverwandeln\" tabindex=\"-1\" >\n\t\t\tPrzeczytaj wi\u0119cej\t\t<\/a>\n\n\t\t\t\t<\/div>\n\t\t\t\t<div class=\"elementor-post__meta-data\">\n\t\t\t\t\t<span class=\"elementor-post-date\">\n\t\t\t1. kwietnia 2026\t\t<\/span>\n\t\t\t\t<\/div>\n\t\t\t\t\t<\/div>\n\t\t<\/article>\n\t\t\t\t<article class=\"elementor-post elementor-grid-item post-13218 post type-post status-publish format-standard has-post-thumbnail hentry category-analysen category-blog\" role=\"listitem\">\n\t\t\t<div class=\"elementor-post__card\">\n\t\t\t\t<a class=\"elementor-post__thumbnail__link\" href=\"https:\/\/gradido.net\/pl\/buerokratieabbau-bullshit-jobs-und-der-ausgleichs-und-umweltfonds\/\" tabindex=\"-1\" ><div class=\"elementor-post__thumbnail\"><img loading=\"lazy\" decoding=\"async\" width=\"800\" height=\"450\" src=\"https:\/\/gradido.net\/wp-content\/uploads\/2026\/03\/Buerokratieabbau-Bullshit-Jobs-und-AUF-1024x576.jpg\" class=\"attachment-large size-large wp-image-13219\" alt=\"\" srcset=\"https:\/\/gradido.net\/wp-content\/uploads\/2026\/03\/Buerokratieabbau-Bullshit-Jobs-und-AUF-1024x576.jpg 1024w, https:\/\/gradido.net\/wp-content\/uploads\/2026\/03\/Buerokratieabbau-Bullshit-Jobs-und-AUF-300x169.jpg 300w, https:\/\/gradido.net\/wp-content\/uploads\/2026\/03\/Buerokratieabbau-Bullshit-Jobs-und-AUF-768x432.jpg 768w, https:\/\/gradido.net\/wp-content\/uploads\/2026\/03\/Buerokratieabbau-Bullshit-Jobs-und-AUF-1536x864.jpg 1536w, https:\/\/gradido.net\/wp-content\/uploads\/2026\/03\/Buerokratieabbau-Bullshit-Jobs-und-AUF-18x10.jpg 18w, https:\/\/gradido.net\/wp-content\/uploads\/2026\/03\/Buerokratieabbau-Bullshit-Jobs-und-AUF.jpg 1920w\" sizes=\"(max-width: 800px) 100vw, 800px\" \/><\/div><\/a>\n\t\t\t\t<div class=\"elementor-post__text\">\n\t\t\t\t<h3 class=\"elementor-post__title\">\n\t\t\t<a href=\"https:\/\/gradido.net\/pl\/buerokratieabbau-bullshit-jobs-und-der-ausgleichs-und-umweltfonds\/\" >\n\t\t\t\tOgraniczenie biurokracji, bzdurne miejsca pracy oraz fundusz wyr\u00f3wnawczy i \u015brodowiskowy\t\t\t<\/a>\n\t\t<\/h3>\n\t\t\t\t<div class=\"elementor-post__excerpt\">\n\t\t\t<p>Dominuj\u0105cy system gospodarczy generuje gigantyczne ilo\u015bci niepotrzebnej pracy, zb\u0119dnej administracji i bezcelowego marnotrawstwa zasob\u00f3w. Gradido rozwi\u0105zuje ten problem poprzez systemowe przeprojektowanie wzorowane na naturze.<\/p>\n\t\t<\/div>\n\t\t\n\t\t<a class=\"elementor-post__read-more\" href=\"https:\/\/gradido.net\/pl\/buerokratieabbau-bullshit-jobs-und-der-ausgleichs-und-umweltfonds\/\" aria-label=\"Read more about B\u00fcrokratieabbau, Bullshit Jobs und der Ausgleichs- und Umweltfonds\" tabindex=\"-1\" >\n\t\t\tPrzeczytaj wi\u0119cej\t\t<\/a>\n\n\t\t\t\t<\/div>\n\t\t\t\t<div class=\"elementor-post__meta-data\">\n\t\t\t\t\t<span class=\"elementor-post-date\">\n\t\t\t29. marca 2026\t\t<\/span>\n\t\t\t\t<\/div>\n\t\t\t\t\t<\/div>\n\t\t<\/article>\n\t\t\t\t<article class=\"elementor-post elementor-grid-item post-13190 post type-post status-publish format-standard has-post-thumbnail hentry category-analysen category-blog category-gradido-konto\" role=\"listitem\">\n\t\t\t<div class=\"elementor-post__card\">\n\t\t\t\t<a class=\"elementor-post__thumbnail__link\" href=\"https:\/\/gradido.net\/pl\/bitcoin-aufstieg-und-grenzen-lektionen-fuer-gradido\/\" tabindex=\"-1\" ><div class=\"elementor-post__thumbnail\"><img loading=\"lazy\" decoding=\"async\" width=\"800\" height=\"450\" src=\"https:\/\/gradido.net\/wp-content\/uploads\/2026\/03\/BitCoin-Gradido-1024x576.jpg\" class=\"attachment-large size-large wp-image-13191\" alt=\"\" srcset=\"https:\/\/gradido.net\/wp-content\/uploads\/2026\/03\/BitCoin-Gradido-1024x576.jpg 1024w, https:\/\/gradido.net\/wp-content\/uploads\/2026\/03\/BitCoin-Gradido-300x169.jpg 300w, https:\/\/gradido.net\/wp-content\/uploads\/2026\/03\/BitCoin-Gradido-768x432.jpg 768w, https:\/\/gradido.net\/wp-content\/uploads\/2026\/03\/BitCoin-Gradido-1536x864.jpg 1536w, https:\/\/gradido.net\/wp-content\/uploads\/2026\/03\/BitCoin-Gradido-18x10.jpg 18w, https:\/\/gradido.net\/wp-content\/uploads\/2026\/03\/BitCoin-Gradido.jpg 1920w\" sizes=\"(max-width: 800px) 100vw, 800px\" \/><\/div><\/a>\n\t\t\t\t<div class=\"elementor-post__text\">\n\t\t\t\t<h3 class=\"elementor-post__title\">\n\t\t\t<a href=\"https:\/\/gradido.net\/pl\/bitcoin-aufstieg-und-grenzen-lektionen-fuer-gradido\/\" >\n\t\t\t\tBitcoin - wzrost i ograniczenia: Lekcje dla Gradido\t\t\t<\/a>\n\t\t<\/h3>\n\t\t\t\t<div class=\"elementor-post__excerpt\">\n\t\t\t<p>Bitcoin pokazuje, \u017ce zdecentralizowana kreacja pieni\u0105dza poza bankami centralnymi jest mo\u017cliwa i spo\u0142ecznie akceptowalna - i gdzie prowadzi system, kt\u00f3ry nagradza niedob\u00f3r i gromadzenie zamiast obiegu i wsp\u00f3lnego dobra.<\/p>\n\t\t<\/div>\n\t\t\n\t\t<a class=\"elementor-post__read-more\" href=\"https:\/\/gradido.net\/pl\/bitcoin-aufstieg-und-grenzen-lektionen-fuer-gradido\/\" aria-label=\"Read more about Bitcoin \u2013 Aufstieg und Grenzen: Lektionen f\u00fcr Gradido\" tabindex=\"-1\" >\n\t\t\tPrzeczytaj wi\u0119cej\t\t<\/a>\n\n\t\t\t\t<\/div>\n\t\t\t\t<div class=\"elementor-post__meta-data\">\n\t\t\t\t\t<span class=\"elementor-post-date\">\n\t\t\t26. marca 2026\t\t<\/span>\n\t\t\t\t<\/div>\n\t\t\t\t\t<\/div>\n\t\t<\/article>\n\t\t\t\t<article class=\"elementor-post elementor-grid-item post-12352 post type-post status-publish format-standard has-post-thumbnail hentry category-blog category-community\" role=\"listitem\">\n\t\t\t<div class=\"elementor-post__card\">\n\t\t\t\t<a class=\"elementor-post__thumbnail__link\" href=\"https:\/\/gradido.net\/pl\/mutmacher-stefan-nathan\/\" tabindex=\"-1\" ><div class=\"elementor-post__thumbnail\"><img loading=\"lazy\" decoding=\"async\" width=\"800\" height=\"450\" src=\"https:\/\/gradido.net\/wp-content\/uploads\/2025\/10\/Stefan_Nathan_Lange-1024x576.jpg\" class=\"attachment-large size-large wp-image-12354\" alt=\"\" srcset=\"https:\/\/gradido.net\/wp-content\/uploads\/2025\/10\/Stefan_Nathan_Lange-1024x576.jpg 1024w, https:\/\/gradido.net\/wp-content\/uploads\/2025\/10\/Stefan_Nathan_Lange-300x169.jpg 300w, https:\/\/gradido.net\/wp-content\/uploads\/2025\/10\/Stefan_Nathan_Lange-768x432.jpg 768w, https:\/\/gradido.net\/wp-content\/uploads\/2025\/10\/Stefan_Nathan_Lange-1536x864.jpg 1536w, https:\/\/gradido.net\/wp-content\/uploads\/2025\/10\/Stefan_Nathan_Lange-18x10.jpg 18w, https:\/\/gradido.net\/wp-content\/uploads\/2025\/10\/Stefan_Nathan_Lange.jpg 1920w\" sizes=\"(max-width: 800px) 100vw, 800px\" \/><\/div><\/a>\n\t\t\t\t<div class=\"elementor-post__text\">\n\t\t\t\t<h3 class=\"elementor-post__title\">\n\t\t\t<a href=\"https:\/\/gradido.net\/pl\/mutmacher-stefan-nathan\/\" >\n\t\t\t\tNa drodze do \u015bwiata bez pieni\u0119dzy stoi Gradido\t\t\t<\/a>\n\t\t<\/h3>\n\t\t\t\t<div class=\"elementor-post__excerpt\">\n\t\t\t<p>Gradido to najlepsza okazja, jak\u0105 do tej pory znalaz\u0142em, aby zrobi\u0107 du\u017cy krok naprz\u00f3d na tej \u015bcie\u017cce. I w\u0142a\u015bnie dlatego jestem tutaj zaanga\u017cowany!<\/p>\n\t\t<\/div>\n\t\t\n\t\t<a class=\"elementor-post__read-more\" href=\"https:\/\/gradido.net\/pl\/mutmacher-stefan-nathan\/\" aria-label=\"Czytaj wi\u0119cej o W drodze do \u015bwiata bez pieni\u0119dzy le\u017cy Gradido\" tabindex=\"-1\" >\n\t\t\tPrzeczytaj wi\u0119cej\t\t<\/a>\n\n\t\t\t\t<\/div>\n\t\t\t\t<div class=\"elementor-post__meta-data\">\n\t\t\t\t\t<span class=\"elementor-post-date\">\n\t\t\t26. pa\u017adziernika 2025 r.\t\t<\/span>\n\t\t\t\t<\/div>\n\t\t\t\t\t<\/div>\n\t\t<\/article>\n\t\t\t\t<article class=\"elementor-post elementor-grid-item post-12183 post type-post status-publish format-standard has-post-thumbnail hentry category-blog category-community\" role=\"listitem\">\n\t\t\t<div class=\"elementor-post__card\">\n\t\t\t\t<a class=\"elementor-post__thumbnail__link\" href=\"https:\/\/gradido.net\/pl\/mutmacher-konrad\/\" tabindex=\"-1\" ><div class=\"elementor-post__thumbnail\"><img loading=\"lazy\" decoding=\"async\" width=\"800\" height=\"450\" src=\"https:\/\/gradido.net\/wp-content\/uploads\/2025\/10\/Konrad_Funk-1024x576.jpg\" class=\"attachment-large size-large wp-image-12185\" alt=\"\" srcset=\"https:\/\/gradido.net\/wp-content\/uploads\/2025\/10\/Konrad_Funk-1024x576.jpg 1024w, https:\/\/gradido.net\/wp-content\/uploads\/2025\/10\/Konrad_Funk-300x169.jpg 300w, https:\/\/gradido.net\/wp-content\/uploads\/2025\/10\/Konrad_Funk-768x432.jpg 768w, https:\/\/gradido.net\/wp-content\/uploads\/2025\/10\/Konrad_Funk-1536x864.jpg 1536w, https:\/\/gradido.net\/wp-content\/uploads\/2025\/10\/Konrad_Funk-18x10.jpg 18w, https:\/\/gradido.net\/wp-content\/uploads\/2025\/10\/Konrad_Funk.jpg 1920w\" sizes=\"(max-width: 800px) 100vw, 800px\" \/><\/div><\/a>\n\t\t\t\t<div class=\"elementor-post__text\">\n\t\t\t\t<h3 class=\"elementor-post__title\">\n\t\t\t<a href=\"https:\/\/gradido.net\/pl\/mutmacher-konrad\/\" >\n\t\t\t\tTalar, talar, musisz w\u0119drowa\u0107 - z jednej r\u0119ki do drugiej\t\t\t<\/a>\n\t\t<\/h3>\n\t\t\t\t<div class=\"elementor-post__excerpt\">\n\t\t\t<p>Gradidos mog\u0105 by\u0107 tworzone i przekazywane dalej, s\u0105 dost\u0119pne w obfito\u015bci - ale nie inflacyjne - ze wzgl\u0119du na ich przemijalno\u015b\u0107. Ta obfito\u015b\u0107 mo\u017ce p\u0142yn\u0105\u0107 do naszego najwi\u0119kszego daru: naszego pola serca.<\/p>\n\t\t<\/div>\n\t\t\n\t\t<a class=\"elementor-post__read-more\" href=\"https:\/\/gradido.net\/pl\/mutmacher-konrad\/\" aria-label=\"Czytaj wi\u0119cej o Thaler, thaler, musisz w\u0119drowa\u0107 - z jednej r\u0119ki do drugiej\" tabindex=\"-1\" >\n\t\t\tPrzeczytaj wi\u0119cej\t\t<\/a>\n\n\t\t\t\t<\/div>\n\t\t\t\t<div class=\"elementor-post__meta-data\">\n\t\t\t\t\t<span class=\"elementor-post-date\">\n\t\t\t13. pa\u017adziernika 2025 r.\t\t<\/span>\n\t\t\t\t<\/div>\n\t\t\t\t\t<\/div>\n\t\t<\/article>\n\t\t\t\t<article class=\"elementor-post elementor-grid-item post-12082 post type-post status-publish format-standard has-post-thumbnail hentry category-blog category-community\" role=\"listitem\">\n\t\t\t<div class=\"elementor-post__card\">\n\t\t\t\t<a class=\"elementor-post__thumbnail__link\" href=\"https:\/\/gradido.net\/pl\/mutmacher-hartmut\/\" tabindex=\"-1\" ><div class=\"elementor-post__thumbnail\"><img loading=\"lazy\" decoding=\"async\" width=\"800\" height=\"450\" src=\"https:\/\/gradido.net\/wp-content\/uploads\/2025\/10\/Hartmut_Zipperlen-1024x576.jpg\" class=\"attachment-large size-large wp-image-12084\" alt=\"\" srcset=\"https:\/\/gradido.net\/wp-content\/uploads\/2025\/10\/Hartmut_Zipperlen-1024x576.jpg 1024w, https:\/\/gradido.net\/wp-content\/uploads\/2025\/10\/Hartmut_Zipperlen-300x169.jpg 300w, https:\/\/gradido.net\/wp-content\/uploads\/2025\/10\/Hartmut_Zipperlen-768x432.jpg 768w, https:\/\/gradido.net\/wp-content\/uploads\/2025\/10\/Hartmut_Zipperlen-18x10.jpg 18w, https:\/\/gradido.net\/wp-content\/uploads\/2025\/10\/Hartmut_Zipperlen.jpg 1280w\" sizes=\"(max-width: 800px) 100vw, 800px\" \/><\/div><\/a>\n\t\t\t\t<div class=\"elementor-post__text\">\n\t\t\t\t<h3 class=\"elementor-post__title\">\n\t\t\t<a href=\"https:\/\/gradido.net\/pl\/mutmacher-hartmut\/\" >\n\t\t\t\tIdealne warto\u015bci jako waluta\t\t\t<\/a>\n\t\t<\/h3>\n\t\t\t\t<div class=\"elementor-post__excerpt\">\n\t\t\t<p>Nowa Ziemia nie przyjdzie z zewn\u0105trz. Ludzko\u015b\u0107 jest odpowiedzialna za Gaj\u0119 i musi sama wprowadzi\u0107 zmiany. Jestem wdzi\u0119czny, \u017ce coraz wi\u0119cej ludzi anga\u017cuje si\u0119 w ten cel w mi\u0142o\u015bci i szacunku dla odwiecznych praw natury.<\/p>\n\t\t<\/div>\n\t\t\n\t\t<a class=\"elementor-post__read-more\" href=\"https:\/\/gradido.net\/pl\/mutmacher-hartmut\/\" aria-label=\"Czytaj wi\u0119cej o Idealne warto\u015bci jako waluta\" tabindex=\"-1\" >\n\t\t\tPrzeczytaj wi\u0119cej\t\t<\/a>\n\n\t\t\t\t<\/div>\n\t\t\t\t<div class=\"elementor-post__meta-data\">\n\t\t\t\t\t<span class=\"elementor-post-date\">\n\t\t\t5. pa\u017adziernika 2025 r.\t\t<\/span>\n\t\t\t\t<\/div>\n\t\t\t\t\t<\/div>\n\t\t<\/article>\n\t\t\t\t<article class=\"elementor-post elementor-grid-item post-11747 post type-post status-publish format-standard has-post-thumbnail hentry category-blog category-community\" role=\"listitem\">\n\t\t\t<div class=\"elementor-post__card\">\n\t\t\t\t<a class=\"elementor-post__thumbnail__link\" href=\"https:\/\/gradido.net\/pl\/mutmacher-michael\/\" tabindex=\"-1\" ><div class=\"elementor-post__thumbnail\"><img loading=\"lazy\" decoding=\"async\" width=\"800\" height=\"450\" src=\"https:\/\/gradido.net\/wp-content\/uploads\/2025\/10\/Michael_Rothe_Banner-1024x576.jpg\" class=\"attachment-large size-large wp-image-11749\" alt=\"\" srcset=\"https:\/\/gradido.net\/wp-content\/uploads\/2025\/10\/Michael_Rothe_Banner-1024x576.jpg 1024w, https:\/\/gradido.net\/wp-content\/uploads\/2025\/10\/Michael_Rothe_Banner-300x169.jpg 300w, https:\/\/gradido.net\/wp-content\/uploads\/2025\/10\/Michael_Rothe_Banner-768x432.jpg 768w, https:\/\/gradido.net\/wp-content\/uploads\/2025\/10\/Michael_Rothe_Banner-18x10.jpg 18w, https:\/\/gradido.net\/wp-content\/uploads\/2025\/10\/Michael_Rothe_Banner.jpg 1280w\" sizes=\"(max-width: 800px) 100vw, 800px\" \/><\/div><\/a>\n\t\t\t\t<div class=\"elementor-post__text\">\n\t\t\t\t<h3 class=\"elementor-post__title\">\n\t\t\t<a href=\"https:\/\/gradido.net\/pl\/mutmacher-michael\/\" >\n\t\t\t\tMarzenie o sprawiedliwym i pokojowym \u015bwiecie\t\t\t<\/a>\n\t\t<\/h3>\n\t\t\t\t<div class=\"elementor-post__excerpt\">\n\t\t\t<p>To, co najbardziej przemawia do mnie w Gradido, to zasada wdzi\u0119czno\u015bci - i wizja pokojowej gospodarki. Chcia\u0142bym zobaczy\u0107 \u015bwiat, w kt\u00f3rym wsp\u00f3\u0142praca jest wa\u017cniejsza od konkurencji i w kt\u00f3rym rozwijaj\u0105 si\u0119 zdrowe spo\u0142eczno\u015bci. Dzi\u0119ki Gradido to marzenie wydaje si\u0119 namacalne.<\/p>\n\t\t<\/div>\n\t\t\n\t\t<a class=\"elementor-post__read-more\" href=\"https:\/\/gradido.net\/pl\/mutmacher-michael\/\" aria-label=\"Read more about Der Traum einer gerechten friedvollen Welt\" tabindex=\"-1\" >\n\t\t\tPrzeczytaj wi\u0119cej\t\t<\/a>\n\n\t\t\t\t<\/div>\n\t\t\t\t<div class=\"elementor-post__meta-data\">\n\t\t\t\t\t<span class=\"elementor-post-date\">\n\t\t\t1. pa\u017adziernika 2025\t\t<\/span>\n\t\t\t\t<\/div>\n\t\t\t\t\t<\/div>\n\t\t<\/article>\n\t\t\t\t<article class=\"elementor-post elementor-grid-item post-11727 post type-post status-publish format-standard has-post-thumbnail hentry category-blog category-community\" role=\"listitem\">\n\t\t\t<div class=\"elementor-post__card\">\n\t\t\t\t<a class=\"elementor-post__thumbnail__link\" href=\"https:\/\/gradido.net\/pl\/mutmacher-rolf\/\" tabindex=\"-1\" ><div class=\"elementor-post__thumbnail\"><img loading=\"lazy\" decoding=\"async\" width=\"800\" height=\"450\" src=\"https:\/\/gradido.net\/wp-content\/uploads\/2025\/09\/Rolf-Locher-Banner-1024x576.jpg\" class=\"attachment-large size-large wp-image-11728\" alt=\"\" srcset=\"https:\/\/gradido.net\/wp-content\/uploads\/2025\/09\/Rolf-Locher-Banner-1024x576.jpg 1024w, https:\/\/gradido.net\/wp-content\/uploads\/2025\/09\/Rolf-Locher-Banner-300x169.jpg 300w, https:\/\/gradido.net\/wp-content\/uploads\/2025\/09\/Rolf-Locher-Banner-768x432.jpg 768w, https:\/\/gradido.net\/wp-content\/uploads\/2025\/09\/Rolf-Locher-Banner-18x10.jpg 18w, https:\/\/gradido.net\/wp-content\/uploads\/2025\/09\/Rolf-Locher-Banner.jpg 1280w\" sizes=\"(max-width: 800px) 100vw, 800px\" \/><\/div><\/a>\n\t\t\t\t<div class=\"elementor-post__text\">\n\t\t\t\t<h3 class=\"elementor-post__title\">\n\t\t\t<a href=\"https:\/\/gradido.net\/pl\/mutmacher-rolf\/\" >\n\t\t\t\tW po\u0142\u0105czenie\t\t\t<\/a>\n\t\t<\/h3>\n\t\t\t\t<div class=\"elementor-post__excerpt\">\n\t\t\t<p>Wizja Gradido pasuje do naszych czas\u00f3w bardziej ni\u017c kiedykolwiek. Przypomina mi, \u017ce zmiana jest mo\u017cliwa - nie tylko \"kiedy\u015b\", ale teraz. \u017be mo\u017cemy zacz\u0105\u0107 kszta\u0142towa\u0107 Now\u0105 Ziemi\u0119, podejmuj\u0105c ma\u0142e kroki i pracuj\u0105c razem.<\/p>\n\t\t<\/div>\n\t\t\n\t\t<a class=\"elementor-post__read-more\" href=\"https:\/\/gradido.net\/pl\/mutmacher-rolf\/\" aria-label=\"Read more about Hinein in die Verbundenheit\" tabindex=\"-1\" >\n\t\t\tPrzeczytaj wi\u0119cej\t\t<\/a>\n\n\t\t\t\t<\/div>\n\t\t\t\t<div class=\"elementor-post__meta-data\">\n\t\t\t\t\t<span class=\"elementor-post-date\">\n\t\t\t30. wrze\u015bnia 2025\t\t<\/span>\n\t\t\t\t<\/div>\n\t\t\t\t\t<\/div>\n\t\t<\/article>\n\t\t\t\t<article class=\"elementor-post elementor-grid-item post-11642 post type-post status-publish format-standard has-post-thumbnail hentry category-blog category-community\" role=\"listitem\">\n\t\t\t<div class=\"elementor-post__card\">\n\t\t\t\t<a class=\"elementor-post__thumbnail__link\" href=\"https:\/\/gradido.net\/pl\/mutmacher-jean-pierre\/\" tabindex=\"-1\" ><div class=\"elementor-post__thumbnail\"><img loading=\"lazy\" decoding=\"async\" width=\"800\" height=\"450\" src=\"https:\/\/gradido.net\/wp-content\/uploads\/2025\/09\/Jean-Pierre-1024x576.jpg\" class=\"attachment-large size-large wp-image-11643\" alt=\"\" srcset=\"https:\/\/gradido.net\/wp-content\/uploads\/2025\/09\/Jean-Pierre-1024x576.jpg 1024w, https:\/\/gradido.net\/wp-content\/uploads\/2025\/09\/Jean-Pierre-300x169.jpg 300w, https:\/\/gradido.net\/wp-content\/uploads\/2025\/09\/Jean-Pierre-768x432.jpg 768w, https:\/\/gradido.net\/wp-content\/uploads\/2025\/09\/Jean-Pierre-18x10.jpg 18w, https:\/\/gradido.net\/wp-content\/uploads\/2025\/09\/Jean-Pierre.jpg 1280w\" sizes=\"(max-width: 800px) 100vw, 800px\" \/><\/div><\/a>\n\t\t\t\t<div class=\"elementor-post__text\">\n\t\t\t\t<h3 class=\"elementor-post__title\">\n\t\t\t<a href=\"https:\/\/gradido.net\/pl\/mutmacher-jean-pierre\/\" >\n\t\t\t\tKamie\u0144 w\u0119gielny w konstrukcji mostu\t\t\t<\/a>\n\t\t<\/h3>\n\t\t\t\t<div class=\"elementor-post__excerpt\">\n\t\t\t<p>W ci\u0105gu wielu lat mojej r\u00f3\u017cnorodnej dzia\u0142alno\u015bci zda\u0142em sobie spraw\u0119, \u017ce wi\u0119kszo\u015b\u0107 system\u00f3w w naszym spo\u0142ecze\u0144stwie ma nieod\u0142\u0105czn\u0105 logik\u0119, kt\u00f3ra prowadzi do niepo\u017c\u0105danych zmian. W wyniku tego niepo\u017c\u0105danego rozwoju stracili\u015bmy z oczu nasze prawdziwe cele i ....<\/p>\n\t\t<\/div>\n\t\t\n\t\t<a class=\"elementor-post__read-more\" href=\"https:\/\/gradido.net\/pl\/mutmacher-jean-pierre\/\" aria-label=\"Read more about Der Schlussstein beim Bau einer Br\u00fccke\" tabindex=\"-1\" >\n\t\t\tPrzeczytaj wi\u0119cej\t\t<\/a>\n\n\t\t\t\t<\/div>\n\t\t\t\t<div class=\"elementor-post__meta-data\">\n\t\t\t\t\t<span class=\"elementor-post-date\">\n\t\t\t27. wrze\u015bnia 2025\t\t<\/span>\n\t\t\t\t<\/div>\n\t\t\t\t\t<\/div>\n\t\t<\/article>\n\t\t\t\t<article class=\"elementor-post elementor-grid-item post-11600 post type-post status-publish format-standard has-post-thumbnail hentry category-blog category-community\" role=\"listitem\">\n\t\t\t<div class=\"elementor-post__card\">\n\t\t\t\t<a class=\"elementor-post__thumbnail__link\" href=\"https:\/\/gradido.net\/pl\/mutmacherin-kerstin\/\" tabindex=\"-1\" ><div class=\"elementor-post__thumbnail\"><img loading=\"lazy\" decoding=\"async\" width=\"800\" height=\"450\" src=\"https:\/\/gradido.net\/wp-content\/uploads\/2025\/09\/Kerstin_Banner2-1024x576.jpg\" class=\"attachment-large size-large wp-image-11603\" alt=\"\" srcset=\"https:\/\/gradido.net\/wp-content\/uploads\/2025\/09\/Kerstin_Banner2-1024x576.jpg 1024w, https:\/\/gradido.net\/wp-content\/uploads\/2025\/09\/Kerstin_Banner2-300x169.jpg 300w, https:\/\/gradido.net\/wp-content\/uploads\/2025\/09\/Kerstin_Banner2-768x432.jpg 768w, https:\/\/gradido.net\/wp-content\/uploads\/2025\/09\/Kerstin_Banner2-18x10.jpg 18w, https:\/\/gradido.net\/wp-content\/uploads\/2025\/09\/Kerstin_Banner2.jpg 1280w\" sizes=\"(max-width: 800px) 100vw, 800px\" \/><\/div><\/a>\n\t\t\t\t<div class=\"elementor-post__text\">\n\t\t\t\t<h3 class=\"elementor-post__title\">\n\t\t\t<a href=\"https:\/\/gradido.net\/pl\/mutmacherin-kerstin\/\" >\n\t\t\t\tTak w\u0142a\u015bnie wyobra\u017cam sobie wsp\u00f3lnot\u0119\t\t\t<\/a>\n\t\t<\/h3>\n\t\t\t\t<div class=\"elementor-post__excerpt\">\n\t\t\t<p>Kiedy organizowa\u0142em m\u00f3j kongres \"Rozpoznaj siebie\", natkn\u0105\u0142em si\u0119 na Gradido i od razu by\u0142em entuzjastycznie nastawiony. Ta energia wdzi\u0119czno\u015bci i naturalny przyk\u0142ad stawania si\u0119 i przemijania - mog\u0142em si\u0119 do tego odnie\u015b\u0107!<\/p>\n\t\t<\/div>\n\t\t\n\t\t<a class=\"elementor-post__read-more\" href=\"https:\/\/gradido.net\/pl\/mutmacherin-kerstin\/\" aria-label=\"Read more about So stelle ich mir Miteinander vor\" tabindex=\"-1\" >\n\t\t\tPrzeczytaj wi\u0119cej\t\t<\/a>\n\n\t\t\t\t<\/div>\n\t\t\t\t<div class=\"elementor-post__meta-data\">\n\t\t\t\t\t<span class=\"elementor-post-date\">\n\t\t\t17. wrze\u015bnia 2025\t\t<\/span>\n\t\t\t\t<\/div>\n\t\t\t\t\t<\/div>\n\t\t<\/article>\n\t\t\t\t<article class=\"elementor-post elementor-grid-item post-11586 post type-post status-publish format-standard has-post-thumbnail hentry category-blog category-community tag-bild-oben\" role=\"listitem\">\n\t\t\t<div class=\"elementor-post__card\">\n\t\t\t\t<a class=\"elementor-post__thumbnail__link\" href=\"https:\/\/gradido.net\/pl\/welt-mutter-kongress\/\" tabindex=\"-1\" ><div class=\"elementor-post__thumbnail\"><img loading=\"lazy\" decoding=\"async\" width=\"800\" height=\"436\" src=\"https:\/\/gradido.net\/wp-content\/uploads\/2025\/09\/Welt-Mutter-Kongress-1024x558.jpg\" class=\"attachment-large size-large wp-image-11587\" alt=\"\" srcset=\"https:\/\/gradido.net\/wp-content\/uploads\/2025\/09\/Welt-Mutter-Kongress-1024x558.jpg 1024w, https:\/\/gradido.net\/wp-content\/uploads\/2025\/09\/Welt-Mutter-Kongress-300x164.jpg 300w, https:\/\/gradido.net\/wp-content\/uploads\/2025\/09\/Welt-Mutter-Kongress-768x419.jpg 768w, https:\/\/gradido.net\/wp-content\/uploads\/2025\/09\/Welt-Mutter-Kongress-18x10.jpg 18w, https:\/\/gradido.net\/wp-content\/uploads\/2025\/09\/Welt-Mutter-Kongress.jpg 1280w\" sizes=\"(max-width: 800px) 100vw, 800px\" \/><\/div><\/a>\n\t\t\t\t<div class=\"elementor-post__text\">\n\t\t\t\t<h3 class=\"elementor-post__title\">\n\t\t\t<a href=\"https:\/\/gradido.net\/pl\/welt-mutter-kongress\/\" >\n\t\t\t\tZaproszenie na \u015awiatowy Kongres Matek 15-26 wrze\u015bnia 2025 r.\t\t\t<\/a>\n\t\t<\/h3>\n\t\t\t\t<div class=\"elementor-post__excerpt\">\n\t\t\t<p>Jak by to by\u0142o ponownie po\u0142\u0105czy\u0107 si\u0119 ze sob\u0105, otworzy\u0107 swoje serce na \u017cycie i kroczy\u0107 woln\u0105, pe\u0142n\u0105 mi\u0142o\u015bci \u015bcie\u017ck\u0105 razem z innymi? \u015awiatowy Kongres Matek serdecznie zaprasza na dwana\u015bcie dni pe\u0142nych inspiracji, uzdrawiaj\u0105cych impuls\u00f3w i \u017cywej spo\u0142eczno\u015bci.<\/p>\n\t\t<\/div>\n\t\t\n\t\t<a class=\"elementor-post__read-more\" href=\"https:\/\/gradido.net\/pl\/welt-mutter-kongress\/\" aria-label=\"Read more about Einladung zum Welt Mutter Kongress 15.-26. September 2025\" tabindex=\"-1\" >\n\t\t\tPrzeczytaj wi\u0119cej\t\t<\/a>\n\n\t\t\t\t<\/div>\n\t\t\t\t<div class=\"elementor-post__meta-data\">\n\t\t\t\t\t<span class=\"elementor-post-date\">\n\t\t\t14. wrze\u015bnia 2025\t\t<\/span>\n\t\t\t\t<\/div>\n\t\t\t\t\t<\/div>\n\t\t<\/article>\n\t\t\t\t<article class=\"elementor-post elementor-grid-item post-11565 post type-post status-publish format-standard has-post-thumbnail hentry category-blog category-community\" role=\"listitem\">\n\t\t\t<div class=\"elementor-post__card\">\n\t\t\t\t<a class=\"elementor-post__thumbnail__link\" href=\"https:\/\/gradido.net\/pl\/mutmacher-dietmar\/\" tabindex=\"-1\" ><div class=\"elementor-post__thumbnail\"><img loading=\"lazy\" decoding=\"async\" width=\"800\" height=\"450\" src=\"https:\/\/gradido.net\/wp-content\/uploads\/2025\/09\/Dietmar-1-1024x576.jpg\" class=\"attachment-large size-large wp-image-11568\" alt=\"\" srcset=\"https:\/\/gradido.net\/wp-content\/uploads\/2025\/09\/Dietmar-1-1024x576.jpg 1024w, https:\/\/gradido.net\/wp-content\/uploads\/2025\/09\/Dietmar-1-300x169.jpg 300w, https:\/\/gradido.net\/wp-content\/uploads\/2025\/09\/Dietmar-1-768x432.jpg 768w, https:\/\/gradido.net\/wp-content\/uploads\/2025\/09\/Dietmar-1-18x10.jpg 18w, https:\/\/gradido.net\/wp-content\/uploads\/2025\/09\/Dietmar-1.jpg 1280w\" sizes=\"(max-width: 800px) 100vw, 800px\" \/><\/div><\/a>\n\t\t\t\t<div class=\"elementor-post__text\">\n\t\t\t\t<h3 class=\"elementor-post__title\">\n\t\t\t<a href=\"https:\/\/gradido.net\/pl\/mutmacher-dietmar\/\" >\n\t\t\t\tDlaczego nie \u017cyjemy w ten spos\u00f3b od d\u0142u\u017cszego czasu?\t\t\t<\/a>\n\t\t<\/h3>\n\t\t\t\t<div class=\"elementor-post__excerpt\">\n\t\t\t<p>Kiedy przeczyta\u0142em 100 zalet Gradido, moj\u0105 pierwsz\u0105 my\u015bl\u0105 by\u0142o: Wow, po prostu genialne! Dlaczego nie \u017cyli\u015bmy tym przez d\u0142ugi czas? To by\u0142 m\u00f3j pocz\u0105tek, aby lepiej pozna\u0107 Gradido i uczestniczy\u0107 jako ambasador, aby wprowadzi\u0107 Gradido na \u015bwiat.<\/p>\n\t\t<\/div>\n\t\t\n\t\t<a class=\"elementor-post__read-more\" href=\"https:\/\/gradido.net\/pl\/mutmacher-dietmar\/\" aria-label=\"Read more about Warum leben wir das nicht schon lange?\" tabindex=\"-1\" >\n\t\t\tPrzeczytaj wi\u0119cej\t\t<\/a>\n\n\t\t\t\t<\/div>\n\t\t\t\t<div class=\"elementor-post__meta-data\">\n\t\t\t\t\t<span class=\"elementor-post-date\">\n\t\t\t12. wrze\u015bnia 2025\t\t<\/span>\n\t\t\t\t<\/div>\n\t\t\t\t\t<\/div>\n\t\t<\/article>\n\t\t\t\t<article class=\"elementor-post elementor-grid-item post-11542 post type-post status-publish format-standard has-post-thumbnail hentry category-blog category-community\" role=\"listitem\">\n\t\t\t<div class=\"elementor-post__card\">\n\t\t\t\t<a class=\"elementor-post__thumbnail__link\" href=\"https:\/\/gradido.net\/pl\/von-dem-konzept-begeistert\/\" tabindex=\"-1\" ><div class=\"elementor-post__thumbnail\"><img loading=\"lazy\" decoding=\"async\" width=\"800\" height=\"450\" src=\"https:\/\/gradido.net\/wp-content\/uploads\/2025\/09\/Joel_Banner-1024x576.jpg\" class=\"attachment-large size-large wp-image-11544\" alt=\"\" srcset=\"https:\/\/gradido.net\/wp-content\/uploads\/2025\/09\/Joel_Banner-1024x576.jpg 1024w, https:\/\/gradido.net\/wp-content\/uploads\/2025\/09\/Joel_Banner-300x169.jpg 300w, https:\/\/gradido.net\/wp-content\/uploads\/2025\/09\/Joel_Banner-768x432.jpg 768w, https:\/\/gradido.net\/wp-content\/uploads\/2025\/09\/Joel_Banner-18x10.jpg 18w, https:\/\/gradido.net\/wp-content\/uploads\/2025\/09\/Joel_Banner.jpg 1280w\" sizes=\"(max-width: 800px) 100vw, 800px\" \/><\/div><\/a>\n\t\t\t\t<div class=\"elementor-post__text\">\n\t\t\t\t<h3 class=\"elementor-post__title\">\n\t\t\t<a href=\"https:\/\/gradido.net\/pl\/von-dem-konzept-begeistert\/\" >\n\t\t\t\tEntuzjastycznie nastawiony do koncepcji\t\t\t<\/a>\n\t\t<\/h3>\n\t\t\t\t<div class=\"elementor-post__excerpt\">\n\t\t\t<p>Od d\u0142u\u017cszego czasu szukam alternatywnego, zr\u00f3wnowa\u017conego stylu \u017cycia. Bardzo podoba mi si\u0119 pomys\u0142 zarabiania pieni\u0119dzy w oparciu o wdzi\u0119czno\u015b\u0107. Wierz\u0119, \u017ce nasze \u017cycie jest darem. Mamy wiele powod\u00f3w do wdzi\u0119czno\u015bci. \u017bycie jest pe\u0142ne cud\u00f3w.<\/p>\n\t\t<\/div>\n\t\t\n\t\t<a class=\"elementor-post__read-more\" href=\"https:\/\/gradido.net\/pl\/von-dem-konzept-begeistert\/\" aria-label=\"Read more about Von dem Konzept begeistert\" tabindex=\"-1\" >\n\t\t\tPrzeczytaj wi\u0119cej\t\t<\/a>\n\n\t\t\t\t<\/div>\n\t\t\t\t<div class=\"elementor-post__meta-data\">\n\t\t\t\t\t<span class=\"elementor-post-date\">\n\t\t\t11. wrze\u015bnia 2025\t\t<\/span>\n\t\t\t\t<\/div>\n\t\t\t\t\t<\/div>\n\t\t<\/article>\n\t\t\t\t<article class=\"elementor-post elementor-grid-item post-11520 post type-post status-publish format-standard has-post-thumbnail hentry category-blog category-community\" role=\"listitem\">\n\t\t\t<div class=\"elementor-post__card\">\n\t\t\t\t<a class=\"elementor-post__thumbnail__link\" href=\"https:\/\/gradido.net\/pl\/mutmacherin-claudia\/\" tabindex=\"-1\" ><div class=\"elementor-post__thumbnail\"><img loading=\"lazy\" decoding=\"async\" width=\"800\" height=\"450\" src=\"https:\/\/gradido.net\/wp-content\/uploads\/2025\/09\/Claudia_Banner-1024x576.jpg\" class=\"attachment-large size-large wp-image-11522\" alt=\"\" srcset=\"https:\/\/gradido.net\/wp-content\/uploads\/2025\/09\/Claudia_Banner-1024x576.jpg 1024w, https:\/\/gradido.net\/wp-content\/uploads\/2025\/09\/Claudia_Banner-300x169.jpg 300w, https:\/\/gradido.net\/wp-content\/uploads\/2025\/09\/Claudia_Banner-768x432.jpg 768w, https:\/\/gradido.net\/wp-content\/uploads\/2025\/09\/Claudia_Banner-18x10.jpg 18w, https:\/\/gradido.net\/wp-content\/uploads\/2025\/09\/Claudia_Banner.jpg 1280w\" sizes=\"(max-width: 800px) 100vw, 800px\" \/><\/div><\/a>\n\t\t\t\t<div class=\"elementor-post__text\">\n\t\t\t\t<h3 class=\"elementor-post__title\">\n\t\t\t<a href=\"https:\/\/gradido.net\/pl\/mutmacherin-claudia\/\" >\n\t\t\t\tDok\u0142adnie to, czego zawsze chcia\u0142em\t\t\t<\/a>\n\t\t<\/h3>\n\t\t\t\t<div class=\"elementor-post__excerpt\">\n\t\t\t<p>Gradido oferuje wiele dla ka\u017cdego. Ka\u017cdy mo\u017ce zaanga\u017cowa\u0107 si\u0119 tak, jak chce. Dla mnie s\u0105 to przede wszystkim konie, a tak\u017ce wprowadzi\u0142em Horse Human Community, moje dziecko, jako przestrze\u0144 w Gradido. Poniewa\u017c Gradido daje mi mo\u017cliwo\u015b\u0107 nawi\u0105zywania kontakt\u00f3w.<\/p>\n\t\t<\/div>\n\t\t\n\t\t<a class=\"elementor-post__read-more\" href=\"https:\/\/gradido.net\/pl\/mutmacherin-claudia\/\" aria-label=\"Read more about Genau das, was ich mir immer gew\u00fcnscht hatte\" tabindex=\"-1\" >\n\t\t\tPrzeczytaj wi\u0119cej\t\t<\/a>\n\n\t\t\t\t<\/div>\n\t\t\t\t<div class=\"elementor-post__meta-data\">\n\t\t\t\t\t<span class=\"elementor-post-date\">\n\t\t\t8. wrze\u015bnia 2025\t\t<\/span>\n\t\t\t\t<\/div>\n\t\t\t\t\t<\/div>\n\t\t<\/article>\n\t\t\t\t<article class=\"elementor-post elementor-grid-item post-11499 post type-post status-publish format-standard has-post-thumbnail hentry category-blog category-community\" role=\"listitem\">\n\t\t\t<div class=\"elementor-post__card\">\n\t\t\t\t<a class=\"elementor-post__thumbnail__link\" href=\"https:\/\/gradido.net\/pl\/werde-mutmacher-teile-deine-gradido-geschichte\/\" tabindex=\"-1\" ><div class=\"elementor-post__thumbnail\"><img loading=\"lazy\" decoding=\"async\" width=\"800\" height=\"200\" src=\"https:\/\/gradido.net\/wp-content\/uploads\/2023\/12\/AdobeStock_623322374-1024x256.jpeg\" class=\"attachment-large size-large wp-image-8453\" alt=\"\" srcset=\"https:\/\/gradido.net\/wp-content\/uploads\/2023\/12\/AdobeStock_623322374-1024x256.jpeg 1024w, https:\/\/gradido.net\/wp-content\/uploads\/2023\/12\/AdobeStock_623322374-300x75.jpeg 300w, https:\/\/gradido.net\/wp-content\/uploads\/2023\/12\/AdobeStock_623322374-768x192.jpeg 768w, https:\/\/gradido.net\/wp-content\/uploads\/2023\/12\/AdobeStock_623322374-1536x384.jpeg 1536w, https:\/\/gradido.net\/wp-content\/uploads\/2023\/12\/AdobeStock_623322374-2048x512.jpeg 2048w, https:\/\/gradido.net\/wp-content\/uploads\/2023\/12\/AdobeStock_623322374-18x5.jpeg 18w\" sizes=\"(max-width: 800px) 100vw, 800px\" \/><\/div><\/a>\n\t\t\t\t<div class=\"elementor-post__text\">\n\t\t\t\t<h3 class=\"elementor-post__title\">\n\t\t\t<a href=\"https:\/\/gradido.net\/pl\/werde-mutmacher-teile-deine-gradido-geschichte\/\" >\n\t\t\t\tSta\u0144 si\u0119 zach\u0119t\u0105: podziel si\u0119 swoj\u0105 histori\u0105 Gradido!\t\t\t<\/a>\n\t\t<\/h3>\n\t\t\t\t<div class=\"elementor-post__excerpt\">\n\t\t\t<p>B\u0119dziemy publikowa\u0107 najlepsze, najbardziej zach\u0119caj\u0105ce zg\u0142oszenia w kolejnych biuletynach i na naszym blogu. W ten spos\u00f3b wsp\u00f3lnie mo\u017cemy stworzy\u0107 bukiet nadziei i prawdziwych historii, kt\u00f3re zainspiruj\u0105 wielu innych do przy\u0142\u0105czenia si\u0119 do tego ruchu.<\/p>\n\t\t<\/div>\n\t\t\n\t\t<a class=\"elementor-post__read-more\" href=\"https:\/\/gradido.net\/pl\/werde-mutmacher-teile-deine-gradido-geschichte\/\" aria-label=\"Read more about Werde Mutmacher: Teile Deine Gradido-Geschichte!\" tabindex=\"-1\" >\n\t\t\tPrzeczytaj wi\u0119cej\t\t<\/a>\n\n\t\t\t\t<\/div>\n\t\t\t\t<div class=\"elementor-post__meta-data\">\n\t\t\t\t\t<span class=\"elementor-post-date\">\n\t\t\t5. wrze\u015bnia 2025\t\t<\/span>\n\t\t\t\t<\/div>\n\t\t\t\t\t<\/div>\n\t\t<\/article>\n\t\t\t\t<article class=\"elementor-post elementor-grid-item post-10429 post type-post status-publish format-standard has-post-thumbnail hentry category-blog category-community\" role=\"listitem\">\n\t\t\t<div class=\"elementor-post__card\">\n\t\t\t\t<a class=\"elementor-post__thumbnail__link\" href=\"https:\/\/gradido.net\/pl\/inspirationsflug-regenerative-wirtschaft\/\" tabindex=\"-1\" ><div class=\"elementor-post__thumbnail\"><img loading=\"lazy\" decoding=\"async\" width=\"800\" height=\"339\" src=\"https:\/\/gradido.net\/wp-content\/uploads\/2025\/06\/Titel-INSPIRATIONSLFUG-short-1024x434.webp\" class=\"attachment-large size-large wp-image-10431\" alt=\"\" srcset=\"https:\/\/gradido.net\/wp-content\/uploads\/2025\/06\/Titel-INSPIRATIONSLFUG-short-1024x434.webp 1024w, https:\/\/gradido.net\/wp-content\/uploads\/2025\/06\/Titel-INSPIRATIONSLFUG-short-300x127.webp 300w, https:\/\/gradido.net\/wp-content\/uploads\/2025\/06\/Titel-INSPIRATIONSLFUG-short-768x326.webp 768w, https:\/\/gradido.net\/wp-content\/uploads\/2025\/06\/Titel-INSPIRATIONSLFUG-short-1536x651.webp 1536w, https:\/\/gradido.net\/wp-content\/uploads\/2025\/06\/Titel-INSPIRATIONSLFUG-short-2048x868.webp 2048w, https:\/\/gradido.net\/wp-content\/uploads\/2025\/06\/Titel-INSPIRATIONSLFUG-short-18x8.webp 18w\" sizes=\"(max-width: 800px) 100vw, 800px\" \/><\/div><\/a>\n\t\t\t\t<div class=\"elementor-post__text\">\n\t\t\t\t<h3 class=\"elementor-post__title\">\n\t\t\t<a href=\"https:\/\/gradido.net\/pl\/inspirationsflug-regenerative-wirtschaft\/\" >\n\t\t\t\tINSPIRUJ\u0104CY LOT NA TEMAT GOSPODARKI REGENERACYJNEJ\t\t\t<\/a>\n\t\t<\/h3>\n\t\t\t\t<div class=\"elementor-post__excerpt\">\n\t\t\t<p>GOSPODARKA REGENERACYJNA oznacza \"system gospodarczy, kt\u00f3ry wykracza poza ide\u0119 czystego tworzenia warto\u015bci i koncentruje si\u0119 na odbudowie i poprawie ekosystem\u00f3w i spo\u0142ecze\u0144stw. Stara si\u0119 oddawa\u0107 wi\u0119cej ni\u017c bierze, zar\u00f3wno pod wzgl\u0119dem \u015brodowiskowym, jak i spo\u0142ecznym, i koncentruje si\u0119 na tworzeniu pozytywnej warto\u015bci dla przyrody i spo\u0142ecze\u0144stwa\".<\/p>\n\t\t<\/div>\n\t\t\n\t\t<a class=\"elementor-post__read-more\" href=\"https:\/\/gradido.net\/pl\/inspirationsflug-regenerative-wirtschaft\/\" aria-label=\"Czytaj wi\u0119cej o INSPIRUJ\u0104CY LOT NA TEMAT GOSPODARKI REGENERACYJNEJ\" tabindex=\"-1\" >\n\t\t\tPrzeczytaj wi\u0119cej\t\t<\/a>\n\n\t\t\t\t<\/div>\n\t\t\t\t<div class=\"elementor-post__meta-data\">\n\t\t\t\t\t<span class=\"elementor-post-date\">\n\t\t\t4. czerwca 2025 r.\t\t<\/span>\n\t\t\t\t<\/div>\n\t\t\t\t\t<\/div>\n\t\t<\/article>\n\t\t\t\t<article class=\"elementor-post elementor-grid-item post-10383 post type-post status-publish format-standard has-post-thumbnail hentry category-blog category-community\" role=\"listitem\">\n\t\t\t<div class=\"elementor-post__card\">\n\t\t\t\t<a class=\"elementor-post__thumbnail__link\" href=\"https:\/\/gradido.net\/pl\/78-tage-die-alles-veraendern-koennten\/\" tabindex=\"-1\" ><div class=\"elementor-post__thumbnail\"><img loading=\"lazy\" decoding=\"async\" width=\"800\" height=\"450\" src=\"https:\/\/gradido.net\/wp-content\/uploads\/2025\/05\/Ketten_sprengen-1024x576.jpg\" class=\"attachment-large size-large wp-image-10385\" alt=\"\" srcset=\"https:\/\/gradido.net\/wp-content\/uploads\/2025\/05\/Ketten_sprengen-1024x576.jpg 1024w, https:\/\/gradido.net\/wp-content\/uploads\/2025\/05\/Ketten_sprengen-300x169.jpg 300w, https:\/\/gradido.net\/wp-content\/uploads\/2025\/05\/Ketten_sprengen-768x432.jpg 768w, https:\/\/gradido.net\/wp-content\/uploads\/2025\/05\/Ketten_sprengen-1536x864.jpg 1536w, https:\/\/gradido.net\/wp-content\/uploads\/2025\/05\/Ketten_sprengen-18x10.jpg 18w, https:\/\/gradido.net\/wp-content\/uploads\/2025\/05\/Ketten_sprengen.jpg 1600w\" sizes=\"(max-width: 800px) 100vw, 800px\" \/><\/div><\/a>\n\t\t\t\t<div class=\"elementor-post__text\">\n\t\t\t\t<h3 class=\"elementor-post__title\">\n\t\t\t<a href=\"https:\/\/gradido.net\/pl\/78-tage-die-alles-veraendern-koennten\/\" >\n\t\t\t\t78 dni, kt\u00f3re mog\u0105 zmieni\u0107 wszystko\t\t\t<\/a>\n\t\t<\/h3>\n\t\t\t\t<div class=\"elementor-post__excerpt\">\n\t\t\t<p>Wyobra\u017a sobie: Wraz z pierwszymi promieniami s\u0142o\u0144ca, ty - podobnie jak kobieta na naszym zdj\u0119ciu ok\u0142adkowym - zrywasz niewidzialne \u0142a\u0144cuchy starego matrixa i z niecierpliwo\u015bci\u0105 czekasz na przygod\u0119 nowego \u017cycia pe\u0142nego odkrywczego ducha! To punkt wyj\u015bcia do eksperymentu, kt\u00f3ry mo\u017ce zmieni\u0107 wszystko...<\/p>\n\t\t<\/div>\n\t\t\n\t\t<a class=\"elementor-post__read-more\" href=\"https:\/\/gradido.net\/pl\/78-tage-die-alles-veraendern-koennten\/\" aria-label=\"Przeczytaj wi\u0119cej o 78 dniach, kt\u00f3re mog\u0105 zmieni\u0107 wszystko\" tabindex=\"-1\" >\n\t\t\tPrzeczytaj wi\u0119cej\t\t<\/a>\n\n\t\t\t\t<\/div>\n\t\t\t\t<div class=\"elementor-post__meta-data\">\n\t\t\t\t\t<span class=\"elementor-post-date\">\n\t\t\t18. maja 2025 r.\t\t<\/span>\n\t\t\t\t<\/div>\n\t\t\t\t\t<\/div>\n\t\t<\/article>\n\t\t\t\t<article class=\"elementor-post elementor-grid-item post-10371 post type-post status-publish format-standard has-post-thumbnail hentry category-blog category-community category-gradido-konto\" role=\"listitem\">\n\t\t\t<div class=\"elementor-post__card\">\n\t\t\t\t<a class=\"elementor-post__thumbnail__link\" href=\"https:\/\/gradido.net\/pl\/gemeinsam-wachsen-meilensteine-feiern-und-die-zukunft-gestalten\/\" tabindex=\"-1\" ><div class=\"elementor-post__thumbnail\"><img loading=\"lazy\" decoding=\"async\" width=\"800\" height=\"445\" src=\"https:\/\/gradido.net\/wp-content\/uploads\/2022\/12\/Test_fertig_1920-1024x569.jpg\" class=\"attachment-large size-large wp-image-6018\" alt=\"\" srcset=\"https:\/\/gradido.net\/wp-content\/uploads\/2022\/12\/Test_fertig_1920-1024x569.jpg 1024w, https:\/\/gradido.net\/wp-content\/uploads\/2022\/12\/Test_fertig_1920-300x167.jpg 300w, https:\/\/gradido.net\/wp-content\/uploads\/2022\/12\/Test_fertig_1920-768x427.jpg 768w, https:\/\/gradido.net\/wp-content\/uploads\/2022\/12\/Test_fertig_1920-1536x854.jpg 1536w, https:\/\/gradido.net\/wp-content\/uploads\/2022\/12\/Test_fertig_1920-18x10.jpg 18w, https:\/\/gradido.net\/wp-content\/uploads\/2022\/12\/Test_fertig_1920.jpg 1920w\" sizes=\"(max-width: 800px) 100vw, 800px\" \/><\/div><\/a>\n\t\t\t\t<div class=\"elementor-post__text\">\n\t\t\t\t<h3 class=\"elementor-post__title\">\n\t\t\t<a href=\"https:\/\/gradido.net\/pl\/gemeinsam-wachsen-meilensteine-feiern-und-die-zukunft-gestalten\/\" >\n\t\t\t\tWsp\u00f3lny rozw\u00f3j: \u015bwi\u0119towanie kamieni milowych i kszta\u0142towanie przysz\u0142o\u015bci\t\t\t<\/a>\n\t\t<\/h3>\n\t\t\t\t<div class=\"elementor-post__excerpt\">\n\t\t\t<p>Dzi\u015b chcieliby\u015bmy u\u015bwiadomi\u0107 Tobie - i nam wszystkim - kamienie milowe, kt\u00f3re wsp\u00f3lnie osi\u0105gn\u0119li\u015bmy w ostatnich latach oraz to, co czeka nas w ci\u0105gu najbli\u017cszych dwunastu miesi\u0119cy<\/p>\n\t\t<\/div>\n\t\t\n\t\t<a class=\"elementor-post__read-more\" href=\"https:\/\/gradido.net\/pl\/gemeinsam-wachsen-meilensteine-feiern-und-die-zukunft-gestalten\/\" aria-label=\"Czytaj wi\u0119cej o Wsp\u00f3lnym rozwoju: \u015bwi\u0119towanie kamieni milowych i kszta\u0142towanie przysz\u0142o\u015bci\" tabindex=\"-1\" >\n\t\t\tPrzeczytaj wi\u0119cej\t\t<\/a>\n\n\t\t\t\t<\/div>\n\t\t\t\t<div class=\"elementor-post__meta-data\">\n\t\t\t\t\t<span class=\"elementor-post-date\">\n\t\t\t11. maja 2025 r.\t\t<\/span>\n\t\t\t\t<\/div>\n\t\t\t\t\t<\/div>\n\t\t<\/article>\n\t\t\t\t<article class=\"elementor-post elementor-grid-item post-10343 post type-post status-publish format-standard has-post-thumbnail hentry category-blog category-community\" role=\"listitem\">\n\t\t\t<div class=\"elementor-post__card\">\n\t\t\t\t<a class=\"elementor-post__thumbnail__link\" href=\"https:\/\/gradido.net\/pl\/spielend-probleme-loesen-entdecke-das-ki-rollenspiel-bei-gradido-delta\/\" tabindex=\"-1\" ><div class=\"elementor-post__thumbnail\"><img loading=\"lazy\" decoding=\"async\" width=\"800\" height=\"375\" src=\"https:\/\/gradido.net\/wp-content\/uploads\/2025\/05\/DELTA-Rollenspiel-1024x480.jpg\" class=\"attachment-large size-large wp-image-10344\" alt=\"\" srcset=\"https:\/\/gradido.net\/wp-content\/uploads\/2025\/05\/DELTA-Rollenspiel-1024x480.jpg 1024w, https:\/\/gradido.net\/wp-content\/uploads\/2025\/05\/DELTA-Rollenspiel-300x141.jpg 300w, https:\/\/gradido.net\/wp-content\/uploads\/2025\/05\/DELTA-Rollenspiel-768x360.jpg 768w, https:\/\/gradido.net\/wp-content\/uploads\/2025\/05\/DELTA-Rollenspiel-1536x720.jpg 1536w, https:\/\/gradido.net\/wp-content\/uploads\/2025\/05\/DELTA-Rollenspiel-18x8.jpg 18w, https:\/\/gradido.net\/wp-content\/uploads\/2025\/05\/DELTA-Rollenspiel.jpg 1600w\" sizes=\"(max-width: 800px) 100vw, 800px\" \/><\/div><\/a>\n\t\t\t\t<div class=\"elementor-post__text\">\n\t\t\t\t<h3 class=\"elementor-post__title\">\n\t\t\t<a href=\"https:\/\/gradido.net\/pl\/spielend-probleme-loesen-entdecke-das-ki-rollenspiel-bei-gradido-delta\/\" >\n\t\t\t\tRozwi\u0105zuj problemy graj\u0105c: Odkryj gr\u0119 fabularn\u0105 ze sztuczn\u0105 inteligencj\u0105 w Gradido DELTA\t\t\t<\/a>\n\t\t<\/h3>\n\t\t\t\t<div class=\"elementor-post__excerpt\">\n\t\t\t<p>Czy jeste\u015b jednym z ciekawskich, \u017c\u0105dnych przyg\u00f3d cz\u0142onk\u00f3w spo\u0142eczno\u015bci Gradido, kt\u00f3rzy chc\u0105 spr\u00f3bowa\u0107 czego\u015b nowego i wsp\u00f3lnie odkrywa\u0107 nieznane sposoby wsp\u00f3\u0142pracy i innowacji? W takim razie trafi\u0142e\u015b we w\u0142a\u015bciwe miejsce - i b\u0119dzie to o wiele \u0142atwiejsze i przyjemniejsze!<\/p>\n\t\t<\/div>\n\t\t\n\t\t<a class=\"elementor-post__read-more\" href=\"https:\/\/gradido.net\/pl\/spielend-probleme-loesen-entdecke-das-ki-rollenspiel-bei-gradido-delta\/\" aria-label=\"Dowiedz si\u0119 wi\u0119cej o rozwi\u0105zywaniu problem\u00f3w poprzez gr\u0119: Odkryj gr\u0119 fabularn\u0105 AI w Gradido DELTA\" tabindex=\"-1\" >\n\t\t\tPrzeczytaj wi\u0119cej\t\t<\/a>\n\n\t\t\t\t<\/div>\n\t\t\t\t<div class=\"elementor-post__meta-data\">\n\t\t\t\t\t<span class=\"elementor-post-date\">\n\t\t\t5. maja 2025 r.\t\t<\/span>\n\t\t\t\t<\/div>\n\t\t\t\t\t<\/div>\n\t\t<\/article>\n\t\t\t\t<article class=\"elementor-post elementor-grid-item post-10304 post type-post status-publish format-standard has-post-thumbnail hentry category-blog category-community\" role=\"listitem\">\n\t\t\t<div class=\"elementor-post__card\">\n\t\t\t\t<a class=\"elementor-post__thumbnail__link\" href=\"https:\/\/gradido.net\/pl\/gemeinsam-staerker-mach-mit-bei-gradido-delta\/\" tabindex=\"-1\" ><div class=\"elementor-post__thumbnail\"><img loading=\"lazy\" decoding=\"async\" width=\"800\" height=\"375\" src=\"https:\/\/gradido.net\/wp-content\/uploads\/2025\/04\/DELTA_Banner_Blog-1024x480.jpg\" class=\"attachment-large size-large wp-image-10305\" alt=\"\" srcset=\"https:\/\/gradido.net\/wp-content\/uploads\/2025\/04\/DELTA_Banner_Blog-1024x480.jpg 1024w, https:\/\/gradido.net\/wp-content\/uploads\/2025\/04\/DELTA_Banner_Blog-300x141.jpg 300w, https:\/\/gradido.net\/wp-content\/uploads\/2025\/04\/DELTA_Banner_Blog-768x360.jpg 768w, https:\/\/gradido.net\/wp-content\/uploads\/2025\/04\/DELTA_Banner_Blog-1536x720.jpg 1536w, https:\/\/gradido.net\/wp-content\/uploads\/2025\/04\/DELTA_Banner_Blog-18x8.jpg 18w, https:\/\/gradido.net\/wp-content\/uploads\/2025\/04\/DELTA_Banner_Blog.jpg 1920w\" sizes=\"(max-width: 800px) 100vw, 800px\" \/><\/div><\/a>\n\t\t\t\t<div class=\"elementor-post__text\">\n\t\t\t\t<h3 class=\"elementor-post__title\">\n\t\t\t<a href=\"https:\/\/gradido.net\/pl\/gemeinsam-staerker-mach-mit-bei-gradido-delta\/\" >\n\t\t\t\tRazem silniejsi: do\u0142\u0105cz do Gradido DELTA\t\t\t<\/a>\n\t\t<\/h3>\n\t\t\t\t<div class=\"elementor-post__excerpt\">\n\t\t\t<p>Z pomoc\u0105 Delta Chat, komunikatora o otwartym kodzie \u017ar\u00f3d\u0142owym i wspieraj\u0105cych agent\u00f3w AI, mo\u017cesz teraz kontaktowa\u0107 si\u0119 z podobnie my\u015bl\u0105cymi lud\u017ami, wymienia\u0107 si\u0119 wiedz\u0105, coachowa\u0107 si\u0119 nawzajem i wsp\u00f3lnie tworzy\u0107 przysz\u0142o\u015b\u0107.<\/p>\n\t\t<\/div>\n\t\t\n\t\t<a class=\"elementor-post__read-more\" href=\"https:\/\/gradido.net\/pl\/gemeinsam-staerker-mach-mit-bei-gradido-delta\/\" aria-label=\"Czytaj wi\u0119cej o Silniejsi razem: Do\u0142\u0105cz do Gradido DELTA\" tabindex=\"-1\" >\n\t\t\tPrzeczytaj wi\u0119cej\t\t<\/a>\n\n\t\t\t\t<\/div>\n\t\t\t\t<div class=\"elementor-post__meta-data\">\n\t\t\t\t\t<span class=\"elementor-post-date\">\n\t\t\t28. kwietnia 2025 r.\t\t<\/span>\n\t\t\t\t<\/div>\n\t\t\t\t\t<\/div>\n\t\t<\/article>\n\t\t\t\t<article class=\"elementor-post elementor-grid-item post-10264 post type-post status-publish format-standard has-post-thumbnail hentry category-blog category-community category-gradido-konto tag-bild-oben\" role=\"listitem\">\n\t\t\t<div class=\"elementor-post__card\">\n\t\t\t\t<a class=\"elementor-post__thumbnail__link\" href=\"https:\/\/gradido.net\/pl\/gms1\/\" tabindex=\"-1\" ><div class=\"elementor-post__thumbnail\"><img loading=\"lazy\" decoding=\"async\" width=\"800\" height=\"366\" src=\"https:\/\/gradido.net\/wp-content\/uploads\/2025\/04\/GMS_Banner-1024x469.jpg\" class=\"attachment-large size-large wp-image-10265\" alt=\"\" srcset=\"https:\/\/gradido.net\/wp-content\/uploads\/2025\/04\/GMS_Banner-1024x469.jpg 1024w, https:\/\/gradido.net\/wp-content\/uploads\/2025\/04\/GMS_Banner-300x138.jpg 300w, https:\/\/gradido.net\/wp-content\/uploads\/2025\/04\/GMS_Banner-768x352.jpg 768w, https:\/\/gradido.net\/wp-content\/uploads\/2025\/04\/GMS_Banner-1536x704.jpg 1536w, https:\/\/gradido.net\/wp-content\/uploads\/2025\/04\/GMS_Banner-18x8.jpg 18w, https:\/\/gradido.net\/wp-content\/uploads\/2025\/04\/GMS_Banner.jpg 1920w\" sizes=\"(max-width: 800px) 100vw, 800px\" \/><\/div><\/a>\n\t\t\t\t<div class=\"elementor-post__text\">\n\t\t\t\t<h3 class=\"elementor-post__title\">\n\t\t\t<a href=\"https:\/\/gradido.net\/pl\/gms1\/\" >\n\t\t\t\tRazem zamiast samotnie - znajd\u017a podobnie my\u015bl\u0105cych ludzi w swojej okolicy\t\t\t<\/a>\n\t\t<\/h3>\n\t\t\t\t<div class=\"elementor-post__excerpt\">\n\t\t\t<p>Czy Ty r\u00f3wnie\u017c znasz to uczucie? Jeste\u015b ca\u0142ym sercem zaanga\u017cowany w pok\u00f3j, wolno\u015b\u0107 i przysz\u0142o\u015b\u0107 wart\u0105 \u017cycia w harmonii z natur\u0105. Ale czasami czujesz si\u0119 samotny na swojej drodze, poniewa\u017c nie wiesz, gdzie w Twojej okolicy mieszkaj\u0105 ludzie, kt\u00f3rzy podzielaj\u0105 Twoje warto\u015bci i wizje. Teraz jest na to proste rozwi\u0105zanie...<\/p>\n\t\t<\/div>\n\t\t\n\t\t<a class=\"elementor-post__read-more\" href=\"https:\/\/gradido.net\/pl\/gms1\/\" aria-label=\"Czytaj wi\u0119cej o Razem zamiast samotnie - Znajd\u017a podobnie my\u015bl\u0105cych ludzi w swojej okolicy\" tabindex=\"-1\" >\n\t\t\tPrzeczytaj wi\u0119cej\t\t<\/a>\n\n\t\t\t\t<\/div>\n\t\t\t\t<div class=\"elementor-post__meta-data\">\n\t\t\t\t\t<span class=\"elementor-post-date\">\n\t\t\t16. kwietnia 2025 r.\t\t<\/span>\n\t\t\t\t<\/div>\n\t\t\t\t\t<\/div>\n\t\t<\/article>\n\t\t\t\t<article class=\"elementor-post elementor-grid-item post-10280 post type-post status-publish format-standard has-post-thumbnail hentry category-blog category-community tag-bild-oben\" role=\"listitem\">\n\t\t\t<div class=\"elementor-post__card\">\n\t\t\t\t<a class=\"elementor-post__thumbnail__link\" href=\"https:\/\/gradido.net\/pl\/visionen-und-projekte\/\" tabindex=\"-1\" ><div class=\"elementor-post__thumbnail\"><img loading=\"lazy\" decoding=\"async\" width=\"800\" height=\"456\" src=\"https:\/\/gradido.net\/wp-content\/uploads\/2025\/04\/Banner-Visionen-Projekte-1024x584.png\" class=\"attachment-large size-large wp-image-10281\" alt=\"\" srcset=\"https:\/\/gradido.net\/wp-content\/uploads\/2025\/04\/Banner-Visionen-Projekte-1024x584.png 1024w, https:\/\/gradido.net\/wp-content\/uploads\/2025\/04\/Banner-Visionen-Projekte-300x171.png 300w, https:\/\/gradido.net\/wp-content\/uploads\/2025\/04\/Banner-Visionen-Projekte-768x438.png 768w, https:\/\/gradido.net\/wp-content\/uploads\/2025\/04\/Banner-Visionen-Projekte-1536x876.png 1536w, https:\/\/gradido.net\/wp-content\/uploads\/2025\/04\/Banner-Visionen-Projekte-2048x1168.png 2048w, https:\/\/gradido.net\/wp-content\/uploads\/2025\/04\/Banner-Visionen-Projekte-18x10.png 18w\" sizes=\"(max-width: 800px) 100vw, 800px\" \/><\/div><\/a>\n\t\t\t\t<div class=\"elementor-post__text\">\n\t\t\t\t<h3 class=\"elementor-post__title\">\n\t\t\t<a href=\"https:\/\/gradido.net\/pl\/visionen-und-projekte\/\" >\n\t\t\t\tWizje i projekty\t\t\t<\/a>\n\t\t<\/h3>\n\t\t\t\t<div class=\"elementor-post__excerpt\">\n\t\t\t<p>Czy nosisz w sercu wizje i marzenia o lepszym \u015bwiecie? Czy czasami czujesz si\u0119 samotny i chcesz podj\u0105\u0107 pot\u0119\u017cne dzia\u0142ania w prawdziwej spo\u0142eczno\u015bci? Wyobra\u017a sobie \u015bwiat, w kt\u00f3rym \u0142\u0105czysz si\u0119 z podobnie my\u015bl\u0105cymi lud\u017ami, wsp\u00f3lnie wcielasz pomys\u0142y w \u017cycie i podejmujesz ...<\/p>\n\t\t<\/div>\n\t\t\n\t\t<a class=\"elementor-post__read-more\" href=\"https:\/\/gradido.net\/pl\/visionen-und-projekte\/\" aria-label=\"Przeczytaj wi\u0119cej o wizjach i projektach\" tabindex=\"-1\" >\n\t\t\tPrzeczytaj wi\u0119cej\t\t<\/a>\n\n\t\t\t\t<\/div>\n\t\t\t\t<div class=\"elementor-post__meta-data\">\n\t\t\t\t\t<span class=\"elementor-post-date\">\n\t\t\t25. marca 2025 r.\t\t<\/span>\n\t\t\t\t<\/div>\n\t\t\t\t\t<\/div>\n\t\t<\/article>\n\t\t\t\t<article class=\"elementor-post elementor-grid-item post-9980 post type-post status-publish format-standard has-post-thumbnail hentry category-blog category-community tag-bild-oben\" role=\"listitem\">\n\t\t\t<div class=\"elementor-post__card\">\n\t\t\t\t<a class=\"elementor-post__thumbnail__link\" href=\"https:\/\/gradido.net\/pl\/lasst-uns-2025-zum-jahr-des-gradido-machen\/\" tabindex=\"-1\" ><div class=\"elementor-post__thumbnail\"><img loading=\"lazy\" decoding=\"async\" width=\"727\" height=\"412\" src=\"https:\/\/gradido.net\/wp-content\/uploads\/2025\/01\/Standbild.png\" class=\"attachment-large size-large wp-image-9981\" alt=\"\" srcset=\"https:\/\/gradido.net\/wp-content\/uploads\/2025\/01\/Standbild.png 727w, https:\/\/gradido.net\/wp-content\/uploads\/2025\/01\/Standbild-300x170.png 300w, https:\/\/gradido.net\/wp-content\/uploads\/2025\/01\/Standbild-18x10.png 18w\" sizes=\"(max-width: 727px) 100vw, 727px\" \/><\/div><\/a>\n\t\t\t\t<div class=\"elementor-post__text\">\n\t\t\t\t<h3 class=\"elementor-post__title\">\n\t\t\t<a href=\"https:\/\/gradido.net\/pl\/lasst-uns-2025-zum-jahr-des-gradido-machen\/\" >\n\t\t\t\tNiech rok 2025 b\u0119dzie rokiem Gradido\t\t\t<\/a>\n\t\t<\/h3>\n\t\t\t\t<div class=\"elementor-post__excerpt\">\n\t\t\t<p>Po prostu: tworz\u0105c kr\u0105g z 2-3 zainteresowanymi stronami. Zacz\u0119li\u015bmy w Poczdamie z tak\u0105 ma\u0142\u0105 grup\u0105. Je\u015bli ludzie w innych miejscach nas skopiuj\u0105, powstanie sie\u0107 kr\u0119g\u00f3w Gradido, a my b\u0119dziemy si\u0119 szybciej poznawa\u0107 i \u0142\u0105czy\u0107.<\/p>\n\t\t<\/div>\n\t\t\n\t\t<a class=\"elementor-post__read-more\" href=\"https:\/\/gradido.net\/pl\/lasst-uns-2025-zum-jahr-des-gradido-machen\/\" aria-label=\"Przeczytaj wi\u0119cej o Uczy\u0144my rok 2025 rokiem Gradido\" tabindex=\"-1\" >\n\t\t\tPrzeczytaj wi\u0119cej\t\t<\/a>\n\n\t\t\t\t<\/div>\n\t\t\t\t<div class=\"elementor-post__meta-data\">\n\t\t\t\t\t<span class=\"elementor-post-date\">\n\t\t\t1. stycznia 2025 r.\t\t<\/span>\n\t\t\t\t<\/div>\n\t\t\t\t\t<\/div>\n\t\t<\/article>\n\t\t\t\t<article class=\"elementor-post elementor-grid-item post-9881 post type-post status-publish format-standard has-post-thumbnail hentry category-blog category-community\" role=\"listitem\">\n\t\t\t<div class=\"elementor-post__card\">\n\t\t\t\t<a class=\"elementor-post__thumbnail__link\" href=\"https:\/\/gradido.net\/pl\/sieben-themenbereiche-wie-du-mitwirken-kannst\/\" tabindex=\"-1\" ><div class=\"elementor-post__thumbnail\"><img loading=\"lazy\" decoding=\"async\" width=\"800\" height=\"334\" src=\"https:\/\/gradido.net\/wp-content\/uploads\/2024\/11\/Mitwirken-1024x427.jpg\" class=\"attachment-large size-large wp-image-9857\" alt=\"\" srcset=\"https:\/\/gradido.net\/wp-content\/uploads\/2024\/11\/Mitwirken-1024x427.jpg 1024w, https:\/\/gradido.net\/wp-content\/uploads\/2024\/11\/Mitwirken-300x125.jpg 300w, https:\/\/gradido.net\/wp-content\/uploads\/2024\/11\/Mitwirken-768x320.jpg 768w, https:\/\/gradido.net\/wp-content\/uploads\/2024\/11\/Mitwirken-1536x640.jpg 1536w, https:\/\/gradido.net\/wp-content\/uploads\/2024\/11\/Mitwirken-18x8.jpg 18w, https:\/\/gradido.net\/wp-content\/uploads\/2024\/11\/Mitwirken.jpg 1920w\" sizes=\"(max-width: 800px) 100vw, 800px\" \/><\/div><\/a>\n\t\t\t\t<div class=\"elementor-post__text\">\n\t\t\t\t<h3 class=\"elementor-post__title\">\n\t\t\t<a href=\"https:\/\/gradido.net\/pl\/sieben-themenbereiche-wie-du-mitwirken-kannst\/\" >\n\t\t\t\tSiedem obszar\u00f3w, w kt\u00f3rych mo\u017cna si\u0119 zaanga\u017cowa\u0107\t\t\t<\/a>\n\t\t<\/h3>\n\t\t\t\t<div class=\"elementor-post__excerpt\">\n\t\t\t<p>Wielkie podzi\u0119kowania dla was wszystkich, podzielili\u015bcie si\u0119 tak wieloma umiej\u0119tno\u015bciami w przestrzeni \"Mit+Wirken\" w kr\u0119gach Gradido, kt\u00f3re dajecie \u015bwiatu. Zorganizowa\u0142em ocen\u0119 w obszarach tematycznych i poprosi\u0142em o podzielenie si\u0119 pomys\u0142ami ...<\/p>\n\t\t<\/div>\n\t\t\n\t\t<a class=\"elementor-post__read-more\" href=\"https:\/\/gradido.net\/pl\/sieben-themenbereiche-wie-du-mitwirken-kannst\/\" aria-label=\"Przeczytaj wi\u0119cej o siedmiu obszarach, w kt\u00f3rych mo\u017cesz si\u0119 zaanga\u017cowa\u0107\" tabindex=\"-1\" >\n\t\t\tPrzeczytaj wi\u0119cej\t\t<\/a>\n\n\t\t\t\t<\/div>\n\t\t\t\t<div class=\"elementor-post__meta-data\">\n\t\t\t\t\t<span class=\"elementor-post-date\">\n\t\t\t15. grudnia 2024 r.\t\t<\/span>\n\t\t\t\t<\/div>\n\t\t\t\t\t<\/div>\n\t\t<\/article>\n\t\t\t\t<article class=\"elementor-post elementor-grid-item post-9844 post type-post status-publish format-standard has-post-thumbnail hentry category-blog category-community\" role=\"listitem\">\n\t\t\t<div class=\"elementor-post__card\">\n\t\t\t\t<a class=\"elementor-post__thumbnail__link\" href=\"https:\/\/gradido.net\/pl\/dein-mitwirken-ist-gefragt\/\" tabindex=\"-1\" ><div class=\"elementor-post__thumbnail\"><img loading=\"lazy\" decoding=\"async\" width=\"800\" height=\"334\" src=\"https:\/\/gradido.net\/wp-content\/uploads\/2024\/11\/Mitwirken-1024x427.jpg\" class=\"attachment-large size-large wp-image-9857\" alt=\"\" srcset=\"https:\/\/gradido.net\/wp-content\/uploads\/2024\/11\/Mitwirken-1024x427.jpg 1024w, https:\/\/gradido.net\/wp-content\/uploads\/2024\/11\/Mitwirken-300x125.jpg 300w, https:\/\/gradido.net\/wp-content\/uploads\/2024\/11\/Mitwirken-768x320.jpg 768w, https:\/\/gradido.net\/wp-content\/uploads\/2024\/11\/Mitwirken-1536x640.jpg 1536w, https:\/\/gradido.net\/wp-content\/uploads\/2024\/11\/Mitwirken-18x8.jpg 18w, https:\/\/gradido.net\/wp-content\/uploads\/2024\/11\/Mitwirken.jpg 1920w\" sizes=\"(max-width: 800px) 100vw, 800px\" \/><\/div><\/a>\n\t\t\t\t<div class=\"elementor-post__text\">\n\t\t\t\t<h3 class=\"elementor-post__title\">\n\t\t\t<a href=\"https:\/\/gradido.net\/pl\/dein-mitwirken-ist-gefragt\/\" >\n\t\t\t\tTw\u00f3j \"udzia\u0142+dzia\u0142anie\" jest wymagane\t\t\t<\/a>\n\t\t<\/h3>\n\t\t\t\t<div class=\"elementor-post__excerpt\">\n\t\t\t<p>Czy chcia\u0142by\u015b r\u00f3wnie\u017c nawi\u0105za\u0107 jeszcze lepszy kontakt z nami i innymi cz\u0142onkami Gradido i sprawi\u0107, by nasza wi\u0119\u017a by\u0142a namacalna? I czy chcia\u0142by\u015b wykorzysta\u0107 swoje wyj\u0105tkowe dary, aby ...<\/p>\n\t\t<\/div>\n\t\t\n\t\t<a class=\"elementor-post__read-more\" href=\"https:\/\/gradido.net\/pl\/dein-mitwirken-ist-gefragt\/\" aria-label=\"Czytaj wi\u0119cej o Tw\u00f3j &quot;Mit+Wirken&quot; jest poszukiwany\" tabindex=\"-1\" >\n\t\t\tPrzeczytaj wi\u0119cej\t\t<\/a>\n\n\t\t\t\t<\/div>\n\t\t\t\t<div class=\"elementor-post__meta-data\">\n\t\t\t\t\t<span class=\"elementor-post-date\">\n\t\t\t27. listopada 2024 r.\t\t<\/span>\n\t\t\t\t<\/div>\n\t\t\t\t\t<\/div>\n\t\t<\/article>\n\t\t\t\t<article class=\"elementor-post elementor-grid-item post-9805 post type-post status-publish format-standard has-post-thumbnail hentry category-blog category-community\" role=\"listitem\">\n\t\t\t<div class=\"elementor-post__card\">\n\t\t\t\t<a class=\"elementor-post__thumbnail__link\" href=\"https:\/\/gradido.net\/pl\/wir-wirken-zusammen\/\" tabindex=\"-1\" ><div class=\"elementor-post__thumbnail\"><img loading=\"lazy\" decoding=\"async\" width=\"800\" height=\"450\" src=\"https:\/\/gradido.net\/wp-content\/uploads\/2024\/11\/Neustart-1024x576.jpg\" class=\"attachment-large size-large wp-image-9806\" alt=\"\" srcset=\"https:\/\/gradido.net\/wp-content\/uploads\/2024\/11\/Neustart-1024x576.jpg 1024w, https:\/\/gradido.net\/wp-content\/uploads\/2024\/11\/Neustart-300x169.jpg 300w, https:\/\/gradido.net\/wp-content\/uploads\/2024\/11\/Neustart-768x432.jpg 768w, https:\/\/gradido.net\/wp-content\/uploads\/2024\/11\/Neustart-18x10.jpg 18w, https:\/\/gradido.net\/wp-content\/uploads\/2024\/11\/Neustart.jpg 1280w\" sizes=\"(max-width: 800px) 100vw, 800px\" \/><\/div><\/a>\n\t\t\t\t<div class=\"elementor-post__text\">\n\t\t\t\t<h3 class=\"elementor-post__title\">\n\t\t\t<a href=\"https:\/\/gradido.net\/pl\/wir-wirken-zusammen\/\" >\n\t\t\t\tPracujemy razem!\t\t\t<\/a>\n\t\t<\/h3>\n\t\t\t\t<div class=\"elementor-post__excerpt\">\n\t\t\t<p>INSTYTUT NEUSTART (w skr\u00f3cie) ma cel istnienia, kt\u00f3ry brzmi: \"Wnosimy wk\u0142ad w \u015bwiat pracy, w kt\u00f3rym firmy, przedsi\u0119biorcy i pracownicy wsp\u00f3lnie realizuj\u0105 udane i szcz\u0119\u015bliwe \u017cycie zawodowe - z korzy\u015bci\u0105 dla ka\u017cdej osoby i spo\u0142ecze\u0144stwa\".<\/p>\n\t\t<\/div>\n\t\t\n\t\t<a class=\"elementor-post__read-more\" href=\"https:\/\/gradido.net\/pl\/wir-wirken-zusammen\/\" aria-label=\"Czytaj wi\u0119cej o Pracujemy razem!\" tabindex=\"-1\" >\n\t\t\tPrzeczytaj wi\u0119cej\t\t<\/a>\n\n\t\t\t\t<\/div>\n\t\t\t\t<div class=\"elementor-post__meta-data\">\n\t\t\t\t\t<span class=\"elementor-post-date\">\n\t\t\t23. listopada 2024 r.\t\t<\/span>\n\t\t\t\t<\/div>\n\t\t\t\t\t<\/div>\n\t\t<\/article>\n\t\t\t\t<article class=\"elementor-post elementor-grid-item post-9649 post type-post status-publish format-standard has-post-thumbnail hentry category-blog category-community category-gradido-konto\" role=\"listitem\">\n\t\t\t<div class=\"elementor-post__card\">\n\t\t\t\t<a class=\"elementor-post__thumbnail__link\" href=\"https:\/\/gradido.net\/pl\/welches-grundeinkommen-ist-das-richtige\/\" tabindex=\"-1\" ><div class=\"elementor-post__thumbnail\"><img loading=\"lazy\" decoding=\"async\" width=\"800\" height=\"300\" src=\"https:\/\/gradido.net\/wp-content\/uploads\/2020\/09\/grundeinkommen-statt-existenzangst-1024x384.jpg\" class=\"attachment-large size-large wp-image-833\" alt=\"\" srcset=\"https:\/\/gradido.net\/wp-content\/uploads\/2020\/09\/grundeinkommen-statt-existenzangst-1024x384.jpg 1024w, https:\/\/gradido.net\/wp-content\/uploads\/2020\/09\/grundeinkommen-statt-existenzangst-300x113.jpg 300w, https:\/\/gradido.net\/wp-content\/uploads\/2020\/09\/grundeinkommen-statt-existenzangst-768x288.jpg 768w, https:\/\/gradido.net\/wp-content\/uploads\/2020\/09\/grundeinkommen-statt-existenzangst.jpg 1344w\" sizes=\"(max-width: 800px) 100vw, 800px\" \/><\/div><\/a>\n\t\t\t\t<div class=\"elementor-post__text\">\n\t\t\t\t<h3 class=\"elementor-post__title\">\n\t\t\t<a href=\"https:\/\/gradido.net\/pl\/welches-grundeinkommen-ist-das-richtige\/\" >\n\t\t\t\tKt\u00f3ry doch\u00f3d podstawowy jest w\u0142a\u015bciwy?\t\t\t<\/a>\n\t\t<\/h3>\n\t\t\t\t<div class=\"elementor-post__excerpt\">\n\t\t\t<p>G\u0142\u0119boka satysfakcja p\u0142yn\u0105ca z mo\u017cliwo\u015bci przyczyniania si\u0119 do wsp\u00f3lnego dobra i zwi\u0105zany z tym pozytywny wp\u0142yw na rozw\u00f3j potencja\u0142u, jako\u015b\u0107 \u017cycia, szcz\u0119\u015bcie i zdrowie sprawiaj\u0105, \u017ce wyra\u017anie opowiadamy si\u0119 za Aktywnym Dochodem Podstawowym.<\/p>\n\t\t<\/div>\n\t\t\n\t\t<a class=\"elementor-post__read-more\" href=\"https:\/\/gradido.net\/pl\/welches-grundeinkommen-ist-das-richtige\/\" aria-label=\"Czytaj wi\u0119cej o Jaki doch\u00f3d podstawowy jest odpowiedni?\" tabindex=\"-1\" >\n\t\t\tPrzeczytaj wi\u0119cej\t\t<\/a>\n\n\t\t\t\t<\/div>\n\t\t\t\t<div class=\"elementor-post__meta-data\">\n\t\t\t\t\t<span class=\"elementor-post-date\">\n\t\t\t18. pa\u017adziernika 2024 r.\t\t<\/span>\n\t\t\t\t<\/div>\n\t\t\t\t\t<\/div>\n\t\t<\/article>\n\t\t\t\t<article class=\"elementor-post elementor-grid-item post-9621 post type-post status-publish format-standard has-post-thumbnail hentry category-blog category-community category-gradido-konto tag-bild-oben\" role=\"listitem\">\n\t\t\t<div class=\"elementor-post__card\">\n\t\t\t\t<a class=\"elementor-post__thumbnail__link\" href=\"https:\/\/gradido.net\/pl\/sichere-video-meetings-in-den-gradido-kreisen\/\" tabindex=\"-1\" ><div class=\"elementor-post__thumbnail\"><img loading=\"lazy\" decoding=\"async\" width=\"800\" height=\"416\" src=\"https:\/\/gradido.net\/wp-content\/uploads\/2024\/10\/Video-Meeting-1024x533.jpg\" class=\"attachment-large size-large wp-image-9622\" alt=\"\" srcset=\"https:\/\/gradido.net\/wp-content\/uploads\/2024\/10\/Video-Meeting-1024x533.jpg 1024w, https:\/\/gradido.net\/wp-content\/uploads\/2024\/10\/Video-Meeting-300x156.jpg 300w, https:\/\/gradido.net\/wp-content\/uploads\/2024\/10\/Video-Meeting-768x400.jpg 768w, https:\/\/gradido.net\/wp-content\/uploads\/2024\/10\/Video-Meeting-1536x800.jpg 1536w, https:\/\/gradido.net\/wp-content\/uploads\/2024\/10\/Video-Meeting-18x9.jpg 18w, https:\/\/gradido.net\/wp-content\/uploads\/2024\/10\/Video-Meeting.jpg 1920w\" sizes=\"(max-width: 800px) 100vw, 800px\" \/><\/div><\/a>\n\t\t\t\t<div class=\"elementor-post__text\">\n\t\t\t\t<h3 class=\"elementor-post__title\">\n\t\t\t<a href=\"https:\/\/gradido.net\/pl\/sichere-video-meetings-in-den-gradido-kreisen\/\" >\n\t\t\t\tBezpieczne spotkania wideo w kr\u0119gach Gradido\t\t\t<\/a>\n\t\t<\/h3>\n\t\t\t\t<div class=\"elementor-post__excerpt\">\n\t\t\t<p>W Gradido przywi\u0105zujemy du\u017c\u0105 wag\u0119 do ochrony danych u\u017cytkownik\u00f3w. Od teraz mo\u017cesz prowadzi\u0107 bezpieczne, zgodne z RODO wideokonferencje w kr\u0119gach Gradido na niemieckich lub austriackich serwerach Fairkom bez pods\u0142uchiwania przez kogokolwiek innego. <\/p>\n\t\t<\/div>\n\t\t\n\t\t<a class=\"elementor-post__read-more\" href=\"https:\/\/gradido.net\/pl\/sichere-video-meetings-in-den-gradido-kreisen\/\" aria-label=\"Przeczytaj wi\u0119cej o bezpiecznych spotkaniach wideo w kr\u0119gach Gradido\" tabindex=\"-1\" >\n\t\t\tPrzeczytaj wi\u0119cej\t\t<\/a>\n\n\t\t\t\t<\/div>\n\t\t\t\t<div class=\"elementor-post__meta-data\">\n\t\t\t\t\t<span class=\"elementor-post-date\">\n\t\t\t10. pa\u017adziernika 2024 r.\t\t<\/span>\n\t\t\t\t<\/div>\n\t\t\t\t\t<\/div>\n\t\t<\/article>\n\t\t\t\t<article class=\"elementor-post elementor-grid-item post-9595 post type-post status-publish format-standard has-post-thumbnail hentry category-blog category-community\" role=\"listitem\">\n\t\t\t<div class=\"elementor-post__card\">\n\t\t\t\t<a class=\"elementor-post__thumbnail__link\" href=\"https:\/\/gradido.net\/pl\/studienkreis-gradido-botschafter-n-e-u\/\" tabindex=\"-1\" ><div class=\"elementor-post__thumbnail\"><img loading=\"lazy\" decoding=\"async\" width=\"800\" height=\"375\" src=\"https:\/\/gradido.net\/wp-content\/uploads\/2024\/10\/Friedenstaube_Gradido-1024x480.jpg\" class=\"attachment-large size-large wp-image-9597\" alt=\"\" srcset=\"https:\/\/gradido.net\/wp-content\/uploads\/2024\/10\/Friedenstaube_Gradido-1024x480.jpg 1024w, https:\/\/gradido.net\/wp-content\/uploads\/2024\/10\/Friedenstaube_Gradido-300x141.jpg 300w, https:\/\/gradido.net\/wp-content\/uploads\/2024\/10\/Friedenstaube_Gradido-768x360.jpg 768w, https:\/\/gradido.net\/wp-content\/uploads\/2024\/10\/Friedenstaube_Gradido-1536x720.jpg 1536w, https:\/\/gradido.net\/wp-content\/uploads\/2024\/10\/Friedenstaube_Gradido-18x8.jpg 18w, https:\/\/gradido.net\/wp-content\/uploads\/2024\/10\/Friedenstaube_Gradido.jpg 1920w\" sizes=\"(max-width: 800px) 100vw, 800px\" \/><\/div><\/a>\n\t\t\t\t<div class=\"elementor-post__text\">\n\t\t\t\t<h3 class=\"elementor-post__title\">\n\t\t\t<a href=\"https:\/\/gradido.net\/pl\/studienkreis-gradido-botschafter-n-e-u\/\" >\n\t\t\t\tStudy circle: Gradido ambassador N.E.U.\t\t\t<\/a>\n\t\t<\/h3>\n\t\t\t\t<div class=\"elementor-post__excerpt\">\n\t\t\t<p>Jak mo\u017cesz spe\u0142ni\u0107 swoje \u017cyczenia i marzenia teraz, gdy pracujesz z nami nad osi\u0105gni\u0119ciem wielkiego celu? Badali\u015bmy to przez lata. Rozwi\u0105zanie jest w zasadzie proste:<\/p>\n\t\t<\/div>\n\t\t\n\t\t<a class=\"elementor-post__read-more\" href=\"https:\/\/gradido.net\/pl\/studienkreis-gradido-botschafter-n-e-u\/\" aria-label=\"Przeczytaj wi\u0119cej o Study Circle: Gradido Ambassador N.E.U.\" tabindex=\"-1\" >\n\t\t\tPrzeczytaj wi\u0119cej\t\t<\/a>\n\n\t\t\t\t<\/div>\n\t\t\t\t<div class=\"elementor-post__meta-data\">\n\t\t\t\t\t<span class=\"elementor-post-date\">\n\t\t\t7. pa\u017adziernika 2024 r.\t\t<\/span>\n\t\t\t\t<\/div>\n\t\t\t\t\t<\/div>\n\t\t<\/article>\n\t\t\t\t<article class=\"elementor-post elementor-grid-item post-9486 post type-post status-publish format-standard has-post-thumbnail hentry category-blog category-community\" role=\"listitem\">\n\t\t\t<div class=\"elementor-post__card\">\n\t\t\t\t<a class=\"elementor-post__thumbnail__link\" href=\"https:\/\/gradido.net\/pl\/selbstorganisation-in-organisationen-der-neuen-zeit\/\" tabindex=\"-1\" ><div class=\"elementor-post__thumbnail\"><img loading=\"lazy\" decoding=\"async\" width=\"800\" height=\"400\" src=\"https:\/\/gradido.net\/wp-content\/uploads\/2024\/09\/SWARM-1024x512.jpg\" class=\"attachment-large size-large wp-image-9487\" alt=\"\" srcset=\"https:\/\/gradido.net\/wp-content\/uploads\/2024\/09\/SWARM-1024x512.jpg 1024w, https:\/\/gradido.net\/wp-content\/uploads\/2024\/09\/SWARM-300x150.jpg 300w, https:\/\/gradido.net\/wp-content\/uploads\/2024\/09\/SWARM-768x384.jpg 768w, https:\/\/gradido.net\/wp-content\/uploads\/2024\/09\/SWARM-18x9.jpg 18w, https:\/\/gradido.net\/wp-content\/uploads\/2024\/09\/SWARM.jpg 1200w\" sizes=\"(max-width: 800px) 100vw, 800px\" \/><\/div><\/a>\n\t\t\t\t<div class=\"elementor-post__text\">\n\t\t\t\t<h3 class=\"elementor-post__title\">\n\t\t\t<a href=\"https:\/\/gradido.net\/pl\/selbstorganisation-in-organisationen-der-neuen-zeit\/\" >\n\t\t\t\tSamoorganizacja w organizacjach nowej ery\t\t\t<\/a>\n\t\t<\/h3>\n\t\t\t\t<div class=\"elementor-post__excerpt\">\n\t\t\t<p>Era hierarchicznych organizacji dobieg\u0142a ko\u0144ca. Ludzie w \"nowej erze\" maj\u0105 silne pragnienie spotykania si\u0119 ze sob\u0105 na poziomie oczu, organizowania si\u0119 i robienia tego bez hierarchii, gdy tylko jest to mo\u017cliwe.<\/p>\n\t\t<\/div>\n\t\t\n\t\t<a class=\"elementor-post__read-more\" href=\"https:\/\/gradido.net\/pl\/selbstorganisation-in-organisationen-der-neuen-zeit\/\" aria-label=\"Przeczytaj wi\u0119cej o samoorganizacji w organizacjach nowej ery\" tabindex=\"-1\" >\n\t\t\tPrzeczytaj wi\u0119cej\t\t<\/a>\n\n\t\t\t\t<\/div>\n\t\t\t\t<div class=\"elementor-post__meta-data\">\n\t\t\t\t\t<span class=\"elementor-post-date\">\n\t\t\t2. wrze\u015bnia 2024 r.\t\t<\/span>\n\t\t\t\t<\/div>\n\t\t\t\t\t<\/div>\n\t\t<\/article>\n\t\t\t\t<article class=\"elementor-post elementor-grid-item post-9470 post type-post status-publish format-standard has-post-thumbnail hentry category-blog category-community category-gradido-konto\" role=\"listitem\">\n\t\t\t<div class=\"elementor-post__card\">\n\t\t\t\t<a class=\"elementor-post__thumbnail__link\" href=\"https:\/\/gradido.net\/pl\/entdecke-die-neuen-gradido-kreise\/\" tabindex=\"-1\" ><div class=\"elementor-post__thumbnail\"><img loading=\"lazy\" decoding=\"async\" width=\"800\" height=\"450\" src=\"https:\/\/gradido.net\/wp-content\/uploads\/2024\/09\/Gradido-Kreise-1024x576.jpg\" class=\"attachment-large size-large wp-image-9472\" alt=\"\" srcset=\"https:\/\/gradido.net\/wp-content\/uploads\/2024\/09\/Gradido-Kreise-1024x576.jpg 1024w, https:\/\/gradido.net\/wp-content\/uploads\/2024\/09\/Gradido-Kreise-300x169.jpg 300w, https:\/\/gradido.net\/wp-content\/uploads\/2024\/09\/Gradido-Kreise-768x432.jpg 768w, https:\/\/gradido.net\/wp-content\/uploads\/2024\/09\/Gradido-Kreise-18x10.jpg 18w, https:\/\/gradido.net\/wp-content\/uploads\/2024\/09\/Gradido-Kreise.jpg 1280w\" sizes=\"(max-width: 800px) 100vw, 800px\" \/><\/div><\/a>\n\t\t\t\t<div class=\"elementor-post__text\">\n\t\t\t\t<h3 class=\"elementor-post__title\">\n\t\t\t<a href=\"https:\/\/gradido.net\/pl\/entdecke-die-neuen-gradido-kreise\/\" >\n\t\t\t\tOdkryj nowe ko\u0142a Gradido\t\t\t<\/a>\n\t\t<\/h3>\n\t\t\t\t<div class=\"elementor-post__excerpt\">\n\t\t\t<p>Czy ju\u017c j\u0105 widzia\u0142e\u015b? Od ko\u0144ca maja mamy nasz\u0105 now\u0105 platform\u0119 spo\u0142eczno\u015bciow\u0105, kt\u00f3r\u0105 nazywamy Gradido Circles. Teraz mo\u017cesz komunikowa\u0107 si\u0119 z innymi uczestnikami Gradido w bezpiecznych przestrzeniach (zwanych \"Spaces\") i by\u0107 w coraz lepszym kontakcie.<\/p>\n\t\t<\/div>\n\t\t\n\t\t<a class=\"elementor-post__read-more\" href=\"https:\/\/gradido.net\/pl\/entdecke-die-neuen-gradido-kreise\/\" aria-label=\"Czytaj wi\u0119cej o Odkryj nowe ko\u0142a Gradido\" tabindex=\"-1\" >\n\t\t\tPrzeczytaj wi\u0119cej\t\t<\/a>\n\n\t\t\t\t<\/div>\n\t\t\t\t<div class=\"elementor-post__meta-data\">\n\t\t\t\t\t<span class=\"elementor-post-date\">\n\t\t\t30. sierpnia 2024 r.\t\t<\/span>\n\t\t\t\t<\/div>\n\t\t\t\t\t<\/div>\n\t\t<\/article>\n\t\t\t\t<article class=\"elementor-post elementor-grid-item post-9286 post type-post status-publish format-standard has-post-thumbnail hentry category-blog category-community\" role=\"listitem\">\n\t\t\t<div class=\"elementor-post__card\">\n\t\t\t\t<a class=\"elementor-post__thumbnail__link\" href=\"https:\/\/gradido.net\/pl\/society-4-0\/\" tabindex=\"-1\" ><div class=\"elementor-post__thumbnail\"><img loading=\"lazy\" decoding=\"async\" width=\"800\" height=\"439\" src=\"https:\/\/gradido.net\/wp-content\/uploads\/2024\/08\/Bildschirmfoto-2024-08-26-um-14.12.48-1024x562.png\" class=\"attachment-large size-large wp-image-9287\" alt=\"\" srcset=\"https:\/\/gradido.net\/wp-content\/uploads\/2024\/08\/Bildschirmfoto-2024-08-26-um-14.12.48-1024x562.png 1024w, https:\/\/gradido.net\/wp-content\/uploads\/2024\/08\/Bildschirmfoto-2024-08-26-um-14.12.48-300x165.png 300w, https:\/\/gradido.net\/wp-content\/uploads\/2024\/08\/Bildschirmfoto-2024-08-26-um-14.12.48-768x422.png 768w, https:\/\/gradido.net\/wp-content\/uploads\/2024\/08\/Bildschirmfoto-2024-08-26-um-14.12.48-1536x843.png 1536w, https:\/\/gradido.net\/wp-content\/uploads\/2024\/08\/Bildschirmfoto-2024-08-26-um-14.12.48-2048x1124.png 2048w, https:\/\/gradido.net\/wp-content\/uploads\/2024\/08\/Bildschirmfoto-2024-08-26-um-14.12.48-18x10.png 18w\" sizes=\"(max-width: 800px) 100vw, 800px\" \/><\/div><\/a>\n\t\t\t\t<div class=\"elementor-post__text\">\n\t\t\t\t<h3 class=\"elementor-post__title\">\n\t\t\t<a href=\"https:\/\/gradido.net\/pl\/society-4-0\/\" >\n\t\t\t\tWsp\u00f3\u0142praca ze spo\u0142ecze\u0144stwem 4.0\t\t\t<\/a>\n\t\t<\/h3>\n\t\t\t\t<div class=\"elementor-post__excerpt\">\n\t\t\t<p>\"Wielka wsp\u00f3\u0142praca\" nadal si\u0119 rozwija. Christiane L\u00fcpken, kt\u00f3ra jest zaanga\u017cowana w Spo\u0142ecze\u0144stwo 4.0 i odpowiednie niehierarchiczne formy samoorganizacji w Niemczech, jest aktywnym cz\u0142onkiem naszego Vision Circle, kt\u00f3rego zadaniem jest wspieranie wsp\u00f3\u0142pracy z podobnie my\u015bl\u0105cymi lub podobnymi organizacjami, projektami i inicjatywami.<\/p>\n\t\t<\/div>\n\t\t\n\t\t<a class=\"elementor-post__read-more\" href=\"https:\/\/gradido.net\/pl\/society-4-0\/\" aria-label=\"Przeczytaj wi\u0119cej o wsp\u00f3\u0142pracy ze spo\u0142ecze\u0144stwem 4.0\" tabindex=\"-1\" >\n\t\t\tPrzeczytaj wi\u0119cej\t\t<\/a>\n\n\t\t\t\t<\/div>\n\t\t\t\t<div class=\"elementor-post__meta-data\">\n\t\t\t\t\t<span class=\"elementor-post-date\">\n\t\t\t26. sierpnia 2024 r.\t\t<\/span>\n\t\t\t\t<\/div>\n\t\t\t\t\t<\/div>\n\t\t<\/article>\n\t\t\t\t<article class=\"elementor-post elementor-grid-item post-8590 post type-post status-publish format-standard has-post-thumbnail hentry category-blog category-community tag-bild-oben\" role=\"listitem\">\n\t\t\t<div class=\"elementor-post__card\">\n\t\t\t\t<a class=\"elementor-post__thumbnail__link\" href=\"https:\/\/gradido.net\/pl\/gradido-community-voraussichtlich-im-maerz\/\" tabindex=\"-1\" ><div class=\"elementor-post__thumbnail\"><img loading=\"lazy\" decoding=\"async\" width=\"800\" height=\"491\" src=\"https:\/\/gradido.net\/wp-content\/uploads\/2024\/01\/Bildschirmfoto-2024-04-14-um-11.43.45-1024x628.png\" class=\"attachment-large size-large wp-image-8849\" alt=\"\" srcset=\"https:\/\/gradido.net\/wp-content\/uploads\/2024\/01\/Bildschirmfoto-2024-04-14-um-11.43.45-1024x628.png 1024w, https:\/\/gradido.net\/wp-content\/uploads\/2024\/01\/Bildschirmfoto-2024-04-14-um-11.43.45-300x184.png 300w, https:\/\/gradido.net\/wp-content\/uploads\/2024\/01\/Bildschirmfoto-2024-04-14-um-11.43.45-768x471.png 768w, https:\/\/gradido.net\/wp-content\/uploads\/2024\/01\/Bildschirmfoto-2024-04-14-um-11.43.45-1536x943.png 1536w, https:\/\/gradido.net\/wp-content\/uploads\/2024\/01\/Bildschirmfoto-2024-04-14-um-11.43.45-2048x1257.png 2048w, https:\/\/gradido.net\/wp-content\/uploads\/2024\/01\/Bildschirmfoto-2024-04-14-um-11.43.45-18x12.png 18w\" sizes=\"(max-width: 800px) 100vw, 800px\" \/><\/div><\/a>\n\t\t\t\t<div class=\"elementor-post__text\">\n\t\t\t\t<h3 class=\"elementor-post__title\">\n\t\t\t<a href=\"https:\/\/gradido.net\/pl\/gradido-community-voraussichtlich-im-maerz\/\" >\n\t\t\t\tZintegrowana platforma wsp\u00f3\u0142pracy spodziewana w maju\t\t\t<\/a>\n\t\t<\/h3>\n\t\t\t\t<div class=\"elementor-post__excerpt\">\n\t\t\t<p>Planujemy uruchomi\u0107 nasz\u0105 now\u0105 platform\u0119 wsp\u00f3\u0142pracy w maju 2024 roku. Jest ona zintegrowana z kontem Gradido. Po fazie testowej w Akademii Gradido, stanie si\u0119 ona sta\u0142ym elementem wszystkich zdecentralizowanych serwer\u00f3w Gradido.<\/p>\n\t\t<\/div>\n\t\t\n\t\t<a class=\"elementor-post__read-more\" href=\"https:\/\/gradido.net\/pl\/gradido-community-voraussichtlich-im-maerz\/\" aria-label=\"Czytaj wi\u0119cej o Zintegrowana platforma wsp\u00f3\u0142pracy spodziewana w maju\" tabindex=\"-1\" >\n\t\t\tPrzeczytaj wi\u0119cej\t\t<\/a>\n\n\t\t\t\t<\/div>\n\t\t\t\t<div class=\"elementor-post__meta-data\">\n\t\t\t\t\t<span class=\"elementor-post-date\">\n\t\t\t26. stycznia 2024 r.\t\t<\/span>\n\t\t\t\t<\/div>\n\t\t\t\t\t<\/div>\n\t\t<\/article>\n\t\t\t\t<article class=\"elementor-post elementor-grid-item post-8362 post type-post status-publish format-standard has-post-thumbnail hentry category-blog category-community\" role=\"listitem\">\n\t\t\t<div class=\"elementor-post__card\">\n\t\t\t\t<a class=\"elementor-post__thumbnail__link\" href=\"https:\/\/gradido.net\/pl\/gradido-kreise-gemeinsam-mit-freunden-die-zukunft-gestalten\/\" tabindex=\"-1\" ><div class=\"elementor-post__thumbnail\"><img loading=\"lazy\" decoding=\"async\" width=\"800\" height=\"450\" src=\"https:\/\/gradido.net\/wp-content\/uploads\/2023\/12\/Freundeskreis-1024x576.jpg\" class=\"attachment-large size-large wp-image-8364\" alt=\"\" srcset=\"https:\/\/gradido.net\/wp-content\/uploads\/2023\/12\/Freundeskreis-1024x576.jpg 1024w, https:\/\/gradido.net\/wp-content\/uploads\/2023\/12\/Freundeskreis-300x169.jpg 300w, https:\/\/gradido.net\/wp-content\/uploads\/2023\/12\/Freundeskreis-768x432.jpg 768w, https:\/\/gradido.net\/wp-content\/uploads\/2023\/12\/Freundeskreis-1536x864.jpg 1536w, https:\/\/gradido.net\/wp-content\/uploads\/2023\/12\/Freundeskreis-18x10.jpg 18w, https:\/\/gradido.net\/wp-content\/uploads\/2023\/12\/Freundeskreis.jpg 1920w\" sizes=\"(max-width: 800px) 100vw, 800px\" \/><\/div><\/a>\n\t\t\t\t<div class=\"elementor-post__text\">\n\t\t\t\t<h3 class=\"elementor-post__title\">\n\t\t\t<a href=\"https:\/\/gradido.net\/pl\/gradido-kreise-gemeinsam-mit-freunden-die-zukunft-gestalten\/\" >\n\t\t\t\tKr\u0119gi Gradido - Kszta\u0142towanie przysz\u0142o\u015bci razem z przyjaci\u00f3\u0142mi\t\t\t<\/a>\n\t\t<\/h3>\n\t\t\t\t<div class=\"elementor-post__excerpt\">\n\t\t\t<p>Nie ma znaczenia, czy nale\u017cysz ju\u017c do grupy, czy te\u017c znalaz\u0142e\u015b si\u0119 za po\u015brednictwem Gradido - je\u015bli chcesz korzysta\u0107 z Gradido razem, nie potrzebujesz w\u0142asnego serwera Gradido.<\/p>\n\t\t<\/div>\n\t\t\n\t\t<a class=\"elementor-post__read-more\" href=\"https:\/\/gradido.net\/pl\/gradido-kreise-gemeinsam-mit-freunden-die-zukunft-gestalten\/\" aria-label=\"Czytaj wi\u0119cej o Gradido Circles - Kszta\u0142towanie przysz\u0142o\u015bci razem z przyjaci\u00f3\u0142mi\" tabindex=\"-1\" >\n\t\t\tPrzeczytaj wi\u0119cej\t\t<\/a>\n\n\t\t\t\t<\/div>\n\t\t\t\t<div class=\"elementor-post__meta-data\">\n\t\t\t\t\t<span class=\"elementor-post-date\">\n\t\t\t14. grudnia 2023 r.\t\t<\/span>\n\t\t\t\t<\/div>\n\t\t\t\t\t<\/div>\n\t\t<\/article>\n\t\t\t\t<article class=\"elementor-post elementor-grid-item post-8075 post type-post status-publish format-standard has-post-thumbnail hentry category-blog category-gradido-konto\" role=\"listitem\">\n\t\t\t<div class=\"elementor-post__card\">\n\t\t\t\t<a class=\"elementor-post__thumbnail__link\" href=\"https:\/\/gradido.net\/pl\/gradido-2-0-dezentrale-gradido-server\/\" tabindex=\"-1\" ><div class=\"elementor-post__thumbnail\"><img loading=\"lazy\" decoding=\"async\" width=\"800\" height=\"500\" src=\"https:\/\/gradido.net\/wp-content\/uploads\/2023\/11\/Dezentrale_Server_1920-1024x640.jpg\" class=\"attachment-large size-large wp-image-8076\" alt=\"\" srcset=\"https:\/\/gradido.net\/wp-content\/uploads\/2023\/11\/Dezentrale_Server_1920-1024x640.jpg 1024w, https:\/\/gradido.net\/wp-content\/uploads\/2023\/11\/Dezentrale_Server_1920-300x188.jpg 300w, https:\/\/gradido.net\/wp-content\/uploads\/2023\/11\/Dezentrale_Server_1920-768x480.jpg 768w, https:\/\/gradido.net\/wp-content\/uploads\/2023\/11\/Dezentrale_Server_1920-1536x960.jpg 1536w, https:\/\/gradido.net\/wp-content\/uploads\/2023\/11\/Dezentrale_Server_1920-18x12.jpg 18w, https:\/\/gradido.net\/wp-content\/uploads\/2023\/11\/Dezentrale_Server_1920.jpg 1920w\" sizes=\"(max-width: 800px) 100vw, 800px\" \/><\/div><\/a>\n\t\t\t\t<div class=\"elementor-post__text\">\n\t\t\t\t<h3 class=\"elementor-post__title\">\n\t\t\t<a href=\"https:\/\/gradido.net\/pl\/gradido-2-0-dezentrale-gradido-server\/\" >\n\t\t\t\tGradido 2.0 - Zdecentralizowany serwer Gradido\t\t\t<\/a>\n\t\t<\/h3>\n\t\t\t\t<div class=\"elementor-post__excerpt\">\n\t\t\t<p>Gradido staje si\u0119 zdecentralizowane! Dzi\u0119ki Gradido 2.0 mo\u017cemy teraz spe\u0142ni\u0107 \u017cyczenie wielu uczestnik\u00f3w, aby autonomicznie organizowa\u0107 swoj\u0105 spo\u0142eczno\u015b\u0107. To przybli\u017ca nas o du\u017cy krok do marzenia o ludzkim, zdecentralizowanym systemie wynagrodze\u0144.<\/p>\n\t\t<\/div>\n\t\t\n\t\t<a class=\"elementor-post__read-more\" href=\"https:\/\/gradido.net\/pl\/gradido-2-0-dezentrale-gradido-server\/\" aria-label=\"Czytaj wi\u0119cej o Gradido 2.0 - Zdecentralizowany serwer Gradido\" tabindex=\"-1\" >\n\t\t\tPrzeczytaj wi\u0119cej\t\t<\/a>\n\n\t\t\t\t<\/div>\n\t\t\t\t<div class=\"elementor-post__meta-data\">\n\t\t\t\t\t<span class=\"elementor-post-date\">\n\t\t\t1. listopada 2023 r.\t\t<\/span>\n\t\t\t\t<\/div>\n\t\t\t\t\t<\/div>\n\t\t<\/article>\n\t\t\t\t<article class=\"elementor-post elementor-grid-item post-7720 post type-post status-publish format-standard has-post-thumbnail hentry category-blog category-lieblingsstadt\" role=\"listitem\">\n\t\t\t<div class=\"elementor-post__card\">\n\t\t\t\t<a class=\"elementor-post__thumbnail__link\" href=\"https:\/\/gradido.net\/pl\/lieblingsstadt-14-trotz-lehrermangel-schueler-werden-zu-genies\/\" tabindex=\"-1\" ><div class=\"elementor-post__thumbnail\"><img loading=\"lazy\" decoding=\"async\" width=\"800\" height=\"500\" src=\"https:\/\/gradido.net\/wp-content\/uploads\/2023\/09\/Genie_1920-1024x640.jpg\" class=\"attachment-large size-large wp-image-7721\" alt=\"\" srcset=\"https:\/\/gradido.net\/wp-content\/uploads\/2023\/09\/Genie_1920-1024x640.jpg 1024w, https:\/\/gradido.net\/wp-content\/uploads\/2023\/09\/Genie_1920-300x188.jpg 300w, https:\/\/gradido.net\/wp-content\/uploads\/2023\/09\/Genie_1920-768x480.jpg 768w, https:\/\/gradido.net\/wp-content\/uploads\/2023\/09\/Genie_1920-1536x960.jpg 1536w, https:\/\/gradido.net\/wp-content\/uploads\/2023\/09\/Genie_1920-18x12.jpg 18w, https:\/\/gradido.net\/wp-content\/uploads\/2023\/09\/Genie_1920.jpg 1920w\" sizes=\"(max-width: 800px) 100vw, 800px\" \/><\/div><\/a>\n\t\t\t\t<div class=\"elementor-post__text\">\n\t\t\t\t<h3 class=\"elementor-post__title\">\n\t\t\t<a href=\"https:\/\/gradido.net\/pl\/lieblingsstadt-14-trotz-lehrermangel-schueler-werden-zu-genies\/\" >\n\t\t\t\tUlubione miasto 14 - Pomimo braku nauczycieli: uczniowie staj\u0105 si\u0119 geniuszami\t\t\t<\/a>\n\t\t<\/h3>\n\t\t\t\t<div class=\"elementor-post__excerpt\">\n\t\t\t<p>W Niemczech brakuje nauczycieli. Wed\u0142ug badania PISA jedna czwarta uczni\u00f3w nie potrafi poprawnie czyta\u0107, pisa\u0107 i liczy\u0107. Jest to r\u00f3wnie\u017c zauwa\u017calne w Lieblingsstadt. Dla Michaela Miteinanda, zaanga\u017cowanego burmistrza miasta, jest to niedopuszczalny stan rzeczy. Ulubieni mieszka\u0144cy miasta znajduj\u0105 rozwi\u0105zanie.<\/p>\n\t\t<\/div>\n\t\t\n\t\t<a class=\"elementor-post__read-more\" href=\"https:\/\/gradido.net\/pl\/lieblingsstadt-14-trotz-lehrermangel-schueler-werden-zu-genies\/\" aria-label=\"Czytaj wi\u0119cej o Ulubione miasto 14 - Pomimo braku nauczycieli: uczniowie staj\u0105 si\u0119 geniuszami\" tabindex=\"-1\" >\n\t\t\tPrzeczytaj wi\u0119cej\t\t<\/a>\n\n\t\t\t\t<\/div>\n\t\t\t\t<div class=\"elementor-post__meta-data\">\n\t\t\t\t\t<span class=\"elementor-post-date\">\n\t\t\t27. wrze\u015bnia 2023 r.\t\t<\/span>\n\t\t\t\t<\/div>\n\t\t\t\t\t<\/div>\n\t\t<\/article>\n\t\t\t\t<article class=\"elementor-post elementor-grid-item post-7693 post type-post status-publish format-standard has-post-thumbnail hentry category-blog category-lieblingsstadt\" role=\"listitem\">\n\t\t\t<div class=\"elementor-post__card\">\n\t\t\t\t<a class=\"elementor-post__thumbnail__link\" href=\"https:\/\/gradido.net\/pl\/lieblingsstadt-13-mit-freunden-unterwegs-der-ehrenamtliche-fahrdienst-lieblingsstaedter-kutscher\/\" tabindex=\"-1\" ><div class=\"elementor-post__thumbnail\"><img loading=\"lazy\" decoding=\"async\" width=\"800\" height=\"534\" src=\"https:\/\/gradido.net\/wp-content\/uploads\/2023\/09\/Kutscherin_1800-1024x683.jpg\" class=\"attachment-large size-large wp-image-7694\" alt=\"\" srcset=\"https:\/\/gradido.net\/wp-content\/uploads\/2023\/09\/Kutscherin_1800-1024x683.jpg 1024w, https:\/\/gradido.net\/wp-content\/uploads\/2023\/09\/Kutscherin_1800-300x200.jpg 300w, https:\/\/gradido.net\/wp-content\/uploads\/2023\/09\/Kutscherin_1800-768x512.jpg 768w, https:\/\/gradido.net\/wp-content\/uploads\/2023\/09\/Kutscherin_1800-1536x1024.jpg 1536w, https:\/\/gradido.net\/wp-content\/uploads\/2023\/09\/Kutscherin_1800-18x12.jpg 18w, https:\/\/gradido.net\/wp-content\/uploads\/2023\/09\/Kutscherin_1800.jpg 1800w\" sizes=\"(max-width: 800px) 100vw, 800px\" \/><\/div><\/a>\n\t\t\t\t<div class=\"elementor-post__text\">\n\t\t\t\t<h3 class=\"elementor-post__title\">\n\t\t\t<a href=\"https:\/\/gradido.net\/pl\/lieblingsstadt-13-mit-freunden-unterwegs-der-ehrenamtliche-fahrdienst-lieblingsstaedter-kutscher\/\" >\n\t\t\t\tUlubione miasto 13 - W drodze z przyjaci\u00f3\u0142mi: wolontariat \"Lieblingsst\u00e4dter Kutscher\" (Ulubieni kierowcy miejscy)\t\t\t<\/a>\n\t\t<\/h3>\n\t\t\t\t<div class=\"elementor-post__excerpt\">\n\t\t\t<p>Wolontariusze wo\u017c\u0105 ludzi po mie\u015bcie i okolicznych wioskach. Wo\u017c\u0105 osoby starsze do lekarza, odbieraj\u0105 dzieci ze szko\u0142y i bezpiecznie dowo\u017c\u0105 osoby pracuj\u0105ce do pracy. Organizuj\u0105 zakupy i wiele wi\u0119cej.<\/p>\n\t\t<\/div>\n\t\t\n\t\t<a class=\"elementor-post__read-more\" href=\"https:\/\/gradido.net\/pl\/lieblingsstadt-13-mit-freunden-unterwegs-der-ehrenamtliche-fahrdienst-lieblingsstaedter-kutscher\/\" aria-label=\"Czytaj wi\u0119cej o Lieblingsstadt 13 - W drodze z przyjaci\u00f3\u0142mi: wolontariat kierowc\u00f3w &quot;Lieblingsst\u00e4dter Kutscher\" tabindex=\"-1\" >\n\t\t\tPrzeczytaj wi\u0119cej\t\t<\/a>\n\n\t\t\t\t<\/div>\n\t\t\t\t<div class=\"elementor-post__meta-data\">\n\t\t\t\t\t<span class=\"elementor-post-date\">\n\t\t\t25. wrze\u015bnia 2023 r.\t\t<\/span>\n\t\t\t\t<\/div>\n\t\t\t\t\t<\/div>\n\t\t<\/article>\n\t\t\t\t<article class=\"elementor-post elementor-grid-item post-7677 post type-post status-publish format-standard has-post-thumbnail hentry category-blog category-lieblingsstadt\" role=\"listitem\">\n\t\t\t<div class=\"elementor-post__card\">\n\t\t\t\t<a class=\"elementor-post__thumbnail__link\" href=\"https:\/\/gradido.net\/pl\/lieblingsstadt-12-aus-nachbarn-werden-partner-autarkie-durch-solidarische-landwirtschaft\/\" tabindex=\"-1\" ><div class=\"elementor-post__thumbnail\"><img loading=\"lazy\" decoding=\"async\" width=\"800\" height=\"450\" src=\"https:\/\/gradido.net\/wp-content\/uploads\/2023\/09\/Handreichung_1920-1024x576.jpg\" class=\"attachment-large size-large wp-image-7679\" alt=\"\" srcset=\"https:\/\/gradido.net\/wp-content\/uploads\/2023\/09\/Handreichung_1920-1024x576.jpg 1024w, https:\/\/gradido.net\/wp-content\/uploads\/2023\/09\/Handreichung_1920-300x169.jpg 300w, https:\/\/gradido.net\/wp-content\/uploads\/2023\/09\/Handreichung_1920-768x432.jpg 768w, https:\/\/gradido.net\/wp-content\/uploads\/2023\/09\/Handreichung_1920-1536x864.jpg 1536w, https:\/\/gradido.net\/wp-content\/uploads\/2023\/09\/Handreichung_1920-18x10.jpg 18w, https:\/\/gradido.net\/wp-content\/uploads\/2023\/09\/Handreichung_1920.jpg 1920w\" sizes=\"(max-width: 800px) 100vw, 800px\" \/><\/div><\/a>\n\t\t\t\t<div class=\"elementor-post__text\">\n\t\t\t\t<h3 class=\"elementor-post__title\">\n\t\t\t<a href=\"https:\/\/gradido.net\/pl\/lieblingsstadt-12-aus-nachbarn-werden-partner-autarkie-durch-solidarische-landwirtschaft\/\" >\n\t\t\t\tUlubione miasto 12 - S\u0105siedzi staj\u0105 si\u0119 partnerami: samowystarczalno\u015b\u0107 dzi\u0119ki rolnictwu solidarno\u015bciowemu\t\t\t<\/a>\n\t\t<\/h3>\n\t\t\t\t<div class=\"elementor-post__excerpt\">\n\t\t\t<p>Wielki wsp\u00f3lny cel, jakim jest osi\u0105gni\u0119cie samowystarczalno\u015bci \u017cywno\u015bciowej, inspiruje mieszka\u0144c\u00f3w Lieblingsstadt. Po raz kolejny pokazuje to, \u017ce podej\u015bcie oparte na wsp\u00f3\u0142pracy znacznie przewy\u017csza my\u015blenie konkurencyjne. <\/p>\n\t\t<\/div>\n\t\t\n\t\t<a class=\"elementor-post__read-more\" href=\"https:\/\/gradido.net\/pl\/lieblingsstadt-12-aus-nachbarn-werden-partner-autarkie-durch-solidarische-landwirtschaft\/\" aria-label=\"Czytaj wi\u0119cej o Lieblingsstadt 12 - S\u0105siedzi staj\u0105 si\u0119 partnerami: samowystarczalno\u015b\u0107 dzi\u0119ki rolnictwu solidarno\u015bciowemu\" tabindex=\"-1\" >\n\t\t\tPrzeczytaj wi\u0119cej\t\t<\/a>\n\n\t\t\t\t<\/div>\n\t\t\t\t<div class=\"elementor-post__meta-data\">\n\t\t\t\t\t<span class=\"elementor-post-date\">\n\t\t\t21. wrze\u015bnia 2023 r.\t\t<\/span>\n\t\t\t\t<\/div>\n\t\t\t\t\t<\/div>\n\t\t<\/article>\n\t\t\t\t<article class=\"elementor-post elementor-grid-item post-7565 post type-post status-publish format-standard has-post-thumbnail hentry category-blog category-lieblingsstadt tag-grosse-kooperation\" role=\"listitem\">\n\t\t\t<div class=\"elementor-post__card\">\n\t\t\t\t<a class=\"elementor-post__thumbnail__link\" href=\"https:\/\/gradido.net\/pl\/lieblingsstadt-11-grosse-kooperation-fuer-autarkie\/\" tabindex=\"-1\" ><div class=\"elementor-post__thumbnail\"><img loading=\"lazy\" decoding=\"async\" width=\"800\" height=\"500\" src=\"https:\/\/gradido.net\/wp-content\/uploads\/2023\/09\/Dachgarten_1920_2-1024x640.jpg\" class=\"attachment-large size-large wp-image-7568\" alt=\"\" srcset=\"https:\/\/gradido.net\/wp-content\/uploads\/2023\/09\/Dachgarten_1920_2-1024x640.jpg 1024w, https:\/\/gradido.net\/wp-content\/uploads\/2023\/09\/Dachgarten_1920_2-300x188.jpg 300w, https:\/\/gradido.net\/wp-content\/uploads\/2023\/09\/Dachgarten_1920_2-768x480.jpg 768w, https:\/\/gradido.net\/wp-content\/uploads\/2023\/09\/Dachgarten_1920_2-1536x960.jpg 1536w, https:\/\/gradido.net\/wp-content\/uploads\/2023\/09\/Dachgarten_1920_2-18x12.jpg 18w, https:\/\/gradido.net\/wp-content\/uploads\/2023\/09\/Dachgarten_1920_2.jpg 1920w\" sizes=\"(max-width: 800px) 100vw, 800px\" \/><\/div><\/a>\n\t\t\t\t<div class=\"elementor-post__text\">\n\t\t\t\t<h3 class=\"elementor-post__title\">\n\t\t\t<a href=\"https:\/\/gradido.net\/pl\/lieblingsstadt-11-grosse-kooperation-fuer-autarkie\/\" >\n\t\t\t\tUlubione miasto 11 - \u015awietna wsp\u00f3\u0142praca na rzecz samowystarczalno\u015bci\t\t\t<\/a>\n\t\t<\/h3>\n\t\t\t\t<div class=\"elementor-post__excerpt\">\n\t\t\t<p>Zainspirowane Andernach, \"Jadalnym Miastem\" i innymi udanymi przyk\u0142adami rolnictwa miejskiego, Lieblingsstadt d\u0105\u017cy do samowystarczalno\u015bci \u017cywno\u015bciowej.<\/p>\n\t\t<\/div>\n\t\t\n\t\t<a class=\"elementor-post__read-more\" href=\"https:\/\/gradido.net\/pl\/lieblingsstadt-11-grosse-kooperation-fuer-autarkie\/\" aria-label=\"Czytaj wi\u0119cej o Ulubione miasto 11 - Du\u017ca wsp\u00f3\u0142praca na rzecz samowystarczalno\u015bci\" tabindex=\"-1\" >\n\t\t\tPrzeczytaj wi\u0119cej\t\t<\/a>\n\n\t\t\t\t<\/div>\n\t\t\t\t<div class=\"elementor-post__meta-data\">\n\t\t\t\t\t<span class=\"elementor-post-date\">\n\t\t\t9. wrze\u015bnia 2023 r.\t\t<\/span>\n\t\t\t\t<\/div>\n\t\t\t\t\t<\/div>\n\t\t<\/article>\n\t\t\t\t<article class=\"elementor-post elementor-grid-item post-7478 post type-post status-publish format-standard has-post-thumbnail hentry category-blog category-lieblingsstadt tag-bild-oben\" role=\"listitem\">\n\t\t\t<div class=\"elementor-post__card\">\n\t\t\t\t<a class=\"elementor-post__thumbnail__link\" href=\"https:\/\/gradido.net\/pl\/lieblingsstadt-10-die-stadt-wird-wieder-sicher\/\" tabindex=\"-1\" ><div class=\"elementor-post__thumbnail\"><img loading=\"lazy\" decoding=\"async\" width=\"800\" height=\"500\" src=\"https:\/\/gradido.net\/wp-content\/uploads\/2023\/09\/Jungens_1920-1024x640.jpg\" class=\"attachment-large size-large wp-image-7517\" alt=\"\" srcset=\"https:\/\/gradido.net\/wp-content\/uploads\/2023\/09\/Jungens_1920-1024x640.jpg 1024w, https:\/\/gradido.net\/wp-content\/uploads\/2023\/09\/Jungens_1920-300x188.jpg 300w, https:\/\/gradido.net\/wp-content\/uploads\/2023\/09\/Jungens_1920-768x480.jpg 768w, https:\/\/gradido.net\/wp-content\/uploads\/2023\/09\/Jungens_1920-1536x960.jpg 1536w, https:\/\/gradido.net\/wp-content\/uploads\/2023\/09\/Jungens_1920-18x12.jpg 18w, https:\/\/gradido.net\/wp-content\/uploads\/2023\/09\/Jungens_1920.jpg 1920w\" sizes=\"(max-width: 800px) 100vw, 800px\" \/><\/div><\/a>\n\t\t\t\t<div class=\"elementor-post__text\">\n\t\t\t\t<h3 class=\"elementor-post__title\">\n\t\t\t<a href=\"https:\/\/gradido.net\/pl\/lieblingsstadt-10-die-stadt-wird-wieder-sicher\/\" >\n\t\t\t\tUlubione miasto 10 - Miasto zn\u00f3w staje si\u0119 bezpieczne\t\t\t<\/a>\n\t\t<\/h3>\n\t\t\t\t<div class=\"elementor-post__excerpt\">\n\t\t\t<p>Zach\u0119cony sukcesem \"Wielkiej Wsp\u00f3\u0142pracy Klub\u00f3w\" burmistrz Michael Miteinand proponuje \"Wielk\u0105 Wsp\u00f3\u0142prac\u0119 dla Bezpiecze\u0144stwa\". Policja, firmy ochroniarskie, kluby sportowe, studia fitness, kluby motocyklowe i zainteresowani obywatele spotykaj\u0105 si\u0119 razem.<\/p>\n\t\t<\/div>\n\t\t\n\t\t<a class=\"elementor-post__read-more\" href=\"https:\/\/gradido.net\/pl\/lieblingsstadt-10-die-stadt-wird-wieder-sicher\/\" aria-label=\"Czytaj wi\u0119cej o Ulubione miasto 10 - Miasto zn\u00f3w jest bezpieczne\" tabindex=\"-1\" >\n\t\t\tPrzeczytaj wi\u0119cej\t\t<\/a>\n\n\t\t\t\t<\/div>\n\t\t\t\t<div class=\"elementor-post__meta-data\">\n\t\t\t\t\t<span class=\"elementor-post-date\">\n\t\t\t3. wrze\u015bnia 2023 r.\t\t<\/span>\n\t\t\t\t<\/div>\n\t\t\t\t\t<\/div>\n\t\t<\/article>\n\t\t\t\t<article class=\"elementor-post elementor-grid-item post-7440 post type-post status-publish format-standard has-post-thumbnail hentry category-blog category-lieblingsstadt tag-bild-oben\" role=\"listitem\">\n\t\t\t<div class=\"elementor-post__card\">\n\t\t\t\t<a class=\"elementor-post__thumbnail__link\" href=\"https:\/\/gradido.net\/pl\/lieblingsstadt-9-vereine-kooperieren-engel-athleten-und-musikanten\/\" tabindex=\"-1\" ><div class=\"elementor-post__thumbnail\"><img loading=\"lazy\" decoding=\"async\" width=\"800\" height=\"500\" src=\"https:\/\/gradido.net\/wp-content\/uploads\/2023\/09\/Rettungsdienst_Frau_1920-1024x640.jpg\" class=\"attachment-large size-large wp-image-7443\" alt=\"\" srcset=\"https:\/\/gradido.net\/wp-content\/uploads\/2023\/09\/Rettungsdienst_Frau_1920-1024x640.jpg 1024w, https:\/\/gradido.net\/wp-content\/uploads\/2023\/09\/Rettungsdienst_Frau_1920-300x188.jpg 300w, https:\/\/gradido.net\/wp-content\/uploads\/2023\/09\/Rettungsdienst_Frau_1920-768x480.jpg 768w, https:\/\/gradido.net\/wp-content\/uploads\/2023\/09\/Rettungsdienst_Frau_1920-1536x960.jpg 1536w, https:\/\/gradido.net\/wp-content\/uploads\/2023\/09\/Rettungsdienst_Frau_1920-18x12.jpg 18w, https:\/\/gradido.net\/wp-content\/uploads\/2023\/09\/Rettungsdienst_Frau_1920.jpg 1920w\" sizes=\"(max-width: 800px) 100vw, 800px\" \/><\/div><\/a>\n\t\t\t\t<div class=\"elementor-post__text\">\n\t\t\t\t<h3 class=\"elementor-post__title\">\n\t\t\t<a href=\"https:\/\/gradido.net\/pl\/lieblingsstadt-9-vereine-kooperieren-engel-athleten-und-musikanten\/\" >\n\t\t\t\tUlubione miasto 9 - Kluby wsp\u00f3\u0142pracuj\u0105: Anio\u0142y, sportowcy i muzycy\t\t\t<\/a>\n\t\t<\/h3>\n\t\t\t\t<div class=\"elementor-post__excerpt\">\n\t\t\t<p>Rozpoczyna si\u0119 projekt \"Wielka Wsp\u00f3\u0142praca\". Obejmuje on wsp\u00f3lne korzystanie z pomieszcze\u0144 i sprz\u0119tu, a tak\u017ce interdyscyplinarne szkolenia i o\u017cywion\u0105 wymian\u0119 mi\u0119dzy wolontariuszami.<\/p>\n\t\t<\/div>\n\t\t\n\t\t<a class=\"elementor-post__read-more\" href=\"https:\/\/gradido.net\/pl\/lieblingsstadt-9-vereine-kooperieren-engel-athleten-und-musikanten\/\" aria-label=\"Czytaj wi\u0119cej o Ulubione miasto 9 - Kluby wsp\u00f3\u0142pracuj\u0105: Anio\u0142y, sportowcy i muzycy\" tabindex=\"-1\" >\n\t\t\tPrzeczytaj wi\u0119cej\t\t<\/a>\n\n\t\t\t\t<\/div>\n\t\t\t\t<div class=\"elementor-post__meta-data\">\n\t\t\t\t\t<span class=\"elementor-post-date\">\n\t\t\t31. sierpnia 2023 r.\t\t<\/span>\n\t\t\t\t<\/div>\n\t\t\t\t\t<\/div>\n\t\t<\/article>\n\t\t\t\t<article class=\"elementor-post elementor-grid-item post-7396 post type-post status-publish format-standard has-post-thumbnail hentry category-blog category-lieblingsstadt\" role=\"listitem\">\n\t\t\t<div class=\"elementor-post__card\">\n\t\t\t\t<a class=\"elementor-post__thumbnail__link\" href=\"https:\/\/gradido.net\/pl\/lieblingsstadt-8-rettung-des-staedtischen-krankenhauses\/\" tabindex=\"-1\" ><div class=\"elementor-post__thumbnail\"><img loading=\"lazy\" decoding=\"async\" width=\"800\" height=\"541\" src=\"https:\/\/gradido.net\/wp-content\/uploads\/2023\/08\/Klinik_1920-1024x693.jpg\" class=\"attachment-large size-large wp-image-7398\" alt=\"\" srcset=\"https:\/\/gradido.net\/wp-content\/uploads\/2023\/08\/Klinik_1920-1024x693.jpg 1024w, https:\/\/gradido.net\/wp-content\/uploads\/2023\/08\/Klinik_1920-300x203.jpg 300w, https:\/\/gradido.net\/wp-content\/uploads\/2023\/08\/Klinik_1920-768x520.jpg 768w, https:\/\/gradido.net\/wp-content\/uploads\/2023\/08\/Klinik_1920-1536x1040.jpg 1536w, https:\/\/gradido.net\/wp-content\/uploads\/2023\/08\/Klinik_1920-18x12.jpg 18w, https:\/\/gradido.net\/wp-content\/uploads\/2023\/08\/Klinik_1920.jpg 1920w\" sizes=\"(max-width: 800px) 100vw, 800px\" \/><\/div><\/a>\n\t\t\t\t<div class=\"elementor-post__text\">\n\t\t\t\t<h3 class=\"elementor-post__title\">\n\t\t\t<a href=\"https:\/\/gradido.net\/pl\/lieblingsstadt-8-rettung-des-staedtischen-krankenhauses\/\" >\n\t\t\t\tUlubione miasto 8 - Ratowanie szpitala miejskiego\t\t\t<\/a>\n\t\t<\/h3>\n\t\t\t\t<div class=\"elementor-post__excerpt\">\n\t\t\t<p>Klinika w Lieblingstadt nie tylko zapewnia\u0142a opiek\u0119 medyczn\u0105 mieszka\u0144com, ale by\u0142a r\u00f3wnie\u017c wa\u017cnym pracodawc\u0105. Wysokie koszty personelu i drogi sprz\u0119t medyczny doprowadzi\u0142y do tego, \u017ce operator kliniki musia\u0142 og\u0142osi\u0107 upad\u0142o\u015b\u0107. Mieszka\u0144cy Lieblingstadt znale\u017ali jednak rozwi\u0105zanie.<\/p>\n\t\t<\/div>\n\t\t\n\t\t<a class=\"elementor-post__read-more\" href=\"https:\/\/gradido.net\/pl\/lieblingsstadt-8-rettung-des-staedtischen-krankenhauses\/\" aria-label=\"Czytaj wi\u0119cej o Ulubione miasto 8 - Ratowanie szpitala miejskiego\" tabindex=\"-1\" >\n\t\t\tPrzeczytaj wi\u0119cej\t\t<\/a>\n\n\t\t\t\t<\/div>\n\t\t\t\t<div class=\"elementor-post__meta-data\">\n\t\t\t\t\t<span class=\"elementor-post-date\">\n\t\t\t28. sierpnia 2023 r.\t\t<\/span>\n\t\t\t\t<\/div>\n\t\t\t\t\t<\/div>\n\t\t<\/article>\n\t\t\t\t<article class=\"elementor-post elementor-grid-item post-7351 post type-post status-publish format-standard has-post-thumbnail hentry category-blog category-lieblingsstadt\" role=\"listitem\">\n\t\t\t<div class=\"elementor-post__card\">\n\t\t\t\t<a class=\"elementor-post__thumbnail__link\" href=\"https:\/\/gradido.net\/pl\/lieblingsstadt-7-gradido-modell-bewahrt-traditionsreiche-brauerei-vor-uebernahme\/\" tabindex=\"-1\" ><div class=\"elementor-post__thumbnail\"><img loading=\"lazy\" decoding=\"async\" width=\"800\" height=\"500\" src=\"https:\/\/gradido.net\/wp-content\/uploads\/2023\/08\/Brauerei_1920-1024x640.jpg\" class=\"attachment-large size-large wp-image-7353\" alt=\"\" srcset=\"https:\/\/gradido.net\/wp-content\/uploads\/2023\/08\/Brauerei_1920-1024x640.jpg 1024w, https:\/\/gradido.net\/wp-content\/uploads\/2023\/08\/Brauerei_1920-300x188.jpg 300w, https:\/\/gradido.net\/wp-content\/uploads\/2023\/08\/Brauerei_1920-768x480.jpg 768w, https:\/\/gradido.net\/wp-content\/uploads\/2023\/08\/Brauerei_1920-1536x960.jpg 1536w, https:\/\/gradido.net\/wp-content\/uploads\/2023\/08\/Brauerei_1920-18x12.jpg 18w, https:\/\/gradido.net\/wp-content\/uploads\/2023\/08\/Brauerei_1920.jpg 1920w\" sizes=\"(max-width: 800px) 100vw, 800px\" \/><\/div><\/a>\n\t\t\t\t<div class=\"elementor-post__text\">\n\t\t\t\t<h3 class=\"elementor-post__title\">\n\t\t\t<a href=\"https:\/\/gradido.net\/pl\/lieblingsstadt-7-gradido-modell-bewahrt-traditionsreiche-brauerei-vor-uebernahme\/\" >\n\t\t\t\tUlubione miasto 7 - Model Gradido ratuje tradycyjny browar przed przej\u0119ciem\t\t\t<\/a>\n\t\t<\/h3>\n\t\t\t\t<div class=\"elementor-post__excerpt\">\n\t\t\t<p>Odwaga i duch przedsi\u0119biorczo\u015bci ulubionych mieszka\u0144c\u00f3w miasta po raz kolejny pokazuj\u0105, \u017ce poczucie wsp\u00f3lnoty i lokalnej to\u017csamo\u015bci w po\u0142\u0105czeniu z modelem Gradido mo\u017ce osi\u0105gn\u0105\u0107 pozornie niemo\u017cliwe, zw\u0142aszcza w trudnych czasach.<\/p>\n\t\t<\/div>\n\t\t\n\t\t<a class=\"elementor-post__read-more\" href=\"https:\/\/gradido.net\/pl\/lieblingsstadt-7-gradido-modell-bewahrt-traditionsreiche-brauerei-vor-uebernahme\/\" aria-label=\"Czytaj wi\u0119cej o Lieblingsstadt 7 - Model Gradido ratuje tradycyjny browar przed przej\u0119ciem\" tabindex=\"-1\" >\n\t\t\tPrzeczytaj wi\u0119cej\t\t<\/a>\n\n\t\t\t\t<\/div>\n\t\t\t\t<div class=\"elementor-post__meta-data\">\n\t\t\t\t\t<span class=\"elementor-post-date\">\n\t\t\t26. sierpnia 2023 r.\t\t<\/span>\n\t\t\t\t<\/div>\n\t\t\t\t\t<\/div>\n\t\t<\/article>\n\t\t\t\t<article class=\"elementor-post elementor-grid-item post-7329 post type-post status-publish format-standard has-post-thumbnail hentry category-blog category-lieblingsstadt tag-bild-oben\" role=\"listitem\">\n\t\t\t<div class=\"elementor-post__card\">\n\t\t\t\t<a class=\"elementor-post__thumbnail__link\" href=\"https:\/\/gradido.net\/pl\/lieblingsstadt-6-wie-lieblingsstadts-buerger-ihre-geliebte-schuhmanufaktur-retten\/\" tabindex=\"-1\" ><div class=\"elementor-post__thumbnail\"><img loading=\"lazy\" decoding=\"async\" width=\"800\" height=\"500\" src=\"https:\/\/gradido.net\/wp-content\/uploads\/2023\/08\/Schuharbeiter_1920_2-1024x640.jpg\" class=\"attachment-large size-large wp-image-7332\" alt=\"\" srcset=\"https:\/\/gradido.net\/wp-content\/uploads\/2023\/08\/Schuharbeiter_1920_2-1024x640.jpg 1024w, https:\/\/gradido.net\/wp-content\/uploads\/2023\/08\/Schuharbeiter_1920_2-300x188.jpg 300w, https:\/\/gradido.net\/wp-content\/uploads\/2023\/08\/Schuharbeiter_1920_2-768x480.jpg 768w, https:\/\/gradido.net\/wp-content\/uploads\/2023\/08\/Schuharbeiter_1920_2-1536x960.jpg 1536w, https:\/\/gradido.net\/wp-content\/uploads\/2023\/08\/Schuharbeiter_1920_2-18x12.jpg 18w, https:\/\/gradido.net\/wp-content\/uploads\/2023\/08\/Schuharbeiter_1920_2.jpg 1920w\" sizes=\"(max-width: 800px) 100vw, 800px\" \/><\/div><\/a>\n\t\t\t\t<div class=\"elementor-post__text\">\n\t\t\t\t<h3 class=\"elementor-post__title\">\n\t\t\t<a href=\"https:\/\/gradido.net\/pl\/lieblingsstadt-6-wie-lieblingsstadts-buerger-ihre-geliebte-schuhmanufaktur-retten\/\" >\n\t\t\t\tFavourite City 6 - Jak mieszka\u0144cy Favourite City uratowali swoj\u0105 ukochan\u0105 fabryk\u0119 but\u00f3w?\t\t\t<\/a>\n\t\t<\/h3>\n\t\t\t\t<div class=\"elementor-post__excerpt\">\n\t\t\t<p>Byli pracownicy Lieblingsst\u00e4dter Schuhmanufaktur spotykaj\u0105 si\u0119 - zdeterminowani, by przeciwstawi\u0107 si\u0119 losowi. Postanawiaj\u0105 dobrowolnie kontynuowa\u0107 to, co robi\u0105 najlepiej: produkcj\u0119 wysokiej jako\u015bci but\u00f3w.<\/p>\n\t\t<\/div>\n\t\t\n\t\t<a class=\"elementor-post__read-more\" href=\"https:\/\/gradido.net\/pl\/lieblingsstadt-6-wie-lieblingsstadts-buerger-ihre-geliebte-schuhmanufaktur-retten\/\" aria-label=\"Czytaj wi\u0119cej o Favourite City 6 - Jak mieszka\u0144cy Favourite City ratuj\u0105 swoj\u0105 ukochan\u0105 fabryk\u0119 but\u00f3w?\" tabindex=\"-1\" >\n\t\t\tPrzeczytaj wi\u0119cej\t\t<\/a>\n\n\t\t\t\t<\/div>\n\t\t\t\t<div class=\"elementor-post__meta-data\">\n\t\t\t\t\t<span class=\"elementor-post-date\">\n\t\t\t24. sierpnia 2023 r.\t\t<\/span>\n\t\t\t\t<\/div>\n\t\t\t\t\t<\/div>\n\t\t<\/article>\n\t\t\t\t<article class=\"elementor-post elementor-grid-item post-7278 post type-post status-publish format-standard has-post-thumbnail hentry category-blog category-lieblingsstadt tag-bild-oben\" role=\"listitem\">\n\t\t\t<div class=\"elementor-post__card\">\n\t\t\t\t<a class=\"elementor-post__thumbnail__link\" href=\"https:\/\/gradido.net\/pl\/lieblingsstadt-5-wolfgang-wird-arbeitslos-gemeinsam-finden-sie-eine-geniale-loesung\/\" tabindex=\"-1\" ><div class=\"elementor-post__thumbnail\"><img loading=\"lazy\" decoding=\"async\" width=\"800\" height=\"500\" src=\"https:\/\/gradido.net\/wp-content\/uploads\/2023\/08\/Wolfgang_1920_3-1024x640.jpg\" class=\"attachment-large size-large wp-image-7282\" alt=\"\" srcset=\"https:\/\/gradido.net\/wp-content\/uploads\/2023\/08\/Wolfgang_1920_3-1024x640.jpg 1024w, https:\/\/gradido.net\/wp-content\/uploads\/2023\/08\/Wolfgang_1920_3-300x188.jpg 300w, https:\/\/gradido.net\/wp-content\/uploads\/2023\/08\/Wolfgang_1920_3-768x480.jpg 768w, https:\/\/gradido.net\/wp-content\/uploads\/2023\/08\/Wolfgang_1920_3-1536x960.jpg 1536w, https:\/\/gradido.net\/wp-content\/uploads\/2023\/08\/Wolfgang_1920_3-18x12.jpg 18w, https:\/\/gradido.net\/wp-content\/uploads\/2023\/08\/Wolfgang_1920_3.jpg 1920w\" sizes=\"(max-width: 800px) 100vw, 800px\" \/><\/div><\/a>\n\t\t\t\t<div class=\"elementor-post__text\">\n\t\t\t\t<h3 class=\"elementor-post__title\">\n\t\t\t<a href=\"https:\/\/gradido.net\/pl\/lieblingsstadt-5-wolfgang-wird-arbeitslos-gemeinsam-finden-sie-eine-geniale-loesung\/\" >\n\t\t\t\tUlubione miasto 5 - Wolfgang zostaje bezrobotny - razem znajduj\u0105 genialne rozwi\u0105zanie\t\t\t<\/a>\n\t\t<\/h3>\n\t\t\t\t<div class=\"elementor-post__excerpt\">\n\t\t\t<p>Lieblingsst\u00e4dter Schuhmanufaktur\" nie jest w stanie sprosta\u0107 mi\u0119dzynarodowej konkurencji i musi og\u0142osi\u0107 upad\u0142o\u015b\u0107. Wielu obywateli traci prac\u0119. Wolfgang jest jednym z nich. Wraz z przyjaci\u00f3\u0142mi wpada na genialny pomys\u0142...<\/p>\n\t\t<\/div>\n\t\t\n\t\t<a class=\"elementor-post__read-more\" href=\"https:\/\/gradido.net\/pl\/lieblingsstadt-5-wolfgang-wird-arbeitslos-gemeinsam-finden-sie-eine-geniale-loesung\/\" aria-label=\"Czytaj wi\u0119cej o Ulubione miasto 5 - Wolfgang zostaje bezrobotny - razem znajduj\u0105 pomys\u0142owe rozwi\u0105zanie\" tabindex=\"-1\" >\n\t\t\tPrzeczytaj wi\u0119cej\t\t<\/a>\n\n\t\t\t\t<\/div>\n\t\t\t\t<div class=\"elementor-post__meta-data\">\n\t\t\t\t\t<span class=\"elementor-post-date\">\n\t\t\t22. sierpnia 2023 r.\t\t<\/span>\n\t\t\t\t<\/div>\n\t\t\t\t\t<\/div>\n\t\t<\/article>\n\t\t\t\t<article class=\"elementor-post elementor-grid-item post-7227 post type-post status-publish format-standard has-post-thumbnail hentry category-blog category-lieblingsstadt\" role=\"listitem\">\n\t\t\t<div class=\"elementor-post__card\">\n\t\t\t\t<a class=\"elementor-post__thumbnail__link\" href=\"https:\/\/gradido.net\/pl\/lieblingsstadt-4-gradido-tage-in-der-pizzeria-ehrenamt-trifft-auf-gastronomie\/\" tabindex=\"-1\" ><div class=\"elementor-post__thumbnail\"><img loading=\"lazy\" decoding=\"async\" width=\"800\" height=\"450\" src=\"https:\/\/gradido.net\/wp-content\/uploads\/2023\/08\/Pizzeria_1920-1024x576.jpg\" class=\"attachment-large size-large wp-image-7228\" alt=\"\" srcset=\"https:\/\/gradido.net\/wp-content\/uploads\/2023\/08\/Pizzeria_1920-1024x576.jpg 1024w, https:\/\/gradido.net\/wp-content\/uploads\/2023\/08\/Pizzeria_1920-300x169.jpg 300w, https:\/\/gradido.net\/wp-content\/uploads\/2023\/08\/Pizzeria_1920-768x432.jpg 768w, https:\/\/gradido.net\/wp-content\/uploads\/2023\/08\/Pizzeria_1920-1536x864.jpg 1536w, https:\/\/gradido.net\/wp-content\/uploads\/2023\/08\/Pizzeria_1920-18x10.jpg 18w, https:\/\/gradido.net\/wp-content\/uploads\/2023\/08\/Pizzeria_1920.jpg 1920w\" sizes=\"(max-width: 800px) 100vw, 800px\" \/><\/div><\/a>\n\t\t\t\t<div class=\"elementor-post__text\">\n\t\t\t\t<h3 class=\"elementor-post__title\">\n\t\t\t<a href=\"https:\/\/gradido.net\/pl\/lieblingsstadt-4-gradido-tage-in-der-pizzeria-ehrenamt-trifft-auf-gastronomie\/\" >\n\t\t\t\tUlubione Miasto 4 - Dni Gradido w Pizzerii: Wolontariat \u0142\u0105czy si\u0119 z gastronomi\u0105\t\t\t<\/a>\n\t\t<\/h3>\n\t\t\t\t<div class=\"elementor-post__excerpt\">\n\t\t\t<p>Od czasu wprowadzenia Gradido Days, Pizzeria Napoli kwitnie jak nigdy dot\u0105d. Codziennie jest pe\u0142na i przyci\u0105ga coraz wi\u0119cej go\u015bci z dalszych zak\u0105tk\u00f3w \u015bwiata, kt\u00f3rzy chc\u0105 do\u015bwiadczy\u0107 \"cudu ulubionego miasta\". <\/p>\n\t\t<\/div>\n\t\t\n\t\t<a class=\"elementor-post__read-more\" href=\"https:\/\/gradido.net\/pl\/lieblingsstadt-4-gradido-tage-in-der-pizzeria-ehrenamt-trifft-auf-gastronomie\/\" aria-label=\"Czytaj wi\u0119cej o Lieblingsstadt 4 - Dni Gradido w pizzerii: Wolontariat spotyka si\u0119 z gastronomi\u0105\" tabindex=\"-1\" >\n\t\t\tPrzeczytaj wi\u0119cej\t\t<\/a>\n\n\t\t\t\t<\/div>\n\t\t\t\t<div class=\"elementor-post__meta-data\">\n\t\t\t\t\t<span class=\"elementor-post-date\">\n\t\t\t20. sierpnia 2023 r.\t\t<\/span>\n\t\t\t\t<\/div>\n\t\t\t\t\t<\/div>\n\t\t<\/article>\n\t\t\t\t<article class=\"elementor-post elementor-grid-item post-7157 post type-post status-publish format-standard has-post-thumbnail hentry category-blog category-lieblingsstadt\" role=\"listitem\">\n\t\t\t<div class=\"elementor-post__card\">\n\t\t\t\t<a class=\"elementor-post__thumbnail__link\" href=\"https:\/\/gradido.net\/pl\/lieblingsstadt-3-eine-familie-ein-projekt-und-eine-stadt-voller-moeglichkeiten\/\" tabindex=\"-1\" ><div class=\"elementor-post__thumbnail\"><img loading=\"lazy\" decoding=\"async\" width=\"800\" height=\"500\" src=\"https:\/\/gradido.net\/wp-content\/uploads\/2023\/08\/Familie_Frank_1920-1024x640.jpg\" class=\"attachment-large size-large wp-image-7158\" alt=\"\" srcset=\"https:\/\/gradido.net\/wp-content\/uploads\/2023\/08\/Familie_Frank_1920-1024x640.jpg 1024w, https:\/\/gradido.net\/wp-content\/uploads\/2023\/08\/Familie_Frank_1920-300x188.jpg 300w, https:\/\/gradido.net\/wp-content\/uploads\/2023\/08\/Familie_Frank_1920-768x480.jpg 768w, https:\/\/gradido.net\/wp-content\/uploads\/2023\/08\/Familie_Frank_1920-1536x960.jpg 1536w, https:\/\/gradido.net\/wp-content\/uploads\/2023\/08\/Familie_Frank_1920-18x12.jpg 18w, https:\/\/gradido.net\/wp-content\/uploads\/2023\/08\/Familie_Frank_1920.jpg 1920w\" sizes=\"(max-width: 800px) 100vw, 800px\" \/><\/div><\/a>\n\t\t\t\t<div class=\"elementor-post__text\">\n\t\t\t\t<h3 class=\"elementor-post__title\">\n\t\t\t<a href=\"https:\/\/gradido.net\/pl\/lieblingsstadt-3-eine-familie-ein-projekt-und-eine-stadt-voller-moeglichkeiten\/\" >\n\t\t\t\tUlubione miasto 3 - Rodzina, projekt i miasto pe\u0142ne mo\u017cliwo\u015bci\t\t\t<\/a>\n\t\t<\/h3>\n\t\t\t\t<div class=\"elementor-post__excerpt\">\n\t\t\t<p>Dzi\u0119ki punktom Gradido, Kerstin i Jannik mog\u0105 realizowa\u0107 swoje pasje i zach\u0119ca\u0107 swoje dzieci do rozwijania zainteresowa\u0144. S\u0105 wdzi\u0119czni za t\u0119 now\u0105 perspektyw\u0119, kt\u00f3ra pozwala im \u017cy\u0107 z rado\u015bci\u0105 i spe\u0142nieniem. <\/p>\n\t\t<\/div>\n\t\t\n\t\t<a class=\"elementor-post__read-more\" href=\"https:\/\/gradido.net\/pl\/lieblingsstadt-3-eine-familie-ein-projekt-und-eine-stadt-voller-moeglichkeiten\/\" aria-label=\"Czytaj wi\u0119cej o Ulubione miasto 3 - Rodzina, projekt i miasto pe\u0142ne mo\u017cliwo\u015bci\" tabindex=\"-1\" >\n\t\t\tPrzeczytaj wi\u0119cej\t\t<\/a>\n\n\t\t\t\t<\/div>\n\t\t\t\t<div class=\"elementor-post__meta-data\">\n\t\t\t\t\t<span class=\"elementor-post-date\">\n\t\t\t18. sierpnia 2023 r.\t\t<\/span>\n\t\t\t\t<\/div>\n\t\t\t\t\t<\/div>\n\t\t<\/article>\n\t\t\t\t<article class=\"elementor-post elementor-grid-item post-7136 post type-post status-publish format-standard has-post-thumbnail hentry category-blog category-lieblingsstadt tag-bild-oben\" role=\"listitem\">\n\t\t\t<div class=\"elementor-post__card\">\n\t\t\t\t<a class=\"elementor-post__thumbnail__link\" href=\"https:\/\/gradido.net\/pl\/lieblingsstadt-2-monikas-wandel-von-einsamkeit-zu-gemeinschaft\/\" tabindex=\"-1\" ><div class=\"elementor-post__thumbnail\"><img loading=\"lazy\" decoding=\"async\" width=\"800\" height=\"500\" src=\"https:\/\/gradido.net\/wp-content\/uploads\/2023\/08\/Monika2_1920-1024x640.jpg\" class=\"attachment-large size-large wp-image-7139\" alt=\"\" srcset=\"https:\/\/gradido.net\/wp-content\/uploads\/2023\/08\/Monika2_1920-1024x640.jpg 1024w, https:\/\/gradido.net\/wp-content\/uploads\/2023\/08\/Monika2_1920-300x188.jpg 300w, https:\/\/gradido.net\/wp-content\/uploads\/2023\/08\/Monika2_1920-768x480.jpg 768w, https:\/\/gradido.net\/wp-content\/uploads\/2023\/08\/Monika2_1920-1536x960.jpg 1536w, https:\/\/gradido.net\/wp-content\/uploads\/2023\/08\/Monika2_1920-18x12.jpg 18w, https:\/\/gradido.net\/wp-content\/uploads\/2023\/08\/Monika2_1920.jpg 1920w\" sizes=\"(max-width: 800px) 100vw, 800px\" \/><\/div><\/a>\n\t\t\t\t<div class=\"elementor-post__text\">\n\t\t\t\t<h3 class=\"elementor-post__title\">\n\t\t\t<a href=\"https:\/\/gradido.net\/pl\/lieblingsstadt-2-monikas-wandel-von-einsamkeit-zu-gemeinschaft\/\" >\n\t\t\t\tUlubione miasto 2 - Przemiana Moniki z samotno\u015bci w spo\u0142eczno\u015b\u0107\t\t\t<\/a>\n\t\t<\/h3>\n\t\t\t\t<div class=\"elementor-post__excerpt\">\n\t\t\t<p>Historia Moniki jest przyk\u0142adem tego, jak innowacyjny system wynagradzania \"Gradido\" oraz wymiana talent\u00f3w i potrzeb mog\u0105 pom\u00f3c przezwyci\u0119\u017cy\u0107 izolacj\u0119 spo\u0142eczn\u0105, zbudowa\u0107 siln\u0105 spo\u0142eczno\u015b\u0107, a nawet poprawi\u0107 w\u0142asn\u0105 sytuacj\u0119 finansow\u0105.<\/p>\n\t\t<\/div>\n\t\t\n\t\t<a class=\"elementor-post__read-more\" href=\"https:\/\/gradido.net\/pl\/lieblingsstadt-2-monikas-wandel-von-einsamkeit-zu-gemeinschaft\/\" aria-label=\"Czytaj wi\u0119cej o Ulubione miasto 2 - Przemiana Moniki z samotno\u015bci w spo\u0142eczno\u015b\u0107\" tabindex=\"-1\" >\n\t\t\tPrzeczytaj wi\u0119cej\t\t<\/a>\n\n\t\t\t\t<\/div>\n\t\t\t\t<div class=\"elementor-post__meta-data\">\n\t\t\t\t\t<span class=\"elementor-post-date\">\n\t\t\t16. sierpnia 2023 r.\t\t<\/span>\n\t\t\t\t<\/div>\n\t\t\t\t\t<\/div>\n\t\t<\/article>\n\t\t\t\t<article class=\"elementor-post elementor-grid-item post-7125 post type-post status-publish format-standard has-post-thumbnail hentry category-blog category-lieblingsstadt\" role=\"listitem\">\n\t\t\t<div class=\"elementor-post__card\">\n\t\t\t\t<a class=\"elementor-post__thumbnail__link\" href=\"https:\/\/gradido.net\/pl\/lieblingsstadt-1-des-buergermeisters-mutiger-plan\/\" tabindex=\"-1\" ><div class=\"elementor-post__thumbnail\"><img loading=\"lazy\" decoding=\"async\" width=\"800\" height=\"500\" src=\"https:\/\/gradido.net\/wp-content\/uploads\/2023\/08\/Michael_1_1920-1024x640.jpg\" class=\"attachment-large size-large wp-image-7127\" alt=\"\" srcset=\"https:\/\/gradido.net\/wp-content\/uploads\/2023\/08\/Michael_1_1920-1024x640.jpg 1024w, https:\/\/gradido.net\/wp-content\/uploads\/2023\/08\/Michael_1_1920-300x188.jpg 300w, https:\/\/gradido.net\/wp-content\/uploads\/2023\/08\/Michael_1_1920-768x480.jpg 768w, https:\/\/gradido.net\/wp-content\/uploads\/2023\/08\/Michael_1_1920-1536x960.jpg 1536w, https:\/\/gradido.net\/wp-content\/uploads\/2023\/08\/Michael_1_1920-18x12.jpg 18w, https:\/\/gradido.net\/wp-content\/uploads\/2023\/08\/Michael_1_1920.jpg 1920w\" sizes=\"(max-width: 800px) 100vw, 800px\" \/><\/div><\/a>\n\t\t\t\t<div class=\"elementor-post__text\">\n\t\t\t\t<h3 class=\"elementor-post__title\">\n\t\t\t<a href=\"https:\/\/gradido.net\/pl\/lieblingsstadt-1-des-buergermeisters-mutiger-plan\/\" >\n\t\t\t\tUlubione miasto 1 - Odwa\u017cny plan burmistrza\t\t\t<\/a>\n\t\t<\/h3>\n\t\t\t\t<div class=\"elementor-post__excerpt\">\n\t\t\t<p>Patrz\u0105c w przysz\u0142o\u015b\u0107, Michael ma \u015bmia\u0142y plan wprowadzenia systemu nagr\u00f3d za prac\u0119 spo\u0142eczn\u0105 Gradido. Ten innowacyjny system punktowy nagradza prac\u0119 wolontariuszy punktami Gradido, tworz\u0105c kultur\u0119 uznania i docenienia.<\/p>\n\t\t<\/div>\n\t\t\n\t\t<a class=\"elementor-post__read-more\" href=\"https:\/\/gradido.net\/pl\/lieblingsstadt-1-des-buergermeisters-mutiger-plan\/\" aria-label=\"Czytaj wi\u0119cej o Ulubione miasto 1 - Odwa\u017cny plan burmistrza\" tabindex=\"-1\" >\n\t\t\tPrzeczytaj wi\u0119cej\t\t<\/a>\n\n\t\t\t\t<\/div>\n\t\t\t\t<div class=\"elementor-post__meta-data\">\n\t\t\t\t\t<span class=\"elementor-post-date\">\n\t\t\t14. sierpnia 2023 r.\t\t<\/span>\n\t\t\t\t<\/div>\n\t\t\t\t\t<\/div>\n\t\t<\/article>\n\t\t\t\t<article class=\"elementor-post elementor-grid-item post-7085 post type-post status-publish format-standard has-post-thumbnail hentry category-blog category-lieblingsstadt\" role=\"listitem\">\n\t\t\t<div class=\"elementor-post__card\">\n\t\t\t\t<a class=\"elementor-post__thumbnail__link\" href=\"https:\/\/gradido.net\/pl\/wegbereiter-einer-neuen-aera-im-ehrenamtlichen-engagement\/\" tabindex=\"-1\" ><div class=\"elementor-post__thumbnail\"><img loading=\"lazy\" decoding=\"async\" width=\"800\" height=\"250\" src=\"https:\/\/gradido.net\/wp-content\/uploads\/2023\/08\/Dinkelsbuehl_pur-1024x320.jpg\" class=\"attachment-large size-large wp-image-7087\" alt=\"\" srcset=\"https:\/\/gradido.net\/wp-content\/uploads\/2023\/08\/Dinkelsbuehl_pur-1024x320.jpg 1024w, https:\/\/gradido.net\/wp-content\/uploads\/2023\/08\/Dinkelsbuehl_pur-300x94.jpg 300w, https:\/\/gradido.net\/wp-content\/uploads\/2023\/08\/Dinkelsbuehl_pur-768x240.jpg 768w, https:\/\/gradido.net\/wp-content\/uploads\/2023\/08\/Dinkelsbuehl_pur-1536x480.jpg 1536w, https:\/\/gradido.net\/wp-content\/uploads\/2023\/08\/Dinkelsbuehl_pur-18x6.jpg 18w, https:\/\/gradido.net\/wp-content\/uploads\/2023\/08\/Dinkelsbuehl_pur.jpg 1920w\" sizes=\"(max-width: 800px) 100vw, 800px\" \/><\/div><\/a>\n\t\t\t\t<div class=\"elementor-post__text\">\n\t\t\t\t<h3 class=\"elementor-post__title\">\n\t\t\t<a href=\"https:\/\/gradido.net\/pl\/wegbereiter-einer-neuen-aera-im-ehrenamtlichen-engagement\/\" >\n\t\t\t\tGradido in Lieblingsstadt - Pionierzy nowej ery wolontariatu\t\t\t<\/a>\n\t\t<\/h3>\n\t\t\t\t<div class=\"elementor-post__excerpt\">\n\t\t\t<p>Gradido ma potencja\u0142, aby przekszta\u0142ci\u0107 nasze spo\u0142eczno\u015bci w miejsca, w kt\u00f3rych ludzie uwielbiaj\u0105 \u017cy\u0107 i anga\u017cowa\u0107 si\u0119. Do\u0142\u0105cz do nas w tej ekscytuj\u0105cej podr\u00f3\u017cy i odkryj, jak Gradido mo\u017ce zapocz\u0105tkowa\u0107 now\u0105 er\u0119 wolontariatu.<\/p>\n\t\t<\/div>\n\t\t\n\t\t<a class=\"elementor-post__read-more\" href=\"https:\/\/gradido.net\/pl\/wegbereiter-einer-neuen-aera-im-ehrenamtlichen-engagement\/\" aria-label=\"Czytaj wi\u0119cej o Gradido in Lieblingsstadt - Torowanie drogi dla nowej ery wolontariatu\" tabindex=\"-1\" >\n\t\t\tPrzeczytaj wi\u0119cej\t\t<\/a>\n\n\t\t\t\t<\/div>\n\t\t\t\t<div class=\"elementor-post__meta-data\">\n\t\t\t\t\t<span class=\"elementor-post-date\">\n\t\t\t12. sierpnia 2023 r.\t\t<\/span>\n\t\t\t\t<\/div>\n\t\t\t\t\t<\/div>\n\t\t<\/article>\n\t\t\t\t<article class=\"elementor-post elementor-grid-item post-6837 post type-post status-publish format-standard has-post-thumbnail hentry category-blog category-community category-gradido-konto tag-bild-oben\" role=\"listitem\">\n\t\t\t<div class=\"elementor-post__card\">\n\t\t\t\t<a class=\"elementor-post__thumbnail__link\" href=\"https:\/\/gradido.net\/pl\/webinar-wohlstand-und-frieden-fuer-die-menschheitsfamilie\/\" tabindex=\"-1\" ><div class=\"elementor-post__thumbnail\"><img loading=\"lazy\" decoding=\"async\" width=\"800\" height=\"377\" src=\"https:\/\/gradido.net\/wp-content\/uploads\/2023\/06\/Webinar-1024x482.png\" class=\"attachment-large size-large wp-image-6838\" alt=\"\" srcset=\"https:\/\/gradido.net\/wp-content\/uploads\/2023\/06\/Webinar-1024x482.png 1024w, https:\/\/gradido.net\/wp-content\/uploads\/2023\/06\/Webinar-300x141.png 300w, https:\/\/gradido.net\/wp-content\/uploads\/2023\/06\/Webinar-768x362.png 768w, https:\/\/gradido.net\/wp-content\/uploads\/2023\/06\/Webinar-1536x723.png 1536w, https:\/\/gradido.net\/wp-content\/uploads\/2023\/06\/Webinar-2048x964.png 2048w, https:\/\/gradido.net\/wp-content\/uploads\/2023\/06\/Webinar-18x8.png 18w\" sizes=\"(max-width: 800px) 100vw, 800px\" \/><\/div><\/a>\n\t\t\t\t<div class=\"elementor-post__text\">\n\t\t\t\t<h3 class=\"elementor-post__title\">\n\t\t\t<a href=\"https:\/\/gradido.net\/pl\/webinar-wohlstand-und-frieden-fuer-die-menschheitsfamilie\/\" >\n\t\t\t\tWebinar: Dobrobyt i pok\u00f3j dla rodziny ludzkiej\t\t\t<\/a>\n\t\t<\/h3>\n\t\t\t\t<div class=\"elementor-post__excerpt\">\n\t\t\t<p>Legendarny webinar z za\u0142o\u017cycielem Gradido: Zdob\u0119dziesz g\u0142\u0119bok\u0105 wiedz\u0119 na temat fatalnych b\u0142\u0119d\u00f3w starego systemu pieni\u0119\u017cnego, jedynego rozs\u0105dnego rozwi\u0105zania opartego na modelu natury i doskona\u0142ego przewodnika, jak aktywnie i rado\u015bnie kszta\u0142towa\u0107 przysz\u0142o\u015b\u0107. - S\u0104 NOWE DATY!<\/p>\n\t\t<\/div>\n\t\t\n\t\t<a class=\"elementor-post__read-more\" href=\"https:\/\/gradido.net\/pl\/webinar-wohlstand-und-frieden-fuer-die-menschheitsfamilie\/\" aria-label=\"Wi\u0119cej informacji o webinarium: Dobrobyt i pok\u00f3j dla rodziny ludzkiej\" tabindex=\"-1\" >\n\t\t\tPrzeczytaj wi\u0119cej\t\t<\/a>\n\n\t\t\t\t<\/div>\n\t\t\t\t<div class=\"elementor-post__meta-data\">\n\t\t\t\t\t<span class=\"elementor-post-date\">\n\t\t\t10. czerwca 2023 r.\t\t<\/span>\n\t\t\t\t<\/div>\n\t\t\t\t\t<\/div>\n\t\t<\/article>\n\t\t\t\t<article class=\"elementor-post elementor-grid-item post-6490 post type-post status-publish format-standard has-post-thumbnail hentry category-blog category-gradido-konto\" role=\"listitem\">\n\t\t\t<div class=\"elementor-post__card\">\n\t\t\t\t<a class=\"elementor-post__thumbnail__link\" href=\"https:\/\/gradido.net\/pl\/gradido-zu-dankbar-umrechner\/\" tabindex=\"-1\" ><div class=\"elementor-post__thumbnail\"><img loading=\"lazy\" decoding=\"async\" width=\"800\" height=\"502\" src=\"https:\/\/gradido.net\/wp-content\/uploads\/2023\/04\/Umrechner-1024x642.jpg\" class=\"attachment-large size-large wp-image-6499\" alt=\"\" srcset=\"https:\/\/gradido.net\/wp-content\/uploads\/2023\/04\/Umrechner-1024x642.jpg 1024w, https:\/\/gradido.net\/wp-content\/uploads\/2023\/04\/Umrechner-300x188.jpg 300w, https:\/\/gradido.net\/wp-content\/uploads\/2023\/04\/Umrechner-768x481.jpg 768w, https:\/\/gradido.net\/wp-content\/uploads\/2023\/04\/Umrechner-18x12.jpg 18w, https:\/\/gradido.net\/wp-content\/uploads\/2023\/04\/Umrechner.jpg 1500w\" sizes=\"(max-width: 800px) 100vw, 800px\" \/><\/div><\/a>\n\t\t\t\t<div class=\"elementor-post__text\">\n\t\t\t\t<h3 class=\"elementor-post__title\">\n\t\t\t<a href=\"https:\/\/gradido.net\/pl\/gradido-zu-dankbar-umrechner\/\" >\n\t\t\t\tPraktyczny kalkulator Gradido App\t\t\t<\/a>\n\t\t<\/h3>\n\t\t\t\t<div class=\"elementor-post__excerpt\">\n\t\t\t<p>Wszystkie funkcje obliczeniowe potrzebne do Gradido w jednej aplikacji. Kalkulator automatycznie wylicza kwot\u0119 brutto i netto w euro, rabat Gradido, kwot\u0119 Gradido oraz DankBar wed\u0142ug stawki dziennej. Przycisk \"DankBar na GDD\" przelicza kwot\u0119 DankBar na GDD.<\/p>\n\t\t<\/div>\n\t\t\n\t\t<a class=\"elementor-post__read-more\" href=\"https:\/\/gradido.net\/pl\/gradido-zu-dankbar-umrechner\/\" aria-label=\"Czytaj wi\u0119cej o praktycznej aplikacji Kalkulator Gradido\" tabindex=\"-1\" >\n\t\t\tPrzeczytaj wi\u0119cej\t\t<\/a>\n\n\t\t\t\t<\/div>\n\t\t\t\t<div class=\"elementor-post__meta-data\">\n\t\t\t\t\t<span class=\"elementor-post-date\">\n\t\t\t10. maja 2023 r.\t\t<\/span>\n\t\t\t\t<\/div>\n\t\t\t\t\t<\/div>\n\t\t<\/article>\n\t\t\t\t<article class=\"elementor-post elementor-grid-item post-6619 post type-post status-publish format-standard has-post-thumbnail hentry category-blog category-community\" role=\"listitem\">\n\t\t\t<div class=\"elementor-post__card\">\n\t\t\t\t<a class=\"elementor-post__thumbnail__link\" href=\"https:\/\/gradido.net\/pl\/gradidocafe\/\" tabindex=\"-1\" ><div class=\"elementor-post__thumbnail\"><img loading=\"lazy\" decoding=\"async\" width=\"800\" height=\"450\" src=\"https:\/\/gradido.net\/wp-content\/uploads\/2023\/05\/GradidoCaf\u00e9_WP-1024x576.jpg\" class=\"attachment-large size-large wp-image-6621\" alt=\"\" srcset=\"\" sizes=\"(max-width: 800px) 100vw, 800px\" data-srcset=\"\" \/><\/div><\/a>\n\t\t\t\t<div class=\"elementor-post__text\">\n\t\t\t\t<h3 class=\"elementor-post__title\">\n\t\t\t<a href=\"https:\/\/gradido.net\/pl\/gradidocafe\/\" >\n\t\t\t\tGradidoCaf\u00e9\t\t\t<\/a>\n\t\t<\/h3>\n\t\t\t\t<div class=\"elementor-post__excerpt\">\n\t\t\t<p>Czy Ty te\u017c lubisz wychodzi\u0107 z przyjaci\u00f3\u0142mi np. do restauracji, ogr\u00f3dka piwnego lub kawiarni? Jak by to by\u0142o m\u00f3c podzi\u0119kowa\u0107 im na koniec Gradido lub DankBarem? Taka jest w\u0142a\u015bnie idea GradidoCaf\u00e9s.<\/p>\n\t\t<\/div>\n\t\t\n\t\t<a class=\"elementor-post__read-more\" href=\"https:\/\/gradido.net\/pl\/gradidocafe\/\" aria-label=\"Przeczytaj wi\u0119cej o GradidoCaf\u00e9\" tabindex=\"-1\" >\n\t\t\tPrzeczytaj wi\u0119cej\t\t<\/a>\n\n\t\t\t\t<\/div>\n\t\t\t\t<div class=\"elementor-post__meta-data\">\n\t\t\t\t\t<span class=\"elementor-post-date\">\n\t\t\t5. maja 2023 r.\t\t<\/span>\n\t\t\t\t<\/div>\n\t\t\t\t\t<\/div>\n\t\t<\/article>\n\t\t\t\t<article class=\"elementor-post elementor-grid-item post-6374 post type-post status-publish format-standard has-post-thumbnail hentry category-blog category-gradido-konto\" role=\"listitem\">\n\t\t\t<div class=\"elementor-post__card\">\n\t\t\t\t<a class=\"elementor-post__thumbnail__link\" href=\"https:\/\/gradido.net\/pl\/dankschecks-selbst-gestalten\/\" tabindex=\"-1\" ><div class=\"elementor-post__thumbnail\"><img loading=\"lazy\" decoding=\"async\" width=\"700\" height=\"400\" src=\"https:\/\/gradido.net\/wp-content\/uploads\/2023\/03\/Dankscheck.jpg\" class=\"attachment-large size-large wp-image-6375\" alt=\"\" srcset=\"https:\/\/gradido.net\/wp-content\/uploads\/2023\/03\/Dankscheck.jpg 700w, https:\/\/gradido.net\/wp-content\/uploads\/2023\/03\/Dankscheck-300x171.jpg 300w, https:\/\/gradido.net\/wp-content\/uploads\/2023\/03\/Dankscheck-18x10.jpg 18w\" sizes=\"(max-width: 700px) 100vw, 700px\" \/><\/div><\/a>\n\t\t\t\t<div class=\"elementor-post__text\">\n\t\t\t\t<h3 class=\"elementor-post__title\">\n\t\t\t<a href=\"https:\/\/gradido.net\/pl\/dankschecks-selbst-gestalten\/\" >\n\t\t\t\tZaprojektuj swoje w\u0142asne \"czeki z podzi\u0119kowaniami\t\t\t<\/a>\n\t\t<\/h3>\n\t\t\t\t<div class=\"elementor-post__excerpt\">\n\t\t\t<p>A mo\u017ce by tak po prostu da\u0107 swoim wsp\u00f3\u0142obywatelom \"czek z podzi\u0119kowaniem\" z kodem QR? Mog\u0105 go zrealizowa\u0107 teraz lub p\u00f3\u017aniej, a Gradidos zostanie automatycznie przelany na ich konto Gradido.<\/p>\n\t\t<\/div>\n\t\t\n\t\t<a class=\"elementor-post__read-more\" href=\"https:\/\/gradido.net\/pl\/dankschecks-selbst-gestalten\/\" aria-label=\"Read more about Zaprojektuj swoje w\u0142asne czeki z podzi\u0119kowaniami\" tabindex=\"-1\" >\n\t\t\tPrzeczytaj wi\u0119cej\t\t<\/a>\n\n\t\t\t\t<\/div>\n\t\t\t\t<div class=\"elementor-post__meta-data\">\n\t\t\t\t\t<span class=\"elementor-post-date\">\n\t\t\t6. marca 2023 r.\t\t<\/span>\n\t\t\t\t<\/div>\n\t\t\t\t\t<\/div>\n\t\t<\/article>\n\t\t\t\t<article class=\"elementor-post elementor-grid-item post-6266 post type-post status-publish format-standard has-post-thumbnail hentry category-blog category-gradido-konto\" role=\"listitem\">\n\t\t\t<div class=\"elementor-post__card\">\n\t\t\t\t<a class=\"elementor-post__thumbnail__link\" href=\"https:\/\/gradido.net\/pl\/dankbar-jetzt-vorbestellen\/\" tabindex=\"-1\" ><div class=\"elementor-post__thumbnail\"><img loading=\"lazy\" decoding=\"async\" width=\"800\" height=\"452\" src=\"https:\/\/gradido.net\/wp-content\/uploads\/2023\/02\/20er-Muster_Blog_neu-1024x579.jpg\" class=\"attachment-large size-large wp-image-6340\" alt=\"\" srcset=\"https:\/\/gradido.net\/wp-content\/uploads\/2023\/02\/20er-Muster_Blog_neu-1024x579.jpg 1024w, https:\/\/gradido.net\/wp-content\/uploads\/2023\/02\/20er-Muster_Blog_neu-300x170.jpg 300w, https:\/\/gradido.net\/wp-content\/uploads\/2023\/02\/20er-Muster_Blog_neu-768x434.jpg 768w, https:\/\/gradido.net\/wp-content\/uploads\/2023\/02\/20er-Muster_Blog_neu-18x10.jpg 18w, https:\/\/gradido.net\/wp-content\/uploads\/2023\/02\/20er-Muster_Blog_neu.jpg 1150w\" sizes=\"(max-width: 800px) 100vw, 800px\" \/><\/div><\/a>\n\t\t\t\t<div class=\"elementor-post__text\">\n\t\t\t\t<h3 class=\"elementor-post__title\">\n\t\t\t<a href=\"https:\/\/gradido.net\/pl\/dankbar-jetzt-vorbestellen\/\" >\n\t\t\t\tZam\u00f3wienie \"DankBar\" - tak to dzia\u0142a\t\t\t<\/a>\n\t\t<\/h3>\n\t\t\t\t<div class=\"elementor-post__excerpt\">\n\t\t\t<p>W po\u0142\u0105czeniu z kontem Gradido, kt\u00f3re wkr\u00f3tce umo\u017cliwi zdecentralizowane spo\u0142eczno\u015bci sieciowe, \"DankBar\" zapewni rodzinie ludzkiej wszystkie opcje p\u0142atno\u015bci lub \"opcje podzi\u0119kowania\".<\/p>\n\t\t<\/div>\n\t\t\n\t\t<a class=\"elementor-post__read-more\" href=\"https:\/\/gradido.net\/pl\/dankbar-jetzt-vorbestellen\/\" aria-label=\"Read more about Zamawianie &#039;DankBar&#039; - tak to dzia\u0142a\" tabindex=\"-1\" >\n\t\t\tPrzeczytaj wi\u0119cej\t\t<\/a>\n\n\t\t\t\t<\/div>\n\t\t\t\t<div class=\"elementor-post__meta-data\">\n\t\t\t\t\t<span class=\"elementor-post-date\">\n\t\t\t7. luty 2023\t\t<\/span>\n\t\t\t\t<\/div>\n\t\t\t\t\t<\/div>\n\t\t<\/article>\n\t\t\t\t<article class=\"elementor-post elementor-grid-item post-6206 post type-post status-publish format-standard has-post-thumbnail hentry category-blog category-gradido-konto\" role=\"listitem\">\n\t\t\t<div class=\"elementor-post__card\">\n\t\t\t\t<a class=\"elementor-post__thumbnail__link\" href=\"https:\/\/gradido.net\/pl\/gradido-konto-neues-design-ist-online\/\" tabindex=\"-1\" ><div class=\"elementor-post__thumbnail\"><img loading=\"lazy\" decoding=\"async\" width=\"800\" height=\"533\" src=\"https:\/\/gradido.net\/wp-content\/uploads\/2023\/01\/Neues_Design_online_Blog-1024x682.jpg\" class=\"attachment-large size-large wp-image-6207\" alt=\"\" srcset=\"https:\/\/gradido.net\/wp-content\/uploads\/2023\/01\/Neues_Design_online_Blog-1024x682.jpg 1024w, https:\/\/gradido.net\/wp-content\/uploads\/2023\/01\/Neues_Design_online_Blog-300x200.jpg 300w, https:\/\/gradido.net\/wp-content\/uploads\/2023\/01\/Neues_Design_online_Blog-768x512.jpg 768w, https:\/\/gradido.net\/wp-content\/uploads\/2023\/01\/Neues_Design_online_Blog-1536x1023.jpg 1536w, https:\/\/gradido.net\/wp-content\/uploads\/2023\/01\/Neues_Design_online_Blog-18x12.jpg 18w, https:\/\/gradido.net\/wp-content\/uploads\/2023\/01\/Neues_Design_online_Blog.jpg 1600w\" sizes=\"(max-width: 800px) 100vw, 800px\" \/><\/div><\/a>\n\t\t\t\t<div class=\"elementor-post__text\">\n\t\t\t\t<h3 class=\"elementor-post__title\">\n\t\t\t<a href=\"https:\/\/gradido.net\/pl\/gradido-konto-neues-design-ist-online\/\" >\n\t\t\t\tKonto Gradido: nowy wygl\u0105d jest ju\u017c online\t\t\t<\/a>\n\t\t<\/h3>\n\t\t\t\t<div class=\"elementor-post__excerpt\">\n\t\t\t<p>W\u0142a\u015bnie uruchomili\u015bmy nowy design konta Gradido. Jest to jedna z najwi\u0119kszych aktualizacji w ci\u0105gu ostatnich kilku miesi\u0119cy i opr\u00f3cz \u015bwietnego, nowoczesnego wygl\u0105du, stanowi podstaw\u0119 dla wielu nadchodz\u0105cych funkcji.<\/p>\n\t\t<\/div>\n\t\t\n\t\t<a class=\"elementor-post__read-more\" href=\"https:\/\/gradido.net\/pl\/gradido-konto-neues-design-ist-online\/\" aria-label=\"Wi\u0119cej o koncie Gradido: nowy wygl\u0105d ju\u017c w sieci\" tabindex=\"-1\" >\n\t\t\tPrzeczytaj wi\u0119cej\t\t<\/a>\n\n\t\t\t\t<\/div>\n\t\t\t\t<div class=\"elementor-post__meta-data\">\n\t\t\t\t\t<span class=\"elementor-post-date\">\n\t\t\t20. stycznia 2023 r.\t\t<\/span>\n\t\t\t\t<\/div>\n\t\t\t\t\t<\/div>\n\t\t<\/article>\n\t\t\t\t<article class=\"elementor-post elementor-grid-item post-6159 post type-post status-publish format-standard has-post-thumbnail hentry category-blog category-gradido-konto\" role=\"listitem\">\n\t\t\t<div class=\"elementor-post__card\">\n\t\t\t\t<a class=\"elementor-post__thumbnail__link\" href=\"https:\/\/gradido.net\/pl\/der-dankbar-kommt-gradido-in-scheinen\/\" tabindex=\"-1\" ><div class=\"elementor-post__thumbnail\"><img loading=\"lazy\" decoding=\"async\" width=\"800\" height=\"330\" src=\"https:\/\/gradido.net\/wp-content\/uploads\/2023\/01\/Bargeld-1024x423.jpg\" class=\"attachment-large size-large wp-image-6160\" alt=\"\" srcset=\"https:\/\/gradido.net\/wp-content\/uploads\/2023\/01\/Bargeld-1024x423.jpg 1024w, https:\/\/gradido.net\/wp-content\/uploads\/2023\/01\/Bargeld-300x124.jpg 300w, https:\/\/gradido.net\/wp-content\/uploads\/2023\/01\/Bargeld-768x317.jpg 768w, https:\/\/gradido.net\/wp-content\/uploads\/2023\/01\/Bargeld-18x7.jpg 18w, https:\/\/gradido.net\/wp-content\/uploads\/2023\/01\/Bargeld.jpg 1500w\" sizes=\"(max-width: 800px) 100vw, 800px\" \/><\/div><\/a>\n\t\t\t\t<div class=\"elementor-post__text\">\n\t\t\t\t<h3 class=\"elementor-post__title\">\n\t\t\t<a href=\"https:\/\/gradido.net\/pl\/der-dankbar-kommt-gradido-in-scheinen\/\" >\n\t\t\t\tNadchodzi 'DankBar' - Gradido w notatkach\t\t\t<\/a>\n\t\t<\/h3>\n\t\t\t\t<div class=\"elementor-post__excerpt\">\n\t\t\t<p>Got\u00f3wka oznacza wolno\u015b\u0107 bez kontroli ze strony w\u0142adz. Po wprowadzeniu Gradido pa\u0144stwo nie musi ju\u017c kontrolowa\u0107 finans\u00f3w swoich obywateli, poniewa\u017c bud\u017cet publiczny jest wtedy finansowany - ca\u0142kowicie bez podatk\u00f3w - z drugiej kreacji pieni\u0105dza.<\/p>\n\t\t<\/div>\n\t\t\n\t\t<a class=\"elementor-post__read-more\" href=\"https:\/\/gradido.net\/pl\/der-dankbar-kommt-gradido-in-scheinen\/\" aria-label=\"Read more about Nadchodzi &#039;DankBar&#039; - Gradido w notatkach\" tabindex=\"-1\" >\n\t\t\tPrzeczytaj wi\u0119cej\t\t<\/a>\n\n\t\t\t\t<\/div>\n\t\t\t\t<div class=\"elementor-post__meta-data\">\n\t\t\t\t\t<span class=\"elementor-post-date\">\n\t\t\t6. stycznia 2023 r.\t\t<\/span>\n\t\t\t\t<\/div>\n\t\t\t\t\t<\/div>\n\t\t<\/article>\n\t\t\t\t<article class=\"elementor-post elementor-grid-item post-6017 post type-post status-publish format-standard has-post-thumbnail hentry category-blog category-gradido-konto\" role=\"listitem\">\n\t\t\t<div class=\"elementor-post__card\">\n\t\t\t\t<a class=\"elementor-post__thumbnail__link\" href=\"https:\/\/gradido.net\/pl\/gradido-konto-2023-neues-design-und-dezentrale-communities\/\" tabindex=\"-1\" ><div class=\"elementor-post__thumbnail\"><img loading=\"lazy\" decoding=\"async\" width=\"800\" height=\"445\" src=\"https:\/\/gradido.net\/wp-content\/uploads\/2022\/12\/Test_fertig_1920-1024x569.jpg\" class=\"attachment-large size-large wp-image-6018\" alt=\"\" srcset=\"https:\/\/gradido.net\/wp-content\/uploads\/2022\/12\/Test_fertig_1920-1024x569.jpg 1024w, https:\/\/gradido.net\/wp-content\/uploads\/2022\/12\/Test_fertig_1920-300x167.jpg 300w, https:\/\/gradido.net\/wp-content\/uploads\/2022\/12\/Test_fertig_1920-768x427.jpg 768w, https:\/\/gradido.net\/wp-content\/uploads\/2022\/12\/Test_fertig_1920-1536x854.jpg 1536w, https:\/\/gradido.net\/wp-content\/uploads\/2022\/12\/Test_fertig_1920-18x10.jpg 18w, https:\/\/gradido.net\/wp-content\/uploads\/2022\/12\/Test_fertig_1920.jpg 1920w\" sizes=\"(max-width: 800px) 100vw, 800px\" \/><\/div><\/a>\n\t\t\t\t<div class=\"elementor-post__text\">\n\t\t\t\t<h3 class=\"elementor-post__title\">\n\t\t\t<a href=\"https:\/\/gradido.net\/pl\/gradido-konto-2023-neues-design-und-dezentrale-communities\/\" >\n\t\t\t\tGradido account 2023: nowy projekt i zdecentralizowane spo\u0142eczno\u015bci\t\t\t<\/a>\n\t\t<\/h3>\n\t\t\t\t<div class=\"elementor-post__excerpt\">\n\t\t\t<p>Cz\u0119sto to w\u0142a\u015bnie ci cisi ludzie po cichu, sumiennie, z sercem i dusz\u0105 k\u0142ad\u0105 podwaliny pod rozw\u00f3j historyczny. Nasi programi\u015bci wykonali w zesz\u0142ym roku \u015bwietn\u0105 prac\u0119 u podstaw, kt\u00f3ra zaowocuje w 2023 roku.<\/p>\n\t\t<\/div>\n\t\t\n\t\t<a class=\"elementor-post__read-more\" href=\"https:\/\/gradido.net\/pl\/gradido-konto-2023-neues-design-und-dezentrale-communities\/\" aria-label=\"Czytaj wi\u0119cej o Gradido account 2023: nowy projekt i zdecentralizowane spo\u0142eczno\u015bci\" tabindex=\"-1\" >\n\t\t\tPrzeczytaj wi\u0119cej\t\t<\/a>\n\n\t\t\t\t<\/div>\n\t\t\t\t<div class=\"elementor-post__meta-data\">\n\t\t\t\t\t<span class=\"elementor-post-date\">\n\t\t\t1. stycznia 2023 r.\t\t<\/span>\n\t\t\t\t<\/div>\n\t\t\t\t\t<\/div>\n\t\t<\/article>\n\t\t\t\t<article class=\"elementor-post elementor-grid-item post-5954 post type-post status-publish format-standard has-post-thumbnail hentry category-blog category-community\" role=\"listitem\">\n\t\t\t<div class=\"elementor-post__card\">\n\t\t\t\t<a class=\"elementor-post__thumbnail__link\" href=\"https:\/\/gradido.net\/pl\/great-cooperation-gradido-und-unternehmernetzwerke\/\" tabindex=\"-1\" ><div class=\"elementor-post__thumbnail\"><img loading=\"lazy\" decoding=\"async\" width=\"800\" height=\"453\" src=\"https:\/\/gradido.net\/wp-content\/uploads\/2022\/11\/Unternehmer-Netzwerk-1-1024x580.jpg\" class=\"attachment-large size-large wp-image-5956\" alt=\"\" srcset=\"https:\/\/gradido.net\/wp-content\/uploads\/2022\/11\/Unternehmer-Netzwerk-1-1024x580.jpg 1024w, https:\/\/gradido.net\/wp-content\/uploads\/2022\/11\/Unternehmer-Netzwerk-1-300x170.jpg 300w, https:\/\/gradido.net\/wp-content\/uploads\/2022\/11\/Unternehmer-Netzwerk-1-768x435.jpg 768w, https:\/\/gradido.net\/wp-content\/uploads\/2022\/11\/Unternehmer-Netzwerk-1-18x10.jpg 18w, https:\/\/gradido.net\/wp-content\/uploads\/2022\/11\/Unternehmer-Netzwerk-1.jpg 1500w\" sizes=\"(max-width: 800px) 100vw, 800px\" \/><\/div><\/a>\n\t\t\t\t<div class=\"elementor-post__text\">\n\t\t\t\t<h3 class=\"elementor-post__title\">\n\t\t\t<a href=\"https:\/\/gradido.net\/pl\/great-cooperation-gradido-und-unternehmernetzwerke\/\" >\n\t\t\t\tWielka Wsp\u00f3\u0142praca - Gradido i sieci przedsi\u0119biorc\u00f3w\t\t\t<\/a>\n\t\t<\/h3>\n\t\t\t\t<div class=\"elementor-post__excerpt\">\n\t\t\t<p>Teraz, gdy fatalne konsekwencje systemu pieni\u0105dza d\u0142u\u017cnego staj\u0105 si\u0119 oczywiste, coraz wi\u0119cej ludzi budzi si\u0119 i zaczyna tworzy\u0107 alternatywne struktury. W spo\u0142eczno\u015bciach, kt\u00f3re powstaj\u0105 w ten spos\u00f3b, mamy historyczn\u0105 mo\u017cliwo\u015b\u0107 stworzenia wsp\u00f3lnie nowego systemu monetarnego, kt\u00f3ry b\u0119dzie oparty na uznaniu, wdzi\u0119czno\u015bci i mi\u0142o\u015bci.<\/p>\n\t\t<\/div>\n\t\t\n\t\t<a class=\"elementor-post__read-more\" href=\"https:\/\/gradido.net\/pl\/great-cooperation-gradido-und-unternehmernetzwerke\/\" aria-label=\"Czytaj wi\u0119cej o Wielka wsp\u00f3\u0142praca - Gradido i sieci przedsi\u0119biorc\u00f3w\" tabindex=\"-1\" >\n\t\t\tPrzeczytaj wi\u0119cej\t\t<\/a>\n\n\t\t\t\t<\/div>\n\t\t\t\t<div class=\"elementor-post__meta-data\">\n\t\t\t\t\t<span class=\"elementor-post-date\">\n\t\t\t26. listopada 2022 r.\t\t<\/span>\n\t\t\t\t<\/div>\n\t\t\t\t\t<\/div>\n\t\t<\/article>\n\t\t\t\t<article class=\"elementor-post elementor-grid-item post-5821 post type-post status-publish format-standard has-post-thumbnail hentry category-blog category-community category-psychologie\" role=\"listitem\">\n\t\t\t<div class=\"elementor-post__card\">\n\t\t\t\t<a class=\"elementor-post__thumbnail__link\" href=\"https:\/\/gradido.net\/pl\/10-wochen-voller-dankbarkeit\/\" tabindex=\"-1\" ><div class=\"elementor-post__thumbnail\"><img loading=\"lazy\" decoding=\"async\" width=\"800\" height=\"534\" src=\"https:\/\/gradido.net\/wp-content\/uploads\/2022\/10\/10WDankbarkeit-1024x683.jpg\" class=\"attachment-large size-large wp-image-5822\" alt=\"\" srcset=\"https:\/\/gradido.net\/wp-content\/uploads\/2022\/10\/10WDankbarkeit-1024x683.jpg 1024w, https:\/\/gradido.net\/wp-content\/uploads\/2022\/10\/10WDankbarkeit-300x200.jpg 300w, https:\/\/gradido.net\/wp-content\/uploads\/2022\/10\/10WDankbarkeit-768x512.jpg 768w, https:\/\/gradido.net\/wp-content\/uploads\/2022\/10\/10WDankbarkeit-18x12.jpg 18w, https:\/\/gradido.net\/wp-content\/uploads\/2022\/10\/10WDankbarkeit.jpg 1500w\" sizes=\"(max-width: 800px) 100vw, 800px\" \/><\/div><\/a>\n\t\t\t\t<div class=\"elementor-post__text\">\n\t\t\t\t<h3 class=\"elementor-post__title\">\n\t\t\t<a href=\"https:\/\/gradido.net\/pl\/10-wochen-voller-dankbarkeit\/\" >\n\t\t\t\t10 tygodni pe\u0142nych wdzi\u0119czno\u015bci\t\t\t<\/a>\n\t\t<\/h3>\n\t\t\t\t<div class=\"elementor-post__excerpt\">\n\t\t\t<p>Za ka\u017cdym razem, gdy wysy\u0142asz Gradidos do innych ludzi, wnosisz wdzi\u0119czno\u015b\u0107 do ich \u017cycia, jak r\u00f3wnie\u017c do swojego. Wdzi\u0119czno\u015b\u0107 to wspania\u0142e uczucie. Przywo\u0142uj\u0105c, piel\u0119gnuj\u0105c i ciesz\u0105c si\u0119 nim codziennie, wzmacniamy nasze samopoczucie i nasz\u0105 moc tw\u00f3rcz\u0105. <\/p>\n\t\t<\/div>\n\t\t\n\t\t<a class=\"elementor-post__read-more\" href=\"https:\/\/gradido.net\/pl\/10-wochen-voller-dankbarkeit\/\" aria-label=\"Czytaj wi\u0119cej o 10 tygodni pe\u0142nych wdzi\u0119czno\u015bci\" tabindex=\"-1\" >\n\t\t\tPrzeczytaj wi\u0119cej\t\t<\/a>\n\n\t\t\t\t<\/div>\n\t\t\t\t<div class=\"elementor-post__meta-data\">\n\t\t\t\t\t<span class=\"elementor-post-date\">\n\t\t\t25. pa\u017adziernika 2022 r.\t\t<\/span>\n\t\t\t\t<\/div>\n\t\t\t\t\t<\/div>\n\t\t<\/article>\n\t\t\t\t<article class=\"elementor-post elementor-grid-item post-5802 post type-post status-publish format-standard has-post-thumbnail hentry category-blog category-community category-psychologie\" role=\"listitem\">\n\t\t\t<div class=\"elementor-post__card\">\n\t\t\t\t<a class=\"elementor-post__thumbnail__link\" href=\"https:\/\/gradido.net\/pl\/gradido-potenzialentfaltung-im-herbst-2022\/\" tabindex=\"-1\" ><div class=\"elementor-post__thumbnail\"><img loading=\"lazy\" decoding=\"async\" width=\"800\" height=\"534\" src=\"https:\/\/gradido.net\/wp-content\/uploads\/2022\/10\/Potenzialentfaltung-1024x683.jpg\" class=\"attachment-large size-large wp-image-5803\" alt=\"\" srcset=\"https:\/\/gradido.net\/wp-content\/uploads\/2022\/10\/Potenzialentfaltung-1024x683.jpg 1024w, https:\/\/gradido.net\/wp-content\/uploads\/2022\/10\/Potenzialentfaltung-300x200.jpg 300w, https:\/\/gradido.net\/wp-content\/uploads\/2022\/10\/Potenzialentfaltung-768x512.jpg 768w, https:\/\/gradido.net\/wp-content\/uploads\/2022\/10\/Potenzialentfaltung-18x12.jpg 18w, https:\/\/gradido.net\/wp-content\/uploads\/2022\/10\/Potenzialentfaltung.jpg 1500w\" sizes=\"(max-width: 800px) 100vw, 800px\" \/><\/div><\/a>\n\t\t\t\t<div class=\"elementor-post__text\">\n\t\t\t\t<h3 class=\"elementor-post__title\">\n\t\t\t<a href=\"https:\/\/gradido.net\/pl\/gradido-potenzialentfaltung-im-herbst-2022\/\" >\n\t\t\t\tGradido potencjalny rozw\u00f3j jesieni\u0105 2022 r.\t\t\t<\/a>\n\t\t<\/h3>\n\t\t\t\t<div class=\"elementor-post__excerpt\">\n\t\t\t<p>Ze wzgl\u0119du na du\u017cy sukces, kontynuujemy: przez popularne zapotrzebowanie, rozw\u00f3j potencja\u0142u Gradido jest teraz kontynuowany. Zainwestuj w siebie 2 godziny tygodniowo - a zobaczysz, jakich pozytywnych zmian do\u015bwiadczysz w ci\u0105gu 12 tygodni.<\/p>\n\t\t<\/div>\n\t\t\n\t\t<a class=\"elementor-post__read-more\" href=\"https:\/\/gradido.net\/pl\/gradido-potenzialentfaltung-im-herbst-2022\/\" aria-label=\"Czytaj wi\u0119cej o Gradido potencjalny rozw\u00f3j jesieni\u0105 2022 r.\" tabindex=\"-1\" >\n\t\t\tPrzeczytaj wi\u0119cej\t\t<\/a>\n\n\t\t\t\t<\/div>\n\t\t\t\t<div class=\"elementor-post__meta-data\">\n\t\t\t\t\t<span class=\"elementor-post-date\">\n\t\t\t23. pa\u017adziernika 2022 r.\t\t<\/span>\n\t\t\t\t<\/div>\n\t\t\t\t\t<\/div>\n\t\t<\/article>\n\t\t\t\t<article class=\"elementor-post elementor-grid-item post-5711 post type-post status-publish format-standard has-post-thumbnail hentry category-blog category-community\" role=\"listitem\">\n\t\t\t<div class=\"elementor-post__card\">\n\t\t\t\t<a class=\"elementor-post__thumbnail__link\" href=\"https:\/\/gradido.net\/pl\/great-cooperation-gradido-akademie-international-und-plasmatec\/\" tabindex=\"-1\" ><div class=\"elementor-post__thumbnail\"><img loading=\"lazy\" decoding=\"async\" width=\"800\" height=\"500\" src=\"https:\/\/gradido.net\/wp-content\/uploads\/2022\/10\/Pustritz_2-1024x640.jpg\" class=\"attachment-large size-large wp-image-5713\" alt=\"\" srcset=\"https:\/\/gradido.net\/wp-content\/uploads\/2022\/10\/Pustritz_2-1024x640.jpg 1024w, https:\/\/gradido.net\/wp-content\/uploads\/2022\/10\/Pustritz_2-300x188.jpg 300w, https:\/\/gradido.net\/wp-content\/uploads\/2022\/10\/Pustritz_2-768x480.jpg 768w, https:\/\/gradido.net\/wp-content\/uploads\/2022\/10\/Pustritz_2-1536x960.jpg 1536w, https:\/\/gradido.net\/wp-content\/uploads\/2022\/10\/Pustritz_2-18x12.jpg 18w, https:\/\/gradido.net\/wp-content\/uploads\/2022\/10\/Pustritz_2.jpg 1600w\" sizes=\"(max-width: 800px) 100vw, 800px\" \/><\/div><\/a>\n\t\t\t\t<div class=\"elementor-post__text\">\n\t\t\t\t<h3 class=\"elementor-post__title\">\n\t\t\t<a href=\"https:\/\/gradido.net\/pl\/great-cooperation-gradido-akademie-international-und-plasmatec\/\" >\n\t\t\t\t\u015awietna wsp\u00f3\u0142praca: Gradido Academy International i PLASMA TEC\t\t\t<\/a>\n\t\t<\/h3>\n\t\t\t\t<div class=\"elementor-post__excerpt\">\n\t\t\t<p>Podczas wizyty w siedzibie naszego stowarzyszenia w Pustritz w Karyntii\/Austrii prze\u017cyli\u015bmy wspania\u0142y czas spotka\u0144 z ciekawymi lud\u017ami pracuj\u0105cymi na rzecz dobrej przysz\u0142o\u015bci. Spotkali\u015bmy si\u0119 m.in. z prezesem Instytutu Badawczego PLASMA TEC, Haraldem Reichlem, i om\u00f3wili\u015bmy dalsze kroki naszej wsp\u00f3lnej wsp\u00f3\u0142pracy.<\/p>\n\t\t<\/div>\n\t\t\n\t\t<a class=\"elementor-post__read-more\" href=\"https:\/\/gradido.net\/pl\/great-cooperation-gradido-akademie-international-und-plasmatec\/\" aria-label=\"Read more about Great Cooperation: Gradido Akademie International und PLASMA TEC\" tabindex=\"-1\" >\n\t\t\tPrzeczytaj wi\u0119cej\t\t<\/a>\n\n\t\t\t\t<\/div>\n\t\t\t\t<div class=\"elementor-post__meta-data\">\n\t\t\t\t\t<span class=\"elementor-post-date\">\n\t\t\t10. pa\u017adziernika 2022 r.\t\t<\/span>\n\t\t\t\t<\/div>\n\t\t\t\t\t<\/div>\n\t\t<\/article>\n\t\t\t\t<article class=\"elementor-post elementor-grid-item post-5764 post type-post status-publish format-standard has-post-thumbnail hentry category-blog category-community category-psychologie\" role=\"listitem\">\n\t\t\t<div class=\"elementor-post__card\">\n\t\t\t\t<a class=\"elementor-post__thumbnail__link\" href=\"https:\/\/gradido.net\/pl\/prenow-das-spiel-das-mitdenkt-und-kreative-loesungen-hervorbringt\/\" tabindex=\"-1\" ><div class=\"elementor-post__thumbnail\"><img loading=\"lazy\" decoding=\"async\" width=\"800\" height=\"450\" src=\"https:\/\/gradido.net\/wp-content\/uploads\/2022\/10\/PreNow1.jpg\" class=\"attachment-large size-large wp-image-5765\" alt=\"\" srcset=\"https:\/\/gradido.net\/wp-content\/uploads\/2022\/10\/PreNow1.jpg 800w, https:\/\/gradido.net\/wp-content\/uploads\/2022\/10\/PreNow1-300x169.jpg 300w, https:\/\/gradido.net\/wp-content\/uploads\/2022\/10\/PreNow1-768x432.jpg 768w, https:\/\/gradido.net\/wp-content\/uploads\/2022\/10\/PreNow1-18x10.jpg 18w\" sizes=\"(max-width: 800px) 100vw, 800px\" \/><\/div><\/a>\n\t\t\t\t<div class=\"elementor-post__text\">\n\t\t\t\t<h3 class=\"elementor-post__title\">\n\t\t\t<a href=\"https:\/\/gradido.net\/pl\/prenow-das-spiel-das-mitdenkt-und-kreative-loesungen-hervorbringt\/\" >\n\t\t\t\tPreNow - gra, kt\u00f3ra my\u015bli i tworzy kreatywne rozwi\u0105zania\t\t\t<\/a>\n\t\t<\/h3>\n\t\t\t\t<div class=\"elementor-post__excerpt\">\n\t\t\t<p>Burza m\u00f3zg\u00f3w by\u0142a wczoraj! Dzi\u015b ka\u017cdy w grupie ma prawo zrobi\u0107 co\u015b samodzielnie i pokaza\u0107, jakie ma mo\u017cliwo\u015bci. W pi\u0105tek na Zoomie rusza Gradido PreNow Cafe - Temat: Spo\u0142eczno\u015b\u0107 Gradido i jej mo\u017cliwo\u015bci - Kolejne PreNow Cafe w ka\u017cdy pi\u0105tek o 16:00 (Zoom).<\/p>\n\t\t<\/div>\n\t\t\n\t\t<a class=\"elementor-post__read-more\" href=\"https:\/\/gradido.net\/pl\/prenow-das-spiel-das-mitdenkt-und-kreative-loesungen-hervorbringt\/\" aria-label=\"Czytaj wi\u0119cej o PreNow - gra, kt\u00f3ra my\u015bli i tworzy kreatywne rozwi\u0105zania\" tabindex=\"-1\" >\n\t\t\tPrzeczytaj wi\u0119cej\t\t<\/a>\n\n\t\t\t\t<\/div>\n\t\t\t\t<div class=\"elementor-post__meta-data\">\n\t\t\t\t\t<span class=\"elementor-post-date\">\n\t\t\t30. wrze\u015bnia 2022 r.\t\t<\/span>\n\t\t\t\t<\/div>\n\t\t\t\t\t<\/div>\n\t\t<\/article>\n\t\t\t\t<article class=\"elementor-post elementor-grid-item post-5573 post type-post status-publish format-standard has-post-thumbnail hentry category-blog category-psychologie tag-bild-oben\" role=\"listitem\">\n\t\t\t<div class=\"elementor-post__card\">\n\t\t\t\t<a class=\"elementor-post__thumbnail__link\" href=\"https:\/\/gradido.net\/pl\/gradido-eine-oekonomie-der-dankbarkeit\/\" tabindex=\"-1\" ><div class=\"elementor-post__thumbnail\"><img loading=\"lazy\" decoding=\"async\" width=\"800\" height=\"327\" src=\"https:\/\/gradido.net\/wp-content\/uploads\/2022\/08\/Some1-1024x418.jpg\" class=\"attachment-large size-large wp-image-5575\" alt=\"\" srcset=\"https:\/\/gradido.net\/wp-content\/uploads\/2022\/08\/Some1-1024x418.jpg 1024w, https:\/\/gradido.net\/wp-content\/uploads\/2022\/08\/Some1-300x123.jpg 300w, https:\/\/gradido.net\/wp-content\/uploads\/2022\/08\/Some1-768x314.jpg 768w, https:\/\/gradido.net\/wp-content\/uploads\/2022\/08\/Some1-1536x627.jpg 1536w, https:\/\/gradido.net\/wp-content\/uploads\/2022\/08\/Some1-18x7.jpg 18w, https:\/\/gradido.net\/wp-content\/uploads\/2022\/08\/Some1.jpg 1800w\" sizes=\"(max-width: 800px) 100vw, 800px\" \/><\/div><\/a>\n\t\t\t\t<div class=\"elementor-post__text\">\n\t\t\t\t<h3 class=\"elementor-post__title\">\n\t\t\t<a href=\"https:\/\/gradido.net\/pl\/gradido-eine-oekonomie-der-dankbarkeit\/\" >\n\t\t\t\tGradido - ekonomia wdzi\u0119czno\u015bci\t\t\t<\/a>\n\t\t<\/h3>\n\t\t\t\t<div class=\"elementor-post__excerpt\">\n\t\t\t<p>Margret Baier i Bernd H\u00fcckst\u00e4dt w rozmowie z Corneliusem Braitmaierem z some1.tv - Sprawiedliwa gospodarka, sprawiedliwa waluta, system, w kt\u00f3rym pieni\u0105dze zn\u00f3w s\u0142u\u017c\u0105 ludziom, a nie ludzie s\u0142u\u017c\u0105 pieni\u0105dzom.<\/p>\n\t\t<\/div>\n\t\t\n\t\t<a class=\"elementor-post__read-more\" href=\"https:\/\/gradido.net\/pl\/gradido-eine-oekonomie-der-dankbarkeit\/\" aria-label=\"Czytaj wi\u0119cej o Gradido - ekonomia wdzi\u0119czno\u015bci\" tabindex=\"-1\" >\n\t\t\tPrzeczytaj wi\u0119cej\t\t<\/a>\n\n\t\t\t\t<\/div>\n\t\t\t\t<div class=\"elementor-post__meta-data\">\n\t\t\t\t\t<span class=\"elementor-post-date\">\n\t\t\t30. sierpnia 2022 r.\t\t<\/span>\n\t\t\t\t<\/div>\n\t\t\t\t\t<\/div>\n\t\t<\/article>\n\t\t\t\t<article class=\"elementor-post elementor-grid-item post-5543 post type-post status-publish format-standard has-post-thumbnail hentry category-blog category-psychologie\" role=\"listitem\">\n\t\t\t<div class=\"elementor-post__card\">\n\t\t\t\t<a class=\"elementor-post__thumbnail__link\" href=\"https:\/\/gradido.net\/pl\/gradido-dankbarkeit-mit-system\/\" tabindex=\"-1\" ><div class=\"elementor-post__thumbnail\"><img loading=\"lazy\" decoding=\"async\" width=\"800\" height=\"448\" src=\"https:\/\/gradido.net\/wp-content\/uploads\/2022\/08\/Gradido_dieBasis.jpg\" class=\"attachment-large size-large wp-image-5546\" alt=\"\" srcset=\"https:\/\/gradido.net\/wp-content\/uploads\/2022\/08\/Gradido_dieBasis.jpg 1000w, https:\/\/gradido.net\/wp-content\/uploads\/2022\/08\/Gradido_dieBasis-300x168.jpg 300w, https:\/\/gradido.net\/wp-content\/uploads\/2022\/08\/Gradido_dieBasis-768x430.jpg 768w, https:\/\/gradido.net\/wp-content\/uploads\/2022\/08\/Gradido_dieBasis-18x10.jpg 18w\" sizes=\"(max-width: 800px) 100vw, 800px\" \/><\/div><\/a>\n\t\t\t\t<div class=\"elementor-post__text\">\n\t\t\t\t<h3 class=\"elementor-post__title\">\n\t\t\t<a href=\"https:\/\/gradido.net\/pl\/gradido-dankbarkeit-mit-system\/\" >\n\t\t\t\tGradido - Wdzi\u0119czno\u015b\u0107 z systemem\t\t\t<\/a>\n\t\t<\/h3>\n\t\t\t\t<div class=\"elementor-post__excerpt\">\n\t\t\t<p>Partia dieBasis zaprasza 24 sierpnia 2022 r. na wyk\u0142ad Zoom o systemie pieni\u0119\u017cnym Gradido z Berndem H\u00fcckst\u00e4dtem. W przeciwie\u0144stwie do starego systemu pieni\u0105dza d\u0142u\u017cnego, z Gradido pieni\u0105dz jest tworzony przez ka\u017cdego cz\u0142owieka.<\/p>\n\t\t<\/div>\n\t\t\n\t\t<a class=\"elementor-post__read-more\" href=\"https:\/\/gradido.net\/pl\/gradido-dankbarkeit-mit-system\/\" aria-label=\"Czytaj wi\u0119cej o Gradido - Wdzi\u0119czno\u015b\u0107 z systemem\" tabindex=\"-1\" >\n\t\t\tPrzeczytaj wi\u0119cej\t\t<\/a>\n\n\t\t\t\t<\/div>\n\t\t\t\t<div class=\"elementor-post__meta-data\">\n\t\t\t\t\t<span class=\"elementor-post-date\">\n\t\t\t25. sierpnia 2022 r.\t\t<\/span>\n\t\t\t\t<\/div>\n\t\t\t\t\t<\/div>\n\t\t<\/article>\n\t\t\t\t<article class=\"elementor-post elementor-grid-item post-5445 post type-post status-publish format-standard has-post-thumbnail hentry category-blog category-psychologie\" role=\"listitem\">\n\t\t\t<div class=\"elementor-post__card\">\n\t\t\t\t<a class=\"elementor-post__thumbnail__link\" href=\"https:\/\/gradido.net\/pl\/bewusstseinsskala-2-wir-helfen-einander-nach-oben\/\" tabindex=\"-1\" ><div class=\"elementor-post__thumbnail\"><img loading=\"lazy\" decoding=\"async\" width=\"800\" height=\"466\" src=\"https:\/\/gradido.net\/wp-content\/uploads\/2022\/08\/Bewusstseinsskala-gross-1024x597.jpg\" class=\"attachment-large size-large wp-image-5446\" alt=\"\" srcset=\"https:\/\/gradido.net\/wp-content\/uploads\/2022\/08\/Bewusstseinsskala-gross-1024x597.jpg 1024w, https:\/\/gradido.net\/wp-content\/uploads\/2022\/08\/Bewusstseinsskala-gross-300x175.jpg 300w, https:\/\/gradido.net\/wp-content\/uploads\/2022\/08\/Bewusstseinsskala-gross-768x448.jpg 768w, https:\/\/gradido.net\/wp-content\/uploads\/2022\/08\/Bewusstseinsskala-gross-1536x896.jpg 1536w, https:\/\/gradido.net\/wp-content\/uploads\/2022\/08\/Bewusstseinsskala-gross.jpg 1800w\" sizes=\"(max-width: 800px) 100vw, 800px\" \/><\/div><\/a>\n\t\t\t\t<div class=\"elementor-post__text\">\n\t\t\t\t<h3 class=\"elementor-post__title\">\n\t\t\t<a href=\"https:\/\/gradido.net\/pl\/bewusstseinsskala-2-wir-helfen-einander-nach-oben\/\" >\n\t\t\t\tSkala \u015bwiadomo\u015bci (2): Pomagamy sobie nawzajem w g\u00f3r\u0119\t\t\t<\/a>\n\t\t<\/h3>\n\t\t\t\t<div class=\"elementor-post__excerpt\">\n\t\t\t<p>Podnosz\u0105c swoje emocje w kierunku mi\u0142o\u015bci i wdzi\u0119czno\u015bci, aktywnie dzia\u0142amy na rzecz pokoju - na ma\u0142\u0105 i du\u017c\u0105 skal\u0119. Nie mamy nic do stracenia w tym procesie, ale wszyscy zyskujemy w tym procesie<\/p>\n\t\t<\/div>\n\t\t\n\t\t<a class=\"elementor-post__read-more\" href=\"https:\/\/gradido.net\/pl\/bewusstseinsskala-2-wir-helfen-einander-nach-oben\/\" aria-label=\"Read more about Skala \u015bwiadomo\u015bci (2): Pomagamy sobie w g\u00f3rze\" tabindex=\"-1\" >\n\t\t\tPrzeczytaj wi\u0119cej\t\t<\/a>\n\n\t\t\t\t<\/div>\n\t\t\t\t<div class=\"elementor-post__meta-data\">\n\t\t\t\t\t<span class=\"elementor-post-date\">\n\t\t\t15. sierpnia 2022 r.\t\t<\/span>\n\t\t\t\t<\/div>\n\t\t\t\t\t<\/div>\n\t\t<\/article>\n\t\t\t\t<article class=\"elementor-post elementor-grid-item post-5422 post type-post status-publish format-standard has-post-thumbnail hentry category-blog category-community category-gradido-konto category-psychologie\" role=\"listitem\">\n\t\t\t<div class=\"elementor-post__card\">\n\t\t\t\t<a class=\"elementor-post__thumbnail__link\" href=\"https:\/\/gradido.net\/pl\/gemeinwohl-was-ist-das\/\" tabindex=\"-1\" ><div class=\"elementor-post__thumbnail\"><img loading=\"lazy\" decoding=\"async\" width=\"800\" height=\"534\" src=\"https:\/\/gradido.net\/wp-content\/uploads\/2022\/08\/Gemeinwohl-Blog2-1024x683.jpg\" class=\"attachment-large size-large wp-image-5476\" alt=\"\" srcset=\"https:\/\/gradido.net\/wp-content\/uploads\/2022\/08\/Gemeinwohl-Blog2-1024x683.jpg 1024w, https:\/\/gradido.net\/wp-content\/uploads\/2022\/08\/Gemeinwohl-Blog2-300x200.jpg 300w, https:\/\/gradido.net\/wp-content\/uploads\/2022\/08\/Gemeinwohl-Blog2-768x512.jpg 768w, https:\/\/gradido.net\/wp-content\/uploads\/2022\/08\/Gemeinwohl-Blog2-1536x1024.jpg 1536w, https:\/\/gradido.net\/wp-content\/uploads\/2022\/08\/Gemeinwohl-Blog2-18x12.jpg 18w, https:\/\/gradido.net\/wp-content\/uploads\/2022\/08\/Gemeinwohl-Blog2.jpg 1800w\" sizes=\"(max-width: 800px) 100vw, 800px\" \/><\/div><\/a>\n\t\t\t\t<div class=\"elementor-post__text\">\n\t\t\t\t<h3 class=\"elementor-post__title\">\n\t\t\t<a href=\"https:\/\/gradido.net\/pl\/gemeinwohl-was-ist-das\/\" >\n\t\t\t\tDobro wsp\u00f3lne - co to jest?\t\t\t<\/a>\n\t\t<\/h3>\n\t\t\t\t<div class=\"elementor-post__excerpt\">\n\t\t\t<p>Wk\u0142ady na rzecz dobra wsp\u00f3lnego to wszystko, co zdrowy rozs\u0105dek nazwa\u0142by wolontariatem, prac\u0105 dobrowoln\u0105 itp.<\/p>\n\t\t<\/div>\n\t\t\n\t\t<a class=\"elementor-post__read-more\" href=\"https:\/\/gradido.net\/pl\/gemeinwohl-was-ist-das\/\" aria-label=\"Read more about Dobro wsp\u00f3lne - czym jest?\" tabindex=\"-1\" >\n\t\t\tPrzeczytaj wi\u0119cej\t\t<\/a>\n\n\t\t\t\t<\/div>\n\t\t\t\t<div class=\"elementor-post__meta-data\">\n\t\t\t\t\t<span class=\"elementor-post-date\">\n\t\t\t9. sierpnia 2022 r.\t\t<\/span>\n\t\t\t\t<\/div>\n\t\t\t\t\t<\/div>\n\t\t<\/article>\n\t\t\t\t<article class=\"elementor-post elementor-grid-item post-5381 post type-post status-publish format-standard has-post-thumbnail hentry category-blog category-gradido-konto\" role=\"listitem\">\n\t\t\t<div class=\"elementor-post__card\">\n\t\t\t\t<a class=\"elementor-post__thumbnail__link\" href=\"https:\/\/gradido.net\/pl\/gemeinwohl-beitraege-jetzt-direkt-im-gradido-konto\/\" tabindex=\"-1\" ><div class=\"elementor-post__thumbnail\"><img loading=\"lazy\" decoding=\"async\" width=\"800\" height=\"450\" src=\"https:\/\/gradido.net\/wp-content\/uploads\/2022\/07\/Neues-Gradido-Konto.jpg\" class=\"attachment-large size-large wp-image-5382\" alt=\"\" srcset=\"https:\/\/gradido.net\/wp-content\/uploads\/2022\/07\/Neues-Gradido-Konto.jpg 800w, https:\/\/gradido.net\/wp-content\/uploads\/2022\/07\/Neues-Gradido-Konto-300x169.jpg 300w, https:\/\/gradido.net\/wp-content\/uploads\/2022\/07\/Neues-Gradido-Konto-768x432.jpg 768w, https:\/\/gradido.net\/wp-content\/uploads\/2022\/07\/Neues-Gradido-Konto-18x10.jpg 18w\" sizes=\"(max-width: 800px) 100vw, 800px\" \/><\/div><\/a>\n\t\t\t\t<div class=\"elementor-post__text\">\n\t\t\t\t<h3 class=\"elementor-post__title\">\n\t\t\t<a href=\"https:\/\/gradido.net\/pl\/gemeinwohl-beitraege-jetzt-direkt-im-gradido-konto\/\" >\n\t\t\t\tSk\u0142adki na dobro wsp\u00f3lne teraz bezpo\u015brednio na koncie Gradido\t\t\t<\/a>\n\t\t<\/h3>\n\t\t\t\t<div class=\"elementor-post__excerpt\">\n\t\t\t<p>Od teraz nie musisz ju\u017c przechodzi\u0107 do strefy dla cz\u0142onk\u00f3w, aby wprowadzi\u0107 swoje sk\u0142adki na Dobro Wsp\u00f3lne. Mo\u017cesz je teraz przes\u0142a\u0107 bezpo\u015brednio na swoje konto Gradido i szybko otrzyma\u0107 sw\u00f3j Aktywny Doch\u00f3d Podstawowy.<\/p>\n\t\t<\/div>\n\t\t\n\t\t<a class=\"elementor-post__read-more\" href=\"https:\/\/gradido.net\/pl\/gemeinwohl-beitraege-jetzt-direkt-im-gradido-konto\/\" aria-label=\"Czytaj wi\u0119cej o Sk\u0142adki na Dobro Wsp\u00f3lne teraz bezpo\u015brednio na koncie Gradido\" tabindex=\"-1\" >\n\t\t\tPrzeczytaj wi\u0119cej\t\t<\/a>\n\n\t\t\t\t<\/div>\n\t\t\t\t<div class=\"elementor-post__meta-data\">\n\t\t\t\t\t<span class=\"elementor-post-date\">\n\t\t\t29. lipca 2022 r.\t\t<\/span>\n\t\t\t\t<\/div>\n\t\t\t\t\t<\/div>\n\t\t<\/article>\n\t\t\t\t<article class=\"elementor-post elementor-grid-item post-5327 post type-post status-publish format-standard has-post-thumbnail hentry category-blog category-psychologie tag-bild-oben\" role=\"listitem\">\n\t\t\t<div class=\"elementor-post__card\">\n\t\t\t\t<a class=\"elementor-post__thumbnail__link\" href=\"https:\/\/gradido.net\/pl\/bewusstseinsskala-1-gradido-weit-oben\/\" tabindex=\"-1\" ><div class=\"elementor-post__thumbnail\"><img loading=\"lazy\" decoding=\"async\" width=\"800\" height=\"382\" src=\"https:\/\/gradido.net\/wp-content\/uploads\/2022\/07\/AdobeStock_250822382-1024x489.jpeg\" class=\"attachment-large size-large wp-image-5329\" alt=\"\" srcset=\"https:\/\/gradido.net\/wp-content\/uploads\/2022\/07\/AdobeStock_250822382-1024x489.jpeg 1024w, https:\/\/gradido.net\/wp-content\/uploads\/2022\/07\/AdobeStock_250822382-300x143.jpeg 300w, https:\/\/gradido.net\/wp-content\/uploads\/2022\/07\/AdobeStock_250822382-768x367.jpeg 768w, https:\/\/gradido.net\/wp-content\/uploads\/2022\/07\/AdobeStock_250822382-1536x733.jpeg 1536w, https:\/\/gradido.net\/wp-content\/uploads\/2022\/07\/AdobeStock_250822382-2048x977.jpeg 2048w, https:\/\/gradido.net\/wp-content\/uploads\/2022\/07\/AdobeStock_250822382-18x9.jpeg 18w\" sizes=\"(max-width: 800px) 100vw, 800px\" \/><\/div><\/a>\n\t\t\t\t<div class=\"elementor-post__text\">\n\t\t\t\t<h3 class=\"elementor-post__title\">\n\t\t\t<a href=\"https:\/\/gradido.net\/pl\/bewusstseinsskala-1-gradido-weit-oben\/\" >\n\t\t\t\tSkala \u015bwiadomo\u015bci (1): Wdzi\u0119czno\u015b\u0107 wysoko w g\u00f3rze\t\t\t<\/a>\n\t\t<\/h3>\n\t\t\t\t<div class=\"elementor-post__excerpt\">\n\t\t\t<p>Skala ta obejmuje wszystkie ludzkie stany \u015bwiadomo\u015bci i porz\u0105dkuje je w warto\u015bci od 0 (\u015bmier\u0107) do 1000 (najwy\u017cszy stopie\u0144 o\u015bwiecenia), przy czym jako\u015b\u0107 \u017cycia i do\u015bwiadczane stopnie wolno\u015bci rosn\u0105 w g\u00f3r\u0119.<\/p>\n\t\t<\/div>\n\t\t\n\t\t<a class=\"elementor-post__read-more\" href=\"https:\/\/gradido.net\/pl\/bewusstseinsskala-1-gradido-weit-oben\/\" aria-label=\"Read more about Skala \u015bwiadomo\u015bci (1): Wdzi\u0119czno\u015b\u0107 wysoko w g\u00f3rze\" tabindex=\"-1\" >\n\t\t\tPrzeczytaj wi\u0119cej\t\t<\/a>\n\n\t\t\t\t<\/div>\n\t\t\t\t<div class=\"elementor-post__meta-data\">\n\t\t\t\t\t<span class=\"elementor-post-date\">\n\t\t\t25. lipca 2022 r.\t\t<\/span>\n\t\t\t\t<\/div>\n\t\t\t\t\t<\/div>\n\t\t<\/article>\n\t\t\t\t<article class=\"elementor-post elementor-grid-item post-4482 post type-post status-publish format-standard has-post-thumbnail hentry category-blog category-psychologie\" role=\"listitem\">\n\t\t\t<div class=\"elementor-post__card\">\n\t\t\t\t<a class=\"elementor-post__thumbnail__link\" href=\"https:\/\/gradido.net\/pl\/gradido-foerdert-herz-hirn-kohaerenz\/\" tabindex=\"-1\" ><div class=\"elementor-post__thumbnail\"><img loading=\"lazy\" decoding=\"async\" width=\"800\" height=\"450\" src=\"https:\/\/gradido.net\/wp-content\/uploads\/2022\/05\/Herz_Hirn-1024x576.jpg\" class=\"attachment-large size-large wp-image-11763\" alt=\"\" srcset=\"https:\/\/gradido.net\/wp-content\/uploads\/2022\/05\/Herz_Hirn-1024x576.jpg 1024w, https:\/\/gradido.net\/wp-content\/uploads\/2022\/05\/Herz_Hirn-300x169.jpg 300w, https:\/\/gradido.net\/wp-content\/uploads\/2022\/05\/Herz_Hirn-768x432.jpg 768w, https:\/\/gradido.net\/wp-content\/uploads\/2022\/05\/Herz_Hirn-18x10.jpg 18w, https:\/\/gradido.net\/wp-content\/uploads\/2022\/05\/Herz_Hirn.jpg 1280w\" sizes=\"(max-width: 800px) 100vw, 800px\" \/><\/div><\/a>\n\t\t\t\t<div class=\"elementor-post__text\">\n\t\t\t\t<h3 class=\"elementor-post__title\">\n\t\t\t<a href=\"https:\/\/gradido.net\/pl\/gradido-foerdert-herz-hirn-kohaerenz\/\" >\n\t\t\t\tWdzi\u0119czno\u015b\u0107 sprzyja sp\u00f3jno\u015bci serce-m\u00f3zg\t\t\t<\/a>\n\t\t<\/h3>\n\t\t\t\t<div class=\"elementor-post__excerpt\">\n\t\t\t<p>W przeciwie\u0144stwie do starego systemu pieni\u0105dza d\u0142u\u017cnego, kt\u00f3ry rozprzestrzenia chore wibracje strachu i chciwo\u015bci, Gradido promuje sp\u00f3jno\u015b\u0107 serca i m\u00f3zgu. Z ka\u017cd\u0105 transakcj\u0105 nadawca i odbiorca s\u0105 stymulowani do wej\u015bcia w ten zdrowy, spokojny i nastawiony na rozwi\u0105zania stan.<\/p>\n\t\t<\/div>\n\t\t\n\t\t<a class=\"elementor-post__read-more\" href=\"https:\/\/gradido.net\/pl\/gradido-foerdert-herz-hirn-kohaerenz\/\" aria-label=\"Read more about Wdzi\u0119czno\u015b\u0107 sprzyja sp\u00f3jno\u015bci serce-m\u00f3zg\" tabindex=\"-1\" >\n\t\t\tPrzeczytaj wi\u0119cej\t\t<\/a>\n\n\t\t\t\t<\/div>\n\t\t\t\t<div class=\"elementor-post__meta-data\">\n\t\t\t\t\t<span class=\"elementor-post-date\">\n\t\t\t29 maja 2022 r.\t\t<\/span>\n\t\t\t\t<\/div>\n\t\t\t\t\t<\/div>\n\t\t<\/article>\n\t\t\t\t<article class=\"elementor-post elementor-grid-item post-4464 post type-post status-publish format-standard has-post-thumbnail hentry category-blog category-community category-psychologie tag-bild-oben tag-grosse-kooperation\" role=\"listitem\">\n\t\t\t<div class=\"elementor-post__card\">\n\t\t\t\t<a class=\"elementor-post__thumbnail__link\" href=\"https:\/\/gradido.net\/pl\/weltbevoelkerung-wir-sind-viele-das-ist-gut\/\" tabindex=\"-1\" ><div class=\"elementor-post__thumbnail\"><img loading=\"lazy\" decoding=\"async\" width=\"800\" height=\"534\" src=\"https:\/\/gradido.net\/wp-content\/uploads\/2022\/05\/Weltbevoelkerung-1024x683.jpg\" class=\"attachment-large size-large wp-image-4465\" alt=\"\" srcset=\"https:\/\/gradido.net\/wp-content\/uploads\/2022\/05\/Weltbevoelkerung-1024x683.jpg 1024w, https:\/\/gradido.net\/wp-content\/uploads\/2022\/05\/Weltbevoelkerung-300x200.jpg 300w, https:\/\/gradido.net\/wp-content\/uploads\/2022\/05\/Weltbevoelkerung-768x512.jpg 768w, https:\/\/gradido.net\/wp-content\/uploads\/2022\/05\/Weltbevoelkerung-18x12.jpg 18w, https:\/\/gradido.net\/wp-content\/uploads\/2022\/05\/Weltbevoelkerung.jpg 1200w\" sizes=\"(max-width: 800px) 100vw, 800px\" \/><\/div><\/a>\n\t\t\t\t<div class=\"elementor-post__text\">\n\t\t\t\t<h3 class=\"elementor-post__title\">\n\t\t\t<a href=\"https:\/\/gradido.net\/pl\/weltbevoelkerung-wir-sind-viele-das-ist-gut\/\" >\n\t\t\t\tLudno\u015b\u0107 \u015bwiata: Jest nas wielu. To jest dobre.\t\t\t<\/a>\n\t\t<\/h3>\n\t\t\t\t<div class=\"elementor-post__excerpt\">\n\t\t\t<p>8 miliard\u00f3w ludzi to rozwi\u0105zanie, a nie problem. Mo\u017cemy by\u0107 wdzi\u0119czni ka\u017cdej pojedynczej istocie ludzkiej, poniewa\u017c przyczynia si\u0119 ona do tego, \u017ce ludzko\u015b\u0107 mo\u017ce przej\u015b\u0107 na kolejny, wy\u017cszy etap ewolucji.<\/p>\n\t\t<\/div>\n\t\t\n\t\t<a class=\"elementor-post__read-more\" href=\"https:\/\/gradido.net\/pl\/weltbevoelkerung-wir-sind-viele-das-ist-gut\/\" aria-label=\"Read more about Ludno\u015b\u0107 \u015bwiata: jest nas du\u017co. To dobrze.\" tabindex=\"-1\" >\n\t\t\tPrzeczytaj wi\u0119cej\t\t<\/a>\n\n\t\t\t\t<\/div>\n\t\t\t\t<div class=\"elementor-post__meta-data\">\n\t\t\t\t\t<span class=\"elementor-post-date\">\n\t\t\t24 maja 2022 r.\t\t<\/span>\n\t\t\t\t<\/div>\n\t\t\t\t\t<\/div>\n\t\t<\/article>\n\t\t\t\t<article class=\"elementor-post elementor-grid-item post-4410 post type-post status-publish format-standard has-post-thumbnail hentry category-blog category-community category-pressemitteilung category-psychologie tag-bild-oben\" role=\"listitem\">\n\t\t\t<div class=\"elementor-post__card\">\n\t\t\t\t<a class=\"elementor-post__thumbnail__link\" href=\"https:\/\/gradido.net\/pl\/gradido-interview-im-walnussblatt\/\" tabindex=\"-1\" ><div class=\"elementor-post__thumbnail\"><img loading=\"lazy\" decoding=\"async\" width=\"800\" height=\"534\" src=\"https:\/\/gradido.net\/wp-content\/uploads\/2022\/05\/Walnussblatt_Blog4-1024x683.jpg\" class=\"attachment-large size-large wp-image-4428\" alt=\"\" srcset=\"https:\/\/gradido.net\/wp-content\/uploads\/2022\/05\/Walnussblatt_Blog4-1024x683.jpg 1024w, https:\/\/gradido.net\/wp-content\/uploads\/2022\/05\/Walnussblatt_Blog4-300x200.jpg 300w, https:\/\/gradido.net\/wp-content\/uploads\/2022\/05\/Walnussblatt_Blog4-768x512.jpg 768w, https:\/\/gradido.net\/wp-content\/uploads\/2022\/05\/Walnussblatt_Blog4-18x12.jpg 18w, https:\/\/gradido.net\/wp-content\/uploads\/2022\/05\/Walnussblatt_Blog4.jpg 1500w\" sizes=\"(max-width: 800px) 100vw, 800px\" \/><\/div><\/a>\n\t\t\t\t<div class=\"elementor-post__text\">\n\t\t\t\t<h3 class=\"elementor-post__title\">\n\t\t\t<a href=\"https:\/\/gradido.net\/pl\/gradido-interview-im-walnussblatt\/\" >\n\t\t\t\tWywiad z Gradido w \"WALNUSSblatt\t\t\t<\/a>\n\t\t<\/h3>\n\t\t\t\t<div class=\"elementor-post__excerpt\">\n\t\t\t<p>W bie\u017c\u0105cym numerze poruszamy wa\u017cny temat: \"Droga do pokoju: mi\u0142o\u015b\u0107\". Pod tytu\u0142em \"Gradido - nowa waluta nazywa si\u0119 wdzi\u0119czno\u015b\u0107\" Pedro przedstawia wywiad z Berndem, kt\u00f3ry warto przeczyta\u0107 na temat nowej orientacji i aktualnego stanu Gradido jako elementarnego narz\u0119dzia pokoju.<\/p>\n\t\t<\/div>\n\t\t\n\t\t<a class=\"elementor-post__read-more\" href=\"https:\/\/gradido.net\/pl\/gradido-interview-im-walnussblatt\/\" aria-label=\"Wi\u0119cej o wywiadzie Gradido w &quot;WALNUSSblatt\" tabindex=\"-1\" >\n\t\t\tPrzeczytaj wi\u0119cej\t\t<\/a>\n\n\t\t\t\t<\/div>\n\t\t\t\t<div class=\"elementor-post__meta-data\">\n\t\t\t\t\t<span class=\"elementor-post-date\">\n\t\t\t15 maja 2022 r.\t\t<\/span>\n\t\t\t\t<\/div>\n\t\t\t\t\t<\/div>\n\t\t<\/article>\n\t\t\t\t<article class=\"elementor-post elementor-grid-item post-4295 post type-post status-publish format-standard has-post-thumbnail hentry category-blog category-gradido-konto\" role=\"listitem\">\n\t\t\t<div class=\"elementor-post__card\">\n\t\t\t\t<a class=\"elementor-post__thumbnail__link\" href=\"https:\/\/gradido.net\/pl\/gradido-senden-ueber-telegram-co\/\" tabindex=\"-1\" ><div class=\"elementor-post__thumbnail\"><img loading=\"lazy\" decoding=\"async\" width=\"800\" height=\"500\" src=\"https:\/\/gradido.net\/wp-content\/uploads\/2022\/05\/Gradido_Telegram-1024x640.jpg\" class=\"attachment-large size-large wp-image-4296\" alt=\"\" srcset=\"https:\/\/gradido.net\/wp-content\/uploads\/2022\/05\/Gradido_Telegram-1024x640.jpg 1024w, https:\/\/gradido.net\/wp-content\/uploads\/2022\/05\/Gradido_Telegram-300x188.jpg 300w, https:\/\/gradido.net\/wp-content\/uploads\/2022\/05\/Gradido_Telegram-768x480.jpg 768w, https:\/\/gradido.net\/wp-content\/uploads\/2022\/05\/Gradido_Telegram-18x12.jpg 18w, https:\/\/gradido.net\/wp-content\/uploads\/2022\/05\/Gradido_Telegram.jpg 1440w\" sizes=\"(max-width: 800px) 100vw, 800px\" \/><\/div><\/a>\n\t\t\t\t<div class=\"elementor-post__text\">\n\t\t\t\t<h3 class=\"elementor-post__title\">\n\t\t\t<a href=\"https:\/\/gradido.net\/pl\/gradido-senden-ueber-telegram-co\/\" >\n\t\t\t\tWy\u015blij Gradido przez Telegram &amp; Co\t\t\t<\/a>\n\t\t<\/h3>\n\t\t\t\t<div class=\"elementor-post__excerpt\">\n\t\t\t<p>Tak, mo\u017cemy \u0142atwo wys\u0142a\u0107 Gradido przez Telegram! Dzi\u0119ki \u0142\u0105czu Gradido wys\u0142anie Gradido jest tak proste, jak wys\u0142anie zwyk\u0142ej wiadomo\u015bci tekstowej. Twoi odbiorcy nie musz\u0105 nawet posiada\u0107 konta w serwisie Gradido. <\/p>\n\t\t<\/div>\n\t\t\n\t\t<a class=\"elementor-post__read-more\" href=\"https:\/\/gradido.net\/pl\/gradido-senden-ueber-telegram-co\/\" aria-label=\"Read more about Wy\u015blij Gradido przez Telegram &amp; Co\" tabindex=\"-1\" >\n\t\t\tPrzeczytaj wi\u0119cej\t\t<\/a>\n\n\t\t\t\t<\/div>\n\t\t\t\t<div class=\"elementor-post__meta-data\">\n\t\t\t\t\t<span class=\"elementor-post-date\">\n\t\t\t10. maja 2022 r.\t\t<\/span>\n\t\t\t\t<\/div>\n\t\t\t\t\t<\/div>\n\t\t<\/article>\n\t\t\t\t<article class=\"elementor-post elementor-grid-item post-4292 post type-post status-publish format-standard has-post-thumbnail hentry category-blog category-gradido-konto\" role=\"listitem\">\n\t\t\t<div class=\"elementor-post__card\">\n\t\t\t\t<a class=\"elementor-post__thumbnail__link\" href=\"https:\/\/gradido.net\/pl\/live-gradido-senden-von-mensch-zu-mensch-mit-qr-code\/\" tabindex=\"-1\" ><div class=\"elementor-post__thumbnail\"><img loading=\"lazy\" decoding=\"async\" width=\"800\" height=\"500\" src=\"https:\/\/gradido.net\/wp-content\/uploads\/2022\/05\/WP_QR-Code-1024x640.jpg\" class=\"attachment-large size-large wp-image-4276\" alt=\"\" srcset=\"https:\/\/gradido.net\/wp-content\/uploads\/2022\/05\/WP_QR-Code-1024x640.jpg 1024w, https:\/\/gradido.net\/wp-content\/uploads\/2022\/05\/WP_QR-Code-300x188.jpg 300w, https:\/\/gradido.net\/wp-content\/uploads\/2022\/05\/WP_QR-Code-768x480.jpg 768w, https:\/\/gradido.net\/wp-content\/uploads\/2022\/05\/WP_QR-Code-18x12.jpg 18w, https:\/\/gradido.net\/wp-content\/uploads\/2022\/05\/WP_QR-Code.jpg 1440w\" sizes=\"(max-width: 800px) 100vw, 800px\" \/><\/div><\/a>\n\t\t\t\t<div class=\"elementor-post__text\">\n\t\t\t\t<h3 class=\"elementor-post__title\">\n\t\t\t<a href=\"https:\/\/gradido.net\/pl\/live-gradido-senden-von-mensch-zu-mensch-mit-qr-code\/\" >\n\t\t\t\tNowo\u015b\u0107: wysy\u0142aj Gradido na \u017cywo od osoby do osoby - za pomoc\u0105 kodu QR\t\t\t<\/a>\n\t\t<\/h3>\n\t\t\t\t<div class=\"elementor-post__excerpt\">\n\t\t\t<p>Opr\u00f3cz przelewu bankowego i \u0142\u0105cza Gradido mo\u017cna teraz wysy\u0142a\u0107 Gradidos za pomoc\u0105 kodu QR. Bezpo\u015brednio w kontakcie osobistym, od osoby do osoby, przekazujesz wizj\u0119 nowego systemu \u017cycia i pieni\u0119dzy, kt\u00f3ry zosta\u0142 opracowany zgodnie z naturalnymi koncepcjami sukcesu, kt\u00f3re sprawdzi\u0142y si\u0119 w ci\u0105gu miliard\u00f3w lat.<\/p>\n\t\t<\/div>\n\t\t\n\t\t<a class=\"elementor-post__read-more\" href=\"https:\/\/gradido.net\/pl\/live-gradido-senden-von-mensch-zu-mensch-mit-qr-code\/\" aria-label=\"Czytaj wi\u0119cej o Nowo\u015b\u0107: Wysy\u0142aj Gradido na \u017cywo od osoby do osoby - za pomoc\u0105 kodu QR\" tabindex=\"-1\" >\n\t\t\tPrzeczytaj wi\u0119cej\t\t<\/a>\n\n\t\t\t\t<\/div>\n\t\t\t\t<div class=\"elementor-post__meta-data\">\n\t\t\t\t\t<span class=\"elementor-post-date\">\n\t\t\t1. maj 2022 r.\t\t<\/span>\n\t\t\t\t<\/div>\n\t\t\t\t\t<\/div>\n\t\t<\/article>\n\t\t\t\t<article class=\"elementor-post elementor-grid-item post-4228 post type-post status-publish format-standard has-post-thumbnail hentry category-blog category-community category-gradido-konto\" role=\"listitem\">\n\t\t\t<div class=\"elementor-post__card\">\n\t\t\t\t<a class=\"elementor-post__thumbnail__link\" href=\"https:\/\/gradido.net\/pl\/gradido-link-erfahrungen-und-textvorschlaege\/\" tabindex=\"-1\" ><div class=\"elementor-post__thumbnail\"><img loading=\"lazy\" decoding=\"async\" width=\"800\" height=\"354\" src=\"https:\/\/gradido.net\/wp-content\/uploads\/2022\/04\/DANKE-1-1024x453.jpg\" class=\"attachment-large size-large wp-image-4231\" alt=\"\" srcset=\"https:\/\/gradido.net\/wp-content\/uploads\/2022\/04\/DANKE-1-1024x453.jpg 1024w, https:\/\/gradido.net\/wp-content\/uploads\/2022\/04\/DANKE-1-300x133.jpg 300w, https:\/\/gradido.net\/wp-content\/uploads\/2022\/04\/DANKE-1-768x340.jpg 768w, https:\/\/gradido.net\/wp-content\/uploads\/2022\/04\/DANKE-1-1536x680.jpg 1536w, https:\/\/gradido.net\/wp-content\/uploads\/2022\/04\/DANKE-1-18x8.jpg 18w, https:\/\/gradido.net\/wp-content\/uploads\/2022\/04\/DANKE-1.jpg 1600w\" sizes=\"(max-width: 800px) 100vw, 800px\" \/><\/div><\/a>\n\t\t\t\t<div class=\"elementor-post__text\">\n\t\t\t\t<h3 class=\"elementor-post__title\">\n\t\t\t<a href=\"https:\/\/gradido.net\/pl\/gradido-link-erfahrungen-und-textvorschlaege\/\" >\n\t\t\t\tGradido Link - do\u015bwiadczenia i propozycje tekst\u00f3w\t\t\t<\/a>\n\t\t<\/h3>\n\t\t\t\t<div class=\"elementor-post__excerpt\">\n\t\t\t<p>Aby jak najbardziej u\u0142atwi\u0107 Ci zadanie, przygotowali\u015bmy propozycje tekst\u00f3w dla r\u00f3\u017cnych przypadk\u00f3w. Mo\u017cesz je dostosowa\u0107 do swoich potrzeb i pomys\u0142\u00f3w.<\/p>\n\t\t<\/div>\n\t\t\n\t\t<a class=\"elementor-post__read-more\" href=\"https:\/\/gradido.net\/pl\/gradido-link-erfahrungen-und-textvorschlaege\/\" aria-label=\"Czytaj wi\u0119cej o Gradido-Link - do\u015bwiadczenia i propozycje tekst\u00f3w\" tabindex=\"-1\" >\n\t\t\tPrzeczytaj wi\u0119cej\t\t<\/a>\n\n\t\t\t\t<\/div>\n\t\t\t\t<div class=\"elementor-post__meta-data\">\n\t\t\t\t\t<span class=\"elementor-post-date\">\n\t\t\t24. kwietnia 2022 r.\t\t<\/span>\n\t\t\t\t<\/div>\n\t\t\t\t\t<\/div>\n\t\t<\/article>\n\t\t\t\t<article class=\"elementor-post elementor-grid-item post-4024 post type-post status-publish format-standard has-post-thumbnail hentry category-blog category-community\" role=\"listitem\">\n\t\t\t<div class=\"elementor-post__card\">\n\t\t\t\t<a class=\"elementor-post__thumbnail__link\" href=\"https:\/\/gradido.net\/pl\/freunde-finden-und-neue-wirklichkeit-gestalten\/\" tabindex=\"-1\" ><div class=\"elementor-post__thumbnail\"><img loading=\"lazy\" decoding=\"async\" width=\"800\" height=\"534\" src=\"https:\/\/gradido.net\/wp-content\/uploads\/2022\/02\/AdobeStock_79579109-1024x683.jpeg\" class=\"attachment-large size-large wp-image-4216\" alt=\"\" srcset=\"https:\/\/gradido.net\/wp-content\/uploads\/2022\/02\/AdobeStock_79579109-1024x683.jpeg 1024w, https:\/\/gradido.net\/wp-content\/uploads\/2022\/02\/AdobeStock_79579109-300x200.jpeg 300w, https:\/\/gradido.net\/wp-content\/uploads\/2022\/02\/AdobeStock_79579109-768x512.jpeg 768w, https:\/\/gradido.net\/wp-content\/uploads\/2022\/02\/AdobeStock_79579109-1536x1024.jpeg 1536w, https:\/\/gradido.net\/wp-content\/uploads\/2022\/02\/AdobeStock_79579109-2048x1365.jpeg 2048w, https:\/\/gradido.net\/wp-content\/uploads\/2022\/02\/AdobeStock_79579109-18x12.jpeg 18w\" sizes=\"(max-width: 800px) 100vw, 800px\" \/><\/div><\/a>\n\t\t\t\t<div class=\"elementor-post__text\">\n\t\t\t\t<h3 class=\"elementor-post__title\">\n\t\t\t<a href=\"https:\/\/gradido.net\/pl\/freunde-finden-und-neue-wirklichkeit-gestalten\/\" >\n\t\t\t\tNawi\u0105zywanie przyja\u017ani i kszta\u0142towanie nowej rzeczywisto\u015bci\t\t\t<\/a>\n\t\t<\/h3>\n\t\t\t\t<div class=\"elementor-post__excerpt\">\n\t\t\t<p>Codzienne dzi\u0119kowanie innym za pomoc\u0105 Gradido oznacza zdobywanie coraz wi\u0119kszej liczby przyjaci\u00f3\u0142. Wzmacniamy si\u0119 nawzajem, tworzymy alternatywne \"wyspy Gradido\" i coraz bardziej uniezale\u017cniamy si\u0119 od starego systemu.<\/p>\n\t\t<\/div>\n\t\t\n\t\t<a class=\"elementor-post__read-more\" href=\"https:\/\/gradido.net\/pl\/freunde-finden-und-neue-wirklichkeit-gestalten\/\" aria-label=\"Read more about Zawieranie znajomo\u015bci i tworzenie nowej rzeczywisto\u015bci\" tabindex=\"-1\" >\n\t\t\tPrzeczytaj wi\u0119cej\t\t<\/a>\n\n\t\t\t\t<\/div>\n\t\t\t\t<div class=\"elementor-post__meta-data\">\n\t\t\t\t\t<span class=\"elementor-post-date\">\n\t\t\t20. kwietnia 2022\t\t<\/span>\n\t\t\t\t<\/div>\n\t\t\t\t\t<\/div>\n\t\t<\/article>\n\t\t\t\t<\/div>\n\t\t\n\t\t\t\t\t\t<\/div>\n\t\t\t\t<\/div>\n\t\t\t\t\t<\/div>\n\t\t<\/div>\n\t\t\t\t\t<\/div>\n\t\t<\/section>\n\t\t\t\t<\/div>","protected":false},"excerpt":{"rendered":"<p>Wiadomo\u015bci i rzeczy, kt\u00f3re warto wiedzie\u0107<\/p>","protected":false},"author":1,"featured_media":3960,"parent":0,"menu_order":0,"comment_status":"closed","ping_status":"closed","template":"","meta":{"footnotes":""},"class_list":["post-704","page","type-page","status-publish","has-post-thumbnail","hentry"],"yoast_head":"<!-- This site is optimized with the Yoast SEO plugin v27.5 - https:\/\/yoast.com\/product\/yoast-seo-wordpress\/ -->\n<title>Blog - Gradido<\/title>\n<meta name=\"description\" content=\"Aktuelles und Wissenswertes \u00fcber die neue Dankbarkeitsw\u00e4hrung\" \/>\n<meta name=\"robots\" content=\"index, follow, max-snippet:-1, max-image-preview:large, max-video-preview:-1\" \/>\n<link rel=\"canonical\" href=\"https:\/\/gradido.net\/pl\/blog\/\" \/>\n<meta property=\"og:locale\" content=\"pl_PL\" \/>\n<meta property=\"og:type\" content=\"article\" \/>\n<meta property=\"og:title\" content=\"Blog - Gradido\" \/>\n<meta property=\"og:description\" content=\"Aktuelles und Wissenswertes \u00fcber die neue Dankbarkeitsw\u00e4hrung\" \/>\n<meta property=\"og:url\" content=\"https:\/\/gradido.net\/pl\/blog\/\" \/>\n<meta property=\"og:site_name\" content=\"Gradido\" \/>\n<meta property=\"article:modified_time\" content=\"2026-04-22T19:06:52+00:00\" \/>\n<meta property=\"og:image\" content=\"https:\/\/gradido.net\/wp-content\/uploads\/2022\/02\/blog.jpg\" \/>\n\t<meta property=\"og:image:width\" content=\"1920\" \/>\n\t<meta property=\"og:image:height\" content=\"450\" \/>\n\t<meta property=\"og:image:type\" content=\"image\/jpeg\" \/>\n<meta name=\"twitter:card\" content=\"summary_large_image\" \/>\n<meta name=\"twitter:label1\" content=\"Szacowany czas czytania\" \/>\n\t<meta name=\"twitter:data1\" content=\"36 minut\" \/>\n<script type=\"application\/ld+json\" class=\"yoast-schema-graph\">{\"@context\":\"https:\\\/\\\/schema.org\",\"@graph\":[{\"@type\":\"WebPage\",\"@id\":\"https:\\\/\\\/gradido.net\\\/blog\\\/\",\"url\":\"https:\\\/\\\/gradido.net\\\/blog\\\/\",\"name\":\"Blog - Gradido\",\"isPartOf\":{\"@id\":\"https:\\\/\\\/gradido.net\\\/de\\\/#website\"},\"primaryImageOfPage\":{\"@id\":\"https:\\\/\\\/gradido.net\\\/blog\\\/#primaryimage\"},\"image\":{\"@id\":\"https:\\\/\\\/gradido.net\\\/blog\\\/#primaryimage\"},\"thumbnailUrl\":\"https:\\\/\\\/gradido.net\\\/wp-content\\\/uploads\\\/2022\\\/02\\\/blog.jpg\",\"datePublished\":\"2020-09-20T10:45:42+00:00\",\"dateModified\":\"2026-04-22T19:06:52+00:00\",\"description\":\"Aktuelles und Wissenswertes \u00fcber die neue Dankbarkeitsw\u00e4hrung\",\"breadcrumb\":{\"@id\":\"https:\\\/\\\/gradido.net\\\/blog\\\/#breadcrumb\"},\"inLanguage\":\"pl-PL\",\"potentialAction\":[{\"@type\":\"ReadAction\",\"target\":[\"https:\\\/\\\/gradido.net\\\/blog\\\/\"]}]},{\"@type\":\"ImageObject\",\"inLanguage\":\"pl-PL\",\"@id\":\"https:\\\/\\\/gradido.net\\\/blog\\\/#primaryimage\",\"url\":\"https:\\\/\\\/gradido.net\\\/wp-content\\\/uploads\\\/2022\\\/02\\\/blog.jpg\",\"contentUrl\":\"https:\\\/\\\/gradido.net\\\/wp-content\\\/uploads\\\/2022\\\/02\\\/blog.jpg\",\"width\":1920,\"height\":450},{\"@type\":\"BreadcrumbList\",\"@id\":\"https:\\\/\\\/gradido.net\\\/blog\\\/#breadcrumb\",\"itemListElement\":[{\"@type\":\"ListItem\",\"position\":1,\"name\":\"Startseite\",\"item\":\"https:\\\/\\\/gradido.net\\\/\"},{\"@type\":\"ListItem\",\"position\":2,\"name\":\"Blog\"}]},{\"@type\":\"WebSite\",\"@id\":\"https:\\\/\\\/gradido.net\\\/de\\\/#website\",\"url\":\"https:\\\/\\\/gradido.net\\\/de\\\/\",\"name\":\"Gradido\",\"description\":\"Die neue W\u00e4hrung hei\u00dft Dankbarkeit\",\"publisher\":{\"@id\":\"https:\\\/\\\/gradido.net\\\/de\\\/#organization\"},\"potentialAction\":[{\"@type\":\"SearchAction\",\"target\":{\"@type\":\"EntryPoint\",\"urlTemplate\":\"https:\\\/\\\/gradido.net\\\/de\\\/?s={search_term_string}\"},\"query-input\":{\"@type\":\"PropertyValueSpecification\",\"valueRequired\":true,\"valueName\":\"search_term_string\"}}],\"inLanguage\":\"pl-PL\"},{\"@type\":\"Organization\",\"@id\":\"https:\\\/\\\/gradido.net\\\/de\\\/#organization\",\"name\":\"Gradido\",\"url\":\"https:\\\/\\\/gradido.net\\\/de\\\/\",\"logo\":{\"@type\":\"ImageObject\",\"inLanguage\":\"pl-PL\",\"@id\":\"https:\\\/\\\/gradido.net\\\/de\\\/#\\\/schema\\\/logo\\\/image\\\/\",\"url\":\"https:\\\/\\\/gradido.net\\\/wp-content\\\/uploads\\\/2022\\\/04\\\/gradido-social.jpg\",\"contentUrl\":\"https:\\\/\\\/gradido.net\\\/wp-content\\\/uploads\\\/2022\\\/04\\\/gradido-social.jpg\",\"width\":527,\"height\":273,\"caption\":\"Gradido\"},\"image\":{\"@id\":\"https:\\\/\\\/gradido.net\\\/de\\\/#\\\/schema\\\/logo\\\/image\\\/\"}}]}<\/script>\n<!-- \/ Yoast SEO plugin. -->","yoast_head_json":{"title":"Blog - Gradido","description":"Wiadomo\u015bci i ciekawostki o nowej walucie wdzi\u0119czno\u015bci","robots":{"index":"index","follow":"follow","max-snippet":"max-snippet:-1","max-image-preview":"max-image-preview:large","max-video-preview":"max-video-preview:-1"},"canonical":"https:\/\/gradido.net\/pl\/blog\/","og_locale":"pl_PL","og_type":"article","og_title":"Blog - Gradido","og_description":"Aktuelles und Wissenswertes \u00fcber die neue Dankbarkeitsw\u00e4hrung","og_url":"https:\/\/gradido.net\/pl\/blog\/","og_site_name":"Gradido","article_modified_time":"2026-04-22T19:06:52+00:00","og_image":[{"width":1920,"height":450,"url":"https:\/\/gradido.net\/wp-content\/uploads\/2022\/02\/blog.jpg","type":"image\/jpeg"}],"twitter_card":"summary_large_image","twitter_misc":{"Szacowany czas czytania":"36 minut"},"schema":{"@context":"https:\/\/schema.org","@graph":[{"@type":"WebPage","@id":"https:\/\/gradido.net\/blog\/","url":"https:\/\/gradido.net\/blog\/","name":"Blog - Gradido","isPartOf":{"@id":"https:\/\/gradido.net\/de\/#website"},"primaryImageOfPage":{"@id":"https:\/\/gradido.net\/blog\/#primaryimage"},"image":{"@id":"https:\/\/gradido.net\/blog\/#primaryimage"},"thumbnailUrl":"https:\/\/gradido.net\/wp-content\/uploads\/2022\/02\/blog.jpg","datePublished":"2020-09-20T10:45:42+00:00","dateModified":"2026-04-22T19:06:52+00:00","description":"Wiadomo\u015bci i ciekawostki o nowej walucie wdzi\u0119czno\u015bci","breadcrumb":{"@id":"https:\/\/gradido.net\/blog\/#breadcrumb"},"inLanguage":"pl-PL","potentialAction":[{"@type":"ReadAction","target":["https:\/\/gradido.net\/blog\/"]}]},{"@type":"ImageObject","inLanguage":"pl-PL","@id":"https:\/\/gradido.net\/blog\/#primaryimage","url":"https:\/\/gradido.net\/wp-content\/uploads\/2022\/02\/blog.jpg","contentUrl":"https:\/\/gradido.net\/wp-content\/uploads\/2022\/02\/blog.jpg","width":1920,"height":450},{"@type":"BreadcrumbList","@id":"https:\/\/gradido.net\/blog\/#breadcrumb","itemListElement":[{"@type":"ListItem","position":1,"name":"Startseite","item":"https:\/\/gradido.net\/"},{"@type":"ListItem","position":2,"name":"Blog"}]},{"@type":"WebSite","@id":"https:\/\/gradido.net\/de\/#website","url":"https:\/\/gradido.net\/de\/","name":"Gradido","description":"Now\u0105 walut\u0105 jest wdzi\u0119czno\u015b\u0107","publisher":{"@id":"https:\/\/gradido.net\/de\/#organization"},"potentialAction":[{"@type":"SearchAction","target":{"@type":"EntryPoint","urlTemplate":"https:\/\/gradido.net\/de\/?s={search_term_string}"},"query-input":{"@type":"PropertyValueSpecification","valueRequired":true,"valueName":"search_term_string"}}],"inLanguage":"pl-PL"},{"@type":"Organization","@id":"https:\/\/gradido.net\/de\/#organization","name":"Gradido","url":"https:\/\/gradido.net\/de\/","logo":{"@type":"ImageObject","inLanguage":"pl-PL","@id":"https:\/\/gradido.net\/de\/#\/schema\/logo\/image\/","url":"https:\/\/gradido.net\/wp-content\/uploads\/2022\/04\/gradido-social.jpg","contentUrl":"https:\/\/gradido.net\/wp-content\/uploads\/2022\/04\/gradido-social.jpg","width":527,"height":273,"caption":"Gradido"},"image":{"@id":"https:\/\/gradido.net\/de\/#\/schema\/logo\/image\/"}}]}},"_links":{"self":[{"href":"https:\/\/gradido.net\/pl\/wp-json\/wp\/v2\/pages\/704","targetHints":{"allow":["GET"]}}],"collection":[{"href":"https:\/\/gradido.net\/pl\/wp-json\/wp\/v2\/pages"}],"about":[{"href":"https:\/\/gradido.net\/pl\/wp-json\/wp\/v2\/types\/page"}],"author":[{"embeddable":true,"href":"https:\/\/gradido.net\/pl\/wp-json\/wp\/v2\/users\/1"}],"replies":[{"embeddable":true,"href":"https:\/\/gradido.net\/pl\/wp-json\/wp\/v2\/comments?post=704"}],"version-history":[{"count":24,"href":"https:\/\/gradido.net\/pl\/wp-json\/wp\/v2\/pages\/704\/revisions"}],"predecessor-version":[{"id":13527,"href":"https:\/\/gradido.net\/pl\/wp-json\/wp\/v2\/pages\/704\/revisions\/13527"}],"wp:featuredmedia":[{"embeddable":true,"href":"https:\/\/gradido.net\/pl\/wp-json\/wp\/v2\/media\/3960"}],"wp:attachment":[{"href":"https:\/\/gradido.net\/pl\/wp-json\/wp\/v2\/media?parent=704"}],"curies":[{"name":"wp","href":"https:\/\/api.w.org\/{rel}","templated":true}]}}