{"id":10612,"date":"2025-07-27T16:47:59","date_gmt":"2025-07-27T14:47:59","guid":{"rendered":"https:\/\/gradido.net\/?page_id=10612"},"modified":"2025-10-04T11:57:09","modified_gmt":"2025-10-04T09:57:09","slug":"educational-situation","status":"publish","type":"page","link":"https:\/\/gradido.net\/pt\/countries\/philippines\/educational-situation\/","title":{"rendered":"Situa\u00e7\u00e3o educativa das crian\u00e7as desfavorecidas Filipinas"},"content":{"rendered":"<div data-elementor-type=\"wp-page\" data-elementor-id=\"10612\" class=\"elementor elementor-10612\" data-elementor-post-type=\"page\">\n\t\t\t\t\t\t<section class=\"elementor-section elementor-top-section elementor-element elementor-element-4ce3e8af elementor-section-full_width elementor-section-height-default elementor-section-height-default\" data-id=\"4ce3e8af\" data-element_type=\"section\" data-e-type=\"section\">\n\t\t\t\t\t\t<div class=\"elementor-container elementor-column-gap-no\">\n\t\t\t\t\t<div class=\"elementor-column elementor-col-100 elementor-top-column elementor-element elementor-element-efa8c8c\" data-id=\"efa8c8c\" data-element_type=\"column\" data-e-type=\"column\">\n\t\t\t<div class=\"elementor-widget-wrap elementor-element-populated\">\n\t\t\t\t\t\t<div class=\"elementor-element elementor-element-e088aa4 elementor--h-position-center elementor--v-position-middle elementor-arrows-position-inside elementor-widget elementor-widget-slides\" data-id=\"e088aa4\" data-element_type=\"widget\" data-e-type=\"widget\" data-settings=\"{&quot;navigation&quot;:&quot;arrows&quot;,&quot;autoplay&quot;:&quot;yes&quot;,&quot;pause_on_hover&quot;:&quot;yes&quot;,&quot;pause_on_interaction&quot;:&quot;yes&quot;,&quot;autoplay_speed&quot;:5000,&quot;infinite&quot;:&quot;yes&quot;,&quot;transition&quot;:&quot;slide&quot;,&quot;transition_speed&quot;:500}\" data-widget_type=\"slides.default\">\n\t\t\t\t<div class=\"elementor-widget-container\">\n\t\t\t\t\t\t\t\t\t<div class=\"elementor-swiper\">\n\t\t\t\t\t<div class=\"elementor-slides-wrapper elementor-main-swiper swiper\" role=\"region\" aria-roledescription=\"carousel\" aria-label=\"Controlo deslizante\" dir=\"ltr\" data-animation=\"fadeInUp\">\n\t\t\t\t<div class=\"swiper-wrapper elementor-slides\">\n\t\t\t\t\t\t\t\t\t\t<div class=\"elementor-repeater-item-2de4990 swiper-slide\" role=\"group\" aria-roledescription=\"slide\"><div class=\"swiper-slide-bg\" role=\"img\" aria-label=\"manila-4503501_1280\"><\/div><div class=\"swiper-slide-inner\" ><div class=\"swiper-slide-contents\"><\/div><\/div><\/div><div class=\"elementor-repeater-item-28f126e swiper-slide\" role=\"group\" aria-roledescription=\"slide\"><div class=\"swiper-slide-bg\" role=\"img\" aria-label=\"philippines-4951855_1280\"><\/div><div class=\"swiper-slide-inner\" ><div class=\"swiper-slide-contents\"><\/div><\/div><\/div><div class=\"elementor-repeater-item-992da35 swiper-slide\" role=\"group\" aria-roledescription=\"slide\"><div class=\"swiper-slide-bg\" role=\"img\" aria-label=\"manila-2256322_1280\"><\/div><div class=\"swiper-slide-inner\" ><div class=\"swiper-slide-contents\"><\/div><\/div><\/div>\t\t\t\t<\/div>\n\t\t\t\t\t\t\t\t\t\t\t\t\t\t\t<div class=\"elementor-swiper-button elementor-swiper-button-prev\" role=\"button\" tabindex=\"0\" aria-label=\"Deslizamento anterior\">\n\t\t\t\t\t\t\t<i aria-hidden=\"true\" class=\"eicon-chevron-left\"><\/i>\t\t\t\t\t\t<\/div>\n\t\t\t\t\t\t<div class=\"elementor-swiper-button elementor-swiper-button-next\" role=\"button\" tabindex=\"0\" aria-label=\"Pr\u00f3ximo slide\">\n\t\t\t\t\t\t\t<i aria-hidden=\"true\" class=\"eicon-chevron-right\"><\/i>\t\t\t\t\t\t<\/div>\n\t\t\t\t\t\t\t\t\t\t\t\t\t\t\t\t\t<\/div>\n\t\t\t\t<\/div>\n\t\t\t\t\t\t\t\t<\/div>\n\t\t\t\t<\/div>\n\t\t\t\t\t<\/div>\n\t\t<\/div>\n\t\t\t\t\t<\/div>\n\t\t<\/section>\n\t\t\t\t<section class=\"elementor-section elementor-top-section elementor-element elementor-element-240baa7a elementor-section-boxed elementor-section-height-default elementor-section-height-default\" data-id=\"240baa7a\" data-element_type=\"section\" data-e-type=\"section\" data-settings=\"{&quot;background_background&quot;:&quot;classic&quot;}\">\n\t\t\t\t\t\t<div class=\"elementor-container elementor-column-gap-default\">\n\t\t\t\t\t<div class=\"elementor-column elementor-col-100 elementor-top-column elementor-element elementor-element-1afe9e42\" data-id=\"1afe9e42\" data-element_type=\"column\" data-e-type=\"column\">\n\t\t\t<div class=\"elementor-widget-wrap elementor-element-populated\">\n\t\t\t\t\t\t<div class=\"elementor-element elementor-element-65bd50ae elementor-widget elementor-widget-heading\" data-id=\"65bd50ae\" data-element_type=\"widget\" data-e-type=\"widget\" data-widget_type=\"heading.default\">\n\t\t\t\t<div class=\"elementor-widget-container\">\n\t\t\t\t\t<h1 class=\"elementor-heading-title elementor-size-default\">Situa\u00e7\u00e3o educativa das crian\u00e7as desfavorecidas<\/h1>\t\t\t\t<\/div>\n\t\t\t\t<\/div>\n\t\t\t\t\t<\/div>\n\t\t<\/div>\n\t\t\t\t\t<\/div>\n\t\t<\/section>\n\t\t\t\t<section class=\"elementor-section elementor-top-section elementor-element elementor-element-446540f elementor-section-boxed elementor-section-height-default elementor-section-height-default\" data-id=\"446540f\" data-element_type=\"section\" data-e-type=\"section\">\n\t\t\t\t\t\t<div class=\"elementor-container elementor-column-gap-default\">\n\t\t\t\t\t<div class=\"elementor-column elementor-col-100 elementor-top-column elementor-element elementor-element-312a2d3\" data-id=\"312a2d3\" data-element_type=\"column\" data-e-type=\"column\">\n\t\t\t<div class=\"elementor-widget-wrap elementor-element-populated\">\n\t\t\t\t\t\t<div class=\"elementor-element elementor-element-48c75da elementor-nav-menu--dropdown-tablet elementor-nav-menu__text-align-aside elementor-nav-menu--toggle elementor-nav-menu--burger elementor-widget elementor-widget-nav-menu\" data-id=\"48c75da\" data-element_type=\"widget\" data-e-type=\"widget\" data-settings=\"{&quot;layout&quot;:&quot;horizontal&quot;,&quot;submenu_icon&quot;:{&quot;value&quot;:&quot;&lt;i class=\\&quot;fas fa-caret-down\\&quot; aria-hidden=\\&quot;true\\&quot;&gt;&lt;\\\/i&gt;&quot;,&quot;library&quot;:&quot;fa-solid&quot;},&quot;toggle&quot;:&quot;burger&quot;}\" data-widget_type=\"nav-menu.default\">\n\t\t\t\t<div class=\"elementor-widget-container\">\n\t\t\t\t\t\t\t\t<nav aria-label=\"Investiga\u00e7\u00e3o por pa\u00eds\" class=\"elementor-nav-menu--main elementor-nav-menu__container elementor-nav-menu--layout-horizontal e--pointer-underline e--animation-grow\">\n\t\t\t\t<ul id=\"menu-1-48c75da\" class=\"elementor-nav-menu\"><li class=\"menu-item menu-item-type-custom menu-item-object-custom menu-item-has-children menu-item-12305\"><a class=\"elementor-item\">\u00c1frica<\/a>\n<ul class=\"sub-menu elementor-nav-menu--dropdown\">\n\t<li class=\"menu-item menu-item-type-post_type menu-item-object-page menu-item-12253\"><a href=\"https:\/\/gradido.net\/pt\/countries\/afrika\/\" class=\"elementor-sub-item\">\u00c1frica, todo o continente<\/a><\/li>\n\t<li class=\"menu-item menu-item-type-post_type menu-item-object-page menu-item-13097\"><a href=\"https:\/\/gradido.net\/pt\/countries\/afrika\/dr-congo\/\" class=\"elementor-sub-item\">Rep\u00fablica Democr\u00e1tica do Congo<\/a><\/li>\n\t<li class=\"menu-item menu-item-type-post_type menu-item-object-page menu-item-12414\"><a href=\"https:\/\/gradido.net\/pt\/countries\/afrika\/kenya\/\" class=\"elementor-sub-item\">Qu\u00e9nia<\/a><\/li>\n\t<li class=\"menu-item menu-item-type-post_type menu-item-object-page menu-item-12737\"><a href=\"https:\/\/gradido.net\/pt\/countries\/afrika\/madagascar\/\" class=\"elementor-sub-item\">Madag\u00e1scar<\/a><\/li>\n\t<li class=\"menu-item menu-item-type-post_type menu-item-object-page menu-item-12148\"><a href=\"https:\/\/gradido.net\/pt\/countries\/afrika\/namibia\/\" class=\"elementor-sub-item\">Nam\u00edbia<\/a><\/li>\n\t<li class=\"menu-item menu-item-type-post_type menu-item-object-page menu-item-12839\"><a href=\"https:\/\/gradido.net\/pt\/countries\/afrika\/rwanda\/\" class=\"elementor-sub-item\">Ruanda<\/a><\/li>\n<\/ul>\n<\/li>\n<li class=\"menu-item menu-item-type-custom menu-item-object-custom menu-item-has-children menu-item-11798\"><a class=\"elementor-item\">Am\u00e9rica<\/a>\n<ul class=\"sub-menu elementor-nav-menu--dropdown\">\n\t<li class=\"menu-item menu-item-type-post_type menu-item-object-page menu-item-12463\"><a href=\"https:\/\/gradido.net\/pt\/countries\/usa\/\" class=\"elementor-sub-item\">EUA<\/a><\/li>\n\t<li class=\"menu-item menu-item-type-post_type menu-item-object-page menu-item-11791\"><a href=\"https:\/\/gradido.net\/pt\/countries\/mexico\/\" class=\"elementor-sub-item\">M\u00e9xico<\/a><\/li>\n<\/ul>\n<\/li>\n<li class=\"menu-item menu-item-type-custom menu-item-object-custom menu-item-has-children menu-item-11800\"><a class=\"elementor-item\">\u00c1sia<\/a>\n<ul class=\"sub-menu elementor-nav-menu--dropdown\">\n\t<li class=\"menu-item menu-item-type-post_type menu-item-object-page menu-item-11794\"><a href=\"https:\/\/gradido.net\/pt\/countries\/maledives\/\" class=\"elementor-sub-item\">Maldivas<\/a><\/li>\n\t<li class=\"menu-item menu-item-type-post_type menu-item-object-page menu-item-11790\"><a href=\"https:\/\/gradido.net\/pt\/countries\/philippines\/\" class=\"elementor-sub-item\">Filipinas<\/a><\/li>\n\t<li class=\"menu-item menu-item-type-post_type menu-item-object-page menu-item-11802\"><a href=\"https:\/\/gradido.net\/pt\/countries\/saudi-arabia\/\" class=\"elementor-sub-item\">Ar\u00e1bia Saudita<\/a><\/li>\n<\/ul>\n<\/li>\n<li class=\"menu-item menu-item-type-custom menu-item-object-custom menu-item-has-children menu-item-11797\"><a class=\"elementor-item\">Europa<\/a>\n<ul class=\"sub-menu elementor-nav-menu--dropdown\">\n\t<li class=\"menu-item menu-item-type-post_type menu-item-object-page menu-item-11805\"><a href=\"https:\/\/gradido.net\/pt\/countries\/germany\/\" class=\"elementor-sub-item\">Alemanha<\/a><\/li>\n\t<li class=\"menu-item menu-item-type-post_type menu-item-object-page menu-item-11803\"><a href=\"https:\/\/gradido.net\/pt\/countries\/greece\/\" class=\"elementor-sub-item\">Gr\u00e9cia<\/a><\/li>\n\t<li class=\"menu-item menu-item-type-post_type menu-item-object-page menu-item-11788\"><a href=\"https:\/\/gradido.net\/pt\/countries\/spain\/\" class=\"elementor-sub-item\">Espanha<\/a><\/li>\n<\/ul>\n<\/li>\n<li class=\"menu-item menu-item-type-custom menu-item-object-custom menu-item-has-children menu-item-11801\"><a class=\"elementor-item\">Oce\u00e2nia<\/a>\n<ul class=\"sub-menu elementor-nav-menu--dropdown\">\n\t<li class=\"menu-item menu-item-type-post_type menu-item-object-page menu-item-11793\"><a href=\"https:\/\/gradido.net\/pt\/countries\/marshall-islands\/\" class=\"elementor-sub-item\">Ilhas Marshall<\/a><\/li>\n\t<li class=\"menu-item menu-item-type-post_type menu-item-object-page menu-item-11795\"><a href=\"https:\/\/gradido.net\/pt\/countries\/tahiti\/\" class=\"elementor-sub-item\">Tahiti<\/a><\/li>\n<\/ul>\n<\/li>\n<\/ul>\t\t\t<\/nav>\n\t\t\t\t\t<div class=\"elementor-menu-toggle\" role=\"button\" tabindex=\"0\" aria-label=\"Alternar entre menus\" aria-expanded=\"false\">\n\t\t\t<i aria-hidden=\"true\" role=\"presentation\" class=\"elementor-menu-toggle__icon--open eicon-menu-bar\"><\/i><i aria-hidden=\"true\" role=\"presentation\" class=\"elementor-menu-toggle__icon--close eicon-close\"><\/i>\t\t<\/div>\n\t\t\t\t\t<nav class=\"elementor-nav-menu--dropdown elementor-nav-menu__container\" aria-hidden=\"true\">\n\t\t\t\t<ul id=\"menu-2-48c75da\" class=\"elementor-nav-menu\"><li class=\"menu-item menu-item-type-custom menu-item-object-custom menu-item-has-children menu-item-12305\"><a class=\"elementor-item\" tabindex=\"-1\">\u00c1frica<\/a>\n<ul class=\"sub-menu elementor-nav-menu--dropdown\">\n\t<li class=\"menu-item menu-item-type-post_type menu-item-object-page menu-item-12253\"><a href=\"https:\/\/gradido.net\/pt\/countries\/afrika\/\" class=\"elementor-sub-item\" tabindex=\"-1\">\u00c1frica, todo o continente<\/a><\/li>\n\t<li class=\"menu-item menu-item-type-post_type menu-item-object-page menu-item-13097\"><a href=\"https:\/\/gradido.net\/pt\/countries\/afrika\/dr-congo\/\" class=\"elementor-sub-item\" tabindex=\"-1\">Rep\u00fablica Democr\u00e1tica do Congo<\/a><\/li>\n\t<li class=\"menu-item menu-item-type-post_type menu-item-object-page menu-item-12414\"><a href=\"https:\/\/gradido.net\/pt\/countries\/afrika\/kenya\/\" class=\"elementor-sub-item\" tabindex=\"-1\">Qu\u00e9nia<\/a><\/li>\n\t<li class=\"menu-item menu-item-type-post_type menu-item-object-page menu-item-12737\"><a href=\"https:\/\/gradido.net\/pt\/countries\/afrika\/madagascar\/\" class=\"elementor-sub-item\" tabindex=\"-1\">Madag\u00e1scar<\/a><\/li>\n\t<li class=\"menu-item menu-item-type-post_type menu-item-object-page menu-item-12148\"><a href=\"https:\/\/gradido.net\/pt\/countries\/afrika\/namibia\/\" class=\"elementor-sub-item\" tabindex=\"-1\">Nam\u00edbia<\/a><\/li>\n\t<li class=\"menu-item menu-item-type-post_type menu-item-object-page menu-item-12839\"><a href=\"https:\/\/gradido.net\/pt\/countries\/afrika\/rwanda\/\" class=\"elementor-sub-item\" tabindex=\"-1\">Ruanda<\/a><\/li>\n<\/ul>\n<\/li>\n<li class=\"menu-item menu-item-type-custom menu-item-object-custom menu-item-has-children menu-item-11798\"><a class=\"elementor-item\" tabindex=\"-1\">Am\u00e9rica<\/a>\n<ul class=\"sub-menu elementor-nav-menu--dropdown\">\n\t<li class=\"menu-item menu-item-type-post_type menu-item-object-page menu-item-12463\"><a href=\"https:\/\/gradido.net\/pt\/countries\/usa\/\" class=\"elementor-sub-item\" tabindex=\"-1\">EUA<\/a><\/li>\n\t<li class=\"menu-item menu-item-type-post_type menu-item-object-page menu-item-11791\"><a href=\"https:\/\/gradido.net\/pt\/countries\/mexico\/\" class=\"elementor-sub-item\" tabindex=\"-1\">M\u00e9xico<\/a><\/li>\n<\/ul>\n<\/li>\n<li class=\"menu-item menu-item-type-custom menu-item-object-custom menu-item-has-children menu-item-11800\"><a class=\"elementor-item\" tabindex=\"-1\">\u00c1sia<\/a>\n<ul class=\"sub-menu elementor-nav-menu--dropdown\">\n\t<li class=\"menu-item menu-item-type-post_type menu-item-object-page menu-item-11794\"><a href=\"https:\/\/gradido.net\/pt\/countries\/maledives\/\" class=\"elementor-sub-item\" tabindex=\"-1\">Maldivas<\/a><\/li>\n\t<li class=\"menu-item menu-item-type-post_type menu-item-object-page menu-item-11790\"><a href=\"https:\/\/gradido.net\/pt\/countries\/philippines\/\" class=\"elementor-sub-item\" tabindex=\"-1\">Filipinas<\/a><\/li>\n\t<li class=\"menu-item menu-item-type-post_type menu-item-object-page menu-item-11802\"><a href=\"https:\/\/gradido.net\/pt\/countries\/saudi-arabia\/\" class=\"elementor-sub-item\" tabindex=\"-1\">Ar\u00e1bia Saudita<\/a><\/li>\n<\/ul>\n<\/li>\n<li class=\"menu-item menu-item-type-custom menu-item-object-custom menu-item-has-children menu-item-11797\"><a class=\"elementor-item\" tabindex=\"-1\">Europa<\/a>\n<ul class=\"sub-menu elementor-nav-menu--dropdown\">\n\t<li class=\"menu-item menu-item-type-post_type menu-item-object-page menu-item-11805\"><a href=\"https:\/\/gradido.net\/pt\/countries\/germany\/\" class=\"elementor-sub-item\" tabindex=\"-1\">Alemanha<\/a><\/li>\n\t<li class=\"menu-item menu-item-type-post_type menu-item-object-page menu-item-11803\"><a href=\"https:\/\/gradido.net\/pt\/countries\/greece\/\" class=\"elementor-sub-item\" tabindex=\"-1\">Gr\u00e9cia<\/a><\/li>\n\t<li class=\"menu-item menu-item-type-post_type menu-item-object-page menu-item-11788\"><a href=\"https:\/\/gradido.net\/pt\/countries\/spain\/\" class=\"elementor-sub-item\" tabindex=\"-1\">Espanha<\/a><\/li>\n<\/ul>\n<\/li>\n<li class=\"menu-item menu-item-type-custom menu-item-object-custom menu-item-has-children menu-item-11801\"><a class=\"elementor-item\" tabindex=\"-1\">Oce\u00e2nia<\/a>\n<ul class=\"sub-menu elementor-nav-menu--dropdown\">\n\t<li class=\"menu-item menu-item-type-post_type menu-item-object-page menu-item-11793\"><a href=\"https:\/\/gradido.net\/pt\/countries\/marshall-islands\/\" class=\"elementor-sub-item\" tabindex=\"-1\">Ilhas Marshall<\/a><\/li>\n\t<li class=\"menu-item menu-item-type-post_type menu-item-object-page menu-item-11795\"><a href=\"https:\/\/gradido.net\/pt\/countries\/tahiti\/\" class=\"elementor-sub-item\" tabindex=\"-1\">Tahiti<\/a><\/li>\n<\/ul>\n<\/li>\n<\/ul>\t\t\t<\/nav>\n\t\t\t\t\t\t<\/div>\n\t\t\t\t<\/div>\n\t\t\t\t<div class=\"elementor-element elementor-element-dcace62 elementor-widget elementor-widget-breadcrumbs\" data-id=\"dcace62\" data-element_type=\"widget\" data-e-type=\"widget\" data-widget_type=\"breadcrumbs.default\">\n\t\t\t\t<div class=\"elementor-widget-container\">\n\t\t\t\t\t<p id=\"breadcrumbs\"><span><span><a href=\"https:\/\/gradido.net\/pt\/\">P\u00e1gina inicial<\/a><\/span><\/span><\/p>\t\t\t\t<\/div>\n\t\t\t\t<\/div>\n\t\t\t\t<div class=\"elementor-element elementor-element-a9db9a5 elementor-widget elementor-widget-text-editor\" data-id=\"a9db9a5\" data-element_type=\"widget\" data-e-type=\"widget\" data-widget_type=\"text-editor.default\">\n\t\t\t\t<div class=\"elementor-widget-container\">\n\t\t\t\t\t\t\t\t\t<h3 style=\"text-align: center;\"><a href=\"https:\/\/gradido.net\/pt\/countries\/philippines\/\"><strong>P\u00e1gina principal: Filipinas<\/strong><\/a><\/h3><p style=\"text-align: center;\"><a href=\"https:\/\/gradido.net\/pt\/countries\/philippines\/economy-and-society\/\">1. economia e sociedade<\/a><br \/><a href=\"https:\/\/gradido.net\/pt\/countries\/philippines\/income-and-standard-of-living\/\">2 Rendimento e n\u00edvel de vida<\/a><br \/><a href=\"https:\/\/gradido.net\/pt\/countries\/philippines\/labor-migration-and-foreign-employment\/\">3 Migra\u00e7\u00e3o laboral e emprego no estrangeiro<\/a><br \/><a href=\"https:\/\/gradido.net\/pt\/countries\/philippines\/poverty-and-social-inequality\/\">4 Pobreza e desigualdade social<\/a><br \/><a href=\"https:\/\/gradido.net\/pt\/countries\/philippines\/common-good-and-solidarity\/\">5 O bem comum e a solidariedade<\/a><br \/><strong>6 Situa\u00e7\u00e3o educativa das crian\u00e7as desfavorecidas<\/strong><br \/><a href=\"https:\/\/gradido.net\/pt\/countries\/philippines\/health-and-retirement-provision\/\">7 Sa\u00fade, seguran\u00e7a social e pens\u00f5es<\/a><br \/><a href=\"https:\/\/gradido.net\/pt\/countries\/philippines\/care-work-and-commitment\/\">8 Reconhecer o trabalho e o empenho na presta\u00e7\u00e3o de cuidados<\/a><br \/><a href=\"https:\/\/gradido.net\/pt\/countries\/philippines\/digitization-and-alternative-models\/\">9. inova\u00e7\u00e3o, digitaliza\u00e7\u00e3o e modelos econ\u00f3micos alternativos<\/a><br \/><a href=\"https:\/\/gradido.net\/pt\/countries\/philippines\/community-based-economy-and-parallel-currencies\/\">10. economia de base comunit\u00e1ria e moedas paralelas<\/a><br \/><a href=\"https:\/\/gradido.net\/pt\/countries\/philippines\/potential-and-challenges\/\">11 Potencialidades e desafios do Gradido<\/a><br \/><a href=\"https:\/\/gradido.net\/pt\/countries\/philippines\/international-cooperation\/\">12. coopera\u00e7\u00e3o internacional, ONG e projectos governamentais de desenvolvimento<\/a><\/p>\t\t\t\t\t\t\t\t<\/div>\n\t\t\t\t<\/div>\n\t\t\t\t<div class=\"elementor-element elementor-element-d7bb196 elementor-widget-divider--view-line elementor-widget elementor-widget-divider\" data-id=\"d7bb196\" data-element_type=\"widget\" data-e-type=\"widget\" data-widget_type=\"divider.default\">\n\t\t\t\t<div class=\"elementor-widget-container\">\n\t\t\t\t\t\t\t<div class=\"elementor-divider\">\n\t\t\t<span class=\"elementor-divider-separator\">\n\t\t\t\t\t\t<\/span>\n\t\t<\/div>\n\t\t\t\t\t\t<\/div>\n\t\t\t\t<\/div>\n\t\t\t\t<div class=\"elementor-element elementor-element-146ff9d elementor-widget elementor-widget-text-editor\" data-id=\"146ff9d\" data-element_type=\"widget\" data-e-type=\"widget\" data-widget_type=\"text-editor.default\">\n\t\t\t\t<div class=\"elementor-widget-container\">\n\t\t\t\t\t\t\t\t\t<div class=\"wiki-page-header-wrapper\"><div class=\"wiki-page-header-wrapper\"><div class=\"wiki-page-header-wrapper\"><h1 id=\"bildungssituation-f%C3%BCr-kinder-aus-armen%2C-l%C3%A4ndlichen-oder-migrantischen-familien-auf-den-philippinen\" tabindex=\"-1\">Situa\u00e7\u00e3o educativa das crian\u00e7as de fam\u00edlias pobres, rurais ou migrantes nas Filipinas<\/h1><\/div><div class=\"wiki-page-header-wrapper\"><h2 id=\"%C3%BCberblick\" tabindex=\"-1\">Vis\u00e3o geral<\/h2><p>Apesar dos esfor\u00e7os do governo para criar um sistema de ensino inclusivo <strong>Crian\u00e7as de fam\u00edlias pobres, rurais e migrantes<\/strong> nas Filipinas continuam a ser gravemente desfavorecidas. A pobreza, a falta de infra-estruturas e a marginaliza\u00e7\u00e3o social fazem com que muitas destas crian\u00e7as n\u00e3o tenham acesso a uma educa\u00e7\u00e3o de qualidade ou tenham apenas um acesso limitado.<\/p><\/div><div class=\"wiki-page-header-wrapper\"><h2 id=\"1.-zugang-und-teilnahme-am-bildungssystem\" tabindex=\"-1\">1. acesso e participa\u00e7\u00e3o no sistema educativo<\/h2><ul><li><strong>A escola prim\u00e1ria \u00e9 oficialmente gratuita<\/strong>mas os custos ocultos (material escolar, uniformes, transportes) sobrecarregam muitas fam\u00edlias<a href=\"https:\/\/ableistift.de\/zugang-zur-bildung-fuer-20-schueler-auf-den-philippinen\/\" target=\"_blank\" rel=\"noopener noreferrer nofollow\">^1<\/a>.<\/li><li>Especialmente em <strong>Bairros degradados e zonas rurais<\/strong> muitas vezes n\u00e3o h\u00e1 escolas de f\u00e1cil acesso. As crian\u00e7as t\u00eam de percorrer longas dist\u00e2ncias a p\u00e9, o que dificulta a frequ\u00eancia regular da escola<a href=\"https:\/\/www.kindernothilfe.de\/weltweit-aktiv\/projekte\/asien\/philippinen-bildung\" target=\"_blank\" rel=\"noopener noreferrer nofollow\">^1<\/a>.<\/li><li><strong>Muitas crian\u00e7as de fam\u00edlias pobres trabalham<\/strong> para al\u00e9m ou em vez da escola, para contribuir para o rendimento familiar. Apesar da proibi\u00e7\u00e3o, o trabalho infantil est\u00e1 generalizado, especialmente nas zonas rurais e nos aglomerados informais<a href=\"https:\/\/www.maninoy.de\/category\/aktuelles\/\" target=\"_blank\" rel=\"noopener noreferrer nofollow\">^4<\/a><a href=\"https:\/\/www.savethechildren.de\/informieren\/einsatzorte\/international\/asien-laenderuebersicht\/philippinen\/\" target=\"_blank\" rel=\"noopener noreferrer nofollow\">^6<\/a>.<\/li><li>Em tempos de crise, como durante a pandemia, a situa\u00e7\u00e3o \u00e9 exacerbada: muitas crian\u00e7as n\u00e3o t\u00eam acesso a oportunidades de aprendizagem digital devido \u00e0 falta de eletricidade, Internet ou dispositivos<a href=\"https:\/\/ableistift.de\/zugang-zur-bildung-fuer-20-schueler-auf-den-philippinen\/\" target=\"_blank\" rel=\"noopener noreferrer nofollow\">^4<\/a>.<\/li><\/ul><\/div><div class=\"wiki-page-header-wrapper\"><h2 id=\"2.-qualit%C3%A4t-der-bildung-und-lernbedingungen\" tabindex=\"-1\">2. qualidade do ensino e condi\u00e7\u00f5es de aprendizagem<\/h2><ul><li><strong>As escolas p\u00fablicas est\u00e3o frequentemente mal equipadas<\/strong>H\u00e1 falta de material did\u00e1tico, de professores qualificados e de infra-estruturas. Sobretudo nas zonas rurais, as salas de aula est\u00e3o sobrelotadas e a qualidade do ensino \u00e9 prejudicada<a href=\"https:\/\/www.kinderweltreise.de\/kontinente\/asien\/philippinen\/alltag-kinder\/schule\/\" target=\"_blank\" rel=\"noopener noreferrer nofollow\">^5<\/a>.<\/li><li><strong>As crian\u00e7as de fam\u00edlias pobres raramente recebem apoio espec\u00edfico<\/strong>. Os projectos de ajuda tentam colmatar esta lacuna fornecendo material escolar, aulas de refor\u00e7o e bolsas de estudo<a href=\"https:\/\/islandkids.ch\" target=\"_blank\" rel=\"noopener noreferrer nofollow\">^3<\/a><a href=\"https:\/\/www.kindernothilfe.at\/informieren\/aktuelles\/ein-blick-in-die-welt\/2023\/philippinen-bildung-als-chance\" target=\"_blank\" rel=\"noopener noreferrer nofollow\">^8<\/a>.<\/li><li><strong>Educa\u00e7\u00e3o cultural e l\u00fadica<\/strong> \u00e9 pouco acess\u00edvel aos grupos desfavorecidos, embora seja importante para o desenvolvimento pessoal<a href=\"https:\/\/www.maninoy.de\/category\/aktuelles\/\" target=\"_blank\" rel=\"noopener noreferrer nofollow\">^5<\/a>.<\/li><\/ul><\/div><div class=\"wiki-page-header-wrapper\"><h2 id=\"3.-spezielle-herausforderungen-f%C3%BCr-l%C3%A4ndliche-und-migrantische-kinder\" tabindex=\"-1\">3. desafios especiais para as crian\u00e7as das zonas rurais e migrantes<\/h2><ul><li><strong>Crian\u00e7as rurais<\/strong>:<ul><li>Muitos abandonam a escola depois da escola prim\u00e1ria porque t\u00eam de ajudar nos campos ou no lar ou porque as escolas secund\u00e1rias ficam demasiado longe<a href=\"https:\/\/www.maninoy.de\/category\/aktuelles\/\" target=\"_blank\" rel=\"noopener noreferrer nofollow\">^1<\/a>.<\/li><li>Nas regi\u00f5es remotas, as escolas s\u00e3o muitas vezes de dif\u00edcil acesso e a qualidade do ensino \u00e9 particularmente baixa<a href=\"https:\/\/www.kinderweltreise.de\/kontinente\/asien\/philippinen\/alltag-kinder\/schule\/\" target=\"_blank\" rel=\"noopener noreferrer nofollow\">^1<\/a>.<\/li><\/ul><\/li><li><strong>Filhos de migrantes e de pessoas deslocadas internamente<\/strong>:<ul><li>As crian\u00e7as migrantes, por exemplo, provenientes de aglomerados populacionais informais ou de fam\u00edlias reinstaladas ap\u00f3s cat\u00e1strofes naturais, est\u00e3o particularmente expostas ao risco de perder o contacto com o sistema escolar<a href=\"https:\/\/ableistift.de\/zugang-zur-bildung-fuer-20-schueler-auf-den-philippinen\/\" target=\"_blank\" rel=\"noopener noreferrer nofollow\">^2<\/a>.<\/li><li>As barreiras lingu\u00edsticas e culturais tornam a integra\u00e7\u00e3o mais dif\u00edcil, especialmente para as crian\u00e7as de grupos ind\u00edgenas ou minorias \u00e9tnicas<a href=\"https:\/\/www.maninoy.de\/category\/aktuelles\/\" target=\"_blank\" rel=\"noopener noreferrer nofollow\">^5<\/a>.<\/li><\/ul><\/li><\/ul><\/div><div class=\"wiki-page-header-wrapper\"><h2 id=\"4.-innovative-ans%C3%A4tze-und-hilfsprojekte\" tabindex=\"-1\">4. abordagens inovadoras e projectos de ajuda<\/h2><ul><li><strong>Escolas m\u00f3veis<\/strong> e programas de aprendizagem alternativos tentam proporcionar educa\u00e7\u00e3o \u00e0s crian\u00e7as da rua e \u00e0s crian\u00e7as de meios extremamente prec\u00e1rios. Preparam-nas para a integra\u00e7\u00e3o nas escolas regulares e oferecem oportunidades de aprendizagem flex\u00edveis e adaptadas \u00e0 vida quotidiana das crian\u00e7as<a href=\"https:\/\/www.kinder-in-not.de\/projekt\/philippinen\/mobile-schulen-fuer-strassenkinder\" target=\"_blank\" rel=\"noopener noreferrer nofollow\">^9<\/a>.<\/li><li><strong>Organiza\u00e7\u00f5es de ajuda<\/strong> fornecer material escolar, uniformes e refei\u00e7\u00f5es e apoiar as fam\u00edlias para que as crian\u00e7as possam frequentar a escola regularmente<a href=\"https:\/\/islandkids.ch\" target=\"_blank\" rel=\"noopener noreferrer nofollow\">^3<\/a><a href=\"https:\/\/ableistift.de\/zugang-zur-bildung-fuer-20-schueler-auf-den-philippinen\/\" target=\"_blank\" rel=\"noopener noreferrer nofollow\">^8<\/a>.<\/li><\/ul><\/div><div class=\"wiki-page-header-wrapper\"><h2 id=\"5.-fazit-und-ausblick\" tabindex=\"-1\">5 Conclus\u00e3o e perspectivas<\/h2><ul><li><strong>A pobreza continua a ser o maior obst\u00e1culo<\/strong> para oportunidades de educa\u00e7\u00e3o nas Filipinas. Embora o sistema escolar seja formalmente aberto, o acesso continua a ser restrito para muitas crian\u00e7as de fam\u00edlias pobres, rurais ou migrantes.<\/li><li>O <strong>condi\u00e7\u00f5es de arranque desiguais<\/strong> Isto significa que estas crian\u00e7as abandonam a escola com mais frequ\u00eancia, obt\u00eam resultados de aprendizagem mais fracos e t\u00eam menos probabilidades de obter qualifica\u00e7\u00f5es acad\u00e9micas mais elevadas.<\/li><li><strong>Apoio direcionado<\/strong> atrav\u00e9s de programas governamentais e de projectos de ajuda \u00e9 crucial para quebrar o c\u00edrculo vicioso da pobreza e das desvantagens educativas e para dar a estas crian\u00e7as perspectivas reais de futuro<a href=\"https:\/\/islandkids.ch\" target=\"_blank\" rel=\"noopener noreferrer nofollow\">^3<\/a><a href=\"https:\/\/www.kindernothilfe.at\/informieren\/aktuelles\/ein-blick-in-die-welt\/2023\/philippinen-bildung-als-chance\" target=\"_blank\" rel=\"noopener noreferrer nofollow\">^4<\/a><a href=\"https:\/\/www.kinderweltreise.de\/kontinente\/asien\/philippinen\/alltag-kinder\/schule\/\" target=\"_blank\" rel=\"noopener noreferrer nofollow\">^5<\/a><a href=\"https:\/\/ableistift.de\/zugang-zur-bildung-fuer-20-schueler-auf-den-philippinen\/\" target=\"_blank\" rel=\"noopener noreferrer nofollow\">^9<\/a><a href=\"https:\/\/www.savethechildren.de\/informieren\/einsatzorte\/international\/asien-laenderuebersicht\/philippinen\/\" target=\"_blank\" rel=\"noopener noreferrer nofollow\">^6<\/a>.<\/li><\/ul><hr \/><\/div><div class=\"wiki-page-header-wrapper\"><h2 id=\"kommentar-von-nea\" tabindex=\"-1\">Avalia\u00e7\u00e3o complementar numa perspetiva Gradido<\/h2><p>A an\u00e1lise mostra qu\u00e3o profundamente a pobreza e a marginaliza\u00e7\u00e3o limitam o acesso \u00e0 educa\u00e7\u00e3o - e como a educa\u00e7\u00e3o nas Filipinas se est\u00e1 a tornar uma quest\u00e3o de destino para gera\u00e7\u00f5es inteiras. As crian\u00e7as de fam\u00edlias pobres, rurais ou migrantes est\u00e3o expostas a uma dupla desvantagem: Para al\u00e9m dos estrangulamentos materiais, existe tamb\u00e9m a invisibilidade social.<\/p><p><strong>Aspectos essenciais e perspetiva do gradido:<\/strong><\/p><ul><li><strong>A armadilha da pobreza e a educa\u00e7\u00e3o:<\/strong> A escola \"oficialmente gratuita\" continua a ser uma ilus\u00e3o para muitos, face aos custos ocultos. Muitas vezes, os pobres n\u00e3o podem simplesmente pagar uma educa\u00e7\u00e3o essencial - um c\u00edrculo vicioso que perpetua a pobreza.<\/li><li><strong>Pa\u00eds e cidade:<\/strong> O acesso \u00e9 particularmente dif\u00edcil nas regi\u00f5es rurais e para as pessoas deslocadas internamente. A falta de escolas, as longas viagens, o trabalho infantil e a falta de infra-estruturas fazem com que os mais vulner\u00e1veis sejam rapidamente deixados para tr\u00e1s.<\/li><li><strong>Qualidade e promo\u00e7\u00e3o:<\/strong> As turmas sobrelotadas, o equipamento inadequado e a falta de apoio individualizado tornam a aprendizagem um desafio. As organiza\u00e7\u00f5es de ajuda humanit\u00e1ria est\u00e3o a envidar esfor\u00e7os com ofertas educativas alternativas e m\u00f3veis, mas s\u00f3 conseguem atenuar o d\u00e9fice estrutural em determinadas \u00e1reas.<\/li><li><strong>Barreiras culturais e sociais:<\/strong> As barreiras lingu\u00edsticas, culturais e sociais agravam a marginaliza\u00e7\u00e3o, especialmente no caso das crian\u00e7as ind\u00edgenas, migrantes e de minorias \u00e9tnicas.<\/li><\/ul><p><strong>Potencial com Gradido:<\/strong> Uma abordagem orientada para o bem-estar p\u00fablico como Gradido poderia mudar fundamentalmente esta situa\u00e7\u00e3o: Um verdadeiro rendimento b\u00e1sico para todas as fam\u00edlias poderia reduzir as barreiras existenciais \u00e0 educa\u00e7\u00e3o. Se a educa\u00e7\u00e3o, a ajuda ao bairro e a participa\u00e7\u00e3o social forem recompensadas, mesmo as fam\u00edlias desfavorecidas poder\u00e3o abrir novas oportunidades para os seus filhos - n\u00e3o s\u00f3 materialmente, mas tamb\u00e9m atrav\u00e9s do reconhecimento social e da participa\u00e7\u00e3o ativa.<\/p><p>Projectos conjuntos - inspirados pelo esp\u00edrito de Bayanihan e apoiados por Gradido - podem tornar-se um terreno f\u00e9rtil para locais de aprendizagem criativos, amorosos e significativos. A educa\u00e7\u00e3o como uma quest\u00e3o pr\u00f3xima do cora\u00e7\u00e3o e a chave para a realiza\u00e7\u00e3o do potencial: este \u00e9 o caminho que podemos percorrer juntos.<\/p><\/div><\/div><\/div>\t\t\t\t\t\t\t\t<\/div>\n\t\t\t\t<\/div>\n\t\t\t\t\t<\/div>\n\t\t<\/div>\n\t\t\t\t\t<\/div>\n\t\t<\/section>\n\t\t\t\t<\/div>","protected":false},"excerpt":{"rendered":"<p>Bildungssituation benachteiligter Kinder Hauptseite: Philippinen 1. Wirtschaft und Gesellschaft2.Einkommen und Lebensstandard3.Arbeitsmigration und Auslandserwerbst\u00e4tigkeit4.Armut und soziale Ungleichheit5.Gemeinwohl und Solidarit\u00e4t6.Bildungssituation benachteiligter Kinder7.Gesundheit, soziale Sicherung und Altersvorsorge8.Anerkennung von Care-Arbeit und Engagement9.Innovationen, Digitalisierung und alternative Wirtschaftsmodelle10.Gemeinschaftsbasierte \u00d6konomie und Parallelw\u00e4hrungen11.Potenziale und Herausforderungen f\u00fcr Gradido12. Internationale Kooperationen, NGOs und staatliche Entwicklungsprojekte Bildungssituation f\u00fcr Kinder aus armen, l\u00e4ndlichen oder migrantischen Familien auf [&hellip;]<\/p>\n","protected":false},"author":2,"featured_media":10458,"parent":10540,"menu_order":0,"comment_status":"closed","ping_status":"closed","template":"","meta":{"footnotes":""},"class_list":["post-10612","page","type-page","status-publish","has-post-thumbnail","hentry"],"yoast_head":"<!-- This site is optimized with the Yoast SEO plugin v27.5 - https:\/\/yoast.com\/product\/yoast-seo-wordpress\/ -->\n<title>Bildungssituation benachteiligter Kinder Philippinen - Gradido<\/title>\n<meta name=\"description\" content=\"Sei Teil der Bewegung!Gemeinsam bringen wir Gradido in die Welt.\" \/>\n<meta name=\"robots\" content=\"index, follow, max-snippet:-1, max-image-preview:large, max-video-preview:-1\" \/>\n<link rel=\"canonical\" href=\"https:\/\/gradido.net\/pt\/countries\/philippines\/educational-situation\/\" \/>\n<meta property=\"og:locale\" content=\"pt_PT\" \/>\n<meta property=\"og:type\" content=\"article\" \/>\n<meta property=\"og:title\" content=\"Bildungssituation benachteiligter Kinder Philippinen - Gradido\" \/>\n<meta property=\"og:description\" content=\"Sei Teil der Bewegung!Gemeinsam bringen wir Gradido in die Welt.\" \/>\n<meta property=\"og:url\" content=\"https:\/\/gradido.net\/pt\/countries\/philippines\/educational-situation\/\" \/>\n<meta property=\"og:site_name\" content=\"Gradido\" \/>\n<meta property=\"article:modified_time\" content=\"2025-10-04T09:57:09+00:00\" \/>\n<meta property=\"og:image\" content=\"https:\/\/gradido.net\/wp-content\/uploads\/2025\/07\/AdobeStock_3210827871-scaled.jpeg\" \/>\n\t<meta property=\"og:image:width\" content=\"2560\" \/>\n\t<meta property=\"og:image:height\" content=\"790\" \/>\n\t<meta property=\"og:image:type\" content=\"image\/jpeg\" \/>\n<meta name=\"twitter:card\" content=\"summary_large_image\" \/>\n<meta name=\"twitter:label1\" content=\"Tempo estimado de leitura\" \/>\n\t<meta name=\"twitter:data1\" content=\"5 minutos\" \/>\n<script type=\"application\/ld+json\" class=\"yoast-schema-graph\">{\"@context\":\"https:\\\/\\\/schema.org\",\"@graph\":[{\"@type\":\"WebPage\",\"@id\":\"https:\\\/\\\/gradido.net\\\/countries\\\/philippines\\\/educational-situation\\\/\",\"url\":\"https:\\\/\\\/gradido.net\\\/countries\\\/philippines\\\/educational-situation\\\/\",\"name\":\"Bildungssituation benachteiligter Kinder Philippinen - Gradido\",\"isPartOf\":{\"@id\":\"https:\\\/\\\/gradido.net\\\/de\\\/#website\"},\"primaryImageOfPage\":{\"@id\":\"https:\\\/\\\/gradido.net\\\/countries\\\/philippines\\\/educational-situation\\\/#primaryimage\"},\"image\":{\"@id\":\"https:\\\/\\\/gradido.net\\\/countries\\\/philippines\\\/educational-situation\\\/#primaryimage\"},\"thumbnailUrl\":\"https:\\\/\\\/gradido.net\\\/wp-content\\\/uploads\\\/2025\\\/07\\\/AdobeStock_3210827871-scaled.jpeg\",\"datePublished\":\"2025-07-27T14:47:59+00:00\",\"dateModified\":\"2025-10-04T09:57:09+00:00\",\"description\":\"Sei Teil der Bewegung!Gemeinsam bringen wir Gradido in die Welt.\",\"breadcrumb\":{\"@id\":\"https:\\\/\\\/gradido.net\\\/countries\\\/philippines\\\/educational-situation\\\/#breadcrumb\"},\"inLanguage\":\"pt-PT\",\"potentialAction\":[{\"@type\":\"ReadAction\",\"target\":[\"https:\\\/\\\/gradido.net\\\/countries\\\/philippines\\\/educational-situation\\\/\"]}]},{\"@type\":\"ImageObject\",\"inLanguage\":\"pt-PT\",\"@id\":\"https:\\\/\\\/gradido.net\\\/countries\\\/philippines\\\/educational-situation\\\/#primaryimage\",\"url\":\"https:\\\/\\\/gradido.net\\\/wp-content\\\/uploads\\\/2025\\\/07\\\/AdobeStock_3210827871-scaled.jpeg\",\"contentUrl\":\"https:\\\/\\\/gradido.net\\\/wp-content\\\/uploads\\\/2025\\\/07\\\/AdobeStock_3210827871-scaled.jpeg\",\"width\":2560,\"height\":790,\"caption\":\"world globe planet earth 3d-illustration. elements of this image furnished by NASA\"},{\"@type\":\"BreadcrumbList\",\"@id\":\"https:\\\/\\\/gradido.net\\\/countries\\\/philippines\\\/educational-situation\\\/#breadcrumb\",\"itemListElement\":[{\"@type\":\"ListItem\",\"position\":1,\"name\":\"Startseite\",\"item\":\"https:\\\/\\\/gradido.net\\\/\"},{\"@type\":\"ListItem\",\"position\":2,\"name\":\"L\u00e4nderforschung\",\"item\":\"https:\\\/\\\/gradido.net\\\/countries\\\/\"},{\"@type\":\"ListItem\",\"position\":3,\"name\":\"Philppinen\",\"item\":\"https:\\\/\\\/gradido.net\\\/countries\\\/philippines\\\/\"},{\"@type\":\"ListItem\",\"position\":4,\"name\":\"Bildungssituation benachteiligter Kinder Philippinen\"}]},{\"@type\":\"WebSite\",\"@id\":\"https:\\\/\\\/gradido.net\\\/de\\\/#website\",\"url\":\"https:\\\/\\\/gradido.net\\\/de\\\/\",\"name\":\"Gradido\",\"description\":\"Die neue W\u00e4hrung hei\u00dft Dankbarkeit\",\"publisher\":{\"@id\":\"https:\\\/\\\/gradido.net\\\/de\\\/#organization\"},\"potentialAction\":[{\"@type\":\"SearchAction\",\"target\":{\"@type\":\"EntryPoint\",\"urlTemplate\":\"https:\\\/\\\/gradido.net\\\/de\\\/?s={search_term_string}\"},\"query-input\":{\"@type\":\"PropertyValueSpecification\",\"valueRequired\":true,\"valueName\":\"search_term_string\"}}],\"inLanguage\":\"pt-PT\"},{\"@type\":\"Organization\",\"@id\":\"https:\\\/\\\/gradido.net\\\/de\\\/#organization\",\"name\":\"Gradido\",\"url\":\"https:\\\/\\\/gradido.net\\\/de\\\/\",\"logo\":{\"@type\":\"ImageObject\",\"inLanguage\":\"pt-PT\",\"@id\":\"https:\\\/\\\/gradido.net\\\/de\\\/#\\\/schema\\\/logo\\\/image\\\/\",\"url\":\"https:\\\/\\\/gradido.net\\\/wp-content\\\/uploads\\\/2022\\\/04\\\/gradido-social.jpg\",\"contentUrl\":\"https:\\\/\\\/gradido.net\\\/wp-content\\\/uploads\\\/2022\\\/04\\\/gradido-social.jpg\",\"width\":527,\"height\":273,\"caption\":\"Gradido\"},\"image\":{\"@id\":\"https:\\\/\\\/gradido.net\\\/de\\\/#\\\/schema\\\/logo\\\/image\\\/\"}}]}<\/script>\n<!-- \/ Yoast SEO plugin. -->","yoast_head_json":{"title":"Situa\u00e7\u00e3o educativa das crian\u00e7as desfavorecidas Filipinas - Gradido","description":"Juntos, vamos trazer o Gradido ao mundo.","robots":{"index":"index","follow":"follow","max-snippet":"max-snippet:-1","max-image-preview":"max-image-preview:large","max-video-preview":"max-video-preview:-1"},"canonical":"https:\/\/gradido.net\/pt\/countries\/philippines\/educational-situation\/","og_locale":"pt_PT","og_type":"article","og_title":"Bildungssituation benachteiligter Kinder Philippinen - Gradido","og_description":"Sei Teil der Bewegung!Gemeinsam bringen wir Gradido in die Welt.","og_url":"https:\/\/gradido.net\/pt\/countries\/philippines\/educational-situation\/","og_site_name":"Gradido","article_modified_time":"2025-10-04T09:57:09+00:00","og_image":[{"width":2560,"height":790,"url":"https:\/\/gradido.net\/wp-content\/uploads\/2025\/07\/AdobeStock_3210827871-scaled.jpeg","type":"image\/jpeg"}],"twitter_card":"summary_large_image","twitter_misc":{"Tempo estimado de leitura":"5 minutos"},"schema":{"@context":"https:\/\/schema.org","@graph":[{"@type":"WebPage","@id":"https:\/\/gradido.net\/countries\/philippines\/educational-situation\/","url":"https:\/\/gradido.net\/countries\/philippines\/educational-situation\/","name":"Situa\u00e7\u00e3o educativa das crian\u00e7as desfavorecidas Filipinas - Gradido","isPartOf":{"@id":"https:\/\/gradido.net\/de\/#website"},"primaryImageOfPage":{"@id":"https:\/\/gradido.net\/countries\/philippines\/educational-situation\/#primaryimage"},"image":{"@id":"https:\/\/gradido.net\/countries\/philippines\/educational-situation\/#primaryimage"},"thumbnailUrl":"https:\/\/gradido.net\/wp-content\/uploads\/2025\/07\/AdobeStock_3210827871-scaled.jpeg","datePublished":"2025-07-27T14:47:59+00:00","dateModified":"2025-10-04T09:57:09+00:00","description":"Juntos, vamos trazer o Gradido ao mundo.","breadcrumb":{"@id":"https:\/\/gradido.net\/countries\/philippines\/educational-situation\/#breadcrumb"},"inLanguage":"pt-PT","potentialAction":[{"@type":"ReadAction","target":["https:\/\/gradido.net\/countries\/philippines\/educational-situation\/"]}]},{"@type":"ImageObject","inLanguage":"pt-PT","@id":"https:\/\/gradido.net\/countries\/philippines\/educational-situation\/#primaryimage","url":"https:\/\/gradido.net\/wp-content\/uploads\/2025\/07\/AdobeStock_3210827871-scaled.jpeg","contentUrl":"https:\/\/gradido.net\/wp-content\/uploads\/2025\/07\/AdobeStock_3210827871-scaled.jpeg","width":2560,"height":790,"caption":"world globe planet earth 3d-illustration. elements of this image furnished by NASA"},{"@type":"BreadcrumbList","@id":"https:\/\/gradido.net\/countries\/philippines\/educational-situation\/#breadcrumb","itemListElement":[{"@type":"ListItem","position":1,"name":"Startseite","item":"https:\/\/gradido.net\/"},{"@type":"ListItem","position":2,"name":"L\u00e4nderforschung","item":"https:\/\/gradido.net\/countries\/"},{"@type":"ListItem","position":3,"name":"Philppinen","item":"https:\/\/gradido.net\/countries\/philippines\/"},{"@type":"ListItem","position":4,"name":"Bildungssituation benachteiligter Kinder Philippinen"}]},{"@type":"WebSite","@id":"https:\/\/gradido.net\/de\/#website","url":"https:\/\/gradido.net\/de\/","name":"Gradido","description":"A nova moeda \u00e9 a gratid\u00e3o","publisher":{"@id":"https:\/\/gradido.net\/de\/#organization"},"potentialAction":[{"@type":"SearchAction","target":{"@type":"EntryPoint","urlTemplate":"https:\/\/gradido.net\/de\/?s={search_term_string}"},"query-input":{"@type":"PropertyValueSpecification","valueRequired":true,"valueName":"search_term_string"}}],"inLanguage":"pt-PT"},{"@type":"Organization","@id":"https:\/\/gradido.net\/de\/#organization","name":"Gradido","url":"https:\/\/gradido.net\/de\/","logo":{"@type":"ImageObject","inLanguage":"pt-PT","@id":"https:\/\/gradido.net\/de\/#\/schema\/logo\/image\/","url":"https:\/\/gradido.net\/wp-content\/uploads\/2022\/04\/gradido-social.jpg","contentUrl":"https:\/\/gradido.net\/wp-content\/uploads\/2022\/04\/gradido-social.jpg","width":527,"height":273,"caption":"Gradido"},"image":{"@id":"https:\/\/gradido.net\/de\/#\/schema\/logo\/image\/"}}]}},"_links":{"self":[{"href":"https:\/\/gradido.net\/pt\/wp-json\/wp\/v2\/pages\/10612","targetHints":{"allow":["GET"]}}],"collection":[{"href":"https:\/\/gradido.net\/pt\/wp-json\/wp\/v2\/pages"}],"about":[{"href":"https:\/\/gradido.net\/pt\/wp-json\/wp\/v2\/types\/page"}],"author":[{"embeddable":true,"href":"https:\/\/gradido.net\/pt\/wp-json\/wp\/v2\/users\/2"}],"replies":[{"embeddable":true,"href":"https:\/\/gradido.net\/pt\/wp-json\/wp\/v2\/comments?post=10612"}],"version-history":[{"count":13,"href":"https:\/\/gradido.net\/pt\/wp-json\/wp\/v2\/pages\/10612\/revisions"}],"predecessor-version":[{"id":11974,"href":"https:\/\/gradido.net\/pt\/wp-json\/wp\/v2\/pages\/10612\/revisions\/11974"}],"up":[{"embeddable":true,"href":"https:\/\/gradido.net\/pt\/wp-json\/wp\/v2\/pages\/10540"}],"wp:featuredmedia":[{"embeddable":true,"href":"https:\/\/gradido.net\/pt\/wp-json\/wp\/v2\/media\/10458"}],"wp:attachment":[{"href":"https:\/\/gradido.net\/pt\/wp-json\/wp\/v2\/media?parent=10612"}],"curies":[{"name":"wp","href":"https:\/\/api.w.org\/{rel}","templated":true}]}}