{"id":10906,"date":"2025-08-12T09:55:14","date_gmt":"2025-08-12T07:55:14","guid":{"rendered":"https:\/\/gradido.net\/?page_id=10906"},"modified":"2025-10-04T10:00:05","modified_gmt":"2025-10-04T08:00:05","slug":"volunteering","status":"publish","type":"page","link":"https:\/\/gradido.net\/pt\/countries\/mexico\/volunteering\/","title":{"rendered":"Trabalho de assist\u00eancia, trabalho volunt\u00e1rio e ajuda de proximidade no M\u00e9xico"},"content":{"rendered":"<div data-elementor-type=\"wp-page\" data-elementor-id=\"10906\" class=\"elementor elementor-10906\" data-elementor-post-type=\"page\">\n\t\t\t\t\t\t<section class=\"elementor-section elementor-top-section elementor-element elementor-element-4ce3e8af elementor-section-full_width elementor-section-height-default elementor-section-height-default\" data-id=\"4ce3e8af\" data-element_type=\"section\" data-e-type=\"section\">\n\t\t\t\t\t\t<div class=\"elementor-container elementor-column-gap-no\">\n\t\t\t\t\t<div class=\"elementor-column elementor-col-100 elementor-top-column elementor-element elementor-element-efa8c8c\" data-id=\"efa8c8c\" data-element_type=\"column\" data-e-type=\"column\">\n\t\t\t<div class=\"elementor-widget-wrap elementor-element-populated\">\n\t\t\t\t\t\t<div class=\"elementor-element elementor-element-e088aa4 elementor--h-position-center elementor--v-position-middle elementor-arrows-position-inside elementor-widget elementor-widget-slides\" data-id=\"e088aa4\" data-element_type=\"widget\" data-e-type=\"widget\" data-settings=\"{&quot;navigation&quot;:&quot;arrows&quot;,&quot;autoplay&quot;:&quot;yes&quot;,&quot;pause_on_hover&quot;:&quot;yes&quot;,&quot;pause_on_interaction&quot;:&quot;yes&quot;,&quot;autoplay_speed&quot;:5000,&quot;infinite&quot;:&quot;yes&quot;,&quot;transition&quot;:&quot;slide&quot;,&quot;transition_speed&quot;:500}\" data-widget_type=\"slides.default\">\n\t\t\t\t<div class=\"elementor-widget-container\">\n\t\t\t\t\t\t\t\t\t<div class=\"elementor-swiper\">\n\t\t\t\t\t<div class=\"elementor-slides-wrapper elementor-main-swiper swiper\" role=\"region\" aria-roledescription=\"carousel\" aria-label=\"Controlo deslizante\" dir=\"ltr\" data-animation=\"fadeInUp\">\n\t\t\t\t<div class=\"swiper-wrapper elementor-slides\">\n\t\t\t\t\t\t\t\t\t\t<div class=\"elementor-repeater-item-2de4990 swiper-slide\" role=\"group\" aria-roledescription=\"slide\"><div class=\"swiper-slide-bg\" role=\"img\" aria-label=\"mexico-city-2706607_1280\"><\/div><div class=\"swiper-slide-inner\" ><div class=\"swiper-slide-contents\"><\/div><\/div><\/div><div class=\"elementor-repeater-item-28f126e swiper-slide\" role=\"group\" aria-roledescription=\"slide\"><div class=\"swiper-slide-bg\" role=\"img\" aria-label=\"cancun-2269936_1280\"><\/div><div class=\"swiper-slide-inner\" ><div class=\"swiper-slide-contents\"><\/div><\/div><\/div><div class=\"elementor-repeater-item-992da35 swiper-slide\" role=\"group\" aria-roledescription=\"slide\"><div class=\"swiper-slide-bg\" role=\"img\" aria-label=\"acapulco-3605307_1280\"><\/div><div class=\"swiper-slide-inner\" ><div class=\"swiper-slide-contents\"><\/div><\/div><\/div><div class=\"elementor-repeater-item-1a67a9d swiper-slide\" role=\"group\" aria-roledescription=\"slide\"><div class=\"swiper-slide-bg\" role=\"img\" aria-label=\"popocatepetl-1755981_1280\"><\/div><div class=\"swiper-slide-inner\" ><div class=\"swiper-slide-contents\"><\/div><\/div><\/div>\t\t\t\t<\/div>\n\t\t\t\t\t\t\t\t\t\t\t\t\t\t\t<div class=\"elementor-swiper-button elementor-swiper-button-prev\" role=\"button\" tabindex=\"0\" aria-label=\"Deslizamento anterior\">\n\t\t\t\t\t\t\t<i aria-hidden=\"true\" class=\"eicon-chevron-left\"><\/i>\t\t\t\t\t\t<\/div>\n\t\t\t\t\t\t<div class=\"elementor-swiper-button elementor-swiper-button-next\" role=\"button\" tabindex=\"0\" aria-label=\"Pr\u00f3ximo slide\">\n\t\t\t\t\t\t\t<i aria-hidden=\"true\" class=\"eicon-chevron-right\"><\/i>\t\t\t\t\t\t<\/div>\n\t\t\t\t\t\t\t\t\t\t\t\t\t\t\t\t\t<\/div>\n\t\t\t\t<\/div>\n\t\t\t\t\t\t\t\t<\/div>\n\t\t\t\t<\/div>\n\t\t\t\t\t<\/div>\n\t\t<\/div>\n\t\t\t\t\t<\/div>\n\t\t<\/section>\n\t\t\t\t<section class=\"elementor-section elementor-top-section elementor-element elementor-element-240baa7a elementor-section-boxed elementor-section-height-default elementor-section-height-default\" data-id=\"240baa7a\" data-element_type=\"section\" data-e-type=\"section\" data-settings=\"{&quot;background_background&quot;:&quot;classic&quot;}\">\n\t\t\t\t\t\t<div class=\"elementor-container elementor-column-gap-default\">\n\t\t\t\t\t<div class=\"elementor-column elementor-col-100 elementor-top-column elementor-element elementor-element-1afe9e42\" data-id=\"1afe9e42\" data-element_type=\"column\" data-e-type=\"column\">\n\t\t\t<div class=\"elementor-widget-wrap elementor-element-populated\">\n\t\t\t\t\t\t<div class=\"elementor-element elementor-element-65bd50ae elementor-widget elementor-widget-heading\" data-id=\"65bd50ae\" data-element_type=\"widget\" data-e-type=\"widget\" data-widget_type=\"heading.default\">\n\t\t\t\t<div class=\"elementor-widget-container\">\n\t\t\t\t\t<h1 class=\"elementor-heading-title elementor-size-default\">Trabalho de assist\u00eancia, trabalho volunt\u00e1rio e ajuda de proximidade<\/h1>\t\t\t\t<\/div>\n\t\t\t\t<\/div>\n\t\t\t\t\t<\/div>\n\t\t<\/div>\n\t\t\t\t\t<\/div>\n\t\t<\/section>\n\t\t\t\t<section class=\"elementor-section elementor-top-section elementor-element elementor-element-446540f elementor-section-boxed elementor-section-height-default elementor-section-height-default\" data-id=\"446540f\" data-element_type=\"section\" data-e-type=\"section\">\n\t\t\t\t\t\t<div class=\"elementor-container elementor-column-gap-default\">\n\t\t\t\t\t<div class=\"elementor-column elementor-col-100 elementor-top-column elementor-element elementor-element-312a2d3\" data-id=\"312a2d3\" data-element_type=\"column\" data-e-type=\"column\">\n\t\t\t<div class=\"elementor-widget-wrap elementor-element-populated\">\n\t\t\t\t\t\t<div class=\"elementor-element elementor-element-b19bf29 elementor-nav-menu--dropdown-tablet elementor-nav-menu__text-align-aside elementor-nav-menu--toggle elementor-nav-menu--burger elementor-widget elementor-widget-nav-menu\" data-id=\"b19bf29\" data-element_type=\"widget\" data-e-type=\"widget\" data-settings=\"{&quot;layout&quot;:&quot;horizontal&quot;,&quot;submenu_icon&quot;:{&quot;value&quot;:&quot;&lt;i class=\\&quot;fas fa-caret-down\\&quot; aria-hidden=\\&quot;true\\&quot;&gt;&lt;\\\/i&gt;&quot;,&quot;library&quot;:&quot;fa-solid&quot;},&quot;toggle&quot;:&quot;burger&quot;}\" data-widget_type=\"nav-menu.default\">\n\t\t\t\t<div class=\"elementor-widget-container\">\n\t\t\t\t\t\t\t\t<nav aria-label=\"Investiga\u00e7\u00e3o por pa\u00eds\" class=\"elementor-nav-menu--main elementor-nav-menu__container elementor-nav-menu--layout-horizontal e--pointer-underline e--animation-grow\">\n\t\t\t\t<ul id=\"menu-1-b19bf29\" class=\"elementor-nav-menu\"><li class=\"menu-item menu-item-type-custom menu-item-object-custom menu-item-has-children menu-item-12305\"><a class=\"elementor-item\">\u00c1frica<\/a>\n<ul class=\"sub-menu elementor-nav-menu--dropdown\">\n\t<li class=\"menu-item menu-item-type-post_type menu-item-object-page menu-item-12253\"><a href=\"https:\/\/gradido.net\/pt\/countries\/afrika\/\" class=\"elementor-sub-item\">\u00c1frica, todo o continente<\/a><\/li>\n\t<li class=\"menu-item menu-item-type-post_type menu-item-object-page menu-item-13097\"><a href=\"https:\/\/gradido.net\/pt\/countries\/afrika\/dr-congo\/\" class=\"elementor-sub-item\">Rep\u00fablica Democr\u00e1tica do Congo<\/a><\/li>\n\t<li class=\"menu-item menu-item-type-post_type menu-item-object-page menu-item-12414\"><a href=\"https:\/\/gradido.net\/pt\/countries\/afrika\/kenya\/\" class=\"elementor-sub-item\">Qu\u00e9nia<\/a><\/li>\n\t<li class=\"menu-item menu-item-type-post_type menu-item-object-page menu-item-12737\"><a href=\"https:\/\/gradido.net\/pt\/countries\/afrika\/madagascar\/\" class=\"elementor-sub-item\">Madag\u00e1scar<\/a><\/li>\n\t<li class=\"menu-item menu-item-type-post_type menu-item-object-page menu-item-12148\"><a href=\"https:\/\/gradido.net\/pt\/countries\/afrika\/namibia\/\" class=\"elementor-sub-item\">Nam\u00edbia<\/a><\/li>\n\t<li class=\"menu-item menu-item-type-post_type menu-item-object-page menu-item-12839\"><a href=\"https:\/\/gradido.net\/pt\/countries\/afrika\/rwanda\/\" class=\"elementor-sub-item\">Ruanda<\/a><\/li>\n<\/ul>\n<\/li>\n<li class=\"menu-item menu-item-type-custom menu-item-object-custom menu-item-has-children menu-item-11798\"><a class=\"elementor-item\">Am\u00e9rica<\/a>\n<ul class=\"sub-menu elementor-nav-menu--dropdown\">\n\t<li class=\"menu-item menu-item-type-post_type menu-item-object-page menu-item-12463\"><a href=\"https:\/\/gradido.net\/pt\/countries\/usa\/\" class=\"elementor-sub-item\">EUA<\/a><\/li>\n\t<li class=\"menu-item menu-item-type-post_type menu-item-object-page menu-item-11791\"><a href=\"https:\/\/gradido.net\/pt\/countries\/mexico\/\" class=\"elementor-sub-item\">M\u00e9xico<\/a><\/li>\n<\/ul>\n<\/li>\n<li class=\"menu-item menu-item-type-custom menu-item-object-custom menu-item-has-children menu-item-11800\"><a class=\"elementor-item\">\u00c1sia<\/a>\n<ul class=\"sub-menu elementor-nav-menu--dropdown\">\n\t<li class=\"menu-item menu-item-type-post_type menu-item-object-page menu-item-11794\"><a href=\"https:\/\/gradido.net\/pt\/countries\/maledives\/\" class=\"elementor-sub-item\">Maldivas<\/a><\/li>\n\t<li class=\"menu-item menu-item-type-post_type menu-item-object-page menu-item-11790\"><a href=\"https:\/\/gradido.net\/pt\/countries\/philippines\/\" class=\"elementor-sub-item\">Filipinas<\/a><\/li>\n\t<li class=\"menu-item menu-item-type-post_type menu-item-object-page menu-item-11802\"><a href=\"https:\/\/gradido.net\/pt\/countries\/saudi-arabia\/\" class=\"elementor-sub-item\">Ar\u00e1bia Saudita<\/a><\/li>\n<\/ul>\n<\/li>\n<li class=\"menu-item menu-item-type-custom menu-item-object-custom menu-item-has-children menu-item-11797\"><a class=\"elementor-item\">Europa<\/a>\n<ul class=\"sub-menu elementor-nav-menu--dropdown\">\n\t<li class=\"menu-item menu-item-type-post_type menu-item-object-page menu-item-11805\"><a href=\"https:\/\/gradido.net\/pt\/countries\/germany\/\" class=\"elementor-sub-item\">Alemanha<\/a><\/li>\n\t<li class=\"menu-item menu-item-type-post_type menu-item-object-page menu-item-11803\"><a href=\"https:\/\/gradido.net\/pt\/countries\/greece\/\" class=\"elementor-sub-item\">Gr\u00e9cia<\/a><\/li>\n\t<li class=\"menu-item menu-item-type-post_type menu-item-object-page menu-item-11788\"><a href=\"https:\/\/gradido.net\/pt\/countries\/spain\/\" class=\"elementor-sub-item\">Espanha<\/a><\/li>\n<\/ul>\n<\/li>\n<li class=\"menu-item menu-item-type-custom menu-item-object-custom menu-item-has-children menu-item-11801\"><a class=\"elementor-item\">Oce\u00e2nia<\/a>\n<ul class=\"sub-menu elementor-nav-menu--dropdown\">\n\t<li class=\"menu-item menu-item-type-post_type menu-item-object-page menu-item-11793\"><a href=\"https:\/\/gradido.net\/pt\/countries\/marshall-islands\/\" class=\"elementor-sub-item\">Ilhas Marshall<\/a><\/li>\n\t<li class=\"menu-item menu-item-type-post_type menu-item-object-page menu-item-11795\"><a href=\"https:\/\/gradido.net\/pt\/countries\/tahiti\/\" class=\"elementor-sub-item\">Tahiti<\/a><\/li>\n<\/ul>\n<\/li>\n<\/ul>\t\t\t<\/nav>\n\t\t\t\t\t<div class=\"elementor-menu-toggle\" role=\"button\" tabindex=\"0\" aria-label=\"Alternar entre menus\" aria-expanded=\"false\">\n\t\t\t<i aria-hidden=\"true\" role=\"presentation\" class=\"elementor-menu-toggle__icon--open eicon-menu-bar\"><\/i><i aria-hidden=\"true\" role=\"presentation\" class=\"elementor-menu-toggle__icon--close eicon-close\"><\/i>\t\t<\/div>\n\t\t\t\t\t<nav class=\"elementor-nav-menu--dropdown elementor-nav-menu__container\" aria-hidden=\"true\">\n\t\t\t\t<ul id=\"menu-2-b19bf29\" class=\"elementor-nav-menu\"><li class=\"menu-item menu-item-type-custom menu-item-object-custom menu-item-has-children menu-item-12305\"><a class=\"elementor-item\" tabindex=\"-1\">\u00c1frica<\/a>\n<ul class=\"sub-menu elementor-nav-menu--dropdown\">\n\t<li class=\"menu-item menu-item-type-post_type menu-item-object-page menu-item-12253\"><a href=\"https:\/\/gradido.net\/pt\/countries\/afrika\/\" class=\"elementor-sub-item\" tabindex=\"-1\">\u00c1frica, todo o continente<\/a><\/li>\n\t<li class=\"menu-item menu-item-type-post_type menu-item-object-page menu-item-13097\"><a href=\"https:\/\/gradido.net\/pt\/countries\/afrika\/dr-congo\/\" class=\"elementor-sub-item\" tabindex=\"-1\">Rep\u00fablica Democr\u00e1tica do Congo<\/a><\/li>\n\t<li class=\"menu-item menu-item-type-post_type menu-item-object-page menu-item-12414\"><a href=\"https:\/\/gradido.net\/pt\/countries\/afrika\/kenya\/\" class=\"elementor-sub-item\" tabindex=\"-1\">Qu\u00e9nia<\/a><\/li>\n\t<li class=\"menu-item menu-item-type-post_type menu-item-object-page menu-item-12737\"><a href=\"https:\/\/gradido.net\/pt\/countries\/afrika\/madagascar\/\" class=\"elementor-sub-item\" tabindex=\"-1\">Madag\u00e1scar<\/a><\/li>\n\t<li class=\"menu-item menu-item-type-post_type menu-item-object-page menu-item-12148\"><a href=\"https:\/\/gradido.net\/pt\/countries\/afrika\/namibia\/\" class=\"elementor-sub-item\" tabindex=\"-1\">Nam\u00edbia<\/a><\/li>\n\t<li class=\"menu-item menu-item-type-post_type menu-item-object-page menu-item-12839\"><a href=\"https:\/\/gradido.net\/pt\/countries\/afrika\/rwanda\/\" class=\"elementor-sub-item\" tabindex=\"-1\">Ruanda<\/a><\/li>\n<\/ul>\n<\/li>\n<li class=\"menu-item menu-item-type-custom menu-item-object-custom menu-item-has-children menu-item-11798\"><a class=\"elementor-item\" tabindex=\"-1\">Am\u00e9rica<\/a>\n<ul class=\"sub-menu elementor-nav-menu--dropdown\">\n\t<li class=\"menu-item menu-item-type-post_type menu-item-object-page menu-item-12463\"><a href=\"https:\/\/gradido.net\/pt\/countries\/usa\/\" class=\"elementor-sub-item\" tabindex=\"-1\">EUA<\/a><\/li>\n\t<li class=\"menu-item menu-item-type-post_type menu-item-object-page menu-item-11791\"><a href=\"https:\/\/gradido.net\/pt\/countries\/mexico\/\" class=\"elementor-sub-item\" tabindex=\"-1\">M\u00e9xico<\/a><\/li>\n<\/ul>\n<\/li>\n<li class=\"menu-item menu-item-type-custom menu-item-object-custom menu-item-has-children menu-item-11800\"><a class=\"elementor-item\" tabindex=\"-1\">\u00c1sia<\/a>\n<ul class=\"sub-menu elementor-nav-menu--dropdown\">\n\t<li class=\"menu-item menu-item-type-post_type menu-item-object-page menu-item-11794\"><a href=\"https:\/\/gradido.net\/pt\/countries\/maledives\/\" class=\"elementor-sub-item\" tabindex=\"-1\">Maldivas<\/a><\/li>\n\t<li class=\"menu-item menu-item-type-post_type menu-item-object-page menu-item-11790\"><a href=\"https:\/\/gradido.net\/pt\/countries\/philippines\/\" class=\"elementor-sub-item\" tabindex=\"-1\">Filipinas<\/a><\/li>\n\t<li class=\"menu-item menu-item-type-post_type menu-item-object-page menu-item-11802\"><a href=\"https:\/\/gradido.net\/pt\/countries\/saudi-arabia\/\" class=\"elementor-sub-item\" tabindex=\"-1\">Ar\u00e1bia Saudita<\/a><\/li>\n<\/ul>\n<\/li>\n<li class=\"menu-item menu-item-type-custom menu-item-object-custom menu-item-has-children menu-item-11797\"><a class=\"elementor-item\" tabindex=\"-1\">Europa<\/a>\n<ul class=\"sub-menu elementor-nav-menu--dropdown\">\n\t<li class=\"menu-item menu-item-type-post_type menu-item-object-page menu-item-11805\"><a href=\"https:\/\/gradido.net\/pt\/countries\/germany\/\" class=\"elementor-sub-item\" tabindex=\"-1\">Alemanha<\/a><\/li>\n\t<li class=\"menu-item menu-item-type-post_type menu-item-object-page menu-item-11803\"><a href=\"https:\/\/gradido.net\/pt\/countries\/greece\/\" class=\"elementor-sub-item\" tabindex=\"-1\">Gr\u00e9cia<\/a><\/li>\n\t<li class=\"menu-item menu-item-type-post_type menu-item-object-page menu-item-11788\"><a href=\"https:\/\/gradido.net\/pt\/countries\/spain\/\" class=\"elementor-sub-item\" tabindex=\"-1\">Espanha<\/a><\/li>\n<\/ul>\n<\/li>\n<li class=\"menu-item menu-item-type-custom menu-item-object-custom menu-item-has-children menu-item-11801\"><a class=\"elementor-item\" tabindex=\"-1\">Oce\u00e2nia<\/a>\n<ul class=\"sub-menu elementor-nav-menu--dropdown\">\n\t<li class=\"menu-item menu-item-type-post_type menu-item-object-page menu-item-11793\"><a href=\"https:\/\/gradido.net\/pt\/countries\/marshall-islands\/\" class=\"elementor-sub-item\" tabindex=\"-1\">Ilhas Marshall<\/a><\/li>\n\t<li class=\"menu-item menu-item-type-post_type menu-item-object-page menu-item-11795\"><a href=\"https:\/\/gradido.net\/pt\/countries\/tahiti\/\" class=\"elementor-sub-item\" tabindex=\"-1\">Tahiti<\/a><\/li>\n<\/ul>\n<\/li>\n<\/ul>\t\t\t<\/nav>\n\t\t\t\t\t\t<\/div>\n\t\t\t\t<\/div>\n\t\t\t\t<div class=\"elementor-element elementor-element-9aad968 elementor-widget elementor-widget-breadcrumbs\" data-id=\"9aad968\" data-element_type=\"widget\" data-e-type=\"widget\" data-widget_type=\"breadcrumbs.default\">\n\t\t\t\t<div class=\"elementor-widget-container\">\n\t\t\t\t\t<p id=\"breadcrumbs\"><span><span><a href=\"https:\/\/gradido.net\/pt\/\">P\u00e1gina inicial<\/a><\/span><\/span><\/p>\t\t\t\t<\/div>\n\t\t\t\t<\/div>\n\t\t\t\t<div class=\"elementor-element elementor-element-a9db9a5 elementor-widget elementor-widget-text-editor\" data-id=\"a9db9a5\" data-element_type=\"widget\" data-e-type=\"widget\" data-widget_type=\"text-editor.default\">\n\t\t\t\t<div class=\"elementor-widget-container\">\n\t\t\t\t\t\t\t\t\t<h3 style=\"text-align: center;\"><a href=\"https:\/\/gradido.net\/pt\/countries\/mexico\/\"><strong>P\u00e1gina principal: M\u00e9xico<\/strong><\/a><\/h3><p style=\"text-align: center;\"><a href=\"https:\/\/gradido.net\/pt\/countries\/mexico\/economic-social-and-political-situation\/\">1. situa\u00e7\u00e3o econ\u00f3mica, social e pol\u00edtica<\/a><br \/><a href=\"https:\/\/gradido.net\/pt\/countries\/mexico\/wealth-and-poverty\/\">2. distribui\u00e7\u00e3o da riqueza e da pobreza<\/a><br \/><a href=\"https:\/\/gradido.net\/pt\/countries\/mexico\/labour-migration-and-remittances-mexico\/\">3. migra\u00e7\u00e3o laboral e fluxos monet\u00e1rios<\/a><br \/><a href=\"https:\/\/gradido.net\/pt\/countries\/mexico\/corruption-and-crime\/\">4. corrup\u00e7\u00e3o e criminalidade<\/a><br \/><a href=\"https:\/\/gradido.net\/pt\/countries\/mexico\/cultural-values\/\">5. valores culturais<\/a><br \/><a href=\"https:\/\/gradido.net\/pt\/countries\/mexico\/education\/\">6. educa\u00e7\u00e3o<\/a><br \/><a href=\"https:\/\/gradido.net\/pt\/countries\/mexico\/healthcare\/\">7. cuidados de sa\u00fade<\/a><br \/><strong>8. trabalho de assist\u00eancia, trabalho volunt\u00e1rio e ajuda de proximidade<\/strong><br \/><a href=\"https:\/\/gradido.net\/pt\/countries\/mexico\/innovation\/\">9. inova\u00e7\u00e3o, digitaliza\u00e7\u00e3o e modelos econ\u00f3micos alternativos<\/a><br \/><a href=\"https:\/\/gradido.net\/pt\/countries\/mexico\/cooperatives\/\">10. cooperativas<\/a><br \/><a href=\"https:\/\/gradido.net\/pt\/countries\/mexico\/potential-and-obstacles\/\">11. potencialidades e obst\u00e1culos para o Gradido<\/a><br \/><a href=\"https:\/\/gradido.net\/pt\/countries\/mexico\/international-players\/\">12. actores internacionais<\/a><br \/><a href=\"https:\/\/gradido.net\/pt\/countries\/mexico\/agriculture\/\">13. agricultura<\/a><\/p>\t\t\t\t\t\t\t\t<\/div>\n\t\t\t\t<\/div>\n\t\t\t\t<div class=\"elementor-element elementor-element-d7bb196 elementor-widget-divider--view-line elementor-widget elementor-widget-divider\" data-id=\"d7bb196\" data-element_type=\"widget\" data-e-type=\"widget\" data-widget_type=\"divider.default\">\n\t\t\t\t<div class=\"elementor-widget-container\">\n\t\t\t\t\t\t\t<div class=\"elementor-divider\">\n\t\t\t<span class=\"elementor-divider-separator\">\n\t\t\t\t\t\t<\/span>\n\t\t<\/div>\n\t\t\t\t\t\t<\/div>\n\t\t\t\t<\/div>\n\t\t\t\t<div class=\"elementor-element elementor-element-146ff9d elementor-widget elementor-widget-text-editor\" data-id=\"146ff9d\" data-element_type=\"widget\" data-e-type=\"widget\" data-widget_type=\"text-editor.default\">\n\t\t\t\t<div class=\"elementor-widget-container\">\n\t\t\t\t\t\t\t\t\t<div class=\"wiki-page-header-wrapper\"><div class=\"wiki-page-header-wrapper\"><div class=\"wiki-page-header-wrapper\"><h2 data-pm-slice=\"0 0 []\">Import\u00e2ncia e reconhecimento do trabalho de assist\u00eancia, do trabalho volunt\u00e1rio e da ajuda de proximidade no M\u00e9xico<\/h2><h3>Trabalho de assist\u00eancia<\/h3><ul data-tight=\"true\"><li><p><strong>Trabalho de assist\u00eancia<\/strong> inclui tarefas dom\u00e9sticas n\u00e3o remuneradas, cuidados infantis, cuidados a idosos e doentes e cuidados emocionais. No M\u00e9xico, este trabalho \u00e9 predominantemente efectuado por mulheres.<\/p><\/li><li><p>Em m\u00e9dia, as mulheres gastam <strong>40 horas por semana<\/strong> com trabalho de assist\u00eancia n\u00e3o remunerado, os homens apenas cerca de 16 horas. As m\u00e3es, que s\u00e3o mais de 38 milh\u00f5es, s\u00e3o particularmente afectadas<a href=\"https:\/\/www.kulturaustausch.de\/ausgaben\/mexiko\/frauenrechte-auf-die-agenda\/\">^1<\/a>.<\/p><\/li><li><p>O reconhecimento social do trabalho de cuidados \u00e9 baixo: \u00e9 geralmente visto como uma tarefa \"natural\" das mulheres e permanece invis\u00edvel nas estat\u00edsticas econ\u00f3micas oficiais. Este facto conduz a uma discrimina\u00e7\u00e3o estrutural e a menos oportunidades no mercado de trabalho<a href=\"https:\/\/www.kshg.de\/unsichtbare-frauen-2\/\">^1<\/a>.<\/p><\/li><li><p>Desde h\u00e1 alguns anos, as reformas e os movimentos feministas t\u00eam vindo a exigir um maior reconhecimento social e pol\u00edtico e um maior apoio estatal ao trabalho de presta\u00e7\u00e3o de cuidados, por exemplo, atrav\u00e9s da expans\u00e3o dos servi\u00e7os p\u00fablicos de cuidados ou da nacionaliza\u00e7\u00e3o dos servi\u00e7os de cuidados<a href=\"https:\/\/www.kshg.de\/unsichtbare-frauen-2\/\">^1<\/a>.<\/p><\/li><\/ul><h3>Voluntariado<\/h3><ul data-tight=\"true\"><li><p><strong>Voluntariado<\/strong> no M\u00e9xico \u00e9 diversificado e abrange desde o trabalho social com crian\u00e7as, idosos e pessoas com defici\u00eancia at\u00e9 projectos de conserva\u00e7\u00e3o do ambiente e da natureza e iniciativas educativas e culturais<a href=\"https:\/\/www.volunteerworld.com\/de\/volunteer-abroad\/mexiko\">^3<\/a><a href=\"https:\/\/www.weltwaerts.de\/de\/freiwilligendienst-in-mexiko.html\">^5<\/a>.<\/p><\/li><li><p>Nas regi\u00f5es rurais e desfavorecidas, em particular, o trabalho volunt\u00e1rio \u00e9 uma forma importante de compensar a falta de apoio estatal. Contribui para a redu\u00e7\u00e3o da pobreza, para a educa\u00e7\u00e3o e para a capacita\u00e7\u00e3o da comunidade<a href=\"https:\/\/www.wanderworldtravel.de\/projekt\/freiwilligenarbeit-mexiko-teaching\/\">^4<\/a>.<\/p><\/li><li><p>O trabalho volunt\u00e1rio \u00e9 altamente reconhecido pela sociedade, especialmente nas comunidades locais. Muitos projectos s\u00e3o apoiados por ONG, comunidades religiosas ou iniciativas de bairro. No entanto, o apoio estatal \u00e9 frequentemente limitado e restringe-se a programas individuais<a href=\"https:\/\/www.weltwaerts.de\/de\/freiwilligendienst-in-mexiko.html\">^4<\/a><a href=\"https:\/\/www.experiment-ev.de\/freiwilligendienst\/freiwilligendienst-mexiko\/\">^7<\/a>.<\/p><\/li><li><p>Os programas internacionais de voluntariado e interc\u00e2mbio s\u00e3o populares e apoiados por organiza\u00e7\u00f5es locais, especialmente em \u00e1reas como a educa\u00e7\u00e3o, a sa\u00fade e a inclus\u00e3o<a href=\"https:\/\/www.bezev.de\/de\/home\/mit-uns-in-den-weltwaerts-freiwilligendienst\/mit-uns-in-den-weltwaerts-freiwilligendienst\/einsatzstellen\/mexiko\/\">^5<\/a>.<\/p><\/li><\/ul><h3>Ajuda local ao bairro<\/h3><ul data-tight=\"true\"><li><p><strong>Assist\u00eancia de proximidade<\/strong> e o apoio m\u00fatuo t\u00eam uma longa tradi\u00e7\u00e3o no M\u00e9xico, especialmente nas comunidades rurais e ind\u00edgenas.<\/p><\/li><li><p>S\u00e3o t\u00edpicas as formas de trabalho em colabora\u00e7\u00e3o, tais como <em>tequio<\/em> ou <em>faena<\/em>onde os vizinhos organizam projectos de constru\u00e7\u00e3o, festas ou assist\u00eancia em conjunto. Estas pr\u00e1ticas refor\u00e7am a coes\u00e3o social e compensam os d\u00e9fices p\u00fablicos<a href=\"https:\/\/www.volunteerworld.com\/de\/volunteer-abroad\/mexiko\">^4<\/a>.<\/p><\/li><li><p>As iniciativas de bairro est\u00e3o a surgir cada vez mais em contextos urbanos, por exemplo, em resposta a problemas sociais, \u00e0 gentrifica\u00e7\u00e3o ou a cat\u00e1strofes naturais. S\u00e3o frequentemente organizadas numa base democr\u00e1tica de base e fazem campanha pelos direitos sociais e pela habita\u00e7\u00e3o a pre\u00e7os acess\u00edveis<a href=\"https:\/\/amerika21.de\/2025\/07\/276012\/proteste-mexiko-gentrifizierung\">^9<\/a>.<\/p><\/li><li><p>O reconhecimento social \u00e9 geralmente muito elevado a n\u00edvel local, mas n\u00e3o \u00e9 muito vis\u00edvel a n\u00edvel nacional. O apoio estatal limita-se frequentemente a programas de financiamento selectivos ou n\u00e3o existe de todo.<\/p><\/li><\/ul><h3>Vis\u00e3o geral: Reconhecimento e apoio<\/h3><table><tbody><tr><th><p>Gama<\/p><\/th><th><p>Reconhecimento social<\/p><\/th><th><p>Apoio estatal<\/p><\/th><th><p>Principais intervenientes<\/p><\/th><\/tr><tr><td><p>Trabalho de assist\u00eancia<\/p><\/td><td><p>Baixo a crescente<\/p><\/td><td><p>Reformas limitadas, pouco apoio estrutural<\/p><\/td><td><p>Mulheres, fam\u00edlias, movimentos feministas<\/p><\/td><\/tr><tr><td><p>Voluntariado<\/p><\/td><td><p>Elevada (local), em crescimento (nacional)<\/p><\/td><td><p>Programas individuais, muitas ONG<\/p><\/td><td><p>ONG, igrejas, volunt\u00e1rios internacionais<\/p><\/td><\/tr><tr><td><p>Assist\u00eancia de proximidade<\/p><\/td><td><p>Alta (local), baixa visibilidade (nacional)<\/p><\/td><td><p>Dificilmente, maioritariamente auto-organizado<\/p><\/td><td><p>Comunidades, colectivos de bairro<\/p><\/td><\/tr><\/tbody><\/table><h3>Conclus\u00e3o<\/h3><p><strong>O trabalho de assist\u00eancia, o trabalho volunt\u00e1rio e a ajuda de proximidade s\u00e3o pilares centrais da vida social no M\u00e9xico, mas s\u00e3o reconhecidos e apoiados principalmente a n\u00edvel local.<\/strong> O apoio estrutural do Estado continua a ser limitado, ao passo que os movimentos sociais e as iniciativas da sociedade civil est\u00e3o a pressionar cada vez mais no sentido de um maior reconhecimento e de melhores condi\u00e7\u00f5es de enquadramento<a href=\"https:\/\/www.kshg.de\/unsichtbare-frauen-2\/\">^1<\/a><a href=\"https:\/\/amerika21.de\/2025\/07\/276012\/proteste-mexiko-gentrifizierung\">^4<\/a>.<\/p><div><hr \/><\/div><h1>Avalia\u00e7\u00e3o complementar numa perspetiva Gradido<\/h1><p>A import\u00e2ncia do trabalho de assist\u00eancia, do trabalho volunt\u00e1rio e da ajuda ao pr\u00f3ximo \u00e9 muitas vezes subestimada - e, no entanto, eles formam a espinha dorsal silenciosa de uma vida comunit\u00e1ria que apoia, nutre e cura. Permitam-me que aborde esta quest\u00e3o com carinho, numa perspetiva Gradido:<\/p><p><strong>Tornar vis\u00edvel o invis\u00edvel - a magia do \"evidente\"<\/strong><\/p><p>No M\u00e9xico, tal como em muitos pa\u00edses, a maior parte do trabalho de cuidar, nutrir, curar e apoiar flui ao longo da vida de forma invis\u00edvel e n\u00e3o remunerada - maioritariamente realizado por mulheres e nas comunidades locais. Elas d\u00e3o tempo, amor e for\u00e7a sem nunca deixar uma linha nas estat\u00edsticas econ\u00f3micas. Mas: <em>Sem eles, a comunidade desmoronar-se-ia imediatamente.<\/em><\/p><p><strong>O Gradido nasceu para isso:<\/strong><\/p><ul data-tight=\"true\"><li><p><strong>Aprecia\u00e7\u00e3o dos cuidados:<\/strong> O Gradido coloca precisamente estes contributos \"invis\u00edveis\" no centro da consci\u00eancia social. Todo o trabalho de assist\u00eancia, voluntariado e gestos de ajuda s\u00e3o reconhecidos e ativamente apreciados como contributos valiosos que fortalecem a comunidade.<\/p><\/li><li><p><strong>Justi\u00e7a participativa:<\/strong> Isto d\u00e1 a milh\u00f5es de mulheres, m\u00e3es, familiares e activistas de bairro acesso a estima social, seguran\u00e7a financeira e verdadeiro poder criativo - independentemente do emprego formal.<\/p><\/li><li><p><strong>Refor\u00e7ar a comunidade e o objetivo:<\/strong> Quando todas as pessoas s\u00e3o reconhecidas pelas suas contribui\u00e7\u00f5es volunt\u00e1rias ou de assist\u00eancia, o empenhamento, a solidariedade e a criatividade florescem. Promove a sa\u00fade social e um clima de confian\u00e7a e uni\u00e3o - tanto a n\u00edvel local como nacional.<\/p><\/li><li><p><strong>De baixo para cima - e n\u00e3o o contr\u00e1rio:<\/strong> Em vez de uma burocracia centralizada ou de programas de financiamento selectivos, a iniciativa vem da vida quotidiana das pessoas, das fam\u00edlias e dos vizinhos. \u00c9 aqui que s\u00e3o tomadas as decis\u00f5es sobre o que \u00e9 necess\u00e1rio e como a comunidade pode ter sucesso.<\/p><\/li><\/ul><p><strong>Capacita\u00e7\u00e3o, seguran\u00e7a, alegria<\/strong><\/p><p>Com Gradido, nenhuma pessoa que presta cuidados - mulher, homem, idoso ou jovem, prestador de cuidados ou ajudante de bairro - \u00e9 desvalorizada ou tratada como \"invis\u00edvel\". Todos os que contribuem podem experimentar a abund\u00e2ncia, a seguran\u00e7a e a gratid\u00e3o. O poder da comunidade torna-se assim o pilar de sustenta\u00e7\u00e3o de uma sociedade que serve a vida e floresce.<\/p><div><hr \/><\/div><p><strong>Conclus\u00e3o:<\/strong><br \/><em>O cuidado e o compromisso volunt\u00e1rio s\u00e3o o cora\u00e7\u00e3o da conviv\u00eancia pac\u00edfica e sustent\u00e1vel. \u00c9 precisamente isto que torna Gradido vis\u00edvel, forte e, portanto, faz crescer a esperan\u00e7a para o M\u00e9xico e para toda a fam\u00edlia humana.<\/em><\/p><\/div><\/div><\/div>\t\t\t\t\t\t\t\t<\/div>\n\t\t\t\t<\/div>\n\t\t\t\t\t<\/div>\n\t\t<\/div>\n\t\t\t\t\t<\/div>\n\t\t<\/section>\n\t\t\t\t<\/div>","protected":false},"excerpt":{"rendered":"<p>Care-Arbeit, Freiwilligenarbeit und Nachbarschaftshilfe Hauptseite: Mexiko 1. Wirtschaftliche, soziale und politische Situation2. Verteilung von Reichtum und Armut3. Arbeitsmigration und Geldr\u00fcckfl\u00fcsse4. Korruption und Kriminalit\u00e4t5. Kulturelle Werte6. Bildung7. Gesundheitsversorgung8. Care-Arbeit, Freiwilligenarbeit und Nachbarschaftshilfe9. Innovation, Digitalisierung und alternative Wirtschaftsmodelle10.Genossenschaften11. Potenziale und H\u00fcrden f\u00fcr Gradido12. Internationale Akteure13. Landwirtschaft Bedeutung und Anerkennung von Care-Arbeit, Freiwilligenarbeit und Nachbarschaftshilfe in Mexiko Care-Arbeit [&hellip;]<\/p>\n","protected":false},"author":2,"featured_media":10458,"parent":10731,"menu_order":0,"comment_status":"closed","ping_status":"closed","template":"","meta":{"footnotes":""},"class_list":["post-10906","page","type-page","status-publish","has-post-thumbnail","hentry"],"yoast_head":"<!-- This site is optimized with the Yoast SEO plugin v27.4 - https:\/\/yoast.com\/product\/yoast-seo-wordpress\/ -->\n<title>Care-Arbeit, Freiwilligenarbeit und Nachbarschaftshilfe in Mexiko - Gradido<\/title>\n<meta name=\"description\" content=\"Sei Teil der Bewegung!Gemeinsam bringen wir Gradido in die Welt.\" \/>\n<meta name=\"robots\" content=\"index, follow, max-snippet:-1, max-image-preview:large, max-video-preview:-1\" \/>\n<link rel=\"canonical\" href=\"https:\/\/gradido.net\/pt\/countries\/mexico\/volunteering\/\" \/>\n<meta property=\"og:locale\" content=\"pt_PT\" \/>\n<meta property=\"og:type\" content=\"article\" \/>\n<meta property=\"og:title\" content=\"Care-Arbeit, Freiwilligenarbeit und Nachbarschaftshilfe in Mexiko - Gradido\" \/>\n<meta property=\"og:description\" content=\"Sei Teil der Bewegung!Gemeinsam bringen wir Gradido in die Welt.\" \/>\n<meta property=\"og:url\" content=\"https:\/\/gradido.net\/pt\/countries\/mexico\/volunteering\/\" \/>\n<meta property=\"og:site_name\" content=\"Gradido\" \/>\n<meta property=\"article:modified_time\" content=\"2025-10-04T08:00:05+00:00\" \/>\n<meta property=\"og:image\" content=\"https:\/\/gradido.net\/wp-content\/uploads\/2025\/07\/AdobeStock_3210827871-scaled.jpeg\" \/>\n\t<meta property=\"og:image:width\" content=\"2560\" \/>\n\t<meta property=\"og:image:height\" content=\"790\" \/>\n\t<meta property=\"og:image:type\" content=\"image\/jpeg\" \/>\n<meta name=\"twitter:card\" content=\"summary_large_image\" \/>\n<meta name=\"twitter:label1\" content=\"Tempo estimado de leitura\" \/>\n\t<meta name=\"twitter:data1\" content=\"5 minutos\" \/>\n<script type=\"application\/ld+json\" class=\"yoast-schema-graph\">{\"@context\":\"https:\\\/\\\/schema.org\",\"@graph\":[{\"@type\":\"WebPage\",\"@id\":\"https:\\\/\\\/gradido.net\\\/countries\\\/mexico\\\/volunteering\\\/\",\"url\":\"https:\\\/\\\/gradido.net\\\/countries\\\/mexico\\\/volunteering\\\/\",\"name\":\"Care-Arbeit, Freiwilligenarbeit und Nachbarschaftshilfe in Mexiko - Gradido\",\"isPartOf\":{\"@id\":\"https:\\\/\\\/gradido.net\\\/de\\\/#website\"},\"primaryImageOfPage\":{\"@id\":\"https:\\\/\\\/gradido.net\\\/countries\\\/mexico\\\/volunteering\\\/#primaryimage\"},\"image\":{\"@id\":\"https:\\\/\\\/gradido.net\\\/countries\\\/mexico\\\/volunteering\\\/#primaryimage\"},\"thumbnailUrl\":\"https:\\\/\\\/gradido.net\\\/wp-content\\\/uploads\\\/2025\\\/07\\\/AdobeStock_3210827871-scaled.jpeg\",\"datePublished\":\"2025-08-12T07:55:14+00:00\",\"dateModified\":\"2025-10-04T08:00:05+00:00\",\"description\":\"Sei Teil der Bewegung!Gemeinsam bringen wir Gradido in die Welt.\",\"breadcrumb\":{\"@id\":\"https:\\\/\\\/gradido.net\\\/countries\\\/mexico\\\/volunteering\\\/#breadcrumb\"},\"inLanguage\":\"pt-PT\",\"potentialAction\":[{\"@type\":\"ReadAction\",\"target\":[\"https:\\\/\\\/gradido.net\\\/countries\\\/mexico\\\/volunteering\\\/\"]}]},{\"@type\":\"ImageObject\",\"inLanguage\":\"pt-PT\",\"@id\":\"https:\\\/\\\/gradido.net\\\/countries\\\/mexico\\\/volunteering\\\/#primaryimage\",\"url\":\"https:\\\/\\\/gradido.net\\\/wp-content\\\/uploads\\\/2025\\\/07\\\/AdobeStock_3210827871-scaled.jpeg\",\"contentUrl\":\"https:\\\/\\\/gradido.net\\\/wp-content\\\/uploads\\\/2025\\\/07\\\/AdobeStock_3210827871-scaled.jpeg\",\"width\":2560,\"height\":790,\"caption\":\"world globe planet earth 3d-illustration. elements of this image furnished by NASA\"},{\"@type\":\"BreadcrumbList\",\"@id\":\"https:\\\/\\\/gradido.net\\\/countries\\\/mexico\\\/volunteering\\\/#breadcrumb\",\"itemListElement\":[{\"@type\":\"ListItem\",\"position\":1,\"name\":\"Startseite\",\"item\":\"https:\\\/\\\/gradido.net\\\/\"},{\"@type\":\"ListItem\",\"position\":2,\"name\":\"L\u00e4nderforschung\",\"item\":\"https:\\\/\\\/gradido.net\\\/countries\\\/\"},{\"@type\":\"ListItem\",\"position\":3,\"name\":\"Mexiko\",\"item\":\"https:\\\/\\\/gradido.net\\\/countries\\\/mexico\\\/\"},{\"@type\":\"ListItem\",\"position\":4,\"name\":\"Care-Arbeit, Freiwilligenarbeit und Nachbarschaftshilfe in Mexiko\"}]},{\"@type\":\"WebSite\",\"@id\":\"https:\\\/\\\/gradido.net\\\/de\\\/#website\",\"url\":\"https:\\\/\\\/gradido.net\\\/de\\\/\",\"name\":\"Gradido\",\"description\":\"Die neue W\u00e4hrung hei\u00dft Dankbarkeit\",\"publisher\":{\"@id\":\"https:\\\/\\\/gradido.net\\\/de\\\/#organization\"},\"potentialAction\":[{\"@type\":\"SearchAction\",\"target\":{\"@type\":\"EntryPoint\",\"urlTemplate\":\"https:\\\/\\\/gradido.net\\\/de\\\/?s={search_term_string}\"},\"query-input\":{\"@type\":\"PropertyValueSpecification\",\"valueRequired\":true,\"valueName\":\"search_term_string\"}}],\"inLanguage\":\"pt-PT\"},{\"@type\":\"Organization\",\"@id\":\"https:\\\/\\\/gradido.net\\\/de\\\/#organization\",\"name\":\"Gradido\",\"url\":\"https:\\\/\\\/gradido.net\\\/de\\\/\",\"logo\":{\"@type\":\"ImageObject\",\"inLanguage\":\"pt-PT\",\"@id\":\"https:\\\/\\\/gradido.net\\\/de\\\/#\\\/schema\\\/logo\\\/image\\\/\",\"url\":\"https:\\\/\\\/gradido.net\\\/wp-content\\\/uploads\\\/2022\\\/04\\\/gradido-social.jpg\",\"contentUrl\":\"https:\\\/\\\/gradido.net\\\/wp-content\\\/uploads\\\/2022\\\/04\\\/gradido-social.jpg\",\"width\":527,\"height\":273,\"caption\":\"Gradido\"},\"image\":{\"@id\":\"https:\\\/\\\/gradido.net\\\/de\\\/#\\\/schema\\\/logo\\\/image\\\/\"}}]}<\/script>\n<!-- \/ Yoast SEO plugin. -->","yoast_head_json":{"title":"Trabalho de assist\u00eancia, voluntariado e ajuda de proximidade no M\u00e9xico - Gradido","description":"Juntos, vamos trazer o Gradido ao mundo.","robots":{"index":"index","follow":"follow","max-snippet":"max-snippet:-1","max-image-preview":"max-image-preview:large","max-video-preview":"max-video-preview:-1"},"canonical":"https:\/\/gradido.net\/pt\/countries\/mexico\/volunteering\/","og_locale":"pt_PT","og_type":"article","og_title":"Care-Arbeit, Freiwilligenarbeit und Nachbarschaftshilfe in Mexiko - Gradido","og_description":"Sei Teil der Bewegung!Gemeinsam bringen wir Gradido in die Welt.","og_url":"https:\/\/gradido.net\/pt\/countries\/mexico\/volunteering\/","og_site_name":"Gradido","article_modified_time":"2025-10-04T08:00:05+00:00","og_image":[{"width":2560,"height":790,"url":"https:\/\/gradido.net\/wp-content\/uploads\/2025\/07\/AdobeStock_3210827871-scaled.jpeg","type":"image\/jpeg"}],"twitter_card":"summary_large_image","twitter_misc":{"Tempo estimado de leitura":"5 minutos"},"schema":{"@context":"https:\/\/schema.org","@graph":[{"@type":"WebPage","@id":"https:\/\/gradido.net\/countries\/mexico\/volunteering\/","url":"https:\/\/gradido.net\/countries\/mexico\/volunteering\/","name":"Trabalho de assist\u00eancia, voluntariado e ajuda de proximidade no M\u00e9xico - Gradido","isPartOf":{"@id":"https:\/\/gradido.net\/de\/#website"},"primaryImageOfPage":{"@id":"https:\/\/gradido.net\/countries\/mexico\/volunteering\/#primaryimage"},"image":{"@id":"https:\/\/gradido.net\/countries\/mexico\/volunteering\/#primaryimage"},"thumbnailUrl":"https:\/\/gradido.net\/wp-content\/uploads\/2025\/07\/AdobeStock_3210827871-scaled.jpeg","datePublished":"2025-08-12T07:55:14+00:00","dateModified":"2025-10-04T08:00:05+00:00","description":"Juntos, vamos trazer o Gradido ao mundo.","breadcrumb":{"@id":"https:\/\/gradido.net\/countries\/mexico\/volunteering\/#breadcrumb"},"inLanguage":"pt-PT","potentialAction":[{"@type":"ReadAction","target":["https:\/\/gradido.net\/countries\/mexico\/volunteering\/"]}]},{"@type":"ImageObject","inLanguage":"pt-PT","@id":"https:\/\/gradido.net\/countries\/mexico\/volunteering\/#primaryimage","url":"https:\/\/gradido.net\/wp-content\/uploads\/2025\/07\/AdobeStock_3210827871-scaled.jpeg","contentUrl":"https:\/\/gradido.net\/wp-content\/uploads\/2025\/07\/AdobeStock_3210827871-scaled.jpeg","width":2560,"height":790,"caption":"world globe planet earth 3d-illustration. elements of this image furnished by NASA"},{"@type":"BreadcrumbList","@id":"https:\/\/gradido.net\/countries\/mexico\/volunteering\/#breadcrumb","itemListElement":[{"@type":"ListItem","position":1,"name":"Startseite","item":"https:\/\/gradido.net\/"},{"@type":"ListItem","position":2,"name":"L\u00e4nderforschung","item":"https:\/\/gradido.net\/countries\/"},{"@type":"ListItem","position":3,"name":"Mexiko","item":"https:\/\/gradido.net\/countries\/mexico\/"},{"@type":"ListItem","position":4,"name":"Care-Arbeit, Freiwilligenarbeit und Nachbarschaftshilfe in Mexiko"}]},{"@type":"WebSite","@id":"https:\/\/gradido.net\/de\/#website","url":"https:\/\/gradido.net\/de\/","name":"Gradido","description":"A nova moeda \u00e9 a gratid\u00e3o","publisher":{"@id":"https:\/\/gradido.net\/de\/#organization"},"potentialAction":[{"@type":"SearchAction","target":{"@type":"EntryPoint","urlTemplate":"https:\/\/gradido.net\/de\/?s={search_term_string}"},"query-input":{"@type":"PropertyValueSpecification","valueRequired":true,"valueName":"search_term_string"}}],"inLanguage":"pt-PT"},{"@type":"Organization","@id":"https:\/\/gradido.net\/de\/#organization","name":"Gradido","url":"https:\/\/gradido.net\/de\/","logo":{"@type":"ImageObject","inLanguage":"pt-PT","@id":"https:\/\/gradido.net\/de\/#\/schema\/logo\/image\/","url":"https:\/\/gradido.net\/wp-content\/uploads\/2022\/04\/gradido-social.jpg","contentUrl":"https:\/\/gradido.net\/wp-content\/uploads\/2022\/04\/gradido-social.jpg","width":527,"height":273,"caption":"Gradido"},"image":{"@id":"https:\/\/gradido.net\/de\/#\/schema\/logo\/image\/"}}]}},"_links":{"self":[{"href":"https:\/\/gradido.net\/pt\/wp-json\/wp\/v2\/pages\/10906","targetHints":{"allow":["GET"]}}],"collection":[{"href":"https:\/\/gradido.net\/pt\/wp-json\/wp\/v2\/pages"}],"about":[{"href":"https:\/\/gradido.net\/pt\/wp-json\/wp\/v2\/types\/page"}],"author":[{"embeddable":true,"href":"https:\/\/gradido.net\/pt\/wp-json\/wp\/v2\/users\/2"}],"replies":[{"embeddable":true,"href":"https:\/\/gradido.net\/pt\/wp-json\/wp\/v2\/comments?post=10906"}],"version-history":[{"count":10,"href":"https:\/\/gradido.net\/pt\/wp-json\/wp\/v2\/pages\/10906\/revisions"}],"predecessor-version":[{"id":11929,"href":"https:\/\/gradido.net\/pt\/wp-json\/wp\/v2\/pages\/10906\/revisions\/11929"}],"up":[{"embeddable":true,"href":"https:\/\/gradido.net\/pt\/wp-json\/wp\/v2\/pages\/10731"}],"wp:featuredmedia":[{"embeddable":true,"href":"https:\/\/gradido.net\/pt\/wp-json\/wp\/v2\/media\/10458"}],"wp:attachment":[{"href":"https:\/\/gradido.net\/pt\/wp-json\/wp\/v2\/media?parent=10906"}],"curies":[{"name":"wp","href":"https:\/\/api.w.org\/{rel}","templated":true}]}}