{"id":11085,"date":"2025-08-13T10:13:17","date_gmt":"2025-08-13T08:13:17","guid":{"rendered":"https:\/\/gradido.net\/?page_id=11085"},"modified":"2025-10-04T12:07:28","modified_gmt":"2025-10-04T10:07:28","slug":"equality-for-women-and-minorities","status":"publish","type":"page","link":"https:\/\/gradido.net\/pt\/countries\/saudi-arabia\/equality-for-women-and-minorities\/","title":{"rendered":"Igualdade para as mulheres e as minorias na Ar\u00e1bia Saudita"},"content":{"rendered":"<div data-elementor-type=\"wp-page\" data-elementor-id=\"11085\" class=\"elementor elementor-11085\" data-elementor-post-type=\"page\">\n\t\t\t\t\t\t<section class=\"elementor-section elementor-top-section elementor-element elementor-element-4ce3e8af elementor-section-full_width elementor-section-height-default elementor-section-height-default\" data-id=\"4ce3e8af\" data-element_type=\"section\" data-e-type=\"section\">\n\t\t\t\t\t\t<div class=\"elementor-container elementor-column-gap-no\">\n\t\t\t\t\t<div class=\"elementor-column elementor-col-100 elementor-top-column elementor-element elementor-element-efa8c8c\" data-id=\"efa8c8c\" data-element_type=\"column\" data-e-type=\"column\">\n\t\t\t<div class=\"elementor-widget-wrap elementor-element-populated\">\n\t\t\t\t\t\t<div class=\"elementor-element elementor-element-e088aa4 elementor--h-position-center elementor--v-position-middle elementor-arrows-position-inside elementor-widget elementor-widget-slides\" data-id=\"e088aa4\" data-element_type=\"widget\" data-e-type=\"widget\" data-settings=\"{&quot;navigation&quot;:&quot;arrows&quot;,&quot;autoplay&quot;:&quot;yes&quot;,&quot;pause_on_hover&quot;:&quot;yes&quot;,&quot;pause_on_interaction&quot;:&quot;yes&quot;,&quot;autoplay_speed&quot;:5000,&quot;infinite&quot;:&quot;yes&quot;,&quot;transition&quot;:&quot;slide&quot;,&quot;transition_speed&quot;:500}\" data-widget_type=\"slides.default\">\n\t\t\t\t<div class=\"elementor-widget-container\">\n\t\t\t\t\t\t\t\t\t<div class=\"elementor-swiper\">\n\t\t\t\t\t<div class=\"elementor-slides-wrapper elementor-main-swiper swiper\" role=\"region\" aria-roledescription=\"carousel\" aria-label=\"Controlo deslizante\" dir=\"ltr\" data-animation=\"fadeInUp\">\n\t\t\t\t<div class=\"swiper-wrapper elementor-slides\">\n\t\t\t\t\t\t\t\t\t\t<div class=\"elementor-repeater-item-2de4990 swiper-slide\" role=\"group\" aria-roledescription=\"slide\"><div class=\"swiper-slide-bg\" role=\"img\" aria-label=\"saudi-arabia-7375729_1280\"><\/div><div class=\"swiper-slide-inner\" ><div class=\"swiper-slide-contents\"><\/div><\/div><\/div><div class=\"elementor-repeater-item-28f126e swiper-slide\" role=\"group\" aria-roledescription=\"slide\"><div class=\"swiper-slide-bg\" role=\"img\" aria-label=\"mecca-66966_1280\"><\/div><div class=\"swiper-slide-inner\" ><div class=\"swiper-slide-contents\"><\/div><\/div><\/div><div class=\"elementor-repeater-item-992da35 swiper-slide\" role=\"group\" aria-roledescription=\"slide\"><div class=\"swiper-slide-bg\" role=\"img\" aria-label=\"mecca-1050478_1280\"><\/div><div class=\"swiper-slide-inner\" ><div class=\"swiper-slide-contents\"><\/div><\/div><\/div><div class=\"elementor-repeater-item-1a67a9d swiper-slide\" role=\"group\" aria-roledescription=\"slide\"><div class=\"swiper-slide-bg\" role=\"img\" aria-label=\"profeta-2249759_1280\"><\/div><div class=\"swiper-slide-inner\" ><div class=\"swiper-slide-contents\"><\/div><\/div><\/div><div class=\"elementor-repeater-item-2799f50 swiper-slide\" role=\"group\" aria-roledescription=\"slide\"><div class=\"swiper-slide-bg\" role=\"img\" aria-label=\"saudi-arabia-8880043_1280\"><\/div><div class=\"swiper-slide-inner\" ><div class=\"swiper-slide-contents\"><\/div><\/div><\/div><div class=\"elementor-repeater-item-22adf08 swiper-slide\" role=\"group\" aria-roledescription=\"slide\"><div class=\"swiper-slide-bg\" role=\"img\" aria-label=\"camel-train-3408458_1280\"><\/div><div class=\"swiper-slide-inner\" ><div class=\"swiper-slide-contents\"><\/div><\/div><\/div>\t\t\t\t<\/div>\n\t\t\t\t\t\t\t\t\t\t\t\t\t\t\t<div class=\"elementor-swiper-button elementor-swiper-button-prev\" role=\"button\" tabindex=\"0\" aria-label=\"Previous slide\" data-no-translation-aria-label=\"\">\n\t\t\t\t\t\t\t<i aria-hidden=\"true\" class=\"eicon-chevron-left\"><\/i>\t\t\t\t\t\t<\/div>\n\t\t\t\t\t\t<div class=\"elementor-swiper-button elementor-swiper-button-next\" role=\"button\" tabindex=\"0\" aria-label=\"Next slide\" data-no-translation-aria-label=\"\">\n\t\t\t\t\t\t\t<i aria-hidden=\"true\" class=\"eicon-chevron-right\"><\/i>\t\t\t\t\t\t<\/div>\n\t\t\t\t\t\t\t\t\t\t\t\t\t\t\t\t\t<\/div>\n\t\t\t\t<\/div>\n\t\t\t\t\t\t\t\t<\/div>\n\t\t\t\t<\/div>\n\t\t\t\t\t<\/div>\n\t\t<\/div>\n\t\t\t\t\t<\/div>\n\t\t<\/section>\n\t\t\t\t<section class=\"elementor-section elementor-top-section elementor-element elementor-element-240baa7a elementor-section-boxed elementor-section-height-default elementor-section-height-default\" data-id=\"240baa7a\" data-element_type=\"section\" data-e-type=\"section\" data-settings=\"{&quot;background_background&quot;:&quot;classic&quot;}\">\n\t\t\t\t\t\t<div class=\"elementor-container elementor-column-gap-default\">\n\t\t\t\t\t<div class=\"elementor-column elementor-col-100 elementor-top-column elementor-element elementor-element-1afe9e42\" data-id=\"1afe9e42\" data-element_type=\"column\" data-e-type=\"column\">\n\t\t\t<div class=\"elementor-widget-wrap elementor-element-populated\">\n\t\t\t\t\t\t<div class=\"elementor-element elementor-element-65bd50ae elementor-widget elementor-widget-heading\" data-id=\"65bd50ae\" data-element_type=\"widget\" data-e-type=\"widget\" data-widget_type=\"heading.default\">\n\t\t\t\t<div class=\"elementor-widget-container\">\n\t\t\t\t\t<h1 class=\"elementor-heading-title elementor-size-default\">Igualdade para as mulheres e as minorias<\/h1>\t\t\t\t<\/div>\n\t\t\t\t<\/div>\n\t\t\t\t\t<\/div>\n\t\t<\/div>\n\t\t\t\t\t<\/div>\n\t\t<\/section>\n\t\t\t\t<section class=\"elementor-section elementor-top-section elementor-element elementor-element-446540f elementor-section-boxed elementor-section-height-default elementor-section-height-default\" data-id=\"446540f\" data-element_type=\"section\" data-e-type=\"section\">\n\t\t\t\t\t\t<div class=\"elementor-container elementor-column-gap-default\">\n\t\t\t\t\t<div class=\"elementor-column elementor-col-100 elementor-top-column elementor-element elementor-element-312a2d3\" data-id=\"312a2d3\" data-element_type=\"column\" data-e-type=\"column\">\n\t\t\t<div class=\"elementor-widget-wrap elementor-element-populated\">\n\t\t\t\t\t\t<div class=\"elementor-element elementor-element-274ae97 elementor-nav-menu--dropdown-tablet elementor-nav-menu__text-align-aside elementor-nav-menu--toggle elementor-nav-menu--burger elementor-widget elementor-widget-nav-menu\" data-id=\"274ae97\" data-element_type=\"widget\" data-e-type=\"widget\" data-settings=\"{&quot;layout&quot;:&quot;horizontal&quot;,&quot;submenu_icon&quot;:{&quot;value&quot;:&quot;&lt;i class=\\&quot;fas fa-caret-down\\&quot; aria-hidden=\\&quot;true\\&quot;&gt;&lt;\\\/i&gt;&quot;,&quot;library&quot;:&quot;fa-solid&quot;},&quot;toggle&quot;:&quot;burger&quot;}\" data-widget_type=\"nav-menu.default\">\n\t\t\t\t<div class=\"elementor-widget-container\">\n\t\t\t\t\t\t\t\t<nav aria-label=\"Investiga\u00e7\u00e3o por pa\u00eds\" class=\"elementor-nav-menu--main elementor-nav-menu__container elementor-nav-menu--layout-horizontal e--pointer-underline e--animation-grow\">\n\t\t\t\t<ul id=\"menu-1-274ae97\" class=\"elementor-nav-menu\"><li class=\"menu-item menu-item-type-custom menu-item-object-custom menu-item-has-children menu-item-12305\"><a class=\"elementor-item\">\u00c1frica<\/a>\n<ul class=\"sub-menu elementor-nav-menu--dropdown\">\n\t<li class=\"menu-item menu-item-type-post_type menu-item-object-page menu-item-12253\"><a href=\"https:\/\/gradido.net\/pt\/countries\/afrika\/\" class=\"elementor-sub-item\">\u00c1frica, todo o continente<\/a><\/li>\n\t<li class=\"menu-item menu-item-type-post_type menu-item-object-page menu-item-13097\"><a href=\"https:\/\/gradido.net\/pt\/countries\/afrika\/dr-congo\/\" class=\"elementor-sub-item\">Rep\u00fablica Democr\u00e1tica do Congo<\/a><\/li>\n\t<li class=\"menu-item menu-item-type-post_type menu-item-object-page menu-item-12414\"><a href=\"https:\/\/gradido.net\/pt\/countries\/afrika\/kenya\/\" class=\"elementor-sub-item\">Qu\u00e9nia<\/a><\/li>\n\t<li class=\"menu-item menu-item-type-post_type menu-item-object-page menu-item-12737\"><a href=\"https:\/\/gradido.net\/pt\/countries\/afrika\/madagascar\/\" class=\"elementor-sub-item\">Madag\u00e1scar<\/a><\/li>\n\t<li class=\"menu-item menu-item-type-post_type menu-item-object-page menu-item-12148\"><a href=\"https:\/\/gradido.net\/pt\/countries\/afrika\/namibia\/\" class=\"elementor-sub-item\">Nam\u00edbia<\/a><\/li>\n\t<li class=\"menu-item menu-item-type-post_type menu-item-object-page menu-item-12839\"><a href=\"https:\/\/gradido.net\/pt\/countries\/afrika\/rwanda\/\" class=\"elementor-sub-item\">Ruanda<\/a><\/li>\n<\/ul>\n<\/li>\n<li class=\"menu-item menu-item-type-custom menu-item-object-custom menu-item-has-children menu-item-11798\"><a class=\"elementor-item\">Am\u00e9rica<\/a>\n<ul class=\"sub-menu elementor-nav-menu--dropdown\">\n\t<li class=\"menu-item menu-item-type-post_type menu-item-object-page menu-item-12463\"><a href=\"https:\/\/gradido.net\/pt\/countries\/usa\/\" class=\"elementor-sub-item\">EUA<\/a><\/li>\n\t<li class=\"menu-item menu-item-type-post_type menu-item-object-page menu-item-11791\"><a href=\"https:\/\/gradido.net\/pt\/countries\/mexico\/\" class=\"elementor-sub-item\">M\u00e9xico<\/a><\/li>\n<\/ul>\n<\/li>\n<li class=\"menu-item menu-item-type-custom menu-item-object-custom menu-item-has-children menu-item-11800\"><a class=\"elementor-item\">\u00c1sia<\/a>\n<ul class=\"sub-menu elementor-nav-menu--dropdown\">\n\t<li class=\"menu-item menu-item-type-post_type menu-item-object-page menu-item-11794\"><a href=\"https:\/\/gradido.net\/pt\/countries\/maledives\/\" class=\"elementor-sub-item\">Maldivas<\/a><\/li>\n\t<li class=\"menu-item menu-item-type-post_type menu-item-object-page menu-item-11790\"><a href=\"https:\/\/gradido.net\/pt\/countries\/philippines\/\" class=\"elementor-sub-item\">Filipinas<\/a><\/li>\n\t<li class=\"menu-item menu-item-type-post_type menu-item-object-page menu-item-11802\"><a href=\"https:\/\/gradido.net\/pt\/countries\/saudi-arabia\/\" class=\"elementor-sub-item\">Ar\u00e1bia Saudita<\/a><\/li>\n<\/ul>\n<\/li>\n<li class=\"menu-item menu-item-type-custom menu-item-object-custom menu-item-has-children menu-item-11797\"><a class=\"elementor-item\">Europa<\/a>\n<ul class=\"sub-menu elementor-nav-menu--dropdown\">\n\t<li class=\"menu-item menu-item-type-post_type menu-item-object-page menu-item-11805\"><a href=\"https:\/\/gradido.net\/pt\/countries\/germany\/\" class=\"elementor-sub-item\">Alemanha<\/a><\/li>\n\t<li class=\"menu-item menu-item-type-post_type menu-item-object-page menu-item-11803\"><a href=\"https:\/\/gradido.net\/pt\/countries\/greece\/\" class=\"elementor-sub-item\">Gr\u00e9cia<\/a><\/li>\n\t<li class=\"menu-item menu-item-type-post_type menu-item-object-page menu-item-11788\"><a href=\"https:\/\/gradido.net\/pt\/countries\/spain\/\" class=\"elementor-sub-item\">Espanha<\/a><\/li>\n<\/ul>\n<\/li>\n<li class=\"menu-item menu-item-type-custom menu-item-object-custom menu-item-has-children menu-item-11801\"><a class=\"elementor-item\">Oce\u00e2nia<\/a>\n<ul class=\"sub-menu elementor-nav-menu--dropdown\">\n\t<li class=\"menu-item menu-item-type-post_type menu-item-object-page menu-item-11793\"><a href=\"https:\/\/gradido.net\/pt\/countries\/marshall-islands\/\" class=\"elementor-sub-item\">Ilhas Marshall<\/a><\/li>\n\t<li class=\"menu-item menu-item-type-post_type menu-item-object-page menu-item-11795\"><a href=\"https:\/\/gradido.net\/pt\/countries\/tahiti\/\" class=\"elementor-sub-item\">Tahiti<\/a><\/li>\n<\/ul>\n<\/li>\n<\/ul>\t\t\t<\/nav>\n\t\t\t\t\t<div class=\"elementor-menu-toggle\" role=\"button\" tabindex=\"0\" aria-label=\"Alternar entre menus\" aria-expanded=\"false\">\n\t\t\t<i aria-hidden=\"true\" role=\"presentation\" class=\"elementor-menu-toggle__icon--open eicon-menu-bar\"><\/i><i aria-hidden=\"true\" role=\"presentation\" class=\"elementor-menu-toggle__icon--close eicon-close\"><\/i>\t\t<\/div>\n\t\t\t\t\t<nav class=\"elementor-nav-menu--dropdown elementor-nav-menu__container\" aria-hidden=\"true\">\n\t\t\t\t<ul id=\"menu-2-274ae97\" class=\"elementor-nav-menu\"><li class=\"menu-item menu-item-type-custom menu-item-object-custom menu-item-has-children menu-item-12305\"><a class=\"elementor-item\" tabindex=\"-1\">\u00c1frica<\/a>\n<ul class=\"sub-menu elementor-nav-menu--dropdown\">\n\t<li class=\"menu-item menu-item-type-post_type menu-item-object-page menu-item-12253\"><a href=\"https:\/\/gradido.net\/pt\/countries\/afrika\/\" class=\"elementor-sub-item\" tabindex=\"-1\">\u00c1frica, todo o continente<\/a><\/li>\n\t<li class=\"menu-item menu-item-type-post_type menu-item-object-page menu-item-13097\"><a href=\"https:\/\/gradido.net\/pt\/countries\/afrika\/dr-congo\/\" class=\"elementor-sub-item\" tabindex=\"-1\">Rep\u00fablica Democr\u00e1tica do Congo<\/a><\/li>\n\t<li class=\"menu-item menu-item-type-post_type menu-item-object-page menu-item-12414\"><a href=\"https:\/\/gradido.net\/pt\/countries\/afrika\/kenya\/\" class=\"elementor-sub-item\" tabindex=\"-1\">Qu\u00e9nia<\/a><\/li>\n\t<li class=\"menu-item menu-item-type-post_type menu-item-object-page menu-item-12737\"><a href=\"https:\/\/gradido.net\/pt\/countries\/afrika\/madagascar\/\" class=\"elementor-sub-item\" tabindex=\"-1\">Madag\u00e1scar<\/a><\/li>\n\t<li class=\"menu-item menu-item-type-post_type menu-item-object-page menu-item-12148\"><a href=\"https:\/\/gradido.net\/pt\/countries\/afrika\/namibia\/\" class=\"elementor-sub-item\" tabindex=\"-1\">Nam\u00edbia<\/a><\/li>\n\t<li class=\"menu-item menu-item-type-post_type menu-item-object-page menu-item-12839\"><a href=\"https:\/\/gradido.net\/pt\/countries\/afrika\/rwanda\/\" class=\"elementor-sub-item\" tabindex=\"-1\">Ruanda<\/a><\/li>\n<\/ul>\n<\/li>\n<li class=\"menu-item menu-item-type-custom menu-item-object-custom menu-item-has-children menu-item-11798\"><a class=\"elementor-item\" tabindex=\"-1\">Am\u00e9rica<\/a>\n<ul class=\"sub-menu elementor-nav-menu--dropdown\">\n\t<li class=\"menu-item menu-item-type-post_type menu-item-object-page menu-item-12463\"><a href=\"https:\/\/gradido.net\/pt\/countries\/usa\/\" class=\"elementor-sub-item\" tabindex=\"-1\">EUA<\/a><\/li>\n\t<li class=\"menu-item menu-item-type-post_type menu-item-object-page menu-item-11791\"><a href=\"https:\/\/gradido.net\/pt\/countries\/mexico\/\" class=\"elementor-sub-item\" tabindex=\"-1\">M\u00e9xico<\/a><\/li>\n<\/ul>\n<\/li>\n<li class=\"menu-item menu-item-type-custom menu-item-object-custom menu-item-has-children menu-item-11800\"><a class=\"elementor-item\" tabindex=\"-1\">\u00c1sia<\/a>\n<ul class=\"sub-menu elementor-nav-menu--dropdown\">\n\t<li class=\"menu-item menu-item-type-post_type menu-item-object-page menu-item-11794\"><a href=\"https:\/\/gradido.net\/pt\/countries\/maledives\/\" class=\"elementor-sub-item\" tabindex=\"-1\">Maldivas<\/a><\/li>\n\t<li class=\"menu-item menu-item-type-post_type menu-item-object-page menu-item-11790\"><a href=\"https:\/\/gradido.net\/pt\/countries\/philippines\/\" class=\"elementor-sub-item\" tabindex=\"-1\">Filipinas<\/a><\/li>\n\t<li class=\"menu-item menu-item-type-post_type menu-item-object-page menu-item-11802\"><a href=\"https:\/\/gradido.net\/pt\/countries\/saudi-arabia\/\" class=\"elementor-sub-item\" tabindex=\"-1\">Ar\u00e1bia Saudita<\/a><\/li>\n<\/ul>\n<\/li>\n<li class=\"menu-item menu-item-type-custom menu-item-object-custom menu-item-has-children menu-item-11797\"><a class=\"elementor-item\" tabindex=\"-1\">Europa<\/a>\n<ul class=\"sub-menu elementor-nav-menu--dropdown\">\n\t<li class=\"menu-item menu-item-type-post_type menu-item-object-page menu-item-11805\"><a href=\"https:\/\/gradido.net\/pt\/countries\/germany\/\" class=\"elementor-sub-item\" tabindex=\"-1\">Alemanha<\/a><\/li>\n\t<li class=\"menu-item menu-item-type-post_type menu-item-object-page menu-item-11803\"><a href=\"https:\/\/gradido.net\/pt\/countries\/greece\/\" class=\"elementor-sub-item\" tabindex=\"-1\">Gr\u00e9cia<\/a><\/li>\n\t<li class=\"menu-item menu-item-type-post_type menu-item-object-page menu-item-11788\"><a href=\"https:\/\/gradido.net\/pt\/countries\/spain\/\" class=\"elementor-sub-item\" tabindex=\"-1\">Espanha<\/a><\/li>\n<\/ul>\n<\/li>\n<li class=\"menu-item menu-item-type-custom menu-item-object-custom menu-item-has-children menu-item-11801\"><a class=\"elementor-item\" tabindex=\"-1\">Oce\u00e2nia<\/a>\n<ul class=\"sub-menu elementor-nav-menu--dropdown\">\n\t<li class=\"menu-item menu-item-type-post_type menu-item-object-page menu-item-11793\"><a href=\"https:\/\/gradido.net\/pt\/countries\/marshall-islands\/\" class=\"elementor-sub-item\" tabindex=\"-1\">Ilhas Marshall<\/a><\/li>\n\t<li class=\"menu-item menu-item-type-post_type menu-item-object-page menu-item-11795\"><a href=\"https:\/\/gradido.net\/pt\/countries\/tahiti\/\" class=\"elementor-sub-item\" tabindex=\"-1\">Tahiti<\/a><\/li>\n<\/ul>\n<\/li>\n<\/ul>\t\t\t<\/nav>\n\t\t\t\t\t\t<\/div>\n\t\t\t\t<\/div>\n\t\t\t\t<div class=\"elementor-element elementor-element-6e730ed elementor-widget elementor-widget-breadcrumbs\" data-id=\"6e730ed\" data-element_type=\"widget\" data-e-type=\"widget\" data-widget_type=\"breadcrumbs.default\">\n\t\t\t\t<div class=\"elementor-widget-container\">\n\t\t\t\t\t<p id=\"breadcrumbs\"><span><span><a href=\"https:\/\/gradido.net\/pt\/\">P\u00e1gina inicial<\/a><\/span><\/span><\/p>\t\t\t\t<\/div>\n\t\t\t\t<\/div>\n\t\t\t\t<div class=\"elementor-element elementor-element-a9db9a5 elementor-widget elementor-widget-text-editor\" data-id=\"a9db9a5\" data-element_type=\"widget\" data-e-type=\"widget\" data-widget_type=\"text-editor.default\">\n\t\t\t\t<div class=\"elementor-widget-container\">\n\t\t\t\t\t\t\t\t\t<h2 style=\"text-align: center;\">\u00a0 \u00a0<a href=\"https:\/\/gradido.net\/pt\/countries\/saudi-arabia\/\"><strong>P\u00e1gina principal: Ar\u00e1bia Saudita<\/strong><\/a><\/h2><p style=\"text-align: center;\"><a href=\"https:\/\/gradido.net\/pt\/countries\/saudi-arabia\/social-and-economic-challenges\/\">1. desafios sociais e econ\u00f3micos<\/a><br \/><a href=\"https:\/\/gradido.net\/pt\/countries\/saudi-arabia\/education-system\/\">2. sistema educativo<\/a><br \/><a href=\"https:\/\/gradido.net\/pt\/countries\/saudi-arabia\/environmental-initiatives\/\">3. iniciativas ambientais<\/a><br \/><strong>4. igualdade das mulheres e das minorias<\/strong><br \/><a href=\"https:\/\/gradido.net\/pt\/countries\/saudi-arabia\/artificial-intelligence-and-robotics\/\">5 Intelig\u00eancia artificial e rob\u00f3tica<\/a><br \/><a href=\"https:\/\/gradido.net\/pt\/countries\/saudi-arabia\/religion-and-ethical-values\/\">6 Religi\u00e3o e valores \u00e9ticos<\/a><br \/><a href=\"https:\/\/gradido.net\/pt\/countries\/saudi-arabia\/tax-system-and-zakat\/\">7 Sistema fiscal e Zakat<\/a><br \/><a href=\"https:\/\/gradido.net\/pt\/countries\/saudi-arabia\/soft-power\/\">8\u00ba Pr\u00e9mio Internacional de Prest\u00edgio (Soft Power)<\/a><br \/><a href=\"https:\/\/gradido.net\/pt\/countries\/saudi-arabia\/integration-and-conflict-management\/\">9. integra\u00e7\u00e3o e gest\u00e3o de conflitos<\/a><br \/><a href=\"https:\/\/gradido.net\/pt\/countries\/saudi-arabia\/ai-nation-for-public-welfare-oriented-cooperation\/\">10\u00aa na\u00e7\u00e3o da IA para a coopera\u00e7\u00e3o para o bem comum?<\/a><\/p>\t\t\t\t\t\t\t\t<\/div>\n\t\t\t\t<\/div>\n\t\t\t\t<div class=\"elementor-element elementor-element-d7bb196 elementor-widget-divider--view-line elementor-widget elementor-widget-divider\" data-id=\"d7bb196\" data-element_type=\"widget\" data-e-type=\"widget\" data-widget_type=\"divider.default\">\n\t\t\t\t<div class=\"elementor-widget-container\">\n\t\t\t\t\t\t\t<div class=\"elementor-divider\">\n\t\t\t<span class=\"elementor-divider-separator\">\n\t\t\t\t\t\t<\/span>\n\t\t<\/div>\n\t\t\t\t\t\t<\/div>\n\t\t\t\t<\/div>\n\t\t\t\t<div class=\"elementor-element elementor-element-146ff9d elementor-widget elementor-widget-text-editor\" data-id=\"146ff9d\" data-element_type=\"widget\" data-e-type=\"widget\" data-widget_type=\"text-editor.default\">\n\t\t\t\t<div class=\"elementor-widget-container\">\n\t\t\t\t\t\t\t\t\t<div class=\"wiki-page-header-wrapper\"><div class=\"wiki-page-header-wrapper\"><h1 data-pm-slice=\"0 0 []\">Como \u00e9 que as mulheres e as minorias na Ar\u00e1bia Saudita vivem atualmente a participa\u00e7\u00e3o e as oportunidades?<\/h1><h2>Progressos significativos, mas a discrimina\u00e7\u00e3o estrutural mant\u00e9m-se<\/h2><p>A Ar\u00e1bia Saudita encontra-se numa situa\u00e7\u00e3o de <strong>Fase de mudan\u00e7a<\/strong>que \u00e9 impulsionado pela Vis\u00e3o 2030 e conduzir\u00e1 a <strong>Melhorias not\u00e1veis<\/strong> para as mulheres, enquanto as minorias religiosas e \u00e9tnicas continuam a estar sujeitas a restri\u00e7\u00f5es consider\u00e1veis.<\/p><h3>Mulheres: Mudan\u00e7a dr\u00e1stica com restri\u00e7\u00f5es cont\u00ednuas<\/h3><h4>\u00caxitos no mercado de trabalho<\/h4><p>O <strong>Participa\u00e7\u00e3o das mulheres no mercado de trabalho<\/strong> aumentou entre 2017 e 2024 <strong>mais do que duplicou<\/strong>. Embora em 2017 ainda se situasse nos 17,4%, aumentou para <strong>35,8% em 2024<\/strong><a href=\"https:\/\/www.talentspring.de\/content\/selbst-saudi-arabien-versteht-allmahlich-ohne-frauen-gehts-nicht-voran\">^1<\/a>. Assim, a Ar\u00e1bia Saudita j\u00e1 ultrapassou significativamente o objetivo inicial da Vis\u00e3o 2030 de 30%<a href=\"https:\/\/www.focus.de\/politik\/ausland\/saudi-arabien-frauen-starten-durch_id_195100244.html\">^3<\/a>.<\/p><p>Particularmente impressionante \u00e9 a subida em <strong>Cargos de dire\u00e7\u00e3o<\/strong>: <strong>44% de cargos de dire\u00e7\u00e3o interm\u00e9dia e superior<\/strong> s\u00e3o agora ocupados por mulheres<a href=\"https:\/\/www.talentspring.de\/content\/selbst-saudi-arabien-versteht-allmahlich-ohne-frauen-gehts-nicht-voran\">^2<\/a>. Na ind\u00fastria da defesa, um sector tradicionalmente masculino, j\u00e1 existem <strong>22% de trabalhadores do sexo feminino<\/strong><a href=\"https:\/\/www.cassis.uni-bonn.de\/pdfs\/publikationsverzeichnis-ulrich-schlie-november-2023.pdf\">^4<\/a>.<\/p><p>O <strong>Desemprego das mulheres<\/strong> baixou de 20,5% para 15,4% em seis meses<a href=\"https:\/\/www.focus.de\/politik\/ausland\/saudi-arabien-frauen-starten-durch_id_195100244.html\">^3<\/a>. No que respeita ao desemprego dos jovens (15-24 anos), este \u00e9 de 22,2%, em compara\u00e7\u00e3o com 10,6% para os homens jovens<a href=\"https:\/\/de.statista.com\/statistik\/daten\/studie\/1409895\/umfrage\/jugendarbeitslosenquote-in-saudi-arabien\/\">^5<\/a>.<\/p><h4>\u00caxitos educativos<\/h4><p>As mulheres dominam atualmente o <strong>Paisagem universit\u00e1ria<\/strong>: <strong>Pela primeira vez em 2020, o n\u00famero de estudantes do sexo feminino ser\u00e1 superior ao n\u00famero de estudantes do sexo masculino<\/strong> matriculados em universidades sauditas<a href=\"https:\/\/www.welt-sichten.org\/artikel\/43739\/im-koenigreich-der-widersprueche\">^6<\/a>. Em 2014, os alunos j\u00e1 estavam a estudar <strong>37% de todas as mulheres com idades compreendidas entre os 18 e os 24 anos<\/strong><a href=\"https:\/\/de.statista.com\/statistik\/daten\/studie\/385843\/umfrage\/anteil-der-studentinnen-und-studenten-in-ausgewaehlten-arabischen-laendern\/\">^7<\/a>.<\/p><p>\u00c9 particularmente digno de nota o sucesso em <strong>temas MINT<\/strong>: <strong>41,6% dos licenciados em ci\u00eancias, tecnologia, engenharia e matem\u00e1tica s\u00e3o mulheres<\/strong> - o quarto mais elevado do mundo, de acordo com os dados da OCDE<a href=\"https:\/\/www.constructionbriefing.com\/de\/news\/eine-bessere-zukunft-fur-frauen-in-saudi-arabien-schaffen\/8041009.article\">^8<\/a>.<\/p><h4>Actividades empresariais<\/h4><p>O <strong>Ecossistema de start-up<\/strong> \u00e9 cada vez mais caracterizado por mulheres. <strong>95% das mulheres sauditas<\/strong> t\u00eam uma opini\u00e3o muito positiva sobre a profiss\u00e3o de empres\u00e1rio, de acordo com o Relat\u00f3rio das Mulheres do Reino 2021\/22<a href=\"https:\/\/qantara.de\/artikel\/saudi-arabien-frauen-treiben-start-szene\">^9<\/a>. O Banco Mundial atesta que a Ar\u00e1bia Saudita criou todas as condi\u00e7\u00f5es necess\u00e1rias para a abertura do mercado de trabalho<a href=\"https:\/\/www.dw.com\/de\/saudi-arabien-frauen-treiben-start-up-szene-an\/a-68625849\">^10<\/a>.<\/p><h3>Discrimina\u00e7\u00e3o estrutural persistente<\/h3><h4>O sistema de tutela continua a existir<\/h4><p>Apesar de todos os progressos registados, a <strong>sistema de tutela masculina<\/strong> o ponto central das cr\u00edticas. O ano de 2022 adoptou <strong>Lei do Estado Civil<\/strong> continua a codificar a discrimina\u00e7\u00e3o contra as mulheres em mat\u00e9ria de casamento, div\u00f3rcio e cust\u00f3dia<a href=\"https:\/\/www.mena-watch.com\/saudi-arabien-vorsitz-un-frauenrechtskommission\/\">^11<\/a>.<\/p><p>As mulheres continuam a precisar de <strong>Autoriza\u00e7\u00e3o de um tutor masculino para o casamento<\/strong><a href=\"https:\/\/www.amnesty.de\/informieren\/amnesty-report\/saudi-arabien-2024\">^13<\/a>. A viola\u00e7\u00e3o conjugal n\u00e3o \u00e9 penalizada e os div\u00f3rcios n\u00e3o s\u00e3o frequentemente aceites pelos tribunais<a href=\"https:\/\/taz.de\/Saudi-Arabien-und-die-Frauenrechte\/!5998877\/\">^15<\/a>.<\/p><h4>Repress\u00e3o contra activistas<\/h4><p>Paradoxalmente <strong>Activistas dos direitos da mulher sistematicamente perseguidos<\/strong>. Loujain al-Hathloul, que lutou pelo direito de conduzir, foi detido e torturado em 2018 - o ano em que a proibi\u00e7\u00e3o de conduzir foi levantada<a href=\"https:\/\/www.amnesty.ch\/de\/ueber-amnesty\/publikationen\/magazin-amnesty\/2024-3\/die-doppelzuengigkeit-gegenueber-frauen\">^11<\/a>. Em agosto de 2022, a estudante de doutoramento Salma al-Shehab foi nomeada <strong>34 anos de pris\u00e3o<\/strong> condenada pelo simples facto de ter feito um retweet de apelos aos direitos humanos<a href=\"https:\/\/www.focus.de\/politik\/ausland\/frauenrechte-am-golf-trotz-reformen-bleibt-viel-zu-tun_id_181078779.html\">^16<\/a>.<\/p><h4>Diferen\u00e7as salariais relacionadas com o g\u00e9nero<\/h4><p>Embora a legisla\u00e7\u00e3o laboral pro\u00edba a discrimina\u00e7\u00e3o salarial com base no g\u00e9nero, <strong>As mulheres continuam a ganhar menos do que os homens<\/strong>. A diferen\u00e7a varia entre 4% no sector p\u00fablico e <strong>36% em empresas privadas<\/strong><a href=\"https:\/\/www.focus.de\/politik\/ausland\/saudi-arabien-frauen-starten-durch_id_195100244.html\">^3<\/a>.<\/p><h3>Reconhecimento internacional com restri\u00e7\u00f5es cr\u00edticas<\/h3><h4>\u00cdndice Global de Disparidade de G\u00e9nero<\/h4><p>A Ar\u00e1bia Saudita tem <strong>\u00cdndice Global de Disparidade de G\u00e9nero<\/strong> da posi\u00e7\u00e3o 147 (2021) para <strong>Posi\u00e7\u00e3o 126 (2024)<\/strong> melhorado<a href=\"https:\/\/countryeconomy.com\/demography\/global-gender-gap-index\/saudi-arabia\">^17<\/a>. Na regi\u00e3o MENA, \u00e9 <strong>64,3%<\/strong> em quarto lugar, atr\u00e1s dos Emirados \u00c1rabes Unidos (72,4%)<a href=\"https:\/\/de.statista.com\/statistik\/daten\/studie\/1329909\/umfrage\/laender-in-der-mena-region-nach-dem-gender-gap-index\/\">^18<\/a>.<\/p><p>A avalia\u00e7\u00e3o revela discrep\u00e2ncias claras: Enquanto <strong>Educa\u00e7\u00e3o e sa\u00fade<\/strong> atingem quase a paridade com 0,99 pontos cada, os <strong>Participa\u00e7\u00e3o pol\u00edtica<\/strong> com apenas 0,077 pontos<a href=\"https:\/\/www.statista.com\/statistics\/1614119\/saudi-arabia-gender-gap-index-by-category\/\">^19<\/a>.<\/p><h4>Controv\u00e9rsia na ONU<\/h4><p>A nomea\u00e7\u00e3o da Ar\u00e1bia Saudita como <strong>Presidente da Comiss\u00e3o das Na\u00e7\u00f5es Unidas sobre o Estatuto das Mulheres 2025<\/strong> causou indigna\u00e7\u00e3o internacional<a href=\"https:\/\/www.tagesschau.de\/ausland\/saudi-arabien-vorsitz-frauenfoerderung-100.html\">^20<\/a>. A Amnistia Internacional descreveu este facto como um \"choque\" e referiu-se ao \"historial abismal\" do pa\u00eds em mat\u00e9ria de direitos das mulheres<a href=\"https:\/\/www.mena-watch.com\/saudi-arabien-vorsitz-un-frauenrechtskommission\/\">^12<\/a>.<\/p><h2>Minorias religiosas e \u00e9tnicas: Marginaliza\u00e7\u00e3o sistem\u00e1tica<\/h2><h3>Mu\u00e7ulmanos xiitas<\/h3><p>O <strong>Minoria xiita<\/strong> (cerca de 10-16% da popula\u00e7\u00e3o) sofre de discrimina\u00e7\u00e3o sistem\u00e1tica<a href=\"https:\/\/eterna.unibas.ch\/bulletin\/article\/download\/1305\/1537\">^22<\/a>. Vivem principalmente na prov\u00edncia oriental, rica em petr\u00f3leo, mas s\u00e3o reconhecidos pelos cl\u00e9rigos do Estado como <strong>\"Hereges\" e \"ap\u00f3statas\"<\/strong> rotulado<a href=\"https:\/\/www.hrw.org\/de\/news\/2017\/09\/26\/saudi-arabien-offizielle-hassreden-gegen-minderheiten\">^24<\/a>.<\/p><p><strong>Clero estatal<\/strong> utilizam termos depreciativos como \"rafidha\" (negador) e estigmatizam as pr\u00e1ticas xiitas<a href=\"https:\/\/www.hrw.org\/de\/news\/2017\/09\/26\/saudi-arabien-offizielle-hassreden-gegen-minderheiten\">^24<\/a>. O sistema educativo propaga o preconceito anti-shiita e os shiitas s\u00e3o praticamente exclu\u00eddos dos cargos superiores do governo<a href=\"https:\/\/www.hrw.org\/de\/news\/2009\/09\/03\/saudi-arabien-gleichbehandlung-fur-schiiten\">^25<\/a>.<\/p><p>A Human Rights Watch documentou <strong>fortes tens\u00f5es religiosas<\/strong> ap\u00f3s os confrontos entre os peregrinos xiitas e a pol\u00edcia religiosa em Medina, em 2009<a href=\"https:\/\/www.hrw.org\/de\/news\/2009\/09\/03\/saudi-arabien-gleichbehandlung-fur-schiiten\">^25<\/a>. As salas de ora\u00e7\u00e3o privadas xiitas foram encerradas e os l\u00edderes religiosos foram presos.<\/p><h3>Minoria crist\u00e3<\/h3><p>O <strong>pr\u00e1tica p\u00fablica do cristianismo<\/strong> \u00e9 totalmente proibido<a href=\"https:\/\/de.wikipedia.org\/wiki\/Christentum_in_Saudi-Arabien\">^26<\/a>. Dos cerca de <strong>2,2 milh\u00f5es de crist\u00e3os<\/strong> Na Ar\u00e1bia Saudita, a maioria dos trabalhadores migrantes estrangeiros s\u00e3o<a href=\"https:\/\/www.opendoors.de\/sites\/default\/files\/country_dossier\/saudi-arabien_wvi_2024_laenderprofil.pdf\">^27<\/a>.<\/p><p>A posse de s\u00edmbolos religiosos, como cruzes ou B\u00edblias, \u00e9 <strong>proibido sob pena de lei<\/strong>. N\u00e3o podem ser constru\u00eddas igrejas ou outros locais de culto n\u00e3o isl\u00e2micos<a href=\"https:\/\/de.wikipedia.org\/wiki\/Christentum_in_Saudi-Arabien\">^26<\/a>. <strong>Apostasia<\/strong> (convers\u00e3o do Isl\u00e3o) \u00e9 teoricamente amea\u00e7ada com a pena de morte.<\/p><p>No <strong>\u00cdndice Mundial da Persegui\u00e7\u00e3o 2024<\/strong> A Ar\u00e1bia Saudita mant\u00e9m-se <strong>13\u00ba lugar<\/strong> dos pa\u00edses onde os crist\u00e3os s\u00e3o mais perseguidos<a href=\"https:\/\/www.opendoors.de\/sites\/default\/files\/country_dossier\/saudi-arabien_wvi_2024_laenderprofil.pdf\">^27<\/a>. Os convertidos da Ar\u00e1bia Saudita devem manter a sua f\u00e9 completamente secreta.<\/p><h3>Pessoas LGBTQ+<\/h3><p><strong>A homossexualidade \u00e9 um tabu social<\/strong> e \u00e9 punido com pena de pris\u00e3o, castigos corporais e at\u00e9 <strong>Pena de morte<\/strong> penalizado<a href=\"https:\/\/de.wikipedia.org\/wiki\/Homosexualit%C3%A4t_in_Saudi-Arabien\">^28<\/a>. A Ar\u00e1bia Saudita \u00e9 um dos seis pa\u00edses do mundo que imp\u00f5em a pena de morte para actos homossexuais<a href=\"https:\/\/www.lsvd.de\/de\/ct\/1245-LGBT-Rechte-weltweit\">^29<\/a>.<\/p><p>Em 2007, dois homens foram condenados, cada um, a <strong>7.000 pestanas<\/strong> condenado por rela\u00e7\u00f5es homossexuais<a href=\"https:\/\/de.wikipedia.org\/wiki\/Homosexualit%C3%A4t_in_Saudi-Arabien\">^28<\/a>. Em abril de 2019, cinco homens foram executados neste contexto<a href=\"https:\/\/www.bamf.de\/SharedDocs\/Anlagen\/DE\/Behoerde\/Informationszentrum\/Laenderreporte\/2024\/laenderreport-65-Saudi-Arabien.pdf?__blob=publicationFile&amp;v=7\">^30<\/a>.<\/p><p><strong>Comunidades LGBT<\/strong> n\u00e3o podem existir devido \u00e0 sua ilegalidade. Uma for\u00e7a policial religiosa isl\u00e2mica monitoriza a vida social e for\u00e7a as pessoas LGBTQ+ \u00e0 invisibilidade social.<\/p><h3>Trabalhadores migrantes<\/h3><p>Sobre <strong>4 milh\u00f5es de pessoas<\/strong> trabalham como trabalhadores dom\u00e9sticos na Ar\u00e1bia Saudita, exclusivamente trabalhadores migrantes<a href=\"https:\/\/www.amnesty.de\/pressemitteilung\/saudi-arabien-kenianische-arbeitsmigrantinnen-ausbeutung-rassismus\">^31<\/a>. O <strong>Sistema Kafala<\/strong> torna-os extremamente dependentes dos seus empregadores e favorece o racismo sistem\u00e1tico.<\/p><p>A Amnistia Internacional documentou 2025 <strong>explora\u00e7\u00e3o grave<\/strong> Trabalhadora dom\u00e9stica queniana: trabalha mais de 16 horas por dia, n\u00e3o tem dia de folga e n\u00e3o pode sair de casa<a href=\"https:\/\/www.amnesty.de\/pressemitteilung\/saudi-arabien-kenianische-arbeitsmigrantinnen-ausbeutung-rassismus\">^31<\/a>. Os seus passaportes s\u00e3o confiscados e muitas vezes n\u00e3o recebem qualquer sal\u00e1rio.<\/p><p>O sal\u00e1rio m\u00e9dio \u00e9 de cerca de <strong>0,45 euros por hora<\/strong>uma vez que as horas extraordin\u00e1rias n\u00e3o s\u00e3o pagas<a href=\"https:\/\/www.amnesty.at\/presse\/saudi-arabien-arbeitsmigrantinnen-erfahren-schwere-ausbeutung-missbrauch-und-rassismus\/\">^32<\/a>. Praticamente todas as mulheres entrevistadas referiram que durante a sua estadia <strong>nem um \u00fanico dia de folga<\/strong> ter tido.<\/p><h2>Sistema de sa\u00fade: exclus\u00e3o selectiva<\/h2><p>O sistema de sa\u00fade mostra <strong>Discrimina\u00e7\u00e3o sistem\u00e1tica<\/strong> pessoas socialmente desfavorecidas. S\u00e3o particularmente afectados a minoria xiita, os trabalhadores estrangeiros convidados de pa\u00edses asi\u00e1ticos, as pessoas infectadas com o VIH, os homossexuais e os deficientes f\u00edsicos e mentais<a href=\"https:\/\/deutsches-orient-institut.de\/wp-content\/uploads\/2021\/06\/DOI-Studie-Gesundheitssystem-in-Saudi-Arabien.pdf\">^33<\/a>.<\/p><p>O <strong>Estigmatiza\u00e7\u00e3o social<\/strong> destes grupos conduz a uma falta de cuidados m\u00e9dicos. N\u00e3o existe um discurso aberto sobre os grupos marginalizados, embora o \"di\u00e1logo nacional\" implementado possa trazer melhorias neste dom\u00ednio<a href=\"https:\/\/deutsches-orient-institut.de\/wp-content\/uploads\/2021\/06\/DOI-Studie-Gesundheitssystem-in-Saudi-Arabien.pdf\">^33<\/a>.<\/p><h2>Sinais de esperan\u00e7a e contradi\u00e7\u00f5es<\/h2><h3>Evolu\u00e7\u00e3o positiva<\/h3><p>O <strong>Cimeira Internacional das Mulheres Mais Poderosas da Fortune<\/strong> ter\u00e1 lugar em Riade pela primeira vez em 2025, demonstrando o reconhecimento internacional dos progressos realizados em mat\u00e9ria de direitos das mulheres<a href=\"https:\/\/www.presseportal.de\/pm\/179146\/6001043\">^34<\/a>. As mulheres da Ar\u00e1bia Saudita s\u00e3o atualmente propriet\u00e1rias de <strong>45% de todas as patentes<\/strong> no pa\u00eds.<\/p><p>O <strong>Primeira mulher astronauta da Ar\u00e1bia Saudita<\/strong> Rayyanah Barnawi trabalhou na Esta\u00e7\u00e3o Espacial Internacional ISS em 2023 e tornou-se um s\u00edmbolo de mudan\u00e7a<a href=\"https:\/\/www.focus.de\/politik\/ausland\/saudi-arabien-frauen-starten-durch_id_195100244.html\">^3<\/a>. Estas hist\u00f3rias de sucesso criam modelos para as jovens mulheres.<\/p><h3>Contradi\u00e7\u00f5es estruturais<\/h3><p>O <strong>A moderniza\u00e7\u00e3o \u00e9 autorit\u00e1ria<\/strong> de cima para baixo, sem discurso social. Enquanto as mulheres voam para o espa\u00e7o, as activistas dos direitos das mulheres passam d\u00e9cadas na pris\u00e3o<a href=\"https:\/\/www.focus.de\/politik\/ausland\/frauenrechte-am-golf-trotz-reformen-bleibt-viel-zu-tun_id_181078779.html\">^16<\/a>.<\/p><p>O <strong>Vis\u00e3o 2030<\/strong> Descreve as mulheres como um \"grande trunfo\" que quer \"capacitar\"<a href=\"https:\/\/www.amnesty.ch\/de\/ueber-amnesty\/publikationen\/magazin-amnesty\/2024-3\">^35<\/a>. Os cr\u00edticos v\u00eaem isto principalmente como <strong>Motivos econ\u00f3micos<\/strong> em vez de um verdadeiro empenhamento na igualdade.<\/p><h2>Conclus\u00e3o: Entre o progresso e a repress\u00e3o<\/h2><p>A Ar\u00e1bia Saudita est\u00e1 a atravessar um <strong>Transforma\u00e7\u00e3o sem precedentes<\/strong> em termos de direitos das mulheres, o que se reflecte num aumento dr\u00e1stico do emprego, do sucesso escolar e da atividade empresarial. Este progresso \u00e9 <strong>real e mensur\u00e1vel<\/strong>mesmo que sejam ensombradas por estruturas autorit\u00e1rias e pela discrimina\u00e7\u00e3o persistente.<\/p><p>Para <strong>Minorias religiosas e \u00e9tnicas<\/strong> a situa\u00e7\u00e3o mant\u00e9m-se <strong>Cr\u00edtico<\/strong>. Os xiitas, os crist\u00e3os, as pessoas LGBTQ+ e os trabalhadores migrantes s\u00e3o v\u00edtimas de exclus\u00e3o e persegui\u00e7\u00e3o sistem\u00e1ticas, que n\u00e3o melhoraram apesar da moderniza\u00e7\u00e3o social.<\/p><p>A altera\u00e7\u00e3o surge na sequ\u00eancia de uma <strong>l\u00f3gica instrumental<\/strong>As mulheres s\u00e3o promovidas porque o pa\u00eds precisa da sua m\u00e3o de obra para a Vis\u00e3o 2030. No entanto, uma verdadeira mudan\u00e7a social incluiria tamb\u00e9m os direitos de todas as outras minorias - um passo que a Ar\u00e1bia Saudita ainda n\u00e3o se atreveu a dar.<\/p><p>O <strong>comunidade internacional<\/strong> enfrenta o dilema de reconhecer os ineg\u00e1veis progressos registados em mat\u00e9ria de direitos das mulheres sem ignorar as viola\u00e7\u00f5es dos direitos humanos que continuam a ocorrer. O percurso da Ar\u00e1bia Saudita mostra que mesmo os sistemas autorit\u00e1rios podem provocar mudan\u00e7as sociais dram\u00e1ticas - mas apenas em \u00e1reas que sirvam os seus objectivos estrat\u00e9gicos.<\/p><p>\u00a0<\/p><div><hr \/><\/div><h1>Avalia\u00e7\u00e3o complementar numa perspetiva Gradido<\/h1><p>A an\u00e1lise fornece uma base valiosa para o projeto nacional Gradido - mesmo para al\u00e9m do tema da igualdade de g\u00e9nero.<\/p><div><hr \/><\/div><h3>As mulheres: Entre progressos not\u00e1veis e discrimina\u00e7\u00e3o persistente<\/h3><ul data-tight=\"true\"><li><p><strong>Vida ativa e educa\u00e7\u00e3o:<\/strong><br \/>A taxa de participa\u00e7\u00e3o das mulheres no mercado de trabalho mais do que duplicou em apenas alguns anos, situando-se atualmente em cerca de 36 %. As mulheres est\u00e3o agora a atingir n\u00edveis not\u00e1veis em cargos de gest\u00e3o e na educa\u00e7\u00e3o STEM em todo o mundo. As mulheres est\u00e3o a moldar o cen\u00e1rio das start-ups e estes desenvolvimentos est\u00e3o tamb\u00e9m a ser reconhecidos internacionalmente.<\/p><\/li><li><p><strong>Limites estruturais:<\/strong><br \/>Apesar desta din\u00e2mica, o sistema de tutela masculina e numerosas restri\u00e7\u00f5es legais persistem. As diferen\u00e7as salariais, as barreiras estruturais e a persegui\u00e7\u00e3o das mulheres activistas continuam a constituir um obst\u00e1culo \u00e0 igualdade de direitos.<\/p><\/li><\/ul><div><hr \/><\/div><h3>Minorias: Marginaliza\u00e7\u00e3o e discrimina\u00e7\u00e3o persistentes<\/h3><ul data-tight=\"true\"><li><p><strong>Minorias religiosas<\/strong> (especialmente xiitas e crist\u00e3os) s\u00e3o objeto de uma discrimina\u00e7\u00e3o consider\u00e1vel e, por vezes, de uma repress\u00e3o aberta. A pr\u00e1tica p\u00fablica da religi\u00e3o n\u00e3o \u00e9 de facto permitida - exceto no Isl\u00e3o sunita.<\/p><\/li><li><p><strong>Pessoas LGBTQ+<\/strong> s\u00e3o afectados pela repress\u00e3o social e estatal, incluindo a pena de morte.<\/p><\/li><li><p><strong>Trabalhadores migrantes<\/strong> (especialmente os trabalhadores dom\u00e9sticos) est\u00e3o sujeitos a uma depend\u00eancia maci\u00e7a e s\u00e3o frequentemente explorados; os mecanismos de prote\u00e7\u00e3o e os direitos s\u00e3o em grande parte inexistentes.<\/p><\/li><\/ul><div><hr \/><\/div><h3>Contradi\u00e7\u00f5es estruturais e avalia\u00e7\u00e3o internacional<\/h3><p>O enorme impulso de moderniza\u00e7\u00e3o (por exemplo, nos direitos das mulheres, na educa\u00e7\u00e3o, nas empresas em fase de arranque) \u00e9 fortemente motivado por objectivos econ\u00f3micos e pol\u00edticos e tem lugar sem uma liberaliza\u00e7\u00e3o social de grande alcance. Os \u00eaxitos s\u00e3o reais, mas n\u00e3o est\u00e3o isentos de ambival\u00eancia: Embora a emancipa\u00e7\u00e3o econ\u00f3mica e os modelos de refer\u00eancia estejam a ser criados, a igualdade continua a ser desigual em muitas \u00e1reas da vida e as liberdades pol\u00edticas s\u00e3o severamente restringidas.<\/p><div><hr \/><\/div><h3>Esperan\u00e7a e impulso para o Gradido<\/h3><ul data-tight=\"true\"><li><p><strong>O que \u00e9 positivo:<\/strong><br \/>O Gradido pode retomar onde os progressos j\u00e1 deram frutos: na promo\u00e7\u00e3o da seguran\u00e7a dos meios de subsist\u00eancia, da educa\u00e7\u00e3o, da participa\u00e7\u00e3o social e da igualdade na pr\u00e1tica.<\/p><\/li><li><p><strong>Empatia e reconhecimento:<\/strong><br \/>\u00c9 importante reconhecer as reformas existentes, mas tamb\u00e9m ter a coragem de chamar a aten\u00e7\u00e3o para os pressupostos que ainda subsistem e para as feridas abertas.<\/p><\/li><li><p><strong>Construir pontes:<\/strong><br \/>As pontes entre a tradi\u00e7\u00e3o e os novos come\u00e7os, entre a moderniza\u00e7\u00e3o econ\u00f3mica e a verdadeira inclus\u00e3o social, s\u00e3o a chave - Gradido pode dar um impulso \u00e0 participa\u00e7\u00e3o e \u00e0 valoriza\u00e7\u00e3o de todas as pessoas com base no bem comum e na dignidade humana universal.<\/p><\/li><\/ul><div><hr \/><\/div><p>Esta investiga\u00e7\u00e3o mostra de forma impressionante que muito est\u00e1 a acontecer e que ainda h\u00e1 muito a fazer. A ambival\u00eancia entre a r\u00e1pida moderniza\u00e7\u00e3o e os mecanismos de controlo em curso tamb\u00e9m desafia a nossa aten\u00e7\u00e3o apreciativa e a nossa criatividade.<\/p><\/div><\/div>\t\t\t\t\t\t\t\t<\/div>\n\t\t\t\t<\/div>\n\t\t\t\t\t<\/div>\n\t\t<\/div>\n\t\t\t\t\t<\/div>\n\t\t<\/section>\n\t\t\t\t<\/div>","protected":false},"excerpt":{"rendered":"<p>Gleichstellung von Frauen und Minderheiten \u00a0 \u00a0Hauptseite: Saudi-Arabien 1. Soziale und wirtschaftliche Herausforderungen2. Bildungssystem3. Umweltinitiativen4. Gleichstellung von Frauen und Minderheiten5. K\u00fcnstliche Intelligenz und Robotik6. Religion und ethische Werte7. Steuersystem und Zakat8. Internationaler Prestigegewinn (Soft Power)9. Integration und Konfliktmanagement10. KI-Nation f\u00fcr gemeinwohlorientiertes Miteinander? Wie erleben Frauen und Minderheiten in Saudi-Arabien heute wirklich Teilhabe und Chancen? Deutliche [&hellip;]<\/p>\n","protected":false},"author":2,"featured_media":10458,"parent":11034,"menu_order":0,"comment_status":"closed","ping_status":"closed","template":"","meta":{"footnotes":""},"class_list":["post-11085","page","type-page","status-publish","has-post-thumbnail","hentry"],"yoast_head":"<!-- This site is optimized with the Yoast SEO plugin v27.5 - https:\/\/yoast.com\/product\/yoast-seo-wordpress\/ -->\n<title>Gleichstellung von Frauen und Minderheiten in Saudi-Arabien - Gradido<\/title>\n<meta name=\"description\" content=\"Sei Teil der Bewegung!Gemeinsam bringen wir Gradido in die Welt.\" \/>\n<meta name=\"robots\" content=\"index, follow, max-snippet:-1, max-image-preview:large, max-video-preview:-1\" \/>\n<link rel=\"canonical\" href=\"https:\/\/gradido.net\/pt\/countries\/saudi-arabia\/equality-for-women-and-minorities\/\" \/>\n<meta property=\"og:locale\" content=\"pt_PT\" \/>\n<meta property=\"og:type\" content=\"article\" \/>\n<meta property=\"og:title\" content=\"Gleichstellung von Frauen und Minderheiten in Saudi-Arabien - Gradido\" \/>\n<meta property=\"og:description\" content=\"Sei Teil der Bewegung!Gemeinsam bringen wir Gradido in die Welt.\" \/>\n<meta property=\"og:url\" content=\"https:\/\/gradido.net\/pt\/countries\/saudi-arabia\/equality-for-women-and-minorities\/\" \/>\n<meta property=\"og:site_name\" content=\"Gradido\" \/>\n<meta property=\"article:modified_time\" content=\"2025-10-04T10:07:28+00:00\" \/>\n<meta property=\"og:image\" content=\"https:\/\/gradido.net\/wp-content\/uploads\/2025\/07\/AdobeStock_3210827871-scaled.jpeg\" \/>\n\t<meta property=\"og:image:width\" content=\"2560\" \/>\n\t<meta property=\"og:image:height\" content=\"790\" \/>\n\t<meta property=\"og:image:type\" content=\"image\/jpeg\" \/>\n<meta name=\"twitter:card\" content=\"summary_large_image\" \/>\n<meta name=\"twitter:label1\" content=\"Tempo estimado de leitura\" \/>\n\t<meta name=\"twitter:data1\" content=\"9 minutos\" \/>\n<script type=\"application\/ld+json\" class=\"yoast-schema-graph\">{\"@context\":\"https:\\\/\\\/schema.org\",\"@graph\":[{\"@type\":\"WebPage\",\"@id\":\"https:\\\/\\\/gradido.net\\\/countries\\\/saudi-arabia\\\/equality-for-women-and-minorities\\\/\",\"url\":\"https:\\\/\\\/gradido.net\\\/countries\\\/saudi-arabia\\\/equality-for-women-and-minorities\\\/\",\"name\":\"Gleichstellung von Frauen und Minderheiten in Saudi-Arabien - Gradido\",\"isPartOf\":{\"@id\":\"https:\\\/\\\/gradido.net\\\/de\\\/#website\"},\"primaryImageOfPage\":{\"@id\":\"https:\\\/\\\/gradido.net\\\/countries\\\/saudi-arabia\\\/equality-for-women-and-minorities\\\/#primaryimage\"},\"image\":{\"@id\":\"https:\\\/\\\/gradido.net\\\/countries\\\/saudi-arabia\\\/equality-for-women-and-minorities\\\/#primaryimage\"},\"thumbnailUrl\":\"https:\\\/\\\/gradido.net\\\/wp-content\\\/uploads\\\/2025\\\/07\\\/AdobeStock_3210827871-scaled.jpeg\",\"datePublished\":\"2025-08-13T08:13:17+00:00\",\"dateModified\":\"2025-10-04T10:07:28+00:00\",\"description\":\"Sei Teil der Bewegung!Gemeinsam bringen wir Gradido in die Welt.\",\"breadcrumb\":{\"@id\":\"https:\\\/\\\/gradido.net\\\/countries\\\/saudi-arabia\\\/equality-for-women-and-minorities\\\/#breadcrumb\"},\"inLanguage\":\"pt-PT\",\"potentialAction\":[{\"@type\":\"ReadAction\",\"target\":[\"https:\\\/\\\/gradido.net\\\/countries\\\/saudi-arabia\\\/equality-for-women-and-minorities\\\/\"]}]},{\"@type\":\"ImageObject\",\"inLanguage\":\"pt-PT\",\"@id\":\"https:\\\/\\\/gradido.net\\\/countries\\\/saudi-arabia\\\/equality-for-women-and-minorities\\\/#primaryimage\",\"url\":\"https:\\\/\\\/gradido.net\\\/wp-content\\\/uploads\\\/2025\\\/07\\\/AdobeStock_3210827871-scaled.jpeg\",\"contentUrl\":\"https:\\\/\\\/gradido.net\\\/wp-content\\\/uploads\\\/2025\\\/07\\\/AdobeStock_3210827871-scaled.jpeg\",\"width\":2560,\"height\":790,\"caption\":\"world globe planet earth 3d-illustration. elements of this image furnished by NASA\"},{\"@type\":\"BreadcrumbList\",\"@id\":\"https:\\\/\\\/gradido.net\\\/countries\\\/saudi-arabia\\\/equality-for-women-and-minorities\\\/#breadcrumb\",\"itemListElement\":[{\"@type\":\"ListItem\",\"position\":1,\"name\":\"Startseite\",\"item\":\"https:\\\/\\\/gradido.net\\\/\"},{\"@type\":\"ListItem\",\"position\":2,\"name\":\"L\u00e4nderforschung\",\"item\":\"https:\\\/\\\/gradido.net\\\/countries\\\/\"},{\"@type\":\"ListItem\",\"position\":3,\"name\":\"Saudi-Arabien\",\"item\":\"https:\\\/\\\/gradido.net\\\/countries\\\/saudi-arabia\\\/\"},{\"@type\":\"ListItem\",\"position\":4,\"name\":\"Gleichstellung von Frauen und Minderheiten in Saudi-Arabien\"}]},{\"@type\":\"WebSite\",\"@id\":\"https:\\\/\\\/gradido.net\\\/de\\\/#website\",\"url\":\"https:\\\/\\\/gradido.net\\\/de\\\/\",\"name\":\"Gradido\",\"description\":\"Die neue W\u00e4hrung hei\u00dft Dankbarkeit\",\"publisher\":{\"@id\":\"https:\\\/\\\/gradido.net\\\/de\\\/#organization\"},\"potentialAction\":[{\"@type\":\"SearchAction\",\"target\":{\"@type\":\"EntryPoint\",\"urlTemplate\":\"https:\\\/\\\/gradido.net\\\/de\\\/?s={search_term_string}\"},\"query-input\":{\"@type\":\"PropertyValueSpecification\",\"valueRequired\":true,\"valueName\":\"search_term_string\"}}],\"inLanguage\":\"pt-PT\"},{\"@type\":\"Organization\",\"@id\":\"https:\\\/\\\/gradido.net\\\/de\\\/#organization\",\"name\":\"Gradido\",\"url\":\"https:\\\/\\\/gradido.net\\\/de\\\/\",\"logo\":{\"@type\":\"ImageObject\",\"inLanguage\":\"pt-PT\",\"@id\":\"https:\\\/\\\/gradido.net\\\/de\\\/#\\\/schema\\\/logo\\\/image\\\/\",\"url\":\"https:\\\/\\\/gradido.net\\\/wp-content\\\/uploads\\\/2022\\\/04\\\/gradido-social.jpg\",\"contentUrl\":\"https:\\\/\\\/gradido.net\\\/wp-content\\\/uploads\\\/2022\\\/04\\\/gradido-social.jpg\",\"width\":527,\"height\":273,\"caption\":\"Gradido\"},\"image\":{\"@id\":\"https:\\\/\\\/gradido.net\\\/de\\\/#\\\/schema\\\/logo\\\/image\\\/\"}}]}<\/script>\n<!-- \/ Yoast SEO plugin. -->","yoast_head_json":{"title":"Igualdade para as mulheres e as minorias na Ar\u00e1bia Saudita - Gradido","description":"Juntos, vamos trazer o Gradido ao mundo.","robots":{"index":"index","follow":"follow","max-snippet":"max-snippet:-1","max-image-preview":"max-image-preview:large","max-video-preview":"max-video-preview:-1"},"canonical":"https:\/\/gradido.net\/pt\/countries\/saudi-arabia\/equality-for-women-and-minorities\/","og_locale":"pt_PT","og_type":"article","og_title":"Gleichstellung von Frauen und Minderheiten in Saudi-Arabien - Gradido","og_description":"Sei Teil der Bewegung!Gemeinsam bringen wir Gradido in die Welt.","og_url":"https:\/\/gradido.net\/pt\/countries\/saudi-arabia\/equality-for-women-and-minorities\/","og_site_name":"Gradido","article_modified_time":"2025-10-04T10:07:28+00:00","og_image":[{"width":2560,"height":790,"url":"https:\/\/gradido.net\/wp-content\/uploads\/2025\/07\/AdobeStock_3210827871-scaled.jpeg","type":"image\/jpeg"}],"twitter_card":"summary_large_image","twitter_misc":{"Tempo estimado de leitura":"9 minutos"},"schema":{"@context":"https:\/\/schema.org","@graph":[{"@type":"WebPage","@id":"https:\/\/gradido.net\/countries\/saudi-arabia\/equality-for-women-and-minorities\/","url":"https:\/\/gradido.net\/countries\/saudi-arabia\/equality-for-women-and-minorities\/","name":"Igualdade para as mulheres e as minorias na Ar\u00e1bia Saudita - Gradido","isPartOf":{"@id":"https:\/\/gradido.net\/de\/#website"},"primaryImageOfPage":{"@id":"https:\/\/gradido.net\/countries\/saudi-arabia\/equality-for-women-and-minorities\/#primaryimage"},"image":{"@id":"https:\/\/gradido.net\/countries\/saudi-arabia\/equality-for-women-and-minorities\/#primaryimage"},"thumbnailUrl":"https:\/\/gradido.net\/wp-content\/uploads\/2025\/07\/AdobeStock_3210827871-scaled.jpeg","datePublished":"2025-08-13T08:13:17+00:00","dateModified":"2025-10-04T10:07:28+00:00","description":"Juntos, vamos trazer o Gradido ao mundo.","breadcrumb":{"@id":"https:\/\/gradido.net\/countries\/saudi-arabia\/equality-for-women-and-minorities\/#breadcrumb"},"inLanguage":"pt-PT","potentialAction":[{"@type":"ReadAction","target":["https:\/\/gradido.net\/countries\/saudi-arabia\/equality-for-women-and-minorities\/"]}]},{"@type":"ImageObject","inLanguage":"pt-PT","@id":"https:\/\/gradido.net\/countries\/saudi-arabia\/equality-for-women-and-minorities\/#primaryimage","url":"https:\/\/gradido.net\/wp-content\/uploads\/2025\/07\/AdobeStock_3210827871-scaled.jpeg","contentUrl":"https:\/\/gradido.net\/wp-content\/uploads\/2025\/07\/AdobeStock_3210827871-scaled.jpeg","width":2560,"height":790,"caption":"world globe planet earth 3d-illustration. elements of this image furnished by NASA"},{"@type":"BreadcrumbList","@id":"https:\/\/gradido.net\/countries\/saudi-arabia\/equality-for-women-and-minorities\/#breadcrumb","itemListElement":[{"@type":"ListItem","position":1,"name":"Startseite","item":"https:\/\/gradido.net\/"},{"@type":"ListItem","position":2,"name":"L\u00e4nderforschung","item":"https:\/\/gradido.net\/countries\/"},{"@type":"ListItem","position":3,"name":"Saudi-Arabien","item":"https:\/\/gradido.net\/countries\/saudi-arabia\/"},{"@type":"ListItem","position":4,"name":"Gleichstellung von Frauen und Minderheiten in Saudi-Arabien"}]},{"@type":"WebSite","@id":"https:\/\/gradido.net\/de\/#website","url":"https:\/\/gradido.net\/de\/","name":"Gradido","description":"A nova moeda \u00e9 a gratid\u00e3o","publisher":{"@id":"https:\/\/gradido.net\/de\/#organization"},"potentialAction":[{"@type":"SearchAction","target":{"@type":"EntryPoint","urlTemplate":"https:\/\/gradido.net\/de\/?s={search_term_string}"},"query-input":{"@type":"PropertyValueSpecification","valueRequired":true,"valueName":"search_term_string"}}],"inLanguage":"pt-PT"},{"@type":"Organization","@id":"https:\/\/gradido.net\/de\/#organization","name":"Gradido","url":"https:\/\/gradido.net\/de\/","logo":{"@type":"ImageObject","inLanguage":"pt-PT","@id":"https:\/\/gradido.net\/de\/#\/schema\/logo\/image\/","url":"https:\/\/gradido.net\/wp-content\/uploads\/2022\/04\/gradido-social.jpg","contentUrl":"https:\/\/gradido.net\/wp-content\/uploads\/2022\/04\/gradido-social.jpg","width":527,"height":273,"caption":"Gradido"},"image":{"@id":"https:\/\/gradido.net\/de\/#\/schema\/logo\/image\/"}}]}},"_links":{"self":[{"href":"https:\/\/gradido.net\/pt\/wp-json\/wp\/v2\/pages\/11085","targetHints":{"allow":["GET"]}}],"collection":[{"href":"https:\/\/gradido.net\/pt\/wp-json\/wp\/v2\/pages"}],"about":[{"href":"https:\/\/gradido.net\/pt\/wp-json\/wp\/v2\/types\/page"}],"author":[{"embeddable":true,"href":"https:\/\/gradido.net\/pt\/wp-json\/wp\/v2\/users\/2"}],"replies":[{"embeddable":true,"href":"https:\/\/gradido.net\/pt\/wp-json\/wp\/v2\/comments?post=11085"}],"version-history":[{"count":13,"href":"https:\/\/gradido.net\/pt\/wp-json\/wp\/v2\/pages\/11085\/revisions"}],"predecessor-version":[{"id":12007,"href":"https:\/\/gradido.net\/pt\/wp-json\/wp\/v2\/pages\/11085\/revisions\/12007"}],"up":[{"embeddable":true,"href":"https:\/\/gradido.net\/pt\/wp-json\/wp\/v2\/pages\/11034"}],"wp:featuredmedia":[{"embeddable":true,"href":"https:\/\/gradido.net\/pt\/wp-json\/wp\/v2\/media\/10458"}],"wp:attachment":[{"href":"https:\/\/gradido.net\/pt\/wp-json\/wp\/v2\/media?parent=11085"}],"curies":[{"name":"wp","href":"https:\/\/api.w.org\/{rel}","templated":true}]}}