{"id":11335,"date":"2025-08-15T13:52:57","date_gmt":"2025-08-15T11:52:57","guid":{"rendered":"https:\/\/gradido.net\/?page_id=11335"},"modified":"2025-11-09T19:33:20","modified_gmt":"2025-11-09T18:33:20","slug":"pilot-projects-in-german-cities","status":"publish","type":"page","link":"https:\/\/gradido.net\/pt\/countries\/germany\/pilot-projects-in-german-cities\/","title":{"rendered":"Alemanha: Projectos-piloto em cidades alem\u00e3s"},"content":{"rendered":"<div data-elementor-type=\"wp-page\" data-elementor-id=\"11335\" class=\"elementor elementor-11335\" data-elementor-post-type=\"page\">\n\t\t\t\t\t\t<section class=\"elementor-section elementor-top-section elementor-element elementor-element-4ce3e8af elementor-section-full_width elementor-section-height-default elementor-section-height-default\" data-id=\"4ce3e8af\" data-element_type=\"section\" data-e-type=\"section\">\n\t\t\t\t\t\t<div class=\"elementor-container elementor-column-gap-no\">\n\t\t\t\t\t<div class=\"elementor-column elementor-col-100 elementor-top-column elementor-element elementor-element-efa8c8c\" data-id=\"efa8c8c\" data-element_type=\"column\" data-e-type=\"column\">\n\t\t\t<div class=\"elementor-widget-wrap elementor-element-populated\">\n\t\t\t\t\t\t<div class=\"elementor-element elementor-element-e088aa4 elementor--h-position-center elementor--v-position-middle elementor-arrows-position-inside elementor-widget elementor-widget-slides\" data-id=\"e088aa4\" data-element_type=\"widget\" data-e-type=\"widget\" data-settings=\"{&quot;navigation&quot;:&quot;arrows&quot;,&quot;autoplay&quot;:&quot;yes&quot;,&quot;pause_on_hover&quot;:&quot;yes&quot;,&quot;pause_on_interaction&quot;:&quot;yes&quot;,&quot;autoplay_speed&quot;:5000,&quot;infinite&quot;:&quot;yes&quot;,&quot;transition&quot;:&quot;slide&quot;,&quot;transition_speed&quot;:500}\" data-widget_type=\"slides.default\">\n\t\t\t\t<div class=\"elementor-widget-container\">\n\t\t\t\t\t\t\t\t\t<div class=\"elementor-swiper\">\n\t\t\t\t\t<div class=\"elementor-slides-wrapper elementor-main-swiper swiper\" role=\"region\" aria-roledescription=\"carousel\" aria-label=\"Controlo deslizante\" dir=\"ltr\" data-animation=\"fadeInUp\">\n\t\t\t\t<div class=\"swiper-wrapper elementor-slides\">\n\t\t\t\t\t\t\t\t\t\t<div class=\"elementor-repeater-item-2de4990 swiper-slide\" role=\"group\" aria-roledescription=\"slide\"><div class=\"swiper-slide-bg\" role=\"img\" aria-label=\"neuschwanstein-2602208_1280\"><\/div><div class=\"swiper-slide-inner\" ><div class=\"swiper-slide-contents\"><\/div><\/div><\/div><div class=\"elementor-repeater-item-28f126e swiper-slide\" role=\"group\" aria-roledescription=\"slide\"><div class=\"swiper-slide-bg\" role=\"img\" aria-label=\"building-6994803_1280\"><\/div><div class=\"swiper-slide-inner\" ><div class=\"swiper-slide-contents\"><\/div><\/div><\/div><div class=\"elementor-repeater-item-992da35 swiper-slide\" role=\"group\" aria-roledescription=\"slide\"><div class=\"swiper-slide-bg\" role=\"img\" aria-label=\"fluxo-9587488_1280\"><\/div><div class=\"swiper-slide-inner\" ><div class=\"swiper-slide-contents\"><\/div><\/div><\/div><div class=\"elementor-repeater-item-1a67a9d swiper-slide\" role=\"group\" aria-roledescription=\"slide\"><div class=\"swiper-slide-bg\" role=\"img\" aria-label=\"hamburgo-4570577_1280\"><\/div><div class=\"swiper-slide-inner\" ><div class=\"swiper-slide-contents\"><\/div><\/div><\/div><div class=\"elementor-repeater-item-2799f50 swiper-slide\" role=\"group\" aria-roledescription=\"slide\"><div class=\"swiper-slide-bg\" role=\"img\" aria-label=\"berlim-8429780_1280\"><\/div><div class=\"swiper-slide-inner\" ><div class=\"swiper-slide-contents\"><\/div><\/div><\/div><div class=\"elementor-repeater-item-22adf08 swiper-slide\" role=\"group\" aria-roledescription=\"slide\"><div class=\"swiper-slide-bg\" role=\"img\" aria-label=\"cologne-cathedral-1846338_1280\"><\/div><div class=\"swiper-slide-inner\" ><div class=\"swiper-slide-contents\"><\/div><\/div><\/div>\t\t\t\t<\/div>\n\t\t\t\t\t\t\t\t\t\t\t\t\t\t\t<div class=\"elementor-swiper-button elementor-swiper-button-prev\" role=\"button\" tabindex=\"0\" aria-label=\"Predch\u00e1dzaj\u00faci sn\u00edmok\" data-no-translation-aria-label=\"\">\n\t\t\t\t\t\t\t<i aria-hidden=\"true\" class=\"eicon-chevron-left\"><\/i>\t\t\t\t\t\t<\/div>\n\t\t\t\t\t\t<div class=\"elementor-swiper-button elementor-swiper-button-next\" role=\"button\" tabindex=\"0\" aria-label=\"\u010eal\u0161ia sn\u00edmka\" data-no-translation-aria-label=\"\">\n\t\t\t\t\t\t\t<i aria-hidden=\"true\" class=\"eicon-chevron-right\"><\/i>\t\t\t\t\t\t<\/div>\n\t\t\t\t\t\t\t\t\t\t\t\t\t\t\t\t\t<\/div>\n\t\t\t\t<\/div>\n\t\t\t\t\t\t\t\t<\/div>\n\t\t\t\t<\/div>\n\t\t\t\t\t<\/div>\n\t\t<\/div>\n\t\t\t\t\t<\/div>\n\t\t<\/section>\n\t\t\t\t<section class=\"elementor-section elementor-top-section elementor-element elementor-element-240baa7a elementor-section-boxed elementor-section-height-default elementor-section-height-default\" data-id=\"240baa7a\" data-element_type=\"section\" data-e-type=\"section\" data-settings=\"{&quot;background_background&quot;:&quot;classic&quot;}\">\n\t\t\t\t\t\t<div class=\"elementor-container elementor-column-gap-default\">\n\t\t\t\t\t<div class=\"elementor-column elementor-col-100 elementor-top-column elementor-element elementor-element-1afe9e42\" data-id=\"1afe9e42\" data-element_type=\"column\" data-e-type=\"column\">\n\t\t\t<div class=\"elementor-widget-wrap elementor-element-populated\">\n\t\t\t\t\t\t<div class=\"elementor-element elementor-element-65bd50ae elementor-widget elementor-widget-heading\" data-id=\"65bd50ae\" data-element_type=\"widget\" data-e-type=\"widget\" data-widget_type=\"heading.default\">\n\t\t\t\t<div class=\"elementor-widget-container\">\n\t\t\t\t\t<h1 class=\"elementor-heading-title elementor-size-default\">Projectos-piloto em cidades alem\u00e3s<\/h1>\t\t\t\t<\/div>\n\t\t\t\t<\/div>\n\t\t\t\t\t<\/div>\n\t\t<\/div>\n\t\t\t\t\t<\/div>\n\t\t<\/section>\n\t\t\t\t<section class=\"elementor-section elementor-top-section elementor-element elementor-element-446540f elementor-section-boxed elementor-section-height-default elementor-section-height-default\" data-id=\"446540f\" data-element_type=\"section\" data-e-type=\"section\">\n\t\t\t\t\t\t<div class=\"elementor-container elementor-column-gap-default\">\n\t\t\t\t\t<div class=\"elementor-column elementor-col-100 elementor-top-column elementor-element elementor-element-312a2d3\" data-id=\"312a2d3\" data-element_type=\"column\" data-e-type=\"column\">\n\t\t\t<div class=\"elementor-widget-wrap elementor-element-populated\">\n\t\t\t\t\t\t<div class=\"elementor-element elementor-element-8071a6f elementor-nav-menu--dropdown-tablet elementor-nav-menu__text-align-aside elementor-nav-menu--toggle elementor-nav-menu--burger elementor-widget elementor-widget-nav-menu\" data-id=\"8071a6f\" data-element_type=\"widget\" data-e-type=\"widget\" data-settings=\"{&quot;layout&quot;:&quot;horizontal&quot;,&quot;submenu_icon&quot;:{&quot;value&quot;:&quot;&lt;i class=\\&quot;fas fa-caret-down\\&quot; aria-hidden=\\&quot;true\\&quot;&gt;&lt;\\\/i&gt;&quot;,&quot;library&quot;:&quot;fa-solid&quot;},&quot;toggle&quot;:&quot;burger&quot;}\" data-widget_type=\"nav-menu.default\">\n\t\t\t\t<div class=\"elementor-widget-container\">\n\t\t\t\t\t\t\t\t<nav aria-label=\"Investiga\u00e7\u00e3o por pa\u00eds\" class=\"elementor-nav-menu--main elementor-nav-menu__container elementor-nav-menu--layout-horizontal e--pointer-underline e--animation-grow\">\n\t\t\t\t<ul id=\"menu-1-8071a6f\" class=\"elementor-nav-menu\"><li class=\"menu-item menu-item-type-custom menu-item-object-custom menu-item-has-children menu-item-12305\"><a class=\"elementor-item\">\u00c1frica<\/a>\n<ul class=\"sub-menu elementor-nav-menu--dropdown\">\n\t<li class=\"menu-item menu-item-type-post_type menu-item-object-page menu-item-12253\"><a href=\"https:\/\/gradido.net\/pt\/countries\/afrika\/\" class=\"elementor-sub-item\">\u00c1frica, todo o continente<\/a><\/li>\n\t<li class=\"menu-item menu-item-type-post_type menu-item-object-page menu-item-13097\"><a href=\"https:\/\/gradido.net\/pt\/countries\/afrika\/dr-congo\/\" class=\"elementor-sub-item\">Rep\u00fablica Democr\u00e1tica do Congo<\/a><\/li>\n\t<li class=\"menu-item menu-item-type-post_type menu-item-object-page menu-item-12414\"><a href=\"https:\/\/gradido.net\/pt\/countries\/afrika\/kenya\/\" class=\"elementor-sub-item\">Qu\u00e9nia<\/a><\/li>\n\t<li class=\"menu-item menu-item-type-post_type menu-item-object-page menu-item-12737\"><a href=\"https:\/\/gradido.net\/pt\/countries\/afrika\/madagascar\/\" class=\"elementor-sub-item\">Madag\u00e1scar<\/a><\/li>\n\t<li class=\"menu-item menu-item-type-post_type menu-item-object-page menu-item-12148\"><a href=\"https:\/\/gradido.net\/pt\/countries\/afrika\/namibia\/\" class=\"elementor-sub-item\">Nam\u00edbia<\/a><\/li>\n\t<li class=\"menu-item menu-item-type-post_type menu-item-object-page menu-item-12839\"><a href=\"https:\/\/gradido.net\/pt\/countries\/afrika\/rwanda\/\" class=\"elementor-sub-item\">Ruanda<\/a><\/li>\n<\/ul>\n<\/li>\n<li class=\"menu-item menu-item-type-custom menu-item-object-custom menu-item-has-children menu-item-11798\"><a class=\"elementor-item\">Am\u00e9rica<\/a>\n<ul class=\"sub-menu elementor-nav-menu--dropdown\">\n\t<li class=\"menu-item menu-item-type-post_type menu-item-object-page menu-item-12463\"><a href=\"https:\/\/gradido.net\/pt\/countries\/usa\/\" class=\"elementor-sub-item\">EUA<\/a><\/li>\n\t<li class=\"menu-item menu-item-type-post_type menu-item-object-page menu-item-11791\"><a href=\"https:\/\/gradido.net\/pt\/countries\/mexico\/\" class=\"elementor-sub-item\">M\u00e9xico<\/a><\/li>\n<\/ul>\n<\/li>\n<li class=\"menu-item menu-item-type-custom menu-item-object-custom menu-item-has-children menu-item-11800\"><a class=\"elementor-item\">\u00c1sia<\/a>\n<ul class=\"sub-menu elementor-nav-menu--dropdown\">\n\t<li class=\"menu-item menu-item-type-post_type menu-item-object-page menu-item-11794\"><a href=\"https:\/\/gradido.net\/pt\/countries\/maledives\/\" class=\"elementor-sub-item\">Maldivas<\/a><\/li>\n\t<li class=\"menu-item menu-item-type-post_type menu-item-object-page menu-item-11790\"><a href=\"https:\/\/gradido.net\/pt\/countries\/philippines\/\" class=\"elementor-sub-item\">Filipinas<\/a><\/li>\n\t<li class=\"menu-item menu-item-type-post_type menu-item-object-page menu-item-11802\"><a href=\"https:\/\/gradido.net\/pt\/countries\/saudi-arabia\/\" class=\"elementor-sub-item\">Ar\u00e1bia Saudita<\/a><\/li>\n<\/ul>\n<\/li>\n<li class=\"menu-item menu-item-type-custom menu-item-object-custom menu-item-has-children menu-item-11797\"><a class=\"elementor-item\">Europa<\/a>\n<ul class=\"sub-menu elementor-nav-menu--dropdown\">\n\t<li class=\"menu-item menu-item-type-post_type menu-item-object-page menu-item-11805\"><a href=\"https:\/\/gradido.net\/pt\/countries\/germany\/\" class=\"elementor-sub-item\">Alemanha<\/a><\/li>\n\t<li class=\"menu-item menu-item-type-post_type menu-item-object-page menu-item-11803\"><a href=\"https:\/\/gradido.net\/pt\/countries\/greece\/\" class=\"elementor-sub-item\">Gr\u00e9cia<\/a><\/li>\n\t<li class=\"menu-item menu-item-type-post_type menu-item-object-page menu-item-11788\"><a href=\"https:\/\/gradido.net\/pt\/countries\/spain\/\" class=\"elementor-sub-item\">Espanha<\/a><\/li>\n<\/ul>\n<\/li>\n<li class=\"menu-item menu-item-type-custom menu-item-object-custom menu-item-has-children menu-item-11801\"><a class=\"elementor-item\">Oce\u00e2nia<\/a>\n<ul class=\"sub-menu elementor-nav-menu--dropdown\">\n\t<li class=\"menu-item menu-item-type-post_type menu-item-object-page menu-item-11793\"><a href=\"https:\/\/gradido.net\/pt\/countries\/marshall-islands\/\" class=\"elementor-sub-item\">Ilhas Marshall<\/a><\/li>\n\t<li class=\"menu-item menu-item-type-post_type menu-item-object-page menu-item-11795\"><a href=\"https:\/\/gradido.net\/pt\/countries\/tahiti\/\" class=\"elementor-sub-item\">Tahiti<\/a><\/li>\n<\/ul>\n<\/li>\n<\/ul>\t\t\t<\/nav>\n\t\t\t\t\t<div class=\"elementor-menu-toggle\" role=\"button\" tabindex=\"0\" aria-label=\"Alternar entre menus\" aria-expanded=\"false\">\n\t\t\t<i aria-hidden=\"true\" role=\"presentation\" class=\"elementor-menu-toggle__icon--open eicon-menu-bar\"><\/i><i aria-hidden=\"true\" role=\"presentation\" class=\"elementor-menu-toggle__icon--close eicon-close\"><\/i>\t\t<\/div>\n\t\t\t\t\t<nav class=\"elementor-nav-menu--dropdown elementor-nav-menu__container\" aria-hidden=\"true\">\n\t\t\t\t<ul id=\"menu-2-8071a6f\" class=\"elementor-nav-menu\"><li class=\"menu-item menu-item-type-custom menu-item-object-custom menu-item-has-children menu-item-12305\"><a class=\"elementor-item\" tabindex=\"-1\">\u00c1frica<\/a>\n<ul class=\"sub-menu elementor-nav-menu--dropdown\">\n\t<li class=\"menu-item menu-item-type-post_type menu-item-object-page menu-item-12253\"><a href=\"https:\/\/gradido.net\/pt\/countries\/afrika\/\" class=\"elementor-sub-item\" tabindex=\"-1\">\u00c1frica, todo o continente<\/a><\/li>\n\t<li class=\"menu-item menu-item-type-post_type menu-item-object-page menu-item-13097\"><a href=\"https:\/\/gradido.net\/pt\/countries\/afrika\/dr-congo\/\" class=\"elementor-sub-item\" tabindex=\"-1\">Rep\u00fablica Democr\u00e1tica do Congo<\/a><\/li>\n\t<li class=\"menu-item menu-item-type-post_type menu-item-object-page menu-item-12414\"><a href=\"https:\/\/gradido.net\/pt\/countries\/afrika\/kenya\/\" class=\"elementor-sub-item\" tabindex=\"-1\">Qu\u00e9nia<\/a><\/li>\n\t<li class=\"menu-item menu-item-type-post_type menu-item-object-page menu-item-12737\"><a href=\"https:\/\/gradido.net\/pt\/countries\/afrika\/madagascar\/\" class=\"elementor-sub-item\" tabindex=\"-1\">Madag\u00e1scar<\/a><\/li>\n\t<li class=\"menu-item menu-item-type-post_type menu-item-object-page menu-item-12148\"><a href=\"https:\/\/gradido.net\/pt\/countries\/afrika\/namibia\/\" class=\"elementor-sub-item\" tabindex=\"-1\">Nam\u00edbia<\/a><\/li>\n\t<li class=\"menu-item menu-item-type-post_type menu-item-object-page menu-item-12839\"><a href=\"https:\/\/gradido.net\/pt\/countries\/afrika\/rwanda\/\" class=\"elementor-sub-item\" tabindex=\"-1\">Ruanda<\/a><\/li>\n<\/ul>\n<\/li>\n<li class=\"menu-item menu-item-type-custom menu-item-object-custom menu-item-has-children menu-item-11798\"><a class=\"elementor-item\" tabindex=\"-1\">Am\u00e9rica<\/a>\n<ul class=\"sub-menu elementor-nav-menu--dropdown\">\n\t<li class=\"menu-item menu-item-type-post_type menu-item-object-page menu-item-12463\"><a href=\"https:\/\/gradido.net\/pt\/countries\/usa\/\" class=\"elementor-sub-item\" tabindex=\"-1\">EUA<\/a><\/li>\n\t<li class=\"menu-item menu-item-type-post_type menu-item-object-page menu-item-11791\"><a href=\"https:\/\/gradido.net\/pt\/countries\/mexico\/\" class=\"elementor-sub-item\" tabindex=\"-1\">M\u00e9xico<\/a><\/li>\n<\/ul>\n<\/li>\n<li class=\"menu-item menu-item-type-custom menu-item-object-custom menu-item-has-children menu-item-11800\"><a class=\"elementor-item\" tabindex=\"-1\">\u00c1sia<\/a>\n<ul class=\"sub-menu elementor-nav-menu--dropdown\">\n\t<li class=\"menu-item menu-item-type-post_type menu-item-object-page menu-item-11794\"><a href=\"https:\/\/gradido.net\/pt\/countries\/maledives\/\" class=\"elementor-sub-item\" tabindex=\"-1\">Maldivas<\/a><\/li>\n\t<li class=\"menu-item menu-item-type-post_type menu-item-object-page menu-item-11790\"><a href=\"https:\/\/gradido.net\/pt\/countries\/philippines\/\" class=\"elementor-sub-item\" tabindex=\"-1\">Filipinas<\/a><\/li>\n\t<li class=\"menu-item menu-item-type-post_type menu-item-object-page menu-item-11802\"><a href=\"https:\/\/gradido.net\/pt\/countries\/saudi-arabia\/\" class=\"elementor-sub-item\" tabindex=\"-1\">Ar\u00e1bia Saudita<\/a><\/li>\n<\/ul>\n<\/li>\n<li class=\"menu-item menu-item-type-custom menu-item-object-custom menu-item-has-children menu-item-11797\"><a class=\"elementor-item\" tabindex=\"-1\">Europa<\/a>\n<ul class=\"sub-menu elementor-nav-menu--dropdown\">\n\t<li class=\"menu-item menu-item-type-post_type menu-item-object-page menu-item-11805\"><a href=\"https:\/\/gradido.net\/pt\/countries\/germany\/\" class=\"elementor-sub-item\" tabindex=\"-1\">Alemanha<\/a><\/li>\n\t<li class=\"menu-item menu-item-type-post_type menu-item-object-page menu-item-11803\"><a href=\"https:\/\/gradido.net\/pt\/countries\/greece\/\" class=\"elementor-sub-item\" tabindex=\"-1\">Gr\u00e9cia<\/a><\/li>\n\t<li class=\"menu-item menu-item-type-post_type menu-item-object-page menu-item-11788\"><a href=\"https:\/\/gradido.net\/pt\/countries\/spain\/\" class=\"elementor-sub-item\" tabindex=\"-1\">Espanha<\/a><\/li>\n<\/ul>\n<\/li>\n<li class=\"menu-item menu-item-type-custom menu-item-object-custom menu-item-has-children menu-item-11801\"><a class=\"elementor-item\" tabindex=\"-1\">Oce\u00e2nia<\/a>\n<ul class=\"sub-menu elementor-nav-menu--dropdown\">\n\t<li class=\"menu-item menu-item-type-post_type menu-item-object-page menu-item-11793\"><a href=\"https:\/\/gradido.net\/pt\/countries\/marshall-islands\/\" class=\"elementor-sub-item\" tabindex=\"-1\">Ilhas Marshall<\/a><\/li>\n\t<li class=\"menu-item menu-item-type-post_type menu-item-object-page menu-item-11795\"><a href=\"https:\/\/gradido.net\/pt\/countries\/tahiti\/\" class=\"elementor-sub-item\" tabindex=\"-1\">Tahiti<\/a><\/li>\n<\/ul>\n<\/li>\n<\/ul>\t\t\t<\/nav>\n\t\t\t\t\t\t<\/div>\n\t\t\t\t<\/div>\n\t\t\t\t<div class=\"elementor-element elementor-element-b31390b elementor-widget elementor-widget-breadcrumbs\" data-id=\"b31390b\" data-element_type=\"widget\" data-e-type=\"widget\" data-widget_type=\"breadcrumbs.default\">\n\t\t\t\t<div class=\"elementor-widget-container\">\n\t\t\t\t\t<p id=\"breadcrumbs\"><span><span><a href=\"https:\/\/gradido.net\/pt\/\">P\u00e1gina inicial<\/a><\/span><\/span><\/p>\t\t\t\t<\/div>\n\t\t\t\t<\/div>\n\t\t\t\t<div class=\"elementor-element elementor-element-a9db9a5 elementor-widget elementor-widget-text-editor\" data-id=\"a9db9a5\" data-element_type=\"widget\" data-e-type=\"widget\" data-widget_type=\"text-editor.default\">\n\t\t\t\t<div class=\"elementor-widget-container\">\n\t\t\t\t\t\t\t\t\t<h2 style=\"text-align: center;\"><a href=\"https:\/\/gradido.net\/pt\/countries\/germany\/\"><strong>P\u00e1gina principal: Alemanha<\/strong><\/a><\/h2><p style=\"text-align: center;\"><a href=\"https:\/\/gradido.net\/pt\/countries\/germany\/vision-2032-de\/\">Vision-2032-DE - Como o Gradido transformou a Alemanha<\/a><br \/><a href=\"https:\/\/gradido.net\/pt\/countries\/germany\/supplementary-assessment-from-a-gradido-perspective\/\">Avalia\u00e7\u00e3o complementar numa perspetiva Gradido<\/a><br \/><strong>Projectos-piloto em cidades alem\u00e3s<\/strong><\/p>\t\t\t\t\t\t\t\t<\/div>\n\t\t\t\t<\/div>\n\t\t\t\t<div class=\"elementor-element elementor-element-d7bb196 elementor-widget-divider--view-line elementor-widget elementor-widget-divider\" data-id=\"d7bb196\" data-element_type=\"widget\" data-e-type=\"widget\" data-widget_type=\"divider.default\">\n\t\t\t\t<div class=\"elementor-widget-container\">\n\t\t\t\t\t\t\t<div class=\"elementor-divider\">\n\t\t\t<span class=\"elementor-divider-separator\">\n\t\t\t\t\t\t<\/span>\n\t\t<\/div>\n\t\t\t\t\t\t<\/div>\n\t\t\t\t<\/div>\n\t\t\t\t<div class=\"elementor-element elementor-element-146ff9d elementor-widget elementor-widget-text-editor\" data-id=\"146ff9d\" data-element_type=\"widget\" data-e-type=\"widget\" data-widget_type=\"text-editor.default\">\n\t\t\t\t<div class=\"elementor-widget-container\">\n\t\t\t\t\t\t\t\t\t<div class=\"wiki-page-header-wrapper\"><div class=\"wiki-page-header-wrapper\"><p data-pm-slice=\"0 0 []\"><em>O conte\u00fado reflecte os resultados da investiga\u00e7\u00e3o e das an\u00e1lises da Perplexity e n\u00e3o representa uma express\u00e3o de opini\u00e3o da Gradido. O seu objetivo \u00e9 fornecer informa\u00e7\u00f5es e estimular o debate.<\/em><\/p><h1>Projectos-piloto Gradido em cidades alem\u00e3s: Avalia\u00e7\u00e3o cient\u00edfica e recomenda\u00e7\u00f5es para a\u00e7\u00e3o<\/h1><h2>Significado da abordagem direta da cidade<\/h2><h3>Condi\u00e7\u00f5es-quadro favor\u00e1veis<\/h3><p>A situa\u00e7\u00e3o atual dos munic\u00edpios alem\u00e3es cria <strong>condi\u00e7\u00f5es excecionalmente favor\u00e1veis<\/strong> para abordagens inovadoras como o Gradido. As finan\u00e7as municipais est\u00e3o a <strong>a pior crise da hist\u00f3ria do p\u00f3s-guerra<\/strong>: Em 2024, as cidades e os munic\u00edpios registaram um d\u00e9fice recorde de 24,8 mil milh\u00f5es de euros, que dever\u00e1 aumentar para mais de 30 mil milh\u00f5es de euros em 2025. <strong>85% dos munic\u00edpios alem\u00e3es<\/strong> n\u00e3o pode apresentar um or\u00e7amento equilibrado.<a href=\"https:\/\/www.marktundmittelstand.de\/finanzen\/kommunen-am-finanziellen-abgrund-droht-der-kollaps-unserer-staedte\">^1<\/a><a href=\"https:\/\/www.bertelsmann-stiftung.de\/de\/themen\/aktuelle-meldungen\/2025\/juli\/kommunale-finanzen-groesstes-defizit-in-der-geschichte-der-bundesrepublik\">^3<\/a><\/p><p>Esta car\u00eancia financeira cria um <strong>enorme press\u00e3o para inovar<\/strong>. As autarquias s\u00e3o obrigadas a procurar novos caminhos porque as solu\u00e7\u00f5es tradicionais est\u00e3o a falhar. Os cen\u00e1rios descritos no documento da cidade favorita - recupera\u00e7\u00e3o de empresas, melhoria das finan\u00e7as municipais, refor\u00e7o do trabalho volunt\u00e1rio - abordam as seguintes quest\u00f5es <strong>pontos problem\u00e1ticos concretos<\/strong> Munic\u00edpios alem\u00e3es.<\/p><h3>Abertura atual a abordagens alternativas<\/h3><p>A Alemanha j\u00e1 tem <strong>46 moedas regionais activas<\/strong>desde o bem sucedido Chiemgauer (700.000 notas em circula\u00e7\u00e3o, 600 pontos de aceita\u00e7\u00e3o) at\u00e9 projectos locais de menor dimens\u00e3o. O munic\u00edpio de Langenegg, em Vorarlberg, \u00e9 um exemplo de como a Regionalweld vincula 680.000 euros por ano numa comunidade de 450 fam\u00edlias e cria 150 postos de trabalho.<a href=\"https:\/\/www.focus.de\/politik\/finanzkrise-der-kommunen-kein-geld-fuer-kitas-schulen-klimaschutz-so-steht-es-um-unsere-pleite-gemeinden_id_201366037.html\">^4<\/a><a href=\"https:\/\/antenne.nrw\/nrw\/kommunalfinanzen-in-deutschland-rekorddefizit-in-den-staedten\/\">^6<\/a><\/p><p><strong>Iniciativas de cidades inteligentes<\/strong> O governo federal financia atualmente 73 projectos-piloto com 820 milh\u00f5es de euros. Estes programas demonstram a <strong>Prepara\u00e7\u00e3o b\u00e1sica<\/strong> da pol\u00edtica e da administra\u00e7\u00e3o para inova\u00e7\u00f5es sist\u00e9micas, especialmente se combinarem a participa\u00e7\u00e3o dos cidad\u00e3os e a sustentabilidade.<a href=\"https:\/\/www.staedtetag.de\/publikationen\/weitere-publikationen\/2024\/handreichung-beteiligungskultur-in-der-stadtplanung-und-stadtentwicklung\">^7<\/a><\/p><h2>Grupos-alvo: Tipos de cidades ideais para projectos-piloto Gradido<\/h2><h3>Cidades pequenas (5.000-20.000 habitantes): Maiores hip\u00f3teses de sucesso<\/h3><p><strong>Cidades pequenas<\/strong> oferecer o <strong>condi\u00e7\u00f5es mais ideais<\/strong> para projectos-piloto Gradido:<\/p><ul data-tight=\"true\"><li><p><strong>Estruturas ger\u00edveis<\/strong>Canais de comunica\u00e7\u00e3o curtos entre os cidad\u00e3os, a administra\u00e7\u00e3o e as empresas locais<\/p><\/li><li><p><strong>Press\u00e3o financeira elevada<\/strong>As pequenas cidades s\u00e3o particularmente afectadas pela crise das finan\u00e7as municipais<\/p><\/li><li><p><strong>Forte cultura de voluntariado<\/strong>40% dos alem\u00e3es est\u00e3o envolvidos em trabalho volunt\u00e1rio, especialmente em comunidades mais pequenas<a href=\"https:\/\/www.staedtetag.de\/positionen\/beschluesse\/2025\/241-hauptausschuss-kommunale-finanzkrise\">^8<\/a><\/p><\/li><li><p><strong>Tomada de decis\u00f5es pragm\u00e1ticas<\/strong>Menos obst\u00e1culos burocr\u00e1ticos do que nas grandes cidades<\/p><\/li><\/ul><p><strong>Pontos de partida concretos<\/strong> do documento da cidade favorita:<\/p><ul data-tight=\"true\"><li><p>Pizzaria local como multiplicador (entrada de baixo limiar)<\/p><\/li><li><p>Os bombeiros volunt\u00e1rios s\u00e3o uma estrutura volunt\u00e1ria estabelecida<\/p><\/li><li><p>Salvaguardar as empresas locais (exemplo do fabrico de cal\u00e7ado)<\/p><\/li><\/ul><h3>Regi\u00f5es estruturalmente d\u00e9beis: Maior vontade de inovar<\/h3><p><strong>Particularmente adequado<\/strong> s\u00e3o munic\u00edpios em zonas estruturalmente d\u00e9beis:<\/p><ul data-tight=\"true\"><li><p>Munic\u00edpios da Alemanha de Leste com <strong>43% n\u00edvel inferior do ativo<\/strong><a href=\"https:\/\/www.dstgb.de\/publikationen\/dokumentationen\/bilanz-2024-und-ausblick-2025\/bilanz-24-25-final.pdf\">^9<\/a><\/p><\/li><li><p>Regi\u00f5es com <strong>Decl\u00ednio da popula\u00e7\u00e3o<\/strong> e mortes de empresas<\/p><\/li><li><p>Munic\u00edpios com <strong>Emerg\u00eancia or\u00e7amental<\/strong> ou sob controlo municipal<\/p><\/li><\/ul><p>Estes munic\u00edpios t\u00eam <strong>\"nada a perder\"<\/strong> e s\u00e3o <strong>mais aberto a alternativas radicais<\/strong>. O exemplo de Langenegg mostra que as moedas regionais podem <strong>Aldeia em vias de extin\u00e7\u00e3o<\/strong> com sucesso.<a href=\"https:\/\/www.bertelsmann-stiftung.de\/fileadmin\/files\/Projekte\/Vielfaeltige_Demokratie_gestalten\/Buergerbeteiligung_in_Kommunen_verankern.pdf\">^4<\/a><\/p><h3>Comunidades rurais com uma identidade forte<\/h3><p><strong>Comunidades rurais<\/strong> com uma forte identidade local oferecem condi\u00e7\u00f5es ideais:<\/p><ul data-tight=\"true\"><li><p><strong>Alta densidade de clubes<\/strong> e ajuda tradicional de proximidade<\/p><\/li><li><p><strong>Redes sociais curtas<\/strong> (\"toda a gente conhece toda a gente\")<\/p><\/li><li><p><strong>Forte coes\u00e3o local<\/strong> como base para projectos de coopera\u00e7\u00e3o<\/p><\/li><li><p><strong>Agricultura solid\u00e1ria<\/strong> j\u00e1 dispon\u00edvel como ponto de partida<\/p><\/li><\/ul><p>O documento descreve o <strong>Permacultura e agricultura solid\u00e1ria<\/strong> j\u00e1 existe nas comunidades rurais.<\/p><h2>Factores de sucesso na implementa\u00e7\u00e3o do Gradido<\/h2><h3>Factores cr\u00edticos de sucesso (por ordem de import\u00e2ncia)<\/h3><p><strong>1\u00ba Presidente da C\u00e2mara como apoiante<\/strong> (Import\u00e2ncia: 9\/10)<\/p><ul data-tight=\"true\"><li><p><strong>Disponibilidade: Rara<\/strong> - Este \u00e9 o fator mais importante, mas tamb\u00e9m o mais dif\u00edcil<\/p><\/li><li><p>Os autarcas devem atuar como <strong>\"Cuidador\"<\/strong> e vision\u00e1rios (como \"Mayor Miteinand\" no documento)<\/p><\/li><li><p>Necess\u00e1rio <strong>coragem pol\u00edtica<\/strong> para experi\u00eancias inovadoras<\/p><\/li><\/ul><p><strong>2. dimens\u00e3o comunit\u00e1ria control\u00e1vel<\/strong> (Import\u00e2ncia: 9\/10)<\/p><ul data-tight=\"true\"><li><p><strong>Disponibilidade: elevada<\/strong> - Muitos pequenos munic\u00edpios na Alemanha<\/p><\/li><li><p>Permite <strong>Rela\u00e7\u00f5es pessoais<\/strong> e <strong>Comunica\u00e7\u00e3o direta<\/strong><\/p><\/li><\/ul><p><strong>3. estruturas de voluntariado existentes<\/strong> (Import\u00e2ncia: 8\/10)<\/p><ul data-tight=\"true\"><li><p><strong>Disponibilidade: elevada<\/strong> - A Alemanha tem uma forte cultura de clubes<\/p><\/li><li><p>28,8 milh\u00f5es de pessoas fazem trabalho volunt\u00e1rio<a href=\"https:\/\/www.staedtetag.de\/positionen\/beschluesse\/2025\/241-hauptausschuss-kommunale-finanzkrise\">^8<\/a><\/p><\/li><li><p>Os bombeiros, os clubes desportivos, a vizinhan\u00e7a ajudam <strong>Pontos de ancoragem<\/strong><\/p><\/li><\/ul><p><strong>4. dificuldades financeiras do munic\u00edpio<\/strong> (Import\u00e2ncia: 8\/10)<\/p><ul data-tight=\"true\"><li><p><strong>Disponibilidade: Muito elevada<\/strong> - 85% dos munic\u00edpios afectados<a href=\"#\">^1<\/a><\/p><\/li><li><p>Cria <strong>Press\u00e3o para inovar<\/strong> e <strong>Vontade de experimentar<\/strong><\/p><\/li><\/ul><h3>Obst\u00e1culos e riscos<\/h3><p><strong>Principais obst\u00e1culos:<\/strong><\/p><ol data-tight=\"true\"><li><p><strong>Inseguran\u00e7a jur\u00eddica<\/strong>Direito municipal, direito or\u00e7amental, direito fiscal<\/p><\/li><li><p><strong>In\u00e9rcia burocr\u00e1tica<\/strong>\"Sempre o fizemos desta forma\"<\/p><\/li><li><p><strong>Avers\u00e3o ao risco pol\u00edtico<\/strong>: Medo do fracasso e da derrota eleitoral<\/p><\/li><li><p><strong>Complexidade do sistema federal<\/strong>: Diferentes c\u00f3digos municipais dos Estados federados<\/p><\/li><li><p><strong>Resist\u00eancia do lobby<\/strong>Grupos de interesse estabelecidos (bancos, grandes empresas comerciais)<\/p><\/li><\/ol><p><strong>Riscos:<\/strong><\/p><ul data-tight=\"true\"><li><p><strong>Fracasso do projeto-piloto<\/strong> desacredita todo o conceito<\/p><\/li><li><p><strong>Aten\u00e7\u00e3o dos media<\/strong> pode levar a press\u00f5es pol\u00edticas<\/p><\/li><li><p><strong>Desafios jur\u00eddicos<\/strong> por concorrentes ou autoridades de controlo<\/p><\/li><\/ul><h2>Recomenda\u00e7\u00f5es concretas de a\u00e7\u00e3o<\/h2><h3>Fase 1: Prepara\u00e7\u00e3o estrat\u00e9gica (6-12 meses)<\/h3><p><strong>1. prote\u00e7\u00e3o jur\u00eddica<\/strong><\/p><ul data-tight=\"true\"><li><p><strong>Parecer jur\u00eddico<\/strong> sobre o Gradido no direito municipal alem\u00e3o<\/p><\/li><li><p><strong>Modelos de coopera\u00e7\u00e3o<\/strong> desenvolver-se com estruturas estabelecidas (cooperativas, associa\u00e7\u00f5es)<\/p><\/li><li><p><strong>Quadro jur\u00eddico-piloto<\/strong> Negociar com os minist\u00e9rios a n\u00edvel estatal<\/p><\/li><\/ul><p><strong>2. legitima\u00e7\u00e3o cient\u00edfica<\/strong><\/p><ul data-tight=\"true\"><li><p><strong>Coopera\u00e7\u00e3o universit\u00e1ria<\/strong> para avalia\u00e7\u00e3o complementar<\/p><\/li><li><p><strong>Estudo de viabilidade<\/strong> por institutos de renome (Funda\u00e7\u00e3o Bertelsmann, etc.)<\/p><\/li><li><p><strong>Projectos de refer\u00eancia<\/strong> documento de outros pa\u00edses<\/p><\/li><\/ul><p><strong>3. mapeamento das partes interessadas<\/strong><\/p><ul data-tight=\"true\"><li><p><strong>Autarcas progressistas<\/strong> em regi\u00f5es estruturalmente d\u00e9beis<\/p><\/li><li><p><strong>Associa\u00e7\u00f5es de munic\u00edpios<\/strong> como multiplicadores<\/p><\/li><li><p><strong>Organiza\u00e7\u00f5es de voluntariado<\/strong> Desenvolver-se como parceiro<\/p><\/li><\/ul><h3>Fase 2: Aquisi\u00e7\u00e3o de parceiros-piloto (3-6 meses)<\/h3><p><strong>Abordagem direcionada de acordo com as prioridades:<\/strong><\/p><p><strong>1\u00aa prioridade A: munic\u00edpios carenciados<\/strong><\/p><ul data-tight=\"true\"><li><p><strong>Situa\u00e7\u00f5es de emerg\u00eancia or\u00e7amental - munic\u00edpios<\/strong> Endere\u00e7o direto<\/p><\/li><li><p><strong>Linha de argumenta\u00e7\u00e3o<\/strong>\"Gradido como complemento da renova\u00e7\u00e3o\"<\/p><\/li><li><p><strong>Oferta de coopera\u00e7\u00e3o<\/strong>Acompanhamento cient\u00edfico completo e prote\u00e7\u00e3o jur\u00eddica<\/p><\/li><\/ul><p><strong>2\u00aa prioridade B: Cidades pequenas inovadoras<\/strong><\/p><ul data-tight=\"true\"><li><p><strong>Participantes em cidades inteligentes<\/strong> de financiamento federal<\/p><\/li><li><p><strong>Vencedor do pr\u00e9mio de sustentabilidade<\/strong> contacto (por exemplo, vencedores do Pr\u00e9mio Alem\u00e3o de Sustentabilidade)<\/p><\/li><li><p><strong>Racioc\u00ednio<\/strong>Gradido como o \"pr\u00f3ximo passo evolutivo\" da cidade inteligente<\/p><\/li><\/ul><p><strong>3\u00aa prioridade C: Comunidades rurais empenhadas<\/strong><\/p><ul data-tight=\"true\"><li><p><strong>Vencedor do pr\u00e9mio de renova\u00e7\u00e3o da aldeia<\/strong> e <strong>Concurso nacional Our Village<\/strong> Participantes<\/p><\/li><li><p><strong>Locais de agricultura solid\u00e1ria<\/strong> como pontos de partida<\/p><\/li><\/ul><h3>Fase 3: Conce\u00e7\u00e3o do projeto-piloto (2-4 meses)<\/h3><p><strong>Estrat\u00e9gia de introdu\u00e7\u00e3o gradual:<\/strong><\/p><p><strong>N\u00edvel 1: Gradido Honor\u00e1rio (3 meses)<\/strong><\/p><ul data-tight=\"true\"><li><p>Come\u00e7ar com <strong>Homenagem aos volunt\u00e1rios<\/strong> (20 Gradido\/hora como no documento)<\/p><\/li><li><p><strong>Bombeiros, THW, clubes desportivos<\/strong> como primeiros participantes<\/p><\/li><li><p><strong>Caf\u00e9s Gradido<\/strong> para pontos de aceita\u00e7\u00e3o de limiar baixo<\/p><\/li><\/ul><p><strong>N\u00edvel 2: Economia local (6 meses)<\/strong><\/p><ul data-tight=\"true\"><li><p><strong>Participa\u00e7\u00e3o volunt\u00e1ria<\/strong> lojas locais<\/p><\/li><li><p><strong>3% Desconto<\/strong> ao trocar Euro\u2192Gradido (modelo comprovado)<\/p><\/li><li><p><strong>Dias de Gradido<\/strong> como no exemplo da pizzaria<\/p><\/li><\/ul><p><strong>Fase 3: Integra\u00e7\u00e3o municipal (12 meses)<\/strong><\/p><ul data-tight=\"true\"><li><p><strong>Subven\u00e7\u00f5es municipais<\/strong> sa\u00edda em Gradido<\/p><\/li><li><p><strong>Projectos comunit\u00e1rios<\/strong> como realizar o fabrico de cal\u00e7ado<\/p><\/li><li><p><strong>Encerramento completo do ciclo<\/strong><\/p><\/li><\/ul><h3>Fase 4: Comunica\u00e7\u00e3o profissional<\/h3><p><strong>Comunica\u00e7\u00e3o interna:<\/strong><\/p><ul data-tight=\"true\"><li><p><strong>Forma\u00e7\u00e3o administrativa<\/strong> para todos os trabalhadores envolvidos<\/p><\/li><li><p><strong>Reuni\u00f5es de cidad\u00e3os<\/strong> com informa\u00e7\u00f5es transparentes<\/p><\/li><li><p><strong>Di\u00e1logo permanente<\/strong> com os c\u00e9pticos<\/p><\/li><\/ul><p><strong>Comunica\u00e7\u00e3o externa:<\/strong><\/p><ul data-tight=\"true\"><li><p><strong>Coopera\u00e7\u00e3o com os meios de comunica\u00e7\u00e3o social<\/strong> com os jornais\/r\u00e1dios locais<\/p><\/li><li><p><strong>Publica\u00e7\u00f5es cient\u00edficas<\/strong> para legitima\u00e7\u00e3o<\/p><\/li><li><p><strong>Interc\u00e2mbio de boas pr\u00e1ticas<\/strong> entre munic\u00edpios-piloto<\/p><\/li><\/ul><p><strong>Preven\u00e7\u00e3o de crises:<\/strong><\/p><ul data-tight=\"true\"><li><p><strong>Planos de emerg\u00eancia<\/strong> para problemas jur\u00eddicos ou medi\u00e1ticos<\/p><\/li><li><p><strong>Cen\u00e1rios de sa\u00edda<\/strong> se o projeto-piloto falhar<\/p><\/li><li><p><strong>Comunica\u00e7\u00e3o regular do sucesso<\/strong> a todas as partes interessadas<\/p><\/li><\/ul><h2>Conclus\u00e3o e prioridade de a\u00e7\u00e3o<\/h2><p>A abordagem direta das cidades alem\u00e3s aos projectos-piloto Gradido n\u00e3o \u00e9 apenas <strong>sensato, mas estrategicamente \u00f3timo<\/strong>. A crise financeira municipal, sem precedentes hist\u00f3ricos, cria <strong>Janela de abertura \u00fanica<\/strong> para inova\u00e7\u00f5es sist\u00e9micas.<\/p><p><strong>Maiores hip\u00f3teses de sucesso<\/strong> ter:<\/p><ol data-tight=\"true\"><li><p><strong>Pequenos munic\u00edpios estruturalmente d\u00e9beis<\/strong> (500-5.000 e.p.) na Alemanha Oriental<\/p><\/li><li><p><strong>Pequenas cidades inovadoras<\/strong> (5.000-15.000 e.p.) com autarcas de esp\u00edrito aberto<\/p><\/li><li><p><strong>Comunidades rurais<\/strong> com uma forte tradi\u00e7\u00e3o de voluntariado e de identidade local<\/p><\/li><\/ol><p><strong>Fator cr\u00edtico de sucesso<\/strong> \u00e9 o <strong>Qualidade da prepara\u00e7\u00e3o<\/strong>A seguran\u00e7a jur\u00eddica, o controlo cient\u00edfico e o apoio pol\u00edtico s\u00e3o essenciais. A <strong>Projeto-piloto fracassado<\/strong> desacreditaria todo o conceito de Gradido nos anos vindouros.<\/p><p><strong>Recomenda\u00e7\u00e3o<\/strong>: Come\u00e7ar por <strong>2-3 comunidades-piloto cuidadosamente selecionadas<\/strong>que satisfa\u00e7am todos os factores cr\u00edticos de sucesso. O cen\u00e1rio da cidade favorita \u00e9 <strong>Realiz\u00e1vel de forma realista<\/strong>se as condi\u00e7\u00f5es de enquadramento forem corretas. Chegou o momento das experi\u00eancias municipais transformadoras <strong>agora<\/strong>.<\/p><p>\u00a0<\/p><\/div><\/div>\t\t\t\t\t\t\t\t<\/div>\n\t\t\t\t<\/div>\n\t\t\t\t\t<\/div>\n\t\t<\/div>\n\t\t\t\t\t<\/div>\n\t\t<\/section>\n\t\t\t\t<\/div>","protected":false},"excerpt":{"rendered":"<p>Pilotprojekte in deutschen St\u00e4dten Hauptseite: Deutschland Vision-2032-DE \u2013 Wie Gradido Deutschland transformierteErg\u00e4nzende Einsch\u00e4tzung aus Gradido-PerspektivePilotprojekte in deutschen St\u00e4dten Die Inhalte spiegeln die Recherche- und Analyseergebnisse von Perplexity wider und stellen keine Meinungs\u00e4u\u00dferung von Gradido dar. Sie dienen der Information und als Impuls zur weiteren Diskussion. Gradido-Pilotprojekte in deutschen St\u00e4dten: Wissenschaftliche Bewertung und Handlungsempfehlungen Sinnhaftigkeit der [&hellip;]<\/p>\n","protected":false},"author":2,"featured_media":10458,"parent":11280,"menu_order":0,"comment_status":"closed","ping_status":"closed","template":"","meta":{"footnotes":""},"class_list":["post-11335","page","type-page","status-publish","has-post-thumbnail","hentry"],"yoast_head":"<!-- This site is optimized with the Yoast SEO plugin v27.4 - https:\/\/yoast.com\/product\/yoast-seo-wordpress\/ -->\n<title>Deutschland: Pilotprojekte in deutschen St\u00e4dten - Gradido<\/title>\n<meta name=\"description\" content=\"Sei Teil der Bewegung!Gemeinsam bringen wir Gradido in die Welt.\" \/>\n<meta name=\"robots\" content=\"index, follow, max-snippet:-1, max-image-preview:large, max-video-preview:-1\" \/>\n<link rel=\"canonical\" href=\"https:\/\/gradido.net\/pt\/countries\/germany\/pilot-projects-in-german-cities\/\" \/>\n<meta property=\"og:locale\" content=\"pt_PT\" \/>\n<meta property=\"og:type\" content=\"article\" \/>\n<meta property=\"og:title\" content=\"Deutschland: Pilotprojekte in deutschen St\u00e4dten - Gradido\" \/>\n<meta property=\"og:description\" content=\"Sei Teil der Bewegung!Gemeinsam bringen wir Gradido in die Welt.\" \/>\n<meta property=\"og:url\" content=\"https:\/\/gradido.net\/pt\/countries\/germany\/pilot-projects-in-german-cities\/\" \/>\n<meta property=\"og:site_name\" content=\"Gradido\" \/>\n<meta property=\"article:modified_time\" content=\"2025-11-09T18:33:20+00:00\" \/>\n<meta property=\"og:image\" content=\"https:\/\/gradido.net\/wp-content\/uploads\/2025\/07\/AdobeStock_3210827871-scaled.jpeg\" \/>\n\t<meta property=\"og:image:width\" content=\"2560\" \/>\n\t<meta property=\"og:image:height\" content=\"790\" \/>\n\t<meta property=\"og:image:type\" content=\"image\/jpeg\" \/>\n<meta name=\"twitter:card\" content=\"summary_large_image\" \/>\n<meta name=\"twitter:label1\" content=\"Tempo estimado de leitura\" \/>\n\t<meta name=\"twitter:data1\" content=\"6 minutos\" \/>\n<script type=\"application\/ld+json\" class=\"yoast-schema-graph\">{\"@context\":\"https:\\\/\\\/schema.org\",\"@graph\":[{\"@type\":\"WebPage\",\"@id\":\"https:\\\/\\\/gradido.net\\\/countries\\\/germany\\\/pilot-projects-in-german-cities\\\/\",\"url\":\"https:\\\/\\\/gradido.net\\\/countries\\\/germany\\\/pilot-projects-in-german-cities\\\/\",\"name\":\"Deutschland: Pilotprojekte in deutschen St\u00e4dten - Gradido\",\"isPartOf\":{\"@id\":\"https:\\\/\\\/gradido.net\\\/de\\\/#website\"},\"primaryImageOfPage\":{\"@id\":\"https:\\\/\\\/gradido.net\\\/countries\\\/germany\\\/pilot-projects-in-german-cities\\\/#primaryimage\"},\"image\":{\"@id\":\"https:\\\/\\\/gradido.net\\\/countries\\\/germany\\\/pilot-projects-in-german-cities\\\/#primaryimage\"},\"thumbnailUrl\":\"https:\\\/\\\/gradido.net\\\/wp-content\\\/uploads\\\/2025\\\/07\\\/AdobeStock_3210827871-scaled.jpeg\",\"datePublished\":\"2025-08-15T11:52:57+00:00\",\"dateModified\":\"2025-11-09T18:33:20+00:00\",\"description\":\"Sei Teil der Bewegung!Gemeinsam bringen wir Gradido in die Welt.\",\"breadcrumb\":{\"@id\":\"https:\\\/\\\/gradido.net\\\/countries\\\/germany\\\/pilot-projects-in-german-cities\\\/#breadcrumb\"},\"inLanguage\":\"pt-PT\",\"potentialAction\":[{\"@type\":\"ReadAction\",\"target\":[\"https:\\\/\\\/gradido.net\\\/countries\\\/germany\\\/pilot-projects-in-german-cities\\\/\"]}]},{\"@type\":\"ImageObject\",\"inLanguage\":\"pt-PT\",\"@id\":\"https:\\\/\\\/gradido.net\\\/countries\\\/germany\\\/pilot-projects-in-german-cities\\\/#primaryimage\",\"url\":\"https:\\\/\\\/gradido.net\\\/wp-content\\\/uploads\\\/2025\\\/07\\\/AdobeStock_3210827871-scaled.jpeg\",\"contentUrl\":\"https:\\\/\\\/gradido.net\\\/wp-content\\\/uploads\\\/2025\\\/07\\\/AdobeStock_3210827871-scaled.jpeg\",\"width\":2560,\"height\":790,\"caption\":\"world globe planet earth 3d-illustration. elements of this image furnished by NASA\"},{\"@type\":\"BreadcrumbList\",\"@id\":\"https:\\\/\\\/gradido.net\\\/countries\\\/germany\\\/pilot-projects-in-german-cities\\\/#breadcrumb\",\"itemListElement\":[{\"@type\":\"ListItem\",\"position\":1,\"name\":\"Startseite\",\"item\":\"https:\\\/\\\/gradido.net\\\/\"},{\"@type\":\"ListItem\",\"position\":2,\"name\":\"L\u00e4nderforschung\",\"item\":\"https:\\\/\\\/gradido.net\\\/countries\\\/\"},{\"@type\":\"ListItem\",\"position\":3,\"name\":\"Deutschland\",\"item\":\"https:\\\/\\\/gradido.net\\\/countries\\\/germany\\\/\"},{\"@type\":\"ListItem\",\"position\":4,\"name\":\"Deutschland: Pilotprojekte in deutschen St\u00e4dten\"}]},{\"@type\":\"WebSite\",\"@id\":\"https:\\\/\\\/gradido.net\\\/de\\\/#website\",\"url\":\"https:\\\/\\\/gradido.net\\\/de\\\/\",\"name\":\"Gradido\",\"description\":\"Die neue W\u00e4hrung hei\u00dft Dankbarkeit\",\"publisher\":{\"@id\":\"https:\\\/\\\/gradido.net\\\/de\\\/#organization\"},\"potentialAction\":[{\"@type\":\"SearchAction\",\"target\":{\"@type\":\"EntryPoint\",\"urlTemplate\":\"https:\\\/\\\/gradido.net\\\/de\\\/?s={search_term_string}\"},\"query-input\":{\"@type\":\"PropertyValueSpecification\",\"valueRequired\":true,\"valueName\":\"search_term_string\"}}],\"inLanguage\":\"pt-PT\"},{\"@type\":\"Organization\",\"@id\":\"https:\\\/\\\/gradido.net\\\/de\\\/#organization\",\"name\":\"Gradido\",\"url\":\"https:\\\/\\\/gradido.net\\\/de\\\/\",\"logo\":{\"@type\":\"ImageObject\",\"inLanguage\":\"pt-PT\",\"@id\":\"https:\\\/\\\/gradido.net\\\/de\\\/#\\\/schema\\\/logo\\\/image\\\/\",\"url\":\"https:\\\/\\\/gradido.net\\\/wp-content\\\/uploads\\\/2022\\\/04\\\/gradido-social.jpg\",\"contentUrl\":\"https:\\\/\\\/gradido.net\\\/wp-content\\\/uploads\\\/2022\\\/04\\\/gradido-social.jpg\",\"width\":527,\"height\":273,\"caption\":\"Gradido\"},\"image\":{\"@id\":\"https:\\\/\\\/gradido.net\\\/de\\\/#\\\/schema\\\/logo\\\/image\\\/\"}}]}<\/script>\n<!-- \/ Yoast SEO plugin. -->","yoast_head_json":{"title":"Alemanha: Projectos-piloto em cidades alem\u00e3s - Gradido","description":"Juntos, vamos trazer o Gradido ao mundo.","robots":{"index":"index","follow":"follow","max-snippet":"max-snippet:-1","max-image-preview":"max-image-preview:large","max-video-preview":"max-video-preview:-1"},"canonical":"https:\/\/gradido.net\/pt\/countries\/germany\/pilot-projects-in-german-cities\/","og_locale":"pt_PT","og_type":"article","og_title":"Deutschland: Pilotprojekte in deutschen St\u00e4dten - Gradido","og_description":"Sei Teil der Bewegung!Gemeinsam bringen wir Gradido in die Welt.","og_url":"https:\/\/gradido.net\/pt\/countries\/germany\/pilot-projects-in-german-cities\/","og_site_name":"Gradido","article_modified_time":"2025-11-09T18:33:20+00:00","og_image":[{"width":2560,"height":790,"url":"https:\/\/gradido.net\/wp-content\/uploads\/2025\/07\/AdobeStock_3210827871-scaled.jpeg","type":"image\/jpeg"}],"twitter_card":"summary_large_image","twitter_misc":{"Tempo estimado de leitura":"6 minutos"},"schema":{"@context":"https:\/\/schema.org","@graph":[{"@type":"WebPage","@id":"https:\/\/gradido.net\/countries\/germany\/pilot-projects-in-german-cities\/","url":"https:\/\/gradido.net\/countries\/germany\/pilot-projects-in-german-cities\/","name":"Alemanha: Projectos-piloto em cidades alem\u00e3s - Gradido","isPartOf":{"@id":"https:\/\/gradido.net\/de\/#website"},"primaryImageOfPage":{"@id":"https:\/\/gradido.net\/countries\/germany\/pilot-projects-in-german-cities\/#primaryimage"},"image":{"@id":"https:\/\/gradido.net\/countries\/germany\/pilot-projects-in-german-cities\/#primaryimage"},"thumbnailUrl":"https:\/\/gradido.net\/wp-content\/uploads\/2025\/07\/AdobeStock_3210827871-scaled.jpeg","datePublished":"2025-08-15T11:52:57+00:00","dateModified":"2025-11-09T18:33:20+00:00","description":"Juntos, vamos trazer o Gradido ao mundo.","breadcrumb":{"@id":"https:\/\/gradido.net\/countries\/germany\/pilot-projects-in-german-cities\/#breadcrumb"},"inLanguage":"pt-PT","potentialAction":[{"@type":"ReadAction","target":["https:\/\/gradido.net\/countries\/germany\/pilot-projects-in-german-cities\/"]}]},{"@type":"ImageObject","inLanguage":"pt-PT","@id":"https:\/\/gradido.net\/countries\/germany\/pilot-projects-in-german-cities\/#primaryimage","url":"https:\/\/gradido.net\/wp-content\/uploads\/2025\/07\/AdobeStock_3210827871-scaled.jpeg","contentUrl":"https:\/\/gradido.net\/wp-content\/uploads\/2025\/07\/AdobeStock_3210827871-scaled.jpeg","width":2560,"height":790,"caption":"world globe planet earth 3d-illustration. elements of this image furnished by NASA"},{"@type":"BreadcrumbList","@id":"https:\/\/gradido.net\/countries\/germany\/pilot-projects-in-german-cities\/#breadcrumb","itemListElement":[{"@type":"ListItem","position":1,"name":"Startseite","item":"https:\/\/gradido.net\/"},{"@type":"ListItem","position":2,"name":"L\u00e4nderforschung","item":"https:\/\/gradido.net\/countries\/"},{"@type":"ListItem","position":3,"name":"Deutschland","item":"https:\/\/gradido.net\/countries\/germany\/"},{"@type":"ListItem","position":4,"name":"Deutschland: Pilotprojekte in deutschen St\u00e4dten"}]},{"@type":"WebSite","@id":"https:\/\/gradido.net\/de\/#website","url":"https:\/\/gradido.net\/de\/","name":"Gradido","description":"A nova moeda \u00e9 a gratid\u00e3o","publisher":{"@id":"https:\/\/gradido.net\/de\/#organization"},"potentialAction":[{"@type":"SearchAction","target":{"@type":"EntryPoint","urlTemplate":"https:\/\/gradido.net\/de\/?s={search_term_string}"},"query-input":{"@type":"PropertyValueSpecification","valueRequired":true,"valueName":"search_term_string"}}],"inLanguage":"pt-PT"},{"@type":"Organization","@id":"https:\/\/gradido.net\/de\/#organization","name":"Gradido","url":"https:\/\/gradido.net\/de\/","logo":{"@type":"ImageObject","inLanguage":"pt-PT","@id":"https:\/\/gradido.net\/de\/#\/schema\/logo\/image\/","url":"https:\/\/gradido.net\/wp-content\/uploads\/2022\/04\/gradido-social.jpg","contentUrl":"https:\/\/gradido.net\/wp-content\/uploads\/2022\/04\/gradido-social.jpg","width":527,"height":273,"caption":"Gradido"},"image":{"@id":"https:\/\/gradido.net\/de\/#\/schema\/logo\/image\/"}}]}},"_links":{"self":[{"href":"https:\/\/gradido.net\/pt\/wp-json\/wp\/v2\/pages\/11335","targetHints":{"allow":["GET"]}}],"collection":[{"href":"https:\/\/gradido.net\/pt\/wp-json\/wp\/v2\/pages"}],"about":[{"href":"https:\/\/gradido.net\/pt\/wp-json\/wp\/v2\/types\/page"}],"author":[{"embeddable":true,"href":"https:\/\/gradido.net\/pt\/wp-json\/wp\/v2\/users\/2"}],"replies":[{"embeddable":true,"href":"https:\/\/gradido.net\/pt\/wp-json\/wp\/v2\/comments?post=11335"}],"version-history":[{"count":13,"href":"https:\/\/gradido.net\/pt\/wp-json\/wp\/v2\/pages\/11335\/revisions"}],"predecessor-version":[{"id":12536,"href":"https:\/\/gradido.net\/pt\/wp-json\/wp\/v2\/pages\/11335\/revisions\/12536"}],"up":[{"embeddable":true,"href":"https:\/\/gradido.net\/pt\/wp-json\/wp\/v2\/pages\/11280"}],"wp:featuredmedia":[{"embeddable":true,"href":"https:\/\/gradido.net\/pt\/wp-json\/wp\/v2\/media\/10458"}],"wp:attachment":[{"href":"https:\/\/gradido.net\/pt\/wp-json\/wp\/v2\/media?parent=11335"}],"curies":[{"name":"wp","href":"https:\/\/api.w.org\/{rel}","templated":true}]}}