{"id":13623,"date":"2026-04-24T08:40:11","date_gmt":"2026-04-24T06:40:11","guid":{"rendered":"https:\/\/gradido.net\/?page_id=13623"},"modified":"2026-04-24T08:42:30","modified_gmt":"2026-04-24T06:42:30","slug":"gradido-konto","status":"publish","type":"page","link":"https:\/\/gradido.net\/pt\/blog\/gradido-konto\/","title":{"rendered":"Conta Gradido"},"content":{"rendered":"<div data-elementor-type=\"wp-page\" data-elementor-id=\"13623\" class=\"elementor elementor-13623\" data-elementor-post-type=\"page\">\n\t\t\t\t\t\t<section class=\"elementor-section elementor-top-section elementor-element elementor-element-2cac71f elementor-section-full_width elementor-section-height-default elementor-section-height-default\" data-id=\"2cac71f\" data-element_type=\"section\" data-e-type=\"section\">\n\t\t\t\t\t\t<div class=\"elementor-container elementor-column-gap-no\">\n\t\t\t\t\t<div class=\"elementor-column elementor-col-100 elementor-top-column elementor-element elementor-element-cef0c8b\" data-id=\"cef0c8b\" data-element_type=\"column\" data-e-type=\"column\">\n\t\t\t<div class=\"elementor-widget-wrap elementor-element-populated\">\n\t\t\t\t\t\t<div class=\"elementor-element elementor-element-cd0fa05 elementor--h-position-center elementor--v-position-middle elementor-arrows-position-inside elementor-widget elementor-widget-slides\" data-id=\"cd0fa05\" data-element_type=\"widget\" data-e-type=\"widget\" data-settings=\"{&quot;navigation&quot;:&quot;arrows&quot;,&quot;autoplay&quot;:&quot;yes&quot;,&quot;pause_on_hover&quot;:&quot;yes&quot;,&quot;pause_on_interaction&quot;:&quot;yes&quot;,&quot;autoplay_speed&quot;:5000,&quot;infinite&quot;:&quot;yes&quot;,&quot;transition&quot;:&quot;slide&quot;,&quot;transition_speed&quot;:500}\" data-widget_type=\"slides.default\">\n\t\t\t\t<div class=\"elementor-widget-container\">\n\t\t\t\t\t\t\t\t\t<div class=\"elementor-swiper\">\n\t\t\t\t\t<div class=\"elementor-slides-wrapper elementor-main-swiper swiper\" role=\"region\" aria-roledescription=\"carousel\" aria-label=\"Controlo deslizante\" dir=\"ltr\" data-animation=\"fadeInUp\">\n\t\t\t\t<div class=\"swiper-wrapper elementor-slides\">\n\t\t\t\t\t\t\t\t\t\t<div class=\"elementor-repeater-item-2de4990 swiper-slide\" role=\"group\" aria-roledescription=\"slide\"><div class=\"swiper-slide-bg\" role=\"img\" aria-label=\"blogue\"><\/div><div class=\"swiper-slide-inner\" ><div class=\"swiper-slide-contents\"><\/div><\/div><\/div>\t\t\t\t<\/div>\n\t\t\t\t\t\t\t<\/div>\n\t\t\t\t<\/div>\n\t\t\t\t\t\t\t\t<\/div>\n\t\t\t\t<\/div>\n\t\t\t\t\t<\/div>\n\t\t<\/div>\n\t\t\t\t\t<\/div>\n\t\t<\/section>\n\t\t\t\t<section class=\"elementor-section elementor-top-section elementor-element elementor-element-cec2a5b elementor-section-boxed elementor-section-height-default elementor-section-height-default\" data-id=\"cec2a5b\" data-element_type=\"section\" data-e-type=\"section\" data-settings=\"{&quot;background_background&quot;:&quot;classic&quot;}\">\n\t\t\t\t\t\t<div class=\"elementor-container elementor-column-gap-default\">\n\t\t\t\t\t<div class=\"elementor-column elementor-col-100 elementor-top-column elementor-element elementor-element-2bca127\" data-id=\"2bca127\" data-element_type=\"column\" data-e-type=\"column\">\n\t\t\t<div class=\"elementor-widget-wrap elementor-element-populated\">\n\t\t\t\t\t\t<div class=\"elementor-element elementor-element-e504e40 elementor-widget elementor-widget-heading\" data-id=\"e504e40\" data-element_type=\"widget\" data-e-type=\"widget\" data-widget_type=\"heading.default\">\n\t\t\t\t<div class=\"elementor-widget-container\">\n\t\t\t\t\t<h1 class=\"elementor-heading-title elementor-size-default\">Conta Gradido<\/h1>\t\t\t\t<\/div>\n\t\t\t\t<\/div>\n\t\t\t\t\t<\/div>\n\t\t<\/div>\n\t\t\t\t\t<\/div>\n\t\t<\/section>\n\t\t\t\t<section class=\"elementor-section elementor-top-section elementor-element elementor-element-e4f56b5 elementor-section-boxed elementor-section-height-default elementor-section-height-default\" data-id=\"e4f56b5\" data-element_type=\"section\" data-e-type=\"section\">\n\t\t\t\t\t\t<div class=\"elementor-container elementor-column-gap-default\">\n\t\t\t\t\t<div class=\"elementor-column elementor-col-100 elementor-top-column elementor-element elementor-element-93ee9fb\" data-id=\"93ee9fb\" data-element_type=\"column\" data-e-type=\"column\">\n\t\t\t<div class=\"elementor-widget-wrap elementor-element-populated\">\n\t\t\t\t\t\t<div class=\"elementor-element elementor-element-7bbe7d9 elementor-nav-menu--dropdown-tablet elementor-nav-menu__text-align-aside elementor-nav-menu--toggle elementor-nav-menu--burger elementor-widget elementor-widget-nav-menu\" data-id=\"7bbe7d9\" data-element_type=\"widget\" data-e-type=\"widget\" data-settings=\"{&quot;layout&quot;:&quot;horizontal&quot;,&quot;submenu_icon&quot;:{&quot;value&quot;:&quot;&lt;i class=\\&quot;fas fa-caret-down\\&quot; aria-hidden=\\&quot;true\\&quot;&gt;&lt;\\\/i&gt;&quot;,&quot;library&quot;:&quot;fa-solid&quot;},&quot;toggle&quot;:&quot;burger&quot;}\" data-widget_type=\"nav-menu.default\">\n\t\t\t\t<div class=\"elementor-widget-container\">\n\t\t\t\t\t\t\t\t<nav aria-label=\"Menu\" class=\"elementor-nav-menu--main elementor-nav-menu__container elementor-nav-menu--layout-horizontal e--pointer-underline e--animation-fade\">\n\t\t\t\t<ul id=\"menu-1-7bbe7d9\" class=\"elementor-nav-menu\"><li class=\"menu-item menu-item-type-post_type menu-item-object-page menu-item-13532\"><a href=\"https:\/\/gradido.net\/pt\/blog\/\" class=\"elementor-item\">Todas as categorias<\/a><\/li>\n<li class=\"menu-item menu-item-type-post_type menu-item-object-page menu-item-13515\"><a href=\"https:\/\/gradido.net\/pt\/blog\/analysen\/\" class=\"elementor-item\">An\u00e1lises<\/a><\/li>\n<li class=\"menu-item menu-item-type-post_type menu-item-object-page menu-item-13559\"><a href=\"https:\/\/gradido.net\/pt\/blog\/lieblingsstadt\/\" class=\"elementor-item\">Cidade favorita<\/a><\/li>\n<li class=\"menu-item menu-item-type-post_type menu-item-object-page menu-item-13641\"><a href=\"https:\/\/gradido.net\/pt\/blog\/community\/\" class=\"elementor-item\">Comunidade<\/a><\/li>\n<li class=\"menu-item menu-item-type-post_type menu-item-object-page menu-item-13639\"><a href=\"https:\/\/gradido.net\/pt\/blog\/psychologie\/\" class=\"elementor-item\">Psicologia<\/a><\/li>\n<li class=\"menu-item menu-item-type-post_type menu-item-object-page menu-item-13640\"><a href=\"https:\/\/gradido.net\/pt\/blog\/gradido-konto\/\" class=\"elementor-item\">Conta Gradido<\/a><\/li>\n<\/ul>\t\t\t<\/nav>\n\t\t\t\t\t<div class=\"elementor-menu-toggle\" role=\"button\" tabindex=\"0\" aria-label=\"Alternar entre menus\" aria-expanded=\"false\">\n\t\t\t<i aria-hidden=\"true\" role=\"presentation\" class=\"elementor-menu-toggle__icon--open eicon-menu-bar\"><\/i><i aria-hidden=\"true\" role=\"presentation\" class=\"elementor-menu-toggle__icon--close eicon-close\"><\/i>\t\t<\/div>\n\t\t\t\t\t<nav class=\"elementor-nav-menu--dropdown elementor-nav-menu__container\" aria-hidden=\"true\">\n\t\t\t\t<ul id=\"menu-2-7bbe7d9\" class=\"elementor-nav-menu\"><li class=\"menu-item menu-item-type-post_type menu-item-object-page menu-item-13532\"><a href=\"https:\/\/gradido.net\/pt\/blog\/\" class=\"elementor-item\" tabindex=\"-1\">Todas as categorias<\/a><\/li>\n<li class=\"menu-item menu-item-type-post_type menu-item-object-page menu-item-13515\"><a href=\"https:\/\/gradido.net\/pt\/blog\/analysen\/\" class=\"elementor-item\" tabindex=\"-1\">An\u00e1lises<\/a><\/li>\n<li class=\"menu-item menu-item-type-post_type menu-item-object-page menu-item-13559\"><a href=\"https:\/\/gradido.net\/pt\/blog\/lieblingsstadt\/\" class=\"elementor-item\" tabindex=\"-1\">Cidade favorita<\/a><\/li>\n<li class=\"menu-item menu-item-type-post_type menu-item-object-page menu-item-13641\"><a href=\"https:\/\/gradido.net\/pt\/blog\/community\/\" class=\"elementor-item\" tabindex=\"-1\">Comunidade<\/a><\/li>\n<li class=\"menu-item menu-item-type-post_type menu-item-object-page menu-item-13639\"><a href=\"https:\/\/gradido.net\/pt\/blog\/psychologie\/\" class=\"elementor-item\" tabindex=\"-1\">Psicologia<\/a><\/li>\n<li class=\"menu-item menu-item-type-post_type menu-item-object-page menu-item-13640\"><a href=\"https:\/\/gradido.net\/pt\/blog\/gradido-konto\/\" class=\"elementor-item\" tabindex=\"-1\">Conta Gradido<\/a><\/li>\n<\/ul>\t\t\t<\/nav>\n\t\t\t\t\t\t<\/div>\n\t\t\t\t<\/div>\n\t\t\t\t<div class=\"elementor-element elementor-element-1c7d36d elementor-grid-tablet-3 elementor-grid-3 elementor-grid-mobile-1 elementor-posts--thumbnail-top elementor-posts__hover-gradient elementor-widget elementor-widget-posts\" data-id=\"1c7d36d\" data-element_type=\"widget\" data-e-type=\"widget\" data-settings=\"{&quot;cards_columns_tablet&quot;:&quot;3&quot;,&quot;cards_columns&quot;:&quot;3&quot;,&quot;cards_columns_mobile&quot;:&quot;1&quot;,&quot;cards_row_gap&quot;:{&quot;unit&quot;:&quot;px&quot;,&quot;size&quot;:35,&quot;sizes&quot;:[]},&quot;cards_row_gap_tablet&quot;:{&quot;unit&quot;:&quot;px&quot;,&quot;size&quot;:&quot;&quot;,&quot;sizes&quot;:[]},&quot;cards_row_gap_mobile&quot;:{&quot;unit&quot;:&quot;px&quot;,&quot;size&quot;:&quot;&quot;,&quot;sizes&quot;:[]}}\" data-widget_type=\"posts.cards\">\n\t\t\t\t<div class=\"elementor-widget-container\">\n\t\t\t\t\t\t\t<div class=\"elementor-posts-container elementor-posts elementor-posts--skin-cards elementor-grid\" role=\"list\">\n\t\t\t\t<article class=\"elementor-post elementor-grid-item post-13190 post type-post status-publish format-standard has-post-thumbnail hentry category-analysen category-blog category-gradido-konto\" role=\"listitem\">\n\t\t\t<div class=\"elementor-post__card\">\n\t\t\t\t<a class=\"elementor-post__thumbnail__link\" href=\"https:\/\/gradido.net\/pt\/bitcoin-aufstieg-und-grenzen-lektionen-fuer-gradido\/\" tabindex=\"-1\" ><div class=\"elementor-post__thumbnail\"><img fetchpriority=\"high\" decoding=\"async\" width=\"800\" height=\"450\" src=\"https:\/\/gradido.net\/wp-content\/uploads\/2026\/03\/BitCoin-Gradido-1024x576.jpg\" class=\"attachment-large size-large wp-image-13191\" alt=\"\" srcset=\"https:\/\/gradido.net\/wp-content\/uploads\/2026\/03\/BitCoin-Gradido-1024x576.jpg 1024w, https:\/\/gradido.net\/wp-content\/uploads\/2026\/03\/BitCoin-Gradido-300x169.jpg 300w, https:\/\/gradido.net\/wp-content\/uploads\/2026\/03\/BitCoin-Gradido-768x432.jpg 768w, https:\/\/gradido.net\/wp-content\/uploads\/2026\/03\/BitCoin-Gradido-1536x864.jpg 1536w, https:\/\/gradido.net\/wp-content\/uploads\/2026\/03\/BitCoin-Gradido-18x10.jpg 18w, https:\/\/gradido.net\/wp-content\/uploads\/2026\/03\/BitCoin-Gradido.jpg 1920w\" sizes=\"(max-width: 800px) 100vw, 800px\" \/><\/div><\/a>\n\t\t\t\t<div class=\"elementor-post__text\">\n\t\t\t\t<h3 class=\"elementor-post__title\">\n\t\t\t<a href=\"https:\/\/gradido.net\/pt\/bitcoin-aufstieg-und-grenzen-lektionen-fuer-gradido\/\" >\n\t\t\t\tBitcoin - ascens\u00e3o e limites: Li\u00e7\u00f5es para o Gradido\t\t\t<\/a>\n\t\t<\/h3>\n\t\t\t\t<div class=\"elementor-post__excerpt\">\n\t\t\t<p>A Bitcoin mostra que a cria\u00e7\u00e3o descentralizada de dinheiro fora dos bancos centrais \u00e9 poss\u00edvel e socialmente aceit\u00e1vel - e onde conduz um sistema que recompensa a escassez e o entesouramento em vez da circula\u00e7\u00e3o e do bem comum.<\/p>\n\t\t<\/div>\n\t\t\n\t\t<a class=\"elementor-post__read-more\" href=\"https:\/\/gradido.net\/pt\/bitcoin-aufstieg-und-grenzen-lektionen-fuer-gradido\/\" aria-label=\"Ler mais sobre Bitcoin - ascens\u00e3o e limites: Li\u00e7\u00f5es para o Gradido\" tabindex=\"-1\" >\n\t\t\tLeia mais\t\t<\/a>\n\n\t\t\t\t<\/div>\n\t\t\t\t<div class=\"elementor-post__meta-data\">\n\t\t\t\t\t<span class=\"elementor-post-date\">\n\t\t\t26 de mar\u00e7o de 2026\t\t<\/span>\n\t\t\t\t<\/div>\n\t\t\t\t\t<\/div>\n\t\t<\/article>\n\t\t\t\t<article class=\"elementor-post elementor-grid-item post-10371 post type-post status-publish format-standard has-post-thumbnail hentry category-blog category-community category-gradido-konto\" role=\"listitem\">\n\t\t\t<div class=\"elementor-post__card\">\n\t\t\t\t<a class=\"elementor-post__thumbnail__link\" href=\"https:\/\/gradido.net\/pt\/gemeinsam-wachsen-meilensteine-feiern-und-die-zukunft-gestalten\/\" tabindex=\"-1\" ><div class=\"elementor-post__thumbnail\"><img decoding=\"async\" width=\"800\" height=\"445\" src=\"https:\/\/gradido.net\/wp-content\/uploads\/2022\/12\/Test_fertig_1920-1024x569.jpg\" class=\"attachment-large size-large wp-image-6018\" alt=\"\" srcset=\"https:\/\/gradido.net\/wp-content\/uploads\/2022\/12\/Test_fertig_1920-1024x569.jpg 1024w, https:\/\/gradido.net\/wp-content\/uploads\/2022\/12\/Test_fertig_1920-300x167.jpg 300w, https:\/\/gradido.net\/wp-content\/uploads\/2022\/12\/Test_fertig_1920-768x427.jpg 768w, https:\/\/gradido.net\/wp-content\/uploads\/2022\/12\/Test_fertig_1920-1536x854.jpg 1536w, https:\/\/gradido.net\/wp-content\/uploads\/2022\/12\/Test_fertig_1920-18x10.jpg 18w, https:\/\/gradido.net\/wp-content\/uploads\/2022\/12\/Test_fertig_1920.jpg 1920w\" sizes=\"(max-width: 800px) 100vw, 800px\" \/><\/div><\/a>\n\t\t\t\t<div class=\"elementor-post__text\">\n\t\t\t\t<h3 class=\"elementor-post__title\">\n\t\t\t<a href=\"https:\/\/gradido.net\/pt\/gemeinsam-wachsen-meilensteine-feiern-und-die-zukunft-gestalten\/\" >\n\t\t\t\tCrescer juntos: celebrar marcos importantes e moldar o futuro\t\t\t<\/a>\n\t\t<\/h3>\n\t\t\t\t<div class=\"elementor-post__excerpt\">\n\t\t\t<p>Hoje, gostar\u00edamos de vos dar a conhecer - e a todos n\u00f3s - os marcos que alcan\u00e7\u00e1mos juntos nos \u00faltimos anos e o que nos espera nos pr\u00f3ximos doze meses<\/p>\n\t\t<\/div>\n\t\t\n\t\t<a class=\"elementor-post__read-more\" href=\"https:\/\/gradido.net\/pt\/gemeinsam-wachsen-meilensteine-feiern-und-die-zukunft-gestalten\/\" aria-label=\"Ler mais sobre Crescer juntos: celebrar marcos importantes e moldar o futuro\" tabindex=\"-1\" >\n\t\t\tLeia mais\t\t<\/a>\n\n\t\t\t\t<\/div>\n\t\t\t\t<div class=\"elementor-post__meta-data\">\n\t\t\t\t\t<span class=\"elementor-post-date\">\n\t\t\t11 de maio de 2025\t\t<\/span>\n\t\t\t\t<\/div>\n\t\t\t\t\t<\/div>\n\t\t<\/article>\n\t\t\t\t<article class=\"elementor-post elementor-grid-item post-10264 post type-post status-publish format-standard has-post-thumbnail hentry category-blog category-community category-gradido-konto tag-bild-oben\" role=\"listitem\">\n\t\t\t<div class=\"elementor-post__card\">\n\t\t\t\t<a class=\"elementor-post__thumbnail__link\" href=\"https:\/\/gradido.net\/pt\/gms1\/\" tabindex=\"-1\" ><div class=\"elementor-post__thumbnail\"><img decoding=\"async\" width=\"800\" height=\"366\" src=\"https:\/\/gradido.net\/wp-content\/uploads\/2025\/04\/GMS_Banner-1024x469.jpg\" class=\"attachment-large size-large wp-image-10265\" alt=\"\" srcset=\"https:\/\/gradido.net\/wp-content\/uploads\/2025\/04\/GMS_Banner-1024x469.jpg 1024w, https:\/\/gradido.net\/wp-content\/uploads\/2025\/04\/GMS_Banner-300x138.jpg 300w, https:\/\/gradido.net\/wp-content\/uploads\/2025\/04\/GMS_Banner-768x352.jpg 768w, https:\/\/gradido.net\/wp-content\/uploads\/2025\/04\/GMS_Banner-1536x704.jpg 1536w, https:\/\/gradido.net\/wp-content\/uploads\/2025\/04\/GMS_Banner-18x8.jpg 18w, https:\/\/gradido.net\/wp-content\/uploads\/2025\/04\/GMS_Banner.jpg 1920w\" sizes=\"(max-width: 800px) 100vw, 800px\" \/><\/div><\/a>\n\t\t\t\t<div class=\"elementor-post__text\">\n\t\t\t\t<h3 class=\"elementor-post__title\">\n\t\t\t<a href=\"https:\/\/gradido.net\/pt\/gms1\/\" >\n\t\t\t\tJuntos em vez de solit\u00e1rios - encontre pessoas com a mesma opini\u00e3o na sua vizinhan\u00e7a\t\t\t<\/a>\n\t\t<\/h3>\n\t\t\t\t<div class=\"elementor-post__excerpt\">\n\t\t\t<p>Tamb\u00e9m conhece este sentimento? Est\u00e1 totalmente empenhado na paz, na liberdade e num futuro que valha a pena viver em harmonia com a natureza. Mas, por vezes, sente-se sozinho no seu caminho porque n\u00e3o sabe onde vivem as pessoas que partilham os seus valores e vis\u00f5es na sua vizinhan\u00e7a. Agora h\u00e1 uma solu\u00e7\u00e3o simples...<\/p>\n\t\t<\/div>\n\t\t\n\t\t<a class=\"elementor-post__read-more\" href=\"https:\/\/gradido.net\/pt\/gms1\/\" aria-label=\"Ler mais sobre Juntos em vez de solit\u00e1rios - Encontre pessoas com os mesmos interesses no seu bairro\" tabindex=\"-1\" >\n\t\t\tLeia mais\t\t<\/a>\n\n\t\t\t\t<\/div>\n\t\t\t\t<div class=\"elementor-post__meta-data\">\n\t\t\t\t\t<span class=\"elementor-post-date\">\n\t\t\t16 de abril de 2025\t\t<\/span>\n\t\t\t\t<\/div>\n\t\t\t\t\t<\/div>\n\t\t<\/article>\n\t\t\t\t<article class=\"elementor-post elementor-grid-item post-9649 post type-post status-publish format-standard has-post-thumbnail hentry category-blog category-community category-gradido-konto\" role=\"listitem\">\n\t\t\t<div class=\"elementor-post__card\">\n\t\t\t\t<a class=\"elementor-post__thumbnail__link\" href=\"https:\/\/gradido.net\/pt\/welches-grundeinkommen-ist-das-richtige\/\" tabindex=\"-1\" ><div class=\"elementor-post__thumbnail\"><img loading=\"lazy\" decoding=\"async\" width=\"800\" height=\"300\" src=\"https:\/\/gradido.net\/wp-content\/uploads\/2020\/09\/grundeinkommen-statt-existenzangst-1024x384.jpg\" class=\"attachment-large size-large wp-image-833\" alt=\"\" srcset=\"https:\/\/gradido.net\/wp-content\/uploads\/2020\/09\/grundeinkommen-statt-existenzangst-1024x384.jpg 1024w, https:\/\/gradido.net\/wp-content\/uploads\/2020\/09\/grundeinkommen-statt-existenzangst-300x113.jpg 300w, https:\/\/gradido.net\/wp-content\/uploads\/2020\/09\/grundeinkommen-statt-existenzangst-768x288.jpg 768w, https:\/\/gradido.net\/wp-content\/uploads\/2020\/09\/grundeinkommen-statt-existenzangst.jpg 1344w\" sizes=\"(max-width: 800px) 100vw, 800px\" \/><\/div><\/a>\n\t\t\t\t<div class=\"elementor-post__text\">\n\t\t\t\t<h3 class=\"elementor-post__title\">\n\t\t\t<a href=\"https:\/\/gradido.net\/pt\/welches-grundeinkommen-ist-das-richtige\/\" >\n\t\t\t\tQual \u00e9 o rendimento b\u00e1sico correto?\t\t\t<\/a>\n\t\t<\/h3>\n\t\t\t\t<div class=\"elementor-post__excerpt\">\n\t\t\t<p>A profunda satisfa\u00e7\u00e3o que adv\u00e9m de poder contribuir para o bem comum e os efeitos positivos associados ao desenvolvimento do potencial, \u00e0 qualidade de vida, \u00e0 felicidade e \u00e0 sa\u00fade fazem com que sejamos claramente a favor do Rendimento B\u00e1sico Ativo.<\/p>\n\t\t<\/div>\n\t\t\n\t\t<a class=\"elementor-post__read-more\" href=\"https:\/\/gradido.net\/pt\/welches-grundeinkommen-ist-das-richtige\/\" aria-label=\"Ler mais sobre Qual \u00e9 o rendimento b\u00e1sico correto?\" tabindex=\"-1\" >\n\t\t\tLeia mais\t\t<\/a>\n\n\t\t\t\t<\/div>\n\t\t\t\t<div class=\"elementor-post__meta-data\">\n\t\t\t\t\t<span class=\"elementor-post-date\">\n\t\t\t18 de outubro de 2024\t\t<\/span>\n\t\t\t\t<\/div>\n\t\t\t\t\t<\/div>\n\t\t<\/article>\n\t\t\t\t<article class=\"elementor-post elementor-grid-item post-9621 post type-post status-publish format-standard has-post-thumbnail hentry category-blog category-community category-gradido-konto tag-bild-oben\" role=\"listitem\">\n\t\t\t<div class=\"elementor-post__card\">\n\t\t\t\t<a class=\"elementor-post__thumbnail__link\" href=\"https:\/\/gradido.net\/pt\/sichere-video-meetings-in-den-gradido-kreisen\/\" tabindex=\"-1\" ><div class=\"elementor-post__thumbnail\"><img loading=\"lazy\" decoding=\"async\" width=\"800\" height=\"416\" src=\"https:\/\/gradido.net\/wp-content\/uploads\/2024\/10\/Video-Meeting-1024x533.jpg\" class=\"attachment-large size-large wp-image-9622\" alt=\"\" srcset=\"https:\/\/gradido.net\/wp-content\/uploads\/2024\/10\/Video-Meeting-1024x533.jpg 1024w, https:\/\/gradido.net\/wp-content\/uploads\/2024\/10\/Video-Meeting-300x156.jpg 300w, https:\/\/gradido.net\/wp-content\/uploads\/2024\/10\/Video-Meeting-768x400.jpg 768w, https:\/\/gradido.net\/wp-content\/uploads\/2024\/10\/Video-Meeting-1536x800.jpg 1536w, https:\/\/gradido.net\/wp-content\/uploads\/2024\/10\/Video-Meeting-18x9.jpg 18w, https:\/\/gradido.net\/wp-content\/uploads\/2024\/10\/Video-Meeting.jpg 1920w\" sizes=\"(max-width: 800px) 100vw, 800px\" \/><\/div><\/a>\n\t\t\t\t<div class=\"elementor-post__text\">\n\t\t\t\t<h3 class=\"elementor-post__title\">\n\t\t\t<a href=\"https:\/\/gradido.net\/pt\/sichere-video-meetings-in-den-gradido-kreisen\/\" >\n\t\t\t\tReuni\u00f5es de v\u00eddeo seguras nos c\u00edrculos Gradido\t\t\t<\/a>\n\t\t<\/h3>\n\t\t\t\t<div class=\"elementor-post__excerpt\">\n\t\t\t<p>Na Gradido, damos grande import\u00e2ncia \u00e0 prote\u00e7\u00e3o dos seus dados. A partir de agora, pode realizar videoconfer\u00eancias seguras, em conformidade com o RGPD, dentro dos c\u00edrculos Gradido nos servidores alem\u00e3es ou austr\u00edacos da Fairkom, sem que mais ningu\u00e9m oi\u00e7a. <\/p>\n\t\t<\/div>\n\t\t\n\t\t<a class=\"elementor-post__read-more\" href=\"https:\/\/gradido.net\/pt\/sichere-video-meetings-in-den-gradido-kreisen\/\" aria-label=\"Ler mais sobre Reuni\u00f5es de v\u00eddeo seguras nos c\u00edrculos Gradido\" tabindex=\"-1\" >\n\t\t\tLeia mais\t\t<\/a>\n\n\t\t\t\t<\/div>\n\t\t\t\t<div class=\"elementor-post__meta-data\">\n\t\t\t\t\t<span class=\"elementor-post-date\">\n\t\t\t10 de outubro de 2024\t\t<\/span>\n\t\t\t\t<\/div>\n\t\t\t\t\t<\/div>\n\t\t<\/article>\n\t\t\t\t<article class=\"elementor-post elementor-grid-item post-9470 post type-post status-publish format-standard has-post-thumbnail hentry category-blog category-community category-gradido-konto\" role=\"listitem\">\n\t\t\t<div class=\"elementor-post__card\">\n\t\t\t\t<a class=\"elementor-post__thumbnail__link\" href=\"https:\/\/gradido.net\/pt\/entdecke-die-neuen-gradido-kreise\/\" tabindex=\"-1\" ><div class=\"elementor-post__thumbnail\"><img loading=\"lazy\" decoding=\"async\" width=\"800\" height=\"450\" src=\"https:\/\/gradido.net\/wp-content\/uploads\/2024\/09\/Gradido-Kreise-1024x576.jpg\" class=\"attachment-large size-large wp-image-9472\" alt=\"\" srcset=\"https:\/\/gradido.net\/wp-content\/uploads\/2024\/09\/Gradido-Kreise-1024x576.jpg 1024w, https:\/\/gradido.net\/wp-content\/uploads\/2024\/09\/Gradido-Kreise-300x169.jpg 300w, https:\/\/gradido.net\/wp-content\/uploads\/2024\/09\/Gradido-Kreise-768x432.jpg 768w, https:\/\/gradido.net\/wp-content\/uploads\/2024\/09\/Gradido-Kreise-18x10.jpg 18w, https:\/\/gradido.net\/wp-content\/uploads\/2024\/09\/Gradido-Kreise.jpg 1280w\" sizes=\"(max-width: 800px) 100vw, 800px\" \/><\/div><\/a>\n\t\t\t\t<div class=\"elementor-post__text\">\n\t\t\t\t<h3 class=\"elementor-post__title\">\n\t\t\t<a href=\"https:\/\/gradido.net\/pt\/entdecke-die-neuen-gradido-kreise\/\" >\n\t\t\t\tDescubra os novos c\u00edrculos Gradido\t\t\t<\/a>\n\t\t<\/h3>\n\t\t\t\t<div class=\"elementor-post__excerpt\">\n\t\t\t<p>J\u00e1 a viste? Desde o final de maio que temos a nossa nova plataforma comunit\u00e1ria, a que chamamos Gradido Circles. Agora pode comunicar com outros participantes do Gradido em espa\u00e7os seguros (chamados \"Spaces\") e ficar cada vez mais em contacto.<\/p>\n\t\t<\/div>\n\t\t\n\t\t<a class=\"elementor-post__read-more\" href=\"https:\/\/gradido.net\/pt\/entdecke-die-neuen-gradido-kreise\/\" aria-label=\"Ler mais sobre Descubra os novos c\u00edrculos Gradido\" tabindex=\"-1\" >\n\t\t\tLeia mais\t\t<\/a>\n\n\t\t\t\t<\/div>\n\t\t\t\t<div class=\"elementor-post__meta-data\">\n\t\t\t\t\t<span class=\"elementor-post-date\">\n\t\t\t30 de agosto de 2024\t\t<\/span>\n\t\t\t\t<\/div>\n\t\t\t\t\t<\/div>\n\t\t<\/article>\n\t\t\t\t<article class=\"elementor-post elementor-grid-item post-8075 post type-post status-publish format-standard has-post-thumbnail hentry category-blog category-gradido-konto\" role=\"listitem\">\n\t\t\t<div class=\"elementor-post__card\">\n\t\t\t\t<a class=\"elementor-post__thumbnail__link\" href=\"https:\/\/gradido.net\/pt\/gradido-2-0-dezentrale-gradido-server\/\" tabindex=\"-1\" ><div class=\"elementor-post__thumbnail\"><img loading=\"lazy\" decoding=\"async\" width=\"800\" height=\"500\" src=\"https:\/\/gradido.net\/wp-content\/uploads\/2023\/11\/Dezentrale_Server_1920-1024x640.jpg\" class=\"attachment-large size-large wp-image-8076\" alt=\"\" srcset=\"https:\/\/gradido.net\/wp-content\/uploads\/2023\/11\/Dezentrale_Server_1920-1024x640.jpg 1024w, https:\/\/gradido.net\/wp-content\/uploads\/2023\/11\/Dezentrale_Server_1920-300x188.jpg 300w, https:\/\/gradido.net\/wp-content\/uploads\/2023\/11\/Dezentrale_Server_1920-768x480.jpg 768w, https:\/\/gradido.net\/wp-content\/uploads\/2023\/11\/Dezentrale_Server_1920-1536x960.jpg 1536w, https:\/\/gradido.net\/wp-content\/uploads\/2023\/11\/Dezentrale_Server_1920-18x12.jpg 18w, https:\/\/gradido.net\/wp-content\/uploads\/2023\/11\/Dezentrale_Server_1920.jpg 1920w\" sizes=\"(max-width: 800px) 100vw, 800px\" \/><\/div><\/a>\n\t\t\t\t<div class=\"elementor-post__text\">\n\t\t\t\t<h3 class=\"elementor-post__title\">\n\t\t\t<a href=\"https:\/\/gradido.net\/pt\/gradido-2-0-dezentrale-gradido-server\/\" >\n\t\t\t\tGradido 2.0 - Servidor Gradido descentralizado\t\t\t<\/a>\n\t\t<\/h3>\n\t\t\t\t<div class=\"elementor-post__excerpt\">\n\t\t\t<p>O Gradido descentraliza-se! Com o Gradido 2.0, podemos agora satisfazer o desejo de muitos participantes de organizar a sua comunidade de forma aut\u00f3noma. Isto aproxima-nos um grande passo do sonho de um sistema de remunera\u00e7\u00e3o humano e descentralizado.<\/p>\n\t\t<\/div>\n\t\t\n\t\t<a class=\"elementor-post__read-more\" href=\"https:\/\/gradido.net\/pt\/gradido-2-0-dezentrale-gradido-server\/\" aria-label=\"Ler mais sobre Gradido 2.0 - Servidor Gradido descentralizado\" tabindex=\"-1\" >\n\t\t\tLeia mais\t\t<\/a>\n\n\t\t\t\t<\/div>\n\t\t\t\t<div class=\"elementor-post__meta-data\">\n\t\t\t\t\t<span class=\"elementor-post-date\">\n\t\t\t1 de novembro de 2023\t\t<\/span>\n\t\t\t\t<\/div>\n\t\t\t\t\t<\/div>\n\t\t<\/article>\n\t\t\t\t<article class=\"elementor-post elementor-grid-item post-6837 post type-post status-publish format-standard has-post-thumbnail hentry category-blog category-community category-gradido-konto tag-bild-oben\" role=\"listitem\">\n\t\t\t<div class=\"elementor-post__card\">\n\t\t\t\t<a class=\"elementor-post__thumbnail__link\" href=\"https:\/\/gradido.net\/pt\/webinar-wohlstand-und-frieden-fuer-die-menschheitsfamilie\/\" tabindex=\"-1\" ><div class=\"elementor-post__thumbnail\"><img loading=\"lazy\" decoding=\"async\" width=\"800\" height=\"377\" src=\"https:\/\/gradido.net\/wp-content\/uploads\/2023\/06\/Webinar-1024x482.png\" class=\"attachment-large size-large wp-image-6838\" alt=\"\" srcset=\"https:\/\/gradido.net\/wp-content\/uploads\/2023\/06\/Webinar-1024x482.png 1024w, https:\/\/gradido.net\/wp-content\/uploads\/2023\/06\/Webinar-300x141.png 300w, https:\/\/gradido.net\/wp-content\/uploads\/2023\/06\/Webinar-768x362.png 768w, https:\/\/gradido.net\/wp-content\/uploads\/2023\/06\/Webinar-1536x723.png 1536w, https:\/\/gradido.net\/wp-content\/uploads\/2023\/06\/Webinar-2048x964.png 2048w, https:\/\/gradido.net\/wp-content\/uploads\/2023\/06\/Webinar-18x8.png 18w\" sizes=\"(max-width: 800px) 100vw, 800px\" \/><\/div><\/a>\n\t\t\t\t<div class=\"elementor-post__text\">\n\t\t\t\t<h3 class=\"elementor-post__title\">\n\t\t\t<a href=\"https:\/\/gradido.net\/pt\/webinar-wohlstand-und-frieden-fuer-die-menschheitsfamilie\/\" >\n\t\t\t\tWebinar: Prosperidade e paz para a fam\u00edlia humana\t\t\t<\/a>\n\t\t<\/h3>\n\t\t\t\t<div class=\"elementor-post__excerpt\">\n\t\t\t<p>O lend\u00e1rio webinar com o fundador da Gradido: Ir\u00e1 obter um conhecimento profundo sobre os erros fatais do velho sistema monet\u00e1rio, a \u00fanica solu\u00e7\u00e3o sensata baseada no modelo da natureza e o guia perfeito sobre como moldar o futuro de forma activa e alegre. - H\u00c1 NOVAS DATAS!<\/p>\n\t\t<\/div>\n\t\t\n\t\t<a class=\"elementor-post__read-more\" href=\"https:\/\/gradido.net\/pt\/webinar-wohlstand-und-frieden-fuer-die-menschheitsfamilie\/\" aria-label=\"Ler mais sobre Webinar: Prosperidade e paz para a fam\u00edlia humana\" tabindex=\"-1\" >\n\t\t\tLeia mais\t\t<\/a>\n\n\t\t\t\t<\/div>\n\t\t\t\t<div class=\"elementor-post__meta-data\">\n\t\t\t\t\t<span class=\"elementor-post-date\">\n\t\t\t10 de Junho de 2023\t\t<\/span>\n\t\t\t\t<\/div>\n\t\t\t\t\t<\/div>\n\t\t<\/article>\n\t\t\t\t<article class=\"elementor-post elementor-grid-item post-6490 post type-post status-publish format-standard has-post-thumbnail hentry category-blog category-gradido-konto\" role=\"listitem\">\n\t\t\t<div class=\"elementor-post__card\">\n\t\t\t\t<a class=\"elementor-post__thumbnail__link\" href=\"https:\/\/gradido.net\/pt\/gradido-zu-dankbar-umrechner\/\" tabindex=\"-1\" ><div class=\"elementor-post__thumbnail\"><img loading=\"lazy\" decoding=\"async\" width=\"800\" height=\"502\" src=\"https:\/\/gradido.net\/wp-content\/uploads\/2023\/04\/Umrechner-1024x642.jpg\" class=\"attachment-large size-large wp-image-6499\" alt=\"\" srcset=\"https:\/\/gradido.net\/wp-content\/uploads\/2023\/04\/Umrechner-1024x642.jpg 1024w, https:\/\/gradido.net\/wp-content\/uploads\/2023\/04\/Umrechner-300x188.jpg 300w, https:\/\/gradido.net\/wp-content\/uploads\/2023\/04\/Umrechner-768x481.jpg 768w, https:\/\/gradido.net\/wp-content\/uploads\/2023\/04\/Umrechner-18x12.jpg 18w, https:\/\/gradido.net\/wp-content\/uploads\/2023\/04\/Umrechner.jpg 1500w\" sizes=\"(max-width: 800px) 100vw, 800px\" \/><\/div><\/a>\n\t\t\t\t<div class=\"elementor-post__text\">\n\t\t\t\t<h3 class=\"elementor-post__title\">\n\t\t\t<a href=\"https:\/\/gradido.net\/pt\/gradido-zu-dankbar-umrechner\/\" >\n\t\t\t\tAplica\u00e7\u00e3o Calculadora de Gradido Pr\u00e1tico\t\t\t<\/a>\n\t\t<\/h3>\n\t\t\t\t<div class=\"elementor-post__excerpt\">\n\t\t\t<p>Todas as fun\u00e7\u00f5es de c\u00e1lculo necess\u00e1rias para o Gradido numa s\u00f3 aplica\u00e7\u00e3o. A calculadora calcula automaticamente o montante bruto e l\u00edquido em euros, o desconto Gradido, o montante Gradido e o DankBar \u00e0 taxa di\u00e1ria. O bot\u00e3o \"DankBar para GDD\" converte um montante DankBar em GDD.<\/p>\n\t\t<\/div>\n\t\t\n\t\t<a class=\"elementor-post__read-more\" href=\"https:\/\/gradido.net\/pt\/gradido-zu-dankbar-umrechner\/\" aria-label=\"Ler mais sobre a aplica\u00e7\u00e3o Calculadora de Gradido Pr\u00e1tico\" tabindex=\"-1\" >\n\t\t\tLeia mais\t\t<\/a>\n\n\t\t\t\t<\/div>\n\t\t\t\t<div class=\"elementor-post__meta-data\">\n\t\t\t\t\t<span class=\"elementor-post-date\">\n\t\t\t10 de Maio de 2023\t\t<\/span>\n\t\t\t\t<\/div>\n\t\t\t\t\t<\/div>\n\t\t<\/article>\n\t\t\t\t<article class=\"elementor-post elementor-grid-item post-6374 post type-post status-publish format-standard has-post-thumbnail hentry category-blog category-gradido-konto\" role=\"listitem\">\n\t\t\t<div class=\"elementor-post__card\">\n\t\t\t\t<a class=\"elementor-post__thumbnail__link\" href=\"https:\/\/gradido.net\/pt\/dankschecks-selbst-gestalten\/\" tabindex=\"-1\" ><div class=\"elementor-post__thumbnail\"><img loading=\"lazy\" decoding=\"async\" width=\"700\" height=\"400\" src=\"https:\/\/gradido.net\/wp-content\/uploads\/2023\/03\/Dankscheck.jpg\" class=\"attachment-large size-large wp-image-6375\" alt=\"\" srcset=\"https:\/\/gradido.net\/wp-content\/uploads\/2023\/03\/Dankscheck.jpg 700w, https:\/\/gradido.net\/wp-content\/uploads\/2023\/03\/Dankscheck-300x171.jpg 300w, https:\/\/gradido.net\/wp-content\/uploads\/2023\/03\/Dankscheck-18x10.jpg 18w\" sizes=\"(max-width: 700px) 100vw, 700px\" \/><\/div><\/a>\n\t\t\t\t<div class=\"elementor-post__text\">\n\t\t\t\t<h3 class=\"elementor-post__title\">\n\t\t\t<a href=\"https:\/\/gradido.net\/pt\/dankschecks-selbst-gestalten\/\" >\n\t\t\t\tDesenhe os seus pr\u00f3prios \"cheques de agradecimento\t\t\t<\/a>\n\t\t<\/h3>\n\t\t\t\t<div class=\"elementor-post__excerpt\">\n\t\t\t<p>E se pudesse simplesmente dar aos seus concidad\u00e3os um \"cheque de agradecimento\" com um c\u00f3digo QR? Eles podem troc\u00e1-lo agora ou mais tarde e os Gradidos ser\u00e3o automaticamente transferidos para a sua conta Gradido.<\/p>\n\t\t<\/div>\n\t\t\n\t\t<a class=\"elementor-post__read-more\" href=\"https:\/\/gradido.net\/pt\/dankschecks-selbst-gestalten\/\" aria-label=\"Leia mais sobre Desenhe os seus pr\u00f3prios cheques &#039;obrigado\" tabindex=\"-1\" >\n\t\t\tLeia mais\t\t<\/a>\n\n\t\t\t\t<\/div>\n\t\t\t\t<div class=\"elementor-post__meta-data\">\n\t\t\t\t\t<span class=\"elementor-post-date\">\n\t\t\t6 Mar\u00e7o 2023\t\t<\/span>\n\t\t\t\t<\/div>\n\t\t\t\t\t<\/div>\n\t\t<\/article>\n\t\t\t\t<article class=\"elementor-post elementor-grid-item post-6266 post type-post status-publish format-standard has-post-thumbnail hentry category-blog category-gradido-konto\" role=\"listitem\">\n\t\t\t<div class=\"elementor-post__card\">\n\t\t\t\t<a class=\"elementor-post__thumbnail__link\" href=\"https:\/\/gradido.net\/pt\/dankbar-jetzt-vorbestellen\/\" tabindex=\"-1\" ><div class=\"elementor-post__thumbnail\"><img loading=\"lazy\" decoding=\"async\" width=\"800\" height=\"452\" src=\"https:\/\/gradido.net\/wp-content\/uploads\/2023\/02\/20er-Muster_Blog_neu-1024x579.jpg\" class=\"attachment-large size-large wp-image-6340\" alt=\"\" srcset=\"https:\/\/gradido.net\/wp-content\/uploads\/2023\/02\/20er-Muster_Blog_neu-1024x579.jpg 1024w, https:\/\/gradido.net\/wp-content\/uploads\/2023\/02\/20er-Muster_Blog_neu-300x170.jpg 300w, https:\/\/gradido.net\/wp-content\/uploads\/2023\/02\/20er-Muster_Blog_neu-768x434.jpg 768w, https:\/\/gradido.net\/wp-content\/uploads\/2023\/02\/20er-Muster_Blog_neu-18x10.jpg 18w, https:\/\/gradido.net\/wp-content\/uploads\/2023\/02\/20er-Muster_Blog_neu.jpg 1150w\" sizes=\"(max-width: 800px) 100vw, 800px\" \/><\/div><\/a>\n\t\t\t\t<div class=\"elementor-post__text\">\n\t\t\t\t<h3 class=\"elementor-post__title\">\n\t\t\t<a href=\"https:\/\/gradido.net\/pt\/dankbar-jetzt-vorbestellen\/\" >\n\t\t\t\tEncomendar 'DankBar' - \u00e9 assim que funciona\t\t\t<\/a>\n\t\t<\/h3>\n\t\t\t\t<div class=\"elementor-post__excerpt\">\n\t\t\t<p>Em conjunto com a conta Gradido, que em breve permitir\u00e1 \u00e0s comunidades descentralizadas em rede, o 'DankBar' fornecer\u00e1 \u00e0 fam\u00edlia humana todas as op\u00e7\u00f5es de pagamento ou 'op\u00e7\u00f5es de agradecimento'.<\/p>\n\t\t<\/div>\n\t\t\n\t\t<a class=\"elementor-post__read-more\" href=\"https:\/\/gradido.net\/pt\/dankbar-jetzt-vorbestellen\/\" aria-label=\"Ler mais sobre Encomendar o &quot;DankBar&quot; - \u00e9 assim que funciona\" tabindex=\"-1\" >\n\t\t\tLeia mais\t\t<\/a>\n\n\t\t\t\t<\/div>\n\t\t\t\t<div class=\"elementor-post__meta-data\">\n\t\t\t\t\t<span class=\"elementor-post-date\">\n\t\t\t7 Fevereiro 2023\t\t<\/span>\n\t\t\t\t<\/div>\n\t\t\t\t\t<\/div>\n\t\t<\/article>\n\t\t\t\t<article class=\"elementor-post elementor-grid-item post-6206 post type-post status-publish format-standard has-post-thumbnail hentry category-blog category-gradido-konto\" role=\"listitem\">\n\t\t\t<div class=\"elementor-post__card\">\n\t\t\t\t<a class=\"elementor-post__thumbnail__link\" href=\"https:\/\/gradido.net\/pt\/gradido-konto-neues-design-ist-online\/\" tabindex=\"-1\" ><div class=\"elementor-post__thumbnail\"><img loading=\"lazy\" decoding=\"async\" width=\"800\" height=\"533\" src=\"https:\/\/gradido.net\/wp-content\/uploads\/2023\/01\/Neues_Design_online_Blog-1024x682.jpg\" class=\"attachment-large size-large wp-image-6207\" alt=\"\" srcset=\"https:\/\/gradido.net\/wp-content\/uploads\/2023\/01\/Neues_Design_online_Blog-1024x682.jpg 1024w, https:\/\/gradido.net\/wp-content\/uploads\/2023\/01\/Neues_Design_online_Blog-300x200.jpg 300w, https:\/\/gradido.net\/wp-content\/uploads\/2023\/01\/Neues_Design_online_Blog-768x512.jpg 768w, https:\/\/gradido.net\/wp-content\/uploads\/2023\/01\/Neues_Design_online_Blog-1536x1023.jpg 1536w, https:\/\/gradido.net\/wp-content\/uploads\/2023\/01\/Neues_Design_online_Blog-18x12.jpg 18w, https:\/\/gradido.net\/wp-content\/uploads\/2023\/01\/Neues_Design_online_Blog.jpg 1600w\" sizes=\"(max-width: 800px) 100vw, 800px\" \/><\/div><\/a>\n\t\t\t\t<div class=\"elementor-post__text\">\n\t\t\t\t<h3 class=\"elementor-post__title\">\n\t\t\t<a href=\"https:\/\/gradido.net\/pt\/gradido-konto-neues-design-ist-online\/\" >\n\t\t\t\tConta Gradido: novo desenho est\u00e1 online\t\t\t<\/a>\n\t\t<\/h3>\n\t\t\t\t<div class=\"elementor-post__excerpt\">\n\t\t\t<p>Acabamos de lan\u00e7ar o novo desenho para a conta Gradido. Esta \u00e9 uma das maiores actualiza\u00e7\u00f5es dos \u00faltimos meses, e al\u00e9m de um grande aspecto moderno, constitui a base para muitas fun\u00e7\u00f5es que se avizinham.<\/p>\n\t\t<\/div>\n\t\t\n\t\t<a class=\"elementor-post__read-more\" href=\"https:\/\/gradido.net\/pt\/gradido-konto-neues-design-ist-online\/\" aria-label=\"Leia mais sobre a conta Gradido: o novo design est\u00e1 online\" tabindex=\"-1\" >\n\t\t\tLeia mais\t\t<\/a>\n\n\t\t\t\t<\/div>\n\t\t\t\t<div class=\"elementor-post__meta-data\">\n\t\t\t\t\t<span class=\"elementor-post-date\">\n\t\t\t20 Janeiro 2023\t\t<\/span>\n\t\t\t\t<\/div>\n\t\t\t\t\t<\/div>\n\t\t<\/article>\n\t\t\t\t<article class=\"elementor-post elementor-grid-item post-6159 post type-post status-publish format-standard has-post-thumbnail hentry category-blog category-gradido-konto\" role=\"listitem\">\n\t\t\t<div class=\"elementor-post__card\">\n\t\t\t\t<a class=\"elementor-post__thumbnail__link\" href=\"https:\/\/gradido.net\/pt\/der-dankbar-kommt-gradido-in-scheinen\/\" tabindex=\"-1\" ><div class=\"elementor-post__thumbnail\"><img loading=\"lazy\" decoding=\"async\" width=\"800\" height=\"330\" src=\"https:\/\/gradido.net\/wp-content\/uploads\/2023\/01\/Bargeld-1024x423.jpg\" class=\"attachment-large size-large wp-image-6160\" alt=\"\" srcset=\"https:\/\/gradido.net\/wp-content\/uploads\/2023\/01\/Bargeld-1024x423.jpg 1024w, https:\/\/gradido.net\/wp-content\/uploads\/2023\/01\/Bargeld-300x124.jpg 300w, https:\/\/gradido.net\/wp-content\/uploads\/2023\/01\/Bargeld-768x317.jpg 768w, https:\/\/gradido.net\/wp-content\/uploads\/2023\/01\/Bargeld-18x7.jpg 18w, https:\/\/gradido.net\/wp-content\/uploads\/2023\/01\/Bargeld.jpg 1500w\" sizes=\"(max-width: 800px) 100vw, 800px\" \/><\/div><\/a>\n\t\t\t\t<div class=\"elementor-post__text\">\n\t\t\t\t<h3 class=\"elementor-post__title\">\n\t\t\t<a href=\"https:\/\/gradido.net\/pt\/der-dankbar-kommt-gradido-in-scheinen\/\" >\n\t\t\t\tO 'DankBar' est\u00e1 a chegar - Gradido em notas\t\t\t<\/a>\n\t\t<\/h3>\n\t\t\t\t<div class=\"elementor-post__excerpt\">\n\t\t\t<p>Dinheiro representa a liberdade sem controlo por parte das autoridades. Quando o Gradido \u00e9 introduzido, o Estado j\u00e1 n\u00e3o precisa de controlar as finan\u00e7as dos seus cidad\u00e3os, porque o or\u00e7amento p\u00fablico \u00e9 ent\u00e3o financiado - inteiramente sem impostos - pela segunda cria\u00e7\u00e3o de dinheiro.<\/p>\n\t\t<\/div>\n\t\t\n\t\t<a class=\"elementor-post__read-more\" href=\"https:\/\/gradido.net\/pt\/der-dankbar-kommt-gradido-in-scheinen\/\" aria-label=\"Leia mais sobre O &#039;DankBar&#039; est\u00e1 a chegar - Gradido em notas\" tabindex=\"-1\" >\n\t\t\tLeia mais\t\t<\/a>\n\n\t\t\t\t<\/div>\n\t\t\t\t<div class=\"elementor-post__meta-data\">\n\t\t\t\t\t<span class=\"elementor-post-date\">\n\t\t\t6 Janeiro 2023\t\t<\/span>\n\t\t\t\t<\/div>\n\t\t\t\t\t<\/div>\n\t\t<\/article>\n\t\t\t\t<article class=\"elementor-post elementor-grid-item post-6017 post type-post status-publish format-standard has-post-thumbnail hentry category-blog category-gradido-konto\" role=\"listitem\">\n\t\t\t<div class=\"elementor-post__card\">\n\t\t\t\t<a class=\"elementor-post__thumbnail__link\" href=\"https:\/\/gradido.net\/pt\/gradido-konto-2023-neues-design-und-dezentrale-communities\/\" tabindex=\"-1\" ><div class=\"elementor-post__thumbnail\"><img decoding=\"async\" width=\"800\" height=\"445\" src=\"https:\/\/gradido.net\/wp-content\/uploads\/2022\/12\/Test_fertig_1920-1024x569.jpg\" class=\"attachment-large size-large wp-image-6018\" alt=\"\" srcset=\"https:\/\/gradido.net\/wp-content\/uploads\/2022\/12\/Test_fertig_1920-1024x569.jpg 1024w, https:\/\/gradido.net\/wp-content\/uploads\/2022\/12\/Test_fertig_1920-300x167.jpg 300w, https:\/\/gradido.net\/wp-content\/uploads\/2022\/12\/Test_fertig_1920-768x427.jpg 768w, https:\/\/gradido.net\/wp-content\/uploads\/2022\/12\/Test_fertig_1920-1536x854.jpg 1536w, https:\/\/gradido.net\/wp-content\/uploads\/2022\/12\/Test_fertig_1920-18x10.jpg 18w, https:\/\/gradido.net\/wp-content\/uploads\/2022\/12\/Test_fertig_1920.jpg 1920w\" sizes=\"(max-width: 800px) 100vw, 800px\" \/><\/div><\/a>\n\t\t\t\t<div class=\"elementor-post__text\">\n\t\t\t\t<h3 class=\"elementor-post__title\">\n\t\t\t<a href=\"https:\/\/gradido.net\/pt\/gradido-konto-2023-neues-design-und-dezentrale-communities\/\" >\n\t\t\t\tGradido conta 2023: novo desenho e comunidades descentralizadas\t\t\t<\/a>\n\t\t<\/h3>\n\t\t\t\t<div class=\"elementor-post__excerpt\">\n\t\t\t<p>S\u00e3o muitas vezes as pessoas mais calmas que silenciosamente, diligentemente e com cora\u00e7\u00e3o e alma lan\u00e7am as bases para os desenvolvimentos hist\u00f3ricos. Os nossos programadores fizeram um grande trabalho de base no ano passado, que se concretizar\u00e1 em 2023.<\/p>\n\t\t<\/div>\n\t\t\n\t\t<a class=\"elementor-post__read-more\" href=\"https:\/\/gradido.net\/pt\/gradido-konto-2023-neues-design-und-dezentrale-communities\/\" aria-label=\"Leia mais sobre a conta Gradido 2023: novo design e comunidades descentralizadas\" tabindex=\"-1\" >\n\t\t\tLeia mais\t\t<\/a>\n\n\t\t\t\t<\/div>\n\t\t\t\t<div class=\"elementor-post__meta-data\">\n\t\t\t\t\t<span class=\"elementor-post-date\">\n\t\t\t1 Janeiro 2023\t\t<\/span>\n\t\t\t\t<\/div>\n\t\t\t\t\t<\/div>\n\t\t<\/article>\n\t\t\t\t<article class=\"elementor-post elementor-grid-item post-5422 post type-post status-publish format-standard has-post-thumbnail hentry category-blog category-community category-gradido-konto category-psychologie\" role=\"listitem\">\n\t\t\t<div class=\"elementor-post__card\">\n\t\t\t\t<a class=\"elementor-post__thumbnail__link\" href=\"https:\/\/gradido.net\/pt\/gemeinwohl-was-ist-das\/\" tabindex=\"-1\" ><div class=\"elementor-post__thumbnail\"><img loading=\"lazy\" decoding=\"async\" width=\"800\" height=\"534\" src=\"https:\/\/gradido.net\/wp-content\/uploads\/2022\/08\/Gemeinwohl-Blog2-1024x683.jpg\" class=\"attachment-large size-large wp-image-5476\" alt=\"\" srcset=\"https:\/\/gradido.net\/wp-content\/uploads\/2022\/08\/Gemeinwohl-Blog2-1024x683.jpg 1024w, https:\/\/gradido.net\/wp-content\/uploads\/2022\/08\/Gemeinwohl-Blog2-300x200.jpg 300w, https:\/\/gradido.net\/wp-content\/uploads\/2022\/08\/Gemeinwohl-Blog2-768x512.jpg 768w, https:\/\/gradido.net\/wp-content\/uploads\/2022\/08\/Gemeinwohl-Blog2-1536x1024.jpg 1536w, https:\/\/gradido.net\/wp-content\/uploads\/2022\/08\/Gemeinwohl-Blog2-18x12.jpg 18w, https:\/\/gradido.net\/wp-content\/uploads\/2022\/08\/Gemeinwohl-Blog2.jpg 1800w\" sizes=\"(max-width: 800px) 100vw, 800px\" \/><\/div><\/a>\n\t\t\t\t<div class=\"elementor-post__text\">\n\t\t\t\t<h3 class=\"elementor-post__title\">\n\t\t\t<a href=\"https:\/\/gradido.net\/pt\/gemeinwohl-was-ist-das\/\" >\n\t\t\t\tBem comum - o que \u00e9 isso?\t\t\t<\/a>\n\t\t<\/h3>\n\t\t\t\t<div class=\"elementor-post__excerpt\">\n\t\t\t<p>As boas contribui\u00e7\u00f5es comuns s\u00e3o tudo aquilo a que o senso comum chamaria voluntariado, trabalho volunt\u00e1rio, etc. - em oposi\u00e7\u00e3o \u00e0s contribui\u00e7\u00f5es individuais de uma pessoa para outra.<\/p>\n\t\t<\/div>\n\t\t\n\t\t<a class=\"elementor-post__read-more\" href=\"https:\/\/gradido.net\/pt\/gemeinwohl-was-ist-das\/\" aria-label=\"Leia mais sobre o bem comum - o que \u00e9 isso?\" tabindex=\"-1\" >\n\t\t\tLeia mais\t\t<\/a>\n\n\t\t\t\t<\/div>\n\t\t\t\t<div class=\"elementor-post__meta-data\">\n\t\t\t\t\t<span class=\"elementor-post-date\">\n\t\t\t9 Agosto 2022\t\t<\/span>\n\t\t\t\t<\/div>\n\t\t\t\t\t<\/div>\n\t\t<\/article>\n\t\t\t\t<article class=\"elementor-post elementor-grid-item post-5381 post type-post status-publish format-standard has-post-thumbnail hentry category-blog category-gradido-konto\" role=\"listitem\">\n\t\t\t<div class=\"elementor-post__card\">\n\t\t\t\t<a class=\"elementor-post__thumbnail__link\" href=\"https:\/\/gradido.net\/pt\/gemeinwohl-beitraege-jetzt-direkt-im-gradido-konto\/\" tabindex=\"-1\" ><div class=\"elementor-post__thumbnail\"><img loading=\"lazy\" decoding=\"async\" width=\"800\" height=\"450\" src=\"https:\/\/gradido.net\/wp-content\/uploads\/2022\/07\/Neues-Gradido-Konto.jpg\" class=\"attachment-large size-large wp-image-5382\" alt=\"\" srcset=\"https:\/\/gradido.net\/wp-content\/uploads\/2022\/07\/Neues-Gradido-Konto.jpg 800w, https:\/\/gradido.net\/wp-content\/uploads\/2022\/07\/Neues-Gradido-Konto-300x169.jpg 300w, https:\/\/gradido.net\/wp-content\/uploads\/2022\/07\/Neues-Gradido-Konto-768x432.jpg 768w, https:\/\/gradido.net\/wp-content\/uploads\/2022\/07\/Neues-Gradido-Konto-18x10.jpg 18w\" sizes=\"(max-width: 800px) 100vw, 800px\" \/><\/div><\/a>\n\t\t\t\t<div class=\"elementor-post__text\">\n\t\t\t\t<h3 class=\"elementor-post__title\">\n\t\t\t<a href=\"https:\/\/gradido.net\/pt\/gemeinwohl-beitraege-jetzt-direkt-im-gradido-konto\/\" >\n\t\t\t\tContribui\u00e7\u00f5es de bem comum agora directamente na conta Gradido\t\t\t<\/a>\n\t\t<\/h3>\n\t\t\t\t<div class=\"elementor-post__excerpt\">\n\t\t\t<p>A partir de agora, j\u00e1 n\u00e3o precisa de mudar para a \u00e1rea dos membros para entrar nas suas contribui\u00e7\u00f5es de Bem Comum. Pode agora submet\u00ea-los directamente \u00e0 sua conta Gradido e obter rapidamente o seu Rendimento B\u00e1sico Activo creditado.<\/p>\n\t\t<\/div>\n\t\t\n\t\t<a class=\"elementor-post__read-more\" href=\"https:\/\/gradido.net\/pt\/gemeinwohl-beitraege-jetzt-direkt-im-gradido-konto\/\" aria-label=\"Leia mais sobre as Boas Contribui\u00e7\u00f5es Comuns agora directamente na conta Gradido\" tabindex=\"-1\" >\n\t\t\tLeia mais\t\t<\/a>\n\n\t\t\t\t<\/div>\n\t\t\t\t<div class=\"elementor-post__meta-data\">\n\t\t\t\t\t<span class=\"elementor-post-date\">\n\t\t\t29 Julho 2022\t\t<\/span>\n\t\t\t\t<\/div>\n\t\t\t\t\t<\/div>\n\t\t<\/article>\n\t\t\t\t<article class=\"elementor-post elementor-grid-item post-4295 post type-post status-publish format-standard has-post-thumbnail hentry category-blog category-gradido-konto\" role=\"listitem\">\n\t\t\t<div class=\"elementor-post__card\">\n\t\t\t\t<a class=\"elementor-post__thumbnail__link\" href=\"https:\/\/gradido.net\/pt\/gradido-senden-ueber-telegram-co\/\" tabindex=\"-1\" ><div class=\"elementor-post__thumbnail\"><img loading=\"lazy\" decoding=\"async\" width=\"800\" height=\"500\" src=\"https:\/\/gradido.net\/wp-content\/uploads\/2022\/05\/Gradido_Telegram-1024x640.jpg\" class=\"attachment-large size-large wp-image-4296\" alt=\"\" srcset=\"https:\/\/gradido.net\/wp-content\/uploads\/2022\/05\/Gradido_Telegram-1024x640.jpg 1024w, https:\/\/gradido.net\/wp-content\/uploads\/2022\/05\/Gradido_Telegram-300x188.jpg 300w, https:\/\/gradido.net\/wp-content\/uploads\/2022\/05\/Gradido_Telegram-768x480.jpg 768w, https:\/\/gradido.net\/wp-content\/uploads\/2022\/05\/Gradido_Telegram-18x12.jpg 18w, https:\/\/gradido.net\/wp-content\/uploads\/2022\/05\/Gradido_Telegram.jpg 1440w\" sizes=\"(max-width: 800px) 100vw, 800px\" \/><\/div><\/a>\n\t\t\t\t<div class=\"elementor-post__text\">\n\t\t\t\t<h3 class=\"elementor-post__title\">\n\t\t\t<a href=\"https:\/\/gradido.net\/pt\/gradido-senden-ueber-telegram-co\/\" >\n\t\t\t\tEnviar Gradido via Telegram &amp; Co\t\t\t<\/a>\n\t\t<\/h3>\n\t\t\t\t<div class=\"elementor-post__excerpt\">\n\t\t\t<p>Sim, podemos facilmente enviar o Gradido via Telegrama! Com a liga\u00e7\u00e3o Gradido, enviar Gradido \u00e9 t\u00e3o f\u00e1cil como enviar uma mensagem de texto normal. Os seus destinat\u00e1rios n\u00e3o precisam sequer de ter uma conta Gradido. <\/p>\n\t\t<\/div>\n\t\t\n\t\t<a class=\"elementor-post__read-more\" href=\"https:\/\/gradido.net\/pt\/gradido-senden-ueber-telegram-co\/\" aria-label=\"Leia mais sobre o Send Gradido via Telegram &amp; Co\" tabindex=\"-1\" >\n\t\t\tLeia mais\t\t<\/a>\n\n\t\t\t\t<\/div>\n\t\t\t\t<div class=\"elementor-post__meta-data\">\n\t\t\t\t\t<span class=\"elementor-post-date\">\n\t\t\t10 de Maio de 2022\t\t<\/span>\n\t\t\t\t<\/div>\n\t\t\t\t\t<\/div>\n\t\t<\/article>\n\t\t\t\t<article class=\"elementor-post elementor-grid-item post-4292 post type-post status-publish format-standard has-post-thumbnail hentry category-blog category-gradido-konto\" role=\"listitem\">\n\t\t\t<div class=\"elementor-post__card\">\n\t\t\t\t<a class=\"elementor-post__thumbnail__link\" href=\"https:\/\/gradido.net\/pt\/live-gradido-senden-von-mensch-zu-mensch-mit-qr-code\/\" tabindex=\"-1\" ><div class=\"elementor-post__thumbnail\"><img loading=\"lazy\" decoding=\"async\" width=\"800\" height=\"500\" src=\"https:\/\/gradido.net\/wp-content\/uploads\/2022\/05\/WP_QR-Code-1024x640.jpg\" class=\"attachment-large size-large wp-image-4276\" alt=\"\" srcset=\"https:\/\/gradido.net\/wp-content\/uploads\/2022\/05\/WP_QR-Code-1024x640.jpg 1024w, https:\/\/gradido.net\/wp-content\/uploads\/2022\/05\/WP_QR-Code-300x188.jpg 300w, https:\/\/gradido.net\/wp-content\/uploads\/2022\/05\/WP_QR-Code-768x480.jpg 768w, https:\/\/gradido.net\/wp-content\/uploads\/2022\/05\/WP_QR-Code-18x12.jpg 18w, https:\/\/gradido.net\/wp-content\/uploads\/2022\/05\/WP_QR-Code.jpg 1440w\" sizes=\"(max-width: 800px) 100vw, 800px\" \/><\/div><\/a>\n\t\t\t\t<div class=\"elementor-post__text\">\n\t\t\t\t<h3 class=\"elementor-post__title\">\n\t\t\t<a href=\"https:\/\/gradido.net\/pt\/live-gradido-senden-von-mensch-zu-mensch-mit-qr-code\/\" >\n\t\t\t\tNovo: Enviar Gradido ao vivo de pessoa a pessoa - com c\u00f3digo QR\t\t\t<\/a>\n\t\t<\/h3>\n\t\t\t\t<div class=\"elementor-post__excerpt\">\n\t\t\t<p>Al\u00e9m da transfer\u00eancia banc\u00e1ria e da liga\u00e7\u00e3o Gradido, pode agora tamb\u00e9m enviar Gradidos com um c\u00f3digo QR. Directamente em contacto pessoal de pessoa a pessoa, transmite-se a vis\u00e3o de um novo sistema de vida - dinheiro que foi desenvolvido de acordo com os conceitos de sucesso da natureza que se provaram ao longo de milhares de milh\u00f5es de anos.<\/p>\n\t\t<\/div>\n\t\t\n\t\t<a class=\"elementor-post__read-more\" href=\"https:\/\/gradido.net\/pt\/live-gradido-senden-von-mensch-zu-mensch-mit-qr-code\/\" aria-label=\"Leia mais sobre New: Enviar Gradido ao vivo de pessoa a pessoa - com c\u00f3digo QR\" tabindex=\"-1\" >\n\t\t\tLeia mais\t\t<\/a>\n\n\t\t\t\t<\/div>\n\t\t\t\t<div class=\"elementor-post__meta-data\">\n\t\t\t\t\t<span class=\"elementor-post-date\">\n\t\t\t1 de Maio de 2022\t\t<\/span>\n\t\t\t\t<\/div>\n\t\t\t\t\t<\/div>\n\t\t<\/article>\n\t\t\t\t<article class=\"elementor-post elementor-grid-item post-4228 post type-post status-publish format-standard has-post-thumbnail hentry category-blog category-community category-gradido-konto\" role=\"listitem\">\n\t\t\t<div class=\"elementor-post__card\">\n\t\t\t\t<a class=\"elementor-post__thumbnail__link\" href=\"https:\/\/gradido.net\/pt\/gradido-link-erfahrungen-und-textvorschlaege\/\" tabindex=\"-1\" ><div class=\"elementor-post__thumbnail\"><img loading=\"lazy\" decoding=\"async\" width=\"800\" height=\"354\" src=\"https:\/\/gradido.net\/wp-content\/uploads\/2022\/04\/DANKE-1-1024x453.jpg\" class=\"attachment-large size-large wp-image-4231\" alt=\"\" srcset=\"https:\/\/gradido.net\/wp-content\/uploads\/2022\/04\/DANKE-1-1024x453.jpg 1024w, https:\/\/gradido.net\/wp-content\/uploads\/2022\/04\/DANKE-1-300x133.jpg 300w, https:\/\/gradido.net\/wp-content\/uploads\/2022\/04\/DANKE-1-768x340.jpg 768w, https:\/\/gradido.net\/wp-content\/uploads\/2022\/04\/DANKE-1-1536x680.jpg 1536w, https:\/\/gradido.net\/wp-content\/uploads\/2022\/04\/DANKE-1-18x8.jpg 18w, https:\/\/gradido.net\/wp-content\/uploads\/2022\/04\/DANKE-1.jpg 1600w\" sizes=\"(max-width: 800px) 100vw, 800px\" \/><\/div><\/a>\n\t\t\t\t<div class=\"elementor-post__text\">\n\t\t\t\t<h3 class=\"elementor-post__title\">\n\t\t\t<a href=\"https:\/\/gradido.net\/pt\/gradido-link-erfahrungen-und-textvorschlaege\/\" >\n\t\t\t\tGradido Link - Experi\u00eancias e sugest\u00f5es de texto\t\t\t<\/a>\n\t\t<\/h3>\n\t\t\t\t<div class=\"elementor-post__excerpt\">\n\t\t\t<p>Para que seja o mais f\u00e1cil poss\u00edvel para si, prepar\u00e1mos sugest\u00f5es de texto para os v\u00e1rios casos. Sinta-se \u00e0 vontade para os adaptar de acordo com os seus desejos e ideias.<\/p>\n\t\t<\/div>\n\t\t\n\t\t<a class=\"elementor-post__read-more\" href=\"https:\/\/gradido.net\/pt\/gradido-link-erfahrungen-und-textvorschlaege\/\" aria-label=\"Leia mais sobre Gradido-Link - Experi\u00eancias e sugest\u00f5es de texto\" tabindex=\"-1\" >\n\t\t\tLeia mais\t\t<\/a>\n\n\t\t\t\t<\/div>\n\t\t\t\t<div class=\"elementor-post__meta-data\">\n\t\t\t\t\t<span class=\"elementor-post-date\">\n\t\t\t24 Abril 2022\t\t<\/span>\n\t\t\t\t<\/div>\n\t\t\t\t\t<\/div>\n\t\t<\/article>\n\t\t\t\t<\/div>\n\t\t\n\t\t\t\t\t\t<\/div>\n\t\t\t\t<\/div>\n\t\t\t\t\t<\/div>\n\t\t<\/div>\n\t\t\t\t\t<\/div>\n\t\t<\/section>\n\t\t\t\t<\/div>","protected":false},"excerpt":{"rendered":"<p>Conta Gradido<\/p>","protected":false},"author":2,"featured_media":3960,"parent":704,"menu_order":0,"comment_status":"closed","ping_status":"closed","template":"","meta":{"footnotes":""},"class_list":["post-13623","page","type-page","status-publish","has-post-thumbnail","hentry"],"yoast_head":"<!-- This site is optimized with the Yoast SEO plugin v27.4 - https:\/\/yoast.com\/product\/yoast-seo-wordpress\/ -->\n<title>Gradido-Konto - Gradido<\/title>\n<meta name=\"description\" content=\"Aktuelles und Wissenswertes \u00fcber die neue Dankbarkeitsw\u00e4hrung\" \/>\n<meta name=\"robots\" content=\"index, follow, max-snippet:-1, max-image-preview:large, max-video-preview:-1\" \/>\n<link rel=\"canonical\" href=\"https:\/\/gradido.net\/pt\/blog\/gradido-konto\/\" \/>\n<meta property=\"og:locale\" content=\"pt_PT\" \/>\n<meta property=\"og:type\" content=\"article\" \/>\n<meta property=\"og:title\" content=\"Gradido-Konto - Gradido\" \/>\n<meta property=\"og:description\" content=\"Aktuelles und Wissenswertes \u00fcber die neue Dankbarkeitsw\u00e4hrung\" \/>\n<meta property=\"og:url\" content=\"https:\/\/gradido.net\/pt\/blog\/gradido-konto\/\" \/>\n<meta property=\"og:site_name\" content=\"Gradido\" \/>\n<meta property=\"article:modified_time\" content=\"2026-04-24T06:42:30+00:00\" \/>\n<meta property=\"og:image\" content=\"https:\/\/gradido.net\/wp-content\/uploads\/2022\/02\/blog.jpg\" \/>\n\t<meta property=\"og:image:width\" content=\"1920\" \/>\n\t<meta property=\"og:image:height\" content=\"450\" \/>\n\t<meta property=\"og:image:type\" content=\"image\/jpeg\" \/>\n<meta name=\"twitter:card\" content=\"summary_large_image\" \/>\n<meta name=\"twitter:label1\" content=\"Tempo estimado de leitura\" \/>\n\t<meta name=\"twitter:data1\" content=\"9 minutos\" \/>\n<script type=\"application\/ld+json\" class=\"yoast-schema-graph\">{\"@context\":\"https:\\\/\\\/schema.org\",\"@graph\":[{\"@type\":\"WebPage\",\"@id\":\"https:\\\/\\\/gradido.net\\\/de\\\/blog\\\/gradido-konto\\\/\",\"url\":\"https:\\\/\\\/gradido.net\\\/de\\\/blog\\\/gradido-konto\\\/\",\"name\":\"Gradido-Konto - Gradido\",\"isPartOf\":{\"@id\":\"https:\\\/\\\/gradido.net\\\/de\\\/#website\"},\"primaryImageOfPage\":{\"@id\":\"https:\\\/\\\/gradido.net\\\/de\\\/blog\\\/gradido-konto\\\/#primaryimage\"},\"image\":{\"@id\":\"https:\\\/\\\/gradido.net\\\/de\\\/blog\\\/gradido-konto\\\/#primaryimage\"},\"thumbnailUrl\":\"https:\\\/\\\/gradido.net\\\/wp-content\\\/uploads\\\/2022\\\/02\\\/blog.jpg\",\"datePublished\":\"2026-04-24T06:40:11+00:00\",\"dateModified\":\"2026-04-24T06:42:30+00:00\",\"description\":\"Aktuelles und Wissenswertes \u00fcber die neue Dankbarkeitsw\u00e4hrung\",\"breadcrumb\":{\"@id\":\"https:\\\/\\\/gradido.net\\\/de\\\/blog\\\/gradido-konto\\\/#breadcrumb\"},\"inLanguage\":\"pt-PT\",\"potentialAction\":[{\"@type\":\"ReadAction\",\"target\":[\"https:\\\/\\\/gradido.net\\\/de\\\/blog\\\/gradido-konto\\\/\"]}]},{\"@type\":\"ImageObject\",\"inLanguage\":\"pt-PT\",\"@id\":\"https:\\\/\\\/gradido.net\\\/de\\\/blog\\\/gradido-konto\\\/#primaryimage\",\"url\":\"https:\\\/\\\/gradido.net\\\/wp-content\\\/uploads\\\/2022\\\/02\\\/blog.jpg\",\"contentUrl\":\"https:\\\/\\\/gradido.net\\\/wp-content\\\/uploads\\\/2022\\\/02\\\/blog.jpg\",\"width\":1920,\"height\":450},{\"@type\":\"BreadcrumbList\",\"@id\":\"https:\\\/\\\/gradido.net\\\/de\\\/blog\\\/gradido-konto\\\/#breadcrumb\",\"itemListElement\":[{\"@type\":\"ListItem\",\"position\":1,\"name\":\"Startseite\",\"item\":\"https:\\\/\\\/gradido.net\\\/\"},{\"@type\":\"ListItem\",\"position\":2,\"name\":\"Blog\",\"item\":\"https:\\\/\\\/gradido.net\\\/blog\\\/\"},{\"@type\":\"ListItem\",\"position\":3,\"name\":\"Gradido-Konto\"}]},{\"@type\":\"WebSite\",\"@id\":\"https:\\\/\\\/gradido.net\\\/de\\\/#website\",\"url\":\"https:\\\/\\\/gradido.net\\\/de\\\/\",\"name\":\"Gradido\",\"description\":\"Die neue W\u00e4hrung hei\u00dft Dankbarkeit\",\"publisher\":{\"@id\":\"https:\\\/\\\/gradido.net\\\/de\\\/#organization\"},\"potentialAction\":[{\"@type\":\"SearchAction\",\"target\":{\"@type\":\"EntryPoint\",\"urlTemplate\":\"https:\\\/\\\/gradido.net\\\/de\\\/?s={search_term_string}\"},\"query-input\":{\"@type\":\"PropertyValueSpecification\",\"valueRequired\":true,\"valueName\":\"search_term_string\"}}],\"inLanguage\":\"pt-PT\"},{\"@type\":\"Organization\",\"@id\":\"https:\\\/\\\/gradido.net\\\/de\\\/#organization\",\"name\":\"Gradido\",\"url\":\"https:\\\/\\\/gradido.net\\\/de\\\/\",\"logo\":{\"@type\":\"ImageObject\",\"inLanguage\":\"pt-PT\",\"@id\":\"https:\\\/\\\/gradido.net\\\/de\\\/#\\\/schema\\\/logo\\\/image\\\/\",\"url\":\"https:\\\/\\\/gradido.net\\\/wp-content\\\/uploads\\\/2022\\\/04\\\/gradido-social.jpg\",\"contentUrl\":\"https:\\\/\\\/gradido.net\\\/wp-content\\\/uploads\\\/2022\\\/04\\\/gradido-social.jpg\",\"width\":527,\"height\":273,\"caption\":\"Gradido\"},\"image\":{\"@id\":\"https:\\\/\\\/gradido.net\\\/de\\\/#\\\/schema\\\/logo\\\/image\\\/\"}}]}<\/script>\n<!-- \/ Yoast SEO plugin. -->","yoast_head_json":{"title":"Conta Gradido - Gradido","description":"Not\u00edcias e factos interessantes sobre a nova moeda de gratid\u00e3o","robots":{"index":"index","follow":"follow","max-snippet":"max-snippet:-1","max-image-preview":"max-image-preview:large","max-video-preview":"max-video-preview:-1"},"canonical":"https:\/\/gradido.net\/pt\/blog\/gradido-konto\/","og_locale":"pt_PT","og_type":"article","og_title":"Gradido-Konto - Gradido","og_description":"Aktuelles und Wissenswertes \u00fcber die neue Dankbarkeitsw\u00e4hrung","og_url":"https:\/\/gradido.net\/pt\/blog\/gradido-konto\/","og_site_name":"Gradido","article_modified_time":"2026-04-24T06:42:30+00:00","og_image":[{"width":1920,"height":450,"url":"https:\/\/gradido.net\/wp-content\/uploads\/2022\/02\/blog.jpg","type":"image\/jpeg"}],"twitter_card":"summary_large_image","twitter_misc":{"Tempo estimado de leitura":"9 minutos"},"schema":{"@context":"https:\/\/schema.org","@graph":[{"@type":"WebPage","@id":"https:\/\/gradido.net\/de\/blog\/gradido-konto\/","url":"https:\/\/gradido.net\/de\/blog\/gradido-konto\/","name":"Conta Gradido - Gradido","isPartOf":{"@id":"https:\/\/gradido.net\/de\/#website"},"primaryImageOfPage":{"@id":"https:\/\/gradido.net\/de\/blog\/gradido-konto\/#primaryimage"},"image":{"@id":"https:\/\/gradido.net\/de\/blog\/gradido-konto\/#primaryimage"},"thumbnailUrl":"https:\/\/gradido.net\/wp-content\/uploads\/2022\/02\/blog.jpg","datePublished":"2026-04-24T06:40:11+00:00","dateModified":"2026-04-24T06:42:30+00:00","description":"Not\u00edcias e factos interessantes sobre a nova moeda de gratid\u00e3o","breadcrumb":{"@id":"https:\/\/gradido.net\/de\/blog\/gradido-konto\/#breadcrumb"},"inLanguage":"pt-PT","potentialAction":[{"@type":"ReadAction","target":["https:\/\/gradido.net\/de\/blog\/gradido-konto\/"]}]},{"@type":"ImageObject","inLanguage":"pt-PT","@id":"https:\/\/gradido.net\/de\/blog\/gradido-konto\/#primaryimage","url":"https:\/\/gradido.net\/wp-content\/uploads\/2022\/02\/blog.jpg","contentUrl":"https:\/\/gradido.net\/wp-content\/uploads\/2022\/02\/blog.jpg","width":1920,"height":450},{"@type":"BreadcrumbList","@id":"https:\/\/gradido.net\/de\/blog\/gradido-konto\/#breadcrumb","itemListElement":[{"@type":"ListItem","position":1,"name":"Startseite","item":"https:\/\/gradido.net\/"},{"@type":"ListItem","position":2,"name":"Blog","item":"https:\/\/gradido.net\/blog\/"},{"@type":"ListItem","position":3,"name":"Gradido-Konto"}]},{"@type":"WebSite","@id":"https:\/\/gradido.net\/de\/#website","url":"https:\/\/gradido.net\/de\/","name":"Gradido","description":"A nova moeda \u00e9 a gratid\u00e3o","publisher":{"@id":"https:\/\/gradido.net\/de\/#organization"},"potentialAction":[{"@type":"SearchAction","target":{"@type":"EntryPoint","urlTemplate":"https:\/\/gradido.net\/de\/?s={search_term_string}"},"query-input":{"@type":"PropertyValueSpecification","valueRequired":true,"valueName":"search_term_string"}}],"inLanguage":"pt-PT"},{"@type":"Organization","@id":"https:\/\/gradido.net\/de\/#organization","name":"Gradido","url":"https:\/\/gradido.net\/de\/","logo":{"@type":"ImageObject","inLanguage":"pt-PT","@id":"https:\/\/gradido.net\/de\/#\/schema\/logo\/image\/","url":"https:\/\/gradido.net\/wp-content\/uploads\/2022\/04\/gradido-social.jpg","contentUrl":"https:\/\/gradido.net\/wp-content\/uploads\/2022\/04\/gradido-social.jpg","width":527,"height":273,"caption":"Gradido"},"image":{"@id":"https:\/\/gradido.net\/de\/#\/schema\/logo\/image\/"}}]}},"_links":{"self":[{"href":"https:\/\/gradido.net\/pt\/wp-json\/wp\/v2\/pages\/13623","targetHints":{"allow":["GET"]}}],"collection":[{"href":"https:\/\/gradido.net\/pt\/wp-json\/wp\/v2\/pages"}],"about":[{"href":"https:\/\/gradido.net\/pt\/wp-json\/wp\/v2\/types\/page"}],"author":[{"embeddable":true,"href":"https:\/\/gradido.net\/pt\/wp-json\/wp\/v2\/users\/2"}],"replies":[{"embeddable":true,"href":"https:\/\/gradido.net\/pt\/wp-json\/wp\/v2\/comments?post=13623"}],"version-history":[{"count":7,"href":"https:\/\/gradido.net\/pt\/wp-json\/wp\/v2\/pages\/13623\/revisions"}],"predecessor-version":[{"id":13630,"href":"https:\/\/gradido.net\/pt\/wp-json\/wp\/v2\/pages\/13623\/revisions\/13630"}],"up":[{"embeddable":true,"href":"https:\/\/gradido.net\/pt\/wp-json\/wp\/v2\/pages\/704"}],"wp:featuredmedia":[{"embeddable":true,"href":"https:\/\/gradido.net\/pt\/wp-json\/wp\/v2\/media\/3960"}],"wp:attachment":[{"href":"https:\/\/gradido.net\/pt\/wp-json\/wp\/v2\/media?parent=13623"}],"curies":[{"name":"wp","href":"https:\/\/api.w.org\/{rel}","templated":true}]}}