{"id":3,"date":"2020-07-20T14:01:02","date_gmt":"2020-07-20T12:01:02","guid":{"rendered":"http:\/\/neu.gradido.net\/?page_id=3"},"modified":"2024-10-19T17:29:28","modified_gmt":"2024-10-19T15:29:28","slug":"datenschutz","status":"publish","type":"page","link":"https:\/\/gradido.net\/pt\/datenschutz\/","title":{"rendered":"Prote\u00e7\u00e3o de dados"},"content":{"rendered":"<div data-elementor-type=\"wp-page\" data-elementor-id=\"3\" class=\"elementor elementor-3\" data-elementor-post-type=\"page\">\n\t\t\t\t\t\t<section class=\"elementor-section elementor-top-section elementor-element elementor-element-5b5f22d elementor-section-full_width elementor-section-height-default elementor-section-height-default\" data-id=\"5b5f22d\" data-element_type=\"section\" data-e-type=\"section\">\n\t\t\t\t\t\t<div class=\"elementor-container elementor-column-gap-no\">\n\t\t\t\t\t<div class=\"elementor-column elementor-col-100 elementor-top-column elementor-element elementor-element-3b16e50\" data-id=\"3b16e50\" data-element_type=\"column\" data-e-type=\"column\">\n\t\t\t<div class=\"elementor-widget-wrap elementor-element-populated\">\n\t\t\t\t\t\t<div class=\"elementor-element elementor-element-c16d214 elementor--h-position-center elementor--v-position-middle elementor-arrows-position-inside elementor-widget elementor-widget-slides\" data-id=\"c16d214\" data-element_type=\"widget\" data-e-type=\"widget\" data-settings=\"{&quot;navigation&quot;:&quot;arrows&quot;,&quot;autoplay&quot;:&quot;yes&quot;,&quot;pause_on_hover&quot;:&quot;yes&quot;,&quot;pause_on_interaction&quot;:&quot;yes&quot;,&quot;autoplay_speed&quot;:5000,&quot;infinite&quot;:&quot;yes&quot;,&quot;transition&quot;:&quot;slide&quot;,&quot;transition_speed&quot;:500}\" data-widget_type=\"slides.default\">\n\t\t\t\t<div class=\"elementor-widget-container\">\n\t\t\t\t\t\t\t\t\t<div class=\"elementor-swiper\">\n\t\t\t\t\t<div class=\"elementor-slides-wrapper elementor-main-swiper swiper\" role=\"region\" aria-roledescription=\"carousel\" aria-label=\"\u0421\u043b\u0430\u0439\u0434\u043e\u0432\u0435\" dir=\"ltr\" data-animation=\"fadeInUp\" data-no-translation-aria-label=\"\">\n\t\t\t\t<div class=\"swiper-wrapper elementor-slides\">\n\t\t\t\t\t\t\t\t\t\t<div class=\"elementor-repeater-item-2de4990 swiper-slide\" role=\"group\" aria-roledescription=\"slide\"><div class=\"swiper-slide-bg\" role=\"img\" aria-label=\"slide-1\"><\/div><div class=\"swiper-slide-inner\" ><div class=\"swiper-slide-contents\"><\/div><\/div><\/div>\t\t\t\t<\/div>\n\t\t\t\t\t\t\t<\/div>\n\t\t\t\t<\/div>\n\t\t\t\t\t\t\t\t<\/div>\n\t\t\t\t<\/div>\n\t\t\t\t\t<\/div>\n\t\t<\/div>\n\t\t\t\t\t<\/div>\n\t\t<\/section>\n\t\t\t\t<section class=\"elementor-section elementor-top-section elementor-element elementor-element-2e8357b elementor-section-boxed elementor-section-height-default elementor-section-height-default\" data-id=\"2e8357b\" data-element_type=\"section\" data-e-type=\"section\" data-settings=\"{&quot;background_background&quot;:&quot;classic&quot;}\">\n\t\t\t\t\t\t<div class=\"elementor-container elementor-column-gap-default\">\n\t\t\t\t\t<div class=\"elementor-column elementor-col-100 elementor-top-column elementor-element elementor-element-205e0e7\" data-id=\"205e0e7\" data-element_type=\"column\" data-e-type=\"column\">\n\t\t\t<div class=\"elementor-widget-wrap elementor-element-populated\">\n\t\t\t\t\t\t<div class=\"elementor-element elementor-element-45992e9 elementor-widget elementor-widget-heading\" data-id=\"45992e9\" data-element_type=\"widget\" data-e-type=\"widget\" data-widget_type=\"heading.default\">\n\t\t\t\t<div class=\"elementor-widget-container\">\n\t\t\t\t\t<h1 class=\"elementor-heading-title elementor-size-default\">Pol\u00edtica de privacidade<br>\n<br><\/h1>\t\t\t\t<\/div>\n\t\t\t\t<\/div>\n\t\t\t\t\t<\/div>\n\t\t<\/div>\n\t\t\t\t\t<\/div>\n\t\t<\/section>\n\t\t\t\t<section class=\"elementor-section elementor-top-section elementor-element elementor-element-37c862b elementor-section-boxed elementor-section-height-default elementor-section-height-default\" data-id=\"37c862b\" data-element_type=\"section\" data-e-type=\"section\" data-settings=\"{&quot;background_background&quot;:&quot;classic&quot;}\">\n\t\t\t\t\t\t<div class=\"elementor-container elementor-column-gap-default\">\n\t\t\t\t\t<div class=\"elementor-column elementor-col-100 elementor-top-column elementor-element elementor-element-2b9f7e6\" data-id=\"2b9f7e6\" data-element_type=\"column\" data-e-type=\"column\">\n\t\t\t<div class=\"elementor-widget-wrap elementor-element-populated\">\n\t\t\t\t\t\t<div class=\"elementor-element elementor-element-c4106bb elementor-widget elementor-widget-text-editor\" data-id=\"c4106bb\" data-element_type=\"widget\" data-e-type=\"widget\" data-widget_type=\"text-editor.default\">\n\t\t\t\t<div class=\"elementor-widget-container\">\n\t\t\t\t\t\t\t\t\t<h2 class=\"p7\"><span class=\"s1\"><b>INTRODU\u00c7\u00c3O | PREFACIAR<\/b><\/span><\/h2><p class=\"p8\"><span class=\"s1\">Obrigado pelo seu interesse no site da Gradido Akademie. A confian\u00e7a de todos os visitantes e clientes, a seguran\u00e7a dos seus dados e a protec\u00e7\u00e3o da sua privacidade s\u00e3o importantes para n\u00f3s.<\/span><\/p><p class=\"p7\"><span class=\"s1\"><b>CONTE\u00daDO DA PRESENTE DECLARA\u00c7\u00c3O DE PROTEC\u00c7\u00c3O DE DADOS<\/b><\/span><\/p><p class=\"p8\"><span class=\"s1\">A seguir, gostar\u00edamos de lhe explicar quais os dados que n\u00f3s, como fornecedor deste website, recolhemos, processamos e utilizamos, quando e com que finalidade. \u00c9 explicado como funcionam os nossos produtos e servi\u00e7os digitais oferecidos e como \u00e9 garantida a protec\u00e7\u00e3o dos seus dados pessoais.<\/span><\/p><p class=\"p8\"><span class=\"s1\">A nossa declara\u00e7\u00e3o de protec\u00e7\u00e3o de dados \u00e9 - como se segue:<\/span><\/p><p class=\"p8\"><span class=\"s1\">Parte 1: NOTAS GERAIS<\/span><\/p><p class=\"p8\"><span class=\"s1\">Parte 2: USO DESTE WEB SITE<\/span><\/p><p class=\"p8\"><span class=\"s1\">Parte 3: COOKIES E FERRAMENTAS DE COMERCIALIZA\u00c7\u00c3O ONLINE<\/span><\/p><p class=\"p8\"><span class=\"s1\">Parte 4: INTEGRA\u00c7\u00c3O DE SERVI\u00c7OS E CONTE\u00daDO DE TERCEIROS (SERVI\u00c7OS E CONTE\u00daDO DE TERCEIROS)<\/span><\/p><p class=\"p8\"><span class=\"s1\">Parte 5: M\u00cdDIA SOCIAL PARTILHANDO BOT\u00d5ES<\/span><\/p><p class=\"p8\"><span class=\"s1\">Parte 6: MEMBROS &amp; AFILIADOS<\/span><\/p><p class=\"p8\"><span class=\"s1\">Parte 7: SEGURAN\u00c7A<\/span><\/p><p class=\"p8\"><span class=\"s1\">Parte 8: DIREITOS AFECTADOS<\/span><\/p><h2 class=\"p10\"><span class=\"s1\"><b>PARTE 1: INFORMA\u00c7\u00d5ES GERAIS<\/b><\/span><\/h2><p class=\"p7\"><span class=\"s1\"><b>\u00c2MBITO DE APLICA\u00c7\u00c3O<\/b><\/span><\/p><p class=\"p8\"><span class=\"s1\">Esta pol\u00edtica de privacidade esclarece os visitantes e utilizadores sobre a natureza, o \u00e2mbito e a finalidade da recolha e utiliza\u00e7\u00e3o de dados pessoais pelo fornecedor respons\u00e1vel deste s\u00edtio Web no s\u00edtio Web <a href=\"https:\/\/gradido.net\/pt\/\">https:\/\/gradido.net<\/a>\u00a0(doravante designado por \"Oferta\").<\/span><\/p><p class=\"p8\"><span class=\"s1\">Os seus dados pessoais ser\u00e3o protegidos no \u00e2mbito dos regulamentos legais de protec\u00e7\u00e3o de dados e ser\u00e3o tratados de acordo com esta declara\u00e7\u00e3o de protec\u00e7\u00e3o de dados - como se segue:<\/span><\/p><p class=\"p3\"><span class=\"s1\">Esta declara\u00e7\u00e3o de protec\u00e7\u00e3o de dados esclarece o tipo, \u00e2mbito e finalidade do tratamento de dados pessoais (doravante referidos como \"dados\") dentro da nossa oferta online e dos websites, fun\u00e7\u00f5es e conte\u00fados relacionados com a mesma, bem como presen\u00e7as online externas, tais como o nosso Perfil Social Media (doravante referidos colectivamente como \"oferta online\"). No que diz respeito aos termos utilizados, por exemplo \"processamento\" ou \"pessoa respons\u00e1vel\", remetemos para as seguintes defini\u00e7\u00f5es no Art. 4 do Regulamento B\u00e1sico de Protec\u00e7\u00e3o de Dados (DSGVO).<\/span><\/p><p class=\"p3\"><span class=\"s1\">\u00a0<\/span><\/p><p class=\"p3\"><span class=\"s1\">Respons\u00e1vel pela protec\u00e7\u00e3o de dados<\/span><\/p><p class=\"p3\"><span class=\"s1\">Bernd H\u00fcckst\u00e4dt<\/span><\/p><p class=\"p3\"><span class=\"s1\">\u2105 Academia Gradido - Instituto de Bi\u00f3nica Econ\u00f3mica<\/span><\/p><p class=\"p3\"><span class=\"s1\">Fundadora e desenvolvedora da Gradido<\/span><\/p><p class=\"p3\"><span class=\"s1\">Pfarrweg 2<\/span><\/p><p class=\"p3\"><span class=\"s1\">D 74653 K\u00fcnzelsau<\/span><\/p><p class=\"p3\"><span class=\"s1\">Aviso legal: https:\/\/gradido.de\/impressum\/<\/span><\/p><p class=\"p3\"><span class=\"s1\">\u00a0<\/span><\/p><p class=\"p7\"><span class=\"s1\"><b>DEFINI\u00c7\u00d5ES DOS TERMOS<\/b><\/span><\/p><p class=\"p13\"><span class=\"s1\"><b>DEFINI\u00c7\u00c3O DE DADOS PESSOAIS<\/b><\/span><\/p><p class=\"p14\"><span class=\"s1\">Dados pessoais s\u00e3o informa\u00e7\u00f5es que podem ser usadas para descobrir a sua identidade, tais como o seu nome, endere\u00e7o ou n\u00famero de telefone correcto.<\/span><\/p><p class=\"p14\"><span class=\"s1\">Esta \u00e9 uma informa\u00e7\u00e3o com a ajuda da qual uma pessoa pode ser identificada.<\/span><\/p><p class=\"p3\"><span class=\"s1\">Uma pessoa identific\u00e1vel \u00e9 aquela que pode ser identificada, directa ou indirectamente, em particular por refer\u00eancia a um identificador como um nome, um n\u00famero de identifica\u00e7\u00e3o, dados de localiza\u00e7\u00e3o, um identificador online (por exemplo, um cookie) ou um ou mais factores espec\u00edficos da identidade f\u00edsica, fisiol\u00f3gica, gen\u00e9tica, mental, econ\u00f3mica, cultural ou social dessa pessoa. Os dados pessoais tamb\u00e9m incluem, por exemplo, prefer\u00eancias, hobbies, afilia\u00e7\u00f5es ou quais sites foram vistos por algu\u00e9m.<\/span><\/p><p class=\"p13\"><span class=\"s1\"><b>PROCESSAMENTO<\/b><\/span><\/p><p class=\"p3\"><span class=\"s1\"><b>\"Processamento\".<\/b>\u00a0significa qualquer opera\u00e7\u00e3o ou conjunto de opera\u00e7\u00f5es que sejam realizadas sobre dados pessoais, seja ou n\u00e3o por meios autom\u00e1ticos. O termo \u00e9 amplo e cobre praticamente todo o tratamento de dados.<\/span><\/p><p class=\"p13\"><span class=\"s1\"><b>TIPOS DE DADOS PESSOAIS PROCESSADOS<\/b><\/span><\/p><p class=\"p3\"><span class=\"s1\">- dados de invent\u00e1rio (por exemplo, nomes, endere\u00e7os).<\/span><\/p><p class=\"p3\"><span class=\"s1\">- Detalhes de contacto (por exemplo, e-mail, n\u00fameros de telefone).<\/span><\/p><p class=\"p3\"><span class=\"s1\">- Dados de conte\u00fado (por exemplo, entradas de texto, fotografias, v\u00eddeos).<\/span><\/p><p class=\"p3\"><span class=\"s1\">- Dados de utiliza\u00e7\u00e3o (por exemplo, sites visitados, interesse no conte\u00fado, tempos de acesso).<\/span><\/p><p class=\"p3\"><span class=\"s1\">- Dados de meta\/comunica\u00e7\u00e3o (por exemplo, informa\u00e7\u00f5es do dispositivo, endere\u00e7os IP).<\/span><\/p><p class=\"p13\"><span class=\"s1\"><b>CATEGORIAS DE PESSOAS ENVOLVIDAS<\/b><\/span><\/p><p class=\"p3\"><span class=\"s1\">Visitantes e utilizadores da oferta online<\/span><\/p><p class=\"p3\"><span class=\"s1\">A seguir, nos referimos \u00e0s pessoas envolvidas coletivamente como \"usu\u00e1rios\".<\/span><\/p><p class=\"p13\"><span class=\"s1\"><b>FINALIDADE DO PROCESSAMENTO<\/b><\/span><\/p><p class=\"p3\"><span class=\"s1\">- Disponibiliza\u00e7\u00e3o da oferta online, suas fun\u00e7\u00f5es e conte\u00fados.<\/span><\/p><p class=\"p3\"><span class=\"s1\">- Responder a solicita\u00e7\u00f5es de contato e comunica\u00e7\u00e3o com os usu\u00e1rios.<\/span><\/p><p class=\"p3\"><span class=\"s1\">- Medidas de seguran\u00e7a.<\/span><\/p><p class=\"p3\"><span class=\"s1\">- Medi\u00e7\u00e3o de Alcance\/Marketing<\/span><\/p><p class=\"p3\"><span class=\"s1\">\u00a0<\/span><\/p><p class=\"p13\"><span class=\"s1\"><b>RESPONS\u00c1VEL PELOS DADOS<\/b><\/span><\/p><p class=\"p3\"><span class=\"s1\">Como\u00a0<b>\"Respons\u00e1vel\".<\/b>\u00a0a pessoa singular ou colectiva, autoridade p\u00fablica, ag\u00eancia ou outro organismo que, sozinho ou em conjunto com outros, determina as finalidades e os meios de tratamento de dados pessoais.<\/span><\/p><p class=\"p7\"><span class=\"s1\"><b>BASES LEGAIS PARA O TRATAMENTO DE DADOS PESSOAIS<\/b><\/span><\/p><p class=\"p14\"><span class=\"s1\">A menos que a base legal seja especificamente mencionada nesta declara\u00e7\u00e3o de prote\u00e7\u00e3o de dados para ferramentas individuais, n\u00f3s o informaremos da base legal do nosso processamento de dados de acordo com o Art. 13 DSGVO - como segue<\/span><\/p><ul class=\"ul1\"><li class=\"li8\"><span class=\"s4\">A base legal para a obten\u00e7\u00e3o do consentimento \u00e9 o Art. 6 \u00a7 1 lit. a e Art. 7 DSGVO,<\/span><\/li><li class=\"li8\"><span class=\"s4\">a base legal para o processamento com a finalidade de cumprir os nossos servi\u00e7os e implementar medidas contratuais e para responder a consultas \u00e9 o Art. 6 \u00a7 1 lit. b DSGVO,<\/span><\/li><li class=\"li8\"><span class=\"s4\">a base legal para o processamento para o cumprimento das nossas obriga\u00e7\u00f5es legais \u00e9 o Art. 6, n.\u00ba 1 lit. c DSGVO, e<\/span><\/li><li class=\"li8\"><span class=\"s4\">a base legal para o processamento para salvaguardar os nossos leg\u00edtimos interesses \u00e9 o Art. 6, par. 1 letra f DSGVO.<\/span><\/li><li class=\"li8\"><span class=\"s4\">Se interesses vitais da pessoa em causa ou outra pessoa f\u00edsica exigirem o tratamento de dados pessoais, o Art. 6, par\u00e1grafo 1 lit. d FADP serve como base legal.<\/span><\/li><\/ul><p class=\"p7\"><span class=\"s1\"><b>COOPERA\u00c7\u00c3O COM PROCESSADORES E TERCEIROS<\/b><\/span><\/p><p class=\"p14\"><span class=\"s1\">Se, no decurso do nosso processamento, divulgarmos dados a outras pessoas e empresas (processadores ou terceiros), se os transmitirmos ou lhes concedermos acesso aos dados, isso s\u00f3 ser\u00e1 feito com base numa autoriza\u00e7\u00e3o legal (por exemplo, se os dados tiverem de ser transmitidos a terceiros, tais como prestadores de servi\u00e7os de pagamento, de acordo com o Art. 6, n.\u00ba 1 letra b DSGVO para o cumprimento do contrato), se tiver dado o seu consentimento, se uma obriga\u00e7\u00e3o legal o previr ou com base nos nossos leg\u00edtimos interesses (por exemplo, ao utilizar agentes, anfitri\u00f5es web, etc.).<\/span><\/p><p class=\"p14\"><span class=\"s1\">Se encarregamos terceiros de processar dados com base no chamado \"contrato de processamento de dados\", isto \u00e9 feito com base no art. 28 DSGVO.<\/span><\/p><p class=\"p7\"><span class=\"s1\"><b>TRANSMISS\u00c3O A PA\u00cdSES TERCEIROS<\/b><\/span><\/p><p class=\"p14\"><span class=\"s1\">Se tratarmos dados num pa\u00eds terceiro (isto \u00e9, fora da Uni\u00e3o Europeia (UE) ou do Espa\u00e7o Econ\u00f3mico Europeu (EEE)) ou se tal for feito no contexto da utiliza\u00e7\u00e3o dos servi\u00e7os de terceiros ou da divulga\u00e7\u00e3o ou transfer\u00eancia de dados para terceiros, tal s\u00f3 ter\u00e1 lugar se for feito para cumprir as nossas obriga\u00e7\u00f5es (pr\u00e9-)contratuais, com base no seu consentimento, com base numa obriga\u00e7\u00e3o legal ou com base nos nossos leg\u00edtimos interesses. Sujeitos a permiss\u00f5es legais ou contratuais, s\u00f3 processaremos ou transferiremos os dados em um terceiro pa\u00eds se os requisitos especiais do Art. 44 e seguintes. DSGVO. Isto significa que o processamento \u00e9 efectuado, por exemplo, com base em garantias especiais, tais como a determina\u00e7\u00e3o oficialmente reconhecida de um n\u00edvel de protec\u00e7\u00e3o de dados correspondente ao da UE (por exemplo, para os EUA atrav\u00e9s do \"Privacy Shield\") ou o cumprimento de obriga\u00e7\u00f5es contratuais especiais oficialmente reconhecidas (as chamadas \"cl\u00e1usulas contratuais-tipo\").<\/span><\/p><p class=\"p14\"><span class=\"s1\"><b>TRATAMENTO DE DADOS PESSOAIS<\/b><\/span><\/p><p class=\"p14\"><span class=\"s1\">Os dados pessoais s\u00f3 ser\u00e3o recolhidos, utilizados e transmitidos a terceiros pelo fornecedor se tal for legalmente permitido ou se o utilizador, na qualidade de utilizador, concordar com o processamento.<\/span><\/p><p class=\"p14\"><span class=\"s1\">Os dados pessoais - por exemplo, nome e endere\u00e7o - s\u00e3o recolhidos por n\u00f3s, por exemplo, quando compra um produto, a fim de lhe podermos enviar uma factura. Estes e outros dados pessoais tamb\u00e9m s\u00e3o transferidos para terceiros - por exemplo, uma institui\u00e7\u00e3o financeira - se voc\u00ea escolher um m\u00e9todo de pagamento correspondente, desde que seja essencial para o tratamento dos pagamentos e para a execu\u00e7\u00e3o do contrato.<\/span><\/p><p class=\"p14\"><span class=\"s1\">Os dados pessoais s\u00f3 podem ser transmitidos a terceiros se houver uma autoriza\u00e7\u00e3o legal ou judicial dispon\u00edvel ou se envolvermos terceiros que sejam obrigados a manter o sigilo profissional para fazer valer os nossos direitos.<\/span><\/p><p class=\"p14\"><span class=\"s1\"><b>PROCESSAMENTO DE NEG\u00d3CIOS<\/b><\/span><\/p><p class=\"p14\"><span class=\"s1\">Tamb\u00e9m s\u00e3o processados os seguintes<span class=\"Apple-converted-space\">\u00a0\u00a0<\/span>- Dados contratuais (por exemplo, objecto do contrato, dura\u00e7\u00e3o, categoria do cliente). - Dados de pagamento (por exemplo, dados banc\u00e1rios, hist\u00f3rico de pagamentos) dos nossos clientes, partes interessadas e parceiros comerciais para fins de presta\u00e7\u00e3o de servi\u00e7os contratuais, servi\u00e7o e atendimento ao cliente, marketing, publicidade e pesquisa de mercado.<\/span><\/p><h2 class=\"p10\"><span class=\"s1\"><b>PARTE 2: USO DO NOSSO SITE<\/b><\/span><\/h2><p class=\"p8\"><span class=\"s1\"><b>VISITA AO NOSSO SITE<\/b><\/span><\/p><p class=\"p17\"><span class=\"s1\">Em princ\u00edpio, voc\u00ea pode visitar nosso site sem fornecer nenhuma informa\u00e7\u00e3o pessoal. Gostar\u00edamos de salientar que a transmiss\u00e3o de dados na Internet n\u00e3o pode ser totalmente protegida contra o acesso de terceiros.<\/span><\/p><p class=\"p8\"><span class=\"s1\"><b>DADOS DO PROTOCOLO<\/b><\/span><\/p><p class=\"p8\"><span class=\"s1\">A recolha e armazenamento autom\u00e1tico de dados de registo pelo nosso fornecedor de servi\u00e7os de Internet (provider) inclui as seguintes informa\u00e7\u00f5es:<\/span><\/p><p class=\"p8\"><span class=\"s1\">-data e visita do URL onde o visitante se encontra<\/span><\/p><p class=\"p8\"><span class=\"s1\">-URL que o visitante visitou imediatamente antes<\/span><\/p><p class=\"p8\"><span class=\"s1\">-Navegador de utiliza\u00e7\u00e3o<\/span><\/p><p class=\"p8\"><span class=\"s1\">-O sistema operacional utilizado<\/span><\/p><p class=\"p8\"><span class=\"s1\">-Endere\u00e7o IP e hostname do visitante<\/span><\/p><p class=\"p8\"><span class=\"s1\">A transmiss\u00e3o destes dados para n\u00f3s \u00e9 autom\u00e1tica. Os seus dados n\u00e3o podem ser atribu\u00eddos \u00e0 sua pessoa.<\/span><\/p><p class=\"p8\"><span class=\"s1\"><b>CONTATO POR E-MAIL OU TELEFONE<\/b><\/span><\/p><p class=\"p8\"><span class=\"s1\">Quando nos contactar como fornecedor do website (por exemplo, por e-mail ou telefone), os seus dados ser\u00e3o armazenados no nosso sistema operativo para efeitos de processamento da sua consulta e no caso de surgirem quest\u00f5es de seguimento.<\/span><\/p><p class=\"p8\"><span class=\"s1\">Se o pedido que voc\u00ea fez tiver sido respondido ou se o pedido ou servi\u00e7o que voc\u00ea solicitou tiver sido disponibilizado, seus dados ser\u00e3o apagados quando o pedido ou servi\u00e7o for encerrado, a menos que voc\u00ea deseje obter mais produtos ou informa\u00e7\u00f5es de n\u00f3s e consinta no uso posterior dos seus dados para esses fins. Mesmo que tenha dado seu consentimento, voc\u00ea tamb\u00e9m tem o direito de solicitar a exclus\u00e3o de seus dados a qualquer momento (ver Parte 8<b>\u00a0<\/b>da presente pol\u00edtica de privacidade).<\/span><\/p><p class=\"p7\"><span class=\"s1\"><b>COMENT\u00c1RIOS E CONTRIBUI\u00c7\u00d5ES<\/b><\/span><\/p><p class=\"p8\"><span class=\"s1\">Voc\u00ea pode escrever coment\u00e1rios no blog em nosso site como usu\u00e1rio. Quando voc\u00ea entra nos coment\u00e1rios do blog, o endere\u00e7o IP fornecido por voc\u00ea \u00e9 imediatamente an\u00f4nimo. No entanto, a publica\u00e7\u00e3o dos coment\u00e1rios recebidos est\u00e1 sujeita \u00e0 aprova\u00e7\u00e3o do nosso administrador. Esta verifica\u00e7\u00e3o de aprova\u00e7\u00e3o destina-se a evitar que conte\u00fados ilegais sejam publicados nas nossas p\u00e1ginas.<\/span><\/p><p class=\"p8\"><span class=\"s1\">Como autor de coment\u00e1rios, voc\u00ea \u00e9 livre para digitar seu nome verdadeiro ou um pseud\u00f4nimo no campo de nome fornecido. Voc\u00ea tamb\u00e9m tem a op\u00e7\u00e3o de n\u00e3o digitar nenhum nome. Seu endere\u00e7o de e-mail n\u00e3o ser\u00e1 exibido quando o coment\u00e1rio for publicado em nosso site.<\/span><\/p><p class=\"p8\"><span class=\"s1\">Os dados transmitidos ao enviar um coment\u00e1rio, como seu endere\u00e7o de e-mail, o nome que voc\u00ea digitou e, se aplic\u00e1vel, a URL que voc\u00ea digitou e o coment\u00e1rio que voc\u00ea enviou s\u00e3o permanentemente armazenados em nosso servidor, onde apenas o coment\u00e1rio liberado, se aplic\u00e1vel com o nome, \u00e9 vis\u00edvel publicamente em nosso site. O processamento destes dados pessoais \u00e9 baseado no consentimento que voc\u00ea deu anteriormente, no sentido do Art. 6 \u00a7 1 p. 1 lit. a). Voc\u00ea \u00e9 livre para revogar este consentimento a qualquer momento com efeito para o futuro (ver parte 8 desta declara\u00e7\u00e3o de prote\u00e7\u00e3o de dados).<\/span><\/p><p class=\"p7\"><span class=\"s1\"><b>INTEGRA\u00c7\u00c3O DE SERVI\u00c7OS E CONTE\u00daDOS DE TERCEIROS<\/b><\/span><\/p><p class=\"p8\"><span class=\"s1\">Pode acontecer que dentro desta oferta online sejam integrados conte\u00fados de terceiros, como v\u00eddeos do YouTube, material de mapas do Google Maps, feeds RSS ou gr\u00e1ficos de outros sites. Isto pressup\u00f5e sempre que os fornecedores destes conte\u00fados (doravante referidos como \"fornecedores terceiros\") estejam cientes do endere\u00e7o IP dos utilizadores. Sem o endere\u00e7o IP, eles n\u00e3o poderiam enviar o conte\u00fado para o navegador do respectivo usu\u00e1rio. O endere\u00e7o IP \u00e9, portanto, necess\u00e1rio para a exibi\u00e7\u00e3o deste conte\u00fado. N\u00f3s nos esfor\u00e7amos para utilizar apenas esses conte\u00fados cujos respectivos provedores utilizam o endere\u00e7o IP apenas para entregar o conte\u00fado. No entanto, n\u00e3o temos influ\u00eancia sobre isso se os provedores terceiros armazenarem o endere\u00e7o IP para fins estat\u00edsticos, por exemplo. Na medida em que isto se torne do nosso conhecimento, iremos informar os utilizadores sobre o assunto.<\/span><\/p><p class=\"p8\"><span class=\"s1\"><b>UTILIZA\u00c7\u00c3O DE LIGA\u00c7\u00d5ES EXTERNAS<\/b><\/span><\/p><p class=\"p8\"><span class=\"s1\">Usamos em nossos sites links para sites externos e seus conte\u00fados n\u00e3o est\u00e3o em nosso servidor. O conte\u00fado externo destes links foi verificado quando os links foram definidos. No entanto, n\u00e3o se pode excluir que os conte\u00fados tenham sido alterados posteriormente pelos respectivos fornecedores. Caso voc\u00ea note que o conte\u00fado dos provedores externos violam a lei aplic\u00e1vel, por favor me avise. Esta pol\u00edtica de privacidade \u00e9 v\u00e1lida apenas para os conte\u00fados dos servidores do nosso fornecedor de espa\u00e7o web.<\/span><\/p><h2 class=\"p19\"><span class=\"s1\"><b>PARTE 3: COOKIES E FERRAMENTAS DE MARKETING ONLINE<\/b><\/span><\/h2><p class=\"p1\"><span class=\"s1\"><b>Biscoitos e medi\u00e7\u00e3o do alcance<\/b><\/span><\/p><p class=\"p2\"><span class=\"s1\">Cookies s\u00e3o informa\u00e7\u00f5es que s\u00e3o transferidas do nosso servidor web ou servidores web de terceiros para os navegadores web dos utilizadores e a\u00ed armazenadas para posterior recupera\u00e7\u00e3o. Os usu\u00e1rios ser\u00e3o informados sobre o uso de cookies no contexto da medi\u00e7\u00e3o de faixa pseud\u00f4nima dentro do escopo desta declara\u00e7\u00e3o de prote\u00e7\u00e3o de dados.<\/span><\/p><p class=\"p2\"><span class=\"s1\">A visualiza\u00e7\u00e3o desta oferta online tamb\u00e9m \u00e9 poss\u00edvel sob a exclus\u00e3o de cookies. Se os utilizadores n\u00e3o quiserem que os cookies sejam armazenados no seu computador, \u00e9-lhes pedido que desactivem a op\u00e7\u00e3o correspondente nas defini\u00e7\u00f5es do sistema do seu browser. Os cookies armazenados podem ser apagados nas configura\u00e7\u00f5es do sistema do navegador. A exclus\u00e3o de cookies pode levar a restri\u00e7\u00f5es funcionais desta oferta online.<\/span><\/p><p class=\"p2\"><span class=\"s1\">H\u00e1 a possibilidade de muitos cookies de an\u00fancios online de empresas atrav\u00e9s do site dos EUA\u00a0<a href=\"http:\/\/www.aboutads.info\/choices\"><span class=\"s2\">http:\/\/www.aboutads.info\/choices<\/span><\/a>\u00a0ou o lado da UE\u00a0<a href=\"http:\/\/www.youronlinechoices.com\/uk\/your-ad-choices\/\"><span class=\"s2\">http:\/\/www.youronlinechoices.com\/uk\/your-ad-choices\/<\/span><\/a>\u00a0para se desenrascar.<\/span><\/p><p class=\"p7\"><span class=\"s1\"><b>UTILIZA\u00c7\u00c3O DO ENVIO DA NEWSLETTER<\/b><\/span><\/p><p class=\"p8\"><span class=\"s1\">Para o envio de newsletters, que informam sobre os temas da Academia Gradido e a nossa oferta, utilizamos uma plataforma de envio de newsletter por e-mail.<\/span><\/p><p class=\"p8\"><span class=\"s1\">Se voc\u00ea gostaria de assinar a newsletter da Gradido Academy e l\u00ea-la regularmente, ent\u00e3o seu registro com um endere\u00e7o de e-mail v\u00e1lido \u00e9 necess\u00e1rio. Voc\u00ea pode cancelar a subscri\u00e7\u00e3o da newsletter a qualquer momento. Por favor, use o link fornecido na newsletter.<\/span><\/p><p class=\"p8\"><span class=\"s1\">Antes de enviar a newsletter, voc\u00ea deve nos confirmar expressamente no chamado procedimento de double opt-in que podemos ativar o servi\u00e7o de newsletter para voc\u00ea. Para este efeito, receber\u00e1 de n\u00f3s um e-mail de confirma\u00e7\u00e3o e autoriza\u00e7\u00e3o, no qual lhe pedimos que clique no link contido neste e-mail e assim nos confirme que deseja receber a nossa newsletter. N\u00e3o ser\u00e3o recolhidos mais dados. Utilizamos este endere\u00e7o de e-mail exclusivamente para a entrega da newsletter, a menos que voc\u00ea tenha concordado expressamente com outra utiliza\u00e7\u00e3o no procedimento de double opt-in ou posterior.<\/span><\/p><p class=\"p8\"><span class=\"s1\">Quando voc\u00ea se registra para a newsletter, nosso sistema de envio de newsletter salva o seu endere\u00e7o IP e a data de registro. Este armazenamento serve apenas como prova no caso de um terceiro usar indevidamente um endere\u00e7o de e-mail e se registar para receber a newsletter sem o conhecimento da pessoa com direito a ela.<\/span><\/p><p class=\"p8\"><span class=\"s1\">O envio da newsletter \u00e9 feito por \"<b>Clique na dica<\/b>\", uma plataforma de envio de newsletter do fornecedor\u00a0<b>CLICK TIP LIMITED, 15 Cambridge Court, 210 Shepherd's Bush Road, Londres W6 7NJ, Reino Unido.<\/b><\/span><\/p><p class=\"p8\"><span class=\"s1\">Os endere\u00e7os de e-mail dos destinat\u00e1rios da nossa newsletter, assim como os seus outros dados descritos neste aviso, s\u00e3o armazenados nos servidores da Klick-Tipp. A Klick-Tipp utiliza esta informa\u00e7\u00e3o para enviar e avaliar a newsletter em nosso nome. Al\u00e9m disso, a Klick-Tipp pode utilizar esses dados de acordo com suas pr\u00f3prias informa\u00e7\u00f5es para otimizar ou melhorar seus pr\u00f3prios servi\u00e7os, por exemplo, para a otimiza\u00e7\u00e3o t\u00e9cnica do envio e apresenta\u00e7\u00e3o das newsletters ou para fins econ\u00f4micos para determinar os pa\u00edses de onde os destinat\u00e1rios v\u00eam. No entanto, a Klick-Tipp n\u00e3o utiliza os dados dos destinat\u00e1rios da nossa newsletter para lhes escrever ou transmiti-los a terceiros.<\/span><\/p><p class=\"p8\"><span class=\"s1\">Confiamos na fiabilidade e seguran\u00e7a inform\u00e1tica e de dados da Klick-Tipp. A Klick-Tipp compromete-se assim a cumprir os regulamentos de protec\u00e7\u00e3o de dados da UE. Tamb\u00e9m conclu\u00edmos um contrato com a Klick-Tipp. Este \u00e9 um contrato no qual a Klick-Tipp se compromete a proteger os dados dos nossos utilizadores, a trat\u00e1-los em nosso nome de acordo com as suas normas de protec\u00e7\u00e3o de dados e, em particular, a n\u00e3o os transmitir a terceiros. Pode ver aqui os regulamentos de protec\u00e7\u00e3o de dados da Klick-Tipp:\u00a0<a href=\"https:\/\/www.klick-tipp.com\/datenschutzerkl%C3%A4rung\"><span class=\"s2\">https:\/\/www.klick-tipp.com\/datenschutzerkl\u00e4rung<\/span><\/a><\/span><\/p><p class=\"p7\"><span class=\"s1\"><b>USO DA ESTAT\u00cdSTICA<\/b><\/span><\/p><p class=\"p8\"><span class=\"s1\">Para poder medir a chamada de certas p\u00e1ginas e sua atratividade para o usu\u00e1rio, usamos a ferramenta de an\u00e1lise do Statify, desenvolvida como c\u00f3digo aberto pelo coletivo plugin (<a href=\"https:\/\/de.wordpress.org\/plugins\/statify\/\">https:\/\/de.wordpress.org\/plugins\/statify\/<\/a>).<\/span><\/p><p class=\"p8\"><span class=\"s1\">Statify fornece uma vis\u00e3o geral compacta do n\u00famero de p\u00e1ginas vistas e n\u00e3o armazena ou processa dados pessoais, como endere\u00e7os IP. Estatisticamente avalia as p\u00e1ginas mais frequentemente visitadas, contando as impress\u00f5es das p\u00e1ginas e n\u00e3o os visitantes. Al\u00e9m disso, as visualiza\u00e7\u00f5es de p\u00e1ginas s\u00e3o armazenadas apenas por um per\u00edodo de tempo limitado (padr\u00e3o: duas semanas), que pode ser ajustado individualmente.<\/span><\/p><p class=\"p8\"><span class=\"s1\">Ao avaliar o n\u00famero de cliques nas nossas p\u00e1ginas, temos a oportunidade de melhorar continuamente a nossa oferta online para os utilizadores.<\/span><\/p><h2 class=\"p19\"><span class=\"s1\"><b>PARTE 4: INTEGRA\u00c7\u00c3O DE SERVI\u00c7OS EXTERNOS + CONTE\u00daDO<\/b><\/span><\/h2><p class=\"p8\"><span class=\"s1\"><b>USO DE V\u00cdDEOS DO YOUTUBE<\/b><\/span><\/p><p class=\"p8\"><span class=\"s1\">Para a integra\u00e7\u00e3o de v\u00eddeos usamos o provedor YouTube, entre outros. O YouTube \u00e9 operado pela YouTube LLC com sede em 901 Cherry Avenue, San Bruno, CA 94066, EUA. O YouTube \u00e9 representado pela Google Inc. com sede em 1600 Amphitheatre Parkway, Mountain View, CA 94043, EUA.<\/span><\/p><p class=\"p8\"><span class=\"s1\">Em algumas das nossas p\u00e1ginas da Internet usamos plugins do provedor YouTube. Se voc\u00ea chamar as p\u00e1ginas da nossa presen\u00e7a na Internet equipadas com tal plug-in - por exemplo, a nossa biblioteca multim\u00e9dia - \u00e9 estabelecida uma liga\u00e7\u00e3o aos servidores do YouTube e o plug-in \u00e9 exibido. Isto diz ao servidor do YouTube qual das nossas p\u00e1ginas da Internet voc\u00ea visitou. Se voc\u00ea est\u00e1 conectado como membro do YouTube, o YouTube atribui esta informa\u00e7\u00e3o \u00e0 sua conta pessoal de usu\u00e1rio. Se voc\u00ea usar o plugin, por exemplo, clicando no bot\u00e3o iniciar de um v\u00eddeo, esta informa\u00e7\u00e3o tamb\u00e9m \u00e9 atribu\u00edda \u00e0 sua conta de usu\u00e1rio. Voc\u00ea pode impedir esta associa\u00e7\u00e3o ao sair da sua conta no YouTube e de outras contas das empresas YouTube LLC e Google Inc. antes de usar o nosso site e excluir os cookies correspondentes das empresas.<\/span><\/p><p class=\"p8\"><span class=\"s1\">Mais informa\u00e7\u00f5es sobre processamento de dados e notas sobre prote\u00e7\u00e3o de dados pelo YouTube (Google) podem ser encontradas em www.google.de\/intl\/de\/policies\/privacy\/.<\/span><\/p><p class=\"p8\"><span class=\"s1\"><b>\u00a0<\/b><\/span><\/p><p class=\"p8\"><span class=\"s1\"><b>USO DE V\u00cdDEOS VIMEO<\/b><\/span><\/p><p class=\"p8\"><span class=\"s1\">Para a integra\u00e7\u00e3o de v\u00eddeos utilizamos o provedor Vimeo, entre outros. A Vimeo \u00e9 operada pela Vimeo, LLC com sede na 555 West 18 Street, New York, New York 10011.<\/span><\/p><p class=\"p8\"><span class=\"s1\">Em algumas de nossas p\u00e1ginas da Internet usamos plugins do provedor Vimeo. Quando voc\u00ea acessa as p\u00e1ginas da Internet do nosso site que est\u00e3o equipadas com tal plug-in - por exemplo, nossa biblioteca de m\u00eddia - uma conex\u00e3o com os servidores Vimeo \u00e9 estabelecida e o plug-in \u00e9 exibido. Isto diz ao servidor Vimeo qual das nossas p\u00e1ginas da Internet voc\u00ea visitou. Se voc\u00ea est\u00e1 conectado como membro da Vimeo, a Vimeo atribui esta informa\u00e7\u00e3o \u00e0 sua conta pessoal de usu\u00e1rio. Quando voc\u00ea usa o plugin, como quando voc\u00ea clica no bot\u00e3o iniciar de um v\u00eddeo, esta informa\u00e7\u00e3o tamb\u00e9m \u00e9 atribu\u00edda \u00e0 sua conta de usu\u00e1rio. Voc\u00ea pode impedir esta atribui\u00e7\u00e3o ao sair da sua conta de usu\u00e1rio Vimeo antes de utilizar o nosso site e apagar os cookies correspondentes do Vimeo.<\/span><\/p><p class=\"p8\"><span class=\"s1\">Mais informa\u00e7\u00f5es sobre o processamento de dados e informa\u00e7\u00f5es sobre a protec\u00e7\u00e3o de dados pela Vimeo podem ser encontradas em https:\/\/vimeo.com\/privacy.<\/span><\/p><h2 class=\"p19\"><span class=\"s1\"><b>PARTE 5: BOT\u00d5ES DE COMPARTILHAMENTO DE M\u00cdDIA SOCIAL<\/b><\/span><\/h2><p class=\"p7\"><span class=\"s1\"><b>PRESEN\u00c7A ONLINE NAS REDES SOCIAIS<\/b><\/span><\/p><p class=\"p8\"><span class=\"s1\">Mantemos presen\u00e7as online dentro das redes sociais e plataformas, a fim de poder comunicar com os clientes, interessados e usu\u00e1rios ativos l\u00e1 e inform\u00e1-los sobre nossos servi\u00e7os. Ao chamar as respectivas redes e plataformas, aplicam-se os termos e condi\u00e7\u00f5es e diretrizes de processamento de dados dos respectivos operadores.<\/span><\/p><p class=\"p8\"><span class=\"s1\">Salvo indica\u00e7\u00e3o em contr\u00e1rio na nossa pol\u00edtica de privacidade, processamos os dados dos utilizadores se estes comunicarem connosco dentro das redes sociais e plataformas, por exemplo, se escreverem artigos nas nossas presen\u00e7as online ou nos enviarem mensagens para l\u00e1.<\/span><\/p><p class=\"p8\"><span class=\"s1\"><b>UTILIZA\u00c7\u00c3O DA FUN\u00c7\u00c3O DE PARTILHA PARA REDES SOCIAIS (SHARIFF)<\/b><\/span><\/p><p class=\"p3\"><span class=\"s1\">N\u00f3s usamos o projeto \"Shariff\" no nosso site. O \"Shariff\" substitui os habituais bot\u00f5es de partilha das redes sociais e protege o comportamento surfista<\/span><\/p><p class=\"p3\"><span class=\"s1\">\"Shariff\" incorpora estes bot\u00f5es de partilha das redes sociais no nosso website apenas como um gr\u00e1fico, que cont\u00e9m um link para a rede social correspondente. Ao clicar no gr\u00e1fico correspondente, voc\u00ea ser\u00e1 redirecionado para os servi\u00e7os da respectiva rede. O bot\u00e3o Shariff estabelece contato direto entre a rede social e nossos visitantes somente quando o visitante clica ativamente no bot\u00e3o compartilhar. S\u00f3 ent\u00e3o os seus dados ser\u00e3o transmitidos para a respectiva rede social. Se o bot\u00e3o Shariff n\u00e3o for clicado, no entanto, n\u00e3o haver\u00e1 troca de dados entre voc\u00ea e as redes sociais. Voc\u00ea pode encontrar mais informa\u00e7\u00f5es sobre o projeto \"Shariff\" em https:\/\/www.heise.de\/ct\/artikel\/Shariff-Social-Media-Buttons-mit-Datenschutz-2467514.html<\/span><\/p><p class=\"p3\"><span class=\"s1\">N\u00f3s integramos as seguintes redes sociais com \"Shariff\" no nosso site:<\/span><\/p><ul class=\"ul1\"><li class=\"li3\"><span class=\"s1\">Facebook Inc. (1601 S. California Ave - Palo Alto - CA 94304 - USA)<\/span><\/li><li class=\"li3\"><span class=\"s1\">Twitter Inc. (795 Folsom St. - Suite 600 - S\u00e3o Francisco - CA 94107 - EUA)<\/span><\/li><li class=\"li3\"><span class=\"s1\">Google Plus\/Google Inc. (1600 Amphitheatre Parkway - Mountain View - CA 94043 - EUA)<\/span><\/li><li class=\"li3\"><span class=\"s1\">Pinterest (Pinterest Inc. - 635 High Street - Palo Alto - CA, 94301 - EUA)<\/span><\/li><\/ul><h2 class=\"p10\"><span class=\"s1\"><b>PARTE 6: \u00c1REAS DE MEMBROS E PROGRAMA DE AFILIADOS<\/b><\/span><\/h2><p class=\"p7\"><span class=\"s1\"><b>UTILIZA\u00c7\u00c3O DO ABLEFY PARA A COMUNIDADE GRADIDO<\/b><\/span><\/p><p class=\"p7\"><span class=\"s1\">Oferecemos uma ades\u00e3o a v\u00e1rios n\u00edveis na comunidade Gradido para aqueles que est\u00e3o interessados em aprender mais sobre o conceito Gradido e em tornar-se um embaixador Gradido. Para oferecer estas \u00e1reas de ades\u00e3o, utilizamos o servi\u00e7o ablefy.<\/span><\/p><p class=\"p7\"><span class=\"s1\">As poss\u00edveis ades\u00f5es \u00e0 Gradido-COMMUNITY est\u00e3o descritas na nossa p\u00e1gina \"Comunidade\". Assim que clicar num bot\u00e3o nesta p\u00e1gina para se registar numa destas ades\u00f5es, sair\u00e1 do nosso s\u00edtio Web e ser\u00e1 redireccionado para as nossas p\u00e1ginas individuais da \u00e1rea de membros ablefy, criadas para este fim.<\/span><\/p><p class=\"p7\"><span class=\"s1\">ablefy \u00e9 uma marca da Elopage GmbH:<\/span><\/p><p class=\"p7\"><span class=\"s1\">elopay GmbH<\/span><\/p><p class=\"p7\"><span class=\"s1\">Rua Joachimsthaler 21<\/span><\/p><p class=\"p7\"><span class=\"s1\">10719 Berlim<\/span><\/p><p class=\"p7\"><span class=\"s1\">Todas as fun\u00e7\u00f5es nas p\u00e1ginas de membros da ablefy e o processamento de pagamentos associado s\u00e3o efectuados atrav\u00e9s da ablefy. Por conseguinte, as disposi\u00e7\u00f5es de prote\u00e7\u00e3o de dados da ablefy aplicam-se a estes processos. Pode encontrar a pol\u00edtica de privacidade da ablefy aqui: https:\/\/myablefy.com\/privacy<\/span><\/p><p class=\"p7\"><span class=\"s1\">A base legal para o processamento de dados pessoais ao encaminhar do nosso site para a p\u00e1gina de vendas via ablefy resulta, no presente caso, do Art. 6, par\u00e1grafo 1, frase 1 lit. b).<\/span><\/p><p><strong>PROCESSAMENTO DE PAGAMENTOS E ENTREGA DE PRODUTOS DIGITAIS VIA NAMOTTO.LAB<\/strong><\/p><p class=\"p1\"><span class=\"s1\">O processamento dos pagamentos e a entrega dos produtos digitais s\u00e3o feitos por namotto.lab. A pol\u00edtica de privacidade namotto pode ser encontrada aqui: https:\/\/namotto.de\/privacy<\/span><\/p><p class=\"p1\"><span class=\"s1\">namotto.lab \u00e9 um servi\u00e7o de:<\/span><\/p><p class=\"p1\"><span class=\"s1\">namotto.lab<\/span><\/p><p class=\"p1\"><span class=\"s1\">Propriet\u00e1rio Tolga Oenal<\/span><\/p><p class=\"p1\"><span class=\"s1\">Uhlandstrasse 154<\/span><\/p><p class=\"p1\"><span class=\"s1\">10719 Berlim<\/span><\/p><p class=\"p1\"><span class=\"s1\">Celebr\u00e1mos um contrato correspondente com namotto.lab como nosso subcontratante, de acordo com o art. 28\u00ba do RGPD. A base legal para o processamento de dados pessoais ao encaminhar do nosso site para a p\u00e1gina de vendas via ablefy resulta no presente caso do Art. 6, par\u00e1grafo 1, frase 1 lit. b).<\/span><\/p><p class=\"p7\"><span class=\"s1\"><b>UTILIZA\u00c7\u00c3O DE CAPACIDADE PARA PARCEIROS AFILIADOS (PROGRAMA PARCEIRO)<\/b><\/span><\/p><p class=\"p7\"><span class=\"s1\">Tamb\u00e9m oferecemos um programa de parceiros afiliados para parceiros publicit\u00e1rios. Se voc\u00ea anunciar com sucesso para uma afilia\u00e7\u00e3o na Gradido Academy, os parceiros de publicidade receber\u00e3o uma comiss\u00e3o.<\/span><\/p><p class=\"p7\"><span class=\"s1\">Para lhe propor este programa de afilia\u00e7\u00e3o, utilizamos o servi\u00e7o ablefy.<span class=\"Apple-converted-space\">\u00a0 \u00a0<\/span><\/span><\/p><p class=\"p7\"><span class=\"s1\">O programa de afiliados da Gradido \u00e9 descrito na nossa p\u00e1gina \"Programa de afiliados\". Assim que clicar num bot\u00e3o nesta p\u00e1gina com o qual gostaria de se registar no programa de afiliados como parceiro publicit\u00e1rio, sair\u00e1 do nosso s\u00edtio Web e ser\u00e1 redireccionado para as nossas p\u00e1ginas individuais criadas pela ablefy para este fim.<\/span><\/p><p class=\"p7\"><span class=\"s1\">ablefy \u00e9 um servi\u00e7o de:<\/span><\/p><p class=\"p7\"><span class=\"s1\">elopay GmbH<\/span><\/p><p class=\"p7\"><span class=\"s1\">Rua Joachimsthaler 21<\/span><\/p><p class=\"p7\"><span class=\"s1\">10719 Berlim<\/span><\/p><p class=\"p7\"><span class=\"s1\">Todas as fun\u00e7\u00f5es nas p\u00e1ginas de afiliados da ablefy e o processamento de pagamentos associado s\u00e3o efectuados atrav\u00e9s da ablefy. Consequentemente, as disposi\u00e7\u00f5es de prote\u00e7\u00e3o de dados da ablefy aplicam-se a estes processos. A pol\u00edtica de privacidade da ablefy pode ser encontrada <\/span><span class=\"s2\">aqui.<span class=\"Apple-converted-space\"> https:\/\/myablefy.com\/privacy<\/span><\/span><\/p><p class=\"p7\"><span class=\"s1\">A base legal para o processamento de dados pessoais ao redirecionar do nosso site para a p\u00e1gina de afiliados no ablefy decorre, neste caso, da natureza volunt\u00e1ria da participa\u00e7\u00e3o no programa de parceria e do Art. 6, par\u00e1grafo 1, frase 1 lit. f).<\/span><\/p><h2 class=\"p10\"><span class=\"s1\"><b>PARTE 7: SEGURAN\u00c7A<\/b><\/span><\/h2><p class=\"p7\"><span class=\"s1\"><b>SEGURAN\u00c7A DO SISTEMA E DA INFORMA\u00c7\u00c3O<\/b><\/span><\/p><p class=\"p8\"><span class=\"s1\">Protegemos nosso website e outros sistemas atrav\u00e9s de medidas t\u00e9cnicas e organizacionais contra perda, destrui\u00e7\u00e3o, acesso, modifica\u00e7\u00e3o ou distribui\u00e7\u00e3o dos dados armazenados por pessoas n\u00e3o autorizadas. No entanto, apesar dos controlos, n\u00e3o \u00e9 poss\u00edvel uma protec\u00e7\u00e3o completa contra todos os perigos. A conex\u00e3o \u00e0 Internet e as possibilidades t\u00e9cnicas resultantes apenas dela n\u00e3o garantem que os conte\u00fados e o fluxo de informa\u00e7\u00e3o n\u00e3o possam ser vistos e gravados por terceiros.<\/span><\/p><p class=\"p7\"><span class=\"s1\"><b>CRIPTOGRAFIA POR SSL<\/b><\/span><\/p><p class=\"p8\"><span class=\"s1\">Por raz\u00f5es de seguran\u00e7a, usamos criptografia SSL (Secure Sockets Layer) para o nosso site. Isto protege os dados transmitidos e impede a sua leitura por terceiros. Voc\u00ea pode reconhecer uma criptografia bem sucedida pelo fato de que a designa\u00e7\u00e3o do protocolo na barra de status do navegador muda de \"http:\/\/\" para \"https:\/\/\" e que um s\u00edmbolo de cadeado fechado \u00e9 vis\u00edvel l\u00e1.<\/span><\/p><h2 class=\"p10\"><span class=\"s1\"><b>PARTE 8: DIREITOS EM QUEST\u00c3O<\/b><\/span><\/h2><p class=\"p8\"><span class=\"s1\"><b>ELIMINA\u00c7\u00c3O DOS DADOS<\/b><\/span><\/p><p class=\"p3\"><span class=\"s1\">Os dados por n\u00f3s tratados ser\u00e3o eliminados ou restringidos no seu tratamento de acordo com os artigos 17 e 18 do DSGVO. A menos que seja expressamente indicado nesta declara\u00e7\u00e3o de prote\u00e7\u00e3o de dados, os dados armazenados por n\u00f3s ser\u00e3o apagados assim que deixarem de ser necess\u00e1rios para os fins a que se destinam e o apagamento n\u00e3o entra em conflito com nenhuma obriga\u00e7\u00e3o legal de armazenamento. Se os dados n\u00e3o forem apagados por serem necess\u00e1rios para outros fins legalmente admiss\u00edveis, o seu processamento ser\u00e1 restrito. Isto significa que os dados s\u00e3o bloqueados e n\u00e3o s\u00e3o processados para outros fins. Isto aplica-se, por exemplo, aos dados que devem ser retidos por raz\u00f5es comerciais ou fiscais.<\/span><\/p><p class=\"p3\"><span class=\"s1\">De acordo com os requisitos legais na Alemanha, o armazenamento \u00e9 por 6 anos de acordo com \u00a7 257 \u00a7 1 HGB (livros comerciais, invent\u00e1rios, balan\u00e7os de abertura, demonstra\u00e7\u00f5es financeiras anuais, cartas comerciais, comprovantes cont\u00e1beis, etc.) e por 10 anos de acordo com \u00a7 147 \u00a7 1 AO (livros, registros, relat\u00f3rios gerenciais, comprovantes cont\u00e1beis, cartas comerciais e comerciais, documentos relevantes para tributa\u00e7\u00e3o, etc.).<\/span><\/p><p class=\"p8\"><span class=\"s1\"><b>DIREITOS DAS PESSOAS ENVOLVIDAS<\/b><\/span><\/p><p class=\"p8\"><span class=\"s1\"><b>LEI DE INFORMA\u00c7\u00c3O<\/b><\/span><\/p><p class=\"p3\"><span class=\"s1\">Voc\u00ea tem o direito de obter confirma\u00e7\u00e3o sobre se os dados em quest\u00e3o est\u00e3o ou n\u00e3o sendo processados e de obter informa\u00e7\u00f5es sobre esses dados e de receber mais informa\u00e7\u00f5es e uma c\u00f3pia dos dados de acordo com o Art. 15 DSGVO.<\/span><\/p><p class=\"p8\"><span class=\"s1\"><b>DIREITO DE RECTIFICA\u00c7\u00c3O<\/b><\/span><\/p><p class=\"p3\"><span class=\"s1\">De acordo com o Art. 16 DSGVO, voc\u00ea tem o direito de solicitar a conclus\u00e3o dos dados que lhe dizem respeito ou a corre\u00e7\u00e3o de dados incorretos que lhe dizem respeito.<\/span><\/p><p class=\"p8\"><span class=\"s1\"><b>DIREITO DE RECUSA<\/b><\/span><\/p><p class=\"p3\"><span class=\"s1\">Voc\u00ea tem o direito de revogar os consentimentos concedidos de acordo com o Art. 7 \u00a7 3 DSGVO com efeito para o futuro.<\/span><\/p><p class=\"p8\"><span class=\"s1\"><b>DIREITO DE OPOSI\u00c7\u00c3O<\/b><\/span><\/p><p class=\"p3\"><span class=\"s1\">Voc\u00ea pode se opor ao futuro processamento dos dados que lhe dizem respeito a qualquer momento, de acordo com o Art. 21 DSGVO. A objec\u00e7\u00e3o pode, nomeadamente, ser formulada contra o processamento para fins de publicidade directa.<\/span><\/p><p class=\"p8\"><span class=\"s1\"><b>DIREITO DE BLOQUEAR E ELIMINAR<\/b><\/span><\/p><p class=\"p3\"><span class=\"s1\">Em conformidade com o art. 17 DSGVO, tem o direito de exigir que os dados em quest\u00e3o sejam imediatamente apagados, ou em alternativa, em conformidade com o art. 18 DSGVO, de exigir que o processamento dos dados seja restringido. O utilizador tem o direito de bloquear e apagar os seus dados pessoais, desde que tal n\u00e3o entre em conflito com qualquer obriga\u00e7\u00e3o legal de reten\u00e7\u00e3o de dados.<\/span><\/p><p class=\"p8\"><span class=\"s1\"><b>DIREITO DE TRANSMISS\u00c3O<\/b><\/span><\/p><p class=\"p3\"><span class=\"s1\">Voc\u00ea tem o direito de solicitar que os dados que nos forneceu sejam colocados \u00e0 nossa disposi\u00e7\u00e3o de acordo com o Art. 20 DSGVO e de exigir que sejam transmitidos a outras pessoas respons\u00e1veis.<\/span><\/p><p class=\"p8\"><span class=\"s1\"><b>RECLAMA\u00c7\u00d5ES<\/b><\/span><\/p><p class=\"p3\"><span class=\"s1\">Ao abrigo do art. 77 DSGVO, t\u00eam tamb\u00e9m o direito de apresentar uma queixa junto da autoridade de supervis\u00e3o competente.<\/span><\/p><p class=\"p8\"><span class=\"s1\"><b>EXERC\u00cdCIO DOS DIREITOS DO UTILIZADOR<\/b><\/span><\/p><p class=\"p8\"><span class=\"s1\">O utilizador tamb\u00e9m pode contactar-nos por e-mail para exercer os seus direitos, tais como revogar qualquer consentimento dado ou opor-se a uma utiliza\u00e7\u00e3o espec\u00edfica dos dados:<\/span><\/p><p class=\"p8\"><span class=\"s1\"><b>akademie@gradido.net<\/b><\/span><\/p><p class=\"p8\"><span class=\"s1\">Respons\u00e1vel em termos de protec\u00e7\u00e3o de dados:<\/span><\/p><p class=\"p8\"><span class=\"s1\">Bernd H\u00fcckst\u00e4dt<\/span><\/p><p class=\"p8\"><span class=\"s1\">Pfarrweg 2<\/span><\/p><p class=\"p8\"><span class=\"s1\">74653 K\u00fcnzelsau<\/span><\/p><p class=\"p8\"><span class=\"s1\">Correio eletr\u00f3nico: support{\u00e4t}<span class=\"s2\">gradido.net<\/span><\/span><\/p><p class=\"p8\"><span class=\"s1\"><b>OBJE\u00c7\u00c3O EM MAT\u00c9RIA PR\u00d3PRIA CONTRA E-MAILS PUBLICIT\u00c1RIOS<\/b><\/span><\/p><p class=\"p8\"><span class=\"s1\">No \u00e2mbito da identifica\u00e7\u00e3o obrigat\u00f3ria do fornecedor, de acordo com o \u00a7 5 TMG, publicamos os dados gerais de contato e um endere\u00e7o de e-mail na impress\u00e3o do nosso site. Pelo presente nos opomos \u00e0 utiliza\u00e7\u00e3o destes dados de contacto para a transmiss\u00e3o n\u00e3o solicitada de material informativo, publicidade ou e-mails de spam que n\u00e3o tenham sido explicitamente solicitados por n\u00f3s.<\/span><\/p><p class=\"p8\">Utilizamos a ferramenta de consentimento &quot;Real Cookie Banner&quot; para gerir os cookies e tecnologias semelhantes (pix&eacute;is de rastreio, web beacons, etc.) utilizados e os respectivos consentimentos. Os pormenores sobre o funcionamento da &quot;Real Cookie Banner&quot; podem ser consultados em &lt;a href=&quot;\/pt\/&ldquo;https:\/\/devowl.io\/de\/rcb\/datenverarbeitung\/&ldquo;\/&quot; rel=&quot;&ldquo;noreferrer&ldquo;&quot; target=&quot;&ldquo;_blank&ldquo;&quot;&gt;https:\/\/devowl.io\/de\/rcb\/datenverarbeitung\/&lt;\/a&gt;.<\/p><p class=\"p8\">A base legal para o processamento de dados pessoais neste contexto \u00e9 o Art. 6, par\u00e1grafo 1 lit. c DS-GVO e Art. 6, par\u00e1grafo 1 lit. f DS-GVO. O nosso interesse leg\u00edtimo \u00e9 a gest\u00e3o dos cookies e tecnologias semelhantes utilizadas e os respectivos consentimentos.<\/p><p class=\"p8\">O fornecimento de dados pessoais n\u00e3o \u00e9 contratualmente exigido nem necess\u00e1rio para a celebra\u00e7\u00e3o de um contrato. O utilizador n\u00e3o \u00e9 obrigado a fornecer os dados pessoais. Se n\u00e3o fornecer os dados pessoais, n\u00e3o poderemos gerir os seus consentimentos.<\/p><p class=\"p8\"><span class=\"s1\">\u00daltima atualiza\u00e7\u00e3o em: 2.11.2023<\/span><\/p>\t\t\t\t\t\t\t\t<\/div>\n\t\t\t\t<\/div>\n\t\t\t\t\t<\/div>\n\t\t<\/div>\n\t\t\t\t\t<\/div>\n\t\t<\/section>\n\t\t\t\t<\/div>","protected":false},"excerpt":{"rendered":"<p>Datenschutzerkl\u00e4rung EINLEITUNG | VORWORT Wir freuen uns \u00fcber Ihr Interesse an dem Internetauftritt der Gradido Akademie. Das Vertrauen aller Besucher und Kunden und die Sicherheit Ihrer Daten und der Schutz Ihrer Privatsph\u00e4re sind uns ein wichtiges Anliegen. INHALT DIESER DATENSCHUTZERKL\u00c4RUNG Nachfolgend m\u00f6chten wir Ihnen erl\u00e4utern, welche Daten wir als Anbieter dieser Web-Site wann und zu [&hellip;]<\/p>\n","protected":false},"author":1,"featured_media":233,"parent":0,"menu_order":0,"comment_status":"closed","ping_status":"closed","template":"","meta":{"footnotes":""},"class_list":["post-3","page","type-page","status-publish","has-post-thumbnail","hentry"],"yoast_head":"<!-- This site is optimized with the Yoast SEO plugin v27.4 - https:\/\/yoast.com\/product\/yoast-seo-wordpress\/ -->\n<title>Datenschutz - Gradido<\/title>\n<meta name=\"description\" content=\"Wir freuen uns \u00fcber Ihr Interesse an dem Internetauftritt der Gradido Akademie. Das Vertrauen aller Besucher und Kunden und die Sicherheit Ihrer Daten und der Schutz Ihrer Privatsph\u00e4re sind uns ein wichtiges Anliegen\" \/>\n<meta name=\"robots\" content=\"index, follow, max-snippet:-1, max-image-preview:large, max-video-preview:-1\" \/>\n<link rel=\"canonical\" href=\"https:\/\/gradido.net\/pt\/datenschutz\/\" \/>\n<meta property=\"og:locale\" content=\"pt_PT\" \/>\n<meta property=\"og:type\" content=\"article\" \/>\n<meta property=\"og:title\" content=\"Datenschutz - Gradido\" \/>\n<meta property=\"og:description\" content=\"Wir freuen uns \u00fcber Ihr Interesse an dem Internetauftritt der Gradido Akademie. Das Vertrauen aller Besucher und Kunden und die Sicherheit Ihrer Daten und der Schutz Ihrer Privatsph\u00e4re sind uns ein wichtiges Anliegen\" \/>\n<meta property=\"og:url\" content=\"https:\/\/gradido.net\/pt\/datenschutz\/\" \/>\n<meta property=\"og:site_name\" content=\"Gradido\" \/>\n<meta property=\"article:modified_time\" content=\"2024-10-19T15:29:28+00:00\" \/>\n<meta property=\"og:image\" content=\"https:\/\/gradido.net\/wp-content\/uploads\/2020\/08\/slide-1.jpg\" \/>\n\t<meta property=\"og:image:width\" content=\"1920\" \/>\n\t<meta property=\"og:image:height\" content=\"900\" \/>\n\t<meta property=\"og:image:type\" content=\"image\/jpeg\" \/>\n<meta name=\"twitter:card\" content=\"summary_large_image\" \/>\n<meta name=\"twitter:label1\" content=\"Tempo estimado de leitura\" \/>\n\t<meta name=\"twitter:data1\" content=\"23 minutos\" \/>\n<script type=\"application\/ld+json\" class=\"yoast-schema-graph\">{\"@context\":\"https:\\\/\\\/schema.org\",\"@graph\":[{\"@type\":\"WebPage\",\"@id\":\"https:\\\/\\\/gradido.net\\\/en\\\/datenschutz\\\/\",\"url\":\"https:\\\/\\\/gradido.net\\\/en\\\/datenschutz\\\/\",\"name\":\"Datenschutz - Gradido\",\"isPartOf\":{\"@id\":\"https:\\\/\\\/gradido.net\\\/de\\\/#website\"},\"primaryImageOfPage\":{\"@id\":\"https:\\\/\\\/gradido.net\\\/en\\\/datenschutz\\\/#primaryimage\"},\"image\":{\"@id\":\"https:\\\/\\\/gradido.net\\\/en\\\/datenschutz\\\/#primaryimage\"},\"thumbnailUrl\":\"https:\\\/\\\/gradido.net\\\/wp-content\\\/uploads\\\/2020\\\/08\\\/slide-1.jpg\",\"datePublished\":\"2020-07-20T12:01:02+00:00\",\"dateModified\":\"2024-10-19T15:29:28+00:00\",\"description\":\"Wir freuen uns \u00fcber Ihr Interesse an dem Internetauftritt der Gradido Akademie. Das Vertrauen aller Besucher und Kunden und die Sicherheit Ihrer Daten und der Schutz Ihrer Privatsph\u00e4re sind uns ein wichtiges Anliegen\",\"breadcrumb\":{\"@id\":\"https:\\\/\\\/gradido.net\\\/en\\\/datenschutz\\\/#breadcrumb\"},\"inLanguage\":\"pt-PT\",\"potentialAction\":[{\"@type\":\"ReadAction\",\"target\":[\"https:\\\/\\\/gradido.net\\\/en\\\/datenschutz\\\/\"]}]},{\"@type\":\"ImageObject\",\"inLanguage\":\"pt-PT\",\"@id\":\"https:\\\/\\\/gradido.net\\\/en\\\/datenschutz\\\/#primaryimage\",\"url\":\"https:\\\/\\\/gradido.net\\\/wp-content\\\/uploads\\\/2020\\\/08\\\/slide-1.jpg\",\"contentUrl\":\"https:\\\/\\\/gradido.net\\\/wp-content\\\/uploads\\\/2020\\\/08\\\/slide-1.jpg\",\"width\":1920,\"height\":900},{\"@type\":\"BreadcrumbList\",\"@id\":\"https:\\\/\\\/gradido.net\\\/en\\\/datenschutz\\\/#breadcrumb\",\"itemListElement\":[{\"@type\":\"ListItem\",\"position\":1,\"name\":\"Startseite\",\"item\":\"https:\\\/\\\/gradido.net\\\/\"},{\"@type\":\"ListItem\",\"position\":2,\"name\":\"Datenschutz\"}]},{\"@type\":\"WebSite\",\"@id\":\"https:\\\/\\\/gradido.net\\\/de\\\/#website\",\"url\":\"https:\\\/\\\/gradido.net\\\/de\\\/\",\"name\":\"Gradido\",\"description\":\"Die neue W\u00e4hrung hei\u00dft Dankbarkeit\",\"publisher\":{\"@id\":\"https:\\\/\\\/gradido.net\\\/de\\\/#organization\"},\"potentialAction\":[{\"@type\":\"SearchAction\",\"target\":{\"@type\":\"EntryPoint\",\"urlTemplate\":\"https:\\\/\\\/gradido.net\\\/de\\\/?s={search_term_string}\"},\"query-input\":{\"@type\":\"PropertyValueSpecification\",\"valueRequired\":true,\"valueName\":\"search_term_string\"}}],\"inLanguage\":\"pt-PT\"},{\"@type\":\"Organization\",\"@id\":\"https:\\\/\\\/gradido.net\\\/de\\\/#organization\",\"name\":\"Gradido\",\"url\":\"https:\\\/\\\/gradido.net\\\/de\\\/\",\"logo\":{\"@type\":\"ImageObject\",\"inLanguage\":\"pt-PT\",\"@id\":\"https:\\\/\\\/gradido.net\\\/de\\\/#\\\/schema\\\/logo\\\/image\\\/\",\"url\":\"https:\\\/\\\/gradido.net\\\/wp-content\\\/uploads\\\/2022\\\/04\\\/gradido-social.jpg\",\"contentUrl\":\"https:\\\/\\\/gradido.net\\\/wp-content\\\/uploads\\\/2022\\\/04\\\/gradido-social.jpg\",\"width\":527,\"height\":273,\"caption\":\"Gradido\"},\"image\":{\"@id\":\"https:\\\/\\\/gradido.net\\\/de\\\/#\\\/schema\\\/logo\\\/image\\\/\"}}]}<\/script>\n<!-- \/ Yoast SEO plugin. -->","yoast_head_json":{"title":"Privacidade - Gradido","description":"Obrigado pelo seu interesse no s\u00edtio Web da Gradido Academy. A confian\u00e7a de todos os visitantes e clientes, a seguran\u00e7a dos seus dados e a protec\u00e7\u00e3o da sua privacidade s\u00e3o importantes para n\u00f3s.","robots":{"index":"index","follow":"follow","max-snippet":"max-snippet:-1","max-image-preview":"max-image-preview:large","max-video-preview":"max-video-preview:-1"},"canonical":"https:\/\/gradido.net\/pt\/datenschutz\/","og_locale":"pt_PT","og_type":"article","og_title":"Datenschutz - Gradido","og_description":"Wir freuen uns \u00fcber Ihr Interesse an dem Internetauftritt der Gradido Akademie. Das Vertrauen aller Besucher und Kunden und die Sicherheit Ihrer Daten und der Schutz Ihrer Privatsph\u00e4re sind uns ein wichtiges Anliegen","og_url":"https:\/\/gradido.net\/pt\/datenschutz\/","og_site_name":"Gradido","article_modified_time":"2024-10-19T15:29:28+00:00","og_image":[{"width":1920,"height":900,"url":"https:\/\/gradido.net\/wp-content\/uploads\/2020\/08\/slide-1.jpg","type":"image\/jpeg"}],"twitter_card":"summary_large_image","twitter_misc":{"Tempo estimado de leitura":"23 minutos"},"schema":{"@context":"https:\/\/schema.org","@graph":[{"@type":"WebPage","@id":"https:\/\/gradido.net\/en\/datenschutz\/","url":"https:\/\/gradido.net\/en\/datenschutz\/","name":"Privacidade - Gradido","isPartOf":{"@id":"https:\/\/gradido.net\/de\/#website"},"primaryImageOfPage":{"@id":"https:\/\/gradido.net\/en\/datenschutz\/#primaryimage"},"image":{"@id":"https:\/\/gradido.net\/en\/datenschutz\/#primaryimage"},"thumbnailUrl":"https:\/\/gradido.net\/wp-content\/uploads\/2020\/08\/slide-1.jpg","datePublished":"2020-07-20T12:01:02+00:00","dateModified":"2024-10-19T15:29:28+00:00","description":"Obrigado pelo seu interesse no s\u00edtio Web da Gradido Academy. A confian\u00e7a de todos os visitantes e clientes, a seguran\u00e7a dos seus dados e a protec\u00e7\u00e3o da sua privacidade s\u00e3o importantes para n\u00f3s.","breadcrumb":{"@id":"https:\/\/gradido.net\/en\/datenschutz\/#breadcrumb"},"inLanguage":"pt-PT","potentialAction":[{"@type":"ReadAction","target":["https:\/\/gradido.net\/en\/datenschutz\/"]}]},{"@type":"ImageObject","inLanguage":"pt-PT","@id":"https:\/\/gradido.net\/en\/datenschutz\/#primaryimage","url":"https:\/\/gradido.net\/wp-content\/uploads\/2020\/08\/slide-1.jpg","contentUrl":"https:\/\/gradido.net\/wp-content\/uploads\/2020\/08\/slide-1.jpg","width":1920,"height":900},{"@type":"BreadcrumbList","@id":"https:\/\/gradido.net\/en\/datenschutz\/#breadcrumb","itemListElement":[{"@type":"ListItem","position":1,"name":"Startseite","item":"https:\/\/gradido.net\/"},{"@type":"ListItem","position":2,"name":"Datenschutz"}]},{"@type":"WebSite","@id":"https:\/\/gradido.net\/de\/#website","url":"https:\/\/gradido.net\/de\/","name":"Gradido","description":"A nova moeda \u00e9 a gratid\u00e3o","publisher":{"@id":"https:\/\/gradido.net\/de\/#organization"},"potentialAction":[{"@type":"SearchAction","target":{"@type":"EntryPoint","urlTemplate":"https:\/\/gradido.net\/de\/?s={search_term_string}"},"query-input":{"@type":"PropertyValueSpecification","valueRequired":true,"valueName":"search_term_string"}}],"inLanguage":"pt-PT"},{"@type":"Organization","@id":"https:\/\/gradido.net\/de\/#organization","name":"Gradido","url":"https:\/\/gradido.net\/de\/","logo":{"@type":"ImageObject","inLanguage":"pt-PT","@id":"https:\/\/gradido.net\/de\/#\/schema\/logo\/image\/","url":"https:\/\/gradido.net\/wp-content\/uploads\/2022\/04\/gradido-social.jpg","contentUrl":"https:\/\/gradido.net\/wp-content\/uploads\/2022\/04\/gradido-social.jpg","width":527,"height":273,"caption":"Gradido"},"image":{"@id":"https:\/\/gradido.net\/de\/#\/schema\/logo\/image\/"}}]}},"_links":{"self":[{"href":"https:\/\/gradido.net\/pt\/wp-json\/wp\/v2\/pages\/3","targetHints":{"allow":["GET"]}}],"collection":[{"href":"https:\/\/gradido.net\/pt\/wp-json\/wp\/v2\/pages"}],"about":[{"href":"https:\/\/gradido.net\/pt\/wp-json\/wp\/v2\/types\/page"}],"author":[{"embeddable":true,"href":"https:\/\/gradido.net\/pt\/wp-json\/wp\/v2\/users\/1"}],"replies":[{"embeddable":true,"href":"https:\/\/gradido.net\/pt\/wp-json\/wp\/v2\/comments?post=3"}],"version-history":[{"count":22,"href":"https:\/\/gradido.net\/pt\/wp-json\/wp\/v2\/pages\/3\/revisions"}],"predecessor-version":[{"id":9689,"href":"https:\/\/gradido.net\/pt\/wp-json\/wp\/v2\/pages\/3\/revisions\/9689"}],"wp:featuredmedia":[{"embeddable":true,"href":"https:\/\/gradido.net\/pt\/wp-json\/wp\/v2\/media\/233"}],"wp:attachment":[{"href":"https:\/\/gradido.net\/pt\/wp-json\/wp\/v2\/media?parent=3"}],"curies":[{"name":"wp","href":"https:\/\/api.w.org\/{rel}","templated":true}]}}