{"id":10583,"date":"2025-07-27T16:08:15","date_gmt":"2025-07-27T14:08:15","guid":{"rendered":"https:\/\/gradido.net\/?page_id=10583"},"modified":"2025-10-04T11:55:27","modified_gmt":"2025-10-04T09:55:27","slug":"poverty-and-social-inequality","status":"publish","type":"page","link":"https:\/\/gradido.net\/ro\/countries\/philippines\/poverty-and-social-inequality\/","title":{"rendered":"S\u0103r\u0103cie \u0219i inegalitate social\u0103 Filipine"},"content":{"rendered":"<div data-elementor-type=\"wp-page\" data-elementor-id=\"10583\" class=\"elementor elementor-10583\" data-elementor-post-type=\"page\">\n\t\t\t\t\t\t<section class=\"elementor-section elementor-top-section elementor-element elementor-element-4ce3e8af elementor-section-full_width elementor-section-height-default elementor-section-height-default\" data-id=\"4ce3e8af\" data-element_type=\"section\" data-e-type=\"section\">\n\t\t\t\t\t\t<div class=\"elementor-container elementor-column-gap-no\">\n\t\t\t\t\t<div class=\"elementor-column elementor-col-100 elementor-top-column elementor-element elementor-element-efa8c8c\" data-id=\"efa8c8c\" data-element_type=\"column\" data-e-type=\"column\">\n\t\t\t<div class=\"elementor-widget-wrap elementor-element-populated\">\n\t\t\t\t\t\t<div class=\"elementor-element elementor-element-e088aa4 elementor--h-position-center elementor--v-position-middle elementor-arrows-position-inside elementor-widget elementor-widget-slides\" data-id=\"e088aa4\" data-element_type=\"widget\" data-e-type=\"widget\" data-settings=\"{&quot;navigation&quot;:&quot;arrows&quot;,&quot;autoplay&quot;:&quot;yes&quot;,&quot;pause_on_hover&quot;:&quot;yes&quot;,&quot;pause_on_interaction&quot;:&quot;yes&quot;,&quot;autoplay_speed&quot;:5000,&quot;infinite&quot;:&quot;yes&quot;,&quot;transition&quot;:&quot;slide&quot;,&quot;transition_speed&quot;:500}\" data-widget_type=\"slides.default\">\n\t\t\t\t<div class=\"elementor-widget-container\">\n\t\t\t\t\t\t\t\t\t<div class=\"elementor-swiper\">\n\t\t\t\t\t<div class=\"elementor-slides-wrapper elementor-main-swiper swiper\" role=\"region\" aria-roledescription=\"carousel\" aria-label=\"Slider\" dir=\"ltr\" data-animation=\"fadeInUp\">\n\t\t\t\t<div class=\"swiper-wrapper elementor-slides\">\n\t\t\t\t\t\t\t\t\t\t<div class=\"elementor-repeater-item-2de4990 swiper-slide\" role=\"group\" aria-roledescription=\"slide\"><div class=\"swiper-slide-bg\" role=\"img\" aria-label=\"manila-4503501_1280\"><\/div><div class=\"swiper-slide-inner\" ><div class=\"swiper-slide-contents\"><\/div><\/div><\/div><div class=\"elementor-repeater-item-28f126e swiper-slide\" role=\"group\" aria-roledescription=\"slide\"><div class=\"swiper-slide-bg\" role=\"img\" aria-label=\"philippines-4951855_1280\"><\/div><div class=\"swiper-slide-inner\" ><div class=\"swiper-slide-contents\"><\/div><\/div><\/div><div class=\"elementor-repeater-item-992da35 swiper-slide\" role=\"group\" aria-roledescription=\"slide\"><div class=\"swiper-slide-bg\" role=\"img\" aria-label=\"manila-2256322_1280\"><\/div><div class=\"swiper-slide-inner\" ><div class=\"swiper-slide-contents\"><\/div><\/div><\/div>\t\t\t\t<\/div>\n\t\t\t\t\t\t\t\t\t\t\t\t\t\t\t<div class=\"elementor-swiper-button elementor-swiper-button-prev\" role=\"button\" tabindex=\"0\" aria-label=\"Diapositive pr\u00e9c\u00e9dente\" data-no-translation-aria-label=\"\">\n\t\t\t\t\t\t\t<i aria-hidden=\"true\" class=\"eicon-chevron-left\"><\/i>\t\t\t\t\t\t<\/div>\n\t\t\t\t\t\t<div class=\"elementor-swiper-button elementor-swiper-button-next\" role=\"button\" tabindex=\"0\" aria-label=\"Diapositive suivante\" data-no-translation-aria-label=\"\">\n\t\t\t\t\t\t\t<i aria-hidden=\"true\" class=\"eicon-chevron-right\"><\/i>\t\t\t\t\t\t<\/div>\n\t\t\t\t\t\t\t\t\t\t\t\t\t\t\t\t\t<\/div>\n\t\t\t\t<\/div>\n\t\t\t\t\t\t\t\t<\/div>\n\t\t\t\t<\/div>\n\t\t\t\t\t<\/div>\n\t\t<\/div>\n\t\t\t\t\t<\/div>\n\t\t<\/section>\n\t\t\t\t<section class=\"elementor-section elementor-top-section elementor-element elementor-element-240baa7a elementor-section-boxed elementor-section-height-default elementor-section-height-default\" data-id=\"240baa7a\" data-element_type=\"section\" data-e-type=\"section\" data-settings=\"{&quot;background_background&quot;:&quot;classic&quot;}\">\n\t\t\t\t\t\t<div class=\"elementor-container elementor-column-gap-default\">\n\t\t\t\t\t<div class=\"elementor-column elementor-col-100 elementor-top-column elementor-element elementor-element-1afe9e42\" data-id=\"1afe9e42\" data-element_type=\"column\" data-e-type=\"column\">\n\t\t\t<div class=\"elementor-widget-wrap elementor-element-populated\">\n\t\t\t\t\t\t<div class=\"elementor-element elementor-element-65bd50ae elementor-widget elementor-widget-heading\" data-id=\"65bd50ae\" data-element_type=\"widget\" data-e-type=\"widget\" data-widget_type=\"heading.default\">\n\t\t\t\t<div class=\"elementor-widget-container\">\n\t\t\t\t\t<h1 class=\"elementor-heading-title elementor-size-default\">S\u0103r\u0103cia \u0219i inegalitatea social\u0103<\/h1>\t\t\t\t<\/div>\n\t\t\t\t<\/div>\n\t\t\t\t\t<\/div>\n\t\t<\/div>\n\t\t\t\t\t<\/div>\n\t\t<\/section>\n\t\t\t\t<section class=\"elementor-section elementor-top-section elementor-element elementor-element-446540f elementor-section-boxed elementor-section-height-default elementor-section-height-default\" data-id=\"446540f\" data-element_type=\"section\" data-e-type=\"section\">\n\t\t\t\t\t\t<div class=\"elementor-container elementor-column-gap-default\">\n\t\t\t\t\t<div class=\"elementor-column elementor-col-100 elementor-top-column elementor-element elementor-element-312a2d3\" data-id=\"312a2d3\" data-element_type=\"column\" data-e-type=\"column\">\n\t\t\t<div class=\"elementor-widget-wrap elementor-element-populated\">\n\t\t\t\t\t\t<div class=\"elementor-element elementor-element-a22561e elementor-nav-menu--dropdown-tablet elementor-nav-menu__text-align-aside elementor-nav-menu--toggle elementor-nav-menu--burger elementor-widget elementor-widget-nav-menu\" data-id=\"a22561e\" data-element_type=\"widget\" data-e-type=\"widget\" data-settings=\"{&quot;layout&quot;:&quot;horizontal&quot;,&quot;submenu_icon&quot;:{&quot;value&quot;:&quot;&lt;i class=\\&quot;fas fa-caret-down\\&quot; aria-hidden=\\&quot;true\\&quot;&gt;&lt;\\\/i&gt;&quot;,&quot;library&quot;:&quot;fa-solid&quot;},&quot;toggle&quot;:&quot;burger&quot;}\" data-widget_type=\"nav-menu.default\">\n\t\t\t\t<div class=\"elementor-widget-container\">\n\t\t\t\t\t\t\t\t<nav aria-label=\"Cercetare de \u021bar\u0103\" class=\"elementor-nav-menu--main elementor-nav-menu__container elementor-nav-menu--layout-horizontal e--pointer-underline e--animation-grow\">\n\t\t\t\t<ul id=\"menu-1-a22561e\" class=\"elementor-nav-menu\"><li class=\"menu-item menu-item-type-custom menu-item-object-custom menu-item-has-children menu-item-12305\"><a class=\"elementor-item\">Africa<\/a>\n<ul class=\"sub-menu elementor-nav-menu--dropdown\">\n\t<li class=\"menu-item menu-item-type-post_type menu-item-object-page menu-item-12253\"><a href=\"https:\/\/gradido.net\/ro\/countries\/afrika\/\" class=\"elementor-sub-item\">Africa, \u00eentregul continent<\/a><\/li>\n\t<li class=\"menu-item menu-item-type-post_type menu-item-object-page menu-item-13097\"><a href=\"https:\/\/gradido.net\/ro\/countries\/afrika\/dr-congo\/\" class=\"elementor-sub-item\">Republica Democrat\u0103 Congo<\/a><\/li>\n\t<li class=\"menu-item menu-item-type-post_type menu-item-object-page menu-item-12414\"><a href=\"https:\/\/gradido.net\/ro\/countries\/afrika\/kenya\/\" class=\"elementor-sub-item\">Kenya<\/a><\/li>\n\t<li class=\"menu-item menu-item-type-post_type menu-item-object-page menu-item-12737\"><a href=\"https:\/\/gradido.net\/ro\/countries\/afrika\/madagascar\/\" class=\"elementor-sub-item\">Madagascar<\/a><\/li>\n\t<li class=\"menu-item menu-item-type-post_type menu-item-object-page menu-item-12148\"><a href=\"https:\/\/gradido.net\/ro\/countries\/afrika\/namibia\/\" class=\"elementor-sub-item\">Namibia<\/a><\/li>\n\t<li class=\"menu-item menu-item-type-post_type menu-item-object-page menu-item-12839\"><a href=\"https:\/\/gradido.net\/ro\/countries\/afrika\/rwanda\/\" class=\"elementor-sub-item\">Rwanda<\/a><\/li>\n<\/ul>\n<\/li>\n<li class=\"menu-item menu-item-type-custom menu-item-object-custom menu-item-has-children menu-item-11798\"><a class=\"elementor-item\">America<\/a>\n<ul class=\"sub-menu elementor-nav-menu--dropdown\">\n\t<li class=\"menu-item menu-item-type-post_type menu-item-object-page menu-item-12463\"><a href=\"https:\/\/gradido.net\/ro\/countries\/usa\/\" class=\"elementor-sub-item\">SUA<\/a><\/li>\n\t<li class=\"menu-item menu-item-type-post_type menu-item-object-page menu-item-11791\"><a href=\"https:\/\/gradido.net\/ro\/countries\/mexico\/\" class=\"elementor-sub-item\">Mexic<\/a><\/li>\n<\/ul>\n<\/li>\n<li class=\"menu-item menu-item-type-custom menu-item-object-custom menu-item-has-children menu-item-11800\"><a class=\"elementor-item\">Asia<\/a>\n<ul class=\"sub-menu elementor-nav-menu--dropdown\">\n\t<li class=\"menu-item menu-item-type-post_type menu-item-object-page menu-item-11794\"><a href=\"https:\/\/gradido.net\/ro\/countries\/maledives\/\" class=\"elementor-sub-item\">Maldive<\/a><\/li>\n\t<li class=\"menu-item menu-item-type-post_type menu-item-object-page menu-item-11790\"><a href=\"https:\/\/gradido.net\/ro\/countries\/philippines\/\" class=\"elementor-sub-item\">Filipine<\/a><\/li>\n\t<li class=\"menu-item menu-item-type-post_type menu-item-object-page menu-item-11802\"><a href=\"https:\/\/gradido.net\/ro\/countries\/saudi-arabia\/\" class=\"elementor-sub-item\">Arabia Saudit\u0103<\/a><\/li>\n<\/ul>\n<\/li>\n<li class=\"menu-item menu-item-type-custom menu-item-object-custom menu-item-has-children menu-item-11797\"><a class=\"elementor-item\">Europa<\/a>\n<ul class=\"sub-menu elementor-nav-menu--dropdown\">\n\t<li class=\"menu-item menu-item-type-post_type menu-item-object-page menu-item-11805\"><a href=\"https:\/\/gradido.net\/ro\/countries\/germany\/\" class=\"elementor-sub-item\">Germania<\/a><\/li>\n\t<li class=\"menu-item menu-item-type-post_type menu-item-object-page menu-item-11803\"><a href=\"https:\/\/gradido.net\/ro\/countries\/greece\/\" class=\"elementor-sub-item\">Grecia<\/a><\/li>\n\t<li class=\"menu-item menu-item-type-post_type menu-item-object-page menu-item-11788\"><a href=\"https:\/\/gradido.net\/ro\/countries\/spain\/\" class=\"elementor-sub-item\">Spania<\/a><\/li>\n<\/ul>\n<\/li>\n<li class=\"menu-item menu-item-type-custom menu-item-object-custom menu-item-has-children menu-item-11801\"><a class=\"elementor-item\">Oceania<\/a>\n<ul class=\"sub-menu elementor-nav-menu--dropdown\">\n\t<li class=\"menu-item menu-item-type-post_type menu-item-object-page menu-item-11793\"><a href=\"https:\/\/gradido.net\/ro\/countries\/marshall-islands\/\" class=\"elementor-sub-item\">Insulele Marshall<\/a><\/li>\n\t<li class=\"menu-item menu-item-type-post_type menu-item-object-page menu-item-11795\"><a href=\"https:\/\/gradido.net\/ro\/countries\/tahiti\/\" class=\"elementor-sub-item\">Tahiti<\/a><\/li>\n<\/ul>\n<\/li>\n<\/ul>\t\t\t<\/nav>\n\t\t\t\t\t<div class=\"elementor-menu-toggle\" role=\"button\" tabindex=\"0\" aria-label=\"Comutare meniu\" aria-expanded=\"false\">\n\t\t\t<i aria-hidden=\"true\" role=\"presentation\" class=\"elementor-menu-toggle__icon--open eicon-menu-bar\"><\/i><i aria-hidden=\"true\" role=\"presentation\" class=\"elementor-menu-toggle__icon--close eicon-close\"><\/i>\t\t<\/div>\n\t\t\t\t\t<nav class=\"elementor-nav-menu--dropdown elementor-nav-menu__container\" aria-hidden=\"true\">\n\t\t\t\t<ul id=\"menu-2-a22561e\" class=\"elementor-nav-menu\"><li class=\"menu-item menu-item-type-custom menu-item-object-custom menu-item-has-children menu-item-12305\"><a class=\"elementor-item\" tabindex=\"-1\">Africa<\/a>\n<ul class=\"sub-menu elementor-nav-menu--dropdown\">\n\t<li class=\"menu-item menu-item-type-post_type menu-item-object-page menu-item-12253\"><a href=\"https:\/\/gradido.net\/ro\/countries\/afrika\/\" class=\"elementor-sub-item\" tabindex=\"-1\">Africa, \u00eentregul continent<\/a><\/li>\n\t<li class=\"menu-item menu-item-type-post_type menu-item-object-page menu-item-13097\"><a href=\"https:\/\/gradido.net\/ro\/countries\/afrika\/dr-congo\/\" class=\"elementor-sub-item\" tabindex=\"-1\">Republica Democrat\u0103 Congo<\/a><\/li>\n\t<li class=\"menu-item menu-item-type-post_type menu-item-object-page menu-item-12414\"><a href=\"https:\/\/gradido.net\/ro\/countries\/afrika\/kenya\/\" class=\"elementor-sub-item\" tabindex=\"-1\">Kenya<\/a><\/li>\n\t<li class=\"menu-item menu-item-type-post_type menu-item-object-page menu-item-12737\"><a href=\"https:\/\/gradido.net\/ro\/countries\/afrika\/madagascar\/\" class=\"elementor-sub-item\" tabindex=\"-1\">Madagascar<\/a><\/li>\n\t<li class=\"menu-item menu-item-type-post_type menu-item-object-page menu-item-12148\"><a href=\"https:\/\/gradido.net\/ro\/countries\/afrika\/namibia\/\" class=\"elementor-sub-item\" tabindex=\"-1\">Namibia<\/a><\/li>\n\t<li class=\"menu-item menu-item-type-post_type menu-item-object-page menu-item-12839\"><a href=\"https:\/\/gradido.net\/ro\/countries\/afrika\/rwanda\/\" class=\"elementor-sub-item\" tabindex=\"-1\">Rwanda<\/a><\/li>\n<\/ul>\n<\/li>\n<li class=\"menu-item menu-item-type-custom menu-item-object-custom menu-item-has-children menu-item-11798\"><a class=\"elementor-item\" tabindex=\"-1\">America<\/a>\n<ul class=\"sub-menu elementor-nav-menu--dropdown\">\n\t<li class=\"menu-item menu-item-type-post_type menu-item-object-page menu-item-12463\"><a href=\"https:\/\/gradido.net\/ro\/countries\/usa\/\" class=\"elementor-sub-item\" tabindex=\"-1\">SUA<\/a><\/li>\n\t<li class=\"menu-item menu-item-type-post_type menu-item-object-page menu-item-11791\"><a href=\"https:\/\/gradido.net\/ro\/countries\/mexico\/\" class=\"elementor-sub-item\" tabindex=\"-1\">Mexic<\/a><\/li>\n<\/ul>\n<\/li>\n<li class=\"menu-item menu-item-type-custom menu-item-object-custom menu-item-has-children menu-item-11800\"><a class=\"elementor-item\" tabindex=\"-1\">Asia<\/a>\n<ul class=\"sub-menu elementor-nav-menu--dropdown\">\n\t<li class=\"menu-item menu-item-type-post_type menu-item-object-page menu-item-11794\"><a href=\"https:\/\/gradido.net\/ro\/countries\/maledives\/\" class=\"elementor-sub-item\" tabindex=\"-1\">Maldive<\/a><\/li>\n\t<li class=\"menu-item menu-item-type-post_type menu-item-object-page menu-item-11790\"><a href=\"https:\/\/gradido.net\/ro\/countries\/philippines\/\" class=\"elementor-sub-item\" tabindex=\"-1\">Filipine<\/a><\/li>\n\t<li class=\"menu-item menu-item-type-post_type menu-item-object-page menu-item-11802\"><a href=\"https:\/\/gradido.net\/ro\/countries\/saudi-arabia\/\" class=\"elementor-sub-item\" tabindex=\"-1\">Arabia Saudit\u0103<\/a><\/li>\n<\/ul>\n<\/li>\n<li class=\"menu-item menu-item-type-custom menu-item-object-custom menu-item-has-children menu-item-11797\"><a class=\"elementor-item\" tabindex=\"-1\">Europa<\/a>\n<ul class=\"sub-menu elementor-nav-menu--dropdown\">\n\t<li class=\"menu-item menu-item-type-post_type menu-item-object-page menu-item-11805\"><a href=\"https:\/\/gradido.net\/ro\/countries\/germany\/\" class=\"elementor-sub-item\" tabindex=\"-1\">Germania<\/a><\/li>\n\t<li class=\"menu-item menu-item-type-post_type menu-item-object-page menu-item-11803\"><a href=\"https:\/\/gradido.net\/ro\/countries\/greece\/\" class=\"elementor-sub-item\" tabindex=\"-1\">Grecia<\/a><\/li>\n\t<li class=\"menu-item menu-item-type-post_type menu-item-object-page menu-item-11788\"><a href=\"https:\/\/gradido.net\/ro\/countries\/spain\/\" class=\"elementor-sub-item\" tabindex=\"-1\">Spania<\/a><\/li>\n<\/ul>\n<\/li>\n<li class=\"menu-item menu-item-type-custom menu-item-object-custom menu-item-has-children menu-item-11801\"><a class=\"elementor-item\" tabindex=\"-1\">Oceania<\/a>\n<ul class=\"sub-menu elementor-nav-menu--dropdown\">\n\t<li class=\"menu-item menu-item-type-post_type menu-item-object-page menu-item-11793\"><a href=\"https:\/\/gradido.net\/ro\/countries\/marshall-islands\/\" class=\"elementor-sub-item\" tabindex=\"-1\">Insulele Marshall<\/a><\/li>\n\t<li class=\"menu-item menu-item-type-post_type menu-item-object-page menu-item-11795\"><a href=\"https:\/\/gradido.net\/ro\/countries\/tahiti\/\" class=\"elementor-sub-item\" tabindex=\"-1\">Tahiti<\/a><\/li>\n<\/ul>\n<\/li>\n<\/ul>\t\t\t<\/nav>\n\t\t\t\t\t\t<\/div>\n\t\t\t\t<\/div>\n\t\t\t\t<div class=\"elementor-element elementor-element-cb49367 elementor-widget elementor-widget-breadcrumbs\" data-id=\"cb49367\" data-element_type=\"widget\" data-e-type=\"widget\" data-widget_type=\"breadcrumbs.default\">\n\t\t\t\t<div class=\"elementor-widget-container\">\n\t\t\t\t\t<p id=\"breadcrumbs\"><span><span><a href=\"https:\/\/gradido.net\/ro\/\">Pagina de start<\/a><\/span><\/span><\/p>\t\t\t\t<\/div>\n\t\t\t\t<\/div>\n\t\t\t\t<div class=\"elementor-element elementor-element-a9db9a5 elementor-widget elementor-widget-text-editor\" data-id=\"a9db9a5\" data-element_type=\"widget\" data-e-type=\"widget\" data-widget_type=\"text-editor.default\">\n\t\t\t\t<div class=\"elementor-widget-container\">\n\t\t\t\t\t\t\t\t\t<h3 style=\"text-align: center;\"><a href=\"https:\/\/gradido.net\/ro\/countries\/philippines\/\"><strong>Pagina principal\u0103: Filipine<\/strong><\/a><\/h3><p style=\"text-align: center;\"><a href=\"https:\/\/gradido.net\/ro\/countries\/philippines\/economy-and-society\/\">1. economie \u0219i societate<\/a><br \/><a href=\"https:\/\/gradido.net\/ro\/countries\/philippines\/income-and-standard-of-living\/\">2 Venituri \u0219i nivel de trai<\/a><br \/><a href=\"https:\/\/gradido.net\/ro\/countries\/philippines\/labor-migration-and-foreign-employment\/\">3 Migra\u021bia for\u021bei de munc\u0103 \u0219i ocuparea for\u021bei de munc\u0103 \u00een str\u0103in\u0103tate<\/a><br \/><strong>4 S\u0103r\u0103cia \u0219i inegalitatea social\u0103<\/strong><br \/><a href=\"https:\/\/gradido.net\/ro\/countries\/philippines\/common-good-and-solidarity\/\">5 Bunul comun \u0219i solidaritatea<\/a><br \/><a href=\"https:\/\/gradido.net\/ro\/countries\/philippines\/educational-situation\/\">6 Situa\u021bia educa\u021bional\u0103 a copiilor dezavantaja\u021bi<\/a><br \/><a href=\"https:\/\/gradido.net\/ro\/countries\/philippines\/health-and-retirement-provision\/\">7 S\u0103n\u0103tate, securitate social\u0103 \u0219i pensii<\/a><br \/><a href=\"https:\/\/gradido.net\/ro\/countries\/philippines\/care-work-and-commitment\/\">8 Recunoa\u0219terea muncii de \u00eengrijire \u0219i a angajamentului<\/a><br \/><a href=\"https:\/\/gradido.net\/ro\/countries\/philippines\/digitization-and-alternative-models\/\">9.inovare, digitalizare \u0219i modele economice alternative<\/a><br \/><a href=\"https:\/\/gradido.net\/ro\/countries\/philippines\/community-based-economy-and-parallel-currencies\/\">10.economia bazat\u0103 pe comunitate \u0219i monedele paralele<\/a><br \/><a href=\"https:\/\/gradido.net\/ro\/countries\/philippines\/potential-and-challenges\/\">11 Poten\u021bial \u0219i provoc\u0103ri pentru Gradido<\/a><br \/><a href=\"https:\/\/gradido.net\/ro\/countries\/philippines\/international-cooperation\/\">12. cooperare interna\u021bional\u0103, ONG-uri \u0219i proiecte guvernamentale de dezvoltare<\/a><\/p>\t\t\t\t\t\t\t\t<\/div>\n\t\t\t\t<\/div>\n\t\t\t\t<div class=\"elementor-element elementor-element-d7bb196 elementor-widget-divider--view-line elementor-widget elementor-widget-divider\" data-id=\"d7bb196\" data-element_type=\"widget\" data-e-type=\"widget\" data-widget_type=\"divider.default\">\n\t\t\t\t<div class=\"elementor-widget-container\">\n\t\t\t\t\t\t\t<div class=\"elementor-divider\">\n\t\t\t<span class=\"elementor-divider-separator\">\n\t\t\t\t\t\t<\/span>\n\t\t<\/div>\n\t\t\t\t\t\t<\/div>\n\t\t\t\t<\/div>\n\t\t\t\t<div class=\"elementor-element elementor-element-146ff9d elementor-widget elementor-widget-text-editor\" data-id=\"146ff9d\" data-element_type=\"widget\" data-e-type=\"widget\" data-widget_type=\"text-editor.default\">\n\t\t\t\t<div class=\"elementor-widget-container\">\n\t\t\t\t\t\t\t\t\t<div class=\"wiki-page-header-wrapper\"><h1 id=\"hauptgr%C3%BCnde-f%C3%BCr-armut%2C-soziale-ungleichheit-und-wirtschaftliche-unsicherheit-auf-den-philippinen\" tabindex=\"-1\">Principalele cauze ale s\u0103r\u0103ciei, inegalit\u0103\u021bii sociale \u0219i insecurit\u0103\u021bii economice \u00een Filipine<\/h1><\/div><div class=\"wiki-page-header-wrapper\"><h2 id=\"1.-strukturelle-und-historische-ursachen\" tabindex=\"-1\">1. cauze structurale \u0219i istorice<\/h2><ul><li><strong>Distribu\u021bia inegal\u0103 a resurselor \u0219i a bog\u0103\u021biei<\/strong>O propor\u021bie semnificativ\u0103 a venitului na\u021bional este concentrat\u0103 \u00eentr-o mic\u0103 elit\u0103. Cei mai boga\u021bi 1 % primesc 17 % din venit, \u00een timp ce cei mai s\u0103raci 50 % \u00eempart doar 14 %<a href=\"https:\/\/documents1.worldbank.org\/curated\/en\/099325011232224571\/pdf\/P17486101e29310810abaf0e8e336aed85a.pdf\" target=\"_blank\" rel=\"noopener noreferrer nofollow\">^1<\/a>.<\/li><li><strong>Politica funciar\u0103 istoric\u0103 \u0219i patrimoniul colonial<\/strong>Concentrarea terenurilor \u0219i lipsa reformelor agrare conduc \u0219i ast\u0103zi la dezavantaje structurale pentru grupurile rurale \u0219i indigene<a href=\"https:\/\/www.nipino.com\/poverty-in-the-philippines-understanding-its-root-causes\" target=\"_blank\" rel=\"noopener noreferrer nofollow\">^3<\/a>.<\/li><li><strong>Structuri oligarhice \u0219i dinastii politice<\/strong>Familiile puternice controleaz\u0103 politica \u0219i economia, bloc\u00e2nd reformele \u0219i \u00eempiedic\u00e2nd egalitatea de \u0219anse<a href=\"https:\/\/bti-project.org\/en\/reports\/country-report\/PHL\" target=\"_blank\" rel=\"noopener noreferrer nofollow\">^3<\/a>.<\/li><\/ul><\/div><div class=\"wiki-page-header-wrapper\"><h2 id=\"2.-wirtschaftliche-faktoren\" tabindex=\"-1\">2. factori economici<\/h2><ul><li><strong>Cre\u0219tere economic\u0103 sc\u0103zut\u0103 \u0219i inegal distribuit\u0103<\/strong>De multe ori, de cre\u0219terea economic\u0103 beneficiaz\u0103 doar centrele urbane, \u00een timp ce regiunile rurale sunt l\u0103sate \u00een urm\u0103. Agricultura r\u0103m\u00e2ne subdezvoltat\u0103 \u0219i neproductiv\u0103<a href=\"https:\/\/en.wikipedia.org\/wiki\/Poverty_in_the_Philippines\" target=\"_blank\" rel=\"noopener noreferrer nofollow\">^6<\/a>.<\/li><li><strong>Slaba creare de locuri de munc\u0103 \u0219i subocuparea ridicat\u0103<\/strong>Multe locuri de munc\u0103 sunt informale, prost pl\u0103tite sau sezoniere. Tinerii \u0219i lucr\u0103torii slab califica\u021bi sunt deosebit de afecta\u021bi<a href=\"https:\/\/documents1.worldbank.org\/curated\/ar\/979071488446669580\/pdf\/113101-WP-P150535-PUBLIC-ACS.pdf\" target=\"_blank\" rel=\"noopener noreferrer nofollow\">^6<\/a>.<\/li><li><strong>Infla\u021bie ridicat\u0103 \u0219i \u0219ocuri ale pre\u021burilor<\/strong>Cre\u0219terea costului vie\u021bii, \u00een special al alimentelor, agraveaz\u0103 nesiguran\u021ba gospod\u0103riilor s\u0103race<a href=\"https:\/\/carnegieendowment.org\/posts\/2022\/07\/why-the-philippines-is-so-vulnerable-to-food-inflation?lang=en\" target=\"_blank\" rel=\"noopener noreferrer nofollow\">^8<\/a>.<\/li><li><strong>Dependen\u021ba de transferurile bancare<\/strong>Remiten\u021bele migran\u021bilor care lucreaz\u0103 sunt vitale pentru supravie\u021buirea multor familii, dar creeaz\u0103, de asemenea, dependen\u021b\u0103 \u0219i nesiguran\u021b\u0103<a href=\"https:\/\/outreach-international.org\/blog\/poverty-in-the-philippines\/\" target=\"_blank\" rel=\"noopener noreferrer nofollow\">^6<\/a>.<\/li><\/ul><\/div><div class=\"wiki-page-header-wrapper\"><h2 id=\"3.-soziale-ursachen\" tabindex=\"-1\">3. cauze sociale<\/h2><ul><li><strong>Acces inegal la educa\u021bie \u0219i asisten\u021b\u0103 medical\u0103<\/strong>Multe persoane, \u00een special \u00een zonele rurale, nu au acces la educa\u021bie \u0219i asisten\u021b\u0103 medical\u0103 de \u00eenalt\u0103 calitate. Acest lucru \u00eempiedic\u0103 mobilitatea social\u0103 \u0219i agraveaz\u0103 s\u0103r\u0103cia<a href=\"https:\/\/en.wikipedia.org\/wiki\/Income_inequality_in_the_Philippines\" target=\"_blank\" rel=\"noopener noreferrer nofollow\">^4<\/a><a href=\"https:\/\/documents1.worldbank.org\/curated\/en\/099325011232224571\/pdf\/P17486101e29310810abaf0e8e336aed85a.pdf\" target=\"_blank\" rel=\"noopener noreferrer nofollow\">^2<\/a>.<\/li><li><strong>Sisteme de securitate social\u0103 limitate<\/strong>: Ajutorul de stat adesea nu ajunge la cei care au cel mai mult nevoie sau este dotat cu resurse inadecvate<a href=\"https:\/\/outreach-international.org\/blog\/poverty-in-the-philippines\/\" target=\"_blank\" rel=\"noopener noreferrer nofollow\">^8<\/a>.<\/li><li><strong>Discriminare \u0219i marginalizare<\/strong>Persoanele indigene, femeile \u0219i persoanele cu handicap sunt deosebit de dezavantajate \u0219i au mai pu\u021bine oportunit\u0103\u021bi pe pia\u021ba muncii \u0219i \u00een sistemul educa\u021bional<a href=\"https:\/\/en.wikipedia.org\/wiki\/Income_inequality_in_the_Philippines\" target=\"_blank\" rel=\"noopener noreferrer nofollow\">^4<\/a>.<\/li><\/ul><\/div><div class=\"wiki-page-header-wrapper\"><h2 id=\"4.-politische-und-institutionelle-faktoren\" tabindex=\"-1\">4. factori politici \u0219i institu\u021bionali<\/h2><ul><li><strong>Corup\u021bie \u0219i guvernare deficitar\u0103<\/strong>Corup\u021bia la toate nivelurile conduce la o utilizare ineficient\u0103 a fondurilor \u0219i \u00eempiedic\u0103 reducerea specific\u0103 a s\u0103r\u0103ciei<a href=\"https:\/\/en.wikipedia.org\/wiki\/Income_inequality_in_the_Philippines\" target=\"_blank\" rel=\"noopener noreferrer nofollow\">^3<\/a><a href=\"https:\/\/bti-project.org\/en\/reports\/country-report\/PHL\" target=\"_blank\" rel=\"noopener noreferrer nofollow\">^5<\/a>.<\/li><li><strong>Clientelism \u0219i sisteme de patronaj<\/strong>Puterea politic\u0103 este adesea folosit\u0103 pentru c\u00e2\u0219tiguri personale \u0219i pentru a favoriza clanurile familiale, nu pentru binele comun<a href=\"https:\/\/bti-project.org\/en\/reports\/country-report\/PHL\" target=\"_blank\" rel=\"noopener noreferrer nofollow\">^3<\/a>.<\/li><li><strong>Institu\u021bii slabe<\/strong>Lipsa aplic\u0103rii legii \u0219i a transparen\u021bei \u00eempiedic\u0103 dezvoltarea durabil\u0103<a href=\"https:\/\/bti-project.org\/en\/reports\/country-report\/PHL\" target=\"_blank\" rel=\"noopener noreferrer nofollow\">^6<\/a>.<\/li><\/ul><\/div><div class=\"wiki-page-header-wrapper\"><h2 id=\"5.-demografische-und-geografische-faktoren\" tabindex=\"-1\">5 Factori demografici \u0219i geografici<\/h2><ul><li><strong>Cre\u0219terea popula\u021biei<\/strong>Cre\u0219terea ridicat\u0103 a popula\u021biei dep\u0103\u0219e\u0219te adesea crearea de noi locuri de munc\u0103 \u0219i pune presiune pe infrastructur\u0103 \u0219i pe serviciile sociale<a href=\"https:\/\/borgenproject.org\/poverty-in-the-philippines-2\/\" target=\"_blank\" rel=\"noopener noreferrer nofollow\">^6<\/a>.<\/li><li><strong>Disparit\u0103\u021bi regionale<\/strong>S\u0103r\u0103cia este concentrat\u0103 \u00een zonele rurale, \u00een regiunile izolate \u0219i \u00een regiunile afectate de dezastre naturale<a href=\"https:\/\/outreach-international.org\/blog\/poverty-in-the-philippines\/\" target=\"_blank\" rel=\"noopener noreferrer nofollow\">^6<\/a>.<\/li><li><strong>Dezastre naturale \u0219i schimb\u0103ri climatice<\/strong>Filipine sunt extrem de vulnerabile la taifunuri, inunda\u021bii \u0219i cutremure. Aceste evenimente distrug \u00een mod regulat mijloacele de subzisten\u021b\u0103 \u0219i exacerbeaz\u0103 insecuritatea \u0219i s\u0103r\u0103cia<a href=\"https:\/\/outreach-international.org\/blog\/poverty-in-the-philippines\/\" target=\"_blank\" rel=\"noopener noreferrer nofollow\">^3<\/a>.<\/li><\/ul><\/div><div class=\"wiki-page-header-wrapper\"><h2 id=\"6.-weitere-aktuelle-herausforderungen\" tabindex=\"-1\">6 Alte provoc\u0103ri actuale<\/h2><ul><li><strong>Consecin\u021bele pandemiei COVID-19<\/strong>: Pandemia a exacerbat s\u0103r\u0103cia \u0219i inegalitatea, deoarece mul\u021bi oameni \u0219i-au pierdut locurile de munc\u0103, iar ajutorul de stat a fost adesea insuficient<a href=\"https:\/\/mb.com.ph\/2022\/11\/26\/lets-address-wealth-inequality\" target=\"_blank\" rel=\"noopener noreferrer nofollow\">^10<\/a>.<\/li><li><strong>Incertitudini globale<\/strong>Crizele globale, precum tensiunile geopolitice sau cre\u0219terea pre\u021burilor la energie, au un impact direct asupra stabilit\u0103\u021bii economice<a href=\"https:\/\/www.gov.uk\/government\/publications\/economic-security-in-the-philippines-invitation-for-expressions-of-interest\/economic-security-in-the-philippines-invitation-for-expressions-of-interest\" target=\"_blank\" rel=\"noopener noreferrer nofollow\">^8<\/a>.<\/li><\/ul><p><strong>Concluzie:<\/strong> S\u0103r\u0103cia, inegalitatea social\u0103 \u0219i insecuritatea economic\u0103 din Filipine sunt rezultatul unei interac\u021biuni complexe de factori istorici, economici, sociali, politici \u0219i geografici. Solu\u021biile durabile necesit\u0103 reforme profunde, investi\u021bii specifice \u00een educa\u021bie \u0219i s\u0103n\u0103tate, o distribu\u021bie mai echitabil\u0103 a resurselor \u0219i o reducere a corup\u021biei \u0219i a concentr\u0103rii puterii<a href=\"https:\/\/en.wikipedia.org\/wiki\/Poverty_in_the_Philippines\" target=\"_blank\" rel=\"noopener noreferrer nofollow\">^6<\/a><a href=\"https:\/\/www.nipino.com\/poverty-in-the-philippines-understanding-its-root-causes\" target=\"_blank\" rel=\"noopener noreferrer nofollow\">^4<\/a>.<\/p><hr \/><\/div><div class=\"wiki-page-header-wrapper\"><h2 id=\"kommentar-von-nea\" tabindex=\"-1\">Evaluare suplimentar\u0103 din perspectiva Gradido<\/h2><p>Privirea de ansamblu dezv\u0103luie necru\u021b\u0103tor c\u00e2t de multe straturi \u0219i \u00eencurc\u0103turi alc\u0103tuiesc aceast\u0103 problem\u0103 uman\u0103 major\u0103. \u00cen acela\u0219i timp, \u00eens\u0103, arat\u0103 domeniile \u00een care putem ini\u021bia o schimbare cu o viziune iubitoare, orientat\u0103 spre binele comun, precum Gradido.<\/p><p><strong>Evaluare suplimentar\u0103 \u0219i perspectiv\u0103 gradido:<\/strong><\/p><ul><li><strong>Distribu\u021bia inegal\u0103 \u0219i oligarhia:<\/strong> Puterea elitelor este deosebit de influent\u0103 - privilegiile politice, economice \u0219i sociale sunt mo\u0219tenite, \u00een timp ce milioane de oameni nu au aproape nicio \u0219ans\u0103 de participare \u0219i progres personal. Distribu\u021bia inegal\u0103 a terenurilor este o mo\u0219tenire a dezvolt\u0103rii coloniale care continu\u0103 s\u0103 divizeze familii, regiuni \u0219i popoare \u00eentregi p\u00e2n\u0103 \u00een prezent.<\/li><li><strong>Institu\u021bii slabe \u0219i corup\u021bie:<\/strong> O dezvoltare s\u0103n\u0103toas\u0103 necesit\u0103 \u00eencredere - \u00eens\u0103 corup\u021bia \u0219i clientelismul distrug \u021besutul social, absorb resursele \u0219i \u00eempiedic\u0103 acordarea unui ajutor bine direc\u021bionat. Acest lucru submineaz\u0103 prosperitatea demn\u0103 \u0219i participativ\u0103 de la baz\u0103.<\/li><li><strong>Educa\u021bie, s\u0103n\u0103tate \u0219i securitate social\u0103:<\/strong> Acolo unde educa\u021bia \u0219i \u00eengrijirea sunt accesibile doar celor privilegia\u021bi, poten\u021bialul r\u0103m\u00e2ne nedescoperit, iar disperarea cre\u0219te. Acest lucru afecteaz\u0103 \u00een special locuitorii din mediul rural, minorit\u0103\u021bile, femeile \u0219i persoanele cu handicap. Lipsa securit\u0103\u021bii sociale exacerbeaz\u0103, de asemenea, temerile legate de declinul social.<\/li><li><strong>Dependen\u021be controlate din exterior:<\/strong> Nivelul ridicat al migra\u021biei for\u021bei de munc\u0103 \u0219i ponderea remiten\u021belor ofer\u0103 o u\u0219urare financiar\u0103, dar, \u00een acela\u0219i timp, sporesc dependen\u021ba structural\u0103 - \u00een locul dezvolt\u0103rii locale durabile.<\/li><li><strong>Natur\u0103 \u0219i clim\u0103:<\/strong> Dezastrele recurente \u00eei afecteaz\u0103 \u00een mod deosebit pe cei mai s\u0103raci \u0219i \u00eei aduc \u00een mod repetat pe oameni \u00eenapoi la zero.<\/li><\/ul><p><strong>Ce ar putea face Gradido diferit:<\/strong><\/p><ul><li>Distribui\u021bi \u0219i crea\u021bi valoare \u00een loc s\u0103 v\u0103 concentra\u021bi: Venitul de baz\u0103 activ \u0219i promovarea binelui comun fac posibil\u0103 participarea - indiferent de origine, avere sau statut.<\/li><li>Aprecierea tuturor contribu\u021biilor semnificative la binele comun: munca de \u00eengrijire, educa\u021bia, \u00eengrijirea mediului \u0219i ac\u021biunile de vecin\u0103tate sunt recunoscute pentru prima dat\u0103 ca fiind valoroase.<\/li><li>Promovarea proiectelor locale durabile care consolideaz\u0103 rezisten\u021ba la criz\u0103 \u0219i comunitatea.<\/li><li>Structurile democratice, transparen\u021ba \u0219i co-determinarea \u00eenl\u0103tur\u0103 blocajul elitelor.<\/li><\/ul><p>Iubitori, intergenera\u021bionali \u0219i aten\u021bi la ciclurile naturale, \u00eempreun\u0103 putem ajuta s\u0103r\u0103cia, marginalizarea \u0219i incertitudinea s\u0103 dispar\u0103 din ce \u00een ce mai mult. S\u0103 continu\u0103m s\u0103 lucr\u0103m \u00een acest sens cu curaj \u0219i sinceritate!<\/p><\/div>\t\t\t\t\t\t\t\t<\/div>\n\t\t\t\t<\/div>\n\t\t\t\t\t<\/div>\n\t\t<\/div>\n\t\t\t\t\t<\/div>\n\t\t<\/section>\n\t\t\t\t<\/div>","protected":false},"excerpt":{"rendered":"<p>Armut und soziale Ungleichheit Hauptseite: Philippinen 1. Wirtschaft und Gesellschaft2.Einkommen und Lebensstandard3.Arbeitsmigration und Auslandserwerbst\u00e4tigkeit4.Armut und soziale Ungleichheit5.Gemeinwohl und Solidarit\u00e4t6.Bildungssituation benachteiligter Kinder7.Gesundheit, soziale Sicherung und Altersvorsorge8.Anerkennung von Care-Arbeit und Engagement9.Innovationen, Digitalisierung und alternative Wirtschaftsmodelle10.Gemeinschaftsbasierte \u00d6konomie und Parallelw\u00e4hrungen11.Potenziale und Herausforderungen f\u00fcr Gradido12. Internationale Kooperationen, NGOs und staatliche Entwicklungsprojekte Hauptgr\u00fcnde f\u00fcr Armut, soziale Ungleichheit und wirtschaftliche Unsicherheit auf [&hellip;]<\/p>\n","protected":false},"author":2,"featured_media":10458,"parent":10540,"menu_order":0,"comment_status":"closed","ping_status":"closed","template":"","meta":{"footnotes":""},"class_list":["post-10583","page","type-page","status-publish","has-post-thumbnail","hentry"],"yoast_head":"<!-- This site is optimized with the Yoast SEO plugin v27.5 - https:\/\/yoast.com\/product\/yoast-seo-wordpress\/ -->\n<title>Armut und soziale Ungleichheit Philippinen - Gradido<\/title>\n<meta name=\"description\" content=\"Sei Teil der Bewegung!Gemeinsam bringen wir Gradido in die Welt.\" \/>\n<meta name=\"robots\" content=\"index, follow, max-snippet:-1, max-image-preview:large, max-video-preview:-1\" \/>\n<link rel=\"canonical\" href=\"https:\/\/gradido.net\/ro\/countries\/philippines\/poverty-and-social-inequality\/\" \/>\n<meta property=\"og:locale\" content=\"ro_RO\" \/>\n<meta property=\"og:type\" content=\"article\" \/>\n<meta property=\"og:title\" content=\"Armut und soziale Ungleichheit Philippinen - Gradido\" \/>\n<meta property=\"og:description\" content=\"Sei Teil der Bewegung!Gemeinsam bringen wir Gradido in die Welt.\" \/>\n<meta property=\"og:url\" content=\"https:\/\/gradido.net\/ro\/countries\/philippines\/poverty-and-social-inequality\/\" \/>\n<meta property=\"og:site_name\" content=\"Gradido\" \/>\n<meta property=\"article:modified_time\" content=\"2025-10-04T09:55:27+00:00\" \/>\n<meta property=\"og:image\" content=\"https:\/\/gradido.net\/wp-content\/uploads\/2025\/07\/AdobeStock_3210827871-scaled.jpeg\" \/>\n\t<meta property=\"og:image:width\" content=\"2560\" \/>\n\t<meta property=\"og:image:height\" content=\"790\" \/>\n\t<meta property=\"og:image:type\" content=\"image\/jpeg\" \/>\n<meta name=\"twitter:card\" content=\"summary_large_image\" \/>\n<meta name=\"twitter:label1\" content=\"Timp estimat pentru citire\" \/>\n\t<meta name=\"twitter:data1\" content=\"5 minute\" \/>\n<script type=\"application\/ld+json\" class=\"yoast-schema-graph\">{\"@context\":\"https:\\\/\\\/schema.org\",\"@graph\":[{\"@type\":\"WebPage\",\"@id\":\"https:\\\/\\\/gradido.net\\\/countries\\\/philippines\\\/poverty-and-social-inequality\\\/\",\"url\":\"https:\\\/\\\/gradido.net\\\/countries\\\/philippines\\\/poverty-and-social-inequality\\\/\",\"name\":\"Armut und soziale Ungleichheit Philippinen - Gradido\",\"isPartOf\":{\"@id\":\"https:\\\/\\\/gradido.net\\\/de\\\/#website\"},\"primaryImageOfPage\":{\"@id\":\"https:\\\/\\\/gradido.net\\\/countries\\\/philippines\\\/poverty-and-social-inequality\\\/#primaryimage\"},\"image\":{\"@id\":\"https:\\\/\\\/gradido.net\\\/countries\\\/philippines\\\/poverty-and-social-inequality\\\/#primaryimage\"},\"thumbnailUrl\":\"https:\\\/\\\/gradido.net\\\/wp-content\\\/uploads\\\/2025\\\/07\\\/AdobeStock_3210827871-scaled.jpeg\",\"datePublished\":\"2025-07-27T14:08:15+00:00\",\"dateModified\":\"2025-10-04T09:55:27+00:00\",\"description\":\"Sei Teil der Bewegung!Gemeinsam bringen wir Gradido in die Welt.\",\"breadcrumb\":{\"@id\":\"https:\\\/\\\/gradido.net\\\/countries\\\/philippines\\\/poverty-and-social-inequality\\\/#breadcrumb\"},\"inLanguage\":\"ro-RO\",\"potentialAction\":[{\"@type\":\"ReadAction\",\"target\":[\"https:\\\/\\\/gradido.net\\\/countries\\\/philippines\\\/poverty-and-social-inequality\\\/\"]}]},{\"@type\":\"ImageObject\",\"inLanguage\":\"ro-RO\",\"@id\":\"https:\\\/\\\/gradido.net\\\/countries\\\/philippines\\\/poverty-and-social-inequality\\\/#primaryimage\",\"url\":\"https:\\\/\\\/gradido.net\\\/wp-content\\\/uploads\\\/2025\\\/07\\\/AdobeStock_3210827871-scaled.jpeg\",\"contentUrl\":\"https:\\\/\\\/gradido.net\\\/wp-content\\\/uploads\\\/2025\\\/07\\\/AdobeStock_3210827871-scaled.jpeg\",\"width\":2560,\"height\":790,\"caption\":\"world globe planet earth 3d-illustration. elements of this image furnished by NASA\"},{\"@type\":\"BreadcrumbList\",\"@id\":\"https:\\\/\\\/gradido.net\\\/countries\\\/philippines\\\/poverty-and-social-inequality\\\/#breadcrumb\",\"itemListElement\":[{\"@type\":\"ListItem\",\"position\":1,\"name\":\"Startseite\",\"item\":\"https:\\\/\\\/gradido.net\\\/\"},{\"@type\":\"ListItem\",\"position\":2,\"name\":\"L\u00e4nderforschung\",\"item\":\"https:\\\/\\\/gradido.net\\\/countries\\\/\"},{\"@type\":\"ListItem\",\"position\":3,\"name\":\"Philppinen\",\"item\":\"https:\\\/\\\/gradido.net\\\/countries\\\/philippines\\\/\"},{\"@type\":\"ListItem\",\"position\":4,\"name\":\"Armut und soziale Ungleichheit Philippinen\"}]},{\"@type\":\"WebSite\",\"@id\":\"https:\\\/\\\/gradido.net\\\/de\\\/#website\",\"url\":\"https:\\\/\\\/gradido.net\\\/de\\\/\",\"name\":\"Gradido\",\"description\":\"Die neue W\u00e4hrung hei\u00dft Dankbarkeit\",\"publisher\":{\"@id\":\"https:\\\/\\\/gradido.net\\\/de\\\/#organization\"},\"potentialAction\":[{\"@type\":\"SearchAction\",\"target\":{\"@type\":\"EntryPoint\",\"urlTemplate\":\"https:\\\/\\\/gradido.net\\\/de\\\/?s={search_term_string}\"},\"query-input\":{\"@type\":\"PropertyValueSpecification\",\"valueRequired\":true,\"valueName\":\"search_term_string\"}}],\"inLanguage\":\"ro-RO\"},{\"@type\":\"Organization\",\"@id\":\"https:\\\/\\\/gradido.net\\\/de\\\/#organization\",\"name\":\"Gradido\",\"url\":\"https:\\\/\\\/gradido.net\\\/de\\\/\",\"logo\":{\"@type\":\"ImageObject\",\"inLanguage\":\"ro-RO\",\"@id\":\"https:\\\/\\\/gradido.net\\\/de\\\/#\\\/schema\\\/logo\\\/image\\\/\",\"url\":\"https:\\\/\\\/gradido.net\\\/wp-content\\\/uploads\\\/2022\\\/04\\\/gradido-social.jpg\",\"contentUrl\":\"https:\\\/\\\/gradido.net\\\/wp-content\\\/uploads\\\/2022\\\/04\\\/gradido-social.jpg\",\"width\":527,\"height\":273,\"caption\":\"Gradido\"},\"image\":{\"@id\":\"https:\\\/\\\/gradido.net\\\/de\\\/#\\\/schema\\\/logo\\\/image\\\/\"}}]}<\/script>\n<!-- \/ Yoast SEO plugin. -->","yoast_head_json":{"title":"S\u0103r\u0103cie \u0219i inegalitate social\u0103 Filipine - Gradido","description":"F\u0103 parte din mi\u0219care! \u00cempreun\u0103 aducem Gradido \u00een lume.","robots":{"index":"index","follow":"follow","max-snippet":"max-snippet:-1","max-image-preview":"max-image-preview:large","max-video-preview":"max-video-preview:-1"},"canonical":"https:\/\/gradido.net\/ro\/countries\/philippines\/poverty-and-social-inequality\/","og_locale":"ro_RO","og_type":"article","og_title":"Armut und soziale Ungleichheit Philippinen - Gradido","og_description":"Sei Teil der Bewegung!Gemeinsam bringen wir Gradido in die Welt.","og_url":"https:\/\/gradido.net\/ro\/countries\/philippines\/poverty-and-social-inequality\/","og_site_name":"Gradido","article_modified_time":"2025-10-04T09:55:27+00:00","og_image":[{"width":2560,"height":790,"url":"https:\/\/gradido.net\/wp-content\/uploads\/2025\/07\/AdobeStock_3210827871-scaled.jpeg","type":"image\/jpeg"}],"twitter_card":"summary_large_image","twitter_misc":{"Timp estimat pentru citire":"5 minute"},"schema":{"@context":"https:\/\/schema.org","@graph":[{"@type":"WebPage","@id":"https:\/\/gradido.net\/countries\/philippines\/poverty-and-social-inequality\/","url":"https:\/\/gradido.net\/countries\/philippines\/poverty-and-social-inequality\/","name":"S\u0103r\u0103cie \u0219i inegalitate social\u0103 Filipine - Gradido","isPartOf":{"@id":"https:\/\/gradido.net\/de\/#website"},"primaryImageOfPage":{"@id":"https:\/\/gradido.net\/countries\/philippines\/poverty-and-social-inequality\/#primaryimage"},"image":{"@id":"https:\/\/gradido.net\/countries\/philippines\/poverty-and-social-inequality\/#primaryimage"},"thumbnailUrl":"https:\/\/gradido.net\/wp-content\/uploads\/2025\/07\/AdobeStock_3210827871-scaled.jpeg","datePublished":"2025-07-27T14:08:15+00:00","dateModified":"2025-10-04T09:55:27+00:00","description":"F\u0103 parte din mi\u0219care! \u00cempreun\u0103 aducem Gradido \u00een lume.","breadcrumb":{"@id":"https:\/\/gradido.net\/countries\/philippines\/poverty-and-social-inequality\/#breadcrumb"},"inLanguage":"ro-RO","potentialAction":[{"@type":"ReadAction","target":["https:\/\/gradido.net\/countries\/philippines\/poverty-and-social-inequality\/"]}]},{"@type":"ImageObject","inLanguage":"ro-RO","@id":"https:\/\/gradido.net\/countries\/philippines\/poverty-and-social-inequality\/#primaryimage","url":"https:\/\/gradido.net\/wp-content\/uploads\/2025\/07\/AdobeStock_3210827871-scaled.jpeg","contentUrl":"https:\/\/gradido.net\/wp-content\/uploads\/2025\/07\/AdobeStock_3210827871-scaled.jpeg","width":2560,"height":790,"caption":"world globe planet earth 3d-illustration. elements of this image furnished by NASA"},{"@type":"BreadcrumbList","@id":"https:\/\/gradido.net\/countries\/philippines\/poverty-and-social-inequality\/#breadcrumb","itemListElement":[{"@type":"ListItem","position":1,"name":"Startseite","item":"https:\/\/gradido.net\/"},{"@type":"ListItem","position":2,"name":"L\u00e4nderforschung","item":"https:\/\/gradido.net\/countries\/"},{"@type":"ListItem","position":3,"name":"Philppinen","item":"https:\/\/gradido.net\/countries\/philippines\/"},{"@type":"ListItem","position":4,"name":"Armut und soziale Ungleichheit Philippinen"}]},{"@type":"WebSite","@id":"https:\/\/gradido.net\/de\/#website","url":"https:\/\/gradido.net\/de\/","name":"Gradido","description":"Noua moned\u0103 este recuno\u0219tin\u021ba","publisher":{"@id":"https:\/\/gradido.net\/de\/#organization"},"potentialAction":[{"@type":"SearchAction","target":{"@type":"EntryPoint","urlTemplate":"https:\/\/gradido.net\/de\/?s={search_term_string}"},"query-input":{"@type":"PropertyValueSpecification","valueRequired":true,"valueName":"search_term_string"}}],"inLanguage":"ro-RO"},{"@type":"Organization","@id":"https:\/\/gradido.net\/de\/#organization","name":"Gradido","url":"https:\/\/gradido.net\/de\/","logo":{"@type":"ImageObject","inLanguage":"ro-RO","@id":"https:\/\/gradido.net\/de\/#\/schema\/logo\/image\/","url":"https:\/\/gradido.net\/wp-content\/uploads\/2022\/04\/gradido-social.jpg","contentUrl":"https:\/\/gradido.net\/wp-content\/uploads\/2022\/04\/gradido-social.jpg","width":527,"height":273,"caption":"Gradido"},"image":{"@id":"https:\/\/gradido.net\/de\/#\/schema\/logo\/image\/"}}]}},"_links":{"self":[{"href":"https:\/\/gradido.net\/ro\/wp-json\/wp\/v2\/pages\/10583","targetHints":{"allow":["GET"]}}],"collection":[{"href":"https:\/\/gradido.net\/ro\/wp-json\/wp\/v2\/pages"}],"about":[{"href":"https:\/\/gradido.net\/ro\/wp-json\/wp\/v2\/types\/page"}],"author":[{"embeddable":true,"href":"https:\/\/gradido.net\/ro\/wp-json\/wp\/v2\/users\/2"}],"replies":[{"embeddable":true,"href":"https:\/\/gradido.net\/ro\/wp-json\/wp\/v2\/comments?post=10583"}],"version-history":[{"count":13,"href":"https:\/\/gradido.net\/ro\/wp-json\/wp\/v2\/pages\/10583\/revisions"}],"predecessor-version":[{"id":11968,"href":"https:\/\/gradido.net\/ro\/wp-json\/wp\/v2\/pages\/10583\/revisions\/11968"}],"up":[{"embeddable":true,"href":"https:\/\/gradido.net\/ro\/wp-json\/wp\/v2\/pages\/10540"}],"wp:featuredmedia":[{"embeddable":true,"href":"https:\/\/gradido.net\/ro\/wp-json\/wp\/v2\/media\/10458"}],"wp:attachment":[{"href":"https:\/\/gradido.net\/ro\/wp-json\/wp\/v2\/media?parent=10583"}],"curies":[{"name":"wp","href":"https:\/\/api.w.org\/{rel}","templated":true}]}}