{"id":10822,"date":"2025-07-30T08:44:10","date_gmt":"2025-07-30T06:44:10","guid":{"rendered":"https:\/\/gradido.net\/?page_id=10822"},"modified":"2025-10-04T09:51:59","modified_gmt":"2025-10-04T07:51:59","slug":"economic-social-and-political-situation","status":"publish","type":"page","link":"https:\/\/gradido.net\/ro\/countries\/mexico\/economic-social-and-political-situation\/","title":{"rendered":"Situa\u021bia economic\u0103, social\u0103 \u0219i politic\u0103, Mexic"},"content":{"rendered":"<div data-elementor-type=\"wp-page\" data-elementor-id=\"10822\" class=\"elementor elementor-10822\" data-elementor-post-type=\"page\">\n\t\t\t\t\t\t<section class=\"elementor-section elementor-top-section elementor-element elementor-element-4ce3e8af elementor-section-full_width elementor-section-height-default elementor-section-height-default\" data-id=\"4ce3e8af\" data-element_type=\"section\" data-e-type=\"section\">\n\t\t\t\t\t\t<div class=\"elementor-container elementor-column-gap-no\">\n\t\t\t\t\t<div class=\"elementor-column elementor-col-100 elementor-top-column elementor-element elementor-element-efa8c8c\" data-id=\"efa8c8c\" data-element_type=\"column\" data-e-type=\"column\">\n\t\t\t<div class=\"elementor-widget-wrap elementor-element-populated\">\n\t\t\t\t\t\t<div class=\"elementor-element elementor-element-e088aa4 elementor--h-position-center elementor--v-position-middle elementor-arrows-position-inside elementor-widget elementor-widget-slides\" data-id=\"e088aa4\" data-element_type=\"widget\" data-e-type=\"widget\" data-settings=\"{&quot;navigation&quot;:&quot;arrows&quot;,&quot;autoplay&quot;:&quot;yes&quot;,&quot;pause_on_hover&quot;:&quot;yes&quot;,&quot;pause_on_interaction&quot;:&quot;yes&quot;,&quot;autoplay_speed&quot;:5000,&quot;infinite&quot;:&quot;yes&quot;,&quot;transition&quot;:&quot;slide&quot;,&quot;transition_speed&quot;:500}\" data-widget_type=\"slides.default\">\n\t\t\t\t<div class=\"elementor-widget-container\">\n\t\t\t\t\t\t\t\t\t<div class=\"elementor-swiper\">\n\t\t\t\t\t<div class=\"elementor-slides-wrapper elementor-main-swiper swiper\" role=\"region\" aria-roledescription=\"carousel\" aria-label=\"Slider\" dir=\"ltr\" data-animation=\"fadeInUp\">\n\t\t\t\t<div class=\"swiper-wrapper elementor-slides\">\n\t\t\t\t\t\t\t\t\t\t<div class=\"elementor-repeater-item-2de4990 swiper-slide\" role=\"group\" aria-roledescription=\"slide\"><div class=\"swiper-slide-bg\" role=\"img\" aria-label=\"mexico-city-2706607_1280\"><\/div><div class=\"swiper-slide-inner\" ><div class=\"swiper-slide-contents\"><\/div><\/div><\/div><div class=\"elementor-repeater-item-28f126e swiper-slide\" role=\"group\" aria-roledescription=\"slide\"><div class=\"swiper-slide-bg\" role=\"img\" aria-label=\"cancun-2269936_1280\"><\/div><div class=\"swiper-slide-inner\" ><div class=\"swiper-slide-contents\"><\/div><\/div><\/div><div class=\"elementor-repeater-item-992da35 swiper-slide\" role=\"group\" aria-roledescription=\"slide\"><div class=\"swiper-slide-bg\" role=\"img\" aria-label=\"acapulco-3605307_1280\"><\/div><div class=\"swiper-slide-inner\" ><div class=\"swiper-slide-contents\"><\/div><\/div><\/div><div class=\"elementor-repeater-item-1a67a9d swiper-slide\" role=\"group\" aria-roledescription=\"slide\"><div class=\"swiper-slide-bg\" role=\"img\" aria-label=\"popocatepetl-1755981_1280\"><\/div><div class=\"swiper-slide-inner\" ><div class=\"swiper-slide-contents\"><\/div><\/div><\/div>\t\t\t\t<\/div>\n\t\t\t\t\t\t\t\t\t\t\t\t\t\t\t<div class=\"elementor-swiper-button elementor-swiper-button-prev\" role=\"button\" tabindex=\"0\" aria-label=\"Diapositiva anterior\" data-no-translation-aria-label=\"\">\n\t\t\t\t\t\t\t<i aria-hidden=\"true\" class=\"eicon-chevron-left\"><\/i>\t\t\t\t\t\t<\/div>\n\t\t\t\t\t\t<div class=\"elementor-swiper-button elementor-swiper-button-next\" role=\"button\" tabindex=\"0\" aria-label=\"Siguiente diapositiva\" data-no-translation-aria-label=\"\">\n\t\t\t\t\t\t\t<i aria-hidden=\"true\" class=\"eicon-chevron-right\"><\/i>\t\t\t\t\t\t<\/div>\n\t\t\t\t\t\t\t\t\t\t\t\t\t\t\t\t\t<\/div>\n\t\t\t\t<\/div>\n\t\t\t\t\t\t\t\t<\/div>\n\t\t\t\t<\/div>\n\t\t\t\t\t<\/div>\n\t\t<\/div>\n\t\t\t\t\t<\/div>\n\t\t<\/section>\n\t\t\t\t<section class=\"elementor-section elementor-top-section elementor-element elementor-element-240baa7a elementor-section-boxed elementor-section-height-default elementor-section-height-default\" data-id=\"240baa7a\" data-element_type=\"section\" data-e-type=\"section\" data-settings=\"{&quot;background_background&quot;:&quot;classic&quot;}\">\n\t\t\t\t\t\t<div class=\"elementor-container elementor-column-gap-default\">\n\t\t\t\t\t<div class=\"elementor-column elementor-col-100 elementor-top-column elementor-element elementor-element-1afe9e42\" data-id=\"1afe9e42\" data-element_type=\"column\" data-e-type=\"column\">\n\t\t\t<div class=\"elementor-widget-wrap elementor-element-populated\">\n\t\t\t\t\t\t<div class=\"elementor-element elementor-element-65bd50ae elementor-widget elementor-widget-heading\" data-id=\"65bd50ae\" data-element_type=\"widget\" data-e-type=\"widget\" data-widget_type=\"heading.default\">\n\t\t\t\t<div class=\"elementor-widget-container\">\n\t\t\t\t\t<h1 class=\"elementor-heading-title elementor-size-default\">Situa\u021bia economic\u0103, social\u0103 \u0219i politic\u0103 din Mexic<\/h1>\t\t\t\t<\/div>\n\t\t\t\t<\/div>\n\t\t\t\t\t<\/div>\n\t\t<\/div>\n\t\t\t\t\t<\/div>\n\t\t<\/section>\n\t\t\t\t<section class=\"elementor-section elementor-top-section elementor-element elementor-element-446540f elementor-section-boxed elementor-section-height-default elementor-section-height-default\" data-id=\"446540f\" data-element_type=\"section\" data-e-type=\"section\">\n\t\t\t\t\t\t<div class=\"elementor-container elementor-column-gap-default\">\n\t\t\t\t\t<div class=\"elementor-column elementor-col-100 elementor-top-column elementor-element elementor-element-312a2d3\" data-id=\"312a2d3\" data-element_type=\"column\" data-e-type=\"column\">\n\t\t\t<div class=\"elementor-widget-wrap elementor-element-populated\">\n\t\t\t\t\t\t<div class=\"elementor-element elementor-element-3791614 elementor-nav-menu--dropdown-tablet elementor-nav-menu__text-align-aside elementor-nav-menu--toggle elementor-nav-menu--burger elementor-widget elementor-widget-nav-menu\" data-id=\"3791614\" data-element_type=\"widget\" data-e-type=\"widget\" data-settings=\"{&quot;layout&quot;:&quot;horizontal&quot;,&quot;submenu_icon&quot;:{&quot;value&quot;:&quot;&lt;i class=\\&quot;fas fa-caret-down\\&quot; aria-hidden=\\&quot;true\\&quot;&gt;&lt;\\\/i&gt;&quot;,&quot;library&quot;:&quot;fa-solid&quot;},&quot;toggle&quot;:&quot;burger&quot;}\" data-widget_type=\"nav-menu.default\">\n\t\t\t\t<div class=\"elementor-widget-container\">\n\t\t\t\t\t\t\t\t<nav aria-label=\"Cercetare de \u021bar\u0103\" class=\"elementor-nav-menu--main elementor-nav-menu__container elementor-nav-menu--layout-horizontal e--pointer-underline e--animation-grow\">\n\t\t\t\t<ul id=\"menu-1-3791614\" class=\"elementor-nav-menu\"><li class=\"menu-item menu-item-type-custom menu-item-object-custom menu-item-has-children menu-item-12305\"><a class=\"elementor-item\">Africa<\/a>\n<ul class=\"sub-menu elementor-nav-menu--dropdown\">\n\t<li class=\"menu-item menu-item-type-post_type menu-item-object-page menu-item-12253\"><a href=\"https:\/\/gradido.net\/ro\/countries\/afrika\/\" class=\"elementor-sub-item\">Africa, \u00eentregul continent<\/a><\/li>\n\t<li class=\"menu-item menu-item-type-post_type menu-item-object-page menu-item-13097\"><a href=\"https:\/\/gradido.net\/ro\/countries\/afrika\/dr-congo\/\" class=\"elementor-sub-item\">Republica Democrat\u0103 Congo<\/a><\/li>\n\t<li class=\"menu-item menu-item-type-post_type menu-item-object-page menu-item-12414\"><a href=\"https:\/\/gradido.net\/ro\/countries\/afrika\/kenya\/\" class=\"elementor-sub-item\">Kenya<\/a><\/li>\n\t<li class=\"menu-item menu-item-type-post_type menu-item-object-page menu-item-12737\"><a href=\"https:\/\/gradido.net\/ro\/countries\/afrika\/madagascar\/\" class=\"elementor-sub-item\">Madagascar<\/a><\/li>\n\t<li class=\"menu-item menu-item-type-post_type menu-item-object-page menu-item-12148\"><a href=\"https:\/\/gradido.net\/ro\/countries\/afrika\/namibia\/\" class=\"elementor-sub-item\">Namibia<\/a><\/li>\n\t<li class=\"menu-item menu-item-type-post_type menu-item-object-page menu-item-12839\"><a href=\"https:\/\/gradido.net\/ro\/countries\/afrika\/rwanda\/\" class=\"elementor-sub-item\">Rwanda<\/a><\/li>\n<\/ul>\n<\/li>\n<li class=\"menu-item menu-item-type-custom menu-item-object-custom menu-item-has-children menu-item-11798\"><a class=\"elementor-item\">America<\/a>\n<ul class=\"sub-menu elementor-nav-menu--dropdown\">\n\t<li class=\"menu-item menu-item-type-post_type menu-item-object-page menu-item-12463\"><a href=\"https:\/\/gradido.net\/ro\/countries\/usa\/\" class=\"elementor-sub-item\">SUA<\/a><\/li>\n\t<li class=\"menu-item menu-item-type-post_type menu-item-object-page menu-item-11791\"><a href=\"https:\/\/gradido.net\/ro\/countries\/mexico\/\" class=\"elementor-sub-item\">Mexic<\/a><\/li>\n<\/ul>\n<\/li>\n<li class=\"menu-item menu-item-type-custom menu-item-object-custom menu-item-has-children menu-item-11800\"><a class=\"elementor-item\">Asia<\/a>\n<ul class=\"sub-menu elementor-nav-menu--dropdown\">\n\t<li class=\"menu-item menu-item-type-post_type menu-item-object-page menu-item-11794\"><a href=\"https:\/\/gradido.net\/ro\/countries\/maledives\/\" class=\"elementor-sub-item\">Maldive<\/a><\/li>\n\t<li class=\"menu-item menu-item-type-post_type menu-item-object-page menu-item-11790\"><a href=\"https:\/\/gradido.net\/ro\/countries\/philippines\/\" class=\"elementor-sub-item\">Filipine<\/a><\/li>\n\t<li class=\"menu-item menu-item-type-post_type menu-item-object-page menu-item-11802\"><a href=\"https:\/\/gradido.net\/ro\/countries\/saudi-arabia\/\" class=\"elementor-sub-item\">Arabia Saudit\u0103<\/a><\/li>\n<\/ul>\n<\/li>\n<li class=\"menu-item menu-item-type-custom menu-item-object-custom menu-item-has-children menu-item-11797\"><a class=\"elementor-item\">Europa<\/a>\n<ul class=\"sub-menu elementor-nav-menu--dropdown\">\n\t<li class=\"menu-item menu-item-type-post_type menu-item-object-page menu-item-11805\"><a href=\"https:\/\/gradido.net\/ro\/countries\/germany\/\" class=\"elementor-sub-item\">Germania<\/a><\/li>\n\t<li class=\"menu-item menu-item-type-post_type menu-item-object-page menu-item-11803\"><a href=\"https:\/\/gradido.net\/ro\/countries\/greece\/\" class=\"elementor-sub-item\">Grecia<\/a><\/li>\n\t<li class=\"menu-item menu-item-type-post_type menu-item-object-page menu-item-11788\"><a href=\"https:\/\/gradido.net\/ro\/countries\/spain\/\" class=\"elementor-sub-item\">Spania<\/a><\/li>\n<\/ul>\n<\/li>\n<li class=\"menu-item menu-item-type-custom menu-item-object-custom menu-item-has-children menu-item-11801\"><a class=\"elementor-item\">Oceania<\/a>\n<ul class=\"sub-menu elementor-nav-menu--dropdown\">\n\t<li class=\"menu-item menu-item-type-post_type menu-item-object-page menu-item-11793\"><a href=\"https:\/\/gradido.net\/ro\/countries\/marshall-islands\/\" class=\"elementor-sub-item\">Insulele Marshall<\/a><\/li>\n\t<li class=\"menu-item menu-item-type-post_type menu-item-object-page menu-item-11795\"><a href=\"https:\/\/gradido.net\/ro\/countries\/tahiti\/\" class=\"elementor-sub-item\">Tahiti<\/a><\/li>\n<\/ul>\n<\/li>\n<\/ul>\t\t\t<\/nav>\n\t\t\t\t\t<div class=\"elementor-menu-toggle\" role=\"button\" tabindex=\"0\" aria-label=\"Comutare meniu\" aria-expanded=\"false\">\n\t\t\t<i aria-hidden=\"true\" role=\"presentation\" class=\"elementor-menu-toggle__icon--open eicon-menu-bar\"><\/i><i aria-hidden=\"true\" role=\"presentation\" class=\"elementor-menu-toggle__icon--close eicon-close\"><\/i>\t\t<\/div>\n\t\t\t\t\t<nav class=\"elementor-nav-menu--dropdown elementor-nav-menu__container\" aria-hidden=\"true\">\n\t\t\t\t<ul id=\"menu-2-3791614\" class=\"elementor-nav-menu\"><li class=\"menu-item menu-item-type-custom menu-item-object-custom menu-item-has-children menu-item-12305\"><a class=\"elementor-item\" tabindex=\"-1\">Africa<\/a>\n<ul class=\"sub-menu elementor-nav-menu--dropdown\">\n\t<li class=\"menu-item menu-item-type-post_type menu-item-object-page menu-item-12253\"><a href=\"https:\/\/gradido.net\/ro\/countries\/afrika\/\" class=\"elementor-sub-item\" tabindex=\"-1\">Africa, \u00eentregul continent<\/a><\/li>\n\t<li class=\"menu-item menu-item-type-post_type menu-item-object-page menu-item-13097\"><a href=\"https:\/\/gradido.net\/ro\/countries\/afrika\/dr-congo\/\" class=\"elementor-sub-item\" tabindex=\"-1\">Republica Democrat\u0103 Congo<\/a><\/li>\n\t<li class=\"menu-item menu-item-type-post_type menu-item-object-page menu-item-12414\"><a href=\"https:\/\/gradido.net\/ro\/countries\/afrika\/kenya\/\" class=\"elementor-sub-item\" tabindex=\"-1\">Kenya<\/a><\/li>\n\t<li class=\"menu-item menu-item-type-post_type menu-item-object-page menu-item-12737\"><a href=\"https:\/\/gradido.net\/ro\/countries\/afrika\/madagascar\/\" class=\"elementor-sub-item\" tabindex=\"-1\">Madagascar<\/a><\/li>\n\t<li class=\"menu-item menu-item-type-post_type menu-item-object-page menu-item-12148\"><a href=\"https:\/\/gradido.net\/ro\/countries\/afrika\/namibia\/\" class=\"elementor-sub-item\" tabindex=\"-1\">Namibia<\/a><\/li>\n\t<li class=\"menu-item menu-item-type-post_type menu-item-object-page menu-item-12839\"><a href=\"https:\/\/gradido.net\/ro\/countries\/afrika\/rwanda\/\" class=\"elementor-sub-item\" tabindex=\"-1\">Rwanda<\/a><\/li>\n<\/ul>\n<\/li>\n<li class=\"menu-item menu-item-type-custom menu-item-object-custom menu-item-has-children menu-item-11798\"><a class=\"elementor-item\" tabindex=\"-1\">America<\/a>\n<ul class=\"sub-menu elementor-nav-menu--dropdown\">\n\t<li class=\"menu-item menu-item-type-post_type menu-item-object-page menu-item-12463\"><a href=\"https:\/\/gradido.net\/ro\/countries\/usa\/\" class=\"elementor-sub-item\" tabindex=\"-1\">SUA<\/a><\/li>\n\t<li class=\"menu-item menu-item-type-post_type menu-item-object-page menu-item-11791\"><a href=\"https:\/\/gradido.net\/ro\/countries\/mexico\/\" class=\"elementor-sub-item\" tabindex=\"-1\">Mexic<\/a><\/li>\n<\/ul>\n<\/li>\n<li class=\"menu-item menu-item-type-custom menu-item-object-custom menu-item-has-children menu-item-11800\"><a class=\"elementor-item\" tabindex=\"-1\">Asia<\/a>\n<ul class=\"sub-menu elementor-nav-menu--dropdown\">\n\t<li class=\"menu-item menu-item-type-post_type menu-item-object-page menu-item-11794\"><a href=\"https:\/\/gradido.net\/ro\/countries\/maledives\/\" class=\"elementor-sub-item\" tabindex=\"-1\">Maldive<\/a><\/li>\n\t<li class=\"menu-item menu-item-type-post_type menu-item-object-page menu-item-11790\"><a href=\"https:\/\/gradido.net\/ro\/countries\/philippines\/\" class=\"elementor-sub-item\" tabindex=\"-1\">Filipine<\/a><\/li>\n\t<li class=\"menu-item menu-item-type-post_type menu-item-object-page menu-item-11802\"><a href=\"https:\/\/gradido.net\/ro\/countries\/saudi-arabia\/\" class=\"elementor-sub-item\" tabindex=\"-1\">Arabia Saudit\u0103<\/a><\/li>\n<\/ul>\n<\/li>\n<li class=\"menu-item menu-item-type-custom menu-item-object-custom menu-item-has-children menu-item-11797\"><a class=\"elementor-item\" tabindex=\"-1\">Europa<\/a>\n<ul class=\"sub-menu elementor-nav-menu--dropdown\">\n\t<li class=\"menu-item menu-item-type-post_type menu-item-object-page menu-item-11805\"><a href=\"https:\/\/gradido.net\/ro\/countries\/germany\/\" class=\"elementor-sub-item\" tabindex=\"-1\">Germania<\/a><\/li>\n\t<li class=\"menu-item menu-item-type-post_type menu-item-object-page menu-item-11803\"><a href=\"https:\/\/gradido.net\/ro\/countries\/greece\/\" class=\"elementor-sub-item\" tabindex=\"-1\">Grecia<\/a><\/li>\n\t<li class=\"menu-item menu-item-type-post_type menu-item-object-page menu-item-11788\"><a href=\"https:\/\/gradido.net\/ro\/countries\/spain\/\" class=\"elementor-sub-item\" tabindex=\"-1\">Spania<\/a><\/li>\n<\/ul>\n<\/li>\n<li class=\"menu-item menu-item-type-custom menu-item-object-custom menu-item-has-children menu-item-11801\"><a class=\"elementor-item\" tabindex=\"-1\">Oceania<\/a>\n<ul class=\"sub-menu elementor-nav-menu--dropdown\">\n\t<li class=\"menu-item menu-item-type-post_type menu-item-object-page menu-item-11793\"><a href=\"https:\/\/gradido.net\/ro\/countries\/marshall-islands\/\" class=\"elementor-sub-item\" tabindex=\"-1\">Insulele Marshall<\/a><\/li>\n\t<li class=\"menu-item menu-item-type-post_type menu-item-object-page menu-item-11795\"><a href=\"https:\/\/gradido.net\/ro\/countries\/tahiti\/\" class=\"elementor-sub-item\" tabindex=\"-1\">Tahiti<\/a><\/li>\n<\/ul>\n<\/li>\n<\/ul>\t\t\t<\/nav>\n\t\t\t\t\t\t<\/div>\n\t\t\t\t<\/div>\n\t\t\t\t<div class=\"elementor-element elementor-element-884f51b elementor-widget elementor-widget-breadcrumbs\" data-id=\"884f51b\" data-element_type=\"widget\" data-e-type=\"widget\" data-widget_type=\"breadcrumbs.default\">\n\t\t\t\t<div class=\"elementor-widget-container\">\n\t\t\t\t\t<p id=\"breadcrumbs\"><span><span><a href=\"https:\/\/gradido.net\/ro\/\">Pagina de start<\/a><\/span><\/span><\/p>\t\t\t\t<\/div>\n\t\t\t\t<\/div>\n\t\t\t\t<div class=\"elementor-element elementor-element-a9db9a5 elementor-widget elementor-widget-text-editor\" data-id=\"a9db9a5\" data-element_type=\"widget\" data-e-type=\"widget\" data-widget_type=\"text-editor.default\">\n\t\t\t\t<div class=\"elementor-widget-container\">\n\t\t\t\t\t\t\t\t\t<h3 style=\"text-align: center;\"><a href=\"https:\/\/gradido.net\/ro\/countries\/mexico\/\"><strong>Pagina principal\u0103: Mexic<\/strong><\/a><\/h3><p style=\"text-align: center;\"><strong>1. situa\u021bia economic\u0103, social\u0103 \u0219i politic\u0103<\/strong><br \/><a href=\"https:\/\/gradido.net\/ro\/countries\/mexico\/wealth-and-poverty\/\">2. distribu\u021bia bog\u0103\u021biei \u0219i a s\u0103r\u0103ciei<\/a><br \/><a href=\"https:\/\/gradido.net\/ro\/countries\/mexico\/labour-migration-and-remittances-mexico\/\">3. migra\u021bia for\u021bei de munc\u0103 \u0219i fluxurile de numerar<\/a><br \/><a href=\"https:\/\/gradido.net\/ro\/countries\/mexico\/corruption-and-crime\/\">4. corup\u021bie \u0219i criminalitate<\/a><br \/><a href=\"https:\/\/gradido.net\/ro\/countries\/mexico\/cultural-values\/\">5. valori culturale<\/a><br \/><a href=\"https:\/\/gradido.net\/ro\/countries\/mexico\/education\/\">6. educa\u021bie<\/a><br \/><a href=\"https:\/\/gradido.net\/ro\/countries\/mexico\/healthcare\/\">7. \u00eengrijirea s\u0103n\u0103t\u0103\u021bii<\/a><br \/><a href=\"https:\/\/gradido.net\/ro\/countries\/mexico\/volunteering\/\">8. munc\u0103 de \u00eengrijire, munc\u0103 voluntar\u0103 \u0219i ajutor de cartier<\/a><br \/><a href=\"https:\/\/gradido.net\/ro\/countries\/mexico\/innovation\/\">9. inovare, digitalizare \u0219i modele economice alternative<\/a><br \/><a href=\"https:\/\/gradido.net\/ro\/countries\/mexico\/cooperatives\/\">10.cooperative<\/a><br \/><a href=\"https:\/\/gradido.net\/ro\/countries\/mexico\/potential-and-obstacles\/\">11. poten\u021biale \u0219i obstacole pentru Gradido<\/a><br \/><a href=\"https:\/\/gradido.net\/ro\/countries\/mexico\/international-players\/\">12. juc\u0103tori interna\u021bionali<\/a><br \/><a href=\"https:\/\/gradido.net\/ro\/countries\/mexico\/agriculture\/\">13. agricultur\u0103<\/a><\/p>\t\t\t\t\t\t\t\t<\/div>\n\t\t\t\t<\/div>\n\t\t\t\t<div class=\"elementor-element elementor-element-d7bb196 elementor-widget-divider--view-line elementor-widget elementor-widget-divider\" data-id=\"d7bb196\" data-element_type=\"widget\" data-e-type=\"widget\" data-widget_type=\"divider.default\">\n\t\t\t\t<div class=\"elementor-widget-container\">\n\t\t\t\t\t\t\t<div class=\"elementor-divider\">\n\t\t\t<span class=\"elementor-divider-separator\">\n\t\t\t\t\t\t<\/span>\n\t\t<\/div>\n\t\t\t\t\t\t<\/div>\n\t\t\t\t<\/div>\n\t\t\t\t<div class=\"elementor-element elementor-element-146ff9d elementor-widget elementor-widget-text-editor\" data-id=\"146ff9d\" data-element_type=\"widget\" data-e-type=\"widget\" data-widget_type=\"text-editor.default\">\n\t\t\t\t<div class=\"elementor-widget-container\">\n\t\t\t\t\t\t\t\t\t<div class=\"wiki-page-header-wrapper\"><div class=\"wiki-page-header-wrapper\"><div class=\"wiki-page-header-wrapper\"><h1 id=\"mexiko-2025%3A-wirtschaftliche%2C-soziale-und-politische-situation\" tabindex=\"-1\">Mexic 2025: Situa\u021bia economic\u0103, social\u0103 \u0219i politic\u0103<\/h1><\/div><div class=\"wiki-page-header-wrapper\"><h2 id=\"%C3%BCberblick\" tabindex=\"-1\">Prezentare general\u0103<\/h2><p>\u00cen 2025, Mexicul se afl\u0103 \u00eentr-o faz\u0103 dificil\u0103, caracterizat\u0103 prin stagnare economic\u0103, probleme sociale persistente \u0219i schimb\u0103ri politice semnificative. Sub conducerea noului pre\u0219edinte Claudia Sheinbaum, prima femeie care ocup\u0103 aceast\u0103 func\u021bie, \u021bara se lupt\u0103 cu o serie de provoc\u0103ri structurale.<\/p><\/div><div class=\"wiki-page-header-wrapper\"><h2 id=\"wirtschaftliche-situation\" tabindex=\"-1\">Situa\u021bia economic\u0103<\/h2><\/div><div class=\"wiki-page-header-wrapper\"><h3 id=\"wachstumsprognosen-und-rezessionsrisiko\" tabindex=\"-1\">Previziunile de cre\u0219tere \u0219i riscul de recesiune<\/h3><p>Economia mexican\u0103 se confrunt\u0103 cu dificult\u0103\u021bi considerabile \u00een 2025. <strong>Prognozele prev\u0103d o contrac\u021bie de la -0,3% la +0,5% pentru anul \u00een curs<\/strong><a href=\"https:\/\/www.dallasfed.org\/research\/update\/mex\/2025\/2502\" target=\"_blank\" rel=\"noopener noreferrer nofollow\">^1<\/a><a href=\"https:\/\/www.bbvaresearch.com\/en\/publicaciones\/mexico-economic-outlook-june-2025\/\" target=\"_blank\" rel=\"noopener noreferrer nofollow\">^3<\/a>. Aceasta reprezint\u0103 o deteriorare semnificativ\u0103 \u00een compara\u021bie cu cre\u0219terea de 1,5% \u00een 2024<a href=\"https:\/\/www.wko.at\/aussenwirtschaft\/mexiko-wirtschaftslage\" target=\"_blank\" rel=\"noopener noreferrer nofollow\">^1<\/a>. O redresare moderat\u0103 de la 1,1% la 1,8% nu este prev\u0103zut\u0103 p\u00e2n\u0103 \u00een 2026<a href=\"https:\/\/www.bbvaresearch.com\/en\/publicaciones\/mexico-economic-outlook-june-2025\/\" target=\"_blank\" rel=\"noopener noreferrer nofollow\">^2<\/a><a href=\"https:\/\/www.worldbank.org\/en\/country\/mexico\/overview\" target=\"_blank\" rel=\"noopener noreferrer nofollow\">^4<\/a>.<\/p><\/div><div class=\"wiki-page-header-wrapper\"><h3 id=\"abh%C3%A4ngigkeit-von-den-usa-und-handelsspannungen\" tabindex=\"-1\">Dependen\u021ba de SUA \u0219i tensiunile comerciale<\/h3><p>R\u0103m\u00e2ne o problem\u0103 central\u0103 <strong>Dependen\u021ba extrem\u0103 a Mexicului de pia\u021ba american\u0103, unde se duc 80% din exporturile mexicane<\/strong><a href=\"https:\/\/www.bmz.de\/de\/laender\/mexiko\/wirtschaftliche-situation-10776\" target=\"_blank\" rel=\"noopener noreferrer nofollow\">^1<\/a>. Aceast\u0103 dependen\u021b\u0103 face \u021bara deosebit de vulnerabil\u0103 la politica tarifar\u0103 a administra\u021biei Trump. Impunerea tarifelor 25% asupra bunurilor mexicane, chiar dac\u0103 ulterior acestea au fost par\u021bial suspendate, arat\u0103 vulnerabilitatea economiei mexicane<a href=\"https:\/\/www.swp-berlin.org\/publikation\/mexiko-vom-kurzen-nearshoring-boom-zum-security-shoring-der-usa\" target=\"_blank\" rel=\"noopener noreferrer nofollow\">^6<\/a>.<\/p><\/div><div class=\"wiki-page-header-wrapper\"><h3 id=\"positive-aspekte-trotz-herausforderungen\" tabindex=\"-1\">Aspecte pozitive \u00een ciuda provoc\u0103rilor<\/h3><p>\u00cen ciuda situa\u021biei dificile, Mexic 2024 <strong>Investi\u021bii str\u0103ine directe record de 36,8 miliarde de dolari SUA<\/strong><a href=\"https:\/\/www.ainvest.com\/news\/mexico-economic-resilience-navigating-challenges-seizing-opportunities-2025-2506\/\" target=\"_blank\" rel=\"noopener noreferrer nofollow\">^1<\/a>. \u021aara continu\u0103 s\u0103 beneficieze de tendin\u021ba de nearshoring \u0219i r\u0103m\u00e2ne cel mai important partener comercial al SUA<a href=\"https:\/\/mexiconewsdaily.com\/business\/world-bank-mexico-growth-forecast-up-0-2\/\" target=\"_blank\" rel=\"noopener noreferrer nofollow\">^1<\/a>.<\/p><\/div><div class=\"wiki-page-header-wrapper\"><h2 id=\"soziale-situation\" tabindex=\"-1\">Situa\u021bia social\u0103<\/h2><\/div><div class=\"wiki-page-header-wrapper\"><h3 id=\"armut-und-ungleichheit\" tabindex=\"-1\">S\u0103r\u0103cie \u0219i inegalitate<\/h3><p>Situa\u021bia social\u0103 prezint\u0103 evolu\u021bii mixte. Pe partea pozitiv\u0103, \u00eentre 2018 \u0219i 2024 <strong>9,5 milioane de persoane au fost scoase din s\u0103r\u0103cie<\/strong><a href=\"https:\/\/amerika21.de\/2024\/10\/271670\/95-millionen-weniger-arme-mexiko\" target=\"_blank\" rel=\"noopener noreferrer nofollow\">^10<\/a>. Cu toate acestea, exist\u0103 \u00eenc\u0103 <strong>36,3% din popula\u021bie (46,8 milioane de persoane) \u00een s\u0103r\u0103cie multidimensional\u0103<\/strong><a href=\"https:\/\/amerika21.de\/2023\/08\/265449\/neun-mio-menschen-mexiko-aus-armut\" target=\"_blank\" rel=\"noopener noreferrer nofollow\">^11<\/a>. Este deosebit de \u00eengrijor\u0103tor faptul c\u0103 <strong>7% din popula\u021bie (9,1 milioane de persoane) tr\u0103iesc \u00een s\u0103r\u0103cie extrem\u0103<\/strong><a href=\"https:\/\/amerika21.de\/2023\/08\/265449\/neun-mio-menschen-mexiko-aus-armut\" target=\"_blank\" rel=\"noopener noreferrer nofollow\">^12<\/a>.<\/p><\/div><div class=\"wiki-page-header-wrapper\"><h3 id=\"ungleichheit-und-strukturelle-probleme\" tabindex=\"-1\">Inegalit\u0103\u021bi \u0219i probleme structurale<\/h3><p><strong>Distribu\u021bia veniturilor r\u0103m\u00e2ne extrem de inegal\u0103, cu un coeficient Gini de 0,45<\/strong><a href=\"https:\/\/de.statista.com\/outlook\/co\/soziooekonomische-indikatoren\/mexiko\" target=\"_blank\" rel=\"noopener noreferrer nofollow\">^13<\/a>. Sunt afectate \u00een special <strong>popula\u021biile indigene, dintre care peste dou\u0103 treimi tr\u0103iesc \u00een s\u0103r\u0103cie<\/strong><a href=\"https:\/\/www.bmz.de\/en\/countries\/mexico\/social-situation-49248\" target=\"_blank\" rel=\"noopener noreferrer nofollow\">^11<\/a>. Diferen\u021bele regionale sunt considerabile: nordul bogat \u0219i centrul contrasteaz\u0103 puternic cu sudul subdezvoltat<a href=\"https:\/\/www.bmz.de\/de\/laender\/mexiko\/soziale-situation-10774\" target=\"_blank\" rel=\"noopener noreferrer nofollow\">^11<\/a>.<\/p><\/div><div class=\"wiki-page-header-wrapper\"><h3 id=\"gewalt-und-menschenrechtskrise\" tabindex=\"-1\">Violen\u021ba \u0219i criza drepturilor omului<\/h3><p>Mexicul se confrunt\u0103 cu o criz\u0103 f\u0103r\u0103 precedent <strong>Violen\u021b\u0103 \u0219i criz\u0103 a drepturilor omului, cu peste 115 000 de persoane disp\u0103rute<\/strong><a href=\"https:\/\/www.faz.net\/aktuell\/politik\/ausland\/zahl-der-verschwundenen-in-mexiko-ueberschreitet-100-000-18036525.html\" target=\"_blank\" rel=\"noopener noreferrer nofollow\">^15<\/a>. The <strong>Rata crimelor este de 24,9 la 100.000 de locuitori<\/strong><a href=\"https:\/\/de.statista.com\/statistik\/daten\/studie\/693573\/umfrage\/mordrate-in-mexiko\/\" target=\"_blank\" rel=\"noopener noreferrer nofollow\">^17<\/a>\u0219i 2024 au fost <strong>829 de feminiciduri \u00eenregistrate - o cre\u0219tere de 93,7% fa\u021b\u0103 de 2015<\/strong><a href=\"https:\/\/www.visionofhumanity.org\/organised-crime-and-institutional-deterioration-mexicos-challenges-in-2025\/\" target=\"_blank\" rel=\"noopener noreferrer nofollow\">^18<\/a>. <strong>\u00centre 70 \u0219i 100 de oameni sunt uci\u0219i sau r\u0103pi\u021bi \u00een fiecare zi<\/strong><a href=\"https:\/\/www.bpb.de\/themen\/kriege-konflikte\/dossier-kriege-konflikte\/54652\/mexiko\/\" target=\"_blank\" rel=\"noopener noreferrer nofollow\">^19<\/a>.<\/p><\/div><div class=\"wiki-page-header-wrapper\"><h2 id=\"politische-situation\" tabindex=\"-1\">Situa\u021bia politic\u0103<\/h2><\/div><div class=\"wiki-page-header-wrapper\"><h3 id=\"pr%C3%A4sidentin-sheinbaum-und-machtkonzentration\" tabindex=\"-1\">Pre\u0219edintele Sheinbaum \u0219i concentrarea puterii<\/h3><p><strong>Claudia Sheinbaum guverneaz\u0103 cu o majoritate cov\u00e2r\u0219itoare de dou\u0103 treimi \u00een Congres din octombrie 2024<\/strong><a href=\"https:\/\/www.boell.de\/de\/2025\/01\/21\/100-tage-im-amt-die-erste-praesidentin-mexikos-hat-mehrheiten-fuer-reformen\" target=\"_blank\" rel=\"noopener noreferrer nofollow\">^20<\/a>care permite modificarea Constitu\u021biei. Acestea <strong>se bucur\u0103 de o rat\u0103 de aprobare ridicat\u0103 de aproximativ 80%<\/strong><a href=\"https:\/\/www.handelsblatt.com\/politik\/international\/claudia-sheinbaum-wie-mexikos-praesidentin-ihr-land-vor-den-zoellen-schuetzt\/100112074.html\" target=\"_blank\" rel=\"noopener noreferrer nofollow\">^21<\/a> \u0219i continu\u0103 \u00een mare m\u0103sur\u0103 politica predecesorului s\u0103u L\u00f3pez Obrador<a href=\"https:\/\/www.boell.de\/de\/2025\/01\/28\/fuer-mexikos-oekologische-zukunft-praesidentin-sheinbaum-setzt-auf-erneuerbare-energien\" target=\"_blank\" rel=\"noopener noreferrer nofollow\">^20<\/a>.<\/p><\/div><div class=\"wiki-page-header-wrapper\"><h3 id=\"justizreform-und-institutionelle-ver%C3%A4nderungen\" tabindex=\"-1\">Reforma judiciar\u0103 \u0219i schimb\u0103rile institu\u021bionale<\/h3><p>Una dintre cele mai controversate m\u0103suri este <strong>O reform\u0103 judiciar\u0103 cuprinz\u0103toare care s\u0103 prevad\u0103 ca to\u021bi judec\u0103torii s\u0103 fie ale\u0219i direct de popor<\/strong><a href=\"https:\/\/www.as-coa.org\/articles\/six-facts-understand-mexicos-2025-judicial-elections\" target=\"_blank\" rel=\"noopener noreferrer nofollow\">^15<\/a><a href=\"https:\/\/www.tagesschau.de\/ausland\/amerika\/mexiko-justiz-reform-100.html\" target=\"_blank\" rel=\"noopener noreferrer nofollow\">^25<\/a>. Aceast\u0103 reform\u0103 este considerat\u0103 de critici drept o amenin\u021bare la adresa independen\u021bei judiciare \u0219i a separ\u0103rii puterilor<a href=\"https:\/\/www.as-coa.org\/articles\/six-facts-understand-mexicos-2025-judicial-elections\" target=\"_blank\" rel=\"noopener noreferrer nofollow\">^26<\/a>. <strong>\u00cen plus, organismele autonome de supraveghere au fost desfiin\u021bate sau sl\u0103bite<\/strong><a href=\"https:\/\/www.boell.de\/de\/2025\/01\/21\/100-tage-im-amt-die-erste-praesidentin-mexikos-hat-mehrheiten-fuer-reformen\" target=\"_blank\" rel=\"noopener noreferrer nofollow\">^27<\/a>.<\/p><\/div><div class=\"wiki-page-header-wrapper\"><h3 id=\"korruption-und-transparenz\" tabindex=\"-1\">Corup\u021bie \u0219i transparen\u021b\u0103<\/h3><p>Mexic are <strong>a ob\u021binut cel mai slab scor din istoria sa \u00een Indicele de Percep\u021bie a Corup\u021biei 2024: locul 140 din 180 de \u021b\u0103ri, cu doar 26 din 100 de puncte<\/strong><a href=\"https:\/\/de.statista.com\/statistik\/daten\/studie\/593525\/umfrage\/wahrgenommene-korruption-in-mexiko\/\" target=\"_blank\" rel=\"noopener noreferrer nofollow\">^28<\/a>. Acest lucru face din Mexic cea mai corupt\u0103 \u021bar\u0103 din OCDE<a href=\"https:\/\/insightplus.bakermckenzie.com\/bm\/investigations-compliance-ethics\/mexico-corruption-perceptions-index-2024\" target=\"_blank\" rel=\"noopener noreferrer nofollow\">^28<\/a>. SUA exercit\u0103 presiuni asupra Mexicului, <strong>Urm\u0103rirea penal\u0103 a politicienilor care au leg\u0103turi cu cartelurile de droguri<\/strong><a href=\"https:\/\/www.reuters.com\/world\/us\/us-pushes-mexico-prosecute-politicians-with-ties-drug-cartels-2025-06-11\/\" target=\"_blank\" rel=\"noopener noreferrer nofollow\">^30<\/a>.<\/p><\/div><div class=\"wiki-page-header-wrapper\"><h2 id=\"die-dr%C3%A4ngendsten-herausforderungen\" tabindex=\"-1\">Cele mai presante provoc\u0103ri<\/h2><\/div><div class=\"wiki-page-header-wrapper\"><h3 id=\"kritische-priorit%C3%A4ten\" tabindex=\"-1\">Priorit\u0103\u021bi critice<\/h3><ol><li><strong>Violen\u021ba \u0219i criminalitatea organizat\u0103<\/strong>: \u021aara lupt\u0103 \u00eempotriva cartelurilor de droguri care controleaz\u0103 zone extinse \u0219i ucid zeci de oameni \u00een fiecare zi<a href=\"https:\/\/www.bpb.de\/themen\/kriege-konflikte\/dossier-kriege-konflikte\/54652\/mexiko\/\" target=\"_blank\" rel=\"noopener noreferrer nofollow\">^18<\/a><a href=\"https:\/\/www.tagesschau.de\/ausland\/amerika\/mexiko-drogen-gangs-jugendliche-100.html\" target=\"_blank\" rel=\"noopener noreferrer nofollow\">^31<\/a>.<\/li><li><strong>Corup\u021bia \u0219i statul de drept<\/strong>Fiind cea mai corupt\u0103 \u021bar\u0103 din OCDE, cu institu\u021bii sl\u0103bite, credibilitatea statului este \u00een joc<a href=\"https:\/\/integralia.com.mx\/web\/wp-content\/uploads\/2025\/01\/January-8-2025_Ten-Political-Risks-for-2025.pdf\" target=\"_blank\" rel=\"noopener noreferrer nofollow\">^28<\/a>.<\/li><li><strong>S\u0103r\u0103cie \u0219i inegalitate<\/strong>: \u00cen ciuda progreselor, peste 46 de milioane de oameni tr\u0103iesc \u00eenc\u0103 \u00een s\u0103r\u0103cie<a href=\"https:\/\/amerika21.de\/2024\/10\/271670\/95-millionen-weniger-arme-mexiko\" target=\"_blank\" rel=\"noopener noreferrer nofollow\">^12<\/a>.<\/li><li><strong>Persoane disp\u0103rute<\/strong>: Peste 115.000 de persoane disp\u0103rute reprezint\u0103 o criz\u0103 umanitar\u0103<a href=\"https:\/\/amerika21.de\/2025\/05\/275091\/mexiko-humanitaere-krise\" target=\"_blank\" rel=\"noopener noreferrer nofollow\">^32<\/a>.<\/li><\/ol><\/div><div class=\"wiki-page-header-wrapper\"><h3 id=\"hohe-priorit%C3%A4ten\" tabindex=\"-1\">Priorit\u0103\u021bi ridicate<\/h3><ol start=\"5\"><li><strong>Stagnarea economic\u0103<\/strong>: Recesiunea iminent\u0103 amenin\u021b\u0103 locurile de munc\u0103 \u0219i prosperitatea<a href=\"https:\/\/www.dallasfed.org\/research\/update\/mex\/2025\/2502\" target=\"_blank\" rel=\"noopener noreferrer nofollow\">^1<\/a><a href=\"https:\/\/www.bbvaresearch.com\/en\/publicaciones\/mexico-economic-outlook-june-2025\/\" target=\"_blank\" rel=\"noopener noreferrer nofollow\">^3<\/a>.<\/li><li><strong>Dependen\u021ba de SUA<\/strong>Dependen\u021ba extrem\u0103 de comer\u021b face \u021bara vulnerabil\u0103 la m\u0103surile protec\u021bioniste<a href=\"https:\/\/mexiconewsdaily.com\/business\/world-bank-mexico-growth-forecast-up-0-2\/\" target=\"_blank\" rel=\"noopener noreferrer nofollow\">^1<\/a><a href=\"https:\/\/www.aberdeeninvestments.com\/en-nl\/institutional\/insights-and-research\/mexico-will-face-challenges-during-trump-s-second-term\" target=\"_blank\" rel=\"noopener noreferrer nofollow\">^34<\/a>.<\/li><li><strong>Tensiuni comerciale<\/strong>: Rela\u021biile cu administra\u021bia Trump r\u0103m\u00e2n tensionate, \u00een ciuda succeselor diplomatice<a href=\"https:\/\/www.handelsblatt.com\/politik\/international\/claudia-sheinbaum-wie-mexikos-praesidentin-ihr-land-vor-den-zoellen-schuetzt\/100112074.html\" target=\"_blank\" rel=\"noopener noreferrer nofollow\">^35<\/a><a href=\"https:\/\/www.aberdeeninvestments.com\/en-nl\/institutional\/insights-and-research\/mexico-will-face-challenges-during-trump-s-second-term\" target=\"_blank\" rel=\"noopener noreferrer nofollow\">^34<\/a>.<\/li><\/ol><\/div><div class=\"wiki-page-header-wrapper\"><h2 id=\"fazit\" tabindex=\"-1\">Concluzie<\/h2><p>Mexicul se confrunt\u0103 cu un set complex de provoc\u0103ri \u00een 2025, incluz\u00e2nd at\u00e2t probleme structurale, c\u00e2t \u0219i probleme acute. \u00cen timp ce pre\u0219edintele Sheinbaum dispune de majorit\u0103\u021bi politice puternice care ar putea permite reformele, problemele fundamentale ale \u021b\u0103rii - violen\u021ba, corup\u021bia, s\u0103r\u0103cia \u0219i vulnerabilitatea economic\u0103 - r\u0103m\u00e2n. Dep\u0103\u0219irea cu succes a acestor provoc\u0103ri va fi esen\u021bial\u0103 pentru viitorul Mexicului ca stat constitu\u021bional democratic \u0219i partener economic \u00een regiune.<\/p><hr \/><\/div><div class=\"wiki-page-header-wrapper\"><h1 id=\"erg%C3%A4nzende-einsch%C3%A4tzung-aus-gradido-perspektive\" tabindex=\"-1\">Evaluare suplimentar\u0103 din perspectiva Gradido<\/h1><p>Este clar pe ce multe niveluri Mexicul este profund provocat. Iat\u0103 o perspectiv\u0103 gradido care prive\u0219te puterea transformatoare a vie\u021bii cu dragoste, speran\u021b\u0103 \u0219i \u00eencredere:<\/p><hr \/><\/div><div class=\"wiki-page-header-wrapper\"><h3 id=\"gradido-kommentar-zur-aktuellen-lage-in-mexiko-%E2%80%93-2025\" tabindex=\"-1\">Comentariu Gradido privind situa\u021bia actual\u0103 din Mexic - 2025<\/h3><p><strong>Provoc\u0103rile ca o invita\u021bie la reproiectare<\/strong><\/p><p>Problemele structurale masive - violen\u021ba, s\u0103r\u0103cia, corup\u021bia, inegalitatea \u00een cre\u0219tere \u0219i dependen\u021ba economic\u0103 extrem\u0103 - sunt dramatice. Ele provoac\u0103 suferin\u021b\u0103 \u0219i diviziune social\u0103. Cu toate acestea, astfel de crize complexe sunt, de asemenea, o invita\u021bie de a urma \u00eempreun\u0103 c\u0103i complet noi: spre un sistem economic \u0219i social orientat spre binele comun \u0219i care promoveaz\u0103 via\u021ba.<\/p><p><strong>Dac\u0103 nimeni nu ar mai trebui s\u0103 fie s\u0103rac?<\/strong><\/p><p>Prin introducerea economiei naturale a vie\u021bii conform modelului Gradido, temerile existen\u021biale fundamentale ale oamenilor - foametea, s\u0103r\u0103cia, migra\u021bia f\u0103r\u0103 perspective - ar putea fi rezolvate \u00een mod pa\u0219nic. Fiecare persoan\u0103 ar primi o contribu\u021bie necondi\u021bionat\u0103 la via\u021b\u0103 zi de zi:<\/p><ul><li>pentru ei \u00een\u0219i\u0219i (participare activ\u0103),<\/li><li>comunitatea,<\/li><li>\u0219i pentru vindecarea mediului \u0219i a naturii.<\/li><\/ul><p><strong>Vindecarea de dezbinare \u0219i violen\u021b\u0103<\/strong><\/p><p>Multe dintre cauzele criminalit\u0103\u021bii organizate \u0219i ale violen\u021bei cotidiene din Mexic sunt \u00eenr\u0103d\u0103cinate \u00een s\u0103r\u0103cie, lipsa de oportunit\u0103\u021bi \u0219i inegalitatea social\u0103. Gradido nu numai c\u0103 ar oferi tuturor oamenilor un trai stabil, ci \u0219i oportunit\u0103\u021bi reale de dezvoltare \u0219i de via\u021b\u0103 pentru grupurile dezavantajate (de exemplu, popula\u021biile indigene, regiunile rurale s\u0103race). Acest lucru ar oferi, de asemenea, tinerilor perspective pentru care merit\u0103 s\u0103 tr\u0103iasc\u0103 - f\u0103r\u0103 a fi nevoi\u021bi s\u0103 fug\u0103, s\u0103 se confrunte cu criminalitatea \u00een band\u0103 sau cu exploatarea.<\/p><p><strong>Corup\u021bia \u0219i o nou\u0103 cultur\u0103 a \u00eencrederii<\/strong><\/p><p>Un sistem de gradido transparent, descentralizat \u0219i orientat spre binele comun ar elimina multe dintre stimulentele actuale pentru corup\u021bie: Resursele nu ar mai fi distribuite pentru c\u00e2teva elite, ci \u00een beneficiul tuturor \u0219i \u00eentr-o manier\u0103 inteligibil\u0103. Cu \"economia natural\u0103 a vie\u021bii\", manipularea \u0219i \u00eembog\u0103\u021birea ilegal\u0103 ar fi mult mai dificile \u0219i ar exista mult mai pu\u021bine stimulente pentru acestea, deoarece toat\u0103 lumea ar fi \u00een avantaj.<\/p><p><strong>Rezilien\u021b\u0103 \u0219i independen\u021b\u0103 economic\u0103<\/strong><\/p><p>Prin puterea creativ\u0103 local\u0103 a Gradido, ciclurile economice regionale pot fi consolidate independent de pie\u021bele de export instabile sau de politica extern\u0103. \u021aara s-ar putea baza din nou mai mult pe propriile resurse culturale, naturale \u0219i sociale. Oportunit\u0103\u021bile de nearshoring ar fi \u00een beneficiul tuturor - nu doar al corpora\u021biilor globale.<\/p><p><strong>Binele comun ca nou principiu director<\/strong><\/p><p>Gradido ar muta accentul de la simpla cre\u0219tere economic\u0103 \u0219i pie\u021be la calitatea autentic\u0103 a vie\u021bii, pace, participare \u0219i \u00eengrijire. Decalajul dintre boga\u021bi \u0219i s\u0103raci \u00eencepe s\u0103 se reduc\u0103 atunci c\u00e2nd toat\u0103 lumea are acces la securitate de baz\u0103, educa\u021bie \u0219i s\u0103n\u0103tate - iar diversitatea cultural\u0103 unic\u0103 a Mexicului este apreciat\u0103 ca o bog\u0103\u021bie pentru to\u021bi.<\/p><hr \/><p><strong>Spot luminos \u0219i viziune<\/strong><\/p><p>Mai ales \u00een vremuri \u00eentunecate, avem nevoie de curajul de a g\u00e2ndi \u0219i de a tr\u0103i \u00eempreun\u0103 \u00een moduri noi. Mexicul ar putea deveni - dac\u0103 societatea dore\u0219te acest lucru - un pionier al transform\u0103rii pa\u0219nice, solidare \u0219i durabile. Provoc\u0103rile sunt enorme - dar ele ad\u0103postesc cel mai mare poten\u021bial de a avea \u00eencredere \u00een via\u021b\u0103 \u0219i iubire \u0219i de a scoate la lumin\u0103 ceea ce este posibil \u00een familia uman\u0103.<\/p><\/div><\/div><\/div>\t\t\t\t\t\t\t\t<\/div>\n\t\t\t\t<\/div>\n\t\t\t\t\t<\/div>\n\t\t<\/div>\n\t\t\t\t\t<\/div>\n\t\t<\/section>\n\t\t\t\t<\/div>","protected":false},"excerpt":{"rendered":"<p>Wirtschaftliche, soziale und politische Situation in Mexiko Hauptseite: Mexiko 1. Wirtschaftliche, soziale und politische Situation2. Verteilung von Reichtum und Armut3. Arbeitsmigration und Geldr\u00fcckfl\u00fcsse4. Korruption und Kriminalit\u00e4t5. Kulturelle Werte6. Bildung7. Gesundheitsversorgung8. Care-Arbeit, Freiwilligenarbeit und Nachbarschaftshilfe9. Innovation, Digitalisierung und alternative Wirtschaftsmodelle10.Genossenschaften11. Potenziale und H\u00fcrden f\u00fcr Gradido12. Internationale Akteure13. Landwirtschaft Mexiko 2025: Wirtschaftliche, soziale und politische Situation \u00dcberblick [&hellip;]<\/p>\n","protected":false},"author":2,"featured_media":10458,"parent":10731,"menu_order":0,"comment_status":"closed","ping_status":"closed","template":"","meta":{"footnotes":""},"class_list":["post-10822","page","type-page","status-publish","has-post-thumbnail","hentry"],"yoast_head":"<!-- This site is optimized with the Yoast SEO plugin v27.5 - https:\/\/yoast.com\/product\/yoast-seo-wordpress\/ -->\n<title>Wirtschaftliche, soziale und politische Situation, Mexiko - Gradido<\/title>\n<meta name=\"description\" content=\"Sei Teil der Bewegung!Gemeinsam bringen wir Gradido in die Welt.\" \/>\n<meta name=\"robots\" content=\"index, follow, max-snippet:-1, max-image-preview:large, max-video-preview:-1\" \/>\n<link rel=\"canonical\" href=\"https:\/\/gradido.net\/ro\/countries\/mexico\/economic-social-and-political-situation\/\" \/>\n<meta property=\"og:locale\" content=\"ro_RO\" \/>\n<meta property=\"og:type\" content=\"article\" \/>\n<meta property=\"og:title\" content=\"Wirtschaftliche, soziale und politische Situation, Mexiko - Gradido\" \/>\n<meta property=\"og:description\" content=\"Sei Teil der Bewegung!Gemeinsam bringen wir Gradido in die Welt.\" \/>\n<meta property=\"og:url\" content=\"https:\/\/gradido.net\/ro\/countries\/mexico\/economic-social-and-political-situation\/\" \/>\n<meta property=\"og:site_name\" content=\"Gradido\" \/>\n<meta property=\"article:modified_time\" content=\"2025-10-04T07:51:59+00:00\" \/>\n<meta property=\"og:image\" content=\"https:\/\/gradido.net\/wp-content\/uploads\/2025\/07\/AdobeStock_3210827871-scaled.jpeg\" \/>\n\t<meta property=\"og:image:width\" content=\"2560\" \/>\n\t<meta property=\"og:image:height\" content=\"790\" \/>\n\t<meta property=\"og:image:type\" content=\"image\/jpeg\" \/>\n<meta name=\"twitter:card\" content=\"summary_large_image\" \/>\n<meta name=\"twitter:label1\" content=\"Timp estimat pentru citire\" \/>\n\t<meta name=\"twitter:data1\" content=\"7 minute\" \/>\n<script type=\"application\/ld+json\" class=\"yoast-schema-graph\">{\"@context\":\"https:\\\/\\\/schema.org\",\"@graph\":[{\"@type\":\"WebPage\",\"@id\":\"https:\\\/\\\/gradido.net\\\/countries\\\/mexico\\\/economic-social-and-political-situation\\\/\",\"url\":\"https:\\\/\\\/gradido.net\\\/countries\\\/mexico\\\/economic-social-and-political-situation\\\/\",\"name\":\"Wirtschaftliche, soziale und politische Situation, Mexiko - Gradido\",\"isPartOf\":{\"@id\":\"https:\\\/\\\/gradido.net\\\/de\\\/#website\"},\"primaryImageOfPage\":{\"@id\":\"https:\\\/\\\/gradido.net\\\/countries\\\/mexico\\\/economic-social-and-political-situation\\\/#primaryimage\"},\"image\":{\"@id\":\"https:\\\/\\\/gradido.net\\\/countries\\\/mexico\\\/economic-social-and-political-situation\\\/#primaryimage\"},\"thumbnailUrl\":\"https:\\\/\\\/gradido.net\\\/wp-content\\\/uploads\\\/2025\\\/07\\\/AdobeStock_3210827871-scaled.jpeg\",\"datePublished\":\"2025-07-30T06:44:10+00:00\",\"dateModified\":\"2025-10-04T07:51:59+00:00\",\"description\":\"Sei Teil der Bewegung!Gemeinsam bringen wir Gradido in die Welt.\",\"breadcrumb\":{\"@id\":\"https:\\\/\\\/gradido.net\\\/countries\\\/mexico\\\/economic-social-and-political-situation\\\/#breadcrumb\"},\"inLanguage\":\"ro-RO\",\"potentialAction\":[{\"@type\":\"ReadAction\",\"target\":[\"https:\\\/\\\/gradido.net\\\/countries\\\/mexico\\\/economic-social-and-political-situation\\\/\"]}]},{\"@type\":\"ImageObject\",\"inLanguage\":\"ro-RO\",\"@id\":\"https:\\\/\\\/gradido.net\\\/countries\\\/mexico\\\/economic-social-and-political-situation\\\/#primaryimage\",\"url\":\"https:\\\/\\\/gradido.net\\\/wp-content\\\/uploads\\\/2025\\\/07\\\/AdobeStock_3210827871-scaled.jpeg\",\"contentUrl\":\"https:\\\/\\\/gradido.net\\\/wp-content\\\/uploads\\\/2025\\\/07\\\/AdobeStock_3210827871-scaled.jpeg\",\"width\":2560,\"height\":790,\"caption\":\"world globe planet earth 3d-illustration. elements of this image furnished by NASA\"},{\"@type\":\"BreadcrumbList\",\"@id\":\"https:\\\/\\\/gradido.net\\\/countries\\\/mexico\\\/economic-social-and-political-situation\\\/#breadcrumb\",\"itemListElement\":[{\"@type\":\"ListItem\",\"position\":1,\"name\":\"Startseite\",\"item\":\"https:\\\/\\\/gradido.net\\\/\"},{\"@type\":\"ListItem\",\"position\":2,\"name\":\"L\u00e4nderforschung\",\"item\":\"https:\\\/\\\/gradido.net\\\/countries\\\/\"},{\"@type\":\"ListItem\",\"position\":3,\"name\":\"Mexiko\",\"item\":\"https:\\\/\\\/gradido.net\\\/countries\\\/mexico\\\/\"},{\"@type\":\"ListItem\",\"position\":4,\"name\":\"Wirtschaftliche, soziale und politische Situation, Mexiko\"}]},{\"@type\":\"WebSite\",\"@id\":\"https:\\\/\\\/gradido.net\\\/de\\\/#website\",\"url\":\"https:\\\/\\\/gradido.net\\\/de\\\/\",\"name\":\"Gradido\",\"description\":\"Die neue W\u00e4hrung hei\u00dft Dankbarkeit\",\"publisher\":{\"@id\":\"https:\\\/\\\/gradido.net\\\/de\\\/#organization\"},\"potentialAction\":[{\"@type\":\"SearchAction\",\"target\":{\"@type\":\"EntryPoint\",\"urlTemplate\":\"https:\\\/\\\/gradido.net\\\/de\\\/?s={search_term_string}\"},\"query-input\":{\"@type\":\"PropertyValueSpecification\",\"valueRequired\":true,\"valueName\":\"search_term_string\"}}],\"inLanguage\":\"ro-RO\"},{\"@type\":\"Organization\",\"@id\":\"https:\\\/\\\/gradido.net\\\/de\\\/#organization\",\"name\":\"Gradido\",\"url\":\"https:\\\/\\\/gradido.net\\\/de\\\/\",\"logo\":{\"@type\":\"ImageObject\",\"inLanguage\":\"ro-RO\",\"@id\":\"https:\\\/\\\/gradido.net\\\/de\\\/#\\\/schema\\\/logo\\\/image\\\/\",\"url\":\"https:\\\/\\\/gradido.net\\\/wp-content\\\/uploads\\\/2022\\\/04\\\/gradido-social.jpg\",\"contentUrl\":\"https:\\\/\\\/gradido.net\\\/wp-content\\\/uploads\\\/2022\\\/04\\\/gradido-social.jpg\",\"width\":527,\"height\":273,\"caption\":\"Gradido\"},\"image\":{\"@id\":\"https:\\\/\\\/gradido.net\\\/de\\\/#\\\/schema\\\/logo\\\/image\\\/\"}}]}<\/script>\n<!-- \/ Yoast SEO plugin. -->","yoast_head_json":{"title":"Situa\u021bia economic\u0103, social\u0103 \u0219i politic\u0103, Mexic - Gradido","description":"F\u0103 parte din mi\u0219care! \u00cempreun\u0103 aducem Gradido \u00een lume.","robots":{"index":"index","follow":"follow","max-snippet":"max-snippet:-1","max-image-preview":"max-image-preview:large","max-video-preview":"max-video-preview:-1"},"canonical":"https:\/\/gradido.net\/ro\/countries\/mexico\/economic-social-and-political-situation\/","og_locale":"ro_RO","og_type":"article","og_title":"Wirtschaftliche, soziale und politische Situation, Mexiko - Gradido","og_description":"Sei Teil der Bewegung!Gemeinsam bringen wir Gradido in die Welt.","og_url":"https:\/\/gradido.net\/ro\/countries\/mexico\/economic-social-and-political-situation\/","og_site_name":"Gradido","article_modified_time":"2025-10-04T07:51:59+00:00","og_image":[{"width":2560,"height":790,"url":"https:\/\/gradido.net\/wp-content\/uploads\/2025\/07\/AdobeStock_3210827871-scaled.jpeg","type":"image\/jpeg"}],"twitter_card":"summary_large_image","twitter_misc":{"Timp estimat pentru citire":"7 minute"},"schema":{"@context":"https:\/\/schema.org","@graph":[{"@type":"WebPage","@id":"https:\/\/gradido.net\/countries\/mexico\/economic-social-and-political-situation\/","url":"https:\/\/gradido.net\/countries\/mexico\/economic-social-and-political-situation\/","name":"Situa\u021bia economic\u0103, social\u0103 \u0219i politic\u0103, Mexic - Gradido","isPartOf":{"@id":"https:\/\/gradido.net\/de\/#website"},"primaryImageOfPage":{"@id":"https:\/\/gradido.net\/countries\/mexico\/economic-social-and-political-situation\/#primaryimage"},"image":{"@id":"https:\/\/gradido.net\/countries\/mexico\/economic-social-and-political-situation\/#primaryimage"},"thumbnailUrl":"https:\/\/gradido.net\/wp-content\/uploads\/2025\/07\/AdobeStock_3210827871-scaled.jpeg","datePublished":"2025-07-30T06:44:10+00:00","dateModified":"2025-10-04T07:51:59+00:00","description":"F\u0103 parte din mi\u0219care! \u00cempreun\u0103 aducem Gradido \u00een lume.","breadcrumb":{"@id":"https:\/\/gradido.net\/countries\/mexico\/economic-social-and-political-situation\/#breadcrumb"},"inLanguage":"ro-RO","potentialAction":[{"@type":"ReadAction","target":["https:\/\/gradido.net\/countries\/mexico\/economic-social-and-political-situation\/"]}]},{"@type":"ImageObject","inLanguage":"ro-RO","@id":"https:\/\/gradido.net\/countries\/mexico\/economic-social-and-political-situation\/#primaryimage","url":"https:\/\/gradido.net\/wp-content\/uploads\/2025\/07\/AdobeStock_3210827871-scaled.jpeg","contentUrl":"https:\/\/gradido.net\/wp-content\/uploads\/2025\/07\/AdobeStock_3210827871-scaled.jpeg","width":2560,"height":790,"caption":"world globe planet earth 3d-illustration. elements of this image furnished by NASA"},{"@type":"BreadcrumbList","@id":"https:\/\/gradido.net\/countries\/mexico\/economic-social-and-political-situation\/#breadcrumb","itemListElement":[{"@type":"ListItem","position":1,"name":"Startseite","item":"https:\/\/gradido.net\/"},{"@type":"ListItem","position":2,"name":"L\u00e4nderforschung","item":"https:\/\/gradido.net\/countries\/"},{"@type":"ListItem","position":3,"name":"Mexiko","item":"https:\/\/gradido.net\/countries\/mexico\/"},{"@type":"ListItem","position":4,"name":"Wirtschaftliche, soziale und politische Situation, Mexiko"}]},{"@type":"WebSite","@id":"https:\/\/gradido.net\/de\/#website","url":"https:\/\/gradido.net\/de\/","name":"Gradido","description":"Noua moned\u0103 este recuno\u0219tin\u021ba","publisher":{"@id":"https:\/\/gradido.net\/de\/#organization"},"potentialAction":[{"@type":"SearchAction","target":{"@type":"EntryPoint","urlTemplate":"https:\/\/gradido.net\/de\/?s={search_term_string}"},"query-input":{"@type":"PropertyValueSpecification","valueRequired":true,"valueName":"search_term_string"}}],"inLanguage":"ro-RO"},{"@type":"Organization","@id":"https:\/\/gradido.net\/de\/#organization","name":"Gradido","url":"https:\/\/gradido.net\/de\/","logo":{"@type":"ImageObject","inLanguage":"ro-RO","@id":"https:\/\/gradido.net\/de\/#\/schema\/logo\/image\/","url":"https:\/\/gradido.net\/wp-content\/uploads\/2022\/04\/gradido-social.jpg","contentUrl":"https:\/\/gradido.net\/wp-content\/uploads\/2022\/04\/gradido-social.jpg","width":527,"height":273,"caption":"Gradido"},"image":{"@id":"https:\/\/gradido.net\/de\/#\/schema\/logo\/image\/"}}]}},"_links":{"self":[{"href":"https:\/\/gradido.net\/ro\/wp-json\/wp\/v2\/pages\/10822","targetHints":{"allow":["GET"]}}],"collection":[{"href":"https:\/\/gradido.net\/ro\/wp-json\/wp\/v2\/pages"}],"about":[{"href":"https:\/\/gradido.net\/ro\/wp-json\/wp\/v2\/types\/page"}],"author":[{"embeddable":true,"href":"https:\/\/gradido.net\/ro\/wp-json\/wp\/v2\/users\/2"}],"replies":[{"embeddable":true,"href":"https:\/\/gradido.net\/ro\/wp-json\/wp\/v2\/comments?post=10822"}],"version-history":[{"count":16,"href":"https:\/\/gradido.net\/ro\/wp-json\/wp\/v2\/pages\/10822\/revisions"}],"predecessor-version":[{"id":11905,"href":"https:\/\/gradido.net\/ro\/wp-json\/wp\/v2\/pages\/10822\/revisions\/11905"}],"up":[{"embeddable":true,"href":"https:\/\/gradido.net\/ro\/wp-json\/wp\/v2\/pages\/10731"}],"wp:featuredmedia":[{"embeddable":true,"href":"https:\/\/gradido.net\/ro\/wp-json\/wp\/v2\/media\/10458"}],"wp:attachment":[{"href":"https:\/\/gradido.net\/ro\/wp-json\/wp\/v2\/media?parent=10822"}],"curies":[{"name":"wp","href":"https:\/\/api.w.org\/{rel}","templated":true}]}}