{"id":128,"date":"2020-08-12T12:21:31","date_gmt":"2020-08-12T10:21:31","guid":{"rendered":"http:\/\/neu.gradido.net\/?page_id=128"},"modified":"2025-11-12T09:43:00","modified_gmt":"2025-11-12T08:43:00","slug":"basic-income","status":"publish","type":"page","link":"https:\/\/gradido.net\/ro\/what-is-gradido\/basic-income\/","title":{"rendered":"Venitul de baz\u0103"},"content":{"rendered":"<div data-elementor-type=\"wp-page\" data-elementor-id=\"128\" class=\"elementor elementor-128\" data-elementor-post-type=\"page\">\n\t\t\t\t\t\t<section class=\"elementor-section elementor-top-section elementor-element elementor-element-2b9f24ec elementor-section-full_width elementor-section-height-default elementor-section-height-default\" data-id=\"2b9f24ec\" data-element_type=\"section\" data-e-type=\"section\">\n\t\t\t\t\t\t<div class=\"elementor-container elementor-column-gap-no\">\n\t\t\t\t\t<div class=\"elementor-column elementor-col-100 elementor-top-column elementor-element elementor-element-619e04d3\" data-id=\"619e04d3\" data-element_type=\"column\" data-e-type=\"column\">\n\t\t\t<div class=\"elementor-widget-wrap elementor-element-populated\">\n\t\t\t\t\t\t<div class=\"elementor-element elementor-element-1bc4f5f elementor--h-position-center elementor--v-position-middle elementor-arrows-position-inside elementor-widget elementor-widget-slides\" data-id=\"1bc4f5f\" data-element_type=\"widget\" data-e-type=\"widget\" data-settings=\"{&quot;navigation&quot;:&quot;arrows&quot;,&quot;autoplay&quot;:&quot;yes&quot;,&quot;pause_on_hover&quot;:&quot;yes&quot;,&quot;pause_on_interaction&quot;:&quot;yes&quot;,&quot;autoplay_speed&quot;:5000,&quot;infinite&quot;:&quot;yes&quot;,&quot;transition&quot;:&quot;slide&quot;,&quot;transition_speed&quot;:500}\" data-widget_type=\"slides.default\">\n\t\t\t\t<div class=\"elementor-widget-container\">\n\t\t\t\t\t\t\t\t\t<div class=\"elementor-swiper\">\n\t\t\t\t\t<div class=\"elementor-slides-wrapper elementor-main-swiper swiper\" role=\"region\" aria-roledescription=\"carousel\" aria-label=\"Slider\" dir=\"ltr\" data-animation=\"fadeInUp\">\n\t\t\t\t<div class=\"swiper-wrapper elementor-slides\">\n\t\t\t\t\t\t\t\t\t\t<div class=\"elementor-repeater-item-2de4990 swiper-slide\" role=\"group\" aria-roledescription=\"slide\"><div class=\"swiper-slide-bg\" role=\"img\" aria-label=\"venit de baz\u0103 activ\"><\/div><div class=\"swiper-slide-inner\" ><div class=\"swiper-slide-contents\"><\/div><\/div><\/div>\t\t\t\t<\/div>\n\t\t\t\t\t\t\t<\/div>\n\t\t\t\t<\/div>\n\t\t\t\t\t\t\t\t<\/div>\n\t\t\t\t<\/div>\n\t\t\t\t\t<\/div>\n\t\t<\/div>\n\t\t\t\t\t<\/div>\n\t\t<\/section>\n\t\t\t\t<section class=\"elementor-section elementor-top-section elementor-element elementor-element-50f04cd8 elementor-section-boxed elementor-section-height-default elementor-section-height-default\" data-id=\"50f04cd8\" data-element_type=\"section\" data-e-type=\"section\" data-settings=\"{&quot;background_background&quot;:&quot;classic&quot;}\">\n\t\t\t\t\t\t<div class=\"elementor-container elementor-column-gap-default\">\n\t\t\t\t\t<div class=\"elementor-column elementor-col-100 elementor-top-column elementor-element elementor-element-2532d799\" data-id=\"2532d799\" data-element_type=\"column\" data-e-type=\"column\">\n\t\t\t<div class=\"elementor-widget-wrap elementor-element-populated\">\n\t\t\t\t\t\t<div class=\"elementor-element elementor-element-3352e0dc elementor-widget elementor-widget-heading\" data-id=\"3352e0dc\" data-element_type=\"widget\" data-e-type=\"widget\" data-widget_type=\"heading.default\">\n\t\t\t\t<div class=\"elementor-widget-container\">\n\t\t\t\t\t<h1 class=\"elementor-heading-title elementor-size-default\">Venitul de baz\u0103 activ<br>\nParticipare necondi\u021bionat\u0103 pentru to\u021bi<\/h1>\t\t\t\t<\/div>\n\t\t\t\t<\/div>\n\t\t\t\t\t<\/div>\n\t\t<\/div>\n\t\t\t\t\t<\/div>\n\t\t<\/section>\n\t\t\t\t<section class=\"elementor-section elementor-top-section elementor-element elementor-element-5dc2a32c elementor-section-boxed elementor-section-height-default elementor-section-height-default\" data-id=\"5dc2a32c\" data-element_type=\"section\" data-e-type=\"section\" data-settings=\"{&quot;background_background&quot;:&quot;classic&quot;}\">\n\t\t\t\t\t\t<div class=\"elementor-container elementor-column-gap-default\">\n\t\t\t\t\t<div class=\"elementor-column elementor-col-100 elementor-top-column elementor-element elementor-element-48d5c4a6\" data-id=\"48d5c4a6\" data-element_type=\"column\" data-e-type=\"column\">\n\t\t\t<div class=\"elementor-widget-wrap elementor-element-populated\">\n\t\t\t\t\t\t<div class=\"elementor-element elementor-element-0c00c74 elementor-nav-menu--dropdown-tablet elementor-nav-menu__text-align-aside elementor-nav-menu--toggle elementor-nav-menu--burger elementor-widget elementor-widget-nav-menu\" data-id=\"0c00c74\" data-element_type=\"widget\" data-e-type=\"widget\" data-settings=\"{&quot;layout&quot;:&quot;horizontal&quot;,&quot;submenu_icon&quot;:{&quot;value&quot;:&quot;&lt;i class=\\&quot;fas fa-caret-down\\&quot; aria-hidden=\\&quot;true\\&quot;&gt;&lt;\\\/i&gt;&quot;,&quot;library&quot;:&quot;fa-solid&quot;},&quot;toggle&quot;:&quot;burger&quot;}\" data-widget_type=\"nav-menu.default\">\n\t\t\t\t<div class=\"elementor-widget-container\">\n\t\t\t\t\t\t\t\t<nav aria-label=\"Cercetare \u00een domeniul prosperit\u0103\u021bii\" class=\"elementor-nav-menu--main elementor-nav-menu__container elementor-nav-menu--layout-horizontal e--pointer-underline e--animation-grow\">\n\t\t\t\t<ul id=\"menu-1-0c00c74\" class=\"elementor-nav-menu\"><li class=\"menu-item menu-item-type-custom menu-item-object-custom menu-item-has-children menu-item-12050\"><a class=\"elementor-item\">Sistemul monetar \u0219i economic<\/a>\n<ul class=\"sub-menu elementor-nav-menu--dropdown\">\n\t<li class=\"menu-item menu-item-type-post_type menu-item-object-page menu-item-12640\"><a href=\"https:\/\/gradido.net\/ro\/what-is-gradido\/vergleich-der-waehrungssysteme\/\" class=\"elementor-sub-item\">Compara\u021bie \u00eentre sistemele monetare<\/a><\/li>\n\t<li class=\"menu-item menu-item-type-post_type menu-item-object-page menu-item-12047\"><a href=\"https:\/\/gradido.net\/ro\/what-is-gradido\/economic-bionics\/\" class=\"elementor-sub-item\">Bionic\u0103 de afaceri<\/a><\/li>\n\t<li class=\"menu-item menu-item-type-post_type menu-item-object-page menu-item-12046\"><a href=\"https:\/\/gradido.net\/ro\/what-is-gradido\/financial-system\/\" class=\"elementor-sub-item\">Defectele fatale ale sistemului financiar<\/a><\/li>\n\t<li class=\"menu-item menu-item-type-post_type menu-item-object-page menu-item-12049\"><a href=\"https:\/\/gradido.net\/ro\/what-is-gradido\/basic-income\/\" class=\"elementor-sub-item\">Venitul de baz\u0103<\/a><\/li>\n<\/ul>\n<\/li>\n<li class=\"menu-item menu-item-type-custom menu-item-object-custom menu-item-has-children menu-item-12052\"><a class=\"elementor-item\">Viziunea 2050<\/a>\n<ul class=\"sub-menu elementor-nav-menu--dropdown\">\n\t<li class=\"menu-item menu-item-type-post_type menu-item-object-page menu-item-12583\"><a href=\"https:\/\/gradido.net\/ro\/what-is-gradido\/vision-2050\/\" class=\"elementor-sub-item\">Viziunea 2050<\/a><\/li>\n<\/ul>\n<\/li>\n<li class=\"menu-item menu-item-type-custom menu-item-object-custom menu-item-has-children menu-item-12051\"><a class=\"elementor-item\">Cooperare<\/a>\n<ul class=\"sub-menu elementor-nav-menu--dropdown\">\n\t<li class=\"menu-item menu-item-type-post_type menu-item-object-page menu-item-12048\"><a href=\"https:\/\/gradido.net\/ro\/what-is-gradido\/greatcooperation\/\" class=\"elementor-sub-item\">O cooperare excelent\u0103<\/a><\/li>\n<\/ul>\n<\/li>\n<\/ul>\t\t\t<\/nav>\n\t\t\t\t\t<div class=\"elementor-menu-toggle\" role=\"button\" tabindex=\"0\" aria-label=\"Comutare meniu\" aria-expanded=\"false\">\n\t\t\t<i aria-hidden=\"true\" role=\"presentation\" class=\"elementor-menu-toggle__icon--open eicon-menu-bar\"><\/i><i aria-hidden=\"true\" role=\"presentation\" class=\"elementor-menu-toggle__icon--close eicon-close\"><\/i>\t\t<\/div>\n\t\t\t\t\t<nav class=\"elementor-nav-menu--dropdown elementor-nav-menu__container\" aria-hidden=\"true\">\n\t\t\t\t<ul id=\"menu-2-0c00c74\" class=\"elementor-nav-menu\"><li class=\"menu-item menu-item-type-custom menu-item-object-custom menu-item-has-children menu-item-12050\"><a class=\"elementor-item\" tabindex=\"-1\">Sistemul monetar \u0219i economic<\/a>\n<ul class=\"sub-menu elementor-nav-menu--dropdown\">\n\t<li class=\"menu-item menu-item-type-post_type menu-item-object-page menu-item-12640\"><a href=\"https:\/\/gradido.net\/ro\/what-is-gradido\/vergleich-der-waehrungssysteme\/\" class=\"elementor-sub-item\" tabindex=\"-1\">Compara\u021bie \u00eentre sistemele monetare<\/a><\/li>\n\t<li class=\"menu-item menu-item-type-post_type menu-item-object-page menu-item-12047\"><a href=\"https:\/\/gradido.net\/ro\/what-is-gradido\/economic-bionics\/\" class=\"elementor-sub-item\" tabindex=\"-1\">Bionic\u0103 de afaceri<\/a><\/li>\n\t<li class=\"menu-item menu-item-type-post_type menu-item-object-page menu-item-12046\"><a href=\"https:\/\/gradido.net\/ro\/what-is-gradido\/financial-system\/\" class=\"elementor-sub-item\" tabindex=\"-1\">Defectele fatale ale sistemului financiar<\/a><\/li>\n\t<li class=\"menu-item menu-item-type-post_type menu-item-object-page menu-item-12049\"><a href=\"https:\/\/gradido.net\/ro\/what-is-gradido\/basic-income\/\" class=\"elementor-sub-item\" tabindex=\"-1\">Venitul de baz\u0103<\/a><\/li>\n<\/ul>\n<\/li>\n<li class=\"menu-item menu-item-type-custom menu-item-object-custom menu-item-has-children menu-item-12052\"><a class=\"elementor-item\" tabindex=\"-1\">Viziunea 2050<\/a>\n<ul class=\"sub-menu elementor-nav-menu--dropdown\">\n\t<li class=\"menu-item menu-item-type-post_type menu-item-object-page menu-item-12583\"><a href=\"https:\/\/gradido.net\/ro\/what-is-gradido\/vision-2050\/\" class=\"elementor-sub-item\" tabindex=\"-1\">Viziunea 2050<\/a><\/li>\n<\/ul>\n<\/li>\n<li class=\"menu-item menu-item-type-custom menu-item-object-custom menu-item-has-children menu-item-12051\"><a class=\"elementor-item\" tabindex=\"-1\">Cooperare<\/a>\n<ul class=\"sub-menu elementor-nav-menu--dropdown\">\n\t<li class=\"menu-item menu-item-type-post_type menu-item-object-page menu-item-12048\"><a href=\"https:\/\/gradido.net\/ro\/what-is-gradido\/greatcooperation\/\" class=\"elementor-sub-item\" tabindex=\"-1\">O cooperare excelent\u0103<\/a><\/li>\n<\/ul>\n<\/li>\n<\/ul>\t\t\t<\/nav>\n\t\t\t\t\t\t<\/div>\n\t\t\t\t<\/div>\n\t\t\t\t<div class=\"elementor-element elementor-element-b8692e8 elementor-widget elementor-widget-breadcrumbs\" data-id=\"b8692e8\" data-element_type=\"widget\" data-e-type=\"widget\" data-widget_type=\"breadcrumbs.default\">\n\t\t\t\t<div class=\"elementor-widget-container\">\n\t\t\t\t\t<p id=\"breadcrumbs\"><span><span><a href=\"https:\/\/gradido.net\/ro\/\">Pagina de start<\/a><\/span><\/span><\/p>\t\t\t\t<\/div>\n\t\t\t\t<\/div>\n\t\t\t\t<div class=\"elementor-element elementor-element-5462cbab elementor-widget elementor-widget-text-editor\" data-id=\"5462cbab\" data-element_type=\"widget\" data-e-type=\"widget\" data-widget_type=\"text-editor.default\">\n\t\t\t\t<div class=\"elementor-widget-container\">\n\t\t\t\t\t\t\t\t\t<p>Modelul Gradido prevede un venit de baz\u0103 pentru fiecare persoan\u0103 de pe p\u0103m\u00e2nt. Consider\u0103m c\u0103 \"venitul de baz\u0103 activ\" este o dezvoltare optimizat\u0103 a mult discutatului \"venit de baz\u0103 necondi\u021bionat\". Ea reune\u0219te argumentele oponen\u021bilor \u0219i ale sus\u021bin\u0103torilor s\u0103i \u0219i ofer\u0103 at\u00e2t siguran\u021ba subzisten\u021bei, c\u00e2t \u0219i dezvoltarea poten\u021bialului pentru to\u021bi oamenii. \"Venitul de baz\u0103 activ\" garanteaz\u0103 \"participarea necondi\u021bionat\u0103\" \u00een comunitate.<\/p>\t\t\t\t\t\t\t\t<\/div>\n\t\t\t\t<\/div>\n\t\t\t\t\t<\/div>\n\t\t<\/div>\n\t\t\t\t\t<\/div>\n\t\t<\/section>\n\t\t\t\t<section class=\"elementor-section elementor-top-section elementor-element elementor-element-2c15de1 elementor-section-boxed elementor-section-height-default elementor-section-height-default\" data-id=\"2c15de1\" data-element_type=\"section\" data-e-type=\"section\">\n\t\t\t\t\t\t<div class=\"elementor-container elementor-column-gap-default\">\n\t\t\t\t\t<div class=\"elementor-column elementor-col-50 elementor-top-column elementor-element elementor-element-0930acd\" data-id=\"0930acd\" data-element_type=\"column\" data-e-type=\"column\">\n\t\t\t<div class=\"elementor-widget-wrap elementor-element-populated\">\n\t\t\t\t\t\t<div class=\"elementor-element elementor-element-33bb014 elementor-widget elementor-widget-image\" data-id=\"33bb014\" data-element_type=\"widget\" data-e-type=\"widget\" data-widget_type=\"image.default\">\n\t\t\t\t<div class=\"elementor-widget-container\">\n\t\t\t\t\t\t\t\t\t\t\t\t<figure class=\"wp-caption\">\n\t\t\t\t\t\t\t\t\t\t<img fetchpriority=\"high\" decoding=\"async\" width=\"800\" height=\"300\" src=\"https:\/\/gradido.net\/wp-content\/uploads\/2020\/09\/grundeinkommen-statt-existenzangst-1024x384.jpg\" class=\"attachment-large size-large wp-image-833\" alt=\"\" srcset=\"https:\/\/gradido.net\/wp-content\/uploads\/2020\/09\/grundeinkommen-statt-existenzangst-1024x384.jpg 1024w, https:\/\/gradido.net\/wp-content\/uploads\/2020\/09\/grundeinkommen-statt-existenzangst-300x113.jpg 300w, https:\/\/gradido.net\/wp-content\/uploads\/2020\/09\/grundeinkommen-statt-existenzangst-768x288.jpg 768w, https:\/\/gradido.net\/wp-content\/uploads\/2020\/09\/grundeinkommen-statt-existenzangst.jpg 1344w\" sizes=\"(max-width: 800px) 100vw, 800px\" \/>\t\t\t\t\t\t\t\t\t\t\t<figcaption class=\"widget-image-caption wp-caption-text\">Drepturi de imagine: Imago\/Seeliger<\/figcaption>\n\t\t\t\t\t\t\t\t\t\t<\/figure>\n\t\t\t\t\t\t\t\t\t<\/div>\n\t\t\t\t<\/div>\n\t\t\t\t<div class=\"elementor-element elementor-element-9df9474 elementor-widget elementor-widget-text-editor\" data-id=\"9df9474\" data-element_type=\"widget\" data-e-type=\"widget\" data-widget_type=\"text-editor.default\">\n\t\t\t\t<div class=\"elementor-widget-container\">\n\t\t\t\t\t\t\t\t\t<h2>Diversitate \u00een libertate<\/h2><p>Venitul de baz\u0103 activ \u00ee\u0219i are originea \u00een ideea de \"participare necondi\u021bionat\u0103\". \u00cen schimb, cei care doresc s\u0103 se foloseasc\u0103 de el contribuie la comunitate cu talentele \u0219i \u00eenclina\u021biile lor - de asemenea, copiii \u0219i persoanele \u00een v\u00e2rst\u0103, \u00een func\u021bie de v\u00e2rst\u0103, \u00eentr-o form\u0103 adecvat\u0103. Fiec\u0103ruia i se permite s\u0103 \u00ee\u0219i asume o sarcin\u0103 pe care \u00eei place s\u0103 o fac\u0103. \u00cen acest fel, sistemul creeaz\u0103 cele mai bune condi\u021bii pentru a avea succes la toate nivelurile.<\/p><p>Nu exist\u0103 limite \u00een ceea ce prive\u0219te varietatea domeniilor de activitate. De la ajutor \u00een sectorul social la amenajarea spa\u021biilor publice, de la spectacole artistice la activit\u0103\u021bi administrative, orice contribu\u021bie este binevenit\u0103. Fiecare persoan\u0103 lucreaz\u0103 maximum 50 de ore pe lun\u0103 pentru venitul s\u0103u de baz\u0103 activ. Salariul mediu orar este de 20 Gradido (GDD), astfel \u00eenc\u00e2t fiecare persoan\u0103 poate c\u00e2\u0219tiga 1000 Gradido (GDD) pe lun\u0103.<\/p><p>Cei mai mul\u021bi oameni vor folosi timpul r\u0103mas pentru a prelua alte sarcini sau pentru a avansa \u00een carier\u0103. \u00cengrijorarea c\u0103 productivitatea societ\u0103\u021bii ar putea sc\u0103dea p\u00e2n\u0103 la un minim \u00eengrijor\u0103tor este nefondat\u0103, deoarece fiin\u021ba uman\u0103 s\u0103n\u0103toas\u0103 \u0219i mul\u021bumit\u0103 are o dorin\u021b\u0103 natural\u0103 pronun\u021bat\u0103 de cre\u0219tere \u0219i dezvoltare. Comunitatea Gradido se str\u0103duie\u0219te s\u0103 promoveze fiecare membru cu interesele \u0219i talentele sale \u00een cel mai bun mod posibil \u0219i astfel s\u0103 pun\u0103 bazele ideale pentru un succes c\u00e2t mai mare al \u00eentregii comunit\u0103\u021bi.<\/p>\t\t\t\t\t\t\t\t<\/div>\n\t\t\t\t<\/div>\n\t\t\t\t<div class=\"elementor-element elementor-element-99ede4e elementor-widget elementor-widget-text-editor\" data-id=\"99ede4e\" data-element_type=\"widget\" data-e-type=\"widget\" data-widget_type=\"text-editor.default\">\n\t\t\t\t<div class=\"elementor-widget-container\">\n\t\t\t\t\t\t\t\t\t<h2>Venitul de baz\u0103 activ bazat pe participare necondi\u021bionat\u0103<\/h2><ol><li>face parte integrant\u0103 din procesul de creare a banilor \u0219i, prin urmare, nu are nevoie de alte concepte de finan\u021bare.<\/li><li>ne garanteaz\u0103 tuturor o via\u021b\u0103 demn\u0103 \u0219i ne ofer\u0103 un stimulent material pentru a contribui cu partea noastr\u0103 la comunitate.<\/li><li>ne ofer\u0103 preg\u0103tire \u00een locul unui test de mijloace \u0219i sprijinul necesar pentru a ne dezvolta \u0219i a ne folosi poten\u021bialul \u00een cel mai bun mod posibil.<\/li><li>ne las\u0103 libertatea de a alege modul \u00een care dorim s\u0103 contribuim la comunitate \u0219i ne ofer\u0103 o remunera\u021bie rezonabil de mare pentru o munc\u0103 nepl\u0103cut\u0103.<\/li><li>ne asigur\u0103 tuturor un venit bun \u0219i ne ofer\u0103 motive de bucurie pentru a ne bucura de faptul c\u0103 tot mai multe sarcini grele sunt \u00eencredin\u021bate ma\u0219inilor.<\/li><li>ne asigur\u0103 pensia de b\u0103tr\u00e2ne\u021be \u0219i ne oblig\u0103 pe to\u021bi (inclusiv pe imigran\u021bi) s\u0103 ne facem partea noastr\u0103 pentru binele comun.<\/li><li>permite o reducere enorm\u0103 a birocra\u021biei \u0219i este voluntar\u0103.<\/li><\/ol>\t\t\t\t\t\t\t\t<\/div>\n\t\t\t\t<\/div>\n\t\t\t\t<div class=\"elementor-element elementor-element-078000f elementor-widget elementor-widget-text-editor\" data-id=\"078000f\" data-element_type=\"widget\" data-e-type=\"widget\" data-widget_type=\"text-editor.default\">\n\t\t\t\t<div class=\"elementor-widget-container\">\n\t\t\t\t\t\t\t\t\t<p><strong>Satisfac\u021bia profund\u0103 a fiec\u0103rui individ care vine din faptul c\u0103 poate contribui la comunitate \u0219i efectele pozitive asociate asupra calit\u0103\u021bii vie\u021bii, fericirii \u0219i s\u0103n\u0103t\u0103\u021bii ne fac s\u0103 prefer\u0103m \u00een mod clar venitul de baz\u0103 activ \u00een locul venitului de baz\u0103 necondi\u021bionat. <\/strong><\/p>\n<p>Cei care nu pot contribui la binele comun din motive de s\u0103n\u0103tate sau de v\u00e2rst\u0103 vor primi, desigur, venitul de baz\u0103 necondi\u021bionat.<\/p>\n<p>Venitul de baz\u0103 este o sum\u0103 de baz\u0103, care se adaug\u0103 la alte surse de venit. Participarea la venitul de baz\u0103 activ este voluntar\u0103. Cei care prefer\u0103 s\u0103 \u00ee\u0219i foloseasc\u0103 timpul \u00een alt\u0103 parte, de exemplu, pentru c\u0103 c\u00e2\u0219tig\u0103 mai mul\u021bi bani \u00een economia liber\u0103, sunt bineveni\u021bi s\u0103 o fac\u0103.<\/p>\t\t\t\t\t\t\t\t<\/div>\n\t\t\t\t<\/div>\n\t\t\t\t\t<\/div>\n\t\t<\/div>\n\t\t\t\t<div class=\"elementor-column elementor-col-50 elementor-top-column elementor-element elementor-element-9e2c897\" data-id=\"9e2c897\" data-element_type=\"column\" data-e-type=\"column\">\n\t\t\t<div class=\"elementor-widget-wrap elementor-element-populated\">\n\t\t\t\t\t\t<div class=\"elementor-element elementor-element-4c66072 elementor-widget elementor-widget-text-editor\" data-id=\"4c66072\" data-element_type=\"widget\" data-e-type=\"widget\" data-widget_type=\"text-editor.default\">\n\t\t\t\t<div class=\"elementor-widget-container\">\n\t\t\t\t\t\t\t\t\t<h3>Ofert\u0103 f\u0103r\u0103 constr\u00e2ngere<\/h3><p>Participarea la venitul de baz\u0103 activ este un drept, nu o obliga\u021bie. Cei care prefer\u0103 s\u0103 \u00ee\u0219i petreac\u0103 tot timpul f\u0103c\u00e2nd carier\u0103 pot continua s\u0103 fac\u0103 acest lucru.<\/p>\t\t\t\t\t\t\t\t<\/div>\n\t\t\t\t<\/div>\n\t\t\t\t<div class=\"elementor-element elementor-element-5df4799 elementor-widget elementor-widget-text-editor\" data-id=\"5df4799\" data-element_type=\"widget\" data-e-type=\"widget\" data-widget_type=\"text-editor.default\">\n\t\t\t\t<div class=\"elementor-widget-container\">\n\t\t\t\t\t\t\t\t\t<h3>Principiul celor trei piloni<\/h3><p>\u00cen plus fa\u021b\u0103 de cele 1000 de Gradido ale venitului de baz\u0103 activ, fiecare persoan\u0103 prime\u0219te \u00eenc\u0103 2000 de Gradido pe lun\u0103. A doua treime este acordat\u0103 statului pentru serviciile sale c\u0103tre comunitate, iar a treia parte este destinat\u0103 unui fond de compensare \u0219i de mediu pentru a permite reabilitarea mo\u0219tenirii economice \u0219i ecologice.<\/p>\t\t\t\t\t\t\t\t<\/div>\n\t\t\t\t<\/div>\n\t\t\t\t<div class=\"elementor-element elementor-element-b1ad347 elementor-widget elementor-widget-image\" data-id=\"b1ad347\" data-element_type=\"widget\" data-e-type=\"widget\" data-widget_type=\"image.default\">\n\t\t\t\t<div class=\"elementor-widget-container\">\n\t\t\t\t\t\t\t\t\t\t\t\t\t\t\t<img decoding=\"async\" width=\"768\" height=\"548\" src=\"https:\/\/gradido.net\/wp-content\/uploads\/2020\/09\/das-drei-saeulen-prinzip.jpg\" class=\"attachment-large size-large wp-image-835\" alt=\"\" srcset=\"https:\/\/gradido.net\/wp-content\/uploads\/2020\/09\/das-drei-saeulen-prinzip.jpg 768w, https:\/\/gradido.net\/wp-content\/uploads\/2020\/09\/das-drei-saeulen-prinzip-300x214.jpg 300w\" sizes=\"(max-width: 768px) 100vw, 768px\" \/>\t\t\t\t\t\t\t\t\t\t\t\t\t\t\t<\/div>\n\t\t\t\t<\/div>\n\t\t\t\t<div class=\"elementor-element elementor-element-e0d00c7 elementor-widget elementor-widget-image\" data-id=\"e0d00c7\" data-element_type=\"widget\" data-e-type=\"widget\" data-widget_type=\"image.default\">\n\t\t\t\t<div class=\"elementor-widget-container\">\n\t\t\t\t\t\t\t\t\t\t\t\t\t\t\t<img decoding=\"async\" width=\"768\" height=\"548\" src=\"https:\/\/gradido.net\/wp-content\/uploads\/2020\/09\/das-dreifache-wohl.jpg\" class=\"attachment-large size-large wp-image-836\" alt=\"\" srcset=\"https:\/\/gradido.net\/wp-content\/uploads\/2020\/09\/das-dreifache-wohl.jpg 768w, https:\/\/gradido.net\/wp-content\/uploads\/2020\/09\/das-dreifache-wohl-300x214.jpg 300w\" sizes=\"(max-width: 768px) 100vw, 768px\" \/>\t\t\t\t\t\t\t\t\t\t\t\t\t\t\t<\/div>\n\t\t\t\t<\/div>\n\t\t\t\t<div class=\"elementor-element elementor-element-13c5174 elementor-widget elementor-widget-text-editor\" data-id=\"13c5174\" data-element_type=\"widget\" data-e-type=\"widget\" data-widget_type=\"text-editor.default\">\n\t\t\t\t<div class=\"elementor-widget-container\">\n\t\t\t\t\t\t\t\t\t<h3>\"Triplul bine\" protejeaz\u0103 oamenii \u0219i natura<\/h3><p>Principiul etic de baz\u0103 al Gradido se bazeaz\u0103 pe armonizarea bun\u0103st\u0103rii individului cu cea a comunit\u0103\u021bii \u0219i a \u00eentregului - \u00een sensul de natur\u0103 \u0219i mediu. Individul face parte din comunitate, din stat, iar acesta, la r\u00e2ndul s\u0103u, face parte din \"imaginea de ansamblu\", din ecosistem. Dac\u0103 unul dintre aceste trei aspecte este neglijat, \u00eentregul sistem se clatin\u0103.<\/p>\t\t\t\t\t\t\t\t<\/div>\n\t\t\t\t<\/div>\n\t\t\t\t\t<\/div>\n\t\t<\/div>\n\t\t\t\t\t<\/div>\n\t\t<\/section>\n\t\t\t\t<section class=\"elementor-section elementor-top-section elementor-element elementor-element-06a38b6 elementor-section-boxed elementor-section-height-default elementor-section-height-default\" data-id=\"06a38b6\" data-element_type=\"section\" data-e-type=\"section\">\n\t\t\t\t\t\t<div class=\"elementor-container elementor-column-gap-default\">\n\t\t\t\t\t<div class=\"elementor-column elementor-col-100 elementor-top-column elementor-element elementor-element-7492748\" data-id=\"7492748\" data-element_type=\"column\" data-e-type=\"column\">\n\t\t\t<div class=\"elementor-widget-wrap elementor-element-populated\">\n\t\t\t\t\t\t<div class=\"elementor-element elementor-element-a85ad5b elementor-widget elementor-widget-heading\" data-id=\"a85ad5b\" data-element_type=\"widget\" data-e-type=\"widget\" data-widget_type=\"heading.default\">\n\t\t\t\t<div class=\"elementor-widget-container\">\n\t\t\t\t\t<h3 class=\"elementor-heading-title elementor-size-default\">Mai multe contribu\u021bii<\/h3>\t\t\t\t<\/div>\n\t\t\t\t<\/div>\n\t\t\t\t<div class=\"elementor-element elementor-element-577b2b1 elementor-grid-tablet-3 elementor-grid-3 elementor-grid-mobile-1 elementor-posts--thumbnail-top elementor-posts__hover-gradient elementor-widget elementor-widget-posts\" data-id=\"577b2b1\" data-element_type=\"widget\" data-e-type=\"widget\" data-settings=\"{&quot;cards_columns_tablet&quot;:&quot;3&quot;,&quot;cards_columns&quot;:&quot;3&quot;,&quot;cards_columns_mobile&quot;:&quot;1&quot;,&quot;cards_row_gap&quot;:{&quot;unit&quot;:&quot;px&quot;,&quot;size&quot;:35,&quot;sizes&quot;:[]},&quot;cards_row_gap_tablet&quot;:{&quot;unit&quot;:&quot;px&quot;,&quot;size&quot;:&quot;&quot;,&quot;sizes&quot;:[]},&quot;cards_row_gap_mobile&quot;:{&quot;unit&quot;:&quot;px&quot;,&quot;size&quot;:&quot;&quot;,&quot;sizes&quot;:[]}}\" data-widget_type=\"posts.cards\">\n\t\t\t\t<div class=\"elementor-widget-container\">\n\t\t\t\t\t\t\t<div class=\"elementor-posts-container elementor-posts elementor-posts--skin-cards elementor-grid\" role=\"list\">\n\t\t\t\t<article class=\"elementor-post elementor-grid-item post-6240 post type-post status-publish format-standard has-post-thumbnail hentry category-podcast tag-betriebswirtschaft tag-finanzsystem tag-geldsystem tag-gesundheit tag-grundeinkommen tag-lachen tag-lachyoga\" role=\"listitem\">\n\t\t\t<div class=\"elementor-post__card\">\n\t\t\t\t<a class=\"elementor-post__thumbnail__link\" href=\"https:\/\/gradido.net\/ro\/episode-45\/\" tabindex=\"-1\" ><div class=\"elementor-post__thumbnail\"><img loading=\"lazy\" decoding=\"async\" width=\"700\" height=\"475\" src=\"https:\/\/gradido.net\/wp-content\/uploads\/2023\/01\/podcast_www_klaus.jpg\" class=\"attachment-large size-large wp-image-6203\" alt=\"\" srcset=\"https:\/\/gradido.net\/wp-content\/uploads\/2023\/01\/podcast_www_klaus.jpg 700w, https:\/\/gradido.net\/wp-content\/uploads\/2023\/01\/podcast_www_klaus-300x204.jpg 300w, https:\/\/gradido.net\/wp-content\/uploads\/2023\/01\/podcast_www_klaus-18x12.jpg 18w\" sizes=\"(max-width: 700px) 100vw, 700px\" \/><\/div><\/a>\n\t\t\t\t<div class=\"elementor-post__text\">\n\t\t\t\t<h3 class=\"elementor-post__title\">\n\t\t\t<a href=\"https:\/\/gradido.net\/ro\/episode-45\/\" >\n\t\t\t\tAting\u00e2ndu-ne inimile unul altuia cu r\u00e2sul\t\t\t<\/a>\n\t\t<\/h3>\n\t\t\n\t\t<a class=\"elementor-post__read-more\" href=\"https:\/\/gradido.net\/ro\/episode-45\/\" aria-label=\"Cite\u0219te mai mult despre Atingerea inimilor celorlal\u021bi prin r\u00e2s\" tabindex=\"-1\" >\n\t\t\tCite\u0219te mai mult\t\t<\/a>\n\n\t\t\t\t<\/div>\n\t\t\t\t\t<\/div>\n\t\t<\/article>\n\t\t\t\t<article class=\"elementor-post elementor-grid-item post-5918 post type-post status-publish format-standard has-post-thumbnail hentry category-podcast tag-grundeinkommen\" role=\"listitem\">\n\t\t\t<div class=\"elementor-post__card\">\n\t\t\t\t<a class=\"elementor-post__thumbnail__link\" href=\"https:\/\/gradido.net\/ro\/episode-44\/\" tabindex=\"-1\" ><div class=\"elementor-post__thumbnail\"><img loading=\"lazy\" decoding=\"async\" width=\"700\" height=\"475\" src=\"https:\/\/gradido.net\/wp-content\/uploads\/2022\/11\/podcast_www_mai.jpg\" class=\"attachment-large size-large wp-image-5916\" alt=\"\" srcset=\"https:\/\/gradido.net\/wp-content\/uploads\/2022\/11\/podcast_www_mai.jpg 700w, https:\/\/gradido.net\/wp-content\/uploads\/2022\/11\/podcast_www_mai-300x204.jpg 300w, https:\/\/gradido.net\/wp-content\/uploads\/2022\/11\/podcast_www_mai-18x12.jpg 18w\" sizes=\"(max-width: 700px) 100vw, 700px\" \/><\/div><\/a>\n\t\t\t\t<div class=\"elementor-post__text\">\n\t\t\t\t<h3 class=\"elementor-post__title\">\n\t\t\t<a href=\"https:\/\/gradido.net\/ro\/episode-44\/\" >\n\t\t\t\tMarea Cooperare: Forja Satului - Consolidarea leg\u0103turilor - Economic \u0219i social\t\t\t<\/a>\n\t\t<\/h3>\n\t\t\n\t\t<a class=\"elementor-post__read-more\" href=\"https:\/\/gradido.net\/ro\/episode-44\/\" aria-label=\"Cite\u0219te mai mult despre Marea Cooperare: Forja Satului - Consolidarea leg\u0103turilor - economice \u0219i sociale\" tabindex=\"-1\" >\n\t\t\tCite\u0219te mai mult\t\t<\/a>\n\n\t\t\t\t<\/div>\n\t\t\t\t\t<\/div>\n\t\t<\/article>\n\t\t\t\t<article class=\"elementor-post elementor-grid-item post-4132 post type-post status-publish format-standard has-post-thumbnail hentry category-podcast tag-grundeinkommen\" role=\"listitem\">\n\t\t\t<div class=\"elementor-post__card\">\n\t\t\t\t<a class=\"elementor-post__thumbnail__link\" href=\"https:\/\/gradido.net\/ro\/episode-43\/\" tabindex=\"-1\" ><div class=\"elementor-post__thumbnail\"><img loading=\"lazy\" decoding=\"async\" width=\"700\" height=\"475\" src=\"https:\/\/gradido.net\/wp-content\/uploads\/2022\/03\/podcast_www_rettenmund-1.jpg\" class=\"attachment-large size-large wp-image-4075\" alt=\"\" srcset=\"https:\/\/gradido.net\/wp-content\/uploads\/2022\/03\/podcast_www_rettenmund-1.jpg 700w, https:\/\/gradido.net\/wp-content\/uploads\/2022\/03\/podcast_www_rettenmund-1-300x204.jpg 300w, https:\/\/gradido.net\/wp-content\/uploads\/2022\/03\/podcast_www_rettenmund-1-18x12.jpg 18w\" sizes=\"(max-width: 700px) 100vw, 700px\" \/><\/div><\/a>\n\t\t\t\t<div class=\"elementor-post__text\">\n\t\t\t\t<h3 class=\"elementor-post__title\">\n\t\t\t<a href=\"https:\/\/gradido.net\/ro\/episode-43\/\" >\n\t\t\t\tMarea Cooperare: Electrocultura asigur\u0103 aprovizionarea mondial\u0103 cu alimente de calitate ecologic\u0103\t\t\t<\/a>\n\t\t<\/h3>\n\t\t\n\t\t<a class=\"elementor-post__read-more\" href=\"https:\/\/gradido.net\/ro\/episode-43\/\" aria-label=\"Cite\u0219te mai mult despre Marea Cooperare: Electrocultura asigur\u0103 aprovizionarea lumii cu alimente de calitate ecologic\u0103\" tabindex=\"-1\" >\n\t\t\tCite\u0219te mai mult\t\t<\/a>\n\n\t\t\t\t<\/div>\n\t\t\t\t\t<\/div>\n\t\t<\/article>\n\t\t\t\t<\/div>\n\t\t\n\t\t\t\t\t\t<\/div>\n\t\t\t\t<\/div>\n\t\t\t\t\t<\/div>\n\t\t<\/div>\n\t\t\t\t\t<\/div>\n\t\t<\/section>\n\t\t\t\t<\/div>","protected":false},"excerpt":{"rendered":"<p>Venit de baz\u0103 activ Participarea necondi\u021bionat\u0103 pentru to\u021bi Modelul Gradido prevede un venit de baz\u0103 pentru fiecare persoan\u0103 de pe p\u0103m\u00e2nt. \u00cen\u021belegem \"venitul nostru de baz\u0103 activ\" ca fiind un venit de baz\u0103 optimizat.<\/p>","protected":false},"author":1,"featured_media":833,"parent":2118,"menu_order":0,"comment_status":"closed","ping_status":"closed","template":"","meta":{"footnotes":""},"class_list":["post-128","page","type-page","status-publish","has-post-thumbnail","hentry"],"yoast_head":"<!-- This site is optimized with the Yoast SEO plugin v27.4 - https:\/\/yoast.com\/product\/yoast-seo-wordpress\/ -->\n<title>Grundeinkommen - Gradido<\/title>\n<meta name=\"description\" content=\"Unser \u201aAktives Grundeinkommen\u2018 verstehen wir als die optimierte Weiterentwicklung des viel diskutierten \u201aBedingungslosen Grundeinkommens\u2018. Es vereinigt die Argumente von dessen Gegnern und Bef\u00fcrwortern und bietet gleicherma\u00dfen Existenzssicherung wie Potentialentfaltung aller Menschen.\" \/>\n<meta name=\"robots\" content=\"index, follow, max-snippet:-1, max-image-preview:large, max-video-preview:-1\" \/>\n<link rel=\"canonical\" href=\"https:\/\/gradido.net\/ro\/what-is-gradido\/basic-income\/\" \/>\n<meta property=\"og:locale\" content=\"ro_RO\" \/>\n<meta property=\"og:type\" content=\"article\" \/>\n<meta property=\"og:title\" content=\"Grundeinkommen - Gradido\" \/>\n<meta property=\"og:description\" content=\"Unser \u201aAktives Grundeinkommen\u2018 verstehen wir als die optimierte Weiterentwicklung des viel diskutierten \u201aBedingungslosen Grundeinkommens\u2018. Es vereinigt die Argumente von dessen Gegnern und Bef\u00fcrwortern und bietet gleicherma\u00dfen Existenzssicherung wie Potentialentfaltung aller Menschen.\" \/>\n<meta property=\"og:url\" content=\"https:\/\/gradido.net\/ro\/what-is-gradido\/basic-income\/\" \/>\n<meta property=\"og:site_name\" content=\"Gradido\" \/>\n<meta property=\"article:modified_time\" content=\"2025-11-12T08:43:00+00:00\" \/>\n<meta property=\"og:image\" content=\"https:\/\/gradido.net\/wp-content\/uploads\/2020\/09\/grundeinkommen-statt-existenzangst.jpg\" \/>\n\t<meta property=\"og:image:width\" content=\"1344\" \/>\n\t<meta property=\"og:image:height\" content=\"504\" \/>\n\t<meta property=\"og:image:type\" content=\"image\/jpeg\" \/>\n<meta name=\"twitter:card\" content=\"summary_large_image\" \/>\n<meta name=\"twitter:label1\" content=\"Timp estimat pentru citire\" \/>\n\t<meta name=\"twitter:data1\" content=\"5 minute\" \/>\n<script type=\"application\/ld+json\" class=\"yoast-schema-graph\">{\"@context\":\"https:\\\/\\\/schema.org\",\"@graph\":[{\"@type\":\"WebPage\",\"@id\":\"https:\\\/\\\/gradido.net\\\/what-is-gradido\\\/basic-income\\\/\",\"url\":\"https:\\\/\\\/gradido.net\\\/what-is-gradido\\\/basic-income\\\/\",\"name\":\"Grundeinkommen - Gradido\",\"isPartOf\":{\"@id\":\"https:\\\/\\\/gradido.net\\\/de\\\/#website\"},\"primaryImageOfPage\":{\"@id\":\"https:\\\/\\\/gradido.net\\\/what-is-gradido\\\/basic-income\\\/#primaryimage\"},\"image\":{\"@id\":\"https:\\\/\\\/gradido.net\\\/what-is-gradido\\\/basic-income\\\/#primaryimage\"},\"thumbnailUrl\":\"https:\\\/\\\/gradido.net\\\/wp-content\\\/uploads\\\/2020\\\/09\\\/grundeinkommen-statt-existenzangst.jpg\",\"datePublished\":\"2020-08-12T10:21:31+00:00\",\"dateModified\":\"2025-11-12T08:43:00+00:00\",\"description\":\"Unser \u201aAktives Grundeinkommen\u2018 verstehen wir als die optimierte Weiterentwicklung des viel diskutierten \u201aBedingungslosen Grundeinkommens\u2018. Es vereinigt die Argumente von dessen Gegnern und Bef\u00fcrwortern und bietet gleicherma\u00dfen Existenzssicherung wie Potentialentfaltung aller Menschen.\",\"breadcrumb\":{\"@id\":\"https:\\\/\\\/gradido.net\\\/what-is-gradido\\\/basic-income\\\/#breadcrumb\"},\"inLanguage\":\"ro-RO\",\"potentialAction\":[{\"@type\":\"ReadAction\",\"target\":[\"https:\\\/\\\/gradido.net\\\/what-is-gradido\\\/basic-income\\\/\"]}]},{\"@type\":\"ImageObject\",\"inLanguage\":\"ro-RO\",\"@id\":\"https:\\\/\\\/gradido.net\\\/what-is-gradido\\\/basic-income\\\/#primaryimage\",\"url\":\"https:\\\/\\\/gradido.net\\\/wp-content\\\/uploads\\\/2020\\\/09\\\/grundeinkommen-statt-existenzangst.jpg\",\"contentUrl\":\"https:\\\/\\\/gradido.net\\\/wp-content\\\/uploads\\\/2020\\\/09\\\/grundeinkommen-statt-existenzangst.jpg\",\"width\":1344,\"height\":504},{\"@type\":\"BreadcrumbList\",\"@id\":\"https:\\\/\\\/gradido.net\\\/what-is-gradido\\\/basic-income\\\/#breadcrumb\",\"itemListElement\":[{\"@type\":\"ListItem\",\"position\":1,\"name\":\"Startseite\",\"item\":\"https:\\\/\\\/gradido.net\\\/\"},{\"@type\":\"ListItem\",\"position\":2,\"name\":\"Wohlstand\",\"item\":\"https:\\\/\\\/gradido.net\\\/what-is-gradido\\\/\"},{\"@type\":\"ListItem\",\"position\":3,\"name\":\"Grundeinkommen\"}]},{\"@type\":\"WebSite\",\"@id\":\"https:\\\/\\\/gradido.net\\\/de\\\/#website\",\"url\":\"https:\\\/\\\/gradido.net\\\/de\\\/\",\"name\":\"Gradido\",\"description\":\"Die neue W\u00e4hrung hei\u00dft Dankbarkeit\",\"publisher\":{\"@id\":\"https:\\\/\\\/gradido.net\\\/de\\\/#organization\"},\"potentialAction\":[{\"@type\":\"SearchAction\",\"target\":{\"@type\":\"EntryPoint\",\"urlTemplate\":\"https:\\\/\\\/gradido.net\\\/de\\\/?s={search_term_string}\"},\"query-input\":{\"@type\":\"PropertyValueSpecification\",\"valueRequired\":true,\"valueName\":\"search_term_string\"}}],\"inLanguage\":\"ro-RO\"},{\"@type\":\"Organization\",\"@id\":\"https:\\\/\\\/gradido.net\\\/de\\\/#organization\",\"name\":\"Gradido\",\"url\":\"https:\\\/\\\/gradido.net\\\/de\\\/\",\"logo\":{\"@type\":\"ImageObject\",\"inLanguage\":\"ro-RO\",\"@id\":\"https:\\\/\\\/gradido.net\\\/de\\\/#\\\/schema\\\/logo\\\/image\\\/\",\"url\":\"https:\\\/\\\/gradido.net\\\/wp-content\\\/uploads\\\/2022\\\/04\\\/gradido-social.jpg\",\"contentUrl\":\"https:\\\/\\\/gradido.net\\\/wp-content\\\/uploads\\\/2022\\\/04\\\/gradido-social.jpg\",\"width\":527,\"height\":273,\"caption\":\"Gradido\"},\"image\":{\"@id\":\"https:\\\/\\\/gradido.net\\\/de\\\/#\\\/schema\\\/logo\\\/image\\\/\"}}]}<\/script>\n<!-- \/ Yoast SEO plugin. -->","yoast_head_json":{"title":"Venitul de baz\u0103 - Gradido","description":"Consider\u0103m c\u0103 \"venitul de baz\u0103 activ\" este o dezvoltare optimizat\u0103 a mult discutatului \"venit de baz\u0103 necondi\u021bionat\". Acesta reune\u0219te argumentele oponen\u021bilor \u0219i sus\u021bin\u0103torilor s\u0103i \u0219i ofer\u0103 securitatea mijloacelor de trai, precum \u0219i dezvoltarea poten\u021bialului pentru to\u021bi oamenii.","robots":{"index":"index","follow":"follow","max-snippet":"max-snippet:-1","max-image-preview":"max-image-preview:large","max-video-preview":"max-video-preview:-1"},"canonical":"https:\/\/gradido.net\/ro\/what-is-gradido\/basic-income\/","og_locale":"ro_RO","og_type":"article","og_title":"Grundeinkommen - Gradido","og_description":"Unser \u201aAktives Grundeinkommen\u2018 verstehen wir als die optimierte Weiterentwicklung des viel diskutierten \u201aBedingungslosen Grundeinkommens\u2018. Es vereinigt die Argumente von dessen Gegnern und Bef\u00fcrwortern und bietet gleicherma\u00dfen Existenzssicherung wie Potentialentfaltung aller Menschen.","og_url":"https:\/\/gradido.net\/ro\/what-is-gradido\/basic-income\/","og_site_name":"Gradido","article_modified_time":"2025-11-12T08:43:00+00:00","og_image":[{"width":1344,"height":504,"url":"https:\/\/gradido.net\/wp-content\/uploads\/2020\/09\/grundeinkommen-statt-existenzangst.jpg","type":"image\/jpeg"}],"twitter_card":"summary_large_image","twitter_misc":{"Timp estimat pentru citire":"5 minute"},"schema":{"@context":"https:\/\/schema.org","@graph":[{"@type":"WebPage","@id":"https:\/\/gradido.net\/what-is-gradido\/basic-income\/","url":"https:\/\/gradido.net\/what-is-gradido\/basic-income\/","name":"Venitul de baz\u0103 - Gradido","isPartOf":{"@id":"https:\/\/gradido.net\/de\/#website"},"primaryImageOfPage":{"@id":"https:\/\/gradido.net\/what-is-gradido\/basic-income\/#primaryimage"},"image":{"@id":"https:\/\/gradido.net\/what-is-gradido\/basic-income\/#primaryimage"},"thumbnailUrl":"https:\/\/gradido.net\/wp-content\/uploads\/2020\/09\/grundeinkommen-statt-existenzangst.jpg","datePublished":"2020-08-12T10:21:31+00:00","dateModified":"2025-11-12T08:43:00+00:00","description":"Consider\u0103m c\u0103 \"venitul de baz\u0103 activ\" este o dezvoltare optimizat\u0103 a mult discutatului \"venit de baz\u0103 necondi\u021bionat\". Acesta reune\u0219te argumentele oponen\u021bilor \u0219i sus\u021bin\u0103torilor s\u0103i \u0219i ofer\u0103 securitatea mijloacelor de trai, precum \u0219i dezvoltarea poten\u021bialului pentru to\u021bi oamenii.","breadcrumb":{"@id":"https:\/\/gradido.net\/what-is-gradido\/basic-income\/#breadcrumb"},"inLanguage":"ro-RO","potentialAction":[{"@type":"ReadAction","target":["https:\/\/gradido.net\/what-is-gradido\/basic-income\/"]}]},{"@type":"ImageObject","inLanguage":"ro-RO","@id":"https:\/\/gradido.net\/what-is-gradido\/basic-income\/#primaryimage","url":"https:\/\/gradido.net\/wp-content\/uploads\/2020\/09\/grundeinkommen-statt-existenzangst.jpg","contentUrl":"https:\/\/gradido.net\/wp-content\/uploads\/2020\/09\/grundeinkommen-statt-existenzangst.jpg","width":1344,"height":504},{"@type":"BreadcrumbList","@id":"https:\/\/gradido.net\/what-is-gradido\/basic-income\/#breadcrumb","itemListElement":[{"@type":"ListItem","position":1,"name":"Startseite","item":"https:\/\/gradido.net\/"},{"@type":"ListItem","position":2,"name":"Wohlstand","item":"https:\/\/gradido.net\/what-is-gradido\/"},{"@type":"ListItem","position":3,"name":"Grundeinkommen"}]},{"@type":"WebSite","@id":"https:\/\/gradido.net\/de\/#website","url":"https:\/\/gradido.net\/de\/","name":"Gradido","description":"Noua moned\u0103 este recuno\u0219tin\u021ba","publisher":{"@id":"https:\/\/gradido.net\/de\/#organization"},"potentialAction":[{"@type":"SearchAction","target":{"@type":"EntryPoint","urlTemplate":"https:\/\/gradido.net\/de\/?s={search_term_string}"},"query-input":{"@type":"PropertyValueSpecification","valueRequired":true,"valueName":"search_term_string"}}],"inLanguage":"ro-RO"},{"@type":"Organization","@id":"https:\/\/gradido.net\/de\/#organization","name":"Gradido","url":"https:\/\/gradido.net\/de\/","logo":{"@type":"ImageObject","inLanguage":"ro-RO","@id":"https:\/\/gradido.net\/de\/#\/schema\/logo\/image\/","url":"https:\/\/gradido.net\/wp-content\/uploads\/2022\/04\/gradido-social.jpg","contentUrl":"https:\/\/gradido.net\/wp-content\/uploads\/2022\/04\/gradido-social.jpg","width":527,"height":273,"caption":"Gradido"},"image":{"@id":"https:\/\/gradido.net\/de\/#\/schema\/logo\/image\/"}}]}},"_links":{"self":[{"href":"https:\/\/gradido.net\/ro\/wp-json\/wp\/v2\/pages\/128","targetHints":{"allow":["GET"]}}],"collection":[{"href":"https:\/\/gradido.net\/ro\/wp-json\/wp\/v2\/pages"}],"about":[{"href":"https:\/\/gradido.net\/ro\/wp-json\/wp\/v2\/types\/page"}],"author":[{"embeddable":true,"href":"https:\/\/gradido.net\/ro\/wp-json\/wp\/v2\/users\/1"}],"replies":[{"embeddable":true,"href":"https:\/\/gradido.net\/ro\/wp-json\/wp\/v2\/comments?post=128"}],"version-history":[{"count":25,"href":"https:\/\/gradido.net\/ro\/wp-json\/wp\/v2\/pages\/128\/revisions"}],"predecessor-version":[{"id":12615,"href":"https:\/\/gradido.net\/ro\/wp-json\/wp\/v2\/pages\/128\/revisions\/12615"}],"up":[{"embeddable":true,"href":"https:\/\/gradido.net\/ro\/wp-json\/wp\/v2\/pages\/2118"}],"wp:featuredmedia":[{"embeddable":true,"href":"https:\/\/gradido.net\/ro\/wp-json\/wp\/v2\/media\/833"}],"wp:attachment":[{"href":"https:\/\/gradido.net\/ro\/wp-json\/wp\/v2\/media?parent=128"}],"curies":[{"name":"wp","href":"https:\/\/api.w.org\/{rel}","templated":true}]}}